{"id":89,"date":"2011-11-09T14:34:22","date_gmt":"2011-11-09T14:34:22","guid":{"rendered":"http:\/\/cvf.itprojekte.pro\/?page_id=89"},"modified":"2025-06-02T10:55:59","modified_gmt":"2025-06-02T10:55:59","slug":"regenbogen","status":"publish","type":"page","link":"https:\/\/collies-vom-floersbachtal.de\/?page_id=89","title":{"rendered":"Regenbogen"},"content":{"rendered":"<p><em>Viel zu fr\u00fch mu\u00dftet ihr geh\u00b4n. Aber ihr werdet immer in unserer Erinnerung weiterleben.<br \/>Bis wir uns irgendwann wiederseh\u00b4n.<\/em><\/p>\n<p><img loading=\"lazy\" decoding=\"async\" class=\"alignnone size-full wp-image-157\" title=\"Kerze\" src=\"http:\/\/collies-vom-floersbachtal.de\/cms\/wp-content\/uploads\/2011\/11\/kerze.gif\" alt=\"\" width=\"103\" height=\"140\" \/><\/p>\n<p>Kleine Seele ich la\u00df Dich geh\u00b4n, denn ich wei\u00df, wir werden uns wiederseh\u00b4n.<\/p>\n<p>Dein Leben hier auf Erden war viel zu schnell vorbei.<br \/>Ich liebe Dich, deshalb gebe ich Dich frei.<br \/>Dein Leiden hat jetzt ein Ende, ich \u00fcbergebe Dich in m\u00e4chtige H\u00e4nde.<br \/>Kleine Seele es tut weh, doch ich hoffe, da\u00df Du gut \u00fcber den Regenbogen gehst&#8230;<br \/>Kleine Seele ich la\u00df Dich geh\u00b4n,<br \/>denn ich wei\u00df, wir werden uns wiederseh\u00b4n.<\/p>\n<p>Autor unbekannt<\/p>\n<p><strong>&#8222;Lucy&#8220; 11.11.2007 &#8211; 27.05.2009<\/strong><br \/><a href=\"http:\/\/collies-vom-floersbachtal.de\/cms\/wp-content\/uploads\/2011\/11\/lucy1.jpg\"><img loading=\"lazy\" decoding=\"async\" class=\"alignnone size-full wp-image-146\" title=\"Lucy\" src=\"http:\/\/collies-vom-floersbachtal.de\/cms\/wp-content\/uploads\/2011\/11\/lucy1.jpg\" alt=\"\" width=\"600\" height=\"397\" srcset=\"https:\/\/collies-vom-floersbachtal.de\/cms\/wp-content\/uploads\/2011\/11\/lucy1.jpg 600w, https:\/\/collies-vom-floersbachtal.de\/cms\/wp-content\/uploads\/2011\/11\/lucy1-300x198.jpg 300w\" sizes=\"auto, (max-width: 600px) 100vw, 600px\" \/><\/a><br \/><em>Lucy mit 10 Wochen<\/em><\/p>\n<p><a href=\"http:\/\/collies-vom-floersbachtal.de\/cms\/wp-content\/uploads\/2011\/11\/lucy2.jpg\"><img loading=\"lazy\" decoding=\"async\" class=\"alignnone size-full wp-image-146\" title=\"Lucy\" src=\"http:\/\/collies-vom-floersbachtal.de\/cms\/wp-content\/uploads\/2011\/11\/lucy2.jpg\" alt=\"\" width=\"600\" height=\"397\" \/><\/a><br \/><em>Lucy und Benny kuscheln<\/em><\/p>\n<p><a href=\"http:\/\/collies-vom-floersbachtal.de\/cms\/wp-content\/uploads\/2011\/11\/lucy3.jpg\"><img loading=\"lazy\" decoding=\"async\" class=\"alignnone size-full wp-image-146\" title=\"Lucy\" src=\"http:\/\/collies-vom-floersbachtal.de\/cms\/wp-content\/uploads\/2011\/11\/lucy3.jpg\" alt=\"\" width=\"600\" height=\"397\" \/><\/a><br \/><em>Lucy und ihr gro\u00dfer Besch\u00fctzer Nicky<\/em><\/p>\n<p><a href=\"http:\/\/collies-vom-floersbachtal.de\/cms\/wp-content\/uploads\/2011\/11\/lucy4.jpg\"><img loading=\"lazy\" decoding=\"async\" class=\"alignnone size-full wp-image-146\" title=\"Lucy\" src=\"http:\/\/collies-vom-floersbachtal.de\/cms\/wp-content\/uploads\/2011\/11\/lucy4.jpg\" alt=\"\" width=\"600\" height=\"397\" \/><\/a><br \/><em>Lucy kurz vor ihrem Tod &#8211; Mach&#8217;s gut, Du fehlst uns sehr&#8230;<\/em><a href=\"http:\/\/collies-vom-floersbachtal.de\/cms\/wp-content\/uploads\/2011\/11\/Lucys-Grab2.jpg\"><img loading=\"lazy\" decoding=\"async\" class=\"aligncenter size-full wp-image-14005\" title=\"Lucys Grab2\" src=\"http:\/\/collies-vom-floersbachtal.de\/cms\/wp-content\/uploads\/2011\/11\/Lucys-Grab2.jpg\" alt=\"\" width=\"1000\" height=\"1249\" srcset=\"https:\/\/collies-vom-floersbachtal.de\/cms\/wp-content\/uploads\/2011\/11\/Lucys-Grab2.jpg 1000w, https:\/\/collies-vom-floersbachtal.de\/cms\/wp-content\/uploads\/2011\/11\/Lucys-Grab2-240x300.jpg 240w, https:\/\/collies-vom-floersbachtal.de\/cms\/wp-content\/uploads\/2011\/11\/Lucys-Grab2-819x1024.jpg 819w\" sizes=\"auto, (max-width: 1000px) 100vw, 1000px\" \/><\/a> Hier war dein Lieblingsplatz<\/p>\n<p><strong>&#8222;LIZZY&#8220;, 09.01.1999 &#8211; 04.04.2012<\/strong><\/p>\n<p><a href=\"http:\/\/collies-vom-floersbachtal.de\/cms\/wp-content\/uploads\/2011\/11\/Lizzy-im-Schnee.jpg\"><img loading=\"lazy\" decoding=\"async\" class=\"alignleft size-full wp-image-1270\" title=\"Lizzy im Schnee\" src=\"http:\/\/collies-vom-floersbachtal.de\/cms\/wp-content\/uploads\/2011\/11\/Lizzy-im-Schnee.jpg\" alt=\"\" width=\"1000\" height=\"664\" srcset=\"https:\/\/collies-vom-floersbachtal.de\/cms\/wp-content\/uploads\/2011\/11\/Lizzy-im-Schnee.jpg 1000w, https:\/\/collies-vom-floersbachtal.de\/cms\/wp-content\/uploads\/2011\/11\/Lizzy-im-Schnee-300x199.jpg 300w\" sizes=\"auto, (max-width: 1000px) 100vw, 1000px\" \/><\/a><br \/><a href=\"http:\/\/collies-vom-floersbachtal.de\/cms\/wp-content\/uploads\/2011\/11\/Lizzy-1-Sommer-2011.jpg\"><img loading=\"lazy\" decoding=\"async\" class=\"alignleft size-full wp-image-1272\" title=\"Lizzy 1 Sommer 2011\" src=\"http:\/\/collies-vom-floersbachtal.de\/cms\/wp-content\/uploads\/2011\/11\/Lizzy-1-Sommer-2011.jpg\" alt=\"\" width=\"1000\" height=\"514\" srcset=\"https:\/\/collies-vom-floersbachtal.de\/cms\/wp-content\/uploads\/2011\/11\/Lizzy-1-Sommer-2011.jpg 1000w, https:\/\/collies-vom-floersbachtal.de\/cms\/wp-content\/uploads\/2011\/11\/Lizzy-1-Sommer-2011-300x154.jpg 300w\" sizes=\"auto, (max-width: 1000px) 100vw, 1000px\" \/><\/a><br \/>Winter 2011, Sommer 2010<br \/><strong>Hier noch ein paar Erinnerungen an die sch\u00f6nen Jahre mit ihr:<\/strong><br \/><a href=\"http:\/\/collies-vom-floersbachtal.de\/cms\/wp-content\/uploads\/2011\/11\/Lizzy-im-Wintersport-1-2000.jpg\"><img loading=\"lazy\" decoding=\"async\" class=\"alignleft size-full wp-image-1273\" title=\"Lizzy im Wintersport 1 2000\" src=\"http:\/\/collies-vom-floersbachtal.de\/cms\/wp-content\/uploads\/2011\/11\/Lizzy-im-Wintersport-1-2000.jpg\" alt=\"\" width=\"1000\" height=\"1186\" srcset=\"https:\/\/collies-vom-floersbachtal.de\/cms\/wp-content\/uploads\/2011\/11\/Lizzy-im-Wintersport-1-2000.jpg 1000w, https:\/\/collies-vom-floersbachtal.de\/cms\/wp-content\/uploads\/2011\/11\/Lizzy-im-Wintersport-1-2000-252x300.jpg 252w, https:\/\/collies-vom-floersbachtal.de\/cms\/wp-content\/uploads\/2011\/11\/Lizzy-im-Wintersport-1-2000-863x1024.jpg 863w\" sizes=\"auto, (max-width: 1000px) 100vw, 1000px\" \/><\/a><br \/>Wintersport 2000 in Nauders<\/p>\n<p><a href=\"http:\/\/collies-vom-floersbachtal.de\/cms\/wp-content\/uploads\/2011\/11\/Lizzy-und-Benny1.jpg\"><img loading=\"lazy\" decoding=\"async\" class=\"alignleft size-full wp-image-1275\" title=\"Lizzy und Benny\" src=\"http:\/\/collies-vom-floersbachtal.de\/cms\/wp-content\/uploads\/2011\/11\/Lizzy-und-Benny1.jpg\" alt=\"\" width=\"655\" height=\"536\" srcset=\"https:\/\/collies-vom-floersbachtal.de\/cms\/wp-content\/uploads\/2011\/11\/Lizzy-und-Benny1.jpg 655w, https:\/\/collies-vom-floersbachtal.de\/cms\/wp-content\/uploads\/2011\/11\/Lizzy-und-Benny1-300x245.jpg 300w\" sizes=\"auto, (max-width: 655px) 100vw, 655px\" \/><\/a><br \/>Lizzy begutachtet Neuank\u00f6mmling Benny\u00a0 M\u00e4rz 2003<br \/><a href=\"http:\/\/collies-vom-floersbachtal.de\/cms\/wp-content\/uploads\/2011\/11\/Lizzy-am-Main.jpg\"><img loading=\"lazy\" decoding=\"async\" class=\"alignleft size-full wp-image-1276\" title=\"Lizzy am Main\" src=\"http:\/\/collies-vom-floersbachtal.de\/cms\/wp-content\/uploads\/2011\/11\/Lizzy-am-Main.jpg\" alt=\"\" width=\"1000\" height=\"634\" srcset=\"https:\/\/collies-vom-floersbachtal.de\/cms\/wp-content\/uploads\/2011\/11\/Lizzy-am-Main.jpg 1000w, https:\/\/collies-vom-floersbachtal.de\/cms\/wp-content\/uploads\/2011\/11\/Lizzy-am-Main-300x190.jpg 300w\" sizes=\"auto, (max-width: 1000px) 100vw, 1000px\" \/><\/a><br \/>Lizzy bewacht ihre Frisbeescheibe<br \/><a href=\"http:\/\/collies-vom-floersbachtal.de\/cms\/wp-content\/uploads\/2011\/11\/Lizzy-Nicky-Benny-2005.jpg\"><img loading=\"lazy\" decoding=\"async\" class=\"alignleft size-full wp-image-1277\" title=\"Lizzy &amp; Nicky, Benny 2005\" src=\"http:\/\/collies-vom-floersbachtal.de\/cms\/wp-content\/uploads\/2011\/11\/Lizzy-Nicky-Benny-2005.jpg\" alt=\"\" width=\"1000\" height=\"1059\" srcset=\"https:\/\/collies-vom-floersbachtal.de\/cms\/wp-content\/uploads\/2011\/11\/Lizzy-Nicky-Benny-2005.jpg 1000w, https:\/\/collies-vom-floersbachtal.de\/cms\/wp-content\/uploads\/2011\/11\/Lizzy-Nicky-Benny-2005-283x300.jpg 283w, https:\/\/collies-vom-floersbachtal.de\/cms\/wp-content\/uploads\/2011\/11\/Lizzy-Nicky-Benny-2005-966x1024.jpg 966w\" sizes=\"auto, (max-width: 1000px) 100vw, 1000px\" \/><\/a><br \/>Lizzy &amp; Benny mit Neuank\u00f6mmling Nicky Jan. 2004<\/p>\n<p><a href=\"http:\/\/collies-vom-floersbachtal.de\/cms\/wp-content\/uploads\/2011\/11\/Lizzy-1-Sommer-2006.jpg\"><img loading=\"lazy\" decoding=\"async\" class=\"alignleft size-full wp-image-1279\" title=\"Lizzy 1 Sommer 2006\" src=\"http:\/\/collies-vom-floersbachtal.de\/cms\/wp-content\/uploads\/2011\/11\/Lizzy-1-Sommer-2006.jpg\" alt=\"\" width=\"1000\" height=\"664\" srcset=\"https:\/\/collies-vom-floersbachtal.de\/cms\/wp-content\/uploads\/2011\/11\/Lizzy-1-Sommer-2006.jpg 1000w, https:\/\/collies-vom-floersbachtal.de\/cms\/wp-content\/uploads\/2011\/11\/Lizzy-1-Sommer-2006-300x199.jpg 300w\" sizes=\"auto, (max-width: 1000px) 100vw, 1000px\" \/><\/a><br \/>Sommer 2006<br \/><a href=\"http:\/\/collies-vom-floersbachtal.de\/cms\/wp-content\/uploads\/2011\/11\/Lizzy-ihre-2-alten-Freunde-1.jpg\"><img loading=\"lazy\" decoding=\"async\" class=\"alignleft size-full wp-image-1280\" title=\"Lizzy &amp; ihre 2 alten Freunde 1\" src=\"http:\/\/collies-vom-floersbachtal.de\/cms\/wp-content\/uploads\/2011\/11\/Lizzy-ihre-2-alten-Freunde-1.jpg\" alt=\"\" width=\"1000\" height=\"686\" srcset=\"https:\/\/collies-vom-floersbachtal.de\/cms\/wp-content\/uploads\/2011\/11\/Lizzy-ihre-2-alten-Freunde-1.jpg 1000w, https:\/\/collies-vom-floersbachtal.de\/cms\/wp-content\/uploads\/2011\/11\/Lizzy-ihre-2-alten-Freunde-1-300x205.jpg 300w\" sizes=\"auto, (max-width: 1000px) 100vw, 1000px\" \/><\/a><br \/>Lizzy mit Frauchen und ihren 2 alten Freunden Benny &amp; Nicky 2010<br \/><a href=\"http:\/\/collies-vom-floersbachtal.de\/cms\/wp-content\/uploads\/2011\/11\/Lizzy-beim-Schwimmen-1-Sommer-2010.jpg\"><img loading=\"lazy\" decoding=\"async\" class=\"alignleft size-full wp-image-1281\" title=\"Lizzy beim Schwimmen 1 Sommer 2010\" src=\"http:\/\/collies-vom-floersbachtal.de\/cms\/wp-content\/uploads\/2011\/11\/Lizzy-beim-Schwimmen-1-Sommer-2010.jpg\" alt=\"\" width=\"1000\" height=\"515\" srcset=\"https:\/\/collies-vom-floersbachtal.de\/cms\/wp-content\/uploads\/2011\/11\/Lizzy-beim-Schwimmen-1-Sommer-2010.jpg 1000w, https:\/\/collies-vom-floersbachtal.de\/cms\/wp-content\/uploads\/2011\/11\/Lizzy-beim-Schwimmen-1-Sommer-2010-300x154.jpg 300w\" sizes=\"auto, (max-width: 1000px) 100vw, 1000px\" \/><\/a><br \/>Lieblingsbesch\u00e4ftigung apportieren im Wasser<br \/><a href=\"http:\/\/collies-vom-floersbachtal.de\/cms\/wp-content\/uploads\/2011\/11\/Lizzy-ihr-Freund-Benny-11.jpg\"><img loading=\"lazy\" decoding=\"async\" class=\"alignleft size-full wp-image-1282\" title=\"Lizzy &amp; ihr Freund Benny 1\" src=\"http:\/\/collies-vom-floersbachtal.de\/cms\/wp-content\/uploads\/2011\/11\/Lizzy-ihr-Freund-Benny-11.jpg\" alt=\"\" width=\"1000\" height=\"573\" srcset=\"https:\/\/collies-vom-floersbachtal.de\/cms\/wp-content\/uploads\/2011\/11\/Lizzy-ihr-Freund-Benny-11.jpg 1000w, https:\/\/collies-vom-floersbachtal.de\/cms\/wp-content\/uploads\/2011\/11\/Lizzy-ihr-Freund-Benny-11-300x171.jpg 300w\" sizes=\"auto, (max-width: 1000px) 100vw, 1000px\" \/><\/a><br \/>2 Freunde in einem K\u00f6rbchen<\/p>\n<p>Am 04.04.2012 mu\u00dften wir unsere Lizzy \u00fcber die Regenbogenbr\u00fccke gehen lassen.<br \/>Es war ein langer Kampf und wir hatten den Schritt immer wieder vor uns her geschoben,<br \/>aber auch wir mu\u00dften einsehen, dass das hinausschieben nicht in ihrem Interesse gelegen hatte<br \/>und so haben wir sie im Kreise ihrer Freunde und Weggef\u00e4hrten an einem sch\u00f6nen sonnigen Tag in unseren Armen friedlich einschlafen lassen.<\/p>\n<p>Lizzy war uns fast 13 Jahre eine treue Seele und wir haben viel mit ihr erlebt, sie hat unsere j\u00fcngste Tochter fast ihre gesamte Kindheit mit begleitet und alle Welpen die nach ihr kamen mit ausgebildet, sie war ihnen ein gutes Vorbild. Wir alle werden sie sehr vermissen.<\/p>\n<p><strong>&#8222;Black Dreamer vom Fl\u00f6rsbachtal&#8220; 12.07.2012 &#8211; 15.07.2012<\/strong><\/p>\n<p><a href=\"http:\/\/collies-vom-floersbachtal.de\/cms\/wp-content\/uploads\/2011\/11\/9.Welpe-Black-Dreamer1-trico-R\u00fcde-365-g.jpg\"><img loading=\"lazy\" decoding=\"async\" class=\"alignleft size-full wp-image-1974\" title=\"9.Welpe Black Dreamer1 trico R\u00fcde 365 g\" src=\"http:\/\/collies-vom-floersbachtal.de\/cms\/wp-content\/uploads\/2011\/11\/9.Welpe-Black-Dreamer1-trico-R\u00fcde-365-g.jpg\" alt=\"\" width=\"1000\" height=\"659\" srcset=\"https:\/\/collies-vom-floersbachtal.de\/cms\/wp-content\/uploads\/2011\/11\/9.Welpe-Black-Dreamer1-trico-R\u00fcde-365-g.jpg 1000w, https:\/\/collies-vom-floersbachtal.de\/cms\/wp-content\/uploads\/2011\/11\/9.Welpe-Black-Dreamer1-trico-R\u00fcde-365-g-300x197.jpg 300w\" sizes=\"auto, (max-width: 1000px) 100vw, 1000px\" \/><\/a><\/p>\n<p>F\u00fcr Dreamer<\/p>\n<p>Du hast gek\u00e4mpft,<br \/>auf Deine sanfte Art, doch es sollte nicht sein,<br \/>viel zu kurz war Dein Dasein hier auf Erden und<br \/>wie gern h\u00e4tten wir Dich aufwachsen sehn.<br \/>Wir sahen sogar 2 Regenb\u00f6gen, die Dich auf Deiner Heimreise<br \/>sanft begleiteten.<\/p>\n<p>Sch\u00f6n das es Dich gab.<\/p>\n<h2><strong>&#8222;Nicky B\u00e4rentatze&#8220; 21.10.2003<\/strong>\u00a0<strong> &#8211;\u00a0 17.06.2015<\/strong><\/h2>\n<p>Ein ganz Gro\u00dfer hat uns gestern \u00fcberraschend f\u00fcr immer verlassen.<br \/>Unser Nicky &#8211; B\u00e4rentatze hatte 11 Jahre und 8 Monate eine wunderbare Zeit mit seinem Freunden und wir werden ihn schmerzlich vermissen, denn er war auch Fraulis Besch\u00fctzer und Bennys gro\u00dfer Kumpel \ud83d\ude41<a href=\"http:\/\/collies-vom-floersbachtal.de\/cms\/wp-content\/uploads\/2011\/11\/Nicky-mit-65-Wochen1.jpg\"><img loading=\"lazy\" decoding=\"async\" class=\"aligncenter size-medium wp-image-13992\" title=\"Nicky mit 6,5 Wochen1\" src=\"http:\/\/collies-vom-floersbachtal.de\/cms\/wp-content\/uploads\/2011\/11\/Nicky-mit-65-Wochen1-300x275.jpg\" alt=\"\" width=\"300\" height=\"275\" srcset=\"https:\/\/collies-vom-floersbachtal.de\/cms\/wp-content\/uploads\/2011\/11\/Nicky-mit-65-Wochen1-300x275.jpg 300w, https:\/\/collies-vom-floersbachtal.de\/cms\/wp-content\/uploads\/2011\/11\/Nicky-mit-65-Wochen1.jpg 1000w\" sizes=\"auto, (max-width: 300px) 100vw, 300px\" \/><\/a> Hier ist er erst 6,5 Wochen alt und schon mein Schatz, aber noch bei seiner Z\u00fcchterin in Ostfriesland<a href=\"http:\/\/collies-vom-floersbachtal.de\/cms\/wp-content\/uploads\/2011\/11\/Nicky-mit-85-Wochen1.jpg\"><img loading=\"lazy\" decoding=\"async\" class=\"aligncenter size-full wp-image-13993\" title=\"Nicky mit 8,5 Wochen1\" src=\"http:\/\/collies-vom-floersbachtal.de\/cms\/wp-content\/uploads\/2011\/11\/Nicky-mit-85-Wochen1.jpg\" alt=\"\" width=\"1291\" height=\"1167\" srcset=\"https:\/\/collies-vom-floersbachtal.de\/cms\/wp-content\/uploads\/2011\/11\/Nicky-mit-85-Wochen1.jpg 1291w, https:\/\/collies-vom-floersbachtal.de\/cms\/wp-content\/uploads\/2011\/11\/Nicky-mit-85-Wochen1-300x271.jpg 300w, https:\/\/collies-vom-floersbachtal.de\/cms\/wp-content\/uploads\/2011\/11\/Nicky-mit-85-Wochen1-1024x925.jpg 1024w\" sizes=\"auto, (max-width: 1291px) 100vw, 1291px\" \/><\/a> Hier ist er mit 8,5 Wochen bei uns eingezogen, unser waschechter Ostfriese<a href=\"http:\/\/collies-vom-floersbachtal.de\/cms\/wp-content\/uploads\/2011\/11\/Nicky-Benny-Lizzy2-2004.jpg\"><img loading=\"lazy\" decoding=\"async\" class=\"aligncenter size-full wp-image-13994\" title=\"Nicky, Benny Lizzy2 2004\" src=\"http:\/\/collies-vom-floersbachtal.de\/cms\/wp-content\/uploads\/2011\/11\/Nicky-Benny-Lizzy2-2004.jpg\" alt=\"\" width=\"1000\" height=\"632\" srcset=\"https:\/\/collies-vom-floersbachtal.de\/cms\/wp-content\/uploads\/2011\/11\/Nicky-Benny-Lizzy2-2004.jpg 1000w, https:\/\/collies-vom-floersbachtal.de\/cms\/wp-content\/uploads\/2011\/11\/Nicky-Benny-Lizzy2-2004-300x189.jpg 300w\" sizes=\"auto, (max-width: 1000px) 100vw, 1000px\" \/><\/a> Nicky mit seinem beiden Kumpels Lizzy und Benny mit einem Jahr<a href=\"http:\/\/collies-vom-floersbachtal.de\/cms\/wp-content\/uploads\/2011\/11\/Nicky-mit-fast-11-Jahren.jpg\"><img loading=\"lazy\" decoding=\"async\" class=\"aligncenter size-medium wp-image-13995\" title=\"Nicky mit fast 11 Jahren\" src=\"http:\/\/collies-vom-floersbachtal.de\/cms\/wp-content\/uploads\/2011\/11\/Nicky-mit-fast-11-Jahren-215x300.jpg\" alt=\"\" width=\"215\" height=\"300\" srcset=\"https:\/\/collies-vom-floersbachtal.de\/cms\/wp-content\/uploads\/2011\/11\/Nicky-mit-fast-11-Jahren-215x300.jpg 215w, https:\/\/collies-vom-floersbachtal.de\/cms\/wp-content\/uploads\/2011\/11\/Nicky-mit-fast-11-Jahren.jpg 340w\" sizes=\"auto, (max-width: 215px) 100vw, 215px\" \/><\/a> Hier bist du schon fast 11 Jahre alt<a href=\"http:\/\/collies-vom-floersbachtal.de\/cms\/wp-content\/uploads\/2011\/11\/Nicky1-verletzt-im-Juni-15.jpg\"><img loading=\"lazy\" decoding=\"async\" class=\"aligncenter size-medium wp-image-13996\" title=\"Nicky1 verletzt im Juni 15\" src=\"http:\/\/collies-vom-floersbachtal.de\/cms\/wp-content\/uploads\/2011\/11\/Nicky1-verletzt-im-Juni-15-277x300.jpg\" alt=\"\" width=\"277\" height=\"300\" srcset=\"https:\/\/collies-vom-floersbachtal.de\/cms\/wp-content\/uploads\/2011\/11\/Nicky1-verletzt-im-Juni-15-277x300.jpg 277w, https:\/\/collies-vom-floersbachtal.de\/cms\/wp-content\/uploads\/2011\/11\/Nicky1-verletzt-im-Juni-15-948x1024.jpg 948w, https:\/\/collies-vom-floersbachtal.de\/cms\/wp-content\/uploads\/2011\/11\/Nicky1-verletzt-im-Juni-15.jpg 1000w\" sizes=\"auto, (max-width: 277px) 100vw, 277px\" \/><\/a> Dieses ist dein letztes Foto ein letzter Spaziergang mit deiner Familie am Dienstag den 16.06.15.<\/p>\n<p>Dann am Mittwoch,\u00a0 sind wir beide voller Hoffnung noch nach Gie\u00dfen gefahren, dass alles wieder gut wird&#8230; \ud83d\ude41 F\u00fcr uns kaum vorstellbar, dass es nicht so sein k\u00f6nnte, aber leider waren deine inneren Verletzungen so gravierend, dass ich dich schweren Herzens erl\u00f6sen lassen mu\u00dfte. Du warst mir ein sehr lieber Weggef\u00e4hrte, hast mich besch\u00fctzt und oft zum Lachen gebracht, wir werden dich sehr vermissen.\u00a0 \ud83d\ude41\u00a0 \ud83d\ude41\u00a0 \ud83d\ude41<\/p>\n<p>Nun kann er f\u00fcr immer bei seiner gro\u00dfen Liebe Lucy sein, die ihn vor 6 Jahren verlassen hatte und er sich nie richtig davon erholen konnte.<a href=\"http:\/\/collies-vom-floersbachtal.de\/cms\/wp-content\/uploads\/2011\/11\/lucy3.jpg\"><img loading=\"lazy\" decoding=\"async\" class=\"alignnone size-full wp-image-146\" title=\"Lucy\" src=\"http:\/\/collies-vom-floersbachtal.de\/cms\/wp-content\/uploads\/2011\/11\/lucy3.jpg\" alt=\"\" width=\"600\" height=\"397\" \/><\/a><br \/><em>Nicky und seine gro\u00dfe Liebe Lucy<a href=\"http:\/\/collies-vom-floersbachtal.de\/cms\/wp-content\/uploads\/2011\/11\/Nicky-1-Lucy-2005.jpg\"><img loading=\"lazy\" decoding=\"async\" class=\"aligncenter size-medium wp-image-13997\" title=\"Nicky 1&amp; Lucy 2005\" src=\"http:\/\/collies-vom-floersbachtal.de\/cms\/wp-content\/uploads\/2011\/11\/Nicky-1-Lucy-2005-300x198.jpg\" alt=\"\" width=\"300\" height=\"198\" srcset=\"https:\/\/collies-vom-floersbachtal.de\/cms\/wp-content\/uploads\/2011\/11\/Nicky-1-Lucy-2005-300x198.jpg 300w, https:\/\/collies-vom-floersbachtal.de\/cms\/wp-content\/uploads\/2011\/11\/Nicky-1-Lucy-2005.jpg 1000w\" sizes=\"auto, (max-width: 300px) 100vw, 300px\" \/><\/a> <\/em>Die F\u00fcrsorge in Person warst du, immer darauf bedacht, dass es allen gut geht.<\/p>\n<p><strong>F\u00fcr dich mein Schatz \ud83d\ude1b<\/strong><br \/>Es weht der Wind ein Blatt vom Baum,<br \/>von vielen Bl\u00e4ttern eines.<br \/>Dies eine Blatt, man merkt es kaum,<br \/>denn eines ist ja keines.<br \/>Doch dieses eine Blatt allein<br \/>war Teil von meinem Leben,<br \/>und darum wird dies eine Blatt<br \/>mir immer wieder fehlen<\/p>\n<p><a href=\"http:\/\/collies-vom-floersbachtal.de\/cms\/wp-content\/uploads\/2011\/11\/Nickys-Grab3.jpg\"><img loading=\"lazy\" decoding=\"async\" class=\"alignleft size-medium wp-image-14002\" title=\"Nickys Grab3\" src=\"http:\/\/collies-vom-floersbachtal.de\/cms\/wp-content\/uploads\/2011\/11\/Nickys-Grab3-300x200.jpg\" alt=\"\" width=\"300\" height=\"200\" srcset=\"https:\/\/collies-vom-floersbachtal.de\/cms\/wp-content\/uploads\/2011\/11\/Nickys-Grab3-300x200.jpg 300w, https:\/\/collies-vom-floersbachtal.de\/cms\/wp-content\/uploads\/2011\/11\/Nickys-Grab3.jpg 1000w\" sizes=\"auto, (max-width: 300px) 100vw, 300px\" \/><\/a><a href=\"http:\/\/collies-vom-floersbachtal.de\/cms\/wp-content\/uploads\/2011\/11\/Nickys-Grab1.jpg\"><img loading=\"lazy\" decoding=\"async\" class=\"aligncenter size-full wp-image-14004\" title=\"Nickys Grab1\" src=\"http:\/\/collies-vom-floersbachtal.de\/cms\/wp-content\/uploads\/2011\/11\/Nickys-Grab1.jpg\" alt=\"\" width=\"1000\" height=\"1382\" srcset=\"https:\/\/collies-vom-floersbachtal.de\/cms\/wp-content\/uploads\/2011\/11\/Nickys-Grab1.jpg 1000w, https:\/\/collies-vom-floersbachtal.de\/cms\/wp-content\/uploads\/2011\/11\/Nickys-Grab1-217x300.jpg 217w, https:\/\/collies-vom-floersbachtal.de\/cms\/wp-content\/uploads\/2011\/11\/Nickys-Grab1-740x1024.jpg 740w\" sizes=\"auto, (max-width: 1000px) 100vw, 1000px\" \/><\/a>Dein Lieblingsplatz, da wo auch deine Freundin liegt.<\/p>\n<h2><strong>&#8222;Benny&#8220; 03.12.2002\u00a0 &#8211;\u00a0 25.05.2017<\/strong><\/h2>\n<p><a href=\"http:\/\/collies-vom-floersbachtal.de\/cms\/wp-content\/uploads\/2011\/11\/Trauer.jpg\"><img loading=\"lazy\" decoding=\"async\" class=\"aligncenter size-full wp-image-19374\" title=\"Trauer\" src=\"http:\/\/collies-vom-floersbachtal.de\/cms\/wp-content\/uploads\/2011\/11\/Trauer.jpg\" alt=\"\" width=\"500\" height=\"571\" srcset=\"https:\/\/collies-vom-floersbachtal.de\/cms\/wp-content\/uploads\/2011\/11\/Trauer.jpg 500w, https:\/\/collies-vom-floersbachtal.de\/cms\/wp-content\/uploads\/2011\/11\/Trauer-262x300.jpg 262w\" sizes=\"auto, (max-width: 500px) 100vw, 500px\" \/><\/a>Wir sind zutiefst traurig.\u00a0 Unser letzter Mohikaner Benny ist von uns gegangen \ud83d\ude41<\/p>\n<p>Er hat lange gek\u00e4mpft und sich immer wieder berappelt, aber am Vatertag wollte\/konnte er auch nicht mehr und wir mu\u00dfte einsehen, dass er gehen will.\u00a0 Jetzt endlich hat er keine Schmerzen mehr.<\/p>\n<p>Er hatte ein sch\u00f6nes Leben, war der Hund unserer j\u00fcngsten Tochter, unser Doktore f\u00fcr alle Vierbeiner, ein Gentleman und Charmeur, der beste Reitbegleithund, wie auch Ausbilder f\u00fcr alle die nach ihm kamen. Und ein Schmuser vor dem Herrn, zwar auch ein kleiner Lausbub, aber man konnte ihm nicht b\u00f6s sein.<\/p>\n<p>Man mu\u00dfte ihn einfach lieben. Nun sind alle 3 Mixe wieder miteinander vereint und wir hoffen wir sehen uns alle einmal wieder. <a href=\"http:\/\/collies-vom-floersbachtal.de\/cms\/wp-content\/uploads\/2011\/11\/Alle-3-Musketiere1.jpg\"><img loading=\"lazy\" decoding=\"async\" class=\"aligncenter size-full wp-image-19375\" title=\"Alle 3 Musketiere1\" src=\"http:\/\/collies-vom-floersbachtal.de\/cms\/wp-content\/uploads\/2011\/11\/Alle-3-Musketiere1.jpg\" alt=\"\" width=\"1000\" height=\"882\" srcset=\"https:\/\/collies-vom-floersbachtal.de\/cms\/wp-content\/uploads\/2011\/11\/Alle-3-Musketiere1.jpg 1000w, https:\/\/collies-vom-floersbachtal.de\/cms\/wp-content\/uploads\/2011\/11\/Alle-3-Musketiere1-300x264.jpg 300w\" sizes=\"auto, (max-width: 1000px) 100vw, 1000px\" \/><\/a>Alle haben Abschied nehmen d\u00fcrfen, nur klein Lia hat es nicht verstanden, warum ihr v\u00e4terlicher Freund nicht mehr aufstehen wollte, sie hatte ihn abg\u00f6ttisch geliebt.\u00a0 Die 2 anderen Damen lagen mir zu F\u00fc\u00dfen und wollten mir nahe sein, deshalb sind sie nicht mit auf dem Foto.<a href=\"http:\/\/collies-vom-floersbachtal.de\/cms\/wp-content\/uploads\/2011\/11\/Vatertag1-Benny-gestorben-2017.jpg\"><img loading=\"lazy\" decoding=\"async\" class=\"aligncenter size-full wp-image-19376\" title=\"Vatertag1 Benny gestorben 2017\" src=\"http:\/\/collies-vom-floersbachtal.de\/cms\/wp-content\/uploads\/2011\/11\/Vatertag1-Benny-gestorben-2017.jpg\" alt=\"\" width=\"1000\" height=\"832\" srcset=\"https:\/\/collies-vom-floersbachtal.de\/cms\/wp-content\/uploads\/2011\/11\/Vatertag1-Benny-gestorben-2017.jpg 1000w, https:\/\/collies-vom-floersbachtal.de\/cms\/wp-content\/uploads\/2011\/11\/Vatertag1-Benny-gestorben-2017-300x249.jpg 300w\" sizes=\"auto, (max-width: 1000px) 100vw, 1000px\" \/><\/a>Auch von Benny m\u00f6chte ich ein paar Aufnahmen aus seinem erf\u00fcllten Leben reinstellen.<\/p>\n<p><a href=\"http:\/\/collies-vom-floersbachtal.de\/cms\/wp-content\/uploads\/2011\/11\/Bennys-Heimfahrt1.jpg\"><img loading=\"lazy\" decoding=\"async\" class=\"aligncenter size-full wp-image-19378\" title=\"Bennys Heimfahrt1\" src=\"http:\/\/collies-vom-floersbachtal.de\/cms\/wp-content\/uploads\/2011\/11\/Bennys-Heimfahrt1.jpg\" alt=\"\" width=\"1000\" height=\"936\" srcset=\"https:\/\/collies-vom-floersbachtal.de\/cms\/wp-content\/uploads\/2011\/11\/Bennys-Heimfahrt1.jpg 1000w, https:\/\/collies-vom-floersbachtal.de\/cms\/wp-content\/uploads\/2011\/11\/Bennys-Heimfahrt1-300x280.jpg 300w\" sizes=\"auto, (max-width: 1000px) 100vw, 1000px\" \/><\/a>Bennys Heimfahrt mit seinem kleinen Frauchen, bussi.<\/p>\n<p><a href=\"http:\/\/collies-vom-floersbachtal.de\/cms\/wp-content\/uploads\/2011\/11\/Benny-8-W.-alt23.jpg\"><img loading=\"lazy\" decoding=\"async\" class=\"aligncenter size-medium wp-image-19379\" title=\"Benny 8 W. alt2\" src=\"http:\/\/collies-vom-floersbachtal.de\/cms\/wp-content\/uploads\/2011\/11\/Benny-8-W.-alt23-292x300.jpg\" alt=\"\" width=\"292\" height=\"300\" srcset=\"https:\/\/collies-vom-floersbachtal.de\/cms\/wp-content\/uploads\/2011\/11\/Benny-8-W.-alt23-292x300.jpg 292w, https:\/\/collies-vom-floersbachtal.de\/cms\/wp-content\/uploads\/2011\/11\/Benny-8-W.-alt23.jpg 1000w\" sizes=\"auto, (max-width: 292px) 100vw, 292px\" \/><\/a>8 Wochen alt unser kleiner Schatz \ud83d\ude1b<a href=\"http:\/\/collies-vom-floersbachtal.de\/cms\/wp-content\/uploads\/2011\/11\/Benny-3-Jahre21.jpg\"><img loading=\"lazy\" decoding=\"async\" class=\"aligncenter size-medium wp-image-19380\" title=\"Benny 3 Jahre2\" src=\"http:\/\/collies-vom-floersbachtal.de\/cms\/wp-content\/uploads\/2011\/11\/Benny-3-Jahre21-300x199.jpg\" alt=\"\" width=\"300\" height=\"199\" srcset=\"https:\/\/collies-vom-floersbachtal.de\/cms\/wp-content\/uploads\/2011\/11\/Benny-3-Jahre21-300x199.jpg 300w, https:\/\/collies-vom-floersbachtal.de\/cms\/wp-content\/uploads\/2011\/11\/Benny-3-Jahre21.jpg 1000w\" sizes=\"auto, (max-width: 300px) 100vw, 300px\" \/><\/a>2 Jahre alt<a href=\"http:\/\/collies-vom-floersbachtal.de\/cms\/wp-content\/uploads\/2011\/11\/Benny-Nicky-Lizzy-1-20052.jpg\"><img loading=\"lazy\" decoding=\"async\" class=\"aligncenter size-medium wp-image-19381\" title=\"Benny, Nicky &amp; Lizzy 1  2005\" src=\"http:\/\/collies-vom-floersbachtal.de\/cms\/wp-content\/uploads\/2011\/11\/Benny-Nicky-Lizzy-1-20052-300x199.jpg\" alt=\"\" width=\"300\" height=\"199\" srcset=\"https:\/\/collies-vom-floersbachtal.de\/cms\/wp-content\/uploads\/2011\/11\/Benny-Nicky-Lizzy-1-20052-300x199.jpg 300w, https:\/\/collies-vom-floersbachtal.de\/cms\/wp-content\/uploads\/2011\/11\/Benny-Nicky-Lizzy-1-20052.jpg 1000w\" sizes=\"auto, (max-width: 300px) 100vw, 300px\" \/><\/a>Seine Freunde und er, alle erwachsen \ud83d\ude00<a href=\"http:\/\/collies-vom-floersbachtal.de\/cms\/wp-content\/uploads\/2011\/11\/Benny1-agility2.jpg\"><img loading=\"lazy\" decoding=\"async\" class=\"aligncenter size-medium wp-image-19382\" title=\"Benny1 agility2\" src=\"http:\/\/collies-vom-floersbachtal.de\/cms\/wp-content\/uploads\/2011\/11\/Benny1-agility2-300x263.jpg\" alt=\"\" width=\"300\" height=\"263\" srcset=\"https:\/\/collies-vom-floersbachtal.de\/cms\/wp-content\/uploads\/2011\/11\/Benny1-agility2-300x263.jpg 300w, https:\/\/collies-vom-floersbachtal.de\/cms\/wp-content\/uploads\/2011\/11\/Benny1-agility2.jpg 1000w\" sizes=\"auto, (max-width: 300px) 100vw, 300px\" \/><\/a>Benny sehr sportlich unterwegs mit 7 Jahren<a href=\"http:\/\/collies-vom-floersbachtal.de\/cms\/wp-content\/uploads\/2011\/11\/Benny1-Joelle-2011.jpg\"><img loading=\"lazy\" decoding=\"async\" class=\"aligncenter size-medium wp-image-19383\" title=\"Benny1 &amp; Joelle 2011\" src=\"http:\/\/collies-vom-floersbachtal.de\/cms\/wp-content\/uploads\/2011\/11\/Benny1-Joelle-2011-300x234.jpg\" alt=\"\" width=\"300\" height=\"234\" srcset=\"https:\/\/collies-vom-floersbachtal.de\/cms\/wp-content\/uploads\/2011\/11\/Benny1-Joelle-2011-300x234.jpg 300w, https:\/\/collies-vom-floersbachtal.de\/cms\/wp-content\/uploads\/2011\/11\/Benny1-Joelle-2011.jpg 1000w\" sizes=\"auto, (max-width: 300px) 100vw, 300px\" \/><\/a><a href=\"http:\/\/collies-vom-floersbachtal.de\/cms\/wp-content\/uploads\/2011\/11\/Benny-10-Jahre-Babysitter11.jpg\"><img loading=\"lazy\" decoding=\"async\" class=\"aligncenter size-medium wp-image-19384\" title=\"Benny 10 Jahre Babysitter1\" src=\"http:\/\/collies-vom-floersbachtal.de\/cms\/wp-content\/uploads\/2011\/11\/Benny-10-Jahre-Babysitter11-300x223.jpg\" alt=\"\" width=\"300\" height=\"223\" srcset=\"https:\/\/collies-vom-floersbachtal.de\/cms\/wp-content\/uploads\/2011\/11\/Benny-10-Jahre-Babysitter11-300x223.jpg 300w, https:\/\/collies-vom-floersbachtal.de\/cms\/wp-content\/uploads\/2011\/11\/Benny-10-Jahre-Babysitter11.jpg 1000w\" sizes=\"auto, (max-width: 300px) 100vw, 300px\" \/><\/a>Benny mit 10 Jahren, er kam mit jedem zurecht, ob Zweibeiner oder Vierbeiner, Hauptsache kuscheln und tr\u00f6sten.<a href=\"http:\/\/collies-vom-floersbachtal.de\/cms\/wp-content\/uploads\/2011\/11\/Benny-115-Jahre-alt11.jpg\"><img loading=\"lazy\" decoding=\"async\" class=\"aligncenter size-medium wp-image-19385\" title=\"Benny 11,5 Jahre alt1\" src=\"http:\/\/collies-vom-floersbachtal.de\/cms\/wp-content\/uploads\/2011\/11\/Benny-115-Jahre-alt11-300x289.jpg\" alt=\"\" width=\"300\" height=\"289\" srcset=\"https:\/\/collies-vom-floersbachtal.de\/cms\/wp-content\/uploads\/2011\/11\/Benny-115-Jahre-alt11-300x289.jpg 300w, https:\/\/collies-vom-floersbachtal.de\/cms\/wp-content\/uploads\/2011\/11\/Benny-115-Jahre-alt11.jpg 1000w\" sizes=\"auto, (max-width: 300px) 100vw, 300px\" \/><\/a>11,5 Jahre<a href=\"http:\/\/collies-vom-floersbachtal.de\/cms\/wp-content\/uploads\/2011\/11\/Benny1-frisch-geschoren-Sep.16.jpg\"><img loading=\"lazy\" decoding=\"async\" class=\"aligncenter size-full wp-image-19386\" title=\"Benny1 frisch geschoren Sep.16\" src=\"http:\/\/collies-vom-floersbachtal.de\/cms\/wp-content\/uploads\/2011\/11\/Benny1-frisch-geschoren-Sep.16.jpg\" alt=\"\" width=\"1000\" height=\"667\" srcset=\"https:\/\/collies-vom-floersbachtal.de\/cms\/wp-content\/uploads\/2011\/11\/Benny1-frisch-geschoren-Sep.16.jpg 1000w, https:\/\/collies-vom-floersbachtal.de\/cms\/wp-content\/uploads\/2011\/11\/Benny1-frisch-geschoren-Sep.16-300x200.jpg 300w\" sizes=\"auto, (max-width: 1000px) 100vw, 1000px\" \/><\/a>Benny frisch geschoren mit 12,5\u00a0 Jahren \ud83d\ude00<a href=\"http:\/\/collies-vom-floersbachtal.de\/cms\/wp-content\/uploads\/2011\/11\/Benny3-Mai171.jpg\"><img loading=\"lazy\" decoding=\"async\" class=\"aligncenter size-medium wp-image-19387\" title=\"Benny3 Mai17\" src=\"http:\/\/collies-vom-floersbachtal.de\/cms\/wp-content\/uploads\/2011\/11\/Benny3-Mai171-300x225.jpg\" alt=\"\" width=\"300\" height=\"225\" srcset=\"https:\/\/collies-vom-floersbachtal.de\/cms\/wp-content\/uploads\/2011\/11\/Benny3-Mai171-300x225.jpg 300w, https:\/\/collies-vom-floersbachtal.de\/cms\/wp-content\/uploads\/2011\/11\/Benny3-Mai171.jpg 1000w\" sizes=\"auto, (max-width: 300px) 100vw, 300px\" \/><\/a>Und hier ist er sichtlich geschw\u00e4cht mit 13,5 Jahre alt.<\/p>\n<p>Unser B\u00e4rchen lebe wohl \ud83d\ude41 Ihr kennt alle unseren Pfiff, der Tag wird kommen und wir werden uns finden, versprochen)<\/p>\n<p>Vielleicht bedeutet Liebe auch lernen, jemanden gehen zu lassen,<br \/>wissen, wann es Abschied nehmen hei\u00dft.<br \/>Nicht zulassen, dass unsere Gef\u00fchle dem im Weg stehen,<br \/>was am Ende wahrscheinlich besser ist f\u00fcr die, die wir lieben.<\/p>\n<p>(Sergio Bambaren, &#8222;Der tr\u00e4umende Delphin&#8220;)<\/p>\n<p><strong>Heute habe ich eine ganz traurige Nachricht erhalten, unser ehemaliger blauer Prinz Feivel hat uns letzten Dezember nach kurzer schwerer Krankheit verlassen. Sein Frauli ist sehr traurig, da sie ihn noch vor Weihnachten erl\u00f6sen lassen mu\u00dfte.\u00a0 \ud83d\ude41<br \/><\/strong><\/p>\n<h1><strong>&#8220; Feivel&#8220;\u00a0 26.03.2010\u00a0 &#8211; 16.12.2017\u00a0 \ud83d\ude41 <\/strong><\/h1>\n<h1><strong>Machs gut kleiner Freund, warst ein ganz lieber Schatz<br \/><\/strong><\/h1>\n<p><strong><br \/><a href=\"http:\/\/collies-vom-floersbachtal.de\/cms\/wp-content\/uploads\/2011\/11\/Feivel1.jpg\"><img loading=\"lazy\" decoding=\"async\" class=\"aligncenter size-full wp-image-20391\" title=\"Feivel1\" src=\"http:\/\/collies-vom-floersbachtal.de\/cms\/wp-content\/uploads\/2011\/11\/Feivel1.jpg\" alt=\"\" width=\"1000\" height=\"1321\" srcset=\"https:\/\/collies-vom-floersbachtal.de\/cms\/wp-content\/uploads\/2011\/11\/Feivel1.jpg 1000w, https:\/\/collies-vom-floersbachtal.de\/cms\/wp-content\/uploads\/2011\/11\/Feivel1-227x300.jpg 227w, https:\/\/collies-vom-floersbachtal.de\/cms\/wp-content\/uploads\/2011\/11\/Feivel1-775x1024.jpg 775w\" sizes=\"auto, (max-width: 1000px) 100vw, 1000px\" \/> <\/a> <\/strong><\/p>\n\n\n<h1 class=\"wp-block-heading\"><strong>Die Mama unseres A-Wurfes TBF Derryl, genannt Sally,<\/strong> <\/h1>\n\n\n\n<h1 class=\"wp-block-heading\">                  <strong>02.04.2009<\/strong> &#8211; <strong>21.05.2022<\/strong> <\/h1>\n\n\n\n<p>hat uns leider f\u00fcr immer verlassen. wir denken an ihre Besitzer und w\u00fcnschen ihnen viel Kraft f\u00fcr die n\u00e4chste Zeit. \ud83d\ude41 Machs gut S\u00fc\u00dfe, hast dich ja geistig noch von mir verabschiedet, wof\u00fcr ich dir sehr dankbar bin.  R.I.P. Sallymaus<\/p>\n\n\n\n<figure class=\"wp-block-image size-large\"><a href=\"https:\/\/collies-vom-floersbachtal.de\/cms\/wp-content\/uploads\/2022\/05\/Sally_Stofftier-scaled.jpg\"><img loading=\"lazy\" decoding=\"async\" width=\"1024\" height=\"683\" src=\"https:\/\/collies-vom-floersbachtal.de\/cms\/wp-content\/uploads\/2022\/05\/Sally_Stofftier-1024x683.jpg\" alt=\"\" class=\"wp-image-35313\" srcset=\"https:\/\/collies-vom-floersbachtal.de\/cms\/wp-content\/uploads\/2022\/05\/Sally_Stofftier-1024x683.jpg 1024w, https:\/\/collies-vom-floersbachtal.de\/cms\/wp-content\/uploads\/2022\/05\/Sally_Stofftier-300x200.jpg 300w, https:\/\/collies-vom-floersbachtal.de\/cms\/wp-content\/uploads\/2022\/05\/Sally_Stofftier-768x512.jpg 768w, https:\/\/collies-vom-floersbachtal.de\/cms\/wp-content\/uploads\/2022\/05\/Sally_Stofftier-1536x1024.jpg 1536w, https:\/\/collies-vom-floersbachtal.de\/cms\/wp-content\/uploads\/2022\/05\/Sally_Stofftier-2048x1365.jpg 2048w\" sizes=\"auto, (max-width: 1024px) 100vw, 1024px\" \/><\/a><figcaption class=\"wp-element-caption\">Sally in jungen Jahren<\/figcaption><\/figure>\n\n\n\n<figure class=\"wp-block-image size-full\"><a href=\"https:\/\/collies-vom-floersbachtal.de\/cms\/wp-content\/uploads\/2023\/05\/IMG-20230507-WA0010.jpg\"><img loading=\"lazy\" decoding=\"async\" width=\"829\" height=\"1024\" src=\"https:\/\/collies-vom-floersbachtal.de\/cms\/wp-content\/uploads\/2023\/05\/IMG-20230507-WA0010.jpg\" alt=\"\" class=\"wp-image-39626\" srcset=\"https:\/\/collies-vom-floersbachtal.de\/cms\/wp-content\/uploads\/2023\/05\/IMG-20230507-WA0010.jpg 829w, https:\/\/collies-vom-floersbachtal.de\/cms\/wp-content\/uploads\/2023\/05\/IMG-20230507-WA0010-243x300.jpg 243w, https:\/\/collies-vom-floersbachtal.de\/cms\/wp-content\/uploads\/2023\/05\/IMG-20230507-WA0010-768x949.jpg 768w\" sizes=\"auto, (max-width: 829px) 100vw, 829px\" \/><\/a><\/figure>\n\n\n\n<figure class=\"wp-block-image size-full\"><a href=\"https:\/\/collies-vom-floersbachtal.de\/cms\/wp-content\/uploads\/2023\/05\/IMG-20230507-WA0012.jpg\"><img loading=\"lazy\" decoding=\"async\" width=\"559\" height=\"1024\" src=\"https:\/\/collies-vom-floersbachtal.de\/cms\/wp-content\/uploads\/2023\/05\/IMG-20230507-WA0012.jpg\" alt=\"\" class=\"wp-image-39627\" srcset=\"https:\/\/collies-vom-floersbachtal.de\/cms\/wp-content\/uploads\/2023\/05\/IMG-20230507-WA0012.jpg 559w, https:\/\/collies-vom-floersbachtal.de\/cms\/wp-content\/uploads\/2023\/05\/IMG-20230507-WA0012-164x300.jpg 164w\" sizes=\"auto, (max-width: 559px) 100vw, 559px\" \/><\/a><\/figure>\n\n\n\n<figure class=\"wp-block-image size-full\"><a href=\"https:\/\/collies-vom-floersbachtal.de\/cms\/wp-content\/uploads\/2023\/05\/IMG-20230507-WA0011.jpg\"><img loading=\"lazy\" decoding=\"async\" width=\"823\" height=\"1024\" src=\"https:\/\/collies-vom-floersbachtal.de\/cms\/wp-content\/uploads\/2023\/05\/IMG-20230507-WA0011.jpg\" alt=\"\" class=\"wp-image-39628\" srcset=\"https:\/\/collies-vom-floersbachtal.de\/cms\/wp-content\/uploads\/2023\/05\/IMG-20230507-WA0011.jpg 823w, https:\/\/collies-vom-floersbachtal.de\/cms\/wp-content\/uploads\/2023\/05\/IMG-20230507-WA0011-241x300.jpg 241w, https:\/\/collies-vom-floersbachtal.de\/cms\/wp-content\/uploads\/2023\/05\/IMG-20230507-WA0011-768x956.jpg 768w\" sizes=\"auto, (max-width: 823px) 100vw, 823px\" \/><\/a><\/figure>\n\n\n\n<h1 class=\"wp-block-heading\"><strong>Alice from the Green Valley, meine GINGERMAUS  <\/strong><\/h1>\n\n\n\n<h1 class=\"wp-block-heading\">                    <strong>22.10.2010  &#8211;  02.05.2023 <\/strong><\/h1>\n\n\n\n<figure class=\"wp-block-image size-large\"><a href=\"https:\/\/collies-vom-floersbachtal.de\/cms\/wp-content\/uploads\/2023\/05\/Ginger-nochmal-schoen-kuscheln-vor-dem-Einschlafen3-1.jpg\"><img loading=\"lazy\" decoding=\"async\" width=\"768\" height=\"1024\" src=\"https:\/\/collies-vom-floersbachtal.de\/cms\/wp-content\/uploads\/2023\/05\/Ginger-nochmal-schoen-kuscheln-vor-dem-Einschlafen3-1-768x1024.jpg\" alt=\"\" class=\"wp-image-39572\" srcset=\"https:\/\/collies-vom-floersbachtal.de\/cms\/wp-content\/uploads\/2023\/05\/Ginger-nochmal-schoen-kuscheln-vor-dem-Einschlafen3-1-768x1024.jpg 768w, https:\/\/collies-vom-floersbachtal.de\/cms\/wp-content\/uploads\/2023\/05\/Ginger-nochmal-schoen-kuscheln-vor-dem-Einschlafen3-1-225x300.jpg 225w, https:\/\/collies-vom-floersbachtal.de\/cms\/wp-content\/uploads\/2023\/05\/Ginger-nochmal-schoen-kuscheln-vor-dem-Einschlafen3-1.jpg 1000w\" sizes=\"auto, (max-width: 768px) 100vw, 768px\" \/><\/a><figcaption class=\"wp-element-caption\"><strong>Hier haben wir nochmal Augenkontakt und sie gibt mir ihr OK. Denn die Schmerzen waren einfach m\u00f6rderisch und kein Hund mu\u00df so leiden m\u00fcssen&#8230; <\/strong><\/figcaption><\/figure>\n\n\n\n<p><strong>Es war sehr schwer die Fassung zu bewahren damit sie meinen Kummer nicht merkt, aber daf\u00fcr konnte sie ganz ruhig einschlafen \ud83d\ude41<\/strong><\/p>\n\n\n\n<figure class=\"wp-block-image size-full\"><a href=\"https:\/\/collies-vom-floersbachtal.de\/cms\/wp-content\/uploads\/2023\/05\/Ginger-friedlich-eingeschlafen1.-02.05.23-1.jpg\"><img loading=\"lazy\" decoding=\"async\" width=\"1000\" height=\"625\" src=\"https:\/\/collies-vom-floersbachtal.de\/cms\/wp-content\/uploads\/2023\/05\/Ginger-friedlich-eingeschlafen1.-02.05.23-1.jpg\" alt=\"\" class=\"wp-image-39573\" srcset=\"https:\/\/collies-vom-floersbachtal.de\/cms\/wp-content\/uploads\/2023\/05\/Ginger-friedlich-eingeschlafen1.-02.05.23-1.jpg 1000w, https:\/\/collies-vom-floersbachtal.de\/cms\/wp-content\/uploads\/2023\/05\/Ginger-friedlich-eingeschlafen1.-02.05.23-1-300x188.jpg 300w, https:\/\/collies-vom-floersbachtal.de\/cms\/wp-content\/uploads\/2023\/05\/Ginger-friedlich-eingeschlafen1.-02.05.23-1-768x480.jpg 768w\" sizes=\"auto, (max-width: 1000px) 100vw, 1000px\" \/><\/a><figcaption class=\"wp-element-caption\"><strong>Hier ist sie ganz friedlich eingeschlafen<\/strong><\/figcaption><\/figure>\n\n\n\n<h2 class=\"wp-block-heading\"><strong>R.I.P. meine Maus, wir sehen uns alle wieder, versprochen!!!<\/strong><\/h2>\n\n\n\n<figure class=\"wp-block-image size-large\"><a href=\"https:\/\/collies-vom-floersbachtal.de\/cms\/wp-content\/uploads\/2023\/05\/Gingers-Grab4-2.Mai23.jpg\"><img loading=\"lazy\" decoding=\"async\" width=\"723\" height=\"1024\" src=\"https:\/\/collies-vom-floersbachtal.de\/cms\/wp-content\/uploads\/2023\/05\/Gingers-Grab4-2.Mai23-723x1024.jpg\" alt=\"\" class=\"wp-image-39574\" srcset=\"https:\/\/collies-vom-floersbachtal.de\/cms\/wp-content\/uploads\/2023\/05\/Gingers-Grab4-2.Mai23-723x1024.jpg 723w, https:\/\/collies-vom-floersbachtal.de\/cms\/wp-content\/uploads\/2023\/05\/Gingers-Grab4-2.Mai23-212x300.jpg 212w, https:\/\/collies-vom-floersbachtal.de\/cms\/wp-content\/uploads\/2023\/05\/Gingers-Grab4-2.Mai23-768x1087.jpg 768w, https:\/\/collies-vom-floersbachtal.de\/cms\/wp-content\/uploads\/2023\/05\/Gingers-Grab4-2.Mai23.jpg 1000w\" sizes=\"auto, (max-width: 723px) 100vw, 723px\" \/><\/a><figcaption class=\"wp-element-caption\"><strong>Hier ruht nun meine Maus, immer in unserer N\u00e4he <\/strong><\/figcaption><\/figure>\n\n\n\n<figure class=\"wp-block-image size-full\"><a href=\"https:\/\/collies-vom-floersbachtal.de\/cms\/wp-content\/uploads\/2023\/05\/Gingers-Grab1-2.Mai23.jpg\"><img loading=\"lazy\" decoding=\"async\" width=\"1000\" height=\"518\" src=\"https:\/\/collies-vom-floersbachtal.de\/cms\/wp-content\/uploads\/2023\/05\/Gingers-Grab1-2.Mai23.jpg\" alt=\"\" class=\"wp-image-39575\" srcset=\"https:\/\/collies-vom-floersbachtal.de\/cms\/wp-content\/uploads\/2023\/05\/Gingers-Grab1-2.Mai23.jpg 1000w, https:\/\/collies-vom-floersbachtal.de\/cms\/wp-content\/uploads\/2023\/05\/Gingers-Grab1-2.Mai23-300x155.jpg 300w, https:\/\/collies-vom-floersbachtal.de\/cms\/wp-content\/uploads\/2023\/05\/Gingers-Grab1-2.Mai23-768x398.jpg 768w\" sizes=\"auto, (max-width: 1000px) 100vw, 1000px\" \/><\/a><figcaption class=\"wp-element-caption\"><strong>Hier noch ihr geliebter Ball <\/strong><\/figcaption><\/figure>\n\n\n\n<p><strong>Der schw\u00e4rzeste Tag, den ich schon lange bef\u00fcrchtet hatte lie\u00df sich nicht mehr aufhalten. Meine geliebte Maus ist zu Gernot nach Hause gegangen&#8230; \ud83d\ude41 \ud83d\ude41<\/strong><\/p>\n\n\n\n<p><strong>Ginger hatte seit November 2022 monatlich schon die Schmerzspritze bekommen, aber im Februar \/M\u00e4rz war davon leider keine Wirkung mehr zu sp\u00fcren und so stiegen wir auf Schmerztabletten um. So lange diese wirkten war sie auch gerne mit dabei, aber nat\u00fcrlich konnte ihr Kopf nicht verstehen (denn der war noch sehr fit), warum ihre Knochen nicht mehr so konnten, wie sie wollte. Es war f\u00fcr sie zum Schlu\u00df \u00fcberhaupt keine Lebensqualit\u00e4t mehr vorhanden, nichts ging mehr, sie mu\u00dfte immer alleine Zuhause bleiben, wenn die anderen Gassi mit mir waren. Ihre geliebten Ballspiele gingen schon sehr lange nicht mehr und das war kein Leben mehr f\u00fcr die Maus. Zum Schlu\u00df waren wir bei 8 Cortison Tabletten t\u00e4glich&#8230;  \ud83d\ude41 So schwer es mir f\u00e4llt Abschied von ihr zu nehmen, denn wer uns kannte, wei\u00df wieviel sie mir bedeutete, sie war ja auch noch die Verbindung zu meinem Schatz und unserem gemeinsamen Leben. <\/strong><\/p>\n\n\n\n<p><strong>Mein einziger Trost ist, dass sie jetzt keine Schmerzen mehr hat und bei Gernot und ihren Freunden Benny und Nicky ist und Toben k\u00f6nnen ohne Schmerzen!!!. <\/strong><\/p>\n\n\n\n<p><strong>Hier kommen auch von ihr noch ein paar Aufnahmen der letzten Stunden:<\/strong><\/p>\n\n\n\n<figure class=\"wp-block-gallery has-nested-images columns-default is-cropped wp-block-gallery-1 is-layout-flex wp-block-gallery-is-layout-flex\">\n<figure class=\"wp-block-image size-large\"><a href=\"https:\/\/collies-vom-floersbachtal.de\/cms\/wp-content\/uploads\/2023\/05\/Gingers-letzter-Gassigang-1.jpg\"><img loading=\"lazy\" decoding=\"async\" width=\"992\" height=\"1024\" data-id=\"39579\" src=\"https:\/\/collies-vom-floersbachtal.de\/cms\/wp-content\/uploads\/2023\/05\/Gingers-letzter-Gassigang-1-992x1024.jpg\" alt=\"\" class=\"wp-image-39579\" srcset=\"https:\/\/collies-vom-floersbachtal.de\/cms\/wp-content\/uploads\/2023\/05\/Gingers-letzter-Gassigang-1-992x1024.jpg 992w, https:\/\/collies-vom-floersbachtal.de\/cms\/wp-content\/uploads\/2023\/05\/Gingers-letzter-Gassigang-1-291x300.jpg 291w, https:\/\/collies-vom-floersbachtal.de\/cms\/wp-content\/uploads\/2023\/05\/Gingers-letzter-Gassigang-1-768x793.jpg 768w, https:\/\/collies-vom-floersbachtal.de\/cms\/wp-content\/uploads\/2023\/05\/Gingers-letzter-Gassigang-1.jpg 1217w\" sizes=\"auto, (max-width: 992px) 100vw, 992px\" \/><\/a><figcaption class=\"wp-element-caption\">Letzter Gassigang<\/figcaption><\/figure>\n\n\n\n<figure class=\"wp-block-image size-large\"><a href=\"https:\/\/collies-vom-floersbachtal.de\/cms\/wp-content\/uploads\/2023\/05\/Gingers-letztes-Schweineohr-1-scaled.jpg\"><img loading=\"lazy\" decoding=\"async\" width=\"954\" height=\"1024\" data-id=\"39581\" src=\"https:\/\/collies-vom-floersbachtal.de\/cms\/wp-content\/uploads\/2023\/05\/Gingers-letztes-Schweineohr-1-954x1024.jpg\" alt=\"\" class=\"wp-image-39581\" srcset=\"https:\/\/collies-vom-floersbachtal.de\/cms\/wp-content\/uploads\/2023\/05\/Gingers-letztes-Schweineohr-1-954x1024.jpg 954w, https:\/\/collies-vom-floersbachtal.de\/cms\/wp-content\/uploads\/2023\/05\/Gingers-letztes-Schweineohr-1-279x300.jpg 279w, https:\/\/collies-vom-floersbachtal.de\/cms\/wp-content\/uploads\/2023\/05\/Gingers-letztes-Schweineohr-1-768x825.jpg 768w, https:\/\/collies-vom-floersbachtal.de\/cms\/wp-content\/uploads\/2023\/05\/Gingers-letztes-Schweineohr-1-1431x1536.jpg 1431w, https:\/\/collies-vom-floersbachtal.de\/cms\/wp-content\/uploads\/2023\/05\/Gingers-letztes-Schweineohr-1-1907x2048.jpg 1907w\" sizes=\"auto, (max-width: 954px) 100vw, 954px\" \/><\/a><figcaption class=\"wp-element-caption\">Letztes Schweineohr<\/figcaption><\/figure>\n\n\n\n<figure class=\"wp-block-image size-large\"><a href=\"https:\/\/collies-vom-floersbachtal.de\/cms\/wp-content\/uploads\/2023\/05\/Ginger-nochmal-schoen-kuscheln-vor-dem-Einschlafen1-Kopie.jpg\"><img loading=\"lazy\" decoding=\"async\" width=\"682\" height=\"1024\" data-id=\"39578\" src=\"https:\/\/collies-vom-floersbachtal.de\/cms\/wp-content\/uploads\/2023\/05\/Ginger-nochmal-schoen-kuscheln-vor-dem-Einschlafen1-Kopie-682x1024.jpg\" alt=\"\" class=\"wp-image-39578\" srcset=\"https:\/\/collies-vom-floersbachtal.de\/cms\/wp-content\/uploads\/2023\/05\/Ginger-nochmal-schoen-kuscheln-vor-dem-Einschlafen1-Kopie-682x1024.jpg 682w, https:\/\/collies-vom-floersbachtal.de\/cms\/wp-content\/uploads\/2023\/05\/Ginger-nochmal-schoen-kuscheln-vor-dem-Einschlafen1-Kopie-200x300.jpg 200w, https:\/\/collies-vom-floersbachtal.de\/cms\/wp-content\/uploads\/2023\/05\/Ginger-nochmal-schoen-kuscheln-vor-dem-Einschlafen1-Kopie-768x1154.jpg 768w, https:\/\/collies-vom-floersbachtal.de\/cms\/wp-content\/uploads\/2023\/05\/Ginger-nochmal-schoen-kuscheln-vor-dem-Einschlafen1-Kopie.jpg 1000w\" sizes=\"auto, (max-width: 682px) 100vw, 682px\" \/><\/a><figcaption class=\"wp-element-caption\">Leckerliespiele mit mir kurz vor dem Einschlafen<\/figcaption><\/figure>\n\n\n\n<figure class=\"wp-block-image size-large\"><a href=\"https:\/\/collies-vom-floersbachtal.de\/cms\/wp-content\/uploads\/2023\/05\/Gingers-letzte-nacht-2-scaled.jpg\"><img loading=\"lazy\" decoding=\"async\" width=\"576\" height=\"1024\" data-id=\"39580\" src=\"https:\/\/collies-vom-floersbachtal.de\/cms\/wp-content\/uploads\/2023\/05\/Gingers-letzte-nacht-2-576x1024.jpg\" alt=\"\" class=\"wp-image-39580\" srcset=\"https:\/\/collies-vom-floersbachtal.de\/cms\/wp-content\/uploads\/2023\/05\/Gingers-letzte-nacht-2-576x1024.jpg 576w, https:\/\/collies-vom-floersbachtal.de\/cms\/wp-content\/uploads\/2023\/05\/Gingers-letzte-nacht-2-169x300.jpg 169w, https:\/\/collies-vom-floersbachtal.de\/cms\/wp-content\/uploads\/2023\/05\/Gingers-letzte-nacht-2-768x1365.jpg 768w, https:\/\/collies-vom-floersbachtal.de\/cms\/wp-content\/uploads\/2023\/05\/Gingers-letzte-nacht-2-864x1536.jpg 864w, https:\/\/collies-vom-floersbachtal.de\/cms\/wp-content\/uploads\/2023\/05\/Gingers-letzte-nacht-2-1152x2048.jpg 1152w, https:\/\/collies-vom-floersbachtal.de\/cms\/wp-content\/uploads\/2023\/05\/Gingers-letzte-nacht-2-scaled.jpg 1440w\" sizes=\"auto, (max-width: 576px) 100vw, 576px\" \/><\/a><figcaption class=\"wp-element-caption\">Sie hatte so sch\u00f6ne Augen und ihr Blick ging mir immer durch und durch<\/figcaption><\/figure>\n<\/figure>\n\n\n\n<p><strong>Ich bin so dankbar f\u00fcr die sch\u00f6nen 12.5 Jahre mit dieser wunderbaren Seelenh\u00fcndin <\/strong><\/p>\n\n\n\n<figure class=\"wp-block-image size-full\"><a href=\"https:\/\/collies-vom-floersbachtal.de\/cms\/wp-content\/uploads\/2023\/05\/Trauer.jpg\"><img loading=\"lazy\" decoding=\"async\" width=\"500\" height=\"571\" src=\"https:\/\/collies-vom-floersbachtal.de\/cms\/wp-content\/uploads\/2023\/05\/Trauer.jpg\" alt=\"\" class=\"wp-image-39583\" srcset=\"https:\/\/collies-vom-floersbachtal.de\/cms\/wp-content\/uploads\/2023\/05\/Trauer.jpg 500w, https:\/\/collies-vom-floersbachtal.de\/cms\/wp-content\/uploads\/2023\/05\/Trauer-263x300.jpg 263w\" sizes=\"auto, (max-width: 500px) 100vw, 500px\" \/><\/a><\/figure>\n\n\n\n<p>Meine Gingermaus, schon im Alter von einer Woche hatte ich dich im Internet entdeckt und es war f\u00fcr mich klar du geh\u00f6rst zu mir&#8230; Es war so sch\u00f6n als ich dich mit 8 Wochen zu uns holen durfte. Deine Jungendzeit war auch ein Geschenk, du hast nie etwas kaputt gemacht, warst so leichtf\u00fchrig und einfach zu erziehen. Ebenso deine 4 W\u00fcrfe, du hast alles so gut gemeistert,  du hattest so tolle Babys bekommen, in allen lebt ein Teil von dir weiter. Wir beide waren ein tolles Team und es hat so viel Spa\u00df mit dir gemacht, um so schmerzhafter war es dich gehen lassen zu m\u00fcssen, zu sehen, das du nicht mehr konntest&#8230; \ud83d\ude41 Lebe Wohl mein Schatz, ich bin so froh das wir uns begegnet sind.<\/p>\n\n\n\n<figure class=\"wp-block-gallery has-nested-images columns-default is-cropped wp-block-gallery-2 is-layout-flex wp-block-gallery-is-layout-flex\">\n<figure class=\"wp-block-image size-large\"><a href=\"https:\/\/collies-vom-floersbachtal.de\/cms\/wp-content\/uploads\/2023\/06\/C-chens-2.-Geburtstag2.jpg\"><img loading=\"lazy\" decoding=\"async\" width=\"1000\" height=\"667\" data-id=\"40064\" src=\"https:\/\/collies-vom-floersbachtal.de\/cms\/wp-content\/uploads\/2023\/06\/C-chens-2.-Geburtstag2.jpg\" alt=\"\" class=\"wp-image-40064\" srcset=\"https:\/\/collies-vom-floersbachtal.de\/cms\/wp-content\/uploads\/2023\/06\/C-chens-2.-Geburtstag2.jpg 1000w, https:\/\/collies-vom-floersbachtal.de\/cms\/wp-content\/uploads\/2023\/06\/C-chens-2.-Geburtstag2-300x200.jpg 300w, https:\/\/collies-vom-floersbachtal.de\/cms\/wp-content\/uploads\/2023\/06\/C-chens-2.-Geburtstag2-768x512.jpg 768w\" sizes=\"auto, (max-width: 1000px) 100vw, 1000px\" \/><\/a><\/figure>\n\n\n\n<figure class=\"wp-block-image size-large\"><a href=\"https:\/\/collies-vom-floersbachtal.de\/cms\/wp-content\/uploads\/2023\/06\/E-chens-1-Woche-alt2.jpg\"><img loading=\"lazy\" decoding=\"async\" width=\"1000\" height=\"705\" data-id=\"40065\" src=\"https:\/\/collies-vom-floersbachtal.de\/cms\/wp-content\/uploads\/2023\/06\/E-chens-1-Woche-alt2.jpg\" alt=\"\" class=\"wp-image-40065\" srcset=\"https:\/\/collies-vom-floersbachtal.de\/cms\/wp-content\/uploads\/2023\/06\/E-chens-1-Woche-alt2.jpg 1000w, https:\/\/collies-vom-floersbachtal.de\/cms\/wp-content\/uploads\/2023\/06\/E-chens-1-Woche-alt2-300x212.jpg 300w, https:\/\/collies-vom-floersbachtal.de\/cms\/wp-content\/uploads\/2023\/06\/E-chens-1-Woche-alt2-768x541.jpg 768w\" sizes=\"auto, (max-width: 1000px) 100vw, 1000px\" \/><\/a><\/figure>\n\n\n\n<figure class=\"wp-block-image size-large\"><a href=\"https:\/\/collies-vom-floersbachtal.de\/cms\/wp-content\/uploads\/2023\/06\/Ginger-laesst-sich-tragen2.jpg\"><img loading=\"lazy\" decoding=\"async\" width=\"1000\" height=\"839\" data-id=\"40066\" src=\"https:\/\/collies-vom-floersbachtal.de\/cms\/wp-content\/uploads\/2023\/06\/Ginger-laesst-sich-tragen2.jpg\" alt=\"\" class=\"wp-image-40066\" srcset=\"https:\/\/collies-vom-floersbachtal.de\/cms\/wp-content\/uploads\/2023\/06\/Ginger-laesst-sich-tragen2.jpg 1000w, https:\/\/collies-vom-floersbachtal.de\/cms\/wp-content\/uploads\/2023\/06\/Ginger-laesst-sich-tragen2-300x252.jpg 300w, https:\/\/collies-vom-floersbachtal.de\/cms\/wp-content\/uploads\/2023\/06\/Ginger-laesst-sich-tragen2-768x644.jpg 768w\" sizes=\"auto, (max-width: 1000px) 100vw, 1000px\" \/><\/a><\/figure>\n\n\n\n<figure class=\"wp-block-image size-large\"><a href=\"https:\/\/collies-vom-floersbachtal.de\/cms\/wp-content\/uploads\/2023\/06\/Ginger-mit-5-Wochen3.jpg\"><img loading=\"lazy\" decoding=\"async\" width=\"386\" height=\"356\" data-id=\"40061\" src=\"https:\/\/collies-vom-floersbachtal.de\/cms\/wp-content\/uploads\/2023\/06\/Ginger-mit-5-Wochen3.jpg\" alt=\"\" class=\"wp-image-40061\" srcset=\"https:\/\/collies-vom-floersbachtal.de\/cms\/wp-content\/uploads\/2023\/06\/Ginger-mit-5-Wochen3.jpg 386w, https:\/\/collies-vom-floersbachtal.de\/cms\/wp-content\/uploads\/2023\/06\/Ginger-mit-5-Wochen3-300x277.jpg 300w\" sizes=\"auto, (max-width: 386px) 100vw, 386px\" \/><\/a><\/figure>\n\n\n\n<figure class=\"wp-block-image size-large\"><a href=\"https:\/\/collies-vom-floersbachtal.de\/cms\/wp-content\/uploads\/2023\/06\/Ginger-mit-7-Woche-3.jpg\"><img loading=\"lazy\" decoding=\"async\" width=\"416\" height=\"356\" data-id=\"40062\" src=\"https:\/\/collies-vom-floersbachtal.de\/cms\/wp-content\/uploads\/2023\/06\/Ginger-mit-7-Woche-3.jpg\" alt=\"\" class=\"wp-image-40062\" srcset=\"https:\/\/collies-vom-floersbachtal.de\/cms\/wp-content\/uploads\/2023\/06\/Ginger-mit-7-Woche-3.jpg 416w, https:\/\/collies-vom-floersbachtal.de\/cms\/wp-content\/uploads\/2023\/06\/Ginger-mit-7-Woche-3-300x257.jpg 300w\" sizes=\"auto, (max-width: 416px) 100vw, 416px\" \/><\/a><\/figure>\n\n\n\n<figure class=\"wp-block-image size-large\"><a href=\"https:\/\/collies-vom-floersbachtal.de\/cms\/wp-content\/uploads\/2023\/06\/Ginger-mit-fast-8-Wochen2.jpg\"><img loading=\"lazy\" decoding=\"async\" width=\"435\" height=\"356\" data-id=\"40063\" src=\"https:\/\/collies-vom-floersbachtal.de\/cms\/wp-content\/uploads\/2023\/06\/Ginger-mit-fast-8-Wochen2.jpg\" alt=\"\" class=\"wp-image-40063\" srcset=\"https:\/\/collies-vom-floersbachtal.de\/cms\/wp-content\/uploads\/2023\/06\/Ginger-mit-fast-8-Wochen2.jpg 435w, https:\/\/collies-vom-floersbachtal.de\/cms\/wp-content\/uploads\/2023\/06\/Ginger-mit-fast-8-Wochen2-300x246.jpg 300w\" sizes=\"auto, (max-width: 435px) 100vw, 435px\" \/><\/a><\/figure>\n\n\n\n<figure class=\"wp-block-image size-large\"><a href=\"https:\/\/collies-vom-floersbachtal.de\/cms\/wp-content\/uploads\/2023\/06\/Ginger-und-ihr-C-Wurf2.jpg\"><img loading=\"lazy\" decoding=\"async\" width=\"1000\" height=\"720\" data-id=\"40069\" src=\"https:\/\/collies-vom-floersbachtal.de\/cms\/wp-content\/uploads\/2023\/06\/Ginger-und-ihr-C-Wurf2.jpg\" alt=\"\" class=\"wp-image-40069\" srcset=\"https:\/\/collies-vom-floersbachtal.de\/cms\/wp-content\/uploads\/2023\/06\/Ginger-und-ihr-C-Wurf2.jpg 1000w, https:\/\/collies-vom-floersbachtal.de\/cms\/wp-content\/uploads\/2023\/06\/Ginger-und-ihr-C-Wurf2-300x216.jpg 300w, https:\/\/collies-vom-floersbachtal.de\/cms\/wp-content\/uploads\/2023\/06\/Ginger-und-ihr-C-Wurf2-768x553.jpg 768w\" sizes=\"auto, (max-width: 1000px) 100vw, 1000px\" \/><\/a><\/figure>\n\n\n\n<figure class=\"wp-block-image size-large\"><a href=\"https:\/\/collies-vom-floersbachtal.de\/cms\/wp-content\/uploads\/2023\/06\/Ginger1-B-Wurf-4-Wochen.jpg\"><img loading=\"lazy\" decoding=\"async\" width=\"900\" height=\"600\" data-id=\"40068\" src=\"https:\/\/collies-vom-floersbachtal.de\/cms\/wp-content\/uploads\/2023\/06\/Ginger1-B-Wurf-4-Wochen.jpg\" alt=\"\" class=\"wp-image-40068\" srcset=\"https:\/\/collies-vom-floersbachtal.de\/cms\/wp-content\/uploads\/2023\/06\/Ginger1-B-Wurf-4-Wochen.jpg 900w, https:\/\/collies-vom-floersbachtal.de\/cms\/wp-content\/uploads\/2023\/06\/Ginger1-B-Wurf-4-Wochen-300x200.jpg 300w, https:\/\/collies-vom-floersbachtal.de\/cms\/wp-content\/uploads\/2023\/06\/Ginger1-B-Wurf-4-Wochen-768x512.jpg 768w\" sizes=\"auto, (max-width: 900px) 100vw, 900px\" \/><\/a><\/figure>\n\n\n\n<figure class=\"wp-block-image size-large\"><a href=\"https:\/\/collies-vom-floersbachtal.de\/cms\/wp-content\/uploads\/2023\/06\/Ginger7-mit-8-Wochen-.jpg\"><img loading=\"lazy\" decoding=\"async\" width=\"1000\" height=\"667\" data-id=\"40067\" src=\"https:\/\/collies-vom-floersbachtal.de\/cms\/wp-content\/uploads\/2023\/06\/Ginger7-mit-8-Wochen-.jpg\" alt=\"\" class=\"wp-image-40067\" srcset=\"https:\/\/collies-vom-floersbachtal.de\/cms\/wp-content\/uploads\/2023\/06\/Ginger7-mit-8-Wochen-.jpg 1000w, https:\/\/collies-vom-floersbachtal.de\/cms\/wp-content\/uploads\/2023\/06\/Ginger7-mit-8-Wochen--300x200.jpg 300w, https:\/\/collies-vom-floersbachtal.de\/cms\/wp-content\/uploads\/2023\/06\/Ginger7-mit-8-Wochen--768x512.jpg 768w\" sizes=\"auto, (max-width: 1000px) 100vw, 1000px\" \/><\/a><\/figure>\n<\/figure>\n\n\n\n<figure class=\"wp-block-gallery has-nested-images columns-default is-cropped wp-block-gallery-3 is-layout-flex wp-block-gallery-is-layout-flex\">\n<figure class=\"wp-block-image size-large\"><a href=\"https:\/\/collies-vom-floersbachtal.de\/cms\/wp-content\/uploads\/2023\/06\/Urlaub-mit-Witha-und-Birgit-3Floersbachtal-Sep.-2014.jpg\"><img loading=\"lazy\" decoding=\"async\" width=\"1024\" height=\"683\" data-id=\"40059\" src=\"https:\/\/collies-vom-floersbachtal.de\/cms\/wp-content\/uploads\/2023\/06\/Urlaub-mit-Witha-und-Birgit-3Floersbachtal-Sep.-2014-1024x683.jpg\" alt=\"\" class=\"wp-image-40059\" srcset=\"https:\/\/collies-vom-floersbachtal.de\/cms\/wp-content\/uploads\/2023\/06\/Urlaub-mit-Witha-und-Birgit-3Floersbachtal-Sep.-2014-1024x683.jpg 1024w, https:\/\/collies-vom-floersbachtal.de\/cms\/wp-content\/uploads\/2023\/06\/Urlaub-mit-Witha-und-Birgit-3Floersbachtal-Sep.-2014-300x200.jpg 300w, https:\/\/collies-vom-floersbachtal.de\/cms\/wp-content\/uploads\/2023\/06\/Urlaub-mit-Witha-und-Birgit-3Floersbachtal-Sep.-2014-768x512.jpg 768w, https:\/\/collies-vom-floersbachtal.de\/cms\/wp-content\/uploads\/2023\/06\/Urlaub-mit-Witha-und-Birgit-3Floersbachtal-Sep.-2014-1536x1024.jpg 1536w, https:\/\/collies-vom-floersbachtal.de\/cms\/wp-content\/uploads\/2023\/06\/Urlaub-mit-Witha-und-Birgit-3Floersbachtal-Sep.-2014.jpg 1728w\" sizes=\"auto, (max-width: 1024px) 100vw, 1024px\" \/><\/a><\/figure>\n\n\n\n<figure class=\"wp-block-image size-large\"><a href=\"https:\/\/collies-vom-floersbachtal.de\/cms\/wp-content\/uploads\/2023\/06\/Collies2-in-der-Wiesbuett-August15-Kopie.jpg\"><img loading=\"lazy\" decoding=\"async\" width=\"1000\" height=\"654\" data-id=\"40055\" src=\"https:\/\/collies-vom-floersbachtal.de\/cms\/wp-content\/uploads\/2023\/06\/Collies2-in-der-Wiesbuett-August15-Kopie.jpg\" alt=\"\" class=\"wp-image-40055\" srcset=\"https:\/\/collies-vom-floersbachtal.de\/cms\/wp-content\/uploads\/2023\/06\/Collies2-in-der-Wiesbuett-August15-Kopie.jpg 1000w, https:\/\/collies-vom-floersbachtal.de\/cms\/wp-content\/uploads\/2023\/06\/Collies2-in-der-Wiesbuett-August15-Kopie-300x196.jpg 300w, https:\/\/collies-vom-floersbachtal.de\/cms\/wp-content\/uploads\/2023\/06\/Collies2-in-der-Wiesbuett-August15-Kopie-768x502.jpg 768w\" sizes=\"auto, (max-width: 1000px) 100vw, 1000px\" \/><\/a><\/figure>\n\n\n\n<figure class=\"wp-block-image size-large\"><a href=\"https:\/\/collies-vom-floersbachtal.de\/cms\/wp-content\/uploads\/2023\/06\/Collies3-im-Wald1-April-17-Kopie.jpg\"><img loading=\"lazy\" decoding=\"async\" width=\"1000\" height=\"829\" data-id=\"40058\" src=\"https:\/\/collies-vom-floersbachtal.de\/cms\/wp-content\/uploads\/2023\/06\/Collies3-im-Wald1-April-17-Kopie.jpg\" alt=\"\" class=\"wp-image-40058\" srcset=\"https:\/\/collies-vom-floersbachtal.de\/cms\/wp-content\/uploads\/2023\/06\/Collies3-im-Wald1-April-17-Kopie.jpg 1000w, https:\/\/collies-vom-floersbachtal.de\/cms\/wp-content\/uploads\/2023\/06\/Collies3-im-Wald1-April-17-Kopie-300x249.jpg 300w, https:\/\/collies-vom-floersbachtal.de\/cms\/wp-content\/uploads\/2023\/06\/Collies3-im-Wald1-April-17-Kopie-768x637.jpg 768w\" sizes=\"auto, (max-width: 1000px) 100vw, 1000px\" \/><\/a><\/figure>\n\n\n\n<figure class=\"wp-block-image size-large\"><a href=\"https:\/\/collies-vom-floersbachtal.de\/cms\/wp-content\/uploads\/2023\/06\/Collies1-im-September17-Kopie.jpg\"><img loading=\"lazy\" decoding=\"async\" width=\"1000\" height=\"735\" data-id=\"40053\" src=\"https:\/\/collies-vom-floersbachtal.de\/cms\/wp-content\/uploads\/2023\/06\/Collies1-im-September17-Kopie.jpg\" alt=\"\" class=\"wp-image-40053\" srcset=\"https:\/\/collies-vom-floersbachtal.de\/cms\/wp-content\/uploads\/2023\/06\/Collies1-im-September17-Kopie.jpg 1000w, https:\/\/collies-vom-floersbachtal.de\/cms\/wp-content\/uploads\/2023\/06\/Collies1-im-September17-Kopie-300x221.jpg 300w, https:\/\/collies-vom-floersbachtal.de\/cms\/wp-content\/uploads\/2023\/06\/Collies1-im-September17-Kopie-768x564.jpg 768w\" sizes=\"auto, (max-width: 1000px) 100vw, 1000px\" \/><\/a><\/figure>\n\n\n\n<figure class=\"wp-block-image size-large\"><a href=\"https:\/\/collies-vom-floersbachtal.de\/cms\/wp-content\/uploads\/2023\/06\/Ginger5-61.-Tag-H-Wurf-August18.jpg\"><img loading=\"lazy\" decoding=\"async\" width=\"1000\" height=\"747\" data-id=\"40056\" src=\"https:\/\/collies-vom-floersbachtal.de\/cms\/wp-content\/uploads\/2023\/06\/Ginger5-61.-Tag-H-Wurf-August18.jpg\" alt=\"\" class=\"wp-image-40056\" srcset=\"https:\/\/collies-vom-floersbachtal.de\/cms\/wp-content\/uploads\/2023\/06\/Ginger5-61.-Tag-H-Wurf-August18.jpg 1000w, https:\/\/collies-vom-floersbachtal.de\/cms\/wp-content\/uploads\/2023\/06\/Ginger5-61.-Tag-H-Wurf-August18-300x224.jpg 300w, https:\/\/collies-vom-floersbachtal.de\/cms\/wp-content\/uploads\/2023\/06\/Ginger5-61.-Tag-H-Wurf-August18-768x574.jpg 768w\" sizes=\"auto, (max-width: 1000px) 100vw, 1000px\" \/><\/a><\/figure>\n\n\n\n<figure class=\"wp-block-image size-large\"><a href=\"https:\/\/collies-vom-floersbachtal.de\/cms\/wp-content\/uploads\/2023\/06\/Bei-Oma3-in-Wolfenbuettel22-Kopie-scaled.jpg\"><img loading=\"lazy\" decoding=\"async\" width=\"1024\" height=\"749\" data-id=\"40060\" src=\"https:\/\/collies-vom-floersbachtal.de\/cms\/wp-content\/uploads\/2023\/06\/Bei-Oma3-in-Wolfenbuettel22-Kopie-1024x749.jpg\" alt=\"\" class=\"wp-image-40060\" srcset=\"https:\/\/collies-vom-floersbachtal.de\/cms\/wp-content\/uploads\/2023\/06\/Bei-Oma3-in-Wolfenbuettel22-Kopie-1024x749.jpg 1024w, https:\/\/collies-vom-floersbachtal.de\/cms\/wp-content\/uploads\/2023\/06\/Bei-Oma3-in-Wolfenbuettel22-Kopie-300x219.jpg 300w, https:\/\/collies-vom-floersbachtal.de\/cms\/wp-content\/uploads\/2023\/06\/Bei-Oma3-in-Wolfenbuettel22-Kopie-768x562.jpg 768w, https:\/\/collies-vom-floersbachtal.de\/cms\/wp-content\/uploads\/2023\/06\/Bei-Oma3-in-Wolfenbuettel22-Kopie-1536x1124.jpg 1536w, https:\/\/collies-vom-floersbachtal.de\/cms\/wp-content\/uploads\/2023\/06\/Bei-Oma3-in-Wolfenbuettel22-Kopie-2048x1498.jpg 2048w\" sizes=\"auto, (max-width: 1024px) 100vw, 1024px\" \/><\/a><\/figure>\n\n\n\n<figure class=\"wp-block-image size-large\"><a href=\"https:\/\/collies-vom-floersbachtal.de\/cms\/wp-content\/uploads\/2023\/06\/Ginger5-Jan23.jpg\"><img loading=\"lazy\" decoding=\"async\" width=\"743\" height=\"1024\" data-id=\"40057\" src=\"https:\/\/collies-vom-floersbachtal.de\/cms\/wp-content\/uploads\/2023\/06\/Ginger5-Jan23-743x1024.jpg\" alt=\"\" class=\"wp-image-40057\" srcset=\"https:\/\/collies-vom-floersbachtal.de\/cms\/wp-content\/uploads\/2023\/06\/Ginger5-Jan23-743x1024.jpg 743w, https:\/\/collies-vom-floersbachtal.de\/cms\/wp-content\/uploads\/2023\/06\/Ginger5-Jan23-218x300.jpg 218w, https:\/\/collies-vom-floersbachtal.de\/cms\/wp-content\/uploads\/2023\/06\/Ginger5-Jan23-768x1058.jpg 768w, https:\/\/collies-vom-floersbachtal.de\/cms\/wp-content\/uploads\/2023\/06\/Ginger5-Jan23.jpg 1000w\" sizes=\"auto, (max-width: 743px) 100vw, 743px\" \/><\/a><\/figure>\n<\/figure>\n\n\n\n<p>Ein Brief von der Regenbogenbr\u00fccke<\/p>\n\n\n\n<p>Hallo geliebtes Frauchen,<\/p>\n\n\n\n<p>heute vor 5,5 Wochen bin ich \u00fcber die Regenbogenbr\u00fccke gegangen und sie meinten, ich solle einen Brief nach Hause schreiben.<\/p>\n\n\n\n<p>Es tut mir leid, ich war so besch\u00e4ftigt, dass ich nicht oft an zu Hause denke. Sie sagen, das sei okay, Du w\u00fcrdest es verstehen. Ich hoffe Du verstehst (ich glaube Du tust es).<\/p>\n\n\n\n<p>Erinnerst Du Dich an Pfingsten, als ich kaum noch laufen konnte, die Tabletten kaum noch Wirkung zeigten? Und du sagtest, Schatz, bald wird es dir wieder gut gehen und du wirst keine Schmerzen mehr versp\u00fcren. Ich erinnere mich nicht an viel aber ich erinnere mich an Streicheleinheiten, Umarmungen, die vielen Leckerlies die du mir gabtest um mich ein bisschen abzulenken. Und als Du sagtest &#8222;Ich hab dich so lieb, gleich wird es vorbei sein und Herrchen und deine Freunde Nicky und Benny dich erwarten werden&#8220;. Frauchen ist bei dir .<img loading=\"lazy\" decoding=\"async\" width=\"16\" height=\"16\" src=\"https:\/\/www.facebook.com\/images\/emoji.php\/v9\/t40\/1\/16\/1f62d.png\" alt=\"\ud83d\ude2d\"><\/p>\n\n\n\n<p>Ich wusste nicht was Du meinst, ich sp\u00fcrte Deine Liebe und habe mich umgedreht; ich bin durch Nebel gelaufen und sah die gr\u00f6\u00dfte Br\u00fccke die ich jemals gesehen habe! Und so viele Freunde auf der anderen Seite!!! Sie spielten und tobten. Du hattest Recht mir zu sagen, dass ich dahin gehen soll!<\/p>\n\n\n\n<p>Meine F\u00fc\u00dfe wollten dass ich gehe, aber mein Herz zog mich zur\u00fcck. \ud83d\ude41<\/p>\n\n\n\n<p>Deine Z\u00e4rtlichkeiten wurden leichter und leichter. Ich wollte zur\u00fcck zu Dir und mehr Liebe bekommen, aber meine F\u00fc\u00dfe fingen von selber an zu Laufen.<\/p>\n\n\n\n<p>Also ging ich \u00fcber die Br\u00fccke.<img loading=\"lazy\" decoding=\"async\" width=\"16\" height=\"16\" src=\"https:\/\/www.facebook.com\/images\/emoji.php\/v9\/t13\/1\/16\/1f308.png\" alt=\"\ud83c\udf08\"> Ich schaute zur Seite, weil da warst immer noch Du. Aber dieses mal war es anders.<\/p>\n\n\n\n<p>Auch wenn Du sonst immer neben mir warst und Deine Liebe mich begleitet hat, ich habe es alleine geschafft! Als ich ankam und alle meine Freunde warteten bereits dort- das war soooo cool!!<\/p>\n\n\n\n<p>Sie gaben mir Fl\u00fcgel und jetzt bin ich <strong>Dein<\/strong> Schutzengel damit ich \u00fcber Dich wachen kann so wie ich es mein Leben lang getan habe.<\/p>\n\n\n\n<p>Du bist mein F\u00fcr-immer-Mensch und ich bin Dein F\u00fcr-immer-Hund!! Wir hatten so ein sch\u00f6nes Leben und ich vermisse Dich SEHR aber ich wollte Dich wissen lassen dass ich gl\u00fccklich bin auf der anderen Seite .<img loading=\"lazy\" decoding=\"async\" width=\"16\" height=\"16\" src=\"https:\/\/www.facebook.com\/images\/emoji.php\/v9\/t13\/1\/16\/1f308.png\" alt=\"\ud83c\udf08\"><\/p>\n\n\n\n<p>Ich werde Dir zur rechten Zeit eine Ururuenkelin an deine Seite stellen.  Gebe ihr all mein Herz mit, werde da sein und werde schauen dass sie Deine Liebe sch\u00e4tzt &#8211; so wie ich es getan habe.<\/p>\n\n\n\n<p>Wenn Du mich vermisst &#8211; denke an einen Regenbogen und wisse dass ich dort auf der anderen Seite bin, wartend um wieder an Deiner Seite Laufen zu d\u00fcrfen.<\/p>\n\n\n\n<p>Ich bin in Deinem Herzen.<img loading=\"lazy\" decoding=\"async\" width=\"16\" height=\"16\" src=\"https:\/\/www.facebook.com\/images\/emoji.php\/v9\/t6c\/1\/16\/2764.png\" alt=\"\u2764\ufe0f\"> Ich liebe Dich Frauchen! <\/p>\n\n\n\n<p>Ich bin da&#8230;..schau nur hin.<\/p>\n\n\n\n<p>(Textquelle: Diana Heinz auf facebook &#8230; frei abgewandelt von mir, Susanne Nassler<\/p>\n\n\n\n<figure class=\"wp-block-image size-large\"><a href=\"https:\/\/collies-vom-floersbachtal.de\/cms\/wp-content\/uploads\/2023\/06\/Regenbogen2-Juni23.jpg\"><img loading=\"lazy\" decoding=\"async\" width=\"839\" height=\"1024\" src=\"https:\/\/collies-vom-floersbachtal.de\/cms\/wp-content\/uploads\/2023\/06\/Regenbogen2-Juni23-839x1024.jpg\" alt=\"\" class=\"wp-image-40107\" srcset=\"https:\/\/collies-vom-floersbachtal.de\/cms\/wp-content\/uploads\/2023\/06\/Regenbogen2-Juni23-839x1024.jpg 839w, https:\/\/collies-vom-floersbachtal.de\/cms\/wp-content\/uploads\/2023\/06\/Regenbogen2-Juni23-246x300.jpg 246w, https:\/\/collies-vom-floersbachtal.de\/cms\/wp-content\/uploads\/2023\/06\/Regenbogen2-Juni23-768x937.jpg 768w, https:\/\/collies-vom-floersbachtal.de\/cms\/wp-content\/uploads\/2023\/06\/Regenbogen2-Juni23.jpg 1000w\" sizes=\"auto, (max-width: 839px) 100vw, 839px\" \/><\/a><\/figure>\n\n\n\n<h1 class=\"wp-block-heading\"><strong>Blue Jean vom Fl\u00f6rsbachtal (Jeannymaus)        12.07.2012     &#8211;   04.06.2023<\/strong> <strong>\ud83d\ude41<\/strong><\/h1>\n\n\n\n<figure class=\"wp-block-image size-full\"><a href=\"https:\/\/collies-vom-floersbachtal.de\/cms\/wp-content\/uploads\/2023\/06\/Jeanny1-Nov.20-bei-Dani-768x1024-1.jpg\"><img loading=\"lazy\" decoding=\"async\" width=\"768\" height=\"1024\" src=\"https:\/\/collies-vom-floersbachtal.de\/cms\/wp-content\/uploads\/2023\/06\/Jeanny1-Nov.20-bei-Dani-768x1024-1.jpg\" alt=\"\" class=\"wp-image-40052\" srcset=\"https:\/\/collies-vom-floersbachtal.de\/cms\/wp-content\/uploads\/2023\/06\/Jeanny1-Nov.20-bei-Dani-768x1024-1.jpg 768w, https:\/\/collies-vom-floersbachtal.de\/cms\/wp-content\/uploads\/2023\/06\/Jeanny1-Nov.20-bei-Dani-768x1024-1-225x300.jpg 225w\" sizes=\"auto, (max-width: 768px) 100vw, 768px\" \/><\/a><\/figure>\n\n\n\n<figure class=\"wp-block-image size-full\"><a href=\"https:\/\/collies-vom-floersbachtal.de\/cms\/wp-content\/uploads\/2023\/06\/Jeanny1-Mai21.jpg\"><img loading=\"lazy\" decoding=\"async\" width=\"1000\" height=\"989\" src=\"https:\/\/collies-vom-floersbachtal.de\/cms\/wp-content\/uploads\/2023\/06\/Jeanny1-Mai21.jpg\" alt=\"\" class=\"wp-image-40050\" srcset=\"https:\/\/collies-vom-floersbachtal.de\/cms\/wp-content\/uploads\/2023\/06\/Jeanny1-Mai21.jpg 1000w, https:\/\/collies-vom-floersbachtal.de\/cms\/wp-content\/uploads\/2023\/06\/Jeanny1-Mai21-300x297.jpg 300w, https:\/\/collies-vom-floersbachtal.de\/cms\/wp-content\/uploads\/2023\/06\/Jeanny1-Mai21-768x760.jpg 768w\" sizes=\"auto, (max-width: 1000px) 100vw, 1000px\" \/><\/a><figcaption class=\"wp-element-caption\"><br><\/figcaption><\/figure>\n\n\n\n<p>Es f\u00e4llt mir so schwer, aber auch unsere liebe, h\u00fcbsche, blaue Prinzessin mu\u00dften wir so kurz nach ihrer Mama gehen lassen.  Nie war sie krank,  immer mit ihrem Balu unterwegs, alles was klein und s\u00fc\u00df war wurde von ihr gro\u00df gezogen. Ob es ein kleiner Findling war, oder 2 junge Wildg\u00e4nse, 2 Katerchen, (fr\u00fcher mochte sie keine Katzen), alles wurde bet\u00fcddelt und beh\u00fctet. Du hast mir eine wunderbare Enkelin, die Janaki geschenkt, in der du ein bisschen weiter leben darfst.  Genau wie deine 2 wunderbaren eigenen W\u00fcrfe, auch in ihnen lebt ein Teil von dir weiter \ud83d\ude41<\/p>\n\n\n\n<p>&#8222;Der Tod ist nicht das Ende,<\/p>\n\n\n\n<p>nicht die Verg\u00e4nglichkeit,<\/p>\n\n\n\n<p>der Tod ist nur die Wende,<\/p>\n\n\n\n<p>Beginn der Ewigkeit.\u201c<\/p>\n\n\n\n<figure class=\"wp-block-gallery has-nested-images columns-default is-cropped wp-block-gallery-4 is-layout-flex wp-block-gallery-is-layout-flex\">\n<figure class=\"wp-block-image size-large\"><a href=\"https:\/\/collies-vom-floersbachtal.de\/cms\/wp-content\/uploads\/2023\/06\/Wurfkiste-D-Wurf2.jpg\"><img loading=\"lazy\" decoding=\"async\" width=\"1024\" height=\"768\" data-id=\"40073\" src=\"https:\/\/collies-vom-floersbachtal.de\/cms\/wp-content\/uploads\/2023\/06\/Wurfkiste-D-Wurf2.jpg\" alt=\"\" class=\"wp-image-40073\" srcset=\"https:\/\/collies-vom-floersbachtal.de\/cms\/wp-content\/uploads\/2023\/06\/Wurfkiste-D-Wurf2.jpg 1024w, https:\/\/collies-vom-floersbachtal.de\/cms\/wp-content\/uploads\/2023\/06\/Wurfkiste-D-Wurf2-300x225.jpg 300w, https:\/\/collies-vom-floersbachtal.de\/cms\/wp-content\/uploads\/2023\/06\/Wurfkiste-D-Wurf2-768x576.jpg 768w\" sizes=\"auto, (max-width: 1024px) 100vw, 1024px\" \/><\/a><\/figure>\n\n\n\n<figure class=\"wp-block-image size-large\"><a href=\"https:\/\/collies-vom-floersbachtal.de\/cms\/wp-content\/uploads\/2023\/06\/Blue-Jean-mit-9-Wochen.jpg\"><img loading=\"lazy\" decoding=\"async\" width=\"516\" height=\"1024\" data-id=\"40076\" src=\"https:\/\/collies-vom-floersbachtal.de\/cms\/wp-content\/uploads\/2023\/06\/Blue-Jean-mit-9-Wochen-516x1024.jpg\" alt=\"\" class=\"wp-image-40076\" srcset=\"https:\/\/collies-vom-floersbachtal.de\/cms\/wp-content\/uploads\/2023\/06\/Blue-Jean-mit-9-Wochen-516x1024.jpg 516w, https:\/\/collies-vom-floersbachtal.de\/cms\/wp-content\/uploads\/2023\/06\/Blue-Jean-mit-9-Wochen-151x300.jpg 151w, https:\/\/collies-vom-floersbachtal.de\/cms\/wp-content\/uploads\/2023\/06\/Blue-Jean-mit-9-Wochen-768x1524.jpg 768w, https:\/\/collies-vom-floersbachtal.de\/cms\/wp-content\/uploads\/2023\/06\/Blue-Jean-mit-9-Wochen-774x1536.jpg 774w, https:\/\/collies-vom-floersbachtal.de\/cms\/wp-content\/uploads\/2023\/06\/Blue-Jean-mit-9-Wochen.jpg 1000w\" sizes=\"auto, (max-width: 516px) 100vw, 516px\" \/><\/a><\/figure>\n\n\n\n<figure class=\"wp-block-image size-large\"><a href=\"https:\/\/collies-vom-floersbachtal.de\/cms\/wp-content\/uploads\/2023\/06\/Jeanny-mit-10-Wochen1.jpg\"><img loading=\"lazy\" decoding=\"async\" width=\"1000\" height=\"501\" data-id=\"40075\" src=\"https:\/\/collies-vom-floersbachtal.de\/cms\/wp-content\/uploads\/2023\/06\/Jeanny-mit-10-Wochen1.jpg\" alt=\"\" class=\"wp-image-40075\" srcset=\"https:\/\/collies-vom-floersbachtal.de\/cms\/wp-content\/uploads\/2023\/06\/Jeanny-mit-10-Wochen1.jpg 1000w, https:\/\/collies-vom-floersbachtal.de\/cms\/wp-content\/uploads\/2023\/06\/Jeanny-mit-10-Wochen1-300x150.jpg 300w, https:\/\/collies-vom-floersbachtal.de\/cms\/wp-content\/uploads\/2023\/06\/Jeanny-mit-10-Wochen1-768x385.jpg 768w\" sizes=\"auto, (max-width: 1000px) 100vw, 1000px\" \/><\/a><\/figure>\n\n\n\n<figure class=\"wp-block-image size-large\"><a href=\"https:\/\/collies-vom-floersbachtal.de\/cms\/wp-content\/uploads\/2023\/06\/D-Wurf-1.-Woche-alle-mit-Mama.jpg\"><img loading=\"lazy\" decoding=\"async\" width=\"1000\" height=\"667\" data-id=\"40072\" src=\"https:\/\/collies-vom-floersbachtal.de\/cms\/wp-content\/uploads\/2023\/06\/D-Wurf-1.-Woche-alle-mit-Mama.jpg\" alt=\"\" class=\"wp-image-40072\" srcset=\"https:\/\/collies-vom-floersbachtal.de\/cms\/wp-content\/uploads\/2023\/06\/D-Wurf-1.-Woche-alle-mit-Mama.jpg 1000w, https:\/\/collies-vom-floersbachtal.de\/cms\/wp-content\/uploads\/2023\/06\/D-Wurf-1.-Woche-alle-mit-Mama-300x200.jpg 300w, https:\/\/collies-vom-floersbachtal.de\/cms\/wp-content\/uploads\/2023\/06\/D-Wurf-1.-Woche-alle-mit-Mama-768x512.jpg 768w\" sizes=\"auto, (max-width: 1000px) 100vw, 1000px\" \/><\/a><\/figure>\n\n\n\n<figure class=\"wp-block-image size-large\"><a href=\"https:\/\/collies-vom-floersbachtal.de\/cms\/wp-content\/uploads\/2023\/06\/Jeanny-Baxter-Balu-mit-12-Wochen-1.jpg\"><img loading=\"lazy\" decoding=\"async\" width=\"1000\" height=\"840\" data-id=\"40074\" src=\"https:\/\/collies-vom-floersbachtal.de\/cms\/wp-content\/uploads\/2023\/06\/Jeanny-Baxter-Balu-mit-12-Wochen-1.jpg\" alt=\"\" class=\"wp-image-40074\" srcset=\"https:\/\/collies-vom-floersbachtal.de\/cms\/wp-content\/uploads\/2023\/06\/Jeanny-Baxter-Balu-mit-12-Wochen-1.jpg 1000w, https:\/\/collies-vom-floersbachtal.de\/cms\/wp-content\/uploads\/2023\/06\/Jeanny-Baxter-Balu-mit-12-Wochen-1-300x252.jpg 300w, https:\/\/collies-vom-floersbachtal.de\/cms\/wp-content\/uploads\/2023\/06\/Jeanny-Baxter-Balu-mit-12-Wochen-1-768x645.jpg 768w\" sizes=\"auto, (max-width: 1000px) 100vw, 1000px\" \/><\/a><\/figure>\n<\/figure>\n\n\n\n<figure class=\"wp-block-image size-full\"><a href=\"https:\/\/collies-vom-floersbachtal.de\/cms\/wp-content\/uploads\/2023\/06\/Alle3-Wurfkiste-52-Tage-8.Woche_2.jpg\"><img loading=\"lazy\" decoding=\"async\" width=\"1000\" height=\"315\" src=\"https:\/\/collies-vom-floersbachtal.de\/cms\/wp-content\/uploads\/2023\/06\/Alle3-Wurfkiste-52-Tage-8.Woche_2.jpg\" alt=\"\" class=\"wp-image-40078\" srcset=\"https:\/\/collies-vom-floersbachtal.de\/cms\/wp-content\/uploads\/2023\/06\/Alle3-Wurfkiste-52-Tage-8.Woche_2.jpg 1000w, https:\/\/collies-vom-floersbachtal.de\/cms\/wp-content\/uploads\/2023\/06\/Alle3-Wurfkiste-52-Tage-8.Woche_2-300x95.jpg 300w, https:\/\/collies-vom-floersbachtal.de\/cms\/wp-content\/uploads\/2023\/06\/Alle3-Wurfkiste-52-Tage-8.Woche_2-768x242.jpg 768w\" sizes=\"auto, (max-width: 1000px) 100vw, 1000px\" \/><\/a><\/figure>\n\n\n\n<p>Aber auch sie mu\u00dfte nach kurzer, schwerer Krankheit erl\u00f6st werden und darf nun mit Mama und Gernot \u00fcber die Wiesen flitzen. <\/p>\n\n\n\n<p>S\u00fc\u00dfe, ich wei\u00df das deine Mama dich am Ende des Regenbogens in den Empfang genommen hat.  Es war sch\u00f6n das ich dich kennen lernen durfte \ud83d\ude41 <\/p>\n\n\n\n<figure class=\"wp-block-image size-full\"><a href=\"https:\/\/collies-vom-floersbachtal.de\/cms\/wp-content\/uploads\/2023\/06\/Regenbogen1-Juni23.jpg\"><img loading=\"lazy\" decoding=\"async\" width=\"1000\" height=\"563\" src=\"https:\/\/collies-vom-floersbachtal.de\/cms\/wp-content\/uploads\/2023\/06\/Regenbogen1-Juni23.jpg\" alt=\"\" class=\"wp-image-40106\" srcset=\"https:\/\/collies-vom-floersbachtal.de\/cms\/wp-content\/uploads\/2023\/06\/Regenbogen1-Juni23.jpg 1000w, https:\/\/collies-vom-floersbachtal.de\/cms\/wp-content\/uploads\/2023\/06\/Regenbogen1-Juni23-300x169.jpg 300w, https:\/\/collies-vom-floersbachtal.de\/cms\/wp-content\/uploads\/2023\/06\/Regenbogen1-Juni23-768x432.jpg 768w\" sizes=\"auto, (max-width: 1000px) 100vw, 1000px\" \/><\/a><\/figure>\n\n\n\n<figure class=\"wp-block-image size-large\"><a href=\"https:\/\/collies-vom-floersbachtal.de\/cms\/wp-content\/uploads\/2023\/06\/Trauerweide1-im-Dez.16.jpg\"><img loading=\"lazy\" decoding=\"async\" width=\"683\" height=\"1024\" src=\"https:\/\/collies-vom-floersbachtal.de\/cms\/wp-content\/uploads\/2023\/06\/Trauerweide1-im-Dez.16-683x1024.jpg\" alt=\"\" class=\"wp-image-40079\" srcset=\"https:\/\/collies-vom-floersbachtal.de\/cms\/wp-content\/uploads\/2023\/06\/Trauerweide1-im-Dez.16-683x1024.jpg 683w, https:\/\/collies-vom-floersbachtal.de\/cms\/wp-content\/uploads\/2023\/06\/Trauerweide1-im-Dez.16-200x300.jpg 200w, https:\/\/collies-vom-floersbachtal.de\/cms\/wp-content\/uploads\/2023\/06\/Trauerweide1-im-Dez.16-768x1152.jpg 768w, https:\/\/collies-vom-floersbachtal.de\/cms\/wp-content\/uploads\/2023\/06\/Trauerweide1-im-Dez.16.jpg 1000w\" sizes=\"auto, (max-width: 683px) 100vw, 683px\" \/><\/a><\/figure>\n\n\n\n<h2 class=\"wp-block-heading\"><strong> &#8222;Midnight Snow vom Fl\u00f6rsbachtal &#8220; <\/strong><\/h2>\n\n\n\n<h1 class=\"wp-block-heading\"><strong>02.11.2023  &#8211;  07.11.2023 <\/strong><\/h1>\n\n\n\n<figure class=\"wp-block-image size-large\"><a href=\"https:\/\/collies-vom-floersbachtal.de\/cms\/wp-content\/uploads\/2023\/11\/M-Wurf-White-Bluemerle-Ruede2-1-Tag-1.jpg\"><img loading=\"lazy\" decoding=\"async\" width=\"549\" height=\"1024\" src=\"https:\/\/collies-vom-floersbachtal.de\/cms\/wp-content\/uploads\/2023\/11\/M-Wurf-White-Bluemerle-Ruede2-1-Tag-1-549x1024.jpg\" alt=\"\" class=\"wp-image-43119\" srcset=\"https:\/\/collies-vom-floersbachtal.de\/cms\/wp-content\/uploads\/2023\/11\/M-Wurf-White-Bluemerle-Ruede2-1-Tag-1-549x1024.jpg 549w, https:\/\/collies-vom-floersbachtal.de\/cms\/wp-content\/uploads\/2023\/11\/M-Wurf-White-Bluemerle-Ruede2-1-Tag-1-161x300.jpg 161w, https:\/\/collies-vom-floersbachtal.de\/cms\/wp-content\/uploads\/2023\/11\/M-Wurf-White-Bluemerle-Ruede2-1-Tag-1-768x1432.jpg 768w, https:\/\/collies-vom-floersbachtal.de\/cms\/wp-content\/uploads\/2023\/11\/M-Wurf-White-Bluemerle-Ruede2-1-Tag-1-824x1536.jpg 824w, https:\/\/collies-vom-floersbachtal.de\/cms\/wp-content\/uploads\/2023\/11\/M-Wurf-White-Bluemerle-Ruede2-1-Tag-1.jpg 1000w\" sizes=\"auto, (max-width: 549px) 100vw, 549px\" \/><\/a><\/figure>\n\n\n\n<p>Kleiner, gro\u00dfer K\u00e4mpfer, leider sollte es dir nicht gelingen. Es tut mir so leid, gerne h\u00e4tte ich dich aufwachsen sehen. <\/p>\n\n\n\n<p>R.I.P. komm gut bei Herrchen und den anderen an, dort k\u00f6nnt ihr alles Sch\u00f6ne erleben.<\/p>\n\n\n\n<h1 class=\"wp-block-heading\">            <strong>23.11.2011          &#8211;             03.05.2024   <\/strong>        <\/h1>\n\n\n\n<p><strong>Tsch\u00fcss mein lieber Akela-Wolf vom Fl\u00f6rsbachtal auch du hast deinen 13. Geburtstag nicht ganz geschafft, aber daf\u00fcr darfst du jetzt zu deinem lieben Gernot den du auch \u00fcber alles geliebt hast. \ud83d\ude41<\/strong>  <strong>R.I.P. Wolf <\/strong><\/p>\n\n\n\n<figure class=\"wp-block-image size-large\"><a href=\"https:\/\/collies-vom-floersbachtal.de\/cms\/wp-content\/uploads\/2024\/07\/Wolf3-Maerz22.jpg\"><img loading=\"lazy\" decoding=\"async\" width=\"1024\" height=\"768\" src=\"https:\/\/collies-vom-floersbachtal.de\/cms\/wp-content\/uploads\/2024\/07\/Wolf3-Maerz22-1024x768.jpg\" alt=\"\" class=\"wp-image-47348\" srcset=\"https:\/\/collies-vom-floersbachtal.de\/cms\/wp-content\/uploads\/2024\/07\/Wolf3-Maerz22-1024x768.jpg 1024w, https:\/\/collies-vom-floersbachtal.de\/cms\/wp-content\/uploads\/2024\/07\/Wolf3-Maerz22-300x225.jpg 300w, https:\/\/collies-vom-floersbachtal.de\/cms\/wp-content\/uploads\/2024\/07\/Wolf3-Maerz22-768x576.jpg 768w, https:\/\/collies-vom-floersbachtal.de\/cms\/wp-content\/uploads\/2024\/07\/Wolf3-Maerz22-1536x1152.jpg 1536w, https:\/\/collies-vom-floersbachtal.de\/cms\/wp-content\/uploads\/2024\/07\/Wolf3-Maerz22.jpg 1600w\" sizes=\"auto, (max-width: 1024px) 100vw, 1024px\" \/><\/a><\/figure>\n\n\n\n<figure class=\"wp-block-image size-full\"><a href=\"https:\/\/collies-vom-floersbachtal.de\/cms\/wp-content\/uploads\/2024\/07\/Trauer-1.jpg\"><img loading=\"lazy\" decoding=\"async\" width=\"500\" height=\"571\" src=\"https:\/\/collies-vom-floersbachtal.de\/cms\/wp-content\/uploads\/2024\/07\/Trauer-1.jpg\" alt=\"\" class=\"wp-image-47347\" srcset=\"https:\/\/collies-vom-floersbachtal.de\/cms\/wp-content\/uploads\/2024\/07\/Trauer-1.jpg 500w, https:\/\/collies-vom-floersbachtal.de\/cms\/wp-content\/uploads\/2024\/07\/Trauer-1-263x300.jpg 263w\" sizes=\"auto, (max-width: 500px) 100vw, 500px\" \/><\/a><\/figure>\n\n\n\n<h1 class=\"wp-block-heading\"><strong>Und wieder ist ein ganz gro\u00dfer, lieber L\u00f6we von uns gegangen&#8230;<\/strong> <strong>\ud83d\ude41  Im verflixten 13. Lebensjahr ist er nun auch zu seinem geliebten Herrchen Gernot und seinen M\u00e4dels Ginger und Jeanny gegangen \ud83d\ude41<\/strong><\/h1>\n\n\n\n<h1 class=\"wp-block-heading\">                  <strong>23.11.2011    &#8211;      22.07.2024<\/strong><\/h1>\n\n\n\n<p><strong>R.I.P. lieber Akil &#8211; Balu vom Fl\u00f6rsbachtal, nun darfst du wieder ganz unbeschwert bei Herrchen \u00fcber die Wiesen und Felder  rennen<\/strong>. <strong>Eins seiner letzten Fotos von seiner Familie , wo er noch den kleinen Nachwuchs miterleben durfte. \ud83d\ude42<\/strong><\/p>\n\n\n\n<figure class=\"wp-block-image size-full\"><a href=\"https:\/\/collies-vom-floersbachtal.de\/cms\/wp-content\/uploads\/2024\/07\/Balu1-am-Ende.jpg\"><img loading=\"lazy\" decoding=\"async\" width=\"1000\" height=\"667\" src=\"https:\/\/collies-vom-floersbachtal.de\/cms\/wp-content\/uploads\/2024\/07\/Balu1-am-Ende.jpg\" alt=\"\" class=\"wp-image-47349\" srcset=\"https:\/\/collies-vom-floersbachtal.de\/cms\/wp-content\/uploads\/2024\/07\/Balu1-am-Ende.jpg 1000w, https:\/\/collies-vom-floersbachtal.de\/cms\/wp-content\/uploads\/2024\/07\/Balu1-am-Ende-300x200.jpg 300w, https:\/\/collies-vom-floersbachtal.de\/cms\/wp-content\/uploads\/2024\/07\/Balu1-am-Ende-768x512.jpg 768w\" sizes=\"auto, (max-width: 1000px) 100vw, 1000px\" \/><\/a><\/figure>\n\n\n\n<figure class=\"wp-block-image size-large\"><a href=\"https:\/\/collies-vom-floersbachtal.de\/cms\/wp-content\/uploads\/2024\/07\/Balus-Collage1.jpg\"><img loading=\"lazy\" decoding=\"async\" width=\"1024\" height=\"1024\" src=\"https:\/\/collies-vom-floersbachtal.de\/cms\/wp-content\/uploads\/2024\/07\/Balus-Collage1-1024x1024.jpg\" alt=\"\" class=\"wp-image-47350\" srcset=\"https:\/\/collies-vom-floersbachtal.de\/cms\/wp-content\/uploads\/2024\/07\/Balus-Collage1-1024x1024.jpg 1024w, https:\/\/collies-vom-floersbachtal.de\/cms\/wp-content\/uploads\/2024\/07\/Balus-Collage1-300x300.jpg 300w, https:\/\/collies-vom-floersbachtal.de\/cms\/wp-content\/uploads\/2024\/07\/Balus-Collage1-150x150.jpg 150w, https:\/\/collies-vom-floersbachtal.de\/cms\/wp-content\/uploads\/2024\/07\/Balus-Collage1-768x769.jpg 768w, https:\/\/collies-vom-floersbachtal.de\/cms\/wp-content\/uploads\/2024\/07\/Balus-Collage1.jpg 1072w\" sizes=\"auto, (max-width: 1024px) 100vw, 1024px\" \/><\/a><\/figure>\n","protected":false},"excerpt":{"rendered":"<p>Viel zu fr\u00fch mu\u00dftet ihr geh\u00b4n. Aber ihr werdet immer in unserer Erinnerung weiterleben.Bis wir uns irgendwann wiederseh\u00b4n. Kleine Seele ich la\u00df Dich geh\u00b4n, denn ich wei\u00df, wir werden uns wiederseh\u00b4n. Dein Leben hier auf Erden war viel zu schnell &hellip; <a href=\"https:\/\/collies-vom-floersbachtal.de\/?page_id=89\">Weiterlesen <span class=\"meta-nav\">&rarr;<\/span><\/a><\/p>\n","protected":false},"author":1,"featured_media":0,"parent":18,"menu_order":0,"comment_status":"open","ping_status":"open","template":"","meta":{"footnotes":""},"class_list":["post-89","page","type-page","status-publish","hentry"],"_links":{"self":[{"href":"https:\/\/collies-vom-floersbachtal.de\/index.php?rest_route=\/wp\/v2\/pages\/89","targetHints":{"allow":["GET"]}}],"collection":[{"href":"https:\/\/collies-vom-floersbachtal.de\/index.php?rest_route=\/wp\/v2\/pages"}],"about":[{"href":"https:\/\/collies-vom-floersbachtal.de\/index.php?rest_route=\/wp\/v2\/types\/page"}],"author":[{"embeddable":true,"href":"https:\/\/collies-vom-floersbachtal.de\/index.php?rest_route=\/wp\/v2\/users\/1"}],"replies":[{"embeddable":true,"href":"https:\/\/collies-vom-floersbachtal.de\/index.php?rest_route=%2Fwp%2Fv2%2Fcomments&post=89"}],"version-history":[{"count":54,"href":"https:\/\/collies-vom-floersbachtal.de\/index.php?rest_route=\/wp\/v2\/pages\/89\/revisions"}],"predecessor-version":[{"id":50468,"href":"https:\/\/collies-vom-floersbachtal.de\/index.php?rest_route=\/wp\/v2\/pages\/89\/revisions\/50468"}],"up":[{"embeddable":true,"href":"https:\/\/collies-vom-floersbachtal.de\/index.php?rest_route=\/wp\/v2\/pages\/18"}],"wp:attachment":[{"href":"https:\/\/collies-vom-floersbachtal.de\/index.php?rest_route=%2Fwp%2Fv2%2Fmedia&parent=89"}],"curies":[{"name":"wp","href":"https:\/\/api.w.org\/{rel}","templated":true}]}}