{"id":6444,"date":"2013-10-21T11:55:34","date_gmt":"2013-10-21T11:55:34","guid":{"rendered":"http:\/\/collies-vom-floersbachtal.de\/?page_id=6444"},"modified":"2025-11-05T21:45:35","modified_gmt":"2025-11-05T21:45:35","slug":"nachzucht-c-wurf-coby","status":"publish","type":"page","link":"https:\/\/collies-vom-floersbachtal.de\/?page_id=6444","title":{"rendered":"Nachzucht C &#8211; Wurf Coby verstorben :-("},"content":{"rendered":"<p><a href=\"http:\/\/collies-vom-floersbachtal.de\/cms\/wp-content\/uploads\/2013\/10\/Nachzucht-Coby18.jpg\"><img loading=\"lazy\" decoding=\"async\" class=\"alignleft size-medium wp-image-7149\" title=\"Nachzucht Coby1\" src=\"http:\/\/collies-vom-floersbachtal.de\/cms\/wp-content\/uploads\/2013\/10\/Nachzucht-Coby18-270x300.jpg\" alt=\"\" width=\"270\" height=\"300\" srcset=\"https:\/\/collies-vom-floersbachtal.de\/cms\/wp-content\/uploads\/2013\/10\/Nachzucht-Coby18-270x300.jpg 270w, https:\/\/collies-vom-floersbachtal.de\/cms\/wp-content\/uploads\/2013\/10\/Nachzucht-Coby18-922x1024.jpg 922w, https:\/\/collies-vom-floersbachtal.de\/cms\/wp-content\/uploads\/2013\/10\/Nachzucht-Coby18.jpg 1000w\" sizes=\"auto, (max-width: 270px) 100vw, 270px\" \/><\/a><strong> 09.11.13<\/strong> Heute ist unser s\u00fc\u00dfer Coby in sein neues Zuhause gezogen. Wir hoffen das hier zwischen Finn und Coby eine wunderbare Jungen\/Colliefreundschaft heran w\u00e4chst, so wie im kult Film &#8222;Lassie&#8220; zu sehen ist. Wir w\u00e4ren jedenfalls \u00fcbergl\u00fccklich. \ud83d\ude00<\/p>\n<h2><\/h2>\n<h2><\/h2>\n<h2><\/h2>\n<h2><\/h2>\n<h1><strong>08.05.2023 1. Todestag von unserem s\u00fc\u00dfen Coby \ud83d\ude41<a href=\"https:\/\/collies-vom-floersbachtal.de\/?attachment_id=39633\" rel=\"attachment wp-att-39633\"><img loading=\"lazy\" decoding=\"async\" class=\"aligncenter size-full wp-image-39633\" src=\"http:\/\/collies-vom-floersbachtal.de\/cms\/wp-content\/uploads\/2023\/05\/Coby.jpg\" alt=\"\" width=\"768\" height=\"1024\" srcset=\"https:\/\/collies-vom-floersbachtal.de\/cms\/wp-content\/uploads\/2023\/05\/Coby.jpg 768w, https:\/\/collies-vom-floersbachtal.de\/cms\/wp-content\/uploads\/2023\/05\/Coby-225x300.jpg 225w\" sizes=\"auto, (max-width: 768px) 100vw, 768px\" \/><\/a> <\/strong><\/h1>\n<h1><strong>Unser Coby \u2764\ufe0f heute vor einem Jahr bist du \u00fcber die Regenbogenbr\u00fccke gegangen. Die letzten 4 Wochen ging es dir hier unten gar nicht mehr gut \ud83e\udd7a wir hoffen dass, du da oben viel Freude beim Rumtoben hast. Mutti u. Papa verw\u00f6hnen dich bestimmt sehr \u2764\ufe0f Sammy und Apollu hast du bestimmt auch kennen gelernt \ud83e\udd70 auch dein Bruder Capone und Gernot hast du bestimmt schon besucht, denn da oben gibt es keine geschlossene T\u00fcren wie hier unten, da oben darf man frei, wild und vor allem ohne Schmerz sein \u2764\ufe0f auch deine geliebte Mama Ginger ist zu euch da hoch gestiegen, ich hoffe ihr konntet euch schon sehen und beschn\u00fcffeln \u2764\ufe0f<br \/>\n<\/strong><\/h1>\n<h1><strong>\u00a0<\/strong><\/h1>\n<h1><strong>08.07.2022 Nachruf zu Cobys viel zu fr\u00fchen Tod von seinem hei\u00df geliebten Frauli\u00a0<\/strong><\/h1>\n<p class=\"p1\"><span class=\"s1\">Coby und Frauli ,,ein unzertrennliches Band bis zum letzten Atemzug.\u00a0<\/span><\/p>\n<p class=\"p2\"><span class=\"s2\">Fr\u00fcher habe ich mir immer gern Lassie angeschaut und war immer hin und weg als Kind. Sp\u00e4ter als ich erwachsen war, fragte ich mich oft, ob ein Collie wirklich so ist wie in diesem Film, ob er wirklich sp\u00fcrt, wenn sein Mensch in Gefahr ist, ob er wirklich so sanftm\u00fctig und sensibel ist, ob er wirklich so treu und loyal ist wie immer beschrieben\u2026 es war einfach so m\u00e4rchenhaft, dachte ich immer\u2026<\/span><\/p>\n<p class=\"p2\"><span class=\"s2\">Dann bekamen wir unseren Coby, er suchte uns aus, nicht wir ihn und die Verbindung war sofort da. Sofort war er ein Teil unserer Familie, mein gro\u00dfer Sohn war sein Spielgef\u00e4hrte, aber auch unsere zwei n\u00e4chsten Kinder schloss er sofort in sein Herz. Er passte auf als sie laufen lernten, er bewachte sie beim schlafen und drau\u00dfen war er immer an der Seite der Kinder. Dann kam der 7. November 2015 und wir beide gingen unsere Hunderunde, Coby wollte gar nicht so wirklich mit mir ins Feld, was mich wunderte, ging aber brav mit, er ging an meiner Seite und schaute als zu mir hoch. Ich fragte ihn, was ist los Coby\u201c er schaute so nerv\u00f6s, ich sagte komm noch ein St\u00fcck, aber er blieb einfach stehen. Dachte ich mir ungew\u00f6hnlich, aber nun gut, gehen wir Heim und sp\u00e4ter dann nochmal.\u00a0<\/span><\/p>\n<p class=\"p2\"><span class=\"s2\">Dann passierte es, ich konnte auf einmal nicht mehr sehen, mir wurde schlecht, aber mein Augenlicht kam sofort zur\u00fcck, er dr\u00e4ngte mich nach Hause, wir gingen so gut wir konnten, er blieb als bei mir. Zuhause angekommen, wollte ich mich umlegen, ich hatte Kopfweh, dachte, toll Migr\u00e4ne. Ich dunkelte das Wohnzimmer ab und wir legten uns hin, Coby war aber immer noch nerv\u00f6s und leckte mich an meiner Hand ab. In diesem Moment kam der Schock, ich sp\u00fcrte es nicht richtig! Sofort rief ich ein Krankenwagen mit Notarzt und mein Mann an, die alle sehr schnell da waren, Coby immer noch an meiner Seite. Der Arzt, sagte Verdacht auf einen Schlaganfall, der sich auch best\u00e4tigte. Im Krankenhaus dachte ich nach, Coby hat es die ganze Zeit gesp\u00fcrt, er wollte mich warnen, er wollte mir zeigen, du gehst nicht spazieren mit dir stimmt irgendwas nicht. Coby, mein Lebensretter!!! Es war bewiesen, Lassie ist kein Mythos. Dieses tat er noch mehrere Male, jedes Mal wenn es mir nicht gut ging war er an meiner Seite, erinnerte mich also immer daran mein lebensnotwendiges Cortison zu nehmen. All das tat er bis zum Schluss\u2026 Seelenverwandt waren wir und sind wir heute noch! Im M\u00e4rz diesem Jahres sp\u00fcrte ich dann, das es meinem Coby nicht gut ging, st\u00e4ndige Tierarztbesuche waren nur von kurzem Erfolg, es ging ihm ein Tag und zwei Tage schlecht, er kam die Treppe nicht mehr rauf\u2026 der Tierarzt sagte er hat ein Problem mit den Gelenken, aber ich sp\u00fcrte da ist viel mehr. Bat eine gute Bekannte (auch Tier\u00e4rztin) sich bitte meinen Hund sofort anzusehen. Sie tat dieses sofort, R\u00f6ntgen, Ultraschall und eine ausf\u00fchrliche Untersuchung offenbarte wie furchtbar krank er war! Er hatte Metastasen, in der Lunge, Leber und Bauchspeicheldr\u00fcse. Es war aussichtslos\u2026 es brach f\u00fcr die ganze Familie eine Welt zusammen, wir wussten, wir m\u00fcssen ihn bald gehen lassen <\/span><span class=\"s3\">\ud83d\ude2d\ud83d\ude2d\ud83d\ude2d<\/span><span class=\"s2\"> fast 4 Wochen hat unser Coby gek\u00e4mpft, wir waren alle die ganze Zeit an seiner Seite, haben versucht was man noch versuchen konnte. Dann kam der 9 Mai und ich wusste er ist jetzt auf dem Weg, wir sp\u00fcrten, wir mussten ihn gehen lassen, er hat genug gek\u00e4mpft, er hat in seinem fast 9 j\u00e4hrigen Leben uns alles an Liebe gegeben was man nur geben kann, er hat uns und vor allem mich besch\u00fctzt, sogar ein Einbrecher hat er verjagt, mich gerettet\u2026 jetzt war es an der Zeit, dass wir f\u00fcr ihn da sind und ihn von Schmerz und Leid zu erl\u00f6sen, wir als Familie waren bei ihm bis zum letzten Atemzug. Ich legte mich zu ihm und hielt ihn in meinen Armen, ich sp\u00fcrte wie das Herz aufh\u00f6rte zu schlagen. Es f\u00fchlte sich an als ging ein St\u00fcck von mir mit\u2026 mein Seelenhund, mein Coby, wir werden immer bei dir sein, wir werden dich so lange lieben wie unser Herz schl\u00e4gt und eines Tages auf der anderen Seite werden wir uns wieder sehen. DANKE unser treuer Begleiter <\/span><span class=\"s3\">\u2764\ufe0f<\/span><span class=\"s2\">\u00a0<\/span><\/p>\n<h1><strong>09. Mai 2022\u00a0 was eine Trag\u00f6die\u00a0 \ud83d\ude41\u00a0<\/strong><\/h1>\n<p>Ein ganz trauriger Tag, unser geliebter Coby hat es leider nicht geschafft:-(\u00a0 Vor ca. 3 Wochen erhielt ich die Nachricht das es Coby sehr schlecht ginge und es stellte sich heraus das er viele Metastasen in der Lunge hat. Hier die letzte Aufnahme von einem sehr m\u00fcden und geschw\u00e4chten Coby \ud83d\ude41<\/p>\n<p><a href=\"https:\/\/collies-vom-floersbachtal.de\/?attachment_id=35153\" rel=\"attachment wp-att-35153\"><img loading=\"lazy\" decoding=\"async\" class=\"aligncenter size-full wp-image-35153\" src=\"http:\/\/collies-vom-floersbachtal.de\/cms\/wp-content\/uploads\/2022\/05\/Coby2-Mai22.jpg\" alt=\"\" width=\"1000\" height=\"1333\" srcset=\"https:\/\/collies-vom-floersbachtal.de\/cms\/wp-content\/uploads\/2022\/05\/Coby2-Mai22.jpg 1000w, https:\/\/collies-vom-floersbachtal.de\/cms\/wp-content\/uploads\/2022\/05\/Coby2-Mai22-225x300.jpg 225w, https:\/\/collies-vom-floersbachtal.de\/cms\/wp-content\/uploads\/2022\/05\/Coby2-Mai22-768x1024.jpg 768w\" sizes=\"auto, (max-width: 1000px) 100vw, 1000px\" \/><\/a><\/p>\n<p>Es war aussichtslos&#8230; was\u00a0 f\u00fcr ein schreckliches Ergebnis. So ein toller Hund, 2 x hat er in seinem fast 9 j\u00e4hrigen Leben seinem Frauli das Leben gerettet und den Kids ihre Mama erhalten und nun das. Man versteht die Welt nicht mehr&#8230;<\/p>\n<p><a href=\"https:\/\/collies-vom-floersbachtal.de\/?attachment_id=35159\" rel=\"attachment wp-att-35159\"><img loading=\"lazy\" decoding=\"async\" class=\"aligncenter size-full wp-image-35159\" src=\"http:\/\/collies-vom-floersbachtal.de\/cms\/wp-content\/uploads\/2022\/05\/Coby2-vor-der-OP-im-Juli2020.jpg\" alt=\"\" width=\"1000\" height=\"1333\" srcset=\"https:\/\/collies-vom-floersbachtal.de\/cms\/wp-content\/uploads\/2022\/05\/Coby2-vor-der-OP-im-Juli2020.jpg 1000w, https:\/\/collies-vom-floersbachtal.de\/cms\/wp-content\/uploads\/2022\/05\/Coby2-vor-der-OP-im-Juli2020-225x300.jpg 225w, https:\/\/collies-vom-floersbachtal.de\/cms\/wp-content\/uploads\/2022\/05\/Coby2-vor-der-OP-im-Juli2020-768x1024.jpg 768w\" sizes=\"auto, (max-width: 1000px) 100vw, 1000px\" \/><\/a><a href=\"https:\/\/collies-vom-floersbachtal.de\/?attachment_id=35154\" rel=\"attachment wp-att-35154\"><img loading=\"lazy\" decoding=\"async\" class=\"aligncenter size-full wp-image-35154\" src=\"http:\/\/collies-vom-floersbachtal.de\/cms\/wp-content\/uploads\/2022\/05\/Trauer.jpg\" alt=\"\" width=\"500\" height=\"571\" srcset=\"https:\/\/collies-vom-floersbachtal.de\/cms\/wp-content\/uploads\/2022\/05\/Trauer.jpg 500w, https:\/\/collies-vom-floersbachtal.de\/cms\/wp-content\/uploads\/2022\/05\/Trauer-263x300.jpg 263w\" sizes=\"auto, (max-width: 500px) 100vw, 500px\" \/><\/a><\/p>\n<h1>Lebe wohl lieber Coby vom Fl\u00f6rsbachtal \ud83d\ude41<\/h1>\n<h1><strong>R.I.P.\u00a0 13.08.2013\u00a0 \u00a0 &#8211;\u00a0 \u00a0 \u00a0 09.05.2022\u00a0<\/strong><\/h1>\n<h1><\/h1>\n<h1><\/h1>\n<h1><strong>NEWS von Coby im April 2022 \ud83d\ude42<\/strong><\/h1>\n<p><a href=\"https:\/\/collies-vom-floersbachtal.de\/?attachment_id=35008\" rel=\"attachment wp-att-35008\"><img loading=\"lazy\" decoding=\"async\" class=\"aligncenter size-full wp-image-35008\" src=\"http:\/\/collies-vom-floersbachtal.de\/cms\/wp-content\/uploads\/2022\/04\/Coby2-April22.jpg\" alt=\"\" width=\"1658\" height=\"2048\" srcset=\"https:\/\/collies-vom-floersbachtal.de\/cms\/wp-content\/uploads\/2022\/04\/Coby2-April22.jpg 1658w, https:\/\/collies-vom-floersbachtal.de\/cms\/wp-content\/uploads\/2022\/04\/Coby2-April22-243x300.jpg 243w, https:\/\/collies-vom-floersbachtal.de\/cms\/wp-content\/uploads\/2022\/04\/Coby2-April22-829x1024.jpg 829w, https:\/\/collies-vom-floersbachtal.de\/cms\/wp-content\/uploads\/2022\/04\/Coby2-April22-768x949.jpg 768w, https:\/\/collies-vom-floersbachtal.de\/cms\/wp-content\/uploads\/2022\/04\/Coby2-April22-1244x1536.jpg 1244w\" sizes=\"auto, (max-width: 1658px) 100vw, 1658px\" \/><\/a> <a href=\"https:\/\/collies-vom-floersbachtal.de\/?attachment_id=35009\" rel=\"attachment wp-att-35009\"><img loading=\"lazy\" decoding=\"async\" class=\"aligncenter size-full wp-image-35009\" src=\"http:\/\/collies-vom-floersbachtal.de\/cms\/wp-content\/uploads\/2022\/04\/Coby1-April22.jpg\" alt=\"\" width=\"634\" height=\"960\" srcset=\"https:\/\/collies-vom-floersbachtal.de\/cms\/wp-content\/uploads\/2022\/04\/Coby1-April22.jpg 634w, https:\/\/collies-vom-floersbachtal.de\/cms\/wp-content\/uploads\/2022\/04\/Coby1-April22-198x300.jpg 198w\" sizes=\"auto, (max-width: 634px) 100vw, 634px\" \/><\/a><\/p>\n<h2><strong>Gute Neuigkeiten von Coby nach der gro\u00dfen OP im Juli 2020 \ud83d\ude42<\/strong><a href=\"http:\/\/collies-vom-floersbachtal.de\/?attachment_id=29342\" rel=\"attachment wp-att-29342\"><img loading=\"lazy\" decoding=\"async\" class=\"aligncenter size-full wp-image-29342\" src=\"http:\/\/collies-vom-floersbachtal.de\/cms\/wp-content\/uploads\/2020\/08\/Coby5-nach-der-OP-Juli20.jpg\" alt=\"\" width=\"1200\" height=\"1600\" srcset=\"https:\/\/collies-vom-floersbachtal.de\/cms\/wp-content\/uploads\/2020\/08\/Coby5-nach-der-OP-Juli20.jpg 1200w, https:\/\/collies-vom-floersbachtal.de\/cms\/wp-content\/uploads\/2020\/08\/Coby5-nach-der-OP-Juli20-225x300.jpg 225w, https:\/\/collies-vom-floersbachtal.de\/cms\/wp-content\/uploads\/2020\/08\/Coby5-nach-der-OP-Juli20-768x1024.jpg 768w, https:\/\/collies-vom-floersbachtal.de\/cms\/wp-content\/uploads\/2020\/08\/Coby5-nach-der-OP-Juli20-1152x1536.jpg 1152w\" sizes=\"auto, (max-width: 1200px) 100vw, 1200px\" \/><\/a><a href=\"http:\/\/collies-vom-floersbachtal.de\/?attachment_id=29341\" rel=\"attachment wp-att-29341\"><img loading=\"lazy\" decoding=\"async\" class=\"aligncenter size-full wp-image-29341\" src=\"http:\/\/collies-vom-floersbachtal.de\/cms\/wp-content\/uploads\/2020\/08\/Coby4-nach-der-OP-Juli20.jpg\" alt=\"\" width=\"1200\" height=\"1600\" srcset=\"https:\/\/collies-vom-floersbachtal.de\/cms\/wp-content\/uploads\/2020\/08\/Coby4-nach-der-OP-Juli20.jpg 1200w, https:\/\/collies-vom-floersbachtal.de\/cms\/wp-content\/uploads\/2020\/08\/Coby4-nach-der-OP-Juli20-225x300.jpg 225w, https:\/\/collies-vom-floersbachtal.de\/cms\/wp-content\/uploads\/2020\/08\/Coby4-nach-der-OP-Juli20-768x1024.jpg 768w, https:\/\/collies-vom-floersbachtal.de\/cms\/wp-content\/uploads\/2020\/08\/Coby4-nach-der-OP-Juli20-1152x1536.jpg 1152w\" sizes=\"auto, (max-width: 1200px) 100vw, 1200px\" \/><\/a><\/h2>\n<p><a href=\"http:\/\/collies-vom-floersbachtal.de\/?attachment_id=29339\" rel=\"attachment wp-att-29339\"><img loading=\"lazy\" decoding=\"async\" class=\"aligncenter size-full wp-image-29339\" src=\"http:\/\/collies-vom-floersbachtal.de\/cms\/wp-content\/uploads\/2020\/08\/Coby2-vor-der-OP-im-Juli2020.jpg\" alt=\"\" width=\"1000\" height=\"1333\" srcset=\"https:\/\/collies-vom-floersbachtal.de\/cms\/wp-content\/uploads\/2020\/08\/Coby2-vor-der-OP-im-Juli2020.jpg 1000w, https:\/\/collies-vom-floersbachtal.de\/cms\/wp-content\/uploads\/2020\/08\/Coby2-vor-der-OP-im-Juli2020-225x300.jpg 225w, https:\/\/collies-vom-floersbachtal.de\/cms\/wp-content\/uploads\/2020\/08\/Coby2-vor-der-OP-im-Juli2020-768x1024.jpg 768w\" sizes=\"auto, (max-width: 1000px) 100vw, 1000px\" \/><\/a><\/p>\n<p><strong>April 2019 Tolle Neuigkeiten von unserem s\u00fc\u00dfen Coby und seiner Familie \ud83d\ude00<\/strong> Hallo Susanne, wir haben jetzt auch einen Bus und Coby hat einen tollen Platz und f\u00e4hrt total gerne. J\u00f6rg hat ihm sch\u00f6n was aus Holz gebaut und ich mit Stoff und bezogen wie ein Himmelbett. Da f\u00fchlt er sich sicher.\u00a0 Hancock k\u00f6nnte echt mein Coby sein. Obwohl so was wie ihn gibt es nicht nochmal. Der hat mich schon mehrmals gerettet wenn es mir nicht gut geht macht er sich immer bemerkbar und leckt mich ab. Dann wei\u00df ich wieder ich habe mein Cortison vergessen. Ein Leben ohne Coby ist f\u00fcr mich unvorstellbar deshalb habe ich dich heute wegen der Narkose gefragt, man wei\u00df ja nie wenn mal was ist&#8230;Nein Coby geht es bestens hat jetzt einen dicken Kumpel hier zum Toben.. Uns gehts bestens mit den 3 Kindern und Coby, was soll ich sagen ein Traum von einem Hund. Er bewacht seiner Kinder hier alle und holt treibt sie auch ein wenn es sein muss \ud83d\ude00 \ud83d\ude00 \ud83d\ude00 Wie gehts dir und den Collies so ohne Gernot?<a href=\"http:\/\/collies-vom-floersbachtal.de\/cms\/wp-content\/uploads\/2013\/10\/Coby1-April19.jpg\"><img loading=\"lazy\" decoding=\"async\" class=\"aligncenter size-large wp-image-26565\" title=\"Coby1 April19\" src=\"http:\/\/collies-vom-floersbachtal.de\/cms\/wp-content\/uploads\/2013\/10\/Coby1-April19-1024x680.jpg\" alt=\"\" width=\"640\" height=\"425\" srcset=\"https:\/\/collies-vom-floersbachtal.de\/cms\/wp-content\/uploads\/2013\/10\/Coby1-April19-1024x680.jpg 1024w, https:\/\/collies-vom-floersbachtal.de\/cms\/wp-content\/uploads\/2013\/10\/Coby1-April19-300x199.jpg 300w, https:\/\/collies-vom-floersbachtal.de\/cms\/wp-content\/uploads\/2013\/10\/Coby1-April19.jpg 2048w\" sizes=\"auto, (max-width: 640px) 100vw, 640px\" \/><\/a><a href=\"http:\/\/collies-vom-floersbachtal.de\/cms\/wp-content\/uploads\/2013\/10\/Coby3-April19.jpg\"><img loading=\"lazy\" decoding=\"async\" class=\"aligncenter size-medium wp-image-26567\" title=\"Coby3 April19\" src=\"http:\/\/collies-vom-floersbachtal.de\/cms\/wp-content\/uploads\/2013\/10\/Coby3-April19-300x300.jpg\" alt=\"\" width=\"300\" height=\"300\" srcset=\"https:\/\/collies-vom-floersbachtal.de\/cms\/wp-content\/uploads\/2013\/10\/Coby3-April19-300x300.jpg 300w, https:\/\/collies-vom-floersbachtal.de\/cms\/wp-content\/uploads\/2013\/10\/Coby3-April19-150x150.jpg 150w, https:\/\/collies-vom-floersbachtal.de\/cms\/wp-content\/uploads\/2013\/10\/Coby3-April19.jpg 960w\" sizes=\"auto, (max-width: 300px) 100vw, 300px\" \/><\/a> <a href=\"http:\/\/collies-vom-floersbachtal.de\/cms\/wp-content\/uploads\/2013\/10\/Coby4-April191.jpg\"><img loading=\"lazy\" decoding=\"async\" class=\"aligncenter size-full wp-image-26569\" title=\"Coby4 April19\" src=\"http:\/\/collies-vom-floersbachtal.de\/cms\/wp-content\/uploads\/2013\/10\/Coby4-April191.jpg\" alt=\"\" width=\"720\" height=\"960\" srcset=\"https:\/\/collies-vom-floersbachtal.de\/cms\/wp-content\/uploads\/2013\/10\/Coby4-April191.jpg 720w, https:\/\/collies-vom-floersbachtal.de\/cms\/wp-content\/uploads\/2013\/10\/Coby4-April191-225x300.jpg 225w\" sizes=\"auto, (max-width: 720px) 100vw, 720px\" \/><\/a> So ein h\u00fcbscher Schatz :-DCoby voran ;-)Der Kleine h\u00e4lt immer die Leine und wenn er wau wau ruft kommt er und l\u00e4sst sich von ihm anleinen. Die Frage ist &#8222;Lassie&#8220; ein Mythos???<\/p>\n<p>Coby ist noch viel besser, also so wie er mit den Kindern umgeht das kann man gar nicht beschreiben das muss man erleben.. letztens bellte er, als ich den Kleinen schieben wollte im Dreirad, ich sagte aus, da biss er in den Reifen&#8230; wei\u00dft du was er mir sagen wollte??? Ich hatte vergessen ihn an zu schnallen. Als ich das tat, war alles gut, da lief er erst zum Toben los. Toller Schatz \ud83d\ude00<\/p>\n<p><strong>News von Coby aus dem Urlaub in Frankreich Sommer 2018<a href=\"http:\/\/collies-vom-floersbachtal.de\/cms\/wp-content\/uploads\/2013\/10\/Coby2-im-Urlaub-in-Frankreich18.jpg\"><img loading=\"lazy\" decoding=\"async\" class=\"aligncenter size-full wp-image-23268\" title=\"Coby2 im Urlaub in Frankreich18\" src=\"http:\/\/collies-vom-floersbachtal.de\/cms\/wp-content\/uploads\/2013\/10\/Coby2-im-Urlaub-in-Frankreich18.jpg\" alt=\"\" width=\"960\" height=\"796\" srcset=\"https:\/\/collies-vom-floersbachtal.de\/cms\/wp-content\/uploads\/2013\/10\/Coby2-im-Urlaub-in-Frankreich18.jpg 960w, https:\/\/collies-vom-floersbachtal.de\/cms\/wp-content\/uploads\/2013\/10\/Coby2-im-Urlaub-in-Frankreich18-300x248.jpg 300w\" sizes=\"auto, (max-width: 960px) 100vw, 960px\" \/><\/a><a href=\"http:\/\/collies-vom-floersbachtal.de\/cms\/wp-content\/uploads\/2013\/10\/Coby1-im-Urlaub-in-Frankreich18.jpg\"><img loading=\"lazy\" decoding=\"async\" class=\"aligncenter size-full wp-image-23267\" title=\"Coby1 im Urlaub in Frankreich18\" src=\"http:\/\/collies-vom-floersbachtal.de\/cms\/wp-content\/uploads\/2013\/10\/Coby1-im-Urlaub-in-Frankreich18.jpg\" alt=\"\" width=\"720\" height=\"960\" srcset=\"https:\/\/collies-vom-floersbachtal.de\/cms\/wp-content\/uploads\/2013\/10\/Coby1-im-Urlaub-in-Frankreich18.jpg 720w, https:\/\/collies-vom-floersbachtal.de\/cms\/wp-content\/uploads\/2013\/10\/Coby1-im-Urlaub-in-Frankreich18-225x300.jpg 225w\" sizes=\"auto, (max-width: 720px) 100vw, 720px\" \/><\/a><\/strong> <a href=\"http:\/\/collies-vom-floersbachtal.de\/cms\/wp-content\/uploads\/2013\/10\/Coby1-im-Urlaub-Bretanie2018.jpg\"><img loading=\"lazy\" decoding=\"async\" class=\"aligncenter size-full wp-image-23154\" title=\"Coby1 im Urlaub Bretanie2018\" src=\"http:\/\/collies-vom-floersbachtal.de\/cms\/wp-content\/uploads\/2013\/10\/Coby1-im-Urlaub-Bretanie2018.jpg\" alt=\"\" width=\"720\" height=\"960\" srcset=\"https:\/\/collies-vom-floersbachtal.de\/cms\/wp-content\/uploads\/2013\/10\/Coby1-im-Urlaub-Bretanie2018.jpg 720w, https:\/\/collies-vom-floersbachtal.de\/cms\/wp-content\/uploads\/2013\/10\/Coby1-im-Urlaub-Bretanie2018-225x300.jpg 225w\" sizes=\"auto, (max-width: 720px) 100vw, 720px\" \/><\/a> <strong>M\u00e4rz 2018 Neuigkeiten von unserem Coby\u00a0 und seiner Familie \ud83d\ude00<a href=\"http:\/\/collies-vom-floersbachtal.de\/cms\/wp-content\/uploads\/2013\/10\/Coby1-2017.jpg\"><img loading=\"lazy\" decoding=\"async\" class=\"aligncenter size-full wp-image-22563\" title=\"Coby1 2017\" src=\"http:\/\/collies-vom-floersbachtal.de\/cms\/wp-content\/uploads\/2013\/10\/Coby1-2017.jpg\" alt=\"\" width=\"719\" height=\"960\" srcset=\"https:\/\/collies-vom-floersbachtal.de\/cms\/wp-content\/uploads\/2013\/10\/Coby1-2017.jpg 719w, https:\/\/collies-vom-floersbachtal.de\/cms\/wp-content\/uploads\/2013\/10\/Coby1-2017-224x300.jpg 224w\" sizes=\"auto, (max-width: 719px) 100vw, 719px\" \/><\/a><\/strong>Coby uns sein j\u00fcngstes Herrchen <a href=\"http:\/\/collies-vom-floersbachtal.de\/cms\/wp-content\/uploads\/2013\/10\/Coby-uns-sein-j\u00fcnstes-Frauli1.jpg\"><img loading=\"lazy\" decoding=\"async\" class=\"aligncenter size-full wp-image-22183\" title=\"Coby uns sein j\u00fcnstes Frauli1\" src=\"http:\/\/collies-vom-floersbachtal.de\/cms\/wp-content\/uploads\/2013\/10\/Coby-uns-sein-j\u00fcnstes-Frauli1.jpg\" alt=\"\" width=\"720\" height=\"960\" srcset=\"https:\/\/collies-vom-floersbachtal.de\/cms\/wp-content\/uploads\/2013\/10\/Coby-uns-sein-j\u00fcnstes-Frauli1.jpg 720w, https:\/\/collies-vom-floersbachtal.de\/cms\/wp-content\/uploads\/2013\/10\/Coby-uns-sein-j\u00fcnstes-Frauli1-225x300.jpg 225w\" sizes=\"auto, (max-width: 720px) 100vw, 720px\" \/><\/a>Gro\u00dfes Liebe und Vertrautheit zwischen seinem j\u00fcngsten Frauli und ihm <strong>Oktober 2016 ein wundersch\u00f6nes Foto von unserem Coby mit 3 Jahren \ud83d\ude1b<a href=\"http:\/\/collies-vom-floersbachtal.de\/cms\/wp-content\/uploads\/2013\/10\/Cody-vor-2-jahren.jpg\"><img loading=\"lazy\" decoding=\"async\" class=\"aligncenter size-full wp-image-23270\" title=\"Cody vor 2 jahren\" src=\"http:\/\/collies-vom-floersbachtal.de\/cms\/wp-content\/uploads\/2013\/10\/Cody-vor-2-jahren.jpg\" alt=\"\" width=\"720\" height=\"960\" srcset=\"https:\/\/collies-vom-floersbachtal.de\/cms\/wp-content\/uploads\/2013\/10\/Cody-vor-2-jahren.jpg 720w, https:\/\/collies-vom-floersbachtal.de\/cms\/wp-content\/uploads\/2013\/10\/Cody-vor-2-jahren-225x300.jpg 225w\" sizes=\"auto, (max-width: 720px) 100vw, 720px\" \/><\/a><a href=\"http:\/\/collies-vom-floersbachtal.de\/cms\/wp-content\/uploads\/2013\/10\/Coby-mit-3-Jahren.jpg\"><img loading=\"lazy\" decoding=\"async\" class=\"aligncenter size-full wp-image-18319\" title=\"Coby mit 3 Jahren\" src=\"http:\/\/collies-vom-floersbachtal.de\/cms\/wp-content\/uploads\/2013\/10\/Coby-mit-3-Jahren.jpg\" alt=\"\" width=\"480\" height=\"480\" srcset=\"https:\/\/collies-vom-floersbachtal.de\/cms\/wp-content\/uploads\/2013\/10\/Coby-mit-3-Jahren.jpg 480w, https:\/\/collies-vom-floersbachtal.de\/cms\/wp-content\/uploads\/2013\/10\/Coby-mit-3-Jahren-150x150.jpg 150w, https:\/\/collies-vom-floersbachtal.de\/cms\/wp-content\/uploads\/2013\/10\/Coby-mit-3-Jahren-300x300.jpg 300w\" sizes=\"auto, (max-width: 480px) 100vw, 480px\" \/><\/a><\/strong> Hier kommen neue Fotos von Coby und seinem kleinsten Frauli\u00a0 und nat\u00fcrlich von seinem Freund Finn \ud83d\ude42<a href=\"http:\/\/collies-vom-floersbachtal.de\/cms\/wp-content\/uploads\/2013\/10\/coby2-sep.15.jpg\"><img loading=\"lazy\" decoding=\"async\" class=\"aligncenter size-medium wp-image-14575\" title=\"coby2 sep.15\" src=\"http:\/\/collies-vom-floersbachtal.de\/cms\/wp-content\/uploads\/2013\/10\/coby2-sep.15-225x300.jpg\" alt=\"\" width=\"225\" height=\"300\" srcset=\"https:\/\/collies-vom-floersbachtal.de\/cms\/wp-content\/uploads\/2013\/10\/coby2-sep.15-225x300.jpg 225w, https:\/\/collies-vom-floersbachtal.de\/cms\/wp-content\/uploads\/2013\/10\/coby2-sep.15.jpg 720w\" sizes=\"auto, (max-width: 225px) 100vw, 225px\" \/><\/a>So sch\u00f6n wie er mit den Kindern ist und sie besch\u00fctzt. \ud83d\ude1b \u00a0 <strong>So, endlich hatten wir mal die Gelegenheit im Juni 2015 unsere Nachzucht Coby und die ganze Familie\u00a0 zu besuchen \ud83d\ude1b<\/strong><a href=\"http:\/\/collies-vom-floersbachtal.de\/cms\/wp-content\/uploads\/2013\/10\/Coby16-besucht-Juni-15.jpg\"><img loading=\"lazy\" decoding=\"async\" class=\"aligncenter size-full wp-image-13896\" title=\"Coby16 besucht Juni 15\" src=\"http:\/\/collies-vom-floersbachtal.de\/cms\/wp-content\/uploads\/2013\/10\/Coby16-besucht-Juni-15.jpg\" alt=\"\" width=\"1000\" height=\"742\" srcset=\"https:\/\/collies-vom-floersbachtal.de\/cms\/wp-content\/uploads\/2013\/10\/Coby16-besucht-Juni-15.jpg 1000w, https:\/\/collies-vom-floersbachtal.de\/cms\/wp-content\/uploads\/2013\/10\/Coby16-besucht-Juni-15-300x222.jpg 300w\" sizes=\"auto, (max-width: 1000px) 100vw, 1000px\" \/><\/a>Hallo Mama,<a href=\"http:\/\/collies-vom-floersbachtal.de\/cms\/wp-content\/uploads\/2013\/10\/Coby2-besucht-Juni-15.jpg\"><img loading=\"lazy\" decoding=\"async\" class=\"aligncenter size-medium wp-image-13897\" title=\"Coby2 besucht Juni 15\" src=\"http:\/\/collies-vom-floersbachtal.de\/cms\/wp-content\/uploads\/2013\/10\/Coby2-besucht-Juni-15-300x270.jpg\" alt=\"\" width=\"300\" height=\"270\" srcset=\"https:\/\/collies-vom-floersbachtal.de\/cms\/wp-content\/uploads\/2013\/10\/Coby2-besucht-Juni-15-300x270.jpg 300w, https:\/\/collies-vom-floersbachtal.de\/cms\/wp-content\/uploads\/2013\/10\/Coby2-besucht-Juni-15.jpg 1000w\" sizes=\"auto, (max-width: 300px) 100vw, 300px\" \/><\/a>au fein St\u00f6ckchen spielen&#8230;<a href=\"http:\/\/collies-vom-floersbachtal.de\/cms\/wp-content\/uploads\/2013\/10\/Coby3-besucht-Juni-15.jpg\"><img loading=\"lazy\" decoding=\"async\" class=\"aligncenter size-medium wp-image-13898\" title=\"Coby3 besucht Juni 15\" src=\"http:\/\/collies-vom-floersbachtal.de\/cms\/wp-content\/uploads\/2013\/10\/Coby3-besucht-Juni-15-300x236.jpg\" alt=\"\" width=\"300\" height=\"236\" srcset=\"https:\/\/collies-vom-floersbachtal.de\/cms\/wp-content\/uploads\/2013\/10\/Coby3-besucht-Juni-15-300x236.jpg 300w, https:\/\/collies-vom-floersbachtal.de\/cms\/wp-content\/uploads\/2013\/10\/Coby3-besucht-Juni-15.jpg 1000w\" sizes=\"auto, (max-width: 300px) 100vw, 300px\" \/><\/a><a href=\"http:\/\/collies-vom-floersbachtal.de\/cms\/wp-content\/uploads\/2013\/10\/Coby4-besucht-Juni-15.jpg\"><img loading=\"lazy\" decoding=\"async\" class=\"aligncenter size-medium wp-image-13899\" title=\"Coby4 besucht Juni 15\" src=\"http:\/\/collies-vom-floersbachtal.de\/cms\/wp-content\/uploads\/2013\/10\/Coby4-besucht-Juni-15-300x231.jpg\" alt=\"\" width=\"300\" height=\"231\" srcset=\"https:\/\/collies-vom-floersbachtal.de\/cms\/wp-content\/uploads\/2013\/10\/Coby4-besucht-Juni-15-300x231.jpg 300w, https:\/\/collies-vom-floersbachtal.de\/cms\/wp-content\/uploads\/2013\/10\/Coby4-besucht-Juni-15.jpg 1000w\" sizes=\"auto, (max-width: 300px) 100vw, 300px\" \/><\/a><a href=\"http:\/\/collies-vom-floersbachtal.de\/cms\/wp-content\/uploads\/2013\/10\/Coby12-besucht-Juni-15.jpg\"><img loading=\"lazy\" decoding=\"async\" class=\"aligncenter size-medium wp-image-13902\" title=\"Coby12 besucht Juni 15\" src=\"http:\/\/collies-vom-floersbachtal.de\/cms\/wp-content\/uploads\/2013\/10\/Coby12-besucht-Juni-15-300x255.jpg\" alt=\"\" width=\"300\" height=\"255\" srcset=\"https:\/\/collies-vom-floersbachtal.de\/cms\/wp-content\/uploads\/2013\/10\/Coby12-besucht-Juni-15-300x255.jpg 300w, https:\/\/collies-vom-floersbachtal.de\/cms\/wp-content\/uploads\/2013\/10\/Coby12-besucht-Juni-15.jpg 1000w\" sizes=\"auto, (max-width: 300px) 100vw, 300px\" \/><\/a><a href=\"http:\/\/collies-vom-floersbachtal.de\/cms\/wp-content\/uploads\/2013\/10\/Coby9-besucht-Juni-15.jpg\"><img loading=\"lazy\" decoding=\"async\" class=\"aligncenter size-full wp-image-13905\" title=\"Coby9 besucht Juni 15\" src=\"http:\/\/collies-vom-floersbachtal.de\/cms\/wp-content\/uploads\/2013\/10\/Coby9-besucht-Juni-15.jpg\" alt=\"\" width=\"1000\" height=\"1259\" srcset=\"https:\/\/collies-vom-floersbachtal.de\/cms\/wp-content\/uploads\/2013\/10\/Coby9-besucht-Juni-15.jpg 1000w, https:\/\/collies-vom-floersbachtal.de\/cms\/wp-content\/uploads\/2013\/10\/Coby9-besucht-Juni-15-238x300.jpg 238w, https:\/\/collies-vom-floersbachtal.de\/cms\/wp-content\/uploads\/2013\/10\/Coby9-besucht-Juni-15-813x1024.jpg 813w\" sizes=\"auto, (max-width: 1000px) 100vw, 1000px\" \/><\/a> \u00a0 <strong>April 2015<\/strong> <a href=\"http:\/\/collies-vom-floersbachtal.de\/cms\/wp-content\/uploads\/2013\/10\/Coby1-April15.jpg\"><img loading=\"lazy\" decoding=\"async\" class=\"aligncenter size-full wp-image-13553\" title=\"Coby1 April15\" src=\"http:\/\/collies-vom-floersbachtal.de\/cms\/wp-content\/uploads\/2013\/10\/Coby1-April15.jpg\" alt=\"\" width=\"720\" height=\"960\" srcset=\"https:\/\/collies-vom-floersbachtal.de\/cms\/wp-content\/uploads\/2013\/10\/Coby1-April15.jpg 720w, https:\/\/collies-vom-floersbachtal.de\/cms\/wp-content\/uploads\/2013\/10\/Coby1-April15-225x300.jpg 225w\" sizes=\"auto, (max-width: 720px) 100vw, 720px\" \/><\/a> <strong>So eine h\u00fcbsche Nase \ud83d\ude1b<\/strong> <strong>M\u00e4rz 2015<\/strong> <a href=\"http:\/\/collies-vom-floersbachtal.de\/cms\/wp-content\/uploads\/2013\/10\/Coby2-M\u00e4rz15.jpg\"><img loading=\"lazy\" decoding=\"async\" class=\"aligncenter size-full wp-image-13295\" title=\"Coby2 M\u00e4rz15\" src=\"http:\/\/collies-vom-floersbachtal.de\/cms\/wp-content\/uploads\/2013\/10\/Coby2-M\u00e4rz15.jpg\" alt=\"\" width=\"720\" height=\"960\" srcset=\"https:\/\/collies-vom-floersbachtal.de\/cms\/wp-content\/uploads\/2013\/10\/Coby2-M\u00e4rz15.jpg 720w, https:\/\/collies-vom-floersbachtal.de\/cms\/wp-content\/uploads\/2013\/10\/Coby2-M\u00e4rz15-225x300.jpg 225w\" sizes=\"auto, (max-width: 720px) 100vw, 720px\" \/><\/a> Soooo s\u00fc\u00df :-PCoby bewacht das neue Familienmitglied :-PS\u00fc\u00dfer Spatz :-)Coby und sein kleines Herrchen FinnCoby h\u00fctet und bewacht die Kleinste im Hause \ud83d\ude00 <strong>Februar 2015<\/strong> <a href=\"http:\/\/collies-vom-floersbachtal.de\/cms\/wp-content\/uploads\/2013\/10\/Coby-1.jpg\"><img loading=\"lazy\" decoding=\"async\" class=\"aligncenter size-full wp-image-12893\" title=\"Coby 1\" src=\"http:\/\/collies-vom-floersbachtal.de\/cms\/wp-content\/uploads\/2013\/10\/Coby-1.jpg\" alt=\"\" width=\"2048\" height=\"801\" srcset=\"https:\/\/collies-vom-floersbachtal.de\/cms\/wp-content\/uploads\/2013\/10\/Coby-1.jpg 2048w, https:\/\/collies-vom-floersbachtal.de\/cms\/wp-content\/uploads\/2013\/10\/Coby-1-300x117.jpg 300w, https:\/\/collies-vom-floersbachtal.de\/cms\/wp-content\/uploads\/2013\/10\/Coby-1-1024x400.jpg 1024w\" sizes=\"auto, (max-width: 2048px) 100vw, 2048px\" \/><\/a> H\u00fcbscher Schatz \ud83d\ude00 <strong>M\u00e4rz 2014<\/strong> <a href=\"http:\/\/collies-vom-floersbachtal.de\/cms\/wp-content\/uploads\/2013\/10\/Coby-mit-6-Monaten1.jpg\"><img loading=\"lazy\" decoding=\"async\" class=\"aligncenter size-medium wp-image-9095\" title=\"Coby mit 6 Monaten1\" src=\"http:\/\/collies-vom-floersbachtal.de\/cms\/wp-content\/uploads\/2013\/10\/Coby-mit-6-Monaten1-199x300.jpg\" alt=\"\" width=\"199\" height=\"300\" srcset=\"https:\/\/collies-vom-floersbachtal.de\/cms\/wp-content\/uploads\/2013\/10\/Coby-mit-6-Monaten1-199x300.jpg 199w, https:\/\/collies-vom-floersbachtal.de\/cms\/wp-content\/uploads\/2013\/10\/Coby-mit-6-Monaten1.jpg 638w\" sizes=\"auto, (max-width: 199px) 100vw, 199px\" \/><\/a> Coby und sein kleines Herrchen Finn \ud83d\ude42 <a href=\"http:\/\/collies-vom-floersbachtal.de\/cms\/wp-content\/uploads\/2013\/10\/Coby-mit-6-Monaten2.jpg\"><img loading=\"lazy\" decoding=\"async\" class=\"aligncenter size-medium wp-image-9098\" title=\"Coby mit 6 Monaten2\" src=\"http:\/\/collies-vom-floersbachtal.de\/cms\/wp-content\/uploads\/2013\/10\/Coby-mit-6-Monaten2-300x199.jpg\" alt=\"\" width=\"300\" height=\"199\" srcset=\"https:\/\/collies-vom-floersbachtal.de\/cms\/wp-content\/uploads\/2013\/10\/Coby-mit-6-Monaten2-300x199.jpg 300w, https:\/\/collies-vom-floersbachtal.de\/cms\/wp-content\/uploads\/2013\/10\/Coby-mit-6-Monaten2-1024x680.jpg 1024w, https:\/\/collies-vom-floersbachtal.de\/cms\/wp-content\/uploads\/2013\/10\/Coby-mit-6-Monaten2.jpg 2048w\" sizes=\"auto, (max-width: 300px) 100vw, 300px\" \/><\/a> <a href=\"http:\/\/collies-vom-floersbachtal.de\/cms\/wp-content\/uploads\/2013\/10\/Coby-mit-6-Monaten3.jpg\"><img loading=\"lazy\" decoding=\"async\" class=\"aligncenter size-medium wp-image-9099\" title=\"Coby mit 6 Monaten3\" src=\"http:\/\/collies-vom-floersbachtal.de\/cms\/wp-content\/uploads\/2013\/10\/Coby-mit-6-Monaten3-300x199.jpg\" alt=\"\" width=\"300\" height=\"199\" srcset=\"https:\/\/collies-vom-floersbachtal.de\/cms\/wp-content\/uploads\/2013\/10\/Coby-mit-6-Monaten3-300x199.jpg 300w, https:\/\/collies-vom-floersbachtal.de\/cms\/wp-content\/uploads\/2013\/10\/Coby-mit-6-Monaten3-1024x680.jpg 1024w, https:\/\/collies-vom-floersbachtal.de\/cms\/wp-content\/uploads\/2013\/10\/Coby-mit-6-Monaten3.jpg 2048w\" sizes=\"auto, (max-width: 300px) 100vw, 300px\" \/><\/a> Finn \u00fcbt mit Coby auch f\u00fcr die Ausstellung, richtig gut machen sie das beide \ud83d\ude42 <a href=\"http:\/\/collies-vom-floersbachtal.de\/cms\/wp-content\/uploads\/2013\/10\/Coby-mit-6-Monaten4.jpg\"><img loading=\"lazy\" decoding=\"async\" class=\"aligncenter size-medium wp-image-9100\" title=\"Coby mit 6 Monaten4\" src=\"http:\/\/collies-vom-floersbachtal.de\/cms\/wp-content\/uploads\/2013\/10\/Coby-mit-6-Monaten4-300x199.jpg\" alt=\"\" width=\"300\" height=\"199\" srcset=\"https:\/\/collies-vom-floersbachtal.de\/cms\/wp-content\/uploads\/2013\/10\/Coby-mit-6-Monaten4-300x199.jpg 300w, https:\/\/collies-vom-floersbachtal.de\/cms\/wp-content\/uploads\/2013\/10\/Coby-mit-6-Monaten4-1024x680.jpg 1024w, https:\/\/collies-vom-floersbachtal.de\/cms\/wp-content\/uploads\/2013\/10\/Coby-mit-6-Monaten4.jpg 2048w\" sizes=\"auto, (max-width: 300px) 100vw, 300px\" \/><\/a> <a href=\"http:\/\/collies-vom-floersbachtal.de\/cms\/wp-content\/uploads\/2013\/10\/Coby-mit-6-Monaten5.jpg\"><img loading=\"lazy\" decoding=\"async\" class=\"aligncenter size-medium wp-image-9101\" title=\"Coby mit 6 Monaten5\" src=\"http:\/\/collies-vom-floersbachtal.de\/cms\/wp-content\/uploads\/2013\/10\/Coby-mit-6-Monaten5-300x199.jpg\" alt=\"\" width=\"300\" height=\"199\" srcset=\"https:\/\/collies-vom-floersbachtal.de\/cms\/wp-content\/uploads\/2013\/10\/Coby-mit-6-Monaten5-300x199.jpg 300w, https:\/\/collies-vom-floersbachtal.de\/cms\/wp-content\/uploads\/2013\/10\/Coby-mit-6-Monaten5-1024x680.jpg 1024w, https:\/\/collies-vom-floersbachtal.de\/cms\/wp-content\/uploads\/2013\/10\/Coby-mit-6-Monaten5.jpg 2048w\" sizes=\"auto, (max-width: 300px) 100vw, 300px\" \/><\/a> man sieht richtig wie konzentriert sie dabei sind <a href=\"http:\/\/collies-vom-floersbachtal.de\/cms\/wp-content\/uploads\/2013\/10\/Coby-mit-6-Monaten7.jpg\"><img loading=\"lazy\" decoding=\"async\" class=\"aligncenter size-medium wp-image-9102\" title=\"Coby mit 6 Monaten7\" src=\"http:\/\/collies-vom-floersbachtal.de\/cms\/wp-content\/uploads\/2013\/10\/Coby-mit-6-Monaten7-300x199.jpg\" alt=\"\" width=\"300\" height=\"199\" srcset=\"https:\/\/collies-vom-floersbachtal.de\/cms\/wp-content\/uploads\/2013\/10\/Coby-mit-6-Monaten7-300x199.jpg 300w, https:\/\/collies-vom-floersbachtal.de\/cms\/wp-content\/uploads\/2013\/10\/Coby-mit-6-Monaten7-1024x680.jpg 1024w, https:\/\/collies-vom-floersbachtal.de\/cms\/wp-content\/uploads\/2013\/10\/Coby-mit-6-Monaten7.jpg 2048w\" sizes=\"auto, (max-width: 300px) 100vw, 300px\" \/><\/a> so alles gut ge\u00fcbt, jetzt gibts Pause \ud83d\ude42 <strong>22.02.14<\/strong> <strong>Coby als Kindertherapeut \ud83d\ude09<\/strong> <a href=\"http:\/\/collies-vom-floersbachtal.de\/cms\/wp-content\/uploads\/2013\/10\/Coby11.jpg\"><img loading=\"lazy\" decoding=\"async\" class=\"aligncenter size-medium wp-image-8782\" title=\"Coby1\" src=\"http:\/\/collies-vom-floersbachtal.de\/cms\/wp-content\/uploads\/2013\/10\/Coby11-300x224.jpg\" alt=\"\" width=\"300\" height=\"224\" srcset=\"https:\/\/collies-vom-floersbachtal.de\/cms\/wp-content\/uploads\/2013\/10\/Coby11-300x224.jpg 300w, https:\/\/collies-vom-floersbachtal.de\/cms\/wp-content\/uploads\/2013\/10\/Coby11.jpg 960w\" sizes=\"auto, (max-width: 300px) 100vw, 300px\" \/><\/a> Erst dem Kind die Angst vor Hunden genommen&#8230;klappt doch.Daf\u00fcr war dann gro\u00dfes Kuscheln angesagt <a href=\"http:\/\/collies-vom-floersbachtal.de\/cms\/wp-content\/uploads\/2013\/10\/Coby4.jpg\"><img loading=\"lazy\" decoding=\"async\" class=\"aligncenter size-medium wp-image-8785\" title=\"Coby4\" src=\"http:\/\/collies-vom-floersbachtal.de\/cms\/wp-content\/uploads\/2013\/10\/Coby4-300x224.jpg\" alt=\"\" width=\"300\" height=\"224\" srcset=\"https:\/\/collies-vom-floersbachtal.de\/cms\/wp-content\/uploads\/2013\/10\/Coby4-300x224.jpg 300w, https:\/\/collies-vom-floersbachtal.de\/cms\/wp-content\/uploads\/2013\/10\/Coby4.jpg 960w\" sizes=\"auto, (max-width: 300px) 100vw, 300px\" \/><\/a> hilfe ich krieg gleich keine Luft mehr&#8230; <a href=\"http:\/\/collies-vom-floersbachtal.de\/cms\/wp-content\/uploads\/2013\/10\/Coby5.jpg\"><img loading=\"lazy\" decoding=\"async\" class=\"aligncenter size-medium wp-image-8786\" title=\"Coby5\" src=\"http:\/\/collies-vom-floersbachtal.de\/cms\/wp-content\/uploads\/2013\/10\/Coby5-300x225.jpg\" alt=\"\" width=\"300\" height=\"225\" srcset=\"https:\/\/collies-vom-floersbachtal.de\/cms\/wp-content\/uploads\/2013\/10\/Coby5-300x225.jpg 300w, https:\/\/collies-vom-floersbachtal.de\/cms\/wp-content\/uploads\/2013\/10\/Coby5.jpg 960w\" sizes=\"auto, (max-width: 300px) 100vw, 300px\" \/><\/a>Ein s\u00fc\u00dfer Schatz, ganz wie die Mama \ud83d\ude00 <a href=\"http:\/\/collies-vom-floersbachtal.de\/cms\/wp-content\/uploads\/2013\/10\/Coby-6-Mon.2.jpg\"><img loading=\"lazy\" decoding=\"async\" class=\"aligncenter size-medium wp-image-8706\" title=\"Coby 6 Mon.2\" src=\"http:\/\/collies-vom-floersbachtal.de\/cms\/wp-content\/uploads\/2013\/10\/Coby-6-Mon.2-300x199.jpg\" alt=\"\" width=\"300\" height=\"199\" srcset=\"https:\/\/collies-vom-floersbachtal.de\/cms\/wp-content\/uploads\/2013\/10\/Coby-6-Mon.2-300x199.jpg 300w, https:\/\/collies-vom-floersbachtal.de\/cms\/wp-content\/uploads\/2013\/10\/Coby-6-Mon.2-1024x680.jpg 1024w, https:\/\/collies-vom-floersbachtal.de\/cms\/wp-content\/uploads\/2013\/10\/Coby-6-Mon.2.jpg 2048w\" sizes=\"auto, (max-width: 300px) 100vw, 300px\" \/><\/a> <strong>14.02.14<\/strong> Coby ist mit seiner Familie umgezogen, irgendwie fehlte noch ein Zimmer \ud83d\ude09 Sie haben eine tolle alte Wasserm\u00fchle mit viel Land drumherum gefunden. Coby hat sich gleich mal mit seinem Freund Finn umgesehen. Guckst du&#8230; <a href=\"http:\/\/collies-vom-floersbachtal.de\/cms\/wp-content\/uploads\/2013\/10\/Coby-im-neuesn-Zuhause6-Feb.-14.jpg\"><img loading=\"lazy\" decoding=\"async\" class=\"aligncenter size-medium wp-image-8551\" title=\"Coby im neuesn Zuhause6 Feb. 14\" src=\"http:\/\/collies-vom-floersbachtal.de\/cms\/wp-content\/uploads\/2013\/10\/Coby-im-neuesn-Zuhause6-Feb.-14-223x300.jpg\" alt=\"\" width=\"223\" height=\"300\" srcset=\"https:\/\/collies-vom-floersbachtal.de\/cms\/wp-content\/uploads\/2013\/10\/Coby-im-neuesn-Zuhause6-Feb.-14-223x300.jpg 223w, https:\/\/collies-vom-floersbachtal.de\/cms\/wp-content\/uploads\/2013\/10\/Coby-im-neuesn-Zuhause6-Feb.-14.jpg 716w\" sizes=\"auto, (max-width: 223px) 100vw, 223px\" \/><\/a> <a href=\"http:\/\/collies-vom-floersbachtal.de\/cms\/wp-content\/uploads\/2013\/10\/Coby-im-neuesn-Zuhause7-Feb.-14.jpg\"><img loading=\"lazy\" decoding=\"async\" class=\"aligncenter size-medium wp-image-8552\" title=\"Coby im neuesn Zuhause7 Feb. 14\" src=\"http:\/\/collies-vom-floersbachtal.de\/cms\/wp-content\/uploads\/2013\/10\/Coby-im-neuesn-Zuhause7-Feb.-14-300x224.jpg\" alt=\"\" width=\"300\" height=\"224\" srcset=\"https:\/\/collies-vom-floersbachtal.de\/cms\/wp-content\/uploads\/2013\/10\/Coby-im-neuesn-Zuhause7-Feb.-14-300x224.jpg 300w, https:\/\/collies-vom-floersbachtal.de\/cms\/wp-content\/uploads\/2013\/10\/Coby-im-neuesn-Zuhause7-Feb.-14.jpg 960w\" sizes=\"auto, (max-width: 300px) 100vw, 300px\" \/><\/a>Wie praktisch, gleich was zu saufen da:-) <a href=\"http:\/\/collies-vom-floersbachtal.de\/cms\/wp-content\/uploads\/2013\/10\/Coby-im-neuesn-Zuhause9-Feb.-14.jpg\"><img loading=\"lazy\" decoding=\"async\" class=\"aligncenter size-medium wp-image-8554\" title=\"Coby im neuesn Zuhause9 Feb. 14\" src=\"http:\/\/collies-vom-floersbachtal.de\/cms\/wp-content\/uploads\/2013\/10\/Coby-im-neuesn-Zuhause9-Feb.-14-223x300.jpg\" alt=\"\" width=\"223\" height=\"300\" srcset=\"https:\/\/collies-vom-floersbachtal.de\/cms\/wp-content\/uploads\/2013\/10\/Coby-im-neuesn-Zuhause9-Feb.-14-223x300.jpg 223w, https:\/\/collies-vom-floersbachtal.de\/cms\/wp-content\/uploads\/2013\/10\/Coby-im-neuesn-Zuhause9-Feb.-14.jpg 716w\" sizes=\"auto, (max-width: 223px) 100vw, 223px\" \/><\/a> und jetzt??supi, sooo viel Platzwas guckste denn so?hab schon wieder Durst \ud83d\ude42 <a href=\"http:\/\/collies-vom-floersbachtal.de\/cms\/wp-content\/uploads\/2013\/10\/Coby-im-neuesn-Zuhause2-Feb.-14.jpg\"><img loading=\"lazy\" decoding=\"async\" class=\"aligncenter size-medium wp-image-8558\" title=\"Coby im neuesn Zuhause2 Feb. 14\" src=\"http:\/\/collies-vom-floersbachtal.de\/cms\/wp-content\/uploads\/2013\/10\/Coby-im-neuesn-Zuhause2-Feb.-14-300x224.jpg\" alt=\"\" width=\"300\" height=\"224\" srcset=\"https:\/\/collies-vom-floersbachtal.de\/cms\/wp-content\/uploads\/2013\/10\/Coby-im-neuesn-Zuhause2-Feb.-14-300x224.jpg 300w, https:\/\/collies-vom-floersbachtal.de\/cms\/wp-content\/uploads\/2013\/10\/Coby-im-neuesn-Zuhause2-Feb.-14.jpg 960w\" sizes=\"auto, (max-width: 300px) 100vw, 300px\" \/><\/a> Ich mu\u00df ja auf Finn aufpassen, damit er nicht rein f\u00e4llt.S\u00fc\u00dfer Schatz :-)Jetzt sag ich erst mal tch\u00fc\u00df bis zum n\u00e4chsten Mal euer Coby <strong>13.01.14<\/strong> <a href=\"http:\/\/collies-vom-floersbachtal.de\/cms\/wp-content\/uploads\/2013\/10\/Coby1.jpg\"><img loading=\"lazy\" decoding=\"async\" class=\"aligncenter size-medium wp-image-8070\" title=\"Coby1\" src=\"http:\/\/collies-vom-floersbachtal.de\/cms\/wp-content\/uploads\/2013\/10\/Coby1-223x300.jpg\" alt=\"\" width=\"223\" height=\"300\" srcset=\"https:\/\/collies-vom-floersbachtal.de\/cms\/wp-content\/uploads\/2013\/10\/Coby1-223x300.jpg 223w, https:\/\/collies-vom-floersbachtal.de\/cms\/wp-content\/uploads\/2013\/10\/Coby1.jpg 716w\" sizes=\"auto, (max-width: 223px) 100vw, 223px\" \/><\/a> Coby ist m\u00fcde <a href=\"http:\/\/collies-vom-floersbachtal.de\/cms\/wp-content\/uploads\/2013\/10\/Coby2.jpg\"><img loading=\"lazy\" decoding=\"async\" class=\"aligncenter size-medium wp-image-8071\" title=\"Coby2\" src=\"http:\/\/collies-vom-floersbachtal.de\/cms\/wp-content\/uploads\/2013\/10\/Coby2-300x224.jpg\" alt=\"\" width=\"300\" height=\"224\" srcset=\"https:\/\/collies-vom-floersbachtal.de\/cms\/wp-content\/uploads\/2013\/10\/Coby2-300x224.jpg 300w, https:\/\/collies-vom-floersbachtal.de\/cms\/wp-content\/uploads\/2013\/10\/Coby2.jpg 960w\" sizes=\"auto, (max-width: 300px) 100vw, 300px\" \/><\/a> Wenn man hier mal schlafen k\u00f6nnt&#8230; <strong>01.01.2014<\/strong>Ein frohes neues Jahr w\u00fcnsche ich euch \ud83d\ude00 <strong>16.12.13<\/strong> <a href=\"http:\/\/collies-vom-floersbachtal.de\/cms\/wp-content\/uploads\/2013\/10\/Coby-und-Finn1.jpg\"><img loading=\"lazy\" decoding=\"async\" class=\"aligncenter size-medium wp-image-7785\" title=\"Coby und Finn1\" src=\"http:\/\/collies-vom-floersbachtal.de\/cms\/wp-content\/uploads\/2013\/10\/Coby-und-Finn1-224x300.jpg\" alt=\"\" width=\"224\" height=\"300\" srcset=\"https:\/\/collies-vom-floersbachtal.de\/cms\/wp-content\/uploads\/2013\/10\/Coby-und-Finn1-224x300.jpg 224w, https:\/\/collies-vom-floersbachtal.de\/cms\/wp-content\/uploads\/2013\/10\/Coby-und-Finn1.jpg 717w\" sizes=\"auto, (max-width: 224px) 100vw, 224px\" \/><\/a> Coby &amp; Finn, zwei die sich lieb haben \ud83d\ude00 <strong>16.11.13<\/strong> Hallo liebe Collie Mama, hallo lieber Collie Papa, bin nun schon einige Tage hier prima bei meinem neuen kleinen Rudel angekommen. Die Fahrt hier her war ja etwas aufregend f\u00fcr mich und \u00fcber das kleine Missgeschick von mir, hat mein neues Herrchen ja schon am Telefon berichtet. Aber das ist schon lange vergessen und ich habe mich gut eingelebt in mein neues zu Hause. Und das will ich Euch jetzt gerne zeigen. Mein neuer Garten &#8211; mit jede Menge Platz zum spielen und rumtollen.und hier ich noch mal etwas n\u00e4her. <a href=\"http:\/\/collies-vom-floersbachtal.de\/cms\/wp-content\/uploads\/2013\/10\/Nachzucht-Coby2.jpg\"><img loading=\"lazy\" decoding=\"async\" class=\"aligncenter size-full wp-image-7082\" title=\"Nachzucht Coby2\" src=\"http:\/\/collies-vom-floersbachtal.de\/cms\/wp-content\/uploads\/2013\/10\/Nachzucht-Coby2.jpg\" alt=\"\" width=\"638\" height=\"425\" srcset=\"https:\/\/collies-vom-floersbachtal.de\/cms\/wp-content\/uploads\/2013\/10\/Nachzucht-Coby2.jpg 638w, https:\/\/collies-vom-floersbachtal.de\/cms\/wp-content\/uploads\/2013\/10\/Nachzucht-Coby2-300x199.jpg 300w\" sizes=\"auto, (max-width: 638px) 100vw, 638px\" \/><\/a> Auch das Herz des Haus Herrn, Frauchens Papa habe ich schon erobertW\u00e4re ja eine sch\u00f6ne H\u00fctte f\u00fcr mich gewesen, aber leider schon belegt. <a href=\"http:\/\/collies-vom-floersbachtal.de\/cms\/wp-content\/uploads\/2013\/10\/Nachzucht-Coby4.jpg\"><img loading=\"lazy\" decoding=\"async\" class=\"aligncenter size-full wp-image-7084\" title=\"Nachzucht Coby4\" src=\"http:\/\/collies-vom-floersbachtal.de\/cms\/wp-content\/uploads\/2013\/10\/Nachzucht-Coby4.jpg\" alt=\"\" width=\"639\" height=\"425\" srcset=\"https:\/\/collies-vom-floersbachtal.de\/cms\/wp-content\/uploads\/2013\/10\/Nachzucht-Coby4.jpg 639w, https:\/\/collies-vom-floersbachtal.de\/cms\/wp-content\/uploads\/2013\/10\/Nachzucht-Coby4-300x199.jpg 300w\" sizes=\"auto, (max-width: 639px) 100vw, 639px\" \/><\/a> Hier geht\u00b4s vom Garten auf meine neue Terrasse und direkt ins Wohnzimmer. <a href=\"http:\/\/collies-vom-floersbachtal.de\/cms\/wp-content\/uploads\/2013\/10\/Nachzucht-Coby5.jpg\"><img loading=\"lazy\" decoding=\"async\" class=\"aligncenter size-full wp-image-7085\" title=\"Nachzucht Coby5\" src=\"http:\/\/collies-vom-floersbachtal.de\/cms\/wp-content\/uploads\/2013\/10\/Nachzucht-Coby5.jpg\" alt=\"\" width=\"639\" height=\"425\" srcset=\"https:\/\/collies-vom-floersbachtal.de\/cms\/wp-content\/uploads\/2013\/10\/Nachzucht-Coby5.jpg 639w, https:\/\/collies-vom-floersbachtal.de\/cms\/wp-content\/uploads\/2013\/10\/Nachzucht-Coby5-300x199.jpg 300w\" sizes=\"auto, (max-width: 639px) 100vw, 639px\" \/><\/a> Oh, Oh erwischt, wenn Herrchen das sieht. Ich darf zwar auf die Couch aber nur auf meine Decke und ich glaube die hier war es nicht. <a href=\"http:\/\/collies-vom-floersbachtal.de\/cms\/wp-content\/uploads\/2013\/10\/Nachzucht-Coby6.jpg\"><img loading=\"lazy\" decoding=\"async\" class=\"aligncenter size-full wp-image-7087\" title=\"Nachzucht Coby6\" src=\"http:\/\/collies-vom-floersbachtal.de\/cms\/wp-content\/uploads\/2013\/10\/Nachzucht-Coby6.jpg\" alt=\"\" width=\"639\" height=\"425\" srcset=\"https:\/\/collies-vom-floersbachtal.de\/cms\/wp-content\/uploads\/2013\/10\/Nachzucht-Coby6.jpg 639w, https:\/\/collies-vom-floersbachtal.de\/cms\/wp-content\/uploads\/2013\/10\/Nachzucht-Coby6-300x199.jpg 300w\" sizes=\"auto, (max-width: 639px) 100vw, 639px\" \/><\/a> Ich glaub ich verstecke mich erstmal. <a href=\"http:\/\/collies-vom-floersbachtal.de\/cms\/wp-content\/uploads\/2013\/10\/Nachzucht-Coby7.jpg\"><img loading=\"lazy\" decoding=\"async\" class=\"aligncenter size-full wp-image-7088\" title=\"Nachzucht Coby7\" src=\"http:\/\/collies-vom-floersbachtal.de\/cms\/wp-content\/uploads\/2013\/10\/Nachzucht-Coby7.jpg\" alt=\"\" width=\"639\" height=\"425\" srcset=\"https:\/\/collies-vom-floersbachtal.de\/cms\/wp-content\/uploads\/2013\/10\/Nachzucht-Coby7.jpg 639w, https:\/\/collies-vom-floersbachtal.de\/cms\/wp-content\/uploads\/2013\/10\/Nachzucht-Coby7-300x199.jpg 300w\" sizes=\"auto, (max-width: 639px) 100vw, 639px\" \/><\/a> Kommt da jemand? <a href=\"http:\/\/collies-vom-floersbachtal.de\/cms\/wp-content\/uploads\/2013\/10\/Nachzucht-Coby8.jpg\"><img loading=\"lazy\" decoding=\"async\" class=\"aligncenter size-full wp-image-7089\" title=\"Nachzucht Coby8\" src=\"http:\/\/collies-vom-floersbachtal.de\/cms\/wp-content\/uploads\/2013\/10\/Nachzucht-Coby8.jpg\" alt=\"\" width=\"639\" height=\"425\" srcset=\"https:\/\/collies-vom-floersbachtal.de\/cms\/wp-content\/uploads\/2013\/10\/Nachzucht-Coby8.jpg 639w, https:\/\/collies-vom-floersbachtal.de\/cms\/wp-content\/uploads\/2013\/10\/Nachzucht-Coby8-300x199.jpg 300w\" sizes=\"auto, (max-width: 639px) 100vw, 639px\" \/><\/a> Mein neuer kleiner Kumpel, Finn. <a href=\"http:\/\/collies-vom-floersbachtal.de\/cms\/wp-content\/uploads\/2013\/10\/Nachzucht-Coby9.jpg\"><img loading=\"lazy\" decoding=\"async\" class=\"aligncenter size-full wp-image-7090\" title=\"Nachzucht Coby9\" src=\"http:\/\/collies-vom-floersbachtal.de\/cms\/wp-content\/uploads\/2013\/10\/Nachzucht-Coby9.jpg\" alt=\"\" width=\"639\" height=\"425\" srcset=\"https:\/\/collies-vom-floersbachtal.de\/cms\/wp-content\/uploads\/2013\/10\/Nachzucht-Coby9.jpg 639w, https:\/\/collies-vom-floersbachtal.de\/cms\/wp-content\/uploads\/2013\/10\/Nachzucht-Coby9-300x199.jpg 300w\" sizes=\"auto, (max-width: 639px) 100vw, 639px\" \/><\/a> Wir sind schon richtig dicke Freunde.Kuscheln angesagt. <a href=\"http:\/\/collies-vom-floersbachtal.de\/cms\/wp-content\/uploads\/2013\/10\/Nachzucht-Coby11.jpg\"><img loading=\"lazy\" decoding=\"async\" class=\"aligncenter size-full wp-image-7092\" title=\"Nachzucht Coby11\" src=\"http:\/\/collies-vom-floersbachtal.de\/cms\/wp-content\/uploads\/2013\/10\/Nachzucht-Coby11.jpg\" alt=\"\" width=\"639\" height=\"425\" srcset=\"https:\/\/collies-vom-floersbachtal.de\/cms\/wp-content\/uploads\/2013\/10\/Nachzucht-Coby11.jpg 639w, https:\/\/collies-vom-floersbachtal.de\/cms\/wp-content\/uploads\/2013\/10\/Nachzucht-Coby11-300x199.jpg 300w\" sizes=\"auto, (max-width: 639px) 100vw, 639px\" \/><\/a> Und beim gemeinsamen Spielen im Garten.Aber das Beste ist der Wald gleich hinter dem Gartenzaun.Hier finde ich jeden Tag interessante Dinge und treffe auch meine neuen Hundekumpels. <a href=\"http:\/\/collies-vom-floersbachtal.de\/cms\/wp-content\/uploads\/2013\/10\/Nachzucht-Coby14.jpg\"><img loading=\"lazy\" decoding=\"async\" class=\"aligncenter size-full wp-image-7095\" title=\"Nachzucht Coby14\" src=\"http:\/\/collies-vom-floersbachtal.de\/cms\/wp-content\/uploads\/2013\/10\/Nachzucht-Coby14.jpg\" alt=\"\" width=\"639\" height=\"425\" srcset=\"https:\/\/collies-vom-floersbachtal.de\/cms\/wp-content\/uploads\/2013\/10\/Nachzucht-Coby14.jpg 639w, https:\/\/collies-vom-floersbachtal.de\/cms\/wp-content\/uploads\/2013\/10\/Nachzucht-Coby14-300x199.jpg 300w\" sizes=\"auto, (max-width: 639px) 100vw, 639px\" \/><\/a> Schaue auch auf jeden Gassi ob meine neue Collie Freundin Mona auch unterwegs ist. Aber heute scheinbar nicht.Und hier hat Frauchen mich und Herrchen beim Kuscheln erwischt. <a href=\"http:\/\/collies-vom-floersbachtal.de\/cms\/wp-content\/uploads\/2013\/10\/Nachzucht-Coby16.jpg\"><img loading=\"lazy\" decoding=\"async\" class=\"aligncenter size-full wp-image-7097\" title=\"Nachzucht Coby16\" src=\"http:\/\/collies-vom-floersbachtal.de\/cms\/wp-content\/uploads\/2013\/10\/Nachzucht-Coby16.jpg\" alt=\"\" width=\"605\" height=\"639\" srcset=\"https:\/\/collies-vom-floersbachtal.de\/cms\/wp-content\/uploads\/2013\/10\/Nachzucht-Coby16.jpg 605w, https:\/\/collies-vom-floersbachtal.de\/cms\/wp-content\/uploads\/2013\/10\/Nachzucht-Coby16-284x300.jpg 284w\" sizes=\"auto, (max-width: 605px) 100vw, 605px\" \/><\/a> Was ein Drama Frauchen und Herrchen beim BARFEN. Das hat beim ersten mal gedauert, ich bin ja beim zusehen fast verhungert, aber ich muss sagen &#8211; war echt lecker. <a href=\"http:\/\/collies-vom-floersbachtal.de\/cms\/wp-content\/uploads\/2013\/10\/Nachzucht-Coby17.jpg\"><img loading=\"lazy\" decoding=\"async\" class=\"aligncenter size-full wp-image-7098\" title=\"Nachzucht Coby17\" src=\"http:\/\/collies-vom-floersbachtal.de\/cms\/wp-content\/uploads\/2013\/10\/Nachzucht-Coby17.jpg\" alt=\"\" width=\"639\" height=\"425\" srcset=\"https:\/\/collies-vom-floersbachtal.de\/cms\/wp-content\/uploads\/2013\/10\/Nachzucht-Coby17.jpg 639w, https:\/\/collies-vom-floersbachtal.de\/cms\/wp-content\/uploads\/2013\/10\/Nachzucht-Coby17-300x199.jpg 300w\" sizes=\"auto, (max-width: 639px) 100vw, 639px\" \/><\/a> So Ihr Lieben das sollte es f\u00fcr die ersten Tage gewesen sein. Melde mich gerne wieder bei euch. Aber wie ihr seht mir geht\u00b4s hier prima, ihr braucht euch keine Sorgen machen. <a href=\"http:\/\/collies-vom-floersbachtal.de\/cms\/wp-content\/uploads\/2013\/10\/Coby-mit-4-Monaten11.jpg\"><img loading=\"lazy\" decoding=\"async\" class=\"aligncenter size-medium wp-image-9104\" title=\"Coby mit 4 Monaten1\" src=\"http:\/\/collies-vom-floersbachtal.de\/cms\/wp-content\/uploads\/2013\/10\/Coby-mit-4-Monaten11-300x199.jpg\" alt=\"\" width=\"300\" height=\"199\" srcset=\"https:\/\/collies-vom-floersbachtal.de\/cms\/wp-content\/uploads\/2013\/10\/Coby-mit-4-Monaten11-300x199.jpg 300w, https:\/\/collies-vom-floersbachtal.de\/cms\/wp-content\/uploads\/2013\/10\/Coby-mit-4-Monaten11-1024x680.jpg 1024w, https:\/\/collies-vom-floersbachtal.de\/cms\/wp-content\/uploads\/2013\/10\/Coby-mit-4-Monaten11.jpg 2048w\" sizes=\"auto, (max-width: 300px) 100vw, 300px\" \/><\/a> ich pa\u00df auf das alles richtig ist&#8230; Liebe Gr\u00fc\u00dfe an Euch und die ganze Collie Bande vom Fl\u00f6rsbachtal. PS: Ach so nat\u00fcrlich auch noch liebe Gr\u00fc\u00dfe von Katrin, J\u00f6rg und Finn aus dem sch\u00f6nen Nordhessen.<\/p>\n","protected":false},"excerpt":{"rendered":"<p>09.11.13 Heute ist unser s\u00fc\u00dfer Coby in sein neues Zuhause gezogen. Wir hoffen das hier zwischen Finn und Coby eine wunderbare Jungen\/Colliefreundschaft heran w\u00e4chst, so wie im kult Film &#8222;Lassie&#8220; zu sehen ist. Wir w\u00e4ren jedenfalls \u00fcbergl\u00fccklich. \ud83d\ude00 08.05.2023 1. &hellip; <a href=\"https:\/\/collies-vom-floersbachtal.de\/?page_id=6444\">Weiterlesen <span class=\"meta-nav\">&rarr;<\/span><\/a><\/p>\n","protected":false},"author":1,"featured_media":0,"parent":0,"menu_order":0,"comment_status":"open","ping_status":"open","template":"","meta":{"footnotes":""},"class_list":["post-6444","page","type-page","status-publish","hentry"],"_links":{"self":[{"href":"https:\/\/collies-vom-floersbachtal.de\/index.php?rest_route=\/wp\/v2\/pages\/6444","targetHints":{"allow":["GET"]}}],"collection":[{"href":"https:\/\/collies-vom-floersbachtal.de\/index.php?rest_route=\/wp\/v2\/pages"}],"about":[{"href":"https:\/\/collies-vom-floersbachtal.de\/index.php?rest_route=\/wp\/v2\/types\/page"}],"author":[{"embeddable":true,"href":"https:\/\/collies-vom-floersbachtal.de\/index.php?rest_route=\/wp\/v2\/users\/1"}],"replies":[{"embeddable":true,"href":"https:\/\/collies-vom-floersbachtal.de\/index.php?rest_route=%2Fwp%2Fv2%2Fcomments&post=6444"}],"version-history":[{"count":46,"href":"https:\/\/collies-vom-floersbachtal.de\/index.php?rest_route=\/wp\/v2\/pages\/6444\/revisions"}],"predecessor-version":[{"id":53337,"href":"https:\/\/collies-vom-floersbachtal.de\/index.php?rest_route=\/wp\/v2\/pages\/6444\/revisions\/53337"}],"wp:attachment":[{"href":"https:\/\/collies-vom-floersbachtal.de\/index.php?rest_route=%2Fwp%2Fv2%2Fmedia&parent=6444"}],"curies":[{"name":"wp","href":"https:\/\/api.w.org\/{rel}","templated":true}]}}