{"id":6287,"date":"2013-10-15T07:41:42","date_gmt":"2013-10-15T07:41:42","guid":{"rendered":"http:\/\/collies-vom-floersbachtal.de\/?page_id=6287"},"modified":"2025-11-05T21:46:13","modified_gmt":"2025-11-05T21:46:13","slug":"nachzucht-chico-vom-florsbachtal","status":"publish","type":"page","link":"https:\/\/collies-vom-floersbachtal.de\/?page_id=6287","title":{"rendered":"Nachzucht C &#8211; Wurf  Chico verstorben :-("},"content":{"rendered":"\n<p><strong>13.08.25<\/strong>    <strong>Gerade erreicht mich diese schreckliche Nachricht \ud83d\ude41<\/strong><\/p>\n\n\n\n<p>Fast h\u00e4tte Chico seinen 12. Geburtstag hier bei uns feiern k\u00f6nnen, aber leider sollte es nicht sein. \ud83d\ude41 <\/p>\n\n\n\n<p>So sind beide ein Leben lang vereint gewesen und das sogar \u00fcber den Tod hinaus, ihnen wurde die Trauer \u00fcber den anderen erspart. nun sind sie wieder bei Gernot und leuchten uns jeden Abend als Sterne hier auf der Erde. \ud83d\ude41 Machts gut ihr beiden <\/p>\n\n\n\n<h1 class=\"wp-block-heading\"><strong>13.08.2023          &#8211;        12.08.2025<\/strong><\/h1>\n\n\n\n<figure class=\"wp-block-image size-full\"><a href=\"https:\/\/collies-vom-floersbachtal.de\/cms\/wp-content\/uploads\/2025\/08\/Trauer-1.jpg\"><img loading=\"lazy\" decoding=\"async\" width=\"500\" height=\"571\" src=\"https:\/\/collies-vom-floersbachtal.de\/cms\/wp-content\/uploads\/2025\/08\/Trauer-1.jpg\" alt=\"\" class=\"wp-image-51516\" srcset=\"https:\/\/collies-vom-floersbachtal.de\/cms\/wp-content\/uploads\/2025\/08\/Trauer-1.jpg 500w, https:\/\/collies-vom-floersbachtal.de\/cms\/wp-content\/uploads\/2025\/08\/Trauer-1-263x300.jpg 263w\" sizes=\"auto, (max-width: 500px) 100vw, 500px\" \/><\/a><\/figure>\n\n\n\n<figure class=\"wp-block-image size-large\"><a href=\"https:\/\/collies-vom-floersbachtal.de\/cms\/wp-content\/uploads\/2025\/08\/Angel-und-Chico1.jpg\"><img loading=\"lazy\" decoding=\"async\" width=\"1008\" height=\"1024\" src=\"https:\/\/collies-vom-floersbachtal.de\/cms\/wp-content\/uploads\/2025\/08\/Angel-und-Chico1-1008x1024.jpg\" alt=\"\" class=\"wp-image-51517\" srcset=\"https:\/\/collies-vom-floersbachtal.de\/cms\/wp-content\/uploads\/2025\/08\/Angel-und-Chico1-1008x1024.jpg 1008w, https:\/\/collies-vom-floersbachtal.de\/cms\/wp-content\/uploads\/2025\/08\/Angel-und-Chico1-295x300.jpg 295w, https:\/\/collies-vom-floersbachtal.de\/cms\/wp-content\/uploads\/2025\/08\/Angel-und-Chico1-768x780.jpg 768w, https:\/\/collies-vom-floersbachtal.de\/cms\/wp-content\/uploads\/2025\/08\/Angel-und-Chico1.jpg 1078w\" sizes=\"auto, (max-width: 1008px) 100vw, 1008px\" \/><\/a><\/figure>\n\n\n\n<h1 class=\"wp-block-heading\"><strong>News von Chico im Juli 24 \ud83d\ude42<\/strong><\/h1>\n\n\n\n<figure class=\"wp-block-image size-full is-style-rounded\"><a href=\"https:\/\/collies-vom-floersbachtal.de\/cms\/wp-content\/uploads\/2024\/08\/Chico1-Juli24.jpg\"><img loading=\"lazy\" decoding=\"async\" width=\"890\" height=\"757\" src=\"https:\/\/collies-vom-floersbachtal.de\/cms\/wp-content\/uploads\/2024\/08\/Chico1-Juli24.jpg\" alt=\"\" class=\"wp-image-47461\" srcset=\"https:\/\/collies-vom-floersbachtal.de\/cms\/wp-content\/uploads\/2024\/08\/Chico1-Juli24.jpg 890w, https:\/\/collies-vom-floersbachtal.de\/cms\/wp-content\/uploads\/2024\/08\/Chico1-Juli24-300x255.jpg 300w, https:\/\/collies-vom-floersbachtal.de\/cms\/wp-content\/uploads\/2024\/08\/Chico1-Juli24-768x653.jpg 768w\" sizes=\"auto, (max-width: 890px) 100vw, 890px\" \/><\/a><\/figure>\n\n\n\n<h1 class=\"wp-block-heading\"><strong>News von Chico im Februar 2023<\/strong><\/h1>\n\n\n\n<figure class=\"wp-block-image size-large\"><a href=\"https:\/\/collies-vom-floersbachtal.de\/cms\/wp-content\/uploads\/2023\/02\/Chico1-Feb.23.jpg\"><img loading=\"lazy\" decoding=\"async\" width=\"576\" height=\"1024\" src=\"https:\/\/collies-vom-floersbachtal.de\/cms\/wp-content\/uploads\/2023\/02\/Chico1-Feb.23-576x1024.jpg\" alt=\"\" class=\"wp-image-39005\" srcset=\"https:\/\/collies-vom-floersbachtal.de\/cms\/wp-content\/uploads\/2023\/02\/Chico1-Feb.23-576x1024.jpg 576w, https:\/\/collies-vom-floersbachtal.de\/cms\/wp-content\/uploads\/2023\/02\/Chico1-Feb.23-169x300.jpg 169w, https:\/\/collies-vom-floersbachtal.de\/cms\/wp-content\/uploads\/2023\/02\/Chico1-Feb.23-768x1365.jpg 768w, https:\/\/collies-vom-floersbachtal.de\/cms\/wp-content\/uploads\/2023\/02\/Chico1-Feb.23-864x1536.jpg 864w, https:\/\/collies-vom-floersbachtal.de\/cms\/wp-content\/uploads\/2023\/02\/Chico1-Feb.23.jpg 1080w\" sizes=\"auto, (max-width: 576px) 100vw, 576px\" \/><\/a><\/figure>\n\n\n\n<h1 class=\"wp-block-heading\"><strong>Neuigkeiten im Sommer 2021 \ud83d\ude42<\/strong><\/h1>\n\n\n\n<figure class=\"wp-block-gallery has-nested-images columns-default is-cropped wp-block-gallery-1 is-layout-flex wp-block-gallery-is-layout-flex\">\n<figure class=\"wp-block-image size-large\"><a href=\"https:\/\/collies-vom-floersbachtal.de\/cms\/wp-content\/uploads\/2021\/08\/Angel-und-Chico1-Januar-21.jpg\"><img loading=\"lazy\" decoding=\"async\" width=\"540\" height=\"960\" data-id=\"32933\" src=\"https:\/\/collies-vom-floersbachtal.de\/cms\/wp-content\/uploads\/2021\/08\/Angel-und-Chico1-Januar-21.jpg\" alt=\"\" class=\"wp-image-32933\" srcset=\"https:\/\/collies-vom-floersbachtal.de\/cms\/wp-content\/uploads\/2021\/08\/Angel-und-Chico1-Januar-21.jpg 540w, https:\/\/collies-vom-floersbachtal.de\/cms\/wp-content\/uploads\/2021\/08\/Angel-und-Chico1-Januar-21-169x300.jpg 169w\" sizes=\"auto, (max-width: 540px) 100vw, 540px\" \/><\/a><\/figure>\n\n\n\n<figure class=\"wp-block-image size-large\"><a href=\"https:\/\/collies-vom-floersbachtal.de\/cms\/wp-content\/uploads\/2021\/08\/Angel-und-Chico1-Juli21.jpg\"><img loading=\"lazy\" decoding=\"async\" width=\"526\" height=\"701\" data-id=\"32934\" src=\"https:\/\/collies-vom-floersbachtal.de\/cms\/wp-content\/uploads\/2021\/08\/Angel-und-Chico1-Juli21.jpg\" alt=\"\" class=\"wp-image-32934\" srcset=\"https:\/\/collies-vom-floersbachtal.de\/cms\/wp-content\/uploads\/2021\/08\/Angel-und-Chico1-Juli21.jpg 526w, https:\/\/collies-vom-floersbachtal.de\/cms\/wp-content\/uploads\/2021\/08\/Angel-und-Chico1-Juli21-225x300.jpg 225w\" sizes=\"auto, (max-width: 526px) 100vw, 526px\" \/><\/a><\/figure>\n<\/figure>\n\n\n<p><a href=\"http:\/\/collies-vom-floersbachtal.de\/cms\/wp-content\/uploads\/2013\/10\/Wurf-C-8.W.-Chico1.jpg\"><img loading=\"lazy\" decoding=\"async\" class=\"alignleft size-medium wp-image-6561\" title=\"Wurf C 8.W. Chico1\" src=\"http:\/\/collies-vom-floersbachtal.de\/cms\/wp-content\/uploads\/2013\/10\/Wurf-C-8.W.-Chico1-300x209.jpg\" alt=\"\" width=\"300\" height=\"209\" srcset=\"https:\/\/collies-vom-floersbachtal.de\/cms\/wp-content\/uploads\/2013\/10\/Wurf-C-8.W.-Chico1-300x209.jpg 300w, https:\/\/collies-vom-floersbachtal.de\/cms\/wp-content\/uploads\/2013\/10\/Wurf-C-8.W.-Chico1.jpg 1000w\" sizes=\"auto, (max-width: 300px) 100vw, 300px\" \/><\/a><strong>12.10.13<\/strong> Als Erster geboren und auch als Erster Ausgezogen. Unser Koalab\u00e4rchen ist nun zu seiner neuen Familie gezogen, in der schon sein Halbschwester Bashira-Angel und 4 Chihuahua und eine Katze leben. Wir sind sehr gl\u00fccklich dar\u00fcber, da wir ihn so \u00f6fter sehen k\u00f6nnen. Da wir alle zur gleichen Hundeschule gehen. \ud83d\ude42<\/p>\n<p>(Fotos zum vergr\u00f6\u00dfern, einfach anklicken)<\/p>\n<h1><strong>News von Chico und Angel im April 2021 \ud83d\ude42<\/strong><\/h1>\n<p><img decoding=\"async\" src=\"http:\/\/collies-vom-floersbachtal.de\/cms\/wp-content\/uploads\/2021\/04\/Chico-und-Angel1-Maerz21.jpg\" \/><\/p>\n<h1><strong>Neuigkeiten von Chico im Januar 2021<a href=\"http:\/\/collies-vom-floersbachtal.de\/?attachment_id=30594\" rel=\"attachment wp-att-30594\"><img loading=\"lazy\" decoding=\"async\" class=\"aligncenter size-full wp-image-30594\" src=\"http:\/\/collies-vom-floersbachtal.de\/cms\/wp-content\/uploads\/2021\/01\/Chico1-Jan.21.jpg\" alt=\"\" width=\"1072\" height=\"1920\" srcset=\"https:\/\/collies-vom-floersbachtal.de\/cms\/wp-content\/uploads\/2021\/01\/Chico1-Jan.21.jpg 1072w, https:\/\/collies-vom-floersbachtal.de\/cms\/wp-content\/uploads\/2021\/01\/Chico1-Jan.21-168x300.jpg 168w, https:\/\/collies-vom-floersbachtal.de\/cms\/wp-content\/uploads\/2021\/01\/Chico1-Jan.21-572x1024.jpg 572w, https:\/\/collies-vom-floersbachtal.de\/cms\/wp-content\/uploads\/2021\/01\/Chico1-Jan.21-768x1376.jpg 768w, https:\/\/collies-vom-floersbachtal.de\/cms\/wp-content\/uploads\/2021\/01\/Chico1-Jan.21-858x1536.jpg 858w\" sizes=\"auto, (max-width: 1072px) 100vw, 1072px\" \/><\/a><\/strong><\/h1>\n<p><strong>Januar 2018 Chico &amp; Angel<\/strong><\/p>\n<p><a href=\"http:\/\/collies-vom-floersbachtal.de\/cms\/wp-content\/uploads\/2013\/10\/Chico-und-die-Minis.jpg\"><img loading=\"lazy\" decoding=\"async\" class=\"aligncenter size-full wp-image-21023\" title=\"Chico und die Minis\" src=\"http:\/\/collies-vom-floersbachtal.de\/cms\/wp-content\/uploads\/2013\/10\/Chico-und-die-Minis.jpg\" alt=\"\" width=\"540\" height=\"960\" srcset=\"https:\/\/collies-vom-floersbachtal.de\/cms\/wp-content\/uploads\/2013\/10\/Chico-und-die-Minis.jpg 540w, https:\/\/collies-vom-floersbachtal.de\/cms\/wp-content\/uploads\/2013\/10\/Chico-und-die-Minis-168x300.jpg 168w\" sizes=\"auto, (max-width: 540px) 100vw, 540px\" \/><\/a>Grinsebacke \ud83d\ude00<\/p>\n<p><strong>Januar 2017<a href=\"http:\/\/collies-vom-floersbachtal.de\/cms\/wp-content\/uploads\/2013\/10\/Chico1-Dze.16.jpg\"><img loading=\"lazy\" decoding=\"async\" class=\"aligncenter size-full wp-image-18771\" title=\"Chico1 Dze.16\" src=\"http:\/\/collies-vom-floersbachtal.de\/cms\/wp-content\/uploads\/2013\/10\/Chico1-Dze.16.jpg\" alt=\"\" width=\"528\" height=\"960\" srcset=\"https:\/\/collies-vom-floersbachtal.de\/cms\/wp-content\/uploads\/2013\/10\/Chico1-Dze.16.jpg 528w, https:\/\/collies-vom-floersbachtal.de\/cms\/wp-content\/uploads\/2013\/10\/Chico1-Dze.16-165x300.jpg 165w\" sizes=\"auto, (max-width: 528px) 100vw, 528px\" \/><\/a><\/strong><\/p>\n<p><strong>M\u00e4rz 2016<a href=\"http:\/\/collies-vom-floersbachtal.de\/cms\/wp-content\/uploads\/2013\/10\/Chico-Angel11-zu-besuch-Sep.15.jpg\"><img loading=\"lazy\" decoding=\"async\" class=\"aligncenter size-medium wp-image-16803\" title=\"Chico &amp; Angel11 zu besuch Sep.15\" src=\"http:\/\/collies-vom-floersbachtal.de\/cms\/wp-content\/uploads\/2013\/10\/Chico-Angel11-zu-besuch-Sep.15-300x230.jpg\" alt=\"\" width=\"300\" height=\"230\" srcset=\"https:\/\/collies-vom-floersbachtal.de\/cms\/wp-content\/uploads\/2013\/10\/Chico-Angel11-zu-besuch-Sep.15-300x230.jpg 300w, https:\/\/collies-vom-floersbachtal.de\/cms\/wp-content\/uploads\/2013\/10\/Chico-Angel11-zu-besuch-Sep.15.jpg 1000w\" sizes=\"auto, (max-width: 300px) 100vw, 300px\" \/><\/a><\/strong>Chico, ein stattlicher Riese von 65 cm, dagegen wirkt Baxter richtig klein \ud83d\ude00<a href=\"http:\/\/collies-vom-floersbachtal.de\/cms\/wp-content\/uploads\/2013\/10\/Chico-Angel12-zu-besuch-Sep.15.jpg\"><img loading=\"lazy\" decoding=\"async\" class=\"aligncenter size-medium wp-image-16808\" title=\"Chico &amp; Angel12 zu besuch Sep.15\" src=\"http:\/\/collies-vom-floersbachtal.de\/cms\/wp-content\/uploads\/2013\/10\/Chico-Angel12-zu-besuch-Sep.15-300x242.jpg\" alt=\"\" width=\"300\" height=\"242\" srcset=\"https:\/\/collies-vom-floersbachtal.de\/cms\/wp-content\/uploads\/2013\/10\/Chico-Angel12-zu-besuch-Sep.15-300x242.jpg 300w, https:\/\/collies-vom-floersbachtal.de\/cms\/wp-content\/uploads\/2013\/10\/Chico-Angel12-zu-besuch-Sep.15.jpg 1000w\" sizes=\"auto, (max-width: 300px) 100vw, 300px\" \/><\/a> Und Mama wirkt auch ein bissel verloren neben ihm \ud83d\ude09<\/p>\n<p><strong>Oktober 2014 Chico mit Angel im Urlaub an der Nordsee<\/strong><br \/><a href=\"http:\/\/collies-vom-floersbachtal.de\/cms\/wp-content\/uploads\/2011\/11\/chico1.jpg\"><img loading=\"lazy\" decoding=\"async\" class=\"alignleft size-full wp-image-10368\" title=\"chico1\" src=\"http:\/\/collies-vom-floersbachtal.de\/cms\/wp-content\/uploads\/2011\/11\/chico1.jpg\" alt=\"\" width=\"540\" height=\"960\" srcset=\"https:\/\/collies-vom-floersbachtal.de\/cms\/wp-content\/uploads\/2011\/11\/chico1.jpg 540w, https:\/\/collies-vom-floersbachtal.de\/cms\/wp-content\/uploads\/2011\/11\/chico1-168x300.jpg 168w\" sizes=\"auto, (max-width: 540px) 100vw, 540px\" \/><\/a> Chico ist auch ein ganz toller R\u00fcde und soooo lieb, sagt Frauchen \ud83d\ude42<br \/><a href=\"http:\/\/collies-vom-floersbachtal.de\/cms\/wp-content\/uploads\/2011\/11\/Chicco-Angel1.jpg\"><img loading=\"lazy\" decoding=\"async\" class=\"alignleft size-full wp-image-10369\" title=\"Chicco &amp; Angel1\" src=\"http:\/\/collies-vom-floersbachtal.de\/cms\/wp-content\/uploads\/2011\/11\/Chicco-Angel1.jpg\" alt=\"\" width=\"960\" height=\"540\" srcset=\"https:\/\/collies-vom-floersbachtal.de\/cms\/wp-content\/uploads\/2011\/11\/Chicco-Angel1.jpg 960w, https:\/\/collies-vom-floersbachtal.de\/cms\/wp-content\/uploads\/2011\/11\/Chicco-Angel1-300x168.jpg 300w\" sizes=\"auto, (max-width: 960px) 100vw, 960px\" \/><\/a>Chico &amp; Angel im Urlaub an der Nordsee \ud83d\ude42<br \/><a href=\"http:\/\/collies-vom-floersbachtal.de\/cms\/wp-content\/uploads\/2011\/11\/Chico-Angel2.jpg\"><img loading=\"lazy\" decoding=\"async\" class=\"alignleft size-full wp-image-10370\" title=\"Chico &amp; Angel2\" src=\"http:\/\/collies-vom-floersbachtal.de\/cms\/wp-content\/uploads\/2011\/11\/Chico-Angel2.jpg\" alt=\"\" width=\"540\" height=\"960\" srcset=\"https:\/\/collies-vom-floersbachtal.de\/cms\/wp-content\/uploads\/2011\/11\/Chico-Angel2.jpg 540w, https:\/\/collies-vom-floersbachtal.de\/cms\/wp-content\/uploads\/2011\/11\/Chico-Angel2-168x300.jpg 168w\" sizes=\"auto, (max-width: 540px) 100vw, 540px\" \/><\/a> wieder Zuhause, der Gr\u00f6\u00dfenunterschied ist schon beachtlich \ud83d\ude00<br \/><strong>M\u00e4rz 2014 Treffen an der Wiesb\u00fctt<\/strong><br \/>s\u00fc\u00dfe Schnute<br \/>und schon soo gro\u00df \ud83d\ude42<br \/><a href=\"http:\/\/collies-vom-floersbachtal.de\/cms\/wp-content\/uploads\/2013\/10\/Chico-Angel1-an-der-Wiesb\u00fctt.jpg\"><img loading=\"lazy\" decoding=\"async\" class=\"aligncenter size-medium wp-image-9118\" title=\"Chico &amp; Angel1 an der Wiesb\u00fctt\" src=\"http:\/\/collies-vom-floersbachtal.de\/cms\/wp-content\/uploads\/2013\/10\/Chico-Angel1-an-der-Wiesb\u00fctt-300x247.jpg\" alt=\"\" width=\"300\" height=\"247\" srcset=\"https:\/\/collies-vom-floersbachtal.de\/cms\/wp-content\/uploads\/2013\/10\/Chico-Angel1-an-der-Wiesb\u00fctt-300x247.jpg 300w, https:\/\/collies-vom-floersbachtal.de\/cms\/wp-content\/uploads\/2013\/10\/Chico-Angel1-an-der-Wiesb\u00fctt.jpg 1000w\" sizes=\"auto, (max-width: 300px) 100vw, 300px\" \/><\/a> und mit seiner h\u00fcbschen Schwester Bashira-Angel \ud83d\ude00<br \/><a href=\"http:\/\/collies-vom-floersbachtal.de\/cms\/wp-content\/uploads\/2013\/10\/Spaziergang-mit-Dorle-Carmen-zur-Wiesb\u00fctt1.jpg\"><img loading=\"lazy\" decoding=\"async\" class=\"aligncenter size-medium wp-image-9141\" title=\"Spaziergang mit Dorle &amp; Carmen zur Wiesb\u00fctt1\" src=\"http:\/\/collies-vom-floersbachtal.de\/cms\/wp-content\/uploads\/2013\/10\/Spaziergang-mit-Dorle-Carmen-zur-Wiesb\u00fctt1-300x228.jpg\" alt=\"\" width=\"300\" height=\"228\" srcset=\"https:\/\/collies-vom-floersbachtal.de\/cms\/wp-content\/uploads\/2013\/10\/Spaziergang-mit-Dorle-Carmen-zur-Wiesb\u00fctt1-300x228.jpg 300w, https:\/\/collies-vom-floersbachtal.de\/cms\/wp-content\/uploads\/2013\/10\/Spaziergang-mit-Dorle-Carmen-zur-Wiesb\u00fctt1.jpg 1000w\" sizes=\"auto, (max-width: 300px) 100vw, 300px\" \/><\/a><br \/><a href=\"http:\/\/collies-vom-floersbachtal.de\/cms\/wp-content\/uploads\/2013\/10\/Spaziergang-mit-Dorle-Carmen-zur-Wiesb\u00fctt2.jpg\"><img loading=\"lazy\" decoding=\"async\" class=\"aligncenter size-medium wp-image-9142\" title=\"Spaziergang mit Dorle &amp; Carmen zur Wiesb\u00fctt2\" src=\"http:\/\/collies-vom-floersbachtal.de\/cms\/wp-content\/uploads\/2013\/10\/Spaziergang-mit-Dorle-Carmen-zur-Wiesb\u00fctt2-300x194.jpg\" alt=\"\" width=\"300\" height=\"194\" srcset=\"https:\/\/collies-vom-floersbachtal.de\/cms\/wp-content\/uploads\/2013\/10\/Spaziergang-mit-Dorle-Carmen-zur-Wiesb\u00fctt2-300x194.jpg 300w, https:\/\/collies-vom-floersbachtal.de\/cms\/wp-content\/uploads\/2013\/10\/Spaziergang-mit-Dorle-Carmen-zur-Wiesb\u00fctt2.jpg 1000w\" sizes=\"auto, (max-width: 300px) 100vw, 300px\" \/><\/a><br \/><strong>10.03.14<\/strong><br \/><a href=\"http:\/\/collies-vom-floersbachtal.de\/cms\/wp-content\/uploads\/2013\/10\/Angel-Chico-Feb.1.jpg\"><img loading=\"lazy\" decoding=\"async\" class=\"aligncenter size-medium wp-image-8928\" title=\"Angel &amp; Chico Feb.1\" src=\"http:\/\/collies-vom-floersbachtal.de\/cms\/wp-content\/uploads\/2013\/10\/Angel-Chico-Feb.1-168x300.jpg\" alt=\"\" width=\"168\" height=\"300\" srcset=\"https:\/\/collies-vom-floersbachtal.de\/cms\/wp-content\/uploads\/2013\/10\/Angel-Chico-Feb.1-168x300.jpg 168w, https:\/\/collies-vom-floersbachtal.de\/cms\/wp-content\/uploads\/2013\/10\/Angel-Chico-Feb.1.jpg 540w\" sizes=\"auto, (max-width: 168px) 100vw, 168px\" \/><\/a> Chico und seine Schwester Angel \ud83d\ude42<\/p>\n<p><strong>22.02.14<\/strong><br \/>Hier kommen noch welche \ud83d\ude42<br \/>Frauchen sagt wir sehen aus wie Batman \ud83d\ude09<br \/><a href=\"http:\/\/collies-vom-floersbachtal.de\/cms\/wp-content\/uploads\/2013\/10\/Chico-Angel-Feb.-2.jpg\"><img loading=\"lazy\" decoding=\"async\" class=\"aligncenter size-medium wp-image-8686\" title=\"Chico &amp; Angel Feb. 2\" src=\"http:\/\/collies-vom-floersbachtal.de\/cms\/wp-content\/uploads\/2013\/10\/Chico-Angel-Feb.-2-168x300.jpg\" alt=\"\" width=\"168\" height=\"300\" srcset=\"https:\/\/collies-vom-floersbachtal.de\/cms\/wp-content\/uploads\/2013\/10\/Chico-Angel-Feb.-2-168x300.jpg 168w, https:\/\/collies-vom-floersbachtal.de\/cms\/wp-content\/uploads\/2013\/10\/Chico-Angel-Feb.-2.jpg 540w\" sizes=\"auto, (max-width: 168px) 100vw, 168px\" \/><\/a> sind wir nicht h\u00fcbsch ; und wie \ud83d\ude00<br \/><strong>14.02.14<\/strong><br \/>Bei herrlichem Winterwetter drau\u00dfen toben, supi \ud83d\ude42<br \/>na wann kommt Angel?<br \/>bisschen Zeitung lesen<br \/><a href=\"http:\/\/collies-vom-floersbachtal.de\/cms\/wp-content\/uploads\/2013\/10\/Chico-Angel1-Jan.14.jpg\"><img loading=\"lazy\" decoding=\"async\" class=\"aligncenter size-medium wp-image-8573\" title=\"Chico &amp; Angel1 Jan.14\" src=\"http:\/\/collies-vom-floersbachtal.de\/cms\/wp-content\/uploads\/2013\/10\/Chico-Angel1-Jan.14-225x300.jpg\" alt=\"\" width=\"225\" height=\"300\" srcset=\"https:\/\/collies-vom-floersbachtal.de\/cms\/wp-content\/uploads\/2013\/10\/Chico-Angel1-Jan.14-225x300.jpg 225w, https:\/\/collies-vom-floersbachtal.de\/cms\/wp-content\/uploads\/2013\/10\/Chico-Angel1-Jan.14.jpg 720w\" sizes=\"auto, (max-width: 225px) 100vw, 225px\" \/><\/a><br \/>gl\u00fccklich und ausgepauert wieder Zuhause \ud83d\ude42<\/p>\n<p><strong>02.02.14<\/strong><br \/><a href=\"http:\/\/collies-vom-floersbachtal.de\/cms\/wp-content\/uploads\/2013\/10\/Chico-Angel1-Jan-14.jpg\"><img loading=\"lazy\" decoding=\"async\" class=\"aligncenter size-medium wp-image-8370\" title=\"Chico &amp; Angel1 Jan 14\" src=\"http:\/\/collies-vom-floersbachtal.de\/cms\/wp-content\/uploads\/2013\/10\/Chico-Angel1-Jan-14-225x300.jpg\" alt=\"\" width=\"225\" height=\"300\" srcset=\"https:\/\/collies-vom-floersbachtal.de\/cms\/wp-content\/uploads\/2013\/10\/Chico-Angel1-Jan-14-225x300.jpg 225w, https:\/\/collies-vom-floersbachtal.de\/cms\/wp-content\/uploads\/2013\/10\/Chico-Angel1-Jan-14.jpg 720w\" sizes=\"auto, (max-width: 225px) 100vw, 225px\" \/><\/a> Zwei so s\u00fc\u00dfe Fellnasen \ud83d\ude42<br \/><a href=\"http:\/\/collies-vom-floersbachtal.de\/cms\/wp-content\/uploads\/2013\/10\/Angel1-Jan-14.jpg\"><img loading=\"lazy\" decoding=\"async\" class=\"aligncenter size-medium wp-image-8371\" title=\"Angel1 Jan 14\" src=\"http:\/\/collies-vom-floersbachtal.de\/cms\/wp-content\/uploads\/2013\/10\/Angel1-Jan-14-225x300.jpg\" alt=\"\" width=\"225\" height=\"300\" srcset=\"https:\/\/collies-vom-floersbachtal.de\/cms\/wp-content\/uploads\/2013\/10\/Angel1-Jan-14-225x300.jpg 225w, https:\/\/collies-vom-floersbachtal.de\/cms\/wp-content\/uploads\/2013\/10\/Angel1-Jan-14.jpg 612w\" sizes=\"auto, (max-width: 225px) 100vw, 225px\" \/><\/a> hmmm lecker Jogurt<\/p>\n<p><strong>07.01.14<\/strong><br \/><a href=\"http:\/\/collies-vom-floersbachtal.de\/cms\/wp-content\/uploads\/2013\/10\/Chico-beim-Ruhen-mit-seiner-Nachtwache.jpg\"><img loading=\"lazy\" decoding=\"async\" class=\"aligncenter size-medium wp-image-8067\" title=\"Chico beim Ruhen mit seiner Nachtwache\" src=\"http:\/\/collies-vom-floersbachtal.de\/cms\/wp-content\/uploads\/2013\/10\/Chico-beim-Ruhen-mit-seiner-Nachtwache-225x300.jpg\" alt=\"\" width=\"225\" height=\"300\" srcset=\"https:\/\/collies-vom-floersbachtal.de\/cms\/wp-content\/uploads\/2013\/10\/Chico-beim-Ruhen-mit-seiner-Nachtwache-225x300.jpg 225w, https:\/\/collies-vom-floersbachtal.de\/cms\/wp-content\/uploads\/2013\/10\/Chico-beim-Ruhen-mit-seiner-Nachtwache.jpg 720w\" sizes=\"auto, (max-width: 225px) 100vw, 225px\" \/><\/a> Chico mit seiner Nachtwache \ud83d\ude00<br \/>So gro\u00df ist unser Chico schon geworden<br \/><strong>05.12.13<\/strong><br \/><a href=\"http:\/\/collies-vom-floersbachtal.de\/cms\/wp-content\/uploads\/2013\/10\/Chico-Angel-Nov.-165-Wochen-alt2.jpg\"><img loading=\"lazy\" decoding=\"async\" class=\"aligncenter size-medium wp-image-7602\" title=\"Chico &amp; Angel Nov. 16,5 Wochen alt2\" src=\"http:\/\/collies-vom-floersbachtal.de\/cms\/wp-content\/uploads\/2013\/10\/Chico-Angel-Nov.-165-Wochen-alt2-225x300.jpg\" alt=\"\" width=\"225\" height=\"300\" srcset=\"https:\/\/collies-vom-floersbachtal.de\/cms\/wp-content\/uploads\/2013\/10\/Chico-Angel-Nov.-165-Wochen-alt2-225x300.jpg 225w, https:\/\/collies-vom-floersbachtal.de\/cms\/wp-content\/uploads\/2013\/10\/Chico-Angel-Nov.-165-Wochen-alt2.jpg 612w\" sizes=\"auto, (max-width: 225px) 100vw, 225px\" \/><\/a> Chico und seine Freundin Angel ein Herz und eine Seele<\/p>\n<p><strong>14.11.13<\/strong><br \/>bin gerade wach geworden, was gibts denn?<br \/><a href=\"http:\/\/collies-vom-floersbachtal.de\/cms\/wp-content\/uploads\/2013\/10\/Nachzucht-Chico-Angel23.jpg\"><img loading=\"lazy\" decoding=\"async\" class=\"alignright size-full wp-image-7058\" title=\"Nachzucht Chico &amp; Angel2\" src=\"http:\/\/collies-vom-floersbachtal.de\/cms\/wp-content\/uploads\/2013\/10\/Nachzucht-Chico-Angel23.jpg\" alt=\"\" width=\"720\" height=\"960\" srcset=\"https:\/\/collies-vom-floersbachtal.de\/cms\/wp-content\/uploads\/2013\/10\/Nachzucht-Chico-Angel23.jpg 720w, https:\/\/collies-vom-floersbachtal.de\/cms\/wp-content\/uploads\/2013\/10\/Nachzucht-Chico-Angel23-225x300.jpg 225w\" sizes=\"auto, (max-width: 720px) 100vw, 720px\" \/><\/a> Gleich gibts Fresschen!<br \/><strong>10.11.13<\/strong><\/p>\n<p><a href=\"http:\/\/collies-vom-floersbachtal.de\/cms\/wp-content\/uploads\/2013\/10\/Nachzucht-Chico2-Nov.13.jpg\"><img loading=\"lazy\" decoding=\"async\" class=\"aligncenter size-full wp-image-6946\" title=\"Nachzucht Chico2  Nov.13\" src=\"http:\/\/collies-vom-floersbachtal.de\/cms\/wp-content\/uploads\/2013\/10\/Nachzucht-Chico2-Nov.13.jpg\" alt=\"\" width=\"720\" height=\"960\" srcset=\"https:\/\/collies-vom-floersbachtal.de\/cms\/wp-content\/uploads\/2013\/10\/Nachzucht-Chico2-Nov.13.jpg 720w, https:\/\/collies-vom-floersbachtal.de\/cms\/wp-content\/uploads\/2013\/10\/Nachzucht-Chico2-Nov.13-225x300.jpg 225w\" sizes=\"auto, (max-width: 720px) 100vw, 720px\" \/><\/a> bissel klein der Korb<br \/><a href=\"http:\/\/collies-vom-floersbachtal.de\/cms\/wp-content\/uploads\/2013\/10\/Nachzucht-Chico3-Nov.13.jpg\"><img loading=\"lazy\" decoding=\"async\" class=\"aligncenter size-full wp-image-6947\" title=\"Nachzucht Chico3  Nov.13\" src=\"http:\/\/collies-vom-floersbachtal.de\/cms\/wp-content\/uploads\/2013\/10\/Nachzucht-Chico3-Nov.13.jpg\" alt=\"\" width=\"960\" height=\"720\" srcset=\"https:\/\/collies-vom-floersbachtal.de\/cms\/wp-content\/uploads\/2013\/10\/Nachzucht-Chico3-Nov.13.jpg 960w, https:\/\/collies-vom-floersbachtal.de\/cms\/wp-content\/uploads\/2013\/10\/Nachzucht-Chico3-Nov.13-300x225.jpg 300w\" sizes=\"auto, (max-width: 960px) 100vw, 960px\" \/><\/a><\/p>\n<p><a href=\"http:\/\/collies-vom-floersbachtal.de\/cms\/wp-content\/uploads\/2013\/10\/Nachzucht-Chico-Angel22.jpg\"><img loading=\"lazy\" decoding=\"async\" class=\"aligncenter size-full wp-image-6949\" title=\"Nachzucht Chico &amp; Angel2\" src=\"http:\/\/collies-vom-floersbachtal.de\/cms\/wp-content\/uploads\/2013\/10\/Nachzucht-Chico-Angel22.jpg\" alt=\"\" width=\"720\" height=\"960\" srcset=\"https:\/\/collies-vom-floersbachtal.de\/cms\/wp-content\/uploads\/2013\/10\/Nachzucht-Chico-Angel22.jpg 720w, https:\/\/collies-vom-floersbachtal.de\/cms\/wp-content\/uploads\/2013\/10\/Nachzucht-Chico-Angel22-225x300.jpg 225w\" sizes=\"auto, (max-width: 720px) 100vw, 720px\" \/><\/a> nach was gr\u00e4bste denn?<\/p>\n<p><strong>02.11.13<\/strong><\/p>\n<p><a href=\"http:\/\/collies-vom-floersbachtal.de\/cms\/wp-content\/uploads\/2013\/10\/Nachzucht-Chico13.jpg\"><img loading=\"lazy\" decoding=\"async\" class=\"aligncenter size-full wp-image-6792\" title=\"Nachzucht Chico1\" src=\"http:\/\/collies-vom-floersbachtal.de\/cms\/wp-content\/uploads\/2013\/10\/Nachzucht-Chico13.jpg\" alt=\"\" width=\"720\" height=\"960\" srcset=\"https:\/\/collies-vom-floersbachtal.de\/cms\/wp-content\/uploads\/2013\/10\/Nachzucht-Chico13.jpg 720w, https:\/\/collies-vom-floersbachtal.de\/cms\/wp-content\/uploads\/2013\/10\/Nachzucht-Chico13-225x300.jpg 225w\" sizes=\"auto, (max-width: 720px) 100vw, 720px\" \/><\/a><\/p>\n<p><strong>24.10.13<\/strong><br \/>Chico ist super mit seinem neuen Azubi-Geschirr<br \/><a href=\"http:\/\/collies-vom-floersbachtal.de\/cms\/wp-content\/uploads\/2013\/10\/Nachzucht-Chico21.jpg\"><img loading=\"lazy\" decoding=\"async\" class=\"aligncenter size-full wp-image-6566\" title=\"Nachzucht Chico2\" src=\"http:\/\/collies-vom-floersbachtal.de\/cms\/wp-content\/uploads\/2013\/10\/Nachzucht-Chico21.jpg\" alt=\"\" width=\"720\" height=\"960\" srcset=\"https:\/\/collies-vom-floersbachtal.de\/cms\/wp-content\/uploads\/2013\/10\/Nachzucht-Chico21.jpg 720w, https:\/\/collies-vom-floersbachtal.de\/cms\/wp-content\/uploads\/2013\/10\/Nachzucht-Chico21-225x300.jpg 225w\" sizes=\"auto, (max-width: 720px) 100vw, 720px\" \/><\/a><br \/>Angel pa\u00dft auf ihren Azubi auf<br \/>Angel ist fertig, Azubis sind anstrengend \ud83d\ude09<\/p>\n<p><a href=\"http:\/\/collies-vom-floersbachtal.de\/cms\/wp-content\/uploads\/2013\/10\/Nachzucht-Chico-mit-Angel-2.jpg\"><img loading=\"lazy\" decoding=\"async\" class=\"aligncenter size-full wp-image-6365\" title=\"Nachzucht Chico mit Angel 2\" src=\"http:\/\/collies-vom-floersbachtal.de\/cms\/wp-content\/uploads\/2013\/10\/Nachzucht-Chico-mit-Angel-2.jpg\" alt=\"\" width=\"720\" height=\"960\" srcset=\"https:\/\/collies-vom-floersbachtal.de\/cms\/wp-content\/uploads\/2013\/10\/Nachzucht-Chico-mit-Angel-2.jpg 720w, https:\/\/collies-vom-floersbachtal.de\/cms\/wp-content\/uploads\/2013\/10\/Nachzucht-Chico-mit-Angel-2-225x300.jpg 225w\" sizes=\"auto, (max-width: 720px) 100vw, 720px\" \/><\/a> Immer hinter Angel her<br \/>Spatz<\/p>\n<p><a href=\"http:\/\/collies-vom-floersbachtal.de\/cms\/wp-content\/uploads\/2013\/10\/Nachzucht-Chico-mit-Angel-3.jpg\"><img loading=\"lazy\" decoding=\"async\" class=\"aligncenter size-full wp-image-6368\" title=\"Nachzucht Chico mit Angel 3\" src=\"http:\/\/collies-vom-floersbachtal.de\/cms\/wp-content\/uploads\/2013\/10\/Nachzucht-Chico-mit-Angel-3.jpg\" alt=\"\" width=\"720\" height=\"960\" srcset=\"https:\/\/collies-vom-floersbachtal.de\/cms\/wp-content\/uploads\/2013\/10\/Nachzucht-Chico-mit-Angel-3.jpg 720w, https:\/\/collies-vom-floersbachtal.de\/cms\/wp-content\/uploads\/2013\/10\/Nachzucht-Chico-mit-Angel-3-225x300.jpg 225w\" sizes=\"auto, (max-width: 720px) 100vw, 720px\" \/><\/a><br \/><strong><strong>14.10.13<\/strong> Hier kommen die ersten Fotos von unserem Koalab\u00e4rchen Chico \ud83d\ude42<\/strong><\/p>\n<p><a href=\"http:\/\/collies-vom-floersbachtal.de\/cms\/wp-content\/uploads\/2013\/10\/Nachzucht-Chico-mit-Fu\u00dfhupen1.jpg\"><img loading=\"lazy\" decoding=\"async\" class=\"aligncenter size-full wp-image-6290\" title=\"Nachzucht Chico mit Fu\u00dfhupen1\" src=\"http:\/\/collies-vom-floersbachtal.de\/cms\/wp-content\/uploads\/2013\/10\/Nachzucht-Chico-mit-Fu\u00dfhupen1.jpg\" alt=\"\" width=\"612\" height=\"816\" srcset=\"https:\/\/collies-vom-floersbachtal.de\/cms\/wp-content\/uploads\/2013\/10\/Nachzucht-Chico-mit-Fu\u00dfhupen1.jpg 612w, https:\/\/collies-vom-floersbachtal.de\/cms\/wp-content\/uploads\/2013\/10\/Nachzucht-Chico-mit-Fu\u00dfhupen1-225x300.jpg 225w\" sizes=\"auto, (max-width: 612px) 100vw, 612px\" \/><\/a> Erst werden mal die ganzen Fu\u00dfhupen begr\u00fc\u00dft \ud83d\ude09<br \/><a href=\"http:\/\/collies-vom-floersbachtal.de\/cms\/wp-content\/uploads\/2013\/10\/Nachzucht-Chico-mit-Angel-1.jpg\"><img loading=\"lazy\" decoding=\"async\" class=\"aligncenter size-full wp-image-6292\" title=\"Nachzucht Chico mit Angel 1\" src=\"http:\/\/collies-vom-floersbachtal.de\/cms\/wp-content\/uploads\/2013\/10\/Nachzucht-Chico-mit-Angel-1.jpg\" alt=\"\" width=\"720\" height=\"960\" srcset=\"https:\/\/collies-vom-floersbachtal.de\/cms\/wp-content\/uploads\/2013\/10\/Nachzucht-Chico-mit-Angel-1.jpg 720w, https:\/\/collies-vom-floersbachtal.de\/cms\/wp-content\/uploads\/2013\/10\/Nachzucht-Chico-mit-Angel-1-225x300.jpg 225w\" sizes=\"auto, (max-width: 720px) 100vw, 720px\" \/><\/a> Dann die gro\u00dfe Schwester Angel \ud83d\ude42<br \/><a href=\"http:\/\/collies-vom-floersbachtal.de\/cms\/wp-content\/uploads\/2013\/10\/Nachzucht-Chico-mit-Frauchen1.jpg\"><img loading=\"lazy\" decoding=\"async\" class=\"aligncenter size-full wp-image-6293\" title=\"Nachzucht Chico mit Frauchen1\" src=\"http:\/\/collies-vom-floersbachtal.de\/cms\/wp-content\/uploads\/2013\/10\/Nachzucht-Chico-mit-Frauchen1.jpg\" alt=\"\" width=\"612\" height=\"816\" srcset=\"https:\/\/collies-vom-floersbachtal.de\/cms\/wp-content\/uploads\/2013\/10\/Nachzucht-Chico-mit-Frauchen1.jpg 612w, https:\/\/collies-vom-floersbachtal.de\/cms\/wp-content\/uploads\/2013\/10\/Nachzucht-Chico-mit-Frauchen1-225x300.jpg 225w\" sizes=\"auto, (max-width: 612px) 100vw, 612px\" \/><\/a> Und nat\u00fcrlich mit Frauchen kuscheln \ud83d\ude42<br \/><a href=\"http:\/\/collies-vom-floersbachtal.de\/cms\/wp-content\/uploads\/2013\/10\/Nachzucht-Chico1.jpg\"><img loading=\"lazy\" decoding=\"async\" class=\"aligncenter size-full wp-image-6294\" title=\"Nachzucht Chico1\" src=\"http:\/\/collies-vom-floersbachtal.de\/cms\/wp-content\/uploads\/2013\/10\/Nachzucht-Chico1.jpg\" alt=\"\" width=\"489\" height=\"489\" srcset=\"https:\/\/collies-vom-floersbachtal.de\/cms\/wp-content\/uploads\/2013\/10\/Nachzucht-Chico1.jpg 489w, https:\/\/collies-vom-floersbachtal.de\/cms\/wp-content\/uploads\/2013\/10\/Nachzucht-Chico1-150x150.jpg 150w, https:\/\/collies-vom-floersbachtal.de\/cms\/wp-content\/uploads\/2013\/10\/Nachzucht-Chico1-300x300.jpg 300w\" sizes=\"auto, (max-width: 489px) 100vw, 489px\" \/><\/a> Um dann v\u00f6llig erledigt sich den besten Schlafplatz auszusuchen \ud83d\ude42<br \/>Frauchen hat uns erz\u00e4hlt, dass Chico die erste Nacht super durchgeschlafen hat und nur ganz kurz seine Arien gesungen hat.<\/p>","protected":false},"excerpt":{"rendered":"<p>13.08.25 Gerade erreicht mich diese schreckliche Nachricht \ud83d\ude41 Fast h\u00e4tte Chico seinen 12. Geburtstag hier bei uns feiern k\u00f6nnen, aber leider sollte es nicht sein. \ud83d\ude41 So sind beide ein Leben lang vereint gewesen und das sogar \u00fcber den Tod &hellip; <a href=\"https:\/\/collies-vom-floersbachtal.de\/?page_id=6287\">Weiterlesen <span class=\"meta-nav\">&rarr;<\/span><\/a><\/p>\n","protected":false},"author":1,"featured_media":0,"parent":0,"menu_order":0,"comment_status":"open","ping_status":"open","template":"","meta":{"footnotes":""},"class_list":["post-6287","page","type-page","status-publish","hentry"],"_links":{"self":[{"href":"https:\/\/collies-vom-floersbachtal.de\/index.php?rest_route=\/wp\/v2\/pages\/6287","targetHints":{"allow":["GET"]}}],"collection":[{"href":"https:\/\/collies-vom-floersbachtal.de\/index.php?rest_route=\/wp\/v2\/pages"}],"about":[{"href":"https:\/\/collies-vom-floersbachtal.de\/index.php?rest_route=\/wp\/v2\/types\/page"}],"author":[{"embeddable":true,"href":"https:\/\/collies-vom-floersbachtal.de\/index.php?rest_route=\/wp\/v2\/users\/1"}],"replies":[{"embeddable":true,"href":"https:\/\/collies-vom-floersbachtal.de\/index.php?rest_route=%2Fwp%2Fv2%2Fcomments&post=6287"}],"version-history":[{"count":47,"href":"https:\/\/collies-vom-floersbachtal.de\/index.php?rest_route=\/wp\/v2\/pages\/6287\/revisions"}],"predecessor-version":[{"id":53338,"href":"https:\/\/collies-vom-floersbachtal.de\/index.php?rest_route=\/wp\/v2\/pages\/6287\/revisions\/53338"}],"wp:attachment":[{"href":"https:\/\/collies-vom-floersbachtal.de\/index.php?rest_route=%2Fwp%2Fv2%2Fmedia&parent=6287"}],"curies":[{"name":"wp","href":"https:\/\/api.w.org\/{rel}","templated":true}]}}