{"id":5514,"date":"2013-09-02T09:01:26","date_gmt":"2013-09-02T09:01:26","guid":{"rendered":"http:\/\/collies-vom-floersbachtal.de\/?page_id=5514"},"modified":"2025-05-16T13:32:04","modified_gmt":"2025-05-16T13:32:04","slug":"welpentreffen","status":"publish","type":"page","link":"https:\/\/collies-vom-floersbachtal.de\/?page_id=5514","title":{"rendered":"WELPENTREFFEN"},"content":{"rendered":"\n<h1 class=\"wp-block-heading\"><strong>Wir hatten ein \u00fcberraschendes, aber gelungenes Welpentreffen am 10.05.2025 mit den N-chens  Nika und Nischa, den M-chens Manisha und Mina, Learoy von den L-chens, Jana von den J-chens, die I-chen wurden von  Idefix-Michl vertreten, so wie die H-chens  von Hancock mit T\u00f6chterchen Bonny. Maggy, ein Sch\u00e4fimix war unser Gastgeberhund ( nochmals lieben Dank an meinen netten Nachbarn Michael) und klein Linny unser Neuzugang . \ud83d\ude00<\/strong><\/h1>\n\n\n\n<figure class=\"wp-block-gallery has-nested-images columns-default is-cropped wp-block-gallery-1 is-layout-flex wp-block-gallery-is-layout-flex\">\n<figure class=\"wp-block-image size-large\"><a href=\"https:\/\/collies-vom-floersbachtal.de\/cms\/wp-content\/uploads\/2025\/05\/Welpentreffen10-Mai25.jpg\"><img loading=\"lazy\" decoding=\"async\" width=\"1000\" height=\"346\" data-id=\"50287\" src=\"https:\/\/collies-vom-floersbachtal.de\/cms\/wp-content\/uploads\/2025\/05\/Welpentreffen10-Mai25.jpg\" alt=\"\" class=\"wp-image-50287\" srcset=\"https:\/\/collies-vom-floersbachtal.de\/cms\/wp-content\/uploads\/2025\/05\/Welpentreffen10-Mai25.jpg 1000w, https:\/\/collies-vom-floersbachtal.de\/cms\/wp-content\/uploads\/2025\/05\/Welpentreffen10-Mai25-300x104.jpg 300w, https:\/\/collies-vom-floersbachtal.de\/cms\/wp-content\/uploads\/2025\/05\/Welpentreffen10-Mai25-768x266.jpg 768w\" sizes=\"auto, (max-width: 1000px) 100vw, 1000px\" \/><\/a><\/figure>\n<\/figure>\n\n\n\n<figure class=\"wp-block-gallery has-nested-images columns-default is-cropped wp-block-gallery-2 is-layout-flex wp-block-gallery-is-layout-flex\">\n<figure class=\"wp-block-image size-large is-style-rounded\"><a href=\"https:\/\/collies-vom-floersbachtal.de\/cms\/wp-content\/uploads\/2025\/05\/Welpentreffen8-Mai25.jpg\"><img loading=\"lazy\" decoding=\"async\" width=\"722\" height=\"1024\" data-id=\"50288\" src=\"https:\/\/collies-vom-floersbachtal.de\/cms\/wp-content\/uploads\/2025\/05\/Welpentreffen8-Mai25-722x1024.jpg\" alt=\"\" class=\"wp-image-50288\" srcset=\"https:\/\/collies-vom-floersbachtal.de\/cms\/wp-content\/uploads\/2025\/05\/Welpentreffen8-Mai25-722x1024.jpg 722w, https:\/\/collies-vom-floersbachtal.de\/cms\/wp-content\/uploads\/2025\/05\/Welpentreffen8-Mai25-212x300.jpg 212w, https:\/\/collies-vom-floersbachtal.de\/cms\/wp-content\/uploads\/2025\/05\/Welpentreffen8-Mai25-768x1089.jpg 768w, https:\/\/collies-vom-floersbachtal.de\/cms\/wp-content\/uploads\/2025\/05\/Welpentreffen8-Mai25.jpg 800w\" sizes=\"auto, (max-width: 722px) 100vw, 722px\" \/><\/a><\/figure>\n<\/figure>\n\n\n\n<figure class=\"wp-block-gallery has-nested-images columns-default is-cropped wp-block-gallery-3 is-layout-flex wp-block-gallery-is-layout-flex\">\n<figure class=\"wp-block-image size-large is-style-rounded\"><a href=\"https:\/\/collies-vom-floersbachtal.de\/cms\/wp-content\/uploads\/2025\/05\/Welpentreffen7-Mai25.jpg\"><img loading=\"lazy\" decoding=\"async\" width=\"1000\" height=\"913\" data-id=\"50289\" src=\"https:\/\/collies-vom-floersbachtal.de\/cms\/wp-content\/uploads\/2025\/05\/Welpentreffen7-Mai25.jpg\" alt=\"\" class=\"wp-image-50289\" srcset=\"https:\/\/collies-vom-floersbachtal.de\/cms\/wp-content\/uploads\/2025\/05\/Welpentreffen7-Mai25.jpg 1000w, https:\/\/collies-vom-floersbachtal.de\/cms\/wp-content\/uploads\/2025\/05\/Welpentreffen7-Mai25-300x274.jpg 300w, https:\/\/collies-vom-floersbachtal.de\/cms\/wp-content\/uploads\/2025\/05\/Welpentreffen7-Mai25-768x701.jpg 768w\" sizes=\"auto, (max-width: 1000px) 100vw, 1000px\" \/><\/a><figcaption class=\"wp-element-caption\"><strong>Mama Jana und Sohnemann Learoy <\/strong><\/figcaption><\/figure>\n<\/figure>\n\n\n\n<figure class=\"wp-block-gallery has-nested-images columns-default is-cropped wp-block-gallery-4 is-layout-flex wp-block-gallery-is-layout-flex\">\n<figure class=\"wp-block-image size-large\"><a href=\"https:\/\/collies-vom-floersbachtal.de\/cms\/wp-content\/uploads\/2025\/05\/Welpentreffen16-Mai25.jpg\"><img loading=\"lazy\" decoding=\"async\" width=\"1000\" height=\"563\" data-id=\"50291\" src=\"https:\/\/collies-vom-floersbachtal.de\/cms\/wp-content\/uploads\/2025\/05\/Welpentreffen16-Mai25.jpg\" alt=\"\" class=\"wp-image-50291\" srcset=\"https:\/\/collies-vom-floersbachtal.de\/cms\/wp-content\/uploads\/2025\/05\/Welpentreffen16-Mai25.jpg 1000w, https:\/\/collies-vom-floersbachtal.de\/cms\/wp-content\/uploads\/2025\/05\/Welpentreffen16-Mai25-300x169.jpg 300w, https:\/\/collies-vom-floersbachtal.de\/cms\/wp-content\/uploads\/2025\/05\/Welpentreffen16-Mai25-768x432.jpg 768w\" sizes=\"auto, (max-width: 1000px) 100vw, 1000px\" \/><\/a><\/figure>\n\n\n\n<figure class=\"wp-block-image size-large\"><a href=\"https:\/\/collies-vom-floersbachtal.de\/cms\/wp-content\/uploads\/2025\/05\/Welpentreffen11-Mai25.jpg\"><img loading=\"lazy\" decoding=\"async\" width=\"1000\" height=\"563\" data-id=\"50292\" src=\"https:\/\/collies-vom-floersbachtal.de\/cms\/wp-content\/uploads\/2025\/05\/Welpentreffen11-Mai25.jpg\" alt=\"\" class=\"wp-image-50292\" srcset=\"https:\/\/collies-vom-floersbachtal.de\/cms\/wp-content\/uploads\/2025\/05\/Welpentreffen11-Mai25.jpg 1000w, https:\/\/collies-vom-floersbachtal.de\/cms\/wp-content\/uploads\/2025\/05\/Welpentreffen11-Mai25-300x169.jpg 300w, https:\/\/collies-vom-floersbachtal.de\/cms\/wp-content\/uploads\/2025\/05\/Welpentreffen11-Mai25-768x432.jpg 768w\" sizes=\"auto, (max-width: 1000px) 100vw, 1000px\" \/><\/a><\/figure>\n\n\n\n<figure class=\"wp-block-image size-large\"><a href=\"https:\/\/collies-vom-floersbachtal.de\/cms\/wp-content\/uploads\/2025\/05\/Welpentreffen12-Mai25.jpg\"><img loading=\"lazy\" decoding=\"async\" width=\"577\" height=\"1024\" data-id=\"50296\" src=\"https:\/\/collies-vom-floersbachtal.de\/cms\/wp-content\/uploads\/2025\/05\/Welpentreffen12-Mai25-577x1024.jpg\" alt=\"\" class=\"wp-image-50296\" srcset=\"https:\/\/collies-vom-floersbachtal.de\/cms\/wp-content\/uploads\/2025\/05\/Welpentreffen12-Mai25-577x1024.jpg 577w, https:\/\/collies-vom-floersbachtal.de\/cms\/wp-content\/uploads\/2025\/05\/Welpentreffen12-Mai25-169x300.jpg 169w, https:\/\/collies-vom-floersbachtal.de\/cms\/wp-content\/uploads\/2025\/05\/Welpentreffen12-Mai25-768x1364.jpg 768w, https:\/\/collies-vom-floersbachtal.de\/cms\/wp-content\/uploads\/2025\/05\/Welpentreffen12-Mai25-865x1536.jpg 865w, https:\/\/collies-vom-floersbachtal.de\/cms\/wp-content\/uploads\/2025\/05\/Welpentreffen12-Mai25.jpg 1000w\" sizes=\"auto, (max-width: 577px) 100vw, 577px\" \/><\/a><\/figure>\n\n\n\n<figure class=\"wp-block-image size-large\"><a href=\"https:\/\/collies-vom-floersbachtal.de\/cms\/wp-content\/uploads\/2025\/05\/Welpentreffen13-Mai25.jpg\"><img loading=\"lazy\" decoding=\"async\" width=\"1000\" height=\"563\" data-id=\"50293\" src=\"https:\/\/collies-vom-floersbachtal.de\/cms\/wp-content\/uploads\/2025\/05\/Welpentreffen13-Mai25.jpg\" alt=\"\" class=\"wp-image-50293\" srcset=\"https:\/\/collies-vom-floersbachtal.de\/cms\/wp-content\/uploads\/2025\/05\/Welpentreffen13-Mai25.jpg 1000w, https:\/\/collies-vom-floersbachtal.de\/cms\/wp-content\/uploads\/2025\/05\/Welpentreffen13-Mai25-300x169.jpg 300w, https:\/\/collies-vom-floersbachtal.de\/cms\/wp-content\/uploads\/2025\/05\/Welpentreffen13-Mai25-768x432.jpg 768w\" sizes=\"auto, (max-width: 1000px) 100vw, 1000px\" \/><\/a><\/figure>\n\n\n\n<figure class=\"wp-block-image size-large\"><a href=\"https:\/\/collies-vom-floersbachtal.de\/cms\/wp-content\/uploads\/2025\/05\/Welpentreffen14-Mai25.jpg\"><img loading=\"lazy\" decoding=\"async\" width=\"577\" height=\"1024\" data-id=\"50295\" src=\"https:\/\/collies-vom-floersbachtal.de\/cms\/wp-content\/uploads\/2025\/05\/Welpentreffen14-Mai25-577x1024.jpg\" alt=\"\" class=\"wp-image-50295\" srcset=\"https:\/\/collies-vom-floersbachtal.de\/cms\/wp-content\/uploads\/2025\/05\/Welpentreffen14-Mai25-577x1024.jpg 577w, https:\/\/collies-vom-floersbachtal.de\/cms\/wp-content\/uploads\/2025\/05\/Welpentreffen14-Mai25-169x300.jpg 169w, https:\/\/collies-vom-floersbachtal.de\/cms\/wp-content\/uploads\/2025\/05\/Welpentreffen14-Mai25-768x1364.jpg 768w, https:\/\/collies-vom-floersbachtal.de\/cms\/wp-content\/uploads\/2025\/05\/Welpentreffen14-Mai25-865x1536.jpg 865w, https:\/\/collies-vom-floersbachtal.de\/cms\/wp-content\/uploads\/2025\/05\/Welpentreffen14-Mai25.jpg 1000w\" sizes=\"auto, (max-width: 577px) 100vw, 577px\" \/><\/a><\/figure>\n\n\n\n<figure class=\"wp-block-image size-large\"><a href=\"https:\/\/collies-vom-floersbachtal.de\/cms\/wp-content\/uploads\/2025\/05\/Welpentreffen15-Mai25.jpg\"><img loading=\"lazy\" decoding=\"async\" width=\"577\" height=\"1024\" data-id=\"50294\" src=\"https:\/\/collies-vom-floersbachtal.de\/cms\/wp-content\/uploads\/2025\/05\/Welpentreffen15-Mai25-577x1024.jpg\" alt=\"\" class=\"wp-image-50294\" srcset=\"https:\/\/collies-vom-floersbachtal.de\/cms\/wp-content\/uploads\/2025\/05\/Welpentreffen15-Mai25-577x1024.jpg 577w, https:\/\/collies-vom-floersbachtal.de\/cms\/wp-content\/uploads\/2025\/05\/Welpentreffen15-Mai25-169x300.jpg 169w, https:\/\/collies-vom-floersbachtal.de\/cms\/wp-content\/uploads\/2025\/05\/Welpentreffen15-Mai25-768x1364.jpg 768w, https:\/\/collies-vom-floersbachtal.de\/cms\/wp-content\/uploads\/2025\/05\/Welpentreffen15-Mai25-865x1536.jpg 865w, https:\/\/collies-vom-floersbachtal.de\/cms\/wp-content\/uploads\/2025\/05\/Welpentreffen15-Mai25.jpg 1000w\" sizes=\"auto, (max-width: 577px) 100vw, 577px\" \/><\/a><\/figure>\n<\/figure>\n\n\n\n<figure class=\"wp-block-gallery has-nested-images columns-default is-cropped wp-block-gallery-5 is-layout-flex wp-block-gallery-is-layout-flex\">\n<figure class=\"wp-block-image size-large is-style-rounded\"><a href=\"https:\/\/collies-vom-floersbachtal.de\/cms\/wp-content\/uploads\/2025\/05\/Welpentreffen19-Mai25.jpg\"><img loading=\"lazy\" decoding=\"async\" width=\"741\" height=\"845\" data-id=\"50297\" src=\"https:\/\/collies-vom-floersbachtal.de\/cms\/wp-content\/uploads\/2025\/05\/Welpentreffen19-Mai25.jpg\" alt=\"\" class=\"wp-image-50297\" srcset=\"https:\/\/collies-vom-floersbachtal.de\/cms\/wp-content\/uploads\/2025\/05\/Welpentreffen19-Mai25.jpg 741w, https:\/\/collies-vom-floersbachtal.de\/cms\/wp-content\/uploads\/2025\/05\/Welpentreffen19-Mai25-263x300.jpg 263w\" sizes=\"auto, (max-width: 741px) 100vw, 741px\" \/><\/a><figcaption class=\"wp-element-caption\"><strong>Manisha und Nisha<\/strong><\/figcaption><\/figure>\n<\/figure>\n\n\n\n<figure class=\"wp-block-gallery has-nested-images columns-default is-cropped wp-block-gallery-6 is-layout-flex wp-block-gallery-is-layout-flex\">\n<figure class=\"wp-block-image size-large\"><a href=\"https:\/\/collies-vom-floersbachtal.de\/cms\/wp-content\/uploads\/2025\/05\/Welpentreffen41-Mai25.jpg\"><img loading=\"lazy\" decoding=\"async\" width=\"1000\" height=\"750\" data-id=\"50299\" src=\"https:\/\/collies-vom-floersbachtal.de\/cms\/wp-content\/uploads\/2025\/05\/Welpentreffen41-Mai25.jpg\" alt=\"\" class=\"wp-image-50299\" srcset=\"https:\/\/collies-vom-floersbachtal.de\/cms\/wp-content\/uploads\/2025\/05\/Welpentreffen41-Mai25.jpg 1000w, https:\/\/collies-vom-floersbachtal.de\/cms\/wp-content\/uploads\/2025\/05\/Welpentreffen41-Mai25-300x225.jpg 300w, https:\/\/collies-vom-floersbachtal.de\/cms\/wp-content\/uploads\/2025\/05\/Welpentreffen41-Mai25-768x576.jpg 768w\" sizes=\"auto, (max-width: 1000px) 100vw, 1000px\" \/><\/a><\/figure>\n\n\n\n<figure class=\"wp-block-image size-large\"><a href=\"https:\/\/collies-vom-floersbachtal.de\/cms\/wp-content\/uploads\/2025\/05\/Welpentreffen42-Mai25.jpg\"><img loading=\"lazy\" decoding=\"async\" width=\"1000\" height=\"750\" data-id=\"50300\" src=\"https:\/\/collies-vom-floersbachtal.de\/cms\/wp-content\/uploads\/2025\/05\/Welpentreffen42-Mai25.jpg\" alt=\"\" class=\"wp-image-50300\" srcset=\"https:\/\/collies-vom-floersbachtal.de\/cms\/wp-content\/uploads\/2025\/05\/Welpentreffen42-Mai25.jpg 1000w, https:\/\/collies-vom-floersbachtal.de\/cms\/wp-content\/uploads\/2025\/05\/Welpentreffen42-Mai25-300x225.jpg 300w, https:\/\/collies-vom-floersbachtal.de\/cms\/wp-content\/uploads\/2025\/05\/Welpentreffen42-Mai25-768x576.jpg 768w\" sizes=\"auto, (max-width: 1000px) 100vw, 1000px\" \/><\/a><\/figure>\n\n\n\n<figure class=\"wp-block-image size-large\"><a href=\"https:\/\/collies-vom-floersbachtal.de\/cms\/wp-content\/uploads\/2025\/05\/Welpentreffen45-Mai25.jpg\"><img loading=\"lazy\" decoding=\"async\" width=\"768\" height=\"1024\" data-id=\"50301\" src=\"https:\/\/collies-vom-floersbachtal.de\/cms\/wp-content\/uploads\/2025\/05\/Welpentreffen45-Mai25-768x1024.jpg\" alt=\"\" class=\"wp-image-50301\" srcset=\"https:\/\/collies-vom-floersbachtal.de\/cms\/wp-content\/uploads\/2025\/05\/Welpentreffen45-Mai25-768x1024.jpg 768w, https:\/\/collies-vom-floersbachtal.de\/cms\/wp-content\/uploads\/2025\/05\/Welpentreffen45-Mai25-225x300.jpg 225w, https:\/\/collies-vom-floersbachtal.de\/cms\/wp-content\/uploads\/2025\/05\/Welpentreffen45-Mai25.jpg 1000w\" sizes=\"auto, (max-width: 768px) 100vw, 768px\" \/><\/a><\/figure>\n\n\n\n<figure class=\"wp-block-image size-large\"><a href=\"https:\/\/collies-vom-floersbachtal.de\/cms\/wp-content\/uploads\/2025\/05\/Welpentreffen27-Mai25.jpg\"><img loading=\"lazy\" decoding=\"async\" width=\"768\" height=\"1024\" data-id=\"50302\" src=\"https:\/\/collies-vom-floersbachtal.de\/cms\/wp-content\/uploads\/2025\/05\/Welpentreffen27-Mai25-768x1024.jpg\" alt=\"\" class=\"wp-image-50302\" srcset=\"https:\/\/collies-vom-floersbachtal.de\/cms\/wp-content\/uploads\/2025\/05\/Welpentreffen27-Mai25-768x1024.jpg 768w, https:\/\/collies-vom-floersbachtal.de\/cms\/wp-content\/uploads\/2025\/05\/Welpentreffen27-Mai25-225x300.jpg 225w, https:\/\/collies-vom-floersbachtal.de\/cms\/wp-content\/uploads\/2025\/05\/Welpentreffen27-Mai25.jpg 1000w\" sizes=\"auto, (max-width: 768px) 100vw, 768px\" \/><\/a><\/figure>\n\n\n\n<figure class=\"wp-block-image size-large\"><a href=\"https:\/\/collies-vom-floersbachtal.de\/cms\/wp-content\/uploads\/2025\/05\/Welpentreffen29-Mai25.jpg\"><img loading=\"lazy\" decoding=\"async\" width=\"768\" height=\"1024\" data-id=\"50304\" src=\"https:\/\/collies-vom-floersbachtal.de\/cms\/wp-content\/uploads\/2025\/05\/Welpentreffen29-Mai25-768x1024.jpg\" alt=\"\" class=\"wp-image-50304\" srcset=\"https:\/\/collies-vom-floersbachtal.de\/cms\/wp-content\/uploads\/2025\/05\/Welpentreffen29-Mai25-768x1024.jpg 768w, https:\/\/collies-vom-floersbachtal.de\/cms\/wp-content\/uploads\/2025\/05\/Welpentreffen29-Mai25-225x300.jpg 225w, https:\/\/collies-vom-floersbachtal.de\/cms\/wp-content\/uploads\/2025\/05\/Welpentreffen29-Mai25.jpg 1000w\" sizes=\"auto, (max-width: 768px) 100vw, 768px\" \/><\/a><\/figure>\n\n\n\n<figure class=\"wp-block-image size-large\"><a href=\"https:\/\/collies-vom-floersbachtal.de\/cms\/wp-content\/uploads\/2025\/05\/Welpentreffen40-Mai25.jpg\"><img loading=\"lazy\" decoding=\"async\" width=\"768\" height=\"1024\" data-id=\"50303\" src=\"https:\/\/collies-vom-floersbachtal.de\/cms\/wp-content\/uploads\/2025\/05\/Welpentreffen40-Mai25-768x1024.jpg\" alt=\"\" class=\"wp-image-50303\" srcset=\"https:\/\/collies-vom-floersbachtal.de\/cms\/wp-content\/uploads\/2025\/05\/Welpentreffen40-Mai25-768x1024.jpg 768w, https:\/\/collies-vom-floersbachtal.de\/cms\/wp-content\/uploads\/2025\/05\/Welpentreffen40-Mai25-225x300.jpg 225w, https:\/\/collies-vom-floersbachtal.de\/cms\/wp-content\/uploads\/2025\/05\/Welpentreffen40-Mai25.jpg 1000w\" sizes=\"auto, (max-width: 768px) 100vw, 768px\" \/><\/a><\/figure>\n\n\n\n<figure class=\"wp-block-image size-large\"><a href=\"https:\/\/collies-vom-floersbachtal.de\/cms\/wp-content\/uploads\/2025\/05\/Welpentreffen32-Mai25.jpg\"><img loading=\"lazy\" decoding=\"async\" width=\"768\" height=\"1024\" data-id=\"50305\" src=\"https:\/\/collies-vom-floersbachtal.de\/cms\/wp-content\/uploads\/2025\/05\/Welpentreffen32-Mai25-768x1024.jpg\" alt=\"\" class=\"wp-image-50305\" srcset=\"https:\/\/collies-vom-floersbachtal.de\/cms\/wp-content\/uploads\/2025\/05\/Welpentreffen32-Mai25-768x1024.jpg 768w, https:\/\/collies-vom-floersbachtal.de\/cms\/wp-content\/uploads\/2025\/05\/Welpentreffen32-Mai25-225x300.jpg 225w, https:\/\/collies-vom-floersbachtal.de\/cms\/wp-content\/uploads\/2025\/05\/Welpentreffen32-Mai25.jpg 800w\" sizes=\"auto, (max-width: 768px) 100vw, 768px\" \/><\/a><\/figure>\n\n\n\n<figure class=\"wp-block-image size-large\"><a href=\"https:\/\/collies-vom-floersbachtal.de\/cms\/wp-content\/uploads\/2025\/05\/Welpentreffen31-Mai25.jpg\"><img loading=\"lazy\" decoding=\"async\" width=\"971\" height=\"1024\" data-id=\"50306\" src=\"https:\/\/collies-vom-floersbachtal.de\/cms\/wp-content\/uploads\/2025\/05\/Welpentreffen31-Mai25-971x1024.jpg\" alt=\"\" class=\"wp-image-50306\" srcset=\"https:\/\/collies-vom-floersbachtal.de\/cms\/wp-content\/uploads\/2025\/05\/Welpentreffen31-Mai25-971x1024.jpg 971w, https:\/\/collies-vom-floersbachtal.de\/cms\/wp-content\/uploads\/2025\/05\/Welpentreffen31-Mai25-284x300.jpg 284w, https:\/\/collies-vom-floersbachtal.de\/cms\/wp-content\/uploads\/2025\/05\/Welpentreffen31-Mai25-768x810.jpg 768w, https:\/\/collies-vom-floersbachtal.de\/cms\/wp-content\/uploads\/2025\/05\/Welpentreffen31-Mai25.jpg 988w\" sizes=\"auto, (max-width: 971px) 100vw, 971px\" \/><\/a><\/figure>\n<\/figure>\n\n\n\n<figure class=\"wp-block-gallery has-nested-images columns-default is-cropped wp-block-gallery-7 is-layout-flex wp-block-gallery-is-layout-flex\">\n<figure class=\"wp-block-image size-large\"><a href=\"https:\/\/collies-vom-floersbachtal.de\/cms\/wp-content\/uploads\/2025\/05\/Welpentreffen25-Mai25.jpg\"><img loading=\"lazy\" decoding=\"async\" width=\"768\" height=\"1024\" data-id=\"50310\" src=\"https:\/\/collies-vom-floersbachtal.de\/cms\/wp-content\/uploads\/2025\/05\/Welpentreffen25-Mai25-768x1024.jpg\" alt=\"\" class=\"wp-image-50310\" srcset=\"https:\/\/collies-vom-floersbachtal.de\/cms\/wp-content\/uploads\/2025\/05\/Welpentreffen25-Mai25-768x1024.jpg 768w, https:\/\/collies-vom-floersbachtal.de\/cms\/wp-content\/uploads\/2025\/05\/Welpentreffen25-Mai25-225x300.jpg 225w, https:\/\/collies-vom-floersbachtal.de\/cms\/wp-content\/uploads\/2025\/05\/Welpentreffen25-Mai25.jpg 1000w\" sizes=\"auto, (max-width: 768px) 100vw, 768px\" \/><\/a><\/figure>\n\n\n\n<figure class=\"wp-block-image size-large\"><a href=\"https:\/\/collies-vom-floersbachtal.de\/cms\/wp-content\/uploads\/2025\/05\/Welpentreffen1-Mai25.jpg\"><img loading=\"lazy\" decoding=\"async\" width=\"665\" height=\"1024\" data-id=\"50311\" src=\"https:\/\/collies-vom-floersbachtal.de\/cms\/wp-content\/uploads\/2025\/05\/Welpentreffen1-Mai25-665x1024.jpg\" alt=\"\" class=\"wp-image-50311\" srcset=\"https:\/\/collies-vom-floersbachtal.de\/cms\/wp-content\/uploads\/2025\/05\/Welpentreffen1-Mai25-665x1024.jpg 665w, https:\/\/collies-vom-floersbachtal.de\/cms\/wp-content\/uploads\/2025\/05\/Welpentreffen1-Mai25-195x300.jpg 195w, https:\/\/collies-vom-floersbachtal.de\/cms\/wp-content\/uploads\/2025\/05\/Welpentreffen1-Mai25-768x1183.jpg 768w, https:\/\/collies-vom-floersbachtal.de\/cms\/wp-content\/uploads\/2025\/05\/Welpentreffen1-Mai25-997x1536.jpg 997w, https:\/\/collies-vom-floersbachtal.de\/cms\/wp-content\/uploads\/2025\/05\/Welpentreffen1-Mai25.jpg 1000w\" sizes=\"auto, (max-width: 665px) 100vw, 665px\" \/><\/a><\/figure>\n\n\n\n<figure class=\"wp-block-image size-large\"><a href=\"https:\/\/collies-vom-floersbachtal.de\/cms\/wp-content\/uploads\/2025\/05\/Welpentreffen3-Mai25.jpg\"><img loading=\"lazy\" decoding=\"async\" width=\"966\" height=\"1024\" data-id=\"50309\" src=\"https:\/\/collies-vom-floersbachtal.de\/cms\/wp-content\/uploads\/2025\/05\/Welpentreffen3-Mai25-966x1024.jpg\" alt=\"\" class=\"wp-image-50309\" srcset=\"https:\/\/collies-vom-floersbachtal.de\/cms\/wp-content\/uploads\/2025\/05\/Welpentreffen3-Mai25-966x1024.jpg 966w, https:\/\/collies-vom-floersbachtal.de\/cms\/wp-content\/uploads\/2025\/05\/Welpentreffen3-Mai25-283x300.jpg 283w, https:\/\/collies-vom-floersbachtal.de\/cms\/wp-content\/uploads\/2025\/05\/Welpentreffen3-Mai25-768x814.jpg 768w, https:\/\/collies-vom-floersbachtal.de\/cms\/wp-content\/uploads\/2025\/05\/Welpentreffen3-Mai25.jpg 1000w\" sizes=\"auto, (max-width: 966px) 100vw, 966px\" \/><\/a><\/figure>\n\n\n\n<figure class=\"wp-block-image size-large\"><a href=\"https:\/\/collies-vom-floersbachtal.de\/cms\/wp-content\/uploads\/2025\/05\/Welpentreffen5-Mai25.jpg\"><img loading=\"lazy\" decoding=\"async\" width=\"800\" height=\"800\" data-id=\"50307\" src=\"https:\/\/collies-vom-floersbachtal.de\/cms\/wp-content\/uploads\/2025\/05\/Welpentreffen5-Mai25.jpg\" alt=\"\" class=\"wp-image-50307\" srcset=\"https:\/\/collies-vom-floersbachtal.de\/cms\/wp-content\/uploads\/2025\/05\/Welpentreffen5-Mai25.jpg 800w, https:\/\/collies-vom-floersbachtal.de\/cms\/wp-content\/uploads\/2025\/05\/Welpentreffen5-Mai25-300x300.jpg 300w, https:\/\/collies-vom-floersbachtal.de\/cms\/wp-content\/uploads\/2025\/05\/Welpentreffen5-Mai25-150x150.jpg 150w, https:\/\/collies-vom-floersbachtal.de\/cms\/wp-content\/uploads\/2025\/05\/Welpentreffen5-Mai25-768x768.jpg 768w\" sizes=\"auto, (max-width: 800px) 100vw, 800px\" \/><\/a><\/figure>\n\n\n\n<figure class=\"wp-block-image size-large\"><a href=\"https:\/\/collies-vom-floersbachtal.de\/cms\/wp-content\/uploads\/2025\/05\/Welpentreffen6-Mai25.jpg\"><img loading=\"lazy\" decoding=\"async\" width=\"790\" height=\"1024\" data-id=\"50308\" src=\"https:\/\/collies-vom-floersbachtal.de\/cms\/wp-content\/uploads\/2025\/05\/Welpentreffen6-Mai25-790x1024.jpg\" alt=\"\" class=\"wp-image-50308\" srcset=\"https:\/\/collies-vom-floersbachtal.de\/cms\/wp-content\/uploads\/2025\/05\/Welpentreffen6-Mai25-790x1024.jpg 790w, https:\/\/collies-vom-floersbachtal.de\/cms\/wp-content\/uploads\/2025\/05\/Welpentreffen6-Mai25-231x300.jpg 231w, https:\/\/collies-vom-floersbachtal.de\/cms\/wp-content\/uploads\/2025\/05\/Welpentreffen6-Mai25-768x996.jpg 768w, https:\/\/collies-vom-floersbachtal.de\/cms\/wp-content\/uploads\/2025\/05\/Welpentreffen6-Mai25.jpg 800w\" sizes=\"auto, (max-width: 790px) 100vw, 790px\" \/><\/a><\/figure>\n<\/figure>\n\n\n\n<figure class=\"wp-block-gallery has-nested-images columns-default is-cropped wp-block-gallery-8 is-layout-flex wp-block-gallery-is-layout-flex\">\n<figure class=\"wp-block-image size-large is-style-rounded\"><a href=\"https:\/\/collies-vom-floersbachtal.de\/cms\/wp-content\/uploads\/2025\/05\/Welpentreffen43-Mai25.jpg\"><img loading=\"lazy\" decoding=\"async\" width=\"1000\" height=\"789\" data-id=\"50313\" src=\"https:\/\/collies-vom-floersbachtal.de\/cms\/wp-content\/uploads\/2025\/05\/Welpentreffen43-Mai25.jpg\" alt=\"\" class=\"wp-image-50313\" srcset=\"https:\/\/collies-vom-floersbachtal.de\/cms\/wp-content\/uploads\/2025\/05\/Welpentreffen43-Mai25.jpg 1000w, https:\/\/collies-vom-floersbachtal.de\/cms\/wp-content\/uploads\/2025\/05\/Welpentreffen43-Mai25-300x237.jpg 300w, https:\/\/collies-vom-floersbachtal.de\/cms\/wp-content\/uploads\/2025\/05\/Welpentreffen43-Mai25-768x606.jpg 768w\" sizes=\"auto, (max-width: 1000px) 100vw, 1000px\" \/><\/a><figcaption class=\"wp-element-caption\"><strong>Linny war froh das wir den Wagen dabei hatten.<\/strong><\/figcaption><\/figure>\n<\/figure>\n\n\n\n<figure class=\"wp-block-gallery has-nested-images columns-default is-cropped wp-block-gallery-9 is-layout-flex wp-block-gallery-is-layout-flex\">\n<figure class=\"wp-block-image size-large\"><a href=\"https:\/\/collies-vom-floersbachtal.de\/cms\/wp-content\/uploads\/2025\/05\/Welpentreffen20-Mai25.jpg\"><img loading=\"lazy\" decoding=\"async\" width=\"1000\" height=\"504\" data-id=\"50314\" src=\"https:\/\/collies-vom-floersbachtal.de\/cms\/wp-content\/uploads\/2025\/05\/Welpentreffen20-Mai25.jpg\" alt=\"\" class=\"wp-image-50314\" srcset=\"https:\/\/collies-vom-floersbachtal.de\/cms\/wp-content\/uploads\/2025\/05\/Welpentreffen20-Mai25.jpg 1000w, https:\/\/collies-vom-floersbachtal.de\/cms\/wp-content\/uploads\/2025\/05\/Welpentreffen20-Mai25-300x151.jpg 300w, https:\/\/collies-vom-floersbachtal.de\/cms\/wp-content\/uploads\/2025\/05\/Welpentreffen20-Mai25-768x387.jpg 768w\" sizes=\"auto, (max-width: 1000px) 100vw, 1000px\" \/><\/a><\/figure>\n<\/figure>\n\n\n\n<figure class=\"wp-block-gallery has-nested-images columns-default is-cropped wp-block-gallery-10 is-layout-flex wp-block-gallery-is-layout-flex\">\n<figure class=\"wp-block-image size-large\"><a href=\"https:\/\/collies-vom-floersbachtal.de\/cms\/wp-content\/uploads\/2025\/05\/Welpentreffen47-Mai25.jpg\"><img loading=\"lazy\" decoding=\"async\" width=\"1000\" height=\"644\" data-id=\"50315\" src=\"https:\/\/collies-vom-floersbachtal.de\/cms\/wp-content\/uploads\/2025\/05\/Welpentreffen47-Mai25.jpg\" alt=\"\" class=\"wp-image-50315\" srcset=\"https:\/\/collies-vom-floersbachtal.de\/cms\/wp-content\/uploads\/2025\/05\/Welpentreffen47-Mai25.jpg 1000w, https:\/\/collies-vom-floersbachtal.de\/cms\/wp-content\/uploads\/2025\/05\/Welpentreffen47-Mai25-300x193.jpg 300w, https:\/\/collies-vom-floersbachtal.de\/cms\/wp-content\/uploads\/2025\/05\/Welpentreffen47-Mai25-768x495.jpg 768w\" sizes=\"auto, (max-width: 1000px) 100vw, 1000px\" \/><\/a><figcaption class=\"wp-element-caption\"><strong>Man achte auf Jana, sie l\u00e4\u00dft mich keine Sekunde aus den Augen <\/strong><\/figcaption><\/figure>\n<\/figure>\n\n\n\n<figure class=\"wp-block-gallery has-nested-images columns-default is-cropped wp-block-gallery-11 is-layout-flex wp-block-gallery-is-layout-flex\">\n<figure class=\"wp-block-image size-large\"><a href=\"https:\/\/collies-vom-floersbachtal.de\/cms\/wp-content\/uploads\/2025\/05\/Welpentreffen48-Mai25.jpg\"><img loading=\"lazy\" decoding=\"async\" width=\"1000\" height=\"750\" data-id=\"50316\" src=\"https:\/\/collies-vom-floersbachtal.de\/cms\/wp-content\/uploads\/2025\/05\/Welpentreffen48-Mai25.jpg\" alt=\"\" class=\"wp-image-50316\" srcset=\"https:\/\/collies-vom-floersbachtal.de\/cms\/wp-content\/uploads\/2025\/05\/Welpentreffen48-Mai25.jpg 1000w, https:\/\/collies-vom-floersbachtal.de\/cms\/wp-content\/uploads\/2025\/05\/Welpentreffen48-Mai25-300x225.jpg 300w, https:\/\/collies-vom-floersbachtal.de\/cms\/wp-content\/uploads\/2025\/05\/Welpentreffen48-Mai25-768x576.jpg 768w\" sizes=\"auto, (max-width: 1000px) 100vw, 1000px\" \/><\/a><figcaption class=\"wp-element-caption\"><strong>verliebt<\/strong><\/figcaption><\/figure>\n<\/figure>\n\n\n\n<figure class=\"wp-block-gallery has-nested-images columns-default is-cropped wp-block-gallery-12 is-layout-flex wp-block-gallery-is-layout-flex\">\n<figure class=\"wp-block-image size-large is-style-rounded\"><a href=\"https:\/\/collies-vom-floersbachtal.de\/cms\/wp-content\/uploads\/2025\/05\/Welpentreffen46-Mai25.jpg\"><img loading=\"lazy\" decoding=\"async\" width=\"1000\" height=\"995\" data-id=\"50317\" src=\"https:\/\/collies-vom-floersbachtal.de\/cms\/wp-content\/uploads\/2025\/05\/Welpentreffen46-Mai25.jpg\" alt=\"\" class=\"wp-image-50317\" srcset=\"https:\/\/collies-vom-floersbachtal.de\/cms\/wp-content\/uploads\/2025\/05\/Welpentreffen46-Mai25.jpg 1000w, https:\/\/collies-vom-floersbachtal.de\/cms\/wp-content\/uploads\/2025\/05\/Welpentreffen46-Mai25-300x300.jpg 300w, https:\/\/collies-vom-floersbachtal.de\/cms\/wp-content\/uploads\/2025\/05\/Welpentreffen46-Mai25-150x150.jpg 150w, https:\/\/collies-vom-floersbachtal.de\/cms\/wp-content\/uploads\/2025\/05\/Welpentreffen46-Mai25-768x764.jpg 768w\" sizes=\"auto, (max-width: 1000px) 100vw, 1000px\" \/><\/a><figcaption class=\"wp-element-caption\"><strong>die Schwestern Nika &amp; Nisha<\/strong><\/figcaption><\/figure>\n<\/figure>\n\n\n\n<figure class=\"wp-block-image size-full is-style-rounded\"><a href=\"https:\/\/collies-vom-floersbachtal.de\/cms\/wp-content\/uploads\/2025\/05\/Welpentreffen44-Mai25.jpg\"><img loading=\"lazy\" decoding=\"async\" width=\"1000\" height=\"750\" src=\"https:\/\/collies-vom-floersbachtal.de\/cms\/wp-content\/uploads\/2025\/05\/Welpentreffen44-Mai25.jpg\" alt=\"\" class=\"wp-image-50330\" srcset=\"https:\/\/collies-vom-floersbachtal.de\/cms\/wp-content\/uploads\/2025\/05\/Welpentreffen44-Mai25.jpg 1000w, https:\/\/collies-vom-floersbachtal.de\/cms\/wp-content\/uploads\/2025\/05\/Welpentreffen44-Mai25-300x225.jpg 300w, https:\/\/collies-vom-floersbachtal.de\/cms\/wp-content\/uploads\/2025\/05\/Welpentreffen44-Mai25-768x576.jpg 768w\" sizes=\"auto, (max-width: 1000px) 100vw, 1000px\" \/><\/a><figcaption class=\"wp-element-caption\"><strong>Nika<\/strong><\/figcaption><\/figure>\n\n\n\n<figure class=\"wp-block-gallery has-nested-images columns-default is-cropped wp-block-gallery-13 is-layout-flex wp-block-gallery-is-layout-flex\">\n<figure class=\"wp-block-image size-large\"><a href=\"https:\/\/collies-vom-floersbachtal.de\/cms\/wp-content\/uploads\/2025\/05\/Welpentreffen12-Mai25-1.jpg\"><img loading=\"lazy\" decoding=\"async\" width=\"577\" height=\"1024\" data-id=\"50323\" src=\"https:\/\/collies-vom-floersbachtal.de\/cms\/wp-content\/uploads\/2025\/05\/Welpentreffen12-Mai25-1-577x1024.jpg\" alt=\"\" class=\"wp-image-50323\" srcset=\"https:\/\/collies-vom-floersbachtal.de\/cms\/wp-content\/uploads\/2025\/05\/Welpentreffen12-Mai25-1-577x1024.jpg 577w, https:\/\/collies-vom-floersbachtal.de\/cms\/wp-content\/uploads\/2025\/05\/Welpentreffen12-Mai25-1-169x300.jpg 169w, https:\/\/collies-vom-floersbachtal.de\/cms\/wp-content\/uploads\/2025\/05\/Welpentreffen12-Mai25-1-768x1364.jpg 768w, https:\/\/collies-vom-floersbachtal.de\/cms\/wp-content\/uploads\/2025\/05\/Welpentreffen12-Mai25-1-865x1536.jpg 865w, https:\/\/collies-vom-floersbachtal.de\/cms\/wp-content\/uploads\/2025\/05\/Welpentreffen12-Mai25-1.jpg 1000w\" sizes=\"auto, (max-width: 577px) 100vw, 577px\" \/><\/a><\/figure>\n\n\n\n<figure class=\"wp-block-image size-large\"><a href=\"https:\/\/collies-vom-floersbachtal.de\/cms\/wp-content\/uploads\/2025\/05\/Welpentreffen17-Mai25.jpg\"><img loading=\"lazy\" decoding=\"async\" width=\"577\" height=\"1024\" data-id=\"50325\" src=\"https:\/\/collies-vom-floersbachtal.de\/cms\/wp-content\/uploads\/2025\/05\/Welpentreffen17-Mai25-577x1024.jpg\" alt=\"\" class=\"wp-image-50325\" srcset=\"https:\/\/collies-vom-floersbachtal.de\/cms\/wp-content\/uploads\/2025\/05\/Welpentreffen17-Mai25-577x1024.jpg 577w, https:\/\/collies-vom-floersbachtal.de\/cms\/wp-content\/uploads\/2025\/05\/Welpentreffen17-Mai25-169x300.jpg 169w, https:\/\/collies-vom-floersbachtal.de\/cms\/wp-content\/uploads\/2025\/05\/Welpentreffen17-Mai25-768x1364.jpg 768w, https:\/\/collies-vom-floersbachtal.de\/cms\/wp-content\/uploads\/2025\/05\/Welpentreffen17-Mai25-865x1536.jpg 865w, https:\/\/collies-vom-floersbachtal.de\/cms\/wp-content\/uploads\/2025\/05\/Welpentreffen17-Mai25.jpg 1000w\" sizes=\"auto, (max-width: 577px) 100vw, 577px\" \/><\/a><\/figure>\n\n\n\n<figure class=\"wp-block-image size-large\"><a href=\"https:\/\/collies-vom-floersbachtal.de\/cms\/wp-content\/uploads\/2025\/05\/Welpentreffen23-Mai25.jpg\"><img loading=\"lazy\" decoding=\"async\" width=\"1000\" height=\"793\" data-id=\"50324\" src=\"https:\/\/collies-vom-floersbachtal.de\/cms\/wp-content\/uploads\/2025\/05\/Welpentreffen23-Mai25.jpg\" alt=\"\" class=\"wp-image-50324\" srcset=\"https:\/\/collies-vom-floersbachtal.de\/cms\/wp-content\/uploads\/2025\/05\/Welpentreffen23-Mai25.jpg 1000w, https:\/\/collies-vom-floersbachtal.de\/cms\/wp-content\/uploads\/2025\/05\/Welpentreffen23-Mai25-300x238.jpg 300w, https:\/\/collies-vom-floersbachtal.de\/cms\/wp-content\/uploads\/2025\/05\/Welpentreffen23-Mai25-768x609.jpg 768w\" sizes=\"auto, (max-width: 1000px) 100vw, 1000px\" \/><\/a><\/figure>\n\n\n\n<figure class=\"wp-block-image size-large\"><a href=\"https:\/\/collies-vom-floersbachtal.de\/cms\/wp-content\/uploads\/2025\/05\/Welpentreffen24-Mai25.jpg\"><img loading=\"lazy\" decoding=\"async\" width=\"1000\" height=\"750\" data-id=\"50319\" src=\"https:\/\/collies-vom-floersbachtal.de\/cms\/wp-content\/uploads\/2025\/05\/Welpentreffen24-Mai25.jpg\" alt=\"\" class=\"wp-image-50319\" srcset=\"https:\/\/collies-vom-floersbachtal.de\/cms\/wp-content\/uploads\/2025\/05\/Welpentreffen24-Mai25.jpg 1000w, https:\/\/collies-vom-floersbachtal.de\/cms\/wp-content\/uploads\/2025\/05\/Welpentreffen24-Mai25-300x225.jpg 300w, https:\/\/collies-vom-floersbachtal.de\/cms\/wp-content\/uploads\/2025\/05\/Welpentreffen24-Mai25-768x576.jpg 768w\" sizes=\"auto, (max-width: 1000px) 100vw, 1000px\" \/><\/a><\/figure>\n\n\n\n<figure class=\"wp-block-image size-large\"><a href=\"https:\/\/collies-vom-floersbachtal.de\/cms\/wp-content\/uploads\/2025\/05\/Welpentreffen30-Mai25.jpg\"><img loading=\"lazy\" decoding=\"async\" width=\"1000\" height=\"648\" data-id=\"50320\" src=\"https:\/\/collies-vom-floersbachtal.de\/cms\/wp-content\/uploads\/2025\/05\/Welpentreffen30-Mai25.jpg\" alt=\"\" class=\"wp-image-50320\" srcset=\"https:\/\/collies-vom-floersbachtal.de\/cms\/wp-content\/uploads\/2025\/05\/Welpentreffen30-Mai25.jpg 1000w, https:\/\/collies-vom-floersbachtal.de\/cms\/wp-content\/uploads\/2025\/05\/Welpentreffen30-Mai25-300x194.jpg 300w, https:\/\/collies-vom-floersbachtal.de\/cms\/wp-content\/uploads\/2025\/05\/Welpentreffen30-Mai25-768x498.jpg 768w\" sizes=\"auto, (max-width: 1000px) 100vw, 1000px\" \/><\/a><\/figure>\n<\/figure>\n\n\n\n<figure class=\"wp-block-gallery has-nested-images columns-default is-cropped wp-block-gallery-14 is-layout-flex wp-block-gallery-is-layout-flex\">\n<figure class=\"wp-block-image size-large\"><a href=\"https:\/\/collies-vom-floersbachtal.de\/cms\/wp-content\/uploads\/2025\/05\/Welpentreffen4-Mai25.jpg\"><img loading=\"lazy\" decoding=\"async\" width=\"1000\" height=\"563\" data-id=\"50326\" src=\"https:\/\/collies-vom-floersbachtal.de\/cms\/wp-content\/uploads\/2025\/05\/Welpentreffen4-Mai25.jpg\" alt=\"\" class=\"wp-image-50326\" srcset=\"https:\/\/collies-vom-floersbachtal.de\/cms\/wp-content\/uploads\/2025\/05\/Welpentreffen4-Mai25.jpg 1000w, https:\/\/collies-vom-floersbachtal.de\/cms\/wp-content\/uploads\/2025\/05\/Welpentreffen4-Mai25-300x169.jpg 300w, https:\/\/collies-vom-floersbachtal.de\/cms\/wp-content\/uploads\/2025\/05\/Welpentreffen4-Mai25-768x432.jpg 768w\" sizes=\"auto, (max-width: 1000px) 100vw, 1000px\" \/><\/a><\/figure>\n<\/figure>\n\n\n\n<figure class=\"wp-block-image size-full\"><a href=\"https:\/\/collies-vom-floersbachtal.de\/cms\/wp-content\/uploads\/2025\/05\/Welpentreffen33-Mai25.jpg\"><img loading=\"lazy\" decoding=\"async\" width=\"800\" height=\"419\" src=\"https:\/\/collies-vom-floersbachtal.de\/cms\/wp-content\/uploads\/2025\/05\/Welpentreffen33-Mai25.jpg\" alt=\"\" class=\"wp-image-50328\" srcset=\"https:\/\/collies-vom-floersbachtal.de\/cms\/wp-content\/uploads\/2025\/05\/Welpentreffen33-Mai25.jpg 800w, https:\/\/collies-vom-floersbachtal.de\/cms\/wp-content\/uploads\/2025\/05\/Welpentreffen33-Mai25-300x157.jpg 300w, https:\/\/collies-vom-floersbachtal.de\/cms\/wp-content\/uploads\/2025\/05\/Welpentreffen33-Mai25-768x402.jpg 768w\" sizes=\"auto, (max-width: 800px) 100vw, 800px\" \/><\/a><figcaption class=\"wp-element-caption\"><strong>Diese 4 waren die Initiatoren \ud83d\ude00<\/strong><\/figcaption><\/figure>\n\n\n\n<h1 class=\"wp-block-heading\"><strong>Kleines<\/strong>, <strong>aber gem\u00fctliches <\/strong> <strong>Welpentreffen im September 2023 bei sch\u00f6nstem Sommerwetter \ud83d\ude42<\/strong><\/h1>\n\n\n\n<figure class=\"wp-block-image size-full\"><a href=\"https:\/\/collies-vom-floersbachtal.de\/cms\/wp-content\/uploads\/2023\/09\/Verena-ich-und-Joelle1-Sep.23.jpg\"><img loading=\"lazy\" decoding=\"async\" width=\"1000\" height=\"1000\" src=\"https:\/\/collies-vom-floersbachtal.de\/cms\/wp-content\/uploads\/2023\/09\/Verena-ich-und-Joelle1-Sep.23.jpg\" alt=\"\" class=\"wp-image-42070\" srcset=\"https:\/\/collies-vom-floersbachtal.de\/cms\/wp-content\/uploads\/2023\/09\/Verena-ich-und-Joelle1-Sep.23.jpg 1000w, https:\/\/collies-vom-floersbachtal.de\/cms\/wp-content\/uploads\/2023\/09\/Verena-ich-und-Joelle1-Sep.23-300x300.jpg 300w, https:\/\/collies-vom-floersbachtal.de\/cms\/wp-content\/uploads\/2023\/09\/Verena-ich-und-Joelle1-Sep.23-150x150.jpg 150w, https:\/\/collies-vom-floersbachtal.de\/cms\/wp-content\/uploads\/2023\/09\/Verena-ich-und-Joelle1-Sep.23-768x768.jpg 768w\" sizes=\"auto, (max-width: 1000px) 100vw, 1000px\" \/><\/a><figcaption class=\"wp-element-caption\">Verena, ich und Joelle<\/figcaption><\/figure>\n\n\n\n<figure class=\"wp-block-gallery has-nested-images columns-default is-cropped wp-block-gallery-15 is-layout-flex wp-block-gallery-is-layout-flex\">\n<figure class=\"wp-block-image size-large\"><a href=\"https:\/\/collies-vom-floersbachtal.de\/cms\/wp-content\/uploads\/2023\/09\/Welpentreffen7-Sep.23.jpg\"><img loading=\"lazy\" decoding=\"async\" width=\"768\" height=\"1024\" data-id=\"42064\" src=\"https:\/\/collies-vom-floersbachtal.de\/cms\/wp-content\/uploads\/2023\/09\/Welpentreffen7-Sep.23-768x1024.jpg\" alt=\"\" class=\"wp-image-42064\" srcset=\"https:\/\/collies-vom-floersbachtal.de\/cms\/wp-content\/uploads\/2023\/09\/Welpentreffen7-Sep.23-768x1024.jpg 768w, https:\/\/collies-vom-floersbachtal.de\/cms\/wp-content\/uploads\/2023\/09\/Welpentreffen7-Sep.23-225x300.jpg 225w, https:\/\/collies-vom-floersbachtal.de\/cms\/wp-content\/uploads\/2023\/09\/Welpentreffen7-Sep.23.jpg 1000w\" sizes=\"auto, (max-width: 768px) 100vw, 768px\" \/><\/a><\/figure>\n\n\n\n<figure class=\"wp-block-image size-large\"><a href=\"https:\/\/collies-vom-floersbachtal.de\/cms\/wp-content\/uploads\/2023\/09\/Welpentreffen3-Sep.23.jpg\"><img loading=\"lazy\" decoding=\"async\" width=\"768\" height=\"1024\" data-id=\"42066\" src=\"https:\/\/collies-vom-floersbachtal.de\/cms\/wp-content\/uploads\/2023\/09\/Welpentreffen3-Sep.23-768x1024.jpg\" alt=\"\" class=\"wp-image-42066\" srcset=\"https:\/\/collies-vom-floersbachtal.de\/cms\/wp-content\/uploads\/2023\/09\/Welpentreffen3-Sep.23-768x1024.jpg 768w, https:\/\/collies-vom-floersbachtal.de\/cms\/wp-content\/uploads\/2023\/09\/Welpentreffen3-Sep.23-225x300.jpg 225w, https:\/\/collies-vom-floersbachtal.de\/cms\/wp-content\/uploads\/2023\/09\/Welpentreffen3-Sep.23.jpg 1000w\" sizes=\"auto, (max-width: 768px) 100vw, 768px\" \/><\/a><\/figure>\n\n\n\n<figure class=\"wp-block-image size-large\"><a href=\"https:\/\/collies-vom-floersbachtal.de\/cms\/wp-content\/uploads\/2023\/09\/Welpentreffen4-Sep.23.jpg\"><img loading=\"lazy\" decoding=\"async\" width=\"768\" height=\"1024\" data-id=\"42068\" src=\"https:\/\/collies-vom-floersbachtal.de\/cms\/wp-content\/uploads\/2023\/09\/Welpentreffen4-Sep.23-768x1024.jpg\" alt=\"\" class=\"wp-image-42068\" srcset=\"https:\/\/collies-vom-floersbachtal.de\/cms\/wp-content\/uploads\/2023\/09\/Welpentreffen4-Sep.23-768x1024.jpg 768w, https:\/\/collies-vom-floersbachtal.de\/cms\/wp-content\/uploads\/2023\/09\/Welpentreffen4-Sep.23-225x300.jpg 225w, https:\/\/collies-vom-floersbachtal.de\/cms\/wp-content\/uploads\/2023\/09\/Welpentreffen4-Sep.23.jpg 1000w\" sizes=\"auto, (max-width: 768px) 100vw, 768px\" \/><\/a><\/figure>\n\n\n\n<figure class=\"wp-block-image size-large\"><a href=\"https:\/\/collies-vom-floersbachtal.de\/cms\/wp-content\/uploads\/2023\/09\/Welpentreffen6-Sep.23.jpg\"><img loading=\"lazy\" decoding=\"async\" width=\"768\" height=\"1024\" data-id=\"42065\" src=\"https:\/\/collies-vom-floersbachtal.de\/cms\/wp-content\/uploads\/2023\/09\/Welpentreffen6-Sep.23-768x1024.jpg\" alt=\"\" class=\"wp-image-42065\" srcset=\"https:\/\/collies-vom-floersbachtal.de\/cms\/wp-content\/uploads\/2023\/09\/Welpentreffen6-Sep.23-768x1024.jpg 768w, https:\/\/collies-vom-floersbachtal.de\/cms\/wp-content\/uploads\/2023\/09\/Welpentreffen6-Sep.23-225x300.jpg 225w, https:\/\/collies-vom-floersbachtal.de\/cms\/wp-content\/uploads\/2023\/09\/Welpentreffen6-Sep.23.jpg 1000w\" sizes=\"auto, (max-width: 768px) 100vw, 768px\" \/><\/a><\/figure>\n\n\n\n<figure class=\"wp-block-image size-large\"><a href=\"https:\/\/collies-vom-floersbachtal.de\/cms\/wp-content\/uploads\/2023\/09\/Welpentreffen5-Sep.23.jpg\"><img loading=\"lazy\" decoding=\"async\" width=\"768\" height=\"1024\" data-id=\"42067\" src=\"https:\/\/collies-vom-floersbachtal.de\/cms\/wp-content\/uploads\/2023\/09\/Welpentreffen5-Sep.23-768x1024.jpg\" alt=\"\" class=\"wp-image-42067\" srcset=\"https:\/\/collies-vom-floersbachtal.de\/cms\/wp-content\/uploads\/2023\/09\/Welpentreffen5-Sep.23-768x1024.jpg 768w, https:\/\/collies-vom-floersbachtal.de\/cms\/wp-content\/uploads\/2023\/09\/Welpentreffen5-Sep.23-225x300.jpg 225w, https:\/\/collies-vom-floersbachtal.de\/cms\/wp-content\/uploads\/2023\/09\/Welpentreffen5-Sep.23.jpg 1000w\" sizes=\"auto, (max-width: 768px) 100vw, 768px\" \/><\/a><\/figure>\n<\/figure>\n\n\n\n<figure class=\"wp-block-image size-full\"><a href=\"https:\/\/collies-vom-floersbachtal.de\/cms\/wp-content\/uploads\/2023\/09\/Welpentreffen29-Sep.23-1.jpg\"><img loading=\"lazy\" decoding=\"async\" width=\"877\" height=\"556\" src=\"https:\/\/collies-vom-floersbachtal.de\/cms\/wp-content\/uploads\/2023\/09\/Welpentreffen29-Sep.23-1.jpg\" alt=\"\" class=\"wp-image-41944\" srcset=\"https:\/\/collies-vom-floersbachtal.de\/cms\/wp-content\/uploads\/2023\/09\/Welpentreffen29-Sep.23-1.jpg 877w, https:\/\/collies-vom-floersbachtal.de\/cms\/wp-content\/uploads\/2023\/09\/Welpentreffen29-Sep.23-1-300x190.jpg 300w, https:\/\/collies-vom-floersbachtal.de\/cms\/wp-content\/uploads\/2023\/09\/Welpentreffen29-Sep.23-1-768x487.jpg 768w\" sizes=\"auto, (max-width: 877px) 100vw, 877px\" \/><\/a><\/figure>\n\n\n\n<figure class=\"wp-block-image size-full\"><a href=\"https:\/\/collies-vom-floersbachtal.de\/cms\/wp-content\/uploads\/2023\/09\/Welpentreffen10-Sep.23-Kopie-1.jpg\"><img loading=\"lazy\" decoding=\"async\" width=\"1000\" height=\"750\" src=\"https:\/\/collies-vom-floersbachtal.de\/cms\/wp-content\/uploads\/2023\/09\/Welpentreffen10-Sep.23-Kopie-1.jpg\" alt=\"\" class=\"wp-image-41945\" srcset=\"https:\/\/collies-vom-floersbachtal.de\/cms\/wp-content\/uploads\/2023\/09\/Welpentreffen10-Sep.23-Kopie-1.jpg 1000w, https:\/\/collies-vom-floersbachtal.de\/cms\/wp-content\/uploads\/2023\/09\/Welpentreffen10-Sep.23-Kopie-1-300x225.jpg 300w, https:\/\/collies-vom-floersbachtal.de\/cms\/wp-content\/uploads\/2023\/09\/Welpentreffen10-Sep.23-Kopie-1-768x576.jpg 768w\" sizes=\"auto, (max-width: 1000px) 100vw, 1000px\" \/><\/a><\/figure>\n\n\n\n<figure class=\"wp-block-image size-full\"><a href=\"https:\/\/collies-vom-floersbachtal.de\/cms\/wp-content\/uploads\/2023\/09\/Welpentreffen14-Sep.23.jpg\"><img loading=\"lazy\" decoding=\"async\" width=\"1000\" height=\"750\" src=\"https:\/\/collies-vom-floersbachtal.de\/cms\/wp-content\/uploads\/2023\/09\/Welpentreffen14-Sep.23.jpg\" alt=\"\" class=\"wp-image-41946\" srcset=\"https:\/\/collies-vom-floersbachtal.de\/cms\/wp-content\/uploads\/2023\/09\/Welpentreffen14-Sep.23.jpg 1000w, https:\/\/collies-vom-floersbachtal.de\/cms\/wp-content\/uploads\/2023\/09\/Welpentreffen14-Sep.23-300x225.jpg 300w, https:\/\/collies-vom-floersbachtal.de\/cms\/wp-content\/uploads\/2023\/09\/Welpentreffen14-Sep.23-768x576.jpg 768w\" sizes=\"auto, (max-width: 1000px) 100vw, 1000px\" \/><\/a><\/figure>\n\n\n\n<figure class=\"wp-block-image size-full\"><a href=\"https:\/\/collies-vom-floersbachtal.de\/cms\/wp-content\/uploads\/2023\/09\/Welpentreffen12-Sep.23-Kopie-1.jpg\"><img loading=\"lazy\" decoding=\"async\" width=\"1000\" height=\"750\" src=\"https:\/\/collies-vom-floersbachtal.de\/cms\/wp-content\/uploads\/2023\/09\/Welpentreffen12-Sep.23-Kopie-1.jpg\" alt=\"\" class=\"wp-image-41948\" srcset=\"https:\/\/collies-vom-floersbachtal.de\/cms\/wp-content\/uploads\/2023\/09\/Welpentreffen12-Sep.23-Kopie-1.jpg 1000w, https:\/\/collies-vom-floersbachtal.de\/cms\/wp-content\/uploads\/2023\/09\/Welpentreffen12-Sep.23-Kopie-1-300x225.jpg 300w, https:\/\/collies-vom-floersbachtal.de\/cms\/wp-content\/uploads\/2023\/09\/Welpentreffen12-Sep.23-Kopie-1-768x576.jpg 768w\" sizes=\"auto, (max-width: 1000px) 100vw, 1000px\" \/><\/a><\/figure>\n\n\n\n<figure class=\"wp-block-image size-full\"><a href=\"https:\/\/collies-vom-floersbachtal.de\/cms\/wp-content\/uploads\/2023\/09\/Welpentreffen26-Sep.23-1.jpg\"><img loading=\"lazy\" decoding=\"async\" width=\"753\" height=\"390\" src=\"https:\/\/collies-vom-floersbachtal.de\/cms\/wp-content\/uploads\/2023\/09\/Welpentreffen26-Sep.23-1.jpg\" alt=\"\" class=\"wp-image-41950\" srcset=\"https:\/\/collies-vom-floersbachtal.de\/cms\/wp-content\/uploads\/2023\/09\/Welpentreffen26-Sep.23-1.jpg 753w, https:\/\/collies-vom-floersbachtal.de\/cms\/wp-content\/uploads\/2023\/09\/Welpentreffen26-Sep.23-1-300x155.jpg 300w\" sizes=\"auto, (max-width: 753px) 100vw, 753px\" \/><\/a><\/figure>\n\n\n\n<figure class=\"wp-block-image size-full\"><a href=\"https:\/\/collies-vom-floersbachtal.de\/cms\/wp-content\/uploads\/2023\/09\/Welpentreffen33-Sep.23.jpg\"><img loading=\"lazy\" decoding=\"async\" width=\"812\" height=\"496\" src=\"https:\/\/collies-vom-floersbachtal.de\/cms\/wp-content\/uploads\/2023\/09\/Welpentreffen33-Sep.23.jpg\" alt=\"\" class=\"wp-image-41951\" srcset=\"https:\/\/collies-vom-floersbachtal.de\/cms\/wp-content\/uploads\/2023\/09\/Welpentreffen33-Sep.23.jpg 812w, https:\/\/collies-vom-floersbachtal.de\/cms\/wp-content\/uploads\/2023\/09\/Welpentreffen33-Sep.23-300x183.jpg 300w, https:\/\/collies-vom-floersbachtal.de\/cms\/wp-content\/uploads\/2023\/09\/Welpentreffen33-Sep.23-768x469.jpg 768w\" sizes=\"auto, (max-width: 812px) 100vw, 812px\" \/><\/a><figcaption class=\"wp-element-caption\">Eine mu\u00df wieder aus der Reihe tanzen und alle anderen fragen nach, ob das so korrekt ist. \ud83d\ude00<\/figcaption><\/figure>\n\n\n\n<figure class=\"wp-block-gallery has-nested-images columns-default is-cropped wp-block-gallery-16 is-layout-flex wp-block-gallery-is-layout-flex\">\n<figure class=\"wp-block-image size-large\"><a href=\"https:\/\/collies-vom-floersbachtal.de\/cms\/wp-content\/uploads\/2023\/09\/Welpentreffen34-Sep.23.jpg\"><img loading=\"lazy\" decoding=\"async\" width=\"576\" height=\"1024\" data-id=\"41937\" src=\"https:\/\/collies-vom-floersbachtal.de\/cms\/wp-content\/uploads\/2023\/09\/Welpentreffen34-Sep.23-576x1024.jpg\" alt=\"\" class=\"wp-image-41937\" srcset=\"https:\/\/collies-vom-floersbachtal.de\/cms\/wp-content\/uploads\/2023\/09\/Welpentreffen34-Sep.23-576x1024.jpg 576w, https:\/\/collies-vom-floersbachtal.de\/cms\/wp-content\/uploads\/2023\/09\/Welpentreffen34-Sep.23-169x300.jpg 169w, https:\/\/collies-vom-floersbachtal.de\/cms\/wp-content\/uploads\/2023\/09\/Welpentreffen34-Sep.23-768x1365.jpg 768w, https:\/\/collies-vom-floersbachtal.de\/cms\/wp-content\/uploads\/2023\/09\/Welpentreffen34-Sep.23-864x1536.jpg 864w, https:\/\/collies-vom-floersbachtal.de\/cms\/wp-content\/uploads\/2023\/09\/Welpentreffen34-Sep.23.jpg 1152w\" sizes=\"auto, (max-width: 576px) 100vw, 576px\" \/><\/a><\/figure>\n\n\n\n<figure class=\"wp-block-image size-large\"><a href=\"https:\/\/collies-vom-floersbachtal.de\/cms\/wp-content\/uploads\/2023\/09\/Welpentreffen2-Sep.23-Kopie.jpg\"><img loading=\"lazy\" decoding=\"async\" width=\"1000\" height=\"794\" data-id=\"41933\" src=\"https:\/\/collies-vom-floersbachtal.de\/cms\/wp-content\/uploads\/2023\/09\/Welpentreffen2-Sep.23-Kopie.jpg\" alt=\"\" class=\"wp-image-41933\" srcset=\"https:\/\/collies-vom-floersbachtal.de\/cms\/wp-content\/uploads\/2023\/09\/Welpentreffen2-Sep.23-Kopie.jpg 1000w, https:\/\/collies-vom-floersbachtal.de\/cms\/wp-content\/uploads\/2023\/09\/Welpentreffen2-Sep.23-Kopie-300x238.jpg 300w, https:\/\/collies-vom-floersbachtal.de\/cms\/wp-content\/uploads\/2023\/09\/Welpentreffen2-Sep.23-Kopie-768x610.jpg 768w\" sizes=\"auto, (max-width: 1000px) 100vw, 1000px\" \/><\/a><\/figure>\n\n\n\n<figure class=\"wp-block-image size-large\"><a href=\"https:\/\/collies-vom-floersbachtal.de\/cms\/wp-content\/uploads\/2023\/09\/Welpentreffen5-Sep.23-Kopie.jpg\"><img loading=\"lazy\" decoding=\"async\" width=\"1000\" height=\"563\" data-id=\"41925\" src=\"https:\/\/collies-vom-floersbachtal.de\/cms\/wp-content\/uploads\/2023\/09\/Welpentreffen5-Sep.23-Kopie.jpg\" alt=\"\" class=\"wp-image-41925\" srcset=\"https:\/\/collies-vom-floersbachtal.de\/cms\/wp-content\/uploads\/2023\/09\/Welpentreffen5-Sep.23-Kopie.jpg 1000w, https:\/\/collies-vom-floersbachtal.de\/cms\/wp-content\/uploads\/2023\/09\/Welpentreffen5-Sep.23-Kopie-300x169.jpg 300w, https:\/\/collies-vom-floersbachtal.de\/cms\/wp-content\/uploads\/2023\/09\/Welpentreffen5-Sep.23-Kopie-768x432.jpg 768w\" sizes=\"auto, (max-width: 1000px) 100vw, 1000px\" \/><\/a><\/figure>\n\n\n\n<figure class=\"wp-block-image size-large\"><a href=\"https:\/\/collies-vom-floersbachtal.de\/cms\/wp-content\/uploads\/2023\/09\/Welpentreffen6-Sep.23-Kopie.jpg\"><img loading=\"lazy\" decoding=\"async\" width=\"1000\" height=\"625\" data-id=\"41927\" src=\"https:\/\/collies-vom-floersbachtal.de\/cms\/wp-content\/uploads\/2023\/09\/Welpentreffen6-Sep.23-Kopie.jpg\" alt=\"\" class=\"wp-image-41927\" srcset=\"https:\/\/collies-vom-floersbachtal.de\/cms\/wp-content\/uploads\/2023\/09\/Welpentreffen6-Sep.23-Kopie.jpg 1000w, https:\/\/collies-vom-floersbachtal.de\/cms\/wp-content\/uploads\/2023\/09\/Welpentreffen6-Sep.23-Kopie-300x188.jpg 300w, https:\/\/collies-vom-floersbachtal.de\/cms\/wp-content\/uploads\/2023\/09\/Welpentreffen6-Sep.23-Kopie-768x480.jpg 768w\" sizes=\"auto, (max-width: 1000px) 100vw, 1000px\" \/><\/a><\/figure>\n\n\n\n<figure class=\"wp-block-image size-large\"><a href=\"https:\/\/collies-vom-floersbachtal.de\/cms\/wp-content\/uploads\/2023\/09\/Welpentreffen7-Sep.23-Kopie.jpg\"><img loading=\"lazy\" decoding=\"async\" width=\"1000\" height=\"728\" data-id=\"41932\" src=\"https:\/\/collies-vom-floersbachtal.de\/cms\/wp-content\/uploads\/2023\/09\/Welpentreffen7-Sep.23-Kopie.jpg\" alt=\"\" class=\"wp-image-41932\" srcset=\"https:\/\/collies-vom-floersbachtal.de\/cms\/wp-content\/uploads\/2023\/09\/Welpentreffen7-Sep.23-Kopie.jpg 1000w, https:\/\/collies-vom-floersbachtal.de\/cms\/wp-content\/uploads\/2023\/09\/Welpentreffen7-Sep.23-Kopie-300x218.jpg 300w, https:\/\/collies-vom-floersbachtal.de\/cms\/wp-content\/uploads\/2023\/09\/Welpentreffen7-Sep.23-Kopie-768x559.jpg 768w\" sizes=\"auto, (max-width: 1000px) 100vw, 1000px\" \/><\/a><\/figure>\n\n\n\n<figure class=\"wp-block-image size-large\"><a href=\"https:\/\/collies-vom-floersbachtal.de\/cms\/wp-content\/uploads\/2023\/09\/Welpentreffen8-Sep.23-Kopie.jpg\"><img loading=\"lazy\" decoding=\"async\" width=\"1000\" height=\"441\" data-id=\"41924\" src=\"https:\/\/collies-vom-floersbachtal.de\/cms\/wp-content\/uploads\/2023\/09\/Welpentreffen8-Sep.23-Kopie.jpg\" alt=\"\" class=\"wp-image-41924\" srcset=\"https:\/\/collies-vom-floersbachtal.de\/cms\/wp-content\/uploads\/2023\/09\/Welpentreffen8-Sep.23-Kopie.jpg 1000w, https:\/\/collies-vom-floersbachtal.de\/cms\/wp-content\/uploads\/2023\/09\/Welpentreffen8-Sep.23-Kopie-300x132.jpg 300w, https:\/\/collies-vom-floersbachtal.de\/cms\/wp-content\/uploads\/2023\/09\/Welpentreffen8-Sep.23-Kopie-768x339.jpg 768w\" sizes=\"auto, (max-width: 1000px) 100vw, 1000px\" \/><\/a><\/figure>\n\n\n\n<figure class=\"wp-block-image size-large\"><a href=\"https:\/\/collies-vom-floersbachtal.de\/cms\/wp-content\/uploads\/2023\/09\/Welpentreffen9-Sep.23-Kopie.jpg\"><img loading=\"lazy\" decoding=\"async\" width=\"603\" height=\"1024\" data-id=\"41942\" src=\"https:\/\/collies-vom-floersbachtal.de\/cms\/wp-content\/uploads\/2023\/09\/Welpentreffen9-Sep.23-Kopie-603x1024.jpg\" alt=\"\" class=\"wp-image-41942\" srcset=\"https:\/\/collies-vom-floersbachtal.de\/cms\/wp-content\/uploads\/2023\/09\/Welpentreffen9-Sep.23-Kopie-603x1024.jpg 603w, https:\/\/collies-vom-floersbachtal.de\/cms\/wp-content\/uploads\/2023\/09\/Welpentreffen9-Sep.23-Kopie-177x300.jpg 177w, https:\/\/collies-vom-floersbachtal.de\/cms\/wp-content\/uploads\/2023\/09\/Welpentreffen9-Sep.23-Kopie-768x1304.jpg 768w, https:\/\/collies-vom-floersbachtal.de\/cms\/wp-content\/uploads\/2023\/09\/Welpentreffen9-Sep.23-Kopie-905x1536.jpg 905w, https:\/\/collies-vom-floersbachtal.de\/cms\/wp-content\/uploads\/2023\/09\/Welpentreffen9-Sep.23-Kopie.jpg 1000w\" sizes=\"auto, (max-width: 603px) 100vw, 603px\" \/><\/a><\/figure>\n\n\n\n<figure class=\"wp-block-image size-large\"><a href=\"https:\/\/collies-vom-floersbachtal.de\/cms\/wp-content\/uploads\/2023\/09\/Welpentreffen19-Sep.23-Kopie.jpg\"><img loading=\"lazy\" decoding=\"async\" width=\"576\" height=\"1024\" data-id=\"41943\" src=\"https:\/\/collies-vom-floersbachtal.de\/cms\/wp-content\/uploads\/2023\/09\/Welpentreffen19-Sep.23-Kopie-576x1024.jpg\" alt=\"\" class=\"wp-image-41943\" srcset=\"https:\/\/collies-vom-floersbachtal.de\/cms\/wp-content\/uploads\/2023\/09\/Welpentreffen19-Sep.23-Kopie-576x1024.jpg 576w, https:\/\/collies-vom-floersbachtal.de\/cms\/wp-content\/uploads\/2023\/09\/Welpentreffen19-Sep.23-Kopie-169x300.jpg 169w, https:\/\/collies-vom-floersbachtal.de\/cms\/wp-content\/uploads\/2023\/09\/Welpentreffen19-Sep.23-Kopie-768x1366.jpg 768w, https:\/\/collies-vom-floersbachtal.de\/cms\/wp-content\/uploads\/2023\/09\/Welpentreffen19-Sep.23-Kopie-864x1536.jpg 864w, https:\/\/collies-vom-floersbachtal.de\/cms\/wp-content\/uploads\/2023\/09\/Welpentreffen19-Sep.23-Kopie.jpg 1000w\" sizes=\"auto, (max-width: 576px) 100vw, 576px\" \/><\/a><\/figure>\n\n\n\n<figure class=\"wp-block-image size-large\"><a href=\"https:\/\/collies-vom-floersbachtal.de\/cms\/wp-content\/uploads\/2023\/09\/Welpentreffen20-Sep.23.jpg\"><img loading=\"lazy\" decoding=\"async\" width=\"576\" height=\"1024\" data-id=\"41941\" src=\"https:\/\/collies-vom-floersbachtal.de\/cms\/wp-content\/uploads\/2023\/09\/Welpentreffen20-Sep.23-576x1024.jpg\" alt=\"\" class=\"wp-image-41941\" srcset=\"https:\/\/collies-vom-floersbachtal.de\/cms\/wp-content\/uploads\/2023\/09\/Welpentreffen20-Sep.23-576x1024.jpg 576w, https:\/\/collies-vom-floersbachtal.de\/cms\/wp-content\/uploads\/2023\/09\/Welpentreffen20-Sep.23-169x300.jpg 169w, https:\/\/collies-vom-floersbachtal.de\/cms\/wp-content\/uploads\/2023\/09\/Welpentreffen20-Sep.23-768x1365.jpg 768w, https:\/\/collies-vom-floersbachtal.de\/cms\/wp-content\/uploads\/2023\/09\/Welpentreffen20-Sep.23.jpg 800w\" sizes=\"auto, (max-width: 576px) 100vw, 576px\" \/><\/a><\/figure>\n\n\n\n<figure class=\"wp-block-image size-large\"><a href=\"https:\/\/collies-vom-floersbachtal.de\/cms\/wp-content\/uploads\/2023\/09\/Welpentreffen30-Sep.23.jpg\"><img loading=\"lazy\" decoding=\"async\" width=\"768\" height=\"1024\" data-id=\"41940\" src=\"https:\/\/collies-vom-floersbachtal.de\/cms\/wp-content\/uploads\/2023\/09\/Welpentreffen30-Sep.23.jpg\" alt=\"\" class=\"wp-image-41940\" srcset=\"https:\/\/collies-vom-floersbachtal.de\/cms\/wp-content\/uploads\/2023\/09\/Welpentreffen30-Sep.23.jpg 768w, https:\/\/collies-vom-floersbachtal.de\/cms\/wp-content\/uploads\/2023\/09\/Welpentreffen30-Sep.23-225x300.jpg 225w\" sizes=\"auto, (max-width: 768px) 100vw, 768px\" \/><\/a><\/figure>\n\n\n\n<figure class=\"wp-block-image size-large\"><a href=\"https:\/\/collies-vom-floersbachtal.de\/cms\/wp-content\/uploads\/2023\/09\/Welpentreffen31-Sep.23.jpg\"><img loading=\"lazy\" decoding=\"async\" width=\"768\" height=\"1024\" data-id=\"41939\" src=\"https:\/\/collies-vom-floersbachtal.de\/cms\/wp-content\/uploads\/2023\/09\/Welpentreffen31-Sep.23.jpg\" alt=\"\" class=\"wp-image-41939\" srcset=\"https:\/\/collies-vom-floersbachtal.de\/cms\/wp-content\/uploads\/2023\/09\/Welpentreffen31-Sep.23.jpg 768w, https:\/\/collies-vom-floersbachtal.de\/cms\/wp-content\/uploads\/2023\/09\/Welpentreffen31-Sep.23-225x300.jpg 225w\" sizes=\"auto, (max-width: 768px) 100vw, 768px\" \/><\/a><\/figure>\n\n\n\n<figure class=\"wp-block-image size-large\"><a href=\"https:\/\/collies-vom-floersbachtal.de\/cms\/wp-content\/uploads\/2023\/09\/Welpentreffen32-Sep.23.jpg\"><img loading=\"lazy\" decoding=\"async\" width=\"394\" height=\"461\" data-id=\"41928\" src=\"https:\/\/collies-vom-floersbachtal.de\/cms\/wp-content\/uploads\/2023\/09\/Welpentreffen32-Sep.23.jpg\" alt=\"\" class=\"wp-image-41928\" srcset=\"https:\/\/collies-vom-floersbachtal.de\/cms\/wp-content\/uploads\/2023\/09\/Welpentreffen32-Sep.23.jpg 394w, https:\/\/collies-vom-floersbachtal.de\/cms\/wp-content\/uploads\/2023\/09\/Welpentreffen32-Sep.23-256x300.jpg 256w\" sizes=\"auto, (max-width: 394px) 100vw, 394px\" \/><\/a><\/figure>\n<\/figure>\n\n\n\n<figure class=\"wp-block-image size-full\"><a href=\"https:\/\/collies-vom-floersbachtal.de\/cms\/wp-content\/uploads\/2023\/09\/Welpentreffen1-Sep.23.jpg\"><img loading=\"lazy\" decoding=\"async\" width=\"1000\" height=\"599\" src=\"https:\/\/collies-vom-floersbachtal.de\/cms\/wp-content\/uploads\/2023\/09\/Welpentreffen1-Sep.23.jpg\" alt=\"\" class=\"wp-image-41949\" srcset=\"https:\/\/collies-vom-floersbachtal.de\/cms\/wp-content\/uploads\/2023\/09\/Welpentreffen1-Sep.23.jpg 1000w, https:\/\/collies-vom-floersbachtal.de\/cms\/wp-content\/uploads\/2023\/09\/Welpentreffen1-Sep.23-300x180.jpg 300w, https:\/\/collies-vom-floersbachtal.de\/cms\/wp-content\/uploads\/2023\/09\/Welpentreffen1-Sep.23-768x460.jpg 768w\" sizes=\"auto, (max-width: 1000px) 100vw, 1000px\" \/><\/a><\/figure>\n\n\n\n<p>Dann gings zum Essen in den Biergarten und wir durften ausruhen \ud83d\ude42<\/p>\n\n\n\n<figure class=\"wp-block-image size-full\"><a href=\"https:\/\/collies-vom-floersbachtal.de\/cms\/wp-content\/uploads\/2023\/09\/Welpentreffen24-Sep.23.jpg\"><img loading=\"lazy\" decoding=\"async\" width=\"1000\" height=\"461\" src=\"https:\/\/collies-vom-floersbachtal.de\/cms\/wp-content\/uploads\/2023\/09\/Welpentreffen24-Sep.23.jpg\" alt=\"\" class=\"wp-image-41947\" srcset=\"https:\/\/collies-vom-floersbachtal.de\/cms\/wp-content\/uploads\/2023\/09\/Welpentreffen24-Sep.23.jpg 1000w, https:\/\/collies-vom-floersbachtal.de\/cms\/wp-content\/uploads\/2023\/09\/Welpentreffen24-Sep.23-300x138.jpg 300w, https:\/\/collies-vom-floersbachtal.de\/cms\/wp-content\/uploads\/2023\/09\/Welpentreffen24-Sep.23-768x354.jpg 768w\" sizes=\"auto, (max-width: 1000px) 100vw, 1000px\" \/><\/a><\/figure>\n\n\n\n<p>Am Nachbartisch waren auch noch Hunde, aber wir hatten den besseren Platz;-)<\/p>\n\n\n\n<pre class=\"wp-block-preformatted\">Hallo liebes Erst-Frauli, \n\nmein Frauli hat auch ein paar Bilder vom Treffen gemacht, die ich dir schicken soll.\nHier sind sie.....\nIch habe mich sehr gefreut, dass du und alle anderen diese wunderbare Gelegenheit hattet, mich in voller Pracht zu sehen.\nBin ich nicht toll?\nIch habe deutlich eure bewundernden Blicke bemerkt! Und ja - ich habe mich auch gefreut, dich und meine Mama mal wiederzusehen. \nMama hat mich etwas angezickt und mir ihre Z\u00e4hnchen gezeigt. Das macht aber nichts; ich kann verstehen, dass sie mit so viel geballter M\u00e4nnlichkeit etwas \u00fcberfordert ist. Immerhin lebt sie ja in einem Frauenhaushalt und da f\u00e4llt so ein strammer Bursche wie ich doch auf!\n\nUnd dann meine beiden Schwester! So s\u00fc\u00fc\u00fc\u00fc\u00fc\u00df die Beiden! Die zun\u00e4chst sch\u00fcchterne Kanischa.....Ja, auch mit solchen Damen kann ich umgehen. Erst geben sie das Mim\u00f6schen und dann kriegen sie nicht genug von einem. Das sah man doch im Biergarten: Da kam sie doch immer wieder zu mir! Wer kann es ihr \u00fcbel nehmen - bei so einem bet\u00f6renden Kerl wie mir?\nUnd Schwesterchen Kinari! Was f\u00fcr eine liebreizende Erscheinung! Wir waren uns ja direkt von Anfang an nahe. Das ist ja auch logisch- immerhin teilen wir die gleiche Schredder- und Rupfleidenschaft!\nDas Treffen h\u00e4tte noch viel l\u00e4nger gehen k\u00f6nnen, dann h\u00e4tte ich euch noch viel, viel mehr von mir zeigen k\u00f6nnen.\nWir sehen uns dann bestimmt im n\u00e4chsten Jahr, wenn ich noch toller geworden bin.\n\nMacht es gut bis dahin \n\nEuer Keanu\n\nP.S.: Diese Mail sollte ich eigentlich gar nicht abschicken, weil Frauli meinte, da\u00df ich mich zu selbstverliebt darstelle. Sie hat die Mail eigentlich gel\u00f6scht, aber schlau wie ich nunmal bin, konnte ich sie vorher sichern und so bekommt ihr den Text, wie ich ihn verfasst habe.\nUnd diese zu Recht! Denn so bin ich nunmal.\n\n<\/pre>\n\n\n\n<figure class=\"wp-block-gallery has-nested-images columns-default is-cropped wp-block-gallery-17 is-layout-flex wp-block-gallery-is-layout-flex\">\n<figure class=\"wp-block-image size-large\"><a href=\"https:\/\/collies-vom-floersbachtal.de\/cms\/wp-content\/uploads\/2023\/09\/Welpentreffen-von-Keanu6-1.jpg\"><img loading=\"lazy\" decoding=\"async\" width=\"1000\" height=\"750\" data-id=\"41920\" src=\"https:\/\/collies-vom-floersbachtal.de\/cms\/wp-content\/uploads\/2023\/09\/Welpentreffen-von-Keanu6-1.jpg\" alt=\"\" class=\"wp-image-41920\" srcset=\"https:\/\/collies-vom-floersbachtal.de\/cms\/wp-content\/uploads\/2023\/09\/Welpentreffen-von-Keanu6-1.jpg 1000w, https:\/\/collies-vom-floersbachtal.de\/cms\/wp-content\/uploads\/2023\/09\/Welpentreffen-von-Keanu6-1-300x225.jpg 300w, https:\/\/collies-vom-floersbachtal.de\/cms\/wp-content\/uploads\/2023\/09\/Welpentreffen-von-Keanu6-1-768x576.jpg 768w\" sizes=\"auto, (max-width: 1000px) 100vw, 1000px\" \/><\/a><\/figure>\n\n\n\n<figure class=\"wp-block-image size-large\"><a href=\"https:\/\/collies-vom-floersbachtal.de\/cms\/wp-content\/uploads\/2023\/09\/Welpentreffen-von-Keanu1-1.jpg\"><img loading=\"lazy\" decoding=\"async\" width=\"1000\" height=\"750\" data-id=\"41919\" src=\"https:\/\/collies-vom-floersbachtal.de\/cms\/wp-content\/uploads\/2023\/09\/Welpentreffen-von-Keanu1-1.jpg\" alt=\"\" class=\"wp-image-41919\" srcset=\"https:\/\/collies-vom-floersbachtal.de\/cms\/wp-content\/uploads\/2023\/09\/Welpentreffen-von-Keanu1-1.jpg 1000w, https:\/\/collies-vom-floersbachtal.de\/cms\/wp-content\/uploads\/2023\/09\/Welpentreffen-von-Keanu1-1-300x225.jpg 300w, https:\/\/collies-vom-floersbachtal.de\/cms\/wp-content\/uploads\/2023\/09\/Welpentreffen-von-Keanu1-1-768x576.jpg 768w\" sizes=\"auto, (max-width: 1000px) 100vw, 1000px\" \/><\/a><\/figure>\n\n\n\n<figure class=\"wp-block-image size-large\"><a href=\"https:\/\/collies-vom-floersbachtal.de\/cms\/wp-content\/uploads\/2023\/09\/Welpentreffen-von-Keanu2-1.jpg\"><img loading=\"lazy\" decoding=\"async\" width=\"1000\" height=\"681\" data-id=\"41921\" src=\"https:\/\/collies-vom-floersbachtal.de\/cms\/wp-content\/uploads\/2023\/09\/Welpentreffen-von-Keanu2-1.jpg\" alt=\"\" class=\"wp-image-41921\" srcset=\"https:\/\/collies-vom-floersbachtal.de\/cms\/wp-content\/uploads\/2023\/09\/Welpentreffen-von-Keanu2-1.jpg 1000w, https:\/\/collies-vom-floersbachtal.de\/cms\/wp-content\/uploads\/2023\/09\/Welpentreffen-von-Keanu2-1-300x204.jpg 300w, https:\/\/collies-vom-floersbachtal.de\/cms\/wp-content\/uploads\/2023\/09\/Welpentreffen-von-Keanu2-1-768x523.jpg 768w\" sizes=\"auto, (max-width: 1000px) 100vw, 1000px\" \/><\/a><\/figure>\n\n\n\n<figure class=\"wp-block-image size-large\"><a href=\"https:\/\/collies-vom-floersbachtal.de\/cms\/wp-content\/uploads\/2023\/09\/Welpentreffen-von-Keanu3-1.jpg\"><img loading=\"lazy\" decoding=\"async\" width=\"1000\" height=\"716\" data-id=\"41922\" src=\"https:\/\/collies-vom-floersbachtal.de\/cms\/wp-content\/uploads\/2023\/09\/Welpentreffen-von-Keanu3-1.jpg\" alt=\"\" class=\"wp-image-41922\" srcset=\"https:\/\/collies-vom-floersbachtal.de\/cms\/wp-content\/uploads\/2023\/09\/Welpentreffen-von-Keanu3-1.jpg 1000w, https:\/\/collies-vom-floersbachtal.de\/cms\/wp-content\/uploads\/2023\/09\/Welpentreffen-von-Keanu3-1-300x215.jpg 300w, https:\/\/collies-vom-floersbachtal.de\/cms\/wp-content\/uploads\/2023\/09\/Welpentreffen-von-Keanu3-1-768x550.jpg 768w\" sizes=\"auto, (max-width: 1000px) 100vw, 1000px\" \/><\/a><\/figure>\n\n\n\n<figure class=\"wp-block-image size-large\"><a href=\"https:\/\/collies-vom-floersbachtal.de\/cms\/wp-content\/uploads\/2023\/09\/Welpentreffen-von-Keanu4-1.jpg\"><img loading=\"lazy\" decoding=\"async\" width=\"1000\" height=\"750\" data-id=\"41923\" src=\"https:\/\/collies-vom-floersbachtal.de\/cms\/wp-content\/uploads\/2023\/09\/Welpentreffen-von-Keanu4-1.jpg\" alt=\"\" class=\"wp-image-41923\" srcset=\"https:\/\/collies-vom-floersbachtal.de\/cms\/wp-content\/uploads\/2023\/09\/Welpentreffen-von-Keanu4-1.jpg 1000w, https:\/\/collies-vom-floersbachtal.de\/cms\/wp-content\/uploads\/2023\/09\/Welpentreffen-von-Keanu4-1-300x225.jpg 300w, https:\/\/collies-vom-floersbachtal.de\/cms\/wp-content\/uploads\/2023\/09\/Welpentreffen-von-Keanu4-1-768x576.jpg 768w\" sizes=\"auto, (max-width: 1000px) 100vw, 1000px\" \/><\/a><\/figure>\n\n\n\n<figure class=\"wp-block-image size-large\"><a href=\"https:\/\/collies-vom-floersbachtal.de\/cms\/wp-content\/uploads\/2023\/09\/Welpentreffen-von-Keanu5-1.jpg\"><img loading=\"lazy\" decoding=\"async\" width=\"1000\" height=\"604\" data-id=\"41918\" src=\"https:\/\/collies-vom-floersbachtal.de\/cms\/wp-content\/uploads\/2023\/09\/Welpentreffen-von-Keanu5-1.jpg\" alt=\"\" class=\"wp-image-41918\" srcset=\"https:\/\/collies-vom-floersbachtal.de\/cms\/wp-content\/uploads\/2023\/09\/Welpentreffen-von-Keanu5-1.jpg 1000w, https:\/\/collies-vom-floersbachtal.de\/cms\/wp-content\/uploads\/2023\/09\/Welpentreffen-von-Keanu5-1-300x181.jpg 300w, https:\/\/collies-vom-floersbachtal.de\/cms\/wp-content\/uploads\/2023\/09\/Welpentreffen-von-Keanu5-1-768x464.jpg 768w\" sizes=\"auto, (max-width: 1000px) 100vw, 1000px\" \/><\/a><\/figure>\n<\/figure>\n\n\n\n<h1 class=\"wp-block-heading\"><strong>Sch\u00f6nes Welpentreffen zu unserem 10 J\u00e4hrigen im<\/strong> <strong>Oktober 2021 mit fast allen Eltern und einigen Kids \ud83d\ude00<\/strong><\/h1>\n\n\n\n<figure class=\"wp-block-image size-full\"><a href=\"https:\/\/collies-vom-floersbachtal.de\/cms\/wp-content\/uploads\/2021\/10\/Welpentreffen12-Oktober-2021-1.jpg\"><img loading=\"lazy\" decoding=\"async\" width=\"1024\" height=\"683\" src=\"https:\/\/collies-vom-floersbachtal.de\/cms\/wp-content\/uploads\/2021\/10\/Welpentreffen12-Oktober-2021-1.jpg\" alt=\"\" class=\"wp-image-33924\" srcset=\"https:\/\/collies-vom-floersbachtal.de\/cms\/wp-content\/uploads\/2021\/10\/Welpentreffen12-Oktober-2021-1.jpg 1024w, https:\/\/collies-vom-floersbachtal.de\/cms\/wp-content\/uploads\/2021\/10\/Welpentreffen12-Oktober-2021-1-300x200.jpg 300w, https:\/\/collies-vom-floersbachtal.de\/cms\/wp-content\/uploads\/2021\/10\/Welpentreffen12-Oktober-2021-1-768x512.jpg 768w\" sizes=\"auto, (max-width: 1024px) 100vw, 1024px\" \/><\/a><\/figure>\n\n\n\n<figure class=\"wp-block-gallery has-nested-images columns-default is-cropped wp-block-gallery-18 is-layout-flex wp-block-gallery-is-layout-flex\">\n<figure class=\"wp-block-image size-large\"><a href=\"https:\/\/collies-vom-floersbachtal.de\/cms\/wp-content\/uploads\/2021\/10\/Welpentreffen32-Oktober-2021.jpg\"><img loading=\"lazy\" decoding=\"async\" width=\"1000\" height=\"693\" data-id=\"33937\" src=\"https:\/\/collies-vom-floersbachtal.de\/cms\/wp-content\/uploads\/2021\/10\/Welpentreffen32-Oktober-2021.jpg\" alt=\"\" class=\"wp-image-33937\" srcset=\"https:\/\/collies-vom-floersbachtal.de\/cms\/wp-content\/uploads\/2021\/10\/Welpentreffen32-Oktober-2021.jpg 1000w, https:\/\/collies-vom-floersbachtal.de\/cms\/wp-content\/uploads\/2021\/10\/Welpentreffen32-Oktober-2021-300x208.jpg 300w, https:\/\/collies-vom-floersbachtal.de\/cms\/wp-content\/uploads\/2021\/10\/Welpentreffen32-Oktober-2021-768x532.jpg 768w\" sizes=\"auto, (max-width: 1000px) 100vw, 1000px\" \/><\/a><\/figure>\n\n\n\n<figure class=\"wp-block-image size-large\"><a href=\"https:\/\/collies-vom-floersbachtal.de\/cms\/wp-content\/uploads\/2021\/10\/Welpentreffen37-Oktober-2021.jpg\"><img loading=\"lazy\" decoding=\"async\" width=\"1000\" height=\"693\" data-id=\"33939\" src=\"https:\/\/collies-vom-floersbachtal.de\/cms\/wp-content\/uploads\/2021\/10\/Welpentreffen37-Oktober-2021.jpg\" alt=\"\" class=\"wp-image-33939\" srcset=\"https:\/\/collies-vom-floersbachtal.de\/cms\/wp-content\/uploads\/2021\/10\/Welpentreffen37-Oktober-2021.jpg 1000w, https:\/\/collies-vom-floersbachtal.de\/cms\/wp-content\/uploads\/2021\/10\/Welpentreffen37-Oktober-2021-300x208.jpg 300w, https:\/\/collies-vom-floersbachtal.de\/cms\/wp-content\/uploads\/2021\/10\/Welpentreffen37-Oktober-2021-768x532.jpg 768w\" sizes=\"auto, (max-width: 1000px) 100vw, 1000px\" \/><\/a><\/figure>\n\n\n\n<figure class=\"wp-block-image size-large\"><a href=\"https:\/\/collies-vom-floersbachtal.de\/cms\/wp-content\/uploads\/2021\/10\/Welpentreffen38-Oktober-2021.jpg\"><img loading=\"lazy\" decoding=\"async\" width=\"1000\" height=\"693\" data-id=\"33940\" src=\"https:\/\/collies-vom-floersbachtal.de\/cms\/wp-content\/uploads\/2021\/10\/Welpentreffen38-Oktober-2021.jpg\" alt=\"\" class=\"wp-image-33940\" srcset=\"https:\/\/collies-vom-floersbachtal.de\/cms\/wp-content\/uploads\/2021\/10\/Welpentreffen38-Oktober-2021.jpg 1000w, https:\/\/collies-vom-floersbachtal.de\/cms\/wp-content\/uploads\/2021\/10\/Welpentreffen38-Oktober-2021-300x208.jpg 300w, https:\/\/collies-vom-floersbachtal.de\/cms\/wp-content\/uploads\/2021\/10\/Welpentreffen38-Oktober-2021-768x532.jpg 768w\" sizes=\"auto, (max-width: 1000px) 100vw, 1000px\" \/><\/a><figcaption class=\"wp-element-caption\">Maddox und seine Auserw\u00e4hlte  \ud83d\ude09<\/figcaption><\/figure>\n\n\n\n<figure class=\"wp-block-image size-large\"><a href=\"https:\/\/collies-vom-floersbachtal.de\/cms\/wp-content\/uploads\/2021\/10\/Welpentreffen29-Oktober-2021.jpg\"><img loading=\"lazy\" decoding=\"async\" width=\"1000\" height=\"667\" data-id=\"33946\" src=\"https:\/\/collies-vom-floersbachtal.de\/cms\/wp-content\/uploads\/2021\/10\/Welpentreffen29-Oktober-2021.jpg\" alt=\"\" class=\"wp-image-33946\" srcset=\"https:\/\/collies-vom-floersbachtal.de\/cms\/wp-content\/uploads\/2021\/10\/Welpentreffen29-Oktober-2021.jpg 1000w, https:\/\/collies-vom-floersbachtal.de\/cms\/wp-content\/uploads\/2021\/10\/Welpentreffen29-Oktober-2021-300x200.jpg 300w, https:\/\/collies-vom-floersbachtal.de\/cms\/wp-content\/uploads\/2021\/10\/Welpentreffen29-Oktober-2021-768x512.jpg 768w\" sizes=\"auto, (max-width: 1000px) 100vw, 1000px\" \/><\/a><\/figure>\n\n\n\n<figure class=\"wp-block-image size-large\"><a href=\"https:\/\/collies-vom-floersbachtal.de\/cms\/wp-content\/uploads\/2021\/10\/Welpentreffen20-Oktober-2021.jpg\"><img loading=\"lazy\" decoding=\"async\" width=\"1000\" height=\"678\" data-id=\"33941\" src=\"https:\/\/collies-vom-floersbachtal.de\/cms\/wp-content\/uploads\/2021\/10\/Welpentreffen20-Oktober-2021.jpg\" alt=\"\" class=\"wp-image-33941\" srcset=\"https:\/\/collies-vom-floersbachtal.de\/cms\/wp-content\/uploads\/2021\/10\/Welpentreffen20-Oktober-2021.jpg 1000w, https:\/\/collies-vom-floersbachtal.de\/cms\/wp-content\/uploads\/2021\/10\/Welpentreffen20-Oktober-2021-300x203.jpg 300w, https:\/\/collies-vom-floersbachtal.de\/cms\/wp-content\/uploads\/2021\/10\/Welpentreffen20-Oktober-2021-768x521.jpg 768w\" sizes=\"auto, (max-width: 1000px) 100vw, 1000px\" \/><\/a><\/figure>\n\n\n\n<figure class=\"wp-block-image size-large\"><a href=\"https:\/\/collies-vom-floersbachtal.de\/cms\/wp-content\/uploads\/2021\/10\/Welpentreffen22-Oktober-2021.jpg\"><img loading=\"lazy\" decoding=\"async\" width=\"1000\" height=\"667\" data-id=\"33942\" src=\"https:\/\/collies-vom-floersbachtal.de\/cms\/wp-content\/uploads\/2021\/10\/Welpentreffen22-Oktober-2021.jpg\" alt=\"\" class=\"wp-image-33942\" srcset=\"https:\/\/collies-vom-floersbachtal.de\/cms\/wp-content\/uploads\/2021\/10\/Welpentreffen22-Oktober-2021.jpg 1000w, https:\/\/collies-vom-floersbachtal.de\/cms\/wp-content\/uploads\/2021\/10\/Welpentreffen22-Oktober-2021-300x200.jpg 300w, https:\/\/collies-vom-floersbachtal.de\/cms\/wp-content\/uploads\/2021\/10\/Welpentreffen22-Oktober-2021-768x512.jpg 768w\" sizes=\"auto, (max-width: 1000px) 100vw, 1000px\" \/><\/a><\/figure>\n\n\n\n<figure class=\"wp-block-image size-large\"><a href=\"https:\/\/collies-vom-floersbachtal.de\/cms\/wp-content\/uploads\/2021\/10\/Welpentreffen30-Oktober-2021.jpg\"><img loading=\"lazy\" decoding=\"async\" width=\"1000\" height=\"693\" data-id=\"33947\" src=\"https:\/\/collies-vom-floersbachtal.de\/cms\/wp-content\/uploads\/2021\/10\/Welpentreffen30-Oktober-2021.jpg\" alt=\"\" class=\"wp-image-33947\" srcset=\"https:\/\/collies-vom-floersbachtal.de\/cms\/wp-content\/uploads\/2021\/10\/Welpentreffen30-Oktober-2021.jpg 1000w, https:\/\/collies-vom-floersbachtal.de\/cms\/wp-content\/uploads\/2021\/10\/Welpentreffen30-Oktober-2021-300x208.jpg 300w, https:\/\/collies-vom-floersbachtal.de\/cms\/wp-content\/uploads\/2021\/10\/Welpentreffen30-Oktober-2021-768x532.jpg 768w\" sizes=\"auto, (max-width: 1000px) 100vw, 1000px\" \/><\/a><\/figure>\n\n\n\n<figure class=\"wp-block-image size-large\"><a href=\"https:\/\/collies-vom-floersbachtal.de\/cms\/wp-content\/uploads\/2021\/10\/Welpentreffen24-Oktober-2021.jpg\"><img loading=\"lazy\" decoding=\"async\" width=\"1000\" height=\"667\" data-id=\"33944\" src=\"https:\/\/collies-vom-floersbachtal.de\/cms\/wp-content\/uploads\/2021\/10\/Welpentreffen24-Oktober-2021.jpg\" alt=\"\" class=\"wp-image-33944\" srcset=\"https:\/\/collies-vom-floersbachtal.de\/cms\/wp-content\/uploads\/2021\/10\/Welpentreffen24-Oktober-2021.jpg 1000w, https:\/\/collies-vom-floersbachtal.de\/cms\/wp-content\/uploads\/2021\/10\/Welpentreffen24-Oktober-2021-300x200.jpg 300w, https:\/\/collies-vom-floersbachtal.de\/cms\/wp-content\/uploads\/2021\/10\/Welpentreffen24-Oktober-2021-768x512.jpg 768w\" sizes=\"auto, (max-width: 1000px) 100vw, 1000px\" \/><\/a><\/figure>\n\n\n\n<figure class=\"wp-block-image size-large\"><a href=\"https:\/\/collies-vom-floersbachtal.de\/cms\/wp-content\/uploads\/2021\/10\/Welpentreffen28-Oktober-2021.jpg\"><img loading=\"lazy\" decoding=\"async\" width=\"1000\" height=\"692\" data-id=\"33945\" src=\"https:\/\/collies-vom-floersbachtal.de\/cms\/wp-content\/uploads\/2021\/10\/Welpentreffen28-Oktober-2021.jpg\" alt=\"\" class=\"wp-image-33945\" srcset=\"https:\/\/collies-vom-floersbachtal.de\/cms\/wp-content\/uploads\/2021\/10\/Welpentreffen28-Oktober-2021.jpg 1000w, https:\/\/collies-vom-floersbachtal.de\/cms\/wp-content\/uploads\/2021\/10\/Welpentreffen28-Oktober-2021-300x208.jpg 300w, https:\/\/collies-vom-floersbachtal.de\/cms\/wp-content\/uploads\/2021\/10\/Welpentreffen28-Oktober-2021-768x531.jpg 768w\" sizes=\"auto, (max-width: 1000px) 100vw, 1000px\" \/><\/a><\/figure>\n\n\n\n<figure class=\"wp-block-image size-large\"><a href=\"https:\/\/collies-vom-floersbachtal.de\/cms\/wp-content\/uploads\/2021\/10\/Welpentreffen23-Oktober-2021.jpg\"><img loading=\"lazy\" decoding=\"async\" width=\"1000\" height=\"667\" data-id=\"33943\" src=\"https:\/\/collies-vom-floersbachtal.de\/cms\/wp-content\/uploads\/2021\/10\/Welpentreffen23-Oktober-2021.jpg\" alt=\"\" class=\"wp-image-33943\" srcset=\"https:\/\/collies-vom-floersbachtal.de\/cms\/wp-content\/uploads\/2021\/10\/Welpentreffen23-Oktober-2021.jpg 1000w, https:\/\/collies-vom-floersbachtal.de\/cms\/wp-content\/uploads\/2021\/10\/Welpentreffen23-Oktober-2021-300x200.jpg 300w, https:\/\/collies-vom-floersbachtal.de\/cms\/wp-content\/uploads\/2021\/10\/Welpentreffen23-Oktober-2021-768x512.jpg 768w\" sizes=\"auto, (max-width: 1000px) 100vw, 1000px\" \/><\/a><\/figure>\n\n\n\n<figure class=\"wp-block-image size-large\"><a href=\"https:\/\/collies-vom-floersbachtal.de\/cms\/wp-content\/uploads\/2021\/10\/Welpentreffen31-Oktober-2021.jpg\"><img loading=\"lazy\" decoding=\"async\" width=\"1000\" height=\"667\" data-id=\"33948\" src=\"https:\/\/collies-vom-floersbachtal.de\/cms\/wp-content\/uploads\/2021\/10\/Welpentreffen31-Oktober-2021.jpg\" alt=\"\" class=\"wp-image-33948\" srcset=\"https:\/\/collies-vom-floersbachtal.de\/cms\/wp-content\/uploads\/2021\/10\/Welpentreffen31-Oktober-2021.jpg 1000w, https:\/\/collies-vom-floersbachtal.de\/cms\/wp-content\/uploads\/2021\/10\/Welpentreffen31-Oktober-2021-300x200.jpg 300w, https:\/\/collies-vom-floersbachtal.de\/cms\/wp-content\/uploads\/2021\/10\/Welpentreffen31-Oktober-2021-768x512.jpg 768w\" sizes=\"auto, (max-width: 1000px) 100vw, 1000px\" \/><\/a><\/figure>\n<\/figure>\n\n\n\n<figure class=\"wp-block-gallery has-nested-images columns-default is-cropped wp-block-gallery-19 is-layout-flex wp-block-gallery-is-layout-flex\">\n<figure class=\"wp-block-image size-large\"><a href=\"https:\/\/collies-vom-floersbachtal.de\/cms\/wp-content\/uploads\/2021\/10\/Welpentreffen84-Oktober-2021.jpg\"><img loading=\"lazy\" decoding=\"async\" width=\"1000\" height=\"667\" data-id=\"33979\" src=\"https:\/\/collies-vom-floersbachtal.de\/cms\/wp-content\/uploads\/2021\/10\/Welpentreffen84-Oktober-2021.jpg\" alt=\"\" class=\"wp-image-33979\" srcset=\"https:\/\/collies-vom-floersbachtal.de\/cms\/wp-content\/uploads\/2021\/10\/Welpentreffen84-Oktober-2021.jpg 1000w, https:\/\/collies-vom-floersbachtal.de\/cms\/wp-content\/uploads\/2021\/10\/Welpentreffen84-Oktober-2021-300x200.jpg 300w, https:\/\/collies-vom-floersbachtal.de\/cms\/wp-content\/uploads\/2021\/10\/Welpentreffen84-Oktober-2021-768x512.jpg 768w\" sizes=\"auto, (max-width: 1000px) 100vw, 1000px\" \/><\/a><\/figure>\n\n\n\n<figure class=\"wp-block-image size-large\"><a href=\"https:\/\/collies-vom-floersbachtal.de\/cms\/wp-content\/uploads\/2021\/10\/Welpentreffen73-Oktober-2021.jpg\"><img loading=\"lazy\" decoding=\"async\" width=\"1000\" height=\"667\" data-id=\"33980\" src=\"https:\/\/collies-vom-floersbachtal.de\/cms\/wp-content\/uploads\/2021\/10\/Welpentreffen73-Oktober-2021.jpg\" alt=\"\" class=\"wp-image-33980\" srcset=\"https:\/\/collies-vom-floersbachtal.de\/cms\/wp-content\/uploads\/2021\/10\/Welpentreffen73-Oktober-2021.jpg 1000w, https:\/\/collies-vom-floersbachtal.de\/cms\/wp-content\/uploads\/2021\/10\/Welpentreffen73-Oktober-2021-300x200.jpg 300w, https:\/\/collies-vom-floersbachtal.de\/cms\/wp-content\/uploads\/2021\/10\/Welpentreffen73-Oktober-2021-768x512.jpg 768w\" sizes=\"auto, (max-width: 1000px) 100vw, 1000px\" \/><\/a><\/figure>\n\n\n\n<figure class=\"wp-block-image size-large\"><a href=\"https:\/\/collies-vom-floersbachtal.de\/cms\/wp-content\/uploads\/2021\/10\/Welpentreffen74-Oktober-2021.jpg\"><img loading=\"lazy\" decoding=\"async\" width=\"1000\" height=\"694\" data-id=\"33981\" src=\"https:\/\/collies-vom-floersbachtal.de\/cms\/wp-content\/uploads\/2021\/10\/Welpentreffen74-Oktober-2021.jpg\" alt=\"\" class=\"wp-image-33981\" srcset=\"https:\/\/collies-vom-floersbachtal.de\/cms\/wp-content\/uploads\/2021\/10\/Welpentreffen74-Oktober-2021.jpg 1000w, https:\/\/collies-vom-floersbachtal.de\/cms\/wp-content\/uploads\/2021\/10\/Welpentreffen74-Oktober-2021-300x208.jpg 300w, https:\/\/collies-vom-floersbachtal.de\/cms\/wp-content\/uploads\/2021\/10\/Welpentreffen74-Oktober-2021-768x533.jpg 768w\" sizes=\"auto, (max-width: 1000px) 100vw, 1000px\" \/><\/a><\/figure>\n\n\n\n<figure class=\"wp-block-image size-large\"><a href=\"https:\/\/collies-vom-floersbachtal.de\/cms\/wp-content\/uploads\/2021\/10\/Welpentreffen75-Oktober-2021.jpg\"><img loading=\"lazy\" decoding=\"async\" width=\"1000\" height=\"667\" data-id=\"33982\" src=\"https:\/\/collies-vom-floersbachtal.de\/cms\/wp-content\/uploads\/2021\/10\/Welpentreffen75-Oktober-2021.jpg\" alt=\"\" class=\"wp-image-33982\" srcset=\"https:\/\/collies-vom-floersbachtal.de\/cms\/wp-content\/uploads\/2021\/10\/Welpentreffen75-Oktober-2021.jpg 1000w, https:\/\/collies-vom-floersbachtal.de\/cms\/wp-content\/uploads\/2021\/10\/Welpentreffen75-Oktober-2021-300x200.jpg 300w, https:\/\/collies-vom-floersbachtal.de\/cms\/wp-content\/uploads\/2021\/10\/Welpentreffen75-Oktober-2021-768x512.jpg 768w\" sizes=\"auto, (max-width: 1000px) 100vw, 1000px\" \/><\/a><\/figure>\n\n\n\n<figure class=\"wp-block-image size-large\"><a href=\"https:\/\/collies-vom-floersbachtal.de\/cms\/wp-content\/uploads\/2021\/10\/Welpentreffen78-Oktober-2021.jpg\"><img loading=\"lazy\" decoding=\"async\" width=\"1000\" height=\"667\" data-id=\"33985\" src=\"https:\/\/collies-vom-floersbachtal.de\/cms\/wp-content\/uploads\/2021\/10\/Welpentreffen78-Oktober-2021.jpg\" alt=\"\" class=\"wp-image-33985\" srcset=\"https:\/\/collies-vom-floersbachtal.de\/cms\/wp-content\/uploads\/2021\/10\/Welpentreffen78-Oktober-2021.jpg 1000w, https:\/\/collies-vom-floersbachtal.de\/cms\/wp-content\/uploads\/2021\/10\/Welpentreffen78-Oktober-2021-300x200.jpg 300w, https:\/\/collies-vom-floersbachtal.de\/cms\/wp-content\/uploads\/2021\/10\/Welpentreffen78-Oktober-2021-768x512.jpg 768w\" sizes=\"auto, (max-width: 1000px) 100vw, 1000px\" \/><\/a><\/figure>\n\n\n\n<figure class=\"wp-block-image size-large\"><a href=\"https:\/\/collies-vom-floersbachtal.de\/cms\/wp-content\/uploads\/2021\/10\/Welpentreffen79-Oktober-2021.jpg\"><img loading=\"lazy\" decoding=\"async\" width=\"1000\" height=\"667\" data-id=\"33986\" src=\"https:\/\/collies-vom-floersbachtal.de\/cms\/wp-content\/uploads\/2021\/10\/Welpentreffen79-Oktober-2021.jpg\" alt=\"\" class=\"wp-image-33986\" srcset=\"https:\/\/collies-vom-floersbachtal.de\/cms\/wp-content\/uploads\/2021\/10\/Welpentreffen79-Oktober-2021.jpg 1000w, https:\/\/collies-vom-floersbachtal.de\/cms\/wp-content\/uploads\/2021\/10\/Welpentreffen79-Oktober-2021-300x200.jpg 300w, https:\/\/collies-vom-floersbachtal.de\/cms\/wp-content\/uploads\/2021\/10\/Welpentreffen79-Oktober-2021-768x512.jpg 768w\" sizes=\"auto, (max-width: 1000px) 100vw, 1000px\" \/><\/a><\/figure>\n\n\n\n<figure class=\"wp-block-image size-large\"><a href=\"https:\/\/collies-vom-floersbachtal.de\/cms\/wp-content\/uploads\/2021\/10\/Welpentreffen80-Oktober-2021.jpg\"><img loading=\"lazy\" decoding=\"async\" width=\"1000\" height=\"667\" data-id=\"33987\" src=\"https:\/\/collies-vom-floersbachtal.de\/cms\/wp-content\/uploads\/2021\/10\/Welpentreffen80-Oktober-2021.jpg\" alt=\"\" class=\"wp-image-33987\" srcset=\"https:\/\/collies-vom-floersbachtal.de\/cms\/wp-content\/uploads\/2021\/10\/Welpentreffen80-Oktober-2021.jpg 1000w, https:\/\/collies-vom-floersbachtal.de\/cms\/wp-content\/uploads\/2021\/10\/Welpentreffen80-Oktober-2021-300x200.jpg 300w, https:\/\/collies-vom-floersbachtal.de\/cms\/wp-content\/uploads\/2021\/10\/Welpentreffen80-Oktober-2021-768x512.jpg 768w\" sizes=\"auto, (max-width: 1000px) 100vw, 1000px\" \/><\/a><\/figure>\n\n\n\n<figure class=\"wp-block-image size-large\"><a href=\"https:\/\/collies-vom-floersbachtal.de\/cms\/wp-content\/uploads\/2021\/10\/Welpentreffen81-Oktober-2021.jpg\"><img loading=\"lazy\" decoding=\"async\" width=\"1000\" height=\"667\" data-id=\"33988\" src=\"https:\/\/collies-vom-floersbachtal.de\/cms\/wp-content\/uploads\/2021\/10\/Welpentreffen81-Oktober-2021.jpg\" alt=\"\" class=\"wp-image-33988\" srcset=\"https:\/\/collies-vom-floersbachtal.de\/cms\/wp-content\/uploads\/2021\/10\/Welpentreffen81-Oktober-2021.jpg 1000w, https:\/\/collies-vom-floersbachtal.de\/cms\/wp-content\/uploads\/2021\/10\/Welpentreffen81-Oktober-2021-300x200.jpg 300w, https:\/\/collies-vom-floersbachtal.de\/cms\/wp-content\/uploads\/2021\/10\/Welpentreffen81-Oktober-2021-768x512.jpg 768w\" sizes=\"auto, (max-width: 1000px) 100vw, 1000px\" \/><\/a><\/figure>\n\n\n\n<figure class=\"wp-block-image size-large\"><a href=\"https:\/\/collies-vom-floersbachtal.de\/cms\/wp-content\/uploads\/2021\/10\/Welpentreffen83-Oktober-2021.jpg\"><img loading=\"lazy\" decoding=\"async\" width=\"1000\" height=\"667\" data-id=\"33989\" src=\"https:\/\/collies-vom-floersbachtal.de\/cms\/wp-content\/uploads\/2021\/10\/Welpentreffen83-Oktober-2021.jpg\" alt=\"\" class=\"wp-image-33989\" srcset=\"https:\/\/collies-vom-floersbachtal.de\/cms\/wp-content\/uploads\/2021\/10\/Welpentreffen83-Oktober-2021.jpg 1000w, https:\/\/collies-vom-floersbachtal.de\/cms\/wp-content\/uploads\/2021\/10\/Welpentreffen83-Oktober-2021-300x200.jpg 300w, https:\/\/collies-vom-floersbachtal.de\/cms\/wp-content\/uploads\/2021\/10\/Welpentreffen83-Oktober-2021-768x512.jpg 768w\" sizes=\"auto, (max-width: 1000px) 100vw, 1000px\" \/><\/a><\/figure>\n\n\n\n<figure class=\"wp-block-image size-large\"><a href=\"https:\/\/collies-vom-floersbachtal.de\/cms\/wp-content\/uploads\/2021\/10\/Welpentreffen76-Oktober-2021.jpg\"><img loading=\"lazy\" decoding=\"async\" width=\"1000\" height=\"667\" data-id=\"33983\" src=\"https:\/\/collies-vom-floersbachtal.de\/cms\/wp-content\/uploads\/2021\/10\/Welpentreffen76-Oktober-2021.jpg\" alt=\"\" class=\"wp-image-33983\" srcset=\"https:\/\/collies-vom-floersbachtal.de\/cms\/wp-content\/uploads\/2021\/10\/Welpentreffen76-Oktober-2021.jpg 1000w, https:\/\/collies-vom-floersbachtal.de\/cms\/wp-content\/uploads\/2021\/10\/Welpentreffen76-Oktober-2021-300x200.jpg 300w, https:\/\/collies-vom-floersbachtal.de\/cms\/wp-content\/uploads\/2021\/10\/Welpentreffen76-Oktober-2021-768x512.jpg 768w\" sizes=\"auto, (max-width: 1000px) 100vw, 1000px\" \/><\/a><\/figure>\n<\/figure>\n\n\n\n<p><\/p>\n\n\n\n<figure class=\"wp-block-gallery has-nested-images columns-default is-cropped wp-block-gallery-20 is-layout-flex wp-block-gallery-is-layout-flex\">\n<figure class=\"wp-block-image size-large\"><a href=\"https:\/\/collies-vom-floersbachtal.de\/cms\/wp-content\/uploads\/2021\/10\/Welpentreffen47-Oktober-2021-Kopie.jpg\"><img loading=\"lazy\" decoding=\"async\" width=\"1000\" height=\"667\" data-id=\"33949\" src=\"https:\/\/collies-vom-floersbachtal.de\/cms\/wp-content\/uploads\/2021\/10\/Welpentreffen47-Oktober-2021-Kopie.jpg\" alt=\"\" class=\"wp-image-33949\" srcset=\"https:\/\/collies-vom-floersbachtal.de\/cms\/wp-content\/uploads\/2021\/10\/Welpentreffen47-Oktober-2021-Kopie.jpg 1000w, https:\/\/collies-vom-floersbachtal.de\/cms\/wp-content\/uploads\/2021\/10\/Welpentreffen47-Oktober-2021-Kopie-300x200.jpg 300w, https:\/\/collies-vom-floersbachtal.de\/cms\/wp-content\/uploads\/2021\/10\/Welpentreffen47-Oktober-2021-Kopie-768x512.jpg 768w\" sizes=\"auto, (max-width: 1000px) 100vw, 1000px\" \/><\/a><\/figure>\n\n\n\n<figure class=\"wp-block-image size-large\"><a href=\"https:\/\/collies-vom-floersbachtal.de\/cms\/wp-content\/uploads\/2021\/10\/Welpentreffen42-Oktober-2021-Kopie.jpg\"><img loading=\"lazy\" decoding=\"async\" width=\"1000\" height=\"694\" data-id=\"33951\" src=\"https:\/\/collies-vom-floersbachtal.de\/cms\/wp-content\/uploads\/2021\/10\/Welpentreffen42-Oktober-2021-Kopie.jpg\" alt=\"\" class=\"wp-image-33951\" srcset=\"https:\/\/collies-vom-floersbachtal.de\/cms\/wp-content\/uploads\/2021\/10\/Welpentreffen42-Oktober-2021-Kopie.jpg 1000w, https:\/\/collies-vom-floersbachtal.de\/cms\/wp-content\/uploads\/2021\/10\/Welpentreffen42-Oktober-2021-Kopie-300x208.jpg 300w, https:\/\/collies-vom-floersbachtal.de\/cms\/wp-content\/uploads\/2021\/10\/Welpentreffen42-Oktober-2021-Kopie-768x533.jpg 768w\" sizes=\"auto, (max-width: 1000px) 100vw, 1000px\" \/><\/a><\/figure>\n\n\n\n<figure class=\"wp-block-image size-large\"><a href=\"https:\/\/collies-vom-floersbachtal.de\/cms\/wp-content\/uploads\/2021\/10\/Welpentreffen43-Oktober-2021-Kopie-Kopie.jpg\"><img loading=\"lazy\" decoding=\"async\" width=\"1000\" height=\"693\" data-id=\"33953\" src=\"https:\/\/collies-vom-floersbachtal.de\/cms\/wp-content\/uploads\/2021\/10\/Welpentreffen43-Oktober-2021-Kopie-Kopie.jpg\" alt=\"\" class=\"wp-image-33953\" srcset=\"https:\/\/collies-vom-floersbachtal.de\/cms\/wp-content\/uploads\/2021\/10\/Welpentreffen43-Oktober-2021-Kopie-Kopie.jpg 1000w, https:\/\/collies-vom-floersbachtal.de\/cms\/wp-content\/uploads\/2021\/10\/Welpentreffen43-Oktober-2021-Kopie-Kopie-300x208.jpg 300w, https:\/\/collies-vom-floersbachtal.de\/cms\/wp-content\/uploads\/2021\/10\/Welpentreffen43-Oktober-2021-Kopie-Kopie-768x532.jpg 768w\" sizes=\"auto, (max-width: 1000px) 100vw, 1000px\" \/><\/a><\/figure>\n\n\n\n<figure class=\"wp-block-image size-large\"><a href=\"https:\/\/collies-vom-floersbachtal.de\/cms\/wp-content\/uploads\/2021\/10\/Welpentreffen44-Oktober-2021-Kopie-Kopie.jpg\"><img loading=\"lazy\" decoding=\"async\" width=\"1000\" height=\"693\" data-id=\"33954\" src=\"https:\/\/collies-vom-floersbachtal.de\/cms\/wp-content\/uploads\/2021\/10\/Welpentreffen44-Oktober-2021-Kopie-Kopie.jpg\" alt=\"\" class=\"wp-image-33954\" srcset=\"https:\/\/collies-vom-floersbachtal.de\/cms\/wp-content\/uploads\/2021\/10\/Welpentreffen44-Oktober-2021-Kopie-Kopie.jpg 1000w, https:\/\/collies-vom-floersbachtal.de\/cms\/wp-content\/uploads\/2021\/10\/Welpentreffen44-Oktober-2021-Kopie-Kopie-300x208.jpg 300w, https:\/\/collies-vom-floersbachtal.de\/cms\/wp-content\/uploads\/2021\/10\/Welpentreffen44-Oktober-2021-Kopie-Kopie-768x532.jpg 768w\" sizes=\"auto, (max-width: 1000px) 100vw, 1000px\" \/><\/a><\/figure>\n<\/figure>\n\n\n\n<figure class=\"wp-block-gallery has-nested-images columns-default is-cropped wp-block-gallery-21 is-layout-flex wp-block-gallery-is-layout-flex\">\n<figure class=\"wp-block-image size-large\"><a href=\"https:\/\/collies-vom-floersbachtal.de\/cms\/wp-content\/uploads\/2021\/10\/Welpentreffen61-Oktober-2021.jpg\"><img loading=\"lazy\" decoding=\"async\" width=\"1000\" height=\"667\" data-id=\"33955\" src=\"https:\/\/collies-vom-floersbachtal.de\/cms\/wp-content\/uploads\/2021\/10\/Welpentreffen61-Oktober-2021.jpg\" alt=\"\" class=\"wp-image-33955\" srcset=\"https:\/\/collies-vom-floersbachtal.de\/cms\/wp-content\/uploads\/2021\/10\/Welpentreffen61-Oktober-2021.jpg 1000w, https:\/\/collies-vom-floersbachtal.de\/cms\/wp-content\/uploads\/2021\/10\/Welpentreffen61-Oktober-2021-300x200.jpg 300w, https:\/\/collies-vom-floersbachtal.de\/cms\/wp-content\/uploads\/2021\/10\/Welpentreffen61-Oktober-2021-768x512.jpg 768w\" sizes=\"auto, (max-width: 1000px) 100vw, 1000px\" \/><\/a><\/figure>\n\n\n\n<figure class=\"wp-block-image size-large\"><a href=\"https:\/\/collies-vom-floersbachtal.de\/cms\/wp-content\/uploads\/2021\/10\/Welpentreffen49-Oktober-2021.jpg\"><img loading=\"lazy\" decoding=\"async\" width=\"1000\" height=\"694\" data-id=\"33956\" src=\"https:\/\/collies-vom-floersbachtal.de\/cms\/wp-content\/uploads\/2021\/10\/Welpentreffen49-Oktober-2021.jpg\" alt=\"\" class=\"wp-image-33956\" srcset=\"https:\/\/collies-vom-floersbachtal.de\/cms\/wp-content\/uploads\/2021\/10\/Welpentreffen49-Oktober-2021.jpg 1000w, https:\/\/collies-vom-floersbachtal.de\/cms\/wp-content\/uploads\/2021\/10\/Welpentreffen49-Oktober-2021-300x208.jpg 300w, https:\/\/collies-vom-floersbachtal.de\/cms\/wp-content\/uploads\/2021\/10\/Welpentreffen49-Oktober-2021-768x533.jpg 768w\" sizes=\"auto, (max-width: 1000px) 100vw, 1000px\" \/><\/a><\/figure>\n\n\n\n<figure class=\"wp-block-image size-large\"><a href=\"https:\/\/collies-vom-floersbachtal.de\/cms\/wp-content\/uploads\/2021\/10\/Welpentreffen50-Oktober-2021.jpg\"><img loading=\"lazy\" decoding=\"async\" width=\"1000\" height=\"667\" data-id=\"33957\" src=\"https:\/\/collies-vom-floersbachtal.de\/cms\/wp-content\/uploads\/2021\/10\/Welpentreffen50-Oktober-2021.jpg\" alt=\"\" class=\"wp-image-33957\" srcset=\"https:\/\/collies-vom-floersbachtal.de\/cms\/wp-content\/uploads\/2021\/10\/Welpentreffen50-Oktober-2021.jpg 1000w, https:\/\/collies-vom-floersbachtal.de\/cms\/wp-content\/uploads\/2021\/10\/Welpentreffen50-Oktober-2021-300x200.jpg 300w, https:\/\/collies-vom-floersbachtal.de\/cms\/wp-content\/uploads\/2021\/10\/Welpentreffen50-Oktober-2021-768x512.jpg 768w\" sizes=\"auto, (max-width: 1000px) 100vw, 1000px\" \/><\/a><\/figure>\n\n\n\n<figure class=\"wp-block-image size-large\"><a href=\"https:\/\/collies-vom-floersbachtal.de\/cms\/wp-content\/uploads\/2021\/10\/Welpentreffen51-Oktober-2021.jpg\"><img loading=\"lazy\" decoding=\"async\" width=\"1000\" height=\"667\" data-id=\"33958\" src=\"https:\/\/collies-vom-floersbachtal.de\/cms\/wp-content\/uploads\/2021\/10\/Welpentreffen51-Oktober-2021.jpg\" alt=\"\" class=\"wp-image-33958\" srcset=\"https:\/\/collies-vom-floersbachtal.de\/cms\/wp-content\/uploads\/2021\/10\/Welpentreffen51-Oktober-2021.jpg 1000w, https:\/\/collies-vom-floersbachtal.de\/cms\/wp-content\/uploads\/2021\/10\/Welpentreffen51-Oktober-2021-300x200.jpg 300w, https:\/\/collies-vom-floersbachtal.de\/cms\/wp-content\/uploads\/2021\/10\/Welpentreffen51-Oktober-2021-768x512.jpg 768w\" sizes=\"auto, (max-width: 1000px) 100vw, 1000px\" \/><\/a><\/figure>\n\n\n\n<figure class=\"wp-block-image size-large\"><a href=\"https:\/\/collies-vom-floersbachtal.de\/cms\/wp-content\/uploads\/2021\/10\/Welpentreffen52-Oktober-2021.jpg\"><img loading=\"lazy\" decoding=\"async\" width=\"1000\" height=\"667\" data-id=\"33959\" src=\"https:\/\/collies-vom-floersbachtal.de\/cms\/wp-content\/uploads\/2021\/10\/Welpentreffen52-Oktober-2021.jpg\" alt=\"\" class=\"wp-image-33959\" srcset=\"https:\/\/collies-vom-floersbachtal.de\/cms\/wp-content\/uploads\/2021\/10\/Welpentreffen52-Oktober-2021.jpg 1000w, https:\/\/collies-vom-floersbachtal.de\/cms\/wp-content\/uploads\/2021\/10\/Welpentreffen52-Oktober-2021-300x200.jpg 300w, https:\/\/collies-vom-floersbachtal.de\/cms\/wp-content\/uploads\/2021\/10\/Welpentreffen52-Oktober-2021-768x512.jpg 768w\" sizes=\"auto, (max-width: 1000px) 100vw, 1000px\" \/><\/a><\/figure>\n\n\n\n<figure class=\"wp-block-image size-large\"><a href=\"https:\/\/collies-vom-floersbachtal.de\/cms\/wp-content\/uploads\/2021\/10\/Welpentreffen53-Oktober-2021.jpg\"><img loading=\"lazy\" decoding=\"async\" width=\"1000\" height=\"667\" data-id=\"33960\" src=\"https:\/\/collies-vom-floersbachtal.de\/cms\/wp-content\/uploads\/2021\/10\/Welpentreffen53-Oktober-2021.jpg\" alt=\"\" class=\"wp-image-33960\" srcset=\"https:\/\/collies-vom-floersbachtal.de\/cms\/wp-content\/uploads\/2021\/10\/Welpentreffen53-Oktober-2021.jpg 1000w, https:\/\/collies-vom-floersbachtal.de\/cms\/wp-content\/uploads\/2021\/10\/Welpentreffen53-Oktober-2021-300x200.jpg 300w, https:\/\/collies-vom-floersbachtal.de\/cms\/wp-content\/uploads\/2021\/10\/Welpentreffen53-Oktober-2021-768x512.jpg 768w\" sizes=\"auto, (max-width: 1000px) 100vw, 1000px\" \/><\/a><\/figure>\n\n\n\n<figure class=\"wp-block-image size-large\"><a href=\"https:\/\/collies-vom-floersbachtal.de\/cms\/wp-content\/uploads\/2021\/10\/Welpentreffen54-Oktober-2021.jpg\"><img loading=\"lazy\" decoding=\"async\" width=\"1000\" height=\"667\" data-id=\"33961\" src=\"https:\/\/collies-vom-floersbachtal.de\/cms\/wp-content\/uploads\/2021\/10\/Welpentreffen54-Oktober-2021.jpg\" alt=\"\" class=\"wp-image-33961\" srcset=\"https:\/\/collies-vom-floersbachtal.de\/cms\/wp-content\/uploads\/2021\/10\/Welpentreffen54-Oktober-2021.jpg 1000w, https:\/\/collies-vom-floersbachtal.de\/cms\/wp-content\/uploads\/2021\/10\/Welpentreffen54-Oktober-2021-300x200.jpg 300w, https:\/\/collies-vom-floersbachtal.de\/cms\/wp-content\/uploads\/2021\/10\/Welpentreffen54-Oktober-2021-768x512.jpg 768w\" sizes=\"auto, (max-width: 1000px) 100vw, 1000px\" \/><\/a><\/figure>\n\n\n\n<figure class=\"wp-block-image size-large\"><a href=\"https:\/\/collies-vom-floersbachtal.de\/cms\/wp-content\/uploads\/2021\/10\/Welpentreffen55-Oktober-2021.jpg\"><img loading=\"lazy\" decoding=\"async\" width=\"1000\" height=\"692\" data-id=\"33962\" src=\"https:\/\/collies-vom-floersbachtal.de\/cms\/wp-content\/uploads\/2021\/10\/Welpentreffen55-Oktober-2021.jpg\" alt=\"\" class=\"wp-image-33962\" srcset=\"https:\/\/collies-vom-floersbachtal.de\/cms\/wp-content\/uploads\/2021\/10\/Welpentreffen55-Oktober-2021.jpg 1000w, https:\/\/collies-vom-floersbachtal.de\/cms\/wp-content\/uploads\/2021\/10\/Welpentreffen55-Oktober-2021-300x208.jpg 300w, https:\/\/collies-vom-floersbachtal.de\/cms\/wp-content\/uploads\/2021\/10\/Welpentreffen55-Oktober-2021-768x531.jpg 768w\" sizes=\"auto, (max-width: 1000px) 100vw, 1000px\" \/><\/a><figcaption class=\"wp-element-caption\">Links die Mama Lia und rechts Papa Balu und hinten die Ururgro\u00dfmama Ginger \ud83d\ude42<\/figcaption><\/figure>\n\n\n\n<figure class=\"wp-block-image size-large\"><a href=\"https:\/\/collies-vom-floersbachtal.de\/cms\/wp-content\/uploads\/2021\/10\/Welpentreffen56-Oktober-2021.jpg\"><img loading=\"lazy\" decoding=\"async\" width=\"1000\" height=\"694\" data-id=\"33963\" src=\"https:\/\/collies-vom-floersbachtal.de\/cms\/wp-content\/uploads\/2021\/10\/Welpentreffen56-Oktober-2021.jpg\" alt=\"\" class=\"wp-image-33963\" srcset=\"https:\/\/collies-vom-floersbachtal.de\/cms\/wp-content\/uploads\/2021\/10\/Welpentreffen56-Oktober-2021.jpg 1000w, https:\/\/collies-vom-floersbachtal.de\/cms\/wp-content\/uploads\/2021\/10\/Welpentreffen56-Oktober-2021-300x208.jpg 300w, https:\/\/collies-vom-floersbachtal.de\/cms\/wp-content\/uploads\/2021\/10\/Welpentreffen56-Oktober-2021-768x533.jpg 768w\" sizes=\"auto, (max-width: 1000px) 100vw, 1000px\" \/><\/a><figcaption class=\"wp-element-caption\">Papa und Sohnemann<\/figcaption><\/figure>\n\n\n\n<figure class=\"wp-block-image size-large\"><a href=\"https:\/\/collies-vom-floersbachtal.de\/cms\/wp-content\/uploads\/2021\/10\/Welpentreffen57-Oktober-2021.jpg\"><img loading=\"lazy\" decoding=\"async\" width=\"1000\" height=\"667\" data-id=\"33964\" src=\"https:\/\/collies-vom-floersbachtal.de\/cms\/wp-content\/uploads\/2021\/10\/Welpentreffen57-Oktober-2021.jpg\" alt=\"\" class=\"wp-image-33964\" srcset=\"https:\/\/collies-vom-floersbachtal.de\/cms\/wp-content\/uploads\/2021\/10\/Welpentreffen57-Oktober-2021.jpg 1000w, https:\/\/collies-vom-floersbachtal.de\/cms\/wp-content\/uploads\/2021\/10\/Welpentreffen57-Oktober-2021-300x200.jpg 300w, https:\/\/collies-vom-floersbachtal.de\/cms\/wp-content\/uploads\/2021\/10\/Welpentreffen57-Oktober-2021-768x512.jpg 768w\" sizes=\"auto, (max-width: 1000px) 100vw, 1000px\" \/><\/a><\/figure>\n\n\n\n<figure class=\"wp-block-image size-large\"><a href=\"https:\/\/collies-vom-floersbachtal.de\/cms\/wp-content\/uploads\/2021\/10\/Welpentreffen58-Oktober-2021.jpg\"><img loading=\"lazy\" decoding=\"async\" width=\"1000\" height=\"667\" data-id=\"33965\" src=\"https:\/\/collies-vom-floersbachtal.de\/cms\/wp-content\/uploads\/2021\/10\/Welpentreffen58-Oktober-2021.jpg\" alt=\"\" class=\"wp-image-33965\" srcset=\"https:\/\/collies-vom-floersbachtal.de\/cms\/wp-content\/uploads\/2021\/10\/Welpentreffen58-Oktober-2021.jpg 1000w, https:\/\/collies-vom-floersbachtal.de\/cms\/wp-content\/uploads\/2021\/10\/Welpentreffen58-Oktober-2021-300x200.jpg 300w, https:\/\/collies-vom-floersbachtal.de\/cms\/wp-content\/uploads\/2021\/10\/Welpentreffen58-Oktober-2021-768x512.jpg 768w\" sizes=\"auto, (max-width: 1000px) 100vw, 1000px\" \/><\/a><\/figure>\n\n\n\n<figure class=\"wp-block-image size-large\"><a href=\"https:\/\/collies-vom-floersbachtal.de\/cms\/wp-content\/uploads\/2021\/10\/Welpentreffen60-Oktober-2021.jpg\"><img loading=\"lazy\" decoding=\"async\" width=\"1000\" height=\"667\" data-id=\"33967\" src=\"https:\/\/collies-vom-floersbachtal.de\/cms\/wp-content\/uploads\/2021\/10\/Welpentreffen60-Oktober-2021.jpg\" alt=\"\" class=\"wp-image-33967\" srcset=\"https:\/\/collies-vom-floersbachtal.de\/cms\/wp-content\/uploads\/2021\/10\/Welpentreffen60-Oktober-2021.jpg 1000w, https:\/\/collies-vom-floersbachtal.de\/cms\/wp-content\/uploads\/2021\/10\/Welpentreffen60-Oktober-2021-300x200.jpg 300w, https:\/\/collies-vom-floersbachtal.de\/cms\/wp-content\/uploads\/2021\/10\/Welpentreffen60-Oktober-2021-768x512.jpg 768w\" sizes=\"auto, (max-width: 1000px) 100vw, 1000px\" \/><\/a><\/figure>\n\n\n\n<figure class=\"wp-block-image size-large\"><a href=\"https:\/\/collies-vom-floersbachtal.de\/cms\/wp-content\/uploads\/2021\/10\/Welpentreffen59-Oktober-2021.jpg\"><img loading=\"lazy\" decoding=\"async\" width=\"1000\" height=\"667\" data-id=\"33966\" src=\"https:\/\/collies-vom-floersbachtal.de\/cms\/wp-content\/uploads\/2021\/10\/Welpentreffen59-Oktober-2021.jpg\" alt=\"\" class=\"wp-image-33966\" srcset=\"https:\/\/collies-vom-floersbachtal.de\/cms\/wp-content\/uploads\/2021\/10\/Welpentreffen59-Oktober-2021.jpg 1000w, https:\/\/collies-vom-floersbachtal.de\/cms\/wp-content\/uploads\/2021\/10\/Welpentreffen59-Oktober-2021-300x200.jpg 300w, https:\/\/collies-vom-floersbachtal.de\/cms\/wp-content\/uploads\/2021\/10\/Welpentreffen59-Oktober-2021-768x512.jpg 768w\" sizes=\"auto, (max-width: 1000px) 100vw, 1000px\" \/><\/a><\/figure>\n<figcaption class=\"blocks-gallery-caption wp-element-caption\"><strong>Br\u00fcderchen und <br>Schwesterchen (nur 2,5 Jahre dazwischen) \ud83d\ude00 \ud83d\ude09<\/strong><\/figcaption><\/figure>\n\n\n\n<figure class=\"wp-block-gallery has-nested-images columns-default is-cropped wp-block-gallery-22 is-layout-flex wp-block-gallery-is-layout-flex\">\n<figure class=\"wp-block-image size-large\"><a href=\"https:\/\/collies-vom-floersbachtal.de\/cms\/wp-content\/uploads\/2021\/10\/Welpentreffen71-Oktober-2021.jpg\"><img loading=\"lazy\" decoding=\"async\" width=\"1000\" height=\"667\" data-id=\"33968\" src=\"https:\/\/collies-vom-floersbachtal.de\/cms\/wp-content\/uploads\/2021\/10\/Welpentreffen71-Oktober-2021.jpg\" alt=\"\" class=\"wp-image-33968\" srcset=\"https:\/\/collies-vom-floersbachtal.de\/cms\/wp-content\/uploads\/2021\/10\/Welpentreffen71-Oktober-2021.jpg 1000w, https:\/\/collies-vom-floersbachtal.de\/cms\/wp-content\/uploads\/2021\/10\/Welpentreffen71-Oktober-2021-300x200.jpg 300w, https:\/\/collies-vom-floersbachtal.de\/cms\/wp-content\/uploads\/2021\/10\/Welpentreffen71-Oktober-2021-768x512.jpg 768w\" sizes=\"auto, (max-width: 1000px) 100vw, 1000px\" \/><\/a><\/figure>\n\n\n\n<figure class=\"wp-block-image size-large\"><a href=\"https:\/\/collies-vom-floersbachtal.de\/cms\/wp-content\/uploads\/2021\/10\/Welpentreffen63-Oktober-2021.jpg\"><img loading=\"lazy\" decoding=\"async\" width=\"1000\" height=\"667\" data-id=\"33971\" src=\"https:\/\/collies-vom-floersbachtal.de\/cms\/wp-content\/uploads\/2021\/10\/Welpentreffen63-Oktober-2021.jpg\" alt=\"\" class=\"wp-image-33971\" srcset=\"https:\/\/collies-vom-floersbachtal.de\/cms\/wp-content\/uploads\/2021\/10\/Welpentreffen63-Oktober-2021.jpg 1000w, https:\/\/collies-vom-floersbachtal.de\/cms\/wp-content\/uploads\/2021\/10\/Welpentreffen63-Oktober-2021-300x200.jpg 300w, https:\/\/collies-vom-floersbachtal.de\/cms\/wp-content\/uploads\/2021\/10\/Welpentreffen63-Oktober-2021-768x512.jpg 768w\" sizes=\"auto, (max-width: 1000px) 100vw, 1000px\" \/><\/a><\/figure>\n\n\n\n<figure class=\"wp-block-image size-large\"><a href=\"https:\/\/collies-vom-floersbachtal.de\/cms\/wp-content\/uploads\/2021\/10\/Welpentreffen65-Oktober-2021.jpg\"><img loading=\"lazy\" decoding=\"async\" width=\"1000\" height=\"692\" data-id=\"33973\" src=\"https:\/\/collies-vom-floersbachtal.de\/cms\/wp-content\/uploads\/2021\/10\/Welpentreffen65-Oktober-2021.jpg\" alt=\"\" class=\"wp-image-33973\" srcset=\"https:\/\/collies-vom-floersbachtal.de\/cms\/wp-content\/uploads\/2021\/10\/Welpentreffen65-Oktober-2021.jpg 1000w, https:\/\/collies-vom-floersbachtal.de\/cms\/wp-content\/uploads\/2021\/10\/Welpentreffen65-Oktober-2021-300x208.jpg 300w, https:\/\/collies-vom-floersbachtal.de\/cms\/wp-content\/uploads\/2021\/10\/Welpentreffen65-Oktober-2021-768x531.jpg 768w\" sizes=\"auto, (max-width: 1000px) 100vw, 1000px\" \/><\/a><\/figure>\n\n\n\n<figure class=\"wp-block-image size-large\"><a href=\"https:\/\/collies-vom-floersbachtal.de\/cms\/wp-content\/uploads\/2021\/10\/Welpentreffen66-Oktober-2021.jpg\"><img loading=\"lazy\" decoding=\"async\" width=\"1000\" height=\"667\" data-id=\"33974\" src=\"https:\/\/collies-vom-floersbachtal.de\/cms\/wp-content\/uploads\/2021\/10\/Welpentreffen66-Oktober-2021.jpg\" alt=\"\" class=\"wp-image-33974\" srcset=\"https:\/\/collies-vom-floersbachtal.de\/cms\/wp-content\/uploads\/2021\/10\/Welpentreffen66-Oktober-2021.jpg 1000w, https:\/\/collies-vom-floersbachtal.de\/cms\/wp-content\/uploads\/2021\/10\/Welpentreffen66-Oktober-2021-300x200.jpg 300w, https:\/\/collies-vom-floersbachtal.de\/cms\/wp-content\/uploads\/2021\/10\/Welpentreffen66-Oktober-2021-768x512.jpg 768w\" sizes=\"auto, (max-width: 1000px) 100vw, 1000px\" \/><\/a><\/figure>\n\n\n\n<figure class=\"wp-block-image size-large\"><a href=\"https:\/\/collies-vom-floersbachtal.de\/cms\/wp-content\/uploads\/2021\/10\/Welpentreffen67-Oktober-2021.jpg\"><img loading=\"lazy\" decoding=\"async\" width=\"1000\" height=\"722\" data-id=\"33975\" src=\"https:\/\/collies-vom-floersbachtal.de\/cms\/wp-content\/uploads\/2021\/10\/Welpentreffen67-Oktober-2021.jpg\" alt=\"\" class=\"wp-image-33975\" srcset=\"https:\/\/collies-vom-floersbachtal.de\/cms\/wp-content\/uploads\/2021\/10\/Welpentreffen67-Oktober-2021.jpg 1000w, https:\/\/collies-vom-floersbachtal.de\/cms\/wp-content\/uploads\/2021\/10\/Welpentreffen67-Oktober-2021-300x217.jpg 300w, https:\/\/collies-vom-floersbachtal.de\/cms\/wp-content\/uploads\/2021\/10\/Welpentreffen67-Oktober-2021-768x554.jpg 768w\" sizes=\"auto, (max-width: 1000px) 100vw, 1000px\" \/><\/a><\/figure>\n\n\n\n<figure class=\"wp-block-image size-large\"><a href=\"https:\/\/collies-vom-floersbachtal.de\/cms\/wp-content\/uploads\/2021\/10\/Welpentreffen69-Oktober-2021.jpg\"><img loading=\"lazy\" decoding=\"async\" width=\"1000\" height=\"667\" data-id=\"33977\" src=\"https:\/\/collies-vom-floersbachtal.de\/cms\/wp-content\/uploads\/2021\/10\/Welpentreffen69-Oktober-2021.jpg\" alt=\"\" class=\"wp-image-33977\" srcset=\"https:\/\/collies-vom-floersbachtal.de\/cms\/wp-content\/uploads\/2021\/10\/Welpentreffen69-Oktober-2021.jpg 1000w, https:\/\/collies-vom-floersbachtal.de\/cms\/wp-content\/uploads\/2021\/10\/Welpentreffen69-Oktober-2021-300x200.jpg 300w, https:\/\/collies-vom-floersbachtal.de\/cms\/wp-content\/uploads\/2021\/10\/Welpentreffen69-Oktober-2021-768x512.jpg 768w\" sizes=\"auto, (max-width: 1000px) 100vw, 1000px\" \/><\/a><\/figure>\n\n\n\n<figure class=\"wp-block-image size-large\"><a href=\"https:\/\/collies-vom-floersbachtal.de\/cms\/wp-content\/uploads\/2021\/10\/Welpentreffen68-Oktober-2021.jpg\"><img loading=\"lazy\" decoding=\"async\" width=\"1000\" height=\"667\" data-id=\"33976\" src=\"https:\/\/collies-vom-floersbachtal.de\/cms\/wp-content\/uploads\/2021\/10\/Welpentreffen68-Oktober-2021.jpg\" alt=\"\" class=\"wp-image-33976\" srcset=\"https:\/\/collies-vom-floersbachtal.de\/cms\/wp-content\/uploads\/2021\/10\/Welpentreffen68-Oktober-2021.jpg 1000w, https:\/\/collies-vom-floersbachtal.de\/cms\/wp-content\/uploads\/2021\/10\/Welpentreffen68-Oktober-2021-300x200.jpg 300w, https:\/\/collies-vom-floersbachtal.de\/cms\/wp-content\/uploads\/2021\/10\/Welpentreffen68-Oktober-2021-768x512.jpg 768w\" sizes=\"auto, (max-width: 1000px) 100vw, 1000px\" \/><\/a><\/figure>\n\n\n\n<figure class=\"wp-block-image size-large\"><a href=\"https:\/\/collies-vom-floersbachtal.de\/cms\/wp-content\/uploads\/2021\/10\/Welpentreffen70-Oktober-2021.jpg\"><img loading=\"lazy\" decoding=\"async\" width=\"1000\" height=\"667\" data-id=\"33978\" src=\"https:\/\/collies-vom-floersbachtal.de\/cms\/wp-content\/uploads\/2021\/10\/Welpentreffen70-Oktober-2021.jpg\" alt=\"\" class=\"wp-image-33978\" srcset=\"https:\/\/collies-vom-floersbachtal.de\/cms\/wp-content\/uploads\/2021\/10\/Welpentreffen70-Oktober-2021.jpg 1000w, https:\/\/collies-vom-floersbachtal.de\/cms\/wp-content\/uploads\/2021\/10\/Welpentreffen70-Oktober-2021-300x200.jpg 300w, https:\/\/collies-vom-floersbachtal.de\/cms\/wp-content\/uploads\/2021\/10\/Welpentreffen70-Oktober-2021-768x512.jpg 768w\" sizes=\"auto, (max-width: 1000px) 100vw, 1000px\" \/><\/a><\/figure>\n<\/figure>\n\n\n\n<figure class=\"wp-block-gallery has-nested-images columns-default is-cropped wp-block-gallery-23 is-layout-flex wp-block-gallery-is-layout-flex\">\n<figure class=\"wp-block-image size-large\"><a href=\"https:\/\/collies-vom-floersbachtal.de\/cms\/wp-content\/uploads\/2021\/10\/Welpentreffen6-Oktober-2021.jpg\"><img loading=\"lazy\" decoding=\"async\" width=\"700\" height=\"886\" data-id=\"33918\" src=\"https:\/\/collies-vom-floersbachtal.de\/cms\/wp-content\/uploads\/2021\/10\/Welpentreffen6-Oktober-2021.jpg\" alt=\"\" class=\"wp-image-33918\" srcset=\"https:\/\/collies-vom-floersbachtal.de\/cms\/wp-content\/uploads\/2021\/10\/Welpentreffen6-Oktober-2021.jpg 700w, https:\/\/collies-vom-floersbachtal.de\/cms\/wp-content\/uploads\/2021\/10\/Welpentreffen6-Oktober-2021-237x300.jpg 237w\" sizes=\"auto, (max-width: 700px) 100vw, 700px\" \/><\/a><\/figure>\n\n\n\n<figure class=\"wp-block-image size-large\"><a href=\"https:\/\/collies-vom-floersbachtal.de\/cms\/wp-content\/uploads\/2021\/10\/Welpentreffen1-Oktober-2021.jpg\"><img loading=\"lazy\" decoding=\"async\" width=\"768\" height=\"1024\" data-id=\"33919\" src=\"https:\/\/collies-vom-floersbachtal.de\/cms\/wp-content\/uploads\/2021\/10\/Welpentreffen1-Oktober-2021-768x1024.jpg\" alt=\"\" class=\"wp-image-33919\" srcset=\"https:\/\/collies-vom-floersbachtal.de\/cms\/wp-content\/uploads\/2021\/10\/Welpentreffen1-Oktober-2021-768x1024.jpg 768w, https:\/\/collies-vom-floersbachtal.de\/cms\/wp-content\/uploads\/2021\/10\/Welpentreffen1-Oktober-2021-225x300.jpg 225w, https:\/\/collies-vom-floersbachtal.de\/cms\/wp-content\/uploads\/2021\/10\/Welpentreffen1-Oktober-2021.jpg 1000w\" sizes=\"auto, (max-width: 768px) 100vw, 768px\" \/><\/a><\/figure>\n\n\n\n<figure class=\"wp-block-image size-large\"><a href=\"https:\/\/collies-vom-floersbachtal.de\/cms\/wp-content\/uploads\/2021\/10\/Welpentreffen2-Oktober-2021.jpg\"><img loading=\"lazy\" decoding=\"async\" width=\"1000\" height=\"750\" data-id=\"33920\" src=\"https:\/\/collies-vom-floersbachtal.de\/cms\/wp-content\/uploads\/2021\/10\/Welpentreffen2-Oktober-2021.jpg\" alt=\"\" class=\"wp-image-33920\" srcset=\"https:\/\/collies-vom-floersbachtal.de\/cms\/wp-content\/uploads\/2021\/10\/Welpentreffen2-Oktober-2021.jpg 1000w, https:\/\/collies-vom-floersbachtal.de\/cms\/wp-content\/uploads\/2021\/10\/Welpentreffen2-Oktober-2021-300x225.jpg 300w, https:\/\/collies-vom-floersbachtal.de\/cms\/wp-content\/uploads\/2021\/10\/Welpentreffen2-Oktober-2021-768x576.jpg 768w\" sizes=\"auto, (max-width: 1000px) 100vw, 1000px\" \/><\/a><\/figure>\n\n\n\n<figure class=\"wp-block-image size-large\"><a href=\"https:\/\/collies-vom-floersbachtal.de\/cms\/wp-content\/uploads\/2021\/10\/Welpentreffen3-Oktober-2021.jpg\"><img loading=\"lazy\" decoding=\"async\" width=\"768\" height=\"1024\" data-id=\"33921\" src=\"https:\/\/collies-vom-floersbachtal.de\/cms\/wp-content\/uploads\/2021\/10\/Welpentreffen3-Oktober-2021-768x1024.jpg\" alt=\"\" class=\"wp-image-33921\" srcset=\"https:\/\/collies-vom-floersbachtal.de\/cms\/wp-content\/uploads\/2021\/10\/Welpentreffen3-Oktober-2021-768x1024.jpg 768w, https:\/\/collies-vom-floersbachtal.de\/cms\/wp-content\/uploads\/2021\/10\/Welpentreffen3-Oktober-2021-225x300.jpg 225w, https:\/\/collies-vom-floersbachtal.de\/cms\/wp-content\/uploads\/2021\/10\/Welpentreffen3-Oktober-2021.jpg 1000w\" sizes=\"auto, (max-width: 768px) 100vw, 768px\" \/><\/a><\/figure>\n\n\n\n<figure class=\"wp-block-image size-large\"><a href=\"https:\/\/collies-vom-floersbachtal.de\/cms\/wp-content\/uploads\/2021\/10\/Welpentreffen4-Oktober-2021.jpg\"><img loading=\"lazy\" decoding=\"async\" width=\"768\" height=\"1024\" data-id=\"33922\" src=\"https:\/\/collies-vom-floersbachtal.de\/cms\/wp-content\/uploads\/2021\/10\/Welpentreffen4-Oktober-2021-768x1024.jpg\" alt=\"\" class=\"wp-image-33922\" srcset=\"https:\/\/collies-vom-floersbachtal.de\/cms\/wp-content\/uploads\/2021\/10\/Welpentreffen4-Oktober-2021-768x1024.jpg 768w, https:\/\/collies-vom-floersbachtal.de\/cms\/wp-content\/uploads\/2021\/10\/Welpentreffen4-Oktober-2021-225x300.jpg 225w, https:\/\/collies-vom-floersbachtal.de\/cms\/wp-content\/uploads\/2021\/10\/Welpentreffen4-Oktober-2021.jpg 1000w\" sizes=\"auto, (max-width: 768px) 100vw, 768px\" \/><\/a><\/figure>\n\n\n\n<figure class=\"wp-block-image size-large\"><a href=\"https:\/\/collies-vom-floersbachtal.de\/cms\/wp-content\/uploads\/2021\/10\/Welpentreffen5-Oktober-2021.jpg\"><img loading=\"lazy\" decoding=\"async\" width=\"768\" height=\"1024\" data-id=\"33923\" src=\"https:\/\/collies-vom-floersbachtal.de\/cms\/wp-content\/uploads\/2021\/10\/Welpentreffen5-Oktober-2021-768x1024.jpg\" alt=\"\" class=\"wp-image-33923\" srcset=\"https:\/\/collies-vom-floersbachtal.de\/cms\/wp-content\/uploads\/2021\/10\/Welpentreffen5-Oktober-2021-768x1024.jpg 768w, https:\/\/collies-vom-floersbachtal.de\/cms\/wp-content\/uploads\/2021\/10\/Welpentreffen5-Oktober-2021-225x300.jpg 225w, https:\/\/collies-vom-floersbachtal.de\/cms\/wp-content\/uploads\/2021\/10\/Welpentreffen5-Oktober-2021.jpg 1000w\" sizes=\"auto, (max-width: 768px) 100vw, 768px\" \/><\/a><\/figure>\n<\/figure>\n\n\n\n<figure class=\"wp-block-gallery has-nested-images columns-default is-cropped wp-block-gallery-24 is-layout-flex wp-block-gallery-is-layout-flex\">\n<figure class=\"wp-block-image size-large\"><a href=\"https:\/\/collies-vom-floersbachtal.de\/cms\/wp-content\/uploads\/2021\/10\/Welpentreffen13-Oktober-2021.jpg\"><img loading=\"lazy\" decoding=\"async\" width=\"1024\" height=\"683\" data-id=\"33911\" src=\"https:\/\/collies-vom-floersbachtal.de\/cms\/wp-content\/uploads\/2021\/10\/Welpentreffen13-Oktober-2021.jpg\" alt=\"\" class=\"wp-image-33911\" srcset=\"https:\/\/collies-vom-floersbachtal.de\/cms\/wp-content\/uploads\/2021\/10\/Welpentreffen13-Oktober-2021.jpg 1024w, https:\/\/collies-vom-floersbachtal.de\/cms\/wp-content\/uploads\/2021\/10\/Welpentreffen13-Oktober-2021-300x200.jpg 300w, https:\/\/collies-vom-floersbachtal.de\/cms\/wp-content\/uploads\/2021\/10\/Welpentreffen13-Oktober-2021-768x512.jpg 768w\" sizes=\"auto, (max-width: 1024px) 100vw, 1024px\" \/><\/a><\/figure>\n\n\n\n<figure class=\"wp-block-image size-large\"><a href=\"https:\/\/collies-vom-floersbachtal.de\/cms\/wp-content\/uploads\/2021\/10\/Welpentreffen15-Oktober-2021.jpg\"><img loading=\"lazy\" decoding=\"async\" width=\"1024\" height=\"683\" data-id=\"33913\" src=\"https:\/\/collies-vom-floersbachtal.de\/cms\/wp-content\/uploads\/2021\/10\/Welpentreffen15-Oktober-2021.jpg\" alt=\"\" class=\"wp-image-33913\" srcset=\"https:\/\/collies-vom-floersbachtal.de\/cms\/wp-content\/uploads\/2021\/10\/Welpentreffen15-Oktober-2021.jpg 1024w, https:\/\/collies-vom-floersbachtal.de\/cms\/wp-content\/uploads\/2021\/10\/Welpentreffen15-Oktober-2021-300x200.jpg 300w, https:\/\/collies-vom-floersbachtal.de\/cms\/wp-content\/uploads\/2021\/10\/Welpentreffen15-Oktober-2021-768x512.jpg 768w\" sizes=\"auto, (max-width: 1024px) 100vw, 1024px\" \/><\/a><\/figure>\n\n\n\n<figure class=\"wp-block-image size-large\"><a href=\"https:\/\/collies-vom-floersbachtal.de\/cms\/wp-content\/uploads\/2021\/10\/Welpentreffen11-Oktober-2021.jpg\"><img loading=\"lazy\" decoding=\"async\" width=\"1000\" height=\"462\" data-id=\"33909\" src=\"https:\/\/collies-vom-floersbachtal.de\/cms\/wp-content\/uploads\/2021\/10\/Welpentreffen11-Oktober-2021.jpg\" alt=\"\" class=\"wp-image-33909\" srcset=\"https:\/\/collies-vom-floersbachtal.de\/cms\/wp-content\/uploads\/2021\/10\/Welpentreffen11-Oktober-2021.jpg 1000w, https:\/\/collies-vom-floersbachtal.de\/cms\/wp-content\/uploads\/2021\/10\/Welpentreffen11-Oktober-2021-300x139.jpg 300w, https:\/\/collies-vom-floersbachtal.de\/cms\/wp-content\/uploads\/2021\/10\/Welpentreffen11-Oktober-2021-768x355.jpg 768w\" sizes=\"auto, (max-width: 1000px) 100vw, 1000px\" \/><\/a><\/figure>\n\n\n\n<figure class=\"wp-block-image size-large\"><a href=\"https:\/\/collies-vom-floersbachtal.de\/cms\/wp-content\/uploads\/2021\/10\/Welpentreffen16-Oktober-2021.jpg\"><img loading=\"lazy\" decoding=\"async\" width=\"1024\" height=\"683\" data-id=\"33914\" src=\"https:\/\/collies-vom-floersbachtal.de\/cms\/wp-content\/uploads\/2021\/10\/Welpentreffen16-Oktober-2021.jpg\" alt=\"\" class=\"wp-image-33914\" srcset=\"https:\/\/collies-vom-floersbachtal.de\/cms\/wp-content\/uploads\/2021\/10\/Welpentreffen16-Oktober-2021.jpg 1024w, https:\/\/collies-vom-floersbachtal.de\/cms\/wp-content\/uploads\/2021\/10\/Welpentreffen16-Oktober-2021-300x200.jpg 300w, https:\/\/collies-vom-floersbachtal.de\/cms\/wp-content\/uploads\/2021\/10\/Welpentreffen16-Oktober-2021-768x512.jpg 768w\" sizes=\"auto, (max-width: 1024px) 100vw, 1024px\" \/><\/a><\/figure>\n\n\n\n<figure class=\"wp-block-image size-large\"><a href=\"https:\/\/collies-vom-floersbachtal.de\/cms\/wp-content\/uploads\/2021\/10\/Welpentreffen17-Oktober-2021.jpg\"><img loading=\"lazy\" decoding=\"async\" width=\"1024\" height=\"683\" data-id=\"33915\" src=\"https:\/\/collies-vom-floersbachtal.de\/cms\/wp-content\/uploads\/2021\/10\/Welpentreffen17-Oktober-2021.jpg\" alt=\"\" class=\"wp-image-33915\" srcset=\"https:\/\/collies-vom-floersbachtal.de\/cms\/wp-content\/uploads\/2021\/10\/Welpentreffen17-Oktober-2021.jpg 1024w, https:\/\/collies-vom-floersbachtal.de\/cms\/wp-content\/uploads\/2021\/10\/Welpentreffen17-Oktober-2021-300x200.jpg 300w, https:\/\/collies-vom-floersbachtal.de\/cms\/wp-content\/uploads\/2021\/10\/Welpentreffen17-Oktober-2021-768x512.jpg 768w\" sizes=\"auto, (max-width: 1024px) 100vw, 1024px\" \/><\/a><\/figure>\n\n\n\n<figure class=\"wp-block-image size-large\"><a href=\"https:\/\/collies-vom-floersbachtal.de\/cms\/wp-content\/uploads\/2021\/10\/Welpentreffen18-Oktober-2021.jpg\"><img loading=\"lazy\" decoding=\"async\" width=\"1024\" height=\"683\" data-id=\"33916\" src=\"https:\/\/collies-vom-floersbachtal.de\/cms\/wp-content\/uploads\/2021\/10\/Welpentreffen18-Oktober-2021.jpg\" alt=\"\" class=\"wp-image-33916\" srcset=\"https:\/\/collies-vom-floersbachtal.de\/cms\/wp-content\/uploads\/2021\/10\/Welpentreffen18-Oktober-2021.jpg 1024w, https:\/\/collies-vom-floersbachtal.de\/cms\/wp-content\/uploads\/2021\/10\/Welpentreffen18-Oktober-2021-300x200.jpg 300w, https:\/\/collies-vom-floersbachtal.de\/cms\/wp-content\/uploads\/2021\/10\/Welpentreffen18-Oktober-2021-768x512.jpg 768w\" sizes=\"auto, (max-width: 1024px) 100vw, 1024px\" \/><\/a><\/figure>\n\n\n\n<figure class=\"wp-block-image size-large\"><a href=\"https:\/\/collies-vom-floersbachtal.de\/cms\/wp-content\/uploads\/2021\/10\/Welpentreffen7-Oktober-2021.jpg\"><img loading=\"lazy\" decoding=\"async\" width=\"700\" height=\"958\" data-id=\"33908\" src=\"https:\/\/collies-vom-floersbachtal.de\/cms\/wp-content\/uploads\/2021\/10\/Welpentreffen7-Oktober-2021.jpg\" alt=\"\" class=\"wp-image-33908\" srcset=\"https:\/\/collies-vom-floersbachtal.de\/cms\/wp-content\/uploads\/2021\/10\/Welpentreffen7-Oktober-2021.jpg 700w, https:\/\/collies-vom-floersbachtal.de\/cms\/wp-content\/uploads\/2021\/10\/Welpentreffen7-Oktober-2021-219x300.jpg 219w\" sizes=\"auto, (max-width: 700px) 100vw, 700px\" \/><\/a><\/figure>\n<\/figure>\n\n\n\n<figure class=\"wp-block-image size-full\"><a href=\"https:\/\/collies-vom-floersbachtal.de\/cms\/wp-content\/uploads\/2021\/10\/Welpentreffen25-Oktober-2021.jpg\"><img loading=\"lazy\" decoding=\"async\" width=\"1000\" height=\"692\" src=\"https:\/\/collies-vom-floersbachtal.de\/cms\/wp-content\/uploads\/2021\/10\/Welpentreffen25-Oktober-2021.jpg\" alt=\"\" class=\"wp-image-33990\" srcset=\"https:\/\/collies-vom-floersbachtal.de\/cms\/wp-content\/uploads\/2021\/10\/Welpentreffen25-Oktober-2021.jpg 1000w, https:\/\/collies-vom-floersbachtal.de\/cms\/wp-content\/uploads\/2021\/10\/Welpentreffen25-Oktober-2021-300x208.jpg 300w, https:\/\/collies-vom-floersbachtal.de\/cms\/wp-content\/uploads\/2021\/10\/Welpentreffen25-Oktober-2021-768x531.jpg 768w\" sizes=\"auto, (max-width: 1000px) 100vw, 1000px\" \/><\/a><figcaption class=\"wp-element-caption\"><strong>Maddox sagt tsch\u00fc\u00df bis zum n\u00e4chsten mal \ud83d\ude42<\/strong> <\/figcaption><\/figure>\n\n\n\n<h2 class=\"wp-block-heading\"><strong>Kleines Welpentreffen am 15.08.2021 mit ein paar Kids von Lia und Ginger \ud83d\ude42<\/strong><\/h2>\n\n\n\n<figure class=\"wp-block-gallery has-nested-images columns-default is-cropped wp-block-gallery-25 is-layout-flex wp-block-gallery-is-layout-flex\">\n<figure class=\"wp-block-image size-large\"><a href=\"https:\/\/collies-vom-floersbachtal.de\/cms\/wp-content\/uploads\/2021\/08\/H-I-und-J-Wurf-kleines-Treffen37.jpg\"><img loading=\"lazy\" decoding=\"async\" width=\"1000\" height=\"622\" data-id=\"33289\" src=\"https:\/\/collies-vom-floersbachtal.de\/cms\/wp-content\/uploads\/2021\/08\/H-I-und-J-Wurf-kleines-Treffen37.jpg\" alt=\"\" class=\"wp-image-33289\" srcset=\"https:\/\/collies-vom-floersbachtal.de\/cms\/wp-content\/uploads\/2021\/08\/H-I-und-J-Wurf-kleines-Treffen37.jpg 1000w, https:\/\/collies-vom-floersbachtal.de\/cms\/wp-content\/uploads\/2021\/08\/H-I-und-J-Wurf-kleines-Treffen37-300x187.jpg 300w, https:\/\/collies-vom-floersbachtal.de\/cms\/wp-content\/uploads\/2021\/08\/H-I-und-J-Wurf-kleines-Treffen37-768x478.jpg 768w\" sizes=\"auto, (max-width: 1000px) 100vw, 1000px\" \/><\/a><figcaption class=\"wp-element-caption\">Ich mu\u00dfte mit drauf, Widerspruch nicht genehmigt \ud83d\ude09<\/figcaption><\/figure>\n\n\n\n<figure class=\"wp-block-image size-large\"><a href=\"https:\/\/collies-vom-floersbachtal.de\/cms\/wp-content\/uploads\/2021\/08\/H-I-und-J-Wurf-kleines-Treffen25.jpg\"><img loading=\"lazy\" decoding=\"async\" width=\"1000\" height=\"667\" data-id=\"33292\" src=\"https:\/\/collies-vom-floersbachtal.de\/cms\/wp-content\/uploads\/2021\/08\/H-I-und-J-Wurf-kleines-Treffen25.jpg\" alt=\"\" class=\"wp-image-33292\" srcset=\"https:\/\/collies-vom-floersbachtal.de\/cms\/wp-content\/uploads\/2021\/08\/H-I-und-J-Wurf-kleines-Treffen25.jpg 1000w, https:\/\/collies-vom-floersbachtal.de\/cms\/wp-content\/uploads\/2021\/08\/H-I-und-J-Wurf-kleines-Treffen25-300x200.jpg 300w, https:\/\/collies-vom-floersbachtal.de\/cms\/wp-content\/uploads\/2021\/08\/H-I-und-J-Wurf-kleines-Treffen25-768x512.jpg 768w\" sizes=\"auto, (max-width: 1000px) 100vw, 1000px\" \/><\/a><figcaption class=\"wp-element-caption\">Ankunft zu Hause<\/figcaption><\/figure>\n\n\n\n<figure class=\"wp-block-image size-large\"><a href=\"https:\/\/collies-vom-floersbachtal.de\/cms\/wp-content\/uploads\/2021\/08\/H-I-und-J-Wurf-kleines-Treffen26.jpg\"><img loading=\"lazy\" decoding=\"async\" width=\"1024\" height=\"768\" data-id=\"33293\" src=\"https:\/\/collies-vom-floersbachtal.de\/cms\/wp-content\/uploads\/2021\/08\/H-I-und-J-Wurf-kleines-Treffen26-1024x768.jpg\" alt=\"\" class=\"wp-image-33293\" srcset=\"https:\/\/collies-vom-floersbachtal.de\/cms\/wp-content\/uploads\/2021\/08\/H-I-und-J-Wurf-kleines-Treffen26-1024x768.jpg 1024w, https:\/\/collies-vom-floersbachtal.de\/cms\/wp-content\/uploads\/2021\/08\/H-I-und-J-Wurf-kleines-Treffen26-300x225.jpg 300w, https:\/\/collies-vom-floersbachtal.de\/cms\/wp-content\/uploads\/2021\/08\/H-I-und-J-Wurf-kleines-Treffen26-768x576.jpg 768w, https:\/\/collies-vom-floersbachtal.de\/cms\/wp-content\/uploads\/2021\/08\/H-I-und-J-Wurf-kleines-Treffen26.jpg 1073w\" sizes=\"auto, (max-width: 1024px) 100vw, 1024px\" \/><\/a><figcaption class=\"wp-element-caption\">Alle da???<\/figcaption><\/figure>\n\n\n\n<figure class=\"wp-block-image size-large\"><a href=\"https:\/\/collies-vom-floersbachtal.de\/cms\/wp-content\/uploads\/2021\/08\/H-I-und-J-Wurf-kleines-Treffen27.jpg\"><img loading=\"lazy\" decoding=\"async\" width=\"1000\" height=\"667\" data-id=\"33294\" src=\"https:\/\/collies-vom-floersbachtal.de\/cms\/wp-content\/uploads\/2021\/08\/H-I-und-J-Wurf-kleines-Treffen27.jpg\" alt=\"\" class=\"wp-image-33294\" srcset=\"https:\/\/collies-vom-floersbachtal.de\/cms\/wp-content\/uploads\/2021\/08\/H-I-und-J-Wurf-kleines-Treffen27.jpg 1000w, https:\/\/collies-vom-floersbachtal.de\/cms\/wp-content\/uploads\/2021\/08\/H-I-und-J-Wurf-kleines-Treffen27-300x200.jpg 300w, https:\/\/collies-vom-floersbachtal.de\/cms\/wp-content\/uploads\/2021\/08\/H-I-und-J-Wurf-kleines-Treffen27-768x512.jpg 768w\" sizes=\"auto, (max-width: 1000px) 100vw, 1000px\" \/><\/a><figcaption class=\"wp-element-caption\">Oh Verena kommt \ud83d\ude42<\/figcaption><\/figure>\n\n\n\n<figure class=\"wp-block-image size-large\"><a href=\"https:\/\/collies-vom-floersbachtal.de\/cms\/wp-content\/uploads\/2021\/08\/H-I-und-J-Wurf-kleines-Treffen30.jpg\"><img loading=\"lazy\" decoding=\"async\" width=\"899\" height=\"781\" data-id=\"33296\" src=\"https:\/\/collies-vom-floersbachtal.de\/cms\/wp-content\/uploads\/2021\/08\/H-I-und-J-Wurf-kleines-Treffen30.jpg\" alt=\"\" class=\"wp-image-33296\" srcset=\"https:\/\/collies-vom-floersbachtal.de\/cms\/wp-content\/uploads\/2021\/08\/H-I-und-J-Wurf-kleines-Treffen30.jpg 899w, https:\/\/collies-vom-floersbachtal.de\/cms\/wp-content\/uploads\/2021\/08\/H-I-und-J-Wurf-kleines-Treffen30-300x261.jpg 300w, https:\/\/collies-vom-floersbachtal.de\/cms\/wp-content\/uploads\/2021\/08\/H-I-und-J-Wurf-kleines-Treffen30-768x667.jpg 768w\" sizes=\"auto, (max-width: 899px) 100vw, 899px\" \/><\/a><figcaption class=\"wp-element-caption\">Meine abgehaarten M\u00e4dels  \ud83d\ude42<\/figcaption><\/figure>\n\n\n\n<figure class=\"wp-block-image size-large\"><a href=\"https:\/\/collies-vom-floersbachtal.de\/cms\/wp-content\/uploads\/2021\/08\/H-I-und-J-Wurf-kleines-Treffen29.jpg\"><img loading=\"lazy\" decoding=\"async\" width=\"1000\" height=\"667\" data-id=\"33295\" src=\"https:\/\/collies-vom-floersbachtal.de\/cms\/wp-content\/uploads\/2021\/08\/H-I-und-J-Wurf-kleines-Treffen29.jpg\" alt=\"\" class=\"wp-image-33295\" srcset=\"https:\/\/collies-vom-floersbachtal.de\/cms\/wp-content\/uploads\/2021\/08\/H-I-und-J-Wurf-kleines-Treffen29.jpg 1000w, https:\/\/collies-vom-floersbachtal.de\/cms\/wp-content\/uploads\/2021\/08\/H-I-und-J-Wurf-kleines-Treffen29-300x200.jpg 300w, https:\/\/collies-vom-floersbachtal.de\/cms\/wp-content\/uploads\/2021\/08\/H-I-und-J-Wurf-kleines-Treffen29-768x512.jpg 768w\" sizes=\"auto, (max-width: 1000px) 100vw, 1000px\" \/><\/a><figcaption class=\"wp-element-caption\">Jana nicht sehr gl\u00fccklich, dass sie im Wagen gefahren wird.<\/figcaption><\/figure>\n\n\n\n<figure class=\"wp-block-image size-large\"><a href=\"https:\/\/collies-vom-floersbachtal.de\/cms\/wp-content\/uploads\/2021\/08\/H-I-und-J-Wurf-kleines-Treffen43.jpg\"><img loading=\"lazy\" decoding=\"async\" width=\"1000\" height=\"499\" data-id=\"33290\" src=\"https:\/\/collies-vom-floersbachtal.de\/cms\/wp-content\/uploads\/2021\/08\/H-I-und-J-Wurf-kleines-Treffen43.jpg\" alt=\"\" class=\"wp-image-33290\" srcset=\"https:\/\/collies-vom-floersbachtal.de\/cms\/wp-content\/uploads\/2021\/08\/H-I-und-J-Wurf-kleines-Treffen43.jpg 1000w, https:\/\/collies-vom-floersbachtal.de\/cms\/wp-content\/uploads\/2021\/08\/H-I-und-J-Wurf-kleines-Treffen43-300x150.jpg 300w, https:\/\/collies-vom-floersbachtal.de\/cms\/wp-content\/uploads\/2021\/08\/H-I-und-J-Wurf-kleines-Treffen43-768x383.jpg 768w\" sizes=\"auto, (max-width: 1000px) 100vw, 1000px\" \/><\/a><figcaption class=\"wp-element-caption\">Links Hancock mit Mama Ginger und Maddox, Lia\u00b4s Sohn<\/figcaption><\/figure>\n<\/figure>\n\n\n\n<figure class=\"wp-block-gallery has-nested-images columns-default is-cropped wp-block-gallery-26 is-layout-flex wp-block-gallery-is-layout-flex\">\n<figure class=\"wp-block-image size-large\"><a href=\"https:\/\/collies-vom-floersbachtal.de\/cms\/wp-content\/uploads\/2021\/08\/H-I-und-J-Wurf-kleines-Treffen23.jpg\"><img loading=\"lazy\" decoding=\"async\" width=\"1000\" height=\"667\" data-id=\"33281\" src=\"https:\/\/collies-vom-floersbachtal.de\/cms\/wp-content\/uploads\/2021\/08\/H-I-und-J-Wurf-kleines-Treffen23.jpg\" alt=\"\" class=\"wp-image-33281\" srcset=\"https:\/\/collies-vom-floersbachtal.de\/cms\/wp-content\/uploads\/2021\/08\/H-I-und-J-Wurf-kleines-Treffen23.jpg 1000w, https:\/\/collies-vom-floersbachtal.de\/cms\/wp-content\/uploads\/2021\/08\/H-I-und-J-Wurf-kleines-Treffen23-300x200.jpg 300w, https:\/\/collies-vom-floersbachtal.de\/cms\/wp-content\/uploads\/2021\/08\/H-I-und-J-Wurf-kleines-Treffen23-768x512.jpg 768w\" sizes=\"auto, (max-width: 1000px) 100vw, 1000px\" \/><\/a><figcaption class=\"wp-element-caption\">Erst m\u00fcssen wir den Berg hoch<\/figcaption><\/figure>\n\n\n\n<figure class=\"wp-block-image size-large\"><a href=\"https:\/\/collies-vom-floersbachtal.de\/cms\/wp-content\/uploads\/2021\/08\/H-I-und-J-Wurf-kleines-Treffen16.jpg\"><img loading=\"lazy\" decoding=\"async\" width=\"1000\" height=\"724\" data-id=\"33282\" src=\"https:\/\/collies-vom-floersbachtal.de\/cms\/wp-content\/uploads\/2021\/08\/H-I-und-J-Wurf-kleines-Treffen16.jpg\" alt=\"\" class=\"wp-image-33282\" srcset=\"https:\/\/collies-vom-floersbachtal.de\/cms\/wp-content\/uploads\/2021\/08\/H-I-und-J-Wurf-kleines-Treffen16.jpg 1000w, https:\/\/collies-vom-floersbachtal.de\/cms\/wp-content\/uploads\/2021\/08\/H-I-und-J-Wurf-kleines-Treffen16-300x217.jpg 300w, https:\/\/collies-vom-floersbachtal.de\/cms\/wp-content\/uploads\/2021\/08\/H-I-und-J-Wurf-kleines-Treffen16-768x556.jpg 768w\" sizes=\"auto, (max-width: 1000px) 100vw, 1000px\" \/><\/a><figcaption class=\"wp-element-caption\">bevor ihr dann auf den grp\u00dfen Wiesen Toben d\u00fcrft<\/figcaption><\/figure>\n\n\n\n<figure class=\"wp-block-image size-large\"><a href=\"https:\/\/collies-vom-floersbachtal.de\/cms\/wp-content\/uploads\/2021\/08\/H-I-und-J-Wurf-kleines-Treffen17.jpg\"><img loading=\"lazy\" decoding=\"async\" width=\"1000\" height=\"721\" data-id=\"33283\" src=\"https:\/\/collies-vom-floersbachtal.de\/cms\/wp-content\/uploads\/2021\/08\/H-I-und-J-Wurf-kleines-Treffen17.jpg\" alt=\"\" class=\"wp-image-33283\" srcset=\"https:\/\/collies-vom-floersbachtal.de\/cms\/wp-content\/uploads\/2021\/08\/H-I-und-J-Wurf-kleines-Treffen17.jpg 1000w, https:\/\/collies-vom-floersbachtal.de\/cms\/wp-content\/uploads\/2021\/08\/H-I-und-J-Wurf-kleines-Treffen17-300x216.jpg 300w, https:\/\/collies-vom-floersbachtal.de\/cms\/wp-content\/uploads\/2021\/08\/H-I-und-J-Wurf-kleines-Treffen17-768x554.jpg 768w\" sizes=\"auto, (max-width: 1000px) 100vw, 1000px\" \/><\/a><figcaption class=\"wp-element-caption\">Jana macht mit und guckt sich alles genau an.<\/figcaption><\/figure>\n\n\n\n<figure class=\"wp-block-image size-large\"><a href=\"https:\/\/collies-vom-floersbachtal.de\/cms\/wp-content\/uploads\/2021\/08\/H-I-und-J-Wurf-kleines-Treffen18.jpg\"><img loading=\"lazy\" decoding=\"async\" width=\"1000\" height=\"667\" data-id=\"33284\" src=\"https:\/\/collies-vom-floersbachtal.de\/cms\/wp-content\/uploads\/2021\/08\/H-I-und-J-Wurf-kleines-Treffen18.jpg\" alt=\"\" class=\"wp-image-33284\" srcset=\"https:\/\/collies-vom-floersbachtal.de\/cms\/wp-content\/uploads\/2021\/08\/H-I-und-J-Wurf-kleines-Treffen18.jpg 1000w, https:\/\/collies-vom-floersbachtal.de\/cms\/wp-content\/uploads\/2021\/08\/H-I-und-J-Wurf-kleines-Treffen18-300x200.jpg 300w, https:\/\/collies-vom-floersbachtal.de\/cms\/wp-content\/uploads\/2021\/08\/H-I-und-J-Wurf-kleines-Treffen18-768x512.jpg 768w\" sizes=\"auto, (max-width: 1000px) 100vw, 1000px\" \/><\/a><figcaption class=\"wp-element-caption\">Jana beobachtet was Tara und Maddox da machen&#8230;<\/figcaption><\/figure>\n\n\n\n<figure class=\"wp-block-image size-large\"><a href=\"https:\/\/collies-vom-floersbachtal.de\/cms\/wp-content\/uploads\/2021\/08\/H-I-und-J-Wurf-kleines-Treffen19.jpg\"><img loading=\"lazy\" decoding=\"async\" width=\"738\" height=\"681\" data-id=\"33285\" src=\"https:\/\/collies-vom-floersbachtal.de\/cms\/wp-content\/uploads\/2021\/08\/H-I-und-J-Wurf-kleines-Treffen19.jpg\" alt=\"\" class=\"wp-image-33285\" srcset=\"https:\/\/collies-vom-floersbachtal.de\/cms\/wp-content\/uploads\/2021\/08\/H-I-und-J-Wurf-kleines-Treffen19.jpg 738w, https:\/\/collies-vom-floersbachtal.de\/cms\/wp-content\/uploads\/2021\/08\/H-I-und-J-Wurf-kleines-Treffen19-300x277.jpg 300w\" sizes=\"auto, (max-width: 738px) 100vw, 738px\" \/><\/a><figcaption class=\"wp-element-caption\">Lia fordert ihre Tochter auf<\/figcaption><\/figure>\n\n\n\n<figure class=\"wp-block-image size-large\"><a href=\"https:\/\/collies-vom-floersbachtal.de\/cms\/wp-content\/uploads\/2021\/08\/H-I-und-J-Wurf-kleines-Treffen20.jpg\"><img loading=\"lazy\" decoding=\"async\" width=\"1000\" height=\"667\" data-id=\"33286\" src=\"https:\/\/collies-vom-floersbachtal.de\/cms\/wp-content\/uploads\/2021\/08\/H-I-und-J-Wurf-kleines-Treffen20.jpg\" alt=\"\" class=\"wp-image-33286\" srcset=\"https:\/\/collies-vom-floersbachtal.de\/cms\/wp-content\/uploads\/2021\/08\/H-I-und-J-Wurf-kleines-Treffen20.jpg 1000w, https:\/\/collies-vom-floersbachtal.de\/cms\/wp-content\/uploads\/2021\/08\/H-I-und-J-Wurf-kleines-Treffen20-300x200.jpg 300w, https:\/\/collies-vom-floersbachtal.de\/cms\/wp-content\/uploads\/2021\/08\/H-I-und-J-Wurf-kleines-Treffen20-768x512.jpg 768w\" sizes=\"auto, (max-width: 1000px) 100vw, 1000px\" \/><\/a><figcaption class=\"wp-element-caption\">Los la\u00dft mich raus&#8230;<\/figcaption><\/figure>\n\n\n\n<figure class=\"wp-block-image size-large\"><a href=\"https:\/\/collies-vom-floersbachtal.de\/cms\/wp-content\/uploads\/2021\/08\/H-I-und-J-Wurf-kleines-Treffen21.jpg\"><img loading=\"lazy\" decoding=\"async\" width=\"899\" height=\"851\" data-id=\"33287\" src=\"https:\/\/collies-vom-floersbachtal.de\/cms\/wp-content\/uploads\/2021\/08\/H-I-und-J-Wurf-kleines-Treffen21.jpg\" alt=\"\" class=\"wp-image-33287\" srcset=\"https:\/\/collies-vom-floersbachtal.de\/cms\/wp-content\/uploads\/2021\/08\/H-I-und-J-Wurf-kleines-Treffen21.jpg 899w, https:\/\/collies-vom-floersbachtal.de\/cms\/wp-content\/uploads\/2021\/08\/H-I-und-J-Wurf-kleines-Treffen21-300x284.jpg 300w, https:\/\/collies-vom-floersbachtal.de\/cms\/wp-content\/uploads\/2021\/08\/H-I-und-J-Wurf-kleines-Treffen21-768x727.jpg 768w\" sizes=\"auto, (max-width: 899px) 100vw, 899px\" \/><\/a><figcaption class=\"wp-element-caption\">Verena und Tara \ud83d\ude00<\/figcaption><\/figure>\n\n\n\n<figure class=\"wp-block-image size-large\"><a href=\"https:\/\/collies-vom-floersbachtal.de\/cms\/wp-content\/uploads\/2021\/08\/H-I-und-J-Wurf-kleines-Treffen22.jpg\"><img loading=\"lazy\" decoding=\"async\" width=\"1000\" height=\"667\" data-id=\"33288\" src=\"https:\/\/collies-vom-floersbachtal.de\/cms\/wp-content\/uploads\/2021\/08\/H-I-und-J-Wurf-kleines-Treffen22.jpg\" alt=\"\" class=\"wp-image-33288\" srcset=\"https:\/\/collies-vom-floersbachtal.de\/cms\/wp-content\/uploads\/2021\/08\/H-I-und-J-Wurf-kleines-Treffen22.jpg 1000w, https:\/\/collies-vom-floersbachtal.de\/cms\/wp-content\/uploads\/2021\/08\/H-I-und-J-Wurf-kleines-Treffen22-300x200.jpg 300w, https:\/\/collies-vom-floersbachtal.de\/cms\/wp-content\/uploads\/2021\/08\/H-I-und-J-Wurf-kleines-Treffen22-768x512.jpg 768w\" sizes=\"auto, (max-width: 1000px) 100vw, 1000px\" \/><\/a><figcaption class=\"wp-element-caption\">\u00c4tsch dann steck ich euch eben die Zunge raus <\/figcaption><\/figure>\n<\/figure>\n\n\n\n<figure class=\"wp-block-gallery has-nested-images columns-default is-cropped wp-block-gallery-27 is-layout-flex wp-block-gallery-is-layout-flex\">\n<figure class=\"wp-block-image size-large\"><a href=\"https:\/\/collies-vom-floersbachtal.de\/cms\/wp-content\/uploads\/2021\/08\/H-I-und-J-Wurf-kleines-Treffen14.jpg\"><img loading=\"lazy\" decoding=\"async\" width=\"1024\" height=\"850\" data-id=\"33276\" src=\"https:\/\/collies-vom-floersbachtal.de\/cms\/wp-content\/uploads\/2021\/08\/H-I-und-J-Wurf-kleines-Treffen14-1024x850.jpg\" alt=\"\" class=\"wp-image-33276\" srcset=\"https:\/\/collies-vom-floersbachtal.de\/cms\/wp-content\/uploads\/2021\/08\/H-I-und-J-Wurf-kleines-Treffen14-1024x850.jpg 1024w, https:\/\/collies-vom-floersbachtal.de\/cms\/wp-content\/uploads\/2021\/08\/H-I-und-J-Wurf-kleines-Treffen14-300x249.jpg 300w, https:\/\/collies-vom-floersbachtal.de\/cms\/wp-content\/uploads\/2021\/08\/H-I-und-J-Wurf-kleines-Treffen14-768x637.jpg 768w, https:\/\/collies-vom-floersbachtal.de\/cms\/wp-content\/uploads\/2021\/08\/H-I-und-J-Wurf-kleines-Treffen14.jpg 1040w\" sizes=\"auto, (max-width: 1024px) 100vw, 1024px\" \/><\/a><figcaption class=\"wp-element-caption\">du brauchst gar nicht so tun, als wenn du mich nicht verstehst&#8230;ich will HIER RAUS !!!<\/figcaption><\/figure>\n\n\n\n<figure class=\"wp-block-image size-large\"><a href=\"https:\/\/collies-vom-floersbachtal.de\/cms\/wp-content\/uploads\/2021\/08\/H-I-und-J-Wurf-kleines-Treffen9.jpg\"><img loading=\"lazy\" decoding=\"async\" width=\"1024\" height=\"990\" data-id=\"33279\" src=\"https:\/\/collies-vom-floersbachtal.de\/cms\/wp-content\/uploads\/2021\/08\/H-I-und-J-Wurf-kleines-Treffen9.jpg\" alt=\"\" class=\"wp-image-33279\" srcset=\"https:\/\/collies-vom-floersbachtal.de\/cms\/wp-content\/uploads\/2021\/08\/H-I-und-J-Wurf-kleines-Treffen9.jpg 1024w, https:\/\/collies-vom-floersbachtal.de\/cms\/wp-content\/uploads\/2021\/08\/H-I-und-J-Wurf-kleines-Treffen9-300x290.jpg 300w, https:\/\/collies-vom-floersbachtal.de\/cms\/wp-content\/uploads\/2021\/08\/H-I-und-J-Wurf-kleines-Treffen9-768x743.jpg 768w\" sizes=\"auto, (max-width: 1024px) 100vw, 1024px\" \/><\/a><figcaption class=\"wp-element-caption\">unser Traumpaar f\u00fcr 2022<\/figcaption><\/figure>\n\n\n\n<figure class=\"wp-block-image size-large\"><a href=\"https:\/\/collies-vom-floersbachtal.de\/cms\/wp-content\/uploads\/2021\/08\/H-I-und-J-Wurf-kleines-Treffen10.jpg\"><img loading=\"lazy\" decoding=\"async\" width=\"1024\" height=\"768\" data-id=\"33280\" src=\"https:\/\/collies-vom-floersbachtal.de\/cms\/wp-content\/uploads\/2021\/08\/H-I-und-J-Wurf-kleines-Treffen10.jpg\" alt=\"\" class=\"wp-image-33280\" srcset=\"https:\/\/collies-vom-floersbachtal.de\/cms\/wp-content\/uploads\/2021\/08\/H-I-und-J-Wurf-kleines-Treffen10.jpg 1024w, https:\/\/collies-vom-floersbachtal.de\/cms\/wp-content\/uploads\/2021\/08\/H-I-und-J-Wurf-kleines-Treffen10-300x225.jpg 300w, https:\/\/collies-vom-floersbachtal.de\/cms\/wp-content\/uploads\/2021\/08\/H-I-und-J-Wurf-kleines-Treffen10-768x576.jpg 768w\" sizes=\"auto, (max-width: 1024px) 100vw, 1024px\" \/><\/a><figcaption class=\"wp-element-caption\">Jana fordert ihren Bruder Maddox auf<\/figcaption><\/figure>\n\n\n\n<figure class=\"wp-block-image size-large\"><a href=\"https:\/\/collies-vom-floersbachtal.de\/cms\/wp-content\/uploads\/2021\/08\/H-I-und-J-Wurf-kleines-Treffen34.jpg\"><img loading=\"lazy\" decoding=\"async\" width=\"1000\" height=\"667\" data-id=\"33298\" src=\"https:\/\/collies-vom-floersbachtal.de\/cms\/wp-content\/uploads\/2021\/08\/H-I-und-J-Wurf-kleines-Treffen34.jpg\" alt=\"\" class=\"wp-image-33298\" srcset=\"https:\/\/collies-vom-floersbachtal.de\/cms\/wp-content\/uploads\/2021\/08\/H-I-und-J-Wurf-kleines-Treffen34.jpg 1000w, https:\/\/collies-vom-floersbachtal.de\/cms\/wp-content\/uploads\/2021\/08\/H-I-und-J-Wurf-kleines-Treffen34-300x200.jpg 300w, https:\/\/collies-vom-floersbachtal.de\/cms\/wp-content\/uploads\/2021\/08\/H-I-und-J-Wurf-kleines-Treffen34-768x512.jpg 768w\" sizes=\"auto, (max-width: 1000px) 100vw, 1000px\" \/><\/a><figcaption class=\"wp-element-caption\">Attacke,  alle gegen Tara  :-O<\/figcaption><\/figure>\n<\/figure>\n\n\n\n<figure class=\"wp-block-image size-large\"><a href=\"http:\/\/collies-vom-floersbachtal.de\/cms\/wp-content\/uploads\/2021\/08\/H-I-und-J-Wurf-kleines-Treffen2-1.jpg\"><img loading=\"lazy\" decoding=\"async\" width=\"1000\" height=\"321\" src=\"http:\/\/collies-vom-floersbachtal.de\/cms\/wp-content\/uploads\/2021\/08\/H-I-und-J-Wurf-kleines-Treffen2-1.jpg\" alt=\"\" class=\"wp-image-33199\" srcset=\"https:\/\/collies-vom-floersbachtal.de\/cms\/wp-content\/uploads\/2021\/08\/H-I-und-J-Wurf-kleines-Treffen2-1.jpg 1000w, https:\/\/collies-vom-floersbachtal.de\/cms\/wp-content\/uploads\/2021\/08\/H-I-und-J-Wurf-kleines-Treffen2-1-300x96.jpg 300w, https:\/\/collies-vom-floersbachtal.de\/cms\/wp-content\/uploads\/2021\/08\/H-I-und-J-Wurf-kleines-Treffen2-1-768x247.jpg 768w\" sizes=\"auto, (max-width: 1000px) 100vw, 1000px\" \/><\/a><figcaption class=\"wp-element-caption\"><strong>Der l\u00fctte Furz ganz links gibt die Kommandos \ud83d\ude00 \ud83d\ude1b<\/strong><\/figcaption><\/figure>\n\n\n\n<figure class=\"wp-block-gallery has-nested-images columns-default is-cropped wp-block-gallery-28 is-layout-flex wp-block-gallery-is-layout-flex\">\n<figure class=\"wp-block-image size-large\"><a href=\"https:\/\/collies-vom-floersbachtal.de\/cms\/wp-content\/uploads\/2021\/08\/H-I-und-J-Wurf-kleines-Treffen2.jpg\"><img loading=\"lazy\" decoding=\"async\" width=\"1000\" height=\"321\" data-id=\"33193\" src=\"https:\/\/collies-vom-floersbachtal.de\/cms\/wp-content\/uploads\/2021\/08\/H-I-und-J-Wurf-kleines-Treffen2.jpg\" alt=\"\" class=\"wp-image-33193\" srcset=\"https:\/\/collies-vom-floersbachtal.de\/cms\/wp-content\/uploads\/2021\/08\/H-I-und-J-Wurf-kleines-Treffen2.jpg 1000w, https:\/\/collies-vom-floersbachtal.de\/cms\/wp-content\/uploads\/2021\/08\/H-I-und-J-Wurf-kleines-Treffen2-300x96.jpg 300w, https:\/\/collies-vom-floersbachtal.de\/cms\/wp-content\/uploads\/2021\/08\/H-I-und-J-Wurf-kleines-Treffen2-768x247.jpg 768w\" sizes=\"auto, (max-width: 1000px) 100vw, 1000px\" \/><\/a><figcaption class=\"wp-element-caption\">Die trico Bande  \ud83d\ude42<\/figcaption><\/figure>\n\n\n\n<figure class=\"wp-block-image size-large\"><a href=\"https:\/\/collies-vom-floersbachtal.de\/cms\/wp-content\/uploads\/2021\/08\/H-I-und-J-Wurf-kleines-Treffen3.jpg\"><img loading=\"lazy\" decoding=\"async\" width=\"1000\" height=\"308\" data-id=\"33194\" src=\"https:\/\/collies-vom-floersbachtal.de\/cms\/wp-content\/uploads\/2021\/08\/H-I-und-J-Wurf-kleines-Treffen3.jpg\" alt=\"\" class=\"wp-image-33194\" srcset=\"https:\/\/collies-vom-floersbachtal.de\/cms\/wp-content\/uploads\/2021\/08\/H-I-und-J-Wurf-kleines-Treffen3.jpg 1000w, https:\/\/collies-vom-floersbachtal.de\/cms\/wp-content\/uploads\/2021\/08\/H-I-und-J-Wurf-kleines-Treffen3-300x92.jpg 300w, https:\/\/collies-vom-floersbachtal.de\/cms\/wp-content\/uploads\/2021\/08\/H-I-und-J-Wurf-kleines-Treffen3-768x237.jpg 768w\" sizes=\"auto, (max-width: 1000px) 100vw, 1000px\" \/><\/a><figcaption class=\"wp-element-caption\">Zum Gl\u00fcck sind 2 Sables dabei, sonst denken noch alle ich z\u00fcchte nur Tricos  \ud83d\ude09<\/figcaption><\/figure>\n\n\n\n<figure class=\"wp-block-image size-large\"><a href=\"https:\/\/collies-vom-floersbachtal.de\/cms\/wp-content\/uploads\/2021\/08\/H-I-und-J-Wurf-kleines-Treffen4.jpg\"><img loading=\"lazy\" decoding=\"async\" width=\"1000\" height=\"462\" data-id=\"33195\" src=\"https:\/\/collies-vom-floersbachtal.de\/cms\/wp-content\/uploads\/2021\/08\/H-I-und-J-Wurf-kleines-Treffen4.jpg\" alt=\"\" class=\"wp-image-33195\" srcset=\"https:\/\/collies-vom-floersbachtal.de\/cms\/wp-content\/uploads\/2021\/08\/H-I-und-J-Wurf-kleines-Treffen4.jpg 1000w, https:\/\/collies-vom-floersbachtal.de\/cms\/wp-content\/uploads\/2021\/08\/H-I-und-J-Wurf-kleines-Treffen4-300x139.jpg 300w, https:\/\/collies-vom-floersbachtal.de\/cms\/wp-content\/uploads\/2021\/08\/H-I-und-J-Wurf-kleines-Treffen4-768x355.jpg 768w\" sizes=\"auto, (max-width: 1000px) 100vw, 1000px\" \/><\/a><figcaption class=\"wp-element-caption\">Jana schaut sich alles in ihrer geliebten Froschstellung an<\/figcaption><\/figure>\n\n\n\n<figure class=\"wp-block-image size-large\"><a href=\"https:\/\/collies-vom-floersbachtal.de\/cms\/wp-content\/uploads\/2021\/08\/H-I-und-J-Wurf-kleines-Treffen8.jpg\"><img loading=\"lazy\" decoding=\"async\" width=\"1000\" height=\"462\" data-id=\"33191\" src=\"https:\/\/collies-vom-floersbachtal.de\/cms\/wp-content\/uploads\/2021\/08\/H-I-und-J-Wurf-kleines-Treffen8.jpg\" alt=\"\" class=\"wp-image-33191\" srcset=\"https:\/\/collies-vom-floersbachtal.de\/cms\/wp-content\/uploads\/2021\/08\/H-I-und-J-Wurf-kleines-Treffen8.jpg 1000w, https:\/\/collies-vom-floersbachtal.de\/cms\/wp-content\/uploads\/2021\/08\/H-I-und-J-Wurf-kleines-Treffen8-300x139.jpg 300w, https:\/\/collies-vom-floersbachtal.de\/cms\/wp-content\/uploads\/2021\/08\/H-I-und-J-Wurf-kleines-Treffen8-768x355.jpg 768w\" sizes=\"auto, (max-width: 1000px) 100vw, 1000px\" \/><\/a><figcaption class=\"wp-element-caption\">nettes Pl\u00e4uschchen gef\u00e4lligst&#8230;<\/figcaption><\/figure>\n\n\n\n<figure class=\"wp-block-image size-large\"><a href=\"https:\/\/collies-vom-floersbachtal.de\/cms\/wp-content\/uploads\/2021\/08\/H-I-und-J-Wurf-kleines-Treffen5.jpg\"><img loading=\"lazy\" decoding=\"async\" width=\"970\" height=\"1024\" data-id=\"33196\" src=\"https:\/\/collies-vom-floersbachtal.de\/cms\/wp-content\/uploads\/2021\/08\/H-I-und-J-Wurf-kleines-Treffen5.jpg\" alt=\"\" class=\"wp-image-33196\" srcset=\"https:\/\/collies-vom-floersbachtal.de\/cms\/wp-content\/uploads\/2021\/08\/H-I-und-J-Wurf-kleines-Treffen5.jpg 970w, https:\/\/collies-vom-floersbachtal.de\/cms\/wp-content\/uploads\/2021\/08\/H-I-und-J-Wurf-kleines-Treffen5-284x300.jpg 284w, https:\/\/collies-vom-floersbachtal.de\/cms\/wp-content\/uploads\/2021\/08\/H-I-und-J-Wurf-kleines-Treffen5-768x811.jpg 768w\" sizes=\"auto, (max-width: 970px) 100vw, 970px\" \/><\/a><figcaption class=\"wp-element-caption\">Die 2 haben sich auch gesucht <\/figcaption><\/figure>\n\n\n\n<figure class=\"wp-block-image size-large\"><a href=\"https:\/\/collies-vom-floersbachtal.de\/cms\/wp-content\/uploads\/2021\/08\/H-I-und-J-Wurf-kleines-Treffen7.jpg\"><img loading=\"lazy\" decoding=\"async\" width=\"768\" height=\"1024\" data-id=\"33198\" src=\"https:\/\/collies-vom-floersbachtal.de\/cms\/wp-content\/uploads\/2021\/08\/H-I-und-J-Wurf-kleines-Treffen7.jpg\" alt=\"\" class=\"wp-image-33198\" srcset=\"https:\/\/collies-vom-floersbachtal.de\/cms\/wp-content\/uploads\/2021\/08\/H-I-und-J-Wurf-kleines-Treffen7.jpg 768w, https:\/\/collies-vom-floersbachtal.de\/cms\/wp-content\/uploads\/2021\/08\/H-I-und-J-Wurf-kleines-Treffen7-225x300.jpg 225w\" sizes=\"auto, (max-width: 768px) 100vw, 768px\" \/><\/a><figcaption class=\"wp-element-caption\">Die N\u00e4chste die Hank sich sichern will \ud83d\ude09<\/figcaption><\/figure>\n<figcaption class=\"blocks-gallery-caption wp-element-caption\"><strong>Weitere Bilder folgen&#8230;<\/strong><\/figcaption><\/figure>\n\n\n<div class=\"wp-block-image\">\n<figure class=\"aligncenter is-resized\"><img loading=\"lazy\" decoding=\"async\" width=\"1200\" height=\"1600\" src=\"http:\/\/collies-vom-floersbachtal.de\/cms\/wp-content\/uploads\/2020\/08\/Welpentreffen22-mit-einigen-I-chens-und-H-chens-August20.jpg\" alt=\"\" class=\"wp-image-29503\" style=\"width:300px;height:400px\" srcset=\"https:\/\/collies-vom-floersbachtal.de\/cms\/wp-content\/uploads\/2020\/08\/Welpentreffen22-mit-einigen-I-chens-und-H-chens-August20.jpg 1200w, https:\/\/collies-vom-floersbachtal.de\/cms\/wp-content\/uploads\/2020\/08\/Welpentreffen22-mit-einigen-I-chens-und-H-chens-August20-225x300.jpg 225w, https:\/\/collies-vom-floersbachtal.de\/cms\/wp-content\/uploads\/2020\/08\/Welpentreffen22-mit-einigen-I-chens-und-H-chens-August20-768x1024.jpg 768w, https:\/\/collies-vom-floersbachtal.de\/cms\/wp-content\/uploads\/2020\/08\/Welpentreffen22-mit-einigen-I-chens-und-H-chens-August20-1152x1536.jpg 1152w\" sizes=\"auto, (max-width: 1200px) 100vw, 1200px\" \/><\/figure><\/div>\n\n<h1><img loading=\"lazy\" decoding=\"async\" class=\"aligncenter size-full wp-image-29504\" src=\"http:\/\/collies-vom-floersbachtal.de\/cms\/wp-content\/uploads\/2020\/08\/Welpentreffen18-mit-einigen-I-chens-und-H-chens-August20.jpg\" sizes=\"auto, (max-width: 1000px) 100vw, 1000px\" srcset=\"http:\/\/collies-vom-floersbachtal.de\/cms\/wp-content\/uploads\/2020\/08\/Welpentreffen18-mit-einigen-I-chens-und-H-chens-August20.jpg 1000w, http:\/\/collies-vom-floersbachtal.de\/cms\/wp-content\/uploads\/2020\/08\/Welpentreffen18-mit-einigen-I-chens-und-H-chens-August20-256x300.jpg 256w, http:\/\/collies-vom-floersbachtal.de\/cms\/wp-content\/uploads\/2020\/08\/Welpentreffen18-mit-einigen-I-chens-und-H-chens-August20-872x1024.jpg 872w, http:\/\/collies-vom-floersbachtal.de\/cms\/wp-content\/uploads\/2020\/08\/Welpentreffen18-mit-einigen-I-chens-und-H-chens-August20-768x902.jpg 768w\" alt=\"\" width=\"1000\" height=\"1174\"><\/h1>\n<h3>Es war so ein sch\u00f6ner Tag mit Wanderung zur Ronneburg und anschlie\u00dfendem Grillen bei Kerstin, Ralf und Hank mit Nighty <img decoding=\"async\" class=\"emoji\" role=\"img\" draggable=\"false\" src=\"https:\/\/s.w.org\/images\/core\/emoji\/13.0.0\/svg\/1f609.svg\" alt=\"?\"> Danke nochmal das ihr alle da wart. \ud83d\ude00<\/h3>\n<h1><strong>Welpentreffen aller W\u00fcrfe derer &#8222;Vom Fl\u00f6rsbachtal &#8222;am 01.September 2019&#8220; \ud83d\ude09<\/strong><\/h1>\n<p><a href=\"http:\/\/collies-vom-floersbachtal.de\/cms\/wp-content\/uploads\/2013\/09\/Welpentreffen1-Sep.19.jpg\"><img loading=\"lazy\" decoding=\"async\" class=\"aligncenter size-full wp-image-27298\" title=\"Welpentreffen1 Sep.19\" src=\"http:\/\/collies-vom-floersbachtal.de\/cms\/wp-content\/uploads\/2013\/09\/Welpentreffen1-Sep.19.jpg\" alt=\"\" width=\"1000\" height=\"667\" srcset=\"https:\/\/collies-vom-floersbachtal.de\/cms\/wp-content\/uploads\/2013\/09\/Welpentreffen1-Sep.19.jpg 1000w, https:\/\/collies-vom-floersbachtal.de\/cms\/wp-content\/uploads\/2013\/09\/Welpentreffen1-Sep.19-300x200.jpg 300w\" sizes=\"auto, (max-width: 1000px) 100vw, 1000px\" \/><\/a> Ankunft am Wiesb\u00fcttsee, Michl wird von Jeanny begr\u00fc\u00dft. Balu, Indy mit seinen Zweibeinern dann Lia neben Marley. Weiter vorn Dina, Elly und Chuki.<br \/><a href=\"http:\/\/collies-vom-floersbachtal.de\/cms\/wp-content\/uploads\/2013\/09\/Welpentreffen2-Sep.19.jpg\"><img loading=\"lazy\" decoding=\"async\" class=\"aligncenter size-full wp-image-27299\" title=\"Welpentreffen2 Sep.19\" src=\"http:\/\/collies-vom-floersbachtal.de\/cms\/wp-content\/uploads\/2013\/09\/Welpentreffen2-Sep.19.jpg\" alt=\"\" width=\"1000\" height=\"667\" srcset=\"https:\/\/collies-vom-floersbachtal.de\/cms\/wp-content\/uploads\/2013\/09\/Welpentreffen2-Sep.19.jpg 1000w, https:\/\/collies-vom-floersbachtal.de\/cms\/wp-content\/uploads\/2013\/09\/Welpentreffen2-Sep.19-300x200.jpg 300w\" sizes=\"auto, (max-width: 1000px) 100vw, 1000px\" \/><\/a>Die Harzer M\u00e4dels Dirty Dina, Elly und Chuki begr\u00fc\u00dfen Maddox (Ibo), weiter hinten steht Ivy mit ihren Zweibeinern<br \/><a href=\"http:\/\/collies-vom-floersbachtal.de\/cms\/wp-content\/uploads\/2013\/09\/Welpentreffen3-Sep.19.jpg\"><img loading=\"lazy\" decoding=\"async\" class=\"aligncenter size-full wp-image-27300\" title=\"Welpentreffen3 Sep.19\" src=\"http:\/\/collies-vom-floersbachtal.de\/cms\/wp-content\/uploads\/2013\/09\/Welpentreffen3-Sep.19.jpg\" alt=\"\" width=\"1000\" height=\"667\" srcset=\"https:\/\/collies-vom-floersbachtal.de\/cms\/wp-content\/uploads\/2013\/09\/Welpentreffen3-Sep.19.jpg 1000w, https:\/\/collies-vom-floersbachtal.de\/cms\/wp-content\/uploads\/2013\/09\/Welpentreffen3-Sep.19-300x200.jpg 300w\" sizes=\"auto, (max-width: 1000px) 100vw, 1000px\" \/><\/a><br \/><a href=\"http:\/\/collies-vom-floersbachtal.de\/cms\/wp-content\/uploads\/2013\/09\/Welpentreffen4-Sep.19.jpg\"><img loading=\"lazy\" decoding=\"async\" class=\"aligncenter size-full wp-image-27301\" title=\"Welpentreffen4 Sep.19\" src=\"http:\/\/collies-vom-floersbachtal.de\/cms\/wp-content\/uploads\/2013\/09\/Welpentreffen4-Sep.19.jpg\" alt=\"\" width=\"1000\" height=\"667\" srcset=\"https:\/\/collies-vom-floersbachtal.de\/cms\/wp-content\/uploads\/2013\/09\/Welpentreffen4-Sep.19.jpg 1000w, https:\/\/collies-vom-floersbachtal.de\/cms\/wp-content\/uploads\/2013\/09\/Welpentreffen4-Sep.19-300x200.jpg 300w\" sizes=\"auto, (max-width: 1000px) 100vw, 1000px\" \/><\/a> Verena ist auch da und kann gleich ihre Lieblinge in Empfang nehmen \ud83d\ude09<br \/><a href=\"http:\/\/collies-vom-floersbachtal.de\/cms\/wp-content\/uploads\/2013\/09\/Welpentreffen5-Sep.19.jpg\"><img loading=\"lazy\" decoding=\"async\" class=\"aligncenter size-full wp-image-27302\" title=\"Welpentreffen5 Sep.19\" src=\"http:\/\/collies-vom-floersbachtal.de\/cms\/wp-content\/uploads\/2013\/09\/Welpentreffen5-Sep.19.jpg\" alt=\"\" width=\"1000\" height=\"667\" srcset=\"https:\/\/collies-vom-floersbachtal.de\/cms\/wp-content\/uploads\/2013\/09\/Welpentreffen5-Sep.19.jpg 1000w, https:\/\/collies-vom-floersbachtal.de\/cms\/wp-content\/uploads\/2013\/09\/Welpentreffen5-Sep.19-300x200.jpg 300w\" sizes=\"auto, (max-width: 1000px) 100vw, 1000px\" \/><\/a> Michl (Idefix) freut sich schon sehr und ist sehr aufgeregt \ud83d\ude09<br \/><a href=\"http:\/\/collies-vom-floersbachtal.de\/cms\/wp-content\/uploads\/2013\/09\/Welpentreffen6-Sep.19.jpg\"><img loading=\"lazy\" decoding=\"async\" class=\"aligncenter size-full wp-image-27303\" title=\"Welpentreffen6 Sep.19\" src=\"http:\/\/collies-vom-floersbachtal.de\/cms\/wp-content\/uploads\/2013\/09\/Welpentreffen6-Sep.19.jpg\" alt=\"\" width=\"1000\" height=\"667\" srcset=\"https:\/\/collies-vom-floersbachtal.de\/cms\/wp-content\/uploads\/2013\/09\/Welpentreffen6-Sep.19.jpg 1000w, https:\/\/collies-vom-floersbachtal.de\/cms\/wp-content\/uploads\/2013\/09\/Welpentreffen6-Sep.19-300x200.jpg 300w\" sizes=\"auto, (max-width: 1000px) 100vw, 1000px\" \/><\/a>Indy und Marley machen den Anfang, wir m\u00fcssen mal die Stra\u00dfe r\u00fcber hier ist es zu eng.<br \/><a href=\"http:\/\/collies-vom-floersbachtal.de\/cms\/wp-content\/uploads\/2013\/09\/Welpentreffen7-Sep.19.jpg\"><img loading=\"lazy\" decoding=\"async\" class=\"aligncenter size-full wp-image-27304\" title=\"Welpentreffen7 Sep.19\" src=\"http:\/\/collies-vom-floersbachtal.de\/cms\/wp-content\/uploads\/2013\/09\/Welpentreffen7-Sep.19.jpg\" alt=\"\" width=\"1000\" height=\"503\" srcset=\"https:\/\/collies-vom-floersbachtal.de\/cms\/wp-content\/uploads\/2013\/09\/Welpentreffen7-Sep.19.jpg 1000w, https:\/\/collies-vom-floersbachtal.de\/cms\/wp-content\/uploads\/2013\/09\/Welpentreffen7-Sep.19-300x150.jpg 300w\" sizes=\"auto, (max-width: 1000px) 100vw, 1000px\" \/><\/a><br \/><a href=\"http:\/\/collies-vom-floersbachtal.de\/cms\/wp-content\/uploads\/2013\/09\/Welpentreffen8-Sep.19.jpg\"><img loading=\"lazy\" decoding=\"async\" class=\"aligncenter size-full wp-image-27305\" title=\"Welpentreffen8 Sep.19\" src=\"http:\/\/collies-vom-floersbachtal.de\/cms\/wp-content\/uploads\/2013\/09\/Welpentreffen8-Sep.19.jpg\" alt=\"\" width=\"1000\" height=\"667\" srcset=\"https:\/\/collies-vom-floersbachtal.de\/cms\/wp-content\/uploads\/2013\/09\/Welpentreffen8-Sep.19.jpg 1000w, https:\/\/collies-vom-floersbachtal.de\/cms\/wp-content\/uploads\/2013\/09\/Welpentreffen8-Sep.19-300x200.jpg 300w\" sizes=\"auto, (max-width: 1000px) 100vw, 1000px\" \/><\/a> Hier treffen gerade Baxter mit Frauli und Herrchen mit Lusia ein.<br \/><a href=\"http:\/\/collies-vom-floersbachtal.de\/cms\/wp-content\/uploads\/2013\/09\/Welpentreffen9-Sep.19.jpg\"><img loading=\"lazy\" decoding=\"async\" class=\"aligncenter size-full wp-image-27306\" title=\"Welpentreffen9 Sep.19\" src=\"http:\/\/collies-vom-floersbachtal.de\/cms\/wp-content\/uploads\/2013\/09\/Welpentreffen9-Sep.19.jpg\" alt=\"\" width=\"1000\" height=\"667\" srcset=\"https:\/\/collies-vom-floersbachtal.de\/cms\/wp-content\/uploads\/2013\/09\/Welpentreffen9-Sep.19.jpg 1000w, https:\/\/collies-vom-floersbachtal.de\/cms\/wp-content\/uploads\/2013\/09\/Welpentreffen9-Sep.19-300x200.jpg 300w\" sizes=\"auto, (max-width: 1000px) 100vw, 1000px\" \/><\/a><br \/><a href=\"http:\/\/collies-vom-floersbachtal.de\/cms\/wp-content\/uploads\/2013\/09\/Welpentreffen10-Sep.19.jpg\"><img loading=\"lazy\" decoding=\"async\" class=\"aligncenter size-full wp-image-27307\" title=\"Welpentreffen10 Sep.19\" src=\"http:\/\/collies-vom-floersbachtal.de\/cms\/wp-content\/uploads\/2013\/09\/Welpentreffen10-Sep.19.jpg\" alt=\"\" width=\"1000\" height=\"611\" srcset=\"https:\/\/collies-vom-floersbachtal.de\/cms\/wp-content\/uploads\/2013\/09\/Welpentreffen10-Sep.19.jpg 1000w, https:\/\/collies-vom-floersbachtal.de\/cms\/wp-content\/uploads\/2013\/09\/Welpentreffen10-Sep.19-300x183.jpg 300w\" sizes=\"auto, (max-width: 1000px) 100vw, 1000px\" \/><\/a><br \/><a href=\"http:\/\/collies-vom-floersbachtal.de\/cms\/wp-content\/uploads\/2013\/09\/Welpentreffen11-Sep.19.jpg\"><img loading=\"lazy\" decoding=\"async\" class=\"aligncenter size-full wp-image-27308\" title=\"Welpentreffen11 Sep.19\" src=\"http:\/\/collies-vom-floersbachtal.de\/cms\/wp-content\/uploads\/2013\/09\/Welpentreffen11-Sep.19.jpg\" alt=\"\" width=\"1000\" height=\"667\" srcset=\"https:\/\/collies-vom-floersbachtal.de\/cms\/wp-content\/uploads\/2013\/09\/Welpentreffen11-Sep.19.jpg 1000w, https:\/\/collies-vom-floersbachtal.de\/cms\/wp-content\/uploads\/2013\/09\/Welpentreffen11-Sep.19-300x200.jpg 300w\" sizes=\"auto, (max-width: 1000px) 100vw, 1000px\" \/><\/a> dann kommen Abby (Hope) mit ihren Fraulis<br \/><a href=\"http:\/\/collies-vom-floersbachtal.de\/cms\/wp-content\/uploads\/2013\/09\/Welpentreffen12-Sep.19.jpg\"><img loading=\"lazy\" decoding=\"async\" class=\"aligncenter size-full wp-image-27309\" title=\"Welpentreffen12 Sep.19\" src=\"http:\/\/collies-vom-floersbachtal.de\/cms\/wp-content\/uploads\/2013\/09\/Welpentreffen12-Sep.19.jpg\" alt=\"\" width=\"1000\" height=\"683\" srcset=\"https:\/\/collies-vom-floersbachtal.de\/cms\/wp-content\/uploads\/2013\/09\/Welpentreffen12-Sep.19.jpg 1000w, https:\/\/collies-vom-floersbachtal.de\/cms\/wp-content\/uploads\/2013\/09\/Welpentreffen12-Sep.19-300x204.jpg 300w\" sizes=\"auto, (max-width: 1000px) 100vw, 1000px\" \/><\/a> was ein Wirrwar mit den Leinen, man kommt nicht zum umarmen. \ud83d\ude09<br \/><a href=\"http:\/\/collies-vom-floersbachtal.de\/cms\/wp-content\/uploads\/2013\/09\/Welpentreffen13-Sep.19.jpg\"><img loading=\"lazy\" decoding=\"async\" class=\"aligncenter size-full wp-image-27310\" title=\"Welpentreffen13 Sep.19\" src=\"http:\/\/collies-vom-floersbachtal.de\/cms\/wp-content\/uploads\/2013\/09\/Welpentreffen13-Sep.19.jpg\" alt=\"\" width=\"1000\" height=\"477\" srcset=\"https:\/\/collies-vom-floersbachtal.de\/cms\/wp-content\/uploads\/2013\/09\/Welpentreffen13-Sep.19.jpg 1000w, https:\/\/collies-vom-floersbachtal.de\/cms\/wp-content\/uploads\/2013\/09\/Welpentreffen13-Sep.19-300x143.jpg 300w\" sizes=\"auto, (max-width: 1000px) 100vw, 1000px\" \/><\/a> nur manchmal :-O<br \/><a href=\"http:\/\/collies-vom-floersbachtal.de\/cms\/wp-content\/uploads\/2013\/09\/Welpentreffen14-Sep.19.jpg\"><img loading=\"lazy\" decoding=\"async\" class=\"aligncenter size-full wp-image-27311\" title=\"Welpentreffen14 Sep.19\" src=\"http:\/\/collies-vom-floersbachtal.de\/cms\/wp-content\/uploads\/2013\/09\/Welpentreffen14-Sep.19.jpg\" alt=\"\" width=\"1000\" height=\"667\" srcset=\"https:\/\/collies-vom-floersbachtal.de\/cms\/wp-content\/uploads\/2013\/09\/Welpentreffen14-Sep.19.jpg 1000w, https:\/\/collies-vom-floersbachtal.de\/cms\/wp-content\/uploads\/2013\/09\/Welpentreffen14-Sep.19-300x200.jpg 300w\" sizes=\"auto, (max-width: 1000px) 100vw, 1000px\" \/><\/a>, wo gehts denn nun lang?<br \/><a href=\"http:\/\/collies-vom-floersbachtal.de\/cms\/wp-content\/uploads\/2013\/09\/Welpentreffen15-Sep.19.jpg\"><img loading=\"lazy\" decoding=\"async\" class=\"aligncenter size-full wp-image-27312\" title=\"Welpentreffen15 Sep.19\" src=\"http:\/\/collies-vom-floersbachtal.de\/cms\/wp-content\/uploads\/2013\/09\/Welpentreffen15-Sep.19.jpg\" alt=\"\" width=\"1000\" height=\"407\" srcset=\"https:\/\/collies-vom-floersbachtal.de\/cms\/wp-content\/uploads\/2013\/09\/Welpentreffen15-Sep.19.jpg 1000w, https:\/\/collies-vom-floersbachtal.de\/cms\/wp-content\/uploads\/2013\/09\/Welpentreffen15-Sep.19-300x122.jpg 300w\" sizes=\"auto, (max-width: 1000px) 100vw, 1000px\" \/><\/a> na da&#8230;<br \/><a href=\"http:\/\/collies-vom-floersbachtal.de\/cms\/wp-content\/uploads\/2013\/09\/Welpentreffen16-Sep.19.jpg\"><img loading=\"lazy\" decoding=\"async\" class=\"aligncenter size-large wp-image-27313\" title=\"Welpentreffen16 Sep.19\" src=\"http:\/\/collies-vom-floersbachtal.de\/cms\/wp-content\/uploads\/2013\/09\/Welpentreffen16-Sep.19-966x1024.jpg\" alt=\"\" width=\"640\" height=\"678\" srcset=\"https:\/\/collies-vom-floersbachtal.de\/cms\/wp-content\/uploads\/2013\/09\/Welpentreffen16-Sep.19-966x1024.jpg 966w, https:\/\/collies-vom-floersbachtal.de\/cms\/wp-content\/uploads\/2013\/09\/Welpentreffen16-Sep.19-283x300.jpg 283w, https:\/\/collies-vom-floersbachtal.de\/cms\/wp-content\/uploads\/2013\/09\/Welpentreffen16-Sep.19.jpg 1000w\" sizes=\"auto, (max-width: 640px) 100vw, 640px\" \/><\/a> wartet&#8230;da kommen noch ein paar Nachz\u00fcgler Summer (Endless Summer) mit Calla und ihren Zweibeinern<br \/><a href=\"http:\/\/collies-vom-floersbachtal.de\/cms\/wp-content\/uploads\/2013\/09\/Welpentreffen17-Sep.19.jpg\"><img loading=\"lazy\" decoding=\"async\" class=\"aligncenter size-full wp-image-27314\" title=\"Welpentreffen17 Sep.19\" src=\"http:\/\/collies-vom-floersbachtal.de\/cms\/wp-content\/uploads\/2013\/09\/Welpentreffen17-Sep.19.jpg\" alt=\"\" width=\"1000\" height=\"940\" srcset=\"https:\/\/collies-vom-floersbachtal.de\/cms\/wp-content\/uploads\/2013\/09\/Welpentreffen17-Sep.19.jpg 1000w, https:\/\/collies-vom-floersbachtal.de\/cms\/wp-content\/uploads\/2013\/09\/Welpentreffen17-Sep.19-300x282.jpg 300w\" sizes=\"auto, (max-width: 1000px) 100vw, 1000px\" \/><\/a> Chuki<br \/><a href=\"http:\/\/collies-vom-floersbachtal.de\/cms\/wp-content\/uploads\/2013\/09\/Welpentreffen18-Sep.19.jpg\"><img loading=\"lazy\" decoding=\"async\" class=\"aligncenter size-full wp-image-27315\" title=\"Welpentreffen18 Sep.19\" src=\"http:\/\/collies-vom-floersbachtal.de\/cms\/wp-content\/uploads\/2013\/09\/Welpentreffen18-Sep.19.jpg\" alt=\"\" width=\"1000\" height=\"668\" srcset=\"https:\/\/collies-vom-floersbachtal.de\/cms\/wp-content\/uploads\/2013\/09\/Welpentreffen18-Sep.19.jpg 1000w, https:\/\/collies-vom-floersbachtal.de\/cms\/wp-content\/uploads\/2013\/09\/Welpentreffen18-Sep.19-300x200.jpg 300w\" sizes=\"auto, (max-width: 1000px) 100vw, 1000px\" \/><\/a> den Berg runter h\u00e4tten wir, da wu\u00dften wir auch noch nicht, dass wir da wieder hoch m\u00fcssen. \ud83d\ude1b<br \/><a href=\"http:\/\/collies-vom-floersbachtal.de\/cms\/wp-content\/uploads\/2013\/09\/Welpentreffen21-Sep.19.jpg\"><img loading=\"lazy\" decoding=\"async\" class=\"aligncenter size-full wp-image-27317\" title=\"Welpentreffen21 Sep.19\" src=\"http:\/\/collies-vom-floersbachtal.de\/cms\/wp-content\/uploads\/2013\/09\/Welpentreffen21-Sep.19.jpg\" alt=\"\" width=\"1000\" height=\"570\" srcset=\"https:\/\/collies-vom-floersbachtal.de\/cms\/wp-content\/uploads\/2013\/09\/Welpentreffen21-Sep.19.jpg 1000w, https:\/\/collies-vom-floersbachtal.de\/cms\/wp-content\/uploads\/2013\/09\/Welpentreffen21-Sep.19-300x171.jpg 300w\" sizes=\"auto, (max-width: 1000px) 100vw, 1000px\" \/><\/a> bow \u00e4h, ich mu\u00df aufpassen der Sable hat mich im Blick \ud83d\ude09<br \/><a href=\"http:\/\/collies-vom-floersbachtal.de\/cms\/wp-content\/uploads\/2013\/09\/Welpentreffen24-Sep.19.jpg\"><img loading=\"lazy\" decoding=\"async\" class=\"aligncenter size-full wp-image-27318\" title=\"Welpentreffen24 Sep.19\" src=\"http:\/\/collies-vom-floersbachtal.de\/cms\/wp-content\/uploads\/2013\/09\/Welpentreffen24-Sep.19.jpg\" alt=\"\" width=\"1000\" height=\"667\" srcset=\"https:\/\/collies-vom-floersbachtal.de\/cms\/wp-content\/uploads\/2013\/09\/Welpentreffen24-Sep.19.jpg 1000w, https:\/\/collies-vom-floersbachtal.de\/cms\/wp-content\/uploads\/2013\/09\/Welpentreffen24-Sep.19-300x200.jpg 300w\" sizes=\"auto, (max-width: 1000px) 100vw, 1000px\" \/><\/a> Juhu, alle hier runter, mir nach.<br \/><a href=\"http:\/\/collies-vom-floersbachtal.de\/cms\/wp-content\/uploads\/2013\/09\/Welpentreffen23-Sep.19.jpg\"><img loading=\"lazy\" decoding=\"async\" class=\"aligncenter size-full wp-image-27319\" title=\"Welpentreffen23 Sep.19\" src=\"http:\/\/collies-vom-floersbachtal.de\/cms\/wp-content\/uploads\/2013\/09\/Welpentreffen23-Sep.19.jpg\" alt=\"\" width=\"1000\" height=\"667\" srcset=\"https:\/\/collies-vom-floersbachtal.de\/cms\/wp-content\/uploads\/2013\/09\/Welpentreffen23-Sep.19.jpg 1000w, https:\/\/collies-vom-floersbachtal.de\/cms\/wp-content\/uploads\/2013\/09\/Welpentreffen23-Sep.19-300x200.jpg 300w\" sizes=\"auto, (max-width: 1000px) 100vw, 1000px\" \/><\/a> kurz mal nachz\u00e4hlen wer schon da ist&#8230;<br \/><a href=\"http:\/\/collies-vom-floersbachtal.de\/cms\/wp-content\/uploads\/2013\/09\/Welpentreffen25-Sep.19.jpg\"><img loading=\"lazy\" decoding=\"async\" class=\"aligncenter size-large wp-image-27320\" title=\"Welpentreffen25 Sep.19\" src=\"http:\/\/collies-vom-floersbachtal.de\/cms\/wp-content\/uploads\/2013\/09\/Welpentreffen25-Sep.19-926x1024.jpg\" alt=\"\" width=\"640\" height=\"707\" srcset=\"https:\/\/collies-vom-floersbachtal.de\/cms\/wp-content\/uploads\/2013\/09\/Welpentreffen25-Sep.19-926x1024.jpg 926w, https:\/\/collies-vom-floersbachtal.de\/cms\/wp-content\/uploads\/2013\/09\/Welpentreffen25-Sep.19-271x300.jpg 271w, https:\/\/collies-vom-floersbachtal.de\/cms\/wp-content\/uploads\/2013\/09\/Welpentreffen25-Sep.19.jpg 1000w\" sizes=\"auto, (max-width: 640px) 100vw, 640px\" \/><\/a> der verliebte Maddox und sein M\u00e4del Chuki \ud83d\ude00<br \/><a href=\"http:\/\/collies-vom-floersbachtal.de\/cms\/wp-content\/uploads\/2013\/09\/Welpentreffen26-Sep.19.jpg\"><img loading=\"lazy\" decoding=\"async\" class=\"aligncenter size-full wp-image-27321\" title=\"Welpentreffen26 Sep.19\" src=\"http:\/\/collies-vom-floersbachtal.de\/cms\/wp-content\/uploads\/2013\/09\/Welpentreffen26-Sep.19.jpg\" alt=\"\" width=\"1000\" height=\"667\" srcset=\"https:\/\/collies-vom-floersbachtal.de\/cms\/wp-content\/uploads\/2013\/09\/Welpentreffen26-Sep.19.jpg 1000w, https:\/\/collies-vom-floersbachtal.de\/cms\/wp-content\/uploads\/2013\/09\/Welpentreffen26-Sep.19-300x200.jpg 300w\" sizes=\"auto, (max-width: 1000px) 100vw, 1000px\" \/><\/a>Jeanny bremst Chuki erst mal aus&#8230;<br \/><a href=\"http:\/\/collies-vom-floersbachtal.de\/cms\/wp-content\/uploads\/2013\/09\/Welpentreffen27-Sep.19.jpg\"><img loading=\"lazy\" decoding=\"async\" class=\"aligncenter size-full wp-image-27322\" title=\"Welpentreffen27 Sep.19\" src=\"http:\/\/collies-vom-floersbachtal.de\/cms\/wp-content\/uploads\/2013\/09\/Welpentreffen27-Sep.19.jpg\" alt=\"\" width=\"1000\" height=\"667\" srcset=\"https:\/\/collies-vom-floersbachtal.de\/cms\/wp-content\/uploads\/2013\/09\/Welpentreffen27-Sep.19.jpg 1000w, https:\/\/collies-vom-floersbachtal.de\/cms\/wp-content\/uploads\/2013\/09\/Welpentreffen27-Sep.19-300x200.jpg 300w\" sizes=\"auto, (max-width: 1000px) 100vw, 1000px\" \/><\/a><br \/><a href=\"http:\/\/collies-vom-floersbachtal.de\/cms\/wp-content\/uploads\/2013\/09\/Welpentreffen29-Sep.19.jpg\"><img loading=\"lazy\" decoding=\"async\" class=\"aligncenter size-full wp-image-27323\" title=\"Welpentreffen29 Sep.19\" src=\"http:\/\/collies-vom-floersbachtal.de\/cms\/wp-content\/uploads\/2013\/09\/Welpentreffen29-Sep.19.jpg\" alt=\"\" width=\"1000\" height=\"667\" srcset=\"https:\/\/collies-vom-floersbachtal.de\/cms\/wp-content\/uploads\/2013\/09\/Welpentreffen29-Sep.19.jpg 1000w, https:\/\/collies-vom-floersbachtal.de\/cms\/wp-content\/uploads\/2013\/09\/Welpentreffen29-Sep.19-300x200.jpg 300w\" sizes=\"auto, (max-width: 1000px) 100vw, 1000px\" \/><\/a> der Wald war so sch\u00f6n angenehm f\u00fcr Mensch und Hund. \ud83d\ude42<br \/><a href=\"http:\/\/collies-vom-floersbachtal.de\/cms\/wp-content\/uploads\/2013\/09\/Welpentreffen30-Sep.19.jpg\"><img loading=\"lazy\" decoding=\"async\" class=\"aligncenter size-large wp-image-27324\" title=\"Welpentreffen30 Sep.19\" src=\"http:\/\/collies-vom-floersbachtal.de\/cms\/wp-content\/uploads\/2013\/09\/Welpentreffen30-Sep.19-966x1024.jpg\" alt=\"\" width=\"640\" height=\"678\" srcset=\"https:\/\/collies-vom-floersbachtal.de\/cms\/wp-content\/uploads\/2013\/09\/Welpentreffen30-Sep.19-966x1024.jpg 966w, https:\/\/collies-vom-floersbachtal.de\/cms\/wp-content\/uploads\/2013\/09\/Welpentreffen30-Sep.19-283x300.jpg 283w, https:\/\/collies-vom-floersbachtal.de\/cms\/wp-content\/uploads\/2013\/09\/Welpentreffen30-Sep.19.jpg 1000w\" sizes=\"auto, (max-width: 640px) 100vw, 640px\" \/><\/a><br \/><a href=\"http:\/\/collies-vom-floersbachtal.de\/cms\/wp-content\/uploads\/2013\/09\/Welpentreffen31-Sep.19.jpg\"><img loading=\"lazy\" decoding=\"async\" class=\"aligncenter size-full wp-image-27325\" title=\"Welpentreffen31 Sep.19\" src=\"http:\/\/collies-vom-floersbachtal.de\/cms\/wp-content\/uploads\/2013\/09\/Welpentreffen31-Sep.19.jpg\" alt=\"\" width=\"1000\" height=\"667\" srcset=\"https:\/\/collies-vom-floersbachtal.de\/cms\/wp-content\/uploads\/2013\/09\/Welpentreffen31-Sep.19.jpg 1000w, https:\/\/collies-vom-floersbachtal.de\/cms\/wp-content\/uploads\/2013\/09\/Welpentreffen31-Sep.19-300x200.jpg 300w\" sizes=\"auto, (max-width: 1000px) 100vw, 1000px\" \/><\/a> Marley wei\u00df wo Frauli die Leckerchen hat&#8230;;-)<br \/><a href=\"http:\/\/collies-vom-floersbachtal.de\/cms\/wp-content\/uploads\/2013\/09\/Welpentreffen33-Sep.19.jpg\"><img loading=\"lazy\" decoding=\"async\" class=\"aligncenter size-full wp-image-27326\" title=\"Welpentreffen33 Sep.19\" src=\"http:\/\/collies-vom-floersbachtal.de\/cms\/wp-content\/uploads\/2013\/09\/Welpentreffen33-Sep.19.jpg\" alt=\"\" width=\"1000\" height=\"667\" srcset=\"https:\/\/collies-vom-floersbachtal.de\/cms\/wp-content\/uploads\/2013\/09\/Welpentreffen33-Sep.19.jpg 1000w, https:\/\/collies-vom-floersbachtal.de\/cms\/wp-content\/uploads\/2013\/09\/Welpentreffen33-Sep.19-300x200.jpg 300w\" sizes=\"auto, (max-width: 1000px) 100vw, 1000px\" \/><\/a> fang mich doch&#8230;<br \/><a href=\"http:\/\/collies-vom-floersbachtal.de\/cms\/wp-content\/uploads\/2013\/09\/Welpentreffen35-Sep.19.jpg\"><img loading=\"lazy\" decoding=\"async\" class=\"aligncenter size-full wp-image-27327\" title=\"Welpentreffen35 Sep.19\" src=\"http:\/\/collies-vom-floersbachtal.de\/cms\/wp-content\/uploads\/2013\/09\/Welpentreffen35-Sep.19.jpg\" alt=\"\" width=\"1000\" height=\"578\" srcset=\"https:\/\/collies-vom-floersbachtal.de\/cms\/wp-content\/uploads\/2013\/09\/Welpentreffen35-Sep.19.jpg 1000w, https:\/\/collies-vom-floersbachtal.de\/cms\/wp-content\/uploads\/2013\/09\/Welpentreffen35-Sep.19-300x173.jpg 300w\" sizes=\"auto, (max-width: 1000px) 100vw, 1000px\" \/><\/a> kleine Pause auf der gro\u00dfen Wiese<br \/><a href=\"http:\/\/collies-vom-floersbachtal.de\/cms\/wp-content\/uploads\/2013\/09\/Welpentreffen36-Sep.19.jpg\"><img loading=\"lazy\" decoding=\"async\" class=\"aligncenter size-full wp-image-27328\" title=\"Welpentreffen36 Sep.19\" src=\"http:\/\/collies-vom-floersbachtal.de\/cms\/wp-content\/uploads\/2013\/09\/Welpentreffen36-Sep.19.jpg\" alt=\"\" width=\"1000\" height=\"458\" srcset=\"https:\/\/collies-vom-floersbachtal.de\/cms\/wp-content\/uploads\/2013\/09\/Welpentreffen36-Sep.19.jpg 1000w, https:\/\/collies-vom-floersbachtal.de\/cms\/wp-content\/uploads\/2013\/09\/Welpentreffen36-Sep.19-300x137.jpg 300w\" sizes=\"auto, (max-width: 1000px) 100vw, 1000px\" \/><\/a><br \/><a href=\"http:\/\/collies-vom-floersbachtal.de\/cms\/wp-content\/uploads\/2013\/09\/Welpentreffen38-Sep.19.jpg\"><img loading=\"lazy\" decoding=\"async\" class=\"aligncenter size-full wp-image-27329\" title=\"Welpentreffen38 Sep.19\" src=\"http:\/\/collies-vom-floersbachtal.de\/cms\/wp-content\/uploads\/2013\/09\/Welpentreffen38-Sep.19.jpg\" alt=\"\" width=\"1000\" height=\"746\" srcset=\"https:\/\/collies-vom-floersbachtal.de\/cms\/wp-content\/uploads\/2013\/09\/Welpentreffen38-Sep.19.jpg 1000w, https:\/\/collies-vom-floersbachtal.de\/cms\/wp-content\/uploads\/2013\/09\/Welpentreffen38-Sep.19-300x223.jpg 300w\" sizes=\"auto, (max-width: 1000px) 100vw, 1000px\" \/><\/a> is es nicht ein bisschen eng hier???<br \/><a href=\"http:\/\/collies-vom-floersbachtal.de\/cms\/wp-content\/uploads\/2013\/09\/Welpentreffen40-Sep.19.jpg\"><img loading=\"lazy\" decoding=\"async\" class=\"aligncenter size-full wp-image-27330\" title=\"Welpentreffen40 Sep.19\" src=\"http:\/\/collies-vom-floersbachtal.de\/cms\/wp-content\/uploads\/2013\/09\/Welpentreffen40-Sep.19.jpg\" alt=\"\" width=\"1000\" height=\"460\" srcset=\"https:\/\/collies-vom-floersbachtal.de\/cms\/wp-content\/uploads\/2013\/09\/Welpentreffen40-Sep.19.jpg 1000w, https:\/\/collies-vom-floersbachtal.de\/cms\/wp-content\/uploads\/2013\/09\/Welpentreffen40-Sep.19-300x138.jpg 300w\" sizes=\"auto, (max-width: 1000px) 100vw, 1000px\" \/><\/a> wollen wir mal ein Gruppenbild machen?<br \/><a href=\"http:\/\/collies-vom-floersbachtal.de\/cms\/wp-content\/uploads\/2013\/09\/Welpentreffen41-Sep.19.jpg\"><img loading=\"lazy\" decoding=\"async\" class=\"aligncenter size-full wp-image-27331\" title=\"Welpentreffen41 Sep.19\" src=\"http:\/\/collies-vom-floersbachtal.de\/cms\/wp-content\/uploads\/2013\/09\/Welpentreffen41-Sep.19.jpg\" alt=\"\" width=\"1000\" height=\"459\" srcset=\"https:\/\/collies-vom-floersbachtal.de\/cms\/wp-content\/uploads\/2013\/09\/Welpentreffen41-Sep.19.jpg 1000w, https:\/\/collies-vom-floersbachtal.de\/cms\/wp-content\/uploads\/2013\/09\/Welpentreffen41-Sep.19-300x137.jpg 300w\" sizes=\"auto, (max-width: 1000px) 100vw, 1000px\" \/><\/a> was\u00b4n jetzt?<br \/><a href=\"http:\/\/collies-vom-floersbachtal.de\/cms\/wp-content\/uploads\/2013\/09\/Welpentreffen42-Sep.19.jpg\"><img loading=\"lazy\" decoding=\"async\" class=\"aligncenter size-full wp-image-27332\" title=\"Welpentreffen42 Sep.19\" src=\"http:\/\/collies-vom-floersbachtal.de\/cms\/wp-content\/uploads\/2013\/09\/Welpentreffen42-Sep.19.jpg\" alt=\"\" width=\"1000\" height=\"506\" srcset=\"https:\/\/collies-vom-floersbachtal.de\/cms\/wp-content\/uploads\/2013\/09\/Welpentreffen42-Sep.19.jpg 1000w, https:\/\/collies-vom-floersbachtal.de\/cms\/wp-content\/uploads\/2013\/09\/Welpentreffen42-Sep.19-300x151.jpg 300w\" sizes=\"auto, (max-width: 1000px) 100vw, 1000px\" \/><\/a> fast alle druff<br \/><a href=\"http:\/\/collies-vom-floersbachtal.de\/cms\/wp-content\/uploads\/2013\/09\/Welpentreffen44-Sep.19.jpg\"><img loading=\"lazy\" decoding=\"async\" class=\"aligncenter size-full wp-image-27333\" title=\"Welpentreffen44 Sep.19\" src=\"http:\/\/collies-vom-floersbachtal.de\/cms\/wp-content\/uploads\/2013\/09\/Welpentreffen44-Sep.19.jpg\" alt=\"\" width=\"1000\" height=\"481\" srcset=\"https:\/\/collies-vom-floersbachtal.de\/cms\/wp-content\/uploads\/2013\/09\/Welpentreffen44-Sep.19.jpg 1000w, https:\/\/collies-vom-floersbachtal.de\/cms\/wp-content\/uploads\/2013\/09\/Welpentreffen44-Sep.19-300x144.jpg 300w\" sizes=\"auto, (max-width: 1000px) 100vw, 1000px\" \/><\/a> geschafft \ud83d\ude00<br \/><a href=\"http:\/\/collies-vom-floersbachtal.de\/cms\/wp-content\/uploads\/2013\/09\/Welpentreffen45-Sep.19.jpg\"><img loading=\"lazy\" decoding=\"async\" class=\"aligncenter size-full wp-image-27334\" title=\"Welpentreffen45 Sep.19\" src=\"http:\/\/collies-vom-floersbachtal.de\/cms\/wp-content\/uploads\/2013\/09\/Welpentreffen45-Sep.19.jpg\" alt=\"\" width=\"1000\" height=\"667\" srcset=\"https:\/\/collies-vom-floersbachtal.de\/cms\/wp-content\/uploads\/2013\/09\/Welpentreffen45-Sep.19.jpg 1000w, https:\/\/collies-vom-floersbachtal.de\/cms\/wp-content\/uploads\/2013\/09\/Welpentreffen45-Sep.19-300x200.jpg 300w\" sizes=\"auto, (max-width: 1000px) 100vw, 1000px\" \/><\/a>wie jetzt, wieder von vorn???<br \/><a href=\"http:\/\/collies-vom-floersbachtal.de\/cms\/wp-content\/uploads\/2013\/09\/Welpentreffen50-Sep.19.jpg\"><img loading=\"lazy\" decoding=\"async\" class=\"aligncenter size-large wp-image-27335\" title=\"Welpentreffen50 Sep.19\" src=\"http:\/\/collies-vom-floersbachtal.de\/cms\/wp-content\/uploads\/2013\/09\/Welpentreffen50-Sep.19-808x1024.jpg\" alt=\"\" width=\"640\" height=\"811\" srcset=\"https:\/\/collies-vom-floersbachtal.de\/cms\/wp-content\/uploads\/2013\/09\/Welpentreffen50-Sep.19-808x1024.jpg 808w, https:\/\/collies-vom-floersbachtal.de\/cms\/wp-content\/uploads\/2013\/09\/Welpentreffen50-Sep.19-236x300.jpg 236w, https:\/\/collies-vom-floersbachtal.de\/cms\/wp-content\/uploads\/2013\/09\/Welpentreffen50-Sep.19.jpg 1000w\" sizes=\"auto, (max-width: 640px) 100vw, 640px\" \/><\/a> Hui, ich komme Frauli<br \/><a href=\"http:\/\/collies-vom-floersbachtal.de\/cms\/wp-content\/uploads\/2013\/09\/Welpentreffen52-Sep.19.jpg\"><img loading=\"lazy\" decoding=\"async\" class=\"aligncenter size-full wp-image-27336\" title=\"Welpentreffen52 Sep.19\" src=\"http:\/\/collies-vom-floersbachtal.de\/cms\/wp-content\/uploads\/2013\/09\/Welpentreffen52-Sep.19.jpg\" alt=\"\" width=\"1000\" height=\"356\" srcset=\"https:\/\/collies-vom-floersbachtal.de\/cms\/wp-content\/uploads\/2013\/09\/Welpentreffen52-Sep.19.jpg 1000w, https:\/\/collies-vom-floersbachtal.de\/cms\/wp-content\/uploads\/2013\/09\/Welpentreffen52-Sep.19-300x106.jpg 300w\" sizes=\"auto, (max-width: 1000px) 100vw, 1000px\" \/><\/a> weiter gehts<br \/><a href=\"http:\/\/collies-vom-floersbachtal.de\/cms\/wp-content\/uploads\/2013\/09\/Welpentreffen55-Sep.19.jpg\"><img loading=\"lazy\" decoding=\"async\" class=\"aligncenter size-large wp-image-27337\" title=\"Welpentreffen55 Sep.19\" src=\"http:\/\/collies-vom-floersbachtal.de\/cms\/wp-content\/uploads\/2013\/09\/Welpentreffen55-Sep.19-842x1024.jpg\" alt=\"\" width=\"640\" height=\"778\" srcset=\"https:\/\/collies-vom-floersbachtal.de\/cms\/wp-content\/uploads\/2013\/09\/Welpentreffen55-Sep.19-842x1024.jpg 842w, https:\/\/collies-vom-floersbachtal.de\/cms\/wp-content\/uploads\/2013\/09\/Welpentreffen55-Sep.19-246x300.jpg 246w, https:\/\/collies-vom-floersbachtal.de\/cms\/wp-content\/uploads\/2013\/09\/Welpentreffen55-Sep.19.jpg 1000w\" sizes=\"auto, (max-width: 640px) 100vw, 640px\" \/><\/a> Elly geht fremd<br \/><a href=\"http:\/\/collies-vom-floersbachtal.de\/cms\/wp-content\/uploads\/2013\/09\/Welpentreffen58-Sep.19.jpg\"><img loading=\"lazy\" decoding=\"async\" class=\"aligncenter size-full wp-image-27338\" title=\"Welpentreffen58 Sep.19\" src=\"http:\/\/collies-vom-floersbachtal.de\/cms\/wp-content\/uploads\/2013\/09\/Welpentreffen58-Sep.19.jpg\" alt=\"\" width=\"1000\" height=\"706\" srcset=\"https:\/\/collies-vom-floersbachtal.de\/cms\/wp-content\/uploads\/2013\/09\/Welpentreffen58-Sep.19.jpg 1000w, https:\/\/collies-vom-floersbachtal.de\/cms\/wp-content\/uploads\/2013\/09\/Welpentreffen58-Sep.19-300x211.jpg 300w\" sizes=\"auto, (max-width: 1000px) 100vw, 1000px\" \/><\/a><br \/><a href=\"http:\/\/collies-vom-floersbachtal.de\/cms\/wp-content\/uploads\/2013\/09\/Welpentreffen59-Sep.19.jpg\"><img loading=\"lazy\" decoding=\"async\" class=\"aligncenter size-full wp-image-27339\" title=\"Welpentreffen59 Sep.19\" src=\"http:\/\/collies-vom-floersbachtal.de\/cms\/wp-content\/uploads\/2013\/09\/Welpentreffen59-Sep.19.jpg\" alt=\"\" width=\"1000\" height=\"838\" srcset=\"https:\/\/collies-vom-floersbachtal.de\/cms\/wp-content\/uploads\/2013\/09\/Welpentreffen59-Sep.19.jpg 1000w, https:\/\/collies-vom-floersbachtal.de\/cms\/wp-content\/uploads\/2013\/09\/Welpentreffen59-Sep.19-300x251.jpg 300w\" sizes=\"auto, (max-width: 1000px) 100vw, 1000px\" \/><\/a> Hilfe Herrchen die Jungs \u00e4rgern mich, ich kann nicht mehr&#8230;<br \/><a href=\"http:\/\/collies-vom-floersbachtal.de\/cms\/wp-content\/uploads\/2013\/09\/Welpentreffen63-Sep.19.jpg\"><img loading=\"lazy\" decoding=\"async\" class=\"aligncenter size-full wp-image-27340\" title=\"Welpentreffen63 Sep.19\" src=\"http:\/\/collies-vom-floersbachtal.de\/cms\/wp-content\/uploads\/2013\/09\/Welpentreffen63-Sep.19.jpg\" alt=\"\" width=\"1000\" height=\"330\" srcset=\"https:\/\/collies-vom-floersbachtal.de\/cms\/wp-content\/uploads\/2013\/09\/Welpentreffen63-Sep.19.jpg 1000w, https:\/\/collies-vom-floersbachtal.de\/cms\/wp-content\/uploads\/2013\/09\/Welpentreffen63-Sep.19-300x99.jpg 300w\" sizes=\"auto, (max-width: 1000px) 100vw, 1000px\" \/><\/a> Daf\u00fcr sind die drei von Sonja gaaaanz brav. \ud83d\ude09<br \/><a href=\"http:\/\/collies-vom-floersbachtal.de\/cms\/wp-content\/uploads\/2013\/09\/Welpentreffen67-Sep.19.jpg\"><img loading=\"lazy\" decoding=\"async\" class=\"aligncenter size-full wp-image-27341\" title=\"Welpentreffen67 Sep.19\" src=\"http:\/\/collies-vom-floersbachtal.de\/cms\/wp-content\/uploads\/2013\/09\/Welpentreffen67-Sep.19.jpg\" alt=\"\" width=\"1000\" height=\"821\" srcset=\"https:\/\/collies-vom-floersbachtal.de\/cms\/wp-content\/uploads\/2013\/09\/Welpentreffen67-Sep.19.jpg 1000w, https:\/\/collies-vom-floersbachtal.de\/cms\/wp-content\/uploads\/2013\/09\/Welpentreffen67-Sep.19-300x246.jpg 300w\" sizes=\"auto, (max-width: 1000px) 100vw, 1000px\" \/><\/a> Dina bekommt f\u00fcr alle ein Bussi \ud83d\ude09<br \/><a href=\"http:\/\/collies-vom-floersbachtal.de\/cms\/wp-content\/uploads\/2013\/09\/Welpentreffen68-Sep.19.jpg\"><img loading=\"lazy\" decoding=\"async\" class=\"aligncenter size-full wp-image-27343\" title=\"Welpentreffen68 Sep.19\" src=\"http:\/\/collies-vom-floersbachtal.de\/cms\/wp-content\/uploads\/2013\/09\/Welpentreffen68-Sep.19.jpg\" alt=\"\" width=\"1000\" height=\"667\" srcset=\"https:\/\/collies-vom-floersbachtal.de\/cms\/wp-content\/uploads\/2013\/09\/Welpentreffen68-Sep.19.jpg 1000w, https:\/\/collies-vom-floersbachtal.de\/cms\/wp-content\/uploads\/2013\/09\/Welpentreffen68-Sep.19-300x200.jpg 300w\" sizes=\"auto, (max-width: 1000px) 100vw, 1000px\" \/><\/a> und wir wollen ein Leckerlie \ud83d\ude00<br \/><a href=\"http:\/\/collies-vom-floersbachtal.de\/cms\/wp-content\/uploads\/2013\/09\/Welpentreffen69-Sep.19.jpg\"><img loading=\"lazy\" decoding=\"async\" class=\"aligncenter size-full wp-image-27342\" title=\"Welpentreffen69 Sep.19\" src=\"http:\/\/collies-vom-floersbachtal.de\/cms\/wp-content\/uploads\/2013\/09\/Welpentreffen69-Sep.19.jpg\" alt=\"\" width=\"1000\" height=\"837\" srcset=\"https:\/\/collies-vom-floersbachtal.de\/cms\/wp-content\/uploads\/2013\/09\/Welpentreffen69-Sep.19.jpg 1000w, https:\/\/collies-vom-floersbachtal.de\/cms\/wp-content\/uploads\/2013\/09\/Welpentreffen69-Sep.19-300x251.jpg 300w\" sizes=\"auto, (max-width: 1000px) 100vw, 1000px\" \/><\/a> Hiiiilfe die Jungs Michl und Maddox sind so aufdringlich<br \/><a href=\"http:\/\/collies-vom-floersbachtal.de\/cms\/wp-content\/uploads\/2013\/09\/Welpentreffen73-Sep.19.jpg\"><img loading=\"lazy\" decoding=\"async\" class=\"aligncenter size-large wp-image-27344\" title=\"Welpentreffen73 Sep.19\" src=\"http:\/\/collies-vom-floersbachtal.de\/cms\/wp-content\/uploads\/2013\/09\/Welpentreffen73-Sep.19-682x1024.jpg\" alt=\"\" width=\"640\" height=\"960\" srcset=\"https:\/\/collies-vom-floersbachtal.de\/cms\/wp-content\/uploads\/2013\/09\/Welpentreffen73-Sep.19-682x1024.jpg 682w, https:\/\/collies-vom-floersbachtal.de\/cms\/wp-content\/uploads\/2013\/09\/Welpentreffen73-Sep.19-200x300.jpg 200w, https:\/\/collies-vom-floersbachtal.de\/cms\/wp-content\/uploads\/2013\/09\/Welpentreffen73-Sep.19.jpg 1000w\" sizes=\"auto, (max-width: 640px) 100vw, 640px\" \/><\/a> kleines Erinnerungsfoto mit Verena \ud83d\ude00<br \/><a href=\"http:\/\/collies-vom-floersbachtal.de\/cms\/wp-content\/uploads\/2013\/09\/Welpentreffen74-Sep.19.jpg\"><img loading=\"lazy\" decoding=\"async\" class=\"aligncenter size-full wp-image-27345\" title=\"Welpentreffen74 Sep.19\" src=\"http:\/\/collies-vom-floersbachtal.de\/cms\/wp-content\/uploads\/2013\/09\/Welpentreffen74-Sep.19.jpg\" alt=\"\" width=\"1000\" height=\"667\" srcset=\"https:\/\/collies-vom-floersbachtal.de\/cms\/wp-content\/uploads\/2013\/09\/Welpentreffen74-Sep.19.jpg 1000w, https:\/\/collies-vom-floersbachtal.de\/cms\/wp-content\/uploads\/2013\/09\/Welpentreffen74-Sep.19-300x200.jpg 300w\" sizes=\"auto, (max-width: 1000px) 100vw, 1000px\" \/><\/a> Maddox, etwas ruhiger<br \/><a href=\"http:\/\/collies-vom-floersbachtal.de\/cms\/wp-content\/uploads\/2013\/09\/Welpentreffen76-Sep.19.jpg\"><img loading=\"lazy\" decoding=\"async\" class=\"aligncenter size-full wp-image-27346\" title=\"Welpentreffen76 Sep.19\" src=\"http:\/\/collies-vom-floersbachtal.de\/cms\/wp-content\/uploads\/2013\/09\/Welpentreffen76-Sep.19.jpg\" alt=\"\" width=\"1000\" height=\"698\" srcset=\"https:\/\/collies-vom-floersbachtal.de\/cms\/wp-content\/uploads\/2013\/09\/Welpentreffen76-Sep.19.jpg 1000w, https:\/\/collies-vom-floersbachtal.de\/cms\/wp-content\/uploads\/2013\/09\/Welpentreffen76-Sep.19-300x209.jpg 300w\" sizes=\"auto, (max-width: 1000px) 100vw, 1000px\" \/><\/a> Ginger (Oma bei den D-chens und Ururoma bei den I-chens)<br \/><a href=\"http:\/\/collies-vom-floersbachtal.de\/cms\/wp-content\/uploads\/2013\/09\/Welpentreffen75-Sep.19.jpg\"><img loading=\"lazy\" decoding=\"async\" class=\"aligncenter size-full wp-image-27353\" title=\"Welpentreffen75 Sep.19\" src=\"http:\/\/collies-vom-floersbachtal.de\/cms\/wp-content\/uploads\/2013\/09\/Welpentreffen75-Sep.19.jpg\" alt=\"\" width=\"1000\" height=\"667\" srcset=\"https:\/\/collies-vom-floersbachtal.de\/cms\/wp-content\/uploads\/2013\/09\/Welpentreffen75-Sep.19.jpg 1000w, https:\/\/collies-vom-floersbachtal.de\/cms\/wp-content\/uploads\/2013\/09\/Welpentreffen75-Sep.19-300x200.jpg 300w\" sizes=\"auto, (max-width: 1000px) 100vw, 1000px\" \/><\/a> Marley (Fremdr\u00fcde)<br \/><a href=\"http:\/\/collies-vom-floersbachtal.de\/cms\/wp-content\/uploads\/2013\/09\/Welpentreffen80-Sep.19.jpg\"><img loading=\"lazy\" decoding=\"async\" class=\"aligncenter size-full wp-image-27354\" title=\"Welpentreffen80 Sep.19\" src=\"http:\/\/collies-vom-floersbachtal.de\/cms\/wp-content\/uploads\/2013\/09\/Welpentreffen80-Sep.19.jpg\" alt=\"\" width=\"1000\" height=\"667\" srcset=\"https:\/\/collies-vom-floersbachtal.de\/cms\/wp-content\/uploads\/2013\/09\/Welpentreffen80-Sep.19.jpg 1000w, https:\/\/collies-vom-floersbachtal.de\/cms\/wp-content\/uploads\/2013\/09\/Welpentreffen80-Sep.19-300x200.jpg 300w\" sizes=\"auto, (max-width: 1000px) 100vw, 1000px\" \/><\/a> Indy<br \/><a href=\"http:\/\/collies-vom-floersbachtal.de\/cms\/wp-content\/uploads\/2013\/09\/Welpentreffen81-Sep.19.jpg\"><img loading=\"lazy\" decoding=\"async\" class=\"aligncenter size-full wp-image-27355\" title=\"Welpentreffen81 Sep.19\" src=\"http:\/\/collies-vom-floersbachtal.de\/cms\/wp-content\/uploads\/2013\/09\/Welpentreffen81-Sep.19.jpg\" alt=\"\" width=\"1000\" height=\"572\" srcset=\"https:\/\/collies-vom-floersbachtal.de\/cms\/wp-content\/uploads\/2013\/09\/Welpentreffen81-Sep.19.jpg 1000w, https:\/\/collies-vom-floersbachtal.de\/cms\/wp-content\/uploads\/2013\/09\/Welpentreffen81-Sep.19-300x171.jpg 300w\" sizes=\"auto, (max-width: 1000px) 100vw, 1000px\" \/><\/a> Maddox wird von Michl bedr\u00e4ngt<br \/><a href=\"http:\/\/collies-vom-floersbachtal.de\/cms\/wp-content\/uploads\/2013\/09\/Welpentreffen77-Sep.19.jpg\"><img loading=\"lazy\" decoding=\"async\" class=\"aligncenter size-full wp-image-27347\" title=\"Welpentreffen77 Sep.19\" src=\"http:\/\/collies-vom-floersbachtal.de\/cms\/wp-content\/uploads\/2013\/09\/Welpentreffen77-Sep.19.jpg\" alt=\"\" width=\"1000\" height=\"667\" srcset=\"https:\/\/collies-vom-floersbachtal.de\/cms\/wp-content\/uploads\/2013\/09\/Welpentreffen77-Sep.19.jpg 1000w, https:\/\/collies-vom-floersbachtal.de\/cms\/wp-content\/uploads\/2013\/09\/Welpentreffen77-Sep.19-300x200.jpg 300w\" sizes=\"auto, (max-width: 1000px) 100vw, 1000px\" \/><\/a> Capper<br \/><a href=\"http:\/\/collies-vom-floersbachtal.de\/cms\/wp-content\/uploads\/2013\/09\/Welpentreffen78-Sep.19.jpg\"><img loading=\"lazy\" decoding=\"async\" class=\"aligncenter size-large wp-image-27348\" title=\"Welpentreffen78 Sep.19\" src=\"http:\/\/collies-vom-floersbachtal.de\/cms\/wp-content\/uploads\/2013\/09\/Welpentreffen78-Sep.19-909x1024.jpg\" alt=\"\" width=\"640\" height=\"720\" srcset=\"https:\/\/collies-vom-floersbachtal.de\/cms\/wp-content\/uploads\/2013\/09\/Welpentreffen78-Sep.19-909x1024.jpg 909w, https:\/\/collies-vom-floersbachtal.de\/cms\/wp-content\/uploads\/2013\/09\/Welpentreffen78-Sep.19-266x300.jpg 266w, https:\/\/collies-vom-floersbachtal.de\/cms\/wp-content\/uploads\/2013\/09\/Welpentreffen78-Sep.19.jpg 1000w\" sizes=\"auto, (max-width: 640px) 100vw, 640px\" \/><\/a> Merle (Bonny)<br \/><a href=\"http:\/\/collies-vom-floersbachtal.de\/cms\/wp-content\/uploads\/2013\/09\/Welpentreffen82-Sep.19.jpg\"><img loading=\"lazy\" decoding=\"async\" class=\"aligncenter size-full wp-image-27350\" title=\"Welpentreffen82 Sep.19\" src=\"http:\/\/collies-vom-floersbachtal.de\/cms\/wp-content\/uploads\/2013\/09\/Welpentreffen82-Sep.19.jpg\" alt=\"\" width=\"1000\" height=\"667\" srcset=\"https:\/\/collies-vom-floersbachtal.de\/cms\/wp-content\/uploads\/2013\/09\/Welpentreffen82-Sep.19.jpg 1000w, https:\/\/collies-vom-floersbachtal.de\/cms\/wp-content\/uploads\/2013\/09\/Welpentreffen82-Sep.19-300x200.jpg 300w\" sizes=\"auto, (max-width: 1000px) 100vw, 1000px\" \/><\/a><br \/><a href=\"http:\/\/collies-vom-floersbachtal.de\/cms\/wp-content\/uploads\/2013\/09\/Welpentreffen79-Sep.19.jpg\"><img loading=\"lazy\" decoding=\"async\" class=\"aligncenter size-full wp-image-27349\" title=\"Welpentreffen79 Sep.19\" src=\"http:\/\/collies-vom-floersbachtal.de\/cms\/wp-content\/uploads\/2013\/09\/Welpentreffen79-Sep.19.jpg\" alt=\"\" width=\"1000\" height=\"573\" srcset=\"https:\/\/collies-vom-floersbachtal.de\/cms\/wp-content\/uploads\/2013\/09\/Welpentreffen79-Sep.19.jpg 1000w, https:\/\/collies-vom-floersbachtal.de\/cms\/wp-content\/uploads\/2013\/09\/Welpentreffen79-Sep.19-300x171.jpg 300w\" sizes=\"auto, (max-width: 1000px) 100vw, 1000px\" \/><\/a> 2. Gruppenfoto \ud83d\ude09<br \/><a href=\"http:\/\/collies-vom-floersbachtal.de\/cms\/wp-content\/uploads\/2013\/09\/Welpentreffen84-Sep.19.jpg\"><img loading=\"lazy\" decoding=\"async\" class=\"aligncenter size-full wp-image-27351\" title=\"Welpentreffen84 Sep.19\" src=\"http:\/\/collies-vom-floersbachtal.de\/cms\/wp-content\/uploads\/2013\/09\/Welpentreffen84-Sep.19.jpg\" alt=\"\" width=\"1000\" height=\"373\" srcset=\"https:\/\/collies-vom-floersbachtal.de\/cms\/wp-content\/uploads\/2013\/09\/Welpentreffen84-Sep.19.jpg 1000w, https:\/\/collies-vom-floersbachtal.de\/cms\/wp-content\/uploads\/2013\/09\/Welpentreffen84-Sep.19-300x111.jpg 300w\" sizes=\"auto, (max-width: 1000px) 100vw, 1000px\" \/><\/a> na wirds nix?<br \/><a href=\"http:\/\/collies-vom-floersbachtal.de\/cms\/wp-content\/uploads\/2013\/09\/Welpentreffen85-Sep.19.jpg\"><img loading=\"lazy\" decoding=\"async\" class=\"aligncenter size-full wp-image-27352\" title=\"Welpentreffen85 Sep.19\" src=\"http:\/\/collies-vom-floersbachtal.de\/cms\/wp-content\/uploads\/2013\/09\/Welpentreffen85-Sep.19.jpg\" alt=\"\" width=\"1000\" height=\"534\" srcset=\"https:\/\/collies-vom-floersbachtal.de\/cms\/wp-content\/uploads\/2013\/09\/Welpentreffen85-Sep.19.jpg 1000w, https:\/\/collies-vom-floersbachtal.de\/cms\/wp-content\/uploads\/2013\/09\/Welpentreffen85-Sep.19-300x160.jpg 300w\" sizes=\"auto, (max-width: 1000px) 100vw, 1000px\" \/><\/a>Die i-chens Familie v.l.n.r. Ivy, Mama Lia und Papa Balu, Maddox (Ibo) Michl (Idefix) Michl pa\u00dft \u00fcbrigens viel besser zu dem Lausbub \ud83d\ude09 und Indy<br \/><a href=\"http:\/\/collies-vom-floersbachtal.de\/cms\/wp-content\/uploads\/2013\/09\/Welpentreffen87-Sep.19.jpg\"><img loading=\"lazy\" decoding=\"async\" class=\"aligncenter size-full wp-image-27356\" title=\"Welpentreffen87 Sep.19\" src=\"http:\/\/collies-vom-floersbachtal.de\/cms\/wp-content\/uploads\/2013\/09\/Welpentreffen87-Sep.19.jpg\" alt=\"\" width=\"1000\" height=\"667\" srcset=\"https:\/\/collies-vom-floersbachtal.de\/cms\/wp-content\/uploads\/2013\/09\/Welpentreffen87-Sep.19.jpg 1000w, https:\/\/collies-vom-floersbachtal.de\/cms\/wp-content\/uploads\/2013\/09\/Welpentreffen87-Sep.19-300x200.jpg 300w\" sizes=\"auto, (max-width: 1000px) 100vw, 1000px\" \/><\/a> Ausruhen und Schnacken<br \/><a href=\"http:\/\/collies-vom-floersbachtal.de\/cms\/wp-content\/uploads\/2013\/09\/Welpentreffen88-Sep.19.jpg\"><img loading=\"lazy\" decoding=\"async\" class=\"aligncenter size-full wp-image-27357\" title=\"Welpentreffen88 Sep.19\" src=\"http:\/\/collies-vom-floersbachtal.de\/cms\/wp-content\/uploads\/2013\/09\/Welpentreffen88-Sep.19.jpg\" alt=\"\" width=\"1000\" height=\"667\" srcset=\"https:\/\/collies-vom-floersbachtal.de\/cms\/wp-content\/uploads\/2013\/09\/Welpentreffen88-Sep.19.jpg 1000w, https:\/\/collies-vom-floersbachtal.de\/cms\/wp-content\/uploads\/2013\/09\/Welpentreffen88-Sep.19-300x200.jpg 300w\" sizes=\"auto, (max-width: 1000px) 100vw, 1000px\" \/><\/a><br \/>Sch\u00f6n wars, das Wetter hat richtig gut mitgespielt, war angenehm und die Collies hatten einen tollen Abenteuerspielplatz im Wald. Hat mich sehr gefreut, wie zahlreich ihr alle erschienen seid.<\/p>\n<h1><strong>Welpentreffen der I und H-chens im Mai 2019<\/strong><\/h1>\n<h2><strong>Endlich komme ich dazu die Fotos von unserem s\u00fc\u00dfen kleinen Welpentreffen rein zusetzen. Ich wei\u00df ich hinke hinterher, bitte vergebt mir.&nbsp;<img decoding=\"async\" src=\"http:\/\/collies-vom-floersbachtal.de\/cms\/wp-includes\/images\/smilies\/icon_wink.gif\" alt=\";-)\"><a href=\"http:\/\/collies-vom-floersbachtal.de\/cms\/wp-content\/uploads\/2011\/11\/Ankunft-am-Lokal-Waldeck1.jpg\"><img loading=\"lazy\" decoding=\"async\" title=\"Ankunft am Lokal Waldeck1\" src=\"http:\/\/collies-vom-floersbachtal.de\/cms\/wp-content\/uploads\/2011\/11\/Ankunft-am-Lokal-Waldeck1.jpg\" alt=\"\" width=\"1000\" height=\"692\"><\/a><a href=\"http:\/\/collies-vom-floersbachtal.de\/cms\/wp-content\/uploads\/2011\/11\/Spaziergang-ab-Waldeck2.jpg\"><img loading=\"lazy\" decoding=\"async\" title=\"Spaziergang ab Waldeck2\" src=\"http:\/\/collies-vom-floersbachtal.de\/cms\/wp-content\/uploads\/2011\/11\/Spaziergang-ab-Waldeck2.jpg\" alt=\"\" width=\"1000\" height=\"667\"><\/a><\/strong><\/h2>\n<h3>Vor dem Essen wir gelaufen, die Collies wollen Toben.&nbsp;<img decoding=\"async\" src=\"http:\/\/collies-vom-floersbachtal.de\/cms\/wp-includes\/images\/smilies\/icon_smile.gif\" alt=\":-)\"><a href=\"http:\/\/collies-vom-floersbachtal.de\/cms\/wp-content\/uploads\/2011\/11\/Alle1.jpg\"><img loading=\"lazy\" decoding=\"async\" title=\"Alle1\" src=\"http:\/\/collies-vom-floersbachtal.de\/cms\/wp-content\/uploads\/2011\/11\/Alle1.jpg\" alt=\"\" width=\"1000\" height=\"898\"><\/a><\/h3>\n<p><a href=\"http:\/\/collies-vom-floersbachtal.de\/cms\/wp-content\/uploads\/2011\/11\/die-Tricobande1.jpg\"><img loading=\"lazy\" decoding=\"async\" title=\"die Tricobande1\" src=\"http:\/\/collies-vom-floersbachtal.de\/cms\/wp-content\/uploads\/2011\/11\/die-Tricobande1-899x1024.jpg\" alt=\"\" width=\"640\" height=\"728\"><\/a><\/p>\n<h3><a href=\"http:\/\/collies-vom-floersbachtal.de\/cms\/wp-content\/uploads\/2011\/11\/Balus-Kinder1.jpg\"><img loading=\"lazy\" decoding=\"async\" title=\"Balus Kinder1\" src=\"http:\/\/collies-vom-floersbachtal.de\/cms\/wp-content\/uploads\/2011\/11\/Balus-Kinder1.jpg\" alt=\"\" width=\"1000\" height=\"668\"><\/a><a href=\"http:\/\/collies-vom-floersbachtal.de\/cms\/wp-content\/uploads\/2011\/11\/Balus-Ginger-Jeanny-und-Kids1.jpg\"><img loading=\"lazy\" decoding=\"async\" title=\"Balus, Ginger, Jeanny und Kids1\" src=\"http:\/\/collies-vom-floersbachtal.de\/cms\/wp-content\/uploads\/2011\/11\/Balus-Ginger-Jeanny-und-Kids1.jpg\" alt=\"\" width=\"1000\" height=\"667\"><\/a>Die Tricos sind stark vertreten&nbsp;<img decoding=\"async\" src=\"http:\/\/collies-vom-floersbachtal.de\/cms\/wp-includes\/images\/smilies\/icon_wink.gif\" alt=\";-)\"><a href=\"http:\/\/collies-vom-floersbachtal.de\/cms\/wp-content\/uploads\/2011\/11\/Balu-Hazel-und-Maddox1.jpg\"><img loading=\"lazy\" decoding=\"async\" title=\"Balu , Hazel und Maddox1\" src=\"http:\/\/collies-vom-floersbachtal.de\/cms\/wp-content\/uploads\/2011\/11\/Balu-Hazel-und-Maddox1.jpg\" alt=\"\" width=\"1000\" height=\"834\"><\/a><\/h3>\n<h3><a href=\"http:\/\/collies-vom-floersbachtal.de\/cms\/wp-content\/uploads\/2011\/11\/Alle3-jpg.jpg\"><img loading=\"lazy\" decoding=\"async\" title=\"Alle3 jpg\" src=\"http:\/\/collies-vom-floersbachtal.de\/cms\/wp-content\/uploads\/2011\/11\/Alle3-jpg.jpg\" alt=\"\" width=\"1000\" height=\"667\"><\/a><a href=\"http:\/\/collies-vom-floersbachtal.de\/cms\/wp-content\/uploads\/2011\/11\/Hanni-Michl-und-Maddox1.jpg\"><img loading=\"lazy\" decoding=\"async\" title=\"Hanni, Michl und Maddox1\" src=\"http:\/\/collies-vom-floersbachtal.de\/cms\/wp-content\/uploads\/2011\/11\/Hanni-Michl-und-Maddox1.jpg\" alt=\"\" width=\"1000\" height=\"936\"><\/a>Die s\u00fc\u00dfe Hanni vertritt hier alle H-chens, macht sie aber super gut.&nbsp;<img decoding=\"async\" src=\"http:\/\/collies-vom-floersbachtal.de\/cms\/wp-includes\/images\/smilies\/icon_razz.gif\" alt=\":-P\">&nbsp;Michl und Maddox sind ja bei ihr, dem Maddox nehmen wir das n\u00e4chste Mal die Lockenwickler weg\u2026 Unser Lockencollie&nbsp;<img decoding=\"async\" src=\"http:\/\/collies-vom-floersbachtal.de\/cms\/wp-includes\/images\/smilies\/icon_razz.gif\" alt=\":-P\"><\/h3>\n<pre><a href=\"http:\/\/collies-vom-floersbachtal.de\/cms\/wp-content\/uploads\/2011\/11\/Hazel2.jpg\"><img loading=\"lazy\" decoding=\"async\" title=\"Hazel2\" src=\"http:\/\/collies-vom-floersbachtal.de\/cms\/wp-content\/uploads\/2011\/11\/Hazel2.jpg\" alt=\"\" width=\"1000\" height=\"665\"><\/a><\/pre>\n<h3>Hazel versteckt sich&nbsp;<img decoding=\"async\" src=\"http:\/\/collies-vom-floersbachtal.de\/cms\/wp-includes\/images\/smilies\/icon_smile.gif\" alt=\":-)\"><a href=\"http:\/\/collies-vom-floersbachtal.de\/cms\/wp-content\/uploads\/2011\/11\/Michl-und-Hanni1.jpg\"><img loading=\"lazy\" decoding=\"async\" title=\"Michl und Hanni1\" src=\"http:\/\/collies-vom-floersbachtal.de\/cms\/wp-content\/uploads\/2011\/11\/Michl-und-Hanni1.jpg\" alt=\"\" width=\"1000\" height=\"848\"><\/a><\/h3>\n<h3>Hanni \u00e4hnelt ihren Vollgeschwistern aus dem E-Wurf sehr. Haben die Eltern doch gut gemacht \u2026<a href=\"http:\/\/collies-vom-floersbachtal.de\/cms\/wp-content\/uploads\/2011\/11\/Maddox-Jeanny-und-Ginger1.jpg\"><img loading=\"lazy\" decoding=\"async\" title=\"Maddox, Jeanny und Ginger1\" src=\"http:\/\/collies-vom-floersbachtal.de\/cms\/wp-content\/uploads\/2011\/11\/Maddox-Jeanny-und-Ginger1-966x1024.jpg\" alt=\"\" width=\"640\" height=\"678\"><\/a><\/h3>\n<h3>Jetzt aber hurtig, wir h\u00e4ngen ganz sch\u00f6n hinterher.&nbsp;<img decoding=\"async\" src=\"http:\/\/collies-vom-floersbachtal.de\/cms\/wp-includes\/images\/smilies\/icon_wink.gif\" alt=\";-)\"><a href=\"http:\/\/collies-vom-floersbachtal.de\/cms\/wp-content\/uploads\/2011\/11\/Hazel3.jpg\"><img loading=\"lazy\" decoding=\"async\" title=\"Hazel3\" src=\"http:\/\/collies-vom-floersbachtal.de\/cms\/wp-content\/uploads\/2011\/11\/Hazel3.jpg\" alt=\"\" width=\"1000\" height=\"973\"><\/a><\/h3>\n<h3>Hazel ist so eine S\u00fc\u00dfe, da kann man sich gar nicht genug satt sehen. (Obwohl ich Tricofan bin&nbsp;<img decoding=\"async\" src=\"http:\/\/collies-vom-floersbachtal.de\/cms\/wp-includes\/images\/smilies\/icon_wink.gif\" alt=\";-)\">&nbsp;)<a href=\"http:\/\/collies-vom-floersbachtal.de\/cms\/wp-content\/uploads\/2011\/11\/Jeanny-Ginger-und-Balu.jpg\"><img loading=\"lazy\" decoding=\"async\" title=\"Jeanny, Ginger und Balu\" src=\"http:\/\/collies-vom-floersbachtal.de\/cms\/wp-content\/uploads\/2011\/11\/Jeanny-Ginger-und-Balu-868x1024.jpg\" alt=\"\" width=\"640\" height=\"755\"><\/a><br \/><a href=\"http:\/\/collies-vom-floersbachtal.de\/cms\/wp-content\/uploads\/2011\/11\/Mylo-Balu-Hazel-Michl-und-Maddox1.jpg\"><img loading=\"lazy\" decoding=\"async\" title=\"Mylo, Balu, Hazel, Michl und Maddox1\" src=\"http:\/\/collies-vom-floersbachtal.de\/cms\/wp-content\/uploads\/2011\/11\/Mylo-Balu-Hazel-Michl-und-Maddox1.jpg\" alt=\"\" width=\"1000\" height=\"406\"><\/a><\/h3>\n<h3><a href=\"http:\/\/collies-vom-floersbachtal.de\/cms\/wp-content\/uploads\/2011\/11\/Mylo-Jeanny-Hazel1.jpg\"><img loading=\"lazy\" decoding=\"async\" title=\"Mylo, Jeanny, Hazel1\" src=\"http:\/\/collies-vom-floersbachtal.de\/cms\/wp-content\/uploads\/2011\/11\/Mylo-Jeanny-Hazel1.jpg\" alt=\"\" width=\"1000\" height=\"690\"><\/a>Alle da???<a href=\"http:\/\/collies-vom-floersbachtal.de\/cms\/wp-content\/uploads\/2011\/11\/Mylo-und-Ginger1.jpg\"><img loading=\"lazy\" decoding=\"async\" title=\"Mylo und Ginger1\" src=\"http:\/\/collies-vom-floersbachtal.de\/cms\/wp-content\/uploads\/2011\/11\/Mylo-und-Ginger1.jpg\" alt=\"\" width=\"1000\" height=\"667\"><\/a><\/h3>\n<h3>Mylo und Ururoma\u2026 schau mir in die Augen Kleiner&nbsp;<a href=\"http:\/\/collies-vom-floersbachtal.de\/cms\/wp-content\/uploads\/2011\/11\/Mylo-und-Ginger2.jpg\"><img loading=\"lazy\" decoding=\"async\" title=\"Mylo und Ginger2\" src=\"http:\/\/collies-vom-floersbachtal.de\/cms\/wp-content\/uploads\/2011\/11\/Mylo-und-Ginger2.jpg\" alt=\"\" width=\"1000\" height=\"667\"><\/a><\/h3>\n<h3>ich bin auch gaaaanz lieb&nbsp;<a href=\"http:\/\/collies-vom-floersbachtal.de\/cms\/wp-content\/uploads\/2011\/11\/Spaziergang-zu-Ende1.jpg\"><img loading=\"lazy\" decoding=\"async\" title=\"Spaziergang zu Ende1\" src=\"http:\/\/collies-vom-floersbachtal.de\/cms\/wp-content\/uploads\/2011\/11\/Spaziergang-zu-Ende1.jpg\" alt=\"\" width=\"1000\" height=\"876\"><\/a><a href=\"http:\/\/collies-vom-floersbachtal.de\/cms\/wp-content\/uploads\/2011\/11\/Spaziergang-zu-Ende3.jpg\"><img loading=\"lazy\" decoding=\"async\" title=\"Spaziergang zu Ende3\" src=\"http:\/\/collies-vom-floersbachtal.de\/cms\/wp-content\/uploads\/2011\/11\/Spaziergang-zu-Ende3.jpg\" alt=\"\" width=\"1000\" height=\"667\"><\/a><\/h3>\n<h3>So jetzt gehen wir essen.<a href=\"http:\/\/collies-vom-floersbachtal.de\/cms\/wp-content\/uploads\/2011\/11\/Mylo2.jpg\"><img loading=\"lazy\" decoding=\"async\" title=\"Mylo2\" src=\"http:\/\/collies-vom-floersbachtal.de\/cms\/wp-content\/uploads\/2011\/11\/Mylo2.jpg\" alt=\"\" width=\"1000\" height=\"667\"><\/a><\/h3>\n<h3>Mylo, ESSEN???&nbsp;<img decoding=\"async\" src=\"http:\/\/collies-vom-floersbachtal.de\/cms\/wp-includes\/images\/smilies\/icon_razz.gif\" alt=\":-P\">&nbsp;Er mu\u00df nur noch lernen nicht abzuhauen.;-)<a href=\"http:\/\/collies-vom-floersbachtal.de\/cms\/wp-content\/uploads\/2011\/11\/Ururoma-und-Maddox1.jpg\"><img loading=\"lazy\" decoding=\"async\" title=\"Ururoma und Maddox1\" src=\"http:\/\/collies-vom-floersbachtal.de\/cms\/wp-content\/uploads\/2011\/11\/Ururoma-und-Maddox1.jpg\" alt=\"\" width=\"1000\" height=\"744\"><\/a><\/h3>\n<h3>Ginger \u00fcbt wieder ihren m\u00fctterlichen Blick&nbsp;<img decoding=\"async\" src=\"http:\/\/collies-vom-floersbachtal.de\/cms\/wp-includes\/images\/smilies\/icon_wink.gif\" alt=\";-)\">&nbsp;Und alle spuren&nbsp;<img decoding=\"async\" src=\"http:\/\/collies-vom-floersbachtal.de\/cms\/wp-includes\/images\/smilies\/icon_smile.gif\" alt=\":-)\"><a href=\"http:\/\/collies-vom-floersbachtal.de\/cms\/wp-content\/uploads\/2011\/11\/Waldeck2.jpg\"><img loading=\"lazy\" decoding=\"async\" title=\"Waldeck2\" src=\"http:\/\/collies-vom-floersbachtal.de\/cms\/wp-content\/uploads\/2011\/11\/Waldeck2.jpg\" alt=\"\" width=\"1000\" height=\"667\"><\/a><\/h3>\n<h3><a href=\"http:\/\/collies-vom-floersbachtal.de\/cms\/wp-content\/uploads\/2011\/11\/Waldeck6.jpg\"><img loading=\"lazy\" decoding=\"async\" title=\"Waldeck6\" src=\"http:\/\/collies-vom-floersbachtal.de\/cms\/wp-content\/uploads\/2011\/11\/Waldeck6.jpg\" alt=\"\" width=\"1000\" height=\"863\"><\/a><a href=\"http:\/\/collies-vom-floersbachtal.de\/cms\/wp-content\/uploads\/2011\/11\/Michl-und-Maddox2.jpg\"><img loading=\"lazy\" decoding=\"async\" title=\"Michl und Maddox2\" src=\"http:\/\/collies-vom-floersbachtal.de\/cms\/wp-content\/uploads\/2011\/11\/Michl-und-Maddox2.jpg\" alt=\"\" width=\"1000\" height=\"667\"><\/a>Mein Frauli&nbsp;<img decoding=\"async\" src=\"http:\/\/collies-vom-floersbachtal.de\/cms\/wp-includes\/images\/smilies\/icon_biggrin.gif\" alt=\":-D\">&nbsp;Michl gibt Frauli erst mal einen dicken Schmatzer. Und Maddox \u00fcberlegt ob das alles so richtig ist.<a href=\"http:\/\/collies-vom-floersbachtal.de\/cms\/wp-content\/uploads\/2011\/11\/Michl4.jpg\"><img loading=\"lazy\" decoding=\"async\" title=\"Michl4\" src=\"http:\/\/collies-vom-floersbachtal.de\/cms\/wp-content\/uploads\/2011\/11\/Michl4.jpg\" alt=\"\" width=\"1000\" height=\"808\"><\/a><\/h3>\n<h3>wehe einer kommt meinem Frauli zu nah\u2026<a href=\"http:\/\/collies-vom-floersbachtal.de\/cms\/wp-content\/uploads\/2011\/11\/Hanni-und-Mylo1.jpg\"><img loading=\"lazy\" decoding=\"async\" title=\"Hanni und Mylo1\" src=\"http:\/\/collies-vom-floersbachtal.de\/cms\/wp-content\/uploads\/2011\/11\/Hanni-und-Mylo1.jpg\" alt=\"\" width=\"1000\" height=\"668\"><\/a><a href=\"http:\/\/collies-vom-floersbachtal.de\/cms\/wp-content\/uploads\/2011\/11\/Mylo1.jpg\"><img loading=\"lazy\" decoding=\"async\" title=\"Mylo1\" src=\"http:\/\/collies-vom-floersbachtal.de\/cms\/wp-content\/uploads\/2011\/11\/Mylo1-810x1024.jpg\" alt=\"\" width=\"640\" height=\"809\"><\/a><\/h3>\n<h3>Mylo und sein Herrchen<a href=\"http:\/\/collies-vom-floersbachtal.de\/cms\/wp-content\/uploads\/2011\/11\/Ginger-Jeanny-Hanny-und-Maddox-Mylo-Hazel-mit-Balu1.jpg\"><img loading=\"lazy\" decoding=\"async\" title=\"Ginger, Jeanny Hanny und Maddox, Mylo Hazel mit Balu1\" src=\"http:\/\/collies-vom-floersbachtal.de\/cms\/wp-content\/uploads\/2011\/11\/Ginger-Jeanny-Hanny-und-Maddox-Mylo-Hazel-mit-Balu1.jpg\" alt=\"\" width=\"1000\" height=\"372\"><\/a>&nbsp;<a href=\"http:\/\/collies-vom-floersbachtal.de\/cms\/wp-content\/uploads\/2011\/11\/Nasen1.jpg\"><img loading=\"lazy\" decoding=\"async\" title=\"Nasen1\" src=\"http:\/\/collies-vom-floersbachtal.de\/cms\/wp-content\/uploads\/2011\/11\/Nasen1.jpg\" alt=\"\" width=\"1000\" height=\"667\"><\/a>1000 Nasen m\u00f6cht ich haben\u2026<a href=\"http:\/\/collies-vom-floersbachtal.de\/cms\/wp-content\/uploads\/2011\/11\/Nasen2.jpg\"><img loading=\"lazy\" decoding=\"async\" title=\"Nasen2\" src=\"http:\/\/collies-vom-floersbachtal.de\/cms\/wp-content\/uploads\/2011\/11\/Nasen2.jpg\" alt=\"\" width=\"1000\" height=\"667\"><\/a><\/h3>\n<p>ok, sortiert.&nbsp;<img decoding=\"async\" src=\"http:\/\/collies-vom-floersbachtal.de\/cms\/wp-includes\/images\/smilies\/icon_biggrin.gif\" alt=\":-D\"><br \/><a href=\"http:\/\/collies-vom-floersbachtal.de\/cms\/wp-content\/uploads\/2011\/11\/Maddox-und-Hanny1.jpg\"><img loading=\"lazy\" decoding=\"async\" title=\"Maddox und Hanny1\" src=\"http:\/\/collies-vom-floersbachtal.de\/cms\/wp-content\/uploads\/2011\/11\/Maddox-und-Hanny1.jpg\" alt=\"\" width=\"1000\" height=\"787\"><\/a><\/p>\n<h3><a href=\"http:\/\/collies-vom-floersbachtal.de\/cms\/wp-content\/uploads\/2011\/11\/Maddox-und-Hanny2.jpg\"><img loading=\"lazy\" decoding=\"async\" title=\"Maddox und Hanny2\" src=\"http:\/\/collies-vom-floersbachtal.de\/cms\/wp-content\/uploads\/2011\/11\/Maddox-und-Hanny2.jpg\" alt=\"\" width=\"1000\" height=\"538\"><\/a>Maddox \u00e4rgert seine Halbschwester Hanni.<\/h3>\n<h3><a href=\"http:\/\/collies-vom-floersbachtal.de\/cms\/wp-content\/uploads\/2011\/11\/Mylo3.jpg\"><img loading=\"lazy\" decoding=\"async\" title=\"Mylo3\" src=\"http:\/\/collies-vom-floersbachtal.de\/cms\/wp-content\/uploads\/2011\/11\/Mylo3.jpg\" alt=\"\" width=\"1000\" height=\"668\"><\/a><\/h3>\n<h3>S\u00fc\u00dfer Schatz&nbsp;<a href=\"http:\/\/collies-vom-floersbachtal.de\/cms\/wp-content\/uploads\/2011\/11\/Michl5-jpg.jpg\"><img loading=\"lazy\" decoding=\"async\" title=\"Michl5 jpg\" src=\"http:\/\/collies-vom-floersbachtal.de\/cms\/wp-content\/uploads\/2011\/11\/Michl5-jpg-551x1024.jpg\" alt=\"\" width=\"551\" height=\"1024\"><\/a><\/h3>\n<h3>Ich h\u00f6re ALLES&nbsp;<img decoding=\"async\" src=\"http:\/\/collies-vom-floersbachtal.de\/cms\/wp-includes\/images\/smilies\/icon_wink.gif\" alt=\";-)\"><a href=\"http:\/\/collies-vom-floersbachtal.de\/cms\/wp-content\/uploads\/2011\/11\/Hazel-und-Maddox1.jpg\"><img loading=\"lazy\" decoding=\"async\" title=\"Hazel und Maddox1\" src=\"http:\/\/collies-vom-floersbachtal.de\/cms\/wp-content\/uploads\/2011\/11\/Hazel-und-Maddox1.jpg\" alt=\"\" width=\"1000\" height=\"667\"><\/a><a href=\"http:\/\/collies-vom-floersbachtal.de\/cms\/wp-content\/uploads\/2011\/11\/Maddox2.jpg\"><img loading=\"lazy\" decoding=\"async\" title=\"Maddox2\" src=\"http:\/\/collies-vom-floersbachtal.de\/cms\/wp-content\/uploads\/2011\/11\/Maddox2-629x1024.jpg\" alt=\"\" width=\"629\" height=\"1024\"><\/a><\/h3>\n<h3>Maddox, genug getobt&nbsp;<img decoding=\"async\" src=\"http:\/\/collies-vom-floersbachtal.de\/cms\/wp-includes\/images\/smilies\/icon_wink.gif\" alt=\";-)\"><\/h3>\n<h2><strong>Nach der Pause und unserem Essen gings dann nochmal eine kleine Wanderung weiter. Allerdings waren Hanni und Mylo da schon auf dem Wege nach Hause.&nbsp;<img decoding=\"async\" src=\"http:\/\/collies-vom-floersbachtal.de\/cms\/wp-includes\/images\/smilies\/icon_sad.gif\" alt=\":-(\"><a href=\"http:\/\/collies-vom-floersbachtal.de\/cms\/wp-content\/uploads\/2011\/11\/Conny-und-3-I-chens-und-Balu1.jpg\"><img loading=\"lazy\" decoding=\"async\" title=\"Conny und 3 I-chens und Balu1\" src=\"http:\/\/collies-vom-floersbachtal.de\/cms\/wp-content\/uploads\/2011\/11\/Conny-und-3-I-chens-und-Balu1.jpg\" alt=\"\" width=\"1000\" height=\"880\"><\/a><\/strong><\/h2>\n<h3><a href=\"http:\/\/collies-vom-floersbachtal.de\/cms\/wp-content\/uploads\/2011\/11\/Conny-und-3-I-chens-und-Balu2.jpg\"><img loading=\"lazy\" decoding=\"async\" title=\"Conny und 3 I-chens und Balu2\" src=\"http:\/\/collies-vom-floersbachtal.de\/cms\/wp-content\/uploads\/2011\/11\/Conny-und-3-I-chens-und-Balu2-952x1024.jpg\" alt=\"\" width=\"640\" height=\"688\"><\/a>Balu kontrolliert seine Tochter<a href=\"http:\/\/collies-vom-floersbachtal.de\/cms\/wp-content\/uploads\/2011\/11\/die-Ichens-und-Papa-mit-UrurOma-Ginger.jpg\"><img loading=\"lazy\" decoding=\"async\" title=\"die Ichens und Papa mit UrurOma Ginger\" src=\"http:\/\/collies-vom-floersbachtal.de\/cms\/wp-content\/uploads\/2011\/11\/die-Ichens-und-Papa-mit-UrurOma-Ginger.jpg\" alt=\"\" width=\"1000\" height=\"501\"><\/a><\/h3>\n<h3><a href=\"http:\/\/collies-vom-floersbachtal.de\/cms\/wp-content\/uploads\/2011\/11\/Durst-l%C3%B6schen1.jpg\"><img loading=\"lazy\" decoding=\"async\" title=\"Durst l\u00f6schen1\" src=\"http:\/\/collies-vom-floersbachtal.de\/cms\/wp-content\/uploads\/2011\/11\/Durst-l%C3%B6schen1.jpg\" alt=\"\" width=\"1000\" height=\"676\"><\/a>puh, endlich was zu saufen\u2026<a href=\"http:\/\/collies-vom-floersbachtal.de\/cms\/wp-content\/uploads\/2011\/11\/Durst-l%C3%B6schen2.jpg\"><img loading=\"lazy\" decoding=\"async\" title=\"Durst l\u00f6schen2\" src=\"http:\/\/collies-vom-floersbachtal.de\/cms\/wp-content\/uploads\/2011\/11\/Durst-l%C3%B6schen2.jpg\" alt=\"\" width=\"1000\" height=\"672\"><\/a><\/h3>\n<h3><a href=\"http:\/\/collies-vom-floersbachtal.de\/cms\/wp-content\/uploads\/2011\/11\/Durst-l%C3%B6schen4.jpg\"><img loading=\"lazy\" decoding=\"async\" title=\"Durst l\u00f6schen4\" src=\"http:\/\/collies-vom-floersbachtal.de\/cms\/wp-content\/uploads\/2011\/11\/Durst-l%C3%B6schen4.jpg\" alt=\"\" width=\"1000\" height=\"696\"><\/a>Jeanny hat keinen Durst&nbsp;<img decoding=\"async\" src=\"http:\/\/collies-vom-floersbachtal.de\/cms\/wp-includes\/images\/smilies\/icon_wink.gif\" alt=\";-)\"><a href=\"http:\/\/collies-vom-floersbachtal.de\/cms\/wp-content\/uploads\/2011\/11\/Oma-und-Hazel1.jpg\"><img loading=\"lazy\" decoding=\"async\" title=\"Oma und Hazel1\" src=\"http:\/\/collies-vom-floersbachtal.de\/cms\/wp-content\/uploads\/2011\/11\/Oma-und-Hazel1.jpg\" alt=\"\" width=\"1000\" height=\"898\"><\/a><\/h3>\n<h3><a href=\"http:\/\/collies-vom-floersbachtal.de\/cms\/wp-content\/uploads\/2011\/11\/Maddox-und-Schwester-Hazel1.jpg\"><img loading=\"lazy\" decoding=\"async\" title=\"Maddox und Schwester Hazel1\" src=\"http:\/\/collies-vom-floersbachtal.de\/cms\/wp-content\/uploads\/2011\/11\/Maddox-und-Schwester-Hazel1.jpg\" alt=\"\" width=\"1000\" height=\"282\"><\/a><a href=\"http:\/\/collies-vom-floersbachtal.de\/cms\/wp-content\/uploads\/2011\/11\/Maddox-und-Schwester-Hazel2.jpg\"><img loading=\"lazy\" decoding=\"async\" title=\"Maddox und Schwester Hazel2\" src=\"http:\/\/collies-vom-floersbachtal.de\/cms\/wp-content\/uploads\/2011\/11\/Maddox-und-Schwester-Hazel2-982x1024.jpg\" alt=\"\" width=\"640\" height=\"667\"><\/a>Komm doch, \u00e4tschi b\u00e4tschi.<\/h3>\n<h3>Hazel wird sehr kontrolliert, alles mu\u00df seine Ordnung haben<a href=\"http:\/\/collies-vom-floersbachtal.de\/cms\/wp-content\/uploads\/2011\/11\/Oma-und-Hazel2.jpg\"><img loading=\"lazy\" decoding=\"async\" title=\"Oma und Hazel2\" src=\"http:\/\/collies-vom-floersbachtal.de\/cms\/wp-content\/uploads\/2011\/11\/Oma-und-Hazel2.jpg\" alt=\"\" width=\"1000\" height=\"912\"><\/a>und Michl scant die Umgebung genau wie seine Mama, aber der Papa hat alles im Blick. Tolle Eltern.&nbsp;<img decoding=\"async\" src=\"http:\/\/collies-vom-floersbachtal.de\/cms\/wp-includes\/images\/smilies\/icon_biggrin.gif\" alt=\":-D\"><a href=\"http:\/\/collies-vom-floersbachtal.de\/cms\/wp-content\/uploads\/2011\/11\/Ginger1-mit-85-Jahren.jpg\"><img loading=\"lazy\" decoding=\"async\" title=\"Ginger1 mit 8,5 Jahren\" src=\"http:\/\/collies-vom-floersbachtal.de\/cms\/wp-content\/uploads\/2011\/11\/Ginger1-mit-85-Jahren.jpg\" alt=\"\" width=\"1000\" height=\"567\"><\/a><\/h3>\n<h3>Mein M\u00e4dchen ist jetzt schon 8,5 Jahre, hoffe sie ist noch lange bei mir.<a href=\"http:\/\/collies-vom-floersbachtal.de\/cms\/wp-content\/uploads\/2011\/11\/Ginger2-mit-85-Jahren.jpg\"><img loading=\"lazy\" decoding=\"async\" title=\"Ginger2 mit 8,5 Jahren\" src=\"http:\/\/collies-vom-floersbachtal.de\/cms\/wp-content\/uploads\/2011\/11\/Ginger2-mit-85-Jahren.jpg\" alt=\"\" width=\"1000\" height=\"550\"><\/a><\/h3>\n<h2><strong>Dann gings ins Hotel und wir nach Hause, am n\u00e4chsten Morgen wollte der harte Kern noch mal zu uns kommen und dann Hancock und seine Familie besuchen, die ja gerade aus dem Urlaub zur\u00fcck waren.<a href=\"http:\/\/collies-vom-floersbachtal.de\/cms\/wp-content\/uploads\/2011\/11\/Maddox-im-Hotel1.jpg\"><img loading=\"lazy\" decoding=\"async\" title=\"Maddox im Hotel1\" src=\"http:\/\/collies-vom-floersbachtal.de\/cms\/wp-content\/uploads\/2011\/11\/Maddox-im-Hotel1.jpg\" alt=\"\" width=\"1000\" height=\"820\"><\/a><\/strong><\/h2>\n<h3>Frauli du kannst das n\u00e4chste Mal in meinem K\u00f6rbchen schlafen, ich nehme das kuschlige Bett.&nbsp;<img decoding=\"async\" src=\"http:\/\/collies-vom-floersbachtal.de\/cms\/wp-includes\/images\/smilies\/icon_razz.gif\" alt=\":-P\"><a href=\"http:\/\/collies-vom-floersbachtal.de\/cms\/wp-content\/uploads\/2011\/11\/Hazel-kommt1.jpg\"><img loading=\"lazy\" decoding=\"async\" title=\"Hazel kommt1\" src=\"http:\/\/collies-vom-floersbachtal.de\/cms\/wp-content\/uploads\/2011\/11\/Hazel-kommt1.jpg\" alt=\"\" width=\"1000\" height=\"667\"><\/a><\/h3>\n<h3>Oh hier war ich schon\u2026<a href=\"http:\/\/collies-vom-floersbachtal.de\/cms\/wp-content\/uploads\/2011\/11\/Maddox-und-Michl1.jpg\"><img loading=\"lazy\" decoding=\"async\" title=\"Maddox und Michl1\" src=\"http:\/\/collies-vom-floersbachtal.de\/cms\/wp-content\/uploads\/2011\/11\/Maddox-und-Michl1.jpg\" alt=\"\" width=\"1000\" height=\"661\"><\/a><\/h3>\n<p><a href=\"http:\/\/collies-vom-floersbachtal.de\/cms\/wp-content\/uploads\/2011\/11\/3-Ichens3.jpg\"><img loading=\"lazy\" decoding=\"async\" title=\"3 Ichens3\" src=\"http:\/\/collies-vom-floersbachtal.de\/cms\/wp-content\/uploads\/2011\/11\/3-Ichens3.jpg\" alt=\"\" width=\"1000\" height=\"748\"><\/a><\/p>\n<h3><a href=\"http:\/\/collies-vom-floersbachtal.de\/cms\/wp-content\/uploads\/2011\/11\/3-Ichens1.jpg\"><img loading=\"lazy\" decoding=\"async\" title=\"3 Ichens1\" src=\"http:\/\/collies-vom-floersbachtal.de\/cms\/wp-content\/uploads\/2011\/11\/3-Ichens1-979x1024.jpg\" alt=\"\" width=\"640\" height=\"669\"><\/a><a href=\"http:\/\/collies-vom-floersbachtal.de\/cms\/wp-content\/uploads\/2011\/11\/3-Ichens2.jpg\"><img loading=\"lazy\" decoding=\"async\" title=\"3 Ichens2\" src=\"http:\/\/collies-vom-floersbachtal.de\/cms\/wp-content\/uploads\/2011\/11\/3-Ichens2.jpg\" alt=\"\" width=\"1000\" height=\"667\"><\/a><a href=\"http:\/\/collies-vom-floersbachtal.de\/cms\/wp-content\/uploads\/2011\/11\/3-Ichens4.jpg\"><img loading=\"lazy\" decoding=\"async\" title=\"3 Ichens4\" src=\"http:\/\/collies-vom-floersbachtal.de\/cms\/wp-content\/uploads\/2011\/11\/3-Ichens4.jpg\" alt=\"\" width=\"1000\" height=\"668\"><\/a><a href=\"http:\/\/collies-vom-floersbachtal.de\/cms\/wp-content\/uploads\/2011\/11\/Hazel-und-Maddox3.jpg\"><img loading=\"lazy\" decoding=\"async\" title=\"Hazel und Maddox3\" src=\"http:\/\/collies-vom-floersbachtal.de\/cms\/wp-content\/uploads\/2011\/11\/Hazel-und-Maddox3.jpg\" alt=\"\" width=\"1000\" height=\"715\"><\/a><a href=\"http:\/\/collies-vom-floersbachtal.de\/cms\/wp-content\/uploads\/2011\/11\/Michl-und-Hazel1.jpg\"><img loading=\"lazy\" decoding=\"async\" title=\"Michl und Hazel1\" src=\"http:\/\/collies-vom-floersbachtal.de\/cms\/wp-content\/uploads\/2011\/11\/Michl-und-Hazel1.jpg\" alt=\"\" width=\"1000\" height=\"966\"><\/a><a href=\"http:\/\/collies-vom-floersbachtal.de\/cms\/wp-content\/uploads\/2011\/11\/Michl-und-Hazel2.jpg\"><img loading=\"lazy\" decoding=\"async\" title=\"Michl und Hazel2\" src=\"http:\/\/collies-vom-floersbachtal.de\/cms\/wp-content\/uploads\/2011\/11\/Michl-und-Hazel2.jpg\" alt=\"\" width=\"1000\" height=\"581\"><\/a>jetzt hat es Hazel gereicht\u2026<a href=\"http:\/\/collies-vom-floersbachtal.de\/cms\/wp-content\/uploads\/2011\/11\/Michl-und-Maddox11.jpg\"><img loading=\"lazy\" decoding=\"async\" title=\"Michl und Maddox1\" src=\"http:\/\/collies-vom-floersbachtal.de\/cms\/wp-content\/uploads\/2011\/11\/Michl-und-Maddox11.jpg\" alt=\"\" width=\"1000\" height=\"472\"><\/a><a href=\"http:\/\/collies-vom-floersbachtal.de\/cms\/wp-content\/uploads\/2011\/11\/Maddox32.jpg\"><img loading=\"lazy\" decoding=\"async\" title=\"Maddox3\" src=\"http:\/\/collies-vom-floersbachtal.de\/cms\/wp-content\/uploads\/2011\/11\/Maddox32.jpg\" alt=\"\" width=\"1000\" height=\"586\"><\/a><\/h3>\n<p><a href=\"http:\/\/collies-vom-floersbachtal.de\/cms\/wp-content\/uploads\/2011\/11\/Michl3.jpg\"><img loading=\"lazy\" decoding=\"async\" title=\"Michl3\" src=\"http:\/\/collies-vom-floersbachtal.de\/cms\/wp-content\/uploads\/2011\/11\/Michl3.jpg\" alt=\"\" width=\"1000\" height=\"667\"><\/a><\/p>\n<h3><a href=\"http:\/\/collies-vom-floersbachtal.de\/cms\/wp-content\/uploads\/2011\/11\/Maddox4.jpg\"><img loading=\"lazy\" decoding=\"async\" title=\"Maddox4\" src=\"http:\/\/collies-vom-floersbachtal.de\/cms\/wp-content\/uploads\/2011\/11\/Maddox4.jpg\" alt=\"\" width=\"1000\" height=\"751\"><\/a><a href=\"http:\/\/collies-vom-floersbachtal.de\/cms\/wp-content\/uploads\/2011\/11\/Maddox5.jpg\"><img loading=\"lazy\" decoding=\"async\" title=\"Maddox5\" src=\"http:\/\/collies-vom-floersbachtal.de\/cms\/wp-content\/uploads\/2011\/11\/Maddox5.jpg\" alt=\"\" width=\"1000\" height=\"742\"><\/a><a href=\"http:\/\/collies-vom-floersbachtal.de\/cms\/wp-content\/uploads\/2011\/11\/Hazel-wieder-Zuhause1.jpg\"><img loading=\"lazy\" decoding=\"async\" title=\"Hazel wieder Zuhause1\" src=\"http:\/\/collies-vom-floersbachtal.de\/cms\/wp-content\/uploads\/2011\/11\/Hazel-wieder-Zuhause1.jpg\" alt=\"\" width=\"1000\" height=\"667\"><\/a><a href=\"http:\/\/collies-vom-floersbachtal.de\/cms\/wp-content\/uploads\/2011\/11\/Hazel-und-Mama1.jpg\"><img loading=\"lazy\" decoding=\"async\" title=\"Hazel und Mama1\" src=\"http:\/\/collies-vom-floersbachtal.de\/cms\/wp-content\/uploads\/2011\/11\/Hazel-und-Mama1.jpg\" alt=\"\" width=\"1000\" height=\"758\"><\/a>Bow, wie siehst du denn aus??? So hab ich dich aber nicht entlassen\u2026:-( Der Michl war Schuld der hat mich immer umgeschmissen und der Maddox ist dann, weil er mir helfen wollte in Schiete gefallen\u2026deshalb stinkt es hier so&nbsp;<img decoding=\"async\" src=\"http:\/\/collies-vom-floersbachtal.de\/cms\/wp-includes\/images\/smilies\/icon_sad.gif\" alt=\":-(\"><a href=\"http:\/\/collies-vom-floersbachtal.de\/cms\/wp-content\/uploads\/2011\/11\/Hazel-und-Maddox-bei-Mama1.jpg\"><img loading=\"lazy\" decoding=\"async\" title=\"Hazel und Maddox bei Mama1\" src=\"http:\/\/collies-vom-floersbachtal.de\/cms\/wp-content\/uploads\/2011\/11\/Hazel-und-Maddox-bei-Mama1.jpg\" alt=\"\" width=\"1000\" height=\"861\"><\/a><\/h3>\n<h3><a href=\"http:\/\/collies-vom-floersbachtal.de\/cms\/wp-content\/uploads\/2011\/11\/Hazel-und-Maddox-bei-Mama2.jpg\"><img loading=\"lazy\" decoding=\"async\" title=\"Hazel und Maddox bei Mama2\" src=\"http:\/\/collies-vom-floersbachtal.de\/cms\/wp-content\/uploads\/2011\/11\/Hazel-und-Maddox-bei-Mama2.jpg\" alt=\"\" width=\"1000\" height=\"568\"><\/a><a href=\"http:\/\/collies-vom-floersbachtal.de\/cms\/wp-content\/uploads\/2011\/11\/Hazel-und-Mama11.jpg\"><img loading=\"lazy\" decoding=\"async\" title=\"Hazel und Mama1\" src=\"http:\/\/collies-vom-floersbachtal.de\/cms\/wp-content\/uploads\/2011\/11\/Hazel-und-Mama11.jpg\" alt=\"\" width=\"1000\" height=\"758\"><\/a><a href=\"http:\/\/collies-vom-floersbachtal.de\/cms\/wp-content\/uploads\/2011\/11\/Hazel-und-Mama2.jpg\"><img loading=\"lazy\" decoding=\"async\" title=\"Hazel und Mama2\" src=\"http:\/\/collies-vom-floersbachtal.de\/cms\/wp-content\/uploads\/2011\/11\/Hazel-und-Mama2.jpg\" alt=\"\" width=\"1000\" height=\"628\"><\/a><a href=\"http:\/\/collies-vom-floersbachtal.de\/cms\/wp-content\/uploads\/2011\/11\/Lia2.jpg\"><img loading=\"lazy\" decoding=\"async\" title=\"Lia2\" src=\"http:\/\/collies-vom-floersbachtal.de\/cms\/wp-content\/uploads\/2011\/11\/Lia2.jpg\" alt=\"\" width=\"1000\" height=\"774\"><\/a>diese G\u00f6ren&nbsp;<img decoding=\"async\" src=\"http:\/\/collies-vom-floersbachtal.de\/cms\/wp-includes\/images\/smilies\/icon_wink.gif\" alt=\";-)\"><a href=\"http:\/\/collies-vom-floersbachtal.de\/cms\/wp-content\/uploads\/2011\/11\/Lia3.jpg\"><img loading=\"lazy\" decoding=\"async\" title=\"Lia3\" src=\"http:\/\/collies-vom-floersbachtal.de\/cms\/wp-content\/uploads\/2011\/11\/Lia3.jpg\" alt=\"\" width=\"1000\" height=\"667\"><\/a><\/h3>\n<h3>Mein Gazellchen&nbsp;<img decoding=\"async\" src=\"http:\/\/collies-vom-floersbachtal.de\/cms\/wp-includes\/images\/smilies\/icon_biggrin.gif\" alt=\":-D\"><a href=\"http:\/\/collies-vom-floersbachtal.de\/cms\/wp-content\/uploads\/2011\/11\/Lia-und-Maddox1.jpg\"><img loading=\"lazy\" decoding=\"async\" title=\"Lia und Maddox1\" src=\"http:\/\/collies-vom-floersbachtal.de\/cms\/wp-content\/uploads\/2011\/11\/Lia-und-Maddox1.jpg\" alt=\"\" width=\"1000\" height=\"1005\"><\/a><\/h3>\n<h2><a href=\"http:\/\/collies-vom-floersbachtal.de\/cms\/wp-content\/uploads\/2011\/11\/Maddox-wieder-Zuhause1.jpg\"><img loading=\"lazy\" decoding=\"async\" title=\"Maddox wieder Zuhause1\" src=\"http:\/\/collies-vom-floersbachtal.de\/cms\/wp-content\/uploads\/2011\/11\/Maddox-wieder-Zuhause1.jpg\" alt=\"\" width=\"1000\" height=\"724\"><\/a><strong>Jetzt fahren wir zu Hancock&nbsp;<img decoding=\"async\" src=\"http:\/\/collies-vom-floersbachtal.de\/cms\/wp-includes\/images\/smilies\/icon_biggrin.gif\" alt=\":-D\"><a href=\"http:\/\/collies-vom-floersbachtal.de\/cms\/wp-content\/uploads\/2011\/11\/Hancock-und-Maddox1.jpg\"><img loading=\"lazy\" decoding=\"async\" title=\"Hancock und Maddox1\" src=\"http:\/\/collies-vom-floersbachtal.de\/cms\/wp-content\/uploads\/2011\/11\/Hancock-und-Maddox1.jpg\" alt=\"\" width=\"1000\" height=\"720\"><\/a><a href=\"http:\/\/collies-vom-floersbachtal.de\/cms\/wp-content\/uploads\/2011\/11\/Hancock-und-Maddox3.jpg\"><img loading=\"lazy\" decoding=\"async\" title=\"Hancock und Maddox3\" src=\"http:\/\/collies-vom-floersbachtal.de\/cms\/wp-content\/uploads\/2011\/11\/Hancock-und-Maddox3.jpg\" alt=\"\" width=\"1000\" height=\"667\"><\/a><\/strong><\/h2>\n<h3><a href=\"http:\/\/collies-vom-floersbachtal.de\/cms\/wp-content\/uploads\/2011\/11\/Hancock-hats-aufs-Auge-bekommen.jpg\"><img loading=\"lazy\" decoding=\"async\" title=\"Hancock hats aufs Auge bekommen\" src=\"http:\/\/collies-vom-floersbachtal.de\/cms\/wp-content\/uploads\/2011\/11\/Hancock-hats-aufs-Auge-bekommen.jpg\" alt=\"\" width=\"1000\" height=\"667\"><\/a>Begr\u00fc\u00dfungswatschn :-O&nbsp; \u00c4h manno&nbsp;<a href=\"http:\/\/collies-vom-floersbachtal.de\/cms\/wp-content\/uploads\/2011\/11\/Hancock-Michl-und-Maddox1.jpg\"><img loading=\"lazy\" decoding=\"async\" title=\"Hancock, Michl und Maddox1\" src=\"http:\/\/collies-vom-floersbachtal.de\/cms\/wp-content\/uploads\/2011\/11\/Hancock-Michl-und-Maddox1.jpg\" alt=\"\" width=\"1000\" height=\"610\"><\/a><\/h3>\n<h2><a href=\"http:\/\/collies-vom-floersbachtal.de\/cms\/wp-content\/uploads\/2011\/11\/Hancock-Michl-und-Maddox2.jpg\"><img loading=\"lazy\" decoding=\"async\" title=\"Hancock, Michl und Maddox2\" src=\"http:\/\/collies-vom-floersbachtal.de\/cms\/wp-content\/uploads\/2011\/11\/Hancock-Michl-und-Maddox2.jpg\" alt=\"\" width=\"1000\" height=\"508\"><\/a><\/h2>\n<h3><a href=\"http:\/\/collies-vom-floersbachtal.de\/cms\/wp-content\/uploads\/2011\/11\/Hancock-Michl-und-Maddox3.jpg\"><img loading=\"lazy\" decoding=\"async\" title=\"Hancock, Michl und Maddox3\" src=\"http:\/\/collies-vom-floersbachtal.de\/cms\/wp-content\/uploads\/2011\/11\/Hancock-Michl-und-Maddox3.jpg\" alt=\"\" width=\"1000\" height=\"545\"><\/a>Nighty tut nur so, als wenn sie es nichts anginge.&nbsp;<img decoding=\"async\" src=\"http:\/\/collies-vom-floersbachtal.de\/cms\/wp-includes\/images\/smilies\/icon_wink.gif\" alt=\";-)\"><a href=\"http:\/\/collies-vom-floersbachtal.de\/cms\/wp-content\/uploads\/2011\/11\/Hancock-Michl-und-Maddox4.jpg\"><img loading=\"lazy\" decoding=\"async\" title=\"Hancock, Michl und Maddox4\" src=\"http:\/\/collies-vom-floersbachtal.de\/cms\/wp-content\/uploads\/2011\/11\/Hancock-Michl-und-Maddox4.jpg\" alt=\"\" width=\"1000\" height=\"496\"><\/a><\/h3>\n<p><a href=\"http:\/\/collies-vom-floersbachtal.de\/cms\/wp-content\/uploads\/2011\/11\/Hancock1.jpg\"><img loading=\"lazy\" decoding=\"async\" title=\"Hancock1\" src=\"http:\/\/collies-vom-floersbachtal.de\/cms\/wp-content\/uploads\/2011\/11\/Hancock1.jpg\" alt=\"\" width=\"1000\" height=\"667\"><\/a><\/p>\n<h2><a href=\"http:\/\/collies-vom-floersbachtal.de\/cms\/wp-content\/uploads\/2011\/11\/Hancock-Michl-und-Maddox5.jpg\"><img loading=\"lazy\" decoding=\"async\" title=\"Hancock, Michl und Maddox5\" src=\"http:\/\/collies-vom-floersbachtal.de\/cms\/wp-content\/uploads\/2011\/11\/Hancock-Michl-und-Maddox5.jpg\" alt=\"\" width=\"1000\" height=\"609\"><\/a><a href=\"http:\/\/collies-vom-floersbachtal.de\/cms\/wp-content\/uploads\/2011\/11\/Hancock-Michl-und-Maddox6.jpg\"><img loading=\"lazy\" decoding=\"async\" title=\"Hancock, Michl und Maddox6\" src=\"http:\/\/collies-vom-floersbachtal.de\/cms\/wp-content\/uploads\/2011\/11\/Hancock-Michl-und-Maddox6.jpg\" alt=\"\" width=\"1000\" height=\"854\"><\/a><\/h2>\n<h2>&nbsp;<\/h2>\n<h2><strong>Unser Welpentreffen war so sch\u00f6n, der Wettergott hatte es gut mit uns gemeint. Die I-chens hatten es organisiert und waren zahlreich erschienen, aber eine Maus hat w\u00fcrdevoll die H-chens vertreten, die s\u00fc\u00dfe Hanni&nbsp;<img decoding=\"async\" src=\"http:\/\/collies-vom-floersbachtal.de\/cms\/wp-includes\/images\/smilies\/icon_biggrin.gif\" alt=\":-D\"><a href=\"http:\/\/collies-vom-floersbachtal.de\/cms\/wp-content\/uploads\/2011\/11\/Welpentreffen-der-I-chens1-Mai-2019.jpg\"><img loading=\"lazy\" decoding=\"async\" title=\"Welpentreffen der I-chens1 Mai 2019\" src=\"http:\/\/collies-vom-floersbachtal.de\/cms\/wp-content\/uploads\/2011\/11\/Welpentreffen-der-I-chens1-Mai-2019-1024x649.jpg\" alt=\"\" width=\"640\" height=\"405\"><\/a>So sch\u00f6n alle auf einem Foto&nbsp;<img decoding=\"async\" src=\"http:\/\/collies-vom-floersbachtal.de\/cms\/wp-includes\/images\/smilies\/icon_razz.gif\" alt=\":-P\">&nbsp;&nbsp;<a href=\"http:\/\/collies-vom-floersbachtal.de\/cms\/wp-content\/uploads\/2011\/11\/Welpentreffen1-Mai-2019.jpg\"><img loading=\"lazy\" decoding=\"async\" title=\"Welpentreffen1 Mai 2019\" src=\"http:\/\/collies-vom-floersbachtal.de\/cms\/wp-content\/uploads\/2011\/11\/Welpentreffen1-Mai-2019.jpg\" alt=\"\" width=\"1000\" height=\"667\"><\/a><\/strong><\/h2>\n<h3><a href=\"http:\/\/collies-vom-floersbachtal.de\/cms\/wp-content\/uploads\/2011\/11\/Welpentreffen2-Mai-2019.jpg\"><img loading=\"lazy\" decoding=\"async\" title=\"Welpentreffen2 Mai 2019\" src=\"http:\/\/collies-vom-floersbachtal.de\/cms\/wp-content\/uploads\/2011\/11\/Welpentreffen2-Mai-2019.jpg\" alt=\"\" width=\"1000\" height=\"667\"><\/a>Die Wiedersehensfreude war gro\u00df, war doch Verena auch gekommen, schlie\u00dflich hat sie die I-chens ja zu einem gro\u00dfen Teil mit gro\u00df gezogen.&nbsp;<img decoding=\"async\" src=\"http:\/\/collies-vom-floersbachtal.de\/cms\/wp-includes\/images\/smilies\/icon_biggrin.gif\" alt=\":-D\">Hier freut sich Inola-Hazel sehr sie zu sehen.<a href=\"http:\/\/collies-vom-floersbachtal.de\/cms\/wp-content\/uploads\/2011\/11\/Welpentreffen7-Mai-2019.jpg\"><img loading=\"lazy\" decoding=\"async\" title=\"Welpentreffen7 Mai 2019\" src=\"http:\/\/collies-vom-floersbachtal.de\/cms\/wp-content\/uploads\/2011\/11\/Welpentreffen7-Mai-2019.jpg\" alt=\"\" width=\"1000\" height=\"740\"><\/a><\/h3>\n<h3><a href=\"http:\/\/collies-vom-floersbachtal.de\/cms\/wp-content\/uploads\/2011\/11\/Welpentreffen8-Mai-2019.jpg\"><img loading=\"lazy\" decoding=\"async\" title=\"Welpentreffen8 Mai 2019\" src=\"http:\/\/collies-vom-floersbachtal.de\/cms\/wp-content\/uploads\/2011\/11\/Welpentreffen8-Mai-2019.jpg\" alt=\"\" width=\"1000\" height=\"667\"><\/a>Hiiiilfe Frauli, die Mama kommt und will mich wieder erziehen\u2026&nbsp;<img decoding=\"async\" src=\"http:\/\/collies-vom-floersbachtal.de\/cms\/wp-includes\/images\/smilies\/icon_wink.gif\" alt=\";-)\"><a href=\"http:\/\/collies-vom-floersbachtal.de\/cms\/wp-content\/uploads\/2011\/11\/Welpentreffen9-Mai-2019.jpg\"><img loading=\"lazy\" decoding=\"async\" title=\"Welpentreffen9 Mai 2019\" src=\"http:\/\/collies-vom-floersbachtal.de\/cms\/wp-content\/uploads\/2011\/11\/Welpentreffen9-Mai-2019.jpg\" alt=\"\" width=\"1000\" height=\"731\"><\/a><\/h3>\n<h3>Papa Balu hat alles im Blick&nbsp;<img decoding=\"async\" src=\"http:\/\/collies-vom-floersbachtal.de\/cms\/wp-includes\/images\/smilies\/icon_biggrin.gif\" alt=\":-D\"><a href=\"http:\/\/collies-vom-floersbachtal.de\/cms\/wp-content\/uploads\/2011\/11\/Welpentreffen14-Mai-2019.jpg\"><img loading=\"lazy\" decoding=\"async\" title=\"Welpentreffen14 Mai 2019\" src=\"http:\/\/collies-vom-floersbachtal.de\/cms\/wp-content\/uploads\/2011\/11\/Welpentreffen14-Mai-2019.jpg\" alt=\"\" width=\"1000\" height=\"794\"><\/a><\/h3>\n<h3>Die heimlichen M-chens unter sich; Iceman-Mylo wird von Ibo-Maddox begr\u00fc\u00dft und hinten stehen Idefix-Michl und Inola-Hazel&nbsp;<img decoding=\"async\" src=\"http:\/\/collies-vom-floersbachtal.de\/cms\/wp-includes\/images\/smilies\/icon_smile.gif\" alt=\":-)\"><a href=\"http:\/\/collies-vom-floersbachtal.de\/cms\/wp-content\/uploads\/2011\/11\/Welpentreffen13-Mai-2019.jpg\"><img loading=\"lazy\" decoding=\"async\" title=\"Welpentreffen13 Mai 2019\" src=\"http:\/\/collies-vom-floersbachtal.de\/cms\/wp-content\/uploads\/2011\/11\/Welpentreffen13-Mai-2019.jpg\" alt=\"\" width=\"1000\" height=\"467\"><\/a><\/h3>\n<h3>Lia und ihre s\u00fc\u00dfen Kids&nbsp;<img decoding=\"async\" src=\"http:\/\/collies-vom-floersbachtal.de\/cms\/wp-includes\/images\/smilies\/icon_biggrin.gif\" alt=\":-D\"><a href=\"http:\/\/collies-vom-floersbachtal.de\/cms\/wp-content\/uploads\/2011\/11\/Welpentreffen15-Mai-2019.jpg\"><img loading=\"lazy\" decoding=\"async\" title=\"Welpentreffen15 Mai 2019\" src=\"http:\/\/collies-vom-floersbachtal.de\/cms\/wp-content\/uploads\/2011\/11\/Welpentreffen15-Mai-2019.jpg\" alt=\"\" width=\"1000\" height=\"667\"><\/a><\/h3>\n<h3><a href=\"http:\/\/collies-vom-floersbachtal.de\/cms\/wp-content\/uploads\/2011\/11\/Welpentreffen16-Mai-2019.jpg\"><img loading=\"lazy\" decoding=\"async\" title=\"Welpentreffen16 Mai 2019\" src=\"http:\/\/collies-vom-floersbachtal.de\/cms\/wp-content\/uploads\/2011\/11\/Welpentreffen16-Mai-2019.jpg\" alt=\"\" width=\"1000\" height=\"887\"><\/a><a href=\"http:\/\/collies-vom-floersbachtal.de\/cms\/wp-content\/uploads\/2011\/11\/Welpentreffen11-Mai-2019.jpg\"><img loading=\"lazy\" decoding=\"async\" title=\"Welpentreffen11 Mai 2019\" src=\"http:\/\/collies-vom-floersbachtal.de\/cms\/wp-content\/uploads\/2011\/11\/Welpentreffen11-Mai-2019-698x1024.jpg\" alt=\"\" width=\"640\" height=\"938\"><\/a><a href=\"http:\/\/collies-vom-floersbachtal.de\/cms\/wp-content\/uploads\/2011\/11\/Welpentreffen17-Mai-2019.jpg\"><img loading=\"lazy\" decoding=\"async\" title=\"Welpentreffen17 Mai 2019\" src=\"http:\/\/collies-vom-floersbachtal.de\/cms\/wp-content\/uploads\/2011\/11\/Welpentreffen17-Mai-2019.jpg\" alt=\"\" width=\"1000\" height=\"894\"><\/a>H\u00fcbsche Kinder haben die beiden hinbekommen. \ud83d\ude00<\/h3>\n<h1><strong>Welpentreffen von allen W\u00fcrfen im Juni 2018 in Mosborn<\/strong><\/h1>\n<p>Diesmal waren alle W\u00fcrfe vertreten,&nbsp; AUSSER die C-chens \ud83d\ude41<\/p>\n<h1><strong>Bei herrlichem Sommerwetter hatten wir ein sch\u00f6nes Welpentreffen hier im Fl\u00f6rsbachtal mit anschlie\u00dfendem Grillen und nettem Beisammensein. \ud83d\ude42<a href=\"http:\/\/collies-vom-floersbachtal.de\/cms\/wp-content\/uploads\/2011\/11\/Welpentreffen4-Juni-2018.jpg\"><img loading=\"lazy\" decoding=\"async\" title=\"Welpentreffen4 Juni 2018\" src=\"http:\/\/collies-vom-floersbachtal.de\/cms\/wp-content\/uploads\/2011\/11\/Welpentreffen4-Juni-2018.jpg\" alt=\"\" width=\"1000\" height=\"418\"><\/a><\/strong><\/h1>\n<p><a href=\"http:\/\/collies-vom-floersbachtal.de\/cms\/wp-content\/uploads\/2011\/11\/Welpentreffen1-Juni-2018.jpg\"><br \/><\/a><a href=\"http:\/\/collies-vom-floersbachtal.de\/cms\/wp-content\/uploads\/2011\/11\/Welpentreffen2-Juni-2018.jpg\"><img loading=\"lazy\" decoding=\"async\" title=\"Welpentreffen2 Juni 2018\" src=\"http:\/\/collies-vom-floersbachtal.de\/cms\/wp-content\/uploads\/2011\/11\/Welpentreffen2-Juni-2018.jpg\" alt=\"\" width=\"1000\" height=\"395\"><\/a><a href=\"http:\/\/collies-vom-floersbachtal.de\/cms\/wp-content\/uploads\/2011\/11\/Welpentreffen1-Juni-2018.jpg\"><br \/><img loading=\"lazy\" decoding=\"async\" title=\"Welpentreffen1 Juni 2018\" src=\"http:\/\/collies-vom-floersbachtal.de\/cms\/wp-content\/uploads\/2011\/11\/Welpentreffen1-Juni-2018.jpg\" alt=\"\" width=\"1000\" height=\"416\"><\/a><a href=\"http:\/\/collies-vom-floersbachtal.de\/cms\/wp-content\/uploads\/2011\/11\/Sally1-Emma-Juni18-Welpentreffen.jpeg\"><img loading=\"lazy\" decoding=\"async\" title=\"Sally1 (Emma) Juni18  Welpentreffen\" src=\"http:\/\/collies-vom-floersbachtal.de\/cms\/wp-content\/uploads\/2011\/11\/Sally1-Emma-Juni18-Welpentreffen-1024x678.jpg\" alt=\"\" width=\"640\" height=\"423\"><\/a><a href=\"http:\/\/collies-vom-floersbachtal.de\/cms\/wp-content\/uploads\/2011\/11\/Sally2-Emma-Juni18-Welpentreffen.jpeg\"><img loading=\"lazy\" decoding=\"async\" title=\"Sally2 (Emma) Juni18  Welpentreffen\" src=\"http:\/\/collies-vom-floersbachtal.de\/cms\/wp-content\/uploads\/2011\/11\/Sally2-Emma-Juni18-Welpentreffen-1024x678.jpg\" alt=\"\" width=\"640\" height=\"423\"><\/a><a href=\"http:\/\/collies-vom-floersbachtal.de\/cms\/wp-content\/uploads\/2011\/11\/Sally3-Emma-Juni18-Welpentreffen.jpeg\"><img loading=\"lazy\" decoding=\"async\" title=\"Sally3 (Emma) Juni18  Welpentreffen\" src=\"http:\/\/collies-vom-floersbachtal.de\/cms\/wp-content\/uploads\/2011\/11\/Sally3-Emma-Juni18-Welpentreffen-1024x635.jpg\" alt=\"\" width=\"640\" height=\"396\"><\/a><\/p>\n<p><a href=\"http:\/\/collies-vom-floersbachtal.de\/cms\/wp-content\/uploads\/2011\/11\/Welpentreffen8-Juni-2018.jpg\"><img loading=\"lazy\" decoding=\"async\" title=\"Welpentreffen8 Juni 2018\" src=\"http:\/\/collies-vom-floersbachtal.de\/cms\/wp-content\/uploads\/2011\/11\/Welpentreffen8-Juni-2018-1024x681.jpg\" alt=\"\" width=\"640\" height=\"425\"><\/a><\/p>\n<p><a href=\"http:\/\/collies-vom-floersbachtal.de\/cms\/wp-content\/uploads\/2011\/11\/Welpentreffen5-Juni-2018.jpg\"><img loading=\"lazy\" decoding=\"async\" title=\"Welpentreffen5 Juni 2018\" src=\"http:\/\/collies-vom-floersbachtal.de\/cms\/wp-content\/uploads\/2011\/11\/Welpentreffen5-Juni-2018-1024x681.jpg\" alt=\"\" width=\"640\" height=\"425\"><\/a><a href=\"http:\/\/collies-vom-floersbachtal.de\/cms\/wp-content\/uploads\/2011\/11\/Welpentreffen7-Juni-2018.jpg\"><img loading=\"lazy\" decoding=\"async\" title=\"Welpentreffen7 Juni 2018\" src=\"http:\/\/collies-vom-floersbachtal.de\/cms\/wp-content\/uploads\/2011\/11\/Welpentreffen7-Juni-2018-1024x682.jpg\" alt=\"\" width=\"640\" height=\"426\"><\/a><a href=\"http:\/\/collies-vom-floersbachtal.de\/cms\/wp-content\/uploads\/2011\/11\/Welpentreffen9-Juni-2018.jpg\"><img loading=\"lazy\" decoding=\"async\" title=\"Welpentreffen9 Juni 2018\" src=\"http:\/\/collies-vom-floersbachtal.de\/cms\/wp-content\/uploads\/2011\/11\/Welpentreffen9-Juni-2018-1024x682.jpg\" alt=\"\" width=\"640\" height=\"426\"><\/a><a href=\"http:\/\/collies-vom-floersbachtal.de\/cms\/wp-content\/uploads\/2011\/11\/Welpentreffen11-Juni-2018.jpg\"><img loading=\"lazy\" decoding=\"async\" title=\"Welpentreffen11 Juni 2018\" src=\"http:\/\/collies-vom-floersbachtal.de\/cms\/wp-content\/uploads\/2011\/11\/Welpentreffen11-Juni-2018-1024x816.jpg\" alt=\"\" width=\"640\" height=\"510\"><\/a><a href=\"http:\/\/collies-vom-floersbachtal.de\/cms\/wp-content\/uploads\/2011\/11\/Welpentreffen13-Juni-2018.jpg\"><img loading=\"lazy\" decoding=\"async\" title=\"Welpentreffen13 Juni 2018\" src=\"http:\/\/collies-vom-floersbachtal.de\/cms\/wp-content\/uploads\/2011\/11\/Welpentreffen13-Juni-2018-1024x682.jpg\" alt=\"\" width=\"640\" height=\"426\"><\/a><a href=\"http:\/\/collies-vom-floersbachtal.de\/cms\/wp-content\/uploads\/2011\/11\/Welpentreffen15-Juni-2018.jpg\"><img loading=\"lazy\" decoding=\"async\" title=\"Welpentreffen15 Juni 2018\" src=\"http:\/\/collies-vom-floersbachtal.de\/cms\/wp-content\/uploads\/2011\/11\/Welpentreffen15-Juni-2018-1024x682.jpg\" alt=\"\" width=\"640\" height=\"426\"><\/a><a href=\"http:\/\/collies-vom-floersbachtal.de\/cms\/wp-content\/uploads\/2011\/11\/Welpentreffen19-Juni-2018.jpg\"><img loading=\"lazy\" decoding=\"async\" title=\"Welpentreffen19 Juni 2018\" src=\"http:\/\/collies-vom-floersbachtal.de\/cms\/wp-content\/uploads\/2011\/11\/Welpentreffen19-Juni-2018-1024x682.jpg\" alt=\"\" width=\"640\" height=\"426\"><\/a><a href=\"http:\/\/collies-vom-floersbachtal.de\/cms\/wp-content\/uploads\/2011\/11\/Welpentreffen17-Juni-2018.jpg\"><img loading=\"lazy\" decoding=\"async\" title=\"Welpentreffen17 Juni 2018\" src=\"http:\/\/collies-vom-floersbachtal.de\/cms\/wp-content\/uploads\/2011\/11\/Welpentreffen17-Juni-2018-1024x682.jpg\" alt=\"\" width=\"640\" height=\"426\"><\/a><a href=\"http:\/\/collies-vom-floersbachtal.de\/cms\/wp-content\/uploads\/2011\/11\/Welpentreffen22-Juni-2018.jpg\"><img loading=\"lazy\" decoding=\"async\" title=\"Welpentreffen22 Juni 2018\" src=\"http:\/\/collies-vom-floersbachtal.de\/cms\/wp-content\/uploads\/2011\/11\/Welpentreffen22-Juni-2018-1024x682.jpg\" alt=\"\" width=\"640\" height=\"426\"><\/a><a href=\"http:\/\/collies-vom-floersbachtal.de\/cms\/wp-content\/uploads\/2011\/11\/Welpentreffen24-Juni-2018.jpg\"><img loading=\"lazy\" decoding=\"async\" title=\"Welpentreffen24 Juni 2018\" src=\"http:\/\/collies-vom-floersbachtal.de\/cms\/wp-content\/uploads\/2011\/11\/Welpentreffen24-Juni-2018-1024x682.jpg\" alt=\"\" width=\"640\" height=\"426\"><\/a><\/p>\n<p><strong><a href=\"http:\/\/collies-vom-floersbachtal.de\/cms\/wp-content\/uploads\/2013\/09\/Welpentreffen21-Juni-2018.jpg\"><img loading=\"lazy\" decoding=\"async\" class=\"aligncenter size-medium wp-image-23022\" title=\"Welpentreffen21 Juni 2018\" src=\"http:\/\/collies-vom-floersbachtal.de\/cms\/wp-content\/uploads\/2013\/09\/Welpentreffen21-Juni-2018-300x200.jpg\" alt=\"\" width=\"300\" height=\"200\" srcset=\"https:\/\/collies-vom-floersbachtal.de\/cms\/wp-content\/uploads\/2013\/09\/Welpentreffen21-Juni-2018-300x200.jpg 300w, https:\/\/collies-vom-floersbachtal.de\/cms\/wp-content\/uploads\/2013\/09\/Welpentreffen21-Juni-2018-1024x682.jpg 1024w, https:\/\/collies-vom-floersbachtal.de\/cms\/wp-content\/uploads\/2013\/09\/Welpentreffen21-Juni-2018.jpg 1296w\" sizes=\"auto, (max-width: 300px) 100vw, 300px\" \/><\/a><a href=\"http:\/\/collies-vom-floersbachtal.de\/cms\/wp-content\/uploads\/2013\/09\/Welpentreffen20-Juni-2018.jpg\"><img loading=\"lazy\" decoding=\"async\" class=\"aligncenter size-large wp-image-23023\" title=\"Welpentreffen20 Juni 2018\" src=\"http:\/\/collies-vom-floersbachtal.de\/cms\/wp-content\/uploads\/2013\/09\/Welpentreffen20-Juni-2018-1024x682.jpg\" alt=\"\" width=\"640\" height=\"426\" srcset=\"https:\/\/collies-vom-floersbachtal.de\/cms\/wp-content\/uploads\/2013\/09\/Welpentreffen20-Juni-2018-1024x682.jpg 1024w, https:\/\/collies-vom-floersbachtal.de\/cms\/wp-content\/uploads\/2013\/09\/Welpentreffen20-Juni-2018-300x200.jpg 300w, https:\/\/collies-vom-floersbachtal.de\/cms\/wp-content\/uploads\/2013\/09\/Welpentreffen20-Juni-2018.jpg 1296w\" sizes=\"auto, (max-width: 640px) 100vw, 640px\" \/><\/a>&nbsp;<a href=\"http:\/\/collies-vom-floersbachtal.de\/cms\/wp-content\/uploads\/2013\/09\/Welpentreffen16-Juni-2018.jpg\"><img loading=\"lazy\" decoding=\"async\" class=\"aligncenter size-large wp-image-23024\" title=\"Welpentreffen16 Juni 2018\" src=\"http:\/\/collies-vom-floersbachtal.de\/cms\/wp-content\/uploads\/2013\/09\/Welpentreffen16-Juni-2018-1024x682.jpg\" alt=\"\" width=\"640\" height=\"426\" srcset=\"https:\/\/collies-vom-floersbachtal.de\/cms\/wp-content\/uploads\/2013\/09\/Welpentreffen16-Juni-2018-1024x682.jpg 1024w, https:\/\/collies-vom-floersbachtal.de\/cms\/wp-content\/uploads\/2013\/09\/Welpentreffen16-Juni-2018-300x200.jpg 300w, https:\/\/collies-vom-floersbachtal.de\/cms\/wp-content\/uploads\/2013\/09\/Welpentreffen16-Juni-2018.jpg 1296w\" sizes=\"auto, (max-width: 640px) 100vw, 640px\" \/><\/a><\/strong><\/p>\n<p><a href=\"http:\/\/collies-vom-floersbachtal.de\/cms\/wp-content\/uploads\/2013\/09\/Welpentreffen53-Juni-2018.jpg\"><img loading=\"lazy\" decoding=\"async\" class=\"aligncenter size-full wp-image-23025\" title=\"Welpentreffen53 Juni 2018\" src=\"http:\/\/collies-vom-floersbachtal.de\/cms\/wp-content\/uploads\/2013\/09\/Welpentreffen53-Juni-2018.jpg\" alt=\"\" width=\"1000\" height=\"754\" srcset=\"https:\/\/collies-vom-floersbachtal.de\/cms\/wp-content\/uploads\/2013\/09\/Welpentreffen53-Juni-2018.jpg 1000w, https:\/\/collies-vom-floersbachtal.de\/cms\/wp-content\/uploads\/2013\/09\/Welpentreffen53-Juni-2018-300x226.jpg 300w\" sizes=\"auto, (max-width: 1000px) 100vw, 1000px\" \/><\/a><a href=\"http:\/\/collies-vom-floersbachtal.de\/cms\/wp-content\/uploads\/2013\/09\/Welpentreffen54-Juni-2018.jpg\"><img loading=\"lazy\" decoding=\"async\" class=\"aligncenter size-medium wp-image-23026\" title=\"Welpentreffen54 Juni 2018\" src=\"http:\/\/collies-vom-floersbachtal.de\/cms\/wp-content\/uploads\/2013\/09\/Welpentreffen54-Juni-2018-300x242.jpg\" alt=\"\" width=\"300\" height=\"242\" srcset=\"https:\/\/collies-vom-floersbachtal.de\/cms\/wp-content\/uploads\/2013\/09\/Welpentreffen54-Juni-2018-300x242.jpg 300w, https:\/\/collies-vom-floersbachtal.de\/cms\/wp-content\/uploads\/2013\/09\/Welpentreffen54-Juni-2018.jpg 1000w\" sizes=\"auto, (max-width: 300px) 100vw, 300px\" \/><\/a><a href=\"http:\/\/collies-vom-floersbachtal.de\/cms\/wp-content\/uploads\/2013\/09\/Welpentreffen58-Juni-2018.jpg\"><img loading=\"lazy\" decoding=\"async\" class=\"aligncenter size-full wp-image-23027\" title=\"Welpentreffen58 Juni 2018\" src=\"http:\/\/collies-vom-floersbachtal.de\/cms\/wp-content\/uploads\/2013\/09\/Welpentreffen58-Juni-2018.jpg\" alt=\"\" width=\"1000\" height=\"726\" srcset=\"https:\/\/collies-vom-floersbachtal.de\/cms\/wp-content\/uploads\/2013\/09\/Welpentreffen58-Juni-2018.jpg 1000w, https:\/\/collies-vom-floersbachtal.de\/cms\/wp-content\/uploads\/2013\/09\/Welpentreffen58-Juni-2018-300x217.jpg 300w\" sizes=\"auto, (max-width: 1000px) 100vw, 1000px\" \/><\/a><a href=\"http:\/\/collies-vom-floersbachtal.de\/cms\/wp-content\/uploads\/2013\/09\/Welpentreffen59-Juni-2018.jpg\"><img loading=\"lazy\" decoding=\"async\" class=\"aligncenter size-medium wp-image-23028\" title=\"Welpentreffen59 Juni 2018\" src=\"http:\/\/collies-vom-floersbachtal.de\/cms\/wp-content\/uploads\/2013\/09\/Welpentreffen59-Juni-2018-300x199.jpg\" alt=\"\" width=\"300\" height=\"199\" srcset=\"https:\/\/collies-vom-floersbachtal.de\/cms\/wp-content\/uploads\/2013\/09\/Welpentreffen59-Juni-2018-300x199.jpg 300w, https:\/\/collies-vom-floersbachtal.de\/cms\/wp-content\/uploads\/2013\/09\/Welpentreffen59-Juni-2018.jpg 1000w\" sizes=\"auto, (max-width: 300px) 100vw, 300px\" \/><\/a><a href=\"http:\/\/collies-vom-floersbachtal.de\/cms\/wp-content\/uploads\/2013\/09\/Welpentreffen60-Juni-2018.jpg\"><img loading=\"lazy\" decoding=\"async\" class=\"aligncenter size-medium wp-image-23029\" title=\"Welpentreffen60 Juni 2018\" src=\"http:\/\/collies-vom-floersbachtal.de\/cms\/wp-content\/uploads\/2013\/09\/Welpentreffen60-Juni-2018-300x258.jpg\" alt=\"\" width=\"300\" height=\"258\" srcset=\"https:\/\/collies-vom-floersbachtal.de\/cms\/wp-content\/uploads\/2013\/09\/Welpentreffen60-Juni-2018-300x258.jpg 300w, https:\/\/collies-vom-floersbachtal.de\/cms\/wp-content\/uploads\/2013\/09\/Welpentreffen60-Juni-2018.jpg 1000w\" sizes=\"auto, (max-width: 300px) 100vw, 300px\" \/><\/a><a href=\"http:\/\/collies-vom-floersbachtal.de\/cms\/wp-content\/uploads\/2013\/09\/Welpentreffen61-Juni-2018.jpg\"><img loading=\"lazy\" decoding=\"async\" class=\"aligncenter size-medium wp-image-23030\" title=\"Welpentreffen61 Juni 2018\" src=\"http:\/\/collies-vom-floersbachtal.de\/cms\/wp-content\/uploads\/2013\/09\/Welpentreffen61-Juni-2018-300x139.jpg\" alt=\"\" width=\"300\" height=\"139\" srcset=\"https:\/\/collies-vom-floersbachtal.de\/cms\/wp-content\/uploads\/2013\/09\/Welpentreffen61-Juni-2018-300x139.jpg 300w, https:\/\/collies-vom-floersbachtal.de\/cms\/wp-content\/uploads\/2013\/09\/Welpentreffen61-Juni-2018.jpg 1000w\" sizes=\"auto, (max-width: 300px) 100vw, 300px\" \/><\/a><\/p>\n<p><a href=\"http:\/\/collies-vom-floersbachtal.de\/cms\/wp-content\/uploads\/2013\/09\/Welpentreffen71-Juni-2018.jpg\"><img loading=\"lazy\" decoding=\"async\" class=\"aligncenter size-medium wp-image-23039\" title=\"Welpentreffen71 Juni 2018\" src=\"http:\/\/collies-vom-floersbachtal.de\/cms\/wp-content\/uploads\/2013\/09\/Welpentreffen71-Juni-2018-300x285.jpg\" alt=\"\" width=\"300\" height=\"285\" srcset=\"https:\/\/collies-vom-floersbachtal.de\/cms\/wp-content\/uploads\/2013\/09\/Welpentreffen71-Juni-2018-300x285.jpg 300w, https:\/\/collies-vom-floersbachtal.de\/cms\/wp-content\/uploads\/2013\/09\/Welpentreffen71-Juni-2018.jpg 1000w\" sizes=\"auto, (max-width: 300px) 100vw, 300px\" \/><\/a><\/p>\n<p><a href=\"http:\/\/collies-vom-floersbachtal.de\/cms\/wp-content\/uploads\/2013\/09\/Welpentreffen11-Juni-2018.jpg\"><img loading=\"lazy\" decoding=\"async\" class=\"aligncenter size-medium wp-image-23042\" title=\"Welpentreffen11 Juni 2018\" src=\"http:\/\/collies-vom-floersbachtal.de\/cms\/wp-content\/uploads\/2013\/09\/Welpentreffen11-Juni-2018-300x239.jpg\" alt=\"\" width=\"300\" height=\"239\" srcset=\"https:\/\/collies-vom-floersbachtal.de\/cms\/wp-content\/uploads\/2013\/09\/Welpentreffen11-Juni-2018-300x239.jpg 300w, https:\/\/collies-vom-floersbachtal.de\/cms\/wp-content\/uploads\/2013\/09\/Welpentreffen11-Juni-2018-1024x816.jpg 1024w, https:\/\/collies-vom-floersbachtal.de\/cms\/wp-content\/uploads\/2013\/09\/Welpentreffen11-Juni-2018.jpg 1279w\" sizes=\"auto, (max-width: 300px) 100vw, 300px\" \/><\/a><\/p>\n<p><a href=\"http:\/\/collies-vom-floersbachtal.de\/cms\/wp-content\/uploads\/2013\/09\/Welpentreffen50-Juni-2018.jpg\"><img loading=\"lazy\" decoding=\"async\" class=\"aligncenter size-full wp-image-23055\" title=\"Welpentreffen50 Juni 2018\" src=\"http:\/\/collies-vom-floersbachtal.de\/cms\/wp-content\/uploads\/2013\/09\/Welpentreffen50-Juni-2018.jpg\" alt=\"\" width=\"1000\" height=\"666\" srcset=\"https:\/\/collies-vom-floersbachtal.de\/cms\/wp-content\/uploads\/2013\/09\/Welpentreffen50-Juni-2018.jpg 1000w, https:\/\/collies-vom-floersbachtal.de\/cms\/wp-content\/uploads\/2013\/09\/Welpentreffen50-Juni-2018-300x199.jpg 300w\" sizes=\"auto, (max-width: 1000px) 100vw, 1000px\" \/><\/a><\/p>\n<p><a href=\"http:\/\/collies-vom-floersbachtal.de\/cms\/wp-content\/uploads\/2013\/09\/Welpentreffen62-Juni-2018.jpg\"><img loading=\"lazy\" decoding=\"async\" class=\"aligncenter size-full wp-image-23031\" title=\"Welpentreffen62 Juni 2018\" src=\"http:\/\/collies-vom-floersbachtal.de\/cms\/wp-content\/uploads\/2013\/09\/Welpentreffen62-Juni-2018.jpg\" alt=\"\" width=\"1000\" height=\"585\" srcset=\"https:\/\/collies-vom-floersbachtal.de\/cms\/wp-content\/uploads\/2013\/09\/Welpentreffen62-Juni-2018.jpg 1000w, https:\/\/collies-vom-floersbachtal.de\/cms\/wp-content\/uploads\/2013\/09\/Welpentreffen62-Juni-2018-300x175.jpg 300w\" sizes=\"auto, (max-width: 1000px) 100vw, 1000px\" \/><\/a><a href=\"http:\/\/collies-vom-floersbachtal.de\/cms\/wp-content\/uploads\/2013\/09\/Welpentreffen63-Juni-2018.jpg\"><img loading=\"lazy\" decoding=\"async\" class=\"aligncenter size-full wp-image-23032\" title=\"Welpentreffen63 Juni 2018\" src=\"http:\/\/collies-vom-floersbachtal.de\/cms\/wp-content\/uploads\/2013\/09\/Welpentreffen63-Juni-2018.jpg\" alt=\"\" width=\"1000\" height=\"485\" srcset=\"https:\/\/collies-vom-floersbachtal.de\/cms\/wp-content\/uploads\/2013\/09\/Welpentreffen63-Juni-2018.jpg 1000w, https:\/\/collies-vom-floersbachtal.de\/cms\/wp-content\/uploads\/2013\/09\/Welpentreffen63-Juni-2018-300x145.jpg 300w\" sizes=\"auto, (max-width: 1000px) 100vw, 1000px\" \/><\/a><a href=\"http:\/\/collies-vom-floersbachtal.de\/cms\/wp-content\/uploads\/2013\/09\/Welpentreffen64-Juni-2018.jpg\"><img loading=\"lazy\" decoding=\"async\" class=\"aligncenter size-full wp-image-23033\" title=\"Welpentreffen64 Juni 2018\" src=\"http:\/\/collies-vom-floersbachtal.de\/cms\/wp-content\/uploads\/2013\/09\/Welpentreffen64-Juni-2018.jpg\" alt=\"\" width=\"1000\" height=\"817\" srcset=\"https:\/\/collies-vom-floersbachtal.de\/cms\/wp-content\/uploads\/2013\/09\/Welpentreffen64-Juni-2018.jpg 1000w, https:\/\/collies-vom-floersbachtal.de\/cms\/wp-content\/uploads\/2013\/09\/Welpentreffen64-Juni-2018-300x245.jpg 300w\" sizes=\"auto, (max-width: 1000px) 100vw, 1000px\" \/><\/a><a href=\"http:\/\/collies-vom-floersbachtal.de\/cms\/wp-content\/uploads\/2013\/09\/Welpentreffen66-Juni-2018.jpg\"><img loading=\"lazy\" decoding=\"async\" class=\"aligncenter size-medium wp-image-23034\" title=\"Welpentreffen66 Juni 2018\" src=\"http:\/\/collies-vom-floersbachtal.de\/cms\/wp-content\/uploads\/2013\/09\/Welpentreffen66-Juni-2018-300x98.jpg\" alt=\"\" width=\"300\" height=\"98\" srcset=\"https:\/\/collies-vom-floersbachtal.de\/cms\/wp-content\/uploads\/2013\/09\/Welpentreffen66-Juni-2018-300x98.jpg 300w, https:\/\/collies-vom-floersbachtal.de\/cms\/wp-content\/uploads\/2013\/09\/Welpentreffen66-Juni-2018.jpg 1000w\" sizes=\"auto, (max-width: 300px) 100vw, 300px\" \/><\/a><a href=\"http:\/\/collies-vom-floersbachtal.de\/cms\/wp-content\/uploads\/2013\/09\/Welpentreffen67-Juni-2018.jpg\"><img loading=\"lazy\" decoding=\"async\" class=\"aligncenter size-medium wp-image-23035\" title=\"Welpentreffen67 Juni 2018\" src=\"http:\/\/collies-vom-floersbachtal.de\/cms\/wp-content\/uploads\/2013\/09\/Welpentreffen67-Juni-2018-300x199.jpg\" alt=\"\" width=\"300\" height=\"199\" srcset=\"https:\/\/collies-vom-floersbachtal.de\/cms\/wp-content\/uploads\/2013\/09\/Welpentreffen67-Juni-2018-300x199.jpg 300w, https:\/\/collies-vom-floersbachtal.de\/cms\/wp-content\/uploads\/2013\/09\/Welpentreffen67-Juni-2018.jpg 1000w\" sizes=\"auto, (max-width: 300px) 100vw, 300px\" \/><\/a><a href=\"http:\/\/collies-vom-floersbachtal.de\/cms\/wp-content\/uploads\/2013\/09\/Welpentreffen68-Juni-2018.jpg\"><img loading=\"lazy\" decoding=\"async\" class=\"aligncenter size-full wp-image-23036\" title=\"Welpentreffen68 Juni 2018\" src=\"http:\/\/collies-vom-floersbachtal.de\/cms\/wp-content\/uploads\/2013\/09\/Welpentreffen68-Juni-2018.jpg\" alt=\"\" width=\"1000\" height=\"1990\" srcset=\"https:\/\/collies-vom-floersbachtal.de\/cms\/wp-content\/uploads\/2013\/09\/Welpentreffen68-Juni-2018.jpg 1000w, https:\/\/collies-vom-floersbachtal.de\/cms\/wp-content\/uploads\/2013\/09\/Welpentreffen68-Juni-2018-150x300.jpg 150w, https:\/\/collies-vom-floersbachtal.de\/cms\/wp-content\/uploads\/2013\/09\/Welpentreffen68-Juni-2018-514x1024.jpg 514w\" sizes=\"auto, (max-width: 1000px) 100vw, 1000px\" \/><\/a><a href=\"http:\/\/collies-vom-floersbachtal.de\/cms\/wp-content\/uploads\/2013\/09\/Welpentreffen69-Juni-2018.jpg\"><img loading=\"lazy\" decoding=\"async\" class=\"aligncenter size-full wp-image-23037\" title=\"Welpentreffen69 Juni 2018\" src=\"http:\/\/collies-vom-floersbachtal.de\/cms\/wp-content\/uploads\/2013\/09\/Welpentreffen69-Juni-2018.jpg\" alt=\"\" width=\"1000\" height=\"1200\" srcset=\"https:\/\/collies-vom-floersbachtal.de\/cms\/wp-content\/uploads\/2013\/09\/Welpentreffen69-Juni-2018.jpg 1000w, https:\/\/collies-vom-floersbachtal.de\/cms\/wp-content\/uploads\/2013\/09\/Welpentreffen69-Juni-2018-250x300.jpg 250w, https:\/\/collies-vom-floersbachtal.de\/cms\/wp-content\/uploads\/2013\/09\/Welpentreffen69-Juni-2018-853x1024.jpg 853w\" sizes=\"auto, (max-width: 1000px) 100vw, 1000px\" \/><\/a><a href=\"http:\/\/collies-vom-floersbachtal.de\/cms\/wp-content\/uploads\/2013\/09\/Welpentreffen70-Juni-2018.jpg\"><img loading=\"lazy\" decoding=\"async\" class=\"aligncenter size-full wp-image-23038\" title=\"Welpentreffen70 Juni 2018\" src=\"http:\/\/collies-vom-floersbachtal.de\/cms\/wp-content\/uploads\/2013\/09\/Welpentreffen70-Juni-2018.jpg\" alt=\"\" width=\"1000\" height=\"721\" srcset=\"https:\/\/collies-vom-floersbachtal.de\/cms\/wp-content\/uploads\/2013\/09\/Welpentreffen70-Juni-2018.jpg 1000w, https:\/\/collies-vom-floersbachtal.de\/cms\/wp-content\/uploads\/2013\/09\/Welpentreffen70-Juni-2018-300x216.jpg 300w\" sizes=\"auto, (max-width: 1000px) 100vw, 1000px\" \/><\/a><a href=\"http:\/\/collies-vom-floersbachtal.de\/cms\/wp-content\/uploads\/2013\/09\/Welpentreffen72-Juni-2018.jpg\"><img loading=\"lazy\" decoding=\"async\" class=\"aligncenter size-medium wp-image-23040\" title=\"Welpentreffen72 Juni 2018\" src=\"http:\/\/collies-vom-floersbachtal.de\/cms\/wp-content\/uploads\/2013\/09\/Welpentreffen72-Juni-2018-300x199.jpg\" alt=\"\" width=\"300\" height=\"199\" srcset=\"https:\/\/collies-vom-floersbachtal.de\/cms\/wp-content\/uploads\/2013\/09\/Welpentreffen72-Juni-2018-300x199.jpg 300w, https:\/\/collies-vom-floersbachtal.de\/cms\/wp-content\/uploads\/2013\/09\/Welpentreffen72-Juni-2018.jpg 1000w\" sizes=\"auto, (max-width: 300px) 100vw, 300px\" \/><\/a><a href=\"http:\/\/collies-vom-floersbachtal.de\/cms\/wp-content\/uploads\/2013\/09\/Welpentreffen13-Juni-2018.jpg\"><img loading=\"lazy\" decoding=\"async\" class=\"aligncenter size-medium wp-image-23041\" title=\"Welpentreffen13 Juni 2018\" src=\"http:\/\/collies-vom-floersbachtal.de\/cms\/wp-content\/uploads\/2013\/09\/Welpentreffen13-Juni-2018-300x200.jpg\" alt=\"\" width=\"300\" height=\"200\" srcset=\"https:\/\/collies-vom-floersbachtal.de\/cms\/wp-content\/uploads\/2013\/09\/Welpentreffen13-Juni-2018-300x200.jpg 300w, https:\/\/collies-vom-floersbachtal.de\/cms\/wp-content\/uploads\/2013\/09\/Welpentreffen13-Juni-2018-1024x682.jpg 1024w, https:\/\/collies-vom-floersbachtal.de\/cms\/wp-content\/uploads\/2013\/09\/Welpentreffen13-Juni-2018.jpg 1296w\" sizes=\"auto, (max-width: 300px) 100vw, 300px\" \/><\/a><a href=\"http:\/\/collies-vom-floersbachtal.de\/cms\/wp-content\/uploads\/2013\/09\/Welpentreffen28-Juni-2018.jpg\"><img loading=\"lazy\" decoding=\"async\" class=\"aligncenter size-full wp-image-23043\" title=\"Welpentreffen28 Juni 2018\" src=\"http:\/\/collies-vom-floersbachtal.de\/cms\/wp-content\/uploads\/2013\/09\/Welpentreffen28-Juni-2018.jpg\" alt=\"\" width=\"1000\" height=\"355\" srcset=\"https:\/\/collies-vom-floersbachtal.de\/cms\/wp-content\/uploads\/2013\/09\/Welpentreffen28-Juni-2018.jpg 1000w, https:\/\/collies-vom-floersbachtal.de\/cms\/wp-content\/uploads\/2013\/09\/Welpentreffen28-Juni-2018-300x106.jpg 300w\" sizes=\"auto, (max-width: 1000px) 100vw, 1000px\" \/><\/a><a href=\"http:\/\/collies-vom-floersbachtal.de\/cms\/wp-content\/uploads\/2013\/09\/Welpentreffen30-Juni-2018.jpg\"><img loading=\"lazy\" decoding=\"async\" class=\"aligncenter size-medium wp-image-23044\" title=\"Welpentreffen30 Juni 2018\" src=\"http:\/\/collies-vom-floersbachtal.de\/cms\/wp-content\/uploads\/2013\/09\/Welpentreffen30-Juni-2018-300x129.jpg\" alt=\"\" width=\"300\" height=\"129\" srcset=\"https:\/\/collies-vom-floersbachtal.de\/cms\/wp-content\/uploads\/2013\/09\/Welpentreffen30-Juni-2018-300x129.jpg 300w, https:\/\/collies-vom-floersbachtal.de\/cms\/wp-content\/uploads\/2013\/09\/Welpentreffen30-Juni-2018.jpg 1000w\" sizes=\"auto, (max-width: 300px) 100vw, 300px\" \/><\/a><a href=\"http:\/\/collies-vom-floersbachtal.de\/cms\/wp-content\/uploads\/2013\/09\/Welpentreffen35-Juni-2018.jpg\"><img loading=\"lazy\" decoding=\"async\" class=\"aligncenter size-medium wp-image-23045\" title=\"Welpentreffen35 Juni 2018\" src=\"http:\/\/collies-vom-floersbachtal.de\/cms\/wp-content\/uploads\/2013\/09\/Welpentreffen35-Juni-2018-300x199.jpg\" alt=\"\" width=\"300\" height=\"199\" srcset=\"https:\/\/collies-vom-floersbachtal.de\/cms\/wp-content\/uploads\/2013\/09\/Welpentreffen35-Juni-2018-300x199.jpg 300w, https:\/\/collies-vom-floersbachtal.de\/cms\/wp-content\/uploads\/2013\/09\/Welpentreffen35-Juni-2018.jpg 1000w\" sizes=\"auto, (max-width: 300px) 100vw, 300px\" \/><\/a><a href=\"http:\/\/collies-vom-floersbachtal.de\/cms\/wp-content\/uploads\/2013\/09\/Welpentreffen37-Juni-2018.jpg\"><img loading=\"lazy\" decoding=\"async\" class=\"aligncenter size-medium wp-image-23046\" title=\"Welpentreffen37 Juni 2018\" src=\"http:\/\/collies-vom-floersbachtal.de\/cms\/wp-content\/uploads\/2013\/09\/Welpentreffen37-Juni-2018-300x199.jpg\" alt=\"\" width=\"300\" height=\"199\" srcset=\"https:\/\/collies-vom-floersbachtal.de\/cms\/wp-content\/uploads\/2013\/09\/Welpentreffen37-Juni-2018-300x199.jpg 300w, https:\/\/collies-vom-floersbachtal.de\/cms\/wp-content\/uploads\/2013\/09\/Welpentreffen37-Juni-2018.jpg 1000w\" sizes=\"auto, (max-width: 300px) 100vw, 300px\" \/><\/a><a href=\"http:\/\/collies-vom-floersbachtal.de\/cms\/wp-content\/uploads\/2013\/09\/Welpentreffen38-Juni-2018.jpg\"><img loading=\"lazy\" decoding=\"async\" class=\"aligncenter size-full wp-image-23047\" title=\"Welpentreffen38 Juni 2018\" src=\"http:\/\/collies-vom-floersbachtal.de\/cms\/wp-content\/uploads\/2013\/09\/Welpentreffen38-Juni-2018.jpg\" alt=\"\" width=\"1000\" height=\"666\" srcset=\"https:\/\/collies-vom-floersbachtal.de\/cms\/wp-content\/uploads\/2013\/09\/Welpentreffen38-Juni-2018.jpg 1000w, https:\/\/collies-vom-floersbachtal.de\/cms\/wp-content\/uploads\/2013\/09\/Welpentreffen38-Juni-2018-300x199.jpg 300w\" sizes=\"auto, (max-width: 1000px) 100vw, 1000px\" \/><\/a><a href=\"http:\/\/collies-vom-floersbachtal.de\/cms\/wp-content\/uploads\/2013\/09\/Welpentreffen40-Juni-2018.jpg\"><img loading=\"lazy\" decoding=\"async\" class=\"aligncenter size-medium wp-image-23048\" title=\"Welpentreffen40 Juni 2018\" src=\"http:\/\/collies-vom-floersbachtal.de\/cms\/wp-content\/uploads\/2013\/09\/Welpentreffen40-Juni-2018-300x199.jpg\" alt=\"\" width=\"300\" height=\"199\" srcset=\"https:\/\/collies-vom-floersbachtal.de\/cms\/wp-content\/uploads\/2013\/09\/Welpentreffen40-Juni-2018-300x199.jpg 300w, https:\/\/collies-vom-floersbachtal.de\/cms\/wp-content\/uploads\/2013\/09\/Welpentreffen40-Juni-2018.jpg 1000w\" sizes=\"auto, (max-width: 300px) 100vw, 300px\" \/><\/a><a href=\"http:\/\/collies-vom-floersbachtal.de\/cms\/wp-content\/uploads\/2013\/09\/Welpentreffen41-Juni-2018.jpg\"><img loading=\"lazy\" decoding=\"async\" class=\"aligncenter size-medium wp-image-23049\" title=\"Welpentreffen41 Juni 2018\" src=\"http:\/\/collies-vom-floersbachtal.de\/cms\/wp-content\/uploads\/2013\/09\/Welpentreffen41-Juni-2018-300x199.jpg\" alt=\"\" width=\"300\" height=\"199\" srcset=\"https:\/\/collies-vom-floersbachtal.de\/cms\/wp-content\/uploads\/2013\/09\/Welpentreffen41-Juni-2018-300x199.jpg 300w, https:\/\/collies-vom-floersbachtal.de\/cms\/wp-content\/uploads\/2013\/09\/Welpentreffen41-Juni-2018.jpg 1000w\" sizes=\"auto, (max-width: 300px) 100vw, 300px\" \/><\/a><a href=\"http:\/\/collies-vom-floersbachtal.de\/cms\/wp-content\/uploads\/2013\/09\/Welpentreffen42-Juni-2018.jpg\"><img loading=\"lazy\" decoding=\"async\" class=\"aligncenter size-medium wp-image-23050\" title=\"Welpentreffen42 Juni 2018\" src=\"http:\/\/collies-vom-floersbachtal.de\/cms\/wp-content\/uploads\/2013\/09\/Welpentreffen42-Juni-2018-300x199.jpg\" alt=\"\" width=\"300\" height=\"199\" srcset=\"https:\/\/collies-vom-floersbachtal.de\/cms\/wp-content\/uploads\/2013\/09\/Welpentreffen42-Juni-2018-300x199.jpg 300w, https:\/\/collies-vom-floersbachtal.de\/cms\/wp-content\/uploads\/2013\/09\/Welpentreffen42-Juni-2018.jpg 1000w\" sizes=\"auto, (max-width: 300px) 100vw, 300px\" \/><\/a><a href=\"http:\/\/collies-vom-floersbachtal.de\/cms\/wp-content\/uploads\/2013\/09\/Welpentreffen46-Juni-2018.jpg\"><img loading=\"lazy\" decoding=\"async\" class=\"aligncenter size-medium wp-image-23051\" title=\"Welpentreffen46 Juni 2018\" src=\"http:\/\/collies-vom-floersbachtal.de\/cms\/wp-content\/uploads\/2013\/09\/Welpentreffen46-Juni-2018-300x199.jpg\" alt=\"\" width=\"300\" height=\"199\" srcset=\"https:\/\/collies-vom-floersbachtal.de\/cms\/wp-content\/uploads\/2013\/09\/Welpentreffen46-Juni-2018-300x199.jpg 300w, https:\/\/collies-vom-floersbachtal.de\/cms\/wp-content\/uploads\/2013\/09\/Welpentreffen46-Juni-2018.jpg 1000w\" sizes=\"auto, (max-width: 300px) 100vw, 300px\" \/><\/a><a href=\"http:\/\/collies-vom-floersbachtal.de\/cms\/wp-content\/uploads\/2013\/09\/Welpentreffen47-Juni-2018.jpg\"><img loading=\"lazy\" decoding=\"async\" class=\"aligncenter size-medium wp-image-23052\" title=\"Welpentreffen47 Juni 2018\" src=\"http:\/\/collies-vom-floersbachtal.de\/cms\/wp-content\/uploads\/2013\/09\/Welpentreffen47-Juni-2018-300x194.jpg\" alt=\"\" width=\"300\" height=\"194\" srcset=\"https:\/\/collies-vom-floersbachtal.de\/cms\/wp-content\/uploads\/2013\/09\/Welpentreffen47-Juni-2018-300x194.jpg 300w, https:\/\/collies-vom-floersbachtal.de\/cms\/wp-content\/uploads\/2013\/09\/Welpentreffen47-Juni-2018.jpg 1000w\" sizes=\"auto, (max-width: 300px) 100vw, 300px\" \/><\/a><a href=\"http:\/\/collies-vom-floersbachtal.de\/cms\/wp-content\/uploads\/2013\/09\/Welpentreffen48-Juni-2018.jpg\"><img loading=\"lazy\" decoding=\"async\" class=\"aligncenter size-medium wp-image-23053\" title=\"Welpentreffen48 Juni 2018\" src=\"http:\/\/collies-vom-floersbachtal.de\/cms\/wp-content\/uploads\/2013\/09\/Welpentreffen48-Juni-2018-300x209.jpg\" alt=\"\" width=\"300\" height=\"209\" srcset=\"https:\/\/collies-vom-floersbachtal.de\/cms\/wp-content\/uploads\/2013\/09\/Welpentreffen48-Juni-2018-300x209.jpg 300w, https:\/\/collies-vom-floersbachtal.de\/cms\/wp-content\/uploads\/2013\/09\/Welpentreffen48-Juni-2018.jpg 1000w\" sizes=\"auto, (max-width: 300px) 100vw, 300px\" \/><\/a><a href=\"http:\/\/collies-vom-floersbachtal.de\/cms\/wp-content\/uploads\/2013\/09\/Welpentreffen49-Juni-2018.jpg\"><img loading=\"lazy\" decoding=\"async\" class=\"aligncenter size-medium wp-image-23054\" title=\"Welpentreffen49 Juni 2018\" src=\"http:\/\/collies-vom-floersbachtal.de\/cms\/wp-content\/uploads\/2013\/09\/Welpentreffen49-Juni-2018-300x199.jpg\" alt=\"\" width=\"300\" height=\"199\" srcset=\"https:\/\/collies-vom-floersbachtal.de\/cms\/wp-content\/uploads\/2013\/09\/Welpentreffen49-Juni-2018-300x199.jpg 300w, https:\/\/collies-vom-floersbachtal.de\/cms\/wp-content\/uploads\/2013\/09\/Welpentreffen49-Juni-2018.jpg 1000w\" sizes=\"auto, (max-width: 300px) 100vw, 300px\" \/><\/a><br \/><strong>Wir hatten dieses Mal sogar 4 Gastcollies, einen Jackrusselwelpen und Ciello ein Edelmix dabei und alles lief super entspannt ab.&nbsp; \ud83d\ude00&nbsp; Von unseren Nachzuchten waren&nbsp; Dirty Dina, Endless Summer, Elly Elegance,&nbsp; Emma Peel &#8211; Sally, Fantastic Imana &#8211; Malou &amp; Glossi Chumani &#8211; Lilly zu Besuch und nat\u00fcrlich unsere Rasselbande die ja den A und den B-Wurf vertreten haben.<\/strong><\/p>\n<\/p>\n<h2><strong>Nun komme ich auch endlich dazu unser Welpentreffen bei Rossi &amp; Crischa vom 13. August 2016, den 3. Geburtstag unserer C-chens zu dokumentieren. \ud83d\ude00<br \/><\/strong><\/h2>\n<h2>Wir haben diesen wundersch\u00f6nen Tag mit ganz lieben Freunden, bei herrlichem Wetter genossen. <img decoding=\"async\" src=\"http:\/\/collies-vom-floersbachtal.de\/cms\/wp-includes\/images\/smilies\/icon_razz.gif\" alt=\":-P\"> <a href=\"http:\/\/collies-vom-floersbachtal.de\/cms\/wp-content\/uploads\/2013\/11\/Welpentreffen3-des-C-Wurfs-3.-geb.2016.jpg\"><img loading=\"lazy\" decoding=\"async\" title=\"Welpentreffen3 des C-Wurfs 3. geb.2016\" src=\"http:\/\/collies-vom-floersbachtal.de\/cms\/wp-content\/uploads\/2013\/11\/Welpentreffen3-des-C-Wurfs-3.-geb.2016.jpg\" alt=\"\" width=\"1000\" height=\"822\"><\/a>Rossi &amp; Crischa hatten geladen und aus allen Himmelsrichtungen waren die G\u00e4ste angereist, ob aus dem k\u00fchlen Ostfriesland, aus dem sch\u00f6nen Vogtland, dem hei\u00dfen Darmstatt, oder aus Gie\u00dfen und nat\u00fcrlich aus dem wundersch\u00f6nen Spessart <img decoding=\"async\" src=\"http:\/\/collies-vom-floersbachtal.de\/cms\/wp-includes\/images\/smilies\/icon_wink.gif\" alt=\";-)\"><\/h2>\n<p>Vom A-Wurf vertreten war: Akil-Balu, B-Wurf war es Baxter, C-Wurf waren es Crischa &amp; Captain Tayo, vom D-Wurf war es Dreamboy, jetzt Fietje und vom E-Wurf war Endless Summer (die ja eine Vollschwester zu den C-chens ist) f\u00fcr ihre Geschwister vertreten.&nbsp; <img decoding=\"async\" src=\"http:\/\/collies-vom-floersbachtal.de\/cms\/wp-includes\/images\/smilies\/icon_biggrin.gif\" alt=\":-D\"><\/p>\n<p><a href=\"http:\/\/collies-vom-floersbachtal.de\/cms\/wp-content\/uploads\/2013\/11\/Welpentreffen2-des-C-Wurfs-3.-geb.2016.jpg\"><img loading=\"lazy\" decoding=\"async\" title=\"Welpentreffen2 des C-Wurfs 3. geb.2016\" src=\"http:\/\/collies-vom-floersbachtal.de\/cms\/wp-content\/uploads\/2013\/11\/Welpentreffen2-des-C-Wurfs-3.-geb.2016.jpg\" alt=\"\" width=\"1000\" height=\"667\"><\/a><a href=\"http:\/\/collies-vom-floersbachtal.de\/cms\/wp-content\/uploads\/2013\/11\/Welpentreffen4-des-C-Wurfs-3.-geb.2016.jpg\"><img loading=\"lazy\" decoding=\"async\" title=\"Welpentreffen4 des C-Wurfs 3. geb.2016\" src=\"http:\/\/collies-vom-floersbachtal.de\/cms\/wp-content\/uploads\/2013\/11\/Welpentreffen4-des-C-Wurfs-3.-geb.2016.jpg\" alt=\"\" width=\"1000\" height=\"674\"><\/a>Nat\u00fcrlich waren auch noch viele andere Collies als Geburtstagsg\u00e4ste vertreten. <img decoding=\"async\" src=\"http:\/\/collies-vom-floersbachtal.de\/cms\/wp-includes\/images\/smilies\/icon_biggrin.gif\" alt=\":-D\"><\/p>\n<p>Viele hatten sich schon sehr lange nicht mehr gesehen und so konnte man sich gegenseitig ein bisschen austauschen und im&nbsp; k\u00fchlen Schatten bei erfrischenden Getr\u00e4nken und leckeren Salaten, oder dem k\u00f6stlichen Grillgut einfach mal so richtig gut gehen lassen und den tobenden Collies zuschauen. <img decoding=\"async\" src=\"http:\/\/collies-vom-floersbachtal.de\/cms\/wp-includes\/images\/smilies\/icon_biggrin.gif\" alt=\":-D\"> <a href=\"http:\/\/collies-vom-floersbachtal.de\/cms\/wp-content\/uploads\/2013\/11\/Welpentreffen6-des-C-Wurfs-3.-geb.2016.jpg\"><img loading=\"lazy\" decoding=\"async\" title=\"Welpentreffen6 des C-Wurfs 3. geb.2016\" src=\"http:\/\/collies-vom-floersbachtal.de\/cms\/wp-content\/uploads\/2013\/11\/Welpentreffen6-des-C-Wurfs-3.-geb.2016.jpg\" alt=\"\" width=\"1000\" height=\"597\"><\/a><a href=\"http:\/\/collies-vom-floersbachtal.de\/cms\/wp-content\/uploads\/2013\/11\/Welpentreffen7-des-C-Wurfs-3.-geb.2016.jpg\"><img loading=\"lazy\" decoding=\"async\" title=\"Welpentreffen7 des C-Wurfs 3. geb.2016\" src=\"http:\/\/collies-vom-floersbachtal.de\/cms\/wp-content\/uploads\/2013\/11\/Welpentreffen7-des-C-Wurfs-3.-geb.2016.jpg\" alt=\"\" width=\"1000\" height=\"769\"><\/a><a href=\"http:\/\/collies-vom-floersbachtal.de\/cms\/wp-content\/uploads\/2013\/11\/Welpentreffen5-des-C-Wurfs-3.-geb.20161.jpg\"><img loading=\"lazy\" decoding=\"async\" title=\"Welpentreffen5 des C-Wurfs 3. geb.2016\" src=\"http:\/\/collies-vom-floersbachtal.de\/cms\/wp-content\/uploads\/2013\/11\/Welpentreffen5-des-C-Wurfs-3.-geb.20161.jpg\" alt=\"\" width=\"1000\" height=\"748\"><\/a>Fiertje macht immer noch Blubberblasen im Wasser <img decoding=\"async\" src=\"http:\/\/collies-vom-floersbachtal.de\/cms\/wp-includes\/images\/smilies\/icon_wink.gif\" alt=\";-)\"> <img decoding=\"async\" src=\"http:\/\/collies-vom-floersbachtal.de\/cms\/wp-includes\/images\/smilies\/icon_razz.gif\" alt=\":-P\"> <a href=\"http:\/\/collies-vom-floersbachtal.de\/cms\/wp-content\/uploads\/2013\/11\/Welpentreffen1-des-C-Wurfs-3.-geb.2016.jpg\"><img loading=\"lazy\" decoding=\"async\" title=\"Welpentreffen1 des C-Wurfs 3. geb.2016\" src=\"http:\/\/collies-vom-floersbachtal.de\/cms\/wp-content\/uploads\/2013\/11\/Welpentreffen1-des-C-Wurfs-3.-geb.2016.jpg\" alt=\"\" width=\"1000\" height=\"589\"><\/a>Es war ein wundersch\u00f6ner Tag liebe Rossi und nat\u00fcrlich der lieben, helfenden Hand von Walli auch ein ganz dickes, liebes Dankesch\u00f6n <img decoding=\"async\" src=\"http:\/\/collies-vom-floersbachtal.de\/cms\/wp-includes\/images\/smilies\/icon_biggrin.gif\" alt=\":-D\"> <a href=\"http:\/\/collies-vom-floersbachtal.de\/cms\/wp-content\/uploads\/2013\/11\/Welpentreffen8-des-C-Wurfs-3.-geb.2016.jpg\"><img loading=\"lazy\" decoding=\"async\" title=\"Welpentreffen8 des C-Wurfs 3. geb.2016\" src=\"http:\/\/collies-vom-floersbachtal.de\/cms\/wp-content\/uploads\/2013\/11\/Welpentreffen8-des-C-Wurfs-3.-geb.2016.jpg\" alt=\"\" width=\"1000\" height=\"626\"><\/a><\/p>\n<h2>Bis zum n\u00e4chsten Mal, wir freuen uns \ud83d\ude00<\/h2>\n<h2>&nbsp;<\/h2>\n<h2><strong>Nachtr\u00e4glich von unserem Welpentreffen kommen noch Fotos von unseren lieben Ferieng\u00e4sten Anke &amp; Ralf mit Bella, guckst du \ud83d\ude1b<\/strong><\/h2>\n<p><a href=\"http:\/\/collies-vom-floersbachtal.de\/cms\/wp-content\/uploads\/2013\/09\/Welpentreffen-von-Anke3.jpg\"><img loading=\"lazy\" decoding=\"async\" class=\"alignleft size-medium wp-image-14786\" title=\"Welpentreffen von Anke3\" src=\"http:\/\/collies-vom-floersbachtal.de\/cms\/wp-content\/uploads\/2013\/09\/Welpentreffen-von-Anke3-300x225.jpg\" alt=\"\" width=\"300\" height=\"225\" srcset=\"https:\/\/collies-vom-floersbachtal.de\/cms\/wp-content\/uploads\/2013\/09\/Welpentreffen-von-Anke3-300x225.jpg 300w, https:\/\/collies-vom-floersbachtal.de\/cms\/wp-content\/uploads\/2013\/09\/Welpentreffen-von-Anke3-1024x768.jpg 1024w, https:\/\/collies-vom-floersbachtal.de\/cms\/wp-content\/uploads\/2013\/09\/Welpentreffen-von-Anke3.jpg 2048w\" sizes=\"auto, (max-width: 300px) 100vw, 300px\" \/><\/a><a href=\"http:\/\/collies-vom-floersbachtal.de\/cms\/wp-content\/uploads\/2013\/09\/Welpentreffen-von-Anke4.jpg\"><img loading=\"lazy\" decoding=\"async\" class=\"alignright size-medium wp-image-14787\" title=\"Welpentreffen von Anke4\" src=\"http:\/\/collies-vom-floersbachtal.de\/cms\/wp-content\/uploads\/2013\/09\/Welpentreffen-von-Anke4-300x225.jpg\" alt=\"\" width=\"300\" height=\"225\" srcset=\"https:\/\/collies-vom-floersbachtal.de\/cms\/wp-content\/uploads\/2013\/09\/Welpentreffen-von-Anke4-300x225.jpg 300w, https:\/\/collies-vom-floersbachtal.de\/cms\/wp-content\/uploads\/2013\/09\/Welpentreffen-von-Anke4-1024x768.jpg 1024w, https:\/\/collies-vom-floersbachtal.de\/cms\/wp-content\/uploads\/2013\/09\/Welpentreffen-von-Anke4.jpg 2048w\" sizes=\"auto, (max-width: 300px) 100vw, 300px\" \/><\/a><br \/><a href=\"http:\/\/collies-vom-floersbachtal.de\/cms\/wp-content\/uploads\/2013\/09\/Welpentreffen-von-Anke5.jpg\"><img loading=\"lazy\" decoding=\"async\" class=\"alignleft size-medium wp-image-14788\" title=\"Welpentreffen von Anke5\" src=\"http:\/\/collies-vom-floersbachtal.de\/cms\/wp-content\/uploads\/2013\/09\/Welpentreffen-von-Anke5-300x225.jpg\" alt=\"\" width=\"300\" height=\"225\" srcset=\"https:\/\/collies-vom-floersbachtal.de\/cms\/wp-content\/uploads\/2013\/09\/Welpentreffen-von-Anke5-300x225.jpg 300w, https:\/\/collies-vom-floersbachtal.de\/cms\/wp-content\/uploads\/2013\/09\/Welpentreffen-von-Anke5-1024x768.jpg 1024w, https:\/\/collies-vom-floersbachtal.de\/cms\/wp-content\/uploads\/2013\/09\/Welpentreffen-von-Anke5.jpg 2048w\" sizes=\"auto, (max-width: 300px) 100vw, 300px\" \/><\/a><a href=\"http:\/\/collies-vom-floersbachtal.de\/cms\/wp-content\/uploads\/2013\/09\/Welpentreffen-von-Anke6.jpg\"><img loading=\"lazy\" decoding=\"async\" class=\"alignright size-medium wp-image-14789\" title=\"Welpentreffen von Anke6\" src=\"http:\/\/collies-vom-floersbachtal.de\/cms\/wp-content\/uploads\/2013\/09\/Welpentreffen-von-Anke6-300x225.jpg\" alt=\"\" width=\"300\" height=\"225\" srcset=\"https:\/\/collies-vom-floersbachtal.de\/cms\/wp-content\/uploads\/2013\/09\/Welpentreffen-von-Anke6-300x225.jpg 300w, https:\/\/collies-vom-floersbachtal.de\/cms\/wp-content\/uploads\/2013\/09\/Welpentreffen-von-Anke6-1024x768.jpg 1024w, https:\/\/collies-vom-floersbachtal.de\/cms\/wp-content\/uploads\/2013\/09\/Welpentreffen-von-Anke6.jpg 2048w\" sizes=\"auto, (max-width: 300px) 100vw, 300px\" \/><\/a><br \/><a href=\"http:\/\/collies-vom-floersbachtal.de\/cms\/wp-content\/uploads\/2013\/09\/Welpentreffen-von-Anke10.jpg\"><img loading=\"lazy\" decoding=\"async\" class=\"alignleft size-medium wp-image-14790\" title=\"Welpentreffen von Anke10\" src=\"http:\/\/collies-vom-floersbachtal.de\/cms\/wp-content\/uploads\/2013\/09\/Welpentreffen-von-Anke10-300x200.jpg\" alt=\"\" width=\"300\" height=\"200\" srcset=\"https:\/\/collies-vom-floersbachtal.de\/cms\/wp-content\/uploads\/2013\/09\/Welpentreffen-von-Anke10-300x200.jpg 300w, https:\/\/collies-vom-floersbachtal.de\/cms\/wp-content\/uploads\/2013\/09\/Welpentreffen-von-Anke10.jpg 960w\" sizes=\"auto, (max-width: 300px) 100vw, 300px\" \/><\/a><a href=\"http:\/\/collies-vom-floersbachtal.de\/cms\/wp-content\/uploads\/2013\/09\/Welpentreffen-von-Anke11.jpg\"><img loading=\"lazy\" decoding=\"async\" class=\"alignright size-medium wp-image-14791\" title=\"Welpentreffen von Anke11\" src=\"http:\/\/collies-vom-floersbachtal.de\/cms\/wp-content\/uploads\/2013\/09\/Welpentreffen-von-Anke11-300x200.jpg\" alt=\"\" width=\"300\" height=\"200\" srcset=\"https:\/\/collies-vom-floersbachtal.de\/cms\/wp-content\/uploads\/2013\/09\/Welpentreffen-von-Anke11-300x200.jpg 300w, https:\/\/collies-vom-floersbachtal.de\/cms\/wp-content\/uploads\/2013\/09\/Welpentreffen-von-Anke11.jpg 960w\" sizes=\"auto, (max-width: 300px) 100vw, 300px\" \/><\/a><br \/><a href=\"http:\/\/collies-vom-floersbachtal.de\/cms\/wp-content\/uploads\/2013\/09\/Welpentreffen-von-Anke12.jpg\"><img loading=\"lazy\" decoding=\"async\" class=\"alignleft size-medium wp-image-14792\" title=\"Welpentreffen von Anke12\" src=\"http:\/\/collies-vom-floersbachtal.de\/cms\/wp-content\/uploads\/2013\/09\/Welpentreffen-von-Anke12-300x200.jpg\" alt=\"\" width=\"300\" height=\"200\" srcset=\"https:\/\/collies-vom-floersbachtal.de\/cms\/wp-content\/uploads\/2013\/09\/Welpentreffen-von-Anke12-300x200.jpg 300w, https:\/\/collies-vom-floersbachtal.de\/cms\/wp-content\/uploads\/2013\/09\/Welpentreffen-von-Anke12.jpg 960w\" sizes=\"auto, (max-width: 300px) 100vw, 300px\" \/><\/a><a href=\"http:\/\/collies-vom-floersbachtal.de\/cms\/wp-content\/uploads\/2013\/09\/Welpentreffen-von-Anke13.jpg\"><img loading=\"lazy\" decoding=\"async\" class=\"alignright size-medium wp-image-14793\" title=\"Welpentreffen von Anke13\" src=\"http:\/\/collies-vom-floersbachtal.de\/cms\/wp-content\/uploads\/2013\/09\/Welpentreffen-von-Anke13-300x200.jpg\" alt=\"\" width=\"300\" height=\"200\" srcset=\"https:\/\/collies-vom-floersbachtal.de\/cms\/wp-content\/uploads\/2013\/09\/Welpentreffen-von-Anke13-300x200.jpg 300w, https:\/\/collies-vom-floersbachtal.de\/cms\/wp-content\/uploads\/2013\/09\/Welpentreffen-von-Anke13.jpg 960w\" sizes=\"auto, (max-width: 300px) 100vw, 300px\" \/><\/a><br \/><a href=\"http:\/\/collies-vom-floersbachtal.de\/cms\/wp-content\/uploads\/2013\/09\/Welpentreffen-von-Anke14.jpg\"><img loading=\"lazy\" decoding=\"async\" class=\"alignleft size-medium wp-image-14794\" title=\"Welpentreffen von Anke14\" src=\"http:\/\/collies-vom-floersbachtal.de\/cms\/wp-content\/uploads\/2013\/09\/Welpentreffen-von-Anke14-300x200.jpg\" alt=\"\" width=\"300\" height=\"200\" srcset=\"https:\/\/collies-vom-floersbachtal.de\/cms\/wp-content\/uploads\/2013\/09\/Welpentreffen-von-Anke14-300x200.jpg 300w, https:\/\/collies-vom-floersbachtal.de\/cms\/wp-content\/uploads\/2013\/09\/Welpentreffen-von-Anke14.jpg 960w\" sizes=\"auto, (max-width: 300px) 100vw, 300px\" \/><\/a><a href=\"http:\/\/collies-vom-floersbachtal.de\/cms\/wp-content\/uploads\/2013\/09\/Welpentreffen-von-Anke15.jpg\"><img loading=\"lazy\" decoding=\"async\" class=\"alignright size-medium wp-image-14795\" title=\"Welpentreffen von Anke15\" src=\"http:\/\/collies-vom-floersbachtal.de\/cms\/wp-content\/uploads\/2013\/09\/Welpentreffen-von-Anke15-300x200.jpg\" alt=\"\" width=\"300\" height=\"200\" srcset=\"https:\/\/collies-vom-floersbachtal.de\/cms\/wp-content\/uploads\/2013\/09\/Welpentreffen-von-Anke15-300x200.jpg 300w, https:\/\/collies-vom-floersbachtal.de\/cms\/wp-content\/uploads\/2013\/09\/Welpentreffen-von-Anke15.jpg 960w\" sizes=\"auto, (max-width: 300px) 100vw, 300px\" \/><\/a><br \/><a href=\"http:\/\/collies-vom-floersbachtal.de\/cms\/wp-content\/uploads\/2013\/09\/Welpentreffen-von-Anke16.jpg\"><img loading=\"lazy\" decoding=\"async\" class=\"alignleft size-medium wp-image-14796\" title=\"Welpentreffen von Anke16\" src=\"http:\/\/collies-vom-floersbachtal.de\/cms\/wp-content\/uploads\/2013\/09\/Welpentreffen-von-Anke16-300x200.jpg\" alt=\"\" width=\"300\" height=\"200\" srcset=\"https:\/\/collies-vom-floersbachtal.de\/cms\/wp-content\/uploads\/2013\/09\/Welpentreffen-von-Anke16-300x200.jpg 300w, https:\/\/collies-vom-floersbachtal.de\/cms\/wp-content\/uploads\/2013\/09\/Welpentreffen-von-Anke16.jpg 960w\" sizes=\"auto, (max-width: 300px) 100vw, 300px\" \/><\/a><a href=\"http:\/\/collies-vom-floersbachtal.de\/cms\/wp-content\/uploads\/2013\/09\/Welpentreffen-von-Anke18.jpg\"><img loading=\"lazy\" decoding=\"async\" class=\"alignright size-medium wp-image-14798\" title=\"Welpentreffen von Anke18\" src=\"http:\/\/collies-vom-floersbachtal.de\/cms\/wp-content\/uploads\/2013\/09\/Welpentreffen-von-Anke18-300x200.jpg\" alt=\"\" width=\"300\" height=\"200\" srcset=\"https:\/\/collies-vom-floersbachtal.de\/cms\/wp-content\/uploads\/2013\/09\/Welpentreffen-von-Anke18-300x200.jpg 300w, https:\/\/collies-vom-floersbachtal.de\/cms\/wp-content\/uploads\/2013\/09\/Welpentreffen-von-Anke18.jpg 960w\" sizes=\"auto, (max-width: 300px) 100vw, 300px\" \/><\/a><br \/><a href=\"http:\/\/collies-vom-floersbachtal.de\/cms\/wp-content\/uploads\/2013\/09\/Welpentreffen-von-Anke19.jpg\"><img loading=\"lazy\" decoding=\"async\" class=\"alignleft size-medium wp-image-14799\" title=\"Welpentreffen von Anke19\" src=\"http:\/\/collies-vom-floersbachtal.de\/cms\/wp-content\/uploads\/2013\/09\/Welpentreffen-von-Anke19-300x200.jpg\" alt=\"\" width=\"300\" height=\"200\" srcset=\"https:\/\/collies-vom-floersbachtal.de\/cms\/wp-content\/uploads\/2013\/09\/Welpentreffen-von-Anke19-300x200.jpg 300w, https:\/\/collies-vom-floersbachtal.de\/cms\/wp-content\/uploads\/2013\/09\/Welpentreffen-von-Anke19.jpg 960w\" sizes=\"auto, (max-width: 300px) 100vw, 300px\" \/><\/a><a href=\"http:\/\/collies-vom-floersbachtal.de\/cms\/wp-content\/uploads\/2013\/09\/Welpentreffen-von-Anke20.jpg\"><img loading=\"lazy\" decoding=\"async\" class=\"alignright size-medium wp-image-14800\" title=\"Welpentreffen von Anke20\" src=\"http:\/\/collies-vom-floersbachtal.de\/cms\/wp-content\/uploads\/2013\/09\/Welpentreffen-von-Anke20-300x200.jpg\" alt=\"\" width=\"300\" height=\"200\" srcset=\"https:\/\/collies-vom-floersbachtal.de\/cms\/wp-content\/uploads\/2013\/09\/Welpentreffen-von-Anke20-300x200.jpg 300w, https:\/\/collies-vom-floersbachtal.de\/cms\/wp-content\/uploads\/2013\/09\/Welpentreffen-von-Anke20.jpg 960w\" sizes=\"auto, (max-width: 300px) 100vw, 300px\" \/><\/a><br \/><a href=\"http:\/\/collies-vom-floersbachtal.de\/cms\/wp-content\/uploads\/2013\/09\/Welpentreffen-von-Anke212.jpg\"><img loading=\"lazy\" decoding=\"async\" class=\"alignleft size-medium wp-image-14803\" title=\"Welpentreffen von Anke21\" src=\"http:\/\/collies-vom-floersbachtal.de\/cms\/wp-content\/uploads\/2013\/09\/Welpentreffen-von-Anke212-200x300.jpg\" alt=\"\" width=\"200\" height=\"300\" srcset=\"https:\/\/collies-vom-floersbachtal.de\/cms\/wp-content\/uploads\/2013\/09\/Welpentreffen-von-Anke212-200x300.jpg 200w, https:\/\/collies-vom-floersbachtal.de\/cms\/wp-content\/uploads\/2013\/09\/Welpentreffen-von-Anke212.jpg 640w\" sizes=\"auto, (max-width: 200px) 100vw, 200px\" \/><\/a><\/p>\n<\/p>\n<p><strong>Nachtr\u00e4glich kommen noch Fotos von Bashira-Angel &amp; Chico mit ihrem Frauli und unseren Ferieng\u00e4sten mit ihren Wuffs<\/strong><a href=\"http:\/\/collies-vom-floersbachtal.de\/cms\/wp-content\/uploads\/2013\/09\/Chico-Angel1-zu-besuch-Sep.15.jpg\"><img loading=\"lazy\" decoding=\"async\" class=\"alignleft size-medium wp-image-14698\" title=\"Chico &amp; Angel1 zu besuch Sep.15\" src=\"http:\/\/collies-vom-floersbachtal.de\/cms\/wp-content\/uploads\/2013\/09\/Chico-Angel1-zu-besuch-Sep.15-300x152.jpg\" alt=\"\" width=\"300\" height=\"152\" srcset=\"https:\/\/collies-vom-floersbachtal.de\/cms\/wp-content\/uploads\/2013\/09\/Chico-Angel1-zu-besuch-Sep.15-300x152.jpg 300w, https:\/\/collies-vom-floersbachtal.de\/cms\/wp-content\/uploads\/2013\/09\/Chico-Angel1-zu-besuch-Sep.15.jpg 1000w\" sizes=\"auto, (max-width: 300px) 100vw, 300px\" \/><\/a><\/p>\n<h2><a href=\"http:\/\/collies-vom-floersbachtal.de\/cms\/wp-content\/uploads\/2013\/09\/Chico-Angel2-zu-besuch-Sep.15.jpg\"><img loading=\"lazy\" decoding=\"async\" class=\"aligncenter size-medium wp-image-14699\" title=\"Chico &amp; Angel2 zu besuch Sep.15\" src=\"http:\/\/collies-vom-floersbachtal.de\/cms\/wp-content\/uploads\/2013\/09\/Chico-Angel2-zu-besuch-Sep.15-300x170.jpg\" alt=\"\" width=\"300\" height=\"170\" srcset=\"https:\/\/collies-vom-floersbachtal.de\/cms\/wp-content\/uploads\/2013\/09\/Chico-Angel2-zu-besuch-Sep.15-300x170.jpg 300w, https:\/\/collies-vom-floersbachtal.de\/cms\/wp-content\/uploads\/2013\/09\/Chico-Angel2-zu-besuch-Sep.15.jpg 1000w\" sizes=\"auto, (max-width: 300px) 100vw, 300px\" \/><\/a><br \/><a href=\"http:\/\/collies-vom-floersbachtal.de\/cms\/wp-content\/uploads\/2013\/09\/Chico-Angel3-zu-besuch-Sep.15.jpg\"><img loading=\"lazy\" decoding=\"async\" class=\"alignleft size-medium wp-image-14700\" title=\"Chico &amp; Angel3 zu besuch Sep.15\" src=\"http:\/\/collies-vom-floersbachtal.de\/cms\/wp-content\/uploads\/2013\/09\/Chico-Angel3-zu-besuch-Sep.15-300x145.jpg\" alt=\"\" width=\"300\" height=\"145\" srcset=\"https:\/\/collies-vom-floersbachtal.de\/cms\/wp-content\/uploads\/2013\/09\/Chico-Angel3-zu-besuch-Sep.15-300x145.jpg 300w, https:\/\/collies-vom-floersbachtal.de\/cms\/wp-content\/uploads\/2013\/09\/Chico-Angel3-zu-besuch-Sep.15.jpg 1000w\" sizes=\"auto, (max-width: 300px) 100vw, 300px\" \/><\/a><br \/><a href=\"http:\/\/collies-vom-floersbachtal.de\/cms\/wp-content\/uploads\/2013\/09\/Chico-Angel4-zu-besuch-Sep.15.jpg\"><img loading=\"lazy\" decoding=\"async\" class=\"aligncenter size-medium wp-image-14701\" title=\"Chico &amp; Angel4 zu besuch Sep.15\" src=\"http:\/\/collies-vom-floersbachtal.de\/cms\/wp-content\/uploads\/2013\/09\/Chico-Angel4-zu-besuch-Sep.15-300x165.jpg\" alt=\"\" width=\"300\" height=\"165\" srcset=\"https:\/\/collies-vom-floersbachtal.de\/cms\/wp-content\/uploads\/2013\/09\/Chico-Angel4-zu-besuch-Sep.15-300x165.jpg 300w, https:\/\/collies-vom-floersbachtal.de\/cms\/wp-content\/uploads\/2013\/09\/Chico-Angel4-zu-besuch-Sep.15.jpg 1000w\" sizes=\"auto, (max-width: 300px) 100vw, 300px\" \/><\/a><br \/><a href=\"http:\/\/collies-vom-floersbachtal.de\/cms\/wp-content\/uploads\/2013\/09\/Chico-Angel5-zu-besuch-Sep.15.jpg\"><img loading=\"lazy\" decoding=\"async\" class=\"alignleft size-medium wp-image-14702\" title=\"Chico &amp; Angel5 zu besuch Sep.15\" src=\"http:\/\/collies-vom-floersbachtal.de\/cms\/wp-content\/uploads\/2013\/09\/Chico-Angel5-zu-besuch-Sep.15-300x232.jpg\" alt=\"\" width=\"300\" height=\"232\" srcset=\"https:\/\/collies-vom-floersbachtal.de\/cms\/wp-content\/uploads\/2013\/09\/Chico-Angel5-zu-besuch-Sep.15-300x232.jpg 300w, https:\/\/collies-vom-floersbachtal.de\/cms\/wp-content\/uploads\/2013\/09\/Chico-Angel5-zu-besuch-Sep.15.jpg 1000w\" sizes=\"auto, (max-width: 300px) 100vw, 300px\" \/><\/a><br \/><a href=\"http:\/\/collies-vom-floersbachtal.de\/cms\/wp-content\/uploads\/2013\/09\/Chico-Angel6-zu-besuch-Sep.15.jpg\"><img loading=\"lazy\" decoding=\"async\" class=\"aligncenter size-medium wp-image-14703\" title=\"Chico &amp; Angel6 zu besuch Sep.15\" src=\"http:\/\/collies-vom-floersbachtal.de\/cms\/wp-content\/uploads\/2013\/09\/Chico-Angel6-zu-besuch-Sep.15-300x114.jpg\" alt=\"\" width=\"300\" height=\"114\" srcset=\"https:\/\/collies-vom-floersbachtal.de\/cms\/wp-content\/uploads\/2013\/09\/Chico-Angel6-zu-besuch-Sep.15-300x114.jpg 300w, https:\/\/collies-vom-floersbachtal.de\/cms\/wp-content\/uploads\/2013\/09\/Chico-Angel6-zu-besuch-Sep.15.jpg 1000w\" sizes=\"auto, (max-width: 300px) 100vw, 300px\" \/><\/a><br \/><a href=\"http:\/\/collies-vom-floersbachtal.de\/cms\/wp-content\/uploads\/2013\/09\/Chico-Angel8-zu-besuch-Sep.15.jpg\"><img loading=\"lazy\" decoding=\"async\" class=\"aligncenter size-medium wp-image-14705\" title=\"Chico &amp; Angel8 zu besuch Sep.15\" src=\"http:\/\/collies-vom-floersbachtal.de\/cms\/wp-content\/uploads\/2013\/09\/Chico-Angel8-zu-besuch-Sep.15-300x165.jpg\" alt=\"\" width=\"300\" height=\"165\" srcset=\"https:\/\/collies-vom-floersbachtal.de\/cms\/wp-content\/uploads\/2013\/09\/Chico-Angel8-zu-besuch-Sep.15-300x165.jpg 300w, https:\/\/collies-vom-floersbachtal.de\/cms\/wp-content\/uploads\/2013\/09\/Chico-Angel8-zu-besuch-Sep.15.jpg 1000w\" sizes=\"auto, (max-width: 300px) 100vw, 300px\" \/><\/a><br \/><a href=\"http:\/\/collies-vom-floersbachtal.de\/cms\/wp-content\/uploads\/2013\/09\/Chico-Angel9-zu-besuch-Sep.15.jpg\"><img loading=\"lazy\" decoding=\"async\" class=\"alignleft size-medium wp-image-14706\" title=\"Chico &amp; Angel9 zu besuch Sep.15\" src=\"http:\/\/collies-vom-floersbachtal.de\/cms\/wp-content\/uploads\/2013\/09\/Chico-Angel9-zu-besuch-Sep.15-300x157.jpg\" alt=\"\" width=\"300\" height=\"157\" srcset=\"https:\/\/collies-vom-floersbachtal.de\/cms\/wp-content\/uploads\/2013\/09\/Chico-Angel9-zu-besuch-Sep.15-300x157.jpg 300w, https:\/\/collies-vom-floersbachtal.de\/cms\/wp-content\/uploads\/2013\/09\/Chico-Angel9-zu-besuch-Sep.15.jpg 1000w\" sizes=\"auto, (max-width: 300px) 100vw, 300px\" \/><\/a><br \/><a href=\"http:\/\/collies-vom-floersbachtal.de\/cms\/wp-content\/uploads\/2013\/09\/Chico-Angel10-zu-besuch-Sep.15.jpg\"><img loading=\"lazy\" decoding=\"async\" class=\"aligncenter size-medium wp-image-14707\" title=\"Chico &amp; Angel10 zu besuch Sep.15\" src=\"http:\/\/collies-vom-floersbachtal.de\/cms\/wp-content\/uploads\/2013\/09\/Chico-Angel10-zu-besuch-Sep.15-300x206.jpg\" alt=\"\" width=\"300\" height=\"206\" srcset=\"https:\/\/collies-vom-floersbachtal.de\/cms\/wp-content\/uploads\/2013\/09\/Chico-Angel10-zu-besuch-Sep.15-300x206.jpg 300w, https:\/\/collies-vom-floersbachtal.de\/cms\/wp-content\/uploads\/2013\/09\/Chico-Angel10-zu-besuch-Sep.15.jpg 1000w\" sizes=\"auto, (max-width: 300px) 100vw, 300px\" \/><\/a><br \/><a href=\"http:\/\/collies-vom-floersbachtal.de\/cms\/wp-content\/uploads\/2013\/09\/Chico-Angel11-zu-besuch-Sep.15.jpg\"><img loading=\"lazy\" decoding=\"async\" class=\"alignleft size-medium wp-image-14708\" title=\"Chico &amp; Angel11 zu besuch Sep.15\" src=\"http:\/\/collies-vom-floersbachtal.de\/cms\/wp-content\/uploads\/2013\/09\/Chico-Angel11-zu-besuch-Sep.15-300x230.jpg\" alt=\"\" width=\"300\" height=\"230\" srcset=\"https:\/\/collies-vom-floersbachtal.de\/cms\/wp-content\/uploads\/2013\/09\/Chico-Angel11-zu-besuch-Sep.15-300x230.jpg 300w, https:\/\/collies-vom-floersbachtal.de\/cms\/wp-content\/uploads\/2013\/09\/Chico-Angel11-zu-besuch-Sep.15.jpg 1000w\" sizes=\"auto, (max-width: 300px) 100vw, 300px\" \/><\/a><br \/><a href=\"http:\/\/collies-vom-floersbachtal.de\/cms\/wp-content\/uploads\/2013\/09\/Chico-Angel12-zu-besuch-Sep.15.jpg\"><img loading=\"lazy\" decoding=\"async\" class=\"aligncenter size-medium wp-image-14709\" title=\"Chico &amp; Angel12 zu besuch Sep.15\" src=\"http:\/\/collies-vom-floersbachtal.de\/cms\/wp-content\/uploads\/2013\/09\/Chico-Angel12-zu-besuch-Sep.15-300x242.jpg\" alt=\"\" width=\"300\" height=\"242\" srcset=\"https:\/\/collies-vom-floersbachtal.de\/cms\/wp-content\/uploads\/2013\/09\/Chico-Angel12-zu-besuch-Sep.15-300x242.jpg 300w, https:\/\/collies-vom-floersbachtal.de\/cms\/wp-content\/uploads\/2013\/09\/Chico-Angel12-zu-besuch-Sep.15.jpg 1000w\" sizes=\"auto, (max-width: 300px) 100vw, 300px\" \/><\/a><br \/><a href=\"http:\/\/collies-vom-floersbachtal.de\/cms\/wp-content\/uploads\/2013\/09\/Chico-Angel13-zu-besuch-Sep.15.jpg\"><img loading=\"lazy\" decoding=\"async\" class=\"alignleft size-medium wp-image-14710\" title=\"Chico &amp; Angel13 zu besuch Sep.15\" src=\"http:\/\/collies-vom-floersbachtal.de\/cms\/wp-content\/uploads\/2013\/09\/Chico-Angel13-zu-besuch-Sep.15-300x169.jpg\" alt=\"\" width=\"300\" height=\"169\" srcset=\"https:\/\/collies-vom-floersbachtal.de\/cms\/wp-content\/uploads\/2013\/09\/Chico-Angel13-zu-besuch-Sep.15-300x169.jpg 300w, https:\/\/collies-vom-floersbachtal.de\/cms\/wp-content\/uploads\/2013\/09\/Chico-Angel13-zu-besuch-Sep.15.jpg 1000w\" sizes=\"auto, (max-width: 300px) 100vw, 300px\" \/><\/a><br \/><a href=\"http:\/\/collies-vom-floersbachtal.de\/cms\/wp-content\/uploads\/2013\/09\/Chico-Angel14-zu-besuch-Sep.15.jpg\"><img loading=\"lazy\" decoding=\"async\" class=\"aligncenter size-medium wp-image-14711\" title=\"Chico &amp; Angel14 zu besuch Sep.15\" src=\"http:\/\/collies-vom-floersbachtal.de\/cms\/wp-content\/uploads\/2013\/09\/Chico-Angel14-zu-besuch-Sep.15-300x207.jpg\" alt=\"\" width=\"300\" height=\"207\" srcset=\"https:\/\/collies-vom-floersbachtal.de\/cms\/wp-content\/uploads\/2013\/09\/Chico-Angel14-zu-besuch-Sep.15-300x207.jpg 300w, https:\/\/collies-vom-floersbachtal.de\/cms\/wp-content\/uploads\/2013\/09\/Chico-Angel14-zu-besuch-Sep.15.jpg 1000w\" sizes=\"auto, (max-width: 300px) 100vw, 300px\" \/><\/a><br \/><a href=\"http:\/\/collies-vom-floersbachtal.de\/cms\/wp-content\/uploads\/2013\/09\/Chico-Angel15-zu-besuch-Sep.15.jpg\"><img loading=\"lazy\" decoding=\"async\" class=\"alignleft size-medium wp-image-14712\" title=\"Chico &amp; Angel15 zu besuch Sep.15\" src=\"http:\/\/collies-vom-floersbachtal.de\/cms\/wp-content\/uploads\/2013\/09\/Chico-Angel15-zu-besuch-Sep.15-300x246.jpg\" alt=\"\" width=\"300\" height=\"246\" srcset=\"https:\/\/collies-vom-floersbachtal.de\/cms\/wp-content\/uploads\/2013\/09\/Chico-Angel15-zu-besuch-Sep.15-300x246.jpg 300w, https:\/\/collies-vom-floersbachtal.de\/cms\/wp-content\/uploads\/2013\/09\/Chico-Angel15-zu-besuch-Sep.15.jpg 1000w\" sizes=\"auto, (max-width: 300px) 100vw, 300px\" \/><\/a><br \/><a href=\"http:\/\/collies-vom-floersbachtal.de\/cms\/wp-content\/uploads\/2013\/09\/Chico-Angel7-zu-besuch-Sep.15.jpg\"><img loading=\"lazy\" decoding=\"async\" class=\"alignleft size-medium wp-image-14704\" title=\"Chico &amp; Angel7 zu besuch Sep.15\" src=\"http:\/\/collies-vom-floersbachtal.de\/cms\/wp-content\/uploads\/2013\/09\/Chico-Angel7-zu-besuch-Sep.15-238x300.jpg\" alt=\"\" width=\"238\" height=\"300\" srcset=\"https:\/\/collies-vom-floersbachtal.de\/cms\/wp-content\/uploads\/2013\/09\/Chico-Angel7-zu-besuch-Sep.15-238x300.jpg 238w, https:\/\/collies-vom-floersbachtal.de\/cms\/wp-content\/uploads\/2013\/09\/Chico-Angel7-zu-besuch-Sep.15-814x1024.jpg 814w, https:\/\/collies-vom-floersbachtal.de\/cms\/wp-content\/uploads\/2013\/09\/Chico-Angel7-zu-besuch-Sep.15.jpg 1000w\" sizes=\"auto, (max-width: 238px) 100vw, 238px\" \/><\/a><\/h2>\n<h1><strong>Welpentreffen von allen W\u00fcrfen im September 2015 in Mosborn<\/strong><\/h1>\n<p>Als erstes haben wir uns alle zu einem sch\u00f6nen, aber feuchten Spaziergang verabredet. Nachdem wir 1,5 Stunden gewandert waren wurde der Rest des Tages auch wieder sch\u00f6n trocken und wir konnten uns von Andreas eine warme Soljanka mit leckeren Br\u00f6tchen auftischen lassen.<br \/>Die Hundmeute hatte dann nach einer kaum gef\u00fchlten Pause auch gleich wieder Spa\u00df auf unseren Koppeln und konnten sich jetzt so richtig austoben. Am Nachmittag durften wir dann den leckeren Blechkuchen von Susanne, die mit ihrer Borderh\u00fcndin Fly zu besuch war, genie\u00dfen.<br \/>Erst am Abend wurde es dann alles etwas ruhiger und der harte Kern konnte&nbsp; bei Astrids leckerem Kartoffelsalat und Bratwurst die eine oder andere Erfahrung mit seinen Hunden oder lustige Geschichte austauschen.<\/p>\n<p><a href=\"http:\/\/collies-vom-floersbachtal.de\/cms\/wp-content\/uploads\/2013\/09\/Welpentreffen1-alle-W\u00fcrfe-2015-Wanderung.jpg\"><img loading=\"lazy\" decoding=\"async\" class=\"aligncenter size-medium wp-image-14609\" title=\"Welpentreffen1  alle W\u00fcrfe 2015 Wanderung\" src=\"http:\/\/collies-vom-floersbachtal.de\/cms\/wp-content\/uploads\/2013\/09\/Welpentreffen1-alle-W\u00fcrfe-2015-Wanderung-300x199.jpg\" alt=\"\" width=\"300\" height=\"199\" srcset=\"https:\/\/collies-vom-floersbachtal.de\/cms\/wp-content\/uploads\/2013\/09\/Welpentreffen1-alle-W\u00fcrfe-2015-Wanderung-300x199.jpg 300w, https:\/\/collies-vom-floersbachtal.de\/cms\/wp-content\/uploads\/2013\/09\/Welpentreffen1-alle-W\u00fcrfe-2015-Wanderung-1024x682.jpg 1024w, https:\/\/collies-vom-floersbachtal.de\/cms\/wp-content\/uploads\/2013\/09\/Welpentreffen1-alle-W\u00fcrfe-2015-Wanderung.jpg 2048w\" sizes=\"auto, (max-width: 300px) 100vw, 300px\" \/><\/a><br \/><a href=\"http:\/\/collies-vom-floersbachtal.de\/cms\/wp-content\/uploads\/2013\/09\/Welpentreffen4-alle-W\u00fcrfe-2015-Wanderung.jpg\"><img loading=\"lazy\" decoding=\"async\" class=\"aligncenter size-medium wp-image-14612\" title=\"Welpentreffen4  alle W\u00fcrfe 2015 Wanderung\" src=\"http:\/\/collies-vom-floersbachtal.de\/cms\/wp-content\/uploads\/2013\/09\/Welpentreffen4-alle-W\u00fcrfe-2015-Wanderung-300x199.jpg\" alt=\"\" width=\"300\" height=\"199\" srcset=\"https:\/\/collies-vom-floersbachtal.de\/cms\/wp-content\/uploads\/2013\/09\/Welpentreffen4-alle-W\u00fcrfe-2015-Wanderung-300x199.jpg 300w, https:\/\/collies-vom-floersbachtal.de\/cms\/wp-content\/uploads\/2013\/09\/Welpentreffen4-alle-W\u00fcrfe-2015-Wanderung-1024x682.jpg 1024w, https:\/\/collies-vom-floersbachtal.de\/cms\/wp-content\/uploads\/2013\/09\/Welpentreffen4-alle-W\u00fcrfe-2015-Wanderung.jpg 2048w\" sizes=\"auto, (max-width: 300px) 100vw, 300px\" \/><\/a><br \/><a href=\"http:\/\/collies-vom-floersbachtal.de\/cms\/wp-content\/uploads\/2013\/09\/Welpentreffen4-alle-W\u00fcrfe-2015.jpg\"><img loading=\"lazy\" decoding=\"async\" class=\"aligncenter size-medium wp-image-14615\" title=\"Welpentreffen4 alle W\u00fcrfe 2015\" src=\"http:\/\/collies-vom-floersbachtal.de\/cms\/wp-content\/uploads\/2013\/09\/Welpentreffen4-alle-W\u00fcrfe-2015-300x200.jpg\" alt=\"\" width=\"300\" height=\"200\" srcset=\"https:\/\/collies-vom-floersbachtal.de\/cms\/wp-content\/uploads\/2013\/09\/Welpentreffen4-alle-W\u00fcrfe-2015-300x200.jpg 300w, https:\/\/collies-vom-floersbachtal.de\/cms\/wp-content\/uploads\/2013\/09\/Welpentreffen4-alle-W\u00fcrfe-2015.jpg 1000w\" sizes=\"auto, (max-width: 300px) 100vw, 300px\" \/><\/a><br \/><a href=\"http:\/\/collies-vom-floersbachtal.de\/cms\/wp-content\/uploads\/2013\/09\/Welpentreffen6-alle-W\u00fcrfe-2015.jpg\"><img loading=\"lazy\" decoding=\"async\" class=\"aligncenter size-medium wp-image-14616\" title=\"Welpentreffen6 alle W\u00fcrfe 2015\" src=\"http:\/\/collies-vom-floersbachtal.de\/cms\/wp-content\/uploads\/2013\/09\/Welpentreffen6-alle-W\u00fcrfe-2015-300x200.jpg\" alt=\"\" width=\"300\" height=\"200\" srcset=\"https:\/\/collies-vom-floersbachtal.de\/cms\/wp-content\/uploads\/2013\/09\/Welpentreffen6-alle-W\u00fcrfe-2015-300x200.jpg 300w, https:\/\/collies-vom-floersbachtal.de\/cms\/wp-content\/uploads\/2013\/09\/Welpentreffen6-alle-W\u00fcrfe-2015.jpg 1000w\" sizes=\"auto, (max-width: 300px) 100vw, 300px\" \/><\/a><br \/><a href=\"http:\/\/collies-vom-floersbachtal.de\/cms\/wp-content\/uploads\/2013\/09\/Welpentreffen10-alle-W\u00fcrfe-2015.jpg\"><img loading=\"lazy\" decoding=\"async\" class=\"aligncenter size-medium wp-image-14617\" title=\"Welpentreffen10 alle W\u00fcrfe 2015\" src=\"http:\/\/collies-vom-floersbachtal.de\/cms\/wp-content\/uploads\/2013\/09\/Welpentreffen10-alle-W\u00fcrfe-2015-300x217.jpg\" alt=\"\" width=\"300\" height=\"217\" srcset=\"https:\/\/collies-vom-floersbachtal.de\/cms\/wp-content\/uploads\/2013\/09\/Welpentreffen10-alle-W\u00fcrfe-2015-300x217.jpg 300w, https:\/\/collies-vom-floersbachtal.de\/cms\/wp-content\/uploads\/2013\/09\/Welpentreffen10-alle-W\u00fcrfe-2015.jpg 1000w\" sizes=\"auto, (max-width: 300px) 100vw, 300px\" \/><\/a><br \/><a href=\"http:\/\/collies-vom-floersbachtal.de\/cms\/wp-content\/uploads\/2013\/09\/Welpentreffen11-alle-W\u00fcrfe-2015.jpg\"><img loading=\"lazy\" decoding=\"async\" class=\"aligncenter size-medium wp-image-14618\" title=\"Welpentreffen11 alle W\u00fcrfe 2015\" src=\"http:\/\/collies-vom-floersbachtal.de\/cms\/wp-content\/uploads\/2013\/09\/Welpentreffen11-alle-W\u00fcrfe-2015-300x121.jpg\" alt=\"\" width=\"300\" height=\"121\" srcset=\"https:\/\/collies-vom-floersbachtal.de\/cms\/wp-content\/uploads\/2013\/09\/Welpentreffen11-alle-W\u00fcrfe-2015-300x121.jpg 300w, https:\/\/collies-vom-floersbachtal.de\/cms\/wp-content\/uploads\/2013\/09\/Welpentreffen11-alle-W\u00fcrfe-2015.jpg 1000w\" sizes=\"auto, (max-width: 300px) 100vw, 300px\" \/><\/a><br \/><a href=\"http:\/\/collies-vom-floersbachtal.de\/cms\/wp-content\/uploads\/2013\/09\/Welpentreffen12-alle-W\u00fcrfe-2015.jpg\"><img loading=\"lazy\" decoding=\"async\" class=\"aligncenter size-medium wp-image-14619\" title=\"Welpentreffen12 alle W\u00fcrfe 2015\" src=\"http:\/\/collies-vom-floersbachtal.de\/cms\/wp-content\/uploads\/2013\/09\/Welpentreffen12-alle-W\u00fcrfe-2015-300x200.jpg\" alt=\"\" width=\"300\" height=\"200\" srcset=\"https:\/\/collies-vom-floersbachtal.de\/cms\/wp-content\/uploads\/2013\/09\/Welpentreffen12-alle-W\u00fcrfe-2015-300x200.jpg 300w, https:\/\/collies-vom-floersbachtal.de\/cms\/wp-content\/uploads\/2013\/09\/Welpentreffen12-alle-W\u00fcrfe-2015.jpg 1000w\" sizes=\"auto, (max-width: 300px) 100vw, 300px\" \/><\/a><br \/><a href=\"http:\/\/collies-vom-floersbachtal.de\/cms\/wp-content\/uploads\/2013\/09\/Welpentreffen13-alle-W\u00fcrfe-2015.jpg\"><img loading=\"lazy\" decoding=\"async\" class=\"aligncenter size-medium wp-image-14620\" title=\"Welpentreffen13 alle W\u00fcrfe 2015\" src=\"http:\/\/collies-vom-floersbachtal.de\/cms\/wp-content\/uploads\/2013\/09\/Welpentreffen13-alle-W\u00fcrfe-2015-300x200.jpg\" alt=\"\" width=\"300\" height=\"200\" srcset=\"https:\/\/collies-vom-floersbachtal.de\/cms\/wp-content\/uploads\/2013\/09\/Welpentreffen13-alle-W\u00fcrfe-2015-300x200.jpg 300w, https:\/\/collies-vom-floersbachtal.de\/cms\/wp-content\/uploads\/2013\/09\/Welpentreffen13-alle-W\u00fcrfe-2015.jpg 1000w\" sizes=\"auto, (max-width: 300px) 100vw, 300px\" \/><\/a><br \/><a href=\"http:\/\/collies-vom-floersbachtal.de\/cms\/wp-content\/uploads\/2013\/09\/Welpentreffen17-alle-W\u00fcrfe-2015.jpg\"><img loading=\"lazy\" decoding=\"async\" class=\"aligncenter size-medium wp-image-14621\" title=\"Welpentreffen17 alle W\u00fcrfe 2015\" src=\"http:\/\/collies-vom-floersbachtal.de\/cms\/wp-content\/uploads\/2013\/09\/Welpentreffen17-alle-W\u00fcrfe-2015-300x142.jpg\" alt=\"\" width=\"300\" height=\"142\" srcset=\"https:\/\/collies-vom-floersbachtal.de\/cms\/wp-content\/uploads\/2013\/09\/Welpentreffen17-alle-W\u00fcrfe-2015-300x142.jpg 300w, https:\/\/collies-vom-floersbachtal.de\/cms\/wp-content\/uploads\/2013\/09\/Welpentreffen17-alle-W\u00fcrfe-2015.jpg 1000w\" sizes=\"auto, (max-width: 300px) 100vw, 300px\" \/><\/a><br \/><a href=\"http:\/\/collies-vom-floersbachtal.de\/cms\/wp-content\/uploads\/2013\/09\/Welpentreffen19-alle-W\u00fcrfe-2015.jpg\"><img loading=\"lazy\" decoding=\"async\" class=\"aligncenter size-medium wp-image-14622\" title=\"Welpentreffen19 alle W\u00fcrfe 2015\" src=\"http:\/\/collies-vom-floersbachtal.de\/cms\/wp-content\/uploads\/2013\/09\/Welpentreffen19-alle-W\u00fcrfe-2015-300x245.jpg\" alt=\"\" width=\"300\" height=\"245\" srcset=\"https:\/\/collies-vom-floersbachtal.de\/cms\/wp-content\/uploads\/2013\/09\/Welpentreffen19-alle-W\u00fcrfe-2015-300x245.jpg 300w, https:\/\/collies-vom-floersbachtal.de\/cms\/wp-content\/uploads\/2013\/09\/Welpentreffen19-alle-W\u00fcrfe-2015.jpg 1000w\" sizes=\"auto, (max-width: 300px) 100vw, 300px\" \/><\/a><br \/><a href=\"http:\/\/collies-vom-floersbachtal.de\/cms\/wp-content\/uploads\/2013\/09\/Welpentreffen25-alle-W\u00fcrfe-2015.jpg\"><img loading=\"lazy\" decoding=\"async\" class=\"aligncenter size-medium wp-image-14624\" title=\"Welpentreffen25 alle W\u00fcrfe 2015\" src=\"http:\/\/collies-vom-floersbachtal.de\/cms\/wp-content\/uploads\/2013\/09\/Welpentreffen25-alle-W\u00fcrfe-2015-300x189.jpg\" alt=\"\" width=\"300\" height=\"189\" srcset=\"https:\/\/collies-vom-floersbachtal.de\/cms\/wp-content\/uploads\/2013\/09\/Welpentreffen25-alle-W\u00fcrfe-2015-300x189.jpg 300w, https:\/\/collies-vom-floersbachtal.de\/cms\/wp-content\/uploads\/2013\/09\/Welpentreffen25-alle-W\u00fcrfe-2015.jpg 1000w\" sizes=\"auto, (max-width: 300px) 100vw, 300px\" \/><\/a><br \/><a href=\"http:\/\/collies-vom-floersbachtal.de\/cms\/wp-content\/uploads\/2013\/09\/Welpentreffen28-alle-W\u00fcrfe-2015.jpg\"><img loading=\"lazy\" decoding=\"async\" class=\"aligncenter size-medium wp-image-14625\" title=\"Welpentreffen28 alle W\u00fcrfe 2015\" src=\"http:\/\/collies-vom-floersbachtal.de\/cms\/wp-content\/uploads\/2013\/09\/Welpentreffen28-alle-W\u00fcrfe-2015-300x176.jpg\" alt=\"\" width=\"300\" height=\"176\" srcset=\"https:\/\/collies-vom-floersbachtal.de\/cms\/wp-content\/uploads\/2013\/09\/Welpentreffen28-alle-W\u00fcrfe-2015-300x176.jpg 300w, https:\/\/collies-vom-floersbachtal.de\/cms\/wp-content\/uploads\/2013\/09\/Welpentreffen28-alle-W\u00fcrfe-2015.jpg 1000w\" sizes=\"auto, (max-width: 300px) 100vw, 300px\" \/><\/a><br \/><a href=\"http:\/\/collies-vom-floersbachtal.de\/cms\/wp-content\/uploads\/2013\/09\/Welpentreffen-2015-die-Ponys1.jpg\"><img loading=\"lazy\" decoding=\"async\" class=\"aligncenter size-medium wp-image-14626\" title=\"Welpentreffen 2015 die Ponys1\" src=\"http:\/\/collies-vom-floersbachtal.de\/cms\/wp-content\/uploads\/2013\/09\/Welpentreffen-2015-die-Ponys1-300x199.jpg\" alt=\"\" width=\"300\" height=\"199\" srcset=\"https:\/\/collies-vom-floersbachtal.de\/cms\/wp-content\/uploads\/2013\/09\/Welpentreffen-2015-die-Ponys1-300x199.jpg 300w, https:\/\/collies-vom-floersbachtal.de\/cms\/wp-content\/uploads\/2013\/09\/Welpentreffen-2015-die-Ponys1-1024x682.jpg 1024w, https:\/\/collies-vom-floersbachtal.de\/cms\/wp-content\/uploads\/2013\/09\/Welpentreffen-2015-die-Ponys1.jpg 2048w\" sizes=\"auto, (max-width: 300px) 100vw, 300px\" \/><\/a><br \/><a href=\"http:\/\/collies-vom-floersbachtal.de\/cms\/wp-content\/uploads\/2013\/09\/Welpentreffen-D-Wurf1-2015.jpg\"><img loading=\"lazy\" decoding=\"async\" class=\"aligncenter size-medium wp-image-14627\" title=\"Welpentreffen D-Wurf1 2015\" src=\"http:\/\/collies-vom-floersbachtal.de\/cms\/wp-content\/uploads\/2013\/09\/Welpentreffen-D-Wurf1-2015-300x199.jpg\" alt=\"\" width=\"300\" height=\"199\" srcset=\"https:\/\/collies-vom-floersbachtal.de\/cms\/wp-content\/uploads\/2013\/09\/Welpentreffen-D-Wurf1-2015-300x199.jpg 300w, https:\/\/collies-vom-floersbachtal.de\/cms\/wp-content\/uploads\/2013\/09\/Welpentreffen-D-Wurf1-2015-1024x682.jpg 1024w, https:\/\/collies-vom-floersbachtal.de\/cms\/wp-content\/uploads\/2013\/09\/Welpentreffen-D-Wurf1-2015.jpg 2048w\" sizes=\"auto, (max-width: 300px) 100vw, 300px\" \/><\/a><br \/><a href=\"http:\/\/collies-vom-floersbachtal.de\/cms\/wp-content\/uploads\/2013\/09\/Welpentreffen-D-Wurf3-2015.jpg\"><img loading=\"lazy\" decoding=\"async\" class=\"aligncenter size-medium wp-image-14628\" title=\"Welpentreffen D-Wurf3 2015\" src=\"http:\/\/collies-vom-floersbachtal.de\/cms\/wp-content\/uploads\/2013\/09\/Welpentreffen-D-Wurf3-2015-300x199.jpg\" alt=\"\" width=\"300\" height=\"199\" srcset=\"https:\/\/collies-vom-floersbachtal.de\/cms\/wp-content\/uploads\/2013\/09\/Welpentreffen-D-Wurf3-2015-300x199.jpg 300w, https:\/\/collies-vom-floersbachtal.de\/cms\/wp-content\/uploads\/2013\/09\/Welpentreffen-D-Wurf3-2015-1024x682.jpg 1024w, https:\/\/collies-vom-floersbachtal.de\/cms\/wp-content\/uploads\/2013\/09\/Welpentreffen-D-Wurf3-2015.jpg 2048w\" sizes=\"auto, (max-width: 300px) 100vw, 300px\" \/><\/a><br \/><a href=\"http:\/\/collies-vom-floersbachtal.de\/cms\/wp-content\/uploads\/2013\/09\/Welpentreffen29-alle-W\u00fcrfe-2015.jpg\"><img loading=\"lazy\" decoding=\"async\" class=\"aligncenter size-medium wp-image-14629\" title=\"Welpentreffen29 alle W\u00fcrfe 2015\" src=\"http:\/\/collies-vom-floersbachtal.de\/cms\/wp-content\/uploads\/2013\/09\/Welpentreffen29-alle-W\u00fcrfe-2015-300x294.jpg\" alt=\"\" width=\"300\" height=\"294\" srcset=\"https:\/\/collies-vom-floersbachtal.de\/cms\/wp-content\/uploads\/2013\/09\/Welpentreffen29-alle-W\u00fcrfe-2015-300x294.jpg 300w, https:\/\/collies-vom-floersbachtal.de\/cms\/wp-content\/uploads\/2013\/09\/Welpentreffen29-alle-W\u00fcrfe-2015.jpg 1000w\" sizes=\"auto, (max-width: 300px) 100vw, 300px\" \/><\/a><br \/><a href=\"http:\/\/collies-vom-floersbachtal.de\/cms\/wp-content\/uploads\/2013\/09\/Welpentreffen30-alle-W\u00fcrfe-2015.jpg\"><img loading=\"lazy\" decoding=\"async\" class=\"aligncenter size-medium wp-image-14630\" title=\"Welpentreffen30 alle W\u00fcrfe 2015\" src=\"http:\/\/collies-vom-floersbachtal.de\/cms\/wp-content\/uploads\/2013\/09\/Welpentreffen30-alle-W\u00fcrfe-2015-266x300.jpg\" alt=\"\" width=\"266\" height=\"300\" srcset=\"https:\/\/collies-vom-floersbachtal.de\/cms\/wp-content\/uploads\/2013\/09\/Welpentreffen30-alle-W\u00fcrfe-2015-266x300.jpg 266w, https:\/\/collies-vom-floersbachtal.de\/cms\/wp-content\/uploads\/2013\/09\/Welpentreffen30-alle-W\u00fcrfe-2015-908x1024.jpg 908w, https:\/\/collies-vom-floersbachtal.de\/cms\/wp-content\/uploads\/2013\/09\/Welpentreffen30-alle-W\u00fcrfe-2015.jpg 1000w\" sizes=\"auto, (max-width: 266px) 100vw, 266px\" \/><\/a><\/p>\n<p><a href=\"http:\/\/collies-vom-floersbachtal.de\/cms\/wp-content\/uploads\/2013\/09\/Welpentreffen32-alle-W\u00fcrfe-2015.jpg\"><img loading=\"lazy\" decoding=\"async\" class=\"aligncenter size-medium wp-image-14632\" title=\"Welpentreffen32 alle W\u00fcrfe 2015\" src=\"http:\/\/collies-vom-floersbachtal.de\/cms\/wp-content\/uploads\/2013\/09\/Welpentreffen32-alle-W\u00fcrfe-2015-300x199.jpg\" alt=\"\" width=\"300\" height=\"199\" srcset=\"https:\/\/collies-vom-floersbachtal.de\/cms\/wp-content\/uploads\/2013\/09\/Welpentreffen32-alle-W\u00fcrfe-2015-300x199.jpg 300w, https:\/\/collies-vom-floersbachtal.de\/cms\/wp-content\/uploads\/2013\/09\/Welpentreffen32-alle-W\u00fcrfe-2015-1024x682.jpg 1024w, https:\/\/collies-vom-floersbachtal.de\/cms\/wp-content\/uploads\/2013\/09\/Welpentreffen32-alle-W\u00fcrfe-2015.jpg 2048w\" sizes=\"auto, (max-width: 300px) 100vw, 300px\" \/><\/a><br \/><a href=\"http:\/\/collies-vom-floersbachtal.de\/cms\/wp-content\/uploads\/2013\/09\/Welpentreffen33-alle-W\u00fcrfe-2015.jpg\"><img loading=\"lazy\" decoding=\"async\" class=\"aligncenter size-medium wp-image-14633\" title=\"Welpentreffen33 alle W\u00fcrfe 2015\" src=\"http:\/\/collies-vom-floersbachtal.de\/cms\/wp-content\/uploads\/2013\/09\/Welpentreffen33-alle-W\u00fcrfe-2015-300x199.jpg\" alt=\"\" width=\"300\" height=\"199\" srcset=\"https:\/\/collies-vom-floersbachtal.de\/cms\/wp-content\/uploads\/2013\/09\/Welpentreffen33-alle-W\u00fcrfe-2015-300x199.jpg 300w, https:\/\/collies-vom-floersbachtal.de\/cms\/wp-content\/uploads\/2013\/09\/Welpentreffen33-alle-W\u00fcrfe-2015-1024x682.jpg 1024w, https:\/\/collies-vom-floersbachtal.de\/cms\/wp-content\/uploads\/2013\/09\/Welpentreffen33-alle-W\u00fcrfe-2015.jpg 2048w\" sizes=\"auto, (max-width: 300px) 100vw, 300px\" \/><\/a><br \/><a href=\"http:\/\/collies-vom-floersbachtal.de\/cms\/wp-content\/uploads\/2013\/09\/Welpentreffen37-alle-W\u00fcrfe-2015.jpg\"><img loading=\"lazy\" decoding=\"async\" class=\"aligncenter size-medium wp-image-14636\" title=\"Welpentreffen37 alle W\u00fcrfe 2015\" src=\"http:\/\/collies-vom-floersbachtal.de\/cms\/wp-content\/uploads\/2013\/09\/Welpentreffen37-alle-W\u00fcrfe-2015-300x199.jpg\" alt=\"\" width=\"300\" height=\"199\" srcset=\"https:\/\/collies-vom-floersbachtal.de\/cms\/wp-content\/uploads\/2013\/09\/Welpentreffen37-alle-W\u00fcrfe-2015-300x199.jpg 300w, https:\/\/collies-vom-floersbachtal.de\/cms\/wp-content\/uploads\/2013\/09\/Welpentreffen37-alle-W\u00fcrfe-2015-1024x682.jpg 1024w, https:\/\/collies-vom-floersbachtal.de\/cms\/wp-content\/uploads\/2013\/09\/Welpentreffen37-alle-W\u00fcrfe-2015.jpg 2048w\" sizes=\"auto, (max-width: 300px) 100vw, 300px\" \/><\/a><br \/><a href=\"http:\/\/collies-vom-floersbachtal.de\/cms\/wp-content\/uploads\/2013\/09\/Welpentreffen40-alle-W\u00fcrfe-2015.jpg\"><img loading=\"lazy\" decoding=\"async\" class=\"aligncenter size-medium wp-image-14637\" title=\"Welpentreffen40 alle W\u00fcrfe 2015\" src=\"http:\/\/collies-vom-floersbachtal.de\/cms\/wp-content\/uploads\/2013\/09\/Welpentreffen40-alle-W\u00fcrfe-2015-300x199.jpg\" alt=\"\" width=\"300\" height=\"199\" srcset=\"https:\/\/collies-vom-floersbachtal.de\/cms\/wp-content\/uploads\/2013\/09\/Welpentreffen40-alle-W\u00fcrfe-2015-300x199.jpg 300w, https:\/\/collies-vom-floersbachtal.de\/cms\/wp-content\/uploads\/2013\/09\/Welpentreffen40-alle-W\u00fcrfe-2015-1024x682.jpg 1024w, https:\/\/collies-vom-floersbachtal.de\/cms\/wp-content\/uploads\/2013\/09\/Welpentreffen40-alle-W\u00fcrfe-2015.jpg 2048w\" sizes=\"auto, (max-width: 300px) 100vw, 300px\" \/><\/a><br \/><a href=\"http:\/\/collies-vom-floersbachtal.de\/cms\/wp-content\/uploads\/2013\/09\/Welpentreffen-41-alle-W\u00fcrfe-2015.jpg\"><img loading=\"lazy\" decoding=\"async\" class=\"aligncenter size-medium wp-image-14638\" title=\"Welpentreffen 41 alle W\u00fcrfe 2015\" src=\"http:\/\/collies-vom-floersbachtal.de\/cms\/wp-content\/uploads\/2013\/09\/Welpentreffen-41-alle-W\u00fcrfe-2015-300x199.jpg\" alt=\"\" width=\"300\" height=\"199\" srcset=\"https:\/\/collies-vom-floersbachtal.de\/cms\/wp-content\/uploads\/2013\/09\/Welpentreffen-41-alle-W\u00fcrfe-2015-300x199.jpg 300w, https:\/\/collies-vom-floersbachtal.de\/cms\/wp-content\/uploads\/2013\/09\/Welpentreffen-41-alle-W\u00fcrfe-2015-1024x682.jpg 1024w, https:\/\/collies-vom-floersbachtal.de\/cms\/wp-content\/uploads\/2013\/09\/Welpentreffen-41-alle-W\u00fcrfe-2015.jpg 2048w\" sizes=\"auto, (max-width: 300px) 100vw, 300px\" \/><\/a><br \/><a href=\"http:\/\/collies-vom-floersbachtal.de\/cms\/wp-content\/uploads\/2013\/09\/Welpentreffen-44-alle-W\u00fcrfe-2015.jpg\"><img loading=\"lazy\" decoding=\"async\" class=\"aligncenter size-medium wp-image-14639\" title=\"Welpentreffen 44 alle W\u00fcrfe 2015\" src=\"http:\/\/collies-vom-floersbachtal.de\/cms\/wp-content\/uploads\/2013\/09\/Welpentreffen-44-alle-W\u00fcrfe-2015-300x199.jpg\" alt=\"\" width=\"300\" height=\"199\" srcset=\"https:\/\/collies-vom-floersbachtal.de\/cms\/wp-content\/uploads\/2013\/09\/Welpentreffen-44-alle-W\u00fcrfe-2015-300x199.jpg 300w, https:\/\/collies-vom-floersbachtal.de\/cms\/wp-content\/uploads\/2013\/09\/Welpentreffen-44-alle-W\u00fcrfe-2015-1024x682.jpg 1024w, https:\/\/collies-vom-floersbachtal.de\/cms\/wp-content\/uploads\/2013\/09\/Welpentreffen-44-alle-W\u00fcrfe-2015.jpg 2048w\" sizes=\"auto, (max-width: 300px) 100vw, 300px\" \/><\/a><br \/><a href=\"http:\/\/collies-vom-floersbachtal.de\/cms\/wp-content\/uploads\/2013\/09\/Welpentreffen-45-alle-W\u00fcrfe-2015.jpg\"><img loading=\"lazy\" decoding=\"async\" class=\"aligncenter size-medium wp-image-14640\" title=\"Welpentreffen 45 alle W\u00fcrfe 2015\" src=\"http:\/\/collies-vom-floersbachtal.de\/cms\/wp-content\/uploads\/2013\/09\/Welpentreffen-45-alle-W\u00fcrfe-2015-300x199.jpg\" alt=\"\" width=\"300\" height=\"199\" srcset=\"https:\/\/collies-vom-floersbachtal.de\/cms\/wp-content\/uploads\/2013\/09\/Welpentreffen-45-alle-W\u00fcrfe-2015-300x199.jpg 300w, https:\/\/collies-vom-floersbachtal.de\/cms\/wp-content\/uploads\/2013\/09\/Welpentreffen-45-alle-W\u00fcrfe-2015-1024x682.jpg 1024w, https:\/\/collies-vom-floersbachtal.de\/cms\/wp-content\/uploads\/2013\/09\/Welpentreffen-45-alle-W\u00fcrfe-2015.jpg 2048w\" sizes=\"auto, (max-width: 300px) 100vw, 300px\" \/><\/a><br \/><a href=\"http:\/\/collies-vom-floersbachtal.de\/cms\/wp-content\/uploads\/2013\/09\/Welpentreffen-48-alle-W\u00fcrfe-2015.jpg\"><img loading=\"lazy\" decoding=\"async\" class=\"aligncenter size-medium wp-image-14641\" title=\"Welpentreffen 48 alle W\u00fcrfe 2015\" src=\"http:\/\/collies-vom-floersbachtal.de\/cms\/wp-content\/uploads\/2013\/09\/Welpentreffen-48-alle-W\u00fcrfe-2015-300x199.jpg\" alt=\"\" width=\"300\" height=\"199\" srcset=\"https:\/\/collies-vom-floersbachtal.de\/cms\/wp-content\/uploads\/2013\/09\/Welpentreffen-48-alle-W\u00fcrfe-2015-300x199.jpg 300w, https:\/\/collies-vom-floersbachtal.de\/cms\/wp-content\/uploads\/2013\/09\/Welpentreffen-48-alle-W\u00fcrfe-2015-1024x682.jpg 1024w, https:\/\/collies-vom-floersbachtal.de\/cms\/wp-content\/uploads\/2013\/09\/Welpentreffen-48-alle-W\u00fcrfe-2015.jpg 2048w\" sizes=\"auto, (max-width: 300px) 100vw, 300px\" \/><\/a><br \/><a href=\"http:\/\/collies-vom-floersbachtal.de\/cms\/wp-content\/uploads\/2013\/09\/Welpentreffen-50-alle-W\u00fcrfe-2015.jpg\"><img loading=\"lazy\" decoding=\"async\" class=\"aligncenter size-medium wp-image-14642\" title=\"Welpentreffen 50 alle W\u00fcrfe 2015\" src=\"http:\/\/collies-vom-floersbachtal.de\/cms\/wp-content\/uploads\/2013\/09\/Welpentreffen-50-alle-W\u00fcrfe-2015-300x199.jpg\" alt=\"\" width=\"300\" height=\"199\" srcset=\"https:\/\/collies-vom-floersbachtal.de\/cms\/wp-content\/uploads\/2013\/09\/Welpentreffen-50-alle-W\u00fcrfe-2015-300x199.jpg 300w, https:\/\/collies-vom-floersbachtal.de\/cms\/wp-content\/uploads\/2013\/09\/Welpentreffen-50-alle-W\u00fcrfe-2015-1024x682.jpg 1024w, https:\/\/collies-vom-floersbachtal.de\/cms\/wp-content\/uploads\/2013\/09\/Welpentreffen-50-alle-W\u00fcrfe-2015.jpg 2048w\" sizes=\"auto, (max-width: 300px) 100vw, 300px\" \/><\/a><br \/><a href=\"http:\/\/collies-vom-floersbachtal.de\/cms\/wp-content\/uploads\/2013\/09\/Welpentreffen-51-alle-W\u00fcrfe-2015.jpg\"><img loading=\"lazy\" decoding=\"async\" class=\"aligncenter size-medium wp-image-14643\" title=\"Welpentreffen 51 alle W\u00fcrfe 2015\" src=\"http:\/\/collies-vom-floersbachtal.de\/cms\/wp-content\/uploads\/2013\/09\/Welpentreffen-51-alle-W\u00fcrfe-2015-300x198.jpg\" alt=\"\" width=\"300\" height=\"198\" srcset=\"https:\/\/collies-vom-floersbachtal.de\/cms\/wp-content\/uploads\/2013\/09\/Welpentreffen-51-alle-W\u00fcrfe-2015-300x198.jpg 300w, https:\/\/collies-vom-floersbachtal.de\/cms\/wp-content\/uploads\/2013\/09\/Welpentreffen-51-alle-W\u00fcrfe-2015-1024x678.jpg 1024w, https:\/\/collies-vom-floersbachtal.de\/cms\/wp-content\/uploads\/2013\/09\/Welpentreffen-51-alle-W\u00fcrfe-2015.jpg 2048w\" sizes=\"auto, (max-width: 300px) 100vw, 300px\" \/><\/a><br \/><a href=\"http:\/\/collies-vom-floersbachtal.de\/cms\/wp-content\/uploads\/2013\/09\/Welpentreffen-52-alle-W\u00fcrfe-2015.jpg\"><img loading=\"lazy\" decoding=\"async\" class=\"aligncenter size-medium wp-image-14644\" title=\"Welpentreffen 52 alle W\u00fcrfe 2015\" src=\"http:\/\/collies-vom-floersbachtal.de\/cms\/wp-content\/uploads\/2013\/09\/Welpentreffen-52-alle-W\u00fcrfe-2015-300x198.jpg\" alt=\"\" width=\"300\" height=\"198\" srcset=\"https:\/\/collies-vom-floersbachtal.de\/cms\/wp-content\/uploads\/2013\/09\/Welpentreffen-52-alle-W\u00fcrfe-2015-300x198.jpg 300w, https:\/\/collies-vom-floersbachtal.de\/cms\/wp-content\/uploads\/2013\/09\/Welpentreffen-52-alle-W\u00fcrfe-2015-1024x678.jpg 1024w, https:\/\/collies-vom-floersbachtal.de\/cms\/wp-content\/uploads\/2013\/09\/Welpentreffen-52-alle-W\u00fcrfe-2015.jpg 2048w\" sizes=\"auto, (max-width: 300px) 100vw, 300px\" \/><\/a><br \/><a href=\"http:\/\/collies-vom-floersbachtal.de\/cms\/wp-content\/uploads\/2013\/09\/Welpentreffen-53-alle-W\u00fcrfe-2015.jpg\"><img loading=\"lazy\" decoding=\"async\" class=\"aligncenter size-medium wp-image-14645\" title=\"Welpentreffen 53 alle W\u00fcrfe 2015\" src=\"http:\/\/collies-vom-floersbachtal.de\/cms\/wp-content\/uploads\/2013\/09\/Welpentreffen-53-alle-W\u00fcrfe-2015-300x198.jpg\" alt=\"\" width=\"300\" height=\"198\" srcset=\"https:\/\/collies-vom-floersbachtal.de\/cms\/wp-content\/uploads\/2013\/09\/Welpentreffen-53-alle-W\u00fcrfe-2015-300x198.jpg 300w, https:\/\/collies-vom-floersbachtal.de\/cms\/wp-content\/uploads\/2013\/09\/Welpentreffen-53-alle-W\u00fcrfe-2015-1024x678.jpg 1024w, https:\/\/collies-vom-floersbachtal.de\/cms\/wp-content\/uploads\/2013\/09\/Welpentreffen-53-alle-W\u00fcrfe-2015.jpg 2048w\" sizes=\"auto, (max-width: 300px) 100vw, 300px\" \/><\/a><br \/><a href=\"http:\/\/collies-vom-floersbachtal.de\/cms\/wp-content\/uploads\/2013\/09\/Welpentreffen-54-alle-W\u00fcrfe-2015.jpg\"><img loading=\"lazy\" decoding=\"async\" class=\"aligncenter size-medium wp-image-14646\" title=\"Welpentreffen 54 alle W\u00fcrfe 2015\" src=\"http:\/\/collies-vom-floersbachtal.de\/cms\/wp-content\/uploads\/2013\/09\/Welpentreffen-54-alle-W\u00fcrfe-2015-300x198.jpg\" alt=\"\" width=\"300\" height=\"198\" srcset=\"https:\/\/collies-vom-floersbachtal.de\/cms\/wp-content\/uploads\/2013\/09\/Welpentreffen-54-alle-W\u00fcrfe-2015-300x198.jpg 300w, https:\/\/collies-vom-floersbachtal.de\/cms\/wp-content\/uploads\/2013\/09\/Welpentreffen-54-alle-W\u00fcrfe-2015-1024x678.jpg 1024w, https:\/\/collies-vom-floersbachtal.de\/cms\/wp-content\/uploads\/2013\/09\/Welpentreffen-54-alle-W\u00fcrfe-2015.jpg 2048w\" sizes=\"auto, (max-width: 300px) 100vw, 300px\" \/><\/a><br \/><a href=\"http:\/\/collies-vom-floersbachtal.de\/cms\/wp-content\/uploads\/2013\/09\/Welpentreffen-55-alle-W\u00fcrfe-2015.jpg\"><img loading=\"lazy\" decoding=\"async\" class=\"aligncenter size-medium wp-image-14648\" title=\"Welpentreffen 55 alle W\u00fcrfe 2015\" src=\"http:\/\/collies-vom-floersbachtal.de\/cms\/wp-content\/uploads\/2013\/09\/Welpentreffen-55-alle-W\u00fcrfe-2015-300x198.jpg\" alt=\"\" width=\"300\" height=\"198\" srcset=\"https:\/\/collies-vom-floersbachtal.de\/cms\/wp-content\/uploads\/2013\/09\/Welpentreffen-55-alle-W\u00fcrfe-2015-300x198.jpg 300w, https:\/\/collies-vom-floersbachtal.de\/cms\/wp-content\/uploads\/2013\/09\/Welpentreffen-55-alle-W\u00fcrfe-2015-1024x678.jpg 1024w, https:\/\/collies-vom-floersbachtal.de\/cms\/wp-content\/uploads\/2013\/09\/Welpentreffen-55-alle-W\u00fcrfe-2015.jpg 2048w\" sizes=\"auto, (max-width: 300px) 100vw, 300px\" \/><\/a><br \/><a href=\"http:\/\/collies-vom-floersbachtal.de\/cms\/wp-content\/uploads\/2013\/09\/Welpentreffen-57-alle-W\u00fcrfe-2015.jpg\"><img loading=\"lazy\" decoding=\"async\" class=\"aligncenter size-medium wp-image-14649\" title=\"Welpentreffen 57 alle W\u00fcrfe 2015\" src=\"http:\/\/collies-vom-floersbachtal.de\/cms\/wp-content\/uploads\/2013\/09\/Welpentreffen-57-alle-W\u00fcrfe-2015-300x198.jpg\" alt=\"\" width=\"300\" height=\"198\" srcset=\"https:\/\/collies-vom-floersbachtal.de\/cms\/wp-content\/uploads\/2013\/09\/Welpentreffen-57-alle-W\u00fcrfe-2015-300x198.jpg 300w, https:\/\/collies-vom-floersbachtal.de\/cms\/wp-content\/uploads\/2013\/09\/Welpentreffen-57-alle-W\u00fcrfe-2015-1024x678.jpg 1024w, https:\/\/collies-vom-floersbachtal.de\/cms\/wp-content\/uploads\/2013\/09\/Welpentreffen-57-alle-W\u00fcrfe-2015.jpg 2048w\" sizes=\"auto, (max-width: 300px) 100vw, 300px\" \/><\/a><br \/><a href=\"http:\/\/collies-vom-floersbachtal.de\/cms\/wp-content\/uploads\/2013\/09\/Welpentreffen-58-alle-W\u00fcrfe-2015.jpg\"><img loading=\"lazy\" decoding=\"async\" class=\"aligncenter size-medium wp-image-14650\" title=\"Welpentreffen 58 alle W\u00fcrfe 2015\" src=\"http:\/\/collies-vom-floersbachtal.de\/cms\/wp-content\/uploads\/2013\/09\/Welpentreffen-58-alle-W\u00fcrfe-2015-300x198.jpg\" alt=\"\" width=\"300\" height=\"198\" srcset=\"https:\/\/collies-vom-floersbachtal.de\/cms\/wp-content\/uploads\/2013\/09\/Welpentreffen-58-alle-W\u00fcrfe-2015-300x198.jpg 300w, https:\/\/collies-vom-floersbachtal.de\/cms\/wp-content\/uploads\/2013\/09\/Welpentreffen-58-alle-W\u00fcrfe-2015-1024x678.jpg 1024w, https:\/\/collies-vom-floersbachtal.de\/cms\/wp-content\/uploads\/2013\/09\/Welpentreffen-58-alle-W\u00fcrfe-2015.jpg 2048w\" sizes=\"auto, (max-width: 300px) 100vw, 300px\" \/><\/a><br \/><a href=\"http:\/\/collies-vom-floersbachtal.de\/cms\/wp-content\/uploads\/2013\/09\/Welpentreffen-60-alle-W\u00fcrfe-2015.jpg\"><img loading=\"lazy\" decoding=\"async\" class=\"aligncenter size-medium wp-image-14651\" title=\"Welpentreffen 60 alle W\u00fcrfe 2015\" src=\"http:\/\/collies-vom-floersbachtal.de\/cms\/wp-content\/uploads\/2013\/09\/Welpentreffen-60-alle-W\u00fcrfe-2015-300x220.jpg\" alt=\"\" width=\"300\" height=\"220\" srcset=\"https:\/\/collies-vom-floersbachtal.de\/cms\/wp-content\/uploads\/2013\/09\/Welpentreffen-60-alle-W\u00fcrfe-2015-300x220.jpg 300w, https:\/\/collies-vom-floersbachtal.de\/cms\/wp-content\/uploads\/2013\/09\/Welpentreffen-60-alle-W\u00fcrfe-2015.jpg 1024w\" sizes=\"auto, (max-width: 300px) 100vw, 300px\" \/><\/a><br \/><a href=\"http:\/\/collies-vom-floersbachtal.de\/cms\/wp-content\/uploads\/2013\/09\/Welpentreffen-61-alle-W\u00fcrfe-2015.jpg\"><img loading=\"lazy\" decoding=\"async\" class=\"aligncenter size-medium wp-image-14652\" title=\"Welpentreffen 61 alle W\u00fcrfe 2015\" src=\"http:\/\/collies-vom-floersbachtal.de\/cms\/wp-content\/uploads\/2013\/09\/Welpentreffen-61-alle-W\u00fcrfe-2015-300x226.jpg\" alt=\"\" width=\"300\" height=\"226\" srcset=\"https:\/\/collies-vom-floersbachtal.de\/cms\/wp-content\/uploads\/2013\/09\/Welpentreffen-61-alle-W\u00fcrfe-2015-300x226.jpg 300w, https:\/\/collies-vom-floersbachtal.de\/cms\/wp-content\/uploads\/2013\/09\/Welpentreffen-61-alle-W\u00fcrfe-2015.jpg 1024w\" sizes=\"auto, (max-width: 300px) 100vw, 300px\" \/><\/a><br \/><a href=\"http:\/\/collies-vom-floersbachtal.de\/cms\/wp-content\/uploads\/2013\/09\/Welpentreffen-62-alle-W\u00fcrfe-2015.jpg\"><img loading=\"lazy\" decoding=\"async\" class=\"aligncenter size-medium wp-image-14653\" title=\"Welpentreffen 62 alle W\u00fcrfe 2015\" src=\"http:\/\/collies-vom-floersbachtal.de\/cms\/wp-content\/uploads\/2013\/09\/Welpentreffen-62-alle-W\u00fcrfe-2015-300x215.jpg\" alt=\"\" width=\"300\" height=\"215\" srcset=\"https:\/\/collies-vom-floersbachtal.de\/cms\/wp-content\/uploads\/2013\/09\/Welpentreffen-62-alle-W\u00fcrfe-2015-300x215.jpg 300w, https:\/\/collies-vom-floersbachtal.de\/cms\/wp-content\/uploads\/2013\/09\/Welpentreffen-62-alle-W\u00fcrfe-2015.jpg 927w\" sizes=\"auto, (max-width: 300px) 100vw, 300px\" \/><\/a><br \/><a href=\"http:\/\/collies-vom-floersbachtal.de\/cms\/wp-content\/uploads\/2013\/09\/Welpentreffen-63-alle-W\u00fcrfe-2015.jpg\"><img loading=\"lazy\" decoding=\"async\" class=\"aligncenter size-medium wp-image-14654\" title=\"Welpentreffen 63 alle W\u00fcrfe 2015\" src=\"http:\/\/collies-vom-floersbachtal.de\/cms\/wp-content\/uploads\/2013\/09\/Welpentreffen-63-alle-W\u00fcrfe-2015-300x221.jpg\" alt=\"\" width=\"300\" height=\"221\" srcset=\"https:\/\/collies-vom-floersbachtal.de\/cms\/wp-content\/uploads\/2013\/09\/Welpentreffen-63-alle-W\u00fcrfe-2015-300x221.jpg 300w, https:\/\/collies-vom-floersbachtal.de\/cms\/wp-content\/uploads\/2013\/09\/Welpentreffen-63-alle-W\u00fcrfe-2015.jpg 1024w\" sizes=\"auto, (max-width: 300px) 100vw, 300px\" \/><\/a><br \/><a href=\"http:\/\/collies-vom-floersbachtal.de\/cms\/wp-content\/uploads\/2013\/09\/Welpentreffen-59-alle-W\u00fcrfe-2015.jpg\"><img loading=\"lazy\" decoding=\"async\" class=\"aligncenter size-medium wp-image-14655\" title=\"Welpentreffen 59 alle W\u00fcrfe 2015\" src=\"http:\/\/collies-vom-floersbachtal.de\/cms\/wp-content\/uploads\/2013\/09\/Welpentreffen-59-alle-W\u00fcrfe-2015-300x198.jpg\" alt=\"\" width=\"300\" height=\"198\" srcset=\"https:\/\/collies-vom-floersbachtal.de\/cms\/wp-content\/uploads\/2013\/09\/Welpentreffen-59-alle-W\u00fcrfe-2015-300x198.jpg 300w, https:\/\/collies-vom-floersbachtal.de\/cms\/wp-content\/uploads\/2013\/09\/Welpentreffen-59-alle-W\u00fcrfe-2015-1024x678.jpg 1024w, https:\/\/collies-vom-floersbachtal.de\/cms\/wp-content\/uploads\/2013\/09\/Welpentreffen-59-alle-W\u00fcrfe-2015.jpg 2048w\" sizes=\"auto, (max-width: 300px) 100vw, 300px\" \/><\/a><br \/><a href=\"http:\/\/collies-vom-floersbachtal.de\/cms\/wp-content\/uploads\/2013\/09\/Welpentreffen-1-Alle-2015-Rast.jpg\"><img loading=\"lazy\" decoding=\"async\" class=\"aligncenter size-medium wp-image-14656\" title=\"Welpentreffen 1 Alle 2015 Rast\" src=\"http:\/\/collies-vom-floersbachtal.de\/cms\/wp-content\/uploads\/2013\/09\/Welpentreffen-1-Alle-2015-Rast-300x199.jpg\" alt=\"\" width=\"300\" height=\"199\" srcset=\"https:\/\/collies-vom-floersbachtal.de\/cms\/wp-content\/uploads\/2013\/09\/Welpentreffen-1-Alle-2015-Rast-300x199.jpg 300w, https:\/\/collies-vom-floersbachtal.de\/cms\/wp-content\/uploads\/2013\/09\/Welpentreffen-1-Alle-2015-Rast-1024x682.jpg 1024w, https:\/\/collies-vom-floersbachtal.de\/cms\/wp-content\/uploads\/2013\/09\/Welpentreffen-1-Alle-2015-Rast.jpg 2048w\" sizes=\"auto, (max-width: 300px) 100vw, 300px\" \/><\/a><br \/><a href=\"http:\/\/collies-vom-floersbachtal.de\/cms\/wp-content\/uploads\/2013\/09\/Welpentreffen-2-Alle-2015-Rast.jpg\"><img loading=\"lazy\" decoding=\"async\" class=\"aligncenter size-medium wp-image-14657\" title=\"Welpentreffen 2 Alle 2015 Rast\" src=\"http:\/\/collies-vom-floersbachtal.de\/cms\/wp-content\/uploads\/2013\/09\/Welpentreffen-2-Alle-2015-Rast-300x199.jpg\" alt=\"\" width=\"300\" height=\"199\" srcset=\"https:\/\/collies-vom-floersbachtal.de\/cms\/wp-content\/uploads\/2013\/09\/Welpentreffen-2-Alle-2015-Rast-300x199.jpg 300w, https:\/\/collies-vom-floersbachtal.de\/cms\/wp-content\/uploads\/2013\/09\/Welpentreffen-2-Alle-2015-Rast-1024x682.jpg 1024w, https:\/\/collies-vom-floersbachtal.de\/cms\/wp-content\/uploads\/2013\/09\/Welpentreffen-2-Alle-2015-Rast.jpg 2048w\" sizes=\"auto, (max-width: 300px) 100vw, 300px\" \/><\/a><br \/><strong><a href=\"http:\/\/collies-vom-floersbachtal.de\/cms\/wp-content\/uploads\/2013\/09\/Welpentreffen2-alle-W\u00fcrfe-2015.jpg\"><img loading=\"lazy\" decoding=\"async\" class=\"aligncenter size-full wp-image-14603\" title=\"Welpentreffen2 alle W\u00fcrfe 2015\" src=\"http:\/\/collies-vom-floersbachtal.de\/cms\/wp-content\/uploads\/2013\/09\/Welpentreffen2-alle-W\u00fcrfe-2015.jpg\" alt=\"\" width=\"1000\" height=\"265\" srcset=\"https:\/\/collies-vom-floersbachtal.de\/cms\/wp-content\/uploads\/2013\/09\/Welpentreffen2-alle-W\u00fcrfe-2015.jpg 1000w, https:\/\/collies-vom-floersbachtal.de\/cms\/wp-content\/uploads\/2013\/09\/Welpentreffen2-alle-W\u00fcrfe-2015-300x79.jpg 300w\" sizes=\"auto, (max-width: 1000px) 100vw, 1000px\" \/><\/a><\/strong><br \/>Aus unserem A-Wurf waren Akela-Wolf &amp; Akil-Balu anwesend.<br \/>Aus dem B-Wurf Badrya-Mia, Blue Jean, Baxter, Bonny-Merle &amp; Bashira-Angel.<br \/>Aus dem C-Wurf Captain Junior Tayo, Capper &amp; Chico.<br \/>Aus dem D-Wurf Dirty Dina, Dreamboy (Fietje), Dancing Dust ( Djarvis) &amp; Dragonheart (Darwin).<br \/>Ebenso eine kurzhaar Tochter (Fun) und ein kurzhaar Sohn (Follow-Jamie) von Balu, sowie viele andere unserer zahlreichen G\u00e4ste auch unsere Ferieng\u00e4ste mit ihrer Bella.<\/p>\n<h1><strong>Welpentreffen vom B + C-Wurf bei Rossi und Klaus 2014<a href=\"http:\/\/collies-vom-floersbachtal.de\/cms\/wp-content\/uploads\/2013\/09\/Welpentreffen-C-Wurf-2014-bei-Rossi8.jpg\"><img loading=\"lazy\" decoding=\"async\" class=\"aligncenter size-full wp-image-14585\" title=\"Welpentreffen C-Wurf 2014 bei Rossi8\" src=\"http:\/\/collies-vom-floersbachtal.de\/cms\/wp-content\/uploads\/2013\/09\/Welpentreffen-C-Wurf-2014-bei-Rossi8.jpg\" alt=\"\" width=\"1000\" height=\"342\" srcset=\"https:\/\/collies-vom-floersbachtal.de\/cms\/wp-content\/uploads\/2013\/09\/Welpentreffen-C-Wurf-2014-bei-Rossi8.jpg 1000w, https:\/\/collies-vom-floersbachtal.de\/cms\/wp-content\/uploads\/2013\/09\/Welpentreffen-C-Wurf-2014-bei-Rossi8-300x102.jpg 300w\" sizes=\"auto, (max-width: 1000px) 100vw, 1000px\" \/><\/a><\/strong><\/h1>\n<h1><a href=\"http:\/\/collies-vom-floersbachtal.de\/cms\/wp-content\/uploads\/2013\/09\/Welpentreffen-vom-C-Wurf-13-2014.jpg\"><img loading=\"lazy\" decoding=\"async\" class=\"aligncenter size-medium wp-image-14588\" title=\"Welpentreffen vom C-Wurf 13 2014\" src=\"http:\/\/collies-vom-floersbachtal.de\/cms\/wp-content\/uploads\/2013\/09\/Welpentreffen-vom-C-Wurf-13-2014-300x198.jpg\" alt=\"\" width=\"300\" height=\"198\" srcset=\"https:\/\/collies-vom-floersbachtal.de\/cms\/wp-content\/uploads\/2013\/09\/Welpentreffen-vom-C-Wurf-13-2014-300x198.jpg 300w, https:\/\/collies-vom-floersbachtal.de\/cms\/wp-content\/uploads\/2013\/09\/Welpentreffen-vom-C-Wurf-13-2014-1024x678.jpg 1024w, https:\/\/collies-vom-floersbachtal.de\/cms\/wp-content\/uploads\/2013\/09\/Welpentreffen-vom-C-Wurf-13-2014.jpg 2048w\" sizes=\"auto, (max-width: 300px) 100vw, 300px\" \/><\/a><a href=\"http:\/\/collies-vom-floersbachtal.de\/cms\/wp-content\/uploads\/2013\/09\/Welpentreffen-vom-C-Wurf-14-20141.jpg\"><img loading=\"lazy\" decoding=\"async\" class=\"aligncenter size-medium wp-image-14589\" title=\"Welpentreffen vom C-Wurf 14 2014\" src=\"http:\/\/collies-vom-floersbachtal.de\/cms\/wp-content\/uploads\/2013\/09\/Welpentreffen-vom-C-Wurf-14-20141-300x198.jpg\" alt=\"\" width=\"300\" height=\"198\" srcset=\"https:\/\/collies-vom-floersbachtal.de\/cms\/wp-content\/uploads\/2013\/09\/Welpentreffen-vom-C-Wurf-14-20141-300x198.jpg 300w, https:\/\/collies-vom-floersbachtal.de\/cms\/wp-content\/uploads\/2013\/09\/Welpentreffen-vom-C-Wurf-14-20141-1024x678.jpg 1024w, https:\/\/collies-vom-floersbachtal.de\/cms\/wp-content\/uploads\/2013\/09\/Welpentreffen-vom-C-Wurf-14-20141.jpg 2048w\" sizes=\"auto, (max-width: 300px) 100vw, 300px\" \/><\/a><a href=\"http:\/\/collies-vom-floersbachtal.de\/cms\/wp-content\/uploads\/2013\/09\/Welpentreffen-vom-C-Wurf-15-2014.jpg\"><img loading=\"lazy\" decoding=\"async\" class=\"aligncenter size-medium wp-image-14590\" title=\"Welpentreffen vom C-Wurf 15 2014\" src=\"http:\/\/collies-vom-floersbachtal.de\/cms\/wp-content\/uploads\/2013\/09\/Welpentreffen-vom-C-Wurf-15-2014-300x198.jpg\" alt=\"\" width=\"300\" height=\"198\" srcset=\"https:\/\/collies-vom-floersbachtal.de\/cms\/wp-content\/uploads\/2013\/09\/Welpentreffen-vom-C-Wurf-15-2014-300x198.jpg 300w, https:\/\/collies-vom-floersbachtal.de\/cms\/wp-content\/uploads\/2013\/09\/Welpentreffen-vom-C-Wurf-15-2014-1024x678.jpg 1024w, https:\/\/collies-vom-floersbachtal.de\/cms\/wp-content\/uploads\/2013\/09\/Welpentreffen-vom-C-Wurf-15-2014.jpg 2048w\" sizes=\"auto, (max-width: 300px) 100vw, 300px\" \/><\/a><a href=\"http:\/\/collies-vom-floersbachtal.de\/cms\/wp-content\/uploads\/2013\/09\/Welpentreffen-vom-C-Wurf-18-2014.jpg\"><img loading=\"lazy\" decoding=\"async\" class=\"aligncenter size-medium wp-image-14591\" title=\"Welpentreffen vom C-Wurf 18 2014\" src=\"http:\/\/collies-vom-floersbachtal.de\/cms\/wp-content\/uploads\/2013\/09\/Welpentreffen-vom-C-Wurf-18-2014-300x198.jpg\" alt=\"\" width=\"300\" height=\"198\" srcset=\"https:\/\/collies-vom-floersbachtal.de\/cms\/wp-content\/uploads\/2013\/09\/Welpentreffen-vom-C-Wurf-18-2014-300x198.jpg 300w, https:\/\/collies-vom-floersbachtal.de\/cms\/wp-content\/uploads\/2013\/09\/Welpentreffen-vom-C-Wurf-18-2014-1024x678.jpg 1024w, https:\/\/collies-vom-floersbachtal.de\/cms\/wp-content\/uploads\/2013\/09\/Welpentreffen-vom-C-Wurf-18-2014.jpg 2048w\" sizes=\"auto, (max-width: 300px) 100vw, 300px\" \/><\/a><a href=\"http:\/\/collies-vom-floersbachtal.de\/cms\/wp-content\/uploads\/2013\/09\/Welpentreffen-vom-C-Wurf-21-2014.jpg\"><img loading=\"lazy\" decoding=\"async\" class=\"aligncenter size-medium wp-image-14592\" title=\"Welpentreffen vom C-Wurf 21 2014\" src=\"http:\/\/collies-vom-floersbachtal.de\/cms\/wp-content\/uploads\/2013\/09\/Welpentreffen-vom-C-Wurf-21-2014-300x200.jpg\" alt=\"\" width=\"300\" height=\"200\" srcset=\"https:\/\/collies-vom-floersbachtal.de\/cms\/wp-content\/uploads\/2013\/09\/Welpentreffen-vom-C-Wurf-21-2014-300x200.jpg 300w, https:\/\/collies-vom-floersbachtal.de\/cms\/wp-content\/uploads\/2013\/09\/Welpentreffen-vom-C-Wurf-21-2014.jpg 525w\" sizes=\"auto, (max-width: 300px) 100vw, 300px\" \/><\/a><a href=\"http:\/\/collies-vom-floersbachtal.de\/cms\/wp-content\/uploads\/2013\/09\/Welpentreffen-vom-C-Wurf-22-2014.jpg\"><img loading=\"lazy\" decoding=\"async\" class=\"aligncenter size-medium wp-image-14593\" title=\"Welpentreffen vom C-Wurf 22 2014\" src=\"http:\/\/collies-vom-floersbachtal.de\/cms\/wp-content\/uploads\/2013\/09\/Welpentreffen-vom-C-Wurf-22-2014-300x200.jpg\" alt=\"\" width=\"300\" height=\"200\" srcset=\"https:\/\/collies-vom-floersbachtal.de\/cms\/wp-content\/uploads\/2013\/09\/Welpentreffen-vom-C-Wurf-22-2014-300x200.jpg 300w, https:\/\/collies-vom-floersbachtal.de\/cms\/wp-content\/uploads\/2013\/09\/Welpentreffen-vom-C-Wurf-22-2014.jpg 525w\" sizes=\"auto, (max-width: 300px) 100vw, 300px\" \/><\/a><a href=\"http:\/\/collies-vom-floersbachtal.de\/cms\/wp-content\/uploads\/2013\/09\/Welpentreffen-vom-C-Wurf-25-2014.jpg\"><img loading=\"lazy\" decoding=\"async\" class=\"aligncenter size-medium wp-image-14594\" title=\"Welpentreffen vom C-Wurf 25 2014\" src=\"http:\/\/collies-vom-floersbachtal.de\/cms\/wp-content\/uploads\/2013\/09\/Welpentreffen-vom-C-Wurf-25-2014-292x300.jpg\" alt=\"\" width=\"292\" height=\"300\" srcset=\"https:\/\/collies-vom-floersbachtal.de\/cms\/wp-content\/uploads\/2013\/09\/Welpentreffen-vom-C-Wurf-25-2014-292x300.jpg 292w, https:\/\/collies-vom-floersbachtal.de\/cms\/wp-content\/uploads\/2013\/09\/Welpentreffen-vom-C-Wurf-25-2014-998x1024.jpg 998w, https:\/\/collies-vom-floersbachtal.de\/cms\/wp-content\/uploads\/2013\/09\/Welpentreffen-vom-C-Wurf-25-2014.jpg 1000w\" sizes=\"auto, (max-width: 292px) 100vw, 292px\" \/><\/a><a href=\"http:\/\/collies-vom-floersbachtal.de\/cms\/wp-content\/uploads\/2013\/09\/Welpentreffen-vom-C-Wurf-8-2014.jpg\"><img loading=\"lazy\" decoding=\"async\" class=\"aligncenter size-medium wp-image-14595\" title=\"Welpentreffen vom C-Wurf 8 2014\" src=\"http:\/\/collies-vom-floersbachtal.de\/cms\/wp-content\/uploads\/2013\/09\/Welpentreffen-vom-C-Wurf-8-2014-300x198.jpg\" alt=\"\" width=\"300\" height=\"198\" srcset=\"https:\/\/collies-vom-floersbachtal.de\/cms\/wp-content\/uploads\/2013\/09\/Welpentreffen-vom-C-Wurf-8-2014-300x198.jpg 300w, https:\/\/collies-vom-floersbachtal.de\/cms\/wp-content\/uploads\/2013\/09\/Welpentreffen-vom-C-Wurf-8-2014-1024x678.jpg 1024w, https:\/\/collies-vom-floersbachtal.de\/cms\/wp-content\/uploads\/2013\/09\/Welpentreffen-vom-C-Wurf-8-2014.jpg 2048w\" sizes=\"auto, (max-width: 300px) 100vw, 300px\" \/><\/a><\/h1>\n<h2><strong>Welpentreffen in Mosborn 2014<\/strong><br \/><a href=\"http:\/\/collies-vom-floersbachtal.de\/cms\/wp-content\/uploads\/2013\/09\/Welpentreffen1-C-Wurf-August-141.jpg\"><img loading=\"lazy\" decoding=\"async\" class=\"aligncenter size-medium wp-image-14596\" title=\"Welpentreffen1  C-Wurf August 14\" src=\"http:\/\/collies-vom-floersbachtal.de\/cms\/wp-content\/uploads\/2013\/09\/Welpentreffen1-C-Wurf-August-141-300x198.jpg\" alt=\"\" width=\"300\" height=\"198\" srcset=\"https:\/\/collies-vom-floersbachtal.de\/cms\/wp-content\/uploads\/2013\/09\/Welpentreffen1-C-Wurf-August-141-300x198.jpg 300w, https:\/\/collies-vom-floersbachtal.de\/cms\/wp-content\/uploads\/2013\/09\/Welpentreffen1-C-Wurf-August-141-1024x678.jpg 1024w, https:\/\/collies-vom-floersbachtal.de\/cms\/wp-content\/uploads\/2013\/09\/Welpentreffen1-C-Wurf-August-141.jpg 2048w\" sizes=\"auto, (max-width: 300px) 100vw, 300px\" \/><\/a><a href=\"http:\/\/collies-vom-floersbachtal.de\/cms\/wp-content\/uploads\/2013\/09\/Welpentreffen3.jpg\"><img loading=\"lazy\" decoding=\"async\" class=\"aligncenter size-medium wp-image-14597\" title=\"Welpentreffen3\" src=\"http:\/\/collies-vom-floersbachtal.de\/cms\/wp-content\/uploads\/2013\/09\/Welpentreffen3-300x200.jpg\" alt=\"\" width=\"300\" height=\"200\" srcset=\"https:\/\/collies-vom-floersbachtal.de\/cms\/wp-content\/uploads\/2013\/09\/Welpentreffen3-300x200.jpg 300w, https:\/\/collies-vom-floersbachtal.de\/cms\/wp-content\/uploads\/2013\/09\/Welpentreffen3-1024x683.jpg 1024w, https:\/\/collies-vom-floersbachtal.de\/cms\/wp-content\/uploads\/2013\/09\/Welpentreffen3.jpg 2048w\" sizes=\"auto, (max-width: 300px) 100vw, 300px\" \/><\/a><a href=\"http:\/\/collies-vom-floersbachtal.de\/cms\/wp-content\/uploads\/2013\/09\/Welpentreffen4.jpg\"><img loading=\"lazy\" decoding=\"async\" class=\"aligncenter size-medium wp-image-14598\" title=\"Welpentreffen4\" src=\"http:\/\/collies-vom-floersbachtal.de\/cms\/wp-content\/uploads\/2013\/09\/Welpentreffen4-300x200.jpg\" alt=\"\" width=\"300\" height=\"200\" srcset=\"https:\/\/collies-vom-floersbachtal.de\/cms\/wp-content\/uploads\/2013\/09\/Welpentreffen4-300x200.jpg 300w, https:\/\/collies-vom-floersbachtal.de\/cms\/wp-content\/uploads\/2013\/09\/Welpentreffen4-1024x683.jpg 1024w, https:\/\/collies-vom-floersbachtal.de\/cms\/wp-content\/uploads\/2013\/09\/Welpentreffen4.jpg 2048w\" sizes=\"auto, (max-width: 300px) 100vw, 300px\" \/><\/a><a href=\"http:\/\/collies-vom-floersbachtal.de\/cms\/wp-content\/uploads\/2013\/09\/Welpentreffen5-C-Wurf-August-14.jpg\"><img loading=\"lazy\" decoding=\"async\" class=\"aligncenter size-medium wp-image-14599\" title=\"Welpentreffen5  C-Wurf August 14\" src=\"http:\/\/collies-vom-floersbachtal.de\/cms\/wp-content\/uploads\/2013\/09\/Welpentreffen5-C-Wurf-August-14-300x198.jpg\" alt=\"\" width=\"300\" height=\"198\" srcset=\"https:\/\/collies-vom-floersbachtal.de\/cms\/wp-content\/uploads\/2013\/09\/Welpentreffen5-C-Wurf-August-14-300x198.jpg 300w, https:\/\/collies-vom-floersbachtal.de\/cms\/wp-content\/uploads\/2013\/09\/Welpentreffen5-C-Wurf-August-14-1024x678.jpg 1024w, https:\/\/collies-vom-floersbachtal.de\/cms\/wp-content\/uploads\/2013\/09\/Welpentreffen5-C-Wurf-August-14.jpg 2048w\" sizes=\"auto, (max-width: 300px) 100vw, 300px\" \/><\/a><a href=\"http:\/\/collies-vom-floersbachtal.de\/cms\/wp-content\/uploads\/2013\/09\/Welpentreffen6.jpg\"><img loading=\"lazy\" decoding=\"async\" class=\"aligncenter size-medium wp-image-14600\" title=\"Welpentreffen6\" src=\"http:\/\/collies-vom-floersbachtal.de\/cms\/wp-content\/uploads\/2013\/09\/Welpentreffen6-300x234.jpg\" alt=\"\" width=\"300\" height=\"234\" srcset=\"https:\/\/collies-vom-floersbachtal.de\/cms\/wp-content\/uploads\/2013\/09\/Welpentreffen6-300x234.jpg 300w, https:\/\/collies-vom-floersbachtal.de\/cms\/wp-content\/uploads\/2013\/09\/Welpentreffen6-1024x800.jpg 1024w, https:\/\/collies-vom-floersbachtal.de\/cms\/wp-content\/uploads\/2013\/09\/Welpentreffen6.jpg 2048w\" sizes=\"auto, (max-width: 300px) 100vw, 300px\" \/><\/a><a href=\"http:\/\/collies-vom-floersbachtal.de\/cms\/wp-content\/uploads\/2013\/09\/Welpentreffen7.jpg\"><img loading=\"lazy\" decoding=\"async\" class=\"aligncenter size-medium wp-image-14601\" title=\"Welpentreffen7\" src=\"http:\/\/collies-vom-floersbachtal.de\/cms\/wp-content\/uploads\/2013\/09\/Welpentreffen7-300x200.jpg\" alt=\"\" width=\"300\" height=\"200\" srcset=\"https:\/\/collies-vom-floersbachtal.de\/cms\/wp-content\/uploads\/2013\/09\/Welpentreffen7-300x200.jpg 300w, https:\/\/collies-vom-floersbachtal.de\/cms\/wp-content\/uploads\/2013\/09\/Welpentreffen7-1024x683.jpg 1024w, https:\/\/collies-vom-floersbachtal.de\/cms\/wp-content\/uploads\/2013\/09\/Welpentreffen7.jpg 2048w\" sizes=\"auto, (max-width: 300px) 100vw, 300px\" \/><\/a><\/h2>\n<h1><strong>Am 24.11.13 hatten wir unser 1. kleines Welpentreffen vom C-Wurf mit 4 der Zwerge und den stolzen Eltern Ginger &amp; Balu<br \/><\/strong><\/h1>\n<p>Viel Spa\u00df beim Fotos schauen \ud83d\ude09<\/p>\n<p><a href=\"http:\/\/collies-vom-floersbachtal.de\/cms\/wp-content\/uploads\/2013\/09\/Balu-Ginger3-Nov.13.jpg\"><img loading=\"lazy\" decoding=\"async\" class=\"aligncenter size-medium wp-image-7408\" title=\"Balu &amp; Ginger3 Nov.13\" src=\"http:\/\/collies-vom-floersbachtal.de\/cms\/wp-content\/uploads\/2013\/09\/Balu-Ginger3-Nov.13-300x228.jpg\" alt=\"\" width=\"300\" height=\"228\" srcset=\"https:\/\/collies-vom-floersbachtal.de\/cms\/wp-content\/uploads\/2013\/09\/Balu-Ginger3-Nov.13-300x228.jpg 300w, https:\/\/collies-vom-floersbachtal.de\/cms\/wp-content\/uploads\/2013\/09\/Balu-Ginger3-Nov.13.jpg 1000w\" sizes=\"auto, (max-width: 300px) 100vw, 300px\" \/><\/a> Auf dem Weg zum Treffpunkt mit den Zwergen<br \/><a href=\"http:\/\/collies-vom-floersbachtal.de\/cms\/wp-content\/uploads\/2013\/09\/Welpentreffen-C-Wurf1.jpg\"><img loading=\"lazy\" decoding=\"async\" class=\"aligncenter size-medium wp-image-7405\" title=\"Welpentreffen C-Wurf1\" src=\"http:\/\/collies-vom-floersbachtal.de\/cms\/wp-content\/uploads\/2013\/09\/Welpentreffen-C-Wurf1-300x225.jpg\" alt=\"\" width=\"300\" height=\"225\" srcset=\"https:\/\/collies-vom-floersbachtal.de\/cms\/wp-content\/uploads\/2013\/09\/Welpentreffen-C-Wurf1-300x225.jpg 300w, https:\/\/collies-vom-floersbachtal.de\/cms\/wp-content\/uploads\/2013\/09\/Welpentreffen-C-Wurf1.jpg 1000w\" sizes=\"auto, (max-width: 300px) 100vw, 300px\" \/><\/a> Alle Zwerge lieben Wasser, genau wie die Eltern<br \/><a href=\"http:\/\/collies-vom-floersbachtal.de\/cms\/wp-content\/uploads\/2013\/09\/Welpentreffen-C-Wurf2.jpg\"><img loading=\"lazy\" decoding=\"async\" class=\"aligncenter size-medium wp-image-7406\" title=\"Welpentreffen C-Wurf2\" src=\"http:\/\/collies-vom-floersbachtal.de\/cms\/wp-content\/uploads\/2013\/09\/Welpentreffen-C-Wurf2-300x197.jpg\" alt=\"\" width=\"300\" height=\"197\" srcset=\"https:\/\/collies-vom-floersbachtal.de\/cms\/wp-content\/uploads\/2013\/09\/Welpentreffen-C-Wurf2-300x197.jpg 300w, https:\/\/collies-vom-floersbachtal.de\/cms\/wp-content\/uploads\/2013\/09\/Welpentreffen-C-Wurf2.jpg 1000w\" sizes=\"auto, (max-width: 300px) 100vw, 300px\" \/><\/a><br \/><a href=\"http:\/\/collies-vom-floersbachtal.de\/cms\/wp-content\/uploads\/2013\/09\/Welpentreffen-C-Wurf3.jpg\"><img loading=\"lazy\" decoding=\"async\" class=\"aligncenter size-medium wp-image-7407\" title=\"Welpentreffen C-Wurf3\" src=\"http:\/\/collies-vom-floersbachtal.de\/cms\/wp-content\/uploads\/2013\/09\/Welpentreffen-C-Wurf3-300x221.jpg\" alt=\"\" width=\"300\" height=\"221\" srcset=\"https:\/\/collies-vom-floersbachtal.de\/cms\/wp-content\/uploads\/2013\/09\/Welpentreffen-C-Wurf3-300x221.jpg 300w, https:\/\/collies-vom-floersbachtal.de\/cms\/wp-content\/uploads\/2013\/09\/Welpentreffen-C-Wurf3.jpg 1000w\" sizes=\"auto, (max-width: 300px) 100vw, 300px\" \/><\/a> Tayo und Papa<br \/><a href=\"http:\/\/collies-vom-floersbachtal.de\/cms\/wp-content\/uploads\/2013\/09\/Welpentreffen-C-Wurf4.jpg\"><img loading=\"lazy\" decoding=\"async\" class=\"aligncenter size-medium wp-image-7409\" title=\"Welpentreffen C-Wurf4\" src=\"http:\/\/collies-vom-floersbachtal.de\/cms\/wp-content\/uploads\/2013\/09\/Welpentreffen-C-Wurf4-300x197.jpg\" alt=\"\" width=\"300\" height=\"197\" srcset=\"https:\/\/collies-vom-floersbachtal.de\/cms\/wp-content\/uploads\/2013\/09\/Welpentreffen-C-Wurf4-300x197.jpg 300w, https:\/\/collies-vom-floersbachtal.de\/cms\/wp-content\/uploads\/2013\/09\/Welpentreffen-C-Wurf4.jpg 1000w\" sizes=\"auto, (max-width: 300px) 100vw, 300px\" \/><\/a><br \/><a href=\"http:\/\/collies-vom-floersbachtal.de\/cms\/wp-content\/uploads\/2013\/09\/Welpentreffen-C-Wurf11.jpg\"><img loading=\"lazy\" decoding=\"async\" class=\"aligncenter size-medium wp-image-7416\" title=\"Welpentreffen C-Wurf11\" src=\"http:\/\/collies-vom-floersbachtal.de\/cms\/wp-content\/uploads\/2013\/09\/Welpentreffen-C-Wurf11-300x215.jpg\" alt=\"\" width=\"300\" height=\"215\" srcset=\"https:\/\/collies-vom-floersbachtal.de\/cms\/wp-content\/uploads\/2013\/09\/Welpentreffen-C-Wurf11-300x215.jpg 300w, https:\/\/collies-vom-floersbachtal.de\/cms\/wp-content\/uploads\/2013\/09\/Welpentreffen-C-Wurf11.jpg 1000w\" sizes=\"auto, (max-width: 300px) 100vw, 300px\" \/><\/a> Unser Au\u00dferirdischer Tayo<br \/><a href=\"http:\/\/collies-vom-floersbachtal.de\/cms\/wp-content\/uploads\/2013\/09\/Welpentreffen-C-Wurf10.jpg\"><img loading=\"lazy\" decoding=\"async\" class=\"aligncenter size-medium wp-image-7415\" title=\"Welpentreffen C-Wurf10\" src=\"http:\/\/collies-vom-floersbachtal.de\/cms\/wp-content\/uploads\/2013\/09\/Welpentreffen-C-Wurf10-300x200.jpg\" alt=\"\" width=\"300\" height=\"200\" srcset=\"https:\/\/collies-vom-floersbachtal.de\/cms\/wp-content\/uploads\/2013\/09\/Welpentreffen-C-Wurf10-300x200.jpg 300w, https:\/\/collies-vom-floersbachtal.de\/cms\/wp-content\/uploads\/2013\/09\/Welpentreffen-C-Wurf10.jpg 1000w\" sizes=\"auto, (max-width: 300px) 100vw, 300px\" \/><\/a> Crischa versucht den Anschlu\u00df nicht zu verpassen<br \/><a href=\"http:\/\/collies-vom-floersbachtal.de\/cms\/wp-content\/uploads\/2013\/09\/Welpentreffen-C-Wurf5.jpg\"><img loading=\"lazy\" decoding=\"async\" class=\"aligncenter size-medium wp-image-7410\" title=\"Welpentreffen C-Wurf5\" src=\"http:\/\/collies-vom-floersbachtal.de\/cms\/wp-content\/uploads\/2013\/09\/Welpentreffen-C-Wurf5-300x249.jpg\" alt=\"\" width=\"300\" height=\"249\" srcset=\"https:\/\/collies-vom-floersbachtal.de\/cms\/wp-content\/uploads\/2013\/09\/Welpentreffen-C-Wurf5-300x249.jpg 300w, https:\/\/collies-vom-floersbachtal.de\/cms\/wp-content\/uploads\/2013\/09\/Welpentreffen-C-Wurf5.jpg 1000w\" sizes=\"auto, (max-width: 300px) 100vw, 300px\" \/><\/a> Alle im Loka, alle lieben Balu, Merle auch \ud83d\ude42<br \/><a href=\"http:\/\/collies-vom-floersbachtal.de\/cms\/wp-content\/uploads\/2013\/09\/Welpentreffen-C-Wurf6.jpg\"><img loading=\"lazy\" decoding=\"async\" class=\"aligncenter size-medium wp-image-7411\" title=\"Welpentreffen C-Wurf6\" src=\"http:\/\/collies-vom-floersbachtal.de\/cms\/wp-content\/uploads\/2013\/09\/Welpentreffen-C-Wurf6-300x256.jpg\" alt=\"\" width=\"300\" height=\"256\" srcset=\"https:\/\/collies-vom-floersbachtal.de\/cms\/wp-content\/uploads\/2013\/09\/Welpentreffen-C-Wurf6-300x256.jpg 300w, https:\/\/collies-vom-floersbachtal.de\/cms\/wp-content\/uploads\/2013\/09\/Welpentreffen-C-Wurf6.jpg 1000w\" sizes=\"auto, (max-width: 300px) 100vw, 300px\" \/><\/a> Capper etwas m\u00fcde vom Toben<br \/><a href=\"http:\/\/collies-vom-floersbachtal.de\/cms\/wp-content\/uploads\/2013\/09\/Welpentreffen-C-Wurf7.jpg\"><img loading=\"lazy\" decoding=\"async\" class=\"aligncenter size-medium wp-image-7412\" title=\"Welpentreffen C-Wurf7\" src=\"http:\/\/collies-vom-floersbachtal.de\/cms\/wp-content\/uploads\/2013\/09\/Welpentreffen-C-Wurf7-300x291.jpg\" alt=\"\" width=\"300\" height=\"291\" srcset=\"https:\/\/collies-vom-floersbachtal.de\/cms\/wp-content\/uploads\/2013\/09\/Welpentreffen-C-Wurf7-300x291.jpg 300w, https:\/\/collies-vom-floersbachtal.de\/cms\/wp-content\/uploads\/2013\/09\/Welpentreffen-C-Wurf7.jpg 1000w\" sizes=\"auto, (max-width: 300px) 100vw, 300px\" \/><\/a> Diese Augen \ud83d\ude42<br \/><a href=\"http:\/\/collies-vom-floersbachtal.de\/cms\/wp-content\/uploads\/2013\/09\/Welpentreffen-C-Wurf8.jpg\"><img loading=\"lazy\" decoding=\"async\" class=\"aligncenter size-medium wp-image-7413\" title=\"Welpentreffen C-Wurf8\" src=\"http:\/\/collies-vom-floersbachtal.de\/cms\/wp-content\/uploads\/2013\/09\/Welpentreffen-C-Wurf8-269x300.jpg\" alt=\"\" width=\"269\" height=\"300\" srcset=\"https:\/\/collies-vom-floersbachtal.de\/cms\/wp-content\/uploads\/2013\/09\/Welpentreffen-C-Wurf8-269x300.jpg 269w, https:\/\/collies-vom-floersbachtal.de\/cms\/wp-content\/uploads\/2013\/09\/Welpentreffen-C-Wurf8-920x1024.jpg 920w, https:\/\/collies-vom-floersbachtal.de\/cms\/wp-content\/uploads\/2013\/09\/Welpentreffen-C-Wurf8.jpg 1000w\" sizes=\"auto, (max-width: 269px) 100vw, 269px\" \/><\/a> Die Gro\u00dfen hat es umgehauen, die Kleinen noch nicht<br \/><a href=\"http:\/\/collies-vom-floersbachtal.de\/cms\/wp-content\/uploads\/2013\/09\/Welpentreffen-C-Wurf9.jpg\"><img loading=\"lazy\" decoding=\"async\" class=\"aligncenter size-medium wp-image-7414\" title=\"Welpentreffen C-Wurf9\" src=\"http:\/\/collies-vom-floersbachtal.de\/cms\/wp-content\/uploads\/2013\/09\/Welpentreffen-C-Wurf9-300x200.jpg\" alt=\"\" width=\"300\" height=\"200\" srcset=\"https:\/\/collies-vom-floersbachtal.de\/cms\/wp-content\/uploads\/2013\/09\/Welpentreffen-C-Wurf9-300x200.jpg 300w, https:\/\/collies-vom-floersbachtal.de\/cms\/wp-content\/uploads\/2013\/09\/Welpentreffen-C-Wurf9.jpg 1000w\" sizes=\"auto, (max-width: 300px) 100vw, 300px\" \/><\/a><\/p>\n<h1><strong>Am 01.09.2013 hatten wir bei sch\u00f6nem Wetter unser erstes Welpentreffen mit unseren bisherigen W\u00fcrfen ! \ud83d\ude00<br \/><\/strong><\/h1>\n<p>Fast alle bisherigen Adoptiveltern und einige Interessenten unseres C Wurfes waren unserer Einladung gefolgt und haben einen wundersch\u00f6nen Tag mit vielen Collies erlebt.<br \/>Wir bekamen eine interessante Opfersuche mit unseren beiden Damen Alisha (A-Wurf) und Belissa- Bella vom Fl\u00f6rsbachtal (B-Wurf) von der BRK Rettungshundestaffel Straubing-Bogen vorgef\u00fchrt. Es war sehr sch\u00f6n anzusehen, wie gut sie im Team mit ihren Besitzern ihre Aufgabe gemeistert haben.<br \/>Wir wollen uns hierf\u00fcr nochmal bei Melli und Dietmar recht herzlich bedanken. Sogar unsere Colliefreunde mit der l\u00e4ngsten Anreise, Lada und Emanuell waren mit ihren 4 Collies noch geblieben um die Vorstellung zu sehen, obwohl sie noch eine so gro\u00dfe Tour vor sich hatten um am Montag p\u00fcnktlich wieder auf der Arbeit zu erscheinen. Auch die Colliewanderung an unseren Pfingstweiher hat allen Vier- und Zweibeiner sehr gefallen. Mancher nutzte gleich das k\u00fchle Nass f\u00fcr eine Erfrischungsbad.<br \/>Wir sagen allen Beteiligten nochmals ein gro\u00dfes Dankesch\u00f6n f\u00fcr ihr zahlreiches Erscheinen und das gute Gelingen und den sch\u00f6nen Tag. \ud83d\ude00<br \/><strong>Hier kommen nun die sch\u00f6nsten Augenblicke per Bild.<\/strong><br \/><a href=\"http:\/\/collies-vom-floersbachtal.de\/cms\/wp-content\/uploads\/2013\/09\/Welpentreffen-Ankunft.jpg\"><img loading=\"lazy\" decoding=\"async\" class=\"aligncenter size-full wp-image-7190\" title=\"Welpentreffen Ankunft\" src=\"http:\/\/collies-vom-floersbachtal.de\/cms\/wp-content\/uploads\/2013\/09\/Welpentreffen-Ankunft.jpg\" alt=\"\" width=\"1024\" height=\"680\" srcset=\"https:\/\/collies-vom-floersbachtal.de\/cms\/wp-content\/uploads\/2013\/09\/Welpentreffen-Ankunft.jpg 1024w, https:\/\/collies-vom-floersbachtal.de\/cms\/wp-content\/uploads\/2013\/09\/Welpentreffen-Ankunft-300x199.jpg 300w\" sizes=\"auto, (max-width: 1024px) 100vw, 1024px\" \/><\/a> So langsam trudeln alle ein zum Welpentreffen<br \/><a href=\"http:\/\/collies-vom-floersbachtal.de\/cms\/wp-content\/uploads\/2013\/09\/Welpentreffen-Alisah-Papa-mit-Melli.jpg\"><img loading=\"lazy\" decoding=\"async\" class=\"aligncenter size-full wp-image-7185\" title=\"Welpentreffen Alisah &amp; Papa mit Melli\" src=\"http:\/\/collies-vom-floersbachtal.de\/cms\/wp-content\/uploads\/2013\/09\/Welpentreffen-Alisah-Papa-mit-Melli.jpg\" alt=\"\" width=\"1024\" height=\"680\" srcset=\"https:\/\/collies-vom-floersbachtal.de\/cms\/wp-content\/uploads\/2013\/09\/Welpentreffen-Alisah-Papa-mit-Melli.jpg 1024w, https:\/\/collies-vom-floersbachtal.de\/cms\/wp-content\/uploads\/2013\/09\/Welpentreffen-Alisah-Papa-mit-Melli-300x199.jpg 300w\" sizes=\"auto, (max-width: 1024px) 100vw, 1024px\" \/><\/a> Alisha &amp; ihr Papa Spirit<br \/><a href=\"http:\/\/collies-vom-floersbachtal.de\/cms\/wp-content\/uploads\/2013\/09\/Welpentreffen-Alisha-Papa1.jpg\"><img loading=\"lazy\" decoding=\"async\" class=\"aligncenter size-full wp-image-7186\" title=\"Welpentreffen Alisha &amp; Papa1\" src=\"http:\/\/collies-vom-floersbachtal.de\/cms\/wp-content\/uploads\/2013\/09\/Welpentreffen-Alisha-Papa1.jpg\" alt=\"\" width=\"1024\" height=\"680\" srcset=\"https:\/\/collies-vom-floersbachtal.de\/cms\/wp-content\/uploads\/2013\/09\/Welpentreffen-Alisha-Papa1.jpg 1024w, https:\/\/collies-vom-floersbachtal.de\/cms\/wp-content\/uploads\/2013\/09\/Welpentreffen-Alisha-Papa1-300x199.jpg 300w\" sizes=\"auto, (max-width: 1024px) 100vw, 1024px\" \/><\/a> Diese beiden sehen so sch\u00f6n aus \ud83d\ude42<br \/><a href=\"http:\/\/collies-vom-floersbachtal.de\/cms\/wp-content\/uploads\/2013\/09\/Welpentreffen-Alisha-Bella-mit-Dietmar1.jpg\"><img loading=\"lazy\" decoding=\"async\" class=\"aligncenter size-full wp-image-7187\" title=\"Welpentreffen Alisha &amp; Bella mit Dietmar1\" src=\"http:\/\/collies-vom-floersbachtal.de\/cms\/wp-content\/uploads\/2013\/09\/Welpentreffen-Alisha-Bella-mit-Dietmar1.jpg\" alt=\"\" width=\"1024\" height=\"681\" srcset=\"https:\/\/collies-vom-floersbachtal.de\/cms\/wp-content\/uploads\/2013\/09\/Welpentreffen-Alisha-Bella-mit-Dietmar1.jpg 1024w, https:\/\/collies-vom-floersbachtal.de\/cms\/wp-content\/uploads\/2013\/09\/Welpentreffen-Alisha-Bella-mit-Dietmar1-300x199.jpg 300w\" sizes=\"auto, (max-width: 1024px) 100vw, 1024px\" \/><\/a> Dietmar und seine M\u00e4dchen Bella &amp; Alisha<br \/><a href=\"http:\/\/collies-vom-floersbachtal.de\/cms\/wp-content\/uploads\/2013\/09\/Welpentreffen-Alisha-Papa2.jpg\"><img loading=\"lazy\" decoding=\"async\" class=\"aligncenter size-full wp-image-7188\" title=\"Welpentreffen Alisha &amp; Papa2\" src=\"http:\/\/collies-vom-floersbachtal.de\/cms\/wp-content\/uploads\/2013\/09\/Welpentreffen-Alisha-Papa2.jpg\" alt=\"\" width=\"1024\" height=\"680\" srcset=\"https:\/\/collies-vom-floersbachtal.de\/cms\/wp-content\/uploads\/2013\/09\/Welpentreffen-Alisha-Papa2.jpg 1024w, https:\/\/collies-vom-floersbachtal.de\/cms\/wp-content\/uploads\/2013\/09\/Welpentreffen-Alisha-Papa2-300x199.jpg 300w\" sizes=\"auto, (max-width: 1024px) 100vw, 1024px\" \/><\/a> Nochmal Alisha und Papa<br \/><a href=\"http:\/\/collies-vom-floersbachtal.de\/cms\/wp-content\/uploads\/2013\/09\/Welpentreffen-Alisha1.jpg\"><img loading=\"lazy\" decoding=\"async\" class=\"aligncenter size-full wp-image-7189\" title=\"Welpentreffen Alisha1\" src=\"http:\/\/collies-vom-floersbachtal.de\/cms\/wp-content\/uploads\/2013\/09\/Welpentreffen-Alisha1.jpg\" alt=\"\" width=\"1024\" height=\"1200\" srcset=\"https:\/\/collies-vom-floersbachtal.de\/cms\/wp-content\/uploads\/2013\/09\/Welpentreffen-Alisha1.jpg 1024w, https:\/\/collies-vom-floersbachtal.de\/cms\/wp-content\/uploads\/2013\/09\/Welpentreffen-Alisha1-256x300.jpg 256w, https:\/\/collies-vom-floersbachtal.de\/cms\/wp-content\/uploads\/2013\/09\/Welpentreffen-Alisha1-873x1024.jpg 873w\" sizes=\"auto, (max-width: 1024px) 100vw, 1024px\" \/><\/a> S\u00fc\u00dfe Maus \ud83d\ude00<br \/><a href=\"http:\/\/collies-vom-floersbachtal.de\/cms\/wp-content\/uploads\/2013\/09\/Welpentreffen-Wolf-Papa-Spirit1.jpg\"><img loading=\"lazy\" decoding=\"async\" class=\"aligncenter size-full wp-image-7191\" title=\"Welpentreffen Wolf &amp; Papa Spirit1\" src=\"http:\/\/collies-vom-floersbachtal.de\/cms\/wp-content\/uploads\/2013\/09\/Welpentreffen-Wolf-Papa-Spirit1.jpg\" alt=\"\" width=\"1024\" height=\"680\" srcset=\"https:\/\/collies-vom-floersbachtal.de\/cms\/wp-content\/uploads\/2013\/09\/Welpentreffen-Wolf-Papa-Spirit1.jpg 1024w, https:\/\/collies-vom-floersbachtal.de\/cms\/wp-content\/uploads\/2013\/09\/Welpentreffen-Wolf-Papa-Spirit1-300x199.jpg 300w\" sizes=\"auto, (max-width: 1024px) 100vw, 1024px\" \/><\/a> Vater &amp; Sohn, Wolf traute dem Ganzen nicht \ud83d\ude42<br \/><a href=\"http:\/\/collies-vom-floersbachtal.de\/cms\/wp-content\/uploads\/2013\/09\/Welpentreffen-Wolf1.jpg\"><img loading=\"lazy\" decoding=\"async\" class=\"aligncenter size-full wp-image-7192\" title=\"Welpentreffen Wolf1\" src=\"http:\/\/collies-vom-floersbachtal.de\/cms\/wp-content\/uploads\/2013\/09\/Welpentreffen-Wolf1.jpg\" alt=\"\" width=\"1024\" height=\"680\" srcset=\"https:\/\/collies-vom-floersbachtal.de\/cms\/wp-content\/uploads\/2013\/09\/Welpentreffen-Wolf1.jpg 1024w, https:\/\/collies-vom-floersbachtal.de\/cms\/wp-content\/uploads\/2013\/09\/Welpentreffen-Wolf1-300x199.jpg 300w\" sizes=\"auto, (max-width: 1024px) 100vw, 1024px\" \/><\/a> H\u00fcbscher Bub<br \/><a href=\"http:\/\/collies-vom-floersbachtal.de\/cms\/wp-content\/uploads\/2013\/09\/Welpentreffen-Baxter1.jpg\"><img loading=\"lazy\" decoding=\"async\" class=\"aligncenter size-full wp-image-7193\" title=\"Welpentreffen Baxter1\" src=\"http:\/\/collies-vom-floersbachtal.de\/cms\/wp-content\/uploads\/2013\/09\/Welpentreffen-Baxter1.jpg\" alt=\"\" width=\"1024\" height=\"680\" srcset=\"https:\/\/collies-vom-floersbachtal.de\/cms\/wp-content\/uploads\/2013\/09\/Welpentreffen-Baxter1.jpg 1024w, https:\/\/collies-vom-floersbachtal.de\/cms\/wp-content\/uploads\/2013\/09\/Welpentreffen-Baxter1-300x199.jpg 300w\" sizes=\"auto, (max-width: 1024px) 100vw, 1024px\" \/><\/a> Baxter freut sich \u00fcber soviele Collies<br \/><a href=\"http:\/\/collies-vom-floersbachtal.de\/cms\/wp-content\/uploads\/2013\/09\/Welpentreffen-Slalomstangen.jpg\"><img loading=\"lazy\" decoding=\"async\" class=\"aligncenter size-full wp-image-7201\" title=\"Welpentreffen Slalomstangen\" src=\"http:\/\/collies-vom-floersbachtal.de\/cms\/wp-content\/uploads\/2013\/09\/Welpentreffen-Slalomstangen.jpg\" alt=\"\" width=\"1000\" height=\"481\" srcset=\"https:\/\/collies-vom-floersbachtal.de\/cms\/wp-content\/uploads\/2013\/09\/Welpentreffen-Slalomstangen.jpg 1000w, https:\/\/collies-vom-floersbachtal.de\/cms\/wp-content\/uploads\/2013\/09\/Welpentreffen-Slalomstangen-300x144.jpg 300w\" sizes=\"auto, (max-width: 1000px) 100vw, 1000px\" \/><\/a><br \/><a href=\"http:\/\/collies-vom-floersbachtal.de\/cms\/wp-content\/uploads\/2013\/09\/Welpentreffen-Ausflug-See1.jpg\"><img loading=\"lazy\" decoding=\"async\" class=\"aligncenter size-full wp-image-7202\" title=\"Welpentreffen Ausflug See1\" src=\"http:\/\/collies-vom-floersbachtal.de\/cms\/wp-content\/uploads\/2013\/09\/Welpentreffen-Ausflug-See1.jpg\" alt=\"\" width=\"1000\" height=\"949\" srcset=\"https:\/\/collies-vom-floersbachtal.de\/cms\/wp-content\/uploads\/2013\/09\/Welpentreffen-Ausflug-See1.jpg 1000w, https:\/\/collies-vom-floersbachtal.de\/cms\/wp-content\/uploads\/2013\/09\/Welpentreffen-Ausflug-See1-300x284.jpg 300w\" sizes=\"auto, (max-width: 1000px) 100vw, 1000px\" \/><\/a> Der Tross war l\u00e4nger, die anderen folgen<br \/><a href=\"http:\/\/collies-vom-floersbachtal.de\/cms\/wp-content\/uploads\/2013\/09\/Welpentreffen-Ausflug-See2.jpg\"><img loading=\"lazy\" decoding=\"async\" class=\"aligncenter size-full wp-image-7203\" title=\"Welpentreffen Ausflug See2\" src=\"http:\/\/collies-vom-floersbachtal.de\/cms\/wp-content\/uploads\/2013\/09\/Welpentreffen-Ausflug-See2.jpg\" alt=\"\" width=\"1000\" height=\"764\" srcset=\"https:\/\/collies-vom-floersbachtal.de\/cms\/wp-content\/uploads\/2013\/09\/Welpentreffen-Ausflug-See2.jpg 1000w, https:\/\/collies-vom-floersbachtal.de\/cms\/wp-content\/uploads\/2013\/09\/Welpentreffen-Ausflug-See2-300x229.jpg 300w\" sizes=\"auto, (max-width: 1000px) 100vw, 1000px\" \/><\/a> wie man hier sehen kann \ud83d\ude42<br \/><a href=\"http:\/\/collies-vom-floersbachtal.de\/cms\/wp-content\/uploads\/2013\/09\/Welpentreffen-Ausflug-See3.jpg\"><img loading=\"lazy\" decoding=\"async\" class=\"aligncenter size-full wp-image-7204\" title=\"Welpentreffen Ausflug See3\" src=\"http:\/\/collies-vom-floersbachtal.de\/cms\/wp-content\/uploads\/2013\/09\/Welpentreffen-Ausflug-See3.jpg\" alt=\"\" width=\"1000\" height=\"801\" srcset=\"https:\/\/collies-vom-floersbachtal.de\/cms\/wp-content\/uploads\/2013\/09\/Welpentreffen-Ausflug-See3.jpg 1000w, https:\/\/collies-vom-floersbachtal.de\/cms\/wp-content\/uploads\/2013\/09\/Welpentreffen-Ausflug-See3-300x240.jpg 300w\" sizes=\"auto, (max-width: 1000px) 100vw, 1000px\" \/><\/a><br \/><a href=\"http:\/\/collies-vom-floersbachtal.de\/cms\/wp-content\/uploads\/2013\/09\/Welpentreffen-Ausflug-See4.jpg\"><img loading=\"lazy\" decoding=\"async\" class=\"aligncenter size-full wp-image-7205\" title=\"Welpentreffen Ausflug See4\" src=\"http:\/\/collies-vom-floersbachtal.de\/cms\/wp-content\/uploads\/2013\/09\/Welpentreffen-Ausflug-See4.jpg\" alt=\"\" width=\"1000\" height=\"687\" srcset=\"https:\/\/collies-vom-floersbachtal.de\/cms\/wp-content\/uploads\/2013\/09\/Welpentreffen-Ausflug-See4.jpg 1000w, https:\/\/collies-vom-floersbachtal.de\/cms\/wp-content\/uploads\/2013\/09\/Welpentreffen-Ausflug-See4-300x206.jpg 300w\" sizes=\"auto, (max-width: 1000px) 100vw, 1000px\" \/><\/a> Es sieht sooo sch\u00f6n aus, so viele Collies beisammen \ud83d\ude00<br \/><a href=\"http:\/\/collies-vom-floersbachtal.de\/cms\/wp-content\/uploads\/2013\/09\/Welpentreffen-Merle-Mia-Baxter1.jpg\"><img loading=\"lazy\" decoding=\"async\" class=\"aligncenter size-full wp-image-7206\" title=\"Welpentreffen Merle, Mia &amp; Baxter1\" src=\"http:\/\/collies-vom-floersbachtal.de\/cms\/wp-content\/uploads\/2013\/09\/Welpentreffen-Merle-Mia-Baxter1.jpg\" alt=\"\" width=\"1000\" height=\"587\" srcset=\"https:\/\/collies-vom-floersbachtal.de\/cms\/wp-content\/uploads\/2013\/09\/Welpentreffen-Merle-Mia-Baxter1.jpg 1000w, https:\/\/collies-vom-floersbachtal.de\/cms\/wp-content\/uploads\/2013\/09\/Welpentreffen-Merle-Mia-Baxter1-300x176.jpg 300w\" sizes=\"auto, (max-width: 1000px) 100vw, 1000px\" \/><\/a> Merle wird gejagt<br \/><a href=\"http:\/\/collies-vom-floersbachtal.de\/cms\/wp-content\/uploads\/2013\/09\/Welpentreffen_A_B-v.-Ingrid.jpg\"><img loading=\"lazy\" decoding=\"async\" class=\"aligncenter size-full wp-image-7194\" title=\"Welpentreffen_A_B v. Ingrid\" src=\"http:\/\/collies-vom-floersbachtal.de\/cms\/wp-content\/uploads\/2013\/09\/Welpentreffen_A_B-v.-Ingrid.jpg\" alt=\"\" width=\"1024\" height=\"681\" srcset=\"https:\/\/collies-vom-floersbachtal.de\/cms\/wp-content\/uploads\/2013\/09\/Welpentreffen_A_B-v.-Ingrid.jpg 1024w, https:\/\/collies-vom-floersbachtal.de\/cms\/wp-content\/uploads\/2013\/09\/Welpentreffen_A_B-v.-Ingrid-300x199.jpg 300w\" sizes=\"auto, (max-width: 1024px) 100vw, 1024px\" \/><\/a> Alle kommen vom Ausflug zur\u00fcck<br \/><a href=\"http:\/\/collies-vom-floersbachtal.de\/cms\/wp-content\/uploads\/2013\/09\/Welpentreffen11-vom-01.09.13.jpg\"><img loading=\"lazy\" decoding=\"async\" class=\"aligncenter size-full wp-image-5518\" title=\"Welpentreffen11 vom 01.09.13\" src=\"http:\/\/collies-vom-floersbachtal.de\/cms\/wp-content\/uploads\/2013\/09\/Welpentreffen11-vom-01.09.13.jpg\" alt=\"\" width=\"1000\" height=\"331\" srcset=\"https:\/\/collies-vom-floersbachtal.de\/cms\/wp-content\/uploads\/2013\/09\/Welpentreffen11-vom-01.09.13.jpg 1000w, https:\/\/collies-vom-floersbachtal.de\/cms\/wp-content\/uploads\/2013\/09\/Welpentreffen11-vom-01.09.13-300x99.jpg 300w\" sizes=\"auto, (max-width: 1000px) 100vw, 1000px\" \/><\/a><br \/><a href=\"http:\/\/collies-vom-floersbachtal.de\/cms\/wp-content\/uploads\/2013\/09\/Welpentreffen17-vom-01.09.13.jpg\"><img loading=\"lazy\" decoding=\"async\" class=\"aligncenter size-full wp-image-5519\" title=\"Welpentreffen17 vom 01.09.13\" src=\"http:\/\/collies-vom-floersbachtal.de\/cms\/wp-content\/uploads\/2013\/09\/Welpentreffen17-vom-01.09.13.jpg\" alt=\"\" width=\"1000\" height=\"667\" srcset=\"https:\/\/collies-vom-floersbachtal.de\/cms\/wp-content\/uploads\/2013\/09\/Welpentreffen17-vom-01.09.13.jpg 1000w, https:\/\/collies-vom-floersbachtal.de\/cms\/wp-content\/uploads\/2013\/09\/Welpentreffen17-vom-01.09.13-300x200.jpg 300w\" sizes=\"auto, (max-width: 1000px) 100vw, 1000px\" \/><\/a><br \/><strong>Sogar Papa (und Opa vom C-Wurf) Spirit vom A-Wurf war mit seinem Frauli angereist und hat seine Nachzucht begutachtet \ud83d\ude09<\/strong><br \/><a href=\"http:\/\/collies-vom-floersbachtal.de\/cms\/wp-content\/uploads\/2013\/09\/Welpentreffen19-vom-01.09.13.jpg\"><img loading=\"lazy\" decoding=\"async\" class=\"aligncenter size-full wp-image-5520\" title=\"Welpentreffen19 vom 01.09.13\" src=\"http:\/\/collies-vom-floersbachtal.de\/cms\/wp-content\/uploads\/2013\/09\/Welpentreffen19-vom-01.09.13.jpg\" alt=\"\" width=\"1000\" height=\"629\" srcset=\"https:\/\/collies-vom-floersbachtal.de\/cms\/wp-content\/uploads\/2013\/09\/Welpentreffen19-vom-01.09.13.jpg 1000w, https:\/\/collies-vom-floersbachtal.de\/cms\/wp-content\/uploads\/2013\/09\/Welpentreffen19-vom-01.09.13-300x188.jpg 300w\" sizes=\"auto, (max-width: 1000px) 100vw, 1000px\" \/><\/a><br \/><a href=\"http:\/\/collies-vom-floersbachtal.de\/cms\/wp-content\/uploads\/2013\/09\/Welpentreffen20-vom-01.09.13.jpg\"><img loading=\"lazy\" decoding=\"async\" class=\"aligncenter size-full wp-image-5521\" title=\"Welpentreffen20 vom 01.09.13\" src=\"http:\/\/collies-vom-floersbachtal.de\/cms\/wp-content\/uploads\/2013\/09\/Welpentreffen20-vom-01.09.13.jpg\" alt=\"\" width=\"1000\" height=\"650\" srcset=\"https:\/\/collies-vom-floersbachtal.de\/cms\/wp-content\/uploads\/2013\/09\/Welpentreffen20-vom-01.09.13.jpg 1000w, https:\/\/collies-vom-floersbachtal.de\/cms\/wp-content\/uploads\/2013\/09\/Welpentreffen20-vom-01.09.13-300x195.jpg 300w\" sizes=\"auto, (max-width: 1000px) 100vw, 1000px\" \/><\/a><br \/><a href=\"http:\/\/collies-vom-floersbachtal.de\/cms\/wp-content\/uploads\/2013\/09\/Welpentreffen3-vom-01.09.13.jpg\"><img loading=\"lazy\" decoding=\"async\" class=\"aligncenter size-full wp-image-5522\" title=\"Welpentreffen3 vom 01.09.13\" src=\"http:\/\/collies-vom-floersbachtal.de\/cms\/wp-content\/uploads\/2013\/09\/Welpentreffen3-vom-01.09.13.jpg\" alt=\"\" width=\"1000\" height=\"416\" srcset=\"https:\/\/collies-vom-floersbachtal.de\/cms\/wp-content\/uploads\/2013\/09\/Welpentreffen3-vom-01.09.13.jpg 1000w, https:\/\/collies-vom-floersbachtal.de\/cms\/wp-content\/uploads\/2013\/09\/Welpentreffen3-vom-01.09.13-300x124.jpg 300w\" sizes=\"auto, (max-width: 1000px) 100vw, 1000px\" \/><\/a><br \/><a href=\"http:\/\/collies-vom-floersbachtal.de\/cms\/wp-content\/uploads\/2013\/09\/Welpentreffen4-vom-01.09.13.jpg\"><img loading=\"lazy\" decoding=\"async\" class=\"aligncenter size-full wp-image-5523\" title=\"Welpentreffen4 vom 01.09.13\" src=\"http:\/\/collies-vom-floersbachtal.de\/cms\/wp-content\/uploads\/2013\/09\/Welpentreffen4-vom-01.09.13.jpg\" alt=\"\" width=\"1000\" height=\"727\" srcset=\"https:\/\/collies-vom-floersbachtal.de\/cms\/wp-content\/uploads\/2013\/09\/Welpentreffen4-vom-01.09.13.jpg 1000w, https:\/\/collies-vom-floersbachtal.de\/cms\/wp-content\/uploads\/2013\/09\/Welpentreffen4-vom-01.09.13-300x218.jpg 300w\" sizes=\"auto, (max-width: 1000px) 100vw, 1000px\" \/><\/a><br \/><a href=\"http:\/\/collies-vom-floersbachtal.de\/cms\/wp-content\/uploads\/2013\/09\/Welpentreffen5-vom-01.09.13.jpg\"><img loading=\"lazy\" decoding=\"async\" class=\"aligncenter size-full wp-image-5524\" title=\"Welpentreffen5 vom 01.09.13\" src=\"http:\/\/collies-vom-floersbachtal.de\/cms\/wp-content\/uploads\/2013\/09\/Welpentreffen5-vom-01.09.13.jpg\" alt=\"\" width=\"1000\" height=\"426\" srcset=\"https:\/\/collies-vom-floersbachtal.de\/cms\/wp-content\/uploads\/2013\/09\/Welpentreffen5-vom-01.09.13.jpg 1000w, https:\/\/collies-vom-floersbachtal.de\/cms\/wp-content\/uploads\/2013\/09\/Welpentreffen5-vom-01.09.13-300x127.jpg 300w\" sizes=\"auto, (max-width: 1000px) 100vw, 1000px\" \/><\/a><br \/><a href=\"http:\/\/collies-vom-floersbachtal.de\/cms\/wp-content\/uploads\/2013\/09\/Welpentreffen6-vom-01.09.13.jpg\"><img loading=\"lazy\" decoding=\"async\" class=\"aligncenter size-full wp-image-5525\" title=\"Welpentreffen6 vom 01.09.13\" src=\"http:\/\/collies-vom-floersbachtal.de\/cms\/wp-content\/uploads\/2013\/09\/Welpentreffen6-vom-01.09.13.jpg\" alt=\"\" width=\"1000\" height=\"667\" srcset=\"https:\/\/collies-vom-floersbachtal.de\/cms\/wp-content\/uploads\/2013\/09\/Welpentreffen6-vom-01.09.13.jpg 1000w, https:\/\/collies-vom-floersbachtal.de\/cms\/wp-content\/uploads\/2013\/09\/Welpentreffen6-vom-01.09.13-300x200.jpg 300w\" sizes=\"auto, (max-width: 1000px) 100vw, 1000px\" \/><\/a><br \/><a href=\"http:\/\/collies-vom-floersbachtal.de\/cms\/wp-content\/uploads\/2013\/09\/Welpentreffen7-vom-01.09.13.jpg\"><img loading=\"lazy\" decoding=\"async\" class=\"aligncenter size-full wp-image-5526\" title=\"Welpentreffen7 vom 01.09.13\" src=\"http:\/\/collies-vom-floersbachtal.de\/cms\/wp-content\/uploads\/2013\/09\/Welpentreffen7-vom-01.09.13.jpg\" alt=\"\" width=\"1000\" height=\"509\" srcset=\"https:\/\/collies-vom-floersbachtal.de\/cms\/wp-content\/uploads\/2013\/09\/Welpentreffen7-vom-01.09.13.jpg 1000w, https:\/\/collies-vom-floersbachtal.de\/cms\/wp-content\/uploads\/2013\/09\/Welpentreffen7-vom-01.09.13-300x152.jpg 300w\" sizes=\"auto, (max-width: 1000px) 100vw, 1000px\" \/><\/a><br \/><a href=\"http:\/\/collies-vom-floersbachtal.de\/cms\/wp-content\/uploads\/2013\/09\/Welpentreffen8-vom-01.09.13.jpg\"><img loading=\"lazy\" decoding=\"async\" class=\"aligncenter size-full wp-image-5527\" title=\"Welpentreffen8 vom 01.09.13\" src=\"http:\/\/collies-vom-floersbachtal.de\/cms\/wp-content\/uploads\/2013\/09\/Welpentreffen8-vom-01.09.13.jpg\" alt=\"\" width=\"1000\" height=\"771\" srcset=\"https:\/\/collies-vom-floersbachtal.de\/cms\/wp-content\/uploads\/2013\/09\/Welpentreffen8-vom-01.09.13.jpg 1000w, https:\/\/collies-vom-floersbachtal.de\/cms\/wp-content\/uploads\/2013\/09\/Welpentreffen8-vom-01.09.13-300x231.jpg 300w\" sizes=\"auto, (max-width: 1000px) 100vw, 1000px\" \/><\/a><br \/><a href=\"http:\/\/collies-vom-floersbachtal.de\/cms\/wp-content\/uploads\/2013\/09\/Welpentreffen-Lada-Familie1.jpg\"><img loading=\"lazy\" decoding=\"async\" class=\"aligncenter size-full wp-image-5529\" title=\"Welpentreffen Lada &amp; Familie1\" src=\"http:\/\/collies-vom-floersbachtal.de\/cms\/wp-content\/uploads\/2013\/09\/Welpentreffen-Lada-Familie1.jpg\" alt=\"\" width=\"1000\" height=\"651\" srcset=\"https:\/\/collies-vom-floersbachtal.de\/cms\/wp-content\/uploads\/2013\/09\/Welpentreffen-Lada-Familie1.jpg 1000w, https:\/\/collies-vom-floersbachtal.de\/cms\/wp-content\/uploads\/2013\/09\/Welpentreffen-Lada-Familie1-300x195.jpg 300w\" sizes=\"auto, (max-width: 1000px) 100vw, 1000px\" \/><\/a><br \/><a href=\"http:\/\/collies-vom-floersbachtal.de\/cms\/wp-content\/uploads\/2013\/09\/Welpentreffen-Lada-Familie2.jpg\"><img loading=\"lazy\" decoding=\"async\" class=\"aligncenter size-full wp-image-5530\" title=\"Welpentreffen Lada &amp; Familie2\" src=\"http:\/\/collies-vom-floersbachtal.de\/cms\/wp-content\/uploads\/2013\/09\/Welpentreffen-Lada-Familie2.jpg\" alt=\"\" width=\"1000\" height=\"703\" srcset=\"https:\/\/collies-vom-floersbachtal.de\/cms\/wp-content\/uploads\/2013\/09\/Welpentreffen-Lada-Familie2.jpg 1000w, https:\/\/collies-vom-floersbachtal.de\/cms\/wp-content\/uploads\/2013\/09\/Welpentreffen-Lada-Familie2-300x210.jpg 300w\" sizes=\"auto, (max-width: 1000px) 100vw, 1000px\" \/><\/a><br \/><a href=\"http:\/\/collies-vom-floersbachtal.de\/cms\/wp-content\/uploads\/2013\/09\/Welpentreffen-Bella-Mia1.jpg\"><img loading=\"lazy\" decoding=\"async\" class=\"aligncenter size-full wp-image-5566\" title=\"Welpentreffen Bella Mia1\" src=\"http:\/\/collies-vom-floersbachtal.de\/cms\/wp-content\/uploads\/2013\/09\/Welpentreffen-Bella-Mia1.jpg\" alt=\"\" width=\"1000\" height=\"959\" srcset=\"https:\/\/collies-vom-floersbachtal.de\/cms\/wp-content\/uploads\/2013\/09\/Welpentreffen-Bella-Mia1.jpg 1000w, https:\/\/collies-vom-floersbachtal.de\/cms\/wp-content\/uploads\/2013\/09\/Welpentreffen-Bella-Mia1-300x287.jpg 300w\" sizes=\"auto, (max-width: 1000px) 100vw, 1000px\" \/><\/a><br \/><a href=\"http:\/\/collies-vom-floersbachtal.de\/cms\/wp-content\/uploads\/2013\/09\/Welpentreffen-Badrya-Mia1.jpg\"><img loading=\"lazy\" decoding=\"async\" class=\"aligncenter size-full wp-image-5567\" title=\"Welpentreffen Badrya Mia1\" src=\"http:\/\/collies-vom-floersbachtal.de\/cms\/wp-content\/uploads\/2013\/09\/Welpentreffen-Badrya-Mia1.jpg\" alt=\"\" width=\"1000\" height=\"667\" srcset=\"https:\/\/collies-vom-floersbachtal.de\/cms\/wp-content\/uploads\/2013\/09\/Welpentreffen-Badrya-Mia1.jpg 1000w, https:\/\/collies-vom-floersbachtal.de\/cms\/wp-content\/uploads\/2013\/09\/Welpentreffen-Badrya-Mia1-300x200.jpg 300w\" sizes=\"auto, (max-width: 1000px) 100vw, 1000px\" \/><\/a><br \/><a href=\"http:\/\/collies-vom-floersbachtal.de\/cms\/wp-content\/uploads\/2013\/09\/Welpentreffen-Bashira-Angel1.jpg\"><img loading=\"lazy\" decoding=\"async\" class=\"aligncenter size-full wp-image-5568\" title=\"Welpentreffen  Bashira Angel1\" src=\"http:\/\/collies-vom-floersbachtal.de\/cms\/wp-content\/uploads\/2013\/09\/Welpentreffen-Bashira-Angel1.jpg\" alt=\"\" width=\"1000\" height=\"1250\" srcset=\"https:\/\/collies-vom-floersbachtal.de\/cms\/wp-content\/uploads\/2013\/09\/Welpentreffen-Bashira-Angel1.jpg 1000w, https:\/\/collies-vom-floersbachtal.de\/cms\/wp-content\/uploads\/2013\/09\/Welpentreffen-Bashira-Angel1-240x300.jpg 240w, https:\/\/collies-vom-floersbachtal.de\/cms\/wp-content\/uploads\/2013\/09\/Welpentreffen-Bashira-Angel1-819x1024.jpg 819w\" sizes=\"auto, (max-width: 1000px) 100vw, 1000px\" \/><\/a><\/p>\n<p><a href=\"http:\/\/collies-vom-floersbachtal.de\/cms\/wp-content\/uploads\/2013\/09\/Welpentreffen23-vom-01.09.13.jpg\"><img loading=\"lazy\" decoding=\"async\" class=\"aligncenter size-full wp-image-5531\" title=\"Welpentreffen23 vom 01.09.13\" src=\"http:\/\/collies-vom-floersbachtal.de\/cms\/wp-content\/uploads\/2013\/09\/Welpentreffen23-vom-01.09.13.jpg\" alt=\"\" width=\"1000\" height=\"1227\" srcset=\"https:\/\/collies-vom-floersbachtal.de\/cms\/wp-content\/uploads\/2013\/09\/Welpentreffen23-vom-01.09.13.jpg 1000w, https:\/\/collies-vom-floersbachtal.de\/cms\/wp-content\/uploads\/2013\/09\/Welpentreffen23-vom-01.09.13-244x300.jpg 244w, https:\/\/collies-vom-floersbachtal.de\/cms\/wp-content\/uploads\/2013\/09\/Welpentreffen23-vom-01.09.13-834x1024.jpg 834w\" sizes=\"auto, (max-width: 1000px) 100vw, 1000px\" \/><\/a><br \/><a href=\"http:\/\/collies-vom-floersbachtal.de\/cms\/wp-content\/uploads\/2013\/09\/Welpentreffen21-vom-01.09.13.jpg\"><img loading=\"lazy\" decoding=\"async\" class=\"aligncenter size-full wp-image-5532\" title=\"Welpentreffen21 vom 01.09.13\" src=\"http:\/\/collies-vom-floersbachtal.de\/cms\/wp-content\/uploads\/2013\/09\/Welpentreffen21-vom-01.09.13.jpg\" alt=\"\" width=\"1000\" height=\"1086\" srcset=\"https:\/\/collies-vom-floersbachtal.de\/cms\/wp-content\/uploads\/2013\/09\/Welpentreffen21-vom-01.09.13.jpg 1000w, https:\/\/collies-vom-floersbachtal.de\/cms\/wp-content\/uploads\/2013\/09\/Welpentreffen21-vom-01.09.13-276x300.jpg 276w, https:\/\/collies-vom-floersbachtal.de\/cms\/wp-content\/uploads\/2013\/09\/Welpentreffen21-vom-01.09.13-942x1024.jpg 942w\" sizes=\"auto, (max-width: 1000px) 100vw, 1000px\" \/><\/a><br \/><a href=\"http:\/\/collies-vom-floersbachtal.de\/cms\/wp-content\/uploads\/2013\/09\/Welpentreffen22-vom-01.09.13.jpg\"><img loading=\"lazy\" decoding=\"async\" class=\"aligncenter size-full wp-image-5533\" title=\"Welpentreffen22 vom 01.09.13\" src=\"http:\/\/collies-vom-floersbachtal.de\/cms\/wp-content\/uploads\/2013\/09\/Welpentreffen22-vom-01.09.13.jpg\" alt=\"\" width=\"1000\" height=\"728\" srcset=\"https:\/\/collies-vom-floersbachtal.de\/cms\/wp-content\/uploads\/2013\/09\/Welpentreffen22-vom-01.09.13.jpg 1000w, https:\/\/collies-vom-floersbachtal.de\/cms\/wp-content\/uploads\/2013\/09\/Welpentreffen22-vom-01.09.13-300x218.jpg 300w\" sizes=\"auto, (max-width: 1000px) 100vw, 1000px\" \/><\/a><br \/><a href=\"http:\/\/collies-vom-floersbachtal.de\/cms\/wp-content\/uploads\/2013\/09\/Welpentreffen26-vom-01.09.13.jpg\"><img loading=\"lazy\" decoding=\"async\" class=\"aligncenter size-full wp-image-5569\" title=\"Welpentreffen26 vom 01.09.13\" src=\"http:\/\/collies-vom-floersbachtal.de\/cms\/wp-content\/uploads\/2013\/09\/Welpentreffen26-vom-01.09.13.jpg\" alt=\"\" width=\"1000\" height=\"435\" srcset=\"https:\/\/collies-vom-floersbachtal.de\/cms\/wp-content\/uploads\/2013\/09\/Welpentreffen26-vom-01.09.13.jpg 1000w, https:\/\/collies-vom-floersbachtal.de\/cms\/wp-content\/uploads\/2013\/09\/Welpentreffen26-vom-01.09.13-300x130.jpg 300w\" sizes=\"auto, (max-width: 1000px) 100vw, 1000px\" \/><\/a><br \/><a href=\"http:\/\/collies-vom-floersbachtal.de\/cms\/wp-content\/uploads\/2013\/09\/Welpentreffen-Rettungshund-Alisha-1.jpg\"><img loading=\"lazy\" decoding=\"async\" class=\"aligncenter size-full wp-image-5554\" title=\"Welpentreffen Rettungshund Alisha 1\" src=\"http:\/\/collies-vom-floersbachtal.de\/cms\/wp-content\/uploads\/2013\/09\/Welpentreffen-Rettungshund-Alisha-1.jpg\" alt=\"\" width=\"1000\" height=\"838\" srcset=\"https:\/\/collies-vom-floersbachtal.de\/cms\/wp-content\/uploads\/2013\/09\/Welpentreffen-Rettungshund-Alisha-1.jpg 1000w, https:\/\/collies-vom-floersbachtal.de\/cms\/wp-content\/uploads\/2013\/09\/Welpentreffen-Rettungshund-Alisha-1-300x251.jpg 300w\" sizes=\"auto, (max-width: 1000px) 100vw, 1000px\" \/><\/a><br \/><a href=\"http:\/\/collies-vom-floersbachtal.de\/cms\/wp-content\/uploads\/2013\/09\/Welpentreffen-Bella-Alisha-2.jpg\"><img loading=\"lazy\" decoding=\"async\" class=\"aligncenter size-full wp-image-5535\" title=\"Welpentreffen Bella &amp; Alisha 2\" src=\"http:\/\/collies-vom-floersbachtal.de\/cms\/wp-content\/uploads\/2013\/09\/Welpentreffen-Bella-Alisha-2.jpg\" alt=\"\" width=\"1000\" height=\"552\" srcset=\"https:\/\/collies-vom-floersbachtal.de\/cms\/wp-content\/uploads\/2013\/09\/Welpentreffen-Bella-Alisha-2.jpg 1000w, https:\/\/collies-vom-floersbachtal.de\/cms\/wp-content\/uploads\/2013\/09\/Welpentreffen-Bella-Alisha-2-300x165.jpg 300w\" sizes=\"auto, (max-width: 1000px) 100vw, 1000px\" \/><\/a><br \/><strong>Hier unser Rettungshundeteam \ud83d\ude09<\/strong><br \/><strong>Am Tag vorher, die Anreise unserer weiter entfernten G\u00e4ste:<\/strong><br \/><a href=\"http:\/\/collies-vom-floersbachtal.de\/cms\/wp-content\/uploads\/2013\/09\/Welpentreffen-Samstagsg\u00e4ste1.jpg\"><img loading=\"lazy\" decoding=\"async\" class=\"aligncenter size-full wp-image-5557\" title=\"Welpentreffen Samstagsg\u00e4ste1\" src=\"http:\/\/collies-vom-floersbachtal.de\/cms\/wp-content\/uploads\/2013\/09\/Welpentreffen-Samstagsg\u00e4ste1.jpg\" alt=\"\" width=\"1000\" height=\"819\" srcset=\"https:\/\/collies-vom-floersbachtal.de\/cms\/wp-content\/uploads\/2013\/09\/Welpentreffen-Samstagsg\u00e4ste1.jpg 1000w, https:\/\/collies-vom-floersbachtal.de\/cms\/wp-content\/uploads\/2013\/09\/Welpentreffen-Samstagsg\u00e4ste1-300x245.jpg 300w\" sizes=\"auto, (max-width: 1000px) 100vw, 1000px\" \/><\/a><br \/><a href=\"http:\/\/collies-vom-floersbachtal.de\/cms\/wp-content\/uploads\/2013\/09\/Welpentreffen-Samstagsg\u00e4ste2.jpg\"><img loading=\"lazy\" decoding=\"async\" class=\"aligncenter size-full wp-image-5558\" title=\"Welpentreffen Samstagsg\u00e4ste2\" src=\"http:\/\/collies-vom-floersbachtal.de\/cms\/wp-content\/uploads\/2013\/09\/Welpentreffen-Samstagsg\u00e4ste2.jpg\" alt=\"\" width=\"3499\" height=\"2335\" srcset=\"https:\/\/collies-vom-floersbachtal.de\/cms\/wp-content\/uploads\/2013\/09\/Welpentreffen-Samstagsg\u00e4ste2.jpg 3499w, https:\/\/collies-vom-floersbachtal.de\/cms\/wp-content\/uploads\/2013\/09\/Welpentreffen-Samstagsg\u00e4ste2-300x200.jpg 300w, https:\/\/collies-vom-floersbachtal.de\/cms\/wp-content\/uploads\/2013\/09\/Welpentreffen-Samstagsg\u00e4ste2-1024x683.jpg 1024w\" sizes=\"auto, (max-width: 3499px) 100vw, 3499px\" \/><\/a><br \/><a href=\"http:\/\/collies-vom-floersbachtal.de\/cms\/wp-content\/uploads\/2013\/09\/Welpentreffen-Samstagsg\u00e4ste3.jpg\"><img loading=\"lazy\" decoding=\"async\" class=\"aligncenter size-full wp-image-5559\" title=\"Welpentreffen Samstagsg\u00e4ste3\" src=\"http:\/\/collies-vom-floersbachtal.de\/cms\/wp-content\/uploads\/2013\/09\/Welpentreffen-Samstagsg\u00e4ste3.jpg\" alt=\"\" width=\"1000\" height=\"1075\" srcset=\"https:\/\/collies-vom-floersbachtal.de\/cms\/wp-content\/uploads\/2013\/09\/Welpentreffen-Samstagsg\u00e4ste3.jpg 1000w, https:\/\/collies-vom-floersbachtal.de\/cms\/wp-content\/uploads\/2013\/09\/Welpentreffen-Samstagsg\u00e4ste3-279x300.jpg 279w, https:\/\/collies-vom-floersbachtal.de\/cms\/wp-content\/uploads\/2013\/09\/Welpentreffen-Samstagsg\u00e4ste3-952x1024.jpg 952w\" sizes=\"auto, (max-width: 1000px) 100vw, 1000px\" \/><\/a><br \/><a href=\"http:\/\/collies-vom-floersbachtal.de\/cms\/wp-content\/uploads\/2013\/09\/Welpentreffen-Samstagsg\u00e4ste4.jpg\"><img loading=\"lazy\" decoding=\"async\" class=\"aligncenter size-full wp-image-5560\" title=\"Welpentreffen Samstagsg\u00e4ste4\" src=\"http:\/\/collies-vom-floersbachtal.de\/cms\/wp-content\/uploads\/2013\/09\/Welpentreffen-Samstagsg\u00e4ste4.jpg\" alt=\"\" width=\"1000\" height=\"985\" srcset=\"https:\/\/collies-vom-floersbachtal.de\/cms\/wp-content\/uploads\/2013\/09\/Welpentreffen-Samstagsg\u00e4ste4.jpg 1000w, https:\/\/collies-vom-floersbachtal.de\/cms\/wp-content\/uploads\/2013\/09\/Welpentreffen-Samstagsg\u00e4ste4-300x295.jpg 300w\" sizes=\"auto, (max-width: 1000px) 100vw, 1000px\" \/><\/a><br \/><strong>Ingrid, die flei\u00dfige, Fee beim bereiten vom leckeren Kartoffelsalat.<\/strong><br \/><a href=\"http:\/\/collies-vom-floersbachtal.de\/cms\/wp-content\/uploads\/2013\/09\/Welpentreffen-Samstagsg\u00e4ste5.jpg\"><img loading=\"lazy\" decoding=\"async\" class=\"aligncenter size-full wp-image-5561\" title=\"Welpentreffen Samstagsg\u00e4ste5\" src=\"http:\/\/collies-vom-floersbachtal.de\/cms\/wp-content\/uploads\/2013\/09\/Welpentreffen-Samstagsg\u00e4ste5.jpg\" alt=\"\" width=\"1000\" height=\"788\" srcset=\"https:\/\/collies-vom-floersbachtal.de\/cms\/wp-content\/uploads\/2013\/09\/Welpentreffen-Samstagsg\u00e4ste5.jpg 1000w, https:\/\/collies-vom-floersbachtal.de\/cms\/wp-content\/uploads\/2013\/09\/Welpentreffen-Samstagsg\u00e4ste5-300x236.jpg 300w\" sizes=\"auto, (max-width: 1000px) 100vw, 1000px\" \/><\/a><br \/><a href=\"http:\/\/collies-vom-floersbachtal.de\/cms\/wp-content\/uploads\/2013\/09\/Welpentreffen-Samstagsg\u00e4ste6.jpg\"><img loading=\"lazy\" decoding=\"async\" class=\"aligncenter size-full wp-image-5562\" title=\"Welpentreffen Samstagsg\u00e4ste6\" src=\"http:\/\/collies-vom-floersbachtal.de\/cms\/wp-content\/uploads\/2013\/09\/Welpentreffen-Samstagsg\u00e4ste6.jpg\" alt=\"\" width=\"1000\" height=\"1500\" srcset=\"https:\/\/collies-vom-floersbachtal.de\/cms\/wp-content\/uploads\/2013\/09\/Welpentreffen-Samstagsg\u00e4ste6.jpg 1000w, https:\/\/collies-vom-floersbachtal.de\/cms\/wp-content\/uploads\/2013\/09\/Welpentreffen-Samstagsg\u00e4ste6-200x300.jpg 200w, https:\/\/collies-vom-floersbachtal.de\/cms\/wp-content\/uploads\/2013\/09\/Welpentreffen-Samstagsg\u00e4ste6-682x1024.jpg 682w\" sizes=\"auto, (max-width: 1000px) 100vw, 1000px\" \/><\/a><br \/><a href=\"http:\/\/collies-vom-floersbachtal.de\/cms\/wp-content\/uploads\/2013\/09\/Welpentreffen-Samstagsg\u00e4ste7.jpg\"><img loading=\"lazy\" decoding=\"async\" class=\"aligncenter size-full wp-image-5563\" title=\"Welpentreffen Samstagsg\u00e4ste7\" src=\"http:\/\/collies-vom-floersbachtal.de\/cms\/wp-content\/uploads\/2013\/09\/Welpentreffen-Samstagsg\u00e4ste7.jpg\" alt=\"\" width=\"1000\" height=\"593\" srcset=\"https:\/\/collies-vom-floersbachtal.de\/cms\/wp-content\/uploads\/2013\/09\/Welpentreffen-Samstagsg\u00e4ste7.jpg 1000w, https:\/\/collies-vom-floersbachtal.de\/cms\/wp-content\/uploads\/2013\/09\/Welpentreffen-Samstagsg\u00e4ste7-300x177.jpg 300w\" sizes=\"auto, (max-width: 1000px) 100vw, 1000px\" \/><\/a><br \/><a href=\"http:\/\/collies-vom-floersbachtal.de\/cms\/wp-content\/uploads\/2013\/09\/Welpentreffen-Samstagsg\u00e4ste8.jpg\"><img loading=\"lazy\" decoding=\"async\" class=\"aligncenter size-full wp-image-5564\" title=\"Welpentreffen Samstagsg\u00e4ste8\" src=\"http:\/\/collies-vom-floersbachtal.de\/cms\/wp-content\/uploads\/2013\/09\/Welpentreffen-Samstagsg\u00e4ste8.jpg\" alt=\"\" width=\"1000\" height=\"667\" srcset=\"https:\/\/collies-vom-floersbachtal.de\/cms\/wp-content\/uploads\/2013\/09\/Welpentreffen-Samstagsg\u00e4ste8.jpg 1000w, https:\/\/collies-vom-floersbachtal.de\/cms\/wp-content\/uploads\/2013\/09\/Welpentreffen-Samstagsg\u00e4ste8-300x200.jpg 300w\" sizes=\"auto, (max-width: 1000px) 100vw, 1000px\" \/><\/a><br \/><a href=\"http:\/\/collies-vom-floersbachtal.de\/cms\/wp-content\/uploads\/2013\/09\/Welpentreffen-Samstagsg\u00e4ste9.jpg\"><img loading=\"lazy\" decoding=\"async\" class=\"aligncenter size-full wp-image-5565\" title=\"Welpentreffen Samstagsg\u00e4ste9\" src=\"http:\/\/collies-vom-floersbachtal.de\/cms\/wp-content\/uploads\/2013\/09\/Welpentreffen-Samstagsg\u00e4ste9.jpg\" alt=\"\" width=\"1000\" height=\"1184\" srcset=\"https:\/\/collies-vom-floersbachtal.de\/cms\/wp-content\/uploads\/2013\/09\/Welpentreffen-Samstagsg\u00e4ste9.jpg 1000w, https:\/\/collies-vom-floersbachtal.de\/cms\/wp-content\/uploads\/2013\/09\/Welpentreffen-Samstagsg\u00e4ste9-253x300.jpg 253w, https:\/\/collies-vom-floersbachtal.de\/cms\/wp-content\/uploads\/2013\/09\/Welpentreffen-Samstagsg\u00e4ste9-864x1024.jpg 864w\" sizes=\"auto, (max-width: 1000px) 100vw, 1000px\" \/><\/a><br \/><a href=\"http:\/\/collies-vom-floersbachtal.de\/cms\/wp-content\/uploads\/2013\/09\/Welpentreffen25-vom-01.09.13.jpg\"><img loading=\"lazy\" decoding=\"async\" class=\"aligncenter size-full wp-image-7196\" title=\"Welpentreffen25 vom 01.09.13\" src=\"http:\/\/collies-vom-floersbachtal.de\/cms\/wp-content\/uploads\/2013\/09\/Welpentreffen25-vom-01.09.13.jpg\" alt=\"\" width=\"1000\" height=\"794\" srcset=\"https:\/\/collies-vom-floersbachtal.de\/cms\/wp-content\/uploads\/2013\/09\/Welpentreffen25-vom-01.09.13.jpg 1000w, https:\/\/collies-vom-floersbachtal.de\/cms\/wp-content\/uploads\/2013\/09\/Welpentreffen25-vom-01.09.13-300x238.jpg 300w\" sizes=\"auto, (max-width: 1000px) 100vw, 1000px\" \/><\/a> Die h\u00fcbsche Ada &#8211; Angel hatte nur gerade zum Welpentreffen ein Hautproblem (war aber nicht ansteckend)<\/p>","protected":false},"excerpt":{"rendered":"<p>Wir hatten ein \u00fcberraschendes, aber gelungenes Welpentreffen am 10.05.2025 mit den N-chens Nika und Nischa, den M-chens Manisha und Mina, Learoy von den L-chens, Jana von den J-chens, die I-chen wurden von Idefix-Michl vertreten, so wie die H-chens von Hancock &hellip; <a href=\"https:\/\/collies-vom-floersbachtal.de\/?page_id=5514\">Weiterlesen <span class=\"meta-nav\">&rarr;<\/span><\/a><\/p>\n","protected":false},"author":1,"featured_media":0,"parent":0,"menu_order":0,"comment_status":"open","ping_status":"open","template":"","meta":{"footnotes":""},"class_list":["post-5514","page","type-page","status-publish","hentry"],"_links":{"self":[{"href":"https:\/\/collies-vom-floersbachtal.de\/index.php?rest_route=\/wp\/v2\/pages\/5514","targetHints":{"allow":["GET"]}}],"collection":[{"href":"https:\/\/collies-vom-floersbachtal.de\/index.php?rest_route=\/wp\/v2\/pages"}],"about":[{"href":"https:\/\/collies-vom-floersbachtal.de\/index.php?rest_route=\/wp\/v2\/types\/page"}],"author":[{"embeddable":true,"href":"https:\/\/collies-vom-floersbachtal.de\/index.php?rest_route=\/wp\/v2\/users\/1"}],"replies":[{"embeddable":true,"href":"https:\/\/collies-vom-floersbachtal.de\/index.php?rest_route=%2Fwp%2Fv2%2Fcomments&post=5514"}],"version-history":[{"count":64,"href":"https:\/\/collies-vom-floersbachtal.de\/index.php?rest_route=\/wp\/v2\/pages\/5514\/revisions"}],"predecessor-version":[{"id":50395,"href":"https:\/\/collies-vom-floersbachtal.de\/index.php?rest_route=\/wp\/v2\/pages\/5514\/revisions\/50395"}],"wp:attachment":[{"href":"https:\/\/collies-vom-floersbachtal.de\/index.php?rest_route=%2Fwp%2Fv2%2Fmedia&parent=5514"}],"curies":[{"name":"wp","href":"https:\/\/api.w.org\/{rel}","templated":true}]}}