{"id":50841,"date":"2025-06-19T11:20:51","date_gmt":"2025-06-19T11:20:51","guid":{"rendered":"https:\/\/collies-vom-floersbachtal.de\/?page_id=50841"},"modified":"2025-10-26T08:56:29","modified_gmt":"2025-10-26T08:56:29","slug":"welpen-p-wurf","status":"publish","type":"page","link":"https:\/\/collies-vom-floersbachtal.de\/?page_id=50841","title":{"rendered":"Welpen O &#8211; Wurf"},"content":{"rendered":"\n<p><strong>Halleluja, ich habs geschafft,  am 17.08.2025  sind 5 Kr\u00fcmel mehr im Fl\u00f6rsbachtal unterwegs \ud83d\ude00<\/strong><\/p>\n\n\n\n<p>Eine super sch\u00f6ne Wurfwiederholung meiner M-chens \ud83d\ude00<\/p>\n\n\n\n<p>Es ist ein wirklich gelungener Wurf, alle Farben sind vertreten. Die da w\u00e4ren: 1\/0 CHW- Blue-Merle, 1\/0 CHW Trico Marken, 1\/0 Dark-Sable \/White, 0\/1 CHW Sable-Merle und 0\/1 Sable-Merle\/ White\/Harlekin. \ud83d\ude00<\/p>\n\n\n\n<h2 class=\"wp-block-heading\"><strong>Unsere ersten Besuchszeiten f\u00fcr die Interessenten sind am 13.\/14.09.2025<\/strong><\/h2>\n\n\n\n<h2 class=\"wp-block-heading\">Die stolzen Eltern sind:<\/h2>\n\n\n\n<h1 class=\"wp-block-heading\" id=\"tara-my-unique-hanni-saphira-geb-11-11-2019-57-cm-22-kg-dark-sable-white\"><strong>Tara \u201eMy Unique Hanni Saphira\u201c, geb. 11.11.2019, 56 cm , 26 kg Dark-Sable\/White<\/strong><\/h1>\n\n\n\n<p><strong>MDR1&nbsp; &nbsp; &nbsp; &nbsp; &nbsp; &nbsp; &nbsp; &nbsp; &nbsp; &nbsp; &nbsp; &nbsp; &nbsp; &nbsp; &nbsp; &nbsp; &nbsp; +\/+&nbsp; non carrier&nbsp; (Laboklin)<\/strong><\/p>\n\n\n\n<p><strong>CEA&nbsp; &nbsp; &nbsp; &nbsp; &nbsp; &nbsp; &nbsp; &nbsp; &nbsp; &nbsp; &nbsp; &nbsp; &nbsp; &nbsp; &nbsp; &nbsp; &nbsp; &nbsp; &nbsp; +\/+&nbsp; non carrier (Laboklin)<\/strong><\/p>\n\n\n\n<p><strong>CEA &nbsp;klinisch frei, genetisch +\/+ non carrier (Laboklin)<\/strong><\/p>\n\n\n\n<p><strong>PRA&nbsp; &nbsp; &nbsp; &nbsp; &nbsp; &nbsp; &nbsp; &nbsp; &nbsp; &nbsp; &nbsp; &nbsp; &nbsp; &nbsp; &nbsp; &nbsp; &nbsp; &nbsp; N\/N&nbsp; non carrier (Laboklin)<\/strong><\/p>\n\n\n\n<p><strong>DM&nbsp; &nbsp; &nbsp; &nbsp; &nbsp; &nbsp; &nbsp; &nbsp; &nbsp; &nbsp; &nbsp; &nbsp; &nbsp; &nbsp; &nbsp; &nbsp; &nbsp; &nbsp; &nbsp; +\/-&nbsp; &nbsp;carrier&nbsp; &nbsp; &nbsp; &nbsp; &nbsp; (Laboklin)<\/strong><\/p>\n\n\n\n<p><strong>GCS&nbsp; &nbsp; &nbsp; &nbsp; &nbsp; &nbsp; &nbsp; &nbsp; &nbsp; &nbsp; &nbsp; &nbsp; &nbsp; &nbsp; &nbsp; &nbsp; &nbsp; &nbsp; N\/N non carrier&nbsp; (Labogen)<\/strong><\/p>\n\n\n\n<p><strong>IPD&nbsp; &nbsp; &nbsp; &nbsp; &nbsp; &nbsp; &nbsp; &nbsp; &nbsp; &nbsp; &nbsp; &nbsp; &nbsp; &nbsp; &nbsp; &nbsp; &nbsp; &nbsp; &nbsp;N\/N non carrier&nbsp; (Laboklin)<\/strong><\/p>\n\n\n\n<p><strong>DNA Profil vorhanden<\/strong><\/p>\n\n\n\n<p><strong>DMS:&nbsp; &nbsp; &nbsp; aa bb&nbsp; Lokus C 002:01\/002:01 (Laboklin)<\/strong><\/p>\n\n\n\n<p><strong>HD A1 \/ED 0<\/strong><\/p>\n\n\n\n<p><strong>AVK : 0,87, American Lines: 62,0 %<\/strong><\/p>\n\n\n\n<figure class=\"wp-block-image size-large\"><img loading=\"lazy\" decoding=\"async\" width=\"819\" height=\"1024\" src=\"https:\/\/collies-vom-floersbachtal.de\/cms\/wp-content\/uploads\/2025\/08\/Tara-Final-Collage-819x1024.jpg\" alt=\"\" class=\"wp-image-51596\" srcset=\"https:\/\/collies-vom-floersbachtal.de\/cms\/wp-content\/uploads\/2025\/08\/Tara-Final-Collage-819x1024.jpg 819w, https:\/\/collies-vom-floersbachtal.de\/cms\/wp-content\/uploads\/2025\/08\/Tara-Final-Collage-240x300.jpg 240w, https:\/\/collies-vom-floersbachtal.de\/cms\/wp-content\/uploads\/2025\/08\/Tara-Final-Collage-768x961.jpg 768w, https:\/\/collies-vom-floersbachtal.de\/cms\/wp-content\/uploads\/2025\/08\/Tara-Final-Collage.jpg 1000w\" sizes=\"auto, (max-width: 819px) 100vw, 819px\" \/><\/figure>\n\n\n\n<h2 class=\"wp-block-heading\"><strong>&amp;<\/strong><\/h2>\n\n\n\n<h1 class=\"wp-block-heading\"><strong>Renegate blue Marley of Golden Gate<\/strong><\/h1>\n\n\n\n<p><strong>02.06.2020<\/strong> <strong>blue-merle wf<\/strong><\/p>\n\n\n\n<p><strong>Vater: John Wayne\u00b4s Sky of Golden Gate<\/strong><\/p>\n\n\n\n<p><strong>Mutter: Abigail Mia of Golden Gate<\/strong><\/p>\n\n\n\n<p><strong>MDR1 +\/+<\/strong><\/p>\n\n\n\n<p><strong>GCS +\/+<\/strong><\/p>\n\n\n\n<p><strong>CEA +\/+, klinisch frei<\/strong><\/p>\n\n\n\n<p><strong>IPD +\/+<\/strong><\/p>\n\n\n\n<p><strong>PRA-RCD2 +\/+<\/strong><\/p>\n\n\n\n<p><strong>HU +\/+<\/strong><\/p>\n\n\n\n<p><strong>DM +\/+<\/strong><\/p>\n\n\n\n<p><strong>DMS aa Bb cc<\/strong><\/p>\n\n\n\n<p><strong>HD A<\/strong><\/p>\n\n\n\n<p><strong>ED O<\/strong><\/p>\n\n\n\n<p><strong>DNA Profil vorhanden<\/strong><\/p>\n\n\n\n<figure class=\"wp-block-image\"><a href=\"https:\/\/collies-vom-floersbachtal.de\/cms\/wp-content\/uploads\/2023\/06\/picture-1600.jpg\"><img loading=\"lazy\" decoding=\"async\" width=\"1024\" height=\"797\" src=\"https:\/\/collies-vom-floersbachtal.de\/cms\/wp-content\/uploads\/2023\/06\/picture-1600-1024x797.jpg\" alt=\"\" class=\"wp-image-40364\" srcset=\"https:\/\/collies-vom-floersbachtal.de\/cms\/wp-content\/uploads\/2023\/06\/picture-1600-1024x797.jpg 1024w, https:\/\/collies-vom-floersbachtal.de\/cms\/wp-content\/uploads\/2023\/06\/picture-1600-300x233.jpg 300w, https:\/\/collies-vom-floersbachtal.de\/cms\/wp-content\/uploads\/2023\/06\/picture-1600-768x598.jpg 768w, https:\/\/collies-vom-floersbachtal.de\/cms\/wp-content\/uploads\/2023\/06\/picture-1600.jpg 1500w\" sizes=\"auto, (max-width: 1024px) 100vw, 1024px\" \/><\/a><\/figure>\n\n\n\n<p>Diese Kr\u00fcmel sind im Sternzeichen L\u00f6we geboren <\/p>\n\n\n\n<p><strong>\u201e1. Welpe O\u00b4amazing &#8222;Blue&#8220;\u201c SILAS  CHW\/ Blue-Merle  6:53 Uhr R\u00fcde 383 g (L\u00f6we- Aszendent Krebs )<\/strong> und im chinesischen ein Holz Schlange <strong>ausgezogen<\/strong><\/p>\n\n\n\n<p><strong>MDR1 +\/+,&nbsp; &nbsp; &nbsp; CEA +\/+, &nbsp; &nbsp;DM&nbsp; +\/+,&nbsp; oder &nbsp;+\/-, &nbsp; &nbsp;GCS&nbsp; N\/N,&nbsp; &nbsp; &nbsp;PRA&nbsp; N\/N,&nbsp; &nbsp; DMS aa bb,<\/strong> <strong>oder aa Bb<\/strong> <strong> low risk<\/strong><\/p>\n\n\n\n<h2 class=\"wp-block-heading\"><strong>12.10.25 &#8222;Silas&#8220;8  Wochen alt, 6450 g<\/strong><\/h2>\n\n\n\n<figure class=\"wp-block-image size-full is-style-rounded\"><a href=\"https:\/\/collies-vom-floersbachtal.de\/cms\/wp-content\/uploads\/2025\/10\/Silas1-8-W.jpg\"><img loading=\"lazy\" decoding=\"async\" width=\"1000\" height=\"563\" src=\"https:\/\/collies-vom-floersbachtal.de\/cms\/wp-content\/uploads\/2025\/10\/Silas1-8-W.jpg\" alt=\"\" class=\"wp-image-52899\" srcset=\"https:\/\/collies-vom-floersbachtal.de\/cms\/wp-content\/uploads\/2025\/10\/Silas1-8-W.jpg 1000w, https:\/\/collies-vom-floersbachtal.de\/cms\/wp-content\/uploads\/2025\/10\/Silas1-8-W-300x169.jpg 300w, https:\/\/collies-vom-floersbachtal.de\/cms\/wp-content\/uploads\/2025\/10\/Silas1-8-W-768x432.jpg 768w\" sizes=\"auto, (max-width: 1000px) 100vw, 1000px\" \/><\/a><\/figure>\n\n\n\n<h2 class=\"wp-block-heading\"><strong>05.10.25<\/strong> <strong>&#8222;Silas&#8220;7  Wochen alt, 5280 g<\/strong><\/h2>\n\n\n\n<figure class=\"wp-block-image size-large is-style-rounded\"><a href=\"https:\/\/collies-vom-floersbachtal.de\/cms\/wp-content\/uploads\/2025\/10\/Silas6-7-Wochen.jpg\"><img loading=\"lazy\" decoding=\"async\" width=\"1024\" height=\"667\" src=\"https:\/\/collies-vom-floersbachtal.de\/cms\/wp-content\/uploads\/2025\/10\/Silas6-7-Wochen-1024x667.jpg\" alt=\"\" class=\"wp-image-52696\" srcset=\"https:\/\/collies-vom-floersbachtal.de\/cms\/wp-content\/uploads\/2025\/10\/Silas6-7-Wochen-1024x667.jpg 1024w, https:\/\/collies-vom-floersbachtal.de\/cms\/wp-content\/uploads\/2025\/10\/Silas6-7-Wochen-300x195.jpg 300w, https:\/\/collies-vom-floersbachtal.de\/cms\/wp-content\/uploads\/2025\/10\/Silas6-7-Wochen-768x500.jpg 768w, https:\/\/collies-vom-floersbachtal.de\/cms\/wp-content\/uploads\/2025\/10\/Silas6-7-Wochen-1536x1000.jpg 1536w, https:\/\/collies-vom-floersbachtal.de\/cms\/wp-content\/uploads\/2025\/10\/Silas6-7-Wochen.jpg 2024w\" sizes=\"auto, (max-width: 1024px) 100vw, 1024px\" \/><\/a><\/figure>\n\n\n\n<figure class=\"wp-block-gallery has-nested-images columns-default is-cropped wp-block-gallery-1 is-layout-flex wp-block-gallery-is-layout-flex\">\n<figure class=\"wp-block-image size-large\"><a href=\"https:\/\/collies-vom-floersbachtal.de\/cms\/wp-content\/uploads\/2025\/10\/Slias1-7-Wochen-scaled.jpg\"><img loading=\"lazy\" decoding=\"async\" width=\"577\" height=\"1024\" data-id=\"52701\" src=\"https:\/\/collies-vom-floersbachtal.de\/cms\/wp-content\/uploads\/2025\/10\/Slias1-7-Wochen-577x1024.jpg\" alt=\"\" class=\"wp-image-52701\" srcset=\"https:\/\/collies-vom-floersbachtal.de\/cms\/wp-content\/uploads\/2025\/10\/Slias1-7-Wochen-577x1024.jpg 577w, https:\/\/collies-vom-floersbachtal.de\/cms\/wp-content\/uploads\/2025\/10\/Slias1-7-Wochen-169x300.jpg 169w, https:\/\/collies-vom-floersbachtal.de\/cms\/wp-content\/uploads\/2025\/10\/Slias1-7-Wochen-768x1364.jpg 768w, https:\/\/collies-vom-floersbachtal.de\/cms\/wp-content\/uploads\/2025\/10\/Slias1-7-Wochen-865x1536.jpg 865w, https:\/\/collies-vom-floersbachtal.de\/cms\/wp-content\/uploads\/2025\/10\/Slias1-7-Wochen-1153x2048.jpg 1153w, https:\/\/collies-vom-floersbachtal.de\/cms\/wp-content\/uploads\/2025\/10\/Slias1-7-Wochen-scaled.jpg 1442w\" sizes=\"auto, (max-width: 577px) 100vw, 577px\" \/><\/a><\/figure>\n\n\n\n<figure class=\"wp-block-image size-large\"><a href=\"https:\/\/collies-vom-floersbachtal.de\/cms\/wp-content\/uploads\/2025\/10\/Silas2-7-Wochen.jpg\"><img loading=\"lazy\" decoding=\"async\" width=\"851\" height=\"1024\" data-id=\"52697\" src=\"https:\/\/collies-vom-floersbachtal.de\/cms\/wp-content\/uploads\/2025\/10\/Silas2-7-Wochen-851x1024.jpg\" alt=\"\" class=\"wp-image-52697\" srcset=\"https:\/\/collies-vom-floersbachtal.de\/cms\/wp-content\/uploads\/2025\/10\/Silas2-7-Wochen-851x1024.jpg 851w, https:\/\/collies-vom-floersbachtal.de\/cms\/wp-content\/uploads\/2025\/10\/Silas2-7-Wochen-249x300.jpg 249w, https:\/\/collies-vom-floersbachtal.de\/cms\/wp-content\/uploads\/2025\/10\/Silas2-7-Wochen-768x924.jpg 768w, https:\/\/collies-vom-floersbachtal.de\/cms\/wp-content\/uploads\/2025\/10\/Silas2-7-Wochen-1277x1536.jpg 1277w, https:\/\/collies-vom-floersbachtal.de\/cms\/wp-content\/uploads\/2025\/10\/Silas2-7-Wochen.jpg 1591w\" sizes=\"auto, (max-width: 851px) 100vw, 851px\" \/><\/a><\/figure>\n\n\n\n<figure class=\"wp-block-image size-large\"><a href=\"https:\/\/collies-vom-floersbachtal.de\/cms\/wp-content\/uploads\/2025\/10\/Silas3-7-Wochen-scaled.jpg\"><img loading=\"lazy\" decoding=\"async\" width=\"577\" height=\"1024\" data-id=\"52702\" src=\"https:\/\/collies-vom-floersbachtal.de\/cms\/wp-content\/uploads\/2025\/10\/Silas3-7-Wochen-577x1024.jpg\" alt=\"\" class=\"wp-image-52702\" srcset=\"https:\/\/collies-vom-floersbachtal.de\/cms\/wp-content\/uploads\/2025\/10\/Silas3-7-Wochen-577x1024.jpg 577w, https:\/\/collies-vom-floersbachtal.de\/cms\/wp-content\/uploads\/2025\/10\/Silas3-7-Wochen-169x300.jpg 169w, https:\/\/collies-vom-floersbachtal.de\/cms\/wp-content\/uploads\/2025\/10\/Silas3-7-Wochen-768x1364.jpg 768w, https:\/\/collies-vom-floersbachtal.de\/cms\/wp-content\/uploads\/2025\/10\/Silas3-7-Wochen-865x1536.jpg 865w, https:\/\/collies-vom-floersbachtal.de\/cms\/wp-content\/uploads\/2025\/10\/Silas3-7-Wochen-1153x2048.jpg 1153w, https:\/\/collies-vom-floersbachtal.de\/cms\/wp-content\/uploads\/2025\/10\/Silas3-7-Wochen-scaled.jpg 1442w\" sizes=\"auto, (max-width: 577px) 100vw, 577px\" \/><\/a><\/figure>\n\n\n\n<figure class=\"wp-block-image size-large is-style-rounded\"><a href=\"https:\/\/collies-vom-floersbachtal.de\/cms\/wp-content\/uploads\/2025\/10\/Silas1-7-Wochen.jpg\"><img loading=\"lazy\" decoding=\"async\" width=\"1024\" height=\"886\" data-id=\"52699\" src=\"https:\/\/collies-vom-floersbachtal.de\/cms\/wp-content\/uploads\/2025\/10\/Silas1-7-Wochen-1024x886.jpg\" alt=\"\" class=\"wp-image-52699\" srcset=\"https:\/\/collies-vom-floersbachtal.de\/cms\/wp-content\/uploads\/2025\/10\/Silas1-7-Wochen-1024x886.jpg 1024w, https:\/\/collies-vom-floersbachtal.de\/cms\/wp-content\/uploads\/2025\/10\/Silas1-7-Wochen-300x259.jpg 300w, https:\/\/collies-vom-floersbachtal.de\/cms\/wp-content\/uploads\/2025\/10\/Silas1-7-Wochen-768x664.jpg 768w, https:\/\/collies-vom-floersbachtal.de\/cms\/wp-content\/uploads\/2025\/10\/Silas1-7-Wochen-1536x1328.jpg 1536w, https:\/\/collies-vom-floersbachtal.de\/cms\/wp-content\/uploads\/2025\/10\/Silas1-7-Wochen-2048x1771.jpg 2048w\" sizes=\"auto, (max-width: 1024px) 100vw, 1024px\" \/><\/a><\/figure>\n<\/figure>\n\n\n\n<h2 class=\"wp-block-heading\"><strong>28.09.25<\/strong> <strong>&#8222;Silas&#8220;6  Wochen alt, 4620 g<\/strong><\/h2>\n\n\n\n<figure class=\"wp-block-image size-large is-style-rounded\"><a href=\"https:\/\/collies-vom-floersbachtal.de\/cms\/wp-content\/uploads\/2025\/09\/Silas3-6-Wochen.jpg\"><img loading=\"lazy\" decoding=\"async\" width=\"623\" height=\"1024\" src=\"https:\/\/collies-vom-floersbachtal.de\/cms\/wp-content\/uploads\/2025\/09\/Silas3-6-Wochen-623x1024.jpg\" alt=\"\" class=\"wp-image-52489\" srcset=\"https:\/\/collies-vom-floersbachtal.de\/cms\/wp-content\/uploads\/2025\/09\/Silas3-6-Wochen-623x1024.jpg 623w, https:\/\/collies-vom-floersbachtal.de\/cms\/wp-content\/uploads\/2025\/09\/Silas3-6-Wochen-182x300.jpg 182w, https:\/\/collies-vom-floersbachtal.de\/cms\/wp-content\/uploads\/2025\/09\/Silas3-6-Wochen-768x1263.jpg 768w, https:\/\/collies-vom-floersbachtal.de\/cms\/wp-content\/uploads\/2025\/09\/Silas3-6-Wochen-934x1536.jpg 934w, https:\/\/collies-vom-floersbachtal.de\/cms\/wp-content\/uploads\/2025\/09\/Silas3-6-Wochen-1245x2048.jpg 1245w, https:\/\/collies-vom-floersbachtal.de\/cms\/wp-content\/uploads\/2025\/09\/Silas3-6-Wochen.jpg 1457w\" sizes=\"auto, (max-width: 623px) 100vw, 623px\" \/><\/a><\/figure>\n\n\n\n<h2 class=\"wp-block-heading\"><strong>20.09.25 &#8222;Silas&#8220; 5 Wochen alt, 3320 g<\/strong><\/h2>\n\n\n\n<figure class=\"wp-block-image size-full is-style-rounded\"><a href=\"https:\/\/collies-vom-floersbachtal.de\/cms\/wp-content\/uploads\/2025\/09\/Silas1-5-W.jpg\"><img loading=\"lazy\" decoding=\"async\" width=\"800\" height=\"686\" src=\"https:\/\/collies-vom-floersbachtal.de\/cms\/wp-content\/uploads\/2025\/09\/Silas1-5-W.jpg\" alt=\"\" class=\"wp-image-52357\" srcset=\"https:\/\/collies-vom-floersbachtal.de\/cms\/wp-content\/uploads\/2025\/09\/Silas1-5-W.jpg 800w, https:\/\/collies-vom-floersbachtal.de\/cms\/wp-content\/uploads\/2025\/09\/Silas1-5-W-300x257.jpg 300w, https:\/\/collies-vom-floersbachtal.de\/cms\/wp-content\/uploads\/2025\/09\/Silas1-5-W-768x659.jpg 768w\" sizes=\"auto, (max-width: 800px) 100vw, 800px\" \/><\/a><\/figure>\n\n\n\n<h2 class=\"wp-block-heading\"><strong>14.09.25<\/strong> <strong>&#8222;Silas&#8220; 4 Wochen alt,<\/strong> <strong>2500 g<\/strong><\/h2>\n\n\n\n<figure class=\"wp-block-image size-large is-style-rounded\"><a href=\"https:\/\/collies-vom-floersbachtal.de\/cms\/wp-content\/uploads\/2025\/09\/Silas3-4-Wochen.jpg\"><img loading=\"lazy\" decoding=\"async\" width=\"730\" height=\"1024\" src=\"https:\/\/collies-vom-floersbachtal.de\/cms\/wp-content\/uploads\/2025\/09\/Silas3-4-Wochen-730x1024.jpg\" alt=\"\" class=\"wp-image-52266\" srcset=\"https:\/\/collies-vom-floersbachtal.de\/cms\/wp-content\/uploads\/2025\/09\/Silas3-4-Wochen-730x1024.jpg 730w, https:\/\/collies-vom-floersbachtal.de\/cms\/wp-content\/uploads\/2025\/09\/Silas3-4-Wochen-214x300.jpg 214w, https:\/\/collies-vom-floersbachtal.de\/cms\/wp-content\/uploads\/2025\/09\/Silas3-4-Wochen-768x1077.jpg 768w, https:\/\/collies-vom-floersbachtal.de\/cms\/wp-content\/uploads\/2025\/09\/Silas3-4-Wochen.jpg 800w\" sizes=\"auto, (max-width: 730px) 100vw, 730px\" \/><\/a><\/figure>\n\n\n\n<h2 class=\"wp-block-heading\"><strong>07.09.25  &#8222;Blue&#8220; 3 Wochen alt,<\/strong> <strong>1700 g<\/strong><\/h2>\n\n\n\n<figure class=\"wp-block-image size-large\"><a href=\"https:\/\/collies-vom-floersbachtal.de\/cms\/wp-content\/uploads\/2025\/09\/Blue1-3-Wochen.jpg\"><img loading=\"lazy\" decoding=\"async\" width=\"768\" height=\"1024\" src=\"https:\/\/collies-vom-floersbachtal.de\/cms\/wp-content\/uploads\/2025\/09\/Blue1-3-Wochen-768x1024.jpg\" alt=\"\" class=\"wp-image-52144\" srcset=\"https:\/\/collies-vom-floersbachtal.de\/cms\/wp-content\/uploads\/2025\/09\/Blue1-3-Wochen-768x1024.jpg 768w, https:\/\/collies-vom-floersbachtal.de\/cms\/wp-content\/uploads\/2025\/09\/Blue1-3-Wochen-225x300.jpg 225w, https:\/\/collies-vom-floersbachtal.de\/cms\/wp-content\/uploads\/2025\/09\/Blue1-3-Wochen.jpg 1000w\" sizes=\"auto, (max-width: 768px) 100vw, 768px\" \/><\/a><\/figure>\n\n\n\n<figure class=\"wp-block-gallery has-nested-images columns-default is-cropped wp-block-gallery-2 is-layout-flex wp-block-gallery-is-layout-flex\">\n<figure class=\"wp-block-image size-large\"><a href=\"https:\/\/collies-vom-floersbachtal.de\/cms\/wp-content\/uploads\/2025\/09\/Blue3-3-Wochen.jpg\"><img loading=\"lazy\" decoding=\"async\" width=\"768\" height=\"1024\" data-id=\"52145\" src=\"https:\/\/collies-vom-floersbachtal.de\/cms\/wp-content\/uploads\/2025\/09\/Blue3-3-Wochen-768x1024.jpg\" alt=\"\" class=\"wp-image-52145\" srcset=\"https:\/\/collies-vom-floersbachtal.de\/cms\/wp-content\/uploads\/2025\/09\/Blue3-3-Wochen-768x1024.jpg 768w, https:\/\/collies-vom-floersbachtal.de\/cms\/wp-content\/uploads\/2025\/09\/Blue3-3-Wochen-225x300.jpg 225w, https:\/\/collies-vom-floersbachtal.de\/cms\/wp-content\/uploads\/2025\/09\/Blue3-3-Wochen.jpg 1000w\" sizes=\"auto, (max-width: 768px) 100vw, 768px\" \/><\/a><\/figure>\n\n\n\n<figure class=\"wp-block-image size-large\"><a href=\"https:\/\/collies-vom-floersbachtal.de\/cms\/wp-content\/uploads\/2025\/09\/Blue2-3-Wochen.jpg\"><img loading=\"lazy\" decoding=\"async\" width=\"1000\" height=\"750\" data-id=\"52146\" src=\"https:\/\/collies-vom-floersbachtal.de\/cms\/wp-content\/uploads\/2025\/09\/Blue2-3-Wochen.jpg\" alt=\"\" class=\"wp-image-52146\" srcset=\"https:\/\/collies-vom-floersbachtal.de\/cms\/wp-content\/uploads\/2025\/09\/Blue2-3-Wochen.jpg 1000w, https:\/\/collies-vom-floersbachtal.de\/cms\/wp-content\/uploads\/2025\/09\/Blue2-3-Wochen-300x225.jpg 300w, https:\/\/collies-vom-floersbachtal.de\/cms\/wp-content\/uploads\/2025\/09\/Blue2-3-Wochen-768x576.jpg 768w\" sizes=\"auto, (max-width: 1000px) 100vw, 1000px\" \/><\/a><\/figure>\n<\/figure>\n\n\n\n<figure class=\"wp-block-gallery has-nested-images columns-default is-cropped wp-block-gallery-3 is-layout-flex wp-block-gallery-is-layout-flex\">\n<figure class=\"wp-block-image size-large\"><a href=\"https:\/\/collies-vom-floersbachtal.de\/cms\/wp-content\/uploads\/2025\/09\/Alle5-4-3-Wochen.jpg\"><img loading=\"lazy\" decoding=\"async\" width=\"800\" height=\"757\" data-id=\"52182\" src=\"https:\/\/collies-vom-floersbachtal.de\/cms\/wp-content\/uploads\/2025\/09\/Alle5-4-3-Wochen.jpg\" alt=\"\" class=\"wp-image-52182\" srcset=\"https:\/\/collies-vom-floersbachtal.de\/cms\/wp-content\/uploads\/2025\/09\/Alle5-4-3-Wochen.jpg 800w, https:\/\/collies-vom-floersbachtal.de\/cms\/wp-content\/uploads\/2025\/09\/Alle5-4-3-Wochen-300x284.jpg 300w, https:\/\/collies-vom-floersbachtal.de\/cms\/wp-content\/uploads\/2025\/09\/Alle5-4-3-Wochen-768x727.jpg 768w\" sizes=\"auto, (max-width: 800px) 100vw, 800px\" \/><\/a><figcaption class=\"wp-element-caption\"><strong>Wollen wir Blue mal ver\u00e4ppeln???<\/strong><\/figcaption><\/figure>\n<\/figure>\n\n\n\n<figure class=\"wp-block-gallery has-nested-images columns-default is-cropped wp-block-gallery-4 is-layout-flex wp-block-gallery-is-layout-flex\">\n<figure class=\"wp-block-image size-large\"><a href=\"https:\/\/collies-vom-floersbachtal.de\/cms\/wp-content\/uploads\/2025\/09\/Alle5-1-3-Wochen.jpg\"><img loading=\"lazy\" decoding=\"async\" width=\"417\" height=\"1024\" data-id=\"52185\" src=\"https:\/\/collies-vom-floersbachtal.de\/cms\/wp-content\/uploads\/2025\/09\/Alle5-1-3-Wochen-417x1024.jpg\" alt=\"\" class=\"wp-image-52185\" srcset=\"https:\/\/collies-vom-floersbachtal.de\/cms\/wp-content\/uploads\/2025\/09\/Alle5-1-3-Wochen-417x1024.jpg 417w, https:\/\/collies-vom-floersbachtal.de\/cms\/wp-content\/uploads\/2025\/09\/Alle5-1-3-Wochen-122x300.jpg 122w, https:\/\/collies-vom-floersbachtal.de\/cms\/wp-content\/uploads\/2025\/09\/Alle5-1-3-Wochen-768x1885.jpg 768w, https:\/\/collies-vom-floersbachtal.de\/cms\/wp-content\/uploads\/2025\/09\/Alle5-1-3-Wochen-626x1536.jpg 626w, https:\/\/collies-vom-floersbachtal.de\/cms\/wp-content\/uploads\/2025\/09\/Alle5-1-3-Wochen.jpg 800w\" sizes=\"auto, (max-width: 417px) 100vw, 417px\" \/><\/a><figcaption class=\"wp-element-caption\"><strong>Frauli hat gesagt der Bus kommt um Voll \ud83d\ude00<\/strong><\/figcaption><\/figure>\n\n\n\n<figure class=\"wp-block-image size-large\"><a href=\"https:\/\/collies-vom-floersbachtal.de\/cms\/wp-content\/uploads\/2025\/09\/Alle5-mit-Brei1-3-Wochen-1.jpg\"><img loading=\"lazy\" decoding=\"async\" width=\"800\" height=\"499\" data-id=\"52186\" src=\"https:\/\/collies-vom-floersbachtal.de\/cms\/wp-content\/uploads\/2025\/09\/Alle5-mit-Brei1-3-Wochen-1.jpg\" alt=\"\" class=\"wp-image-52186\" srcset=\"https:\/\/collies-vom-floersbachtal.de\/cms\/wp-content\/uploads\/2025\/09\/Alle5-mit-Brei1-3-Wochen-1.jpg 800w, https:\/\/collies-vom-floersbachtal.de\/cms\/wp-content\/uploads\/2025\/09\/Alle5-mit-Brei1-3-Wochen-1-300x187.jpg 300w, https:\/\/collies-vom-floersbachtal.de\/cms\/wp-content\/uploads\/2025\/09\/Alle5-mit-Brei1-3-Wochen-1-768x479.jpg 768w\" sizes=\"auto, (max-width: 800px) 100vw, 800px\" \/><\/a><\/figure>\n<\/figure>\n\n\n\n<h2 class=\"wp-block-heading\"><strong>31.08.25 &#8222;Blue&#8220; 2 Wochen alt, 1100 g<\/strong><\/h2>\n\n\n\n<figure class=\"wp-block-gallery has-nested-images columns-default is-cropped wp-block-gallery-5 is-layout-flex wp-block-gallery-is-layout-flex\">\n<figure class=\"wp-block-image size-large is-style-rounded\"><a href=\"https:\/\/collies-vom-floersbachtal.de\/cms\/wp-content\/uploads\/2025\/08\/Blue5-3.-Woche.jpg\"><img loading=\"lazy\" decoding=\"async\" width=\"700\" height=\"1024\" data-id=\"52022\" src=\"https:\/\/collies-vom-floersbachtal.de\/cms\/wp-content\/uploads\/2025\/08\/Blue5-3.-Woche-700x1024.jpg\" alt=\"\" class=\"wp-image-52022\" srcset=\"https:\/\/collies-vom-floersbachtal.de\/cms\/wp-content\/uploads\/2025\/08\/Blue5-3.-Woche-700x1024.jpg 700w, https:\/\/collies-vom-floersbachtal.de\/cms\/wp-content\/uploads\/2025\/08\/Blue5-3.-Woche-205x300.jpg 205w, https:\/\/collies-vom-floersbachtal.de\/cms\/wp-content\/uploads\/2025\/08\/Blue5-3.-Woche-768x1124.jpg 768w, https:\/\/collies-vom-floersbachtal.de\/cms\/wp-content\/uploads\/2025\/08\/Blue5-3.-Woche.jpg 1031w\" sizes=\"auto, (max-width: 700px) 100vw, 700px\" \/><\/a><\/figure>\n<\/figure>\n\n\n\n<figure class=\"wp-block-gallery has-nested-images columns-default is-cropped wp-block-gallery-6 is-layout-flex wp-block-gallery-is-layout-flex\">\n<figure class=\"wp-block-image size-large\"><a href=\"https:\/\/collies-vom-floersbachtal.de\/cms\/wp-content\/uploads\/2025\/08\/Blue4-3.-Woche.jpg\"><img loading=\"lazy\" decoding=\"async\" width=\"700\" height=\"669\" data-id=\"52026\" src=\"https:\/\/collies-vom-floersbachtal.de\/cms\/wp-content\/uploads\/2025\/08\/Blue4-3.-Woche.jpg\" alt=\"\" class=\"wp-image-52026\" srcset=\"https:\/\/collies-vom-floersbachtal.de\/cms\/wp-content\/uploads\/2025\/08\/Blue4-3.-Woche.jpg 700w, https:\/\/collies-vom-floersbachtal.de\/cms\/wp-content\/uploads\/2025\/08\/Blue4-3.-Woche-300x287.jpg 300w\" sizes=\"auto, (max-width: 700px) 100vw, 700px\" \/><\/a><\/figure>\n\n\n\n<figure class=\"wp-block-image size-large\"><a href=\"https:\/\/collies-vom-floersbachtal.de\/cms\/wp-content\/uploads\/2025\/08\/Blue-und-Obiwan1-3.-Woche.jpg\"><img loading=\"lazy\" decoding=\"async\" width=\"974\" height=\"1024\" data-id=\"52025\" src=\"https:\/\/collies-vom-floersbachtal.de\/cms\/wp-content\/uploads\/2025\/08\/Blue-und-Obiwan1-3.-Woche-974x1024.jpg\" alt=\"\" class=\"wp-image-52025\" srcset=\"https:\/\/collies-vom-floersbachtal.de\/cms\/wp-content\/uploads\/2025\/08\/Blue-und-Obiwan1-3.-Woche-974x1024.jpg 974w, https:\/\/collies-vom-floersbachtal.de\/cms\/wp-content\/uploads\/2025\/08\/Blue-und-Obiwan1-3.-Woche-285x300.jpg 285w, https:\/\/collies-vom-floersbachtal.de\/cms\/wp-content\/uploads\/2025\/08\/Blue-und-Obiwan1-3.-Woche-768x807.jpg 768w, https:\/\/collies-vom-floersbachtal.de\/cms\/wp-content\/uploads\/2025\/08\/Blue-und-Obiwan1-3.-Woche.jpg 1000w\" sizes=\"auto, (max-width: 974px) 100vw, 974px\" \/><\/a><\/figure>\n\n\n\n<figure class=\"wp-block-image size-large\"><a href=\"https:\/\/collies-vom-floersbachtal.de\/cms\/wp-content\/uploads\/2025\/08\/Blue3-3.-Woche.jpg\"><img loading=\"lazy\" decoding=\"async\" width=\"700\" height=\"659\" data-id=\"52023\" src=\"https:\/\/collies-vom-floersbachtal.de\/cms\/wp-content\/uploads\/2025\/08\/Blue3-3.-Woche.jpg\" alt=\"\" class=\"wp-image-52023\" srcset=\"https:\/\/collies-vom-floersbachtal.de\/cms\/wp-content\/uploads\/2025\/08\/Blue3-3.-Woche.jpg 700w, https:\/\/collies-vom-floersbachtal.de\/cms\/wp-content\/uploads\/2025\/08\/Blue3-3.-Woche-300x282.jpg 300w\" sizes=\"auto, (max-width: 700px) 100vw, 700px\" \/><\/a><\/figure>\n\n\n\n<figure class=\"wp-block-image size-large is-style-rounded\"><a href=\"https:\/\/collies-vom-floersbachtal.de\/cms\/wp-content\/uploads\/2025\/08\/Blue2-3.-Woche.jpg\"><img loading=\"lazy\" decoding=\"async\" width=\"700\" height=\"649\" data-id=\"52024\" src=\"https:\/\/collies-vom-floersbachtal.de\/cms\/wp-content\/uploads\/2025\/08\/Blue2-3.-Woche.jpg\" alt=\"\" class=\"wp-image-52024\" srcset=\"https:\/\/collies-vom-floersbachtal.de\/cms\/wp-content\/uploads\/2025\/08\/Blue2-3.-Woche.jpg 700w, https:\/\/collies-vom-floersbachtal.de\/cms\/wp-content\/uploads\/2025\/08\/Blue2-3.-Woche-300x278.jpg 300w\" sizes=\"auto, (max-width: 700px) 100vw, 700px\" \/><\/a><\/figure>\n<\/figure>\n\n\n\n<h2 class=\"wp-block-heading\"><strong>24.08.25 &#8222;Blue&#8220; 1 Woche alt, 605 g<\/strong><\/h2>\n\n\n\n<figure class=\"wp-block-image size-full is-style-rounded\"><a href=\"https:\/\/collies-vom-floersbachtal.de\/cms\/wp-content\/uploads\/2025\/08\/Blue2-9-Tage-alt.jpg\"><img loading=\"lazy\" decoding=\"async\" width=\"1000\" height=\"843\" src=\"https:\/\/collies-vom-floersbachtal.de\/cms\/wp-content\/uploads\/2025\/08\/Blue2-9-Tage-alt.jpg\" alt=\"\" class=\"wp-image-51922\" srcset=\"https:\/\/collies-vom-floersbachtal.de\/cms\/wp-content\/uploads\/2025\/08\/Blue2-9-Tage-alt.jpg 1000w, https:\/\/collies-vom-floersbachtal.de\/cms\/wp-content\/uploads\/2025\/08\/Blue2-9-Tage-alt-300x253.jpg 300w, https:\/\/collies-vom-floersbachtal.de\/cms\/wp-content\/uploads\/2025\/08\/Blue2-9-Tage-alt-768x647.jpg 768w\" sizes=\"auto, (max-width: 1000px) 100vw, 1000px\" \/><\/a><\/figure>\n\n\n\n<figure class=\"wp-block-gallery has-nested-images columns-default is-cropped wp-block-gallery-7 is-layout-flex wp-block-gallery-is-layout-flex\">\n<figure class=\"wp-block-image size-large\"><a href=\"https:\/\/collies-vom-floersbachtal.de\/cms\/wp-content\/uploads\/2025\/08\/Blue1-1-Woche-alt.jpg\"><img loading=\"lazy\" decoding=\"async\" width=\"602\" height=\"1024\" data-id=\"51861\" src=\"https:\/\/collies-vom-floersbachtal.de\/cms\/wp-content\/uploads\/2025\/08\/Blue1-1-Woche-alt-602x1024.jpg\" alt=\"\" class=\"wp-image-51861\" srcset=\"https:\/\/collies-vom-floersbachtal.de\/cms\/wp-content\/uploads\/2025\/08\/Blue1-1-Woche-alt-602x1024.jpg 602w, https:\/\/collies-vom-floersbachtal.de\/cms\/wp-content\/uploads\/2025\/08\/Blue1-1-Woche-alt-176x300.jpg 176w, https:\/\/collies-vom-floersbachtal.de\/cms\/wp-content\/uploads\/2025\/08\/Blue1-1-Woche-alt-768x1307.jpg 768w, https:\/\/collies-vom-floersbachtal.de\/cms\/wp-content\/uploads\/2025\/08\/Blue1-1-Woche-alt-902x1536.jpg 902w, https:\/\/collies-vom-floersbachtal.de\/cms\/wp-content\/uploads\/2025\/08\/Blue1-1-Woche-alt.jpg 1000w\" sizes=\"auto, (max-width: 602px) 100vw, 602px\" \/><\/a><\/figure>\n<\/figure>\n\n\n\n<figure class=\"wp-block-gallery has-nested-images columns-default is-cropped wp-block-gallery-8 is-layout-flex wp-block-gallery-is-layout-flex\">\n<figure class=\"wp-block-image size-large\"><a href=\"https:\/\/collies-vom-floersbachtal.de\/cms\/wp-content\/uploads\/2025\/08\/CHW-Bluemerle-Ruede1-6.-Tag-1-scaled.jpg\"><img loading=\"lazy\" decoding=\"async\" width=\"577\" height=\"1024\" data-id=\"51864\" src=\"https:\/\/collies-vom-floersbachtal.de\/cms\/wp-content\/uploads\/2025\/08\/CHW-Bluemerle-Ruede1-6.-Tag-1-577x1024.jpg\" alt=\"\" class=\"wp-image-51864\" srcset=\"https:\/\/collies-vom-floersbachtal.de\/cms\/wp-content\/uploads\/2025\/08\/CHW-Bluemerle-Ruede1-6.-Tag-1-577x1024.jpg 577w, https:\/\/collies-vom-floersbachtal.de\/cms\/wp-content\/uploads\/2025\/08\/CHW-Bluemerle-Ruede1-6.-Tag-1-169x300.jpg 169w, https:\/\/collies-vom-floersbachtal.de\/cms\/wp-content\/uploads\/2025\/08\/CHW-Bluemerle-Ruede1-6.-Tag-1-768x1364.jpg 768w, https:\/\/collies-vom-floersbachtal.de\/cms\/wp-content\/uploads\/2025\/08\/CHW-Bluemerle-Ruede1-6.-Tag-1-865x1536.jpg 865w, https:\/\/collies-vom-floersbachtal.de\/cms\/wp-content\/uploads\/2025\/08\/CHW-Bluemerle-Ruede1-6.-Tag-1-1153x2048.jpg 1153w, https:\/\/collies-vom-floersbachtal.de\/cms\/wp-content\/uploads\/2025\/08\/CHW-Bluemerle-Ruede1-6.-Tag-1-scaled.jpg 1442w\" sizes=\"auto, (max-width: 577px) 100vw, 577px\" \/><\/a><\/figure>\n\n\n\n<figure class=\"wp-block-image size-large\"><a href=\"https:\/\/collies-vom-floersbachtal.de\/cms\/wp-content\/uploads\/2025\/08\/CHW-Bluemerle-Ruede1-3.-Tag-1.jpg\"><img loading=\"lazy\" decoding=\"async\" width=\"577\" height=\"1024\" data-id=\"51863\" src=\"https:\/\/collies-vom-floersbachtal.de\/cms\/wp-content\/uploads\/2025\/08\/CHW-Bluemerle-Ruede1-3.-Tag-1-577x1024.jpg\" alt=\"\" class=\"wp-image-51863\" srcset=\"https:\/\/collies-vom-floersbachtal.de\/cms\/wp-content\/uploads\/2025\/08\/CHW-Bluemerle-Ruede1-3.-Tag-1-577x1024.jpg 577w, https:\/\/collies-vom-floersbachtal.de\/cms\/wp-content\/uploads\/2025\/08\/CHW-Bluemerle-Ruede1-3.-Tag-1-169x300.jpg 169w, https:\/\/collies-vom-floersbachtal.de\/cms\/wp-content\/uploads\/2025\/08\/CHW-Bluemerle-Ruede1-3.-Tag-1-768x1364.jpg 768w, https:\/\/collies-vom-floersbachtal.de\/cms\/wp-content\/uploads\/2025\/08\/CHW-Bluemerle-Ruede1-3.-Tag-1-865x1536.jpg 865w, https:\/\/collies-vom-floersbachtal.de\/cms\/wp-content\/uploads\/2025\/08\/CHW-Bluemerle-Ruede1-3.-Tag-1.jpg 1000w\" sizes=\"auto, (max-width: 577px) 100vw, 577px\" \/><\/a><\/figure>\n<\/figure>\n\n\n\n<figure class=\"wp-block-image size-large is-style-rounded\"><a href=\"https:\/\/collies-vom-floersbachtal.de\/cms\/wp-content\/uploads\/2025\/08\/1.-Ruede1-CHW-Bluemerle-am-2.-Tag-1.jpg\"><img loading=\"lazy\" decoding=\"async\" width=\"820\" height=\"1024\" src=\"https:\/\/collies-vom-floersbachtal.de\/cms\/wp-content\/uploads\/2025\/08\/1.-Ruede1-CHW-Bluemerle-am-2.-Tag-1-820x1024.jpg\" alt=\"\" class=\"wp-image-51765\" srcset=\"https:\/\/collies-vom-floersbachtal.de\/cms\/wp-content\/uploads\/2025\/08\/1.-Ruede1-CHW-Bluemerle-am-2.-Tag-1-820x1024.jpg 820w, https:\/\/collies-vom-floersbachtal.de\/cms\/wp-content\/uploads\/2025\/08\/1.-Ruede1-CHW-Bluemerle-am-2.-Tag-1-240x300.jpg 240w, https:\/\/collies-vom-floersbachtal.de\/cms\/wp-content\/uploads\/2025\/08\/1.-Ruede1-CHW-Bluemerle-am-2.-Tag-1-768x959.jpg 768w, https:\/\/collies-vom-floersbachtal.de\/cms\/wp-content\/uploads\/2025\/08\/1.-Ruede1-CHW-Bluemerle-am-2.-Tag-1.jpg 1000w\" sizes=\"auto, (max-width: 820px) 100vw, 820px\" \/><\/a><\/figure>\n\n\n\n<h2 class=\"wp-block-heading\"><strong>17.08.25 Blue frisch geboren<\/strong><\/h2>\n\n\n\n<figure class=\"wp-block-gallery has-nested-images columns-default is-cropped wp-block-gallery-9 is-layout-flex wp-block-gallery-is-layout-flex\">\n<figure class=\"wp-block-image size-large\"><a href=\"https:\/\/collies-vom-floersbachtal.de\/cms\/wp-content\/uploads\/2025\/08\/1.-Ruede2-CHW-Bluemerle-scaled.jpg\"><img loading=\"lazy\" decoding=\"async\" width=\"577\" height=\"1024\" data-id=\"51613\" src=\"https:\/\/collies-vom-floersbachtal.de\/cms\/wp-content\/uploads\/2025\/08\/1.-Ruede2-CHW-Bluemerle-577x1024.jpg\" alt=\"\" class=\"wp-image-51613\" srcset=\"https:\/\/collies-vom-floersbachtal.de\/cms\/wp-content\/uploads\/2025\/08\/1.-Ruede2-CHW-Bluemerle-577x1024.jpg 577w, https:\/\/collies-vom-floersbachtal.de\/cms\/wp-content\/uploads\/2025\/08\/1.-Ruede2-CHW-Bluemerle-169x300.jpg 169w, https:\/\/collies-vom-floersbachtal.de\/cms\/wp-content\/uploads\/2025\/08\/1.-Ruede2-CHW-Bluemerle-768x1364.jpg 768w, https:\/\/collies-vom-floersbachtal.de\/cms\/wp-content\/uploads\/2025\/08\/1.-Ruede2-CHW-Bluemerle-865x1536.jpg 865w, https:\/\/collies-vom-floersbachtal.de\/cms\/wp-content\/uploads\/2025\/08\/1.-Ruede2-CHW-Bluemerle-1153x2048.jpg 1153w, https:\/\/collies-vom-floersbachtal.de\/cms\/wp-content\/uploads\/2025\/08\/1.-Ruede2-CHW-Bluemerle-scaled.jpg 1442w\" sizes=\"auto, (max-width: 577px) 100vw, 577px\" \/><\/a><\/figure>\n\n\n\n<figure class=\"wp-block-image size-large\"><a href=\"https:\/\/collies-vom-floersbachtal.de\/cms\/wp-content\/uploads\/2025\/08\/1.-Ruede1-CHW-Bluemerle-scaled.jpg\"><img loading=\"lazy\" decoding=\"async\" width=\"577\" height=\"1024\" data-id=\"51612\" src=\"https:\/\/collies-vom-floersbachtal.de\/cms\/wp-content\/uploads\/2025\/08\/1.-Ruede1-CHW-Bluemerle-577x1024.jpg\" alt=\"\" class=\"wp-image-51612\" srcset=\"https:\/\/collies-vom-floersbachtal.de\/cms\/wp-content\/uploads\/2025\/08\/1.-Ruede1-CHW-Bluemerle-577x1024.jpg 577w, https:\/\/collies-vom-floersbachtal.de\/cms\/wp-content\/uploads\/2025\/08\/1.-Ruede1-CHW-Bluemerle-169x300.jpg 169w, https:\/\/collies-vom-floersbachtal.de\/cms\/wp-content\/uploads\/2025\/08\/1.-Ruede1-CHW-Bluemerle-768x1364.jpg 768w, https:\/\/collies-vom-floersbachtal.de\/cms\/wp-content\/uploads\/2025\/08\/1.-Ruede1-CHW-Bluemerle-865x1536.jpg 865w, https:\/\/collies-vom-floersbachtal.de\/cms\/wp-content\/uploads\/2025\/08\/1.-Ruede1-CHW-Bluemerle-1153x2048.jpg 1153w, https:\/\/collies-vom-floersbachtal.de\/cms\/wp-content\/uploads\/2025\/08\/1.-Ruede1-CHW-Bluemerle-scaled.jpg 1442w\" sizes=\"auto, (max-width: 577px) 100vw, 577px\" \/><\/a><\/figure>\n<\/figure>\n\n\n\n<figure class=\"wp-block-gallery has-nested-images columns-default is-cropped wp-block-gallery-10 is-layout-flex wp-block-gallery-is-layout-flex\">\n<figure class=\"wp-block-image size-large\"><a href=\"https:\/\/collies-vom-floersbachtal.de\/cms\/wp-content\/uploads\/2025\/08\/1.-Ruede3-CHW-Bluemerle.jpg\"><img loading=\"lazy\" decoding=\"async\" width=\"1024\" height=\"869\" data-id=\"51611\" src=\"https:\/\/collies-vom-floersbachtal.de\/cms\/wp-content\/uploads\/2025\/08\/1.-Ruede3-CHW-Bluemerle-1024x869.jpg\" alt=\"\" class=\"wp-image-51611\" srcset=\"https:\/\/collies-vom-floersbachtal.de\/cms\/wp-content\/uploads\/2025\/08\/1.-Ruede3-CHW-Bluemerle-1024x869.jpg 1024w, https:\/\/collies-vom-floersbachtal.de\/cms\/wp-content\/uploads\/2025\/08\/1.-Ruede3-CHW-Bluemerle-300x255.jpg 300w, https:\/\/collies-vom-floersbachtal.de\/cms\/wp-content\/uploads\/2025\/08\/1.-Ruede3-CHW-Bluemerle-768x652.jpg 768w, https:\/\/collies-vom-floersbachtal.de\/cms\/wp-content\/uploads\/2025\/08\/1.-Ruede3-CHW-Bluemerle-1536x1304.jpg 1536w, https:\/\/collies-vom-floersbachtal.de\/cms\/wp-content\/uploads\/2025\/08\/1.-Ruede3-CHW-Bluemerle-2048x1738.jpg 2048w\" sizes=\"auto, (max-width: 1024px) 100vw, 1024px\" \/><\/a><\/figure>\n<\/figure>\n\n\n\n<p><strong>\u201e2. Welpe \u201c<\/strong> <strong>Obi-Wan<\/strong> <strong>CHW\/ Tricolor R\u00fcde 8:04 Uhr 397 g (L\u00f6we- Aszendent L\u00f6we)<\/strong> und im chinesischen ein Holz Schlange <strong>ausgezogen und bleibt gaaaanz in der N\u00e4he \ud83d\ude42<\/strong><\/p>\n\n\n\n<p><strong>MDR1&nbsp; +\/+,&nbsp; oder &nbsp;+\/-, &nbsp; &nbsp;GCS&nbsp; N\/N,&nbsp; &nbsp; &nbsp;PRA&nbsp; N\/N,&nbsp; &nbsp; DMS aa bb,<\/strong> <strong>oder aa Bb<\/strong> <strong> low risk<\/strong>     <\/p>\n\n\n\n<h2 class=\"wp-block-heading\"><strong>11.10.25<\/strong> <strong>&#8222;Obi-Wan&#8220;, 8  Wochen alt, 5450 g<\/strong><\/h2>\n\n\n\n<figure class=\"wp-block-image size-large is-style-rounded\"><a href=\"https:\/\/collies-vom-floersbachtal.de\/cms\/wp-content\/uploads\/2025\/10\/Obi-Wan1-Auszug-8-Wochen-1.jpg\"><img loading=\"lazy\" decoding=\"async\" width=\"576\" height=\"1024\" src=\"https:\/\/collies-vom-floersbachtal.de\/cms\/wp-content\/uploads\/2025\/10\/Obi-Wan1-Auszug-8-Wochen-1-576x1024.jpg\" alt=\"\" class=\"wp-image-52901\" srcset=\"https:\/\/collies-vom-floersbachtal.de\/cms\/wp-content\/uploads\/2025\/10\/Obi-Wan1-Auszug-8-Wochen-1-576x1024.jpg 576w, https:\/\/collies-vom-floersbachtal.de\/cms\/wp-content\/uploads\/2025\/10\/Obi-Wan1-Auszug-8-Wochen-1-169x300.jpg 169w, https:\/\/collies-vom-floersbachtal.de\/cms\/wp-content\/uploads\/2025\/10\/Obi-Wan1-Auszug-8-Wochen-1-768x1364.jpg 768w, https:\/\/collies-vom-floersbachtal.de\/cms\/wp-content\/uploads\/2025\/10\/Obi-Wan1-Auszug-8-Wochen-1.jpg 800w\" sizes=\"auto, (max-width: 576px) 100vw, 576px\" \/><\/a><\/figure>\n\n\n\n<h2 class=\"wp-block-heading\"><strong>05.10.25<\/strong> <strong>&#8222;Obi-Wan&#8220;, 7  Wochen alt, 4850 g<\/strong><\/h2>\n\n\n\n<figure class=\"wp-block-image size-large is-style-rounded\"><a href=\"https:\/\/collies-vom-floersbachtal.de\/cms\/wp-content\/uploads\/2025\/10\/Obi-Wan1-7-Wochen.jpg\"><img loading=\"lazy\" decoding=\"async\" width=\"1024\" height=\"879\" src=\"https:\/\/collies-vom-floersbachtal.de\/cms\/wp-content\/uploads\/2025\/10\/Obi-Wan1-7-Wochen-1024x879.jpg\" alt=\"\" class=\"wp-image-52704\" srcset=\"https:\/\/collies-vom-floersbachtal.de\/cms\/wp-content\/uploads\/2025\/10\/Obi-Wan1-7-Wochen-1024x879.jpg 1024w, https:\/\/collies-vom-floersbachtal.de\/cms\/wp-content\/uploads\/2025\/10\/Obi-Wan1-7-Wochen-300x257.jpg 300w, https:\/\/collies-vom-floersbachtal.de\/cms\/wp-content\/uploads\/2025\/10\/Obi-Wan1-7-Wochen-768x659.jpg 768w, https:\/\/collies-vom-floersbachtal.de\/cms\/wp-content\/uploads\/2025\/10\/Obi-Wan1-7-Wochen-1536x1318.jpg 1536w, https:\/\/collies-vom-floersbachtal.de\/cms\/wp-content\/uploads\/2025\/10\/Obi-Wan1-7-Wochen.jpg 1901w\" sizes=\"auto, (max-width: 1024px) 100vw, 1024px\" \/><\/a><\/figure>\n\n\n\n<figure class=\"wp-block-gallery has-nested-images columns-default is-cropped wp-block-gallery-11 is-layout-flex wp-block-gallery-is-layout-flex\">\n<figure class=\"wp-block-image size-large\"><a href=\"https:\/\/collies-vom-floersbachtal.de\/cms\/wp-content\/uploads\/2025\/10\/Obi-Wan3-7-Wochen-scaled.jpg\"><img loading=\"lazy\" decoding=\"async\" width=\"1024\" height=\"597\" data-id=\"52708\" src=\"https:\/\/collies-vom-floersbachtal.de\/cms\/wp-content\/uploads\/2025\/10\/Obi-Wan3-7-Wochen-1024x597.jpg\" alt=\"\" class=\"wp-image-52708\" srcset=\"https:\/\/collies-vom-floersbachtal.de\/cms\/wp-content\/uploads\/2025\/10\/Obi-Wan3-7-Wochen-1024x597.jpg 1024w, https:\/\/collies-vom-floersbachtal.de\/cms\/wp-content\/uploads\/2025\/10\/Obi-Wan3-7-Wochen-300x175.jpg 300w, https:\/\/collies-vom-floersbachtal.de\/cms\/wp-content\/uploads\/2025\/10\/Obi-Wan3-7-Wochen-768x448.jpg 768w, https:\/\/collies-vom-floersbachtal.de\/cms\/wp-content\/uploads\/2025\/10\/Obi-Wan3-7-Wochen-1536x895.jpg 1536w, https:\/\/collies-vom-floersbachtal.de\/cms\/wp-content\/uploads\/2025\/10\/Obi-Wan3-7-Wochen-2048x1194.jpg 2048w\" sizes=\"auto, (max-width: 1024px) 100vw, 1024px\" \/><\/a><\/figure>\n\n\n\n<figure class=\"wp-block-image size-large\"><a href=\"https:\/\/collies-vom-floersbachtal.de\/cms\/wp-content\/uploads\/2025\/10\/Joey-und-Obi-Wan1.jpg\"><img loading=\"lazy\" decoding=\"async\" width=\"1024\" height=\"997\" data-id=\"52705\" src=\"https:\/\/collies-vom-floersbachtal.de\/cms\/wp-content\/uploads\/2025\/10\/Joey-und-Obi-Wan1-1024x997.jpg\" alt=\"\" class=\"wp-image-52705\" srcset=\"https:\/\/collies-vom-floersbachtal.de\/cms\/wp-content\/uploads\/2025\/10\/Joey-und-Obi-Wan1-1024x997.jpg 1024w, https:\/\/collies-vom-floersbachtal.de\/cms\/wp-content\/uploads\/2025\/10\/Joey-und-Obi-Wan1-300x292.jpg 300w, https:\/\/collies-vom-floersbachtal.de\/cms\/wp-content\/uploads\/2025\/10\/Joey-und-Obi-Wan1-768x748.jpg 768w, https:\/\/collies-vom-floersbachtal.de\/cms\/wp-content\/uploads\/2025\/10\/Joey-und-Obi-Wan1-1536x1495.jpg 1536w, https:\/\/collies-vom-floersbachtal.de\/cms\/wp-content\/uploads\/2025\/10\/Joey-und-Obi-Wan1-2048x1993.jpg 2048w\" sizes=\"auto, (max-width: 1024px) 100vw, 1024px\" \/><\/a><\/figure>\n\n\n\n<figure class=\"wp-block-image size-large\"><a href=\"https:\/\/collies-vom-floersbachtal.de\/cms\/wp-content\/uploads\/2025\/10\/Loey-und-Obi-Wan1-7-W-scaled.jpg\"><img loading=\"lazy\" decoding=\"async\" width=\"949\" height=\"1024\" data-id=\"52706\" src=\"https:\/\/collies-vom-floersbachtal.de\/cms\/wp-content\/uploads\/2025\/10\/Loey-und-Obi-Wan1-7-W-949x1024.jpg\" alt=\"\" class=\"wp-image-52706\" srcset=\"https:\/\/collies-vom-floersbachtal.de\/cms\/wp-content\/uploads\/2025\/10\/Loey-und-Obi-Wan1-7-W-949x1024.jpg 949w, https:\/\/collies-vom-floersbachtal.de\/cms\/wp-content\/uploads\/2025\/10\/Loey-und-Obi-Wan1-7-W-278x300.jpg 278w, https:\/\/collies-vom-floersbachtal.de\/cms\/wp-content\/uploads\/2025\/10\/Loey-und-Obi-Wan1-7-W-768x829.jpg 768w, https:\/\/collies-vom-floersbachtal.de\/cms\/wp-content\/uploads\/2025\/10\/Loey-und-Obi-Wan1-7-W-1423x1536.jpg 1423w, https:\/\/collies-vom-floersbachtal.de\/cms\/wp-content\/uploads\/2025\/10\/Loey-und-Obi-Wan1-7-W-1897x2048.jpg 1897w\" sizes=\"auto, (max-width: 949px) 100vw, 949px\" \/><\/a><\/figure>\n\n\n\n<figure class=\"wp-block-image size-large is-style-rounded\"><a href=\"https:\/\/collies-vom-floersbachtal.de\/cms\/wp-content\/uploads\/2025\/10\/Obi-Wan2-7-Wochen-scaled.jpg\"><img loading=\"lazy\" decoding=\"async\" width=\"668\" height=\"1024\" data-id=\"52707\" src=\"https:\/\/collies-vom-floersbachtal.de\/cms\/wp-content\/uploads\/2025\/10\/Obi-Wan2-7-Wochen-668x1024.jpg\" alt=\"\" class=\"wp-image-52707\" srcset=\"https:\/\/collies-vom-floersbachtal.de\/cms\/wp-content\/uploads\/2025\/10\/Obi-Wan2-7-Wochen-668x1024.jpg 668w, https:\/\/collies-vom-floersbachtal.de\/cms\/wp-content\/uploads\/2025\/10\/Obi-Wan2-7-Wochen-196x300.jpg 196w, https:\/\/collies-vom-floersbachtal.de\/cms\/wp-content\/uploads\/2025\/10\/Obi-Wan2-7-Wochen-768x1177.jpg 768w, https:\/\/collies-vom-floersbachtal.de\/cms\/wp-content\/uploads\/2025\/10\/Obi-Wan2-7-Wochen-1002x1536.jpg 1002w, https:\/\/collies-vom-floersbachtal.de\/cms\/wp-content\/uploads\/2025\/10\/Obi-Wan2-7-Wochen-1336x2048.jpg 1336w, https:\/\/collies-vom-floersbachtal.de\/cms\/wp-content\/uploads\/2025\/10\/Obi-Wan2-7-Wochen-scaled.jpg 1670w\" sizes=\"auto, (max-width: 668px) 100vw, 668px\" \/><\/a><\/figure>\n<\/figure>\n\n\n\n<h2 class=\"wp-block-heading\"><strong>28.09.25<\/strong> <strong>&#8222;Obi-Wan&#8220;, 6  Wochen alt, 4340 g<\/strong><\/h2>\n\n\n\n<figure class=\"wp-block-image size-large is-style-rounded\"><a href=\"https:\/\/collies-vom-floersbachtal.de\/cms\/wp-content\/uploads\/2025\/09\/Obi-Wan1-6-Wochen.jpg\"><img loading=\"lazy\" decoding=\"async\" width=\"665\" height=\"1024\" src=\"https:\/\/collies-vom-floersbachtal.de\/cms\/wp-content\/uploads\/2025\/09\/Obi-Wan1-6-Wochen-665x1024.jpg\" alt=\"\" class=\"wp-image-52491\" srcset=\"https:\/\/collies-vom-floersbachtal.de\/cms\/wp-content\/uploads\/2025\/09\/Obi-Wan1-6-Wochen-665x1024.jpg 665w, https:\/\/collies-vom-floersbachtal.de\/cms\/wp-content\/uploads\/2025\/09\/Obi-Wan1-6-Wochen-195x300.jpg 195w, https:\/\/collies-vom-floersbachtal.de\/cms\/wp-content\/uploads\/2025\/09\/Obi-Wan1-6-Wochen-768x1182.jpg 768w, https:\/\/collies-vom-floersbachtal.de\/cms\/wp-content\/uploads\/2025\/09\/Obi-Wan1-6-Wochen.jpg 800w\" sizes=\"auto, (max-width: 665px) 100vw, 665px\" \/><\/a><\/figure>\n\n\n\n<h2 class=\"wp-block-heading\"><strong>20.09.25<\/strong> <strong>&#8222;Obi-Wan&#8220;, 5  Wochen alt, 3160 g<\/strong><\/h2>\n\n\n\n<figure class=\"wp-block-image size-full\"><a href=\"https:\/\/collies-vom-floersbachtal.de\/cms\/wp-content\/uploads\/2025\/09\/Obi-Wan3-5-Wochen-1.jpg\"><img loading=\"lazy\" decoding=\"async\" width=\"800\" height=\"608\" src=\"https:\/\/collies-vom-floersbachtal.de\/cms\/wp-content\/uploads\/2025\/09\/Obi-Wan3-5-Wochen-1.jpg\" alt=\"\" class=\"wp-image-52359\" srcset=\"https:\/\/collies-vom-floersbachtal.de\/cms\/wp-content\/uploads\/2025\/09\/Obi-Wan3-5-Wochen-1.jpg 800w, https:\/\/collies-vom-floersbachtal.de\/cms\/wp-content\/uploads\/2025\/09\/Obi-Wan3-5-Wochen-1-300x228.jpg 300w, https:\/\/collies-vom-floersbachtal.de\/cms\/wp-content\/uploads\/2025\/09\/Obi-Wan3-5-Wochen-1-768x584.jpg 768w\" sizes=\"auto, (max-width: 800px) 100vw, 800px\" \/><\/a><\/figure>\n\n\n\n<h2 class=\"wp-block-heading\"><strong>14.09.25<\/strong> <strong>&#8222;Obi-Wan&#8220;, 4  Wochen alt, 2444 g<\/strong><\/h2>\n\n\n\n<figure class=\"wp-block-image size-large is-style-rounded\"><a href=\"https:\/\/collies-vom-floersbachtal.de\/cms\/wp-content\/uploads\/2025\/09\/Obi-Wan7-4-Wochen.jpg\"><img loading=\"lazy\" decoding=\"async\" width=\"1024\" height=\"768\" src=\"https:\/\/collies-vom-floersbachtal.de\/cms\/wp-content\/uploads\/2025\/09\/Obi-Wan7-4-Wochen-1024x768.jpg\" alt=\"\" class=\"wp-image-52267\" srcset=\"https:\/\/collies-vom-floersbachtal.de\/cms\/wp-content\/uploads\/2025\/09\/Obi-Wan7-4-Wochen-1024x768.jpg 1024w, https:\/\/collies-vom-floersbachtal.de\/cms\/wp-content\/uploads\/2025\/09\/Obi-Wan7-4-Wochen-300x225.jpg 300w, https:\/\/collies-vom-floersbachtal.de\/cms\/wp-content\/uploads\/2025\/09\/Obi-Wan7-4-Wochen-768x576.jpg 768w, https:\/\/collies-vom-floersbachtal.de\/cms\/wp-content\/uploads\/2025\/09\/Obi-Wan7-4-Wochen.jpg 1280w\" sizes=\"auto, (max-width: 1024px) 100vw, 1024px\" \/><\/a><\/figure>\n\n\n\n<h2 class=\"wp-block-heading\"><strong>07.09.25<\/strong> <strong>&#8222;Obi-Wan&#8220;, 3  Wochen alt, 1650 g<\/strong><\/h2>\n\n\n\n<figure class=\"wp-block-image size-full is-style-rounded\"><a href=\"https:\/\/collies-vom-floersbachtal.de\/cms\/wp-content\/uploads\/2025\/09\/Obi-Wan2-3-Wochen.jpg\"><img loading=\"lazy\" decoding=\"async\" width=\"800\" height=\"862\" src=\"https:\/\/collies-vom-floersbachtal.de\/cms\/wp-content\/uploads\/2025\/09\/Obi-Wan2-3-Wochen.jpg\" alt=\"\" class=\"wp-image-52148\" srcset=\"https:\/\/collies-vom-floersbachtal.de\/cms\/wp-content\/uploads\/2025\/09\/Obi-Wan2-3-Wochen.jpg 800w, https:\/\/collies-vom-floersbachtal.de\/cms\/wp-content\/uploads\/2025\/09\/Obi-Wan2-3-Wochen-278x300.jpg 278w, https:\/\/collies-vom-floersbachtal.de\/cms\/wp-content\/uploads\/2025\/09\/Obi-Wan2-3-Wochen-768x828.jpg 768w\" sizes=\"auto, (max-width: 800px) 100vw, 800px\" \/><\/a><\/figure>\n\n\n\n<figure class=\"wp-block-gallery has-nested-images columns-default is-cropped wp-block-gallery-12 is-layout-flex wp-block-gallery-is-layout-flex\">\n<figure class=\"wp-block-image size-large\"><a href=\"https:\/\/collies-vom-floersbachtal.de\/cms\/wp-content\/uploads\/2025\/09\/Obi-Wan4-3-Wochen.jpg\"><img loading=\"lazy\" decoding=\"async\" width=\"800\" height=\"902\" data-id=\"52149\" src=\"https:\/\/collies-vom-floersbachtal.de\/cms\/wp-content\/uploads\/2025\/09\/Obi-Wan4-3-Wochen.jpg\" alt=\"\" class=\"wp-image-52149\" srcset=\"https:\/\/collies-vom-floersbachtal.de\/cms\/wp-content\/uploads\/2025\/09\/Obi-Wan4-3-Wochen.jpg 800w, https:\/\/collies-vom-floersbachtal.de\/cms\/wp-content\/uploads\/2025\/09\/Obi-Wan4-3-Wochen-266x300.jpg 266w, https:\/\/collies-vom-floersbachtal.de\/cms\/wp-content\/uploads\/2025\/09\/Obi-Wan4-3-Wochen-768x866.jpg 768w\" sizes=\"auto, (max-width: 800px) 100vw, 800px\" \/><\/a><\/figure>\n\n\n\n<figure class=\"wp-block-image size-large\"><a href=\"https:\/\/collies-vom-floersbachtal.de\/cms\/wp-content\/uploads\/2025\/09\/Obi-Wan-und-Joey1-3-Wochen.jpg\"><img loading=\"lazy\" decoding=\"async\" width=\"800\" height=\"803\" data-id=\"52152\" src=\"https:\/\/collies-vom-floersbachtal.de\/cms\/wp-content\/uploads\/2025\/09\/Obi-Wan-und-Joey1-3-Wochen.jpg\" alt=\"\" class=\"wp-image-52152\" srcset=\"https:\/\/collies-vom-floersbachtal.de\/cms\/wp-content\/uploads\/2025\/09\/Obi-Wan-und-Joey1-3-Wochen.jpg 800w, https:\/\/collies-vom-floersbachtal.de\/cms\/wp-content\/uploads\/2025\/09\/Obi-Wan-und-Joey1-3-Wochen-300x300.jpg 300w, https:\/\/collies-vom-floersbachtal.de\/cms\/wp-content\/uploads\/2025\/09\/Obi-Wan-und-Joey1-3-Wochen-150x150.jpg 150w, https:\/\/collies-vom-floersbachtal.de\/cms\/wp-content\/uploads\/2025\/09\/Obi-Wan-und-Joey1-3-Wochen-768x771.jpg 768w\" sizes=\"auto, (max-width: 800px) 100vw, 800px\" \/><\/a><\/figure>\n\n\n\n<figure class=\"wp-block-image size-large is-style-rounded\"><a href=\"https:\/\/collies-vom-floersbachtal.de\/cms\/wp-content\/uploads\/2025\/09\/Obi-Wan3-3-Wochen.jpg\"><img loading=\"lazy\" decoding=\"async\" width=\"800\" height=\"908\" data-id=\"52150\" src=\"https:\/\/collies-vom-floersbachtal.de\/cms\/wp-content\/uploads\/2025\/09\/Obi-Wan3-3-Wochen.jpg\" alt=\"\" class=\"wp-image-52150\" srcset=\"https:\/\/collies-vom-floersbachtal.de\/cms\/wp-content\/uploads\/2025\/09\/Obi-Wan3-3-Wochen.jpg 800w, https:\/\/collies-vom-floersbachtal.de\/cms\/wp-content\/uploads\/2025\/09\/Obi-Wan3-3-Wochen-264x300.jpg 264w, https:\/\/collies-vom-floersbachtal.de\/cms\/wp-content\/uploads\/2025\/09\/Obi-Wan3-3-Wochen-768x872.jpg 768w\" sizes=\"auto, (max-width: 800px) 100vw, 800px\" \/><\/a><\/figure>\n<\/figure>\n\n\n\n<figure class=\"wp-block-gallery has-nested-images columns-default is-cropped wp-block-gallery-13 is-layout-flex wp-block-gallery-is-layout-flex\">\n<figure class=\"wp-block-image size-large\"><a href=\"https:\/\/collies-vom-floersbachtal.de\/cms\/wp-content\/uploads\/2025\/09\/Brueder-unter-sich1-3-Wochen.jpg\"><img loading=\"lazy\" decoding=\"async\" width=\"576\" height=\"1024\" data-id=\"52178\" src=\"https:\/\/collies-vom-floersbachtal.de\/cms\/wp-content\/uploads\/2025\/09\/Brueder-unter-sich1-3-Wochen-576x1024.jpg\" alt=\"\" class=\"wp-image-52178\" srcset=\"https:\/\/collies-vom-floersbachtal.de\/cms\/wp-content\/uploads\/2025\/09\/Brueder-unter-sich1-3-Wochen-576x1024.jpg 576w, https:\/\/collies-vom-floersbachtal.de\/cms\/wp-content\/uploads\/2025\/09\/Brueder-unter-sich1-3-Wochen-169x300.jpg 169w, https:\/\/collies-vom-floersbachtal.de\/cms\/wp-content\/uploads\/2025\/09\/Brueder-unter-sich1-3-Wochen-768x1364.jpg 768w, https:\/\/collies-vom-floersbachtal.de\/cms\/wp-content\/uploads\/2025\/09\/Brueder-unter-sich1-3-Wochen.jpg 800w\" sizes=\"auto, (max-width: 576px) 100vw, 576px\" \/><\/a><\/figure>\n\n\n\n<figure class=\"wp-block-image size-large\"><a href=\"https:\/\/collies-vom-floersbachtal.de\/cms\/wp-content\/uploads\/2025\/09\/Alle5-2-3-Wochen-1.jpg\"><img loading=\"lazy\" decoding=\"async\" width=\"395\" height=\"1024\" data-id=\"52179\" src=\"https:\/\/collies-vom-floersbachtal.de\/cms\/wp-content\/uploads\/2025\/09\/Alle5-2-3-Wochen-1-395x1024.jpg\" alt=\"\" class=\"wp-image-52179\" srcset=\"https:\/\/collies-vom-floersbachtal.de\/cms\/wp-content\/uploads\/2025\/09\/Alle5-2-3-Wochen-1-395x1024.jpg 395w, https:\/\/collies-vom-floersbachtal.de\/cms\/wp-content\/uploads\/2025\/09\/Alle5-2-3-Wochen-1-116x300.jpg 116w, https:\/\/collies-vom-floersbachtal.de\/cms\/wp-content\/uploads\/2025\/09\/Alle5-2-3-Wochen-1-768x1991.jpg 768w, https:\/\/collies-vom-floersbachtal.de\/cms\/wp-content\/uploads\/2025\/09\/Alle5-2-3-Wochen-1-592x1536.jpg 592w, https:\/\/collies-vom-floersbachtal.de\/cms\/wp-content\/uploads\/2025\/09\/Alle5-2-3-Wochen-1-790x2048.jpg 790w, https:\/\/collies-vom-floersbachtal.de\/cms\/wp-content\/uploads\/2025\/09\/Alle5-2-3-Wochen-1.jpg 800w\" sizes=\"auto, (max-width: 395px) 100vw, 395px\" \/><\/a><\/figure>\n<\/figure>\n\n\n\n<figure class=\"wp-block-image size-large\"><a href=\"https:\/\/collies-vom-floersbachtal.de\/cms\/wp-content\/uploads\/2025\/09\/Obi-Wan1-3-Wochen-1.jpg\"><img loading=\"lazy\" decoding=\"async\" width=\"768\" height=\"1024\" src=\"https:\/\/collies-vom-floersbachtal.de\/cms\/wp-content\/uploads\/2025\/09\/Obi-Wan1-3-Wochen-1-768x1024.jpg\" alt=\"\" class=\"wp-image-52180\" srcset=\"https:\/\/collies-vom-floersbachtal.de\/cms\/wp-content\/uploads\/2025\/09\/Obi-Wan1-3-Wochen-1-768x1024.jpg 768w, https:\/\/collies-vom-floersbachtal.de\/cms\/wp-content\/uploads\/2025\/09\/Obi-Wan1-3-Wochen-1-225x300.jpg 225w, https:\/\/collies-vom-floersbachtal.de\/cms\/wp-content\/uploads\/2025\/09\/Obi-Wan1-3-Wochen-1.jpg 1000w\" sizes=\"auto, (max-width: 768px) 100vw, 768px\" \/><\/a><\/figure>\n\n\n\n<h2 class=\"wp-block-heading\"><strong>31.08.25 &#8222;Obi-Wan&#8220;, 2 Wochen alt, 1052 g<\/strong><\/h2>\n\n\n\n<figure class=\"wp-block-image size-large is-style-rounded\"><a href=\"https:\/\/collies-vom-floersbachtal.de\/cms\/wp-content\/uploads\/2025\/08\/Obiwan3-3.-Woche.jpg\"><img loading=\"lazy\" decoding=\"async\" width=\"702\" height=\"1024\" src=\"https:\/\/collies-vom-floersbachtal.de\/cms\/wp-content\/uploads\/2025\/08\/Obiwan3-3.-Woche-702x1024.jpg\" alt=\"\" class=\"wp-image-52028\" srcset=\"https:\/\/collies-vom-floersbachtal.de\/cms\/wp-content\/uploads\/2025\/08\/Obiwan3-3.-Woche-702x1024.jpg 702w, https:\/\/collies-vom-floersbachtal.de\/cms\/wp-content\/uploads\/2025\/08\/Obiwan3-3.-Woche-206x300.jpg 206w, https:\/\/collies-vom-floersbachtal.de\/cms\/wp-content\/uploads\/2025\/08\/Obiwan3-3.-Woche-768x1120.jpg 768w, https:\/\/collies-vom-floersbachtal.de\/cms\/wp-content\/uploads\/2025\/08\/Obiwan3-3.-Woche.jpg 1000w\" sizes=\"auto, (max-width: 702px) 100vw, 702px\" \/><\/a><\/figure>\n\n\n\n<figure class=\"wp-block-gallery has-nested-images columns-default is-cropped wp-block-gallery-14 is-layout-flex wp-block-gallery-is-layout-flex\">\n<figure class=\"wp-block-image size-large\"><a href=\"https:\/\/collies-vom-floersbachtal.de\/cms\/wp-content\/uploads\/2025\/08\/Obiwan1-12-tage.jpg\"><img loading=\"lazy\" decoding=\"async\" width=\"992\" height=\"947\" data-id=\"52029\" src=\"https:\/\/collies-vom-floersbachtal.de\/cms\/wp-content\/uploads\/2025\/08\/Obiwan1-12-tage.jpg\" alt=\"\" class=\"wp-image-52029\" srcset=\"https:\/\/collies-vom-floersbachtal.de\/cms\/wp-content\/uploads\/2025\/08\/Obiwan1-12-tage.jpg 992w, https:\/\/collies-vom-floersbachtal.de\/cms\/wp-content\/uploads\/2025\/08\/Obiwan1-12-tage-300x286.jpg 300w, https:\/\/collies-vom-floersbachtal.de\/cms\/wp-content\/uploads\/2025\/08\/Obiwan1-12-tage-768x733.jpg 768w\" sizes=\"auto, (max-width: 992px) 100vw, 992px\" \/><\/a><\/figure>\n\n\n\n<figure class=\"wp-block-image size-large\"><a href=\"https:\/\/collies-vom-floersbachtal.de\/cms\/wp-content\/uploads\/2025\/08\/Mama-und-Obiwan2-3.-Woche.jpg\"><img loading=\"lazy\" decoding=\"async\" width=\"577\" height=\"1024\" data-id=\"52031\" src=\"https:\/\/collies-vom-floersbachtal.de\/cms\/wp-content\/uploads\/2025\/08\/Mama-und-Obiwan2-3.-Woche-577x1024.jpg\" alt=\"\" class=\"wp-image-52031\" srcset=\"https:\/\/collies-vom-floersbachtal.de\/cms\/wp-content\/uploads\/2025\/08\/Mama-und-Obiwan2-3.-Woche-577x1024.jpg 577w, https:\/\/collies-vom-floersbachtal.de\/cms\/wp-content\/uploads\/2025\/08\/Mama-und-Obiwan2-3.-Woche-169x300.jpg 169w, https:\/\/collies-vom-floersbachtal.de\/cms\/wp-content\/uploads\/2025\/08\/Mama-und-Obiwan2-3.-Woche-768x1364.jpg 768w, https:\/\/collies-vom-floersbachtal.de\/cms\/wp-content\/uploads\/2025\/08\/Mama-und-Obiwan2-3.-Woche-865x1536.jpg 865w, https:\/\/collies-vom-floersbachtal.de\/cms\/wp-content\/uploads\/2025\/08\/Mama-und-Obiwan2-3.-Woche.jpg 1000w\" sizes=\"auto, (max-width: 577px) 100vw, 577px\" \/><\/a><\/figure>\n\n\n\n<figure class=\"wp-block-image size-large\"><a href=\"https:\/\/collies-vom-floersbachtal.de\/cms\/wp-content\/uploads\/2025\/08\/Obiwan1-3.-Woche.jpg\"><img loading=\"lazy\" decoding=\"async\" width=\"685\" height=\"1024\" data-id=\"52030\" src=\"https:\/\/collies-vom-floersbachtal.de\/cms\/wp-content\/uploads\/2025\/08\/Obiwan1-3.-Woche-685x1024.jpg\" alt=\"\" class=\"wp-image-52030\" srcset=\"https:\/\/collies-vom-floersbachtal.de\/cms\/wp-content\/uploads\/2025\/08\/Obiwan1-3.-Woche-685x1024.jpg 685w, https:\/\/collies-vom-floersbachtal.de\/cms\/wp-content\/uploads\/2025\/08\/Obiwan1-3.-Woche-201x300.jpg 201w, https:\/\/collies-vom-floersbachtal.de\/cms\/wp-content\/uploads\/2025\/08\/Obiwan1-3.-Woche.jpg 700w\" sizes=\"auto, (max-width: 685px) 100vw, 685px\" \/><\/a><\/figure>\n<\/figure>\n\n\n\n<h2 class=\"wp-block-heading\"><strong>24.08.25 Obi-Wan, 1 Woche alt, 640 g<\/strong><\/h2>\n\n\n\n<figure class=\"wp-block-image size-full\"><a href=\"https:\/\/collies-vom-floersbachtal.de\/cms\/wp-content\/uploads\/2025\/08\/Obiwan1-9-Tage-alt.jpg\"><img loading=\"lazy\" decoding=\"async\" width=\"1000\" height=\"703\" src=\"https:\/\/collies-vom-floersbachtal.de\/cms\/wp-content\/uploads\/2025\/08\/Obiwan1-9-Tage-alt.jpg\" alt=\"\" class=\"wp-image-51995\" srcset=\"https:\/\/collies-vom-floersbachtal.de\/cms\/wp-content\/uploads\/2025\/08\/Obiwan1-9-Tage-alt.jpg 1000w, https:\/\/collies-vom-floersbachtal.de\/cms\/wp-content\/uploads\/2025\/08\/Obiwan1-9-Tage-alt-300x211.jpg 300w, https:\/\/collies-vom-floersbachtal.de\/cms\/wp-content\/uploads\/2025\/08\/Obiwan1-9-Tage-alt-768x540.jpg 768w\" sizes=\"auto, (max-width: 1000px) 100vw, 1000px\" \/><\/a><\/figure>\n\n\n\n<figure class=\"wp-block-gallery has-nested-images columns-default is-cropped wp-block-gallery-15 is-layout-flex wp-block-gallery-is-layout-flex\">\n<figure class=\"wp-block-image size-large is-style-rounded\"><a href=\"https:\/\/collies-vom-floersbachtal.de\/cms\/wp-content\/uploads\/2025\/08\/Obiwan2-1-Woche-alt.jpg\"><img loading=\"lazy\" decoding=\"async\" width=\"800\" height=\"1002\" data-id=\"51866\" src=\"https:\/\/collies-vom-floersbachtal.de\/cms\/wp-content\/uploads\/2025\/08\/Obiwan2-1-Woche-alt.jpg\" alt=\"\" class=\"wp-image-51866\" srcset=\"https:\/\/collies-vom-floersbachtal.de\/cms\/wp-content\/uploads\/2025\/08\/Obiwan2-1-Woche-alt.jpg 800w, https:\/\/collies-vom-floersbachtal.de\/cms\/wp-content\/uploads\/2025\/08\/Obiwan2-1-Woche-alt-240x300.jpg 240w, https:\/\/collies-vom-floersbachtal.de\/cms\/wp-content\/uploads\/2025\/08\/Obiwan2-1-Woche-alt-768x962.jpg 768w\" sizes=\"auto, (max-width: 800px) 100vw, 800px\" \/><\/a><\/figure>\n<\/figure>\n\n\n\n<figure class=\"wp-block-gallery has-nested-images columns-default is-cropped wp-block-gallery-16 is-layout-flex wp-block-gallery-is-layout-flex\">\n<figure class=\"wp-block-image size-large\"><a href=\"https:\/\/collies-vom-floersbachtal.de\/cms\/wp-content\/uploads\/2025\/08\/Obiwan1-1-Woche-alt.jpg\"><img loading=\"lazy\" decoding=\"async\" width=\"1000\" height=\"888\" data-id=\"51868\" src=\"https:\/\/collies-vom-floersbachtal.de\/cms\/wp-content\/uploads\/2025\/08\/Obiwan1-1-Woche-alt.jpg\" alt=\"\" class=\"wp-image-51868\" srcset=\"https:\/\/collies-vom-floersbachtal.de\/cms\/wp-content\/uploads\/2025\/08\/Obiwan1-1-Woche-alt.jpg 1000w, https:\/\/collies-vom-floersbachtal.de\/cms\/wp-content\/uploads\/2025\/08\/Obiwan1-1-Woche-alt-300x266.jpg 300w, https:\/\/collies-vom-floersbachtal.de\/cms\/wp-content\/uploads\/2025\/08\/Obiwan1-1-Woche-alt-768x682.jpg 768w\" sizes=\"auto, (max-width: 1000px) 100vw, 1000px\" \/><\/a><\/figure>\n\n\n\n<figure class=\"wp-block-image size-large\"><a href=\"https:\/\/collies-vom-floersbachtal.de\/cms\/wp-content\/uploads\/2025\/08\/Obiwan3-1-Woche-alt.jpg\"><img loading=\"lazy\" decoding=\"async\" width=\"800\" height=\"878\" data-id=\"51867\" src=\"https:\/\/collies-vom-floersbachtal.de\/cms\/wp-content\/uploads\/2025\/08\/Obiwan3-1-Woche-alt.jpg\" alt=\"\" class=\"wp-image-51867\" srcset=\"https:\/\/collies-vom-floersbachtal.de\/cms\/wp-content\/uploads\/2025\/08\/Obiwan3-1-Woche-alt.jpg 800w, https:\/\/collies-vom-floersbachtal.de\/cms\/wp-content\/uploads\/2025\/08\/Obiwan3-1-Woche-alt-273x300.jpg 273w, https:\/\/collies-vom-floersbachtal.de\/cms\/wp-content\/uploads\/2025\/08\/Obiwan3-1-Woche-alt-768x843.jpg 768w\" sizes=\"auto, (max-width: 800px) 100vw, 800px\" \/><\/a><\/figure>\n\n\n\n<figure class=\"wp-block-image size-large\"><a href=\"https:\/\/collies-vom-floersbachtal.de\/cms\/wp-content\/uploads\/2025\/08\/CHW-Trico1-3.-Tag-3.jpg\"><img loading=\"lazy\" decoding=\"async\" width=\"577\" height=\"1024\" data-id=\"51870\" src=\"https:\/\/collies-vom-floersbachtal.de\/cms\/wp-content\/uploads\/2025\/08\/CHW-Trico1-3.-Tag-3-577x1024.jpg\" alt=\"\" class=\"wp-image-51870\" srcset=\"https:\/\/collies-vom-floersbachtal.de\/cms\/wp-content\/uploads\/2025\/08\/CHW-Trico1-3.-Tag-3-577x1024.jpg 577w, https:\/\/collies-vom-floersbachtal.de\/cms\/wp-content\/uploads\/2025\/08\/CHW-Trico1-3.-Tag-3-169x300.jpg 169w, https:\/\/collies-vom-floersbachtal.de\/cms\/wp-content\/uploads\/2025\/08\/CHW-Trico1-3.-Tag-3-768x1364.jpg 768w, https:\/\/collies-vom-floersbachtal.de\/cms\/wp-content\/uploads\/2025\/08\/CHW-Trico1-3.-Tag-3-865x1536.jpg 865w, https:\/\/collies-vom-floersbachtal.de\/cms\/wp-content\/uploads\/2025\/08\/CHW-Trico1-3.-Tag-3.jpg 1000w\" sizes=\"auto, (max-width: 577px) 100vw, 577px\" \/><\/a><\/figure>\n\n\n\n<figure class=\"wp-block-image size-large\"><a href=\"https:\/\/collies-vom-floersbachtal.de\/cms\/wp-content\/uploads\/2025\/08\/CHWs-1-7.-Tag-1-scaled.jpg\"><img loading=\"lazy\" decoding=\"async\" width=\"831\" height=\"1024\" data-id=\"51871\" src=\"https:\/\/collies-vom-floersbachtal.de\/cms\/wp-content\/uploads\/2025\/08\/CHWs-1-7.-Tag-1-831x1024.jpg\" alt=\"\" class=\"wp-image-51871\" srcset=\"https:\/\/collies-vom-floersbachtal.de\/cms\/wp-content\/uploads\/2025\/08\/CHWs-1-7.-Tag-1-831x1024.jpg 831w, https:\/\/collies-vom-floersbachtal.de\/cms\/wp-content\/uploads\/2025\/08\/CHWs-1-7.-Tag-1-244x300.jpg 244w, https:\/\/collies-vom-floersbachtal.de\/cms\/wp-content\/uploads\/2025\/08\/CHWs-1-7.-Tag-1-768x946.jpg 768w, https:\/\/collies-vom-floersbachtal.de\/cms\/wp-content\/uploads\/2025\/08\/CHWs-1-7.-Tag-1-1247x1536.jpg 1247w, https:\/\/collies-vom-floersbachtal.de\/cms\/wp-content\/uploads\/2025\/08\/CHWs-1-7.-Tag-1-1663x2048.jpg 1663w\" sizes=\"auto, (max-width: 831px) 100vw, 831px\" \/><\/a><\/figure>\n\n\n\n<figure class=\"wp-block-image size-large\"><a href=\"https:\/\/collies-vom-floersbachtal.de\/cms\/wp-content\/uploads\/2025\/08\/CHW-Trico1-7.-Tag.jpg\"><img loading=\"lazy\" decoding=\"async\" width=\"618\" height=\"1024\" data-id=\"51869\" src=\"https:\/\/collies-vom-floersbachtal.de\/cms\/wp-content\/uploads\/2025\/08\/CHW-Trico1-7.-Tag-618x1024.jpg\" alt=\"\" class=\"wp-image-51869\" srcset=\"https:\/\/collies-vom-floersbachtal.de\/cms\/wp-content\/uploads\/2025\/08\/CHW-Trico1-7.-Tag-618x1024.jpg 618w, https:\/\/collies-vom-floersbachtal.de\/cms\/wp-content\/uploads\/2025\/08\/CHW-Trico1-7.-Tag-181x300.jpg 181w, https:\/\/collies-vom-floersbachtal.de\/cms\/wp-content\/uploads\/2025\/08\/CHW-Trico1-7.-Tag-768x1273.jpg 768w, https:\/\/collies-vom-floersbachtal.de\/cms\/wp-content\/uploads\/2025\/08\/CHW-Trico1-7.-Tag-927x1536.jpg 927w, https:\/\/collies-vom-floersbachtal.de\/cms\/wp-content\/uploads\/2025\/08\/CHW-Trico1-7.-Tag.jpg 1000w\" sizes=\"auto, (max-width: 618px) 100vw, 618px\" \/><\/a><\/figure>\n<\/figure>\n\n\n\n<figure class=\"wp-block-gallery has-nested-images columns-default is-cropped wp-block-gallery-17 is-layout-flex wp-block-gallery-is-layout-flex\">\n<figure class=\"wp-block-image size-large is-style-rounded\"><a href=\"https:\/\/collies-vom-floersbachtal.de\/cms\/wp-content\/uploads\/2025\/08\/CHW-Trico1-3.-Tag-1.jpg\"><img loading=\"lazy\" decoding=\"async\" width=\"577\" height=\"1024\" data-id=\"51762\" src=\"https:\/\/collies-vom-floersbachtal.de\/cms\/wp-content\/uploads\/2025\/08\/CHW-Trico1-3.-Tag-1-577x1024.jpg\" alt=\"\" class=\"wp-image-51762\" srcset=\"https:\/\/collies-vom-floersbachtal.de\/cms\/wp-content\/uploads\/2025\/08\/CHW-Trico1-3.-Tag-1-577x1024.jpg 577w, https:\/\/collies-vom-floersbachtal.de\/cms\/wp-content\/uploads\/2025\/08\/CHW-Trico1-3.-Tag-1-169x300.jpg 169w, https:\/\/collies-vom-floersbachtal.de\/cms\/wp-content\/uploads\/2025\/08\/CHW-Trico1-3.-Tag-1-768x1364.jpg 768w, https:\/\/collies-vom-floersbachtal.de\/cms\/wp-content\/uploads\/2025\/08\/CHW-Trico1-3.-Tag-1-865x1536.jpg 865w, https:\/\/collies-vom-floersbachtal.de\/cms\/wp-content\/uploads\/2025\/08\/CHW-Trico1-3.-Tag-1.jpg 1000w\" sizes=\"auto, (max-width: 577px) 100vw, 577px\" \/><\/a><\/figure>\n<\/figure>\n\n\n\n<h2 class=\"wp-block-heading\"><strong>17.08.25. Obi-Wan frisch geboren<\/strong><\/h2>\n\n\n\n<figure class=\"wp-block-gallery has-nested-images columns-default is-cropped wp-block-gallery-18 is-layout-flex wp-block-gallery-is-layout-flex\">\n<figure class=\"wp-block-image size-large\"><a href=\"https:\/\/collies-vom-floersbachtal.de\/cms\/wp-content\/uploads\/2025\/08\/2.-Ruede2-CHW-Trico-scaled.jpg\"><img loading=\"lazy\" decoding=\"async\" width=\"577\" height=\"1024\" data-id=\"51615\" src=\"https:\/\/collies-vom-floersbachtal.de\/cms\/wp-content\/uploads\/2025\/08\/2.-Ruede2-CHW-Trico-577x1024.jpg\" alt=\"\" class=\"wp-image-51615\" srcset=\"https:\/\/collies-vom-floersbachtal.de\/cms\/wp-content\/uploads\/2025\/08\/2.-Ruede2-CHW-Trico-577x1024.jpg 577w, https:\/\/collies-vom-floersbachtal.de\/cms\/wp-content\/uploads\/2025\/08\/2.-Ruede2-CHW-Trico-169x300.jpg 169w, https:\/\/collies-vom-floersbachtal.de\/cms\/wp-content\/uploads\/2025\/08\/2.-Ruede2-CHW-Trico-768x1364.jpg 768w, https:\/\/collies-vom-floersbachtal.de\/cms\/wp-content\/uploads\/2025\/08\/2.-Ruede2-CHW-Trico-865x1536.jpg 865w, https:\/\/collies-vom-floersbachtal.de\/cms\/wp-content\/uploads\/2025\/08\/2.-Ruede2-CHW-Trico-1153x2048.jpg 1153w, https:\/\/collies-vom-floersbachtal.de\/cms\/wp-content\/uploads\/2025\/08\/2.-Ruede2-CHW-Trico-scaled.jpg 1442w\" sizes=\"auto, (max-width: 577px) 100vw, 577px\" \/><\/a><\/figure>\n\n\n\n<figure class=\"wp-block-image size-large\"><a href=\"https:\/\/collies-vom-floersbachtal.de\/cms\/wp-content\/uploads\/2025\/08\/2.-Ruede1-CHW-Trico-scaled.jpg\"><img loading=\"lazy\" decoding=\"async\" width=\"577\" height=\"1024\" data-id=\"51614\" src=\"https:\/\/collies-vom-floersbachtal.de\/cms\/wp-content\/uploads\/2025\/08\/2.-Ruede1-CHW-Trico-577x1024.jpg\" alt=\"\" class=\"wp-image-51614\" srcset=\"https:\/\/collies-vom-floersbachtal.de\/cms\/wp-content\/uploads\/2025\/08\/2.-Ruede1-CHW-Trico-577x1024.jpg 577w, https:\/\/collies-vom-floersbachtal.de\/cms\/wp-content\/uploads\/2025\/08\/2.-Ruede1-CHW-Trico-169x300.jpg 169w, https:\/\/collies-vom-floersbachtal.de\/cms\/wp-content\/uploads\/2025\/08\/2.-Ruede1-CHW-Trico-768x1364.jpg 768w, https:\/\/collies-vom-floersbachtal.de\/cms\/wp-content\/uploads\/2025\/08\/2.-Ruede1-CHW-Trico-865x1536.jpg 865w, https:\/\/collies-vom-floersbachtal.de\/cms\/wp-content\/uploads\/2025\/08\/2.-Ruede1-CHW-Trico-1153x2048.jpg 1153w, https:\/\/collies-vom-floersbachtal.de\/cms\/wp-content\/uploads\/2025\/08\/2.-Ruede1-CHW-Trico-scaled.jpg 1442w\" sizes=\"auto, (max-width: 577px) 100vw, 577px\" \/><\/a><\/figure>\n<\/figure>\n\n\n\n<p><strong>\u201e3. Welpe \u201c<\/strong> <strong>Only you &#8222;Joey&#8220;<\/strong>, <strong>Dark-Sable\/White 9:30 Uhr R\u00fcde 386 g (L\u00f6we- Aszendent L\u00f6we)<\/strong> und im chinesischen ein Holz Schlange <strong> ausgezogen<\/strong><\/p>\n\n\n\n<p><strong>MDR1 +\/+,&nbsp; &nbsp; &nbsp; CEA +\/+, &nbsp; &nbsp;DM&nbsp; +\/+,&nbsp; oder &nbsp;+\/-, &nbsp; &nbsp;GCS&nbsp; N\/N,&nbsp; &nbsp; &nbsp;PRA&nbsp; N\/N,&nbsp; &nbsp; DMS aa bb,<\/strong> <strong>oder aa Bb<\/strong> <strong> low risk<\/strong>  <\/p>\n\n\n\n<p><\/p>\n\n\n\n<h2 class=\"wp-block-heading\"><strong>12.10.25 &#8222;Joey&#8220;, 8 Wochen alt, 5340 g<\/strong><\/h2>\n\n\n\n<figure class=\"wp-block-image size-full is-style-rounded\"><a href=\"https:\/\/collies-vom-floersbachtal.de\/cms\/wp-content\/uploads\/2025\/10\/Joey5-8-Wochen-1.jpg\"><img loading=\"lazy\" decoding=\"async\" width=\"800\" height=\"1023\" src=\"https:\/\/collies-vom-floersbachtal.de\/cms\/wp-content\/uploads\/2025\/10\/Joey5-8-Wochen-1.jpg\" alt=\"\" class=\"wp-image-52903\" srcset=\"https:\/\/collies-vom-floersbachtal.de\/cms\/wp-content\/uploads\/2025\/10\/Joey5-8-Wochen-1.jpg 800w, https:\/\/collies-vom-floersbachtal.de\/cms\/wp-content\/uploads\/2025\/10\/Joey5-8-Wochen-1-235x300.jpg 235w, https:\/\/collies-vom-floersbachtal.de\/cms\/wp-content\/uploads\/2025\/10\/Joey5-8-Wochen-1-768x982.jpg 768w\" sizes=\"auto, (max-width: 800px) 100vw, 800px\" \/><\/a><\/figure>\n\n\n\n<h2 class=\"wp-block-heading\"><strong>05.10.25 &#8222;Joey&#8220;, 7 Wochen alt, 4730 g<\/strong><\/h2>\n\n\n\n<figure class=\"wp-block-image size-large is-style-rounded\"><a href=\"https:\/\/collies-vom-floersbachtal.de\/cms\/wp-content\/uploads\/2025\/10\/Joey1-7-Wochen.jpg\"><img loading=\"lazy\" decoding=\"async\" width=\"1024\" height=\"882\" src=\"https:\/\/collies-vom-floersbachtal.de\/cms\/wp-content\/uploads\/2025\/10\/Joey1-7-Wochen-1024x882.jpg\" alt=\"\" class=\"wp-image-52710\" srcset=\"https:\/\/collies-vom-floersbachtal.de\/cms\/wp-content\/uploads\/2025\/10\/Joey1-7-Wochen-1024x882.jpg 1024w, https:\/\/collies-vom-floersbachtal.de\/cms\/wp-content\/uploads\/2025\/10\/Joey1-7-Wochen-300x258.jpg 300w, https:\/\/collies-vom-floersbachtal.de\/cms\/wp-content\/uploads\/2025\/10\/Joey1-7-Wochen-768x661.jpg 768w, https:\/\/collies-vom-floersbachtal.de\/cms\/wp-content\/uploads\/2025\/10\/Joey1-7-Wochen-1536x1323.jpg 1536w, https:\/\/collies-vom-floersbachtal.de\/cms\/wp-content\/uploads\/2025\/10\/Joey1-7-Wochen-2048x1763.jpg 2048w\" sizes=\"auto, (max-width: 1024px) 100vw, 1024px\" \/><\/a><\/figure>\n\n\n\n<h2 class=\"wp-block-heading\"><strong>28.09.25 &#8222;Joey&#8220;, 6 Wochen alt, 4200 g<\/strong><\/h2>\n\n\n\n<figure class=\"wp-block-image size-large is-style-rounded\"><a href=\"https:\/\/collies-vom-floersbachtal.de\/cms\/wp-content\/uploads\/2025\/09\/Joey1-6-Wochen.jpg\"><img loading=\"lazy\" decoding=\"async\" width=\"741\" height=\"1024\" src=\"https:\/\/collies-vom-floersbachtal.de\/cms\/wp-content\/uploads\/2025\/09\/Joey1-6-Wochen-741x1024.jpg\" alt=\"\" class=\"wp-image-52494\" srcset=\"https:\/\/collies-vom-floersbachtal.de\/cms\/wp-content\/uploads\/2025\/09\/Joey1-6-Wochen-741x1024.jpg 741w, https:\/\/collies-vom-floersbachtal.de\/cms\/wp-content\/uploads\/2025\/09\/Joey1-6-Wochen-217x300.jpg 217w, https:\/\/collies-vom-floersbachtal.de\/cms\/wp-content\/uploads\/2025\/09\/Joey1-6-Wochen-768x1061.jpg 768w, https:\/\/collies-vom-floersbachtal.de\/cms\/wp-content\/uploads\/2025\/09\/Joey1-6-Wochen.jpg 800w\" sizes=\"auto, (max-width: 741px) 100vw, 741px\" \/><\/a><\/figure>\n\n\n\n<h2 class=\"wp-block-heading\"><strong>20.09.25 &#8222;Joey&#8220;, 5 Wochen alt, 3000 g<\/strong><\/h2>\n\n\n\n<figure class=\"wp-block-image size-full is-style-rounded\"><a href=\"https:\/\/collies-vom-floersbachtal.de\/cms\/wp-content\/uploads\/2025\/09\/Joey2-5-Wochen-alt.jpg\"><img loading=\"lazy\" decoding=\"async\" width=\"1000\" height=\"738\" src=\"https:\/\/collies-vom-floersbachtal.de\/cms\/wp-content\/uploads\/2025\/09\/Joey2-5-Wochen-alt.jpg\" alt=\"\" class=\"wp-image-52360\" srcset=\"https:\/\/collies-vom-floersbachtal.de\/cms\/wp-content\/uploads\/2025\/09\/Joey2-5-Wochen-alt.jpg 1000w, https:\/\/collies-vom-floersbachtal.de\/cms\/wp-content\/uploads\/2025\/09\/Joey2-5-Wochen-alt-300x221.jpg 300w, https:\/\/collies-vom-floersbachtal.de\/cms\/wp-content\/uploads\/2025\/09\/Joey2-5-Wochen-alt-768x567.jpg 768w\" sizes=\"auto, (max-width: 1000px) 100vw, 1000px\" \/><\/a><\/figure>\n\n\n\n<h2 class=\"wp-block-heading\"><strong>14.09.25 &#8222;Joey&#8220;, 4 Wochen alt, 2500 g<\/strong><\/h2>\n\n\n\n<figure class=\"wp-block-image size-large is-style-rounded\"><a href=\"https:\/\/collies-vom-floersbachtal.de\/cms\/wp-content\/uploads\/2025\/09\/Joey1-4-W.jpg\"><img loading=\"lazy\" decoding=\"async\" width=\"1024\" height=\"884\" src=\"https:\/\/collies-vom-floersbachtal.de\/cms\/wp-content\/uploads\/2025\/09\/Joey1-4-W-1024x884.jpg\" alt=\"\" class=\"wp-image-52268\" srcset=\"https:\/\/collies-vom-floersbachtal.de\/cms\/wp-content\/uploads\/2025\/09\/Joey1-4-W-1024x884.jpg 1024w, https:\/\/collies-vom-floersbachtal.de\/cms\/wp-content\/uploads\/2025\/09\/Joey1-4-W-300x259.jpg 300w, https:\/\/collies-vom-floersbachtal.de\/cms\/wp-content\/uploads\/2025\/09\/Joey1-4-W-768x663.jpg 768w, https:\/\/collies-vom-floersbachtal.de\/cms\/wp-content\/uploads\/2025\/09\/Joey1-4-W-1536x1326.jpg 1536w, https:\/\/collies-vom-floersbachtal.de\/cms\/wp-content\/uploads\/2025\/09\/Joey1-4-W.jpg 1936w\" sizes=\"auto, (max-width: 1024px) 100vw, 1024px\" \/><\/a><\/figure>\n\n\n\n<h2 class=\"wp-block-heading\"><strong>07.09.25 &#8222;Joey&#8220;, 3 Wochen alt, 1690 g<\/strong><\/h2>\n\n\n\n<figure class=\"wp-block-image size-large is-style-rounded\"><a href=\"https:\/\/collies-vom-floersbachtal.de\/cms\/wp-content\/uploads\/2025\/09\/Joey3-3-Wochen.jpg\"><img loading=\"lazy\" decoding=\"async\" width=\"768\" height=\"1024\" src=\"https:\/\/collies-vom-floersbachtal.de\/cms\/wp-content\/uploads\/2025\/09\/Joey3-3-Wochen-768x1024.jpg\" alt=\"\" class=\"wp-image-52154\" srcset=\"https:\/\/collies-vom-floersbachtal.de\/cms\/wp-content\/uploads\/2025\/09\/Joey3-3-Wochen-768x1024.jpg 768w, https:\/\/collies-vom-floersbachtal.de\/cms\/wp-content\/uploads\/2025\/09\/Joey3-3-Wochen-225x300.jpg 225w, https:\/\/collies-vom-floersbachtal.de\/cms\/wp-content\/uploads\/2025\/09\/Joey3-3-Wochen.jpg 1000w\" sizes=\"auto, (max-width: 768px) 100vw, 768px\" \/><\/a><\/figure>\n\n\n\n<figure class=\"wp-block-gallery has-nested-images columns-default is-cropped wp-block-gallery-19 is-layout-flex wp-block-gallery-is-layout-flex\">\n<figure class=\"wp-block-image size-large\"><a href=\"https:\/\/collies-vom-floersbachtal.de\/cms\/wp-content\/uploads\/2025\/09\/Joey2-3-Wochen.jpg\"><img loading=\"lazy\" decoding=\"async\" width=\"768\" height=\"1024\" data-id=\"52156\" src=\"https:\/\/collies-vom-floersbachtal.de\/cms\/wp-content\/uploads\/2025\/09\/Joey2-3-Wochen-768x1024.jpg\" alt=\"\" class=\"wp-image-52156\" srcset=\"https:\/\/collies-vom-floersbachtal.de\/cms\/wp-content\/uploads\/2025\/09\/Joey2-3-Wochen-768x1024.jpg 768w, https:\/\/collies-vom-floersbachtal.de\/cms\/wp-content\/uploads\/2025\/09\/Joey2-3-Wochen-225x300.jpg 225w, https:\/\/collies-vom-floersbachtal.de\/cms\/wp-content\/uploads\/2025\/09\/Joey2-3-Wochen.jpg 1000w\" sizes=\"auto, (max-width: 768px) 100vw, 768px\" \/><\/a><\/figure>\n\n\n\n<figure class=\"wp-block-image size-large\"><a href=\"https:\/\/collies-vom-floersbachtal.de\/cms\/wp-content\/uploads\/2025\/09\/Joey1-3-Wochen.jpg\"><img loading=\"lazy\" decoding=\"async\" width=\"800\" height=\"1020\" data-id=\"52155\" src=\"https:\/\/collies-vom-floersbachtal.de\/cms\/wp-content\/uploads\/2025\/09\/Joey1-3-Wochen.jpg\" alt=\"\" class=\"wp-image-52155\" srcset=\"https:\/\/collies-vom-floersbachtal.de\/cms\/wp-content\/uploads\/2025\/09\/Joey1-3-Wochen.jpg 800w, https:\/\/collies-vom-floersbachtal.de\/cms\/wp-content\/uploads\/2025\/09\/Joey1-3-Wochen-235x300.jpg 235w, https:\/\/collies-vom-floersbachtal.de\/cms\/wp-content\/uploads\/2025\/09\/Joey1-3-Wochen-768x979.jpg 768w\" sizes=\"auto, (max-width: 800px) 100vw, 800px\" \/><\/a><\/figure>\n<\/figure>\n\n\n\n<figure class=\"wp-block-gallery has-nested-images columns-default is-cropped wp-block-gallery-20 is-layout-flex wp-block-gallery-is-layout-flex\">\n<figure class=\"wp-block-image size-large\"><a href=\"https:\/\/collies-vom-floersbachtal.de\/cms\/wp-content\/uploads\/2025\/09\/Alle4-2-3-Wochen.jpg\"><img loading=\"lazy\" decoding=\"async\" width=\"800\" height=\"478\" data-id=\"52174\" src=\"https:\/\/collies-vom-floersbachtal.de\/cms\/wp-content\/uploads\/2025\/09\/Alle4-2-3-Wochen.jpg\" alt=\"\" class=\"wp-image-52174\" srcset=\"https:\/\/collies-vom-floersbachtal.de\/cms\/wp-content\/uploads\/2025\/09\/Alle4-2-3-Wochen.jpg 800w, https:\/\/collies-vom-floersbachtal.de\/cms\/wp-content\/uploads\/2025\/09\/Alle4-2-3-Wochen-300x179.jpg 300w, https:\/\/collies-vom-floersbachtal.de\/cms\/wp-content\/uploads\/2025\/09\/Alle4-2-3-Wochen-768x459.jpg 768w\" sizes=\"auto, (max-width: 800px) 100vw, 800px\" \/><\/a><\/figure>\n<\/figure>\n\n\n\n<figure class=\"wp-block-gallery has-nested-images columns-default is-cropped wp-block-gallery-21 is-layout-flex wp-block-gallery-is-layout-flex\">\n<figure class=\"wp-block-image size-large\"><a href=\"https:\/\/collies-vom-floersbachtal.de\/cms\/wp-content\/uploads\/2025\/09\/Alle5-mit-Brei1-3-Wochen.jpg\"><img loading=\"lazy\" decoding=\"async\" width=\"800\" height=\"499\" data-id=\"52175\" src=\"https:\/\/collies-vom-floersbachtal.de\/cms\/wp-content\/uploads\/2025\/09\/Alle5-mit-Brei1-3-Wochen.jpg\" alt=\"\" class=\"wp-image-52175\" srcset=\"https:\/\/collies-vom-floersbachtal.de\/cms\/wp-content\/uploads\/2025\/09\/Alle5-mit-Brei1-3-Wochen.jpg 800w, https:\/\/collies-vom-floersbachtal.de\/cms\/wp-content\/uploads\/2025\/09\/Alle5-mit-Brei1-3-Wochen-300x187.jpg 300w, https:\/\/collies-vom-floersbachtal.de\/cms\/wp-content\/uploads\/2025\/09\/Alle5-mit-Brei1-3-Wochen-768x479.jpg 768w\" sizes=\"auto, (max-width: 800px) 100vw, 800px\" \/><\/a><\/figure>\n<\/figure>\n\n\n\n<figure class=\"wp-block-gallery has-nested-images columns-default is-cropped wp-block-gallery-22 is-layout-flex wp-block-gallery-is-layout-flex\">\n<figure class=\"wp-block-image size-large\"><a href=\"https:\/\/collies-vom-floersbachtal.de\/cms\/wp-content\/uploads\/2025\/09\/Alle5-3-3-Wochen.jpg\"><img loading=\"lazy\" decoding=\"async\" width=\"800\" height=\"304\" data-id=\"52176\" src=\"https:\/\/collies-vom-floersbachtal.de\/cms\/wp-content\/uploads\/2025\/09\/Alle5-3-3-Wochen.jpg\" alt=\"\" class=\"wp-image-52176\" srcset=\"https:\/\/collies-vom-floersbachtal.de\/cms\/wp-content\/uploads\/2025\/09\/Alle5-3-3-Wochen.jpg 800w, https:\/\/collies-vom-floersbachtal.de\/cms\/wp-content\/uploads\/2025\/09\/Alle5-3-3-Wochen-300x114.jpg 300w, https:\/\/collies-vom-floersbachtal.de\/cms\/wp-content\/uploads\/2025\/09\/Alle5-3-3-Wochen-768x292.jpg 768w\" sizes=\"auto, (max-width: 800px) 100vw, 800px\" \/><\/a><figcaption class=\"wp-element-caption\"><strong>Clo neu eingeweiht?<\/strong><\/figcaption><\/figure>\n<\/figure>\n\n\n\n<h2 class=\"wp-block-heading\"><strong>31.08.25  &#8222;Joey&#8220;, 2 Wochen alt, 1079 g<\/strong><\/h2>\n\n\n\n<figure class=\"wp-block-gallery has-nested-images columns-default is-cropped wp-block-gallery-23 is-layout-flex wp-block-gallery-is-layout-flex\">\n<figure class=\"wp-block-image size-large is-style-rounded\"><a href=\"https:\/\/collies-vom-floersbachtal.de\/cms\/wp-content\/uploads\/2025\/08\/Alle1-3.-Woche.jpg\"><img loading=\"lazy\" decoding=\"async\" width=\"700\" height=\"715\" data-id=\"52033\" src=\"https:\/\/collies-vom-floersbachtal.de\/cms\/wp-content\/uploads\/2025\/08\/Alle1-3.-Woche.jpg\" alt=\"\" class=\"wp-image-52033\" srcset=\"https:\/\/collies-vom-floersbachtal.de\/cms\/wp-content\/uploads\/2025\/08\/Alle1-3.-Woche.jpg 700w, https:\/\/collies-vom-floersbachtal.de\/cms\/wp-content\/uploads\/2025\/08\/Alle1-3.-Woche-294x300.jpg 294w\" sizes=\"auto, (max-width: 700px) 100vw, 700px\" \/><\/a><\/figure>\n<\/figure>\n\n\n\n<figure class=\"wp-block-gallery has-nested-images columns-default is-cropped wp-block-gallery-24 is-layout-flex wp-block-gallery-is-layout-flex\">\n<figure class=\"wp-block-image size-large\"><a href=\"https:\/\/collies-vom-floersbachtal.de\/cms\/wp-content\/uploads\/2025\/08\/Joey-und-Yuki1-3.-Woche-1.jpg\"><img loading=\"lazy\" decoding=\"async\" width=\"700\" height=\"899\" data-id=\"52034\" src=\"https:\/\/collies-vom-floersbachtal.de\/cms\/wp-content\/uploads\/2025\/08\/Joey-und-Yuki1-3.-Woche-1.jpg\" alt=\"\" class=\"wp-image-52034\" srcset=\"https:\/\/collies-vom-floersbachtal.de\/cms\/wp-content\/uploads\/2025\/08\/Joey-und-Yuki1-3.-Woche-1.jpg 700w, https:\/\/collies-vom-floersbachtal.de\/cms\/wp-content\/uploads\/2025\/08\/Joey-und-Yuki1-3.-Woche-1-234x300.jpg 234w\" sizes=\"auto, (max-width: 700px) 100vw, 700px\" \/><\/a><\/figure>\n\n\n\n<figure class=\"wp-block-image size-large\"><a href=\"https:\/\/collies-vom-floersbachtal.de\/cms\/wp-content\/uploads\/2025\/08\/Die-Maedels-und-Joey4-3.-Woche.jpg\"><img loading=\"lazy\" decoding=\"async\" width=\"1000\" height=\"778\" data-id=\"52035\" src=\"https:\/\/collies-vom-floersbachtal.de\/cms\/wp-content\/uploads\/2025\/08\/Die-Maedels-und-Joey4-3.-Woche.jpg\" alt=\"\" class=\"wp-image-52035\" srcset=\"https:\/\/collies-vom-floersbachtal.de\/cms\/wp-content\/uploads\/2025\/08\/Die-Maedels-und-Joey4-3.-Woche.jpg 1000w, https:\/\/collies-vom-floersbachtal.de\/cms\/wp-content\/uploads\/2025\/08\/Die-Maedels-und-Joey4-3.-Woche-300x233.jpg 300w, https:\/\/collies-vom-floersbachtal.de\/cms\/wp-content\/uploads\/2025\/08\/Die-Maedels-und-Joey4-3.-Woche-768x598.jpg 768w\" sizes=\"auto, (max-width: 1000px) 100vw, 1000px\" \/><\/a><\/figure>\n<\/figure>\n\n\n\n<h2 class=\"wp-block-heading\"><strong>24.08.25  &#8222;Joey&#8220;, 1 Woche alt, 604 g<\/strong><\/h2>\n\n\n\n<figure class=\"wp-block-image size-large is-style-rounded\"><a href=\"https:\/\/collies-vom-floersbachtal.de\/cms\/wp-content\/uploads\/2025\/08\/Joey2-1-Woche-alt.jpg\"><img loading=\"lazy\" decoding=\"async\" width=\"804\" height=\"1024\" src=\"https:\/\/collies-vom-floersbachtal.de\/cms\/wp-content\/uploads\/2025\/08\/Joey2-1-Woche-alt-804x1024.jpg\" alt=\"\" class=\"wp-image-51926\" srcset=\"https:\/\/collies-vom-floersbachtal.de\/cms\/wp-content\/uploads\/2025\/08\/Joey2-1-Woche-alt-804x1024.jpg 804w, https:\/\/collies-vom-floersbachtal.de\/cms\/wp-content\/uploads\/2025\/08\/Joey2-1-Woche-alt-236x300.jpg 236w, https:\/\/collies-vom-floersbachtal.de\/cms\/wp-content\/uploads\/2025\/08\/Joey2-1-Woche-alt-768x978.jpg 768w, https:\/\/collies-vom-floersbachtal.de\/cms\/wp-content\/uploads\/2025\/08\/Joey2-1-Woche-alt.jpg 1000w\" sizes=\"auto, (max-width: 804px) 100vw, 804px\" \/><\/a><\/figure>\n\n\n\n<figure class=\"wp-block-gallery has-nested-images columns-default is-cropped wp-block-gallery-25 is-layout-flex wp-block-gallery-is-layout-flex\">\n<figure class=\"wp-block-image size-large is-style-rounded\"><a href=\"https:\/\/collies-vom-floersbachtal.de\/cms\/wp-content\/uploads\/2025\/08\/Joey1-1-Woche-alt-scaled.jpg\"><img loading=\"lazy\" decoding=\"async\" width=\"701\" height=\"1024\" data-id=\"51873\" src=\"https:\/\/collies-vom-floersbachtal.de\/cms\/wp-content\/uploads\/2025\/08\/Joey1-1-Woche-alt-701x1024.jpg\" alt=\"\" class=\"wp-image-51873\" srcset=\"https:\/\/collies-vom-floersbachtal.de\/cms\/wp-content\/uploads\/2025\/08\/Joey1-1-Woche-alt-701x1024.jpg 701w, https:\/\/collies-vom-floersbachtal.de\/cms\/wp-content\/uploads\/2025\/08\/Joey1-1-Woche-alt-205x300.jpg 205w, https:\/\/collies-vom-floersbachtal.de\/cms\/wp-content\/uploads\/2025\/08\/Joey1-1-Woche-alt-768x1123.jpg 768w, https:\/\/collies-vom-floersbachtal.de\/cms\/wp-content\/uploads\/2025\/08\/Joey1-1-Woche-alt-1051x1536.jpg 1051w, https:\/\/collies-vom-floersbachtal.de\/cms\/wp-content\/uploads\/2025\/08\/Joey1-1-Woche-alt-1401x2048.jpg 1401w, https:\/\/collies-vom-floersbachtal.de\/cms\/wp-content\/uploads\/2025\/08\/Joey1-1-Woche-alt-scaled.jpg 1751w\" sizes=\"auto, (max-width: 701px) 100vw, 701px\" \/><\/a><\/figure>\n<\/figure>\n\n\n\n<figure class=\"wp-block-gallery has-nested-images columns-default is-cropped wp-block-gallery-26 is-layout-flex wp-block-gallery-is-layout-flex\">\n<figure class=\"wp-block-image size-full\"><a href=\"https:\/\/collies-vom-floersbachtal.de\/cms\/wp-content\/uploads\/2025\/08\/Tara2-und-die-Kids-6.-Tag.jpg\"><img loading=\"lazy\" decoding=\"async\" width=\"1000\" height=\"835\" data-id=\"51875\" src=\"https:\/\/collies-vom-floersbachtal.de\/cms\/wp-content\/uploads\/2025\/08\/Tara2-und-die-Kids-6.-Tag.jpg\" alt=\"\" class=\"wp-image-51875\" srcset=\"https:\/\/collies-vom-floersbachtal.de\/cms\/wp-content\/uploads\/2025\/08\/Tara2-und-die-Kids-6.-Tag.jpg 1000w, https:\/\/collies-vom-floersbachtal.de\/cms\/wp-content\/uploads\/2025\/08\/Tara2-und-die-Kids-6.-Tag-300x251.jpg 300w, https:\/\/collies-vom-floersbachtal.de\/cms\/wp-content\/uploads\/2025\/08\/Tara2-und-die-Kids-6.-Tag-768x641.jpg 768w\" sizes=\"auto, (max-width: 1000px) 100vw, 1000px\" \/><\/a><\/figure>\n<\/figure>\n\n\n\n<figure class=\"wp-block-image size-full\"><a href=\"https:\/\/collies-vom-floersbachtal.de\/cms\/wp-content\/uploads\/2025\/08\/Dark-Sable1-3.-Tag-1.jpg\"><img loading=\"lazy\" decoding=\"async\" width=\"1000\" height=\"952\" src=\"https:\/\/collies-vom-floersbachtal.de\/cms\/wp-content\/uploads\/2025\/08\/Dark-Sable1-3.-Tag-1.jpg\" alt=\"\" class=\"wp-image-51760\" srcset=\"https:\/\/collies-vom-floersbachtal.de\/cms\/wp-content\/uploads\/2025\/08\/Dark-Sable1-3.-Tag-1.jpg 1000w, https:\/\/collies-vom-floersbachtal.de\/cms\/wp-content\/uploads\/2025\/08\/Dark-Sable1-3.-Tag-1-300x286.jpg 300w, https:\/\/collies-vom-floersbachtal.de\/cms\/wp-content\/uploads\/2025\/08\/Dark-Sable1-3.-Tag-1-768x731.jpg 768w\" sizes=\"auto, (max-width: 1000px) 100vw, 1000px\" \/><\/a><\/figure>\n\n\n\n<figure class=\"wp-block-gallery has-nested-images columns-default is-cropped wp-block-gallery-27 is-layout-flex wp-block-gallery-is-layout-flex\">\n<figure class=\"wp-block-image size-large is-style-rounded\"><a href=\"https:\/\/collies-vom-floersbachtal.de\/cms\/wp-content\/uploads\/2025\/08\/Dark-Sable2-3.-Tag.jpg\"><img loading=\"lazy\" decoding=\"async\" width=\"674\" height=\"1024\" data-id=\"51759\" src=\"https:\/\/collies-vom-floersbachtal.de\/cms\/wp-content\/uploads\/2025\/08\/Dark-Sable2-3.-Tag-674x1024.jpg\" alt=\"\" class=\"wp-image-51759\" srcset=\"https:\/\/collies-vom-floersbachtal.de\/cms\/wp-content\/uploads\/2025\/08\/Dark-Sable2-3.-Tag-674x1024.jpg 674w, https:\/\/collies-vom-floersbachtal.de\/cms\/wp-content\/uploads\/2025\/08\/Dark-Sable2-3.-Tag-197x300.jpg 197w, https:\/\/collies-vom-floersbachtal.de\/cms\/wp-content\/uploads\/2025\/08\/Dark-Sable2-3.-Tag-768x1167.jpg 768w, https:\/\/collies-vom-floersbachtal.de\/cms\/wp-content\/uploads\/2025\/08\/Dark-Sable2-3.-Tag.jpg 1000w\" sizes=\"auto, (max-width: 674px) 100vw, 674px\" \/><\/a><\/figure>\n<\/figure>\n\n\n\n<h2 class=\"wp-block-heading\"><strong>17.08.25 Joey frisch geboren<\/strong><\/h2>\n\n\n\n<figure class=\"wp-block-gallery has-nested-images columns-default is-cropped wp-block-gallery-28 is-layout-flex wp-block-gallery-is-layout-flex\">\n<figure class=\"wp-block-image size-large\"><a href=\"https:\/\/collies-vom-floersbachtal.de\/cms\/wp-content\/uploads\/2025\/08\/3.-Ruede3-Darksable-White.jpg\"><img loading=\"lazy\" decoding=\"async\" width=\"928\" height=\"1024\" data-id=\"51617\" src=\"https:\/\/collies-vom-floersbachtal.de\/cms\/wp-content\/uploads\/2025\/08\/3.-Ruede3-Darksable-White-928x1024.jpg\" alt=\"\" class=\"wp-image-51617\" srcset=\"https:\/\/collies-vom-floersbachtal.de\/cms\/wp-content\/uploads\/2025\/08\/3.-Ruede3-Darksable-White-928x1024.jpg 928w, https:\/\/collies-vom-floersbachtal.de\/cms\/wp-content\/uploads\/2025\/08\/3.-Ruede3-Darksable-White-272x300.jpg 272w, https:\/\/collies-vom-floersbachtal.de\/cms\/wp-content\/uploads\/2025\/08\/3.-Ruede3-Darksable-White-768x847.jpg 768w, https:\/\/collies-vom-floersbachtal.de\/cms\/wp-content\/uploads\/2025\/08\/3.-Ruede3-Darksable-White.jpg 1000w\" sizes=\"auto, (max-width: 928px) 100vw, 928px\" \/><\/a><\/figure>\n\n\n\n<figure class=\"wp-block-image size-large\"><a href=\"https:\/\/collies-vom-floersbachtal.de\/cms\/wp-content\/uploads\/2025\/08\/3.-Ruede1-Darksable-White.jpg\"><img loading=\"lazy\" decoding=\"async\" width=\"799\" height=\"1024\" data-id=\"51618\" src=\"https:\/\/collies-vom-floersbachtal.de\/cms\/wp-content\/uploads\/2025\/08\/3.-Ruede1-Darksable-White-799x1024.jpg\" alt=\"\" class=\"wp-image-51618\" srcset=\"https:\/\/collies-vom-floersbachtal.de\/cms\/wp-content\/uploads\/2025\/08\/3.-Ruede1-Darksable-White-799x1024.jpg 799w, https:\/\/collies-vom-floersbachtal.de\/cms\/wp-content\/uploads\/2025\/08\/3.-Ruede1-Darksable-White-234x300.jpg 234w, https:\/\/collies-vom-floersbachtal.de\/cms\/wp-content\/uploads\/2025\/08\/3.-Ruede1-Darksable-White-768x985.jpg 768w, https:\/\/collies-vom-floersbachtal.de\/cms\/wp-content\/uploads\/2025\/08\/3.-Ruede1-Darksable-White.jpg 1000w\" sizes=\"auto, (max-width: 799px) 100vw, 799px\" \/><\/a><\/figure>\n\n\n\n<figure class=\"wp-block-image size-large\"><a href=\"https:\/\/collies-vom-floersbachtal.de\/cms\/wp-content\/uploads\/2025\/08\/3.-Ruede2-Darksable-White.jpg\"><img loading=\"lazy\" decoding=\"async\" width=\"678\" height=\"1024\" data-id=\"51619\" src=\"https:\/\/collies-vom-floersbachtal.de\/cms\/wp-content\/uploads\/2025\/08\/3.-Ruede2-Darksable-White-678x1024.jpg\" alt=\"\" class=\"wp-image-51619\" srcset=\"https:\/\/collies-vom-floersbachtal.de\/cms\/wp-content\/uploads\/2025\/08\/3.-Ruede2-Darksable-White-678x1024.jpg 678w, https:\/\/collies-vom-floersbachtal.de\/cms\/wp-content\/uploads\/2025\/08\/3.-Ruede2-Darksable-White-199x300.jpg 199w, https:\/\/collies-vom-floersbachtal.de\/cms\/wp-content\/uploads\/2025\/08\/3.-Ruede2-Darksable-White-768x1160.jpg 768w, https:\/\/collies-vom-floersbachtal.de\/cms\/wp-content\/uploads\/2025\/08\/3.-Ruede2-Darksable-White.jpg 1000w\" sizes=\"auto, (max-width: 678px) 100vw, 678px\" \/><\/a><\/figure>\n<\/figure>\n\n\n\n<p><strong>&#8222;4.Welpe&#8220;<\/strong> <strong>\u201eOyuki \u201c (jap. Schneeblume)  CHW- Sable-Merle 9:52 Uhr H\u00fcndin 382 g (L\u00f6we- Aszendent L\u00f6we)<\/strong> und im chinesischen Holz Schlange <strong>ausgezogen<\/strong> <strong>und hei\u00dft jetzt Hazel<\/strong><\/p>\n\n\n\n<p><strong>MDR1 +\/+,&nbsp; &nbsp; &nbsp; CEA +\/+, &nbsp; &nbsp;DM&nbsp; +\/+,&nbsp; oder &nbsp;+\/-, &nbsp; &nbsp;GCS&nbsp; N\/N,&nbsp; &nbsp; &nbsp;PRA&nbsp; N\/N,&nbsp; &nbsp; DMS aa bb,<\/strong> <strong>oder aa Bb<\/strong> <strong> low risk<\/strong>   <\/p>\n\n\n\n<h2 class=\"wp-block-heading\"><strong>12.10.25<\/strong> <strong>&#8222;Yuki&#8220;, 8 Wochen alt 5620 g<\/strong><\/h2>\n\n\n\n<figure class=\"wp-block-image size-full is-style-rounded\"><a href=\"https:\/\/collies-vom-floersbachtal.de\/cms\/wp-content\/uploads\/2025\/10\/Yuki1-8-W.jpg\"><img loading=\"lazy\" decoding=\"async\" width=\"700\" height=\"506\" src=\"https:\/\/collies-vom-floersbachtal.de\/cms\/wp-content\/uploads\/2025\/10\/Yuki1-8-W.jpg\" alt=\"\" class=\"wp-image-52906\" srcset=\"https:\/\/collies-vom-floersbachtal.de\/cms\/wp-content\/uploads\/2025\/10\/Yuki1-8-W.jpg 700w, https:\/\/collies-vom-floersbachtal.de\/cms\/wp-content\/uploads\/2025\/10\/Yuki1-8-W-300x217.jpg 300w\" sizes=\"auto, (max-width: 700px) 100vw, 700px\" \/><\/a><\/figure>\n\n\n\n<h2 class=\"wp-block-heading\"><strong>05.10.25<\/strong> <strong>&#8222;Yuki&#8220;, 7 Wochen alt 4800g<\/strong><\/h2>\n\n\n\n<figure class=\"wp-block-image size-large is-style-rounded\"><a href=\"https:\/\/collies-vom-floersbachtal.de\/cms\/wp-content\/uploads\/2025\/10\/Yuki2-7-Wochen.jpg\"><img loading=\"lazy\" decoding=\"async\" width=\"811\" height=\"1024\" src=\"https:\/\/collies-vom-floersbachtal.de\/cms\/wp-content\/uploads\/2025\/10\/Yuki2-7-Wochen-811x1024.jpg\" alt=\"\" class=\"wp-image-52712\" srcset=\"https:\/\/collies-vom-floersbachtal.de\/cms\/wp-content\/uploads\/2025\/10\/Yuki2-7-Wochen-811x1024.jpg 811w, https:\/\/collies-vom-floersbachtal.de\/cms\/wp-content\/uploads\/2025\/10\/Yuki2-7-Wochen-238x300.jpg 238w, https:\/\/collies-vom-floersbachtal.de\/cms\/wp-content\/uploads\/2025\/10\/Yuki2-7-Wochen-768x970.jpg 768w, https:\/\/collies-vom-floersbachtal.de\/cms\/wp-content\/uploads\/2025\/10\/Yuki2-7-Wochen-1216x1536.jpg 1216w, https:\/\/collies-vom-floersbachtal.de\/cms\/wp-content\/uploads\/2025\/10\/Yuki2-7-Wochen.jpg 1515w\" sizes=\"auto, (max-width: 811px) 100vw, 811px\" \/><\/a><\/figure>\n\n\n\n<figure class=\"wp-block-gallery has-nested-images columns-default is-cropped wp-block-gallery-29 is-layout-flex wp-block-gallery-is-layout-flex\">\n<figure class=\"wp-block-image size-large\"><a href=\"https:\/\/collies-vom-floersbachtal.de\/cms\/wp-content\/uploads\/2025\/10\/Yuki4-7-Wochen-scaled.jpg\"><img loading=\"lazy\" decoding=\"async\" width=\"933\" height=\"1024\" data-id=\"52714\" src=\"https:\/\/collies-vom-floersbachtal.de\/cms\/wp-content\/uploads\/2025\/10\/Yuki4-7-Wochen-933x1024.jpg\" alt=\"\" class=\"wp-image-52714\" srcset=\"https:\/\/collies-vom-floersbachtal.de\/cms\/wp-content\/uploads\/2025\/10\/Yuki4-7-Wochen-933x1024.jpg 933w, https:\/\/collies-vom-floersbachtal.de\/cms\/wp-content\/uploads\/2025\/10\/Yuki4-7-Wochen-273x300.jpg 273w, https:\/\/collies-vom-floersbachtal.de\/cms\/wp-content\/uploads\/2025\/10\/Yuki4-7-Wochen-768x843.jpg 768w, https:\/\/collies-vom-floersbachtal.de\/cms\/wp-content\/uploads\/2025\/10\/Yuki4-7-Wochen-1399x1536.jpg 1399w, https:\/\/collies-vom-floersbachtal.de\/cms\/wp-content\/uploads\/2025\/10\/Yuki4-7-Wochen-1865x2048.jpg 1865w\" sizes=\"auto, (max-width: 933px) 100vw, 933px\" \/><\/a><\/figure>\n\n\n\n<figure class=\"wp-block-image size-large\"><a href=\"https:\/\/collies-vom-floersbachtal.de\/cms\/wp-content\/uploads\/2025\/10\/Yuki1-7-Wochen-scaled.jpg\"><img loading=\"lazy\" decoding=\"async\" width=\"577\" height=\"1024\" data-id=\"52715\" src=\"https:\/\/collies-vom-floersbachtal.de\/cms\/wp-content\/uploads\/2025\/10\/Yuki1-7-Wochen-577x1024.jpg\" alt=\"\" class=\"wp-image-52715\" srcset=\"https:\/\/collies-vom-floersbachtal.de\/cms\/wp-content\/uploads\/2025\/10\/Yuki1-7-Wochen-577x1024.jpg 577w, https:\/\/collies-vom-floersbachtal.de\/cms\/wp-content\/uploads\/2025\/10\/Yuki1-7-Wochen-169x300.jpg 169w, https:\/\/collies-vom-floersbachtal.de\/cms\/wp-content\/uploads\/2025\/10\/Yuki1-7-Wochen-768x1364.jpg 768w, https:\/\/collies-vom-floersbachtal.de\/cms\/wp-content\/uploads\/2025\/10\/Yuki1-7-Wochen-865x1536.jpg 865w, https:\/\/collies-vom-floersbachtal.de\/cms\/wp-content\/uploads\/2025\/10\/Yuki1-7-Wochen-1153x2048.jpg 1153w, https:\/\/collies-vom-floersbachtal.de\/cms\/wp-content\/uploads\/2025\/10\/Yuki1-7-Wochen-scaled.jpg 1442w\" sizes=\"auto, (max-width: 577px) 100vw, 577px\" \/><\/a><\/figure>\n\n\n\n<figure class=\"wp-block-image size-large\"><a href=\"https:\/\/collies-vom-floersbachtal.de\/cms\/wp-content\/uploads\/2025\/10\/Yuki3-7-Wochen-scaled.jpg\"><img loading=\"lazy\" decoding=\"async\" width=\"796\" height=\"1024\" data-id=\"52713\" src=\"https:\/\/collies-vom-floersbachtal.de\/cms\/wp-content\/uploads\/2025\/10\/Yuki3-7-Wochen-796x1024.jpg\" alt=\"\" class=\"wp-image-52713\" srcset=\"https:\/\/collies-vom-floersbachtal.de\/cms\/wp-content\/uploads\/2025\/10\/Yuki3-7-Wochen-796x1024.jpg 796w, https:\/\/collies-vom-floersbachtal.de\/cms\/wp-content\/uploads\/2025\/10\/Yuki3-7-Wochen-233x300.jpg 233w, https:\/\/collies-vom-floersbachtal.de\/cms\/wp-content\/uploads\/2025\/10\/Yuki3-7-Wochen-768x988.jpg 768w, https:\/\/collies-vom-floersbachtal.de\/cms\/wp-content\/uploads\/2025\/10\/Yuki3-7-Wochen-1194x1536.jpg 1194w, https:\/\/collies-vom-floersbachtal.de\/cms\/wp-content\/uploads\/2025\/10\/Yuki3-7-Wochen-1591x2048.jpg 1591w, https:\/\/collies-vom-floersbachtal.de\/cms\/wp-content\/uploads\/2025\/10\/Yuki3-7-Wochen-scaled.jpg 1989w\" sizes=\"auto, (max-width: 796px) 100vw, 796px\" \/><\/a><\/figure>\n<\/figure>\n\n\n\n<h2 class=\"wp-block-heading\"><strong>28.09.25<\/strong> <strong>&#8222;Yuki&#8220;, 6 Wochen alt 4160g<\/strong><\/h2>\n\n\n\n<figure class=\"wp-block-image size-large\"><a href=\"https:\/\/collies-vom-floersbachtal.de\/cms\/wp-content\/uploads\/2025\/09\/Yuki5-6-Wochen.jpg\"><img loading=\"lazy\" decoding=\"async\" width=\"993\" height=\"1024\" src=\"https:\/\/collies-vom-floersbachtal.de\/cms\/wp-content\/uploads\/2025\/09\/Yuki5-6-Wochen-993x1024.jpg\" alt=\"\" class=\"wp-image-52496\" srcset=\"https:\/\/collies-vom-floersbachtal.de\/cms\/wp-content\/uploads\/2025\/09\/Yuki5-6-Wochen-993x1024.jpg 993w, https:\/\/collies-vom-floersbachtal.de\/cms\/wp-content\/uploads\/2025\/09\/Yuki5-6-Wochen-291x300.jpg 291w, https:\/\/collies-vom-floersbachtal.de\/cms\/wp-content\/uploads\/2025\/09\/Yuki5-6-Wochen-768x792.jpg 768w, https:\/\/collies-vom-floersbachtal.de\/cms\/wp-content\/uploads\/2025\/09\/Yuki5-6-Wochen-1490x1536.jpg 1490w, https:\/\/collies-vom-floersbachtal.de\/cms\/wp-content\/uploads\/2025\/09\/Yuki5-6-Wochen.jpg 1655w\" sizes=\"auto, (max-width: 993px) 100vw, 993px\" \/><\/a><\/figure>\n\n\n\n<h2 class=\"wp-block-heading\"><strong>20.09.25<\/strong> <strong>&#8222;Yuki&#8220;, 5 Wochen alt 2940 g<\/strong><\/h2>\n\n\n\n<figure class=\"wp-block-image size-full is-style-rounded\"><a href=\"https:\/\/collies-vom-floersbachtal.de\/cms\/wp-content\/uploads\/2025\/09\/Yuci1-5-W-1.jpg\"><img loading=\"lazy\" decoding=\"async\" width=\"800\" height=\"755\" src=\"https:\/\/collies-vom-floersbachtal.de\/cms\/wp-content\/uploads\/2025\/09\/Yuci1-5-W-1.jpg\" alt=\"\" class=\"wp-image-52361\" srcset=\"https:\/\/collies-vom-floersbachtal.de\/cms\/wp-content\/uploads\/2025\/09\/Yuci1-5-W-1.jpg 800w, https:\/\/collies-vom-floersbachtal.de\/cms\/wp-content\/uploads\/2025\/09\/Yuci1-5-W-1-300x283.jpg 300w, https:\/\/collies-vom-floersbachtal.de\/cms\/wp-content\/uploads\/2025\/09\/Yuci1-5-W-1-768x725.jpg 768w\" sizes=\"auto, (max-width: 800px) 100vw, 800px\" \/><\/a><\/figure>\n\n\n\n<h2 class=\"wp-block-heading\"><strong>14.09.25<\/strong> <strong>&#8222;Yuki&#8220;, 4 Wochen alt 2387 g<\/strong><\/h2>\n\n\n\n<figure class=\"wp-block-image size-large is-style-rounded\"><a href=\"https:\/\/collies-vom-floersbachtal.de\/cms\/wp-content\/uploads\/2025\/09\/Yuki2-im-Garten-4-W.jpg\"><img loading=\"lazy\" decoding=\"async\" width=\"735\" height=\"1024\" src=\"https:\/\/collies-vom-floersbachtal.de\/cms\/wp-content\/uploads\/2025\/09\/Yuki2-im-Garten-4-W-735x1024.jpg\" alt=\"\" class=\"wp-image-52270\" srcset=\"https:\/\/collies-vom-floersbachtal.de\/cms\/wp-content\/uploads\/2025\/09\/Yuki2-im-Garten-4-W-735x1024.jpg 735w, https:\/\/collies-vom-floersbachtal.de\/cms\/wp-content\/uploads\/2025\/09\/Yuki2-im-Garten-4-W-215x300.jpg 215w, https:\/\/collies-vom-floersbachtal.de\/cms\/wp-content\/uploads\/2025\/09\/Yuki2-im-Garten-4-W-768x1069.jpg 768w, https:\/\/collies-vom-floersbachtal.de\/cms\/wp-content\/uploads\/2025\/09\/Yuki2-im-Garten-4-W.jpg 800w\" sizes=\"auto, (max-width: 735px) 100vw, 735px\" \/><\/a><\/figure>\n\n\n\n<h2 class=\"wp-block-heading\"><strong>07.09.25<\/strong> <strong>&#8222;Yuki&#8220;, 3 Wochen alt 1619 g<\/strong><\/h2>\n\n\n\n<figure class=\"wp-block-image size-large is-style-rounded\"><a href=\"https:\/\/collies-vom-floersbachtal.de\/cms\/wp-content\/uploads\/2025\/09\/Yuki5-3-Wochen.jpg\"><img loading=\"lazy\" decoding=\"async\" width=\"576\" height=\"1024\" src=\"https:\/\/collies-vom-floersbachtal.de\/cms\/wp-content\/uploads\/2025\/09\/Yuki5-3-Wochen-576x1024.jpg\" alt=\"\" class=\"wp-image-52158\" srcset=\"https:\/\/collies-vom-floersbachtal.de\/cms\/wp-content\/uploads\/2025\/09\/Yuki5-3-Wochen-576x1024.jpg 576w, https:\/\/collies-vom-floersbachtal.de\/cms\/wp-content\/uploads\/2025\/09\/Yuki5-3-Wochen-169x300.jpg 169w, https:\/\/collies-vom-floersbachtal.de\/cms\/wp-content\/uploads\/2025\/09\/Yuki5-3-Wochen-768x1365.jpg 768w, https:\/\/collies-vom-floersbachtal.de\/cms\/wp-content\/uploads\/2025\/09\/Yuki5-3-Wochen.jpg 800w\" sizes=\"auto, (max-width: 576px) 100vw, 576px\" \/><\/a><\/figure>\n\n\n\n<figure class=\"wp-block-gallery has-nested-images columns-default is-cropped wp-block-gallery-30 is-layout-flex wp-block-gallery-is-layout-flex\">\n<figure class=\"wp-block-image size-large\"><a href=\"https:\/\/collies-vom-floersbachtal.de\/cms\/wp-content\/uploads\/2025\/09\/Yuki6-3-Wochen.jpg\"><img loading=\"lazy\" decoding=\"async\" width=\"768\" height=\"1024\" data-id=\"52163\" src=\"https:\/\/collies-vom-floersbachtal.de\/cms\/wp-content\/uploads\/2025\/09\/Yuki6-3-Wochen-768x1024.jpg\" alt=\"\" class=\"wp-image-52163\" srcset=\"https:\/\/collies-vom-floersbachtal.de\/cms\/wp-content\/uploads\/2025\/09\/Yuki6-3-Wochen-768x1024.jpg 768w, https:\/\/collies-vom-floersbachtal.de\/cms\/wp-content\/uploads\/2025\/09\/Yuki6-3-Wochen-225x300.jpg 225w, https:\/\/collies-vom-floersbachtal.de\/cms\/wp-content\/uploads\/2025\/09\/Yuki6-3-Wochen.jpg 1000w\" sizes=\"auto, (max-width: 768px) 100vw, 768px\" \/><\/a><\/figure>\n\n\n\n<figure class=\"wp-block-image size-large\"><a href=\"https:\/\/collies-vom-floersbachtal.de\/cms\/wp-content\/uploads\/2025\/09\/Yuki1-3-Wochen.jpg\"><img loading=\"lazy\" decoding=\"async\" width=\"800\" height=\"504\" data-id=\"52159\" src=\"https:\/\/collies-vom-floersbachtal.de\/cms\/wp-content\/uploads\/2025\/09\/Yuki1-3-Wochen.jpg\" alt=\"\" class=\"wp-image-52159\" srcset=\"https:\/\/collies-vom-floersbachtal.de\/cms\/wp-content\/uploads\/2025\/09\/Yuki1-3-Wochen.jpg 800w, https:\/\/collies-vom-floersbachtal.de\/cms\/wp-content\/uploads\/2025\/09\/Yuki1-3-Wochen-300x189.jpg 300w, https:\/\/collies-vom-floersbachtal.de\/cms\/wp-content\/uploads\/2025\/09\/Yuki1-3-Wochen-768x484.jpg 768w\" sizes=\"auto, (max-width: 800px) 100vw, 800px\" \/><\/a><\/figure>\n\n\n\n<figure class=\"wp-block-image size-large\"><a href=\"https:\/\/collies-vom-floersbachtal.de\/cms\/wp-content\/uploads\/2025\/09\/Yuki3-3-Wochen.jpg\"><img loading=\"lazy\" decoding=\"async\" width=\"800\" height=\"793\" data-id=\"52162\" src=\"https:\/\/collies-vom-floersbachtal.de\/cms\/wp-content\/uploads\/2025\/09\/Yuki3-3-Wochen.jpg\" alt=\"\" class=\"wp-image-52162\" srcset=\"https:\/\/collies-vom-floersbachtal.de\/cms\/wp-content\/uploads\/2025\/09\/Yuki3-3-Wochen.jpg 800w, https:\/\/collies-vom-floersbachtal.de\/cms\/wp-content\/uploads\/2025\/09\/Yuki3-3-Wochen-300x297.jpg 300w, https:\/\/collies-vom-floersbachtal.de\/cms\/wp-content\/uploads\/2025\/09\/Yuki3-3-Wochen-150x150.jpg 150w, https:\/\/collies-vom-floersbachtal.de\/cms\/wp-content\/uploads\/2025\/09\/Yuki3-3-Wochen-768x761.jpg 768w\" sizes=\"auto, (max-width: 800px) 100vw, 800px\" \/><\/a><\/figure>\n\n\n\n<figure class=\"wp-block-image size-large\"><a href=\"https:\/\/collies-vom-floersbachtal.de\/cms\/wp-content\/uploads\/2025\/09\/Yuki2-3-Wochen.jpg\"><img loading=\"lazy\" decoding=\"async\" width=\"800\" height=\"505\" data-id=\"52160\" src=\"https:\/\/collies-vom-floersbachtal.de\/cms\/wp-content\/uploads\/2025\/09\/Yuki2-3-Wochen.jpg\" alt=\"\" class=\"wp-image-52160\" srcset=\"https:\/\/collies-vom-floersbachtal.de\/cms\/wp-content\/uploads\/2025\/09\/Yuki2-3-Wochen.jpg 800w, https:\/\/collies-vom-floersbachtal.de\/cms\/wp-content\/uploads\/2025\/09\/Yuki2-3-Wochen-300x189.jpg 300w, https:\/\/collies-vom-floersbachtal.de\/cms\/wp-content\/uploads\/2025\/09\/Yuki2-3-Wochen-768x485.jpg 768w\" sizes=\"auto, (max-width: 800px) 100vw, 800px\" \/><\/a><\/figure>\n\n\n\n<figure class=\"wp-block-image size-large\"><a href=\"https:\/\/collies-vom-floersbachtal.de\/cms\/wp-content\/uploads\/2025\/09\/Yuki4-3-Wochen.jpg\"><img loading=\"lazy\" decoding=\"async\" width=\"800\" height=\"785\" data-id=\"52161\" src=\"https:\/\/collies-vom-floersbachtal.de\/cms\/wp-content\/uploads\/2025\/09\/Yuki4-3-Wochen.jpg\" alt=\"\" class=\"wp-image-52161\" srcset=\"https:\/\/collies-vom-floersbachtal.de\/cms\/wp-content\/uploads\/2025\/09\/Yuki4-3-Wochen.jpg 800w, https:\/\/collies-vom-floersbachtal.de\/cms\/wp-content\/uploads\/2025\/09\/Yuki4-3-Wochen-300x294.jpg 300w, https:\/\/collies-vom-floersbachtal.de\/cms\/wp-content\/uploads\/2025\/09\/Yuki4-3-Wochen-768x754.jpg 768w\" sizes=\"auto, (max-width: 800px) 100vw, 800px\" \/><\/a><\/figure>\n<\/figure>\n\n\n\n<h2 class=\"wp-block-heading\"><strong>31.08.25 &#8222;Yuki&#8220;, 2 Wochen alt 1079 g<\/strong><\/h2>\n\n\n\n<figure class=\"wp-block-image size-full is-style-rounded\"><a href=\"https:\/\/collies-vom-floersbachtal.de\/cms\/wp-content\/uploads\/2025\/08\/Yuki2-3.-woche.jpg\"><img loading=\"lazy\" decoding=\"async\" width=\"800\" height=\"565\" src=\"https:\/\/collies-vom-floersbachtal.de\/cms\/wp-content\/uploads\/2025\/08\/Yuki2-3.-woche.jpg\" alt=\"\" class=\"wp-image-52036\" srcset=\"https:\/\/collies-vom-floersbachtal.de\/cms\/wp-content\/uploads\/2025\/08\/Yuki2-3.-woche.jpg 800w, https:\/\/collies-vom-floersbachtal.de\/cms\/wp-content\/uploads\/2025\/08\/Yuki2-3.-woche-300x212.jpg 300w, https:\/\/collies-vom-floersbachtal.de\/cms\/wp-content\/uploads\/2025\/08\/Yuki2-3.-woche-768x542.jpg 768w\" sizes=\"auto, (max-width: 800px) 100vw, 800px\" \/><\/a><\/figure>\n\n\n\n<figure class=\"wp-block-gallery has-nested-images columns-default is-cropped wp-block-gallery-31 is-layout-flex wp-block-gallery-is-layout-flex\">\n<figure class=\"wp-block-image size-large\"><a href=\"https:\/\/collies-vom-floersbachtal.de\/cms\/wp-content\/uploads\/2025\/08\/Yuki3-3.-woche.jpg\"><img loading=\"lazy\" decoding=\"async\" width=\"800\" height=\"793\" data-id=\"52037\" src=\"https:\/\/collies-vom-floersbachtal.de\/cms\/wp-content\/uploads\/2025\/08\/Yuki3-3.-woche.jpg\" alt=\"\" class=\"wp-image-52037\" srcset=\"https:\/\/collies-vom-floersbachtal.de\/cms\/wp-content\/uploads\/2025\/08\/Yuki3-3.-woche.jpg 800w, https:\/\/collies-vom-floersbachtal.de\/cms\/wp-content\/uploads\/2025\/08\/Yuki3-3.-woche-300x297.jpg 300w, https:\/\/collies-vom-floersbachtal.de\/cms\/wp-content\/uploads\/2025\/08\/Yuki3-3.-woche-150x150.jpg 150w, https:\/\/collies-vom-floersbachtal.de\/cms\/wp-content\/uploads\/2025\/08\/Yuki3-3.-woche-768x761.jpg 768w\" sizes=\"auto, (max-width: 800px) 100vw, 800px\" \/><\/a><\/figure>\n\n\n\n<figure class=\"wp-block-image size-large\"><a href=\"https:\/\/collies-vom-floersbachtal.de\/cms\/wp-content\/uploads\/2025\/08\/Yuki5-3.-woche.jpg\"><img loading=\"lazy\" decoding=\"async\" width=\"1000\" height=\"904\" data-id=\"52038\" src=\"https:\/\/collies-vom-floersbachtal.de\/cms\/wp-content\/uploads\/2025\/08\/Yuki5-3.-woche.jpg\" alt=\"\" class=\"wp-image-52038\" srcset=\"https:\/\/collies-vom-floersbachtal.de\/cms\/wp-content\/uploads\/2025\/08\/Yuki5-3.-woche.jpg 1000w, https:\/\/collies-vom-floersbachtal.de\/cms\/wp-content\/uploads\/2025\/08\/Yuki5-3.-woche-300x271.jpg 300w, https:\/\/collies-vom-floersbachtal.de\/cms\/wp-content\/uploads\/2025\/08\/Yuki5-3.-woche-768x694.jpg 768w\" sizes=\"auto, (max-width: 1000px) 100vw, 1000px\" \/><\/a><\/figure>\n<\/figure>\n\n\n\n<figure class=\"wp-block-gallery has-nested-images columns-default is-cropped wp-block-gallery-32 is-layout-flex wp-block-gallery-is-layout-flex\">\n<figure class=\"wp-block-image size-large is-style-rounded\"><a href=\"https:\/\/collies-vom-floersbachtal.de\/cms\/wp-content\/uploads\/2025\/08\/Shuki-und-Joey2-3-Woche.jpg\"><img loading=\"lazy\" decoding=\"async\" width=\"608\" height=\"1024\" data-id=\"52046\" src=\"https:\/\/collies-vom-floersbachtal.de\/cms\/wp-content\/uploads\/2025\/08\/Shuki-und-Joey2-3-Woche-608x1024.jpg\" alt=\"\" class=\"wp-image-52046\" srcset=\"https:\/\/collies-vom-floersbachtal.de\/cms\/wp-content\/uploads\/2025\/08\/Shuki-und-Joey2-3-Woche-608x1024.jpg 608w, https:\/\/collies-vom-floersbachtal.de\/cms\/wp-content\/uploads\/2025\/08\/Shuki-und-Joey2-3-Woche-178x300.jpg 178w, https:\/\/collies-vom-floersbachtal.de\/cms\/wp-content\/uploads\/2025\/08\/Shuki-und-Joey2-3-Woche-768x1293.jpg 768w, https:\/\/collies-vom-floersbachtal.de\/cms\/wp-content\/uploads\/2025\/08\/Shuki-und-Joey2-3-Woche.jpg 800w\" sizes=\"auto, (max-width: 608px) 100vw, 608px\" \/><\/a><\/figure>\n<\/figure>\n\n\n\n<h2 class=\"wp-block-heading\"><strong>24.08.25 &#8222;Yuki&#8220; , 1 Woche alt, 665 g<\/strong><\/h2>\n\n\n\n<figure class=\"wp-block-image size-large\"><a href=\"https:\/\/collies-vom-floersbachtal.de\/cms\/wp-content\/uploads\/2025\/08\/Yuki-und-Joey1-9-Tage-alt-1.jpg\"><img loading=\"lazy\" decoding=\"async\" width=\"697\" height=\"1024\" src=\"https:\/\/collies-vom-floersbachtal.de\/cms\/wp-content\/uploads\/2025\/08\/Yuki-und-Joey1-9-Tage-alt-1-697x1024.jpg\" alt=\"\" class=\"wp-image-51997\" srcset=\"https:\/\/collies-vom-floersbachtal.de\/cms\/wp-content\/uploads\/2025\/08\/Yuki-und-Joey1-9-Tage-alt-1-697x1024.jpg 697w, https:\/\/collies-vom-floersbachtal.de\/cms\/wp-content\/uploads\/2025\/08\/Yuki-und-Joey1-9-Tage-alt-1-204x300.jpg 204w, https:\/\/collies-vom-floersbachtal.de\/cms\/wp-content\/uploads\/2025\/08\/Yuki-und-Joey1-9-Tage-alt-1-768x1128.jpg 768w, https:\/\/collies-vom-floersbachtal.de\/cms\/wp-content\/uploads\/2025\/08\/Yuki-und-Joey1-9-Tage-alt-1.jpg 1000w\" sizes=\"auto, (max-width: 697px) 100vw, 697px\" \/><\/a><\/figure>\n\n\n\n<figure class=\"wp-block-gallery has-nested-images columns-default is-cropped wp-block-gallery-33 is-layout-flex wp-block-gallery-is-layout-flex\">\n<figure class=\"wp-block-image size-large is-style-rounded\"><a href=\"https:\/\/collies-vom-floersbachtal.de\/cms\/wp-content\/uploads\/2025\/08\/Yuki2-1-Woche-alt-scaled.jpg\"><img loading=\"lazy\" decoding=\"async\" width=\"629\" height=\"1024\" data-id=\"51878\" src=\"https:\/\/collies-vom-floersbachtal.de\/cms\/wp-content\/uploads\/2025\/08\/Yuki2-1-Woche-alt-629x1024.jpg\" alt=\"\" class=\"wp-image-51878\" srcset=\"https:\/\/collies-vom-floersbachtal.de\/cms\/wp-content\/uploads\/2025\/08\/Yuki2-1-Woche-alt-629x1024.jpg 629w, https:\/\/collies-vom-floersbachtal.de\/cms\/wp-content\/uploads\/2025\/08\/Yuki2-1-Woche-alt-184x300.jpg 184w, https:\/\/collies-vom-floersbachtal.de\/cms\/wp-content\/uploads\/2025\/08\/Yuki2-1-Woche-alt-768x1251.jpg 768w, https:\/\/collies-vom-floersbachtal.de\/cms\/wp-content\/uploads\/2025\/08\/Yuki2-1-Woche-alt-943x1536.jpg 943w, https:\/\/collies-vom-floersbachtal.de\/cms\/wp-content\/uploads\/2025\/08\/Yuki2-1-Woche-alt-1257x2048.jpg 1257w, https:\/\/collies-vom-floersbachtal.de\/cms\/wp-content\/uploads\/2025\/08\/Yuki2-1-Woche-alt-scaled.jpg 1571w\" sizes=\"auto, (max-width: 629px) 100vw, 629px\" \/><\/a><\/figure>\n<\/figure>\n\n\n\n<figure class=\"wp-block-gallery has-nested-images columns-default is-cropped wp-block-gallery-34 is-layout-flex wp-block-gallery-is-layout-flex\">\n<figure class=\"wp-block-image size-large\"><a href=\"https:\/\/collies-vom-floersbachtal.de\/cms\/wp-content\/uploads\/2025\/08\/Yuki1-1-Woche-alt-scaled.jpg\"><img loading=\"lazy\" decoding=\"async\" width=\"724\" height=\"1024\" data-id=\"51883\" src=\"https:\/\/collies-vom-floersbachtal.de\/cms\/wp-content\/uploads\/2025\/08\/Yuki1-1-Woche-alt-724x1024.jpg\" alt=\"\" class=\"wp-image-51883\" srcset=\"https:\/\/collies-vom-floersbachtal.de\/cms\/wp-content\/uploads\/2025\/08\/Yuki1-1-Woche-alt-724x1024.jpg 724w, https:\/\/collies-vom-floersbachtal.de\/cms\/wp-content\/uploads\/2025\/08\/Yuki1-1-Woche-alt-212x300.jpg 212w, https:\/\/collies-vom-floersbachtal.de\/cms\/wp-content\/uploads\/2025\/08\/Yuki1-1-Woche-alt-768x1086.jpg 768w, https:\/\/collies-vom-floersbachtal.de\/cms\/wp-content\/uploads\/2025\/08\/Yuki1-1-Woche-alt-1086x1536.jpg 1086w, https:\/\/collies-vom-floersbachtal.de\/cms\/wp-content\/uploads\/2025\/08\/Yuki1-1-Woche-alt-1448x2048.jpg 1448w, https:\/\/collies-vom-floersbachtal.de\/cms\/wp-content\/uploads\/2025\/08\/Yuki1-1-Woche-alt-scaled.jpg 1810w\" sizes=\"auto, (max-width: 724px) 100vw, 724px\" \/><\/a><\/figure>\n\n\n\n<figure class=\"wp-block-image size-large\"><a href=\"https:\/\/collies-vom-floersbachtal.de\/cms\/wp-content\/uploads\/2025\/08\/Yuki3-1-Woche-alt-scaled.jpg\"><img loading=\"lazy\" decoding=\"async\" width=\"726\" height=\"1024\" data-id=\"51882\" src=\"https:\/\/collies-vom-floersbachtal.de\/cms\/wp-content\/uploads\/2025\/08\/Yuki3-1-Woche-alt-726x1024.jpg\" alt=\"\" class=\"wp-image-51882\" srcset=\"https:\/\/collies-vom-floersbachtal.de\/cms\/wp-content\/uploads\/2025\/08\/Yuki3-1-Woche-alt-726x1024.jpg 726w, https:\/\/collies-vom-floersbachtal.de\/cms\/wp-content\/uploads\/2025\/08\/Yuki3-1-Woche-alt-213x300.jpg 213w, https:\/\/collies-vom-floersbachtal.de\/cms\/wp-content\/uploads\/2025\/08\/Yuki3-1-Woche-alt-768x1084.jpg 768w, https:\/\/collies-vom-floersbachtal.de\/cms\/wp-content\/uploads\/2025\/08\/Yuki3-1-Woche-alt-1088x1536.jpg 1088w, https:\/\/collies-vom-floersbachtal.de\/cms\/wp-content\/uploads\/2025\/08\/Yuki3-1-Woche-alt-1451x2048.jpg 1451w, https:\/\/collies-vom-floersbachtal.de\/cms\/wp-content\/uploads\/2025\/08\/Yuki3-1-Woche-alt-scaled.jpg 1814w\" sizes=\"auto, (max-width: 726px) 100vw, 726px\" \/><\/a><\/figure>\n\n\n\n<figure class=\"wp-block-image size-large\"><a href=\"https:\/\/collies-vom-floersbachtal.de\/cms\/wp-content\/uploads\/2025\/08\/Yuki4-1-Woche-alt-scaled.jpg\"><img loading=\"lazy\" decoding=\"async\" width=\"662\" height=\"1024\" data-id=\"51881\" src=\"https:\/\/collies-vom-floersbachtal.de\/cms\/wp-content\/uploads\/2025\/08\/Yuki4-1-Woche-alt-662x1024.jpg\" alt=\"\" class=\"wp-image-51881\" srcset=\"https:\/\/collies-vom-floersbachtal.de\/cms\/wp-content\/uploads\/2025\/08\/Yuki4-1-Woche-alt-662x1024.jpg 662w, https:\/\/collies-vom-floersbachtal.de\/cms\/wp-content\/uploads\/2025\/08\/Yuki4-1-Woche-alt-194x300.jpg 194w, https:\/\/collies-vom-floersbachtal.de\/cms\/wp-content\/uploads\/2025\/08\/Yuki4-1-Woche-alt-768x1188.jpg 768w, https:\/\/collies-vom-floersbachtal.de\/cms\/wp-content\/uploads\/2025\/08\/Yuki4-1-Woche-alt-993x1536.jpg 993w, https:\/\/collies-vom-floersbachtal.de\/cms\/wp-content\/uploads\/2025\/08\/Yuki4-1-Woche-alt-1323x2048.jpg 1323w, https:\/\/collies-vom-floersbachtal.de\/cms\/wp-content\/uploads\/2025\/08\/Yuki4-1-Woche-alt-scaled.jpg 1654w\" sizes=\"auto, (max-width: 662px) 100vw, 662px\" \/><\/a><\/figure>\n\n\n\n<figure class=\"wp-block-image size-large\"><a href=\"https:\/\/collies-vom-floersbachtal.de\/cms\/wp-content\/uploads\/2025\/08\/Yuki5-1-Woche-alt-scaled.jpg\"><img loading=\"lazy\" decoding=\"async\" width=\"902\" height=\"1024\" data-id=\"51879\" src=\"https:\/\/collies-vom-floersbachtal.de\/cms\/wp-content\/uploads\/2025\/08\/Yuki5-1-Woche-alt-902x1024.jpg\" alt=\"\" class=\"wp-image-51879\" srcset=\"https:\/\/collies-vom-floersbachtal.de\/cms\/wp-content\/uploads\/2025\/08\/Yuki5-1-Woche-alt-902x1024.jpg 902w, https:\/\/collies-vom-floersbachtal.de\/cms\/wp-content\/uploads\/2025\/08\/Yuki5-1-Woche-alt-264x300.jpg 264w, https:\/\/collies-vom-floersbachtal.de\/cms\/wp-content\/uploads\/2025\/08\/Yuki5-1-Woche-alt-768x872.jpg 768w, https:\/\/collies-vom-floersbachtal.de\/cms\/wp-content\/uploads\/2025\/08\/Yuki5-1-Woche-alt-1353x1536.jpg 1353w, https:\/\/collies-vom-floersbachtal.de\/cms\/wp-content\/uploads\/2025\/08\/Yuki5-1-Woche-alt-1803x2048.jpg 1803w\" sizes=\"auto, (max-width: 902px) 100vw, 902px\" \/><\/a><\/figure>\n\n\n\n<figure class=\"wp-block-image size-large\"><a href=\"https:\/\/collies-vom-floersbachtal.de\/cms\/wp-content\/uploads\/2025\/08\/Yuki6-1-Woche-alt-scaled.jpg\"><img loading=\"lazy\" decoding=\"async\" width=\"727\" height=\"1024\" data-id=\"51880\" src=\"https:\/\/collies-vom-floersbachtal.de\/cms\/wp-content\/uploads\/2025\/08\/Yuki6-1-Woche-alt-727x1024.jpg\" alt=\"\" class=\"wp-image-51880\" srcset=\"https:\/\/collies-vom-floersbachtal.de\/cms\/wp-content\/uploads\/2025\/08\/Yuki6-1-Woche-alt-727x1024.jpg 727w, https:\/\/collies-vom-floersbachtal.de\/cms\/wp-content\/uploads\/2025\/08\/Yuki6-1-Woche-alt-213x300.jpg 213w, https:\/\/collies-vom-floersbachtal.de\/cms\/wp-content\/uploads\/2025\/08\/Yuki6-1-Woche-alt-768x1082.jpg 768w, https:\/\/collies-vom-floersbachtal.de\/cms\/wp-content\/uploads\/2025\/08\/Yuki6-1-Woche-alt-1090x1536.jpg 1090w, https:\/\/collies-vom-floersbachtal.de\/cms\/wp-content\/uploads\/2025\/08\/Yuki6-1-Woche-alt-1453x2048.jpg 1453w, https:\/\/collies-vom-floersbachtal.de\/cms\/wp-content\/uploads\/2025\/08\/Yuki6-1-Woche-alt-scaled.jpg 1817w\" sizes=\"auto, (max-width: 727px) 100vw, 727px\" \/><\/a><\/figure>\n<\/figure>\n\n\n\n<p><strong>17.08.25 Yuki frisch geboren<\/strong><\/p>\n\n\n\n<figure class=\"wp-block-gallery has-nested-images columns-default is-cropped wp-block-gallery-35 is-layout-flex wp-block-gallery-is-layout-flex\">\n<figure class=\"wp-block-image size-large\"><a href=\"https:\/\/collies-vom-floersbachtal.de\/cms\/wp-content\/uploads\/2025\/08\/1.-Huendin1-CHE-sablemerle-am-2.-Tag-1-scaled.jpg\"><img loading=\"lazy\" decoding=\"async\" width=\"1024\" height=\"741\" data-id=\"51621\" src=\"https:\/\/collies-vom-floersbachtal.de\/cms\/wp-content\/uploads\/2025\/08\/1.-Huendin1-CHE-sablemerle-am-2.-Tag-1-1024x741.jpg\" alt=\"\" class=\"wp-image-51621\" srcset=\"https:\/\/collies-vom-floersbachtal.de\/cms\/wp-content\/uploads\/2025\/08\/1.-Huendin1-CHE-sablemerle-am-2.-Tag-1-1024x741.jpg 1024w, https:\/\/collies-vom-floersbachtal.de\/cms\/wp-content\/uploads\/2025\/08\/1.-Huendin1-CHE-sablemerle-am-2.-Tag-1-300x217.jpg 300w, https:\/\/collies-vom-floersbachtal.de\/cms\/wp-content\/uploads\/2025\/08\/1.-Huendin1-CHE-sablemerle-am-2.-Tag-1-768x555.jpg 768w, https:\/\/collies-vom-floersbachtal.de\/cms\/wp-content\/uploads\/2025\/08\/1.-Huendin1-CHE-sablemerle-am-2.-Tag-1-1536x1111.jpg 1536w, https:\/\/collies-vom-floersbachtal.de\/cms\/wp-content\/uploads\/2025\/08\/1.-Huendin1-CHE-sablemerle-am-2.-Tag-1-2048x1481.jpg 2048w\" sizes=\"auto, (max-width: 1024px) 100vw, 1024px\" \/><\/a><\/figure>\n\n\n\n<figure class=\"wp-block-image size-large\"><a href=\"https:\/\/collies-vom-floersbachtal.de\/cms\/wp-content\/uploads\/2025\/08\/1.-Huendin1-CHE-sablemerle-1-scaled.jpg\"><img loading=\"lazy\" decoding=\"async\" width=\"577\" height=\"1024\" data-id=\"51622\" src=\"https:\/\/collies-vom-floersbachtal.de\/cms\/wp-content\/uploads\/2025\/08\/1.-Huendin1-CHE-sablemerle-1-577x1024.jpg\" alt=\"\" class=\"wp-image-51622\" srcset=\"https:\/\/collies-vom-floersbachtal.de\/cms\/wp-content\/uploads\/2025\/08\/1.-Huendin1-CHE-sablemerle-1-577x1024.jpg 577w, https:\/\/collies-vom-floersbachtal.de\/cms\/wp-content\/uploads\/2025\/08\/1.-Huendin1-CHE-sablemerle-1-169x300.jpg 169w, https:\/\/collies-vom-floersbachtal.de\/cms\/wp-content\/uploads\/2025\/08\/1.-Huendin1-CHE-sablemerle-1-768x1364.jpg 768w, https:\/\/collies-vom-floersbachtal.de\/cms\/wp-content\/uploads\/2025\/08\/1.-Huendin1-CHE-sablemerle-1-865x1536.jpg 865w, https:\/\/collies-vom-floersbachtal.de\/cms\/wp-content\/uploads\/2025\/08\/1.-Huendin1-CHE-sablemerle-1-1153x2048.jpg 1153w, https:\/\/collies-vom-floersbachtal.de\/cms\/wp-content\/uploads\/2025\/08\/1.-Huendin1-CHE-sablemerle-1-scaled.jpg 1442w\" sizes=\"auto, (max-width: 577px) 100vw, 577px\" \/><\/a><\/figure>\n<\/figure>\n\n\n\n<figure class=\"wp-block-image size-large\"><a href=\"https:\/\/collies-vom-floersbachtal.de\/cms\/wp-content\/uploads\/2025\/08\/1.-Huendin2-CHW-Bluemerle-am-2.-Tag-1.jpg\"><img loading=\"lazy\" decoding=\"async\" width=\"782\" height=\"1024\" src=\"https:\/\/collies-vom-floersbachtal.de\/cms\/wp-content\/uploads\/2025\/08\/1.-Huendin2-CHW-Bluemerle-am-2.-Tag-1-782x1024.jpg\" alt=\"\" class=\"wp-image-51624\" srcset=\"https:\/\/collies-vom-floersbachtal.de\/cms\/wp-content\/uploads\/2025\/08\/1.-Huendin2-CHW-Bluemerle-am-2.-Tag-1-782x1024.jpg 782w, https:\/\/collies-vom-floersbachtal.de\/cms\/wp-content\/uploads\/2025\/08\/1.-Huendin2-CHW-Bluemerle-am-2.-Tag-1-229x300.jpg 229w, https:\/\/collies-vom-floersbachtal.de\/cms\/wp-content\/uploads\/2025\/08\/1.-Huendin2-CHW-Bluemerle-am-2.-Tag-1-768x1005.jpg 768w, https:\/\/collies-vom-floersbachtal.de\/cms\/wp-content\/uploads\/2025\/08\/1.-Huendin2-CHW-Bluemerle-am-2.-Tag-1-1173x1536.jpg 1173w, https:\/\/collies-vom-floersbachtal.de\/cms\/wp-content\/uploads\/2025\/08\/1.-Huendin2-CHW-Bluemerle-am-2.-Tag-1-1565x2048.jpg 1565w, https:\/\/collies-vom-floersbachtal.de\/cms\/wp-content\/uploads\/2025\/08\/1.-Huendin2-CHW-Bluemerle-am-2.-Tag-1.jpg 1835w\" sizes=\"auto, (max-width: 782px) 100vw, 782px\" \/><\/a><\/figure>\n\n\n\n<figure class=\"wp-block-image size-large is-style-rounded\"><a href=\"https:\/\/collies-vom-floersbachtal.de\/cms\/wp-content\/uploads\/2025\/08\/2-Ochens1-2.-tag.jpg\"><img loading=\"lazy\" decoding=\"async\" width=\"870\" height=\"1024\" src=\"https:\/\/collies-vom-floersbachtal.de\/cms\/wp-content\/uploads\/2025\/08\/2-Ochens1-2.-tag-870x1024.jpg\" alt=\"\" class=\"wp-image-51764\" srcset=\"https:\/\/collies-vom-floersbachtal.de\/cms\/wp-content\/uploads\/2025\/08\/2-Ochens1-2.-tag-870x1024.jpg 870w, https:\/\/collies-vom-floersbachtal.de\/cms\/wp-content\/uploads\/2025\/08\/2-Ochens1-2.-tag-255x300.jpg 255w, https:\/\/collies-vom-floersbachtal.de\/cms\/wp-content\/uploads\/2025\/08\/2-Ochens1-2.-tag-768x904.jpg 768w, https:\/\/collies-vom-floersbachtal.de\/cms\/wp-content\/uploads\/2025\/08\/2-Ochens1-2.-tag.jpg 1000w\" sizes=\"auto, (max-width: 870px) 100vw, 870px\" \/><\/a><figcaption class=\"wp-element-caption\"><strong>Die M\u00e4dels zusammen, sie hatten es gewu\u00dft \ud83d\ude00<\/strong><\/figcaption><\/figure>\n\n\n\n<p><strong>\u201e 5. Welpe&#8220; O\u00b4my Sweetheart &#8222;Shuri\u201c<\/strong> <strong>Sable-Merle\/Harlekin  11:30 Uhr  H\u00fcndin 425 g (L\u00f6we- Aszendent Jungfrau )<\/strong> und im chinesischen Holz Schlange  <strong>bleibt bei uns<\/strong> <strong>\ud83d\ude42<\/strong><\/p>\n\n\n\n<h3 class=\"wp-block-heading\"><strong>MDR1 +\/+,&nbsp; &nbsp; &nbsp; CEA +\/+, &nbsp; &nbsp;DM&nbsp; +\/+,&nbsp; oder &nbsp;+\/-, &nbsp; &nbsp;GCS&nbsp; N\/N,&nbsp; &nbsp; &nbsp;PRA&nbsp; N\/N,&nbsp; &nbsp; DMS aa bb,<\/strong> <strong>oder aa Bb low risk<\/strong>   <\/h3>\n\n\n\n<h2 class=\"wp-block-heading\"><strong>12.10.25 &#8222;Shuri&#8220; , 8 Wochen alt, 5300 g<\/strong><\/h2>\n\n\n\n<figure class=\"wp-block-image size-full is-style-rounded\"><a href=\"https:\/\/collies-vom-floersbachtal.de\/cms\/wp-content\/uploads\/2025\/10\/Shuri1-8-W.jpg\"><img loading=\"lazy\" decoding=\"async\" width=\"1000\" height=\"563\" src=\"https:\/\/collies-vom-floersbachtal.de\/cms\/wp-content\/uploads\/2025\/10\/Shuri1-8-W.jpg\" alt=\"\" class=\"wp-image-52909\" srcset=\"https:\/\/collies-vom-floersbachtal.de\/cms\/wp-content\/uploads\/2025\/10\/Shuri1-8-W.jpg 1000w, https:\/\/collies-vom-floersbachtal.de\/cms\/wp-content\/uploads\/2025\/10\/Shuri1-8-W-300x169.jpg 300w, https:\/\/collies-vom-floersbachtal.de\/cms\/wp-content\/uploads\/2025\/10\/Shuri1-8-W-768x432.jpg 768w\" sizes=\"auto, (max-width: 1000px) 100vw, 1000px\" \/><\/a><\/figure>\n\n\n\n<h2 class=\"wp-block-heading\"><strong>05.10.25 &#8222;Shuri&#8220; , 7 Wochen alt, 4320 g<\/strong><\/h2>\n\n\n\n<figure class=\"wp-block-image size-large is-style-rounded\"><a href=\"https:\/\/collies-vom-floersbachtal.de\/cms\/wp-content\/uploads\/2025\/10\/Shuri2-7-Wochen.jpg\"><img loading=\"lazy\" decoding=\"async\" width=\"941\" height=\"1024\" src=\"https:\/\/collies-vom-floersbachtal.de\/cms\/wp-content\/uploads\/2025\/10\/Shuri2-7-Wochen-941x1024.jpg\" alt=\"\" class=\"wp-image-52716\" srcset=\"https:\/\/collies-vom-floersbachtal.de\/cms\/wp-content\/uploads\/2025\/10\/Shuri2-7-Wochen-941x1024.jpg 941w, https:\/\/collies-vom-floersbachtal.de\/cms\/wp-content\/uploads\/2025\/10\/Shuri2-7-Wochen-276x300.jpg 276w, https:\/\/collies-vom-floersbachtal.de\/cms\/wp-content\/uploads\/2025\/10\/Shuri2-7-Wochen-768x836.jpg 768w, https:\/\/collies-vom-floersbachtal.de\/cms\/wp-content\/uploads\/2025\/10\/Shuri2-7-Wochen-1412x1536.jpg 1412w, https:\/\/collies-vom-floersbachtal.de\/cms\/wp-content\/uploads\/2025\/10\/Shuri2-7-Wochen-1882x2048.jpg 1882w, https:\/\/collies-vom-floersbachtal.de\/cms\/wp-content\/uploads\/2025\/10\/Shuri2-7-Wochen.jpg 1888w\" sizes=\"auto, (max-width: 941px) 100vw, 941px\" \/><\/a><\/figure>\n\n\n\n<figure class=\"wp-block-gallery has-nested-images columns-default is-cropped wp-block-gallery-36 is-layout-flex wp-block-gallery-is-layout-flex\">\n<figure class=\"wp-block-image size-large is-style-rounded\"><a href=\"https:\/\/collies-vom-floersbachtal.de\/cms\/wp-content\/uploads\/2025\/10\/Shuri1-7-Wochen-scaled.jpg\"><img loading=\"lazy\" decoding=\"async\" width=\"1024\" height=\"775\" data-id=\"52717\" src=\"https:\/\/collies-vom-floersbachtal.de\/cms\/wp-content\/uploads\/2025\/10\/Shuri1-7-Wochen-1024x775.jpg\" alt=\"\" class=\"wp-image-52717\" srcset=\"https:\/\/collies-vom-floersbachtal.de\/cms\/wp-content\/uploads\/2025\/10\/Shuri1-7-Wochen-1024x775.jpg 1024w, https:\/\/collies-vom-floersbachtal.de\/cms\/wp-content\/uploads\/2025\/10\/Shuri1-7-Wochen-300x227.jpg 300w, https:\/\/collies-vom-floersbachtal.de\/cms\/wp-content\/uploads\/2025\/10\/Shuri1-7-Wochen-768x581.jpg 768w, https:\/\/collies-vom-floersbachtal.de\/cms\/wp-content\/uploads\/2025\/10\/Shuri1-7-Wochen-1536x1163.jpg 1536w, https:\/\/collies-vom-floersbachtal.de\/cms\/wp-content\/uploads\/2025\/10\/Shuri1-7-Wochen-2048x1550.jpg 2048w\" sizes=\"auto, (max-width: 1024px) 100vw, 1024px\" \/><\/a><\/figure>\n<\/figure>\n\n\n\n<h2 class=\"wp-block-heading\"><strong>28.09.25 &#8222;Shuri&#8220; , 6 Wochen alt, 3600 g<\/strong><\/h2>\n\n\n\n<figure class=\"wp-block-image size-large\"><a href=\"https:\/\/collies-vom-floersbachtal.de\/cms\/wp-content\/uploads\/2025\/09\/Shuri3-6-Wochen.jpg\"><img loading=\"lazy\" decoding=\"async\" width=\"1024\" height=\"974\" src=\"https:\/\/collies-vom-floersbachtal.de\/cms\/wp-content\/uploads\/2025\/09\/Shuri3-6-Wochen-1024x974.jpg\" alt=\"\" class=\"wp-image-52498\" srcset=\"https:\/\/collies-vom-floersbachtal.de\/cms\/wp-content\/uploads\/2025\/09\/Shuri3-6-Wochen-1024x974.jpg 1024w, https:\/\/collies-vom-floersbachtal.de\/cms\/wp-content\/uploads\/2025\/09\/Shuri3-6-Wochen-300x285.jpg 300w, https:\/\/collies-vom-floersbachtal.de\/cms\/wp-content\/uploads\/2025\/09\/Shuri3-6-Wochen-768x730.jpg 768w, https:\/\/collies-vom-floersbachtal.de\/cms\/wp-content\/uploads\/2025\/09\/Shuri3-6-Wochen-1536x1460.jpg 1536w, https:\/\/collies-vom-floersbachtal.de\/cms\/wp-content\/uploads\/2025\/09\/Shuri3-6-Wochen.jpg 1767w\" sizes=\"auto, (max-width: 1024px) 100vw, 1024px\" \/><\/a><\/figure>\n\n\n\n<h2 class=\"wp-block-heading\"><strong>20.09.25 &#8222;Shuri&#8220; , 5 Wochen alt, 2720 g<\/strong><\/h2>\n\n\n\n<figure class=\"wp-block-image size-full is-style-rounded\"><a href=\"https:\/\/collies-vom-floersbachtal.de\/cms\/wp-content\/uploads\/2025\/09\/Shuri1-5-Wochen.jpg\"><img loading=\"lazy\" decoding=\"async\" width=\"800\" height=\"726\" src=\"https:\/\/collies-vom-floersbachtal.de\/cms\/wp-content\/uploads\/2025\/09\/Shuri1-5-Wochen.jpg\" alt=\"\" class=\"wp-image-52362\" srcset=\"https:\/\/collies-vom-floersbachtal.de\/cms\/wp-content\/uploads\/2025\/09\/Shuri1-5-Wochen.jpg 800w, https:\/\/collies-vom-floersbachtal.de\/cms\/wp-content\/uploads\/2025\/09\/Shuri1-5-Wochen-300x272.jpg 300w, https:\/\/collies-vom-floersbachtal.de\/cms\/wp-content\/uploads\/2025\/09\/Shuri1-5-Wochen-768x697.jpg 768w\" sizes=\"auto, (max-width: 800px) 100vw, 800px\" \/><\/a><\/figure>\n\n\n\n<h2 class=\"wp-block-heading\"><strong>14.09.25 <\/strong>&#8222;<strong>Shuri&#8220; , 4 Wochen alt,  2265 g<\/strong><\/h2>\n\n\n\n<figure class=\"wp-block-image size-large\"><a href=\"https:\/\/collies-vom-floersbachtal.de\/cms\/wp-content\/uploads\/2025\/09\/Shuri2-4-Wochen.jpg\"><img loading=\"lazy\" decoding=\"async\" width=\"937\" height=\"1024\" src=\"https:\/\/collies-vom-floersbachtal.de\/cms\/wp-content\/uploads\/2025\/09\/Shuri2-4-Wochen-937x1024.jpg\" alt=\"\" class=\"wp-image-52272\" srcset=\"https:\/\/collies-vom-floersbachtal.de\/cms\/wp-content\/uploads\/2025\/09\/Shuri2-4-Wochen-937x1024.jpg 937w, https:\/\/collies-vom-floersbachtal.de\/cms\/wp-content\/uploads\/2025\/09\/Shuri2-4-Wochen-274x300.jpg 274w, https:\/\/collies-vom-floersbachtal.de\/cms\/wp-content\/uploads\/2025\/09\/Shuri2-4-Wochen-768x839.jpg 768w, https:\/\/collies-vom-floersbachtal.de\/cms\/wp-content\/uploads\/2025\/09\/Shuri2-4-Wochen.jpg 1323w\" sizes=\"auto, (max-width: 937px) 100vw, 937px\" \/><\/a><\/figure>\n\n\n\n<h2 class=\"wp-block-heading\"><strong>07.09.25<\/strong> <strong>&#8222;Shuri&#8220;, 3 Wochen alt, 1622 g<\/strong><\/h2>\n\n\n\n<figure class=\"wp-block-image size-large is-style-rounded\"><a href=\"https:\/\/collies-vom-floersbachtal.de\/cms\/wp-content\/uploads\/2025\/09\/Shuri3-3-Wochen.jpg\"><img loading=\"lazy\" decoding=\"async\" width=\"781\" height=\"1024\" src=\"https:\/\/collies-vom-floersbachtal.de\/cms\/wp-content\/uploads\/2025\/09\/Shuri3-3-Wochen-781x1024.jpg\" alt=\"\" class=\"wp-image-52165\" srcset=\"https:\/\/collies-vom-floersbachtal.de\/cms\/wp-content\/uploads\/2025\/09\/Shuri3-3-Wochen-781x1024.jpg 781w, https:\/\/collies-vom-floersbachtal.de\/cms\/wp-content\/uploads\/2025\/09\/Shuri3-3-Wochen-229x300.jpg 229w, https:\/\/collies-vom-floersbachtal.de\/cms\/wp-content\/uploads\/2025\/09\/Shuri3-3-Wochen-768x1007.jpg 768w, https:\/\/collies-vom-floersbachtal.de\/cms\/wp-content\/uploads\/2025\/09\/Shuri3-3-Wochen.jpg 800w\" sizes=\"auto, (max-width: 781px) 100vw, 781px\" \/><\/a><\/figure>\n\n\n\n<figure class=\"wp-block-gallery has-nested-images columns-default is-cropped wp-block-gallery-37 is-layout-flex wp-block-gallery-is-layout-flex\">\n<figure class=\"wp-block-image size-full\"><a href=\"https:\/\/collies-vom-floersbachtal.de\/cms\/wp-content\/uploads\/2025\/09\/Shuri1-3-Wochen-1.jpg\"><img loading=\"lazy\" decoding=\"async\" width=\"800\" height=\"812\" data-id=\"52169\" src=\"https:\/\/collies-vom-floersbachtal.de\/cms\/wp-content\/uploads\/2025\/09\/Shuri1-3-Wochen-1.jpg\" alt=\"\" class=\"wp-image-52169\" srcset=\"https:\/\/collies-vom-floersbachtal.de\/cms\/wp-content\/uploads\/2025\/09\/Shuri1-3-Wochen-1.jpg 800w, https:\/\/collies-vom-floersbachtal.de\/cms\/wp-content\/uploads\/2025\/09\/Shuri1-3-Wochen-1-296x300.jpg 296w, https:\/\/collies-vom-floersbachtal.de\/cms\/wp-content\/uploads\/2025\/09\/Shuri1-3-Wochen-1-768x780.jpg 768w\" sizes=\"auto, (max-width: 800px) 100vw, 800px\" \/><\/a><\/figure>\n\n\n\n<figure class=\"wp-block-image size-large\"><a href=\"https:\/\/collies-vom-floersbachtal.de\/cms\/wp-content\/uploads\/2025\/09\/Shuri2-3-Wochen.jpg\"><img loading=\"lazy\" decoding=\"async\" width=\"768\" height=\"1024\" data-id=\"52168\" src=\"https:\/\/collies-vom-floersbachtal.de\/cms\/wp-content\/uploads\/2025\/09\/Shuri2-3-Wochen-768x1024.jpg\" alt=\"\" class=\"wp-image-52168\" srcset=\"https:\/\/collies-vom-floersbachtal.de\/cms\/wp-content\/uploads\/2025\/09\/Shuri2-3-Wochen-768x1024.jpg 768w, https:\/\/collies-vom-floersbachtal.de\/cms\/wp-content\/uploads\/2025\/09\/Shuri2-3-Wochen-225x300.jpg 225w, https:\/\/collies-vom-floersbachtal.de\/cms\/wp-content\/uploads\/2025\/09\/Shuri2-3-Wochen.jpg 1000w\" sizes=\"auto, (max-width: 768px) 100vw, 768px\" \/><\/a><\/figure>\n<\/figure>\n\n\n\n<figure class=\"wp-block-gallery has-nested-images columns-default is-cropped wp-block-gallery-38 is-layout-flex wp-block-gallery-is-layout-flex\">\n<figure class=\"wp-block-image size-large\"><a href=\"https:\/\/collies-vom-floersbachtal.de\/cms\/wp-content\/uploads\/2025\/09\/Alle4-1-3-Wochen.jpg\"><img loading=\"lazy\" decoding=\"async\" width=\"576\" height=\"1024\" data-id=\"52172\" src=\"https:\/\/collies-vom-floersbachtal.de\/cms\/wp-content\/uploads\/2025\/09\/Alle4-1-3-Wochen-576x1024.jpg\" alt=\"\" class=\"wp-image-52172\" srcset=\"https:\/\/collies-vom-floersbachtal.de\/cms\/wp-content\/uploads\/2025\/09\/Alle4-1-3-Wochen-576x1024.jpg 576w, https:\/\/collies-vom-floersbachtal.de\/cms\/wp-content\/uploads\/2025\/09\/Alle4-1-3-Wochen-169x300.jpg 169w, https:\/\/collies-vom-floersbachtal.de\/cms\/wp-content\/uploads\/2025\/09\/Alle4-1-3-Wochen-768x1364.jpg 768w, https:\/\/collies-vom-floersbachtal.de\/cms\/wp-content\/uploads\/2025\/09\/Alle4-1-3-Wochen.jpg 800w\" sizes=\"auto, (max-width: 576px) 100vw, 576px\" \/><\/a><\/figure>\n\n\n\n<figure class=\"wp-block-image size-large\"><a href=\"https:\/\/collies-vom-floersbachtal.de\/cms\/wp-content\/uploads\/2025\/09\/Alle5-2-3-Wochen.jpg\"><img loading=\"lazy\" decoding=\"async\" width=\"395\" height=\"1024\" data-id=\"52173\" src=\"https:\/\/collies-vom-floersbachtal.de\/cms\/wp-content\/uploads\/2025\/09\/Alle5-2-3-Wochen-395x1024.jpg\" alt=\"\" class=\"wp-image-52173\" srcset=\"https:\/\/collies-vom-floersbachtal.de\/cms\/wp-content\/uploads\/2025\/09\/Alle5-2-3-Wochen-395x1024.jpg 395w, https:\/\/collies-vom-floersbachtal.de\/cms\/wp-content\/uploads\/2025\/09\/Alle5-2-3-Wochen-116x300.jpg 116w, https:\/\/collies-vom-floersbachtal.de\/cms\/wp-content\/uploads\/2025\/09\/Alle5-2-3-Wochen-768x1991.jpg 768w, https:\/\/collies-vom-floersbachtal.de\/cms\/wp-content\/uploads\/2025\/09\/Alle5-2-3-Wochen-592x1536.jpg 592w, https:\/\/collies-vom-floersbachtal.de\/cms\/wp-content\/uploads\/2025\/09\/Alle5-2-3-Wochen-790x2048.jpg 790w, https:\/\/collies-vom-floersbachtal.de\/cms\/wp-content\/uploads\/2025\/09\/Alle5-2-3-Wochen.jpg 800w\" sizes=\"auto, (max-width: 395px) 100vw, 395px\" \/><\/a><\/figure>\n\n\n\n<figure class=\"wp-block-image size-large\"><a href=\"https:\/\/collies-vom-floersbachtal.de\/cms\/wp-content\/uploads\/2025\/09\/Shuri-und-Yuki1-3-Wochen.jpg\"><img loading=\"lazy\" decoding=\"async\" width=\"1000\" height=\"673\" data-id=\"52171\" src=\"https:\/\/collies-vom-floersbachtal.de\/cms\/wp-content\/uploads\/2025\/09\/Shuri-und-Yuki1-3-Wochen.jpg\" alt=\"\" class=\"wp-image-52171\" srcset=\"https:\/\/collies-vom-floersbachtal.de\/cms\/wp-content\/uploads\/2025\/09\/Shuri-und-Yuki1-3-Wochen.jpg 1000w, https:\/\/collies-vom-floersbachtal.de\/cms\/wp-content\/uploads\/2025\/09\/Shuri-und-Yuki1-3-Wochen-300x202.jpg 300w, https:\/\/collies-vom-floersbachtal.de\/cms\/wp-content\/uploads\/2025\/09\/Shuri-und-Yuki1-3-Wochen-768x517.jpg 768w\" sizes=\"auto, (max-width: 1000px) 100vw, 1000px\" \/><\/a><\/figure>\n\n\n\n<figure class=\"wp-block-image size-large\"><a href=\"https:\/\/collies-vom-floersbachtal.de\/cms\/wp-content\/uploads\/2025\/09\/Shuri-und-Yuki2-3-Wochen-1.jpg\"><img loading=\"lazy\" decoding=\"async\" width=\"800\" height=\"503\" data-id=\"52170\" src=\"https:\/\/collies-vom-floersbachtal.de\/cms\/wp-content\/uploads\/2025\/09\/Shuri-und-Yuki2-3-Wochen-1.jpg\" alt=\"\" class=\"wp-image-52170\" srcset=\"https:\/\/collies-vom-floersbachtal.de\/cms\/wp-content\/uploads\/2025\/09\/Shuri-und-Yuki2-3-Wochen-1.jpg 800w, https:\/\/collies-vom-floersbachtal.de\/cms\/wp-content\/uploads\/2025\/09\/Shuri-und-Yuki2-3-Wochen-1-300x189.jpg 300w, https:\/\/collies-vom-floersbachtal.de\/cms\/wp-content\/uploads\/2025\/09\/Shuri-und-Yuki2-3-Wochen-1-768x483.jpg 768w\" sizes=\"auto, (max-width: 800px) 100vw, 800px\" \/><\/a><\/figure>\n<\/figure>\n\n\n\n<h2 class=\"wp-block-heading\"><strong>31.08.25 &#8222;Shuri&#8220;, 2 Wochen alt, 1126 g<\/strong><\/h2>\n\n\n\n<figure class=\"wp-block-image size-full is-style-rounded\"><a href=\"https:\/\/collies-vom-floersbachtal.de\/cms\/wp-content\/uploads\/2025\/08\/Shuki-und-Joey1-3-Woche.jpg\"><img loading=\"lazy\" decoding=\"async\" width=\"800\" height=\"630\" src=\"https:\/\/collies-vom-floersbachtal.de\/cms\/wp-content\/uploads\/2025\/08\/Shuki-und-Joey1-3-Woche.jpg\" alt=\"\" class=\"wp-image-52040\" srcset=\"https:\/\/collies-vom-floersbachtal.de\/cms\/wp-content\/uploads\/2025\/08\/Shuki-und-Joey1-3-Woche.jpg 800w, https:\/\/collies-vom-floersbachtal.de\/cms\/wp-content\/uploads\/2025\/08\/Shuki-und-Joey1-3-Woche-300x236.jpg 300w, https:\/\/collies-vom-floersbachtal.de\/cms\/wp-content\/uploads\/2025\/08\/Shuki-und-Joey1-3-Woche-768x605.jpg 768w\" sizes=\"auto, (max-width: 800px) 100vw, 800px\" \/><\/a><\/figure>\n\n\n\n<figure class=\"wp-block-gallery has-nested-images columns-default is-cropped wp-block-gallery-39 is-layout-flex wp-block-gallery-is-layout-flex\">\n<figure class=\"wp-block-image size-large\"><a href=\"https:\/\/collies-vom-floersbachtal.de\/cms\/wp-content\/uploads\/2025\/08\/Shuri3-3.-Woche.jpg\"><img loading=\"lazy\" decoding=\"async\" width=\"800\" height=\"970\" data-id=\"52041\" src=\"https:\/\/collies-vom-floersbachtal.de\/cms\/wp-content\/uploads\/2025\/08\/Shuri3-3.-Woche.jpg\" alt=\"\" class=\"wp-image-52041\" srcset=\"https:\/\/collies-vom-floersbachtal.de\/cms\/wp-content\/uploads\/2025\/08\/Shuri3-3.-Woche.jpg 800w, https:\/\/collies-vom-floersbachtal.de\/cms\/wp-content\/uploads\/2025\/08\/Shuri3-3.-Woche-247x300.jpg 247w, https:\/\/collies-vom-floersbachtal.de\/cms\/wp-content\/uploads\/2025\/08\/Shuri3-3.-Woche-768x931.jpg 768w\" sizes=\"auto, (max-width: 800px) 100vw, 800px\" \/><\/a><\/figure>\n\n\n\n<figure class=\"wp-block-image size-large\"><a href=\"https:\/\/collies-vom-floersbachtal.de\/cms\/wp-content\/uploads\/2025\/08\/Shuri2-3.-Woche.jpg\"><img loading=\"lazy\" decoding=\"async\" width=\"577\" height=\"1024\" data-id=\"52042\" src=\"https:\/\/collies-vom-floersbachtal.de\/cms\/wp-content\/uploads\/2025\/08\/Shuri2-3.-Woche-577x1024.jpg\" alt=\"\" class=\"wp-image-52042\" srcset=\"https:\/\/collies-vom-floersbachtal.de\/cms\/wp-content\/uploads\/2025\/08\/Shuri2-3.-Woche-577x1024.jpg 577w, https:\/\/collies-vom-floersbachtal.de\/cms\/wp-content\/uploads\/2025\/08\/Shuri2-3.-Woche-169x300.jpg 169w, https:\/\/collies-vom-floersbachtal.de\/cms\/wp-content\/uploads\/2025\/08\/Shuri2-3.-Woche.jpg 700w\" sizes=\"auto, (max-width: 577px) 100vw, 577px\" \/><\/a><\/figure>\n<\/figure>\n\n\n\n<figure class=\"wp-block-image size-full is-style-rounded\"><a href=\"https:\/\/collies-vom-floersbachtal.de\/cms\/wp-content\/uploads\/2025\/08\/Shuri1-3.-Woche-1.jpg\"><img loading=\"lazy\" decoding=\"async\" width=\"800\" height=\"701\" src=\"https:\/\/collies-vom-floersbachtal.de\/cms\/wp-content\/uploads\/2025\/08\/Shuri1-3.-Woche-1.jpg\" alt=\"\" class=\"wp-image-52044\" srcset=\"https:\/\/collies-vom-floersbachtal.de\/cms\/wp-content\/uploads\/2025\/08\/Shuri1-3.-Woche-1.jpg 800w, https:\/\/collies-vom-floersbachtal.de\/cms\/wp-content\/uploads\/2025\/08\/Shuri1-3.-Woche-1-300x263.jpg 300w, https:\/\/collies-vom-floersbachtal.de\/cms\/wp-content\/uploads\/2025\/08\/Shuri1-3.-Woche-1-768x673.jpg 768w\" sizes=\"auto, (max-width: 800px) 100vw, 800px\" \/><\/a><\/figure>\n\n\n\n<p><strong>24.05.25 Shuri, 1 Woche alt, 665 g<\/strong><\/p>\n\n\n\n<figure class=\"wp-block-image size-full is-style-rounded\"><a href=\"https:\/\/collies-vom-floersbachtal.de\/cms\/wp-content\/uploads\/2025\/08\/Shuri2-11-Tage.jpg\"><img loading=\"lazy\" decoding=\"async\" width=\"1000\" height=\"814\" src=\"https:\/\/collies-vom-floersbachtal.de\/cms\/wp-content\/uploads\/2025\/08\/Shuri2-11-Tage.jpg\" alt=\"\" class=\"wp-image-52009\" srcset=\"https:\/\/collies-vom-floersbachtal.de\/cms\/wp-content\/uploads\/2025\/08\/Shuri2-11-Tage.jpg 1000w, https:\/\/collies-vom-floersbachtal.de\/cms\/wp-content\/uploads\/2025\/08\/Shuri2-11-Tage-300x244.jpg 300w, https:\/\/collies-vom-floersbachtal.de\/cms\/wp-content\/uploads\/2025\/08\/Shuri2-11-Tage-768x625.jpg 768w\" sizes=\"auto, (max-width: 1000px) 100vw, 1000px\" \/><\/a><\/figure>\n\n\n\n<figure class=\"wp-block-image size-full\"><a href=\"https:\/\/collies-vom-floersbachtal.de\/cms\/wp-content\/uploads\/2025\/08\/Shuri-und-Joey1-9-Tage-alt.jpg\"><img loading=\"lazy\" decoding=\"async\" width=\"1000\" height=\"885\" src=\"https:\/\/collies-vom-floersbachtal.de\/cms\/wp-content\/uploads\/2025\/08\/Shuri-und-Joey1-9-Tage-alt.jpg\" alt=\"\" class=\"wp-image-51924\" srcset=\"https:\/\/collies-vom-floersbachtal.de\/cms\/wp-content\/uploads\/2025\/08\/Shuri-und-Joey1-9-Tage-alt.jpg 1000w, https:\/\/collies-vom-floersbachtal.de\/cms\/wp-content\/uploads\/2025\/08\/Shuri-und-Joey1-9-Tage-alt-300x266.jpg 300w, https:\/\/collies-vom-floersbachtal.de\/cms\/wp-content\/uploads\/2025\/08\/Shuri-und-Joey1-9-Tage-alt-768x680.jpg 768w\" sizes=\"auto, (max-width: 1000px) 100vw, 1000px\" \/><\/a><\/figure>\n\n\n\n<figure class=\"wp-block-gallery has-nested-images columns-default is-cropped wp-block-gallery-40 is-layout-flex wp-block-gallery-is-layout-flex\">\n<figure class=\"wp-block-image size-large is-style-rounded\"><a href=\"https:\/\/collies-vom-floersbachtal.de\/cms\/wp-content\/uploads\/2025\/08\/Shuri1-1-Woche-alt-scaled.jpg\"><img loading=\"lazy\" decoding=\"async\" width=\"632\" height=\"1024\" data-id=\"51886\" src=\"https:\/\/collies-vom-floersbachtal.de\/cms\/wp-content\/uploads\/2025\/08\/Shuri1-1-Woche-alt-632x1024.jpg\" alt=\"\" class=\"wp-image-51886\" srcset=\"https:\/\/collies-vom-floersbachtal.de\/cms\/wp-content\/uploads\/2025\/08\/Shuri1-1-Woche-alt-632x1024.jpg 632w, https:\/\/collies-vom-floersbachtal.de\/cms\/wp-content\/uploads\/2025\/08\/Shuri1-1-Woche-alt-185x300.jpg 185w, https:\/\/collies-vom-floersbachtal.de\/cms\/wp-content\/uploads\/2025\/08\/Shuri1-1-Woche-alt-768x1244.jpg 768w, https:\/\/collies-vom-floersbachtal.de\/cms\/wp-content\/uploads\/2025\/08\/Shuri1-1-Woche-alt-948x1536.jpg 948w, https:\/\/collies-vom-floersbachtal.de\/cms\/wp-content\/uploads\/2025\/08\/Shuri1-1-Woche-alt-1264x2048.jpg 1264w, https:\/\/collies-vom-floersbachtal.de\/cms\/wp-content\/uploads\/2025\/08\/Shuri1-1-Woche-alt-scaled.jpg 1580w\" sizes=\"auto, (max-width: 632px) 100vw, 632px\" \/><\/a><\/figure>\n<\/figure>\n\n\n\n<figure class=\"wp-block-gallery has-nested-images columns-default is-cropped wp-block-gallery-41 is-layout-flex wp-block-gallery-is-layout-flex\">\n<figure class=\"wp-block-image size-large\"><a href=\"https:\/\/collies-vom-floersbachtal.de\/cms\/wp-content\/uploads\/2025\/08\/Tara1-und-Shuri-7.-Tag.jpg\"><img loading=\"lazy\" decoding=\"async\" width=\"746\" height=\"1024\" data-id=\"51887\" src=\"https:\/\/collies-vom-floersbachtal.de\/cms\/wp-content\/uploads\/2025\/08\/Tara1-und-Shuri-7.-Tag-746x1024.jpg\" alt=\"\" class=\"wp-image-51887\" srcset=\"https:\/\/collies-vom-floersbachtal.de\/cms\/wp-content\/uploads\/2025\/08\/Tara1-und-Shuri-7.-Tag-746x1024.jpg 746w, https:\/\/collies-vom-floersbachtal.de\/cms\/wp-content\/uploads\/2025\/08\/Tara1-und-Shuri-7.-Tag-219x300.jpg 219w, https:\/\/collies-vom-floersbachtal.de\/cms\/wp-content\/uploads\/2025\/08\/Tara1-und-Shuri-7.-Tag-768x1054.jpg 768w, https:\/\/collies-vom-floersbachtal.de\/cms\/wp-content\/uploads\/2025\/08\/Tara1-und-Shuri-7.-Tag.jpg 1000w\" sizes=\"auto, (max-width: 746px) 100vw, 746px\" \/><\/a><\/figure>\n\n\n\n<figure class=\"wp-block-image size-large\"><a href=\"https:\/\/collies-vom-floersbachtal.de\/cms\/wp-content\/uploads\/2025\/08\/Shuri2-1-Woche-alt-scaled.jpg\"><img loading=\"lazy\" decoding=\"async\" width=\"1024\" height=\"902\" data-id=\"51889\" src=\"https:\/\/collies-vom-floersbachtal.de\/cms\/wp-content\/uploads\/2025\/08\/Shuri2-1-Woche-alt-1024x902.jpg\" alt=\"\" class=\"wp-image-51889\" srcset=\"https:\/\/collies-vom-floersbachtal.de\/cms\/wp-content\/uploads\/2025\/08\/Shuri2-1-Woche-alt-1024x902.jpg 1024w, https:\/\/collies-vom-floersbachtal.de\/cms\/wp-content\/uploads\/2025\/08\/Shuri2-1-Woche-alt-300x264.jpg 300w, https:\/\/collies-vom-floersbachtal.de\/cms\/wp-content\/uploads\/2025\/08\/Shuri2-1-Woche-alt-768x676.jpg 768w, https:\/\/collies-vom-floersbachtal.de\/cms\/wp-content\/uploads\/2025\/08\/Shuri2-1-Woche-alt-1536x1353.jpg 1536w, https:\/\/collies-vom-floersbachtal.de\/cms\/wp-content\/uploads\/2025\/08\/Shuri2-1-Woche-alt-2048x1804.jpg 2048w\" sizes=\"auto, (max-width: 1024px) 100vw, 1024px\" \/><\/a><\/figure>\n\n\n\n<figure class=\"wp-block-image size-large\"><a href=\"https:\/\/collies-vom-floersbachtal.de\/cms\/wp-content\/uploads\/2025\/08\/Shuri3-1-Woche-alt.jpg\"><img loading=\"lazy\" decoding=\"async\" width=\"1024\" height=\"968\" data-id=\"51888\" src=\"https:\/\/collies-vom-floersbachtal.de\/cms\/wp-content\/uploads\/2025\/08\/Shuri3-1-Woche-alt-1024x968.jpg\" alt=\"\" class=\"wp-image-51888\" srcset=\"https:\/\/collies-vom-floersbachtal.de\/cms\/wp-content\/uploads\/2025\/08\/Shuri3-1-Woche-alt-1024x968.jpg 1024w, https:\/\/collies-vom-floersbachtal.de\/cms\/wp-content\/uploads\/2025\/08\/Shuri3-1-Woche-alt-300x284.jpg 300w, https:\/\/collies-vom-floersbachtal.de\/cms\/wp-content\/uploads\/2025\/08\/Shuri3-1-Woche-alt-768x726.jpg 768w, https:\/\/collies-vom-floersbachtal.de\/cms\/wp-content\/uploads\/2025\/08\/Shuri3-1-Woche-alt-1536x1452.jpg 1536w, https:\/\/collies-vom-floersbachtal.de\/cms\/wp-content\/uploads\/2025\/08\/Shuri3-1-Woche-alt-2048x1936.jpg 2048w\" sizes=\"auto, (max-width: 1024px) 100vw, 1024px\" \/><\/a><\/figure>\n<\/figure>\n\n\n\n<p><strong>17.08.25 Shuri frisch geboren<\/strong><\/p>\n\n\n\n<figure class=\"wp-block-gallery has-nested-images columns-default is-cropped wp-block-gallery-42 is-layout-flex wp-block-gallery-is-layout-flex\">\n<figure class=\"wp-block-image size-large is-style-rounded\"><a href=\"https:\/\/collies-vom-floersbachtal.de\/cms\/wp-content\/uploads\/2025\/08\/Blue-Merle2-3.-tag.jpg\"><img loading=\"lazy\" decoding=\"async\" width=\"921\" height=\"1024\" data-id=\"51756\" src=\"https:\/\/collies-vom-floersbachtal.de\/cms\/wp-content\/uploads\/2025\/08\/Blue-Merle2-3.-tag-921x1024.jpg\" alt=\"\" class=\"wp-image-51756\" srcset=\"https:\/\/collies-vom-floersbachtal.de\/cms\/wp-content\/uploads\/2025\/08\/Blue-Merle2-3.-tag-921x1024.jpg 921w, https:\/\/collies-vom-floersbachtal.de\/cms\/wp-content\/uploads\/2025\/08\/Blue-Merle2-3.-tag-270x300.jpg 270w, https:\/\/collies-vom-floersbachtal.de\/cms\/wp-content\/uploads\/2025\/08\/Blue-Merle2-3.-tag-768x854.jpg 768w, https:\/\/collies-vom-floersbachtal.de\/cms\/wp-content\/uploads\/2025\/08\/Blue-Merle2-3.-tag.jpg 1000w\" sizes=\"auto, (max-width: 921px) 100vw, 921px\" \/><\/a><\/figure>\n<\/figure>\n\n\n\n<figure class=\"wp-block-gallery has-nested-images columns-default is-cropped wp-block-gallery-43 is-layout-flex wp-block-gallery-is-layout-flex\">\n<figure class=\"wp-block-image size-large\"><a href=\"https:\/\/collies-vom-floersbachtal.de\/cms\/wp-content\/uploads\/2025\/08\/4.-Ruede1-Sablemerle-Harlekin.jpg\"><img loading=\"lazy\" decoding=\"async\" width=\"1000\" height=\"817\" data-id=\"51626\" src=\"https:\/\/collies-vom-floersbachtal.de\/cms\/wp-content\/uploads\/2025\/08\/4.-Ruede1-Sablemerle-Harlekin.jpg\" alt=\"\" class=\"wp-image-51626\" srcset=\"https:\/\/collies-vom-floersbachtal.de\/cms\/wp-content\/uploads\/2025\/08\/4.-Ruede1-Sablemerle-Harlekin.jpg 1000w, https:\/\/collies-vom-floersbachtal.de\/cms\/wp-content\/uploads\/2025\/08\/4.-Ruede1-Sablemerle-Harlekin-300x245.jpg 300w, https:\/\/collies-vom-floersbachtal.de\/cms\/wp-content\/uploads\/2025\/08\/4.-Ruede1-Sablemerle-Harlekin-768x627.jpg 768w\" sizes=\"auto, (max-width: 1000px) 100vw, 1000px\" \/><\/a><\/figure>\n\n\n\n<figure class=\"wp-block-image size-large\"><a href=\"https:\/\/collies-vom-floersbachtal.de\/cms\/wp-content\/uploads\/2025\/08\/4.-Ruede2-Sablemerle-Harlekin-1.jpg\"><img loading=\"lazy\" decoding=\"async\" width=\"583\" height=\"1024\" data-id=\"51627\" src=\"https:\/\/collies-vom-floersbachtal.de\/cms\/wp-content\/uploads\/2025\/08\/4.-Ruede2-Sablemerle-Harlekin-1-583x1024.jpg\" alt=\"\" class=\"wp-image-51627\" srcset=\"https:\/\/collies-vom-floersbachtal.de\/cms\/wp-content\/uploads\/2025\/08\/4.-Ruede2-Sablemerle-Harlekin-1-583x1024.jpg 583w, https:\/\/collies-vom-floersbachtal.de\/cms\/wp-content\/uploads\/2025\/08\/4.-Ruede2-Sablemerle-Harlekin-1-171x300.jpg 171w, https:\/\/collies-vom-floersbachtal.de\/cms\/wp-content\/uploads\/2025\/08\/4.-Ruede2-Sablemerle-Harlekin-1-768x1348.jpg 768w, https:\/\/collies-vom-floersbachtal.de\/cms\/wp-content\/uploads\/2025\/08\/4.-Ruede2-Sablemerle-Harlekin-1-875x1536.jpg 875w, https:\/\/collies-vom-floersbachtal.de\/cms\/wp-content\/uploads\/2025\/08\/4.-Ruede2-Sablemerle-Harlekin-1.jpg 1000w\" sizes=\"auto, (max-width: 583px) 100vw, 583px\" \/><\/a><\/figure>\n<\/figure>\n\n\n\n<p><strong>Der L\u00f6we-Hund: 24.07. &#8211; 23. August<\/strong><\/p>\n\n\n\n<p><strong>Charaktereigenschaften:<\/strong> mutig, energiegeladen, charismatisch&nbsp;<\/p>\n\n\n\n<p>Der L\u00f6we-Hund liebt es, im Mittelpunkt zu stehen. Dein Hund&nbsp;mag&nbsp;es, von Menschen und anderen Hunden umringt zu sein, ist gleichzeitig aber auch ein bisschen angeberisch. Hunde mit dem Sternzeichen L\u00f6we brauchen Bewunderung und viel Aufmerksamkeit. Daf\u00fcr belohnen sie ihr Herrchen oder Frauchen mit einem gro\u00dfen Herz, ganz viel Treue und Loyalit\u00e4t. L\u00f6we-Hunde sind au\u00dferdem mutig und scheuen sich nicht, ihre Liebsten zu besch\u00fctzen.<\/p>\n","protected":false},"excerpt":{"rendered":"<p>Halleluja, ich habs geschafft, am 17.08.2025 sind 5 Kr\u00fcmel mehr im Fl\u00f6rsbachtal unterwegs \ud83d\ude00 Eine super sch\u00f6ne Wurfwiederholung meiner M-chens \ud83d\ude00 Es ist ein wirklich gelungener Wurf, alle Farben sind vertreten. Die da w\u00e4ren: 1\/0 CHW- Blue-Merle, 1\/0 CHW Trico &hellip; <a href=\"https:\/\/collies-vom-floersbachtal.de\/?page_id=50841\">Weiterlesen <span class=\"meta-nav\">&rarr;<\/span><\/a><\/p>\n","protected":false},"author":1,"featured_media":0,"parent":0,"menu_order":0,"comment_status":"closed","ping_status":"closed","template":"","meta":{"footnotes":""},"class_list":["post-50841","page","type-page","status-publish","hentry"],"_links":{"self":[{"href":"https:\/\/collies-vom-floersbachtal.de\/index.php?rest_route=\/wp\/v2\/pages\/50841","targetHints":{"allow":["GET"]}}],"collection":[{"href":"https:\/\/collies-vom-floersbachtal.de\/index.php?rest_route=\/wp\/v2\/pages"}],"about":[{"href":"https:\/\/collies-vom-floersbachtal.de\/index.php?rest_route=\/wp\/v2\/types\/page"}],"author":[{"embeddable":true,"href":"https:\/\/collies-vom-floersbachtal.de\/index.php?rest_route=\/wp\/v2\/users\/1"}],"replies":[{"embeddable":true,"href":"https:\/\/collies-vom-floersbachtal.de\/index.php?rest_route=%2Fwp%2Fv2%2Fcomments&post=50841"}],"version-history":[{"count":98,"href":"https:\/\/collies-vom-floersbachtal.de\/index.php?rest_route=\/wp\/v2\/pages\/50841\/revisions"}],"predecessor-version":[{"id":53136,"href":"https:\/\/collies-vom-floersbachtal.de\/index.php?rest_route=\/wp\/v2\/pages\/50841\/revisions\/53136"}],"wp:attachment":[{"href":"https:\/\/collies-vom-floersbachtal.de\/index.php?rest_route=%2Fwp%2Fv2%2Fmedia&parent=50841"}],"curies":[{"name":"wp","href":"https:\/\/api.w.org\/{rel}","templated":true}]}}