{"id":50040,"date":"2025-05-05T08:51:57","date_gmt":"2025-05-05T08:51:57","guid":{"rendered":"https:\/\/collies-vom-floersbachtal.de\/?page_id=50040"},"modified":"2026-03-08T14:39:04","modified_gmt":"2026-03-08T14:39:04","slug":"linny-eileen-vom-hof-sophiental","status":"publish","type":"page","link":"https:\/\/collies-vom-floersbachtal.de\/?page_id=50040","title":{"rendered":"( Zuchth\u00fcndin wenn alles klappt) &#8222;Linny&#8220; (Eileen vom Hof Sophiental)"},"content":{"rendered":"\n<p><strong>Linny bedeutet: Sch\u00f6nheit und Freundlichkeit<\/strong><\/p>\n\n\n\n<figure class=\"wp-block-image size-full\"><a href=\"https:\/\/collies-vom-floersbachtal.de\/cms\/wp-content\/uploads\/2026\/03\/Linny1-Feb.26-1.jpg\"><img loading=\"lazy\" decoding=\"async\" width=\"1000\" height=\"563\" src=\"https:\/\/collies-vom-floersbachtal.de\/cms\/wp-content\/uploads\/2026\/03\/Linny1-Feb.26-1.jpg\" alt=\"\" class=\"wp-image-54649\" srcset=\"https:\/\/collies-vom-floersbachtal.de\/cms\/wp-content\/uploads\/2026\/03\/Linny1-Feb.26-1.jpg 1000w, https:\/\/collies-vom-floersbachtal.de\/cms\/wp-content\/uploads\/2026\/03\/Linny1-Feb.26-1-300x169.jpg 300w, https:\/\/collies-vom-floersbachtal.de\/cms\/wp-content\/uploads\/2026\/03\/Linny1-Feb.26-1-768x432.jpg 768w\" sizes=\"auto, (max-width: 1000px) 100vw, 1000px\" \/><\/a><figcaption class=\"wp-element-caption\"><strong>Linny mit fast 13 Monaten<\/strong><\/figcaption><\/figure>\n\n\n\n<figure class=\"wp-block-image size-large is-style-rounded\"><a href=\"https:\/\/collies-vom-floersbachtal.de\/cms\/wp-content\/uploads\/2026\/01\/Linny1-Januar26-1.jpg\"><img loading=\"lazy\" decoding=\"async\" width=\"734\" height=\"1024\" src=\"https:\/\/collies-vom-floersbachtal.de\/cms\/wp-content\/uploads\/2026\/01\/Linny1-Januar26-1-734x1024.jpg\" alt=\"\" class=\"wp-image-54129\" srcset=\"https:\/\/collies-vom-floersbachtal.de\/cms\/wp-content\/uploads\/2026\/01\/Linny1-Januar26-1-734x1024.jpg 734w, https:\/\/collies-vom-floersbachtal.de\/cms\/wp-content\/uploads\/2026\/01\/Linny1-Januar26-1-215x300.jpg 215w, https:\/\/collies-vom-floersbachtal.de\/cms\/wp-content\/uploads\/2026\/01\/Linny1-Januar26-1-768x1071.jpg 768w, https:\/\/collies-vom-floersbachtal.de\/cms\/wp-content\/uploads\/2026\/01\/Linny1-Januar26-1.jpg 1000w\" sizes=\"auto, (max-width: 734px) 100vw, 734px\" \/><\/a><figcaption class=\"wp-element-caption\"><strong>Linny mit fast 11 Monaten <\/strong><\/figcaption><\/figure>\n\n\n\n<figure class=\"wp-block-image size-full is-style-rounded\"><a href=\"https:\/\/collies-vom-floersbachtal.de\/cms\/wp-content\/uploads\/2025\/09\/Linny5-7-Monate.jpg\"><img loading=\"lazy\" decoding=\"async\" width=\"1000\" height=\"939\" src=\"https:\/\/collies-vom-floersbachtal.de\/cms\/wp-content\/uploads\/2025\/09\/Linny5-7-Monate.jpg\" alt=\"\" class=\"wp-image-52429\" srcset=\"https:\/\/collies-vom-floersbachtal.de\/cms\/wp-content\/uploads\/2025\/09\/Linny5-7-Monate.jpg 1000w, https:\/\/collies-vom-floersbachtal.de\/cms\/wp-content\/uploads\/2025\/09\/Linny5-7-Monate-300x282.jpg 300w, https:\/\/collies-vom-floersbachtal.de\/cms\/wp-content\/uploads\/2025\/09\/Linny5-7-Monate-768x721.jpg 768w\" sizes=\"auto, (max-width: 1000px) 100vw, 1000px\" \/><\/a><figcaption class=\"wp-element-caption\"><strong>Linny mit 7 Monaten \ud83d\ude42<\/strong><\/figcaption><\/figure>\n\n\n\n<h1 class=\"wp-block-heading\"><strong>August 2025 , Linny wird langsam erwachsen \ud83d\ude42<\/strong><\/h1>\n\n\n\n<figure class=\"wp-block-image size-full is-style-rounded\"><a href=\"https:\/\/collies-vom-floersbachtal.de\/cms\/wp-content\/uploads\/2025\/09\/Linny1-und-Mina-7-M.-und-22-Monate-1.jpg\"><img loading=\"lazy\" decoding=\"async\" width=\"800\" height=\"805\" src=\"https:\/\/collies-vom-floersbachtal.de\/cms\/wp-content\/uploads\/2025\/09\/Linny1-und-Mina-7-M.-und-22-Monate-1.jpg\" alt=\"\" class=\"wp-image-52432\" srcset=\"https:\/\/collies-vom-floersbachtal.de\/cms\/wp-content\/uploads\/2025\/09\/Linny1-und-Mina-7-M.-und-22-Monate-1.jpg 800w, https:\/\/collies-vom-floersbachtal.de\/cms\/wp-content\/uploads\/2025\/09\/Linny1-und-Mina-7-M.-und-22-Monate-1-298x300.jpg 298w, https:\/\/collies-vom-floersbachtal.de\/cms\/wp-content\/uploads\/2025\/09\/Linny1-und-Mina-7-M.-und-22-Monate-1-150x150.jpg 150w, https:\/\/collies-vom-floersbachtal.de\/cms\/wp-content\/uploads\/2025\/09\/Linny1-und-Mina-7-M.-und-22-Monate-1-768x773.jpg 768w\" sizes=\"auto, (max-width: 800px) 100vw, 800px\" \/><\/a><\/figure>\n\n\n\n<figure class=\"wp-block-image size-large\"><a href=\"https:\/\/collies-vom-floersbachtal.de\/cms\/wp-content\/uploads\/2025\/09\/Linny3-Sep.25.jpg\"><img loading=\"lazy\" decoding=\"async\" width=\"741\" height=\"1024\" src=\"https:\/\/collies-vom-floersbachtal.de\/cms\/wp-content\/uploads\/2025\/09\/Linny3-Sep.25-741x1024.jpg\" alt=\"\" class=\"wp-image-52071\" srcset=\"https:\/\/collies-vom-floersbachtal.de\/cms\/wp-content\/uploads\/2025\/09\/Linny3-Sep.25-741x1024.jpg 741w, https:\/\/collies-vom-floersbachtal.de\/cms\/wp-content\/uploads\/2025\/09\/Linny3-Sep.25-217x300.jpg 217w, https:\/\/collies-vom-floersbachtal.de\/cms\/wp-content\/uploads\/2025\/09\/Linny3-Sep.25-768x1061.jpg 768w, https:\/\/collies-vom-floersbachtal.de\/cms\/wp-content\/uploads\/2025\/09\/Linny3-Sep.25.jpg 1000w\" sizes=\"auto, (max-width: 741px) 100vw, 741px\" \/><\/a><\/figure>\n\n\n\n<figure class=\"wp-block-gallery has-nested-images columns-default is-cropped wp-block-gallery-1 is-layout-flex wp-block-gallery-is-layout-flex\">\n<figure class=\"wp-block-image size-large\"><a href=\"https:\/\/collies-vom-floersbachtal.de\/cms\/wp-content\/uploads\/2025\/09\/Linny2-Sep.25.jpg\"><img loading=\"lazy\" decoding=\"async\" width=\"800\" height=\"854\" data-id=\"52073\" src=\"https:\/\/collies-vom-floersbachtal.de\/cms\/wp-content\/uploads\/2025\/09\/Linny2-Sep.25.jpg\" alt=\"\" class=\"wp-image-52073\" srcset=\"https:\/\/collies-vom-floersbachtal.de\/cms\/wp-content\/uploads\/2025\/09\/Linny2-Sep.25.jpg 800w, https:\/\/collies-vom-floersbachtal.de\/cms\/wp-content\/uploads\/2025\/09\/Linny2-Sep.25-281x300.jpg 281w, https:\/\/collies-vom-floersbachtal.de\/cms\/wp-content\/uploads\/2025\/09\/Linny2-Sep.25-768x820.jpg 768w\" sizes=\"auto, (max-width: 800px) 100vw, 800px\" \/><\/a><\/figure>\n\n\n\n<figure class=\"wp-block-image size-large\"><a href=\"https:\/\/collies-vom-floersbachtal.de\/cms\/wp-content\/uploads\/2025\/09\/Linny4-Sep.25.jpg\"><img loading=\"lazy\" decoding=\"async\" width=\"820\" height=\"1024\" data-id=\"52072\" src=\"https:\/\/collies-vom-floersbachtal.de\/cms\/wp-content\/uploads\/2025\/09\/Linny4-Sep.25-820x1024.jpg\" alt=\"\" class=\"wp-image-52072\" srcset=\"https:\/\/collies-vom-floersbachtal.de\/cms\/wp-content\/uploads\/2025\/09\/Linny4-Sep.25-820x1024.jpg 820w, https:\/\/collies-vom-floersbachtal.de\/cms\/wp-content\/uploads\/2025\/09\/Linny4-Sep.25-240x300.jpg 240w, https:\/\/collies-vom-floersbachtal.de\/cms\/wp-content\/uploads\/2025\/09\/Linny4-Sep.25-768x959.jpg 768w, https:\/\/collies-vom-floersbachtal.de\/cms\/wp-content\/uploads\/2025\/09\/Linny4-Sep.25.jpg 1000w\" sizes=\"auto, (max-width: 820px) 100vw, 820px\" \/><\/a><\/figure>\n<\/figure>\n\n\n\n<h1 class=\"wp-block-heading\"><strong>Juli News von klein Linny \ud83d\ude00<\/strong><\/h1>\n\n\n\n<figure class=\"wp-block-image size-full\"><a href=\"https:\/\/collies-vom-floersbachtal.de\/cms\/wp-content\/uploads\/2025\/08\/Linny2-6-Monate.jpg\"><img loading=\"lazy\" decoding=\"async\" width=\"1000\" height=\"563\" src=\"https:\/\/collies-vom-floersbachtal.de\/cms\/wp-content\/uploads\/2025\/08\/Linny2-6-Monate.jpg\" alt=\"\" class=\"wp-image-51571\" srcset=\"https:\/\/collies-vom-floersbachtal.de\/cms\/wp-content\/uploads\/2025\/08\/Linny2-6-Monate.jpg 1000w, https:\/\/collies-vom-floersbachtal.de\/cms\/wp-content\/uploads\/2025\/08\/Linny2-6-Monate-300x169.jpg 300w, https:\/\/collies-vom-floersbachtal.de\/cms\/wp-content\/uploads\/2025\/08\/Linny2-6-Monate-768x432.jpg 768w\" sizes=\"auto, (max-width: 1000px) 100vw, 1000px\" \/><\/a><\/figure>\n\n\n\n<figure class=\"wp-block-gallery has-nested-images columns-default is-cropped wp-block-gallery-2 is-layout-flex wp-block-gallery-is-layout-flex\">\n<figure class=\"wp-block-image size-large\"><a href=\"https:\/\/collies-vom-floersbachtal.de\/cms\/wp-content\/uploads\/2025\/08\/Linny1-5-Monate.jpg\"><img loading=\"lazy\" decoding=\"async\" width=\"963\" height=\"1024\" data-id=\"51567\" src=\"https:\/\/collies-vom-floersbachtal.de\/cms\/wp-content\/uploads\/2025\/08\/Linny1-5-Monate-963x1024.jpg\" alt=\"\" class=\"wp-image-51567\" srcset=\"https:\/\/collies-vom-floersbachtal.de\/cms\/wp-content\/uploads\/2025\/08\/Linny1-5-Monate-963x1024.jpg 963w, https:\/\/collies-vom-floersbachtal.de\/cms\/wp-content\/uploads\/2025\/08\/Linny1-5-Monate-282x300.jpg 282w, https:\/\/collies-vom-floersbachtal.de\/cms\/wp-content\/uploads\/2025\/08\/Linny1-5-Monate-768x817.jpg 768w, https:\/\/collies-vom-floersbachtal.de\/cms\/wp-content\/uploads\/2025\/08\/Linny1-5-Monate.jpg 1066w\" sizes=\"auto, (max-width: 963px) 100vw, 963px\" \/><\/a><\/figure>\n\n\n\n<figure class=\"wp-block-image size-large\"><a href=\"https:\/\/collies-vom-floersbachtal.de\/cms\/wp-content\/uploads\/2025\/08\/Jana-und-Linny2-16-W.jpg\"><img loading=\"lazy\" decoding=\"async\" width=\"887\" height=\"1024\" data-id=\"51573\" src=\"https:\/\/collies-vom-floersbachtal.de\/cms\/wp-content\/uploads\/2025\/08\/Jana-und-Linny2-16-W-887x1024.jpg\" alt=\"\" class=\"wp-image-51573\" srcset=\"https:\/\/collies-vom-floersbachtal.de\/cms\/wp-content\/uploads\/2025\/08\/Jana-und-Linny2-16-W-887x1024.jpg 887w, https:\/\/collies-vom-floersbachtal.de\/cms\/wp-content\/uploads\/2025\/08\/Jana-und-Linny2-16-W-260x300.jpg 260w, https:\/\/collies-vom-floersbachtal.de\/cms\/wp-content\/uploads\/2025\/08\/Jana-und-Linny2-16-W-768x887.jpg 768w, https:\/\/collies-vom-floersbachtal.de\/cms\/wp-content\/uploads\/2025\/08\/Jana-und-Linny2-16-W.jpg 1000w\" sizes=\"auto, (max-width: 887px) 100vw, 887px\" \/><\/a><\/figure>\n\n\n\n<figure class=\"wp-block-image size-large\"><a href=\"https:\/\/collies-vom-floersbachtal.de\/cms\/wp-content\/uploads\/2025\/08\/Linny2-55-Monate.jpg\"><img loading=\"lazy\" decoding=\"async\" width=\"577\" height=\"1024\" data-id=\"51569\" src=\"https:\/\/collies-vom-floersbachtal.de\/cms\/wp-content\/uploads\/2025\/08\/Linny2-55-Monate-577x1024.jpg\" alt=\"\" class=\"wp-image-51569\" srcset=\"https:\/\/collies-vom-floersbachtal.de\/cms\/wp-content\/uploads\/2025\/08\/Linny2-55-Monate-577x1024.jpg 577w, https:\/\/collies-vom-floersbachtal.de\/cms\/wp-content\/uploads\/2025\/08\/Linny2-55-Monate-169x300.jpg 169w, https:\/\/collies-vom-floersbachtal.de\/cms\/wp-content\/uploads\/2025\/08\/Linny2-55-Monate-768x1364.jpg 768w, https:\/\/collies-vom-floersbachtal.de\/cms\/wp-content\/uploads\/2025\/08\/Linny2-55-Monate-865x1536.jpg 865w, https:\/\/collies-vom-floersbachtal.de\/cms\/wp-content\/uploads\/2025\/08\/Linny2-55-Monate.jpg 1000w\" sizes=\"auto, (max-width: 577px) 100vw, 577px\" \/><\/a><\/figure>\n\n\n\n<figure class=\"wp-block-image size-large\"><a href=\"https:\/\/collies-vom-floersbachtal.de\/cms\/wp-content\/uploads\/2025\/08\/Linny3-August25.jpg\"><img loading=\"lazy\" decoding=\"async\" width=\"994\" height=\"1024\" data-id=\"51564\" src=\"https:\/\/collies-vom-floersbachtal.de\/cms\/wp-content\/uploads\/2025\/08\/Linny3-August25-994x1024.jpg\" alt=\"\" class=\"wp-image-51564\" srcset=\"https:\/\/collies-vom-floersbachtal.de\/cms\/wp-content\/uploads\/2025\/08\/Linny3-August25-994x1024.jpg 994w, https:\/\/collies-vom-floersbachtal.de\/cms\/wp-content\/uploads\/2025\/08\/Linny3-August25-291x300.jpg 291w, https:\/\/collies-vom-floersbachtal.de\/cms\/wp-content\/uploads\/2025\/08\/Linny3-August25-768x791.jpg 768w, https:\/\/collies-vom-floersbachtal.de\/cms\/wp-content\/uploads\/2025\/08\/Linny3-August25.jpg 1000w\" sizes=\"auto, (max-width: 994px) 100vw, 994px\" \/><\/a><\/figure>\n<\/figure>\n\n\n\n<figure class=\"wp-block-image size-full is-style-rounded\"><a href=\"https:\/\/collies-vom-floersbachtal.de\/cms\/wp-content\/uploads\/2025\/08\/Linny6-fast-6-Monate.jpg\"><img loading=\"lazy\" decoding=\"async\" width=\"1000\" height=\"798\" src=\"https:\/\/collies-vom-floersbachtal.de\/cms\/wp-content\/uploads\/2025\/08\/Linny6-fast-6-Monate.jpg\" alt=\"\" class=\"wp-image-51563\" srcset=\"https:\/\/collies-vom-floersbachtal.de\/cms\/wp-content\/uploads\/2025\/08\/Linny6-fast-6-Monate.jpg 1000w, https:\/\/collies-vom-floersbachtal.de\/cms\/wp-content\/uploads\/2025\/08\/Linny6-fast-6-Monate-300x239.jpg 300w, https:\/\/collies-vom-floersbachtal.de\/cms\/wp-content\/uploads\/2025\/08\/Linny6-fast-6-Monate-768x613.jpg 768w\" sizes=\"auto, (max-width: 1000px) 100vw, 1000px\" \/><\/a><\/figure>\n\n\n\n<figure class=\"wp-block-image size-full\"><a href=\"https:\/\/collies-vom-floersbachtal.de\/cms\/wp-content\/uploads\/2025\/07\/Alle4-Tara-37.-Tag-Ochen.jpg\"><img loading=\"lazy\" decoding=\"async\" width=\"1000\" height=\"589\" src=\"https:\/\/collies-vom-floersbachtal.de\/cms\/wp-content\/uploads\/2025\/07\/Alle4-Tara-37.-Tag-Ochen.jpg\" alt=\"\" class=\"wp-image-51365\" srcset=\"https:\/\/collies-vom-floersbachtal.de\/cms\/wp-content\/uploads\/2025\/07\/Alle4-Tara-37.-Tag-Ochen.jpg 1000w, https:\/\/collies-vom-floersbachtal.de\/cms\/wp-content\/uploads\/2025\/07\/Alle4-Tara-37.-Tag-Ochen-300x177.jpg 300w, https:\/\/collies-vom-floersbachtal.de\/cms\/wp-content\/uploads\/2025\/07\/Alle4-Tara-37.-Tag-Ochen-768x452.jpg 768w\" sizes=\"auto, (max-width: 1000px) 100vw, 1000px\" \/><\/a><\/figure>\n\n\n\n<figure class=\"wp-block-gallery has-nested-images columns-default is-cropped wp-block-gallery-3 is-layout-flex wp-block-gallery-is-layout-flex\">\n<figure class=\"wp-block-image size-large\"><a href=\"https:\/\/collies-vom-floersbachtal.de\/cms\/wp-content\/uploads\/2025\/07\/Linny1-55-Monate.jpg\"><img loading=\"lazy\" decoding=\"async\" width=\"653\" height=\"1024\" data-id=\"51353\" src=\"https:\/\/collies-vom-floersbachtal.de\/cms\/wp-content\/uploads\/2025\/07\/Linny1-55-Monate-653x1024.jpg\" alt=\"\" class=\"wp-image-51353\" srcset=\"https:\/\/collies-vom-floersbachtal.de\/cms\/wp-content\/uploads\/2025\/07\/Linny1-55-Monate-653x1024.jpg 653w, https:\/\/collies-vom-floersbachtal.de\/cms\/wp-content\/uploads\/2025\/07\/Linny1-55-Monate-191x300.jpg 191w, https:\/\/collies-vom-floersbachtal.de\/cms\/wp-content\/uploads\/2025\/07\/Linny1-55-Monate-768x1204.jpg 768w, https:\/\/collies-vom-floersbachtal.de\/cms\/wp-content\/uploads\/2025\/07\/Linny1-55-Monate-980x1536.jpg 980w, https:\/\/collies-vom-floersbachtal.de\/cms\/wp-content\/uploads\/2025\/07\/Linny1-55-Monate.jpg 1000w\" sizes=\"auto, (max-width: 653px) 100vw, 653px\" \/><\/a><\/figure>\n\n\n\n<figure class=\"wp-block-image size-large\"><a href=\"https:\/\/collies-vom-floersbachtal.de\/cms\/wp-content\/uploads\/2025\/07\/Linny1-24-Wochen-1.jpg\"><img loading=\"lazy\" decoding=\"async\" width=\"1000\" height=\"1016\" data-id=\"51350\" src=\"https:\/\/collies-vom-floersbachtal.de\/cms\/wp-content\/uploads\/2025\/07\/Linny1-24-Wochen-1.jpg\" alt=\"\" class=\"wp-image-51350\" srcset=\"https:\/\/collies-vom-floersbachtal.de\/cms\/wp-content\/uploads\/2025\/07\/Linny1-24-Wochen-1.jpg 1000w, https:\/\/collies-vom-floersbachtal.de\/cms\/wp-content\/uploads\/2025\/07\/Linny1-24-Wochen-1-295x300.jpg 295w, https:\/\/collies-vom-floersbachtal.de\/cms\/wp-content\/uploads\/2025\/07\/Linny1-24-Wochen-1-768x780.jpg 768w\" sizes=\"auto, (max-width: 1000px) 100vw, 1000px\" \/><\/a><\/figure>\n\n\n\n<figure class=\"wp-block-image size-large\"><a href=\"https:\/\/collies-vom-floersbachtal.de\/cms\/wp-content\/uploads\/2025\/07\/Linny1-bei-Michael-Juli25-2-scaled.jpg\"><img loading=\"lazy\" decoding=\"async\" width=\"692\" height=\"1024\" data-id=\"51362\" src=\"https:\/\/collies-vom-floersbachtal.de\/cms\/wp-content\/uploads\/2025\/07\/Linny1-bei-Michael-Juli25-2-692x1024.jpg\" alt=\"\" class=\"wp-image-51362\" srcset=\"https:\/\/collies-vom-floersbachtal.de\/cms\/wp-content\/uploads\/2025\/07\/Linny1-bei-Michael-Juli25-2-692x1024.jpg 692w, https:\/\/collies-vom-floersbachtal.de\/cms\/wp-content\/uploads\/2025\/07\/Linny1-bei-Michael-Juli25-2-203x300.jpg 203w, https:\/\/collies-vom-floersbachtal.de\/cms\/wp-content\/uploads\/2025\/07\/Linny1-bei-Michael-Juli25-2-768x1137.jpg 768w, https:\/\/collies-vom-floersbachtal.de\/cms\/wp-content\/uploads\/2025\/07\/Linny1-bei-Michael-Juli25-2-1038x1536.jpg 1038w, https:\/\/collies-vom-floersbachtal.de\/cms\/wp-content\/uploads\/2025\/07\/Linny1-bei-Michael-Juli25-2-1384x2048.jpg 1384w, https:\/\/collies-vom-floersbachtal.de\/cms\/wp-content\/uploads\/2025\/07\/Linny1-bei-Michael-Juli25-2-scaled.jpg 1730w\" sizes=\"auto, (max-width: 692px) 100vw, 692px\" \/><\/a><\/figure>\n\n\n\n<figure class=\"wp-block-image size-large\"><a href=\"https:\/\/collies-vom-floersbachtal.de\/cms\/wp-content\/uploads\/2025\/07\/Linny2-5-Monate-1.jpg\"><img loading=\"lazy\" decoding=\"async\" width=\"1000\" height=\"756\" data-id=\"51354\" src=\"https:\/\/collies-vom-floersbachtal.de\/cms\/wp-content\/uploads\/2025\/07\/Linny2-5-Monate-1.jpg\" alt=\"\" class=\"wp-image-51354\" srcset=\"https:\/\/collies-vom-floersbachtal.de\/cms\/wp-content\/uploads\/2025\/07\/Linny2-5-Monate-1.jpg 1000w, https:\/\/collies-vom-floersbachtal.de\/cms\/wp-content\/uploads\/2025\/07\/Linny2-5-Monate-1-300x227.jpg 300w, https:\/\/collies-vom-floersbachtal.de\/cms\/wp-content\/uploads\/2025\/07\/Linny2-5-Monate-1-768x581.jpg 768w\" sizes=\"auto, (max-width: 1000px) 100vw, 1000px\" \/><\/a><\/figure>\n\n\n\n<figure class=\"wp-block-image size-large\"><a href=\"https:\/\/collies-vom-floersbachtal.de\/cms\/wp-content\/uploads\/2025\/07\/Linny2-55-Monate-1.jpg\"><img loading=\"lazy\" decoding=\"async\" width=\"577\" height=\"1024\" data-id=\"51358\" src=\"https:\/\/collies-vom-floersbachtal.de\/cms\/wp-content\/uploads\/2025\/07\/Linny2-55-Monate-1-577x1024.jpg\" alt=\"\" class=\"wp-image-51358\" srcset=\"https:\/\/collies-vom-floersbachtal.de\/cms\/wp-content\/uploads\/2025\/07\/Linny2-55-Monate-1-577x1024.jpg 577w, https:\/\/collies-vom-floersbachtal.de\/cms\/wp-content\/uploads\/2025\/07\/Linny2-55-Monate-1-169x300.jpg 169w, https:\/\/collies-vom-floersbachtal.de\/cms\/wp-content\/uploads\/2025\/07\/Linny2-55-Monate-1-768x1364.jpg 768w, https:\/\/collies-vom-floersbachtal.de\/cms\/wp-content\/uploads\/2025\/07\/Linny2-55-Monate-1-865x1536.jpg 865w, https:\/\/collies-vom-floersbachtal.de\/cms\/wp-content\/uploads\/2025\/07\/Linny2-55-Monate-1.jpg 1000w\" sizes=\"auto, (max-width: 577px) 100vw, 577px\" \/><\/a><\/figure>\n\n\n\n<figure class=\"wp-block-image size-large\"><a href=\"https:\/\/collies-vom-floersbachtal.de\/cms\/wp-content\/uploads\/2025\/07\/Linny2-18-Wochen.jpg\"><img loading=\"lazy\" decoding=\"async\" width=\"577\" height=\"1024\" data-id=\"51352\" src=\"https:\/\/collies-vom-floersbachtal.de\/cms\/wp-content\/uploads\/2025\/07\/Linny2-18-Wochen-577x1024.jpg\" alt=\"\" class=\"wp-image-51352\" srcset=\"https:\/\/collies-vom-floersbachtal.de\/cms\/wp-content\/uploads\/2025\/07\/Linny2-18-Wochen-577x1024.jpg 577w, https:\/\/collies-vom-floersbachtal.de\/cms\/wp-content\/uploads\/2025\/07\/Linny2-18-Wochen-169x300.jpg 169w, https:\/\/collies-vom-floersbachtal.de\/cms\/wp-content\/uploads\/2025\/07\/Linny2-18-Wochen-768x1364.jpg 768w, https:\/\/collies-vom-floersbachtal.de\/cms\/wp-content\/uploads\/2025\/07\/Linny2-18-Wochen-865x1536.jpg 865w, https:\/\/collies-vom-floersbachtal.de\/cms\/wp-content\/uploads\/2025\/07\/Linny2-18-Wochen.jpg 1000w\" sizes=\"auto, (max-width: 577px) 100vw, 577px\" \/><\/a><\/figure>\n\n\n\n<figure class=\"wp-block-image size-large\"><a href=\"https:\/\/collies-vom-floersbachtal.de\/cms\/wp-content\/uploads\/2025\/07\/Linny2-bei-Michael-Juli25-scaled.jpg\"><img loading=\"lazy\" decoding=\"async\" width=\"739\" height=\"1024\" data-id=\"51363\" src=\"https:\/\/collies-vom-floersbachtal.de\/cms\/wp-content\/uploads\/2025\/07\/Linny2-bei-Michael-Juli25-739x1024.jpg\" alt=\"\" class=\"wp-image-51363\" srcset=\"https:\/\/collies-vom-floersbachtal.de\/cms\/wp-content\/uploads\/2025\/07\/Linny2-bei-Michael-Juli25-739x1024.jpg 739w, https:\/\/collies-vom-floersbachtal.de\/cms\/wp-content\/uploads\/2025\/07\/Linny2-bei-Michael-Juli25-216x300.jpg 216w, https:\/\/collies-vom-floersbachtal.de\/cms\/wp-content\/uploads\/2025\/07\/Linny2-bei-Michael-Juli25-768x1064.jpg 768w, https:\/\/collies-vom-floersbachtal.de\/cms\/wp-content\/uploads\/2025\/07\/Linny2-bei-Michael-Juli25-1108x1536.jpg 1108w, https:\/\/collies-vom-floersbachtal.de\/cms\/wp-content\/uploads\/2025\/07\/Linny2-bei-Michael-Juli25-1478x2048.jpg 1478w, https:\/\/collies-vom-floersbachtal.de\/cms\/wp-content\/uploads\/2025\/07\/Linny2-bei-Michael-Juli25-scaled.jpg 1847w\" sizes=\"auto, (max-width: 739px) 100vw, 739px\" \/><\/a><\/figure>\n\n\n\n<figure class=\"wp-block-image size-large\"><a href=\"https:\/\/collies-vom-floersbachtal.de\/cms\/wp-content\/uploads\/2025\/07\/Linny2-Juli25-22-Wochen.jpg\"><img loading=\"lazy\" decoding=\"async\" width=\"1000\" height=\"877\" data-id=\"51351\" src=\"https:\/\/collies-vom-floersbachtal.de\/cms\/wp-content\/uploads\/2025\/07\/Linny2-Juli25-22-Wochen.jpg\" alt=\"\" class=\"wp-image-51351\" srcset=\"https:\/\/collies-vom-floersbachtal.de\/cms\/wp-content\/uploads\/2025\/07\/Linny2-Juli25-22-Wochen.jpg 1000w, https:\/\/collies-vom-floersbachtal.de\/cms\/wp-content\/uploads\/2025\/07\/Linny2-Juli25-22-Wochen-300x263.jpg 300w, https:\/\/collies-vom-floersbachtal.de\/cms\/wp-content\/uploads\/2025\/07\/Linny2-Juli25-22-Wochen-768x674.jpg 768w\" sizes=\"auto, (max-width: 1000px) 100vw, 1000px\" \/><\/a><\/figure>\n\n\n\n<figure class=\"wp-block-image size-large\"><a href=\"https:\/\/collies-vom-floersbachtal.de\/cms\/wp-content\/uploads\/2025\/07\/Linny3-45-Monate.jpg\"><img loading=\"lazy\" decoding=\"async\" width=\"855\" height=\"1024\" data-id=\"51361\" src=\"https:\/\/collies-vom-floersbachtal.de\/cms\/wp-content\/uploads\/2025\/07\/Linny3-45-Monate-855x1024.jpg\" alt=\"\" class=\"wp-image-51361\" srcset=\"https:\/\/collies-vom-floersbachtal.de\/cms\/wp-content\/uploads\/2025\/07\/Linny3-45-Monate-855x1024.jpg 855w, https:\/\/collies-vom-floersbachtal.de\/cms\/wp-content\/uploads\/2025\/07\/Linny3-45-Monate-250x300.jpg 250w, https:\/\/collies-vom-floersbachtal.de\/cms\/wp-content\/uploads\/2025\/07\/Linny3-45-Monate-768x920.jpg 768w, https:\/\/collies-vom-floersbachtal.de\/cms\/wp-content\/uploads\/2025\/07\/Linny3-45-Monate.jpg 1000w\" sizes=\"auto, (max-width: 855px) 100vw, 855px\" \/><\/a><\/figure>\n\n\n\n<figure class=\"wp-block-image size-large\"><a href=\"https:\/\/collies-vom-floersbachtal.de\/cms\/wp-content\/uploads\/2025\/07\/Linny3-55-Monate.jpg\"><img loading=\"lazy\" decoding=\"async\" width=\"714\" height=\"1024\" data-id=\"51357\" src=\"https:\/\/collies-vom-floersbachtal.de\/cms\/wp-content\/uploads\/2025\/07\/Linny3-55-Monate-714x1024.jpg\" alt=\"\" class=\"wp-image-51357\" srcset=\"https:\/\/collies-vom-floersbachtal.de\/cms\/wp-content\/uploads\/2025\/07\/Linny3-55-Monate-714x1024.jpg 714w, https:\/\/collies-vom-floersbachtal.de\/cms\/wp-content\/uploads\/2025\/07\/Linny3-55-Monate-209x300.jpg 209w, https:\/\/collies-vom-floersbachtal.de\/cms\/wp-content\/uploads\/2025\/07\/Linny3-55-Monate-768x1101.jpg 768w, https:\/\/collies-vom-floersbachtal.de\/cms\/wp-content\/uploads\/2025\/07\/Linny3-55-Monate.jpg 1000w\" sizes=\"auto, (max-width: 714px) 100vw, 714px\" \/><\/a><\/figure>\n\n\n\n<figure class=\"wp-block-image size-large\"><a href=\"https:\/\/collies-vom-floersbachtal.de\/cms\/wp-content\/uploads\/2025\/07\/Linny3-23-Wochen.jpg\"><img loading=\"lazy\" decoding=\"async\" width=\"815\" height=\"1024\" data-id=\"51360\" src=\"https:\/\/collies-vom-floersbachtal.de\/cms\/wp-content\/uploads\/2025\/07\/Linny3-23-Wochen-815x1024.jpg\" alt=\"\" class=\"wp-image-51360\" srcset=\"https:\/\/collies-vom-floersbachtal.de\/cms\/wp-content\/uploads\/2025\/07\/Linny3-23-Wochen-815x1024.jpg 815w, https:\/\/collies-vom-floersbachtal.de\/cms\/wp-content\/uploads\/2025\/07\/Linny3-23-Wochen-239x300.jpg 239w, https:\/\/collies-vom-floersbachtal.de\/cms\/wp-content\/uploads\/2025\/07\/Linny3-23-Wochen-768x965.jpg 768w, https:\/\/collies-vom-floersbachtal.de\/cms\/wp-content\/uploads\/2025\/07\/Linny3-23-Wochen.jpg 1000w\" sizes=\"auto, (max-width: 815px) 100vw, 815px\" \/><\/a><\/figure>\n\n\n\n<figure class=\"wp-block-image size-large\"><a href=\"https:\/\/collies-vom-floersbachtal.de\/cms\/wp-content\/uploads\/2025\/07\/Linny3-Juli25-22-Wochen-1.jpg\"><img loading=\"lazy\" decoding=\"async\" width=\"1000\" height=\"713\" data-id=\"51356\" src=\"https:\/\/collies-vom-floersbachtal.de\/cms\/wp-content\/uploads\/2025\/07\/Linny3-Juli25-22-Wochen-1.jpg\" alt=\"\" class=\"wp-image-51356\" srcset=\"https:\/\/collies-vom-floersbachtal.de\/cms\/wp-content\/uploads\/2025\/07\/Linny3-Juli25-22-Wochen-1.jpg 1000w, https:\/\/collies-vom-floersbachtal.de\/cms\/wp-content\/uploads\/2025\/07\/Linny3-Juli25-22-Wochen-1-300x214.jpg 300w, https:\/\/collies-vom-floersbachtal.de\/cms\/wp-content\/uploads\/2025\/07\/Linny3-Juli25-22-Wochen-1-768x548.jpg 768w\" sizes=\"auto, (max-width: 1000px) 100vw, 1000px\" \/><\/a><\/figure>\n\n\n\n<figure class=\"wp-block-image size-large\"><a href=\"https:\/\/collies-vom-floersbachtal.de\/cms\/wp-content\/uploads\/2025\/07\/Linny4-Juli25-22-Wochen-1.jpg\"><img loading=\"lazy\" decoding=\"async\" width=\"668\" height=\"1024\" data-id=\"51355\" src=\"https:\/\/collies-vom-floersbachtal.de\/cms\/wp-content\/uploads\/2025\/07\/Linny4-Juli25-22-Wochen-1-668x1024.jpg\" alt=\"\" class=\"wp-image-51355\" srcset=\"https:\/\/collies-vom-floersbachtal.de\/cms\/wp-content\/uploads\/2025\/07\/Linny4-Juli25-22-Wochen-1-668x1024.jpg 668w, https:\/\/collies-vom-floersbachtal.de\/cms\/wp-content\/uploads\/2025\/07\/Linny4-Juli25-22-Wochen-1-196x300.jpg 196w, https:\/\/collies-vom-floersbachtal.de\/cms\/wp-content\/uploads\/2025\/07\/Linny4-Juli25-22-Wochen-1-768x1178.jpg 768w, https:\/\/collies-vom-floersbachtal.de\/cms\/wp-content\/uploads\/2025\/07\/Linny4-Juli25-22-Wochen-1.jpg 800w\" sizes=\"auto, (max-width: 668px) 100vw, 668px\" \/><\/a><\/figure>\n\n\n\n<figure class=\"wp-block-image size-large\"><a href=\"https:\/\/collies-vom-floersbachtal.de\/cms\/wp-content\/uploads\/2025\/07\/Linny5-Juli25-22-Wochen.jpg\"><img loading=\"lazy\" decoding=\"async\" width=\"959\" height=\"1024\" data-id=\"51359\" src=\"https:\/\/collies-vom-floersbachtal.de\/cms\/wp-content\/uploads\/2025\/07\/Linny5-Juli25-22-Wochen-959x1024.jpg\" alt=\"\" class=\"wp-image-51359\" srcset=\"https:\/\/collies-vom-floersbachtal.de\/cms\/wp-content\/uploads\/2025\/07\/Linny5-Juli25-22-Wochen-959x1024.jpg 959w, https:\/\/collies-vom-floersbachtal.de\/cms\/wp-content\/uploads\/2025\/07\/Linny5-Juli25-22-Wochen-281x300.jpg 281w, https:\/\/collies-vom-floersbachtal.de\/cms\/wp-content\/uploads\/2025\/07\/Linny5-Juli25-22-Wochen-768x820.jpg 768w, https:\/\/collies-vom-floersbachtal.de\/cms\/wp-content\/uploads\/2025\/07\/Linny5-Juli25-22-Wochen.jpg 1080w\" sizes=\"auto, (max-width: 959px) 100vw, 959px\" \/><\/a><\/figure>\n<\/figure>\n\n\n\n<figure class=\"wp-block-image size-full is-style-rounded\"><a href=\"https:\/\/collies-vom-floersbachtal.de\/cms\/wp-content\/uploads\/2025\/07\/Linny4-55-Monate-1.jpg\"><img loading=\"lazy\" decoding=\"async\" width=\"808\" height=\"771\" src=\"https:\/\/collies-vom-floersbachtal.de\/cms\/wp-content\/uploads\/2025\/07\/Linny4-55-Monate-1.jpg\" alt=\"\" class=\"wp-image-51364\" srcset=\"https:\/\/collies-vom-floersbachtal.de\/cms\/wp-content\/uploads\/2025\/07\/Linny4-55-Monate-1.jpg 808w, https:\/\/collies-vom-floersbachtal.de\/cms\/wp-content\/uploads\/2025\/07\/Linny4-55-Monate-1-300x286.jpg 300w, https:\/\/collies-vom-floersbachtal.de\/cms\/wp-content\/uploads\/2025\/07\/Linny4-55-Monate-1-768x733.jpg 768w\" sizes=\"auto, (max-width: 808px) 100vw, 808px\" \/><\/a><\/figure>\n\n\n\n<h1 class=\"wp-block-heading\"><strong>10.06.25 News von der kleinen s\u00fc\u00dfen Kr\u00f6te Linny \ud83d\ude42<\/strong><\/h1>\n\n\n\n<figure class=\"wp-block-gallery has-nested-images columns-default is-cropped wp-block-gallery-4 is-layout-flex wp-block-gallery-is-layout-flex\">\n<figure class=\"wp-block-image size-large\"><a href=\"https:\/\/collies-vom-floersbachtal.de\/cms\/wp-content\/uploads\/2025\/06\/Linny-klein2-Juni25.jpg\"><img loading=\"lazy\" decoding=\"async\" width=\"728\" height=\"1024\" data-id=\"50670\" src=\"https:\/\/collies-vom-floersbachtal.de\/cms\/wp-content\/uploads\/2025\/06\/Linny-klein2-Juni25-728x1024.jpg\" alt=\"\" class=\"wp-image-50670\" srcset=\"https:\/\/collies-vom-floersbachtal.de\/cms\/wp-content\/uploads\/2025\/06\/Linny-klein2-Juni25-728x1024.jpg 728w, https:\/\/collies-vom-floersbachtal.de\/cms\/wp-content\/uploads\/2025\/06\/Linny-klein2-Juni25-213x300.jpg 213w, https:\/\/collies-vom-floersbachtal.de\/cms\/wp-content\/uploads\/2025\/06\/Linny-klein2-Juni25-768x1080.jpg 768w, https:\/\/collies-vom-floersbachtal.de\/cms\/wp-content\/uploads\/2025\/06\/Linny-klein2-Juni25.jpg 1000w\" sizes=\"auto, (max-width: 728px) 100vw, 728px\" \/><\/a><\/figure>\n\n\n\n<figure class=\"wp-block-image size-large\"><a href=\"https:\/\/collies-vom-floersbachtal.de\/cms\/wp-content\/uploads\/2025\/06\/Linny-und-Jana1-14-W.jpg\"><img loading=\"lazy\" decoding=\"async\" width=\"577\" height=\"1024\" data-id=\"50671\" src=\"https:\/\/collies-vom-floersbachtal.de\/cms\/wp-content\/uploads\/2025\/06\/Linny-und-Jana1-14-W-577x1024.jpg\" alt=\"\" class=\"wp-image-50671\" srcset=\"https:\/\/collies-vom-floersbachtal.de\/cms\/wp-content\/uploads\/2025\/06\/Linny-und-Jana1-14-W-577x1024.jpg 577w, https:\/\/collies-vom-floersbachtal.de\/cms\/wp-content\/uploads\/2025\/06\/Linny-und-Jana1-14-W-169x300.jpg 169w, https:\/\/collies-vom-floersbachtal.de\/cms\/wp-content\/uploads\/2025\/06\/Linny-und-Jana1-14-W-768x1364.jpg 768w, https:\/\/collies-vom-floersbachtal.de\/cms\/wp-content\/uploads\/2025\/06\/Linny-und-Jana1-14-W-865x1536.jpg 865w, https:\/\/collies-vom-floersbachtal.de\/cms\/wp-content\/uploads\/2025\/06\/Linny-und-Jana1-14-W.jpg 1000w\" sizes=\"auto, (max-width: 577px) 100vw, 577px\" \/><\/a><\/figure>\n\n\n\n<figure class=\"wp-block-image size-large\"><a href=\"https:\/\/collies-vom-floersbachtal.de\/cms\/wp-content\/uploads\/2025\/06\/Linny-und-Jana1-17-Wochen.jpg\"><img loading=\"lazy\" decoding=\"async\" width=\"853\" height=\"1024\" data-id=\"50681\" src=\"https:\/\/collies-vom-floersbachtal.de\/cms\/wp-content\/uploads\/2025\/06\/Linny-und-Jana1-17-Wochen-853x1024.jpg\" alt=\"\" class=\"wp-image-50681\" srcset=\"https:\/\/collies-vom-floersbachtal.de\/cms\/wp-content\/uploads\/2025\/06\/Linny-und-Jana1-17-Wochen-853x1024.jpg 853w, https:\/\/collies-vom-floersbachtal.de\/cms\/wp-content\/uploads\/2025\/06\/Linny-und-Jana1-17-Wochen-250x300.jpg 250w, https:\/\/collies-vom-floersbachtal.de\/cms\/wp-content\/uploads\/2025\/06\/Linny-und-Jana1-17-Wochen-768x922.jpg 768w, https:\/\/collies-vom-floersbachtal.de\/cms\/wp-content\/uploads\/2025\/06\/Linny-und-Jana1-17-Wochen.jpg 1000w\" sizes=\"auto, (max-width: 853px) 100vw, 853px\" \/><\/a><\/figure>\n\n\n\n<figure class=\"wp-block-image size-large\"><a href=\"https:\/\/collies-vom-floersbachtal.de\/cms\/wp-content\/uploads\/2025\/06\/Linny1-14-W.jpg\"><img loading=\"lazy\" decoding=\"async\" width=\"1000\" height=\"563\" data-id=\"50667\" src=\"https:\/\/collies-vom-floersbachtal.de\/cms\/wp-content\/uploads\/2025\/06\/Linny1-14-W.jpg\" alt=\"\" class=\"wp-image-50667\" srcset=\"https:\/\/collies-vom-floersbachtal.de\/cms\/wp-content\/uploads\/2025\/06\/Linny1-14-W.jpg 1000w, https:\/\/collies-vom-floersbachtal.de\/cms\/wp-content\/uploads\/2025\/06\/Linny1-14-W-300x169.jpg 300w, https:\/\/collies-vom-floersbachtal.de\/cms\/wp-content\/uploads\/2025\/06\/Linny1-14-W-768x432.jpg 768w\" sizes=\"auto, (max-width: 1000px) 100vw, 1000px\" \/><\/a><\/figure>\n\n\n\n<figure class=\"wp-block-image size-large\"><a href=\"https:\/\/collies-vom-floersbachtal.de\/cms\/wp-content\/uploads\/2025\/06\/Linny1-15-W.-bei-den-KHC.jpg\"><img loading=\"lazy\" decoding=\"async\" width=\"1000\" height=\"866\" data-id=\"50672\" src=\"https:\/\/collies-vom-floersbachtal.de\/cms\/wp-content\/uploads\/2025\/06\/Linny1-15-W.-bei-den-KHC.jpg\" alt=\"\" class=\"wp-image-50672\" srcset=\"https:\/\/collies-vom-floersbachtal.de\/cms\/wp-content\/uploads\/2025\/06\/Linny1-15-W.-bei-den-KHC.jpg 1000w, https:\/\/collies-vom-floersbachtal.de\/cms\/wp-content\/uploads\/2025\/06\/Linny1-15-W.-bei-den-KHC-300x260.jpg 300w, https:\/\/collies-vom-floersbachtal.de\/cms\/wp-content\/uploads\/2025\/06\/Linny1-15-W.-bei-den-KHC-768x665.jpg 768w\" sizes=\"auto, (max-width: 1000px) 100vw, 1000px\" \/><\/a><\/figure>\n\n\n\n<figure class=\"wp-block-image size-large\"><a href=\"https:\/\/collies-vom-floersbachtal.de\/cms\/wp-content\/uploads\/2025\/06\/Linny1-15-W.jpg\"><img loading=\"lazy\" decoding=\"async\" width=\"577\" height=\"1024\" data-id=\"50674\" src=\"https:\/\/collies-vom-floersbachtal.de\/cms\/wp-content\/uploads\/2025\/06\/Linny1-15-W-577x1024.jpg\" alt=\"\" class=\"wp-image-50674\" srcset=\"https:\/\/collies-vom-floersbachtal.de\/cms\/wp-content\/uploads\/2025\/06\/Linny1-15-W-577x1024.jpg 577w, https:\/\/collies-vom-floersbachtal.de\/cms\/wp-content\/uploads\/2025\/06\/Linny1-15-W-169x300.jpg 169w, https:\/\/collies-vom-floersbachtal.de\/cms\/wp-content\/uploads\/2025\/06\/Linny1-15-W-768x1364.jpg 768w, https:\/\/collies-vom-floersbachtal.de\/cms\/wp-content\/uploads\/2025\/06\/Linny1-15-W-865x1536.jpg 865w, https:\/\/collies-vom-floersbachtal.de\/cms\/wp-content\/uploads\/2025\/06\/Linny1-15-W.jpg 1000w\" sizes=\"auto, (max-width: 577px) 100vw, 577px\" \/><\/a><\/figure>\n\n\n\n<figure class=\"wp-block-image size-large\"><a href=\"https:\/\/collies-vom-floersbachtal.de\/cms\/wp-content\/uploads\/2025\/06\/Linny1-16-W.jpg\"><img loading=\"lazy\" decoding=\"async\" width=\"800\" height=\"786\" data-id=\"50668\" src=\"https:\/\/collies-vom-floersbachtal.de\/cms\/wp-content\/uploads\/2025\/06\/Linny1-16-W.jpg\" alt=\"\" class=\"wp-image-50668\" srcset=\"https:\/\/collies-vom-floersbachtal.de\/cms\/wp-content\/uploads\/2025\/06\/Linny1-16-W.jpg 800w, https:\/\/collies-vom-floersbachtal.de\/cms\/wp-content\/uploads\/2025\/06\/Linny1-16-W-300x295.jpg 300w, https:\/\/collies-vom-floersbachtal.de\/cms\/wp-content\/uploads\/2025\/06\/Linny1-16-W-768x755.jpg 768w\" sizes=\"auto, (max-width: 800px) 100vw, 800px\" \/><\/a><\/figure>\n\n\n\n<figure class=\"wp-block-image size-large\"><a href=\"https:\/\/collies-vom-floersbachtal.de\/cms\/wp-content\/uploads\/2025\/06\/Linny1-17-W.jpg\"><img loading=\"lazy\" decoding=\"async\" width=\"826\" height=\"1024\" data-id=\"50682\" src=\"https:\/\/collies-vom-floersbachtal.de\/cms\/wp-content\/uploads\/2025\/06\/Linny1-17-W-826x1024.jpg\" alt=\"\" class=\"wp-image-50682\" srcset=\"https:\/\/collies-vom-floersbachtal.de\/cms\/wp-content\/uploads\/2025\/06\/Linny1-17-W-826x1024.jpg 826w, https:\/\/collies-vom-floersbachtal.de\/cms\/wp-content\/uploads\/2025\/06\/Linny1-17-W-242x300.jpg 242w, https:\/\/collies-vom-floersbachtal.de\/cms\/wp-content\/uploads\/2025\/06\/Linny1-17-W-768x952.jpg 768w, https:\/\/collies-vom-floersbachtal.de\/cms\/wp-content\/uploads\/2025\/06\/Linny1-17-W.jpg 1000w\" sizes=\"auto, (max-width: 826px) 100vw, 826px\" \/><\/a><\/figure>\n\n\n\n<figure class=\"wp-block-image size-large\"><a href=\"https:\/\/collies-vom-floersbachtal.de\/cms\/wp-content\/uploads\/2025\/06\/Linny1-und-die-Maedels-16-W.jpg\"><img loading=\"lazy\" decoding=\"async\" width=\"1000\" height=\"868\" data-id=\"50675\" src=\"https:\/\/collies-vom-floersbachtal.de\/cms\/wp-content\/uploads\/2025\/06\/Linny1-und-die-Maedels-16-W.jpg\" alt=\"\" class=\"wp-image-50675\" srcset=\"https:\/\/collies-vom-floersbachtal.de\/cms\/wp-content\/uploads\/2025\/06\/Linny1-und-die-Maedels-16-W.jpg 1000w, https:\/\/collies-vom-floersbachtal.de\/cms\/wp-content\/uploads\/2025\/06\/Linny1-und-die-Maedels-16-W-300x260.jpg 300w, https:\/\/collies-vom-floersbachtal.de\/cms\/wp-content\/uploads\/2025\/06\/Linny1-und-die-Maedels-16-W-768x667.jpg 768w\" sizes=\"auto, (max-width: 1000px) 100vw, 1000px\" \/><\/a><\/figure>\n\n\n\n<figure class=\"wp-block-image size-large\"><a href=\"https:\/\/collies-vom-floersbachtal.de\/cms\/wp-content\/uploads\/2025\/06\/Linny2-14-W.jpg\"><img loading=\"lazy\" decoding=\"async\" width=\"906\" height=\"1024\" data-id=\"50669\" src=\"https:\/\/collies-vom-floersbachtal.de\/cms\/wp-content\/uploads\/2025\/06\/Linny2-14-W-906x1024.jpg\" alt=\"\" class=\"wp-image-50669\" srcset=\"https:\/\/collies-vom-floersbachtal.de\/cms\/wp-content\/uploads\/2025\/06\/Linny2-14-W-906x1024.jpg 906w, https:\/\/collies-vom-floersbachtal.de\/cms\/wp-content\/uploads\/2025\/06\/Linny2-14-W-265x300.jpg 265w, https:\/\/collies-vom-floersbachtal.de\/cms\/wp-content\/uploads\/2025\/06\/Linny2-14-W-768x868.jpg 768w, https:\/\/collies-vom-floersbachtal.de\/cms\/wp-content\/uploads\/2025\/06\/Linny2-14-W.jpg 1000w\" sizes=\"auto, (max-width: 906px) 100vw, 906px\" \/><\/a><\/figure>\n\n\n\n<figure class=\"wp-block-image size-large\"><a href=\"https:\/\/collies-vom-floersbachtal.de\/cms\/wp-content\/uploads\/2025\/06\/Linny2-15-W.jpg\"><img loading=\"lazy\" decoding=\"async\" width=\"577\" height=\"1024\" data-id=\"50673\" src=\"https:\/\/collies-vom-floersbachtal.de\/cms\/wp-content\/uploads\/2025\/06\/Linny2-15-W-577x1024.jpg\" alt=\"\" class=\"wp-image-50673\" srcset=\"https:\/\/collies-vom-floersbachtal.de\/cms\/wp-content\/uploads\/2025\/06\/Linny2-15-W-577x1024.jpg 577w, https:\/\/collies-vom-floersbachtal.de\/cms\/wp-content\/uploads\/2025\/06\/Linny2-15-W-169x300.jpg 169w, https:\/\/collies-vom-floersbachtal.de\/cms\/wp-content\/uploads\/2025\/06\/Linny2-15-W-768x1364.jpg 768w, https:\/\/collies-vom-floersbachtal.de\/cms\/wp-content\/uploads\/2025\/06\/Linny2-15-W-865x1536.jpg 865w, https:\/\/collies-vom-floersbachtal.de\/cms\/wp-content\/uploads\/2025\/06\/Linny2-15-W.jpg 1000w\" sizes=\"auto, (max-width: 577px) 100vw, 577px\" \/><\/a><\/figure>\n\n\n\n<figure class=\"wp-block-image size-large\"><a href=\"https:\/\/collies-vom-floersbachtal.de\/cms\/wp-content\/uploads\/2025\/06\/Linny2-16-W.jpg\"><img loading=\"lazy\" decoding=\"async\" width=\"1000\" height=\"584\" data-id=\"50677\" src=\"https:\/\/collies-vom-floersbachtal.de\/cms\/wp-content\/uploads\/2025\/06\/Linny2-16-W.jpg\" alt=\"\" class=\"wp-image-50677\" srcset=\"https:\/\/collies-vom-floersbachtal.de\/cms\/wp-content\/uploads\/2025\/06\/Linny2-16-W.jpg 1000w, https:\/\/collies-vom-floersbachtal.de\/cms\/wp-content\/uploads\/2025\/06\/Linny2-16-W-300x175.jpg 300w, https:\/\/collies-vom-floersbachtal.de\/cms\/wp-content\/uploads\/2025\/06\/Linny2-16-W-768x449.jpg 768w\" sizes=\"auto, (max-width: 1000px) 100vw, 1000px\" \/><\/a><\/figure>\n\n\n\n<figure class=\"wp-block-image size-large\"><a href=\"https:\/\/collies-vom-floersbachtal.de\/cms\/wp-content\/uploads\/2025\/06\/Linny3-13-wochen-1.jpg\"><img loading=\"lazy\" decoding=\"async\" width=\"648\" height=\"1024\" data-id=\"50676\" src=\"https:\/\/collies-vom-floersbachtal.de\/cms\/wp-content\/uploads\/2025\/06\/Linny3-13-wochen-1-648x1024.jpg\" alt=\"\" class=\"wp-image-50676\" srcset=\"https:\/\/collies-vom-floersbachtal.de\/cms\/wp-content\/uploads\/2025\/06\/Linny3-13-wochen-1-648x1024.jpg 648w, https:\/\/collies-vom-floersbachtal.de\/cms\/wp-content\/uploads\/2025\/06\/Linny3-13-wochen-1-190x300.jpg 190w, https:\/\/collies-vom-floersbachtal.de\/cms\/wp-content\/uploads\/2025\/06\/Linny3-13-wochen-1-768x1214.jpg 768w, https:\/\/collies-vom-floersbachtal.de\/cms\/wp-content\/uploads\/2025\/06\/Linny3-13-wochen-1.jpg 874w\" sizes=\"auto, (max-width: 648px) 100vw, 648px\" \/><\/a><\/figure>\n\n\n\n<figure class=\"wp-block-image size-large\"><a href=\"https:\/\/collies-vom-floersbachtal.de\/cms\/wp-content\/uploads\/2025\/06\/Linny3-15-W.jpg\"><img loading=\"lazy\" decoding=\"async\" width=\"984\" height=\"1024\" data-id=\"50680\" src=\"https:\/\/collies-vom-floersbachtal.de\/cms\/wp-content\/uploads\/2025\/06\/Linny3-15-W-984x1024.jpg\" alt=\"\" class=\"wp-image-50680\" srcset=\"https:\/\/collies-vom-floersbachtal.de\/cms\/wp-content\/uploads\/2025\/06\/Linny3-15-W-984x1024.jpg 984w, https:\/\/collies-vom-floersbachtal.de\/cms\/wp-content\/uploads\/2025\/06\/Linny3-15-W-288x300.jpg 288w, https:\/\/collies-vom-floersbachtal.de\/cms\/wp-content\/uploads\/2025\/06\/Linny3-15-W-768x799.jpg 768w, https:\/\/collies-vom-floersbachtal.de\/cms\/wp-content\/uploads\/2025\/06\/Linny3-15-W-1476x1536.jpg 1476w, https:\/\/collies-vom-floersbachtal.de\/cms\/wp-content\/uploads\/2025\/06\/Linny3-15-W.jpg 1735w\" sizes=\"auto, (max-width: 984px) 100vw, 984px\" \/><\/a><\/figure>\n\n\n\n<figure class=\"wp-block-image size-large\"><a href=\"https:\/\/collies-vom-floersbachtal.de\/cms\/wp-content\/uploads\/2025\/06\/Linny3-16-W.jpg\"><img loading=\"lazy\" decoding=\"async\" width=\"701\" height=\"1024\" data-id=\"50678\" src=\"https:\/\/collies-vom-floersbachtal.de\/cms\/wp-content\/uploads\/2025\/06\/Linny3-16-W-701x1024.jpg\" alt=\"\" class=\"wp-image-50678\" srcset=\"https:\/\/collies-vom-floersbachtal.de\/cms\/wp-content\/uploads\/2025\/06\/Linny3-16-W-701x1024.jpg 701w, https:\/\/collies-vom-floersbachtal.de\/cms\/wp-content\/uploads\/2025\/06\/Linny3-16-W-205x300.jpg 205w, https:\/\/collies-vom-floersbachtal.de\/cms\/wp-content\/uploads\/2025\/06\/Linny3-16-W-768x1122.jpg 768w, https:\/\/collies-vom-floersbachtal.de\/cms\/wp-content\/uploads\/2025\/06\/Linny3-16-W-1051x1536.jpg 1051w, https:\/\/collies-vom-floersbachtal.de\/cms\/wp-content\/uploads\/2025\/06\/Linny3-16-W.jpg 1364w\" sizes=\"auto, (max-width: 701px) 100vw, 701px\" \/><\/a><\/figure>\n\n\n\n<figure class=\"wp-block-image size-large\"><a href=\"https:\/\/collies-vom-floersbachtal.de\/cms\/wp-content\/uploads\/2025\/06\/Linny-155-wochen-und-Mina1-Juni25.jpg\"><img loading=\"lazy\" decoding=\"async\" width=\"731\" height=\"1024\" data-id=\"50679\" src=\"https:\/\/collies-vom-floersbachtal.de\/cms\/wp-content\/uploads\/2025\/06\/Linny-155-wochen-und-Mina1-Juni25-731x1024.jpg\" alt=\"\" class=\"wp-image-50679\" srcset=\"https:\/\/collies-vom-floersbachtal.de\/cms\/wp-content\/uploads\/2025\/06\/Linny-155-wochen-und-Mina1-Juni25-731x1024.jpg 731w, https:\/\/collies-vom-floersbachtal.de\/cms\/wp-content\/uploads\/2025\/06\/Linny-155-wochen-und-Mina1-Juni25-214x300.jpg 214w, https:\/\/collies-vom-floersbachtal.de\/cms\/wp-content\/uploads\/2025\/06\/Linny-155-wochen-und-Mina1-Juni25-768x1076.jpg 768w, https:\/\/collies-vom-floersbachtal.de\/cms\/wp-content\/uploads\/2025\/06\/Linny-155-wochen-und-Mina1-Juni25.jpg 800w\" sizes=\"auto, (max-width: 731px) 100vw, 731px\" \/><\/a><figcaption class=\"wp-element-caption\">Linny mit 17 Wochen<\/figcaption><\/figure>\n<\/figure>\n\n\n\n<h1 class=\"wp-block-heading\"><strong>Linny mit 13 Wochen \ud83d\ude42<\/strong><\/h1>\n\n\n\n<figure class=\"wp-block-image size-full is-style-rounded\"><a href=\"https:\/\/collies-vom-floersbachtal.de\/cms\/wp-content\/uploads\/2025\/06\/Linny4-13-wochen.jpg\"><img loading=\"lazy\" decoding=\"async\" width=\"1000\" height=\"1023\" src=\"https:\/\/collies-vom-floersbachtal.de\/cms\/wp-content\/uploads\/2025\/06\/Linny4-13-wochen.jpg\" alt=\"\" class=\"wp-image-50634\" srcset=\"https:\/\/collies-vom-floersbachtal.de\/cms\/wp-content\/uploads\/2025\/06\/Linny4-13-wochen.jpg 1000w, https:\/\/collies-vom-floersbachtal.de\/cms\/wp-content\/uploads\/2025\/06\/Linny4-13-wochen-293x300.jpg 293w, https:\/\/collies-vom-floersbachtal.de\/cms\/wp-content\/uploads\/2025\/06\/Linny4-13-wochen-768x786.jpg 768w\" sizes=\"auto, (max-width: 1000px) 100vw, 1000px\" \/><\/a><\/figure>\n\n\n\n<figure class=\"wp-block-image size-full\"><a href=\"https:\/\/collies-vom-floersbachtal.de\/cms\/wp-content\/uploads\/2025\/06\/Meine-Maedels2-Mai25-1.jpg\"><img loading=\"lazy\" decoding=\"async\" width=\"1000\" height=\"667\" src=\"https:\/\/collies-vom-floersbachtal.de\/cms\/wp-content\/uploads\/2025\/06\/Meine-Maedels2-Mai25-1.jpg\" alt=\"\" class=\"wp-image-50687\" srcset=\"https:\/\/collies-vom-floersbachtal.de\/cms\/wp-content\/uploads\/2025\/06\/Meine-Maedels2-Mai25-1.jpg 1000w, https:\/\/collies-vom-floersbachtal.de\/cms\/wp-content\/uploads\/2025\/06\/Meine-Maedels2-Mai25-1-300x200.jpg 300w, https:\/\/collies-vom-floersbachtal.de\/cms\/wp-content\/uploads\/2025\/06\/Meine-Maedels2-Mai25-1-768x512.jpg 768w\" sizes=\"auto, (max-width: 1000px) 100vw, 1000px\" \/><\/a><\/figure>\n\n\n\n<figure class=\"wp-block-gallery has-nested-images columns-default is-cropped wp-block-gallery-5 is-layout-flex wp-block-gallery-is-layout-flex\">\n<figure class=\"wp-block-image size-large\"><a href=\"https:\/\/collies-vom-floersbachtal.de\/cms\/wp-content\/uploads\/2025\/06\/Jana-und-Linny3-16-W.jpg\"><img loading=\"lazy\" decoding=\"async\" width=\"1024\" height=\"581\" data-id=\"50690\" src=\"https:\/\/collies-vom-floersbachtal.de\/cms\/wp-content\/uploads\/2025\/06\/Jana-und-Linny3-16-W-1024x581.jpg\" alt=\"\" class=\"wp-image-50690\" srcset=\"https:\/\/collies-vom-floersbachtal.de\/cms\/wp-content\/uploads\/2025\/06\/Jana-und-Linny3-16-W-1024x581.jpg 1024w, https:\/\/collies-vom-floersbachtal.de\/cms\/wp-content\/uploads\/2025\/06\/Jana-und-Linny3-16-W-300x170.jpg 300w, https:\/\/collies-vom-floersbachtal.de\/cms\/wp-content\/uploads\/2025\/06\/Jana-und-Linny3-16-W-768x436.jpg 768w, https:\/\/collies-vom-floersbachtal.de\/cms\/wp-content\/uploads\/2025\/06\/Jana-und-Linny3-16-W-1536x871.jpg 1536w, https:\/\/collies-vom-floersbachtal.de\/cms\/wp-content\/uploads\/2025\/06\/Jana-und-Linny3-16-W-2048x1161.jpg 2048w\" sizes=\"auto, (max-width: 1024px) 100vw, 1024px\" \/><\/a><\/figure>\n\n\n\n<figure class=\"wp-block-image size-large\"><a href=\"https:\/\/collies-vom-floersbachtal.de\/cms\/wp-content\/uploads\/2025\/06\/Jana-und-Linny4-14-Wochen-1.jpg\"><img loading=\"lazy\" decoding=\"async\" width=\"865\" height=\"1024\" data-id=\"50689\" src=\"https:\/\/collies-vom-floersbachtal.de\/cms\/wp-content\/uploads\/2025\/06\/Jana-und-Linny4-14-Wochen-1-865x1024.jpg\" alt=\"\" class=\"wp-image-50689\" srcset=\"https:\/\/collies-vom-floersbachtal.de\/cms\/wp-content\/uploads\/2025\/06\/Jana-und-Linny4-14-Wochen-1-865x1024.jpg 865w, https:\/\/collies-vom-floersbachtal.de\/cms\/wp-content\/uploads\/2025\/06\/Jana-und-Linny4-14-Wochen-1-253x300.jpg 253w, https:\/\/collies-vom-floersbachtal.de\/cms\/wp-content\/uploads\/2025\/06\/Jana-und-Linny4-14-Wochen-1-768x909.jpg 768w, https:\/\/collies-vom-floersbachtal.de\/cms\/wp-content\/uploads\/2025\/06\/Jana-und-Linny4-14-Wochen-1.jpg 1000w\" sizes=\"auto, (max-width: 865px) 100vw, 865px\" \/><\/a><\/figure>\n\n\n\n<figure class=\"wp-block-image size-large\"><a href=\"https:\/\/collies-vom-floersbachtal.de\/cms\/wp-content\/uploads\/2025\/06\/Jana-und-Linny1-14-Wochen.jpg\"><img loading=\"lazy\" decoding=\"async\" width=\"1000\" height=\"778\" data-id=\"50688\" src=\"https:\/\/collies-vom-floersbachtal.de\/cms\/wp-content\/uploads\/2025\/06\/Jana-und-Linny1-14-Wochen.jpg\" alt=\"\" class=\"wp-image-50688\" srcset=\"https:\/\/collies-vom-floersbachtal.de\/cms\/wp-content\/uploads\/2025\/06\/Jana-und-Linny1-14-Wochen.jpg 1000w, https:\/\/collies-vom-floersbachtal.de\/cms\/wp-content\/uploads\/2025\/06\/Jana-und-Linny1-14-Wochen-300x233.jpg 300w, https:\/\/collies-vom-floersbachtal.de\/cms\/wp-content\/uploads\/2025\/06\/Jana-und-Linny1-14-Wochen-768x598.jpg 768w\" sizes=\"auto, (max-width: 1000px) 100vw, 1000px\" \/><\/a><\/figure>\n\n\n\n<figure class=\"wp-block-image size-large\"><a href=\"https:\/\/collies-vom-floersbachtal.de\/cms\/wp-content\/uploads\/2025\/06\/Jana-und-Linny1-16-W-scaled.jpg\"><img loading=\"lazy\" decoding=\"async\" width=\"650\" height=\"1024\" data-id=\"50691\" src=\"https:\/\/collies-vom-floersbachtal.de\/cms\/wp-content\/uploads\/2025\/06\/Jana-und-Linny1-16-W-650x1024.jpg\" alt=\"\" class=\"wp-image-50691\" srcset=\"https:\/\/collies-vom-floersbachtal.de\/cms\/wp-content\/uploads\/2025\/06\/Jana-und-Linny1-16-W-650x1024.jpg 650w, https:\/\/collies-vom-floersbachtal.de\/cms\/wp-content\/uploads\/2025\/06\/Jana-und-Linny1-16-W-191x300.jpg 191w, https:\/\/collies-vom-floersbachtal.de\/cms\/wp-content\/uploads\/2025\/06\/Jana-und-Linny1-16-W-768x1209.jpg 768w, https:\/\/collies-vom-floersbachtal.de\/cms\/wp-content\/uploads\/2025\/06\/Jana-und-Linny1-16-W-976x1536.jpg 976w, https:\/\/collies-vom-floersbachtal.de\/cms\/wp-content\/uploads\/2025\/06\/Jana-und-Linny1-16-W-1301x2048.jpg 1301w, https:\/\/collies-vom-floersbachtal.de\/cms\/wp-content\/uploads\/2025\/06\/Jana-und-Linny1-16-W-scaled.jpg 1626w\" sizes=\"auto, (max-width: 650px) 100vw, 650px\" \/><\/a><\/figure>\n\n\n\n<figure class=\"wp-block-image size-large\"><a href=\"https:\/\/collies-vom-floersbachtal.de\/cms\/wp-content\/uploads\/2025\/06\/Jana-und-Linny2-16-W.jpg\"><img loading=\"lazy\" decoding=\"async\" width=\"886\" height=\"1024\" data-id=\"50693\" src=\"https:\/\/collies-vom-floersbachtal.de\/cms\/wp-content\/uploads\/2025\/06\/Jana-und-Linny2-16-W-886x1024.jpg\" alt=\"\" class=\"wp-image-50693\" srcset=\"https:\/\/collies-vom-floersbachtal.de\/cms\/wp-content\/uploads\/2025\/06\/Jana-und-Linny2-16-W-886x1024.jpg 886w, https:\/\/collies-vom-floersbachtal.de\/cms\/wp-content\/uploads\/2025\/06\/Jana-und-Linny2-16-W-260x300.jpg 260w, https:\/\/collies-vom-floersbachtal.de\/cms\/wp-content\/uploads\/2025\/06\/Jana-und-Linny2-16-W-768x887.jpg 768w, https:\/\/collies-vom-floersbachtal.de\/cms\/wp-content\/uploads\/2025\/06\/Jana-und-Linny2-16-W-1329x1536.jpg 1329w, https:\/\/collies-vom-floersbachtal.de\/cms\/wp-content\/uploads\/2025\/06\/Jana-und-Linny2-16-W-1772x2048.jpg 1772w\" sizes=\"auto, (max-width: 886px) 100vw, 886px\" \/><\/a><\/figure>\n\n\n\n<figure class=\"wp-block-image size-large\"><a href=\"https:\/\/collies-vom-floersbachtal.de\/cms\/wp-content\/uploads\/2025\/06\/Jana-und-Linny3-14-Wochen-1.jpg\"><img loading=\"lazy\" decoding=\"async\" width=\"798\" height=\"1024\" data-id=\"50692\" src=\"https:\/\/collies-vom-floersbachtal.de\/cms\/wp-content\/uploads\/2025\/06\/Jana-und-Linny3-14-Wochen-1-798x1024.jpg\" alt=\"\" class=\"wp-image-50692\" srcset=\"https:\/\/collies-vom-floersbachtal.de\/cms\/wp-content\/uploads\/2025\/06\/Jana-und-Linny3-14-Wochen-1-798x1024.jpg 798w, https:\/\/collies-vom-floersbachtal.de\/cms\/wp-content\/uploads\/2025\/06\/Jana-und-Linny3-14-Wochen-1-234x300.jpg 234w, https:\/\/collies-vom-floersbachtal.de\/cms\/wp-content\/uploads\/2025\/06\/Jana-und-Linny3-14-Wochen-1-768x986.jpg 768w, https:\/\/collies-vom-floersbachtal.de\/cms\/wp-content\/uploads\/2025\/06\/Jana-und-Linny3-14-Wochen-1.jpg 1000w\" sizes=\"auto, (max-width: 798px) 100vw, 798px\" \/><\/a><\/figure>\n<\/figure>\n\n\n\n<figure class=\"wp-block-gallery has-nested-images columns-default is-cropped wp-block-gallery-6 is-layout-flex wp-block-gallery-is-layout-flex\">\n<figure class=\"wp-block-image size-large\"><a href=\"https:\/\/collies-vom-floersbachtal.de\/cms\/wp-content\/uploads\/2025\/06\/Linny7-13-wochen-1.jpg\"><img loading=\"lazy\" decoding=\"async\" width=\"700\" height=\"465\" data-id=\"50636\" src=\"https:\/\/collies-vom-floersbachtal.de\/cms\/wp-content\/uploads\/2025\/06\/Linny7-13-wochen-1.jpg\" alt=\"\" class=\"wp-image-50636\" srcset=\"https:\/\/collies-vom-floersbachtal.de\/cms\/wp-content\/uploads\/2025\/06\/Linny7-13-wochen-1.jpg 700w, https:\/\/collies-vom-floersbachtal.de\/cms\/wp-content\/uploads\/2025\/06\/Linny7-13-wochen-1-300x199.jpg 300w\" sizes=\"auto, (max-width: 700px) 100vw, 700px\" \/><\/a><\/figure>\n\n\n\n<figure class=\"wp-block-image size-large\"><a href=\"https:\/\/collies-vom-floersbachtal.de\/cms\/wp-content\/uploads\/2025\/06\/Linny5-13-wochen.jpg\"><img loading=\"lazy\" decoding=\"async\" width=\"559\" height=\"1024\" data-id=\"50639\" src=\"https:\/\/collies-vom-floersbachtal.de\/cms\/wp-content\/uploads\/2025\/06\/Linny5-13-wochen-559x1024.jpg\" alt=\"\" class=\"wp-image-50639\" srcset=\"https:\/\/collies-vom-floersbachtal.de\/cms\/wp-content\/uploads\/2025\/06\/Linny5-13-wochen-559x1024.jpg 559w, https:\/\/collies-vom-floersbachtal.de\/cms\/wp-content\/uploads\/2025\/06\/Linny5-13-wochen-164x300.jpg 164w, https:\/\/collies-vom-floersbachtal.de\/cms\/wp-content\/uploads\/2025\/06\/Linny5-13-wochen-768x1406.jpg 768w, https:\/\/collies-vom-floersbachtal.de\/cms\/wp-content\/uploads\/2025\/06\/Linny5-13-wochen.jpg 800w\" sizes=\"auto, (max-width: 559px) 100vw, 559px\" \/><\/a><\/figure>\n\n\n\n<figure class=\"wp-block-image size-large\"><a href=\"https:\/\/collies-vom-floersbachtal.de\/cms\/wp-content\/uploads\/2025\/06\/Linny6-13-Wochen.jpg\"><img loading=\"lazy\" decoding=\"async\" width=\"859\" height=\"1024\" data-id=\"50640\" src=\"https:\/\/collies-vom-floersbachtal.de\/cms\/wp-content\/uploads\/2025\/06\/Linny6-13-Wochen-859x1024.jpg\" alt=\"\" class=\"wp-image-50640\" srcset=\"https:\/\/collies-vom-floersbachtal.de\/cms\/wp-content\/uploads\/2025\/06\/Linny6-13-Wochen-859x1024.jpg 859w, https:\/\/collies-vom-floersbachtal.de\/cms\/wp-content\/uploads\/2025\/06\/Linny6-13-Wochen-252x300.jpg 252w, https:\/\/collies-vom-floersbachtal.de\/cms\/wp-content\/uploads\/2025\/06\/Linny6-13-Wochen-768x915.jpg 768w, https:\/\/collies-vom-floersbachtal.de\/cms\/wp-content\/uploads\/2025\/06\/Linny6-13-Wochen-1289x1536.jpg 1289w, https:\/\/collies-vom-floersbachtal.de\/cms\/wp-content\/uploads\/2025\/06\/Linny6-13-Wochen.jpg 1382w\" sizes=\"auto, (max-width: 859px) 100vw, 859px\" \/><\/a><\/figure>\n\n\n\n<figure class=\"wp-block-image size-large is-style-rounded\"><a href=\"https:\/\/collies-vom-floersbachtal.de\/cms\/wp-content\/uploads\/2025\/06\/Linny-klein1-Juni25.jpg\"><img loading=\"lazy\" decoding=\"async\" width=\"800\" height=\"450\" data-id=\"50637\" src=\"https:\/\/collies-vom-floersbachtal.de\/cms\/wp-content\/uploads\/2025\/06\/Linny-klein1-Juni25.jpg\" alt=\"\" class=\"wp-image-50637\" srcset=\"https:\/\/collies-vom-floersbachtal.de\/cms\/wp-content\/uploads\/2025\/06\/Linny-klein1-Juni25.jpg 800w, https:\/\/collies-vom-floersbachtal.de\/cms\/wp-content\/uploads\/2025\/06\/Linny-klein1-Juni25-300x169.jpg 300w, https:\/\/collies-vom-floersbachtal.de\/cms\/wp-content\/uploads\/2025\/06\/Linny-klein1-Juni25-768x432.jpg 768w\" sizes=\"auto, (max-width: 800px) 100vw, 800px\" \/><\/a><\/figure>\n<\/figure>\n\n\n\n<p>Nun sind schon 14 Tage ins Land gegangen und die kleine Maus hat sich richtig gut hier eingelebt. \ud83d\ude42<\/p>\n\n\n\n<h1 class=\"wp-block-heading\"><strong>17.05.2025 Neues von Linny \ud83d\ude1b<\/strong><\/h1>\n\n\n\n<figure class=\"wp-block-gallery has-nested-images columns-default is-cropped wp-block-gallery-7 is-layout-flex wp-block-gallery-is-layout-flex\">\n<figure class=\"wp-block-image size-large\"><a href=\"https:\/\/collies-vom-floersbachtal.de\/cms\/wp-content\/uploads\/2025\/05\/Tara-und-Linny1-Mai25.jpg\"><img loading=\"lazy\" decoding=\"async\" width=\"1000\" height=\"612\" data-id=\"50433\" src=\"https:\/\/collies-vom-floersbachtal.de\/cms\/wp-content\/uploads\/2025\/05\/Tara-und-Linny1-Mai25.jpg\" alt=\"\" class=\"wp-image-50433\" srcset=\"https:\/\/collies-vom-floersbachtal.de\/cms\/wp-content\/uploads\/2025\/05\/Tara-und-Linny1-Mai25.jpg 1000w, https:\/\/collies-vom-floersbachtal.de\/cms\/wp-content\/uploads\/2025\/05\/Tara-und-Linny1-Mai25-300x184.jpg 300w, https:\/\/collies-vom-floersbachtal.de\/cms\/wp-content\/uploads\/2025\/05\/Tara-und-Linny1-Mai25-768x470.jpg 768w\" sizes=\"auto, (max-width: 1000px) 100vw, 1000px\" \/><\/a><\/figure>\n\n\n\n<figure class=\"wp-block-image size-large\"><a href=\"https:\/\/collies-vom-floersbachtal.de\/cms\/wp-content\/uploads\/2025\/05\/Linny1-12-Wochen.jpg\"><img loading=\"lazy\" decoding=\"async\" width=\"1000\" height=\"866\" data-id=\"50431\" src=\"https:\/\/collies-vom-floersbachtal.de\/cms\/wp-content\/uploads\/2025\/05\/Linny1-12-Wochen.jpg\" alt=\"\" class=\"wp-image-50431\" srcset=\"https:\/\/collies-vom-floersbachtal.de\/cms\/wp-content\/uploads\/2025\/05\/Linny1-12-Wochen.jpg 1000w, https:\/\/collies-vom-floersbachtal.de\/cms\/wp-content\/uploads\/2025\/05\/Linny1-12-Wochen-300x260.jpg 300w, https:\/\/collies-vom-floersbachtal.de\/cms\/wp-content\/uploads\/2025\/05\/Linny1-12-Wochen-768x665.jpg 768w\" sizes=\"auto, (max-width: 1000px) 100vw, 1000px\" \/><\/a><\/figure>\n\n\n\n<figure class=\"wp-block-image size-large\"><a href=\"https:\/\/collies-vom-floersbachtal.de\/cms\/wp-content\/uploads\/2025\/05\/Linny1-auf-dem-welentreffen-Mai25.jpg\"><img loading=\"lazy\" decoding=\"async\" width=\"768\" height=\"1024\" data-id=\"50434\" src=\"https:\/\/collies-vom-floersbachtal.de\/cms\/wp-content\/uploads\/2025\/05\/Linny1-auf-dem-welentreffen-Mai25-768x1024.jpg\" alt=\"\" class=\"wp-image-50434\" srcset=\"https:\/\/collies-vom-floersbachtal.de\/cms\/wp-content\/uploads\/2025\/05\/Linny1-auf-dem-welentreffen-Mai25-768x1024.jpg 768w, https:\/\/collies-vom-floersbachtal.de\/cms\/wp-content\/uploads\/2025\/05\/Linny1-auf-dem-welentreffen-Mai25-225x300.jpg 225w, https:\/\/collies-vom-floersbachtal.de\/cms\/wp-content\/uploads\/2025\/05\/Linny1-auf-dem-welentreffen-Mai25-1152x1536.jpg 1152w, https:\/\/collies-vom-floersbachtal.de\/cms\/wp-content\/uploads\/2025\/05\/Linny1-auf-dem-welentreffen-Mai25.jpg 1200w\" sizes=\"auto, (max-width: 768px) 100vw, 768px\" \/><\/a><\/figure>\n\n\n\n<figure class=\"wp-block-image size-large\"><a href=\"https:\/\/collies-vom-floersbachtal.de\/cms\/wp-content\/uploads\/2025\/05\/Linny2-12-Wochen.jpg\"><img loading=\"lazy\" decoding=\"async\" width=\"773\" height=\"1024\" data-id=\"50435\" src=\"https:\/\/collies-vom-floersbachtal.de\/cms\/wp-content\/uploads\/2025\/05\/Linny2-12-Wochen-773x1024.jpg\" alt=\"\" class=\"wp-image-50435\" srcset=\"https:\/\/collies-vom-floersbachtal.de\/cms\/wp-content\/uploads\/2025\/05\/Linny2-12-Wochen-773x1024.jpg 773w, https:\/\/collies-vom-floersbachtal.de\/cms\/wp-content\/uploads\/2025\/05\/Linny2-12-Wochen-226x300.jpg 226w, https:\/\/collies-vom-floersbachtal.de\/cms\/wp-content\/uploads\/2025\/05\/Linny2-12-Wochen-768x1018.jpg 768w, https:\/\/collies-vom-floersbachtal.de\/cms\/wp-content\/uploads\/2025\/05\/Linny2-12-Wochen.jpg 1000w\" sizes=\"auto, (max-width: 773px) 100vw, 773px\" \/><\/a><\/figure>\n\n\n\n<figure class=\"wp-block-image size-large\"><a href=\"https:\/\/collies-vom-floersbachtal.de\/cms\/wp-content\/uploads\/2025\/05\/Linny8-11-Wochen-1.jpg\"><img loading=\"lazy\" decoding=\"async\" width=\"800\" height=\"1009\" data-id=\"50432\" src=\"https:\/\/collies-vom-floersbachtal.de\/cms\/wp-content\/uploads\/2025\/05\/Linny8-11-Wochen-1.jpg\" alt=\"\" class=\"wp-image-50432\" srcset=\"https:\/\/collies-vom-floersbachtal.de\/cms\/wp-content\/uploads\/2025\/05\/Linny8-11-Wochen-1.jpg 800w, https:\/\/collies-vom-floersbachtal.de\/cms\/wp-content\/uploads\/2025\/05\/Linny8-11-Wochen-1-238x300.jpg 238w, https:\/\/collies-vom-floersbachtal.de\/cms\/wp-content\/uploads\/2025\/05\/Linny8-11-Wochen-1-768x969.jpg 768w\" sizes=\"auto, (max-width: 800px) 100vw, 800px\" \/><\/a><\/figure>\n\n\n\n<figure class=\"wp-block-image size-large\"><a href=\"https:\/\/collies-vom-floersbachtal.de\/cms\/wp-content\/uploads\/2025\/05\/Linny10-12-Wochen.jpg\"><img loading=\"lazy\" decoding=\"async\" width=\"577\" height=\"1024\" data-id=\"50436\" src=\"https:\/\/collies-vom-floersbachtal.de\/cms\/wp-content\/uploads\/2025\/05\/Linny10-12-Wochen-577x1024.jpg\" alt=\"\" class=\"wp-image-50436\" srcset=\"https:\/\/collies-vom-floersbachtal.de\/cms\/wp-content\/uploads\/2025\/05\/Linny10-12-Wochen-577x1024.jpg 577w, https:\/\/collies-vom-floersbachtal.de\/cms\/wp-content\/uploads\/2025\/05\/Linny10-12-Wochen-169x300.jpg 169w, https:\/\/collies-vom-floersbachtal.de\/cms\/wp-content\/uploads\/2025\/05\/Linny10-12-Wochen-768x1364.jpg 768w, https:\/\/collies-vom-floersbachtal.de\/cms\/wp-content\/uploads\/2025\/05\/Linny10-12-Wochen-865x1536.jpg 865w, https:\/\/collies-vom-floersbachtal.de\/cms\/wp-content\/uploads\/2025\/05\/Linny10-12-Wochen.jpg 1000w\" sizes=\"auto, (max-width: 577px) 100vw, 577px\" \/><\/a><\/figure>\n\n\n\n<figure class=\"wp-block-image size-large\"><a href=\"https:\/\/collies-vom-floersbachtal.de\/cms\/wp-content\/uploads\/2025\/05\/Linny9-12-Wochen.jpg\"><img loading=\"lazy\" decoding=\"async\" width=\"607\" height=\"417\" data-id=\"50430\" src=\"https:\/\/collies-vom-floersbachtal.de\/cms\/wp-content\/uploads\/2025\/05\/Linny9-12-Wochen.jpg\" alt=\"\" class=\"wp-image-50430\" srcset=\"https:\/\/collies-vom-floersbachtal.de\/cms\/wp-content\/uploads\/2025\/05\/Linny9-12-Wochen.jpg 607w, https:\/\/collies-vom-floersbachtal.de\/cms\/wp-content\/uploads\/2025\/05\/Linny9-12-Wochen-300x206.jpg 300w\" sizes=\"auto, (max-width: 607px) 100vw, 607px\" \/><\/a><\/figure>\n<\/figure>\n\n\n\n<h2 class=\"wp-block-heading\">Ist bei uns am 01.05.2025 eingezogen, v\u00f6llig \u00fcberraschend und ungeplant, aber sehr willkommen. \ud83d\ude00  Bin schon sehr schockverliebt \ud83d\ude42<\/h2>\n\n\n\n<h2 class=\"wp-block-heading\"><strong>Linny ( Eileen vom Hof Sophiental)   geb. 16.02.2025,  310 g<\/strong> <strong>um 8:10 Uhr<\/strong><\/h2>\n\n\n\n<h2 class=\"wp-block-heading\"><strong>Blue-Merle\/ White , 21 kg,       56  cm<br>MDR1&nbsp; +\/+&nbsp;&nbsp; non carrier,&nbsp;&nbsp;&nbsp;&nbsp;&nbsp;&nbsp;&nbsp;&nbsp;&nbsp;&nbsp;(Eltern)<\/strong><br><strong>CEA&nbsp;&nbsp;&nbsp;&nbsp; N\/N,&nbsp; non carrier&nbsp;&nbsp;&nbsp;&nbsp;&nbsp;&nbsp;&nbsp;&nbsp;&nbsp;&nbsp; (<strong>Eltern<\/strong>)<\/strong><br><strong>DM&nbsp;&nbsp;&nbsp;&nbsp;&nbsp; N\/N carrier,&nbsp;&nbsp;&nbsp;&nbsp;&nbsp;&nbsp;&nbsp;&nbsp;&nbsp;&nbsp;&nbsp;&nbsp;         (<strong>Eltern<\/strong>)<br>GCS&nbsp;&nbsp;&nbsp;&nbsp; N\/N non carrier,&nbsp; &nbsp;&nbsp;&nbsp;&nbsp;&nbsp;&nbsp;&nbsp;&nbsp;&nbsp; (Eltern)<br>PRA&nbsp;&nbsp;&nbsp;&nbsp; N\/N non carrier,&nbsp; &nbsp; &nbsp; &nbsp; &nbsp; &nbsp; (<strong>Eltern<\/strong>)<\/strong><\/h2>\n\n\n\n<h2 class=\"wp-block-heading\"><strong>IPD&nbsp; &nbsp; &nbsp;N\/N non carrier,             (<strong>Eltern<\/strong>) &nbsp; &nbsp;<br>CEA\/PRA\/Kat.<\/strong> <strong>frei                      (DOK)<\/strong><\/h2>\n\n\n\n<h2 class=\"wp-block-heading\"><strong>DMS:  folgt &nbsp; &nbsp; <\/strong><\/h2>\n\n\n\n<h2 class=\"wp-block-heading\"><strong>M-Lokus folgt <\/strong><\/h2>\n\n\n\n<h2 class=\"wp-block-heading\"><strong>DNA Profil folgt<\/strong><\/h2>\n\n\n\n<h2 class=\"wp-block-heading\"><strong>HD folgt \/ ED folgt<\/strong><\/h2>\n\n\n\n<figure class=\"wp-block-image size-full\"><a href=\"https:\/\/collies-vom-floersbachtal.de\/cms\/wp-content\/uploads\/2025\/05\/Ahnentafel-Linny1.jpg\"><img loading=\"lazy\" decoding=\"async\" width=\"1000\" height=\"727\" src=\"https:\/\/collies-vom-floersbachtal.de\/cms\/wp-content\/uploads\/2025\/05\/Ahnentafel-Linny1.jpg\" alt=\"\" class=\"wp-image-50441\" srcset=\"https:\/\/collies-vom-floersbachtal.de\/cms\/wp-content\/uploads\/2025\/05\/Ahnentafel-Linny1.jpg 1000w, https:\/\/collies-vom-floersbachtal.de\/cms\/wp-content\/uploads\/2025\/05\/Ahnentafel-Linny1-300x218.jpg 300w, https:\/\/collies-vom-floersbachtal.de\/cms\/wp-content\/uploads\/2025\/05\/Ahnentafel-Linny1-768x558.jpg 768w\" sizes=\"auto, (max-width: 1000px) 100vw, 1000px\" \/><\/a><\/figure>\n\n\n\n<figure class=\"wp-block-image size-large is-style-rounded\"><a href=\"https:\/\/collies-vom-floersbachtal.de\/cms\/wp-content\/uploads\/2025\/05\/Linny1-klein1-Woche.jpg\"><img loading=\"lazy\" decoding=\"async\" width=\"768\" height=\"1024\" src=\"https:\/\/collies-vom-floersbachtal.de\/cms\/wp-content\/uploads\/2025\/05\/Linny1-klein1-Woche-768x1024.jpg\" alt=\"\" class=\"wp-image-50174\" srcset=\"https:\/\/collies-vom-floersbachtal.de\/cms\/wp-content\/uploads\/2025\/05\/Linny1-klein1-Woche-768x1024.jpg 768w, https:\/\/collies-vom-floersbachtal.de\/cms\/wp-content\/uploads\/2025\/05\/Linny1-klein1-Woche-225x300.jpg 225w, https:\/\/collies-vom-floersbachtal.de\/cms\/wp-content\/uploads\/2025\/05\/Linny1-klein1-Woche.jpg 1000w\" sizes=\"auto, (max-width: 768px) 100vw, 768px\" \/><\/a><figcaption class=\"wp-element-caption\"><strong>Linny 1 Woche auf der Welt . Geboren am 16.02.2025  um 8:10 Uhr mit 310 g \ud83d\ude42<\/strong>    Im Sternzeichen Wassermann Aszendent Fisch &#8211; Deszendent Jungfrau (das kennen wir doch, nur umgekehrt , bei Jana und mir ) \ud83d\ude00  Im chinesischen ist sie Holz Schlange.<\/figcaption><\/figure>\n\n\n\n<figure class=\"wp-block-gallery has-nested-images columns-default is-cropped wp-block-gallery-8 is-layout-flex wp-block-gallery-is-layout-flex\">\n<figure class=\"wp-block-image size-large\"><a href=\"https:\/\/collies-vom-floersbachtal.de\/cms\/wp-content\/uploads\/2025\/05\/Eileen2.webp\"><img loading=\"lazy\" decoding=\"async\" width=\"525\" height=\"569\" data-id=\"50043\" src=\"https:\/\/collies-vom-floersbachtal.de\/cms\/wp-content\/uploads\/2025\/05\/Eileen2.webp\" alt=\"\" class=\"wp-image-50043\" srcset=\"https:\/\/collies-vom-floersbachtal.de\/cms\/wp-content\/uploads\/2025\/05\/Eileen2.webp 525w, https:\/\/collies-vom-floersbachtal.de\/cms\/wp-content\/uploads\/2025\/05\/Eileen2-277x300.webp 277w\" sizes=\"auto, (max-width: 525px) 100vw, 525px\" \/><\/a><\/figure>\n\n\n\n<figure class=\"wp-block-image size-large\"><a href=\"https:\/\/collies-vom-floersbachtal.de\/cms\/wp-content\/uploads\/2025\/05\/Eileen-mit-Mama-und-Bruederchen-9-Wochen2.jpg\"><img loading=\"lazy\" decoding=\"async\" width=\"768\" height=\"1024\" data-id=\"50042\" src=\"https:\/\/collies-vom-floersbachtal.de\/cms\/wp-content\/uploads\/2025\/05\/Eileen-mit-Mama-und-Bruederchen-9-Wochen2-768x1024.jpg\" alt=\"\" class=\"wp-image-50042\" srcset=\"https:\/\/collies-vom-floersbachtal.de\/cms\/wp-content\/uploads\/2025\/05\/Eileen-mit-Mama-und-Bruederchen-9-Wochen2-768x1024.jpg 768w, https:\/\/collies-vom-floersbachtal.de\/cms\/wp-content\/uploads\/2025\/05\/Eileen-mit-Mama-und-Bruederchen-9-Wochen2-225x300.jpg 225w, https:\/\/collies-vom-floersbachtal.de\/cms\/wp-content\/uploads\/2025\/05\/Eileen-mit-Mama-und-Bruederchen-9-Wochen2.jpg 1000w\" sizes=\"auto, (max-width: 768px) 100vw, 768px\" \/><\/a><\/figure>\n\n\n\n<figure class=\"wp-block-image size-large\"><a href=\"https:\/\/collies-vom-floersbachtal.de\/cms\/wp-content\/uploads\/2025\/05\/Eileen1.jpg\"><img loading=\"lazy\" decoding=\"async\" width=\"569\" height=\"756\" data-id=\"50044\" src=\"https:\/\/collies-vom-floersbachtal.de\/cms\/wp-content\/uploads\/2025\/05\/Eileen1.jpg\" alt=\"\" class=\"wp-image-50044\" srcset=\"https:\/\/collies-vom-floersbachtal.de\/cms\/wp-content\/uploads\/2025\/05\/Eileen1.jpg 569w, https:\/\/collies-vom-floersbachtal.de\/cms\/wp-content\/uploads\/2025\/05\/Eileen1-226x300.jpg 226w\" sizes=\"auto, (max-width: 569px) 100vw, 569px\" \/><\/a><\/figure>\n\n\n\n<figure class=\"wp-block-image size-large\"><a href=\"https:\/\/collies-vom-floersbachtal.de\/cms\/wp-content\/uploads\/2025\/05\/Eileen-mit-Mama-und-Bruederchen-9-Wochen1.jpg\"><img loading=\"lazy\" decoding=\"async\" width=\"1000\" height=\"750\" data-id=\"50041\" src=\"https:\/\/collies-vom-floersbachtal.de\/cms\/wp-content\/uploads\/2025\/05\/Eileen-mit-Mama-und-Bruederchen-9-Wochen1.jpg\" alt=\"\" class=\"wp-image-50041\" srcset=\"https:\/\/collies-vom-floersbachtal.de\/cms\/wp-content\/uploads\/2025\/05\/Eileen-mit-Mama-und-Bruederchen-9-Wochen1.jpg 1000w, https:\/\/collies-vom-floersbachtal.de\/cms\/wp-content\/uploads\/2025\/05\/Eileen-mit-Mama-und-Bruederchen-9-Wochen1-300x225.jpg 300w, https:\/\/collies-vom-floersbachtal.de\/cms\/wp-content\/uploads\/2025\/05\/Eileen-mit-Mama-und-Bruederchen-9-Wochen1-768x576.jpg 768w\" sizes=\"auto, (max-width: 1000px) 100vw, 1000px\" \/><\/a><figcaption class=\"wp-element-caption\">Noch bei Mama und ihrem Br\u00fcderchen <\/figcaption><\/figure>\n<\/figure>\n\n\n\n<p>Nun sind wir mal gespannt wie die kleine Maus sich hier einf\u00fcgt und das M\u00e4delsrudel aufmischt, aber so wie es im Moment aussieht klappt das ganz gut. Sie ist eine kleine selbstbewu\u00dfte junge Dame und hat die besten Gesundheitswerte, endlich auch mal eine mit allem <strong>non carrier<\/strong>, nach 14 Jahren haben wir uns das verdient. \ud83d\ude09<\/p>\n\n\n\n<figure class=\"wp-block-gallery has-nested-images columns-default is-cropped wp-block-gallery-9 is-layout-flex wp-block-gallery-is-layout-flex\">\n<figure class=\"wp-block-image size-large\"><a href=\"https:\/\/collies-vom-floersbachtal.de\/cms\/wp-content\/uploads\/2025\/05\/Eileen-Linny1-erstes-Barf-Zuhause-Mai25.jpg\"><img loading=\"lazy\" decoding=\"async\" width=\"1000\" height=\"917\" data-id=\"50049\" src=\"https:\/\/collies-vom-floersbachtal.de\/cms\/wp-content\/uploads\/2025\/05\/Eileen-Linny1-erstes-Barf-Zuhause-Mai25.jpg\" alt=\"\" class=\"wp-image-50049\" srcset=\"https:\/\/collies-vom-floersbachtal.de\/cms\/wp-content\/uploads\/2025\/05\/Eileen-Linny1-erstes-Barf-Zuhause-Mai25.jpg 1000w, https:\/\/collies-vom-floersbachtal.de\/cms\/wp-content\/uploads\/2025\/05\/Eileen-Linny1-erstes-Barf-Zuhause-Mai25-300x275.jpg 300w, https:\/\/collies-vom-floersbachtal.de\/cms\/wp-content\/uploads\/2025\/05\/Eileen-Linny1-erstes-Barf-Zuhause-Mai25-768x704.jpg 768w\" sizes=\"auto, (max-width: 1000px) 100vw, 1000px\" \/><\/a><\/figure>\n\n\n\n<figure class=\"wp-block-image size-large\"><a href=\"https:\/\/collies-vom-floersbachtal.de\/cms\/wp-content\/uploads\/2025\/05\/Eileen-Linny2-Mai25.jpg\"><img loading=\"lazy\" decoding=\"async\" width=\"768\" height=\"1024\" data-id=\"50048\" src=\"https:\/\/collies-vom-floersbachtal.de\/cms\/wp-content\/uploads\/2025\/05\/Eileen-Linny2-Mai25-768x1024.jpg\" alt=\"\" class=\"wp-image-50048\" srcset=\"https:\/\/collies-vom-floersbachtal.de\/cms\/wp-content\/uploads\/2025\/05\/Eileen-Linny2-Mai25-768x1024.jpg 768w, https:\/\/collies-vom-floersbachtal.de\/cms\/wp-content\/uploads\/2025\/05\/Eileen-Linny2-Mai25-225x300.jpg 225w, https:\/\/collies-vom-floersbachtal.de\/cms\/wp-content\/uploads\/2025\/05\/Eileen-Linny2-Mai25.jpg 1000w\" sizes=\"auto, (max-width: 768px) 100vw, 768px\" \/><\/a><\/figure>\n\n\n\n<figure class=\"wp-block-image size-large\"><a href=\"https:\/\/collies-vom-floersbachtal.de\/cms\/wp-content\/uploads\/2025\/05\/Eileen-Linny5-Mai25.jpg\"><img loading=\"lazy\" decoding=\"async\" width=\"1000\" height=\"802\" data-id=\"50046\" src=\"https:\/\/collies-vom-floersbachtal.de\/cms\/wp-content\/uploads\/2025\/05\/Eileen-Linny5-Mai25.jpg\" alt=\"\" class=\"wp-image-50046\" srcset=\"https:\/\/collies-vom-floersbachtal.de\/cms\/wp-content\/uploads\/2025\/05\/Eileen-Linny5-Mai25.jpg 1000w, https:\/\/collies-vom-floersbachtal.de\/cms\/wp-content\/uploads\/2025\/05\/Eileen-Linny5-Mai25-300x241.jpg 300w, https:\/\/collies-vom-floersbachtal.de\/cms\/wp-content\/uploads\/2025\/05\/Eileen-Linny5-Mai25-768x616.jpg 768w\" sizes=\"auto, (max-width: 1000px) 100vw, 1000px\" \/><\/a><\/figure>\n\n\n\n<figure class=\"wp-block-image size-large\"><a href=\"https:\/\/collies-vom-floersbachtal.de\/cms\/wp-content\/uploads\/2025\/05\/Eileens-Eltern1.jpg\"><img loading=\"lazy\" decoding=\"async\" width=\"800\" height=\"603\" data-id=\"50045\" src=\"https:\/\/collies-vom-floersbachtal.de\/cms\/wp-content\/uploads\/2025\/05\/Eileens-Eltern1.jpg\" alt=\"\" class=\"wp-image-50045\" srcset=\"https:\/\/collies-vom-floersbachtal.de\/cms\/wp-content\/uploads\/2025\/05\/Eileens-Eltern1.jpg 800w, https:\/\/collies-vom-floersbachtal.de\/cms\/wp-content\/uploads\/2025\/05\/Eileens-Eltern1-300x226.jpg 300w, https:\/\/collies-vom-floersbachtal.de\/cms\/wp-content\/uploads\/2025\/05\/Eileens-Eltern1-768x579.jpg 768w\" sizes=\"auto, (max-width: 800px) 100vw, 800px\" \/><\/a><figcaption class=\"wp-element-caption\">Mama und Papa<\/figcaption><\/figure>\n\n\n\n<figure class=\"wp-block-image size-large\"><a href=\"https:\/\/collies-vom-floersbachtal.de\/cms\/wp-content\/uploads\/2025\/05\/Eileen-Linny7-Mai25.jpg\"><img loading=\"lazy\" decoding=\"async\" width=\"1000\" height=\"787\" data-id=\"50047\" src=\"https:\/\/collies-vom-floersbachtal.de\/cms\/wp-content\/uploads\/2025\/05\/Eileen-Linny7-Mai25.jpg\" alt=\"\" class=\"wp-image-50047\" srcset=\"https:\/\/collies-vom-floersbachtal.de\/cms\/wp-content\/uploads\/2025\/05\/Eileen-Linny7-Mai25.jpg 1000w, https:\/\/collies-vom-floersbachtal.de\/cms\/wp-content\/uploads\/2025\/05\/Eileen-Linny7-Mai25-300x236.jpg 300w, https:\/\/collies-vom-floersbachtal.de\/cms\/wp-content\/uploads\/2025\/05\/Eileen-Linny7-Mai25-768x604.jpg 768w\" sizes=\"auto, (max-width: 1000px) 100vw, 1000px\" \/><\/a><\/figure>\n<\/figure>\n\n\n\n<p>Linny hat sich hier sehr schnell ins Rudel eingef\u00fcgt, schl\u00e4ft von Anfang an durch und fri\u00dft mit den Grossen zusammen, was mich sehr freut. Manchmal mu\u00df ich sie vor den Spielattacken von Mina retten und dann f\u00e4llt sie regelrecht ins Koma und schl\u00e4ft erst einmal ein paar Stunden. Sie macht das super im Kennel im Wohnzimmer. Aber die Grossen sind auch sehr nett zu ihr. Tolle M\u00e4dels \ud83d\ude42<\/p>\n\n\n\n<figure class=\"wp-block-gallery has-nested-images columns-default is-cropped wp-block-gallery-10 is-layout-flex wp-block-gallery-is-layout-flex\">\n<figure class=\"wp-block-image size-large is-style-rounded\"><a href=\"https:\/\/collies-vom-floersbachtal.de\/cms\/wp-content\/uploads\/2025\/05\/Linny1-11-Wochen.jpg\"><img loading=\"lazy\" decoding=\"async\" width=\"1000\" height=\"807\" data-id=\"50053\" src=\"https:\/\/collies-vom-floersbachtal.de\/cms\/wp-content\/uploads\/2025\/05\/Linny1-11-Wochen.jpg\" alt=\"\" class=\"wp-image-50053\" srcset=\"https:\/\/collies-vom-floersbachtal.de\/cms\/wp-content\/uploads\/2025\/05\/Linny1-11-Wochen.jpg 1000w, https:\/\/collies-vom-floersbachtal.de\/cms\/wp-content\/uploads\/2025\/05\/Linny1-11-Wochen-300x242.jpg 300w, https:\/\/collies-vom-floersbachtal.de\/cms\/wp-content\/uploads\/2025\/05\/Linny1-11-Wochen-768x620.jpg 768w\" sizes=\"auto, (max-width: 1000px) 100vw, 1000px\" \/><\/a><\/figure>\n<\/figure>\n\n\n\n<figure class=\"wp-block-image size-full is-style-rounded\"><a href=\"https:\/\/collies-vom-floersbachtal.de\/cms\/wp-content\/uploads\/2025\/05\/Linny2-11-Wochen.jpg\"><img loading=\"lazy\" decoding=\"async\" width=\"1000\" height=\"948\" src=\"https:\/\/collies-vom-floersbachtal.de\/cms\/wp-content\/uploads\/2025\/05\/Linny2-11-Wochen.jpg\" alt=\"\" class=\"wp-image-50052\" srcset=\"https:\/\/collies-vom-floersbachtal.de\/cms\/wp-content\/uploads\/2025\/05\/Linny2-11-Wochen.jpg 1000w, https:\/\/collies-vom-floersbachtal.de\/cms\/wp-content\/uploads\/2025\/05\/Linny2-11-Wochen-300x284.jpg 300w, https:\/\/collies-vom-floersbachtal.de\/cms\/wp-content\/uploads\/2025\/05\/Linny2-11-Wochen-768x728.jpg 768w\" sizes=\"auto, (max-width: 1000px) 100vw, 1000px\" \/><\/a><\/figure>\n\n\n\n<p><strong>Linny ist vom Sternzeichen ein Wassermann ( Aszendent Fische und Deszendent Jungfrau)<\/strong><\/p>\n\n\n\n<p>Im Chinesischen Horoskop ist sie eine Holz-Schlange und passt super zu Ratte (bin ich)<\/p>\n\n\n\n<h2 class=\"wp-block-heading\"><strong>Allgemeine Eigenschaften des Schlangen-Geborenen<\/strong><\/h2>\n\n\n\n<p>Ehrgeizig, klug und geschickt. So l\u00e4sst sich die Schlange im chinesischen Tierhoroskop bezeichnen. Noch dazu ist sie sehr ausdauernd und kann jedes Ziel erreichen. Deshalb ist sie ein ausgezeichneter Beobachter, der ohne Langeweile zu versp\u00fcren die Lage genau analysieren kann. Sie erfasst Situationen und Ver\u00e4nderungen sehr schnell und wei\u00df bestens darauf zu reagieren. Eigentlich entgeht ihr so gut wie nichts.<\/p>\n\n\n\n<p>Schlangen-Geborene arbeiten so lange an einer Sache bis sie ihren Vorstellungen entspricht. Ein Hang zum Perfektionismus ist also erkennbar. Kein Wunder, da die Artgenossen im Tierreich sich kr\u00fcmmen, schlingen und kriechen k\u00f6nnen um jeden erdenklichen Ort zu erreichen.<\/p>\n\n\n\n<h3 class=\"wp-block-heading\"><strong>Holz-Schlangen<\/strong><\/h3>\n\n\n\n<p>Wesen mit dem Element Holz, die im <a href=\"https:\/\/www.china-sternzeichen.de\/chinesisches-jahr\/\">Jahr<\/a> der Schlange geboren sind, zeichnen sich durch ihre bodenst\u00e4ndige Natur aus. Ihr Streben nach Sicherheit manifestiert sich durch die Ansammlung materieller G\u00fcter und das Festhalten an Ethik und Moral. Im <a href=\"https:\/\/www.china-sternzeichen.de\/chinesisches-jahr\/\">Jahr<\/a> des Holz Geborene sind offen f\u00fcr neue Entwicklungen, treiben Projekte voran und verleihen Ideen eine nachhaltige Substanz. Die Holz-Schlange zeichnet sich durch Bedachtsamkeit aus, trifft Entscheidungen erst nach sorgf\u00e4ltiger Abw\u00e4gung und zeigt ein besonderes Interesse an kulturellen Ereignissen. Zudem ist sie \u00e4u\u00dferst wortgewandt.<\/p>\n","protected":false},"excerpt":{"rendered":"<p>Linny bedeutet: Sch\u00f6nheit und Freundlichkeit August 2025 , Linny wird langsam erwachsen \ud83d\ude42 Juli News von klein Linny \ud83d\ude00 10.06.25 News von der kleinen s\u00fc\u00dfen Kr\u00f6te Linny \ud83d\ude42 Linny mit 13 Wochen \ud83d\ude42 Nun sind schon 14 Tage ins Land &hellip; <a href=\"https:\/\/collies-vom-floersbachtal.de\/?page_id=50040\">Weiterlesen <span class=\"meta-nav\">&rarr;<\/span><\/a><\/p>\n","protected":false},"author":1,"featured_media":0,"parent":0,"menu_order":0,"comment_status":"closed","ping_status":"closed","template":"","meta":{"footnotes":""},"class_list":["post-50040","page","type-page","status-publish","hentry"],"_links":{"self":[{"href":"https:\/\/collies-vom-floersbachtal.de\/index.php?rest_route=\/wp\/v2\/pages\/50040","targetHints":{"allow":["GET"]}}],"collection":[{"href":"https:\/\/collies-vom-floersbachtal.de\/index.php?rest_route=\/wp\/v2\/pages"}],"about":[{"href":"https:\/\/collies-vom-floersbachtal.de\/index.php?rest_route=\/wp\/v2\/types\/page"}],"author":[{"embeddable":true,"href":"https:\/\/collies-vom-floersbachtal.de\/index.php?rest_route=\/wp\/v2\/users\/1"}],"replies":[{"embeddable":true,"href":"https:\/\/collies-vom-floersbachtal.de\/index.php?rest_route=%2Fwp%2Fv2%2Fcomments&post=50040"}],"version-history":[{"count":39,"href":"https:\/\/collies-vom-floersbachtal.de\/index.php?rest_route=\/wp\/v2\/pages\/50040\/revisions"}],"predecessor-version":[{"id":54650,"href":"https:\/\/collies-vom-floersbachtal.de\/index.php?rest_route=\/wp\/v2\/pages\/50040\/revisions\/54650"}],"wp:attachment":[{"href":"https:\/\/collies-vom-floersbachtal.de\/index.php?rest_route=%2Fwp%2Fv2%2Fmedia&parent=50040"}],"curies":[{"name":"wp","href":"https:\/\/api.w.org\/{rel}","templated":true}]}}