{"id":47241,"date":"2024-06-25T08:27:28","date_gmt":"2024-06-25T08:27:28","guid":{"rendered":"https:\/\/collies-vom-floersbachtal.de\/?page_id=47241"},"modified":"2025-08-21T13:44:48","modified_gmt":"2025-08-21T13:44:48","slug":"traechtigkeitstagebuch-o-wurf","status":"publish","type":"page","link":"https:\/\/collies-vom-floersbachtal.de\/?page_id=47241","title":{"rendered":"Tr\u00e4chtigkeitstagebuch O &#8211; Wurf"},"content":{"rendered":"\n<p><strong>17.08.25 ( 63. Tag)<\/strong> Huhu, hier kommt der Nachtrag von meinem ereignisreichen O-Wurf. Also die Senkwehen hatten mich genauso wieder im Griff \u00fcber 2 Tage, aber frauli wollte sich nicht damit abgeben evtl. wieder einen Kaiserschnitt zu riskieren und daher k\u00e4mpften wir beide an der harten Front, klar war dass es nicht \u00fcber Tag 63. hinaus gehen durfte, weil die Kr\u00fcmel ansonsten zu gro\u00df f\u00fcr mich werden sie auf normalen Wege zu geb\u00e4ren. Daher gaben wir alles und die M\u00fche hatte sich gelohnt, wie ihr gleich anhand der Fotos sehen d\u00fcrft. Von daher geht es ab jetzt im Welpentagebuch weiter. Ich verabschiede mich hier und sage danke f\u00fcr eure Treue. Liebe Gr\u00fc\u00dfe Tara und Frauli Susanne \ud83d\ude42<\/p>\n\n\n\n<figure class=\"wp-block-image size-full\"><a href=\"https:\/\/collies-vom-floersbachtal.de\/cms\/wp-content\/uploads\/2025\/08\/Tara1-ganz-stolz-am-2.-Tag.jpg\"><img loading=\"lazy\" decoding=\"async\" width=\"1000\" height=\"757\" src=\"https:\/\/collies-vom-floersbachtal.de\/cms\/wp-content\/uploads\/2025\/08\/Tara1-ganz-stolz-am-2.-Tag.jpg\" alt=\"\" class=\"wp-image-51591\" srcset=\"https:\/\/collies-vom-floersbachtal.de\/cms\/wp-content\/uploads\/2025\/08\/Tara1-ganz-stolz-am-2.-Tag.jpg 1000w, https:\/\/collies-vom-floersbachtal.de\/cms\/wp-content\/uploads\/2025\/08\/Tara1-ganz-stolz-am-2.-Tag-300x227.jpg 300w, https:\/\/collies-vom-floersbachtal.de\/cms\/wp-content\/uploads\/2025\/08\/Tara1-ganz-stolz-am-2.-Tag-768x581.jpg 768w\" sizes=\"auto, (max-width: 1000px) 100vw, 1000px\" \/><\/a><figcaption class=\"wp-element-caption\"><strong>Hier sind es alle 5 , 3 Jungs und 2 M\u00e4dels, Halleluja \ud83d\ude42 <\/strong><\/figcaption><\/figure>\n\n\n\n<figure class=\"wp-block-image size-full\"><a href=\"https:\/\/collies-vom-floersbachtal.de\/cms\/wp-content\/uploads\/2025\/08\/Tara1-mit-ihren-Ochens.jpg\"><img loading=\"lazy\" decoding=\"async\" width=\"1000\" height=\"660\" src=\"https:\/\/collies-vom-floersbachtal.de\/cms\/wp-content\/uploads\/2025\/08\/Tara1-mit-ihren-Ochens.jpg\" alt=\"\" class=\"wp-image-51590\" srcset=\"https:\/\/collies-vom-floersbachtal.de\/cms\/wp-content\/uploads\/2025\/08\/Tara1-mit-ihren-Ochens.jpg 1000w, https:\/\/collies-vom-floersbachtal.de\/cms\/wp-content\/uploads\/2025\/08\/Tara1-mit-ihren-Ochens-300x198.jpg 300w, https:\/\/collies-vom-floersbachtal.de\/cms\/wp-content\/uploads\/2025\/08\/Tara1-mit-ihren-Ochens-768x507.jpg 768w\" sizes=\"auto, (max-width: 1000px) 100vw, 1000px\" \/><\/a><figcaption class=\"wp-element-caption\"><strong>Hier sind es schon 3 Jungs, wenn das so weiter geht haben wir Jungen\u00fcberschu\u00df \ud83d\ude00<\/strong><\/figcaption><\/figure>\n\n\n\n<figure class=\"wp-block-image size-full\"><a href=\"https:\/\/collies-vom-floersbachtal.de\/cms\/wp-content\/uploads\/2025\/08\/Tara1-und-die-2-Ersten-Rueden.jpg\"><img loading=\"lazy\" decoding=\"async\" width=\"1000\" height=\"563\" src=\"https:\/\/collies-vom-floersbachtal.de\/cms\/wp-content\/uploads\/2025\/08\/Tara1-und-die-2-Ersten-Rueden.jpg\" alt=\"\" class=\"wp-image-51592\" srcset=\"https:\/\/collies-vom-floersbachtal.de\/cms\/wp-content\/uploads\/2025\/08\/Tara1-und-die-2-Ersten-Rueden.jpg 1000w, https:\/\/collies-vom-floersbachtal.de\/cms\/wp-content\/uploads\/2025\/08\/Tara1-und-die-2-Ersten-Rueden-300x169.jpg 300w, https:\/\/collies-vom-floersbachtal.de\/cms\/wp-content\/uploads\/2025\/08\/Tara1-und-die-2-Ersten-Rueden-768x432.jpg 768w\" sizes=\"auto, (max-width: 1000px) 100vw, 1000px\" \/><\/a><figcaption class=\"wp-element-caption\"><strong>Hier bin ich mit meinen beiden ersten Jungs \ud83d\ude42<\/strong><\/figcaption><\/figure>\n\n\n\n<figure class=\"wp-block-image size-full\"><a href=\"https:\/\/collies-vom-floersbachtal.de\/cms\/wp-content\/uploads\/2025\/08\/Tara6-Tag-63.jpg\"><img loading=\"lazy\" decoding=\"async\" width=\"1000\" height=\"563\" src=\"https:\/\/collies-vom-floersbachtal.de\/cms\/wp-content\/uploads\/2025\/08\/Tara6-Tag-63.jpg\" alt=\"\" class=\"wp-image-51589\" srcset=\"https:\/\/collies-vom-floersbachtal.de\/cms\/wp-content\/uploads\/2025\/08\/Tara6-Tag-63.jpg 1000w, https:\/\/collies-vom-floersbachtal.de\/cms\/wp-content\/uploads\/2025\/08\/Tara6-Tag-63-300x169.jpg 300w, https:\/\/collies-vom-floersbachtal.de\/cms\/wp-content\/uploads\/2025\/08\/Tara6-Tag-63-768x432.jpg 768w\" sizes=\"auto, (max-width: 1000px) 100vw, 1000px\" \/><\/a><figcaption class=\"wp-element-caption\"><strong>Letztes Ausruhen vor der Mammutaufgabe \ud83d\ude09<\/strong><\/figcaption><\/figure>\n\n\n\n<figure class=\"wp-block-gallery has-nested-images columns-default is-cropped wp-block-gallery-1 is-layout-flex wp-block-gallery-is-layout-flex\">\n<figure class=\"wp-block-image size-large\"><a href=\"https:\/\/collies-vom-floersbachtal.de\/cms\/wp-content\/uploads\/2025\/08\/Tara4-Tag-63.jpg\"><img loading=\"lazy\" decoding=\"async\" width=\"1000\" height=\"563\" data-id=\"51586\" src=\"https:\/\/collies-vom-floersbachtal.de\/cms\/wp-content\/uploads\/2025\/08\/Tara4-Tag-63.jpg\" alt=\"\" class=\"wp-image-51586\" srcset=\"https:\/\/collies-vom-floersbachtal.de\/cms\/wp-content\/uploads\/2025\/08\/Tara4-Tag-63.jpg 1000w, https:\/\/collies-vom-floersbachtal.de\/cms\/wp-content\/uploads\/2025\/08\/Tara4-Tag-63-300x169.jpg 300w, https:\/\/collies-vom-floersbachtal.de\/cms\/wp-content\/uploads\/2025\/08\/Tara4-Tag-63-768x432.jpg 768w\" sizes=\"auto, (max-width: 1000px) 100vw, 1000px\" \/><\/a><\/figure>\n\n\n\n<figure class=\"wp-block-image size-large\"><a href=\"https:\/\/collies-vom-floersbachtal.de\/cms\/wp-content\/uploads\/2025\/08\/Tara5-Tag-63.jpg\"><img loading=\"lazy\" decoding=\"async\" width=\"577\" height=\"1024\" data-id=\"51588\" src=\"https:\/\/collies-vom-floersbachtal.de\/cms\/wp-content\/uploads\/2025\/08\/Tara5-Tag-63-577x1024.jpg\" alt=\"\" class=\"wp-image-51588\" srcset=\"https:\/\/collies-vom-floersbachtal.de\/cms\/wp-content\/uploads\/2025\/08\/Tara5-Tag-63-577x1024.jpg 577w, https:\/\/collies-vom-floersbachtal.de\/cms\/wp-content\/uploads\/2025\/08\/Tara5-Tag-63-169x300.jpg 169w, https:\/\/collies-vom-floersbachtal.de\/cms\/wp-content\/uploads\/2025\/08\/Tara5-Tag-63-768x1364.jpg 768w, https:\/\/collies-vom-floersbachtal.de\/cms\/wp-content\/uploads\/2025\/08\/Tara5-Tag-63-865x1536.jpg 865w, https:\/\/collies-vom-floersbachtal.de\/cms\/wp-content\/uploads\/2025\/08\/Tara5-Tag-63.jpg 1000w\" sizes=\"auto, (max-width: 577px) 100vw, 577px\" \/><\/a><\/figure>\n\n\n\n<figure class=\"wp-block-image size-large\"><a href=\"https:\/\/collies-vom-floersbachtal.de\/cms\/wp-content\/uploads\/2025\/08\/Tara1-Tag-63.jpg\"><img loading=\"lazy\" decoding=\"async\" width=\"1000\" height=\"800\" data-id=\"51587\" src=\"https:\/\/collies-vom-floersbachtal.de\/cms\/wp-content\/uploads\/2025\/08\/Tara1-Tag-63.jpg\" alt=\"\" class=\"wp-image-51587\" srcset=\"https:\/\/collies-vom-floersbachtal.de\/cms\/wp-content\/uploads\/2025\/08\/Tara1-Tag-63.jpg 1000w, https:\/\/collies-vom-floersbachtal.de\/cms\/wp-content\/uploads\/2025\/08\/Tara1-Tag-63-300x240.jpg 300w, https:\/\/collies-vom-floersbachtal.de\/cms\/wp-content\/uploads\/2025\/08\/Tara1-Tag-63-768x614.jpg 768w\" sizes=\"auto, (max-width: 1000px) 100vw, 1000px\" \/><\/a><\/figure>\n<\/figure>\n\n\n\n<p><strong>Noch die gro\u00dfe Hitze abgewartet und die Lage gepeilt, Schlafzimmer wurde definitiv dem Welpenzimmer vorgezogen. \ud83d\ude00<\/strong><\/p>\n\n\n\n<p><strong>15.08.25 ( 61. Tag)<\/strong> Hallo meine lieben Fans, heute habe ich schon mehr Senkwehen, aber noch halte ich mich wacker. Kenne ja die Strapazen inzwischen, aber w\u00e4re sch\u00f6n wenn es dann bald mal losgehen w\u00fcrde. Heute morgen war Frauli mit mir nochmal wiegen, 31,8 kg (+ 1,4 kg). Also 5,2 Kg zugenommen von Beginn an. Reicht finde ich meine Modelma\u00dfe haben sich noch nicht so wirklich ver\u00e4ndert. So weit ich das vorhin mitbekommen haben will Frauli nachher nochmal mit mir Laufen gehen, dazu mu\u00df es aber abgek\u00fchlt haben. Eisfisch hatten wir vorhin auch, als kleine Abk\u00fchlung \ud83d\ude09 . Nun dr\u00fcckt mir bitte weiter die Daumen damit ich diese Kr\u00fcmel begr\u00fc\u00dfen kann. Ganz liebe Gr\u00fc\u00dfe eure Tara \ud83d\ude42<\/p>\n\n\n\n<figure class=\"wp-block-image size-large is-style-rounded\"><a href=\"https:\/\/collies-vom-floersbachtal.de\/cms\/wp-content\/uploads\/2025\/08\/Tara-Mina-und-Linny1-61.-tag.jpg\"><img loading=\"lazy\" decoding=\"async\" width=\"989\" height=\"1024\" src=\"https:\/\/collies-vom-floersbachtal.de\/cms\/wp-content\/uploads\/2025\/08\/Tara-Mina-und-Linny1-61.-tag-989x1024.jpg\" alt=\"\" class=\"wp-image-51580\" srcset=\"https:\/\/collies-vom-floersbachtal.de\/cms\/wp-content\/uploads\/2025\/08\/Tara-Mina-und-Linny1-61.-tag-989x1024.jpg 989w, https:\/\/collies-vom-floersbachtal.de\/cms\/wp-content\/uploads\/2025\/08\/Tara-Mina-und-Linny1-61.-tag-290x300.jpg 290w, https:\/\/collies-vom-floersbachtal.de\/cms\/wp-content\/uploads\/2025\/08\/Tara-Mina-und-Linny1-61.-tag-768x795.jpg 768w, https:\/\/collies-vom-floersbachtal.de\/cms\/wp-content\/uploads\/2025\/08\/Tara-Mina-und-Linny1-61.-tag.jpg 1000w\" sizes=\"auto, (max-width: 989px) 100vw, 989px\" \/><\/a><\/figure>\n\n\n\n<figure class=\"wp-block-gallery has-nested-images columns-default is-cropped wp-block-gallery-2 is-layout-flex wp-block-gallery-is-layout-flex\">\n<figure class=\"wp-block-image size-large\"><a href=\"https:\/\/collies-vom-floersbachtal.de\/cms\/wp-content\/uploads\/2025\/08\/Tara5-60.-Tag.jpg\"><img loading=\"lazy\" decoding=\"async\" width=\"768\" height=\"1024\" data-id=\"51578\" src=\"https:\/\/collies-vom-floersbachtal.de\/cms\/wp-content\/uploads\/2025\/08\/Tara5-60.-Tag-768x1024.jpg\" alt=\"\" class=\"wp-image-51578\" srcset=\"https:\/\/collies-vom-floersbachtal.de\/cms\/wp-content\/uploads\/2025\/08\/Tara5-60.-Tag-768x1024.jpg 768w, https:\/\/collies-vom-floersbachtal.de\/cms\/wp-content\/uploads\/2025\/08\/Tara5-60.-Tag-225x300.jpg 225w, https:\/\/collies-vom-floersbachtal.de\/cms\/wp-content\/uploads\/2025\/08\/Tara5-60.-Tag.jpg 1000w\" sizes=\"auto, (max-width: 768px) 100vw, 768px\" \/><\/a><\/figure>\n\n\n\n<figure class=\"wp-block-image size-large\"><a href=\"https:\/\/collies-vom-floersbachtal.de\/cms\/wp-content\/uploads\/2025\/08\/Tara-und-Jana1-60.-Tag.jpg\"><img loading=\"lazy\" decoding=\"async\" width=\"1000\" height=\"563\" data-id=\"51579\" src=\"https:\/\/collies-vom-floersbachtal.de\/cms\/wp-content\/uploads\/2025\/08\/Tara-und-Jana1-60.-Tag.jpg\" alt=\"\" class=\"wp-image-51579\" srcset=\"https:\/\/collies-vom-floersbachtal.de\/cms\/wp-content\/uploads\/2025\/08\/Tara-und-Jana1-60.-Tag.jpg 1000w, https:\/\/collies-vom-floersbachtal.de\/cms\/wp-content\/uploads\/2025\/08\/Tara-und-Jana1-60.-Tag-300x169.jpg 300w, https:\/\/collies-vom-floersbachtal.de\/cms\/wp-content\/uploads\/2025\/08\/Tara-und-Jana1-60.-Tag-768x432.jpg 768w\" sizes=\"auto, (max-width: 1000px) 100vw, 1000px\" \/><\/a><\/figure>\n\n\n\n<figure class=\"wp-block-image size-large\"><a href=\"https:\/\/collies-vom-floersbachtal.de\/cms\/wp-content\/uploads\/2025\/08\/Tara-und-Jana1-61.-Tag-scaled.jpg\"><img loading=\"lazy\" decoding=\"async\" width=\"1024\" height=\"577\" data-id=\"51581\" src=\"https:\/\/collies-vom-floersbachtal.de\/cms\/wp-content\/uploads\/2025\/08\/Tara-und-Jana1-61.-Tag-1024x577.jpg\" alt=\"\" class=\"wp-image-51581\" srcset=\"https:\/\/collies-vom-floersbachtal.de\/cms\/wp-content\/uploads\/2025\/08\/Tara-und-Jana1-61.-Tag-1024x577.jpg 1024w, https:\/\/collies-vom-floersbachtal.de\/cms\/wp-content\/uploads\/2025\/08\/Tara-und-Jana1-61.-Tag-300x169.jpg 300w, https:\/\/collies-vom-floersbachtal.de\/cms\/wp-content\/uploads\/2025\/08\/Tara-und-Jana1-61.-Tag-768x432.jpg 768w, https:\/\/collies-vom-floersbachtal.de\/cms\/wp-content\/uploads\/2025\/08\/Tara-und-Jana1-61.-Tag-1536x865.jpg 1536w, https:\/\/collies-vom-floersbachtal.de\/cms\/wp-content\/uploads\/2025\/08\/Tara-und-Jana1-61.-Tag-2048x1153.jpg 2048w\" sizes=\"auto, (max-width: 1024px) 100vw, 1024px\" \/><\/a><\/figure>\n<\/figure>\n\n\n\n<p><\/p>\n\n\n\n<p><strong>14.08.25 ( 60. Tag 9. Woche)<\/strong> So,&#8230; jetzt reichts aber, nicht das ich hier einen Wal durch die Gegend tragen muss, jetzt ist es auch noch so hei\u00df. Bin froh wenn die Kr\u00fcmel ausziehen, aber noch strampeln sie nur, wie auf der Party und lassen es sich in <strong>MEINEM<\/strong> Bauch gut gehen. \ud83d\ude1b Die Kr\u00fcmel sind ja nun auch schon ca. 15 cm lang (ohne Rute) und w\u00e4ren auszugsbereit \ud83d\ude00  Vorgestern hab ich Jana \u00fcbrigens erst mal ihren Entenhals geklaut, die ist ja immer so schn\u00e4ubisch und eher als Genie\u00dfer unterwegs, schwupps da war er in meinem Bauch, ich hatte zwar auch einen, aber 2 schmecken genauso gut. Wer sich ziehrt am R\u00fcssel tut sich weh am Schn\u00fcssel, oder war das anders ? Ach ja, jetzt wei\u00df ich es wieder, wer nicht kommt zur rechten Zeit, der mu\u00df sehen was \u00fcbrig bleibt&#8230; NIX , wenn ich da war!!! \ud83d\ude00 So, auf zum Endspurt und w\u00fcnscht mir Gl\u00fcck eure Tara, bis bald \ud83d\ude42<\/p>\n\n\n\n<figure class=\"wp-block-gallery has-nested-images columns-default is-cropped wp-block-gallery-3 is-layout-flex wp-block-gallery-is-layout-flex\">\n<figure class=\"wp-block-image size-large\"><a href=\"https:\/\/collies-vom-floersbachtal.de\/cms\/wp-content\/uploads\/2025\/08\/Alle-4-Maedels2-Ochens-58.-Tag.jpg\"><img loading=\"lazy\" decoding=\"async\" width=\"1000\" height=\"723\" data-id=\"51529\" src=\"https:\/\/collies-vom-floersbachtal.de\/cms\/wp-content\/uploads\/2025\/08\/Alle-4-Maedels2-Ochens-58.-Tag.jpg\" alt=\"\" class=\"wp-image-51529\" srcset=\"https:\/\/collies-vom-floersbachtal.de\/cms\/wp-content\/uploads\/2025\/08\/Alle-4-Maedels2-Ochens-58.-Tag.jpg 1000w, https:\/\/collies-vom-floersbachtal.de\/cms\/wp-content\/uploads\/2025\/08\/Alle-4-Maedels2-Ochens-58.-Tag-300x217.jpg 300w, https:\/\/collies-vom-floersbachtal.de\/cms\/wp-content\/uploads\/2025\/08\/Alle-4-Maedels2-Ochens-58.-Tag-768x555.jpg 768w\" sizes=\"auto, (max-width: 1000px) 100vw, 1000px\" \/><\/a><\/figure>\n<\/figure>\n\n\n\n<figure class=\"wp-block-gallery has-nested-images columns-default is-cropped wp-block-gallery-4 is-layout-flex wp-block-gallery-is-layout-flex\">\n<figure class=\"wp-block-image size-large\"><a href=\"https:\/\/collies-vom-floersbachtal.de\/cms\/wp-content\/uploads\/2025\/08\/Tara4-60.-Tag.jpg\"><img loading=\"lazy\" decoding=\"async\" width=\"1000\" height=\"992\" data-id=\"51533\" src=\"https:\/\/collies-vom-floersbachtal.de\/cms\/wp-content\/uploads\/2025\/08\/Tara4-60.-Tag.jpg\" alt=\"\" class=\"wp-image-51533\" srcset=\"https:\/\/collies-vom-floersbachtal.de\/cms\/wp-content\/uploads\/2025\/08\/Tara4-60.-Tag.jpg 1000w, https:\/\/collies-vom-floersbachtal.de\/cms\/wp-content\/uploads\/2025\/08\/Tara4-60.-Tag-300x298.jpg 300w, https:\/\/collies-vom-floersbachtal.de\/cms\/wp-content\/uploads\/2025\/08\/Tara4-60.-Tag-150x150.jpg 150w, https:\/\/collies-vom-floersbachtal.de\/cms\/wp-content\/uploads\/2025\/08\/Tara4-60.-Tag-768x762.jpg 768w\" sizes=\"auto, (max-width: 1000px) 100vw, 1000px\" \/><\/a><\/figure>\n\n\n\n<figure class=\"wp-block-image size-large\"><a href=\"https:\/\/collies-vom-floersbachtal.de\/cms\/wp-content\/uploads\/2025\/08\/Tara2-60.-Tag.jpg\"><img loading=\"lazy\" decoding=\"async\" width=\"800\" height=\"574\" data-id=\"51530\" src=\"https:\/\/collies-vom-floersbachtal.de\/cms\/wp-content\/uploads\/2025\/08\/Tara2-60.-Tag.jpg\" alt=\"\" class=\"wp-image-51530\" srcset=\"https:\/\/collies-vom-floersbachtal.de\/cms\/wp-content\/uploads\/2025\/08\/Tara2-60.-Tag.jpg 800w, https:\/\/collies-vom-floersbachtal.de\/cms\/wp-content\/uploads\/2025\/08\/Tara2-60.-Tag-300x215.jpg 300w, https:\/\/collies-vom-floersbachtal.de\/cms\/wp-content\/uploads\/2025\/08\/Tara2-60.-Tag-768x551.jpg 768w\" sizes=\"auto, (max-width: 800px) 100vw, 800px\" \/><\/a><\/figure>\n\n\n\n<figure class=\"wp-block-image size-large\"><a href=\"https:\/\/collies-vom-floersbachtal.de\/cms\/wp-content\/uploads\/2025\/08\/Tara3-60.-Tag.jpg\"><img loading=\"lazy\" decoding=\"async\" width=\"800\" height=\"887\" data-id=\"51531\" src=\"https:\/\/collies-vom-floersbachtal.de\/cms\/wp-content\/uploads\/2025\/08\/Tara3-60.-Tag.jpg\" alt=\"\" class=\"wp-image-51531\" srcset=\"https:\/\/collies-vom-floersbachtal.de\/cms\/wp-content\/uploads\/2025\/08\/Tara3-60.-Tag.jpg 800w, https:\/\/collies-vom-floersbachtal.de\/cms\/wp-content\/uploads\/2025\/08\/Tara3-60.-Tag-271x300.jpg 271w, https:\/\/collies-vom-floersbachtal.de\/cms\/wp-content\/uploads\/2025\/08\/Tara3-60.-Tag-768x852.jpg 768w\" sizes=\"auto, (max-width: 800px) 100vw, 800px\" \/><\/a><\/figure>\n\n\n\n<figure class=\"wp-block-image size-large\"><a href=\"https:\/\/collies-vom-floersbachtal.de\/cms\/wp-content\/uploads\/2025\/08\/Tara1-60.-Tag.jpg\"><img loading=\"lazy\" decoding=\"async\" width=\"1000\" height=\"563\" data-id=\"51532\" src=\"https:\/\/collies-vom-floersbachtal.de\/cms\/wp-content\/uploads\/2025\/08\/Tara1-60.-Tag.jpg\" alt=\"\" class=\"wp-image-51532\" srcset=\"https:\/\/collies-vom-floersbachtal.de\/cms\/wp-content\/uploads\/2025\/08\/Tara1-60.-Tag.jpg 1000w, https:\/\/collies-vom-floersbachtal.de\/cms\/wp-content\/uploads\/2025\/08\/Tara1-60.-Tag-300x169.jpg 300w, https:\/\/collies-vom-floersbachtal.de\/cms\/wp-content\/uploads\/2025\/08\/Tara1-60.-Tag-768x432.jpg 768w\" sizes=\"auto, (max-width: 1000px) 100vw, 1000px\" \/><\/a><\/figure>\n<\/figure>\n\n\n\n<p><strong>11.08.25 ( 57. Tag 9. Woche )<\/strong> Huhu, ich bin\u00b4s die wandelnde Raupe&#8230; , so langsam habe ich keine Lust mehr und es soll die Woche auch noch so warm werden sagt Frauli, aber zum Gl\u00fcck haben wir es Zuhause immer sch\u00f6n k\u00fchl. Frauli f\u00fchlt meine Kr\u00fcmel immer wenn ich bei ihr kuscheln komme und sie mich streichelt. Da ist ganz sch\u00f6n was los. die letzten beiden Tage hatte ich schon manchmal ein paar Senkwehen, aber ich bin immer ganz leise. Schlafen ist im Moment neben futtern meine Lieblingsbesch\u00e4ftigung. \ud83d\ude09 \u00dcbrigens hat sich mein K\u00f6rper wieder etwas ver\u00e4ndert, <strong>an der Taille habe ich 77 cm ( + 2 cm) an den Rippen ist es geblieben bei 82 cm. <\/strong>Ein Gl\u00fcck \ud83d\ude00 Ansonsten gibt es noch nix Neues zu berichten, noch nicht \ud83d\ude09 Bis bald eure Tara und die Kr\u00fcmelkugel \ud83d\ude1b<\/p>\n\n\n\n<figure class=\"wp-block-gallery has-nested-images columns-default is-cropped wp-block-gallery-5 is-layout-flex wp-block-gallery-is-layout-flex\">\n<figure class=\"wp-block-image size-large is-style-rounded\"><a href=\"https:\/\/collies-vom-floersbachtal.de\/cms\/wp-content\/uploads\/2025\/08\/Tara1-56.-Tag-scaled.jpg\"><img loading=\"lazy\" decoding=\"async\" width=\"1024\" height=\"593\" data-id=\"51489\" src=\"https:\/\/collies-vom-floersbachtal.de\/cms\/wp-content\/uploads\/2025\/08\/Tara1-56.-Tag-1024x593.jpg\" alt=\"\" class=\"wp-image-51489\" srcset=\"https:\/\/collies-vom-floersbachtal.de\/cms\/wp-content\/uploads\/2025\/08\/Tara1-56.-Tag-1024x593.jpg 1024w, https:\/\/collies-vom-floersbachtal.de\/cms\/wp-content\/uploads\/2025\/08\/Tara1-56.-Tag-300x174.jpg 300w, https:\/\/collies-vom-floersbachtal.de\/cms\/wp-content\/uploads\/2025\/08\/Tara1-56.-Tag-768x445.jpg 768w, https:\/\/collies-vom-floersbachtal.de\/cms\/wp-content\/uploads\/2025\/08\/Tara1-56.-Tag-1536x889.jpg 1536w, https:\/\/collies-vom-floersbachtal.de\/cms\/wp-content\/uploads\/2025\/08\/Tara1-56.-Tag-2048x1186.jpg 2048w\" sizes=\"auto, (max-width: 1024px) 100vw, 1024px\" \/><\/a><\/figure>\n<\/figure>\n\n\n\n<p><strong>08.08.25<\/strong> <strong>( 54. Tag 8. Woche) <\/strong>Huhu ich bin mal wieder da, so langsam geht mir der Bauch aber auf den Zeiger, die wackeln sich da drin einen ab und treten und boxen mich. Heute war Frauli mit Jana und mir wieder zum Wiegen und was soll ich sagen, inzwischen habe ich Jana eingeholt, <strong>30,4 kg (+ 1,55 kg )<\/strong> zeigt die Waage an. Frauli hat vielleicht Augen gemacht sag ich euch. Ansonsten geht es mir super, hab zwar Hunger wie ein Wal, sehe ja auch bald aus wie einer, aber die haben so Hunger und nerven mich dann immer die Kr\u00fcmel, sie sind ja auch schon ca. 12 cm lang \ud83d\ude09 . so, nun werde ich schlafen gehen, hier kommen noch ein paar Fotos von mir. Liebe Gr\u00fc\u00dfe eure Tara<\/p>\n\n\n\n<figure class=\"wp-block-image size-large is-resized\"><a href=\"https:\/\/collies-vom-floersbachtal.de\/cms\/wp-content\/uploads\/2025\/08\/Tara-und-Jana1-beim-longieren-Tag-54.jpg\"><img loading=\"lazy\" decoding=\"async\" width=\"577\" height=\"1024\" src=\"https:\/\/collies-vom-floersbachtal.de\/cms\/wp-content\/uploads\/2025\/08\/Tara-und-Jana1-beim-longieren-Tag-54-577x1024.jpg\" alt=\"\" class=\"wp-image-51473\" style=\"width:670px;height:auto\" srcset=\"https:\/\/collies-vom-floersbachtal.de\/cms\/wp-content\/uploads\/2025\/08\/Tara-und-Jana1-beim-longieren-Tag-54-577x1024.jpg 577w, https:\/\/collies-vom-floersbachtal.de\/cms\/wp-content\/uploads\/2025\/08\/Tara-und-Jana1-beim-longieren-Tag-54-169x300.jpg 169w, https:\/\/collies-vom-floersbachtal.de\/cms\/wp-content\/uploads\/2025\/08\/Tara-und-Jana1-beim-longieren-Tag-54-768x1364.jpg 768w, https:\/\/collies-vom-floersbachtal.de\/cms\/wp-content\/uploads\/2025\/08\/Tara-und-Jana1-beim-longieren-Tag-54-865x1536.jpg 865w, https:\/\/collies-vom-floersbachtal.de\/cms\/wp-content\/uploads\/2025\/08\/Tara-und-Jana1-beim-longieren-Tag-54.jpg 1000w\" sizes=\"auto, (max-width: 577px) 100vw, 577px\" \/><\/a><figcaption class=\"wp-element-caption\"><strong>Heute mit Jana nochmal zum longieren gefahren, f\u00fcr die n\u00e4chsten Wochen f\u00e4llt das ja dann erst mal aus<\/strong><\/figcaption><\/figure>\n\n\n\n<figure class=\"wp-block-gallery has-nested-images columns-default is-cropped wp-block-gallery-6 is-layout-flex wp-block-gallery-is-layout-flex\">\n<figure class=\"wp-block-image size-large\"><a href=\"https:\/\/collies-vom-floersbachtal.de\/cms\/wp-content\/uploads\/2025\/08\/Tara1-54.-Tag-8.-Woche.jpg\"><img loading=\"lazy\" decoding=\"async\" width=\"577\" height=\"1024\" data-id=\"51463\" src=\"https:\/\/collies-vom-floersbachtal.de\/cms\/wp-content\/uploads\/2025\/08\/Tara1-54.-Tag-8.-Woche-577x1024.jpg\" alt=\"\" class=\"wp-image-51463\" srcset=\"https:\/\/collies-vom-floersbachtal.de\/cms\/wp-content\/uploads\/2025\/08\/Tara1-54.-Tag-8.-Woche-577x1024.jpg 577w, https:\/\/collies-vom-floersbachtal.de\/cms\/wp-content\/uploads\/2025\/08\/Tara1-54.-Tag-8.-Woche-169x300.jpg 169w, https:\/\/collies-vom-floersbachtal.de\/cms\/wp-content\/uploads\/2025\/08\/Tara1-54.-Tag-8.-Woche-768x1364.jpg 768w, https:\/\/collies-vom-floersbachtal.de\/cms\/wp-content\/uploads\/2025\/08\/Tara1-54.-Tag-8.-Woche-865x1536.jpg 865w, https:\/\/collies-vom-floersbachtal.de\/cms\/wp-content\/uploads\/2025\/08\/Tara1-54.-Tag-8.-Woche.jpg 1000w\" sizes=\"auto, (max-width: 577px) 100vw, 577px\" \/><\/a><\/figure>\n\n\n\n<figure class=\"wp-block-image size-large\"><a href=\"https:\/\/collies-vom-floersbachtal.de\/cms\/wp-content\/uploads\/2025\/08\/Tara-und-Jana1-49.-Tag.jpg\"><img loading=\"lazy\" decoding=\"async\" width=\"1024\" height=\"935\" data-id=\"51472\" src=\"https:\/\/collies-vom-floersbachtal.de\/cms\/wp-content\/uploads\/2025\/08\/Tara-und-Jana1-49.-Tag-1024x935.jpg\" alt=\"\" class=\"wp-image-51472\" srcset=\"https:\/\/collies-vom-floersbachtal.de\/cms\/wp-content\/uploads\/2025\/08\/Tara-und-Jana1-49.-Tag-1024x935.jpg 1024w, https:\/\/collies-vom-floersbachtal.de\/cms\/wp-content\/uploads\/2025\/08\/Tara-und-Jana1-49.-Tag-300x274.jpg 300w, https:\/\/collies-vom-floersbachtal.de\/cms\/wp-content\/uploads\/2025\/08\/Tara-und-Jana1-49.-Tag-768x701.jpg 768w, https:\/\/collies-vom-floersbachtal.de\/cms\/wp-content\/uploads\/2025\/08\/Tara-und-Jana1-49.-Tag-1536x1403.jpg 1536w, https:\/\/collies-vom-floersbachtal.de\/cms\/wp-content\/uploads\/2025\/08\/Tara-und-Jana1-49.-Tag-2048x1870.jpg 2048w\" sizes=\"auto, (max-width: 1024px) 100vw, 1024px\" \/><\/a><\/figure>\n\n\n\n<figure class=\"wp-block-image size-large\"><a href=\"https:\/\/collies-vom-floersbachtal.de\/cms\/wp-content\/uploads\/2025\/08\/Tara1-53.-Tag.jpg\"><img loading=\"lazy\" decoding=\"async\" width=\"577\" height=\"1024\" data-id=\"51468\" src=\"https:\/\/collies-vom-floersbachtal.de\/cms\/wp-content\/uploads\/2025\/08\/Tara1-53.-Tag-577x1024.jpg\" alt=\"\" class=\"wp-image-51468\" srcset=\"https:\/\/collies-vom-floersbachtal.de\/cms\/wp-content\/uploads\/2025\/08\/Tara1-53.-Tag-577x1024.jpg 577w, https:\/\/collies-vom-floersbachtal.de\/cms\/wp-content\/uploads\/2025\/08\/Tara1-53.-Tag-169x300.jpg 169w, https:\/\/collies-vom-floersbachtal.de\/cms\/wp-content\/uploads\/2025\/08\/Tara1-53.-Tag-768x1364.jpg 768w, https:\/\/collies-vom-floersbachtal.de\/cms\/wp-content\/uploads\/2025\/08\/Tara1-53.-Tag-865x1536.jpg 865w, https:\/\/collies-vom-floersbachtal.de\/cms\/wp-content\/uploads\/2025\/08\/Tara1-53.-Tag.jpg 1000w\" sizes=\"auto, (max-width: 577px) 100vw, 577px\" \/><\/a><\/figure>\n\n\n\n<figure class=\"wp-block-image size-large is-style-rounded\"><a href=\"https:\/\/collies-vom-floersbachtal.de\/cms\/wp-content\/uploads\/2025\/08\/Tara-und-Linny1-51.-Tag.jpg\"><img loading=\"lazy\" decoding=\"async\" width=\"1000\" height=\"848\" data-id=\"51471\" src=\"https:\/\/collies-vom-floersbachtal.de\/cms\/wp-content\/uploads\/2025\/08\/Tara-und-Linny1-51.-Tag.jpg\" alt=\"\" class=\"wp-image-51471\" srcset=\"https:\/\/collies-vom-floersbachtal.de\/cms\/wp-content\/uploads\/2025\/08\/Tara-und-Linny1-51.-Tag.jpg 1000w, https:\/\/collies-vom-floersbachtal.de\/cms\/wp-content\/uploads\/2025\/08\/Tara-und-Linny1-51.-Tag-300x254.jpg 300w, https:\/\/collies-vom-floersbachtal.de\/cms\/wp-content\/uploads\/2025\/08\/Tara-und-Linny1-51.-Tag-768x651.jpg 768w\" sizes=\"auto, (max-width: 1000px) 100vw, 1000px\" \/><\/a><\/figure>\n<\/figure>\n\n\n\n<p><strong>06.08.25 ( 51. Tag 8. Woche)<\/strong> Hallihallo ihr Lieben, heute hat Frauli die Kr\u00f6nung gebracht,&#8230; fast 7 km mu\u00dften wir laufen.  Ich mu\u00df hier einige mitschleppen mannoooo und Linny konnte auch nicht mehr. Aber sie hat gleich gesagt, macht sie nicht mehr, hat sie mir versprochen!!!  Ansonsten bin ich gef\u00fchlt eine dicke Raupe kurz vor der Verpuppung. Das die L\u00fctten aber auch immer so viel Hunger haben m\u00fcssen, tztz. Unsereins wei\u00df nicht mehr wie er diese Wampe kugeln soll. \ud83d\ude00 Aber ansonsten geht es mir echt gut,  ca. 10 Tage m\u00fcssen wir noch warten, dann l\u00fcfte ich das Geheimnis um die Farben, Geschlechter und die Menge der Kr\u00fcmel. Freut ihr euch auch schon so wie Frauli und ein paar andere ??? Jetzt bekommt ihr wieder ein paar Fotos und ich sage Tsch\u00fc\u00df eure Tara \ud83d\ude42<\/p>\n\n\n\n<p>PS. Die Modelma\u00dfe mu\u00df Frauli noch nehmen: <strong>Taille 75 cm (+1 cm) und Rippen 82 cm  (+ 1 cm)<\/strong><\/p>\n\n\n\n<figure class=\"wp-block-gallery has-nested-images columns-default is-cropped wp-block-gallery-7 is-layout-flex wp-block-gallery-is-layout-flex\">\n<figure class=\"wp-block-image size-large\"><a href=\"https:\/\/collies-vom-floersbachtal.de\/cms\/wp-content\/uploads\/2025\/08\/Tara1-49.-Tag-scaled.jpg\"><img loading=\"lazy\" decoding=\"async\" width=\"577\" height=\"1024\" data-id=\"51442\" src=\"https:\/\/collies-vom-floersbachtal.de\/cms\/wp-content\/uploads\/2025\/08\/Tara1-49.-Tag-577x1024.jpg\" alt=\"\" class=\"wp-image-51442\" srcset=\"https:\/\/collies-vom-floersbachtal.de\/cms\/wp-content\/uploads\/2025\/08\/Tara1-49.-Tag-577x1024.jpg 577w, https:\/\/collies-vom-floersbachtal.de\/cms\/wp-content\/uploads\/2025\/08\/Tara1-49.-Tag-169x300.jpg 169w, https:\/\/collies-vom-floersbachtal.de\/cms\/wp-content\/uploads\/2025\/08\/Tara1-49.-Tag-768x1364.jpg 768w, https:\/\/collies-vom-floersbachtal.de\/cms\/wp-content\/uploads\/2025\/08\/Tara1-49.-Tag-865x1536.jpg 865w, https:\/\/collies-vom-floersbachtal.de\/cms\/wp-content\/uploads\/2025\/08\/Tara1-49.-Tag-1153x2048.jpg 1153w, https:\/\/collies-vom-floersbachtal.de\/cms\/wp-content\/uploads\/2025\/08\/Tara1-49.-Tag-scaled.jpg 1442w\" sizes=\"auto, (max-width: 577px) 100vw, 577px\" \/><\/a><\/figure>\n\n\n\n<figure class=\"wp-block-image size-large\"><a href=\"https:\/\/collies-vom-floersbachtal.de\/cms\/wp-content\/uploads\/2025\/08\/Tara1-50.-Tag.jpg\"><img loading=\"lazy\" decoding=\"async\" width=\"783\" height=\"1024\" data-id=\"51443\" src=\"https:\/\/collies-vom-floersbachtal.de\/cms\/wp-content\/uploads\/2025\/08\/Tara1-50.-Tag-783x1024.jpg\" alt=\"\" class=\"wp-image-51443\" srcset=\"https:\/\/collies-vom-floersbachtal.de\/cms\/wp-content\/uploads\/2025\/08\/Tara1-50.-Tag-783x1024.jpg 783w, https:\/\/collies-vom-floersbachtal.de\/cms\/wp-content\/uploads\/2025\/08\/Tara1-50.-Tag-229x300.jpg 229w, https:\/\/collies-vom-floersbachtal.de\/cms\/wp-content\/uploads\/2025\/08\/Tara1-50.-Tag-768x1004.jpg 768w, https:\/\/collies-vom-floersbachtal.de\/cms\/wp-content\/uploads\/2025\/08\/Tara1-50.-Tag-1175x1536.jpg 1175w, https:\/\/collies-vom-floersbachtal.de\/cms\/wp-content\/uploads\/2025\/08\/Tara1-50.-Tag-1566x2048.jpg 1566w, https:\/\/collies-vom-floersbachtal.de\/cms\/wp-content\/uploads\/2025\/08\/Tara1-50.-Tag.jpg 1736w\" sizes=\"auto, (max-width: 783px) 100vw, 783px\" \/><\/a><\/figure>\n\n\n\n<figure class=\"wp-block-image size-large\"><a href=\"https:\/\/collies-vom-floersbachtal.de\/cms\/wp-content\/uploads\/2025\/08\/Tara1-51.-Tag-scaled.jpg\"><img loading=\"lazy\" decoding=\"async\" width=\"946\" height=\"1024\" data-id=\"51441\" src=\"https:\/\/collies-vom-floersbachtal.de\/cms\/wp-content\/uploads\/2025\/08\/Tara1-51.-Tag-946x1024.jpg\" alt=\"\" class=\"wp-image-51441\" srcset=\"https:\/\/collies-vom-floersbachtal.de\/cms\/wp-content\/uploads\/2025\/08\/Tara1-51.-Tag-946x1024.jpg 946w, https:\/\/collies-vom-floersbachtal.de\/cms\/wp-content\/uploads\/2025\/08\/Tara1-51.-Tag-277x300.jpg 277w, https:\/\/collies-vom-floersbachtal.de\/cms\/wp-content\/uploads\/2025\/08\/Tara1-51.-Tag-768x831.jpg 768w, https:\/\/collies-vom-floersbachtal.de\/cms\/wp-content\/uploads\/2025\/08\/Tara1-51.-Tag-1419x1536.jpg 1419w, https:\/\/collies-vom-floersbachtal.de\/cms\/wp-content\/uploads\/2025\/08\/Tara1-51.-Tag-1892x2048.jpg 1892w\" sizes=\"auto, (max-width: 946px) 100vw, 946px\" \/><\/a><\/figure>\n\n\n\n<figure class=\"wp-block-image size-large\"><a href=\"https:\/\/collies-vom-floersbachtal.de\/cms\/wp-content\/uploads\/2025\/08\/Tara2-49.-Tag.jpg\"><img loading=\"lazy\" decoding=\"async\" width=\"825\" height=\"1024\" data-id=\"51439\" src=\"https:\/\/collies-vom-floersbachtal.de\/cms\/wp-content\/uploads\/2025\/08\/Tara2-49.-Tag-825x1024.jpg\" alt=\"\" class=\"wp-image-51439\" srcset=\"https:\/\/collies-vom-floersbachtal.de\/cms\/wp-content\/uploads\/2025\/08\/Tara2-49.-Tag-825x1024.jpg 825w, https:\/\/collies-vom-floersbachtal.de\/cms\/wp-content\/uploads\/2025\/08\/Tara2-49.-Tag-242x300.jpg 242w, https:\/\/collies-vom-floersbachtal.de\/cms\/wp-content\/uploads\/2025\/08\/Tara2-49.-Tag-768x953.jpg 768w, https:\/\/collies-vom-floersbachtal.de\/cms\/wp-content\/uploads\/2025\/08\/Tara2-49.-Tag-1238x1536.jpg 1238w, https:\/\/collies-vom-floersbachtal.de\/cms\/wp-content\/uploads\/2025\/08\/Tara2-49.-Tag-1651x2048.jpg 1651w, https:\/\/collies-vom-floersbachtal.de\/cms\/wp-content\/uploads\/2025\/08\/Tara2-49.-Tag.jpg 1965w\" sizes=\"auto, (max-width: 825px) 100vw, 825px\" \/><\/a><\/figure>\n\n\n\n<figure class=\"wp-block-image size-large\"><a href=\"https:\/\/collies-vom-floersbachtal.de\/cms\/wp-content\/uploads\/2025\/08\/Tara3-49.-Tag-scaled.jpg\"><img loading=\"lazy\" decoding=\"async\" width=\"639\" height=\"1024\" data-id=\"51438\" src=\"https:\/\/collies-vom-floersbachtal.de\/cms\/wp-content\/uploads\/2025\/08\/Tara3-49.-Tag-639x1024.jpg\" alt=\"\" class=\"wp-image-51438\" srcset=\"https:\/\/collies-vom-floersbachtal.de\/cms\/wp-content\/uploads\/2025\/08\/Tara3-49.-Tag-639x1024.jpg 639w, https:\/\/collies-vom-floersbachtal.de\/cms\/wp-content\/uploads\/2025\/08\/Tara3-49.-Tag-187x300.jpg 187w, https:\/\/collies-vom-floersbachtal.de\/cms\/wp-content\/uploads\/2025\/08\/Tara3-49.-Tag-768x1230.jpg 768w, https:\/\/collies-vom-floersbachtal.de\/cms\/wp-content\/uploads\/2025\/08\/Tara3-49.-Tag-959x1536.jpg 959w, https:\/\/collies-vom-floersbachtal.de\/cms\/wp-content\/uploads\/2025\/08\/Tara3-49.-Tag-1279x2048.jpg 1279w, https:\/\/collies-vom-floersbachtal.de\/cms\/wp-content\/uploads\/2025\/08\/Tara3-49.-Tag-scaled.jpg 1599w\" sizes=\"auto, (max-width: 639px) 100vw, 639px\" \/><\/a><\/figure>\n\n\n\n<figure class=\"wp-block-image size-large\"><a href=\"https:\/\/collies-vom-floersbachtal.de\/cms\/wp-content\/uploads\/2025\/08\/Tara4-49.-Tag.jpg\"><img loading=\"lazy\" decoding=\"async\" width=\"990\" height=\"1024\" data-id=\"51440\" src=\"https:\/\/collies-vom-floersbachtal.de\/cms\/wp-content\/uploads\/2025\/08\/Tara4-49.-Tag-990x1024.jpg\" alt=\"\" class=\"wp-image-51440\" srcset=\"https:\/\/collies-vom-floersbachtal.de\/cms\/wp-content\/uploads\/2025\/08\/Tara4-49.-Tag-990x1024.jpg 990w, https:\/\/collies-vom-floersbachtal.de\/cms\/wp-content\/uploads\/2025\/08\/Tara4-49.-Tag-290x300.jpg 290w, https:\/\/collies-vom-floersbachtal.de\/cms\/wp-content\/uploads\/2025\/08\/Tara4-49.-Tag-768x794.jpg 768w, https:\/\/collies-vom-floersbachtal.de\/cms\/wp-content\/uploads\/2025\/08\/Tara4-49.-Tag-1485x1536.jpg 1485w, https:\/\/collies-vom-floersbachtal.de\/cms\/wp-content\/uploads\/2025\/08\/Tara4-49.-Tag-1981x2048.jpg 1981w\" sizes=\"auto, (max-width: 990px) 100vw, 990px\" \/><\/a><\/figure>\n<\/figure>\n\n\n\n<figure class=\"wp-block-image size-large\"><a href=\"https:\/\/collies-vom-floersbachtal.de\/cms\/wp-content\/uploads\/2025\/08\/Tara2-50.-Tag-scaled.jpg\"><img loading=\"lazy\" decoding=\"async\" width=\"1024\" height=\"651\" src=\"https:\/\/collies-vom-floersbachtal.de\/cms\/wp-content\/uploads\/2025\/08\/Tara2-50.-Tag-1024x651.jpg\" alt=\"\" class=\"wp-image-51445\" srcset=\"https:\/\/collies-vom-floersbachtal.de\/cms\/wp-content\/uploads\/2025\/08\/Tara2-50.-Tag-1024x651.jpg 1024w, https:\/\/collies-vom-floersbachtal.de\/cms\/wp-content\/uploads\/2025\/08\/Tara2-50.-Tag-300x191.jpg 300w, https:\/\/collies-vom-floersbachtal.de\/cms\/wp-content\/uploads\/2025\/08\/Tara2-50.-Tag-768x488.jpg 768w, https:\/\/collies-vom-floersbachtal.de\/cms\/wp-content\/uploads\/2025\/08\/Tara2-50.-Tag-1536x976.jpg 1536w, https:\/\/collies-vom-floersbachtal.de\/cms\/wp-content\/uploads\/2025\/08\/Tara2-50.-Tag-2048x1301.jpg 2048w\" sizes=\"auto, (max-width: 1024px) 100vw, 1024px\" \/><\/a><figcaption class=\"wp-element-caption\"><strong>Rasiert hat mich Frauli allerdings auch wieder, aber so k\u00f6nnt ihr sehen, was ich eine dicke Raupe bin und da kommen ja noch ein paar Tage hinzu :-\/<\/strong><\/figcaption><\/figure>\n\n\n\n<p><strong>01.08.25  (46. Tag 7. Woche)<\/strong> Hallo ihr Lieben, nun sind es wahrscheinlich noch genau 14 Tage die wir hier rum kriegen m\u00fcssen. Hoffe ich doch, Frauli hat gesagt ab \u00fcbern\u00e4chster Woche soll es wieder so hei\u00df werden, na dann Prost Mahlzeit, mit dickem Bauch kommt das nicht wirklich sch\u00f6n. \ud83d\ude41 Aber da m\u00fcssen wir\/ ICH ja jetzt wohl durch. Ansonsten geht es mir immer noch recht gut, mache alles etwas langsamer , au\u00dfer futtern und genie\u00dfe noch die Ruhe und Kuscheleinheiten bevor hier das quirlige Leben los geht. Mein Gewicht hat sich auch etwas nach oben verschoben, gestern <strong>28,85  (+ 850 g )<\/strong> Meine Modelma\u00dfe machen wir sp\u00e4ter, da pennen grad die Jana und die Mina im Zimmer. \ud83d\ude09 So da sind sie: <strong>Meine Ma\u00dfe sind an den Rippen 81 cm (+2 cm) und an der Taille 74 cm ( + 5 cm)<\/strong> \ud83d\ude42 Aber ist ja klar, die Kr\u00fcnel sind nun ja auch<strong> ca. 9 cm lang <\/strong>:-O  Nun schicke ich euch noch ein paar Fotos von mir, ganz liebe Gr\u00fc\u00dfe eure Tara \ud83d\ude42<\/p>\n\n\n\n<figure class=\"wp-block-image size-full is-style-rounded\"><a href=\"https:\/\/collies-vom-floersbachtal.de\/cms\/wp-content\/uploads\/2025\/08\/Tara-und-Linny3-45.-Tag-1.jpg\"><img loading=\"lazy\" decoding=\"async\" width=\"800\" height=\"451\" src=\"https:\/\/collies-vom-floersbachtal.de\/cms\/wp-content\/uploads\/2025\/08\/Tara-und-Linny3-45.-Tag-1.jpg\" alt=\"\" class=\"wp-image-51399\" srcset=\"https:\/\/collies-vom-floersbachtal.de\/cms\/wp-content\/uploads\/2025\/08\/Tara-und-Linny3-45.-Tag-1.jpg 800w, https:\/\/collies-vom-floersbachtal.de\/cms\/wp-content\/uploads\/2025\/08\/Tara-und-Linny3-45.-Tag-1-300x169.jpg 300w, https:\/\/collies-vom-floersbachtal.de\/cms\/wp-content\/uploads\/2025\/08\/Tara-und-Linny3-45.-Tag-1-768x433.jpg 768w\" sizes=\"auto, (max-width: 800px) 100vw, 800px\" \/><\/a><\/figure>\n\n\n\n<figure class=\"wp-block-gallery has-nested-images columns-default is-cropped wp-block-gallery-8 is-layout-flex wp-block-gallery-is-layout-flex\">\n<figure class=\"wp-block-image size-large\"><a href=\"https:\/\/collies-vom-floersbachtal.de\/cms\/wp-content\/uploads\/2025\/08\/Tara-und-Linny2-45.-Tag.jpg\"><img loading=\"lazy\" decoding=\"async\" width=\"800\" height=\"862\" data-id=\"51397\" src=\"https:\/\/collies-vom-floersbachtal.de\/cms\/wp-content\/uploads\/2025\/08\/Tara-und-Linny2-45.-Tag.jpg\" alt=\"\" class=\"wp-image-51397\" srcset=\"https:\/\/collies-vom-floersbachtal.de\/cms\/wp-content\/uploads\/2025\/08\/Tara-und-Linny2-45.-Tag.jpg 800w, https:\/\/collies-vom-floersbachtal.de\/cms\/wp-content\/uploads\/2025\/08\/Tara-und-Linny2-45.-Tag-278x300.jpg 278w, https:\/\/collies-vom-floersbachtal.de\/cms\/wp-content\/uploads\/2025\/08\/Tara-und-Linny2-45.-Tag-768x828.jpg 768w\" sizes=\"auto, (max-width: 800px) 100vw, 800px\" \/><\/a><\/figure>\n\n\n\n<figure class=\"wp-block-image size-large\"><a href=\"https:\/\/collies-vom-floersbachtal.de\/cms\/wp-content\/uploads\/2025\/08\/Tara1-46.-Tag.jpg\"><img loading=\"lazy\" decoding=\"async\" width=\"577\" height=\"1024\" data-id=\"51396\" src=\"https:\/\/collies-vom-floersbachtal.de\/cms\/wp-content\/uploads\/2025\/08\/Tara1-46.-Tag-577x1024.jpg\" alt=\"\" class=\"wp-image-51396\" srcset=\"https:\/\/collies-vom-floersbachtal.de\/cms\/wp-content\/uploads\/2025\/08\/Tara1-46.-Tag-577x1024.jpg 577w, https:\/\/collies-vom-floersbachtal.de\/cms\/wp-content\/uploads\/2025\/08\/Tara1-46.-Tag-169x300.jpg 169w, https:\/\/collies-vom-floersbachtal.de\/cms\/wp-content\/uploads\/2025\/08\/Tara1-46.-Tag-768x1364.jpg 768w, https:\/\/collies-vom-floersbachtal.de\/cms\/wp-content\/uploads\/2025\/08\/Tara1-46.-Tag-865x1536.jpg 865w, https:\/\/collies-vom-floersbachtal.de\/cms\/wp-content\/uploads\/2025\/08\/Tara1-46.-Tag.jpg 1000w\" sizes=\"auto, (max-width: 577px) 100vw, 577px\" \/><\/a><\/figure>\n\n\n\n<figure class=\"wp-block-image size-large\"><a href=\"https:\/\/collies-vom-floersbachtal.de\/cms\/wp-content\/uploads\/2025\/08\/Tara2-46.-Tag.jpg\"><img loading=\"lazy\" decoding=\"async\" width=\"887\" height=\"1024\" data-id=\"51398\" src=\"https:\/\/collies-vom-floersbachtal.de\/cms\/wp-content\/uploads\/2025\/08\/Tara2-46.-Tag-887x1024.jpg\" alt=\"\" class=\"wp-image-51398\" srcset=\"https:\/\/collies-vom-floersbachtal.de\/cms\/wp-content\/uploads\/2025\/08\/Tara2-46.-Tag-887x1024.jpg 887w, https:\/\/collies-vom-floersbachtal.de\/cms\/wp-content\/uploads\/2025\/08\/Tara2-46.-Tag-260x300.jpg 260w, https:\/\/collies-vom-floersbachtal.de\/cms\/wp-content\/uploads\/2025\/08\/Tara2-46.-Tag-768x886.jpg 768w, https:\/\/collies-vom-floersbachtal.de\/cms\/wp-content\/uploads\/2025\/08\/Tara2-46.-Tag.jpg 1000w\" sizes=\"auto, (max-width: 887px) 100vw, 887px\" \/><\/a><\/figure>\n\n\n\n<figure class=\"wp-block-image size-large\"><a href=\"https:\/\/collies-vom-floersbachtal.de\/cms\/wp-content\/uploads\/2025\/08\/Tara-und-Linny1-45.-Tag.jpg\"><img loading=\"lazy\" decoding=\"async\" width=\"800\" height=\"423\" data-id=\"51394\" src=\"https:\/\/collies-vom-floersbachtal.de\/cms\/wp-content\/uploads\/2025\/08\/Tara-und-Linny1-45.-Tag.jpg\" alt=\"\" class=\"wp-image-51394\" srcset=\"https:\/\/collies-vom-floersbachtal.de\/cms\/wp-content\/uploads\/2025\/08\/Tara-und-Linny1-45.-Tag.jpg 800w, https:\/\/collies-vom-floersbachtal.de\/cms\/wp-content\/uploads\/2025\/08\/Tara-und-Linny1-45.-Tag-300x159.jpg 300w, https:\/\/collies-vom-floersbachtal.de\/cms\/wp-content\/uploads\/2025\/08\/Tara-und-Linny1-45.-Tag-768x406.jpg 768w\" sizes=\"auto, (max-width: 800px) 100vw, 800px\" \/><\/a><\/figure>\n<\/figure>\n\n\n\n<figure class=\"wp-block-gallery has-nested-images columns-default is-cropped wp-block-gallery-9 is-layout-flex wp-block-gallery-is-layout-flex\">\n<figure class=\"wp-block-image size-large\"><a href=\"https:\/\/collies-vom-floersbachtal.de\/cms\/wp-content\/uploads\/2025\/08\/Tara2-7.-Woche.jpg\"><img loading=\"lazy\" decoding=\"async\" width=\"793\" height=\"1024\" data-id=\"51390\" src=\"https:\/\/collies-vom-floersbachtal.de\/cms\/wp-content\/uploads\/2025\/08\/Tara2-7.-Woche-793x1024.jpg\" alt=\"\" class=\"wp-image-51390\" srcset=\"https:\/\/collies-vom-floersbachtal.de\/cms\/wp-content\/uploads\/2025\/08\/Tara2-7.-Woche-793x1024.jpg 793w, https:\/\/collies-vom-floersbachtal.de\/cms\/wp-content\/uploads\/2025\/08\/Tara2-7.-Woche-232x300.jpg 232w, https:\/\/collies-vom-floersbachtal.de\/cms\/wp-content\/uploads\/2025\/08\/Tara2-7.-Woche-768x992.jpg 768w, https:\/\/collies-vom-floersbachtal.de\/cms\/wp-content\/uploads\/2025\/08\/Tara2-7.-Woche-1190x1536.jpg 1190w, https:\/\/collies-vom-floersbachtal.de\/cms\/wp-content\/uploads\/2025\/08\/Tara2-7.-Woche-1586x2048.jpg 1586w, https:\/\/collies-vom-floersbachtal.de\/cms\/wp-content\/uploads\/2025\/08\/Tara2-7.-Woche.jpg 1617w\" sizes=\"auto, (max-width: 793px) 100vw, 793px\" \/><\/a><\/figure>\n\n\n\n<figure class=\"wp-block-image size-large\"><a href=\"https:\/\/collies-vom-floersbachtal.de\/cms\/wp-content\/uploads\/2025\/08\/Tara1-7.-Woche-scaled.jpg\"><img loading=\"lazy\" decoding=\"async\" width=\"688\" height=\"1024\" data-id=\"51391\" src=\"https:\/\/collies-vom-floersbachtal.de\/cms\/wp-content\/uploads\/2025\/08\/Tara1-7.-Woche-688x1024.jpg\" alt=\"\" class=\"wp-image-51391\" srcset=\"https:\/\/collies-vom-floersbachtal.de\/cms\/wp-content\/uploads\/2025\/08\/Tara1-7.-Woche-688x1024.jpg 688w, https:\/\/collies-vom-floersbachtal.de\/cms\/wp-content\/uploads\/2025\/08\/Tara1-7.-Woche-202x300.jpg 202w, https:\/\/collies-vom-floersbachtal.de\/cms\/wp-content\/uploads\/2025\/08\/Tara1-7.-Woche-768x1143.jpg 768w, https:\/\/collies-vom-floersbachtal.de\/cms\/wp-content\/uploads\/2025\/08\/Tara1-7.-Woche-1032x1536.jpg 1032w, https:\/\/collies-vom-floersbachtal.de\/cms\/wp-content\/uploads\/2025\/08\/Tara1-7.-Woche-1376x2048.jpg 1376w, https:\/\/collies-vom-floersbachtal.de\/cms\/wp-content\/uploads\/2025\/08\/Tara1-7.-Woche-scaled.jpg 1720w\" sizes=\"auto, (max-width: 688px) 100vw, 688px\" \/><\/a><\/figure>\n<\/figure>\n\n\n\n<p><strong>28.07.25 (42. Tag noch 6. Woche)<\/strong> Guten Mittag ihr lieben , flei\u00dfigen Leser. Hier kommt eure dicke Raupe, zumindest f\u00fchle ich mich so&#8230; eigentlich mag ich nur noch fressen und pennen. Was ja auch normal ist wenn man viele Kr\u00fcmel erwartet. Aber Frauli sagt, so anh\u00e4nglich und soooo am kleben war ich vorher noch nie. Psst hat sie bestimmt vergessen, die Gute ist ja auch schon etwas \u00e4lter \ud83d\ude09 Gleich kommt sie wieder mit ihrem Ma\u00dfband und will mich vermessen, pass auf, ich berichte euch. Bis gleich, also meine Ma\u00dfe sind zum Gl\u00fcck noch gleich geblieben , boh nochmal Gl\u00fcck gehabt. Daf\u00fcr sind sie leicht bei Mina weiter geworden<\/p>\n\n\n\n<p> :-O. Bestimmt ist sie scheinschwanger!!! Wir lassen uns mal \u00fcberraschen. Liebe Gr\u00fc\u00dfe eure Tara \ud83d\ude42<\/p>\n\n\n\n<figure class=\"wp-block-gallery has-nested-images columns-default is-cropped wp-block-gallery-10 is-layout-flex wp-block-gallery-is-layout-flex\">\n<figure class=\"wp-block-image size-large\"><a href=\"https:\/\/collies-vom-floersbachtal.de\/cms\/wp-content\/uploads\/2025\/07\/Tara3-40.-Tag.jpg\"><img loading=\"lazy\" decoding=\"async\" width=\"800\" height=\"451\" data-id=\"51288\" src=\"https:\/\/collies-vom-floersbachtal.de\/cms\/wp-content\/uploads\/2025\/07\/Tara3-40.-Tag.jpg\" alt=\"\" class=\"wp-image-51288\" srcset=\"https:\/\/collies-vom-floersbachtal.de\/cms\/wp-content\/uploads\/2025\/07\/Tara3-40.-Tag.jpg 800w, https:\/\/collies-vom-floersbachtal.de\/cms\/wp-content\/uploads\/2025\/07\/Tara3-40.-Tag-300x169.jpg 300w, https:\/\/collies-vom-floersbachtal.de\/cms\/wp-content\/uploads\/2025\/07\/Tara3-40.-Tag-768x433.jpg 768w\" sizes=\"auto, (max-width: 800px) 100vw, 800px\" \/><\/a><\/figure>\n\n\n\n<figure class=\"wp-block-image size-large\"><a href=\"https:\/\/collies-vom-floersbachtal.de\/cms\/wp-content\/uploads\/2025\/07\/Tara1-40.-Tag.jpg\"><img loading=\"lazy\" decoding=\"async\" width=\"1000\" height=\"951\" data-id=\"51289\" src=\"https:\/\/collies-vom-floersbachtal.de\/cms\/wp-content\/uploads\/2025\/07\/Tara1-40.-Tag.jpg\" alt=\"\" class=\"wp-image-51289\" srcset=\"https:\/\/collies-vom-floersbachtal.de\/cms\/wp-content\/uploads\/2025\/07\/Tara1-40.-Tag.jpg 1000w, https:\/\/collies-vom-floersbachtal.de\/cms\/wp-content\/uploads\/2025\/07\/Tara1-40.-Tag-300x285.jpg 300w, https:\/\/collies-vom-floersbachtal.de\/cms\/wp-content\/uploads\/2025\/07\/Tara1-40.-Tag-768x730.jpg 768w\" sizes=\"auto, (max-width: 1000px) 100vw, 1000px\" \/><\/a><\/figure>\n<\/figure>\n\n\n\n<p><strong>24.07.25<\/strong> Nachtrag, heute beim Wiegen ist Frauli ganz sch\u00f6n erstaunt gewesen, <strong>28 kg ( 8 Tage sp\u00e4ter und ein + von 1,4 kg)<\/strong> hat die Waage angezeigt, die ist bestimmt kaputt. <strong>Meine Ma\u00dfe sind an den Rippen 79 cm (+1 cm) und an der Taille 69 cm ( + 6 cm)<\/strong> \ud83d\ude42 \ud83d\ude09<\/p>\n\n\n\n<p><strong>23.07.25 ( 37. Tag 6. Woche)<\/strong> Hallihallo, hier die Tara, wollte mich mal wieder melden, mir geht es \u00fcbrigens noch super \ud83d\ude00 , alle \u00dcbelkeit vor\u00fcber, aber ich k\u00f6nnte die ganze Zeit futtern, klaue alle Knochen und meine F\u00fcsse sind immer dreckig vom Knochen halten. \ud83d\ude41 Mittags bekomme ich jetzt immer eine Kleinigkeit entweder Jogurt, oder H\u00fcttenk\u00e4se mit etwas Honig. Aber viiiiiel zu wenig, aber auf mich h\u00f6rt ja hier keiner :-\/ . <strong>Meine Ma\u00dfe sind an den Rippen 78 cm (+1 cm) und an der Taille 63 cm ( + 3 cm)<\/strong> da hat sich Frauli bestimmt vermessen !!! Tzzz, Kopfsch\u00fcttel. So, morgen fahren wir wiegen, der Arzt hat zu.  Bussi von Tara \ud83d\ude42<\/p>\n\n\n\n<figure class=\"wp-block-image size-full is-style-rounded\"><a href=\"https:\/\/collies-vom-floersbachtal.de\/cms\/wp-content\/uploads\/2025\/07\/Tara2-36.-Tage-nach-B.-Ochen.jpg\"><img loading=\"lazy\" decoding=\"async\" width=\"1000\" height=\"951\" src=\"https:\/\/collies-vom-floersbachtal.de\/cms\/wp-content\/uploads\/2025\/07\/Tara2-36.-Tage-nach-B.-Ochen.jpg\" alt=\"\" class=\"wp-image-51173\" srcset=\"https:\/\/collies-vom-floersbachtal.de\/cms\/wp-content\/uploads\/2025\/07\/Tara2-36.-Tage-nach-B.-Ochen.jpg 1000w, https:\/\/collies-vom-floersbachtal.de\/cms\/wp-content\/uploads\/2025\/07\/Tara2-36.-Tage-nach-B.-Ochen-300x285.jpg 300w, https:\/\/collies-vom-floersbachtal.de\/cms\/wp-content\/uploads\/2025\/07\/Tara2-36.-Tage-nach-B.-Ochen-768x730.jpg 768w\" sizes=\"auto, (max-width: 1000px) 100vw, 1000px\" \/><\/a><\/figure>\n\n\n\n<figure class=\"wp-block-gallery has-nested-images columns-default is-cropped wp-block-gallery-11 is-layout-flex wp-block-gallery-is-layout-flex\">\n<figure class=\"wp-block-image size-large\"><a href=\"https:\/\/collies-vom-floersbachtal.de\/cms\/wp-content\/uploads\/2025\/07\/Alle1-31.-tag-Nchens.jpg\"><img loading=\"lazy\" decoding=\"async\" width=\"1000\" height=\"672\" data-id=\"51178\" src=\"https:\/\/collies-vom-floersbachtal.de\/cms\/wp-content\/uploads\/2025\/07\/Alle1-31.-tag-Nchens.jpg\" alt=\"\" class=\"wp-image-51178\" srcset=\"https:\/\/collies-vom-floersbachtal.de\/cms\/wp-content\/uploads\/2025\/07\/Alle1-31.-tag-Nchens.jpg 1000w, https:\/\/collies-vom-floersbachtal.de\/cms\/wp-content\/uploads\/2025\/07\/Alle1-31.-tag-Nchens-300x202.jpg 300w, https:\/\/collies-vom-floersbachtal.de\/cms\/wp-content\/uploads\/2025\/07\/Alle1-31.-tag-Nchens-768x516.jpg 768w\" sizes=\"auto, (max-width: 1000px) 100vw, 1000px\" \/><\/a><\/figure>\n\n\n\n<figure class=\"wp-block-image size-large\"><a href=\"https:\/\/collies-vom-floersbachtal.de\/cms\/wp-content\/uploads\/2025\/07\/Alle3-Maedels2-Juli25-1-scaled.jpg\"><img loading=\"lazy\" decoding=\"async\" width=\"1024\" height=\"667\" data-id=\"51184\" src=\"https:\/\/collies-vom-floersbachtal.de\/cms\/wp-content\/uploads\/2025\/07\/Alle3-Maedels2-Juli25-1-1024x667.jpg\" alt=\"\" class=\"wp-image-51184\" srcset=\"https:\/\/collies-vom-floersbachtal.de\/cms\/wp-content\/uploads\/2025\/07\/Alle3-Maedels2-Juli25-1-1024x667.jpg 1024w, https:\/\/collies-vom-floersbachtal.de\/cms\/wp-content\/uploads\/2025\/07\/Alle3-Maedels2-Juli25-1-300x195.jpg 300w, https:\/\/collies-vom-floersbachtal.de\/cms\/wp-content\/uploads\/2025\/07\/Alle3-Maedels2-Juli25-1-768x500.jpg 768w, https:\/\/collies-vom-floersbachtal.de\/cms\/wp-content\/uploads\/2025\/07\/Alle3-Maedels2-Juli25-1-1536x1001.jpg 1536w, https:\/\/collies-vom-floersbachtal.de\/cms\/wp-content\/uploads\/2025\/07\/Alle3-Maedels2-Juli25-1-2048x1335.jpg 2048w\" sizes=\"auto, (max-width: 1024px) 100vw, 1024px\" \/><\/a><\/figure>\n\n\n\n<figure class=\"wp-block-image size-large\"><a href=\"https:\/\/collies-vom-floersbachtal.de\/cms\/wp-content\/uploads\/2025\/07\/Jana1-bei-Michael-Juli25.jpg\"><img loading=\"lazy\" decoding=\"async\" width=\"704\" height=\"1024\" data-id=\"51176\" src=\"https:\/\/collies-vom-floersbachtal.de\/cms\/wp-content\/uploads\/2025\/07\/Jana1-bei-Michael-Juli25-704x1024.jpg\" alt=\"\" class=\"wp-image-51176\" srcset=\"https:\/\/collies-vom-floersbachtal.de\/cms\/wp-content\/uploads\/2025\/07\/Jana1-bei-Michael-Juli25-704x1024.jpg 704w, https:\/\/collies-vom-floersbachtal.de\/cms\/wp-content\/uploads\/2025\/07\/Jana1-bei-Michael-Juli25-206x300.jpg 206w, https:\/\/collies-vom-floersbachtal.de\/cms\/wp-content\/uploads\/2025\/07\/Jana1-bei-Michael-Juli25-768x1117.jpg 768w, https:\/\/collies-vom-floersbachtal.de\/cms\/wp-content\/uploads\/2025\/07\/Jana1-bei-Michael-Juli25.jpg 1000w\" sizes=\"auto, (max-width: 704px) 100vw, 704px\" \/><\/a><\/figure>\n\n\n\n<figure class=\"wp-block-image size-large\"><a href=\"https:\/\/collies-vom-floersbachtal.de\/cms\/wp-content\/uploads\/2025\/07\/Linny1-23-Wochen.jpg\"><img loading=\"lazy\" decoding=\"async\" width=\"1000\" height=\"985\" data-id=\"51179\" src=\"https:\/\/collies-vom-floersbachtal.de\/cms\/wp-content\/uploads\/2025\/07\/Linny1-23-Wochen.jpg\" alt=\"\" class=\"wp-image-51179\" srcset=\"https:\/\/collies-vom-floersbachtal.de\/cms\/wp-content\/uploads\/2025\/07\/Linny1-23-Wochen.jpg 1000w, https:\/\/collies-vom-floersbachtal.de\/cms\/wp-content\/uploads\/2025\/07\/Linny1-23-Wochen-300x296.jpg 300w, https:\/\/collies-vom-floersbachtal.de\/cms\/wp-content\/uploads\/2025\/07\/Linny1-23-Wochen-768x756.jpg 768w\" sizes=\"auto, (max-width: 1000px) 100vw, 1000px\" \/><\/a><\/figure>\n\n\n\n<figure class=\"wp-block-image size-large\"><a href=\"https:\/\/collies-vom-floersbachtal.de\/cms\/wp-content\/uploads\/2025\/07\/Linny1-bei-Michael-Juli25-scaled.jpg\"><img loading=\"lazy\" decoding=\"async\" width=\"692\" height=\"1024\" data-id=\"51181\" src=\"https:\/\/collies-vom-floersbachtal.de\/cms\/wp-content\/uploads\/2025\/07\/Linny1-bei-Michael-Juli25-692x1024.jpg\" alt=\"\" class=\"wp-image-51181\" srcset=\"https:\/\/collies-vom-floersbachtal.de\/cms\/wp-content\/uploads\/2025\/07\/Linny1-bei-Michael-Juli25-692x1024.jpg 692w, https:\/\/collies-vom-floersbachtal.de\/cms\/wp-content\/uploads\/2025\/07\/Linny1-bei-Michael-Juli25-203x300.jpg 203w, https:\/\/collies-vom-floersbachtal.de\/cms\/wp-content\/uploads\/2025\/07\/Linny1-bei-Michael-Juli25-768x1137.jpg 768w, https:\/\/collies-vom-floersbachtal.de\/cms\/wp-content\/uploads\/2025\/07\/Linny1-bei-Michael-Juli25-1038x1536.jpg 1038w, https:\/\/collies-vom-floersbachtal.de\/cms\/wp-content\/uploads\/2025\/07\/Linny1-bei-Michael-Juli25-1384x2048.jpg 1384w, https:\/\/collies-vom-floersbachtal.de\/cms\/wp-content\/uploads\/2025\/07\/Linny1-bei-Michael-Juli25-scaled.jpg 1730w\" sizes=\"auto, (max-width: 692px) 100vw, 692px\" \/><\/a><\/figure>\n\n\n\n<figure class=\"wp-block-image size-large\"><a href=\"https:\/\/collies-vom-floersbachtal.de\/cms\/wp-content\/uploads\/2025\/07\/Linny1-Gassi-24-Wochen.jpg\"><img loading=\"lazy\" decoding=\"async\" width=\"955\" height=\"1024\" data-id=\"51180\" src=\"https:\/\/collies-vom-floersbachtal.de\/cms\/wp-content\/uploads\/2025\/07\/Linny1-Gassi-24-Wochen-955x1024.jpg\" alt=\"\" class=\"wp-image-51180\" srcset=\"https:\/\/collies-vom-floersbachtal.de\/cms\/wp-content\/uploads\/2025\/07\/Linny1-Gassi-24-Wochen-955x1024.jpg 955w, https:\/\/collies-vom-floersbachtal.de\/cms\/wp-content\/uploads\/2025\/07\/Linny1-Gassi-24-Wochen-280x300.jpg 280w, https:\/\/collies-vom-floersbachtal.de\/cms\/wp-content\/uploads\/2025\/07\/Linny1-Gassi-24-Wochen-768x823.jpg 768w, https:\/\/collies-vom-floersbachtal.de\/cms\/wp-content\/uploads\/2025\/07\/Linny1-Gassi-24-Wochen.jpg 1168w\" sizes=\"auto, (max-width: 955px) 100vw, 955px\" \/><\/a><\/figure>\n\n\n\n<figure class=\"wp-block-image size-large\"><a href=\"https:\/\/collies-vom-floersbachtal.de\/cms\/wp-content\/uploads\/2025\/07\/Linny1-muede-mit-24-W-scaled.jpg\"><img loading=\"lazy\" decoding=\"async\" width=\"1024\" height=\"577\" data-id=\"51183\" src=\"https:\/\/collies-vom-floersbachtal.de\/cms\/wp-content\/uploads\/2025\/07\/Linny1-muede-mit-24-W-1024x577.jpg\" alt=\"\" class=\"wp-image-51183\" srcset=\"https:\/\/collies-vom-floersbachtal.de\/cms\/wp-content\/uploads\/2025\/07\/Linny1-muede-mit-24-W-1024x577.jpg 1024w, https:\/\/collies-vom-floersbachtal.de\/cms\/wp-content\/uploads\/2025\/07\/Linny1-muede-mit-24-W-300x169.jpg 300w, https:\/\/collies-vom-floersbachtal.de\/cms\/wp-content\/uploads\/2025\/07\/Linny1-muede-mit-24-W-768x432.jpg 768w, https:\/\/collies-vom-floersbachtal.de\/cms\/wp-content\/uploads\/2025\/07\/Linny1-muede-mit-24-W-1536x865.jpg 1536w, https:\/\/collies-vom-floersbachtal.de\/cms\/wp-content\/uploads\/2025\/07\/Linny1-muede-mit-24-W-2048x1153.jpg 2048w\" sizes=\"auto, (max-width: 1024px) 100vw, 1024px\" \/><\/a><\/figure>\n\n\n\n<figure class=\"wp-block-image size-large\"><a href=\"https:\/\/collies-vom-floersbachtal.de\/cms\/wp-content\/uploads\/2025\/07\/Tara-und-Jana1-31.-Tag-O-chens-scaled.jpg\"><img loading=\"lazy\" decoding=\"async\" width=\"577\" height=\"1024\" data-id=\"51182\" src=\"https:\/\/collies-vom-floersbachtal.de\/cms\/wp-content\/uploads\/2025\/07\/Tara-und-Jana1-31.-Tag-O-chens-577x1024.jpg\" alt=\"\" class=\"wp-image-51182\" srcset=\"https:\/\/collies-vom-floersbachtal.de\/cms\/wp-content\/uploads\/2025\/07\/Tara-und-Jana1-31.-Tag-O-chens-577x1024.jpg 577w, https:\/\/collies-vom-floersbachtal.de\/cms\/wp-content\/uploads\/2025\/07\/Tara-und-Jana1-31.-Tag-O-chens-169x300.jpg 169w, https:\/\/collies-vom-floersbachtal.de\/cms\/wp-content\/uploads\/2025\/07\/Tara-und-Jana1-31.-Tag-O-chens-768x1364.jpg 768w, https:\/\/collies-vom-floersbachtal.de\/cms\/wp-content\/uploads\/2025\/07\/Tara-und-Jana1-31.-Tag-O-chens-865x1536.jpg 865w, https:\/\/collies-vom-floersbachtal.de\/cms\/wp-content\/uploads\/2025\/07\/Tara-und-Jana1-31.-Tag-O-chens-1153x2048.jpg 1153w, https:\/\/collies-vom-floersbachtal.de\/cms\/wp-content\/uploads\/2025\/07\/Tara-und-Jana1-31.-Tag-O-chens-scaled.jpg 1442w\" sizes=\"auto, (max-width: 577px) 100vw, 577px\" \/><\/a><\/figure>\n\n\n\n<figure class=\"wp-block-image size-large\"><a href=\"https:\/\/collies-vom-floersbachtal.de\/cms\/wp-content\/uploads\/2025\/07\/Tara-und-Jana2-Juli25.jpg\"><img loading=\"lazy\" decoding=\"async\" width=\"1000\" height=\"764\" data-id=\"51175\" src=\"https:\/\/collies-vom-floersbachtal.de\/cms\/wp-content\/uploads\/2025\/07\/Tara-und-Jana2-Juli25.jpg\" alt=\"\" class=\"wp-image-51175\" srcset=\"https:\/\/collies-vom-floersbachtal.de\/cms\/wp-content\/uploads\/2025\/07\/Tara-und-Jana2-Juli25.jpg 1000w, https:\/\/collies-vom-floersbachtal.de\/cms\/wp-content\/uploads\/2025\/07\/Tara-und-Jana2-Juli25-300x229.jpg 300w, https:\/\/collies-vom-floersbachtal.de\/cms\/wp-content\/uploads\/2025\/07\/Tara-und-Jana2-Juli25-768x587.jpg 768w\" sizes=\"auto, (max-width: 1000px) 100vw, 1000px\" \/><\/a><\/figure>\n\n\n\n<figure class=\"wp-block-image size-large\"><a href=\"https:\/\/collies-vom-floersbachtal.de\/cms\/wp-content\/uploads\/2025\/07\/Tara1-36.-Tage-nach-B.-Ochen.jpg\"><img loading=\"lazy\" decoding=\"async\" width=\"1000\" height=\"964\" data-id=\"51177\" src=\"https:\/\/collies-vom-floersbachtal.de\/cms\/wp-content\/uploads\/2025\/07\/Tara1-36.-Tage-nach-B.-Ochen.jpg\" alt=\"\" class=\"wp-image-51177\" srcset=\"https:\/\/collies-vom-floersbachtal.de\/cms\/wp-content\/uploads\/2025\/07\/Tara1-36.-Tage-nach-B.-Ochen.jpg 1000w, https:\/\/collies-vom-floersbachtal.de\/cms\/wp-content\/uploads\/2025\/07\/Tara1-36.-Tage-nach-B.-Ochen-300x289.jpg 300w, https:\/\/collies-vom-floersbachtal.de\/cms\/wp-content\/uploads\/2025\/07\/Tara1-36.-Tage-nach-B.-Ochen-768x740.jpg 768w\" sizes=\"auto, (max-width: 1000px) 100vw, 1000px\" \/><\/a><\/figure>\n<\/figure>\n\n\n\n<figure class=\"wp-block-image size-full\"><a href=\"https:\/\/collies-vom-floersbachtal.de\/cms\/wp-content\/uploads\/2025\/07\/Alle-Maedels1-Tara-37.-Tag-Ochen.jpg\"><img loading=\"lazy\" decoding=\"async\" width=\"1000\" height=\"529\" src=\"https:\/\/collies-vom-floersbachtal.de\/cms\/wp-content\/uploads\/2025\/07\/Alle-Maedels1-Tara-37.-Tag-Ochen.jpg\" alt=\"\" class=\"wp-image-51185\" srcset=\"https:\/\/collies-vom-floersbachtal.de\/cms\/wp-content\/uploads\/2025\/07\/Alle-Maedels1-Tara-37.-Tag-Ochen.jpg 1000w, https:\/\/collies-vom-floersbachtal.de\/cms\/wp-content\/uploads\/2025\/07\/Alle-Maedels1-Tara-37.-Tag-Ochen-300x159.jpg 300w, https:\/\/collies-vom-floersbachtal.de\/cms\/wp-content\/uploads\/2025\/07\/Alle-Maedels1-Tara-37.-Tag-Ochen-768x406.jpg 768w\" sizes=\"auto, (max-width: 1000px) 100vw, 1000px\" \/><\/a><\/figure>\n\n\n\n<figure class=\"wp-block-gallery has-nested-images columns-default is-cropped wp-block-gallery-12 is-layout-flex wp-block-gallery-is-layout-flex\">\n<figure class=\"wp-block-image size-large\"><a href=\"https:\/\/collies-vom-floersbachtal.de\/cms\/wp-content\/uploads\/2025\/07\/Tara-und-Jana1-27.-Tage-nach-Bedeckung.jpg\"><img loading=\"lazy\" decoding=\"async\" width=\"1024\" height=\"991\" data-id=\"51174\" src=\"https:\/\/collies-vom-floersbachtal.de\/cms\/wp-content\/uploads\/2025\/07\/Tara-und-Jana1-27.-Tage-nach-Bedeckung-1024x991.jpg\" alt=\"\" class=\"wp-image-51174\" srcset=\"https:\/\/collies-vom-floersbachtal.de\/cms\/wp-content\/uploads\/2025\/07\/Tara-und-Jana1-27.-Tage-nach-Bedeckung-1024x991.jpg 1024w, https:\/\/collies-vom-floersbachtal.de\/cms\/wp-content\/uploads\/2025\/07\/Tara-und-Jana1-27.-Tage-nach-Bedeckung-300x290.jpg 300w, https:\/\/collies-vom-floersbachtal.de\/cms\/wp-content\/uploads\/2025\/07\/Tara-und-Jana1-27.-Tage-nach-Bedeckung-768x743.jpg 768w, https:\/\/collies-vom-floersbachtal.de\/cms\/wp-content\/uploads\/2025\/07\/Tara-und-Jana1-27.-Tage-nach-Bedeckung.jpg 1455w\" sizes=\"auto, (max-width: 1024px) 100vw, 1024px\" \/><\/a><\/figure>\n<\/figure>\n\n\n\n<p><strong>20.07.25 ( 34. Tag Ende 5. Woche)<\/strong> Huhu, ich bins die Tara, wollte euch noch berichten wie die letzten Tage waren, mal abgesehen davon, dass sie zu warm waren. Mich hatte es dann auch Donnerstag- Freitag etwas gebeutelt, mir war schlecht und Durchfall kam auch noch hinzu. Ich mochte kaum was fressen. Frauli hatte mir dann Morosuppe gekocht und die gingen dann ab der 3. Mahlzeit und blieben auch drinnen. Ab dem Tag drauf gabs noch gekochtes H\u00fchnchenfleisch dazu. Und ab heute wieder normal Barf. Alles wieder im gr\u00fcnen Bereich. Schwanger sein ist manchmal auch nicht lustig&#8230; wie die Frauen unter uns sicherlich best\u00e4tigen k\u00f6nnen. Aber jetzt ist alles wieder gut und am Dienstag gehen wir schon in die 6. Woche. Meine Modelma\u00dfe gibt es dann auch erst am Dienstag \ud83d\ude09 Einen sch\u00f6nen Sontagabend und schlaft alle gut. Eure Tara. Bussi<\/p>\n\n\n\n<figure class=\"wp-block-image size-full is-style-rounded\"><a href=\"https:\/\/collies-vom-floersbachtal.de\/cms\/wp-content\/uploads\/2025\/07\/Tara5-Juli25-evtl.-tragend.jpg\"><img loading=\"lazy\" decoding=\"async\" width=\"1000\" height=\"938\" src=\"https:\/\/collies-vom-floersbachtal.de\/cms\/wp-content\/uploads\/2025\/07\/Tara5-Juli25-evtl.-tragend.jpg\" alt=\"\" class=\"wp-image-51168\" srcset=\"https:\/\/collies-vom-floersbachtal.de\/cms\/wp-content\/uploads\/2025\/07\/Tara5-Juli25-evtl.-tragend.jpg 1000w, https:\/\/collies-vom-floersbachtal.de\/cms\/wp-content\/uploads\/2025\/07\/Tara5-Juli25-evtl.-tragend-300x281.jpg 300w, https:\/\/collies-vom-floersbachtal.de\/cms\/wp-content\/uploads\/2025\/07\/Tara5-Juli25-evtl.-tragend-768x720.jpg 768w\" sizes=\"auto, (max-width: 1000px) 100vw, 1000px\" \/><\/a><figcaption class=\"wp-element-caption\"><strong>Hier k\u00f6nnt ihr sehen, das die Kr\u00fcmel jetzt ihre Fellfarbe festlegen, wir sind schon sehr gespannt. Und sie sind ca. 3,5 cm gro\u00df \ud83d\ude00<\/strong><\/figcaption><\/figure>\n\n\n\n<figure class=\"wp-block-image size-full\"><a href=\"https:\/\/collies-vom-floersbachtal.de\/cms\/wp-content\/uploads\/2025\/07\/vorgeburt5-1.jpg\"><img loading=\"lazy\" decoding=\"async\" width=\"1000\" height=\"546\" src=\"https:\/\/collies-vom-floersbachtal.de\/cms\/wp-content\/uploads\/2025\/07\/vorgeburt5-1.jpg\" alt=\"\" class=\"wp-image-51166\" srcset=\"https:\/\/collies-vom-floersbachtal.de\/cms\/wp-content\/uploads\/2025\/07\/vorgeburt5-1.jpg 1000w, https:\/\/collies-vom-floersbachtal.de\/cms\/wp-content\/uploads\/2025\/07\/vorgeburt5-1-300x164.jpg 300w, https:\/\/collies-vom-floersbachtal.de\/cms\/wp-content\/uploads\/2025\/07\/vorgeburt5-1-768x419.jpg 768w\" sizes=\"auto, (max-width: 1000px) 100vw, 1000px\" \/><\/a><\/figure>\n\n\n\n<p><strong>15.07.25 (Tag 29 nach der Bedeckung)<\/strong> <\/p>\n\n\n\n<figure class=\"wp-block-image size-full is-style-rounded\"><a href=\"https:\/\/collies-vom-floersbachtal.de\/cms\/wp-content\/uploads\/2025\/07\/Tara-und-Mina4-29.-Tag-beim-Arzt-576x1024-1.jpg\"><img loading=\"lazy\" decoding=\"async\" width=\"576\" height=\"1024\" src=\"https:\/\/collies-vom-floersbachtal.de\/cms\/wp-content\/uploads\/2025\/07\/Tara-und-Mina4-29.-Tag-beim-Arzt-576x1024-1.jpg\" alt=\"\" class=\"wp-image-51141\" srcset=\"https:\/\/collies-vom-floersbachtal.de\/cms\/wp-content\/uploads\/2025\/07\/Tara-und-Mina4-29.-Tag-beim-Arzt-576x1024-1.jpg 576w, https:\/\/collies-vom-floersbachtal.de\/cms\/wp-content\/uploads\/2025\/07\/Tara-und-Mina4-29.-Tag-beim-Arzt-576x1024-1-169x300.jpg 169w\" sizes=\"auto, (max-width: 576px) 100vw, 576px\" \/><\/a><\/figure>\n\n\n\n<figure class=\"wp-block-image size-full is-style-rounded\"><a href=\"https:\/\/collies-vom-floersbachtal.de\/cms\/wp-content\/uploads\/2025\/07\/Tara1-Traechtig-29.-Tag-1-1.jpg\"><img loading=\"lazy\" decoding=\"async\" width=\"800\" height=\"745\" src=\"https:\/\/collies-vom-floersbachtal.de\/cms\/wp-content\/uploads\/2025\/07\/Tara1-Traechtig-29.-Tag-1-1.jpg\" alt=\"\" class=\"wp-image-51140\" srcset=\"https:\/\/collies-vom-floersbachtal.de\/cms\/wp-content\/uploads\/2025\/07\/Tara1-Traechtig-29.-Tag-1-1.jpg 800w, https:\/\/collies-vom-floersbachtal.de\/cms\/wp-content\/uploads\/2025\/07\/Tara1-Traechtig-29.-Tag-1-1-300x279.jpg 300w, https:\/\/collies-vom-floersbachtal.de\/cms\/wp-content\/uploads\/2025\/07\/Tara1-Traechtig-29.-Tag-1-1-768x715.jpg 768w\" sizes=\"auto, (max-width: 800px) 100vw, 800px\" \/><\/a><\/figure>\n\n\n\n<p>Juipi juipi j\u00e4h, wir sind tragend, also meine Tara nat\u00fcrlich , wir freuen uns so derma\u00dfen, das geht auf keine Kuhhaut. \ud83d\ude00 <\/p>\n\n\n\n<figure class=\"wp-block-image size-full is-resized\"><a href=\"https:\/\/collies-vom-floersbachtal.de\/cms\/wp-content\/uploads\/2025\/07\/storch16_1.gif\"><img loading=\"lazy\" decoding=\"async\" width=\"154\" height=\"141\" src=\"https:\/\/collies-vom-floersbachtal.de\/cms\/wp-content\/uploads\/2025\/07\/storch16_1.gif\" alt=\"\" class=\"wp-image-51132\" style=\"width:159px;height:auto\"\/><\/a><\/figure>\n\n\n\n<p><strong>Bin auf dem Weg !!!<\/strong><\/p>\n\n\n\n<figure class=\"wp-block-image size-large\"><a href=\"https:\/\/collies-vom-floersbachtal.de\/cms\/wp-content\/uploads\/2025\/07\/Hochzeit-Tara-Marley1-Juni25.jpg\"><img loading=\"lazy\" decoding=\"async\" width=\"961\" height=\"1024\" src=\"https:\/\/collies-vom-floersbachtal.de\/cms\/wp-content\/uploads\/2025\/07\/Hochzeit-Tara-Marley1-Juni25-961x1024.jpg\" alt=\"\" class=\"wp-image-51130\" srcset=\"https:\/\/collies-vom-floersbachtal.de\/cms\/wp-content\/uploads\/2025\/07\/Hochzeit-Tara-Marley1-Juni25-961x1024.jpg 961w, https:\/\/collies-vom-floersbachtal.de\/cms\/wp-content\/uploads\/2025\/07\/Hochzeit-Tara-Marley1-Juni25-282x300.jpg 282w, https:\/\/collies-vom-floersbachtal.de\/cms\/wp-content\/uploads\/2025\/07\/Hochzeit-Tara-Marley1-Juni25-768x818.jpg 768w, https:\/\/collies-vom-floersbachtal.de\/cms\/wp-content\/uploads\/2025\/07\/Hochzeit-Tara-Marley1-Juni25.jpg 991w\" sizes=\"auto, (max-width: 961px) 100vw, 961px\" \/><\/a><figcaption class=\"wp-element-caption\"><strong>Die stolzen werdenden Eltern <\/strong><\/figcaption><\/figure>\n\n\n\n<figure class=\"wp-block-image size-full\"><a href=\"https:\/\/collies-vom-floersbachtal.de\/cms\/wp-content\/uploads\/2025\/07\/Groessenentwicklung-Hundefoetus-1.png\"><img loading=\"lazy\" decoding=\"async\" width=\"528\" height=\"218\" src=\"https:\/\/collies-vom-floersbachtal.de\/cms\/wp-content\/uploads\/2025\/07\/Groessenentwicklung-Hundefoetus-1.png\" alt=\"\" class=\"wp-image-51131\" srcset=\"https:\/\/collies-vom-floersbachtal.de\/cms\/wp-content\/uploads\/2025\/07\/Groessenentwicklung-Hundefoetus-1.png 528w, https:\/\/collies-vom-floersbachtal.de\/cms\/wp-content\/uploads\/2025\/07\/Groessenentwicklung-Hundefoetus-1-300x124.png 300w\" sizes=\"auto, (max-width: 528px) 100vw, 528px\" \/><\/a><figcaption class=\"wp-element-caption\"><strong>Hier habt ihr einen kleinen Ausschnitt wit gro\u00df die Kr\u00fcmel grade sind, so ca. 2 cm \ud83d\ude42<\/strong><\/figcaption><\/figure>\n\n\n\n<p><strong>16.07.25<\/strong> So, nun werde ich hier wieder die Texte verfassen.  \ud83d\ude09  Also wenn ich mal was im geheimen verraten soll&#8230; Frauli war dieses Mal am ungeduldigsten, sie sagt diese 4 Wochen waren gef\u00fchlt wie 1\/2 Jahr.  \ud83d\ude42 Aber vielleicht auch verst\u00e4ndlich, sie wartet ja jetzt schon wieder 15 Monate auf kleine, knuddlige, Kr\u00fcmel  (KKK) \ud83d\ude00 Mir geht es super bin allerdings seeeehr verfressen und nat\u00fcrlich sehr ruhig und schmusig. Oft versteht Jana das nicht , sie ist ja unser Kindskopf \ud83d\ude1b . F\u00fcr jeden Sch. zu haben \ud83d\ude42 Was ich auch sehr aufregend finde, alle Organe sind angelegt und die Embrionalentwicklung ist abgeschlossen. Die Kr\u00fcmel entscheiden sich jetzt auch f\u00fcr ihr Geschlecht. Wir sind echt gespannt, auch f\u00fcr welche Farben sie sich entscheiden werden. Freu mich so und alles ist so sehr spannend.<\/p>\n\n\n\n<p>Meine Ma\u00dfe an den <strong>Rippen 77 cm (+2 cm) und an der Taille 60 cm (+2cm)<\/strong> <strong>und mein Gewicht ist auf 26,6 Kg (+60 g)<\/strong> geklettert, das sind die doofen Knochen von Linny, die liegen immer hier rum und fl\u00fcstern&#8230;.&#8220;friss mich&#8220; \ud83d\ude41 Wie soll ich da widerstehen??? So, nun bekommt ihr noch Fotos und ich sage, ganz liebe Gr\u00fc\u00dfe eure Tara. Viele Bussis<\/p>\n\n\n\n<figure class=\"wp-block-gallery has-nested-images columns-default is-cropped wp-block-gallery-13 is-layout-flex wp-block-gallery-is-layout-flex\">\n<figure class=\"wp-block-image size-full\"><a href=\"https:\/\/collies-vom-floersbachtal.de\/cms\/wp-content\/uploads\/2025\/07\/Tara-und-Mina1-30.Tag-O-chen.jpg\"><img loading=\"lazy\" decoding=\"async\" width=\"1000\" height=\"563\" data-id=\"51143\" src=\"https:\/\/collies-vom-floersbachtal.de\/cms\/wp-content\/uploads\/2025\/07\/Tara-und-Mina1-30.Tag-O-chen.jpg\" alt=\"\" class=\"wp-image-51143\" srcset=\"https:\/\/collies-vom-floersbachtal.de\/cms\/wp-content\/uploads\/2025\/07\/Tara-und-Mina1-30.Tag-O-chen.jpg 1000w, https:\/\/collies-vom-floersbachtal.de\/cms\/wp-content\/uploads\/2025\/07\/Tara-und-Mina1-30.Tag-O-chen-300x169.jpg 300w, https:\/\/collies-vom-floersbachtal.de\/cms\/wp-content\/uploads\/2025\/07\/Tara-und-Mina1-30.Tag-O-chen-768x432.jpg 768w\" sizes=\"auto, (max-width: 1000px) 100vw, 1000px\" \/><\/a><figcaption class=\"wp-element-caption\">Nach dem Schalltermin , endlich relaxen  <\/figcaption><\/figure>\n<\/figure>\n\n\n\n<figure class=\"wp-block-image size-full\"><a href=\"https:\/\/collies-vom-floersbachtal.de\/cms\/wp-content\/uploads\/2025\/07\/Alle3-vor-dem-Schallen1-27.-Tag.jpg\"><img loading=\"lazy\" decoding=\"async\" width=\"1000\" height=\"646\" src=\"https:\/\/collies-vom-floersbachtal.de\/cms\/wp-content\/uploads\/2025\/07\/Alle3-vor-dem-Schallen1-27.-Tag.jpg\" alt=\"\" class=\"wp-image-51152\" srcset=\"https:\/\/collies-vom-floersbachtal.de\/cms\/wp-content\/uploads\/2025\/07\/Alle3-vor-dem-Schallen1-27.-Tag.jpg 1000w, https:\/\/collies-vom-floersbachtal.de\/cms\/wp-content\/uploads\/2025\/07\/Alle3-vor-dem-Schallen1-27.-Tag-300x194.jpg 300w, https:\/\/collies-vom-floersbachtal.de\/cms\/wp-content\/uploads\/2025\/07\/Alle3-vor-dem-Schallen1-27.-Tag-768x496.jpg 768w\" sizes=\"auto, (max-width: 1000px) 100vw, 1000px\" \/><\/a><\/figure>\n\n\n\n<figure class=\"wp-block-gallery has-nested-images columns-default is-cropped wp-block-gallery-14 is-layout-flex wp-block-gallery-is-layout-flex\">\n<figure class=\"wp-block-image size-large\"><a href=\"https:\/\/collies-vom-floersbachtal.de\/cms\/wp-content\/uploads\/2025\/07\/Tara1-laeufig-Juni25.jpg\"><img loading=\"lazy\" decoding=\"async\" width=\"1000\" height=\"893\" data-id=\"51145\" src=\"https:\/\/collies-vom-floersbachtal.de\/cms\/wp-content\/uploads\/2025\/07\/Tara1-laeufig-Juni25.jpg\" alt=\"\" class=\"wp-image-51145\" srcset=\"https:\/\/collies-vom-floersbachtal.de\/cms\/wp-content\/uploads\/2025\/07\/Tara1-laeufig-Juni25.jpg 1000w, https:\/\/collies-vom-floersbachtal.de\/cms\/wp-content\/uploads\/2025\/07\/Tara1-laeufig-Juni25-300x268.jpg 300w, https:\/\/collies-vom-floersbachtal.de\/cms\/wp-content\/uploads\/2025\/07\/Tara1-laeufig-Juni25-768x686.jpg 768w\" sizes=\"auto, (max-width: 1000px) 100vw, 1000px\" \/><\/a><\/figure>\n\n\n\n<figure class=\"wp-block-image size-large\"><a href=\"https:\/\/collies-vom-floersbachtal.de\/cms\/wp-content\/uploads\/2025\/07\/Alle3-Maedels2-Juli25-scaled.jpg\"><img loading=\"lazy\" decoding=\"async\" width=\"1024\" height=\"667\" data-id=\"51151\" src=\"https:\/\/collies-vom-floersbachtal.de\/cms\/wp-content\/uploads\/2025\/07\/Alle3-Maedels2-Juli25-1024x667.jpg\" alt=\"\" class=\"wp-image-51151\" srcset=\"https:\/\/collies-vom-floersbachtal.de\/cms\/wp-content\/uploads\/2025\/07\/Alle3-Maedels2-Juli25-1024x667.jpg 1024w, https:\/\/collies-vom-floersbachtal.de\/cms\/wp-content\/uploads\/2025\/07\/Alle3-Maedels2-Juli25-300x195.jpg 300w, https:\/\/collies-vom-floersbachtal.de\/cms\/wp-content\/uploads\/2025\/07\/Alle3-Maedels2-Juli25-768x500.jpg 768w, https:\/\/collies-vom-floersbachtal.de\/cms\/wp-content\/uploads\/2025\/07\/Alle3-Maedels2-Juli25-1536x1001.jpg 1536w, https:\/\/collies-vom-floersbachtal.de\/cms\/wp-content\/uploads\/2025\/07\/Alle3-Maedels2-Juli25-2048x1335.jpg 2048w\" sizes=\"auto, (max-width: 1024px) 100vw, 1024px\" \/><\/a><\/figure>\n\n\n\n<figure class=\"wp-block-image size-large\"><a href=\"https:\/\/collies-vom-floersbachtal.de\/cms\/wp-content\/uploads\/2025\/07\/Alle3-vor-dem-Schallen1-29.-Tag.jpg\"><img loading=\"lazy\" decoding=\"async\" width=\"829\" height=\"1024\" data-id=\"51147\" src=\"https:\/\/collies-vom-floersbachtal.de\/cms\/wp-content\/uploads\/2025\/07\/Alle3-vor-dem-Schallen1-29.-Tag-829x1024.jpg\" alt=\"\" class=\"wp-image-51147\" srcset=\"https:\/\/collies-vom-floersbachtal.de\/cms\/wp-content\/uploads\/2025\/07\/Alle3-vor-dem-Schallen1-29.-Tag-829x1024.jpg 829w, https:\/\/collies-vom-floersbachtal.de\/cms\/wp-content\/uploads\/2025\/07\/Alle3-vor-dem-Schallen1-29.-Tag-243x300.jpg 243w, https:\/\/collies-vom-floersbachtal.de\/cms\/wp-content\/uploads\/2025\/07\/Alle3-vor-dem-Schallen1-29.-Tag-768x948.jpg 768w, https:\/\/collies-vom-floersbachtal.de\/cms\/wp-content\/uploads\/2025\/07\/Alle3-vor-dem-Schallen1-29.-Tag.jpg 1000w\" sizes=\"auto, (max-width: 829px) 100vw, 829px\" \/><\/a><\/figure>\n\n\n\n<figure class=\"wp-block-image size-large\"><a href=\"https:\/\/collies-vom-floersbachtal.de\/cms\/wp-content\/uploads\/2025\/07\/Alle3-vor-dem-Schallen2-29.-Tag.jpg\"><img loading=\"lazy\" decoding=\"async\" width=\"1000\" height=\"532\" data-id=\"51146\" src=\"https:\/\/collies-vom-floersbachtal.de\/cms\/wp-content\/uploads\/2025\/07\/Alle3-vor-dem-Schallen2-29.-Tag.jpg\" alt=\"\" class=\"wp-image-51146\" srcset=\"https:\/\/collies-vom-floersbachtal.de\/cms\/wp-content\/uploads\/2025\/07\/Alle3-vor-dem-Schallen2-29.-Tag.jpg 1000w, https:\/\/collies-vom-floersbachtal.de\/cms\/wp-content\/uploads\/2025\/07\/Alle3-vor-dem-Schallen2-29.-Tag-300x160.jpg 300w, https:\/\/collies-vom-floersbachtal.de\/cms\/wp-content\/uploads\/2025\/07\/Alle3-vor-dem-Schallen2-29.-Tag-768x409.jpg 768w\" sizes=\"auto, (max-width: 1000px) 100vw, 1000px\" \/><\/a><\/figure>\n\n\n\n<figure class=\"wp-block-image size-large\"><a href=\"https:\/\/collies-vom-floersbachtal.de\/cms\/wp-content\/uploads\/2025\/07\/Alle4-Maedels1-Juli25-1.jpg\"><img loading=\"lazy\" decoding=\"async\" width=\"1000\" height=\"421\" data-id=\"51144\" src=\"https:\/\/collies-vom-floersbachtal.de\/cms\/wp-content\/uploads\/2025\/07\/Alle4-Maedels1-Juli25-1.jpg\" alt=\"\" class=\"wp-image-51144\" srcset=\"https:\/\/collies-vom-floersbachtal.de\/cms\/wp-content\/uploads\/2025\/07\/Alle4-Maedels1-Juli25-1.jpg 1000w, https:\/\/collies-vom-floersbachtal.de\/cms\/wp-content\/uploads\/2025\/07\/Alle4-Maedels1-Juli25-1-300x126.jpg 300w, https:\/\/collies-vom-floersbachtal.de\/cms\/wp-content\/uploads\/2025\/07\/Alle4-Maedels1-Juli25-1-768x323.jpg 768w\" sizes=\"auto, (max-width: 1000px) 100vw, 1000px\" \/><\/a><\/figure>\n\n\n\n<figure class=\"wp-block-image size-large\"><a href=\"https:\/\/collies-vom-floersbachtal.de\/cms\/wp-content\/uploads\/2025\/07\/Alle4-vor-dem-Schallen-28.-Tag-scaled.jpg\"><img loading=\"lazy\" decoding=\"async\" width=\"1024\" height=\"744\" data-id=\"51150\" src=\"https:\/\/collies-vom-floersbachtal.de\/cms\/wp-content\/uploads\/2025\/07\/Alle4-vor-dem-Schallen-28.-Tag-1024x744.jpg\" alt=\"\" class=\"wp-image-51150\" srcset=\"https:\/\/collies-vom-floersbachtal.de\/cms\/wp-content\/uploads\/2025\/07\/Alle4-vor-dem-Schallen-28.-Tag-1024x744.jpg 1024w, https:\/\/collies-vom-floersbachtal.de\/cms\/wp-content\/uploads\/2025\/07\/Alle4-vor-dem-Schallen-28.-Tag-300x218.jpg 300w, https:\/\/collies-vom-floersbachtal.de\/cms\/wp-content\/uploads\/2025\/07\/Alle4-vor-dem-Schallen-28.-Tag-768x558.jpg 768w, https:\/\/collies-vom-floersbachtal.de\/cms\/wp-content\/uploads\/2025\/07\/Alle4-vor-dem-Schallen-28.-Tag-1536x1116.jpg 1536w, https:\/\/collies-vom-floersbachtal.de\/cms\/wp-content\/uploads\/2025\/07\/Alle4-vor-dem-Schallen-28.-Tag-2048x1488.jpg 2048w\" sizes=\"auto, (max-width: 1024px) 100vw, 1024px\" \/><\/a><\/figure>\n\n\n\n<figure class=\"wp-block-image size-large\"><a href=\"https:\/\/collies-vom-floersbachtal.de\/cms\/wp-content\/uploads\/2025\/07\/Tara-und-Jana4-Juli25.jpg\"><img loading=\"lazy\" decoding=\"async\" width=\"779\" height=\"1024\" data-id=\"51149\" src=\"https:\/\/collies-vom-floersbachtal.de\/cms\/wp-content\/uploads\/2025\/07\/Tara-und-Jana4-Juli25-779x1024.jpg\" alt=\"\" class=\"wp-image-51149\" srcset=\"https:\/\/collies-vom-floersbachtal.de\/cms\/wp-content\/uploads\/2025\/07\/Tara-und-Jana4-Juli25-779x1024.jpg 779w, https:\/\/collies-vom-floersbachtal.de\/cms\/wp-content\/uploads\/2025\/07\/Tara-und-Jana4-Juli25-228x300.jpg 228w, https:\/\/collies-vom-floersbachtal.de\/cms\/wp-content\/uploads\/2025\/07\/Tara-und-Jana4-Juli25-768x1010.jpg 768w, https:\/\/collies-vom-floersbachtal.de\/cms\/wp-content\/uploads\/2025\/07\/Tara-und-Jana4-Juli25.jpg 1000w\" sizes=\"auto, (max-width: 779px) 100vw, 779px\" \/><\/a><\/figure>\n\n\n\n<figure class=\"wp-block-image size-large\"><a href=\"https:\/\/collies-vom-floersbachtal.de\/cms\/wp-content\/uploads\/2025\/07\/Alle4-Maedels1-Mina-und-Tara-evtl.7.-Tag-1.jpg\"><img loading=\"lazy\" decoding=\"async\" width=\"632\" height=\"1024\" data-id=\"51148\" src=\"https:\/\/collies-vom-floersbachtal.de\/cms\/wp-content\/uploads\/2025\/07\/Alle4-Maedels1-Mina-und-Tara-evtl.7.-Tag-1-632x1024.jpg\" alt=\"\" class=\"wp-image-51148\" srcset=\"https:\/\/collies-vom-floersbachtal.de\/cms\/wp-content\/uploads\/2025\/07\/Alle4-Maedels1-Mina-und-Tara-evtl.7.-Tag-1-632x1024.jpg 632w, https:\/\/collies-vom-floersbachtal.de\/cms\/wp-content\/uploads\/2025\/07\/Alle4-Maedels1-Mina-und-Tara-evtl.7.-Tag-1-185x300.jpg 185w, https:\/\/collies-vom-floersbachtal.de\/cms\/wp-content\/uploads\/2025\/07\/Alle4-Maedels1-Mina-und-Tara-evtl.7.-Tag-1-768x1245.jpg 768w, https:\/\/collies-vom-floersbachtal.de\/cms\/wp-content\/uploads\/2025\/07\/Alle4-Maedels1-Mina-und-Tara-evtl.7.-Tag-1-948x1536.jpg 948w, https:\/\/collies-vom-floersbachtal.de\/cms\/wp-content\/uploads\/2025\/07\/Alle4-Maedels1-Mina-und-Tara-evtl.7.-Tag-1.jpg 1000w\" sizes=\"auto, (max-width: 632px) 100vw, 632px\" \/><\/a><\/figure>\n<\/figure>\n\n\n\n<figure class=\"wp-block-image size-full\"><a href=\"https:\/\/collies-vom-floersbachtal.de\/cms\/wp-content\/uploads\/2025\/07\/Tara4-Juli25-evtl.-tragend.jpg\"><img loading=\"lazy\" decoding=\"async\" width=\"1000\" height=\"424\" src=\"https:\/\/collies-vom-floersbachtal.de\/cms\/wp-content\/uploads\/2025\/07\/Tara4-Juli25-evtl.-tragend.jpg\" alt=\"\" class=\"wp-image-51153\" srcset=\"https:\/\/collies-vom-floersbachtal.de\/cms\/wp-content\/uploads\/2025\/07\/Tara4-Juli25-evtl.-tragend.jpg 1000w, https:\/\/collies-vom-floersbachtal.de\/cms\/wp-content\/uploads\/2025\/07\/Tara4-Juli25-evtl.-tragend-300x127.jpg 300w, https:\/\/collies-vom-floersbachtal.de\/cms\/wp-content\/uploads\/2025\/07\/Tara4-Juli25-evtl.-tragend-768x326.jpg 768w\" sizes=\"auto, (max-width: 1000px) 100vw, 1000px\" \/><\/a><\/figure>\n\n\n\n<p><strong>07.07.25  (21. Tag nach Bedeckung<\/strong>) Huhu, nun melde ich mich mal wieder, hab mich ja bewu\u00dft zur\u00fcck gehalten, da ich keine Hoffnungen bei euch, wie bei mir sch\u00fcren wollte. Aber &#8230; ich habe so langsam das Gef\u00fchl, dass  wir kleine Kr\u00fcmel bekommen werden. Tara ist sehr anh\u00e4nglich und bei Mina merke ich auch das sie viel ruhiger geworden ist. Gestern hatte Linny auch ein wenig \u00fcbertrieben und im Eifer des Gefechts die Tara v\u00f6llig r\u00fcpelhaft anger\u00e4mpelt&#8230; na da war sie reif. Aber f\u00fcr Linny schad das nix, sie braucht noch viel Erziehnung und wenn nicht von mir, dann lernt sie das eben bei Tara.  \ud83d\ude09 Verfressen sind die beiden Damen eh immer, aber jetzt finde ich es noch deutlicher zumindest bei Tara.  Sie ist auch sehr anh\u00e4nglich, noch mehr als sonst. Wenn wir also Kr\u00fcmel erwarten d\u00fcrfen, dann w\u00e4ren die L\u00fctten jetzt ca. 5 mm lang \ud83d\ude00 Ihre Herzchen w\u00fcrden anfangen zu schlagen und jeder h\u00e4tte jetzt seinen festen Platz in der Geb\u00e4rmutter gefunden. Also bitte weiter die Daumen dr\u00fccken und wir melden uns am 15.07. nach dem Schallen wieder zur\u00fcck. Liebe Gr\u00fc\u00dfe Tara &amp; Mina \ud83d\ude42<\/p>\n\n\n\n<p>PS. Kleiner Nachtrag, Tara hat w\u00e4hrend ich hier am PC sitze und schreibe, inzwischen 4 mal gebrochen. Also eigentlich h\u00e4tte sie gerne den rumliegenden Knochen gefressen, aber ihr ist wirklich schlecht, daher hat sie ihn lieber liegen gelassen. Wollen wir hoffen das ich es richtig deute. \ud83d\ude42<\/p>\n\n\n\n<figure class=\"wp-block-gallery has-nested-images columns-default is-cropped wp-block-gallery-15 is-layout-flex wp-block-gallery-is-layout-flex\">\n<figure class=\"wp-block-image size-large is-style-rounded\"><a href=\"https:\/\/collies-vom-floersbachtal.de\/cms\/wp-content\/uploads\/2025\/07\/Tara2-Juli25-evtl.-tragend.jpg\"><img loading=\"lazy\" decoding=\"async\" width=\"881\" height=\"1024\" data-id=\"51071\" src=\"https:\/\/collies-vom-floersbachtal.de\/cms\/wp-content\/uploads\/2025\/07\/Tara2-Juli25-evtl.-tragend-881x1024.jpg\" alt=\"\" class=\"wp-image-51071\" srcset=\"https:\/\/collies-vom-floersbachtal.de\/cms\/wp-content\/uploads\/2025\/07\/Tara2-Juli25-evtl.-tragend-881x1024.jpg 881w, https:\/\/collies-vom-floersbachtal.de\/cms\/wp-content\/uploads\/2025\/07\/Tara2-Juli25-evtl.-tragend-258x300.jpg 258w, https:\/\/collies-vom-floersbachtal.de\/cms\/wp-content\/uploads\/2025\/07\/Tara2-Juli25-evtl.-tragend-768x892.jpg 768w, https:\/\/collies-vom-floersbachtal.de\/cms\/wp-content\/uploads\/2025\/07\/Tara2-Juli25-evtl.-tragend.jpg 1000w\" sizes=\"auto, (max-width: 881px) 100vw, 881px\" \/><\/a><\/figure>\n<\/figure>\n\n\n\n<figure class=\"wp-block-image size-large is-style-rounded\"><a href=\"https:\/\/collies-vom-floersbachtal.de\/cms\/wp-content\/uploads\/2025\/07\/Tara-und-Jana5-Juli25.jpg\"><img loading=\"lazy\" decoding=\"async\" width=\"732\" height=\"1024\" src=\"https:\/\/collies-vom-floersbachtal.de\/cms\/wp-content\/uploads\/2025\/07\/Tara-und-Jana5-Juli25-732x1024.jpg\" alt=\"\" class=\"wp-image-51069\" srcset=\"https:\/\/collies-vom-floersbachtal.de\/cms\/wp-content\/uploads\/2025\/07\/Tara-und-Jana5-Juli25-732x1024.jpg 732w, https:\/\/collies-vom-floersbachtal.de\/cms\/wp-content\/uploads\/2025\/07\/Tara-und-Jana5-Juli25-215x300.jpg 215w, https:\/\/collies-vom-floersbachtal.de\/cms\/wp-content\/uploads\/2025\/07\/Tara-und-Jana5-Juli25-768x1074.jpg 768w, https:\/\/collies-vom-floersbachtal.de\/cms\/wp-content\/uploads\/2025\/07\/Tara-und-Jana5-Juli25.jpg 1000w\" sizes=\"auto, (max-width: 732px) 100vw, 732px\" \/><\/a><\/figure>\n\n\n\n<figure class=\"wp-block-gallery has-nested-images columns-default is-cropped wp-block-gallery-16 is-layout-flex wp-block-gallery-is-layout-flex\">\n<figure class=\"wp-block-image size-large\"><a href=\"https:\/\/collies-vom-floersbachtal.de\/cms\/wp-content\/uploads\/2025\/07\/Alle4-Maedels1-Mina-und-Tara-evtl.7.-Tag.jpg\"><img loading=\"lazy\" decoding=\"async\" width=\"632\" height=\"1024\" data-id=\"51065\" src=\"https:\/\/collies-vom-floersbachtal.de\/cms\/wp-content\/uploads\/2025\/07\/Alle4-Maedels1-Mina-und-Tara-evtl.7.-Tag-632x1024.jpg\" alt=\"\" class=\"wp-image-51065\" srcset=\"https:\/\/collies-vom-floersbachtal.de\/cms\/wp-content\/uploads\/2025\/07\/Alle4-Maedels1-Mina-und-Tara-evtl.7.-Tag-632x1024.jpg 632w, https:\/\/collies-vom-floersbachtal.de\/cms\/wp-content\/uploads\/2025\/07\/Alle4-Maedels1-Mina-und-Tara-evtl.7.-Tag-185x300.jpg 185w, https:\/\/collies-vom-floersbachtal.de\/cms\/wp-content\/uploads\/2025\/07\/Alle4-Maedels1-Mina-und-Tara-evtl.7.-Tag-768x1245.jpg 768w, https:\/\/collies-vom-floersbachtal.de\/cms\/wp-content\/uploads\/2025\/07\/Alle4-Maedels1-Mina-und-Tara-evtl.7.-Tag-948x1536.jpg 948w, https:\/\/collies-vom-floersbachtal.de\/cms\/wp-content\/uploads\/2025\/07\/Alle4-Maedels1-Mina-und-Tara-evtl.7.-Tag.jpg 1000w\" sizes=\"auto, (max-width: 632px) 100vw, 632px\" \/><\/a><\/figure>\n\n\n\n<figure class=\"wp-block-image size-large\"><a href=\"https:\/\/collies-vom-floersbachtal.de\/cms\/wp-content\/uploads\/2025\/07\/Mina1-evtl.tragend-11.-Tag.jpg\"><img loading=\"lazy\" decoding=\"async\" width=\"779\" height=\"611\" data-id=\"51063\" src=\"https:\/\/collies-vom-floersbachtal.de\/cms\/wp-content\/uploads\/2025\/07\/Mina1-evtl.tragend-11.-Tag.jpg\" alt=\"\" class=\"wp-image-51063\" srcset=\"https:\/\/collies-vom-floersbachtal.de\/cms\/wp-content\/uploads\/2025\/07\/Mina1-evtl.tragend-11.-Tag.jpg 779w, https:\/\/collies-vom-floersbachtal.de\/cms\/wp-content\/uploads\/2025\/07\/Mina1-evtl.tragend-11.-Tag-300x235.jpg 300w, https:\/\/collies-vom-floersbachtal.de\/cms\/wp-content\/uploads\/2025\/07\/Mina1-evtl.tragend-11.-Tag-768x602.jpg 768w\" sizes=\"auto, (max-width: 779px) 100vw, 779px\" \/><\/a><\/figure>\n\n\n\n<figure class=\"wp-block-image size-large\"><a href=\"https:\/\/collies-vom-floersbachtal.de\/cms\/wp-content\/uploads\/2025\/07\/Alle3-Maedels1-Mina-und-Tara-evtl.19.-Tag.jpg\"><img loading=\"lazy\" decoding=\"async\" width=\"877\" height=\"1024\" data-id=\"51068\" src=\"https:\/\/collies-vom-floersbachtal.de\/cms\/wp-content\/uploads\/2025\/07\/Alle3-Maedels1-Mina-und-Tara-evtl.19.-Tag-877x1024.jpg\" alt=\"\" class=\"wp-image-51068\" srcset=\"https:\/\/collies-vom-floersbachtal.de\/cms\/wp-content\/uploads\/2025\/07\/Alle3-Maedels1-Mina-und-Tara-evtl.19.-Tag-877x1024.jpg 877w, https:\/\/collies-vom-floersbachtal.de\/cms\/wp-content\/uploads\/2025\/07\/Alle3-Maedels1-Mina-und-Tara-evtl.19.-Tag-257x300.jpg 257w, https:\/\/collies-vom-floersbachtal.de\/cms\/wp-content\/uploads\/2025\/07\/Alle3-Maedels1-Mina-und-Tara-evtl.19.-Tag-768x896.jpg 768w, https:\/\/collies-vom-floersbachtal.de\/cms\/wp-content\/uploads\/2025\/07\/Alle3-Maedels1-Mina-und-Tara-evtl.19.-Tag.jpg 1000w\" sizes=\"auto, (max-width: 877px) 100vw, 877px\" \/><\/a><\/figure>\n\n\n\n<figure class=\"wp-block-image size-large\"><a href=\"https:\/\/collies-vom-floersbachtal.de\/cms\/wp-content\/uploads\/2025\/07\/Alle3-Maedels2-Juli25-Tara-und-Mina-evtl.tragend-21-Tage.jpg\"><img loading=\"lazy\" decoding=\"async\" width=\"1000\" height=\"786\" data-id=\"51064\" src=\"https:\/\/collies-vom-floersbachtal.de\/cms\/wp-content\/uploads\/2025\/07\/Alle3-Maedels2-Juli25-Tara-und-Mina-evtl.tragend-21-Tage.jpg\" alt=\"\" class=\"wp-image-51064\" srcset=\"https:\/\/collies-vom-floersbachtal.de\/cms\/wp-content\/uploads\/2025\/07\/Alle3-Maedels2-Juli25-Tara-und-Mina-evtl.tragend-21-Tage.jpg 1000w, https:\/\/collies-vom-floersbachtal.de\/cms\/wp-content\/uploads\/2025\/07\/Alle3-Maedels2-Juli25-Tara-und-Mina-evtl.tragend-21-Tage-300x236.jpg 300w, https:\/\/collies-vom-floersbachtal.de\/cms\/wp-content\/uploads\/2025\/07\/Alle3-Maedels2-Juli25-Tara-und-Mina-evtl.tragend-21-Tage-768x604.jpg 768w\" sizes=\"auto, (max-width: 1000px) 100vw, 1000px\" \/><\/a><\/figure>\n\n\n\n<figure class=\"wp-block-image size-large\"><a href=\"https:\/\/collies-vom-floersbachtal.de\/cms\/wp-content\/uploads\/2025\/07\/Alle3-Maedels3-Juli25-Tara-und-Mina-evtl.tragend-21-Tage.jpg\"><img loading=\"lazy\" decoding=\"async\" width=\"978\" height=\"1024\" data-id=\"51067\" src=\"https:\/\/collies-vom-floersbachtal.de\/cms\/wp-content\/uploads\/2025\/07\/Alle3-Maedels3-Juli25-Tara-und-Mina-evtl.tragend-21-Tage-978x1024.jpg\" alt=\"\" class=\"wp-image-51067\" srcset=\"https:\/\/collies-vom-floersbachtal.de\/cms\/wp-content\/uploads\/2025\/07\/Alle3-Maedels3-Juli25-Tara-und-Mina-evtl.tragend-21-Tage-978x1024.jpg 978w, https:\/\/collies-vom-floersbachtal.de\/cms\/wp-content\/uploads\/2025\/07\/Alle3-Maedels3-Juli25-Tara-und-Mina-evtl.tragend-21-Tage-287x300.jpg 287w, https:\/\/collies-vom-floersbachtal.de\/cms\/wp-content\/uploads\/2025\/07\/Alle3-Maedels3-Juli25-Tara-und-Mina-evtl.tragend-21-Tage-768x804.jpg 768w, https:\/\/collies-vom-floersbachtal.de\/cms\/wp-content\/uploads\/2025\/07\/Alle3-Maedels3-Juli25-Tara-und-Mina-evtl.tragend-21-Tage-1467x1536.jpg 1467w, https:\/\/collies-vom-floersbachtal.de\/cms\/wp-content\/uploads\/2025\/07\/Alle3-Maedels3-Juli25-Tara-und-Mina-evtl.tragend-21-Tage-1956x2048.jpg 1956w\" sizes=\"auto, (max-width: 978px) 100vw, 978px\" \/><\/a><\/figure>\n\n\n\n<figure class=\"wp-block-image size-large\"><a href=\"https:\/\/collies-vom-floersbachtal.de\/cms\/wp-content\/uploads\/2025\/07\/Alle4-Maedels1-Juli25.jpg\"><img loading=\"lazy\" decoding=\"async\" width=\"1000\" height=\"421\" data-id=\"51066\" src=\"https:\/\/collies-vom-floersbachtal.de\/cms\/wp-content\/uploads\/2025\/07\/Alle4-Maedels1-Juli25.jpg\" alt=\"\" class=\"wp-image-51066\" srcset=\"https:\/\/collies-vom-floersbachtal.de\/cms\/wp-content\/uploads\/2025\/07\/Alle4-Maedels1-Juli25.jpg 1000w, https:\/\/collies-vom-floersbachtal.de\/cms\/wp-content\/uploads\/2025\/07\/Alle4-Maedels1-Juli25-300x126.jpg 300w, https:\/\/collies-vom-floersbachtal.de\/cms\/wp-content\/uploads\/2025\/07\/Alle4-Maedels1-Juli25-768x323.jpg 768w\" sizes=\"auto, (max-width: 1000px) 100vw, 1000px\" \/><\/a><\/figure>\n<\/figure>\n\n\n\n<figure class=\"wp-block-gallery has-nested-images columns-default is-cropped wp-block-gallery-17 is-layout-flex wp-block-gallery-is-layout-flex\">\n<figure class=\"wp-block-image size-large is-style-rounded\"><a href=\"https:\/\/collies-vom-floersbachtal.de\/cms\/wp-content\/uploads\/2025\/07\/Mina-und-Linny1-Juli25-Mina-evtl.tragend.jpg\"><img loading=\"lazy\" decoding=\"async\" width=\"933\" height=\"1024\" data-id=\"51072\" src=\"https:\/\/collies-vom-floersbachtal.de\/cms\/wp-content\/uploads\/2025\/07\/Mina-und-Linny1-Juli25-Mina-evtl.tragend-933x1024.jpg\" alt=\"\" class=\"wp-image-51072\" srcset=\"https:\/\/collies-vom-floersbachtal.de\/cms\/wp-content\/uploads\/2025\/07\/Mina-und-Linny1-Juli25-Mina-evtl.tragend-933x1024.jpg 933w, https:\/\/collies-vom-floersbachtal.de\/cms\/wp-content\/uploads\/2025\/07\/Mina-und-Linny1-Juli25-Mina-evtl.tragend-273x300.jpg 273w, https:\/\/collies-vom-floersbachtal.de\/cms\/wp-content\/uploads\/2025\/07\/Mina-und-Linny1-Juli25-Mina-evtl.tragend-768x843.jpg 768w, https:\/\/collies-vom-floersbachtal.de\/cms\/wp-content\/uploads\/2025\/07\/Mina-und-Linny1-Juli25-Mina-evtl.tragend.jpg 1000w\" sizes=\"auto, (max-width: 933px) 100vw, 933px\" \/><\/a><\/figure>\n<\/figure>\n\n\n\n<figure class=\"wp-block-gallery has-nested-images columns-default is-cropped wp-block-gallery-18 is-layout-flex wp-block-gallery-is-layout-flex\">\n<figure class=\"wp-block-image size-large is-style-rounded\"><a href=\"https:\/\/collies-vom-floersbachtal.de\/cms\/wp-content\/uploads\/2025\/07\/Mina4-Juli25-evtl.-tragend.jpg\"><img loading=\"lazy\" decoding=\"async\" width=\"817\" height=\"1024\" data-id=\"51070\" src=\"https:\/\/collies-vom-floersbachtal.de\/cms\/wp-content\/uploads\/2025\/07\/Mina4-Juli25-evtl.-tragend-817x1024.jpg\" alt=\"\" class=\"wp-image-51070\" srcset=\"https:\/\/collies-vom-floersbachtal.de\/cms\/wp-content\/uploads\/2025\/07\/Mina4-Juli25-evtl.-tragend-817x1024.jpg 817w, https:\/\/collies-vom-floersbachtal.de\/cms\/wp-content\/uploads\/2025\/07\/Mina4-Juli25-evtl.-tragend-239x300.jpg 239w, https:\/\/collies-vom-floersbachtal.de\/cms\/wp-content\/uploads\/2025\/07\/Mina4-Juli25-evtl.-tragend-768x962.jpg 768w, https:\/\/collies-vom-floersbachtal.de\/cms\/wp-content\/uploads\/2025\/07\/Mina4-Juli25-evtl.-tragend.jpg 1000w\" sizes=\"auto, (max-width: 817px) 100vw, 817px\" \/><\/a><\/figure>\n<\/figure>\n\n\n\n<figure class=\"wp-block-gallery has-nested-images columns-default is-cropped wp-block-gallery-19 is-layout-flex wp-block-gallery-is-layout-flex\">\n<figure class=\"wp-block-image size-large is-style-rounded\"><a href=\"https:\/\/collies-vom-floersbachtal.de\/cms\/wp-content\/uploads\/2025\/07\/Mina5-Juli25-evtl.-tragend.jpg\"><img loading=\"lazy\" decoding=\"async\" width=\"1000\" height=\"933\" data-id=\"51073\" src=\"https:\/\/collies-vom-floersbachtal.de\/cms\/wp-content\/uploads\/2025\/07\/Mina5-Juli25-evtl.-tragend.jpg\" alt=\"\" class=\"wp-image-51073\" srcset=\"https:\/\/collies-vom-floersbachtal.de\/cms\/wp-content\/uploads\/2025\/07\/Mina5-Juli25-evtl.-tragend.jpg 1000w, https:\/\/collies-vom-floersbachtal.de\/cms\/wp-content\/uploads\/2025\/07\/Mina5-Juli25-evtl.-tragend-300x280.jpg 300w, https:\/\/collies-vom-floersbachtal.de\/cms\/wp-content\/uploads\/2025\/07\/Mina5-Juli25-evtl.-tragend-768x717.jpg 768w\" sizes=\"auto, (max-width: 1000px) 100vw, 1000px\" \/><\/a><\/figure>\n<\/figure>\n\n\n\n<p><strong>25.06.25<\/strong> Hallo ihr Lieben Leser und Mitfieberer. Wenn alles nach Plan l\u00e4uft, dann sind die M\u00e4dels heute am 10. Tag nach der Bedeckung und das w\u00fcrde dann so in etwa aussehen \ud83d\ude09 <\/p>\n\n\n\n<figure class=\"wp-block-image size-large\"><a href=\"https:\/\/collies-vom-floersbachtal.de\/cms\/wp-content\/uploads\/2025\/06\/Traechtigkeitstage-O-und-P-Wurf1-scaled.jpg\"><img loading=\"lazy\" decoding=\"async\" width=\"1024\" height=\"221\" src=\"https:\/\/collies-vom-floersbachtal.de\/cms\/wp-content\/uploads\/2025\/06\/Traechtigkeitstage-O-und-P-Wurf1-1024x221.jpg\" alt=\"\" class=\"wp-image-50895\" srcset=\"https:\/\/collies-vom-floersbachtal.de\/cms\/wp-content\/uploads\/2025\/06\/Traechtigkeitstage-O-und-P-Wurf1-1024x221.jpg 1024w, https:\/\/collies-vom-floersbachtal.de\/cms\/wp-content\/uploads\/2025\/06\/Traechtigkeitstage-O-und-P-Wurf1-300x65.jpg 300w, https:\/\/collies-vom-floersbachtal.de\/cms\/wp-content\/uploads\/2025\/06\/Traechtigkeitstage-O-und-P-Wurf1-768x166.jpg 768w, https:\/\/collies-vom-floersbachtal.de\/cms\/wp-content\/uploads\/2025\/06\/Traechtigkeitstage-O-und-P-Wurf1-1536x332.jpg 1536w, https:\/\/collies-vom-floersbachtal.de\/cms\/wp-content\/uploads\/2025\/06\/Traechtigkeitstage-O-und-P-Wurf1-2048x443.jpg 2048w\" sizes=\"auto, (max-width: 1024px) 100vw, 1024px\" \/><\/a><\/figure>\n\n\n\n<p>Wenn ihr schauen wollt, was evtl. in unserem Bauch so passiert, dann k\u00f6nnt ihr hier schauen: <a href=\"https:\/\/collies-vom-floersbachtal.de\/?page_id=10275\"><\/a><a href=\"https:\/\/collies-vom-floersbachtal.de\/?page_id=10275\"><strong>Vorgeburtliche Entwicklung der Welpen<\/strong><\/a>.<\/p>\n\n\n\n<p>Ansonsten passiert hier noch nicht wirklich viel, sie schlafen sehr viel,  was aber v\u00f6llig normal ist bei der Hitze.  Zum Gl\u00fcck mag ich es sch\u00f6n k\u00fchl im Haus, was die M\u00e4dels ebenfalls genie\u00dfen. Um allen gerecht zu werden gehe ich immer in 2er Gruppen Gassi, so kann ich mich um die Erziehung der J\u00fcngsten am besten k\u00fcmmern und jeder bekommt so seine Aufmerksamkeit. Mina ist auch sehr ruhig geworden, ob das nun mit einer Tr\u00e4chtigkeit zusammen h\u00e4ngt kann ich nat\u00fcrlich noch nicht sagen. Verfressen sind beide Damen. Aber die J\u00fcngste im Bilde klein Linny ebenso, da mu\u00df ich immer seeeehr aufpassen, dass sie nicht an Jana\u00b4s Futter geht, da diese etwas schn\u00e4ubiger ist. An den Gewichten hat sich zum Gl\u00fcck noch nichts ver\u00e4ndert, w\u00e4re auch viel zu fr\u00fch. Aber Mina schnuppert sehr an Mama Tara. Wir m\u00fcssen weiter warten, wir sind ja auch erst in der 2. Woche, wenn alles nach Plan geht. Daher bitte sch\u00f6n weiter die Daumen dr\u00fccken. Liebe Gr\u00fc\u00dfe Susanne und die M\u00e4dels \ud83d\ude42<\/p>\n\n\n\n<figure class=\"wp-block-gallery has-nested-images columns-default is-cropped wp-block-gallery-20 is-layout-flex wp-block-gallery-is-layout-flex\">\n<figure class=\"wp-block-image size-large\"><a href=\"https:\/\/collies-vom-floersbachtal.de\/cms\/wp-content\/uploads\/2025\/06\/Tara-und-Linny1-Mai25-1.jpg\"><img loading=\"lazy\" decoding=\"async\" width=\"1000\" height=\"612\" data-id=\"50897\" src=\"https:\/\/collies-vom-floersbachtal.de\/cms\/wp-content\/uploads\/2025\/06\/Tara-und-Linny1-Mai25-1.jpg\" alt=\"\" class=\"wp-image-50897\" srcset=\"https:\/\/collies-vom-floersbachtal.de\/cms\/wp-content\/uploads\/2025\/06\/Tara-und-Linny1-Mai25-1.jpg 1000w, https:\/\/collies-vom-floersbachtal.de\/cms\/wp-content\/uploads\/2025\/06\/Tara-und-Linny1-Mai25-1-300x184.jpg 300w, https:\/\/collies-vom-floersbachtal.de\/cms\/wp-content\/uploads\/2025\/06\/Tara-und-Linny1-Mai25-1-768x470.jpg 768w\" sizes=\"auto, (max-width: 1000px) 100vw, 1000px\" \/><\/a><\/figure>\n\n\n\n<figure class=\"wp-block-image size-large\"><a href=\"https:\/\/collies-vom-floersbachtal.de\/cms\/wp-content\/uploads\/2025\/06\/Tara1-Juni25-evtl.10.-Tag.jpg\"><img loading=\"lazy\" decoding=\"async\" width=\"700\" height=\"917\" data-id=\"50896\" src=\"https:\/\/collies-vom-floersbachtal.de\/cms\/wp-content\/uploads\/2025\/06\/Tara1-Juni25-evtl.10.-Tag.jpg\" alt=\"\" class=\"wp-image-50896\" srcset=\"https:\/\/collies-vom-floersbachtal.de\/cms\/wp-content\/uploads\/2025\/06\/Tara1-Juni25-evtl.10.-Tag.jpg 700w, https:\/\/collies-vom-floersbachtal.de\/cms\/wp-content\/uploads\/2025\/06\/Tara1-Juni25-evtl.10.-Tag-229x300.jpg 229w\" sizes=\"auto, (max-width: 700px) 100vw, 700px\" \/><\/a><\/figure>\n\n\n\n<figure class=\"wp-block-image size-large\"><a href=\"https:\/\/collies-vom-floersbachtal.de\/cms\/wp-content\/uploads\/2025\/06\/Mina-und-Linny1-evtl.4.-Tag.jpg\"><img loading=\"lazy\" decoding=\"async\" width=\"1000\" height=\"697\" data-id=\"50898\" src=\"https:\/\/collies-vom-floersbachtal.de\/cms\/wp-content\/uploads\/2025\/06\/Mina-und-Linny1-evtl.4.-Tag.jpg\" alt=\"\" class=\"wp-image-50898\" srcset=\"https:\/\/collies-vom-floersbachtal.de\/cms\/wp-content\/uploads\/2025\/06\/Mina-und-Linny1-evtl.4.-Tag.jpg 1000w, https:\/\/collies-vom-floersbachtal.de\/cms\/wp-content\/uploads\/2025\/06\/Mina-und-Linny1-evtl.4.-Tag-300x209.jpg 300w, https:\/\/collies-vom-floersbachtal.de\/cms\/wp-content\/uploads\/2025\/06\/Mina-und-Linny1-evtl.4.-Tag-768x535.jpg 768w\" sizes=\"auto, (max-width: 1000px) 100vw, 1000px\" \/><\/a><\/figure>\n\n\n\n<figure class=\"wp-block-image size-large\"><a href=\"https:\/\/collies-vom-floersbachtal.de\/cms\/wp-content\/uploads\/2025\/06\/Mina-und-Linny1-evtl.9.-Tag.jpg\"><img loading=\"lazy\" decoding=\"async\" width=\"1000\" height=\"563\" data-id=\"50903\" src=\"https:\/\/collies-vom-floersbachtal.de\/cms\/wp-content\/uploads\/2025\/06\/Mina-und-Linny1-evtl.9.-Tag.jpg\" alt=\"\" class=\"wp-image-50903\" srcset=\"https:\/\/collies-vom-floersbachtal.de\/cms\/wp-content\/uploads\/2025\/06\/Mina-und-Linny1-evtl.9.-Tag.jpg 1000w, https:\/\/collies-vom-floersbachtal.de\/cms\/wp-content\/uploads\/2025\/06\/Mina-und-Linny1-evtl.9.-Tag-300x169.jpg 300w, https:\/\/collies-vom-floersbachtal.de\/cms\/wp-content\/uploads\/2025\/06\/Mina-und-Linny1-evtl.9.-Tag-768x432.jpg 768w\" sizes=\"auto, (max-width: 1000px) 100vw, 1000px\" \/><\/a><\/figure>\n\n\n\n<figure class=\"wp-block-image size-large\"><a href=\"https:\/\/collies-vom-floersbachtal.de\/cms\/wp-content\/uploads\/2025\/06\/Mina-und-Mama1-Mai25-3.jpg\"><img loading=\"lazy\" decoding=\"async\" width=\"1000\" height=\"756\" data-id=\"50901\" src=\"https:\/\/collies-vom-floersbachtal.de\/cms\/wp-content\/uploads\/2025\/06\/Mina-und-Mama1-Mai25-3.jpg\" alt=\"\" class=\"wp-image-50901\" srcset=\"https:\/\/collies-vom-floersbachtal.de\/cms\/wp-content\/uploads\/2025\/06\/Mina-und-Mama1-Mai25-3.jpg 1000w, https:\/\/collies-vom-floersbachtal.de\/cms\/wp-content\/uploads\/2025\/06\/Mina-und-Mama1-Mai25-3-300x227.jpg 300w, https:\/\/collies-vom-floersbachtal.de\/cms\/wp-content\/uploads\/2025\/06\/Mina-und-Mama1-Mai25-3-768x581.jpg 768w\" sizes=\"auto, (max-width: 1000px) 100vw, 1000px\" \/><\/a><\/figure>\n\n\n\n<figure class=\"wp-block-image size-large\"><a href=\"https:\/\/collies-vom-floersbachtal.de\/cms\/wp-content\/uploads\/2025\/06\/Mina1-gedeckt-und-Linny-1-scaled.jpg\"><img loading=\"lazy\" decoding=\"async\" width=\"1024\" height=\"757\" data-id=\"50902\" src=\"https:\/\/collies-vom-floersbachtal.de\/cms\/wp-content\/uploads\/2025\/06\/Mina1-gedeckt-und-Linny-1-1024x757.jpg\" alt=\"\" class=\"wp-image-50902\" srcset=\"https:\/\/collies-vom-floersbachtal.de\/cms\/wp-content\/uploads\/2025\/06\/Mina1-gedeckt-und-Linny-1-1024x757.jpg 1024w, https:\/\/collies-vom-floersbachtal.de\/cms\/wp-content\/uploads\/2025\/06\/Mina1-gedeckt-und-Linny-1-300x222.jpg 300w, https:\/\/collies-vom-floersbachtal.de\/cms\/wp-content\/uploads\/2025\/06\/Mina1-gedeckt-und-Linny-1-768x568.jpg 768w, https:\/\/collies-vom-floersbachtal.de\/cms\/wp-content\/uploads\/2025\/06\/Mina1-gedeckt-und-Linny-1-1536x1136.jpg 1536w, https:\/\/collies-vom-floersbachtal.de\/cms\/wp-content\/uploads\/2025\/06\/Mina1-gedeckt-und-Linny-1-2048x1515.jpg 2048w\" sizes=\"auto, (max-width: 1024px) 100vw, 1024px\" \/><\/a><\/figure>\n\n\n\n<figure class=\"wp-block-image size-large is-style-rounded\"><a href=\"https:\/\/collies-vom-floersbachtal.de\/cms\/wp-content\/uploads\/2025\/06\/Mina2-evtl.4-.-Tag.jpg\"><img loading=\"lazy\" decoding=\"async\" width=\"1000\" height=\"977\" data-id=\"50899\" src=\"https:\/\/collies-vom-floersbachtal.de\/cms\/wp-content\/uploads\/2025\/06\/Mina2-evtl.4-.-Tag.jpg\" alt=\"\" class=\"wp-image-50899\" srcset=\"https:\/\/collies-vom-floersbachtal.de\/cms\/wp-content\/uploads\/2025\/06\/Mina2-evtl.4-.-Tag.jpg 1000w, https:\/\/collies-vom-floersbachtal.de\/cms\/wp-content\/uploads\/2025\/06\/Mina2-evtl.4-.-Tag-300x293.jpg 300w, https:\/\/collies-vom-floersbachtal.de\/cms\/wp-content\/uploads\/2025\/06\/Mina2-evtl.4-.-Tag-768x750.jpg 768w\" sizes=\"auto, (max-width: 1000px) 100vw, 1000px\" \/><\/a><\/figure>\n<\/figure>\n\n\n\n<h1 class=\"wp-block-heading\"><strong>Updates vom 16.06.2025:<\/strong><\/h1>\n\n\n\n<p>Ich berichte jetzt mal von beiden Verpaarungen, aber alles der Reihe nach.  Als wir bei Marley ankamen, nach ca. 2 Stunden Fahrzeit, ging alles ganz schnell, Marley roch Tara schon durch die geschlossene T\u00fcr und wir konnten gar nicht so schnell gucken, wie die beiden Hochzeit hielten. (35 Minuten dauerte sie) Vor lauter \u00dcberraschung hatten wir vergessen die beiden zu fotografieren aber meine Freundin Ilona hat mir eine s\u00fc\u00dfe Collage erstellt. Guckst du:<\/p>\n\n\n\n<figure class=\"wp-block-image size-large\"><a href=\"https:\/\/collies-vom-floersbachtal.de\/cms\/wp-content\/uploads\/2025\/06\/Tara-und-Marley-Collage1.jpg\"><img loading=\"lazy\" decoding=\"async\" width=\"789\" height=\"1024\" src=\"https:\/\/collies-vom-floersbachtal.de\/cms\/wp-content\/uploads\/2025\/06\/Tara-und-Marley-Collage1-789x1024.jpg\" alt=\"\" class=\"wp-image-50832\" srcset=\"https:\/\/collies-vom-floersbachtal.de\/cms\/wp-content\/uploads\/2025\/06\/Tara-und-Marley-Collage1-789x1024.jpg 789w, https:\/\/collies-vom-floersbachtal.de\/cms\/wp-content\/uploads\/2025\/06\/Tara-und-Marley-Collage1-231x300.jpg 231w, https:\/\/collies-vom-floersbachtal.de\/cms\/wp-content\/uploads\/2025\/06\/Tara-und-Marley-Collage1-768x997.jpg 768w, https:\/\/collies-vom-floersbachtal.de\/cms\/wp-content\/uploads\/2025\/06\/Tara-und-Marley-Collage1.jpg 908w\" sizes=\"auto, (max-width: 789px) 100vw, 789px\" \/><\/a><\/figure>\n\n\n\n<p>Tara\u00b4s Ma\u00dfe habe ich Zuhause dann auch schnell gemessen und morgens hatte ich sie ja noch gewogen als wir beim Tierarzt waren. Sie hat an den <strong>Rippen 75 cm und an der Taille 58 cm ihr Gewicht sind 26 kg. <\/strong>Also genau wie vor der letzten Verpaarung der M-chens. \ud83d\ude00<\/p>\n\n\n\n<p>Hier werde ich am 14.07.25 zum Schallen fahren, bitte ganz fest die Daumen dr\u00fccken das wir hier eine tolle Wurfwiederholung bekommen. \ud83d\ude42<\/p>\n\n\n\n<p>Danach sind wir dann zu Mina\u00b4s Br\u00e4utigam in den Westerwald gefahren. Auch hier war die Begeisterung auf beiden Seiten sehr gro\u00df, aber aus welchen Gr\u00fcnden auch immer und viel M\u00fche seitens des Br\u00e4utigams, sowie einer sehr lieben, geduldigen Mina wollte es nicht so wirklich klappen. Wir lassen uns auch hier \u00fcberraschen und dr\u00fccken die Daumen. Von Mina habe ich ebenfalls die Daten aufgeschrieben, damit wir alles vergleichen k\u00f6nnen, sollte sie Kr\u00fcmel erwarten. Ihre Ma\u00dfe sind <strong>Rippen 68 cm und Taille 50 cm und sie wiegt 19,6 kg.<\/strong><\/p>\n\n\n\n<p>Auch hier hat meine Freundin eine Fotocollage von den beiden erstellt. Und nat\u00fcrlich werde ich auch am 14.07.25 mit Mina zum Schallen fahren. Es wird eine harte Wartezeit wie ich mich kenne. Aber da m\u00fcssen wir jetzt alle durch \ud83d\ude00<\/p>\n\n\n\n<p>PS. Sollte es bei beiden geklappt haben, dann wird Mina nat\u00fcrlich ein eigenes Tr\u00e4chtigkeitstagebuch bekommen unter:<strong> Tr\u00e4chtigkeitstagebuch P &#8211; Wurf<\/strong> .   <\/p>\n\n\n\n<p>Liebe Gr\u00fc\u00dfe wir melden uns wenn es Neuigkeiten gibt. Auf Fraulis Status in WhatApp k\u00f6nnt ihr immer neue Fotos sehen. LG. Tara &amp; Mina \ud83d\ude00<\/p>\n","protected":false},"excerpt":{"rendered":"<p>17.08.25 ( 63. Tag) Huhu, hier kommt der Nachtrag von meinem ereignisreichen O-Wurf. Also die Senkwehen hatten mich genauso wieder im Griff \u00fcber 2 Tage, aber frauli wollte sich nicht damit abgeben evtl. wieder einen Kaiserschnitt zu riskieren und daher &hellip; <a href=\"https:\/\/collies-vom-floersbachtal.de\/?page_id=47241\">Weiterlesen <span class=\"meta-nav\">&rarr;<\/span><\/a><\/p>\n","protected":false},"author":1,"featured_media":0,"parent":0,"menu_order":0,"comment_status":"closed","ping_status":"closed","template":"","meta":{"footnotes":""},"class_list":["post-47241","page","type-page","status-publish","hentry"],"_links":{"self":[{"href":"https:\/\/collies-vom-floersbachtal.de\/index.php?rest_route=\/wp\/v2\/pages\/47241","targetHints":{"allow":["GET"]}}],"collection":[{"href":"https:\/\/collies-vom-floersbachtal.de\/index.php?rest_route=\/wp\/v2\/pages"}],"about":[{"href":"https:\/\/collies-vom-floersbachtal.de\/index.php?rest_route=\/wp\/v2\/types\/page"}],"author":[{"embeddable":true,"href":"https:\/\/collies-vom-floersbachtal.de\/index.php?rest_route=\/wp\/v2\/users\/1"}],"replies":[{"embeddable":true,"href":"https:\/\/collies-vom-floersbachtal.de\/index.php?rest_route=%2Fwp%2Fv2%2Fcomments&post=47241"}],"version-history":[{"count":109,"href":"https:\/\/collies-vom-floersbachtal.de\/index.php?rest_route=\/wp\/v2\/pages\/47241\/revisions"}],"predecessor-version":[{"id":51769,"href":"https:\/\/collies-vom-floersbachtal.de\/index.php?rest_route=\/wp\/v2\/pages\/47241\/revisions\/51769"}],"wp:attachment":[{"href":"https:\/\/collies-vom-floersbachtal.de\/index.php?rest_route=%2Fwp%2Fv2%2Fmedia&parent=47241"}],"curies":[{"name":"wp","href":"https:\/\/api.w.org\/{rel}","templated":true}]}}