{"id":45276,"date":"2024-03-04T12:25:53","date_gmt":"2024-03-04T12:25:53","guid":{"rendered":"https:\/\/collies-vom-floersbachtal.de\/?page_id=45276"},"modified":"2025-09-10T12:05:04","modified_gmt":"2025-09-10T12:05:04","slug":"welpen-n-wurf-2","status":"publish","type":"page","link":"https:\/\/collies-vom-floersbachtal.de\/?page_id=45276","title":{"rendered":"Welpen N &#8211; Wurf"},"content":{"rendered":"\n<h1 class=\"wp-block-heading\"><strong>Februar 2025 eine aktuelle Collage von den N-chens mit 10 Monaten \ud83d\ude42<\/strong><\/h1>\n\n\n\n<figure class=\"wp-block-image size-large\"><a href=\"https:\/\/collies-vom-floersbachtal.de\/cms\/wp-content\/uploads\/2025\/03\/Alle-N-chens1-mit-10-Monaten.jpg\"><img loading=\"lazy\" decoding=\"async\" width=\"958\" height=\"1024\" src=\"https:\/\/collies-vom-floersbachtal.de\/cms\/wp-content\/uploads\/2025\/03\/Alle-N-chens1-mit-10-Monaten-958x1024.jpg\" alt=\"\" class=\"wp-image-49230\" srcset=\"https:\/\/collies-vom-floersbachtal.de\/cms\/wp-content\/uploads\/2025\/03\/Alle-N-chens1-mit-10-Monaten-958x1024.jpg 958w, https:\/\/collies-vom-floersbachtal.de\/cms\/wp-content\/uploads\/2025\/03\/Alle-N-chens1-mit-10-Monaten-281x300.jpg 281w, https:\/\/collies-vom-floersbachtal.de\/cms\/wp-content\/uploads\/2025\/03\/Alle-N-chens1-mit-10-Monaten-768x821.jpg 768w, https:\/\/collies-vom-floersbachtal.de\/cms\/wp-content\/uploads\/2025\/03\/Alle-N-chens1-mit-10-Monaten.jpg 1000w\" sizes=\"auto, (max-width: 958px) 100vw, 958px\" \/><\/a><\/figure>\n\n\n\n<p><strong>Was f\u00fcr eine Erleichterung nach dem letzten turbolenten Jahr bei uns, hat Jana mir einen wundersch\u00f6nen, gesunden  Wurf am 10.04.2024 geschenkt.<\/strong> <\/p>\n\n\n\n<p><strong>Es begann um 17:32 mit der einzigen Tricolor H\u00fcndin und endete um 22:22 mit der letzten Dark-Sable H\u00fcndin. Jana hat alles super alleine gemanagt und ist sehr stolz auf IHRE Kr\u00fcmel \ud83d\ude1b<\/strong><\/p>\n\n\n\n<p><strong>0\/1 Tricolor, 4\/2 Dark-Sable Kr\u00fcmel<\/strong><\/p>\n\n\n\n<h2 class=\"wp-block-heading\"><strong>Alle Kr\u00fcmel sind vergeben!<\/strong><\/h2>\n\n\n\n<p><strong>Die stolzen Eltern sind:<\/strong><\/p>\n\n\n\n<figure class=\"wp-block-image size-large\"><a href=\"https:\/\/collies-vom-floersbachtal.de\/cms\/wp-content\/uploads\/2024\/04\/Hochzeit-Jana-und-Rusty1-1.jpg\"><img loading=\"lazy\" decoding=\"async\" width=\"846\" height=\"1024\" src=\"https:\/\/collies-vom-floersbachtal.de\/cms\/wp-content\/uploads\/2024\/04\/Hochzeit-Jana-und-Rusty1-1-846x1024.jpg\" alt=\"\" class=\"wp-image-45821\" srcset=\"https:\/\/collies-vom-floersbachtal.de\/cms\/wp-content\/uploads\/2024\/04\/Hochzeit-Jana-und-Rusty1-1-846x1024.jpg 846w, https:\/\/collies-vom-floersbachtal.de\/cms\/wp-content\/uploads\/2024\/04\/Hochzeit-Jana-und-Rusty1-1-248x300.jpg 248w, https:\/\/collies-vom-floersbachtal.de\/cms\/wp-content\/uploads\/2024\/04\/Hochzeit-Jana-und-Rusty1-1-768x929.jpg 768w, https:\/\/collies-vom-floersbachtal.de\/cms\/wp-content\/uploads\/2024\/04\/Hochzeit-Jana-und-Rusty1-1.jpg 1000w\" sizes=\"auto, (max-width: 846px) 100vw, 846px\" \/><\/a><\/figure>\n\n\n\n<figure class=\"wp-block-image size-full is-resized\"><a href=\"https:\/\/collies-vom-floersbachtal.de\/cms\/wp-content\/uploads\/2024\/09\/Stammbaum-N-chens.jpg\"><img loading=\"lazy\" decoding=\"async\" width=\"1000\" height=\"1021\" src=\"https:\/\/collies-vom-floersbachtal.de\/cms\/wp-content\/uploads\/2024\/09\/Stammbaum-N-chens.jpg\" alt=\"\" class=\"wp-image-47951\" style=\"width:673px;height:auto\" srcset=\"https:\/\/collies-vom-floersbachtal.de\/cms\/wp-content\/uploads\/2024\/09\/Stammbaum-N-chens.jpg 1000w, https:\/\/collies-vom-floersbachtal.de\/cms\/wp-content\/uploads\/2024\/09\/Stammbaum-N-chens-294x300.jpg 294w, https:\/\/collies-vom-floersbachtal.de\/cms\/wp-content\/uploads\/2024\/09\/Stammbaum-N-chens-768x784.jpg 768w\" sizes=\"auto, (max-width: 1000px) 100vw, 1000px\" \/><\/a><figcaption class=\"wp-element-caption\">der Stammbaum der N-chens mit 62 Ahnen, \u00fcberarbeitet  von Salli<\/figcaption><\/figure>\n\n\n\n<figure class=\"wp-block-image size-full\"><a href=\"https:\/\/collies-vom-floersbachtal.de\/cms\/wp-content\/uploads\/2024\/04\/Mama-und-Kids5-2.-Woche.jpg\"><img loading=\"lazy\" decoding=\"async\" width=\"1000\" height=\"1005\" src=\"https:\/\/collies-vom-floersbachtal.de\/cms\/wp-content\/uploads\/2024\/04\/Mama-und-Kids5-2.-Woche.jpg\" alt=\"\" class=\"wp-image-45959\" srcset=\"https:\/\/collies-vom-floersbachtal.de\/cms\/wp-content\/uploads\/2024\/04\/Mama-und-Kids5-2.-Woche.jpg 1000w, https:\/\/collies-vom-floersbachtal.de\/cms\/wp-content\/uploads\/2024\/04\/Mama-und-Kids5-2.-Woche-150x150.jpg 150w, https:\/\/collies-vom-floersbachtal.de\/cms\/wp-content\/uploads\/2024\/04\/Mama-und-Kids5-2.-Woche-768x772.jpg 768w\" sizes=\"auto, (max-width: 1000px) 100vw, 1000px\" \/><\/a><figcaption class=\"wp-element-caption\"><strong>Mama mit den Kids 1 Woche alt<\/strong><\/figcaption><\/figure>\n\n\n\n<figure class=\"wp-block-image size-large\"><a href=\"https:\/\/collies-vom-floersbachtal.de\/cms\/wp-content\/uploads\/2024\/04\/Alle-da-und-Jana-muede3.jpg\"><img loading=\"lazy\" decoding=\"async\" width=\"796\" height=\"1024\" src=\"https:\/\/collies-vom-floersbachtal.de\/cms\/wp-content\/uploads\/2024\/04\/Alle-da-und-Jana-muede3-796x1024.jpg\" alt=\"\" class=\"wp-image-45822\" srcset=\"https:\/\/collies-vom-floersbachtal.de\/cms\/wp-content\/uploads\/2024\/04\/Alle-da-und-Jana-muede3-796x1024.jpg 796w, https:\/\/collies-vom-floersbachtal.de\/cms\/wp-content\/uploads\/2024\/04\/Alle-da-und-Jana-muede3-233x300.jpg 233w, https:\/\/collies-vom-floersbachtal.de\/cms\/wp-content\/uploads\/2024\/04\/Alle-da-und-Jana-muede3-768x988.jpg 768w, https:\/\/collies-vom-floersbachtal.de\/cms\/wp-content\/uploads\/2024\/04\/Alle-da-und-Jana-muede3.jpg 1000w\" sizes=\"auto, (max-width: 796px) 100vw, 796px\" \/><\/a><figcaption class=\"wp-element-caption\"><strong>Mama mit den Kr\u00fcmeln  nach der Geburt<\/strong><\/figcaption><\/figure>\n\n\n\n<figure class=\"wp-block-image size-large\"><a href=\"https:\/\/collies-vom-floersbachtal.de\/cms\/wp-content\/uploads\/2024\/04\/Alle-da1-mit-Namen.jpg\"><img loading=\"lazy\" decoding=\"async\" width=\"582\" height=\"1024\" src=\"https:\/\/collies-vom-floersbachtal.de\/cms\/wp-content\/uploads\/2024\/04\/Alle-da1-mit-Namen-582x1024.jpg\" alt=\"\" class=\"wp-image-45858\" srcset=\"https:\/\/collies-vom-floersbachtal.de\/cms\/wp-content\/uploads\/2024\/04\/Alle-da1-mit-Namen-582x1024.jpg 582w, https:\/\/collies-vom-floersbachtal.de\/cms\/wp-content\/uploads\/2024\/04\/Alle-da1-mit-Namen-170x300.jpg 170w, https:\/\/collies-vom-floersbachtal.de\/cms\/wp-content\/uploads\/2024\/04\/Alle-da1-mit-Namen-768x1352.jpg 768w, https:\/\/collies-vom-floersbachtal.de\/cms\/wp-content\/uploads\/2024\/04\/Alle-da1-mit-Namen-873x1536.jpg 873w, https:\/\/collies-vom-floersbachtal.de\/cms\/wp-content\/uploads\/2024\/04\/Alle-da1-mit-Namen.jpg 1009w\" sizes=\"auto, (max-width: 582px) 100vw, 582px\" \/><\/a><\/figure>\n\n\n\n<figure class=\"wp-block-image size-large\"><a href=\"https:\/\/collies-vom-floersbachtal.de\/cms\/wp-content\/uploads\/2024\/05\/Collage-mit-35-W.jpg\"><img loading=\"lazy\" decoding=\"async\" width=\"768\" height=\"1024\" src=\"https:\/\/collies-vom-floersbachtal.de\/cms\/wp-content\/uploads\/2024\/05\/Collage-mit-35-W-768x1024.jpg\" alt=\"\" class=\"wp-image-46237\" srcset=\"https:\/\/collies-vom-floersbachtal.de\/cms\/wp-content\/uploads\/2024\/05\/Collage-mit-35-W-768x1024.jpg 768w, https:\/\/collies-vom-floersbachtal.de\/cms\/wp-content\/uploads\/2024\/05\/Collage-mit-35-W-225x300.jpg 225w, https:\/\/collies-vom-floersbachtal.de\/cms\/wp-content\/uploads\/2024\/05\/Collage-mit-35-W.jpg 1000w\" sizes=\"auto, (max-width: 768px) 100vw, 768px\" \/><\/a><\/figure>\n\n\n\n<figure class=\"wp-block-image size-large is-resized\"><a href=\"https:\/\/collies-vom-floersbachtal.de\/cms\/wp-content\/uploads\/2024\/05\/Maedchen1-3-Wochen.jpg\"><img loading=\"lazy\" decoding=\"async\" width=\"768\" height=\"1024\" src=\"https:\/\/collies-vom-floersbachtal.de\/cms\/wp-content\/uploads\/2024\/05\/Maedchen1-3-Wochen-768x1024.jpg\" alt=\"\" class=\"wp-image-46234\" style=\"width:670px;height:auto\" srcset=\"https:\/\/collies-vom-floersbachtal.de\/cms\/wp-content\/uploads\/2024\/05\/Maedchen1-3-Wochen-768x1024.jpg 768w, https:\/\/collies-vom-floersbachtal.de\/cms\/wp-content\/uploads\/2024\/05\/Maedchen1-3-Wochen-225x300.jpg 225w, https:\/\/collies-vom-floersbachtal.de\/cms\/wp-content\/uploads\/2024\/05\/Maedchen1-3-Wochen.jpg 1000w\" sizes=\"auto, (max-width: 768px) 100vw, 768px\" \/><\/a><figcaption class=\"wp-element-caption\"><strong>Die M\u00e4dels mit 3 Wochen<\/strong><\/figcaption><\/figure>\n\n\n\n<figure class=\"wp-block-image size-large\"><a href=\"https:\/\/collies-vom-floersbachtal.de\/cms\/wp-content\/uploads\/2024\/05\/Jungs1-3-Wpchen.jpg\"><img loading=\"lazy\" decoding=\"async\" width=\"768\" height=\"1024\" src=\"https:\/\/collies-vom-floersbachtal.de\/cms\/wp-content\/uploads\/2024\/05\/Jungs1-3-Wpchen-768x1024.jpg\" alt=\"\" class=\"wp-image-46235\" srcset=\"https:\/\/collies-vom-floersbachtal.de\/cms\/wp-content\/uploads\/2024\/05\/Jungs1-3-Wpchen-768x1024.jpg 768w, https:\/\/collies-vom-floersbachtal.de\/cms\/wp-content\/uploads\/2024\/05\/Jungs1-3-Wpchen-225x300.jpg 225w, https:\/\/collies-vom-floersbachtal.de\/cms\/wp-content\/uploads\/2024\/05\/Jungs1-3-Wpchen.jpg 1000w\" sizes=\"auto, (max-width: 768px) 100vw, 768px\" \/><\/a><figcaption class=\"wp-element-caption\"><strong>Die Jungs mit 3 Wochen<\/strong><\/figcaption><\/figure>\n\n\n\n<figure class=\"wp-block-gallery has-nested-images columns-default is-cropped wp-block-gallery-1 is-layout-flex wp-block-gallery-is-layout-flex\">\n<figure class=\"wp-block-image size-large\"><a href=\"https:\/\/collies-vom-floersbachtal.de\/cms\/wp-content\/uploads\/2024\/04\/Rueden-Collage1-8-Tage.jpg\"><img loading=\"lazy\" decoding=\"async\" width=\"768\" height=\"1024\" data-id=\"46007\" src=\"https:\/\/collies-vom-floersbachtal.de\/cms\/wp-content\/uploads\/2024\/04\/Rueden-Collage1-8-Tage-768x1024.jpg\" alt=\"\" class=\"wp-image-46007\" srcset=\"https:\/\/collies-vom-floersbachtal.de\/cms\/wp-content\/uploads\/2024\/04\/Rueden-Collage1-8-Tage-768x1024.jpg 768w, https:\/\/collies-vom-floersbachtal.de\/cms\/wp-content\/uploads\/2024\/04\/Rueden-Collage1-8-Tage-225x300.jpg 225w, https:\/\/collies-vom-floersbachtal.de\/cms\/wp-content\/uploads\/2024\/04\/Rueden-Collage1-8-Tage.jpg 1000w\" sizes=\"auto, (max-width: 768px) 100vw, 768px\" \/><\/a><\/figure>\n\n\n\n<figure class=\"wp-block-image size-large\"><a href=\"https:\/\/collies-vom-floersbachtal.de\/cms\/wp-content\/uploads\/2024\/04\/Huendinnen-Collage-8.-Tag.jpg\"><img loading=\"lazy\" decoding=\"async\" width=\"768\" height=\"1024\" data-id=\"46008\" src=\"https:\/\/collies-vom-floersbachtal.de\/cms\/wp-content\/uploads\/2024\/04\/Huendinnen-Collage-8.-Tag-768x1024.jpg\" alt=\"\" class=\"wp-image-46008\" srcset=\"https:\/\/collies-vom-floersbachtal.de\/cms\/wp-content\/uploads\/2024\/04\/Huendinnen-Collage-8.-Tag-768x1024.jpg 768w, https:\/\/collies-vom-floersbachtal.de\/cms\/wp-content\/uploads\/2024\/04\/Huendinnen-Collage-8.-Tag-225x300.jpg 225w, https:\/\/collies-vom-floersbachtal.de\/cms\/wp-content\/uploads\/2024\/04\/Huendinnen-Collage-8.-Tag-1152x1536.jpg 1152w, https:\/\/collies-vom-floersbachtal.de\/cms\/wp-content\/uploads\/2024\/04\/Huendinnen-Collage-8.-Tag.jpg 1200w\" sizes=\"auto, (max-width: 768px) 100vw, 768px\" \/><\/a><\/figure>\n<\/figure>\n\n\n\n<p><strong>Alle gerade 8 Tage alt \ud83d\ude00<\/strong><\/p>\n\n\n\n<figure class=\"wp-block-image size-large\"><a href=\"https:\/\/collies-vom-floersbachtal.de\/cms\/wp-content\/uploads\/2024\/04\/Collage-Nchens-5-Tage-alt.jpg\"><img loading=\"lazy\" decoding=\"async\" width=\"768\" height=\"1024\" src=\"https:\/\/collies-vom-floersbachtal.de\/cms\/wp-content\/uploads\/2024\/04\/Collage-Nchens-5-Tage-alt-768x1024.jpg\" alt=\"\" class=\"wp-image-45960\" srcset=\"https:\/\/collies-vom-floersbachtal.de\/cms\/wp-content\/uploads\/2024\/04\/Collage-Nchens-5-Tage-alt-768x1024.jpg 768w, https:\/\/collies-vom-floersbachtal.de\/cms\/wp-content\/uploads\/2024\/04\/Collage-Nchens-5-Tage-alt-225x300.jpg 225w, https:\/\/collies-vom-floersbachtal.de\/cms\/wp-content\/uploads\/2024\/04\/Collage-Nchens-5-Tage-alt.jpg 1000w\" sizes=\"auto, (max-width: 768px) 100vw, 768px\" \/><\/a><\/figure>\n\n\n\n<p><strong>H\u00f6chstens 3 Tage alt \ud83d\ude42<\/strong><\/p>\n\n\n\n<p><strong>1. Welpe Nadira  (arab. die Wertvolle, die Seltene)     17:32 <strong>Uhr<\/strong>,     H\u00fcndin Tricolor\/White,     <strong>427 g<\/strong> g    (Widder, Aszendent Jungfrau, Deszendent Fische)<\/strong><\/p>\n\n\n\n<p><strong>Nadira zieht zu 3 weiteren Hunden nach Braunschweig zu Tina und Salli \ud83d\ude42<\/strong><\/p>\n\n\n\n<p><strong>AUSGEZOGEN am 08.06.24<\/strong><\/p>\n\n\n\n<p><strong>MDR1 +\/+,&nbsp; &nbsp; &nbsp; CEA +\/+, oder +\/-&nbsp; &nbsp;DM&nbsp; +\/+,&nbsp; &nbsp; &nbsp;GCS&nbsp; N\/N,&nbsp; &nbsp; &nbsp;PRA&nbsp; N\/N,&nbsp; &nbsp; DMS aa bb,<\/strong> <strong>Cc    <\/strong><\/p>\n\n\n\n<p><strong>05.06.24 Nadira 8 Wochen alt, 5840 g<\/strong><\/p>\n\n\n\n<figure class=\"wp-block-image size-full\"><a href=\"https:\/\/collies-vom-floersbachtal.de\/cms\/wp-content\/uploads\/2024\/06\/Nadira-Ulli7.jpg\"><img loading=\"lazy\" decoding=\"async\" width=\"1000\" height=\"667\" src=\"https:\/\/collies-vom-floersbachtal.de\/cms\/wp-content\/uploads\/2024\/06\/Nadira-Ulli7.jpg\" alt=\"\" class=\"wp-image-46777\" srcset=\"https:\/\/collies-vom-floersbachtal.de\/cms\/wp-content\/uploads\/2024\/06\/Nadira-Ulli7.jpg 1000w, https:\/\/collies-vom-floersbachtal.de\/cms\/wp-content\/uploads\/2024\/06\/Nadira-Ulli7-300x200.jpg 300w, https:\/\/collies-vom-floersbachtal.de\/cms\/wp-content\/uploads\/2024\/06\/Nadira-Ulli7-768x512.jpg 768w\" sizes=\"auto, (max-width: 1000px) 100vw, 1000px\" \/><\/a><\/figure>\n\n\n\n<p><strong>29.05.24 Nadira 7 Wochen alt, 4740 g<\/strong><\/p>\n\n\n\n<figure class=\"wp-block-image size-large\"><a href=\"https:\/\/collies-vom-floersbachtal.de\/cms\/wp-content\/uploads\/2024\/05\/Nadira-und-Neo1-7-W.jpg\"><img loading=\"lazy\" decoding=\"async\" width=\"576\" height=\"1024\" src=\"https:\/\/collies-vom-floersbachtal.de\/cms\/wp-content\/uploads\/2024\/05\/Nadira-und-Neo1-7-W-576x1024.jpg\" alt=\"\" class=\"wp-image-46692\" srcset=\"https:\/\/collies-vom-floersbachtal.de\/cms\/wp-content\/uploads\/2024\/05\/Nadira-und-Neo1-7-W-576x1024.jpg 576w, https:\/\/collies-vom-floersbachtal.de\/cms\/wp-content\/uploads\/2024\/05\/Nadira-und-Neo1-7-W-169x300.jpg 169w, https:\/\/collies-vom-floersbachtal.de\/cms\/wp-content\/uploads\/2024\/05\/Nadira-und-Neo1-7-W-768x1364.jpg 768w, https:\/\/collies-vom-floersbachtal.de\/cms\/wp-content\/uploads\/2024\/05\/Nadira-und-Neo1-7-W.jpg 800w\" sizes=\"auto, (max-width: 576px) 100vw, 576px\" \/><\/a><\/figure>\n\n\n\n<p><strong>22.05.24<\/strong> <strong>Nadira 6 Wochen alt, 4100 g<\/strong><\/p>\n\n\n\n<figure class=\"wp-block-image size-full\"><a href=\"https:\/\/collies-vom-floersbachtal.de\/cms\/wp-content\/uploads\/2024\/05\/Nadira7-55-W.jpg\"><img loading=\"lazy\" decoding=\"async\" width=\"1000\" height=\"1542\" src=\"https:\/\/collies-vom-floersbachtal.de\/cms\/wp-content\/uploads\/2024\/05\/Nadira7-55-W.jpg\" alt=\"\" class=\"wp-image-46486\" srcset=\"https:\/\/collies-vom-floersbachtal.de\/cms\/wp-content\/uploads\/2024\/05\/Nadira7-55-W.jpg 1000w, https:\/\/collies-vom-floersbachtal.de\/cms\/wp-content\/uploads\/2024\/05\/Nadira7-55-W-195x300.jpg 195w, https:\/\/collies-vom-floersbachtal.de\/cms\/wp-content\/uploads\/2024\/05\/Nadira7-55-W-664x1024.jpg 664w, https:\/\/collies-vom-floersbachtal.de\/cms\/wp-content\/uploads\/2024\/05\/Nadira7-55-W-768x1184.jpg 768w, https:\/\/collies-vom-floersbachtal.de\/cms\/wp-content\/uploads\/2024\/05\/Nadira7-55-W-996x1536.jpg 996w\" sizes=\"auto, (max-width: 1000px) 100vw, 1000px\" \/><\/a><\/figure>\n\n\n\n<p><strong>15.05.24 Nadira 5 Wochen alt, <\/strong> <strong>3120 g<\/strong><\/p>\n\n\n\n<figure class=\"wp-block-image size-full is-style-rounded\"><a href=\"https:\/\/collies-vom-floersbachtal.de\/cms\/wp-content\/uploads\/2024\/05\/Nadira1-5-W.jpg\"><img loading=\"lazy\" decoding=\"async\" width=\"800\" height=\"644\" src=\"https:\/\/collies-vom-floersbachtal.de\/cms\/wp-content\/uploads\/2024\/05\/Nadira1-5-W.jpg\" alt=\"\" class=\"wp-image-46390\" srcset=\"https:\/\/collies-vom-floersbachtal.de\/cms\/wp-content\/uploads\/2024\/05\/Nadira1-5-W.jpg 800w, https:\/\/collies-vom-floersbachtal.de\/cms\/wp-content\/uploads\/2024\/05\/Nadira1-5-W-300x242.jpg 300w, https:\/\/collies-vom-floersbachtal.de\/cms\/wp-content\/uploads\/2024\/05\/Nadira1-5-W-768x618.jpg 768w\" sizes=\"auto, (max-width: 800px) 100vw, 800px\" \/><\/a><\/figure>\n\n\n\n<figure class=\"wp-block-gallery has-nested-images columns-default is-cropped wp-block-gallery-2 is-layout-flex wp-block-gallery-is-layout-flex\">\n<figure class=\"wp-block-image size-large\"><a href=\"https:\/\/collies-vom-floersbachtal.de\/cms\/wp-content\/uploads\/2024\/05\/Nadira3-5-W.jpg\"><img loading=\"lazy\" decoding=\"async\" width=\"800\" height=\"832\" data-id=\"46392\" src=\"https:\/\/collies-vom-floersbachtal.de\/cms\/wp-content\/uploads\/2024\/05\/Nadira3-5-W.jpg\" alt=\"\" class=\"wp-image-46392\" srcset=\"https:\/\/collies-vom-floersbachtal.de\/cms\/wp-content\/uploads\/2024\/05\/Nadira3-5-W.jpg 800w, https:\/\/collies-vom-floersbachtal.de\/cms\/wp-content\/uploads\/2024\/05\/Nadira3-5-W-288x300.jpg 288w, https:\/\/collies-vom-floersbachtal.de\/cms\/wp-content\/uploads\/2024\/05\/Nadira3-5-W-768x799.jpg 768w\" sizes=\"auto, (max-width: 800px) 100vw, 800px\" \/><\/a><\/figure>\n\n\n\n<figure class=\"wp-block-image size-large\"><a href=\"https:\/\/collies-vom-floersbachtal.de\/cms\/wp-content\/uploads\/2024\/05\/Nadira2-5-W.jpg\"><img loading=\"lazy\" decoding=\"async\" width=\"800\" height=\"533\" data-id=\"46391\" src=\"https:\/\/collies-vom-floersbachtal.de\/cms\/wp-content\/uploads\/2024\/05\/Nadira2-5-W.jpg\" alt=\"\" class=\"wp-image-46391\" srcset=\"https:\/\/collies-vom-floersbachtal.de\/cms\/wp-content\/uploads\/2024\/05\/Nadira2-5-W.jpg 800w, https:\/\/collies-vom-floersbachtal.de\/cms\/wp-content\/uploads\/2024\/05\/Nadira2-5-W-300x200.jpg 300w, https:\/\/collies-vom-floersbachtal.de\/cms\/wp-content\/uploads\/2024\/05\/Nadira2-5-W-768x512.jpg 768w\" sizes=\"auto, (max-width: 800px) 100vw, 800px\" \/><\/a><\/figure>\n<\/figure>\n\n\n\n<p><strong>07.05.24 Nadira 4 Wochen alt, 2150 g<\/strong><\/p>\n\n\n\n<figure class=\"wp-block-image size-full is-style-rounded\"><a href=\"https:\/\/collies-vom-floersbachtal.de\/cms\/wp-content\/uploads\/2024\/05\/Nadira2-Besuch-von-Salli.jpg\"><img loading=\"lazy\" decoding=\"async\" width=\"800\" height=\"533\" src=\"https:\/\/collies-vom-floersbachtal.de\/cms\/wp-content\/uploads\/2024\/05\/Nadira2-Besuch-von-Salli.jpg\" alt=\"\" class=\"wp-image-46282\" srcset=\"https:\/\/collies-vom-floersbachtal.de\/cms\/wp-content\/uploads\/2024\/05\/Nadira2-Besuch-von-Salli.jpg 800w, https:\/\/collies-vom-floersbachtal.de\/cms\/wp-content\/uploads\/2024\/05\/Nadira2-Besuch-von-Salli-300x200.jpg 300w, https:\/\/collies-vom-floersbachtal.de\/cms\/wp-content\/uploads\/2024\/05\/Nadira2-Besuch-von-Salli-768x512.jpg 768w\" sizes=\"auto, (max-width: 800px) 100vw, 800px\" \/><\/a><\/figure>\n\n\n\n<p><strong>01.05.24 Nadira 3 Wochen alt,<\/strong> <strong>1604 g<\/strong><\/p>\n\n\n\n<figure class=\"wp-block-image size-full is-style-rounded\"><a href=\"https:\/\/collies-vom-floersbachtal.de\/cms\/wp-content\/uploads\/2024\/05\/Nadira1-3-Wochen-alr.jpg\"><img loading=\"lazy\" decoding=\"async\" width=\"1000\" height=\"961\" src=\"https:\/\/collies-vom-floersbachtal.de\/cms\/wp-content\/uploads\/2024\/05\/Nadira1-3-Wochen-alr.jpg\" alt=\"\" class=\"wp-image-46195\" srcset=\"https:\/\/collies-vom-floersbachtal.de\/cms\/wp-content\/uploads\/2024\/05\/Nadira1-3-Wochen-alr.jpg 1000w, https:\/\/collies-vom-floersbachtal.de\/cms\/wp-content\/uploads\/2024\/05\/Nadira1-3-Wochen-alr-300x288.jpg 300w, https:\/\/collies-vom-floersbachtal.de\/cms\/wp-content\/uploads\/2024\/05\/Nadira1-3-Wochen-alr-768x738.jpg 768w\" sizes=\"auto, (max-width: 1000px) 100vw, 1000px\" \/><\/a><\/figure>\n\n\n\n<figure class=\"wp-block-image size-full is-style-rounded\"><a href=\"https:\/\/collies-vom-floersbachtal.de\/cms\/wp-content\/uploads\/2024\/05\/Nadira1-20-Tag.jpg\"><img loading=\"lazy\" decoding=\"async\" width=\"1000\" height=\"879\" src=\"https:\/\/collies-vom-floersbachtal.de\/cms\/wp-content\/uploads\/2024\/05\/Nadira1-20-Tag.jpg\" alt=\"\" class=\"wp-image-46171\" srcset=\"https:\/\/collies-vom-floersbachtal.de\/cms\/wp-content\/uploads\/2024\/05\/Nadira1-20-Tag.jpg 1000w, https:\/\/collies-vom-floersbachtal.de\/cms\/wp-content\/uploads\/2024\/05\/Nadira1-20-Tag-300x264.jpg 300w, https:\/\/collies-vom-floersbachtal.de\/cms\/wp-content\/uploads\/2024\/05\/Nadira1-20-Tag-768x675.jpg 768w\" sizes=\"auto, (max-width: 1000px) 100vw, 1000px\" \/><\/a><\/figure>\n\n\n\n<figure class=\"wp-block-image size-large is-style-rounded\"><a href=\"https:\/\/collies-vom-floersbachtal.de\/cms\/wp-content\/uploads\/2024\/05\/Nadira1-3-Wochen.jpg\"><img loading=\"lazy\" decoding=\"async\" width=\"577\" height=\"1024\" src=\"https:\/\/collies-vom-floersbachtal.de\/cms\/wp-content\/uploads\/2024\/05\/Nadira1-3-Wochen-577x1024.jpg\" alt=\"\" class=\"wp-image-46172\" srcset=\"https:\/\/collies-vom-floersbachtal.de\/cms\/wp-content\/uploads\/2024\/05\/Nadira1-3-Wochen-577x1024.jpg 577w, https:\/\/collies-vom-floersbachtal.de\/cms\/wp-content\/uploads\/2024\/05\/Nadira1-3-Wochen-169x300.jpg 169w, https:\/\/collies-vom-floersbachtal.de\/cms\/wp-content\/uploads\/2024\/05\/Nadira1-3-Wochen-768x1364.jpg 768w, https:\/\/collies-vom-floersbachtal.de\/cms\/wp-content\/uploads\/2024\/05\/Nadira1-3-Wochen-865x1536.jpg 865w, https:\/\/collies-vom-floersbachtal.de\/cms\/wp-content\/uploads\/2024\/05\/Nadira1-3-Wochen.jpg 1000w\" sizes=\"auto, (max-width: 577px) 100vw, 577px\" \/><\/a><\/figure>\n\n\n\n<p><strong>24.04.24<\/strong> <strong>Nadira 2 Wochen alt,  1180 g<\/strong><\/p>\n\n\n\n<figure class=\"wp-block-image size-full is-style-rounded\"><a href=\"https:\/\/collies-vom-floersbachtal.de\/cms\/wp-content\/uploads\/2024\/04\/Nadira2-15-Tage.jpg\"><img loading=\"lazy\" decoding=\"async\" width=\"1000\" height=\"693\" src=\"https:\/\/collies-vom-floersbachtal.de\/cms\/wp-content\/uploads\/2024\/04\/Nadira2-15-Tage.jpg\" alt=\"\" class=\"wp-image-46104\" srcset=\"https:\/\/collies-vom-floersbachtal.de\/cms\/wp-content\/uploads\/2024\/04\/Nadira2-15-Tage.jpg 1000w, https:\/\/collies-vom-floersbachtal.de\/cms\/wp-content\/uploads\/2024\/04\/Nadira2-15-Tage-300x208.jpg 300w, https:\/\/collies-vom-floersbachtal.de\/cms\/wp-content\/uploads\/2024\/04\/Nadira2-15-Tage-768x532.jpg 768w\" sizes=\"auto, (max-width: 1000px) 100vw, 1000px\" \/><\/a><\/figure>\n\n\n\n<figure class=\"wp-block-gallery has-nested-images columns-default is-cropped wp-block-gallery-3 is-layout-flex wp-block-gallery-is-layout-flex\">\n<figure class=\"wp-block-image size-large is-style-rounded\"><a href=\"https:\/\/collies-vom-floersbachtal.de\/cms\/wp-content\/uploads\/2024\/04\/Nadira1-15-Tage.jpg\"><img loading=\"lazy\" decoding=\"async\" width=\"779\" height=\"1024\" data-id=\"46106\" src=\"https:\/\/collies-vom-floersbachtal.de\/cms\/wp-content\/uploads\/2024\/04\/Nadira1-15-Tage-779x1024.jpg\" alt=\"\" class=\"wp-image-46106\" srcset=\"https:\/\/collies-vom-floersbachtal.de\/cms\/wp-content\/uploads\/2024\/04\/Nadira1-15-Tage-779x1024.jpg 779w, https:\/\/collies-vom-floersbachtal.de\/cms\/wp-content\/uploads\/2024\/04\/Nadira1-15-Tage-228x300.jpg 228w, https:\/\/collies-vom-floersbachtal.de\/cms\/wp-content\/uploads\/2024\/04\/Nadira1-15-Tage-768x1009.jpg 768w, https:\/\/collies-vom-floersbachtal.de\/cms\/wp-content\/uploads\/2024\/04\/Nadira1-15-Tage.jpg 1000w\" sizes=\"auto, (max-width: 779px) 100vw, 779px\" \/><\/a><\/figure>\n<\/figure>\n\n\n\n<figure class=\"wp-block-gallery has-nested-images columns-default is-cropped wp-block-gallery-4 is-layout-flex wp-block-gallery-is-layout-flex\">\n<figure class=\"wp-block-image size-large\"><a href=\"https:\/\/collies-vom-floersbachtal.de\/cms\/wp-content\/uploads\/2024\/04\/Nadira1-2-Wochen.jpg\"><img loading=\"lazy\" decoding=\"async\" width=\"800\" height=\"886\" data-id=\"46054\" src=\"https:\/\/collies-vom-floersbachtal.de\/cms\/wp-content\/uploads\/2024\/04\/Nadira1-2-Wochen.jpg\" alt=\"\" class=\"wp-image-46054\" srcset=\"https:\/\/collies-vom-floersbachtal.de\/cms\/wp-content\/uploads\/2024\/04\/Nadira1-2-Wochen.jpg 800w, https:\/\/collies-vom-floersbachtal.de\/cms\/wp-content\/uploads\/2024\/04\/Nadira1-2-Wochen-271x300.jpg 271w, https:\/\/collies-vom-floersbachtal.de\/cms\/wp-content\/uploads\/2024\/04\/Nadira1-2-Wochen-768x851.jpg 768w\" sizes=\"auto, (max-width: 800px) 100vw, 800px\" \/><\/a><\/figure>\n\n\n\n<figure class=\"wp-block-image size-large\"><a href=\"https:\/\/collies-vom-floersbachtal.de\/cms\/wp-content\/uploads\/2024\/04\/Nadira2-2-Wochen.jpg\"><img loading=\"lazy\" decoding=\"async\" width=\"800\" height=\"739\" data-id=\"46056\" src=\"https:\/\/collies-vom-floersbachtal.de\/cms\/wp-content\/uploads\/2024\/04\/Nadira2-2-Wochen.jpg\" alt=\"\" class=\"wp-image-46056\" srcset=\"https:\/\/collies-vom-floersbachtal.de\/cms\/wp-content\/uploads\/2024\/04\/Nadira2-2-Wochen.jpg 800w, https:\/\/collies-vom-floersbachtal.de\/cms\/wp-content\/uploads\/2024\/04\/Nadira2-2-Wochen-300x277.jpg 300w, https:\/\/collies-vom-floersbachtal.de\/cms\/wp-content\/uploads\/2024\/04\/Nadira2-2-Wochen-768x709.jpg 768w\" sizes=\"auto, (max-width: 800px) 100vw, 800px\" \/><\/a><\/figure>\n\n\n\n<figure class=\"wp-block-image size-large\"><a href=\"https:\/\/collies-vom-floersbachtal.de\/cms\/wp-content\/uploads\/2024\/04\/Nadira3-2-Wochen.jpg\"><img loading=\"lazy\" decoding=\"async\" width=\"993\" height=\"1024\" data-id=\"46055\" src=\"https:\/\/collies-vom-floersbachtal.de\/cms\/wp-content\/uploads\/2024\/04\/Nadira3-2-Wochen-993x1024.jpg\" alt=\"\" class=\"wp-image-46055\" srcset=\"https:\/\/collies-vom-floersbachtal.de\/cms\/wp-content\/uploads\/2024\/04\/Nadira3-2-Wochen-993x1024.jpg 993w, https:\/\/collies-vom-floersbachtal.de\/cms\/wp-content\/uploads\/2024\/04\/Nadira3-2-Wochen-291x300.jpg 291w, https:\/\/collies-vom-floersbachtal.de\/cms\/wp-content\/uploads\/2024\/04\/Nadira3-2-Wochen-768x792.jpg 768w, https:\/\/collies-vom-floersbachtal.de\/cms\/wp-content\/uploads\/2024\/04\/Nadira3-2-Wochen.jpg 1000w\" sizes=\"auto, (max-width: 993px) 100vw, 993px\" \/><\/a><\/figure>\n\n\n\n<figure class=\"wp-block-image size-large\"><a href=\"https:\/\/collies-vom-floersbachtal.de\/cms\/wp-content\/uploads\/2024\/04\/Nadira5-2-Wochen.jpg\"><img loading=\"lazy\" decoding=\"async\" width=\"557\" height=\"1024\" data-id=\"46057\" src=\"https:\/\/collies-vom-floersbachtal.de\/cms\/wp-content\/uploads\/2024\/04\/Nadira5-2-Wochen-557x1024.jpg\" alt=\"\" class=\"wp-image-46057\" srcset=\"https:\/\/collies-vom-floersbachtal.de\/cms\/wp-content\/uploads\/2024\/04\/Nadira5-2-Wochen-557x1024.jpg 557w, https:\/\/collies-vom-floersbachtal.de\/cms\/wp-content\/uploads\/2024\/04\/Nadira5-2-Wochen-163x300.jpg 163w, https:\/\/collies-vom-floersbachtal.de\/cms\/wp-content\/uploads\/2024\/04\/Nadira5-2-Wochen-768x1411.jpg 768w, https:\/\/collies-vom-floersbachtal.de\/cms\/wp-content\/uploads\/2024\/04\/Nadira5-2-Wochen-836x1536.jpg 836w, https:\/\/collies-vom-floersbachtal.de\/cms\/wp-content\/uploads\/2024\/04\/Nadira5-2-Wochen.jpg 1000w\" sizes=\"auto, (max-width: 557px) 100vw, 557px\" \/><\/a><\/figure>\n<\/figure>\n\n\n\n<p><strong>17.04.2024   Nadira 1 Woche alt, 668 g<\/strong><\/p>\n\n\n\n<figure class=\"wp-block-image size-large is-style-rounded\"><a href=\"https:\/\/collies-vom-floersbachtal.de\/cms\/wp-content\/uploads\/2024\/04\/Nadira2-2.-Woche.jpg\"><img loading=\"lazy\" decoding=\"async\" width=\"975\" height=\"1024\" src=\"https:\/\/collies-vom-floersbachtal.de\/cms\/wp-content\/uploads\/2024\/04\/Nadira2-2.-Woche-975x1024.jpg\" alt=\"\" class=\"wp-image-45928\" srcset=\"https:\/\/collies-vom-floersbachtal.de\/cms\/wp-content\/uploads\/2024\/04\/Nadira2-2.-Woche-975x1024.jpg 975w, https:\/\/collies-vom-floersbachtal.de\/cms\/wp-content\/uploads\/2024\/04\/Nadira2-2.-Woche-286x300.jpg 286w, https:\/\/collies-vom-floersbachtal.de\/cms\/wp-content\/uploads\/2024\/04\/Nadira2-2.-Woche-768x806.jpg 768w, https:\/\/collies-vom-floersbachtal.de\/cms\/wp-content\/uploads\/2024\/04\/Nadira2-2.-Woche.jpg 1000w\" sizes=\"auto, (max-width: 975px) 100vw, 975px\" \/><\/a><\/figure>\n\n\n\n<figure class=\"wp-block-gallery has-nested-images columns-default is-cropped wp-block-gallery-5 is-layout-flex wp-block-gallery-is-layout-flex\">\n<figure class=\"wp-block-image size-large\"><a href=\"https:\/\/collies-vom-floersbachtal.de\/cms\/wp-content\/uploads\/2024\/04\/Nadira3-2.-Woche.jpg\"><img loading=\"lazy\" decoding=\"async\" width=\"909\" height=\"1024\" data-id=\"45930\" src=\"https:\/\/collies-vom-floersbachtal.de\/cms\/wp-content\/uploads\/2024\/04\/Nadira3-2.-Woche-909x1024.jpg\" alt=\"\" class=\"wp-image-45930\" srcset=\"https:\/\/collies-vom-floersbachtal.de\/cms\/wp-content\/uploads\/2024\/04\/Nadira3-2.-Woche-909x1024.jpg 909w, https:\/\/collies-vom-floersbachtal.de\/cms\/wp-content\/uploads\/2024\/04\/Nadira3-2.-Woche-266x300.jpg 266w, https:\/\/collies-vom-floersbachtal.de\/cms\/wp-content\/uploads\/2024\/04\/Nadira3-2.-Woche-768x865.jpg 768w, https:\/\/collies-vom-floersbachtal.de\/cms\/wp-content\/uploads\/2024\/04\/Nadira3-2.-Woche.jpg 1000w\" sizes=\"auto, (max-width: 909px) 100vw, 909px\" \/><\/a><\/figure>\n\n\n\n<figure class=\"wp-block-image size-large\"><a href=\"https:\/\/collies-vom-floersbachtal.de\/cms\/wp-content\/uploads\/2024\/04\/Nadira1-7-Tage.jpg\"><img loading=\"lazy\" decoding=\"async\" width=\"819\" height=\"1024\" data-id=\"45929\" src=\"https:\/\/collies-vom-floersbachtal.de\/cms\/wp-content\/uploads\/2024\/04\/Nadira1-7-Tage-819x1024.jpg\" alt=\"\" class=\"wp-image-45929\" srcset=\"https:\/\/collies-vom-floersbachtal.de\/cms\/wp-content\/uploads\/2024\/04\/Nadira1-7-Tage-819x1024.jpg 819w, https:\/\/collies-vom-floersbachtal.de\/cms\/wp-content\/uploads\/2024\/04\/Nadira1-7-Tage-240x300.jpg 240w, https:\/\/collies-vom-floersbachtal.de\/cms\/wp-content\/uploads\/2024\/04\/Nadira1-7-Tage-768x960.jpg 768w, https:\/\/collies-vom-floersbachtal.de\/cms\/wp-content\/uploads\/2024\/04\/Nadira1-7-Tage.jpg 1000w\" sizes=\"auto, (max-width: 819px) 100vw, 819px\" \/><\/a><\/figure>\n<\/figure>\n\n\n\n<figure class=\"wp-block-image size-full\"><a href=\"https:\/\/collies-vom-floersbachtal.de\/cms\/wp-content\/uploads\/2024\/04\/1.-Maedel-in-trico1-1.jpg\"><img loading=\"lazy\" decoding=\"async\" width=\"1000\" height=\"563\" src=\"https:\/\/collies-vom-floersbachtal.de\/cms\/wp-content\/uploads\/2024\/04\/1.-Maedel-in-trico1-1.jpg\" alt=\"\" class=\"wp-image-45826\" srcset=\"https:\/\/collies-vom-floersbachtal.de\/cms\/wp-content\/uploads\/2024\/04\/1.-Maedel-in-trico1-1.jpg 1000w, https:\/\/collies-vom-floersbachtal.de\/cms\/wp-content\/uploads\/2024\/04\/1.-Maedel-in-trico1-1-300x169.jpg 300w, https:\/\/collies-vom-floersbachtal.de\/cms\/wp-content\/uploads\/2024\/04\/1.-Maedel-in-trico1-1-768x432.jpg 768w\" sizes=\"auto, (max-width: 1000px) 100vw, 1000px\" \/><\/a><\/figure>\n\n\n\n<figure class=\"wp-block-image size-large\"><a href=\"https:\/\/collies-vom-floersbachtal.de\/cms\/wp-content\/uploads\/2024\/04\/Nadira1-3-Tage-1.jpg\"><img loading=\"lazy\" decoding=\"async\" width=\"529\" height=\"1024\" src=\"https:\/\/collies-vom-floersbachtal.de\/cms\/wp-content\/uploads\/2024\/04\/Nadira1-3-Tage-1-529x1024.jpg\" alt=\"\" class=\"wp-image-45912\" srcset=\"https:\/\/collies-vom-floersbachtal.de\/cms\/wp-content\/uploads\/2024\/04\/Nadira1-3-Tage-1-529x1024.jpg 529w, https:\/\/collies-vom-floersbachtal.de\/cms\/wp-content\/uploads\/2024\/04\/Nadira1-3-Tage-1-155x300.jpg 155w, https:\/\/collies-vom-floersbachtal.de\/cms\/wp-content\/uploads\/2024\/04\/Nadira1-3-Tage-1-768x1487.jpg 768w, https:\/\/collies-vom-floersbachtal.de\/cms\/wp-content\/uploads\/2024\/04\/Nadira1-3-Tage-1-793x1536.jpg 793w, https:\/\/collies-vom-floersbachtal.de\/cms\/wp-content\/uploads\/2024\/04\/Nadira1-3-Tage-1.jpg 1000w\" sizes=\"auto, (max-width: 529px) 100vw, 529px\" \/><\/a><\/figure>\n\n\n\n<p><strong>2. Welpe   Nando  18:37 Uhr,   R\u00fcde Dark-Sable,    432 g    ( Widder, Aszendent Waage, Deszendent <strong>Widder<\/strong>)<\/strong><\/p>\n\n\n\n<p><strong>MDR1 +\/+,&nbsp; &nbsp; &nbsp; CEA +\/+, oder +\/-&nbsp; &nbsp;DM&nbsp; +\/+,&nbsp; &nbsp; &nbsp;GCS&nbsp; N\/N,&nbsp; &nbsp; &nbsp;PRA&nbsp; N\/N,&nbsp; &nbsp; DMS aa bb<\/strong> <strong>Cc <\/strong><\/p>\n\n\n\n<h2 class=\"wp-block-heading\"><strong>Nando zieht zieht zu Kirsten und Markus nach Oberfranken \ud83d\ude42<\/strong><\/h2>\n\n\n\n<p><strong>12.06.24 Nando 9 Wochen alt, 8420  g<\/strong><\/p>\n\n\n\n<figure class=\"wp-block-image size-large\"><a href=\"https:\/\/collies-vom-floersbachtal.de\/cms\/wp-content\/uploads\/2024\/06\/Nando2-9-W.jpg\"><img loading=\"lazy\" decoding=\"async\" width=\"746\" height=\"1024\" src=\"https:\/\/collies-vom-floersbachtal.de\/cms\/wp-content\/uploads\/2024\/06\/Nando2-9-W-746x1024.jpg\" alt=\"\" class=\"wp-image-47057\" srcset=\"https:\/\/collies-vom-floersbachtal.de\/cms\/wp-content\/uploads\/2024\/06\/Nando2-9-W-746x1024.jpg 746w, https:\/\/collies-vom-floersbachtal.de\/cms\/wp-content\/uploads\/2024\/06\/Nando2-9-W-219x300.jpg 219w, https:\/\/collies-vom-floersbachtal.de\/cms\/wp-content\/uploads\/2024\/06\/Nando2-9-W-768x1054.jpg 768w, https:\/\/collies-vom-floersbachtal.de\/cms\/wp-content\/uploads\/2024\/06\/Nando2-9-W.jpg 800w\" sizes=\"auto, (max-width: 746px) 100vw, 746px\" \/><\/a><\/figure>\n\n\n\n<p><strong>05.06.24 Nando 8 Wochen alt, 7000 g<\/strong><\/p>\n\n\n\n<figure class=\"wp-block-image size-full\"><a href=\"https:\/\/collies-vom-floersbachtal.de\/cms\/wp-content\/uploads\/2024\/06\/NandoUlli3.jpg\"><img loading=\"lazy\" decoding=\"async\" width=\"1000\" height=\"667\" src=\"https:\/\/collies-vom-floersbachtal.de\/cms\/wp-content\/uploads\/2024\/06\/NandoUlli3.jpg\" alt=\"\" class=\"wp-image-46779\" srcset=\"https:\/\/collies-vom-floersbachtal.de\/cms\/wp-content\/uploads\/2024\/06\/NandoUlli3.jpg 1000w, https:\/\/collies-vom-floersbachtal.de\/cms\/wp-content\/uploads\/2024\/06\/NandoUlli3-300x200.jpg 300w, https:\/\/collies-vom-floersbachtal.de\/cms\/wp-content\/uploads\/2024\/06\/NandoUlli3-768x512.jpg 768w\" sizes=\"auto, (max-width: 1000px) 100vw, 1000px\" \/><\/a><\/figure>\n\n\n\n<p><strong>29.05.24 Nando 7 Wochen alt, 5610 g<\/strong><\/p>\n\n\n\n<figure class=\"wp-block-image size-large\"><a href=\"https:\/\/collies-vom-floersbachtal.de\/cms\/wp-content\/uploads\/2024\/05\/Nando2-65-W.jpg\"><img loading=\"lazy\" decoding=\"async\" width=\"768\" height=\"1024\" src=\"https:\/\/collies-vom-floersbachtal.de\/cms\/wp-content\/uploads\/2024\/05\/Nando2-65-W-768x1024.jpg\" alt=\"\" class=\"wp-image-46693\" srcset=\"https:\/\/collies-vom-floersbachtal.de\/cms\/wp-content\/uploads\/2024\/05\/Nando2-65-W-768x1024.jpg 768w, https:\/\/collies-vom-floersbachtal.de\/cms\/wp-content\/uploads\/2024\/05\/Nando2-65-W-225x300.jpg 225w, https:\/\/collies-vom-floersbachtal.de\/cms\/wp-content\/uploads\/2024\/05\/Nando2-65-W.jpg 1000w\" sizes=\"auto, (max-width: 768px) 100vw, 768px\" \/><\/a><\/figure>\n\n\n\n<p><strong>22.05.24 Nando 6 Wochen alt, 4770 g<\/strong><\/p>\n\n\n\n<figure class=\"wp-block-image size-large\"><a href=\"https:\/\/collies-vom-floersbachtal.de\/cms\/wp-content\/uploads\/2024\/05\/Nando-und-Nadira1-55-W.jpg\"><img loading=\"lazy\" decoding=\"async\" width=\"757\" height=\"1024\" src=\"https:\/\/collies-vom-floersbachtal.de\/cms\/wp-content\/uploads\/2024\/05\/Nando-und-Nadira1-55-W-757x1024.jpg\" alt=\"\" class=\"wp-image-46477\" srcset=\"https:\/\/collies-vom-floersbachtal.de\/cms\/wp-content\/uploads\/2024\/05\/Nando-und-Nadira1-55-W-757x1024.jpg 757w, https:\/\/collies-vom-floersbachtal.de\/cms\/wp-content\/uploads\/2024\/05\/Nando-und-Nadira1-55-W-222x300.jpg 222w, https:\/\/collies-vom-floersbachtal.de\/cms\/wp-content\/uploads\/2024\/05\/Nando-und-Nadira1-55-W-768x1038.jpg 768w, https:\/\/collies-vom-floersbachtal.de\/cms\/wp-content\/uploads\/2024\/05\/Nando-und-Nadira1-55-W.jpg 1000w\" sizes=\"auto, (max-width: 757px) 100vw, 757px\" \/><\/a><\/figure>\n\n\n\n<p><strong>15.05.24 Nando 5 Wochen alt,<\/strong> <strong>3500 g<\/strong><\/p>\n\n\n\n<figure class=\"wp-block-image size-large\"><a href=\"https:\/\/collies-vom-floersbachtal.de\/cms\/wp-content\/uploads\/2024\/05\/Nando1-5-W.jpg\"><img loading=\"lazy\" decoding=\"async\" width=\"986\" height=\"1024\" src=\"https:\/\/collies-vom-floersbachtal.de\/cms\/wp-content\/uploads\/2024\/05\/Nando1-5-W-986x1024.jpg\" alt=\"\" class=\"wp-image-46394\" srcset=\"https:\/\/collies-vom-floersbachtal.de\/cms\/wp-content\/uploads\/2024\/05\/Nando1-5-W-986x1024.jpg 986w, https:\/\/collies-vom-floersbachtal.de\/cms\/wp-content\/uploads\/2024\/05\/Nando1-5-W-289x300.jpg 289w, https:\/\/collies-vom-floersbachtal.de\/cms\/wp-content\/uploads\/2024\/05\/Nando1-5-W-768x798.jpg 768w, https:\/\/collies-vom-floersbachtal.de\/cms\/wp-content\/uploads\/2024\/05\/Nando1-5-W.jpg 1000w\" sizes=\"auto, (max-width: 986px) 100vw, 986px\" \/><\/a><\/figure>\n\n\n\n<figure class=\"wp-block-gallery has-nested-images columns-default is-cropped wp-block-gallery-6 is-layout-flex wp-block-gallery-is-layout-flex\">\n<figure class=\"wp-block-image size-large\"><a href=\"https:\/\/collies-vom-floersbachtal.de\/cms\/wp-content\/uploads\/2024\/05\/Nando6-5-W.jpg\"><img loading=\"lazy\" decoding=\"async\" width=\"938\" height=\"1024\" data-id=\"46396\" src=\"https:\/\/collies-vom-floersbachtal.de\/cms\/wp-content\/uploads\/2024\/05\/Nando6-5-W-938x1024.jpg\" alt=\"\" class=\"wp-image-46396\" srcset=\"https:\/\/collies-vom-floersbachtal.de\/cms\/wp-content\/uploads\/2024\/05\/Nando6-5-W-938x1024.jpg 938w, https:\/\/collies-vom-floersbachtal.de\/cms\/wp-content\/uploads\/2024\/05\/Nando6-5-W-275x300.jpg 275w, https:\/\/collies-vom-floersbachtal.de\/cms\/wp-content\/uploads\/2024\/05\/Nando6-5-W-768x839.jpg 768w, https:\/\/collies-vom-floersbachtal.de\/cms\/wp-content\/uploads\/2024\/05\/Nando6-5-W.jpg 1000w\" sizes=\"auto, (max-width: 938px) 100vw, 938px\" \/><\/a><\/figure>\n\n\n\n<figure class=\"wp-block-image size-large\"><a href=\"https:\/\/collies-vom-floersbachtal.de\/cms\/wp-content\/uploads\/2024\/05\/Nando4-5-W.jpg\"><img loading=\"lazy\" decoding=\"async\" width=\"853\" height=\"1024\" data-id=\"46395\" src=\"https:\/\/collies-vom-floersbachtal.de\/cms\/wp-content\/uploads\/2024\/05\/Nando4-5-W-853x1024.jpg\" alt=\"\" class=\"wp-image-46395\" srcset=\"https:\/\/collies-vom-floersbachtal.de\/cms\/wp-content\/uploads\/2024\/05\/Nando4-5-W-853x1024.jpg 853w, https:\/\/collies-vom-floersbachtal.de\/cms\/wp-content\/uploads\/2024\/05\/Nando4-5-W-250x300.jpg 250w, https:\/\/collies-vom-floersbachtal.de\/cms\/wp-content\/uploads\/2024\/05\/Nando4-5-W-768x922.jpg 768w, https:\/\/collies-vom-floersbachtal.de\/cms\/wp-content\/uploads\/2024\/05\/Nando4-5-W.jpg 1000w\" sizes=\"auto, (max-width: 853px) 100vw, 853px\" \/><\/a><\/figure>\n<\/figure>\n\n\n\n<p><strong>07.05.24 Nando 4 Wochen alt,  2520 g<\/strong><\/p>\n\n\n\n<figure class=\"wp-block-image size-full\"><a href=\"https:\/\/collies-vom-floersbachtal.de\/cms\/wp-content\/uploads\/2024\/05\/Nando1-Besuch-von-Salli-1.jpg\"><img loading=\"lazy\" decoding=\"async\" width=\"800\" height=\"535\" src=\"https:\/\/collies-vom-floersbachtal.de\/cms\/wp-content\/uploads\/2024\/05\/Nando1-Besuch-von-Salli-1.jpg\" alt=\"\" class=\"wp-image-46284\" srcset=\"https:\/\/collies-vom-floersbachtal.de\/cms\/wp-content\/uploads\/2024\/05\/Nando1-Besuch-von-Salli-1.jpg 800w, https:\/\/collies-vom-floersbachtal.de\/cms\/wp-content\/uploads\/2024\/05\/Nando1-Besuch-von-Salli-1-300x201.jpg 300w, https:\/\/collies-vom-floersbachtal.de\/cms\/wp-content\/uploads\/2024\/05\/Nando1-Besuch-von-Salli-1-768x514.jpg 768w\" sizes=\"auto, (max-width: 800px) 100vw, 800px\" \/><\/a><\/figure>\n\n\n\n<p><strong>01.05.24 Nando 3 Wochen alt,<\/strong> <strong>1800 g<\/strong><\/p>\n\n\n\n<figure class=\"wp-block-image size-full is-style-default\"><a href=\"https:\/\/collies-vom-floersbachtal.de\/cms\/wp-content\/uploads\/2024\/05\/Nando3-3-Wochen-alt-1.jpg\"><img loading=\"lazy\" decoding=\"async\" width=\"800\" height=\"841\" src=\"https:\/\/collies-vom-floersbachtal.de\/cms\/wp-content\/uploads\/2024\/05\/Nando3-3-Wochen-alt-1.jpg\" alt=\"\" class=\"wp-image-46199\" srcset=\"https:\/\/collies-vom-floersbachtal.de\/cms\/wp-content\/uploads\/2024\/05\/Nando3-3-Wochen-alt-1.jpg 800w, https:\/\/collies-vom-floersbachtal.de\/cms\/wp-content\/uploads\/2024\/05\/Nando3-3-Wochen-alt-1-285x300.jpg 285w, https:\/\/collies-vom-floersbachtal.de\/cms\/wp-content\/uploads\/2024\/05\/Nando3-3-Wochen-alt-1-768x807.jpg 768w\" sizes=\"auto, (max-width: 800px) 100vw, 800px\" \/><\/a><\/figure>\n\n\n\n<figure class=\"wp-block-gallery has-nested-images columns-default is-cropped wp-block-gallery-7 is-layout-flex wp-block-gallery-is-layout-flex\">\n<figure class=\"wp-block-image size-large\"><a href=\"https:\/\/collies-vom-floersbachtal.de\/cms\/wp-content\/uploads\/2024\/05\/Nando1-3-Wochen-1.jpg\"><img loading=\"lazy\" decoding=\"async\" width=\"706\" height=\"1024\" data-id=\"46200\" src=\"https:\/\/collies-vom-floersbachtal.de\/cms\/wp-content\/uploads\/2024\/05\/Nando1-3-Wochen-1-706x1024.jpg\" alt=\"\" class=\"wp-image-46200\" srcset=\"https:\/\/collies-vom-floersbachtal.de\/cms\/wp-content\/uploads\/2024\/05\/Nando1-3-Wochen-1-706x1024.jpg 706w, https:\/\/collies-vom-floersbachtal.de\/cms\/wp-content\/uploads\/2024\/05\/Nando1-3-Wochen-1-207x300.jpg 207w, https:\/\/collies-vom-floersbachtal.de\/cms\/wp-content\/uploads\/2024\/05\/Nando1-3-Wochen-1-768x1114.jpg 768w, https:\/\/collies-vom-floersbachtal.de\/cms\/wp-content\/uploads\/2024\/05\/Nando1-3-Wochen-1.jpg 1000w\" sizes=\"auto, (max-width: 706px) 100vw, 706px\" \/><\/a><\/figure>\n\n\n\n<figure class=\"wp-block-image size-large\"><a href=\"https:\/\/collies-vom-floersbachtal.de\/cms\/wp-content\/uploads\/2024\/05\/Nando1-3-Wochen-alt.jpg\"><img loading=\"lazy\" decoding=\"async\" width=\"776\" height=\"1024\" data-id=\"46198\" src=\"https:\/\/collies-vom-floersbachtal.de\/cms\/wp-content\/uploads\/2024\/05\/Nando1-3-Wochen-alt-776x1024.jpg\" alt=\"\" class=\"wp-image-46198\" srcset=\"https:\/\/collies-vom-floersbachtal.de\/cms\/wp-content\/uploads\/2024\/05\/Nando1-3-Wochen-alt-776x1024.jpg 776w, https:\/\/collies-vom-floersbachtal.de\/cms\/wp-content\/uploads\/2024\/05\/Nando1-3-Wochen-alt-227x300.jpg 227w, https:\/\/collies-vom-floersbachtal.de\/cms\/wp-content\/uploads\/2024\/05\/Nando1-3-Wochen-alt-768x1014.jpg 768w, https:\/\/collies-vom-floersbachtal.de\/cms\/wp-content\/uploads\/2024\/05\/Nando1-3-Wochen-alt.jpg 800w\" sizes=\"auto, (max-width: 776px) 100vw, 776px\" \/><\/a><\/figure>\n<\/figure>\n\n\n\n<p><strong>24.04.24 Nando 2 Wochen alt, 1273 g<\/strong><\/p>\n\n\n\n<figure class=\"wp-block-image size-full is-style-rounded\"><a href=\"https:\/\/collies-vom-floersbachtal.de\/cms\/wp-content\/uploads\/2024\/04\/Nando2-15-Tage.jpg\"><img loading=\"lazy\" decoding=\"async\" width=\"1000\" height=\"862\" src=\"https:\/\/collies-vom-floersbachtal.de\/cms\/wp-content\/uploads\/2024\/04\/Nando2-15-Tage.jpg\" alt=\"\" class=\"wp-image-46108\" srcset=\"https:\/\/collies-vom-floersbachtal.de\/cms\/wp-content\/uploads\/2024\/04\/Nando2-15-Tage.jpg 1000w, https:\/\/collies-vom-floersbachtal.de\/cms\/wp-content\/uploads\/2024\/04\/Nando2-15-Tage-300x259.jpg 300w, https:\/\/collies-vom-floersbachtal.de\/cms\/wp-content\/uploads\/2024\/04\/Nando2-15-Tage-768x662.jpg 768w\" sizes=\"auto, (max-width: 1000px) 100vw, 1000px\" \/><\/a><\/figure>\n\n\n\n<figure class=\"wp-block-image size-full\"><a href=\"https:\/\/collies-vom-floersbachtal.de\/cms\/wp-content\/uploads\/2024\/04\/Nando3-2-Wochen.jpg\"><img loading=\"lazy\" decoding=\"async\" width=\"800\" height=\"813\" src=\"https:\/\/collies-vom-floersbachtal.de\/cms\/wp-content\/uploads\/2024\/04\/Nando3-2-Wochen.jpg\" alt=\"\" class=\"wp-image-46059\" srcset=\"https:\/\/collies-vom-floersbachtal.de\/cms\/wp-content\/uploads\/2024\/04\/Nando3-2-Wochen.jpg 800w, https:\/\/collies-vom-floersbachtal.de\/cms\/wp-content\/uploads\/2024\/04\/Nando3-2-Wochen-295x300.jpg 295w, https:\/\/collies-vom-floersbachtal.de\/cms\/wp-content\/uploads\/2024\/04\/Nando3-2-Wochen-768x780.jpg 768w\" sizes=\"auto, (max-width: 800px) 100vw, 800px\" \/><\/a><\/figure>\n\n\n\n<figure class=\"wp-block-gallery has-nested-images columns-default is-cropped wp-block-gallery-8 is-layout-flex wp-block-gallery-is-layout-flex\">\n<figure class=\"wp-block-image size-large\"><a href=\"https:\/\/collies-vom-floersbachtal.de\/cms\/wp-content\/uploads\/2024\/04\/Nando2-2-Wochen.jpg\"><img loading=\"lazy\" decoding=\"async\" width=\"1000\" height=\"998\" data-id=\"46061\" src=\"https:\/\/collies-vom-floersbachtal.de\/cms\/wp-content\/uploads\/2024\/04\/Nando2-2-Wochen.jpg\" alt=\"\" class=\"wp-image-46061\" srcset=\"https:\/\/collies-vom-floersbachtal.de\/cms\/wp-content\/uploads\/2024\/04\/Nando2-2-Wochen.jpg 1000w, https:\/\/collies-vom-floersbachtal.de\/cms\/wp-content\/uploads\/2024\/04\/Nando2-2-Wochen-300x300.jpg 300w, https:\/\/collies-vom-floersbachtal.de\/cms\/wp-content\/uploads\/2024\/04\/Nando2-2-Wochen-150x150.jpg 150w, https:\/\/collies-vom-floersbachtal.de\/cms\/wp-content\/uploads\/2024\/04\/Nando2-2-Wochen-768x766.jpg 768w\" sizes=\"auto, (max-width: 1000px) 100vw, 1000px\" \/><\/a><\/figure>\n\n\n\n<figure class=\"wp-block-image size-large\"><a href=\"https:\/\/collies-vom-floersbachtal.de\/cms\/wp-content\/uploads\/2024\/04\/Nando1-2-Wochen.jpg\"><img loading=\"lazy\" decoding=\"async\" width=\"800\" height=\"960\" data-id=\"46060\" src=\"https:\/\/collies-vom-floersbachtal.de\/cms\/wp-content\/uploads\/2024\/04\/Nando1-2-Wochen.jpg\" alt=\"\" class=\"wp-image-46060\" srcset=\"https:\/\/collies-vom-floersbachtal.de\/cms\/wp-content\/uploads\/2024\/04\/Nando1-2-Wochen.jpg 800w, https:\/\/collies-vom-floersbachtal.de\/cms\/wp-content\/uploads\/2024\/04\/Nando1-2-Wochen-250x300.jpg 250w, https:\/\/collies-vom-floersbachtal.de\/cms\/wp-content\/uploads\/2024\/04\/Nando1-2-Wochen-768x922.jpg 768w\" sizes=\"auto, (max-width: 800px) 100vw, 800px\" \/><\/a><\/figure>\n<\/figure>\n\n\n\n<p><strong>17.04.2024  Nando 1 Woche alt  685 g<\/strong><\/p>\n\n\n\n<figure class=\"wp-block-image size-full is-style-default\"><a href=\"https:\/\/collies-vom-floersbachtal.de\/cms\/wp-content\/uploads\/2024\/04\/Nando2-2.-Woche.jpg\"><img loading=\"lazy\" decoding=\"async\" width=\"1000\" height=\"1004\" src=\"https:\/\/collies-vom-floersbachtal.de\/cms\/wp-content\/uploads\/2024\/04\/Nando2-2.-Woche.jpg\" alt=\"\" class=\"wp-image-45931\" srcset=\"https:\/\/collies-vom-floersbachtal.de\/cms\/wp-content\/uploads\/2024\/04\/Nando2-2.-Woche.jpg 1000w, https:\/\/collies-vom-floersbachtal.de\/cms\/wp-content\/uploads\/2024\/04\/Nando2-2.-Woche-300x300.jpg 300w, https:\/\/collies-vom-floersbachtal.de\/cms\/wp-content\/uploads\/2024\/04\/Nando2-2.-Woche-150x150.jpg 150w, https:\/\/collies-vom-floersbachtal.de\/cms\/wp-content\/uploads\/2024\/04\/Nando2-2.-Woche-768x771.jpg 768w\" sizes=\"auto, (max-width: 1000px) 100vw, 1000px\" \/><\/a><\/figure>\n\n\n\n<figure class=\"wp-block-gallery has-nested-images columns-default is-cropped wp-block-gallery-9 is-layout-flex wp-block-gallery-is-layout-flex\">\n<figure class=\"wp-block-image size-large\"><a href=\"https:\/\/collies-vom-floersbachtal.de\/cms\/wp-content\/uploads\/2024\/04\/Nando3-2.-Woche.jpg\"><img loading=\"lazy\" decoding=\"async\" width=\"834\" height=\"1024\" data-id=\"45933\" src=\"https:\/\/collies-vom-floersbachtal.de\/cms\/wp-content\/uploads\/2024\/04\/Nando3-2.-Woche-834x1024.jpg\" alt=\"\" class=\"wp-image-45933\" srcset=\"https:\/\/collies-vom-floersbachtal.de\/cms\/wp-content\/uploads\/2024\/04\/Nando3-2.-Woche-834x1024.jpg 834w, https:\/\/collies-vom-floersbachtal.de\/cms\/wp-content\/uploads\/2024\/04\/Nando3-2.-Woche-244x300.jpg 244w, https:\/\/collies-vom-floersbachtal.de\/cms\/wp-content\/uploads\/2024\/04\/Nando3-2.-Woche-768x943.jpg 768w, https:\/\/collies-vom-floersbachtal.de\/cms\/wp-content\/uploads\/2024\/04\/Nando3-2.-Woche.jpg 1000w\" sizes=\"auto, (max-width: 834px) 100vw, 834px\" \/><\/a><\/figure>\n\n\n\n<figure class=\"wp-block-image size-large\"><a href=\"https:\/\/collies-vom-floersbachtal.de\/cms\/wp-content\/uploads\/2024\/04\/Nando1-2.-Woche.jpg\"><img loading=\"lazy\" decoding=\"async\" width=\"1000\" height=\"1005\" data-id=\"45932\" src=\"https:\/\/collies-vom-floersbachtal.de\/cms\/wp-content\/uploads\/2024\/04\/Nando1-2.-Woche.jpg\" alt=\"\" class=\"wp-image-45932\" srcset=\"https:\/\/collies-vom-floersbachtal.de\/cms\/wp-content\/uploads\/2024\/04\/Nando1-2.-Woche.jpg 1000w, https:\/\/collies-vom-floersbachtal.de\/cms\/wp-content\/uploads\/2024\/04\/Nando1-2.-Woche-150x150.jpg 150w, https:\/\/collies-vom-floersbachtal.de\/cms\/wp-content\/uploads\/2024\/04\/Nando1-2.-Woche-768x772.jpg 768w\" sizes=\"auto, (max-width: 1000px) 100vw, 1000px\" \/><\/a><\/figure>\n<\/figure>\n\n\n\n<figure class=\"wp-block-image size-full\"><a href=\"https:\/\/collies-vom-floersbachtal.de\/cms\/wp-content\/uploads\/2024\/04\/1.-Ruede-als-2.-Welpe-geb.1.jpg\"><img loading=\"lazy\" decoding=\"async\" width=\"1000\" height=\"563\" src=\"https:\/\/collies-vom-floersbachtal.de\/cms\/wp-content\/uploads\/2024\/04\/1.-Ruede-als-2.-Welpe-geb.1.jpg\" alt=\"\" class=\"wp-image-45828\" srcset=\"https:\/\/collies-vom-floersbachtal.de\/cms\/wp-content\/uploads\/2024\/04\/1.-Ruede-als-2.-Welpe-geb.1.jpg 1000w, https:\/\/collies-vom-floersbachtal.de\/cms\/wp-content\/uploads\/2024\/04\/1.-Ruede-als-2.-Welpe-geb.1-300x169.jpg 300w, https:\/\/collies-vom-floersbachtal.de\/cms\/wp-content\/uploads\/2024\/04\/1.-Ruede-als-2.-Welpe-geb.1-768x432.jpg 768w\" sizes=\"auto, (max-width: 1000px) 100vw, 1000px\" \/><\/a><\/figure>\n\n\n\n<figure class=\"wp-block-image size-large is-style-rounded\"><a href=\"https:\/\/collies-vom-floersbachtal.de\/cms\/wp-content\/uploads\/2024\/04\/1.-Ruede-als-2.-Welpe-geb.jpg\"><img loading=\"lazy\" decoding=\"async\" width=\"935\" height=\"1024\" src=\"https:\/\/collies-vom-floersbachtal.de\/cms\/wp-content\/uploads\/2024\/04\/1.-Ruede-als-2.-Welpe-geb-935x1024.jpg\" alt=\"\" class=\"wp-image-45829\" srcset=\"https:\/\/collies-vom-floersbachtal.de\/cms\/wp-content\/uploads\/2024\/04\/1.-Ruede-als-2.-Welpe-geb-935x1024.jpg 935w, https:\/\/collies-vom-floersbachtal.de\/cms\/wp-content\/uploads\/2024\/04\/1.-Ruede-als-2.-Welpe-geb-274x300.jpg 274w, https:\/\/collies-vom-floersbachtal.de\/cms\/wp-content\/uploads\/2024\/04\/1.-Ruede-als-2.-Welpe-geb-768x841.jpg 768w, https:\/\/collies-vom-floersbachtal.de\/cms\/wp-content\/uploads\/2024\/04\/1.-Ruede-als-2.-Welpe-geb.jpg 1000w\" sizes=\"auto, (max-width: 935px) 100vw, 935px\" \/><\/a><\/figure>\n\n\n\n<p><strong>3. Welpe Nisha  ( Sch\u00f6nheit der Nacht )   19:30 Uhr,   H\u00fcndin   Dark-Sable\/White, 387 g   ( Widder,<\/strong> <strong>Aszendent<\/strong>, <strong>Widder, Deszendent  Waage)<\/strong><\/p>\n\n\n\n<p><strong>MDR1 +\/+,&nbsp; &nbsp; &nbsp; CEA +\/+, oder +\/-&nbsp; &nbsp;DM&nbsp; +\/+,&nbsp; &nbsp; &nbsp;GCS&nbsp; N\/N,&nbsp; &nbsp; &nbsp;PRA&nbsp; N\/N,&nbsp; &nbsp; DMS aa bb,<\/strong> <strong>Cc<\/strong>   <\/p>\n\n\n\n<h2 class=\"wp-block-heading\"><strong>Nisha zieht zu Monika, Norbert und einem Colliekollegen  in den Odenwald \ud83d\ude42<\/strong><\/h2>\n\n\n\n<p><strong>AUSGEZOGEN am 08.06.24<\/strong><\/p>\n\n\n\n<p><strong>05.06.24 Nisha 8 Wochen alt, 6500 g <\/strong><\/p>\n\n\n\n<figure class=\"wp-block-image size-full\"><a href=\"https:\/\/collies-vom-floersbachtal.de\/cms\/wp-content\/uploads\/2024\/06\/Nisha-Ulli3.jpg\"><img loading=\"lazy\" decoding=\"async\" width=\"1000\" height=\"667\" src=\"https:\/\/collies-vom-floersbachtal.de\/cms\/wp-content\/uploads\/2024\/06\/Nisha-Ulli3.jpg\" alt=\"\" class=\"wp-image-46780\" srcset=\"https:\/\/collies-vom-floersbachtal.de\/cms\/wp-content\/uploads\/2024\/06\/Nisha-Ulli3.jpg 1000w, https:\/\/collies-vom-floersbachtal.de\/cms\/wp-content\/uploads\/2024\/06\/Nisha-Ulli3-300x200.jpg 300w, https:\/\/collies-vom-floersbachtal.de\/cms\/wp-content\/uploads\/2024\/06\/Nisha-Ulli3-768x512.jpg 768w\" sizes=\"auto, (max-width: 1000px) 100vw, 1000px\" \/><\/a><\/figure>\n\n\n\n<p><strong>29.05.24 Nisha 7 Wochen alt, 5210 g<\/strong><\/p>\n\n\n\n<figure class=\"wp-block-image size-full\"><a href=\"https:\/\/collies-vom-floersbachtal.de\/cms\/wp-content\/uploads\/2024\/05\/Nisha1-7-W.jpg\"><img loading=\"lazy\" decoding=\"async\" width=\"800\" height=\"827\" src=\"https:\/\/collies-vom-floersbachtal.de\/cms\/wp-content\/uploads\/2024\/05\/Nisha1-7-W.jpg\" alt=\"\" class=\"wp-image-46695\" srcset=\"https:\/\/collies-vom-floersbachtal.de\/cms\/wp-content\/uploads\/2024\/05\/Nisha1-7-W.jpg 800w, https:\/\/collies-vom-floersbachtal.de\/cms\/wp-content\/uploads\/2024\/05\/Nisha1-7-W-290x300.jpg 290w, https:\/\/collies-vom-floersbachtal.de\/cms\/wp-content\/uploads\/2024\/05\/Nisha1-7-W-768x794.jpg 768w\" sizes=\"auto, (max-width: 800px) 100vw, 800px\" \/><\/a><\/figure>\n\n\n\n<p><strong>22.05.24 Nisha 6 Wochen alt, 4570 g<\/strong><\/p>\n\n\n\n<figure class=\"wp-block-image size-large\"><a href=\"https:\/\/collies-vom-floersbachtal.de\/cms\/wp-content\/uploads\/2024\/05\/Nisha3-55-W.jpg\"><img loading=\"lazy\" decoding=\"async\" width=\"738\" height=\"1024\" src=\"https:\/\/collies-vom-floersbachtal.de\/cms\/wp-content\/uploads\/2024\/05\/Nisha3-55-W-738x1024.jpg\" alt=\"\" class=\"wp-image-46478\" srcset=\"https:\/\/collies-vom-floersbachtal.de\/cms\/wp-content\/uploads\/2024\/05\/Nisha3-55-W-738x1024.jpg 738w, https:\/\/collies-vom-floersbachtal.de\/cms\/wp-content\/uploads\/2024\/05\/Nisha3-55-W-216x300.jpg 216w, https:\/\/collies-vom-floersbachtal.de\/cms\/wp-content\/uploads\/2024\/05\/Nisha3-55-W-768x1066.jpg 768w, https:\/\/collies-vom-floersbachtal.de\/cms\/wp-content\/uploads\/2024\/05\/Nisha3-55-W.jpg 1000w\" sizes=\"auto, (max-width: 738px) 100vw, 738px\" \/><\/a><\/figure>\n\n\n\n<p><strong>15.05.24 Nisha 5 Wochen alt,<\/strong> <strong>3520 g<\/strong><\/p>\n\n\n\n<figure class=\"wp-block-image size-large\"><a href=\"https:\/\/collies-vom-floersbachtal.de\/cms\/wp-content\/uploads\/2024\/05\/Nisha1-5-W.jpg\"><img loading=\"lazy\" decoding=\"async\" width=\"723\" height=\"1024\" src=\"https:\/\/collies-vom-floersbachtal.de\/cms\/wp-content\/uploads\/2024\/05\/Nisha1-5-W-723x1024.jpg\" alt=\"\" class=\"wp-image-46397\" srcset=\"https:\/\/collies-vom-floersbachtal.de\/cms\/wp-content\/uploads\/2024\/05\/Nisha1-5-W-723x1024.jpg 723w, https:\/\/collies-vom-floersbachtal.de\/cms\/wp-content\/uploads\/2024\/05\/Nisha1-5-W-212x300.jpg 212w, https:\/\/collies-vom-floersbachtal.de\/cms\/wp-content\/uploads\/2024\/05\/Nisha1-5-W-768x1088.jpg 768w, https:\/\/collies-vom-floersbachtal.de\/cms\/wp-content\/uploads\/2024\/05\/Nisha1-5-W.jpg 1000w\" sizes=\"auto, (max-width: 723px) 100vw, 723px\" \/><\/a><\/figure>\n\n\n\n<figure class=\"wp-block-gallery has-nested-images columns-default is-cropped wp-block-gallery-10 is-layout-flex wp-block-gallery-is-layout-flex\">\n<figure class=\"wp-block-image size-large\"><a href=\"https:\/\/collies-vom-floersbachtal.de\/cms\/wp-content\/uploads\/2024\/05\/Nika-und-Nisha1-5-W.jpg\"><img loading=\"lazy\" decoding=\"async\" width=\"1000\" height=\"682\" data-id=\"46398\" src=\"https:\/\/collies-vom-floersbachtal.de\/cms\/wp-content\/uploads\/2024\/05\/Nika-und-Nisha1-5-W.jpg\" alt=\"\" class=\"wp-image-46398\" srcset=\"https:\/\/collies-vom-floersbachtal.de\/cms\/wp-content\/uploads\/2024\/05\/Nika-und-Nisha1-5-W.jpg 1000w, https:\/\/collies-vom-floersbachtal.de\/cms\/wp-content\/uploads\/2024\/05\/Nika-und-Nisha1-5-W-300x205.jpg 300w, https:\/\/collies-vom-floersbachtal.de\/cms\/wp-content\/uploads\/2024\/05\/Nika-und-Nisha1-5-W-768x524.jpg 768w\" sizes=\"auto, (max-width: 1000px) 100vw, 1000px\" \/><\/a><\/figure>\n\n\n\n<figure class=\"wp-block-image size-large\"><a href=\"https:\/\/collies-vom-floersbachtal.de\/cms\/wp-content\/uploads\/2024\/05\/1.-Maedel-in-trico3.jpg\"><img loading=\"lazy\" decoding=\"async\" width=\"1000\" height=\"557\" data-id=\"46399\" src=\"https:\/\/collies-vom-floersbachtal.de\/cms\/wp-content\/uploads\/2024\/05\/1.-Maedel-in-trico3.jpg\" alt=\"\" class=\"wp-image-46399\" srcset=\"https:\/\/collies-vom-floersbachtal.de\/cms\/wp-content\/uploads\/2024\/05\/1.-Maedel-in-trico3.jpg 1000w, https:\/\/collies-vom-floersbachtal.de\/cms\/wp-content\/uploads\/2024\/05\/1.-Maedel-in-trico3-300x167.jpg 300w, https:\/\/collies-vom-floersbachtal.de\/cms\/wp-content\/uploads\/2024\/05\/1.-Maedel-in-trico3-768x428.jpg 768w\" sizes=\"auto, (max-width: 1000px) 100vw, 1000px\" \/><\/a><\/figure>\n<\/figure>\n\n\n\n<p><strong>07.05.24 Nisha 4 Wochen alt, 2390 g<\/strong><\/p>\n\n\n\n<figure class=\"wp-block-image size-full\"><a href=\"https:\/\/collies-vom-floersbachtal.de\/cms\/wp-content\/uploads\/2024\/05\/Nisha6-Besuch-von-Salli.jpg\"><img loading=\"lazy\" decoding=\"async\" width=\"800\" height=\"708\" src=\"https:\/\/collies-vom-floersbachtal.de\/cms\/wp-content\/uploads\/2024\/05\/Nisha6-Besuch-von-Salli.jpg\" alt=\"\" class=\"wp-image-46285\" srcset=\"https:\/\/collies-vom-floersbachtal.de\/cms\/wp-content\/uploads\/2024\/05\/Nisha6-Besuch-von-Salli.jpg 800w, https:\/\/collies-vom-floersbachtal.de\/cms\/wp-content\/uploads\/2024\/05\/Nisha6-Besuch-von-Salli-300x266.jpg 300w, https:\/\/collies-vom-floersbachtal.de\/cms\/wp-content\/uploads\/2024\/05\/Nisha6-Besuch-von-Salli-768x680.jpg 768w\" sizes=\"auto, (max-width: 800px) 100vw, 800px\" \/><\/a><\/figure>\n\n\n\n<p><strong>01.05.24 Nisha 3 Wochen alt, 1687 g<\/strong><\/p>\n\n\n\n<figure class=\"wp-block-image size-large is-style-rounded\"><a href=\"https:\/\/collies-vom-floersbachtal.de\/cms\/wp-content\/uploads\/2024\/05\/Nisha1-3-Wochen.jpg\"><img loading=\"lazy\" decoding=\"async\" width=\"853\" height=\"1024\" src=\"https:\/\/collies-vom-floersbachtal.de\/cms\/wp-content\/uploads\/2024\/05\/Nisha1-3-Wochen-853x1024.jpg\" alt=\"\" class=\"wp-image-46175\" srcset=\"https:\/\/collies-vom-floersbachtal.de\/cms\/wp-content\/uploads\/2024\/05\/Nisha1-3-Wochen-853x1024.jpg 853w, https:\/\/collies-vom-floersbachtal.de\/cms\/wp-content\/uploads\/2024\/05\/Nisha1-3-Wochen-250x300.jpg 250w, https:\/\/collies-vom-floersbachtal.de\/cms\/wp-content\/uploads\/2024\/05\/Nisha1-3-Wochen-768x922.jpg 768w, https:\/\/collies-vom-floersbachtal.de\/cms\/wp-content\/uploads\/2024\/05\/Nisha1-3-Wochen.jpg 1000w\" sizes=\"auto, (max-width: 853px) 100vw, 853px\" \/><\/a><\/figure>\n\n\n\n<figure class=\"wp-block-gallery has-nested-images columns-default is-cropped wp-block-gallery-11 is-layout-flex wp-block-gallery-is-layout-flex\">\n<figure class=\"wp-block-image size-large\"><a href=\"https:\/\/collies-vom-floersbachtal.de\/cms\/wp-content\/uploads\/2024\/05\/Nisha2-20.-Tag.jpg\"><img loading=\"lazy\" decoding=\"async\" width=\"850\" height=\"1000\" data-id=\"46176\" src=\"https:\/\/collies-vom-floersbachtal.de\/cms\/wp-content\/uploads\/2024\/05\/Nisha2-20.-Tag.jpg\" alt=\"\" class=\"wp-image-46176\" srcset=\"https:\/\/collies-vom-floersbachtal.de\/cms\/wp-content\/uploads\/2024\/05\/Nisha2-20.-Tag.jpg 850w, https:\/\/collies-vom-floersbachtal.de\/cms\/wp-content\/uploads\/2024\/05\/Nisha2-20.-Tag-255x300.jpg 255w, https:\/\/collies-vom-floersbachtal.de\/cms\/wp-content\/uploads\/2024\/05\/Nisha2-20.-Tag-768x904.jpg 768w\" sizes=\"auto, (max-width: 850px) 100vw, 850px\" \/><\/a><\/figure>\n\n\n\n<figure class=\"wp-block-image size-large\"><a href=\"https:\/\/collies-vom-floersbachtal.de\/cms\/wp-content\/uploads\/2024\/05\/Nisha1-20.-Tag.jpg\"><img loading=\"lazy\" decoding=\"async\" width=\"844\" height=\"1000\" data-id=\"46177\" src=\"https:\/\/collies-vom-floersbachtal.de\/cms\/wp-content\/uploads\/2024\/05\/Nisha1-20.-Tag.jpg\" alt=\"\" class=\"wp-image-46177\" srcset=\"https:\/\/collies-vom-floersbachtal.de\/cms\/wp-content\/uploads\/2024\/05\/Nisha1-20.-Tag.jpg 844w, https:\/\/collies-vom-floersbachtal.de\/cms\/wp-content\/uploads\/2024\/05\/Nisha1-20.-Tag-253x300.jpg 253w, https:\/\/collies-vom-floersbachtal.de\/cms\/wp-content\/uploads\/2024\/05\/Nisha1-20.-Tag-768x910.jpg 768w\" sizes=\"auto, (max-width: 844px) 100vw, 844px\" \/><\/a><\/figure>\n<\/figure>\n\n\n\n<p><strong>24.04.24 Nisha 2 Wochen alt,<\/strong> <strong>1177 g <\/strong><\/p>\n\n\n\n<figure class=\"wp-block-image size-full\"><a href=\"https:\/\/collies-vom-floersbachtal.de\/cms\/wp-content\/uploads\/2024\/04\/Nisha4-15-Tage.jpg\"><img loading=\"lazy\" decoding=\"async\" width=\"800\" height=\"694\" src=\"https:\/\/collies-vom-floersbachtal.de\/cms\/wp-content\/uploads\/2024\/04\/Nisha4-15-Tage.jpg\" alt=\"\" class=\"wp-image-46109\" srcset=\"https:\/\/collies-vom-floersbachtal.de\/cms\/wp-content\/uploads\/2024\/04\/Nisha4-15-Tage.jpg 800w, https:\/\/collies-vom-floersbachtal.de\/cms\/wp-content\/uploads\/2024\/04\/Nisha4-15-Tage-300x260.jpg 300w, https:\/\/collies-vom-floersbachtal.de\/cms\/wp-content\/uploads\/2024\/04\/Nisha4-15-Tage-768x666.jpg 768w\" sizes=\"auto, (max-width: 800px) 100vw, 800px\" \/><\/a><\/figure>\n\n\n\n<figure class=\"wp-block-image size-full\"><a href=\"https:\/\/collies-vom-floersbachtal.de\/cms\/wp-content\/uploads\/2024\/04\/Nisha1-2-Wochen.jpg\"><img loading=\"lazy\" decoding=\"async\" width=\"800\" height=\"804\" src=\"https:\/\/collies-vom-floersbachtal.de\/cms\/wp-content\/uploads\/2024\/04\/Nisha1-2-Wochen.jpg\" alt=\"\" class=\"wp-image-46063\" srcset=\"https:\/\/collies-vom-floersbachtal.de\/cms\/wp-content\/uploads\/2024\/04\/Nisha1-2-Wochen.jpg 800w, https:\/\/collies-vom-floersbachtal.de\/cms\/wp-content\/uploads\/2024\/04\/Nisha1-2-Wochen-150x150.jpg 150w, https:\/\/collies-vom-floersbachtal.de\/cms\/wp-content\/uploads\/2024\/04\/Nisha1-2-Wochen-768x772.jpg 768w\" sizes=\"auto, (max-width: 800px) 100vw, 800px\" \/><\/a><\/figure>\n\n\n\n<figure class=\"wp-block-gallery has-nested-images columns-default is-cropped wp-block-gallery-12 is-layout-flex wp-block-gallery-is-layout-flex\">\n<figure class=\"wp-block-image size-large\"><a href=\"https:\/\/collies-vom-floersbachtal.de\/cms\/wp-content\/uploads\/2024\/04\/Nisha5-2-Wochen.jpg\"><img loading=\"lazy\" decoding=\"async\" width=\"792\" height=\"1024\" data-id=\"46067\" src=\"https:\/\/collies-vom-floersbachtal.de\/cms\/wp-content\/uploads\/2024\/04\/Nisha5-2-Wochen-792x1024.jpg\" alt=\"\" class=\"wp-image-46067\" srcset=\"https:\/\/collies-vom-floersbachtal.de\/cms\/wp-content\/uploads\/2024\/04\/Nisha5-2-Wochen-792x1024.jpg 792w, https:\/\/collies-vom-floersbachtal.de\/cms\/wp-content\/uploads\/2024\/04\/Nisha5-2-Wochen-232x300.jpg 232w, https:\/\/collies-vom-floersbachtal.de\/cms\/wp-content\/uploads\/2024\/04\/Nisha5-2-Wochen-768x993.jpg 768w, https:\/\/collies-vom-floersbachtal.de\/cms\/wp-content\/uploads\/2024\/04\/Nisha5-2-Wochen.jpg 800w\" sizes=\"auto, (max-width: 792px) 100vw, 792px\" \/><\/a><\/figure>\n\n\n\n<figure class=\"wp-block-image size-large\"><a href=\"https:\/\/collies-vom-floersbachtal.de\/cms\/wp-content\/uploads\/2024\/04\/Nisha2-2-Wochen.jpg\"><img loading=\"lazy\" decoding=\"async\" width=\"800\" height=\"871\" data-id=\"46064\" src=\"https:\/\/collies-vom-floersbachtal.de\/cms\/wp-content\/uploads\/2024\/04\/Nisha2-2-Wochen.jpg\" alt=\"\" class=\"wp-image-46064\" srcset=\"https:\/\/collies-vom-floersbachtal.de\/cms\/wp-content\/uploads\/2024\/04\/Nisha2-2-Wochen.jpg 800w, https:\/\/collies-vom-floersbachtal.de\/cms\/wp-content\/uploads\/2024\/04\/Nisha2-2-Wochen-276x300.jpg 276w, https:\/\/collies-vom-floersbachtal.de\/cms\/wp-content\/uploads\/2024\/04\/Nisha2-2-Wochen-768x836.jpg 768w\" sizes=\"auto, (max-width: 800px) 100vw, 800px\" \/><\/a><\/figure>\n\n\n\n<figure class=\"wp-block-image size-large\"><a href=\"https:\/\/collies-vom-floersbachtal.de\/cms\/wp-content\/uploads\/2024\/04\/Nisha3-2-Wochen.jpg\"><img loading=\"lazy\" decoding=\"async\" width=\"800\" height=\"789\" data-id=\"46066\" src=\"https:\/\/collies-vom-floersbachtal.de\/cms\/wp-content\/uploads\/2024\/04\/Nisha3-2-Wochen.jpg\" alt=\"\" class=\"wp-image-46066\" srcset=\"https:\/\/collies-vom-floersbachtal.de\/cms\/wp-content\/uploads\/2024\/04\/Nisha3-2-Wochen.jpg 800w, https:\/\/collies-vom-floersbachtal.de\/cms\/wp-content\/uploads\/2024\/04\/Nisha3-2-Wochen-300x296.jpg 300w, https:\/\/collies-vom-floersbachtal.de\/cms\/wp-content\/uploads\/2024\/04\/Nisha3-2-Wochen-768x757.jpg 768w\" sizes=\"auto, (max-width: 800px) 100vw, 800px\" \/><\/a><\/figure>\n\n\n\n<figure class=\"wp-block-image size-large\"><a href=\"https:\/\/collies-vom-floersbachtal.de\/cms\/wp-content\/uploads\/2024\/04\/Nisha4-2-Wochen.jpg\"><img loading=\"lazy\" decoding=\"async\" width=\"785\" height=\"1024\" data-id=\"46065\" src=\"https:\/\/collies-vom-floersbachtal.de\/cms\/wp-content\/uploads\/2024\/04\/Nisha4-2-Wochen-785x1024.jpg\" alt=\"\" class=\"wp-image-46065\" srcset=\"https:\/\/collies-vom-floersbachtal.de\/cms\/wp-content\/uploads\/2024\/04\/Nisha4-2-Wochen-785x1024.jpg 785w, https:\/\/collies-vom-floersbachtal.de\/cms\/wp-content\/uploads\/2024\/04\/Nisha4-2-Wochen-230x300.jpg 230w, https:\/\/collies-vom-floersbachtal.de\/cms\/wp-content\/uploads\/2024\/04\/Nisha4-2-Wochen-768x1001.jpg 768w, https:\/\/collies-vom-floersbachtal.de\/cms\/wp-content\/uploads\/2024\/04\/Nisha4-2-Wochen.jpg 800w\" sizes=\"auto, (max-width: 785px) 100vw, 785px\" \/><\/a><\/figure>\n<\/figure>\n\n\n\n<p><strong>17.04.2024 Nisha 1 Woche alt, 655 g<\/strong><\/p>\n\n\n\n<figure class=\"wp-block-image size-large is-style-rounded\"><a href=\"https:\/\/collies-vom-floersbachtal.de\/cms\/wp-content\/uploads\/2024\/04\/Nisha4-2.-Woche.jpg\"><img loading=\"lazy\" decoding=\"async\" width=\"776\" height=\"1024\" src=\"https:\/\/collies-vom-floersbachtal.de\/cms\/wp-content\/uploads\/2024\/04\/Nisha4-2.-Woche-776x1024.jpg\" alt=\"\" class=\"wp-image-45935\" srcset=\"https:\/\/collies-vom-floersbachtal.de\/cms\/wp-content\/uploads\/2024\/04\/Nisha4-2.-Woche-776x1024.jpg 776w, https:\/\/collies-vom-floersbachtal.de\/cms\/wp-content\/uploads\/2024\/04\/Nisha4-2.-Woche-227x300.jpg 227w, https:\/\/collies-vom-floersbachtal.de\/cms\/wp-content\/uploads\/2024\/04\/Nisha4-2.-Woche-768x1013.jpg 768w, https:\/\/collies-vom-floersbachtal.de\/cms\/wp-content\/uploads\/2024\/04\/Nisha4-2.-Woche.jpg 1000w\" sizes=\"auto, (max-width: 776px) 100vw, 776px\" \/><\/a><\/figure>\n\n\n\n<figure class=\"wp-block-gallery has-nested-images columns-default is-cropped wp-block-gallery-13 is-layout-flex wp-block-gallery-is-layout-flex\">\n<figure class=\"wp-block-image size-large\"><a href=\"https:\/\/collies-vom-floersbachtal.de\/cms\/wp-content\/uploads\/2024\/04\/Nisha2-2.-Woche.jpg\"><img loading=\"lazy\" decoding=\"async\" width=\"800\" height=\"993\" data-id=\"45938\" src=\"https:\/\/collies-vom-floersbachtal.de\/cms\/wp-content\/uploads\/2024\/04\/Nisha2-2.-Woche.jpg\" alt=\"\" class=\"wp-image-45938\" srcset=\"https:\/\/collies-vom-floersbachtal.de\/cms\/wp-content\/uploads\/2024\/04\/Nisha2-2.-Woche.jpg 800w, https:\/\/collies-vom-floersbachtal.de\/cms\/wp-content\/uploads\/2024\/04\/Nisha2-2.-Woche-242x300.jpg 242w, https:\/\/collies-vom-floersbachtal.de\/cms\/wp-content\/uploads\/2024\/04\/Nisha2-2.-Woche-768x953.jpg 768w\" sizes=\"auto, (max-width: 800px) 100vw, 800px\" \/><\/a><\/figure>\n\n\n\n<figure class=\"wp-block-image size-large\"><a href=\"https:\/\/collies-vom-floersbachtal.de\/cms\/wp-content\/uploads\/2024\/04\/Nisha3-2.-Woche.jpg\"><img loading=\"lazy\" decoding=\"async\" width=\"800\" height=\"893\" data-id=\"45936\" src=\"https:\/\/collies-vom-floersbachtal.de\/cms\/wp-content\/uploads\/2024\/04\/Nisha3-2.-Woche.jpg\" alt=\"\" class=\"wp-image-45936\" srcset=\"https:\/\/collies-vom-floersbachtal.de\/cms\/wp-content\/uploads\/2024\/04\/Nisha3-2.-Woche.jpg 800w, https:\/\/collies-vom-floersbachtal.de\/cms\/wp-content\/uploads\/2024\/04\/Nisha3-2.-Woche-269x300.jpg 269w, https:\/\/collies-vom-floersbachtal.de\/cms\/wp-content\/uploads\/2024\/04\/Nisha3-2.-Woche-768x857.jpg 768w\" sizes=\"auto, (max-width: 800px) 100vw, 800px\" \/><\/a><\/figure>\n\n\n\n<figure class=\"wp-block-image size-large\"><a href=\"https:\/\/collies-vom-floersbachtal.de\/cms\/wp-content\/uploads\/2024\/04\/Nisha1-5-Tage.jpg\"><img loading=\"lazy\" decoding=\"async\" width=\"1000\" height=\"763\" data-id=\"45937\" src=\"https:\/\/collies-vom-floersbachtal.de\/cms\/wp-content\/uploads\/2024\/04\/Nisha1-5-Tage.jpg\" alt=\"\" class=\"wp-image-45937\" srcset=\"https:\/\/collies-vom-floersbachtal.de\/cms\/wp-content\/uploads\/2024\/04\/Nisha1-5-Tage.jpg 1000w, https:\/\/collies-vom-floersbachtal.de\/cms\/wp-content\/uploads\/2024\/04\/Nisha1-5-Tage-300x229.jpg 300w, https:\/\/collies-vom-floersbachtal.de\/cms\/wp-content\/uploads\/2024\/04\/Nisha1-5-Tage-768x586.jpg 768w\" sizes=\"auto, (max-width: 1000px) 100vw, 1000px\" \/><\/a><\/figure>\n<\/figure>\n\n\n\n<figure class=\"wp-block-image size-full\"><a href=\"https:\/\/collies-vom-floersbachtal.de\/cms\/wp-content\/uploads\/2024\/04\/Nisha2-2-Tage-alt-2.jpg\"><img loading=\"lazy\" decoding=\"async\" width=\"1000\" height=\"936\" src=\"https:\/\/collies-vom-floersbachtal.de\/cms\/wp-content\/uploads\/2024\/04\/Nisha2-2-Tage-alt-2.jpg\" alt=\"\" class=\"wp-image-45911\" srcset=\"https:\/\/collies-vom-floersbachtal.de\/cms\/wp-content\/uploads\/2024\/04\/Nisha2-2-Tage-alt-2.jpg 1000w, https:\/\/collies-vom-floersbachtal.de\/cms\/wp-content\/uploads\/2024\/04\/Nisha2-2-Tage-alt-2-300x281.jpg 300w, https:\/\/collies-vom-floersbachtal.de\/cms\/wp-content\/uploads\/2024\/04\/Nisha2-2-Tage-alt-2-768x719.jpg 768w\" sizes=\"auto, (max-width: 1000px) 100vw, 1000px\" \/><\/a><\/figure>\n\n\n\n<p><strong>4. Welpe Napoleon  19:50 Uhr,   R\u00fcde   Dark-Sable  404 g,    ( Widder, Aszendent  Waage, Deszendent  Widder)<\/strong><\/p>\n\n\n\n<p><strong>MDR1 +\/+,&nbsp; &nbsp; &nbsp; CEA +\/+, oder +\/-&nbsp; &nbsp;DM&nbsp; +\/+,&nbsp; &nbsp; &nbsp;GCS&nbsp; N\/N,&nbsp; &nbsp; &nbsp;PRA&nbsp; N\/N,&nbsp; &nbsp; DMS aa bb,<\/strong> <strong>Cc <\/strong> <\/p>\n\n\n\n<h2 class=\"wp-block-heading\"><strong>Napoleon zieht zu Sylvia und Wolfgang in den hohen Norden nach Oldenburg \ud83d\ude42<\/strong><\/h2>\n\n\n\n<p><strong>AUSGEZOGEN am 09.06.24<\/strong><\/p>\n\n\n\n<p><strong>05.06.24 Napoleon 8 Wochen alt,<\/strong> <strong>7400 g<\/strong><\/p>\n\n\n\n<figure class=\"wp-block-image size-full\"><a href=\"https:\/\/collies-vom-floersbachtal.de\/cms\/wp-content\/uploads\/2024\/06\/Nappo-Ulli3.jpg\"><img loading=\"lazy\" decoding=\"async\" width=\"1000\" height=\"667\" src=\"https:\/\/collies-vom-floersbachtal.de\/cms\/wp-content\/uploads\/2024\/06\/Nappo-Ulli3.jpg\" alt=\"\" class=\"wp-image-46782\" srcset=\"https:\/\/collies-vom-floersbachtal.de\/cms\/wp-content\/uploads\/2024\/06\/Nappo-Ulli3.jpg 1000w, https:\/\/collies-vom-floersbachtal.de\/cms\/wp-content\/uploads\/2024\/06\/Nappo-Ulli3-300x200.jpg 300w, https:\/\/collies-vom-floersbachtal.de\/cms\/wp-content\/uploads\/2024\/06\/Nappo-Ulli3-768x512.jpg 768w\" sizes=\"auto, (max-width: 1000px) 100vw, 1000px\" \/><\/a><\/figure>\n\n\n\n<p><strong>29.05.24 Napoleon 7 Wochen alt, 5700 g<\/strong><\/p>\n\n\n\n<figure class=\"wp-block-image size-full\"><a href=\"https:\/\/collies-vom-floersbachtal.de\/cms\/wp-content\/uploads\/2024\/05\/Napoleon1-7-W.jpg\"><img loading=\"lazy\" decoding=\"async\" width=\"800\" height=\"983\" src=\"https:\/\/collies-vom-floersbachtal.de\/cms\/wp-content\/uploads\/2024\/05\/Napoleon1-7-W.jpg\" alt=\"\" class=\"wp-image-46699\" srcset=\"https:\/\/collies-vom-floersbachtal.de\/cms\/wp-content\/uploads\/2024\/05\/Napoleon1-7-W.jpg 800w, https:\/\/collies-vom-floersbachtal.de\/cms\/wp-content\/uploads\/2024\/05\/Napoleon1-7-W-244x300.jpg 244w, https:\/\/collies-vom-floersbachtal.de\/cms\/wp-content\/uploads\/2024\/05\/Napoleon1-7-W-768x944.jpg 768w\" sizes=\"auto, (max-width: 800px) 100vw, 800px\" \/><\/a><\/figure>\n\n\n\n<p><strong>22.05.24 Napoleon 6 Wochen alt, 4840 g<\/strong><\/p>\n\n\n\n<figure class=\"wp-block-image size-full\"><a href=\"https:\/\/collies-vom-floersbachtal.de\/cms\/wp-content\/uploads\/2024\/05\/Nappo2-55-W.jpg\"><img loading=\"lazy\" decoding=\"async\" width=\"1000\" height=\"649\" src=\"https:\/\/collies-vom-floersbachtal.de\/cms\/wp-content\/uploads\/2024\/05\/Nappo2-55-W.jpg\" alt=\"\" class=\"wp-image-46479\" srcset=\"https:\/\/collies-vom-floersbachtal.de\/cms\/wp-content\/uploads\/2024\/05\/Nappo2-55-W.jpg 1000w, https:\/\/collies-vom-floersbachtal.de\/cms\/wp-content\/uploads\/2024\/05\/Nappo2-55-W-300x195.jpg 300w, https:\/\/collies-vom-floersbachtal.de\/cms\/wp-content\/uploads\/2024\/05\/Nappo2-55-W-768x498.jpg 768w\" sizes=\"auto, (max-width: 1000px) 100vw, 1000px\" \/><\/a><\/figure>\n\n\n\n<p><strong>15.05.24 Napoleon 5 Wochen alt,<\/strong> <strong>3700 g<\/strong><\/p>\n\n\n\n<figure class=\"wp-block-image size-large is-style-rounded\"><a href=\"https:\/\/collies-vom-floersbachtal.de\/cms\/wp-content\/uploads\/2024\/05\/Napoleon2-5-W.jpg\"><img loading=\"lazy\" decoding=\"async\" width=\"840\" height=\"1024\" src=\"https:\/\/collies-vom-floersbachtal.de\/cms\/wp-content\/uploads\/2024\/05\/Napoleon2-5-W-840x1024.jpg\" alt=\"\" class=\"wp-image-46400\" srcset=\"https:\/\/collies-vom-floersbachtal.de\/cms\/wp-content\/uploads\/2024\/05\/Napoleon2-5-W-840x1024.jpg 840w, https:\/\/collies-vom-floersbachtal.de\/cms\/wp-content\/uploads\/2024\/05\/Napoleon2-5-W-246x300.jpg 246w, https:\/\/collies-vom-floersbachtal.de\/cms\/wp-content\/uploads\/2024\/05\/Napoleon2-5-W-768x936.jpg 768w, https:\/\/collies-vom-floersbachtal.de\/cms\/wp-content\/uploads\/2024\/05\/Napoleon2-5-W.jpg 1000w\" sizes=\"auto, (max-width: 840px) 100vw, 840px\" \/><\/a><\/figure>\n\n\n\n<figure class=\"wp-block-gallery has-nested-images columns-default is-cropped wp-block-gallery-14 is-layout-flex wp-block-gallery-is-layout-flex\">\n<figure class=\"wp-block-image size-large\"><a href=\"https:\/\/collies-vom-floersbachtal.de\/cms\/wp-content\/uploads\/2024\/05\/Outdoor-oben4-5-W.jpg\"><img loading=\"lazy\" decoding=\"async\" width=\"809\" height=\"1024\" data-id=\"46402\" src=\"https:\/\/collies-vom-floersbachtal.de\/cms\/wp-content\/uploads\/2024\/05\/Outdoor-oben4-5-W-809x1024.jpg\" alt=\"\" class=\"wp-image-46402\" srcset=\"https:\/\/collies-vom-floersbachtal.de\/cms\/wp-content\/uploads\/2024\/05\/Outdoor-oben4-5-W-809x1024.jpg 809w, https:\/\/collies-vom-floersbachtal.de\/cms\/wp-content\/uploads\/2024\/05\/Outdoor-oben4-5-W-237x300.jpg 237w, https:\/\/collies-vom-floersbachtal.de\/cms\/wp-content\/uploads\/2024\/05\/Outdoor-oben4-5-W-768x972.jpg 768w, https:\/\/collies-vom-floersbachtal.de\/cms\/wp-content\/uploads\/2024\/05\/Outdoor-oben4-5-W.jpg 1000w\" sizes=\"auto, (max-width: 809px) 100vw, 809px\" \/><\/a><\/figure>\n\n\n\n<figure class=\"wp-block-image size-large\"><a href=\"https:\/\/collies-vom-floersbachtal.de\/cms\/wp-content\/uploads\/2024\/05\/Besuch-fuer-Naoki6.jpg\"><img loading=\"lazy\" decoding=\"async\" width=\"800\" height=\"969\" data-id=\"46401\" src=\"https:\/\/collies-vom-floersbachtal.de\/cms\/wp-content\/uploads\/2024\/05\/Besuch-fuer-Naoki6.jpg\" alt=\"\" class=\"wp-image-46401\" srcset=\"https:\/\/collies-vom-floersbachtal.de\/cms\/wp-content\/uploads\/2024\/05\/Besuch-fuer-Naoki6.jpg 800w, https:\/\/collies-vom-floersbachtal.de\/cms\/wp-content\/uploads\/2024\/05\/Besuch-fuer-Naoki6-248x300.jpg 248w, https:\/\/collies-vom-floersbachtal.de\/cms\/wp-content\/uploads\/2024\/05\/Besuch-fuer-Naoki6-768x930.jpg 768w\" sizes=\"auto, (max-width: 800px) 100vw, 800px\" \/><\/a><\/figure>\n<\/figure>\n\n\n\n<p><strong>07.05.24 Napoleon 4 Wochen alt, 2500 g<\/strong><\/p>\n\n\n\n<figure class=\"wp-block-image size-full is-style-rounded\"><a href=\"https:\/\/collies-vom-floersbachtal.de\/cms\/wp-content\/uploads\/2024\/05\/Alle4-mit-Besuch-von-Ilona-1.jpg\"><img loading=\"lazy\" decoding=\"async\" width=\"800\" height=\"887\" src=\"https:\/\/collies-vom-floersbachtal.de\/cms\/wp-content\/uploads\/2024\/05\/Alle4-mit-Besuch-von-Ilona-1.jpg\" alt=\"\" class=\"wp-image-46287\" srcset=\"https:\/\/collies-vom-floersbachtal.de\/cms\/wp-content\/uploads\/2024\/05\/Alle4-mit-Besuch-von-Ilona-1.jpg 800w, https:\/\/collies-vom-floersbachtal.de\/cms\/wp-content\/uploads\/2024\/05\/Alle4-mit-Besuch-von-Ilona-1-271x300.jpg 271w, https:\/\/collies-vom-floersbachtal.de\/cms\/wp-content\/uploads\/2024\/05\/Alle4-mit-Besuch-von-Ilona-1-768x852.jpg 768w\" sizes=\"auto, (max-width: 800px) 100vw, 800px\" \/><\/a><\/figure>\n\n\n\n<p><strong>01.05.24 Napoleon 3 Wochen alt,<\/strong> <strong>1890 g <\/strong><\/p>\n\n\n\n<figure class=\"wp-block-image size-large is-style-rounded\"><a href=\"https:\/\/collies-vom-floersbachtal.de\/cms\/wp-content\/uploads\/2024\/05\/Napoleon1-3-Wochen-1.jpg\"><img loading=\"lazy\" decoding=\"async\" width=\"864\" height=\"1024\" src=\"https:\/\/collies-vom-floersbachtal.de\/cms\/wp-content\/uploads\/2024\/05\/Napoleon1-3-Wochen-1-864x1024.jpg\" alt=\"\" class=\"wp-image-46229\" srcset=\"https:\/\/collies-vom-floersbachtal.de\/cms\/wp-content\/uploads\/2024\/05\/Napoleon1-3-Wochen-1-864x1024.jpg 864w, https:\/\/collies-vom-floersbachtal.de\/cms\/wp-content\/uploads\/2024\/05\/Napoleon1-3-Wochen-1-253x300.jpg 253w, https:\/\/collies-vom-floersbachtal.de\/cms\/wp-content\/uploads\/2024\/05\/Napoleon1-3-Wochen-1-768x910.jpg 768w, https:\/\/collies-vom-floersbachtal.de\/cms\/wp-content\/uploads\/2024\/05\/Napoleon1-3-Wochen-1.jpg 1000w\" sizes=\"auto, (max-width: 864px) 100vw, 864px\" \/><\/a><figcaption class=\"wp-element-caption\"><strong>Napoleon ist so ein ruhiger und auch zur\u00fcck gezogener R\u00fcde, dass er oft unter geht, sorry kleiner Mann \ud83d\ude42<\/strong><\/figcaption><\/figure>\n\n\n\n<p><strong>24.04.24 Napoleon 2 Wochen alt,  1363 g<\/strong><\/p>\n\n\n\n<figure class=\"wp-block-image size-full is-style-rounded\"><a href=\"https:\/\/collies-vom-floersbachtal.de\/cms\/wp-content\/uploads\/2024\/04\/Napoleon1-15-Tage.jpg\"><img loading=\"lazy\" decoding=\"async\" width=\"1000\" height=\"844\" src=\"https:\/\/collies-vom-floersbachtal.de\/cms\/wp-content\/uploads\/2024\/04\/Napoleon1-15-Tage.jpg\" alt=\"\" class=\"wp-image-46110\" srcset=\"https:\/\/collies-vom-floersbachtal.de\/cms\/wp-content\/uploads\/2024\/04\/Napoleon1-15-Tage.jpg 1000w, https:\/\/collies-vom-floersbachtal.de\/cms\/wp-content\/uploads\/2024\/04\/Napoleon1-15-Tage-300x253.jpg 300w, https:\/\/collies-vom-floersbachtal.de\/cms\/wp-content\/uploads\/2024\/04\/Napoleon1-15-Tage-768x648.jpg 768w\" sizes=\"auto, (max-width: 1000px) 100vw, 1000px\" \/><\/a><\/figure>\n\n\n\n<figure class=\"wp-block-image size-large\"><a href=\"https:\/\/collies-vom-floersbachtal.de\/cms\/wp-content\/uploads\/2024\/04\/Napoleon3-2-Wochen.jpg\"><img loading=\"lazy\" decoding=\"async\" width=\"887\" height=\"1024\" src=\"https:\/\/collies-vom-floersbachtal.de\/cms\/wp-content\/uploads\/2024\/04\/Napoleon3-2-Wochen-887x1024.jpg\" alt=\"\" class=\"wp-image-46069\" srcset=\"https:\/\/collies-vom-floersbachtal.de\/cms\/wp-content\/uploads\/2024\/04\/Napoleon3-2-Wochen-887x1024.jpg 887w, https:\/\/collies-vom-floersbachtal.de\/cms\/wp-content\/uploads\/2024\/04\/Napoleon3-2-Wochen-260x300.jpg 260w, https:\/\/collies-vom-floersbachtal.de\/cms\/wp-content\/uploads\/2024\/04\/Napoleon3-2-Wochen-768x887.jpg 768w, https:\/\/collies-vom-floersbachtal.de\/cms\/wp-content\/uploads\/2024\/04\/Napoleon3-2-Wochen.jpg 1000w\" sizes=\"auto, (max-width: 887px) 100vw, 887px\" \/><\/a><\/figure>\n\n\n\n<figure class=\"wp-block-gallery has-nested-images columns-default is-cropped wp-block-gallery-15 is-layout-flex wp-block-gallery-is-layout-flex\">\n<figure class=\"wp-block-image size-large\"><a href=\"https:\/\/collies-vom-floersbachtal.de\/cms\/wp-content\/uploads\/2024\/04\/Napoleon3-15-Tage.jpg\"><img loading=\"lazy\" decoding=\"async\" width=\"1000\" height=\"834\" data-id=\"46111\" src=\"https:\/\/collies-vom-floersbachtal.de\/cms\/wp-content\/uploads\/2024\/04\/Napoleon3-15-Tage.jpg\" alt=\"\" class=\"wp-image-46111\" srcset=\"https:\/\/collies-vom-floersbachtal.de\/cms\/wp-content\/uploads\/2024\/04\/Napoleon3-15-Tage.jpg 1000w, https:\/\/collies-vom-floersbachtal.de\/cms\/wp-content\/uploads\/2024\/04\/Napoleon3-15-Tage-300x250.jpg 300w, https:\/\/collies-vom-floersbachtal.de\/cms\/wp-content\/uploads\/2024\/04\/Napoleon3-15-Tage-768x641.jpg 768w\" sizes=\"auto, (max-width: 1000px) 100vw, 1000px\" \/><\/a><\/figure>\n\n\n\n<figure class=\"wp-block-image size-large\"><a href=\"https:\/\/collies-vom-floersbachtal.de\/cms\/wp-content\/uploads\/2024\/04\/Napoleon2-15-Tage.jpg\"><img loading=\"lazy\" decoding=\"async\" width=\"995\" height=\"1024\" data-id=\"46112\" src=\"https:\/\/collies-vom-floersbachtal.de\/cms\/wp-content\/uploads\/2024\/04\/Napoleon2-15-Tage-995x1024.jpg\" alt=\"\" class=\"wp-image-46112\" srcset=\"https:\/\/collies-vom-floersbachtal.de\/cms\/wp-content\/uploads\/2024\/04\/Napoleon2-15-Tage-995x1024.jpg 995w, https:\/\/collies-vom-floersbachtal.de\/cms\/wp-content\/uploads\/2024\/04\/Napoleon2-15-Tage-292x300.jpg 292w, https:\/\/collies-vom-floersbachtal.de\/cms\/wp-content\/uploads\/2024\/04\/Napoleon2-15-Tage-768x790.jpg 768w, https:\/\/collies-vom-floersbachtal.de\/cms\/wp-content\/uploads\/2024\/04\/Napoleon2-15-Tage.jpg 1000w\" sizes=\"auto, (max-width: 995px) 100vw, 995px\" \/><\/a><\/figure>\n<\/figure>\n\n\n\n<figure class=\"wp-block-gallery has-nested-images columns-default is-cropped wp-block-gallery-16 is-layout-flex wp-block-gallery-is-layout-flex\">\n<figure class=\"wp-block-image size-large\"><a href=\"https:\/\/collies-vom-floersbachtal.de\/cms\/wp-content\/uploads\/2024\/04\/Napoleon2-2-Wochen.jpg\"><img loading=\"lazy\" decoding=\"async\" width=\"800\" height=\"882\" data-id=\"46070\" src=\"https:\/\/collies-vom-floersbachtal.de\/cms\/wp-content\/uploads\/2024\/04\/Napoleon2-2-Wochen.jpg\" alt=\"\" class=\"wp-image-46070\" srcset=\"https:\/\/collies-vom-floersbachtal.de\/cms\/wp-content\/uploads\/2024\/04\/Napoleon2-2-Wochen.jpg 800w, https:\/\/collies-vom-floersbachtal.de\/cms\/wp-content\/uploads\/2024\/04\/Napoleon2-2-Wochen-272x300.jpg 272w, https:\/\/collies-vom-floersbachtal.de\/cms\/wp-content\/uploads\/2024\/04\/Napoleon2-2-Wochen-768x847.jpg 768w\" sizes=\"auto, (max-width: 800px) 100vw, 800px\" \/><\/a><\/figure>\n\n\n\n<figure class=\"wp-block-image size-large\"><a href=\"https:\/\/collies-vom-floersbachtal.de\/cms\/wp-content\/uploads\/2024\/04\/Napoleon1-2-Wochen.jpg\"><img loading=\"lazy\" decoding=\"async\" width=\"800\" height=\"922\" data-id=\"46071\" src=\"https:\/\/collies-vom-floersbachtal.de\/cms\/wp-content\/uploads\/2024\/04\/Napoleon1-2-Wochen.jpg\" alt=\"\" class=\"wp-image-46071\" srcset=\"https:\/\/collies-vom-floersbachtal.de\/cms\/wp-content\/uploads\/2024\/04\/Napoleon1-2-Wochen.jpg 800w, https:\/\/collies-vom-floersbachtal.de\/cms\/wp-content\/uploads\/2024\/04\/Napoleon1-2-Wochen-260x300.jpg 260w, https:\/\/collies-vom-floersbachtal.de\/cms\/wp-content\/uploads\/2024\/04\/Napoleon1-2-Wochen-768x885.jpg 768w\" sizes=\"auto, (max-width: 800px) 100vw, 800px\" \/><\/a><\/figure>\n<\/figure>\n\n\n\n<p><strong>17.04.2024  Napoleon 1 Woche alt, 735 g<\/strong><\/p>\n\n\n\n<figure class=\"wp-block-image size-large\"><a href=\"https:\/\/collies-vom-floersbachtal.de\/cms\/wp-content\/uploads\/2024\/04\/Napoleon1-2.-Woche.jpg\"><img loading=\"lazy\" decoding=\"async\" width=\"984\" height=\"1024\" src=\"https:\/\/collies-vom-floersbachtal.de\/cms\/wp-content\/uploads\/2024\/04\/Napoleon1-2.-Woche-984x1024.jpg\" alt=\"\" class=\"wp-image-45939\" srcset=\"https:\/\/collies-vom-floersbachtal.de\/cms\/wp-content\/uploads\/2024\/04\/Napoleon1-2.-Woche-984x1024.jpg 984w, https:\/\/collies-vom-floersbachtal.de\/cms\/wp-content\/uploads\/2024\/04\/Napoleon1-2.-Woche-288x300.jpg 288w, https:\/\/collies-vom-floersbachtal.de\/cms\/wp-content\/uploads\/2024\/04\/Napoleon1-2.-Woche-768x799.jpg 768w, https:\/\/collies-vom-floersbachtal.de\/cms\/wp-content\/uploads\/2024\/04\/Napoleon1-2.-Woche.jpg 1000w\" sizes=\"auto, (max-width: 984px) 100vw, 984px\" \/><\/a><\/figure>\n\n\n\n<figure class=\"wp-block-gallery has-nested-images columns-default is-cropped wp-block-gallery-17 is-layout-flex wp-block-gallery-is-layout-flex\">\n<figure class=\"wp-block-image size-large\"><a href=\"https:\/\/collies-vom-floersbachtal.de\/cms\/wp-content\/uploads\/2024\/04\/Napoleon2-2.-Woche-1.jpg\"><img loading=\"lazy\" decoding=\"async\" width=\"811\" height=\"1024\" data-id=\"45943\" src=\"https:\/\/collies-vom-floersbachtal.de\/cms\/wp-content\/uploads\/2024\/04\/Napoleon2-2.-Woche-1-811x1024.jpg\" alt=\"\" class=\"wp-image-45943\" srcset=\"https:\/\/collies-vom-floersbachtal.de\/cms\/wp-content\/uploads\/2024\/04\/Napoleon2-2.-Woche-1-811x1024.jpg 811w, https:\/\/collies-vom-floersbachtal.de\/cms\/wp-content\/uploads\/2024\/04\/Napoleon2-2.-Woche-1-238x300.jpg 238w, https:\/\/collies-vom-floersbachtal.de\/cms\/wp-content\/uploads\/2024\/04\/Napoleon2-2.-Woche-1-768x969.jpg 768w, https:\/\/collies-vom-floersbachtal.de\/cms\/wp-content\/uploads\/2024\/04\/Napoleon2-2.-Woche-1.jpg 1000w\" sizes=\"auto, (max-width: 811px) 100vw, 811px\" \/><\/a><\/figure>\n\n\n\n<figure class=\"wp-block-image size-large\"><a href=\"https:\/\/collies-vom-floersbachtal.de\/cms\/wp-content\/uploads\/2024\/04\/Napoleon3-2.-Woche-1.jpg\"><img loading=\"lazy\" decoding=\"async\" width=\"799\" height=\"1024\" data-id=\"45944\" src=\"https:\/\/collies-vom-floersbachtal.de\/cms\/wp-content\/uploads\/2024\/04\/Napoleon3-2.-Woche-1-799x1024.jpg\" alt=\"\" class=\"wp-image-45944\" srcset=\"https:\/\/collies-vom-floersbachtal.de\/cms\/wp-content\/uploads\/2024\/04\/Napoleon3-2.-Woche-1-799x1024.jpg 799w, https:\/\/collies-vom-floersbachtal.de\/cms\/wp-content\/uploads\/2024\/04\/Napoleon3-2.-Woche-1-234x300.jpg 234w, https:\/\/collies-vom-floersbachtal.de\/cms\/wp-content\/uploads\/2024\/04\/Napoleon3-2.-Woche-1-768x984.jpg 768w, https:\/\/collies-vom-floersbachtal.de\/cms\/wp-content\/uploads\/2024\/04\/Napoleon3-2.-Woche-1.jpg 1000w\" sizes=\"auto, (max-width: 799px) 100vw, 799px\" \/><\/a><\/figure>\n<\/figure>\n\n\n\n<figure class=\"wp-block-image size-full\"><a href=\"https:\/\/collies-vom-floersbachtal.de\/cms\/wp-content\/uploads\/2024\/04\/Napoleon1-2-Tage-alt-1.jpg\"><img loading=\"lazy\" decoding=\"async\" width=\"1000\" height=\"1807\" src=\"https:\/\/collies-vom-floersbachtal.de\/cms\/wp-content\/uploads\/2024\/04\/Napoleon1-2-Tage-alt-1.jpg\" alt=\"\" class=\"wp-image-45910\" srcset=\"https:\/\/collies-vom-floersbachtal.de\/cms\/wp-content\/uploads\/2024\/04\/Napoleon1-2-Tage-alt-1.jpg 1000w, https:\/\/collies-vom-floersbachtal.de\/cms\/wp-content\/uploads\/2024\/04\/Napoleon1-2-Tage-alt-1-166x300.jpg 166w, https:\/\/collies-vom-floersbachtal.de\/cms\/wp-content\/uploads\/2024\/04\/Napoleon1-2-Tage-alt-1-567x1024.jpg 567w, https:\/\/collies-vom-floersbachtal.de\/cms\/wp-content\/uploads\/2024\/04\/Napoleon1-2-Tage-alt-1-768x1388.jpg 768w, https:\/\/collies-vom-floersbachtal.de\/cms\/wp-content\/uploads\/2024\/04\/Napoleon1-2-Tage-alt-1-850x1536.jpg 850w\" sizes=\"auto, (max-width: 1000px) 100vw, 1000px\" \/><\/a><\/figure>\n\n\n\n<p><\/p>\n\n\n\n<p><strong>5. Welpe  Neo  21:15 Uhr,    R\u00fcde Dark-Sable\/White   416 g,    ( Widder, Aszendent Skorpion, Deszendent Stier)<\/strong><\/p>\n\n\n\n<p><strong>MDR1 +\/+,&nbsp; &nbsp; &nbsp; CEA +\/+, oder +\/-&nbsp; &nbsp;DM&nbsp; +\/+,&nbsp; &nbsp; &nbsp;GCS&nbsp; N\/N,&nbsp; &nbsp; &nbsp;PRA&nbsp; N\/N,&nbsp; &nbsp; DMS aa bb,<\/strong>   <strong>Cc<\/strong><\/p>\n\n\n\n<h2 class=\"wp-block-heading\"><strong>Neo zieht zu Melanie und Sebastian und einigen Katzen in die Oberpfalz \ud83d\ude42<\/strong><\/h2>\n\n\n\n<p><strong>AUSGEZOGEN am 09.06.24<\/strong><\/p>\n\n\n\n<p><strong>05.06.24 Neo 8 Wochen alt,<\/strong> <strong>6300 g<\/strong><\/p>\n\n\n\n<figure class=\"wp-block-image size-full\"><a href=\"https:\/\/collies-vom-floersbachtal.de\/cms\/wp-content\/uploads\/2024\/06\/Neo-Ulli9.jpg\"><img loading=\"lazy\" decoding=\"async\" width=\"1000\" height=\"667\" src=\"https:\/\/collies-vom-floersbachtal.de\/cms\/wp-content\/uploads\/2024\/06\/Neo-Ulli9.jpg\" alt=\"\" class=\"wp-image-46783\" srcset=\"https:\/\/collies-vom-floersbachtal.de\/cms\/wp-content\/uploads\/2024\/06\/Neo-Ulli9.jpg 1000w, https:\/\/collies-vom-floersbachtal.de\/cms\/wp-content\/uploads\/2024\/06\/Neo-Ulli9-300x200.jpg 300w, https:\/\/collies-vom-floersbachtal.de\/cms\/wp-content\/uploads\/2024\/06\/Neo-Ulli9-768x512.jpg 768w\" sizes=\"auto, (max-width: 1000px) 100vw, 1000px\" \/><\/a><\/figure>\n\n\n\n<p><strong>29.05.24 Neo 7 Wochen alt, 4950 g<\/strong><\/p>\n\n\n\n<figure class=\"wp-block-image size-full\"><a href=\"https:\/\/collies-vom-floersbachtal.de\/cms\/wp-content\/uploads\/2024\/05\/Neo1-7-W.jpg\"><img loading=\"lazy\" decoding=\"async\" width=\"800\" height=\"886\" src=\"https:\/\/collies-vom-floersbachtal.de\/cms\/wp-content\/uploads\/2024\/05\/Neo1-7-W.jpg\" alt=\"\" class=\"wp-image-46698\" srcset=\"https:\/\/collies-vom-floersbachtal.de\/cms\/wp-content\/uploads\/2024\/05\/Neo1-7-W.jpg 800w, https:\/\/collies-vom-floersbachtal.de\/cms\/wp-content\/uploads\/2024\/05\/Neo1-7-W-271x300.jpg 271w, https:\/\/collies-vom-floersbachtal.de\/cms\/wp-content\/uploads\/2024\/05\/Neo1-7-W-768x851.jpg 768w\" sizes=\"auto, (max-width: 800px) 100vw, 800px\" \/><\/a><\/figure>\n\n\n\n<p><strong>22.05.24 Neo 6 Wochen alt, 4480 g<\/strong><\/p>\n\n\n\n<figure class=\"wp-block-image size-large\"><a href=\"https:\/\/collies-vom-floersbachtal.de\/cms\/wp-content\/uploads\/2024\/05\/Neo7-55-W.jpg\"><img loading=\"lazy\" decoding=\"async\" width=\"768\" height=\"1024\" src=\"https:\/\/collies-vom-floersbachtal.de\/cms\/wp-content\/uploads\/2024\/05\/Neo7-55-W-768x1024.jpg\" alt=\"\" class=\"wp-image-46480\" srcset=\"https:\/\/collies-vom-floersbachtal.de\/cms\/wp-content\/uploads\/2024\/05\/Neo7-55-W-768x1024.jpg 768w, https:\/\/collies-vom-floersbachtal.de\/cms\/wp-content\/uploads\/2024\/05\/Neo7-55-W-225x300.jpg 225w, https:\/\/collies-vom-floersbachtal.de\/cms\/wp-content\/uploads\/2024\/05\/Neo7-55-W.jpg 1000w\" sizes=\"auto, (max-width: 768px) 100vw, 768px\" \/><\/a><\/figure>\n\n\n\n<p><strong>15.05.24 Neo 5 Wochen alt,<\/strong> <strong>3380 g<\/strong><\/p>\n\n\n\n<figure class=\"wp-block-image size-large\"><a href=\"https:\/\/collies-vom-floersbachtal.de\/cms\/wp-content\/uploads\/2024\/05\/Neo1-5-W.jpg\"><img loading=\"lazy\" decoding=\"async\" width=\"768\" height=\"1024\" src=\"https:\/\/collies-vom-floersbachtal.de\/cms\/wp-content\/uploads\/2024\/05\/Neo1-5-W-768x1024.jpg\" alt=\"\" class=\"wp-image-46409\" srcset=\"https:\/\/collies-vom-floersbachtal.de\/cms\/wp-content\/uploads\/2024\/05\/Neo1-5-W-768x1024.jpg 768w, https:\/\/collies-vom-floersbachtal.de\/cms\/wp-content\/uploads\/2024\/05\/Neo1-5-W-225x300.jpg 225w, https:\/\/collies-vom-floersbachtal.de\/cms\/wp-content\/uploads\/2024\/05\/Neo1-5-W.jpg 1000w\" sizes=\"auto, (max-width: 768px) 100vw, 768px\" \/><\/a><\/figure>\n\n\n\n<figure class=\"wp-block-gallery has-nested-images columns-default is-cropped wp-block-gallery-18 is-layout-flex wp-block-gallery-is-layout-flex\">\n<figure class=\"wp-block-image size-full\"><a href=\"https:\/\/collies-vom-floersbachtal.de\/cms\/wp-content\/uploads\/2024\/05\/Neo-und-Nando1-4-W.jpg\"><img loading=\"lazy\" decoding=\"async\" width=\"1000\" height=\"998\" data-id=\"46410\" src=\"https:\/\/collies-vom-floersbachtal.de\/cms\/wp-content\/uploads\/2024\/05\/Neo-und-Nando1-4-W.jpg\" alt=\"\" class=\"wp-image-46410\" srcset=\"https:\/\/collies-vom-floersbachtal.de\/cms\/wp-content\/uploads\/2024\/05\/Neo-und-Nando1-4-W.jpg 1000w, https:\/\/collies-vom-floersbachtal.de\/cms\/wp-content\/uploads\/2024\/05\/Neo-und-Nando1-4-W-300x300.jpg 300w, https:\/\/collies-vom-floersbachtal.de\/cms\/wp-content\/uploads\/2024\/05\/Neo-und-Nando1-4-W-150x150.jpg 150w, https:\/\/collies-vom-floersbachtal.de\/cms\/wp-content\/uploads\/2024\/05\/Neo-und-Nando1-4-W-768x766.jpg 768w\" sizes=\"auto, (max-width: 1000px) 100vw, 1000px\" \/><\/a><\/figure>\n\n\n\n<figure class=\"wp-block-image size-large\"><a href=\"https:\/\/collies-vom-floersbachtal.de\/cms\/wp-content\/uploads\/2024\/05\/Neo6-5-W.jpg\"><img loading=\"lazy\" decoding=\"async\" width=\"768\" height=\"1024\" data-id=\"46406\" src=\"https:\/\/collies-vom-floersbachtal.de\/cms\/wp-content\/uploads\/2024\/05\/Neo6-5-W-768x1024.jpg\" alt=\"\" class=\"wp-image-46406\" srcset=\"https:\/\/collies-vom-floersbachtal.de\/cms\/wp-content\/uploads\/2024\/05\/Neo6-5-W-768x1024.jpg 768w, https:\/\/collies-vom-floersbachtal.de\/cms\/wp-content\/uploads\/2024\/05\/Neo6-5-W-225x300.jpg 225w, https:\/\/collies-vom-floersbachtal.de\/cms\/wp-content\/uploads\/2024\/05\/Neo6-5-W.jpg 1000w\" sizes=\"auto, (max-width: 768px) 100vw, 768px\" \/><\/a><\/figure>\n\n\n\n<figure class=\"wp-block-image size-large\"><a href=\"https:\/\/collies-vom-floersbachtal.de\/cms\/wp-content\/uploads\/2024\/05\/Neo7-5-W.jpg\"><img loading=\"lazy\" decoding=\"async\" width=\"635\" height=\"651\" data-id=\"46405\" src=\"https:\/\/collies-vom-floersbachtal.de\/cms\/wp-content\/uploads\/2024\/05\/Neo7-5-W.jpg\" alt=\"\" class=\"wp-image-46405\" srcset=\"https:\/\/collies-vom-floersbachtal.de\/cms\/wp-content\/uploads\/2024\/05\/Neo7-5-W.jpg 635w, https:\/\/collies-vom-floersbachtal.de\/cms\/wp-content\/uploads\/2024\/05\/Neo7-5-W-293x300.jpg 293w\" sizes=\"auto, (max-width: 635px) 100vw, 635px\" \/><\/a><\/figure>\n<\/figure>\n\n\n\n<p><strong>07.05.24 Neo 4 Wochen alt, 2310 g<\/strong><\/p>\n\n\n\n<figure class=\"wp-block-image size-full\"><a href=\"https:\/\/collies-vom-floersbachtal.de\/cms\/wp-content\/uploads\/2024\/05\/Neo1-4-W.jpg\"><img loading=\"lazy\" decoding=\"async\" width=\"800\" height=\"1067\" src=\"https:\/\/collies-vom-floersbachtal.de\/cms\/wp-content\/uploads\/2024\/05\/Neo1-4-W.jpg\" alt=\"\" class=\"wp-image-46294\" srcset=\"https:\/\/collies-vom-floersbachtal.de\/cms\/wp-content\/uploads\/2024\/05\/Neo1-4-W.jpg 800w, https:\/\/collies-vom-floersbachtal.de\/cms\/wp-content\/uploads\/2024\/05\/Neo1-4-W-225x300.jpg 225w, https:\/\/collies-vom-floersbachtal.de\/cms\/wp-content\/uploads\/2024\/05\/Neo1-4-W-768x1024.jpg 768w\" sizes=\"auto, (max-width: 800px) 100vw, 800px\" \/><\/a><\/figure>\n\n\n\n<figure class=\"wp-block-image size-large is-resized\"><a href=\"https:\/\/collies-vom-floersbachtal.de\/cms\/wp-content\/uploads\/2024\/05\/Neo1.jpg\"><img loading=\"lazy\" decoding=\"async\" width=\"768\" height=\"1024\" src=\"https:\/\/collies-vom-floersbachtal.de\/cms\/wp-content\/uploads\/2024\/05\/Neo1-768x1024.jpg\" alt=\"\" class=\"wp-image-46296\" style=\"width:670px;height:auto\" srcset=\"https:\/\/collies-vom-floersbachtal.de\/cms\/wp-content\/uploads\/2024\/05\/Neo1-768x1024.jpg 768w, https:\/\/collies-vom-floersbachtal.de\/cms\/wp-content\/uploads\/2024\/05\/Neo1-225x300.jpg 225w, https:\/\/collies-vom-floersbachtal.de\/cms\/wp-content\/uploads\/2024\/05\/Neo1.jpg 1000w\" sizes=\"auto, (max-width: 768px) 100vw, 768px\" \/><\/a><figcaption class=\"wp-element-caption\"><strong>Ein Genie\u00dfer vor dem Herrn \ud83d\ude00<\/strong><\/figcaption><\/figure>\n\n\n\n<p><strong>01.05.24 Neo 3 Wochen alt,<\/strong> <strong>1822 g<\/strong><\/p>\n\n\n\n<figure class=\"wp-block-gallery has-nested-images columns-default is-cropped wp-block-gallery-19 is-layout-flex wp-block-gallery-is-layout-flex\">\n<figure class=\"wp-block-image size-large\"><a href=\"https:\/\/collies-vom-floersbachtal.de\/cms\/wp-content\/uploads\/2024\/05\/Neo1-3-Wochen-alt.jpg\"><img loading=\"lazy\" decoding=\"async\" width=\"800\" height=\"649\" data-id=\"46202\" src=\"https:\/\/collies-vom-floersbachtal.de\/cms\/wp-content\/uploads\/2024\/05\/Neo1-3-Wochen-alt.jpg\" alt=\"\" class=\"wp-image-46202\" srcset=\"https:\/\/collies-vom-floersbachtal.de\/cms\/wp-content\/uploads\/2024\/05\/Neo1-3-Wochen-alt.jpg 800w, https:\/\/collies-vom-floersbachtal.de\/cms\/wp-content\/uploads\/2024\/05\/Neo1-3-Wochen-alt-300x243.jpg 300w, https:\/\/collies-vom-floersbachtal.de\/cms\/wp-content\/uploads\/2024\/05\/Neo1-3-Wochen-alt-768x623.jpg 768w\" sizes=\"auto, (max-width: 800px) 100vw, 800px\" \/><\/a><\/figure>\n<\/figure>\n\n\n\n<figure class=\"wp-block-gallery has-nested-images columns-default is-cropped wp-block-gallery-20 is-layout-flex wp-block-gallery-is-layout-flex\">\n<figure class=\"wp-block-image size-large\"><a href=\"https:\/\/collies-vom-floersbachtal.de\/cms\/wp-content\/uploads\/2024\/05\/Neo3-3-Wochen-alt.jpg\"><img loading=\"lazy\" decoding=\"async\" width=\"1000\" height=\"848\" data-id=\"46203\" src=\"https:\/\/collies-vom-floersbachtal.de\/cms\/wp-content\/uploads\/2024\/05\/Neo3-3-Wochen-alt.jpg\" alt=\"\" class=\"wp-image-46203\" srcset=\"https:\/\/collies-vom-floersbachtal.de\/cms\/wp-content\/uploads\/2024\/05\/Neo3-3-Wochen-alt.jpg 1000w, https:\/\/collies-vom-floersbachtal.de\/cms\/wp-content\/uploads\/2024\/05\/Neo3-3-Wochen-alt-300x254.jpg 300w, https:\/\/collies-vom-floersbachtal.de\/cms\/wp-content\/uploads\/2024\/05\/Neo3-3-Wochen-alt-768x651.jpg 768w\" sizes=\"auto, (max-width: 1000px) 100vw, 1000px\" \/><\/a><\/figure>\n\n\n\n<figure class=\"wp-block-image size-large\"><a href=\"https:\/\/collies-vom-floersbachtal.de\/cms\/wp-content\/uploads\/2024\/05\/Neo-braucht-Trost2-19-Tage.jpg\"><img loading=\"lazy\" decoding=\"async\" width=\"1000\" height=\"804\" data-id=\"46204\" src=\"https:\/\/collies-vom-floersbachtal.de\/cms\/wp-content\/uploads\/2024\/05\/Neo-braucht-Trost2-19-Tage.jpg\" alt=\"\" class=\"wp-image-46204\" srcset=\"https:\/\/collies-vom-floersbachtal.de\/cms\/wp-content\/uploads\/2024\/05\/Neo-braucht-Trost2-19-Tage.jpg 1000w, https:\/\/collies-vom-floersbachtal.de\/cms\/wp-content\/uploads\/2024\/05\/Neo-braucht-Trost2-19-Tage-300x241.jpg 300w, https:\/\/collies-vom-floersbachtal.de\/cms\/wp-content\/uploads\/2024\/05\/Neo-braucht-Trost2-19-Tage-768x617.jpg 768w\" sizes=\"auto, (max-width: 1000px) 100vw, 1000px\" \/><\/a><\/figure>\n<\/figure>\n\n\n\n<figure class=\"wp-block-image size-large\"><a href=\"https:\/\/collies-vom-floersbachtal.de\/cms\/wp-content\/uploads\/2024\/05\/Neo1-3-Wochen.jpg\"><img loading=\"lazy\" decoding=\"async\" width=\"577\" height=\"1024\" src=\"https:\/\/collies-vom-floersbachtal.de\/cms\/wp-content\/uploads\/2024\/05\/Neo1-3-Wochen-577x1024.jpg\" alt=\"\" class=\"wp-image-46181\" srcset=\"https:\/\/collies-vom-floersbachtal.de\/cms\/wp-content\/uploads\/2024\/05\/Neo1-3-Wochen-577x1024.jpg 577w, https:\/\/collies-vom-floersbachtal.de\/cms\/wp-content\/uploads\/2024\/05\/Neo1-3-Wochen-169x300.jpg 169w, https:\/\/collies-vom-floersbachtal.de\/cms\/wp-content\/uploads\/2024\/05\/Neo1-3-Wochen-768x1364.jpg 768w, https:\/\/collies-vom-floersbachtal.de\/cms\/wp-content\/uploads\/2024\/05\/Neo1-3-Wochen-865x1536.jpg 865w, https:\/\/collies-vom-floersbachtal.de\/cms\/wp-content\/uploads\/2024\/05\/Neo1-3-Wochen.jpg 1000w\" sizes=\"auto, (max-width: 577px) 100vw, 577px\" \/><\/a><\/figure>\n\n\n\n<p><strong>24.04.24 Neo 2 Wochen alt,<\/strong> <strong>1270 g<\/strong><\/p>\n\n\n\n<figure class=\"wp-block-image size-full is-style-rounded\"><a href=\"https:\/\/collies-vom-floersbachtal.de\/cms\/wp-content\/uploads\/2024\/04\/Neo1-15-Tage.jpg\"><img loading=\"lazy\" decoding=\"async\" width=\"1000\" height=\"1012\" src=\"https:\/\/collies-vom-floersbachtal.de\/cms\/wp-content\/uploads\/2024\/04\/Neo1-15-Tage.jpg\" alt=\"\" class=\"wp-image-46114\" srcset=\"https:\/\/collies-vom-floersbachtal.de\/cms\/wp-content\/uploads\/2024\/04\/Neo1-15-Tage.jpg 1000w, https:\/\/collies-vom-floersbachtal.de\/cms\/wp-content\/uploads\/2024\/04\/Neo1-15-Tage-296x300.jpg 296w, https:\/\/collies-vom-floersbachtal.de\/cms\/wp-content\/uploads\/2024\/04\/Neo1-15-Tage-768x777.jpg 768w\" sizes=\"auto, (max-width: 1000px) 100vw, 1000px\" \/><\/a><\/figure>\n\n\n\n<figure class=\"wp-block-gallery has-nested-images columns-default is-cropped wp-block-gallery-21 is-layout-flex wp-block-gallery-is-layout-flex\">\n<figure class=\"wp-block-image size-large\"><a href=\"https:\/\/collies-vom-floersbachtal.de\/cms\/wp-content\/uploads\/2024\/04\/Neo3-15-Tage.jpg\"><img loading=\"lazy\" decoding=\"async\" width=\"1000\" height=\"792\" data-id=\"46116\" src=\"https:\/\/collies-vom-floersbachtal.de\/cms\/wp-content\/uploads\/2024\/04\/Neo3-15-Tage.jpg\" alt=\"\" class=\"wp-image-46116\" srcset=\"https:\/\/collies-vom-floersbachtal.de\/cms\/wp-content\/uploads\/2024\/04\/Neo3-15-Tage.jpg 1000w, https:\/\/collies-vom-floersbachtal.de\/cms\/wp-content\/uploads\/2024\/04\/Neo3-15-Tage-300x238.jpg 300w, https:\/\/collies-vom-floersbachtal.de\/cms\/wp-content\/uploads\/2024\/04\/Neo3-15-Tage-768x608.jpg 768w\" sizes=\"auto, (max-width: 1000px) 100vw, 1000px\" \/><\/a><\/figure>\n\n\n\n<figure class=\"wp-block-image size-large\"><a href=\"https:\/\/collies-vom-floersbachtal.de\/cms\/wp-content\/uploads\/2024\/04\/Neo2-15-Tage.jpg\"><img loading=\"lazy\" decoding=\"async\" width=\"1000\" height=\"1018\" data-id=\"46115\" src=\"https:\/\/collies-vom-floersbachtal.de\/cms\/wp-content\/uploads\/2024\/04\/Neo2-15-Tage.jpg\" alt=\"\" class=\"wp-image-46115\" srcset=\"https:\/\/collies-vom-floersbachtal.de\/cms\/wp-content\/uploads\/2024\/04\/Neo2-15-Tage.jpg 1000w, https:\/\/collies-vom-floersbachtal.de\/cms\/wp-content\/uploads\/2024\/04\/Neo2-15-Tage-295x300.jpg 295w, https:\/\/collies-vom-floersbachtal.de\/cms\/wp-content\/uploads\/2024\/04\/Neo2-15-Tage-768x782.jpg 768w\" sizes=\"auto, (max-width: 1000px) 100vw, 1000px\" \/><\/a><\/figure>\n<\/figure>\n\n\n\n<figure class=\"wp-block-gallery has-nested-images columns-default is-cropped wp-block-gallery-22 is-layout-flex wp-block-gallery-is-layout-flex\">\n<figure class=\"wp-block-image size-large\"><a href=\"https:\/\/collies-vom-floersbachtal.de\/cms\/wp-content\/uploads\/2024\/04\/Neo-und-Nadira1-2-Wochen.jpg\"><img loading=\"lazy\" decoding=\"async\" width=\"800\" height=\"1012\" data-id=\"46075\" src=\"https:\/\/collies-vom-floersbachtal.de\/cms\/wp-content\/uploads\/2024\/04\/Neo-und-Nadira1-2-Wochen.jpg\" alt=\"\" class=\"wp-image-46075\" srcset=\"https:\/\/collies-vom-floersbachtal.de\/cms\/wp-content\/uploads\/2024\/04\/Neo-und-Nadira1-2-Wochen.jpg 800w, https:\/\/collies-vom-floersbachtal.de\/cms\/wp-content\/uploads\/2024\/04\/Neo-und-Nadira1-2-Wochen-237x300.jpg 237w, https:\/\/collies-vom-floersbachtal.de\/cms\/wp-content\/uploads\/2024\/04\/Neo-und-Nadira1-2-Wochen-768x972.jpg 768w\" sizes=\"auto, (max-width: 800px) 100vw, 800px\" \/><\/a><\/figure>\n\n\n\n<figure class=\"wp-block-image size-large\"><a href=\"https:\/\/collies-vom-floersbachtal.de\/cms\/wp-content\/uploads\/2024\/04\/Neo1-2-Wochen.jpg\"><img loading=\"lazy\" decoding=\"async\" width=\"720\" height=\"1024\" data-id=\"46074\" src=\"https:\/\/collies-vom-floersbachtal.de\/cms\/wp-content\/uploads\/2024\/04\/Neo1-2-Wochen-720x1024.jpg\" alt=\"\" class=\"wp-image-46074\" srcset=\"https:\/\/collies-vom-floersbachtal.de\/cms\/wp-content\/uploads\/2024\/04\/Neo1-2-Wochen-720x1024.jpg 720w, https:\/\/collies-vom-floersbachtal.de\/cms\/wp-content\/uploads\/2024\/04\/Neo1-2-Wochen-211x300.jpg 211w, https:\/\/collies-vom-floersbachtal.de\/cms\/wp-content\/uploads\/2024\/04\/Neo1-2-Wochen-768x1092.jpg 768w, https:\/\/collies-vom-floersbachtal.de\/cms\/wp-content\/uploads\/2024\/04\/Neo1-2-Wochen.jpg 800w\" sizes=\"auto, (max-width: 720px) 100vw, 720px\" \/><\/a><\/figure>\n<\/figure>\n\n\n\n<p><strong>17.04.2024<\/strong> <strong>Neo 1 Woche alt, 775 g<\/strong><\/p>\n\n\n\n<figure class=\"wp-block-image size-large is-style-rounded\"><a href=\"https:\/\/collies-vom-floersbachtal.de\/cms\/wp-content\/uploads\/2024\/04\/Neo4-2.-Woche.jpg\"><img loading=\"lazy\" decoding=\"async\" width=\"848\" height=\"1024\" src=\"https:\/\/collies-vom-floersbachtal.de\/cms\/wp-content\/uploads\/2024\/04\/Neo4-2.-Woche-848x1024.jpg\" alt=\"\" class=\"wp-image-45945\" srcset=\"https:\/\/collies-vom-floersbachtal.de\/cms\/wp-content\/uploads\/2024\/04\/Neo4-2.-Woche-848x1024.jpg 848w, https:\/\/collies-vom-floersbachtal.de\/cms\/wp-content\/uploads\/2024\/04\/Neo4-2.-Woche-248x300.jpg 248w, https:\/\/collies-vom-floersbachtal.de\/cms\/wp-content\/uploads\/2024\/04\/Neo4-2.-Woche-768x928.jpg 768w, https:\/\/collies-vom-floersbachtal.de\/cms\/wp-content\/uploads\/2024\/04\/Neo4-2.-Woche.jpg 1000w\" sizes=\"auto, (max-width: 848px) 100vw, 848px\" \/><\/a><\/figure>\n\n\n\n<figure class=\"wp-block-gallery has-nested-images columns-default is-cropped wp-block-gallery-23 is-layout-flex wp-block-gallery-is-layout-flex\">\n<figure class=\"wp-block-image size-large\"><a href=\"https:\/\/collies-vom-floersbachtal.de\/cms\/wp-content\/uploads\/2024\/04\/Neo2-2.-Woche.jpg\"><img loading=\"lazy\" decoding=\"async\" width=\"716\" height=\"1024\" data-id=\"45948\" src=\"https:\/\/collies-vom-floersbachtal.de\/cms\/wp-content\/uploads\/2024\/04\/Neo2-2.-Woche-716x1024.jpg\" alt=\"\" class=\"wp-image-45948\" srcset=\"https:\/\/collies-vom-floersbachtal.de\/cms\/wp-content\/uploads\/2024\/04\/Neo2-2.-Woche-716x1024.jpg 716w, https:\/\/collies-vom-floersbachtal.de\/cms\/wp-content\/uploads\/2024\/04\/Neo2-2.-Woche-210x300.jpg 210w, https:\/\/collies-vom-floersbachtal.de\/cms\/wp-content\/uploads\/2024\/04\/Neo2-2.-Woche-768x1099.jpg 768w, https:\/\/collies-vom-floersbachtal.de\/cms\/wp-content\/uploads\/2024\/04\/Neo2-2.-Woche.jpg 1000w\" sizes=\"auto, (max-width: 716px) 100vw, 716px\" \/><\/a><\/figure>\n\n\n\n<figure class=\"wp-block-image size-large\"><a href=\"https:\/\/collies-vom-floersbachtal.de\/cms\/wp-content\/uploads\/2024\/04\/Neo3-2.-Woche.jpg\"><img loading=\"lazy\" decoding=\"async\" width=\"939\" height=\"1024\" data-id=\"45946\" src=\"https:\/\/collies-vom-floersbachtal.de\/cms\/wp-content\/uploads\/2024\/04\/Neo3-2.-Woche-939x1024.jpg\" alt=\"\" class=\"wp-image-45946\" srcset=\"https:\/\/collies-vom-floersbachtal.de\/cms\/wp-content\/uploads\/2024\/04\/Neo3-2.-Woche-939x1024.jpg 939w, https:\/\/collies-vom-floersbachtal.de\/cms\/wp-content\/uploads\/2024\/04\/Neo3-2.-Woche-275x300.jpg 275w, https:\/\/collies-vom-floersbachtal.de\/cms\/wp-content\/uploads\/2024\/04\/Neo3-2.-Woche-768x837.jpg 768w, https:\/\/collies-vom-floersbachtal.de\/cms\/wp-content\/uploads\/2024\/04\/Neo3-2.-Woche.jpg 1000w\" sizes=\"auto, (max-width: 939px) 100vw, 939px\" \/><\/a><\/figure>\n\n\n\n<figure class=\"wp-block-image size-large\"><a href=\"https:\/\/collies-vom-floersbachtal.de\/cms\/wp-content\/uploads\/2024\/04\/Neo1-2.-Woche.jpg\"><img loading=\"lazy\" decoding=\"async\" width=\"919\" height=\"1024\" data-id=\"45947\" src=\"https:\/\/collies-vom-floersbachtal.de\/cms\/wp-content\/uploads\/2024\/04\/Neo1-2.-Woche-919x1024.jpg\" alt=\"\" class=\"wp-image-45947\" srcset=\"https:\/\/collies-vom-floersbachtal.de\/cms\/wp-content\/uploads\/2024\/04\/Neo1-2.-Woche-919x1024.jpg 919w, https:\/\/collies-vom-floersbachtal.de\/cms\/wp-content\/uploads\/2024\/04\/Neo1-2.-Woche-269x300.jpg 269w, https:\/\/collies-vom-floersbachtal.de\/cms\/wp-content\/uploads\/2024\/04\/Neo1-2.-Woche-768x856.jpg 768w, https:\/\/collies-vom-floersbachtal.de\/cms\/wp-content\/uploads\/2024\/04\/Neo1-2.-Woche.jpg 1000w\" sizes=\"auto, (max-width: 919px) 100vw, 919px\" \/><\/a><\/figure>\n<\/figure>\n\n\n\n<figure class=\"wp-block-image size-full\"><a href=\"https:\/\/collies-vom-floersbachtal.de\/cms\/wp-content\/uploads\/2024\/04\/Neo1-3-Tage-1.jpg\"><img loading=\"lazy\" decoding=\"async\" width=\"1000\" height=\"1185\" src=\"https:\/\/collies-vom-floersbachtal.de\/cms\/wp-content\/uploads\/2024\/04\/Neo1-3-Tage-1.jpg\" alt=\"\" class=\"wp-image-45908\" srcset=\"https:\/\/collies-vom-floersbachtal.de\/cms\/wp-content\/uploads\/2024\/04\/Neo1-3-Tage-1.jpg 1000w, https:\/\/collies-vom-floersbachtal.de\/cms\/wp-content\/uploads\/2024\/04\/Neo1-3-Tage-1-253x300.jpg 253w, https:\/\/collies-vom-floersbachtal.de\/cms\/wp-content\/uploads\/2024\/04\/Neo1-3-Tage-1-864x1024.jpg 864w, https:\/\/collies-vom-floersbachtal.de\/cms\/wp-content\/uploads\/2024\/04\/Neo1-3-Tage-1-768x910.jpg 768w\" sizes=\"auto, (max-width: 1000px) 100vw, 1000px\" \/><\/a><\/figure>\n\n\n\n<p><\/p>\n\n\n\n<p><strong>6. Welpe  Naoki  ( kleiner Stammhalter) 22:05 Uhr,   R\u00fcde sehr Dark-Sable\/White 457 g,    ( Widder, Aszendent Skorpion,<strong>Deszendent Stier<\/strong> )<\/strong><\/p>\n\n\n\n<p><strong>MDR1 +\/+,&nbsp; &nbsp; &nbsp; CEA +\/+, oder +\/-&nbsp; &nbsp;DM&nbsp; +\/+,&nbsp; &nbsp; &nbsp;GCS&nbsp; N\/N,&nbsp; &nbsp; &nbsp;PRA&nbsp; N\/N,&nbsp; &nbsp; DMS aa bb,<\/strong> <strong>Cc <\/strong><\/p>\n\n\n\n<h2 class=\"wp-block-heading\"><strong>Naoki zieht zu Simone und Walter, so wie einigen Katzen in den Odenwald \ud83d\ude42<\/strong><\/h2>\n\n\n\n<p><strong>12.06.24 Naoki  9 Wochen alt, 8000 g<\/strong><\/p>\n\n\n\n<figure class=\"wp-block-image size-full\"><a href=\"https:\/\/collies-vom-floersbachtal.de\/cms\/wp-content\/uploads\/2024\/06\/Naoki3-9-W.jpg\"><img loading=\"lazy\" decoding=\"async\" width=\"800\" height=\"1020\" src=\"https:\/\/collies-vom-floersbachtal.de\/cms\/wp-content\/uploads\/2024\/06\/Naoki3-9-W.jpg\" alt=\"\" class=\"wp-image-47056\" srcset=\"https:\/\/collies-vom-floersbachtal.de\/cms\/wp-content\/uploads\/2024\/06\/Naoki3-9-W.jpg 800w, https:\/\/collies-vom-floersbachtal.de\/cms\/wp-content\/uploads\/2024\/06\/Naoki3-9-W-235x300.jpg 235w, https:\/\/collies-vom-floersbachtal.de\/cms\/wp-content\/uploads\/2024\/06\/Naoki3-9-W-768x979.jpg 768w\" sizes=\"auto, (max-width: 800px) 100vw, 800px\" \/><\/a><\/figure>\n\n\n\n<p><strong>05.06.24 Naoki 8 Wochen alt,<\/strong> <strong>700o g <\/strong><\/p>\n\n\n\n<figure class=\"wp-block-image size-full\"><a href=\"https:\/\/collies-vom-floersbachtal.de\/cms\/wp-content\/uploads\/2024\/06\/Naoki-Ulli6.jpg\"><img loading=\"lazy\" decoding=\"async\" width=\"1000\" height=\"667\" src=\"https:\/\/collies-vom-floersbachtal.de\/cms\/wp-content\/uploads\/2024\/06\/Naoki-Ulli6.jpg\" alt=\"\" class=\"wp-image-46784\" srcset=\"https:\/\/collies-vom-floersbachtal.de\/cms\/wp-content\/uploads\/2024\/06\/Naoki-Ulli6.jpg 1000w, https:\/\/collies-vom-floersbachtal.de\/cms\/wp-content\/uploads\/2024\/06\/Naoki-Ulli6-300x200.jpg 300w, https:\/\/collies-vom-floersbachtal.de\/cms\/wp-content\/uploads\/2024\/06\/Naoki-Ulli6-768x512.jpg 768w\" sizes=\"auto, (max-width: 1000px) 100vw, 1000px\" \/><\/a><\/figure>\n\n\n\n<p><strong>29.05.24 Naoki 7 Wochen alt, 5490 g<\/strong><\/p>\n\n\n\n<figure class=\"wp-block-image size-full\"><a href=\"https:\/\/collies-vom-floersbachtal.de\/cms\/wp-content\/uploads\/2024\/05\/Naoki1-Uli-Foto.jpg\"><img loading=\"lazy\" decoding=\"async\" width=\"1000\" height=\"680\" src=\"https:\/\/collies-vom-floersbachtal.de\/cms\/wp-content\/uploads\/2024\/05\/Naoki1-Uli-Foto.jpg\" alt=\"\" class=\"wp-image-46722\" srcset=\"https:\/\/collies-vom-floersbachtal.de\/cms\/wp-content\/uploads\/2024\/05\/Naoki1-Uli-Foto.jpg 1000w, https:\/\/collies-vom-floersbachtal.de\/cms\/wp-content\/uploads\/2024\/05\/Naoki1-Uli-Foto-300x204.jpg 300w, https:\/\/collies-vom-floersbachtal.de\/cms\/wp-content\/uploads\/2024\/05\/Naoki1-Uli-Foto-768x522.jpg 768w\" sizes=\"auto, (max-width: 1000px) 100vw, 1000px\" \/><\/a><\/figure>\n\n\n\n<p><strong>22.05.24 Naoki 6 Wochen alt, 4760 g<\/strong><\/p>\n\n\n\n<figure class=\"wp-block-image size-full\"><a href=\"https:\/\/collies-vom-floersbachtal.de\/cms\/wp-content\/uploads\/2024\/05\/Naoki1-5-W-1.jpg\"><img loading=\"lazy\" decoding=\"async\" width=\"1000\" height=\"974\" src=\"https:\/\/collies-vom-floersbachtal.de\/cms\/wp-content\/uploads\/2024\/05\/Naoki1-5-W-1.jpg\" alt=\"\" class=\"wp-image-46481\" srcset=\"https:\/\/collies-vom-floersbachtal.de\/cms\/wp-content\/uploads\/2024\/05\/Naoki1-5-W-1.jpg 1000w, https:\/\/collies-vom-floersbachtal.de\/cms\/wp-content\/uploads\/2024\/05\/Naoki1-5-W-1-300x292.jpg 300w, https:\/\/collies-vom-floersbachtal.de\/cms\/wp-content\/uploads\/2024\/05\/Naoki1-5-W-1-768x748.jpg 768w\" sizes=\"auto, (max-width: 1000px) 100vw, 1000px\" \/><\/a><\/figure>\n\n\n\n<p><strong>15.05.24 Naoki 5 Wochen alt,<\/strong> <strong>3620 g<\/strong><\/p>\n\n\n\n<figure class=\"wp-block-image size-full\"><a href=\"https:\/\/collies-vom-floersbachtal.de\/cms\/wp-content\/uploads\/2024\/05\/Naoki2-5-W.jpg\"><img loading=\"lazy\" decoding=\"async\" width=\"1000\" height=\"922\" src=\"https:\/\/collies-vom-floersbachtal.de\/cms\/wp-content\/uploads\/2024\/05\/Naoki2-5-W.jpg\" alt=\"\" class=\"wp-image-46412\" srcset=\"https:\/\/collies-vom-floersbachtal.de\/cms\/wp-content\/uploads\/2024\/05\/Naoki2-5-W.jpg 1000w, https:\/\/collies-vom-floersbachtal.de\/cms\/wp-content\/uploads\/2024\/05\/Naoki2-5-W-300x277.jpg 300w, https:\/\/collies-vom-floersbachtal.de\/cms\/wp-content\/uploads\/2024\/05\/Naoki2-5-W-768x708.jpg 768w\" sizes=\"auto, (max-width: 1000px) 100vw, 1000px\" \/><\/a><\/figure>\n\n\n\n<figure class=\"wp-block-gallery has-nested-images columns-default is-cropped wp-block-gallery-24 is-layout-flex wp-block-gallery-is-layout-flex\">\n<figure class=\"wp-block-image size-large\"><a href=\"https:\/\/collies-vom-floersbachtal.de\/cms\/wp-content\/uploads\/2024\/05\/Naoki3-5-W.jpg\"><img loading=\"lazy\" decoding=\"async\" width=\"1000\" height=\"694\" data-id=\"46413\" src=\"https:\/\/collies-vom-floersbachtal.de\/cms\/wp-content\/uploads\/2024\/05\/Naoki3-5-W.jpg\" alt=\"\" class=\"wp-image-46413\" srcset=\"https:\/\/collies-vom-floersbachtal.de\/cms\/wp-content\/uploads\/2024\/05\/Naoki3-5-W.jpg 1000w, https:\/\/collies-vom-floersbachtal.de\/cms\/wp-content\/uploads\/2024\/05\/Naoki3-5-W-300x208.jpg 300w, https:\/\/collies-vom-floersbachtal.de\/cms\/wp-content\/uploads\/2024\/05\/Naoki3-5-W-768x533.jpg 768w\" sizes=\"auto, (max-width: 1000px) 100vw, 1000px\" \/><\/a><\/figure>\n\n\n\n<figure class=\"wp-block-image size-large\"><a href=\"https:\/\/collies-vom-floersbachtal.de\/cms\/wp-content\/uploads\/2024\/05\/Naoki1-5-W.jpg\"><img loading=\"lazy\" decoding=\"async\" width=\"778\" height=\"1024\" data-id=\"46414\" src=\"https:\/\/collies-vom-floersbachtal.de\/cms\/wp-content\/uploads\/2024\/05\/Naoki1-5-W-778x1024.jpg\" alt=\"\" class=\"wp-image-46414\" srcset=\"https:\/\/collies-vom-floersbachtal.de\/cms\/wp-content\/uploads\/2024\/05\/Naoki1-5-W-778x1024.jpg 778w, https:\/\/collies-vom-floersbachtal.de\/cms\/wp-content\/uploads\/2024\/05\/Naoki1-5-W-228x300.jpg 228w, https:\/\/collies-vom-floersbachtal.de\/cms\/wp-content\/uploads\/2024\/05\/Naoki1-5-W-768x1011.jpg 768w, https:\/\/collies-vom-floersbachtal.de\/cms\/wp-content\/uploads\/2024\/05\/Naoki1-5-W.jpg 1000w\" sizes=\"auto, (max-width: 778px) 100vw, 778px\" \/><\/a><\/figure>\n<\/figure>\n\n\n\n<p><strong>07.05.24 Naoki 4 Wochen alt, 2350 g<\/strong><\/p>\n\n\n\n<figure class=\"wp-block-image size-full\"><a href=\"https:\/\/collies-vom-floersbachtal.de\/cms\/wp-content\/uploads\/2024\/05\/Naoki1-Besuch-von-Salli.jpg\"><img loading=\"lazy\" decoding=\"async\" width=\"800\" height=\"492\" src=\"https:\/\/collies-vom-floersbachtal.de\/cms\/wp-content\/uploads\/2024\/05\/Naoki1-Besuch-von-Salli.jpg\" alt=\"\" class=\"wp-image-46290\" srcset=\"https:\/\/collies-vom-floersbachtal.de\/cms\/wp-content\/uploads\/2024\/05\/Naoki1-Besuch-von-Salli.jpg 800w, https:\/\/collies-vom-floersbachtal.de\/cms\/wp-content\/uploads\/2024\/05\/Naoki1-Besuch-von-Salli-300x185.jpg 300w, https:\/\/collies-vom-floersbachtal.de\/cms\/wp-content\/uploads\/2024\/05\/Naoki1-Besuch-von-Salli-768x472.jpg 768w\" sizes=\"auto, (max-width: 800px) 100vw, 800px\" \/><\/a><\/figure>\n\n\n\n<p><strong>01.05.24 Naoki 3 Wochen alt,<\/strong> <strong>1765 g<\/strong><\/p>\n\n\n\n<figure class=\"wp-block-image size-full\"><a href=\"https:\/\/collies-vom-floersbachtal.de\/cms\/wp-content\/uploads\/2024\/05\/Naoki2-20.-Tag.jpg\"><img loading=\"lazy\" decoding=\"async\" width=\"1000\" height=\"882\" src=\"https:\/\/collies-vom-floersbachtal.de\/cms\/wp-content\/uploads\/2024\/05\/Naoki2-20.-Tag.jpg\" alt=\"\" class=\"wp-image-46183\" srcset=\"https:\/\/collies-vom-floersbachtal.de\/cms\/wp-content\/uploads\/2024\/05\/Naoki2-20.-Tag.jpg 1000w, https:\/\/collies-vom-floersbachtal.de\/cms\/wp-content\/uploads\/2024\/05\/Naoki2-20.-Tag-300x265.jpg 300w, https:\/\/collies-vom-floersbachtal.de\/cms\/wp-content\/uploads\/2024\/05\/Naoki2-20.-Tag-768x677.jpg 768w\" sizes=\"auto, (max-width: 1000px) 100vw, 1000px\" \/><\/a><\/figure>\n\n\n\n<figure class=\"wp-block-gallery has-nested-images columns-default is-cropped wp-block-gallery-25 is-layout-flex wp-block-gallery-is-layout-flex\">\n<figure class=\"wp-block-image size-large\"><a href=\"https:\/\/collies-vom-floersbachtal.de\/cms\/wp-content\/uploads\/2024\/05\/Naoki1-20.-Tag.jpg\"><img loading=\"lazy\" decoding=\"async\" width=\"1000\" height=\"866\" data-id=\"46187\" src=\"https:\/\/collies-vom-floersbachtal.de\/cms\/wp-content\/uploads\/2024\/05\/Naoki1-20.-Tag.jpg\" alt=\"\" class=\"wp-image-46187\" srcset=\"https:\/\/collies-vom-floersbachtal.de\/cms\/wp-content\/uploads\/2024\/05\/Naoki1-20.-Tag.jpg 1000w, https:\/\/collies-vom-floersbachtal.de\/cms\/wp-content\/uploads\/2024\/05\/Naoki1-20.-Tag-300x260.jpg 300w, https:\/\/collies-vom-floersbachtal.de\/cms\/wp-content\/uploads\/2024\/05\/Naoki1-20.-Tag-768x665.jpg 768w\" sizes=\"auto, (max-width: 1000px) 100vw, 1000px\" \/><\/a><\/figure>\n\n\n\n<figure class=\"wp-block-image size-large\"><a href=\"https:\/\/collies-vom-floersbachtal.de\/cms\/wp-content\/uploads\/2024\/05\/Naoki2-3-Wochen.jpg\"><img loading=\"lazy\" decoding=\"async\" width=\"764\" height=\"1024\" data-id=\"46186\" src=\"https:\/\/collies-vom-floersbachtal.de\/cms\/wp-content\/uploads\/2024\/05\/Naoki2-3-Wochen-764x1024.jpg\" alt=\"\" class=\"wp-image-46186\" srcset=\"https:\/\/collies-vom-floersbachtal.de\/cms\/wp-content\/uploads\/2024\/05\/Naoki2-3-Wochen-764x1024.jpg 764w, https:\/\/collies-vom-floersbachtal.de\/cms\/wp-content\/uploads\/2024\/05\/Naoki2-3-Wochen-224x300.jpg 224w, https:\/\/collies-vom-floersbachtal.de\/cms\/wp-content\/uploads\/2024\/05\/Naoki2-3-Wochen-768x1029.jpg 768w, https:\/\/collies-vom-floersbachtal.de\/cms\/wp-content\/uploads\/2024\/05\/Naoki2-3-Wochen.jpg 1000w\" sizes=\"auto, (max-width: 764px) 100vw, 764px\" \/><\/a><\/figure>\n\n\n\n<figure class=\"wp-block-image size-large\"><a href=\"https:\/\/collies-vom-floersbachtal.de\/cms\/wp-content\/uploads\/2024\/05\/Naoki4-20.-Tag.jpg\"><img loading=\"lazy\" decoding=\"async\" width=\"1000\" height=\"979\" data-id=\"46184\" src=\"https:\/\/collies-vom-floersbachtal.de\/cms\/wp-content\/uploads\/2024\/05\/Naoki4-20.-Tag.jpg\" alt=\"\" class=\"wp-image-46184\" srcset=\"https:\/\/collies-vom-floersbachtal.de\/cms\/wp-content\/uploads\/2024\/05\/Naoki4-20.-Tag.jpg 1000w, https:\/\/collies-vom-floersbachtal.de\/cms\/wp-content\/uploads\/2024\/05\/Naoki4-20.-Tag-300x294.jpg 300w, https:\/\/collies-vom-floersbachtal.de\/cms\/wp-content\/uploads\/2024\/05\/Naoki4-20.-Tag-768x752.jpg 768w\" sizes=\"auto, (max-width: 1000px) 100vw, 1000px\" \/><\/a><\/figure>\n\n\n\n<figure class=\"wp-block-image size-large\"><a href=\"https:\/\/collies-vom-floersbachtal.de\/cms\/wp-content\/uploads\/2024\/05\/Naoki3-20.-Tag.jpg\"><img loading=\"lazy\" decoding=\"async\" width=\"1000\" height=\"766\" data-id=\"46185\" src=\"https:\/\/collies-vom-floersbachtal.de\/cms\/wp-content\/uploads\/2024\/05\/Naoki3-20.-Tag.jpg\" alt=\"\" class=\"wp-image-46185\" srcset=\"https:\/\/collies-vom-floersbachtal.de\/cms\/wp-content\/uploads\/2024\/05\/Naoki3-20.-Tag.jpg 1000w, https:\/\/collies-vom-floersbachtal.de\/cms\/wp-content\/uploads\/2024\/05\/Naoki3-20.-Tag-300x230.jpg 300w, https:\/\/collies-vom-floersbachtal.de\/cms\/wp-content\/uploads\/2024\/05\/Naoki3-20.-Tag-768x588.jpg 768w\" sizes=\"auto, (max-width: 1000px) 100vw, 1000px\" \/><\/a><\/figure>\n<\/figure>\n\n\n\n<p><strong>24.04.24 Naoki 2 Wochen alt, 1197 g <\/strong><\/p>\n\n\n\n<figure class=\"wp-block-image size-full is-style-rounded\"><a href=\"https:\/\/collies-vom-floersbachtal.de\/cms\/wp-content\/uploads\/2024\/04\/Naoki1-15-Tage.jpg\"><img loading=\"lazy\" decoding=\"async\" width=\"1000\" height=\"819\" src=\"https:\/\/collies-vom-floersbachtal.de\/cms\/wp-content\/uploads\/2024\/04\/Naoki1-15-Tage.jpg\" alt=\"\" class=\"wp-image-46118\" srcset=\"https:\/\/collies-vom-floersbachtal.de\/cms\/wp-content\/uploads\/2024\/04\/Naoki1-15-Tage.jpg 1000w, https:\/\/collies-vom-floersbachtal.de\/cms\/wp-content\/uploads\/2024\/04\/Naoki1-15-Tage-300x246.jpg 300w, https:\/\/collies-vom-floersbachtal.de\/cms\/wp-content\/uploads\/2024\/04\/Naoki1-15-Tage-768x629.jpg 768w\" sizes=\"auto, (max-width: 1000px) 100vw, 1000px\" \/><\/a><\/figure>\n\n\n\n<figure class=\"wp-block-image size-full\"><a href=\"https:\/\/collies-vom-floersbachtal.de\/cms\/wp-content\/uploads\/2024\/04\/Naoki-und-Napoleon1-2-Wochen.jpg\"><img loading=\"lazy\" decoding=\"async\" width=\"800\" height=\"777\" src=\"https:\/\/collies-vom-floersbachtal.de\/cms\/wp-content\/uploads\/2024\/04\/Naoki-und-Napoleon1-2-Wochen.jpg\" alt=\"\" class=\"wp-image-46077\" srcset=\"https:\/\/collies-vom-floersbachtal.de\/cms\/wp-content\/uploads\/2024\/04\/Naoki-und-Napoleon1-2-Wochen.jpg 800w, https:\/\/collies-vom-floersbachtal.de\/cms\/wp-content\/uploads\/2024\/04\/Naoki-und-Napoleon1-2-Wochen-300x291.jpg 300w, https:\/\/collies-vom-floersbachtal.de\/cms\/wp-content\/uploads\/2024\/04\/Naoki-und-Napoleon1-2-Wochen-768x746.jpg 768w\" sizes=\"auto, (max-width: 800px) 100vw, 800px\" \/><\/a><\/figure>\n\n\n\n<figure class=\"wp-block-gallery has-nested-images columns-default is-cropped wp-block-gallery-26 is-layout-flex wp-block-gallery-is-layout-flex\">\n<figure class=\"wp-block-image size-large\"><a href=\"https:\/\/collies-vom-floersbachtal.de\/cms\/wp-content\/uploads\/2024\/04\/Naoki3-2-Wochen.jpg\"><img loading=\"lazy\" decoding=\"async\" width=\"800\" height=\"750\" data-id=\"46079\" src=\"https:\/\/collies-vom-floersbachtal.de\/cms\/wp-content\/uploads\/2024\/04\/Naoki3-2-Wochen.jpg\" alt=\"\" class=\"wp-image-46079\" srcset=\"https:\/\/collies-vom-floersbachtal.de\/cms\/wp-content\/uploads\/2024\/04\/Naoki3-2-Wochen.jpg 800w, https:\/\/collies-vom-floersbachtal.de\/cms\/wp-content\/uploads\/2024\/04\/Naoki3-2-Wochen-300x281.jpg 300w, https:\/\/collies-vom-floersbachtal.de\/cms\/wp-content\/uploads\/2024\/04\/Naoki3-2-Wochen-768x720.jpg 768w\" sizes=\"auto, (max-width: 800px) 100vw, 800px\" \/><\/a><\/figure>\n\n\n\n<figure class=\"wp-block-image size-large\"><a href=\"https:\/\/collies-vom-floersbachtal.de\/cms\/wp-content\/uploads\/2024\/04\/Naoki1-2-Wochen.jpg\"><img loading=\"lazy\" decoding=\"async\" width=\"800\" height=\"545\" data-id=\"46078\" src=\"https:\/\/collies-vom-floersbachtal.de\/cms\/wp-content\/uploads\/2024\/04\/Naoki1-2-Wochen.jpg\" alt=\"\" class=\"wp-image-46078\" srcset=\"https:\/\/collies-vom-floersbachtal.de\/cms\/wp-content\/uploads\/2024\/04\/Naoki1-2-Wochen.jpg 800w, https:\/\/collies-vom-floersbachtal.de\/cms\/wp-content\/uploads\/2024\/04\/Naoki1-2-Wochen-300x204.jpg 300w, https:\/\/collies-vom-floersbachtal.de\/cms\/wp-content\/uploads\/2024\/04\/Naoki1-2-Wochen-768x523.jpg 768w\" sizes=\"auto, (max-width: 800px) 100vw, 800px\" \/><\/a><\/figure>\n\n\n\n<figure class=\"wp-block-image size-large\"><a href=\"https:\/\/collies-vom-floersbachtal.de\/cms\/wp-content\/uploads\/2024\/04\/Naoki2-2-Wochen.jpg\"><img loading=\"lazy\" decoding=\"async\" width=\"800\" height=\"918\" data-id=\"46080\" src=\"https:\/\/collies-vom-floersbachtal.de\/cms\/wp-content\/uploads\/2024\/04\/Naoki2-2-Wochen.jpg\" alt=\"\" class=\"wp-image-46080\" srcset=\"https:\/\/collies-vom-floersbachtal.de\/cms\/wp-content\/uploads\/2024\/04\/Naoki2-2-Wochen.jpg 800w, https:\/\/collies-vom-floersbachtal.de\/cms\/wp-content\/uploads\/2024\/04\/Naoki2-2-Wochen-261x300.jpg 261w, https:\/\/collies-vom-floersbachtal.de\/cms\/wp-content\/uploads\/2024\/04\/Naoki2-2-Wochen-768x881.jpg 768w\" sizes=\"auto, (max-width: 800px) 100vw, 800px\" \/><\/a><\/figure>\n<\/figure>\n\n\n\n<p><strong>17.04.2024<\/strong> <strong>Naoki 1 Woche alt, 729 g<\/strong><\/p>\n\n\n\n<figure class=\"wp-block-image size-full\"><a href=\"https:\/\/collies-vom-floersbachtal.de\/cms\/wp-content\/uploads\/2024\/04\/Naoki7-3-Tage.jpg\"><img loading=\"lazy\" decoding=\"async\" width=\"1000\" height=\"554\" src=\"https:\/\/collies-vom-floersbachtal.de\/cms\/wp-content\/uploads\/2024\/04\/Naoki7-3-Tage.jpg\" alt=\"\" class=\"wp-image-45949\" srcset=\"https:\/\/collies-vom-floersbachtal.de\/cms\/wp-content\/uploads\/2024\/04\/Naoki7-3-Tage.jpg 1000w, https:\/\/collies-vom-floersbachtal.de\/cms\/wp-content\/uploads\/2024\/04\/Naoki7-3-Tage-300x166.jpg 300w, https:\/\/collies-vom-floersbachtal.de\/cms\/wp-content\/uploads\/2024\/04\/Naoki7-3-Tage-768x425.jpg 768w\" sizes=\"auto, (max-width: 1000px) 100vw, 1000px\" \/><\/a><\/figure>\n\n\n\n<figure class=\"wp-block-gallery has-nested-images columns-default is-cropped wp-block-gallery-27 is-layout-flex wp-block-gallery-is-layout-flex\">\n<figure class=\"wp-block-image size-large\"><a href=\"https:\/\/collies-vom-floersbachtal.de\/cms\/wp-content\/uploads\/2024\/04\/Naoki3-2.-Woche.jpg\"><img loading=\"lazy\" decoding=\"async\" width=\"766\" height=\"1024\" data-id=\"45951\" src=\"https:\/\/collies-vom-floersbachtal.de\/cms\/wp-content\/uploads\/2024\/04\/Naoki3-2.-Woche-766x1024.jpg\" alt=\"\" class=\"wp-image-45951\" srcset=\"https:\/\/collies-vom-floersbachtal.de\/cms\/wp-content\/uploads\/2024\/04\/Naoki3-2.-Woche-766x1024.jpg 766w, https:\/\/collies-vom-floersbachtal.de\/cms\/wp-content\/uploads\/2024\/04\/Naoki3-2.-Woche-224x300.jpg 224w, https:\/\/collies-vom-floersbachtal.de\/cms\/wp-content\/uploads\/2024\/04\/Naoki3-2.-Woche-768x1027.jpg 768w, https:\/\/collies-vom-floersbachtal.de\/cms\/wp-content\/uploads\/2024\/04\/Naoki3-2.-Woche.jpg 1000w\" sizes=\"auto, (max-width: 766px) 100vw, 766px\" \/><\/a><\/figure>\n\n\n\n<figure class=\"wp-block-image size-large\"><a href=\"https:\/\/collies-vom-floersbachtal.de\/cms\/wp-content\/uploads\/2024\/04\/Naoki1-2.-Woche.jpg\"><img loading=\"lazy\" decoding=\"async\" width=\"768\" height=\"1024\" data-id=\"45952\" src=\"https:\/\/collies-vom-floersbachtal.de\/cms\/wp-content\/uploads\/2024\/04\/Naoki1-2.-Woche-768x1024.jpg\" alt=\"\" class=\"wp-image-45952\" srcset=\"https:\/\/collies-vom-floersbachtal.de\/cms\/wp-content\/uploads\/2024\/04\/Naoki1-2.-Woche-768x1025.jpg 768w, https:\/\/collies-vom-floersbachtal.de\/cms\/wp-content\/uploads\/2024\/04\/Naoki1-2.-Woche-225x300.jpg 225w, https:\/\/collies-vom-floersbachtal.de\/cms\/wp-content\/uploads\/2024\/04\/Naoki1-2.-Woche.jpg 1000w\" sizes=\"auto, (max-width: 768px) 100vw, 768px\" \/><\/a><\/figure>\n\n\n\n<figure class=\"wp-block-image size-large\"><a href=\"https:\/\/collies-vom-floersbachtal.de\/cms\/wp-content\/uploads\/2024\/04\/Naoki2-2.-Woche.jpg\"><img loading=\"lazy\" decoding=\"async\" width=\"1000\" height=\"933\" data-id=\"45950\" src=\"https:\/\/collies-vom-floersbachtal.de\/cms\/wp-content\/uploads\/2024\/04\/Naoki2-2.-Woche.jpg\" alt=\"\" class=\"wp-image-45950\" srcset=\"https:\/\/collies-vom-floersbachtal.de\/cms\/wp-content\/uploads\/2024\/04\/Naoki2-2.-Woche.jpg 1000w, https:\/\/collies-vom-floersbachtal.de\/cms\/wp-content\/uploads\/2024\/04\/Naoki2-2.-Woche-300x280.jpg 300w, https:\/\/collies-vom-floersbachtal.de\/cms\/wp-content\/uploads\/2024\/04\/Naoki2-2.-Woche-768x717.jpg 768w\" sizes=\"auto, (max-width: 1000px) 100vw, 1000px\" \/><\/a><\/figure>\n<\/figure>\n\n\n\n<figure class=\"wp-block-image size-full\"><a href=\"https:\/\/collies-vom-floersbachtal.de\/cms\/wp-content\/uploads\/2024\/04\/Naoki5-3-Tage-1.jpg\"><img loading=\"lazy\" decoding=\"async\" width=\"1000\" height=\"641\" src=\"https:\/\/collies-vom-floersbachtal.de\/cms\/wp-content\/uploads\/2024\/04\/Naoki5-3-Tage-1.jpg\" alt=\"\" class=\"wp-image-45907\" srcset=\"https:\/\/collies-vom-floersbachtal.de\/cms\/wp-content\/uploads\/2024\/04\/Naoki5-3-Tage-1.jpg 1000w, https:\/\/collies-vom-floersbachtal.de\/cms\/wp-content\/uploads\/2024\/04\/Naoki5-3-Tage-1-300x192.jpg 300w, https:\/\/collies-vom-floersbachtal.de\/cms\/wp-content\/uploads\/2024\/04\/Naoki5-3-Tage-1-768x492.jpg 768w\" sizes=\"auto, (max-width: 1000px) 100vw, 1000px\" \/><\/a><\/figure>\n\n\n\n<p><\/p>\n\n\n\n<p><strong>7. Welpe  Nika  22:22 Uhr Uhr,  H\u00fcndin    Dark-Sable 373 g   ( Widder, Aszendent Skorpion, <strong>Deszendent Stier<\/strong> )<\/strong><\/p>\n\n\n\n<p><strong>MDR1 +\/+,&nbsp; &nbsp; &nbsp; CEA +\/+, oder +\/-&nbsp; &nbsp;DM&nbsp; +\/+,&nbsp; &nbsp; &nbsp;GCS&nbsp; N\/N,&nbsp; &nbsp; &nbsp;PRA&nbsp; N\/N,&nbsp; &nbsp; DMS aa bb,<\/strong> <strong>Cc<\/strong><\/p>\n\n\n\n<h2 class=\"wp-block-heading\"><strong>Nika zieht zu Ilona und Mathias, den ehemaligen Besitzern von Ibo-Maddox nach NRW  \ud83d\ude42<\/strong><\/h2>\n\n\n\n<p><strong>AUSGEZOGEN 11.06.24<\/strong><\/p>\n\n\n\n<p><strong>05.06.24 Nika 8 Wochen alt,<\/strong> <strong>6800 g<\/strong><\/p>\n\n\n\n<figure class=\"wp-block-image size-full\"><a href=\"https:\/\/collies-vom-floersbachtal.de\/cms\/wp-content\/uploads\/2024\/06\/Nika-Ulli5.jpg\"><img loading=\"lazy\" decoding=\"async\" width=\"1000\" height=\"667\" src=\"https:\/\/collies-vom-floersbachtal.de\/cms\/wp-content\/uploads\/2024\/06\/Nika-Ulli5.jpg\" alt=\"\" class=\"wp-image-46786\" srcset=\"https:\/\/collies-vom-floersbachtal.de\/cms\/wp-content\/uploads\/2024\/06\/Nika-Ulli5.jpg 1000w, https:\/\/collies-vom-floersbachtal.de\/cms\/wp-content\/uploads\/2024\/06\/Nika-Ulli5-300x200.jpg 300w, https:\/\/collies-vom-floersbachtal.de\/cms\/wp-content\/uploads\/2024\/06\/Nika-Ulli5-768x512.jpg 768w\" sizes=\"auto, (max-width: 1000px) 100vw, 1000px\" \/><\/a><\/figure>\n\n\n\n<p><strong>29.05.24 Nika 7 Wochen alt, 5510 g<\/strong><\/p>\n\n\n\n<figure class=\"wp-block-image size-full\"><a href=\"https:\/\/collies-vom-floersbachtal.de\/cms\/wp-content\/uploads\/2024\/05\/Nika1-Uli-Foto.jpg\"><img loading=\"lazy\" decoding=\"async\" width=\"1000\" height=\"663\" src=\"https:\/\/collies-vom-floersbachtal.de\/cms\/wp-content\/uploads\/2024\/05\/Nika1-Uli-Foto.jpg\" alt=\"\" class=\"wp-image-46723\" srcset=\"https:\/\/collies-vom-floersbachtal.de\/cms\/wp-content\/uploads\/2024\/05\/Nika1-Uli-Foto.jpg 1000w, https:\/\/collies-vom-floersbachtal.de\/cms\/wp-content\/uploads\/2024\/05\/Nika1-Uli-Foto-300x199.jpg 300w, https:\/\/collies-vom-floersbachtal.de\/cms\/wp-content\/uploads\/2024\/05\/Nika1-Uli-Foto-768x509.jpg 768w\" sizes=\"auto, (max-width: 1000px) 100vw, 1000px\" \/><\/a><\/figure>\n\n\n\n<p><strong>22.05.24 Nika 6 Wochen alt, 4550 g<\/strong><\/p>\n\n\n\n<figure class=\"wp-block-image size-large\"><a href=\"https:\/\/collies-vom-floersbachtal.de\/cms\/wp-content\/uploads\/2024\/05\/Nika10-Besuch-55-W.jpg\"><img loading=\"lazy\" decoding=\"async\" width=\"768\" height=\"1024\" src=\"https:\/\/collies-vom-floersbachtal.de\/cms\/wp-content\/uploads\/2024\/05\/Nika10-Besuch-55-W-768x1024.jpg\" alt=\"\" class=\"wp-image-46484\" srcset=\"https:\/\/collies-vom-floersbachtal.de\/cms\/wp-content\/uploads\/2024\/05\/Nika10-Besuch-55-W-768x1024.jpg 768w, https:\/\/collies-vom-floersbachtal.de\/cms\/wp-content\/uploads\/2024\/05\/Nika10-Besuch-55-W-225x300.jpg 225w, https:\/\/collies-vom-floersbachtal.de\/cms\/wp-content\/uploads\/2024\/05\/Nika10-Besuch-55-W.jpg 1000w\" sizes=\"auto, (max-width: 768px) 100vw, 768px\" \/><\/a><\/figure>\n\n\n\n<p><strong>15.05.24 Nika 5 Wochen alt,  3540 g<\/strong><\/p>\n\n\n\n<figure class=\"wp-block-image size-large\"><a href=\"https:\/\/collies-vom-floersbachtal.de\/cms\/wp-content\/uploads\/2024\/05\/Nika1-5-W.jpg\"><img loading=\"lazy\" decoding=\"async\" width=\"864\" height=\"1024\" src=\"https:\/\/collies-vom-floersbachtal.de\/cms\/wp-content\/uploads\/2024\/05\/Nika1-5-W-864x1024.jpg\" alt=\"\" class=\"wp-image-46416\" srcset=\"https:\/\/collies-vom-floersbachtal.de\/cms\/wp-content\/uploads\/2024\/05\/Nika1-5-W-864x1024.jpg 864w, https:\/\/collies-vom-floersbachtal.de\/cms\/wp-content\/uploads\/2024\/05\/Nika1-5-W-253x300.jpg 253w, https:\/\/collies-vom-floersbachtal.de\/cms\/wp-content\/uploads\/2024\/05\/Nika1-5-W-768x910.jpg 768w, https:\/\/collies-vom-floersbachtal.de\/cms\/wp-content\/uploads\/2024\/05\/Nika1-5-W.jpg 1000w\" sizes=\"auto, (max-width: 864px) 100vw, 864px\" \/><\/a><\/figure>\n\n\n\n<figure class=\"wp-block-gallery has-nested-images columns-default is-cropped wp-block-gallery-28 is-layout-flex wp-block-gallery-is-layout-flex\">\n<figure class=\"wp-block-image size-large\"><a href=\"https:\/\/collies-vom-floersbachtal.de\/cms\/wp-content\/uploads\/2024\/05\/Nika-und-Nisha1-5-W-1.jpg\"><img loading=\"lazy\" decoding=\"async\" width=\"1000\" height=\"682\" data-id=\"46418\" src=\"https:\/\/collies-vom-floersbachtal.de\/cms\/wp-content\/uploads\/2024\/05\/Nika-und-Nisha1-5-W-1.jpg\" alt=\"\" class=\"wp-image-46418\" srcset=\"https:\/\/collies-vom-floersbachtal.de\/cms\/wp-content\/uploads\/2024\/05\/Nika-und-Nisha1-5-W-1.jpg 1000w, https:\/\/collies-vom-floersbachtal.de\/cms\/wp-content\/uploads\/2024\/05\/Nika-und-Nisha1-5-W-1-300x205.jpg 300w, https:\/\/collies-vom-floersbachtal.de\/cms\/wp-content\/uploads\/2024\/05\/Nika-und-Nisha1-5-W-1-768x524.jpg 768w\" sizes=\"auto, (max-width: 1000px) 100vw, 1000px\" \/><\/a><\/figure>\n\n\n\n<figure class=\"wp-block-image size-large\"><a href=\"https:\/\/collies-vom-floersbachtal.de\/cms\/wp-content\/uploads\/2024\/05\/Nika2-5-W.jpg\"><img loading=\"lazy\" decoding=\"async\" width=\"768\" height=\"1024\" data-id=\"46417\" src=\"https:\/\/collies-vom-floersbachtal.de\/cms\/wp-content\/uploads\/2024\/05\/Nika2-5-W-768x1024.jpg\" alt=\"\" class=\"wp-image-46417\" srcset=\"https:\/\/collies-vom-floersbachtal.de\/cms\/wp-content\/uploads\/2024\/05\/Nika2-5-W-768x1024.jpg 768w, https:\/\/collies-vom-floersbachtal.de\/cms\/wp-content\/uploads\/2024\/05\/Nika2-5-W-225x300.jpg 225w, https:\/\/collies-vom-floersbachtal.de\/cms\/wp-content\/uploads\/2024\/05\/Nika2-5-W.jpg 1000w\" sizes=\"auto, (max-width: 768px) 100vw, 768px\" \/><\/a><\/figure>\n<\/figure>\n\n\n\n<p><strong>07.05.24 Nika 4 Wochen alt, 2410 g<\/strong><\/p>\n\n\n\n<figure class=\"wp-block-image size-full\"><a href=\"https:\/\/collies-vom-floersbachtal.de\/cms\/wp-content\/uploads\/2024\/05\/Nika2-Besuch-von-Salli.jpg\"><img loading=\"lazy\" decoding=\"async\" width=\"800\" height=\"535\" src=\"https:\/\/collies-vom-floersbachtal.de\/cms\/wp-content\/uploads\/2024\/05\/Nika2-Besuch-von-Salli.jpg\" alt=\"\" class=\"wp-image-46292\" srcset=\"https:\/\/collies-vom-floersbachtal.de\/cms\/wp-content\/uploads\/2024\/05\/Nika2-Besuch-von-Salli.jpg 800w, https:\/\/collies-vom-floersbachtal.de\/cms\/wp-content\/uploads\/2024\/05\/Nika2-Besuch-von-Salli-300x201.jpg 300w, https:\/\/collies-vom-floersbachtal.de\/cms\/wp-content\/uploads\/2024\/05\/Nika2-Besuch-von-Salli-768x514.jpg 768w\" sizes=\"auto, (max-width: 800px) 100vw, 800px\" \/><\/a><\/figure>\n\n\n\n<p><strong>01.05.24 Nika 3 Wochen alt, 1824 g<\/strong><\/p>\n\n\n\n<figure class=\"wp-block-image size-full is-style-rounded\"><a href=\"https:\/\/collies-vom-floersbachtal.de\/cms\/wp-content\/uploads\/2024\/05\/Nika4-3-Wochen.jpg\"><img loading=\"lazy\" decoding=\"async\" width=\"800\" height=\"758\" src=\"https:\/\/collies-vom-floersbachtal.de\/cms\/wp-content\/uploads\/2024\/05\/Nika4-3-Wochen.jpg\" alt=\"\" class=\"wp-image-46206\" srcset=\"https:\/\/collies-vom-floersbachtal.de\/cms\/wp-content\/uploads\/2024\/05\/Nika4-3-Wochen.jpg 800w, https:\/\/collies-vom-floersbachtal.de\/cms\/wp-content\/uploads\/2024\/05\/Nika4-3-Wochen-300x284.jpg 300w, https:\/\/collies-vom-floersbachtal.de\/cms\/wp-content\/uploads\/2024\/05\/Nika4-3-Wochen-768x728.jpg 768w\" sizes=\"auto, (max-width: 800px) 100vw, 800px\" \/><\/a><\/figure>\n\n\n\n<figure class=\"wp-block-gallery has-nested-images columns-default is-cropped wp-block-gallery-29 is-layout-flex wp-block-gallery-is-layout-flex\">\n<figure class=\"wp-block-image size-large\"><a href=\"https:\/\/collies-vom-floersbachtal.de\/cms\/wp-content\/uploads\/2024\/05\/Nika5-3-Wochen.jpg\"><img loading=\"lazy\" decoding=\"async\" width=\"801\" height=\"1024\" data-id=\"46208\" src=\"https:\/\/collies-vom-floersbachtal.de\/cms\/wp-content\/uploads\/2024\/05\/Nika5-3-Wochen-801x1024.jpg\" alt=\"\" class=\"wp-image-46208\" srcset=\"https:\/\/collies-vom-floersbachtal.de\/cms\/wp-content\/uploads\/2024\/05\/Nika5-3-Wochen-801x1024.jpg 801w, https:\/\/collies-vom-floersbachtal.de\/cms\/wp-content\/uploads\/2024\/05\/Nika5-3-Wochen-235x300.jpg 235w, https:\/\/collies-vom-floersbachtal.de\/cms\/wp-content\/uploads\/2024\/05\/Nika5-3-Wochen-768x982.jpg 768w, https:\/\/collies-vom-floersbachtal.de\/cms\/wp-content\/uploads\/2024\/05\/Nika5-3-Wochen.jpg 1000w\" sizes=\"auto, (max-width: 801px) 100vw, 801px\" \/><\/a><\/figure>\n\n\n\n<figure class=\"wp-block-image size-large\"><a href=\"https:\/\/collies-vom-floersbachtal.de\/cms\/wp-content\/uploads\/2024\/05\/Nika2-20.-Tag.jpg\"><img loading=\"lazy\" decoding=\"async\" width=\"773\" height=\"1024\" data-id=\"46209\" src=\"https:\/\/collies-vom-floersbachtal.de\/cms\/wp-content\/uploads\/2024\/05\/Nika2-20.-Tag-773x1024.jpg\" alt=\"\" class=\"wp-image-46209\" srcset=\"https:\/\/collies-vom-floersbachtal.de\/cms\/wp-content\/uploads\/2024\/05\/Nika2-20.-Tag-773x1024.jpg 773w, https:\/\/collies-vom-floersbachtal.de\/cms\/wp-content\/uploads\/2024\/05\/Nika2-20.-Tag-226x300.jpg 226w, https:\/\/collies-vom-floersbachtal.de\/cms\/wp-content\/uploads\/2024\/05\/Nika2-20.-Tag-768x1018.jpg 768w, https:\/\/collies-vom-floersbachtal.de\/cms\/wp-content\/uploads\/2024\/05\/Nika2-20.-Tag.jpg 1000w\" sizes=\"auto, (max-width: 773px) 100vw, 773px\" \/><\/a><\/figure>\n<\/figure>\n\n\n\n<figure class=\"wp-block-image size-full is-style-rounded\"><a href=\"https:\/\/collies-vom-floersbachtal.de\/cms\/wp-content\/uploads\/2024\/05\/Nika1-20.-Tag.jpg\"><img loading=\"lazy\" decoding=\"async\" width=\"800\" height=\"614\" src=\"https:\/\/collies-vom-floersbachtal.de\/cms\/wp-content\/uploads\/2024\/05\/Nika1-20.-Tag.jpg\" alt=\"\" class=\"wp-image-46189\" srcset=\"https:\/\/collies-vom-floersbachtal.de\/cms\/wp-content\/uploads\/2024\/05\/Nika1-20.-Tag.jpg 800w, https:\/\/collies-vom-floersbachtal.de\/cms\/wp-content\/uploads\/2024\/05\/Nika1-20.-Tag-300x230.jpg 300w, https:\/\/collies-vom-floersbachtal.de\/cms\/wp-content\/uploads\/2024\/05\/Nika1-20.-Tag-768x589.jpg 768w\" sizes=\"auto, (max-width: 800px) 100vw, 800px\" \/><\/a><\/figure>\n\n\n\n<p> <strong>24.04.24 Nika 2 Wochen alt, <\/strong> <strong>1191 g <\/strong><\/p>\n\n\n\n<figure class=\"wp-block-image size-full is-style-rounded\"><a href=\"https:\/\/collies-vom-floersbachtal.de\/cms\/wp-content\/uploads\/2024\/04\/Nika3-15-Tage.jpg\"><img loading=\"lazy\" decoding=\"async\" width=\"1000\" height=\"894\" src=\"https:\/\/collies-vom-floersbachtal.de\/cms\/wp-content\/uploads\/2024\/04\/Nika3-15-Tage.jpg\" alt=\"\" class=\"wp-image-46121\" srcset=\"https:\/\/collies-vom-floersbachtal.de\/cms\/wp-content\/uploads\/2024\/04\/Nika3-15-Tage.jpg 1000w, https:\/\/collies-vom-floersbachtal.de\/cms\/wp-content\/uploads\/2024\/04\/Nika3-15-Tage-300x268.jpg 300w, https:\/\/collies-vom-floersbachtal.de\/cms\/wp-content\/uploads\/2024\/04\/Nika3-15-Tage-768x687.jpg 768w\" sizes=\"auto, (max-width: 1000px) 100vw, 1000px\" \/><\/a><\/figure>\n\n\n\n<figure class=\"wp-block-gallery has-nested-images columns-default is-cropped wp-block-gallery-30 is-layout-flex wp-block-gallery-is-layout-flex\">\n<figure class=\"wp-block-image size-large\"><a href=\"https:\/\/collies-vom-floersbachtal.de\/cms\/wp-content\/uploads\/2024\/04\/Nika1-15-Tage.jpg\"><img loading=\"lazy\" decoding=\"async\" width=\"710\" height=\"1024\" data-id=\"46122\" src=\"https:\/\/collies-vom-floersbachtal.de\/cms\/wp-content\/uploads\/2024\/04\/Nika1-15-Tage-710x1024.jpg\" alt=\"\" class=\"wp-image-46122\" srcset=\"https:\/\/collies-vom-floersbachtal.de\/cms\/wp-content\/uploads\/2024\/04\/Nika1-15-Tage-710x1024.jpg 710w, https:\/\/collies-vom-floersbachtal.de\/cms\/wp-content\/uploads\/2024\/04\/Nika1-15-Tage-208x300.jpg 208w, https:\/\/collies-vom-floersbachtal.de\/cms\/wp-content\/uploads\/2024\/04\/Nika1-15-Tage-768x1108.jpg 768w, https:\/\/collies-vom-floersbachtal.de\/cms\/wp-content\/uploads\/2024\/04\/Nika1-15-Tage.jpg 800w\" sizes=\"auto, (max-width: 710px) 100vw, 710px\" \/><\/a><\/figure>\n\n\n\n<figure class=\"wp-block-image size-large\"><a href=\"https:\/\/collies-vom-floersbachtal.de\/cms\/wp-content\/uploads\/2024\/04\/Nika2-15-Tage.jpg\"><img loading=\"lazy\" decoding=\"async\" width=\"864\" height=\"1024\" data-id=\"46123\" src=\"https:\/\/collies-vom-floersbachtal.de\/cms\/wp-content\/uploads\/2024\/04\/Nika2-15-Tage-864x1024.jpg\" alt=\"\" class=\"wp-image-46123\" srcset=\"https:\/\/collies-vom-floersbachtal.de\/cms\/wp-content\/uploads\/2024\/04\/Nika2-15-Tage-864x1024.jpg 864w, https:\/\/collies-vom-floersbachtal.de\/cms\/wp-content\/uploads\/2024\/04\/Nika2-15-Tage-253x300.jpg 253w, https:\/\/collies-vom-floersbachtal.de\/cms\/wp-content\/uploads\/2024\/04\/Nika2-15-Tage-768x910.jpg 768w, https:\/\/collies-vom-floersbachtal.de\/cms\/wp-content\/uploads\/2024\/04\/Nika2-15-Tage.jpg 1000w\" sizes=\"auto, (max-width: 864px) 100vw, 864px\" \/><\/a><\/figure>\n\n\n\n<figure class=\"wp-block-image size-large\"><a href=\"https:\/\/collies-vom-floersbachtal.de\/cms\/wp-content\/uploads\/2024\/04\/Nika4-15-Tage.jpg\"><img loading=\"lazy\" decoding=\"async\" width=\"1000\" height=\"916\" data-id=\"46124\" src=\"https:\/\/collies-vom-floersbachtal.de\/cms\/wp-content\/uploads\/2024\/04\/Nika4-15-Tage.jpg\" alt=\"\" class=\"wp-image-46124\" srcset=\"https:\/\/collies-vom-floersbachtal.de\/cms\/wp-content\/uploads\/2024\/04\/Nika4-15-Tage.jpg 1000w, https:\/\/collies-vom-floersbachtal.de\/cms\/wp-content\/uploads\/2024\/04\/Nika4-15-Tage-300x275.jpg 300w, https:\/\/collies-vom-floersbachtal.de\/cms\/wp-content\/uploads\/2024\/04\/Nika4-15-Tage-768x703.jpg 768w\" sizes=\"auto, (max-width: 1000px) 100vw, 1000px\" \/><\/a><\/figure>\n<\/figure>\n\n\n\n<figure class=\"wp-block-image size-full\"><a href=\"https:\/\/collies-vom-floersbachtal.de\/cms\/wp-content\/uploads\/2024\/04\/Nika2-2-Wochen.jpg\"><img loading=\"lazy\" decoding=\"async\" width=\"800\" height=\"758\" src=\"https:\/\/collies-vom-floersbachtal.de\/cms\/wp-content\/uploads\/2024\/04\/Nika2-2-Wochen.jpg\" alt=\"\" class=\"wp-image-46082\" srcset=\"https:\/\/collies-vom-floersbachtal.de\/cms\/wp-content\/uploads\/2024\/04\/Nika2-2-Wochen.jpg 800w, https:\/\/collies-vom-floersbachtal.de\/cms\/wp-content\/uploads\/2024\/04\/Nika2-2-Wochen-300x284.jpg 300w, https:\/\/collies-vom-floersbachtal.de\/cms\/wp-content\/uploads\/2024\/04\/Nika2-2-Wochen-768x728.jpg 768w\" sizes=\"auto, (max-width: 800px) 100vw, 800px\" \/><\/a><\/figure>\n\n\n\n<figure class=\"wp-block-gallery has-nested-images columns-default is-cropped wp-block-gallery-31 is-layout-flex wp-block-gallery-is-layout-flex\">\n<figure class=\"wp-block-image size-large\"><a href=\"https:\/\/collies-vom-floersbachtal.de\/cms\/wp-content\/uploads\/2024\/04\/Nika1-2-Wochen.jpg\"><img loading=\"lazy\" decoding=\"async\" width=\"800\" height=\"820\" data-id=\"46083\" src=\"https:\/\/collies-vom-floersbachtal.de\/cms\/wp-content\/uploads\/2024\/04\/Nika1-2-Wochen.jpg\" alt=\"\" class=\"wp-image-46083\" srcset=\"https:\/\/collies-vom-floersbachtal.de\/cms\/wp-content\/uploads\/2024\/04\/Nika1-2-Wochen.jpg 800w, https:\/\/collies-vom-floersbachtal.de\/cms\/wp-content\/uploads\/2024\/04\/Nika1-2-Wochen-293x300.jpg 293w, https:\/\/collies-vom-floersbachtal.de\/cms\/wp-content\/uploads\/2024\/04\/Nika1-2-Wochen-768x787.jpg 768w\" sizes=\"auto, (max-width: 800px) 100vw, 800px\" \/><\/a><\/figure>\n\n\n\n<figure class=\"wp-block-image size-large\"><a href=\"https:\/\/collies-vom-floersbachtal.de\/cms\/wp-content\/uploads\/2024\/04\/Nika3-2-Wochen.jpg\"><img loading=\"lazy\" decoding=\"async\" width=\"800\" height=\"741\" data-id=\"46084\" src=\"https:\/\/collies-vom-floersbachtal.de\/cms\/wp-content\/uploads\/2024\/04\/Nika3-2-Wochen.jpg\" alt=\"\" class=\"wp-image-46084\" srcset=\"https:\/\/collies-vom-floersbachtal.de\/cms\/wp-content\/uploads\/2024\/04\/Nika3-2-Wochen.jpg 800w, https:\/\/collies-vom-floersbachtal.de\/cms\/wp-content\/uploads\/2024\/04\/Nika3-2-Wochen-300x278.jpg 300w, https:\/\/collies-vom-floersbachtal.de\/cms\/wp-content\/uploads\/2024\/04\/Nika3-2-Wochen-768x711.jpg 768w\" sizes=\"auto, (max-width: 800px) 100vw, 800px\" \/><\/a><\/figure>\n\n\n\n<figure class=\"wp-block-image size-large\"><a href=\"https:\/\/collies-vom-floersbachtal.de\/cms\/wp-content\/uploads\/2024\/04\/Nika4-2-Wochen.jpg\"><img loading=\"lazy\" decoding=\"async\" width=\"800\" height=\"937\" data-id=\"46085\" src=\"https:\/\/collies-vom-floersbachtal.de\/cms\/wp-content\/uploads\/2024\/04\/Nika4-2-Wochen.jpg\" alt=\"\" class=\"wp-image-46085\" srcset=\"https:\/\/collies-vom-floersbachtal.de\/cms\/wp-content\/uploads\/2024\/04\/Nika4-2-Wochen.jpg 800w, https:\/\/collies-vom-floersbachtal.de\/cms\/wp-content\/uploads\/2024\/04\/Nika4-2-Wochen-256x300.jpg 256w, https:\/\/collies-vom-floersbachtal.de\/cms\/wp-content\/uploads\/2024\/04\/Nika4-2-Wochen-768x900.jpg 768w\" sizes=\"auto, (max-width: 800px) 100vw, 800px\" \/><\/a><\/figure>\n<\/figure>\n\n\n\n<p><strong>17.04.2024 Nika 1 Woche alt, 622 g<\/strong><\/p>\n\n\n\n<figure class=\"wp-block-image size-large is-style-rounded\"><a href=\"https:\/\/collies-vom-floersbachtal.de\/cms\/wp-content\/uploads\/2024\/04\/Nika4-2.-Woche.jpg\"><img loading=\"lazy\" decoding=\"async\" width=\"714\" height=\"1024\" src=\"https:\/\/collies-vom-floersbachtal.de\/cms\/wp-content\/uploads\/2024\/04\/Nika4-2.-Woche-714x1024.jpg\" alt=\"\" class=\"wp-image-45953\" srcset=\"https:\/\/collies-vom-floersbachtal.de\/cms\/wp-content\/uploads\/2024\/04\/Nika4-2.-Woche-714x1024.jpg 714w, https:\/\/collies-vom-floersbachtal.de\/cms\/wp-content\/uploads\/2024\/04\/Nika4-2.-Woche-209x300.jpg 209w, https:\/\/collies-vom-floersbachtal.de\/cms\/wp-content\/uploads\/2024\/04\/Nika4-2.-Woche-768x1102.jpg 768w, https:\/\/collies-vom-floersbachtal.de\/cms\/wp-content\/uploads\/2024\/04\/Nika4-2.-Woche.jpg 1000w\" sizes=\"auto, (max-width: 714px) 100vw, 714px\" \/><\/a><\/figure>\n\n\n\n<figure class=\"wp-block-gallery has-nested-images columns-default is-cropped wp-block-gallery-32 is-layout-flex wp-block-gallery-is-layout-flex\">\n<figure class=\"wp-block-image size-large\"><a href=\"https:\/\/collies-vom-floersbachtal.de\/cms\/wp-content\/uploads\/2024\/04\/Nika5-2.-Woche.jpg\"><img loading=\"lazy\" decoding=\"async\" width=\"698\" height=\"1024\" data-id=\"45956\" src=\"https:\/\/collies-vom-floersbachtal.de\/cms\/wp-content\/uploads\/2024\/04\/Nika5-2.-Woche-698x1024.jpg\" alt=\"\" class=\"wp-image-45956\" srcset=\"https:\/\/collies-vom-floersbachtal.de\/cms\/wp-content\/uploads\/2024\/04\/Nika5-2.-Woche-698x1024.jpg 698w, https:\/\/collies-vom-floersbachtal.de\/cms\/wp-content\/uploads\/2024\/04\/Nika5-2.-Woche-205x300.jpg 205w, https:\/\/collies-vom-floersbachtal.de\/cms\/wp-content\/uploads\/2024\/04\/Nika5-2.-Woche-768x1126.jpg 768w, https:\/\/collies-vom-floersbachtal.de\/cms\/wp-content\/uploads\/2024\/04\/Nika5-2.-Woche.jpg 1000w\" sizes=\"auto, (max-width: 698px) 100vw, 698px\" \/><\/a><\/figure>\n\n\n\n<figure class=\"wp-block-image size-large\"><a href=\"https:\/\/collies-vom-floersbachtal.de\/cms\/wp-content\/uploads\/2024\/04\/Nika2-2.-Woche.jpg\"><img loading=\"lazy\" decoding=\"async\" width=\"1000\" height=\"939\" data-id=\"45954\" src=\"https:\/\/collies-vom-floersbachtal.de\/cms\/wp-content\/uploads\/2024\/04\/Nika2-2.-Woche.jpg\" alt=\"\" class=\"wp-image-45954\" srcset=\"https:\/\/collies-vom-floersbachtal.de\/cms\/wp-content\/uploads\/2024\/04\/Nika2-2.-Woche.jpg 1000w, https:\/\/collies-vom-floersbachtal.de\/cms\/wp-content\/uploads\/2024\/04\/Nika2-2.-Woche-300x282.jpg 300w, https:\/\/collies-vom-floersbachtal.de\/cms\/wp-content\/uploads\/2024\/04\/Nika2-2.-Woche-768x721.jpg 768w\" sizes=\"auto, (max-width: 1000px) 100vw, 1000px\" \/><\/a><\/figure>\n\n\n\n<figure class=\"wp-block-image size-large\"><a href=\"https:\/\/collies-vom-floersbachtal.de\/cms\/wp-content\/uploads\/2024\/04\/Nika4-2.-Woche-1.jpg\"><img loading=\"lazy\" decoding=\"async\" width=\"714\" height=\"1024\" data-id=\"45955\" src=\"https:\/\/collies-vom-floersbachtal.de\/cms\/wp-content\/uploads\/2024\/04\/Nika4-2.-Woche-1-714x1024.jpg\" alt=\"\" class=\"wp-image-45955\" srcset=\"https:\/\/collies-vom-floersbachtal.de\/cms\/wp-content\/uploads\/2024\/04\/Nika4-2.-Woche-1-714x1024.jpg 714w, https:\/\/collies-vom-floersbachtal.de\/cms\/wp-content\/uploads\/2024\/04\/Nika4-2.-Woche-1-209x300.jpg 209w, https:\/\/collies-vom-floersbachtal.de\/cms\/wp-content\/uploads\/2024\/04\/Nika4-2.-Woche-1-768x1102.jpg 768w, https:\/\/collies-vom-floersbachtal.de\/cms\/wp-content\/uploads\/2024\/04\/Nika4-2.-Woche-1.jpg 1000w\" sizes=\"auto, (max-width: 714px) 100vw, 714px\" \/><\/a><\/figure>\n<\/figure>\n\n\n\n<figure class=\"wp-block-image size-large\"><a href=\"https:\/\/collies-vom-floersbachtal.de\/cms\/wp-content\/uploads\/2024\/04\/Nika1-3-Tage-1.jpg\"><img loading=\"lazy\" decoding=\"async\" width=\"577\" height=\"1024\" src=\"https:\/\/collies-vom-floersbachtal.de\/cms\/wp-content\/uploads\/2024\/04\/Nika1-3-Tage-1-577x1024.jpg\" alt=\"\" class=\"wp-image-45905\" srcset=\"https:\/\/collies-vom-floersbachtal.de\/cms\/wp-content\/uploads\/2024\/04\/Nika1-3-Tage-1-577x1024.jpg 577w, https:\/\/collies-vom-floersbachtal.de\/cms\/wp-content\/uploads\/2024\/04\/Nika1-3-Tage-1-169x300.jpg 169w, https:\/\/collies-vom-floersbachtal.de\/cms\/wp-content\/uploads\/2024\/04\/Nika1-3-Tage-1-768x1364.jpg 768w, https:\/\/collies-vom-floersbachtal.de\/cms\/wp-content\/uploads\/2024\/04\/Nika1-3-Tage-1-865x1536.jpg 865w, https:\/\/collies-vom-floersbachtal.de\/cms\/wp-content\/uploads\/2024\/04\/Nika1-3-Tage-1.jpg 1000w\" sizes=\"auto, (max-width: 577px) 100vw, 577px\" \/><\/a><\/figure>\n\n\n\n<p><strong>die untere<\/strong><\/p>\n\n\n\n<p><\/p>\n","protected":false},"excerpt":{"rendered":"<p>Februar 2025 eine aktuelle Collage von den N-chens mit 10 Monaten \ud83d\ude42 Was f\u00fcr eine Erleichterung nach dem letzten turbolenten Jahr bei uns, hat Jana mir einen wundersch\u00f6nen, gesunden Wurf am 10.04.2024 geschenkt. Es begann um 17:32 mit der einzigen &hellip; <a href=\"https:\/\/collies-vom-floersbachtal.de\/?page_id=45276\">Weiterlesen <span class=\"meta-nav\">&rarr;<\/span><\/a><\/p>\n","protected":false},"author":1,"featured_media":0,"parent":0,"menu_order":0,"comment_status":"closed","ping_status":"closed","template":"","meta":{"footnotes":""},"class_list":["post-45276","page","type-page","status-publish","hentry"],"_links":{"self":[{"href":"https:\/\/collies-vom-floersbachtal.de\/index.php?rest_route=\/wp\/v2\/pages\/45276","targetHints":{"allow":["GET"]}}],"collection":[{"href":"https:\/\/collies-vom-floersbachtal.de\/index.php?rest_route=\/wp\/v2\/pages"}],"about":[{"href":"https:\/\/collies-vom-floersbachtal.de\/index.php?rest_route=\/wp\/v2\/types\/page"}],"author":[{"embeddable":true,"href":"https:\/\/collies-vom-floersbachtal.de\/index.php?rest_route=\/wp\/v2\/users\/1"}],"replies":[{"embeddable":true,"href":"https:\/\/collies-vom-floersbachtal.de\/index.php?rest_route=%2Fwp%2Fv2%2Fcomments&post=45276"}],"version-history":[{"count":87,"href":"https:\/\/collies-vom-floersbachtal.de\/index.php?rest_route=\/wp\/v2\/pages\/45276\/revisions"}],"predecessor-version":[{"id":52260,"href":"https:\/\/collies-vom-floersbachtal.de\/index.php?rest_route=\/wp\/v2\/pages\/45276\/revisions\/52260"}],"wp:attachment":[{"href":"https:\/\/collies-vom-floersbachtal.de\/index.php?rest_route=%2Fwp%2Fv2%2Fmedia&parent=45276"}],"curies":[{"name":"wp","href":"https:\/\/api.w.org\/{rel}","templated":true}]}}