{"id":37171,"date":"2022-09-20T11:54:46","date_gmt":"2022-09-20T11:54:46","guid":{"rendered":"https:\/\/collies-vom-floersbachtal.de\/?page_id=37171"},"modified":"2024-03-03T12:01:15","modified_gmt":"2024-03-03T12:01:15","slug":"traechtigkeitstagebuch-l-wurf","status":"publish","type":"page","link":"https:\/\/collies-vom-floersbachtal.de\/?page_id=37171","title":{"rendered":"Tr\u00e4chtigkeitstagebuch L &#8211; Wurf"},"content":{"rendered":"\n<p><strong>20.06.23 (62. Tag 9. Woche)<\/strong> Hallihallo meine lieben  Freunde,<\/p>\n\n\n\n<p>melde mich mal zu einem kleinen Zwischenbericht von unserer Geburtstags &#8211;  und beginnender Babyparty. Also nachdem wir die Nacht gut durchgemacht hatten und nun die ersten Morgenstunden unseren Schlafmangel wieder etwas befriedigt hatten, wollen wir nun dem H\u00f6hepunkt mit den passenden G\u00e4sten starten. Frauli macht sich gut als Servicekraft, sorgt f\u00fcr kleinere Snacks und Getr\u00e4nke und wir lassen es uns soweit gut gehen. Meine Temperatur ist wieder im Normalbereich und nun fiebern wir den Ehreng\u00e4sten entgegen. \ud83d\ude00 Also, wenn sich hier die kleinen  G\u00e4ste einfinden, werdet ihr umgehend informiert. Versprochen, liebe Gr\u00fc\u00dfe Jana \ud83d\ude1b <\/p>\n\n\n\n<p>Jaaaa, p\u00fcnktlich noch zu Fraulis Geburtstagsparty trudelten die Kr\u00fcmel ein. Kurz vor Mitternacht war dann Einlassstopp \ud83d\ude09 \ud83d\ude42 Weiter gehts ab n\u00e4chster Woche im Welpentagebuch.  LG. Jana und die Kr\u00fcmel<\/p>\n\n\n\n<figure class=\"wp-block-image size-large\"><a href=\"https:\/\/collies-vom-floersbachtal.de\/cms\/wp-content\/uploads\/2023\/06\/Alle6-vom-L-Wurf1-21.06.jpg\"><img loading=\"lazy\" decoding=\"async\" width=\"577\" height=\"1024\" src=\"https:\/\/collies-vom-floersbachtal.de\/cms\/wp-content\/uploads\/2023\/06\/Alle6-vom-L-Wurf1-21.06-577x1024.jpg\" alt=\"\" class=\"wp-image-40206\" srcset=\"https:\/\/collies-vom-floersbachtal.de\/cms\/wp-content\/uploads\/2023\/06\/Alle6-vom-L-Wurf1-21.06-577x1024.jpg 577w, https:\/\/collies-vom-floersbachtal.de\/cms\/wp-content\/uploads\/2023\/06\/Alle6-vom-L-Wurf1-21.06-169x300.jpg 169w, https:\/\/collies-vom-floersbachtal.de\/cms\/wp-content\/uploads\/2023\/06\/Alle6-vom-L-Wurf1-21.06-768x1364.jpg 768w, https:\/\/collies-vom-floersbachtal.de\/cms\/wp-content\/uploads\/2023\/06\/Alle6-vom-L-Wurf1-21.06-865x1536.jpg 865w, https:\/\/collies-vom-floersbachtal.de\/cms\/wp-content\/uploads\/2023\/06\/Alle6-vom-L-Wurf1-21.06.jpg 1000w\" sizes=\"auto, (max-width: 577px) 100vw, 577px\" \/><\/a><\/figure>\n\n\n\n<figure class=\"wp-block-gallery has-nested-images columns-default is-cropped wp-block-gallery-1 is-layout-flex wp-block-gallery-is-layout-flex\">\n<figure class=\"wp-block-image size-large\"><a href=\"https:\/\/collies-vom-floersbachtal.de\/cms\/wp-content\/uploads\/2023\/06\/Tara1-62.-Tag-von-Jana.jpg\"><img loading=\"lazy\" decoding=\"async\" width=\"780\" height=\"1024\" data-id=\"40197\" src=\"https:\/\/collies-vom-floersbachtal.de\/cms\/wp-content\/uploads\/2023\/06\/Tara1-62.-Tag-von-Jana-780x1024.jpg\" alt=\"\" class=\"wp-image-40197\" srcset=\"https:\/\/collies-vom-floersbachtal.de\/cms\/wp-content\/uploads\/2023\/06\/Tara1-62.-Tag-von-Jana-780x1024.jpg 780w, https:\/\/collies-vom-floersbachtal.de\/cms\/wp-content\/uploads\/2023\/06\/Tara1-62.-Tag-von-Jana-229x300.jpg 229w, https:\/\/collies-vom-floersbachtal.de\/cms\/wp-content\/uploads\/2023\/06\/Tara1-62.-Tag-von-Jana-768x1008.jpg 768w, https:\/\/collies-vom-floersbachtal.de\/cms\/wp-content\/uploads\/2023\/06\/Tara1-62.-Tag-von-Jana.jpg 1000w\" sizes=\"auto, (max-width: 780px) 100vw, 780px\" \/><\/a><figcaption class=\"wp-element-caption\">Jana hat keine Lust mehr mit mir zu spielen<\/figcaption><\/figure>\n\n\n\n<figure class=\"wp-block-image size-large\"><a href=\"https:\/\/collies-vom-floersbachtal.de\/cms\/wp-content\/uploads\/2023\/06\/Jana-und-Tara1-62.-Tag.jpg\"><img loading=\"lazy\" decoding=\"async\" width=\"864\" height=\"1024\" data-id=\"40200\" src=\"https:\/\/collies-vom-floersbachtal.de\/cms\/wp-content\/uploads\/2023\/06\/Jana-und-Tara1-62.-Tag-864x1024.jpg\" alt=\"\" class=\"wp-image-40200\" srcset=\"https:\/\/collies-vom-floersbachtal.de\/cms\/wp-content\/uploads\/2023\/06\/Jana-und-Tara1-62.-Tag-864x1024.jpg 864w, https:\/\/collies-vom-floersbachtal.de\/cms\/wp-content\/uploads\/2023\/06\/Jana-und-Tara1-62.-Tag-253x300.jpg 253w, https:\/\/collies-vom-floersbachtal.de\/cms\/wp-content\/uploads\/2023\/06\/Jana-und-Tara1-62.-Tag-768x910.jpg 768w, https:\/\/collies-vom-floersbachtal.de\/cms\/wp-content\/uploads\/2023\/06\/Jana-und-Tara1-62.-Tag.jpg 1000w\" sizes=\"auto, (max-width: 864px) 100vw, 864px\" \/><\/a><figcaption class=\"wp-element-caption\">kurze Gassirunde<\/figcaption><\/figure>\n\n\n\n<figure class=\"wp-block-image size-large\"><a href=\"https:\/\/collies-vom-floersbachtal.de\/cms\/wp-content\/uploads\/2023\/06\/Jana\u00b4s-Rute1-62.-Tag-scaled.jpg\"><img loading=\"lazy\" decoding=\"async\" width=\"1024\" height=\"577\" data-id=\"40202\" src=\"https:\/\/collies-vom-floersbachtal.de\/cms\/wp-content\/uploads\/2023\/06\/Jana\u00b4s-Rute1-62.-Tag-1024x577.jpg\" alt=\"\" class=\"wp-image-40202\" srcset=\"https:\/\/collies-vom-floersbachtal.de\/cms\/wp-content\/uploads\/2023\/06\/Jana\u00b4s-Rute1-62.-Tag-1024x577.jpg 1024w, https:\/\/collies-vom-floersbachtal.de\/cms\/wp-content\/uploads\/2023\/06\/Jana\u00b4s-Rute1-62.-Tag-300x169.jpg 300w, https:\/\/collies-vom-floersbachtal.de\/cms\/wp-content\/uploads\/2023\/06\/Jana\u00b4s-Rute1-62.-Tag-768x432.jpg 768w, https:\/\/collies-vom-floersbachtal.de\/cms\/wp-content\/uploads\/2023\/06\/Jana\u00b4s-Rute1-62.-Tag-1536x865.jpg 1536w, https:\/\/collies-vom-floersbachtal.de\/cms\/wp-content\/uploads\/2023\/06\/Jana\u00b4s-Rute1-62.-Tag-2048x1153.jpg 2048w\" sizes=\"auto, (max-width: 1024px) 100vw, 1024px\" \/><\/a><figcaption class=\"wp-element-caption\">nach der wilden Party heute Nacht, mit Schwund mu\u00df man rechnen<\/figcaption><\/figure>\n\n\n\n<figure class=\"wp-block-image size-large\"><a href=\"https:\/\/collies-vom-floersbachtal.de\/cms\/wp-content\/uploads\/2023\/06\/Jana1-61.-Tag.jpg\"><img loading=\"lazy\" decoding=\"async\" width=\"823\" height=\"1024\" data-id=\"40199\" src=\"https:\/\/collies-vom-floersbachtal.de\/cms\/wp-content\/uploads\/2023\/06\/Jana1-61.-Tag-823x1024.jpg\" alt=\"\" class=\"wp-image-40199\" srcset=\"https:\/\/collies-vom-floersbachtal.de\/cms\/wp-content\/uploads\/2023\/06\/Jana1-61.-Tag-823x1024.jpg 823w, https:\/\/collies-vom-floersbachtal.de\/cms\/wp-content\/uploads\/2023\/06\/Jana1-61.-Tag-241x300.jpg 241w, https:\/\/collies-vom-floersbachtal.de\/cms\/wp-content\/uploads\/2023\/06\/Jana1-61.-Tag-768x955.jpg 768w, https:\/\/collies-vom-floersbachtal.de\/cms\/wp-content\/uploads\/2023\/06\/Jana1-61.-Tag.jpg 1000w\" sizes=\"auto, (max-width: 823px) 100vw, 823px\" \/><\/a><figcaption class=\"wp-element-caption\">gestern kurz im Garten, viel zu warm<\/figcaption><\/figure>\n\n\n\n<figure class=\"wp-block-image size-large\"><a href=\"https:\/\/collies-vom-floersbachtal.de\/cms\/wp-content\/uploads\/2023\/06\/Jana1-62.-Tag-scaled.jpg\"><img loading=\"lazy\" decoding=\"async\" width=\"577\" height=\"1024\" data-id=\"40203\" src=\"https:\/\/collies-vom-floersbachtal.de\/cms\/wp-content\/uploads\/2023\/06\/Jana1-62.-Tag-577x1024.jpg\" alt=\"\" class=\"wp-image-40203\" srcset=\"https:\/\/collies-vom-floersbachtal.de\/cms\/wp-content\/uploads\/2023\/06\/Jana1-62.-Tag-577x1024.jpg 577w, https:\/\/collies-vom-floersbachtal.de\/cms\/wp-content\/uploads\/2023\/06\/Jana1-62.-Tag-169x300.jpg 169w, https:\/\/collies-vom-floersbachtal.de\/cms\/wp-content\/uploads\/2023\/06\/Jana1-62.-Tag-768x1364.jpg 768w, https:\/\/collies-vom-floersbachtal.de\/cms\/wp-content\/uploads\/2023\/06\/Jana1-62.-Tag-865x1536.jpg 865w, https:\/\/collies-vom-floersbachtal.de\/cms\/wp-content\/uploads\/2023\/06\/Jana1-62.-Tag-1153x2048.jpg 1153w, https:\/\/collies-vom-floersbachtal.de\/cms\/wp-content\/uploads\/2023\/06\/Jana1-62.-Tag-scaled.jpg 1442w\" sizes=\"auto, (max-width: 577px) 100vw, 577px\" \/><\/a><figcaption class=\"wp-element-caption\">hier im Schlafzimmer kann man es aushalten<\/figcaption><\/figure>\n\n\n\n<figure class=\"wp-block-image size-large\"><a href=\"https:\/\/collies-vom-floersbachtal.de\/cms\/wp-content\/uploads\/2023\/06\/Tara1-kurz-vor-Janas-Wurf.jpg\"><img loading=\"lazy\" decoding=\"async\" width=\"1000\" height=\"563\" data-id=\"40198\" src=\"https:\/\/collies-vom-floersbachtal.de\/cms\/wp-content\/uploads\/2023\/06\/Tara1-kurz-vor-Janas-Wurf.jpg\" alt=\"\" class=\"wp-image-40198\" srcset=\"https:\/\/collies-vom-floersbachtal.de\/cms\/wp-content\/uploads\/2023\/06\/Tara1-kurz-vor-Janas-Wurf.jpg 1000w, https:\/\/collies-vom-floersbachtal.de\/cms\/wp-content\/uploads\/2023\/06\/Tara1-kurz-vor-Janas-Wurf-300x169.jpg 300w, https:\/\/collies-vom-floersbachtal.de\/cms\/wp-content\/uploads\/2023\/06\/Tara1-kurz-vor-Janas-Wurf-768x432.jpg 768w\" sizes=\"auto, (max-width: 1000px) 100vw, 1000px\" \/><\/a><\/figure>\n\n\n\n<figure class=\"wp-block-image size-large\"><a href=\"https:\/\/collies-vom-floersbachtal.de\/cms\/wp-content\/uploads\/2023\/06\/Jana2-62.-Tag.jpg\"><img loading=\"lazy\" decoding=\"async\" width=\"1000\" height=\"732\" data-id=\"40196\" src=\"https:\/\/collies-vom-floersbachtal.de\/cms\/wp-content\/uploads\/2023\/06\/Jana2-62.-Tag.jpg\" alt=\"\" class=\"wp-image-40196\" srcset=\"https:\/\/collies-vom-floersbachtal.de\/cms\/wp-content\/uploads\/2023\/06\/Jana2-62.-Tag.jpg 1000w, https:\/\/collies-vom-floersbachtal.de\/cms\/wp-content\/uploads\/2023\/06\/Jana2-62.-Tag-300x220.jpg 300w, https:\/\/collies-vom-floersbachtal.de\/cms\/wp-content\/uploads\/2023\/06\/Jana2-62.-Tag-768x562.jpg 768w\" sizes=\"auto, (max-width: 1000px) 100vw, 1000px\" \/><\/a><figcaption class=\"wp-element-caption\">Frauli mir ist warm<\/figcaption><\/figure>\n\n\n\n<figure class=\"wp-block-image size-large\"><a href=\"https:\/\/collies-vom-floersbachtal.de\/cms\/wp-content\/uploads\/2023\/06\/Tara1-Ende-Juni23.jpg\"><img loading=\"lazy\" decoding=\"async\" width=\"1000\" height=\"788\" data-id=\"40201\" src=\"https:\/\/collies-vom-floersbachtal.de\/cms\/wp-content\/uploads\/2023\/06\/Tara1-Ende-Juni23.jpg\" alt=\"\" class=\"wp-image-40201\" srcset=\"https:\/\/collies-vom-floersbachtal.de\/cms\/wp-content\/uploads\/2023\/06\/Tara1-Ende-Juni23.jpg 1000w, https:\/\/collies-vom-floersbachtal.de\/cms\/wp-content\/uploads\/2023\/06\/Tara1-Ende-Juni23-300x236.jpg 300w, https:\/\/collies-vom-floersbachtal.de\/cms\/wp-content\/uploads\/2023\/06\/Tara1-Ende-Juni23-768x605.jpg 768w\" sizes=\"auto, (max-width: 1000px) 100vw, 1000px\" \/><\/a><figcaption class=\"wp-element-caption\">Tara genie\u00dft die alleinige Herrschaft im Wohnzimmer<\/figcaption><\/figure>\n<\/figure>\n\n\n\n<p><strong>19.06.23 (61. Tag 9. Woche)<\/strong> Hallooooo, ich bin immer noch mit meinem riesen Paket unterwegs. Die wollen irgendwie nicht ausziehen&#8230;  Frauli hat auch noch hreute morgen so ein unvorteilhaftes Foto von meinem Geh\u00e4nge gemacht. \ud83d\ude41  Bin gespannt ob das nochmal weg geht und wieder sch\u00f6n glatt wird ???  Meine Ma\u00dfe sind gleich geblieben zum Gl\u00fcck und wir warten jetzt geduldig, oder auch nicht was da so kommen mag \ud83d\ude09 Vielleicht fahren wir nachher noch wiegen, Frauli mu\u00df erst anfragen, ob wir kommen d\u00fcrfen bei unserem Land und Wiesenarzt, tzz. Also bis sp\u00e4ter&#8230;so fertig mit wiegen, <strong>35,2 kg (+ 500g)<\/strong>. Die Kr\u00fcmel d\u00fcrfen kommen. Tschau eure Jana \ud83d\ude42<\/p>\n\n\n\n<figure class=\"wp-block-gallery has-nested-images columns-default is-cropped wp-block-gallery-2 is-layout-flex wp-block-gallery-is-layout-flex\">\n<figure class=\"wp-block-image size-large\"><a href=\"https:\/\/collies-vom-floersbachtal.de\/cms\/wp-content\/uploads\/2023\/06\/Jana-und-Tara2-61.-Tag-9.-Woche.jpg\"><img loading=\"lazy\" decoding=\"async\" width=\"1000\" height=\"570\" data-id=\"40174\" src=\"https:\/\/collies-vom-floersbachtal.de\/cms\/wp-content\/uploads\/2023\/06\/Jana-und-Tara2-61.-Tag-9.-Woche.jpg\" alt=\"\" class=\"wp-image-40174\" srcset=\"https:\/\/collies-vom-floersbachtal.de\/cms\/wp-content\/uploads\/2023\/06\/Jana-und-Tara2-61.-Tag-9.-Woche.jpg 1000w, https:\/\/collies-vom-floersbachtal.de\/cms\/wp-content\/uploads\/2023\/06\/Jana-und-Tara2-61.-Tag-9.-Woche-300x171.jpg 300w, https:\/\/collies-vom-floersbachtal.de\/cms\/wp-content\/uploads\/2023\/06\/Jana-und-Tara2-61.-Tag-9.-Woche-768x438.jpg 768w\" sizes=\"auto, (max-width: 1000px) 100vw, 1000px\" \/><\/a><figcaption class=\"wp-element-caption\">Hier geht es ja noch,<\/figcaption><\/figure>\n\n\n\n<figure class=\"wp-block-image size-large\"><a href=\"https:\/\/collies-vom-floersbachtal.de\/cms\/wp-content\/uploads\/2023\/06\/Jana-und-Tara1-61.-Tag-9.-Woche.jpg\"><img loading=\"lazy\" decoding=\"async\" width=\"1000\" height=\"645\" data-id=\"40173\" src=\"https:\/\/collies-vom-floersbachtal.de\/cms\/wp-content\/uploads\/2023\/06\/Jana-und-Tara1-61.-Tag-9.-Woche.jpg\" alt=\"\" class=\"wp-image-40173\" srcset=\"https:\/\/collies-vom-floersbachtal.de\/cms\/wp-content\/uploads\/2023\/06\/Jana-und-Tara1-61.-Tag-9.-Woche.jpg 1000w, https:\/\/collies-vom-floersbachtal.de\/cms\/wp-content\/uploads\/2023\/06\/Jana-und-Tara1-61.-Tag-9.-Woche-300x194.jpg 300w, https:\/\/collies-vom-floersbachtal.de\/cms\/wp-content\/uploads\/2023\/06\/Jana-und-Tara1-61.-Tag-9.-Woche-768x495.jpg 768w\" sizes=\"auto, (max-width: 1000px) 100vw, 1000px\" \/><\/a><figcaption class=\"wp-element-caption\">aber hier mu\u00dfte ich erst mal alles sortieren<\/figcaption><\/figure>\n<\/figure>\n\n\n\n<p><strong>18.06.23  ( 60.Tag 9. Woche)<\/strong>Huhu, ich bins die Jana, wollte mich nochmal melden, damit ihr nicht denkt ich h\u00e4tte euch vergessen. \ud83d\ude09 Hier ist noch alles ruhig, meine Temperatur ist auch noch nicht gesunken ist bei 37,1\u00b0. Im Moment bin ich etwas w\u00e4hlerisch was das Futter angeht, aber noch pa\u00dft was rein.  Schaue auch sehr oft versunken in der Gegend rum und horche in mich rein, was da so alles passiert. Tara macht immer Kontrollschnuppern, ob noch alle da sind. \ud83d\ude00 Sollte sich hier was ver\u00e4ndern, werden wir euch sofort informieren.  Schlie\u00dflich sind wir ja alle sehr neugierig auf die Kr\u00fcmel. \ud83d\ude1b Ganz liebe Gr\u00fc\u00dfe Jana und ihr Gefolge \ud83d\ude1b<\/p>\n\n\n\n<figure class=\"wp-block-gallery has-nested-images columns-default is-cropped wp-block-gallery-3 is-layout-flex wp-block-gallery-is-layout-flex\">\n<figure class=\"wp-block-image size-large\"><a href=\"https:\/\/collies-vom-floersbachtal.de\/cms\/wp-content\/uploads\/2023\/06\/Jana1-60.-Tag-9.-Woche.jpg\"><img loading=\"lazy\" decoding=\"async\" width=\"1000\" height=\"563\" data-id=\"40163\" src=\"https:\/\/collies-vom-floersbachtal.de\/cms\/wp-content\/uploads\/2023\/06\/Jana1-60.-Tag-9.-Woche.jpg\" alt=\"\" class=\"wp-image-40163\" srcset=\"https:\/\/collies-vom-floersbachtal.de\/cms\/wp-content\/uploads\/2023\/06\/Jana1-60.-Tag-9.-Woche.jpg 1000w, https:\/\/collies-vom-floersbachtal.de\/cms\/wp-content\/uploads\/2023\/06\/Jana1-60.-Tag-9.-Woche-300x169.jpg 300w, https:\/\/collies-vom-floersbachtal.de\/cms\/wp-content\/uploads\/2023\/06\/Jana1-60.-Tag-9.-Woche-768x432.jpg 768w\" sizes=\"auto, (max-width: 1000px) 100vw, 1000px\" \/><\/a><\/figure>\n\n\n\n<figure class=\"wp-block-image size-large\"><a href=\"https:\/\/collies-vom-floersbachtal.de\/cms\/wp-content\/uploads\/2023\/06\/Jana-und-Tara1-59.-tag-9.-Woche.jpg\"><img loading=\"lazy\" decoding=\"async\" width=\"577\" height=\"1024\" data-id=\"40164\" src=\"https:\/\/collies-vom-floersbachtal.de\/cms\/wp-content\/uploads\/2023\/06\/Jana-und-Tara1-59.-tag-9.-Woche-577x1024.jpg\" alt=\"\" class=\"wp-image-40164\" srcset=\"https:\/\/collies-vom-floersbachtal.de\/cms\/wp-content\/uploads\/2023\/06\/Jana-und-Tara1-59.-tag-9.-Woche-577x1024.jpg 577w, https:\/\/collies-vom-floersbachtal.de\/cms\/wp-content\/uploads\/2023\/06\/Jana-und-Tara1-59.-tag-9.-Woche-169x300.jpg 169w, https:\/\/collies-vom-floersbachtal.de\/cms\/wp-content\/uploads\/2023\/06\/Jana-und-Tara1-59.-tag-9.-Woche-768x1364.jpg 768w, https:\/\/collies-vom-floersbachtal.de\/cms\/wp-content\/uploads\/2023\/06\/Jana-und-Tara1-59.-tag-9.-Woche-865x1536.jpg 865w, https:\/\/collies-vom-floersbachtal.de\/cms\/wp-content\/uploads\/2023\/06\/Jana-und-Tara1-59.-tag-9.-Woche.jpg 1000w\" sizes=\"auto, (max-width: 577px) 100vw, 577px\" \/><\/a><\/figure>\n\n\n\n<figure class=\"wp-block-image size-large\"><a href=\"https:\/\/collies-vom-floersbachtal.de\/cms\/wp-content\/uploads\/2023\/06\/Jana1-56.-Tag.jpg\"><img loading=\"lazy\" decoding=\"async\" width=\"1000\" height=\"563\" data-id=\"40165\" src=\"https:\/\/collies-vom-floersbachtal.de\/cms\/wp-content\/uploads\/2023\/06\/Jana1-56.-Tag.jpg\" alt=\"\" class=\"wp-image-40165\" srcset=\"https:\/\/collies-vom-floersbachtal.de\/cms\/wp-content\/uploads\/2023\/06\/Jana1-56.-Tag.jpg 1000w, https:\/\/collies-vom-floersbachtal.de\/cms\/wp-content\/uploads\/2023\/06\/Jana1-56.-Tag-300x169.jpg 300w, https:\/\/collies-vom-floersbachtal.de\/cms\/wp-content\/uploads\/2023\/06\/Jana1-56.-Tag-768x432.jpg 768w\" sizes=\"auto, (max-width: 1000px) 100vw, 1000px\" \/><\/a><\/figure>\n<\/figure>\n\n\n\n<p><strong>16.06.23  (58. Tag 9. Woche)<\/strong> Hi, hier kommt die verfressene Raupe \ud83d\ude00 Also ich habe jetzt <strong>34,7 Kg (+ 1 Kg)<\/strong>. Da ich ja noch ein paar Tage vor mir habe, werde ich dann wohl doch noch platzen&#8230; \ud83d\ude00  Die Senkwehen haben mich gestern etwas ge\u00e4rgert. Aber Frauli hat mich immer sch\u00f6n gestreichelt und massiert und so ging die Nacht doch recht ruhig vorbei \ud83d\ude42 Heute morgen sind dann wir 4 Musketiere wieder sch\u00f6n gelaufen, damit ich ja fit bin f\u00fcr diese Geburt . LG. eure kleine dicke Raupe Jana \ud83d\ude1b<\/p>\n\n\n\n<figure class=\"wp-block-gallery has-nested-images columns-default is-cropped wp-block-gallery-4 is-layout-flex wp-block-gallery-is-layout-flex\">\n<figure class=\"wp-block-image size-large\"><a href=\"https:\/\/collies-vom-floersbachtal.de\/cms\/wp-content\/uploads\/2023\/06\/Jana1-mit-allen-58.-Tag.jpg\"><img loading=\"lazy\" decoding=\"async\" width=\"945\" height=\"1024\" data-id=\"40144\" src=\"https:\/\/collies-vom-floersbachtal.de\/cms\/wp-content\/uploads\/2023\/06\/Jana1-mit-allen-58.-Tag-945x1024.jpg\" alt=\"\" class=\"wp-image-40144\" srcset=\"https:\/\/collies-vom-floersbachtal.de\/cms\/wp-content\/uploads\/2023\/06\/Jana1-mit-allen-58.-Tag-945x1024.jpg 945w, https:\/\/collies-vom-floersbachtal.de\/cms\/wp-content\/uploads\/2023\/06\/Jana1-mit-allen-58.-Tag-277x300.jpg 277w, https:\/\/collies-vom-floersbachtal.de\/cms\/wp-content\/uploads\/2023\/06\/Jana1-mit-allen-58.-Tag-768x833.jpg 768w, https:\/\/collies-vom-floersbachtal.de\/cms\/wp-content\/uploads\/2023\/06\/Jana1-mit-allen-58.-Tag.jpg 1000w\" sizes=\"auto, (max-width: 945px) 100vw, 945px\" \/><\/a><\/figure>\n\n\n\n<figure class=\"wp-block-image size-large\"><a href=\"https:\/\/collies-vom-floersbachtal.de\/cms\/wp-content\/uploads\/2023\/06\/Jana2-58.Tag-9.-Woche.jpg\"><img loading=\"lazy\" decoding=\"async\" width=\"577\" height=\"1024\" data-id=\"40145\" src=\"https:\/\/collies-vom-floersbachtal.de\/cms\/wp-content\/uploads\/2023\/06\/Jana2-58.Tag-9.-Woche-577x1024.jpg\" alt=\"\" class=\"wp-image-40145\" srcset=\"https:\/\/collies-vom-floersbachtal.de\/cms\/wp-content\/uploads\/2023\/06\/Jana2-58.Tag-9.-Woche-577x1024.jpg 577w, https:\/\/collies-vom-floersbachtal.de\/cms\/wp-content\/uploads\/2023\/06\/Jana2-58.Tag-9.-Woche-169x300.jpg 169w, https:\/\/collies-vom-floersbachtal.de\/cms\/wp-content\/uploads\/2023\/06\/Jana2-58.Tag-9.-Woche-768x1364.jpg 768w, https:\/\/collies-vom-floersbachtal.de\/cms\/wp-content\/uploads\/2023\/06\/Jana2-58.Tag-9.-Woche-865x1536.jpg 865w, https:\/\/collies-vom-floersbachtal.de\/cms\/wp-content\/uploads\/2023\/06\/Jana2-58.Tag-9.-Woche.jpg 1000w\" sizes=\"auto, (max-width: 577px) 100vw, 577px\" \/><\/a><\/figure>\n<\/figure>\n\n\n\n<p><strong>15.06.23  (57. Tag 9. Woche)<\/strong> Huhu ich bins die Jana, also so langsam wird mir das hier alles etwas eng, die L\u00fctten machen ihre Turn\u00fcbungen und ich mu\u00df gucken wo ich noch ein Pl\u00e4tzchen f\u00fcr mein wohlverdientes Futter finde \ud83d\ude41 Au\u00dferdem dr\u00fccken die ganz sch\u00f6n nach unten dr\u00fccken) Aber m\u00fcssen ja auch langsam mal sich auf den Weg machen, schlie\u00dflich sollen sie in ein paar Tagen kommen. Meine Modelma\u00dfe lauten \u00fcbrigens: <strong>78\/87 (jeweils 1cm +)<\/strong>. Frauli mi\u00dft jetzt morgens und abends immer meine Temperatur, damit sie merkt, wann diese um ca. 1,5 &#8211; 2,0 \u00b0 f\u00e4llt denn dann dauert es nur noch 6-24 Stunden. NUR NOCH!!! Hab das von Tara noch in Erinnerung, braucht ja eigentlich kein Mensch, oder??? Aber wir freuen uns nat\u00fcrlich alle so auf die Kr\u00fcmel, da will ich mal nicht so sein. \ud83d\ude09 \ud83d\ude1b Ach ja zwischenzeitlich hatte ich auch meinen 2. Geburtstag, aber die big Fete steigt erst nach den Welpen&#8230; \ud83d\ude00 Hier noch ein paar Fotos von meiner verschandelten Frisur und ich hatte Besuch von weit entfernter Verwandtschaft \ud83d\ude00 Morgen gehen wir nochmal wiegen. also bis denne ihr Lieben \ud83d\ude42<\/p>\n\n\n\n<figure class=\"wp-block-image size-large\"><a href=\"https:\/\/collies-vom-floersbachtal.de\/cms\/wp-content\/uploads\/2023\/06\/Jana5-2.-Geburtstag-54.-Tag-scaled.jpg\"><img loading=\"lazy\" decoding=\"async\" width=\"577\" height=\"1024\" src=\"https:\/\/collies-vom-floersbachtal.de\/cms\/wp-content\/uploads\/2023\/06\/Jana5-2.-Geburtstag-54.-Tag-577x1024.jpg\" alt=\"\" class=\"wp-image-40136\" srcset=\"https:\/\/collies-vom-floersbachtal.de\/cms\/wp-content\/uploads\/2023\/06\/Jana5-2.-Geburtstag-54.-Tag-577x1024.jpg 577w, https:\/\/collies-vom-floersbachtal.de\/cms\/wp-content\/uploads\/2023\/06\/Jana5-2.-Geburtstag-54.-Tag-169x300.jpg 169w, https:\/\/collies-vom-floersbachtal.de\/cms\/wp-content\/uploads\/2023\/06\/Jana5-2.-Geburtstag-54.-Tag-768x1364.jpg 768w, https:\/\/collies-vom-floersbachtal.de\/cms\/wp-content\/uploads\/2023\/06\/Jana5-2.-Geburtstag-54.-Tag-865x1536.jpg 865w, https:\/\/collies-vom-floersbachtal.de\/cms\/wp-content\/uploads\/2023\/06\/Jana5-2.-Geburtstag-54.-Tag-1153x2048.jpg 1153w, https:\/\/collies-vom-floersbachtal.de\/cms\/wp-content\/uploads\/2023\/06\/Jana5-2.-Geburtstag-54.-Tag-scaled.jpg 1442w\" sizes=\"auto, (max-width: 577px) 100vw, 577px\" \/><\/a><figcaption class=\"wp-element-caption\">Viel mir ja echt nicht leicht, mich zur\u00fcck halten zu m\u00fcssen. aber Tara mu\u00dfte auch warten \ud83d\ude1b<\/figcaption><\/figure>\n\n\n\n<figure class=\"wp-block-gallery has-nested-images columns-default is-cropped wp-block-gallery-5 is-layout-flex wp-block-gallery-is-layout-flex\">\n<figure class=\"wp-block-image size-large\"><a href=\"https:\/\/collies-vom-floersbachtal.de\/cms\/wp-content\/uploads\/2023\/06\/Jana-und-ich1-56.-Tag-9.-Woche.jpg\"><img loading=\"lazy\" decoding=\"async\" width=\"768\" height=\"1024\" data-id=\"40128\" src=\"https:\/\/collies-vom-floersbachtal.de\/cms\/wp-content\/uploads\/2023\/06\/Jana-und-ich1-56.-Tag-9.-Woche-768x1024.jpg\" alt=\"\" class=\"wp-image-40128\" srcset=\"https:\/\/collies-vom-floersbachtal.de\/cms\/wp-content\/uploads\/2023\/06\/Jana-und-ich1-56.-Tag-9.-Woche-768x1024.jpg 768w, https:\/\/collies-vom-floersbachtal.de\/cms\/wp-content\/uploads\/2023\/06\/Jana-und-ich1-56.-Tag-9.-Woche-225x300.jpg 225w, https:\/\/collies-vom-floersbachtal.de\/cms\/wp-content\/uploads\/2023\/06\/Jana-und-ich1-56.-Tag-9.-Woche.jpg 1000w\" sizes=\"auto, (max-width: 768px) 100vw, 768px\" \/><\/a><\/figure>\n\n\n\n<figure class=\"wp-block-image size-large\"><a href=\"https:\/\/collies-vom-floersbachtal.de\/cms\/wp-content\/uploads\/2023\/06\/Jana2-50.-Tag-1.jpg\"><img loading=\"lazy\" decoding=\"async\" width=\"577\" height=\"1024\" data-id=\"40127\" src=\"https:\/\/collies-vom-floersbachtal.de\/cms\/wp-content\/uploads\/2023\/06\/Jana2-50.-Tag-1-577x1024.jpg\" alt=\"\" class=\"wp-image-40127\" srcset=\"https:\/\/collies-vom-floersbachtal.de\/cms\/wp-content\/uploads\/2023\/06\/Jana2-50.-Tag-1-577x1024.jpg 577w, https:\/\/collies-vom-floersbachtal.de\/cms\/wp-content\/uploads\/2023\/06\/Jana2-50.-Tag-1-169x300.jpg 169w, https:\/\/collies-vom-floersbachtal.de\/cms\/wp-content\/uploads\/2023\/06\/Jana2-50.-Tag-1-768x1364.jpg 768w, https:\/\/collies-vom-floersbachtal.de\/cms\/wp-content\/uploads\/2023\/06\/Jana2-50.-Tag-1-865x1536.jpg 865w, https:\/\/collies-vom-floersbachtal.de\/cms\/wp-content\/uploads\/2023\/06\/Jana2-50.-Tag-1.jpg 1000w\" sizes=\"auto, (max-width: 577px) 100vw, 577px\" \/><\/a><\/figure>\n\n\n\n<figure class=\"wp-block-image size-large\"><a href=\"https:\/\/collies-vom-floersbachtal.de\/cms\/wp-content\/uploads\/2023\/06\/Jana2-56.-Tag.jpg\"><img loading=\"lazy\" decoding=\"async\" width=\"577\" height=\"1024\" data-id=\"40131\" src=\"https:\/\/collies-vom-floersbachtal.de\/cms\/wp-content\/uploads\/2023\/06\/Jana2-56.-Tag-577x1024.jpg\" alt=\"\" class=\"wp-image-40131\" srcset=\"https:\/\/collies-vom-floersbachtal.de\/cms\/wp-content\/uploads\/2023\/06\/Jana2-56.-Tag-577x1024.jpg 577w, https:\/\/collies-vom-floersbachtal.de\/cms\/wp-content\/uploads\/2023\/06\/Jana2-56.-Tag-169x300.jpg 169w, https:\/\/collies-vom-floersbachtal.de\/cms\/wp-content\/uploads\/2023\/06\/Jana2-56.-Tag-768x1364.jpg 768w, https:\/\/collies-vom-floersbachtal.de\/cms\/wp-content\/uploads\/2023\/06\/Jana2-56.-Tag-865x1536.jpg 865w, https:\/\/collies-vom-floersbachtal.de\/cms\/wp-content\/uploads\/2023\/06\/Jana2-56.-Tag.jpg 1000w\" sizes=\"auto, (max-width: 577px) 100vw, 577px\" \/><\/a><\/figure>\n\n\n\n<figure class=\"wp-block-image size-large\"><a href=\"https:\/\/collies-vom-floersbachtal.de\/cms\/wp-content\/uploads\/2023\/06\/Jana2-57.-Tag-9.-Woche.jpg\"><img loading=\"lazy\" decoding=\"async\" width=\"1000\" height=\"464\" data-id=\"40132\" src=\"https:\/\/collies-vom-floersbachtal.de\/cms\/wp-content\/uploads\/2023\/06\/Jana2-57.-Tag-9.-Woche.jpg\" alt=\"\" class=\"wp-image-40132\" srcset=\"https:\/\/collies-vom-floersbachtal.de\/cms\/wp-content\/uploads\/2023\/06\/Jana2-57.-Tag-9.-Woche.jpg 1000w, https:\/\/collies-vom-floersbachtal.de\/cms\/wp-content\/uploads\/2023\/06\/Jana2-57.-Tag-9.-Woche-300x139.jpg 300w, https:\/\/collies-vom-floersbachtal.de\/cms\/wp-content\/uploads\/2023\/06\/Jana2-57.-Tag-9.-Woche-768x356.jpg 768w\" sizes=\"auto, (max-width: 1000px) 100vw, 1000px\" \/><\/a><\/figure>\n\n\n\n<figure class=\"wp-block-image size-large\"><a href=\"https:\/\/collies-vom-floersbachtal.de\/cms\/wp-content\/uploads\/2023\/06\/Jana3-56.-Tag.jpg\"><img loading=\"lazy\" decoding=\"async\" width=\"1000\" height=\"696\" data-id=\"40133\" src=\"https:\/\/collies-vom-floersbachtal.de\/cms\/wp-content\/uploads\/2023\/06\/Jana3-56.-Tag.jpg\" alt=\"\" class=\"wp-image-40133\" srcset=\"https:\/\/collies-vom-floersbachtal.de\/cms\/wp-content\/uploads\/2023\/06\/Jana3-56.-Tag.jpg 1000w, https:\/\/collies-vom-floersbachtal.de\/cms\/wp-content\/uploads\/2023\/06\/Jana3-56.-Tag-300x209.jpg 300w, https:\/\/collies-vom-floersbachtal.de\/cms\/wp-content\/uploads\/2023\/06\/Jana3-56.-Tag-768x535.jpg 768w\" sizes=\"auto, (max-width: 1000px) 100vw, 1000px\" \/><\/a><\/figure>\n\n\n\n<figure class=\"wp-block-image size-large\"><a href=\"https:\/\/collies-vom-floersbachtal.de\/cms\/wp-content\/uploads\/2023\/06\/Jana3-57.-Tag-9.-Woche.jpg\"><img loading=\"lazy\" decoding=\"async\" width=\"577\" height=\"1024\" data-id=\"40134\" src=\"https:\/\/collies-vom-floersbachtal.de\/cms\/wp-content\/uploads\/2023\/06\/Jana3-57.-Tag-9.-Woche-577x1024.jpg\" alt=\"\" class=\"wp-image-40134\" srcset=\"https:\/\/collies-vom-floersbachtal.de\/cms\/wp-content\/uploads\/2023\/06\/Jana3-57.-Tag-9.-Woche-577x1024.jpg 577w, https:\/\/collies-vom-floersbachtal.de\/cms\/wp-content\/uploads\/2023\/06\/Jana3-57.-Tag-9.-Woche-169x300.jpg 169w, https:\/\/collies-vom-floersbachtal.de\/cms\/wp-content\/uploads\/2023\/06\/Jana3-57.-Tag-9.-Woche-768x1364.jpg 768w, https:\/\/collies-vom-floersbachtal.de\/cms\/wp-content\/uploads\/2023\/06\/Jana3-57.-Tag-9.-Woche-865x1536.jpg 865w, https:\/\/collies-vom-floersbachtal.de\/cms\/wp-content\/uploads\/2023\/06\/Jana3-57.-Tag-9.-Woche.jpg 1000w\" sizes=\"auto, (max-width: 577px) 100vw, 577px\" \/><\/a><\/figure>\n\n\n\n<figure class=\"wp-block-image size-large\"><a href=\"https:\/\/collies-vom-floersbachtal.de\/cms\/wp-content\/uploads\/2023\/06\/Jana-und-Tara1-56.-Tag.jpg\"><img loading=\"lazy\" decoding=\"async\" width=\"1000\" height=\"726\" data-id=\"40130\" src=\"https:\/\/collies-vom-floersbachtal.de\/cms\/wp-content\/uploads\/2023\/06\/Jana-und-Tara1-56.-Tag.jpg\" alt=\"\" class=\"wp-image-40130\" srcset=\"https:\/\/collies-vom-floersbachtal.de\/cms\/wp-content\/uploads\/2023\/06\/Jana-und-Tara1-56.-Tag.jpg 1000w, https:\/\/collies-vom-floersbachtal.de\/cms\/wp-content\/uploads\/2023\/06\/Jana-und-Tara1-56.-Tag-300x218.jpg 300w, https:\/\/collies-vom-floersbachtal.de\/cms\/wp-content\/uploads\/2023\/06\/Jana-und-Tara1-56.-Tag-768x558.jpg 768w\" sizes=\"auto, (max-width: 1000px) 100vw, 1000px\" \/><\/a><\/figure>\n<\/figure>\n\n\n\n<figure class=\"wp-block-image size-full\"><a href=\"https:\/\/collies-vom-floersbachtal.de\/cms\/wp-content\/uploads\/2023\/06\/Jana1-und-Finnick-56.-Tag-8.-woche.jpg\"><img loading=\"lazy\" decoding=\"async\" width=\"1000\" height=\"601\" src=\"https:\/\/collies-vom-floersbachtal.de\/cms\/wp-content\/uploads\/2023\/06\/Jana1-und-Finnick-56.-Tag-8.-woche.jpg\" alt=\"\" class=\"wp-image-40135\" srcset=\"https:\/\/collies-vom-floersbachtal.de\/cms\/wp-content\/uploads\/2023\/06\/Jana1-und-Finnick-56.-Tag-8.-woche.jpg 1000w, https:\/\/collies-vom-floersbachtal.de\/cms\/wp-content\/uploads\/2023\/06\/Jana1-und-Finnick-56.-Tag-8.-woche-300x180.jpg 300w, https:\/\/collies-vom-floersbachtal.de\/cms\/wp-content\/uploads\/2023\/06\/Jana1-und-Finnick-56.-Tag-8.-woche-768x462.jpg 768w\" sizes=\"auto, (max-width: 1000px) 100vw, 1000px\" \/><\/a><figcaption class=\"wp-element-caption\">Du bist also der Sohn von meinem Opa, Djarvis \ud83d\ude42<\/figcaption><\/figure>\n\n\n\n<p><strong>12.06.23  (54. Tag 8. Woche)<\/strong> Huhu ich bins, heute ist mein 2. Geburtstag und war schon mit Frauli alleine zum Wiegen. Die letzten Tage hatte es mir nicht so gemundet, daher habe ich auch nur <strong>400 g<\/strong> zugenommen, also jetzt <strong>33,7 kg<\/strong> aber das sind ja trotzdem insgesamt schon fast <strong>6 Kilo<\/strong> die ich zugenommen habe. \ud83d\ude09  Auto haben wir auch gewaschen, damit es zu meinem Ehrentage gut aussieht. \ud83d\ude1b   Die Kr\u00fcmel sind nun auch schon<strong> ca. 12 cm kurz<\/strong> \ud83d\ude00  Meine  <strong>Taille mi\u00dft nun 77 cm (+4cm) und an den Rippen sind es immer noch 86 cm<\/strong>.  Nun haben wir noch ca. 1 Woche, also Endspurt. Frauli wird auch immer freudiger aufgeregt, ihr bestimmt auch?    Nun w\u00fcnsche ich euch noch eine sch\u00f6ne Woche und sage bis bald. Eure Jana  \ud83d\ude1b                                            <\/p>\n\n\n\n<figure class=\"wp-block-image size-full\"><a href=\"https:\/\/collies-vom-floersbachtal.de\/cms\/wp-content\/uploads\/2023\/06\/vorgeburt6-1024x344-1.jpg\"><img loading=\"lazy\" decoding=\"async\" width=\"1024\" height=\"344\" src=\"https:\/\/collies-vom-floersbachtal.de\/cms\/wp-content\/uploads\/2023\/06\/vorgeburt6-1024x344-1.jpg\" alt=\"\" class=\"wp-image-40116\" srcset=\"https:\/\/collies-vom-floersbachtal.de\/cms\/wp-content\/uploads\/2023\/06\/vorgeburt6-1024x344-1.jpg 1024w, https:\/\/collies-vom-floersbachtal.de\/cms\/wp-content\/uploads\/2023\/06\/vorgeburt6-1024x344-1-300x101.jpg 300w, https:\/\/collies-vom-floersbachtal.de\/cms\/wp-content\/uploads\/2023\/06\/vorgeburt6-1024x344-1-768x258.jpg 768w\" sizes=\"auto, (max-width: 1024px) 100vw, 1024px\" \/><\/a><figcaption class=\"wp-element-caption\"><strong>Es wird spannend!!! \ud83d\ude00<\/strong><\/figcaption><\/figure>\n\n\n\n<p>                                                                                                                         <\/p>\n\n\n\n<figure class=\"wp-block-image size-large\"><a href=\"https:\/\/collies-vom-floersbachtal.de\/cms\/wp-content\/uploads\/2023\/06\/Jana-und-Tara1-2.-Geb.-54.-Tag-1.jpg\"><img loading=\"lazy\" decoding=\"async\" width=\"908\" height=\"1024\" src=\"https:\/\/collies-vom-floersbachtal.de\/cms\/wp-content\/uploads\/2023\/06\/Jana-und-Tara1-2.-Geb.-54.-Tag-1-908x1024.jpg\" alt=\"\" class=\"wp-image-40118\" srcset=\"https:\/\/collies-vom-floersbachtal.de\/cms\/wp-content\/uploads\/2023\/06\/Jana-und-Tara1-2.-Geb.-54.-Tag-1-908x1024.jpg 908w, https:\/\/collies-vom-floersbachtal.de\/cms\/wp-content\/uploads\/2023\/06\/Jana-und-Tara1-2.-Geb.-54.-Tag-1-266x300.jpg 266w, https:\/\/collies-vom-floersbachtal.de\/cms\/wp-content\/uploads\/2023\/06\/Jana-und-Tara1-2.-Geb.-54.-Tag-1-768x866.jpg 768w, https:\/\/collies-vom-floersbachtal.de\/cms\/wp-content\/uploads\/2023\/06\/Jana-und-Tara1-2.-Geb.-54.-Tag-1.jpg 1000w\" sizes=\"auto, (max-width: 908px) 100vw, 908px\" \/><\/a><\/figure>\n\n\n\n<figure class=\"wp-block-gallery has-nested-images columns-default is-cropped wp-block-gallery-6 is-layout-flex wp-block-gallery-is-layout-flex\">\n<figure class=\"wp-block-image size-large\"><a href=\"https:\/\/collies-vom-floersbachtal.de\/cms\/wp-content\/uploads\/2023\/06\/Jana4-2.-Geburtstag-54.-Tag.jpg\"><img loading=\"lazy\" decoding=\"async\" width=\"872\" height=\"1024\" data-id=\"40097\" src=\"https:\/\/collies-vom-floersbachtal.de\/cms\/wp-content\/uploads\/2023\/06\/Jana4-2.-Geburtstag-54.-Tag-872x1024.jpg\" alt=\"\" class=\"wp-image-40097\" srcset=\"https:\/\/collies-vom-floersbachtal.de\/cms\/wp-content\/uploads\/2023\/06\/Jana4-2.-Geburtstag-54.-Tag-872x1024.jpg 872w, https:\/\/collies-vom-floersbachtal.de\/cms\/wp-content\/uploads\/2023\/06\/Jana4-2.-Geburtstag-54.-Tag-256x300.jpg 256w, https:\/\/collies-vom-floersbachtal.de\/cms\/wp-content\/uploads\/2023\/06\/Jana4-2.-Geburtstag-54.-Tag-768x902.jpg 768w, https:\/\/collies-vom-floersbachtal.de\/cms\/wp-content\/uploads\/2023\/06\/Jana4-2.-Geburtstag-54.-Tag.jpg 1000w\" sizes=\"auto, (max-width: 872px) 100vw, 872px\" \/><\/a><\/figure>\n\n\n\n<figure class=\"wp-block-image size-large\"><a href=\"https:\/\/collies-vom-floersbachtal.de\/cms\/wp-content\/uploads\/2023\/06\/Jana1-50.-Tag.jpg\"><img loading=\"lazy\" decoding=\"async\" width=\"800\" height=\"648\" data-id=\"40096\" src=\"https:\/\/collies-vom-floersbachtal.de\/cms\/wp-content\/uploads\/2023\/06\/Jana1-50.-Tag.jpg\" alt=\"\" class=\"wp-image-40096\" srcset=\"https:\/\/collies-vom-floersbachtal.de\/cms\/wp-content\/uploads\/2023\/06\/Jana1-50.-Tag.jpg 800w, https:\/\/collies-vom-floersbachtal.de\/cms\/wp-content\/uploads\/2023\/06\/Jana1-50.-Tag-300x243.jpg 300w, https:\/\/collies-vom-floersbachtal.de\/cms\/wp-content\/uploads\/2023\/06\/Jana1-50.-Tag-768x622.jpg 768w\" sizes=\"auto, (max-width: 800px) 100vw, 800px\" \/><\/a><\/figure>\n\n\n\n<figure class=\"wp-block-image size-large\"><a href=\"https:\/\/collies-vom-floersbachtal.de\/cms\/wp-content\/uploads\/2023\/06\/Jana1-54.-Tag-8.-Woche.jpg\"><img loading=\"lazy\" decoding=\"async\" width=\"577\" height=\"1024\" data-id=\"40098\" src=\"https:\/\/collies-vom-floersbachtal.de\/cms\/wp-content\/uploads\/2023\/06\/Jana1-54.-Tag-8.-Woche-577x1024.jpg\" alt=\"\" class=\"wp-image-40098\" srcset=\"https:\/\/collies-vom-floersbachtal.de\/cms\/wp-content\/uploads\/2023\/06\/Jana1-54.-Tag-8.-Woche-577x1024.jpg 577w, https:\/\/collies-vom-floersbachtal.de\/cms\/wp-content\/uploads\/2023\/06\/Jana1-54.-Tag-8.-Woche-169x300.jpg 169w, https:\/\/collies-vom-floersbachtal.de\/cms\/wp-content\/uploads\/2023\/06\/Jana1-54.-Tag-8.-Woche-768x1364.jpg 768w, https:\/\/collies-vom-floersbachtal.de\/cms\/wp-content\/uploads\/2023\/06\/Jana1-54.-Tag-8.-Woche-865x1536.jpg 865w, https:\/\/collies-vom-floersbachtal.de\/cms\/wp-content\/uploads\/2023\/06\/Jana1-54.-Tag-8.-Woche.jpg 1000w\" sizes=\"auto, (max-width: 577px) 100vw, 577px\" \/><\/a><\/figure>\n\n\n\n<figure class=\"wp-block-image size-large\"><a href=\"https:\/\/collies-vom-floersbachtal.de\/cms\/wp-content\/uploads\/2023\/06\/Jana2-2.-Geburtstag-54.-Tag.jpg\"><img loading=\"lazy\" decoding=\"async\" width=\"1000\" height=\"894\" data-id=\"40099\" src=\"https:\/\/collies-vom-floersbachtal.de\/cms\/wp-content\/uploads\/2023\/06\/Jana2-2.-Geburtstag-54.-Tag.jpg\" alt=\"\" class=\"wp-image-40099\" srcset=\"https:\/\/collies-vom-floersbachtal.de\/cms\/wp-content\/uploads\/2023\/06\/Jana2-2.-Geburtstag-54.-Tag.jpg 1000w, https:\/\/collies-vom-floersbachtal.de\/cms\/wp-content\/uploads\/2023\/06\/Jana2-2.-Geburtstag-54.-Tag-300x268.jpg 300w, https:\/\/collies-vom-floersbachtal.de\/cms\/wp-content\/uploads\/2023\/06\/Jana2-2.-Geburtstag-54.-Tag-768x687.jpg 768w\" sizes=\"auto, (max-width: 1000px) 100vw, 1000px\" \/><\/a><\/figure>\n\n\n\n<figure class=\"wp-block-image size-large\"><a href=\"https:\/\/collies-vom-floersbachtal.de\/cms\/wp-content\/uploads\/2023\/06\/Jana2-3.-Geburtstag-54.-Tag.jpg\"><img loading=\"lazy\" decoding=\"async\" width=\"924\" height=\"1024\" data-id=\"40100\" src=\"https:\/\/collies-vom-floersbachtal.de\/cms\/wp-content\/uploads\/2023\/06\/Jana2-3.-Geburtstag-54.-Tag-924x1024.jpg\" alt=\"\" class=\"wp-image-40100\" srcset=\"https:\/\/collies-vom-floersbachtal.de\/cms\/wp-content\/uploads\/2023\/06\/Jana2-3.-Geburtstag-54.-Tag-924x1024.jpg 924w, https:\/\/collies-vom-floersbachtal.de\/cms\/wp-content\/uploads\/2023\/06\/Jana2-3.-Geburtstag-54.-Tag-271x300.jpg 271w, https:\/\/collies-vom-floersbachtal.de\/cms\/wp-content\/uploads\/2023\/06\/Jana2-3.-Geburtstag-54.-Tag-768x851.jpg 768w, https:\/\/collies-vom-floersbachtal.de\/cms\/wp-content\/uploads\/2023\/06\/Jana2-3.-Geburtstag-54.-Tag.jpg 1000w\" sizes=\"auto, (max-width: 924px) 100vw, 924px\" \/><\/a><\/figure>\n\n\n\n<figure class=\"wp-block-image size-large\"><a href=\"https:\/\/collies-vom-floersbachtal.de\/cms\/wp-content\/uploads\/2023\/06\/Jana3-2.-Geburtstag-54.-Tag-scaled.jpg\"><img loading=\"lazy\" decoding=\"async\" width=\"577\" height=\"1024\" data-id=\"40101\" src=\"https:\/\/collies-vom-floersbachtal.de\/cms\/wp-content\/uploads\/2023\/06\/Jana3-2.-Geburtstag-54.-Tag-577x1024.jpg\" alt=\"\" class=\"wp-image-40101\" srcset=\"https:\/\/collies-vom-floersbachtal.de\/cms\/wp-content\/uploads\/2023\/06\/Jana3-2.-Geburtstag-54.-Tag-577x1024.jpg 577w, https:\/\/collies-vom-floersbachtal.de\/cms\/wp-content\/uploads\/2023\/06\/Jana3-2.-Geburtstag-54.-Tag-169x300.jpg 169w, https:\/\/collies-vom-floersbachtal.de\/cms\/wp-content\/uploads\/2023\/06\/Jana3-2.-Geburtstag-54.-Tag-768x1364.jpg 768w, https:\/\/collies-vom-floersbachtal.de\/cms\/wp-content\/uploads\/2023\/06\/Jana3-2.-Geburtstag-54.-Tag-865x1536.jpg 865w, https:\/\/collies-vom-floersbachtal.de\/cms\/wp-content\/uploads\/2023\/06\/Jana3-2.-Geburtstag-54.-Tag-1153x2048.jpg 1153w, https:\/\/collies-vom-floersbachtal.de\/cms\/wp-content\/uploads\/2023\/06\/Jana3-2.-Geburtstag-54.-Tag-scaled.jpg 1442w\" sizes=\"auto, (max-width: 577px) 100vw, 577px\" \/><\/a><\/figure>\n<\/figure>\n\n\n\n<p><strong>08.06.23  (50.Tag 8. Woche)<\/strong> Hallo meine lieben Leser, heute durfte Frauli die Babys strampeln f\u00fchlen, die mag das doch so. \ud83d\ude09 Ja und mir wird es langsam zu eng da drinnen, erst kam mein Futtert wieder Retoure und dann mochte ich heute Morgen mein Fr\u00fchst\u00fcck nicht, aber Frauli hat es dann gegen ein anderes Futter getauscht das ging dann und mittags bekomme ich ja immer H\u00fcttenk\u00e4se mit Jogurt und manchmal ein Eigelb drin. Das mag ich jetzt besonders. \ud83d\ude42 Aber die Kr\u00fcmel sind schon ganz sch\u00f6n rege unterwegs heute Nacht hab ich meine Wurfkiste auf links gedreht. (sagt man so wenn wir doll w\u00fchlen :-D) Naja es sind jetzt noch ca. 1,5 Wochen und n\u00e4chsten Mittwoch geht Frauli uns wieder wiegen. Hier hab ich noch ein paar Fotos f\u00fcr euch. Bis bald eure Jana, Bussi<\/p>\n\n\n\n<figure class=\"wp-block-gallery has-nested-images columns-default is-cropped wp-block-gallery-7 is-layout-flex wp-block-gallery-is-layout-flex\">\n<figure class=\"wp-block-image size-large\"><a href=\"https:\/\/collies-vom-floersbachtal.de\/cms\/wp-content\/uploads\/2023\/06\/Jana-und-tara1-50.-Tag-8.-Woche.jpg\"><img loading=\"lazy\" decoding=\"async\" width=\"1000\" height=\"563\" data-id=\"40025\" src=\"https:\/\/collies-vom-floersbachtal.de\/cms\/wp-content\/uploads\/2023\/06\/Jana-und-tara1-50.-Tag-8.-Woche.jpg\" alt=\"\" class=\"wp-image-40025\" srcset=\"https:\/\/collies-vom-floersbachtal.de\/cms\/wp-content\/uploads\/2023\/06\/Jana-und-tara1-50.-Tag-8.-Woche.jpg 1000w, https:\/\/collies-vom-floersbachtal.de\/cms\/wp-content\/uploads\/2023\/06\/Jana-und-tara1-50.-Tag-8.-Woche-300x169.jpg 300w, https:\/\/collies-vom-floersbachtal.de\/cms\/wp-content\/uploads\/2023\/06\/Jana-und-tara1-50.-Tag-8.-Woche-768x432.jpg 768w\" sizes=\"auto, (max-width: 1000px) 100vw, 1000px\" \/><\/a><\/figure>\n\n\n\n<figure class=\"wp-block-image size-large\"><a href=\"https:\/\/collies-vom-floersbachtal.de\/cms\/wp-content\/uploads\/2023\/06\/Jana2-50.-Tag.jpg\"><img loading=\"lazy\" decoding=\"async\" width=\"577\" height=\"1024\" data-id=\"40027\" src=\"https:\/\/collies-vom-floersbachtal.de\/cms\/wp-content\/uploads\/2023\/06\/Jana2-50.-Tag-577x1024.jpg\" alt=\"\" class=\"wp-image-40027\" srcset=\"https:\/\/collies-vom-floersbachtal.de\/cms\/wp-content\/uploads\/2023\/06\/Jana2-50.-Tag-577x1024.jpg 577w, https:\/\/collies-vom-floersbachtal.de\/cms\/wp-content\/uploads\/2023\/06\/Jana2-50.-Tag-169x300.jpg 169w, https:\/\/collies-vom-floersbachtal.de\/cms\/wp-content\/uploads\/2023\/06\/Jana2-50.-Tag-768x1364.jpg 768w, https:\/\/collies-vom-floersbachtal.de\/cms\/wp-content\/uploads\/2023\/06\/Jana2-50.-Tag-865x1536.jpg 865w, https:\/\/collies-vom-floersbachtal.de\/cms\/wp-content\/uploads\/2023\/06\/Jana2-50.-Tag.jpg 1000w\" sizes=\"auto, (max-width: 577px) 100vw, 577px\" \/><\/a><\/figure>\n\n\n\n<figure class=\"wp-block-image size-large\"><a href=\"https:\/\/collies-vom-floersbachtal.de\/cms\/wp-content\/uploads\/2023\/06\/Jana1-49.-Tag.jpg\"><img loading=\"lazy\" decoding=\"async\" width=\"1000\" height=\"563\" data-id=\"40026\" src=\"https:\/\/collies-vom-floersbachtal.de\/cms\/wp-content\/uploads\/2023\/06\/Jana1-49.-Tag.jpg\" alt=\"\" class=\"wp-image-40026\" srcset=\"https:\/\/collies-vom-floersbachtal.de\/cms\/wp-content\/uploads\/2023\/06\/Jana1-49.-Tag.jpg 1000w, https:\/\/collies-vom-floersbachtal.de\/cms\/wp-content\/uploads\/2023\/06\/Jana1-49.-Tag-300x169.jpg 300w, https:\/\/collies-vom-floersbachtal.de\/cms\/wp-content\/uploads\/2023\/06\/Jana1-49.-Tag-768x432.jpg 768w\" sizes=\"auto, (max-width: 1000px) 100vw, 1000px\" \/><\/a><\/figure>\n\n\n\n<figure class=\"wp-block-image size-large\"><a href=\"https:\/\/collies-vom-floersbachtal.de\/cms\/wp-content\/uploads\/2023\/06\/Jana3-50.-Tag.jpg\"><img loading=\"lazy\" decoding=\"async\" width=\"1000\" height=\"641\" data-id=\"40024\" src=\"https:\/\/collies-vom-floersbachtal.de\/cms\/wp-content\/uploads\/2023\/06\/Jana3-50.-Tag.jpg\" alt=\"\" class=\"wp-image-40024\" srcset=\"https:\/\/collies-vom-floersbachtal.de\/cms\/wp-content\/uploads\/2023\/06\/Jana3-50.-Tag.jpg 1000w, https:\/\/collies-vom-floersbachtal.de\/cms\/wp-content\/uploads\/2023\/06\/Jana3-50.-Tag-300x192.jpg 300w, https:\/\/collies-vom-floersbachtal.de\/cms\/wp-content\/uploads\/2023\/06\/Jana3-50.-Tag-768x492.jpg 768w\" sizes=\"auto, (max-width: 1000px) 100vw, 1000px\" \/><\/a><figcaption class=\"wp-element-caption\">Nach unseren Gassig\u00e4ngen v\u00f6llig erschossen \ud83d\ude42<\/figcaption><\/figure>\n<\/figure>\n\n\n\n<p><strong>07.06.23  (49. Tag noch immer 7. Woche)<\/strong> Huhu ich nochmal, heute bin ich nicht drum rum gekommen, Frauli war mit uns zum Wiegen, aber nicht nur ich hab zugenommen, Tara auch \ud83d\ude1b  <strong>Ich hab  33,3 kg (+2,3 kg)<\/strong>, wenn das so weiter geht und jede Woche \u00fcber 2 kg zunehmen, na dann mal Prost Mahlzeit. \ud83d\ude09  Ansonsten geht es mir super gut, heute morgen haben wir mit Fraulis Freundin Abruftraining mit Ablenkung gemacht, wir waren beide klasse, da wir ja Collies sind \ud83d\ude1b Allerdings hab ich das Futter Zuhause Frauli wieder Retoure gebracht, war wohl kein Platz mehr im Bauch.  Frauli hatte Videos gemacht, ist auf ihrem Status. Nun sag ich  bis bald eure Jana \ud83d\ude42<\/p>\n\n\n\n<figure class=\"wp-block-gallery has-nested-images columns-default is-cropped wp-block-gallery-8 is-layout-flex wp-block-gallery-is-layout-flex\">\n<figure class=\"wp-block-image size-large\"><a href=\"https:\/\/collies-vom-floersbachtal.de\/cms\/wp-content\/uploads\/2023\/06\/Jana1-48.Tag_.jpg\"><img loading=\"lazy\" decoding=\"async\" width=\"996\" height=\"1024\" data-id=\"40020\" src=\"https:\/\/collies-vom-floersbachtal.de\/cms\/wp-content\/uploads\/2023\/06\/Jana1-48.Tag_-996x1024.jpg\" alt=\"\" class=\"wp-image-40020\" srcset=\"https:\/\/collies-vom-floersbachtal.de\/cms\/wp-content\/uploads\/2023\/06\/Jana1-48.Tag_-996x1024.jpg 996w, https:\/\/collies-vom-floersbachtal.de\/cms\/wp-content\/uploads\/2023\/06\/Jana1-48.Tag_-292x300.jpg 292w, https:\/\/collies-vom-floersbachtal.de\/cms\/wp-content\/uploads\/2023\/06\/Jana1-48.Tag_-768x790.jpg 768w, https:\/\/collies-vom-floersbachtal.de\/cms\/wp-content\/uploads\/2023\/06\/Jana1-48.Tag_.jpg 1000w\" sizes=\"auto, (max-width: 996px) 100vw, 996px\" \/><\/a><\/figure>\n\n\n\n<figure class=\"wp-block-image size-large\"><a href=\"https:\/\/collies-vom-floersbachtal.de\/cms\/wp-content\/uploads\/2023\/06\/Jana-und-Tara2-47.-Tag-7.-Woche.jpg\"><img loading=\"lazy\" decoding=\"async\" width=\"1000\" height=\"720\" data-id=\"40019\" src=\"https:\/\/collies-vom-floersbachtal.de\/cms\/wp-content\/uploads\/2023\/06\/Jana-und-Tara2-47.-Tag-7.-Woche.jpg\" alt=\"\" class=\"wp-image-40019\" srcset=\"https:\/\/collies-vom-floersbachtal.de\/cms\/wp-content\/uploads\/2023\/06\/Jana-und-Tara2-47.-Tag-7.-Woche.jpg 1000w, https:\/\/collies-vom-floersbachtal.de\/cms\/wp-content\/uploads\/2023\/06\/Jana-und-Tara2-47.-Tag-7.-Woche-300x216.jpg 300w, https:\/\/collies-vom-floersbachtal.de\/cms\/wp-content\/uploads\/2023\/06\/Jana-und-Tara2-47.-Tag-7.-Woche-768x553.jpg 768w\" sizes=\"auto, (max-width: 1000px) 100vw, 1000px\" \/><\/a><\/figure>\n<\/figure>\n\n\n\n<p><strong>06.06.23  ( 48. Tag noch 7. Woche)<\/strong> Huhu ich bins die Jana, schnell mal die neuesten NEWS schreiben, bevor Frauli es mitbekommt. \ud83d\ude09 Jetzt sind es ja nur noch 2 Wochen bis die Kr\u00fcmel kommen sollten \ud83d\ude42 Inzwischen k\u00f6nnen die L\u00fctten sogar schon hecheln, wenn es ihnen zu warm wird, damit sie nicht \u00fcberhitzen, sie sind <strong>ca. 9 cm lang<\/strong> und sogar meinen Bauch\/Brustbereich hat Frauli schon geschoren, man wie peinlich, jetzt mu\u00df ich hier nackig durch die Gegend laufen. :-O <\/p>\n\n\n\n<figure class=\"wp-block-gallery has-nested-images columns-default is-cropped wp-block-gallery-9 is-layout-flex wp-block-gallery-is-layout-flex\">\n<figure class=\"wp-block-image size-large\"><a href=\"https:\/\/collies-vom-floersbachtal.de\/cms\/wp-content\/uploads\/2023\/06\/Jana2-46.-Tag-7.-Woche-Kopie.jpg\"><img loading=\"lazy\" decoding=\"async\" width=\"1000\" height=\"750\" data-id=\"40013\" src=\"https:\/\/collies-vom-floersbachtal.de\/cms\/wp-content\/uploads\/2023\/06\/Jana2-46.-Tag-7.-Woche-Kopie.jpg\" alt=\"\" class=\"wp-image-40013\" srcset=\"https:\/\/collies-vom-floersbachtal.de\/cms\/wp-content\/uploads\/2023\/06\/Jana2-46.-Tag-7.-Woche-Kopie.jpg 1000w, https:\/\/collies-vom-floersbachtal.de\/cms\/wp-content\/uploads\/2023\/06\/Jana2-46.-Tag-7.-Woche-Kopie-300x225.jpg 300w, https:\/\/collies-vom-floersbachtal.de\/cms\/wp-content\/uploads\/2023\/06\/Jana2-46.-Tag-7.-Woche-Kopie-768x576.jpg 768w\" sizes=\"auto, (max-width: 1000px) 100vw, 1000px\" \/><\/a><\/figure>\n\n\n\n<figure class=\"wp-block-image size-large\"><a href=\"https:\/\/collies-vom-floersbachtal.de\/cms\/wp-content\/uploads\/2023\/06\/Jana1-47.-Tag-7.-Woche-Kopie-scaled.jpg\"><img loading=\"lazy\" decoding=\"async\" width=\"1024\" height=\"577\" data-id=\"40014\" src=\"https:\/\/collies-vom-floersbachtal.de\/cms\/wp-content\/uploads\/2023\/06\/Jana1-47.-Tag-7.-Woche-Kopie-1024x577.jpg\" alt=\"\" class=\"wp-image-40014\" srcset=\"https:\/\/collies-vom-floersbachtal.de\/cms\/wp-content\/uploads\/2023\/06\/Jana1-47.-Tag-7.-Woche-Kopie-1024x577.jpg 1024w, https:\/\/collies-vom-floersbachtal.de\/cms\/wp-content\/uploads\/2023\/06\/Jana1-47.-Tag-7.-Woche-Kopie-300x169.jpg 300w, https:\/\/collies-vom-floersbachtal.de\/cms\/wp-content\/uploads\/2023\/06\/Jana1-47.-Tag-7.-Woche-Kopie-768x432.jpg 768w, https:\/\/collies-vom-floersbachtal.de\/cms\/wp-content\/uploads\/2023\/06\/Jana1-47.-Tag-7.-Woche-Kopie-1536x865.jpg 1536w, https:\/\/collies-vom-floersbachtal.de\/cms\/wp-content\/uploads\/2023\/06\/Jana1-47.-Tag-7.-Woche-Kopie-2048x1153.jpg 2048w\" sizes=\"auto, (max-width: 1024px) 100vw, 1024px\" \/><\/a><\/figure>\n<\/figure>\n\n\n\n<p><strong>02.06.23  (44. Tag 7. Woche)<\/strong> Huhu, wollte euch ein kleines Update von mir geben \ud83d\ude09 Also meine <strong>Taille mi\u00dft 74 cm (+1cm) und an den Rippen ebenfalls (+1cm) 86 cm<\/strong>. Au\u00dferdem merke ich ein Umbauen in mir, stelle mich immer zu Frauli mit den Vorderpfoten aufs Sofa und sie darf dann streicheln. Sie hat gesagt die Geb\u00e4rmutterh\u00f6rner falten sich jetzt auf, weil die Raupen wachsen und sie mehr Platz brauchen, &#8230;tzzz. Mich fragt keiner ob ich mehr Platz f\u00fcr Futter im Bauch bekomme. \ud83d\ude41  Kleiner Scherz, am Rande \ud83d\ude1b<\/p>\n\n\n\n<figure class=\"wp-block-image size-full is-resized\"><a href=\"https:\/\/collies-vom-floersbachtal.de\/cms\/wp-content\/uploads\/2023\/06\/Unbenannt.jpg\"><img loading=\"lazy\" decoding=\"async\" width=\"200\" height=\"151\" src=\"https:\/\/collies-vom-floersbachtal.de\/cms\/wp-content\/uploads\/2023\/06\/Unbenannt.jpg\" alt=\"\" class=\"wp-image-39986\" style=\"width:349px;height:263px\"\/><\/a><\/figure>\n\n\n\n<figure class=\"wp-block-image size-full\"><a href=\"https:\/\/collies-vom-floersbachtal.de\/cms\/wp-content\/uploads\/2023\/06\/p061_0_00_015.jpg\"><img loading=\"lazy\" decoding=\"async\" width=\"513\" height=\"373\" src=\"https:\/\/collies-vom-floersbachtal.de\/cms\/wp-content\/uploads\/2023\/06\/p061_0_00_015.jpg\" alt=\"\" class=\"wp-image-39956\" srcset=\"https:\/\/collies-vom-floersbachtal.de\/cms\/wp-content\/uploads\/2023\/06\/p061_0_00_015.jpg 513w, https:\/\/collies-vom-floersbachtal.de\/cms\/wp-content\/uploads\/2023\/06\/p061_0_00_015-300x218.jpg 300w\" sizes=\"auto, (max-width: 513px) 100vw, 513px\" \/><\/a><\/figure>\n\n\n\n<figure class=\"wp-block-gallery has-nested-images columns-default is-cropped wp-block-gallery-10 is-layout-flex wp-block-gallery-is-layout-flex\">\n<figure class=\"wp-block-image size-large\"><a href=\"https:\/\/collies-vom-floersbachtal.de\/cms\/wp-content\/uploads\/2023\/06\/Jana-und-Tar-und-ich1-Juni23.jpg\"><img loading=\"lazy\" decoding=\"async\" width=\"1024\" height=\"768\" data-id=\"40044\" src=\"https:\/\/collies-vom-floersbachtal.de\/cms\/wp-content\/uploads\/2023\/06\/Jana-und-Tar-und-ich1-Juni23.jpg\" alt=\"\" class=\"wp-image-40044\" srcset=\"https:\/\/collies-vom-floersbachtal.de\/cms\/wp-content\/uploads\/2023\/06\/Jana-und-Tar-und-ich1-Juni23.jpg 1024w, https:\/\/collies-vom-floersbachtal.de\/cms\/wp-content\/uploads\/2023\/06\/Jana-und-Tar-und-ich1-Juni23-300x225.jpg 300w, https:\/\/collies-vom-floersbachtal.de\/cms\/wp-content\/uploads\/2023\/06\/Jana-und-Tar-und-ich1-Juni23-768x576.jpg 768w\" sizes=\"auto, (max-width: 1024px) 100vw, 1024px\" \/><\/a><\/figure>\n\n\n\n<figure class=\"wp-block-image size-large\"><a href=\"https:\/\/collies-vom-floersbachtal.de\/cms\/wp-content\/uploads\/2023\/06\/Jana1-und-Besuch-Juni23.jpg\"><img loading=\"lazy\" decoding=\"async\" width=\"1024\" height=\"768\" data-id=\"40045\" src=\"https:\/\/collies-vom-floersbachtal.de\/cms\/wp-content\/uploads\/2023\/06\/Jana1-und-Besuch-Juni23.jpg\" alt=\"\" class=\"wp-image-40045\" srcset=\"https:\/\/collies-vom-floersbachtal.de\/cms\/wp-content\/uploads\/2023\/06\/Jana1-und-Besuch-Juni23.jpg 1024w, https:\/\/collies-vom-floersbachtal.de\/cms\/wp-content\/uploads\/2023\/06\/Jana1-und-Besuch-Juni23-300x225.jpg 300w, https:\/\/collies-vom-floersbachtal.de\/cms\/wp-content\/uploads\/2023\/06\/Jana1-und-Besuch-Juni23-768x576.jpg 768w\" sizes=\"auto, (max-width: 1024px) 100vw, 1024px\" \/><\/a><\/figure>\n<\/figure>\n\n\n\n<figure class=\"wp-block-gallery has-nested-images columns-default is-cropped wp-block-gallery-11 is-layout-flex wp-block-gallery-is-layout-flex\">\n<figure class=\"wp-block-image size-large\"><a href=\"https:\/\/collies-vom-floersbachtal.de\/cms\/wp-content\/uploads\/2023\/06\/Jana-Tara-und-Claudia1-44.-Tag.jpg\"><img loading=\"lazy\" decoding=\"async\" width=\"1024\" height=\"744\" data-id=\"40041\" src=\"https:\/\/collies-vom-floersbachtal.de\/cms\/wp-content\/uploads\/2023\/06\/Jana-Tara-und-Claudia1-44.-Tag.jpg\" alt=\"\" class=\"wp-image-40041\" srcset=\"https:\/\/collies-vom-floersbachtal.de\/cms\/wp-content\/uploads\/2023\/06\/Jana-Tara-und-Claudia1-44.-Tag.jpg 1024w, https:\/\/collies-vom-floersbachtal.de\/cms\/wp-content\/uploads\/2023\/06\/Jana-Tara-und-Claudia1-44.-Tag-300x218.jpg 300w, https:\/\/collies-vom-floersbachtal.de\/cms\/wp-content\/uploads\/2023\/06\/Jana-Tara-und-Claudia1-44.-Tag-768x558.jpg 768w\" sizes=\"auto, (max-width: 1024px) 100vw, 1024px\" \/><\/a><\/figure>\n\n\n\n<figure class=\"wp-block-image size-large\"><a href=\"https:\/\/collies-vom-floersbachtal.de\/cms\/wp-content\/uploads\/2023\/06\/Jana-Tara-Claudia-und-ich1-44.-Tag.jpg\"><img loading=\"lazy\" decoding=\"async\" width=\"1024\" height=\"768\" data-id=\"40042\" src=\"https:\/\/collies-vom-floersbachtal.de\/cms\/wp-content\/uploads\/2023\/06\/Jana-Tara-Claudia-und-ich1-44.-Tag.jpg\" alt=\"\" class=\"wp-image-40042\" srcset=\"https:\/\/collies-vom-floersbachtal.de\/cms\/wp-content\/uploads\/2023\/06\/Jana-Tara-Claudia-und-ich1-44.-Tag.jpg 1024w, https:\/\/collies-vom-floersbachtal.de\/cms\/wp-content\/uploads\/2023\/06\/Jana-Tara-Claudia-und-ich1-44.-Tag-300x225.jpg 300w, https:\/\/collies-vom-floersbachtal.de\/cms\/wp-content\/uploads\/2023\/06\/Jana-Tara-Claudia-und-ich1-44.-Tag-768x576.jpg 768w\" sizes=\"auto, (max-width: 1024px) 100vw, 1024px\" \/><\/a><\/figure>\n\n\n\n<figure class=\"wp-block-image size-large\"><a href=\"https:\/\/collies-vom-floersbachtal.de\/cms\/wp-content\/uploads\/2023\/06\/Jana-und-Tara2-mit-Claudia-und-Olaf.jpg\"><img loading=\"lazy\" decoding=\"async\" width=\"724\" height=\"1024\" data-id=\"40043\" src=\"https:\/\/collies-vom-floersbachtal.de\/cms\/wp-content\/uploads\/2023\/06\/Jana-und-Tara2-mit-Claudia-und-Olaf-724x1024.jpg\" alt=\"\" class=\"wp-image-40043\" srcset=\"https:\/\/collies-vom-floersbachtal.de\/cms\/wp-content\/uploads\/2023\/06\/Jana-und-Tara2-mit-Claudia-und-Olaf-724x1024.jpg 724w, https:\/\/collies-vom-floersbachtal.de\/cms\/wp-content\/uploads\/2023\/06\/Jana-und-Tara2-mit-Claudia-und-Olaf-212x300.jpg 212w, https:\/\/collies-vom-floersbachtal.de\/cms\/wp-content\/uploads\/2023\/06\/Jana-und-Tara2-mit-Claudia-und-Olaf-768x1086.jpg 768w, https:\/\/collies-vom-floersbachtal.de\/cms\/wp-content\/uploads\/2023\/06\/Jana-und-Tara2-mit-Claudia-und-Olaf.jpg 1000w\" sizes=\"auto, (max-width: 724px) 100vw, 724px\" \/><\/a><\/figure>\n<\/figure>\n\n\n\n<p><strong>Die Kr\u00fcmel sind jetzt ca. 8 cm gro\u00df<\/strong> und ihr knorpliges Skelett verkalkt sich, so dass es sogar schon auf dem R\u00f6ntgenbild erkannt werden k\u00f6nnte. Aber das machen wir nicht. Denn R\u00f6ntgenstrahlen k\u00f6nnen nicht mehr abgebaut werden und wenn es nicht unbedingt erforderlich ist, dann l\u00e4\u00dft man es. Wir wollen uns ja \u00fcberraschen lassen, gell? So langsam fallen meine Haare am Bauch auch aus, (Tara macht auch mit) zumindest sind wir beide ganz sch\u00f6n am Abhaaren \ud83d\ude00 Hier zeig ich euch noch ein paar Fotos von den letzten Tagen und meinem Bauch \ud83d\ude09 Also das letzte Dritte hat begonnen. Ich sag dann mal Tsch\u00fc\u00dfiii eure Jana \ud83d\ude42<\/p>\n\n\n\n<figure class=\"wp-block-image size-full\"><a href=\"https:\/\/collies-vom-floersbachtal.de\/cms\/wp-content\/uploads\/2023\/06\/Jana3-43.-T-7.-Woche.jpg\"><img loading=\"lazy\" decoding=\"async\" width=\"1000\" height=\"523\" src=\"https:\/\/collies-vom-floersbachtal.de\/cms\/wp-content\/uploads\/2023\/06\/Jana3-43.-T-7.-Woche.jpg\" alt=\"\" class=\"wp-image-39964\" srcset=\"https:\/\/collies-vom-floersbachtal.de\/cms\/wp-content\/uploads\/2023\/06\/Jana3-43.-T-7.-Woche.jpg 1000w, https:\/\/collies-vom-floersbachtal.de\/cms\/wp-content\/uploads\/2023\/06\/Jana3-43.-T-7.-Woche-300x157.jpg 300w, https:\/\/collies-vom-floersbachtal.de\/cms\/wp-content\/uploads\/2023\/06\/Jana3-43.-T-7.-Woche-768x402.jpg 768w\" sizes=\"auto, (max-width: 1000px) 100vw, 1000px\" \/><\/a><figcaption class=\"wp-element-caption\">R\u00fcckansicht, hatten wir noch nicht \ud83d\ude09<\/figcaption><\/figure>\n\n\n\n<figure class=\"wp-block-image size-full\"><a href=\"https:\/\/collies-vom-floersbachtal.de\/cms\/wp-content\/uploads\/2023\/06\/Jana2-43.-T-7.-Woche.jpg\"><img loading=\"lazy\" decoding=\"async\" width=\"1000\" height=\"563\" src=\"https:\/\/collies-vom-floersbachtal.de\/cms\/wp-content\/uploads\/2023\/06\/Jana2-43.-T-7.-Woche.jpg\" alt=\"\" class=\"wp-image-39963\" srcset=\"https:\/\/collies-vom-floersbachtal.de\/cms\/wp-content\/uploads\/2023\/06\/Jana2-43.-T-7.-Woche.jpg 1000w, https:\/\/collies-vom-floersbachtal.de\/cms\/wp-content\/uploads\/2023\/06\/Jana2-43.-T-7.-Woche-300x169.jpg 300w, https:\/\/collies-vom-floersbachtal.de\/cms\/wp-content\/uploads\/2023\/06\/Jana2-43.-T-7.-Woche-768x432.jpg 768w\" sizes=\"auto, (max-width: 1000px) 100vw, 1000px\" \/><\/a><figcaption class=\"wp-element-caption\">Bald sehe ich aus wie ein Igel \ud83d\ude09<\/figcaption><\/figure>\n\n\n\n<figure class=\"wp-block-gallery has-nested-images columns-default is-cropped wp-block-gallery-12 is-layout-flex wp-block-gallery-is-layout-flex\">\n<figure class=\"wp-block-image size-large\"><a href=\"https:\/\/collies-vom-floersbachtal.de\/cms\/wp-content\/uploads\/2023\/06\/Jana-und-tara1-43.-Tag-7.-Woche.jpg\"><img loading=\"lazy\" decoding=\"async\" width=\"871\" height=\"1024\" data-id=\"39961\" src=\"https:\/\/collies-vom-floersbachtal.de\/cms\/wp-content\/uploads\/2023\/06\/Jana-und-tara1-43.-Tag-7.-Woche-871x1024.jpg\" alt=\"\" class=\"wp-image-39961\" srcset=\"https:\/\/collies-vom-floersbachtal.de\/cms\/wp-content\/uploads\/2023\/06\/Jana-und-tara1-43.-Tag-7.-Woche-871x1024.jpg 871w, https:\/\/collies-vom-floersbachtal.de\/cms\/wp-content\/uploads\/2023\/06\/Jana-und-tara1-43.-Tag-7.-Woche-255x300.jpg 255w, https:\/\/collies-vom-floersbachtal.de\/cms\/wp-content\/uploads\/2023\/06\/Jana-und-tara1-43.-Tag-7.-Woche-768x903.jpg 768w, https:\/\/collies-vom-floersbachtal.de\/cms\/wp-content\/uploads\/2023\/06\/Jana-und-tara1-43.-Tag-7.-Woche.jpg 1000w\" sizes=\"auto, (max-width: 871px) 100vw, 871px\" \/><\/a><figcaption class=\"wp-element-caption\">Tara macht Kontrolle ob noch alle da sind <\/figcaption><\/figure>\n\n\n\n<figure class=\"wp-block-image size-large\"><a href=\"https:\/\/collies-vom-floersbachtal.de\/cms\/wp-content\/uploads\/2023\/06\/Jana-und-Tara1-44.-Tag.jpg\"><img loading=\"lazy\" decoding=\"async\" width=\"1000\" height=\"578\" data-id=\"39957\" src=\"https:\/\/collies-vom-floersbachtal.de\/cms\/wp-content\/uploads\/2023\/06\/Jana-und-Tara1-44.-Tag.jpg\" alt=\"\" class=\"wp-image-39957\" srcset=\"https:\/\/collies-vom-floersbachtal.de\/cms\/wp-content\/uploads\/2023\/06\/Jana-und-Tara1-44.-Tag.jpg 1000w, https:\/\/collies-vom-floersbachtal.de\/cms\/wp-content\/uploads\/2023\/06\/Jana-und-Tara1-44.-Tag-300x173.jpg 300w, https:\/\/collies-vom-floersbachtal.de\/cms\/wp-content\/uploads\/2023\/06\/Jana-und-Tara1-44.-Tag-768x444.jpg 768w\" sizes=\"auto, (max-width: 1000px) 100vw, 1000px\" \/><\/a><\/figure>\n\n\n\n<figure class=\"wp-block-image size-large\"><a href=\"https:\/\/collies-vom-floersbachtal.de\/cms\/wp-content\/uploads\/2023\/06\/Jana-und-Tara2-43.-Tag.jpg\"><img loading=\"lazy\" decoding=\"async\" width=\"1000\" height=\"563\" data-id=\"39958\" src=\"https:\/\/collies-vom-floersbachtal.de\/cms\/wp-content\/uploads\/2023\/06\/Jana-und-Tara2-43.-Tag.jpg\" alt=\"\" class=\"wp-image-39958\" srcset=\"https:\/\/collies-vom-floersbachtal.de\/cms\/wp-content\/uploads\/2023\/06\/Jana-und-Tara2-43.-Tag.jpg 1000w, https:\/\/collies-vom-floersbachtal.de\/cms\/wp-content\/uploads\/2023\/06\/Jana-und-Tara2-43.-Tag-300x169.jpg 300w, https:\/\/collies-vom-floersbachtal.de\/cms\/wp-content\/uploads\/2023\/06\/Jana-und-Tara2-43.-Tag-768x432.jpg 768w\" sizes=\"auto, (max-width: 1000px) 100vw, 1000px\" \/><\/a><\/figure>\n\n\n\n<figure class=\"wp-block-image size-large\"><a href=\"https:\/\/collies-vom-floersbachtal.de\/cms\/wp-content\/uploads\/2023\/06\/Jana-und-Tara3-42.-Tag.jpg\"><img loading=\"lazy\" decoding=\"async\" width=\"1000\" height=\"837\" data-id=\"39959\" src=\"https:\/\/collies-vom-floersbachtal.de\/cms\/wp-content\/uploads\/2023\/06\/Jana-und-Tara3-42.-Tag.jpg\" alt=\"\" class=\"wp-image-39959\" srcset=\"https:\/\/collies-vom-floersbachtal.de\/cms\/wp-content\/uploads\/2023\/06\/Jana-und-Tara3-42.-Tag.jpg 1000w, https:\/\/collies-vom-floersbachtal.de\/cms\/wp-content\/uploads\/2023\/06\/Jana-und-Tara3-42.-Tag-300x251.jpg 300w, https:\/\/collies-vom-floersbachtal.de\/cms\/wp-content\/uploads\/2023\/06\/Jana-und-Tara3-42.-Tag-768x643.jpg 768w\" sizes=\"auto, (max-width: 1000px) 100vw, 1000px\" \/><\/a><\/figure>\n\n\n\n<figure class=\"wp-block-image size-large\"><a href=\"https:\/\/collies-vom-floersbachtal.de\/cms\/wp-content\/uploads\/2023\/06\/Jana1-43.-T-7.-Woche.jpg\"><img loading=\"lazy\" decoding=\"async\" width=\"577\" height=\"1024\" data-id=\"39962\" src=\"https:\/\/collies-vom-floersbachtal.de\/cms\/wp-content\/uploads\/2023\/06\/Jana1-43.-T-7.-Woche-577x1024.jpg\" alt=\"\" class=\"wp-image-39962\" srcset=\"https:\/\/collies-vom-floersbachtal.de\/cms\/wp-content\/uploads\/2023\/06\/Jana1-43.-T-7.-Woche-577x1024.jpg 577w, https:\/\/collies-vom-floersbachtal.de\/cms\/wp-content\/uploads\/2023\/06\/Jana1-43.-T-7.-Woche-169x300.jpg 169w, https:\/\/collies-vom-floersbachtal.de\/cms\/wp-content\/uploads\/2023\/06\/Jana1-43.-T-7.-Woche-768x1364.jpg 768w, https:\/\/collies-vom-floersbachtal.de\/cms\/wp-content\/uploads\/2023\/06\/Jana1-43.-T-7.-Woche-865x1536.jpg 865w, https:\/\/collies-vom-floersbachtal.de\/cms\/wp-content\/uploads\/2023\/06\/Jana1-43.-T-7.-Woche.jpg 1000w\" sizes=\"auto, (max-width: 577px) 100vw, 577px\" \/><\/a><figcaption class=\"wp-element-caption\">Meine sch\u00f6ne Figur, v\u00f6llig im Ar&#8230; \ud83d\ude41<\/figcaption><\/figure>\n\n\n\n<figure class=\"wp-block-image size-large\"><a href=\"https:\/\/collies-vom-floersbachtal.de\/cms\/wp-content\/uploads\/2023\/06\/Jana1-44.-Tag.jpg\"><img loading=\"lazy\" decoding=\"async\" width=\"577\" height=\"1024\" data-id=\"39960\" src=\"https:\/\/collies-vom-floersbachtal.de\/cms\/wp-content\/uploads\/2023\/06\/Jana1-44.-Tag-577x1024.jpg\" alt=\"\" class=\"wp-image-39960\" srcset=\"https:\/\/collies-vom-floersbachtal.de\/cms\/wp-content\/uploads\/2023\/06\/Jana1-44.-Tag-577x1024.jpg 577w, https:\/\/collies-vom-floersbachtal.de\/cms\/wp-content\/uploads\/2023\/06\/Jana1-44.-Tag-169x300.jpg 169w, https:\/\/collies-vom-floersbachtal.de\/cms\/wp-content\/uploads\/2023\/06\/Jana1-44.-Tag-768x1364.jpg 768w, https:\/\/collies-vom-floersbachtal.de\/cms\/wp-content\/uploads\/2023\/06\/Jana1-44.-Tag-865x1536.jpg 865w, https:\/\/collies-vom-floersbachtal.de\/cms\/wp-content\/uploads\/2023\/06\/Jana1-44.-Tag.jpg 1000w\" sizes=\"auto, (max-width: 577px) 100vw, 577px\" \/><\/a><figcaption class=\"wp-element-caption\">Hier k\u00f6nnt ihr den Michvorhof meiner Zitzen sehen, erkannt???<\/figcaption><\/figure>\n<\/figure>\n\n\n\n<p><strong>31.05.23<\/strong> <strong>(42. Tag noch 6. Woche)<\/strong> Hallihallo, ich bins Jana, Frauli war mit uns zum Wiegen also <strong>31 kg (+2 kg)<\/strong> hab ich jetzt. Geht ja noch, obwohl die L\u00fctten mich immer kneifen, oder treten, oder weis was ich was die da drinnen veranstalten. Dann muss ich immer zur\u00fcck zwicken \ud83d\ude09 Ab jetzt darf ich auch 3 Mahlzeiten fressen, na endlich hat ja ewig gedauert, denn jetzt f\u00e4ngt das letzte Drittel an und die Kr\u00fcmel wollen nur noch wachen!!!  Nur noch&#8230; und wer mu\u00df die alle tragen? Naja werde ich schon schaffen, bin ja Fraulis Gro\u00dfe , Bussi bis bald eure Jana \ud83d\ude42 \ud83d\ude1b<\/p>\n\n\n\n<figure class=\"wp-block-gallery has-nested-images columns-default is-cropped wp-block-gallery-13 is-layout-flex wp-block-gallery-is-layout-flex\">\n<figure class=\"wp-block-image size-large\"><a href=\"https:\/\/collies-vom-floersbachtal.de\/cms\/wp-content\/uploads\/2023\/05\/Jana-und-Tara1-42.-Tag.jpg\"><img loading=\"lazy\" decoding=\"async\" width=\"776\" height=\"1024\" data-id=\"39928\" src=\"https:\/\/collies-vom-floersbachtal.de\/cms\/wp-content\/uploads\/2023\/05\/Jana-und-Tara1-42.-Tag-776x1024.jpg\" alt=\"\" class=\"wp-image-39928\" srcset=\"https:\/\/collies-vom-floersbachtal.de\/cms\/wp-content\/uploads\/2023\/05\/Jana-und-Tara1-42.-Tag-776x1024.jpg 776w, https:\/\/collies-vom-floersbachtal.de\/cms\/wp-content\/uploads\/2023\/05\/Jana-und-Tara1-42.-Tag-227x300.jpg 227w, https:\/\/collies-vom-floersbachtal.de\/cms\/wp-content\/uploads\/2023\/05\/Jana-und-Tara1-42.-Tag-768x1014.jpg 768w, https:\/\/collies-vom-floersbachtal.de\/cms\/wp-content\/uploads\/2023\/05\/Jana-und-Tara1-42.-Tag.jpg 1000w\" sizes=\"auto, (max-width: 776px) 100vw, 776px\" \/><\/a><figcaption class=\"wp-element-caption\">Frauli mein Napf ist leer, falls du es noch nicht gesehen hast&#8230;<\/figcaption><\/figure>\n\n\n\n<figure class=\"wp-block-image size-large\"><a href=\"https:\/\/collies-vom-floersbachtal.de\/cms\/wp-content\/uploads\/2023\/05\/Jana-und-tara1-39.-Tag-1.jpg\"><img loading=\"lazy\" decoding=\"async\" width=\"800\" height=\"629\" data-id=\"39927\" src=\"https:\/\/collies-vom-floersbachtal.de\/cms\/wp-content\/uploads\/2023\/05\/Jana-und-tara1-39.-Tag-1.jpg\" alt=\"\" class=\"wp-image-39927\" srcset=\"https:\/\/collies-vom-floersbachtal.de\/cms\/wp-content\/uploads\/2023\/05\/Jana-und-tara1-39.-Tag-1.jpg 800w, https:\/\/collies-vom-floersbachtal.de\/cms\/wp-content\/uploads\/2023\/05\/Jana-und-tara1-39.-Tag-1-300x236.jpg 300w, https:\/\/collies-vom-floersbachtal.de\/cms\/wp-content\/uploads\/2023\/05\/Jana-und-tara1-39.-Tag-1-768x604.jpg 768w\" sizes=\"auto, (max-width: 800px) 100vw, 800px\" \/><\/a><\/figure>\n<\/figure>\n\n\n\n<figure class=\"wp-block-gallery has-nested-images columns-default is-cropped wp-block-gallery-14 is-layout-flex wp-block-gallery-is-layout-flex\">\n<figure class=\"wp-block-image size-large\"><a href=\"https:\/\/collies-vom-floersbachtal.de\/cms\/wp-content\/uploads\/2023\/05\/Jana3-40.Tag_.jpg\"><img loading=\"lazy\" decoding=\"async\" width=\"780\" height=\"1024\" data-id=\"39921\" src=\"https:\/\/collies-vom-floersbachtal.de\/cms\/wp-content\/uploads\/2023\/05\/Jana3-40.Tag_-780x1024.jpg\" alt=\"\" class=\"wp-image-39921\" srcset=\"https:\/\/collies-vom-floersbachtal.de\/cms\/wp-content\/uploads\/2023\/05\/Jana3-40.Tag_-780x1024.jpg 780w, https:\/\/collies-vom-floersbachtal.de\/cms\/wp-content\/uploads\/2023\/05\/Jana3-40.Tag_-229x300.jpg 229w, https:\/\/collies-vom-floersbachtal.de\/cms\/wp-content\/uploads\/2023\/05\/Jana3-40.Tag_-768x1008.jpg 768w, https:\/\/collies-vom-floersbachtal.de\/cms\/wp-content\/uploads\/2023\/05\/Jana3-40.Tag_.jpg 1000w\" sizes=\"auto, (max-width: 780px) 100vw, 780px\" \/><\/a><figcaption class=\"wp-element-caption\">schau mal mein dicker Bauch<\/figcaption><\/figure>\n\n\n\n<figure class=\"wp-block-image size-large\"><a href=\"https:\/\/collies-vom-floersbachtal.de\/cms\/wp-content\/uploads\/2023\/05\/Jana-und-Tara1-41.-Tag.jpg\"><img loading=\"lazy\" decoding=\"async\" width=\"990\" height=\"1024\" data-id=\"39924\" src=\"https:\/\/collies-vom-floersbachtal.de\/cms\/wp-content\/uploads\/2023\/05\/Jana-und-Tara1-41.-Tag-990x1024.jpg\" alt=\"\" class=\"wp-image-39924\" srcset=\"https:\/\/collies-vom-floersbachtal.de\/cms\/wp-content\/uploads\/2023\/05\/Jana-und-Tara1-41.-Tag-990x1024.jpg 990w, https:\/\/collies-vom-floersbachtal.de\/cms\/wp-content\/uploads\/2023\/05\/Jana-und-Tara1-41.-Tag-290x300.jpg 290w, https:\/\/collies-vom-floersbachtal.de\/cms\/wp-content\/uploads\/2023\/05\/Jana-und-Tara1-41.-Tag-768x794.jpg 768w, https:\/\/collies-vom-floersbachtal.de\/cms\/wp-content\/uploads\/2023\/05\/Jana-und-Tara1-41.-Tag-1486x1536.jpg 1486w, https:\/\/collies-vom-floersbachtal.de\/cms\/wp-content\/uploads\/2023\/05\/Jana-und-Tara1-41.-Tag.jpg 1891w\" sizes=\"auto, (max-width: 990px) 100vw, 990px\" \/><\/a><\/figure>\n\n\n\n<figure class=\"wp-block-image size-large\"><a href=\"https:\/\/collies-vom-floersbachtal.de\/cms\/wp-content\/uploads\/2023\/05\/Jana-und-Tara2-42.-Tag.jpg\"><img loading=\"lazy\" decoding=\"async\" width=\"681\" height=\"1024\" data-id=\"39920\" src=\"https:\/\/collies-vom-floersbachtal.de\/cms\/wp-content\/uploads\/2023\/05\/Jana-und-Tara2-42.-Tag-681x1024.jpg\" alt=\"\" class=\"wp-image-39920\" srcset=\"https:\/\/collies-vom-floersbachtal.de\/cms\/wp-content\/uploads\/2023\/05\/Jana-und-Tara2-42.-Tag-681x1024.jpg 681w, https:\/\/collies-vom-floersbachtal.de\/cms\/wp-content\/uploads\/2023\/05\/Jana-und-Tara2-42.-Tag-200x300.jpg 200w, https:\/\/collies-vom-floersbachtal.de\/cms\/wp-content\/uploads\/2023\/05\/Jana-und-Tara2-42.-Tag-768x1154.jpg 768w, https:\/\/collies-vom-floersbachtal.de\/cms\/wp-content\/uploads\/2023\/05\/Jana-und-Tara2-42.-Tag.jpg 1000w\" sizes=\"auto, (max-width: 681px) 100vw, 681px\" \/><\/a><figcaption class=\"wp-element-caption\">Tara schleppt immer den Teddy, aber ich mag nicht mehr spielen<\/figcaption><\/figure>\n\n\n\n<figure class=\"wp-block-image size-large\"><a href=\"https:\/\/collies-vom-floersbachtal.de\/cms\/wp-content\/uploads\/2023\/05\/Jana-und-Tara3-41.-Tag.jpg\"><img loading=\"lazy\" decoding=\"async\" width=\"800\" height=\"626\" data-id=\"39925\" src=\"https:\/\/collies-vom-floersbachtal.de\/cms\/wp-content\/uploads\/2023\/05\/Jana-und-Tara3-41.-Tag.jpg\" alt=\"\" class=\"wp-image-39925\" srcset=\"https:\/\/collies-vom-floersbachtal.de\/cms\/wp-content\/uploads\/2023\/05\/Jana-und-Tara3-41.-Tag.jpg 800w, https:\/\/collies-vom-floersbachtal.de\/cms\/wp-content\/uploads\/2023\/05\/Jana-und-Tara3-41.-Tag-300x235.jpg 300w, https:\/\/collies-vom-floersbachtal.de\/cms\/wp-content\/uploads\/2023\/05\/Jana-und-Tara3-41.-Tag-768x601.jpg 768w\" sizes=\"auto, (max-width: 800px) 100vw, 800px\" \/><\/a><figcaption class=\"wp-element-caption\">wir mu\u00dften ganz brav warten&#8230; \ud83d\ude42<\/figcaption><\/figure>\n<\/figure>\n\n\n\n<figure class=\"wp-block-image size-full\"><a href=\"https:\/\/collies-vom-floersbachtal.de\/cms\/wp-content\/uploads\/2023\/05\/Jana-und-Tara2-40.Tag_-1.jpg\"><img loading=\"lazy\" decoding=\"async\" width=\"1000\" height=\"563\" src=\"https:\/\/collies-vom-floersbachtal.de\/cms\/wp-content\/uploads\/2023\/05\/Jana-und-Tara2-40.Tag_-1.jpg\" alt=\"\" class=\"wp-image-39926\" srcset=\"https:\/\/collies-vom-floersbachtal.de\/cms\/wp-content\/uploads\/2023\/05\/Jana-und-Tara2-40.Tag_-1.jpg 1000w, https:\/\/collies-vom-floersbachtal.de\/cms\/wp-content\/uploads\/2023\/05\/Jana-und-Tara2-40.Tag_-1-300x169.jpg 300w, https:\/\/collies-vom-floersbachtal.de\/cms\/wp-content\/uploads\/2023\/05\/Jana-und-Tara2-40.Tag_-1-768x432.jpg 768w\" sizes=\"auto, (max-width: 1000px) 100vw, 1000px\" \/><\/a><figcaption class=\"wp-element-caption\"><strong>Heute gabs wieder Knochen \ud83d\ude00<\/strong><\/figcaption><\/figure>\n\n\n\n<p><strong>29.05.23 (40. Tag 6. Woche)<\/strong> Huhu hier schreibt Jana, eure schwangere Auster :-D. Also heute morgen ging es mir nicht so gut, mir war spei-\u00fcbel. \ud83d\ude41 Aber nachdem ich dann Fr\u00fchst\u00fccken konnte ging es. Heute wollte ich euch mal meine R\u00fcckenansicht von heute und vom 23. Tag zeigen, guckst du&#8230; ganz sch\u00f6ne Ver\u00e4nderung gell? Die Kr\u00fcmel sind jetzt<strong> 6,5 cm <\/strong>gro\u00df. \ud83d\ude42<\/p>\n\n\n\n<figure class=\"wp-block-gallery has-nested-images columns-default is-cropped wp-block-gallery-15 is-layout-flex wp-block-gallery-is-layout-flex\">\n<figure class=\"wp-block-image size-large\"><a href=\"https:\/\/collies-vom-floersbachtal.de\/cms\/wp-content\/uploads\/2023\/05\/Rueckenansicht1-39.-Tag-scaled.jpg\"><img loading=\"lazy\" decoding=\"async\" width=\"577\" height=\"1024\" data-id=\"39899\" src=\"https:\/\/collies-vom-floersbachtal.de\/cms\/wp-content\/uploads\/2023\/05\/Rueckenansicht1-39.-Tag-577x1024.jpg\" alt=\"\" class=\"wp-image-39899\" srcset=\"https:\/\/collies-vom-floersbachtal.de\/cms\/wp-content\/uploads\/2023\/05\/Rueckenansicht1-39.-Tag-577x1024.jpg 577w, https:\/\/collies-vom-floersbachtal.de\/cms\/wp-content\/uploads\/2023\/05\/Rueckenansicht1-39.-Tag-169x300.jpg 169w, https:\/\/collies-vom-floersbachtal.de\/cms\/wp-content\/uploads\/2023\/05\/Rueckenansicht1-39.-Tag-768x1364.jpg 768w, https:\/\/collies-vom-floersbachtal.de\/cms\/wp-content\/uploads\/2023\/05\/Rueckenansicht1-39.-Tag-865x1536.jpg 865w, https:\/\/collies-vom-floersbachtal.de\/cms\/wp-content\/uploads\/2023\/05\/Rueckenansicht1-39.-Tag-1153x2048.jpg 1153w, https:\/\/collies-vom-floersbachtal.de\/cms\/wp-content\/uploads\/2023\/05\/Rueckenansicht1-39.-Tag-scaled.jpg 1442w\" sizes=\"auto, (max-width: 577px) 100vw, 577px\" \/><\/a><\/figure>\n\n\n\n<figure class=\"wp-block-image size-large\"><a href=\"https:\/\/collies-vom-floersbachtal.de\/cms\/wp-content\/uploads\/2023\/05\/Jana1-am-23.-Tag-1.jpg\"><img loading=\"lazy\" decoding=\"async\" width=\"577\" height=\"1024\" data-id=\"39898\" src=\"https:\/\/collies-vom-floersbachtal.de\/cms\/wp-content\/uploads\/2023\/05\/Jana1-am-23.-Tag-1-577x1024.jpg\" alt=\"\" class=\"wp-image-39898\" srcset=\"https:\/\/collies-vom-floersbachtal.de\/cms\/wp-content\/uploads\/2023\/05\/Jana1-am-23.-Tag-1-577x1024.jpg 577w, https:\/\/collies-vom-floersbachtal.de\/cms\/wp-content\/uploads\/2023\/05\/Jana1-am-23.-Tag-1-169x300.jpg 169w, https:\/\/collies-vom-floersbachtal.de\/cms\/wp-content\/uploads\/2023\/05\/Jana1-am-23.-Tag-1-768x1364.jpg 768w, https:\/\/collies-vom-floersbachtal.de\/cms\/wp-content\/uploads\/2023\/05\/Jana1-am-23.-Tag-1-865x1536.jpg 865w, https:\/\/collies-vom-floersbachtal.de\/cms\/wp-content\/uploads\/2023\/05\/Jana1-am-23.-Tag-1.jpg 1000w\" sizes=\"auto, (max-width: 577px) 100vw, 577px\" \/><\/a><\/figure>\n<\/figure>\n\n\n\n<p>Ansonsten l\u00e4uft hier alles noch recht entspannt ab, au\u00dfer das es mir jetzt langsam zu warm wird und wir nicht mehr so gro\u00dfe Spazierg\u00e4nge machen. Meine Modelma\u00dfe sind auch wieder etwas in den Keller gerutscht  <strong>Taille 73 cm (+4 cm) Rippen 87 cm (-2 cm)<\/strong> bestimmt hatte Frauli wieder die Brille vergessen, oder alles versammelt sich schon da unten \ud83d\ude1b Jetzt sind es nur noch 3 Wochen die ihr warten m\u00fc\u00dft und es wird langsam spannend. Die Farben kenne ich ja auch nicht und wieviele Buben oder M\u00e4dels kommen, aber ich k\u00f6nnte euch verraten wieviele es sind&#8230; mach ich aber nicht \ud83d\ude1b Soll ja spannend bleiben \ud83d\ude00 So nun seid ganz lieb gedr\u00fcckt und noch einen sch\u00f6nen Pfingstmontag, eure Jana Bussi<\/p>\n\n\n\n<figure class=\"wp-block-image size-full\"><a href=\"https:\/\/collies-vom-floersbachtal.de\/cms\/wp-content\/uploads\/2023\/05\/Jana1-40.Tag_-1.jpg\"><img loading=\"lazy\" decoding=\"async\" width=\"1000\" height=\"815\" src=\"https:\/\/collies-vom-floersbachtal.de\/cms\/wp-content\/uploads\/2023\/05\/Jana1-40.Tag_-1.jpg\" alt=\"\" class=\"wp-image-39908\" srcset=\"https:\/\/collies-vom-floersbachtal.de\/cms\/wp-content\/uploads\/2023\/05\/Jana1-40.Tag_-1.jpg 1000w, https:\/\/collies-vom-floersbachtal.de\/cms\/wp-content\/uploads\/2023\/05\/Jana1-40.Tag_-1-300x245.jpg 300w, https:\/\/collies-vom-floersbachtal.de\/cms\/wp-content\/uploads\/2023\/05\/Jana1-40.Tag_-1-768x626.jpg 768w\" sizes=\"auto, (max-width: 1000px) 100vw, 1000px\" \/><\/a><figcaption class=\"wp-element-caption\"><strong>Im Bauch wird es jetzt langsam zu eng und daher kann ich meine Beine nur noch ausgestreckt hinlegen.  \ud83d\ude42<\/strong><\/figcaption><\/figure>\n\n\n\n<figure class=\"wp-block-gallery has-nested-images columns-default is-cropped wp-block-gallery-16 is-layout-flex wp-block-gallery-is-layout-flex\">\n<figure class=\"wp-block-image size-large\"><a href=\"https:\/\/collies-vom-floersbachtal.de\/cms\/wp-content\/uploads\/2023\/05\/Jana2-40.Tag_.jpg\"><img loading=\"lazy\" decoding=\"async\" width=\"1000\" height=\"563\" data-id=\"39901\" src=\"https:\/\/collies-vom-floersbachtal.de\/cms\/wp-content\/uploads\/2023\/05\/Jana2-40.Tag_.jpg\" alt=\"\" class=\"wp-image-39901\" srcset=\"https:\/\/collies-vom-floersbachtal.de\/cms\/wp-content\/uploads\/2023\/05\/Jana2-40.Tag_.jpg 1000w, https:\/\/collies-vom-floersbachtal.de\/cms\/wp-content\/uploads\/2023\/05\/Jana2-40.Tag_-300x169.jpg 300w, https:\/\/collies-vom-floersbachtal.de\/cms\/wp-content\/uploads\/2023\/05\/Jana2-40.Tag_-768x432.jpg 768w\" sizes=\"auto, (max-width: 1000px) 100vw, 1000px\" \/><\/a><figcaption class=\"wp-element-caption\">hier ebenso<\/figcaption><\/figure>\n\n\n\n<figure class=\"wp-block-image size-large\"><a href=\"https:\/\/collies-vom-floersbachtal.de\/cms\/wp-content\/uploads\/2023\/05\/Jana-und-Tara1-40.Tag_.jpg\"><img loading=\"lazy\" decoding=\"async\" width=\"1000\" height=\"563\" data-id=\"39904\" src=\"https:\/\/collies-vom-floersbachtal.de\/cms\/wp-content\/uploads\/2023\/05\/Jana-und-Tara1-40.Tag_.jpg\" alt=\"\" class=\"wp-image-39904\" srcset=\"https:\/\/collies-vom-floersbachtal.de\/cms\/wp-content\/uploads\/2023\/05\/Jana-und-Tara1-40.Tag_.jpg 1000w, https:\/\/collies-vom-floersbachtal.de\/cms\/wp-content\/uploads\/2023\/05\/Jana-und-Tara1-40.Tag_-300x169.jpg 300w, https:\/\/collies-vom-floersbachtal.de\/cms\/wp-content\/uploads\/2023\/05\/Jana-und-Tara1-40.Tag_-768x432.jpg 768w\" sizes=\"auto, (max-width: 1000px) 100vw, 1000px\" \/><\/a><figcaption class=\"wp-element-caption\">heute morgen im Wald, hier war ganz viel Blut, Frauli sagt hier wurde was erschossen \ud83d\ude41<\/figcaption><\/figure>\n\n\n\n<figure class=\"wp-block-image size-large\"><a href=\"https:\/\/collies-vom-floersbachtal.de\/cms\/wp-content\/uploads\/2023\/05\/Jana-und-Tara2-38.-Tag.jpg\"><img loading=\"lazy\" decoding=\"async\" width=\"1000\" height=\"569\" data-id=\"39902\" src=\"https:\/\/collies-vom-floersbachtal.de\/cms\/wp-content\/uploads\/2023\/05\/Jana-und-Tara2-38.-Tag.jpg\" alt=\"\" class=\"wp-image-39902\" srcset=\"https:\/\/collies-vom-floersbachtal.de\/cms\/wp-content\/uploads\/2023\/05\/Jana-und-Tara2-38.-Tag.jpg 1000w, https:\/\/collies-vom-floersbachtal.de\/cms\/wp-content\/uploads\/2023\/05\/Jana-und-Tara2-38.-Tag-300x171.jpg 300w, https:\/\/collies-vom-floersbachtal.de\/cms\/wp-content\/uploads\/2023\/05\/Jana-und-Tara2-38.-Tag-768x437.jpg 768w\" sizes=\"auto, (max-width: 1000px) 100vw, 1000px\" \/><\/a><\/figure>\n\n\n\n<figure class=\"wp-block-image size-large\"><a href=\"https:\/\/collies-vom-floersbachtal.de\/cms\/wp-content\/uploads\/2023\/05\/Jana-und-tara3-39.-Tag.jpg\"><img loading=\"lazy\" decoding=\"async\" width=\"494\" height=\"1024\" data-id=\"39907\" src=\"https:\/\/collies-vom-floersbachtal.de\/cms\/wp-content\/uploads\/2023\/05\/Jana-und-tara3-39.-Tag-494x1024.jpg\" alt=\"\" class=\"wp-image-39907\" srcset=\"https:\/\/collies-vom-floersbachtal.de\/cms\/wp-content\/uploads\/2023\/05\/Jana-und-tara3-39.-Tag-494x1024.jpg 494w, https:\/\/collies-vom-floersbachtal.de\/cms\/wp-content\/uploads\/2023\/05\/Jana-und-tara3-39.-Tag-145x300.jpg 145w, https:\/\/collies-vom-floersbachtal.de\/cms\/wp-content\/uploads\/2023\/05\/Jana-und-tara3-39.-Tag-768x1593.jpg 768w, https:\/\/collies-vom-floersbachtal.de\/cms\/wp-content\/uploads\/2023\/05\/Jana-und-tara3-39.-Tag-741x1536.jpg 741w, https:\/\/collies-vom-floersbachtal.de\/cms\/wp-content\/uploads\/2023\/05\/Jana-und-tara3-39.-Tag-987x2048.jpg 987w, https:\/\/collies-vom-floersbachtal.de\/cms\/wp-content\/uploads\/2023\/05\/Jana-und-tara3-39.-Tag.jpg 1000w\" sizes=\"auto, (max-width: 494px) 100vw, 494px\" \/><\/a><\/figure>\n\n\n\n<figure class=\"wp-block-image size-large\"><a href=\"https:\/\/collies-vom-floersbachtal.de\/cms\/wp-content\/uploads\/2023\/05\/Jana-und-Tara3-38.-Tag.jpg\"><img loading=\"lazy\" decoding=\"async\" width=\"1000\" height=\"801\" data-id=\"39905\" src=\"https:\/\/collies-vom-floersbachtal.de\/cms\/wp-content\/uploads\/2023\/05\/Jana-und-Tara3-38.-Tag.jpg\" alt=\"\" class=\"wp-image-39905\" srcset=\"https:\/\/collies-vom-floersbachtal.de\/cms\/wp-content\/uploads\/2023\/05\/Jana-und-Tara3-38.-Tag.jpg 1000w, https:\/\/collies-vom-floersbachtal.de\/cms\/wp-content\/uploads\/2023\/05\/Jana-und-Tara3-38.-Tag-300x240.jpg 300w, https:\/\/collies-vom-floersbachtal.de\/cms\/wp-content\/uploads\/2023\/05\/Jana-und-Tara3-38.-Tag-768x615.jpg 768w\" sizes=\"auto, (max-width: 1000px) 100vw, 1000px\" \/><\/a><\/figure>\n<\/figure>\n\n\n\n<p><strong>27.05.23 ( 38. Tag 6. Woche)<\/strong><\/p>\n\n\n\n<p>Huhu ihr Lieben, ich hatte ganz lieben Besuch von meiner Mama Lia und Verena . Jetzt kann ich auch wieder mit Tara toben, die L\u00fctten sind jetzt gesch\u00fctzt. Jetzt haben sie sich f\u00fcr ihre Fellfarbe entschieden und sind<strong> ca. 4,5 cm<\/strong> lang und<strong> wiegen 6g <\/strong>\ud83d\ude00 <\/p>\n\n\n\n<figure class=\"wp-block-image size-full\"><a href=\"https:\/\/collies-vom-floersbachtal.de\/cms\/wp-content\/uploads\/2023\/05\/p061_0_00_014.jpg\"><img loading=\"lazy\" decoding=\"async\" width=\"503\" height=\"282\" src=\"https:\/\/collies-vom-floersbachtal.de\/cms\/wp-content\/uploads\/2023\/05\/p061_0_00_014.jpg\" alt=\"\" class=\"wp-image-39894\" srcset=\"https:\/\/collies-vom-floersbachtal.de\/cms\/wp-content\/uploads\/2023\/05\/p061_0_00_014.jpg 503w, https:\/\/collies-vom-floersbachtal.de\/cms\/wp-content\/uploads\/2023\/05\/p061_0_00_014-300x168.jpg 300w\" sizes=\"auto, (max-width: 503px) 100vw, 503px\" \/><\/a><\/figure>\n\n\n\n<p>Jetzt d\u00fcrfen sie wachsen&#8230; Mein Gewicht werden wir wohl n\u00e4chste Woche wieder testen.  Aber meine <strong>Taille 69 cm (+1 cm) Rippen 89 cm (+3 cm) <\/strong>haben schon wieder mehr angezeigt, obwohl Frauli recht sparsam mit Leckerlies umgeht. \ud83d\ude41 Im Moment genie\u00dfen wir noch unsere Freiheit und das ich mich noch gut bewegen kann. Heute Morgen waren auch wieder ganz neue, nette Welpenleute da, sogar mit 2 lieben Jungs, die haben immer mit uns gespielt. Leider hat Frauli keine Fotos gemacht. Aber bestimmt ein andermal. Nun sage ich erst mal Tsch\u00fc\u00df und bis bald eure Jana, genie\u00dft das sch\u00f6ne Wetter und sch\u00f6ne Pfingsten \ud83d\ude00<\/p>\n\n\n\n<figure class=\"wp-block-image size-full\"><a href=\"https:\/\/collies-vom-floersbachtal.de\/cms\/wp-content\/uploads\/2023\/05\/Jana-und-Tara5-36.-Tag.jpg\"><img loading=\"lazy\" decoding=\"async\" width=\"1000\" height=\"489\" src=\"https:\/\/collies-vom-floersbachtal.de\/cms\/wp-content\/uploads\/2023\/05\/Jana-und-Tara5-36.-Tag.jpg\" alt=\"\" class=\"wp-image-39874\" srcset=\"https:\/\/collies-vom-floersbachtal.de\/cms\/wp-content\/uploads\/2023\/05\/Jana-und-Tara5-36.-Tag.jpg 1000w, https:\/\/collies-vom-floersbachtal.de\/cms\/wp-content\/uploads\/2023\/05\/Jana-und-Tara5-36.-Tag-300x147.jpg 300w, https:\/\/collies-vom-floersbachtal.de\/cms\/wp-content\/uploads\/2023\/05\/Jana-und-Tara5-36.-Tag-768x376.jpg 768w\" sizes=\"auto, (max-width: 1000px) 100vw, 1000px\" \/><\/a><figcaption class=\"wp-element-caption\"><strong>Frauli hier ist besetzt. \ud83d\ude00<\/strong><\/figcaption><\/figure>\n\n\n\n<figure class=\"wp-block-image size-full\"><a href=\"https:\/\/collies-vom-floersbachtal.de\/cms\/wp-content\/uploads\/2023\/05\/Jana-und-Tara3-36.-Tag-1.jpg\"><img loading=\"lazy\" decoding=\"async\" width=\"1000\" height=\"563\" src=\"https:\/\/collies-vom-floersbachtal.de\/cms\/wp-content\/uploads\/2023\/05\/Jana-und-Tara3-36.-Tag-1.jpg\" alt=\"\" class=\"wp-image-39875\" srcset=\"https:\/\/collies-vom-floersbachtal.de\/cms\/wp-content\/uploads\/2023\/05\/Jana-und-Tara3-36.-Tag-1.jpg 1000w, https:\/\/collies-vom-floersbachtal.de\/cms\/wp-content\/uploads\/2023\/05\/Jana-und-Tara3-36.-Tag-1-300x169.jpg 300w, https:\/\/collies-vom-floersbachtal.de\/cms\/wp-content\/uploads\/2023\/05\/Jana-und-Tara3-36.-Tag-1-768x432.jpg 768w\" sizes=\"auto, (max-width: 1000px) 100vw, 1000px\" \/><\/a><\/figure>\n\n\n\n<figure class=\"wp-block-gallery has-nested-images columns-default is-cropped wp-block-gallery-17 is-layout-flex wp-block-gallery-is-layout-flex\">\n<figure class=\"wp-block-image size-large\"><a href=\"https:\/\/collies-vom-floersbachtal.de\/cms\/wp-content\/uploads\/2023\/05\/Jana-und-Tara7-36.-Tag-scaled.jpg\"><img loading=\"lazy\" decoding=\"async\" width=\"1024\" height=\"1018\" data-id=\"39873\" src=\"https:\/\/collies-vom-floersbachtal.de\/cms\/wp-content\/uploads\/2023\/05\/Jana-und-Tara7-36.-Tag-1024x1018.jpg\" alt=\"\" class=\"wp-image-39873\" srcset=\"https:\/\/collies-vom-floersbachtal.de\/cms\/wp-content\/uploads\/2023\/05\/Jana-und-Tara7-36.-Tag-1024x1018.jpg 1024w, https:\/\/collies-vom-floersbachtal.de\/cms\/wp-content\/uploads\/2023\/05\/Jana-und-Tara7-36.-Tag-300x298.jpg 300w, https:\/\/collies-vom-floersbachtal.de\/cms\/wp-content\/uploads\/2023\/05\/Jana-und-Tara7-36.-Tag-150x150.jpg 150w, https:\/\/collies-vom-floersbachtal.de\/cms\/wp-content\/uploads\/2023\/05\/Jana-und-Tara7-36.-Tag-768x763.jpg 768w, https:\/\/collies-vom-floersbachtal.de\/cms\/wp-content\/uploads\/2023\/05\/Jana-und-Tara7-36.-Tag-1536x1527.jpg 1536w, https:\/\/collies-vom-floersbachtal.de\/cms\/wp-content\/uploads\/2023\/05\/Jana-und-Tara7-36.-Tag-2048x2035.jpg 2048w\" sizes=\"auto, (max-width: 1024px) 100vw, 1024px\" \/><\/a><\/figure>\n\n\n\n<figure class=\"wp-block-image size-large\"><a href=\"https:\/\/collies-vom-floersbachtal.de\/cms\/wp-content\/uploads\/2023\/05\/Jana-und-Lia3-36.Tag_.jpg\"><img loading=\"lazy\" decoding=\"async\" width=\"955\" height=\"1024\" data-id=\"39869\" src=\"https:\/\/collies-vom-floersbachtal.de\/cms\/wp-content\/uploads\/2023\/05\/Jana-und-Lia3-36.Tag_-955x1024.jpg\" alt=\"\" class=\"wp-image-39869\" srcset=\"https:\/\/collies-vom-floersbachtal.de\/cms\/wp-content\/uploads\/2023\/05\/Jana-und-Lia3-36.Tag_-955x1024.jpg 955w, https:\/\/collies-vom-floersbachtal.de\/cms\/wp-content\/uploads\/2023\/05\/Jana-und-Lia3-36.Tag_-280x300.jpg 280w, https:\/\/collies-vom-floersbachtal.de\/cms\/wp-content\/uploads\/2023\/05\/Jana-und-Lia3-36.Tag_-768x823.jpg 768w, https:\/\/collies-vom-floersbachtal.de\/cms\/wp-content\/uploads\/2023\/05\/Jana-und-Lia3-36.Tag_.jpg 1000w\" sizes=\"auto, (max-width: 955px) 100vw, 955px\" \/><\/a><\/figure>\n\n\n\n<figure class=\"wp-block-image size-large\"><a href=\"https:\/\/collies-vom-floersbachtal.de\/cms\/wp-content\/uploads\/2023\/05\/Jana-und-Lia2-36.Tag_.jpg\"><img loading=\"lazy\" decoding=\"async\" width=\"939\" height=\"1024\" data-id=\"39872\" src=\"https:\/\/collies-vom-floersbachtal.de\/cms\/wp-content\/uploads\/2023\/05\/Jana-und-Lia2-36.Tag_-939x1024.jpg\" alt=\"\" class=\"wp-image-39872\" srcset=\"https:\/\/collies-vom-floersbachtal.de\/cms\/wp-content\/uploads\/2023\/05\/Jana-und-Lia2-36.Tag_-939x1024.jpg 939w, https:\/\/collies-vom-floersbachtal.de\/cms\/wp-content\/uploads\/2023\/05\/Jana-und-Lia2-36.Tag_-275x300.jpg 275w, https:\/\/collies-vom-floersbachtal.de\/cms\/wp-content\/uploads\/2023\/05\/Jana-und-Lia2-36.Tag_-768x838.jpg 768w, https:\/\/collies-vom-floersbachtal.de\/cms\/wp-content\/uploads\/2023\/05\/Jana-und-Lia2-36.Tag_.jpg 1000w\" sizes=\"auto, (max-width: 939px) 100vw, 939px\" \/><\/a><\/figure>\n<\/figure>\n\n\n\n<figure class=\"wp-block-image size-full\"><a href=\"https:\/\/collies-vom-floersbachtal.de\/cms\/wp-content\/uploads\/2023\/05\/Jana-und-Tara1-37.-Tag.jpg\"><img loading=\"lazy\" decoding=\"async\" width=\"1000\" height=\"835\" src=\"https:\/\/collies-vom-floersbachtal.de\/cms\/wp-content\/uploads\/2023\/05\/Jana-und-Tara1-37.-Tag.jpg\" alt=\"\" class=\"wp-image-39863\" srcset=\"https:\/\/collies-vom-floersbachtal.de\/cms\/wp-content\/uploads\/2023\/05\/Jana-und-Tara1-37.-Tag.jpg 1000w, https:\/\/collies-vom-floersbachtal.de\/cms\/wp-content\/uploads\/2023\/05\/Jana-und-Tara1-37.-Tag-300x251.jpg 300w, https:\/\/collies-vom-floersbachtal.de\/cms\/wp-content\/uploads\/2023\/05\/Jana-und-Tara1-37.-Tag-768x641.jpg 768w\" sizes=\"auto, (max-width: 1000px) 100vw, 1000px\" \/><\/a><figcaption class=\"wp-element-caption\"><strong>Frauli, da sind Rehe&#8230; \ud83d\ude09<\/strong><\/figcaption><\/figure>\n\n\n\n<p><strong>23.05.23 (34. Tag 5. Woche)<\/strong> Huhu ich bins die kleine verfressene Raupe&#8230; Frauli hat gestaunt, wieviel ich schon wieder an Umfang zugenommen habe. Jetzt gibts wohl keine Leckerlies mehr. <strong>Guckst du&#8230;Taille 68 cm (+4 cm) Rippen 86 cm (+2 cm) <\/strong>Aber da drinnen sind viele kleine Jana Raupen<strong> (ca. 3,5 cm )<\/strong>, was soll ich denn machen??? Gestern hatten wir selbstgemachtes Eis von Frauli, bestimmt war das Schuld. \ud83d\ude09 \ud83d\ude1b Bis bald eure (aber s\u00fc\u00dfe ) Raupe Jana \ud83d\ude1b<\/p>\n\n\n\n<figure class=\"wp-block-gallery has-nested-images columns-default is-cropped wp-block-gallery-18 is-layout-flex wp-block-gallery-is-layout-flex\">\n<figure class=\"wp-block-image size-large\"><a href=\"https:\/\/collies-vom-floersbachtal.de\/cms\/wp-content\/uploads\/2023\/05\/Jana-und-Tara1-33.-Tag-scaled.jpg\"><img loading=\"lazy\" decoding=\"async\" width=\"1024\" height=\"564\" data-id=\"39837\" src=\"https:\/\/collies-vom-floersbachtal.de\/cms\/wp-content\/uploads\/2023\/05\/Jana-und-Tara1-33.-Tag-1024x564.jpg\" alt=\"\" class=\"wp-image-39837\" srcset=\"https:\/\/collies-vom-floersbachtal.de\/cms\/wp-content\/uploads\/2023\/05\/Jana-und-Tara1-33.-Tag-1024x564.jpg 1024w, https:\/\/collies-vom-floersbachtal.de\/cms\/wp-content\/uploads\/2023\/05\/Jana-und-Tara1-33.-Tag-300x165.jpg 300w, https:\/\/collies-vom-floersbachtal.de\/cms\/wp-content\/uploads\/2023\/05\/Jana-und-Tara1-33.-Tag-768x423.jpg 768w, https:\/\/collies-vom-floersbachtal.de\/cms\/wp-content\/uploads\/2023\/05\/Jana-und-Tara1-33.-Tag-1536x846.jpg 1536w, https:\/\/collies-vom-floersbachtal.de\/cms\/wp-content\/uploads\/2023\/05\/Jana-und-Tara1-33.-Tag-2048x1128.jpg 2048w\" sizes=\"auto, (max-width: 1024px) 100vw, 1024px\" \/><\/a><\/figure>\n\n\n\n<figure class=\"wp-block-image size-large\"><a href=\"https:\/\/collies-vom-floersbachtal.de\/cms\/wp-content\/uploads\/2023\/05\/Jana-und-Tara2-33.-Tag-scaled.jpg\"><img loading=\"lazy\" decoding=\"async\" width=\"1024\" height=\"557\" data-id=\"39836\" src=\"https:\/\/collies-vom-floersbachtal.de\/cms\/wp-content\/uploads\/2023\/05\/Jana-und-Tara2-33.-Tag-1024x557.jpg\" alt=\"\" class=\"wp-image-39836\" srcset=\"https:\/\/collies-vom-floersbachtal.de\/cms\/wp-content\/uploads\/2023\/05\/Jana-und-Tara2-33.-Tag-1024x557.jpg 1024w, https:\/\/collies-vom-floersbachtal.de\/cms\/wp-content\/uploads\/2023\/05\/Jana-und-Tara2-33.-Tag-300x163.jpg 300w, https:\/\/collies-vom-floersbachtal.de\/cms\/wp-content\/uploads\/2023\/05\/Jana-und-Tara2-33.-Tag-768x418.jpg 768w, https:\/\/collies-vom-floersbachtal.de\/cms\/wp-content\/uploads\/2023\/05\/Jana-und-Tara2-33.-Tag-1536x835.jpg 1536w, https:\/\/collies-vom-floersbachtal.de\/cms\/wp-content\/uploads\/2023\/05\/Jana-und-Tara2-33.-Tag-2048x1114.jpg 2048w\" sizes=\"auto, (max-width: 1024px) 100vw, 1024px\" \/><\/a><\/figure>\n<\/figure>\n\n\n\n<p><strong>19.05.23 (30. Tag  5. Woche)<\/strong><\/p>\n\n\n\n<p>Hi ihr Lieben, mir geht es soweit ganz gut, au\u00dfer das ich hier kaum was zu fressen bekomme und mein Bauch nur knurrt \ud83d\ude09 Aber ich hab schon einen steifen Hals, vom immer auf die Leckerlies schauen, wenn wir Gassi gehen. \ud83d\ude1b Noch mu\u00df ich etwas langsam machen, denn die L\u00fctten haben noch eine schwere Aufgabe vor sich, der Darm lagert sich gerade aus bei ihnen und da sind sie etwas anf\u00e4lliger. Aber ab n\u00e4chste Woche darf ich auch wieder mit spielen. Jetzt ist die Embrionalentwicklung  auch soweit abgeschlossen,  das Geschlecht steht auch fest und wir sind nat\u00fcrlich alle sehr gespannt was ich f\u00fcr kleine, s\u00fc\u00dfe Monster  (<strong>2 cm Gro\u00df<\/strong> ) austrage. <strong>Meine Taille mi\u00dft schon 64 cm (+1cm<\/strong>) <strong>und meine Rippen 84 cm (+2 cm)<\/strong>.  Bis bald, viele K\u00fcsschen eure Jana \ud83d\ude42<\/p>\n\n\n\n<figure class=\"wp-block-image size-large\"><a href=\"https:\/\/collies-vom-floersbachtal.de\/cms\/wp-content\/uploads\/2023\/05\/Gassifahrt1-31.-Tag.jpg\"><img loading=\"lazy\" decoding=\"async\" width=\"637\" height=\"1024\" src=\"https:\/\/collies-vom-floersbachtal.de\/cms\/wp-content\/uploads\/2023\/05\/Gassifahrt1-31.-Tag-637x1024.jpg\" alt=\"\" class=\"wp-image-39878\" srcset=\"https:\/\/collies-vom-floersbachtal.de\/cms\/wp-content\/uploads\/2023\/05\/Gassifahrt1-31.-Tag-637x1024.jpg 637w, https:\/\/collies-vom-floersbachtal.de\/cms\/wp-content\/uploads\/2023\/05\/Gassifahrt1-31.-Tag-187x300.jpg 187w, https:\/\/collies-vom-floersbachtal.de\/cms\/wp-content\/uploads\/2023\/05\/Gassifahrt1-31.-Tag-768x1234.jpg 768w, https:\/\/collies-vom-floersbachtal.de\/cms\/wp-content\/uploads\/2023\/05\/Gassifahrt1-31.-Tag-956x1536.jpg 956w, https:\/\/collies-vom-floersbachtal.de\/cms\/wp-content\/uploads\/2023\/05\/Gassifahrt1-31.-Tag.jpg 1000w\" sizes=\"auto, (max-width: 637px) 100vw, 637px\" \/><\/a><figcaption class=\"wp-element-caption\"><strong>Kommen grad vom Gassi zur\u00fcck<\/strong><\/figcaption><\/figure>\n\n\n\n<figure class=\"wp-block-gallery has-nested-images columns-default is-cropped wp-block-gallery-19 is-layout-flex wp-block-gallery-is-layout-flex\">\n<figure class=\"wp-block-image size-large\"><a href=\"https:\/\/collies-vom-floersbachtal.de\/cms\/wp-content\/uploads\/2023\/05\/Jana-und-Tara1-31.-tag-1.jpg\"><img loading=\"lazy\" decoding=\"async\" width=\"882\" height=\"1024\" data-id=\"39880\" src=\"https:\/\/collies-vom-floersbachtal.de\/cms\/wp-content\/uploads\/2023\/05\/Jana-und-Tara1-31.-tag-1-882x1024.jpg\" alt=\"\" class=\"wp-image-39880\" srcset=\"https:\/\/collies-vom-floersbachtal.de\/cms\/wp-content\/uploads\/2023\/05\/Jana-und-Tara1-31.-tag-1-882x1024.jpg 882w, https:\/\/collies-vom-floersbachtal.de\/cms\/wp-content\/uploads\/2023\/05\/Jana-und-Tara1-31.-tag-1-258x300.jpg 258w, https:\/\/collies-vom-floersbachtal.de\/cms\/wp-content\/uploads\/2023\/05\/Jana-und-Tara1-31.-tag-1-768x892.jpg 768w, https:\/\/collies-vom-floersbachtal.de\/cms\/wp-content\/uploads\/2023\/05\/Jana-und-Tara1-31.-tag-1-1323x1536.jpg 1323w, https:\/\/collies-vom-floersbachtal.de\/cms\/wp-content\/uploads\/2023\/05\/Jana-und-Tara1-31.-tag-1.jpg 1416w\" sizes=\"auto, (max-width: 882px) 100vw, 882px\" \/><\/a><figcaption class=\"wp-element-caption\">vor dem Gassi<\/figcaption><\/figure>\n\n\n\n<figure class=\"wp-block-image size-large\"><a href=\"https:\/\/collies-vom-floersbachtal.de\/cms\/wp-content\/uploads\/2023\/05\/Jana-und-Tara2-31.-tag-1.jpg\"><img loading=\"lazy\" decoding=\"async\" width=\"800\" height=\"701\" data-id=\"39879\" src=\"https:\/\/collies-vom-floersbachtal.de\/cms\/wp-content\/uploads\/2023\/05\/Jana-und-Tara2-31.-tag-1.jpg\" alt=\"\" class=\"wp-image-39879\" srcset=\"https:\/\/collies-vom-floersbachtal.de\/cms\/wp-content\/uploads\/2023\/05\/Jana-und-Tara2-31.-tag-1.jpg 800w, https:\/\/collies-vom-floersbachtal.de\/cms\/wp-content\/uploads\/2023\/05\/Jana-und-Tara2-31.-tag-1-300x263.jpg 300w, https:\/\/collies-vom-floersbachtal.de\/cms\/wp-content\/uploads\/2023\/05\/Jana-und-Tara2-31.-tag-1-768x673.jpg 768w\" sizes=\"auto, (max-width: 800px) 100vw, 800px\" \/><\/a><figcaption class=\"wp-element-caption\">jetzt sind wir Gassi \ud83d\ude00 \ud83d\ude1b<\/figcaption><\/figure>\n<\/figure>\n\n\n\n<figure class=\"wp-block-image size-full\"><a href=\"https:\/\/collies-vom-floersbachtal.de\/cms\/wp-content\/uploads\/2023\/05\/Jana2-30.-Tag-1.jpg\"><img loading=\"lazy\" decoding=\"async\" width=\"1000\" height=\"620\" src=\"https:\/\/collies-vom-floersbachtal.de\/cms\/wp-content\/uploads\/2023\/05\/Jana2-30.-Tag-1.jpg\" alt=\"\" class=\"wp-image-39862\" srcset=\"https:\/\/collies-vom-floersbachtal.de\/cms\/wp-content\/uploads\/2023\/05\/Jana2-30.-Tag-1.jpg 1000w, https:\/\/collies-vom-floersbachtal.de\/cms\/wp-content\/uploads\/2023\/05\/Jana2-30.-Tag-1-300x186.jpg 300w, https:\/\/collies-vom-floersbachtal.de\/cms\/wp-content\/uploads\/2023\/05\/Jana2-30.-Tag-1-768x476.jpg 768w\" sizes=\"auto, (max-width: 1000px) 100vw, 1000px\" \/><\/a><\/figure>\n\n\n\n<figure class=\"wp-block-gallery has-nested-images columns-default is-cropped wp-block-gallery-20 is-layout-flex wp-block-gallery-is-layout-flex\">\n<figure class=\"wp-block-image size-large\"><a href=\"https:\/\/collies-vom-floersbachtal.de\/cms\/wp-content\/uploads\/2023\/05\/Jana4-30.-Tag.jpg\"><img loading=\"lazy\" decoding=\"async\" width=\"1000\" height=\"872\" data-id=\"39859\" src=\"https:\/\/collies-vom-floersbachtal.de\/cms\/wp-content\/uploads\/2023\/05\/Jana4-30.-Tag.jpg\" alt=\"\" class=\"wp-image-39859\" srcset=\"https:\/\/collies-vom-floersbachtal.de\/cms\/wp-content\/uploads\/2023\/05\/Jana4-30.-Tag.jpg 1000w, https:\/\/collies-vom-floersbachtal.de\/cms\/wp-content\/uploads\/2023\/05\/Jana4-30.-Tag-300x262.jpg 300w, https:\/\/collies-vom-floersbachtal.de\/cms\/wp-content\/uploads\/2023\/05\/Jana4-30.-Tag-768x670.jpg 768w\" sizes=\"auto, (max-width: 1000px) 100vw, 1000px\" \/><\/a><\/figure>\n\n\n\n<figure class=\"wp-block-image size-large\"><a href=\"https:\/\/collies-vom-floersbachtal.de\/cms\/wp-content\/uploads\/2023\/05\/Jana1-30.-Tag.jpg\"><img loading=\"lazy\" decoding=\"async\" width=\"788\" height=\"1024\" data-id=\"39861\" src=\"https:\/\/collies-vom-floersbachtal.de\/cms\/wp-content\/uploads\/2023\/05\/Jana1-30.-Tag-788x1024.jpg\" alt=\"\" class=\"wp-image-39861\" srcset=\"https:\/\/collies-vom-floersbachtal.de\/cms\/wp-content\/uploads\/2023\/05\/Jana1-30.-Tag-788x1024.jpg 788w, https:\/\/collies-vom-floersbachtal.de\/cms\/wp-content\/uploads\/2023\/05\/Jana1-30.-Tag-231x300.jpg 231w, https:\/\/collies-vom-floersbachtal.de\/cms\/wp-content\/uploads\/2023\/05\/Jana1-30.-Tag-768x998.jpg 768w, https:\/\/collies-vom-floersbachtal.de\/cms\/wp-content\/uploads\/2023\/05\/Jana1-30.-Tag.jpg 1000w\" sizes=\"auto, (max-width: 788px) 100vw, 788px\" \/><\/a><\/figure>\n<\/figure>\n\n\n\n<figure class=\"wp-block-image size-full\"><a href=\"https:\/\/collies-vom-floersbachtal.de\/cms\/wp-content\/uploads\/2023\/05\/p061_0_00_013.jpg\"><img loading=\"lazy\" decoding=\"async\" width=\"499\" height=\"376\" src=\"https:\/\/collies-vom-floersbachtal.de\/cms\/wp-content\/uploads\/2023\/05\/p061_0_00_013.jpg\" alt=\"\" class=\"wp-image-39763\" srcset=\"https:\/\/collies-vom-floersbachtal.de\/cms\/wp-content\/uploads\/2023\/05\/p061_0_00_013.jpg 499w, https:\/\/collies-vom-floersbachtal.de\/cms\/wp-content\/uploads\/2023\/05\/p061_0_00_013-300x226.jpg 300w\" sizes=\"auto, (max-width: 499px) 100vw, 499px\" \/><\/a><\/figure>\n\n\n\n<figure class=\"wp-block-gallery has-nested-images columns-default is-cropped wp-block-gallery-21 is-layout-flex wp-block-gallery-is-layout-flex\">\n<figure class=\"wp-block-image size-large\"><a href=\"https:\/\/collies-vom-floersbachtal.de\/cms\/wp-content\/uploads\/2023\/05\/Morgens1-30.Tag_.jpg\"><img loading=\"lazy\" decoding=\"async\" width=\"1000\" height=\"636\" data-id=\"39764\" src=\"https:\/\/collies-vom-floersbachtal.de\/cms\/wp-content\/uploads\/2023\/05\/Morgens1-30.Tag_.jpg\" alt=\"\" class=\"wp-image-39764\" srcset=\"https:\/\/collies-vom-floersbachtal.de\/cms\/wp-content\/uploads\/2023\/05\/Morgens1-30.Tag_.jpg 1000w, https:\/\/collies-vom-floersbachtal.de\/cms\/wp-content\/uploads\/2023\/05\/Morgens1-30.Tag_-300x191.jpg 300w, https:\/\/collies-vom-floersbachtal.de\/cms\/wp-content\/uploads\/2023\/05\/Morgens1-30.Tag_-768x488.jpg 768w\" sizes=\"auto, (max-width: 1000px) 100vw, 1000px\" \/><\/a><\/figure>\n\n\n\n<figure class=\"wp-block-image size-large\"><a href=\"https:\/\/collies-vom-floersbachtal.de\/cms\/wp-content\/uploads\/2023\/05\/Jana-und-Tara3-29.-tag.jpg\"><img loading=\"lazy\" decoding=\"async\" width=\"1000\" height=\"563\" data-id=\"39765\" src=\"https:\/\/collies-vom-floersbachtal.de\/cms\/wp-content\/uploads\/2023\/05\/Jana-und-Tara3-29.-tag.jpg\" alt=\"\" class=\"wp-image-39765\" srcset=\"https:\/\/collies-vom-floersbachtal.de\/cms\/wp-content\/uploads\/2023\/05\/Jana-und-Tara3-29.-tag.jpg 1000w, https:\/\/collies-vom-floersbachtal.de\/cms\/wp-content\/uploads\/2023\/05\/Jana-und-Tara3-29.-tag-300x169.jpg 300w, https:\/\/collies-vom-floersbachtal.de\/cms\/wp-content\/uploads\/2023\/05\/Jana-und-Tara3-29.-tag-768x432.jpg 768w\" sizes=\"auto, (max-width: 1000px) 100vw, 1000px\" \/><\/a><\/figure>\n\n\n\n<figure class=\"wp-block-image size-large\"><a href=\"https:\/\/collies-vom-floersbachtal.de\/cms\/wp-content\/uploads\/2023\/05\/Jana1-29.-Tag-scaled.jpg\"><img loading=\"lazy\" decoding=\"async\" width=\"1024\" height=\"577\" data-id=\"39766\" src=\"https:\/\/collies-vom-floersbachtal.de\/cms\/wp-content\/uploads\/2023\/05\/Jana1-29.-Tag-1024x577.jpg\" alt=\"\" class=\"wp-image-39766\" srcset=\"https:\/\/collies-vom-floersbachtal.de\/cms\/wp-content\/uploads\/2023\/05\/Jana1-29.-Tag-1024x577.jpg 1024w, https:\/\/collies-vom-floersbachtal.de\/cms\/wp-content\/uploads\/2023\/05\/Jana1-29.-Tag-300x169.jpg 300w, https:\/\/collies-vom-floersbachtal.de\/cms\/wp-content\/uploads\/2023\/05\/Jana1-29.-Tag-768x432.jpg 768w, https:\/\/collies-vom-floersbachtal.de\/cms\/wp-content\/uploads\/2023\/05\/Jana1-29.-Tag-1536x865.jpg 1536w, https:\/\/collies-vom-floersbachtal.de\/cms\/wp-content\/uploads\/2023\/05\/Jana1-29.-Tag-2048x1153.jpg 2048w\" sizes=\"auto, (max-width: 1024px) 100vw, 1024px\" \/><\/a><\/figure>\n<\/figure>\n\n\n\n<p>Linkes Bild, ich glaub Frauli macht Futter.  :-O  Mitte; Frauliiii gehen wir raus?. Rechts; Abends wird gechillt \ud83d\ude42<\/p>\n\n\n\n<p><strong>16.05.23 ( 27. Tag  4. Woche)<\/strong><\/p>\n\n\n\n<figure class=\"wp-block-image size-full is-resized\"><a href=\"https:\/\/collies-vom-floersbachtal.de\/cms\/wp-content\/uploads\/2023\/05\/storch16_1.gif\"><img loading=\"lazy\" decoding=\"async\" width=\"154\" height=\"141\" src=\"https:\/\/collies-vom-floersbachtal.de\/cms\/wp-content\/uploads\/2023\/05\/storch16_1.gif\" alt=\"\" class=\"wp-image-39704\" style=\"width:228px;height:209px\"\/><\/a><figcaption class=\"wp-element-caption\"><strong>Bin unterwegs, geb mir M\u00fche p\u00fcnktlich zu landen \ud83d\ude00<\/strong><\/figcaption><\/figure>\n\n\n\n<p>Jippi es hat geklappt, die Kr\u00fcmel sind auf dem Weg. Freu mich riesig. Hatte es ja schon geahnt aber es ist immer wieder toll, wenn man sie auf dem Bildschirm sehen kann. \ud83d\ude00 <\/p>\n\n\n\n<p>Hallo meine Lieben Fans, hier ist eure Jana und es sieht alles gut aus, habe einen Kilo zugenommen und wiege  <strong>nun 29 kg<\/strong>.  Frauli hat mich auch wieder vermessen \ud83d\ude09 <strong>Taille 63cm (+2 cm) und Rippen 82cm (+2cm)<\/strong>. Hier nun die Beweisbilder f\u00fcr alle \ud83d\ude00 Sieht aus wie an einer Perlenkette. \ud83d\ude09<\/p>\n\n\n\n<figure class=\"wp-block-gallery has-nested-images columns-default is-cropped wp-block-gallery-22 is-layout-flex wp-block-gallery-is-layout-flex\">\n<figure class=\"wp-block-image size-large\"><a href=\"https:\/\/collies-vom-floersbachtal.de\/cms\/wp-content\/uploads\/2023\/05\/Ultraschall-Jana3-27.-Tag.jpg\"><img loading=\"lazy\" decoding=\"async\" width=\"1000\" height=\"1000\" data-id=\"39708\" src=\"https:\/\/collies-vom-floersbachtal.de\/cms\/wp-content\/uploads\/2023\/05\/Ultraschall-Jana3-27.-Tag.jpg\" alt=\"\" class=\"wp-image-39708\" srcset=\"https:\/\/collies-vom-floersbachtal.de\/cms\/wp-content\/uploads\/2023\/05\/Ultraschall-Jana3-27.-Tag.jpg 1000w, https:\/\/collies-vom-floersbachtal.de\/cms\/wp-content\/uploads\/2023\/05\/Ultraschall-Jana3-27.-Tag-300x300.jpg 300w, https:\/\/collies-vom-floersbachtal.de\/cms\/wp-content\/uploads\/2023\/05\/Ultraschall-Jana3-27.-Tag-150x150.jpg 150w, https:\/\/collies-vom-floersbachtal.de\/cms\/wp-content\/uploads\/2023\/05\/Ultraschall-Jana3-27.-Tag-768x768.jpg 768w\" sizes=\"auto, (max-width: 1000px) 100vw, 1000px\" \/><\/a><\/figure>\n\n\n\n<figure class=\"wp-block-image size-large\"><a href=\"https:\/\/collies-vom-floersbachtal.de\/cms\/wp-content\/uploads\/2023\/05\/Ultraschall-Jana1-27.-Tag.jpg\"><img loading=\"lazy\" decoding=\"async\" width=\"972\" height=\"1024\" data-id=\"39707\" src=\"https:\/\/collies-vom-floersbachtal.de\/cms\/wp-content\/uploads\/2023\/05\/Ultraschall-Jana1-27.-Tag-972x1024.jpg\" alt=\"\" class=\"wp-image-39707\" srcset=\"https:\/\/collies-vom-floersbachtal.de\/cms\/wp-content\/uploads\/2023\/05\/Ultraschall-Jana1-27.-Tag-972x1024.jpg 972w, https:\/\/collies-vom-floersbachtal.de\/cms\/wp-content\/uploads\/2023\/05\/Ultraschall-Jana1-27.-Tag-285x300.jpg 285w, https:\/\/collies-vom-floersbachtal.de\/cms\/wp-content\/uploads\/2023\/05\/Ultraschall-Jana1-27.-Tag-768x809.jpg 768w, https:\/\/collies-vom-floersbachtal.de\/cms\/wp-content\/uploads\/2023\/05\/Ultraschall-Jana1-27.-Tag.jpg 1000w\" sizes=\"auto, (max-width: 972px) 100vw, 972px\" \/><\/a><\/figure>\n\n\n\n<figure class=\"wp-block-image size-large\"><a href=\"https:\/\/collies-vom-floersbachtal.de\/cms\/wp-content\/uploads\/2023\/05\/Ultraschall-Jana2-27.-Tag.jpg\"><img loading=\"lazy\" decoding=\"async\" width=\"925\" height=\"1024\" data-id=\"39706\" src=\"https:\/\/collies-vom-floersbachtal.de\/cms\/wp-content\/uploads\/2023\/05\/Ultraschall-Jana2-27.-Tag-925x1024.jpg\" alt=\"\" class=\"wp-image-39706\" srcset=\"https:\/\/collies-vom-floersbachtal.de\/cms\/wp-content\/uploads\/2023\/05\/Ultraschall-Jana2-27.-Tag-925x1024.jpg 925w, https:\/\/collies-vom-floersbachtal.de\/cms\/wp-content\/uploads\/2023\/05\/Ultraschall-Jana2-27.-Tag-271x300.jpg 271w, https:\/\/collies-vom-floersbachtal.de\/cms\/wp-content\/uploads\/2023\/05\/Ultraschall-Jana2-27.-Tag-768x850.jpg 768w, https:\/\/collies-vom-floersbachtal.de\/cms\/wp-content\/uploads\/2023\/05\/Ultraschall-Jana2-27.-Tag.jpg 1000w\" sizes=\"auto, (max-width: 925px) 100vw, 925px\" \/><\/a><\/figure>\n<\/figure>\n\n\n\n<figure class=\"wp-block-image size-full\"><a href=\"https:\/\/collies-vom-floersbachtal.de\/cms\/wp-content\/uploads\/2023\/05\/Groessenentwicklung-Hundefoetus.png\"><img loading=\"lazy\" decoding=\"async\" width=\"528\" height=\"218\" src=\"https:\/\/collies-vom-floersbachtal.de\/cms\/wp-content\/uploads\/2023\/05\/Groessenentwicklung-Hundefoetus.png\" alt=\"\" class=\"wp-image-39750\" srcset=\"https:\/\/collies-vom-floersbachtal.de\/cms\/wp-content\/uploads\/2023\/05\/Groessenentwicklung-Hundefoetus.png 528w, https:\/\/collies-vom-floersbachtal.de\/cms\/wp-content\/uploads\/2023\/05\/Groessenentwicklung-Hundefoetus-300x124.png 300w\" sizes=\"auto, (max-width: 528px) 100vw, 528px\" \/><\/a><figcaption class=\"wp-element-caption\"><strong>Jetzt d\u00fcrften die Kr\u00fcmel so 1,5- 2 cm kurz sein \ud83d\ude42<\/strong><\/figcaption><\/figure>\n\n\n\n<figure class=\"wp-block-gallery has-nested-images columns-default is-cropped wp-block-gallery-23 is-layout-flex wp-block-gallery-is-layout-flex\">\n<figure class=\"wp-block-image size-large\"><a href=\"https:\/\/collies-vom-floersbachtal.de\/cms\/wp-content\/uploads\/2023\/05\/Jana-und-Tara4-25.-Tag.jpg\"><img loading=\"lazy\" decoding=\"async\" width=\"697\" height=\"1024\" data-id=\"39711\" src=\"https:\/\/collies-vom-floersbachtal.de\/cms\/wp-content\/uploads\/2023\/05\/Jana-und-Tara4-25.-Tag-697x1024.jpg\" alt=\"\" class=\"wp-image-39711\" srcset=\"https:\/\/collies-vom-floersbachtal.de\/cms\/wp-content\/uploads\/2023\/05\/Jana-und-Tara4-25.-Tag-697x1024.jpg 697w, https:\/\/collies-vom-floersbachtal.de\/cms\/wp-content\/uploads\/2023\/05\/Jana-und-Tara4-25.-Tag-204x300.jpg 204w, https:\/\/collies-vom-floersbachtal.de\/cms\/wp-content\/uploads\/2023\/05\/Jana-und-Tara4-25.-Tag-768x1129.jpg 768w, https:\/\/collies-vom-floersbachtal.de\/cms\/wp-content\/uploads\/2023\/05\/Jana-und-Tara4-25.-Tag.jpg 1000w\" sizes=\"auto, (max-width: 697px) 100vw, 697px\" \/><\/a><figcaption class=\"wp-element-caption\">Pause beim Gassigang<\/figcaption><\/figure>\n<\/figure>\n\n\n\n<figure class=\"wp-block-image size-full\"><a href=\"https:\/\/collies-vom-floersbachtal.de\/cms\/wp-content\/uploads\/2023\/05\/Jana2-26.Tag_-1.jpg\"><img loading=\"lazy\" decoding=\"async\" width=\"1000\" height=\"563\" src=\"https:\/\/collies-vom-floersbachtal.de\/cms\/wp-content\/uploads\/2023\/05\/Jana2-26.Tag_-1.jpg\" alt=\"\" class=\"wp-image-39718\" srcset=\"https:\/\/collies-vom-floersbachtal.de\/cms\/wp-content\/uploads\/2023\/05\/Jana2-26.Tag_-1.jpg 1000w, https:\/\/collies-vom-floersbachtal.de\/cms\/wp-content\/uploads\/2023\/05\/Jana2-26.Tag_-1-300x169.jpg 300w, https:\/\/collies-vom-floersbachtal.de\/cms\/wp-content\/uploads\/2023\/05\/Jana2-26.Tag_-1-768x432.jpg 768w\" sizes=\"auto, (max-width: 1000px) 100vw, 1000px\" \/><\/a><figcaption class=\"wp-element-caption\">Fr\u00fchst\u00fcck<\/figcaption><\/figure>\n\n\n\n<figure class=\"wp-block-image size-full\"><a href=\"https:\/\/collies-vom-floersbachtal.de\/cms\/wp-content\/uploads\/2023\/05\/Jana1-25.-Tag-1.jpg\"><img loading=\"lazy\" decoding=\"async\" width=\"1000\" height=\"835\" src=\"https:\/\/collies-vom-floersbachtal.de\/cms\/wp-content\/uploads\/2023\/05\/Jana1-25.-Tag-1.jpg\" alt=\"\" class=\"wp-image-39719\" srcset=\"https:\/\/collies-vom-floersbachtal.de\/cms\/wp-content\/uploads\/2023\/05\/Jana1-25.-Tag-1.jpg 1000w, https:\/\/collies-vom-floersbachtal.de\/cms\/wp-content\/uploads\/2023\/05\/Jana1-25.-Tag-1-300x251.jpg 300w, https:\/\/collies-vom-floersbachtal.de\/cms\/wp-content\/uploads\/2023\/05\/Jana1-25.-Tag-1-768x641.jpg 768w\" sizes=\"auto, (max-width: 1000px) 100vw, 1000px\" \/><\/a><figcaption class=\"wp-element-caption\">2. Fr\u00fchst\u00fcck \ud83d\ude1b<\/figcaption><\/figure>\n\n\n\n<figure class=\"wp-block-gallery has-nested-images columns-default is-cropped wp-block-gallery-24 is-layout-flex wp-block-gallery-is-layout-flex\">\n<figure class=\"wp-block-image size-large\"><a href=\"https:\/\/collies-vom-floersbachtal.de\/cms\/wp-content\/uploads\/2023\/05\/Jana2-25.-Tag-scaled.jpg\"><img loading=\"lazy\" decoding=\"async\" width=\"678\" height=\"1024\" data-id=\"39722\" src=\"https:\/\/collies-vom-floersbachtal.de\/cms\/wp-content\/uploads\/2023\/05\/Jana2-25.-Tag-678x1024.jpg\" alt=\"\" class=\"wp-image-39722\" srcset=\"https:\/\/collies-vom-floersbachtal.de\/cms\/wp-content\/uploads\/2023\/05\/Jana2-25.-Tag-678x1024.jpg 678w, https:\/\/collies-vom-floersbachtal.de\/cms\/wp-content\/uploads\/2023\/05\/Jana2-25.-Tag-199x300.jpg 199w, https:\/\/collies-vom-floersbachtal.de\/cms\/wp-content\/uploads\/2023\/05\/Jana2-25.-Tag-768x1161.jpg 768w, https:\/\/collies-vom-floersbachtal.de\/cms\/wp-content\/uploads\/2023\/05\/Jana2-25.-Tag-1016x1536.jpg 1016w, https:\/\/collies-vom-floersbachtal.de\/cms\/wp-content\/uploads\/2023\/05\/Jana2-25.-Tag-1355x2048.jpg 1355w, https:\/\/collies-vom-floersbachtal.de\/cms\/wp-content\/uploads\/2023\/05\/Jana2-25.-Tag-scaled.jpg 1694w\" sizes=\"auto, (max-width: 678px) 100vw, 678px\" \/><\/a><figcaption class=\"wp-element-caption\">Mit Frauli Augenkontakt halten&#8230; und wenn es \u00fcber Stunden geht \ud83d\ude42<\/figcaption><\/figure>\n\n\n\n<figure class=\"wp-block-image size-large\"><a href=\"https:\/\/collies-vom-floersbachtal.de\/cms\/wp-content\/uploads\/2023\/05\/Jana-und-Tara1-22.-Tag-1.jpg\"><img loading=\"lazy\" decoding=\"async\" width=\"437\" height=\"1024\" data-id=\"39720\" src=\"https:\/\/collies-vom-floersbachtal.de\/cms\/wp-content\/uploads\/2023\/05\/Jana-und-Tara1-22.-Tag-1-437x1024.jpg\" alt=\"\" class=\"wp-image-39720\" srcset=\"https:\/\/collies-vom-floersbachtal.de\/cms\/wp-content\/uploads\/2023\/05\/Jana-und-Tara1-22.-Tag-1-437x1024.jpg 437w, https:\/\/collies-vom-floersbachtal.de\/cms\/wp-content\/uploads\/2023\/05\/Jana-und-Tara1-22.-Tag-1-128x300.jpg 128w, https:\/\/collies-vom-floersbachtal.de\/cms\/wp-content\/uploads\/2023\/05\/Jana-und-Tara1-22.-Tag-1-768x1800.jpg 768w, https:\/\/collies-vom-floersbachtal.de\/cms\/wp-content\/uploads\/2023\/05\/Jana-und-Tara1-22.-Tag-1-655x1536.jpg 655w, https:\/\/collies-vom-floersbachtal.de\/cms\/wp-content\/uploads\/2023\/05\/Jana-und-Tara1-22.-Tag-1-874x2048.jpg 874w, https:\/\/collies-vom-floersbachtal.de\/cms\/wp-content\/uploads\/2023\/05\/Jana-und-Tara1-22.-Tag-1.jpg 1000w\" sizes=\"auto, (max-width: 437px) 100vw, 437px\" \/><\/a><\/figure>\n<\/figure>\n\n\n\n<figure class=\"wp-block-image size-large\"><a href=\"https:\/\/collies-vom-floersbachtal.de\/cms\/wp-content\/uploads\/2023\/05\/Jana-und-Tara2-25.-Tag-1.jpg\"><img loading=\"lazy\" decoding=\"async\" width=\"978\" height=\"1024\" src=\"https:\/\/collies-vom-floersbachtal.de\/cms\/wp-content\/uploads\/2023\/05\/Jana-und-Tara2-25.-Tag-1-978x1024.jpg\" alt=\"\" class=\"wp-image-39723\" srcset=\"https:\/\/collies-vom-floersbachtal.de\/cms\/wp-content\/uploads\/2023\/05\/Jana-und-Tara2-25.-Tag-1-978x1024.jpg 978w, https:\/\/collies-vom-floersbachtal.de\/cms\/wp-content\/uploads\/2023\/05\/Jana-und-Tara2-25.-Tag-1-287x300.jpg 287w, https:\/\/collies-vom-floersbachtal.de\/cms\/wp-content\/uploads\/2023\/05\/Jana-und-Tara2-25.-Tag-1-768x804.jpg 768w, https:\/\/collies-vom-floersbachtal.de\/cms\/wp-content\/uploads\/2023\/05\/Jana-und-Tara2-25.-Tag-1.jpg 1000w\" sizes=\"auto, (max-width: 978px) 100vw, 978px\" \/><\/a><figcaption class=\"wp-element-caption\">Jana ist ist richtig ruhig geworden \ud83d\ude42<\/figcaption><\/figure>\n\n\n\n<p>So, jetzt seid ihr alle erst mal auf dem neuesten Stand und wir machen es uns jetzt gem\u00fctlich. Schlaft sch\u00f6n eure Jana \ud83d\ude42<\/p>\n\n\n\n<p><strong>12.05.23 ( 23. Tag  4. Woche)<\/strong> Huhu ich bins die Jana, nun sind wir schon in der 4. Woche und mein Hunger nimmt jetzt schon kein Ende.  Bei unseren Gassig\u00e4ngen laufe ich schon richtig schief, weil ich Frauli die ganze Zeit anhimmel, damit sie mir Lecker gibt. Tara die dicke Nudel f\u00e4hrt immer mit, damit sie nicht traurig ist. Jetzt hat Frauli gesagt, Tara mu\u00df dringend abnehmen, siehste das hasste jetzt davon \ud83d\ude1b Schlie\u00dflich ist hier nur eine tragend, &#8230;ups, wollte ich gar nicht verraten.  Aber Frauli sagt, es f\u00e4llt echt auf, meine Haare am Bauch stehen schon etwas ab und meine Zitzen sind auch schon gr\u00f6\u00dfer geworden.  Und Schmusen mit Bauchi Kraulen ist zu meinem gr\u00f6\u00dften Hobby geworden. Die Kr\u00fcmel haben jetzt auch alle schon ihren festen Platz eingenommen und die Herzchen schlagen. S\u00fc\u00df gell? Wir sind gespannt wieviel ich schon wiege. <strong>Taille 61 cm (gleich geblieben) und an den Rippen 80 cm<\/strong>  <strong>(+ 1cm)<\/strong>  Aber ICH darf ja zunehmen \ud83d\ude00 Bis bald ihr Lieben eure Jana \ud83d\ude42<\/p>\n\n\n\n<figure class=\"wp-block-image size-full is-style-rounded\"><a href=\"https:\/\/collies-vom-floersbachtal.de\/cms\/wp-content\/uploads\/2023\/05\/Jana-und-Tara1-am-23.-Tag.jpg\"><img loading=\"lazy\" decoding=\"async\" width=\"1000\" height=\"584\" src=\"https:\/\/collies-vom-floersbachtal.de\/cms\/wp-content\/uploads\/2023\/05\/Jana-und-Tara1-am-23.-Tag.jpg\" alt=\"\" class=\"wp-image-39686\" srcset=\"https:\/\/collies-vom-floersbachtal.de\/cms\/wp-content\/uploads\/2023\/05\/Jana-und-Tara1-am-23.-Tag.jpg 1000w, https:\/\/collies-vom-floersbachtal.de\/cms\/wp-content\/uploads\/2023\/05\/Jana-und-Tara1-am-23.-Tag-300x175.jpg 300w, https:\/\/collies-vom-floersbachtal.de\/cms\/wp-content\/uploads\/2023\/05\/Jana-und-Tara1-am-23.-Tag-768x449.jpg 768w\" sizes=\"auto, (max-width: 1000px) 100vw, 1000px\" \/><\/a><figcaption class=\"wp-element-caption\">Tara haart wieder ab, so dunkel wie sie am Kopf ist so wird sie mal wenn sie 5 ist am R\u00fccken aussehen \ud83d\ude42 Die beeilt sich, damit sie schnell wieder l\u00e4ufig wird \ud83d\ude00<\/figcaption><\/figure>\n\n\n\n<figure class=\"wp-block-gallery has-nested-images columns-default is-cropped wp-block-gallery-25 is-layout-flex wp-block-gallery-is-layout-flex\">\n<figure class=\"wp-block-image size-large\"><a href=\"https:\/\/collies-vom-floersbachtal.de\/cms\/wp-content\/uploads\/2023\/05\/Jana1-am-23.-Tag.jpg\"><img loading=\"lazy\" decoding=\"async\" width=\"577\" height=\"1024\" data-id=\"39684\" src=\"https:\/\/collies-vom-floersbachtal.de\/cms\/wp-content\/uploads\/2023\/05\/Jana1-am-23.-Tag-577x1024.jpg\" alt=\"\" class=\"wp-image-39684\" srcset=\"https:\/\/collies-vom-floersbachtal.de\/cms\/wp-content\/uploads\/2023\/05\/Jana1-am-23.-Tag-577x1024.jpg 577w, https:\/\/collies-vom-floersbachtal.de\/cms\/wp-content\/uploads\/2023\/05\/Jana1-am-23.-Tag-169x300.jpg 169w, https:\/\/collies-vom-floersbachtal.de\/cms\/wp-content\/uploads\/2023\/05\/Jana1-am-23.-Tag-768x1364.jpg 768w, https:\/\/collies-vom-floersbachtal.de\/cms\/wp-content\/uploads\/2023\/05\/Jana1-am-23.-Tag-865x1536.jpg 865w, https:\/\/collies-vom-floersbachtal.de\/cms\/wp-content\/uploads\/2023\/05\/Jana1-am-23.-Tag.jpg 1000w\" sizes=\"auto, (max-width: 577px) 100vw, 577px\" \/><\/a><figcaption class=\"wp-element-caption\">Hier seht mal meine R\u00fcckenansicht, bin doch sch\u00f6n schlank \ud83d\ude09<\/figcaption><\/figure>\n\n\n\n<figure class=\"wp-block-image size-large\"><a href=\"https:\/\/collies-vom-floersbachtal.de\/cms\/wp-content\/uploads\/2023\/05\/Jana-und-Tara1-21.-Tag-2.jpg\"><img loading=\"lazy\" decoding=\"async\" width=\"786\" height=\"1024\" data-id=\"39683\" src=\"https:\/\/collies-vom-floersbachtal.de\/cms\/wp-content\/uploads\/2023\/05\/Jana-und-Tara1-21.-Tag-2-786x1024.jpg\" alt=\"\" class=\"wp-image-39683\" srcset=\"https:\/\/collies-vom-floersbachtal.de\/cms\/wp-content\/uploads\/2023\/05\/Jana-und-Tara1-21.-Tag-2-786x1024.jpg 786w, https:\/\/collies-vom-floersbachtal.de\/cms\/wp-content\/uploads\/2023\/05\/Jana-und-Tara1-21.-Tag-2-230x300.jpg 230w, https:\/\/collies-vom-floersbachtal.de\/cms\/wp-content\/uploads\/2023\/05\/Jana-und-Tara1-21.-Tag-2-768x1000.jpg 768w, https:\/\/collies-vom-floersbachtal.de\/cms\/wp-content\/uploads\/2023\/05\/Jana-und-Tara1-21.-Tag-2.jpg 1000w\" sizes=\"auto, (max-width: 786px) 100vw, 786px\" \/><\/a><\/figure>\n\n\n\n<figure class=\"wp-block-image size-large\"><a href=\"https:\/\/collies-vom-floersbachtal.de\/cms\/wp-content\/uploads\/2023\/05\/Jana-und-Tara-nach-dem-Gassigang1-22.-Tag.jpg\"><img loading=\"lazy\" decoding=\"async\" width=\"577\" height=\"1024\" data-id=\"39682\" src=\"https:\/\/collies-vom-floersbachtal.de\/cms\/wp-content\/uploads\/2023\/05\/Jana-und-Tara-nach-dem-Gassigang1-22.-Tag-577x1024.jpg\" alt=\"\" class=\"wp-image-39682\" srcset=\"https:\/\/collies-vom-floersbachtal.de\/cms\/wp-content\/uploads\/2023\/05\/Jana-und-Tara-nach-dem-Gassigang1-22.-Tag-577x1024.jpg 577w, https:\/\/collies-vom-floersbachtal.de\/cms\/wp-content\/uploads\/2023\/05\/Jana-und-Tara-nach-dem-Gassigang1-22.-Tag-169x300.jpg 169w, https:\/\/collies-vom-floersbachtal.de\/cms\/wp-content\/uploads\/2023\/05\/Jana-und-Tara-nach-dem-Gassigang1-22.-Tag-768x1364.jpg 768w, https:\/\/collies-vom-floersbachtal.de\/cms\/wp-content\/uploads\/2023\/05\/Jana-und-Tara-nach-dem-Gassigang1-22.-Tag-865x1536.jpg 865w, https:\/\/collies-vom-floersbachtal.de\/cms\/wp-content\/uploads\/2023\/05\/Jana-und-Tara-nach-dem-Gassigang1-22.-Tag.jpg 1000w\" sizes=\"auto, (max-width: 577px) 100vw, 577px\" \/><\/a><figcaption class=\"wp-element-caption\">M\u00fcde nach dem Gassigang<\/figcaption><\/figure>\n\n\n\n<figure class=\"wp-block-image size-large\"><a href=\"https:\/\/collies-vom-floersbachtal.de\/cms\/wp-content\/uploads\/2023\/05\/Jana-und-Tara3-20.-Tag.jpg\"><img loading=\"lazy\" decoding=\"async\" width=\"662\" height=\"1024\" data-id=\"39685\" src=\"https:\/\/collies-vom-floersbachtal.de\/cms\/wp-content\/uploads\/2023\/05\/Jana-und-Tara3-20.-Tag-662x1024.jpg\" alt=\"\" class=\"wp-image-39685\" srcset=\"https:\/\/collies-vom-floersbachtal.de\/cms\/wp-content\/uploads\/2023\/05\/Jana-und-Tara3-20.-Tag-662x1024.jpg 662w, https:\/\/collies-vom-floersbachtal.de\/cms\/wp-content\/uploads\/2023\/05\/Jana-und-Tara3-20.-Tag-194x300.jpg 194w, https:\/\/collies-vom-floersbachtal.de\/cms\/wp-content\/uploads\/2023\/05\/Jana-und-Tara3-20.-Tag-768x1187.jpg 768w, https:\/\/collies-vom-floersbachtal.de\/cms\/wp-content\/uploads\/2023\/05\/Jana-und-Tara3-20.-Tag-994x1536.jpg 994w, https:\/\/collies-vom-floersbachtal.de\/cms\/wp-content\/uploads\/2023\/05\/Jana-und-Tara3-20.-Tag.jpg 1000w\" sizes=\"auto, (max-width: 662px) 100vw, 662px\" \/><\/a><figcaption class=\"wp-element-caption\">Gibts watt zu fressen??<\/figcaption><\/figure>\n<\/figure>\n\n\n\n<p><strong>09.05.23  ( 20. Tag. 3. Woche)<\/strong><\/p>\n\n\n\n<p>Huhu meine lieben Leser, heute werde ich mal wieder schreiben, Jana ist heute nicht so zum Toben, Tara mu\u00dfte einige Anl\u00e4ufe starten immer mit dem Teddy um Jana herum zu laufen, bis diese sich schlie\u00dflich im Liegen zum Kabbeln \u00fcberreden lies. Auch ist sie seeeehr anh\u00e4nglich, am liebsten m\u00f6chte sie beim Gassi gehen in meine Tasche krabbeln und alle Leckerlies auffressen die sich darin befinden. So verfressen kenne ich Jana gar nicht. Sie h\u00e4lt fast die gesamt Gassirunde ca. 2 Stunden Dauerblickkontakt zu mir. Echt s\u00fc\u00df. Schaut euch die Fotos an.  Jetzt m\u00fcssen wir noch 1 Woche warten, bis wir endlich zum Schallen fahren. Aber es sieht verd\u00e4chtig positiv aus. Also bitte weiter dr\u00fccken&#8230; \ud83d\ude00 Liebe Gr\u00fc\u00dfe auch von Jana<\/p>\n\n\n\n<figure class=\"wp-block-gallery has-nested-images columns-default is-cropped wp-block-gallery-26 is-layout-flex wp-block-gallery-is-layout-flex\">\n<figure class=\"wp-block-image size-large\"><a href=\"https:\/\/collies-vom-floersbachtal.de\/cms\/wp-content\/uploads\/2023\/05\/Jana2-19.-Tag-1.jpg\"><img loading=\"lazy\" decoding=\"async\" width=\"851\" height=\"1024\" data-id=\"39638\" src=\"https:\/\/collies-vom-floersbachtal.de\/cms\/wp-content\/uploads\/2023\/05\/Jana2-19.-Tag-1-851x1024.jpg\" alt=\"\" class=\"wp-image-39638\" srcset=\"https:\/\/collies-vom-floersbachtal.de\/cms\/wp-content\/uploads\/2023\/05\/Jana2-19.-Tag-1-851x1024.jpg 851w, https:\/\/collies-vom-floersbachtal.de\/cms\/wp-content\/uploads\/2023\/05\/Jana2-19.-Tag-1-249x300.jpg 249w, https:\/\/collies-vom-floersbachtal.de\/cms\/wp-content\/uploads\/2023\/05\/Jana2-19.-Tag-1-768x924.jpg 768w, https:\/\/collies-vom-floersbachtal.de\/cms\/wp-content\/uploads\/2023\/05\/Jana2-19.-Tag-1.jpg 1000w\" sizes=\"auto, (max-width: 851px) 100vw, 851px\" \/><\/a><figcaption class=\"wp-element-caption\">Am liebsten drau\u00dfen vor der T\u00fcr  da hat sie ihre Ruhe vor Tara<\/figcaption><\/figure>\n\n\n\n<figure class=\"wp-block-image size-large\"><a href=\"https:\/\/collies-vom-floersbachtal.de\/cms\/wp-content\/uploads\/2023\/05\/Jana-und-Tara1-20.-Tag.jpg\"><img loading=\"lazy\" decoding=\"async\" width=\"856\" height=\"1024\" data-id=\"39640\" src=\"https:\/\/collies-vom-floersbachtal.de\/cms\/wp-content\/uploads\/2023\/05\/Jana-und-Tara1-20.-Tag-856x1024.jpg\" alt=\"\" class=\"wp-image-39640\" srcset=\"https:\/\/collies-vom-floersbachtal.de\/cms\/wp-content\/uploads\/2023\/05\/Jana-und-Tara1-20.-Tag-856x1024.jpg 856w, https:\/\/collies-vom-floersbachtal.de\/cms\/wp-content\/uploads\/2023\/05\/Jana-und-Tara1-20.-Tag-251x300.jpg 251w, https:\/\/collies-vom-floersbachtal.de\/cms\/wp-content\/uploads\/2023\/05\/Jana-und-Tara1-20.-Tag-768x919.jpg 768w, https:\/\/collies-vom-floersbachtal.de\/cms\/wp-content\/uploads\/2023\/05\/Jana-und-Tara1-20.-Tag.jpg 1000w\" sizes=\"auto, (max-width: 856px) 100vw, 856px\" \/><\/a><figcaption class=\"wp-element-caption\">Tara gibt sich die gr\u00f6\u00dfte M\u00fche Jana zu annimieren<\/figcaption><\/figure>\n\n\n\n<figure class=\"wp-block-image size-large\"><a href=\"https:\/\/collies-vom-floersbachtal.de\/cms\/wp-content\/uploads\/2023\/05\/Jana-und-Tara2-20.-Tag.jpg\"><img loading=\"lazy\" decoding=\"async\" width=\"831\" height=\"1024\" data-id=\"39641\" src=\"https:\/\/collies-vom-floersbachtal.de\/cms\/wp-content\/uploads\/2023\/05\/Jana-und-Tara2-20.-Tag-831x1024.jpg\" alt=\"\" class=\"wp-image-39641\" srcset=\"https:\/\/collies-vom-floersbachtal.de\/cms\/wp-content\/uploads\/2023\/05\/Jana-und-Tara2-20.-Tag-831x1024.jpg 831w, https:\/\/collies-vom-floersbachtal.de\/cms\/wp-content\/uploads\/2023\/05\/Jana-und-Tara2-20.-Tag-244x300.jpg 244w, https:\/\/collies-vom-floersbachtal.de\/cms\/wp-content\/uploads\/2023\/05\/Jana-und-Tara2-20.-Tag-768x946.jpg 768w, https:\/\/collies-vom-floersbachtal.de\/cms\/wp-content\/uploads\/2023\/05\/Jana-und-Tara2-20.-Tag.jpg 1000w\" sizes=\"auto, (max-width: 831px) 100vw, 831px\" \/><\/a><\/figure>\n\n\n\n<figure class=\"wp-block-image size-large\"><a href=\"https:\/\/collies-vom-floersbachtal.de\/cms\/wp-content\/uploads\/2023\/05\/Jana1-20.-Tag.jpg\"><img loading=\"lazy\" decoding=\"async\" width=\"577\" height=\"1024\" data-id=\"39639\" src=\"https:\/\/collies-vom-floersbachtal.de\/cms\/wp-content\/uploads\/2023\/05\/Jana1-20.-Tag-577x1024.jpg\" alt=\"\" class=\"wp-image-39639\" srcset=\"https:\/\/collies-vom-floersbachtal.de\/cms\/wp-content\/uploads\/2023\/05\/Jana1-20.-Tag-577x1024.jpg 577w, https:\/\/collies-vom-floersbachtal.de\/cms\/wp-content\/uploads\/2023\/05\/Jana1-20.-Tag-169x300.jpg 169w, https:\/\/collies-vom-floersbachtal.de\/cms\/wp-content\/uploads\/2023\/05\/Jana1-20.-Tag-768x1364.jpg 768w, https:\/\/collies-vom-floersbachtal.de\/cms\/wp-content\/uploads\/2023\/05\/Jana1-20.-Tag-865x1536.jpg 865w, https:\/\/collies-vom-floersbachtal.de\/cms\/wp-content\/uploads\/2023\/05\/Jana1-20.-Tag.jpg 1000w\" sizes=\"auto, (max-width: 577px) 100vw, 577px\" \/><\/a><figcaption class=\"wp-element-caption\">Ich mag nicht Toben mir ist schlecht<\/figcaption><\/figure>\n<\/figure>\n\n\n\n<p><strong>05.05.2023  ( 16.Tag 3. Woche)<\/strong><\/p>\n\n\n\n<p>Hallo ihr Lieben, heute schreibe ich euch mal ganz alleine, Frauli ist noch etwas sehr traurig, ihre geliebte Ginger ist ja diese Woche verstorben \ud83d\ude41 <\/p>\n\n\n\n<p>Aber bei mir sieht alles sehr gut aus, bin verfressen wie noch nie, Toben ist auch im Moment nicht so mein Ding, aber H\u00fcten tue ich immer noch sehr gut, aber die Bella meine Freundin ist so schnell, da habe ich Probleme sie wieder einzufangen&#8230; aber wenn ich sie dann schnappe dann ist sie reif, dann lasse ich  mich auch von nichts abbringen sie zur\u00fcck zu holen. Frauli lobt mich dann auch immer ganz doll. Ansonsten bin ich oft sehr m\u00fcde, versuche Frauli zu tr\u00f6sten und kaue gerne alleine im Garten meinen Knochen. \ud83d\ude42 Jetzt haben wir ja auch nur noch 11 Tage bis Frauli mit mir zum Schallen geht. Ach \u00fcbrigens Frauli hat mich mit dem durchgekauten Ma\u00dfband gemessen, wer das wohl war??? <strong>Taille 61 cm (+ 2cm) und an den Rippen 79 cm<\/strong>  <strong>(+ 1cm).<\/strong>  Aber ich sag jetzt nix mehr. Dr\u00fcckt ihr bitte weiter die Daumen, damit Frauli ihre Ablenkung durch meine Kr\u00fcmel bekommt? Ganz liebe Gr\u00fc\u00dfe eure Jana \ud83d\ude1b<\/p>\n\n\n\n<figure class=\"wp-block-gallery has-nested-images columns-default is-cropped wp-block-gallery-27 is-layout-flex wp-block-gallery-is-layout-flex\">\n<figure class=\"wp-block-image size-large\"><a href=\"https:\/\/collies-vom-floersbachtal.de\/cms\/wp-content\/uploads\/2023\/05\/Jana5-April23.jpg\"><img loading=\"lazy\" decoding=\"async\" width=\"721\" height=\"1024\" data-id=\"39595\" src=\"https:\/\/collies-vom-floersbachtal.de\/cms\/wp-content\/uploads\/2023\/05\/Jana5-April23-721x1024.jpg\" alt=\"\" class=\"wp-image-39595\" srcset=\"https:\/\/collies-vom-floersbachtal.de\/cms\/wp-content\/uploads\/2023\/05\/Jana5-April23-721x1024.jpg 721w, https:\/\/collies-vom-floersbachtal.de\/cms\/wp-content\/uploads\/2023\/05\/Jana5-April23-211x300.jpg 211w, https:\/\/collies-vom-floersbachtal.de\/cms\/wp-content\/uploads\/2023\/05\/Jana5-April23-768x1091.jpg 768w, https:\/\/collies-vom-floersbachtal.de\/cms\/wp-content\/uploads\/2023\/05\/Jana5-April23.jpg 1000w\" sizes=\"auto, (max-width: 721px) 100vw, 721px\" \/><\/a><\/figure>\n\n\n\n<figure class=\"wp-block-image size-large\"><a href=\"https:\/\/collies-vom-floersbachtal.de\/cms\/wp-content\/uploads\/2023\/05\/Jana1-letzte-nacht-1.jpg\"><img loading=\"lazy\" decoding=\"async\" width=\"800\" height=\"681\" data-id=\"39593\" src=\"https:\/\/collies-vom-floersbachtal.de\/cms\/wp-content\/uploads\/2023\/05\/Jana1-letzte-nacht-1.jpg\" alt=\"\" class=\"wp-image-39593\" srcset=\"https:\/\/collies-vom-floersbachtal.de\/cms\/wp-content\/uploads\/2023\/05\/Jana1-letzte-nacht-1.jpg 800w, https:\/\/collies-vom-floersbachtal.de\/cms\/wp-content\/uploads\/2023\/05\/Jana1-letzte-nacht-1-300x255.jpg 300w, https:\/\/collies-vom-floersbachtal.de\/cms\/wp-content\/uploads\/2023\/05\/Jana1-letzte-nacht-1-768x654.jpg 768w\" sizes=\"auto, (max-width: 800px) 100vw, 800px\" \/><\/a><\/figure>\n\n\n\n<figure class=\"wp-block-image size-large\"><a href=\"https:\/\/collies-vom-floersbachtal.de\/cms\/wp-content\/uploads\/2023\/05\/Jana3-April23.jpg\"><img loading=\"lazy\" decoding=\"async\" width=\"809\" height=\"1024\" data-id=\"39596\" src=\"https:\/\/collies-vom-floersbachtal.de\/cms\/wp-content\/uploads\/2023\/05\/Jana3-April23-809x1024.jpg\" alt=\"\" class=\"wp-image-39596\" srcset=\"https:\/\/collies-vom-floersbachtal.de\/cms\/wp-content\/uploads\/2023\/05\/Jana3-April23-809x1024.jpg 809w, https:\/\/collies-vom-floersbachtal.de\/cms\/wp-content\/uploads\/2023\/05\/Jana3-April23-237x300.jpg 237w, https:\/\/collies-vom-floersbachtal.de\/cms\/wp-content\/uploads\/2023\/05\/Jana3-April23-768x972.jpg 768w, https:\/\/collies-vom-floersbachtal.de\/cms\/wp-content\/uploads\/2023\/05\/Jana3-April23.jpg 1000w\" sizes=\"auto, (max-width: 809px) 100vw, 809px\" \/><\/a><\/figure>\n\n\n\n<figure class=\"wp-block-image size-large\"><a href=\"https:\/\/collies-vom-floersbachtal.de\/cms\/wp-content\/uploads\/2023\/05\/Jana1-Mai23.jpg\"><img loading=\"lazy\" decoding=\"async\" width=\"1024\" height=\"627\" data-id=\"39597\" src=\"https:\/\/collies-vom-floersbachtal.de\/cms\/wp-content\/uploads\/2023\/05\/Jana1-Mai23-1024x627.jpg\" alt=\"\" class=\"wp-image-39597\" srcset=\"https:\/\/collies-vom-floersbachtal.de\/cms\/wp-content\/uploads\/2023\/05\/Jana1-Mai23-1024x627.jpg 1024w, https:\/\/collies-vom-floersbachtal.de\/cms\/wp-content\/uploads\/2023\/05\/Jana1-Mai23-300x184.jpg 300w, https:\/\/collies-vom-floersbachtal.de\/cms\/wp-content\/uploads\/2023\/05\/Jana1-Mai23-768x470.jpg 768w, https:\/\/collies-vom-floersbachtal.de\/cms\/wp-content\/uploads\/2023\/05\/Jana1-Mai23-1536x941.jpg 1536w, https:\/\/collies-vom-floersbachtal.de\/cms\/wp-content\/uploads\/2023\/05\/Jana1-Mai23.jpg 1675w\" sizes=\"auto, (max-width: 1024px) 100vw, 1024px\" \/><\/a><\/figure>\n<\/figure>\n\n\n\n<p><strong>30.04.2023  (11. Tag 2. Woche)<\/strong> <\/p>\n\n\n\n<p>Huhu meine lieben Fans, wollte euch mal wieder einen klitze kleinen Zwischenbericht, oder von meinen Schandtaten berichten. Also, Frauli hatte Besuch und die hatten sich einen gem\u00fctlichen Abend gemacht mit leckerem K\u00e4se ect. pp. Tja was soll ich sagen, als der Besuch ging und Frauli wieder rein kam war der Rest K\u00e4se einfach weg. Pst nicht verraten, aber der war so lecker und zum Gl\u00fcck hatte Frauli schon den Rand abgeschnitten. \ud83d\ude00 Genauso war es als Frauli beim Fernsehen gucken war und die leckeren M\u00f6hren so alleine auf ihrem Brettchen lagen, ja was soll ich denn machen, wenn die mir beim vorbei gehen einfach so ins Maul h\u00fcpfen ??? Ich denke das steht mir zu, schlie\u00dflich hab ich gaaaanz viel Hunger&#8230;Wenn ich da  mal nicht zuviel verraten habe. \ud83d\ude09<\/p>\n\n\n\n<figure class=\"wp-block-image size-large is-style-rounded\"><a href=\"https:\/\/collies-vom-floersbachtal.de\/cms\/wp-content\/uploads\/2023\/04\/Jana1-nachdem-sie-tara-geholt-hatte-scaled.jpg\"><img loading=\"lazy\" decoding=\"async\" width=\"1024\" height=\"677\" src=\"https:\/\/collies-vom-floersbachtal.de\/cms\/wp-content\/uploads\/2023\/04\/Jana1-nachdem-sie-tara-geholt-hatte-1024x677.jpg\" alt=\"\" class=\"wp-image-39507\" srcset=\"https:\/\/collies-vom-floersbachtal.de\/cms\/wp-content\/uploads\/2023\/04\/Jana1-nachdem-sie-tara-geholt-hatte-1024x677.jpg 1024w, https:\/\/collies-vom-floersbachtal.de\/cms\/wp-content\/uploads\/2023\/04\/Jana1-nachdem-sie-tara-geholt-hatte-300x198.jpg 300w, https:\/\/collies-vom-floersbachtal.de\/cms\/wp-content\/uploads\/2023\/04\/Jana1-nachdem-sie-tara-geholt-hatte-768x508.jpg 768w, https:\/\/collies-vom-floersbachtal.de\/cms\/wp-content\/uploads\/2023\/04\/Jana1-nachdem-sie-tara-geholt-hatte-1536x1016.jpg 1536w, https:\/\/collies-vom-floersbachtal.de\/cms\/wp-content\/uploads\/2023\/04\/Jana1-nachdem-sie-tara-geholt-hatte-2048x1355.jpg 2048w\" sizes=\"auto, (max-width: 1024px) 100vw, 1024px\" \/><\/a><\/figure>\n\n\n\n<figure class=\"wp-block-gallery has-nested-images columns-default is-cropped wp-block-gallery-28 is-layout-flex wp-block-gallery-is-layout-flex\">\n<figure class=\"wp-block-image size-large\"><a href=\"https:\/\/collies-vom-floersbachtal.de\/cms\/wp-content\/uploads\/2023\/04\/Jana-und-Tara1-Ende-April23.jpg\"><img loading=\"lazy\" decoding=\"async\" width=\"800\" height=\"762\" data-id=\"39508\" src=\"https:\/\/collies-vom-floersbachtal.de\/cms\/wp-content\/uploads\/2023\/04\/Jana-und-Tara1-Ende-April23.jpg\" alt=\"\" class=\"wp-image-39508\" srcset=\"https:\/\/collies-vom-floersbachtal.de\/cms\/wp-content\/uploads\/2023\/04\/Jana-und-Tara1-Ende-April23.jpg 800w, https:\/\/collies-vom-floersbachtal.de\/cms\/wp-content\/uploads\/2023\/04\/Jana-und-Tara1-Ende-April23-300x286.jpg 300w, https:\/\/collies-vom-floersbachtal.de\/cms\/wp-content\/uploads\/2023\/04\/Jana-und-Tara1-Ende-April23-768x732.jpg 768w\" sizes=\"auto, (max-width: 800px) 100vw, 800px\" \/><\/a><\/figure>\n\n\n\n<figure class=\"wp-block-image size-large\"><a href=\"https:\/\/collies-vom-floersbachtal.de\/cms\/wp-content\/uploads\/2023\/04\/Jana2-Ende-April23-scaled.jpg\"><img loading=\"lazy\" decoding=\"async\" width=\"842\" height=\"1024\" data-id=\"39509\" src=\"https:\/\/collies-vom-floersbachtal.de\/cms\/wp-content\/uploads\/2023\/04\/Jana2-Ende-April23-842x1024.jpg\" alt=\"\" class=\"wp-image-39509\" srcset=\"https:\/\/collies-vom-floersbachtal.de\/cms\/wp-content\/uploads\/2023\/04\/Jana2-Ende-April23-842x1024.jpg 842w, https:\/\/collies-vom-floersbachtal.de\/cms\/wp-content\/uploads\/2023\/04\/Jana2-Ende-April23-247x300.jpg 247w, https:\/\/collies-vom-floersbachtal.de\/cms\/wp-content\/uploads\/2023\/04\/Jana2-Ende-April23-768x934.jpg 768w, https:\/\/collies-vom-floersbachtal.de\/cms\/wp-content\/uploads\/2023\/04\/Jana2-Ende-April23-1262x1536.jpg 1262w, https:\/\/collies-vom-floersbachtal.de\/cms\/wp-content\/uploads\/2023\/04\/Jana2-Ende-April23-1683x2048.jpg 1683w\" sizes=\"auto, (max-width: 842px) 100vw, 842px\" \/><\/a><\/figure>\n<\/figure>\n\n\n\n<p><strong>27.04.2023 (6. Tag 1. Woche)<\/strong><br>Hallo meine lieben Leser, wir wollten euch mal einen kleinen Zwischenbericht schicken. Wie Ihr auch auf den Bildern sehen k\u00f6nnt, bin ich sehr auf Frauli fokossiert und seeeeeehr anh\u00e4nglich. Was sich auch beim Spielen mit meinem Kumpel Bacon bemerkbar macht, denn ich habe im Moment nicht so die Lust zum Toben. Viel lieber ist Kuscheln angesagt!!!<\/p>\n\n\n\n<p>Morgen gehe ich ja auch schon in die 2. Woche und wenn alles nach Plan l\u00e4uft sagt Frauli dann  wandern die kleinen befruchteten Eizellen (die mal kleine s\u00fc\u00dfe Monster werden sollen) zu meinem Geb\u00e4rmutterhals was mich recht m\u00fcde macht, ebenso wie das Fr\u00fchlingswetter \ud83d\ude1b Nun sagen wir f\u00fcr heute Tsch\u00fc\u00df und bis bald, bitte immer flei\u00dfig die Daumen dr\u00fccken. \ud83d\ude00 Eure Janaki <\/p>\n\n\n\n<figure class=\"wp-block-gallery has-nested-images columns-default is-cropped wp-block-gallery-29 is-layout-flex wp-block-gallery-is-layout-flex\">\n<figure class=\"wp-block-image size-large\"><a href=\"https:\/\/collies-vom-floersbachtal.de\/cms\/wp-content\/uploads\/2023\/04\/Tara-und-Jana3-April23.jpg\"><img loading=\"lazy\" decoding=\"async\" width=\"947\" height=\"1024\" data-id=\"39468\" src=\"https:\/\/collies-vom-floersbachtal.de\/cms\/wp-content\/uploads\/2023\/04\/Tara-und-Jana3-April23-947x1024.jpg\" alt=\"\" class=\"wp-image-39468\" srcset=\"https:\/\/collies-vom-floersbachtal.de\/cms\/wp-content\/uploads\/2023\/04\/Tara-und-Jana3-April23-947x1024.jpg 947w, https:\/\/collies-vom-floersbachtal.de\/cms\/wp-content\/uploads\/2023\/04\/Tara-und-Jana3-April23-278x300.jpg 278w, https:\/\/collies-vom-floersbachtal.de\/cms\/wp-content\/uploads\/2023\/04\/Tara-und-Jana3-April23-768x830.jpg 768w, https:\/\/collies-vom-floersbachtal.de\/cms\/wp-content\/uploads\/2023\/04\/Tara-und-Jana3-April23.jpg 1000w\" sizes=\"auto, (max-width: 947px) 100vw, 947px\" \/><\/a><\/figure>\n\n\n\n<figure class=\"wp-block-image size-large\"><a href=\"https:\/\/collies-vom-floersbachtal.de\/cms\/wp-content\/uploads\/2023\/04\/Alle3-unterwegs2-April23.jpg\"><img loading=\"lazy\" decoding=\"async\" width=\"1000\" height=\"687\" data-id=\"39470\" src=\"https:\/\/collies-vom-floersbachtal.de\/cms\/wp-content\/uploads\/2023\/04\/Alle3-unterwegs2-April23.jpg\" alt=\"\" class=\"wp-image-39470\" srcset=\"https:\/\/collies-vom-floersbachtal.de\/cms\/wp-content\/uploads\/2023\/04\/Alle3-unterwegs2-April23.jpg 1000w, https:\/\/collies-vom-floersbachtal.de\/cms\/wp-content\/uploads\/2023\/04\/Alle3-unterwegs2-April23-300x206.jpg 300w, https:\/\/collies-vom-floersbachtal.de\/cms\/wp-content\/uploads\/2023\/04\/Alle3-unterwegs2-April23-768x528.jpg 768w\" sizes=\"auto, (max-width: 1000px) 100vw, 1000px\" \/><\/a><\/figure>\n\n\n\n<figure class=\"wp-block-image size-large\"><a href=\"https:\/\/collies-vom-floersbachtal.de\/cms\/wp-content\/uploads\/2023\/04\/Tara-und-Jana2-April23.jpg\"><img loading=\"lazy\" decoding=\"async\" width=\"951\" height=\"1024\" data-id=\"39469\" src=\"https:\/\/collies-vom-floersbachtal.de\/cms\/wp-content\/uploads\/2023\/04\/Tara-und-Jana2-April23-951x1024.jpg\" alt=\"\" class=\"wp-image-39469\" srcset=\"https:\/\/collies-vom-floersbachtal.de\/cms\/wp-content\/uploads\/2023\/04\/Tara-und-Jana2-April23-951x1024.jpg 951w, https:\/\/collies-vom-floersbachtal.de\/cms\/wp-content\/uploads\/2023\/04\/Tara-und-Jana2-April23-279x300.jpg 279w, https:\/\/collies-vom-floersbachtal.de\/cms\/wp-content\/uploads\/2023\/04\/Tara-und-Jana2-April23-768x827.jpg 768w, https:\/\/collies-vom-floersbachtal.de\/cms\/wp-content\/uploads\/2023\/04\/Tara-und-Jana2-April23.jpg 1000w\" sizes=\"auto, (max-width: 951px) 100vw, 951px\" \/><\/a><\/figure>\n\n\n\n<figure class=\"wp-block-image size-large\"><a href=\"https:\/\/collies-vom-floersbachtal.de\/cms\/wp-content\/uploads\/2023\/04\/Jana1-5.-Tag-nach-Bedeckung.jpg\"><img loading=\"lazy\" decoding=\"async\" width=\"1024\" height=\"728\" data-id=\"39471\" src=\"https:\/\/collies-vom-floersbachtal.de\/cms\/wp-content\/uploads\/2023\/04\/Jana1-5.-Tag-nach-Bedeckung-1024x728.jpg\" alt=\"\" class=\"wp-image-39471\" srcset=\"https:\/\/collies-vom-floersbachtal.de\/cms\/wp-content\/uploads\/2023\/04\/Jana1-5.-Tag-nach-Bedeckung-1024x728.jpg 1024w, https:\/\/collies-vom-floersbachtal.de\/cms\/wp-content\/uploads\/2023\/04\/Jana1-5.-Tag-nach-Bedeckung-300x213.jpg 300w, https:\/\/collies-vom-floersbachtal.de\/cms\/wp-content\/uploads\/2023\/04\/Jana1-5.-Tag-nach-Bedeckung-768x546.jpg 768w, https:\/\/collies-vom-floersbachtal.de\/cms\/wp-content\/uploads\/2023\/04\/Jana1-5.-Tag-nach-Bedeckung-1536x1091.jpg 1536w, https:\/\/collies-vom-floersbachtal.de\/cms\/wp-content\/uploads\/2023\/04\/Jana1-5.-Tag-nach-Bedeckung-2048x1455.jpg 2048w\" sizes=\"auto, (max-width: 1024px) 100vw, 1024px\" \/><\/a><\/figure>\n\n\n\n<figure class=\"wp-block-image size-large\"><a href=\"https:\/\/collies-vom-floersbachtal.de\/cms\/wp-content\/uploads\/2023\/04\/Jana-und-Tara1-7.-Tag-nach-Bedeckung.jpg\"><img loading=\"lazy\" decoding=\"async\" width=\"1000\" height=\"583\" data-id=\"39467\" src=\"https:\/\/collies-vom-floersbachtal.de\/cms\/wp-content\/uploads\/2023\/04\/Jana-und-Tara1-7.-Tag-nach-Bedeckung.jpg\" alt=\"\" class=\"wp-image-39467\" srcset=\"https:\/\/collies-vom-floersbachtal.de\/cms\/wp-content\/uploads\/2023\/04\/Jana-und-Tara1-7.-Tag-nach-Bedeckung.jpg 1000w, https:\/\/collies-vom-floersbachtal.de\/cms\/wp-content\/uploads\/2023\/04\/Jana-und-Tara1-7.-Tag-nach-Bedeckung-300x175.jpg 300w, https:\/\/collies-vom-floersbachtal.de\/cms\/wp-content\/uploads\/2023\/04\/Jana-und-Tara1-7.-Tag-nach-Bedeckung-768x448.jpg 768w\" sizes=\"auto, (max-width: 1000px) 100vw, 1000px\" \/><\/a><\/figure>\n<\/figure>\n\n\n\n<figure class=\"wp-block-gallery has-nested-images columns-default is-cropped wp-block-gallery-30 is-layout-flex wp-block-gallery-is-layout-flex\">\n<figure class=\"wp-block-image size-full\"><a href=\"https:\/\/collies-vom-floersbachtal.de\/cms\/wp-content\/uploads\/2023\/04\/Hochzeit-Jana-und-Odinn10.jpg\"><img loading=\"lazy\" decoding=\"async\" width=\"1000\" height=\"554\" data-id=\"39473\" src=\"https:\/\/collies-vom-floersbachtal.de\/cms\/wp-content\/uploads\/2023\/04\/Hochzeit-Jana-und-Odinn10.jpg\" alt=\"\" class=\"wp-image-39473\" srcset=\"https:\/\/collies-vom-floersbachtal.de\/cms\/wp-content\/uploads\/2023\/04\/Hochzeit-Jana-und-Odinn10.jpg 1000w, https:\/\/collies-vom-floersbachtal.de\/cms\/wp-content\/uploads\/2023\/04\/Hochzeit-Jana-und-Odinn10-300x166.jpg 300w, https:\/\/collies-vom-floersbachtal.de\/cms\/wp-content\/uploads\/2023\/04\/Hochzeit-Jana-und-Odinn10-768x425.jpg 768w\" sizes=\"auto, (max-width: 1000px) 100vw, 1000px\" \/><\/a><\/figure>\n<\/figure>\n\n\n\n<p><strong>20.04.2023 (1. Tag 1. Woche<\/strong><\/p>\n\n\n\n<p>Ihr k\u00f6nnt euch gar nicht vorstellen wie sehr  sich mein Frauli freut, dabei bekomme ja wohl, wenn alles klappt, ICH hier die  Kr\u00fcmel \ud83d\ude09 Aber so ist sie nun mal. \ud83d\ude42 Wir hatten eine recht lange Fahrt zu meinem Auserw\u00e4hlten&#8230; aber es hat sich gelohnt, er ist ein sehr charmanter lieber und vor allem bet\u00f6rend h\u00fcbscher Kerl mit dem n\u00f6tigen Etwas, denn bei mir mu\u00df man sich durchsetzten, wenn ihr versteht was ich meine \ud83d\ude00<\/p>\n\n\n\n<figure class=\"wp-block-image size-full\"><a href=\"https:\/\/collies-vom-floersbachtal.de\/cms\/wp-content\/uploads\/2023\/04\/Jana-und-Odinn2-April23.jpg\"><img loading=\"lazy\" decoding=\"async\" width=\"1000\" height=\"390\" src=\"https:\/\/collies-vom-floersbachtal.de\/cms\/wp-content\/uploads\/2023\/04\/Jana-und-Odinn2-April23.jpg\" alt=\"\" class=\"wp-image-39421\" srcset=\"https:\/\/collies-vom-floersbachtal.de\/cms\/wp-content\/uploads\/2023\/04\/Jana-und-Odinn2-April23.jpg 1000w, https:\/\/collies-vom-floersbachtal.de\/cms\/wp-content\/uploads\/2023\/04\/Jana-und-Odinn2-April23-300x117.jpg 300w, https:\/\/collies-vom-floersbachtal.de\/cms\/wp-content\/uploads\/2023\/04\/Jana-und-Odinn2-April23-768x300.jpg 768w\" sizes=\"auto, (max-width: 1000px) 100vw, 1000px\" \/><\/a><\/figure>\n\n\n\n<p>Aber nun m\u00fcssen wir wieder eine etwas l\u00e4ngere Wartezeit einlegen, denn ihr wi\u00dft ja, erst in ca. 4 Wochen gibt es ein Schallbild von meinem Bauch. Frauli hat vorsorglich meine Ma\u00dfe genommen:  <strong>Taille 59 cm und an den Rippen 78 cm, mein Gewicht liegt bei 28 kg<\/strong>.  Also macht es euch gem\u00fctlich und habt Geduld. Bitte das Daumen dr\u00fccken nicht vergessen!!! Liebe Gr\u00fc\u00dfe  eure Janaki \ud83d\ude1b<\/p>\n\n\n\n<figure class=\"wp-block-image size-full is-style-rounded\"><a href=\"https:\/\/collies-vom-floersbachtal.de\/cms\/wp-content\/uploads\/2023\/04\/Hochzeit-Jana-und-Odinn1.jpg\"><img loading=\"lazy\" decoding=\"async\" width=\"1000\" height=\"893\" src=\"https:\/\/collies-vom-floersbachtal.de\/cms\/wp-content\/uploads\/2023\/04\/Hochzeit-Jana-und-Odinn1.jpg\" alt=\"\" class=\"wp-image-39420\" srcset=\"https:\/\/collies-vom-floersbachtal.de\/cms\/wp-content\/uploads\/2023\/04\/Hochzeit-Jana-und-Odinn1.jpg 1000w, https:\/\/collies-vom-floersbachtal.de\/cms\/wp-content\/uploads\/2023\/04\/Hochzeit-Jana-und-Odinn1-300x268.jpg 300w, https:\/\/collies-vom-floersbachtal.de\/cms\/wp-content\/uploads\/2023\/04\/Hochzeit-Jana-und-Odinn1-768x686.jpg 768w\" sizes=\"auto, (max-width: 1000px) 100vw, 1000px\" \/><\/a><\/figure>\n\n\n\n<p>Wer mag kann hier ein wenig st\u00f6bern, was bei mir im Bauch so los ist \ud83d\ude09 : <a href=\"https:\/\/collies-vom-floersbachtal.de\/?page_id=10275\"><strong>Vorgeburtliche Entwicklung der Welpen<\/strong><\/a>.<\/p>\n","protected":false},"excerpt":{"rendered":"<p>20.06.23 (62. Tag 9. Woche) Hallihallo meine lieben Freunde, melde mich mal zu einem kleinen Zwischenbericht von unserer Geburtstags &#8211; und beginnender Babyparty. Also nachdem wir die Nacht gut durchgemacht hatten und nun die ersten Morgenstunden unseren Schlafmangel wieder etwas &hellip; <a href=\"https:\/\/collies-vom-floersbachtal.de\/?page_id=37171\">Weiterlesen <span class=\"meta-nav\">&rarr;<\/span><\/a><\/p>\n","protected":false},"author":1,"featured_media":0,"parent":0,"menu_order":0,"comment_status":"closed","ping_status":"closed","template":"","meta":{"footnotes":""},"class_list":["post-37171","page","type-page","status-publish","hentry"],"_links":{"self":[{"href":"https:\/\/collies-vom-floersbachtal.de\/index.php?rest_route=\/wp\/v2\/pages\/37171","targetHints":{"allow":["GET"]}}],"collection":[{"href":"https:\/\/collies-vom-floersbachtal.de\/index.php?rest_route=\/wp\/v2\/pages"}],"about":[{"href":"https:\/\/collies-vom-floersbachtal.de\/index.php?rest_route=\/wp\/v2\/types\/page"}],"author":[{"embeddable":true,"href":"https:\/\/collies-vom-floersbachtal.de\/index.php?rest_route=\/wp\/v2\/users\/1"}],"replies":[{"embeddable":true,"href":"https:\/\/collies-vom-floersbachtal.de\/index.php?rest_route=%2Fwp%2Fv2%2Fcomments&post=37171"}],"version-history":[{"count":78,"href":"https:\/\/collies-vom-floersbachtal.de\/index.php?rest_route=\/wp\/v2\/pages\/37171\/revisions"}],"predecessor-version":[{"id":45217,"href":"https:\/\/collies-vom-floersbachtal.de\/index.php?rest_route=\/wp\/v2\/pages\/37171\/revisions\/45217"}],"wp:attachment":[{"href":"https:\/\/collies-vom-floersbachtal.de\/index.php?rest_route=%2Fwp%2Fv2%2Fmedia&parent=37171"}],"curies":[{"name":"wp","href":"https:\/\/api.w.org\/{rel}","templated":true}]}}