{"id":35175,"date":"2022-05-12T11:36:21","date_gmt":"2022-05-12T11:36:21","guid":{"rendered":"https:\/\/collies-vom-floersbachtal.de\/?page_id=35175"},"modified":"2024-11-11T16:43:13","modified_gmt":"2024-11-11T16:43:13","slug":"welpen-k-wurf","status":"publish","type":"page","link":"https:\/\/collies-vom-floersbachtal.de\/?page_id=35175","title":{"rendered":"Welpen K &#8211; Wurf"},"content":{"rendered":"\n<h1 class=\"wp-block-heading\"><strong>Alle Kr\u00fcmel sind vergeben!!!<\/strong><\/h1>\n\n\n\n<h1 class=\"wp-block-heading\"><strong>Ich bedanke mich als Z\u00fcchter nochmal bei allen Welpenk\u00e4ufer f\u00fcr das mir entgegen-gebrachte Vertrauen. Und w\u00fcnsche viel Spa\u00df und Freunde, sowie Gesundheit und ein langes Leben mit den kleinen Langnasen.<\/strong> <strong>\ud83d\ude42<\/strong><\/h1>\n\n\n\n<p><strong>J\u00e4\u00e4\u00e4\u00e4h, meine kleine Tara hat den gr\u00f6\u00dften Wurf ever geschafft, ich bin \u00fcberg\u00fccklich die kleinen K-chens sind am 06. + 07.07.2022 geboren. \ud83d\ude42<\/strong><\/p>\n\n\n\n<p>Um 19.30 Uhr  begann unsere gemeinsame, aufregende Reise und am Morgen des 07.07 um 6:30 Uhr endete sie&#8230; dachte ich.  Aber wir hatten noch eine kleine Nachz\u00fcglerin, die sich v\u00f6llig alleine auf den gro\u00dfen Auszug machte und mich ziemlich \u00fcberraschte. \ud83d\ude42 <\/p>\n\n\n\n<p>W\u00fcnsche k\u00f6nnen doch wahr werden, nach Nr. 7 hatte ich mir n\u00e4mlich noch 2 Dark-Sables M\u00e4uschen gew\u00fcnscht, das dann sogar 3 M\u00e4dels kamen ist doch mehr als ein Traum. \ud83d\ude00<\/p>\n\n\n\n<p>Es sind: 1\/0 Tricolor\/White, 2\/1 CHW Trico Marken, 1\/0 CHW Sable-Merl, 0\/1 CHW Blue-Merl, 0\/2 Dark-Sable \/White, 0\/2 CHW Dark- Sable. 10 Kr\u00fcmel mehr im Fl\u00f6rsbachtal. Hammer!!!<\/p>\n\n\n\n<p>Die stolzen Eltern sind: <\/p>\n\n\n\n<h1 class=\"wp-block-heading\" id=\"tara-my-unique-hanni-saphira-geb-11-11-2019-57-cm-22-kg-dark-sable-white\"><strong>Tara &#8222;My Unique Hanni Saphira&#8220;, geb. 11.11.2019, 56 cm , 24 kg Dark-Sable\/White<\/strong><\/h1>\n\n\n\n<p><strong>MDR1&nbsp; &nbsp; &nbsp; &nbsp; &nbsp; &nbsp; &nbsp; &nbsp; &nbsp; &nbsp; &nbsp; &nbsp; &nbsp; &nbsp; &nbsp; &nbsp; &nbsp; +\/+&nbsp; non carrier&nbsp; (Laboklin)<\/strong><\/p>\n\n\n\n<p><strong>CEA&nbsp; &nbsp; &nbsp; &nbsp; &nbsp; &nbsp; &nbsp; &nbsp; &nbsp; &nbsp; &nbsp; &nbsp; &nbsp; &nbsp; &nbsp; &nbsp; &nbsp; &nbsp; &nbsp; +\/+&nbsp; non carrier (Laboklin)<\/strong><\/p>\n\n\n\n<p><strong>CEA &nbsp;klinisch frei, genetisch +\/+ non carrier (Laboklin)<\/strong><\/p>\n\n\n\n<p><strong>PRA&nbsp; &nbsp; &nbsp; &nbsp; &nbsp; &nbsp; &nbsp; &nbsp; &nbsp; &nbsp; &nbsp; &nbsp; &nbsp; &nbsp; &nbsp; &nbsp; &nbsp; &nbsp; N\/N&nbsp; non carrier (Laboklin)<\/strong><\/p>\n\n\n\n<p><strong>DM&nbsp; &nbsp; &nbsp; &nbsp; &nbsp; &nbsp; &nbsp; &nbsp; &nbsp; &nbsp; &nbsp; &nbsp; &nbsp; &nbsp; &nbsp; &nbsp; &nbsp; &nbsp; &nbsp; +\/-&nbsp; &nbsp;carrier&nbsp; &nbsp; &nbsp; &nbsp; &nbsp; (Laboklin)<\/strong><\/p>\n\n\n\n<p><strong>GCS&nbsp; &nbsp; &nbsp; &nbsp; &nbsp; &nbsp; &nbsp; &nbsp; &nbsp; &nbsp; &nbsp; &nbsp; &nbsp; &nbsp; &nbsp; &nbsp; &nbsp; &nbsp; N\/N non carrier&nbsp; (Labogen)<\/strong><\/p>\n\n\n\n<p><strong>IPD&nbsp; &nbsp; &nbsp; &nbsp; &nbsp; &nbsp; &nbsp; &nbsp; &nbsp; &nbsp; &nbsp; &nbsp; &nbsp; &nbsp; &nbsp; &nbsp; &nbsp; &nbsp; &nbsp;N\/N non carrier&nbsp; (Laboklin)<\/strong><\/p>\n\n\n\n<p><strong>DNA Profil vorhanden<\/strong><\/p>\n\n\n\n<p><strong>DMS:&nbsp; &nbsp; &nbsp; aa bb&nbsp; Lokus C 002:01\/002:01 (Laboklin)<\/strong><\/p>\n\n\n\n<p><strong>HD A1 \/ED 0<\/strong><\/p>\n\n\n\n<p><strong>AVK : 0,87, American Lines: 62,0 %<\/strong><\/p>\n\n\n\n<figure class=\"wp-block-image size-large\"><a href=\"https:\/\/collies-vom-floersbachtal.de\/cms\/wp-content\/uploads\/2023\/10\/Tara1-54.-Tag-1.jpg\"><img loading=\"lazy\" decoding=\"async\" width=\"830\" height=\"1024\" src=\"https:\/\/collies-vom-floersbachtal.de\/cms\/wp-content\/uploads\/2023\/10\/Tara1-54.-Tag-1-830x1024.jpg\" alt=\"\" class=\"wp-image-42750\" srcset=\"https:\/\/collies-vom-floersbachtal.de\/cms\/wp-content\/uploads\/2023\/10\/Tara1-54.-Tag-1-830x1024.jpg 830w, https:\/\/collies-vom-floersbachtal.de\/cms\/wp-content\/uploads\/2023\/10\/Tara1-54.-Tag-1-243x300.jpg 243w, https:\/\/collies-vom-floersbachtal.de\/cms\/wp-content\/uploads\/2023\/10\/Tara1-54.-Tag-1-768x948.jpg 768w, https:\/\/collies-vom-floersbachtal.de\/cms\/wp-content\/uploads\/2023\/10\/Tara1-54.-Tag-1.jpg 1000w\" sizes=\"auto, (max-width: 830px) 100vw, 830px\" \/><\/a><\/figure>\n\n\n\n<h1 class=\"wp-block-heading\" id=\"john-wayne-s-sky-of-golden-gate-geb-31-10-2018\"><strong>John Wayne\u00b4s Sky of Golden Gate geb. 31.10.2018<\/strong>, <strong>28 kg,<\/strong> <strong>64 cm, CHW Blue-Merle<\/strong><\/h1>\n\n\n\n<figure class=\"wp-block-image size-large\"><a href=\"https:\/\/collies-vom-floersbachtal.de\/cms\/wp-content\/uploads\/2023\/10\/picture-1600.jpg\"><img loading=\"lazy\" decoding=\"async\" width=\"925\" height=\"1024\" src=\"https:\/\/collies-vom-floersbachtal.de\/cms\/wp-content\/uploads\/2023\/10\/picture-1600-925x1024.jpg\" alt=\"\" class=\"wp-image-42749\" srcset=\"https:\/\/collies-vom-floersbachtal.de\/cms\/wp-content\/uploads\/2023\/10\/picture-1600-925x1024.jpg 925w, https:\/\/collies-vom-floersbachtal.de\/cms\/wp-content\/uploads\/2023\/10\/picture-1600-271x300.jpg 271w, https:\/\/collies-vom-floersbachtal.de\/cms\/wp-content\/uploads\/2023\/10\/picture-1600-768x851.jpg 768w, https:\/\/collies-vom-floersbachtal.de\/cms\/wp-content\/uploads\/2023\/10\/picture-1600-1387x1536.jpg 1387w, https:\/\/collies-vom-floersbachtal.de\/cms\/wp-content\/uploads\/2023\/10\/picture-1600.jpg 1600w\" sizes=\"auto, (max-width: 925px) 100vw, 925px\" \/><\/a><\/figure>\n\n\n\n<h1 class=\"wp-block-heading\"><strong>John Wayne\u00b4s Sky of Golden Gate<\/strong><\/h1>\n\n\n\n<h1 class=\"wp-block-heading\"><strong>* 31.10.2018<\/strong><\/h1>\n\n\n\n<p><strong>MDR 1                                          +\/+ non carrier<\/strong><\/p>\n\n\n\n<p><strong>DM                                                +\/+ non carrier<\/strong><\/p>\n\n\n\n<p><strong>GCS                                               +\/+ non carrier<\/strong><\/p>\n\n\n\n<p><strong>CEA klinisch frei, genetisch+\/-  carrier<\/strong><\/p>\n\n\n\n<p><strong>PRA \/ RCD2                               +\/+ non carrier<\/strong><\/p>\n\n\n\n<p><strong>HUU                                              +\/+ non carrier<\/strong><\/p>\n\n\n\n<p><strong>DMS aabb<\/strong> <strong> low risk<\/strong><\/p>\n\n\n\n<p><strong>HD A<\/strong><\/p>\n\n\n\n<p><strong>ED 0<\/strong><\/p>\n\n\n\n<p><strong>DNA Profil vorhanden<\/strong><\/p>\n\n\n\n<p><strong>Eltern: Yosemite blue Vega of Golden Gate<\/strong><\/p>\n\n\n\n<p><strong>Itchy of blue Shadow<\/strong><\/p>\n\n\n\n<figure class=\"wp-block-image size-large\"><a href=\"https:\/\/collies-vom-floersbachtal.de\/cms\/wp-content\/uploads\/2022\/07\/Taras-1.-Wurf5-06.-07.07.2022-3.jpg\"><img loading=\"lazy\" decoding=\"async\" width=\"577\" height=\"1024\" src=\"https:\/\/collies-vom-floersbachtal.de\/cms\/wp-content\/uploads\/2022\/07\/Taras-1.-Wurf5-06.-07.07.2022-3-577x1024.jpg\" alt=\"\" class=\"wp-image-35820\" srcset=\"https:\/\/collies-vom-floersbachtal.de\/cms\/wp-content\/uploads\/2022\/07\/Taras-1.-Wurf5-06.-07.07.2022-3-577x1024.jpg 577w, https:\/\/collies-vom-floersbachtal.de\/cms\/wp-content\/uploads\/2022\/07\/Taras-1.-Wurf5-06.-07.07.2022-3-169x300.jpg 169w, https:\/\/collies-vom-floersbachtal.de\/cms\/wp-content\/uploads\/2022\/07\/Taras-1.-Wurf5-06.-07.07.2022-3-768x1364.jpg 768w, https:\/\/collies-vom-floersbachtal.de\/cms\/wp-content\/uploads\/2022\/07\/Taras-1.-Wurf5-06.-07.07.2022-3-865x1536.jpg 865w, https:\/\/collies-vom-floersbachtal.de\/cms\/wp-content\/uploads\/2022\/07\/Taras-1.-Wurf5-06.-07.07.2022-3.jpg 1000w\" sizes=\"auto, (max-width: 577px) 100vw, 577px\" \/><\/a><figcaption class=\"wp-element-caption\"><strong>Unsere glorreichen 10 Kr\u00fcmel \ud83d\ude1b<\/strong><\/figcaption><\/figure>\n\n\n\n<h2 class=\"wp-block-heading\">Die L\u00fctten sind mal wieder im Sternzeichen Krebs geboren, was auch sonst? \ud83d\ude42 Mit diesen Aszendenten :<\/h2>\n\n\n\n<p><strong>22. Juni bis 22. Juli<\/strong><br><strong>Krebs ein f\u00fcrsorgliches Sensibelchen.&nbsp;<\/strong><\/p>\n\n\n\n<p><strong>Bei einem Krebs-Hund sollten Sie ein Gesp\u00fcr f\u00fcr seine Bed\u00fcrfnisse haben. Andererseits gibt es keinen anderen Hund unter den Tierkreiszeichen, der Sie so gut verstehen kann wie er. Seine feinen Antennen nehmen jede noch so kleinste emotionale Stimmungsschwankung bei Ihnen wahr. Er wird Sie tr\u00f6sten und mit Aufmerksamkeit bedecken. Lassen Sie ihn gew\u00e4hren, denn er braucht das \u2013 sich Sorgen um Sie zu machen. F\u00fcr einen Krebs-Hund ist es enorm wichtig, dass er mit Takt und Zartgef\u00fchl behandelt wird. Ansonsten zieht er sich schmollend und zutiefst verletzt in seine Ecke zur\u00fcck und straft Sie mit Nichtbeachtung. Erkl\u00e4ren Sie ihm Ihre Handlungsweise, lassen Sie ihn Anteil nehmen an Ihren Entscheidungen. Die Sicherheit seines Familienlebens ist ihm sehr wichtig und sobald er die Gewissheit versp\u00fcrt, zu Ihnen zu geh\u00f6ren, ist Ihnen seine Zuneigung auf ewig gewiss. Er braucht seinen eigenen Bereich, in dem er es sich gem\u00fctlich machen kann. Und aus der Sicherung von Tradition und Bewahrung des Alten, wird er Neuerungen in seiner Umgebung ablehnen. Er liebt das Alte \u2013 abgenagte Knochen, muffige Pantoffel, zerbissenes Spielzeug. Lassen Sie es ihm! H\u00f6ren Sie auf die \u201einnere Stimme\u201c Ihres Hundes. Ein Krebs-Hund hat ein sehr gutes Ged\u00e4chtnis und wird sie vor Gefahren rechtzeitig warnen.<\/strong><\/p>\n\n\n\n<p><strong>Wasser-Tiger:<\/strong> F\u00fcr ihr ausgepr\u00e4gtes Selbstwertgef\u00fchl und ihre ausgesprochen hohe Lernf\u00e4higkeit sind besonders&nbsp;Wasser-Tiger&nbsp;bekannt. Die Kombination mit&nbsp;Wasser&nbsp;macht den&nbsp;Tiger&nbsp;dabei zu einem flexiblen, anpassungsf\u00e4higen Menschen ( Hund). Auf neue Situationen kann sich der&nbsp;Wasser-Tiger&nbsp;besonders schnell einstellen<\/p>\n\n\n\n<p><strong>1. &#8220; Kira&#8220;   06.07.2022   21:32 Uhr, H\u00fcndin White \/  Dark-Sable  4 Spots, 320 g<\/strong>   (Krebs-Aszendent Steinbock,  Chinesisch Wassertiger)       <strong> vergeben und ausgezogen<\/strong><\/p>\n\n\n\n<p><strong>MDR1 +\/+,&nbsp; &nbsp; &nbsp; CEA +\/+, oder +\/- frei,&nbsp; &nbsp; &nbsp;DM&nbsp; +\/+,&nbsp; oder &nbsp;+\/-, &nbsp; &nbsp;GCS&nbsp; N\/N,&nbsp; &nbsp; &nbsp;PRA&nbsp; N\/N,&nbsp; &nbsp; DMS  aa bb, <\/strong><\/p>\n\n\n\n<figure class=\"wp-block-image size-large\"><a href=\"https:\/\/collies-vom-floersbachtal.de\/cms\/wp-content\/uploads\/2022\/07\/Taras-1.-Wurf35-06.-07.07.2022-1.jpg\"><img loading=\"lazy\" decoding=\"async\" width=\"577\" height=\"1024\" src=\"https:\/\/collies-vom-floersbachtal.de\/cms\/wp-content\/uploads\/2022\/07\/Taras-1.-Wurf35-06.-07.07.2022-1-577x1024.jpg\" alt=\"\" class=\"wp-image-35751\" srcset=\"https:\/\/collies-vom-floersbachtal.de\/cms\/wp-content\/uploads\/2022\/07\/Taras-1.-Wurf35-06.-07.07.2022-1-577x1024.jpg 577w, https:\/\/collies-vom-floersbachtal.de\/cms\/wp-content\/uploads\/2022\/07\/Taras-1.-Wurf35-06.-07.07.2022-1-169x300.jpg 169w, https:\/\/collies-vom-floersbachtal.de\/cms\/wp-content\/uploads\/2022\/07\/Taras-1.-Wurf35-06.-07.07.2022-1-768x1364.jpg 768w, https:\/\/collies-vom-floersbachtal.de\/cms\/wp-content\/uploads\/2022\/07\/Taras-1.-Wurf35-06.-07.07.2022-1-865x1536.jpg 865w, https:\/\/collies-vom-floersbachtal.de\/cms\/wp-content\/uploads\/2022\/07\/Taras-1.-Wurf35-06.-07.07.2022-1.jpg 1000w\" sizes=\"auto, (max-width: 577px) 100vw, 577px\" \/><\/a><\/figure>\n\n\n\n<figure class=\"wp-block-image size-large\"><a href=\"https:\/\/collies-vom-floersbachtal.de\/cms\/wp-content\/uploads\/2022\/07\/Nr.1-2.-Tag.jpg\"><img loading=\"lazy\" decoding=\"async\" width=\"803\" height=\"1024\" src=\"https:\/\/collies-vom-floersbachtal.de\/cms\/wp-content\/uploads\/2022\/07\/Nr.1-2.-Tag-803x1024.jpg\" alt=\"\" class=\"wp-image-35765\" srcset=\"https:\/\/collies-vom-floersbachtal.de\/cms\/wp-content\/uploads\/2022\/07\/Nr.1-2.-Tag-803x1024.jpg 803w, https:\/\/collies-vom-floersbachtal.de\/cms\/wp-content\/uploads\/2022\/07\/Nr.1-2.-Tag-235x300.jpg 235w, https:\/\/collies-vom-floersbachtal.de\/cms\/wp-content\/uploads\/2022\/07\/Nr.1-2.-Tag-768x980.jpg 768w, https:\/\/collies-vom-floersbachtal.de\/cms\/wp-content\/uploads\/2022\/07\/Nr.1-2.-Tag.jpg 1000w\" sizes=\"auto, (max-width: 803px) 100vw, 803px\" \/><\/a><\/figure>\n\n\n\n<p><strong>Kira 8 Wochen alt 4510 g<\/strong><\/p>\n\n\n\n<figure class=\"wp-block-gallery has-nested-images columns-default is-cropped wp-block-gallery-1 is-layout-flex wp-block-gallery-is-layout-flex\">\n<figure class=\"wp-block-image size-large\"><a href=\"https:\/\/collies-vom-floersbachtal.de\/cms\/wp-content\/uploads\/2022\/08\/Kira3-mit-8-Wochen.jpg\"><img loading=\"lazy\" decoding=\"async\" width=\"724\" height=\"1024\" data-id=\"36608\" src=\"https:\/\/collies-vom-floersbachtal.de\/cms\/wp-content\/uploads\/2022\/08\/Kira3-mit-8-Wochen-724x1024.jpg\" alt=\"\" class=\"wp-image-36608\" srcset=\"https:\/\/collies-vom-floersbachtal.de\/cms\/wp-content\/uploads\/2022\/08\/Kira3-mit-8-Wochen-724x1024.jpg 724w, https:\/\/collies-vom-floersbachtal.de\/cms\/wp-content\/uploads\/2022\/08\/Kira3-mit-8-Wochen-212x300.jpg 212w, https:\/\/collies-vom-floersbachtal.de\/cms\/wp-content\/uploads\/2022\/08\/Kira3-mit-8-Wochen-768x1087.jpg 768w, https:\/\/collies-vom-floersbachtal.de\/cms\/wp-content\/uploads\/2022\/08\/Kira3-mit-8-Wochen.jpg 1000w\" sizes=\"auto, (max-width: 724px) 100vw, 724px\" \/><\/a><\/figure>\n<\/figure>\n\n\n\n<p><strong>Kira 7 Wochen alt 3910 g<\/strong><\/p>\n\n\n\n<figure class=\"wp-block-image size-large\"><a href=\"https:\/\/collies-vom-floersbachtal.de\/cms\/wp-content\/uploads\/2022\/08\/Kira1-nass.jpg\"><img loading=\"lazy\" decoding=\"async\" width=\"1024\" height=\"922\" src=\"https:\/\/collies-vom-floersbachtal.de\/cms\/wp-content\/uploads\/2022\/08\/Kira1-nass-1024x922.jpg\" alt=\"\" class=\"wp-image-36480\" srcset=\"https:\/\/collies-vom-floersbachtal.de\/cms\/wp-content\/uploads\/2022\/08\/Kira1-nass-1024x922.jpg 1024w, https:\/\/collies-vom-floersbachtal.de\/cms\/wp-content\/uploads\/2022\/08\/Kira1-nass-300x270.jpg 300w, https:\/\/collies-vom-floersbachtal.de\/cms\/wp-content\/uploads\/2022\/08\/Kira1-nass-768x692.jpg 768w, https:\/\/collies-vom-floersbachtal.de\/cms\/wp-content\/uploads\/2022\/08\/Kira1-nass-1536x1383.jpg 1536w, https:\/\/collies-vom-floersbachtal.de\/cms\/wp-content\/uploads\/2022\/08\/Kira1-nass-2048x1844.jpg 2048w\" sizes=\"auto, (max-width: 1024px) 100vw, 1024px\" \/><\/a><\/figure>\n\n\n\n<p><strong>Kira 6 Wochen 2940 g<\/strong><\/p>\n\n\n\n<figure class=\"wp-block-image size-large\"><a href=\"https:\/\/collies-vom-floersbachtal.de\/cms\/wp-content\/uploads\/2022\/08\/Kira1-mit-6-Wochen.jpg\"><img loading=\"lazy\" decoding=\"async\" width=\"577\" height=\"1024\" src=\"https:\/\/collies-vom-floersbachtal.de\/cms\/wp-content\/uploads\/2022\/08\/Kira1-mit-6-Wochen-577x1024.jpg\" alt=\"\" class=\"wp-image-36381\" srcset=\"https:\/\/collies-vom-floersbachtal.de\/cms\/wp-content\/uploads\/2022\/08\/Kira1-mit-6-Wochen-577x1024.jpg 577w, https:\/\/collies-vom-floersbachtal.de\/cms\/wp-content\/uploads\/2022\/08\/Kira1-mit-6-Wochen-169x300.jpg 169w, https:\/\/collies-vom-floersbachtal.de\/cms\/wp-content\/uploads\/2022\/08\/Kira1-mit-6-Wochen-768x1364.jpg 768w, https:\/\/collies-vom-floersbachtal.de\/cms\/wp-content\/uploads\/2022\/08\/Kira1-mit-6-Wochen-865x1536.jpg 865w, https:\/\/collies-vom-floersbachtal.de\/cms\/wp-content\/uploads\/2022\/08\/Kira1-mit-6-Wochen.jpg 1000w\" sizes=\"auto, (max-width: 577px) 100vw, 577px\" \/><\/a><\/figure>\n\n\n\n<p><strong>Kira 5 Wochen 2340 g<\/strong> <\/p>\n\n\n\n<figure class=\"wp-block-gallery has-nested-images columns-default is-cropped wp-block-gallery-2 is-layout-flex wp-block-gallery-is-layout-flex\">\n<figure class=\"wp-block-image size-large\"><a href=\"https:\/\/collies-vom-floersbachtal.de\/cms\/wp-content\/uploads\/2022\/08\/Kira3-mit-5-Wochen.jpg\"><img loading=\"lazy\" decoding=\"async\" width=\"1000\" height=\"532\" data-id=\"36248\" src=\"https:\/\/collies-vom-floersbachtal.de\/cms\/wp-content\/uploads\/2022\/08\/Kira3-mit-5-Wochen.jpg\" alt=\"\" class=\"wp-image-36248\" srcset=\"https:\/\/collies-vom-floersbachtal.de\/cms\/wp-content\/uploads\/2022\/08\/Kira3-mit-5-Wochen.jpg 1000w, https:\/\/collies-vom-floersbachtal.de\/cms\/wp-content\/uploads\/2022\/08\/Kira3-mit-5-Wochen-300x160.jpg 300w, https:\/\/collies-vom-floersbachtal.de\/cms\/wp-content\/uploads\/2022\/08\/Kira3-mit-5-Wochen-768x409.jpg 768w\" sizes=\"auto, (max-width: 1000px) 100vw, 1000px\" \/><\/a><\/figure>\n\n\n\n<figure class=\"wp-block-image size-large\"><a href=\"https:\/\/collies-vom-floersbachtal.de\/cms\/wp-content\/uploads\/2022\/08\/Kira1-mit-5-Wochen.jpg\"><img loading=\"lazy\" decoding=\"async\" width=\"1000\" height=\"930\" data-id=\"36249\" src=\"https:\/\/collies-vom-floersbachtal.de\/cms\/wp-content\/uploads\/2022\/08\/Kira1-mit-5-Wochen.jpg\" alt=\"\" class=\"wp-image-36249\" srcset=\"https:\/\/collies-vom-floersbachtal.de\/cms\/wp-content\/uploads\/2022\/08\/Kira1-mit-5-Wochen.jpg 1000w, https:\/\/collies-vom-floersbachtal.de\/cms\/wp-content\/uploads\/2022\/08\/Kira1-mit-5-Wochen-300x279.jpg 300w, https:\/\/collies-vom-floersbachtal.de\/cms\/wp-content\/uploads\/2022\/08\/Kira1-mit-5-Wochen-768x714.jpg 768w\" sizes=\"auto, (max-width: 1000px) 100vw, 1000px\" \/><\/a><\/figure>\n\n\n\n<figure class=\"wp-block-image size-large\"><a href=\"https:\/\/collies-vom-floersbachtal.de\/cms\/wp-content\/uploads\/2022\/08\/Kira2-mit-5-Wochen.jpg\"><img loading=\"lazy\" decoding=\"async\" width=\"967\" height=\"1024\" data-id=\"36247\" src=\"https:\/\/collies-vom-floersbachtal.de\/cms\/wp-content\/uploads\/2022\/08\/Kira2-mit-5-Wochen-967x1024.jpg\" alt=\"\" class=\"wp-image-36247\" srcset=\"https:\/\/collies-vom-floersbachtal.de\/cms\/wp-content\/uploads\/2022\/08\/Kira2-mit-5-Wochen-967x1024.jpg 967w, https:\/\/collies-vom-floersbachtal.de\/cms\/wp-content\/uploads\/2022\/08\/Kira2-mit-5-Wochen-283x300.jpg 283w, https:\/\/collies-vom-floersbachtal.de\/cms\/wp-content\/uploads\/2022\/08\/Kira2-mit-5-Wochen-768x813.jpg 768w, https:\/\/collies-vom-floersbachtal.de\/cms\/wp-content\/uploads\/2022\/08\/Kira2-mit-5-Wochen.jpg 1000w\" sizes=\"auto, (max-width: 967px) 100vw, 967px\" \/><\/a><\/figure>\n<\/figure>\n\n\n\n<figure class=\"wp-block-image size-full\"><a href=\"https:\/\/collies-vom-floersbachtal.de\/cms\/wp-content\/uploads\/2022\/08\/Kira1-mit-4-Wochen-Kopie.jpg\"><img loading=\"lazy\" decoding=\"async\" width=\"1000\" height=\"927\" src=\"https:\/\/collies-vom-floersbachtal.de\/cms\/wp-content\/uploads\/2022\/08\/Kira1-mit-4-Wochen-Kopie.jpg\" alt=\"\" class=\"wp-image-36232\" srcset=\"https:\/\/collies-vom-floersbachtal.de\/cms\/wp-content\/uploads\/2022\/08\/Kira1-mit-4-Wochen-Kopie.jpg 1000w, https:\/\/collies-vom-floersbachtal.de\/cms\/wp-content\/uploads\/2022\/08\/Kira1-mit-4-Wochen-Kopie-300x278.jpg 300w, https:\/\/collies-vom-floersbachtal.de\/cms\/wp-content\/uploads\/2022\/08\/Kira1-mit-4-Wochen-Kopie-768x712.jpg 768w\" sizes=\"auto, (max-width: 1000px) 100vw, 1000px\" \/><\/a><\/figure>\n\n\n\n<p><strong>Kira 4 Wochen 1710 g<\/strong><\/p>\n\n\n\n<figure class=\"wp-block-image size-full\"><a href=\"https:\/\/collies-vom-floersbachtal.de\/cms\/wp-content\/uploads\/2022\/08\/Kira1-mit-4-Wochen-1.jpg\"><img loading=\"lazy\" decoding=\"async\" width=\"1000\" height=\"961\" src=\"https:\/\/collies-vom-floersbachtal.de\/cms\/wp-content\/uploads\/2022\/08\/Kira1-mit-4-Wochen-1.jpg\" alt=\"\" class=\"wp-image-36121\" srcset=\"https:\/\/collies-vom-floersbachtal.de\/cms\/wp-content\/uploads\/2022\/08\/Kira1-mit-4-Wochen-1.jpg 1000w, https:\/\/collies-vom-floersbachtal.de\/cms\/wp-content\/uploads\/2022\/08\/Kira1-mit-4-Wochen-1-300x288.jpg 300w, https:\/\/collies-vom-floersbachtal.de\/cms\/wp-content\/uploads\/2022\/08\/Kira1-mit-4-Wochen-1-768x738.jpg 768w\" sizes=\"auto, (max-width: 1000px) 100vw, 1000px\" \/><\/a><\/figure>\n\n\n\n<p><strong>3 Wochen alt Kira 1190 g<\/strong><\/p>\n\n\n\n<figure class=\"wp-block-gallery has-nested-images columns-default is-cropped wp-block-gallery-3 is-layout-flex wp-block-gallery-is-layout-flex\">\n<figure class=\"wp-block-image size-large\"><a href=\"https:\/\/collies-vom-floersbachtal.de\/cms\/wp-content\/uploads\/2022\/07\/Kira3-mit-3-Wochen.jpg\"><img loading=\"lazy\" decoding=\"async\" width=\"861\" height=\"1024\" data-id=\"36033\" src=\"https:\/\/collies-vom-floersbachtal.de\/cms\/wp-content\/uploads\/2022\/07\/Kira3-mit-3-Wochen-861x1024.jpg\" alt=\"\" class=\"wp-image-36033\" srcset=\"https:\/\/collies-vom-floersbachtal.de\/cms\/wp-content\/uploads\/2022\/07\/Kira3-mit-3-Wochen-861x1024.jpg 861w, https:\/\/collies-vom-floersbachtal.de\/cms\/wp-content\/uploads\/2022\/07\/Kira3-mit-3-Wochen-252x300.jpg 252w, https:\/\/collies-vom-floersbachtal.de\/cms\/wp-content\/uploads\/2022\/07\/Kira3-mit-3-Wochen-768x913.jpg 768w, https:\/\/collies-vom-floersbachtal.de\/cms\/wp-content\/uploads\/2022\/07\/Kira3-mit-3-Wochen.jpg 1000w\" sizes=\"auto, (max-width: 861px) 100vw, 861px\" \/><\/a><\/figure>\n\n\n\n<figure class=\"wp-block-image size-large\"><a href=\"https:\/\/collies-vom-floersbachtal.de\/cms\/wp-content\/uploads\/2022\/07\/Kira1-mit-3-Wochen.jpg\"><img loading=\"lazy\" decoding=\"async\" width=\"1000\" height=\"817\" data-id=\"36034\" src=\"https:\/\/collies-vom-floersbachtal.de\/cms\/wp-content\/uploads\/2022\/07\/Kira1-mit-3-Wochen.jpg\" alt=\"\" class=\"wp-image-36034\" srcset=\"https:\/\/collies-vom-floersbachtal.de\/cms\/wp-content\/uploads\/2022\/07\/Kira1-mit-3-Wochen.jpg 1000w, https:\/\/collies-vom-floersbachtal.de\/cms\/wp-content\/uploads\/2022\/07\/Kira1-mit-3-Wochen-300x245.jpg 300w, https:\/\/collies-vom-floersbachtal.de\/cms\/wp-content\/uploads\/2022\/07\/Kira1-mit-3-Wochen-768x627.jpg 768w\" sizes=\"auto, (max-width: 1000px) 100vw, 1000px\" \/><\/a><\/figure>\n<\/figure>\n\n\n\n<p><strong>2 Wochen alt Kira 720 g<\/strong><\/p>\n\n\n\n<figure class=\"wp-block-gallery has-nested-images columns-default is-cropped wp-block-gallery-4 is-layout-flex wp-block-gallery-is-layout-flex\">\n<figure class=\"wp-block-image size-large\"><a href=\"https:\/\/collies-vom-floersbachtal.de\/cms\/wp-content\/uploads\/2022\/07\/Kira2-mit-2-Wochen.jpg\"><img loading=\"lazy\" decoding=\"async\" width=\"913\" height=\"1024\" data-id=\"35969\" src=\"https:\/\/collies-vom-floersbachtal.de\/cms\/wp-content\/uploads\/2022\/07\/Kira2-mit-2-Wochen-913x1024.jpg\" alt=\"\" class=\"wp-image-35969\" srcset=\"https:\/\/collies-vom-floersbachtal.de\/cms\/wp-content\/uploads\/2022\/07\/Kira2-mit-2-Wochen-913x1024.jpg 913w, https:\/\/collies-vom-floersbachtal.de\/cms\/wp-content\/uploads\/2022\/07\/Kira2-mit-2-Wochen-268x300.jpg 268w, https:\/\/collies-vom-floersbachtal.de\/cms\/wp-content\/uploads\/2022\/07\/Kira2-mit-2-Wochen-768x861.jpg 768w, https:\/\/collies-vom-floersbachtal.de\/cms\/wp-content\/uploads\/2022\/07\/Kira2-mit-2-Wochen.jpg 1000w\" sizes=\"auto, (max-width: 913px) 100vw, 913px\" \/><\/a><figcaption class=\"wp-element-caption\">Die S\u00e4ngerin vom finsternen Walde<\/figcaption><\/figure>\n\n\n\n<figure class=\"wp-block-image size-large\"><a href=\"https:\/\/collies-vom-floersbachtal.de\/cms\/wp-content\/uploads\/2022\/07\/Kira1-mit-2-Wochen.jpg\"><img loading=\"lazy\" decoding=\"async\" width=\"994\" height=\"1024\" data-id=\"35970\" src=\"https:\/\/collies-vom-floersbachtal.de\/cms\/wp-content\/uploads\/2022\/07\/Kira1-mit-2-Wochen-994x1024.jpg\" alt=\"\" class=\"wp-image-35970\" srcset=\"https:\/\/collies-vom-floersbachtal.de\/cms\/wp-content\/uploads\/2022\/07\/Kira1-mit-2-Wochen-994x1024.jpg 994w, https:\/\/collies-vom-floersbachtal.de\/cms\/wp-content\/uploads\/2022\/07\/Kira1-mit-2-Wochen-291x300.jpg 291w, https:\/\/collies-vom-floersbachtal.de\/cms\/wp-content\/uploads\/2022\/07\/Kira1-mit-2-Wochen-768x791.jpg 768w, https:\/\/collies-vom-floersbachtal.de\/cms\/wp-content\/uploads\/2022\/07\/Kira1-mit-2-Wochen.jpg 1000w\" sizes=\"auto, (max-width: 994px) 100vw, 994px\" \/><\/a><\/figure>\n<\/figure>\n\n\n\n<p><strong>1 Woche alt  Kira 460 g <\/strong><\/p>\n\n\n\n<figure class=\"wp-block-gallery has-nested-images columns-default is-cropped wp-block-gallery-5 is-layout-flex wp-block-gallery-is-layout-flex\">\n<figure class=\"wp-block-image size-large\"><a href=\"https:\/\/collies-vom-floersbachtal.de\/cms\/wp-content\/uploads\/2022\/07\/Kira4-1-scaled.jpg\"><img loading=\"lazy\" decoding=\"async\" width=\"1024\" height=\"553\" data-id=\"35890\" src=\"https:\/\/collies-vom-floersbachtal.de\/cms\/wp-content\/uploads\/2022\/07\/Kira4-1-1024x553.jpg\" alt=\"\" class=\"wp-image-35890\" srcset=\"https:\/\/collies-vom-floersbachtal.de\/cms\/wp-content\/uploads\/2022\/07\/Kira4-1-1024x553.jpg 1024w, https:\/\/collies-vom-floersbachtal.de\/cms\/wp-content\/uploads\/2022\/07\/Kira4-1-300x162.jpg 300w, https:\/\/collies-vom-floersbachtal.de\/cms\/wp-content\/uploads\/2022\/07\/Kira4-1-768x414.jpg 768w, https:\/\/collies-vom-floersbachtal.de\/cms\/wp-content\/uploads\/2022\/07\/Kira4-1-1536x829.jpg 1536w, https:\/\/collies-vom-floersbachtal.de\/cms\/wp-content\/uploads\/2022\/07\/Kira4-1-2048x1105.jpg 2048w\" sizes=\"auto, (max-width: 1024px) 100vw, 1024px\" \/><\/a><\/figure>\n<\/figure>\n\n\n\n<figure class=\"wp-block-gallery has-nested-images columns-default is-cropped wp-block-gallery-6 is-layout-flex wp-block-gallery-is-layout-flex\">\n<figure class=\"wp-block-image size-large\"><a href=\"https:\/\/collies-vom-floersbachtal.de\/cms\/wp-content\/uploads\/2022\/07\/Kira31-1.jpg\"><img loading=\"lazy\" decoding=\"async\" width=\"661\" height=\"1024\" data-id=\"35893\" src=\"https:\/\/collies-vom-floersbachtal.de\/cms\/wp-content\/uploads\/2022\/07\/Kira31-1-661x1024.jpg\" alt=\"\" class=\"wp-image-35893\" srcset=\"https:\/\/collies-vom-floersbachtal.de\/cms\/wp-content\/uploads\/2022\/07\/Kira31-1-661x1024.jpg 661w, https:\/\/collies-vom-floersbachtal.de\/cms\/wp-content\/uploads\/2022\/07\/Kira31-1-194x300.jpg 194w, https:\/\/collies-vom-floersbachtal.de\/cms\/wp-content\/uploads\/2022\/07\/Kira31-1-768x1190.jpg 768w, https:\/\/collies-vom-floersbachtal.de\/cms\/wp-content\/uploads\/2022\/07\/Kira31-1-992x1536.jpg 992w, https:\/\/collies-vom-floersbachtal.de\/cms\/wp-content\/uploads\/2022\/07\/Kira31-1.jpg 1000w\" sizes=\"auto, (max-width: 661px) 100vw, 661px\" \/><\/a><\/figure>\n\n\n\n<figure class=\"wp-block-image size-large\"><a href=\"https:\/\/collies-vom-floersbachtal.de\/cms\/wp-content\/uploads\/2022\/07\/Kira1-1.jpg\"><img loading=\"lazy\" decoding=\"async\" width=\"1000\" height=\"981\" data-id=\"35891\" src=\"https:\/\/collies-vom-floersbachtal.de\/cms\/wp-content\/uploads\/2022\/07\/Kira1-1.jpg\" alt=\"\" class=\"wp-image-35891\" srcset=\"https:\/\/collies-vom-floersbachtal.de\/cms\/wp-content\/uploads\/2022\/07\/Kira1-1.jpg 1000w, https:\/\/collies-vom-floersbachtal.de\/cms\/wp-content\/uploads\/2022\/07\/Kira1-1-300x294.jpg 300w, https:\/\/collies-vom-floersbachtal.de\/cms\/wp-content\/uploads\/2022\/07\/Kira1-1-768x753.jpg 768w\" sizes=\"auto, (max-width: 1000px) 100vw, 1000px\" \/><\/a><\/figure>\n\n\n\n<figure class=\"wp-block-image size-large\"><a href=\"https:\/\/collies-vom-floersbachtal.de\/cms\/wp-content\/uploads\/2022\/07\/Kira2-1.jpg\"><img loading=\"lazy\" decoding=\"async\" width=\"894\" height=\"1024\" data-id=\"35892\" src=\"https:\/\/collies-vom-floersbachtal.de\/cms\/wp-content\/uploads\/2022\/07\/Kira2-1-894x1024.jpg\" alt=\"\" class=\"wp-image-35892\" srcset=\"https:\/\/collies-vom-floersbachtal.de\/cms\/wp-content\/uploads\/2022\/07\/Kira2-1-894x1024.jpg 894w, https:\/\/collies-vom-floersbachtal.de\/cms\/wp-content\/uploads\/2022\/07\/Kira2-1-262x300.jpg 262w, https:\/\/collies-vom-floersbachtal.de\/cms\/wp-content\/uploads\/2022\/07\/Kira2-1-768x880.jpg 768w, https:\/\/collies-vom-floersbachtal.de\/cms\/wp-content\/uploads\/2022\/07\/Kira2-1.jpg 1000w\" sizes=\"auto, (max-width: 894px) 100vw, 894px\" \/><\/a><\/figure>\n<\/figure>\n\n\n\n<p><strong>2. Welpe  &#8222;<strong>Kaya<\/strong>&#8222;<\/strong> <strong>   06.07.2022   22:35 Uhr,   H\u00fcndin Dark &#8211; Sable\/White,        340 g <\/strong>(<strong> <\/strong>Krebs-Aszendent Wassermann, Chinesisch Wassertiger)   <strong>Bonny  <\/strong><strong>vergeben<\/strong> <strong>und ausgezogen<\/strong><\/p>\n\n\n\n<p><strong>MDR1 +\/+,&nbsp; &nbsp; &nbsp;CEA +\/+, oder +\/- frei,&nbsp; &nbsp; &nbsp;DM&nbsp; +\/+,&nbsp; oder &nbsp;+\/-, &nbsp; &nbsp;GCS&nbsp; N\/N,&nbsp; &nbsp; &nbsp;PRA&nbsp; N\/N,&nbsp; &nbsp; DMS aa bb,<\/strong><\/p>\n\n\n\n<figure class=\"wp-block-image size-full\"><a href=\"https:\/\/collies-vom-floersbachtal.de\/cms\/wp-content\/uploads\/2022\/07\/Kira3-2-Tage-alt.jpg\"><img loading=\"lazy\" decoding=\"async\" width=\"1000\" height=\"481\" src=\"https:\/\/collies-vom-floersbachtal.de\/cms\/wp-content\/uploads\/2022\/07\/Kira3-2-Tage-alt.jpg\" alt=\"\" class=\"wp-image-35831\" srcset=\"https:\/\/collies-vom-floersbachtal.de\/cms\/wp-content\/uploads\/2022\/07\/Kira3-2-Tage-alt.jpg 1000w, https:\/\/collies-vom-floersbachtal.de\/cms\/wp-content\/uploads\/2022\/07\/Kira3-2-Tage-alt-300x144.jpg 300w, https:\/\/collies-vom-floersbachtal.de\/cms\/wp-content\/uploads\/2022\/07\/Kira3-2-Tage-alt-768x369.jpg 768w\" sizes=\"auto, (max-width: 1000px) 100vw, 1000px\" \/><\/a><\/figure>\n\n\n\n<figure class=\"wp-block-image size-large\"><a href=\"https:\/\/collies-vom-floersbachtal.de\/cms\/wp-content\/uploads\/2022\/07\/Taras-1.-Wurf15-06.-07.07.2022.jpg\"><img loading=\"lazy\" decoding=\"async\" width=\"577\" height=\"1024\" src=\"https:\/\/collies-vom-floersbachtal.de\/cms\/wp-content\/uploads\/2022\/07\/Taras-1.-Wurf15-06.-07.07.2022-577x1024.jpg\" alt=\"\" class=\"wp-image-35753\" srcset=\"https:\/\/collies-vom-floersbachtal.de\/cms\/wp-content\/uploads\/2022\/07\/Taras-1.-Wurf15-06.-07.07.2022-577x1024.jpg 577w, https:\/\/collies-vom-floersbachtal.de\/cms\/wp-content\/uploads\/2022\/07\/Taras-1.-Wurf15-06.-07.07.2022-169x300.jpg 169w, https:\/\/collies-vom-floersbachtal.de\/cms\/wp-content\/uploads\/2022\/07\/Taras-1.-Wurf15-06.-07.07.2022-768x1364.jpg 768w, https:\/\/collies-vom-floersbachtal.de\/cms\/wp-content\/uploads\/2022\/07\/Taras-1.-Wurf15-06.-07.07.2022-865x1536.jpg 865w, https:\/\/collies-vom-floersbachtal.de\/cms\/wp-content\/uploads\/2022\/07\/Taras-1.-Wurf15-06.-07.07.2022.jpg 1000w\" sizes=\"auto, (max-width: 577px) 100vw, 577px\" \/><\/a><\/figure>\n\n\n\n<p><strong>Kaya 8 Wochen alt 5400 g<\/strong><\/p>\n\n\n\n<figure class=\"wp-block-image size-large\"><a href=\"https:\/\/collies-vom-floersbachtal.de\/cms\/wp-content\/uploads\/2022\/08\/Kaya1-mit-8-Wochen.jpg\"><img loading=\"lazy\" decoding=\"async\" width=\"911\" height=\"1024\" src=\"https:\/\/collies-vom-floersbachtal.de\/cms\/wp-content\/uploads\/2022\/08\/Kaya1-mit-8-Wochen-911x1024.jpg\" alt=\"\" class=\"wp-image-36544\" srcset=\"https:\/\/collies-vom-floersbachtal.de\/cms\/wp-content\/uploads\/2022\/08\/Kaya1-mit-8-Wochen-911x1024.jpg 911w, https:\/\/collies-vom-floersbachtal.de\/cms\/wp-content\/uploads\/2022\/08\/Kaya1-mit-8-Wochen-267x300.jpg 267w, https:\/\/collies-vom-floersbachtal.de\/cms\/wp-content\/uploads\/2022\/08\/Kaya1-mit-8-Wochen-768x863.jpg 768w, https:\/\/collies-vom-floersbachtal.de\/cms\/wp-content\/uploads\/2022\/08\/Kaya1-mit-8-Wochen.jpg 1000w\" sizes=\"auto, (max-width: 911px) 100vw, 911px\" \/><\/a><\/figure>\n\n\n\n<p><strong>Kaya 7 Wochen alt 4900 g<\/strong><\/p>\n\n\n\n<figure class=\"wp-block-image size-large\"><a href=\"https:\/\/collies-vom-floersbachtal.de\/cms\/wp-content\/uploads\/2022\/08\/Kaya3-mit-65-Wochen.jpg\"><img loading=\"lazy\" decoding=\"async\" width=\"918\" height=\"1024\" src=\"https:\/\/collies-vom-floersbachtal.de\/cms\/wp-content\/uploads\/2022\/08\/Kaya3-mit-65-Wochen-918x1024.jpg\" alt=\"\" class=\"wp-image-36481\" srcset=\"https:\/\/collies-vom-floersbachtal.de\/cms\/wp-content\/uploads\/2022\/08\/Kaya3-mit-65-Wochen-918x1024.jpg 918w, https:\/\/collies-vom-floersbachtal.de\/cms\/wp-content\/uploads\/2022\/08\/Kaya3-mit-65-Wochen-269x300.jpg 269w, https:\/\/collies-vom-floersbachtal.de\/cms\/wp-content\/uploads\/2022\/08\/Kaya3-mit-65-Wochen-768x856.jpg 768w, https:\/\/collies-vom-floersbachtal.de\/cms\/wp-content\/uploads\/2022\/08\/Kaya3-mit-65-Wochen.jpg 1000w\" sizes=\"auto, (max-width: 918px) 100vw, 918px\" \/><\/a><\/figure>\n\n\n\n<p><strong>Kaya 6 Wochen alt 3550 g<\/strong> <\/p>\n\n\n\n<figure class=\"wp-block-image size-full\"><a href=\"https:\/\/collies-vom-floersbachtal.de\/cms\/wp-content\/uploads\/2022\/08\/Kaya1-mit-6-Wochen.jpg\"><img loading=\"lazy\" decoding=\"async\" width=\"1000\" height=\"881\" src=\"https:\/\/collies-vom-floersbachtal.de\/cms\/wp-content\/uploads\/2022\/08\/Kaya1-mit-6-Wochen.jpg\" alt=\"\" class=\"wp-image-36382\" srcset=\"https:\/\/collies-vom-floersbachtal.de\/cms\/wp-content\/uploads\/2022\/08\/Kaya1-mit-6-Wochen.jpg 1000w, https:\/\/collies-vom-floersbachtal.de\/cms\/wp-content\/uploads\/2022\/08\/Kaya1-mit-6-Wochen-300x264.jpg 300w, https:\/\/collies-vom-floersbachtal.de\/cms\/wp-content\/uploads\/2022\/08\/Kaya1-mit-6-Wochen-768x677.jpg 768w\" sizes=\"auto, (max-width: 1000px) 100vw, 1000px\" \/><\/a><\/figure>\n\n\n\n<p><strong>Kaya 5 Wochen alt  2700 g<\/strong><\/p>\n\n\n\n<figure class=\"wp-block-image size-full\"><a href=\"https:\/\/collies-vom-floersbachtal.de\/cms\/wp-content\/uploads\/2022\/08\/Kowi-Kaya-und-Snow2-mit-5-wochen.jpg\"><img loading=\"lazy\" decoding=\"async\" width=\"1000\" height=\"686\" src=\"https:\/\/collies-vom-floersbachtal.de\/cms\/wp-content\/uploads\/2022\/08\/Kowi-Kaya-und-Snow2-mit-5-wochen.jpg\" alt=\"\" class=\"wp-image-36250\" srcset=\"https:\/\/collies-vom-floersbachtal.de\/cms\/wp-content\/uploads\/2022\/08\/Kowi-Kaya-und-Snow2-mit-5-wochen.jpg 1000w, https:\/\/collies-vom-floersbachtal.de\/cms\/wp-content\/uploads\/2022\/08\/Kowi-Kaya-und-Snow2-mit-5-wochen-300x206.jpg 300w, https:\/\/collies-vom-floersbachtal.de\/cms\/wp-content\/uploads\/2022\/08\/Kowi-Kaya-und-Snow2-mit-5-wochen-768x527.jpg 768w\" sizes=\"auto, (max-width: 1000px) 100vw, 1000px\" \/><\/a><\/figure>\n\n\n\n<figure class=\"wp-block-image size-large\"><a href=\"https:\/\/collies-vom-floersbachtal.de\/cms\/wp-content\/uploads\/2022\/08\/Kaya1-im-Garten.jpg\"><img loading=\"lazy\" decoding=\"async\" width=\"683\" height=\"1024\" src=\"https:\/\/collies-vom-floersbachtal.de\/cms\/wp-content\/uploads\/2022\/08\/Kaya1-im-Garten-683x1024.jpg\" alt=\"\" class=\"wp-image-36280\" srcset=\"https:\/\/collies-vom-floersbachtal.de\/cms\/wp-content\/uploads\/2022\/08\/Kaya1-im-Garten-683x1024.jpg 683w, https:\/\/collies-vom-floersbachtal.de\/cms\/wp-content\/uploads\/2022\/08\/Kaya1-im-Garten-200x300.jpg 200w, https:\/\/collies-vom-floersbachtal.de\/cms\/wp-content\/uploads\/2022\/08\/Kaya1-im-Garten-768x1152.jpg 768w, https:\/\/collies-vom-floersbachtal.de\/cms\/wp-content\/uploads\/2022\/08\/Kaya1-im-Garten.jpg 1000w\" sizes=\"auto, (max-width: 683px) 100vw, 683px\" \/><\/a><\/figure>\n\n\n\n<p><strong>Kaya 4 Wochen alt 1880 g<\/strong><\/p>\n\n\n\n<figure class=\"wp-block-image size-large\"><a href=\"https:\/\/collies-vom-floersbachtal.de\/cms\/wp-content\/uploads\/2022\/08\/Kaya1-mit-4-Wochen.jpg\"><img loading=\"lazy\" decoding=\"async\" width=\"771\" height=\"1024\" src=\"https:\/\/collies-vom-floersbachtal.de\/cms\/wp-content\/uploads\/2022\/08\/Kaya1-mit-4-Wochen-771x1024.jpg\" alt=\"\" class=\"wp-image-36122\" srcset=\"https:\/\/collies-vom-floersbachtal.de\/cms\/wp-content\/uploads\/2022\/08\/Kaya1-mit-4-Wochen-771x1024.jpg 771w, https:\/\/collies-vom-floersbachtal.de\/cms\/wp-content\/uploads\/2022\/08\/Kaya1-mit-4-Wochen-226x300.jpg 226w, https:\/\/collies-vom-floersbachtal.de\/cms\/wp-content\/uploads\/2022\/08\/Kaya1-mit-4-Wochen-768x1020.jpg 768w, https:\/\/collies-vom-floersbachtal.de\/cms\/wp-content\/uploads\/2022\/08\/Kaya1-mit-4-Wochen.jpg 1000w\" sizes=\"auto, (max-width: 771px) 100vw, 771px\" \/><\/a><\/figure>\n\n\n\n<p><strong>3 Wochen alt Kaya 1330 g <\/strong><\/p>\n\n\n\n<figure class=\"wp-block-gallery has-nested-images columns-default is-cropped wp-block-gallery-7 is-layout-flex wp-block-gallery-is-layout-flex\">\n<figure class=\"wp-block-image size-large\"><a href=\"https:\/\/collies-vom-floersbachtal.de\/cms\/wp-content\/uploads\/2022\/07\/Kacy4-mit-3-Wochen-1.jpg\"><img loading=\"lazy\" decoding=\"async\" width=\"1000\" height=\"808\" data-id=\"36082\" src=\"https:\/\/collies-vom-floersbachtal.de\/cms\/wp-content\/uploads\/2022\/07\/Kacy4-mit-3-Wochen-1.jpg\" alt=\"\" class=\"wp-image-36082\" srcset=\"https:\/\/collies-vom-floersbachtal.de\/cms\/wp-content\/uploads\/2022\/07\/Kacy4-mit-3-Wochen-1.jpg 1000w, https:\/\/collies-vom-floersbachtal.de\/cms\/wp-content\/uploads\/2022\/07\/Kacy4-mit-3-Wochen-1-300x242.jpg 300w, https:\/\/collies-vom-floersbachtal.de\/cms\/wp-content\/uploads\/2022\/07\/Kacy4-mit-3-Wochen-1-768x621.jpg 768w\" sizes=\"auto, (max-width: 1000px) 100vw, 1000px\" \/><\/a><\/figure>\n\n\n\n<figure class=\"wp-block-image size-large\"><a href=\"https:\/\/collies-vom-floersbachtal.de\/cms\/wp-content\/uploads\/2022\/07\/Kacy2-mit-3-Wochen-1.jpg\"><img loading=\"lazy\" decoding=\"async\" width=\"768\" height=\"1024\" data-id=\"36083\" src=\"https:\/\/collies-vom-floersbachtal.de\/cms\/wp-content\/uploads\/2022\/07\/Kacy2-mit-3-Wochen-1-768x1024.jpg\" alt=\"\" class=\"wp-image-36083\" srcset=\"https:\/\/collies-vom-floersbachtal.de\/cms\/wp-content\/uploads\/2022\/07\/Kacy2-mit-3-Wochen-1-768x1024.jpg 768w, https:\/\/collies-vom-floersbachtal.de\/cms\/wp-content\/uploads\/2022\/07\/Kacy2-mit-3-Wochen-1-225x300.jpg 225w, https:\/\/collies-vom-floersbachtal.de\/cms\/wp-content\/uploads\/2022\/07\/Kacy2-mit-3-Wochen-1.jpg 1000w\" sizes=\"auto, (max-width: 768px) 100vw, 768px\" \/><\/a><\/figure>\n<\/figure>\n\n\n\n<p><strong>2 Wochen alt Kaya 790 g<\/strong><\/p>\n\n\n\n<figure class=\"wp-block-gallery has-nested-images columns-default is-cropped wp-block-gallery-8 is-layout-flex wp-block-gallery-is-layout-flex\">\n<figure class=\"wp-block-image size-large\"><a href=\"https:\/\/collies-vom-floersbachtal.de\/cms\/wp-content\/uploads\/2022\/07\/Kaya2-mit-2-Wochen.jpg\"><img loading=\"lazy\" decoding=\"async\" width=\"706\" height=\"1024\" data-id=\"35972\" src=\"https:\/\/collies-vom-floersbachtal.de\/cms\/wp-content\/uploads\/2022\/07\/Kaya2-mit-2-Wochen-706x1024.jpg\" alt=\"\" class=\"wp-image-35972\" srcset=\"https:\/\/collies-vom-floersbachtal.de\/cms\/wp-content\/uploads\/2022\/07\/Kaya2-mit-2-Wochen-706x1024.jpg 706w, https:\/\/collies-vom-floersbachtal.de\/cms\/wp-content\/uploads\/2022\/07\/Kaya2-mit-2-Wochen-207x300.jpg 207w, https:\/\/collies-vom-floersbachtal.de\/cms\/wp-content\/uploads\/2022\/07\/Kaya2-mit-2-Wochen-768x1114.jpg 768w, https:\/\/collies-vom-floersbachtal.de\/cms\/wp-content\/uploads\/2022\/07\/Kaya2-mit-2-Wochen.jpg 1000w\" sizes=\"auto, (max-width: 706px) 100vw, 706px\" \/><\/a><figcaption class=\"wp-element-caption\">kleine Krawallmaus<\/figcaption><\/figure>\n\n\n\n<figure class=\"wp-block-image size-large\"><a href=\"https:\/\/collies-vom-floersbachtal.de\/cms\/wp-content\/uploads\/2022\/07\/Kaya1-mit-2-Wochen.jpg\"><img loading=\"lazy\" decoding=\"async\" width=\"897\" height=\"1024\" data-id=\"35971\" src=\"https:\/\/collies-vom-floersbachtal.de\/cms\/wp-content\/uploads\/2022\/07\/Kaya1-mit-2-Wochen-897x1024.jpg\" alt=\"\" class=\"wp-image-35971\" srcset=\"https:\/\/collies-vom-floersbachtal.de\/cms\/wp-content\/uploads\/2022\/07\/Kaya1-mit-2-Wochen-897x1024.jpg 897w, https:\/\/collies-vom-floersbachtal.de\/cms\/wp-content\/uploads\/2022\/07\/Kaya1-mit-2-Wochen-263x300.jpg 263w, https:\/\/collies-vom-floersbachtal.de\/cms\/wp-content\/uploads\/2022\/07\/Kaya1-mit-2-Wochen-768x877.jpg 768w, https:\/\/collies-vom-floersbachtal.de\/cms\/wp-content\/uploads\/2022\/07\/Kaya1-mit-2-Wochen.jpg 1000w\" sizes=\"auto, (max-width: 897px) 100vw, 897px\" \/><\/a><\/figure>\n<\/figure>\n\n\n\n<p><strong>1 Woche alt  Kaya 550 g <\/strong><\/p>\n\n\n\n<figure class=\"wp-block-gallery has-nested-images columns-default is-cropped wp-block-gallery-9 is-layout-flex wp-block-gallery-is-layout-flex\">\n<figure class=\"wp-block-image size-large\"><a href=\"https:\/\/collies-vom-floersbachtal.de\/cms\/wp-content\/uploads\/2022\/07\/Kaya1-scaled.jpg\"><img loading=\"lazy\" decoding=\"async\" width=\"787\" height=\"1024\" data-id=\"35895\" src=\"https:\/\/collies-vom-floersbachtal.de\/cms\/wp-content\/uploads\/2022\/07\/Kaya1-787x1024.jpg\" alt=\"\" class=\"wp-image-35895\" srcset=\"https:\/\/collies-vom-floersbachtal.de\/cms\/wp-content\/uploads\/2022\/07\/Kaya1-787x1024.jpg 787w, https:\/\/collies-vom-floersbachtal.de\/cms\/wp-content\/uploads\/2022\/07\/Kaya1-231x300.jpg 231w, https:\/\/collies-vom-floersbachtal.de\/cms\/wp-content\/uploads\/2022\/07\/Kaya1-768x1000.jpg 768w, https:\/\/collies-vom-floersbachtal.de\/cms\/wp-content\/uploads\/2022\/07\/Kaya1-1180x1536.jpg 1180w, https:\/\/collies-vom-floersbachtal.de\/cms\/wp-content\/uploads\/2022\/07\/Kaya1-1574x2048.jpg 1574w, https:\/\/collies-vom-floersbachtal.de\/cms\/wp-content\/uploads\/2022\/07\/Kaya1-scaled.jpg 1967w\" sizes=\"auto, (max-width: 787px) 100vw, 787px\" \/><\/a><\/figure>\n\n\n\n<figure class=\"wp-block-image size-large\"><a href=\"https:\/\/collies-vom-floersbachtal.de\/cms\/wp-content\/uploads\/2022\/07\/Kaya3-scaled.jpg\"><img loading=\"lazy\" decoding=\"async\" width=\"956\" height=\"1024\" data-id=\"35894\" src=\"https:\/\/collies-vom-floersbachtal.de\/cms\/wp-content\/uploads\/2022\/07\/Kaya3-956x1024.jpg\" alt=\"\" class=\"wp-image-35894\" srcset=\"https:\/\/collies-vom-floersbachtal.de\/cms\/wp-content\/uploads\/2022\/07\/Kaya3-956x1024.jpg 956w, https:\/\/collies-vom-floersbachtal.de\/cms\/wp-content\/uploads\/2022\/07\/Kaya3-280x300.jpg 280w, https:\/\/collies-vom-floersbachtal.de\/cms\/wp-content\/uploads\/2022\/07\/Kaya3-768x822.jpg 768w, https:\/\/collies-vom-floersbachtal.de\/cms\/wp-content\/uploads\/2022\/07\/Kaya3-1435x1536.jpg 1435w, https:\/\/collies-vom-floersbachtal.de\/cms\/wp-content\/uploads\/2022\/07\/Kaya3-1913x2048.jpg 1913w\" sizes=\"auto, (max-width: 956px) 100vw, 956px\" \/><\/a><\/figure>\n<\/figure>\n\n\n\n<p><strong>3.  &#8222;<strong>Kenai (Schwarzer B\u00e4r)<\/strong>&#8220;  06.07.2022   23:10 Uhr,  R\u00fcde Tricolor\/White, 360 g<\/strong> ( Krebs-Aszendent Wassermann, Chinesisch Wassertiger)   <strong> Easy  vergeben<\/strong> <strong>und ausgezogen <\/strong><\/p>\n\n\n\n<p><strong>MDR1 +\/+,&nbsp; &nbsp; &nbsp; CEA +\/+, oder +\/- frei,&nbsp; &nbsp; &nbsp;DM&nbsp; +\/+,&nbsp; oder &nbsp;+\/-, &nbsp; &nbsp;GCS&nbsp; N\/N,&nbsp; &nbsp; &nbsp;PRA&nbsp; N\/N,&nbsp; &nbsp; DMS aa bb,<\/strong><\/p>\n\n\n\n<figure class=\"wp-block-image size-full\"><a href=\"https:\/\/collies-vom-floersbachtal.de\/cms\/wp-content\/uploads\/2022\/07\/Kenai-und-Kaja1-an-der-Tanke-2-tage.jpg\"><img loading=\"lazy\" decoding=\"async\" width=\"1000\" height=\"667\" src=\"https:\/\/collies-vom-floersbachtal.de\/cms\/wp-content\/uploads\/2022\/07\/Kenai-und-Kaja1-an-der-Tanke-2-tage.jpg\" alt=\"\" class=\"wp-image-35838\" srcset=\"https:\/\/collies-vom-floersbachtal.de\/cms\/wp-content\/uploads\/2022\/07\/Kenai-und-Kaja1-an-der-Tanke-2-tage.jpg 1000w, https:\/\/collies-vom-floersbachtal.de\/cms\/wp-content\/uploads\/2022\/07\/Kenai-und-Kaja1-an-der-Tanke-2-tage-300x200.jpg 300w, https:\/\/collies-vom-floersbachtal.de\/cms\/wp-content\/uploads\/2022\/07\/Kenai-und-Kaja1-an-der-Tanke-2-tage-768x512.jpg 768w\" sizes=\"auto, (max-width: 1000px) 100vw, 1000px\" \/><\/a><figcaption class=\"wp-element-caption\">Kenai und Kaja<\/figcaption><\/figure>\n\n\n\n<figure class=\"wp-block-image size-large\"><a href=\"https:\/\/collies-vom-floersbachtal.de\/cms\/wp-content\/uploads\/2022\/07\/Nr.-3-2.-Tag.jpg\"><img loading=\"lazy\" decoding=\"async\" width=\"897\" height=\"1024\" src=\"https:\/\/collies-vom-floersbachtal.de\/cms\/wp-content\/uploads\/2022\/07\/Nr.-3-2.-Tag-897x1024.jpg\" alt=\"\" class=\"wp-image-35764\" srcset=\"https:\/\/collies-vom-floersbachtal.de\/cms\/wp-content\/uploads\/2022\/07\/Nr.-3-2.-Tag-897x1024.jpg 897w, https:\/\/collies-vom-floersbachtal.de\/cms\/wp-content\/uploads\/2022\/07\/Nr.-3-2.-Tag-263x300.jpg 263w, https:\/\/collies-vom-floersbachtal.de\/cms\/wp-content\/uploads\/2022\/07\/Nr.-3-2.-Tag-768x876.jpg 768w, https:\/\/collies-vom-floersbachtal.de\/cms\/wp-content\/uploads\/2022\/07\/Nr.-3-2.-Tag.jpg 1000w\" sizes=\"auto, (max-width: 897px) 100vw, 897px\" \/><\/a><\/figure>\n\n\n\n<p><strong>Kenai 8 Wochen alt 5900 g<\/strong><\/p>\n\n\n\n<figure class=\"wp-block-image size-full\"><a href=\"https:\/\/collies-vom-floersbachtal.de\/cms\/wp-content\/uploads\/2022\/08\/Kenai2-mit-8-Wochen.jpg\"><img loading=\"lazy\" decoding=\"async\" width=\"1000\" height=\"856\" src=\"https:\/\/collies-vom-floersbachtal.de\/cms\/wp-content\/uploads\/2022\/08\/Kenai2-mit-8-Wochen.jpg\" alt=\"\" class=\"wp-image-36545\" srcset=\"https:\/\/collies-vom-floersbachtal.de\/cms\/wp-content\/uploads\/2022\/08\/Kenai2-mit-8-Wochen.jpg 1000w, https:\/\/collies-vom-floersbachtal.de\/cms\/wp-content\/uploads\/2022\/08\/Kenai2-mit-8-Wochen-300x257.jpg 300w, https:\/\/collies-vom-floersbachtal.de\/cms\/wp-content\/uploads\/2022\/08\/Kenai2-mit-8-Wochen-768x657.jpg 768w\" sizes=\"auto, (max-width: 1000px) 100vw, 1000px\" \/><\/a><\/figure>\n\n\n\n<p><strong>Kenai 7 Wochen alt 5300 g<\/strong><\/p>\n\n\n\n<figure class=\"wp-block-image size-large\"><a href=\"https:\/\/collies-vom-floersbachtal.de\/cms\/wp-content\/uploads\/2022\/08\/Kenai1-nass.jpg\"><img loading=\"lazy\" decoding=\"async\" width=\"916\" height=\"1024\" src=\"https:\/\/collies-vom-floersbachtal.de\/cms\/wp-content\/uploads\/2022\/08\/Kenai1-nass-916x1024.jpg\" alt=\"\" class=\"wp-image-36482\" srcset=\"https:\/\/collies-vom-floersbachtal.de\/cms\/wp-content\/uploads\/2022\/08\/Kenai1-nass-916x1024.jpg 916w, https:\/\/collies-vom-floersbachtal.de\/cms\/wp-content\/uploads\/2022\/08\/Kenai1-nass-268x300.jpg 268w, https:\/\/collies-vom-floersbachtal.de\/cms\/wp-content\/uploads\/2022\/08\/Kenai1-nass-768x858.jpg 768w, https:\/\/collies-vom-floersbachtal.de\/cms\/wp-content\/uploads\/2022\/08\/Kenai1-nass-1375x1536.jpg 1375w, https:\/\/collies-vom-floersbachtal.de\/cms\/wp-content\/uploads\/2022\/08\/Kenai1-nass.jpg 1830w\" sizes=\"auto, (max-width: 916px) 100vw, 916px\" \/><\/a><\/figure>\n\n\n\n<p><strong>Kenai 6 Wochen alt 3800 g <\/strong><\/p>\n\n\n\n<figure class=\"wp-block-image size-full\"><a href=\"https:\/\/collies-vom-floersbachtal.de\/cms\/wp-content\/uploads\/2022\/08\/Kenai1-mit-6-Wochen.jpg\"><img loading=\"lazy\" decoding=\"async\" width=\"992\" height=\"780\" src=\"https:\/\/collies-vom-floersbachtal.de\/cms\/wp-content\/uploads\/2022\/08\/Kenai1-mit-6-Wochen.jpg\" alt=\"\" class=\"wp-image-36383\" srcset=\"https:\/\/collies-vom-floersbachtal.de\/cms\/wp-content\/uploads\/2022\/08\/Kenai1-mit-6-Wochen.jpg 992w, https:\/\/collies-vom-floersbachtal.de\/cms\/wp-content\/uploads\/2022\/08\/Kenai1-mit-6-Wochen-300x236.jpg 300w, https:\/\/collies-vom-floersbachtal.de\/cms\/wp-content\/uploads\/2022\/08\/Kenai1-mit-6-Wochen-768x604.jpg 768w\" sizes=\"auto, (max-width: 992px) 100vw, 992px\" \/><\/a><\/figure>\n\n\n\n<p><strong>Kenai 5 Wochen alt 2910 g<\/strong><\/p>\n\n\n\n<figure class=\"wp-block-gallery has-nested-images columns-default is-cropped wp-block-gallery-10 is-layout-flex wp-block-gallery-is-layout-flex\">\n<figure class=\"wp-block-image size-large\"><a href=\"https:\/\/collies-vom-floersbachtal.de\/cms\/wp-content\/uploads\/2022\/08\/Kenai1-mit-5-Wochen.jpg\"><img loading=\"lazy\" decoding=\"async\" width=\"1000\" height=\"436\" data-id=\"36251\" src=\"https:\/\/collies-vom-floersbachtal.de\/cms\/wp-content\/uploads\/2022\/08\/Kenai1-mit-5-Wochen.jpg\" alt=\"\" class=\"wp-image-36251\" srcset=\"https:\/\/collies-vom-floersbachtal.de\/cms\/wp-content\/uploads\/2022\/08\/Kenai1-mit-5-Wochen.jpg 1000w, https:\/\/collies-vom-floersbachtal.de\/cms\/wp-content\/uploads\/2022\/08\/Kenai1-mit-5-Wochen-300x131.jpg 300w, https:\/\/collies-vom-floersbachtal.de\/cms\/wp-content\/uploads\/2022\/08\/Kenai1-mit-5-Wochen-768x335.jpg 768w\" sizes=\"auto, (max-width: 1000px) 100vw, 1000px\" \/><\/a><\/figure>\n\n\n\n<figure class=\"wp-block-image size-large\"><a href=\"https:\/\/collies-vom-floersbachtal.de\/cms\/wp-content\/uploads\/2022\/08\/Kacy-Kanisha-und-Kenai1-mit-5-Wochen.jpg\"><img loading=\"lazy\" decoding=\"async\" width=\"1000\" height=\"315\" data-id=\"36252\" src=\"https:\/\/collies-vom-floersbachtal.de\/cms\/wp-content\/uploads\/2022\/08\/Kacy-Kanisha-und-Kenai1-mit-5-Wochen.jpg\" alt=\"\" class=\"wp-image-36252\" srcset=\"https:\/\/collies-vom-floersbachtal.de\/cms\/wp-content\/uploads\/2022\/08\/Kacy-Kanisha-und-Kenai1-mit-5-Wochen.jpg 1000w, https:\/\/collies-vom-floersbachtal.de\/cms\/wp-content\/uploads\/2022\/08\/Kacy-Kanisha-und-Kenai1-mit-5-Wochen-300x95.jpg 300w, https:\/\/collies-vom-floersbachtal.de\/cms\/wp-content\/uploads\/2022\/08\/Kacy-Kanisha-und-Kenai1-mit-5-Wochen-768x242.jpg 768w\" sizes=\"auto, (max-width: 1000px) 100vw, 1000px\" \/><\/a><\/figure>\n<\/figure>\n\n\n\n<figure class=\"wp-block-image size-large\"><a href=\"https:\/\/collies-vom-floersbachtal.de\/cms\/wp-content\/uploads\/2022\/08\/Kenai3-im-Garten-1.jpg\"><img loading=\"lazy\" decoding=\"async\" width=\"768\" height=\"1024\" src=\"https:\/\/collies-vom-floersbachtal.de\/cms\/wp-content\/uploads\/2022\/08\/Kenai3-im-Garten-1-768x1024.jpg\" alt=\"\" class=\"wp-image-36234\" srcset=\"https:\/\/collies-vom-floersbachtal.de\/cms\/wp-content\/uploads\/2022\/08\/Kenai3-im-Garten-1-768x1024.jpg 768w, https:\/\/collies-vom-floersbachtal.de\/cms\/wp-content\/uploads\/2022\/08\/Kenai3-im-Garten-1-225x300.jpg 225w, https:\/\/collies-vom-floersbachtal.de\/cms\/wp-content\/uploads\/2022\/08\/Kenai3-im-Garten-1.jpg 1000w\" sizes=\"auto, (max-width: 768px) 100vw, 768px\" \/><\/a><\/figure>\n\n\n\n<p><strong>Kenai  4 Wochen alt 1850 g<\/strong>  <\/p>\n\n\n\n<figure class=\"wp-block-image size-large\"><a href=\"https:\/\/collies-vom-floersbachtal.de\/cms\/wp-content\/uploads\/2022\/08\/Kenai2-mit-4-Wochen.jpg\"><img loading=\"lazy\" decoding=\"async\" width=\"947\" height=\"1024\" src=\"https:\/\/collies-vom-floersbachtal.de\/cms\/wp-content\/uploads\/2022\/08\/Kenai2-mit-4-Wochen-947x1024.jpg\" alt=\"\" class=\"wp-image-36123\" srcset=\"https:\/\/collies-vom-floersbachtal.de\/cms\/wp-content\/uploads\/2022\/08\/Kenai2-mit-4-Wochen-947x1024.jpg 947w, https:\/\/collies-vom-floersbachtal.de\/cms\/wp-content\/uploads\/2022\/08\/Kenai2-mit-4-Wochen-278x300.jpg 278w, https:\/\/collies-vom-floersbachtal.de\/cms\/wp-content\/uploads\/2022\/08\/Kenai2-mit-4-Wochen-768x830.jpg 768w, https:\/\/collies-vom-floersbachtal.de\/cms\/wp-content\/uploads\/2022\/08\/Kenai2-mit-4-Wochen.jpg 1000w\" sizes=\"auto, (max-width: 947px) 100vw, 947px\" \/><\/a><\/figure>\n\n\n\n<p><strong>3 Wochen alt Kenai 1340 g <\/strong><\/p>\n\n\n\n<figure class=\"wp-block-image size-full\"><a href=\"https:\/\/collies-vom-floersbachtal.de\/cms\/wp-content\/uploads\/2022\/07\/Kenai3-mit-3-Wochen.jpg\"><img loading=\"lazy\" decoding=\"async\" width=\"1000\" height=\"894\" src=\"https:\/\/collies-vom-floersbachtal.de\/cms\/wp-content\/uploads\/2022\/07\/Kenai3-mit-3-Wochen.jpg\" alt=\"\" class=\"wp-image-36036\" srcset=\"https:\/\/collies-vom-floersbachtal.de\/cms\/wp-content\/uploads\/2022\/07\/Kenai3-mit-3-Wochen.jpg 1000w, https:\/\/collies-vom-floersbachtal.de\/cms\/wp-content\/uploads\/2022\/07\/Kenai3-mit-3-Wochen-300x268.jpg 300w, https:\/\/collies-vom-floersbachtal.de\/cms\/wp-content\/uploads\/2022\/07\/Kenai3-mit-3-Wochen-768x687.jpg 768w\" sizes=\"auto, (max-width: 1000px) 100vw, 1000px\" \/><\/a><\/figure>\n\n\n\n<p><strong>2 Wochen alt Kenai 770 g<\/strong><\/p>\n\n\n\n<figure class=\"wp-block-image size-large\"><a href=\"https:\/\/collies-vom-floersbachtal.de\/cms\/wp-content\/uploads\/2022\/07\/Kenai1-mit-2-Wochen.jpg\"><img loading=\"lazy\" decoding=\"async\" width=\"824\" height=\"1024\" src=\"https:\/\/collies-vom-floersbachtal.de\/cms\/wp-content\/uploads\/2022\/07\/Kenai1-mit-2-Wochen-824x1024.jpg\" alt=\"\" class=\"wp-image-35973\" srcset=\"https:\/\/collies-vom-floersbachtal.de\/cms\/wp-content\/uploads\/2022\/07\/Kenai1-mit-2-Wochen-824x1024.jpg 824w, https:\/\/collies-vom-floersbachtal.de\/cms\/wp-content\/uploads\/2022\/07\/Kenai1-mit-2-Wochen-241x300.jpg 241w, https:\/\/collies-vom-floersbachtal.de\/cms\/wp-content\/uploads\/2022\/07\/Kenai1-mit-2-Wochen-768x955.jpg 768w, https:\/\/collies-vom-floersbachtal.de\/cms\/wp-content\/uploads\/2022\/07\/Kenai1-mit-2-Wochen.jpg 1000w\" sizes=\"auto, (max-width: 824px) 100vw, 824px\" \/><\/a><figcaption class=\"wp-element-caption\">ganz ein Stiller<\/figcaption><\/figure>\n\n\n\n<p><strong>1 Woche alt  Kenai 500 g<\/strong><\/p>\n\n\n\n<figure class=\"wp-block-gallery has-nested-images columns-default is-cropped wp-block-gallery-11 is-layout-flex wp-block-gallery-is-layout-flex\">\n<figure class=\"wp-block-image size-large\"><a href=\"https:\/\/collies-vom-floersbachtal.de\/cms\/wp-content\/uploads\/2022\/07\/Kenai3-scaled.jpg\"><img loading=\"lazy\" decoding=\"async\" width=\"812\" height=\"1024\" data-id=\"35898\" src=\"https:\/\/collies-vom-floersbachtal.de\/cms\/wp-content\/uploads\/2022\/07\/Kenai3-812x1024.jpg\" alt=\"\" class=\"wp-image-35898\" srcset=\"https:\/\/collies-vom-floersbachtal.de\/cms\/wp-content\/uploads\/2022\/07\/Kenai3-812x1024.jpg 812w, https:\/\/collies-vom-floersbachtal.de\/cms\/wp-content\/uploads\/2022\/07\/Kenai3-238x300.jpg 238w, https:\/\/collies-vom-floersbachtal.de\/cms\/wp-content\/uploads\/2022\/07\/Kenai3-768x969.jpg 768w, https:\/\/collies-vom-floersbachtal.de\/cms\/wp-content\/uploads\/2022\/07\/Kenai3-1218x1536.jpg 1218w, https:\/\/collies-vom-floersbachtal.de\/cms\/wp-content\/uploads\/2022\/07\/Kenai3-1624x2048.jpg 1624w, https:\/\/collies-vom-floersbachtal.de\/cms\/wp-content\/uploads\/2022\/07\/Kenai3-scaled.jpg 2030w\" sizes=\"auto, (max-width: 812px) 100vw, 812px\" \/><\/a><\/figure>\n\n\n\n<figure class=\"wp-block-image size-large\"><a href=\"https:\/\/collies-vom-floersbachtal.de\/cms\/wp-content\/uploads\/2022\/07\/Kenai1-scaled.jpg\"><img loading=\"lazy\" decoding=\"async\" width=\"956\" height=\"1024\" data-id=\"35897\" src=\"https:\/\/collies-vom-floersbachtal.de\/cms\/wp-content\/uploads\/2022\/07\/Kenai1-956x1024.jpg\" alt=\"\" class=\"wp-image-35897\" srcset=\"https:\/\/collies-vom-floersbachtal.de\/cms\/wp-content\/uploads\/2022\/07\/Kenai1-956x1024.jpg 956w, https:\/\/collies-vom-floersbachtal.de\/cms\/wp-content\/uploads\/2022\/07\/Kenai1-280x300.jpg 280w, https:\/\/collies-vom-floersbachtal.de\/cms\/wp-content\/uploads\/2022\/07\/Kenai1-768x823.jpg 768w, https:\/\/collies-vom-floersbachtal.de\/cms\/wp-content\/uploads\/2022\/07\/Kenai1-1434x1536.jpg 1434w, https:\/\/collies-vom-floersbachtal.de\/cms\/wp-content\/uploads\/2022\/07\/Kenai1-1911x2048.jpg 1911w\" sizes=\"auto, (max-width: 956px) 100vw, 956px\" \/><\/a><\/figure>\n\n\n\n<figure class=\"wp-block-image size-large\"><a href=\"https:\/\/collies-vom-floersbachtal.de\/cms\/wp-content\/uploads\/2022\/07\/Kenai2.jpg\"><img loading=\"lazy\" decoding=\"async\" width=\"1024\" height=\"1024\" data-id=\"35896\" src=\"https:\/\/collies-vom-floersbachtal.de\/cms\/wp-content\/uploads\/2022\/07\/Kenai2-1024x1024.jpg\" alt=\"\" class=\"wp-image-35896\" srcset=\"https:\/\/collies-vom-floersbachtal.de\/cms\/wp-content\/uploads\/2022\/07\/Kenai2-1024x1024.jpg 1024w, https:\/\/collies-vom-floersbachtal.de\/cms\/wp-content\/uploads\/2022\/07\/Kenai2-300x300.jpg 300w, https:\/\/collies-vom-floersbachtal.de\/cms\/wp-content\/uploads\/2022\/07\/Kenai2-150x150.jpg 150w, https:\/\/collies-vom-floersbachtal.de\/cms\/wp-content\/uploads\/2022\/07\/Kenai2-768x768.jpg 768w, https:\/\/collies-vom-floersbachtal.de\/cms\/wp-content\/uploads\/2022\/07\/Kenai2-1536x1536.jpg 1536w, https:\/\/collies-vom-floersbachtal.de\/cms\/wp-content\/uploads\/2022\/07\/Kenai2-2048x2048.jpg 2048w\" sizes=\"auto, (max-width: 1024px) 100vw, 1024px\" \/><\/a><\/figure>\n<\/figure>\n\n\n\n<p><strong>4.  &#8222;<strong>Kanisha<\/strong><\/strong> <strong>&#8220; 07.07.2022  00:32 Uhr,  (H\u00fcndin)White \/  Blue-Merle Marken 1 Spot, 320 g <\/strong>( Krebs Aszendent Widder, Chinesisch Wassertiger) <strong> vergeben<\/strong> <strong>und ausgezogen<\/strong><\/p>\n\n\n\n<figure class=\"wp-block-image size-large\"><a href=\"https:\/\/collies-vom-floersbachtal.de\/cms\/wp-content\/uploads\/2022\/07\/Nr.4-2.-Tag.jpg\"><img loading=\"lazy\" decoding=\"async\" width=\"695\" height=\"1024\" src=\"https:\/\/collies-vom-floersbachtal.de\/cms\/wp-content\/uploads\/2022\/07\/Nr.4-2.-Tag-695x1024.jpg\" alt=\"\" class=\"wp-image-35766\" srcset=\"https:\/\/collies-vom-floersbachtal.de\/cms\/wp-content\/uploads\/2022\/07\/Nr.4-2.-Tag-695x1024.jpg 695w, https:\/\/collies-vom-floersbachtal.de\/cms\/wp-content\/uploads\/2022\/07\/Nr.4-2.-Tag-204x300.jpg 204w, https:\/\/collies-vom-floersbachtal.de\/cms\/wp-content\/uploads\/2022\/07\/Nr.4-2.-Tag-768x1132.jpg 768w, https:\/\/collies-vom-floersbachtal.de\/cms\/wp-content\/uploads\/2022\/07\/Nr.4-2.-Tag.jpg 1000w\" sizes=\"auto, (max-width: 695px) 100vw, 695px\" \/><\/a><\/figure>\n\n\n\n<p><strong>MDR1 +\/+,&nbsp; &nbsp; &nbsp; CEA +\/+, oder +\/- frei,&nbsp; &nbsp; &nbsp;DM&nbsp; +\/+,&nbsp; oder &nbsp;+\/-, &nbsp; &nbsp;GCS&nbsp; N\/N,&nbsp; &nbsp; &nbsp;PRA&nbsp; N\/N,&nbsp; &nbsp; DMS aa bb,<\/strong><\/p>\n\n\n\n<figure class=\"wp-block-image size-full\"><a href=\"https:\/\/collies-vom-floersbachtal.de\/cms\/wp-content\/uploads\/2022\/07\/Nr.4-2.-Tag1.jpg\"><img loading=\"lazy\" decoding=\"async\" width=\"1000\" height=\"840\" src=\"https:\/\/collies-vom-floersbachtal.de\/cms\/wp-content\/uploads\/2022\/07\/Nr.4-2.-Tag1.jpg\" alt=\"\" class=\"wp-image-35805\" srcset=\"https:\/\/collies-vom-floersbachtal.de\/cms\/wp-content\/uploads\/2022\/07\/Nr.4-2.-Tag1.jpg 1000w, https:\/\/collies-vom-floersbachtal.de\/cms\/wp-content\/uploads\/2022\/07\/Nr.4-2.-Tag1-300x252.jpg 300w, https:\/\/collies-vom-floersbachtal.de\/cms\/wp-content\/uploads\/2022\/07\/Nr.4-2.-Tag1-768x645.jpg 768w\" sizes=\"auto, (max-width: 1000px) 100vw, 1000px\" \/><\/a><\/figure>\n\n\n\n<p><strong>Kanisha 8 Wochen alt 5700 g <\/strong><\/p>\n\n\n\n<figure class=\"wp-block-image size-large\"><a href=\"https:\/\/collies-vom-floersbachtal.de\/cms\/wp-content\/uploads\/2022\/08\/Kanisha2-mit-8-Wochen.jpg\"><img loading=\"lazy\" decoding=\"async\" width=\"866\" height=\"1024\" src=\"https:\/\/collies-vom-floersbachtal.de\/cms\/wp-content\/uploads\/2022\/08\/Kanisha2-mit-8-Wochen-866x1024.jpg\" alt=\"\" class=\"wp-image-36546\" srcset=\"https:\/\/collies-vom-floersbachtal.de\/cms\/wp-content\/uploads\/2022\/08\/Kanisha2-mit-8-Wochen-866x1024.jpg 866w, https:\/\/collies-vom-floersbachtal.de\/cms\/wp-content\/uploads\/2022\/08\/Kanisha2-mit-8-Wochen-254x300.jpg 254w, https:\/\/collies-vom-floersbachtal.de\/cms\/wp-content\/uploads\/2022\/08\/Kanisha2-mit-8-Wochen-768x909.jpg 768w, https:\/\/collies-vom-floersbachtal.de\/cms\/wp-content\/uploads\/2022\/08\/Kanisha2-mit-8-Wochen.jpg 1000w\" sizes=\"auto, (max-width: 866px) 100vw, 866px\" \/><\/a><\/figure>\n\n\n\n<p><strong>Kanisha 7 Wochen alt 5000 g<\/strong><\/p>\n\n\n\n<figure class=\"wp-block-image size-large\"><a href=\"https:\/\/collies-vom-floersbachtal.de\/cms\/wp-content\/uploads\/2022\/08\/Kanisha1-mit-fast-7-Wochen-scaled.jpg\"><img loading=\"lazy\" decoding=\"async\" width=\"577\" height=\"1024\" src=\"https:\/\/collies-vom-floersbachtal.de\/cms\/wp-content\/uploads\/2022\/08\/Kanisha1-mit-fast-7-Wochen-577x1024.jpg\" alt=\"\" class=\"wp-image-36483\" srcset=\"https:\/\/collies-vom-floersbachtal.de\/cms\/wp-content\/uploads\/2022\/08\/Kanisha1-mit-fast-7-Wochen-577x1024.jpg 577w, https:\/\/collies-vom-floersbachtal.de\/cms\/wp-content\/uploads\/2022\/08\/Kanisha1-mit-fast-7-Wochen-169x300.jpg 169w, https:\/\/collies-vom-floersbachtal.de\/cms\/wp-content\/uploads\/2022\/08\/Kanisha1-mit-fast-7-Wochen-768x1364.jpg 768w, https:\/\/collies-vom-floersbachtal.de\/cms\/wp-content\/uploads\/2022\/08\/Kanisha1-mit-fast-7-Wochen-865x1536.jpg 865w, https:\/\/collies-vom-floersbachtal.de\/cms\/wp-content\/uploads\/2022\/08\/Kanisha1-mit-fast-7-Wochen-1153x2048.jpg 1153w, https:\/\/collies-vom-floersbachtal.de\/cms\/wp-content\/uploads\/2022\/08\/Kanisha1-mit-fast-7-Wochen-scaled.jpg 1442w\" sizes=\"auto, (max-width: 577px) 100vw, 577px\" \/><\/a><\/figure>\n\n\n\n<p><strong>Kanisha 6 Wochen alt<\/strong> <strong>3640 g<\/strong> <\/p>\n\n\n\n<figure class=\"wp-block-image size-large\"><a href=\"https:\/\/collies-vom-floersbachtal.de\/cms\/wp-content\/uploads\/2022\/08\/Kanisha1-mit-6-Wochen.jpg\"><img loading=\"lazy\" decoding=\"async\" width=\"792\" height=\"1024\" src=\"https:\/\/collies-vom-floersbachtal.de\/cms\/wp-content\/uploads\/2022\/08\/Kanisha1-mit-6-Wochen-792x1024.jpg\" alt=\"\" class=\"wp-image-36384\" srcset=\"https:\/\/collies-vom-floersbachtal.de\/cms\/wp-content\/uploads\/2022\/08\/Kanisha1-mit-6-Wochen-792x1024.jpg 792w, https:\/\/collies-vom-floersbachtal.de\/cms\/wp-content\/uploads\/2022\/08\/Kanisha1-mit-6-Wochen-232x300.jpg 232w, https:\/\/collies-vom-floersbachtal.de\/cms\/wp-content\/uploads\/2022\/08\/Kanisha1-mit-6-Wochen-768x993.jpg 768w, https:\/\/collies-vom-floersbachtal.de\/cms\/wp-content\/uploads\/2022\/08\/Kanisha1-mit-6-Wochen.jpg 1000w\" sizes=\"auto, (max-width: 792px) 100vw, 792px\" \/><\/a><\/figure>\n\n\n\n<p><strong>Kanisha 5 Wochen alt 2730 g<\/strong><\/p>\n\n\n\n<figure class=\"wp-block-gallery has-nested-images columns-default is-cropped wp-block-gallery-12 is-layout-flex wp-block-gallery-is-layout-flex\">\n<figure class=\"wp-block-image size-large\"><a href=\"https:\/\/collies-vom-floersbachtal.de\/cms\/wp-content\/uploads\/2022\/08\/Kacy-Kanisha-und-Kenai1-mit-5-Wochen-1.jpg\"><img loading=\"lazy\" decoding=\"async\" width=\"1000\" height=\"315\" data-id=\"36253\" src=\"https:\/\/collies-vom-floersbachtal.de\/cms\/wp-content\/uploads\/2022\/08\/Kacy-Kanisha-und-Kenai1-mit-5-Wochen-1.jpg\" alt=\"\" class=\"wp-image-36253\" srcset=\"https:\/\/collies-vom-floersbachtal.de\/cms\/wp-content\/uploads\/2022\/08\/Kacy-Kanisha-und-Kenai1-mit-5-Wochen-1.jpg 1000w, https:\/\/collies-vom-floersbachtal.de\/cms\/wp-content\/uploads\/2022\/08\/Kacy-Kanisha-und-Kenai1-mit-5-Wochen-1-300x95.jpg 300w, https:\/\/collies-vom-floersbachtal.de\/cms\/wp-content\/uploads\/2022\/08\/Kacy-Kanisha-und-Kenai1-mit-5-Wochen-1-768x242.jpg 768w\" sizes=\"auto, (max-width: 1000px) 100vw, 1000px\" \/><\/a><\/figure>\n\n\n\n<figure class=\"wp-block-image size-large\"><a href=\"https:\/\/collies-vom-floersbachtal.de\/cms\/wp-content\/uploads\/2022\/08\/Kanisha1-mit-5-Wochen.jpg\"><img loading=\"lazy\" decoding=\"async\" width=\"956\" height=\"1024\" data-id=\"36254\" src=\"https:\/\/collies-vom-floersbachtal.de\/cms\/wp-content\/uploads\/2022\/08\/Kanisha1-mit-5-Wochen-956x1024.jpg\" alt=\"\" class=\"wp-image-36254\" srcset=\"https:\/\/collies-vom-floersbachtal.de\/cms\/wp-content\/uploads\/2022\/08\/Kanisha1-mit-5-Wochen-956x1024.jpg 956w, https:\/\/collies-vom-floersbachtal.de\/cms\/wp-content\/uploads\/2022\/08\/Kanisha1-mit-5-Wochen-280x300.jpg 280w, https:\/\/collies-vom-floersbachtal.de\/cms\/wp-content\/uploads\/2022\/08\/Kanisha1-mit-5-Wochen-768x823.jpg 768w, https:\/\/collies-vom-floersbachtal.de\/cms\/wp-content\/uploads\/2022\/08\/Kanisha1-mit-5-Wochen.jpg 1000w\" sizes=\"auto, (max-width: 956px) 100vw, 956px\" \/><\/a><\/figure>\n\n\n\n<figure class=\"wp-block-image size-large\"><a href=\"https:\/\/collies-vom-floersbachtal.de\/cms\/wp-content\/uploads\/2022\/08\/Kanisha2-mit-5-Wochen.jpg\"><img loading=\"lazy\" decoding=\"async\" width=\"577\" height=\"1024\" data-id=\"36255\" src=\"https:\/\/collies-vom-floersbachtal.de\/cms\/wp-content\/uploads\/2022\/08\/Kanisha2-mit-5-Wochen-577x1024.jpg\" alt=\"\" class=\"wp-image-36255\" srcset=\"https:\/\/collies-vom-floersbachtal.de\/cms\/wp-content\/uploads\/2022\/08\/Kanisha2-mit-5-Wochen-577x1024.jpg 577w, https:\/\/collies-vom-floersbachtal.de\/cms\/wp-content\/uploads\/2022\/08\/Kanisha2-mit-5-Wochen-169x300.jpg 169w, https:\/\/collies-vom-floersbachtal.de\/cms\/wp-content\/uploads\/2022\/08\/Kanisha2-mit-5-Wochen-768x1364.jpg 768w, https:\/\/collies-vom-floersbachtal.de\/cms\/wp-content\/uploads\/2022\/08\/Kanisha2-mit-5-Wochen-865x1536.jpg 865w, https:\/\/collies-vom-floersbachtal.de\/cms\/wp-content\/uploads\/2022\/08\/Kanisha2-mit-5-Wochen.jpg 1000w\" sizes=\"auto, (max-width: 577px) 100vw, 577px\" \/><\/a><\/figure>\n<\/figure>\n\n\n\n<figure class=\"wp-block-image size-large\"><a href=\"https:\/\/collies-vom-floersbachtal.de\/cms\/wp-content\/uploads\/2022\/08\/Kanisha8-im-Garten.jpg\"><img loading=\"lazy\" decoding=\"async\" width=\"683\" height=\"1024\" src=\"https:\/\/collies-vom-floersbachtal.de\/cms\/wp-content\/uploads\/2022\/08\/Kanisha8-im-Garten-683x1024.jpg\" alt=\"\" class=\"wp-image-36282\" srcset=\"https:\/\/collies-vom-floersbachtal.de\/cms\/wp-content\/uploads\/2022\/08\/Kanisha8-im-Garten-683x1024.jpg 683w, https:\/\/collies-vom-floersbachtal.de\/cms\/wp-content\/uploads\/2022\/08\/Kanisha8-im-Garten-200x300.jpg 200w, https:\/\/collies-vom-floersbachtal.de\/cms\/wp-content\/uploads\/2022\/08\/Kanisha8-im-Garten-768x1152.jpg 768w, https:\/\/collies-vom-floersbachtal.de\/cms\/wp-content\/uploads\/2022\/08\/Kanisha8-im-Garten.jpg 1000w\" sizes=\"auto, (max-width: 683px) 100vw, 683px\" \/><\/a><\/figure>\n\n\n\n<p><strong>Kanisha 4 Wochen alt 1900 g<\/strong><\/p>\n\n\n\n<figure class=\"wp-block-image size-large\"><a href=\"https:\/\/collies-vom-floersbachtal.de\/cms\/wp-content\/uploads\/2022\/08\/Kanisha2-mit-4Wochen-1.jpg\"><img loading=\"lazy\" decoding=\"async\" width=\"893\" height=\"1024\" src=\"https:\/\/collies-vom-floersbachtal.de\/cms\/wp-content\/uploads\/2022\/08\/Kanisha2-mit-4Wochen-1-893x1024.jpg\" alt=\"\" class=\"wp-image-36124\" srcset=\"https:\/\/collies-vom-floersbachtal.de\/cms\/wp-content\/uploads\/2022\/08\/Kanisha2-mit-4Wochen-1-893x1024.jpg 893w, https:\/\/collies-vom-floersbachtal.de\/cms\/wp-content\/uploads\/2022\/08\/Kanisha2-mit-4Wochen-1-262x300.jpg 262w, https:\/\/collies-vom-floersbachtal.de\/cms\/wp-content\/uploads\/2022\/08\/Kanisha2-mit-4Wochen-1-768x881.jpg 768w, https:\/\/collies-vom-floersbachtal.de\/cms\/wp-content\/uploads\/2022\/08\/Kanisha2-mit-4Wochen-1.jpg 1000w\" sizes=\"auto, (max-width: 893px) 100vw, 893px\" \/><\/a><\/figure>\n\n\n\n<p><strong>3 Wochen alt Kanisha<\/strong> <strong>1230 g <\/strong><\/p>\n\n\n\n<figure class=\"wp-block-image size-large\"><a href=\"https:\/\/collies-vom-floersbachtal.de\/cms\/wp-content\/uploads\/2022\/07\/Kanisha2-mit-3-Wochen.jpg\"><img loading=\"lazy\" decoding=\"async\" width=\"808\" height=\"1024\" src=\"https:\/\/collies-vom-floersbachtal.de\/cms\/wp-content\/uploads\/2022\/07\/Kanisha2-mit-3-Wochen-808x1024.jpg\" alt=\"\" class=\"wp-image-36074\" srcset=\"https:\/\/collies-vom-floersbachtal.de\/cms\/wp-content\/uploads\/2022\/07\/Kanisha2-mit-3-Wochen-808x1024.jpg 808w, https:\/\/collies-vom-floersbachtal.de\/cms\/wp-content\/uploads\/2022\/07\/Kanisha2-mit-3-Wochen-237x300.jpg 237w, https:\/\/collies-vom-floersbachtal.de\/cms\/wp-content\/uploads\/2022\/07\/Kanisha2-mit-3-Wochen-768x974.jpg 768w, https:\/\/collies-vom-floersbachtal.de\/cms\/wp-content\/uploads\/2022\/07\/Kanisha2-mit-3-Wochen.jpg 1000w\" sizes=\"auto, (max-width: 808px) 100vw, 808px\" \/><\/a><\/figure>\n\n\n\n<figure class=\"wp-block-image size-full\"><a href=\"https:\/\/collies-vom-floersbachtal.de\/cms\/wp-content\/uploads\/2022\/07\/Kanisha1-mit-3-Wochen.jpg\"><img loading=\"lazy\" decoding=\"async\" width=\"1000\" height=\"805\" src=\"https:\/\/collies-vom-floersbachtal.de\/cms\/wp-content\/uploads\/2022\/07\/Kanisha1-mit-3-Wochen.jpg\" alt=\"\" class=\"wp-image-36037\" srcset=\"https:\/\/collies-vom-floersbachtal.de\/cms\/wp-content\/uploads\/2022\/07\/Kanisha1-mit-3-Wochen.jpg 1000w, https:\/\/collies-vom-floersbachtal.de\/cms\/wp-content\/uploads\/2022\/07\/Kanisha1-mit-3-Wochen-300x242.jpg 300w, https:\/\/collies-vom-floersbachtal.de\/cms\/wp-content\/uploads\/2022\/07\/Kanisha1-mit-3-Wochen-768x618.jpg 768w\" sizes=\"auto, (max-width: 1000px) 100vw, 1000px\" \/><\/a><\/figure>\n\n\n\n<p><strong>2 Wochen alt Kanisha 730 g <\/strong><\/p>\n\n\n\n<figure class=\"wp-block-gallery has-nested-images columns-default is-cropped wp-block-gallery-13 is-layout-flex wp-block-gallery-is-layout-flex\">\n<figure class=\"wp-block-image size-large\"><a href=\"https:\/\/collies-vom-floersbachtal.de\/cms\/wp-content\/uploads\/2022\/07\/Kadisha2-mit-2-Wochen.jpg\"><img loading=\"lazy\" decoding=\"async\" width=\"866\" height=\"1024\" data-id=\"35974\" src=\"https:\/\/collies-vom-floersbachtal.de\/cms\/wp-content\/uploads\/2022\/07\/Kadisha2-mit-2-Wochen-866x1024.jpg\" alt=\"\" class=\"wp-image-35974\" srcset=\"https:\/\/collies-vom-floersbachtal.de\/cms\/wp-content\/uploads\/2022\/07\/Kadisha2-mit-2-Wochen-866x1024.jpg 866w, https:\/\/collies-vom-floersbachtal.de\/cms\/wp-content\/uploads\/2022\/07\/Kadisha2-mit-2-Wochen-254x300.jpg 254w, https:\/\/collies-vom-floersbachtal.de\/cms\/wp-content\/uploads\/2022\/07\/Kadisha2-mit-2-Wochen-768x909.jpg 768w, https:\/\/collies-vom-floersbachtal.de\/cms\/wp-content\/uploads\/2022\/07\/Kadisha2-mit-2-Wochen.jpg 1000w\" sizes=\"auto, (max-width: 866px) 100vw, 866px\" \/><\/a><figcaption class=\"wp-element-caption\">ruhige Maus<\/figcaption><\/figure>\n\n\n\n<figure class=\"wp-block-image size-large\"><a href=\"https:\/\/collies-vom-floersbachtal.de\/cms\/wp-content\/uploads\/2022\/07\/Kadisha1-mit-2-Wochen.jpg\"><img loading=\"lazy\" decoding=\"async\" width=\"807\" height=\"1024\" data-id=\"35975\" src=\"https:\/\/collies-vom-floersbachtal.de\/cms\/wp-content\/uploads\/2022\/07\/Kadisha1-mit-2-Wochen-807x1024.jpg\" alt=\"\" class=\"wp-image-35975\" srcset=\"https:\/\/collies-vom-floersbachtal.de\/cms\/wp-content\/uploads\/2022\/07\/Kadisha1-mit-2-Wochen-807x1024.jpg 807w, https:\/\/collies-vom-floersbachtal.de\/cms\/wp-content\/uploads\/2022\/07\/Kadisha1-mit-2-Wochen-236x300.jpg 236w, https:\/\/collies-vom-floersbachtal.de\/cms\/wp-content\/uploads\/2022\/07\/Kadisha1-mit-2-Wochen-768x975.jpg 768w, https:\/\/collies-vom-floersbachtal.de\/cms\/wp-content\/uploads\/2022\/07\/Kadisha1-mit-2-Wochen.jpg 1000w\" sizes=\"auto, (max-width: 807px) 100vw, 807px\" \/><\/a><\/figure>\n<\/figure>\n\n\n\n<p><strong>1 Woche alt Kanisha  510 g<\/strong><\/p>\n\n\n\n<figure class=\"wp-block-gallery has-nested-images columns-default is-cropped wp-block-gallery-14 is-layout-flex wp-block-gallery-is-layout-flex\">\n<figure class=\"wp-block-image size-large\"><a href=\"https:\/\/collies-vom-floersbachtal.de\/cms\/wp-content\/uploads\/2022\/07\/Kanisha3.jpg\"><img loading=\"lazy\" decoding=\"async\" width=\"890\" height=\"1024\" data-id=\"35901\" src=\"https:\/\/collies-vom-floersbachtal.de\/cms\/wp-content\/uploads\/2022\/07\/Kanisha3-890x1024.jpg\" alt=\"\" class=\"wp-image-35901\" srcset=\"https:\/\/collies-vom-floersbachtal.de\/cms\/wp-content\/uploads\/2022\/07\/Kanisha3-890x1024.jpg 890w, https:\/\/collies-vom-floersbachtal.de\/cms\/wp-content\/uploads\/2022\/07\/Kanisha3-261x300.jpg 261w, https:\/\/collies-vom-floersbachtal.de\/cms\/wp-content\/uploads\/2022\/07\/Kanisha3-768x884.jpg 768w, https:\/\/collies-vom-floersbachtal.de\/cms\/wp-content\/uploads\/2022\/07\/Kanisha3.jpg 1000w\" sizes=\"auto, (max-width: 890px) 100vw, 890px\" \/><\/a><\/figure>\n\n\n\n<figure class=\"wp-block-image size-large\"><a href=\"https:\/\/collies-vom-floersbachtal.de\/cms\/wp-content\/uploads\/2022\/07\/Kanisha1.jpg\"><img loading=\"lazy\" decoding=\"async\" width=\"1000\" height=\"986\" data-id=\"35899\" src=\"https:\/\/collies-vom-floersbachtal.de\/cms\/wp-content\/uploads\/2022\/07\/Kanisha1.jpg\" alt=\"\" class=\"wp-image-35899\" srcset=\"https:\/\/collies-vom-floersbachtal.de\/cms\/wp-content\/uploads\/2022\/07\/Kanisha1.jpg 1000w, https:\/\/collies-vom-floersbachtal.de\/cms\/wp-content\/uploads\/2022\/07\/Kanisha1-300x296.jpg 300w, https:\/\/collies-vom-floersbachtal.de\/cms\/wp-content\/uploads\/2022\/07\/Kanisha1-768x757.jpg 768w\" sizes=\"auto, (max-width: 1000px) 100vw, 1000px\" \/><\/a><\/figure>\n\n\n\n<figure class=\"wp-block-image size-large\"><a href=\"https:\/\/collies-vom-floersbachtal.de\/cms\/wp-content\/uploads\/2022\/07\/Kanisha2.jpg\"><img loading=\"lazy\" decoding=\"async\" width=\"824\" height=\"1024\" data-id=\"35900\" src=\"https:\/\/collies-vom-floersbachtal.de\/cms\/wp-content\/uploads\/2022\/07\/Kanisha2-824x1024.jpg\" alt=\"\" class=\"wp-image-35900\" srcset=\"https:\/\/collies-vom-floersbachtal.de\/cms\/wp-content\/uploads\/2022\/07\/Kanisha2-824x1024.jpg 824w, https:\/\/collies-vom-floersbachtal.de\/cms\/wp-content\/uploads\/2022\/07\/Kanisha2-241x300.jpg 241w, https:\/\/collies-vom-floersbachtal.de\/cms\/wp-content\/uploads\/2022\/07\/Kanisha2-768x955.jpg 768w, https:\/\/collies-vom-floersbachtal.de\/cms\/wp-content\/uploads\/2022\/07\/Kanisha2.jpg 1000w\" sizes=\"auto, (max-width: 824px) 100vw, 824px\" \/><\/a><\/figure>\n<\/figure>\n\n\n\n<p><strong>5.  &#8220; <strong>Krystal Louis <\/strong>&#8220;  07.07.2022  02:15 Uhr,  (R\u00fcde) White \/  Trico Marken, 2 Spots , 330 g<\/strong> (Krebs Aszendent Stier, Chinesisch Wassertiger)   <strong> vergeben und ausgezogen<\/strong><\/p>\n\n\n\n<figure class=\"wp-block-image size-full\"><a href=\"https:\/\/collies-vom-floersbachtal.de\/cms\/wp-content\/uploads\/2022\/07\/Kristal-Louis1-2-Tage-alt.jpg\"><img loading=\"lazy\" decoding=\"async\" width=\"1000\" height=\"952\" src=\"https:\/\/collies-vom-floersbachtal.de\/cms\/wp-content\/uploads\/2022\/07\/Kristal-Louis1-2-Tage-alt.jpg\" alt=\"\" class=\"wp-image-35835\" srcset=\"https:\/\/collies-vom-floersbachtal.de\/cms\/wp-content\/uploads\/2022\/07\/Kristal-Louis1-2-Tage-alt.jpg 1000w, https:\/\/collies-vom-floersbachtal.de\/cms\/wp-content\/uploads\/2022\/07\/Kristal-Louis1-2-Tage-alt-300x286.jpg 300w, https:\/\/collies-vom-floersbachtal.de\/cms\/wp-content\/uploads\/2022\/07\/Kristal-Louis1-2-Tage-alt-768x731.jpg 768w\" sizes=\"auto, (max-width: 1000px) 100vw, 1000px\" \/><\/a><\/figure>\n\n\n\n<figure class=\"wp-block-image size-large\"><a href=\"https:\/\/collies-vom-floersbachtal.de\/cms\/wp-content\/uploads\/2022\/07\/Nr.5-2.Tag_.jpg\"><img loading=\"lazy\" decoding=\"async\" width=\"884\" height=\"1024\" src=\"https:\/\/collies-vom-floersbachtal.de\/cms\/wp-content\/uploads\/2022\/07\/Nr.5-2.Tag_-884x1024.jpg\" alt=\"\" class=\"wp-image-35762\" srcset=\"https:\/\/collies-vom-floersbachtal.de\/cms\/wp-content\/uploads\/2022\/07\/Nr.5-2.Tag_-884x1024.jpg 884w, https:\/\/collies-vom-floersbachtal.de\/cms\/wp-content\/uploads\/2022\/07\/Nr.5-2.Tag_-259x300.jpg 259w, https:\/\/collies-vom-floersbachtal.de\/cms\/wp-content\/uploads\/2022\/07\/Nr.5-2.Tag_-768x889.jpg 768w, https:\/\/collies-vom-floersbachtal.de\/cms\/wp-content\/uploads\/2022\/07\/Nr.5-2.Tag_.jpg 1000w\" sizes=\"auto, (max-width: 884px) 100vw, 884px\" \/><\/a><\/figure>\n\n\n\n<p><strong>Louis 8 Wochen alt 5700 g<\/strong> <\/p>\n\n\n\n<figure class=\"wp-block-gallery has-nested-images columns-default is-cropped wp-block-gallery-15 is-layout-flex wp-block-gallery-is-layout-flex\">\n<figure class=\"wp-block-image size-large\"><a href=\"https:\/\/collies-vom-floersbachtal.de\/cms\/wp-content\/uploads\/2022\/08\/Louis2-mit-8-Wochen.jpg\"><img loading=\"lazy\" decoding=\"async\" width=\"974\" height=\"1024\" data-id=\"36610\" src=\"https:\/\/collies-vom-floersbachtal.de\/cms\/wp-content\/uploads\/2022\/08\/Louis2-mit-8-Wochen-974x1024.jpg\" alt=\"\" class=\"wp-image-36610\" srcset=\"https:\/\/collies-vom-floersbachtal.de\/cms\/wp-content\/uploads\/2022\/08\/Louis2-mit-8-Wochen-974x1024.jpg 974w, https:\/\/collies-vom-floersbachtal.de\/cms\/wp-content\/uploads\/2022\/08\/Louis2-mit-8-Wochen-285x300.jpg 285w, https:\/\/collies-vom-floersbachtal.de\/cms\/wp-content\/uploads\/2022\/08\/Louis2-mit-8-Wochen-768x807.jpg 768w, https:\/\/collies-vom-floersbachtal.de\/cms\/wp-content\/uploads\/2022\/08\/Louis2-mit-8-Wochen.jpg 1000w\" sizes=\"auto, (max-width: 974px) 100vw, 974px\" \/><\/a><\/figure>\n<\/figure>\n\n\n\n<p><strong>Louis 7 Wochen alt 4960 g<\/strong><\/p>\n\n\n\n<figure class=\"wp-block-image size-large\"><a href=\"https:\/\/collies-vom-floersbachtal.de\/cms\/wp-content\/uploads\/2022\/08\/Louis1-mit-6-Wochen.jpg\"><img loading=\"lazy\" decoding=\"async\" width=\"964\" height=\"1024\" src=\"https:\/\/collies-vom-floersbachtal.de\/cms\/wp-content\/uploads\/2022\/08\/Louis1-mit-6-Wochen-964x1024.jpg\" alt=\"\" class=\"wp-image-36484\" srcset=\"https:\/\/collies-vom-floersbachtal.de\/cms\/wp-content\/uploads\/2022\/08\/Louis1-mit-6-Wochen-964x1024.jpg 964w, https:\/\/collies-vom-floersbachtal.de\/cms\/wp-content\/uploads\/2022\/08\/Louis1-mit-6-Wochen-282x300.jpg 282w, https:\/\/collies-vom-floersbachtal.de\/cms\/wp-content\/uploads\/2022\/08\/Louis1-mit-6-Wochen-768x816.jpg 768w, https:\/\/collies-vom-floersbachtal.de\/cms\/wp-content\/uploads\/2022\/08\/Louis1-mit-6-Wochen.jpg 1000w\" sizes=\"auto, (max-width: 964px) 100vw, 964px\" \/><\/a><\/figure>\n\n\n\n<p><strong>Louis 6 Wochen alt 3770 g  <\/strong><\/p>\n\n\n\n<figure class=\"wp-block-image size-full\"><a href=\"https:\/\/collies-vom-floersbachtal.de\/cms\/wp-content\/uploads\/2022\/08\/Louis2-mit-6-Wochen.jpg\"><img loading=\"lazy\" decoding=\"async\" width=\"1000\" height=\"756\" src=\"https:\/\/collies-vom-floersbachtal.de\/cms\/wp-content\/uploads\/2022\/08\/Louis2-mit-6-Wochen.jpg\" alt=\"\" class=\"wp-image-36385\" srcset=\"https:\/\/collies-vom-floersbachtal.de\/cms\/wp-content\/uploads\/2022\/08\/Louis2-mit-6-Wochen.jpg 1000w, https:\/\/collies-vom-floersbachtal.de\/cms\/wp-content\/uploads\/2022\/08\/Louis2-mit-6-Wochen-300x227.jpg 300w, https:\/\/collies-vom-floersbachtal.de\/cms\/wp-content\/uploads\/2022\/08\/Louis2-mit-6-Wochen-768x581.jpg 768w\" sizes=\"auto, (max-width: 1000px) 100vw, 1000px\" \/><\/a><\/figure>\n\n\n\n<p><strong>Louis 5 Wochen alt 2830 g<\/strong><\/p>\n\n\n\n<figure class=\"wp-block-gallery has-nested-images columns-default is-cropped wp-block-gallery-16 is-layout-flex wp-block-gallery-is-layout-flex\">\n<figure class=\"wp-block-image size-large\"><a href=\"https:\/\/collies-vom-floersbachtal.de\/cms\/wp-content\/uploads\/2022\/08\/Louis12-im-Garten-August.jpg\"><img loading=\"lazy\" decoding=\"async\" width=\"775\" height=\"1024\" data-id=\"36283\" src=\"https:\/\/collies-vom-floersbachtal.de\/cms\/wp-content\/uploads\/2022\/08\/Louis12-im-Garten-August-775x1024.jpg\" alt=\"\" class=\"wp-image-36283\" srcset=\"https:\/\/collies-vom-floersbachtal.de\/cms\/wp-content\/uploads\/2022\/08\/Louis12-im-Garten-August-775x1024.jpg 775w, https:\/\/collies-vom-floersbachtal.de\/cms\/wp-content\/uploads\/2022\/08\/Louis12-im-Garten-August-227x300.jpg 227w, https:\/\/collies-vom-floersbachtal.de\/cms\/wp-content\/uploads\/2022\/08\/Louis12-im-Garten-August-768x1015.jpg 768w, https:\/\/collies-vom-floersbachtal.de\/cms\/wp-content\/uploads\/2022\/08\/Louis12-im-Garten-August.jpg 1000w\" sizes=\"auto, (max-width: 775px) 100vw, 775px\" \/><\/a><\/figure>\n\n\n\n<figure class=\"wp-block-image size-large\"><a href=\"https:\/\/collies-vom-floersbachtal.de\/cms\/wp-content\/uploads\/2022\/08\/Louis9-im-Garten-August.jpg\"><img loading=\"lazy\" decoding=\"async\" width=\"768\" height=\"1024\" data-id=\"36284\" src=\"https:\/\/collies-vom-floersbachtal.de\/cms\/wp-content\/uploads\/2022\/08\/Louis9-im-Garten-August-768x1024.jpg\" alt=\"\" class=\"wp-image-36284\" srcset=\"https:\/\/collies-vom-floersbachtal.de\/cms\/wp-content\/uploads\/2022\/08\/Louis9-im-Garten-August-768x1024.jpg 768w, https:\/\/collies-vom-floersbachtal.de\/cms\/wp-content\/uploads\/2022\/08\/Louis9-im-Garten-August-225x300.jpg 225w, https:\/\/collies-vom-floersbachtal.de\/cms\/wp-content\/uploads\/2022\/08\/Louis9-im-Garten-August.jpg 1000w\" sizes=\"auto, (max-width: 768px) 100vw, 768px\" \/><\/a><\/figure>\n<\/figure>\n\n\n\n<figure class=\"wp-block-image size-full\"><a href=\"https:\/\/collies-vom-floersbachtal.de\/cms\/wp-content\/uploads\/2022\/08\/Louis1-im-Garten-August-1.jpg\"><img loading=\"lazy\" decoding=\"async\" width=\"480\" height=\"640\" src=\"https:\/\/collies-vom-floersbachtal.de\/cms\/wp-content\/uploads\/2022\/08\/Louis1-im-Garten-August-1.jpg\" alt=\"\" class=\"wp-image-36236\" srcset=\"https:\/\/collies-vom-floersbachtal.de\/cms\/wp-content\/uploads\/2022\/08\/Louis1-im-Garten-August-1.jpg 480w, https:\/\/collies-vom-floersbachtal.de\/cms\/wp-content\/uploads\/2022\/08\/Louis1-im-Garten-August-1-225x300.jpg 225w\" sizes=\"auto, (max-width: 480px) 100vw, 480px\" \/><\/a><\/figure>\n\n\n\n<p><strong>Louis 4 Wochen alt 1960 g<\/strong><\/p>\n\n\n\n<figure class=\"wp-block-image size-full\"><a href=\"https:\/\/collies-vom-floersbachtal.de\/cms\/wp-content\/uploads\/2022\/08\/297262453_5513916651985106_4430198217842748730_n.jpg\"><img loading=\"lazy\" decoding=\"async\" width=\"446\" height=\"600\" src=\"https:\/\/collies-vom-floersbachtal.de\/cms\/wp-content\/uploads\/2022\/08\/297262453_5513916651985106_4430198217842748730_n.jpg\" alt=\"\" class=\"wp-image-36134\" srcset=\"https:\/\/collies-vom-floersbachtal.de\/cms\/wp-content\/uploads\/2022\/08\/297262453_5513916651985106_4430198217842748730_n.jpg 446w, https:\/\/collies-vom-floersbachtal.de\/cms\/wp-content\/uploads\/2022\/08\/297262453_5513916651985106_4430198217842748730_n-223x300.jpg 223w\" sizes=\"auto, (max-width: 446px) 100vw, 446px\" \/><\/a><\/figure>\n\n\n\n<p><strong>3 Wochen alt Louis 1310 g <\/strong><\/p>\n\n\n\n<figure class=\"wp-block-gallery has-nested-images columns-default is-cropped wp-block-gallery-17 is-layout-flex wp-block-gallery-is-layout-flex\">\n<figure class=\"wp-block-image size-large\"><a href=\"https:\/\/collies-vom-floersbachtal.de\/cms\/wp-content\/uploads\/2022\/07\/Louis2-mit-3-Wochen-1.jpg\"><img loading=\"lazy\" decoding=\"async\" width=\"746\" height=\"1024\" data-id=\"36075\" src=\"https:\/\/collies-vom-floersbachtal.de\/cms\/wp-content\/uploads\/2022\/07\/Louis2-mit-3-Wochen-1-746x1024.jpg\" alt=\"\" class=\"wp-image-36075\" srcset=\"https:\/\/collies-vom-floersbachtal.de\/cms\/wp-content\/uploads\/2022\/07\/Louis2-mit-3-Wochen-1-746x1024.jpg 746w, https:\/\/collies-vom-floersbachtal.de\/cms\/wp-content\/uploads\/2022\/07\/Louis2-mit-3-Wochen-1-218x300.jpg 218w, https:\/\/collies-vom-floersbachtal.de\/cms\/wp-content\/uploads\/2022\/07\/Louis2-mit-3-Wochen-1-768x1054.jpg 768w, https:\/\/collies-vom-floersbachtal.de\/cms\/wp-content\/uploads\/2022\/07\/Louis2-mit-3-Wochen-1.jpg 1000w\" sizes=\"auto, (max-width: 746px) 100vw, 746px\" \/><\/a><\/figure>\n\n\n\n<figure class=\"wp-block-image size-large\"><a href=\"https:\/\/collies-vom-floersbachtal.de\/cms\/wp-content\/uploads\/2022\/07\/Louis1-mit-3-Wochen.jpg\"><img loading=\"lazy\" decoding=\"async\" width=\"723\" height=\"1024\" data-id=\"36076\" src=\"https:\/\/collies-vom-floersbachtal.de\/cms\/wp-content\/uploads\/2022\/07\/Louis1-mit-3-Wochen-723x1024.jpg\" alt=\"\" class=\"wp-image-36076\" srcset=\"https:\/\/collies-vom-floersbachtal.de\/cms\/wp-content\/uploads\/2022\/07\/Louis1-mit-3-Wochen-723x1024.jpg 723w, https:\/\/collies-vom-floersbachtal.de\/cms\/wp-content\/uploads\/2022\/07\/Louis1-mit-3-Wochen-212x300.jpg 212w, https:\/\/collies-vom-floersbachtal.de\/cms\/wp-content\/uploads\/2022\/07\/Louis1-mit-3-Wochen-768x1087.jpg 768w, https:\/\/collies-vom-floersbachtal.de\/cms\/wp-content\/uploads\/2022\/07\/Louis1-mit-3-Wochen.jpg 1000w\" sizes=\"auto, (max-width: 723px) 100vw, 723px\" \/><\/a><\/figure>\n<\/figure>\n\n\n\n<p><strong>2 Wochen alt Louis 800 g<\/strong> <\/p>\n\n\n\n<figure class=\"wp-block-gallery has-nested-images columns-default is-cropped wp-block-gallery-18 is-layout-flex wp-block-gallery-is-layout-flex\">\n<figure class=\"wp-block-image size-large\"><a href=\"https:\/\/collies-vom-floersbachtal.de\/cms\/wp-content\/uploads\/2022\/07\/Louis2-mit-2-Wochen-1.jpg\"><img loading=\"lazy\" decoding=\"async\" width=\"1000\" height=\"792\" data-id=\"35998\" src=\"https:\/\/collies-vom-floersbachtal.de\/cms\/wp-content\/uploads\/2022\/07\/Louis2-mit-2-Wochen-1.jpg\" alt=\"\" class=\"wp-image-35998\" srcset=\"https:\/\/collies-vom-floersbachtal.de\/cms\/wp-content\/uploads\/2022\/07\/Louis2-mit-2-Wochen-1.jpg 1000w, https:\/\/collies-vom-floersbachtal.de\/cms\/wp-content\/uploads\/2022\/07\/Louis2-mit-2-Wochen-1-300x238.jpg 300w, https:\/\/collies-vom-floersbachtal.de\/cms\/wp-content\/uploads\/2022\/07\/Louis2-mit-2-Wochen-1-768x608.jpg 768w\" sizes=\"auto, (max-width: 1000px) 100vw, 1000px\" \/><\/a><\/figure>\n\n\n\n<figure class=\"wp-block-image size-large\"><a href=\"https:\/\/collies-vom-floersbachtal.de\/cms\/wp-content\/uploads\/2022\/07\/Louis3-mit-2-Wochen.jpg\"><img loading=\"lazy\" decoding=\"async\" width=\"1000\" height=\"700\" data-id=\"35997\" src=\"https:\/\/collies-vom-floersbachtal.de\/cms\/wp-content\/uploads\/2022\/07\/Louis3-mit-2-Wochen.jpg\" alt=\"\" class=\"wp-image-35997\" srcset=\"https:\/\/collies-vom-floersbachtal.de\/cms\/wp-content\/uploads\/2022\/07\/Louis3-mit-2-Wochen.jpg 1000w, https:\/\/collies-vom-floersbachtal.de\/cms\/wp-content\/uploads\/2022\/07\/Louis3-mit-2-Wochen-300x210.jpg 300w, https:\/\/collies-vom-floersbachtal.de\/cms\/wp-content\/uploads\/2022\/07\/Louis3-mit-2-Wochen-768x538.jpg 768w\" sizes=\"auto, (max-width: 1000px) 100vw, 1000px\" \/><\/a><figcaption class=\"wp-element-caption\">ein ganz lieber Schatzemann<\/figcaption><\/figure>\n<\/figure>\n\n\n\n<p><strong>1Woche alt Louis 520 g<\/strong><\/p>\n\n\n\n<figure class=\"wp-block-gallery has-nested-images columns-default is-cropped wp-block-gallery-19 is-layout-flex wp-block-gallery-is-layout-flex\">\n<figure class=\"wp-block-image size-large\"><a href=\"https:\/\/collies-vom-floersbachtal.de\/cms\/wp-content\/uploads\/2022\/07\/Louis3.jpg\"><img loading=\"lazy\" decoding=\"async\" width=\"875\" height=\"1024\" data-id=\"35916\" src=\"https:\/\/collies-vom-floersbachtal.de\/cms\/wp-content\/uploads\/2022\/07\/Louis3-875x1024.jpg\" alt=\"\" class=\"wp-image-35916\" srcset=\"https:\/\/collies-vom-floersbachtal.de\/cms\/wp-content\/uploads\/2022\/07\/Louis3-875x1024.jpg 875w, https:\/\/collies-vom-floersbachtal.de\/cms\/wp-content\/uploads\/2022\/07\/Louis3-256x300.jpg 256w, https:\/\/collies-vom-floersbachtal.de\/cms\/wp-content\/uploads\/2022\/07\/Louis3-768x899.jpg 768w, https:\/\/collies-vom-floersbachtal.de\/cms\/wp-content\/uploads\/2022\/07\/Louis3.jpg 1000w\" sizes=\"auto, (max-width: 875px) 100vw, 875px\" \/><\/a><\/figure>\n\n\n\n<figure class=\"wp-block-image size-large\"><a href=\"https:\/\/collies-vom-floersbachtal.de\/cms\/wp-content\/uploads\/2022\/07\/Louis1.jpg\"><img loading=\"lazy\" decoding=\"async\" width=\"722\" height=\"1024\" data-id=\"35918\" src=\"https:\/\/collies-vom-floersbachtal.de\/cms\/wp-content\/uploads\/2022\/07\/Louis1-722x1024.jpg\" alt=\"\" class=\"wp-image-35918\" srcset=\"https:\/\/collies-vom-floersbachtal.de\/cms\/wp-content\/uploads\/2022\/07\/Louis1-722x1024.jpg 722w, https:\/\/collies-vom-floersbachtal.de\/cms\/wp-content\/uploads\/2022\/07\/Louis1-212x300.jpg 212w, https:\/\/collies-vom-floersbachtal.de\/cms\/wp-content\/uploads\/2022\/07\/Louis1-768x1089.jpg 768w, https:\/\/collies-vom-floersbachtal.de\/cms\/wp-content\/uploads\/2022\/07\/Louis1.jpg 1000w\" sizes=\"auto, (max-width: 722px) 100vw, 722px\" \/><\/a><\/figure>\n\n\n\n<figure class=\"wp-block-image size-large\"><a href=\"https:\/\/collies-vom-floersbachtal.de\/cms\/wp-content\/uploads\/2022\/07\/Louis2.jpg\"><img loading=\"lazy\" decoding=\"async\" width=\"943\" height=\"1024\" data-id=\"35917\" src=\"https:\/\/collies-vom-floersbachtal.de\/cms\/wp-content\/uploads\/2022\/07\/Louis2-943x1024.jpg\" alt=\"\" class=\"wp-image-35917\" srcset=\"https:\/\/collies-vom-floersbachtal.de\/cms\/wp-content\/uploads\/2022\/07\/Louis2-943x1024.jpg 943w, https:\/\/collies-vom-floersbachtal.de\/cms\/wp-content\/uploads\/2022\/07\/Louis2-276x300.jpg 276w, https:\/\/collies-vom-floersbachtal.de\/cms\/wp-content\/uploads\/2022\/07\/Louis2-768x834.jpg 768w, https:\/\/collies-vom-floersbachtal.de\/cms\/wp-content\/uploads\/2022\/07\/Louis2.jpg 1000w\" sizes=\"auto, (max-width: 943px) 100vw, 943px\" \/><\/a><\/figure>\n<\/figure>\n\n\n\n<p><strong>6.  &#8220; <strong>King Snow<\/strong><\/strong> <strong>&#8222;<\/strong> <strong>07.07.2022  03:50 Uhr,  (R\u00fcde) White \/  Sable-Merle Marken,  350 g<\/strong>,( Krebs Aszendent Zwilling, Chinesisch Wassertiger)        <strong>(Gandalph)<\/strong>           <strong>vergeben<\/strong>  <strong>und ausgezogen <\/strong><\/p>\n\n\n\n<p><strong>MDR1 +\/+,&nbsp; &nbsp; &nbsp; CEA +\/+, oder +\/- frei,&nbsp; &nbsp; &nbsp;DM&nbsp; +\/+,&nbsp; oder &nbsp;+\/-, &nbsp; &nbsp;GCS&nbsp; N\/N,&nbsp; &nbsp; &nbsp;PRA&nbsp; N\/N,&nbsp; &nbsp; DMS aa bb,<\/strong><\/p>\n\n\n\n<figure class=\"wp-block-image size-large\"><a href=\"https:\/\/collies-vom-floersbachtal.de\/cms\/wp-content\/uploads\/2022\/07\/King-Snow3-2-Tage-alt.jpg\"><img loading=\"lazy\" decoding=\"async\" width=\"683\" height=\"1024\" src=\"https:\/\/collies-vom-floersbachtal.de\/cms\/wp-content\/uploads\/2022\/07\/King-Snow3-2-Tage-alt-683x1024.jpg\" alt=\"\" class=\"wp-image-35843\" srcset=\"https:\/\/collies-vom-floersbachtal.de\/cms\/wp-content\/uploads\/2022\/07\/King-Snow3-2-Tage-alt-683x1024.jpg 683w, https:\/\/collies-vom-floersbachtal.de\/cms\/wp-content\/uploads\/2022\/07\/King-Snow3-2-Tage-alt-200x300.jpg 200w, https:\/\/collies-vom-floersbachtal.de\/cms\/wp-content\/uploads\/2022\/07\/King-Snow3-2-Tage-alt-768x1152.jpg 768w, https:\/\/collies-vom-floersbachtal.de\/cms\/wp-content\/uploads\/2022\/07\/King-Snow3-2-Tage-alt.jpg 1000w\" sizes=\"auto, (max-width: 683px) 100vw, 683px\" \/><\/a><\/figure>\n\n\n\n<figure class=\"wp-block-gallery has-nested-images columns-default is-cropped wp-block-gallery-20 is-layout-flex wp-block-gallery-is-layout-flex\">\n<figure class=\"wp-block-image size-large\"><a href=\"https:\/\/collies-vom-floersbachtal.de\/cms\/wp-content\/uploads\/2022\/07\/King-Snow2-2-Tage-alt.jpg\"><img loading=\"lazy\" decoding=\"async\" width=\"966\" height=\"1024\" data-id=\"35844\" src=\"https:\/\/collies-vom-floersbachtal.de\/cms\/wp-content\/uploads\/2022\/07\/King-Snow2-2-Tage-alt-966x1024.jpg\" alt=\"\" class=\"wp-image-35844\" srcset=\"https:\/\/collies-vom-floersbachtal.de\/cms\/wp-content\/uploads\/2022\/07\/King-Snow2-2-Tage-alt-966x1024.jpg 966w, https:\/\/collies-vom-floersbachtal.de\/cms\/wp-content\/uploads\/2022\/07\/King-Snow2-2-Tage-alt-283x300.jpg 283w, https:\/\/collies-vom-floersbachtal.de\/cms\/wp-content\/uploads\/2022\/07\/King-Snow2-2-Tage-alt-768x814.jpg 768w, https:\/\/collies-vom-floersbachtal.de\/cms\/wp-content\/uploads\/2022\/07\/King-Snow2-2-Tage-alt.jpg 1000w\" sizes=\"auto, (max-width: 966px) 100vw, 966px\" \/><\/a><\/figure>\n<figcaption class=\"blocks-gallery-caption wp-element-caption\">Ein s\u00fc\u00dfes Kerlchen \ud83d\ude42<\/figcaption><\/figure>\n\n\n\n<p><strong>Snow 8 Wochen alt 6300 g<\/strong><\/p>\n\n\n\n<figure class=\"wp-block-image size-large\"><a href=\"https:\/\/collies-vom-floersbachtal.de\/cms\/wp-content\/uploads\/2022\/08\/Snow2-mit-8-Wochen.jpg\"><img loading=\"lazy\" decoding=\"async\" width=\"680\" height=\"1024\" src=\"https:\/\/collies-vom-floersbachtal.de\/cms\/wp-content\/uploads\/2022\/08\/Snow2-mit-8-Wochen-680x1024.jpg\" alt=\"\" class=\"wp-image-36548\" srcset=\"https:\/\/collies-vom-floersbachtal.de\/cms\/wp-content\/uploads\/2022\/08\/Snow2-mit-8-Wochen-680x1024.jpg 680w, https:\/\/collies-vom-floersbachtal.de\/cms\/wp-content\/uploads\/2022\/08\/Snow2-mit-8-Wochen-199x300.jpg 199w, https:\/\/collies-vom-floersbachtal.de\/cms\/wp-content\/uploads\/2022\/08\/Snow2-mit-8-Wochen-768x1157.jpg 768w, https:\/\/collies-vom-floersbachtal.de\/cms\/wp-content\/uploads\/2022\/08\/Snow2-mit-8-Wochen.jpg 1000w\" sizes=\"auto, (max-width: 680px) 100vw, 680px\" \/><\/a><\/figure>\n\n\n\n<p><strong>Snow 7 Wochen alt 5700 g<\/strong><\/p>\n\n\n\n<figure class=\"wp-block-image size-full\"><a href=\"https:\/\/collies-vom-floersbachtal.de\/cms\/wp-content\/uploads\/2022\/08\/Snow3-mit-65-Wochen.jpg\"><img loading=\"lazy\" decoding=\"async\" width=\"1000\" height=\"645\" src=\"https:\/\/collies-vom-floersbachtal.de\/cms\/wp-content\/uploads\/2022\/08\/Snow3-mit-65-Wochen.jpg\" alt=\"\" class=\"wp-image-36485\" srcset=\"https:\/\/collies-vom-floersbachtal.de\/cms\/wp-content\/uploads\/2022\/08\/Snow3-mit-65-Wochen.jpg 1000w, https:\/\/collies-vom-floersbachtal.de\/cms\/wp-content\/uploads\/2022\/08\/Snow3-mit-65-Wochen-300x194.jpg 300w, https:\/\/collies-vom-floersbachtal.de\/cms\/wp-content\/uploads\/2022\/08\/Snow3-mit-65-Wochen-768x495.jpg 768w\" sizes=\"auto, (max-width: 1000px) 100vw, 1000px\" \/><\/a><\/figure>\n\n\n\n<p><strong>Snow 6 Wochen alt 4000 g<\/strong><\/p>\n\n\n\n<figure class=\"wp-block-image size-large\"><a href=\"https:\/\/collies-vom-floersbachtal.de\/cms\/wp-content\/uploads\/2022\/08\/Snow2-mit-6-Wochen.jpg\"><img loading=\"lazy\" decoding=\"async\" width=\"837\" height=\"1024\" src=\"https:\/\/collies-vom-floersbachtal.de\/cms\/wp-content\/uploads\/2022\/08\/Snow2-mit-6-Wochen-837x1024.jpg\" alt=\"\" class=\"wp-image-36386\" srcset=\"https:\/\/collies-vom-floersbachtal.de\/cms\/wp-content\/uploads\/2022\/08\/Snow2-mit-6-Wochen-837x1024.jpg 837w, https:\/\/collies-vom-floersbachtal.de\/cms\/wp-content\/uploads\/2022\/08\/Snow2-mit-6-Wochen-245x300.jpg 245w, https:\/\/collies-vom-floersbachtal.de\/cms\/wp-content\/uploads\/2022\/08\/Snow2-mit-6-Wochen-768x939.jpg 768w, https:\/\/collies-vom-floersbachtal.de\/cms\/wp-content\/uploads\/2022\/08\/Snow2-mit-6-Wochen.jpg 1000w\" sizes=\"auto, (max-width: 837px) 100vw, 837px\" \/><\/a><\/figure>\n\n\n\n<p><strong>Snow 5 Wochen alt 3080 g<\/strong><\/p>\n\n\n\n<figure class=\"wp-block-gallery has-nested-images columns-default is-cropped wp-block-gallery-21 is-layout-flex wp-block-gallery-is-layout-flex\">\n<figure class=\"wp-block-image size-large\"><a href=\"https:\/\/collies-vom-floersbachtal.de\/cms\/wp-content\/uploads\/2022\/08\/Snow3-mit-5-Wochen.jpg\"><img loading=\"lazy\" decoding=\"async\" width=\"1000\" height=\"952\" data-id=\"36261\" src=\"https:\/\/collies-vom-floersbachtal.de\/cms\/wp-content\/uploads\/2022\/08\/Snow3-mit-5-Wochen.jpg\" alt=\"\" class=\"wp-image-36261\" srcset=\"https:\/\/collies-vom-floersbachtal.de\/cms\/wp-content\/uploads\/2022\/08\/Snow3-mit-5-Wochen.jpg 1000w, https:\/\/collies-vom-floersbachtal.de\/cms\/wp-content\/uploads\/2022\/08\/Snow3-mit-5-Wochen-300x286.jpg 300w, https:\/\/collies-vom-floersbachtal.de\/cms\/wp-content\/uploads\/2022\/08\/Snow3-mit-5-Wochen-768x731.jpg 768w\" sizes=\"auto, (max-width: 1000px) 100vw, 1000px\" \/><\/a><\/figure>\n\n\n\n<figure class=\"wp-block-image size-large\"><a href=\"https:\/\/collies-vom-floersbachtal.de\/cms\/wp-content\/uploads\/2022\/08\/Kowi-Kaya-und-Snow2-mit-5-wochen-1.jpg\"><img loading=\"lazy\" decoding=\"async\" width=\"1000\" height=\"686\" data-id=\"36260\" src=\"https:\/\/collies-vom-floersbachtal.de\/cms\/wp-content\/uploads\/2022\/08\/Kowi-Kaya-und-Snow2-mit-5-wochen-1.jpg\" alt=\"\" class=\"wp-image-36260\" srcset=\"https:\/\/collies-vom-floersbachtal.de\/cms\/wp-content\/uploads\/2022\/08\/Kowi-Kaya-und-Snow2-mit-5-wochen-1.jpg 1000w, https:\/\/collies-vom-floersbachtal.de\/cms\/wp-content\/uploads\/2022\/08\/Kowi-Kaya-und-Snow2-mit-5-wochen-1-300x206.jpg 300w, https:\/\/collies-vom-floersbachtal.de\/cms\/wp-content\/uploads\/2022\/08\/Kowi-Kaya-und-Snow2-mit-5-wochen-1-768x527.jpg 768w\" sizes=\"auto, (max-width: 1000px) 100vw, 1000px\" \/><\/a><\/figure>\n\n\n\n<figure class=\"wp-block-image size-large\"><a href=\"https:\/\/collies-vom-floersbachtal.de\/cms\/wp-content\/uploads\/2022\/08\/Snow2-mit-5-Wochen.jpg\"><img loading=\"lazy\" decoding=\"async\" width=\"929\" height=\"1024\" data-id=\"36259\" src=\"https:\/\/collies-vom-floersbachtal.de\/cms\/wp-content\/uploads\/2022\/08\/Snow2-mit-5-Wochen-929x1024.jpg\" alt=\"\" class=\"wp-image-36259\" srcset=\"https:\/\/collies-vom-floersbachtal.de\/cms\/wp-content\/uploads\/2022\/08\/Snow2-mit-5-Wochen-929x1024.jpg 929w, https:\/\/collies-vom-floersbachtal.de\/cms\/wp-content\/uploads\/2022\/08\/Snow2-mit-5-Wochen-272x300.jpg 272w, https:\/\/collies-vom-floersbachtal.de\/cms\/wp-content\/uploads\/2022\/08\/Snow2-mit-5-Wochen-768x846.jpg 768w, https:\/\/collies-vom-floersbachtal.de\/cms\/wp-content\/uploads\/2022\/08\/Snow2-mit-5-Wochen.jpg 1000w\" sizes=\"auto, (max-width: 929px) 100vw, 929px\" \/><\/a><\/figure>\n<\/figure>\n\n\n\n<figure class=\"wp-block-image size-large\"><a href=\"https:\/\/collies-vom-floersbachtal.de\/cms\/wp-content\/uploads\/2022\/08\/Snow1-mit-5-Wochen.jpg\"><img loading=\"lazy\" decoding=\"async\" width=\"787\" height=\"1024\" src=\"https:\/\/collies-vom-floersbachtal.de\/cms\/wp-content\/uploads\/2022\/08\/Snow1-mit-5-Wochen-787x1024.jpg\" alt=\"\" class=\"wp-image-36258\" srcset=\"https:\/\/collies-vom-floersbachtal.de\/cms\/wp-content\/uploads\/2022\/08\/Snow1-mit-5-Wochen-787x1024.jpg 787w, https:\/\/collies-vom-floersbachtal.de\/cms\/wp-content\/uploads\/2022\/08\/Snow1-mit-5-Wochen-231x300.jpg 231w, https:\/\/collies-vom-floersbachtal.de\/cms\/wp-content\/uploads\/2022\/08\/Snow1-mit-5-Wochen-768x999.jpg 768w, https:\/\/collies-vom-floersbachtal.de\/cms\/wp-content\/uploads\/2022\/08\/Snow1-mit-5-Wochen.jpg 1000w\" sizes=\"auto, (max-width: 787px) 100vw, 787px\" \/><\/a><\/figure>\n\n\n\n<p><strong>Snow 4 Wochen alt 2120 g<\/strong> <\/p>\n\n\n\n<figure class=\"wp-block-image size-full\"><a href=\"https:\/\/collies-vom-floersbachtal.de\/cms\/wp-content\/uploads\/2022\/08\/Snow1-mit-4-Wochen.jpg\"><img loading=\"lazy\" decoding=\"async\" width=\"1000\" height=\"948\" src=\"https:\/\/collies-vom-floersbachtal.de\/cms\/wp-content\/uploads\/2022\/08\/Snow1-mit-4-Wochen.jpg\" alt=\"\" class=\"wp-image-36126\" srcset=\"https:\/\/collies-vom-floersbachtal.de\/cms\/wp-content\/uploads\/2022\/08\/Snow1-mit-4-Wochen.jpg 1000w, https:\/\/collies-vom-floersbachtal.de\/cms\/wp-content\/uploads\/2022\/08\/Snow1-mit-4-Wochen-300x284.jpg 300w, https:\/\/collies-vom-floersbachtal.de\/cms\/wp-content\/uploads\/2022\/08\/Snow1-mit-4-Wochen-768x728.jpg 768w\" sizes=\"auto, (max-width: 1000px) 100vw, 1000px\" \/><\/a><\/figure>\n\n\n\n<p><strong>3 Wochen alt Snow 1430 g<\/strong><\/p>\n\n\n\n<figure class=\"wp-block-image size-full\"><a href=\"https:\/\/collies-vom-floersbachtal.de\/cms\/wp-content\/uploads\/2022\/07\/Snow1-mit-3-Wochen.jpg\"><img loading=\"lazy\" decoding=\"async\" width=\"1000\" height=\"748\" src=\"https:\/\/collies-vom-floersbachtal.de\/cms\/wp-content\/uploads\/2022\/07\/Snow1-mit-3-Wochen.jpg\" alt=\"\" class=\"wp-image-36039\" srcset=\"https:\/\/collies-vom-floersbachtal.de\/cms\/wp-content\/uploads\/2022\/07\/Snow1-mit-3-Wochen.jpg 1000w, https:\/\/collies-vom-floersbachtal.de\/cms\/wp-content\/uploads\/2022\/07\/Snow1-mit-3-Wochen-300x224.jpg 300w, https:\/\/collies-vom-floersbachtal.de\/cms\/wp-content\/uploads\/2022\/07\/Snow1-mit-3-Wochen-768x574.jpg 768w\" sizes=\"auto, (max-width: 1000px) 100vw, 1000px\" \/><\/a><\/figure>\n\n\n\n<p><strong>2 Wochen alt Snow 830 g<\/strong> <\/p>\n\n\n\n<figure class=\"wp-block-gallery has-nested-images columns-default is-cropped wp-block-gallery-22 is-layout-flex wp-block-gallery-is-layout-flex\">\n<figure class=\"wp-block-image size-large\"><a href=\"https:\/\/collies-vom-floersbachtal.de\/cms\/wp-content\/uploads\/2022\/07\/Snow2-mit-2-Wochen.jpg\"><img loading=\"lazy\" decoding=\"async\" width=\"897\" height=\"1024\" data-id=\"35976\" src=\"https:\/\/collies-vom-floersbachtal.de\/cms\/wp-content\/uploads\/2022\/07\/Snow2-mit-2-Wochen-897x1024.jpg\" alt=\"\" class=\"wp-image-35976\" srcset=\"https:\/\/collies-vom-floersbachtal.de\/cms\/wp-content\/uploads\/2022\/07\/Snow2-mit-2-Wochen-897x1024.jpg 897w, https:\/\/collies-vom-floersbachtal.de\/cms\/wp-content\/uploads\/2022\/07\/Snow2-mit-2-Wochen-263x300.jpg 263w, https:\/\/collies-vom-floersbachtal.de\/cms\/wp-content\/uploads\/2022\/07\/Snow2-mit-2-Wochen-768x876.jpg 768w, https:\/\/collies-vom-floersbachtal.de\/cms\/wp-content\/uploads\/2022\/07\/Snow2-mit-2-Wochen.jpg 1000w\" sizes=\"auto, (max-width: 897px) 100vw, 897px\" \/><\/a><figcaption class=\"wp-element-caption\">meine Grinsebacke  \ud83d\ude1b<\/figcaption><\/figure>\n\n\n\n<figure class=\"wp-block-image size-large\"><a href=\"https:\/\/collies-vom-floersbachtal.de\/cms\/wp-content\/uploads\/2022\/07\/Snow1-mit-2-Wochen.jpg\"><img loading=\"lazy\" decoding=\"async\" width=\"750\" height=\"1024\" data-id=\"35977\" src=\"https:\/\/collies-vom-floersbachtal.de\/cms\/wp-content\/uploads\/2022\/07\/Snow1-mit-2-Wochen-750x1024.jpg\" alt=\"\" class=\"wp-image-35977\" srcset=\"https:\/\/collies-vom-floersbachtal.de\/cms\/wp-content\/uploads\/2022\/07\/Snow1-mit-2-Wochen-750x1024.jpg 750w, https:\/\/collies-vom-floersbachtal.de\/cms\/wp-content\/uploads\/2022\/07\/Snow1-mit-2-Wochen-220x300.jpg 220w, https:\/\/collies-vom-floersbachtal.de\/cms\/wp-content\/uploads\/2022\/07\/Snow1-mit-2-Wochen-768x1048.jpg 768w, https:\/\/collies-vom-floersbachtal.de\/cms\/wp-content\/uploads\/2022\/07\/Snow1-mit-2-Wochen.jpg 1000w\" sizes=\"auto, (max-width: 750px) 100vw, 750px\" \/><\/a><figcaption class=\"wp-element-caption\">ein liebevoller Schelm <\/figcaption><\/figure>\n<\/figure>\n\n\n\n<p><strong>1 Woche alt  Snow 590 g<\/strong><\/p>\n\n\n\n<figure class=\"wp-block-gallery has-nested-images columns-default is-cropped wp-block-gallery-23 is-layout-flex wp-block-gallery-is-layout-flex\">\n<figure class=\"wp-block-image size-large\"><a href=\"https:\/\/collies-vom-floersbachtal.de\/cms\/wp-content\/uploads\/2022\/07\/Snow2.jpg\"><img loading=\"lazy\" decoding=\"async\" width=\"784\" height=\"1024\" data-id=\"35902\" src=\"https:\/\/collies-vom-floersbachtal.de\/cms\/wp-content\/uploads\/2022\/07\/Snow2-784x1024.jpg\" alt=\"\" class=\"wp-image-35902\" srcset=\"https:\/\/collies-vom-floersbachtal.de\/cms\/wp-content\/uploads\/2022\/07\/Snow2-784x1024.jpg 784w, https:\/\/collies-vom-floersbachtal.de\/cms\/wp-content\/uploads\/2022\/07\/Snow2-230x300.jpg 230w, https:\/\/collies-vom-floersbachtal.de\/cms\/wp-content\/uploads\/2022\/07\/Snow2-768x1003.jpg 768w, https:\/\/collies-vom-floersbachtal.de\/cms\/wp-content\/uploads\/2022\/07\/Snow2.jpg 1000w\" sizes=\"auto, (max-width: 784px) 100vw, 784px\" \/><\/a><\/figure>\n\n\n\n<figure class=\"wp-block-image size-large\"><a href=\"https:\/\/collies-vom-floersbachtal.de\/cms\/wp-content\/uploads\/2022\/07\/Snow1.jpg\"><img loading=\"lazy\" decoding=\"async\" width=\"655\" height=\"1024\" data-id=\"35903\" src=\"https:\/\/collies-vom-floersbachtal.de\/cms\/wp-content\/uploads\/2022\/07\/Snow1-655x1024.jpg\" alt=\"\" class=\"wp-image-35903\" srcset=\"https:\/\/collies-vom-floersbachtal.de\/cms\/wp-content\/uploads\/2022\/07\/Snow1-655x1024.jpg 655w, https:\/\/collies-vom-floersbachtal.de\/cms\/wp-content\/uploads\/2022\/07\/Snow1-192x300.jpg 192w, https:\/\/collies-vom-floersbachtal.de\/cms\/wp-content\/uploads\/2022\/07\/Snow1-768x1201.jpg 768w, https:\/\/collies-vom-floersbachtal.de\/cms\/wp-content\/uploads\/2022\/07\/Snow1-982x1536.jpg 982w, https:\/\/collies-vom-floersbachtal.de\/cms\/wp-content\/uploads\/2022\/07\/Snow1.jpg 1000w\" sizes=\"auto, (max-width: 655px) 100vw, 655px\" \/><\/a><\/figure>\n<\/figure>\n\n\n\n<p><strong>7.  <strong>Kowi &#8222;(Waldbewohner)<\/strong>&#8220;  07.07.2022 04:15 Uhr,  (R\u00fcde) White \/  Tricolor Marken, 3 Spots,  380 g, <\/strong>( Krebs Aszendent Zwilling, Chinesisch Wassertiger)  <strong>Keanu  vergeben<\/strong> <strong>und ausgezogen<\/strong><\/p>\n\n\n\n<figure class=\"wp-block-image size-full is-resized\"><a href=\"https:\/\/collies-vom-floersbachtal.de\/cms\/wp-content\/uploads\/2022\/07\/Kowi1-2-Tage-alt.jpg\"><img loading=\"lazy\" decoding=\"async\" width=\"1000\" height=\"667\" src=\"https:\/\/collies-vom-floersbachtal.de\/cms\/wp-content\/uploads\/2022\/07\/Kowi1-2-Tage-alt.jpg\" alt=\"\" class=\"wp-image-35832\" style=\"width:670px;height:446px\" srcset=\"https:\/\/collies-vom-floersbachtal.de\/cms\/wp-content\/uploads\/2022\/07\/Kowi1-2-Tage-alt.jpg 1000w, https:\/\/collies-vom-floersbachtal.de\/cms\/wp-content\/uploads\/2022\/07\/Kowi1-2-Tage-alt-300x200.jpg 300w, https:\/\/collies-vom-floersbachtal.de\/cms\/wp-content\/uploads\/2022\/07\/Kowi1-2-Tage-alt-768x512.jpg 768w\" sizes=\"auto, (max-width: 1000px) 100vw, 1000px\" \/><\/a><figcaption class=\"wp-element-caption\"><strong>zum dahin schmelzen<\/strong><\/figcaption><\/figure>\n\n\n\n<figure class=\"wp-block-gallery has-nested-images columns-default is-cropped wp-block-gallery-24 is-layout-flex wp-block-gallery-is-layout-flex\">\n<figure class=\"wp-block-image size-large\"><a href=\"https:\/\/collies-vom-floersbachtal.de\/cms\/wp-content\/uploads\/2022\/07\/Nr.7-2.-Tag1.jpg\"><img loading=\"lazy\" decoding=\"async\" width=\"1000\" height=\"943\" data-id=\"35767\" src=\"https:\/\/collies-vom-floersbachtal.de\/cms\/wp-content\/uploads\/2022\/07\/Nr.7-2.-Tag1.jpg\" alt=\"\" class=\"wp-image-35767\" srcset=\"https:\/\/collies-vom-floersbachtal.de\/cms\/wp-content\/uploads\/2022\/07\/Nr.7-2.-Tag1.jpg 1000w, https:\/\/collies-vom-floersbachtal.de\/cms\/wp-content\/uploads\/2022\/07\/Nr.7-2.-Tag1-300x283.jpg 300w, https:\/\/collies-vom-floersbachtal.de\/cms\/wp-content\/uploads\/2022\/07\/Nr.7-2.-Tag1-768x724.jpg 768w\" sizes=\"auto, (max-width: 1000px) 100vw, 1000px\" \/><\/a><\/figure>\n\n\n\n<figure class=\"wp-block-image size-large\"><a href=\"https:\/\/collies-vom-floersbachtal.de\/cms\/wp-content\/uploads\/2022\/07\/Nr.7-2.-Tag.jpg\"><img loading=\"lazy\" decoding=\"async\" width=\"783\" height=\"1024\" data-id=\"35768\" src=\"https:\/\/collies-vom-floersbachtal.de\/cms\/wp-content\/uploads\/2022\/07\/Nr.7-2.-Tag-783x1024.jpg\" alt=\"\" class=\"wp-image-35768\" srcset=\"https:\/\/collies-vom-floersbachtal.de\/cms\/wp-content\/uploads\/2022\/07\/Nr.7-2.-Tag-783x1024.jpg 783w, https:\/\/collies-vom-floersbachtal.de\/cms\/wp-content\/uploads\/2022\/07\/Nr.7-2.-Tag-229x300.jpg 229w, https:\/\/collies-vom-floersbachtal.de\/cms\/wp-content\/uploads\/2022\/07\/Nr.7-2.-Tag-768x1005.jpg 768w, https:\/\/collies-vom-floersbachtal.de\/cms\/wp-content\/uploads\/2022\/07\/Nr.7-2.-Tag.jpg 1000w\" sizes=\"auto, (max-width: 783px) 100vw, 783px\" \/><\/a><\/figure>\n<\/figure>\n\n\n\n<p><strong>MDR1 +\/+,&nbsp; &nbsp; &nbsp; CEA +\/+, oder +\/- frei,&nbsp; &nbsp; &nbsp;DM&nbsp; +\/+,&nbsp; oder &nbsp;+\/-, &nbsp; &nbsp;GCS&nbsp; N\/N,&nbsp; &nbsp; &nbsp;PRA&nbsp; N\/N,&nbsp; &nbsp; DMS aa bb,<\/strong><\/p>\n\n\n\n<p><strong>Kowi 8 Wochen alt 5700 g<\/strong><\/p>\n\n\n\n<figure class=\"wp-block-image size-full\"><a href=\"https:\/\/collies-vom-floersbachtal.de\/cms\/wp-content\/uploads\/2022\/08\/Kowi2-mit-8-Wochen.jpg\"><img loading=\"lazy\" decoding=\"async\" width=\"1000\" height=\"790\" src=\"https:\/\/collies-vom-floersbachtal.de\/cms\/wp-content\/uploads\/2022\/08\/Kowi2-mit-8-Wochen.jpg\" alt=\"\" class=\"wp-image-36611\" srcset=\"https:\/\/collies-vom-floersbachtal.de\/cms\/wp-content\/uploads\/2022\/08\/Kowi2-mit-8-Wochen.jpg 1000w, https:\/\/collies-vom-floersbachtal.de\/cms\/wp-content\/uploads\/2022\/08\/Kowi2-mit-8-Wochen-300x237.jpg 300w, https:\/\/collies-vom-floersbachtal.de\/cms\/wp-content\/uploads\/2022\/08\/Kowi2-mit-8-Wochen-768x607.jpg 768w\" sizes=\"auto, (max-width: 1000px) 100vw, 1000px\" \/><\/a><\/figure>\n\n\n\n<p><strong>Kowi 7 Wochen alt 4800 g<\/strong><\/p>\n\n\n\n<figure class=\"wp-block-image size-large\"><a href=\"https:\/\/collies-vom-floersbachtal.de\/cms\/wp-content\/uploads\/2022\/08\/Kowi1-nass.jpg\"><img loading=\"lazy\" decoding=\"async\" width=\"1024\" height=\"517\" src=\"https:\/\/collies-vom-floersbachtal.de\/cms\/wp-content\/uploads\/2022\/08\/Kowi1-nass-1024x517.jpg\" alt=\"\" class=\"wp-image-36486\" srcset=\"https:\/\/collies-vom-floersbachtal.de\/cms\/wp-content\/uploads\/2022\/08\/Kowi1-nass-1024x517.jpg 1024w, https:\/\/collies-vom-floersbachtal.de\/cms\/wp-content\/uploads\/2022\/08\/Kowi1-nass-300x151.jpg 300w, https:\/\/collies-vom-floersbachtal.de\/cms\/wp-content\/uploads\/2022\/08\/Kowi1-nass-768x388.jpg 768w, https:\/\/collies-vom-floersbachtal.de\/cms\/wp-content\/uploads\/2022\/08\/Kowi1-nass-1536x775.jpg 1536w, https:\/\/collies-vom-floersbachtal.de\/cms\/wp-content\/uploads\/2022\/08\/Kowi1-nass-2048x1033.jpg 2048w\" sizes=\"auto, (max-width: 1024px) 100vw, 1024px\" \/><\/a><\/figure>\n\n\n\n<p><strong>Kowi 6 Wochen alt 3800 g<\/strong><\/p>\n\n\n\n<figure class=\"wp-block-image size-large\"><a href=\"https:\/\/collies-vom-floersbachtal.de\/cms\/wp-content\/uploads\/2022\/08\/Kowi1-mit-6-Wochen.jpg\"><img loading=\"lazy\" decoding=\"async\" width=\"907\" height=\"1024\" src=\"https:\/\/collies-vom-floersbachtal.de\/cms\/wp-content\/uploads\/2022\/08\/Kowi1-mit-6-Wochen-907x1024.jpg\" alt=\"\" class=\"wp-image-36387\" srcset=\"https:\/\/collies-vom-floersbachtal.de\/cms\/wp-content\/uploads\/2022\/08\/Kowi1-mit-6-Wochen-907x1024.jpg 907w, https:\/\/collies-vom-floersbachtal.de\/cms\/wp-content\/uploads\/2022\/08\/Kowi1-mit-6-Wochen-266x300.jpg 266w, https:\/\/collies-vom-floersbachtal.de\/cms\/wp-content\/uploads\/2022\/08\/Kowi1-mit-6-Wochen-768x867.jpg 768w, https:\/\/collies-vom-floersbachtal.de\/cms\/wp-content\/uploads\/2022\/08\/Kowi1-mit-6-Wochen-1360x1536.jpg 1360w, https:\/\/collies-vom-floersbachtal.de\/cms\/wp-content\/uploads\/2022\/08\/Kowi1-mit-6-Wochen.jpg 1525w\" sizes=\"auto, (max-width: 907px) 100vw, 907px\" \/><\/a><\/figure>\n\n\n\n<p><strong>Kowi 5 Wochen alt 2790 g<\/strong><\/p>\n\n\n\n<figure class=\"wp-block-gallery has-nested-images columns-default is-cropped wp-block-gallery-25 is-layout-flex wp-block-gallery-is-layout-flex\">\n<figure class=\"wp-block-image size-large\"><a href=\"https:\/\/collies-vom-floersbachtal.de\/cms\/wp-content\/uploads\/2022\/08\/Kowi6-mit-5-Wochen.jpg\"><img loading=\"lazy\" decoding=\"async\" width=\"761\" height=\"1024\" data-id=\"36263\" src=\"https:\/\/collies-vom-floersbachtal.de\/cms\/wp-content\/uploads\/2022\/08\/Kowi6-mit-5-Wochen-761x1024.jpg\" alt=\"\" class=\"wp-image-36263\" srcset=\"https:\/\/collies-vom-floersbachtal.de\/cms\/wp-content\/uploads\/2022\/08\/Kowi6-mit-5-Wochen-761x1024.jpg 761w, https:\/\/collies-vom-floersbachtal.de\/cms\/wp-content\/uploads\/2022\/08\/Kowi6-mit-5-Wochen-223x300.jpg 223w, https:\/\/collies-vom-floersbachtal.de\/cms\/wp-content\/uploads\/2022\/08\/Kowi6-mit-5-Wochen-768x1034.jpg 768w, https:\/\/collies-vom-floersbachtal.de\/cms\/wp-content\/uploads\/2022\/08\/Kowi6-mit-5-Wochen.jpg 1000w\" sizes=\"auto, (max-width: 761px) 100vw, 761px\" \/><\/a><\/figure>\n\n\n\n<figure class=\"wp-block-image size-large\"><a href=\"https:\/\/collies-vom-floersbachtal.de\/cms\/wp-content\/uploads\/2022\/08\/Kowi-Kaya-und-Snow3-mit-5-wochen.jpg\"><img loading=\"lazy\" decoding=\"async\" width=\"868\" height=\"1024\" data-id=\"36264\" src=\"https:\/\/collies-vom-floersbachtal.de\/cms\/wp-content\/uploads\/2022\/08\/Kowi-Kaya-und-Snow3-mit-5-wochen-868x1024.jpg\" alt=\"\" class=\"wp-image-36264\" srcset=\"https:\/\/collies-vom-floersbachtal.de\/cms\/wp-content\/uploads\/2022\/08\/Kowi-Kaya-und-Snow3-mit-5-wochen-868x1024.jpg 868w, https:\/\/collies-vom-floersbachtal.de\/cms\/wp-content\/uploads\/2022\/08\/Kowi-Kaya-und-Snow3-mit-5-wochen-254x300.jpg 254w, https:\/\/collies-vom-floersbachtal.de\/cms\/wp-content\/uploads\/2022\/08\/Kowi-Kaya-und-Snow3-mit-5-wochen-768x906.jpg 768w, https:\/\/collies-vom-floersbachtal.de\/cms\/wp-content\/uploads\/2022\/08\/Kowi-Kaya-und-Snow3-mit-5-wochen.jpg 1000w\" sizes=\"auto, (max-width: 868px) 100vw, 868px\" \/><\/a><\/figure>\n\n\n\n<figure class=\"wp-block-image size-large\"><a href=\"https:\/\/collies-vom-floersbachtal.de\/cms\/wp-content\/uploads\/2022\/08\/Kowi5-mit-5-Wochen.jpg\"><img loading=\"lazy\" decoding=\"async\" width=\"1000\" height=\"913\" data-id=\"36262\" src=\"https:\/\/collies-vom-floersbachtal.de\/cms\/wp-content\/uploads\/2022\/08\/Kowi5-mit-5-Wochen.jpg\" alt=\"\" class=\"wp-image-36262\" srcset=\"https:\/\/collies-vom-floersbachtal.de\/cms\/wp-content\/uploads\/2022\/08\/Kowi5-mit-5-Wochen.jpg 1000w, https:\/\/collies-vom-floersbachtal.de\/cms\/wp-content\/uploads\/2022\/08\/Kowi5-mit-5-Wochen-300x274.jpg 300w, https:\/\/collies-vom-floersbachtal.de\/cms\/wp-content\/uploads\/2022\/08\/Kowi5-mit-5-Wochen-768x701.jpg 768w\" sizes=\"auto, (max-width: 1000px) 100vw, 1000px\" \/><\/a><\/figure>\n<\/figure>\n\n\n\n<figure class=\"wp-block-image size-large\"><a href=\"https:\/\/collies-vom-floersbachtal.de\/cms\/wp-content\/uploads\/2022\/08\/Kowi2-im-Garten-1.jpg\"><img loading=\"lazy\" decoding=\"async\" width=\"767\" height=\"1024\" src=\"https:\/\/collies-vom-floersbachtal.de\/cms\/wp-content\/uploads\/2022\/08\/Kowi2-im-Garten-1-767x1024.jpg\" alt=\"\" class=\"wp-image-36237\" srcset=\"https:\/\/collies-vom-floersbachtal.de\/cms\/wp-content\/uploads\/2022\/08\/Kowi2-im-Garten-1-767x1024.jpg 767w, https:\/\/collies-vom-floersbachtal.de\/cms\/wp-content\/uploads\/2022\/08\/Kowi2-im-Garten-1-225x300.jpg 225w, https:\/\/collies-vom-floersbachtal.de\/cms\/wp-content\/uploads\/2022\/08\/Kowi2-im-Garten-1-768x1025.jpg 768w, https:\/\/collies-vom-floersbachtal.de\/cms\/wp-content\/uploads\/2022\/08\/Kowi2-im-Garten-1.jpg 1000w\" sizes=\"auto, (max-width: 767px) 100vw, 767px\" \/><\/a><\/figure>\n\n\n\n<p><strong>Kowi 4 Wochen alt 1960 g<\/strong><\/p>\n\n\n\n<figure class=\"wp-block-image size-large\"><a href=\"https:\/\/collies-vom-floersbachtal.de\/cms\/wp-content\/uploads\/2022\/08\/Kowi1-mit-4-Wochen.jpg\"><img loading=\"lazy\" decoding=\"async\" width=\"733\" height=\"1024\" src=\"https:\/\/collies-vom-floersbachtal.de\/cms\/wp-content\/uploads\/2022\/08\/Kowi1-mit-4-Wochen-733x1024.jpg\" alt=\"\" class=\"wp-image-36127\" srcset=\"https:\/\/collies-vom-floersbachtal.de\/cms\/wp-content\/uploads\/2022\/08\/Kowi1-mit-4-Wochen-733x1024.jpg 733w, https:\/\/collies-vom-floersbachtal.de\/cms\/wp-content\/uploads\/2022\/08\/Kowi1-mit-4-Wochen-215x300.jpg 215w, https:\/\/collies-vom-floersbachtal.de\/cms\/wp-content\/uploads\/2022\/08\/Kowi1-mit-4-Wochen-768x1073.jpg 768w, https:\/\/collies-vom-floersbachtal.de\/cms\/wp-content\/uploads\/2022\/08\/Kowi1-mit-4-Wochen.jpg 1000w\" sizes=\"auto, (max-width: 733px) 100vw, 733px\" \/><\/a><\/figure>\n\n\n\n<p><strong>3 Wochen alt Kowi 1300 g<\/strong><\/p>\n\n\n\n<figure class=\"wp-block-gallery has-nested-images columns-default is-cropped wp-block-gallery-26 is-layout-flex wp-block-gallery-is-layout-flex\">\n<figure class=\"wp-block-image size-large\"><a href=\"https:\/\/collies-vom-floersbachtal.de\/cms\/wp-content\/uploads\/2022\/07\/Kowi4-mit-3-Wochen.jpg\"><img loading=\"lazy\" decoding=\"async\" width=\"965\" height=\"1024\" data-id=\"36078\" src=\"https:\/\/collies-vom-floersbachtal.de\/cms\/wp-content\/uploads\/2022\/07\/Kowi4-mit-3-Wochen-965x1024.jpg\" alt=\"\" class=\"wp-image-36078\" srcset=\"https:\/\/collies-vom-floersbachtal.de\/cms\/wp-content\/uploads\/2022\/07\/Kowi4-mit-3-Wochen-965x1024.jpg 965w, https:\/\/collies-vom-floersbachtal.de\/cms\/wp-content\/uploads\/2022\/07\/Kowi4-mit-3-Wochen-283x300.jpg 283w, https:\/\/collies-vom-floersbachtal.de\/cms\/wp-content\/uploads\/2022\/07\/Kowi4-mit-3-Wochen-768x815.jpg 768w, https:\/\/collies-vom-floersbachtal.de\/cms\/wp-content\/uploads\/2022\/07\/Kowi4-mit-3-Wochen.jpg 1000w\" sizes=\"auto, (max-width: 965px) 100vw, 965px\" \/><\/a><\/figure>\n\n\n\n<figure class=\"wp-block-image size-large\"><a href=\"https:\/\/collies-vom-floersbachtal.de\/cms\/wp-content\/uploads\/2022\/07\/Kowi1-mit-3-Wochen.jpg\"><img loading=\"lazy\" decoding=\"async\" width=\"830\" height=\"1024\" data-id=\"36077\" src=\"https:\/\/collies-vom-floersbachtal.de\/cms\/wp-content\/uploads\/2022\/07\/Kowi1-mit-3-Wochen-830x1024.jpg\" alt=\"\" class=\"wp-image-36077\" srcset=\"https:\/\/collies-vom-floersbachtal.de\/cms\/wp-content\/uploads\/2022\/07\/Kowi1-mit-3-Wochen-830x1024.jpg 830w, https:\/\/collies-vom-floersbachtal.de\/cms\/wp-content\/uploads\/2022\/07\/Kowi1-mit-3-Wochen-243x300.jpg 243w, https:\/\/collies-vom-floersbachtal.de\/cms\/wp-content\/uploads\/2022\/07\/Kowi1-mit-3-Wochen-768x947.jpg 768w, https:\/\/collies-vom-floersbachtal.de\/cms\/wp-content\/uploads\/2022\/07\/Kowi1-mit-3-Wochen.jpg 1000w\" sizes=\"auto, (max-width: 830px) 100vw, 830px\" \/><\/a><\/figure>\n<\/figure>\n\n\n\n<figure class=\"wp-block-image size-full\"><a href=\"https:\/\/collies-vom-floersbachtal.de\/cms\/wp-content\/uploads\/2022\/07\/Kowi2-mit-3-Wochen.jpg\"><img loading=\"lazy\" decoding=\"async\" width=\"1000\" height=\"887\" src=\"https:\/\/collies-vom-floersbachtal.de\/cms\/wp-content\/uploads\/2022\/07\/Kowi2-mit-3-Wochen.jpg\" alt=\"\" class=\"wp-image-36040\" srcset=\"https:\/\/collies-vom-floersbachtal.de\/cms\/wp-content\/uploads\/2022\/07\/Kowi2-mit-3-Wochen.jpg 1000w, https:\/\/collies-vom-floersbachtal.de\/cms\/wp-content\/uploads\/2022\/07\/Kowi2-mit-3-Wochen-300x266.jpg 300w, https:\/\/collies-vom-floersbachtal.de\/cms\/wp-content\/uploads\/2022\/07\/Kowi2-mit-3-Wochen-768x681.jpg 768w\" sizes=\"auto, (max-width: 1000px) 100vw, 1000px\" \/><\/a><\/figure>\n\n\n\n<p><strong>2 Wochen Kowi 760 g<\/strong><\/p>\n\n\n\n<figure class=\"wp-block-gallery has-nested-images columns-default is-cropped wp-block-gallery-27 is-layout-flex wp-block-gallery-is-layout-flex\">\n<figure class=\"wp-block-image size-large\"><a href=\"https:\/\/collies-vom-floersbachtal.de\/cms\/wp-content\/uploads\/2022\/07\/Kowi3-mit-2-Wochen.jpg\"><img loading=\"lazy\" decoding=\"async\" width=\"738\" height=\"1024\" data-id=\"35979\" src=\"https:\/\/collies-vom-floersbachtal.de\/cms\/wp-content\/uploads\/2022\/07\/Kowi3-mit-2-Wochen-738x1024.jpg\" alt=\"\" class=\"wp-image-35979\" srcset=\"https:\/\/collies-vom-floersbachtal.de\/cms\/wp-content\/uploads\/2022\/07\/Kowi3-mit-2-Wochen-738x1024.jpg 738w, https:\/\/collies-vom-floersbachtal.de\/cms\/wp-content\/uploads\/2022\/07\/Kowi3-mit-2-Wochen-216x300.jpg 216w, https:\/\/collies-vom-floersbachtal.de\/cms\/wp-content\/uploads\/2022\/07\/Kowi3-mit-2-Wochen-768x1066.jpg 768w, https:\/\/collies-vom-floersbachtal.de\/cms\/wp-content\/uploads\/2022\/07\/Kowi3-mit-2-Wochen.jpg 1000w\" sizes=\"auto, (max-width: 738px) 100vw, 738px\" \/><\/a><figcaption class=\"wp-element-caption\">ungeduldiger Schatz<\/figcaption><\/figure>\n\n\n\n<figure class=\"wp-block-image size-large\"><a href=\"https:\/\/collies-vom-floersbachtal.de\/cms\/wp-content\/uploads\/2022\/07\/Kowi1-mit-2-Wochen.jpg\"><img loading=\"lazy\" decoding=\"async\" width=\"794\" height=\"1024\" data-id=\"35978\" src=\"https:\/\/collies-vom-floersbachtal.de\/cms\/wp-content\/uploads\/2022\/07\/Kowi1-mit-2-Wochen-794x1024.jpg\" alt=\"\" class=\"wp-image-35978\" srcset=\"https:\/\/collies-vom-floersbachtal.de\/cms\/wp-content\/uploads\/2022\/07\/Kowi1-mit-2-Wochen-794x1024.jpg 794w, https:\/\/collies-vom-floersbachtal.de\/cms\/wp-content\/uploads\/2022\/07\/Kowi1-mit-2-Wochen-233x300.jpg 233w, https:\/\/collies-vom-floersbachtal.de\/cms\/wp-content\/uploads\/2022\/07\/Kowi1-mit-2-Wochen-768x991.jpg 768w, https:\/\/collies-vom-floersbachtal.de\/cms\/wp-content\/uploads\/2022\/07\/Kowi1-mit-2-Wochen.jpg 1000w\" sizes=\"auto, (max-width: 794px) 100vw, 794px\" \/><\/a><\/figure>\n<\/figure>\n\n\n\n<p><strong>1Woche alt Kowi 550 g<\/strong><\/p>\n\n\n\n<figure class=\"wp-block-gallery has-nested-images columns-default is-cropped wp-block-gallery-28 is-layout-flex wp-block-gallery-is-layout-flex\">\n<figure class=\"wp-block-image size-large\"><a href=\"https:\/\/collies-vom-floersbachtal.de\/cms\/wp-content\/uploads\/2022\/07\/Kowi4.jpg\"><img loading=\"lazy\" decoding=\"async\" width=\"838\" height=\"1024\" data-id=\"35906\" src=\"https:\/\/collies-vom-floersbachtal.de\/cms\/wp-content\/uploads\/2022\/07\/Kowi4-838x1024.jpg\" alt=\"\" class=\"wp-image-35906\" srcset=\"https:\/\/collies-vom-floersbachtal.de\/cms\/wp-content\/uploads\/2022\/07\/Kowi4-838x1024.jpg 838w, https:\/\/collies-vom-floersbachtal.de\/cms\/wp-content\/uploads\/2022\/07\/Kowi4-245x300.jpg 245w, https:\/\/collies-vom-floersbachtal.de\/cms\/wp-content\/uploads\/2022\/07\/Kowi4-768x938.jpg 768w, https:\/\/collies-vom-floersbachtal.de\/cms\/wp-content\/uploads\/2022\/07\/Kowi4.jpg 1000w\" sizes=\"auto, (max-width: 838px) 100vw, 838px\" \/><\/a><\/figure>\n\n\n\n<figure class=\"wp-block-image size-large\"><a href=\"https:\/\/collies-vom-floersbachtal.de\/cms\/wp-content\/uploads\/2022\/07\/Kowi1.jpg\"><img loading=\"lazy\" decoding=\"async\" width=\"855\" height=\"1024\" data-id=\"35904\" src=\"https:\/\/collies-vom-floersbachtal.de\/cms\/wp-content\/uploads\/2022\/07\/Kowi1-855x1024.jpg\" alt=\"\" class=\"wp-image-35904\" srcset=\"https:\/\/collies-vom-floersbachtal.de\/cms\/wp-content\/uploads\/2022\/07\/Kowi1-855x1024.jpg 855w, https:\/\/collies-vom-floersbachtal.de\/cms\/wp-content\/uploads\/2022\/07\/Kowi1-251x300.jpg 251w, https:\/\/collies-vom-floersbachtal.de\/cms\/wp-content\/uploads\/2022\/07\/Kowi1-768x919.jpg 768w, https:\/\/collies-vom-floersbachtal.de\/cms\/wp-content\/uploads\/2022\/07\/Kowi1.jpg 1000w\" sizes=\"auto, (max-width: 855px) 100vw, 855px\" \/><\/a><\/figure>\n\n\n\n<figure class=\"wp-block-image size-large\"><a href=\"https:\/\/collies-vom-floersbachtal.de\/cms\/wp-content\/uploads\/2022\/07\/Kowi3.jpg\"><img loading=\"lazy\" decoding=\"async\" width=\"985\" height=\"1024\" data-id=\"35905\" src=\"https:\/\/collies-vom-floersbachtal.de\/cms\/wp-content\/uploads\/2022\/07\/Kowi3-985x1024.jpg\" alt=\"\" class=\"wp-image-35905\" srcset=\"https:\/\/collies-vom-floersbachtal.de\/cms\/wp-content\/uploads\/2022\/07\/Kowi3-985x1024.jpg 985w, https:\/\/collies-vom-floersbachtal.de\/cms\/wp-content\/uploads\/2022\/07\/Kowi3-288x300.jpg 288w, https:\/\/collies-vom-floersbachtal.de\/cms\/wp-content\/uploads\/2022\/07\/Kowi3-768x799.jpg 768w, https:\/\/collies-vom-floersbachtal.de\/cms\/wp-content\/uploads\/2022\/07\/Kowi3.jpg 1000w\" sizes=\"auto, (max-width: 985px) 100vw, 985px\" \/><\/a><\/figure>\n<\/figure>\n\n\n\n<p><strong>8. &#8222;<strong> Kinari<\/strong><\/strong> <strong>&#8222;<\/strong> <strong>  07.07.2022  04:50 Uhr,  (H\u00fcndin)  White \/  Dark-Sable, 3 Spots, 290 g,<\/strong> (Krebs Aszendent Krebs, Chinesisch Wassertiger )   <strong>vergeben<\/strong> <strong>und ausgezogen<\/strong><\/p>\n\n\n\n<figure class=\"wp-block-image size-large\"><a href=\"https:\/\/collies-vom-floersbachtal.de\/cms\/wp-content\/uploads\/2022\/07\/Nr.8-2.-Tag.jpg\"><img loading=\"lazy\" decoding=\"async\" width=\"965\" height=\"1024\" src=\"https:\/\/collies-vom-floersbachtal.de\/cms\/wp-content\/uploads\/2022\/07\/Nr.8-2.-Tag-965x1024.jpg\" alt=\"\" class=\"wp-image-35770\" srcset=\"https:\/\/collies-vom-floersbachtal.de\/cms\/wp-content\/uploads\/2022\/07\/Nr.8-2.-Tag-965x1024.jpg 965w, https:\/\/collies-vom-floersbachtal.de\/cms\/wp-content\/uploads\/2022\/07\/Nr.8-2.-Tag-283x300.jpg 283w, https:\/\/collies-vom-floersbachtal.de\/cms\/wp-content\/uploads\/2022\/07\/Nr.8-2.-Tag-768x815.jpg 768w, https:\/\/collies-vom-floersbachtal.de\/cms\/wp-content\/uploads\/2022\/07\/Nr.8-2.-Tag.jpg 1000w\" sizes=\"auto, (max-width: 965px) 100vw, 965px\" \/><\/a><\/figure>\n\n\n\n<p><strong>MDR1 +\/+,&nbsp; &nbsp; &nbsp; CEA +\/+, oder +\/- frei,&nbsp; &nbsp; &nbsp;DM&nbsp; +\/+,&nbsp; oder &nbsp;+\/-, &nbsp; &nbsp;GCS&nbsp; N\/N,&nbsp; &nbsp; &nbsp;PRA&nbsp; N\/N,&nbsp; &nbsp; DMS aa bb,<\/strong><\/p>\n\n\n\n<p><strong>Kinari 9 Wochen alt 6400 g<\/strong><\/p>\n\n\n\n<figure class=\"wp-block-image size-full\"><a href=\"https:\/\/collies-vom-floersbachtal.de\/cms\/wp-content\/uploads\/2022\/09\/Kinari2-9-Wochen.jpg\"><img loading=\"lazy\" decoding=\"async\" width=\"1000\" height=\"969\" src=\"https:\/\/collies-vom-floersbachtal.de\/cms\/wp-content\/uploads\/2022\/09\/Kinari2-9-Wochen.jpg\" alt=\"\" class=\"wp-image-36906\" srcset=\"https:\/\/collies-vom-floersbachtal.de\/cms\/wp-content\/uploads\/2022\/09\/Kinari2-9-Wochen.jpg 1000w, https:\/\/collies-vom-floersbachtal.de\/cms\/wp-content\/uploads\/2022\/09\/Kinari2-9-Wochen-300x291.jpg 300w, https:\/\/collies-vom-floersbachtal.de\/cms\/wp-content\/uploads\/2022\/09\/Kinari2-9-Wochen-768x744.jpg 768w\" sizes=\"auto, (max-width: 1000px) 100vw, 1000px\" \/><\/a><\/figure>\n\n\n\n<p><strong>Kinari 8 Wochen alt 5500 g<\/strong><\/p>\n\n\n\n<figure class=\"wp-block-image size-large\"><a href=\"https:\/\/collies-vom-floersbachtal.de\/cms\/wp-content\/uploads\/2022\/08\/Kinari2-mit-8-Wochen.jpg\"><img loading=\"lazy\" decoding=\"async\" width=\"721\" height=\"1024\" src=\"https:\/\/collies-vom-floersbachtal.de\/cms\/wp-content\/uploads\/2022\/08\/Kinari2-mit-8-Wochen-721x1024.jpg\" alt=\"\" class=\"wp-image-36612\" srcset=\"https:\/\/collies-vom-floersbachtal.de\/cms\/wp-content\/uploads\/2022\/08\/Kinari2-mit-8-Wochen-721x1024.jpg 721w, https:\/\/collies-vom-floersbachtal.de\/cms\/wp-content\/uploads\/2022\/08\/Kinari2-mit-8-Wochen-211x300.jpg 211w, https:\/\/collies-vom-floersbachtal.de\/cms\/wp-content\/uploads\/2022\/08\/Kinari2-mit-8-Wochen-768x1091.jpg 768w, https:\/\/collies-vom-floersbachtal.de\/cms\/wp-content\/uploads\/2022\/08\/Kinari2-mit-8-Wochen.jpg 1000w\" sizes=\"auto, (max-width: 721px) 100vw, 721px\" \/><\/a><\/figure>\n\n\n\n<p><strong>Kinari 7 Wochen alt 4870 g <\/strong><\/p>\n\n\n\n<figure class=\"wp-block-image size-large\"><a href=\"https:\/\/collies-vom-floersbachtal.de\/cms\/wp-content\/uploads\/2022\/08\/Kinari1-mit-65-Wochen.jpg\"><img loading=\"lazy\" decoding=\"async\" width=\"823\" height=\"1024\" src=\"https:\/\/collies-vom-floersbachtal.de\/cms\/wp-content\/uploads\/2022\/08\/Kinari1-mit-65-Wochen-823x1024.jpg\" alt=\"\" class=\"wp-image-36487\" srcset=\"https:\/\/collies-vom-floersbachtal.de\/cms\/wp-content\/uploads\/2022\/08\/Kinari1-mit-65-Wochen-823x1024.jpg 823w, https:\/\/collies-vom-floersbachtal.de\/cms\/wp-content\/uploads\/2022\/08\/Kinari1-mit-65-Wochen-241x300.jpg 241w, https:\/\/collies-vom-floersbachtal.de\/cms\/wp-content\/uploads\/2022\/08\/Kinari1-mit-65-Wochen-768x955.jpg 768w, https:\/\/collies-vom-floersbachtal.de\/cms\/wp-content\/uploads\/2022\/08\/Kinari1-mit-65-Wochen.jpg 1000w\" sizes=\"auto, (max-width: 823px) 100vw, 823px\" \/><\/a><\/figure>\n\n\n\n<p><strong>Kinari 6 Wochen alt 3570 g <\/strong><\/p>\n\n\n\n<figure class=\"wp-block-image size-full\"><a href=\"https:\/\/collies-vom-floersbachtal.de\/cms\/wp-content\/uploads\/2022\/08\/Kaniri1-mit-6-Wochen.jpg\"><img loading=\"lazy\" decoding=\"async\" width=\"1000\" height=\"674\" src=\"https:\/\/collies-vom-floersbachtal.de\/cms\/wp-content\/uploads\/2022\/08\/Kaniri1-mit-6-Wochen.jpg\" alt=\"\" class=\"wp-image-36388\" srcset=\"https:\/\/collies-vom-floersbachtal.de\/cms\/wp-content\/uploads\/2022\/08\/Kaniri1-mit-6-Wochen.jpg 1000w, https:\/\/collies-vom-floersbachtal.de\/cms\/wp-content\/uploads\/2022\/08\/Kaniri1-mit-6-Wochen-300x202.jpg 300w, https:\/\/collies-vom-floersbachtal.de\/cms\/wp-content\/uploads\/2022\/08\/Kaniri1-mit-6-Wochen-768x518.jpg 768w\" sizes=\"auto, (max-width: 1000px) 100vw, 1000px\" \/><\/a><\/figure>\n\n\n\n<p><strong>Kinari 5 Wochen alt 2800 g <\/strong><\/p>\n\n\n\n<figure class=\"wp-block-gallery has-nested-images columns-default is-cropped wp-block-gallery-29 is-layout-flex wp-block-gallery-is-layout-flex\">\n<figure class=\"wp-block-image size-large\"><a href=\"https:\/\/collies-vom-floersbachtal.de\/cms\/wp-content\/uploads\/2022\/08\/Kacy-und-Kinari1-mit-5-Wochen.jpg\"><img loading=\"lazy\" decoding=\"async\" width=\"1000\" height=\"671\" data-id=\"36268\" src=\"https:\/\/collies-vom-floersbachtal.de\/cms\/wp-content\/uploads\/2022\/08\/Kacy-und-Kinari1-mit-5-Wochen.jpg\" alt=\"\" class=\"wp-image-36268\" srcset=\"https:\/\/collies-vom-floersbachtal.de\/cms\/wp-content\/uploads\/2022\/08\/Kacy-und-Kinari1-mit-5-Wochen.jpg 1000w, https:\/\/collies-vom-floersbachtal.de\/cms\/wp-content\/uploads\/2022\/08\/Kacy-und-Kinari1-mit-5-Wochen-300x201.jpg 300w, https:\/\/collies-vom-floersbachtal.de\/cms\/wp-content\/uploads\/2022\/08\/Kacy-und-Kinari1-mit-5-Wochen-768x515.jpg 768w\" sizes=\"auto, (max-width: 1000px) 100vw, 1000px\" \/><\/a><\/figure>\n<\/figure>\n\n\n\n<figure class=\"wp-block-image size-full\"><a href=\"https:\/\/collies-vom-floersbachtal.de\/cms\/wp-content\/uploads\/2022\/08\/Kinari8-mit-4-Wochen-2.jpg\"><img loading=\"lazy\" decoding=\"async\" width=\"1000\" height=\"974\" src=\"https:\/\/collies-vom-floersbachtal.de\/cms\/wp-content\/uploads\/2022\/08\/Kinari8-mit-4-Wochen-2.jpg\" alt=\"\" class=\"wp-image-36239\" srcset=\"https:\/\/collies-vom-floersbachtal.de\/cms\/wp-content\/uploads\/2022\/08\/Kinari8-mit-4-Wochen-2.jpg 1000w, https:\/\/collies-vom-floersbachtal.de\/cms\/wp-content\/uploads\/2022\/08\/Kinari8-mit-4-Wochen-2-300x292.jpg 300w, https:\/\/collies-vom-floersbachtal.de\/cms\/wp-content\/uploads\/2022\/08\/Kinari8-mit-4-Wochen-2-768x748.jpg 768w\" sizes=\"auto, (max-width: 1000px) 100vw, 1000px\" \/><\/a><\/figure>\n\n\n\n<p><strong>Kinari 4 Wochen alt 1930 g<\/strong><\/p>\n\n\n\n<figure class=\"wp-block-image size-full\"><a href=\"https:\/\/collies-vom-floersbachtal.de\/cms\/wp-content\/uploads\/2022\/08\/Kinari1-mit-3-Wochen.jpg\"><img loading=\"lazy\" decoding=\"async\" width=\"1000\" height=\"1020\" src=\"https:\/\/collies-vom-floersbachtal.de\/cms\/wp-content\/uploads\/2022\/08\/Kinari1-mit-3-Wochen.jpg\" alt=\"\" class=\"wp-image-36238\" srcset=\"https:\/\/collies-vom-floersbachtal.de\/cms\/wp-content\/uploads\/2022\/08\/Kinari1-mit-3-Wochen.jpg 1000w, https:\/\/collies-vom-floersbachtal.de\/cms\/wp-content\/uploads\/2022\/08\/Kinari1-mit-3-Wochen-294x300.jpg 294w, https:\/\/collies-vom-floersbachtal.de\/cms\/wp-content\/uploads\/2022\/08\/Kinari1-mit-3-Wochen-768x783.jpg 768w\" sizes=\"auto, (max-width: 1000px) 100vw, 1000px\" \/><\/a><\/figure>\n\n\n\n<p><strong>3 Wochen alt Kinari  1370 g<\/strong><\/p>\n\n\n\n<figure class=\"wp-block-image size-large\"><a href=\"https:\/\/collies-vom-floersbachtal.de\/cms\/wp-content\/uploads\/2022\/08\/Kinari2-mit-4-Wochen-1.jpg\"><img loading=\"lazy\" decoding=\"async\" width=\"911\" height=\"1024\" src=\"https:\/\/collies-vom-floersbachtal.de\/cms\/wp-content\/uploads\/2022\/08\/Kinari2-mit-4-Wochen-1-911x1024.jpg\" alt=\"\" class=\"wp-image-36129\" srcset=\"https:\/\/collies-vom-floersbachtal.de\/cms\/wp-content\/uploads\/2022\/08\/Kinari2-mit-4-Wochen-1-911x1024.jpg 911w, https:\/\/collies-vom-floersbachtal.de\/cms\/wp-content\/uploads\/2022\/08\/Kinari2-mit-4-Wochen-1-267x300.jpg 267w, https:\/\/collies-vom-floersbachtal.de\/cms\/wp-content\/uploads\/2022\/08\/Kinari2-mit-4-Wochen-1-768x863.jpg 768w, https:\/\/collies-vom-floersbachtal.de\/cms\/wp-content\/uploads\/2022\/08\/Kinari2-mit-4-Wochen-1.jpg 1000w\" sizes=\"auto, (max-width: 911px) 100vw, 911px\" \/><\/a><\/figure>\n\n\n\n<p><strong>2 Wochen alt Kinari 810 g<\/strong><\/p>\n\n\n\n<figure class=\"wp-block-gallery has-nested-images columns-default is-cropped wp-block-gallery-30 is-layout-flex wp-block-gallery-is-layout-flex\">\n<figure class=\"wp-block-image size-large\"><a href=\"https:\/\/collies-vom-floersbachtal.de\/cms\/wp-content\/uploads\/2022\/07\/Kinari2-mit-2-Wochen.jpg\"><img loading=\"lazy\" decoding=\"async\" width=\"709\" height=\"1024\" data-id=\"35981\" src=\"https:\/\/collies-vom-floersbachtal.de\/cms\/wp-content\/uploads\/2022\/07\/Kinari2-mit-2-Wochen-709x1024.jpg\" alt=\"\" class=\"wp-image-35981\" srcset=\"https:\/\/collies-vom-floersbachtal.de\/cms\/wp-content\/uploads\/2022\/07\/Kinari2-mit-2-Wochen-709x1024.jpg 709w, https:\/\/collies-vom-floersbachtal.de\/cms\/wp-content\/uploads\/2022\/07\/Kinari2-mit-2-Wochen-208x300.jpg 208w, https:\/\/collies-vom-floersbachtal.de\/cms\/wp-content\/uploads\/2022\/07\/Kinari2-mit-2-Wochen-768x1109.jpg 768w, https:\/\/collies-vom-floersbachtal.de\/cms\/wp-content\/uploads\/2022\/07\/Kinari2-mit-2-Wochen.jpg 1000w\" sizes=\"auto, (max-width: 709px) 100vw, 709px\" \/><\/a><figcaption class=\"wp-element-caption\">Ich WILL hier raus, sofort<\/figcaption><\/figure>\n\n\n\n<figure class=\"wp-block-image size-large\"><a href=\"https:\/\/collies-vom-floersbachtal.de\/cms\/wp-content\/uploads\/2022\/07\/Kinari1-mit-2-Wochen.jpg\"><img loading=\"lazy\" decoding=\"async\" width=\"1000\" height=\"1010\" data-id=\"35980\" src=\"https:\/\/collies-vom-floersbachtal.de\/cms\/wp-content\/uploads\/2022\/07\/Kinari1-mit-2-Wochen.jpg\" alt=\"\" class=\"wp-image-35980\" srcset=\"https:\/\/collies-vom-floersbachtal.de\/cms\/wp-content\/uploads\/2022\/07\/Kinari1-mit-2-Wochen.jpg 1000w, https:\/\/collies-vom-floersbachtal.de\/cms\/wp-content\/uploads\/2022\/07\/Kinari1-mit-2-Wochen-297x300.jpg 297w, https:\/\/collies-vom-floersbachtal.de\/cms\/wp-content\/uploads\/2022\/07\/Kinari1-mit-2-Wochen-768x776.jpg 768w\" sizes=\"auto, (max-width: 1000px) 100vw, 1000px\" \/><\/a><figcaption class=\"wp-element-caption\">kleine Motzerin <\/figcaption><\/figure>\n<\/figure>\n\n\n\n<p><strong>1<\/strong> <strong>Woche alt Kinari 570 g<\/strong><\/p>\n\n\n\n<figure class=\"wp-block-gallery has-nested-images columns-default is-cropped wp-block-gallery-31 is-layout-flex wp-block-gallery-is-layout-flex\">\n<figure class=\"wp-block-image size-large\"><a href=\"https:\/\/collies-vom-floersbachtal.de\/cms\/wp-content\/uploads\/2022\/07\/Kinari3.jpg\"><img loading=\"lazy\" decoding=\"async\" width=\"752\" height=\"1024\" data-id=\"35908\" src=\"https:\/\/collies-vom-floersbachtal.de\/cms\/wp-content\/uploads\/2022\/07\/Kinari3-752x1024.jpg\" alt=\"\" class=\"wp-image-35908\" srcset=\"https:\/\/collies-vom-floersbachtal.de\/cms\/wp-content\/uploads\/2022\/07\/Kinari3-752x1024.jpg 752w, https:\/\/collies-vom-floersbachtal.de\/cms\/wp-content\/uploads\/2022\/07\/Kinari3-220x300.jpg 220w, https:\/\/collies-vom-floersbachtal.de\/cms\/wp-content\/uploads\/2022\/07\/Kinari3-768x1046.jpg 768w, https:\/\/collies-vom-floersbachtal.de\/cms\/wp-content\/uploads\/2022\/07\/Kinari3.jpg 1000w\" sizes=\"auto, (max-width: 752px) 100vw, 752px\" \/><\/a><\/figure>\n<\/figure>\n\n\n\n<p><strong>9. &#8220; Kacy &#8220; 07.07.2022 06:30 Uhr, (H\u00fcndin) Dark-Sable\/White, 310 g, <\/strong>( Krebs Aszendent Krebs, Chinesisch Wassertiger  )        <strong>vergeben<\/strong> <strong>und ausgezogen<\/strong><\/p>\n\n\n\n<p><strong>MDR1 +\/+,&nbsp; &nbsp; &nbsp; CEA +\/+, oder +\/- frei,&nbsp; &nbsp; &nbsp;DM&nbsp; +\/+,&nbsp; oder &nbsp;+\/-, &nbsp; &nbsp;GCS&nbsp; N\/N,&nbsp; &nbsp; &nbsp;PRA&nbsp; N\/N,&nbsp; &nbsp; DMS aa bb,<\/strong><\/p>\n\n\n\n<figure class=\"wp-block-image size-large\"><a href=\"https:\/\/collies-vom-floersbachtal.de\/cms\/wp-content\/uploads\/2022\/07\/Taras-1.-Wurf16-06.-07.07.2022.jpg\"><img loading=\"lazy\" decoding=\"async\" width=\"577\" height=\"1024\" src=\"https:\/\/collies-vom-floersbachtal.de\/cms\/wp-content\/uploads\/2022\/07\/Taras-1.-Wurf16-06.-07.07.2022-577x1024.jpg\" alt=\"\" class=\"wp-image-35758\" srcset=\"https:\/\/collies-vom-floersbachtal.de\/cms\/wp-content\/uploads\/2022\/07\/Taras-1.-Wurf16-06.-07.07.2022-577x1024.jpg 577w, https:\/\/collies-vom-floersbachtal.de\/cms\/wp-content\/uploads\/2022\/07\/Taras-1.-Wurf16-06.-07.07.2022-169x300.jpg 169w, https:\/\/collies-vom-floersbachtal.de\/cms\/wp-content\/uploads\/2022\/07\/Taras-1.-Wurf16-06.-07.07.2022-768x1364.jpg 768w, https:\/\/collies-vom-floersbachtal.de\/cms\/wp-content\/uploads\/2022\/07\/Taras-1.-Wurf16-06.-07.07.2022-865x1536.jpg 865w, https:\/\/collies-vom-floersbachtal.de\/cms\/wp-content\/uploads\/2022\/07\/Taras-1.-Wurf16-06.-07.07.2022.jpg 1000w\" sizes=\"auto, (max-width: 577px) 100vw, 577px\" \/><\/a><\/figure>\n\n\n\n<p><strong>Kacy 8 Wochen alt 5220 g <\/strong><\/p>\n\n\n\n<figure class=\"wp-block-image size-large\"><a href=\"https:\/\/collies-vom-floersbachtal.de\/cms\/wp-content\/uploads\/2022\/08\/Kacy3-mit-8-Wochen.jpg\"><img loading=\"lazy\" decoding=\"async\" width=\"949\" height=\"1024\" src=\"https:\/\/collies-vom-floersbachtal.de\/cms\/wp-content\/uploads\/2022\/08\/Kacy3-mit-8-Wochen-949x1024.jpg\" alt=\"\" class=\"wp-image-36613\" srcset=\"https:\/\/collies-vom-floersbachtal.de\/cms\/wp-content\/uploads\/2022\/08\/Kacy3-mit-8-Wochen-949x1024.jpg 949w, https:\/\/collies-vom-floersbachtal.de\/cms\/wp-content\/uploads\/2022\/08\/Kacy3-mit-8-Wochen-278x300.jpg 278w, https:\/\/collies-vom-floersbachtal.de\/cms\/wp-content\/uploads\/2022\/08\/Kacy3-mit-8-Wochen-768x829.jpg 768w, https:\/\/collies-vom-floersbachtal.de\/cms\/wp-content\/uploads\/2022\/08\/Kacy3-mit-8-Wochen.jpg 1000w\" sizes=\"auto, (max-width: 949px) 100vw, 949px\" \/><\/a><\/figure>\n\n\n\n<p><strong>Kacy 7 Wochen alt 4530 g<\/strong><\/p>\n\n\n\n<figure class=\"wp-block-image size-large\"><a href=\"https:\/\/collies-vom-floersbachtal.de\/cms\/wp-content\/uploads\/2022\/08\/Kacy2-nass.jpg\"><img loading=\"lazy\" decoding=\"async\" width=\"1024\" height=\"942\" src=\"https:\/\/collies-vom-floersbachtal.de\/cms\/wp-content\/uploads\/2022\/08\/Kacy2-nass-1024x942.jpg\" alt=\"\" class=\"wp-image-36489\" srcset=\"https:\/\/collies-vom-floersbachtal.de\/cms\/wp-content\/uploads\/2022\/08\/Kacy2-nass-1024x942.jpg 1024w, https:\/\/collies-vom-floersbachtal.de\/cms\/wp-content\/uploads\/2022\/08\/Kacy2-nass-300x276.jpg 300w, https:\/\/collies-vom-floersbachtal.de\/cms\/wp-content\/uploads\/2022\/08\/Kacy2-nass-768x707.jpg 768w, https:\/\/collies-vom-floersbachtal.de\/cms\/wp-content\/uploads\/2022\/08\/Kacy2-nass-1536x1414.jpg 1536w, https:\/\/collies-vom-floersbachtal.de\/cms\/wp-content\/uploads\/2022\/08\/Kacy2-nass.jpg 1771w\" sizes=\"auto, (max-width: 1024px) 100vw, 1024px\" \/><\/a><\/figure>\n\n\n\n<p><strong>Kacy 6 Wochen alt 3480 g <\/strong><\/p>\n\n\n\n<figure class=\"wp-block-image size-full\"><a href=\"https:\/\/collies-vom-floersbachtal.de\/cms\/wp-content\/uploads\/2022\/09\/Kacy1-mit-55-Wochen.jpg\"><img loading=\"lazy\" decoding=\"async\" width=\"1000\" height=\"750\" src=\"https:\/\/collies-vom-floersbachtal.de\/cms\/wp-content\/uploads\/2022\/09\/Kacy1-mit-55-Wochen.jpg\" alt=\"\" class=\"wp-image-36813\" srcset=\"https:\/\/collies-vom-floersbachtal.de\/cms\/wp-content\/uploads\/2022\/09\/Kacy1-mit-55-Wochen.jpg 1000w, https:\/\/collies-vom-floersbachtal.de\/cms\/wp-content\/uploads\/2022\/09\/Kacy1-mit-55-Wochen-300x225.jpg 300w, https:\/\/collies-vom-floersbachtal.de\/cms\/wp-content\/uploads\/2022\/09\/Kacy1-mit-55-Wochen-768x576.jpg 768w\" sizes=\"auto, (max-width: 1000px) 100vw, 1000px\" \/><\/a><\/figure>\n\n\n\n<p><strong>Kacy 5 Wochen alt 2600 g <\/strong><\/p>\n\n\n\n<figure class=\"wp-block-gallery has-nested-images columns-default is-cropped wp-block-gallery-32 is-layout-flex wp-block-gallery-is-layout-flex\">\n<figure class=\"wp-block-image size-large\"><a href=\"https:\/\/collies-vom-floersbachtal.de\/cms\/wp-content\/uploads\/2022\/08\/Kacy1-mit-5-Wochen.jpg\"><img loading=\"lazy\" decoding=\"async\" width=\"1000\" height=\"773\" data-id=\"36267\" src=\"https:\/\/collies-vom-floersbachtal.de\/cms\/wp-content\/uploads\/2022\/08\/Kacy1-mit-5-Wochen.jpg\" alt=\"\" class=\"wp-image-36267\" srcset=\"https:\/\/collies-vom-floersbachtal.de\/cms\/wp-content\/uploads\/2022\/08\/Kacy1-mit-5-Wochen.jpg 1000w, https:\/\/collies-vom-floersbachtal.de\/cms\/wp-content\/uploads\/2022\/08\/Kacy1-mit-5-Wochen-300x232.jpg 300w, https:\/\/collies-vom-floersbachtal.de\/cms\/wp-content\/uploads\/2022\/08\/Kacy1-mit-5-Wochen-768x594.jpg 768w\" sizes=\"auto, (max-width: 1000px) 100vw, 1000px\" \/><\/a><\/figure>\n\n\n\n<figure class=\"wp-block-image size-large\"><a href=\"https:\/\/collies-vom-floersbachtal.de\/cms\/wp-content\/uploads\/2022\/08\/der-1.-Morgen-alleine-da-unten-mit-5-Wochen.jpg\"><img loading=\"lazy\" decoding=\"async\" width=\"1000\" height=\"421\" data-id=\"36266\" src=\"https:\/\/collies-vom-floersbachtal.de\/cms\/wp-content\/uploads\/2022\/08\/der-1.-Morgen-alleine-da-unten-mit-5-Wochen.jpg\" alt=\"\" class=\"wp-image-36266\" srcset=\"https:\/\/collies-vom-floersbachtal.de\/cms\/wp-content\/uploads\/2022\/08\/der-1.-Morgen-alleine-da-unten-mit-5-Wochen.jpg 1000w, https:\/\/collies-vom-floersbachtal.de\/cms\/wp-content\/uploads\/2022\/08\/der-1.-Morgen-alleine-da-unten-mit-5-Wochen-300x126.jpg 300w, https:\/\/collies-vom-floersbachtal.de\/cms\/wp-content\/uploads\/2022\/08\/der-1.-Morgen-alleine-da-unten-mit-5-Wochen-768x323.jpg 768w\" sizes=\"auto, (max-width: 1000px) 100vw, 1000px\" \/><\/a><\/figure>\n\n\n\n<figure class=\"wp-block-image size-large\"><a href=\"https:\/\/collies-vom-floersbachtal.de\/cms\/wp-content\/uploads\/2022\/08\/Kacy-Kanisha-und-Kenai1-mit-5-Wochen-2.jpg\"><img loading=\"lazy\" decoding=\"async\" width=\"1000\" height=\"315\" data-id=\"36265\" src=\"https:\/\/collies-vom-floersbachtal.de\/cms\/wp-content\/uploads\/2022\/08\/Kacy-Kanisha-und-Kenai1-mit-5-Wochen-2.jpg\" alt=\"\" class=\"wp-image-36265\" srcset=\"https:\/\/collies-vom-floersbachtal.de\/cms\/wp-content\/uploads\/2022\/08\/Kacy-Kanisha-und-Kenai1-mit-5-Wochen-2.jpg 1000w, https:\/\/collies-vom-floersbachtal.de\/cms\/wp-content\/uploads\/2022\/08\/Kacy-Kanisha-und-Kenai1-mit-5-Wochen-2-300x95.jpg 300w, https:\/\/collies-vom-floersbachtal.de\/cms\/wp-content\/uploads\/2022\/08\/Kacy-Kanisha-und-Kenai1-mit-5-Wochen-2-768x242.jpg 768w\" sizes=\"auto, (max-width: 1000px) 100vw, 1000px\" \/><\/a><\/figure>\n<\/figure>\n\n\n\n<figure class=\"wp-block-image size-large\"><a href=\"https:\/\/collies-vom-floersbachtal.de\/cms\/wp-content\/uploads\/2022\/08\/Alle4-im-Garten-Ende-5.-Woche.jpg\"><img loading=\"lazy\" decoding=\"async\" width=\"867\" height=\"1024\" src=\"https:\/\/collies-vom-floersbachtal.de\/cms\/wp-content\/uploads\/2022\/08\/Alle4-im-Garten-Ende-5.-Woche-867x1024.jpg\" alt=\"\" class=\"wp-image-36240\" srcset=\"https:\/\/collies-vom-floersbachtal.de\/cms\/wp-content\/uploads\/2022\/08\/Alle4-im-Garten-Ende-5.-Woche-867x1024.jpg 867w, https:\/\/collies-vom-floersbachtal.de\/cms\/wp-content\/uploads\/2022\/08\/Alle4-im-Garten-Ende-5.-Woche-254x300.jpg 254w, https:\/\/collies-vom-floersbachtal.de\/cms\/wp-content\/uploads\/2022\/08\/Alle4-im-Garten-Ende-5.-Woche-768x907.jpg 768w, https:\/\/collies-vom-floersbachtal.de\/cms\/wp-content\/uploads\/2022\/08\/Alle4-im-Garten-Ende-5.-Woche.jpg 983w\" sizes=\"auto, (max-width: 867px) 100vw, 867px\" \/><\/a><\/figure>\n\n\n\n<p><strong>Kacy 4 Wochen alt 1790 g<\/strong><\/p>\n\n\n\n<figure class=\"wp-block-image size-full\"><a href=\"https:\/\/collies-vom-floersbachtal.de\/cms\/wp-content\/uploads\/2022\/08\/Kacy1-mit-3-Wochen.jpg\"><img loading=\"lazy\" decoding=\"async\" width=\"1000\" height=\"629\" src=\"https:\/\/collies-vom-floersbachtal.de\/cms\/wp-content\/uploads\/2022\/08\/Kacy1-mit-3-Wochen.jpg\" alt=\"\" class=\"wp-image-36242\" srcset=\"https:\/\/collies-vom-floersbachtal.de\/cms\/wp-content\/uploads\/2022\/08\/Kacy1-mit-3-Wochen.jpg 1000w, https:\/\/collies-vom-floersbachtal.de\/cms\/wp-content\/uploads\/2022\/08\/Kacy1-mit-3-Wochen-300x189.jpg 300w, https:\/\/collies-vom-floersbachtal.de\/cms\/wp-content\/uploads\/2022\/08\/Kacy1-mit-3-Wochen-768x483.jpg 768w\" sizes=\"auto, (max-width: 1000px) 100vw, 1000px\" \/><\/a><\/figure>\n\n\n\n<p><strong>3 Wochen alt Kacy 1240 g <\/strong><\/p>\n\n\n\n<figure class=\"wp-block-gallery has-nested-images columns-default is-cropped wp-block-gallery-33 is-layout-flex wp-block-gallery-is-layout-flex\">\n<figure class=\"wp-block-image size-large\"><a href=\"https:\/\/collies-vom-floersbachtal.de\/cms\/wp-content\/uploads\/2022\/08\/Alle1-mit-3-Wochen.jpg\"><img loading=\"lazy\" decoding=\"async\" width=\"1000\" height=\"575\" data-id=\"36244\" src=\"https:\/\/collies-vom-floersbachtal.de\/cms\/wp-content\/uploads\/2022\/08\/Alle1-mit-3-Wochen.jpg\" alt=\"\" class=\"wp-image-36244\" srcset=\"https:\/\/collies-vom-floersbachtal.de\/cms\/wp-content\/uploads\/2022\/08\/Alle1-mit-3-Wochen.jpg 1000w, https:\/\/collies-vom-floersbachtal.de\/cms\/wp-content\/uploads\/2022\/08\/Alle1-mit-3-Wochen-300x173.jpg 300w, https:\/\/collies-vom-floersbachtal.de\/cms\/wp-content\/uploads\/2022\/08\/Alle1-mit-3-Wochen-768x442.jpg 768w\" sizes=\"auto, (max-width: 1000px) 100vw, 1000px\" \/><\/a><\/figure>\n<\/figure>\n\n\n\n<p><strong>2 Wochen alt Kacy 740 g<\/strong><\/p>\n\n\n\n<figure class=\"wp-block-image size-large\"><a href=\"https:\/\/collies-vom-floersbachtal.de\/cms\/wp-content\/uploads\/2022\/07\/Kacy1-mit-2-wochen.jpg\"><img loading=\"lazy\" decoding=\"async\" width=\"725\" height=\"1024\" src=\"https:\/\/collies-vom-floersbachtal.de\/cms\/wp-content\/uploads\/2022\/07\/Kacy1-mit-2-wochen-725x1024.jpg\" alt=\"\" class=\"wp-image-35982\" srcset=\"https:\/\/collies-vom-floersbachtal.de\/cms\/wp-content\/uploads\/2022\/07\/Kacy1-mit-2-wochen-725x1024.jpg 725w, https:\/\/collies-vom-floersbachtal.de\/cms\/wp-content\/uploads\/2022\/07\/Kacy1-mit-2-wochen-212x300.jpg 212w, https:\/\/collies-vom-floersbachtal.de\/cms\/wp-content\/uploads\/2022\/07\/Kacy1-mit-2-wochen-768x1084.jpg 768w, https:\/\/collies-vom-floersbachtal.de\/cms\/wp-content\/uploads\/2022\/07\/Kacy1-mit-2-wochen.jpg 1000w\" sizes=\"auto, (max-width: 725px) 100vw, 725px\" \/><\/a><figcaption class=\"wp-element-caption\">Bescheidene Maus <\/figcaption><\/figure>\n\n\n\n<p><strong>1 Woche alt Kacy 510 g<\/strong><\/p>\n\n\n\n<figure class=\"wp-block-gallery has-nested-images columns-default is-cropped wp-block-gallery-34 is-layout-flex wp-block-gallery-is-layout-flex\">\n<figure class=\"wp-block-image size-large\"><a href=\"https:\/\/collies-vom-floersbachtal.de\/cms\/wp-content\/uploads\/2022\/07\/Kacy2.jpg\"><img loading=\"lazy\" decoding=\"async\" width=\"901\" height=\"1024\" data-id=\"35909\" src=\"https:\/\/collies-vom-floersbachtal.de\/cms\/wp-content\/uploads\/2022\/07\/Kacy2-901x1024.jpg\" alt=\"\" class=\"wp-image-35909\" srcset=\"https:\/\/collies-vom-floersbachtal.de\/cms\/wp-content\/uploads\/2022\/07\/Kacy2-901x1024.jpg 901w, https:\/\/collies-vom-floersbachtal.de\/cms\/wp-content\/uploads\/2022\/07\/Kacy2-264x300.jpg 264w, https:\/\/collies-vom-floersbachtal.de\/cms\/wp-content\/uploads\/2022\/07\/Kacy2-768x872.jpg 768w, https:\/\/collies-vom-floersbachtal.de\/cms\/wp-content\/uploads\/2022\/07\/Kacy2.jpg 1000w\" sizes=\"auto, (max-width: 901px) 100vw, 901px\" \/><\/a><\/figure>\n\n\n\n<figure class=\"wp-block-image size-large\"><a href=\"https:\/\/collies-vom-floersbachtal.de\/cms\/wp-content\/uploads\/2022\/07\/Kacy1.jpg\"><img loading=\"lazy\" decoding=\"async\" width=\"577\" height=\"1024\" data-id=\"35910\" src=\"https:\/\/collies-vom-floersbachtal.de\/cms\/wp-content\/uploads\/2022\/07\/Kacy1-577x1024.jpg\" alt=\"\" class=\"wp-image-35910\" srcset=\"https:\/\/collies-vom-floersbachtal.de\/cms\/wp-content\/uploads\/2022\/07\/Kacy1-577x1024.jpg 577w, https:\/\/collies-vom-floersbachtal.de\/cms\/wp-content\/uploads\/2022\/07\/Kacy1-169x300.jpg 169w, https:\/\/collies-vom-floersbachtal.de\/cms\/wp-content\/uploads\/2022\/07\/Kacy1-768x1364.jpg 768w, https:\/\/collies-vom-floersbachtal.de\/cms\/wp-content\/uploads\/2022\/07\/Kacy1-865x1536.jpg 865w, https:\/\/collies-vom-floersbachtal.de\/cms\/wp-content\/uploads\/2022\/07\/Kacy1.jpg 1000w\" sizes=\"auto, (max-width: 577px) 100vw, 577px\" \/><\/a><\/figure>\n<\/figure>\n\n\n\n<p><strong>10.  &#8220; <strong>Koko<\/strong><\/strong> <strong>&#8222;<\/strong> <strong>07.07.2022  12:40 Uhr   (H\u00fcndin) White \/ Trico Marken, 3 Spots, 320 g,<\/strong> ( Krebs Aszendent Waage , Chinesisch Wassertiger )<strong>       <\/strong>  <strong>vergeben<\/strong> <strong>und ausgezogen<\/strong> <strong>und wird zur Therapieh\u00fcndin ausgebildet<\/strong><\/p>\n\n\n\n<p><strong>MDR1 +\/+,&nbsp; &nbsp; &nbsp; CEA +\/+, oder +\/- frei,&nbsp; &nbsp; &nbsp;DM&nbsp; +\/+,&nbsp; oder &nbsp;+\/-, &nbsp; &nbsp;GCS&nbsp; N\/N,&nbsp; &nbsp; &nbsp;PRA&nbsp; N\/N,&nbsp; &nbsp; DMS aa bb,<\/strong><\/p>\n\n\n\n<figure class=\"wp-block-image size-large\"><a href=\"https:\/\/collies-vom-floersbachtal.de\/cms\/wp-content\/uploads\/2022\/07\/Koko1-3-Tage.jpg\"><img loading=\"lazy\" decoding=\"async\" width=\"1024\" height=\"809\" src=\"https:\/\/collies-vom-floersbachtal.de\/cms\/wp-content\/uploads\/2022\/07\/Koko1-3-Tage-1024x809.jpg\" alt=\"\" class=\"wp-image-35914\" srcset=\"https:\/\/collies-vom-floersbachtal.de\/cms\/wp-content\/uploads\/2022\/07\/Koko1-3-Tage-1024x809.jpg 1024w, https:\/\/collies-vom-floersbachtal.de\/cms\/wp-content\/uploads\/2022\/07\/Koko1-3-Tage-300x237.jpg 300w, https:\/\/collies-vom-floersbachtal.de\/cms\/wp-content\/uploads\/2022\/07\/Koko1-3-Tage-768x607.jpg 768w, https:\/\/collies-vom-floersbachtal.de\/cms\/wp-content\/uploads\/2022\/07\/Koko1-3-Tage-1536x1213.jpg 1536w, https:\/\/collies-vom-floersbachtal.de\/cms\/wp-content\/uploads\/2022\/07\/Koko1-3-Tage.jpg 1946w\" sizes=\"auto, (max-width: 1024px) 100vw, 1024px\" \/><\/a><\/figure>\n\n\n\n<p><strong>Koko 9 Wochen alt<\/strong> <strong>7000 g<\/strong><\/p>\n\n\n\n<figure class=\"wp-block-image size-large\"><a href=\"https:\/\/collies-vom-floersbachtal.de\/cms\/wp-content\/uploads\/2022\/09\/Koko3-mit-9-Wochen.jpg\"><img loading=\"lazy\" decoding=\"async\" width=\"519\" height=\"1024\" src=\"https:\/\/collies-vom-floersbachtal.de\/cms\/wp-content\/uploads\/2022\/09\/Koko3-mit-9-Wochen-519x1024.jpg\" alt=\"\" class=\"wp-image-36904\" srcset=\"https:\/\/collies-vom-floersbachtal.de\/cms\/wp-content\/uploads\/2022\/09\/Koko3-mit-9-Wochen-519x1024.jpg 519w, https:\/\/collies-vom-floersbachtal.de\/cms\/wp-content\/uploads\/2022\/09\/Koko3-mit-9-Wochen-152x300.jpg 152w, https:\/\/collies-vom-floersbachtal.de\/cms\/wp-content\/uploads\/2022\/09\/Koko3-mit-9-Wochen-768x1516.jpg 768w, https:\/\/collies-vom-floersbachtal.de\/cms\/wp-content\/uploads\/2022\/09\/Koko3-mit-9-Wochen-778x1536.jpg 778w, https:\/\/collies-vom-floersbachtal.de\/cms\/wp-content\/uploads\/2022\/09\/Koko3-mit-9-Wochen.jpg 1000w\" sizes=\"auto, (max-width: 519px) 100vw, 519px\" \/><\/a><\/figure>\n\n\n\n<p><strong>Koko 8 Wochen alt 6000 g <\/strong><\/p>\n\n\n\n<figure class=\"wp-block-image size-full\"><a href=\"https:\/\/collies-vom-floersbachtal.de\/cms\/wp-content\/uploads\/2022\/08\/Koko2-mit-8-Wochen.jpg\"><img loading=\"lazy\" decoding=\"async\" width=\"1000\" height=\"735\" src=\"https:\/\/collies-vom-floersbachtal.de\/cms\/wp-content\/uploads\/2022\/08\/Koko2-mit-8-Wochen.jpg\" alt=\"\" class=\"wp-image-36549\" srcset=\"https:\/\/collies-vom-floersbachtal.de\/cms\/wp-content\/uploads\/2022\/08\/Koko2-mit-8-Wochen.jpg 1000w, https:\/\/collies-vom-floersbachtal.de\/cms\/wp-content\/uploads\/2022\/08\/Koko2-mit-8-Wochen-300x221.jpg 300w, https:\/\/collies-vom-floersbachtal.de\/cms\/wp-content\/uploads\/2022\/08\/Koko2-mit-8-Wochen-768x564.jpg 768w\" sizes=\"auto, (max-width: 1000px) 100vw, 1000px\" \/><\/a><\/figure>\n\n\n\n<p><strong>Koko 7 Wochen alt 5440 g<\/strong><\/p>\n\n\n\n<figure class=\"wp-block-image size-full\"><a href=\"https:\/\/collies-vom-floersbachtal.de\/cms\/wp-content\/uploads\/2022\/08\/Koko1-mit-65-Wochen-1.jpg\"><img loading=\"lazy\" decoding=\"async\" width=\"1000\" height=\"768\" src=\"https:\/\/collies-vom-floersbachtal.de\/cms\/wp-content\/uploads\/2022\/08\/Koko1-mit-65-Wochen-1.jpg\" alt=\"\" class=\"wp-image-36490\" srcset=\"https:\/\/collies-vom-floersbachtal.de\/cms\/wp-content\/uploads\/2022\/08\/Koko1-mit-65-Wochen-1.jpg 1000w, https:\/\/collies-vom-floersbachtal.de\/cms\/wp-content\/uploads\/2022\/08\/Koko1-mit-65-Wochen-1-300x230.jpg 300w, https:\/\/collies-vom-floersbachtal.de\/cms\/wp-content\/uploads\/2022\/08\/Koko1-mit-65-Wochen-1-768x590.jpg 768w\" sizes=\"auto, (max-width: 1000px) 100vw, 1000px\" \/><\/a><\/figure>\n\n\n\n<p><strong>Koko 6 Wochen alt 3970 g<\/strong><\/p>\n\n\n\n<figure class=\"wp-block-image size-full\"><a href=\"https:\/\/collies-vom-floersbachtal.de\/cms\/wp-content\/uploads\/2022\/08\/Koko4-mit-6-Wochen.jpg\"><img loading=\"lazy\" decoding=\"async\" width=\"1000\" height=\"563\" src=\"https:\/\/collies-vom-floersbachtal.de\/cms\/wp-content\/uploads\/2022\/08\/Koko4-mit-6-Wochen.jpg\" alt=\"\" class=\"wp-image-36393\" srcset=\"https:\/\/collies-vom-floersbachtal.de\/cms\/wp-content\/uploads\/2022\/08\/Koko4-mit-6-Wochen.jpg 1000w, https:\/\/collies-vom-floersbachtal.de\/cms\/wp-content\/uploads\/2022\/08\/Koko4-mit-6-Wochen-300x169.jpg 300w, https:\/\/collies-vom-floersbachtal.de\/cms\/wp-content\/uploads\/2022\/08\/Koko4-mit-6-Wochen-768x432.jpg 768w\" sizes=\"auto, (max-width: 1000px) 100vw, 1000px\" \/><\/a><\/figure>\n\n\n\n<p><strong>Koko 5 Wochen alt 2970 g<\/strong><\/p>\n\n\n\n<figure class=\"wp-block-gallery has-nested-images columns-default is-cropped wp-block-gallery-35 is-layout-flex wp-block-gallery-is-layout-flex\">\n<figure class=\"wp-block-image size-large\"><a href=\"https:\/\/collies-vom-floersbachtal.de\/cms\/wp-content\/uploads\/2022\/08\/Koko8-im-Garten.jpg\"><img loading=\"lazy\" decoding=\"async\" width=\"1000\" height=\"853\" data-id=\"36289\" src=\"https:\/\/collies-vom-floersbachtal.de\/cms\/wp-content\/uploads\/2022\/08\/Koko8-im-Garten.jpg\" alt=\"\" class=\"wp-image-36289\" srcset=\"https:\/\/collies-vom-floersbachtal.de\/cms\/wp-content\/uploads\/2022\/08\/Koko8-im-Garten.jpg 1000w, https:\/\/collies-vom-floersbachtal.de\/cms\/wp-content\/uploads\/2022\/08\/Koko8-im-Garten-300x256.jpg 300w, https:\/\/collies-vom-floersbachtal.de\/cms\/wp-content\/uploads\/2022\/08\/Koko8-im-Garten-768x655.jpg 768w\" sizes=\"auto, (max-width: 1000px) 100vw, 1000px\" \/><\/a><\/figure>\n\n\n\n<figure class=\"wp-block-image size-large\"><a href=\"https:\/\/collies-vom-floersbachtal.de\/cms\/wp-content\/uploads\/2022\/08\/Koko6-im-Garten-1.jpg\"><img loading=\"lazy\" decoding=\"async\" width=\"835\" height=\"1024\" data-id=\"36288\" src=\"https:\/\/collies-vom-floersbachtal.de\/cms\/wp-content\/uploads\/2022\/08\/Koko6-im-Garten-1-835x1024.jpg\" alt=\"\" class=\"wp-image-36288\" srcset=\"https:\/\/collies-vom-floersbachtal.de\/cms\/wp-content\/uploads\/2022\/08\/Koko6-im-Garten-1-835x1024.jpg 835w, https:\/\/collies-vom-floersbachtal.de\/cms\/wp-content\/uploads\/2022\/08\/Koko6-im-Garten-1-245x300.jpg 245w, https:\/\/collies-vom-floersbachtal.de\/cms\/wp-content\/uploads\/2022\/08\/Koko6-im-Garten-1-768x942.jpg 768w, https:\/\/collies-vom-floersbachtal.de\/cms\/wp-content\/uploads\/2022\/08\/Koko6-im-Garten-1.jpg 1000w\" sizes=\"auto, (max-width: 835px) 100vw, 835px\" \/><\/a><\/figure>\n<\/figure>\n\n\n\n<figure class=\"wp-block-image size-full\"><a href=\"https:\/\/collies-vom-floersbachtal.de\/cms\/wp-content\/uploads\/2022\/08\/Koko7-im-Garten-1.jpg\"><img loading=\"lazy\" decoding=\"async\" width=\"1000\" height=\"667\" src=\"https:\/\/collies-vom-floersbachtal.de\/cms\/wp-content\/uploads\/2022\/08\/Koko7-im-Garten-1.jpg\" alt=\"\" class=\"wp-image-36290\" srcset=\"https:\/\/collies-vom-floersbachtal.de\/cms\/wp-content\/uploads\/2022\/08\/Koko7-im-Garten-1.jpg 1000w, https:\/\/collies-vom-floersbachtal.de\/cms\/wp-content\/uploads\/2022\/08\/Koko7-im-Garten-1-300x200.jpg 300w, https:\/\/collies-vom-floersbachtal.de\/cms\/wp-content\/uploads\/2022\/08\/Koko7-im-Garten-1-768x512.jpg 768w\" sizes=\"auto, (max-width: 1000px) 100vw, 1000px\" \/><\/a><\/figure>\n\n\n\n<p><strong>Koko 4 Wochen alt 1940 g <\/strong><\/p>\n\n\n\n<figure class=\"wp-block-image size-large\"><a href=\"https:\/\/collies-vom-floersbachtal.de\/cms\/wp-content\/uploads\/2022\/08\/Koko1-mit-4-Wochen.jpg\"><img loading=\"lazy\" decoding=\"async\" width=\"775\" height=\"1024\" src=\"https:\/\/collies-vom-floersbachtal.de\/cms\/wp-content\/uploads\/2022\/08\/Koko1-mit-4-Wochen-775x1024.jpg\" alt=\"\" class=\"wp-image-36132\" srcset=\"https:\/\/collies-vom-floersbachtal.de\/cms\/wp-content\/uploads\/2022\/08\/Koko1-mit-4-Wochen-775x1024.jpg 775w, https:\/\/collies-vom-floersbachtal.de\/cms\/wp-content\/uploads\/2022\/08\/Koko1-mit-4-Wochen-227x300.jpg 227w, https:\/\/collies-vom-floersbachtal.de\/cms\/wp-content\/uploads\/2022\/08\/Koko1-mit-4-Wochen-768x1015.jpg 768w, https:\/\/collies-vom-floersbachtal.de\/cms\/wp-content\/uploads\/2022\/08\/Koko1-mit-4-Wochen.jpg 1000w\" sizes=\"auto, (max-width: 775px) 100vw, 775px\" \/><\/a><\/figure>\n\n\n\n<p><strong>3 Wochen alt Koko 1310 g<\/strong><\/p>\n\n\n\n<figure class=\"wp-block-gallery has-nested-images columns-default is-cropped wp-block-gallery-36 is-layout-flex wp-block-gallery-is-layout-flex\">\n<figure class=\"wp-block-image size-large\"><a href=\"https:\/\/collies-vom-floersbachtal.de\/cms\/wp-content\/uploads\/2022\/07\/Koko2-mit-3-Wochen-1.jpg\"><img loading=\"lazy\" decoding=\"async\" width=\"832\" height=\"1024\" data-id=\"36086\" src=\"https:\/\/collies-vom-floersbachtal.de\/cms\/wp-content\/uploads\/2022\/07\/Koko2-mit-3-Wochen-1-832x1024.jpg\" alt=\"\" class=\"wp-image-36086\" srcset=\"https:\/\/collies-vom-floersbachtal.de\/cms\/wp-content\/uploads\/2022\/07\/Koko2-mit-3-Wochen-1-832x1024.jpg 832w, https:\/\/collies-vom-floersbachtal.de\/cms\/wp-content\/uploads\/2022\/07\/Koko2-mit-3-Wochen-1-244x300.jpg 244w, https:\/\/collies-vom-floersbachtal.de\/cms\/wp-content\/uploads\/2022\/07\/Koko2-mit-3-Wochen-1-768x945.jpg 768w, https:\/\/collies-vom-floersbachtal.de\/cms\/wp-content\/uploads\/2022\/07\/Koko2-mit-3-Wochen-1.jpg 1000w\" sizes=\"auto, (max-width: 832px) 100vw, 832px\" \/><\/a><\/figure>\n\n\n\n<figure class=\"wp-block-image size-large\"><a href=\"https:\/\/collies-vom-floersbachtal.de\/cms\/wp-content\/uploads\/2022\/07\/Koko1-mit-3-Wochen-1.jpg\"><img loading=\"lazy\" decoding=\"async\" width=\"868\" height=\"1024\" data-id=\"36085\" src=\"https:\/\/collies-vom-floersbachtal.de\/cms\/wp-content\/uploads\/2022\/07\/Koko1-mit-3-Wochen-1-868x1024.jpg\" alt=\"\" class=\"wp-image-36085\" srcset=\"https:\/\/collies-vom-floersbachtal.de\/cms\/wp-content\/uploads\/2022\/07\/Koko1-mit-3-Wochen-1-868x1024.jpg 868w, https:\/\/collies-vom-floersbachtal.de\/cms\/wp-content\/uploads\/2022\/07\/Koko1-mit-3-Wochen-1-254x300.jpg 254w, https:\/\/collies-vom-floersbachtal.de\/cms\/wp-content\/uploads\/2022\/07\/Koko1-mit-3-Wochen-1-768x906.jpg 768w, https:\/\/collies-vom-floersbachtal.de\/cms\/wp-content\/uploads\/2022\/07\/Koko1-mit-3-Wochen-1.jpg 1000w\" sizes=\"auto, (max-width: 868px) 100vw, 868px\" \/><\/a><\/figure>\n<\/figure>\n\n\n\n<p><strong>2 Wochen alt Koko 750 g<\/strong> <\/p>\n\n\n\n<figure class=\"wp-block-gallery has-nested-images columns-default is-cropped wp-block-gallery-37 is-layout-flex wp-block-gallery-is-layout-flex\">\n<figure class=\"wp-block-image size-large\"><a href=\"https:\/\/collies-vom-floersbachtal.de\/cms\/wp-content\/uploads\/2022\/07\/Koko2-mit-2-Wochen.jpg\"><img loading=\"lazy\" decoding=\"async\" width=\"888\" height=\"1024\" data-id=\"35983\" src=\"https:\/\/collies-vom-floersbachtal.de\/cms\/wp-content\/uploads\/2022\/07\/Koko2-mit-2-Wochen-888x1024.jpg\" alt=\"\" class=\"wp-image-35983\" srcset=\"https:\/\/collies-vom-floersbachtal.de\/cms\/wp-content\/uploads\/2022\/07\/Koko2-mit-2-Wochen-888x1024.jpg 888w, https:\/\/collies-vom-floersbachtal.de\/cms\/wp-content\/uploads\/2022\/07\/Koko2-mit-2-Wochen-260x300.jpg 260w, https:\/\/collies-vom-floersbachtal.de\/cms\/wp-content\/uploads\/2022\/07\/Koko2-mit-2-Wochen-768x886.jpg 768w, https:\/\/collies-vom-floersbachtal.de\/cms\/wp-content\/uploads\/2022\/07\/Koko2-mit-2-Wochen.jpg 1000w\" sizes=\"auto, (max-width: 888px) 100vw, 888px\" \/><\/a><figcaption class=\"wp-element-caption\">Geduldige Maus<\/figcaption><\/figure>\n\n\n\n<figure class=\"wp-block-image size-large\"><a href=\"https:\/\/collies-vom-floersbachtal.de\/cms\/wp-content\/uploads\/2022\/07\/Koko1-mit-2-Wochen.jpg\"><img loading=\"lazy\" decoding=\"async\" width=\"796\" height=\"1024\" data-id=\"35984\" src=\"https:\/\/collies-vom-floersbachtal.de\/cms\/wp-content\/uploads\/2022\/07\/Koko1-mit-2-Wochen-796x1024.jpg\" alt=\"\" class=\"wp-image-35984\" srcset=\"https:\/\/collies-vom-floersbachtal.de\/cms\/wp-content\/uploads\/2022\/07\/Koko1-mit-2-Wochen-796x1024.jpg 796w, https:\/\/collies-vom-floersbachtal.de\/cms\/wp-content\/uploads\/2022\/07\/Koko1-mit-2-Wochen-233x300.jpg 233w, https:\/\/collies-vom-floersbachtal.de\/cms\/wp-content\/uploads\/2022\/07\/Koko1-mit-2-Wochen-768x988.jpg 768w, https:\/\/collies-vom-floersbachtal.de\/cms\/wp-content\/uploads\/2022\/07\/Koko1-mit-2-Wochen.jpg 1000w\" sizes=\"auto, (max-width: 796px) 100vw, 796px\" \/><\/a><\/figure>\n<\/figure>\n\n\n\n<p><strong>1 Woche alt Koko 480 g<\/strong><\/p>\n\n\n\n<figure class=\"wp-block-gallery has-nested-images columns-default is-cropped wp-block-gallery-38 is-layout-flex wp-block-gallery-is-layout-flex\">\n<figure class=\"wp-block-image size-large\"><a href=\"https:\/\/collies-vom-floersbachtal.de\/cms\/wp-content\/uploads\/2022\/07\/Koko4.jpg\"><img loading=\"lazy\" decoding=\"async\" width=\"976\" height=\"1024\" data-id=\"35912\" src=\"https:\/\/collies-vom-floersbachtal.de\/cms\/wp-content\/uploads\/2022\/07\/Koko4-976x1024.jpg\" alt=\"\" class=\"wp-image-35912\" srcset=\"https:\/\/collies-vom-floersbachtal.de\/cms\/wp-content\/uploads\/2022\/07\/Koko4-976x1024.jpg 976w, https:\/\/collies-vom-floersbachtal.de\/cms\/wp-content\/uploads\/2022\/07\/Koko4-286x300.jpg 286w, https:\/\/collies-vom-floersbachtal.de\/cms\/wp-content\/uploads\/2022\/07\/Koko4-768x806.jpg 768w, https:\/\/collies-vom-floersbachtal.de\/cms\/wp-content\/uploads\/2022\/07\/Koko4.jpg 1000w\" sizes=\"auto, (max-width: 976px) 100vw, 976px\" \/><\/a><\/figure>\n\n\n\n<figure class=\"wp-block-image size-large\"><a href=\"https:\/\/collies-vom-floersbachtal.de\/cms\/wp-content\/uploads\/2022\/07\/Koko1.jpg\"><img loading=\"lazy\" decoding=\"async\" width=\"809\" height=\"1024\" data-id=\"35913\" src=\"https:\/\/collies-vom-floersbachtal.de\/cms\/wp-content\/uploads\/2022\/07\/Koko1-809x1024.jpg\" alt=\"\" class=\"wp-image-35913\" srcset=\"https:\/\/collies-vom-floersbachtal.de\/cms\/wp-content\/uploads\/2022\/07\/Koko1-809x1024.jpg 809w, https:\/\/collies-vom-floersbachtal.de\/cms\/wp-content\/uploads\/2022\/07\/Koko1-237x300.jpg 237w, https:\/\/collies-vom-floersbachtal.de\/cms\/wp-content\/uploads\/2022\/07\/Koko1-768x972.jpg 768w, https:\/\/collies-vom-floersbachtal.de\/cms\/wp-content\/uploads\/2022\/07\/Koko1.jpg 1000w\" sizes=\"auto, (max-width: 809px) 100vw, 809px\" \/><\/a><\/figure>\n\n\n\n<figure class=\"wp-block-image size-large\"><a href=\"https:\/\/collies-vom-floersbachtal.de\/cms\/wp-content\/uploads\/2022\/07\/Koko3.jpg\"><img loading=\"lazy\" decoding=\"async\" width=\"875\" height=\"1024\" data-id=\"35911\" src=\"https:\/\/collies-vom-floersbachtal.de\/cms\/wp-content\/uploads\/2022\/07\/Koko3-875x1024.jpg\" alt=\"\" class=\"wp-image-35911\" srcset=\"https:\/\/collies-vom-floersbachtal.de\/cms\/wp-content\/uploads\/2022\/07\/Koko3-875x1024.jpg 875w, https:\/\/collies-vom-floersbachtal.de\/cms\/wp-content\/uploads\/2022\/07\/Koko3-256x300.jpg 256w, https:\/\/collies-vom-floersbachtal.de\/cms\/wp-content\/uploads\/2022\/07\/Koko3-768x899.jpg 768w, https:\/\/collies-vom-floersbachtal.de\/cms\/wp-content\/uploads\/2022\/07\/Koko3.jpg 1000w\" sizes=\"auto, (max-width: 875px) 100vw, 875px\" \/><\/a><\/figure>\n<\/figure>\n\n\n\n<p><\/p>\n","protected":false},"excerpt":{"rendered":"<p>Alle Kr\u00fcmel sind vergeben!!! Ich bedanke mich als Z\u00fcchter nochmal bei allen Welpenk\u00e4ufer f\u00fcr das mir entgegen-gebrachte Vertrauen. Und w\u00fcnsche viel Spa\u00df und Freunde, sowie Gesundheit und ein langes Leben mit den kleinen Langnasen. \ud83d\ude42 J\u00e4\u00e4\u00e4\u00e4h, meine kleine Tara hat &hellip; <a href=\"https:\/\/collies-vom-floersbachtal.de\/?page_id=35175\">Weiterlesen <span class=\"meta-nav\">&rarr;<\/span><\/a><\/p>\n","protected":false},"author":1,"featured_media":0,"parent":0,"menu_order":0,"comment_status":"closed","ping_status":"closed","template":"","meta":{"footnotes":""},"class_list":["post-35175","page","type-page","status-publish","hentry"],"_links":{"self":[{"href":"https:\/\/collies-vom-floersbachtal.de\/index.php?rest_route=\/wp\/v2\/pages\/35175","targetHints":{"allow":["GET"]}}],"collection":[{"href":"https:\/\/collies-vom-floersbachtal.de\/index.php?rest_route=\/wp\/v2\/pages"}],"about":[{"href":"https:\/\/collies-vom-floersbachtal.de\/index.php?rest_route=\/wp\/v2\/types\/page"}],"author":[{"embeddable":true,"href":"https:\/\/collies-vom-floersbachtal.de\/index.php?rest_route=\/wp\/v2\/users\/1"}],"replies":[{"embeddable":true,"href":"https:\/\/collies-vom-floersbachtal.de\/index.php?rest_route=%2Fwp%2Fv2%2Fcomments&post=35175"}],"version-history":[{"count":83,"href":"https:\/\/collies-vom-floersbachtal.de\/index.php?rest_route=\/wp\/v2\/pages\/35175\/revisions"}],"predecessor-version":[{"id":48307,"href":"https:\/\/collies-vom-floersbachtal.de\/index.php?rest_route=\/wp\/v2\/pages\/35175\/revisions\/48307"}],"wp:attachment":[{"href":"https:\/\/collies-vom-floersbachtal.de\/index.php?rest_route=%2Fwp%2Fv2%2Fmedia&parent=35175"}],"curies":[{"name":"wp","href":"https:\/\/api.w.org\/{rel}","templated":true}]}}