{"id":3032,"date":"2012-10-08T20:39:51","date_gmt":"2012-10-08T20:39:51","guid":{"rendered":"http:\/\/collies-vom-floersbachtal.de\/?page_id=3032"},"modified":"2025-11-24T10:09:57","modified_gmt":"2025-11-24T10:09:57","slug":"nachzucht-b-wurf-bella-mia","status":"publish","type":"page","link":"https:\/\/collies-vom-floersbachtal.de\/?page_id=3032","title":{"rendered":"Nachzucht B &#8211; Wurf Bella Mia"},"content":{"rendered":"\n<h1 class=\"wp-block-heading\"><strong>News von Mia\u00b4s neuer Mitbewohnerin im November 2025 \ud83d\ude42<\/strong><\/h1>\n\n\n\n<figure class=\"wp-block-gallery has-nested-images columns-default is-cropped wp-block-gallery-1 is-layout-flex wp-block-gallery-is-layout-flex\">\n<figure class=\"wp-block-image size-large\"><a href=\"https:\/\/collies-vom-floersbachtal.de\/cms\/wp-content\/uploads\/2025\/11\/Mia2-Nov.25.jpg\"><img loading=\"lazy\" decoding=\"async\" width=\"1000\" height=\"750\" data-id=\"53527\" src=\"https:\/\/collies-vom-floersbachtal.de\/cms\/wp-content\/uploads\/2025\/11\/Mia2-Nov.25.jpg\" alt=\"\" class=\"wp-image-53527\" srcset=\"https:\/\/collies-vom-floersbachtal.de\/cms\/wp-content\/uploads\/2025\/11\/Mia2-Nov.25.jpg 1000w, https:\/\/collies-vom-floersbachtal.de\/cms\/wp-content\/uploads\/2025\/11\/Mia2-Nov.25-300x225.jpg 300w, https:\/\/collies-vom-floersbachtal.de\/cms\/wp-content\/uploads\/2025\/11\/Mia2-Nov.25-768x576.jpg 768w\" sizes=\"auto, (max-width: 1000px) 100vw, 1000px\" \/><\/a><\/figure>\n\n\n\n<figure class=\"wp-block-image size-large\"><a href=\"https:\/\/collies-vom-floersbachtal.de\/cms\/wp-content\/uploads\/2025\/11\/Mia1-Nov.25.jpg\"><img loading=\"lazy\" decoding=\"async\" width=\"817\" height=\"687\" data-id=\"53526\" src=\"https:\/\/collies-vom-floersbachtal.de\/cms\/wp-content\/uploads\/2025\/11\/Mia1-Nov.25.jpg\" alt=\"\" class=\"wp-image-53526\" srcset=\"https:\/\/collies-vom-floersbachtal.de\/cms\/wp-content\/uploads\/2025\/11\/Mia1-Nov.25.jpg 817w, https:\/\/collies-vom-floersbachtal.de\/cms\/wp-content\/uploads\/2025\/11\/Mia1-Nov.25-300x252.jpg 300w, https:\/\/collies-vom-floersbachtal.de\/cms\/wp-content\/uploads\/2025\/11\/Mia1-Nov.25-768x646.jpg 768w\" sizes=\"auto, (max-width: 817px) 100vw, 817px\" \/><\/a><\/figure>\n<\/figure>\n\n\n\n<p><strong>Mit ihren 13 Jahren macht es Mia sichtlich Spass mit dem Kr\u00fcmel zu spielen<\/strong> <strong>\ud83d\ude00<\/strong><\/p>\n\n\n\n<h1 class=\"wp-block-heading\"><strong>Neuigkeiten von Mia aus dem Urlaub mit dem Wohnmobil Juni 2025  \ud83d\ude42<\/strong><\/h1>\n\n\n\n<figure class=\"wp-block-image size-full is-style-rounded\"><a href=\"https:\/\/collies-vom-floersbachtal.de\/cms\/wp-content\/uploads\/2025\/06\/Mia2-Juni25.jpg\"><img loading=\"lazy\" decoding=\"async\" width=\"1000\" height=\"750\" src=\"https:\/\/collies-vom-floersbachtal.de\/cms\/wp-content\/uploads\/2025\/06\/Mia2-Juni25.jpg\" alt=\"\" class=\"wp-image-50608\" srcset=\"https:\/\/collies-vom-floersbachtal.de\/cms\/wp-content\/uploads\/2025\/06\/Mia2-Juni25.jpg 1000w, https:\/\/collies-vom-floersbachtal.de\/cms\/wp-content\/uploads\/2025\/06\/Mia2-Juni25-300x225.jpg 300w, https:\/\/collies-vom-floersbachtal.de\/cms\/wp-content\/uploads\/2025\/06\/Mia2-Juni25-768x576.jpg 768w\" sizes=\"auto, (max-width: 1000px) 100vw, 1000px\" \/><\/a><\/figure>\n\n\n\n<figure class=\"wp-block-gallery has-nested-images columns-default is-cropped wp-block-gallery-2 is-layout-flex wp-block-gallery-is-layout-flex\">\n<figure class=\"wp-block-image size-large\"><a href=\"https:\/\/collies-vom-floersbachtal.de\/cms\/wp-content\/uploads\/2025\/06\/Mia5-Juni25.jpg\"><img loading=\"lazy\" decoding=\"async\" width=\"844\" height=\"791\" data-id=\"50612\" src=\"https:\/\/collies-vom-floersbachtal.de\/cms\/wp-content\/uploads\/2025\/06\/Mia5-Juni25.jpg\" alt=\"\" class=\"wp-image-50612\" srcset=\"https:\/\/collies-vom-floersbachtal.de\/cms\/wp-content\/uploads\/2025\/06\/Mia5-Juni25.jpg 844w, https:\/\/collies-vom-floersbachtal.de\/cms\/wp-content\/uploads\/2025\/06\/Mia5-Juni25-300x281.jpg 300w, https:\/\/collies-vom-floersbachtal.de\/cms\/wp-content\/uploads\/2025\/06\/Mia5-Juni25-768x720.jpg 768w\" sizes=\"auto, (max-width: 844px) 100vw, 844px\" \/><\/a><\/figure>\n\n\n\n<figure class=\"wp-block-image size-large\"><a href=\"https:\/\/collies-vom-floersbachtal.de\/cms\/wp-content\/uploads\/2025\/06\/Mia1-Juni25.jpg\"><img loading=\"lazy\" decoding=\"async\" width=\"782\" height=\"730\" data-id=\"50610\" src=\"https:\/\/collies-vom-floersbachtal.de\/cms\/wp-content\/uploads\/2025\/06\/Mia1-Juni25.jpg\" alt=\"\" class=\"wp-image-50610\" srcset=\"https:\/\/collies-vom-floersbachtal.de\/cms\/wp-content\/uploads\/2025\/06\/Mia1-Juni25.jpg 782w, https:\/\/collies-vom-floersbachtal.de\/cms\/wp-content\/uploads\/2025\/06\/Mia1-Juni25-300x280.jpg 300w, https:\/\/collies-vom-floersbachtal.de\/cms\/wp-content\/uploads\/2025\/06\/Mia1-Juni25-768x717.jpg 768w\" sizes=\"auto, (max-width: 782px) 100vw, 782px\" \/><\/a><\/figure>\n\n\n\n<figure class=\"wp-block-image size-large\"><a href=\"https:\/\/collies-vom-floersbachtal.de\/cms\/wp-content\/uploads\/2025\/06\/Mia3-Juni25.jpg\"><img loading=\"lazy\" decoding=\"async\" width=\"918\" height=\"782\" data-id=\"50611\" src=\"https:\/\/collies-vom-floersbachtal.de\/cms\/wp-content\/uploads\/2025\/06\/Mia3-Juni25.jpg\" alt=\"\" class=\"wp-image-50611\" srcset=\"https:\/\/collies-vom-floersbachtal.de\/cms\/wp-content\/uploads\/2025\/06\/Mia3-Juni25.jpg 918w, https:\/\/collies-vom-floersbachtal.de\/cms\/wp-content\/uploads\/2025\/06\/Mia3-Juni25-300x256.jpg 300w, https:\/\/collies-vom-floersbachtal.de\/cms\/wp-content\/uploads\/2025\/06\/Mia3-Juni25-768x654.jpg 768w\" sizes=\"auto, (max-width: 918px) 100vw, 918px\" \/><\/a><\/figure>\n\n\n\n<figure class=\"wp-block-image size-large is-style-rounded\"><a href=\"https:\/\/collies-vom-floersbachtal.de\/cms\/wp-content\/uploads\/2025\/06\/Mia4-Juni25.jpg\"><img loading=\"lazy\" decoding=\"async\" width=\"963\" height=\"678\" data-id=\"50609\" src=\"https:\/\/collies-vom-floersbachtal.de\/cms\/wp-content\/uploads\/2025\/06\/Mia4-Juni25.jpg\" alt=\"\" class=\"wp-image-50609\" srcset=\"https:\/\/collies-vom-floersbachtal.de\/cms\/wp-content\/uploads\/2025\/06\/Mia4-Juni25.jpg 963w, https:\/\/collies-vom-floersbachtal.de\/cms\/wp-content\/uploads\/2025\/06\/Mia4-Juni25-300x211.jpg 300w, https:\/\/collies-vom-floersbachtal.de\/cms\/wp-content\/uploads\/2025\/06\/Mia4-Juni25-768x541.jpg 768w\" sizes=\"auto, (max-width: 963px) 100vw, 963px\" \/><\/a><\/figure>\n<\/figure>\n\n\n\n<h1 class=\"wp-block-heading\"><strong>Neuigkeiten von Mia und einem neuen Familienmitglied im Mai 2023 \ud83d\ude42<\/strong><\/h1>\n\n\n\n<p>Die kleine Maus l\u00e4\u00dft Mia nochmal so richtig aufbl\u00fchen, manchmal zieht sie sie wie einen Wischmopp durch die ganzen R\u00e4ume \ud83d\ude00<\/p>\n\n\n\n<figure class=\"wp-block-gallery has-nested-images columns-default is-cropped wp-block-gallery-3 is-layout-flex wp-block-gallery-is-layout-flex\">\n<figure class=\"wp-block-image size-large\"><a href=\"https:\/\/collies-vom-floersbachtal.de\/cms\/wp-content\/uploads\/2023\/05\/Mia4-Mai23.jpg\"><img loading=\"lazy\" decoding=\"async\" width=\"1024\" height=\"768\" data-id=\"39648\" src=\"https:\/\/collies-vom-floersbachtal.de\/cms\/wp-content\/uploads\/2023\/05\/Mia4-Mai23-1024x768.jpg\" alt=\"\" class=\"wp-image-39648\" srcset=\"https:\/\/collies-vom-floersbachtal.de\/cms\/wp-content\/uploads\/2023\/05\/Mia4-Mai23-1024x768.jpg 1024w, https:\/\/collies-vom-floersbachtal.de\/cms\/wp-content\/uploads\/2023\/05\/Mia4-Mai23-300x225.jpg 300w, https:\/\/collies-vom-floersbachtal.de\/cms\/wp-content\/uploads\/2023\/05\/Mia4-Mai23-768x576.jpg 768w, https:\/\/collies-vom-floersbachtal.de\/cms\/wp-content\/uploads\/2023\/05\/Mia4-Mai23-1536x1152.jpg 1536w, https:\/\/collies-vom-floersbachtal.de\/cms\/wp-content\/uploads\/2023\/05\/Mia4-Mai23.jpg 2048w\" sizes=\"auto, (max-width: 1024px) 100vw, 1024px\" \/><\/a><\/figure>\n\n\n\n<figure class=\"wp-block-image size-large\"><a href=\"https:\/\/collies-vom-floersbachtal.de\/cms\/wp-content\/uploads\/2023\/05\/Mia1-Mai23.jpg\"><img loading=\"lazy\" decoding=\"async\" width=\"1024\" height=\"768\" data-id=\"39650\" src=\"https:\/\/collies-vom-floersbachtal.de\/cms\/wp-content\/uploads\/2023\/05\/Mia1-Mai23-1024x768.jpg\" alt=\"\" class=\"wp-image-39650\" srcset=\"https:\/\/collies-vom-floersbachtal.de\/cms\/wp-content\/uploads\/2023\/05\/Mia1-Mai23-1024x768.jpg 1024w, https:\/\/collies-vom-floersbachtal.de\/cms\/wp-content\/uploads\/2023\/05\/Mia1-Mai23-300x225.jpg 300w, https:\/\/collies-vom-floersbachtal.de\/cms\/wp-content\/uploads\/2023\/05\/Mia1-Mai23-768x576.jpg 768w, https:\/\/collies-vom-floersbachtal.de\/cms\/wp-content\/uploads\/2023\/05\/Mia1-Mai23-1536x1152.jpg 1536w, https:\/\/collies-vom-floersbachtal.de\/cms\/wp-content\/uploads\/2023\/05\/Mia1-Mai23.jpg 2048w\" sizes=\"auto, (max-width: 1024px) 100vw, 1024px\" \/><\/a><\/figure>\n\n\n\n<figure class=\"wp-block-image size-large\"><a href=\"https:\/\/collies-vom-floersbachtal.de\/cms\/wp-content\/uploads\/2023\/05\/Mia2-Mai23.jpg\"><img loading=\"lazy\" decoding=\"async\" width=\"1024\" height=\"768\" data-id=\"39649\" src=\"https:\/\/collies-vom-floersbachtal.de\/cms\/wp-content\/uploads\/2023\/05\/Mia2-Mai23-1024x768.jpg\" alt=\"\" class=\"wp-image-39649\" srcset=\"https:\/\/collies-vom-floersbachtal.de\/cms\/wp-content\/uploads\/2023\/05\/Mia2-Mai23-1024x768.jpg 1024w, https:\/\/collies-vom-floersbachtal.de\/cms\/wp-content\/uploads\/2023\/05\/Mia2-Mai23-300x225.jpg 300w, https:\/\/collies-vom-floersbachtal.de\/cms\/wp-content\/uploads\/2023\/05\/Mia2-Mai23-768x576.jpg 768w, https:\/\/collies-vom-floersbachtal.de\/cms\/wp-content\/uploads\/2023\/05\/Mia2-Mai23-1536x1152.jpg 1536w, https:\/\/collies-vom-floersbachtal.de\/cms\/wp-content\/uploads\/2023\/05\/Mia2-Mai23.jpg 2048w\" sizes=\"auto, (max-width: 1024px) 100vw, 1024px\" \/><\/a><\/figure>\n\n\n\n<figure class=\"wp-block-image size-large\"><a href=\"https:\/\/collies-vom-floersbachtal.de\/cms\/wp-content\/uploads\/2023\/05\/Mia3-Mai23.jpg\"><img loading=\"lazy\" decoding=\"async\" width=\"1024\" height=\"768\" data-id=\"39651\" src=\"https:\/\/collies-vom-floersbachtal.de\/cms\/wp-content\/uploads\/2023\/05\/Mia3-Mai23-1024x768.jpg\" alt=\"\" class=\"wp-image-39651\" srcset=\"https:\/\/collies-vom-floersbachtal.de\/cms\/wp-content\/uploads\/2023\/05\/Mia3-Mai23-1024x768.jpg 1024w, https:\/\/collies-vom-floersbachtal.de\/cms\/wp-content\/uploads\/2023\/05\/Mia3-Mai23-300x225.jpg 300w, https:\/\/collies-vom-floersbachtal.de\/cms\/wp-content\/uploads\/2023\/05\/Mia3-Mai23-768x576.jpg 768w, https:\/\/collies-vom-floersbachtal.de\/cms\/wp-content\/uploads\/2023\/05\/Mia3-Mai23-1536x1152.jpg 1536w, https:\/\/collies-vom-floersbachtal.de\/cms\/wp-content\/uploads\/2023\/05\/Mia3-Mai23.jpg 2048w\" sizes=\"auto, (max-width: 1024px) 100vw, 1024px\" \/><\/a><\/figure>\n<\/figure>\n\n\n\n<h1 class=\"wp-block-heading\"><strong>News von Mia und ihren Freunden im November 2022 \ud83d\ude42<\/strong><\/h1>\n\n\n\n<figure class=\"wp-block-image size-large\"><a href=\"https:\/\/collies-vom-floersbachtal.de\/cms\/wp-content\/uploads\/2022\/11\/Mia3-Nov.22.jpg\"><img loading=\"lazy\" decoding=\"async\" width=\"814\" height=\"1024\" src=\"https:\/\/collies-vom-floersbachtal.de\/cms\/wp-content\/uploads\/2022\/11\/Mia3-Nov.22-814x1024.jpg\" alt=\"\" class=\"wp-image-37816\" srcset=\"https:\/\/collies-vom-floersbachtal.de\/cms\/wp-content\/uploads\/2022\/11\/Mia3-Nov.22-814x1024.jpg 814w, https:\/\/collies-vom-floersbachtal.de\/cms\/wp-content\/uploads\/2022\/11\/Mia3-Nov.22-238x300.jpg 238w, https:\/\/collies-vom-floersbachtal.de\/cms\/wp-content\/uploads\/2022\/11\/Mia3-Nov.22-768x966.jpg 768w, https:\/\/collies-vom-floersbachtal.de\/cms\/wp-content\/uploads\/2022\/11\/Mia3-Nov.22.jpg 1000w\" sizes=\"auto, (max-width: 814px) 100vw, 814px\" \/><\/a><figcaption class=\"wp-element-caption\"><strong>Sie sieht ihrer Mama Ginger zum verwechseln \u00e4hnlich und ein kleines Herzchen auf der Pfote  \ud83d\ude00<\/strong><\/figcaption><\/figure>\n\n\n\n<figure class=\"wp-block-gallery has-nested-images columns-default is-cropped wp-block-gallery-4 is-layout-flex wp-block-gallery-is-layout-flex\">\n<figure class=\"wp-block-image size-large\"><a href=\"https:\/\/collies-vom-floersbachtal.de\/cms\/wp-content\/uploads\/2022\/11\/Mia4-Nov.22.jpg\"><img loading=\"lazy\" decoding=\"async\" width=\"854\" height=\"1024\" data-id=\"37814\" src=\"https:\/\/collies-vom-floersbachtal.de\/cms\/wp-content\/uploads\/2022\/11\/Mia4-Nov.22-854x1024.jpg\" alt=\"\" class=\"wp-image-37814\" srcset=\"https:\/\/collies-vom-floersbachtal.de\/cms\/wp-content\/uploads\/2022\/11\/Mia4-Nov.22-854x1024.jpg 854w, https:\/\/collies-vom-floersbachtal.de\/cms\/wp-content\/uploads\/2022\/11\/Mia4-Nov.22-250x300.jpg 250w, https:\/\/collies-vom-floersbachtal.de\/cms\/wp-content\/uploads\/2022\/11\/Mia4-Nov.22-768x921.jpg 768w, https:\/\/collies-vom-floersbachtal.de\/cms\/wp-content\/uploads\/2022\/11\/Mia4-Nov.22.jpg 1000w\" sizes=\"auto, (max-width: 854px) 100vw, 854px\" \/><\/a><\/figure>\n\n\n\n<figure class=\"wp-block-image size-large\"><a href=\"https:\/\/collies-vom-floersbachtal.de\/cms\/wp-content\/uploads\/2022\/11\/Mia1-Nov.22.jpg\"><img loading=\"lazy\" decoding=\"async\" width=\"1000\" height=\"824\" data-id=\"37812\" src=\"https:\/\/collies-vom-floersbachtal.de\/cms\/wp-content\/uploads\/2022\/11\/Mia1-Nov.22.jpg\" alt=\"\" class=\"wp-image-37812\" srcset=\"https:\/\/collies-vom-floersbachtal.de\/cms\/wp-content\/uploads\/2022\/11\/Mia1-Nov.22.jpg 1000w, https:\/\/collies-vom-floersbachtal.de\/cms\/wp-content\/uploads\/2022\/11\/Mia1-Nov.22-300x247.jpg 300w, https:\/\/collies-vom-floersbachtal.de\/cms\/wp-content\/uploads\/2022\/11\/Mia1-Nov.22-768x633.jpg 768w\" sizes=\"auto, (max-width: 1000px) 100vw, 1000px\" \/><\/a><\/figure>\n\n\n\n<figure class=\"wp-block-image size-large\"><a href=\"https:\/\/collies-vom-floersbachtal.de\/cms\/wp-content\/uploads\/2022\/11\/Mia2-Nov.22.jpg\"><img loading=\"lazy\" decoding=\"async\" width=\"1000\" height=\"750\" data-id=\"37813\" src=\"https:\/\/collies-vom-floersbachtal.de\/cms\/wp-content\/uploads\/2022\/11\/Mia2-Nov.22.jpg\" alt=\"\" class=\"wp-image-37813\" srcset=\"https:\/\/collies-vom-floersbachtal.de\/cms\/wp-content\/uploads\/2022\/11\/Mia2-Nov.22.jpg 1000w, https:\/\/collies-vom-floersbachtal.de\/cms\/wp-content\/uploads\/2022\/11\/Mia2-Nov.22-300x225.jpg 300w, https:\/\/collies-vom-floersbachtal.de\/cms\/wp-content\/uploads\/2022\/11\/Mia2-Nov.22-768x576.jpg 768w\" sizes=\"auto, (max-width: 1000px) 100vw, 1000px\" \/><\/a><\/figure>\n<\/figure>\n\n\n<h1><strong>News 2017 von der gro\u00dfen, s\u00fc\u00dfen Mia&nbsp; \ud83d\ude42&nbsp;<a href=\"http:\/\/collies-vom-floersbachtal.de\/cms\/wp-content\/uploads\/2012\/10\/Mia-mit-Sita11.jpg\"><img loading=\"lazy\" decoding=\"async\" class=\"aligncenter size-full wp-image-22539\" title=\"Mia-mit-Sita1\" src=\"http:\/\/collies-vom-floersbachtal.de\/cms\/wp-content\/uploads\/2012\/10\/Mia-mit-Sita11.jpg\" alt=\"\" width=\"720\" height=\"540\" srcset=\"https:\/\/collies-vom-floersbachtal.de\/cms\/wp-content\/uploads\/2012\/10\/Mia-mit-Sita11.jpg 720w, https:\/\/collies-vom-floersbachtal.de\/cms\/wp-content\/uploads\/2012\/10\/Mia-mit-Sita11-300x225.jpg 300w\" sizes=\"auto, (max-width: 720px) 100vw, 720px\" \/><\/a><\/strong><\/h1>\n<h1><strong>Oktober 2014 <\/strong><br \/><a href=\"http:\/\/collies-vom-floersbachtal.de\/cms\/wp-content\/uploads\/2012\/10\/Mia3-Sita-Okt.14.jpg\"><img loading=\"lazy\" decoding=\"async\" class=\"aligncenter size-medium wp-image-10579\" title=\"Mia3 &amp; Sita Okt.14\" src=\"http:\/\/collies-vom-floersbachtal.de\/cms\/wp-content\/uploads\/2012\/10\/Mia3-Sita-Okt.14-300x225.jpg\" alt=\"\" width=\"300\" height=\"225\" srcset=\"https:\/\/collies-vom-floersbachtal.de\/cms\/wp-content\/uploads\/2012\/10\/Mia3-Sita-Okt.14-300x225.jpg 300w, https:\/\/collies-vom-floersbachtal.de\/cms\/wp-content\/uploads\/2012\/10\/Mia3-Sita-Okt.14.jpg 640w\" sizes=\"auto, (max-width: 300px) 100vw, 300px\" \/><\/a><br \/>Mia &amp; Freundin Sita zu Besuch in unserer Hundeh\u00fctte, es war so ein sch\u00f6ner Urlaubstag f\u00fcr alle. Super entspannt die Bande \ud83d\ude42<\/h1>\n<p><strong>August 2014<\/strong><br \/><a href=\"http:\/\/collies-vom-floersbachtal.de\/cms\/wp-content\/uploads\/2012\/10\/Mia-Sita1-August-14.jpg\"><img loading=\"lazy\" decoding=\"async\" class=\"aligncenter size-medium wp-image-9901\" title=\"Mia &amp; Sita1 August 14\" src=\"http:\/\/collies-vom-floersbachtal.de\/cms\/wp-content\/uploads\/2012\/10\/Mia-Sita1-August-14-300x225.jpg\" alt=\"\" width=\"300\" height=\"225\" srcset=\"https:\/\/collies-vom-floersbachtal.de\/cms\/wp-content\/uploads\/2012\/10\/Mia-Sita1-August-14-300x225.jpg 300w, https:\/\/collies-vom-floersbachtal.de\/cms\/wp-content\/uploads\/2012\/10\/Mia-Sita1-August-14-1024x768.jpg 1024w, https:\/\/collies-vom-floersbachtal.de\/cms\/wp-content\/uploads\/2012\/10\/Mia-Sita1-August-14.jpg 1600w\" sizes=\"auto, (max-width: 300px) 100vw, 300px\" \/><\/a> Mia Zuhause \ud83d\ude42&nbsp; h\u00fcbsche Maus \ud83d\ude42<\/p>\n<p><strong>Mia und Sita beim \u00fcben der Unterordnung mit unseren neuen Welpeninteressenten.<br \/><\/strong><br \/>Sitz klappt doch schon super \ud83d\ude42<br \/>Fu\u00df gehen auch,<br \/>einfach toll wir ihr zwei das macht. \ud83d\ude00<br \/>Platz und Bleib mit einer ihr relativ fremden Person, einfach toll.<br \/><a href=\"http:\/\/collies-vom-floersbachtal.de\/cms\/wp-content\/uploads\/2012\/10\/Mia-und-Sita-beim-\u00fcben1.jpg\"><img loading=\"lazy\" decoding=\"async\" class=\"aligncenter size-medium wp-image-9858\" title=\"Mia und Sita beim \u00fcben1\" src=\"http:\/\/collies-vom-floersbachtal.de\/cms\/wp-content\/uploads\/2012\/10\/Mia-und-Sita-beim-\u00fcben1-300x225.jpg\" alt=\"\" width=\"300\" height=\"225\" srcset=\"https:\/\/collies-vom-floersbachtal.de\/cms\/wp-content\/uploads\/2012\/10\/Mia-und-Sita-beim-\u00fcben1-300x225.jpg 300w, https:\/\/collies-vom-floersbachtal.de\/cms\/wp-content\/uploads\/2012\/10\/Mia-und-Sita-beim-\u00fcben1.jpg 720w\" sizes=\"auto, (max-width: 300px) 100vw, 300px\" \/><\/a> Das habt ihr 4 ganz toll gemacht, brauchen ja nur noch die Welpen kommen, dann seid ihr schon Profis \ud83d\ude00<br \/><a href=\"http:\/\/collies-vom-floersbachtal.de\/cms\/wp-content\/uploads\/2012\/10\/Mia-mit-Sita1.jpg\"><img loading=\"lazy\" decoding=\"async\" class=\"aligncenter size-medium wp-image-9856\" title=\"Mia mit Sita1\" src=\"http:\/\/collies-vom-floersbachtal.de\/cms\/wp-content\/uploads\/2012\/10\/Mia-mit-Sita1-300x225.jpg\" alt=\"\" width=\"300\" height=\"225\" srcset=\"https:\/\/collies-vom-floersbachtal.de\/cms\/wp-content\/uploads\/2012\/10\/Mia-mit-Sita1-300x225.jpg 300w, https:\/\/collies-vom-floersbachtal.de\/cms\/wp-content\/uploads\/2012\/10\/Mia-mit-Sita1.jpg 720w\" sizes=\"auto, (max-width: 300px) 100vw, 300px\" \/><\/a> wieder Daheim, da d\u00fcrfen wir buddeln, glaub ich?<br \/><a href=\"http:\/\/collies-vom-floersbachtal.de\/cms\/wp-content\/uploads\/2012\/10\/Mia-mit-Sita2.jpg\"><img loading=\"lazy\" decoding=\"async\" class=\"aligncenter size-medium wp-image-9857\" title=\"Mia mit Sita2\" src=\"http:\/\/collies-vom-floersbachtal.de\/cms\/wp-content\/uploads\/2012\/10\/Mia-mit-Sita2-300x225.jpg\" alt=\"\" width=\"300\" height=\"225\" srcset=\"https:\/\/collies-vom-floersbachtal.de\/cms\/wp-content\/uploads\/2012\/10\/Mia-mit-Sita2-300x225.jpg 300w, https:\/\/collies-vom-floersbachtal.de\/cms\/wp-content\/uploads\/2012\/10\/Mia-mit-Sita2.jpg 720w\" sizes=\"auto, (max-width: 300px) 100vw, 300px\" \/><\/a> gleich gibts Futter<\/p>\n<h1><strong>Oktober 2013 endlich hat Mia auch ihren eigenen Zaun erhalten \ud83d\ude09<\/strong><\/h1>\n<p><a href=\"http:\/\/collies-vom-floersbachtal.de\/cms\/wp-content\/uploads\/2012\/10\/Bella-Mia-14.jpeg\"><img loading=\"lazy\" decoding=\"async\" class=\"aligncenter size-full wp-image-6710\" title=\"Bella-Mia 14\" src=\"http:\/\/collies-vom-floersbachtal.de\/cms\/wp-content\/uploads\/2012\/10\/Bella-Mia-14.jpeg\" alt=\"\" width=\"640\" height=\"480\" srcset=\"https:\/\/collies-vom-floersbachtal.de\/cms\/wp-content\/uploads\/2012\/10\/Bella-Mia-14.jpeg 640w, https:\/\/collies-vom-floersbachtal.de\/cms\/wp-content\/uploads\/2012\/10\/Bella-Mia-14-300x225.jpg 300w\" sizes=\"auto, (max-width: 640px) 100vw, 640px\" \/><\/a><br \/><strong>Sie ist so eine gro\u00dfe, sch\u00f6ne Collieh\u00fcndin geworden, sieht aus wie Mama Ginger \ud83d\ude42<br \/><\/strong><strong>Februar 2013, Mia \u00e4hnelt immer mehr ihrer Mama<\/strong><br \/><a href=\"http:\/\/collies-vom-floersbachtal.de\/cms\/wp-content\/uploads\/2012\/10\/Mia-Freundin-Sita1-Feb.-131.jpg\"><img loading=\"lazy\" decoding=\"async\" class=\"aligncenter size-full wp-image-4135\" title=\"Mia &amp; Freundin Sita1 Feb. 13\" src=\"http:\/\/collies-vom-floersbachtal.de\/cms\/wp-content\/uploads\/2012\/10\/Mia-Freundin-Sita1-Feb.-131.jpg\" alt=\"\" width=\"1280\" height=\"960\" srcset=\"https:\/\/collies-vom-floersbachtal.de\/cms\/wp-content\/uploads\/2012\/10\/Mia-Freundin-Sita1-Feb.-131.jpg 1280w, https:\/\/collies-vom-floersbachtal.de\/cms\/wp-content\/uploads\/2012\/10\/Mia-Freundin-Sita1-Feb.-131-300x225.jpg 300w, https:\/\/collies-vom-floersbachtal.de\/cms\/wp-content\/uploads\/2012\/10\/Mia-Freundin-Sita1-Feb.-131-1024x768.jpg 1024w\" sizes=\"auto, (max-width: 1280px) 100vw, 1280px\" \/><\/a><strong>Mia nach ihrer Kastration, sehr modisch gekleidet \ud83d\ude00<\/strong><\/p>\n<p><a href=\"http:\/\/collies-vom-floersbachtal.de\/cms\/wp-content\/uploads\/2012\/10\/Mia-Freundin-Sita7-Feb.-13.jpg\"><img loading=\"lazy\" decoding=\"async\" class=\"aligncenter size-full wp-image-4141\" title=\"Mia &amp; Freundin Sita7 Feb. 13\" src=\"http:\/\/collies-vom-floersbachtal.de\/cms\/wp-content\/uploads\/2012\/10\/Mia-Freundin-Sita7-Feb.-13.jpg\" alt=\"\" width=\"1280\" height=\"960\" srcset=\"https:\/\/collies-vom-floersbachtal.de\/cms\/wp-content\/uploads\/2012\/10\/Mia-Freundin-Sita7-Feb.-13.jpg 1280w, https:\/\/collies-vom-floersbachtal.de\/cms\/wp-content\/uploads\/2012\/10\/Mia-Freundin-Sita7-Feb.-13-300x225.jpg 300w, https:\/\/collies-vom-floersbachtal.de\/cms\/wp-content\/uploads\/2012\/10\/Mia-Freundin-Sita7-Feb.-13-1024x768.jpg 1024w\" sizes=\"auto, (max-width: 1280px) 100vw, 1280px\" \/><\/a><strong>Alle sch\u00f6n im Schnee am Toben \ud83d\ude42<\/strong><\/p>\n<p><a href=\"http:\/\/collies-vom-floersbachtal.de\/cms\/wp-content\/uploads\/2012\/10\/Mia-Freundin-Sita8-Feb.-13.jpg\"><img loading=\"lazy\" decoding=\"async\" class=\"aligncenter size-full wp-image-4142\" title=\"Mia &amp; Freundin Sita8 Feb. 13\" src=\"http:\/\/collies-vom-floersbachtal.de\/cms\/wp-content\/uploads\/2012\/10\/Mia-Freundin-Sita8-Feb.-13.jpg\" alt=\"\" width=\"1280\" height=\"960\" srcset=\"https:\/\/collies-vom-floersbachtal.de\/cms\/wp-content\/uploads\/2012\/10\/Mia-Freundin-Sita8-Feb.-13.jpg 1280w, https:\/\/collies-vom-floersbachtal.de\/cms\/wp-content\/uploads\/2012\/10\/Mia-Freundin-Sita8-Feb.-13-300x225.jpg 300w, https:\/\/collies-vom-floersbachtal.de\/cms\/wp-content\/uploads\/2012\/10\/Mia-Freundin-Sita8-Feb.-13-1024x768.jpg 1024w\" sizes=\"auto, (max-width: 1280px) 100vw, 1280px\" \/><\/a><strong>danach sch\u00f6n gem\u00fctlich drinnen am kuscheln<\/strong><br \/><a href=\"http:\/\/collies-vom-floersbachtal.de\/cms\/wp-content\/uploads\/2012\/09\/Bella-im-Okt-2012.jpg\"><img loading=\"lazy\" decoding=\"async\" class=\"alignleft size-full wp-image-2940\" title=\"Bella  im Okt 2012\" src=\"http:\/\/collies-vom-floersbachtal.de\/cms\/wp-content\/uploads\/2012\/09\/Bella-im-Okt-2012.jpg\" alt=\"\" width=\"720\" height=\"540\" srcset=\"https:\/\/collies-vom-floersbachtal.de\/cms\/wp-content\/uploads\/2012\/09\/Bella-im-Okt-2012.jpg 720w, https:\/\/collies-vom-floersbachtal.de\/cms\/wp-content\/uploads\/2012\/09\/Bella-im-Okt-2012-300x225.jpg 300w\" sizes=\"auto, (max-width: 720px) 100vw, 720px\" \/><\/a><\/p>\n<p><a href=\"http:\/\/collies-vom-floersbachtal.de\/cms\/wp-content\/uploads\/2012\/09\/Bella-Mia8-im-Okt-2012.jpg\"><img loading=\"lazy\" decoding=\"async\" class=\"alignleft size-full wp-image-2946\" title=\"Bella Mia8 im Okt 2012\" src=\"http:\/\/collies-vom-floersbachtal.de\/cms\/wp-content\/uploads\/2012\/09\/Bella-Mia8-im-Okt-2012.jpg\" alt=\"\" width=\"720\" height=\"540\" srcset=\"https:\/\/collies-vom-floersbachtal.de\/cms\/wp-content\/uploads\/2012\/09\/Bella-Mia8-im-Okt-2012.jpg 720w, https:\/\/collies-vom-floersbachtal.de\/cms\/wp-content\/uploads\/2012\/09\/Bella-Mia8-im-Okt-2012-300x225.jpg 300w\" sizes=\"auto, (max-width: 720px) 100vw, 720px\" \/><\/a><\/p>\n<p><a href=\"http:\/\/collies-vom-floersbachtal.de\/cms\/wp-content\/uploads\/2012\/09\/Bella-Mia11-im-Okt-2012.jpg\"><img loading=\"lazy\" decoding=\"async\" class=\"alignleft size-full wp-image-2949\" title=\"Bella Mia11 im Okt 2012\" src=\"http:\/\/collies-vom-floersbachtal.de\/cms\/wp-content\/uploads\/2012\/09\/Bella-Mia11-im-Okt-2012.jpg\" alt=\"\" width=\"720\" height=\"540\" srcset=\"https:\/\/collies-vom-floersbachtal.de\/cms\/wp-content\/uploads\/2012\/09\/Bella-Mia11-im-Okt-2012.jpg 720w, https:\/\/collies-vom-floersbachtal.de\/cms\/wp-content\/uploads\/2012\/09\/Bella-Mia11-im-Okt-2012-300x225.jpg 300w\" sizes=\"auto, (max-width: 720px) 100vw, 720px\" \/><\/a><\/p>\n<p><strong>Endlich kommen neue Bilder von klein Mia mit 5 Monaten und ihrer Freundin Sita \ud83d\ude00<\/strong><\/p>\n<p><a href=\"http:\/\/collies-vom-floersbachtal.de\/cms\/wp-content\/uploads\/2012\/10\/Mia-5-Mon.1.jpg\"><img loading=\"lazy\" decoding=\"async\" class=\"aligncenter size-full wp-image-3776\" title=\"Mia 5 Mon.1\" src=\"http:\/\/collies-vom-floersbachtal.de\/cms\/wp-content\/uploads\/2012\/10\/Mia-5-Mon.1.jpg\" alt=\"\" width=\"1280\" height=\"960\" srcset=\"https:\/\/collies-vom-floersbachtal.de\/cms\/wp-content\/uploads\/2012\/10\/Mia-5-Mon.1.jpg 1280w, https:\/\/collies-vom-floersbachtal.de\/cms\/wp-content\/uploads\/2012\/10\/Mia-5-Mon.1-300x225.jpg 300w, https:\/\/collies-vom-floersbachtal.de\/cms\/wp-content\/uploads\/2012\/10\/Mia-5-Mon.1-1024x768.jpg 1024w\" sizes=\"auto, (max-width: 1280px) 100vw, 1280px\" \/><\/a><strong>Gro\u00df ist die Maus geworden.<\/strong><\/p>","protected":false},"excerpt":{"rendered":"<p>News von Mia\u00b4s neuer Mitbewohnerin im November 2025 \ud83d\ude42 Mit ihren 13 Jahren macht es Mia sichtlich Spass mit dem Kr\u00fcmel zu spielen \ud83d\ude00 Neuigkeiten von Mia aus dem Urlaub mit dem Wohnmobil Juni 2025 \ud83d\ude42 Neuigkeiten von Mia und &hellip; <a href=\"https:\/\/collies-vom-floersbachtal.de\/?page_id=3032\">Weiterlesen <span class=\"meta-nav\">&rarr;<\/span><\/a><\/p>\n","protected":false},"author":1,"featured_media":0,"parent":0,"menu_order":0,"comment_status":"open","ping_status":"open","template":"","meta":{"footnotes":""},"class_list":["post-3032","page","type-page","status-publish","hentry"],"_links":{"self":[{"href":"https:\/\/collies-vom-floersbachtal.de\/index.php?rest_route=\/wp\/v2\/pages\/3032","targetHints":{"allow":["GET"]}}],"collection":[{"href":"https:\/\/collies-vom-floersbachtal.de\/index.php?rest_route=\/wp\/v2\/pages"}],"about":[{"href":"https:\/\/collies-vom-floersbachtal.de\/index.php?rest_route=\/wp\/v2\/types\/page"}],"author":[{"embeddable":true,"href":"https:\/\/collies-vom-floersbachtal.de\/index.php?rest_route=\/wp\/v2\/users\/1"}],"replies":[{"embeddable":true,"href":"https:\/\/collies-vom-floersbachtal.de\/index.php?rest_route=%2Fwp%2Fv2%2Fcomments&post=3032"}],"version-history":[{"count":31,"href":"https:\/\/collies-vom-floersbachtal.de\/index.php?rest_route=\/wp\/v2\/pages\/3032\/revisions"}],"predecessor-version":[{"id":53529,"href":"https:\/\/collies-vom-floersbachtal.de\/index.php?rest_route=\/wp\/v2\/pages\/3032\/revisions\/53529"}],"wp:attachment":[{"href":"https:\/\/collies-vom-floersbachtal.de\/index.php?rest_route=%2Fwp%2Fv2%2Fmedia&parent=3032"}],"curies":[{"name":"wp","href":"https:\/\/api.w.org\/{rel}","templated":true}]}}