{"id":3009,"date":"2012-10-08T20:15:10","date_gmt":"2012-10-08T20:15:10","guid":{"rendered":"http:\/\/collies-vom-floersbachtal.de\/?page_id=3009"},"modified":"2025-11-05T21:48:29","modified_gmt":"2025-11-05T21:48:29","slug":"nachzucht-b-wurf-badrya-mia","status":"publish","type":"page","link":"https:\/\/collies-vom-floersbachtal.de\/?page_id=3009","title":{"rendered":"Nachzucht B &#8211; Wurf Badrya-Mia  verstorben :-("},"content":{"rendered":"<h1><strong>Leider habe ich schlechte Neuigkeiten, Mitte Mai 2025 ist die s\u00fc\u00dfe Badrya-Mia \u00fcber die Regenbogenbr\u00fccke gegangen.\u00a0 Fast h\u00e4tte sie die 13 erreicht. Machs gut S\u00fc\u00dfe, genie\u00dfe jetzt deine Freiheit und die Leichtigkeit im Regenbogenland bei deiner Schwester Jeanny. \ud83d\ude41<\/strong><\/h1>\n<p><a href=\"https:\/\/collies-vom-floersbachtal.de\/?attachment_id=50451\" rel=\"attachment wp-att-50451\"><img loading=\"lazy\" decoding=\"async\" class=\"aligncenter size-full wp-image-50451\" src=\"http:\/\/collies-vom-floersbachtal.de\/cms\/wp-content\/uploads\/2025\/05\/Trauer.jpg\" alt=\"\" width=\"500\" height=\"571\" srcset=\"https:\/\/collies-vom-floersbachtal.de\/cms\/wp-content\/uploads\/2025\/05\/Trauer.jpg 500w, https:\/\/collies-vom-floersbachtal.de\/cms\/wp-content\/uploads\/2025\/05\/Trauer-263x300.jpg 263w\" sizes=\"auto, (max-width: 500px) 100vw, 500px\" \/><\/a><\/p>\n<h1>\u00a0 \u00a0 \u00a0 \u00a0 \u00a0 \u00a0 \u00a0 \u00a0 \u00a0 <strong>12.07.2012\u00a0 \u00a0 \u00a0 &#8211;\u00a0 \u00a0 \u00a012.05.2025<\/strong><\/h1>\n<h1><strong>News von der s\u00fc\u00dfen Mia im Dezember 2019<a href=\"http:\/\/collies-vom-floersbachtal.de\/cms\/wp-content\/uploads\/2012\/10\/Mia2-Dez.19.jpg\"><img loading=\"lazy\" decoding=\"async\" class=\"aligncenter size-large wp-image-28061\" title=\"Mia2 Dez.19\" src=\"http:\/\/collies-vom-floersbachtal.de\/cms\/wp-content\/uploads\/2012\/10\/Mia2-Dez.19-1024x768.jpg\" alt=\"\" width=\"640\" height=\"480\" srcset=\"https:\/\/collies-vom-floersbachtal.de\/cms\/wp-content\/uploads\/2012\/10\/Mia2-Dez.19-1024x768.jpg 1024w, https:\/\/collies-vom-floersbachtal.de\/cms\/wp-content\/uploads\/2012\/10\/Mia2-Dez.19-300x225.jpg 300w, https:\/\/collies-vom-floersbachtal.de\/cms\/wp-content\/uploads\/2012\/10\/Mia2-Dez.19.jpg 1600w\" sizes=\"auto, (max-width: 640px) 100vw, 640px\" \/><\/a><\/strong><\/h1>\n<p>Also Frauliiii, das w\u00e4re echt nicht notwendig gewesen&#8230; \ud83d\ude41\u00a0<a href=\"http:\/\/collies-vom-floersbachtal.de\/cms\/wp-content\/uploads\/2012\/10\/Mia3-Dez.19.jpeg\"><img loading=\"lazy\" decoding=\"async\" class=\"aligncenter size-large wp-image-28062\" title=\"Mia3 Dez.19\" src=\"http:\/\/collies-vom-floersbachtal.de\/cms\/wp-content\/uploads\/2012\/10\/Mia3-Dez.19-1024x768.jpg\" alt=\"\" width=\"640\" height=\"480\" srcset=\"https:\/\/collies-vom-floersbachtal.de\/cms\/wp-content\/uploads\/2012\/10\/Mia3-Dez.19-1024x768.jpg 1024w, https:\/\/collies-vom-floersbachtal.de\/cms\/wp-content\/uploads\/2012\/10\/Mia3-Dez.19-300x225.jpg 300w, https:\/\/collies-vom-floersbachtal.de\/cms\/wp-content\/uploads\/2012\/10\/Mia3-Dez.19.jpeg 1600w\" sizes=\"auto, (max-width: 640px) 100vw, 640px\" \/><\/a><\/p>\n<p><a href=\"http:\/\/collies-vom-floersbachtal.de\/cms\/wp-content\/uploads\/2012\/10\/Mia4-Dez.19.jpeg\"><img loading=\"lazy\" decoding=\"async\" class=\"aligncenter size-large wp-image-28063\" title=\"Mia4 Dez.19\" src=\"http:\/\/collies-vom-floersbachtal.de\/cms\/wp-content\/uploads\/2012\/10\/Mia4-Dez.19-1024x768.jpg\" alt=\"\" width=\"640\" height=\"480\" srcset=\"https:\/\/collies-vom-floersbachtal.de\/cms\/wp-content\/uploads\/2012\/10\/Mia4-Dez.19-1024x768.jpg 1024w, https:\/\/collies-vom-floersbachtal.de\/cms\/wp-content\/uploads\/2012\/10\/Mia4-Dez.19-300x225.jpg 300w, https:\/\/collies-vom-floersbachtal.de\/cms\/wp-content\/uploads\/2012\/10\/Mia4-Dez.19.jpeg 2040w\" sizes=\"auto, (max-width: 640px) 100vw, 640px\" \/><\/a>Jetzt bin ich wieder schick und gleich spiel ich noch den Weihnachtsmann?<a href=\"http:\/\/collies-vom-floersbachtal.de\/cms\/wp-content\/uploads\/2012\/10\/Mia1-Dez.19.jpg\"><img loading=\"lazy\" decoding=\"async\" class=\"aligncenter size-large wp-image-28064\" title=\"Mia1 Dez.19\" src=\"http:\/\/collies-vom-floersbachtal.de\/cms\/wp-content\/uploads\/2012\/10\/Mia1-Dez.19-768x1024.jpg\" alt=\"\" width=\"640\" height=\"853\" srcset=\"https:\/\/collies-vom-floersbachtal.de\/cms\/wp-content\/uploads\/2012\/10\/Mia1-Dez.19-768x1024.jpg 768w, https:\/\/collies-vom-floersbachtal.de\/cms\/wp-content\/uploads\/2012\/10\/Mia1-Dez.19-225x300.jpg 225w, https:\/\/collies-vom-floersbachtal.de\/cms\/wp-content\/uploads\/2012\/10\/Mia1-Dez.19.jpg 864w\" sizes=\"auto, (max-width: 640px) 100vw, 640px\" \/><\/a><\/p>\n<p><strong>Neuigkeiten von der lieben Mia im November 2019<\/strong><\/p>\n<p><strong>News 2018 von unserer s\u00fc\u00dfe, vertr\u00e4umten Mia\u00a0 \ud83d\ude00<a href=\"http:\/\/collies-vom-floersbachtal.de\/cms\/wp-content\/uploads\/2012\/10\/Mia-Ortenberg11.jpg\"><img loading=\"lazy\" decoding=\"async\" class=\"aligncenter size-full wp-image-22535\" title=\"Mia Ortenberg1\" src=\"http:\/\/collies-vom-floersbachtal.de\/cms\/wp-content\/uploads\/2012\/10\/Mia-Ortenberg11.jpg\" alt=\"\" width=\"960\" height=\"627\" srcset=\"https:\/\/collies-vom-floersbachtal.de\/cms\/wp-content\/uploads\/2012\/10\/Mia-Ortenberg11.jpg 960w, https:\/\/collies-vom-floersbachtal.de\/cms\/wp-content\/uploads\/2012\/10\/Mia-Ortenberg11-300x195.jpg 300w\" sizes=\"auto, (max-width: 960px) 100vw, 960px\" \/><\/a><\/strong><\/p>\n<p><strong>NEWS 2017<\/strong><\/p>\n<p><a href=\"http:\/\/collies-vom-floersbachtal.de\/cms\/wp-content\/uploads\/2012\/10\/Mia-Ortenberg21.jpg\"><img loading=\"lazy\" decoding=\"async\" class=\"aligncenter size-full wp-image-19835\" title=\"Mia-Ortenberg2\" src=\"http:\/\/collies-vom-floersbachtal.de\/cms\/wp-content\/uploads\/2012\/10\/Mia-Ortenberg21.jpg\" alt=\"\" width=\"610\" height=\"960\" srcset=\"https:\/\/collies-vom-floersbachtal.de\/cms\/wp-content\/uploads\/2012\/10\/Mia-Ortenberg21.jpg 610w, https:\/\/collies-vom-floersbachtal.de\/cms\/wp-content\/uploads\/2012\/10\/Mia-Ortenberg21-190x300.jpg 190w\" sizes=\"auto, (max-width: 610px) 100vw, 610px\" \/><\/a><\/p>\n<p><a href=\"http:\/\/collies-vom-floersbachtal.de\/cms\/wp-content\/uploads\/2012\/10\/Mia-Ortenberg2.jpg\"><img loading=\"lazy\" decoding=\"async\" class=\"aligncenter size-medium wp-image-8960\" title=\"Mia Ortenberg2\" src=\"http:\/\/collies-vom-floersbachtal.de\/cms\/wp-content\/uploads\/2012\/10\/Mia-Ortenberg2-190x300.jpg\" alt=\"\" width=\"190\" height=\"300\" srcset=\"https:\/\/collies-vom-floersbachtal.de\/cms\/wp-content\/uploads\/2012\/10\/Mia-Ortenberg2-190x300.jpg 190w, https:\/\/collies-vom-floersbachtal.de\/cms\/wp-content\/uploads\/2012\/10\/Mia-Ortenberg2.jpg 610w\" sizes=\"auto, (max-width: 190px) 100vw, 190px\" \/><\/a> H\u00fcbsches M\u00e4dchen \ud83d\ude42<\/p>\n<p><strong>Mia mit 17 Monaten<\/strong><br \/>\nDas Wetter kann man nur verpennen \ud83d\ude41<br \/>\n<a href=\"http:\/\/collies-vom-floersbachtal.de\/cms\/wp-content\/uploads\/2012\/10\/Mia1-mit-17-Monaten.jpg\"><img loading=\"lazy\" decoding=\"async\" class=\"aligncenter size-medium wp-image-7944\" title=\"Mia1 mit 17 Monaten\" src=\"http:\/\/collies-vom-floersbachtal.de\/cms\/wp-content\/uploads\/2012\/10\/Mia1-mit-17-Monaten-300x159.jpg\" alt=\"\" width=\"300\" height=\"159\" srcset=\"https:\/\/collies-vom-floersbachtal.de\/cms\/wp-content\/uploads\/2012\/10\/Mia1-mit-17-Monaten-300x159.jpg 300w, https:\/\/collies-vom-floersbachtal.de\/cms\/wp-content\/uploads\/2012\/10\/Mia1-mit-17-Monaten-1024x544.jpg 1024w, https:\/\/collies-vom-floersbachtal.de\/cms\/wp-content\/uploads\/2012\/10\/Mia1-mit-17-Monaten.jpg 1200w\" sizes=\"auto, (max-width: 300px) 100vw, 300px\" \/><\/a> ich schlaf jetzt sooo lange bis Schnee liegt \ud83d\ude42<\/p>\n<p><strong>Leute jetzt bin ich ein Jahr alt und gratuliere allen meinen Geschwistern \ud83d\ude00<\/strong><br \/>\n<a href=\"http:\/\/collies-vom-floersbachtal.de\/cms\/wp-content\/uploads\/2012\/10\/Mia-Ortenberg-mit-2-Jahren1.jpg\"><img loading=\"lazy\" decoding=\"async\" class=\"aligncenter size-medium wp-image-7586\" title=\"Mia Ortenberg mit 2 Jahren1\" src=\"http:\/\/collies-vom-floersbachtal.de\/cms\/wp-content\/uploads\/2012\/10\/Mia-Ortenberg-mit-2-Jahren1-190x300.jpg\" alt=\"\" width=\"190\" height=\"300\" srcset=\"https:\/\/collies-vom-floersbachtal.de\/cms\/wp-content\/uploads\/2012\/10\/Mia-Ortenberg-mit-2-Jahren1-190x300.jpg 190w, https:\/\/collies-vom-floersbachtal.de\/cms\/wp-content\/uploads\/2012\/10\/Mia-Ortenberg-mit-2-Jahren1.jpg 611w\" sizes=\"auto, (max-width: 190px) 100vw, 190px\" \/><\/a> Frauli gibts gleich was leckeres zu fressen?<br \/>\nPrinzessin Mia<\/p>\n<p><a href=\"http:\/\/collies-vom-floersbachtal.de\/cms\/wp-content\/uploads\/2012\/10\/Mia-41.jpg\"><img loading=\"lazy\" decoding=\"async\" class=\"aligncenter size-full wp-image-4872\" title=\"Mia 4\" src=\"http:\/\/collies-vom-floersbachtal.de\/cms\/wp-content\/uploads\/2012\/10\/Mia-41.jpg\" alt=\"\" width=\"640\" height=\"960\" srcset=\"https:\/\/collies-vom-floersbachtal.de\/cms\/wp-content\/uploads\/2012\/10\/Mia-41.jpg 640w, https:\/\/collies-vom-floersbachtal.de\/cms\/wp-content\/uploads\/2012\/10\/Mia-41-200x300.jpg 200w\" sizes=\"auto, (max-width: 640px) 100vw, 640px\" \/><\/a><\/p>\n<p><a href=\"http:\/\/collies-vom-floersbachtal.de\/cms\/wp-content\/uploads\/2012\/10\/Badrya-Mia-1.jpg\"><img loading=\"lazy\" decoding=\"async\" class=\"alignleft size-full wp-image-4656\" title=\"Badrya Mia 1\" src=\"http:\/\/collies-vom-floersbachtal.de\/cms\/wp-content\/uploads\/2012\/10\/Badrya-Mia-1.jpg\" alt=\"\" width=\"640\" height=\"960\" srcset=\"https:\/\/collies-vom-floersbachtal.de\/cms\/wp-content\/uploads\/2012\/10\/Badrya-Mia-1.jpg 640w, https:\/\/collies-vom-floersbachtal.de\/cms\/wp-content\/uploads\/2012\/10\/Badrya-Mia-1-200x300.jpg 200w\" sizes=\"auto, (max-width: 640px) 100vw, 640px\" \/><\/a><br \/>\n<strong>Mia ist ja sooo m\u00fcde die S\u00fc\u00dfe \ud83d\ude42<\/strong><\/p>\n<p><a href=\"http:\/\/collies-vom-floersbachtal.de\/cms\/wp-content\/uploads\/2012\/10\/Badrya-Mia-10-Mon.3.jpg\"><img loading=\"lazy\" decoding=\"async\" class=\"alignleft size-full wp-image-4595\" title=\"Badrya- Mia 10 Mon.3\" src=\"http:\/\/collies-vom-floersbachtal.de\/cms\/wp-content\/uploads\/2012\/10\/Badrya-Mia-10-Mon.3.jpg\" alt=\"\" width=\"957\" height=\"960\" srcset=\"https:\/\/collies-vom-floersbachtal.de\/cms\/wp-content\/uploads\/2012\/10\/Badrya-Mia-10-Mon.3.jpg 957w, https:\/\/collies-vom-floersbachtal.de\/cms\/wp-content\/uploads\/2012\/10\/Badrya-Mia-10-Mon.3-150x150.jpg 150w, https:\/\/collies-vom-floersbachtal.de\/cms\/wp-content\/uploads\/2012\/10\/Badrya-Mia-10-Mon.3-300x300.jpg 300w\" sizes=\"auto, (max-width: 957px) 100vw, 957px\" \/><\/a><\/p>\n<p><strong>A Star wars born \ud83d\ude00<\/strong><br \/>\n<a href=\"http:\/\/collies-vom-floersbachtal.de\/cms\/wp-content\/uploads\/2012\/10\/Mia-10-Monate-1.jpg\"><img loading=\"lazy\" decoding=\"async\" class=\"alignleft size-full wp-image-4522\" title=\"Mia 10 Monate 1\" src=\"http:\/\/collies-vom-floersbachtal.de\/cms\/wp-content\/uploads\/2012\/10\/Mia-10-Monate-1.jpg\" alt=\"\" width=\"533\" height=\"800\" srcset=\"https:\/\/collies-vom-floersbachtal.de\/cms\/wp-content\/uploads\/2012\/10\/Mia-10-Monate-1.jpg 533w, https:\/\/collies-vom-floersbachtal.de\/cms\/wp-content\/uploads\/2012\/10\/Mia-10-Monate-1-199x300.jpg 199w\" sizes=\"auto, (max-width: 533px) 100vw, 533px\" \/><\/a><\/p>\n<p><strong>M\u00e4rz 2013<\/strong><\/p>\n<p><a href=\"http:\/\/collies-vom-floersbachtal.de\/cms\/wp-content\/uploads\/2012\/10\/Mia-1.jpg\"><img loading=\"lazy\" decoding=\"async\" class=\"aligncenter size-full wp-image-4277\" title=\"Mia 1\" src=\"http:\/\/collies-vom-floersbachtal.de\/cms\/wp-content\/uploads\/2012\/10\/Mia-1.jpg\" alt=\"\" width=\"1200\" height=\"800\" srcset=\"https:\/\/collies-vom-floersbachtal.de\/cms\/wp-content\/uploads\/2012\/10\/Mia-1.jpg 1200w, https:\/\/collies-vom-floersbachtal.de\/cms\/wp-content\/uploads\/2012\/10\/Mia-1-300x200.jpg 300w, https:\/\/collies-vom-floersbachtal.de\/cms\/wp-content\/uploads\/2012\/10\/Mia-1-1024x682.jpg 1024w\" sizes=\"auto, (max-width: 1200px) 100vw, 1200px\" \/><\/a><br \/>\n<a href=\"http:\/\/collies-vom-floersbachtal.de\/cms\/wp-content\/uploads\/2012\/10\/Mia-2.jpg\"><img loading=\"lazy\" decoding=\"async\" class=\"aligncenter size-full wp-image-4278\" title=\"Mia 2\" src=\"http:\/\/collies-vom-floersbachtal.de\/cms\/wp-content\/uploads\/2012\/10\/Mia-2.jpg\" alt=\"\" width=\"650\" height=\"905\" srcset=\"https:\/\/collies-vom-floersbachtal.de\/cms\/wp-content\/uploads\/2012\/10\/Mia-2.jpg 650w, https:\/\/collies-vom-floersbachtal.de\/cms\/wp-content\/uploads\/2012\/10\/Mia-2-215x300.jpg 215w\" sizes=\"auto, (max-width: 650px) 100vw, 650px\" \/><\/a><\/p>\n<p>Ein wundersch\u00f6nes Foto \ud83d\ude42<\/p>\n<p><strong>Mia mit 6 Monaten<\/strong><br \/>\n<a href=\"http:\/\/collies-vom-floersbachtal.de\/cms\/wp-content\/uploads\/2012\/10\/Mia-6-Mon.-1.jpg\"><img loading=\"lazy\" decoding=\"async\" class=\"aligncenter size-full wp-image-3992\" title=\"Mia 6 Mon. 1\" src=\"http:\/\/collies-vom-floersbachtal.de\/cms\/wp-content\/uploads\/2012\/10\/Mia-6-Mon.-1.jpg\" alt=\"\" width=\"1050\" height=\"700\" srcset=\"https:\/\/collies-vom-floersbachtal.de\/cms\/wp-content\/uploads\/2012\/10\/Mia-6-Mon.-1.jpg 1050w, https:\/\/collies-vom-floersbachtal.de\/cms\/wp-content\/uploads\/2012\/10\/Mia-6-Mon.-1-300x200.jpg 300w, https:\/\/collies-vom-floersbachtal.de\/cms\/wp-content\/uploads\/2012\/10\/Mia-6-Mon.-1-1024x682.jpg 1024w\" sizes=\"auto, (max-width: 1050px) 100vw, 1050px\" \/><\/a><\/p>\n<p><a href=\"http:\/\/collies-vom-floersbachtal.de\/cms\/wp-content\/uploads\/2012\/10\/Mia-6-Mon.-5.jpg\"><img loading=\"lazy\" decoding=\"async\" class=\"aligncenter size-full wp-image-3996\" title=\"Mia 6 Mon. 5\" src=\"http:\/\/collies-vom-floersbachtal.de\/cms\/wp-content\/uploads\/2012\/10\/Mia-6-Mon.-5.jpg\" alt=\"\" width=\"618\" height=\"700\" srcset=\"https:\/\/collies-vom-floersbachtal.de\/cms\/wp-content\/uploads\/2012\/10\/Mia-6-Mon.-5.jpg 618w, https:\/\/collies-vom-floersbachtal.de\/cms\/wp-content\/uploads\/2012\/10\/Mia-6-Mon.-5-264x300.jpg 264w\" sizes=\"auto, (max-width: 618px) 100vw, 618px\" \/><\/a><br \/>\n<a href=\"http:\/\/collies-vom-floersbachtal.de\/cms\/wp-content\/uploads\/2012\/10\/Mia-6-Mon.-7.jpg\"><img loading=\"lazy\" decoding=\"async\" class=\"aligncenter size-full wp-image-3999\" title=\"Mia 6 Mon. 7\" src=\"http:\/\/collies-vom-floersbachtal.de\/cms\/wp-content\/uploads\/2012\/10\/Mia-6-Mon.-7.jpg\" alt=\"\" width=\"569\" height=\"600\" srcset=\"https:\/\/collies-vom-floersbachtal.de\/cms\/wp-content\/uploads\/2012\/10\/Mia-6-Mon.-7.jpg 569w, https:\/\/collies-vom-floersbachtal.de\/cms\/wp-content\/uploads\/2012\/10\/Mia-6-Mon.-7-284x300.jpg 284w\" sizes=\"auto, (max-width: 569px) 100vw, 569px\" \/><\/a><\/p>\n<p><strong>Weihnachten 2012<\/strong><br \/>\n<a href=\"http:\/\/collies-vom-floersbachtal.de\/cms\/wp-content\/uploads\/2012\/10\/Mia-1-weihnachten-2012.jpg\"><img loading=\"lazy\" decoding=\"async\" class=\"aligncenter size-full wp-image-3824\" title=\"Mia 1 weihnachten 2012\" src=\"http:\/\/collies-vom-floersbachtal.de\/cms\/wp-content\/uploads\/2012\/10\/Mia-1-weihnachten-2012.jpg\" alt=\"\" width=\"1037\" height=\"699\" srcset=\"https:\/\/collies-vom-floersbachtal.de\/cms\/wp-content\/uploads\/2012\/10\/Mia-1-weihnachten-2012.jpg 1037w, https:\/\/collies-vom-floersbachtal.de\/cms\/wp-content\/uploads\/2012\/10\/Mia-1-weihnachten-2012-300x202.jpg 300w, https:\/\/collies-vom-floersbachtal.de\/cms\/wp-content\/uploads\/2012\/10\/Mia-1-weihnachten-2012-1024x690.jpg 1024w\" sizes=\"auto, (max-width: 1037px) 100vw, 1037px\" \/><\/a><\/p>\n<p><a href=\"http:\/\/collies-vom-floersbachtal.de\/cms\/wp-content\/uploads\/2012\/10\/Mia-7-weihnachten-2012.jpg\"><img loading=\"lazy\" decoding=\"async\" class=\"aligncenter size-full wp-image-3818\" title=\"Mia 7 weihnachten 2012\" src=\"http:\/\/collies-vom-floersbachtal.de\/cms\/wp-content\/uploads\/2012\/10\/Mia-7-weihnachten-2012.jpg\" alt=\"\" width=\"855\" height=\"600\" srcset=\"https:\/\/collies-vom-floersbachtal.de\/cms\/wp-content\/uploads\/2012\/10\/Mia-7-weihnachten-2012.jpg 855w, https:\/\/collies-vom-floersbachtal.de\/cms\/wp-content\/uploads\/2012\/10\/Mia-7-weihnachten-2012-300x210.jpg 300w\" sizes=\"auto, (max-width: 855px) 100vw, 855px\" \/><\/a><\/p>\n<p><strong>Bald ist Weihnachten und die Kleine ist schon 20 Wochen alt.<\/strong><\/p>\n<p><strong>Jetzt ist die Maus schon 4 Monate alt, hat sie schon ein paar Z\u00e4hne verloren???<\/strong><br \/>\n<a href=\"http:\/\/collies-vom-floersbachtal.de\/cms\/wp-content\/uploads\/2012\/10\/Badrya-Mia-4-Monate1..jpg\"><img loading=\"lazy\" decoding=\"async\" class=\"alignleft size-full wp-image-3531\" title=\"Badrya-Mia 4 Monate1.\" src=\"http:\/\/collies-vom-floersbachtal.de\/cms\/wp-content\/uploads\/2012\/10\/Badrya-Mia-4-Monate1..jpg\" alt=\"\" width=\"720\" height=\"960\" srcset=\"https:\/\/collies-vom-floersbachtal.de\/cms\/wp-content\/uploads\/2012\/10\/Badrya-Mia-4-Monate1..jpg 720w, https:\/\/collies-vom-floersbachtal.de\/cms\/wp-content\/uploads\/2012\/10\/Badrya-Mia-4-Monate1.-225x300.jpg 225w\" sizes=\"auto, (max-width: 720px) 100vw, 720px\" \/><\/a><br \/>\n<strong>Na Mia, welches Tischbein haste denn geklaut? Aber kann man diesen Augen b\u00f6se sein? \ud83d\ude42<\/strong><\/p>\n<p><strong>Perfekte Ohren und Leuchtaugen \ud83d\ude42<\/strong><\/p>\n<p><a href=\"http:\/\/collies-vom-floersbachtal.de\/cms\/wp-content\/uploads\/2012\/10\/Badrya-Mia-mit-15-Wochen1.jpg\"><img loading=\"lazy\" decoding=\"async\" class=\"alignleft size-full wp-image-3270\" title=\"Badrya Mia mit 15 Wochen1\" src=\"http:\/\/collies-vom-floersbachtal.de\/cms\/wp-content\/uploads\/2012\/10\/Badrya-Mia-mit-15-Wochen1.jpg\" alt=\"\" width=\"520\" height=\"647\" srcset=\"https:\/\/collies-vom-floersbachtal.de\/cms\/wp-content\/uploads\/2012\/10\/Badrya-Mia-mit-15-Wochen1.jpg 520w, https:\/\/collies-vom-floersbachtal.de\/cms\/wp-content\/uploads\/2012\/10\/Badrya-Mia-mit-15-Wochen1-241x300.jpg 241w\" sizes=\"auto, (max-width: 520px) 100vw, 520px\" \/><\/a><\/p>\n<p><strong>Mia mit 15 Wochen<\/strong><br \/>\n<a href=\"http:\/\/collies-vom-floersbachtal.de\/cms\/wp-content\/uploads\/2012\/10\/Mia-12-Wochen-alt-2.jpg\"><img loading=\"lazy\" decoding=\"async\" class=\"alignleft size-full wp-image-3242\" title=\"Mia 12 Wochen alt 2\" src=\"http:\/\/collies-vom-floersbachtal.de\/cms\/wp-content\/uploads\/2012\/10\/Mia-12-Wochen-alt-2.jpg\" alt=\"\" width=\"700\" height=\"604\" srcset=\"https:\/\/collies-vom-floersbachtal.de\/cms\/wp-content\/uploads\/2012\/10\/Mia-12-Wochen-alt-2.jpg 700w, https:\/\/collies-vom-floersbachtal.de\/cms\/wp-content\/uploads\/2012\/10\/Mia-12-Wochen-alt-2-300x258.jpg 300w\" sizes=\"auto, (max-width: 700px) 100vw, 700px\" \/><\/a><br \/>\n<a href=\"http:\/\/collies-vom-floersbachtal.de\/cms\/wp-content\/uploads\/2012\/10\/Mia-12-Wochen-alt-3.jpg\"><img loading=\"lazy\" decoding=\"async\" class=\"alignleft size-full wp-image-3243\" title=\"Mia 12 Wochen alt 3\" src=\"http:\/\/collies-vom-floersbachtal.de\/cms\/wp-content\/uploads\/2012\/10\/Mia-12-Wochen-alt-3.jpg\" alt=\"\" width=\"536\" height=\"700\" srcset=\"https:\/\/collies-vom-floersbachtal.de\/cms\/wp-content\/uploads\/2012\/10\/Mia-12-Wochen-alt-3.jpg 536w, https:\/\/collies-vom-floersbachtal.de\/cms\/wp-content\/uploads\/2012\/10\/Mia-12-Wochen-alt-3-229x300.jpg 229w\" sizes=\"auto, (max-width: 536px) 100vw, 536px\" \/><\/a><\/p>\n<p><a href=\"http:\/\/collies-vom-floersbachtal.de\/cms\/wp-content\/uploads\/2012\/09\/Badrya-Mia-im-neuen-Zuhause4.jpg\"><img loading=\"lazy\" decoding=\"async\" class=\"alignleft size-full wp-image-2863\" title=\"Badrya-Mia im neuen Zuhause4\" src=\"http:\/\/collies-vom-floersbachtal.de\/cms\/wp-content\/uploads\/2012\/09\/Badrya-Mia-im-neuen-Zuhause4.jpg\" alt=\"\" width=\"960\" height=\"741\" srcset=\"https:\/\/collies-vom-floersbachtal.de\/cms\/wp-content\/uploads\/2012\/09\/Badrya-Mia-im-neuen-Zuhause4.jpg 960w, https:\/\/collies-vom-floersbachtal.de\/cms\/wp-content\/uploads\/2012\/09\/Badrya-Mia-im-neuen-Zuhause4-300x231.jpg 300w\" sizes=\"auto, (max-width: 960px) 100vw, 960px\" \/><\/a><br \/>\n<a href=\"http:\/\/collies-vom-floersbachtal.de\/cms\/wp-content\/uploads\/2012\/09\/Badrya-Mia-im-neuen-Zuhause5.jpg\"><img loading=\"lazy\" decoding=\"async\" class=\"alignleft size-full wp-image-2864\" title=\"Badrya-Mia im neuen Zuhause5\" src=\"http:\/\/collies-vom-floersbachtal.de\/cms\/wp-content\/uploads\/2012\/09\/Badrya-Mia-im-neuen-Zuhause5.jpg\" alt=\"\" width=\"883\" height=\"960\" srcset=\"https:\/\/collies-vom-floersbachtal.de\/cms\/wp-content\/uploads\/2012\/09\/Badrya-Mia-im-neuen-Zuhause5.jpg 883w, https:\/\/collies-vom-floersbachtal.de\/cms\/wp-content\/uploads\/2012\/09\/Badrya-Mia-im-neuen-Zuhause5-275x300.jpg 275w\" sizes=\"auto, (max-width: 883px) 100vw, 883px\" \/><\/a><\/p>\n<p><a href=\"http:\/\/collies-vom-floersbachtal.de\/cms\/wp-content\/uploads\/2012\/10\/Mia-12-Wochen-alt-1.jpg\"><img loading=\"lazy\" decoding=\"async\" class=\"alignleft size-full wp-image-3241\" title=\"Mia 12 Wochen alt 1\" src=\"http:\/\/collies-vom-floersbachtal.de\/cms\/wp-content\/uploads\/2012\/10\/Mia-12-Wochen-alt-1.jpg\" alt=\"\" width=\"800\" height=\"602\" srcset=\"https:\/\/collies-vom-floersbachtal.de\/cms\/wp-content\/uploads\/2012\/10\/Mia-12-Wochen-alt-1.jpg 800w, https:\/\/collies-vom-floersbachtal.de\/cms\/wp-content\/uploads\/2012\/10\/Mia-12-Wochen-alt-1-300x225.jpg 300w\" sizes=\"auto, (max-width: 800px) 100vw, 800px\" \/><\/a><\/p>\n<p><a href=\"http:\/\/collies-vom-floersbachtal.de\/cms\/wp-content\/uploads\/2012\/09\/Badrya-Mia-im-neuen-Zuhause2.jpg\"><img loading=\"lazy\" decoding=\"async\" class=\"alignleft size-full wp-image-2854\" title=\"Badrya-Mia im neuen Zuhause2\" src=\"http:\/\/collies-vom-floersbachtal.de\/cms\/wp-content\/uploads\/2012\/09\/Badrya-Mia-im-neuen-Zuhause2.jpg\" alt=\"\" width=\"605\" height=\"454\" srcset=\"https:\/\/collies-vom-floersbachtal.de\/cms\/wp-content\/uploads\/2012\/09\/Badrya-Mia-im-neuen-Zuhause2.jpg 605w, https:\/\/collies-vom-floersbachtal.de\/cms\/wp-content\/uploads\/2012\/09\/Badrya-Mia-im-neuen-Zuhause2-300x225.jpg 300w\" sizes=\"auto, (max-width: 605px) 100vw, 605px\" \/><\/a><br \/>\n<a href=\"http:\/\/collies-vom-floersbachtal.de\/cms\/wp-content\/uploads\/2012\/10\/Mia-12-Wochen-alt-41.jpg\"><img loading=\"lazy\" decoding=\"async\" class=\"alignleft size-full wp-image-3245\" title=\"Mia 12 Wochen alt 4\" src=\"http:\/\/collies-vom-floersbachtal.de\/cms\/wp-content\/uploads\/2012\/10\/Mia-12-Wochen-alt-41.jpg\" alt=\"\" width=\"684\" height=\"960\" srcset=\"https:\/\/collies-vom-floersbachtal.de\/cms\/wp-content\/uploads\/2012\/10\/Mia-12-Wochen-alt-41.jpg 684w, https:\/\/collies-vom-floersbachtal.de\/cms\/wp-content\/uploads\/2012\/10\/Mia-12-Wochen-alt-41-213x300.jpg 213w\" sizes=\"auto, (max-width: 684px) 100vw, 684px\" \/><\/a><br \/>\n<a href=\"http:\/\/collies-vom-floersbachtal.de\/cms\/wp-content\/uploads\/2012\/09\/Badryas-Freundin-Missy.jpg\"><img loading=\"lazy\" decoding=\"async\" class=\"alignleft size-full wp-image-2855\" title=\"Badryas Freundin Missy\" src=\"http:\/\/collies-vom-floersbachtal.de\/cms\/wp-content\/uploads\/2012\/09\/Badryas-Freundin-Missy.jpg\" alt=\"\" width=\"720\" height=\"540\" srcset=\"https:\/\/collies-vom-floersbachtal.de\/cms\/wp-content\/uploads\/2012\/09\/Badryas-Freundin-Missy.jpg 720w, https:\/\/collies-vom-floersbachtal.de\/cms\/wp-content\/uploads\/2012\/09\/Badryas-Freundin-Missy-300x225.jpg 300w\" sizes=\"auto, (max-width: 720px) 100vw, 720px\" \/><\/a><\/p>\n<p><strong>Leider haben wir heute die Nachricht erhalten, dass es Missy nicht geschafft hat gegen ihre Krankheit anzuk\u00e4mpfen und sie nun \u00fcber die Regenbogenbr\u00fccke gegangen ist. Hoffentlich leidet die kleine Mia nicht zu sehr.<\/strong><\/p>\n","protected":false},"excerpt":{"rendered":"<p>Leider habe ich schlechte Neuigkeiten, Mitte Mai 2025 ist die s\u00fc\u00dfe Badrya-Mia \u00fcber die Regenbogenbr\u00fccke gegangen.\u00a0 Fast h\u00e4tte sie die 13 erreicht. Machs gut S\u00fc\u00dfe, genie\u00dfe jetzt deine Freiheit und die Leichtigkeit im Regenbogenland bei deiner Schwester Jeanny. \ud83d\ude41 \u00a0 &hellip; <a href=\"https:\/\/collies-vom-floersbachtal.de\/?page_id=3009\">Weiterlesen <span class=\"meta-nav\">&rarr;<\/span><\/a><\/p>\n","protected":false},"author":1,"featured_media":0,"parent":0,"menu_order":0,"comment_status":"open","ping_status":"open","template":"","meta":{"footnotes":""},"class_list":["post-3009","page","type-page","status-publish","hentry"],"_links":{"self":[{"href":"https:\/\/collies-vom-floersbachtal.de\/index.php?rest_route=\/wp\/v2\/pages\/3009","targetHints":{"allow":["GET"]}}],"collection":[{"href":"https:\/\/collies-vom-floersbachtal.de\/index.php?rest_route=\/wp\/v2\/pages"}],"about":[{"href":"https:\/\/collies-vom-floersbachtal.de\/index.php?rest_route=\/wp\/v2\/types\/page"}],"author":[{"embeddable":true,"href":"https:\/\/collies-vom-floersbachtal.de\/index.php?rest_route=\/wp\/v2\/users\/1"}],"replies":[{"embeddable":true,"href":"https:\/\/collies-vom-floersbachtal.de\/index.php?rest_route=%2Fwp%2Fv2%2Fcomments&post=3009"}],"version-history":[{"count":48,"href":"https:\/\/collies-vom-floersbachtal.de\/index.php?rest_route=\/wp\/v2\/pages\/3009\/revisions"}],"predecessor-version":[{"id":53342,"href":"https:\/\/collies-vom-floersbachtal.de\/index.php?rest_route=\/wp\/v2\/pages\/3009\/revisions\/53342"}],"wp:attachment":[{"href":"https:\/\/collies-vom-floersbachtal.de\/index.php?rest_route=%2Fwp%2Fv2%2Fmedia&parent=3009"}],"curies":[{"name":"wp","href":"https:\/\/api.w.org\/{rel}","templated":true}]}}