{"id":2626,"date":"2012-09-16T13:06:39","date_gmt":"2012-09-16T13:06:39","guid":{"rendered":"http:\/\/collies-vom-floersbachtal.de\/?page_id=2626"},"modified":"2022-09-26T12:15:31","modified_gmt":"2022-09-26T12:15:31","slug":"der-auszug-der-welpen-des-a-wurfs","status":"publish","type":"page","link":"https:\/\/collies-vom-floersbachtal.de\/?page_id=2626","title":{"rendered":"Auszug der Welpen des A-Wurfs"},"content":{"rendered":"<p><strong>Wir bedanken uns nochmal bei allen Welpenk\u00e4ufern, f\u00fcr das entgegen gebrachte Vertrauen in unsere Zuchtst\u00e4tte und w\u00fcnschen ein sch\u00f6nes, langes, gl\u00fcckliches Leben mit den Kleinen. <\/strong><\/p>\n<p><strong>Unser A &#8211; Wurf wird fl\u00fcgge:<\/strong><\/p>\n<p><a href=\"https:\/\/collies-vom-floersbachtal.de\/?attachment_id=37239\" rel=\"attachment wp-att-37239\"><img loading=\"lazy\" decoding=\"async\" class=\"aligncenter size-full wp-image-37239\" src=\"http:\/\/collies-vom-floersbachtal.de\/cms\/wp-content\/uploads\/2022\/09\/Azizi1.jpg.jpg\" alt=\"\" width=\"1000\" height=\"1086\" srcset=\"https:\/\/collies-vom-floersbachtal.de\/cms\/wp-content\/uploads\/2022\/09\/Azizi1.jpg.jpg 1000w, https:\/\/collies-vom-floersbachtal.de\/cms\/wp-content\/uploads\/2022\/09\/Azizi1.jpg-276x300.jpg 276w, https:\/\/collies-vom-floersbachtal.de\/cms\/wp-content\/uploads\/2022\/09\/Azizi1.jpg-943x1024.jpg 943w, https:\/\/collies-vom-floersbachtal.de\/cms\/wp-content\/uploads\/2022\/09\/Azizi1.jpg-768x834.jpg 768w\" sizes=\"auto, (max-width: 1000px) 100vw, 1000px\" \/><\/a><br \/>\n<strong>Als Kleinster, daf\u00fcr aber der Erste beim Auszug, hier mit seinen neuen Besitzern Catrin &amp; Detlef Weber. Zu Hause warten die beiden Hundeladys Shaien und Luna sehns\u00fcchtig und die beiden Kinder auf Branco. Er wird der neue Prinz im Hause Weber bei Rodgau.<\/strong><a href=\"http:\/\/collies-vom-floersbachtal.de\/cms\/wp-content\/uploads\/2012\/10\/Branco3-18-Mon..jpg\"><img loading=\"lazy\" decoding=\"async\" class=\"alignright size-full wp-image-4487\" title=\"Branco3  18 Mon.\" src=\"http:\/\/collies-vom-floersbachtal.de\/cms\/wp-content\/uploads\/2012\/10\/Branco3-18-Mon..jpg\" alt=\"\" width=\"1024\" height=\"683\" srcset=\"https:\/\/collies-vom-floersbachtal.de\/cms\/wp-content\/uploads\/2012\/10\/Branco3-18-Mon..jpg 1024w, https:\/\/collies-vom-floersbachtal.de\/cms\/wp-content\/uploads\/2012\/10\/Branco3-18-Mon.-300x200.jpg 300w\" sizes=\"auto, (max-width: 1024px) 100vw, 1024px\" \/><\/a><strong> Azizi &#8211; Branco mit 18 Monaten<br \/>\n<\/strong><\/p>\n<p><a href=\"http:\/\/collies-vom-floersbachtal.de\/cms\/wp-content\/uploads\/2012\/01\/Ada-und-ihre-neuen-Besitzer-EmanuelePrince.jpg\"><img loading=\"lazy\" decoding=\"async\" class=\"alignleft size-full wp-image-861\" title=\"Ada und ihre neuen Besitzer Emanuele&amp;Prince\" src=\"http:\/\/collies-vom-floersbachtal.de\/cms\/wp-content\/uploads\/2012\/01\/Ada-und-ihre-neuen-Besitzer-EmanuelePrince.jpg\" alt=\"\" width=\"1000\" height=\"918\" srcset=\"https:\/\/collies-vom-floersbachtal.de\/cms\/wp-content\/uploads\/2012\/01\/Ada-und-ihre-neuen-Besitzer-EmanuelePrince.jpg 1000w, https:\/\/collies-vom-floersbachtal.de\/cms\/wp-content\/uploads\/2012\/01\/Ada-und-ihre-neuen-Besitzer-EmanuelePrince-300x275.jpg 300w\" sizes=\"auto, (max-width: 1000px) 100vw, 1000px\" \/><\/a><br \/>\n<strong> Die zweite kleine Maus, Ada &#8211; Angel, die ihr Zuhause verl\u00e4\u00dft, mit ihrem neuen Herrchen Emanuele Massari und Kumpel Prince, sie wohnen mit der ganzen Familie und 5 Hundekumpels in die N\u00e4he von Mailand. Hier soll sie zu einem Rettungshund ausgebildet werden. <\/strong><a href=\"http:\/\/collies-vom-floersbachtal.de\/cms\/wp-content\/uploads\/2012\/10\/Ada-Angel-aus-unserem-A-Wurf.jpg\"><img loading=\"lazy\" decoding=\"async\" class=\"aligncenter size-full wp-image-4194\" title=\"Ada-Angel aus unserem A-Wurf\" src=\"http:\/\/collies-vom-floersbachtal.de\/cms\/wp-content\/uploads\/2012\/10\/Ada-Angel-aus-unserem-A-Wurf.jpg\" alt=\"\" width=\"960\" height=\"640\" srcset=\"https:\/\/collies-vom-floersbachtal.de\/cms\/wp-content\/uploads\/2012\/10\/Ada-Angel-aus-unserem-A-Wurf.jpg 960w, https:\/\/collies-vom-floersbachtal.de\/cms\/wp-content\/uploads\/2012\/10\/Ada-Angel-aus-unserem-A-Wurf-300x200.jpg 300w\" sizes=\"auto, (max-width: 960px) 100vw, 960px\" \/><\/a> <strong>Ada &#8211; Angel 2013<\/strong><\/p>\n<p><a href=\"https:\/\/collies-vom-floersbachtal.de\/?attachment_id=37242\" rel=\"attachment wp-att-37242\"><img loading=\"lazy\" decoding=\"async\" class=\"aligncenter size-full wp-image-37242\" src=\"http:\/\/collies-vom-floersbachtal.de\/cms\/wp-content\/uploads\/2022\/09\/Alina-Sissis-Auszug2.jpg.jpg\" alt=\"\" width=\"1000\" height=\"846\" srcset=\"https:\/\/collies-vom-floersbachtal.de\/cms\/wp-content\/uploads\/2022\/09\/Alina-Sissis-Auszug2.jpg.jpg 1000w, https:\/\/collies-vom-floersbachtal.de\/cms\/wp-content\/uploads\/2022\/09\/Alina-Sissis-Auszug2.jpg-300x254.jpg 300w, https:\/\/collies-vom-floersbachtal.de\/cms\/wp-content\/uploads\/2022\/09\/Alina-Sissis-Auszug2.jpg-768x650.jpg 768w\" sizes=\"auto, (max-width: 1000px) 100vw, 1000px\" \/><\/a><br \/>\n<strong>Die dritte Maus Alina &#8211; Sissi, zieht in die N\u00e4he von Wiesbaden zu ihrer Familie Acevedo<\/strong><a href=\"http:\/\/collies-vom-floersbachtal.de\/cms\/wp-content\/uploads\/2012\/10\/Sissi-im-Lassie-look.jpg\"><img loading=\"lazy\" decoding=\"async\" class=\"alignleft size-full wp-image-3325\" title=\"Sissi im Lassie-look\" src=\"http:\/\/collies-vom-floersbachtal.de\/cms\/wp-content\/uploads\/2012\/10\/Sissi-im-Lassie-look.jpg\" alt=\"\" width=\"960\" height=\"960\" srcset=\"https:\/\/collies-vom-floersbachtal.de\/cms\/wp-content\/uploads\/2012\/10\/Sissi-im-Lassie-look.jpg 960w, https:\/\/collies-vom-floersbachtal.de\/cms\/wp-content\/uploads\/2012\/10\/Sissi-im-Lassie-look-150x150.jpg 150w, https:\/\/collies-vom-floersbachtal.de\/cms\/wp-content\/uploads\/2012\/10\/Sissi-im-Lassie-look-300x300.jpg 300w\" sizes=\"auto, (max-width: 960px) 100vw, 960px\" \/><\/a><br \/>\n<strong>Ein wundersch\u00f6nes Bild von Sissi 2012 (Lassie-Look)<\/strong><\/p>\n<p><a href=\"http:\/\/collies-vom-floersbachtal.de\/cms\/wp-content\/uploads\/2012\/01\/Aisha-Islays-Auszug1.jpg\"><img loading=\"lazy\" decoding=\"async\" class=\"alignleft size-full wp-image-867\" title=\"Aisha-Islays Auszug1\" src=\"http:\/\/collies-vom-floersbachtal.de\/cms\/wp-content\/uploads\/2012\/01\/Aisha-Islays-Auszug1.jpg\" alt=\"\" width=\"1000\" height=\"1043\" srcset=\"https:\/\/collies-vom-floersbachtal.de\/cms\/wp-content\/uploads\/2012\/01\/Aisha-Islays-Auszug1.jpg 1000w, https:\/\/collies-vom-floersbachtal.de\/cms\/wp-content\/uploads\/2012\/01\/Aisha-Islays-Auszug1-287x300.jpg 287w, https:\/\/collies-vom-floersbachtal.de\/cms\/wp-content\/uploads\/2012\/01\/Aisha-Islays-Auszug1-981x1024.jpg 981w\" sizes=\"auto, (max-width: 1000px) 100vw, 1000px\" \/><\/a><br \/>\n<strong>Die 4. kleine Maus, Aisha &#8211; Islay zieht zu ihrer Familie Hofmann und Kumpel Boomer in die N\u00e4he von Mainz.<\/strong><a href=\"http:\/\/collies-vom-floersbachtal.de\/cms\/wp-content\/uploads\/2012\/10\/Nachzucht-Aischa-Islay8.jpg\"><img loading=\"lazy\" decoding=\"async\" class=\"aligncenter size-full wp-image-6697\" title=\"OLYMPUS DIGITAL CAMERA\" src=\"http:\/\/collies-vom-floersbachtal.de\/cms\/wp-content\/uploads\/2012\/10\/Nachzucht-Aischa-Islay8.jpg\" alt=\"\" width=\"1000\" height=\"750\" srcset=\"https:\/\/collies-vom-floersbachtal.de\/cms\/wp-content\/uploads\/2012\/10\/Nachzucht-Aischa-Islay8.jpg 1000w, https:\/\/collies-vom-floersbachtal.de\/cms\/wp-content\/uploads\/2012\/10\/Nachzucht-Aischa-Islay8-300x225.jpg 300w\" sizes=\"auto, (max-width: 1000px) 100vw, 1000px\" \/><\/a> <strong>Aisha &#8211; Islay 2013<\/strong><\/p>\n<p><a href=\"http:\/\/collies-vom-floersbachtal.de\/cms\/wp-content\/uploads\/2012\/09\/Balu-mit-10-Wochen.jpg\"><img loading=\"lazy\" decoding=\"async\" class=\"aligncenter size-full wp-image-10803\" title=\"Balu mit 10 Wochen\" src=\"http:\/\/collies-vom-floersbachtal.de\/cms\/wp-content\/uploads\/2012\/09\/Balu-mit-10-Wochen.jpg\" alt=\"\" width=\"3004\" height=\"2130\" srcset=\"https:\/\/collies-vom-floersbachtal.de\/cms\/wp-content\/uploads\/2012\/09\/Balu-mit-10-Wochen.jpg 3004w, https:\/\/collies-vom-floersbachtal.de\/cms\/wp-content\/uploads\/2012\/09\/Balu-mit-10-Wochen-300x212.jpg 300w, https:\/\/collies-vom-floersbachtal.de\/cms\/wp-content\/uploads\/2012\/09\/Balu-mit-10-Wochen-1024x726.jpg 1024w\" sizes=\"auto, (max-width: 3004px) 100vw, 3004px\" \/><\/a><br \/>\n<strong>Unser liebenswerter Akil &#8211; Balu bleibt bei uns und wenn alles klappt, dann wird er in naher Zukunft in unsere Zucht als Deckr\u00fcde einsteigen.<\/strong><br \/>\n<a href=\"http:\/\/collies-vom-floersbachtal.de\/cms\/wp-content\/uploads\/2012\/09\/Balu4-September14.jpg\"><img loading=\"lazy\" decoding=\"async\" class=\"aligncenter size-full wp-image-10802\" title=\"Balu4 September14\" src=\"http:\/\/collies-vom-floersbachtal.de\/cms\/wp-content\/uploads\/2012\/09\/Balu4-September14.jpg\" alt=\"\" width=\"1000\" height=\"1500\" srcset=\"https:\/\/collies-vom-floersbachtal.de\/cms\/wp-content\/uploads\/2012\/09\/Balu4-September14.jpg 1000w, https:\/\/collies-vom-floersbachtal.de\/cms\/wp-content\/uploads\/2012\/09\/Balu4-September14-200x300.jpg 200w, https:\/\/collies-vom-floersbachtal.de\/cms\/wp-content\/uploads\/2012\/09\/Balu4-September14-682x1024.jpg 682w\" sizes=\"auto, (max-width: 1000px) 100vw, 1000px\" \/><\/a> <strong>Balu mit fast 3 Jahren und schon 13 facher Papa \ud83d\ude1b<\/strong><\/p>\n<p><a href=\"http:\/\/collies-vom-floersbachtal.de\/cms\/wp-content\/uploads\/2012\/01\/Alishas-Auszug-105-Wochen.jpg\"><img loading=\"lazy\" decoding=\"async\" class=\"alignleft size-large wp-image-928\" title=\"Alishas Auszug 10,5 Wochen\" src=\"http:\/\/collies-vom-floersbachtal.de\/cms\/wp-content\/uploads\/2012\/01\/Alishas-Auszug-105-Wochen-923x1024.jpg\" alt=\"\" width=\"640\" height=\"710\" srcset=\"https:\/\/collies-vom-floersbachtal.de\/cms\/wp-content\/uploads\/2012\/01\/Alishas-Auszug-105-Wochen-923x1024.jpg 923w, https:\/\/collies-vom-floersbachtal.de\/cms\/wp-content\/uploads\/2012\/01\/Alishas-Auszug-105-Wochen-270x300.jpg 270w, https:\/\/collies-vom-floersbachtal.de\/cms\/wp-content\/uploads\/2012\/01\/Alishas-Auszug-105-Wochen.jpg 1000w\" sizes=\"auto, (max-width: 640px) 100vw, 640px\" \/><\/a><br \/>\n<strong>Nun ist die 5. kleine Maus ausgezogen, Alisha zieht zu ihrer Familie mit 2 gr\u00f6\u00dferen Kindern nach S\u00fcddeutschland und bekommt viele Freundinnen in der direkten Nachbarschaft.<\/strong><br \/>\n<a href=\"http:\/\/collies-vom-floersbachtal.de\/cms\/wp-content\/uploads\/2012\/10\/Alisha-Sep.-2012-zu-Besuch5.jpg\"><img loading=\"lazy\" decoding=\"async\" class=\"alignleft size-full wp-image-3099\" title=\"Alisha Sep. 2012 zu Besuch5\" src=\"http:\/\/collies-vom-floersbachtal.de\/cms\/wp-content\/uploads\/2012\/10\/Alisha-Sep.-2012-zu-Besuch5.jpg\" alt=\"\" width=\"1000\" height=\"1584\" srcset=\"https:\/\/collies-vom-floersbachtal.de\/cms\/wp-content\/uploads\/2012\/10\/Alisha-Sep.-2012-zu-Besuch5.jpg 1000w, https:\/\/collies-vom-floersbachtal.de\/cms\/wp-content\/uploads\/2012\/10\/Alisha-Sep.-2012-zu-Besuch5-189x300.jpg 189w, https:\/\/collies-vom-floersbachtal.de\/cms\/wp-content\/uploads\/2012\/10\/Alisha-Sep.-2012-zu-Besuch5-646x1024.jpg 646w\" sizes=\"auto, (max-width: 1000px) 100vw, 1000px\" \/><\/a> <strong>Alisha 2012<\/strong><\/p>\n<p><a href=\"http:\/\/collies-vom-floersbachtal.de\/cms\/wp-content\/uploads\/2012\/01\/Akelas-Auszug-am-25-Februar-2012.jpg\"><img loading=\"lazy\" decoding=\"async\" class=\"alignleft size-large wp-image-1136\" title=\"Akelas Auszug am 25 Februar 2012\" src=\"http:\/\/collies-vom-floersbachtal.de\/cms\/wp-content\/uploads\/2012\/01\/Akelas-Auszug-am-25-Februar-2012-710x1024.jpg\" alt=\"\" width=\"640\" height=\"923\" srcset=\"https:\/\/collies-vom-floersbachtal.de\/cms\/wp-content\/uploads\/2012\/01\/Akelas-Auszug-am-25-Februar-2012-710x1024.jpg 710w, https:\/\/collies-vom-floersbachtal.de\/cms\/wp-content\/uploads\/2012\/01\/Akelas-Auszug-am-25-Februar-2012-208x300.jpg 208w, https:\/\/collies-vom-floersbachtal.de\/cms\/wp-content\/uploads\/2012\/01\/Akelas-Auszug-am-25-Februar-2012.jpg 1000w\" sizes=\"auto, (max-width: 640px) 100vw, 640px\" \/><\/a><br \/>\n<strong>Yuipi Geschafft, unser s\u00fc\u00dfer Fratz AKELA hat endlich, als letzter der Babys sein neues Frauchen f\u00fcr sich allein gefunden und wohnt nur 4 Km von uns entfernt. So da\u00df die Br\u00fcder sich \u00f6fter sehen k\u00f6nnen.<\/strong> <a href=\"http:\/\/collies-vom-floersbachtal.de\/cms\/wp-content\/uploads\/2012\/10\/Balu-Wolf-10-monate2.jpg\"><img loading=\"lazy\" decoding=\"async\" class=\"alignleft size-full wp-image-3078\" title=\"Balu &amp; Wolf 10 monate2\" src=\"http:\/\/collies-vom-floersbachtal.de\/cms\/wp-content\/uploads\/2012\/10\/Balu-Wolf-10-monate2.jpg\" alt=\"\" width=\"1000\" height=\"734\" srcset=\"https:\/\/collies-vom-floersbachtal.de\/cms\/wp-content\/uploads\/2012\/10\/Balu-Wolf-10-monate2.jpg 1000w, https:\/\/collies-vom-floersbachtal.de\/cms\/wp-content\/uploads\/2012\/10\/Balu-Wolf-10-monate2-300x220.jpg 300w\" sizes=\"auto, (max-width: 1000px) 100vw, 1000px\" \/><\/a> <strong>Akela &#8211; Wolf und sein Bruder Akil &#8211; Balu mit 10 Monaten<\/strong><\/p>\n","protected":false},"excerpt":{"rendered":"<p>Wir bedanken uns nochmal bei allen Welpenk\u00e4ufern, f\u00fcr das entgegen gebrachte Vertrauen in unsere Zuchtst\u00e4tte und w\u00fcnschen ein sch\u00f6nes, langes, gl\u00fcckliches Leben mit den Kleinen. Unser A &#8211; Wurf wird fl\u00fcgge: Als Kleinster, daf\u00fcr aber der Erste beim Auszug, hier &hellip; <a href=\"https:\/\/collies-vom-floersbachtal.de\/?page_id=2626\">Weiterlesen <span class=\"meta-nav\">&rarr;<\/span><\/a><\/p>\n","protected":false},"author":1,"featured_media":0,"parent":0,"menu_order":0,"comment_status":"open","ping_status":"open","template":"","meta":{"footnotes":""},"class_list":["post-2626","page","type-page","status-publish","hentry"],"_links":{"self":[{"href":"https:\/\/collies-vom-floersbachtal.de\/index.php?rest_route=\/wp\/v2\/pages\/2626","targetHints":{"allow":["GET"]}}],"collection":[{"href":"https:\/\/collies-vom-floersbachtal.de\/index.php?rest_route=\/wp\/v2\/pages"}],"about":[{"href":"https:\/\/collies-vom-floersbachtal.de\/index.php?rest_route=\/wp\/v2\/types\/page"}],"author":[{"embeddable":true,"href":"https:\/\/collies-vom-floersbachtal.de\/index.php?rest_route=\/wp\/v2\/users\/1"}],"replies":[{"embeddable":true,"href":"https:\/\/collies-vom-floersbachtal.de\/index.php?rest_route=%2Fwp%2Fv2%2Fcomments&post=2626"}],"version-history":[{"count":17,"href":"https:\/\/collies-vom-floersbachtal.de\/index.php?rest_route=\/wp\/v2\/pages\/2626\/revisions"}],"predecessor-version":[{"id":37243,"href":"https:\/\/collies-vom-floersbachtal.de\/index.php?rest_route=\/wp\/v2\/pages\/2626\/revisions\/37243"}],"wp:attachment":[{"href":"https:\/\/collies-vom-floersbachtal.de\/index.php?rest_route=%2Fwp%2Fv2%2Fmedia&parent=2626"}],"curies":[{"name":"wp","href":"https:\/\/api.w.org\/{rel}","templated":true}]}}