{"id":25584,"date":"2019-01-29T09:20:12","date_gmt":"2019-01-29T09:20:12","guid":{"rendered":"http:\/\/collies-vom-floersbachtal.de\/?page_id=25584"},"modified":"2025-12-25T16:06:08","modified_gmt":"2025-12-25T16:06:08","slug":"nachzucht-i-wurf-idefix-michl-vom-florsbachtal","status":"publish","type":"page","link":"https:\/\/collies-vom-floersbachtal.de\/?page_id=25584","title":{"rendered":"Nachzucht I &#8211; Wurf Idefix (Michl)"},"content":{"rendered":"\n<h1 class=\"wp-block-heading\"><strong>Dezember News von Michl \ud83d\ude42<\/strong><\/h1>\n\n\n\n<figure class=\"wp-block-gallery has-nested-images columns-default is-cropped wp-block-gallery-1 is-layout-flex wp-block-gallery-is-layout-flex\">\n<figure class=\"wp-block-image size-large\"><a href=\"https:\/\/collies-vom-floersbachtal.de\/cms\/wp-content\/uploads\/2025\/12\/Michl1.jpg\"><img loading=\"lazy\" decoding=\"async\" width=\"974\" height=\"821\" data-id=\"53801\" src=\"https:\/\/collies-vom-floersbachtal.de\/cms\/wp-content\/uploads\/2025\/12\/Michl1.jpg\" alt=\"\" class=\"wp-image-53801\" srcset=\"https:\/\/collies-vom-floersbachtal.de\/cms\/wp-content\/uploads\/2025\/12\/Michl1.jpg 974w, https:\/\/collies-vom-floersbachtal.de\/cms\/wp-content\/uploads\/2025\/12\/Michl1-300x253.jpg 300w, https:\/\/collies-vom-floersbachtal.de\/cms\/wp-content\/uploads\/2025\/12\/Michl1-768x647.jpg 768w\" sizes=\"auto, (max-width: 974px) 100vw, 974px\" \/><\/a><\/figure>\n\n\n\n<figure class=\"wp-block-image size-large\"><a href=\"https:\/\/collies-vom-floersbachtal.de\/cms\/wp-content\/uploads\/2025\/12\/Michl-und-bonny1-Dez.25.jpg\"><img loading=\"lazy\" decoding=\"async\" width=\"714\" height=\"1024\" data-id=\"53802\" src=\"https:\/\/collies-vom-floersbachtal.de\/cms\/wp-content\/uploads\/2025\/12\/Michl-und-bonny1-Dez.25-714x1024.jpg\" alt=\"\" class=\"wp-image-53802\" srcset=\"https:\/\/collies-vom-floersbachtal.de\/cms\/wp-content\/uploads\/2025\/12\/Michl-und-bonny1-Dez.25-714x1024.jpg 714w, https:\/\/collies-vom-floersbachtal.de\/cms\/wp-content\/uploads\/2025\/12\/Michl-und-bonny1-Dez.25-209x300.jpg 209w, https:\/\/collies-vom-floersbachtal.de\/cms\/wp-content\/uploads\/2025\/12\/Michl-und-bonny1-Dez.25-768x1101.jpg 768w, https:\/\/collies-vom-floersbachtal.de\/cms\/wp-content\/uploads\/2025\/12\/Michl-und-bonny1-Dez.25.jpg 952w\" sizes=\"auto, (max-width: 714px) 100vw, 714px\" \/><\/a><\/figure>\n<\/figure>\n\n\n\n<h1 class=\"wp-block-heading\"><strong>Novembernews von Michl \ud83d\ude42<\/strong><\/h1>\n\n\n\n<figure class=\"wp-block-gallery has-nested-images columns-default is-cropped wp-block-gallery-2 is-layout-flex wp-block-gallery-is-layout-flex\">\n<figure class=\"wp-block-image size-large\"><a href=\"https:\/\/collies-vom-floersbachtal.de\/cms\/wp-content\/uploads\/2025\/11\/Michl2-Nov.25.jpg\"><img loading=\"lazy\" decoding=\"async\" width=\"963\" height=\"997\" data-id=\"53410\" src=\"https:\/\/collies-vom-floersbachtal.de\/cms\/wp-content\/uploads\/2025\/11\/Michl2-Nov.25.jpg\" alt=\"\" class=\"wp-image-53410\" srcset=\"https:\/\/collies-vom-floersbachtal.de\/cms\/wp-content\/uploads\/2025\/11\/Michl2-Nov.25.jpg 963w, https:\/\/collies-vom-floersbachtal.de\/cms\/wp-content\/uploads\/2025\/11\/Michl2-Nov.25-290x300.jpg 290w, https:\/\/collies-vom-floersbachtal.de\/cms\/wp-content\/uploads\/2025\/11\/Michl2-Nov.25-768x795.jpg 768w\" sizes=\"auto, (max-width: 963px) 100vw, 963px\" \/><\/a><\/figure>\n\n\n\n<figure class=\"wp-block-image size-large\"><a href=\"https:\/\/collies-vom-floersbachtal.de\/cms\/wp-content\/uploads\/2025\/11\/Michl1-Nov.25.jpg\"><img loading=\"lazy\" decoding=\"async\" width=\"551\" height=\"1024\" data-id=\"53409\" src=\"https:\/\/collies-vom-floersbachtal.de\/cms\/wp-content\/uploads\/2025\/11\/Michl1-Nov.25-551x1024.jpg\" alt=\"\" class=\"wp-image-53409\" srcset=\"https:\/\/collies-vom-floersbachtal.de\/cms\/wp-content\/uploads\/2025\/11\/Michl1-Nov.25-551x1024.jpg 551w, https:\/\/collies-vom-floersbachtal.de\/cms\/wp-content\/uploads\/2025\/11\/Michl1-Nov.25-161x300.jpg 161w, https:\/\/collies-vom-floersbachtal.de\/cms\/wp-content\/uploads\/2025\/11\/Michl1-Nov.25.jpg 626w\" sizes=\"auto, (max-width: 551px) 100vw, 551px\" \/><\/a><\/figure>\n<\/figure>\n\n\n\n<h1 class=\"wp-block-heading\"><strong>August News von Michl mit seiner Nichte Nika \ud83d\ude42 <\/strong><\/h1>\n\n\n\n<figure class=\"wp-block-image size-full is-style-rounded\"><a href=\"https:\/\/collies-vom-floersbachtal.de\/cms\/wp-content\/uploads\/2025\/09\/Nika-und-Michl1-August25-2.jpg\"><img loading=\"lazy\" decoding=\"async\" width=\"1000\" height=\"698\" src=\"https:\/\/collies-vom-floersbachtal.de\/cms\/wp-content\/uploads\/2025\/09\/Nika-und-Michl1-August25-2.jpg\" alt=\"\" class=\"wp-image-52422\" srcset=\"https:\/\/collies-vom-floersbachtal.de\/cms\/wp-content\/uploads\/2025\/09\/Nika-und-Michl1-August25-2.jpg 1000w, https:\/\/collies-vom-floersbachtal.de\/cms\/wp-content\/uploads\/2025\/09\/Nika-und-Michl1-August25-2-300x209.jpg 300w, https:\/\/collies-vom-floersbachtal.de\/cms\/wp-content\/uploads\/2025\/09\/Nika-und-Michl1-August25-2-768x536.jpg 768w\" sizes=\"auto, (max-width: 1000px) 100vw, 1000px\" \/><\/a><\/figure>\n\n\n\n<figure class=\"wp-block-image size-full is-style-rounded\"><a href=\"https:\/\/collies-vom-floersbachtal.de\/cms\/wp-content\/uploads\/2025\/08\/Nika-Michl-und-Bonny1-August25-1.jpg\"><img loading=\"lazy\" decoding=\"async\" width=\"1000\" height=\"693\" src=\"https:\/\/collies-vom-floersbachtal.de\/cms\/wp-content\/uploads\/2025\/08\/Nika-Michl-und-Bonny1-August25-1.jpg\" alt=\"\" class=\"wp-image-51827\" srcset=\"https:\/\/collies-vom-floersbachtal.de\/cms\/wp-content\/uploads\/2025\/08\/Nika-Michl-und-Bonny1-August25-1.jpg 1000w, https:\/\/collies-vom-floersbachtal.de\/cms\/wp-content\/uploads\/2025\/08\/Nika-Michl-und-Bonny1-August25-1-300x208.jpg 300w, https:\/\/collies-vom-floersbachtal.de\/cms\/wp-content\/uploads\/2025\/08\/Nika-Michl-und-Bonny1-August25-1-768x532.jpg 768w\" sizes=\"auto, (max-width: 1000px) 100vw, 1000px\" \/><\/a><\/figure>\n\n\n\n<figure class=\"wp-block-gallery has-nested-images columns-default is-cropped wp-block-gallery-3 is-layout-flex wp-block-gallery-is-layout-flex\">\n<figure class=\"wp-block-image size-large\"><a href=\"https:\/\/collies-vom-floersbachtal.de\/cms\/wp-content\/uploads\/2025\/08\/Nika-und-Michl1-August25-1.jpg\"><img loading=\"lazy\" decoding=\"async\" width=\"1024\" height=\"595\" data-id=\"51825\" src=\"https:\/\/collies-vom-floersbachtal.de\/cms\/wp-content\/uploads\/2025\/08\/Nika-und-Michl1-August25-1-1024x595.jpg\" alt=\"\" class=\"wp-image-51825\" srcset=\"https:\/\/collies-vom-floersbachtal.de\/cms\/wp-content\/uploads\/2025\/08\/Nika-und-Michl1-August25-1-1024x595.jpg 1024w, https:\/\/collies-vom-floersbachtal.de\/cms\/wp-content\/uploads\/2025\/08\/Nika-und-Michl1-August25-1-300x174.jpg 300w, https:\/\/collies-vom-floersbachtal.de\/cms\/wp-content\/uploads\/2025\/08\/Nika-und-Michl1-August25-1-768x446.jpg 768w, https:\/\/collies-vom-floersbachtal.de\/cms\/wp-content\/uploads\/2025\/08\/Nika-und-Michl1-August25-1.jpg 1074w\" sizes=\"auto, (max-width: 1024px) 100vw, 1024px\" \/><\/a><\/figure>\n\n\n\n<figure class=\"wp-block-image size-large\"><a href=\"https:\/\/collies-vom-floersbachtal.de\/cms\/wp-content\/uploads\/2025\/08\/Nika-und-Michl2-August25-1.jpg\"><img loading=\"lazy\" decoding=\"async\" width=\"1000\" height=\"750\" data-id=\"51824\" src=\"https:\/\/collies-vom-floersbachtal.de\/cms\/wp-content\/uploads\/2025\/08\/Nika-und-Michl2-August25-1.jpg\" alt=\"\" class=\"wp-image-51824\" srcset=\"https:\/\/collies-vom-floersbachtal.de\/cms\/wp-content\/uploads\/2025\/08\/Nika-und-Michl2-August25-1.jpg 1000w, https:\/\/collies-vom-floersbachtal.de\/cms\/wp-content\/uploads\/2025\/08\/Nika-und-Michl2-August25-1-300x225.jpg 300w, https:\/\/collies-vom-floersbachtal.de\/cms\/wp-content\/uploads\/2025\/08\/Nika-und-Michl2-August25-1-768x576.jpg 768w\" sizes=\"auto, (max-width: 1000px) 100vw, 1000px\" \/><\/a><\/figure>\n<\/figure>\n\n\n\n<h1 class=\"wp-block-heading\"><strong>April  2025 News von Michl \ud83d\ude42<\/strong><\/h1>\n\n\n\n<figure class=\"wp-block-gallery has-nested-images columns-default is-cropped wp-block-gallery-4 is-layout-flex wp-block-gallery-is-layout-flex\">\n<figure class=\"wp-block-image size-large\"><a href=\"https:\/\/collies-vom-floersbachtal.de\/cms\/wp-content\/uploads\/2025\/04\/Michl3-April25.jpg\"><img loading=\"lazy\" decoding=\"async\" width=\"576\" height=\"1024\" data-id=\"49759\" src=\"https:\/\/collies-vom-floersbachtal.de\/cms\/wp-content\/uploads\/2025\/04\/Michl3-April25-576x1024.jpg\" alt=\"\" class=\"wp-image-49759\" srcset=\"https:\/\/collies-vom-floersbachtal.de\/cms\/wp-content\/uploads\/2025\/04\/Michl3-April25-576x1024.jpg 576w, https:\/\/collies-vom-floersbachtal.de\/cms\/wp-content\/uploads\/2025\/04\/Michl3-April25-169x300.jpg 169w, https:\/\/collies-vom-floersbachtal.de\/cms\/wp-content\/uploads\/2025\/04\/Michl3-April25-768x1365.jpg 768w, https:\/\/collies-vom-floersbachtal.de\/cms\/wp-content\/uploads\/2025\/04\/Michl3-April25-864x1536.jpg 864w, https:\/\/collies-vom-floersbachtal.de\/cms\/wp-content\/uploads\/2025\/04\/Michl3-April25.jpg 900w\" sizes=\"auto, (max-width: 576px) 100vw, 576px\" \/><\/a><\/figure>\n\n\n\n<figure class=\"wp-block-image size-large\"><a href=\"https:\/\/collies-vom-floersbachtal.de\/cms\/wp-content\/uploads\/2025\/04\/Michl1-April25.jpg\"><img loading=\"lazy\" decoding=\"async\" width=\"768\" height=\"1024\" data-id=\"49760\" src=\"https:\/\/collies-vom-floersbachtal.de\/cms\/wp-content\/uploads\/2025\/04\/Michl1-April25-768x1024.jpg\" alt=\"\" class=\"wp-image-49760\" srcset=\"https:\/\/collies-vom-floersbachtal.de\/cms\/wp-content\/uploads\/2025\/04\/Michl1-April25-768x1024.jpg 768w, https:\/\/collies-vom-floersbachtal.de\/cms\/wp-content\/uploads\/2025\/04\/Michl1-April25-225x300.jpg 225w, https:\/\/collies-vom-floersbachtal.de\/cms\/wp-content\/uploads\/2025\/04\/Michl1-April25.jpg 1000w\" sizes=\"auto, (max-width: 768px) 100vw, 768px\" \/><\/a><\/figure>\n\n\n\n<figure class=\"wp-block-image size-large\"><a href=\"https:\/\/collies-vom-floersbachtal.de\/cms\/wp-content\/uploads\/2025\/04\/Michl2-April25.jpg\"><img loading=\"lazy\" decoding=\"async\" width=\"754\" height=\"1006\" data-id=\"49758\" src=\"https:\/\/collies-vom-floersbachtal.de\/cms\/wp-content\/uploads\/2025\/04\/Michl2-April25.jpg\" alt=\"\" class=\"wp-image-49758\" srcset=\"https:\/\/collies-vom-floersbachtal.de\/cms\/wp-content\/uploads\/2025\/04\/Michl2-April25.jpg 754w, https:\/\/collies-vom-floersbachtal.de\/cms\/wp-content\/uploads\/2025\/04\/Michl2-April25-225x300.jpg 225w\" sizes=\"auto, (max-width: 754px) 100vw, 754px\" \/><\/a><\/figure>\n<\/figure>\n\n\n\n<h1 class=\"wp-block-heading\"><strong>Oktober 2024 News als Michl seine Nichte Nika kennen lernen durfte \ud83d\ude00<\/strong><\/h1>\n\n\n\n<figure class=\"wp-block-image size-full\"><a href=\"https:\/\/collies-vom-floersbachtal.de\/cms\/wp-content\/uploads\/2024\/10\/Michl-und-Nika3-Okt.24.jpg\"><img loading=\"lazy\" decoding=\"async\" width=\"1000\" height=\"644\" src=\"https:\/\/collies-vom-floersbachtal.de\/cms\/wp-content\/uploads\/2024\/10\/Michl-und-Nika3-Okt.24.jpg\" alt=\"\" class=\"wp-image-48059\" srcset=\"https:\/\/collies-vom-floersbachtal.de\/cms\/wp-content\/uploads\/2024\/10\/Michl-und-Nika3-Okt.24.jpg 1000w, https:\/\/collies-vom-floersbachtal.de\/cms\/wp-content\/uploads\/2024\/10\/Michl-und-Nika3-Okt.24-300x193.jpg 300w, https:\/\/collies-vom-floersbachtal.de\/cms\/wp-content\/uploads\/2024\/10\/Michl-und-Nika3-Okt.24-768x495.jpg 768w\" sizes=\"auto, (max-width: 1000px) 100vw, 1000px\" \/><\/a><\/figure>\n\n\n\n<figure class=\"wp-block-image size-full\"><a href=\"https:\/\/collies-vom-floersbachtal.de\/cms\/wp-content\/uploads\/2024\/10\/Michl-und-Nika4-Okt.24.jpg\"><img loading=\"lazy\" decoding=\"async\" width=\"1000\" height=\"615\" src=\"https:\/\/collies-vom-floersbachtal.de\/cms\/wp-content\/uploads\/2024\/10\/Michl-und-Nika4-Okt.24.jpg\" alt=\"\" class=\"wp-image-48060\" srcset=\"https:\/\/collies-vom-floersbachtal.de\/cms\/wp-content\/uploads\/2024\/10\/Michl-und-Nika4-Okt.24.jpg 1000w, https:\/\/collies-vom-floersbachtal.de\/cms\/wp-content\/uploads\/2024\/10\/Michl-und-Nika4-Okt.24-300x185.jpg 300w, https:\/\/collies-vom-floersbachtal.de\/cms\/wp-content\/uploads\/2024\/10\/Michl-und-Nika4-Okt.24-768x472.jpg 768w\" sizes=\"auto, (max-width: 1000px) 100vw, 1000px\" \/><\/a><\/figure>\n\n\n\n<figure class=\"wp-block-gallery has-nested-images columns-default is-cropped wp-block-gallery-5 is-layout-flex wp-block-gallery-is-layout-flex\">\n<figure class=\"wp-block-image size-large\"><a href=\"https:\/\/collies-vom-floersbachtal.de\/cms\/wp-content\/uploads\/2024\/10\/Michl3-Okt.24.jpg\"><img loading=\"lazy\" decoding=\"async\" width=\"779\" height=\"630\" data-id=\"48054\" src=\"https:\/\/collies-vom-floersbachtal.de\/cms\/wp-content\/uploads\/2024\/10\/Michl3-Okt.24.jpg\" alt=\"\" class=\"wp-image-48054\" srcset=\"https:\/\/collies-vom-floersbachtal.de\/cms\/wp-content\/uploads\/2024\/10\/Michl3-Okt.24.jpg 779w, https:\/\/collies-vom-floersbachtal.de\/cms\/wp-content\/uploads\/2024\/10\/Michl3-Okt.24-300x243.jpg 300w, https:\/\/collies-vom-floersbachtal.de\/cms\/wp-content\/uploads\/2024\/10\/Michl3-Okt.24-768x621.jpg 768w\" sizes=\"auto, (max-width: 779px) 100vw, 779px\" \/><\/a><\/figure>\n\n\n\n<figure class=\"wp-block-image size-large\"><a href=\"https:\/\/collies-vom-floersbachtal.de\/cms\/wp-content\/uploads\/2024\/10\/Michl-und-Nika1-Okt.24.jpg\"><img loading=\"lazy\" decoding=\"async\" width=\"997\" height=\"616\" data-id=\"48056\" src=\"https:\/\/collies-vom-floersbachtal.de\/cms\/wp-content\/uploads\/2024\/10\/Michl-und-Nika1-Okt.24.jpg\" alt=\"\" class=\"wp-image-48056\" srcset=\"https:\/\/collies-vom-floersbachtal.de\/cms\/wp-content\/uploads\/2024\/10\/Michl-und-Nika1-Okt.24.jpg 997w, https:\/\/collies-vom-floersbachtal.de\/cms\/wp-content\/uploads\/2024\/10\/Michl-und-Nika1-Okt.24-300x185.jpg 300w, https:\/\/collies-vom-floersbachtal.de\/cms\/wp-content\/uploads\/2024\/10\/Michl-und-Nika1-Okt.24-768x475.jpg 768w\" sizes=\"auto, (max-width: 997px) 100vw, 997px\" \/><\/a><\/figure>\n\n\n\n<figure class=\"wp-block-image size-large\"><a href=\"https:\/\/collies-vom-floersbachtal.de\/cms\/wp-content\/uploads\/2024\/10\/Michl-und-Nika2-Okt.24.jpg\"><img loading=\"lazy\" decoding=\"async\" width=\"1024\" height=\"717\" data-id=\"48057\" src=\"https:\/\/collies-vom-floersbachtal.de\/cms\/wp-content\/uploads\/2024\/10\/Michl-und-Nika2-Okt.24-1024x717.jpg\" alt=\"\" class=\"wp-image-48057\" srcset=\"https:\/\/collies-vom-floersbachtal.de\/cms\/wp-content\/uploads\/2024\/10\/Michl-und-Nika2-Okt.24-1024x717.jpg 1024w, https:\/\/collies-vom-floersbachtal.de\/cms\/wp-content\/uploads\/2024\/10\/Michl-und-Nika2-Okt.24-300x210.jpg 300w, https:\/\/collies-vom-floersbachtal.de\/cms\/wp-content\/uploads\/2024\/10\/Michl-und-Nika2-Okt.24-768x538.jpg 768w, https:\/\/collies-vom-floersbachtal.de\/cms\/wp-content\/uploads\/2024\/10\/Michl-und-Nika2-Okt.24.jpg 1060w\" sizes=\"auto, (max-width: 1024px) 100vw, 1024px\" \/><\/a><\/figure>\n\n\n\n<figure class=\"wp-block-image size-large\"><a href=\"https:\/\/collies-vom-floersbachtal.de\/cms\/wp-content\/uploads\/2024\/10\/Michl2-Okt.24.jpg\"><img loading=\"lazy\" decoding=\"async\" width=\"1000\" height=\"637\" data-id=\"48055\" src=\"https:\/\/collies-vom-floersbachtal.de\/cms\/wp-content\/uploads\/2024\/10\/Michl2-Okt.24.jpg\" alt=\"\" class=\"wp-image-48055\" srcset=\"https:\/\/collies-vom-floersbachtal.de\/cms\/wp-content\/uploads\/2024\/10\/Michl2-Okt.24.jpg 1000w, https:\/\/collies-vom-floersbachtal.de\/cms\/wp-content\/uploads\/2024\/10\/Michl2-Okt.24-300x191.jpg 300w, https:\/\/collies-vom-floersbachtal.de\/cms\/wp-content\/uploads\/2024\/10\/Michl2-Okt.24-768x489.jpg 768w\" sizes=\"auto, (max-width: 1000px) 100vw, 1000px\" \/><\/a><\/figure>\n<\/figure>\n\n\n\n<h1 class=\"wp-block-heading\"><strong>Michl auf Besuch bei seinem Bruder Maddox mit Nichte Bonny im Februar 2024 \ud83d\ude00<\/strong><\/h1>\n\n\n\n<figure class=\"wp-block-image size-full is-style-rounded\"><a href=\"https:\/\/collies-vom-floersbachtal.de\/cms\/wp-content\/uploads\/2024\/02\/Maddox-und-Michl6-Feb.24-1.jpg\"><img loading=\"lazy\" decoding=\"async\" width=\"1000\" height=\"750\" src=\"https:\/\/collies-vom-floersbachtal.de\/cms\/wp-content\/uploads\/2024\/02\/Maddox-und-Michl6-Feb.24-1.jpg\" alt=\"\" class=\"wp-image-45042\" srcset=\"https:\/\/collies-vom-floersbachtal.de\/cms\/wp-content\/uploads\/2024\/02\/Maddox-und-Michl6-Feb.24-1.jpg 1000w, https:\/\/collies-vom-floersbachtal.de\/cms\/wp-content\/uploads\/2024\/02\/Maddox-und-Michl6-Feb.24-1-300x225.jpg 300w, https:\/\/collies-vom-floersbachtal.de\/cms\/wp-content\/uploads\/2024\/02\/Maddox-und-Michl6-Feb.24-1-768x576.jpg 768w\" sizes=\"auto, (max-width: 1000px) 100vw, 1000px\" \/><\/a><\/figure>\n\n\n\n<figure class=\"wp-block-gallery has-nested-images columns-default is-cropped wp-block-gallery-6 is-layout-flex wp-block-gallery-is-layout-flex\">\n<figure class=\"wp-block-image size-large\"><a href=\"https:\/\/collies-vom-floersbachtal.de\/cms\/wp-content\/uploads\/2024\/02\/Maddox-und-Michl2-Feb.24.jpg\"><img loading=\"lazy\" decoding=\"async\" width=\"768\" height=\"1024\" data-id=\"45041\" src=\"https:\/\/collies-vom-floersbachtal.de\/cms\/wp-content\/uploads\/2024\/02\/Maddox-und-Michl2-Feb.24-768x1024.jpg\" alt=\"\" class=\"wp-image-45041\" srcset=\"https:\/\/collies-vom-floersbachtal.de\/cms\/wp-content\/uploads\/2024\/02\/Maddox-und-Michl2-Feb.24-768x1024.jpg 768w, https:\/\/collies-vom-floersbachtal.de\/cms\/wp-content\/uploads\/2024\/02\/Maddox-und-Michl2-Feb.24-225x300.jpg 225w, https:\/\/collies-vom-floersbachtal.de\/cms\/wp-content\/uploads\/2024\/02\/Maddox-und-Michl2-Feb.24.jpg 1000w\" sizes=\"auto, (max-width: 768px) 100vw, 768px\" \/><\/a><\/figure>\n\n\n\n<figure class=\"wp-block-image size-large\"><a href=\"https:\/\/collies-vom-floersbachtal.de\/cms\/wp-content\/uploads\/2024\/02\/Maddox-und-Michl3-Feb.24-1.jpg\"><img loading=\"lazy\" decoding=\"async\" width=\"768\" height=\"1024\" data-id=\"45040\" src=\"https:\/\/collies-vom-floersbachtal.de\/cms\/wp-content\/uploads\/2024\/02\/Maddox-und-Michl3-Feb.24-1-768x1024.jpg\" alt=\"\" class=\"wp-image-45040\" srcset=\"https:\/\/collies-vom-floersbachtal.de\/cms\/wp-content\/uploads\/2024\/02\/Maddox-und-Michl3-Feb.24-1-768x1024.jpg 768w, https:\/\/collies-vom-floersbachtal.de\/cms\/wp-content\/uploads\/2024\/02\/Maddox-und-Michl3-Feb.24-1-225x300.jpg 225w, https:\/\/collies-vom-floersbachtal.de\/cms\/wp-content\/uploads\/2024\/02\/Maddox-und-Michl3-Feb.24-1.jpg 1000w\" sizes=\"auto, (max-width: 768px) 100vw, 768px\" \/><\/a><\/figure>\n\n\n\n<figure class=\"wp-block-image size-large\"><a href=\"https:\/\/collies-vom-floersbachtal.de\/cms\/wp-content\/uploads\/2024\/02\/Maddox-und-Michl4-Feb.24-1.jpg\"><img loading=\"lazy\" decoding=\"async\" width=\"754\" height=\"1024\" data-id=\"45038\" src=\"https:\/\/collies-vom-floersbachtal.de\/cms\/wp-content\/uploads\/2024\/02\/Maddox-und-Michl4-Feb.24-1-754x1024.jpg\" alt=\"\" class=\"wp-image-45038\" srcset=\"https:\/\/collies-vom-floersbachtal.de\/cms\/wp-content\/uploads\/2024\/02\/Maddox-und-Michl4-Feb.24-1-754x1024.jpg 754w, https:\/\/collies-vom-floersbachtal.de\/cms\/wp-content\/uploads\/2024\/02\/Maddox-und-Michl4-Feb.24-1-221x300.jpg 221w, https:\/\/collies-vom-floersbachtal.de\/cms\/wp-content\/uploads\/2024\/02\/Maddox-und-Michl4-Feb.24-1-768x1043.jpg 768w, https:\/\/collies-vom-floersbachtal.de\/cms\/wp-content\/uploads\/2024\/02\/Maddox-und-Michl4-Feb.24-1.jpg 1000w\" sizes=\"auto, (max-width: 754px) 100vw, 754px\" \/><\/a><\/figure>\n\n\n\n<figure class=\"wp-block-image size-large is-style-rounded\"><a href=\"https:\/\/collies-vom-floersbachtal.de\/cms\/wp-content\/uploads\/2024\/02\/Maddox-und-Michl5-Feb.24-1.jpg\"><img loading=\"lazy\" decoding=\"async\" width=\"1000\" height=\"825\" data-id=\"45039\" src=\"https:\/\/collies-vom-floersbachtal.de\/cms\/wp-content\/uploads\/2024\/02\/Maddox-und-Michl5-Feb.24-1.jpg\" alt=\"\" class=\"wp-image-45039\" srcset=\"https:\/\/collies-vom-floersbachtal.de\/cms\/wp-content\/uploads\/2024\/02\/Maddox-und-Michl5-Feb.24-1.jpg 1000w, https:\/\/collies-vom-floersbachtal.de\/cms\/wp-content\/uploads\/2024\/02\/Maddox-und-Michl5-Feb.24-1-300x248.jpg 300w, https:\/\/collies-vom-floersbachtal.de\/cms\/wp-content\/uploads\/2024\/02\/Maddox-und-Michl5-Feb.24-1-768x634.jpg 768w\" sizes=\"auto, (max-width: 1000px) 100vw, 1000px\" \/><\/a><\/figure>\n<\/figure>\n\n\n\n<h1 class=\"wp-block-heading\"><strong>News von Michl im Oktober 2023 \ud83d\ude42<\/strong><\/h1>\n\n\n\n<figure class=\"wp-block-image size-full is-style-rounded\"><a href=\"https:\/\/collies-vom-floersbachtal.de\/cms\/wp-content\/uploads\/2023\/10\/Michl-und-Kanisha1-Okt23.jpg\"><img loading=\"lazy\" decoding=\"async\" width=\"806\" height=\"1024\" src=\"https:\/\/collies-vom-floersbachtal.de\/cms\/wp-content\/uploads\/2023\/10\/Michl-und-Kanisha1-Okt23.jpg\" alt=\"\" class=\"wp-image-42458\" srcset=\"https:\/\/collies-vom-floersbachtal.de\/cms\/wp-content\/uploads\/2023\/10\/Michl-und-Kanisha1-Okt23.jpg 806w, https:\/\/collies-vom-floersbachtal.de\/cms\/wp-content\/uploads\/2023\/10\/Michl-und-Kanisha1-Okt23-236x300.jpg 236w, https:\/\/collies-vom-floersbachtal.de\/cms\/wp-content\/uploads\/2023\/10\/Michl-und-Kanisha1-Okt23-768x976.jpg 768w\" sizes=\"auto, (max-width: 806px) 100vw, 806px\" \/><\/a><figcaption class=\"wp-element-caption\"><strong>Idefix-Michl und Kanisha haben sich getroffen \ud83d\ude1b<\/strong><\/figcaption><\/figure>\n\n\n\n<h1 class=\"wp-block-heading\"><strong>Urlaubsgr\u00fc\u00dfe von Michl im Mai 2023 als er auf der R\u00fcckreise bei seinem Br\u00fcderchen Maddox vorbei kam<\/strong> <strong>\ud83d\ude42<\/strong><\/h1>\n\n\n\n<figure class=\"wp-block-gallery has-nested-images columns-default is-cropped wp-block-gallery-7 is-layout-flex wp-block-gallery-is-layout-flex\">\n<figure class=\"wp-block-image size-large\"><a href=\"https:\/\/collies-vom-floersbachtal.de\/cms\/wp-content\/uploads\/2023\/06\/Maddox-und-Michl8-Juni23.jpg\"><img loading=\"lazy\" decoding=\"async\" width=\"1000\" height=\"750\" data-id=\"39971\" src=\"https:\/\/collies-vom-floersbachtal.de\/cms\/wp-content\/uploads\/2023\/06\/Maddox-und-Michl8-Juni23.jpg\" alt=\"\" class=\"wp-image-39971\" srcset=\"https:\/\/collies-vom-floersbachtal.de\/cms\/wp-content\/uploads\/2023\/06\/Maddox-und-Michl8-Juni23.jpg 1000w, https:\/\/collies-vom-floersbachtal.de\/cms\/wp-content\/uploads\/2023\/06\/Maddox-und-Michl8-Juni23-300x225.jpg 300w, https:\/\/collies-vom-floersbachtal.de\/cms\/wp-content\/uploads\/2023\/06\/Maddox-und-Michl8-Juni23-768x576.jpg 768w\" sizes=\"auto, (max-width: 1000px) 100vw, 1000px\" \/><\/a><\/figure>\n\n\n\n<figure class=\"wp-block-image size-large\"><a href=\"https:\/\/collies-vom-floersbachtal.de\/cms\/wp-content\/uploads\/2023\/06\/Maddox-und-Michl1-Juni23.jpg\"><img loading=\"lazy\" decoding=\"async\" width=\"1000\" height=\"806\" data-id=\"39968\" src=\"https:\/\/collies-vom-floersbachtal.de\/cms\/wp-content\/uploads\/2023\/06\/Maddox-und-Michl1-Juni23.jpg\" alt=\"\" class=\"wp-image-39968\" srcset=\"https:\/\/collies-vom-floersbachtal.de\/cms\/wp-content\/uploads\/2023\/06\/Maddox-und-Michl1-Juni23.jpg 1000w, https:\/\/collies-vom-floersbachtal.de\/cms\/wp-content\/uploads\/2023\/06\/Maddox-und-Michl1-Juni23-300x242.jpg 300w, https:\/\/collies-vom-floersbachtal.de\/cms\/wp-content\/uploads\/2023\/06\/Maddox-und-Michl1-Juni23-768x619.jpg 768w\" sizes=\"auto, (max-width: 1000px) 100vw, 1000px\" \/><\/a><\/figure>\n\n\n\n<figure class=\"wp-block-image size-large\"><a href=\"https:\/\/collies-vom-floersbachtal.de\/cms\/wp-content\/uploads\/2023\/06\/Maddox-und-Michl2-Juni23.jpg\"><img loading=\"lazy\" decoding=\"async\" width=\"768\" height=\"1024\" data-id=\"39970\" src=\"https:\/\/collies-vom-floersbachtal.de\/cms\/wp-content\/uploads\/2023\/06\/Maddox-und-Michl2-Juni23-768x1024.jpg\" alt=\"\" class=\"wp-image-39970\" srcset=\"https:\/\/collies-vom-floersbachtal.de\/cms\/wp-content\/uploads\/2023\/06\/Maddox-und-Michl2-Juni23-768x1024.jpg 768w, https:\/\/collies-vom-floersbachtal.de\/cms\/wp-content\/uploads\/2023\/06\/Maddox-und-Michl2-Juni23-225x300.jpg 225w, https:\/\/collies-vom-floersbachtal.de\/cms\/wp-content\/uploads\/2023\/06\/Maddox-und-Michl2-Juni23.jpg 1000w\" sizes=\"auto, (max-width: 768px) 100vw, 768px\" \/><\/a><\/figure>\n\n\n\n<figure class=\"wp-block-image size-large\"><a href=\"https:\/\/collies-vom-floersbachtal.de\/cms\/wp-content\/uploads\/2023\/06\/Maddox-und-Michl4-Juni23.jpg\"><img loading=\"lazy\" decoding=\"async\" width=\"1000\" height=\"750\" data-id=\"39969\" src=\"https:\/\/collies-vom-floersbachtal.de\/cms\/wp-content\/uploads\/2023\/06\/Maddox-und-Michl4-Juni23.jpg\" alt=\"\" class=\"wp-image-39969\" srcset=\"https:\/\/collies-vom-floersbachtal.de\/cms\/wp-content\/uploads\/2023\/06\/Maddox-und-Michl4-Juni23.jpg 1000w, https:\/\/collies-vom-floersbachtal.de\/cms\/wp-content\/uploads\/2023\/06\/Maddox-und-Michl4-Juni23-300x225.jpg 300w, https:\/\/collies-vom-floersbachtal.de\/cms\/wp-content\/uploads\/2023\/06\/Maddox-und-Michl4-Juni23-768x576.jpg 768w\" sizes=\"auto, (max-width: 1000px) 100vw, 1000px\" \/><\/a><\/figure>\n\n\n\n<figure class=\"wp-block-image size-large\"><a href=\"https:\/\/collies-vom-floersbachtal.de\/cms\/wp-content\/uploads\/2023\/06\/Maddox-und-Michl6-Juni23.jpg\"><img loading=\"lazy\" decoding=\"async\" width=\"1000\" height=\"750\" data-id=\"39967\" src=\"https:\/\/collies-vom-floersbachtal.de\/cms\/wp-content\/uploads\/2023\/06\/Maddox-und-Michl6-Juni23.jpg\" alt=\"\" class=\"wp-image-39967\" srcset=\"https:\/\/collies-vom-floersbachtal.de\/cms\/wp-content\/uploads\/2023\/06\/Maddox-und-Michl6-Juni23.jpg 1000w, https:\/\/collies-vom-floersbachtal.de\/cms\/wp-content\/uploads\/2023\/06\/Maddox-und-Michl6-Juni23-300x225.jpg 300w, https:\/\/collies-vom-floersbachtal.de\/cms\/wp-content\/uploads\/2023\/06\/Maddox-und-Michl6-Juni23-768x576.jpg 768w\" sizes=\"auto, (max-width: 1000px) 100vw, 1000px\" \/><\/a><\/figure>\n<\/figure>\n\n\n\n<h1 class=\"wp-block-heading\"><strong>News von Michl im Oktober 2022 \ud83d\ude1b<\/strong><\/h1>\n\n\n\n<figure class=\"wp-block-image size-large\"><a href=\"https:\/\/collies-vom-floersbachtal.de\/cms\/wp-content\/uploads\/2022\/10\/Michl1.jpg\"><img loading=\"lazy\" decoding=\"async\" width=\"768\" height=\"1024\" src=\"https:\/\/collies-vom-floersbachtal.de\/cms\/wp-content\/uploads\/2022\/10\/Michl1-768x1024.jpg\" alt=\"\" class=\"wp-image-37500\" srcset=\"https:\/\/collies-vom-floersbachtal.de\/cms\/wp-content\/uploads\/2022\/10\/Michl1-768x1024.jpg 768w, https:\/\/collies-vom-floersbachtal.de\/cms\/wp-content\/uploads\/2022\/10\/Michl1-225x300.jpg 225w, https:\/\/collies-vom-floersbachtal.de\/cms\/wp-content\/uploads\/2022\/10\/Michl1.jpg 1000w\" sizes=\"auto, (max-width: 768px) 100vw, 768px\" \/><\/a><figcaption class=\"wp-element-caption\"><strong>Michl hat sich leider an einer Glasscherbe verletzt als er im Wald am Rennen war. Heilt nat\u00fcrlich nur schwer, da er ja immer Belastung auf den F\u00fcssen hat, gute Besserung kleiner Schatzemann \ud83d\ude00 \ud83d\ude42<\/strong><\/figcaption><\/figure>\n\n\n\n<h1 class=\"wp-block-heading\"><strong>News von Michl aus dem Frankreich Urlaub August 2022 \ud83d\ude42<\/strong><\/h1>\n\n\n\n<figure class=\"wp-block-image size-large\"><a href=\"https:\/\/collies-vom-floersbachtal.de\/cms\/wp-content\/uploads\/2022\/10\/Michl1-Juni22.jpg\"><img loading=\"lazy\" decoding=\"async\" width=\"1024\" height=\"768\" src=\"https:\/\/collies-vom-floersbachtal.de\/cms\/wp-content\/uploads\/2022\/10\/Michl1-Juni22-1024x768.jpg\" alt=\"\" class=\"wp-image-37499\" srcset=\"https:\/\/collies-vom-floersbachtal.de\/cms\/wp-content\/uploads\/2022\/10\/Michl1-Juni22-1024x768.jpg 1024w, https:\/\/collies-vom-floersbachtal.de\/cms\/wp-content\/uploads\/2022\/10\/Michl1-Juni22-300x225.jpg 300w, https:\/\/collies-vom-floersbachtal.de\/cms\/wp-content\/uploads\/2022\/10\/Michl1-Juni22-768x576.jpg 768w, https:\/\/collies-vom-floersbachtal.de\/cms\/wp-content\/uploads\/2022\/10\/Michl1-Juni22-1536x1152.jpg 1536w, https:\/\/collies-vom-floersbachtal.de\/cms\/wp-content\/uploads\/2022\/10\/Michl1-Juni22.jpg 1600w\" sizes=\"auto, (max-width: 1024px) 100vw, 1024px\" \/><\/a><\/figure>\n\n\n\n<figure class=\"wp-block-gallery has-nested-images columns-default is-cropped wp-block-gallery-8 is-layout-flex wp-block-gallery-is-layout-flex\">\n<figure class=\"wp-block-image size-large\"><a href=\"https:\/\/collies-vom-floersbachtal.de\/cms\/wp-content\/uploads\/2022\/09\/Michl2-Urlaub-Frankreich-August22.jpg\"><img loading=\"lazy\" decoding=\"async\" width=\"844\" height=\"1024\" data-id=\"36668\" src=\"https:\/\/collies-vom-floersbachtal.de\/cms\/wp-content\/uploads\/2022\/09\/Michl2-Urlaub-Frankreich-August22-844x1024.jpg\" alt=\"\" class=\"wp-image-36668\" srcset=\"https:\/\/collies-vom-floersbachtal.de\/cms\/wp-content\/uploads\/2022\/09\/Michl2-Urlaub-Frankreich-August22-844x1024.jpg 844w, https:\/\/collies-vom-floersbachtal.de\/cms\/wp-content\/uploads\/2022\/09\/Michl2-Urlaub-Frankreich-August22-247x300.jpg 247w, https:\/\/collies-vom-floersbachtal.de\/cms\/wp-content\/uploads\/2022\/09\/Michl2-Urlaub-Frankreich-August22-768x932.jpg 768w, https:\/\/collies-vom-floersbachtal.de\/cms\/wp-content\/uploads\/2022\/09\/Michl2-Urlaub-Frankreich-August22-1266x1536.jpg 1266w, https:\/\/collies-vom-floersbachtal.de\/cms\/wp-content\/uploads\/2022\/09\/Michl2-Urlaub-Frankreich-August22.jpg 1688w\" sizes=\"auto, (max-width: 844px) 100vw, 844px\" \/><\/a><\/figure>\n\n\n\n<figure class=\"wp-block-image size-large\"><a href=\"https:\/\/collies-vom-floersbachtal.de\/cms\/wp-content\/uploads\/2022\/09\/Michl1-Urlaub-Frankreich-August22.jpg\"><img loading=\"lazy\" decoding=\"async\" width=\"768\" height=\"1024\" data-id=\"36667\" src=\"https:\/\/collies-vom-floersbachtal.de\/cms\/wp-content\/uploads\/2022\/09\/Michl1-Urlaub-Frankreich-August22.jpg\" alt=\"\" class=\"wp-image-36667\" srcset=\"https:\/\/collies-vom-floersbachtal.de\/cms\/wp-content\/uploads\/2022\/09\/Michl1-Urlaub-Frankreich-August22.jpg 768w, https:\/\/collies-vom-floersbachtal.de\/cms\/wp-content\/uploads\/2022\/09\/Michl1-Urlaub-Frankreich-August22-225x300.jpg 225w\" sizes=\"auto, (max-width: 768px) 100vw, 768px\" \/><\/a><\/figure>\n<\/figure>\n\n\n\n<h1 class=\"wp-block-heading\"><strong>News von Michl im Mai 2022 \ud83d\ude42<\/strong><\/h1>\n\n\n\n<figure class=\"wp-block-gallery has-nested-images columns-default is-cropped wp-block-gallery-9 is-layout-flex wp-block-gallery-is-layout-flex\">\n<figure class=\"wp-block-image size-large\"><a href=\"https:\/\/collies-vom-floersbachtal.de\/cms\/wp-content\/uploads\/2022\/05\/Michl2-Mai22.jpg\"><img loading=\"lazy\" decoding=\"async\" width=\"960\" height=\"960\" data-id=\"35339\" src=\"https:\/\/collies-vom-floersbachtal.de\/cms\/wp-content\/uploads\/2022\/05\/Michl2-Mai22.jpg\" alt=\"\" class=\"wp-image-35339\" srcset=\"https:\/\/collies-vom-floersbachtal.de\/cms\/wp-content\/uploads\/2022\/05\/Michl2-Mai22.jpg 960w, https:\/\/collies-vom-floersbachtal.de\/cms\/wp-content\/uploads\/2022\/05\/Michl2-Mai22-300x300.jpg 300w, https:\/\/collies-vom-floersbachtal.de\/cms\/wp-content\/uploads\/2022\/05\/Michl2-Mai22-150x150.jpg 150w, https:\/\/collies-vom-floersbachtal.de\/cms\/wp-content\/uploads\/2022\/05\/Michl2-Mai22-768x768.jpg 768w\" sizes=\"auto, (max-width: 960px) 100vw, 960px\" \/><\/a><\/figure>\n\n\n\n<figure class=\"wp-block-image size-large\"><a href=\"https:\/\/collies-vom-floersbachtal.de\/cms\/wp-content\/uploads\/2022\/05\/Michl1-Mai22.jpg\"><img loading=\"lazy\" decoding=\"async\" width=\"960\" height=\"960\" data-id=\"35338\" src=\"https:\/\/collies-vom-floersbachtal.de\/cms\/wp-content\/uploads\/2022\/05\/Michl1-Mai22.jpg\" alt=\"\" class=\"wp-image-35338\" srcset=\"https:\/\/collies-vom-floersbachtal.de\/cms\/wp-content\/uploads\/2022\/05\/Michl1-Mai22.jpg 960w, https:\/\/collies-vom-floersbachtal.de\/cms\/wp-content\/uploads\/2022\/05\/Michl1-Mai22-300x300.jpg 300w, https:\/\/collies-vom-floersbachtal.de\/cms\/wp-content\/uploads\/2022\/05\/Michl1-Mai22-150x150.jpg 150w, https:\/\/collies-vom-floersbachtal.de\/cms\/wp-content\/uploads\/2022\/05\/Michl1-Mai22-768x768.jpg 768w\" sizes=\"auto, (max-width: 960px) 100vw, 960px\" \/><\/a><\/figure>\n<figcaption class=\"blocks-gallery-caption wp-element-caption\"><strong>Er ist seiner Schwester Janaki ziemlich \u00e4hnlich was die Gewohnheiten angeht \ud83d\ude09<\/strong><\/figcaption><\/figure>\n\n\n\n<p><strong>Michl hat<\/strong> <strong>seinen Bruder Maddox mit Halbbruder Hancock besucht April 2022 \ud83d\ude42<\/strong><\/p>\n\n\n\n<figure class=\"wp-block-gallery has-nested-images columns-default is-cropped wp-block-gallery-10 is-layout-flex wp-block-gallery-is-layout-flex\">\n<figure class=\"wp-block-image size-large\"><a href=\"https:\/\/collies-vom-floersbachtal.de\/cms\/wp-content\/uploads\/2022\/05\/Michl4-April22.jpg\"><img loading=\"lazy\" decoding=\"async\" width=\"1000\" height=\"667\" data-id=\"35095\" src=\"https:\/\/collies-vom-floersbachtal.de\/cms\/wp-content\/uploads\/2022\/05\/Michl4-April22.jpg\" alt=\"\" class=\"wp-image-35095\" srcset=\"https:\/\/collies-vom-floersbachtal.de\/cms\/wp-content\/uploads\/2022\/05\/Michl4-April22.jpg 1000w, https:\/\/collies-vom-floersbachtal.de\/cms\/wp-content\/uploads\/2022\/05\/Michl4-April22-300x200.jpg 300w, https:\/\/collies-vom-floersbachtal.de\/cms\/wp-content\/uploads\/2022\/05\/Michl4-April22-768x512.jpg 768w\" sizes=\"auto, (max-width: 1000px) 100vw, 1000px\" \/><\/a><\/figure>\n\n\n\n<figure class=\"wp-block-image size-large\"><a href=\"https:\/\/collies-vom-floersbachtal.de\/cms\/wp-content\/uploads\/2022\/05\/Michl-und-Maddox1-April22.jpg\"><img loading=\"lazy\" decoding=\"async\" width=\"1000\" height=\"724\" data-id=\"35094\" src=\"https:\/\/collies-vom-floersbachtal.de\/cms\/wp-content\/uploads\/2022\/05\/Michl-und-Maddox1-April22.jpg\" alt=\"\" class=\"wp-image-35094\" srcset=\"https:\/\/collies-vom-floersbachtal.de\/cms\/wp-content\/uploads\/2022\/05\/Michl-und-Maddox1-April22.jpg 1000w, https:\/\/collies-vom-floersbachtal.de\/cms\/wp-content\/uploads\/2022\/05\/Michl-und-Maddox1-April22-300x217.jpg 300w, https:\/\/collies-vom-floersbachtal.de\/cms\/wp-content\/uploads\/2022\/05\/Michl-und-Maddox1-April22-768x556.jpg 768w\" sizes=\"auto, (max-width: 1000px) 100vw, 1000px\" \/><\/a><\/figure>\n\n\n\n<figure class=\"wp-block-image size-large\"><a href=\"https:\/\/collies-vom-floersbachtal.de\/cms\/wp-content\/uploads\/2022\/05\/Michl-Hank-und-Maddox1-April22.jpg\"><img loading=\"lazy\" decoding=\"async\" width=\"1000\" height=\"667\" data-id=\"35097\" src=\"https:\/\/collies-vom-floersbachtal.de\/cms\/wp-content\/uploads\/2022\/05\/Michl-Hank-und-Maddox1-April22.jpg\" alt=\"\" class=\"wp-image-35097\" srcset=\"https:\/\/collies-vom-floersbachtal.de\/cms\/wp-content\/uploads\/2022\/05\/Michl-Hank-und-Maddox1-April22.jpg 1000w, https:\/\/collies-vom-floersbachtal.de\/cms\/wp-content\/uploads\/2022\/05\/Michl-Hank-und-Maddox1-April22-300x200.jpg 300w, https:\/\/collies-vom-floersbachtal.de\/cms\/wp-content\/uploads\/2022\/05\/Michl-Hank-und-Maddox1-April22-768x512.jpg 768w\" sizes=\"auto, (max-width: 1000px) 100vw, 1000px\" \/><\/a><\/figure>\n\n\n\n<figure class=\"wp-block-image size-large\"><a href=\"https:\/\/collies-vom-floersbachtal.de\/cms\/wp-content\/uploads\/2022\/05\/Michl1-April22.jpg\"><img loading=\"lazy\" decoding=\"async\" width=\"1000\" height=\"792\" data-id=\"35098\" src=\"https:\/\/collies-vom-floersbachtal.de\/cms\/wp-content\/uploads\/2022\/05\/Michl1-April22.jpg\" alt=\"\" class=\"wp-image-35098\" srcset=\"https:\/\/collies-vom-floersbachtal.de\/cms\/wp-content\/uploads\/2022\/05\/Michl1-April22.jpg 1000w, https:\/\/collies-vom-floersbachtal.de\/cms\/wp-content\/uploads\/2022\/05\/Michl1-April22-300x238.jpg 300w, https:\/\/collies-vom-floersbachtal.de\/cms\/wp-content\/uploads\/2022\/05\/Michl1-April22-768x608.jpg 768w\" sizes=\"auto, (max-width: 1000px) 100vw, 1000px\" \/><\/a><\/figure>\n\n\n\n<figure class=\"wp-block-image size-large\"><a href=\"https:\/\/collies-vom-floersbachtal.de\/cms\/wp-content\/uploads\/2022\/05\/Michl2-April22.jpg\"><img loading=\"lazy\" decoding=\"async\" width=\"1000\" height=\"667\" data-id=\"35096\" src=\"https:\/\/collies-vom-floersbachtal.de\/cms\/wp-content\/uploads\/2022\/05\/Michl2-April22.jpg\" alt=\"\" class=\"wp-image-35096\" srcset=\"https:\/\/collies-vom-floersbachtal.de\/cms\/wp-content\/uploads\/2022\/05\/Michl2-April22.jpg 1000w, https:\/\/collies-vom-floersbachtal.de\/cms\/wp-content\/uploads\/2022\/05\/Michl2-April22-300x200.jpg 300w, https:\/\/collies-vom-floersbachtal.de\/cms\/wp-content\/uploads\/2022\/05\/Michl2-April22-768x512.jpg 768w\" sizes=\"auto, (max-width: 1000px) 100vw, 1000px\" \/><\/a><\/figure>\n\n\n\n<figure class=\"wp-block-image size-large\"><a href=\"https:\/\/collies-vom-floersbachtal.de\/cms\/wp-content\/uploads\/2022\/05\/Michl3-April22.jpg\"><img loading=\"lazy\" decoding=\"async\" width=\"1000\" height=\"667\" data-id=\"35093\" src=\"https:\/\/collies-vom-floersbachtal.de\/cms\/wp-content\/uploads\/2022\/05\/Michl3-April22.jpg\" alt=\"\" class=\"wp-image-35093\" srcset=\"https:\/\/collies-vom-floersbachtal.de\/cms\/wp-content\/uploads\/2022\/05\/Michl3-April22.jpg 1000w, https:\/\/collies-vom-floersbachtal.de\/cms\/wp-content\/uploads\/2022\/05\/Michl3-April22-300x200.jpg 300w, https:\/\/collies-vom-floersbachtal.de\/cms\/wp-content\/uploads\/2022\/05\/Michl3-April22-768x512.jpg 768w\" sizes=\"auto, (max-width: 1000px) 100vw, 1000px\" \/><\/a><\/figure>\n<figcaption class=\"blocks-gallery-caption wp-element-caption\"><strong>Ganz die Mama \ud83d\ude1b<\/strong><\/figcaption><\/figure>\n\n\n\n<h1 class=\"wp-block-heading\"><strong>Urlaubsbilder von Michl und seinem Halbbruder Hanky im Dezember 2021<\/strong> <strong>\ud83d\ude00<\/strong><\/h1>\n\n\n\n<figure class=\"wp-block-gallery has-nested-images columns-default is-cropped wp-block-gallery-11 is-layout-flex wp-block-gallery-is-layout-flex\">\n<figure class=\"wp-block-image size-large\"><a href=\"https:\/\/collies-vom-floersbachtal.de\/cms\/wp-content\/uploads\/2022\/11\/Michl-und-Hanky45Dez.22.jpg\"><img loading=\"lazy\" decoding=\"async\" width=\"659\" height=\"1024\" data-id=\"37975\" src=\"https:\/\/collies-vom-floersbachtal.de\/cms\/wp-content\/uploads\/2022\/11\/Michl-und-Hanky45Dez.22-659x1024.jpg\" alt=\"\" class=\"wp-image-37975\" srcset=\"https:\/\/collies-vom-floersbachtal.de\/cms\/wp-content\/uploads\/2022\/11\/Michl-und-Hanky45Dez.22-659x1024.jpg 659w, https:\/\/collies-vom-floersbachtal.de\/cms\/wp-content\/uploads\/2022\/11\/Michl-und-Hanky45Dez.22-193x300.jpg 193w, https:\/\/collies-vom-floersbachtal.de\/cms\/wp-content\/uploads\/2022\/11\/Michl-und-Hanky45Dez.22-768x1193.jpg 768w, https:\/\/collies-vom-floersbachtal.de\/cms\/wp-content\/uploads\/2022\/11\/Michl-und-Hanky45Dez.22-988x1536.jpg 988w, https:\/\/collies-vom-floersbachtal.de\/cms\/wp-content\/uploads\/2022\/11\/Michl-und-Hanky45Dez.22.jpg 1000w\" sizes=\"auto, (max-width: 659px) 100vw, 659px\" \/><\/a><\/figure>\n\n\n\n<figure class=\"wp-block-image size-large\"><a href=\"https:\/\/collies-vom-floersbachtal.de\/cms\/wp-content\/uploads\/2022\/11\/Michl-und-Hanky1-Dez.22.jpg\"><img loading=\"lazy\" decoding=\"async\" width=\"1000\" height=\"838\" data-id=\"37974\" src=\"https:\/\/collies-vom-floersbachtal.de\/cms\/wp-content\/uploads\/2022\/11\/Michl-und-Hanky1-Dez.22.jpg\" alt=\"\" class=\"wp-image-37974\" srcset=\"https:\/\/collies-vom-floersbachtal.de\/cms\/wp-content\/uploads\/2022\/11\/Michl-und-Hanky1-Dez.22.jpg 1000w, https:\/\/collies-vom-floersbachtal.de\/cms\/wp-content\/uploads\/2022\/11\/Michl-und-Hanky1-Dez.22-300x251.jpg 300w, https:\/\/collies-vom-floersbachtal.de\/cms\/wp-content\/uploads\/2022\/11\/Michl-und-Hanky1-Dez.22-768x644.jpg 768w\" sizes=\"auto, (max-width: 1000px) 100vw, 1000px\" \/><\/a><\/figure>\n\n\n\n<figure class=\"wp-block-image size-large\"><a href=\"https:\/\/collies-vom-floersbachtal.de\/cms\/wp-content\/uploads\/2022\/11\/Michl-und-Hanky2-Dez.22.jpg\"><img loading=\"lazy\" decoding=\"async\" width=\"879\" height=\"1024\" data-id=\"37979\" src=\"https:\/\/collies-vom-floersbachtal.de\/cms\/wp-content\/uploads\/2022\/11\/Michl-und-Hanky2-Dez.22-879x1024.jpg\" alt=\"\" class=\"wp-image-37979\" srcset=\"https:\/\/collies-vom-floersbachtal.de\/cms\/wp-content\/uploads\/2022\/11\/Michl-und-Hanky2-Dez.22-879x1024.jpg 879w, https:\/\/collies-vom-floersbachtal.de\/cms\/wp-content\/uploads\/2022\/11\/Michl-und-Hanky2-Dez.22-258x300.jpg 258w, https:\/\/collies-vom-floersbachtal.de\/cms\/wp-content\/uploads\/2022\/11\/Michl-und-Hanky2-Dez.22-768x895.jpg 768w, https:\/\/collies-vom-floersbachtal.de\/cms\/wp-content\/uploads\/2022\/11\/Michl-und-Hanky2-Dez.22.jpg 1000w\" sizes=\"auto, (max-width: 879px) 100vw, 879px\" \/><\/a><\/figure>\n\n\n\n<figure class=\"wp-block-image size-large\"><a href=\"https:\/\/collies-vom-floersbachtal.de\/cms\/wp-content\/uploads\/2022\/11\/Michl-und-Hanky3-Dez.22.jpg\"><img loading=\"lazy\" decoding=\"async\" width=\"1000\" height=\"917\" data-id=\"37977\" src=\"https:\/\/collies-vom-floersbachtal.de\/cms\/wp-content\/uploads\/2022\/11\/Michl-und-Hanky3-Dez.22.jpg\" alt=\"\" class=\"wp-image-37977\" srcset=\"https:\/\/collies-vom-floersbachtal.de\/cms\/wp-content\/uploads\/2022\/11\/Michl-und-Hanky3-Dez.22.jpg 1000w, https:\/\/collies-vom-floersbachtal.de\/cms\/wp-content\/uploads\/2022\/11\/Michl-und-Hanky3-Dez.22-300x275.jpg 300w, https:\/\/collies-vom-floersbachtal.de\/cms\/wp-content\/uploads\/2022\/11\/Michl-und-Hanky3-Dez.22-768x704.jpg 768w\" sizes=\"auto, (max-width: 1000px) 100vw, 1000px\" \/><\/a><\/figure>\n\n\n\n<figure class=\"wp-block-image size-large\"><a href=\"https:\/\/collies-vom-floersbachtal.de\/cms\/wp-content\/uploads\/2022\/11\/Michl-und-Hanky4-Dez.22.jpg\"><img loading=\"lazy\" decoding=\"async\" width=\"1000\" height=\"905\" data-id=\"37976\" src=\"https:\/\/collies-vom-floersbachtal.de\/cms\/wp-content\/uploads\/2022\/11\/Michl-und-Hanky4-Dez.22.jpg\" alt=\"\" class=\"wp-image-37976\" srcset=\"https:\/\/collies-vom-floersbachtal.de\/cms\/wp-content\/uploads\/2022\/11\/Michl-und-Hanky4-Dez.22.jpg 1000w, https:\/\/collies-vom-floersbachtal.de\/cms\/wp-content\/uploads\/2022\/11\/Michl-und-Hanky4-Dez.22-300x272.jpg 300w, https:\/\/collies-vom-floersbachtal.de\/cms\/wp-content\/uploads\/2022\/11\/Michl-und-Hanky4-Dez.22-768x695.jpg 768w\" sizes=\"auto, (max-width: 1000px) 100vw, 1000px\" \/><\/a><\/figure>\n\n\n\n<figure class=\"wp-block-image size-large\"><a href=\"https:\/\/collies-vom-floersbachtal.de\/cms\/wp-content\/uploads\/2022\/11\/Michl-und-Hanky6-Dez.22.jpg\"><img loading=\"lazy\" decoding=\"async\" width=\"957\" height=\"1024\" data-id=\"37978\" src=\"https:\/\/collies-vom-floersbachtal.de\/cms\/wp-content\/uploads\/2022\/11\/Michl-und-Hanky6-Dez.22-957x1024.jpg\" alt=\"\" class=\"wp-image-37978\" srcset=\"https:\/\/collies-vom-floersbachtal.de\/cms\/wp-content\/uploads\/2022\/11\/Michl-und-Hanky6-Dez.22-957x1024.jpg 957w, https:\/\/collies-vom-floersbachtal.de\/cms\/wp-content\/uploads\/2022\/11\/Michl-und-Hanky6-Dez.22-280x300.jpg 280w, https:\/\/collies-vom-floersbachtal.de\/cms\/wp-content\/uploads\/2022\/11\/Michl-und-Hanky6-Dez.22-768x822.jpg 768w, https:\/\/collies-vom-floersbachtal.de\/cms\/wp-content\/uploads\/2022\/11\/Michl-und-Hanky6-Dez.22.jpg 1000w\" sizes=\"auto, (max-width: 957px) 100vw, 957px\" \/><\/a><\/figure>\n<\/figure>\n\n\n\n<h1 class=\"wp-block-heading\"><strong>Neuigkeiten von Michl und Halbbruder Hanky im September 2021 \ud83d\ude00<\/strong><\/h1>\n\n\n\n<figure class=\"wp-block-gallery has-nested-images columns-default is-cropped wp-block-gallery-12 is-layout-flex wp-block-gallery-is-layout-flex\">\n<figure class=\"wp-block-image size-large\"><a href=\"https:\/\/collies-vom-floersbachtal.de\/cms\/wp-content\/uploads\/2021\/09\/Michl1-Sep.21.jpg\"><img loading=\"lazy\" decoding=\"async\" width=\"624\" height=\"658\" data-id=\"33735\" src=\"http:\/\/collies-vom-floersbachtal.de\/cms\/wp-content\/uploads\/2021\/09\/Michl1-Sep.21.jpg\" alt=\"\" class=\"wp-image-33735\" srcset=\"https:\/\/collies-vom-floersbachtal.de\/cms\/wp-content\/uploads\/2021\/09\/Michl1-Sep.21.jpg 624w, https:\/\/collies-vom-floersbachtal.de\/cms\/wp-content\/uploads\/2021\/09\/Michl1-Sep.21-284x300.jpg 284w\" sizes=\"auto, (max-width: 624px) 100vw, 624px\" \/><\/a><\/figure>\n\n\n\n<figure class=\"wp-block-image size-large\"><a href=\"https:\/\/collies-vom-floersbachtal.de\/cms\/wp-content\/uploads\/2021\/09\/Hank-und-Michl1-Sep.21.jpg\"><img loading=\"lazy\" decoding=\"async\" width=\"601\" height=\"579\" data-id=\"33736\" src=\"http:\/\/collies-vom-floersbachtal.de\/cms\/wp-content\/uploads\/2021\/09\/Hank-und-Michl1-Sep.21.jpg\" alt=\"\" class=\"wp-image-33736\" srcset=\"https:\/\/collies-vom-floersbachtal.de\/cms\/wp-content\/uploads\/2021\/09\/Hank-und-Michl1-Sep.21.jpg 601w, https:\/\/collies-vom-floersbachtal.de\/cms\/wp-content\/uploads\/2021\/09\/Hank-und-Michl1-Sep.21-300x289.jpg 300w\" sizes=\"auto, (max-width: 601px) 100vw, 601px\" \/><\/a><\/figure>\n\n\n\n<figure class=\"wp-block-image size-large\"><a href=\"https:\/\/collies-vom-floersbachtal.de\/cms\/wp-content\/uploads\/2021\/09\/Hank-und-Michl2-Sep.21.jpg\"><img loading=\"lazy\" decoding=\"async\" width=\"741\" height=\"1024\" data-id=\"33737\" src=\"http:\/\/collies-vom-floersbachtal.de\/cms\/wp-content\/uploads\/2021\/09\/Hank-und-Michl2-Sep.21.jpg\" alt=\"\" class=\"wp-image-33737\" srcset=\"https:\/\/collies-vom-floersbachtal.de\/cms\/wp-content\/uploads\/2021\/09\/Hank-und-Michl2-Sep.21.jpg 741w, https:\/\/collies-vom-floersbachtal.de\/cms\/wp-content\/uploads\/2021\/09\/Hank-und-Michl2-Sep.21-217x300.jpg 217w\" sizes=\"auto, (max-width: 741px) 100vw, 741px\" \/><\/a><\/figure>\n<\/figure>\n\n\n\n<h2 class=\"wp-block-heading\"><strong>Die letzten August Fotos von Michl mit seiner Freundin Paula  und den Geschwistern Maddox und Hancock \ud83d\ude42 \ud83d\ude41<\/strong><\/h2>\n\n\n\n<figure class=\"wp-block-gallery has-nested-images columns-default is-cropped wp-block-gallery-13 is-layout-flex wp-block-gallery-is-layout-flex\">\n<figure class=\"wp-block-image size-large\"><a href=\"https:\/\/collies-vom-floersbachtal.de\/cms\/wp-content\/uploads\/2021\/08\/Maddox-Hank-und-Michl3-August21.jpg\"><img loading=\"lazy\" decoding=\"async\" width=\"1024\" height=\"740\" data-id=\"33444\" src=\"http:\/\/collies-vom-floersbachtal.de\/cms\/wp-content\/uploads\/2021\/08\/Maddox-Hank-und-Michl3-August21-1024x740.jpg\" alt=\"\" class=\"wp-image-33444\" srcset=\"https:\/\/collies-vom-floersbachtal.de\/cms\/wp-content\/uploads\/2021\/08\/Maddox-Hank-und-Michl3-August21-1024x740.jpg 1024w, https:\/\/collies-vom-floersbachtal.de\/cms\/wp-content\/uploads\/2021\/08\/Maddox-Hank-und-Michl3-August21-300x217.jpg 300w, https:\/\/collies-vom-floersbachtal.de\/cms\/wp-content\/uploads\/2021\/08\/Maddox-Hank-und-Michl3-August21-768x555.jpg 768w, https:\/\/collies-vom-floersbachtal.de\/cms\/wp-content\/uploads\/2021\/08\/Maddox-Hank-und-Michl3-August21.jpg 1256w\" sizes=\"auto, (max-width: 1024px) 100vw, 1024px\" \/><\/a><\/figure>\n\n\n\n<figure class=\"wp-block-image size-large\"><a href=\"https:\/\/collies-vom-floersbachtal.de\/cms\/wp-content\/uploads\/2021\/08\/Maddox-Hank-und-Michl2-August21.jpg\"><img loading=\"lazy\" decoding=\"async\" width=\"1024\" height=\"741\" data-id=\"33445\" src=\"http:\/\/collies-vom-floersbachtal.de\/cms\/wp-content\/uploads\/2021\/08\/Maddox-Hank-und-Michl2-August21-1024x741.jpg\" alt=\"\" class=\"wp-image-33445\" srcset=\"https:\/\/collies-vom-floersbachtal.de\/cms\/wp-content\/uploads\/2021\/08\/Maddox-Hank-und-Michl2-August21-1024x741.jpg 1024w, https:\/\/collies-vom-floersbachtal.de\/cms\/wp-content\/uploads\/2021\/08\/Maddox-Hank-und-Michl2-August21-300x217.jpg 300w, https:\/\/collies-vom-floersbachtal.de\/cms\/wp-content\/uploads\/2021\/08\/Maddox-Hank-und-Michl2-August21-768x556.jpg 768w, https:\/\/collies-vom-floersbachtal.de\/cms\/wp-content\/uploads\/2021\/08\/Maddox-Hank-und-Michl2-August21.jpg 1255w\" sizes=\"auto, (max-width: 1024px) 100vw, 1024px\" \/><\/a><\/figure>\n<figcaption class=\"blocks-gallery-caption wp-element-caption\"><strong>Leider verstarb Paula jetzt in ihrem 20. Lebensjahr \ud83d\ude41<\/strong><\/figcaption><\/figure>\n\n\n\n<h2 class=\"wp-block-heading\"><strong>Feuchte Neuigkeiten von Michl mit Hancock im Juni 2021<\/strong> <strong>\ud83d\ude00<\/strong><\/h2>\n\n\n\n<figure class=\"wp-block-image size-large\"><a href=\"http:\/\/collies-vom-floersbachtal.de\/cms\/wp-content\/uploads\/2021\/07\/Hank-und-Michl1-Juli21-1.jpg\"><img loading=\"lazy\" decoding=\"async\" width=\"707\" height=\"1024\" src=\"http:\/\/collies-vom-floersbachtal.de\/cms\/wp-content\/uploads\/2021\/07\/Hank-und-Michl1-Juli21-1.jpg\" alt=\"\" class=\"wp-image-32417\" srcset=\"https:\/\/collies-vom-floersbachtal.de\/cms\/wp-content\/uploads\/2021\/07\/Hank-und-Michl1-Juli21-1.jpg 707w, https:\/\/collies-vom-floersbachtal.de\/cms\/wp-content\/uploads\/2021\/07\/Hank-und-Michl1-Juli21-1-207x300.jpg 207w\" sizes=\"auto, (max-width: 707px) 100vw, 707px\" \/><\/a><\/figure>\n\n\n\n<figure class=\"wp-block-gallery has-nested-images columns-default is-cropped wp-block-gallery-14 is-layout-flex wp-block-gallery-is-layout-flex\">\n<figure class=\"wp-block-image size-large\"><a href=\"https:\/\/collies-vom-floersbachtal.de\/cms\/wp-content\/uploads\/2021\/06\/Michl1-Juni21.jpg\"><img loading=\"lazy\" decoding=\"async\" width=\"1024\" height=\"771\" data-id=\"32028\" src=\"http:\/\/collies-vom-floersbachtal.de\/cms\/wp-content\/uploads\/2021\/06\/Michl1-Juni21.jpg\" alt=\"\" class=\"wp-image-32028\" srcset=\"https:\/\/collies-vom-floersbachtal.de\/cms\/wp-content\/uploads\/2021\/06\/Michl1-Juni21.jpg 1024w, https:\/\/collies-vom-floersbachtal.de\/cms\/wp-content\/uploads\/2021\/06\/Michl1-Juni21-300x226.jpg 300w, https:\/\/collies-vom-floersbachtal.de\/cms\/wp-content\/uploads\/2021\/06\/Michl1-Juni21-768x578.jpg 768w\" sizes=\"auto, (max-width: 1024px) 100vw, 1024px\" \/><\/a><\/figure>\n\n\n\n<figure class=\"wp-block-image size-large\"><a href=\"https:\/\/collies-vom-floersbachtal.de\/cms\/wp-content\/uploads\/2021\/06\/Michl-und-Hank1-Juni21.jpg\"><img loading=\"lazy\" decoding=\"async\" width=\"699\" height=\"786\" data-id=\"32029\" src=\"http:\/\/collies-vom-floersbachtal.de\/cms\/wp-content\/uploads\/2021\/06\/Michl-und-Hank1-Juni21.jpg\" alt=\"\" class=\"wp-image-32029\" srcset=\"https:\/\/collies-vom-floersbachtal.de\/cms\/wp-content\/uploads\/2021\/06\/Michl-und-Hank1-Juni21.jpg 699w, https:\/\/collies-vom-floersbachtal.de\/cms\/wp-content\/uploads\/2021\/06\/Michl-und-Hank1-Juni21-267x300.jpg 267w\" sizes=\"auto, (max-width: 699px) 100vw, 699px\" \/><\/a><\/figure>\n\n\n\n<figure class=\"wp-block-image size-large\"><a href=\"https:\/\/collies-vom-floersbachtal.de\/cms\/wp-content\/uploads\/2021\/06\/Michl-und-Hank2-Juni21.jpg\"><img loading=\"lazy\" decoding=\"async\" width=\"817\" height=\"1024\" data-id=\"32030\" src=\"http:\/\/collies-vom-floersbachtal.de\/cms\/wp-content\/uploads\/2021\/06\/Michl-und-Hank2-Juni21.jpg\" alt=\"\" class=\"wp-image-32030\" srcset=\"https:\/\/collies-vom-floersbachtal.de\/cms\/wp-content\/uploads\/2021\/06\/Michl-und-Hank2-Juni21.jpg 817w, https:\/\/collies-vom-floersbachtal.de\/cms\/wp-content\/uploads\/2021\/06\/Michl-und-Hank2-Juni21-239x300.jpg 239w, https:\/\/collies-vom-floersbachtal.de\/cms\/wp-content\/uploads\/2021\/06\/Michl-und-Hank2-Juni21-768x963.jpg 768w\" sizes=\"auto, (max-width: 817px) 100vw, 817px\" \/><\/a><\/figure>\n\n\n\n<figure class=\"wp-block-image size-large\"><a href=\"https:\/\/collies-vom-floersbachtal.de\/cms\/wp-content\/uploads\/2021\/06\/Michl-und-Hank3-Juni21.jpg\"><img loading=\"lazy\" decoding=\"async\" width=\"768\" height=\"1024\" data-id=\"32031\" src=\"http:\/\/collies-vom-floersbachtal.de\/cms\/wp-content\/uploads\/2021\/06\/Michl-und-Hank3-Juni21.jpg\" alt=\"\" class=\"wp-image-32031\" srcset=\"https:\/\/collies-vom-floersbachtal.de\/cms\/wp-content\/uploads\/2021\/06\/Michl-und-Hank3-Juni21.jpg 768w, https:\/\/collies-vom-floersbachtal.de\/cms\/wp-content\/uploads\/2021\/06\/Michl-und-Hank3-Juni21-225x300.jpg 225w\" sizes=\"auto, (max-width: 768px) 100vw, 768px\" \/><\/a><\/figure>\n\n\n\n<figure class=\"wp-block-image size-large\"><a href=\"https:\/\/collies-vom-floersbachtal.de\/cms\/wp-content\/uploads\/2021\/06\/Michl-und-Hank4-Juni21.jpg\"><img loading=\"lazy\" decoding=\"async\" width=\"768\" height=\"1024\" data-id=\"32032\" src=\"http:\/\/collies-vom-floersbachtal.de\/cms\/wp-content\/uploads\/2021\/06\/Michl-und-Hank4-Juni21.jpg\" alt=\"\" class=\"wp-image-32032\" srcset=\"https:\/\/collies-vom-floersbachtal.de\/cms\/wp-content\/uploads\/2021\/06\/Michl-und-Hank4-Juni21.jpg 768w, https:\/\/collies-vom-floersbachtal.de\/cms\/wp-content\/uploads\/2021\/06\/Michl-und-Hank4-Juni21-225x300.jpg 225w\" sizes=\"auto, (max-width: 768px) 100vw, 768px\" \/><\/a><\/figure>\n\n\n\n<figure class=\"wp-block-image size-large\"><a href=\"https:\/\/collies-vom-floersbachtal.de\/cms\/wp-content\/uploads\/2021\/06\/Michl-und-Hank5-Juni21.jpg\"><img loading=\"lazy\" decoding=\"async\" width=\"768\" height=\"1024\" data-id=\"32033\" src=\"http:\/\/collies-vom-floersbachtal.de\/cms\/wp-content\/uploads\/2021\/06\/Michl-und-Hank5-Juni21.jpg\" alt=\"\" class=\"wp-image-32033\" srcset=\"https:\/\/collies-vom-floersbachtal.de\/cms\/wp-content\/uploads\/2021\/06\/Michl-und-Hank5-Juni21.jpg 768w, https:\/\/collies-vom-floersbachtal.de\/cms\/wp-content\/uploads\/2021\/06\/Michl-und-Hank5-Juni21-225x300.jpg 225w\" sizes=\"auto, (max-width: 768px) 100vw, 768px\" \/><\/a><\/figure>\n<\/figure>\n\n\n\n<h2 class=\"wp-block-heading\"><strong>M\u00e4rz 2021, Michl hat mit seinem Halbbruder Hancock seinen Zwillingsbruder Maddox  ( I-chens) im Rheinland besucht. \ud83d\ude00<\/strong><\/h2>\n\n\n\n<figure class=\"wp-block-gallery has-nested-images columns-default is-cropped wp-block-gallery-15 is-layout-flex wp-block-gallery-is-layout-flex\">\n<figure class=\"wp-block-image size-large\"><a href=\"https:\/\/collies-vom-floersbachtal.de\/cms\/wp-content\/uploads\/2021\/04\/Maddox-Hank-und-Michl5-Maerz21.jpg\"><img loading=\"lazy\" decoding=\"async\" width=\"1000\" height=\"739\" data-id=\"31338\" src=\"http:\/\/collies-vom-floersbachtal.de\/cms\/wp-content\/uploads\/2021\/04\/Maddox-Hank-und-Michl5-Maerz21.jpg\" alt=\"\" class=\"wp-image-31338\" srcset=\"https:\/\/collies-vom-floersbachtal.de\/cms\/wp-content\/uploads\/2021\/04\/Maddox-Hank-und-Michl5-Maerz21.jpg 1000w, https:\/\/collies-vom-floersbachtal.de\/cms\/wp-content\/uploads\/2021\/04\/Maddox-Hank-und-Michl5-Maerz21-300x222.jpg 300w, https:\/\/collies-vom-floersbachtal.de\/cms\/wp-content\/uploads\/2021\/04\/Maddox-Hank-und-Michl5-Maerz21-768x568.jpg 768w\" sizes=\"auto, (max-width: 1000px) 100vw, 1000px\" \/><\/a><\/figure>\n\n\n\n<figure class=\"wp-block-image size-large\"><a href=\"https:\/\/collies-vom-floersbachtal.de\/cms\/wp-content\/uploads\/2021\/04\/Maddox-Hank-und-Michl6-Maerz21.jpg\"><img loading=\"lazy\" decoding=\"async\" width=\"1000\" height=\"452\" data-id=\"31339\" src=\"http:\/\/collies-vom-floersbachtal.de\/cms\/wp-content\/uploads\/2021\/04\/Maddox-Hank-und-Michl6-Maerz21.jpg\" alt=\"\" class=\"wp-image-31339\" srcset=\"https:\/\/collies-vom-floersbachtal.de\/cms\/wp-content\/uploads\/2021\/04\/Maddox-Hank-und-Michl6-Maerz21.jpg 1000w, https:\/\/collies-vom-floersbachtal.de\/cms\/wp-content\/uploads\/2021\/04\/Maddox-Hank-und-Michl6-Maerz21-300x136.jpg 300w, https:\/\/collies-vom-floersbachtal.de\/cms\/wp-content\/uploads\/2021\/04\/Maddox-Hank-und-Michl6-Maerz21-768x347.jpg 768w\" sizes=\"auto, (max-width: 1000px) 100vw, 1000px\" \/><\/a><\/figure>\n\n\n\n<figure class=\"wp-block-image size-large\"><a href=\"https:\/\/collies-vom-floersbachtal.de\/cms\/wp-content\/uploads\/2021\/04\/Maddox-Hank-und-Michl7-Maerz21.jpg\"><img loading=\"lazy\" decoding=\"async\" width=\"1000\" height=\"778\" data-id=\"31340\" src=\"http:\/\/collies-vom-floersbachtal.de\/cms\/wp-content\/uploads\/2021\/04\/Maddox-Hank-und-Michl7-Maerz21.jpg\" alt=\"\" class=\"wp-image-31340\" srcset=\"https:\/\/collies-vom-floersbachtal.de\/cms\/wp-content\/uploads\/2021\/04\/Maddox-Hank-und-Michl7-Maerz21.jpg 1000w, https:\/\/collies-vom-floersbachtal.de\/cms\/wp-content\/uploads\/2021\/04\/Maddox-Hank-und-Michl7-Maerz21-300x233.jpg 300w, https:\/\/collies-vom-floersbachtal.de\/cms\/wp-content\/uploads\/2021\/04\/Maddox-Hank-und-Michl7-Maerz21-768x598.jpg 768w\" sizes=\"auto, (max-width: 1000px) 100vw, 1000px\" \/><\/a><\/figure>\n\n\n\n<figure class=\"wp-block-image size-large\"><a href=\"https:\/\/collies-vom-floersbachtal.de\/cms\/wp-content\/uploads\/2021\/04\/Maddox-Hank-und-Michl8-Maerz21.jpg\"><img loading=\"lazy\" decoding=\"async\" width=\"1000\" height=\"801\" data-id=\"31341\" src=\"http:\/\/collies-vom-floersbachtal.de\/cms\/wp-content\/uploads\/2021\/04\/Maddox-Hank-und-Michl8-Maerz21.jpg\" alt=\"\" class=\"wp-image-31341\" srcset=\"https:\/\/collies-vom-floersbachtal.de\/cms\/wp-content\/uploads\/2021\/04\/Maddox-Hank-und-Michl8-Maerz21.jpg 1000w, https:\/\/collies-vom-floersbachtal.de\/cms\/wp-content\/uploads\/2021\/04\/Maddox-Hank-und-Michl8-Maerz21-300x240.jpg 300w, https:\/\/collies-vom-floersbachtal.de\/cms\/wp-content\/uploads\/2021\/04\/Maddox-Hank-und-Michl8-Maerz21-768x615.jpg 768w\" sizes=\"auto, (max-width: 1000px) 100vw, 1000px\" \/><\/a><\/figure>\n\n\n\n<figure class=\"wp-block-image size-large\"><a href=\"https:\/\/collies-vom-floersbachtal.de\/cms\/wp-content\/uploads\/2021\/04\/Maddox-Hank-und-Michl9-Maerz21.jpg\"><img loading=\"lazy\" decoding=\"async\" width=\"1000\" height=\"888\" data-id=\"31342\" src=\"http:\/\/collies-vom-floersbachtal.de\/cms\/wp-content\/uploads\/2021\/04\/Maddox-Hank-und-Michl9-Maerz21.jpg\" alt=\"\" class=\"wp-image-31342\" srcset=\"https:\/\/collies-vom-floersbachtal.de\/cms\/wp-content\/uploads\/2021\/04\/Maddox-Hank-und-Michl9-Maerz21.jpg 1000w, https:\/\/collies-vom-floersbachtal.de\/cms\/wp-content\/uploads\/2021\/04\/Maddox-Hank-und-Michl9-Maerz21-300x266.jpg 300w, https:\/\/collies-vom-floersbachtal.de\/cms\/wp-content\/uploads\/2021\/04\/Maddox-Hank-und-Michl9-Maerz21-768x682.jpg 768w\" sizes=\"auto, (max-width: 1000px) 100vw, 1000px\" \/><\/a><\/figure>\n\n\n\n<figure class=\"wp-block-image size-large\"><a href=\"https:\/\/collies-vom-floersbachtal.de\/cms\/wp-content\/uploads\/2021\/04\/Maddox-Hank-und-Michl10-Maerz21.jpg\"><img loading=\"lazy\" decoding=\"async\" width=\"1000\" height=\"847\" data-id=\"31343\" src=\"http:\/\/collies-vom-floersbachtal.de\/cms\/wp-content\/uploads\/2021\/04\/Maddox-Hank-und-Michl10-Maerz21.jpg\" alt=\"\" class=\"wp-image-31343\" srcset=\"https:\/\/collies-vom-floersbachtal.de\/cms\/wp-content\/uploads\/2021\/04\/Maddox-Hank-und-Michl10-Maerz21.jpg 1000w, https:\/\/collies-vom-floersbachtal.de\/cms\/wp-content\/uploads\/2021\/04\/Maddox-Hank-und-Michl10-Maerz21-300x254.jpg 300w, https:\/\/collies-vom-floersbachtal.de\/cms\/wp-content\/uploads\/2021\/04\/Maddox-Hank-und-Michl10-Maerz21-768x650.jpg 768w\" sizes=\"auto, (max-width: 1000px) 100vw, 1000px\" \/><\/a><\/figure>\n\n\n\n<figure class=\"wp-block-image size-large\"><a href=\"https:\/\/collies-vom-floersbachtal.de\/cms\/wp-content\/uploads\/2021\/04\/Michl-Hank-und-Maddox1-Maerz21.jpg\"><img loading=\"lazy\" decoding=\"async\" width=\"1000\" height=\"790\" data-id=\"31344\" src=\"http:\/\/collies-vom-floersbachtal.de\/cms\/wp-content\/uploads\/2021\/04\/Michl-Hank-und-Maddox1-Maerz21.jpg\" alt=\"\" class=\"wp-image-31344\" srcset=\"https:\/\/collies-vom-floersbachtal.de\/cms\/wp-content\/uploads\/2021\/04\/Michl-Hank-und-Maddox1-Maerz21.jpg 1000w, https:\/\/collies-vom-floersbachtal.de\/cms\/wp-content\/uploads\/2021\/04\/Michl-Hank-und-Maddox1-Maerz21-300x237.jpg 300w, https:\/\/collies-vom-floersbachtal.de\/cms\/wp-content\/uploads\/2021\/04\/Michl-Hank-und-Maddox1-Maerz21-768x607.jpg 768w\" sizes=\"auto, (max-width: 1000px) 100vw, 1000px\" \/><\/a><\/figure>\n\n\n\n<figure class=\"wp-block-image size-large\"><a href=\"https:\/\/collies-vom-floersbachtal.de\/cms\/wp-content\/uploads\/2021\/04\/Michl1-Maerz21.jpg\"><img loading=\"lazy\" decoding=\"async\" width=\"1000\" height=\"667\" data-id=\"31345\" src=\"http:\/\/collies-vom-floersbachtal.de\/cms\/wp-content\/uploads\/2021\/04\/Michl1-Maerz21.jpg\" alt=\"\" class=\"wp-image-31345\" srcset=\"https:\/\/collies-vom-floersbachtal.de\/cms\/wp-content\/uploads\/2021\/04\/Michl1-Maerz21.jpg 1000w, https:\/\/collies-vom-floersbachtal.de\/cms\/wp-content\/uploads\/2021\/04\/Michl1-Maerz21-300x200.jpg 300w, https:\/\/collies-vom-floersbachtal.de\/cms\/wp-content\/uploads\/2021\/04\/Michl1-Maerz21-768x512.jpg 768w\" sizes=\"auto, (max-width: 1000px) 100vw, 1000px\" \/><\/a><\/figure>\n\n\n\n<figure class=\"wp-block-image size-large\"><a href=\"https:\/\/collies-vom-floersbachtal.de\/cms\/wp-content\/uploads\/2021\/04\/Michl2-Maerz21.jpg\"><img loading=\"lazy\" decoding=\"async\" width=\"964\" height=\"916\" data-id=\"31346\" src=\"http:\/\/collies-vom-floersbachtal.de\/cms\/wp-content\/uploads\/2021\/04\/Michl2-Maerz21.jpg\" alt=\"\" class=\"wp-image-31346\" srcset=\"https:\/\/collies-vom-floersbachtal.de\/cms\/wp-content\/uploads\/2021\/04\/Michl2-Maerz21.jpg 964w, https:\/\/collies-vom-floersbachtal.de\/cms\/wp-content\/uploads\/2021\/04\/Michl2-Maerz21-300x285.jpg 300w, https:\/\/collies-vom-floersbachtal.de\/cms\/wp-content\/uploads\/2021\/04\/Michl2-Maerz21-768x730.jpg 768w\" sizes=\"auto, (max-width: 964px) 100vw, 964px\" \/><\/a><\/figure>\n\n\n\n<figure class=\"wp-block-image size-large\"><a href=\"https:\/\/collies-vom-floersbachtal.de\/cms\/wp-content\/uploads\/2021\/04\/Michl3-Maerz21.jpg\"><img loading=\"lazy\" decoding=\"async\" width=\"1000\" height=\"763\" data-id=\"31347\" src=\"http:\/\/collies-vom-floersbachtal.de\/cms\/wp-content\/uploads\/2021\/04\/Michl3-Maerz21.jpg\" alt=\"\" class=\"wp-image-31347\" srcset=\"https:\/\/collies-vom-floersbachtal.de\/cms\/wp-content\/uploads\/2021\/04\/Michl3-Maerz21.jpg 1000w, https:\/\/collies-vom-floersbachtal.de\/cms\/wp-content\/uploads\/2021\/04\/Michl3-Maerz21-300x229.jpg 300w, https:\/\/collies-vom-floersbachtal.de\/cms\/wp-content\/uploads\/2021\/04\/Michl3-Maerz21-768x586.jpg 768w\" sizes=\"auto, (max-width: 1000px) 100vw, 1000px\" \/><\/a><\/figure>\n\n\n\n<figure class=\"wp-block-image size-large\"><a href=\"https:\/\/collies-vom-floersbachtal.de\/cms\/wp-content\/uploads\/2021\/04\/Maddox-Hank-und-Michl2-Maerz21.jpg\"><img loading=\"lazy\" decoding=\"async\" width=\"1000\" height=\"632\" data-id=\"31348\" src=\"http:\/\/collies-vom-floersbachtal.de\/cms\/wp-content\/uploads\/2021\/04\/Maddox-Hank-und-Michl2-Maerz21.jpg\" alt=\"\" class=\"wp-image-31348\" srcset=\"https:\/\/collies-vom-floersbachtal.de\/cms\/wp-content\/uploads\/2021\/04\/Maddox-Hank-und-Michl2-Maerz21.jpg 1000w, https:\/\/collies-vom-floersbachtal.de\/cms\/wp-content\/uploads\/2021\/04\/Maddox-Hank-und-Michl2-Maerz21-300x190.jpg 300w, https:\/\/collies-vom-floersbachtal.de\/cms\/wp-content\/uploads\/2021\/04\/Maddox-Hank-und-Michl2-Maerz21-768x485.jpg 768w\" sizes=\"auto, (max-width: 1000px) 100vw, 1000px\" \/><\/a><\/figure>\n\n\n\n<figure class=\"wp-block-image size-large\"><a href=\"https:\/\/collies-vom-floersbachtal.de\/cms\/wp-content\/uploads\/2021\/04\/Maddox-Hank-und-Michl3-Maerz21.jpg\"><img loading=\"lazy\" decoding=\"async\" width=\"1000\" height=\"1001\" data-id=\"31349\" src=\"http:\/\/collies-vom-floersbachtal.de\/cms\/wp-content\/uploads\/2021\/04\/Maddox-Hank-und-Michl3-Maerz21.jpg\" alt=\"\" class=\"wp-image-31349\" srcset=\"https:\/\/collies-vom-floersbachtal.de\/cms\/wp-content\/uploads\/2021\/04\/Maddox-Hank-und-Michl3-Maerz21.jpg 1000w, https:\/\/collies-vom-floersbachtal.de\/cms\/wp-content\/uploads\/2021\/04\/Maddox-Hank-und-Michl3-Maerz21-300x300.jpg 300w, https:\/\/collies-vom-floersbachtal.de\/cms\/wp-content\/uploads\/2021\/04\/Maddox-Hank-und-Michl3-Maerz21-150x150.jpg 150w, https:\/\/collies-vom-floersbachtal.de\/cms\/wp-content\/uploads\/2021\/04\/Maddox-Hank-und-Michl3-Maerz21-768x769.jpg 768w\" sizes=\"auto, (max-width: 1000px) 100vw, 1000px\" \/><\/a><\/figure>\n<figcaption class=\"blocks-gallery-caption wp-element-caption\"><strong>Die 3 s\u00fc\u00dfen, irren Tricos im Rheinland auf Abwegen \ud83d\ude09<\/strong><\/figcaption><\/figure>\n\n\n\n<figure class=\"wp-block-image size-large\"><a href=\"http:\/\/collies-vom-floersbachtal.de\/cms\/wp-content\/uploads\/2021\/03\/3-trico-Buben1-Maerz21-1.jpg\"><img loading=\"lazy\" decoding=\"async\" width=\"768\" height=\"1024\" src=\"http:\/\/collies-vom-floersbachtal.de\/cms\/wp-content\/uploads\/2021\/03\/3-trico-Buben1-Maerz21-1-768x1024.jpg\" alt=\"\" class=\"wp-image-31114\" srcset=\"https:\/\/collies-vom-floersbachtal.de\/cms\/wp-content\/uploads\/2021\/03\/3-trico-Buben1-Maerz21-1-768x1024.jpg 768w, https:\/\/collies-vom-floersbachtal.de\/cms\/wp-content\/uploads\/2021\/03\/3-trico-Buben1-Maerz21-1-225x300.jpg 225w, https:\/\/collies-vom-floersbachtal.de\/cms\/wp-content\/uploads\/2021\/03\/3-trico-Buben1-Maerz21-1.jpg 1000w\" sizes=\"auto, (max-width: 768px) 100vw, 768px\" \/><\/a><\/figure>\n\n\n\n<h2 class=\"wp-block-heading\">August 2020<\/h2>\n\n\n<h2><a href=\"http:\/\/collies-vom-floersbachtal.de\/?attachment_id=29743\" rel=\"attachment wp-att-29743\"><img loading=\"lazy\" decoding=\"async\" class=\"aligncenter size-full wp-image-29743\" src=\"http:\/\/collies-vom-floersbachtal.de\/cms\/wp-content\/uploads\/2020\/09\/Idefix-Michl1-August20.jpg\" alt=\"\" width=\"2048\" height=\"1365\" srcset=\"https:\/\/collies-vom-floersbachtal.de\/cms\/wp-content\/uploads\/2020\/09\/Idefix-Michl1-August20.jpg 2048w, https:\/\/collies-vom-floersbachtal.de\/cms\/wp-content\/uploads\/2020\/09\/Idefix-Michl1-August20-300x200.jpg 300w, https:\/\/collies-vom-floersbachtal.de\/cms\/wp-content\/uploads\/2020\/09\/Idefix-Michl1-August20-1024x683.jpg 1024w, https:\/\/collies-vom-floersbachtal.de\/cms\/wp-content\/uploads\/2020\/09\/Idefix-Michl1-August20-768x512.jpg 768w, https:\/\/collies-vom-floersbachtal.de\/cms\/wp-content\/uploads\/2020\/09\/Idefix-Michl1-August20-1536x1024.jpg 1536w\" sizes=\"auto, (max-width: 2048px) 100vw, 2048px\" \/><\/a><a href=\"http:\/\/collies-vom-floersbachtal.de\/?attachment_id=29744\" rel=\"attachment wp-att-29744\"><img loading=\"lazy\" decoding=\"async\" class=\"aligncenter size-full wp-image-29744\" src=\"http:\/\/collies-vom-floersbachtal.de\/cms\/wp-content\/uploads\/2020\/09\/Idefix-Michl2-August20.jpg\" alt=\"\" width=\"2048\" height=\"1365\" srcset=\"https:\/\/collies-vom-floersbachtal.de\/cms\/wp-content\/uploads\/2020\/09\/Idefix-Michl2-August20.jpg 2048w, https:\/\/collies-vom-floersbachtal.de\/cms\/wp-content\/uploads\/2020\/09\/Idefix-Michl2-August20-300x200.jpg 300w, https:\/\/collies-vom-floersbachtal.de\/cms\/wp-content\/uploads\/2020\/09\/Idefix-Michl2-August20-1024x683.jpg 1024w, https:\/\/collies-vom-floersbachtal.de\/cms\/wp-content\/uploads\/2020\/09\/Idefix-Michl2-August20-768x512.jpg 768w, https:\/\/collies-vom-floersbachtal.de\/cms\/wp-content\/uploads\/2020\/09\/Idefix-Michl2-August20-1536x1024.jpg 1536w\" sizes=\"auto, (max-width: 2048px) 100vw, 2048px\" \/><\/a><\/h2>\n<h2><a href=\"http:\/\/collies-vom-floersbachtal.de\/?attachment_id=29745\" rel=\"attachment wp-att-29745\"><img loading=\"lazy\" decoding=\"async\" class=\"aligncenter size-full wp-image-29745\" src=\"http:\/\/collies-vom-floersbachtal.de\/cms\/wp-content\/uploads\/2020\/09\/Idefix-Michl3-August20.jpg\" alt=\"\" width=\"2048\" height=\"1365\" srcset=\"https:\/\/collies-vom-floersbachtal.de\/cms\/wp-content\/uploads\/2020\/09\/Idefix-Michl3-August20.jpg 2048w, https:\/\/collies-vom-floersbachtal.de\/cms\/wp-content\/uploads\/2020\/09\/Idefix-Michl3-August20-300x200.jpg 300w, https:\/\/collies-vom-floersbachtal.de\/cms\/wp-content\/uploads\/2020\/09\/Idefix-Michl3-August20-1024x683.jpg 1024w, https:\/\/collies-vom-floersbachtal.de\/cms\/wp-content\/uploads\/2020\/09\/Idefix-Michl3-August20-768x512.jpg 768w, https:\/\/collies-vom-floersbachtal.de\/cms\/wp-content\/uploads\/2020\/09\/Idefix-Michl3-August20-1536x1024.jpg 1536w\" sizes=\"auto, (max-width: 2048px) 100vw, 2048px\" \/><\/a><\/h2>\n<p><strong>Neues Foto von Michl und seinem Freund Hank im Mai 2020<a href=\"http:\/\/collies-vom-floersbachtal.de\/?attachment_id=29120\" rel=\"attachment wp-att-29120\"><img loading=\"lazy\" decoding=\"async\" class=\"aligncenter size-full wp-image-29120\" src=\"http:\/\/collies-vom-floersbachtal.de\/cms\/wp-content\/uploads\/2020\/05\/Hancock-und-Michl1-Mai20.jpg\" alt=\"\" width=\"960\" height=\"720\" srcset=\"https:\/\/collies-vom-floersbachtal.de\/cms\/wp-content\/uploads\/2020\/05\/Hancock-und-Michl1-Mai20.jpg 960w, https:\/\/collies-vom-floersbachtal.de\/cms\/wp-content\/uploads\/2020\/05\/Hancock-und-Michl1-Mai20-300x225.jpg 300w, https:\/\/collies-vom-floersbachtal.de\/cms\/wp-content\/uploads\/2020\/05\/Hancock-und-Michl1-Mai20-768x576.jpg 768w\" sizes=\"auto, (max-width: 960px) 100vw, 960px\" \/><\/a><\/strong><\/p>\n<p><strong>Letztes Foto von Michl (L\u00f6nneberger \ud83d\ude1b&nbsp; ) im Dezember 2019<a href=\"http:\/\/collies-vom-floersbachtal.de\/cms\/wp-content\/uploads\/2019\/01\/Michl11.jpeg\"><img loading=\"lazy\" decoding=\"async\" class=\"aligncenter size-large wp-image-28091\" title=\"Michl1\" src=\"http:\/\/collies-vom-floersbachtal.de\/cms\/wp-content\/uploads\/2019\/01\/Michl11-e1577891756322-768x1024.jpg\" alt=\"\" width=\"640\" height=\"853\" srcset=\"https:\/\/collies-vom-floersbachtal.de\/cms\/wp-content\/uploads\/2019\/01\/Michl11-e1577891756322-768x1024.jpg 768w, https:\/\/collies-vom-floersbachtal.de\/cms\/wp-content\/uploads\/2019\/01\/Michl11-e1577891756322-225x300.jpg 225w\" sizes=\"auto, (max-width: 640px) 100vw, 640px\" \/><\/a><\/strong><\/p>\n<p>Ich verschlaf dann mal die olle Ballerei \ud83d\ude1b<\/p>\n<p><strong>Neuigkeiten zum 1. Geburtstag von Michl \ud83d\ude00<\/strong><br \/>Hallo Susanne,<br \/>mal ganz kurz zwei aktuelle Bilder von Michl &#8211; heute am 1. Geburtstag. Es ist wirklich unglaublich, wie schnell so ein Hundebaby auf einmal ein richtiger Kerl ist.<br \/>Die erste Pubert\u00e4tsphase scheint vorbei zu sein &#8211; uns graut es schon vor der zweiten \ud83d\ude42<br \/>Nein, das ist nur Gejammer auf hohem Niveau. Wir haben sooo einen tollen Hund ergattert &#8211; einen, der total gut zu uns passt. Ich kann wirklich nicht von irgendwelchen Problemen berichten. Manchmal redet er ein bisschen viel, besonders wenn er aufgeregt ist muss wirklich alles und jedes kommentiert werden &#8211; aber Collies schw\u00e4tzen halt gerne.<br \/>Ich habe keine Ahnung wie gro\u00df er ist &#8211; und gewogen habe ich ihn auch nicht mehr. Er ist ein bisschen d\u00fcnn, aber er kommt halt auf die Frau Mama.<br \/>Liebe Gr\u00fc\u00dfe und hoffentlich bis bald<br \/>Angi<br \/><a href=\"http:\/\/collies-vom-floersbachtal.de\/cms\/wp-content\/uploads\/2019\/01\/Michl-Idefix1-Jahr.jpg\"><img loading=\"lazy\" decoding=\"async\" class=\"aligncenter size-full wp-image-27775\" title=\"Michl-Idefix1 Jahr\" src=\"http:\/\/collies-vom-floersbachtal.de\/cms\/wp-content\/uploads\/2019\/01\/Michl-Idefix1-Jahr.jpg\" alt=\"\" width=\"463\" height=\"532\" srcset=\"https:\/\/collies-vom-floersbachtal.de\/cms\/wp-content\/uploads\/2019\/01\/Michl-Idefix1-Jahr.jpg 463w, https:\/\/collies-vom-floersbachtal.de\/cms\/wp-content\/uploads\/2019\/01\/Michl-Idefix1-Jahr-261x300.jpg 261w\" sizes=\"auto, (max-width: 463px) 100vw, 463px\" \/><\/a> So ein s\u00fc\u00dfes Foto vom Mama Double \ud83d\ude1b<br \/><a href=\"http:\/\/collies-vom-floersbachtal.de\/cms\/wp-content\/uploads\/2019\/01\/Michl-+-Hancock-Halbbruderliebe.jpg\"><img loading=\"lazy\" decoding=\"async\" class=\"aligncenter size-full wp-image-27774\" title=\"Michl + Hancock Halbbruderliebe\" src=\"http:\/\/collies-vom-floersbachtal.de\/cms\/wp-content\/uploads\/2019\/01\/Michl-+-Hancock-Halbbruderliebe.jpg\" alt=\"\" width=\"480\" height=\"640\" srcset=\"https:\/\/collies-vom-floersbachtal.de\/cms\/wp-content\/uploads\/2019\/01\/Michl-+-Hancock-Halbbruderliebe.jpg 480w, https:\/\/collies-vom-floersbachtal.de\/cms\/wp-content\/uploads\/2019\/01\/Michl-+-Hancock-Halbbruderliebe-225x300.jpg 225w\" sizes=\"auto, (max-width: 480px) 100vw, 480px\" \/><\/a> Halbbruder Liebe \ud83d\ude09 Michl und Hancock \ud83d\ude42<\/p>\n<p><strong>April 2019<\/strong><\/p>\n<p><a href=\"http:\/\/collies-vom-floersbachtal.de\/cms\/wp-content\/uploads\/2019\/01\/Michl-und-Mama-Lia1-bei-Hank.jpg\"><img loading=\"lazy\" decoding=\"async\" class=\"aligncenter size-full wp-image-26546\" title=\"Michl und Mama Lia1 bei Hank\" src=\"http:\/\/collies-vom-floersbachtal.de\/cms\/wp-content\/uploads\/2019\/01\/Michl-und-Mama-Lia1-bei-Hank.jpg\" alt=\"\" width=\"1000\" height=\"783\" srcset=\"https:\/\/collies-vom-floersbachtal.de\/cms\/wp-content\/uploads\/2019\/01\/Michl-und-Mama-Lia1-bei-Hank.jpg 1000w, https:\/\/collies-vom-floersbachtal.de\/cms\/wp-content\/uploads\/2019\/01\/Michl-und-Mama-Lia1-bei-Hank-300x234.jpg 300w\" sizes=\"auto, (max-width: 1000px) 100vw, 1000px\" \/><\/a>Michl in seinem 2. Zuhause bei Hank ,-)<\/p>\n<p><a href=\"http:\/\/collies-vom-floersbachtal.de\/cms\/wp-content\/uploads\/2011\/11\/Michl-Mama-und-Hancock1-4-+-7-Monate.jpg\"><img loading=\"lazy\" decoding=\"async\" title=\"Michl, Mama und Hancock1 4 + 7 Monate\" src=\"http:\/\/collies-vom-floersbachtal.de\/cms\/wp-content\/uploads\/2011\/11\/Michl-Mama-und-Hancock1-4-+-7-Monate-842x1024.jpg\" alt=\"\" width=\"640\" height=\"778\"><\/a><\/p>\n<h3>Lia hat ihr S\u00f6hnchen Idefix-Michl entdeckt und geht erst mal pr\u00fcfen ob alles ok ist mit ihm. \ud83d\ude00<a href=\"http:\/\/collies-vom-floersbachtal.de\/cms\/wp-content\/uploads\/2011\/11\/Michl-Hancock1-M\u00e4rz19.jpg\"><img loading=\"lazy\" decoding=\"async\" title=\"Michl &amp; Hancock1 M\u00e4rz19\" src=\"http:\/\/collies-vom-floersbachtal.de\/cms\/wp-content\/uploads\/2011\/11\/Michl-Hancock1-M\u00e4rz19-788x1024.jpg\" alt=\"\" width=\"640\" height=\"831\"><\/a><\/h3>\n<h3>Hancock und unser Osterh\u00e4schen Michl. \ud83d\ude00<\/h3>\n<p>Hi Susanne,<br \/>der Bub ist echt zum Knutschen. Momentan ist er etwas anh\u00e4nglich &#8211; stehe ich auf, steht er auf, gehe ich raus, geht er mit, dann wieder rein &#8211; er mit. Das ist neu. Und jeden Tag wird er h\u00fcbscher&#8230;&#8230;&#8230;.. bin echt verknallt.<br \/>Oh Gott die Aktion im Kaffee&#8230;&#8230;&#8230;.. ich habe mich so aufgeregt, dass ich die ganze Nacht nicht schlafen konnte. Also wenn man einen ruhigen Hund kirre machen will&#8230;&#8230;..einfach zu uns bringen. Zum Gl\u00fcck ist er immer noch total entspannt&#8230;&#8230;.. meine G\u00fcte, was da h\u00e4tte passieren k\u00f6nnen&#8230;&#8230;.<br \/>Ganz liebe Gr\u00fc\u00dfe<br \/>Angi<\/p>\n<p>Hallo liebe Susanne,<br \/>hier kommen mal wieder Neuigkeiten von Michl. Er macht sich super gut und ist nach wie vor tief entspannt, was bei uns wirklich von Vorteil ist :-). Mittlerweile ist er manchmal ein wenig \u00fcberm\u00fctig unserem alten Paulchen gegen\u00fcber, da muss man teilweise etwas massiver eingreifen. Vor der meist schlechtgelaunten Frida-Katze hat er h\u00f6llischen Respekt, zumal es von dieser Seite auch mal krallenlos was auf die Fl\u00f6tennase gibt. Z\u00e4hne haben wir auch schon einige verloren &#8211; einen habe ich sogar gefunden, er wird nat\u00fcrlich aufbewahrt.<br \/>Gestern haben wir Bekanntschaft mit einem elektrischen Schafzaun gemacht&#8230;&#8230;..ojeh, das war ein Geheule. Aber wer nicht h\u00f6ren will&#8230;&#8230;&#8230;<br \/>In der Firma ist er ein total gern gesehener Gast. Es findet sich immer jemand, der mit ihm Gassi gehen m\u00f6chte und obwohl ich ihn nicht h\u00e4ufig mitnehme wird jeden Morgen in mein B\u00fcro reingeschaut und gefragt, wo denn der Hund ist. Ich bin immer noch total schockverliebt in ihn, er ist einfach der Knaller.<br \/>Diese Woche waren wir mal wieder bei Hank &#8211; es ist einfach sch\u00f6n, wie die zwei Halbbr\u00fcder sich verstehen. Verr\u00fcckt, wie klein so ein Lia-Langbein-Michel auf einmal aussieht.<br \/>Liebe Gr\u00fc\u00dfe<a href=\"http:\/\/collies-vom-floersbachtal.de\/cms\/wp-content\/uploads\/2019\/01\/Michl1-April19.jpg\"><img loading=\"lazy\" decoding=\"async\" class=\"aligncenter size-full wp-image-26363\" title=\"Michl1 April19\" src=\"http:\/\/collies-vom-floersbachtal.de\/cms\/wp-content\/uploads\/2019\/01\/Michl1-April19.jpg\" alt=\"\" width=\"640\" height=\"480\" srcset=\"https:\/\/collies-vom-floersbachtal.de\/cms\/wp-content\/uploads\/2019\/01\/Michl1-April19.jpg 640w, https:\/\/collies-vom-floersbachtal.de\/cms\/wp-content\/uploads\/2019\/01\/Michl1-April19-300x225.jpg 300w\" sizes=\"auto, (max-width: 640px) 100vw, 640px\" \/><\/a><br \/>Wie gro\u00df Hancock da schon wirkt und die beiden sind nur 3 Monate auseinander<br \/><a href=\"http:\/\/collies-vom-floersbachtal.de\/cms\/wp-content\/uploads\/2019\/01\/Michl2-April19.jpg\"><img loading=\"lazy\" decoding=\"async\" class=\"aligncenter size-medium wp-image-26365\" title=\"Michl2 April19\" src=\"http:\/\/collies-vom-floersbachtal.de\/cms\/wp-content\/uploads\/2019\/01\/Michl2-April19-225x300.jpg\" alt=\"\" width=\"225\" height=\"300\" srcset=\"https:\/\/collies-vom-floersbachtal.de\/cms\/wp-content\/uploads\/2019\/01\/Michl2-April19-225x300.jpg 225w, https:\/\/collies-vom-floersbachtal.de\/cms\/wp-content\/uploads\/2019\/01\/Michl2-April19.jpg 643w\" sizes=\"auto, (max-width: 225px) 100vw, 225px\" \/><\/a> die Ohren leben noch ihr Eigenleben \ud83d\ude09<\/p>\n<p><strong>M\u00e4rz 2019 die Mama und Halbgeschwister haben eine Besuch bei klein Michl abgehalten<\/strong><br \/>Lia hat sich so sehr gefreut ihr S\u00f6hnchen wieder zu treffen. Hat ihn nicht aus den Augen gelassen. \ud83d\ude00 Zu s\u00fc\u00df &#8230;<br \/><a href=\"http:\/\/collies-vom-floersbachtal.de\/cms\/wp-content\/uploads\/2019\/01\/Michl-k\u00e4mpft.jpg\"><img loading=\"lazy\" decoding=\"async\" class=\"aligncenter size-medium wp-image-26235\" title=\"Michl k\u00e4mpft\" src=\"http:\/\/collies-vom-floersbachtal.de\/cms\/wp-content\/uploads\/2019\/01\/Michl-k\u00e4mpft-300x225.jpg\" alt=\"\" width=\"300\" height=\"225\" srcset=\"https:\/\/collies-vom-floersbachtal.de\/cms\/wp-content\/uploads\/2019\/01\/Michl-k\u00e4mpft-300x225.jpg 300w, https:\/\/collies-vom-floersbachtal.de\/cms\/wp-content\/uploads\/2019\/01\/Michl-k\u00e4mpft-1024x768.jpg 1024w\" sizes=\"auto, (max-width: 300px) 100vw, 300px\" \/><\/a><\/p>\n<p>Michl und seine Mama Lia \ud83d\ude00<a href=\"http:\/\/collies-vom-floersbachtal.de\/cms\/wp-content\/uploads\/2019\/01\/Michl-mit-Mama1-M\u00e4rz19.jpg\"><img loading=\"lazy\" decoding=\"async\" class=\"aligncenter size-full wp-image-26236\" title=\"Michl mit Mama1 M\u00e4rz19\" src=\"http:\/\/collies-vom-floersbachtal.de\/cms\/wp-content\/uploads\/2019\/01\/Michl-mit-Mama1-M\u00e4rz19.jpg\" alt=\"\" width=\"3648\" height=\"2736\" srcset=\"https:\/\/collies-vom-floersbachtal.de\/cms\/wp-content\/uploads\/2019\/01\/Michl-mit-Mama1-M\u00e4rz19.jpg 3648w, https:\/\/collies-vom-floersbachtal.de\/cms\/wp-content\/uploads\/2019\/01\/Michl-mit-Mama1-M\u00e4rz19-300x225.jpg 300w, https:\/\/collies-vom-floersbachtal.de\/cms\/wp-content\/uploads\/2019\/01\/Michl-mit-Mama1-M\u00e4rz19-1024x768.jpg 1024w\" sizes=\"auto, (max-width: 3648px) 100vw, 3648px\" \/><\/a><\/p>\n<p><a href=\"http:\/\/collies-vom-floersbachtal.de\/cms\/wp-content\/uploads\/2019\/01\/S\u00fcsser-Michl1-M\u00e4rz19.jpg\"><img loading=\"lazy\" decoding=\"async\" class=\"aligncenter size-large wp-image-26239\" title=\"S\u00fcsser Michl1 M\u00e4rz19\" src=\"http:\/\/collies-vom-floersbachtal.de\/cms\/wp-content\/uploads\/2019\/01\/S\u00fcsser-Michl1-M\u00e4rz19-1024x768.jpg\" alt=\"\" width=\"640\" height=\"480\" srcset=\"https:\/\/collies-vom-floersbachtal.de\/cms\/wp-content\/uploads\/2019\/01\/S\u00fcsser-Michl1-M\u00e4rz19-1024x768.jpg 1024w, https:\/\/collies-vom-floersbachtal.de\/cms\/wp-content\/uploads\/2019\/01\/S\u00fcsser-Michl1-M\u00e4rz19-300x225.jpg 300w\" sizes=\"auto, (max-width: 640px) 100vw, 640px\" \/><\/a><\/p>\n<p><strong>Februar&nbsp; 2019<\/strong>&nbsp; <strong>klein<\/strong>&nbsp;<strong>Michl ist im neuen Zuhause angekommen.<\/strong><br \/><strong>27.02.19<\/strong> Hallo Susanne,<br \/>ich wollte mich mal wieder melden und von Michl berichten. Es geht nach wie vor super gut und der Bub hat schon viele Freunde gefunden. Wir gehen \u00f6fter kurze Gassis mit Freunden und deren Hunden, was immer wunderbar klappt. Letzte Woche haben wir Hank und Kerstin besucht, das war total sch\u00f6n. Hank hat sich richtig auf den Kleenen eingelassen und die beiden haben wunderbar miteinander gespielt. Werden wir jetzt \u00f6fter mal machen.<br \/>Letzten Freitag war Michl zum ersten Mal einen ganzen Vormittag in der Firma. Er war wieder total tiefen entspannt und ist von B\u00fcro zu B\u00fcro gelatscht um alle zu begr\u00fc\u00dfen. Dann musste er arbeiten, da die Marketingabteilung spontan beschlossen hat, ihn in den neuen Katalog sowie in Facebook und Instagram zu setzen. Sie haben sofort ein Photoshooting mit ihm veranstaltet, was er sichtlich genossen hat :-). Ich werde ihn jetzt jede Woche mal einen Tag mitnehmen, damit er dran gew\u00f6hnt ist, wenn ich ihn irgendwann wirklich mal mitnehmen muss.<br \/>Bis ganz bald!!!<br \/>LG<br \/>Angi<a href=\"http:\/\/collies-vom-floersbachtal.de\/cms\/wp-content\/uploads\/2019\/01\/Michl1-Feb.19.png\"><img loading=\"lazy\" decoding=\"async\" class=\"aligncenter size-large wp-image-26112\" title=\"Michl1 Feb.19\" src=\"http:\/\/collies-vom-floersbachtal.de\/cms\/wp-content\/uploads\/2019\/01\/Michl1-Feb.19-575x1024.png\" alt=\"\" width=\"575\" height=\"1024\" srcset=\"https:\/\/collies-vom-floersbachtal.de\/cms\/wp-content\/uploads\/2019\/01\/Michl1-Feb.19-575x1024.png 575w, https:\/\/collies-vom-floersbachtal.de\/cms\/wp-content\/uploads\/2019\/01\/Michl1-Feb.19-168x300.png 168w, https:\/\/collies-vom-floersbachtal.de\/cms\/wp-content\/uploads\/2019\/01\/Michl1-Feb.19.png 750w\" sizes=\"auto, (max-width: 575px) 100vw, 575px\" \/><\/a><br \/><a href=\"http:\/\/collies-vom-floersbachtal.de\/cms\/wp-content\/uploads\/2019\/01\/Michl2-Feb.19.jpg\"><img loading=\"lazy\" decoding=\"async\" class=\"aligncenter size-full wp-image-26116\" title=\"Michl2 Feb.19\" src=\"http:\/\/collies-vom-floersbachtal.de\/cms\/wp-content\/uploads\/2019\/01\/Michl2-Feb.19-e1551278609709.jpg\" alt=\"\" width=\"480\" height=\"640\" srcset=\"https:\/\/collies-vom-floersbachtal.de\/cms\/wp-content\/uploads\/2019\/01\/Michl2-Feb.19-e1551278609709.jpg 480w, https:\/\/collies-vom-floersbachtal.de\/cms\/wp-content\/uploads\/2019\/01\/Michl2-Feb.19-e1551278609709-225x300.jpg 225w\" sizes=\"auto, (max-width: 480px) 100vw, 480px\" \/><\/a> Frauli l\u00e4sst uns verhungern!!!!<\/p>\n<p><strong>20.02.19 Neues von klein Michl&nbsp;<\/strong><br \/>Hallo Susanne,<br \/>habe gestern die schlechten Nachrichten von Kerstin erfahren. Es tut mir leid, dass Du Deine W\u00fcrfe um ein Jahr verschieben musst. Letztendlich &#8211; wer wei\u00df f\u00fcr was es gut ist. Bleib positiv und fr\u00f6hlich. Alles zu seiner Zeit.<br \/>Michl ist der Knaller, ich bin so dankbar, dass Du ihn uns empfohlen hast. Er ist genau der richtige Hund f\u00fcr uns, wahrhaftig tiefenentspannt, er schl\u00e4ft nach wie vor durch und war nach 1,5 Wochen sauber. Wir lieben ihn alle so sehr &#8211; sogar mein Sohn, und der hat eigentlich f\u00fcr Tiere nichts \u00fcbrig.<br \/>Heute war er zum ersten Mal l\u00e4ngere Zeit mit in der Firma und es gab \u00fcberhaupt keinen Stress. In der Welpenstunde macht er sich gut und wir bekommen wertvolle Tips. An der Leine hat er immer noch das ein oder andere Problem, aber das liegt sicher auch an mir. Ich bin selbst total leinenunerfahren, da meine Hunde meist frei gelaufen sind. Wir m\u00fcssen halt gemeinsam lernen, was uns schon ganz gut gelingt. Paula wird \u00f6fter mal gemobbt &#8211; hier muss man \u00f6fter Grenzen setzen, da er einfach schon viel gr\u00f6\u00dfer ist als sie. Er findet es lustig, wenn sie sich aufregt und nach ihm schnappt &#8211; sie nat\u00fcrlich nicht. Mit der Katze klappt es super &#8211; sie setzt ihre eigenen Grenzen und Michl musste schon einige Ohrfeigen einstecken.<br \/>Ganz liebe Gr\u00fc\u00dfe!!!!!<br \/>Angi und Hardy mit Michl, Paula und Frida<br \/><a href=\"http:\/\/collies-vom-floersbachtal.de\/cms\/wp-content\/uploads\/2019\/01\/Michl15.jpg\"><img loading=\"lazy\" decoding=\"async\" class=\"aligncenter size-full wp-image-26050\" title=\"Michl1\" src=\"http:\/\/collies-vom-floersbachtal.de\/cms\/wp-content\/uploads\/2019\/01\/Michl15-e1550687508897.jpg\" alt=\"\" width=\"480\" height=\"640\" srcset=\"https:\/\/collies-vom-floersbachtal.de\/cms\/wp-content\/uploads\/2019\/01\/Michl15-e1550687508897.jpg 480w, https:\/\/collies-vom-floersbachtal.de\/cms\/wp-content\/uploads\/2019\/01\/Michl15-e1550687508897-225x300.jpg 225w\" sizes=\"auto, (max-width: 480px) 100vw, 480px\" \/><\/a><br \/><a href=\"http:\/\/collies-vom-floersbachtal.de\/cms\/wp-content\/uploads\/2019\/01\/Michl24.jpg\"><img loading=\"lazy\" decoding=\"async\" class=\"aligncenter size-medium wp-image-26051\" title=\"Michl2\" src=\"http:\/\/collies-vom-floersbachtal.de\/cms\/wp-content\/uploads\/2019\/01\/Michl24-225x300.jpg\" alt=\"\" width=\"225\" height=\"300\" srcset=\"https:\/\/collies-vom-floersbachtal.de\/cms\/wp-content\/uploads\/2019\/01\/Michl24-225x300.jpg 225w, https:\/\/collies-vom-floersbachtal.de\/cms\/wp-content\/uploads\/2019\/01\/Michl24.jpg 480w\" sizes=\"auto, (max-width: 225px) 100vw, 225px\" \/><\/a><br \/><a href=\"http:\/\/collies-vom-floersbachtal.de\/cms\/wp-content\/uploads\/2019\/01\/Michl34.jpg\"><img loading=\"lazy\" decoding=\"async\" class=\"aligncenter size-medium wp-image-26052\" title=\"Michl3\" src=\"http:\/\/collies-vom-floersbachtal.de\/cms\/wp-content\/uploads\/2019\/01\/Michl34-e1550687554930-225x300.jpg\" alt=\"\" width=\"225\" height=\"300\" srcset=\"https:\/\/collies-vom-floersbachtal.de\/cms\/wp-content\/uploads\/2019\/01\/Michl34-e1550687554930-225x300.jpg 225w, https:\/\/collies-vom-floersbachtal.de\/cms\/wp-content\/uploads\/2019\/01\/Michl34-e1550687554930.jpg 480w\" sizes=\"auto, (max-width: 225px) 100vw, 225px\" \/><\/a><\/p>\n<p><a href=\"http:\/\/collies-vom-floersbachtal.de\/cms\/wp-content\/uploads\/2019\/01\/Michl5.jpg\"><img loading=\"lazy\" decoding=\"async\" class=\"aligncenter size-full wp-image-26054\" title=\"Michl5\" src=\"http:\/\/collies-vom-floersbachtal.de\/cms\/wp-content\/uploads\/2019\/01\/Michl5.jpg\" alt=\"\" width=\"640\" height=\"480\" srcset=\"https:\/\/collies-vom-floersbachtal.de\/cms\/wp-content\/uploads\/2019\/01\/Michl5.jpg 640w, https:\/\/collies-vom-floersbachtal.de\/cms\/wp-content\/uploads\/2019\/01\/Michl5-300x225.jpg 300w\" sizes=\"auto, (max-width: 640px) 100vw, 640px\" \/><\/a><\/p>\n<p><a href=\"http:\/\/collies-vom-floersbachtal.de\/cms\/wp-content\/uploads\/2019\/01\/Michl7.jpg\"><img loading=\"lazy\" decoding=\"async\" class=\"aligncenter size-full wp-image-26056\" title=\"Michl7\" src=\"http:\/\/collies-vom-floersbachtal.de\/cms\/wp-content\/uploads\/2019\/01\/Michl7.jpg\" alt=\"\" width=\"480\" height=\"640\" srcset=\"https:\/\/collies-vom-floersbachtal.de\/cms\/wp-content\/uploads\/2019\/01\/Michl7.jpg 480w, https:\/\/collies-vom-floersbachtal.de\/cms\/wp-content\/uploads\/2019\/01\/Michl7-225x300.jpg 225w\" sizes=\"auto, (max-width: 480px) 100vw, 480px\" \/><\/a> Na so l\u00e4\u00dft es sich leben, wenn man so verw\u00f6hnt wird \ud83d\ude09<\/p>\n<p>Hallo Susanne, Hoffentlich ist bei Dir mal ein wenig Ruhe eingekehrt und Du genie\u00dft die welpenfreie Zeit! Hier l\u00e4uft es supergut. Michl schl\u00e4ft von der ersten Nacht an durch und man h\u00f6rt keinen Mucks von ihm. Meistens bin ich morgens sogar vor ihm wach und er begr\u00fc\u00dft mich dann wedelnd mit quietschendem G\u00e4hnen. So ein Kennel ist wirklich Gold wert. Manchmal landet tags\u00fcber zwar immer noch mal ein Pippi im Haus &#8211; aber man kann ihn halt auch nicht die ganze Zeit beobachten. Es gibt aber auch schon pippifreie Tage und sein gro\u00dfes Gesch\u00e4ft hat er sowieso noch nie im Haus gemacht \ud83d\ude00<\/p>\n<p>Mit dem Autofahren gibts noch immer Probleme. Er sabbert und weint, aber gebrochen hat er erst ein Mal. Er spielt gerne mit der Katze und orientiert sich viel an Paula, was sehr gut ist. Er respektiert sie und sie duldet ihn. Am Montag gehts zum ersten Mal in die Welpenstunde. Bin schon sehr gespannt \ud83d\ude42<\/p>\n<p>Ganz liebe Gr\u00fc\u00dfe Angi, Hardy und Michl<br \/><a href=\"http:\/\/collies-vom-floersbachtal.de\/cms\/wp-content\/uploads\/2019\/01\/Michl12.jpg\"><img loading=\"lazy\" decoding=\"async\" class=\"aligncenter size-medium wp-image-25883\" title=\"Michl1\" src=\"http:\/\/collies-vom-floersbachtal.de\/cms\/wp-content\/uploads\/2019\/01\/Michl12-225x300.jpg\" alt=\"\" width=\"225\" height=\"300\" srcset=\"https:\/\/collies-vom-floersbachtal.de\/cms\/wp-content\/uploads\/2019\/01\/Michl12-225x300.jpg 225w, https:\/\/collies-vom-floersbachtal.de\/cms\/wp-content\/uploads\/2019\/01\/Michl12.jpg 768w\" sizes=\"auto, (max-width: 225px) 100vw, 225px\" \/><\/a><br \/>So l\u00e4\u00dft man es sich gut gehen.<\/p>\n<p><a href=\"http:\/\/collies-vom-floersbachtal.de\/cms\/wp-content\/uploads\/2019\/01\/Michl31.jpg\"><img loading=\"lazy\" decoding=\"async\" class=\"aligncenter size-medium wp-image-25885\" title=\"Michl3\" src=\"http:\/\/collies-vom-floersbachtal.de\/cms\/wp-content\/uploads\/2019\/01\/Michl31-300x225.jpg\" alt=\"\" width=\"300\" height=\"225\" srcset=\"https:\/\/collies-vom-floersbachtal.de\/cms\/wp-content\/uploads\/2019\/01\/Michl31-300x225.jpg 300w, https:\/\/collies-vom-floersbachtal.de\/cms\/wp-content\/uploads\/2019\/01\/Michl31.jpg 640w\" sizes=\"auto, (max-width: 300px) 100vw, 300px\" \/><\/a><br \/>wie kann man denn so schlafen??? \ud83d\ude09 wie s\u00fc\u00df \ud83d\ude00<\/p>\n<p>Hallo liebe Susanne, Wir sind gut zu Hause angekommen. Michel hat zwar 2 x gebrochen und sehr viel gesabbert, aber das war vielleicht auch die Aufregung. Meine gr\u00f6\u00dfte Sorge &#8211; die Katze &#8211; hat sich ziemlich sofort in Luft aufgel\u00f6st. Die beiden haben im Garten schon fast miteinander gespielt.<a href=\"http:\/\/collies-vom-floersbachtal.de\/cms\/wp-content\/uploads\/2019\/01\/Michl13.jpg\"><img loading=\"lazy\" decoding=\"async\" class=\"aligncenter size-medium wp-image-25888\" title=\"Michl1\" src=\"http:\/\/collies-vom-floersbachtal.de\/cms\/wp-content\/uploads\/2019\/01\/Michl13-e1549650180861-225x300.jpg\" alt=\"\" width=\"225\" height=\"300\" srcset=\"https:\/\/collies-vom-floersbachtal.de\/cms\/wp-content\/uploads\/2019\/01\/Michl13-e1549650180861-225x300.jpg 225w, https:\/\/collies-vom-floersbachtal.de\/cms\/wp-content\/uploads\/2019\/01\/Michl13-e1549650180861.jpg 480w\" sizes=\"auto, (max-width: 225px) 100vw, 225px\" \/><\/a><br \/><a href=\"http:\/\/collies-vom-floersbachtal.de\/cms\/wp-content\/uploads\/2019\/01\/Michl41.jpg\"><img loading=\"lazy\" decoding=\"async\" class=\"aligncenter size-medium wp-image-25886\" title=\"Michl4\" src=\"http:\/\/collies-vom-floersbachtal.de\/cms\/wp-content\/uploads\/2019\/01\/Michl41-e1549650039730-300x225.jpg\" alt=\"\" width=\"300\" height=\"225\" srcset=\"https:\/\/collies-vom-floersbachtal.de\/cms\/wp-content\/uploads\/2019\/01\/Michl41-e1549650039730-300x225.jpg 300w, https:\/\/collies-vom-floersbachtal.de\/cms\/wp-content\/uploads\/2019\/01\/Michl41-e1549650039730.jpg 640w\" sizes=\"auto, (max-width: 300px) 100vw, 300px\" \/><\/a><br \/>Huhu, Sicherheit gibt ihm Paula. Wenn die bei ihm im Fussraum liegt dann ist alles gut!!! Wenn ich alleine fahre habe ich ihn im Kennel &#8211; aber da weint er und sabbert. Werde die Globoli ausprobieren.<br \/>Heute ist er sehr anh\u00e4nglich. Liegt immer mit Paula zusammen auf ihrem Kissen &#8211; und sie l\u00e4sst ihn.<br \/>So s\u00fc\u00df!!!!! Ich freu mich so!!<br \/>LG<br \/>Angi<\/p>\n<p><a href=\"http:\/\/collies-vom-floersbachtal.de\/cms\/wp-content\/uploads\/2019\/01\/Michl32.jpg\"><img loading=\"lazy\" decoding=\"async\" class=\"aligncenter size-full wp-image-25890\" title=\"Michl3\" src=\"http:\/\/collies-vom-floersbachtal.de\/cms\/wp-content\/uploads\/2019\/01\/Michl32-e1549650237883.jpg\" alt=\"\" width=\"480\" height=\"640\" srcset=\"https:\/\/collies-vom-floersbachtal.de\/cms\/wp-content\/uploads\/2019\/01\/Michl32-e1549650237883.jpg 480w, https:\/\/collies-vom-floersbachtal.de\/cms\/wp-content\/uploads\/2019\/01\/Michl32-e1549650237883-225x300.jpg 225w\" sizes=\"auto, (max-width: 480px) 100vw, 480px\" \/><\/a><\/p>\n<p>Frida ist total neugierig und wachsam, aber v\u00f6llig entspannt. \u00dcbrigens genau wie Michel &#8211; der ist auch tiefenentspannt. Unsere alte Paula ist sehr entsetzt und regelrecht eingeschnappt, hat den Kleinen aber bisher nicht mal angeknurrt. Er hat gegessen und Gassi waren wir auch schon. Er hat allerdings nichts gemacht, obwohl er viel getrunken hat. Jetzt schl\u00e4ft er und danach wird er sich sicher l\u00f6sen. Dir nochmal vielen Dank, dass Du uns einen Welpen anvertraut hast, wir sind sehr gl\u00fccklich!!!! Bis bald Angi und Hardy<\/p>\n<p><strong>04.01.19<\/strong> So hier melden wir uns nach der ersten Nacht. Michl hat im Kennel neben meinem Bett geschlafen. Er war m\u00e4uschenstill und hat die ganze Nacht gepennt. Um 5:30 Uhr gab es dann ein kurzes Bellen und wir sind in den Garten um Pipi zu machen. Was die Verteilung der Schlafpl\u00e4tze betrifft haben wir hier noch ein kleines Durcheinander. Paula schl\u00e4ft im Michlbett, die Katze auf dem vorsichtshalber ausgelegten Toilettentuch und der Collie auf der Couch. Soooooo sollte es ja eigentlich nicht sein<br \/><a href=\"http:\/\/collies-vom-floersbachtal.de\/cms\/wp-content\/uploads\/2019\/01\/Michl14.jpg\"><img loading=\"lazy\" decoding=\"async\" class=\"aligncenter size-full wp-image-25893\" title=\"Michl1\" src=\"http:\/\/collies-vom-floersbachtal.de\/cms\/wp-content\/uploads\/2019\/01\/Michl14-e1549650463430.jpg\" alt=\"\" width=\"480\" height=\"640\" srcset=\"https:\/\/collies-vom-floersbachtal.de\/cms\/wp-content\/uploads\/2019\/01\/Michl14-e1549650463430.jpg 480w, https:\/\/collies-vom-floersbachtal.de\/cms\/wp-content\/uploads\/2019\/01\/Michl14-e1549650463430-225x300.jpg 225w\" sizes=\"auto, (max-width: 480px) 100vw, 480px\" \/><\/a><br \/><a href=\"http:\/\/collies-vom-floersbachtal.de\/cms\/wp-content\/uploads\/2019\/01\/Michl42.jpg\"><img loading=\"lazy\" decoding=\"async\" class=\"aligncenter size-medium wp-image-25896\" title=\"Michl4\" src=\"http:\/\/collies-vom-floersbachtal.de\/cms\/wp-content\/uploads\/2019\/01\/Michl42-e1549650558558-225x300.jpg\" alt=\"\" width=\"225\" height=\"300\" srcset=\"https:\/\/collies-vom-floersbachtal.de\/cms\/wp-content\/uploads\/2019\/01\/Michl42-e1549650558558-225x300.jpg 225w, https:\/\/collies-vom-floersbachtal.de\/cms\/wp-content\/uploads\/2019\/01\/Michl42-e1549650558558.jpg 480w\" sizes=\"auto, (max-width: 225px) 100vw, 225px\" \/><\/a><\/p>","protected":false},"excerpt":{"rendered":"<p>Dezember News von Michl \ud83d\ude42 Novembernews von Michl \ud83d\ude42 August News von Michl mit seiner Nichte Nika \ud83d\ude42 April 2025 News von Michl \ud83d\ude42 Oktober 2024 News als Michl seine Nichte Nika kennen lernen durfte \ud83d\ude00 Michl auf Besuch bei &hellip; <a href=\"https:\/\/collies-vom-floersbachtal.de\/?page_id=25584\">Weiterlesen <span class=\"meta-nav\">&rarr;<\/span><\/a><\/p>\n","protected":false},"author":1,"featured_media":0,"parent":0,"menu_order":0,"comment_status":"open","ping_status":"open","template":"","meta":{"footnotes":""},"class_list":["post-25584","page","type-page","status-publish","hentry"],"_links":{"self":[{"href":"https:\/\/collies-vom-floersbachtal.de\/index.php?rest_route=\/wp\/v2\/pages\/25584","targetHints":{"allow":["GET"]}}],"collection":[{"href":"https:\/\/collies-vom-floersbachtal.de\/index.php?rest_route=\/wp\/v2\/pages"}],"about":[{"href":"https:\/\/collies-vom-floersbachtal.de\/index.php?rest_route=\/wp\/v2\/types\/page"}],"author":[{"embeddable":true,"href":"https:\/\/collies-vom-floersbachtal.de\/index.php?rest_route=\/wp\/v2\/users\/1"}],"replies":[{"embeddable":true,"href":"https:\/\/collies-vom-floersbachtal.de\/index.php?rest_route=%2Fwp%2Fv2%2Fcomments&post=25584"}],"version-history":[{"count":61,"href":"https:\/\/collies-vom-floersbachtal.de\/index.php?rest_route=\/wp\/v2\/pages\/25584\/revisions"}],"predecessor-version":[{"id":53803,"href":"https:\/\/collies-vom-floersbachtal.de\/index.php?rest_route=\/wp\/v2\/pages\/25584\/revisions\/53803"}],"wp:attachment":[{"href":"https:\/\/collies-vom-floersbachtal.de\/index.php?rest_route=%2Fwp%2Fv2%2Fmedia&parent=25584"}],"curies":[{"name":"wp","href":"https:\/\/api.w.org\/{rel}","templated":true}]}}