{"id":25573,"date":"2019-01-29T09:17:24","date_gmt":"2019-01-29T09:17:24","guid":{"rendered":"http:\/\/collies-vom-floersbachtal.de\/?page_id=25573"},"modified":"2025-04-08T09:59:20","modified_gmt":"2025-04-08T09:59:20","slug":"nachzucht-i-wurf-iceman-harley-mylo","status":"publish","type":"page","link":"https:\/\/collies-vom-floersbachtal.de\/?page_id=25573","title":{"rendered":"Nachzucht I &#8211; Wurf Iceman-Harley (Mylo)"},"content":{"rendered":"\n<p><strong>Neue Fotos von Mylo im August 2023 \ud83d\ude42<\/strong><\/p>\n\n\n\n<figure class=\"wp-block-gallery has-nested-images columns-default is-cropped wp-block-gallery-1 is-layout-flex wp-block-gallery-is-layout-flex\">\n<figure class=\"wp-block-image size-large\"><a href=\"https:\/\/collies-vom-floersbachtal.de\/cms\/wp-content\/uploads\/2023\/08\/Mylo2-August.jpg\"><img loading=\"lazy\" decoding=\"async\" width=\"867\" height=\"1024\" data-id=\"41210\" src=\"https:\/\/collies-vom-floersbachtal.de\/cms\/wp-content\/uploads\/2023\/08\/Mylo2-August-867x1024.jpg\" alt=\"\" class=\"wp-image-41210\" srcset=\"https:\/\/collies-vom-floersbachtal.de\/cms\/wp-content\/uploads\/2023\/08\/Mylo2-August-867x1024.jpg 867w, https:\/\/collies-vom-floersbachtal.de\/cms\/wp-content\/uploads\/2023\/08\/Mylo2-August-254x300.jpg 254w, https:\/\/collies-vom-floersbachtal.de\/cms\/wp-content\/uploads\/2023\/08\/Mylo2-August-768x908.jpg 768w, https:\/\/collies-vom-floersbachtal.de\/cms\/wp-content\/uploads\/2023\/08\/Mylo2-August.jpg 1057w\" sizes=\"auto, (max-width: 867px) 100vw, 867px\" \/><\/a><\/figure>\n\n\n\n<figure class=\"wp-block-image size-large\"><a href=\"https:\/\/collies-vom-floersbachtal.de\/cms\/wp-content\/uploads\/2023\/08\/Mylo1-August.jpg\"><img loading=\"lazy\" decoding=\"async\" width=\"857\" height=\"1024\" data-id=\"41209\" src=\"https:\/\/collies-vom-floersbachtal.de\/cms\/wp-content\/uploads\/2023\/08\/Mylo1-August-857x1024.jpg\" alt=\"\" class=\"wp-image-41209\" srcset=\"https:\/\/collies-vom-floersbachtal.de\/cms\/wp-content\/uploads\/2023\/08\/Mylo1-August-857x1024.jpg 857w, https:\/\/collies-vom-floersbachtal.de\/cms\/wp-content\/uploads\/2023\/08\/Mylo1-August-251x300.jpg 251w, https:\/\/collies-vom-floersbachtal.de\/cms\/wp-content\/uploads\/2023\/08\/Mylo1-August-768x918.jpg 768w, https:\/\/collies-vom-floersbachtal.de\/cms\/wp-content\/uploads\/2023\/08\/Mylo1-August.jpg 1078w\" sizes=\"auto, (max-width: 857px) 100vw, 857px\" \/><\/a><\/figure>\n<\/figure>\n\n\n\n<h1 class=\"wp-block-heading\"><strong>News von Mylo im Juni 2023 \ud83d\ude42<\/strong><\/h1>\n\n\n\n<figure class=\"wp-block-gallery has-nested-images columns-default is-cropped wp-block-gallery-2 is-layout-flex wp-block-gallery-is-layout-flex\">\n<figure class=\"wp-block-image size-large\"><a href=\"https:\/\/collies-vom-floersbachtal.de\/cms\/wp-content\/uploads\/2023\/06\/Iceman-Mylo5-Juni23.jpg\"><img loading=\"lazy\" decoding=\"async\" width=\"461\" height=\"1024\" data-id=\"40030\" src=\"https:\/\/collies-vom-floersbachtal.de\/cms\/wp-content\/uploads\/2023\/06\/Iceman-Mylo5-Juni23-461x1024.jpg\" alt=\"\" class=\"wp-image-40030\" srcset=\"https:\/\/collies-vom-floersbachtal.de\/cms\/wp-content\/uploads\/2023\/06\/Iceman-Mylo5-Juni23-461x1024.jpg 461w, https:\/\/collies-vom-floersbachtal.de\/cms\/wp-content\/uploads\/2023\/06\/Iceman-Mylo5-Juni23-135x300.jpg 135w, https:\/\/collies-vom-floersbachtal.de\/cms\/wp-content\/uploads\/2023\/06\/Iceman-Mylo5-Juni23-768x1705.jpg 768w, https:\/\/collies-vom-floersbachtal.de\/cms\/wp-content\/uploads\/2023\/06\/Iceman-Mylo5-Juni23-692x1536.jpg 692w, https:\/\/collies-vom-floersbachtal.de\/cms\/wp-content\/uploads\/2023\/06\/Iceman-Mylo5-Juni23.jpg 908w\" sizes=\"auto, (max-width: 461px) 100vw, 461px\" \/><\/a><\/figure>\n\n\n\n<figure class=\"wp-block-image size-large\"><a href=\"https:\/\/collies-vom-floersbachtal.de\/cms\/wp-content\/uploads\/2023\/06\/Iceman-Mylo2-Juni23.jpg\"><img loading=\"lazy\" decoding=\"async\" width=\"461\" height=\"1024\" data-id=\"40032\" src=\"https:\/\/collies-vom-floersbachtal.de\/cms\/wp-content\/uploads\/2023\/06\/Iceman-Mylo2-Juni23-461x1024.jpg\" alt=\"\" class=\"wp-image-40032\" srcset=\"https:\/\/collies-vom-floersbachtal.de\/cms\/wp-content\/uploads\/2023\/06\/Iceman-Mylo2-Juni23-461x1024.jpg 461w, https:\/\/collies-vom-floersbachtal.de\/cms\/wp-content\/uploads\/2023\/06\/Iceman-Mylo2-Juni23-135x300.jpg 135w, https:\/\/collies-vom-floersbachtal.de\/cms\/wp-content\/uploads\/2023\/06\/Iceman-Mylo2-Juni23-768x1705.jpg 768w, https:\/\/collies-vom-floersbachtal.de\/cms\/wp-content\/uploads\/2023\/06\/Iceman-Mylo2-Juni23-692x1536.jpg 692w, https:\/\/collies-vom-floersbachtal.de\/cms\/wp-content\/uploads\/2023\/06\/Iceman-Mylo2-Juni23.jpg 908w\" sizes=\"auto, (max-width: 461px) 100vw, 461px\" \/><\/a><\/figure>\n\n\n\n<figure class=\"wp-block-image size-large\"><a href=\"https:\/\/collies-vom-floersbachtal.de\/cms\/wp-content\/uploads\/2023\/06\/Iceman-Mylo3-Juni23.jpg\"><img loading=\"lazy\" decoding=\"async\" width=\"461\" height=\"1024\" data-id=\"40033\" src=\"https:\/\/collies-vom-floersbachtal.de\/cms\/wp-content\/uploads\/2023\/06\/Iceman-Mylo3-Juni23-461x1024.jpg\" alt=\"\" class=\"wp-image-40033\" srcset=\"https:\/\/collies-vom-floersbachtal.de\/cms\/wp-content\/uploads\/2023\/06\/Iceman-Mylo3-Juni23-461x1024.jpg 461w, https:\/\/collies-vom-floersbachtal.de\/cms\/wp-content\/uploads\/2023\/06\/Iceman-Mylo3-Juni23-135x300.jpg 135w, https:\/\/collies-vom-floersbachtal.de\/cms\/wp-content\/uploads\/2023\/06\/Iceman-Mylo3-Juni23-768x1705.jpg 768w, https:\/\/collies-vom-floersbachtal.de\/cms\/wp-content\/uploads\/2023\/06\/Iceman-Mylo3-Juni23-692x1536.jpg 692w, https:\/\/collies-vom-floersbachtal.de\/cms\/wp-content\/uploads\/2023\/06\/Iceman-Mylo3-Juni23.jpg 908w\" sizes=\"auto, (max-width: 461px) 100vw, 461px\" \/><\/a><\/figure>\n\n\n\n<figure class=\"wp-block-image size-large\"><a href=\"https:\/\/collies-vom-floersbachtal.de\/cms\/wp-content\/uploads\/2023\/06\/Iceman-Mylo4-Juni23.jpg\"><img loading=\"lazy\" decoding=\"async\" width=\"1000\" height=\"750\" data-id=\"40029\" src=\"https:\/\/collies-vom-floersbachtal.de\/cms\/wp-content\/uploads\/2023\/06\/Iceman-Mylo4-Juni23.jpg\" alt=\"\" class=\"wp-image-40029\" srcset=\"https:\/\/collies-vom-floersbachtal.de\/cms\/wp-content\/uploads\/2023\/06\/Iceman-Mylo4-Juni23.jpg 1000w, https:\/\/collies-vom-floersbachtal.de\/cms\/wp-content\/uploads\/2023\/06\/Iceman-Mylo4-Juni23-300x225.jpg 300w, https:\/\/collies-vom-floersbachtal.de\/cms\/wp-content\/uploads\/2023\/06\/Iceman-Mylo4-Juni23-768x576.jpg 768w\" sizes=\"auto, (max-width: 1000px) 100vw, 1000px\" \/><\/a><\/figure>\n<\/figure>\n\n\n\n<h2 class=\"wp-block-heading\"><strong>News von Mylo im August 2021 \ud83d\ude42<\/strong><\/h2>\n\n\n\n<figure class=\"wp-block-gallery has-nested-images columns-default is-cropped wp-block-gallery-3 is-layout-flex wp-block-gallery-is-layout-flex\">\n<figure class=\"wp-block-image size-large\"><a href=\"https:\/\/collies-vom-floersbachtal.de\/cms\/wp-content\/uploads\/2021\/08\/Mylo1-August21.jpg\"><img loading=\"lazy\" decoding=\"async\" width=\"720\" height=\"960\" data-id=\"33236\" src=\"https:\/\/collies-vom-floersbachtal.de\/cms\/wp-content\/uploads\/2021\/08\/Mylo1-August21.jpg\" alt=\"\" class=\"wp-image-33236\" srcset=\"https:\/\/collies-vom-floersbachtal.de\/cms\/wp-content\/uploads\/2021\/08\/Mylo1-August21.jpg 720w, https:\/\/collies-vom-floersbachtal.de\/cms\/wp-content\/uploads\/2021\/08\/Mylo1-August21-225x300.jpg 225w\" sizes=\"auto, (max-width: 720px) 100vw, 720px\" \/><\/a><\/figure>\n\n\n\n<figure class=\"wp-block-image size-large\"><a href=\"https:\/\/collies-vom-floersbachtal.de\/cms\/wp-content\/uploads\/2021\/08\/Mylo2-August21.jpg\"><img loading=\"lazy\" decoding=\"async\" width=\"960\" height=\"720\" data-id=\"33237\" src=\"https:\/\/collies-vom-floersbachtal.de\/cms\/wp-content\/uploads\/2021\/08\/Mylo2-August21.jpg\" alt=\"\" class=\"wp-image-33237\" srcset=\"https:\/\/collies-vom-floersbachtal.de\/cms\/wp-content\/uploads\/2021\/08\/Mylo2-August21.jpg 960w, https:\/\/collies-vom-floersbachtal.de\/cms\/wp-content\/uploads\/2021\/08\/Mylo2-August21-300x225.jpg 300w, https:\/\/collies-vom-floersbachtal.de\/cms\/wp-content\/uploads\/2021\/08\/Mylo2-August21-768x576.jpg 768w\" sizes=\"auto, (max-width: 960px) 100vw, 960px\" \/><\/a><\/figure>\n\n\n\n<figure class=\"wp-block-image size-large\"><a href=\"https:\/\/collies-vom-floersbachtal.de\/cms\/wp-content\/uploads\/2021\/08\/Mylo3-August21.jpg\"><img loading=\"lazy\" decoding=\"async\" width=\"720\" height=\"960\" data-id=\"33238\" src=\"https:\/\/collies-vom-floersbachtal.de\/cms\/wp-content\/uploads\/2021\/08\/Mylo3-August21.jpg\" alt=\"\" class=\"wp-image-33238\" srcset=\"https:\/\/collies-vom-floersbachtal.de\/cms\/wp-content\/uploads\/2021\/08\/Mylo3-August21.jpg 720w, https:\/\/collies-vom-floersbachtal.de\/cms\/wp-content\/uploads\/2021\/08\/Mylo3-August21-225x300.jpg 225w\" sizes=\"auto, (max-width: 720px) 100vw, 720px\" \/><\/a><\/figure>\n\n\n\n<figure class=\"wp-block-image size-large\"><a href=\"https:\/\/collies-vom-floersbachtal.de\/cms\/wp-content\/uploads\/2021\/08\/Mylo4-August21.jpg\"><img loading=\"lazy\" decoding=\"async\" width=\"960\" height=\"720\" data-id=\"33239\" src=\"https:\/\/collies-vom-floersbachtal.de\/cms\/wp-content\/uploads\/2021\/08\/Mylo4-August21.jpg\" alt=\"\" class=\"wp-image-33239\" srcset=\"https:\/\/collies-vom-floersbachtal.de\/cms\/wp-content\/uploads\/2021\/08\/Mylo4-August21.jpg 960w, https:\/\/collies-vom-floersbachtal.de\/cms\/wp-content\/uploads\/2021\/08\/Mylo4-August21-300x225.jpg 300w, https:\/\/collies-vom-floersbachtal.de\/cms\/wp-content\/uploads\/2021\/08\/Mylo4-August21-768x576.jpg 768w\" sizes=\"auto, (max-width: 960px) 100vw, 960px\" \/><\/a><\/figure>\n<\/figure>\n\n\n<p><strong>Neue Fotos von Mylo im M\u00e4rz 2020<a href=\"http:\/\/collies-vom-floersbachtal.de\/cms\/wp-content\/uploads\/2019\/01\/Mylo25.jpg\"><img loading=\"lazy\" decoding=\"async\" class=\"aligncenter size-full wp-image-28758\" title=\"Mylo2\" src=\"http:\/\/collies-vom-floersbachtal.de\/cms\/wp-content\/uploads\/2019\/01\/Mylo25.jpg\" alt=\"\" width=\"720\" height=\"960\" srcset=\"https:\/\/collies-vom-floersbachtal.de\/cms\/wp-content\/uploads\/2019\/01\/Mylo25.jpg 720w, https:\/\/collies-vom-floersbachtal.de\/cms\/wp-content\/uploads\/2019\/01\/Mylo25-225x300.jpg 225w\" sizes=\"auto, (max-width: 720px) 100vw, 720px\" \/><\/a><\/strong><\/p>\n<p><strong>Neuigkeiten von dem s\u00fc\u00dfen Mylo noch kurz vor dem 1.Geburtstag \ud83d\ude00<\/strong><br>Hallo Susanne,wie bereits am Telefon besprochen sende ich dir ein paar Fotos von Mylo.<br><a href=\"http:\/\/collies-vom-floersbachtal.de\/cms\/wp-content\/uploads\/2019\/01\/Mylo1-Nov.19.jpg\"><img loading=\"lazy\" decoding=\"async\" class=\"aligncenter size-large wp-image-27730\" title=\"Mylo1 Nov.19\" src=\"http:\/\/collies-vom-floersbachtal.de\/cms\/wp-content\/uploads\/2019\/01\/Mylo1-Nov.19-1024x768.jpg\" alt=\"\" width=\"640\" height=\"480\" srcset=\"https:\/\/collies-vom-floersbachtal.de\/cms\/wp-content\/uploads\/2019\/01\/Mylo1-Nov.19-1024x768.jpg 1024w, https:\/\/collies-vom-floersbachtal.de\/cms\/wp-content\/uploads\/2019\/01\/Mylo1-Nov.19-300x224.jpg 300w\" sizes=\"auto, (max-width: 640px) 100vw, 640px\" \/><\/a> So s\u00fc\u00df am Kuscheln \ud83d\ude42<br><a href=\"http:\/\/collies-vom-floersbachtal.de\/cms\/wp-content\/uploads\/2019\/01\/Mylo2-Nov.19.jpg\"><img loading=\"lazy\" decoding=\"async\" class=\"aligncenter size-large wp-image-27731\" title=\"Mylo2 Nov.19\" src=\"http:\/\/collies-vom-floersbachtal.de\/cms\/wp-content\/uploads\/2019\/01\/Mylo2-Nov.19-1024x768.jpg\" alt=\"\" width=\"640\" height=\"480\" srcset=\"https:\/\/collies-vom-floersbachtal.de\/cms\/wp-content\/uploads\/2019\/01\/Mylo2-Nov.19-1024x768.jpg 1024w, https:\/\/collies-vom-floersbachtal.de\/cms\/wp-content\/uploads\/2019\/01\/Mylo2-Nov.19-300x224.jpg 300w\" sizes=\"auto, (max-width: 640px) 100vw, 640px\" \/><\/a> Schl\u00e4fste schon?<br><a href=\"http:\/\/collies-vom-floersbachtal.de\/cms\/wp-content\/uploads\/2019\/01\/Mylo3-Nov.19.jpg\"><img loading=\"lazy\" decoding=\"async\" class=\"aligncenter size-medium wp-image-27732\" title=\"Mylo3 Nov.19\" src=\"http:\/\/collies-vom-floersbachtal.de\/cms\/wp-content\/uploads\/2019\/01\/Mylo3-Nov.19-224x300.jpg\" alt=\"\" width=\"224\" height=\"300\" srcset=\"https:\/\/collies-vom-floersbachtal.de\/cms\/wp-content\/uploads\/2019\/01\/Mylo3-Nov.19-224x300.jpg 224w, https:\/\/collies-vom-floersbachtal.de\/cms\/wp-content\/uploads\/2019\/01\/Mylo3-Nov.19-768x1024.jpg 768w\" sizes=\"auto, (max-width: 224px) 100vw, 224px\" \/><\/a> Hihi, geweckt. \ud83d\ude09<br><a href=\"http:\/\/collies-vom-floersbachtal.de\/cms\/wp-content\/uploads\/2019\/01\/Mylo4-Nov.19.jpg\"><img loading=\"lazy\" decoding=\"async\" class=\"aligncenter size-large wp-image-27733\" title=\"Mylo4 Nov.19\" src=\"http:\/\/collies-vom-floersbachtal.de\/cms\/wp-content\/uploads\/2019\/01\/Mylo4-Nov.19-768x1024.jpg\" alt=\"\" width=\"640\" height=\"853\" srcset=\"https:\/\/collies-vom-floersbachtal.de\/cms\/wp-content\/uploads\/2019\/01\/Mylo4-Nov.19-768x1024.jpg 768w, https:\/\/collies-vom-floersbachtal.de\/cms\/wp-content\/uploads\/2019\/01\/Mylo4-Nov.19-224x300.jpg 224w\" sizes=\"auto, (max-width: 640px) 100vw, 640px\" \/><\/a><br><a href=\"http:\/\/collies-vom-floersbachtal.de\/cms\/wp-content\/uploads\/2019\/01\/Mylo5-Nov.19.jpg\"><img loading=\"lazy\" decoding=\"async\" class=\"aligncenter size-large wp-image-27734\" title=\"Mylo5 Nov.19\" src=\"http:\/\/collies-vom-floersbachtal.de\/cms\/wp-content\/uploads\/2019\/01\/Mylo5-Nov.19-768x1024.jpg\" alt=\"\" width=\"640\" height=\"853\" srcset=\"https:\/\/collies-vom-floersbachtal.de\/cms\/wp-content\/uploads\/2019\/01\/Mylo5-Nov.19-768x1024.jpg 768w, https:\/\/collies-vom-floersbachtal.de\/cms\/wp-content\/uploads\/2019\/01\/Mylo5-Nov.19-224x300.jpg 224w\" sizes=\"auto, (max-width: 640px) 100vw, 640px\" \/><\/a> Und alle Freunde \ud83d\ude00<br>und Schnee gab es auch schon.<br>ich bin schon ein stattlicher Junge und wiege mittlerweile 25 kg und meine W.-H\u00f6he betr\u00e4gt 64 cm.<br>bis bald euer ICEMAN Mylo<\/p>\n<p>Hallo,mein Frauchen m\u00f6chte heute \u00fcber mich berichten:<br>Mylo hat sich sehr gut entwickelt und ist ein ganz lieber Kerl.Er ist zwar mitten in der Pubert\u00e4t und seine Ohren stehen \u00f6fter auf Durchzug,aber das legt sich auch wieder.<br>Mylo liebt alle Menschen und Tiere ,vor allem unseren Kasimir.<\/p>\n<p><strong>M\u00e4rz 2019 S\u00fc\u00dfe Neuigkeiten von unserem kleinen Mylo \ud83d\ude00<\/strong><br>Hallo Susanne,<br>Entschuldige, dass ich mich so lange nicht gemeldet habe. Mylo geht es gut, er ist schon sch\u00f6n zugenommen ( 12,5 kg) und gewachsen ist er auch (47 cm Schulterh\u00f6he). Mylo geht gerne spazieren und spielt gerne mit Ise, manchmal etwas zu wild. Sie liegen auch viel zusammen. Die M\u00e4dels hier sind ganz sch\u00f6n anstrengend, sag ich euch &#8230; \ud83d\ude09<a href=\"http:\/\/collies-vom-floersbachtal.de\/cms\/wp-content\/uploads\/2019\/01\/Mylo2-M\u00e4rz19.jpg\"><img loading=\"lazy\" decoding=\"async\" class=\"aligncenter size-medium wp-image-26296\" title=\"burst\" src=\"http:\/\/collies-vom-floersbachtal.de\/cms\/wp-content\/uploads\/2019\/01\/Mylo2-M\u00e4rz19-300x224.jpg\" alt=\"\" width=\"300\" height=\"224\" srcset=\"https:\/\/collies-vom-floersbachtal.de\/cms\/wp-content\/uploads\/2019\/01\/Mylo2-M\u00e4rz19-300x224.jpg 300w, https:\/\/collies-vom-floersbachtal.de\/cms\/wp-content\/uploads\/2019\/01\/Mylo2-M\u00e4rz19-1024x768.jpg 1024w\" sizes=\"auto, (max-width: 300px) 100vw, 300px\" \/><\/a><br>Die Couch habe ich auch schon ausprobiert, aber da blieb ich nicht lange drauf liegen.Ich kann auch schon mal 1 Std. alleine bleiben.<br>Hat keiner gesehen&#8230; \ud83d\ude1b<a href=\"http:\/\/collies-vom-floersbachtal.de\/cms\/wp-content\/uploads\/2019\/01\/Mylo4-M\u00e4rz19.jpg\"><img loading=\"lazy\" decoding=\"async\" class=\"aligncenter size-large wp-image-26298\" title=\"dav\" src=\"http:\/\/collies-vom-floersbachtal.de\/cms\/wp-content\/uploads\/2019\/01\/Mylo4-M\u00e4rz19-1024x768.jpg\" alt=\"\" width=\"640\" height=\"480\" srcset=\"https:\/\/collies-vom-floersbachtal.de\/cms\/wp-content\/uploads\/2019\/01\/Mylo4-M\u00e4rz19-1024x768.jpg 1024w, https:\/\/collies-vom-floersbachtal.de\/cms\/wp-content\/uploads\/2019\/01\/Mylo4-M\u00e4rz19-300x224.jpg 300w\" sizes=\"auto, (max-width: 640px) 100vw, 640px\" \/><\/a> Huch,&#8230; \u00e4hm Frauli ich w\u00e4rm dir nur schon mal deinen Platz vor, ok??? \ud83d\ude00<\/p>\n<p>So, bis zum n\u00e4chsten Mal<br>Mylo und Familie.<\/p>\n<p><strong>News von klein Mylo im Februar 2019<\/strong><br>Hallo liebe Susanne,<br>ich wollte mich mal wieder melden wie es mit Mylo, den Katzen und Hunden so geht. Mit den anderen Vierbeinern klappt es super, die haben sich richtig gut angefreundet. Es gibt ein neues Hundesofa und alle m\u00f6chten es benutzen.<br><a href=\"http:\/\/collies-vom-floersbachtal.de\/cms\/wp-content\/uploads\/2019\/01\/Mylo1-Feb.19.jpg\"><img loading=\"lazy\" decoding=\"async\" class=\"aligncenter size-large wp-image-26043\" title=\"dav\" src=\"http:\/\/collies-vom-floersbachtal.de\/cms\/wp-content\/uploads\/2019\/01\/Mylo1-Feb.19-1024x768.jpg\" alt=\"\" width=\"640\" height=\"480\" srcset=\"https:\/\/collies-vom-floersbachtal.de\/cms\/wp-content\/uploads\/2019\/01\/Mylo1-Feb.19-1024x768.jpg 1024w, https:\/\/collies-vom-floersbachtal.de\/cms\/wp-content\/uploads\/2019\/01\/Mylo1-Feb.19-300x224.jpg 300w\" sizes=\"auto, (max-width: 640px) 100vw, 640px\" \/><\/a><br><a href=\"http:\/\/collies-vom-floersbachtal.de\/cms\/wp-content\/uploads\/2019\/01\/Mylo2-Feb.19.jpg\"><img loading=\"lazy\" decoding=\"async\" class=\"aligncenter size-large wp-image-26044\" title=\"burst\" src=\"http:\/\/collies-vom-floersbachtal.de\/cms\/wp-content\/uploads\/2019\/01\/Mylo2-Feb.19-1024x768.jpg\" alt=\"\" width=\"640\" height=\"480\" srcset=\"https:\/\/collies-vom-floersbachtal.de\/cms\/wp-content\/uploads\/2019\/01\/Mylo2-Feb.19-1024x768.jpg 1024w, https:\/\/collies-vom-floersbachtal.de\/cms\/wp-content\/uploads\/2019\/01\/Mylo2-Feb.19-300x224.jpg 300w\" sizes=\"auto, (max-width: 640px) 100vw, 640px\" \/><\/a>So ein Hundpo ist doch eine tolle Unterlage f\u00fcr den kleinen edlen Kopf. \ud83d\ude42<br>Auch gehe ich gerne spazieren, nat\u00fcrlich nur kurz, dabei habe ich auch schon einige Hunde getroffen. Auch war ich schon mit meiner Familie zum Kaffee trinken und habe mich gut benommen.<br>Heute bin ich ja 12 Wochen alt und Frauchen hat mich gerade gewogen. Ganze 9,1kg wiege ich schon. Ich fesse so schnell, da\u00df ich auch den Anderen ihr Futter gerne noch fressen w\u00fcrde. Aber die lassen mich nicht und Frauchen sagt auch immer das es genug ist.<a href=\"http:\/\/collies-vom-floersbachtal.de\/cms\/wp-content\/uploads\/2019\/01\/Mylo1-Feb.191.jpg\"><img loading=\"lazy\" decoding=\"async\" class=\"aligncenter size-medium wp-image-26045\" title=\"Mylo1 Feb.19\" src=\"http:\/\/collies-vom-floersbachtal.de\/cms\/wp-content\/uploads\/2019\/01\/Mylo1-Feb.191-300x225.jpg\" alt=\"\" width=\"300\" height=\"225\" srcset=\"https:\/\/collies-vom-floersbachtal.de\/cms\/wp-content\/uploads\/2019\/01\/Mylo1-Feb.191-300x225.jpg 300w, https:\/\/collies-vom-floersbachtal.de\/cms\/wp-content\/uploads\/2019\/01\/Mylo1-Feb.191-1024x768.jpg 1024w, https:\/\/collies-vom-floersbachtal.de\/cms\/wp-content\/uploads\/2019\/01\/Mylo1-Feb.191.jpg 1599w\" sizes=\"auto, (max-width: 300px) 100vw, 300px\" \/><\/a><br><a href=\"http:\/\/collies-vom-floersbachtal.de\/cms\/wp-content\/uploads\/2019\/01\/Mylo2-Feb.191.jpg\"><img loading=\"lazy\" decoding=\"async\" class=\"aligncenter size-medium wp-image-26046\" title=\"dav\" src=\"http:\/\/collies-vom-floersbachtal.de\/cms\/wp-content\/uploads\/2019\/01\/Mylo2-Feb.191-300x224.jpg\" alt=\"\" width=\"300\" height=\"224\" srcset=\"https:\/\/collies-vom-floersbachtal.de\/cms\/wp-content\/uploads\/2019\/01\/Mylo2-Feb.191-300x224.jpg 300w, https:\/\/collies-vom-floersbachtal.de\/cms\/wp-content\/uploads\/2019\/01\/Mylo2-Feb.191-1024x768.jpg 1024w\" sizes=\"auto, (max-width: 300px) 100vw, 300px\" \/><\/a><br>Liebe Susanne,<br>Hoffentlich geht es Dir einigerma\u00dfen gut und du hast dich einigerma\u00dfen erholt. Wir sind alle sehr froh mit Mylo und danke dir nochmal, dass wir den S\u00fc\u00dfen bekommen haben. Er ist eigentlich sauber, meldet sich auch nachts.<\/p>\n<p>Ganz liebe Gr\u00fc\u00dfe<br>Mylo und Familie.<\/p>\n<p>Hallo Susanne<br>entschuldige das ich mich jetzt erst melde.Der Computer wollte<br>wollte einfach nicht die Fotos hochladen.<br>So,jetzt muss ich mal berichten wie die Heimfahrt und die erste<br>Nacht in meiner neuen Familie gelaufen ist.<br>Kurz nach 15.00 bin ich mit meiner neuen Familie los gefahren,<br>leider war mir nach ein paar Kilometern sehr \u00fcbel und musste<br>erbrechen.Mein Herrchen musste darauf hin irgendwo anhalten<br>und Frauchen hat alles sauber gemacht.Danach ging die Fahrt weiter.<br>Ich war so m\u00fcde und habe dann die ganze Fahrt ( 3 1\/2 Std .<br>schlafen.Im neuen zu Hause haben mich die anderen Hunde schon<br>im Garten erwartet.Die waren auch ganz lieb.<br>Danach sind wir alle rein gegangen,da ich noch mein Futter bekam.Was soll ich sagen, da wollte doch wirklich eine Katze mein Futter klauen.<\/p>\n<p><a href=\"http:\/\/collies-vom-floersbachtal.de\/cms\/wp-content\/uploads\/2019\/01\/Mylo22.jpg\"><img loading=\"lazy\" decoding=\"async\" class=\"aligncenter size-medium wp-image-25633\" title=\"dav\" src=\"http:\/\/collies-vom-floersbachtal.de\/cms\/wp-content\/uploads\/2019\/01\/Mylo22-224x300.jpg\" alt=\"\" width=\"224\" height=\"300\" srcset=\"https:\/\/collies-vom-floersbachtal.de\/cms\/wp-content\/uploads\/2019\/01\/Mylo22-224x300.jpg 224w, https:\/\/collies-vom-floersbachtal.de\/cms\/wp-content\/uploads\/2019\/01\/Mylo22-768x1024.jpg 768w\" sizes=\"auto, (max-width: 224px) 100vw, 224px\" \/><\/a><\/p>\n<p>So,um 22.00 Uhr war Schlafenszeit. Eigentlich sollte ich im Kennel \u00fcbernachten,<br>das gefiel mir gar nicht.Also hat mein Frauchen gedacht ich k\u00f6nnte auch bei ihr<br>vor der Couch schlafen und das hat auch super geklappt.Um 2.00 Uhr und um<br>6.00 Uhr habe ich mich gemeldet und Frauchen ging mit mir raus.Ich habe auch<br>gleich mein &#8220; Gesch\u00e4ft &#8220; erledigt.Daf\u00fcr bin ich gelobt worden.<br>Gegen 7.00 Uhr sind wir nach oben in die K\u00fcche gegangen und wurde von Paul begr\u00fc\u00dft.<br><a href=\"http:\/\/collies-vom-floersbachtal.de\/cms\/wp-content\/uploads\/2019\/01\/Mylo31.jpg\"><img loading=\"lazy\" decoding=\"async\" class=\"aligncenter size-medium wp-image-25630\" title=\"dav\" src=\"http:\/\/collies-vom-floersbachtal.de\/cms\/wp-content\/uploads\/2019\/01\/Mylo31-224x300.jpg\" alt=\"\" width=\"224\" height=\"300\" srcset=\"https:\/\/collies-vom-floersbachtal.de\/cms\/wp-content\/uploads\/2019\/01\/Mylo31-224x300.jpg 224w, https:\/\/collies-vom-floersbachtal.de\/cms\/wp-content\/uploads\/2019\/01\/Mylo31-768x1024.jpg 768w\" sizes=\"auto, (max-width: 224px) 100vw, 224px\" \/><\/a><a href=\"http:\/\/collies-vom-floersbachtal.de\/cms\/wp-content\/uploads\/2019\/01\/Mylo21.jpg\"><img loading=\"lazy\" decoding=\"async\" class=\"aligncenter size-medium wp-image-25631\" title=\"dav\" src=\"http:\/\/collies-vom-floersbachtal.de\/cms\/wp-content\/uploads\/2019\/01\/Mylo21-300x224.jpg\" alt=\"\" width=\"300\" height=\"224\" srcset=\"https:\/\/collies-vom-floersbachtal.de\/cms\/wp-content\/uploads\/2019\/01\/Mylo21-300x224.jpg 300w, https:\/\/collies-vom-floersbachtal.de\/cms\/wp-content\/uploads\/2019\/01\/Mylo21-1024x768.jpg 1024w\" sizes=\"auto, (max-width: 300px) 100vw, 300px\" \/><\/a><br>Anschlie\u00dfend wurden wir 3 ( Hunde ) gef\u00fcttert und es ging nochmal raus.Auch habe ich mein Gesch\u00e4ft wieder erledigt und etwas gespielt.&nbsp;<a href=\"http:\/\/collies-vom-floersbachtal.de\/cms\/wp-content\/uploads\/2019\/01\/Mylo11.jpg\"><img loading=\"lazy\" decoding=\"async\" class=\"aligncenter size-medium wp-image-25627\" title=\"dav\" src=\"http:\/\/collies-vom-floersbachtal.de\/cms\/wp-content\/uploads\/2019\/01\/Mylo11-300x224.jpg\" alt=\"\" width=\"300\" height=\"224\" srcset=\"https:\/\/collies-vom-floersbachtal.de\/cms\/wp-content\/uploads\/2019\/01\/Mylo11-300x224.jpg 300w, https:\/\/collies-vom-floersbachtal.de\/cms\/wp-content\/uploads\/2019\/01\/Mylo11-1024x768.jpg 1024w\" sizes=\"auto, (max-width: 300px) 100vw, 300px\" \/><\/a><\/p>\n<p><a href=\"http:\/\/collies-vom-floersbachtal.de\/cms\/wp-content\/uploads\/2019\/01\/Mylo2.jpg\"><img loading=\"lazy\" decoding=\"async\" class=\"aligncenter size-medium wp-image-25628\" title=\"dav\" src=\"http:\/\/collies-vom-floersbachtal.de\/cms\/wp-content\/uploads\/2019\/01\/Mylo2-300x224.jpg\" alt=\"\" width=\"300\" height=\"224\" srcset=\"https:\/\/collies-vom-floersbachtal.de\/cms\/wp-content\/uploads\/2019\/01\/Mylo2-300x224.jpg 300w, https:\/\/collies-vom-floersbachtal.de\/cms\/wp-content\/uploads\/2019\/01\/Mylo2-1024x768.jpg 1024w\" sizes=\"auto, (max-width: 300px) 100vw, 300px\" \/><\/a><a href=\"http:\/\/collies-vom-floersbachtal.de\/cms\/wp-content\/uploads\/2019\/01\/Mylo3.jpg\"><img loading=\"lazy\" decoding=\"async\" class=\"aligncenter size-medium wp-image-25629\" title=\"dav\" src=\"http:\/\/collies-vom-floersbachtal.de\/cms\/wp-content\/uploads\/2019\/01\/Mylo3-300x224.jpg\" alt=\"\" width=\"300\" height=\"224\" srcset=\"https:\/\/collies-vom-floersbachtal.de\/cms\/wp-content\/uploads\/2019\/01\/Mylo3-300x224.jpg 300w, https:\/\/collies-vom-floersbachtal.de\/cms\/wp-content\/uploads\/2019\/01\/Mylo3-1024x768.jpg 1024w\" sizes=\"auto, (max-width: 300px) 100vw, 300px\" \/><\/a>Ihr wisst gar nicht wie m\u00fcde das macht und wie,bzw . wo man danach schlafen kann&#8230;<\/p>\n<p><a href=\"http:\/\/collies-vom-floersbachtal.de\/cms\/wp-content\/uploads\/2019\/01\/Mylo1.jpg\"><img loading=\"lazy\" decoding=\"async\" class=\"aligncenter size-medium wp-image-25626\" title=\"Mylo1\" src=\"http:\/\/collies-vom-floersbachtal.de\/cms\/wp-content\/uploads\/2019\/01\/Mylo1-300x225.jpg\" alt=\"\" width=\"300\" height=\"225\" srcset=\"https:\/\/collies-vom-floersbachtal.de\/cms\/wp-content\/uploads\/2019\/01\/Mylo1-300x225.jpg 300w, https:\/\/collies-vom-floersbachtal.de\/cms\/wp-content\/uploads\/2019\/01\/Mylo1-1024x768.jpg 1024w\" sizes=\"auto, (max-width: 300px) 100vw, 300px\" \/><\/a><br>Habe mir sogar die Katzenkiste ausgesucht.<br>Bis jetzt klappt alles gut, melde mich bald wieder.<br>Mylo<\/p>\n<p>Feb. 2019 Hallo Susanne,<br>wollte mich nochmal kurz melden wie es Mylo geht.<br>Also mit Mylo klappt alles super,heute Nacht waren wir erst um<br>4.40 drau\u00dfen und er hat direkt sein Gesch\u00e4ft erledigt.Das spazieren<br>gehen an der Leine klappt auch soweit gut,ein wenig m\u00fcssen wir<br>noch \u00fcben.Mit unserer Isolde versteht Mylo sich gut, aber wenn er \u00fcberm\u00fctig<br>wird muss sie sich ganz sch\u00f6n durchsetzen.<br><a href=\"http:\/\/collies-vom-floersbachtal.de\/cms\/wp-content\/uploads\/2019\/01\/Mylo14.jpg\"><img loading=\"lazy\" decoding=\"async\" class=\"aligncenter size-medium wp-image-25834\" title=\"dav\" src=\"http:\/\/collies-vom-floersbachtal.de\/cms\/wp-content\/uploads\/2019\/01\/Mylo14-300x224.jpg\" alt=\"\" width=\"300\" height=\"224\" srcset=\"https:\/\/collies-vom-floersbachtal.de\/cms\/wp-content\/uploads\/2019\/01\/Mylo14-300x224.jpg 300w, https:\/\/collies-vom-floersbachtal.de\/cms\/wp-content\/uploads\/2019\/01\/Mylo14-1024x768.jpg 1024w\" sizes=\"auto, (max-width: 300px) 100vw, 300px\" \/><\/a><br><a href=\"http:\/\/collies-vom-floersbachtal.de\/cms\/wp-content\/uploads\/2019\/01\/Mylo23.jpg\"><img loading=\"lazy\" decoding=\"async\" class=\"aligncenter size-large wp-image-25835\" title=\"dig\" src=\"http:\/\/collies-vom-floersbachtal.de\/cms\/wp-content\/uploads\/2019\/01\/Mylo23-1024x768.jpg\" alt=\"\" width=\"640\" height=\"480\" srcset=\"https:\/\/collies-vom-floersbachtal.de\/cms\/wp-content\/uploads\/2019\/01\/Mylo23-1024x768.jpg 1024w, https:\/\/collies-vom-floersbachtal.de\/cms\/wp-content\/uploads\/2019\/01\/Mylo23-300x224.jpg 300w\" sizes=\"auto, (max-width: 640px) 100vw, 640px\" \/><\/a><br>auch hat Mylo sich mit Kasi angefreundet und kuschelt mit ihm.<br><a href=\"http:\/\/collies-vom-floersbachtal.de\/cms\/wp-content\/uploads\/2019\/01\/Mylo15.jpg\"><img loading=\"lazy\" decoding=\"async\" class=\"aligncenter size-medium wp-image-25836\" title=\"dav\" src=\"http:\/\/collies-vom-floersbachtal.de\/cms\/wp-content\/uploads\/2019\/01\/Mylo15-300x224.jpg\" alt=\"\" width=\"300\" height=\"224\" srcset=\"https:\/\/collies-vom-floersbachtal.de\/cms\/wp-content\/uploads\/2019\/01\/Mylo15-300x224.jpg 300w, https:\/\/collies-vom-floersbachtal.de\/cms\/wp-content\/uploads\/2019\/01\/Mylo15-1024x768.jpg 1024w\" sizes=\"auto, (max-width: 300px) 100vw, 300px\" \/><\/a><br>Dieser Platz ist von Allen der Lieblings-Platz.<br>Nat\u00fcrlich gibt es noch mehr Pl\u00e4tze.<br><a href=\"http:\/\/collies-vom-floersbachtal.de\/cms\/wp-content\/uploads\/2019\/01\/Mylo24.jpg\"><img loading=\"lazy\" decoding=\"async\" class=\"aligncenter size-large wp-image-25837\" title=\"dig\" src=\"http:\/\/collies-vom-floersbachtal.de\/cms\/wp-content\/uploads\/2019\/01\/Mylo24-1024x768.jpg\" alt=\"\" width=\"640\" height=\"480\" srcset=\"https:\/\/collies-vom-floersbachtal.de\/cms\/wp-content\/uploads\/2019\/01\/Mylo24-1024x768.jpg 1024w, https:\/\/collies-vom-floersbachtal.de\/cms\/wp-content\/uploads\/2019\/01\/Mylo24-300x224.jpg 300w\" sizes=\"auto, (max-width: 640px) 100vw, 640px\" \/><\/a><br>Im Moment \u00fcben wir am Tag<br>einige Minuten alleine im Kennel<br>zu bleiben.Nachts ist das kein Problem.<br>So,bis zum n\u00e4chsten Mal<br>Mylo und Familie<\/p>\n<p><strong>News von unserem kleinen Mylo beim Welpentreffen der I-chens im Mai 2019<a href=\"http:\/\/collies-vom-floersbachtal.de\/cms\/wp-content\/uploads\/2019\/01\/Welpentreffen17-Mai-2019.jpg\"><img loading=\"lazy\" decoding=\"async\" class=\"aligncenter size-full wp-image-26710\" title=\"Welpentreffen17 Mai 2019\" src=\"http:\/\/collies-vom-floersbachtal.de\/cms\/wp-content\/uploads\/2019\/01\/Welpentreffen17-Mai-2019.jpg\" alt=\"\" width=\"1000\" height=\"894\" srcset=\"https:\/\/collies-vom-floersbachtal.de\/cms\/wp-content\/uploads\/2019\/01\/Welpentreffen17-Mai-2019.jpg 1000w, https:\/\/collies-vom-floersbachtal.de\/cms\/wp-content\/uploads\/2019\/01\/Welpentreffen17-Mai-2019-300x268.jpg 300w\" sizes=\"auto, (max-width: 1000px) 100vw, 1000px\" \/><\/a><a href=\"http:\/\/collies-vom-floersbachtal.de\/cms\/wp-content\/uploads\/2019\/01\/Mylo1-Mai19.jpg\"><img loading=\"lazy\" decoding=\"async\" class=\"aligncenter size-large wp-image-26709\" title=\"Mylo1 Mai19\" src=\"http:\/\/collies-vom-floersbachtal.de\/cms\/wp-content\/uploads\/2019\/01\/Mylo1-Mai19-1024x709.jpg\" alt=\"\" width=\"640\" height=\"443\" srcset=\"https:\/\/collies-vom-floersbachtal.de\/cms\/wp-content\/uploads\/2019\/01\/Mylo1-Mai19-1024x709.jpg 1024w, https:\/\/collies-vom-floersbachtal.de\/cms\/wp-content\/uploads\/2019\/01\/Mylo1-Mai19-300x207.jpg 300w, https:\/\/collies-vom-floersbachtal.de\/cms\/wp-content\/uploads\/2019\/01\/Mylo1-Mai19.jpg 1816w\" sizes=\"auto, (max-width: 640px) 100vw, 640px\" \/><\/a>Ebenfalls wie seine Geschwister hat Mylo die langen Beine seiner Mama genau wie die tiefschwarzen Augen und das liebe Wesen beider Eltern. die gewisse Sturheit seines Vaters, der aber auch keiner Fliege was zu leide tun w\u00fcrde. Allerh\u00f6chstens Respekt von seinen Kids zu fordern.&nbsp; Oder das sehr liebe Wesen seiner Mama. Das haben alle Geschwister gemeinsam und freut mich um so mehr, soda\u00df ich mich auf die Wurfwiederholung schon sehr freue. \ud83d\ude00<\/strong><\/p>","protected":false},"excerpt":{"rendered":"<p>Neue Fotos von Mylo im August 2023 \ud83d\ude42 News von Mylo im Juni 2023 \ud83d\ude42 News von Mylo im August 2021 \ud83d\ude42 Neue Fotos von Mylo im M\u00e4rz 2020 Neuigkeiten von dem s\u00fc\u00dfen Mylo noch kurz vor dem 1.Geburtstag \ud83d\ude00Hallo &hellip; <a href=\"https:\/\/collies-vom-floersbachtal.de\/?page_id=25573\">Weiterlesen <span class=\"meta-nav\">&rarr;<\/span><\/a><\/p>\n","protected":false},"author":1,"featured_media":0,"parent":0,"menu_order":0,"comment_status":"open","ping_status":"open","template":"","meta":{"footnotes":""},"class_list":["post-25573","page","type-page","status-publish","hentry"],"_links":{"self":[{"href":"https:\/\/collies-vom-floersbachtal.de\/index.php?rest_route=\/wp\/v2\/pages\/25573","targetHints":{"allow":["GET"]}}],"collection":[{"href":"https:\/\/collies-vom-floersbachtal.de\/index.php?rest_route=\/wp\/v2\/pages"}],"about":[{"href":"https:\/\/collies-vom-floersbachtal.de\/index.php?rest_route=\/wp\/v2\/types\/page"}],"author":[{"embeddable":true,"href":"https:\/\/collies-vom-floersbachtal.de\/index.php?rest_route=\/wp\/v2\/users\/1"}],"replies":[{"embeddable":true,"href":"https:\/\/collies-vom-floersbachtal.de\/index.php?rest_route=%2Fwp%2Fv2%2Fcomments&post=25573"}],"version-history":[{"count":20,"href":"https:\/\/collies-vom-floersbachtal.de\/index.php?rest_route=\/wp\/v2\/pages\/25573\/revisions"}],"predecessor-version":[{"id":49614,"href":"https:\/\/collies-vom-floersbachtal.de\/index.php?rest_route=\/wp\/v2\/pages\/25573\/revisions\/49614"}],"wp:attachment":[{"href":"https:\/\/collies-vom-floersbachtal.de\/index.php?rest_route=%2Fwp%2Fv2%2Fmedia&parent=25573"}],"curies":[{"name":"wp","href":"https:\/\/api.w.org\/{rel}","templated":true}]}}