{"id":24413,"date":"2018-11-10T14:26:21","date_gmt":"2018-11-10T14:26:21","guid":{"rendered":"http:\/\/collies-vom-floersbachtal.de\/?page_id=24413"},"modified":"2019-02-03T12:48:42","modified_gmt":"2019-02-03T12:48:42","slug":"welpentagebuch-i-chens","status":"publish","type":"page","link":"https:\/\/collies-vom-floersbachtal.de\/?page_id=24413","title":{"rendered":"Welpentagebuch I &#8211; chens"},"content":{"rendered":"<p><strong>28.11.18<\/strong> Morgens zwischen 3:40\u00a0 &#8211; 6:30 Uhr ist die Welt noch in Ordnung und um 8 zuckers\u00fc\u00dfe Fl\u00f6rsbachtaler reicher. \ud83d\ude00 <a href=\"http:\/\/collies-vom-floersbachtal.de\/cms\/wp-content\/uploads\/2018\/11\/Tag-der-Geburt4-28.11.18.jpg\"><img loading=\"lazy\" decoding=\"async\" class=\"aligncenter size-full wp-image-24656\" title=\"Tag der Geburt4 28.11.18\" src=\"http:\/\/collies-vom-floersbachtal.de\/cms\/wp-content\/uploads\/2018\/11\/Tag-der-Geburt4-28.11.18.jpg\" alt=\"\" width=\"1000\" height=\"701\" srcset=\"https:\/\/collies-vom-floersbachtal.de\/cms\/wp-content\/uploads\/2018\/11\/Tag-der-Geburt4-28.11.18.jpg 1000w, https:\/\/collies-vom-floersbachtal.de\/cms\/wp-content\/uploads\/2018\/11\/Tag-der-Geburt4-28.11.18-300x210.jpg 300w\" sizes=\"auto, (max-width: 1000px) 100vw, 1000px\" \/><\/a> Ich wollte nur mal kurz erw\u00e4hnen, dass ich Frauli in ihrem Bett habe schlafen lassen und ich mich in die gro\u00dfe Kudde in den Flur (die liebte schon El\u00e1 f\u00fcr ihren Wurf) zur\u00fcck gezogen hatte. Aber Frauli ist dann doch wach geworden, als mir die Fruchtblase um die Ohren flog und ich schnell alles aufschlabbern wollte.\u00a0 Naja und dabei ist dann klein Trico Maus (Ivy )im Ankleidezimmer gelandet.<a href=\"http:\/\/collies-vom-floersbachtal.de\/cms\/wp-content\/uploads\/2018\/11\/Tag-der-Geburt6-28.11.18.jpg\"><img loading=\"lazy\" decoding=\"async\" class=\"aligncenter size-full wp-image-24660\" title=\"Tag der Geburt6 28.11.18\" src=\"http:\/\/collies-vom-floersbachtal.de\/cms\/wp-content\/uploads\/2018\/11\/Tag-der-Geburt6-28.11.18.jpg\" alt=\"\" width=\"1000\" height=\"649\" srcset=\"https:\/\/collies-vom-floersbachtal.de\/cms\/wp-content\/uploads\/2018\/11\/Tag-der-Geburt6-28.11.18.jpg 1000w, https:\/\/collies-vom-floersbachtal.de\/cms\/wp-content\/uploads\/2018\/11\/Tag-der-Geburt6-28.11.18-300x194.jpg 300w\" sizes=\"auto, (max-width: 1000px) 100vw, 1000px\" \/><\/a> Aber wir sind dann zu dritt gleich runter in den gro\u00dfen Korb den Ginger auch zum Werfen genommen hatte. Da ging es dann rund, um kurz nach 4:00 kam dann der 1. m\u00e4nnliche Vertreter, ein dark &#8211; sable (aber heller als die anderen) R\u00fcde und 10 Minuten sp\u00e4ter ein dark-sable M\u00e4del und um viertel vor 5:00 kamen ein trico R\u00fcde und ein dark-sable M\u00e4dchen. Dann war mal eine kleine Verschnaufspause f\u00fcr mich und kurz nach halb Sechs kam wieder ein dark-sable M\u00e4dchen.<a href=\"http:\/\/collies-vom-floersbachtal.de\/cms\/wp-content\/uploads\/2018\/11\/Tag-der-Geburt2-28.11.18.jpg\"><img loading=\"lazy\" decoding=\"async\" class=\"aligncenter size-full wp-image-24657\" title=\"Tag der Geburt2 28.11.18\" src=\"http:\/\/collies-vom-floersbachtal.de\/cms\/wp-content\/uploads\/2018\/11\/Tag-der-Geburt2-28.11.18.jpg\" alt=\"\" width=\"1000\" height=\"680\" srcset=\"https:\/\/collies-vom-floersbachtal.de\/cms\/wp-content\/uploads\/2018\/11\/Tag-der-Geburt2-28.11.18.jpg 1000w, https:\/\/collies-vom-floersbachtal.de\/cms\/wp-content\/uploads\/2018\/11\/Tag-der-Geburt2-28.11.18-300x204.jpg 300w\" sizes=\"auto, (max-width: 1000px) 100vw, 1000px\" \/><\/a> <a href=\"http:\/\/collies-vom-floersbachtal.de\/cms\/wp-content\/uploads\/2018\/11\/Tag-der-Geburt3-28.11.18.jpg\"><img loading=\"lazy\" decoding=\"async\" class=\"aligncenter size-full wp-image-24658\" title=\"Tag der Geburt3 28.11.18\" src=\"http:\/\/collies-vom-floersbachtal.de\/cms\/wp-content\/uploads\/2018\/11\/Tag-der-Geburt3-28.11.18.jpg\" alt=\"\" width=\"1000\" height=\"1039\" srcset=\"https:\/\/collies-vom-floersbachtal.de\/cms\/wp-content\/uploads\/2018\/11\/Tag-der-Geburt3-28.11.18.jpg 1000w, https:\/\/collies-vom-floersbachtal.de\/cms\/wp-content\/uploads\/2018\/11\/Tag-der-Geburt3-28.11.18-288x300.jpg 288w, https:\/\/collies-vom-floersbachtal.de\/cms\/wp-content\/uploads\/2018\/11\/Tag-der-Geburt3-28.11.18-985x1024.jpg 985w\" sizes=\"auto, (max-width: 1000px) 100vw, 1000px\" \/><\/a> <a href=\"http:\/\/collies-vom-floersbachtal.de\/cms\/wp-content\/uploads\/2018\/11\/Tag-der-Geburt7-28.11.18.jpg\"><img loading=\"lazy\" decoding=\"async\" class=\"aligncenter size-full wp-image-24659\" title=\"Tag der Geburt7 28.11.18\" src=\"http:\/\/collies-vom-floersbachtal.de\/cms\/wp-content\/uploads\/2018\/11\/Tag-der-Geburt7-28.11.18.jpg\" alt=\"\" width=\"1000\" height=\"667\" srcset=\"https:\/\/collies-vom-floersbachtal.de\/cms\/wp-content\/uploads\/2018\/11\/Tag-der-Geburt7-28.11.18.jpg 1000w, https:\/\/collies-vom-floersbachtal.de\/cms\/wp-content\/uploads\/2018\/11\/Tag-der-Geburt7-28.11.18-300x200.jpg 300w\" sizes=\"auto, (max-width: 1000px) 100vw, 1000px\" \/><\/a>Dann kamen um 6:00 und um halb 7 die beiden Trico Buben. Ging doch z\u00fcgig, oder? Ich hatte mich auch schon seid der letzten 3 W\u00fcrfe so auf diese Wurfkiste gefreut, wollte ja meine eigenen Babys haben.\u00a0 \ud83d\ude00 Nun ruhen wir uns erst mal aus und Frauli darf sich um die Gro\u00dfen k\u00fcmmern. (Die wollen nat\u00fcrlich hier rein, aber is nicht. Jetzt bin ICH dran. \ud83d\ude09 Eure Lia <strong>01.12.18\u00a0(3 Tage alt)<\/strong> Hallo hier meldet sich die s\u00fc\u00dfe M\u00e4usefront, bei uns ist alles bestens, alle haben gut zugenommen und ab heute soll ja dann auch die Milch ein bisschen nahrhafter werden, sodass wir nicht mehr so meckern m\u00fcssen, wenn es nicht so flie\u00dft, wie wir uns das w\u00fcnschen. \ud83d\ude09<a href=\"http:\/\/collies-vom-floersbachtal.de\/cms\/wp-content\/uploads\/2018\/11\/Lia-und-Kids3-1-Tag-alt.jpg\"><img loading=\"lazy\" decoding=\"async\" class=\"aligncenter size-large wp-image-24728\" title=\"Lia und Kids3 1 Tag alt\" src=\"http:\/\/collies-vom-floersbachtal.de\/cms\/wp-content\/uploads\/2018\/11\/Lia-und-Kids3-1-Tag-alt-878x1024.jpg\" alt=\"\" width=\"640\" height=\"746\" srcset=\"https:\/\/collies-vom-floersbachtal.de\/cms\/wp-content\/uploads\/2018\/11\/Lia-und-Kids3-1-Tag-alt-878x1024.jpg 878w, https:\/\/collies-vom-floersbachtal.de\/cms\/wp-content\/uploads\/2018\/11\/Lia-und-Kids3-1-Tag-alt-257x300.jpg 257w, https:\/\/collies-vom-floersbachtal.de\/cms\/wp-content\/uploads\/2018\/11\/Lia-und-Kids3-1-Tag-alt.jpg 1000w\" sizes=\"auto, (max-width: 640px) 100vw, 640px\" \/><\/a><a href=\"http:\/\/collies-vom-floersbachtal.de\/cms\/wp-content\/uploads\/2018\/11\/Lia-und-Kids1-2-Tage-alt.jpg\"><img loading=\"lazy\" decoding=\"async\" class=\"aligncenter size-full wp-image-24729\" title=\"Lia und Kids1 2 Tage alt\" src=\"http:\/\/collies-vom-floersbachtal.de\/cms\/wp-content\/uploads\/2018\/11\/Lia-und-Kids1-2-Tage-alt.jpg\" alt=\"\" width=\"1000\" height=\"675\" srcset=\"https:\/\/collies-vom-floersbachtal.de\/cms\/wp-content\/uploads\/2018\/11\/Lia-und-Kids1-2-Tage-alt.jpg 1000w, https:\/\/collies-vom-floersbachtal.de\/cms\/wp-content\/uploads\/2018\/11\/Lia-und-Kids1-2-Tage-alt-300x202.jpg 300w\" sizes=\"auto, (max-width: 1000px) 100vw, 1000px\" \/><\/a>Bin wunschlos gl\u00fccklich, das Einzige was mir fehlt&#8230; ist ja nicht schwer erkennbar \ud83d\ude09<a href=\"http:\/\/collies-vom-floersbachtal.de\/cms\/wp-content\/uploads\/2018\/11\/Isaboe1-2-Tage-alt.jpg\"><img loading=\"lazy\" decoding=\"async\" class=\"aligncenter size-large wp-image-24730\" title=\"Isaboe1 2 Tage alt\" src=\"http:\/\/collies-vom-floersbachtal.de\/cms\/wp-content\/uploads\/2018\/11\/Isaboe1-2-Tage-alt-682x1024.jpg\" alt=\"\" width=\"640\" height=\"960\" srcset=\"https:\/\/collies-vom-floersbachtal.de\/cms\/wp-content\/uploads\/2018\/11\/Isaboe1-2-Tage-alt-682x1024.jpg 682w, https:\/\/collies-vom-floersbachtal.de\/cms\/wp-content\/uploads\/2018\/11\/Isaboe1-2-Tage-alt-200x300.jpg 200w, https:\/\/collies-vom-floersbachtal.de\/cms\/wp-content\/uploads\/2018\/11\/Isaboe1-2-Tage-alt.jpg 1000w\" sizes=\"auto, (max-width: 640px) 100vw, 640px\" \/> Isaboe kuschelt zwischen Mamas sicheren Beinen \ud83d\ude00 <\/a><a href=\"http:\/\/collies-vom-floersbachtal.de\/cms\/wp-content\/uploads\/2018\/11\/Ibo-und-Iceman-Harley1-2-Tage-alt.jpg\"><img loading=\"lazy\" decoding=\"async\" class=\"aligncenter size-full wp-image-24731\" title=\"Ibo und Iceman-Harley1 2 Tage alt\" src=\"http:\/\/collies-vom-floersbachtal.de\/cms\/wp-content\/uploads\/2018\/11\/Ibo-und-Iceman-Harley1-2-Tage-alt.jpg\" alt=\"\" width=\"1000\" height=\"946\" srcset=\"https:\/\/collies-vom-floersbachtal.de\/cms\/wp-content\/uploads\/2018\/11\/Ibo-und-Iceman-Harley1-2-Tage-alt.jpg 1000w, https:\/\/collies-vom-floersbachtal.de\/cms\/wp-content\/uploads\/2018\/11\/Ibo-und-Iceman-Harley1-2-Tage-alt-300x283.jpg 300w\" sizes=\"auto, (max-width: 1000px) 100vw, 1000px\" \/><\/a>Ibo und Iceman-Harley, die Jungs lassen es sich gut gehen \ud83d\ude00<a href=\"http:\/\/collies-vom-floersbachtal.de\/cms\/wp-content\/uploads\/2018\/11\/Ivy2-2-Tage-alt.jpg\"><img loading=\"lazy\" decoding=\"async\" class=\"aligncenter size-full wp-image-24732\" title=\"Ivy2 2 Tage alt\" src=\"http:\/\/collies-vom-floersbachtal.de\/cms\/wp-content\/uploads\/2018\/11\/Ivy2-2-Tage-alt.jpg\" alt=\"\" width=\"1000\" height=\"843\" srcset=\"https:\/\/collies-vom-floersbachtal.de\/cms\/wp-content\/uploads\/2018\/11\/Ivy2-2-Tage-alt.jpg 1000w, https:\/\/collies-vom-floersbachtal.de\/cms\/wp-content\/uploads\/2018\/11\/Ivy2-2-Tage-alt-300x252.jpg 300w\" sizes=\"auto, (max-width: 1000px) 100vw, 1000px\" \/><\/a>Ivy zum knutschen und mit Mama \ud83d\ude1b<a href=\"http:\/\/collies-vom-floersbachtal.de\/cms\/wp-content\/uploads\/2018\/11\/Ivy3-2-Tage-alt.jpg\"><img loading=\"lazy\" decoding=\"async\" class=\"aligncenter size-large wp-image-24733\" title=\"Ivy3 2 Tage alt\" src=\"http:\/\/collies-vom-floersbachtal.de\/cms\/wp-content\/uploads\/2018\/11\/Ivy3-2-Tage-alt-682x1024.jpg\" alt=\"\" width=\"640\" height=\"960\" srcset=\"https:\/\/collies-vom-floersbachtal.de\/cms\/wp-content\/uploads\/2018\/11\/Ivy3-2-Tage-alt-682x1024.jpg 682w, https:\/\/collies-vom-floersbachtal.de\/cms\/wp-content\/uploads\/2018\/11\/Ivy3-2-Tage-alt-200x300.jpg 200w, https:\/\/collies-vom-floersbachtal.de\/cms\/wp-content\/uploads\/2018\/11\/Ivy3-2-Tage-alt.jpg 1000w\" sizes=\"auto, (max-width: 640px) 100vw, 640px\" \/><\/a><a href=\"http:\/\/collies-vom-floersbachtal.de\/cms\/wp-content\/uploads\/2018\/11\/Lia-und-Kids2-2-Tage-alt.jpg\"><img loading=\"lazy\" decoding=\"async\" class=\"aligncenter size-full wp-image-24734\" title=\"Lia und Kids2 2 Tage alt\" src=\"http:\/\/collies-vom-floersbachtal.de\/cms\/wp-content\/uploads\/2018\/11\/Lia-und-Kids2-2-Tage-alt.jpg\" alt=\"\" width=\"1000\" height=\"667\" srcset=\"https:\/\/collies-vom-floersbachtal.de\/cms\/wp-content\/uploads\/2018\/11\/Lia-und-Kids2-2-Tage-alt.jpg 1000w, https:\/\/collies-vom-floersbachtal.de\/cms\/wp-content\/uploads\/2018\/11\/Lia-und-Kids2-2-Tage-alt-300x200.jpg 300w\" sizes=\"auto, (max-width: 1000px) 100vw, 1000px\" \/><\/a><strong>04.12.18<\/strong> Heute sind die M\u00e4use nun auch schon wieder<strong> 6 Tage alt<\/strong>, Kleine Fressmaschinen, wie sie sind k\u00f6nnte ich dauerhaft in der Wurfkiste liegen. Auch erste Geruchsproben von meinem Futter haben sie schon aufgenommen.\u00a0<a href=\"http:\/\/collies-vom-floersbachtal.de\/cms\/wp-content\/uploads\/2018\/11\/Lia7-und-Kids-1-Woche-alt.jpg\"><img loading=\"lazy\" decoding=\"async\" class=\"aligncenter size-full wp-image-24753\" title=\"Lia7 und Kids 1 Woche alt\" src=\"http:\/\/collies-vom-floersbachtal.de\/cms\/wp-content\/uploads\/2018\/11\/Lia7-und-Kids-1-Woche-alt.jpg\" alt=\"\" width=\"1000\" height=\"744\" srcset=\"https:\/\/collies-vom-floersbachtal.de\/cms\/wp-content\/uploads\/2018\/11\/Lia7-und-Kids-1-Woche-alt.jpg 1000w, https:\/\/collies-vom-floersbachtal.de\/cms\/wp-content\/uploads\/2018\/11\/Lia7-und-Kids-1-Woche-alt-300x223.jpg 300w\" sizes=\"auto, (max-width: 1000px) 100vw, 1000px\" \/><\/a>Aber noch sind sie ja zu klein daf\u00fcr, nur manchmal rette ich mich dann in mein &#8222;Vorzimmerchen&#8220;, damit ich meine Ruhe vor ihnen habe. \ud83d\ude09<a href=\"http:\/\/collies-vom-floersbachtal.de\/cms\/wp-content\/uploads\/2018\/11\/Lia6-und-Kids-1-Woche-alt.jpg\"><img loading=\"lazy\" decoding=\"async\" class=\"aligncenter size-full wp-image-24754\" title=\"Lia6 und Kids 1 Woche alt\" src=\"http:\/\/collies-vom-floersbachtal.de\/cms\/wp-content\/uploads\/2018\/11\/Lia6-und-Kids-1-Woche-alt.jpg\" alt=\"\" width=\"1000\" height=\"667\" srcset=\"https:\/\/collies-vom-floersbachtal.de\/cms\/wp-content\/uploads\/2018\/11\/Lia6-und-Kids-1-Woche-alt.jpg 1000w, https:\/\/collies-vom-floersbachtal.de\/cms\/wp-content\/uploads\/2018\/11\/Lia6-und-Kids-1-Woche-alt-300x200.jpg 300w\" sizes=\"auto, (max-width: 1000px) 100vw, 1000px\" \/><\/a><a href=\"http:\/\/collies-vom-floersbachtal.de\/cms\/wp-content\/uploads\/2018\/11\/Lia4-und-Kids-1-Woche-alt.jpg\"><img loading=\"lazy\" decoding=\"async\" class=\"aligncenter size-full wp-image-24755\" title=\"Lia4 und Kids 1 Woche alt\" src=\"http:\/\/collies-vom-floersbachtal.de\/cms\/wp-content\/uploads\/2018\/11\/Lia4-und-Kids-1-Woche-alt.jpg\" alt=\"\" width=\"1000\" height=\"804\" srcset=\"https:\/\/collies-vom-floersbachtal.de\/cms\/wp-content\/uploads\/2018\/11\/Lia4-und-Kids-1-Woche-alt.jpg 1000w, https:\/\/collies-vom-floersbachtal.de\/cms\/wp-content\/uploads\/2018\/11\/Lia4-und-Kids-1-Woche-alt-300x241.jpg 300w\" sizes=\"auto, (max-width: 1000px) 100vw, 1000px\" \/><\/a>Langsam wirds eng in der Kiste \ud83d\ude1b<a href=\"http:\/\/collies-vom-floersbachtal.de\/cms\/wp-content\/uploads\/2018\/11\/Lia3-und-Kids-1-Woche-alt.jpg\"><img loading=\"lazy\" decoding=\"async\" class=\"aligncenter size-full wp-image-24756\" title=\"Lia3 und Kids 1 Woche alt\" src=\"http:\/\/collies-vom-floersbachtal.de\/cms\/wp-content\/uploads\/2018\/11\/Lia3-und-Kids-1-Woche-alt.jpg\" alt=\"\" width=\"1000\" height=\"792\" srcset=\"https:\/\/collies-vom-floersbachtal.de\/cms\/wp-content\/uploads\/2018\/11\/Lia3-und-Kids-1-Woche-alt.jpg 1000w, https:\/\/collies-vom-floersbachtal.de\/cms\/wp-content\/uploads\/2018\/11\/Lia3-und-Kids-1-Woche-alt-300x237.jpg 300w\" sizes=\"auto, (max-width: 1000px) 100vw, 1000px\" \/><\/a><a href=\"http:\/\/collies-vom-floersbachtal.de\/cms\/wp-content\/uploads\/2018\/11\/Lia5-und-Kids-1-Woche-alt.jpg\"><img loading=\"lazy\" decoding=\"async\" class=\"aligncenter size-full wp-image-24757\" title=\"Lia5 und Kids 1 Woche alt\" src=\"http:\/\/collies-vom-floersbachtal.de\/cms\/wp-content\/uploads\/2018\/11\/Lia5-und-Kids-1-Woche-alt.jpg\" alt=\"\" width=\"1000\" height=\"583\" srcset=\"https:\/\/collies-vom-floersbachtal.de\/cms\/wp-content\/uploads\/2018\/11\/Lia5-und-Kids-1-Woche-alt.jpg 1000w, https:\/\/collies-vom-floersbachtal.de\/cms\/wp-content\/uploads\/2018\/11\/Lia5-und-Kids-1-Woche-alt-300x174.jpg 300w\" sizes=\"auto, (max-width: 1000px) 100vw, 1000px\" \/><\/a>Ein rosa F\u00fcsschen, wer findet es??? Alles Liebe eure Lia <strong>08.12.18 <\/strong>Da haben doch glatt am 10. Tag zwei meiner Jungs die 800 Gramm Marke geknackt &#8211; Ibo und Indy schmeckt\u00b4s. Den anderen Kr\u00fcmel aber ebenfalls &#8211; mal sehen wer morgen die 800g erreicht!? Erreichen wollen sie die Zahl anscheinend so schnell wie m\u00f6glich &#8211; so hastig wie die manchmal die Milch einfordern. Heute hab ich auch den ersten vorsichtigen Blick entdecken k\u00f6nnen, Indy wollte mal sehen, woher die gute Milch kommt \ud83d\ude09 <a href=\"http:\/\/collies-vom-floersbachtal.de\/cms\/wp-content\/uploads\/2018\/11\/DSC_01294.jpg\"><img loading=\"lazy\" decoding=\"async\" class=\"aligncenter size-large wp-image-24778\" title=\"DSC_0129\" src=\"http:\/\/collies-vom-floersbachtal.de\/cms\/wp-content\/uploads\/2018\/11\/DSC_01294-1024x682.jpg\" alt=\"\" width=\"640\" height=\"426\" \/><\/a><a href=\"http:\/\/collies-vom-floersbachtal.de\/cms\/wp-content\/uploads\/2018\/11\/DSC_0143.jpg\"><img loading=\"lazy\" decoding=\"async\" class=\"aligncenter size-large wp-image-24780\" title=\"DSC_0143\" src=\"http:\/\/collies-vom-floersbachtal.de\/cms\/wp-content\/uploads\/2018\/11\/DSC_0143-1024x682.jpg\" alt=\"\" width=\"640\" height=\"426\" srcset=\"https:\/\/collies-vom-floersbachtal.de\/cms\/wp-content\/uploads\/2018\/11\/DSC_0143-1024x682.jpg 1024w, https:\/\/collies-vom-floersbachtal.de\/cms\/wp-content\/uploads\/2018\/11\/DSC_0143-300x200.jpg 300w\" sizes=\"auto, (max-width: 640px) 100vw, 640px\" \/><\/a><a href=\"http:\/\/collies-vom-floersbachtal.de\/cms\/wp-content\/uploads\/2018\/11\/DSC_0153.jpg\"><img loading=\"lazy\" decoding=\"async\" class=\"aligncenter size-large wp-image-24781\" title=\"DSC_0153\" src=\"http:\/\/collies-vom-floersbachtal.de\/cms\/wp-content\/uploads\/2018\/11\/DSC_0153-1024x682.jpg\" alt=\"\" width=\"640\" height=\"426\" srcset=\"https:\/\/collies-vom-floersbachtal.de\/cms\/wp-content\/uploads\/2018\/11\/DSC_0153-1024x682.jpg 1024w, https:\/\/collies-vom-floersbachtal.de\/cms\/wp-content\/uploads\/2018\/11\/DSC_0153-300x200.jpg 300w\" sizes=\"auto, (max-width: 640px) 100vw, 640px\" \/><\/a><a href=\"http:\/\/collies-vom-floersbachtal.de\/cms\/wp-content\/uploads\/2018\/11\/DSC_01752.jpg\"><img loading=\"lazy\" decoding=\"async\" class=\"aligncenter size-large wp-image-24784\" title=\"DSC_0175\" src=\"http:\/\/collies-vom-floersbachtal.de\/cms\/wp-content\/uploads\/2018\/11\/DSC_01752-900x1024.jpg\" alt=\"\" width=\"640\" height=\"728\" srcset=\"https:\/\/collies-vom-floersbachtal.de\/cms\/wp-content\/uploads\/2018\/11\/DSC_01752-900x1024.jpg 900w, https:\/\/collies-vom-floersbachtal.de\/cms\/wp-content\/uploads\/2018\/11\/DSC_01752-263x300.jpg 263w\" sizes=\"auto, (max-width: 640px) 100vw, 640px\" \/><\/a><strong>09.12.18\u00a0<\/strong> Mmmmh, lecker, lecker &#8211; endlich schmeckt mir das Barffutter wieder! <a href=\"http:\/\/collies-vom-floersbachtal.de\/cms\/wp-content\/uploads\/2018\/11\/DSC_0194.jpg\"><img loading=\"lazy\" decoding=\"async\" class=\"aligncenter size-large wp-image-24800\" title=\"DSC_0194\" src=\"http:\/\/collies-vom-floersbachtal.de\/cms\/wp-content\/uploads\/2018\/11\/DSC_0194-1024x682.jpg\" alt=\"\" width=\"640\" height=\"426\" srcset=\"https:\/\/collies-vom-floersbachtal.de\/cms\/wp-content\/uploads\/2018\/11\/DSC_0194-1024x682.jpg 1024w, https:\/\/collies-vom-floersbachtal.de\/cms\/wp-content\/uploads\/2018\/11\/DSC_0194-300x200.jpg 300w\" sizes=\"auto, (max-width: 640px) 100vw, 640px\" \/><\/a> Da musste auch gleich mal Kr\u00fcmel Ibo ein Auge drauf werfen, was da so lecker riecht. \ud83d\ude00 <a href=\"http:\/\/collies-vom-floersbachtal.de\/cms\/wp-content\/uploads\/2018\/11\/DSC_0183.jpg\"><img loading=\"lazy\" decoding=\"async\" class=\"aligncenter size-large wp-image-24799\" title=\"DSC_0183\" src=\"http:\/\/collies-vom-floersbachtal.de\/cms\/wp-content\/uploads\/2018\/11\/DSC_0183-e1544367932548-1024x645.jpg\" alt=\"\" width=\"640\" height=\"403\" srcset=\"https:\/\/collies-vom-floersbachtal.de\/cms\/wp-content\/uploads\/2018\/11\/DSC_0183-e1544367932548-1024x645.jpg 1024w, https:\/\/collies-vom-floersbachtal.de\/cms\/wp-content\/uploads\/2018\/11\/DSC_0183-e1544367932548-300x189.jpg 300w\" sizes=\"auto, (max-width: 640px) 100vw, 640px\" \/><\/a> Frauchen musste Sicherheitsstufe 2 einbauen &#8211; Indira war es wohl zu langweilig in der Wurfkiste und wollte \u00fcbers Brett hinaus in den Vorbereich. Ohne Fragen geht da nix &#8211; also kam das n\u00e4chste Brett drauf \ud83d\ude00 <a href=\"http:\/\/collies-vom-floersbachtal.de\/cms\/wp-content\/uploads\/2018\/11\/bearbeitet3.jpg\"><img loading=\"lazy\" decoding=\"async\" class=\"aligncenter size-large wp-image-24797\" title=\"bearbeitet\" src=\"http:\/\/collies-vom-floersbachtal.de\/cms\/wp-content\/uploads\/2018\/11\/bearbeitet3-1024x667.jpg\" alt=\"\" width=\"640\" height=\"416\" srcset=\"https:\/\/collies-vom-floersbachtal.de\/cms\/wp-content\/uploads\/2018\/11\/bearbeitet3-1024x667.jpg 1024w, https:\/\/collies-vom-floersbachtal.de\/cms\/wp-content\/uploads\/2018\/11\/bearbeitet3-300x195.jpg 300w\" sizes=\"auto, (max-width: 640px) 100vw, 640px\" \/><\/a> Na wer kann die Pfote einem Kr\u00fcmel zuordnen? &#8211; ich verrat&#8216; nix! \ud83d\ude1b (Man beachte die s\u00fc\u00dfe Zunge) Nach dem Wiegen gibt\u00b4s die News, wer die 800 Gramm erreicht hat \ud83d\ude09 &#8211; Isaboe, Indira und Idefix\u00a0 haben die 800g erreicht. <strong>10.12.18<\/strong>\u00a0Das war ne\u00b4 Nacht &#8211; der &#8222;j\u00fcngste&#8220; und zweit schwerste (930g) Wurm Ibo hat Radau vom Allerfeinsten gemacht. Das &#8222;Beste&#8220; daran &#8211; er hat den Rest damit geweckt und sch\u00f6n wach gehalten, zur Freude des Zweibeiners \ud83d\ude00 Indy findet wohl meine Milch nicht mehr soo nahrhaft und war ganz scharf auf mein Gebarftes, andauernd ging die Schnauze rein. Frauchen hat ihn dann etwas weiter weg gesetzt &#8211; zack: war er wieder zur Stelle, er muss sich aber noch etwas gedulden :-P. Nach drei misslungenen Versuchen hat er sich halt wieder an der Milchbar angestellt. Den Kr\u00fcmeln geht es ansonsten super, sie schlafen essen und schlafen \ud83d\ude00 &#8211; bis die ruhigere Phase zu ende ist, genie\u00dfe ich das mal noch etwas (hoffentlich heute Nacht auch). <strong>11.12.18<\/strong>\u00a0&#8222;Klein&#8220; Ibo dr\u00fccken die Z\u00e4hnchen, deswegen bekommen wir seit vorgestern Konzerte vom Feinsten. Aber zum Gl\u00fcck haben die eine Technik gefunden wie er ruck zuck wieder einschlafe kann. Sobald er beim 4. Live-Konzert ist, muss ich dann erst mal auf Durchzug schalten. \ud83d\ude00 <a href=\"http:\/\/collies-vom-floersbachtal.de\/cms\/wp-content\/uploads\/2018\/11\/Ibo1.jpg\"><img loading=\"lazy\" decoding=\"async\" class=\"aligncenter size-large wp-image-24815\" title=\"Ibo\" src=\"http:\/\/collies-vom-floersbachtal.de\/cms\/wp-content\/uploads\/2018\/11\/Ibo1-e1544562304325-706x1024.jpg\" alt=\"\" width=\"640\" height=\"928\" srcset=\"https:\/\/collies-vom-floersbachtal.de\/cms\/wp-content\/uploads\/2018\/11\/Ibo1-e1544562304325-706x1024.jpg 706w, https:\/\/collies-vom-floersbachtal.de\/cms\/wp-content\/uploads\/2018\/11\/Ibo1-e1544562304325-206x300.jpg 206w, https:\/\/collies-vom-floersbachtal.de\/cms\/wp-content\/uploads\/2018\/11\/Ibo1-e1544562304325.jpg 712w\" sizes=\"auto, (max-width: 640px) 100vw, 640px\" \/><\/a>War mir ja klar was da los ist &#8211; aber die Zweibeiner haben erst mal \u00fcberlegen m\u00fcssen. <a href=\"http:\/\/collies-vom-floersbachtal.de\/cms\/wp-content\/uploads\/2018\/11\/DSC_01831.jpg\"><img loading=\"lazy\" decoding=\"async\" class=\"aligncenter size-large wp-image-24816\" title=\"DSC_0183\" src=\"http:\/\/collies-vom-floersbachtal.de\/cms\/wp-content\/uploads\/2018\/11\/DSC_01831-e1544562704613-682x1024.jpg\" alt=\"\" width=\"640\" height=\"960\" srcset=\"https:\/\/collies-vom-floersbachtal.de\/cms\/wp-content\/uploads\/2018\/11\/DSC_01831-e1544562704613-682x1024.jpg 682w, https:\/\/collies-vom-floersbachtal.de\/cms\/wp-content\/uploads\/2018\/11\/DSC_01831-e1544562704613-200x300.jpg 200w\" sizes=\"auto, (max-width: 640px) 100vw, 640px\" \/><\/a>Indy an der Milchbar \ud83d\ude00 <a href=\"http:\/\/collies-vom-floersbachtal.de\/cms\/wp-content\/uploads\/2018\/11\/DSC_0187.jpg\"><img loading=\"lazy\" decoding=\"async\" class=\"aligncenter size-large wp-image-24817\" title=\"DSC_0187\" src=\"http:\/\/collies-vom-floersbachtal.de\/cms\/wp-content\/uploads\/2018\/11\/DSC_0187-1024x682.jpg\" alt=\"\" width=\"640\" height=\"426\" srcset=\"https:\/\/collies-vom-floersbachtal.de\/cms\/wp-content\/uploads\/2018\/11\/DSC_0187-1024x682.jpg 1024w, https:\/\/collies-vom-floersbachtal.de\/cms\/wp-content\/uploads\/2018\/11\/DSC_0187-300x200.jpg 300w\" sizes=\"auto, (max-width: 640px) 100vw, 640px\" \/><\/a>Zum s\u00e4ubern der Box mussten die Monster mal kurz umziehen &#8211; kam gar nicht gut an. Ibo wollte abhauen und der Rest hat geschrien wie wenn die Milch alle w\u00e4re. Kaum war\u00b4n sie wieder in der Kiste, hat keiner gemeckert weils so sauber ist \ud83d\ude00 Gute Nacht, Eure Lia mit den Kr\u00fcmeln <strong>13.12.18<\/strong>\u00a0WOW, die Nacht war im Vergleich zu den zwei letzten echt ein Traum, auch Frauchen war begeistert von der &#8222;Ruhe&#8220;. Mein Kr\u00fcmel Iceman- Harley hat den Spruch &#8222;Klein aber Oho!&#8220; voll best\u00e4tigt. Hat er es doch tats\u00e4chlich geschafft, den Bruder Indy von der Zitze zu sto\u00dfen. Erst zaghaft und dann mit immer mehr Power hat er die hintere Zitze eingefordert &#8211; irgendwann ist halt mal der Wechsel an der Bar und wer nicht freiwillig geht wird eben von Junior Iceman- Harley &#8218;liebevoll&#8216; aufgefordert zu tauschen \ud83d\ude00 Gut so &#8211; nun hat er schlie\u00dflich an Gewicht aufholen k\u00f6nnen \ud83d\ude42 Bei so vielen Geschwistern muss man sich durchzusetzen wissen \ud83d\ude1b Der kleine Idefix hat einen Lieblingsplatz, schaut: <a href=\"http:\/\/collies-vom-floersbachtal.de\/cms\/wp-content\/uploads\/2018\/11\/DSC_0261.jpg\"><img loading=\"lazy\" decoding=\"async\" class=\"aligncenter size-large wp-image-24837\" title=\"DSC_0261\" src=\"http:\/\/collies-vom-floersbachtal.de\/cms\/wp-content\/uploads\/2018\/11\/DSC_0261-e1544727884558-1024x676.jpg\" alt=\"\" width=\"640\" height=\"422\" srcset=\"https:\/\/collies-vom-floersbachtal.de\/cms\/wp-content\/uploads\/2018\/11\/DSC_0261-e1544727884558-1024x676.jpg 1024w, https:\/\/collies-vom-floersbachtal.de\/cms\/wp-content\/uploads\/2018\/11\/DSC_0261-e1544727884558-300x198.jpg 300w\" sizes=\"auto, (max-width: 640px) 100vw, 640px\" \/><\/a> \u00a0 <a href=\"http:\/\/collies-vom-floersbachtal.de\/cms\/wp-content\/uploads\/2018\/11\/20181213_200553.jpg\"><img loading=\"lazy\" decoding=\"async\" class=\"aligncenter size-large wp-image-24838\" title=\"20181213_200553\" src=\"http:\/\/collies-vom-floersbachtal.de\/cms\/wp-content\/uploads\/2018\/11\/20181213_200553-1024x768.jpg\" alt=\"\" width=\"640\" height=\"480\" srcset=\"https:\/\/collies-vom-floersbachtal.de\/cms\/wp-content\/uploads\/2018\/11\/20181213_200553-1024x768.jpg 1024w, https:\/\/collies-vom-floersbachtal.de\/cms\/wp-content\/uploads\/2018\/11\/20181213_200553-300x225.jpg 300w\" sizes=\"auto, (max-width: 640px) 100vw, 640px\" \/><\/a>Inola h\u00e4lt ein kurzes Nickerchen bis ich vom Toben wieder komme \ud83d\ude00 <a href=\"http:\/\/collies-vom-floersbachtal.de\/cms\/wp-content\/uploads\/2018\/11\/20181212_1455531.jpg\"><img loading=\"lazy\" decoding=\"async\" class=\"aligncenter size-large wp-image-24840\" title=\"20181212_145553\" src=\"http:\/\/collies-vom-floersbachtal.de\/cms\/wp-content\/uploads\/2018\/11\/20181212_1455531-e1544734619966-736x1024.jpg\" alt=\"\" width=\"640\" height=\"890\" srcset=\"https:\/\/collies-vom-floersbachtal.de\/cms\/wp-content\/uploads\/2018\/11\/20181212_1455531-e1544734619966-736x1024.jpg 736w, https:\/\/collies-vom-floersbachtal.de\/cms\/wp-content\/uploads\/2018\/11\/20181212_1455531-e1544734619966-215x300.jpg 215w\" sizes=\"auto, (max-width: 640px) 100vw, 640px\" \/><\/a>&#8222;\u00c4hh, Mama ich bin noch nicht fertig! Bitte stehen bleiben! :-D&#8220; \u00dcbrigens d\u00fcrfen auch mal die gro\u00dfen Vierbeiner, wenn Frauchen dabei ist, mit in die Wohnung. Das macht mir nichts mehr aus. El\u00e1 hab ich kurz gezeigt zu wem die Baby geh\u00f6ren und dann war das erledigt &#8211; Frauli war stolz das diesmal ich gezeigt habe wo\u00b4s lang geht! \ud83d\ude09 Sind eben MEINE, da werden Mama\u00b4s ja bekanntlich zu L\u00f6winnen. Aber sie sind echt lieb, schauen immer mal rein was ich da so mache, wer die Konzerte gibt und legen sich dann wieder ab. <a href=\"http:\/\/collies-vom-floersbachtal.de\/cms\/wp-content\/uploads\/2018\/11\/48084083_1511876405613124_2501118112552714240_n.jpg\"><img loading=\"lazy\" decoding=\"async\" class=\"aligncenter size-large wp-image-24841\" title=\"48084083_1511876405613124_2501118112552714240_n\" src=\"http:\/\/collies-vom-floersbachtal.de\/cms\/wp-content\/uploads\/2018\/11\/48084083_1511876405613124_2501118112552714240_n-761x1024.jpg\" alt=\"\" width=\"640\" height=\"861\" srcset=\"https:\/\/collies-vom-floersbachtal.de\/cms\/wp-content\/uploads\/2018\/11\/48084083_1511876405613124_2501118112552714240_n-761x1024.jpg 761w, https:\/\/collies-vom-floersbachtal.de\/cms\/wp-content\/uploads\/2018\/11\/48084083_1511876405613124_2501118112552714240_n-223x300.jpg 223w, https:\/\/collies-vom-floersbachtal.de\/cms\/wp-content\/uploads\/2018\/11\/48084083_1511876405613124_2501118112552714240_n.jpg 1312w\" sizes=\"auto, (max-width: 640px) 100vw, 640px\" \/><\/a><a href=\"http:\/\/collies-vom-floersbachtal.de\/cms\/wp-content\/uploads\/2018\/11\/Isaboe-Indira.jpg\"><img loading=\"lazy\" decoding=\"async\" class=\"aligncenter size-large wp-image-24842\" title=\"Isaboe &amp; Indira\" src=\"http:\/\/collies-vom-floersbachtal.de\/cms\/wp-content\/uploads\/2018\/11\/Isaboe-Indira-e1544735516578-957x1024.jpg\" alt=\"\" width=\"640\" height=\"684\" srcset=\"https:\/\/collies-vom-floersbachtal.de\/cms\/wp-content\/uploads\/2018\/11\/Isaboe-Indira-e1544735516578-957x1024.jpg 957w, https:\/\/collies-vom-floersbachtal.de\/cms\/wp-content\/uploads\/2018\/11\/Isaboe-Indira-e1544735516578-280x300.jpg 280w\" sizes=\"auto, (max-width: 640px) 100vw, 640px\" \/><\/a> Inola und Indira am kuscheln. &lt;3 <strong>\u00a015.12.18<\/strong>\u00a0Ohje Jeanny ist total verliebt in meine Kr\u00fcmel &#8211; sobald einer kurz meckert, steht sie sofort auf und schaut ob alles ok ist. Sie durfte auch Idefix schonmal begr\u00fc\u00dfen, ihn beschnuppern und ablecken. Ginger war auch dabei, toll wie vorsichtig sie mit meinen Sch\u00e4tzchen umgehen! Frauchen lobt die N\u00e4chte immer mehr &#8211; ich hab zwar ab 23 Uhr nicht mehr so die Muse, aber geh dann halt doch rein &#8211; kann mich ja hier keiner abl\u00f6sen. Dann schlafen die Kr\u00fcmel aber super. Um circa halb 3 und morgens um halb 7 geh ich nochmal schauen bevor wir dann alle aufstehen. \ud83d\ude1b Allen schmeckt es hervorragend &#8211; sagt zumindest die Wage, denn die zeigt bei allen mindestens 1.000 Gramm an! Hier auch endlich ein Video, da sind meine Kr\u00fcmel genau 14 Tage alt: <a title=\"Kr\u00fcmel am 14. Tag \" href=\"https:\/\/youtu.be\/K-yWwQWM958\">https:\/\/youtu.be\/K-yWwQWM958<\/a> Da haben die doch heute allen Kr\u00fcmeln St\u00e4bchen in den Mund gesteckt?!?! Den meisten hat es nicht so gefallen. Inola fand es schrecklich &#8211; so kennen wir sie gar nicht, dass sie so viel Terror machen kann. Indy war am entspanntesten &#8211; Coole Socke eben \ud83d\ude09 Daf\u00fcr fand er die Kiste davor nicht so toll. Da mussten sie aber vorher rein, damit blo\u00df keine DNA Spuren von mir an die W\u00fcrmchen kommen. <a href=\"http:\/\/collies-vom-floersbachtal.de\/cms\/wp-content\/uploads\/2018\/11\/DSC_0294.jpg\"><img loading=\"lazy\" decoding=\"async\" class=\"aligncenter size-large wp-image-24863\" title=\"DSC_0294\" src=\"http:\/\/collies-vom-floersbachtal.de\/cms\/wp-content\/uploads\/2018\/11\/DSC_0294-1024x682.jpg\" alt=\"\" width=\"640\" height=\"426\" srcset=\"https:\/\/collies-vom-floersbachtal.de\/cms\/wp-content\/uploads\/2018\/11\/DSC_0294-1024x682.jpg 1024w, https:\/\/collies-vom-floersbachtal.de\/cms\/wp-content\/uploads\/2018\/11\/DSC_0294-300x200.jpg 300w\" sizes=\"auto, (max-width: 640px) 100vw, 640px\" \/><\/a> <a href=\"http:\/\/collies-vom-floersbachtal.de\/cms\/wp-content\/uploads\/2018\/11\/DSC_0288.jpg\"><img loading=\"lazy\" decoding=\"async\" class=\"aligncenter size-large wp-image-24864\" title=\"DSC_0288\" src=\"http:\/\/collies-vom-floersbachtal.de\/cms\/wp-content\/uploads\/2018\/11\/DSC_0288-1024x682.jpg\" alt=\"\" width=\"640\" height=\"426\" srcset=\"https:\/\/collies-vom-floersbachtal.de\/cms\/wp-content\/uploads\/2018\/11\/DSC_0288-1024x682.jpg 1024w, https:\/\/collies-vom-floersbachtal.de\/cms\/wp-content\/uploads\/2018\/11\/DSC_0288-300x200.jpg 300w\" sizes=\"auto, (max-width: 640px) 100vw, 640px\" \/><\/a> <a href=\"http:\/\/collies-vom-floersbachtal.de\/cms\/wp-content\/uploads\/2018\/11\/DSC_0272.jpg\"><img loading=\"lazy\" decoding=\"async\" class=\"aligncenter size-large wp-image-24865\" title=\"DSC_0272\" src=\"http:\/\/collies-vom-floersbachtal.de\/cms\/wp-content\/uploads\/2018\/11\/DSC_0272-1024x682.jpg\" alt=\"\" width=\"640\" height=\"426\" srcset=\"https:\/\/collies-vom-floersbachtal.de\/cms\/wp-content\/uploads\/2018\/11\/DSC_0272-1024x682.jpg 1024w, https:\/\/collies-vom-floersbachtal.de\/cms\/wp-content\/uploads\/2018\/11\/DSC_0272-300x200.jpg 300w\" sizes=\"auto, (max-width: 640px) 100vw, 640px\" \/><\/a>Iceman- Harley wird frech \ud83d\ude1b <strong>\u00a016.12.18<\/strong>\u00a0Heute gab es f\u00fcr die kleinen so ne&#8216; Paste die fanden das gar nicht lustig &#8211; da kamen s\u00fc\u00dfe Grimassen raus \ud83d\ude00 Die coole Socke Indy war total entspannt, hat geschluckt und fertig\u00a0 \ud83d\ude00 schaut mal: <a href=\"http:\/\/collies-vom-floersbachtal.de\/cms\/wp-content\/uploads\/2018\/11\/DSC_0330.jpg\"><img loading=\"lazy\" decoding=\"async\" class=\"aligncenter size-large wp-image-24880\" title=\"DSC_0330\" src=\"http:\/\/collies-vom-floersbachtal.de\/cms\/wp-content\/uploads\/2018\/11\/DSC_0330-e1544979271161-712x1024.jpg\" alt=\"\" width=\"640\" height=\"920\" srcset=\"https:\/\/collies-vom-floersbachtal.de\/cms\/wp-content\/uploads\/2018\/11\/DSC_0330-e1544979271161-712x1024.jpg 712w, https:\/\/collies-vom-floersbachtal.de\/cms\/wp-content\/uploads\/2018\/11\/DSC_0330-e1544979271161-208x300.jpg 208w\" sizes=\"auto, (max-width: 640px) 100vw, 640px\" \/><\/a> <a href=\"http:\/\/collies-vom-floersbachtal.de\/cms\/wp-content\/uploads\/2018\/11\/DSC_0311.jpg\"><img loading=\"lazy\" decoding=\"async\" class=\"aligncenter size-large wp-image-24872\" title=\"DSC_0311\" src=\"http:\/\/collies-vom-floersbachtal.de\/cms\/wp-content\/uploads\/2018\/11\/DSC_0311-e1544977658285-741x1024.jpg\" alt=\"\" width=\"640\" height=\"884\" srcset=\"https:\/\/collies-vom-floersbachtal.de\/cms\/wp-content\/uploads\/2018\/11\/DSC_0311-e1544977658285-741x1024.jpg 741w, https:\/\/collies-vom-floersbachtal.de\/cms\/wp-content\/uploads\/2018\/11\/DSC_0311-e1544977658285-217x300.jpg 217w\" sizes=\"auto, (max-width: 640px) 100vw, 640px\" \/><\/a> \u00a0 <a href=\"http:\/\/collies-vom-floersbachtal.de\/cms\/wp-content\/uploads\/2018\/11\/DSC_0318.jpg\"><img loading=\"lazy\" decoding=\"async\" class=\"aligncenter size-large wp-image-24875\" title=\"DSC_0318\" src=\"http:\/\/collies-vom-floersbachtal.de\/cms\/wp-content\/uploads\/2018\/11\/DSC_0318-e1544977953913-670x1024.jpg\" alt=\"\" width=\"640\" height=\"978\" srcset=\"https:\/\/collies-vom-floersbachtal.de\/cms\/wp-content\/uploads\/2018\/11\/DSC_0318-e1544977953913-670x1024.jpg 670w, https:\/\/collies-vom-floersbachtal.de\/cms\/wp-content\/uploads\/2018\/11\/DSC_0318-e1544977953913-196x300.jpg 196w\" sizes=\"auto, (max-width: 640px) 100vw, 640px\" \/><\/a> <a href=\"http:\/\/collies-vom-floersbachtal.de\/cms\/wp-content\/uploads\/2018\/11\/DSC_0313.jpg\"><img loading=\"lazy\" decoding=\"async\" class=\"aligncenter size-large wp-image-24873\" title=\"DSC_0313\" src=\"http:\/\/collies-vom-floersbachtal.de\/cms\/wp-content\/uploads\/2018\/11\/DSC_0313-e1544977781588-689x1024.jpg\" alt=\"\" width=\"640\" height=\"951\" srcset=\"https:\/\/collies-vom-floersbachtal.de\/cms\/wp-content\/uploads\/2018\/11\/DSC_0313-e1544977781588-689x1024.jpg 689w, https:\/\/collies-vom-floersbachtal.de\/cms\/wp-content\/uploads\/2018\/11\/DSC_0313-e1544977781588-201x300.jpg 201w\" sizes=\"auto, (max-width: 640px) 100vw, 640px\" \/><\/a><a href=\"http:\/\/collies-vom-floersbachtal.de\/cms\/wp-content\/uploads\/2018\/11\/DSC_0317.jpg\"><img loading=\"lazy\" decoding=\"async\" class=\"aligncenter size-large wp-image-24874\" title=\"DSC_0317\" src=\"http:\/\/collies-vom-floersbachtal.de\/cms\/wp-content\/uploads\/2018\/11\/DSC_0317-e1544977835937-745x1024.jpg\" alt=\"\" width=\"640\" height=\"879\" srcset=\"https:\/\/collies-vom-floersbachtal.de\/cms\/wp-content\/uploads\/2018\/11\/DSC_0317-e1544977835937-745x1024.jpg 745w, https:\/\/collies-vom-floersbachtal.de\/cms\/wp-content\/uploads\/2018\/11\/DSC_0317-e1544977835937-218x300.jpg 218w\" sizes=\"auto, (max-width: 640px) 100vw, 640px\" \/><\/a> <a href=\"http:\/\/collies-vom-floersbachtal.de\/cms\/wp-content\/uploads\/2018\/11\/DSC_03011.jpg\"><img loading=\"lazy\" decoding=\"async\" class=\"aligncenter size-large wp-image-24870\" title=\"DSC_0301\" src=\"http:\/\/collies-vom-floersbachtal.de\/cms\/wp-content\/uploads\/2018\/11\/DSC_03011-e1544977465342-787x1024.jpg\" alt=\"\" width=\"640\" height=\"832\" srcset=\"https:\/\/collies-vom-floersbachtal.de\/cms\/wp-content\/uploads\/2018\/11\/DSC_03011-e1544977465342-787x1024.jpg 787w, https:\/\/collies-vom-floersbachtal.de\/cms\/wp-content\/uploads\/2018\/11\/DSC_03011-e1544977465342-230x300.jpg 230w\" sizes=\"auto, (max-width: 640px) 100vw, 640px\" \/><\/a><a href=\"http:\/\/collies-vom-floersbachtal.de\/cms\/wp-content\/uploads\/2018\/11\/DSC_03071.jpg\"><img loading=\"lazy\" decoding=\"async\" class=\"aligncenter size-large wp-image-24871\" title=\"DSC_0307\" src=\"http:\/\/collies-vom-floersbachtal.de\/cms\/wp-content\/uploads\/2018\/11\/DSC_03071-e1544977542952-665x1024.jpg\" alt=\"\" width=\"640\" height=\"985\" srcset=\"https:\/\/collies-vom-floersbachtal.de\/cms\/wp-content\/uploads\/2018\/11\/DSC_03071-e1544977542952-665x1024.jpg 665w, https:\/\/collies-vom-floersbachtal.de\/cms\/wp-content\/uploads\/2018\/11\/DSC_03071-e1544977542952-194x300.jpg 194w\" sizes=\"auto, (max-width: 640px) 100vw, 640px\" \/><\/a> <a href=\"http:\/\/collies-vom-floersbachtal.de\/cms\/wp-content\/uploads\/2018\/11\/DSC_03241.jpg\"><img loading=\"lazy\" decoding=\"async\" class=\"aligncenter size-large wp-image-24878\" title=\"DSC_0324\" src=\"http:\/\/collies-vom-floersbachtal.de\/cms\/wp-content\/uploads\/2018\/11\/DSC_03241-e1544978154652-687x1024.jpg\" alt=\"\" width=\"640\" height=\"953\" srcset=\"https:\/\/collies-vom-floersbachtal.de\/cms\/wp-content\/uploads\/2018\/11\/DSC_03241-e1544978154652-687x1024.jpg 687w, https:\/\/collies-vom-floersbachtal.de\/cms\/wp-content\/uploads\/2018\/11\/DSC_03241-e1544978154652-201x300.jpg 201w\" sizes=\"auto, (max-width: 640px) 100vw, 640px\" \/><\/a> Au\u00dferdem durften sie heute zum ersten Mal Tatar kosten. Alle waren begeistert und wollten mit der Schnauze direkt rein und alles aufschlappern \ud83d\ude00 Ich war nat\u00fcrlich dabei und habe aufgepasst dass sie gebremst werden &#8211; sonst haben die keinen &#8222;Milchhunger&#8220; mehr \ud83d\ude00 <strong>19.12.18<\/strong>\u00a0Boah endlich haben dies geschnallt und die Kiste ge\u00f6ffnet f\u00fcr die W\u00fcrmer &#8211; ez haben die mal bissl\u00b4 Freilauf. Indy war der mutigste, er traute sich zu erst in die &#8222;gro\u00dfe weite Welt&#8220;, direkt im Anschluss folgte Idefix. Das genie\u00dfen die Kr\u00fcmel und sind dann immer total platt und schlafen an Ort und Stelle ein &#8211; Zack Idefix is platt: <a href=\"http:\/\/collies-vom-floersbachtal.de\/cms\/wp-content\/uploads\/2018\/11\/Idefix.jpg\"><img loading=\"lazy\" decoding=\"async\" class=\"aligncenter size-full wp-image-24898\" title=\"Idefix\" src=\"http:\/\/collies-vom-floersbachtal.de\/cms\/wp-content\/uploads\/2018\/11\/Idefix.jpg\" alt=\"\" width=\"1000\" height=\"750\" srcset=\"https:\/\/collies-vom-floersbachtal.de\/cms\/wp-content\/uploads\/2018\/11\/Idefix.jpg 1000w, https:\/\/collies-vom-floersbachtal.de\/cms\/wp-content\/uploads\/2018\/11\/Idefix-300x225.jpg 300w\" sizes=\"auto, (max-width: 1000px) 100vw, 1000px\" \/><\/a>Die Kringel sind der absolute Hit &#8211; manchmal liegen vier auf einmal drin \ud83d\ude00 <a href=\"http:\/\/collies-vom-floersbachtal.de\/cms\/wp-content\/uploads\/2018\/11\/DSC_0336.jpg\"><img loading=\"lazy\" decoding=\"async\" class=\"aligncenter size-full wp-image-24903\" title=\"DSC_0336\" src=\"http:\/\/collies-vom-floersbachtal.de\/cms\/wp-content\/uploads\/2018\/11\/DSC_0336.jpg\" alt=\"\" width=\"1000\" height=\"667\" srcset=\"https:\/\/collies-vom-floersbachtal.de\/cms\/wp-content\/uploads\/2018\/11\/DSC_0336.jpg 1000w, https:\/\/collies-vom-floersbachtal.de\/cms\/wp-content\/uploads\/2018\/11\/DSC_0336-300x200.jpg 300w\" sizes=\"auto, (max-width: 1000px) 100vw, 1000px\" \/><\/a> Das Tatar finden alle immer noch klasse, wird sofort verspeist wenn die Sch\u00fcssel den Boden ber\u00fchrt. Die Z\u00e4hne dr\u00fccken die Kleinen immer mehr, aber die Zweibeiner sind immer flei\u00dfig am massieren. <a href=\"http:\/\/collies-vom-floersbachtal.de\/cms\/wp-content\/uploads\/2018\/11\/DSC_0420.jpg\"><img loading=\"lazy\" decoding=\"async\" class=\"aligncenter size-full wp-image-24899\" title=\"DSC_0420\" src=\"http:\/\/collies-vom-floersbachtal.de\/cms\/wp-content\/uploads\/2018\/11\/DSC_0420.jpg\" alt=\"\" width=\"1000\" height=\"667\" srcset=\"https:\/\/collies-vom-floersbachtal.de\/cms\/wp-content\/uploads\/2018\/11\/DSC_0420.jpg 1000w, https:\/\/collies-vom-floersbachtal.de\/cms\/wp-content\/uploads\/2018\/11\/DSC_0420-300x200.jpg 300w\" sizes=\"auto, (max-width: 1000px) 100vw, 1000px\" \/><\/a> Inola \u00fcbt im Traum schon mal f\u00fcr Agility \ud83d\ude00 <a href=\"http:\/\/collies-vom-floersbachtal.de\/cms\/wp-content\/uploads\/2018\/11\/DSC_0449.jpg\"><img loading=\"lazy\" decoding=\"async\" class=\"aligncenter size-full wp-image-24900\" title=\"DSC_0449\" src=\"http:\/\/collies-vom-floersbachtal.de\/cms\/wp-content\/uploads\/2018\/11\/DSC_0449.jpg\" alt=\"\" width=\"1000\" height=\"667\" srcset=\"https:\/\/collies-vom-floersbachtal.de\/cms\/wp-content\/uploads\/2018\/11\/DSC_0449.jpg 1000w, https:\/\/collies-vom-floersbachtal.de\/cms\/wp-content\/uploads\/2018\/11\/DSC_0449-300x200.jpg 300w\" sizes=\"auto, (max-width: 1000px) 100vw, 1000px\" \/><\/a> <a href=\"http:\/\/collies-vom-floersbachtal.de\/cms\/wp-content\/uploads\/2018\/11\/Indira-4.-Woche-121.jpg\"><img loading=\"lazy\" decoding=\"async\" class=\"aligncenter size-full wp-image-24902\" title=\"Indira 4. Woche (12)\" src=\"http:\/\/collies-vom-floersbachtal.de\/cms\/wp-content\/uploads\/2018\/11\/Indira-4.-Woche-121.jpg\" alt=\"\" width=\"1000\" height=\"1500\" srcset=\"https:\/\/collies-vom-floersbachtal.de\/cms\/wp-content\/uploads\/2018\/11\/Indira-4.-Woche-121.jpg 1000w, https:\/\/collies-vom-floersbachtal.de\/cms\/wp-content\/uploads\/2018\/11\/Indira-4.-Woche-121-200x300.jpg 200w, https:\/\/collies-vom-floersbachtal.de\/cms\/wp-content\/uploads\/2018\/11\/Indira-4.-Woche-121-682x1024.jpg 682w\" sizes=\"auto, (max-width: 1000px) 100vw, 1000px\" \/><\/a> &#8222;Guck guck &#8211; ich bins Indira. Heute hatten wir Weihnachtsshooting. Bruder Idefix und Indy waren total relaxt und sind richtige Models. Der Rest hat halt mit gemacht &#8211; waren aber eher an der Umgebung interessiert \ud83d\ude00 &#8220; Mehr s\u00fc\u00dfe Weihnachtsbilder gibt bei der Seite\u00a0<strong><strong><a title=\"Welpen I - Wurf\" href=\"http:\/\/collies-vom-floersbachtal.de\/?page_id=24123\" target=\"_blank\">Welpen I &#8211; Wurf<\/a><\/strong><\/strong> <strong>21.12.18<\/strong>\u00a0Haben doch die Zweibeiner den CD Player angemacht mit allen m\u00f6glichen Ger\u00e4uschen &#8211; musste schmulzen, dass interessiert doch die kleinen gar nicht \ud83d\ude00 Selbst das Babygeschrei auf der CD hat f\u00fcr keine gro\u00dfe Verwirrung gesorgt, der ein oder andere hat mal mim Ohr gezuckt und gut war \ud83d\ude00 Das lassen die nun auf Dauerschleife laufen &#8211; dann k\u00f6nnen\u00b4s die kleinen bald nachspielen \ud83d\ude00 Auf den Tatar sind sie total scharf, da will keiner zu kurz kommen, dabei sollen die ja noch ein bisschen von meiner guten Milch trinken. <a href=\"http:\/\/collies-vom-floersbachtal.de\/cms\/wp-content\/uploads\/2018\/11\/48412241_2270510466553885_5672868804003102720_n.jpg\"><img loading=\"lazy\" decoding=\"async\" class=\"aligncenter size-full wp-image-24921\" title=\"48412241_2270510466553885_5672868804003102720_n\" src=\"http:\/\/collies-vom-floersbachtal.de\/cms\/wp-content\/uploads\/2018\/11\/48412241_2270510466553885_5672868804003102720_n.jpg\" alt=\"\" width=\"1000\" height=\"1340\" srcset=\"https:\/\/collies-vom-floersbachtal.de\/cms\/wp-content\/uploads\/2018\/11\/48412241_2270510466553885_5672868804003102720_n.jpg 1000w, https:\/\/collies-vom-floersbachtal.de\/cms\/wp-content\/uploads\/2018\/11\/48412241_2270510466553885_5672868804003102720_n-223x300.jpg 223w, https:\/\/collies-vom-floersbachtal.de\/cms\/wp-content\/uploads\/2018\/11\/48412241_2270510466553885_5672868804003102720_n-764x1024.jpg 764w\" sizes=\"auto, (max-width: 1000px) 100vw, 1000px\" \/><\/a> Der kessen Indira war die Tage so langweilig weil alle geschlafen haben, da hat sie sich spontan Ibo zum spielen ausgesucht. Aber jeder versuch ihn zu wecken ist gescheitert &#8211; nicht mal am Ohr geknappert zu bekommen hat ihn interessiert \ud83d\ude00 Da war ihr dann wohl zu doof &#8211; zack war sie bei der Schwester Ivy, die war ruck zuck wach und dann gings da drin rund \ud83d\ude1b Bis Frauchen die Kamera hatte, sind sie vor M\u00fcdigkeit schon wieder eingenickt. Sie liebt die Schaukel, hier der Beweis (auf die schnelle musste das Handy her) <a href=\"http:\/\/collies-vom-floersbachtal.de\/cms\/wp-content\/uploads\/2018\/11\/Indira2.jpg\"><img loading=\"lazy\" decoding=\"async\" class=\"aligncenter size-full wp-image-24920\" title=\"Indira\" src=\"http:\/\/collies-vom-floersbachtal.de\/cms\/wp-content\/uploads\/2018\/11\/Indira2-e1545417674191.jpg\" alt=\"\" width=\"793\" height=\"780\" srcset=\"https:\/\/collies-vom-floersbachtal.de\/cms\/wp-content\/uploads\/2018\/11\/Indira2-e1545417674191.jpg 793w, https:\/\/collies-vom-floersbachtal.de\/cms\/wp-content\/uploads\/2018\/11\/Indira2-e1545417674191-300x295.jpg 300w\" sizes=\"auto, (max-width: 793px) 100vw, 793px\" \/><\/a> <a href=\"http:\/\/collies-vom-floersbachtal.de\/cms\/wp-content\/uploads\/2018\/11\/DSC_0509.jpg\"><img loading=\"lazy\" decoding=\"async\" class=\"aligncenter size-full wp-image-24932\" title=\"DSC_0509\" src=\"http:\/\/collies-vom-floersbachtal.de\/cms\/wp-content\/uploads\/2018\/11\/DSC_0509.jpg\" alt=\"\" width=\"1000\" height=\"667\" srcset=\"https:\/\/collies-vom-floersbachtal.de\/cms\/wp-content\/uploads\/2018\/11\/DSC_0509.jpg 1000w, https:\/\/collies-vom-floersbachtal.de\/cms\/wp-content\/uploads\/2018\/11\/DSC_0509-300x200.jpg 300w\" sizes=\"auto, (max-width: 1000px) 100vw, 1000px\" \/><\/a> <a href=\"http:\/\/collies-vom-floersbachtal.de\/cms\/wp-content\/uploads\/2018\/11\/DSC_0504.jpg\"><img loading=\"lazy\" decoding=\"async\" class=\"aligncenter size-full wp-image-24933\" title=\"DSC_0504\" src=\"http:\/\/collies-vom-floersbachtal.de\/cms\/wp-content\/uploads\/2018\/11\/DSC_0504.jpg\" alt=\"\" width=\"1000\" height=\"667\" srcset=\"https:\/\/collies-vom-floersbachtal.de\/cms\/wp-content\/uploads\/2018\/11\/DSC_0504.jpg 1000w, https:\/\/collies-vom-floersbachtal.de\/cms\/wp-content\/uploads\/2018\/11\/DSC_0504-300x200.jpg 300w\" sizes=\"auto, (max-width: 1000px) 100vw, 1000px\" \/><\/a> <a href=\"http:\/\/collies-vom-floersbachtal.de\/cms\/wp-content\/uploads\/2018\/11\/48391679_193030248319129_2955919007049318400_n.jpg\"><img loading=\"lazy\" decoding=\"async\" class=\"aligncenter size-full wp-image-24917\" title=\"48391679_193030248319129_2955919007049318400_n\" src=\"http:\/\/collies-vom-floersbachtal.de\/cms\/wp-content\/uploads\/2018\/11\/48391679_193030248319129_2955919007049318400_n.jpg\" alt=\"\" width=\"977\" height=\"1012\" srcset=\"https:\/\/collies-vom-floersbachtal.de\/cms\/wp-content\/uploads\/2018\/11\/48391679_193030248319129_2955919007049318400_n.jpg 977w, https:\/\/collies-vom-floersbachtal.de\/cms\/wp-content\/uploads\/2018\/11\/48391679_193030248319129_2955919007049318400_n-289x300.jpg 289w\" sizes=\"auto, (max-width: 977px) 100vw, 977px\" \/><\/a> Tatar wird von den Kr\u00fcmel wortw\u00f6rtlich aufgesaugt bzw. inhaliert \ud83d\ude00 <a href=\"http:\/\/collies-vom-floersbachtal.de\/cms\/wp-content\/uploads\/2018\/11\/Ibo-Tatar-1.jpg\"><img loading=\"lazy\" decoding=\"async\" class=\"aligncenter size-full wp-image-24924\" title=\"Ibo Tatar  (1)\" src=\"http:\/\/collies-vom-floersbachtal.de\/cms\/wp-content\/uploads\/2018\/11\/Ibo-Tatar-1.jpg\" alt=\"\" width=\"1000\" height=\"1500\" srcset=\"https:\/\/collies-vom-floersbachtal.de\/cms\/wp-content\/uploads\/2018\/11\/Ibo-Tatar-1.jpg 1000w, https:\/\/collies-vom-floersbachtal.de\/cms\/wp-content\/uploads\/2018\/11\/Ibo-Tatar-1-200x300.jpg 200w, https:\/\/collies-vom-floersbachtal.de\/cms\/wp-content\/uploads\/2018\/11\/Ibo-Tatar-1-682x1024.jpg 682w\" sizes=\"auto, (max-width: 1000px) 100vw, 1000px\" \/><\/a> <a href=\"http:\/\/collies-vom-floersbachtal.de\/cms\/wp-content\/uploads\/2018\/11\/Iceman-Harley-Tatar-1.jpg\"><img loading=\"lazy\" decoding=\"async\" class=\"aligncenter size-full wp-image-24925\" title=\"Iceman - Harley Tatar (1)\" src=\"http:\/\/collies-vom-floersbachtal.de\/cms\/wp-content\/uploads\/2018\/11\/Iceman-Harley-Tatar-1.jpg\" alt=\"\" width=\"1000\" height=\"1500\" srcset=\"https:\/\/collies-vom-floersbachtal.de\/cms\/wp-content\/uploads\/2018\/11\/Iceman-Harley-Tatar-1.jpg 1000w, https:\/\/collies-vom-floersbachtal.de\/cms\/wp-content\/uploads\/2018\/11\/Iceman-Harley-Tatar-1-200x300.jpg 200w, https:\/\/collies-vom-floersbachtal.de\/cms\/wp-content\/uploads\/2018\/11\/Iceman-Harley-Tatar-1-682x1024.jpg 682w\" sizes=\"auto, (max-width: 1000px) 100vw, 1000px\" \/><\/a> &#8222;Atsch P\u00e4tsch ihr da unten, hier oben bekomm&#8216; ich grad Tatar\u00a0 \ud83d\ude1b &#8220; <a href=\"http:\/\/collies-vom-floersbachtal.de\/cms\/wp-content\/uploads\/2018\/11\/Indy-Tatar.jpg\"><img loading=\"lazy\" decoding=\"async\" class=\"aligncenter size-full wp-image-24928\" title=\"Indy Tatar\" src=\"http:\/\/collies-vom-floersbachtal.de\/cms\/wp-content\/uploads\/2018\/11\/Indy-Tatar.jpg\" alt=\"\" width=\"1000\" height=\"1500\" srcset=\"https:\/\/collies-vom-floersbachtal.de\/cms\/wp-content\/uploads\/2018\/11\/Indy-Tatar.jpg 1000w, https:\/\/collies-vom-floersbachtal.de\/cms\/wp-content\/uploads\/2018\/11\/Indy-Tatar-200x300.jpg 200w, https:\/\/collies-vom-floersbachtal.de\/cms\/wp-content\/uploads\/2018\/11\/Indy-Tatar-682x1024.jpg 682w\" sizes=\"auto, (max-width: 1000px) 100vw, 1000px\" \/><\/a>&#8222;H\u00e4? Wo ist Nachschub?&#8220; (Indy) <a href=\"http:\/\/collies-vom-floersbachtal.de\/cms\/wp-content\/uploads\/2018\/11\/Ivy-Tatar-2.jpg\"><img loading=\"lazy\" decoding=\"async\" class=\"aligncenter size-full wp-image-24930\" title=\"Ivy Tatar (2)\" src=\"http:\/\/collies-vom-floersbachtal.de\/cms\/wp-content\/uploads\/2018\/11\/Ivy-Tatar-2.jpg\" alt=\"\" width=\"1000\" height=\"1500\" srcset=\"https:\/\/collies-vom-floersbachtal.de\/cms\/wp-content\/uploads\/2018\/11\/Ivy-Tatar-2.jpg 1000w, https:\/\/collies-vom-floersbachtal.de\/cms\/wp-content\/uploads\/2018\/11\/Ivy-Tatar-2-200x300.jpg 200w, https:\/\/collies-vom-floersbachtal.de\/cms\/wp-content\/uploads\/2018\/11\/Ivy-Tatar-2-682x1024.jpg 682w\" sizes=\"auto, (max-width: 1000px) 100vw, 1000px\" \/>\u00a0<\/a>Ivy darf blo\u00df nix fallen lassen &#8211; der Piranhas unten warten schon &#8211; ok ich gebs zu, ich auch \ud83d\ude00 <strong>23.12.18<\/strong> Juhu unser gro\u00dfes Frauli ist auf Besuch, was war das ein Begr\u00fc\u00dfung. Frauli konnte sich fast nicht retten. Die L\u00fctten waren\u00a0 erst etwas irritiert, aber dann&#8230; kam die Erinnerung, den Geruch kennen wir doch&#8230; freu \ud83d\ude42<a href=\"http:\/\/collies-vom-floersbachtal.de\/cms\/wp-content\/uploads\/2018\/11\/Alle-4.-Woche1.jpg\"><img loading=\"lazy\" decoding=\"async\" class=\"aligncenter size-full wp-image-24951\" title=\"Alle 4. Woche1\" src=\"http:\/\/collies-vom-floersbachtal.de\/cms\/wp-content\/uploads\/2018\/11\/Alle-4.-Woche1.jpg\" alt=\"\" width=\"1000\" height=\"667\" srcset=\"https:\/\/collies-vom-floersbachtal.de\/cms\/wp-content\/uploads\/2018\/11\/Alle-4.-Woche1.jpg 1000w, https:\/\/collies-vom-floersbachtal.de\/cms\/wp-content\/uploads\/2018\/11\/Alle-4.-Woche1-300x200.jpg 300w\" sizes=\"auto, (max-width: 1000px) 100vw, 1000px\" \/><\/a><a href=\"http:\/\/collies-vom-floersbachtal.de\/cms\/wp-content\/uploads\/2018\/11\/Alle-4.-Woche2.jpg\"><img loading=\"lazy\" decoding=\"async\" class=\"aligncenter size-full wp-image-24952\" title=\"Alle 4. Woche2\" src=\"http:\/\/collies-vom-floersbachtal.de\/cms\/wp-content\/uploads\/2018\/11\/Alle-4.-Woche2.jpg\" alt=\"\" width=\"1000\" height=\"689\" srcset=\"https:\/\/collies-vom-floersbachtal.de\/cms\/wp-content\/uploads\/2018\/11\/Alle-4.-Woche2.jpg 1000w, https:\/\/collies-vom-floersbachtal.de\/cms\/wp-content\/uploads\/2018\/11\/Alle-4.-Woche2-300x206.jpg 300w\" sizes=\"auto, (max-width: 1000px) 100vw, 1000px\" \/><\/a><a href=\"http:\/\/collies-vom-floersbachtal.de\/cms\/wp-content\/uploads\/2018\/11\/Alle-4.-Woche5.jpg\"><img loading=\"lazy\" decoding=\"async\" class=\"aligncenter size-full wp-image-24953\" title=\"Alle 4. Woche5\" src=\"http:\/\/collies-vom-floersbachtal.de\/cms\/wp-content\/uploads\/2018\/11\/Alle-4.-Woche5.jpg\" alt=\"\" width=\"1000\" height=\"764\" srcset=\"https:\/\/collies-vom-floersbachtal.de\/cms\/wp-content\/uploads\/2018\/11\/Alle-4.-Woche5.jpg 1000w, https:\/\/collies-vom-floersbachtal.de\/cms\/wp-content\/uploads\/2018\/11\/Alle-4.-Woche5-300x229.jpg 300w\" sizes=\"auto, (max-width: 1000px) 100vw, 1000px\" \/><\/a>Knuddelalarm, oder Hilfe f\u00fcr Frauli&#8230; \ud83d\ude09<a href=\"http:\/\/collies-vom-floersbachtal.de\/cms\/wp-content\/uploads\/2018\/11\/Ibo1-mit-Fan-4.-Woche.jpg\"><img loading=\"lazy\" decoding=\"async\" class=\"aligncenter size-large wp-image-24958\" title=\"Ibo1 mit Fan 4. Woche\" src=\"http:\/\/collies-vom-floersbachtal.de\/cms\/wp-content\/uploads\/2018\/11\/Ibo1-mit-Fan-4.-Woche-725x1024.jpg\" alt=\"\" width=\"640\" height=\"903\" srcset=\"https:\/\/collies-vom-floersbachtal.de\/cms\/wp-content\/uploads\/2018\/11\/Ibo1-mit-Fan-4.-Woche-725x1024.jpg 725w, https:\/\/collies-vom-floersbachtal.de\/cms\/wp-content\/uploads\/2018\/11\/Ibo1-mit-Fan-4.-Woche-212x300.jpg 212w, https:\/\/collies-vom-floersbachtal.de\/cms\/wp-content\/uploads\/2018\/11\/Ibo1-mit-Fan-4.-Woche.jpg 1000w\" sizes=\"auto, (max-width: 640px) 100vw, 640px\" \/><\/a>Ibo der gro\u00dfe Schmuser l\u00e4\u00dft sich verw\u00f6hnen \ud83d\ude00<a href=\"http:\/\/collies-vom-floersbachtal.de\/cms\/wp-content\/uploads\/2018\/11\/Alle-4.-Woche8.jpg\"><img loading=\"lazy\" decoding=\"async\" class=\"aligncenter size-full wp-image-24955\" title=\"Alle 4. Woche8\" src=\"http:\/\/collies-vom-floersbachtal.de\/cms\/wp-content\/uploads\/2018\/11\/Alle-4.-Woche8.jpg\" alt=\"\" width=\"1000\" height=\"666\" srcset=\"https:\/\/collies-vom-floersbachtal.de\/cms\/wp-content\/uploads\/2018\/11\/Alle-4.-Woche8.jpg 1000w, https:\/\/collies-vom-floersbachtal.de\/cms\/wp-content\/uploads\/2018\/11\/Alle-4.-Woche8-300x199.jpg 300w\" sizes=\"auto, (max-width: 1000px) 100vw, 1000px\" \/><\/a>Hier gehts irgendwo raus, sag ich euch<a href=\"http:\/\/collies-vom-floersbachtal.de\/cms\/wp-content\/uploads\/2018\/11\/Alle-4.-Woche6.jpg\"><img loading=\"lazy\" decoding=\"async\" class=\"aligncenter size-full wp-image-24956\" title=\"Alle 4. Woche6\" src=\"http:\/\/collies-vom-floersbachtal.de\/cms\/wp-content\/uploads\/2018\/11\/Alle-4.-Woche6.jpg\" alt=\"\" width=\"1000\" height=\"546\" srcset=\"https:\/\/collies-vom-floersbachtal.de\/cms\/wp-content\/uploads\/2018\/11\/Alle-4.-Woche6.jpg 1000w, https:\/\/collies-vom-floersbachtal.de\/cms\/wp-content\/uploads\/2018\/11\/Alle-4.-Woche6-300x163.jpg 300w\" sizes=\"auto, (max-width: 1000px) 100vw, 1000px\" \/><\/a>hat zu lange gedauert, wir sind dann mal m\u00fcde<a href=\"http:\/\/collies-vom-floersbachtal.de\/cms\/wp-content\/uploads\/2018\/11\/Ibo-und-Isaboe1-45-Wochen.jpg\"><img loading=\"lazy\" decoding=\"async\" class=\"aligncenter size-full wp-image-24957\" title=\"Ibo und Isaboe1 4,5 Wochen\" src=\"http:\/\/collies-vom-floersbachtal.de\/cms\/wp-content\/uploads\/2018\/11\/Ibo-und-Isaboe1-45-Wochen.jpg\" alt=\"\" width=\"1000\" height=\"650\" srcset=\"https:\/\/collies-vom-floersbachtal.de\/cms\/wp-content\/uploads\/2018\/11\/Ibo-und-Isaboe1-45-Wochen.jpg 1000w, https:\/\/collies-vom-floersbachtal.de\/cms\/wp-content\/uploads\/2018\/11\/Ibo-und-Isaboe1-45-Wochen-300x195.jpg 300w\" sizes=\"auto, (max-width: 1000px) 100vw, 1000px\" \/><\/a>Ich freu mich jedenfalls wie Bolle das MEIN Frauli wieder da ist und sage gute Nacht eure Lia \ud83d\ude00<a href=\"http:\/\/collies-vom-floersbachtal.de\/cms\/wp-content\/uploads\/2018\/11\/Lia1-4.-Woche.jpg\"><img loading=\"lazy\" decoding=\"async\" class=\"aligncenter size-full wp-image-24960\" title=\"Lia1 4. Woche\" src=\"http:\/\/collies-vom-floersbachtal.de\/cms\/wp-content\/uploads\/2018\/11\/Lia1-4.-Woche.jpg\" alt=\"\" width=\"1000\" height=\"1014\" srcset=\"https:\/\/collies-vom-floersbachtal.de\/cms\/wp-content\/uploads\/2018\/11\/Lia1-4.-Woche.jpg 1000w, https:\/\/collies-vom-floersbachtal.de\/cms\/wp-content\/uploads\/2018\/11\/Lia1-4.-Woche-295x300.jpg 295w\" sizes=\"auto, (max-width: 1000px) 100vw, 1000px\" \/><\/a><strong>26.12.18<\/strong> Huhu, also Weihnachten ist ja nun fast vorbei und Frauli wollte gerade die Fotos hochjagen, die sie heute morgen von den Kr\u00fcmeln gemacht haben. Was soll ich euch sagen, hier streigt die Technik. Das hat uns gerade noch gefehlt&#8230; \ud83d\ude41 Herrchen ist nicht mehr da. Und nun??? Die M\u00e4use sind ja allerliebst, machen sch\u00f6n auf ihre Toilettent\u00fccher, fressen ihren Welpenbrei heute sogar mit H\u00fcttenk\u00e4se (Foto folgt) und abends ihr gebarftes Welpenfutter. Die sind so toll. Frauli mag garnicht wieder in ihr &#8222;ALTENHEIM&#8220; ;-). Aber am Samstag kommt sie wieder auf Urlaub. Es hat doch noch geklappt, kurz vor Fraulis Nervenzusammenbruch \ud83d\ude09 Hier kommen die Fotos, wie versprochen und da kann man auch gut sehen, wie sch\u00f6n die M\u00e4use auf die Toilette gehen.<a href=\"http:\/\/collies-vom-floersbachtal.de\/cms\/wp-content\/uploads\/2018\/11\/Alle-mit-Besuch4-5.Woche_.jpg\"><img loading=\"lazy\" decoding=\"async\" class=\"aligncenter size-full wp-image-24970\" title=\"Alle mit Besuch4 5.Woche\" src=\"http:\/\/collies-vom-floersbachtal.de\/cms\/wp-content\/uploads\/2018\/11\/Alle-mit-Besuch4-5.Woche_.jpg\" alt=\"\" width=\"1000\" height=\"928\" srcset=\"https:\/\/collies-vom-floersbachtal.de\/cms\/wp-content\/uploads\/2018\/11\/Alle-mit-Besuch4-5.Woche_.jpg 1000w, https:\/\/collies-vom-floersbachtal.de\/cms\/wp-content\/uploads\/2018\/11\/Alle-mit-Besuch4-5.Woche_-300x278.jpg 300w\" sizes=\"auto, (max-width: 1000px) 100vw, 1000px\" \/><\/a><\/p>\n<p><a href=\"http:\/\/collies-vom-floersbachtal.de\/cms\/wp-content\/uploads\/2018\/11\/1.-Welpenbrei-mit-H\u00fcttenk\u00e4se1-5.Woche_.jpg\"><img loading=\"lazy\" decoding=\"async\" class=\"aligncenter size-full wp-image-24971\" title=\"1. Welpenbrei mit H\u00fcttenk\u00e4se1 5.Woche\" src=\"http:\/\/collies-vom-floersbachtal.de\/cms\/wp-content\/uploads\/2018\/11\/1.-Welpenbrei-mit-H\u00fcttenk\u00e4se1-5.Woche_.jpg\" alt=\"\" width=\"1000\" height=\"742\" srcset=\"https:\/\/collies-vom-floersbachtal.de\/cms\/wp-content\/uploads\/2018\/11\/1.-Welpenbrei-mit-H\u00fcttenk\u00e4se1-5.Woche_.jpg 1000w, https:\/\/collies-vom-floersbachtal.de\/cms\/wp-content\/uploads\/2018\/11\/1.-Welpenbrei-mit-H\u00fcttenk\u00e4se1-5.Woche_-300x222.jpg 300w\" sizes=\"auto, (max-width: 1000px) 100vw, 1000px\" \/><\/a><a href=\"http:\/\/collies-vom-floersbachtal.de\/cms\/wp-content\/uploads\/2018\/11\/Alle3-5.-Woche.jpg\"><img loading=\"lazy\" decoding=\"async\" class=\"aligncenter size-medium wp-image-24972\" title=\"Alle3 5. Woche\" src=\"http:\/\/collies-vom-floersbachtal.de\/cms\/wp-content\/uploads\/2018\/11\/Alle3-5.-Woche-300x233.jpg\" alt=\"\" width=\"300\" height=\"233\" srcset=\"https:\/\/collies-vom-floersbachtal.de\/cms\/wp-content\/uploads\/2018\/11\/Alle3-5.-Woche-300x233.jpg 300w, https:\/\/collies-vom-floersbachtal.de\/cms\/wp-content\/uploads\/2018\/11\/Alle3-5.-Woche.jpg 1000w\" sizes=\"auto, (max-width: 300px) 100vw, 300px\" \/><\/a><a href=\"http:\/\/collies-vom-floersbachtal.de\/cms\/wp-content\/uploads\/2018\/11\/Indy-Ibo1-5.Woche_.jpg\"><img loading=\"lazy\" decoding=\"async\" class=\"aligncenter size-medium wp-image-24973\" title=\"Indy, Ibo1 5.Woche\" src=\"http:\/\/collies-vom-floersbachtal.de\/cms\/wp-content\/uploads\/2018\/11\/Indy-Ibo1-5.Woche_-300x226.jpg\" alt=\"\" width=\"300\" height=\"226\" srcset=\"https:\/\/collies-vom-floersbachtal.de\/cms\/wp-content\/uploads\/2018\/11\/Indy-Ibo1-5.Woche_-300x226.jpg 300w, https:\/\/collies-vom-floersbachtal.de\/cms\/wp-content\/uploads\/2018\/11\/Indy-Ibo1-5.Woche_.jpg 1000w\" sizes=\"auto, (max-width: 300px) 100vw, 300px\" \/><\/a><a href=\"http:\/\/collies-vom-floersbachtal.de\/cms\/wp-content\/uploads\/2018\/11\/Alle-mit-Besuch1-5.Woche_.jpg\"><img loading=\"lazy\" decoding=\"async\" class=\"aligncenter size-medium wp-image-24974\" title=\"Alle mit Besuch1 5.Woche\" src=\"http:\/\/collies-vom-floersbachtal.de\/cms\/wp-content\/uploads\/2018\/11\/Alle-mit-Besuch1-5.Woche_-261x300.jpg\" alt=\"\" width=\"261\" height=\"300\" srcset=\"https:\/\/collies-vom-floersbachtal.de\/cms\/wp-content\/uploads\/2018\/11\/Alle-mit-Besuch1-5.Woche_-261x300.jpg 261w, https:\/\/collies-vom-floersbachtal.de\/cms\/wp-content\/uploads\/2018\/11\/Alle-mit-Besuch1-5.Woche_-891x1024.jpg 891w, https:\/\/collies-vom-floersbachtal.de\/cms\/wp-content\/uploads\/2018\/11\/Alle-mit-Besuch1-5.Woche_.jpg 1000w\" sizes=\"auto, (max-width: 261px) 100vw, 261px\" \/><\/a><a href=\"http:\/\/collies-vom-floersbachtal.de\/cms\/wp-content\/uploads\/2018\/11\/Alle2-5.-Woche.jpg\"><img loading=\"lazy\" decoding=\"async\" class=\"aligncenter size-medium wp-image-24975\" title=\"Alle2 5. Woche\" src=\"http:\/\/collies-vom-floersbachtal.de\/cms\/wp-content\/uploads\/2018\/11\/Alle2-5.-Woche-300x184.jpg\" alt=\"\" width=\"300\" height=\"184\" srcset=\"https:\/\/collies-vom-floersbachtal.de\/cms\/wp-content\/uploads\/2018\/11\/Alle2-5.-Woche-300x184.jpg 300w, https:\/\/collies-vom-floersbachtal.de\/cms\/wp-content\/uploads\/2018\/11\/Alle2-5.-Woche.jpg 1000w\" sizes=\"auto, (max-width: 300px) 100vw, 300px\" \/><\/a><a href=\"http:\/\/collies-vom-floersbachtal.de\/cms\/wp-content\/uploads\/2018\/11\/Inola-Ibo1-5.-Woche.jpg\"><img loading=\"lazy\" decoding=\"async\" class=\"aligncenter size-medium wp-image-24976\" title=\"Inola, Ibo1 5. Woche\" src=\"http:\/\/collies-vom-floersbachtal.de\/cms\/wp-content\/uploads\/2018\/11\/Inola-Ibo1-5.-Woche-300x255.jpg\" alt=\"\" width=\"300\" height=\"255\" srcset=\"https:\/\/collies-vom-floersbachtal.de\/cms\/wp-content\/uploads\/2018\/11\/Inola-Ibo1-5.-Woche-300x255.jpg 300w, https:\/\/collies-vom-floersbachtal.de\/cms\/wp-content\/uploads\/2018\/11\/Inola-Ibo1-5.-Woche.jpg 1000w\" sizes=\"auto, (max-width: 300px) 100vw, 300px\" \/><\/a><\/p>\n<p>Die Kr\u00fcmel lieben ihre Schaukel und\u00a0 ihren Wackelteller, der so sch\u00f6n den Gleichgewichtssinn schult und die Muskeln\/Sehnen st\u00e4rkt. Was man aber sicher schon erkennen kann, ist, dass alle Babys sehr gechilt sind, sich unheimlich gerne rumtragen lassen, sehr schmusig und neugierig sind.\u00a0 Das Tolle ist auch der st\u00e4ndig neue Kontakt zu fremden Menschen und deren Ger\u00fcchen. So werden sie sehr auf den Menschen gepr\u00e4gt und werden ihn immer freundlich begr\u00fc\u00dfen wollen. Heute haben alle Kr\u00fcmel auch ihr Farbb\u00e4ndchen erhalten, damit sie, wenn sie am 05.01.19 von ihren 1. Interessenten Besuch erhalten, gleich gut zugeordnet werden k\u00f6nnen.\u00a0 \ud83d\ude00 Es wird ein aufregender Tag f\u00fcr alle werden!!!<\/p>\n<p>Oh Herrchen du fehlst hier so&#8230;, Frauli kommt immer noch nicht ins Bilderprogramm rein. :-\/ \ud83d\ude41<\/p>\n<p>Sie hat es doch geschafft!!!\u00a0 Ob er nicht doch ein klein bisschen geholfen hat???<\/p>\n<p><a href=\"http:\/\/collies-vom-floersbachtal.de\/cms\/wp-content\/uploads\/2018\/11\/Alle-mit-Besuch2-5.Woche_.jpg\"><img loading=\"lazy\" decoding=\"async\" class=\"aligncenter size-full wp-image-24977\" title=\"Alle mit Besuch2 5.Woche\" src=\"http:\/\/collies-vom-floersbachtal.de\/cms\/wp-content\/uploads\/2018\/11\/Alle-mit-Besuch2-5.Woche_.jpg\" alt=\"\" width=\"1000\" height=\"782\" srcset=\"https:\/\/collies-vom-floersbachtal.de\/cms\/wp-content\/uploads\/2018\/11\/Alle-mit-Besuch2-5.Woche_.jpg 1000w, https:\/\/collies-vom-floersbachtal.de\/cms\/wp-content\/uploads\/2018\/11\/Alle-mit-Besuch2-5.Woche_-300x234.jpg 300w\" sizes=\"auto, (max-width: 1000px) 100vw, 1000px\" \/><\/a>Bis Samstag soll ich ausrichten. \ud83d\ude00 LG. eure Lia<\/p>\n<p><strong>29.12.18<\/strong> Juhu, Frauli ist wieder da,\u00a0 eine ganz liebe Freundin (Besitzerin von Hancock) hat sie gebracht und gleich mal meine Kr\u00fcmel bewundert. \ud83d\ude09 Die sind schon so gro\u00df und voller Tatendrang, sowie Neugierde, dass die hier gar nicht mit dem F\u00fcttern nach kommen. :-O Inzwischen bekommen sie schon 3 kleine Zusatzmahlzeiten, morgens ihren Welpenbrei mit H\u00fcttenk\u00e4se, mittags eingeweichtes Trockenfutter von Goodstuff und abends ihr Gebarftes.\u00a0 Bin auch ganz dankbar daf\u00fcr, denn die haben schon ganz sch\u00f6n Kraft mit ihrem Gebiss und h\u00e4ngen sich immer an meine Zitzen, als wenn sie hier nichts bekommen w\u00fcrden. Auch den Staubsauger haben sie kennen gelernt, finden alle bis auf Indira ganz cool. Die tut nur immer so&#8230; tzz.\u00a0 (Hier liegen Ivy und Indira )<a href=\"http:\/\/collies-vom-floersbachtal.de\/cms\/wp-content\/uploads\/2018\/11\/Indira-und-Ivy1-5.Woche_.jpg\"><img loading=\"lazy\" decoding=\"async\" class=\"aligncenter size-large wp-image-25002\" title=\"Indira und Ivy1 5.Woche\" src=\"http:\/\/collies-vom-floersbachtal.de\/cms\/wp-content\/uploads\/2018\/11\/Indira-und-Ivy1-5.Woche_-1024x768.jpg\" alt=\"\" width=\"640\" height=\"480\" srcset=\"https:\/\/collies-vom-floersbachtal.de\/cms\/wp-content\/uploads\/2018\/11\/Indira-und-Ivy1-5.Woche_-1024x768.jpg 1024w, https:\/\/collies-vom-floersbachtal.de\/cms\/wp-content\/uploads\/2018\/11\/Indira-und-Ivy1-5.Woche_-300x225.jpg 300w, https:\/\/collies-vom-floersbachtal.de\/cms\/wp-content\/uploads\/2018\/11\/Indira-und-Ivy1-5.Woche_.jpg 2048w\" sizes=\"auto, (max-width: 640px) 100vw, 640px\" \/><\/a><\/p>\n<p><a href=\"http:\/\/collies-vom-floersbachtal.de\/cms\/wp-content\/uploads\/2018\/11\/Iceman-und-Isaboe1-5.Woche_.jpg\"><img loading=\"lazy\" decoding=\"async\" class=\"aligncenter size-large wp-image-25003\" title=\"Iceman und Isaboe1  5.Woche\" src=\"http:\/\/collies-vom-floersbachtal.de\/cms\/wp-content\/uploads\/2018\/11\/Iceman-und-Isaboe1-5.Woche_-1024x768.jpg\" alt=\"\" width=\"640\" height=\"480\" srcset=\"https:\/\/collies-vom-floersbachtal.de\/cms\/wp-content\/uploads\/2018\/11\/Iceman-und-Isaboe1-5.Woche_-1024x768.jpg 1024w, https:\/\/collies-vom-floersbachtal.de\/cms\/wp-content\/uploads\/2018\/11\/Iceman-und-Isaboe1-5.Woche_-300x225.jpg 300w, https:\/\/collies-vom-floersbachtal.de\/cms\/wp-content\/uploads\/2018\/11\/Iceman-und-Isaboe1-5.Woche_.jpg 2048w\" sizes=\"auto, (max-width: 640px) 100vw, 640px\" \/><\/a>Iceman und Isaboe, da liegt doch was zum Kauen drin \ud83d\ude00<a href=\"http:\/\/collies-vom-floersbachtal.de\/cms\/wp-content\/uploads\/2018\/11\/Ibo3-5.Woche_.jpg\"><img loading=\"lazy\" decoding=\"async\" class=\"aligncenter size-large wp-image-25004\" title=\"Ibo3 5.Woche\" src=\"http:\/\/collies-vom-floersbachtal.de\/cms\/wp-content\/uploads\/2018\/11\/Ibo3-5.Woche_-1024x768.jpg\" alt=\"\" width=\"640\" height=\"480\" srcset=\"https:\/\/collies-vom-floersbachtal.de\/cms\/wp-content\/uploads\/2018\/11\/Ibo3-5.Woche_-1024x768.jpg 1024w, https:\/\/collies-vom-floersbachtal.de\/cms\/wp-content\/uploads\/2018\/11\/Ibo3-5.Woche_-300x225.jpg 300w, https:\/\/collies-vom-floersbachtal.de\/cms\/wp-content\/uploads\/2018\/11\/Ibo3-5.Woche_.jpg 1824w\" sizes=\"auto, (max-width: 640px) 100vw, 640px\" \/><\/a>Ibo&#8230; \u00fcberlegt, da waren doch eben noch die Knochen drin. :-\/<a href=\"http:\/\/collies-vom-floersbachtal.de\/cms\/wp-content\/uploads\/2018\/11\/Isaboe-Ivy1-5.Woche_.jpg\"><img loading=\"lazy\" decoding=\"async\" class=\"aligncenter size-large wp-image-25005\" title=\"Isaboe &amp; Ivy1 5.Woche\" src=\"http:\/\/collies-vom-floersbachtal.de\/cms\/wp-content\/uploads\/2018\/11\/Isaboe-Ivy1-5.Woche_-1024x768.jpg\" alt=\"\" width=\"640\" height=\"480\" srcset=\"https:\/\/collies-vom-floersbachtal.de\/cms\/wp-content\/uploads\/2018\/11\/Isaboe-Ivy1-5.Woche_-1024x768.jpg 1024w, https:\/\/collies-vom-floersbachtal.de\/cms\/wp-content\/uploads\/2018\/11\/Isaboe-Ivy1-5.Woche_-300x225.jpg 300w, https:\/\/collies-vom-floersbachtal.de\/cms\/wp-content\/uploads\/2018\/11\/Isaboe-Ivy1-5.Woche_.jpg 2048w\" sizes=\"auto, (max-width: 640px) 100vw, 640px\" \/><\/a>Ich war das nicht&#8230;<a href=\"http:\/\/collies-vom-floersbachtal.de\/cms\/wp-content\/uploads\/2018\/11\/Ivy-Isaboe1-5.Woche_.jpg\"><img loading=\"lazy\" decoding=\"async\" class=\"aligncenter size-large wp-image-25006\" title=\"Ivy &amp; Isaboe1 5.Woche\" src=\"http:\/\/collies-vom-floersbachtal.de\/cms\/wp-content\/uploads\/2018\/11\/Ivy-Isaboe1-5.Woche_-1024x768.jpg\" alt=\"\" width=\"640\" height=\"480\" srcset=\"https:\/\/collies-vom-floersbachtal.de\/cms\/wp-content\/uploads\/2018\/11\/Ivy-Isaboe1-5.Woche_-1024x768.jpg 1024w, https:\/\/collies-vom-floersbachtal.de\/cms\/wp-content\/uploads\/2018\/11\/Ivy-Isaboe1-5.Woche_-300x225.jpg 300w, https:\/\/collies-vom-floersbachtal.de\/cms\/wp-content\/uploads\/2018\/11\/Ivy-Isaboe1-5.Woche_.jpg 2048w\" sizes=\"auto, (max-width: 640px) 100vw, 640px\" \/><\/a>Ivy &amp; Isaboe<\/p>\n<p>Meine L\u00fctten haben heute auch ihre MDR1 Werte bekommen und die sind super ausgefallen.\u00a0 \ud83d\ude00 Tsch\u00fcss bis bald eure Lia<a href=\"http:\/\/collies-vom-floersbachtal.de\/cms\/wp-content\/uploads\/2018\/11\/Lia1-Dez.-18.jpg\"><img loading=\"lazy\" decoding=\"async\" class=\"aligncenter size-large wp-image-25009\" title=\"Lia1 Dez. 18\" src=\"http:\/\/collies-vom-floersbachtal.de\/cms\/wp-content\/uploads\/2018\/11\/Lia1-Dez.-18-1024x768.jpg\" alt=\"\" width=\"640\" height=\"480\" srcset=\"https:\/\/collies-vom-floersbachtal.de\/cms\/wp-content\/uploads\/2018\/11\/Lia1-Dez.-18-1024x768.jpg 1024w, https:\/\/collies-vom-floersbachtal.de\/cms\/wp-content\/uploads\/2018\/11\/Lia1-Dez.-18-300x225.jpg 300w, https:\/\/collies-vom-floersbachtal.de\/cms\/wp-content\/uploads\/2018\/11\/Lia1-Dez.-18.jpg 2048w\" sizes=\"auto, (max-width: 640px) 100vw, 640px\" \/><\/a>Weil ihr immer so sch\u00f6n wartet, kommt hier ein s\u00fc\u00dfes Video von den M\u00e4usen.<\/p>\n<p><a title=\"1. Video 5.Woche\" href=\"https:\/\/youtu.be\/G_c1NAAf0hQ\" target=\"_blank\"><strong>1. Video 5.Woche<\/strong><\/a><\/p>\n<p><strong>30.12.18<\/strong><br \/>\nIst der Blick nicht total \u00e4hnlich?? Dieser Blick&#8230; und sooo cool (zwischen Indy und Hancock \ud83d\ude09 )<a href=\"http:\/\/collies-vom-floersbachtal.de\/cms\/wp-content\/uploads\/2018\/11\/Indy1-mit-45.Wochen.jpg\"><img loading=\"lazy\" decoding=\"async\" class=\"aligncenter size-large wp-image-25045\" title=\"Indy1 mit 4,5.Wochen\" src=\"http:\/\/collies-vom-floersbachtal.de\/cms\/wp-content\/uploads\/2018\/11\/Indy1-mit-45.Wochen-768x1024.jpg\" alt=\"\" width=\"640\" height=\"853\" srcset=\"https:\/\/collies-vom-floersbachtal.de\/cms\/wp-content\/uploads\/2018\/11\/Indy1-mit-45.Wochen-768x1024.jpg 768w, https:\/\/collies-vom-floersbachtal.de\/cms\/wp-content\/uploads\/2018\/11\/Indy1-mit-45.Wochen-225x300.jpg 225w, https:\/\/collies-vom-floersbachtal.de\/cms\/wp-content\/uploads\/2018\/11\/Indy1-mit-45.Wochen.jpg 1536w\" sizes=\"auto, (max-width: 640px) 100vw, 640px\" \/><\/a><a href=\"http:\/\/collies-vom-floersbachtal.de\/cms\/wp-content\/uploads\/2018\/11\/Hancock1-Dez.18.jpeg\"><img loading=\"lazy\" decoding=\"async\" class=\"aligncenter size-medium wp-image-25046\" title=\"Hancock1 Dez.18\" src=\"http:\/\/collies-vom-floersbachtal.de\/cms\/wp-content\/uploads\/2018\/11\/Hancock1-Dez.18-e1546169320420-225x300.jpg\" alt=\"\" width=\"225\" height=\"300\" srcset=\"https:\/\/collies-vom-floersbachtal.de\/cms\/wp-content\/uploads\/2018\/11\/Hancock1-Dez.18-e1546169320420-225x300.jpg 225w, https:\/\/collies-vom-floersbachtal.de\/cms\/wp-content\/uploads\/2018\/11\/Hancock1-Dez.18-e1546169320420-768x1024.jpg 768w\" sizes=\"auto, (max-width: 225px) 100vw, 225px\" \/><\/a><br \/>\n<strong>31.12.18<\/strong> Letzter Tag in diesem verf. Jahr soll ich sagen&#8230; \ud83d\ude41<br \/>\nHab Frauli gesagt, den schaffen wir auch noch, ich helfe ihr wo ich kann, mache immer hinter den Kr\u00fcmeln sauber, damit Frauli sich nicht sooft b\u00fccken mu\u00df. Sie lobt mich dann auch immer ganz doll. \ud83d\ude00 Daf\u00fcr hat sie auch wieder ein Video von mir und den Kr\u00fcmeln heute morgen gemacht. Guckst du. <strong><a title=\"2. Video 5.Woche\" href=\"https:\/\/youtu.be\/U8vRBPQ3f_M\" target=\"_blank\">2. Video 5.Woche<\/a><a href=\"http:\/\/collies-vom-floersbachtal.de\/cms\/wp-content\/uploads\/2018\/11\/die-Tricos1-5.Woche_.jpg\"><img loading=\"lazy\" decoding=\"async\" class=\"aligncenter size-large wp-image-25081\" title=\"die Tricos1 5.Woche\" src=\"http:\/\/collies-vom-floersbachtal.de\/cms\/wp-content\/uploads\/2018\/11\/die-Tricos1-5.Woche_-1024x768.jpg\" alt=\"\" width=\"640\" height=\"480\" srcset=\"https:\/\/collies-vom-floersbachtal.de\/cms\/wp-content\/uploads\/2018\/11\/die-Tricos1-5.Woche_-1024x768.jpg 1024w, https:\/\/collies-vom-floersbachtal.de\/cms\/wp-content\/uploads\/2018\/11\/die-Tricos1-5.Woche_-300x225.jpg 300w, https:\/\/collies-vom-floersbachtal.de\/cms\/wp-content\/uploads\/2018\/11\/die-Tricos1-5.Woche_.jpg 2048w\" sizes=\"auto, (max-width: 640px) 100vw, 640px\" \/><\/a><\/strong><\/p>\n<p>Kampf der Titanen, \u00e4h Tricos wollte ich sagen. \ud83d\ude09\u00a0<a href=\"http:\/\/collies-vom-floersbachtal.de\/cms\/wp-content\/uploads\/2018\/11\/Ivy3-5.Woche_.jpg\"><img loading=\"lazy\" decoding=\"async\" class=\"aligncenter size-large wp-image-25082\" title=\"Ivy3 5.Woche\" src=\"http:\/\/collies-vom-floersbachtal.de\/cms\/wp-content\/uploads\/2018\/11\/Ivy3-5.Woche_-1024x768.jpg\" alt=\"\" width=\"640\" height=\"480\" srcset=\"https:\/\/collies-vom-floersbachtal.de\/cms\/wp-content\/uploads\/2018\/11\/Ivy3-5.Woche_-1024x768.jpg 1024w, https:\/\/collies-vom-floersbachtal.de\/cms\/wp-content\/uploads\/2018\/11\/Ivy3-5.Woche_-300x225.jpg 300w, https:\/\/collies-vom-floersbachtal.de\/cms\/wp-content\/uploads\/2018\/11\/Ivy3-5.Woche_.jpg 2048w\" sizes=\"auto, (max-width: 640px) 100vw, 640px\" \/><\/a>schaut mal soooo gro\u00df bin ich schon. \ud83d\ude00<a href=\"http:\/\/collies-vom-floersbachtal.de\/cms\/wp-content\/uploads\/2018\/11\/Ivy-Isaboe1-mit-45-Wochen.jpeg\"><img loading=\"lazy\" decoding=\"async\" class=\"aligncenter size-large wp-image-25083\" title=\"Ivy, Isaboe1 mit 4,5 Wochen\" src=\"http:\/\/collies-vom-floersbachtal.de\/cms\/wp-content\/uploads\/2018\/11\/Ivy-Isaboe1-mit-45-Wochen-768x1024.jpg\" alt=\"\" width=\"640\" height=\"853\" srcset=\"https:\/\/collies-vom-floersbachtal.de\/cms\/wp-content\/uploads\/2018\/11\/Ivy-Isaboe1-mit-45-Wochen-768x1024.jpg 768w, https:\/\/collies-vom-floersbachtal.de\/cms\/wp-content\/uploads\/2018\/11\/Ivy-Isaboe1-mit-45-Wochen-225x300.jpg 225w, https:\/\/collies-vom-floersbachtal.de\/cms\/wp-content\/uploads\/2018\/11\/Ivy-Isaboe1-mit-45-Wochen.jpeg 1536w\" sizes=\"auto, (max-width: 640px) 100vw, 640px\" \/><\/a><a href=\"http:\/\/collies-vom-floersbachtal.de\/cms\/wp-content\/uploads\/2018\/11\/Idefix1-mit-45-Wochen.jpeg\"><img loading=\"lazy\" decoding=\"async\" class=\"aligncenter size-large wp-image-25084\" title=\"Idefix1 mit 4,5 Wochen\" src=\"http:\/\/collies-vom-floersbachtal.de\/cms\/wp-content\/uploads\/2018\/11\/Idefix1-mit-45-Wochen-768x1024.jpg\" alt=\"\" width=\"640\" height=\"853\" srcset=\"https:\/\/collies-vom-floersbachtal.de\/cms\/wp-content\/uploads\/2018\/11\/Idefix1-mit-45-Wochen-768x1024.jpg 768w, https:\/\/collies-vom-floersbachtal.de\/cms\/wp-content\/uploads\/2018\/11\/Idefix1-mit-45-Wochen-225x300.jpg 225w, https:\/\/collies-vom-floersbachtal.de\/cms\/wp-content\/uploads\/2018\/11\/Idefix1-mit-45-Wochen.jpeg 1536w\" sizes=\"auto, (max-width: 640px) 100vw, 640px\" \/><\/a>Idefix hat schon fast einen kompletten schwarzen Nasenspiegel. \ud83d\ude00\u00a0 F\u00fcr uns M\u00e4dels hat Frauli jetzt sogar einen Spiegel aufgeh\u00e4ngt, damit wir uns immer schick machen k\u00f6nnen f\u00fcr die Jungs\u00a0 \ud83d\ude09<\/p>\n<p><strong>Happy new year !!!<\/strong> <strong><a title=\"3. Video 5.Woche\" href=\"https:\/\/youtu.be\/66dvdRrmKo4\" target=\"_blank\">3. Video Ende 5.Woche<\/a><\/strong><\/p>\n<p><a href=\"http:\/\/collies-vom-floersbachtal.de\/cms\/wp-content\/uploads\/2018\/11\/Alle1-Ende-5.Woche_.jpg\"><img loading=\"lazy\" decoding=\"async\" class=\"aligncenter size-medium wp-image-25097\" title=\"Alle1 Ende 5.Woche\" src=\"http:\/\/collies-vom-floersbachtal.de\/cms\/wp-content\/uploads\/2018\/11\/Alle1-Ende-5.Woche_-300x192.jpg\" alt=\"\" width=\"300\" height=\"192\" srcset=\"https:\/\/collies-vom-floersbachtal.de\/cms\/wp-content\/uploads\/2018\/11\/Alle1-Ende-5.Woche_-300x192.jpg 300w, https:\/\/collies-vom-floersbachtal.de\/cms\/wp-content\/uploads\/2018\/11\/Alle1-Ende-5.Woche_.jpg 1000w\" sizes=\"auto, (max-width: 300px) 100vw, 300px\" \/><\/a><\/p>\n<p>Den Kr\u00fcmeln geht es gut, haben die Nacht wohl ne Party gefeiert, Frauli hatte ihnen ja den Spiegel aufgeh\u00e4ngt, der lag morgens unten und den Darktunnel aufgestellt&#8230;, naja schau selber. \ud83d\ude09<a href=\"http:\/\/collies-vom-floersbachtal.de\/cms\/wp-content\/uploads\/2018\/11\/Darktunnel1-Ende-5.Woche_.jpg\"><img loading=\"lazy\" decoding=\"async\" class=\"aligncenter size-full wp-image-25094\" title=\"Darktunnel1 Ende 5.Woche\" src=\"http:\/\/collies-vom-floersbachtal.de\/cms\/wp-content\/uploads\/2018\/11\/Darktunnel1-Ende-5.Woche_.jpg\" alt=\"\" width=\"1000\" height=\"848\" srcset=\"https:\/\/collies-vom-floersbachtal.de\/cms\/wp-content\/uploads\/2018\/11\/Darktunnel1-Ende-5.Woche_.jpg 1000w, https:\/\/collies-vom-floersbachtal.de\/cms\/wp-content\/uploads\/2018\/11\/Darktunnel1-Ende-5.Woche_-300x254.jpg 300w\" sizes=\"auto, (max-width: 1000px) 100vw, 1000px\" \/><\/a><a href=\"http:\/\/collies-vom-floersbachtal.de\/cms\/wp-content\/uploads\/2018\/11\/Alle4-Ende-5.Woche_1.jpg\"><img loading=\"lazy\" decoding=\"async\" class=\"aligncenter size-medium wp-image-25096\" title=\"Alle4 Ende 5.Woche\" src=\"http:\/\/collies-vom-floersbachtal.de\/cms\/wp-content\/uploads\/2018\/11\/Alle4-Ende-5.Woche_1-239x300.jpg\" alt=\"\" width=\"239\" height=\"300\" srcset=\"https:\/\/collies-vom-floersbachtal.de\/cms\/wp-content\/uploads\/2018\/11\/Alle4-Ende-5.Woche_1-239x300.jpg 239w, https:\/\/collies-vom-floersbachtal.de\/cms\/wp-content\/uploads\/2018\/11\/Alle4-Ende-5.Woche_1-817x1024.jpg 817w\" sizes=\"auto, (max-width: 239px) 100vw, 239px\" \/><\/a><br \/>\n<a href=\"http:\/\/collies-vom-floersbachtal.de\/cms\/wp-content\/uploads\/2018\/11\/Ivy1-Ende-5.Woche_.jpg\"><img loading=\"lazy\" decoding=\"async\" class=\"aligncenter size-large wp-image-25099\" title=\"Ivy1 Ende 5.Woche\" src=\"http:\/\/collies-vom-floersbachtal.de\/cms\/wp-content\/uploads\/2018\/11\/Ivy1-Ende-5.Woche_-935x1024.jpg\" alt=\"\" width=\"640\" height=\"700\" srcset=\"https:\/\/collies-vom-floersbachtal.de\/cms\/wp-content\/uploads\/2018\/11\/Ivy1-Ende-5.Woche_-935x1024.jpg 935w, https:\/\/collies-vom-floersbachtal.de\/cms\/wp-content\/uploads\/2018\/11\/Ivy1-Ende-5.Woche_-273x300.jpg 273w, https:\/\/collies-vom-floersbachtal.de\/cms\/wp-content\/uploads\/2018\/11\/Ivy1-Ende-5.Woche_.jpg 1000w\" sizes=\"auto, (max-width: 640px) 100vw, 640px\" \/><\/a><br \/>\n<a href=\"http:\/\/collies-vom-floersbachtal.de\/cms\/wp-content\/uploads\/2018\/11\/Besuch2-Ende-5.-Woche.jpg\"><img loading=\"lazy\" decoding=\"async\" class=\"aligncenter size-large wp-image-25100\" title=\"Besuch2 Ende 5. Woche\" src=\"http:\/\/collies-vom-floersbachtal.de\/cms\/wp-content\/uploads\/2018\/11\/Besuch2-Ende-5.-Woche-863x1024.jpg\" alt=\"\" width=\"640\" height=\"759\" srcset=\"https:\/\/collies-vom-floersbachtal.de\/cms\/wp-content\/uploads\/2018\/11\/Besuch2-Ende-5.-Woche-863x1024.jpg 863w, https:\/\/collies-vom-floersbachtal.de\/cms\/wp-content\/uploads\/2018\/11\/Besuch2-Ende-5.-Woche-252x300.jpg 252w, https:\/\/collies-vom-floersbachtal.de\/cms\/wp-content\/uploads\/2018\/11\/Besuch2-Ende-5.-Woche.jpg 1000w\" sizes=\"auto, (max-width: 640px) 100vw, 640px\" \/><\/a> Ivy hat sich ins Koma streicheln lassen. \ud83d\ude00 Lag da wie erstarrt und traute sich kaum zu Atmen, damit Peter ja nicht aufh\u00f6rt. Daf\u00fcr haben ihre Schwestern seine Schuhe etwas perforiert. \ud83d\ude1b<br \/>\n<a href=\"http:\/\/collies-vom-floersbachtal.de\/cms\/wp-content\/uploads\/2018\/11\/Inola-Idefix2-Ende-5.Woche_.jpg\"><img loading=\"lazy\" decoding=\"async\" class=\"aligncenter size-large wp-image-25101\" title=\"Inola &amp; Idefix2 Ende 5.Woche\" src=\"http:\/\/collies-vom-floersbachtal.de\/cms\/wp-content\/uploads\/2018\/11\/Inola-Idefix2-Ende-5.Woche_-908x1024.jpg\" alt=\"\" width=\"640\" height=\"721\" srcset=\"https:\/\/collies-vom-floersbachtal.de\/cms\/wp-content\/uploads\/2018\/11\/Inola-Idefix2-Ende-5.Woche_-908x1024.jpg 908w, https:\/\/collies-vom-floersbachtal.de\/cms\/wp-content\/uploads\/2018\/11\/Inola-Idefix2-Ende-5.Woche_-266x300.jpg 266w, https:\/\/collies-vom-floersbachtal.de\/cms\/wp-content\/uploads\/2018\/11\/Inola-Idefix2-Ende-5.Woche_.jpg 1000w\" sizes=\"auto, (max-width: 640px) 100vw, 640px\" \/><\/a>Der Tunnel war dann komplett platt, wie ihr sicherlich im Video gesehen habt. Frauli hatte Besuch von einem netten Bekannten, der nat\u00fcrlich auch zu uns rein kam, denn so s\u00fc\u00dfe Monster l\u00e4\u00dft man sich nicht entgehen.\u00a0<a href=\"http:\/\/collies-vom-floersbachtal.de\/cms\/wp-content\/uploads\/2018\/11\/Ibo-Idefix2-beim-stylen.jpg\"><img loading=\"lazy\" decoding=\"async\" class=\"aligncenter size-medium wp-image-25103\" title=\"Ibo &amp; Idefix2 beim stylen\" src=\"http:\/\/collies-vom-floersbachtal.de\/cms\/wp-content\/uploads\/2018\/11\/Ibo-Idefix2-beim-stylen-300x270.jpg\" alt=\"\" width=\"300\" height=\"270\" srcset=\"https:\/\/collies-vom-floersbachtal.de\/cms\/wp-content\/uploads\/2018\/11\/Ibo-Idefix2-beim-stylen-300x270.jpg 300w, https:\/\/collies-vom-floersbachtal.de\/cms\/wp-content\/uploads\/2018\/11\/Ibo-Idefix2-beim-stylen.jpg 1000w\" sizes=\"auto, (max-width: 300px) 100vw, 300px\" \/><\/a>Immer wollen die Jungs vor den Spiegel, ich komme gar nicht dran&#8230;( Inola schon ganz ungeduldig)\u00a0<a href=\"http:\/\/collies-vom-floersbachtal.de\/cms\/wp-content\/uploads\/2018\/11\/Lia-r\u00e4umt-auf1-Ende-5.Woche_.jpg\"><img loading=\"lazy\" decoding=\"async\" class=\"aligncenter size-medium wp-image-25104\" title=\"Lia r\u00e4umt auf1 Ende 5.Woche\" src=\"http:\/\/collies-vom-floersbachtal.de\/cms\/wp-content\/uploads\/2018\/11\/Lia-r\u00e4umt-auf1-Ende-5.Woche_-300x200.jpg\" alt=\"\" width=\"300\" height=\"200\" srcset=\"https:\/\/collies-vom-floersbachtal.de\/cms\/wp-content\/uploads\/2018\/11\/Lia-r\u00e4umt-auf1-Ende-5.Woche_-300x200.jpg 300w, https:\/\/collies-vom-floersbachtal.de\/cms\/wp-content\/uploads\/2018\/11\/Lia-r\u00e4umt-auf1-Ende-5.Woche_.jpg 1000w\" sizes=\"auto, (max-width: 300px) 100vw, 300px\" \/><\/a>Hier seht ihr mich, wie ich Frauli bei den Aufr\u00e4umarbeiten unterst\u00fctze. \ud83d\ude09 Leider mu\u00df sie ja heute Abend wieder in die Reha, aber nur noch 4 x Schlafen, dann bleibt sie f\u00fcr immer da. Ein Gl\u00fcck.! Bis bald eure Lia \ud83d\ude42<\/p>\n<p><strong>04.01.19<\/strong>\u00a0So gestern gabs das zweite mal diese komische Paste, da sie diese ja schon kannten, gab es diesmal nicht so lustige Grimassen &#8211; alle haben es gelassen runter geschluckt.<br \/>\nInola war die Tage mal heimlich auf Erkundungstour &#8211; also hie\u00df es Sicherheitsstufe 3. Nun spring ich immer in die Wurfkiste, um zu den Kr\u00fcmeln zu kommen.<\/p>\n<p>Heute morgen hatte ich ab 6 Uhr beschlossen meine Nachtschicht zu beenden und den Babydienst an die Zweibeiner zu \u00fcbergeben. Die Begeisterung war riesig \ud83d\ude00 Zumal sie erst dachte ich m\u00fcsste nur mal kurz raus, hab mich direkt hingelegt. Dann war es ihr auch klar was ich damit sagen wollte &#8222;Ich will doch nicht raus bei dem Schnee &#8211; Schichtwechsel will ich&#8220; \ud83d\ude09 \ud83d\ude1b<\/p>\n<p>Morgen und \u00fcbermorgen sind die ersten gro\u00dfen Tage f\u00fcr meine kleinen Monster, sie wissen noch nicht, dass sie bald alle auf ihre zuk\u00fcnftigen Herrchen und Frauchen treffen werden. Ich bin mal gespannt wenn die Zweibeiner so alles eingeladen haben \ud83d\ude09<\/p>\n<p>Nun noch ein paar Bilder:<br \/>\n<a href=\"http:\/\/collies-vom-floersbachtal.de\/cms\/wp-content\/uploads\/2018\/11\/DSC_0213.jpg\"><img loading=\"lazy\" decoding=\"async\" class=\"aligncenter size-large wp-image-25125\" title=\"DSC_0213\" src=\"http:\/\/collies-vom-floersbachtal.de\/cms\/wp-content\/uploads\/2018\/11\/DSC_0213-e1546628392465-848x1024.jpg\" alt=\"\" width=\"640\" height=\"772\" srcset=\"https:\/\/collies-vom-floersbachtal.de\/cms\/wp-content\/uploads\/2018\/11\/DSC_0213-e1546628392465-848x1024.jpg 848w, https:\/\/collies-vom-floersbachtal.de\/cms\/wp-content\/uploads\/2018\/11\/DSC_0213-e1546628392465-248x300.jpg 248w\" sizes=\"auto, (max-width: 640px) 100vw, 640px\" \/><\/a><a href=\"http:\/\/collies-vom-floersbachtal.de\/cms\/wp-content\/uploads\/2018\/11\/DSC_0243.jpg\"><img loading=\"lazy\" decoding=\"async\" class=\"aligncenter size-large wp-image-25126\" title=\"DSC_0243\" src=\"http:\/\/collies-vom-floersbachtal.de\/cms\/wp-content\/uploads\/2018\/11\/DSC_0243-1024x682.jpg\" alt=\"\" width=\"640\" height=\"426\" srcset=\"https:\/\/collies-vom-floersbachtal.de\/cms\/wp-content\/uploads\/2018\/11\/DSC_0243-1024x682.jpg 1024w, https:\/\/collies-vom-floersbachtal.de\/cms\/wp-content\/uploads\/2018\/11\/DSC_0243-300x200.jpg 300w\" sizes=\"auto, (max-width: 640px) 100vw, 640px\" \/><\/a><a href=\"http:\/\/collies-vom-floersbachtal.de\/cms\/wp-content\/uploads\/2018\/11\/DSC_0222.jpg\"><img loading=\"lazy\" decoding=\"async\" class=\"aligncenter size-large wp-image-25127\" title=\"DSC_0222\" src=\"http:\/\/collies-vom-floersbachtal.de\/cms\/wp-content\/uploads\/2018\/11\/DSC_0222-1024x682.jpg\" alt=\"\" width=\"640\" height=\"426\" srcset=\"https:\/\/collies-vom-floersbachtal.de\/cms\/wp-content\/uploads\/2018\/11\/DSC_0222-1024x682.jpg 1024w, https:\/\/collies-vom-floersbachtal.de\/cms\/wp-content\/uploads\/2018\/11\/DSC_0222-300x200.jpg 300w\" sizes=\"auto, (max-width: 640px) 100vw, 640px\" \/><\/a><a href=\"http:\/\/collies-vom-floersbachtal.de\/cms\/wp-content\/uploads\/2018\/11\/Idefix-Isaboe-Indy-Iceman-Ivy.jpg\"><img loading=\"lazy\" decoding=\"async\" class=\"aligncenter size-medium wp-image-25128\" title=\"Idefix, Isaboe, Indy, Iceman, Ivy\" src=\"http:\/\/collies-vom-floersbachtal.de\/cms\/wp-content\/uploads\/2018\/11\/Idefix-Isaboe-Indy-Iceman-Ivy-300x200.jpg\" alt=\"\" width=\"300\" height=\"200\" srcset=\"https:\/\/collies-vom-floersbachtal.de\/cms\/wp-content\/uploads\/2018\/11\/Idefix-Isaboe-Indy-Iceman-Ivy-300x200.jpg 300w, https:\/\/collies-vom-floersbachtal.de\/cms\/wp-content\/uploads\/2018\/11\/Idefix-Isaboe-Indy-Iceman-Ivy.jpg 1000w\" sizes=\"auto, (max-width: 300px) 100vw, 300px\" \/><\/a><\/p>\n<p><a href=\"http:\/\/collies-vom-floersbachtal.de\/cms\/wp-content\/uploads\/2018\/11\/Ibo2.jpg\"><img loading=\"lazy\" decoding=\"async\" class=\"aligncenter size-large wp-image-25129\" title=\"Ibo\" src=\"http:\/\/collies-vom-floersbachtal.de\/cms\/wp-content\/uploads\/2018\/11\/Ibo2-761x1024.jpg\" alt=\"\" width=\"640\" height=\"861\" srcset=\"https:\/\/collies-vom-floersbachtal.de\/cms\/wp-content\/uploads\/2018\/11\/Ibo2-761x1024.jpg 761w, https:\/\/collies-vom-floersbachtal.de\/cms\/wp-content\/uploads\/2018\/11\/Ibo2-223x300.jpg 223w, https:\/\/collies-vom-floersbachtal.de\/cms\/wp-content\/uploads\/2018\/11\/Ibo2.jpg 1000w\" sizes=\"auto, (max-width: 640px) 100vw, 640px\" \/><\/a>&#8222;Hoch die H\u00e4nde- , h\u00e4\u00e4\u00e4 Pfoten, Wochenende!!!&#8220;<br \/>\nIbo genie\u00dft das Verw\u00f6hnprogramm von Verena und Mama. &lt;3<\/p>\n<p><a href=\"http:\/\/collies-vom-floersbachtal.de\/cms\/wp-content\/uploads\/2018\/11\/Indira-Iceman-Inola.jpg\"><img loading=\"lazy\" decoding=\"async\" class=\"aligncenter size-large wp-image-25130\" title=\"Indira, Iceman, Inola\" src=\"http:\/\/collies-vom-floersbachtal.de\/cms\/wp-content\/uploads\/2018\/11\/Indira-Iceman-Inola-575x1024.jpg\" alt=\"\" width=\"575\" height=\"1024\" srcset=\"https:\/\/collies-vom-floersbachtal.de\/cms\/wp-content\/uploads\/2018\/11\/Indira-Iceman-Inola-575x1024.jpg 575w, https:\/\/collies-vom-floersbachtal.de\/cms\/wp-content\/uploads\/2018\/11\/Indira-Iceman-Inola-168x300.jpg 168w\" sizes=\"auto, (max-width: 575px) 100vw, 575px\" \/><\/a><\/p>\n<p>Gute Nacht w\u00fcnscht Lia und der Rest der Fl\u00f6rsbachtaler Bande<\/p>\n<p>Ok &#8211; die Welpen wollen nicht schlafen \ud83d\ude00<br \/>\n<a href=\"http:\/\/collies-vom-floersbachtal.de\/cms\/wp-content\/uploads\/2018\/11\/Indira-Idefix2.jpg\"><img loading=\"lazy\" decoding=\"async\" class=\"aligncenter size-large wp-image-25135\" title=\"Indira &amp; Idefix\" src=\"http:\/\/collies-vom-floersbachtal.de\/cms\/wp-content\/uploads\/2018\/11\/Indira-Idefix2-e1546629928686-987x1024.jpg\" alt=\"\" width=\"640\" height=\"663\" srcset=\"https:\/\/collies-vom-floersbachtal.de\/cms\/wp-content\/uploads\/2018\/11\/Indira-Idefix2-e1546629928686-987x1024.jpg 987w, https:\/\/collies-vom-floersbachtal.de\/cms\/wp-content\/uploads\/2018\/11\/Indira-Idefix2-e1546629928686-289x300.jpg 289w, https:\/\/collies-vom-floersbachtal.de\/cms\/wp-content\/uploads\/2018\/11\/Indira-Idefix2-e1546629928686.jpg 995w\" sizes=\"auto, (max-width: 640px) 100vw, 640px\" \/><br \/>\nIndira und Idefix war wohl langweilig und haben mal in k\u00fcrze schnell die Wurfkiste aufen Kopf gestellt. Als Verena das sah und &#8222;Oh ne&#8220; sagte, is Idefix schnell abgehauen &#8211; deshalb war er nicht mehr mit auf dem Bild.<\/a><\/p>\n<p><strong>05.01.19<\/strong> Was ein aufregender Tag, erst kam Frauli aus der Reha, das war schon super, dann kamen ganz viele Leute und dann noch die Tier\u00e4rztin und hat die L\u00fctten gechipt. Aber wer denkt, es w\u00e4re einer am Aufmucken gewesen, der irrt. Die waren alle so brav&#8230;<\/p>\n<p>\ud83d\ude00<br \/>\n<a href=\"http:\/\/collies-vom-floersbachtal.de\/cms\/wp-content\/uploads\/2018\/11\/Ibo3-Gesundheitscheck-und-Chip.jpg\"><img loading=\"lazy\" decoding=\"async\" class=\"aligncenter size-medium wp-image-25140\" title=\"Ibo3 Gesundheitscheck und Chip\" src=\"http:\/\/collies-vom-floersbachtal.de\/cms\/wp-content\/uploads\/2018\/11\/Ibo3-Gesundheitscheck-und-Chip-200x300.jpg\" alt=\"\" width=\"200\" height=\"300\" srcset=\"https:\/\/collies-vom-floersbachtal.de\/cms\/wp-content\/uploads\/2018\/11\/Ibo3-Gesundheitscheck-und-Chip-200x300.jpg 200w, https:\/\/collies-vom-floersbachtal.de\/cms\/wp-content\/uploads\/2018\/11\/Ibo3-Gesundheitscheck-und-Chip-682x1024.jpg 682w, https:\/\/collies-vom-floersbachtal.de\/cms\/wp-content\/uploads\/2018\/11\/Ibo3-Gesundheitscheck-und-Chip.jpg 1000w\" sizes=\"auto, (max-width: 200px) 100vw, 200px\" \/><\/a><a href=\"http:\/\/collies-vom-floersbachtal.de\/cms\/wp-content\/uploads\/2018\/11\/Isaboe1-Gesundheitscheck-und-Chip.jpg\"><img loading=\"lazy\" decoding=\"async\" class=\"aligncenter size-medium wp-image-25141\" title=\"Isaboe1 Gesundheitscheck und Chip\" src=\"http:\/\/collies-vom-floersbachtal.de\/cms\/wp-content\/uploads\/2018\/11\/Isaboe1-Gesundheitscheck-und-Chip-209x300.jpg\" alt=\"\" width=\"209\" height=\"300\" srcset=\"https:\/\/collies-vom-floersbachtal.de\/cms\/wp-content\/uploads\/2018\/11\/Isaboe1-Gesundheitscheck-und-Chip-209x300.jpg 209w, https:\/\/collies-vom-floersbachtal.de\/cms\/wp-content\/uploads\/2018\/11\/Isaboe1-Gesundheitscheck-und-Chip-714x1024.jpg 714w, https:\/\/collies-vom-floersbachtal.de\/cms\/wp-content\/uploads\/2018\/11\/Isaboe1-Gesundheitscheck-und-Chip.jpg 1000w\" sizes=\"auto, (max-width: 209px) 100vw, 209px\" \/><\/a><a href=\"http:\/\/collies-vom-floersbachtal.de\/cms\/wp-content\/uploads\/2018\/11\/Ivy2-Gesundheitscheck-und-Chip-mit-55-Wochen.jpg\"><img loading=\"lazy\" decoding=\"async\" class=\"aligncenter size-medium wp-image-25142\" title=\"Ivy2 Gesundheitscheck und Chip mit 5,5 Wochen\" src=\"http:\/\/collies-vom-floersbachtal.de\/cms\/wp-content\/uploads\/2018\/11\/Ivy2-Gesundheitscheck-und-Chip-mit-55-Wochen-206x300.jpg\" alt=\"\" width=\"206\" height=\"300\" srcset=\"https:\/\/collies-vom-floersbachtal.de\/cms\/wp-content\/uploads\/2018\/11\/Ivy2-Gesundheitscheck-und-Chip-mit-55-Wochen-206x300.jpg 206w, https:\/\/collies-vom-floersbachtal.de\/cms\/wp-content\/uploads\/2018\/11\/Ivy2-Gesundheitscheck-und-Chip-mit-55-Wochen-704x1024.jpg 704w, https:\/\/collies-vom-floersbachtal.de\/cms\/wp-content\/uploads\/2018\/11\/Ivy2-Gesundheitscheck-und-Chip-mit-55-Wochen.jpg 1000w\" sizes=\"auto, (max-width: 206px) 100vw, 206px\" \/><\/a><a href=\"http:\/\/collies-vom-floersbachtal.de\/cms\/wp-content\/uploads\/2018\/11\/Indy1-Gesundheitscheck-und-Chip.jpg\"><img loading=\"lazy\" decoding=\"async\" class=\"aligncenter size-medium wp-image-25143\" title=\"Indy1 Gesundheitscheck und Chip\" src=\"http:\/\/collies-vom-floersbachtal.de\/cms\/wp-content\/uploads\/2018\/11\/Indy1-Gesundheitscheck-und-Chip-204x300.jpg\" alt=\"\" width=\"204\" height=\"300\" srcset=\"https:\/\/collies-vom-floersbachtal.de\/cms\/wp-content\/uploads\/2018\/11\/Indy1-Gesundheitscheck-und-Chip-204x300.jpg 204w, https:\/\/collies-vom-floersbachtal.de\/cms\/wp-content\/uploads\/2018\/11\/Indy1-Gesundheitscheck-und-Chip-699x1024.jpg 699w, https:\/\/collies-vom-floersbachtal.de\/cms\/wp-content\/uploads\/2018\/11\/Indy1-Gesundheitscheck-und-Chip.jpg 1000w\" sizes=\"auto, (max-width: 204px) 100vw, 204px\" \/><\/a>Indy hat mal alles so hingenommen wie es kam, zum schie\u00dfen. \ud83d\ude00 Danach waren alle erst mal ziemlich m\u00fcde und sind umgefallen wo sie gerade waren, au\u00dfer Iceman, er wollte mehr Input und hat ganz sch\u00f6n auf sich aufmerksam gemacht.<a href=\"http:\/\/collies-vom-floersbachtal.de\/cms\/wp-content\/uploads\/2018\/11\/Alle-au\u00dfer-Iceman1-erschossen-nach-dem-Besuch.jpg\"><img loading=\"lazy\" decoding=\"async\" class=\"aligncenter size-full wp-image-25144\" title=\"Alle au\u00dfer Iceman1 erschossen nach dem Besuch\" src=\"http:\/\/collies-vom-floersbachtal.de\/cms\/wp-content\/uploads\/2018\/11\/Alle-au\u00dfer-Iceman1-erschossen-nach-dem-Besuch.jpg\" alt=\"\" width=\"1000\" height=\"667\" srcset=\"https:\/\/collies-vom-floersbachtal.de\/cms\/wp-content\/uploads\/2018\/11\/Alle-au\u00dfer-Iceman1-erschossen-nach-dem-Besuch.jpg 1000w, https:\/\/collies-vom-floersbachtal.de\/cms\/wp-content\/uploads\/2018\/11\/Alle-au\u00dfer-Iceman1-erschossen-nach-dem-Besuch-300x200.jpg 300w\" sizes=\"auto, (max-width: 1000px) 100vw, 1000px\" \/><\/a>Danach gabs die Schlacht am kalten Buffet. \ud83d\ude09\u00a0<a href=\"http:\/\/collies-vom-floersbachtal.de\/cms\/wp-content\/uploads\/2018\/11\/Alle2-nach-dem-anstrengenden-Besuch-und-Chipen.jpg\"><img loading=\"lazy\" decoding=\"async\" class=\"aligncenter size-full wp-image-25145\" title=\"Alle2 nach dem anstrengenden Besuch und Chipen\" src=\"http:\/\/collies-vom-floersbachtal.de\/cms\/wp-content\/uploads\/2018\/11\/Alle2-nach-dem-anstrengenden-Besuch-und-Chipen.jpg\" alt=\"\" width=\"1000\" height=\"667\" srcset=\"https:\/\/collies-vom-floersbachtal.de\/cms\/wp-content\/uploads\/2018\/11\/Alle2-nach-dem-anstrengenden-Besuch-und-Chipen.jpg 1000w, https:\/\/collies-vom-floersbachtal.de\/cms\/wp-content\/uploads\/2018\/11\/Alle2-nach-dem-anstrengenden-Besuch-und-Chipen-300x200.jpg 300w\" sizes=\"auto, (max-width: 1000px) 100vw, 1000px\" \/><\/a>Nun sagen die Kr\u00fcmel allen gute Nacht und sie freuen sich schon auf morgen&#8230; \ud83d\ude1b<\/p>\n<p><a href=\"http:\/\/collies-vom-floersbachtal.de\/cms\/wp-content\/uploads\/2018\/11\/Nach-dem-Fr\u00fchst\u00fcck5-mit-55-Wochen.jpg\"><img loading=\"lazy\" decoding=\"async\" class=\"aligncenter size-medium wp-image-25162\" title=\"Nach dem Fr\u00fchst\u00fcck5 mit 5,5 Wochen\" src=\"http:\/\/collies-vom-floersbachtal.de\/cms\/wp-content\/uploads\/2018\/11\/Nach-dem-Fr\u00fchst\u00fcck5-mit-55-Wochen-300x115.jpg\" alt=\"\" width=\"300\" height=\"115\" srcset=\"https:\/\/collies-vom-floersbachtal.de\/cms\/wp-content\/uploads\/2018\/11\/Nach-dem-Fr\u00fchst\u00fcck5-mit-55-Wochen-300x115.jpg 300w, https:\/\/collies-vom-floersbachtal.de\/cms\/wp-content\/uploads\/2018\/11\/Nach-dem-Fr\u00fchst\u00fcck5-mit-55-Wochen.jpg 1000w\" sizes=\"auto, (max-width: 300px) 100vw, 300px\" \/><\/a><\/p>\n<p><strong>07.01.19<\/strong> So, bis auf Ibo haben alle meine M\u00e4use ihre neuen Familie am Wochenende kennen gelernt, das war aber auch aufregend f\u00fcr die Zweibeiner und die L\u00fctten. Aber sehr sch\u00f6n, es hat alles gepa\u00dft. \ud83d\ude00 Nun will ich euch mal vom Alltag ein paar Aufnahmen zeigen&#8230; \ud83d\ude09 So sehen die M\u00e4use nach dem Fr\u00fchst\u00fccksbrei aus. Hihi<a href=\"http:\/\/collies-vom-floersbachtal.de\/cms\/wp-content\/uploads\/2018\/11\/Nach-dem-Fr\u00fchst\u00fcck1-mit-55-Wochen.jpg\"><img loading=\"lazy\" decoding=\"async\" class=\"aligncenter size-full wp-image-25160\" title=\"Nach dem Fr\u00fchst\u00fcck1 mit 5,5 Wochen\" src=\"http:\/\/collies-vom-floersbachtal.de\/cms\/wp-content\/uploads\/2018\/11\/Nach-dem-Fr\u00fchst\u00fcck1-mit-55-Wochen.jpg\" alt=\"\" width=\"1000\" height=\"667\" srcset=\"https:\/\/collies-vom-floersbachtal.de\/cms\/wp-content\/uploads\/2018\/11\/Nach-dem-Fr\u00fchst\u00fcck1-mit-55-Wochen.jpg 1000w, https:\/\/collies-vom-floersbachtal.de\/cms\/wp-content\/uploads\/2018\/11\/Nach-dem-Fr\u00fchst\u00fcck1-mit-55-Wochen-300x200.jpg 300w\" sizes=\"auto, (max-width: 1000px) 100vw, 1000px\" \/><\/a><a href=\"http:\/\/collies-vom-floersbachtal.de\/cms\/wp-content\/uploads\/2018\/11\/Nach-dem-Fr\u00fchst\u00fcck3-mit-55-Wochen.jpg\"><img loading=\"lazy\" decoding=\"async\" class=\"aligncenter size-medium wp-image-25161\" title=\"Nach dem Fr\u00fchst\u00fcck3 mit 5,5 Wochen\" src=\"http:\/\/collies-vom-floersbachtal.de\/cms\/wp-content\/uploads\/2018\/11\/Nach-dem-Fr\u00fchst\u00fcck3-mit-55-Wochen-300x145.jpg\" alt=\"\" width=\"300\" height=\"145\" srcset=\"https:\/\/collies-vom-floersbachtal.de\/cms\/wp-content\/uploads\/2018\/11\/Nach-dem-Fr\u00fchst\u00fcck3-mit-55-Wochen-300x145.jpg 300w, https:\/\/collies-vom-floersbachtal.de\/cms\/wp-content\/uploads\/2018\/11\/Nach-dem-Fr\u00fchst\u00fcck3-mit-55-Wochen.jpg 1000w\" sizes=\"auto, (max-width: 300px) 100vw, 300px\" \/><\/a><a href=\"http:\/\/collies-vom-floersbachtal.de\/cms\/wp-content\/uploads\/2018\/11\/Nach-dem-Fr\u00fchst\u00fcck5-mit-55-Wochen1.jpg\"><img loading=\"lazy\" decoding=\"async\" class=\"aligncenter size-medium wp-image-25163\" title=\"Nach dem Fr\u00fchst\u00fcck5 mit 5,5 Wochen\" src=\"http:\/\/collies-vom-floersbachtal.de\/cms\/wp-content\/uploads\/2018\/11\/Nach-dem-Fr\u00fchst\u00fcck5-mit-55-Wochen1-300x115.jpg\" alt=\"\" width=\"300\" height=\"115\" srcset=\"https:\/\/collies-vom-floersbachtal.de\/cms\/wp-content\/uploads\/2018\/11\/Nach-dem-Fr\u00fchst\u00fcck5-mit-55-Wochen1-300x115.jpg 300w, https:\/\/collies-vom-floersbachtal.de\/cms\/wp-content\/uploads\/2018\/11\/Nach-dem-Fr\u00fchst\u00fcck5-mit-55-Wochen1.jpg 1000w\" sizes=\"auto, (max-width: 300px) 100vw, 300px\" \/><\/a><a href=\"http:\/\/collies-vom-floersbachtal.de\/cms\/wp-content\/uploads\/2018\/11\/Inola-Hazel1-mit-55-Wochen.jpg\"><img loading=\"lazy\" decoding=\"async\" class=\"aligncenter size-medium wp-image-25164\" title=\"Inola-Hazel1 mit 5,5 Wochen\" src=\"http:\/\/collies-vom-floersbachtal.de\/cms\/wp-content\/uploads\/2018\/11\/Inola-Hazel1-mit-55-Wochen-300x176.jpg\" alt=\"\" width=\"300\" height=\"176\" srcset=\"https:\/\/collies-vom-floersbachtal.de\/cms\/wp-content\/uploads\/2018\/11\/Inola-Hazel1-mit-55-Wochen-300x176.jpg 300w, https:\/\/collies-vom-floersbachtal.de\/cms\/wp-content\/uploads\/2018\/11\/Inola-Hazel1-mit-55-Wochen.jpg 1000w\" sizes=\"auto, (max-width: 300px) 100vw, 300px\" \/><\/a><a href=\"http:\/\/collies-vom-floersbachtal.de\/cms\/wp-content\/uploads\/2018\/11\/Ibo-und-Iceman1-mit-55-Wochen.jpg\"><img loading=\"lazy\" decoding=\"async\" class=\"aligncenter size-large wp-image-25165\" title=\"Ibo und Iceman1 mit 5,5 Wochen\" src=\"http:\/\/collies-vom-floersbachtal.de\/cms\/wp-content\/uploads\/2018\/11\/Ibo-und-Iceman1-mit-55-Wochen-912x1024.jpg\" alt=\"\" width=\"640\" height=\"718\" srcset=\"https:\/\/collies-vom-floersbachtal.de\/cms\/wp-content\/uploads\/2018\/11\/Ibo-und-Iceman1-mit-55-Wochen-912x1024.jpg 912w, https:\/\/collies-vom-floersbachtal.de\/cms\/wp-content\/uploads\/2018\/11\/Ibo-und-Iceman1-mit-55-Wochen-267x300.jpg 267w, https:\/\/collies-vom-floersbachtal.de\/cms\/wp-content\/uploads\/2018\/11\/Ibo-und-Iceman1-mit-55-Wochen.jpg 1000w\" sizes=\"auto, (max-width: 640px) 100vw, 640px\" \/><\/a><a href=\"http:\/\/collies-vom-floersbachtal.de\/cms\/wp-content\/uploads\/2018\/11\/Ibo1-mit-55-Wochen.jpg\"><img loading=\"lazy\" decoding=\"async\" class=\"aligncenter size-full wp-image-25166\" title=\"Ibo1 mit 5,5 Wochen\" src=\"http:\/\/collies-vom-floersbachtal.de\/cms\/wp-content\/uploads\/2018\/11\/Ibo1-mit-55-Wochen.jpg\" alt=\"\" width=\"1000\" height=\"694\" srcset=\"https:\/\/collies-vom-floersbachtal.de\/cms\/wp-content\/uploads\/2018\/11\/Ibo1-mit-55-Wochen.jpg 1000w, https:\/\/collies-vom-floersbachtal.de\/cms\/wp-content\/uploads\/2018\/11\/Ibo1-mit-55-Wochen-300x208.jpg 300w\" sizes=\"auto, (max-width: 1000px) 100vw, 1000px\" \/><\/a><a href=\"http:\/\/collies-vom-floersbachtal.de\/cms\/wp-content\/uploads\/2018\/11\/Abendbrot1-mit-55-Wochen.jpg\"><img loading=\"lazy\" decoding=\"async\" class=\"aligncenter size-full wp-image-25167\" title=\"Abendbrot1 mit 5,5 Wochen\" src=\"http:\/\/collies-vom-floersbachtal.de\/cms\/wp-content\/uploads\/2018\/11\/Abendbrot1-mit-55-Wochen.jpg\" alt=\"\" width=\"1000\" height=\"667\" srcset=\"https:\/\/collies-vom-floersbachtal.de\/cms\/wp-content\/uploads\/2018\/11\/Abendbrot1-mit-55-Wochen.jpg 1000w, https:\/\/collies-vom-floersbachtal.de\/cms\/wp-content\/uploads\/2018\/11\/Abendbrot1-mit-55-Wochen-300x200.jpg 300w\" sizes=\"auto, (max-width: 1000px) 100vw, 1000px\" \/><\/a>Abendbrot &#8230; lecker . Wir w\u00fcnschen euch eine gute Nacht. :-))<\/p>\n<p><strong>09.01.19<\/strong> Hihi, ich wollte euch mal ein s\u00fc\u00dfes und vor allem lustiges Video zeigen:<br \/>\n<strong><a title=\"1. Video 7. Woche\" href=\"https:\/\/youtu.be\/mImlR3vUmho\" target=\"_blank\">1. Video 7. Woche<\/a>\u00a0 \u00a0 (das gro\u00dfe Fressen)<\/strong><br \/>\n<strong><a title=\"2. Video 7.Woche\" href=\"https:\/\/youtu.be\/CAsdlr5xke8\" target=\"_blank\">2. Video 7. Woche<\/a>\u00a0 \u00a0( wie gut man doch mit Clot\u00fcte toben kann)<\/strong><br \/>\nUnser Frauli ist ganz stolz auf Mami und uns, weil unsere Mutter immer alleine die Nachtschicht \u00fcbernimmt und auch aufr\u00e4umt, damit es nicht so schlimm aussieht in unserem Auslauf wenn Frauli morgens runter kommt. Danach bekommen wir alle ja erst mal Fr\u00fchst\u00fcck, das habt ihr ja in dem Video sehen k\u00f6nnen. Wir sind auch kleine Fresss\u00e4cke sagt Frauli, schlie\u00dflich wiegen alle schon fast 4 kg, nur Indy unser GROSSER , der hat nat\u00fcrlich \u00fcber 4 kg. Jetzt zeigen wir euch noch ein paar Aufnahmen von heute, und sagen gute Nacht, schlaft sch\u00f6n und tr\u00e4umt von kleinen Monstern. \ud83d\ude09<\/p>\n<p><strong>10.01.19<\/strong> Frauli h\u00e4tte mich doch lieber nicht so loben d\u00fcrfen, heute morgen sah es im Auslauf aus, als wenn die sich noch nachts ein Buffet geg\u00f6nnt h\u00e4tten. Alles zugeschissen. Ich habe kapituliert und Frauli machen lassen. Zum Gl\u00fcck kann man das ja den Auslauf teilen, erst den einen Teil s\u00e4ubern und die L\u00fctten so lange im anderen Teil warten lassen, aber bitte erst nach ihrem Fr\u00fchst\u00fcck, ansonsten gibt es H\u00f6rsch\u00e4den \ud83d\ude1b Aber jetzt d\u00fcrft ihr mal s\u00fc\u00dfe Fotos von den s\u00fc\u00dfen Monstern sehen&#8230;<a href=\"http:\/\/collies-vom-floersbachtal.de\/cms\/wp-content\/uploads\/2018\/11\/Tricohaufen1-7.Woche_.jpg\"><img loading=\"lazy\" decoding=\"async\" class=\"aligncenter size-full wp-image-25204\" title=\"Tricohaufen1 7.Woche\" src=\"http:\/\/collies-vom-floersbachtal.de\/cms\/wp-content\/uploads\/2018\/11\/Tricohaufen1-7.Woche_.jpg\" alt=\"\" width=\"1000\" height=\"1347\" srcset=\"https:\/\/collies-vom-floersbachtal.de\/cms\/wp-content\/uploads\/2018\/11\/Tricohaufen1-7.Woche_.jpg 1000w, https:\/\/collies-vom-floersbachtal.de\/cms\/wp-content\/uploads\/2018\/11\/Tricohaufen1-7.Woche_-222x300.jpg 222w, https:\/\/collies-vom-floersbachtal.de\/cms\/wp-content\/uploads\/2018\/11\/Tricohaufen1-7.Woche_-760x1024.jpg 760w\" sizes=\"auto, (max-width: 1000px) 100vw, 1000px\" \/><\/a>Wir sind doch keine Monster Frauli \ud83d\ude09<a href=\"http:\/\/collies-vom-floersbachtal.de\/cms\/wp-content\/uploads\/2018\/11\/Alle-an-der-Tanke1.jpg\"><img loading=\"lazy\" decoding=\"async\" class=\"aligncenter size-medium wp-image-25205\" title=\"Alle an der Tanke1\" src=\"http:\/\/collies-vom-floersbachtal.de\/cms\/wp-content\/uploads\/2018\/11\/Alle-an-der-Tanke1-300x209.jpg\" alt=\"\" width=\"300\" height=\"209\" srcset=\"https:\/\/collies-vom-floersbachtal.de\/cms\/wp-content\/uploads\/2018\/11\/Alle-an-der-Tanke1-300x209.jpg 300w, https:\/\/collies-vom-floersbachtal.de\/cms\/wp-content\/uploads\/2018\/11\/Alle-an-der-Tanke1.jpg 1000w\" sizes=\"auto, (max-width: 300px) 100vw, 300px\" \/><\/a><a href=\"http:\/\/collies-vom-floersbachtal.de\/cms\/wp-content\/uploads\/2018\/11\/Alle-ohne-Tanke1.jpg\"><img loading=\"lazy\" decoding=\"async\" class=\"aligncenter size-medium wp-image-25206\" title=\"Alle ohne Tanke1\" src=\"http:\/\/collies-vom-floersbachtal.de\/cms\/wp-content\/uploads\/2018\/11\/Alle-ohne-Tanke1-300x178.jpg\" alt=\"\" width=\"300\" height=\"178\" srcset=\"https:\/\/collies-vom-floersbachtal.de\/cms\/wp-content\/uploads\/2018\/11\/Alle-ohne-Tanke1-300x178.jpg 300w, https:\/\/collies-vom-floersbachtal.de\/cms\/wp-content\/uploads\/2018\/11\/Alle-ohne-Tanke1.jpg 1000w\" sizes=\"auto, (max-width: 300px) 100vw, 300px\" \/><\/a> Mama is einfach abgehauen&#8230; \ud83d\ude41<br \/>\n<a href=\"http:\/\/collies-vom-floersbachtal.de\/cms\/wp-content\/uploads\/2018\/11\/Alle1-in-der-Kiste.jpg\"><img loading=\"lazy\" decoding=\"async\" class=\"aligncenter size-medium wp-image-25207\" title=\"Alle1 in der Kiste\" src=\"http:\/\/collies-vom-floersbachtal.de\/cms\/wp-content\/uploads\/2018\/11\/Alle1-in-der-Kiste-275x300.jpg\" alt=\"\" width=\"275\" height=\"300\" srcset=\"https:\/\/collies-vom-floersbachtal.de\/cms\/wp-content\/uploads\/2018\/11\/Alle1-in-der-Kiste-275x300.jpg 275w, https:\/\/collies-vom-floersbachtal.de\/cms\/wp-content\/uploads\/2018\/11\/Alle1-in-der-Kiste-940x1024.jpg 940w, https:\/\/collies-vom-floersbachtal.de\/cms\/wp-content\/uploads\/2018\/11\/Alle1-in-der-Kiste.jpg 1000w\" sizes=\"auto, (max-width: 275px) 100vw, 275px\" \/><\/a> AUFGER\u00c4UMT!!!<br \/>\n<a href=\"http:\/\/collies-vom-floersbachtal.de\/cms\/wp-content\/uploads\/2018\/11\/Alle1-mit-Besuch-7.Woche_.jpg\"><img loading=\"lazy\" decoding=\"async\" class=\"aligncenter size-medium wp-image-25208\" title=\"Alle1 mit Besuch 7.Woche\" src=\"http:\/\/collies-vom-floersbachtal.de\/cms\/wp-content\/uploads\/2018\/11\/Alle1-mit-Besuch-7.Woche_-300x240.jpg\" alt=\"\" width=\"300\" height=\"240\" srcset=\"https:\/\/collies-vom-floersbachtal.de\/cms\/wp-content\/uploads\/2018\/11\/Alle1-mit-Besuch-7.Woche_-300x240.jpg 300w, https:\/\/collies-vom-floersbachtal.de\/cms\/wp-content\/uploads\/2018\/11\/Alle1-mit-Besuch-7.Woche_.jpg 1000w\" sizes=\"auto, (max-width: 300px) 100vw, 300px\" \/><\/a> Wenn das Hancock sieht, dass SEIN Frauli in unserem Auslauf sitzt, dass gibt \u00c4rger!!!<br \/>\n<a href=\"http:\/\/collies-vom-floersbachtal.de\/cms\/wp-content\/uploads\/2018\/11\/Raubtierf\u00fctterung1-mit-6-Wochen.jpg\"><img loading=\"lazy\" decoding=\"async\" class=\"aligncenter size-medium wp-image-25209\" title=\"Raubtierf\u00fctterung1 mit 6 Wochen\" src=\"http:\/\/collies-vom-floersbachtal.de\/cms\/wp-content\/uploads\/2018\/11\/Raubtierf\u00fctterung1-mit-6-Wochen-289x300.jpg\" alt=\"\" width=\"289\" height=\"300\" srcset=\"https:\/\/collies-vom-floersbachtal.de\/cms\/wp-content\/uploads\/2018\/11\/Raubtierf\u00fctterung1-mit-6-Wochen-289x300.jpg 289w, https:\/\/collies-vom-floersbachtal.de\/cms\/wp-content\/uploads\/2018\/11\/Raubtierf\u00fctterung1-mit-6-Wochen-989x1024.jpg 989w, https:\/\/collies-vom-floersbachtal.de\/cms\/wp-content\/uploads\/2018\/11\/Raubtierf\u00fctterung1-mit-6-Wochen.jpg 1000w\" sizes=\"auto, (max-width: 289px) 100vw, 289px\" \/><\/a> So gesittet geht es bei der Raubtierf\u00fctterung zu. \ud83d\ude00<a href=\"http:\/\/collies-vom-floersbachtal.de\/cms\/wp-content\/uploads\/2018\/11\/Alle-1-mit-6-Wochen.jpg\"><img loading=\"lazy\" decoding=\"async\" class=\"aligncenter size-full wp-image-25210\" title=\"Alle 1 mit 6 Wochen\" src=\"http:\/\/collies-vom-floersbachtal.de\/cms\/wp-content\/uploads\/2018\/11\/Alle-1-mit-6-Wochen.jpg\" alt=\"\" width=\"1000\" height=\"1059\" srcset=\"https:\/\/collies-vom-floersbachtal.de\/cms\/wp-content\/uploads\/2018\/11\/Alle-1-mit-6-Wochen.jpg 1000w, https:\/\/collies-vom-floersbachtal.de\/cms\/wp-content\/uploads\/2018\/11\/Alle-1-mit-6-Wochen-283x300.jpg 283w, https:\/\/collies-vom-floersbachtal.de\/cms\/wp-content\/uploads\/2018\/11\/Alle-1-mit-6-Wochen-966x1024.jpg 966w\" sizes=\"auto, (max-width: 1000px) 100vw, 1000px\" \/><\/a>Ivy und Isaboe mit Luftballon, Ibo nat\u00fcrlich vor dem Spiegel \ud83d\ude1b<a href=\"http:\/\/collies-vom-floersbachtal.de\/cms\/wp-content\/uploads\/2018\/11\/Inola-Hazel1-6-Wochen.jpg\"><img loading=\"lazy\" decoding=\"async\" class=\"aligncenter size-medium wp-image-25211\" title=\"Inola-Hazel1 6 Wochen\" src=\"http:\/\/collies-vom-floersbachtal.de\/cms\/wp-content\/uploads\/2018\/11\/Inola-Hazel1-6-Wochen-200x300.jpg\" alt=\"\" width=\"200\" height=\"300\" srcset=\"https:\/\/collies-vom-floersbachtal.de\/cms\/wp-content\/uploads\/2018\/11\/Inola-Hazel1-6-Wochen-200x300.jpg 200w, https:\/\/collies-vom-floersbachtal.de\/cms\/wp-content\/uploads\/2018\/11\/Inola-Hazel1-6-Wochen-682x1024.jpg 682w, https:\/\/collies-vom-floersbachtal.de\/cms\/wp-content\/uploads\/2018\/11\/Inola-Hazel1-6-Wochen.jpg 1000w\" sizes=\"auto, (max-width: 200px) 100vw, 200px\" \/><\/a>Hazel wartet erst mal ab&#8230;<a href=\"http:\/\/collies-vom-floersbachtal.de\/cms\/wp-content\/uploads\/2018\/11\/Indira4-mit-6-Wochen.jpg\"><img loading=\"lazy\" decoding=\"async\" class=\"aligncenter size-medium wp-image-25212\" title=\"Indira4 mit 6 Wochen\" src=\"http:\/\/collies-vom-floersbachtal.de\/cms\/wp-content\/uploads\/2018\/11\/Indira4-mit-6-Wochen-300x133.jpg\" alt=\"\" width=\"300\" height=\"133\" srcset=\"https:\/\/collies-vom-floersbachtal.de\/cms\/wp-content\/uploads\/2018\/11\/Indira4-mit-6-Wochen-300x133.jpg 300w, https:\/\/collies-vom-floersbachtal.de\/cms\/wp-content\/uploads\/2018\/11\/Indira4-mit-6-Wochen.jpg 1000w\" sizes=\"auto, (max-width: 300px) 100vw, 300px\" \/><\/a> Indira bei ihrem Ausflug \ud83d\ude00 Alles mutig ausgekunschaftet.<\/p>\n<p><strong>11.01.19<\/strong> Sie hats wieder getan&#8230; \ud83d\ude09 guckst du\u00a0 <strong><a title=\"3. Video 7. Woche\" href=\"https:\/\/youtu.be\/K3bHXAjMH5E\" target=\"_blank\">3. Video 7.Woche<\/a>\u00a0 Die M\u00e4dchen gegen die Jungs, au Backe \ud83d\ude1b<\/strong><\/p>\n<p><strong>12.01.19<\/strong> Hui, Frauli hat eine ganz liebe Freundin zu Besuch und die bleibt jetzt bis die L\u00fctten ausziehen. Das tolle f\u00fcr Inola-Hazel ist, sie darf dann mit in die traumhafte Schweiz ziehen, es ist n\u00e4mlich ihr neues Frauli und sie hat gleich 2 Freundinnen die sie begleiten werden. \ud83d\ude00\u00a0<a href=\"http:\/\/collies-vom-floersbachtal.de\/cms\/wp-content\/uploads\/2018\/11\/Inola-Hazel4-6-Wochen.jpg\"><img loading=\"lazy\" decoding=\"async\" class=\"aligncenter size-full wp-image-25260\" title=\"Inola-Hazel4 6 Wochen\" src=\"http:\/\/collies-vom-floersbachtal.de\/cms\/wp-content\/uploads\/2018\/11\/Inola-Hazel4-6-Wochen.jpg\" alt=\"\" width=\"1000\" height=\"902\" srcset=\"https:\/\/collies-vom-floersbachtal.de\/cms\/wp-content\/uploads\/2018\/11\/Inola-Hazel4-6-Wochen.jpg 1000w, https:\/\/collies-vom-floersbachtal.de\/cms\/wp-content\/uploads\/2018\/11\/Inola-Hazel4-6-Wochen-300x270.jpg 300w\" sizes=\"auto, (max-width: 1000px) 100vw, 1000px\" \/><\/a><a href=\"http:\/\/collies-vom-floersbachtal.de\/cms\/wp-content\/uploads\/2018\/11\/Ibo1-im-Wohnzimmer.jpg\"><img loading=\"lazy\" decoding=\"async\" class=\"aligncenter size-full wp-image-25259\" title=\"Ibo1 im Wohnzimmer\" src=\"http:\/\/collies-vom-floersbachtal.de\/cms\/wp-content\/uploads\/2018\/11\/Ibo1-im-Wohnzimmer.jpg\" alt=\"\" width=\"1000\" height=\"1011\" srcset=\"https:\/\/collies-vom-floersbachtal.de\/cms\/wp-content\/uploads\/2018\/11\/Ibo1-im-Wohnzimmer.jpg 1000w, https:\/\/collies-vom-floersbachtal.de\/cms\/wp-content\/uploads\/2018\/11\/Ibo1-im-Wohnzimmer-296x300.jpg 296w\" sizes=\"auto, (max-width: 1000px) 100vw, 1000px\" \/><\/a><\/p>\n<p><a href=\"http:\/\/collies-vom-floersbachtal.de\/cms\/wp-content\/uploads\/2018\/11\/Iceman1-6-Wochen.jpg\"><img loading=\"lazy\" decoding=\"async\" class=\"aligncenter size-medium wp-image-25261\" title=\"Iceman1 6 Wochen\" src=\"http:\/\/collies-vom-floersbachtal.de\/cms\/wp-content\/uploads\/2018\/11\/Iceman1-6-Wochen-300x132.jpg\" alt=\"\" width=\"300\" height=\"132\" srcset=\"https:\/\/collies-vom-floersbachtal.de\/cms\/wp-content\/uploads\/2018\/11\/Iceman1-6-Wochen-300x132.jpg 300w, https:\/\/collies-vom-floersbachtal.de\/cms\/wp-content\/uploads\/2018\/11\/Iceman1-6-Wochen.jpg 1000w\" sizes=\"auto, (max-width: 300px) 100vw, 300px\" \/><\/a>Iceman im K\u00f6rbchen von den Gro\u00dfen im Wohnzimmer \ud83d\ude00<a href=\"http:\/\/collies-vom-floersbachtal.de\/cms\/wp-content\/uploads\/2018\/11\/Ivy4-mit-6-Wochen.jpg\"><img loading=\"lazy\" decoding=\"async\" class=\"aligncenter size-full wp-image-25262\" title=\"Ivy4 mit 6 Wochen\" src=\"http:\/\/collies-vom-floersbachtal.de\/cms\/wp-content\/uploads\/2018\/11\/Ivy4-mit-6-Wochen.jpg\" alt=\"\" width=\"1000\" height=\"825\" srcset=\"https:\/\/collies-vom-floersbachtal.de\/cms\/wp-content\/uploads\/2018\/11\/Ivy4-mit-6-Wochen.jpg 1000w, https:\/\/collies-vom-floersbachtal.de\/cms\/wp-content\/uploads\/2018\/11\/Ivy4-mit-6-Wochen-300x247.jpg 300w\" sizes=\"auto, (max-width: 1000px) 100vw, 1000px\" \/><\/a>Ivy, mutig wie immer auf Entdeckungsreise<\/p>\n<p><a href=\"http:\/\/collies-vom-floersbachtal.de\/cms\/wp-content\/uploads\/2018\/11\/Indy4-6-Wochen.jpg\"><img loading=\"lazy\" decoding=\"async\" class=\"aligncenter size-medium wp-image-25263\" title=\"Indy4 6 Wochen\" src=\"http:\/\/collies-vom-floersbachtal.de\/cms\/wp-content\/uploads\/2018\/11\/Indy4-6-Wochen-300x247.jpg\" alt=\"\" width=\"300\" height=\"247\" srcset=\"https:\/\/collies-vom-floersbachtal.de\/cms\/wp-content\/uploads\/2018\/11\/Indy4-6-Wochen-300x247.jpg 300w, https:\/\/collies-vom-floersbachtal.de\/cms\/wp-content\/uploads\/2018\/11\/Indy4-6-Wochen.jpg 1000w\" sizes=\"auto, (max-width: 300px) 100vw, 300px\" \/><\/a>Indy mit Lias Uroma Ginger\u00a0<a href=\"http:\/\/collies-vom-floersbachtal.de\/cms\/wp-content\/uploads\/2018\/11\/Indy6-6-Wochen.jpg\"><img loading=\"lazy\" decoding=\"async\" class=\"aligncenter size-medium wp-image-25264\" title=\"Indy6 6 Wochen\" src=\"http:\/\/collies-vom-floersbachtal.de\/cms\/wp-content\/uploads\/2018\/11\/Indy6-6-Wochen-300x159.jpg\" alt=\"\" width=\"300\" height=\"159\" srcset=\"https:\/\/collies-vom-floersbachtal.de\/cms\/wp-content\/uploads\/2018\/11\/Indy6-6-Wochen-300x159.jpg 300w, https:\/\/collies-vom-floersbachtal.de\/cms\/wp-content\/uploads\/2018\/11\/Indy6-6-Wochen.jpg 1000w\" sizes=\"auto, (max-width: 300px) 100vw, 300px\" \/><\/a>Und gleich noch ein bisschen Erziehungsunterricht. \ud83d\ude09<a href=\"http:\/\/collies-vom-floersbachtal.de\/cms\/wp-content\/uploads\/2018\/11\/Indy5-6-Wochen.jpg\"><img loading=\"lazy\" decoding=\"async\" class=\"aligncenter size-full wp-image-25265\" title=\"Indy5 6 Wochen\" src=\"http:\/\/collies-vom-floersbachtal.de\/cms\/wp-content\/uploads\/2018\/11\/Indy5-6-Wochen.jpg\" alt=\"\" width=\"1000\" height=\"734\" srcset=\"https:\/\/collies-vom-floersbachtal.de\/cms\/wp-content\/uploads\/2018\/11\/Indy5-6-Wochen.jpg 1000w, https:\/\/collies-vom-floersbachtal.de\/cms\/wp-content\/uploads\/2018\/11\/Indy5-6-Wochen-300x220.jpg 300w\" sizes=\"auto, (max-width: 1000px) 100vw, 1000px\" \/><\/a>Dann geh ich eben zu dem lauten Staubsauger. \ud83d\ude00<a href=\"http:\/\/collies-vom-floersbachtal.de\/cms\/wp-content\/uploads\/2018\/11\/Indira3-mit-6-Wochen.jpg\"><img loading=\"lazy\" decoding=\"async\" class=\"aligncenter size-full wp-image-25266\" title=\"Indira3 mit 6 Wochen\" src=\"http:\/\/collies-vom-floersbachtal.de\/cms\/wp-content\/uploads\/2018\/11\/Indira3-mit-6-Wochen.jpg\" alt=\"\" width=\"1000\" height=\"680\" srcset=\"https:\/\/collies-vom-floersbachtal.de\/cms\/wp-content\/uploads\/2018\/11\/Indira3-mit-6-Wochen.jpg 1000w, https:\/\/collies-vom-floersbachtal.de\/cms\/wp-content\/uploads\/2018\/11\/Indira3-mit-6-Wochen-300x204.jpg 300w\" sizes=\"auto, (max-width: 1000px) 100vw, 1000px\" \/><\/a>Indira nimmt den Geruch der Gro\u00dfen auf&#8230;<a href=\"http:\/\/collies-vom-floersbachtal.de\/cms\/wp-content\/uploads\/2018\/11\/Indira1-mit-6-Wochen.jpg\"><img loading=\"lazy\" decoding=\"async\" class=\"aligncenter size-medium wp-image-25267\" title=\"Indira1 mit 6 Wochen\" src=\"http:\/\/collies-vom-floersbachtal.de\/cms\/wp-content\/uploads\/2018\/11\/Indira1-mit-6-Wochen-258x300.jpg\" alt=\"\" width=\"258\" height=\"300\" srcset=\"https:\/\/collies-vom-floersbachtal.de\/cms\/wp-content\/uploads\/2018\/11\/Indira1-mit-6-Wochen-258x300.jpg 258w, https:\/\/collies-vom-floersbachtal.de\/cms\/wp-content\/uploads\/2018\/11\/Indira1-mit-6-Wochen-882x1024.jpg 882w, https:\/\/collies-vom-floersbachtal.de\/cms\/wp-content\/uploads\/2018\/11\/Indira1-mit-6-Wochen.jpg 1000w\" sizes=\"auto, (max-width: 258px) 100vw, 258px\" \/><\/a><a href=\"http:\/\/collies-vom-floersbachtal.de\/cms\/wp-content\/uploads\/2018\/11\/Isaboe1-im-Wohnzimmer.jpg\"><img loading=\"lazy\" decoding=\"async\" class=\"aligncenter size-medium wp-image-25268\" title=\"Isaboe1 im Wohnzimmer\" src=\"http:\/\/collies-vom-floersbachtal.de\/cms\/wp-content\/uploads\/2018\/11\/Isaboe1-im-Wohnzimmer-300x229.jpg\" alt=\"\" width=\"300\" height=\"229\" srcset=\"https:\/\/collies-vom-floersbachtal.de\/cms\/wp-content\/uploads\/2018\/11\/Isaboe1-im-Wohnzimmer-300x229.jpg 300w, https:\/\/collies-vom-floersbachtal.de\/cms\/wp-content\/uploads\/2018\/11\/Isaboe1-im-Wohnzimmer.jpg 1000w\" sizes=\"auto, (max-width: 300px) 100vw, 300px\" \/><\/a>Wer bist du denn? Scheint Isaboe zu fragen\u00a0<a href=\"http:\/\/collies-vom-floersbachtal.de\/cms\/wp-content\/uploads\/2018\/11\/Isaboe-und-Iceman1.jpg\"><img loading=\"lazy\" decoding=\"async\" class=\"aligncenter size-full wp-image-25269\" title=\"Isaboe und Iceman1\" src=\"http:\/\/collies-vom-floersbachtal.de\/cms\/wp-content\/uploads\/2018\/11\/Isaboe-und-Iceman1.jpg\" alt=\"\" width=\"1000\" height=\"1146\" srcset=\"https:\/\/collies-vom-floersbachtal.de\/cms\/wp-content\/uploads\/2018\/11\/Isaboe-und-Iceman1.jpg 1000w, https:\/\/collies-vom-floersbachtal.de\/cms\/wp-content\/uploads\/2018\/11\/Isaboe-und-Iceman1-261x300.jpg 261w, https:\/\/collies-vom-floersbachtal.de\/cms\/wp-content\/uploads\/2018\/11\/Isaboe-und-Iceman1-893x1024.jpg 893w\" sizes=\"auto, (max-width: 1000px) 100vw, 1000px\" \/><\/a>Isaboe und Iceman \ud83d\ude00<a href=\"http:\/\/collies-vom-floersbachtal.de\/cms\/wp-content\/uploads\/2018\/11\/Isaboe-und-Inola1-6-Wochen.jpg\"><img loading=\"lazy\" decoding=\"async\" class=\"aligncenter size-medium wp-image-25270\" title=\"Isaboe und Inola1 6 Wochen\" src=\"http:\/\/collies-vom-floersbachtal.de\/cms\/wp-content\/uploads\/2018\/11\/Isaboe-und-Inola1-6-Wochen-300x106.jpg\" alt=\"\" width=\"300\" height=\"106\" srcset=\"https:\/\/collies-vom-floersbachtal.de\/cms\/wp-content\/uploads\/2018\/11\/Isaboe-und-Inola1-6-Wochen-300x106.jpg 300w, https:\/\/collies-vom-floersbachtal.de\/cms\/wp-content\/uploads\/2018\/11\/Isaboe-und-Inola1-6-Wochen.jpg 1000w\" sizes=\"auto, (max-width: 300px) 100vw, 300px\" \/><\/a>Isaboe und Inola-Hazel sagen tsch\u00fc\u00df f\u00fcr heute.<\/p>\n<p><strong>13.01.19<\/strong> Huhu wir sind wieder da, gestern hatten wir ja unseren 1. Ausflug in den Outdoorkindergarten, das war toll, wir haben richtig Gas gegeben und sind dann abends ins Koma gefallen. Guckst du&#8230;<a href=\"http:\/\/collies-vom-floersbachtal.de\/cms\/wp-content\/uploads\/2018\/11\/Alle2-Outdoorspielplatz-mit-6-Wochen.jpg\"><img loading=\"lazy\" decoding=\"async\" class=\"aligncenter size-medium wp-image-25273\" title=\"Alle2 Outdoorspielplatz mit 6 Wochen\" src=\"http:\/\/collies-vom-floersbachtal.de\/cms\/wp-content\/uploads\/2018\/11\/Alle2-Outdoorspielplatz-mit-6-Wochen-292x300.jpg\" alt=\"\" width=\"292\" height=\"300\" srcset=\"https:\/\/collies-vom-floersbachtal.de\/cms\/wp-content\/uploads\/2018\/11\/Alle2-Outdoorspielplatz-mit-6-Wochen-292x300.jpg 292w, https:\/\/collies-vom-floersbachtal.de\/cms\/wp-content\/uploads\/2018\/11\/Alle2-Outdoorspielplatz-mit-6-Wochen.jpg 1000w\" sizes=\"auto, (max-width: 292px) 100vw, 292px\" \/><\/a><br \/>\n<a href=\"http:\/\/collies-vom-floersbachtal.de\/cms\/wp-content\/uploads\/2018\/11\/Alle5-Outdoorspielplatz-mit-6-Wochen.jpg\"><img loading=\"lazy\" decoding=\"async\" class=\"aligncenter size-medium wp-image-25274\" title=\"Alle5 Outdoorspielplatz mit 6 Wochen\" src=\"http:\/\/collies-vom-floersbachtal.de\/cms\/wp-content\/uploads\/2018\/11\/Alle5-Outdoorspielplatz-mit-6-Wochen-300x179.jpg\" alt=\"\" width=\"300\" height=\"179\" srcset=\"https:\/\/collies-vom-floersbachtal.de\/cms\/wp-content\/uploads\/2018\/11\/Alle5-Outdoorspielplatz-mit-6-Wochen-300x179.jpg 300w, https:\/\/collies-vom-floersbachtal.de\/cms\/wp-content\/uploads\/2018\/11\/Alle5-Outdoorspielplatz-mit-6-Wochen.jpg 1000w\" sizes=\"auto, (max-width: 300px) 100vw, 300px\" \/><\/a><br \/>\n<a href=\"http:\/\/collies-vom-floersbachtal.de\/cms\/wp-content\/uploads\/2018\/11\/Alle6-Outdoorspielplatz-mit-6-Wochen.jpg\"><img loading=\"lazy\" decoding=\"async\" class=\"aligncenter size-full wp-image-25275\" title=\"Alle6 Outdoorspielplatz mit 6 Wochen\" src=\"http:\/\/collies-vom-floersbachtal.de\/cms\/wp-content\/uploads\/2018\/11\/Alle6-Outdoorspielplatz-mit-6-Wochen.jpg\" alt=\"\" width=\"1000\" height=\"745\" srcset=\"https:\/\/collies-vom-floersbachtal.de\/cms\/wp-content\/uploads\/2018\/11\/Alle6-Outdoorspielplatz-mit-6-Wochen.jpg 1000w, https:\/\/collies-vom-floersbachtal.de\/cms\/wp-content\/uploads\/2018\/11\/Alle6-Outdoorspielplatz-mit-6-Wochen-300x223.jpg 300w\" sizes=\"auto, (max-width: 1000px) 100vw, 1000px\" \/><\/a><br \/>\n<a href=\"http:\/\/collies-vom-floersbachtal.de\/cms\/wp-content\/uploads\/2018\/11\/Ibo4-Outdoorspielplatz-mit-6-Wochen.jpg\"><img loading=\"lazy\" decoding=\"async\" class=\"aligncenter size-medium wp-image-25277\" title=\"Ibo4 Outdoorspielplatz mit 6 Wochen\" src=\"http:\/\/collies-vom-floersbachtal.de\/cms\/wp-content\/uploads\/2018\/11\/Ibo4-Outdoorspielplatz-mit-6-Wochen-300x207.jpg\" alt=\"\" width=\"300\" height=\"207\" srcset=\"https:\/\/collies-vom-floersbachtal.de\/cms\/wp-content\/uploads\/2018\/11\/Ibo4-Outdoorspielplatz-mit-6-Wochen-300x207.jpg 300w, https:\/\/collies-vom-floersbachtal.de\/cms\/wp-content\/uploads\/2018\/11\/Ibo4-Outdoorspielplatz-mit-6-Wochen.jpg 1000w\" sizes=\"auto, (max-width: 300px) 100vw, 300px\" \/><\/a> Ibo hat wieder seine Schaukel gefunden \ud83d\ude00<br \/>\n<a href=\"http:\/\/collies-vom-floersbachtal.de\/cms\/wp-content\/uploads\/2018\/11\/Ibo3-Outdoorspielplatz-mit-6-Wochen.jpg\"><img loading=\"lazy\" decoding=\"async\" class=\"aligncenter size-full wp-image-25278\" title=\"Ibo3 Outdoorspielplatz mit 6 Wochen\" src=\"http:\/\/collies-vom-floersbachtal.de\/cms\/wp-content\/uploads\/2018\/11\/Ibo3-Outdoorspielplatz-mit-6-Wochen.jpg\" alt=\"\" width=\"1000\" height=\"836\" srcset=\"https:\/\/collies-vom-floersbachtal.de\/cms\/wp-content\/uploads\/2018\/11\/Ibo3-Outdoorspielplatz-mit-6-Wochen.jpg 1000w, https:\/\/collies-vom-floersbachtal.de\/cms\/wp-content\/uploads\/2018\/11\/Ibo3-Outdoorspielplatz-mit-6-Wochen-300x250.jpg 300w\" sizes=\"auto, (max-width: 1000px) 100vw, 1000px\" \/><\/a>zwischendrin ein Video, wenn auch etwas unscharf, seid Frauli weg war, stimmt was mit der Einstellung nicht mehr, (schlie\u00dflich sind hier ja auch 4 verschieden Personen f\u00fcr die Betreuung der Monster gewesen) &#8230; \ud83d\ude41\u00a0 <strong><a title=\"4. Video 7.Woche\" href=\"https:\/\/youtu.be\/VZ-q4Gdalzw\" target=\"_blank\">4. Video\u00a0 im Outdoorkinderspielplatz<\/a><\/strong><br \/>\n<a href=\"http:\/\/collies-vom-floersbachtal.de\/cms\/wp-content\/uploads\/2018\/11\/Isaboe1-Outdoorspielplatz.jpg\"><img loading=\"lazy\" decoding=\"async\" class=\"aligncenter size-full wp-image-25279\" title=\"Isaboe1 Outdoorspielplatz\" src=\"http:\/\/collies-vom-floersbachtal.de\/cms\/wp-content\/uploads\/2018\/11\/Isaboe1-Outdoorspielplatz.jpg\" alt=\"\" width=\"1000\" height=\"1327\" srcset=\"https:\/\/collies-vom-floersbachtal.de\/cms\/wp-content\/uploads\/2018\/11\/Isaboe1-Outdoorspielplatz.jpg 1000w, https:\/\/collies-vom-floersbachtal.de\/cms\/wp-content\/uploads\/2018\/11\/Isaboe1-Outdoorspielplatz-226x300.jpg 226w, https:\/\/collies-vom-floersbachtal.de\/cms\/wp-content\/uploads\/2018\/11\/Isaboe1-Outdoorspielplatz-771x1024.jpg 771w\" sizes=\"auto, (max-width: 1000px) 100vw, 1000px\" \/><\/a> Isaboe hat den Tunnel gleich mal auf Tauglichkeit getestet. \ud83d\ude09<br \/>\n<a href=\"http:\/\/collies-vom-floersbachtal.de\/cms\/wp-content\/uploads\/2018\/11\/Inola-Hazel2-Outdoor-6-Wochen.jpg\"><img loading=\"lazy\" decoding=\"async\" class=\"aligncenter size-medium wp-image-25280\" title=\"Inola-Hazel2 Outdoor 6 Wochen\" src=\"http:\/\/collies-vom-floersbachtal.de\/cms\/wp-content\/uploads\/2018\/11\/Inola-Hazel2-Outdoor-6-Wochen-300x271.jpg\" alt=\"\" width=\"300\" height=\"271\" srcset=\"https:\/\/collies-vom-floersbachtal.de\/cms\/wp-content\/uploads\/2018\/11\/Inola-Hazel2-Outdoor-6-Wochen-300x271.jpg 300w, https:\/\/collies-vom-floersbachtal.de\/cms\/wp-content\/uploads\/2018\/11\/Inola-Hazel2-Outdoor-6-Wochen.jpg 1000w\" sizes=\"auto, (max-width: 300px) 100vw, 300px\" \/><\/a>trotz m\u00fcde, aber vorher gabs noch Fernsehprogramm \ud83d\ude09<a href=\"http:\/\/collies-vom-floersbachtal.de\/cms\/wp-content\/uploads\/2018\/11\/Inola-El\u00e11-Fernsehabend.jpg\"><img loading=\"lazy\" decoding=\"async\" class=\"aligncenter size-full wp-image-25281\" title=\"Inola &amp; El\u00e11 Fernsehabend\" src=\"http:\/\/collies-vom-floersbachtal.de\/cms\/wp-content\/uploads\/2018\/11\/Inola-El\u00e11-Fernsehabend.jpg\" alt=\"\" width=\"1000\" height=\"512\" srcset=\"https:\/\/collies-vom-floersbachtal.de\/cms\/wp-content\/uploads\/2018\/11\/Inola-El\u00e11-Fernsehabend.jpg 1000w, https:\/\/collies-vom-floersbachtal.de\/cms\/wp-content\/uploads\/2018\/11\/Inola-El\u00e11-Fernsehabend-300x153.jpg 300w\" sizes=\"auto, (max-width: 1000px) 100vw, 1000px\" \/><\/a><strong>15.01.19<\/strong> So, heute habe ich dann mal einen halben Tag Pause, die L\u00fctten sind mit Frauli zum DOK Augentest.\u00a0 Daf\u00fcr gibt es jetzt sch\u00f6ne Bilder von der Bande. Fast alle haben die 4 Kilo Marke geknackt und sind kleine , s\u00fc\u00dfe Monster. \ud83d\ude00<a href=\"http:\/\/collies-vom-floersbachtal.de\/cms\/wp-content\/uploads\/2018\/11\/Ibo-Iceman1-mit-fast-7-Wochen.jpg\"><img loading=\"lazy\" decoding=\"async\" class=\"aligncenter size-full wp-image-25297\" title=\"Ibo &amp; Iceman1 mit fast 7 Wochen\" src=\"http:\/\/collies-vom-floersbachtal.de\/cms\/wp-content\/uploads\/2018\/11\/Ibo-Iceman1-mit-fast-7-Wochen.jpg\" alt=\"\" width=\"1000\" height=\"723\" srcset=\"https:\/\/collies-vom-floersbachtal.de\/cms\/wp-content\/uploads\/2018\/11\/Ibo-Iceman1-mit-fast-7-Wochen.jpg 1000w, https:\/\/collies-vom-floersbachtal.de\/cms\/wp-content\/uploads\/2018\/11\/Ibo-Iceman1-mit-fast-7-Wochen-300x216.jpg 300w\" sizes=\"auto, (max-width: 1000px) 100vw, 1000px\" \/><\/a><a href=\"http:\/\/collies-vom-floersbachtal.de\/cms\/wp-content\/uploads\/2018\/11\/Indira-Iceman2-mit-fast-7-Wochen.jpg\"><img loading=\"lazy\" decoding=\"async\" class=\"aligncenter size-full wp-image-25298\" title=\"Indira &amp; Iceman2 mit fast 7 Wochen\" src=\"http:\/\/collies-vom-floersbachtal.de\/cms\/wp-content\/uploads\/2018\/11\/Indira-Iceman2-mit-fast-7-Wochen.jpg\" alt=\"\" width=\"1000\" height=\"885\" srcset=\"https:\/\/collies-vom-floersbachtal.de\/cms\/wp-content\/uploads\/2018\/11\/Indira-Iceman2-mit-fast-7-Wochen.jpg 1000w, https:\/\/collies-vom-floersbachtal.de\/cms\/wp-content\/uploads\/2018\/11\/Indira-Iceman2-mit-fast-7-Wochen-300x265.jpg 300w\" sizes=\"auto, (max-width: 1000px) 100vw, 1000px\" \/><\/a><a href=\"http:\/\/collies-vom-floersbachtal.de\/cms\/wp-content\/uploads\/2018\/11\/Inola-Hazel-Iceman1-mit-fast-7-Wochen.jpg\"><img loading=\"lazy\" decoding=\"async\" class=\"aligncenter size-medium wp-image-25299\" title=\"Inola-Hazel &amp; Iceman1 mit fast 7 Wochen\" src=\"http:\/\/collies-vom-floersbachtal.de\/cms\/wp-content\/uploads\/2018\/11\/Inola-Hazel-Iceman1-mit-fast-7-Wochen-246x300.jpg\" alt=\"\" width=\"246\" height=\"300\" srcset=\"https:\/\/collies-vom-floersbachtal.de\/cms\/wp-content\/uploads\/2018\/11\/Inola-Hazel-Iceman1-mit-fast-7-Wochen-246x300.jpg 246w, https:\/\/collies-vom-floersbachtal.de\/cms\/wp-content\/uploads\/2018\/11\/Inola-Hazel-Iceman1-mit-fast-7-Wochen-842x1024.jpg 842w, https:\/\/collies-vom-floersbachtal.de\/cms\/wp-content\/uploads\/2018\/11\/Inola-Hazel-Iceman1-mit-fast-7-Wochen.jpg 1000w\" sizes=\"auto, (max-width: 246px) 100vw, 246px\" \/><\/a><a href=\"http:\/\/collies-vom-floersbachtal.de\/cms\/wp-content\/uploads\/2018\/11\/Indy1-mit-fast-7-Wochen.jpg\"><img loading=\"lazy\" decoding=\"async\" class=\"aligncenter size-medium wp-image-25300\" title=\"Indy1 mit fast 7 Wochen\" src=\"http:\/\/collies-vom-floersbachtal.de\/cms\/wp-content\/uploads\/2018\/11\/Indy1-mit-fast-7-Wochen-276x300.jpg\" alt=\"\" width=\"276\" height=\"300\" srcset=\"https:\/\/collies-vom-floersbachtal.de\/cms\/wp-content\/uploads\/2018\/11\/Indy1-mit-fast-7-Wochen-276x300.jpg 276w, https:\/\/collies-vom-floersbachtal.de\/cms\/wp-content\/uploads\/2018\/11\/Indy1-mit-fast-7-Wochen-944x1024.jpg 944w, https:\/\/collies-vom-floersbachtal.de\/cms\/wp-content\/uploads\/2018\/11\/Indy1-mit-fast-7-Wochen.jpg 1000w\" sizes=\"auto, (max-width: 276px) 100vw, 276px\" \/><\/a><a href=\"http:\/\/collies-vom-floersbachtal.de\/cms\/wp-content\/uploads\/2018\/11\/Isaboe-Indy-Indira1-mit-fast-7-Wochen.jpg\"><img loading=\"lazy\" decoding=\"async\" class=\"aligncenter size-medium wp-image-25301\" title=\"Isaboe, Indy &amp; Indira1 mit fast 7 Wochen\" src=\"http:\/\/collies-vom-floersbachtal.de\/cms\/wp-content\/uploads\/2018\/11\/Isaboe-Indy-Indira1-mit-fast-7-Wochen-300x187.jpg\" alt=\"\" width=\"300\" height=\"187\" srcset=\"https:\/\/collies-vom-floersbachtal.de\/cms\/wp-content\/uploads\/2018\/11\/Isaboe-Indy-Indira1-mit-fast-7-Wochen-300x187.jpg 300w, https:\/\/collies-vom-floersbachtal.de\/cms\/wp-content\/uploads\/2018\/11\/Isaboe-Indy-Indira1-mit-fast-7-Wochen.jpg 1000w\" sizes=\"auto, (max-width: 300px) 100vw, 300px\" \/><\/a><a href=\"http:\/\/collies-vom-floersbachtal.de\/cms\/wp-content\/uploads\/2018\/11\/Isaboe-Indy2-mit-fast-7-Wochen.jpg\"><img loading=\"lazy\" decoding=\"async\" class=\"aligncenter size-full wp-image-25302\" title=\"Isaboe &amp; Indy2 mit fast 7 Wochen\" src=\"http:\/\/collies-vom-floersbachtal.de\/cms\/wp-content\/uploads\/2018\/11\/Isaboe-Indy2-mit-fast-7-Wochen.jpg\" alt=\"\" width=\"1000\" height=\"581\" srcset=\"https:\/\/collies-vom-floersbachtal.de\/cms\/wp-content\/uploads\/2018\/11\/Isaboe-Indy2-mit-fast-7-Wochen.jpg 1000w, https:\/\/collies-vom-floersbachtal.de\/cms\/wp-content\/uploads\/2018\/11\/Isaboe-Indy2-mit-fast-7-Wochen-300x174.jpg 300w\" sizes=\"auto, (max-width: 1000px) 100vw, 1000px\" \/><\/a><a href=\"http:\/\/collies-vom-floersbachtal.de\/cms\/wp-content\/uploads\/2018\/11\/Ibo1-mit-fast-7-Wochen.jpg\"><img loading=\"lazy\" decoding=\"async\" class=\"aligncenter size-full wp-image-25303\" title=\"Ibo1 mit fast 7 Wochen\" src=\"http:\/\/collies-vom-floersbachtal.de\/cms\/wp-content\/uploads\/2018\/11\/Ibo1-mit-fast-7-Wochen.jpg\" alt=\"\" width=\"1000\" height=\"993\" srcset=\"https:\/\/collies-vom-floersbachtal.de\/cms\/wp-content\/uploads\/2018\/11\/Ibo1-mit-fast-7-Wochen.jpg 1000w, https:\/\/collies-vom-floersbachtal.de\/cms\/wp-content\/uploads\/2018\/11\/Ibo1-mit-fast-7-Wochen-150x150.jpg 150w, https:\/\/collies-vom-floersbachtal.de\/cms\/wp-content\/uploads\/2018\/11\/Ibo1-mit-fast-7-Wochen-300x297.jpg 300w\" sizes=\"auto, (max-width: 1000px) 100vw, 1000px\" \/><\/a>Ibo sucht noch seine lieben Leute, genau wie Isaboe unten<\/p>\n<p><a href=\"http:\/\/collies-vom-floersbachtal.de\/cms\/wp-content\/uploads\/2018\/11\/Isaboe1-mit-fast-7-Wochen.jpg\"><img loading=\"lazy\" decoding=\"async\" class=\"aligncenter size-full wp-image-25304\" title=\"Isaboe1 mit fast 7 Wochen\" src=\"http:\/\/collies-vom-floersbachtal.de\/cms\/wp-content\/uploads\/2018\/11\/Isaboe1-mit-fast-7-Wochen.jpg\" alt=\"\" width=\"1000\" height=\"1058\" srcset=\"https:\/\/collies-vom-floersbachtal.de\/cms\/wp-content\/uploads\/2018\/11\/Isaboe1-mit-fast-7-Wochen.jpg 1000w, https:\/\/collies-vom-floersbachtal.de\/cms\/wp-content\/uploads\/2018\/11\/Isaboe1-mit-fast-7-Wochen-283x300.jpg 283w, https:\/\/collies-vom-floersbachtal.de\/cms\/wp-content\/uploads\/2018\/11\/Isaboe1-mit-fast-7-Wochen-967x1024.jpg 967w\" sizes=\"auto, (max-width: 1000px) 100vw, 1000px\" \/><\/a><a href=\"http:\/\/collies-vom-floersbachtal.de\/cms\/wp-content\/uploads\/2018\/11\/Ivy-Indy2-mit-fast-7-Wochen.jpg\"><img loading=\"lazy\" decoding=\"async\" class=\"aligncenter size-full wp-image-25305\" title=\"Ivy &amp; Indy2 mit fast 7 Wochen\" src=\"http:\/\/collies-vom-floersbachtal.de\/cms\/wp-content\/uploads\/2018\/11\/Ivy-Indy2-mit-fast-7-Wochen.jpg\" alt=\"\" width=\"1000\" height=\"636\" srcset=\"https:\/\/collies-vom-floersbachtal.de\/cms\/wp-content\/uploads\/2018\/11\/Ivy-Indy2-mit-fast-7-Wochen.jpg 1000w, https:\/\/collies-vom-floersbachtal.de\/cms\/wp-content\/uploads\/2018\/11\/Ivy-Indy2-mit-fast-7-Wochen-300x190.jpg 300w\" sizes=\"auto, (max-width: 1000px) 100vw, 1000px\" \/><\/a>Diese Augen, bin immer wieder in sie verliebt. Wie die Mama \ud83d\ude00<a href=\"http:\/\/collies-vom-floersbachtal.de\/cms\/wp-content\/uploads\/2018\/11\/Outdoospielplatz2-mit-fast-7-Wochen.jpg\"><img loading=\"lazy\" decoding=\"async\" class=\"aligncenter size-medium wp-image-25306\" title=\"Outdoospielplatz2 mit fast 7 Wochen\" src=\"http:\/\/collies-vom-floersbachtal.de\/cms\/wp-content\/uploads\/2018\/11\/Outdoospielplatz2-mit-fast-7-Wochen-300x194.jpg\" alt=\"\" width=\"300\" height=\"194\" srcset=\"https:\/\/collies-vom-floersbachtal.de\/cms\/wp-content\/uploads\/2018\/11\/Outdoospielplatz2-mit-fast-7-Wochen-300x194.jpg 300w, https:\/\/collies-vom-floersbachtal.de\/cms\/wp-content\/uploads\/2018\/11\/Outdoospielplatz2-mit-fast-7-Wochen.jpg 1000w\" sizes=\"auto, (max-width: 300px) 100vw, 300px\" \/><\/a><a href=\"http:\/\/collies-vom-floersbachtal.de\/cms\/wp-content\/uploads\/2018\/11\/Outdoospielplatz1-mit-fast-7-Wochen.jpg\"><img loading=\"lazy\" decoding=\"async\" class=\"aligncenter size-medium wp-image-25307\" title=\"Outdoospielplatz1 mit fast 7 Wochen\" src=\"http:\/\/collies-vom-floersbachtal.de\/cms\/wp-content\/uploads\/2018\/11\/Outdoospielplatz1-mit-fast-7-Wochen-300x272.jpg\" alt=\"\" width=\"300\" height=\"272\" srcset=\"https:\/\/collies-vom-floersbachtal.de\/cms\/wp-content\/uploads\/2018\/11\/Outdoospielplatz1-mit-fast-7-Wochen-300x272.jpg 300w, https:\/\/collies-vom-floersbachtal.de\/cms\/wp-content\/uploads\/2018\/11\/Outdoospielplatz1-mit-fast-7-Wochen.jpg 1000w\" sizes=\"auto, (max-width: 300px) 100vw, 300px\" \/><\/a><a href=\"http:\/\/collies-vom-floersbachtal.de\/cms\/wp-content\/uploads\/2018\/11\/Ivy2-mit-fast-7-Wochen.jpg\"><img loading=\"lazy\" decoding=\"async\" class=\"aligncenter size-medium wp-image-25308\" title=\"Ivy2 mit fast 7 Wochen\" src=\"http:\/\/collies-vom-floersbachtal.de\/cms\/wp-content\/uploads\/2018\/11\/Ivy2-mit-fast-7-Wochen-289x300.jpg\" alt=\"\" width=\"289\" height=\"300\" srcset=\"https:\/\/collies-vom-floersbachtal.de\/cms\/wp-content\/uploads\/2018\/11\/Ivy2-mit-fast-7-Wochen-289x300.jpg 289w, https:\/\/collies-vom-floersbachtal.de\/cms\/wp-content\/uploads\/2018\/11\/Ivy2-mit-fast-7-Wochen-988x1024.jpg 988w, https:\/\/collies-vom-floersbachtal.de\/cms\/wp-content\/uploads\/2018\/11\/Ivy2-mit-fast-7-Wochen.jpg 1000w\" sizes=\"auto, (max-width: 289px) 100vw, 289px\" \/><\/a>FERTIG&#8230; ich habe Hunger.<\/p>\n<p><strong>17.01.19<\/strong> Unser Frauli liegt jetzt leider flach, sie hat sichMagen\/Darm eingefangen, zum Gl\u00fcck ist ja Hazels Frauli hier und schmei\u00dft den Laden daher heute viele Filme von den Kr\u00fcmeln. Ja und Fotos von der Fahrt zum Augendoc nach Frankfurt. War \u00fcbrigens der Knaller, keiner der Kr\u00fcmel hat Krach gemacht, die sa\u00dfen alle erfurchtsvoll im Auto und haben abgewartet was da kommen mag. Wir haben sogar Zeugen, Kerstin, Hancocks Frauli hat es nicht glauben wollen als wir sie abgeholt hatten und Fraulis Freundin Marion von den Sunhills Collies waren dabei\u00a0 \ud83d\ude00<br \/>\n<a title=\"5. Video 8. Woche\" href=\"https:\/\/youtu.be\/1MiZbly7OPQ\" target=\"_blank\"><strong>5. Video Outdoor<\/strong><\/a><br \/>\n<a title=\"6. Video 8. Woche\" href=\"https:\/\/youtu.be\/DDac2HrTfI0\" target=\"_blank\"><strong>6. Video 1. H\u00e4hnchenkeulen mit 7 Wochen<\/strong><\/a><br \/>\n<strong><a title=\"7. Video 8. Woche\" href=\"https:\/\/youtu.be\/3CNOq9Ft-zw\" target=\"_blank\">7. Video 8. Woche 1. Ausflug in den Garten<\/a><\/strong><br \/>\n<a title=\"8. Video 8.Woche\" href=\"https:\/\/youtu.be\/99hqYouCDFU\" target=\"_blank\"><strong>8. Video\u00a0 8. Woche\u00a0 1. Ausflug in den Garten Teil 2<\/strong><\/a><\/p>\n<p><a href=\"http:\/\/collies-vom-floersbachtal.de\/cms\/wp-content\/uploads\/2018\/11\/Alle-anderen-warten4.jpg\"><img loading=\"lazy\" decoding=\"async\" class=\"aligncenter size-medium wp-image-25343\" title=\"Alle anderen warten4\" src=\"http:\/\/collies-vom-floersbachtal.de\/cms\/wp-content\/uploads\/2018\/11\/Alle-anderen-warten4-300x200.jpg\" alt=\"\" width=\"300\" height=\"200\" srcset=\"https:\/\/collies-vom-floersbachtal.de\/cms\/wp-content\/uploads\/2018\/11\/Alle-anderen-warten4-300x200.jpg 300w, https:\/\/collies-vom-floersbachtal.de\/cms\/wp-content\/uploads\/2018\/11\/Alle-anderen-warten4.jpg 1000w\" sizes=\"auto, (max-width: 300px) 100vw, 300px\" \/><\/a><\/p>\n<p>Daf\u00fcr hier noch ein paar Aufnahmen wie s\u00fc\u00df die L\u00fctten Auto gefahren sind und beim Augenarzt waren.<a href=\"http:\/\/collies-vom-floersbachtal.de\/cms\/wp-content\/uploads\/2018\/11\/1.-Autofahrt-zum-DOK.jpg\"><img loading=\"lazy\" decoding=\"async\" class=\"aligncenter size-full wp-image-25334\" title=\"1. Autofahrt zum DOK\" src=\"http:\/\/collies-vom-floersbachtal.de\/cms\/wp-content\/uploads\/2018\/11\/1.-Autofahrt-zum-DOK.jpg\" alt=\"\" width=\"1000\" height=\"667\" srcset=\"https:\/\/collies-vom-floersbachtal.de\/cms\/wp-content\/uploads\/2018\/11\/1.-Autofahrt-zum-DOK.jpg 1000w, https:\/\/collies-vom-floersbachtal.de\/cms\/wp-content\/uploads\/2018\/11\/1.-Autofahrt-zum-DOK-300x200.jpg 300w\" sizes=\"auto, (max-width: 1000px) 100vw, 1000px\" \/><\/a><a href=\"http:\/\/collies-vom-floersbachtal.de\/cms\/wp-content\/uploads\/2018\/11\/1.-Autofahrt-zum-DOK1.jpg\"><img loading=\"lazy\" decoding=\"async\" class=\"aligncenter size-medium wp-image-25335\" title=\"1. Autofahrt zum DOK1\" src=\"http:\/\/collies-vom-floersbachtal.de\/cms\/wp-content\/uploads\/2018\/11\/1.-Autofahrt-zum-DOK1-300x242.jpg\" alt=\"\" width=\"300\" height=\"242\" srcset=\"https:\/\/collies-vom-floersbachtal.de\/cms\/wp-content\/uploads\/2018\/11\/1.-Autofahrt-zum-DOK1-300x242.jpg 300w, https:\/\/collies-vom-floersbachtal.de\/cms\/wp-content\/uploads\/2018\/11\/1.-Autofahrt-zum-DOK1.jpg 1000w\" sizes=\"auto, (max-width: 300px) 100vw, 300px\" \/><\/a>\u00a0<a href=\"http:\/\/collies-vom-floersbachtal.de\/cms\/wp-content\/uploads\/2018\/11\/1.-Autofahrt-zum-DOK3.jpg\"><img loading=\"lazy\" decoding=\"async\" class=\"aligncenter size-medium wp-image-25337\" title=\"1. Autofahrt zum DOK3\" src=\"http:\/\/collies-vom-floersbachtal.de\/cms\/wp-content\/uploads\/2018\/11\/1.-Autofahrt-zum-DOK3-300x220.jpg\" alt=\"\" width=\"300\" height=\"220\" srcset=\"https:\/\/collies-vom-floersbachtal.de\/cms\/wp-content\/uploads\/2018\/11\/1.-Autofahrt-zum-DOK3-300x220.jpg 300w, https:\/\/collies-vom-floersbachtal.de\/cms\/wp-content\/uploads\/2018\/11\/1.-Autofahrt-zum-DOK3.jpg 1000w\" sizes=\"auto, (max-width: 300px) 100vw, 300px\" \/><\/a><a href=\"http:\/\/collies-vom-floersbachtal.de\/cms\/wp-content\/uploads\/2018\/11\/1.-Autofahrt-zum-DOK4.jpg\"><img loading=\"lazy\" decoding=\"async\" class=\"aligncenter size-medium wp-image-25338\" title=\"1. Autofahrt zum DOK4\" src=\"http:\/\/collies-vom-floersbachtal.de\/cms\/wp-content\/uploads\/2018\/11\/1.-Autofahrt-zum-DOK4-300x200.jpg\" alt=\"\" width=\"300\" height=\"200\" srcset=\"https:\/\/collies-vom-floersbachtal.de\/cms\/wp-content\/uploads\/2018\/11\/1.-Autofahrt-zum-DOK4-300x200.jpg 300w, https:\/\/collies-vom-floersbachtal.de\/cms\/wp-content\/uploads\/2018\/11\/1.-Autofahrt-zum-DOK4.jpg 1000w\" sizes=\"auto, (max-width: 300px) 100vw, 300px\" \/><\/a><a href=\"http:\/\/collies-vom-floersbachtal.de\/cms\/wp-content\/uploads\/2018\/11\/1.-Autofahrt-zum-DOK5.jpg\"><img loading=\"lazy\" decoding=\"async\" class=\"aligncenter size-medium wp-image-25339\" title=\"1. Autofahrt zum DOK5\" src=\"http:\/\/collies-vom-floersbachtal.de\/cms\/wp-content\/uploads\/2018\/11\/1.-Autofahrt-zum-DOK5-300x200.jpg\" alt=\"\" width=\"300\" height=\"200\" srcset=\"https:\/\/collies-vom-floersbachtal.de\/cms\/wp-content\/uploads\/2018\/11\/1.-Autofahrt-zum-DOK5-300x200.jpg 300w, https:\/\/collies-vom-floersbachtal.de\/cms\/wp-content\/uploads\/2018\/11\/1.-Autofahrt-zum-DOK5.jpg 1000w\" sizes=\"auto, (max-width: 300px) 100vw, 300px\" \/><\/a> Dann mu\u00dften sie im Kennel warten bis jeder dran war. Das fanden sie nicht so toll, da sie ihr kleines Gesch\u00e4ft erledigen wollten, aber eben nicht im Kennal. Ging aber leider nicht anders. <a href=\"http:\/\/collies-vom-floersbachtal.de\/cms\/wp-content\/uploads\/2018\/11\/Alle-anderen-warten1.jpg\"><img loading=\"lazy\" decoding=\"async\" class=\"aligncenter size-medium wp-image-25340\" title=\"Alle anderen warten1\" src=\"http:\/\/collies-vom-floersbachtal.de\/cms\/wp-content\/uploads\/2018\/11\/Alle-anderen-warten1-300x200.jpg\" alt=\"\" width=\"300\" height=\"200\" srcset=\"https:\/\/collies-vom-floersbachtal.de\/cms\/wp-content\/uploads\/2018\/11\/Alle-anderen-warten1-300x200.jpg 300w, https:\/\/collies-vom-floersbachtal.de\/cms\/wp-content\/uploads\/2018\/11\/Alle-anderen-warten1.jpg 1000w\" sizes=\"auto, (max-width: 300px) 100vw, 300px\" \/><\/a><a href=\"http:\/\/collies-vom-floersbachtal.de\/cms\/wp-content\/uploads\/2018\/11\/Alle-anderen-warten2.jpg\"><img loading=\"lazy\" decoding=\"async\" class=\"aligncenter size-medium wp-image-25341\" title=\"Alle anderen warten2\" src=\"http:\/\/collies-vom-floersbachtal.de\/cms\/wp-content\/uploads\/2018\/11\/Alle-anderen-warten2-193x300.jpg\" alt=\"\" width=\"193\" height=\"300\" srcset=\"https:\/\/collies-vom-floersbachtal.de\/cms\/wp-content\/uploads\/2018\/11\/Alle-anderen-warten2-193x300.jpg 193w, https:\/\/collies-vom-floersbachtal.de\/cms\/wp-content\/uploads\/2018\/11\/Alle-anderen-warten2-659x1024.jpg 659w, https:\/\/collies-vom-floersbachtal.de\/cms\/wp-content\/uploads\/2018\/11\/Alle-anderen-warten2.jpg 1000w\" sizes=\"auto, (max-width: 193px) 100vw, 193px\" \/><\/a><a href=\"http:\/\/collies-vom-floersbachtal.de\/cms\/wp-content\/uploads\/2018\/11\/Alle-anderen-warten3.jpg\"><img loading=\"lazy\" decoding=\"async\" class=\"aligncenter size-medium wp-image-25342\" title=\"Alle anderen warten3\" src=\"http:\/\/collies-vom-floersbachtal.de\/cms\/wp-content\/uploads\/2018\/11\/Alle-anderen-warten3-300x176.jpg\" alt=\"\" width=\"300\" height=\"176\" srcset=\"https:\/\/collies-vom-floersbachtal.de\/cms\/wp-content\/uploads\/2018\/11\/Alle-anderen-warten3-300x176.jpg 300w, https:\/\/collies-vom-floersbachtal.de\/cms\/wp-content\/uploads\/2018\/11\/Alle-anderen-warten3.jpg 1000w\" sizes=\"auto, (max-width: 300px) 100vw, 300px\" \/><\/a><br \/>\n<a href=\"http:\/\/collies-vom-floersbachtal.de\/cms\/wp-content\/uploads\/2018\/11\/Alle-anderen-warten5.jpg\"><img loading=\"lazy\" decoding=\"async\" class=\"aligncenter size-medium wp-image-25344\" title=\"Alle anderen warten5\" src=\"http:\/\/collies-vom-floersbachtal.de\/cms\/wp-content\/uploads\/2018\/11\/Alle-anderen-warten5-300x200.jpg\" alt=\"\" width=\"300\" height=\"200\" srcset=\"https:\/\/collies-vom-floersbachtal.de\/cms\/wp-content\/uploads\/2018\/11\/Alle-anderen-warten5-300x200.jpg 300w, https:\/\/collies-vom-floersbachtal.de\/cms\/wp-content\/uploads\/2018\/11\/Alle-anderen-warten5.jpg 1000w\" sizes=\"auto, (max-width: 300px) 100vw, 300px\" \/><\/a><br \/>\n<a href=\"http:\/\/collies-vom-floersbachtal.de\/cms\/wp-content\/uploads\/2018\/11\/Alle-anderen-warten6.jpg\"><img loading=\"lazy\" decoding=\"async\" class=\"aligncenter size-medium wp-image-25345\" title=\"Alle anderen warten6\" src=\"http:\/\/collies-vom-floersbachtal.de\/cms\/wp-content\/uploads\/2018\/11\/Alle-anderen-warten6-300x200.jpg\" alt=\"\" width=\"300\" height=\"200\" srcset=\"https:\/\/collies-vom-floersbachtal.de\/cms\/wp-content\/uploads\/2018\/11\/Alle-anderen-warten6-300x200.jpg 300w, https:\/\/collies-vom-floersbachtal.de\/cms\/wp-content\/uploads\/2018\/11\/Alle-anderen-warten6.jpg 1000w\" sizes=\"auto, (max-width: 300px) 100vw, 300px\" \/><\/a> Dann gings wieder zur\u00fcck nach Hause, damit die Kr\u00fcmel ihr Mittagsfutter bekommen. Aber sie hatten ja sogar um 6:00 Uhr ihr Fr\u00fchst\u00fcck bekommen. \ud83d\ude00 Au\u00dfer bei Ibo ist es bei allen drin geblieben. \ud83d\ude09<br \/>\n<a href=\"http:\/\/collies-vom-floersbachtal.de\/cms\/wp-content\/uploads\/2018\/11\/Auf-der-R\u00fcckfahrt-alle-m\u00fcde1.jpg\"><img loading=\"lazy\" decoding=\"async\" class=\"aligncenter size-full wp-image-25346\" title=\"Auf der R\u00fcckfahrt alle m\u00fcde1\" src=\"http:\/\/collies-vom-floersbachtal.de\/cms\/wp-content\/uploads\/2018\/11\/Auf-der-R\u00fcckfahrt-alle-m\u00fcde1.jpg\" alt=\"\" width=\"1000\" height=\"667\" srcset=\"https:\/\/collies-vom-floersbachtal.de\/cms\/wp-content\/uploads\/2018\/11\/Auf-der-R\u00fcckfahrt-alle-m\u00fcde1.jpg 1000w, https:\/\/collies-vom-floersbachtal.de\/cms\/wp-content\/uploads\/2018\/11\/Auf-der-R\u00fcckfahrt-alle-m\u00fcde1-300x200.jpg 300w\" sizes=\"auto, (max-width: 1000px) 100vw, 1000px\" \/><\/a><a href=\"http:\/\/collies-vom-floersbachtal.de\/cms\/wp-content\/uploads\/2018\/11\/Auf-der-R\u00fcckfahrt-alle-m\u00fcde2.jpg\"><img loading=\"lazy\" decoding=\"async\" class=\"aligncenter size-medium wp-image-25347\" title=\"Auf der R\u00fcckfahrt alle m\u00fcde2\" src=\"http:\/\/collies-vom-floersbachtal.de\/cms\/wp-content\/uploads\/2018\/11\/Auf-der-R\u00fcckfahrt-alle-m\u00fcde2-300x200.jpg\" alt=\"\" width=\"300\" height=\"200\" srcset=\"https:\/\/collies-vom-floersbachtal.de\/cms\/wp-content\/uploads\/2018\/11\/Auf-der-R\u00fcckfahrt-alle-m\u00fcde2-300x200.jpg 300w, https:\/\/collies-vom-floersbachtal.de\/cms\/wp-content\/uploads\/2018\/11\/Auf-der-R\u00fcckfahrt-alle-m\u00fcde2.jpg 1000w\" sizes=\"auto, (max-width: 300px) 100vw, 300px\" \/><\/a>Nun sagen die M\u00e4use gute Nacht.<\/p>\n<p><strong>19.01.19<\/strong> Wie die Zeit rast, die L\u00fctten hatten gestern H\u00e4hnchenkeulen bekommen, kein Gem\u00e4cker, alles super leise und gen\u00fc\u00dflich ist jeder damit abgezogen. Naja die wissen was gut ist. Danach kam der aufregende Teil des Tages&#8230; die Erkundung des Gartens. Daf\u00fcr\u00a0 mu\u00dfte man aber erst mal einen Mutigen finden der den Anfang macht und das gestaltete sich etwas schwierig. \ud83d\ude09 Aber zum Gl\u00fcck haben es Iceman-Mailo und Ivy dann gemeistert und all anderen sind hinterher getapert.\u00a0<a href=\"http:\/\/collies-vom-floersbachtal.de\/cms\/wp-content\/uploads\/2018\/11\/Ivy2-Outdoor-mit-7-Wochen.jpg\"><img loading=\"lazy\" decoding=\"async\" class=\"aligncenter size-full wp-image-25353\" title=\"Ivy2 Outdoor mit 7 Wochen\" src=\"http:\/\/collies-vom-floersbachtal.de\/cms\/wp-content\/uploads\/2018\/11\/Ivy2-Outdoor-mit-7-Wochen.jpg\" alt=\"\" width=\"1000\" height=\"913\" srcset=\"https:\/\/collies-vom-floersbachtal.de\/cms\/wp-content\/uploads\/2018\/11\/Ivy2-Outdoor-mit-7-Wochen.jpg 1000w, https:\/\/collies-vom-floersbachtal.de\/cms\/wp-content\/uploads\/2018\/11\/Ivy2-Outdoor-mit-7-Wochen-300x273.jpg 300w\" sizes=\"auto, (max-width: 1000px) 100vw, 1000px\" \/> Was guckst du???<br \/>\n<\/a><a href=\"http:\/\/collies-vom-floersbachtal.de\/cms\/wp-content\/uploads\/2018\/11\/Inola-Hazel2-Outdoor-7-Wochen.jpg\"><img loading=\"lazy\" decoding=\"async\" class=\"aligncenter size-medium wp-image-25354\" title=\"Inola-Hazel2 Outdoor 7 Wochen\" src=\"http:\/\/collies-vom-floersbachtal.de\/cms\/wp-content\/uploads\/2018\/11\/Inola-Hazel2-Outdoor-7-Wochen-300x181.jpg\" alt=\"\" width=\"300\" height=\"181\" srcset=\"https:\/\/collies-vom-floersbachtal.de\/cms\/wp-content\/uploads\/2018\/11\/Inola-Hazel2-Outdoor-7-Wochen-300x181.jpg 300w, https:\/\/collies-vom-floersbachtal.de\/cms\/wp-content\/uploads\/2018\/11\/Inola-Hazel2-Outdoor-7-Wochen.jpg 1000w\" sizes=\"auto, (max-width: 300px) 100vw, 300px\" \/><\/a><a href=\"http:\/\/collies-vom-floersbachtal.de\/cms\/wp-content\/uploads\/2018\/11\/H\u00e4hnchenkeulen2-mit-7-Wochen.jpg\"><img loading=\"lazy\" decoding=\"async\" class=\"aligncenter size-full wp-image-25355\" title=\"H\u00e4hnchenkeulen2 mit 7 Wochen\" src=\"http:\/\/collies-vom-floersbachtal.de\/cms\/wp-content\/uploads\/2018\/11\/H\u00e4hnchenkeulen2-mit-7-Wochen.jpg\" alt=\"\" width=\"1000\" height=\"812\" srcset=\"https:\/\/collies-vom-floersbachtal.de\/cms\/wp-content\/uploads\/2018\/11\/H\u00e4hnchenkeulen2-mit-7-Wochen.jpg 1000w, https:\/\/collies-vom-floersbachtal.de\/cms\/wp-content\/uploads\/2018\/11\/H\u00e4hnchenkeulen2-mit-7-Wochen-300x243.jpg 300w\" sizes=\"auto, (max-width: 1000px) 100vw, 1000px\" \/><\/a><a href=\"http:\/\/collies-vom-floersbachtal.de\/cms\/wp-content\/uploads\/2018\/11\/Indira1-Outdoor-mit-7-Wochen.jpg\"><img loading=\"lazy\" decoding=\"async\" class=\"aligncenter size-medium wp-image-25356\" title=\"Indira1 Outdoor mit 7 Wochen\" src=\"http:\/\/collies-vom-floersbachtal.de\/cms\/wp-content\/uploads\/2018\/11\/Indira1-Outdoor-mit-7-Wochen-241x300.jpg\" alt=\"\" width=\"241\" height=\"300\" srcset=\"https:\/\/collies-vom-floersbachtal.de\/cms\/wp-content\/uploads\/2018\/11\/Indira1-Outdoor-mit-7-Wochen-241x300.jpg 241w, https:\/\/collies-vom-floersbachtal.de\/cms\/wp-content\/uploads\/2018\/11\/Indira1-Outdoor-mit-7-Wochen-825x1024.jpg 825w, https:\/\/collies-vom-floersbachtal.de\/cms\/wp-content\/uploads\/2018\/11\/Indira1-Outdoor-mit-7-Wochen.jpg 1000w\" sizes=\"auto, (max-width: 241px) 100vw, 241px\" \/><\/a><br \/>\n<a href=\"http:\/\/collies-vom-floersbachtal.de\/cms\/wp-content\/uploads\/2018\/11\/Indy1-Outdoor-mit-7-Wochen.jpg\"><img loading=\"lazy\" decoding=\"async\" class=\"aligncenter size-medium wp-image-25357\" title=\"Indy1 Outdoor mit 7 Wochen\" src=\"http:\/\/collies-vom-floersbachtal.de\/cms\/wp-content\/uploads\/2018\/11\/Indy1-Outdoor-mit-7-Wochen-300x223.jpg\" alt=\"\" width=\"300\" height=\"223\" srcset=\"https:\/\/collies-vom-floersbachtal.de\/cms\/wp-content\/uploads\/2018\/11\/Indy1-Outdoor-mit-7-Wochen-300x223.jpg 300w, https:\/\/collies-vom-floersbachtal.de\/cms\/wp-content\/uploads\/2018\/11\/Indy1-Outdoor-mit-7-Wochen.jpg 1000w\" sizes=\"auto, (max-width: 300px) 100vw, 300px\" \/><\/a><a href=\"http:\/\/collies-vom-floersbachtal.de\/cms\/wp-content\/uploads\/2018\/11\/H\u00e4hnchenkeulen1-mit-7-Wochen.jpg\"><img loading=\"lazy\" decoding=\"async\" class=\"aligncenter size-full wp-image-25358\" title=\"H\u00e4hnchenkeulen1 mit 7 Wochen\" src=\"http:\/\/collies-vom-floersbachtal.de\/cms\/wp-content\/uploads\/2018\/11\/H\u00e4hnchenkeulen1-mit-7-Wochen.jpg\" alt=\"\" width=\"1000\" height=\"528\" srcset=\"https:\/\/collies-vom-floersbachtal.de\/cms\/wp-content\/uploads\/2018\/11\/H\u00e4hnchenkeulen1-mit-7-Wochen.jpg 1000w, https:\/\/collies-vom-floersbachtal.de\/cms\/wp-content\/uploads\/2018\/11\/H\u00e4hnchenkeulen1-mit-7-Wochen-300x158.jpg 300w\" sizes=\"auto, (max-width: 1000px) 100vw, 1000px\" \/><\/a>Morgen kommen dann die anderen Fotos rein, Frauli mu\u00df ins Bett. Hihi, Nachti eure Kr\u00fcmel.<\/p>\n<p><strong>20.01.19<\/strong> Huiiiii, heute morgen wurden wir gewogen, die Waage h\u00e4lt uns bald nicht mehr aus, dann geht sie in die Gr\u00e4tsche, h\u00e4h\u00e4. \ud83d\ude1b Die M\u00e4dchen sind knapp unter 5 Kilo und die Jungs, diese Brecher sind gut \u00fcber 5 Kilo au\u00dfer Indy der hat fast 6,4 Kilo :-p\u00a0 Naja er hat wohl was vor \ud83d\ude09<a href=\"http:\/\/collies-vom-floersbachtal.de\/cms\/wp-content\/uploads\/2018\/11\/Alle-im-Garten2-mit-7-Wochen.jpg\"><img loading=\"lazy\" decoding=\"async\" class=\"aligncenter size-full wp-image-25363\" title=\"Alle im Garten2 mit 7 Wochen\" src=\"http:\/\/collies-vom-floersbachtal.de\/cms\/wp-content\/uploads\/2018\/11\/Alle-im-Garten2-mit-7-Wochen.jpg\" alt=\"\" width=\"1000\" height=\"631\" srcset=\"https:\/\/collies-vom-floersbachtal.de\/cms\/wp-content\/uploads\/2018\/11\/Alle-im-Garten2-mit-7-Wochen.jpg 1000w, https:\/\/collies-vom-floersbachtal.de\/cms\/wp-content\/uploads\/2018\/11\/Alle-im-Garten2-mit-7-Wochen-300x189.jpg 300w\" sizes=\"auto, (max-width: 1000px) 100vw, 1000px\" \/><\/a><a href=\"http:\/\/collies-vom-floersbachtal.de\/cms\/wp-content\/uploads\/2018\/11\/Alle-im-Garten3-mit-7-Wochen.jpg\"><img loading=\"lazy\" decoding=\"async\" class=\"aligncenter size-medium wp-image-25364\" title=\"Alle im Garten3 mit 7 Wochen\" src=\"http:\/\/collies-vom-floersbachtal.de\/cms\/wp-content\/uploads\/2018\/11\/Alle-im-Garten3-mit-7-Wochen-300x213.jpg\" alt=\"\" width=\"300\" height=\"213\" srcset=\"https:\/\/collies-vom-floersbachtal.de\/cms\/wp-content\/uploads\/2018\/11\/Alle-im-Garten3-mit-7-Wochen-300x213.jpg 300w, https:\/\/collies-vom-floersbachtal.de\/cms\/wp-content\/uploads\/2018\/11\/Alle-im-Garten3-mit-7-Wochen.jpg 1000w\" sizes=\"auto, (max-width: 300px) 100vw, 300px\" \/><\/a><a href=\"http:\/\/collies-vom-floersbachtal.de\/cms\/wp-content\/uploads\/2018\/11\/Alle-im-Garten4-mit-7-Wochen.jpg\"><img loading=\"lazy\" decoding=\"async\" class=\"aligncenter size-medium wp-image-25365\" title=\"Alle im Garten4 mit 7 Wochen\" src=\"http:\/\/collies-vom-floersbachtal.de\/cms\/wp-content\/uploads\/2018\/11\/Alle-im-Garten4-mit-7-Wochen-300x227.jpg\" alt=\"\" width=\"300\" height=\"227\" srcset=\"https:\/\/collies-vom-floersbachtal.de\/cms\/wp-content\/uploads\/2018\/11\/Alle-im-Garten4-mit-7-Wochen-300x227.jpg 300w, https:\/\/collies-vom-floersbachtal.de\/cms\/wp-content\/uploads\/2018\/11\/Alle-im-Garten4-mit-7-Wochen.jpg 1000w\" sizes=\"auto, (max-width: 300px) 100vw, 300px\" \/><\/a>so s\u00fc\u00dfe Popo\u00b4s, was gibts denn da zu sehen?<a href=\"http:\/\/collies-vom-floersbachtal.de\/cms\/wp-content\/uploads\/2018\/11\/Alle-im-Garten6-mit-7-Wochen.jpg\"><img loading=\"lazy\" decoding=\"async\" class=\"aligncenter size-full wp-image-25367\" title=\"Alle im Garten6 mit 7 Wochen\" src=\"http:\/\/collies-vom-floersbachtal.de\/cms\/wp-content\/uploads\/2018\/11\/Alle-im-Garten6-mit-7-Wochen.jpg\" alt=\"\" width=\"1000\" height=\"543\" srcset=\"https:\/\/collies-vom-floersbachtal.de\/cms\/wp-content\/uploads\/2018\/11\/Alle-im-Garten6-mit-7-Wochen.jpg 1000w, https:\/\/collies-vom-floersbachtal.de\/cms\/wp-content\/uploads\/2018\/11\/Alle-im-Garten6-mit-7-Wochen-300x162.jpg 300w\" sizes=\"auto, (max-width: 1000px) 100vw, 1000px\" \/><\/a><a href=\"http:\/\/collies-vom-floersbachtal.de\/cms\/wp-content\/uploads\/2018\/11\/Ibo1-im-Garten.jpg\"><img loading=\"lazy\" decoding=\"async\" class=\"aligncenter size-medium wp-image-25368\" title=\"Ibo1 im Garten\" src=\"http:\/\/collies-vom-floersbachtal.de\/cms\/wp-content\/uploads\/2018\/11\/Ibo1-im-Garten-300x257.jpg\" alt=\"\" width=\"300\" height=\"257\" srcset=\"https:\/\/collies-vom-floersbachtal.de\/cms\/wp-content\/uploads\/2018\/11\/Ibo1-im-Garten-300x257.jpg 300w, https:\/\/collies-vom-floersbachtal.de\/cms\/wp-content\/uploads\/2018\/11\/Ibo1-im-Garten.jpg 1000w\" sizes=\"auto, (max-width: 300px) 100vw, 300px\" \/><\/a>was macht ihr\u00b4n da???<a href=\"http:\/\/collies-vom-floersbachtal.de\/cms\/wp-content\/uploads\/2018\/11\/Iceman-Mailo1-im-Garten.jpg\"><img loading=\"lazy\" decoding=\"async\" class=\"aligncenter size-medium wp-image-25369\" title=\"Iceman-Mailo1 im Garten\" src=\"http:\/\/collies-vom-floersbachtal.de\/cms\/wp-content\/uploads\/2018\/11\/Iceman-Mailo1-im-Garten-300x191.jpg\" alt=\"\" width=\"300\" height=\"191\" srcset=\"https:\/\/collies-vom-floersbachtal.de\/cms\/wp-content\/uploads\/2018\/11\/Iceman-Mailo1-im-Garten-300x191.jpg 300w, https:\/\/collies-vom-floersbachtal.de\/cms\/wp-content\/uploads\/2018\/11\/Iceman-Mailo1-im-Garten.jpg 1000w\" sizes=\"auto, (max-width: 300px) 100vw, 300px\" \/><\/a>Wen kann ich denn mal kurz verm\u00f6beln \ud83d\ude09<a href=\"http:\/\/collies-vom-floersbachtal.de\/cms\/wp-content\/uploads\/2018\/11\/Iceman-Mailo3-im-Garten.jpg\"><img loading=\"lazy\" decoding=\"async\" class=\"aligncenter size-medium wp-image-25370\" title=\"Iceman-Mailo3 im Garten\" src=\"http:\/\/collies-vom-floersbachtal.de\/cms\/wp-content\/uploads\/2018\/11\/Iceman-Mailo3-im-Garten-300x266.jpg\" alt=\"\" width=\"300\" height=\"266\" srcset=\"https:\/\/collies-vom-floersbachtal.de\/cms\/wp-content\/uploads\/2018\/11\/Iceman-Mailo3-im-Garten-300x266.jpg 300w, https:\/\/collies-vom-floersbachtal.de\/cms\/wp-content\/uploads\/2018\/11\/Iceman-Mailo3-im-Garten.jpg 1000w\" sizes=\"auto, (max-width: 300px) 100vw, 300px\" \/><\/a>wer ich??? Sowas w\u00fcrde ich NIIIIIIE machen. \ud83d\ude42<a href=\"http:\/\/collies-vom-floersbachtal.de\/cms\/wp-content\/uploads\/2018\/11\/Iceman-Mailo5-im-Garten.jpg\"><img loading=\"lazy\" decoding=\"async\" class=\"aligncenter size-full wp-image-25371\" title=\"Iceman-Mailo5 im Garten\" src=\"http:\/\/collies-vom-floersbachtal.de\/cms\/wp-content\/uploads\/2018\/11\/Iceman-Mailo5-im-Garten.jpg\" alt=\"\" width=\"1000\" height=\"984\" srcset=\"https:\/\/collies-vom-floersbachtal.de\/cms\/wp-content\/uploads\/2018\/11\/Iceman-Mailo5-im-Garten.jpg 1000w, https:\/\/collies-vom-floersbachtal.de\/cms\/wp-content\/uploads\/2018\/11\/Iceman-Mailo5-im-Garten-300x295.jpg 300w\" sizes=\"auto, (max-width: 1000px) 100vw, 1000px\" \/><\/a>Da nehme ich doch lieber den tollen Ast. \ud83d\ude00<a href=\"http:\/\/collies-vom-floersbachtal.de\/cms\/wp-content\/uploads\/2018\/11\/Idefix-Michl2-im-Garten.jpg\"><img loading=\"lazy\" decoding=\"async\" class=\"aligncenter size-full wp-image-25372\" title=\"Idefix-Michl2 im Garten\" src=\"http:\/\/collies-vom-floersbachtal.de\/cms\/wp-content\/uploads\/2018\/11\/Idefix-Michl2-im-Garten.jpg\" alt=\"\" width=\"1000\" height=\"1101\" srcset=\"https:\/\/collies-vom-floersbachtal.de\/cms\/wp-content\/uploads\/2018\/11\/Idefix-Michl2-im-Garten.jpg 1000w, https:\/\/collies-vom-floersbachtal.de\/cms\/wp-content\/uploads\/2018\/11\/Idefix-Michl2-im-Garten-272x300.jpg 272w, https:\/\/collies-vom-floersbachtal.de\/cms\/wp-content\/uploads\/2018\/11\/Idefix-Michl2-im-Garten-930x1024.jpg 930w\" sizes=\"auto, (max-width: 1000px) 100vw, 1000px\" \/><\/a>Idefix-Michl, wie er immer ist, sehr besonnen, brav, alles beobachtend \ud83d\ude00<a href=\"http:\/\/collies-vom-floersbachtal.de\/cms\/wp-content\/uploads\/2018\/11\/Indira-Greta1-im-Garten.jpg\"><img loading=\"lazy\" decoding=\"async\" class=\"aligncenter size-medium wp-image-25373\" title=\"Indira-Greta1 im Garten\" src=\"http:\/\/collies-vom-floersbachtal.de\/cms\/wp-content\/uploads\/2018\/11\/Indira-Greta1-im-Garten-273x300.jpg\" alt=\"\" width=\"273\" height=\"300\" srcset=\"https:\/\/collies-vom-floersbachtal.de\/cms\/wp-content\/uploads\/2018\/11\/Indira-Greta1-im-Garten-273x300.jpg 273w, https:\/\/collies-vom-floersbachtal.de\/cms\/wp-content\/uploads\/2018\/11\/Indira-Greta1-im-Garten-932x1024.jpg 932w, https:\/\/collies-vom-floersbachtal.de\/cms\/wp-content\/uploads\/2018\/11\/Indira-Greta1-im-Garten.jpg 1000w\" sizes=\"auto, (max-width: 273px) 100vw, 273px\" \/><\/a><a href=\"http:\/\/collies-vom-floersbachtal.de\/cms\/wp-content\/uploads\/2018\/11\/Indy1-im-Garten.jpg\"><img loading=\"lazy\" decoding=\"async\" class=\"aligncenter size-medium wp-image-25374\" title=\"Indy1 im Garten\" src=\"http:\/\/collies-vom-floersbachtal.de\/cms\/wp-content\/uploads\/2018\/11\/Indy1-im-Garten-213x300.jpg\" alt=\"\" width=\"213\" height=\"300\" srcset=\"https:\/\/collies-vom-floersbachtal.de\/cms\/wp-content\/uploads\/2018\/11\/Indy1-im-Garten-213x300.jpg 213w, https:\/\/collies-vom-floersbachtal.de\/cms\/wp-content\/uploads\/2018\/11\/Indy1-im-Garten-728x1024.jpg 728w, https:\/\/collies-vom-floersbachtal.de\/cms\/wp-content\/uploads\/2018\/11\/Indy1-im-Garten.jpg 1000w\" sizes=\"auto, (max-width: 213px) 100vw, 213px\" \/><\/a>Indy hebt gleich ab. \ud83d\ude09<a href=\"http:\/\/collies-vom-floersbachtal.de\/cms\/wp-content\/uploads\/2018\/11\/Indy2-im-Garten.jpg\"><img loading=\"lazy\" decoding=\"async\" class=\"aligncenter size-full wp-image-25375\" title=\"Indy2 im Garten\" src=\"http:\/\/collies-vom-floersbachtal.de\/cms\/wp-content\/uploads\/2018\/11\/Indy2-im-Garten.jpg\" alt=\"\" width=\"1000\" height=\"479\" srcset=\"https:\/\/collies-vom-floersbachtal.de\/cms\/wp-content\/uploads\/2018\/11\/Indy2-im-Garten.jpg 1000w, https:\/\/collies-vom-floersbachtal.de\/cms\/wp-content\/uploads\/2018\/11\/Indy2-im-Garten-300x143.jpg 300w\" sizes=\"auto, (max-width: 1000px) 100vw, 1000px\" \/><\/a>Gar nicht&#8230;<a href=\"http:\/\/collies-vom-floersbachtal.de\/cms\/wp-content\/uploads\/2018\/11\/Inola-Hazel-und-Ibo1-im-Garten.jpg\"><img loading=\"lazy\" decoding=\"async\" class=\"aligncenter size-full wp-image-25376\" title=\"Inola-Hazel und Ibo1 im Garten\" src=\"http:\/\/collies-vom-floersbachtal.de\/cms\/wp-content\/uploads\/2018\/11\/Inola-Hazel-und-Ibo1-im-Garten.jpg\" alt=\"\" width=\"1000\" height=\"1139\" srcset=\"https:\/\/collies-vom-floersbachtal.de\/cms\/wp-content\/uploads\/2018\/11\/Inola-Hazel-und-Ibo1-im-Garten.jpg 1000w, https:\/\/collies-vom-floersbachtal.de\/cms\/wp-content\/uploads\/2018\/11\/Inola-Hazel-und-Ibo1-im-Garten-263x300.jpg 263w, https:\/\/collies-vom-floersbachtal.de\/cms\/wp-content\/uploads\/2018\/11\/Inola-Hazel-und-Ibo1-im-Garten-899x1024.jpg 899w\" sizes=\"auto, (max-width: 1000px) 100vw, 1000px\" \/><\/a>Was kaut ihr denn da???\u00a0<a href=\"http:\/\/collies-vom-floersbachtal.de\/cms\/wp-content\/uploads\/2018\/11\/Inola-Hazel2-im-Garten.jpg\"><img loading=\"lazy\" decoding=\"async\" class=\"aligncenter size-medium wp-image-25377\" title=\"Inola-Hazel2 im Garten\" src=\"http:\/\/collies-vom-floersbachtal.de\/cms\/wp-content\/uploads\/2018\/11\/Inola-Hazel2-im-Garten-300x255.jpg\" alt=\"\" width=\"300\" height=\"255\" srcset=\"https:\/\/collies-vom-floersbachtal.de\/cms\/wp-content\/uploads\/2018\/11\/Inola-Hazel2-im-Garten-300x255.jpg 300w, https:\/\/collies-vom-floersbachtal.de\/cms\/wp-content\/uploads\/2018\/11\/Inola-Hazel2-im-Garten.jpg 1000w\" sizes=\"auto, (max-width: 300px) 100vw, 300px\" \/><\/a><a href=\"http:\/\/collies-vom-floersbachtal.de\/cms\/wp-content\/uploads\/2018\/11\/Isaboe1-im-Garten.jpg\"><img loading=\"lazy\" decoding=\"async\" class=\"aligncenter size-full wp-image-25378\" title=\"Isaboe1 im Garten\" src=\"http:\/\/collies-vom-floersbachtal.de\/cms\/wp-content\/uploads\/2018\/11\/Isaboe1-im-Garten.jpg\" alt=\"\" width=\"1000\" height=\"819\" srcset=\"https:\/\/collies-vom-floersbachtal.de\/cms\/wp-content\/uploads\/2018\/11\/Isaboe1-im-Garten.jpg 1000w, https:\/\/collies-vom-floersbachtal.de\/cms\/wp-content\/uploads\/2018\/11\/Isaboe1-im-Garten-300x245.jpg 300w\" sizes=\"auto, (max-width: 1000px) 100vw, 1000px\" \/><\/a>Isaboe wartet auch ganz brav ab, was da noch so passiert<a href=\"http:\/\/collies-vom-floersbachtal.de\/cms\/wp-content\/uploads\/2018\/11\/Indy-und-Ivy2-im-Garten.jpg\"><img loading=\"lazy\" decoding=\"async\" class=\"aligncenter size-full wp-image-25379\" title=\"Indy und Ivy2 im Garten\" src=\"http:\/\/collies-vom-floersbachtal.de\/cms\/wp-content\/uploads\/2018\/11\/Indy-und-Ivy2-im-Garten.jpg\" alt=\"\" width=\"1000\" height=\"847\" srcset=\"https:\/\/collies-vom-floersbachtal.de\/cms\/wp-content\/uploads\/2018\/11\/Indy-und-Ivy2-im-Garten.jpg 1000w, https:\/\/collies-vom-floersbachtal.de\/cms\/wp-content\/uploads\/2018\/11\/Indy-und-Ivy2-im-Garten-300x254.jpg 300w\" sizes=\"auto, (max-width: 1000px) 100vw, 1000px\" \/><\/a>Indy und Ivy, soooo s\u00fc\u00df\u00a0<a href=\"http:\/\/collies-vom-floersbachtal.de\/cms\/wp-content\/uploads\/2018\/11\/Indy4-im-Garten.jpg\"><img loading=\"lazy\" decoding=\"async\" class=\"aligncenter size-medium wp-image-25380\" title=\"Indy4 im Garten\" src=\"http:\/\/collies-vom-floersbachtal.de\/cms\/wp-content\/uploads\/2018\/11\/Indy4-im-Garten-243x300.jpg\" alt=\"\" width=\"243\" height=\"300\" srcset=\"https:\/\/collies-vom-floersbachtal.de\/cms\/wp-content\/uploads\/2018\/11\/Indy4-im-Garten-243x300.jpg 243w, https:\/\/collies-vom-floersbachtal.de\/cms\/wp-content\/uploads\/2018\/11\/Indy4-im-Garten-831x1024.jpg 831w, https:\/\/collies-vom-floersbachtal.de\/cms\/wp-content\/uploads\/2018\/11\/Indy4-im-Garten.jpg 1000w\" sizes=\"auto, (max-width: 243px) 100vw, 243px\" \/><\/a>Ok, ich probier auch mal&#8230;<a href=\"http:\/\/collies-vom-floersbachtal.de\/cms\/wp-content\/uploads\/2018\/11\/Inola-Hazel-und-Ivy1-im-Garten.jpg\"><img loading=\"lazy\" decoding=\"async\" class=\"aligncenter size-medium wp-image-25381\" title=\"Inola-Hazel und Ivy1 im Garten\" src=\"http:\/\/collies-vom-floersbachtal.de\/cms\/wp-content\/uploads\/2018\/11\/Inola-Hazel-und-Ivy1-im-Garten-300x273.jpg\" alt=\"\" width=\"300\" height=\"273\" srcset=\"https:\/\/collies-vom-floersbachtal.de\/cms\/wp-content\/uploads\/2018\/11\/Inola-Hazel-und-Ivy1-im-Garten-300x273.jpg 300w, https:\/\/collies-vom-floersbachtal.de\/cms\/wp-content\/uploads\/2018\/11\/Inola-Hazel-und-Ivy1-im-Garten.jpg 1000w\" sizes=\"auto, (max-width: 300px) 100vw, 300px\" \/><\/a>Attacke!!!<a href=\"http:\/\/collies-vom-floersbachtal.de\/cms\/wp-content\/uploads\/2018\/11\/Inola-Hazel-und-Ivy2-im-Garten.jpg\"><img loading=\"lazy\" decoding=\"async\" class=\"aligncenter size-full wp-image-25382\" title=\"Inola-Hazel und Ivy2 im Garten\" src=\"http:\/\/collies-vom-floersbachtal.de\/cms\/wp-content\/uploads\/2018\/11\/Inola-Hazel-und-Ivy2-im-Garten.jpg\" alt=\"\" width=\"1000\" height=\"642\" srcset=\"https:\/\/collies-vom-floersbachtal.de\/cms\/wp-content\/uploads\/2018\/11\/Inola-Hazel-und-Ivy2-im-Garten.jpg 1000w, https:\/\/collies-vom-floersbachtal.de\/cms\/wp-content\/uploads\/2018\/11\/Inola-Hazel-und-Ivy2-im-Garten-300x192.jpg 300w\" sizes=\"auto, (max-width: 1000px) 100vw, 1000px\" \/><\/a>Manno nix darf man. \ud83d\ude41<\/p>\n<p><strong>21.01.19<\/strong> So, nun sind alle Babys vergeben.\u00a0 Isaboe hat auch eine liebe Familie gefunden. Die letzten 2 Wochen sind angetreten und am Mittwoch steht wieder ein wichtiger Termin an, die Wurfabnahme mit Impftermin\u00a0 steht auf dem Terminplan. Inzwischen sind die L\u00fctten auch schon auf dem ganzen Grundst\u00fcck unterwegs und fordern es auch ein. Schlie\u00dflich will man ja was lernen. Immer wieder darf auch ein Zwerg die Innenr\u00e4ume inspizieren und auf neue Ideen kommen, sowie den Alltag kennen lernen. \ud83d\ude09 Dar\u00fcber gibt es wieder einen Film und einige Fotos.\u00a0 <strong><a title=\"9.Video 8.Woche \" href=\"https:\/\/youtu.be\/EZ2hjrBIMv8\" target=\"_blank\">9. Video 8. Woche Raus ins leben&#8230;<\/a><\/strong><\/p>\n<p><a href=\"http:\/\/collies-vom-floersbachtal.de\/cms\/wp-content\/uploads\/2018\/11\/Jeanny8-bei-den-I-chens-im-Garten.jpg\"><img loading=\"lazy\" decoding=\"async\" class=\"aligncenter size-medium wp-image-25397\" title=\"Jeanny8 bei den I-chens im Garten\" src=\"http:\/\/collies-vom-floersbachtal.de\/cms\/wp-content\/uploads\/2018\/11\/Jeanny8-bei-den-I-chens-im-Garten-300x291.jpg\" alt=\"\" width=\"300\" height=\"291\" srcset=\"https:\/\/collies-vom-floersbachtal.de\/cms\/wp-content\/uploads\/2018\/11\/Jeanny8-bei-den-I-chens-im-Garten-300x291.jpg 300w, https:\/\/collies-vom-floersbachtal.de\/cms\/wp-content\/uploads\/2018\/11\/Jeanny8-bei-den-I-chens-im-Garten.jpg 1000w\" sizes=\"auto, (max-width: 300px) 100vw, 300px\" \/><\/a><\/p>\n<p><a href=\"http:\/\/collies-vom-floersbachtal.de\/cms\/wp-content\/uploads\/2018\/11\/Indira-Greta3-im-Garten.jpg\"><img loading=\"lazy\" decoding=\"async\" class=\"aligncenter size-medium wp-image-25393\" title=\"Indira-Greta3 im Garten\" src=\"http:\/\/collies-vom-floersbachtal.de\/cms\/wp-content\/uploads\/2018\/11\/Indira-Greta3-im-Garten-300x170.jpg\" alt=\"\" width=\"300\" height=\"170\" srcset=\"https:\/\/collies-vom-floersbachtal.de\/cms\/wp-content\/uploads\/2018\/11\/Indira-Greta3-im-Garten-300x170.jpg 300w, https:\/\/collies-vom-floersbachtal.de\/cms\/wp-content\/uploads\/2018\/11\/Indira-Greta3-im-Garten.jpg 1000w\" sizes=\"auto, (max-width: 300px) 100vw, 300px\" \/><\/a><a href=\"http:\/\/collies-vom-floersbachtal.de\/cms\/wp-content\/uploads\/2018\/11\/Jeanny2-bei-den-I-chens-im-Garten.jpg\"><img loading=\"lazy\" decoding=\"async\" class=\"aligncenter size-medium wp-image-25394\" title=\"Jeanny2 bei den I-chens im Garten\" src=\"http:\/\/collies-vom-floersbachtal.de\/cms\/wp-content\/uploads\/2018\/11\/Jeanny2-bei-den-I-chens-im-Garten-300x227.jpg\" alt=\"\" width=\"300\" height=\"227\" srcset=\"https:\/\/collies-vom-floersbachtal.de\/cms\/wp-content\/uploads\/2018\/11\/Jeanny2-bei-den-I-chens-im-Garten-300x227.jpg 300w, https:\/\/collies-vom-floersbachtal.de\/cms\/wp-content\/uploads\/2018\/11\/Jeanny2-bei-den-I-chens-im-Garten.jpg 1000w\" sizes=\"auto, (max-width: 300px) 100vw, 300px\" \/><\/a><a href=\"http:\/\/collies-vom-floersbachtal.de\/cms\/wp-content\/uploads\/2018\/11\/Jeanny3-bei-den-I-chens-im-Garten.jpg\"><img loading=\"lazy\" decoding=\"async\" class=\"aligncenter size-medium wp-image-25395\" title=\"Jeanny3 bei den I-chens im Garten\" src=\"http:\/\/collies-vom-floersbachtal.de\/cms\/wp-content\/uploads\/2018\/11\/Jeanny3-bei-den-I-chens-im-Garten-300x211.jpg\" alt=\"\" width=\"300\" height=\"211\" srcset=\"https:\/\/collies-vom-floersbachtal.de\/cms\/wp-content\/uploads\/2018\/11\/Jeanny3-bei-den-I-chens-im-Garten-300x211.jpg 300w, https:\/\/collies-vom-floersbachtal.de\/cms\/wp-content\/uploads\/2018\/11\/Jeanny3-bei-den-I-chens-im-Garten.jpg 1000w\" sizes=\"auto, (max-width: 300px) 100vw, 300px\" \/><\/a><a href=\"http:\/\/collies-vom-floersbachtal.de\/cms\/wp-content\/uploads\/2018\/11\/Jeanny5-bei-den-I-chens-im-Garten.jpg\"><img loading=\"lazy\" decoding=\"async\" class=\"aligncenter size-medium wp-image-25396\" title=\"Jeanny5 bei den I-chens im Garten\" src=\"http:\/\/collies-vom-floersbachtal.de\/cms\/wp-content\/uploads\/2018\/11\/Jeanny5-bei-den-I-chens-im-Garten-300x261.jpg\" alt=\"\" width=\"300\" height=\"261\" srcset=\"https:\/\/collies-vom-floersbachtal.de\/cms\/wp-content\/uploads\/2018\/11\/Jeanny5-bei-den-I-chens-im-Garten-300x261.jpg 300w, https:\/\/collies-vom-floersbachtal.de\/cms\/wp-content\/uploads\/2018\/11\/Jeanny5-bei-den-I-chens-im-Garten.jpg 1000w\" sizes=\"auto, (max-width: 300px) 100vw, 300px\" \/><\/a><a href=\"http:\/\/collies-vom-floersbachtal.de\/cms\/wp-content\/uploads\/2018\/11\/Jeanny10-bei-den-I-chens-im-Garten.jpg\"><img loading=\"lazy\" decoding=\"async\" class=\"aligncenter size-medium wp-image-25398\" title=\"Jeanny10 bei den I-chens im Garten\" src=\"http:\/\/collies-vom-floersbachtal.de\/cms\/wp-content\/uploads\/2018\/11\/Jeanny10-bei-den-I-chens-im-Garten-300x239.jpg\" alt=\"\" width=\"300\" height=\"239\" srcset=\"https:\/\/collies-vom-floersbachtal.de\/cms\/wp-content\/uploads\/2018\/11\/Jeanny10-bei-den-I-chens-im-Garten-300x239.jpg 300w, https:\/\/collies-vom-floersbachtal.de\/cms\/wp-content\/uploads\/2018\/11\/Jeanny10-bei-den-I-chens-im-Garten.jpg 1000w\" sizes=\"auto, (max-width: 300px) 100vw, 300px\" \/><\/a><a href=\"http:\/\/collies-vom-floersbachtal.de\/cms\/wp-content\/uploads\/2018\/11\/Inola-Hazel1-im-Garten.jpg\"><img loading=\"lazy\" decoding=\"async\" class=\"aligncenter size-medium wp-image-25399\" title=\"Inola-Hazel1 im Garten\" src=\"http:\/\/collies-vom-floersbachtal.de\/cms\/wp-content\/uploads\/2018\/11\/Inola-Hazel1-im-Garten-272x300.jpg\" alt=\"\" width=\"272\" height=\"300\" srcset=\"https:\/\/collies-vom-floersbachtal.de\/cms\/wp-content\/uploads\/2018\/11\/Inola-Hazel1-im-Garten-272x300.jpg 272w, https:\/\/collies-vom-floersbachtal.de\/cms\/wp-content\/uploads\/2018\/11\/Inola-Hazel1-im-Garten-931x1024.jpg 931w, https:\/\/collies-vom-floersbachtal.de\/cms\/wp-content\/uploads\/2018\/11\/Inola-Hazel1-im-Garten.jpg 1000w\" sizes=\"auto, (max-width: 272px) 100vw, 272px\" \/><\/a><a href=\"http:\/\/collies-vom-floersbachtal.de\/cms\/wp-content\/uploads\/2018\/11\/Ivy2-im-Garten.jpg\"><img loading=\"lazy\" decoding=\"async\" class=\"aligncenter size-full wp-image-25400\" title=\"Ivy2 im Garten\" src=\"http:\/\/collies-vom-floersbachtal.de\/cms\/wp-content\/uploads\/2018\/11\/Ivy2-im-Garten.jpg\" alt=\"\" width=\"1000\" height=\"872\" srcset=\"https:\/\/collies-vom-floersbachtal.de\/cms\/wp-content\/uploads\/2018\/11\/Ivy2-im-Garten.jpg 1000w, https:\/\/collies-vom-floersbachtal.de\/cms\/wp-content\/uploads\/2018\/11\/Ivy2-im-Garten-300x261.jpg 300w\" sizes=\"auto, (max-width: 1000px) 100vw, 1000px\" \/><\/a><a href=\"http:\/\/collies-vom-floersbachtal.de\/cms\/wp-content\/uploads\/2018\/11\/Windy2-bei-den-I-chens-im-Garten.jpg\"><img loading=\"lazy\" decoding=\"async\" class=\"aligncenter size-medium wp-image-25401\" title=\"Windy2 bei den I-chens im Garten\" src=\"http:\/\/collies-vom-floersbachtal.de\/cms\/wp-content\/uploads\/2018\/11\/Windy2-bei-den-I-chens-im-Garten-300x266.jpg\" alt=\"\" width=\"300\" height=\"266\" srcset=\"https:\/\/collies-vom-floersbachtal.de\/cms\/wp-content\/uploads\/2018\/11\/Windy2-bei-den-I-chens-im-Garten-300x266.jpg 300w, https:\/\/collies-vom-floersbachtal.de\/cms\/wp-content\/uploads\/2018\/11\/Windy2-bei-den-I-chens-im-Garten.jpg 1000w\" sizes=\"auto, (max-width: 300px) 100vw, 300px\" \/><\/a><a href=\"http:\/\/collies-vom-floersbachtal.de\/cms\/wp-content\/uploads\/2018\/11\/Indira-Greta4-im-Garten.jpg\"><img loading=\"lazy\" decoding=\"async\" class=\"aligncenter size-full wp-image-25402\" title=\"Indira-Greta4 im Garten\" src=\"http:\/\/collies-vom-floersbachtal.de\/cms\/wp-content\/uploads\/2018\/11\/Indira-Greta4-im-Garten.jpg\" alt=\"\" width=\"1000\" height=\"607\" srcset=\"https:\/\/collies-vom-floersbachtal.de\/cms\/wp-content\/uploads\/2018\/11\/Indira-Greta4-im-Garten.jpg 1000w, https:\/\/collies-vom-floersbachtal.de\/cms\/wp-content\/uploads\/2018\/11\/Indira-Greta4-im-Garten-300x182.jpg 300w\" sizes=\"auto, (max-width: 1000px) 100vw, 1000px\" \/><\/a><a href=\"http:\/\/collies-vom-floersbachtal.de\/cms\/wp-content\/uploads\/2018\/11\/Indy-Ibo-Maddox-und-Ivy1-im-Garten.jpg\"><img loading=\"lazy\" decoding=\"async\" class=\"aligncenter size-full wp-image-25403\" title=\"Indy, Ibo-Maddox und Ivy1 im Garten\" src=\"http:\/\/collies-vom-floersbachtal.de\/cms\/wp-content\/uploads\/2018\/11\/Indy-Ibo-Maddox-und-Ivy1-im-Garten.jpg\" alt=\"\" width=\"1000\" height=\"802\" srcset=\"https:\/\/collies-vom-floersbachtal.de\/cms\/wp-content\/uploads\/2018\/11\/Indy-Ibo-Maddox-und-Ivy1-im-Garten.jpg 1000w, https:\/\/collies-vom-floersbachtal.de\/cms\/wp-content\/uploads\/2018\/11\/Indy-Ibo-Maddox-und-Ivy1-im-Garten-300x240.jpg 300w\" sizes=\"auto, (max-width: 1000px) 100vw, 1000px\" \/><\/a><a href=\"http:\/\/collies-vom-floersbachtal.de\/cms\/wp-content\/uploads\/2018\/11\/Isaboe2-im-Garten.jpg\"><img loading=\"lazy\" decoding=\"async\" class=\"aligncenter size-full wp-image-25404\" title=\"Isaboe2 im Garten\" src=\"http:\/\/collies-vom-floersbachtal.de\/cms\/wp-content\/uploads\/2018\/11\/Isaboe2-im-Garten.jpg\" alt=\"\" width=\"1000\" height=\"1030\" srcset=\"https:\/\/collies-vom-floersbachtal.de\/cms\/wp-content\/uploads\/2018\/11\/Isaboe2-im-Garten.jpg 1000w, https:\/\/collies-vom-floersbachtal.de\/cms\/wp-content\/uploads\/2018\/11\/Isaboe2-im-Garten-291x300.jpg 291w, https:\/\/collies-vom-floersbachtal.de\/cms\/wp-content\/uploads\/2018\/11\/Isaboe2-im-Garten-994x1024.jpg 994w\" sizes=\"auto, (max-width: 1000px) 100vw, 1000px\" \/><\/a><a href=\"http:\/\/collies-vom-floersbachtal.de\/cms\/wp-content\/uploads\/2018\/11\/Victoria-und-Windy1-bei-den-Welpen.jpg\"><img loading=\"lazy\" decoding=\"async\" class=\"aligncenter size-medium wp-image-25405\" title=\"Victoria und Windy1 bei den Welpen\" src=\"http:\/\/collies-vom-floersbachtal.de\/cms\/wp-content\/uploads\/2018\/11\/Victoria-und-Windy1-bei-den-Welpen-270x300.jpg\" alt=\"\" width=\"270\" height=\"300\" srcset=\"https:\/\/collies-vom-floersbachtal.de\/cms\/wp-content\/uploads\/2018\/11\/Victoria-und-Windy1-bei-den-Welpen-270x300.jpg 270w, https:\/\/collies-vom-floersbachtal.de\/cms\/wp-content\/uploads\/2018\/11\/Victoria-und-Windy1-bei-den-Welpen-923x1024.jpg 923w, https:\/\/collies-vom-floersbachtal.de\/cms\/wp-content\/uploads\/2018\/11\/Victoria-und-Windy1-bei-den-Welpen.jpg 1000w\" sizes=\"auto, (max-width: 270px) 100vw, 270px\" \/><\/a><a href=\"http:\/\/collies-vom-floersbachtal.de\/cms\/wp-content\/uploads\/2018\/11\/Victoria-Windy-und-Ginger1-Jan19.jpg\"><img loading=\"lazy\" decoding=\"async\" class=\"aligncenter size-medium wp-image-25406\" title=\"Victoria Windy und Ginger1 Jan19\" src=\"http:\/\/collies-vom-floersbachtal.de\/cms\/wp-content\/uploads\/2018\/11\/Victoria-Windy-und-Ginger1-Jan19-300x149.jpg\" alt=\"\" width=\"300\" height=\"149\" srcset=\"https:\/\/collies-vom-floersbachtal.de\/cms\/wp-content\/uploads\/2018\/11\/Victoria-Windy-und-Ginger1-Jan19-300x149.jpg 300w, https:\/\/collies-vom-floersbachtal.de\/cms\/wp-content\/uploads\/2018\/11\/Victoria-Windy-und-Ginger1-Jan19.jpg 1000w\" sizes=\"auto, (max-width: 300px) 100vw, 300px\" \/><\/a><a href=\"http:\/\/collies-vom-floersbachtal.de\/cms\/wp-content\/uploads\/2018\/11\/Inola-Hazel3-im-Garten1.jpg\"><img loading=\"lazy\" decoding=\"async\" class=\"aligncenter size-full wp-image-25408\" title=\"Inola-Hazel3 im Garten\" src=\"http:\/\/collies-vom-floersbachtal.de\/cms\/wp-content\/uploads\/2018\/11\/Inola-Hazel3-im-Garten1.jpg\" alt=\"\" width=\"1000\" height=\"1500\" srcset=\"https:\/\/collies-vom-floersbachtal.de\/cms\/wp-content\/uploads\/2018\/11\/Inola-Hazel3-im-Garten1.jpg 1000w, https:\/\/collies-vom-floersbachtal.de\/cms\/wp-content\/uploads\/2018\/11\/Inola-Hazel3-im-Garten1-200x300.jpg 200w, https:\/\/collies-vom-floersbachtal.de\/cms\/wp-content\/uploads\/2018\/11\/Inola-Hazel3-im-Garten1-682x1024.jpg 682w\" sizes=\"auto, (max-width: 1000px) 100vw, 1000px\" \/><\/a><\/p>\n<p><a href=\"http:\/\/collies-vom-floersbachtal.de\/cms\/wp-content\/uploads\/2018\/11\/Ibo-und-Mama-im-Garten1.jpg\"><img loading=\"lazy\" decoding=\"async\" class=\"aligncenter size-medium wp-image-25392\" title=\"Ibo und Mama im Garten1\" src=\"http:\/\/collies-vom-floersbachtal.de\/cms\/wp-content\/uploads\/2018\/11\/Ibo-und-Mama-im-Garten1-300x292.jpg\" alt=\"\" width=\"300\" height=\"292\" srcset=\"https:\/\/collies-vom-floersbachtal.de\/cms\/wp-content\/uploads\/2018\/11\/Ibo-und-Mama-im-Garten1-300x292.jpg 300w, https:\/\/collies-vom-floersbachtal.de\/cms\/wp-content\/uploads\/2018\/11\/Ibo-und-Mama-im-Garten1.jpg 1000w\" sizes=\"auto, (max-width: 300px) 100vw, 300px\" \/><\/a><\/p>\n<p><a href=\"http:\/\/collies-vom-floersbachtal.de\/cms\/wp-content\/uploads\/2018\/11\/Alle-im-Garten5-mit-7-Wochen1.jpg\"><img loading=\"lazy\" decoding=\"async\" class=\"aligncenter size-medium wp-image-25389\" title=\"Alle im Garten5 mit 7 Wochen\" src=\"http:\/\/collies-vom-floersbachtal.de\/cms\/wp-content\/uploads\/2018\/11\/Alle-im-Garten5-mit-7-Wochen1-300x231.jpg\" alt=\"\" width=\"300\" height=\"231\" srcset=\"https:\/\/collies-vom-floersbachtal.de\/cms\/wp-content\/uploads\/2018\/11\/Alle-im-Garten5-mit-7-Wochen1-300x231.jpg 300w, https:\/\/collies-vom-floersbachtal.de\/cms\/wp-content\/uploads\/2018\/11\/Alle-im-Garten5-mit-7-Wochen1.jpg 1000w\" sizes=\"auto, (max-width: 300px) 100vw, 300px\" \/><\/a><a href=\"http:\/\/collies-vom-floersbachtal.de\/cms\/wp-content\/uploads\/2018\/11\/Hazel-und-Indy1-im-Garten.jpg\"><img loading=\"lazy\" decoding=\"async\" class=\"aligncenter size-medium wp-image-25390\" title=\"Hazel und Indy1 im Garten\" src=\"http:\/\/collies-vom-floersbachtal.de\/cms\/wp-content\/uploads\/2018\/11\/Hazel-und-Indy1-im-Garten-300x196.jpg\" alt=\"\" width=\"300\" height=\"196\" srcset=\"https:\/\/collies-vom-floersbachtal.de\/cms\/wp-content\/uploads\/2018\/11\/Hazel-und-Indy1-im-Garten-300x196.jpg 300w, https:\/\/collies-vom-floersbachtal.de\/cms\/wp-content\/uploads\/2018\/11\/Hazel-und-Indy1-im-Garten.jpg 1000w\" sizes=\"auto, (max-width: 300px) 100vw, 300px\" \/><\/a><a href=\"http:\/\/collies-vom-floersbachtal.de\/cms\/wp-content\/uploads\/2018\/11\/Ibo-und-Indira-Greta1-im-Garten.jpg\"><img loading=\"lazy\" decoding=\"async\" class=\"aligncenter size-medium wp-image-25391\" title=\"Ibo und Indira-Greta1 im Garten\" src=\"http:\/\/collies-vom-floersbachtal.de\/cms\/wp-content\/uploads\/2018\/11\/Ibo-und-Indira-Greta1-im-Garten-300x204.jpg\" alt=\"\" width=\"300\" height=\"204\" srcset=\"https:\/\/collies-vom-floersbachtal.de\/cms\/wp-content\/uploads\/2018\/11\/Ibo-und-Indira-Greta1-im-Garten-300x204.jpg 300w, https:\/\/collies-vom-floersbachtal.de\/cms\/wp-content\/uploads\/2018\/11\/Ibo-und-Indira-Greta1-im-Garten.jpg 1000w\" sizes=\"auto, (max-width: 300px) 100vw, 300px\" \/><\/a>So sch\u00f6n wenn die Kr\u00fcmel mit den Gro\u00dfen, auch Conny\u00b4s Hunden, Windy und Victoria (El\u00e1s\u00a0 Schwester)\u00a0rumtoben und auch mal erzogen werden. Eine bessere Sozialisierung gibt es nicht. Nun sagen wir mal gute Nacht und bis dann eure Lia \ud83d\ude00<a href=\"http:\/\/collies-vom-floersbachtal.de\/cms\/wp-content\/uploads\/2018\/11\/Lia-und-Verena1-Jan.19.jpg\"><img loading=\"lazy\" decoding=\"async\" class=\"aligncenter size-medium wp-image-25410\" title=\"Lia und Verena1 Jan.19\" src=\"http:\/\/collies-vom-floersbachtal.de\/cms\/wp-content\/uploads\/2018\/11\/Lia-und-Verena1-Jan.19-e1548089265863-225x300.jpg\" alt=\"\" width=\"225\" height=\"300\" srcset=\"https:\/\/collies-vom-floersbachtal.de\/cms\/wp-content\/uploads\/2018\/11\/Lia-und-Verena1-Jan.19-e1548089265863-225x300.jpg 225w, https:\/\/collies-vom-floersbachtal.de\/cms\/wp-content\/uploads\/2018\/11\/Lia-und-Verena1-Jan.19-e1548089265863-768x1024.jpg 768w\" sizes=\"auto, (max-width: 225px) 100vw, 225px\" \/><\/a>23.01.19 So, jetzt sind die kr\u00fcmel 8 Wochen alt und wollen immer mehr lernen. Sie sind so pfiffig, kaum zum aushalten. Lernen so schnell und sind den ganzen Tag drau\u00dfen, zum Gl\u00fcck hat Frauli ja eine W\u00e4rmelampe aufgeh\u00e4ngt und einen gro\u00dfen Korb drunter gestellt, wo wir alle reinpassen.<a href=\"http:\/\/collies-vom-floersbachtal.de\/cms\/wp-content\/uploads\/2018\/11\/Alle-m\u00fcde2-Ende-8.Woche_.jpg\"><img loading=\"lazy\" decoding=\"async\" class=\"aligncenter size-medium wp-image-25465\" title=\"Alle m\u00fcde2 Ende 8.Woche\" src=\"http:\/\/collies-vom-floersbachtal.de\/cms\/wp-content\/uploads\/2018\/11\/Alle-m\u00fcde2-Ende-8.Woche_-300x200.jpg\" alt=\"\" width=\"300\" height=\"200\" srcset=\"https:\/\/collies-vom-floersbachtal.de\/cms\/wp-content\/uploads\/2018\/11\/Alle-m\u00fcde2-Ende-8.Woche_-300x200.jpg 300w, https:\/\/collies-vom-floersbachtal.de\/cms\/wp-content\/uploads\/2018\/11\/Alle-m\u00fcde2-Ende-8.Woche_.jpg 1000w\" sizes=\"auto, (max-width: 300px) 100vw, 300px\" \/><\/a>Au\u00dferdem hat Hazels Frauli uns eine Feuerwerk pr\u00e4sentiert, das war toll.\u00a0<a href=\"http:\/\/collies-vom-floersbachtal.de\/cms\/wp-content\/uploads\/2018\/11\/Feueralarm4-mit-8-Wochen.jpg\"><img loading=\"lazy\" decoding=\"async\" class=\"aligncenter size-full wp-image-25466\" title=\"Feueralarm4 mit 8 Wochen\" src=\"http:\/\/collies-vom-floersbachtal.de\/cms\/wp-content\/uploads\/2018\/11\/Feueralarm4-mit-8-Wochen.jpg\" alt=\"\" width=\"1000\" height=\"917\" srcset=\"https:\/\/collies-vom-floersbachtal.de\/cms\/wp-content\/uploads\/2018\/11\/Feueralarm4-mit-8-Wochen.jpg 1000w, https:\/\/collies-vom-floersbachtal.de\/cms\/wp-content\/uploads\/2018\/11\/Feueralarm4-mit-8-Wochen-300x275.jpg 300w\" sizes=\"auto, (max-width: 1000px) 100vw, 1000px\" \/><\/a>Iceman-Mailo wollte schon reinspringen \ud83d\ude09\u00a0<a href=\"http:\/\/collies-vom-floersbachtal.de\/cms\/wp-content\/uploads\/2018\/11\/Feueralarm3-mit-8-Wochen.jpg\"><img loading=\"lazy\" decoding=\"async\" class=\"aligncenter size-medium wp-image-25467\" title=\"Feueralarm3 mit 8 Wochen\" src=\"http:\/\/collies-vom-floersbachtal.de\/cms\/wp-content\/uploads\/2018\/11\/Feueralarm3-mit-8-Wochen-300x200.jpg\" alt=\"\" width=\"300\" height=\"200\" srcset=\"https:\/\/collies-vom-floersbachtal.de\/cms\/wp-content\/uploads\/2018\/11\/Feueralarm3-mit-8-Wochen-300x200.jpg 300w, https:\/\/collies-vom-floersbachtal.de\/cms\/wp-content\/uploads\/2018\/11\/Feueralarm3-mit-8-Wochen.jpg 1000w\" sizes=\"auto, (max-width: 300px) 100vw, 300px\" \/><\/a><a href=\"http:\/\/collies-vom-floersbachtal.de\/cms\/wp-content\/uploads\/2018\/11\/Feueralarm1-mit-8-Wochen.jpg\"><img loading=\"lazy\" decoding=\"async\" class=\"aligncenter size-full wp-image-25468\" title=\"Feueralarm1 mit 8 Wochen\" src=\"http:\/\/collies-vom-floersbachtal.de\/cms\/wp-content\/uploads\/2018\/11\/Feueralarm1-mit-8-Wochen.jpg\" alt=\"\" width=\"1000\" height=\"667\" srcset=\"https:\/\/collies-vom-floersbachtal.de\/cms\/wp-content\/uploads\/2018\/11\/Feueralarm1-mit-8-Wochen.jpg 1000w, https:\/\/collies-vom-floersbachtal.de\/cms\/wp-content\/uploads\/2018\/11\/Feueralarm1-mit-8-Wochen-300x200.jpg 300w\" sizes=\"auto, (max-width: 1000px) 100vw, 1000px\" \/><\/a>Au\u00dferdem ziehen bald die ersten aus und deshalb m\u00fcssen immer welche alleine rein\u00a0 kommen und den Alltag meistern. Aber das machen sie super, flitzen \u00fcber die Fliesen, was ja nicht jeder Collie gerne macht wie wir wissen. Aber hier achtet Frauli sehr genau drauf oder kleine Treppen steigen.<a href=\"http:\/\/collies-vom-floersbachtal.de\/cms\/wp-content\/uploads\/2018\/11\/Iceman-Mailo2-alleine-Zuhause.jpg\"><img loading=\"lazy\" decoding=\"async\" class=\"aligncenter size-full wp-image-25469\" title=\"Iceman-Mailo2 alleine Zuhause\" src=\"http:\/\/collies-vom-floersbachtal.de\/cms\/wp-content\/uploads\/2018\/11\/Iceman-Mailo2-alleine-Zuhause.jpg\" alt=\"\" width=\"881\" height=\"1336\" srcset=\"https:\/\/collies-vom-floersbachtal.de\/cms\/wp-content\/uploads\/2018\/11\/Iceman-Mailo2-alleine-Zuhause.jpg 881w, https:\/\/collies-vom-floersbachtal.de\/cms\/wp-content\/uploads\/2018\/11\/Iceman-Mailo2-alleine-Zuhause-197x300.jpg 197w, https:\/\/collies-vom-floersbachtal.de\/cms\/wp-content\/uploads\/2018\/11\/Iceman-Mailo2-alleine-Zuhause-675x1024.jpg 675w\" sizes=\"auto, (max-width: 881px) 100vw, 881px\" \/><\/a><a href=\"http:\/\/collies-vom-floersbachtal.de\/cms\/wp-content\/uploads\/2018\/11\/Hazel1-mit-Mama.jpg\"><img loading=\"lazy\" decoding=\"async\" class=\"aligncenter size-medium wp-image-25470\" title=\"Hazel1 mit Mama\" src=\"http:\/\/collies-vom-floersbachtal.de\/cms\/wp-content\/uploads\/2018\/11\/Hazel1-mit-Mama-300x219.jpg\" alt=\"\" width=\"300\" height=\"219\" srcset=\"https:\/\/collies-vom-floersbachtal.de\/cms\/wp-content\/uploads\/2018\/11\/Hazel1-mit-Mama-300x219.jpg 300w, https:\/\/collies-vom-floersbachtal.de\/cms\/wp-content\/uploads\/2018\/11\/Hazel1-mit-Mama.jpg 1000w\" sizes=\"auto, (max-width: 300px) 100vw, 300px\" \/><\/a><a href=\"http:\/\/collies-vom-floersbachtal.de\/cms\/wp-content\/uploads\/2018\/11\/Iceman-Mailo4.jpg\"><img loading=\"lazy\" decoding=\"async\" class=\"aligncenter size-medium wp-image-25471\" title=\"Iceman-Mailo4\" src=\"http:\/\/collies-vom-floersbachtal.de\/cms\/wp-content\/uploads\/2018\/11\/Iceman-Mailo4-232x300.jpg\" alt=\"\" width=\"232\" height=\"300\" srcset=\"https:\/\/collies-vom-floersbachtal.de\/cms\/wp-content\/uploads\/2018\/11\/Iceman-Mailo4-232x300.jpg 232w, https:\/\/collies-vom-floersbachtal.de\/cms\/wp-content\/uploads\/2018\/11\/Iceman-Mailo4-795x1024.jpg 795w, https:\/\/collies-vom-floersbachtal.de\/cms\/wp-content\/uploads\/2018\/11\/Iceman-Mailo4.jpg 1000w\" sizes=\"auto, (max-width: 232px) 100vw, 232px\" \/><\/a>Au\u00dferdem hatten wir heute die Wurfabnahme und den Gesundheitscheck, der bei allen super ausfiel.\u00a0<a href=\"http:\/\/collies-vom-floersbachtal.de\/cms\/wp-content\/uploads\/2018\/11\/Ivy1-Wurfabnahme-mit-8-Wochen.jpg\"><img loading=\"lazy\" decoding=\"async\" class=\"aligncenter size-full wp-image-25472\" title=\"Ivy1 Wurfabnahme mit 8 Wochen\" src=\"http:\/\/collies-vom-floersbachtal.de\/cms\/wp-content\/uploads\/2018\/11\/Ivy1-Wurfabnahme-mit-8-Wochen.jpg\" alt=\"\" width=\"1000\" height=\"937\" srcset=\"https:\/\/collies-vom-floersbachtal.de\/cms\/wp-content\/uploads\/2018\/11\/Ivy1-Wurfabnahme-mit-8-Wochen.jpg 1000w, https:\/\/collies-vom-floersbachtal.de\/cms\/wp-content\/uploads\/2018\/11\/Ivy1-Wurfabnahme-mit-8-Wochen-300x281.jpg 300w\" sizes=\"auto, (max-width: 1000px) 100vw, 1000px\" \/><\/a><a href=\"http:\/\/collies-vom-floersbachtal.de\/cms\/wp-content\/uploads\/2018\/11\/Indira-Greta1-Wurfabnahme.jpg\"><img loading=\"lazy\" decoding=\"async\" class=\"aligncenter size-full wp-image-25473\" title=\"Indira-Greta1 Wurfabnahme\" src=\"http:\/\/collies-vom-floersbachtal.de\/cms\/wp-content\/uploads\/2018\/11\/Indira-Greta1-Wurfabnahme.jpg\" alt=\"\" width=\"1000\" height=\"1519\" srcset=\"https:\/\/collies-vom-floersbachtal.de\/cms\/wp-content\/uploads\/2018\/11\/Indira-Greta1-Wurfabnahme.jpg 1000w, https:\/\/collies-vom-floersbachtal.de\/cms\/wp-content\/uploads\/2018\/11\/Indira-Greta1-Wurfabnahme-197x300.jpg 197w, https:\/\/collies-vom-floersbachtal.de\/cms\/wp-content\/uploads\/2018\/11\/Indira-Greta1-Wurfabnahme-674x1024.jpg 674w\" sizes=\"auto, (max-width: 1000px) 100vw, 1000px\" \/><\/a><a href=\"http:\/\/collies-vom-floersbachtal.de\/cms\/wp-content\/uploads\/2018\/11\/Hazel2-mit-Mama.jpg\"><img loading=\"lazy\" decoding=\"async\" class=\"aligncenter size-full wp-image-25474\" title=\"Hazel2 mit Mama\" src=\"http:\/\/collies-vom-floersbachtal.de\/cms\/wp-content\/uploads\/2018\/11\/Hazel2-mit-Mama.jpg\" alt=\"\" width=\"1000\" height=\"528\" srcset=\"https:\/\/collies-vom-floersbachtal.de\/cms\/wp-content\/uploads\/2018\/11\/Hazel2-mit-Mama.jpg 1000w, https:\/\/collies-vom-floersbachtal.de\/cms\/wp-content\/uploads\/2018\/11\/Hazel2-mit-Mama-300x158.jpg 300w\" sizes=\"auto, (max-width: 1000px) 100vw, 1000px\" \/><\/a><a href=\"http:\/\/collies-vom-floersbachtal.de\/cms\/wp-content\/uploads\/2018\/11\/Isaboe1-Wurfabnahme.jpg\"><img loading=\"lazy\" decoding=\"async\" class=\"aligncenter size-medium wp-image-25475\" title=\"Isaboe1 Wurfabnahme\" src=\"http:\/\/collies-vom-floersbachtal.de\/cms\/wp-content\/uploads\/2018\/11\/Isaboe1-Wurfabnahme-300x261.jpg\" alt=\"\" width=\"300\" height=\"261\" srcset=\"https:\/\/collies-vom-floersbachtal.de\/cms\/wp-content\/uploads\/2018\/11\/Isaboe1-Wurfabnahme-300x261.jpg 300w, https:\/\/collies-vom-floersbachtal.de\/cms\/wp-content\/uploads\/2018\/11\/Isaboe1-Wurfabnahme.jpg 1000w\" sizes=\"auto, (max-width: 300px) 100vw, 300px\" \/><\/a>Danach war erst mal futtern angesagt und Toben mit Mama \ud83d\ude00<a href=\"http:\/\/collies-vom-floersbachtal.de\/cms\/wp-content\/uploads\/2018\/11\/Lia1-und-ihre-Bande-mit-8-Wochen.jpg\"><img loading=\"lazy\" decoding=\"async\" class=\"aligncenter size-full wp-image-25476\" title=\"Lia1 und ihre Bande mit 8 Wochen\" src=\"http:\/\/collies-vom-floersbachtal.de\/cms\/wp-content\/uploads\/2018\/11\/Lia1-und-ihre-Bande-mit-8-Wochen.jpg\" alt=\"\" width=\"1000\" height=\"529\" srcset=\"https:\/\/collies-vom-floersbachtal.de\/cms\/wp-content\/uploads\/2018\/11\/Lia1-und-ihre-Bande-mit-8-Wochen.jpg 1000w, https:\/\/collies-vom-floersbachtal.de\/cms\/wp-content\/uploads\/2018\/11\/Lia1-und-ihre-Bande-mit-8-Wochen-300x158.jpg 300w\" sizes=\"auto, (max-width: 1000px) 100vw, 1000px\" \/><\/a>Wir, also die Zweibeiner,\u00a0 haben auch ihr Gl\u00fcck probiert, die Bande auf ein Foto zu bekommen, wenn sie alle in der Wurfkiste sitzen oder stehen.\u00a0 Naja das ist noch ausbauf\u00e4hig&#8230; Hihi<a href=\"http:\/\/collies-vom-floersbachtal.de\/cms\/wp-content\/uploads\/2018\/11\/Wurfkiste4-6.jpg\"><img loading=\"lazy\" decoding=\"async\" class=\"aligncenter size-full wp-image-25477\" title=\"Wurfkiste4 6\" src=\"http:\/\/collies-vom-floersbachtal.de\/cms\/wp-content\/uploads\/2018\/11\/Wurfkiste4-6.jpg\" alt=\"\" width=\"1000\" height=\"265\" srcset=\"https:\/\/collies-vom-floersbachtal.de\/cms\/wp-content\/uploads\/2018\/11\/Wurfkiste4-6.jpg 1000w, https:\/\/collies-vom-floersbachtal.de\/cms\/wp-content\/uploads\/2018\/11\/Wurfkiste4-6-300x79.jpg 300w\" sizes=\"auto, (max-width: 1000px) 100vw, 1000px\" \/><\/a><a href=\"http:\/\/collies-vom-floersbachtal.de\/cms\/wp-content\/uploads\/2018\/11\/Wurfkiste3-6.jpg\"><img loading=\"lazy\" decoding=\"async\" class=\"aligncenter size-full wp-image-25479\" title=\"Wurfkiste3 6\" src=\"http:\/\/collies-vom-floersbachtal.de\/cms\/wp-content\/uploads\/2018\/11\/Wurfkiste3-6.jpg\" alt=\"\" width=\"1000\" height=\"383\" srcset=\"https:\/\/collies-vom-floersbachtal.de\/cms\/wp-content\/uploads\/2018\/11\/Wurfkiste3-6.jpg 1000w, https:\/\/collies-vom-floersbachtal.de\/cms\/wp-content\/uploads\/2018\/11\/Wurfkiste3-6-300x114.jpg 300w\" sizes=\"auto, (max-width: 1000px) 100vw, 1000px\" \/><\/a><a href=\"http:\/\/collies-vom-floersbachtal.de\/cms\/wp-content\/uploads\/2018\/11\/Wurfkiste2-5.jpg\"><img loading=\"lazy\" decoding=\"async\" class=\"aligncenter size-full wp-image-25480\" title=\"Wurfkiste2 5\" src=\"http:\/\/collies-vom-floersbachtal.de\/cms\/wp-content\/uploads\/2018\/11\/Wurfkiste2-5.jpg\" alt=\"\" width=\"1000\" height=\"362\" srcset=\"https:\/\/collies-vom-floersbachtal.de\/cms\/wp-content\/uploads\/2018\/11\/Wurfkiste2-5.jpg 1000w, https:\/\/collies-vom-floersbachtal.de\/cms\/wp-content\/uploads\/2018\/11\/Wurfkiste2-5-300x108.jpg 300w\" sizes=\"auto, (max-width: 1000px) 100vw, 1000px\" \/><\/a>Mal schauen, morgen seht ihr mehr, liebe Gr\u00fc\u00dfe eure Lia\u00a0<a href=\"http:\/\/collies-vom-floersbachtal.de\/cms\/wp-content\/uploads\/2018\/11\/Alle-im-Garten4-mit-7-Wochen1.jpg\"><img loading=\"lazy\" decoding=\"async\" class=\"aligncenter size-medium wp-image-25481\" title=\"Alle im Garten4 mit 7 Wochen\" src=\"http:\/\/collies-vom-floersbachtal.de\/cms\/wp-content\/uploads\/2018\/11\/Alle-im-Garten4-mit-7-Wochen1-300x227.jpg\" alt=\"\" width=\"300\" height=\"227\" srcset=\"https:\/\/collies-vom-floersbachtal.de\/cms\/wp-content\/uploads\/2018\/11\/Alle-im-Garten4-mit-7-Wochen1-300x227.jpg 300w, https:\/\/collies-vom-floersbachtal.de\/cms\/wp-content\/uploads\/2018\/11\/Alle-im-Garten4-mit-7-Wochen1.jpg 1000w\" sizes=\"auto, (max-width: 300px) 100vw, 300px\" \/><\/a><strong>25.01.19<\/strong> Brrr is das kalt heute. Wir haben noch schnell ein Video von der Bande gemacht, weil ja Iceman-Mylo heute schon ausgezogen ist. <strong><a title=\"1. Video 9. Woche\" href=\"https:\/\/youtu.be\/YNbZquEMo_Y\" target=\"_blank\">1. Video 9. Woche\u00a0<\/a><\/strong>morgen zieht dann schon\u00a0 Ibo-Maddox aus und am Sonntag unsere 1. Biene Isaboe.\u00a0 Auch sch\u00f6ne Bilder hat Conny noch gemacht. Guckst du&#8230;<a href=\"http:\/\/collies-vom-floersbachtal.de\/cms\/wp-content\/uploads\/2018\/11\/Inola-Hazel6.jpg\"><img loading=\"lazy\" decoding=\"async\" class=\"aligncenter size-medium wp-image-25499\" title=\"Inola-Hazel6\" src=\"http:\/\/collies-vom-floersbachtal.de\/cms\/wp-content\/uploads\/2018\/11\/Inola-Hazel6-300x250.jpg\" alt=\"\" width=\"300\" height=\"250\" srcset=\"https:\/\/collies-vom-floersbachtal.de\/cms\/wp-content\/uploads\/2018\/11\/Inola-Hazel6-300x250.jpg 300w, https:\/\/collies-vom-floersbachtal.de\/cms\/wp-content\/uploads\/2018\/11\/Inola-Hazel6.jpg 1000w\" sizes=\"auto, (max-width: 300px) 100vw, 300px\" \/><\/a><a href=\"http:\/\/collies-vom-floersbachtal.de\/cms\/wp-content\/uploads\/2018\/11\/Isaboe-und-Inola-Hazel1.jpg\"><img loading=\"lazy\" decoding=\"async\" class=\"aligncenter size-medium wp-image-25500\" title=\"Isaboe und Inola-Hazel1\" src=\"http:\/\/collies-vom-floersbachtal.de\/cms\/wp-content\/uploads\/2018\/11\/Isaboe-und-Inola-Hazel1-300x235.jpg\" alt=\"\" width=\"300\" height=\"235\" srcset=\"https:\/\/collies-vom-floersbachtal.de\/cms\/wp-content\/uploads\/2018\/11\/Isaboe-und-Inola-Hazel1-300x235.jpg 300w, https:\/\/collies-vom-floersbachtal.de\/cms\/wp-content\/uploads\/2018\/11\/Isaboe-und-Inola-Hazel1.jpg 1000w\" sizes=\"auto, (max-width: 300px) 100vw, 300px\" \/><\/a><a href=\"http:\/\/collies-vom-floersbachtal.de\/cms\/wp-content\/uploads\/2018\/11\/Ivy4.jpg\"><img loading=\"lazy\" decoding=\"async\" class=\"aligncenter size-medium wp-image-25501\" title=\"Ivy4\" src=\"http:\/\/collies-vom-floersbachtal.de\/cms\/wp-content\/uploads\/2018\/11\/Ivy4-266x300.jpg\" alt=\"\" width=\"266\" height=\"300\" srcset=\"https:\/\/collies-vom-floersbachtal.de\/cms\/wp-content\/uploads\/2018\/11\/Ivy4-266x300.jpg 266w, https:\/\/collies-vom-floersbachtal.de\/cms\/wp-content\/uploads\/2018\/11\/Ivy4-910x1024.jpg 910w, https:\/\/collies-vom-floersbachtal.de\/cms\/wp-content\/uploads\/2018\/11\/Ivy4.jpg 1000w\" sizes=\"auto, (max-width: 266px) 100vw, 266px\" \/><\/a><a href=\"http:\/\/collies-vom-floersbachtal.de\/cms\/wp-content\/uploads\/2018\/11\/Mama-mit-Welpen1.jpg\"><img loading=\"lazy\" decoding=\"async\" class=\"aligncenter size-medium wp-image-25502\" title=\"Mama mit Welpen1\" src=\"http:\/\/collies-vom-floersbachtal.de\/cms\/wp-content\/uploads\/2018\/11\/Mama-mit-Welpen1-300x200.jpg\" alt=\"\" width=\"300\" height=\"200\" srcset=\"https:\/\/collies-vom-floersbachtal.de\/cms\/wp-content\/uploads\/2018\/11\/Mama-mit-Welpen1-300x200.jpg 300w, https:\/\/collies-vom-floersbachtal.de\/cms\/wp-content\/uploads\/2018\/11\/Mama-mit-Welpen1.jpg 1000w\" sizes=\"auto, (max-width: 300px) 100vw, 300px\" \/><\/a><a href=\"http:\/\/collies-vom-floersbachtal.de\/cms\/wp-content\/uploads\/2018\/11\/Alle-drau\u00dfen1-mit-8-Wochen.jpg\"><img loading=\"lazy\" decoding=\"async\" class=\"aligncenter size-full wp-image-25503\" title=\"Alle drau\u00dfen1 mit 8 Wochen\" src=\"http:\/\/collies-vom-floersbachtal.de\/cms\/wp-content\/uploads\/2018\/11\/Alle-drau\u00dfen1-mit-8-Wochen.jpg\" alt=\"\" width=\"1000\" height=\"563\" srcset=\"https:\/\/collies-vom-floersbachtal.de\/cms\/wp-content\/uploads\/2018\/11\/Alle-drau\u00dfen1-mit-8-Wochen.jpg 1000w, https:\/\/collies-vom-floersbachtal.de\/cms\/wp-content\/uploads\/2018\/11\/Alle-drau\u00dfen1-mit-8-Wochen-300x168.jpg 300w\" sizes=\"auto, (max-width: 1000px) 100vw, 1000px\" \/><\/a><a href=\"http:\/\/collies-vom-floersbachtal.de\/cms\/wp-content\/uploads\/2018\/11\/Conny1-inkognito-bei-den-Welpen.jpg\"><img loading=\"lazy\" decoding=\"async\" class=\"aligncenter size-full wp-image-25504\" title=\"Conny1 inkognito bei den Welpen\" src=\"http:\/\/collies-vom-floersbachtal.de\/cms\/wp-content\/uploads\/2018\/11\/Conny1-inkognito-bei-den-Welpen.jpg\" alt=\"\" width=\"1000\" height=\"424\" srcset=\"https:\/\/collies-vom-floersbachtal.de\/cms\/wp-content\/uploads\/2018\/11\/Conny1-inkognito-bei-den-Welpen.jpg 1000w, https:\/\/collies-vom-floersbachtal.de\/cms\/wp-content\/uploads\/2018\/11\/Conny1-inkognito-bei-den-Welpen-300x127.jpg 300w\" sizes=\"auto, (max-width: 1000px) 100vw, 1000px\" \/><\/a>Conny inkognito \ud83d\ude1b<a href=\"http:\/\/collies-vom-floersbachtal.de\/cms\/wp-content\/uploads\/2018\/11\/Alle-drau\u00dfen2-mit-8-Wochen.jpg\"><img loading=\"lazy\" decoding=\"async\" class=\"aligncenter size-medium wp-image-25505\" title=\"Alle drau\u00dfen2 mit 8 Wochen\" src=\"http:\/\/collies-vom-floersbachtal.de\/cms\/wp-content\/uploads\/2018\/11\/Alle-drau\u00dfen2-mit-8-Wochen-300x170.jpg\" alt=\"\" width=\"300\" height=\"170\" srcset=\"https:\/\/collies-vom-floersbachtal.de\/cms\/wp-content\/uploads\/2018\/11\/Alle-drau\u00dfen2-mit-8-Wochen-300x170.jpg 300w, https:\/\/collies-vom-floersbachtal.de\/cms\/wp-content\/uploads\/2018\/11\/Alle-drau\u00dfen2-mit-8-Wochen.jpg 1000w\" sizes=\"auto, (max-width: 300px) 100vw, 300px\" \/><\/a><a href=\"http:\/\/collies-vom-floersbachtal.de\/cms\/wp-content\/uploads\/2018\/11\/Greta-und-Ururoma1.jpg\"><img loading=\"lazy\" decoding=\"async\" class=\"aligncenter size-medium wp-image-25506\" title=\"Greta und Ururoma1\" src=\"http:\/\/collies-vom-floersbachtal.de\/cms\/wp-content\/uploads\/2018\/11\/Greta-und-Ururoma1-300x201.jpg\" alt=\"\" width=\"300\" height=\"201\" srcset=\"https:\/\/collies-vom-floersbachtal.de\/cms\/wp-content\/uploads\/2018\/11\/Greta-und-Ururoma1-300x201.jpg 300w, https:\/\/collies-vom-floersbachtal.de\/cms\/wp-content\/uploads\/2018\/11\/Greta-und-Ururoma1.jpg 1000w\" sizes=\"auto, (max-width: 300px) 100vw, 300px\" \/><\/a>Kleine Erziehungseinheit von Ururoma \ud83d\ude00<a href=\"http:\/\/collies-vom-floersbachtal.de\/cms\/wp-content\/uploads\/2018\/11\/Greta1-mit-8-Wochen.jpg\"><img loading=\"lazy\" decoding=\"async\" class=\"aligncenter size-full wp-image-25507\" title=\"Greta1 mit 8 Wochen\" src=\"http:\/\/collies-vom-floersbachtal.de\/cms\/wp-content\/uploads\/2018\/11\/Greta1-mit-8-Wochen.jpg\" alt=\"\" width=\"1000\" height=\"1544\" srcset=\"https:\/\/collies-vom-floersbachtal.de\/cms\/wp-content\/uploads\/2018\/11\/Greta1-mit-8-Wochen.jpg 1000w, https:\/\/collies-vom-floersbachtal.de\/cms\/wp-content\/uploads\/2018\/11\/Greta1-mit-8-Wochen-194x300.jpg 194w, https:\/\/collies-vom-floersbachtal.de\/cms\/wp-content\/uploads\/2018\/11\/Greta1-mit-8-Wochen-663x1024.jpg 663w\" sizes=\"auto, (max-width: 1000px) 100vw, 1000px\" \/><\/a>Greta hat verstanden &#8230;<a href=\"http:\/\/collies-vom-floersbachtal.de\/cms\/wp-content\/uploads\/2018\/11\/Indira-Grata-und-Indy1.jpg\"><img loading=\"lazy\" decoding=\"async\" class=\"aligncenter size-full wp-image-25508\" title=\"Indira-Grata und Indy1\" src=\"http:\/\/collies-vom-floersbachtal.de\/cms\/wp-content\/uploads\/2018\/11\/Indira-Grata-und-Indy1.jpg\" alt=\"\" width=\"1000\" height=\"746\" srcset=\"https:\/\/collies-vom-floersbachtal.de\/cms\/wp-content\/uploads\/2018\/11\/Indira-Grata-und-Indy1.jpg 1000w, https:\/\/collies-vom-floersbachtal.de\/cms\/wp-content\/uploads\/2018\/11\/Indira-Grata-und-Indy1-300x223.jpg 300w\" sizes=\"auto, (max-width: 1000px) 100vw, 1000px\" \/><\/a><a href=\"http:\/\/collies-vom-floersbachtal.de\/cms\/wp-content\/uploads\/2018\/11\/Inola-Hazel4.jpg\"><img loading=\"lazy\" decoding=\"async\" class=\"aligncenter size-full wp-image-25509\" title=\"Inola-Hazel4\" src=\"http:\/\/collies-vom-floersbachtal.de\/cms\/wp-content\/uploads\/2018\/11\/Inola-Hazel4.jpg\" alt=\"\" width=\"1000\" height=\"1078\" srcset=\"https:\/\/collies-vom-floersbachtal.de\/cms\/wp-content\/uploads\/2018\/11\/Inola-Hazel4.jpg 1000w, https:\/\/collies-vom-floersbachtal.de\/cms\/wp-content\/uploads\/2018\/11\/Inola-Hazel4-278x300.jpg 278w, https:\/\/collies-vom-floersbachtal.de\/cms\/wp-content\/uploads\/2018\/11\/Inola-Hazel4-949x1024.jpg 949w\" sizes=\"auto, (max-width: 1000px) 100vw, 1000px\" \/><\/a>Bis morgen, wenn Ibo-Maddox abgeholt wurde. LG. Hazel<\/p>\n<p><strong>26.01.19<\/strong> Nun ist Maddox schon auf der Bahn in sein neues Zuhause, aber wir haben noch ein sch\u00f6nes Video von der Bande von gestern und s\u00fc\u00dfe Fotos. <strong><a title=\"2. Video 9. Woche\" href=\"https:\/\/l.facebook.com\/l.php?u=https%3A%2F%2Fyoutu.be%2FJ7AkixYLp1Y%3Ffbclid%3DIwAR1jjIWxhn8S0Q_oxN_VBXR_g9ZnmS7u6k1I7iTMvLoj3Mj0twtESR6ZcDM&amp;h=AT1JjsJEYjqNyC4jwwQ6gF47VbeQcezlFHU63xd1QpaJarjWbSr3-DnHL-dW-KhRr3e9OBIRptO7WDl7xR0Cipvg_dPlg64NrKlE1D1JLuVuLa3bYWrwyEZjsWtLIR48TTidKaUt1KzBSHv5Cr4rH9vrK3hqaYyet1IWyt5POOs5YgpnagNFxtDWyIOIWeNKM9s4kkyAR4WdHmdaJsX1Nvm4bTpzbdj4Jo9CuPDxe8iN7BcxzuJKoCSwv0dcL9c0_j5p0dCo6vtXZc96HFCSwyyS9vZQQj75lHfkXi6UALdVqJaCL-ASmprHbatt_PC-f8-k2QOsvWc4u38NyR4I5mC2wdsJEhvCE6sTfjTNiC_NMWTQYydYfwLCEpwDe8IiCV7w5qs48gjq1mBRBVkVxHRIcn1r1d4BLTtw5QBWkW8DlSrR_BjIYN2TLkf7Wtwdb5fhMo6U9MsdhLWrFgtbAyOgmRixGjQbDsH_97BXcE332khE51uBj718I5RRj2BFxJGJH5rsmojah7MH5MBk-8kzpX8FBl9YWvgH4XPyIlHwFihh8Ht0QhUrxW-zmBK-Ql1fptuNpWWJB_cQ1ScGAkGw_tBiklWCoQtyCyTPDnTlAAL2V5tCYB_twbJtSErWC2VwcQR3uIT7I00\" target=\"_blank\">2. Video 9. Woche<\/a><\/strong><\/p>\n<p><a href=\"http:\/\/collies-vom-floersbachtal.de\/cms\/wp-content\/uploads\/2018\/11\/Iceman-Mailo5.jpg\"><img loading=\"lazy\" decoding=\"async\" class=\"aligncenter size-full wp-image-25530\" title=\"Iceman-Mailo5\" src=\"http:\/\/collies-vom-floersbachtal.de\/cms\/wp-content\/uploads\/2018\/11\/Iceman-Mailo5.jpg\" alt=\"\" width=\"1000\" height=\"479\" srcset=\"https:\/\/collies-vom-floersbachtal.de\/cms\/wp-content\/uploads\/2018\/11\/Iceman-Mailo5.jpg 1000w, https:\/\/collies-vom-floersbachtal.de\/cms\/wp-content\/uploads\/2018\/11\/Iceman-Mailo5-300x143.jpg 300w\" sizes=\"auto, (max-width: 1000px) 100vw, 1000px\" \/><\/a>Isaboe fordert Windy zum Spielen an, die ist L\u00e4ufig\u00a0 \ud83d\ude09<a href=\"http:\/\/collies-vom-floersbachtal.de\/cms\/wp-content\/uploads\/2018\/11\/Indira-Greta2-mit-8-Wochen.jpg\"><img loading=\"lazy\" decoding=\"async\" class=\"aligncenter size-full wp-image-25531\" title=\"Indira-Greta2 mit 8 Wochen\" src=\"http:\/\/collies-vom-floersbachtal.de\/cms\/wp-content\/uploads\/2018\/11\/Indira-Greta2-mit-8-Wochen.jpg\" alt=\"\" width=\"1000\" height=\"542\" srcset=\"https:\/\/collies-vom-floersbachtal.de\/cms\/wp-content\/uploads\/2018\/11\/Indira-Greta2-mit-8-Wochen.jpg 1000w, https:\/\/collies-vom-floersbachtal.de\/cms\/wp-content\/uploads\/2018\/11\/Indira-Greta2-mit-8-Wochen-300x162.jpg 300w\" sizes=\"auto, (max-width: 1000px) 100vw, 1000px\" \/><\/a>Manchmal haben sie Ausgang \ud83d\ude09<a href=\"http:\/\/collies-vom-floersbachtal.de\/cms\/wp-content\/uploads\/2018\/11\/Inola-Hazel3.jpg\"><img loading=\"lazy\" decoding=\"async\" class=\"aligncenter size-medium wp-image-25532\" title=\"Inola-Hazel3\" src=\"http:\/\/collies-vom-floersbachtal.de\/cms\/wp-content\/uploads\/2018\/11\/Inola-Hazel3-241x300.jpg\" alt=\"\" width=\"241\" height=\"300\" srcset=\"https:\/\/collies-vom-floersbachtal.de\/cms\/wp-content\/uploads\/2018\/11\/Inola-Hazel3-241x300.jpg 241w, https:\/\/collies-vom-floersbachtal.de\/cms\/wp-content\/uploads\/2018\/11\/Inola-Hazel3-823x1024.jpg 823w, https:\/\/collies-vom-floersbachtal.de\/cms\/wp-content\/uploads\/2018\/11\/Inola-Hazel3.jpg 1000w\" sizes=\"auto, (max-width: 241px) 100vw, 241px\" \/><\/a><a href=\"http:\/\/collies-vom-floersbachtal.de\/cms\/wp-content\/uploads\/2018\/11\/Isaboe3.jpg\"><img loading=\"lazy\" decoding=\"async\" class=\"aligncenter size-full wp-image-25533\" title=\"Isaboe3\" src=\"http:\/\/collies-vom-floersbachtal.de\/cms\/wp-content\/uploads\/2018\/11\/Isaboe3.jpg\" alt=\"\" width=\"1000\" height=\"601\" srcset=\"https:\/\/collies-vom-floersbachtal.de\/cms\/wp-content\/uploads\/2018\/11\/Isaboe3.jpg 1000w, https:\/\/collies-vom-floersbachtal.de\/cms\/wp-content\/uploads\/2018\/11\/Isaboe3-300x180.jpg 300w\" sizes=\"auto, (max-width: 1000px) 100vw, 1000px\" \/><\/a><a href=\"http:\/\/collies-vom-floersbachtal.de\/cms\/wp-content\/uploads\/2018\/11\/Mama-mit-Welpen11.jpg\"><img loading=\"lazy\" decoding=\"async\" class=\"aligncenter size-full wp-image-25534\" title=\"Mama mit Welpen1\" src=\"http:\/\/collies-vom-floersbachtal.de\/cms\/wp-content\/uploads\/2018\/11\/Mama-mit-Welpen11.jpg\" alt=\"\" width=\"1000\" height=\"667\" srcset=\"https:\/\/collies-vom-floersbachtal.de\/cms\/wp-content\/uploads\/2018\/11\/Mama-mit-Welpen11.jpg 1000w, https:\/\/collies-vom-floersbachtal.de\/cms\/wp-content\/uploads\/2018\/11\/Mama-mit-Welpen11-300x200.jpg 300w\" sizes=\"auto, (max-width: 1000px) 100vw, 1000px\" \/><\/a>Mama und Indy im Schnee\u00a0<a href=\"http:\/\/collies-vom-floersbachtal.de\/cms\/wp-content\/uploads\/2018\/11\/Ivy41.jpg\"><img loading=\"lazy\" decoding=\"async\" class=\"aligncenter size-full wp-image-25535\" title=\"Ivy4\" src=\"http:\/\/collies-vom-floersbachtal.de\/cms\/wp-content\/uploads\/2018\/11\/Ivy41.jpg\" alt=\"\" width=\"1000\" height=\"1125\" srcset=\"https:\/\/collies-vom-floersbachtal.de\/cms\/wp-content\/uploads\/2018\/11\/Ivy41.jpg 1000w, https:\/\/collies-vom-floersbachtal.de\/cms\/wp-content\/uploads\/2018\/11\/Ivy41-266x300.jpg 266w, https:\/\/collies-vom-floersbachtal.de\/cms\/wp-content\/uploads\/2018\/11\/Ivy41-910x1024.jpg 910w\" sizes=\"auto, (max-width: 1000px) 100vw, 1000px\" \/><\/a>Ivy mal gaaanz lieb \ud83d\ude00 Nein sie ist schon wesentlich ruhiger geworden. \ud83d\ude42<a href=\"http:\/\/collies-vom-floersbachtal.de\/cms\/wp-content\/uploads\/2018\/11\/Windy-bei-den-Welpen1.jpg\"><img loading=\"lazy\" decoding=\"async\" class=\"aligncenter size-medium wp-image-25536\" title=\"Windy bei den Welpen1\" src=\"http:\/\/collies-vom-floersbachtal.de\/cms\/wp-content\/uploads\/2018\/11\/Windy-bei-den-Welpen1-259x300.jpg\" alt=\"\" width=\"259\" height=\"300\" srcset=\"https:\/\/collies-vom-floersbachtal.de\/cms\/wp-content\/uploads\/2018\/11\/Windy-bei-den-Welpen1-259x300.jpg 259w, https:\/\/collies-vom-floersbachtal.de\/cms\/wp-content\/uploads\/2018\/11\/Windy-bei-den-Welpen1-887x1024.jpg 887w, https:\/\/collies-vom-floersbachtal.de\/cms\/wp-content\/uploads\/2018\/11\/Windy-bei-den-Welpen1.jpg 1000w\" sizes=\"auto, (max-width: 259px) 100vw, 259px\" \/><\/a>Windy macht die Kinderg\u00e4rtnerin \ud83d\ude00<a href=\"http:\/\/collies-vom-floersbachtal.de\/cms\/wp-content\/uploads\/2018\/11\/Viktoria-mit-den-Welpen1.jpg\"><img loading=\"lazy\" decoding=\"async\" class=\"aligncenter size-full wp-image-25537\" title=\"Viktoria mit den Welpen1\" src=\"http:\/\/collies-vom-floersbachtal.de\/cms\/wp-content\/uploads\/2018\/11\/Viktoria-mit-den-Welpen1.jpg\" alt=\"\" width=\"1000\" height=\"554\" srcset=\"https:\/\/collies-vom-floersbachtal.de\/cms\/wp-content\/uploads\/2018\/11\/Viktoria-mit-den-Welpen1.jpg 1000w, https:\/\/collies-vom-floersbachtal.de\/cms\/wp-content\/uploads\/2018\/11\/Viktoria-mit-den-Welpen1-300x166.jpg 300w\" sizes=\"auto, (max-width: 1000px) 100vw, 1000px\" \/><\/a>Viktoria tastet sich auch mal langsam an die Kr\u00fcmel \ud83d\ude00<a href=\"http:\/\/collies-vom-floersbachtal.de\/cms\/wp-content\/uploads\/2018\/11\/Viktoria-und-Lia1.jpg\"><img loading=\"lazy\" decoding=\"async\" class=\"aligncenter size-full wp-image-25538\" title=\"Viktoria und Lia1\" src=\"http:\/\/collies-vom-floersbachtal.de\/cms\/wp-content\/uploads\/2018\/11\/Viktoria-und-Lia1.jpg\" alt=\"\" width=\"1000\" height=\"828\" srcset=\"https:\/\/collies-vom-floersbachtal.de\/cms\/wp-content\/uploads\/2018\/11\/Viktoria-und-Lia1.jpg 1000w, https:\/\/collies-vom-floersbachtal.de\/cms\/wp-content\/uploads\/2018\/11\/Viktoria-und-Lia1-300x248.jpg 300w\" sizes=\"auto, (max-width: 1000px) 100vw, 1000px\" \/><\/a>Aber mit Lia kann man besser Toben. \ud83d\ude09<a href=\"http:\/\/collies-vom-floersbachtal.de\/cms\/wp-content\/uploads\/2018\/11\/Iceman-Mylo-und-Inola-Hazel1-mit-8-Wochen.jpg\"><img loading=\"lazy\" decoding=\"async\" class=\"aligncenter size-full wp-image-25539\" title=\"Iceman-Mylo und Inola-Hazel1 mit 8 Wochen\" src=\"http:\/\/collies-vom-floersbachtal.de\/cms\/wp-content\/uploads\/2018\/11\/Iceman-Mylo-und-Inola-Hazel1-mit-8-Wochen.jpg\" alt=\"\" width=\"1000\" height=\"813\" srcset=\"https:\/\/collies-vom-floersbachtal.de\/cms\/wp-content\/uploads\/2018\/11\/Iceman-Mylo-und-Inola-Hazel1-mit-8-Wochen.jpg 1000w, https:\/\/collies-vom-floersbachtal.de\/cms\/wp-content\/uploads\/2018\/11\/Iceman-Mylo-und-Inola-Hazel1-mit-8-Wochen-300x243.jpg 300w\" sizes=\"auto, (max-width: 1000px) 100vw, 1000px\" \/><\/a>Die s\u00fc\u00dfen Zwillinge Iceman-Mylo und Inola-Hazel beobachten den Staubsauger.\u00a0<strong><\/strong><\/p>\n<p><strong>28.01.19<\/strong> Neuigkeiten von der Rest Gang \ud83d\ude09\u00a0 Wir werden immer lieber sagen die Zweibeiner, sogar unsere Kravallies Indira-Greta und Ivy sind sowas von schmusig und lieb geworden, dass man sie am liebsten selber behalten m\u00f6chte. \ud83d\ude00 Deshalb hier ein paar aktuelle\u00a0 Fotos der S\u00fc\u00dfen.<a href=\"http:\/\/collies-vom-floersbachtal.de\/cms\/wp-content\/uploads\/2018\/11\/Greta-und-Ururoma11.jpg\"><img loading=\"lazy\" decoding=\"async\" class=\"aligncenter size-medium wp-image-25550\" title=\"Greta und Ururoma1\" src=\"http:\/\/collies-vom-floersbachtal.de\/cms\/wp-content\/uploads\/2018\/11\/Greta-und-Ururoma11-300x201.jpg\" alt=\"\" width=\"300\" height=\"201\" srcset=\"https:\/\/collies-vom-floersbachtal.de\/cms\/wp-content\/uploads\/2018\/11\/Greta-und-Ururoma11-300x201.jpg 300w, https:\/\/collies-vom-floersbachtal.de\/cms\/wp-content\/uploads\/2018\/11\/Greta-und-Ururoma11.jpg 1000w\" sizes=\"auto, (max-width: 300px) 100vw, 300px\" \/><\/a>Wer braucht schon Schule??? Greta will Ururoma beschwichtigen, aber alles n\u00fctzt nichts, jeder mu\u00df lernen&#8230;\u00a0<a href=\"http:\/\/collies-vom-floersbachtal.de\/cms\/wp-content\/uploads\/2018\/11\/Isaboe5.jpg\"><img loading=\"lazy\" decoding=\"async\" class=\"aligncenter size-medium wp-image-25551\" title=\"Isaboe5\" src=\"http:\/\/collies-vom-floersbachtal.de\/cms\/wp-content\/uploads\/2018\/11\/Isaboe5-300x284.jpg\" alt=\"\" width=\"300\" height=\"284\" srcset=\"https:\/\/collies-vom-floersbachtal.de\/cms\/wp-content\/uploads\/2018\/11\/Isaboe5-300x284.jpg 300w, https:\/\/collies-vom-floersbachtal.de\/cms\/wp-content\/uploads\/2018\/11\/Isaboe5.jpg 1000w\" sizes=\"auto, (max-width: 300px) 100vw, 300px\" \/><\/a><a href=\"http:\/\/collies-vom-floersbachtal.de\/cms\/wp-content\/uploads\/2018\/11\/Isaboe-vor-dem-Auszug2.jpg\"><img loading=\"lazy\" decoding=\"async\" class=\"aligncenter size-full wp-image-25552\" title=\"Isaboe vor dem Auszug2\" src=\"http:\/\/collies-vom-floersbachtal.de\/cms\/wp-content\/uploads\/2018\/11\/Isaboe-vor-dem-Auszug2.jpg\" alt=\"\" width=\"1000\" height=\"667\" srcset=\"https:\/\/collies-vom-floersbachtal.de\/cms\/wp-content\/uploads\/2018\/11\/Isaboe-vor-dem-Auszug2.jpg 1000w, https:\/\/collies-vom-floersbachtal.de\/cms\/wp-content\/uploads\/2018\/11\/Isaboe-vor-dem-Auszug2-300x200.jpg 300w\" sizes=\"auto, (max-width: 1000px) 100vw, 1000px\" \/><\/a>Die letzten Fotos vor dem Auszug und mit leerem Magen, da schl\u00e4ft man am besten wenn man alleine im Auslauf wartet. \ud83d\ude09<a href=\"http:\/\/collies-vom-floersbachtal.de\/cms\/wp-content\/uploads\/2018\/11\/Indy4-mit-85-Wochen.jpg\"><img loading=\"lazy\" decoding=\"async\" class=\"aligncenter size-full wp-image-25553\" title=\"Indy4 mit 8,5 Wochen\" src=\"http:\/\/collies-vom-floersbachtal.de\/cms\/wp-content\/uploads\/2018\/11\/Indy4-mit-85-Wochen.jpg\" alt=\"\" width=\"1000\" height=\"867\" srcset=\"https:\/\/collies-vom-floersbachtal.de\/cms\/wp-content\/uploads\/2018\/11\/Indy4-mit-85-Wochen.jpg 1000w, https:\/\/collies-vom-floersbachtal.de\/cms\/wp-content\/uploads\/2018\/11\/Indy4-mit-85-Wochen-300x260.jpg 300w\" sizes=\"auto, (max-width: 1000px) 100vw, 1000px\" \/><\/a>Indy allein zu Haus&#8230; \ud83d\ude1b<a href=\"http:\/\/collies-vom-floersbachtal.de\/cms\/wp-content\/uploads\/2018\/11\/Indy3-mit-85-Wochen.jpg\"><img loading=\"lazy\" decoding=\"async\" class=\"aligncenter size-medium wp-image-25554\" title=\"Indy3 mit 8,5 Wochen\" src=\"http:\/\/collies-vom-floersbachtal.de\/cms\/wp-content\/uploads\/2018\/11\/Indy3-mit-85-Wochen-268x300.jpg\" alt=\"\" width=\"268\" height=\"300\" srcset=\"https:\/\/collies-vom-floersbachtal.de\/cms\/wp-content\/uploads\/2018\/11\/Indy3-mit-85-Wochen-268x300.jpg 268w, https:\/\/collies-vom-floersbachtal.de\/cms\/wp-content\/uploads\/2018\/11\/Indy3-mit-85-Wochen-915x1024.jpg 915w, https:\/\/collies-vom-floersbachtal.de\/cms\/wp-content\/uploads\/2018\/11\/Indy3-mit-85-Wochen.jpg 1000w\" sizes=\"auto, (max-width: 268px) 100vw, 268px\" \/><\/a><a href=\"http:\/\/collies-vom-floersbachtal.de\/cms\/wp-content\/uploads\/2018\/11\/Michl1-mit-85-Wochen.jpg\"><img loading=\"lazy\" decoding=\"async\" class=\"aligncenter size-medium wp-image-25555\" title=\"Michl1 mit 8,5 Wochen\" src=\"http:\/\/collies-vom-floersbachtal.de\/cms\/wp-content\/uploads\/2018\/11\/Michl1-mit-85-Wochen-283x300.jpg\" alt=\"\" width=\"283\" height=\"300\" srcset=\"https:\/\/collies-vom-floersbachtal.de\/cms\/wp-content\/uploads\/2018\/11\/Michl1-mit-85-Wochen-283x300.jpg 283w, https:\/\/collies-vom-floersbachtal.de\/cms\/wp-content\/uploads\/2018\/11\/Michl1-mit-85-Wochen-968x1024.jpg 968w, https:\/\/collies-vom-floersbachtal.de\/cms\/wp-content\/uploads\/2018\/11\/Michl1-mit-85-Wochen.jpg 1000w\" sizes=\"auto, (max-width: 283px) 100vw, 283px\" \/><\/a>Michl&#8230; wie seine Mama, abhauen wenn die Kamera kommt. \ud83d\ude1b<a href=\"http:\/\/collies-vom-floersbachtal.de\/cms\/wp-content\/uploads\/2018\/11\/Ivy3-mit-85-Wochen.jpg\"><img loading=\"lazy\" decoding=\"async\" class=\"aligncenter size-full wp-image-25556\" title=\"Ivy3 mit 8,5 Wochen\" src=\"http:\/\/collies-vom-floersbachtal.de\/cms\/wp-content\/uploads\/2018\/11\/Ivy3-mit-85-Wochen.jpg\" alt=\"\" width=\"1000\" height=\"600\" srcset=\"https:\/\/collies-vom-floersbachtal.de\/cms\/wp-content\/uploads\/2018\/11\/Ivy3-mit-85-Wochen.jpg 1000w, https:\/\/collies-vom-floersbachtal.de\/cms\/wp-content\/uploads\/2018\/11\/Ivy3-mit-85-Wochen-300x180.jpg 300w\" sizes=\"auto, (max-width: 1000px) 100vw, 1000px\" \/><\/a>Bei Ivy genau das Gegenteil, sehr fotogen. \ud83d\ude00<a href=\"http:\/\/collies-vom-floersbachtal.de\/cms\/wp-content\/uploads\/2018\/11\/Mylo1-vor-der-Abreise.jpg\"><img loading=\"lazy\" decoding=\"async\" class=\"aligncenter size-medium wp-image-25557\" title=\"Mylo1 vor der Abreise\" src=\"http:\/\/collies-vom-floersbachtal.de\/cms\/wp-content\/uploads\/2018\/11\/Mylo1-vor-der-Abreise-296x300.jpg\" alt=\"\" width=\"296\" height=\"300\" srcset=\"https:\/\/collies-vom-floersbachtal.de\/cms\/wp-content\/uploads\/2018\/11\/Mylo1-vor-der-Abreise-296x300.jpg 296w, https:\/\/collies-vom-floersbachtal.de\/cms\/wp-content\/uploads\/2018\/11\/Mylo1-vor-der-Abreise.jpg 627w\" sizes=\"auto, (max-width: 296px) 100vw, 296px\" \/><\/a>Mylo hat \u00fcbrigens auch so sch\u00f6n vor seiner Abreise geschlafen. \ud83d\ude00<a href=\"http:\/\/collies-vom-floersbachtal.de\/cms\/wp-content\/uploads\/2018\/11\/Ivy2-mit-85-Wochen.jpg\"><img loading=\"lazy\" decoding=\"async\" class=\"aligncenter size-medium wp-image-25558\" title=\"Ivy2 mit 8,5 Wochen\" src=\"http:\/\/collies-vom-floersbachtal.de\/cms\/wp-content\/uploads\/2018\/11\/Ivy2-mit-85-Wochen-300x276.jpg\" alt=\"\" width=\"300\" height=\"276\" srcset=\"https:\/\/collies-vom-floersbachtal.de\/cms\/wp-content\/uploads\/2018\/11\/Ivy2-mit-85-Wochen-300x276.jpg 300w, https:\/\/collies-vom-floersbachtal.de\/cms\/wp-content\/uploads\/2018\/11\/Ivy2-mit-85-Wochen.jpg 1000w\" sizes=\"auto, (max-width: 300px) 100vw, 300px\" \/><\/a><a href=\"http:\/\/collies-vom-floersbachtal.de\/cms\/wp-content\/uploads\/2018\/11\/Indy11-mit-85-Wochen.jpg\"><img loading=\"lazy\" decoding=\"async\" class=\"aligncenter size-medium wp-image-25559\" title=\"Indy11 mit 8,5 Wochen\" src=\"http:\/\/collies-vom-floersbachtal.de\/cms\/wp-content\/uploads\/2018\/11\/Indy11-mit-85-Wochen-300x248.jpg\" alt=\"\" width=\"300\" height=\"248\" srcset=\"https:\/\/collies-vom-floersbachtal.de\/cms\/wp-content\/uploads\/2018\/11\/Indy11-mit-85-Wochen-300x248.jpg 300w, https:\/\/collies-vom-floersbachtal.de\/cms\/wp-content\/uploads\/2018\/11\/Indy11-mit-85-Wochen.jpg 1000w\" sizes=\"auto, (max-width: 300px) 100vw, 300px\" \/><\/a><a href=\"http:\/\/collies-vom-floersbachtal.de\/cms\/wp-content\/uploads\/2018\/11\/Indira-Greta3-mit-85-Wochen.jpg\"><img loading=\"lazy\" decoding=\"async\" class=\"aligncenter size-medium wp-image-25561\" title=\"Indira-Greta3 mit 8,5  Wochen\" src=\"http:\/\/collies-vom-floersbachtal.de\/cms\/wp-content\/uploads\/2018\/11\/Indira-Greta3-mit-85-Wochen-256x300.jpg\" alt=\"\" width=\"256\" height=\"300\" srcset=\"https:\/\/collies-vom-floersbachtal.de\/cms\/wp-content\/uploads\/2018\/11\/Indira-Greta3-mit-85-Wochen-256x300.jpg 256w, https:\/\/collies-vom-floersbachtal.de\/cms\/wp-content\/uploads\/2018\/11\/Indira-Greta3-mit-85-Wochen-875x1024.jpg 875w, https:\/\/collies-vom-floersbachtal.de\/cms\/wp-content\/uploads\/2018\/11\/Indira-Greta3-mit-85-Wochen.jpg 1000w\" sizes=\"auto, (max-width: 256px) 100vw, 256px\" \/><\/a>Alles mu\u00df untersucht werden.<a href=\"http:\/\/collies-vom-floersbachtal.de\/cms\/wp-content\/uploads\/2018\/11\/Ivy1-mit-85-Wochen.jpg\"><img loading=\"lazy\" decoding=\"async\" class=\"aligncenter size-full wp-image-25562\" title=\"Ivy1 mit 8,5 Wochen\" src=\"http:\/\/collies-vom-floersbachtal.de\/cms\/wp-content\/uploads\/2018\/11\/Ivy1-mit-85-Wochen.jpg\" alt=\"\" width=\"1000\" height=\"909\" srcset=\"https:\/\/collies-vom-floersbachtal.de\/cms\/wp-content\/uploads\/2018\/11\/Ivy1-mit-85-Wochen.jpg 1000w, https:\/\/collies-vom-floersbachtal.de\/cms\/wp-content\/uploads\/2018\/11\/Ivy1-mit-85-Wochen-300x272.jpg 300w\" sizes=\"auto, (max-width: 1000px) 100vw, 1000px\" \/><\/a><a href=\"http:\/\/collies-vom-floersbachtal.de\/cms\/wp-content\/uploads\/2018\/11\/Hazel-und-Indy2-85-Wochen.jpg\"><img loading=\"lazy\" decoding=\"async\" class=\"aligncenter size-full wp-image-25564\" title=\"Hazel und Indy2 8,5 Wochen\" src=\"http:\/\/collies-vom-floersbachtal.de\/cms\/wp-content\/uploads\/2018\/11\/Hazel-und-Indy2-85-Wochen.jpg\" alt=\"\" width=\"1000\" height=\"685\" srcset=\"https:\/\/collies-vom-floersbachtal.de\/cms\/wp-content\/uploads\/2018\/11\/Hazel-und-Indy2-85-Wochen.jpg 1000w, https:\/\/collies-vom-floersbachtal.de\/cms\/wp-content\/uploads\/2018\/11\/Hazel-und-Indy2-85-Wochen-300x205.jpg 300w\" sizes=\"auto, (max-width: 1000px) 100vw, 1000px\" \/><\/a><a href=\"http:\/\/collies-vom-floersbachtal.de\/cms\/wp-content\/uploads\/2018\/11\/Hazel-und-Indy3-85-Wochen.jpg\"><img loading=\"lazy\" decoding=\"async\" class=\"aligncenter size-full wp-image-25565\" title=\"Hazel und Indy3 8,5 Wochen\" src=\"http:\/\/collies-vom-floersbachtal.de\/cms\/wp-content\/uploads\/2018\/11\/Hazel-und-Indy3-85-Wochen.jpg\" alt=\"\" width=\"1000\" height=\"910\" srcset=\"https:\/\/collies-vom-floersbachtal.de\/cms\/wp-content\/uploads\/2018\/11\/Hazel-und-Indy3-85-Wochen.jpg 1000w, https:\/\/collies-vom-floersbachtal.de\/cms\/wp-content\/uploads\/2018\/11\/Hazel-und-Indy3-85-Wochen-300x273.jpg 300w\" sizes=\"auto, (max-width: 1000px) 100vw, 1000px\" \/><\/a>So, alle sind gut getroffen, jetzt gehen wir auf Jagdt&#8230; Michl aufnehmen. \ud83d\ude09 Zum Abschluss gibt es noch ein Gute Nacht Video: <strong><a title=\"3. Video 9. Woche\" href=\"https:\/\/youtu.be\/5tMzeXcKf38\" target=\"_blank\">3. Video 9. Woche<\/a><\/strong><\/p>\n<p><strong>30.01.19<\/strong> Juhu ein Tag im Schnee, guckst du&#8230; <strong><a title=\"4. Video 9. Woche\" href=\"https:\/\/youtu.be\/zMBkcgxRPYM\" target=\"_blank\">4. Video 9.Woche<\/a><\/strong><\/p>\n<p><strong>31.01.19\u00a0 <\/strong>Sch\u00f6ne Aufnahmen aus dem Winterkindergarten, die wollen wir euch nat\u00fcrlich nicht vorenthalten, zumal es langsam immer mehr Kr\u00fcmel in die weite Welt zieht. Heute Abend zieht unsere s\u00fc\u00dfe Greta aus. Dann sind es nur noch 4 der Bande \ud83d\ude42<a href=\"http:\/\/collies-vom-floersbachtal.de\/cms\/wp-content\/uploads\/2018\/11\/Alle4-mit-9-Wochen.jpg\"><img loading=\"lazy\" decoding=\"async\" class=\"aligncenter size-full wp-image-25669\" title=\"Alle4 mit 9 Wochen\" src=\"http:\/\/collies-vom-floersbachtal.de\/cms\/wp-content\/uploads\/2018\/11\/Alle4-mit-9-Wochen.jpg\" alt=\"\" width=\"1000\" height=\"602\" srcset=\"https:\/\/collies-vom-floersbachtal.de\/cms\/wp-content\/uploads\/2018\/11\/Alle4-mit-9-Wochen.jpg 1000w, https:\/\/collies-vom-floersbachtal.de\/cms\/wp-content\/uploads\/2018\/11\/Alle4-mit-9-Wochen-300x180.jpg 300w\" sizes=\"auto, (max-width: 1000px) 100vw, 1000px\" \/><\/a><br \/>\nAlle warten das die T\u00fcr aufgeht. \ud83d\ude09<br \/>\n<a href=\"http:\/\/collies-vom-floersbachtal.de\/cms\/wp-content\/uploads\/2018\/11\/Hazel-Ivy-und-Mama1.jpg\"><img loading=\"lazy\" decoding=\"async\" class=\"aligncenter size-medium wp-image-25670\" title=\"Hazel, Ivy und Mama1\" src=\"http:\/\/collies-vom-floersbachtal.de\/cms\/wp-content\/uploads\/2018\/11\/Hazel-Ivy-und-Mama1-300x165.jpg\" alt=\"\" width=\"300\" height=\"165\" srcset=\"https:\/\/collies-vom-floersbachtal.de\/cms\/wp-content\/uploads\/2018\/11\/Hazel-Ivy-und-Mama1-300x165.jpg 300w, https:\/\/collies-vom-floersbachtal.de\/cms\/wp-content\/uploads\/2018\/11\/Hazel-Ivy-und-Mama1.jpg 1000w\" sizes=\"auto, (max-width: 300px) 100vw, 300px\" \/><\/a> Was gibt es sch\u00f6neres als mit Mama zu toben.<a href=\"http:\/\/collies-vom-floersbachtal.de\/cms\/wp-content\/uploads\/2018\/11\/Indy6-mit-9-Wochen.jpg\"><img loading=\"lazy\" decoding=\"async\" class=\"aligncenter size-medium wp-image-25671\" title=\"Indy6 mit 9 Wochen\" src=\"http:\/\/collies-vom-floersbachtal.de\/cms\/wp-content\/uploads\/2018\/11\/Indy6-mit-9-Wochen-300x204.jpg\" alt=\"\" width=\"300\" height=\"204\" srcset=\"https:\/\/collies-vom-floersbachtal.de\/cms\/wp-content\/uploads\/2018\/11\/Indy6-mit-9-Wochen-300x204.jpg 300w, https:\/\/collies-vom-floersbachtal.de\/cms\/wp-content\/uploads\/2018\/11\/Indy6-mit-9-Wochen.jpg 1000w\" sizes=\"auto, (max-width: 300px) 100vw, 300px\" \/><\/a> Wo seid ihr denn alle???<br \/>\n<a href=\"http:\/\/collies-vom-floersbachtal.de\/cms\/wp-content\/uploads\/2018\/11\/Ivy-und-Mama2-mit-9-Wochen.jpg\"><img loading=\"lazy\" decoding=\"async\" class=\"aligncenter size-medium wp-image-25672\" title=\"Ivy und Mama2 mit 9 Wochen\" src=\"http:\/\/collies-vom-floersbachtal.de\/cms\/wp-content\/uploads\/2018\/11\/Ivy-und-Mama2-mit-9-Wochen-300x218.jpg\" alt=\"\" width=\"300\" height=\"218\" srcset=\"https:\/\/collies-vom-floersbachtal.de\/cms\/wp-content\/uploads\/2018\/11\/Ivy-und-Mama2-mit-9-Wochen-300x218.jpg 300w, https:\/\/collies-vom-floersbachtal.de\/cms\/wp-content\/uploads\/2018\/11\/Ivy-und-Mama2-mit-9-Wochen.jpg 1000w\" sizes=\"auto, (max-width: 300px) 100vw, 300px\" \/><\/a><a href=\"http:\/\/collies-vom-floersbachtal.de\/cms\/wp-content\/uploads\/2018\/11\/Michl-und-Hazel1.jpg\"><img loading=\"lazy\" decoding=\"async\" class=\"aligncenter size-medium wp-image-25673\" title=\"Michl und Hazel1\" src=\"http:\/\/collies-vom-floersbachtal.de\/cms\/wp-content\/uploads\/2018\/11\/Michl-und-Hazel1-185x300.jpg\" alt=\"\" width=\"185\" height=\"300\" srcset=\"https:\/\/collies-vom-floersbachtal.de\/cms\/wp-content\/uploads\/2018\/11\/Michl-und-Hazel1-185x300.jpg 185w, https:\/\/collies-vom-floersbachtal.de\/cms\/wp-content\/uploads\/2018\/11\/Michl-und-Hazel1-632x1024.jpg 632w, https:\/\/collies-vom-floersbachtal.de\/cms\/wp-content\/uploads\/2018\/11\/Michl-und-Hazel1.jpg 1000w\" sizes=\"auto, (max-width: 185px) 100vw, 185px\" \/><\/a> Na warte ich krieg dich&#8230;<a href=\"http:\/\/collies-vom-floersbachtal.de\/cms\/wp-content\/uploads\/2018\/11\/Michl6-mit-9-Wochen.jpg\"><img loading=\"lazy\" decoding=\"async\" class=\"aligncenter size-full wp-image-25674\" title=\"Michl6 mit 9 Wochen\" src=\"http:\/\/collies-vom-floersbachtal.de\/cms\/wp-content\/uploads\/2018\/11\/Michl6-mit-9-Wochen.jpg\" alt=\"\" width=\"1000\" height=\"538\" srcset=\"https:\/\/collies-vom-floersbachtal.de\/cms\/wp-content\/uploads\/2018\/11\/Michl6-mit-9-Wochen.jpg 1000w, https:\/\/collies-vom-floersbachtal.de\/cms\/wp-content\/uploads\/2018\/11\/Michl6-mit-9-Wochen-300x161.jpg 300w\" sizes=\"auto, (max-width: 1000px) 100vw, 1000px\" \/><\/a> Hiiiilfe ich versinke &#8230;<a href=\"http:\/\/collies-vom-floersbachtal.de\/cms\/wp-content\/uploads\/2018\/11\/Hazel12-mit-9-Wochen.jpg\"><img loading=\"lazy\" decoding=\"async\" class=\"aligncenter size-medium wp-image-25675\" title=\"Hazel12 mit 9 Wochen\" src=\"http:\/\/collies-vom-floersbachtal.de\/cms\/wp-content\/uploads\/2018\/11\/Hazel12-mit-9-Wochen-300x214.jpg\" alt=\"\" width=\"300\" height=\"214\" srcset=\"https:\/\/collies-vom-floersbachtal.de\/cms\/wp-content\/uploads\/2018\/11\/Hazel12-mit-9-Wochen-300x214.jpg 300w, https:\/\/collies-vom-floersbachtal.de\/cms\/wp-content\/uploads\/2018\/11\/Hazel12-mit-9-Wochen.jpg 1000w\" sizes=\"auto, (max-width: 300px) 100vw, 300px\" \/><\/a> stell dich nicht so an Michl \ud83d\ude42<a href=\"http:\/\/collies-vom-floersbachtal.de\/cms\/wp-content\/uploads\/2018\/11\/Mich-und-Indy1-mit-9-wochen.jpg\"><img loading=\"lazy\" decoding=\"async\" class=\"aligncenter size-medium wp-image-25676\" title=\"Mich und Indy1 mit 9 wochen\" src=\"http:\/\/collies-vom-floersbachtal.de\/cms\/wp-content\/uploads\/2018\/11\/Mich-und-Indy1-mit-9-wochen-300x264.jpg\" alt=\"\" width=\"300\" height=\"264\" srcset=\"https:\/\/collies-vom-floersbachtal.de\/cms\/wp-content\/uploads\/2018\/11\/Mich-und-Indy1-mit-9-wochen-300x264.jpg 300w, https:\/\/collies-vom-floersbachtal.de\/cms\/wp-content\/uploads\/2018\/11\/Mich-und-Indy1-mit-9-wochen.jpg 1000w\" sizes=\"auto, (max-width: 300px) 100vw, 300px\" \/><\/a> wo gehst denn hin Indy?<a href=\"http:\/\/collies-vom-floersbachtal.de\/cms\/wp-content\/uploads\/2018\/11\/Greta11-mit-9-Wochen.jpg\"><img loading=\"lazy\" decoding=\"async\" class=\"aligncenter size-medium wp-image-25677\" title=\"Greta11 mit 9 Wochen\" src=\"http:\/\/collies-vom-floersbachtal.de\/cms\/wp-content\/uploads\/2018\/11\/Greta11-mit-9-Wochen-256x300.jpg\" alt=\"\" width=\"256\" height=\"300\" srcset=\"https:\/\/collies-vom-floersbachtal.de\/cms\/wp-content\/uploads\/2018\/11\/Greta11-mit-9-Wochen-256x300.jpg 256w, https:\/\/collies-vom-floersbachtal.de\/cms\/wp-content\/uploads\/2018\/11\/Greta11-mit-9-Wochen-875x1024.jpg 875w, https:\/\/collies-vom-floersbachtal.de\/cms\/wp-content\/uploads\/2018\/11\/Greta11-mit-9-Wochen.jpg 1000w\" sizes=\"auto, (max-width: 256px) 100vw, 256px\" \/><\/a> Hallo ich will auch raus&#8230;<a href=\"http:\/\/collies-vom-floersbachtal.de\/cms\/wp-content\/uploads\/2018\/11\/Greta9-mit-9-Wochen.jpg\"><img loading=\"lazy\" decoding=\"async\" class=\"aligncenter size-full wp-image-25678\" title=\"Greta9 mit 9 Wochen\" src=\"http:\/\/collies-vom-floersbachtal.de\/cms\/wp-content\/uploads\/2018\/11\/Greta9-mit-9-Wochen.jpg\" alt=\"\" width=\"1000\" height=\"858\" srcset=\"https:\/\/collies-vom-floersbachtal.de\/cms\/wp-content\/uploads\/2018\/11\/Greta9-mit-9-Wochen.jpg 1000w, https:\/\/collies-vom-floersbachtal.de\/cms\/wp-content\/uploads\/2018\/11\/Greta9-mit-9-Wochen-300x257.jpg 300w\" sizes=\"auto, (max-width: 1000px) 100vw, 1000px\" \/><\/a> Toll, ich liebe Schnee \ud83d\ude00<a href=\"http:\/\/collies-vom-floersbachtal.de\/cms\/wp-content\/uploads\/2018\/11\/Greta-und-Indy1.jpg\"><img loading=\"lazy\" decoding=\"async\" class=\"aligncenter size-medium wp-image-25679\" title=\"Greta und Indy1\" src=\"http:\/\/collies-vom-floersbachtal.de\/cms\/wp-content\/uploads\/2018\/11\/Greta-und-Indy1-300x222.jpg\" alt=\"\" width=\"300\" height=\"222\" srcset=\"https:\/\/collies-vom-floersbachtal.de\/cms\/wp-content\/uploads\/2018\/11\/Greta-und-Indy1-300x222.jpg 300w, https:\/\/collies-vom-floersbachtal.de\/cms\/wp-content\/uploads\/2018\/11\/Greta-und-Indy1.jpg 1000w\" sizes=\"auto, (max-width: 300px) 100vw, 300px\" \/><\/a> <a href=\"http:\/\/collies-vom-floersbachtal.de\/cms\/wp-content\/uploads\/2018\/11\/Hazel-und-Greta2-9-Wochen.jpg\"><img loading=\"lazy\" decoding=\"async\" class=\"aligncenter size-medium wp-image-25680\" title=\"Hazel und Greta2 9 Wochen\" src=\"http:\/\/collies-vom-floersbachtal.de\/cms\/wp-content\/uploads\/2018\/11\/Hazel-und-Greta2-9-Wochen-272x300.jpg\" alt=\"\" width=\"272\" height=\"300\" srcset=\"https:\/\/collies-vom-floersbachtal.de\/cms\/wp-content\/uploads\/2018\/11\/Hazel-und-Greta2-9-Wochen-272x300.jpg 272w, https:\/\/collies-vom-floersbachtal.de\/cms\/wp-content\/uploads\/2018\/11\/Hazel-und-Greta2-9-Wochen-930x1024.jpg 930w, https:\/\/collies-vom-floersbachtal.de\/cms\/wp-content\/uploads\/2018\/11\/Hazel-und-Greta2-9-Wochen.jpg 1000w\" sizes=\"auto, (max-width: 272px) 100vw, 272px\" \/><\/a> komm doch, ich bin schneller<a href=\"http:\/\/collies-vom-floersbachtal.de\/cms\/wp-content\/uploads\/2018\/11\/Indy-und-Ivy2-mit-9-wochen.jpg\"><img loading=\"lazy\" decoding=\"async\" class=\"aligncenter size-medium wp-image-25681\" title=\"Indy und Ivy2 mit 9 wochen\" src=\"http:\/\/collies-vom-floersbachtal.de\/cms\/wp-content\/uploads\/2018\/11\/Indy-und-Ivy2-mit-9-wochen-300x251.jpg\" alt=\"\" width=\"300\" height=\"251\" srcset=\"https:\/\/collies-vom-floersbachtal.de\/cms\/wp-content\/uploads\/2018\/11\/Indy-und-Ivy2-mit-9-wochen-300x251.jpg 300w, https:\/\/collies-vom-floersbachtal.de\/cms\/wp-content\/uploads\/2018\/11\/Indy-und-Ivy2-mit-9-wochen.jpg 1000w\" sizes=\"auto, (max-width: 300px) 100vw, 300px\" \/><\/a> was wollen wir denn jetzt machen? <a href=\"http:\/\/collies-vom-floersbachtal.de\/cms\/wp-content\/uploads\/2018\/11\/Hazel13-mit-9-Wochen.jpg\"><img loading=\"lazy\" decoding=\"async\" class=\"aligncenter size-full wp-image-25682\" title=\"Hazel13 mit 9 Wochen\" src=\"http:\/\/collies-vom-floersbachtal.de\/cms\/wp-content\/uploads\/2018\/11\/Hazel13-mit-9-Wochen.jpg\" alt=\"\" width=\"1000\" height=\"1218\" srcset=\"https:\/\/collies-vom-floersbachtal.de\/cms\/wp-content\/uploads\/2018\/11\/Hazel13-mit-9-Wochen.jpg 1000w, https:\/\/collies-vom-floersbachtal.de\/cms\/wp-content\/uploads\/2018\/11\/Hazel13-mit-9-Wochen-246x300.jpg 246w, https:\/\/collies-vom-floersbachtal.de\/cms\/wp-content\/uploads\/2018\/11\/Hazel13-mit-9-Wochen-840x1024.jpg 840w\" sizes=\"auto, (max-width: 1000px) 100vw, 1000px\" \/><\/a> Manno, will auch raus<a href=\"http:\/\/collies-vom-floersbachtal.de\/cms\/wp-content\/uploads\/2018\/11\/Hazel4-mit-9-Wochen.jpg\"><img loading=\"lazy\" decoding=\"async\" class=\"aligncenter size-medium wp-image-25684\" title=\"Hazel4 mit 9 Wochen\" src=\"http:\/\/collies-vom-floersbachtal.de\/cms\/wp-content\/uploads\/2018\/11\/Hazel4-mit-9-Wochen-240x300.jpg\" alt=\"\" width=\"240\" height=\"300\" srcset=\"https:\/\/collies-vom-floersbachtal.de\/cms\/wp-content\/uploads\/2018\/11\/Hazel4-mit-9-Wochen-240x300.jpg 240w, https:\/\/collies-vom-floersbachtal.de\/cms\/wp-content\/uploads\/2018\/11\/Hazel4-mit-9-Wochen-821x1024.jpg 821w, https:\/\/collies-vom-floersbachtal.de\/cms\/wp-content\/uploads\/2018\/11\/Hazel4-mit-9-Wochen.jpg 1000w\" sizes=\"auto, (max-width: 240px) 100vw, 240px\" \/><\/a> na geht doch<a href=\"http:\/\/collies-vom-floersbachtal.de\/cms\/wp-content\/uploads\/2018\/11\/Michl-und-Hazel11.jpg\"><img loading=\"lazy\" decoding=\"async\" class=\"aligncenter size-medium wp-image-25685\" title=\"Michl und Hazel1\" src=\"http:\/\/collies-vom-floersbachtal.de\/cms\/wp-content\/uploads\/2018\/11\/Michl-und-Hazel11-185x300.jpg\" alt=\"\" width=\"185\" height=\"300\" srcset=\"https:\/\/collies-vom-floersbachtal.de\/cms\/wp-content\/uploads\/2018\/11\/Michl-und-Hazel11-185x300.jpg 185w, https:\/\/collies-vom-floersbachtal.de\/cms\/wp-content\/uploads\/2018\/11\/Michl-und-Hazel11-632x1024.jpg 632w, https:\/\/collies-vom-floersbachtal.de\/cms\/wp-content\/uploads\/2018\/11\/Michl-und-Hazel11.jpg 1000w\" sizes=\"auto, (max-width: 185px) 100vw, 185px\" \/><\/a> du lahme Ente kriegst mich nicht. \ud83d\ude09 <a href=\"http:\/\/collies-vom-floersbachtal.de\/cms\/wp-content\/uploads\/2018\/11\/Michl8-mit-9-Wochen.jpg\"><img loading=\"lazy\" decoding=\"async\" class=\"aligncenter size-medium wp-image-25686\" title=\"Michl8 mit 9 Wochen\" src=\"http:\/\/collies-vom-floersbachtal.de\/cms\/wp-content\/uploads\/2018\/11\/Michl8-mit-9-Wochen-300x267.jpg\" alt=\"\" width=\"300\" height=\"267\" srcset=\"https:\/\/collies-vom-floersbachtal.de\/cms\/wp-content\/uploads\/2018\/11\/Michl8-mit-9-Wochen-300x267.jpg 300w, https:\/\/collies-vom-floersbachtal.de\/cms\/wp-content\/uploads\/2018\/11\/Michl8-mit-9-Wochen.jpg 1000w\" sizes=\"auto, (max-width: 300px) 100vw, 300px\" \/><\/a> Michl taucht lieber ein<a href=\"http:\/\/collies-vom-floersbachtal.de\/cms\/wp-content\/uploads\/2018\/11\/Michl7-mit-9-Wochen.jpg\"><img loading=\"lazy\" decoding=\"async\" class=\"aligncenter size-full wp-image-25687\" title=\"Michl7 mit 9 Wochen\" src=\"http:\/\/collies-vom-floersbachtal.de\/cms\/wp-content\/uploads\/2018\/11\/Michl7-mit-9-Wochen.jpg\" alt=\"\" width=\"1000\" height=\"910\" srcset=\"https:\/\/collies-vom-floersbachtal.de\/cms\/wp-content\/uploads\/2018\/11\/Michl7-mit-9-Wochen.jpg 1000w, https:\/\/collies-vom-floersbachtal.de\/cms\/wp-content\/uploads\/2018\/11\/Michl7-mit-9-Wochen-300x273.jpg 300w\" sizes=\"auto, (max-width: 1000px) 100vw, 1000px\" \/><\/a> Ich bin eine kleine Robbe \ud83d\ude00<a href=\"http:\/\/collies-vom-floersbachtal.de\/cms\/wp-content\/uploads\/2018\/11\/Greta-und-Hazel1.jpg\"><img loading=\"lazy\" decoding=\"async\" class=\"aligncenter size-full wp-image-25688\" title=\"Greta und Hazel1\" src=\"http:\/\/collies-vom-floersbachtal.de\/cms\/wp-content\/uploads\/2018\/11\/Greta-und-Hazel1.jpg\" alt=\"\" width=\"1000\" height=\"914\" srcset=\"https:\/\/collies-vom-floersbachtal.de\/cms\/wp-content\/uploads\/2018\/11\/Greta-und-Hazel1.jpg 1000w, https:\/\/collies-vom-floersbachtal.de\/cms\/wp-content\/uploads\/2018\/11\/Greta-und-Hazel1-300x274.jpg 300w\" sizes=\"auto, (max-width: 1000px) 100vw, 1000px\" \/><\/a><a href=\"http:\/\/collies-vom-floersbachtal.de\/cms\/wp-content\/uploads\/2018\/11\/Greta1-mit-H\u00e4hnchenst\u00fcck.jpg\"><img loading=\"lazy\" decoding=\"async\" class=\"aligncenter size-full wp-image-25689\" title=\"Greta1 mit H\u00e4hnchenst\u00fcck\" src=\"http:\/\/collies-vom-floersbachtal.de\/cms\/wp-content\/uploads\/2018\/11\/Greta1-mit-H\u00e4hnchenst\u00fcck.jpg\" alt=\"\" width=\"1000\" height=\"893\" srcset=\"https:\/\/collies-vom-floersbachtal.de\/cms\/wp-content\/uploads\/2018\/11\/Greta1-mit-H\u00e4hnchenst\u00fcck.jpg 1000w, https:\/\/collies-vom-floersbachtal.de\/cms\/wp-content\/uploads\/2018\/11\/Greta1-mit-H\u00e4hnchenst\u00fcck-300x267.jpg 300w\" sizes=\"auto, (max-width: 1000px) 100vw, 1000px\" \/><\/a>Greta l\u00e4\u00dft es sich schmecken<a href=\"http:\/\/collies-vom-floersbachtal.de\/cms\/wp-content\/uploads\/2018\/11\/Hazel1-mit-H\u00e4hnchenknochen.jpg\"><img loading=\"lazy\" decoding=\"async\" class=\"aligncenter size-medium wp-image-25690\" title=\"Hazel1 mit H\u00e4hnchenknochen\" src=\"http:\/\/collies-vom-floersbachtal.de\/cms\/wp-content\/uploads\/2018\/11\/Hazel1-mit-H\u00e4hnchenknochen-300x270.jpg\" alt=\"\" width=\"300\" height=\"270\" srcset=\"https:\/\/collies-vom-floersbachtal.de\/cms\/wp-content\/uploads\/2018\/11\/Hazel1-mit-H\u00e4hnchenknochen-300x270.jpg 300w, https:\/\/collies-vom-floersbachtal.de\/cms\/wp-content\/uploads\/2018\/11\/Hazel1-mit-H\u00e4hnchenknochen.jpg 1000w\" sizes=\"auto, (max-width: 300px) 100vw, 300px\" \/><\/a> genau wie den anderen<a href=\"http:\/\/collies-vom-floersbachtal.de\/cms\/wp-content\/uploads\/2018\/11\/Michl1-mit-H\u00e4hnchenknochen.jpg\"><img loading=\"lazy\" decoding=\"async\" class=\"aligncenter size-medium wp-image-25691\" title=\"Michl1 mit H\u00e4hnchenknochen\" src=\"http:\/\/collies-vom-floersbachtal.de\/cms\/wp-content\/uploads\/2018\/11\/Michl1-mit-H\u00e4hnchenknochen-224x300.jpg\" alt=\"\" width=\"224\" height=\"300\" srcset=\"https:\/\/collies-vom-floersbachtal.de\/cms\/wp-content\/uploads\/2018\/11\/Michl1-mit-H\u00e4hnchenknochen-224x300.jpg 224w, https:\/\/collies-vom-floersbachtal.de\/cms\/wp-content\/uploads\/2018\/11\/Michl1-mit-H\u00e4hnchenknochen-767x1024.jpg 767w, https:\/\/collies-vom-floersbachtal.de\/cms\/wp-content\/uploads\/2018\/11\/Michl1-mit-H\u00e4hnchenknochen.jpg 1000w\" sizes=\"auto, (max-width: 224px) 100vw, 224px\" \/><\/a><a href=\"http:\/\/collies-vom-floersbachtal.de\/cms\/wp-content\/uploads\/2018\/11\/Indy1-mit-H\u00e4hnchenknochen.jpg\"><img loading=\"lazy\" decoding=\"async\" class=\"aligncenter size-medium wp-image-25692\" title=\"Indy1 mit H\u00e4hnchenknochen\" src=\"http:\/\/collies-vom-floersbachtal.de\/cms\/wp-content\/uploads\/2018\/11\/Indy1-mit-H\u00e4hnchenknochen-300x200.jpg\" alt=\"\" width=\"300\" height=\"200\" srcset=\"https:\/\/collies-vom-floersbachtal.de\/cms\/wp-content\/uploads\/2018\/11\/Indy1-mit-H\u00e4hnchenknochen-300x200.jpg 300w, https:\/\/collies-vom-floersbachtal.de\/cms\/wp-content\/uploads\/2018\/11\/Indy1-mit-H\u00e4hnchenknochen.jpg 1000w\" sizes=\"auto, (max-width: 300px) 100vw, 300px\" \/><\/a><a href=\"http:\/\/collies-vom-floersbachtal.de\/cms\/wp-content\/uploads\/2018\/11\/Michl-und-Mama1.jpg\"><img loading=\"lazy\" decoding=\"async\" class=\"aligncenter size-full wp-image-25693\" title=\"Michl und Mama1\" src=\"http:\/\/collies-vom-floersbachtal.de\/cms\/wp-content\/uploads\/2018\/11\/Michl-und-Mama1.jpg\" alt=\"\" width=\"1000\" height=\"646\" srcset=\"https:\/\/collies-vom-floersbachtal.de\/cms\/wp-content\/uploads\/2018\/11\/Michl-und-Mama1.jpg 1000w, https:\/\/collies-vom-floersbachtal.de\/cms\/wp-content\/uploads\/2018\/11\/Michl-und-Mama1-300x193.jpg 300w\" sizes=\"auto, (max-width: 1000px) 100vw, 1000px\" \/><\/a> Michl versucht sich als Ausbrecher<a href=\"http:\/\/collies-vom-floersbachtal.de\/cms\/wp-content\/uploads\/2018\/11\/Greta7-mit-9-Wochen.jpg\"><img loading=\"lazy\" decoding=\"async\" class=\"aligncenter size-full wp-image-25694\" title=\"Greta7 mit 9 Wochen\" src=\"http:\/\/collies-vom-floersbachtal.de\/cms\/wp-content\/uploads\/2018\/11\/Greta7-mit-9-Wochen.jpg\" alt=\"\" width=\"1000\" height=\"1141\" srcset=\"https:\/\/collies-vom-floersbachtal.de\/cms\/wp-content\/uploads\/2018\/11\/Greta7-mit-9-Wochen.jpg 1000w, https:\/\/collies-vom-floersbachtal.de\/cms\/wp-content\/uploads\/2018\/11\/Greta7-mit-9-Wochen-262x300.jpg 262w, https:\/\/collies-vom-floersbachtal.de\/cms\/wp-content\/uploads\/2018\/11\/Greta7-mit-9-Wochen-897x1024.jpg 897w\" sizes=\"auto, (max-width: 1000px) 100vw, 1000px\" \/><\/a> Greta mit Maulkorb, sie \u00fcbt schon mal, falls es mit dem Zug nach Hause geht. (Nein Conny hat einen Schrei bei ihrem Anblick losgelassen und Greta vor Schreck die Augen aufgerissen und den Becher festgehalten). \ud83d\ude1b Wir mu\u00dften aber auch lachen :-))<\/p>\n<p><strong>03.02.19<\/strong> So, nun kommen die letzten Aufnahmen und ein sch\u00f6nes Video von dem Festtagsabschiedfressen guckst du&#8230;<strong><a title=\"1. Video 10. Woche \" href=\"https:\/\/youtu.be\/IR8ZaI5gvvw\" target=\"_blank\">1. Video 10.Woche\u00a0<\/a><\/strong><\/p>\n<p><a href=\"http:\/\/collies-vom-floersbachtal.de\/cms\/wp-content\/uploads\/2018\/11\/Hazel-und-Ivy1-mit-H\u00e4hnchenknochen.jpg\"><img loading=\"lazy\" decoding=\"async\" class=\"aligncenter size-medium wp-image-25752\" title=\"Hazel und Ivy1 mit H\u00e4hnchenknochen\" src=\"http:\/\/collies-vom-floersbachtal.de\/cms\/wp-content\/uploads\/2018\/11\/Hazel-und-Ivy1-mit-H\u00e4hnchenknochen-297x300.jpg\" alt=\"\" width=\"297\" height=\"300\" srcset=\"https:\/\/collies-vom-floersbachtal.de\/cms\/wp-content\/uploads\/2018\/11\/Hazel-und-Ivy1-mit-H\u00e4hnchenknochen-297x300.jpg 297w, https:\/\/collies-vom-floersbachtal.de\/cms\/wp-content\/uploads\/2018\/11\/Hazel-und-Ivy1-mit-H\u00e4hnchenknochen.jpg 1000w\" sizes=\"auto, (max-width: 297px) 100vw, 297px\" \/><\/a>Lecker H\u00e4hnchenknochen <a href=\"http:\/\/collies-vom-floersbachtal.de\/cms\/wp-content\/uploads\/2018\/11\/Hazel-und-Ivy2-mit-H\u00e4hnchenknochen.jpg\"><img loading=\"lazy\" decoding=\"async\" class=\"aligncenter size-medium wp-image-25753\" title=\"Hazel und Ivy2 mit H\u00e4hnchenknochen\" src=\"http:\/\/collies-vom-floersbachtal.de\/cms\/wp-content\/uploads\/2018\/11\/Hazel-und-Ivy2-mit-H\u00e4hnchenknochen-300x288.jpg\" alt=\"\" width=\"300\" height=\"288\" srcset=\"https:\/\/collies-vom-floersbachtal.de\/cms\/wp-content\/uploads\/2018\/11\/Hazel-und-Ivy2-mit-H\u00e4hnchenknochen-300x288.jpg 300w, https:\/\/collies-vom-floersbachtal.de\/cms\/wp-content\/uploads\/2018\/11\/Hazel-und-Ivy2-mit-H\u00e4hnchenknochen.jpg 1000w\" sizes=\"auto, (max-width: 300px) 100vw, 300px\" \/><\/a><br \/>\n<a href=\"http:\/\/collies-vom-floersbachtal.de\/cms\/wp-content\/uploads\/2018\/11\/Hazel-und-Michl-mit-Mama1.jpg\"><img loading=\"lazy\" decoding=\"async\" class=\"aligncenter size-medium wp-image-25754\" title=\"Hazel und Michl mit Mama1\" src=\"http:\/\/collies-vom-floersbachtal.de\/cms\/wp-content\/uploads\/2018\/11\/Hazel-und-Michl-mit-Mama1-300x262.jpg\" alt=\"\" width=\"300\" height=\"262\" srcset=\"https:\/\/collies-vom-floersbachtal.de\/cms\/wp-content\/uploads\/2018\/11\/Hazel-und-Michl-mit-Mama1-300x262.jpg 300w, https:\/\/collies-vom-floersbachtal.de\/cms\/wp-content\/uploads\/2018\/11\/Hazel-und-Michl-mit-Mama1.jpg 1000w\" sizes=\"auto, (max-width: 300px) 100vw, 300px\" \/><\/a> bisschen Mama \u00e4rgern \ud83d\ude09<br \/>\n<a href=\"http:\/\/collies-vom-floersbachtal.de\/cms\/wp-content\/uploads\/2018\/11\/Hazel1-und-Papa.jpg\"><img loading=\"lazy\" decoding=\"async\" class=\"aligncenter size-medium wp-image-25755\" title=\"Hazel1 und Papa\" src=\"http:\/\/collies-vom-floersbachtal.de\/cms\/wp-content\/uploads\/2018\/11\/Hazel1-und-Papa-300x127.jpg\" alt=\"\" width=\"300\" height=\"127\" srcset=\"https:\/\/collies-vom-floersbachtal.de\/cms\/wp-content\/uploads\/2018\/11\/Hazel1-und-Papa-300x127.jpg 300w, https:\/\/collies-vom-floersbachtal.de\/cms\/wp-content\/uploads\/2018\/11\/Hazel1-und-Papa.jpg 1000w\" sizes=\"auto, (max-width: 300px) 100vw, 300px\" \/><\/a> Hazel mit Papa und Frauli <a href=\"http:\/\/collies-vom-floersbachtal.de\/cms\/wp-content\/uploads\/2018\/11\/Hazel1-und-Uroma.jpg\"><img loading=\"lazy\" decoding=\"async\" class=\"aligncenter size-full wp-image-25756\" title=\"Hazel1 und Uroma\" src=\"http:\/\/collies-vom-floersbachtal.de\/cms\/wp-content\/uploads\/2018\/11\/Hazel1-und-Uroma.jpg\" alt=\"\" width=\"1000\" height=\"475\" srcset=\"https:\/\/collies-vom-floersbachtal.de\/cms\/wp-content\/uploads\/2018\/11\/Hazel1-und-Uroma.jpg 1000w, https:\/\/collies-vom-floersbachtal.de\/cms\/wp-content\/uploads\/2018\/11\/Hazel1-und-Uroma-300x142.jpg 300w\" sizes=\"auto, (max-width: 1000px) 100vw, 1000px\" \/><\/a>Uroma darf auch noch mit aufs Bild<br \/>\n<a href=\"http:\/\/collies-vom-floersbachtal.de\/cms\/wp-content\/uploads\/2018\/11\/Indy-und-Ivy1-mit-9-wochen.jpg\"><img loading=\"lazy\" decoding=\"async\" class=\"aligncenter size-medium wp-image-25757\" title=\"Indy und Ivy1 mit 9 wochen\" src=\"http:\/\/collies-vom-floersbachtal.de\/cms\/wp-content\/uploads\/2018\/11\/Indy-und-Ivy1-mit-9-wochen-300x227.jpg\" alt=\"\" width=\"300\" height=\"227\" srcset=\"https:\/\/collies-vom-floersbachtal.de\/cms\/wp-content\/uploads\/2018\/11\/Indy-und-Ivy1-mit-9-wochen-300x227.jpg 300w, https:\/\/collies-vom-floersbachtal.de\/cms\/wp-content\/uploads\/2018\/11\/Indy-und-Ivy1-mit-9-wochen.jpg 1000w\" sizes=\"auto, (max-width: 300px) 100vw, 300px\" \/><\/a>Indy und Ivy \ud83d\ude00<a href=\"http:\/\/collies-vom-floersbachtal.de\/cms\/wp-content\/uploads\/2018\/11\/Indy2-mit-9-Wochen.jpg\"><img loading=\"lazy\" decoding=\"async\" class=\"aligncenter size-full wp-image-25758\" title=\"Indy2 mit 9 Wochen\" src=\"http:\/\/collies-vom-floersbachtal.de\/cms\/wp-content\/uploads\/2018\/11\/Indy2-mit-9-Wochen.jpg\" alt=\"\" width=\"1000\" height=\"667\" srcset=\"https:\/\/collies-vom-floersbachtal.de\/cms\/wp-content\/uploads\/2018\/11\/Indy2-mit-9-Wochen.jpg 1000w, https:\/\/collies-vom-floersbachtal.de\/cms\/wp-content\/uploads\/2018\/11\/Indy2-mit-9-Wochen-300x200.jpg 300w\" sizes=\"auto, (max-width: 1000px) 100vw, 1000px\" \/><\/a>Indy hat den tollen &#8222;Maulkorb&#8220; \ud83d\ude09<a href=\"http:\/\/collies-vom-floersbachtal.de\/cms\/wp-content\/uploads\/2018\/11\/Indy3-mit-9-Wochen.jpg\"><img loading=\"lazy\" decoding=\"async\" class=\"aligncenter size-medium wp-image-25759\" title=\"Indy3 mit 9 Wochen\" src=\"http:\/\/collies-vom-floersbachtal.de\/cms\/wp-content\/uploads\/2018\/11\/Indy3-mit-9-Wochen-300x200.jpg\" alt=\"\" width=\"300\" height=\"200\" srcset=\"https:\/\/collies-vom-floersbachtal.de\/cms\/wp-content\/uploads\/2018\/11\/Indy3-mit-9-Wochen-300x200.jpg 300w, https:\/\/collies-vom-floersbachtal.de\/cms\/wp-content\/uploads\/2018\/11\/Indy3-mit-9-Wochen.jpg 1000w\" sizes=\"auto, (max-width: 300px) 100vw, 300px\" \/><\/a>Meiner&#8230;<br \/>\n<a href=\"http:\/\/collies-vom-floersbachtal.de\/cms\/wp-content\/uploads\/2018\/11\/Ivy2-mit-H\u00e4hnchenknochen.jpg\"><img loading=\"lazy\" decoding=\"async\" class=\"aligncenter size-medium wp-image-25760\" title=\"Ivy2 mit H\u00e4hnchenknochen\" src=\"http:\/\/collies-vom-floersbachtal.de\/cms\/wp-content\/uploads\/2018\/11\/Ivy2-mit-H\u00e4hnchenknochen-300x215.jpg\" alt=\"\" width=\"300\" height=\"215\" srcset=\"https:\/\/collies-vom-floersbachtal.de\/cms\/wp-content\/uploads\/2018\/11\/Ivy2-mit-H\u00e4hnchenknochen-300x215.jpg 300w, https:\/\/collies-vom-floersbachtal.de\/cms\/wp-content\/uploads\/2018\/11\/Ivy2-mit-H\u00e4hnchenknochen.jpg 1000w\" sizes=\"auto, (max-width: 300px) 100vw, 300px\" \/><\/a><br \/>\n<a href=\"http:\/\/collies-vom-floersbachtal.de\/cms\/wp-content\/uploads\/2018\/11\/Ivy4-mit-H\u00e4hnchenknochen.jpg\"><img loading=\"lazy\" decoding=\"async\" class=\"aligncenter size-full wp-image-25762\" title=\"Ivy4 mit H\u00e4hnchenknochen\" src=\"http:\/\/collies-vom-floersbachtal.de\/cms\/wp-content\/uploads\/2018\/11\/Ivy4-mit-H\u00e4hnchenknochen.jpg\" alt=\"\" width=\"1000\" height=\"1090\" srcset=\"https:\/\/collies-vom-floersbachtal.de\/cms\/wp-content\/uploads\/2018\/11\/Ivy4-mit-H\u00e4hnchenknochen.jpg 1000w, https:\/\/collies-vom-floersbachtal.de\/cms\/wp-content\/uploads\/2018\/11\/Ivy4-mit-H\u00e4hnchenknochen-275x300.jpg 275w, https:\/\/collies-vom-floersbachtal.de\/cms\/wp-content\/uploads\/2018\/11\/Ivy4-mit-H\u00e4hnchenknochen-939x1024.jpg 939w\" sizes=\"auto, (max-width: 1000px) 100vw, 1000px\" \/><\/a>Ivy und ihr Knochen \ud83d\ude00<br \/>\n<a href=\"http:\/\/collies-vom-floersbachtal.de\/cms\/wp-content\/uploads\/2018\/11\/Mama-und-Oma1-Feb.19.jpg\"><img loading=\"lazy\" decoding=\"async\" class=\"aligncenter size-medium wp-image-25763\" title=\"Mama und Oma1 Feb.19\" src=\"http:\/\/collies-vom-floersbachtal.de\/cms\/wp-content\/uploads\/2018\/11\/Mama-und-Oma1-Feb.19-300x251.jpg\" alt=\"\" width=\"300\" height=\"251\" srcset=\"https:\/\/collies-vom-floersbachtal.de\/cms\/wp-content\/uploads\/2018\/11\/Mama-und-Oma1-Feb.19-300x251.jpg 300w, https:\/\/collies-vom-floersbachtal.de\/cms\/wp-content\/uploads\/2018\/11\/Mama-und-Oma1-Feb.19.jpg 1000w\" sizes=\"auto, (max-width: 300px) 100vw, 300px\" \/><\/a>derweil ruhen sich die Gro\u00dfen mal aus. So und nun kommen noch Bilder von Michl allein Zuhause, er hat das so super gemeistert, kein gemecker alles sehr souver\u00e4n aktzeptiert. Toller Bub <a href=\"http:\/\/collies-vom-floersbachtal.de\/cms\/wp-content\/uploads\/2018\/11\/Michl1-allein-Zuhaus.jpg\"><img loading=\"lazy\" decoding=\"async\" class=\"aligncenter size-medium wp-image-25764\" title=\"Michl1 allein Zuhaus\" src=\"http:\/\/collies-vom-floersbachtal.de\/cms\/wp-content\/uploads\/2018\/11\/Michl1-allein-Zuhaus-300x188.jpg\" alt=\"\" width=\"300\" height=\"188\" srcset=\"https:\/\/collies-vom-floersbachtal.de\/cms\/wp-content\/uploads\/2018\/11\/Michl1-allein-Zuhaus-300x188.jpg 300w, https:\/\/collies-vom-floersbachtal.de\/cms\/wp-content\/uploads\/2018\/11\/Michl1-allein-Zuhaus.jpg 1000w\" sizes=\"auto, (max-width: 300px) 100vw, 300px\" \/><\/a> Omas Korb untersuchen, mu\u00df sein<a href=\"http:\/\/collies-vom-floersbachtal.de\/cms\/wp-content\/uploads\/2018\/11\/Michl3-allein-Zuhaus.jpg\"><img loading=\"lazy\" decoding=\"async\" class=\"aligncenter size-medium wp-image-25765\" title=\"Michl3 allein Zuhaus\" src=\"http:\/\/collies-vom-floersbachtal.de\/cms\/wp-content\/uploads\/2018\/11\/Michl3-allein-Zuhaus-300x237.jpg\" alt=\"\" width=\"300\" height=\"237\" srcset=\"https:\/\/collies-vom-floersbachtal.de\/cms\/wp-content\/uploads\/2018\/11\/Michl3-allein-Zuhaus-300x237.jpg 300w, https:\/\/collies-vom-floersbachtal.de\/cms\/wp-content\/uploads\/2018\/11\/Michl3-allein-Zuhaus.jpg 1000w\" sizes=\"auto, (max-width: 300px) 100vw, 300px\" \/><\/a> Frauli, machst du mir jetzt Futter???<br \/>\n<a href=\"http:\/\/collies-vom-floersbachtal.de\/cms\/wp-content\/uploads\/2018\/11\/Michl3-mit-9-Wochen.jpg\"><img loading=\"lazy\" decoding=\"async\" class=\"aligncenter size-full wp-image-25766\" title=\"Michl3 mit 9 Wochen\" src=\"http:\/\/collies-vom-floersbachtal.de\/cms\/wp-content\/uploads\/2018\/11\/Michl3-mit-9-Wochen.jpg\" alt=\"\" width=\"1000\" height=\"961\" srcset=\"https:\/\/collies-vom-floersbachtal.de\/cms\/wp-content\/uploads\/2018\/11\/Michl3-mit-9-Wochen.jpg 1000w, https:\/\/collies-vom-floersbachtal.de\/cms\/wp-content\/uploads\/2018\/11\/Michl3-mit-9-Wochen-300x288.jpg 300w\" sizes=\"auto, (max-width: 1000px) 100vw, 1000px\" \/><\/a>Leider nein mein kleiner Schatz, du f\u00e4hrst doch heute in dein neues Zuhause. \ud83d\ude41<a href=\"http:\/\/collies-vom-floersbachtal.de\/cms\/wp-content\/uploads\/2018\/11\/Michl4-allein-Zuhaus.jpg\"><img loading=\"lazy\" decoding=\"async\" class=\"aligncenter size-medium wp-image-25767\" title=\"Michl4 allein Zuhaus\" src=\"http:\/\/collies-vom-floersbachtal.de\/cms\/wp-content\/uploads\/2018\/11\/Michl4-allein-Zuhaus-300x156.jpg\" alt=\"\" width=\"300\" height=\"156\" srcset=\"https:\/\/collies-vom-floersbachtal.de\/cms\/wp-content\/uploads\/2018\/11\/Michl4-allein-Zuhaus-300x156.jpg 300w, https:\/\/collies-vom-floersbachtal.de\/cms\/wp-content\/uploads\/2018\/11\/Michl4-allein-Zuhaus.jpg 1000w\" sizes=\"auto, (max-width: 300px) 100vw, 300px\" \/><\/a> <a href=\"http:\/\/collies-vom-floersbachtal.de\/cms\/wp-content\/uploads\/2018\/11\/Michl5-allein-Zuhaus.jpg\"><img loading=\"lazy\" decoding=\"async\" class=\"aligncenter size-full wp-image-25768\" title=\"Michl5 allein Zuhaus\" src=\"http:\/\/collies-vom-floersbachtal.de\/cms\/wp-content\/uploads\/2018\/11\/Michl5-allein-Zuhaus.jpg\" alt=\"\" width=\"1000\" height=\"1040\" srcset=\"https:\/\/collies-vom-floersbachtal.de\/cms\/wp-content\/uploads\/2018\/11\/Michl5-allein-Zuhaus.jpg 1000w, https:\/\/collies-vom-floersbachtal.de\/cms\/wp-content\/uploads\/2018\/11\/Michl5-allein-Zuhaus-288x300.jpg 288w, https:\/\/collies-vom-floersbachtal.de\/cms\/wp-content\/uploads\/2018\/11\/Michl5-allein-Zuhaus-984x1024.jpg 984w\" sizes=\"auto, (max-width: 1000px) 100vw, 1000px\" \/><\/a> Na gut, dann wenigstens noch einen Abschiedschluck von Mama \ud83d\ude42<br \/>\nHiermit schlie\u00dfe ich das Welpentagebuch der kleinen I-chens und w\u00fcnsche euch allen viel Spa\u00df mit der Rasselbande.:-D<\/p>\n","protected":false},"excerpt":{"rendered":"<p>28.11.18 Morgens zwischen 3:40\u00a0 &#8211; 6:30 Uhr ist die Welt noch in Ordnung und um 8 zuckers\u00fc\u00dfe Fl\u00f6rsbachtaler reicher. \ud83d\ude00 Ich wollte nur mal kurz erw\u00e4hnen, dass ich Frauli in ihrem Bett habe schlafen lassen und ich mich in die &hellip; <a href=\"https:\/\/collies-vom-floersbachtal.de\/?page_id=24413\">Weiterlesen <span class=\"meta-nav\">&rarr;<\/span><\/a><\/p>\n","protected":false},"author":1,"featured_media":0,"parent":0,"menu_order":0,"comment_status":"open","ping_status":"open","template":"","meta":{"footnotes":""},"class_list":["post-24413","page","type-page","status-publish","hentry"],"_links":{"self":[{"href":"https:\/\/collies-vom-floersbachtal.de\/index.php?rest_route=\/wp\/v2\/pages\/24413","targetHints":{"allow":["GET"]}}],"collection":[{"href":"https:\/\/collies-vom-floersbachtal.de\/index.php?rest_route=\/wp\/v2\/pages"}],"about":[{"href":"https:\/\/collies-vom-floersbachtal.de\/index.php?rest_route=\/wp\/v2\/types\/page"}],"author":[{"embeddable":true,"href":"https:\/\/collies-vom-floersbachtal.de\/index.php?rest_route=\/wp\/v2\/users\/1"}],"replies":[{"embeddable":true,"href":"https:\/\/collies-vom-floersbachtal.de\/index.php?rest_route=%2Fwp%2Fv2%2Fcomments&post=24413"}],"version-history":[{"count":94,"href":"https:\/\/collies-vom-floersbachtal.de\/index.php?rest_route=\/wp\/v2\/pages\/24413\/revisions"}],"predecessor-version":[{"id":24655,"href":"https:\/\/collies-vom-floersbachtal.de\/index.php?rest_route=\/wp\/v2\/pages\/24413\/revisions\/24655"}],"wp:attachment":[{"href":"https:\/\/collies-vom-floersbachtal.de\/index.php?rest_route=%2Fwp%2Fv2%2Fmedia&parent=24413"}],"curies":[{"name":"wp","href":"https:\/\/api.w.org\/{rel}","templated":true}]}}