{"id":24142,"date":"2018-10-26T10:11:41","date_gmt":"2018-10-26T10:11:41","guid":{"rendered":"http:\/\/collies-vom-floersbachtal.de\/?page_id=24142"},"modified":"2025-08-24T15:54:30","modified_gmt":"2025-08-24T15:54:30","slug":"nachzucht-h-wurf-hasel-vom-florsbachtal","status":"publish","type":"page","link":"https:\/\/collies-vom-floersbachtal.de\/?page_id=24142","title":{"rendered":"Nachzucht H &#8211; Wurf  Hasel-Molly"},"content":{"rendered":"\n<h1 class=\"wp-block-heading\"><strong>Geburtstagsgr\u00fc\u00dfe von Molly aus D\u00e4nemark im August 2025 \ud83d\ude42<\/strong><\/h1>\n\n\n\n<p>Hallo Susanne,<\/p>\n\n\n\n<p>aus D\u00e4nemark senden wir dir viele Gr\u00fc\u00dfe.&nbsp;<\/p>\n\n\n\n<p>Heute hat Molly Geburtstag. 7 Jahre, kaum zu glauben. Es geht uns allen gut und wir genie\u00dfen Wind, Sonne, Meer und nat\u00fcrlich die ausgiebigen Spazierg\u00e4nge am Strand und durch die Heidelandschaft hinter den D\u00fcnen.&nbsp;<\/p>\n\n\n\n<p>Dir und der kleinen Rasselbande w\u00fcnschen wir das ALLERBESTE.&nbsp;<\/p>\n\n\n\n<p>Alles Liebe,<\/p>\n\n\n\n<p>Bernd, B\u00e4rbel und Molly \/ Hasel<\/p>\n\n\n\n<figure class=\"wp-block-gallery has-nested-images columns-default is-cropped wp-block-gallery-1 is-layout-flex wp-block-gallery-is-layout-flex\">\n<figure class=\"wp-block-image size-large\"><a href=\"https:\/\/collies-vom-floersbachtal.de\/cms\/wp-content\/uploads\/2025\/08\/Molly2-1.jpg\"><img loading=\"lazy\" decoding=\"async\" width=\"1000\" height=\"621\" data-id=\"51898\" src=\"https:\/\/collies-vom-floersbachtal.de\/cms\/wp-content\/uploads\/2025\/08\/Molly2-1.jpg\" alt=\"\" class=\"wp-image-51898\" srcset=\"https:\/\/collies-vom-floersbachtal.de\/cms\/wp-content\/uploads\/2025\/08\/Molly2-1.jpg 1000w, https:\/\/collies-vom-floersbachtal.de\/cms\/wp-content\/uploads\/2025\/08\/Molly2-1-300x186.jpg 300w, https:\/\/collies-vom-floersbachtal.de\/cms\/wp-content\/uploads\/2025\/08\/Molly2-1-768x477.jpg 768w\" sizes=\"auto, (max-width: 1000px) 100vw, 1000px\" \/><\/a><\/figure>\n<\/figure>\n\n\n\n<figure class=\"wp-block-gallery has-nested-images columns-default is-cropped wp-block-gallery-2 is-layout-flex wp-block-gallery-is-layout-flex\">\n<figure class=\"wp-block-image size-large is-style-rounded\"><a href=\"https:\/\/collies-vom-floersbachtal.de\/cms\/wp-content\/uploads\/2025\/08\/Molly1-1.jpg\"><img loading=\"lazy\" decoding=\"async\" width=\"577\" height=\"1024\" data-id=\"51899\" src=\"https:\/\/collies-vom-floersbachtal.de\/cms\/wp-content\/uploads\/2025\/08\/Molly1-1-577x1024.jpg\" alt=\"\" class=\"wp-image-51899\" srcset=\"https:\/\/collies-vom-floersbachtal.de\/cms\/wp-content\/uploads\/2025\/08\/Molly1-1-577x1024.jpg 577w, https:\/\/collies-vom-floersbachtal.de\/cms\/wp-content\/uploads\/2025\/08\/Molly1-1-169x300.jpg 169w, https:\/\/collies-vom-floersbachtal.de\/cms\/wp-content\/uploads\/2025\/08\/Molly1-1-768x1364.jpg 768w, https:\/\/collies-vom-floersbachtal.de\/cms\/wp-content\/uploads\/2025\/08\/Molly1-1-865x1536.jpg 865w, https:\/\/collies-vom-floersbachtal.de\/cms\/wp-content\/uploads\/2025\/08\/Molly1-1.jpg 1000w\" sizes=\"auto, (max-width: 577px) 100vw, 577px\" \/><\/a><\/figure>\n<\/figure>\n\n\n\n<h1 class=\"wp-block-heading\"><strong>Neujahrs Gr\u00fc\u00dfe von Molly \ud83d\ude42<\/strong><\/h1>\n\n\n\n<figure class=\"wp-block-image size-large is-style-rounded\"><a href=\"https:\/\/collies-vom-floersbachtal.de\/cms\/wp-content\/uploads\/2025\/01\/Hasel-Molly1-Neujahr-25.jpg\"><img loading=\"lazy\" decoding=\"async\" width=\"577\" height=\"1024\" src=\"https:\/\/collies-vom-floersbachtal.de\/cms\/wp-content\/uploads\/2025\/01\/Hasel-Molly1-Neujahr-25-577x1024.jpg\" alt=\"\" class=\"wp-image-48731\" srcset=\"https:\/\/collies-vom-floersbachtal.de\/cms\/wp-content\/uploads\/2025\/01\/Hasel-Molly1-Neujahr-25-577x1024.jpg 577w, https:\/\/collies-vom-floersbachtal.de\/cms\/wp-content\/uploads\/2025\/01\/Hasel-Molly1-Neujahr-25-169x300.jpg 169w, https:\/\/collies-vom-floersbachtal.de\/cms\/wp-content\/uploads\/2025\/01\/Hasel-Molly1-Neujahr-25-768x1364.jpg 768w, https:\/\/collies-vom-floersbachtal.de\/cms\/wp-content\/uploads\/2025\/01\/Hasel-Molly1-Neujahr-25-865x1536.jpg 865w, https:\/\/collies-vom-floersbachtal.de\/cms\/wp-content\/uploads\/2025\/01\/Hasel-Molly1-Neujahr-25.jpg 1000w\" sizes=\"auto, (max-width: 577px) 100vw, 577px\" \/><\/a><\/figure>\n\n\n\n<h1 class=\"wp-block-heading\"><strong>News von Molly\u00b4s  Besuch  im Juni 2024  \ud83d\ude42<\/strong><\/h1>\n\n\n\n<figure class=\"wp-block-gallery has-nested-images columns-default is-cropped wp-block-gallery-3 is-layout-flex wp-block-gallery-is-layout-flex\">\n<figure class=\"wp-block-image size-large\"><a href=\"https:\/\/collies-vom-floersbachtal.de\/cms\/wp-content\/uploads\/2024\/08\/Molly2-zu-Besuch-Juni24.jpg\"><img loading=\"lazy\" decoding=\"async\" width=\"724\" height=\"1024\" data-id=\"47478\" src=\"https:\/\/collies-vom-floersbachtal.de\/cms\/wp-content\/uploads\/2024\/08\/Molly2-zu-Besuch-Juni24-724x1024.jpg\" alt=\"\" class=\"wp-image-47478\" srcset=\"https:\/\/collies-vom-floersbachtal.de\/cms\/wp-content\/uploads\/2024\/08\/Molly2-zu-Besuch-Juni24-724x1024.jpg 724w, https:\/\/collies-vom-floersbachtal.de\/cms\/wp-content\/uploads\/2024\/08\/Molly2-zu-Besuch-Juni24-212x300.jpg 212w, https:\/\/collies-vom-floersbachtal.de\/cms\/wp-content\/uploads\/2024\/08\/Molly2-zu-Besuch-Juni24-768x1087.jpg 768w, https:\/\/collies-vom-floersbachtal.de\/cms\/wp-content\/uploads\/2024\/08\/Molly2-zu-Besuch-Juni24.jpg 1000w\" sizes=\"auto, (max-width: 724px) 100vw, 724px\" \/><\/a><\/figure>\n\n\n\n<figure class=\"wp-block-image size-large\"><a href=\"https:\/\/collies-vom-floersbachtal.de\/cms\/wp-content\/uploads\/2024\/08\/Molly4-zu-Besuch-Juni24.jpg\"><img loading=\"lazy\" decoding=\"async\" width=\"577\" height=\"1024\" data-id=\"47481\" src=\"https:\/\/collies-vom-floersbachtal.de\/cms\/wp-content\/uploads\/2024\/08\/Molly4-zu-Besuch-Juni24-577x1024.jpg\" alt=\"\" class=\"wp-image-47481\" srcset=\"https:\/\/collies-vom-floersbachtal.de\/cms\/wp-content\/uploads\/2024\/08\/Molly4-zu-Besuch-Juni24-577x1024.jpg 577w, https:\/\/collies-vom-floersbachtal.de\/cms\/wp-content\/uploads\/2024\/08\/Molly4-zu-Besuch-Juni24-169x300.jpg 169w, https:\/\/collies-vom-floersbachtal.de\/cms\/wp-content\/uploads\/2024\/08\/Molly4-zu-Besuch-Juni24-768x1364.jpg 768w, https:\/\/collies-vom-floersbachtal.de\/cms\/wp-content\/uploads\/2024\/08\/Molly4-zu-Besuch-Juni24-865x1536.jpg 865w, https:\/\/collies-vom-floersbachtal.de\/cms\/wp-content\/uploads\/2024\/08\/Molly4-zu-Besuch-Juni24.jpg 1000w\" sizes=\"auto, (max-width: 577px) 100vw, 577px\" \/><\/a><\/figure>\n\n\n\n<figure class=\"wp-block-image size-large\"><a href=\"https:\/\/collies-vom-floersbachtal.de\/cms\/wp-content\/uploads\/2024\/08\/Molly5-zu-Besuch-Juni24.jpg\"><img loading=\"lazy\" decoding=\"async\" width=\"577\" height=\"1024\" data-id=\"47479\" src=\"https:\/\/collies-vom-floersbachtal.de\/cms\/wp-content\/uploads\/2024\/08\/Molly5-zu-Besuch-Juni24-577x1024.jpg\" alt=\"\" class=\"wp-image-47479\" srcset=\"https:\/\/collies-vom-floersbachtal.de\/cms\/wp-content\/uploads\/2024\/08\/Molly5-zu-Besuch-Juni24-577x1024.jpg 577w, https:\/\/collies-vom-floersbachtal.de\/cms\/wp-content\/uploads\/2024\/08\/Molly5-zu-Besuch-Juni24-169x300.jpg 169w, https:\/\/collies-vom-floersbachtal.de\/cms\/wp-content\/uploads\/2024\/08\/Molly5-zu-Besuch-Juni24-768x1364.jpg 768w, https:\/\/collies-vom-floersbachtal.de\/cms\/wp-content\/uploads\/2024\/08\/Molly5-zu-Besuch-Juni24-865x1536.jpg 865w, https:\/\/collies-vom-floersbachtal.de\/cms\/wp-content\/uploads\/2024\/08\/Molly5-zu-Besuch-Juni24.jpg 1000w\" sizes=\"auto, (max-width: 577px) 100vw, 577px\" \/><\/a><\/figure>\n\n\n\n<figure class=\"wp-block-image size-large\"><a href=\"https:\/\/collies-vom-floersbachtal.de\/cms\/wp-content\/uploads\/2024\/08\/Molly6-zu-Besuch-Juni24.jpg\"><img loading=\"lazy\" decoding=\"async\" width=\"1000\" height=\"819\" data-id=\"47476\" src=\"https:\/\/collies-vom-floersbachtal.de\/cms\/wp-content\/uploads\/2024\/08\/Molly6-zu-Besuch-Juni24.jpg\" alt=\"\" class=\"wp-image-47476\" srcset=\"https:\/\/collies-vom-floersbachtal.de\/cms\/wp-content\/uploads\/2024\/08\/Molly6-zu-Besuch-Juni24.jpg 1000w, https:\/\/collies-vom-floersbachtal.de\/cms\/wp-content\/uploads\/2024\/08\/Molly6-zu-Besuch-Juni24-300x246.jpg 300w, https:\/\/collies-vom-floersbachtal.de\/cms\/wp-content\/uploads\/2024\/08\/Molly6-zu-Besuch-Juni24-768x629.jpg 768w\" sizes=\"auto, (max-width: 1000px) 100vw, 1000px\" \/><\/a><\/figure>\n\n\n\n<figure class=\"wp-block-image size-large\"><a href=\"https:\/\/collies-vom-floersbachtal.de\/cms\/wp-content\/uploads\/2024\/08\/Molly7-zu-Besuch-Juni24.jpg\"><img loading=\"lazy\" decoding=\"async\" width=\"577\" height=\"1024\" data-id=\"47480\" src=\"https:\/\/collies-vom-floersbachtal.de\/cms\/wp-content\/uploads\/2024\/08\/Molly7-zu-Besuch-Juni24-577x1024.jpg\" alt=\"\" class=\"wp-image-47480\" srcset=\"https:\/\/collies-vom-floersbachtal.de\/cms\/wp-content\/uploads\/2024\/08\/Molly7-zu-Besuch-Juni24-577x1024.jpg 577w, https:\/\/collies-vom-floersbachtal.de\/cms\/wp-content\/uploads\/2024\/08\/Molly7-zu-Besuch-Juni24-169x300.jpg 169w, https:\/\/collies-vom-floersbachtal.de\/cms\/wp-content\/uploads\/2024\/08\/Molly7-zu-Besuch-Juni24-768x1364.jpg 768w, https:\/\/collies-vom-floersbachtal.de\/cms\/wp-content\/uploads\/2024\/08\/Molly7-zu-Besuch-Juni24-865x1536.jpg 865w, https:\/\/collies-vom-floersbachtal.de\/cms\/wp-content\/uploads\/2024\/08\/Molly7-zu-Besuch-Juni24.jpg 1000w\" sizes=\"auto, (max-width: 577px) 100vw, 577px\" \/><\/a><\/figure>\n\n\n\n<figure class=\"wp-block-image size-large\"><a href=\"https:\/\/collies-vom-floersbachtal.de\/cms\/wp-content\/uploads\/2024\/08\/Molly8-zu-Besuch-Juni24.jpg\"><img loading=\"lazy\" decoding=\"async\" width=\"1000\" height=\"979\" data-id=\"47477\" src=\"https:\/\/collies-vom-floersbachtal.de\/cms\/wp-content\/uploads\/2024\/08\/Molly8-zu-Besuch-Juni24.jpg\" alt=\"\" class=\"wp-image-47477\" srcset=\"https:\/\/collies-vom-floersbachtal.de\/cms\/wp-content\/uploads\/2024\/08\/Molly8-zu-Besuch-Juni24.jpg 1000w, https:\/\/collies-vom-floersbachtal.de\/cms\/wp-content\/uploads\/2024\/08\/Molly8-zu-Besuch-Juni24-300x294.jpg 300w, https:\/\/collies-vom-floersbachtal.de\/cms\/wp-content\/uploads\/2024\/08\/Molly8-zu-Besuch-Juni24-768x752.jpg 768w\" sizes=\"auto, (max-width: 1000px) 100vw, 1000px\" \/><\/a><\/figure>\n<\/figure>\n\n\n\n<h1 class=\"wp-block-heading\"><strong>News von Molly im Januar 2024 \ud83d\ude42<\/strong><\/h1>\n\n\n\n<p>Liebe Susanne,&nbsp;<\/p>\n\n\n\n<p>heute auf unserer Nachmittagsrunde ist dieses Foto entstanden, das ich dir gerne schicke.<\/p>\n\n\n\n<p>Wir dr\u00fccken dir und besonders Janaki die Daumen!<\/p>\n\n\n\n<p>Herzliche Gr\u00fc\u00dfe&nbsp;<\/p>\n\n\n\n<p>B\u00e4rbel und Molly&nbsp;<\/p>\n\n\n\n<figure class=\"wp-block-image size-large\"><a href=\"https:\/\/collies-vom-floersbachtal.de\/cms\/wp-content\/uploads\/2024\/02\/Molly1-Januar-24.jpg\"><img loading=\"lazy\" decoding=\"async\" width=\"815\" height=\"1024\" src=\"https:\/\/collies-vom-floersbachtal.de\/cms\/wp-content\/uploads\/2024\/02\/Molly1-Januar-24-815x1024.jpg\" alt=\"\" class=\"wp-image-44833\" srcset=\"https:\/\/collies-vom-floersbachtal.de\/cms\/wp-content\/uploads\/2024\/02\/Molly1-Januar-24-815x1024.jpg 815w, https:\/\/collies-vom-floersbachtal.de\/cms\/wp-content\/uploads\/2024\/02\/Molly1-Januar-24-239x300.jpg 239w, https:\/\/collies-vom-floersbachtal.de\/cms\/wp-content\/uploads\/2024\/02\/Molly1-Januar-24-768x965.jpg 768w, https:\/\/collies-vom-floersbachtal.de\/cms\/wp-content\/uploads\/2024\/02\/Molly1-Januar-24.jpg 1000w\" sizes=\"auto, (max-width: 815px) 100vw, 815px\" \/><\/a><\/figure>\n\n\n\n<h1 class=\"wp-block-heading\"><strong>Und schon wieder ist ein Jahr vergangen und es gibt Neuigkeiten von Molly im Dezember 2023 \ud83d\ude42<\/strong><\/h1>\n\n\n\n<p>Hallo liebe Susanne,<\/p>\n\n\n\n<p>endlich kommt mal wieder ein Lebenszeichen von uns. Inzwischen bereichert Molly schon 5 Jahre unser Leben. Sie passt sich immer umsichtig den Gegebenheiten an, ist lieb und gehorsam. Ein Schatz. Zum Tierarzt gehen wir nur zum Impfen. L\u00e4ufig wurde sie schon l\u00e4ngere Zeit nicht mehr, oder sie war so diskret, dass ich nichts gemerkt habe. Ich denke das ist ok.<\/p>\n\n\n\n<p>Es tut mir sehr leid, dass Ginger gestorben ist. Ich kann mich noch gut daran erinnern, wie sie bei unserem Besuch der&nbsp; H-Welpen fast die ganze Zeit bei meinem Mann gelegen hat und die Streicheleinheiten genossen hat. Molly kam damals gl\u00fccklicherweise zu mir. \ud83d\ude00<\/p>\n\n\n\n<p>Dir liebe Susanne, weiterhin viel Freude und Erfolg bei der Aufzucht der s\u00fc\u00dfen Kr\u00fcmel!<\/p>\n\n\n\n<p>Herzliche Gr\u00fc\u00dfe aus dem Allg\u00e4u,<\/p>\n\n\n\n<p>B\u00e4rbel, Bernd und MOLLY<\/p>\n\n\n\n<p>Anbei schicke ich dir Fotos von unserem Adventsspaziergang.<\/p>\n\n\n\n<figure class=\"wp-block-image size-large\"><a href=\"https:\/\/collies-vom-floersbachtal.de\/cms\/wp-content\/uploads\/2023\/12\/Hasel1-Dez.23-scaled.jpg\"><img loading=\"lazy\" decoding=\"async\" width=\"1024\" height=\"1024\" src=\"https:\/\/collies-vom-floersbachtal.de\/cms\/wp-content\/uploads\/2023\/12\/Hasel1-Dez.23-1024x1024.jpg\" alt=\"\" class=\"wp-image-43503\" srcset=\"https:\/\/collies-vom-floersbachtal.de\/cms\/wp-content\/uploads\/2023\/12\/Hasel1-Dez.23-1024x1024.jpg 1024w, https:\/\/collies-vom-floersbachtal.de\/cms\/wp-content\/uploads\/2023\/12\/Hasel1-Dez.23-300x300.jpg 300w, https:\/\/collies-vom-floersbachtal.de\/cms\/wp-content\/uploads\/2023\/12\/Hasel1-Dez.23-150x150.jpg 150w, https:\/\/collies-vom-floersbachtal.de\/cms\/wp-content\/uploads\/2023\/12\/Hasel1-Dez.23-768x768.jpg 768w, https:\/\/collies-vom-floersbachtal.de\/cms\/wp-content\/uploads\/2023\/12\/Hasel1-Dez.23-1536x1536.jpg 1536w, https:\/\/collies-vom-floersbachtal.de\/cms\/wp-content\/uploads\/2023\/12\/Hasel1-Dez.23-2048x2048.jpg 2048w\" sizes=\"auto, (max-width: 1024px) 100vw, 1024px\" \/><\/a><\/figure>\n\n\n\n<h1 class=\"wp-block-heading\"><strong>Traumhafte Fotos von Molly aus ihrem Zuhause in den Bergen im Dezember 2022 \ud83d\ude42<\/strong><\/h1>\n\n\n\n<p>Hallo Susanne,<\/p>\n\n\n\n<p>wir w\u00fcnschen dir und deiner &#8222;Bande&#8220; eine sch\u00f6ne Adventszeit, ein fr\u00f6hliches Weihnachtsfest und f\u00fcr das Neue Jahr 2023 alles Liebe und Gute, Gesundheit und viel Freude und Erfolg bei all deinen Unternehmungen.&nbsp;<\/p>\n\n\n\n<p>Ganz liebe Gr\u00fc\u00dfe aus dem Allg\u00e4u,<\/p>\n\n\n\n<p>Bernd, B\u00e4rbel und Molly<\/p>\n\n\n\n<p>P.S.: Molly ist topfit, super lieb und gehorsam. Ein Traumhund! Nur wenn sie Sch\u00fcsse h\u00f6rt (oder Silvesterb\u00f6ller) ist sie sehr \u00e4ngstlich. Keine Ahnung warum das so ist. Kommt ja Gott sei Dank nicht oft vor.&nbsp;<\/p>\n\n\n\n<figure class=\"wp-block-image size-full\"><a href=\"https:\/\/collies-vom-floersbachtal.de\/cms\/wp-content\/uploads\/2022\/12\/Molly-Hasel1-Dez.22.jpg\"><img loading=\"lazy\" decoding=\"async\" width=\"1000\" height=\"762\" src=\"https:\/\/collies-vom-floersbachtal.de\/cms\/wp-content\/uploads\/2022\/12\/Molly-Hasel1-Dez.22.jpg\" alt=\"\" class=\"wp-image-38310\" srcset=\"https:\/\/collies-vom-floersbachtal.de\/cms\/wp-content\/uploads\/2022\/12\/Molly-Hasel1-Dez.22.jpg 1000w, https:\/\/collies-vom-floersbachtal.de\/cms\/wp-content\/uploads\/2022\/12\/Molly-Hasel1-Dez.22-300x229.jpg 300w, https:\/\/collies-vom-floersbachtal.de\/cms\/wp-content\/uploads\/2022\/12\/Molly-Hasel1-Dez.22-768x585.jpg 768w\" sizes=\"auto, (max-width: 1000px) 100vw, 1000px\" \/><\/a><figcaption class=\"wp-element-caption\"><strong>Sie ist die K\u00f6nigin der Berge \ud83d\ude00<\/strong><\/figcaption><\/figure>\n\n\n\n<figure class=\"wp-block-image size-full\"><a href=\"https:\/\/collies-vom-floersbachtal.de\/cms\/wp-content\/uploads\/2022\/12\/Molly-Hasel2-Dez.22.jpg\"><img loading=\"lazy\" decoding=\"async\" width=\"1000\" height=\"563\" src=\"https:\/\/collies-vom-floersbachtal.de\/cms\/wp-content\/uploads\/2022\/12\/Molly-Hasel2-Dez.22.jpg\" alt=\"\" class=\"wp-image-38311\" srcset=\"https:\/\/collies-vom-floersbachtal.de\/cms\/wp-content\/uploads\/2022\/12\/Molly-Hasel2-Dez.22.jpg 1000w, https:\/\/collies-vom-floersbachtal.de\/cms\/wp-content\/uploads\/2022\/12\/Molly-Hasel2-Dez.22-300x169.jpg 300w, https:\/\/collies-vom-floersbachtal.de\/cms\/wp-content\/uploads\/2022\/12\/Molly-Hasel2-Dez.22-768x432.jpg 768w\" sizes=\"auto, (max-width: 1000px) 100vw, 1000px\" \/><\/a><\/figure>\n\n\n\n<h1 class=\"wp-block-heading\"><strong>Sch\u00f6ne Neuigkeiten von Hasel und ihrer Familie im Juni 2022 \ud83d\ude42<\/strong><\/h1>\n\n\n\n<p>Hallo Susanne, was f\u00fcr tolle Neuigkeiten! Wir freuen uns mit dir und dr\u00fccken ganz fest die Daumen, dass die n\u00e4chsten Wochen bilderbuchm\u00e4\u00dfig verlaufen und Tara ihre neue (Mutter\ud83d\ude0a) Rolle freudig annimmt. Molly bereichert unser Leben jeden Tag. Was f\u00fcr ein Gl\u00fcck, dass Balou und Ginger sich vor 4 Jahren &#8222;gefunden\ud83d\ude09&#8220; haben!!!!!!&nbsp;Viele liebe Gr\u00fc\u00dfe auch von Molly an Mama Ginger! B\u00e4rbel, Bernd und Molly<\/p>\n\n\n\n<figure class=\"wp-block-image size-large\"><a href=\"https:\/\/collies-vom-floersbachtal.de\/cms\/wp-content\/uploads\/2022\/06\/Molly-Hasel1-Juni22.jpg\"><img loading=\"lazy\" decoding=\"async\" width=\"623\" height=\"1024\" src=\"https:\/\/collies-vom-floersbachtal.de\/cms\/wp-content\/uploads\/2022\/06\/Molly-Hasel1-Juni22-623x1024.jpg\" alt=\"\" class=\"wp-image-35418\" srcset=\"https:\/\/collies-vom-floersbachtal.de\/cms\/wp-content\/uploads\/2022\/06\/Molly-Hasel1-Juni22-623x1024.jpg 623w, https:\/\/collies-vom-floersbachtal.de\/cms\/wp-content\/uploads\/2022\/06\/Molly-Hasel1-Juni22-182x300.jpg 182w, https:\/\/collies-vom-floersbachtal.de\/cms\/wp-content\/uploads\/2022\/06\/Molly-Hasel1-Juni22-768x1263.jpg 768w, https:\/\/collies-vom-floersbachtal.de\/cms\/wp-content\/uploads\/2022\/06\/Molly-Hasel1-Juni22-934x1536.jpg 934w, https:\/\/collies-vom-floersbachtal.de\/cms\/wp-content\/uploads\/2022\/06\/Molly-Hasel1-Juni22.jpg 1000w\" sizes=\"auto, (max-width: 623px) 100vw, 623px\" \/><\/a><\/figure>\n\n\n\n<h1 class=\"wp-block-heading\" id=\"ein-schones-neues-foto-von-hasel-molly-im-februar-2022\"><strong>Ein sch\u00f6nes neues Foto von Hasel-Molly im Februar 2022<\/strong><\/h1>\n\n\n\n<figure class=\"wp-block-image size-large\"><a href=\"https:\/\/collies-vom-floersbachtal.de\/cms\/wp-content\/uploads\/2022\/02\/Hasel-Molly1-Feb.22-scaled.jpg\"><img loading=\"lazy\" decoding=\"async\" width=\"498\" height=\"1024\" src=\"https:\/\/collies-vom-floersbachtal.de\/cms\/wp-content\/uploads\/2022\/02\/Hasel-Molly1-Feb.22-498x1024.jpg\" alt=\"\" class=\"wp-image-34683\" srcset=\"https:\/\/collies-vom-floersbachtal.de\/cms\/wp-content\/uploads\/2022\/02\/Hasel-Molly1-Feb.22-498x1024.jpg 498w, https:\/\/collies-vom-floersbachtal.de\/cms\/wp-content\/uploads\/2022\/02\/Hasel-Molly1-Feb.22-146x300.jpg 146w, https:\/\/collies-vom-floersbachtal.de\/cms\/wp-content\/uploads\/2022\/02\/Hasel-Molly1-Feb.22-768x1579.jpg 768w, https:\/\/collies-vom-floersbachtal.de\/cms\/wp-content\/uploads\/2022\/02\/Hasel-Molly1-Feb.22-747x1536.jpg 747w, https:\/\/collies-vom-floersbachtal.de\/cms\/wp-content\/uploads\/2022\/02\/Hasel-Molly1-Feb.22-996x2048.jpg 996w, https:\/\/collies-vom-floersbachtal.de\/cms\/wp-content\/uploads\/2022\/02\/Hasel-Molly1-Feb.22-scaled.jpg 1245w\" sizes=\"auto, (max-width: 498px) 100vw, 498px\" \/><\/a><\/figure>\n\n\n\n<h1 class=\"wp-block-heading\"><strong>Weihnachten 2021 \ud83d\ude42<\/strong><\/h1>\n\n\n\n<figure class=\"wp-block-image size-large\"><a href=\"https:\/\/collies-vom-floersbachtal.de\/cms\/wp-content\/uploads\/2022\/05\/Molly1-Dez.21.jpg\"><img loading=\"lazy\" decoding=\"async\" width=\"1024\" height=\"606\" src=\"https:\/\/collies-vom-floersbachtal.de\/cms\/wp-content\/uploads\/2022\/05\/Molly1-Dez.21-1024x606.jpg\" alt=\"\" class=\"wp-image-35103\" srcset=\"https:\/\/collies-vom-floersbachtal.de\/cms\/wp-content\/uploads\/2022\/05\/Molly1-Dez.21-1024x606.jpg 1024w, https:\/\/collies-vom-floersbachtal.de\/cms\/wp-content\/uploads\/2022\/05\/Molly1-Dez.21-300x177.jpg 300w, https:\/\/collies-vom-floersbachtal.de\/cms\/wp-content\/uploads\/2022\/05\/Molly1-Dez.21-768x454.jpg 768w, https:\/\/collies-vom-floersbachtal.de\/cms\/wp-content\/uploads\/2022\/05\/Molly1-Dez.21-1536x908.jpg 1536w, https:\/\/collies-vom-floersbachtal.de\/cms\/wp-content\/uploads\/2022\/05\/Molly1-Dez.21-2048x1211.jpg 2048w\" sizes=\"auto, (max-width: 1024px) 100vw, 1024px\" \/><\/a><\/figure>\n\n\n\n<h1 class=\"wp-block-heading\" id=\"leider-kann-molly-nicht-am-welpentreffen-teilnehmen-aber-sie-schickt-uns-dieses-susse-foto-aus-dem-august-2021\"><strong>Leider kann Molly nicht am Welpentreffen teilnehmen, aber sie schickt uns dieses s\u00fc\u00dfe Foto aus dem August 2021<\/strong> <strong>\ud83d\ude42<\/strong><\/h1>\n\n\n\n<figure class=\"wp-block-image size-large\"><a href=\"http:\/\/collies-vom-floersbachtal.de\/cms\/wp-content\/uploads\/2021\/09\/Molly1-August21.jpg\"><img loading=\"lazy\" decoding=\"async\" width=\"875\" height=\"1024\" src=\"http:\/\/collies-vom-floersbachtal.de\/cms\/wp-content\/uploads\/2021\/09\/Molly1-August21-875x1024.jpg\" alt=\"\" class=\"wp-image-33493\" srcset=\"https:\/\/collies-vom-floersbachtal.de\/cms\/wp-content\/uploads\/2021\/09\/Molly1-August21-875x1024.jpg 875w, https:\/\/collies-vom-floersbachtal.de\/cms\/wp-content\/uploads\/2021\/09\/Molly1-August21-256x300.jpg 256w, https:\/\/collies-vom-floersbachtal.de\/cms\/wp-content\/uploads\/2021\/09\/Molly1-August21-768x899.jpg 768w, https:\/\/collies-vom-floersbachtal.de\/cms\/wp-content\/uploads\/2021\/09\/Molly1-August21.jpg 1000w\" sizes=\"auto, (max-width: 875px) 100vw, 875px\" \/><\/a><\/figure>\n\n\n\n<h1 class=\"wp-block-heading\" id=\"news-von-molly-im-april-2021\"><strong>News von Molly im April 2021 \ud83d\ude42<\/strong><\/h1>\n\n\n\n<figure class=\"wp-block-gallery has-nested-images columns-default is-cropped wp-block-gallery-4 is-layout-flex wp-block-gallery-is-layout-flex\">\n<figure class=\"wp-block-image size-large\"><a href=\"https:\/\/collies-vom-floersbachtal.de\/cms\/wp-content\/uploads\/2021\/04\/Molly1-April21-scaled.jpg\"><img loading=\"lazy\" decoding=\"async\" width=\"1024\" height=\"1024\" data-id=\"31520\" src=\"http:\/\/collies-vom-floersbachtal.de\/cms\/wp-content\/uploads\/2021\/04\/Molly1-April21-1024x1024.jpg\" alt=\"\" class=\"wp-image-31520\" srcset=\"https:\/\/collies-vom-floersbachtal.de\/cms\/wp-content\/uploads\/2021\/04\/Molly1-April21-1024x1024.jpg 1024w, https:\/\/collies-vom-floersbachtal.de\/cms\/wp-content\/uploads\/2021\/04\/Molly1-April21-300x300.jpg 300w, https:\/\/collies-vom-floersbachtal.de\/cms\/wp-content\/uploads\/2021\/04\/Molly1-April21-150x150.jpg 150w, https:\/\/collies-vom-floersbachtal.de\/cms\/wp-content\/uploads\/2021\/04\/Molly1-April21-768x768.jpg 768w, https:\/\/collies-vom-floersbachtal.de\/cms\/wp-content\/uploads\/2021\/04\/Molly1-April21-1536x1536.jpg 1536w, https:\/\/collies-vom-floersbachtal.de\/cms\/wp-content\/uploads\/2021\/04\/Molly1-April21-2048x2048.jpg 2048w\" sizes=\"auto, (max-width: 1024px) 100vw, 1024px\" \/><\/a><\/figure>\n<\/figure>\n\n\n\n<figure class=\"wp-block-gallery has-nested-images columns-default is-cropped wp-block-gallery-5 is-layout-flex wp-block-gallery-is-layout-flex\">\n<figure class=\"wp-block-image size-large\"><a href=\"https:\/\/collies-vom-floersbachtal.de\/cms\/wp-content\/uploads\/2021\/04\/Molly2-April21.jpg\"><img loading=\"lazy\" decoding=\"async\" width=\"912\" height=\"1024\" data-id=\"31521\" src=\"http:\/\/collies-vom-floersbachtal.de\/cms\/wp-content\/uploads\/2021\/04\/Molly2-April21-912x1024.jpg\" alt=\"\" class=\"wp-image-31521\" srcset=\"https:\/\/collies-vom-floersbachtal.de\/cms\/wp-content\/uploads\/2021\/04\/Molly2-April21-912x1024.jpg 912w, https:\/\/collies-vom-floersbachtal.de\/cms\/wp-content\/uploads\/2021\/04\/Molly2-April21-267x300.jpg 267w, https:\/\/collies-vom-floersbachtal.de\/cms\/wp-content\/uploads\/2021\/04\/Molly2-April21-768x862.jpg 768w, https:\/\/collies-vom-floersbachtal.de\/cms\/wp-content\/uploads\/2021\/04\/Molly2-April21-1368x1536.jpg 1368w, https:\/\/collies-vom-floersbachtal.de\/cms\/wp-content\/uploads\/2021\/04\/Molly2-April21-1824x2048.jpg 1824w, https:\/\/collies-vom-floersbachtal.de\/cms\/wp-content\/uploads\/2021\/04\/Molly2-April21.jpg 1836w\" sizes=\"auto, (max-width: 912px) 100vw, 912px\" \/><\/a><\/figure>\n<\/figure>\n\n\n<h1><strong>Neuigkeiten von der h\u00fcbschen Molly im Februar 2021 \ud83d\ude00<\/strong><\/h1>\n<h1><strong>Hallo liebe Susanne,<\/strong><\/h1>\n<h3 dir=\"auto\">hier kommen zwei aktuelle Fotos von Molly. Schnee und die K\u00e4lte liebt Molly. Sie hat auch wieder ein extrem dichtes und warmes Winterfell, obwohl sie im Sommer sehr viel Haare verloren hatte. Ich hatte schon meine Bedenken&#8230;..<\/h3>\n<h3 dir=\"auto\">Wir hoffen, es geht dir und allen Hunden gut. Die Fotos von Balu auf deiner Homepage gefallen mir sehr. Er ist nach wie vor ein toller Kerl!<\/h3>\n<h3 dir=\"auto\">Herzliche Gr\u00fc\u00dfe,<\/h3>\n<h3 dir=\"auto\">B\u00e4rbel, Bernd und (Hasel) Molly<a href=\"http:\/\/collies-vom-floersbachtal.de\/?attachment_id=30859\" rel=\"attachment wp-att-30859\"><img loading=\"lazy\" decoding=\"async\" class=\"aligncenter size-full wp-image-30859\" src=\"http:\/\/collies-vom-floersbachtal.de\/cms\/wp-content\/uploads\/2021\/02\/Molly2-Feb.21.jpg\" alt=\"\" width=\"1000\" height=\"588\" srcset=\"https:\/\/collies-vom-floersbachtal.de\/cms\/wp-content\/uploads\/2021\/02\/Molly2-Feb.21.jpg 1000w, https:\/\/collies-vom-floersbachtal.de\/cms\/wp-content\/uploads\/2021\/02\/Molly2-Feb.21-300x176.jpg 300w, https:\/\/collies-vom-floersbachtal.de\/cms\/wp-content\/uploads\/2021\/02\/Molly2-Feb.21-768x452.jpg 768w\" sizes=\"auto, (max-width: 1000px) 100vw, 1000px\" \/><\/a><a href=\"http:\/\/collies-vom-floersbachtal.de\/?attachment_id=30858\" rel=\"attachment wp-att-30858\"><img loading=\"lazy\" decoding=\"async\" class=\"aligncenter size-full wp-image-30858\" src=\"http:\/\/collies-vom-floersbachtal.de\/cms\/wp-content\/uploads\/2021\/02\/Molly1-Feb.21.jpg\" alt=\"\" width=\"1000\" height=\"564\" srcset=\"https:\/\/collies-vom-floersbachtal.de\/cms\/wp-content\/uploads\/2021\/02\/Molly1-Feb.21.jpg 1000w, https:\/\/collies-vom-floersbachtal.de\/cms\/wp-content\/uploads\/2021\/02\/Molly1-Feb.21-300x169.jpg 300w, https:\/\/collies-vom-floersbachtal.de\/cms\/wp-content\/uploads\/2021\/02\/Molly1-Feb.21-768x433.jpg 768w\" sizes=\"auto, (max-width: 1000px) 100vw, 1000px\" \/><\/a><\/h3>\n<h1><strong>Dezember 2020<\/strong><\/h1>\n<p>Hallo liebe Susanne,<\/p>\n<p>wir drei w\u00fcnschen dir ein frohes Weihnachtsfest und ein gl\u00fcckliches und gesundes Neues Jahr!<\/p>\n<p>Molly geht es bestens. Und wir sind nach wie vor sehr, sehr gl\u00fccklich mit ihr.<\/p>\n<p>Herzliche Gr\u00fc\u00dfe,<\/p>\n<p>B\u00e4rbel und Bernd mit Molly<a href=\"http:\/\/collies-vom-floersbachtal.de\/?attachment_id=30375\" rel=\"attachment wp-att-30375\"><img loading=\"lazy\" decoding=\"async\" class=\"aligncenter size-full wp-image-30375\" src=\"http:\/\/collies-vom-floersbachtal.de\/cms\/wp-content\/uploads\/2020\/12\/Molly1-Dez.20.jpg\" alt=\"\" width=\"1000\" height=\"636\" srcset=\"https:\/\/collies-vom-floersbachtal.de\/cms\/wp-content\/uploads\/2020\/12\/Molly1-Dez.20.jpg 1000w, https:\/\/collies-vom-floersbachtal.de\/cms\/wp-content\/uploads\/2020\/12\/Molly1-Dez.20-300x191.jpg 300w, https:\/\/collies-vom-floersbachtal.de\/cms\/wp-content\/uploads\/2020\/12\/Molly1-Dez.20-768x488.jpg 768w\" sizes=\"auto, (max-width: 1000px) 100vw, 1000px\" \/><\/a><\/p>\n<div dir=\"auto\">\u00a0<\/div>\n<p><strong>August 2020<\/strong><\/p>\n<p>Hallo liebe Susanne,<\/p>\n<p>heute ist Mollys 2. Geburtstag . Wir machen gerade Urlaub in D\u00e4nemark und genie\u00dfen Wind, Sonne, Strand und Meer. Und ab und zu darf Molly auch mal M\u00f6wen jagen. Dann zeigt sie wie schnell und wendig sie ist.<\/p>\n<div dir=\"auto\">Ich hoffe, allen Geschwistern geht es genauso gut und wir gratulieren ganz herzlich und w\u00fcnschen alles Gute!<\/div>\n<div dir=\"auto\">Viele liebe Urlaubsgr\u00fc\u00dfe,<\/div>\n<div dir=\"auto\">B\u00e4rbel und Bernd mit Molly<a href=\"http:\/\/collies-vom-floersbachtal.de\/?attachment_id=29596\" rel=\"attachment wp-att-29596\"><img loading=\"lazy\" decoding=\"async\" class=\"aligncenter size-full wp-image-29596\" src=\"http:\/\/collies-vom-floersbachtal.de\/cms\/wp-content\/uploads\/2020\/09\/Molly1-2.-Geburtstag.jpg\" alt=\"\" width=\"1000\" height=\"563\" srcset=\"https:\/\/collies-vom-floersbachtal.de\/cms\/wp-content\/uploads\/2020\/09\/Molly1-2.-Geburtstag.jpg 1000w, https:\/\/collies-vom-floersbachtal.de\/cms\/wp-content\/uploads\/2020\/09\/Molly1-2.-Geburtstag-300x169.jpg 300w, https:\/\/collies-vom-floersbachtal.de\/cms\/wp-content\/uploads\/2020\/09\/Molly1-2.-Geburtstag-768x432.jpg 768w\" sizes=\"auto, (max-width: 1000px) 100vw, 1000px\" \/><\/a><\/div>\n<p><strong>Sch\u00f6ne Ostergr\u00fc\u00dfe von Molly aus ihrer Heimat \ud83d\ude00<\/strong><br \/><a href=\"http:\/\/collies-vom-floersbachtal.de\/cms\/wp-content\/uploads\/2018\/10\/Molly2-Ostern-20.jpg\"><img loading=\"lazy\" decoding=\"async\" class=\"alignleft size-large wp-image-28943\" title=\"Molly2 Ostern 20\" src=\"http:\/\/collies-vom-floersbachtal.de\/cms\/wp-content\/uploads\/2018\/10\/Molly2-Ostern-20-1024x576.jpg\" alt=\"\" width=\"640\" height=\"360\" srcset=\"https:\/\/collies-vom-floersbachtal.de\/cms\/wp-content\/uploads\/2018\/10\/Molly2-Ostern-20-1024x576.jpg 1024w, https:\/\/collies-vom-floersbachtal.de\/cms\/wp-content\/uploads\/2018\/10\/Molly2-Ostern-20-300x168.jpg 300w\" sizes=\"auto, (max-width: 640px) 100vw, 640px\" \/><\/a><br \/><a href=\"http:\/\/collies-vom-floersbachtal.de\/cms\/wp-content\/uploads\/2018\/10\/Molly1-Ostern-20.jpg\"><img loading=\"lazy\" decoding=\"async\" class=\"alignleft size-large wp-image-28942\" title=\"Molly1 Ostern 20\" src=\"http:\/\/collies-vom-floersbachtal.de\/cms\/wp-content\/uploads\/2018\/10\/Molly1-Ostern-20-1024x1024.jpg\" alt=\"\" width=\"640\" height=\"640\" srcset=\"https:\/\/collies-vom-floersbachtal.de\/cms\/wp-content\/uploads\/2018\/10\/Molly1-Ostern-20-1024x1024.jpg 1024w, https:\/\/collies-vom-floersbachtal.de\/cms\/wp-content\/uploads\/2018\/10\/Molly1-Ostern-20-150x150.jpg 150w, https:\/\/collies-vom-floersbachtal.de\/cms\/wp-content\/uploads\/2018\/10\/Molly1-Ostern-20-300x300.jpg 300w\" sizes=\"auto, (max-width: 640px) 100vw, 640px\" \/><\/a><\/p>\n<p><strong>Sch\u00f6ne Neuigkeiten von unserer s\u00fc\u00dfen Molly im M\u00e4rz 2020 \ud83d\ude00<\/strong><br \/>Hallo liebe Susanne,<br \/>hier kommt endlich mal wieder ein Lebenszeichen von uns aus dem Allg\u00e4u.<br \/>Molly ist ein liebes Sch\u00e4tzchen. Sie liebt all unsere Enkel und wir alle haben viel Spa\u00df zusammen. Genauso wie wir es uns erhofft hatten. Mit ihren 18 Monaten ist Molly viel gelassener und ruhiger geworden, wenn neue ungewohnte Situationen entstehen. Ansonsten ist sie ein kleines Energieb\u00fcndel, das sehr gerne &#8222;arbeiten&#8220; will. Perfekt!!!!!<br \/>Wie geht&#8217;s dir und deinen Umzugspl\u00e4nen. Ich bewundere dich sehr und w\u00fcnsche dir gutes Gelingen und viel Power in den n\u00e4chsten Monaten.<br \/>Tara ist eine s\u00fc\u00dfe Maus! Gerne w\u00fcrden wir sie beim Welpentreffen Ende April kennenlernen, aber wir sind leider schon verplant und k\u00f6nnen nicht kommen.<br \/>Herzliche Gr\u00fc\u00dfe senden dir,<br \/>B\u00e4rbel, Bernd und Molly<a href=\"http:\/\/collies-vom-floersbachtal.de\/cms\/wp-content\/uploads\/2018\/10\/Molly1-M\u00e4rz20.jpg\"><img loading=\"lazy\" decoding=\"async\" class=\"aligncenter size-large wp-image-28658\" title=\"Molly1 M\u00e4rz20\" src=\"http:\/\/collies-vom-floersbachtal.de\/cms\/wp-content\/uploads\/2018\/10\/Molly1-M\u00e4rz20-1024x1024.jpg\" alt=\"\" width=\"640\" height=\"640\" srcset=\"https:\/\/collies-vom-floersbachtal.de\/cms\/wp-content\/uploads\/2018\/10\/Molly1-M\u00e4rz20-1024x1024.jpg 1024w, https:\/\/collies-vom-floersbachtal.de\/cms\/wp-content\/uploads\/2018\/10\/Molly1-M\u00e4rz20-150x150.jpg 150w, https:\/\/collies-vom-floersbachtal.de\/cms\/wp-content\/uploads\/2018\/10\/Molly1-M\u00e4rz20-300x300.jpg 300w\" sizes=\"auto, (max-width: 640px) 100vw, 640px\" \/><\/a><\/p>\n<p><strong>Neuigkeiten von der h\u00fcbschen Molly im Dezember 2019 \ud83d\ude00<\/strong><br \/>Hallo liebe Susanne,<br \/>aus dem winterlichen Allg\u00e4u senden wir dir liebe Adventsgr\u00fc\u00dfe. Molly freut sich riesig \u00fcber den Schnee und tobt wie toll und verr\u00fcckt durch die wei\u00dfe Pracht. Wir besuchen noch immer die Hundeschule. Molly lernt gern und hat offensichtlich Spa\u00df dabei. Manchmal hat sie auch nur Bl\u00f6dsinn im Kopf und will nur toben. Der R\u00fcckruf klappt leider auch nicht immer 100%ig. Es gibt also noch viel zu tun ;). Ich freu mich darauf! Wir w\u00fcnschen dir ein frohes Weihnachtsfest und Gesundheit und viel Gl\u00fcck bei all deinen Unternehmungen im Neuen Jahr!!!!<br \/>Alles Gute, B\u00e4rbel, Bernd und Molly<a href=\"http:\/\/collies-vom-floersbachtal.de\/cms\/wp-content\/uploads\/2018\/10\/Molly1-Dezember191.jpg\"><img loading=\"lazy\" decoding=\"async\" class=\"aligncenter size-large wp-image-27912\" title=\"Molly1 Dezember19\" src=\"http:\/\/collies-vom-floersbachtal.de\/cms\/wp-content\/uploads\/2018\/10\/Molly1-Dezember191-654x1024.jpg\" alt=\"\" width=\"640\" height=\"1002\" srcset=\"https:\/\/collies-vom-floersbachtal.de\/cms\/wp-content\/uploads\/2018\/10\/Molly1-Dezember191-654x1024.jpg 654w, https:\/\/collies-vom-floersbachtal.de\/cms\/wp-content\/uploads\/2018\/10\/Molly1-Dezember191-191x300.jpg 191w, https:\/\/collies-vom-floersbachtal.de\/cms\/wp-content\/uploads\/2018\/10\/Molly1-Dezember191.jpg 1503w\" sizes=\"auto, (max-width: 640px) 100vw, 640px\" \/><\/a><\/p>\n<p><strong>News im September von unserer Molly<\/strong><br \/>Hallo Susanne,<br \/>herzlichen Gl\u00fcckwunsch euch beiden! Freut uns, dass Lia so eine tolle Wertung bekommen hat. Sie ist ja auch eine besonders h\u00fcbsche Maus!<br \/>Molly geht&#8217;s bestens. Ihre 2. L\u00e4ufigkeit hat sie hinter sich und ab Sonntag darf sie wieder auf den Hundeplatz und gemeinsam mit mir lernen ;).<br \/>K\u00f6nnten wir noch einen Kringel ( Donut ) f\u00fcr einen Hundekumpel von Molly bei dir bestellen?<\/p>\n<p>Die Bilder sind von unserer heutigen Nachmittagsrunde.<br \/>Viele liebe Gr\u00fc\u00dfe ins sch\u00f6ne Fl\u00f6rsbachtal,<br \/>B\u00e4rbel<br \/><a href=\"http:\/\/collies-vom-floersbachtal.de\/cms\/wp-content\/uploads\/2018\/10\/Molly1-Sep.19.jpg\"><img loading=\"lazy\" decoding=\"async\" class=\"aligncenter size-large wp-image-27446\" title=\"Molly1 Sep.19\" src=\"http:\/\/collies-vom-floersbachtal.de\/cms\/wp-content\/uploads\/2018\/10\/Molly1-Sep.19-1024x1024.jpg\" alt=\"\" width=\"640\" height=\"640\" srcset=\"https:\/\/collies-vom-floersbachtal.de\/cms\/wp-content\/uploads\/2018\/10\/Molly1-Sep.19-1024x1024.jpg 1024w, https:\/\/collies-vom-floersbachtal.de\/cms\/wp-content\/uploads\/2018\/10\/Molly1-Sep.19-150x150.jpg 150w, https:\/\/collies-vom-floersbachtal.de\/cms\/wp-content\/uploads\/2018\/10\/Molly1-Sep.19-300x300.jpg 300w\" sizes=\"auto, (max-width: 640px) 100vw, 640px\" \/><\/a><\/p>\n<p><strong>Sch\u00f6ne Neuigkeiten von Molly und ihrer Familie aus dem Urlaub im August 2019 \ud83d\ude00<\/strong><\/p>\n<p><strong>Neue Fotos aus dem D\u00e4nemarkurlaub von Molly und ihrer Familie. \ud83d\ude00<\/strong><br \/>Hallo liebe Susanne,<br \/>herzlichen Dank f\u00fcr die lieben Gl\u00fcckw\u00fcnsche zu meinem Geburtstag! Wir machen gerade Urlaub in D\u00e4nemark. Ist mal was anderes, als die Berge bei uns im Allg\u00e4u. Auch nicht schlecht;).<br \/>Liebe Gr\u00fc\u00dfe auch an meine Eltern und Geschwister,<br \/>Deine Molly \/ Hasel<a href=\"http:\/\/collies-vom-floersbachtal.de\/cms\/wp-content\/uploads\/2018\/10\/Molly1-August191.jpg\"><img loading=\"lazy\" decoding=\"async\" class=\"aligncenter size-large wp-image-27227\" title=\"Molly1 August19\" src=\"http:\/\/collies-vom-floersbachtal.de\/cms\/wp-content\/uploads\/2018\/10\/Molly1-August191-1024x576.jpg\" alt=\"\" width=\"640\" height=\"360\" srcset=\"https:\/\/collies-vom-floersbachtal.de\/cms\/wp-content\/uploads\/2018\/10\/Molly1-August191-1024x576.jpg 1024w, https:\/\/collies-vom-floersbachtal.de\/cms\/wp-content\/uploads\/2018\/10\/Molly1-August191-300x168.jpg 300w\" sizes=\"auto, (max-width: 640px) 100vw, 640px\" \/><\/a><\/p>\n<p>Hallo liebe Susanne,<br \/>inzwischen ist Molly schon 11 Monate und letzte Woche haben wir zusammen unsere erste &#8222;richtige&#8220; Wanderung \u00fcber 6 Stunden mit ihr unternommen. Wir sind mit der Bergbahn gefahren, durch Jungviehweiden gelaufen und \u00fcber Stock und Stein gestiegen. Vor den K\u00fchen und ihren Schellen hatte Molly gro\u00dfen Respekt und w\u00e4re am liebsten umgedreht. Aber mit Leckerlis hat es dann doch geklappt.<\/p>\n<p>Wir sind noch flei\u00dfig am \u00dcben und Lernen. Kinder und andere Hunde \u00fcben noch immer eine magische Anziehungskraft auf Molly aus. Und Besuch wird noch viel zu st\u00fcrmisch begr\u00fc\u00dft&#8230;&#8230;&#8230;. Das sind unsere kleinen Baustellen, ansonsten ist sie ein riesengro\u00dfer Schatz!<br \/>Wie l\u00e4uft es bei dir? Du hast sicherlich sehr viel um die Ohren. Ich dr\u00fccke dir ganz fest die Daumen, dass du die richtigen K\u00e4ufer f\u00fcr euer tolles Anwesen findest, oder vielleicht schon gefunden hast. Dann kannst du dich etwas entspannter um dein neues Zuhause k\u00fcmmern. Aufregende Zeiten!<br \/>Wir w\u00fcnschen dir viel Energie und Ausdauer.<br \/>Herzliche Gr\u00fc\u00dfe,<br \/>B\u00e4rbel und Bernd mit Molly<br \/><a href=\"http:\/\/collies-vom-floersbachtal.de\/cms\/wp-content\/uploads\/2018\/10\/Molli1-August19.jpg\"><img loading=\"lazy\" decoding=\"async\" class=\"aligncenter size-large wp-image-27126\" title=\"Molli1 August19\" src=\"http:\/\/collies-vom-floersbachtal.de\/cms\/wp-content\/uploads\/2018\/10\/Molli1-August19-1024x1024.jpg\" alt=\"\" width=\"640\" height=\"640\" srcset=\"https:\/\/collies-vom-floersbachtal.de\/cms\/wp-content\/uploads\/2018\/10\/Molli1-August19-1024x1024.jpg 1024w, https:\/\/collies-vom-floersbachtal.de\/cms\/wp-content\/uploads\/2018\/10\/Molli1-August19-150x150.jpg 150w, https:\/\/collies-vom-floersbachtal.de\/cms\/wp-content\/uploads\/2018\/10\/Molli1-August19-300x300.jpg 300w\" sizes=\"auto, (max-width: 640px) 100vw, 640px\" \/><\/a><\/p>\n<p><strong>News von klein Molly im Juni 2019<\/strong><br \/>Hallo liebe Susanne,<br \/>wir w\u00fcnschen dir, deiner Familie und deinem Rudel sch\u00f6ne und sonnige Pfingsttage.<br \/>Das Foto ist von unserer heutigen, sehr windigen Abendrunde \ud83d\ude00 Molly geht&#8217;s sehr gut und wir haben viel Freude miteinander.<br \/>Viele liebe Gr\u00fc\u00dfe aus dem Allg\u00e4u,<br \/>B\u00e4rbel und Bernd mit Molly <a href=\"http:\/\/collies-vom-floersbachtal.de\/cms\/wp-content\/uploads\/2018\/10\/Molly1-Juni19.jpg\"><img loading=\"lazy\" decoding=\"async\" class=\"aligncenter size-large wp-image-26900\" title=\"Molly1 Juni19\" src=\"http:\/\/collies-vom-floersbachtal.de\/cms\/wp-content\/uploads\/2018\/10\/Molly1-Juni19-1024x576.jpg\" alt=\"\" width=\"640\" height=\"360\" srcset=\"https:\/\/collies-vom-floersbachtal.de\/cms\/wp-content\/uploads\/2018\/10\/Molly1-Juni19-1024x576.jpg 1024w, https:\/\/collies-vom-floersbachtal.de\/cms\/wp-content\/uploads\/2018\/10\/Molly1-Juni19-300x168.jpg 300w\" sizes=\"auto, (max-width: 640px) 100vw, 640px\" \/><\/a><\/p>\n<p><strong>News von Prinzessin Molly im April 19<\/strong><br \/>Hallo Susanne,<br \/>inzwischen ist unsere Molly schon 8 Monate und sie hat ihre erste L\u00e4ufigkeit bereits hinter sich. Am Anfang war sie etwas &#8222;durch den Wind&#8220; und aufmerksam zu sein fiel ihr schwer. Danach war sie eher schmusig. Alles in allem unkompliziert und lieb. Ja, das ist sie und so lieben wir sie!<br \/>Nun zu deinen Fragen:<br \/>Molly hat wie ihre Geschwister Naturkippohren.<br \/>In der Hundeschule hatten wir Einzelstunden, da kein weiterer Welpe im gleichen bzw. \u00e4hnlichem Alter da war. Da sie aber gerne mit anderen Hunden spielt und tobt und perfekt bei dir aufgewachsen ist, ist sie bestens sozialisiert und liebt alle 4 und 2 Beiner. Kinder besonders. Und das ist noch immer eine gro\u00dfe Herausforderung f\u00fcr sie, ruhig und gelassen zu bleiben, wenn Kinder zu sehen oder zu h\u00f6ren sind&#8230;&#8230; Wir \u00fcben. Ohne Leine im Wald zu laufen klappt super, nur wenn Menschen kommen siegt oft die Neugierde. Wir wohnen sehr l\u00e4ndlich und treffen nicht t\u00e4glich andere Spazierg\u00e4nger. Wenn wir in die Stadt gehen, l\u00e4uft sie nach kurzer Zeit entspannt an der Leine!<br \/>Die Bilder von eurem Osterspaziergang \/ Treffen sind sehr sch\u00f6n! Freue mich immer Mollys Geschwister und Eltern zu sehen:).<br \/>Wir gr\u00fc\u00dfen dich und deine Meute recht herzlich und w\u00fcnschen dir einen sch\u00f6nen, sonnigen und entspannten Fr\u00fchling.<br \/>B\u00e4rbel und Bernd mit Molly<br \/><a href=\"http:\/\/collies-vom-floersbachtal.de\/cms\/wp-content\/uploads\/2018\/10\/Molly1.jpg\"><img loading=\"lazy\" decoding=\"async\" class=\"aligncenter size-large wp-image-26561\" title=\"Molly1\" src=\"http:\/\/collies-vom-floersbachtal.de\/cms\/wp-content\/uploads\/2018\/10\/Molly1-1024x1024.jpg\" alt=\"\" width=\"640\" height=\"640\" srcset=\"https:\/\/collies-vom-floersbachtal.de\/cms\/wp-content\/uploads\/2018\/10\/Molly1-1024x1024.jpg 1024w, https:\/\/collies-vom-floersbachtal.de\/cms\/wp-content\/uploads\/2018\/10\/Molly1-150x150.jpg 150w, https:\/\/collies-vom-floersbachtal.de\/cms\/wp-content\/uploads\/2018\/10\/Molly1-300x300.jpg 300w\" sizes=\"auto, (max-width: 640px) 100vw, 640px\" \/><\/a><br \/><strong>\u00a0<a href=\"http:\/\/collies-vom-floersbachtal.de\/cms\/wp-content\/uploads\/2018\/10\/Molly1-April19.jpg\"><img loading=\"lazy\" decoding=\"async\" class=\"aligncenter size-large wp-image-26410\" title=\"Molly1 April19\" src=\"http:\/\/collies-vom-floersbachtal.de\/cms\/wp-content\/uploads\/2018\/10\/Molly1-April19-1024x576.jpg\" alt=\"\" width=\"640\" height=\"360\" srcset=\"https:\/\/collies-vom-floersbachtal.de\/cms\/wp-content\/uploads\/2018\/10\/Molly1-April19-1024x576.jpg 1024w, https:\/\/collies-vom-floersbachtal.de\/cms\/wp-content\/uploads\/2018\/10\/Molly1-April19-300x168.jpg 300w\" sizes=\"auto, (max-width: 640px) 100vw, 640px\" \/><\/a><\/strong><\/p>\n<p><strong>Wundersch\u00f6ne Aufnahme von der h\u00fcbschen jungen Dame Molly im M\u00e4rz 19 mit 7 Monaten \ud83d\ude00<\/strong><br \/>Hallo liebe Susanne,<br \/>heute kommt das letzte Schneefoto mit Molly f\u00fcr diesen Winter, denn so langsam kommt auch hier oben der Fr\u00fchling.<br \/>Wie du siehst ist Molly inzwischen eine h\u00fcbsche junge H\u00fcndin geworden. Sie tobt sehr gerne mit anderen Hunden, wobei Gr\u00f6\u00dfe, Farbe, Geschlecht ihr vollkommen egal sind. Sie versteht sich mit allen. Wir waren gleich nachdem wir sie von dir bekommen haben mit ihr in der Hundeschule. Wir hatten &#8222;Einzelstunden&#8220; und bekamen viele hilfreiche Tipps. Das hat uns auch nach 26 Jahren Hundeerfahrung sehr geholfen. Da Molly sehr lieb ist, klappt das meiste sehr, sehr gut. Nur wenn sie ohne Leine l\u00e4uft, weiter weg ist, und sie dann etwas sehr Interessantes entdeckt, l\u00e4uft sie schnurstracks dorthin und weder rufen noch pfeifen interessiert sie. Aber wir \u00fcben!!!!<br \/>Wie geht es dir? Genie\u00dft du das herrliche Wetter und den Fr\u00fchling?<br \/>Wir w\u00fcnschen dir alles Gute und gr\u00fc\u00dfen dich recht herzlich,<br \/>B\u00e4rbel und Bernd mit Molly<a href=\"http:\/\/collies-vom-floersbachtal.de\/cms\/wp-content\/uploads\/2018\/10\/Hasel-Molly1-M\u00e4rz19.jpg\"><img loading=\"lazy\" decoding=\"async\" class=\"aligncenter size-large wp-image-26184\" title=\"Hasel-Molly1 M\u00e4rz19\" src=\"http:\/\/collies-vom-floersbachtal.de\/cms\/wp-content\/uploads\/2018\/10\/Hasel-Molly1-M\u00e4rz19-1024x1024.jpg\" alt=\"\" width=\"640\" height=\"640\" srcset=\"https:\/\/collies-vom-floersbachtal.de\/cms\/wp-content\/uploads\/2018\/10\/Hasel-Molly1-M\u00e4rz19-1024x1024.jpg 1024w, https:\/\/collies-vom-floersbachtal.de\/cms\/wp-content\/uploads\/2018\/10\/Hasel-Molly1-M\u00e4rz19-150x150.jpg 150w, https:\/\/collies-vom-floersbachtal.de\/cms\/wp-content\/uploads\/2018\/10\/Hasel-Molly1-M\u00e4rz19-300x300.jpg 300w, https:\/\/collies-vom-floersbachtal.de\/cms\/wp-content\/uploads\/2018\/10\/Hasel-Molly1-M\u00e4rz19.jpg 1658w\" sizes=\"auto, (max-width: 640px) 100vw, 640px\" \/><\/a><\/p>\n<p><strong>Februar 2019 sch\u00f6ne Aufnahmen von Molly und ihrem tollen Zuhause \ud83d\ude00<br \/><\/strong>Hallo Susanne,<br \/>mit lieben Gr\u00fc\u00dfen zum Valentinstag aktuelle Fotos von Hasel \/ Molly.<br \/>Alles Gute f\u00fcr dich und deine &#8222;Bande&#8220;,<\/p>\n<p>B\u00e4rbel und Bernd<br \/><a href=\"http:\/\/collies-vom-floersbachtal.de\/cms\/wp-content\/uploads\/2018\/10\/Hasel-Molly1-Feb.19.jpg\"><img loading=\"lazy\" decoding=\"async\" class=\"aligncenter size-large wp-image-26009\" title=\"Hasel Molly1 Feb.19\" src=\"http:\/\/collies-vom-floersbachtal.de\/cms\/wp-content\/uploads\/2018\/10\/Hasel-Molly1-Feb.19-1024x497.jpg\" alt=\"\" width=\"640\" height=\"310\" srcset=\"https:\/\/collies-vom-floersbachtal.de\/cms\/wp-content\/uploads\/2018\/10\/Hasel-Molly1-Feb.19-1024x497.jpg 1024w, https:\/\/collies-vom-floersbachtal.de\/cms\/wp-content\/uploads\/2018\/10\/Hasel-Molly1-Feb.19-300x145.jpg 300w, https:\/\/collies-vom-floersbachtal.de\/cms\/wp-content\/uploads\/2018\/10\/Hasel-Molly1-Feb.19.jpg 1648w\" sizes=\"auto, (max-width: 640px) 100vw, 640px\" \/><\/a><br \/><strong><a href=\"http:\/\/collies-vom-floersbachtal.de\/cms\/wp-content\/uploads\/2018\/10\/Hasel-Molly2-Feb.19.jpg\"><img loading=\"lazy\" decoding=\"async\" class=\"aligncenter size-medium wp-image-26010\" title=\"Hasel Molly2 Feb.19\" src=\"http:\/\/collies-vom-floersbachtal.de\/cms\/wp-content\/uploads\/2018\/10\/Hasel-Molly2-Feb.19-300x168.jpg\" alt=\"\" width=\"300\" height=\"168\" srcset=\"https:\/\/collies-vom-floersbachtal.de\/cms\/wp-content\/uploads\/2018\/10\/Hasel-Molly2-Feb.19-300x168.jpg 300w, https:\/\/collies-vom-floersbachtal.de\/cms\/wp-content\/uploads\/2018\/10\/Hasel-Molly2-Feb.19-1024x576.jpg 1024w\" sizes=\"auto, (max-width: 300px) 100vw, 300px\" \/><\/a><\/strong><br \/><a href=\"http:\/\/collies-vom-floersbachtal.de\/cms\/wp-content\/uploads\/2018\/10\/Hasel-Molly3-Feb.19.jpg\"><img loading=\"lazy\" decoding=\"async\" class=\"aligncenter size-large wp-image-26011\" title=\"Hasel Molly3 Feb.19\" src=\"http:\/\/collies-vom-floersbachtal.de\/cms\/wp-content\/uploads\/2018\/10\/Hasel-Molly3-Feb.19-1024x576.jpg\" alt=\"\" width=\"640\" height=\"360\" srcset=\"https:\/\/collies-vom-floersbachtal.de\/cms\/wp-content\/uploads\/2018\/10\/Hasel-Molly3-Feb.19-1024x576.jpg 1024w, https:\/\/collies-vom-floersbachtal.de\/cms\/wp-content\/uploads\/2018\/10\/Hasel-Molly3-Feb.19-300x168.jpg 300w\" sizes=\"auto, (max-width: 640px) 100vw, 640px\" \/><\/a> S\u00fc\u00dfe Molly \ud83d\ude1b<br \/><a href=\"http:\/\/collies-vom-floersbachtal.de\/cms\/wp-content\/uploads\/2018\/10\/Hasel-Molly4-Feb.19.jpg\"><img loading=\"lazy\" decoding=\"async\" class=\"aligncenter size-medium wp-image-26012\" title=\"Hasel Molly4 Feb.19\" src=\"http:\/\/collies-vom-floersbachtal.de\/cms\/wp-content\/uploads\/2018\/10\/Hasel-Molly4-Feb.19-300x182.jpg\" alt=\"\" width=\"300\" height=\"182\" srcset=\"https:\/\/collies-vom-floersbachtal.de\/cms\/wp-content\/uploads\/2018\/10\/Hasel-Molly4-Feb.19-300x182.jpg 300w, https:\/\/collies-vom-floersbachtal.de\/cms\/wp-content\/uploads\/2018\/10\/Hasel-Molly4-Feb.19-1024x623.jpg 1024w, https:\/\/collies-vom-floersbachtal.de\/cms\/wp-content\/uploads\/2018\/10\/Hasel-Molly4-Feb.19.jpg 1657w\" sizes=\"auto, (max-width: 300px) 100vw, 300px\" \/><\/a><\/p>\n<p><strong>Januar 2019<\/strong><br \/>Hallo liebe Susanne,<br \/>wir w\u00fcnschen dir und auch all deinen zwei- und vierbeinigen\u00a0 Familienmitgliedern ein gl\u00fcckliches und gesundes neues Jahr.<br \/>Wie sch\u00f6n, dass du die Reha hinter dir hast.<br \/>Wir hoffen, es geht dir inzwischen besser und w\u00fcnschen weiterhin gute Besserung.<br \/>Hier kommt ein aktuelles Foto von deiner Hasel. Sie liebt den Schnee und freut sich \u00fcber die wei\u00dfe Pracht! Sie ist eine sehr liebe und freundliche H\u00fcndin und entwickelt sich prima.<br \/>Wir gr\u00fc\u00dfen dich sehr herzlich,<br \/>B\u00e4rbel und Bernd mit Molly<a href=\"http:\/\/collies-vom-floersbachtal.de\/cms\/wp-content\/uploads\/2018\/10\/Hasel-Molly1-Jan-19.jpg\"><img loading=\"lazy\" decoding=\"async\" class=\"aligncenter size-medium wp-image-25188\" title=\"Hasel-Molly1 Jan 19\" src=\"http:\/\/collies-vom-floersbachtal.de\/cms\/wp-content\/uploads\/2018\/10\/Hasel-Molly1-Jan-19-300x281.jpg\" alt=\"\" width=\"300\" height=\"281\" srcset=\"https:\/\/collies-vom-floersbachtal.de\/cms\/wp-content\/uploads\/2018\/10\/Hasel-Molly1-Jan-19-300x281.jpg 300w, https:\/\/collies-vom-floersbachtal.de\/cms\/wp-content\/uploads\/2018\/10\/Hasel-Molly1-Jan-19-1024x959.jpg 1024w, https:\/\/collies-vom-floersbachtal.de\/cms\/wp-content\/uploads\/2018\/10\/Hasel-Molly1-Jan-19.jpg 1280w\" sizes=\"auto, (max-width: 300px) 100vw, 300px\" \/><\/a><\/p>\n<p><strong>23.12.18\u00a0Hallo liebe Susanne,\u00a0<\/strong><br \/>wir w\u00fcnschen dir und deinem Rudel eine sch\u00f6ne Adventszeit mit viel Kerzenschein und leckeren Pl\u00e4tzchen&#8230;&#8230;.falls dir die kleinen M\u00e4use genug Zeit daf\u00fcr lassen&#8230;..;).<br \/>Molly geht&#8217;s sehr, sehr gut und im Schnee zu toben ist f\u00fcr sie das Allergr\u00f6\u00dfte!<br \/>Herzliche Gr\u00fc\u00dfe senden dir,<br \/>B\u00e4rbel und Bernd mit Molly\u00a0\u00a0<br \/><strong>15.12.18\u00a0<\/strong><strong><a href=\"http:\/\/collies-vom-floersbachtal.de\/cms\/wp-content\/uploads\/2018\/10\/Hasel-Dezember-181.jpg\"><img loading=\"lazy\" decoding=\"async\" class=\"aligncenter size-large wp-image-24848\" title=\"Hasel Dezember 18\" src=\"http:\/\/collies-vom-floersbachtal.de\/cms\/wp-content\/uploads\/2018\/10\/Hasel-Dezember-181-1024x1024.jpg\" alt=\"\" width=\"640\" height=\"640\" srcset=\"https:\/\/collies-vom-floersbachtal.de\/cms\/wp-content\/uploads\/2018\/10\/Hasel-Dezember-181-1024x1024.jpg 1024w, https:\/\/collies-vom-floersbachtal.de\/cms\/wp-content\/uploads\/2018\/10\/Hasel-Dezember-181-150x150.jpg 150w, https:\/\/collies-vom-floersbachtal.de\/cms\/wp-content\/uploads\/2018\/10\/Hasel-Dezember-181-300x300.jpg 300w\" sizes=\"auto, (max-width: 640px) 100vw, 640px\" \/><\/a><a href=\"http:\/\/collies-vom-floersbachtal.de\/cms\/wp-content\/uploads\/2018\/10\/Hasel-Dezember-18.jpg\"><br \/><\/a><\/strong><\/p>\n<p><strong>29.11.18 Hasel mit 14 Wochen im Schnee, was eine Gaudi \ud83d\ude00<a href=\"http:\/\/collies-vom-floersbachtal.de\/cms\/wp-content\/uploads\/2018\/10\/Hasel-Molly1-Nov.18.jpg\"><img loading=\"lazy\" decoding=\"async\" class=\"aligncenter size-large wp-image-24721\" title=\"Hasel Molly1 Nov.18\" src=\"http:\/\/collies-vom-floersbachtal.de\/cms\/wp-content\/uploads\/2018\/10\/Hasel-Molly1-Nov.18-1024x1024.jpg\" alt=\"\" width=\"640\" height=\"640\" srcset=\"https:\/\/collies-vom-floersbachtal.de\/cms\/wp-content\/uploads\/2018\/10\/Hasel-Molly1-Nov.18-1024x1024.jpg 1024w, https:\/\/collies-vom-floersbachtal.de\/cms\/wp-content\/uploads\/2018\/10\/Hasel-Molly1-Nov.18-150x150.jpg 150w, https:\/\/collies-vom-floersbachtal.de\/cms\/wp-content\/uploads\/2018\/10\/Hasel-Molly1-Nov.18-300x300.jpg 300w\" sizes=\"auto, (max-width: 640px) 100vw, 640px\" \/><\/a><\/strong><\/p>\n<p><strong>20.11.18 ( Hasel-Molly mit 12 Wochen)<\/strong>Hallo liebe Susanne,<br \/>von unserem heutigen, frostigen\u00a0 Morgenspaziergang senden wir dir viele liebe Gr\u00fc\u00dfe!<br \/>B\u00e4rbel und Bernd mit Molly<a href=\"http:\/\/collies-vom-floersbachtal.de\/cms\/wp-content\/uploads\/2018\/10\/Hasel-Molly1-mit-12-Wochen.jpg\"><img loading=\"lazy\" decoding=\"async\" class=\"aligncenter size-large wp-image-24500\" title=\"Hasel-Molly1 mit 12 Wochen\" src=\"http:\/\/collies-vom-floersbachtal.de\/cms\/wp-content\/uploads\/2018\/10\/Hasel-Molly1-mit-12-Wochen-1024x1024.jpg\" alt=\"\" width=\"640\" height=\"640\" srcset=\"https:\/\/collies-vom-floersbachtal.de\/cms\/wp-content\/uploads\/2018\/10\/Hasel-Molly1-mit-12-Wochen-1024x1024.jpg 1024w, https:\/\/collies-vom-floersbachtal.de\/cms\/wp-content\/uploads\/2018\/10\/Hasel-Molly1-mit-12-Wochen-150x150.jpg 150w, https:\/\/collies-vom-floersbachtal.de\/cms\/wp-content\/uploads\/2018\/10\/Hasel-Molly1-mit-12-Wochen-300x300.jpg 300w\" sizes=\"auto, (max-width: 640px) 100vw, 640px\" \/><\/a><\/p>\n<p><strong>13.11.18<\/strong>\u00a0Hallo liebe Susanne,<br \/>der Herbst zeigt sich von seiner sch\u00f6nsten Seite und wir genie\u00dfen die warme Sonne auf unserer Lieblingswiese. Hier kann Molly toben,<br \/>Tannenzapfen suchen, faul in der Sonne liegen und sich ausgiebig streicheln lassen.<br \/>Herzliche Gr\u00fc\u00dfe ins sch\u00f6ne Fl\u00f6rsbachtal senden dir,<br \/>B\u00e4rbel und Bernd mit Molly<br \/><a href=\"http:\/\/collies-vom-floersbachtal.de\/cms\/wp-content\/uploads\/2018\/10\/Hasel-Molly1-mit-11-Wochen.jpg\"><img loading=\"lazy\" decoding=\"async\" class=\"aligncenter size-large wp-image-24453\" title=\"Hasel-Molly1 mit 11 Wochen\" src=\"http:\/\/collies-vom-floersbachtal.de\/cms\/wp-content\/uploads\/2018\/10\/Hasel-Molly1-mit-11-Wochen-1024x576.jpg\" alt=\"\" width=\"640\" height=\"360\" srcset=\"https:\/\/collies-vom-floersbachtal.de\/cms\/wp-content\/uploads\/2018\/10\/Hasel-Molly1-mit-11-Wochen-1024x576.jpg 1024w, https:\/\/collies-vom-floersbachtal.de\/cms\/wp-content\/uploads\/2018\/10\/Hasel-Molly1-mit-11-Wochen-300x168.jpg 300w\" sizes=\"auto, (max-width: 640px) 100vw, 640px\" \/><\/a><br \/><a href=\"http:\/\/collies-vom-floersbachtal.de\/cms\/wp-content\/uploads\/2018\/10\/Hasel-Molly2mit-11-Wochen.jpg\"><img loading=\"lazy\" decoding=\"async\" class=\"aligncenter size-large wp-image-24454\" title=\"Hasel-Molly2mit 11 Wochen\" src=\"http:\/\/collies-vom-floersbachtal.de\/cms\/wp-content\/uploads\/2018\/10\/Hasel-Molly2mit-11-Wochen-689x1024.jpg\" alt=\"\" width=\"640\" height=\"951\" srcset=\"https:\/\/collies-vom-floersbachtal.de\/cms\/wp-content\/uploads\/2018\/10\/Hasel-Molly2mit-11-Wochen-689x1024.jpg 689w, https:\/\/collies-vom-floersbachtal.de\/cms\/wp-content\/uploads\/2018\/10\/Hasel-Molly2mit-11-Wochen-202x300.jpg 202w, https:\/\/collies-vom-floersbachtal.de\/cms\/wp-content\/uploads\/2018\/10\/Hasel-Molly2mit-11-Wochen.jpg 1104w\" sizes=\"auto, (max-width: 640px) 100vw, 640px\" \/><\/a><\/p>\n<p>Was eine s\u00fc\u00dfe Maus. \ud83d\ude00<\/p>\n<p><strong>04.11.18\u00a0<\/strong>Hallo liebe Susanne,<br \/>jetzt ist Molly \/ Hasel schon 1 Woche bei uns. Sie hat viel gelernt, ist sehr neugierig und wir haben jede Menge Spa\u00df und viel Freude miteinander. Hier ein paar Fotos von deiner \/ unserer lieben Maus.<br \/>Wir w\u00fcnschen dir einen gem\u00fctlichen Abend und senden dir herzliche Gr\u00fc\u00dfe,<br \/>B\u00e4rbel und Bernd mit Molly<a href=\"http:\/\/collies-vom-floersbachtal.de\/cms\/wp-content\/uploads\/2018\/10\/Hasel-1-Woche-im-neuen-Zuhause.jpg\"><img loading=\"lazy\" decoding=\"async\" class=\"aligncenter size-large wp-image-24363\" title=\"Hasel 1 Woche im neuen Zuhause\" src=\"http:\/\/collies-vom-floersbachtal.de\/cms\/wp-content\/uploads\/2018\/10\/Hasel-1-Woche-im-neuen-Zuhause-1024x1024.jpg\" alt=\"\" width=\"640\" height=\"640\" srcset=\"https:\/\/collies-vom-floersbachtal.de\/cms\/wp-content\/uploads\/2018\/10\/Hasel-1-Woche-im-neuen-Zuhause-1024x1024.jpg 1024w, https:\/\/collies-vom-floersbachtal.de\/cms\/wp-content\/uploads\/2018\/10\/Hasel-1-Woche-im-neuen-Zuhause-150x150.jpg 150w, https:\/\/collies-vom-floersbachtal.de\/cms\/wp-content\/uploads\/2018\/10\/Hasel-1-Woche-im-neuen-Zuhause-300x300.jpg 300w\" sizes=\"auto, (max-width: 640px) 100vw, 640px\" \/><\/a><\/p>\n<p><strong>31.10.18\u00a0<\/strong> Hallo liebe Susanne,<br \/>Hasel\/Molly ist ein Schatz! Sie frisst, schl\u00e4ft, spielt, ist sehr aufmerksam und will alles richtig machen. Wir sind sehr gl\u00fccklich mit ihr!<br \/>Hier ein paar Fotos von heute morgen im Garten.<br \/>Wir hoffen, du genie\u00dft die etwas ruhigere Zeit ohne die kleinen Monster und gr\u00fc\u00dfen dich sehr herzlich,<br \/>B\u00e4rbel und Bernd mit Molly<a href=\"http:\/\/collies-vom-floersbachtal.de\/cms\/wp-content\/uploads\/2018\/10\/Hasel1-im-neuen-Zuhause.jpg\"><img loading=\"lazy\" decoding=\"async\" class=\"aligncenter size-large wp-image-24344\" title=\"Hasel1 im neuen Zuhause\" src=\"http:\/\/collies-vom-floersbachtal.de\/cms\/wp-content\/uploads\/2018\/10\/Hasel1-im-neuen-Zuhause-1024x1024.jpg\" alt=\"\" width=\"640\" height=\"640\" srcset=\"https:\/\/collies-vom-floersbachtal.de\/cms\/wp-content\/uploads\/2018\/10\/Hasel1-im-neuen-Zuhause-1024x1024.jpg 1024w, https:\/\/collies-vom-floersbachtal.de\/cms\/wp-content\/uploads\/2018\/10\/Hasel1-im-neuen-Zuhause-150x150.jpg 150w, https:\/\/collies-vom-floersbachtal.de\/cms\/wp-content\/uploads\/2018\/10\/Hasel1-im-neuen-Zuhause-300x300.jpg 300w\" sizes=\"auto, (max-width: 640px) 100vw, 640px\" \/><\/a><\/p>\n<p><strong>28.10.18<\/strong> Hallo liebe Susanne,<br \/>Wir hatten eine ganz entspannte Fahrt. Erst hatte ich Molly (Hasel) auf dem Arm, aber nachdem sie unruhig wurde haben wir sie in unsere gem\u00fctlich ausgepolsterte Hundebox gelegt. Und dort schlief sie bis wir zu Hause waren. Perfekt! Ich habe die Maus dann gleich in unseren Garten getragen. Sie hat sich nur kurz \u00fcber den Schnee gewundert, aber dann hat sie sich gleich gel\u00f6st. Super!<br \/>Fressen, das neue Revier erkunden und kurz mit unseren Enkeln spielen&#8230;&#8230;ein spannender Tag. Jetzt schl\u00e4ft unsere Molly tief und fest und tr\u00e4umt hoffentlich von neuen Abenteuern.<\/p>\n<p>Liebe Gr\u00fc\u00dfe aus dem winterlichen Allg\u00e4u,<\/p>\n<p>B\u00e4rbel und Bernd mit Molly<\/p>\n<p><strong>31.01.19 Neuigkeiten von Hasel-Molly<\/strong><br \/>Hallo Susanne,<br \/>hier ein paar aktuelle Bilder von Molly. Sie ist mitten im Zahnwechsel, gut gelaunt und ausgeglichen. Ein kleines Schneemonster;).<br \/>Wir w\u00fcnschen allen Ichens und ihren Familien viel Freude und einen guten Start in einen neuen Lebensabschnitt.<br \/>Liebe Gr\u00fc\u00dfe,<a href=\"http:\/\/collies-vom-floersbachtal.de\/cms\/wp-content\/uploads\/2018\/10\/Molly1-Jan-19.jpg\"><img loading=\"lazy\" decoding=\"async\" class=\"aligncenter size-large wp-image-25658\" title=\"Molly1 Jan 19\" src=\"http:\/\/collies-vom-floersbachtal.de\/cms\/wp-content\/uploads\/2018\/10\/Molly1-Jan-19-1024x1024.jpg\" alt=\"\" width=\"640\" height=\"640\" srcset=\"https:\/\/collies-vom-floersbachtal.de\/cms\/wp-content\/uploads\/2018\/10\/Molly1-Jan-19-1024x1024.jpg 1024w, https:\/\/collies-vom-floersbachtal.de\/cms\/wp-content\/uploads\/2018\/10\/Molly1-Jan-19-150x150.jpg 150w, https:\/\/collies-vom-floersbachtal.de\/cms\/wp-content\/uploads\/2018\/10\/Molly1-Jan-19-300x300.jpg 300w\" sizes=\"auto, (max-width: 640px) 100vw, 640px\" \/><\/a>B\u00e4rbel und Bernd mit Molly<\/p>","protected":false},"excerpt":{"rendered":"<p>Geburtstagsgr\u00fc\u00dfe von Molly aus D\u00e4nemark im August 2025 \ud83d\ude42 Hallo Susanne, aus D\u00e4nemark senden wir dir viele Gr\u00fc\u00dfe.&nbsp; Heute hat Molly Geburtstag. 7 Jahre, kaum zu glauben. Es geht uns allen gut und wir genie\u00dfen Wind, Sonne, Meer und nat\u00fcrlich &hellip; <a href=\"https:\/\/collies-vom-floersbachtal.de\/?page_id=24142\">Weiterlesen <span class=\"meta-nav\">&rarr;<\/span><\/a><\/p>\n","protected":false},"author":1,"featured_media":0,"parent":0,"menu_order":0,"comment_status":"open","ping_status":"open","template":"","meta":{"footnotes":""},"class_list":["post-24142","page","type-page","status-publish","hentry"],"_links":{"self":[{"href":"https:\/\/collies-vom-floersbachtal.de\/index.php?rest_route=\/wp\/v2\/pages\/24142","targetHints":{"allow":["GET"]}}],"collection":[{"href":"https:\/\/collies-vom-floersbachtal.de\/index.php?rest_route=\/wp\/v2\/pages"}],"about":[{"href":"https:\/\/collies-vom-floersbachtal.de\/index.php?rest_route=\/wp\/v2\/types\/page"}],"author":[{"embeddable":true,"href":"https:\/\/collies-vom-floersbachtal.de\/index.php?rest_route=\/wp\/v2\/users\/1"}],"replies":[{"embeddable":true,"href":"https:\/\/collies-vom-floersbachtal.de\/index.php?rest_route=%2Fwp%2Fv2%2Fcomments&post=24142"}],"version-history":[{"count":52,"href":"https:\/\/collies-vom-floersbachtal.de\/index.php?rest_route=\/wp\/v2\/pages\/24142\/revisions"}],"predecessor-version":[{"id":51900,"href":"https:\/\/collies-vom-floersbachtal.de\/index.php?rest_route=\/wp\/v2\/pages\/24142\/revisions\/51900"}],"wp:attachment":[{"href":"https:\/\/collies-vom-floersbachtal.de\/index.php?rest_route=%2Fwp%2Fv2%2Fmedia&parent=24142"}],"curies":[{"name":"wp","href":"https:\/\/api.w.org\/{rel}","templated":true}]}}