{"id":21738,"date":"2018-03-15T16:28:44","date_gmt":"2018-03-15T16:28:44","guid":{"rendered":"http:\/\/collies-vom-floersbachtal.de\/?page_id=21738"},"modified":"2025-01-28T13:35:23","modified_gmt":"2025-01-28T13:35:23","slug":"nachzucht-g-wurf-glory-isabelle","status":"publish","type":"page","link":"https:\/\/collies-vom-floersbachtal.de\/?page_id=21738","title":{"rendered":"Nachzucht G-Wurf Glory Isabelle-Rani"},"content":{"rendered":"<h1><strong>Aktuelle News vom Januar 2025 von Rani \ud83d\ude09 \ud83d\ude42<\/strong><\/h1>\n<div id='gallery-1' class='gallery galleryid-21738 gallery-columns-3 gallery-size-thumbnail'><dl class='gallery-item'>\n\t\t\t<dt class='gallery-icon portrait'>\n\t\t\t\t<a href='https:\/\/collies-vom-floersbachtal.de\/?attachment_id=49203'><img loading=\"lazy\" decoding=\"async\" width=\"150\" height=\"150\" src=\"https:\/\/collies-vom-floersbachtal.de\/cms\/wp-content\/uploads\/2025\/01\/Rani6-Jan25-150x150.jpg\" class=\"attachment-thumbnail size-thumbnail\" alt=\"\" \/><\/a>\n\t\t\t<\/dt><\/dl><dl class='gallery-item'>\n\t\t\t<dt class='gallery-icon portrait'>\n\t\t\t\t<a href='https:\/\/collies-vom-floersbachtal.de\/?attachment_id=49204'><img loading=\"lazy\" decoding=\"async\" width=\"150\" height=\"150\" src=\"https:\/\/collies-vom-floersbachtal.de\/cms\/wp-content\/uploads\/2025\/01\/Rani1-Jan25-150x150.jpg\" class=\"attachment-thumbnail size-thumbnail\" alt=\"\" \/><\/a>\n\t\t\t<\/dt><\/dl><dl class='gallery-item'>\n\t\t\t<dt class='gallery-icon portrait'>\n\t\t\t\t<a href='https:\/\/collies-vom-floersbachtal.de\/?attachment_id=49205'><img loading=\"lazy\" decoding=\"async\" width=\"150\" height=\"150\" src=\"https:\/\/collies-vom-floersbachtal.de\/cms\/wp-content\/uploads\/2025\/01\/Rani2-Jan25-150x150.jpg\" class=\"attachment-thumbnail size-thumbnail\" alt=\"\" \/><\/a>\n\t\t\t<\/dt><\/dl><br style=\"clear: both\" \/><dl class='gallery-item'>\n\t\t\t<dt class='gallery-icon portrait'>\n\t\t\t\t<a href='https:\/\/collies-vom-floersbachtal.de\/?attachment_id=49206'><img loading=\"lazy\" decoding=\"async\" width=\"150\" height=\"150\" src=\"https:\/\/collies-vom-floersbachtal.de\/cms\/wp-content\/uploads\/2025\/01\/Rani4-Jan25-150x150.jpg\" class=\"attachment-thumbnail size-thumbnail\" alt=\"\" \/><\/a>\n\t\t\t<\/dt><\/dl>\n\t\t\t<br style='clear: both' \/>\n\t\t<\/div>\n\n<h1><\/h1>\n<p><strong>21.03.18<\/strong> Heute ist auch unser kleines Prinzesschen Isabellchen ausgezogen und hat eine l\u00e4ngere Fahrt in ihr neues Zuhause gehabt. Aber auch hier ist alles gut gegangen.<\/p>\n<p><strong>22.03.18 Ihr neues Frauli schreibt:<\/strong>\u00a0Liebe Susanne, lieber Gernot.<br \/>\nEurem Isabellchen geht es gut. Die Nacht war etwas unruhig und um 5 Uhr erstmal zu Ende.<br \/>\nAber sie hat gut gefressen, vieles genau untersucht und schon viel gespielt. Wir sind auch<br \/>\nschon ordentlich nass geworden, das Wetter spielt leider immer noch nicht mit. Das<br \/>\nAutofahren klappt schon hervorragend. Jetzt liegt sie an der Balkont\u00fcr &#8211; auf dem Platz von<br \/>\nKater Maurice &#8211; und schl\u00e4ft. Die beiden kommen schon gut klar miteinander. Heute<br \/>\nNachmittag treffen wir die ersten HundeKumpel.<br \/>\nDas war es f\u00fcrs Erste.<br \/>\nWeitere\u00a0 Bilder und Infos folgen.<br \/>\nGanz, ganz liebe Gr\u00fc\u00dfe und nochmals tausend Dank f\u00fcr die S\u00fc\u00dfe Maus<a href=\"http:\/\/collies-vom-floersbachtal.de\/cms\/wp-content\/uploads\/2018\/03\/Isabelle2-im-neuen-Zuhause.jpg\"><img loading=\"lazy\" decoding=\"async\" class=\"aligncenter size-medium wp-image-22077\" title=\"Isabelle2 im neuen Zuhause\" src=\"http:\/\/collies-vom-floersbachtal.de\/cms\/wp-content\/uploads\/2018\/03\/Isabelle2-im-neuen-Zuhause-e1521725569880-225x300.jpg\" alt=\"\" width=\"225\" height=\"300\" srcset=\"https:\/\/collies-vom-floersbachtal.de\/cms\/wp-content\/uploads\/2018\/03\/Isabelle2-im-neuen-Zuhause-e1521725569880-225x300.jpg 225w, https:\/\/collies-vom-floersbachtal.de\/cms\/wp-content\/uploads\/2018\/03\/Isabelle2-im-neuen-Zuhause-e1521725569880-768x1024.jpg 768w\" sizes=\"auto, (max-width: 225px) 100vw, 225px\" \/><\/a><a href=\"http:\/\/collies-vom-floersbachtal.de\/cms\/wp-content\/uploads\/2018\/03\/Isabelle3-im-neuen-Zuhause.jpg\"><img loading=\"lazy\" decoding=\"async\" class=\"aligncenter size-medium wp-image-22078\" title=\"Isabelle3 im neuen Zuhause\" src=\"http:\/\/collies-vom-floersbachtal.de\/cms\/wp-content\/uploads\/2018\/03\/Isabelle3-im-neuen-Zuhause-e1521725600640-225x300.jpg\" alt=\"\" width=\"225\" height=\"300\" srcset=\"https:\/\/collies-vom-floersbachtal.de\/cms\/wp-content\/uploads\/2018\/03\/Isabelle3-im-neuen-Zuhause-e1521725600640-225x300.jpg 225w, https:\/\/collies-vom-floersbachtal.de\/cms\/wp-content\/uploads\/2018\/03\/Isabelle3-im-neuen-Zuhause-e1521725600640-768x1024.jpg 768w\" sizes=\"auto, (max-width: 225px) 100vw, 225px\" \/><\/a>Sch\u00f6n, dass sie auch einen kleinen Freund gefunden hat.<\/p>\n<p><strong>03.04.18<\/strong>Neuigkeiten von der kleinen Maus Isabellchen<\/p>\n<p><a href=\"http:\/\/collies-vom-floersbachtal.de\/cms\/wp-content\/uploads\/2018\/03\/Isabellchen3-im-neuen-Zuhause.jpg\"><img loading=\"lazy\" decoding=\"async\" class=\"aligncenter size-medium wp-image-22330\" title=\"Isabellchen3 im neuen Zuhause\" src=\"http:\/\/collies-vom-floersbachtal.de\/cms\/wp-content\/uploads\/2018\/03\/Isabellchen3-im-neuen-Zuhause-300x168.jpg\" alt=\"\" width=\"300\" height=\"168\" srcset=\"https:\/\/collies-vom-floersbachtal.de\/cms\/wp-content\/uploads\/2018\/03\/Isabellchen3-im-neuen-Zuhause-300x168.jpg 300w, https:\/\/collies-vom-floersbachtal.de\/cms\/wp-content\/uploads\/2018\/03\/Isabellchen3-im-neuen-Zuhause-1024x576.jpg 1024w\" sizes=\"auto, (max-width: 300px) 100vw, 300px\" \/><\/a><\/p>\n<p>Liebe Susanne, lieber Gernot.<br \/>\nWie geht es Euch ohne die 12 Kr\u00fcmel ? Ich kann mir vorstellen, dass sie Euch sehr fehlen, trotz<br \/>\nder vielen Aufregung. Sicher hattet Ihr noch genug zu tun, um alles wieder umzur\u00e4umen und<br \/>\nzu verstauen. Nun k\u00f6nnt Ihr auch mal wieder die Gro\u00dfen bet\u00fcteln.<\/p>\n<p>Isabellchen geht es gut. Sie ist in den 10 Tagen m\u00e4chtig gewachsen. Sie ist sehr aufmerksam<br \/>\nund lernt schnell. Kater Maurice und sie sind schon ziemlich beste Freunde. Sie toben oft so<br \/>\nsehr, dass ich die Notbremse ziehen mu\u00df, damit die Kleine zur Ruhe kommt.<br \/>\nZu dem angek\u00fcndigten Welpentreffen im Juni kommen wir gern.<\/p>\n<p>Jetzt w\u00fcnsche ich Euch erstmal ein Frohes Osterfest und hoffentlich bald sch\u00f6nes<br \/>\nFr\u00fchlingswetter.<br \/>\nGanz liebe Gr\u00fc\u00dfe aus Bochum<br \/>\nArnhild<a href=\"http:\/\/collies-vom-floersbachtal.de\/cms\/wp-content\/uploads\/2018\/03\/Isabellchen1-im-neuen-Zuhause.jpg\"><img loading=\"lazy\" decoding=\"async\" class=\"aligncenter size-large wp-image-22328\" title=\"Isabellchen1 im neuen Zuhause\" src=\"http:\/\/collies-vom-floersbachtal.de\/cms\/wp-content\/uploads\/2018\/03\/Isabellchen1-im-neuen-Zuhause-e1522839538228-768x1024.jpg\" alt=\"\" width=\"640\" height=\"853\" srcset=\"https:\/\/collies-vom-floersbachtal.de\/cms\/wp-content\/uploads\/2018\/03\/Isabellchen1-im-neuen-Zuhause-e1522839538228-768x1024.jpg 768w, https:\/\/collies-vom-floersbachtal.de\/cms\/wp-content\/uploads\/2018\/03\/Isabellchen1-im-neuen-Zuhause-e1522839538228-225x300.jpg 225w\" sizes=\"auto, (max-width: 640px) 100vw, 640px\" \/><\/a><a href=\"http:\/\/collies-vom-floersbachtal.de\/cms\/wp-content\/uploads\/2018\/03\/Isabellchen2-im-neuen-Zuhause.jpg\"><img loading=\"lazy\" decoding=\"async\" class=\"aligncenter size-medium wp-image-22329\" title=\"Isabellchen2 im neuen Zuhause\" src=\"http:\/\/collies-vom-floersbachtal.de\/cms\/wp-content\/uploads\/2018\/03\/Isabellchen2-im-neuen-Zuhause-e1522839578852-225x300.jpg\" alt=\"\" width=\"225\" height=\"300\" srcset=\"https:\/\/collies-vom-floersbachtal.de\/cms\/wp-content\/uploads\/2018\/03\/Isabellchen2-im-neuen-Zuhause-e1522839578852-225x300.jpg 225w, https:\/\/collies-vom-floersbachtal.de\/cms\/wp-content\/uploads\/2018\/03\/Isabellchen2-im-neuen-Zuhause-e1522839578852-768x1024.jpg 768w\" sizes=\"auto, (max-width: 225px) 100vw, 225px\" \/><\/a><strong>15.04.18<\/strong> Neuigkeiten von unserer kleinsten Maus\u00a0 Isabelle!!!<\/p>\n<p>Hallo Ihr Lieben.<br \/>\nIst die kleine Isabelle nicht gro\u00df geworden. Sie wiegt jetzt 9 kg und ist stubenrein.<br \/>\nHeute Morgen haben wir einen Reiterhof besucht. Die Kleine hat ja vor fast Nichts Angst.<br \/>\nPferde, Schweine und H\u00fchner sind kein Problem. Sie forderte alle zum Spielen auf.<br \/>\nDen Pferden legte sie sich vor die N\u00fcstern. Sind halt nur ein bisschen gr\u00f6\u00dfere Hunde als<br \/>\nals ihre Doggenfreunde. Nur das Grunzen der Schweine, bevor sie sie sehen konnte, hat<br \/>\nsie kurz zur\u00fcckschrecken lassen. Jetzt ist sie total geschafft und schl\u00e4ft tief und fest.<br \/>\nLeider f\u00e4llt mir immer zu sp\u00e4t ein Fotos zu machen. Ich mache n\u00e4mlich so gut wie nie<br \/>\nFotos. Ich bem\u00fche mich f\u00fcr Euch \u00f6fter daran zu denken.<\/p>\n<p>Liebe Susanne, lieber Gernot ich w\u00fcnsche Euch noch einen sch\u00f6nen Sonntag.<br \/>\nLiebe Gr\u00fc\u00dfe, auch von meiner Schwester<br \/>\nArnhild<\/p>\n<p><a href=\"http:\/\/collies-vom-floersbachtal.de\/cms\/wp-content\/uploads\/2018\/03\/Isabelle3-12-Wochen.jpg\"><img loading=\"lazy\" decoding=\"async\" class=\"aligncenter size-large wp-image-22480\" title=\"Isabelle3 12 Wochen\" src=\"http:\/\/collies-vom-floersbachtal.de\/cms\/wp-content\/uploads\/2018\/03\/Isabelle3-12-Wochen-1006x1024.jpg\" alt=\"\" width=\"640\" height=\"651\" srcset=\"https:\/\/collies-vom-floersbachtal.de\/cms\/wp-content\/uploads\/2018\/03\/Isabelle3-12-Wochen-1006x1024.jpg 1006w, https:\/\/collies-vom-floersbachtal.de\/cms\/wp-content\/uploads\/2018\/03\/Isabelle3-12-Wochen-294x300.jpg 294w, https:\/\/collies-vom-floersbachtal.de\/cms\/wp-content\/uploads\/2018\/03\/Isabelle3-12-Wochen.jpg 1559w\" sizes=\"auto, (max-width: 640px) 100vw, 640px\" \/><\/a><br \/>\n<a href=\"http:\/\/collies-vom-floersbachtal.de\/cms\/wp-content\/uploads\/2018\/03\/Isabelle4-12-Wochen.jpg\"><img loading=\"lazy\" decoding=\"async\" class=\"aligncenter size-medium wp-image-22481\" title=\"Isabelle4 12 Wochen\" src=\"http:\/\/collies-vom-floersbachtal.de\/cms\/wp-content\/uploads\/2018\/03\/Isabelle4-12-Wochen-182x300.jpg\" alt=\"\" width=\"182\" height=\"300\" srcset=\"https:\/\/collies-vom-floersbachtal.de\/cms\/wp-content\/uploads\/2018\/03\/Isabelle4-12-Wochen-182x300.jpg 182w, https:\/\/collies-vom-floersbachtal.de\/cms\/wp-content\/uploads\/2018\/03\/Isabelle4-12-Wochen-621x1024.jpg 621w, https:\/\/collies-vom-floersbachtal.de\/cms\/wp-content\/uploads\/2018\/03\/Isabelle4-12-Wochen.jpg 1562w\" sizes=\"auto, (max-width: 182px) 100vw, 182px\" \/><\/a>So s\u00fc\u00df mit ihrem Freund dem Kater in einem K\u00f6rbchen. \ud83d\ude00<\/p>\n<p><strong>24.04.18<\/strong> Neuigkeiten von unserem kleinen M\u00e4uschen Isabelle, die inzwischen schon richtig gro\u00df geworden mit 14 Wochen wiegt si 10 kg und ist 42cm hoch.;-)<\/p>\n<p><strong>06.06.18 Neuigkeiten von unserer Mini Maus Isabelle-Rani \ud83d\ude00\u00a0<\/strong><\/p>\n<p>Liebe Susanne, lieber Gernot.<br \/>\nJetzt sind schon wieder 6 Wochen vergangen und Isabelle-Rani nochmal ein St\u00fcck<br \/>\ngewachsen, diesmal mehr in die L\u00e4nge. Sie wird nun doch \u00fcberwiegend Rani gerufen,<br \/>\nsie reagiert sofort auf diesen Namen. Sie ist wirklich ein Schatz. Seit 4 Wochen gehen wir<br \/>\nin die Hundeschule, in einem Verein f\u00fcr Sennenhunde. Unten ein Bild mit ihrer Freundin<br \/>\nPia aus einer anderen Gruppe, sie ist 2 Monate \u00e4lter und musste viele von den Dinge erst<br \/>\nkennenlernen, die Rani schon bei euch mitbekommen hatte. Rani f\u00fchrt die meisten<br \/>\n\u00dcbungen auch ohne ein Leckerchen vor ihrer Nase aus.<br \/>\nNaja in 3 Wochen werdet ihr eure kleine gro\u00dfe Isabelle wiedersehen. Meine Schwester<br \/>\nund ich kommen gerne zu eurem Welpentreffen.<br \/>\nLieber Gernot kannst du bitte das Futter bei Natures Menu bestellen.<br \/>\nVielen lieben Dank.<br \/>\nViele Gr\u00fc\u00dfe von Rani, meiner Schwester und mir.<br \/>\nBis bald im Fl\u00f6rsbachtal. Wir freuen uns schon auf euch und die Colliebande&#8230;.<a href=\"http:\/\/collies-vom-floersbachtal.de\/cms\/wp-content\/uploads\/2018\/03\/Isabelle-Rani3-4-Monate.jpg\"><img loading=\"lazy\" decoding=\"async\" class=\"aligncenter size-large wp-image-22901\" title=\"Isabelle-Rani3 4 Monate\" src=\"http:\/\/collies-vom-floersbachtal.de\/cms\/wp-content\/uploads\/2018\/03\/Isabelle-Rani3-4-Monate-e1528369215632-768x1024.jpg\" alt=\"\" width=\"640\" height=\"853\" srcset=\"https:\/\/collies-vom-floersbachtal.de\/cms\/wp-content\/uploads\/2018\/03\/Isabelle-Rani3-4-Monate-e1528369215632-768x1024.jpg 768w, https:\/\/collies-vom-floersbachtal.de\/cms\/wp-content\/uploads\/2018\/03\/Isabelle-Rani3-4-Monate-e1528369215632-225x300.jpg 225w\" sizes=\"auto, (max-width: 640px) 100vw, 640px\" \/><\/a><br \/>\n<a href=\"http:\/\/collies-vom-floersbachtal.de\/cms\/wp-content\/uploads\/2018\/03\/Isabelle-Rani1-4-Monate.jpg\"><img loading=\"lazy\" decoding=\"async\" class=\"aligncenter size-large wp-image-22899\" title=\"Isabelle-Rani1 4 Monate\" src=\"http:\/\/collies-vom-floersbachtal.de\/cms\/wp-content\/uploads\/2018\/03\/Isabelle-Rani1-4-Monate-576x1024.jpg\" alt=\"\" width=\"576\" height=\"1024\" srcset=\"https:\/\/collies-vom-floersbachtal.de\/cms\/wp-content\/uploads\/2018\/03\/Isabelle-Rani1-4-Monate-576x1024.jpg 576w, https:\/\/collies-vom-floersbachtal.de\/cms\/wp-content\/uploads\/2018\/03\/Isabelle-Rani1-4-Monate-168x300.jpg 168w, https:\/\/collies-vom-floersbachtal.de\/cms\/wp-content\/uploads\/2018\/03\/Isabelle-Rani1-4-Monate.jpg 720w\" sizes=\"auto, (max-width: 576px) 100vw, 576px\" \/><\/a><\/p>\n<p><strong>News von klein Isabellchen-Rani Juli 2018<\/strong><br \/>\nHallo Susanne, hallo Gernot.<\/p>\n<p>Ich hoffe, dass es euch und euren Collies gut geht und ihr diesen tollen Sommer in eurem<br \/>\nParadies voll genie\u00dfen k\u00f6nnt.<br \/>\nEndlich habe ich mal wieder ein paar Fotos von Rani gemacht, die ich euch schicken m\u00f6chte.<br \/>\nDie kleine Maus ist schon ganz sch\u00f6n gro\u00df geworden. Sie wiegt jetzt 15,5 kg und ist 53 cm<br \/>\nhoch. Bin gespannt wieviel Zentimeter noch dazu kommen. Und sie hat inzwischen wieder<br \/>\nalle Z\u00e4hne (lt. Tier\u00e4rztin sehr sch\u00f6ne Z\u00e4hne). Ich habe sie letzte Woche nun doch schon<br \/>\nimpfen lassen. Der Grund &#8211; es gibt hier zuviele Hunde aus dem \u00f6stlichen Europa mit diversen Krankheiten und bei den hiesigen F\u00fcchsen grassiert die Staupe ( und wir sind viel in Wald und Flur unterwegs ). Die Tier\u00e4rztin verabreicht die SHP Impfung in jeweils 2 Dosen. Die erste hat Rani vor einer Woche bekommen und die zweite heute. In 4 und 5 Wochen folgt dann der Rest. Sie Die TollwutImpfung bekommt sie dann im Januar.<br \/>\nRani versucht jetzt ihre Grenze auszutesten. Vor allem beim R\u00fcckruf. Sie bekommt jetzt<br \/>\nmorgens ihr Trockenfutter beim Spaziergang aus einem Dummy. Der ist dann doch<br \/>\ninteressanter als die Kaninchen. Sie kommt beim ersten Pfeifton sofort zu mir, auch<br \/>\nwenn wir dann nachmittags ohne Dummy laufen.<br \/>\nWir besuchen auch weiterhin den Junghundkurs und ich \u00fcberlege, ob wir mit dem<br \/>\nLongieren anfangen, denn sie achtet sehr sch\u00f6n auf Zeichen.<br \/>\nOder meint ihr, dass das schon zuviel Aktion ist. Ich achte aber zu Hause sehr darauf, dass sie zur Ruhe kommt. Auch sonst versuche ich die Zeiten der Spazierg\u00e4nge ihrem Alter entspechend einzuhalten. Sie bleibt auch schon f\u00fcr 1 oder 2 Stunden allein, wenn ich einkaufen gehe. Sie<br \/>\ngrummelt einen Moment vor sich hin, legt sich dann aber auf ihren Platz und wenn ich heim komme schl\u00e4ft sie ganz relaxt.<br \/>\nAber das Wichtigste habe ich euch noch nicht mitgeteilt, Rani ist wirklich ein Schatz. Ich<br \/>\nliebe sie \u00fcber alles und kann mir ein Leben ohne sie nicht mehr vorstellen. Sie ist immer<br \/>\ngut gelaunt und fr\u00f6hlich, sie ist sensibel und aufmerksam und wachsam. Und wundersch\u00f6n.<\/p>\n<p><strong>Vielen Dank f\u00fcr dieses s\u00fc\u00dfe Hundem\u00e4dchen.<\/strong><\/p>\n<p>Es tut mir sehr leid, dass wir nicht zu dem Welpentreffen kommen konnten.<br \/>\nWir hatten uns so darauf gefreut. Aber ich denke, dass wir uns im August sehen werden.<br \/>\nSo ihr Lieben, das war es f\u00fcr heute. Ich melde bald wieder, wegen der Futterbestellung.<br \/>\nBitte knuddelt die Colliebande von mir.<br \/>\nGanz liebe Gr\u00fc\u00dfe aus Bochum<\/p>\n<p>Arnhild und Rani<a href=\"http:\/\/collies-vom-floersbachtal.de\/cms\/wp-content\/uploads\/2018\/03\/Rani1-Juli18.jpg\"><img loading=\"lazy\" decoding=\"async\" class=\"aligncenter size-large wp-image-23292\" title=\"Rani1 Juli18\" src=\"http:\/\/collies-vom-floersbachtal.de\/cms\/wp-content\/uploads\/2018\/03\/Rani1-Juli18-768x1024.jpg\" alt=\"\" width=\"640\" height=\"853\" srcset=\"https:\/\/collies-vom-floersbachtal.de\/cms\/wp-content\/uploads\/2018\/03\/Rani1-Juli18-768x1024.jpg 768w, https:\/\/collies-vom-floersbachtal.de\/cms\/wp-content\/uploads\/2018\/03\/Rani1-Juli18-225x300.jpg 225w\" sizes=\"auto, (max-width: 640px) 100vw, 640px\" \/><\/a><a href=\"http:\/\/collies-vom-floersbachtal.de\/cms\/wp-content\/uploads\/2018\/03\/Rani2-Juli18.jpg\"><img loading=\"lazy\" decoding=\"async\" class=\"aligncenter size-medium wp-image-23293\" title=\"Rani2 Juli18\" src=\"http:\/\/collies-vom-floersbachtal.de\/cms\/wp-content\/uploads\/2018\/03\/Rani2-Juli18-224x300.jpg\" alt=\"\" width=\"224\" height=\"300\" srcset=\"https:\/\/collies-vom-floersbachtal.de\/cms\/wp-content\/uploads\/2018\/03\/Rani2-Juli18-224x300.jpg 224w, https:\/\/collies-vom-floersbachtal.de\/cms\/wp-content\/uploads\/2018\/03\/Rani2-Juli18.jpg 647w\" sizes=\"auto, (max-width: 224px) 100vw, 224px\" \/><\/a><a href=\"http:\/\/collies-vom-floersbachtal.de\/cms\/wp-content\/uploads\/2018\/03\/Rani3-Juli18.jpg\"><img loading=\"lazy\" decoding=\"async\" class=\"aligncenter size-large wp-image-23294\" title=\"Rani3 Juli18\" src=\"http:\/\/collies-vom-floersbachtal.de\/cms\/wp-content\/uploads\/2018\/03\/Rani3-Juli18-902x1024.jpg\" alt=\"\" width=\"640\" height=\"726\" srcset=\"https:\/\/collies-vom-floersbachtal.de\/cms\/wp-content\/uploads\/2018\/03\/Rani3-Juli18-902x1024.jpg 902w, https:\/\/collies-vom-floersbachtal.de\/cms\/wp-content\/uploads\/2018\/03\/Rani3-Juli18-264x300.jpg 264w, https:\/\/collies-vom-floersbachtal.de\/cms\/wp-content\/uploads\/2018\/03\/Rani3-Juli18.jpg 1259w\" sizes=\"auto, (max-width: 640px) 100vw, 640px\" \/><\/a><strong>Neuigkeiten von der kleinen Prinzessin Rani, September 2018\u00a0<\/strong><br \/>\nLiebe Susanne.<br \/>\nIch bin diese Woche mit Rani bei Anne Kr\u00fcger-Degener zu einem Beratungsgespr\u00e4ch<br \/>\ngewesen. Ich wei\u00df nicht, ob du sie kennst oder schon einmal von ihr geh\u00f6rt hast.<br \/>\nAnne Kr\u00fcger-Degener ist Tiertrainerin, sie bildet Hunde (auch Assistenzhunde) und<br \/>\nPferde aus. Ich hatte vor 6 Jahren ein Einf\u00fchrungsseminar \u00fcber ihr Kommunikations-<br \/>\ntraining f\u00fcr Mensch und Hund besucht und war fasziniert von ihrer Arbeit.<br \/>\nSie hat einen vollkommen anderen Ausbildungsstil als alle anderen Trainer, die ich<br \/>\nkenne. Bei ihr geht es nicht um Konditionierung sondern um Kommunikation und<br \/>\nBeziehung.<br \/>\nZu ihr kommen Hunde- und Pferdehalter aus ganz Deutschland, um von ihr zu lernen.<br \/>\nSie wohnt mit ihrer Familie, Hunden, Katzen, Pferden, Schafen, Ziegen und Enten auf<br \/>\neinem wundersch\u00f6nen, alten Hof im Osnabr\u00fccker Land in Melle.<br \/>\nSie ist \u00fcber die Sch\u00e4ferei und die Border Colliezucht zum Tiertraining gekommen.<br \/>\nWarum ich dir davon erz\u00e4hle, sie ist ganz angetan von Rani. Anne Kr\u00fcger-Degener hat mich gebeten dir, der Z\u00fcchterin, zu dieser wundersch\u00f6nen, intelligenten und sensiblen H\u00fcndin zu gratulieren.<br \/>\nIhre Worte * ich bin schockverliebt in diesen Hund *. Das sei ihr so noch nie passiert.<br \/>\nIch werde noch 2 Seminare bei ihr als Gasth\u00f6rer besuchen, da die Seminare schon ausgebucht sind, und an denselben Tagen 2 Trainings-Stunden mit Rani absolvieren, jeweils eine morgens und eine nachmittags.<\/p>\n<p>So, das w\u00e4rst f\u00fcr heute.<br \/>\nIch gr\u00fc\u00dfe und umarme dich&#8230;<br \/>\nArnhild<a href=\"http:\/\/collies-vom-floersbachtal.de\/cms\/wp-content\/uploads\/2018\/03\/Rani1-Dez.18.jpg\"><img loading=\"lazy\" decoding=\"async\" class=\"aligncenter size-medium wp-image-26261\" title=\"Rani1 Dez.18\" src=\"http:\/\/collies-vom-floersbachtal.de\/cms\/wp-content\/uploads\/2018\/03\/Rani1-Dez.18-e1553538156392-225x300.jpg\" alt=\"\" width=\"225\" height=\"300\" srcset=\"https:\/\/collies-vom-floersbachtal.de\/cms\/wp-content\/uploads\/2018\/03\/Rani1-Dez.18-e1553538156392-225x300.jpg 225w, https:\/\/collies-vom-floersbachtal.de\/cms\/wp-content\/uploads\/2018\/03\/Rani1-Dez.18-e1553538156392-768x1024.jpg 768w\" sizes=\"auto, (max-width: 225px) 100vw, 225px\" \/><\/a><br \/>\n<a href=\"http:\/\/collies-vom-floersbachtal.de\/cms\/wp-content\/uploads\/2018\/03\/Rani1-M\u00e4rz19.jpg\"><img loading=\"lazy\" decoding=\"async\" class=\"aligncenter size-large wp-image-26262\" title=\"Rani1 M\u00e4rz19\" src=\"http:\/\/collies-vom-floersbachtal.de\/cms\/wp-content\/uploads\/2018\/03\/Rani1-M\u00e4rz19-e1553538187792-768x1024.jpg\" alt=\"\" width=\"640\" height=\"853\" srcset=\"https:\/\/collies-vom-floersbachtal.de\/cms\/wp-content\/uploads\/2018\/03\/Rani1-M\u00e4rz19-e1553538187792-768x1024.jpg 768w, https:\/\/collies-vom-floersbachtal.de\/cms\/wp-content\/uploads\/2018\/03\/Rani1-M\u00e4rz19-e1553538187792-225x300.jpg 225w\" sizes=\"auto, (max-width: 640px) 100vw, 640px\" \/><\/a><\/p>\n<p><strong>News von der niedlichen Rani zu Ostern im April 2019 \ud83d\ude00<\/strong><\/p>\n<p>Liebe Susanne.<br \/>\nWie geht es dir und deinen Collies ? Konntest du etwas zur Ruhe kommen ? Ich hoffe, dass<br \/>\ndeine H\u00fcfte dir keine Probleme mehr bereitet und du das herrliche Fr\u00fchlingswetter mit deiner<br \/>\nColliebande genie\u00dfen kannst.<\/p>\n<p>Ich habe gerade einen langen Spaziergang mit Rani gemacht und sie hat sich, wie so oft,<br \/>\nden gr\u00f6\u00dften Stock, den sie finden konnte, geschnappt und ist stolz davon gest\u00fcrmt.<br \/>\nUnd ich habe es endlich mal fotografiert.<br \/>\nRani hat ihre 2. L\u00e4ufigkeit fast hinter sich und wir k\u00f6nnen nach Ostern endlich wieder zum Rallye Obedience Kurs gehen, der ihr viel Spa\u00df macht. Sie ist nach wie vor eine liebe,<br \/>\nfr\u00f6hliche und sehr aufmerksame Collielady. Sie macht uns viel Freude.<br \/>\nLiebe Susanne wir w\u00fcnschen dir und deinen Lieben ein sch\u00f6nes sonniges Osterfest.<br \/>\nViele liebe Gr\u00fc\u00dfe aus dem Ruhrpott senden dir<br \/>\nArnhild, Irmtraud und RANI<br \/>\nP.S. Bitte knuddel die Colliebande von uns <a href=\"http:\/\/collies-vom-floersbachtal.de\/cms\/wp-content\/uploads\/2018\/03\/Rani1-Ostern-19.jpg\"><img loading=\"lazy\" decoding=\"async\" class=\"aligncenter size-large wp-image-26478\" title=\"Rani1 Ostern 19\" src=\"http:\/\/collies-vom-floersbachtal.de\/cms\/wp-content\/uploads\/2018\/03\/Rani1-Ostern-19-e1555869231195-768x1024.jpg\" alt=\"\" width=\"640\" height=\"853\" srcset=\"https:\/\/collies-vom-floersbachtal.de\/cms\/wp-content\/uploads\/2018\/03\/Rani1-Ostern-19-e1555869231195-768x1024.jpg 768w, https:\/\/collies-vom-floersbachtal.de\/cms\/wp-content\/uploads\/2018\/03\/Rani1-Ostern-19-e1555869231195-225x300.jpg 225w\" sizes=\"auto, (max-width: 640px) 100vw, 640px\" \/><\/a><\/p>\n","protected":false},"excerpt":{"rendered":"<p>Aktuelle News vom Januar 2025 von Rani \ud83d\ude09 \ud83d\ude42 21.03.18 Heute ist auch unser kleines Prinzesschen Isabellchen ausgezogen und hat eine l\u00e4ngere Fahrt in ihr neues Zuhause gehabt. Aber auch hier ist alles gut gegangen. 22.03.18 Ihr neues Frauli schreibt:\u00a0Liebe &hellip; <a href=\"https:\/\/collies-vom-floersbachtal.de\/?page_id=21738\">Weiterlesen <span class=\"meta-nav\">&rarr;<\/span><\/a><\/p>\n","protected":false},"author":1,"featured_media":0,"parent":0,"menu_order":0,"comment_status":"open","ping_status":"open","template":"","meta":{"footnotes":""},"class_list":["post-21738","page","type-page","status-publish","hentry"],"_links":{"self":[{"href":"https:\/\/collies-vom-floersbachtal.de\/index.php?rest_route=\/wp\/v2\/pages\/21738","targetHints":{"allow":["GET"]}}],"collection":[{"href":"https:\/\/collies-vom-floersbachtal.de\/index.php?rest_route=\/wp\/v2\/pages"}],"about":[{"href":"https:\/\/collies-vom-floersbachtal.de\/index.php?rest_route=\/wp\/v2\/types\/page"}],"author":[{"embeddable":true,"href":"https:\/\/collies-vom-floersbachtal.de\/index.php?rest_route=\/wp\/v2\/users\/1"}],"replies":[{"embeddable":true,"href":"https:\/\/collies-vom-floersbachtal.de\/index.php?rest_route=%2Fwp%2Fv2%2Fcomments&post=21738"}],"version-history":[{"count":23,"href":"https:\/\/collies-vom-floersbachtal.de\/index.php?rest_route=\/wp\/v2\/pages\/21738\/revisions"}],"predecessor-version":[{"id":49208,"href":"https:\/\/collies-vom-floersbachtal.de\/index.php?rest_route=\/wp\/v2\/pages\/21738\/revisions\/49208"}],"wp:attachment":[{"href":"https:\/\/collies-vom-floersbachtal.de\/index.php?rest_route=%2Fwp%2Fv2%2Fmedia&parent=21738"}],"curies":[{"name":"wp","href":"https:\/\/api.w.org\/{rel}","templated":true}]}}