{"id":21731,"date":"2018-03-15T16:27:05","date_gmt":"2018-03-15T16:27:05","guid":{"rendered":"http:\/\/collies-vom-floersbachtal.de\/?page_id=21731"},"modified":"2023-02-24T13:46:40","modified_gmt":"2023-02-24T13:46:40","slug":"nachzucht-g-wurf-glaring-grace","status":"publish","type":"page","link":"https:\/\/collies-vom-floersbachtal.de\/?page_id=21731","title":{"rendered":"Nachzucht G-Wurf Glaring Grace"},"content":{"rendered":"<h1><strong>Neuigkeiten von Grace im Februar 2023 \ud83d\ude42<\/strong><\/h1>\n<p>Ihr Frauchen schreibt:<\/p>\n<p>Grace hat sich gut entwickelt, ist super kinderlieb, gut gelaunt, der totale Familienliebling! Sie kann ziemlich stur sein aber sie fordert unheimlich viel Liebe ein.. liebt es auch mal den ganzen Tag ihre Ruhe zu haben. Aber sie ist auch unheimlich rebellisch was schnelle Handlungen (Radfahrer, Jogger, ect )und kleinere Hunde angeht. Schon fast jagdtechnisch getrieben! Zeitweise hatte ich einen Rottweiler an der Leine!!! Da kam am Kinderwagen dann der Schutzmechanismus, der Jagdtrieb durch.<\/p>\n<p>Ich w\u00fcrde sagen das es zu 60% besser geworden ist und wir auf einem guten Weg sind. LG.<\/p>\n<p><a href=\"https:\/\/collies-vom-floersbachtal.de\/?attachment_id=38953\" rel=\"attachment wp-att-38953\"><img loading=\"lazy\" decoding=\"async\" class=\"aligncenter size-full wp-image-38953\" src=\"http:\/\/collies-vom-floersbachtal.de\/cms\/wp-content\/uploads\/2023\/02\/Grace7.jpg\" alt=\"\" width=\"1000\" height=\"1333\" srcset=\"https:\/\/collies-vom-floersbachtal.de\/cms\/wp-content\/uploads\/2023\/02\/Grace7.jpg 1000w, https:\/\/collies-vom-floersbachtal.de\/cms\/wp-content\/uploads\/2023\/02\/Grace7-225x300.jpg 225w, https:\/\/collies-vom-floersbachtal.de\/cms\/wp-content\/uploads\/2023\/02\/Grace7-768x1024.jpg 768w\" sizes=\"auto, (max-width: 1000px) 100vw, 1000px\" \/><\/a><\/p>\n<div id='gallery-1' class='gallery galleryid-21731 gallery-columns-3 gallery-size-thumbnail'><dl class='gallery-item'>\n\t\t\t<dt class='gallery-icon portrait'>\n\t\t\t\t<a href='https:\/\/collies-vom-floersbachtal.de\/?attachment_id=38954'><img loading=\"lazy\" decoding=\"async\" width=\"150\" height=\"150\" src=\"https:\/\/collies-vom-floersbachtal.de\/cms\/wp-content\/uploads\/2023\/02\/Grace6-150x150.jpg\" class=\"attachment-thumbnail size-thumbnail\" alt=\"\" \/><\/a>\n\t\t\t<\/dt><\/dl><dl class='gallery-item'>\n\t\t\t<dt class='gallery-icon portrait'>\n\t\t\t\t<a href='https:\/\/collies-vom-floersbachtal.de\/?attachment_id=38955'><img loading=\"lazy\" decoding=\"async\" width=\"150\" height=\"150\" src=\"https:\/\/collies-vom-floersbachtal.de\/cms\/wp-content\/uploads\/2023\/02\/Grace1-150x150.jpg\" class=\"attachment-thumbnail size-thumbnail\" alt=\"\" \/><\/a>\n\t\t\t<\/dt><\/dl><dl class='gallery-item'>\n\t\t\t<dt class='gallery-icon portrait'>\n\t\t\t\t<a href='https:\/\/collies-vom-floersbachtal.de\/?attachment_id=38956'><img loading=\"lazy\" decoding=\"async\" width=\"150\" height=\"150\" src=\"https:\/\/collies-vom-floersbachtal.de\/cms\/wp-content\/uploads\/2023\/02\/Grace2-150x150.jpg\" class=\"attachment-thumbnail size-thumbnail\" alt=\"\" \/><\/a>\n\t\t\t<\/dt><\/dl><br style=\"clear: both\" \/><dl class='gallery-item'>\n\t\t\t<dt class='gallery-icon landscape'>\n\t\t\t\t<a href='https:\/\/collies-vom-floersbachtal.de\/?attachment_id=38957'><img loading=\"lazy\" decoding=\"async\" width=\"150\" height=\"150\" src=\"https:\/\/collies-vom-floersbachtal.de\/cms\/wp-content\/uploads\/2023\/02\/Grace3-150x150.jpg\" class=\"attachment-thumbnail size-thumbnail\" alt=\"\" \/><\/a>\n\t\t\t<\/dt><\/dl><dl class='gallery-item'>\n\t\t\t<dt class='gallery-icon portrait'>\n\t\t\t\t<a href='https:\/\/collies-vom-floersbachtal.de\/?attachment_id=38958'><img loading=\"lazy\" decoding=\"async\" width=\"150\" height=\"150\" src=\"https:\/\/collies-vom-floersbachtal.de\/cms\/wp-content\/uploads\/2023\/02\/Grace4-150x150.jpg\" class=\"attachment-thumbnail size-thumbnail\" alt=\"\" \/><\/a>\n\t\t\t<\/dt><\/dl><dl class='gallery-item'>\n\t\t\t<dt class='gallery-icon portrait'>\n\t\t\t\t<a href='https:\/\/collies-vom-floersbachtal.de\/?attachment_id=38959'><img loading=\"lazy\" decoding=\"async\" width=\"150\" height=\"150\" src=\"https:\/\/collies-vom-floersbachtal.de\/cms\/wp-content\/uploads\/2023\/02\/Grace5-150x150.jpg\" class=\"attachment-thumbnail size-thumbnail\" alt=\"\" \/><\/a>\n\t\t\t<\/dt><\/dl><br style=\"clear: both\" \/>\n\t\t<\/div>\n\n<p><strong>17.03.18<\/strong> Deine Eltern beim Verabschieden \ud83d\ude41<a href=\"http:\/\/collies-vom-floersbachtal.de\/cms\/wp-content\/uploads\/2018\/03\/Grace-Auszug4.jpg\"><img loading=\"lazy\" decoding=\"async\" class=\"aligncenter size-medium wp-image-21918\" title=\"Grace Auszug4\" src=\"http:\/\/collies-vom-floersbachtal.de\/cms\/wp-content\/uploads\/2018\/03\/Grace-Auszug4-286x300.jpg\" alt=\"\" width=\"286\" height=\"300\" srcset=\"https:\/\/collies-vom-floersbachtal.de\/cms\/wp-content\/uploads\/2018\/03\/Grace-Auszug4-286x300.jpg 286w, https:\/\/collies-vom-floersbachtal.de\/cms\/wp-content\/uploads\/2018\/03\/Grace-Auszug4-977x1024.jpg 977w, https:\/\/collies-vom-floersbachtal.de\/cms\/wp-content\/uploads\/2018\/03\/Grace-Auszug4.jpg 1000w\" sizes=\"auto, (max-width: 286px) 100vw, 286px\" \/><\/a><\/p>\n<p>Nun ist unsere wei\u00dfe Prinzessin auch schon in ihr neues Zuhause ausgezogen \ud83d\ude41 Die Fahrt hat sie super gemeistert und eher verschlafen. \ud83d\ude00<a href=\"http:\/\/collies-vom-floersbachtal.de\/cms\/wp-content\/uploads\/2018\/03\/Grace-1-im-neuen-Zuhause.jpg\"><img loading=\"lazy\" decoding=\"async\" class=\"aligncenter size-full wp-image-21892\" title=\"Grace 1 im neuen Zuhause\" src=\"http:\/\/collies-vom-floersbachtal.de\/cms\/wp-content\/uploads\/2018\/03\/Grace-1-im-neuen-Zuhause.jpg\" alt=\"\" width=\"1920\" height=\"1080\" srcset=\"https:\/\/collies-vom-floersbachtal.de\/cms\/wp-content\/uploads\/2018\/03\/Grace-1-im-neuen-Zuhause.jpg 1920w, https:\/\/collies-vom-floersbachtal.de\/cms\/wp-content\/uploads\/2018\/03\/Grace-1-im-neuen-Zuhause-300x168.jpg 300w, https:\/\/collies-vom-floersbachtal.de\/cms\/wp-content\/uploads\/2018\/03\/Grace-1-im-neuen-Zuhause-1024x576.jpg 1024w\" sizes=\"auto, (max-width: 1920px) 100vw, 1920px\" \/><\/a><a href=\"http:\/\/collies-vom-floersbachtal.de\/cms\/wp-content\/uploads\/2018\/03\/Grace-2im-neuen-Zuhause.jpg\"><img loading=\"lazy\" decoding=\"async\" class=\"aligncenter size-medium wp-image-21893\" title=\"Grace 2im neuen Zuhause\" src=\"http:\/\/collies-vom-floersbachtal.de\/cms\/wp-content\/uploads\/2018\/03\/Grace-2im-neuen-Zuhause-168x300.jpg\" alt=\"\" width=\"168\" height=\"300\" srcset=\"https:\/\/collies-vom-floersbachtal.de\/cms\/wp-content\/uploads\/2018\/03\/Grace-2im-neuen-Zuhause-168x300.jpg 168w, https:\/\/collies-vom-floersbachtal.de\/cms\/wp-content\/uploads\/2018\/03\/Grace-2im-neuen-Zuhause.jpg 540w\" sizes=\"auto, (max-width: 168px) 100vw, 168px\" \/><\/a><a href=\"http:\/\/collies-vom-floersbachtal.de\/cms\/wp-content\/uploads\/2018\/03\/Grace-3im-neuen-Zuhause1.jpg\"><img loading=\"lazy\" decoding=\"async\" class=\"aligncenter size-medium wp-image-21896\" title=\"Grace 3im neuen Zuhause\" src=\"http:\/\/collies-vom-floersbachtal.de\/cms\/wp-content\/uploads\/2018\/03\/Grace-3im-neuen-Zuhause1-168x300.jpg\" alt=\"\" width=\"168\" height=\"300\" srcset=\"https:\/\/collies-vom-floersbachtal.de\/cms\/wp-content\/uploads\/2018\/03\/Grace-3im-neuen-Zuhause1-168x300.jpg 168w, https:\/\/collies-vom-floersbachtal.de\/cms\/wp-content\/uploads\/2018\/03\/Grace-3im-neuen-Zuhause1.jpg 540w\" sizes=\"auto, (max-width: 168px) 100vw, 168px\" \/><\/a><strong>18.03.18<\/strong> So viel Neues, da mu\u00df sie erst mal schlafen gehen.<a href=\"http:\/\/collies-vom-floersbachtal.de\/cms\/wp-content\/uploads\/2018\/03\/Grace-4im-neuen-Zuhause.jpg\"><img loading=\"lazy\" decoding=\"async\" class=\"aligncenter size-full wp-image-21914\" title=\"Grace 4im neuen Zuhause\" src=\"http:\/\/collies-vom-floersbachtal.de\/cms\/wp-content\/uploads\/2018\/03\/Grace-4im-neuen-Zuhause.jpg\" alt=\"\" width=\"1024\" height=\"768\" srcset=\"https:\/\/collies-vom-floersbachtal.de\/cms\/wp-content\/uploads\/2018\/03\/Grace-4im-neuen-Zuhause.jpg 1024w, https:\/\/collies-vom-floersbachtal.de\/cms\/wp-content\/uploads\/2018\/03\/Grace-4im-neuen-Zuhause-300x225.jpg 300w\" sizes=\"auto, (max-width: 1024px) 100vw, 1024px\" \/><\/a><a href=\"http:\/\/collies-vom-floersbachtal.de\/cms\/wp-content\/uploads\/2018\/03\/Grace-5im-neuen-Zuhause.jpg\"><img loading=\"lazy\" decoding=\"async\" class=\"aligncenter size-full wp-image-21915\" title=\"Grace 5im neuen Zuhause\" src=\"http:\/\/collies-vom-floersbachtal.de\/cms\/wp-content\/uploads\/2018\/03\/Grace-5im-neuen-Zuhause.jpg\" alt=\"\" width=\"1024\" height=\"768\" srcset=\"https:\/\/collies-vom-floersbachtal.de\/cms\/wp-content\/uploads\/2018\/03\/Grace-5im-neuen-Zuhause.jpg 1024w, https:\/\/collies-vom-floersbachtal.de\/cms\/wp-content\/uploads\/2018\/03\/Grace-5im-neuen-Zuhause-300x225.jpg 300w\" sizes=\"auto, (max-width: 1024px) 100vw, 1024px\" \/><\/a>Einmal allen hallo sagen&#8230;\u00a0 toll, du siehst ja fast aus wie meine Mama \ud83d\ude00<\/p>\n<p><strong>23.03.18<\/strong> News von der kleinen wei\u00dfen Prinzessin Grace nach einer Woche<a href=\"http:\/\/collies-vom-floersbachtal.de\/cms\/wp-content\/uploads\/2018\/03\/Grace1-eine-Woche-im-neuen-Zuhause.jpg\"><img loading=\"lazy\" decoding=\"async\" class=\"aligncenter size-full wp-image-22122\" title=\"Grace1 eine Woche im neuen Zuhause\" src=\"http:\/\/collies-vom-floersbachtal.de\/cms\/wp-content\/uploads\/2018\/03\/Grace1-eine-Woche-im-neuen-Zuhause.jpg\" alt=\"\" width=\"720\" height=\"960\" srcset=\"https:\/\/collies-vom-floersbachtal.de\/cms\/wp-content\/uploads\/2018\/03\/Grace1-eine-Woche-im-neuen-Zuhause.jpg 720w, https:\/\/collies-vom-floersbachtal.de\/cms\/wp-content\/uploads\/2018\/03\/Grace1-eine-Woche-im-neuen-Zuhause-225x300.jpg 225w\" sizes=\"auto, (max-width: 720px) 100vw, 720px\" \/><\/a><a href=\"http:\/\/collies-vom-floersbachtal.de\/cms\/wp-content\/uploads\/2018\/03\/Grace2-eine-Woche-im-neuen-Zuhause.jpg\"><img loading=\"lazy\" decoding=\"async\" class=\"aligncenter size-full wp-image-22123\" title=\"Grace2 eine Woche im neuen Zuhause\" src=\"http:\/\/collies-vom-floersbachtal.de\/cms\/wp-content\/uploads\/2018\/03\/Grace2-eine-Woche-im-neuen-Zuhause.jpg\" alt=\"\" width=\"1280\" height=\"960\" srcset=\"https:\/\/collies-vom-floersbachtal.de\/cms\/wp-content\/uploads\/2018\/03\/Grace2-eine-Woche-im-neuen-Zuhause.jpg 1280w, https:\/\/collies-vom-floersbachtal.de\/cms\/wp-content\/uploads\/2018\/03\/Grace2-eine-Woche-im-neuen-Zuhause-300x225.jpg 300w, https:\/\/collies-vom-floersbachtal.de\/cms\/wp-content\/uploads\/2018\/03\/Grace2-eine-Woche-im-neuen-Zuhause-1024x768.jpg 1024w\" sizes=\"auto, (max-width: 1280px) 100vw, 1280px\" \/><\/a><a href=\"http:\/\/collies-vom-floersbachtal.de\/cms\/wp-content\/uploads\/2018\/03\/Grace3-eine-Woche-im-neuen-Zuhause.jpg\"><img loading=\"lazy\" decoding=\"async\" class=\"aligncenter size-medium wp-image-22124\" title=\"Grace3 eine Woche im neuen Zuhause\" src=\"http:\/\/collies-vom-floersbachtal.de\/cms\/wp-content\/uploads\/2018\/03\/Grace3-eine-Woche-im-neuen-Zuhause-225x300.jpg\" alt=\"\" width=\"225\" height=\"300\" srcset=\"https:\/\/collies-vom-floersbachtal.de\/cms\/wp-content\/uploads\/2018\/03\/Grace3-eine-Woche-im-neuen-Zuhause-225x300.jpg 225w, https:\/\/collies-vom-floersbachtal.de\/cms\/wp-content\/uploads\/2018\/03\/Grace3-eine-Woche-im-neuen-Zuhause.jpg 720w\" sizes=\"auto, (max-width: 225px) 100vw, 225px\" \/><\/a><a href=\"http:\/\/collies-vom-floersbachtal.de\/cms\/wp-content\/uploads\/2018\/03\/Grace4-eine-Woche-im-neuen-Zuhause.jpg\"><img loading=\"lazy\" decoding=\"async\" class=\"aligncenter size-full wp-image-22125\" title=\"Grace4 eine Woche im neuen Zuhause\" src=\"http:\/\/collies-vom-floersbachtal.de\/cms\/wp-content\/uploads\/2018\/03\/Grace4-eine-Woche-im-neuen-Zuhause.jpg\" alt=\"\" width=\"720\" height=\"960\" srcset=\"https:\/\/collies-vom-floersbachtal.de\/cms\/wp-content\/uploads\/2018\/03\/Grace4-eine-Woche-im-neuen-Zuhause.jpg 720w, https:\/\/collies-vom-floersbachtal.de\/cms\/wp-content\/uploads\/2018\/03\/Grace4-eine-Woche-im-neuen-Zuhause-225x300.jpg 225w\" sizes=\"auto, (max-width: 720px) 100vw, 720px\" \/><\/a><strong>27.03.18<\/strong> Grace mit ihren neuen Freunden<a href=\"http:\/\/collies-vom-floersbachtal.de\/cms\/wp-content\/uploads\/2018\/03\/Grace1-im-neuen-Zuhause.jpg\"><img loading=\"lazy\" decoding=\"async\" class=\"aligncenter size-full wp-image-22244\" title=\"Grace1 im neuen Zuhause\" src=\"http:\/\/collies-vom-floersbachtal.de\/cms\/wp-content\/uploads\/2018\/03\/Grace1-im-neuen-Zuhause.jpg\" alt=\"\" width=\"480\" height=\"643\" srcset=\"https:\/\/collies-vom-floersbachtal.de\/cms\/wp-content\/uploads\/2018\/03\/Grace1-im-neuen-Zuhause.jpg 480w, https:\/\/collies-vom-floersbachtal.de\/cms\/wp-content\/uploads\/2018\/03\/Grace1-im-neuen-Zuhause-223x300.jpg 223w\" sizes=\"auto, (max-width: 480px) 100vw, 480px\" \/><\/a><a href=\"http:\/\/collies-vom-floersbachtal.de\/cms\/wp-content\/uploads\/2018\/03\/Grace2-im-neuen-Zuhause.jpg\"><img loading=\"lazy\" decoding=\"async\" class=\"aligncenter size-medium wp-image-22245\" title=\"Grace2 im neuen Zuhause\" src=\"http:\/\/collies-vom-floersbachtal.de\/cms\/wp-content\/uploads\/2018\/03\/Grace2-im-neuen-Zuhause-300x225.jpg\" alt=\"\" width=\"300\" height=\"225\" srcset=\"https:\/\/collies-vom-floersbachtal.de\/cms\/wp-content\/uploads\/2018\/03\/Grace2-im-neuen-Zuhause-300x225.jpg 300w, https:\/\/collies-vom-floersbachtal.de\/cms\/wp-content\/uploads\/2018\/03\/Grace2-im-neuen-Zuhause.jpg 640w\" sizes=\"auto, (max-width: 300px) 100vw, 300px\" \/><\/a><a href=\"http:\/\/collies-vom-floersbachtal.de\/cms\/wp-content\/uploads\/2018\/03\/Grace3-im-neuen-Zuhause.jpg\"><img loading=\"lazy\" decoding=\"async\" class=\"aligncenter size-medium wp-image-22246\" title=\"Grace3 im neuen Zuhause\" src=\"http:\/\/collies-vom-floersbachtal.de\/cms\/wp-content\/uploads\/2018\/03\/Grace3-im-neuen-Zuhause-300x225.jpg\" alt=\"\" width=\"300\" height=\"225\" srcset=\"https:\/\/collies-vom-floersbachtal.de\/cms\/wp-content\/uploads\/2018\/03\/Grace3-im-neuen-Zuhause-300x225.jpg 300w, https:\/\/collies-vom-floersbachtal.de\/cms\/wp-content\/uploads\/2018\/03\/Grace3-im-neuen-Zuhause.jpg 640w\" sizes=\"auto, (max-width: 300px) 100vw, 300px\" \/><\/a><a href=\"http:\/\/collies-vom-floersbachtal.de\/cms\/wp-content\/uploads\/2018\/03\/Grace4-im-neuen-Zuhause.jpg\"><img loading=\"lazy\" decoding=\"async\" class=\"aligncenter size-full wp-image-22247\" title=\"Grace4 im neuen Zuhause\" src=\"http:\/\/collies-vom-floersbachtal.de\/cms\/wp-content\/uploads\/2018\/03\/Grace4-im-neuen-Zuhause.jpg\" alt=\"\" width=\"480\" height=\"654\" srcset=\"https:\/\/collies-vom-floersbachtal.de\/cms\/wp-content\/uploads\/2018\/03\/Grace4-im-neuen-Zuhause.jpg 480w, https:\/\/collies-vom-floersbachtal.de\/cms\/wp-content\/uploads\/2018\/03\/Grace4-im-neuen-Zuhause-220x300.jpg 220w\" sizes=\"auto, (max-width: 480px) 100vw, 480px\" \/><\/a><a href=\"http:\/\/collies-vom-floersbachtal.de\/cms\/wp-content\/uploads\/2018\/03\/Grace5-im-neuen-Zuhause.jpg\"><img loading=\"lazy\" decoding=\"async\" class=\"aligncenter size-full wp-image-22248\" title=\"Grace5 im neuen Zuhause\" src=\"http:\/\/collies-vom-floersbachtal.de\/cms\/wp-content\/uploads\/2018\/03\/Grace5-im-neuen-Zuhause.jpg\" alt=\"\" width=\"1280\" height=\"960\" srcset=\"https:\/\/collies-vom-floersbachtal.de\/cms\/wp-content\/uploads\/2018\/03\/Grace5-im-neuen-Zuhause.jpg 1280w, https:\/\/collies-vom-floersbachtal.de\/cms\/wp-content\/uploads\/2018\/03\/Grace5-im-neuen-Zuhause-300x225.jpg 300w, https:\/\/collies-vom-floersbachtal.de\/cms\/wp-content\/uploads\/2018\/03\/Grace5-im-neuen-Zuhause-1024x768.jpg 1024w\" sizes=\"auto, (max-width: 1280px) 100vw, 1280px\" \/><\/a><a href=\"http:\/\/collies-vom-floersbachtal.de\/cms\/wp-content\/uploads\/2018\/03\/Grace-1.jpg\"><img loading=\"lazy\" decoding=\"async\" class=\"aligncenter size-full wp-image-22309\" title=\"Grace 1\" src=\"http:\/\/collies-vom-floersbachtal.de\/cms\/wp-content\/uploads\/2018\/03\/Grace-1.jpg\" alt=\"\" width=\"1280\" height=\"960\" srcset=\"https:\/\/collies-vom-floersbachtal.de\/cms\/wp-content\/uploads\/2018\/03\/Grace-1.jpg 1280w, https:\/\/collies-vom-floersbachtal.de\/cms\/wp-content\/uploads\/2018\/03\/Grace-1-300x225.jpg 300w, https:\/\/collies-vom-floersbachtal.de\/cms\/wp-content\/uploads\/2018\/03\/Grace-1-1024x768.jpg 1024w\" sizes=\"auto, (max-width: 1280px) 100vw, 1280px\" \/><\/a><strong>18.04.18<\/strong> Von der s\u00fc\u00dfen Prinzessin Grace noch einige Fotos<a href=\"http:\/\/collies-vom-floersbachtal.de\/cms\/wp-content\/uploads\/2018\/03\/Grace1-mit-11-Wochen.jpg\"><img loading=\"lazy\" decoding=\"async\" class=\"aligncenter size-medium wp-image-22580\" title=\"Grace1 mit 11 Wochen\" src=\"http:\/\/collies-vom-floersbachtal.de\/cms\/wp-content\/uploads\/2018\/03\/Grace1-mit-11-Wochen-168x300.jpg\" alt=\"\" width=\"168\" height=\"300\" srcset=\"https:\/\/collies-vom-floersbachtal.de\/cms\/wp-content\/uploads\/2018\/03\/Grace1-mit-11-Wochen-168x300.jpg 168w, https:\/\/collies-vom-floersbachtal.de\/cms\/wp-content\/uploads\/2018\/03\/Grace1-mit-11-Wochen-576x1024.jpg 576w, https:\/\/collies-vom-floersbachtal.de\/cms\/wp-content\/uploads\/2018\/03\/Grace1-mit-11-Wochen.jpg 1152w\" sizes=\"auto, (max-width: 168px) 100vw, 168px\" \/><\/a><a href=\"http:\/\/collies-vom-floersbachtal.de\/cms\/wp-content\/uploads\/2018\/03\/Grace1-mit-12-Wochen.jpg\"><img loading=\"lazy\" decoding=\"async\" class=\"aligncenter size-medium wp-image-22581\" title=\"Grace1 mit 12 Wochen\" src=\"http:\/\/collies-vom-floersbachtal.de\/cms\/wp-content\/uploads\/2018\/03\/Grace1-mit-12-Wochen-225x300.jpg\" alt=\"\" width=\"225\" height=\"300\" srcset=\"https:\/\/collies-vom-floersbachtal.de\/cms\/wp-content\/uploads\/2018\/03\/Grace1-mit-12-Wochen-225x300.jpg 225w, https:\/\/collies-vom-floersbachtal.de\/cms\/wp-content\/uploads\/2018\/03\/Grace1-mit-12-Wochen.jpg 720w\" sizes=\"auto, (max-width: 225px) 100vw, 225px\" \/><\/a><a href=\"http:\/\/collies-vom-floersbachtal.de\/cms\/wp-content\/uploads\/2018\/03\/Grace2-mit-12-Wochen.jpg\"><img loading=\"lazy\" decoding=\"async\" class=\"aligncenter size-large wp-image-22582\" title=\"Grace2 mit 12 Wochen\" src=\"http:\/\/collies-vom-floersbachtal.de\/cms\/wp-content\/uploads\/2018\/03\/Grace2-mit-12-Wochen-1024x768.jpg\" alt=\"\" width=\"640\" height=\"480\" srcset=\"https:\/\/collies-vom-floersbachtal.de\/cms\/wp-content\/uploads\/2018\/03\/Grace2-mit-12-Wochen-1024x768.jpg 1024w, https:\/\/collies-vom-floersbachtal.de\/cms\/wp-content\/uploads\/2018\/03\/Grace2-mit-12-Wochen-300x225.jpg 300w, https:\/\/collies-vom-floersbachtal.de\/cms\/wp-content\/uploads\/2018\/03\/Grace2-mit-12-Wochen.jpg 2048w\" sizes=\"auto, (max-width: 640px) 100vw, 640px\" \/><\/a><span style=\"color: #000000;\"><strong>Mai 2018\u00a0<\/strong><\/span>News von Prinzessin Grace \ud83d\ude00<a href=\"http:\/\/collies-vom-floersbachtal.de\/cms\/wp-content\/uploads\/2018\/03\/Grace-15-Wochen1.jpg\"><img loading=\"lazy\" decoding=\"async\" class=\"aligncenter size-medium wp-image-22696\" title=\"Grace 15 Wochen1\" src=\"http:\/\/collies-vom-floersbachtal.de\/cms\/wp-content\/uploads\/2018\/03\/Grace-15-Wochen1-300x300.jpg\" alt=\"\" width=\"300\" height=\"300\" srcset=\"https:\/\/collies-vom-floersbachtal.de\/cms\/wp-content\/uploads\/2018\/03\/Grace-15-Wochen1-300x300.jpg 300w, https:\/\/collies-vom-floersbachtal.de\/cms\/wp-content\/uploads\/2018\/03\/Grace-15-Wochen1-150x150.jpg 150w, https:\/\/collies-vom-floersbachtal.de\/cms\/wp-content\/uploads\/2018\/03\/Grace-15-Wochen1.jpg 960w\" sizes=\"auto, (max-width: 300px) 100vw, 300px\" \/><\/a><a href=\"http:\/\/collies-vom-floersbachtal.de\/cms\/wp-content\/uploads\/2018\/03\/Grace-15-Wochen2.jpg\"><img loading=\"lazy\" decoding=\"async\" class=\"aligncenter size-large wp-image-22697\" title=\"Grace 15 Wochen2\" src=\"http:\/\/collies-vom-floersbachtal.de\/cms\/wp-content\/uploads\/2018\/03\/Grace-15-Wochen2-1024x768.jpg\" alt=\"\" width=\"640\" height=\"480\" srcset=\"https:\/\/collies-vom-floersbachtal.de\/cms\/wp-content\/uploads\/2018\/03\/Grace-15-Wochen2-1024x768.jpg 1024w, https:\/\/collies-vom-floersbachtal.de\/cms\/wp-content\/uploads\/2018\/03\/Grace-15-Wochen2-300x225.jpg 300w, https:\/\/collies-vom-floersbachtal.de\/cms\/wp-content\/uploads\/2018\/03\/Grace-15-Wochen2.jpg 2048w\" sizes=\"auto, (max-width: 640px) 100vw, 640px\" \/><\/a><a href=\"http:\/\/collies-vom-floersbachtal.de\/cms\/wp-content\/uploads\/2018\/03\/Grace-15-Wochen3.jpg\"><img loading=\"lazy\" decoding=\"async\" class=\"aligncenter size-medium wp-image-22698\" title=\"Grace 15 Wochen3\" src=\"http:\/\/collies-vom-floersbachtal.de\/cms\/wp-content\/uploads\/2018\/03\/Grace-15-Wochen3-225x300.jpg\" alt=\"\" width=\"225\" height=\"300\" srcset=\"https:\/\/collies-vom-floersbachtal.de\/cms\/wp-content\/uploads\/2018\/03\/Grace-15-Wochen3-225x300.jpg 225w, https:\/\/collies-vom-floersbachtal.de\/cms\/wp-content\/uploads\/2018\/03\/Grace-15-Wochen3.jpg 720w\" sizes=\"auto, (max-width: 225px) 100vw, 225px\" \/><\/a><a href=\"http:\/\/collies-vom-floersbachtal.de\/cms\/wp-content\/uploads\/2018\/03\/Grace-15-Wochen4.jpg\"><img loading=\"lazy\" decoding=\"async\" class=\"aligncenter size-full wp-image-22699\" title=\"Grace 15 Wochen4\" src=\"http:\/\/collies-vom-floersbachtal.de\/cms\/wp-content\/uploads\/2018\/03\/Grace-15-Wochen4.jpg\" alt=\"\" width=\"720\" height=\"960\" srcset=\"https:\/\/collies-vom-floersbachtal.de\/cms\/wp-content\/uploads\/2018\/03\/Grace-15-Wochen4.jpg 720w, https:\/\/collies-vom-floersbachtal.de\/cms\/wp-content\/uploads\/2018\/03\/Grace-15-Wochen4-225x300.jpg 225w\" sizes=\"auto, (max-width: 720px) 100vw, 720px\" \/><\/a>So sch\u00f6n, sie mit ihren Freunden aufwachsen zu sehen.<\/p>\n<p><strong>28.05.18<\/strong> Guten Abend Susanne, hier ein paar Neuigkeiten:<\/p>\n<p>Grace ist grad voll im Zahnwechsel, l\u00e4sst es sich aber nicht anmerken. Die wiegt 13 kg und ist Putz munter und will flei\u00dfig lernen. In der Hundeschule darf sie immer alle \u00dcbungen vorzeigen da sie das neu erlernte sofort speichert und wiedergeben kann. Das Wochenende ist f\u00fcr Grace immer besonders toll, da Collie Freundin Haylie dann da ist:-)<br \/>\nAnbei noch ein paar aktuelle Fotos<a href=\"http:\/\/collies-vom-floersbachtal.de\/cms\/wp-content\/uploads\/2018\/03\/Grace3-Mai181.jpg\"><img loading=\"lazy\" decoding=\"async\" class=\"aligncenter size-large wp-image-22913\" title=\"Grace3 Mai18\" src=\"http:\/\/collies-vom-floersbachtal.de\/cms\/wp-content\/uploads\/2018\/03\/Grace3-Mai181-768x1024.jpg\" alt=\"\" width=\"640\" height=\"853\" srcset=\"https:\/\/collies-vom-floersbachtal.de\/cms\/wp-content\/uploads\/2018\/03\/Grace3-Mai181-768x1024.jpg 768w, https:\/\/collies-vom-floersbachtal.de\/cms\/wp-content\/uploads\/2018\/03\/Grace3-Mai181-225x300.jpg 225w, https:\/\/collies-vom-floersbachtal.de\/cms\/wp-content\/uploads\/2018\/03\/Grace3-Mai181.jpg 1536w\" sizes=\"auto, (max-width: 640px) 100vw, 640px\" \/><\/a><br \/>\n<a href=\"http:\/\/collies-vom-floersbachtal.de\/cms\/wp-content\/uploads\/2018\/03\/Grace4-Mai181.jpg\"><img loading=\"lazy\" decoding=\"async\" class=\"aligncenter size-medium wp-image-22914\" title=\"Grace4 Mai18\" src=\"http:\/\/collies-vom-floersbachtal.de\/cms\/wp-content\/uploads\/2018\/03\/Grace4-Mai181-225x300.jpg\" alt=\"\" width=\"225\" height=\"300\" srcset=\"https:\/\/collies-vom-floersbachtal.de\/cms\/wp-content\/uploads\/2018\/03\/Grace4-Mai181-225x300.jpg 225w, https:\/\/collies-vom-floersbachtal.de\/cms\/wp-content\/uploads\/2018\/03\/Grace4-Mai181-768x1024.jpg 768w, https:\/\/collies-vom-floersbachtal.de\/cms\/wp-content\/uploads\/2018\/03\/Grace4-Mai181.jpg 1536w\" sizes=\"auto, (max-width: 225px) 100vw, 225px\" \/><\/a><br \/>\n<a href=\"http:\/\/collies-vom-floersbachtal.de\/cms\/wp-content\/uploads\/2018\/03\/Grace5-Mai181.jpg\"><img loading=\"lazy\" decoding=\"async\" class=\"aligncenter size-medium wp-image-22915\" title=\"Grace5 Mai18\" src=\"http:\/\/collies-vom-floersbachtal.de\/cms\/wp-content\/uploads\/2018\/03\/Grace5-Mai181-168x300.jpg\" alt=\"\" width=\"168\" height=\"300\" srcset=\"https:\/\/collies-vom-floersbachtal.de\/cms\/wp-content\/uploads\/2018\/03\/Grace5-Mai181-168x300.jpg 168w, https:\/\/collies-vom-floersbachtal.de\/cms\/wp-content\/uploads\/2018\/03\/Grace5-Mai181-576x1024.jpg 576w, https:\/\/collies-vom-floersbachtal.de\/cms\/wp-content\/uploads\/2018\/03\/Grace5-Mai181.jpg 1152w\" sizes=\"auto, (max-width: 168px) 100vw, 168px\" \/><\/a>Hier im Juli 2018 gibts neue Fotos von unserer s\u00fc\u00dfen Grace, sie wiegt jetzt 16 kg, hat ihren Zahnwechsel problemlos \u00fcberstanden und ist sehr flei\u00dfig im Junghundekurs in der Hundeschule. Zum Gl\u00fcck hat sie noch ihre gro\u00dfen Freunde und kann mit ihnen eine unbeschwerte Welpenzeit genie\u00dfen.<\/p>\n<p><a href=\"http:\/\/collies-vom-floersbachtal.de\/cms\/wp-content\/uploads\/2018\/03\/Grace1-fast-6-Monate-16-kg.jpg\"><img loading=\"lazy\" decoding=\"async\" class=\"aligncenter size-full wp-image-23207\" title=\"Grace1 fast 6 Monate 16 kg\" src=\"http:\/\/collies-vom-floersbachtal.de\/cms\/wp-content\/uploads\/2018\/03\/Grace1-fast-6-Monate-16-kg.jpg\" alt=\"\" width=\"720\" height=\"960\" srcset=\"https:\/\/collies-vom-floersbachtal.de\/cms\/wp-content\/uploads\/2018\/03\/Grace1-fast-6-Monate-16-kg.jpg 720w, https:\/\/collies-vom-floersbachtal.de\/cms\/wp-content\/uploads\/2018\/03\/Grace1-fast-6-Monate-16-kg-225x300.jpg 225w\" sizes=\"auto, (max-width: 720px) 100vw, 720px\" \/><\/a><a href=\"http:\/\/collies-vom-floersbachtal.de\/cms\/wp-content\/uploads\/2018\/03\/Grace2-fast-6-Monate-16-kg.jpg\"><img loading=\"lazy\" decoding=\"async\" class=\"aligncenter size-full wp-image-23208\" title=\"Grace2 fast 6 Monate 16 kg\" src=\"http:\/\/collies-vom-floersbachtal.de\/cms\/wp-content\/uploads\/2018\/03\/Grace2-fast-6-Monate-16-kg.jpg\" alt=\"\" width=\"720\" height=\"960\" srcset=\"https:\/\/collies-vom-floersbachtal.de\/cms\/wp-content\/uploads\/2018\/03\/Grace2-fast-6-Monate-16-kg.jpg 720w, https:\/\/collies-vom-floersbachtal.de\/cms\/wp-content\/uploads\/2018\/03\/Grace2-fast-6-Monate-16-kg-225x300.jpg 225w\" sizes=\"auto, (max-width: 720px) 100vw, 720px\" \/><\/a><a href=\"http:\/\/collies-vom-floersbachtal.de\/cms\/wp-content\/uploads\/2018\/03\/Grace3-fast-6-Monate-16-kg.jpg\"><img loading=\"lazy\" decoding=\"async\" class=\"aligncenter size-full wp-image-23209\" title=\"Grace3 fast 6 Monate 16 kg\" src=\"http:\/\/collies-vom-floersbachtal.de\/cms\/wp-content\/uploads\/2018\/03\/Grace3-fast-6-Monate-16-kg.jpg\" alt=\"\" width=\"720\" height=\"960\" srcset=\"https:\/\/collies-vom-floersbachtal.de\/cms\/wp-content\/uploads\/2018\/03\/Grace3-fast-6-Monate-16-kg.jpg 720w, https:\/\/collies-vom-floersbachtal.de\/cms\/wp-content\/uploads\/2018\/03\/Grace3-fast-6-Monate-16-kg-225x300.jpg 225w\" sizes=\"auto, (max-width: 720px) 100vw, 720px\" \/><\/a><a href=\"http:\/\/collies-vom-floersbachtal.de\/cms\/wp-content\/uploads\/2018\/03\/Grace4-fast-6-Monate-16-kg.jpg\"><img loading=\"lazy\" decoding=\"async\" class=\"aligncenter size-full wp-image-23210\" title=\"Grace4 fast 6 Monate 16 kg\" src=\"http:\/\/collies-vom-floersbachtal.de\/cms\/wp-content\/uploads\/2018\/03\/Grace4-fast-6-Monate-16-kg.jpg\" alt=\"\" width=\"1536\" height=\"2048\" srcset=\"https:\/\/collies-vom-floersbachtal.de\/cms\/wp-content\/uploads\/2018\/03\/Grace4-fast-6-Monate-16-kg.jpg 1536w, https:\/\/collies-vom-floersbachtal.de\/cms\/wp-content\/uploads\/2018\/03\/Grace4-fast-6-Monate-16-kg-225x300.jpg 225w, https:\/\/collies-vom-floersbachtal.de\/cms\/wp-content\/uploads\/2018\/03\/Grace4-fast-6-Monate-16-kg-768x1024.jpg 768w\" sizes=\"auto, (max-width: 1536px) 100vw, 1536px\" \/><\/a><\/p>\n<p><strong>Grace im Urlaub und mit 7,5 Monaten\u00a0<a href=\"http:\/\/collies-vom-floersbachtal.de\/cms\/wp-content\/uploads\/2018\/03\/Grace3-Sommer2018.jpg\"><img loading=\"lazy\" decoding=\"async\" class=\"aligncenter size-full wp-image-24551\" title=\"Grace3 Sommer2018\" src=\"http:\/\/collies-vom-floersbachtal.de\/cms\/wp-content\/uploads\/2018\/03\/Grace3-Sommer2018.jpg\" alt=\"\" width=\"720\" height=\"960\" srcset=\"https:\/\/collies-vom-floersbachtal.de\/cms\/wp-content\/uploads\/2018\/03\/Grace3-Sommer2018.jpg 720w, https:\/\/collies-vom-floersbachtal.de\/cms\/wp-content\/uploads\/2018\/03\/Grace3-Sommer2018-225x300.jpg 225w\" sizes=\"auto, (max-width: 720px) 100vw, 720px\" \/><\/a><a href=\"http:\/\/collies-vom-floersbachtal.de\/cms\/wp-content\/uploads\/2018\/03\/Grace2-Sommer2018.jpg\"><img loading=\"lazy\" decoding=\"async\" class=\"aligncenter size-full wp-image-24550\" title=\"Grace2 Sommer2018\" src=\"http:\/\/collies-vom-floersbachtal.de\/cms\/wp-content\/uploads\/2018\/03\/Grace2-Sommer2018.jpg\" alt=\"\" width=\"720\" height=\"960\" srcset=\"https:\/\/collies-vom-floersbachtal.de\/cms\/wp-content\/uploads\/2018\/03\/Grace2-Sommer2018.jpg 720w, https:\/\/collies-vom-floersbachtal.de\/cms\/wp-content\/uploads\/2018\/03\/Grace2-Sommer2018-225x300.jpg 225w\" sizes=\"auto, (max-width: 720px) 100vw, 720px\" \/><\/a><a href=\"http:\/\/collies-vom-floersbachtal.de\/cms\/wp-content\/uploads\/2018\/03\/Grace1-Sommer2018.jpg\"><img loading=\"lazy\" decoding=\"async\" class=\"aligncenter size-full wp-image-24549\" title=\"Grace1 Sommer2018\" src=\"http:\/\/collies-vom-floersbachtal.de\/cms\/wp-content\/uploads\/2018\/03\/Grace1-Sommer2018.jpg\" alt=\"\" width=\"719\" height=\"960\" srcset=\"https:\/\/collies-vom-floersbachtal.de\/cms\/wp-content\/uploads\/2018\/03\/Grace1-Sommer2018.jpg 719w, https:\/\/collies-vom-floersbachtal.de\/cms\/wp-content\/uploads\/2018\/03\/Grace1-Sommer2018-224x300.jpg 224w\" sizes=\"auto, (max-width: 719px) 100vw, 719px\" \/><\/a><\/strong><a href=\"http:\/\/collies-vom-floersbachtal.de\/cms\/wp-content\/uploads\/2018\/03\/Grace1-mit-75-Monaten.jpg\"><img loading=\"lazy\" decoding=\"async\" class=\"aligncenter size-large wp-image-24547\" title=\"Grace1 mit 7,5 Monaten\" src=\"http:\/\/collies-vom-floersbachtal.de\/cms\/wp-content\/uploads\/2018\/03\/Grace1-mit-75-Monaten-576x1024.jpg\" alt=\"\" width=\"576\" height=\"1024\" srcset=\"https:\/\/collies-vom-floersbachtal.de\/cms\/wp-content\/uploads\/2018\/03\/Grace1-mit-75-Monaten-576x1024.jpg 576w, https:\/\/collies-vom-floersbachtal.de\/cms\/wp-content\/uploads\/2018\/03\/Grace1-mit-75-Monaten-168x300.jpg 168w, https:\/\/collies-vom-floersbachtal.de\/cms\/wp-content\/uploads\/2018\/03\/Grace1-mit-75-Monaten.jpg 1152w\" sizes=\"auto, (max-width: 576px) 100vw, 576px\" \/><\/a><a href=\"http:\/\/collies-vom-floersbachtal.de\/cms\/wp-content\/uploads\/2018\/03\/Grace3-mit-75-Monaten.jpg\"><img loading=\"lazy\" decoding=\"async\" class=\"aligncenter size-large wp-image-24548\" title=\"Grace3 mit 7,5 Monaten\" src=\"http:\/\/collies-vom-floersbachtal.de\/cms\/wp-content\/uploads\/2018\/03\/Grace3-mit-75-Monaten-1024x768.jpg\" alt=\"\" width=\"640\" height=\"480\" srcset=\"https:\/\/collies-vom-floersbachtal.de\/cms\/wp-content\/uploads\/2018\/03\/Grace3-mit-75-Monaten-1024x768.jpg 1024w, https:\/\/collies-vom-floersbachtal.de\/cms\/wp-content\/uploads\/2018\/03\/Grace3-mit-75-Monaten-300x225.jpg 300w, https:\/\/collies-vom-floersbachtal.de\/cms\/wp-content\/uploads\/2018\/03\/Grace3-mit-75-Monaten.jpg 1600w\" sizes=\"auto, (max-width: 640px) 100vw, 640px\" \/><\/a><\/p>\n<p><strong>Neues von Grace im November 2018\u00a0<a href=\"http:\/\/collies-vom-floersbachtal.de\/cms\/wp-content\/uploads\/2018\/03\/Grace1-Oktober18.jpg\"><img loading=\"lazy\" decoding=\"async\" class=\"aligncenter size-large wp-image-24540\" title=\"Grace1 Oktober18\" src=\"http:\/\/collies-vom-floersbachtal.de\/cms\/wp-content\/uploads\/2018\/03\/Grace1-Oktober18-1024x682.jpg\" alt=\"\" width=\"640\" height=\"426\" srcset=\"https:\/\/collies-vom-floersbachtal.de\/cms\/wp-content\/uploads\/2018\/03\/Grace1-Oktober18-1024x682.jpg 1024w, https:\/\/collies-vom-floersbachtal.de\/cms\/wp-content\/uploads\/2018\/03\/Grace1-Oktober18-300x200.jpg 300w, https:\/\/collies-vom-floersbachtal.de\/cms\/wp-content\/uploads\/2018\/03\/Grace1-Oktober18.jpg 1296w\" sizes=\"auto, (max-width: 640px) 100vw, 640px\" \/><\/a><a href=\"http:\/\/collies-vom-floersbachtal.de\/cms\/wp-content\/uploads\/2018\/03\/Grace2-Oktober18.jpg\"><img loading=\"lazy\" decoding=\"async\" class=\"aligncenter size-full wp-image-24541\" title=\"Grace2 Oktober18\" src=\"http:\/\/collies-vom-floersbachtal.de\/cms\/wp-content\/uploads\/2018\/03\/Grace2-Oktober18.jpg\" alt=\"\" width=\"540\" height=\"960\" srcset=\"https:\/\/collies-vom-floersbachtal.de\/cms\/wp-content\/uploads\/2018\/03\/Grace2-Oktober18.jpg 540w, https:\/\/collies-vom-floersbachtal.de\/cms\/wp-content\/uploads\/2018\/03\/Grace2-Oktober18-168x300.jpg 168w\" sizes=\"auto, (max-width: 540px) 100vw, 540px\" \/><\/a><a href=\"http:\/\/collies-vom-floersbachtal.de\/cms\/wp-content\/uploads\/2018\/03\/Grace3-Oktober18.jpg\"><img loading=\"lazy\" decoding=\"async\" class=\"aligncenter size-full wp-image-24542\" title=\"Grace3 Oktober18\" src=\"http:\/\/collies-vom-floersbachtal.de\/cms\/wp-content\/uploads\/2018\/03\/Grace3-Oktober18.jpg\" alt=\"\" width=\"540\" height=\"960\" srcset=\"https:\/\/collies-vom-floersbachtal.de\/cms\/wp-content\/uploads\/2018\/03\/Grace3-Oktober18.jpg 540w, https:\/\/collies-vom-floersbachtal.de\/cms\/wp-content\/uploads\/2018\/03\/Grace3-Oktober18-168x300.jpg 168w\" sizes=\"auto, (max-width: 540px) 100vw, 540px\" \/><\/a><a href=\"http:\/\/collies-vom-floersbachtal.de\/cms\/wp-content\/uploads\/2018\/03\/Grace4-Oktober18.jpg\"><img loading=\"lazy\" decoding=\"async\" class=\"aligncenter size-full wp-image-24543\" title=\"Grace4 Oktober18\" src=\"http:\/\/collies-vom-floersbachtal.de\/cms\/wp-content\/uploads\/2018\/03\/Grace4-Oktober18.jpg\" alt=\"\" width=\"720\" height=\"960\" srcset=\"https:\/\/collies-vom-floersbachtal.de\/cms\/wp-content\/uploads\/2018\/03\/Grace4-Oktober18.jpg 720w, https:\/\/collies-vom-floersbachtal.de\/cms\/wp-content\/uploads\/2018\/03\/Grace4-Oktober18-225x300.jpg 225w\" sizes=\"auto, (max-width: 720px) 100vw, 720px\" \/><\/a><a href=\"http:\/\/collies-vom-floersbachtal.de\/cms\/wp-content\/uploads\/2018\/03\/Grace5-Oktober18.jpg\"><img loading=\"lazy\" decoding=\"async\" class=\"aligncenter size-full wp-image-24544\" title=\"Grace5 Oktober18\" src=\"http:\/\/collies-vom-floersbachtal.de\/cms\/wp-content\/uploads\/2018\/03\/Grace5-Oktober18.jpg\" alt=\"\" width=\"720\" height=\"960\" srcset=\"https:\/\/collies-vom-floersbachtal.de\/cms\/wp-content\/uploads\/2018\/03\/Grace5-Oktober18.jpg 720w, https:\/\/collies-vom-floersbachtal.de\/cms\/wp-content\/uploads\/2018\/03\/Grace5-Oktober18-225x300.jpg 225w\" sizes=\"auto, (max-width: 720px) 100vw, 720px\" \/><\/a><a href=\"http:\/\/collies-vom-floersbachtal.de\/cms\/wp-content\/uploads\/2018\/03\/Grace6-Oktober18.jpg\"><img loading=\"lazy\" decoding=\"async\" class=\"aligncenter size-full wp-image-24545\" title=\"Grace6 Oktober18\" src=\"http:\/\/collies-vom-floersbachtal.de\/cms\/wp-content\/uploads\/2018\/03\/Grace6-Oktober18.jpg\" alt=\"\" width=\"720\" height=\"960\" srcset=\"https:\/\/collies-vom-floersbachtal.de\/cms\/wp-content\/uploads\/2018\/03\/Grace6-Oktober18.jpg 720w, https:\/\/collies-vom-floersbachtal.de\/cms\/wp-content\/uploads\/2018\/03\/Grace6-Oktober18-225x300.jpg 225w\" sizes=\"auto, (max-width: 720px) 100vw, 720px\" \/><\/a><\/strong><br \/>\nHallo Susanne,<\/p>\n<p>Grace geht es super! Macht sich richtig klasse! Will gefallen und hat schon einiges an Tricks auf Lager..<br \/>\nBekommt grad viel Kragenfell und ist \u00fcberall ein Hingucker.<br \/>\nIch schicke dir mal neue aktuelle Fotos.<\/p>\n<p>Liebe Gr\u00fc\u00dfe<a href=\"http:\/\/collies-vom-floersbachtal.de\/cms\/wp-content\/uploads\/2018\/03\/Grace1-Feb.19.jpg\"><img loading=\"lazy\" decoding=\"async\" class=\"aligncenter size-medium wp-image-25927\" title=\"Grace1 Feb.19\" src=\"http:\/\/collies-vom-floersbachtal.de\/cms\/wp-content\/uploads\/2018\/03\/Grace1-Feb.19-225x300.jpg\" alt=\"\" width=\"225\" height=\"300\" srcset=\"https:\/\/collies-vom-floersbachtal.de\/cms\/wp-content\/uploads\/2018\/03\/Grace1-Feb.19-225x300.jpg 225w, https:\/\/collies-vom-floersbachtal.de\/cms\/wp-content\/uploads\/2018\/03\/Grace1-Feb.19-768x1024.jpg 768w, https:\/\/collies-vom-floersbachtal.de\/cms\/wp-content\/uploads\/2018\/03\/Grace1-Feb.19.jpg 1536w\" sizes=\"auto, (max-width: 225px) 100vw, 225px\" \/><\/a><br \/>\n<a href=\"http:\/\/collies-vom-floersbachtal.de\/cms\/wp-content\/uploads\/2018\/03\/Grace2-Feb.19.jpg\"><img loading=\"lazy\" decoding=\"async\" class=\"aligncenter size-large wp-image-25928\" title=\"Grace2 Feb.19\" src=\"http:\/\/collies-vom-floersbachtal.de\/cms\/wp-content\/uploads\/2018\/03\/Grace2-Feb.19-768x1024.jpg\" alt=\"\" width=\"640\" height=\"853\" srcset=\"https:\/\/collies-vom-floersbachtal.de\/cms\/wp-content\/uploads\/2018\/03\/Grace2-Feb.19-768x1024.jpg 768w, https:\/\/collies-vom-floersbachtal.de\/cms\/wp-content\/uploads\/2018\/03\/Grace2-Feb.19-225x300.jpg 225w, https:\/\/collies-vom-floersbachtal.de\/cms\/wp-content\/uploads\/2018\/03\/Grace2-Feb.19.jpg 1536w\" sizes=\"auto, (max-width: 640px) 100vw, 640px\" \/><\/a> Wie eine kleine Schneeflocke sieht sie aus. \ud83d\ude00<br \/>\n<a href=\"http:\/\/collies-vom-floersbachtal.de\/cms\/wp-content\/uploads\/2018\/03\/Grace3-Feb.19.jpg\"><img loading=\"lazy\" decoding=\"async\" class=\"aligncenter size-medium wp-image-25929\" title=\"Grace3 Feb.19\" src=\"http:\/\/collies-vom-floersbachtal.de\/cms\/wp-content\/uploads\/2018\/03\/Grace3-Feb.19-225x300.jpg\" alt=\"\" width=\"225\" height=\"300\" srcset=\"https:\/\/collies-vom-floersbachtal.de\/cms\/wp-content\/uploads\/2018\/03\/Grace3-Feb.19-225x300.jpg 225w, https:\/\/collies-vom-floersbachtal.de\/cms\/wp-content\/uploads\/2018\/03\/Grace3-Feb.19-768x1024.jpg 768w, https:\/\/collies-vom-floersbachtal.de\/cms\/wp-content\/uploads\/2018\/03\/Grace3-Feb.19.jpg 1536w\" sizes=\"auto, (max-width: 225px) 100vw, 225px\" \/><\/a><br \/>\n<a href=\"http:\/\/collies-vom-floersbachtal.de\/cms\/wp-content\/uploads\/2018\/03\/Grace4-Feb.19.jpg\"><img loading=\"lazy\" decoding=\"async\" class=\"aligncenter size-large wp-image-25930\" title=\"Grace4 Feb.19\" src=\"http:\/\/collies-vom-floersbachtal.de\/cms\/wp-content\/uploads\/2018\/03\/Grace4-Feb.19-768x1024.jpg\" alt=\"\" width=\"640\" height=\"853\" srcset=\"https:\/\/collies-vom-floersbachtal.de\/cms\/wp-content\/uploads\/2018\/03\/Grace4-Feb.19-768x1024.jpg 768w, https:\/\/collies-vom-floersbachtal.de\/cms\/wp-content\/uploads\/2018\/03\/Grace4-Feb.19-225x300.jpg 225w, https:\/\/collies-vom-floersbachtal.de\/cms\/wp-content\/uploads\/2018\/03\/Grace4-Feb.19.jpg 1536w\" sizes=\"auto, (max-width: 640px) 100vw, 640px\" \/><\/a><strong>News von Prinzessin Grace im April 19<a href=\"http:\/\/collies-vom-floersbachtal.de\/cms\/wp-content\/uploads\/2018\/03\/Grace1-M\u00e4rz19.jpg\"><img loading=\"lazy\" decoding=\"async\" class=\"aligncenter size-medium wp-image-26412\" title=\"Grace1 M\u00e4rz19\" src=\"http:\/\/collies-vom-floersbachtal.de\/cms\/wp-content\/uploads\/2018\/03\/Grace1-M\u00e4rz19-225x300.jpg\" alt=\"\" width=\"225\" height=\"300\" srcset=\"https:\/\/collies-vom-floersbachtal.de\/cms\/wp-content\/uploads\/2018\/03\/Grace1-M\u00e4rz19-225x300.jpg 225w, https:\/\/collies-vom-floersbachtal.de\/cms\/wp-content\/uploads\/2018\/03\/Grace1-M\u00e4rz19.jpg 720w\" sizes=\"auto, (max-width: 225px) 100vw, 225px\" \/><\/a><a href=\"http:\/\/collies-vom-floersbachtal.de\/cms\/wp-content\/uploads\/2018\/03\/Grace2-M\u00e4rz19.jpg\"><img loading=\"lazy\" decoding=\"async\" class=\"aligncenter size-medium wp-image-26413\" title=\"Grace2 M\u00e4rz19\" src=\"http:\/\/collies-vom-floersbachtal.de\/cms\/wp-content\/uploads\/2018\/03\/Grace2-M\u00e4rz19-225x300.jpg\" alt=\"\" width=\"225\" height=\"300\" srcset=\"https:\/\/collies-vom-floersbachtal.de\/cms\/wp-content\/uploads\/2018\/03\/Grace2-M\u00e4rz19-225x300.jpg 225w, https:\/\/collies-vom-floersbachtal.de\/cms\/wp-content\/uploads\/2018\/03\/Grace2-M\u00e4rz19.jpg 720w\" sizes=\"auto, (max-width: 225px) 100vw, 225px\" \/><\/a><a href=\"http:\/\/collies-vom-floersbachtal.de\/cms\/wp-content\/uploads\/2018\/03\/Grace3-M\u00e4rz19.jpg\"><img loading=\"lazy\" decoding=\"async\" class=\"aligncenter size-full wp-image-26414\" title=\"Grace3 M\u00e4rz19\" src=\"http:\/\/collies-vom-floersbachtal.de\/cms\/wp-content\/uploads\/2018\/03\/Grace3-M\u00e4rz19.jpg\" alt=\"\" width=\"528\" height=\"720\" srcset=\"https:\/\/collies-vom-floersbachtal.de\/cms\/wp-content\/uploads\/2018\/03\/Grace3-M\u00e4rz19.jpg 528w, https:\/\/collies-vom-floersbachtal.de\/cms\/wp-content\/uploads\/2018\/03\/Grace3-M\u00e4rz19-220x300.jpg 220w\" sizes=\"auto, (max-width: 528px) 100vw, 528px\" \/><\/a><a href=\"http:\/\/collies-vom-floersbachtal.de\/cms\/wp-content\/uploads\/2018\/03\/Grace4-M\u00e4rz19.jpg\"><img loading=\"lazy\" decoding=\"async\" class=\"aligncenter size-full wp-image-26415\" title=\"Grace4 M\u00e4rz19\" src=\"http:\/\/collies-vom-floersbachtal.de\/cms\/wp-content\/uploads\/2018\/03\/Grace4-M\u00e4rz19.jpg\" alt=\"\" width=\"540\" height=\"720\" srcset=\"https:\/\/collies-vom-floersbachtal.de\/cms\/wp-content\/uploads\/2018\/03\/Grace4-M\u00e4rz19.jpg 540w, https:\/\/collies-vom-floersbachtal.de\/cms\/wp-content\/uploads\/2018\/03\/Grace4-M\u00e4rz19-225x300.jpg 225w\" sizes=\"auto, (max-width: 540px) 100vw, 540px\" \/><\/a>Huch, ein kleiner Schneeball ist dazu gekommen. \ud83d\ude09<\/strong><\/p>\n<p><strong>S\u00fc\u00dfe Neuigkeiten im Oktober 2019 von der h\u00fcbschen Prinzessin Grace \ud83d\ude42<a href=\"http:\/\/collies-vom-floersbachtal.de\/cms\/wp-content\/uploads\/2018\/03\/Grace1-Sep.19.jpg\"><img loading=\"lazy\" decoding=\"async\" class=\"aligncenter size-large wp-image-27551\" title=\"Grace1 Sep.19\" src=\"http:\/\/collies-vom-floersbachtal.de\/cms\/wp-content\/uploads\/2018\/03\/Grace1-Sep.19-768x1024.jpg\" alt=\"\" width=\"640\" height=\"853\" \/><\/a><a href=\"http:\/\/collies-vom-floersbachtal.de\/cms\/wp-content\/uploads\/2018\/03\/Grace2-Sep.19.jpg\"><img loading=\"lazy\" decoding=\"async\" class=\"aligncenter size-large wp-image-27552\" title=\"Grace2 Sep.19\" src=\"http:\/\/collies-vom-floersbachtal.de\/cms\/wp-content\/uploads\/2018\/03\/Grace2-Sep.19-576x1024.jpg\" alt=\"\" width=\"576\" height=\"1024\" \/><\/a>Bald kommt was noch viel s\u00fc\u00dferes dazu. Alle sind schon mega gespannt&#8230;<a href=\"http:\/\/collies-vom-floersbachtal.de\/cms\/wp-content\/uploads\/2018\/03\/Grace1-Okt.19.jpg\"><img loading=\"lazy\" decoding=\"async\" class=\"aligncenter size-large wp-image-27553\" title=\"Grace1 Okt.19\" src=\"http:\/\/collies-vom-floersbachtal.de\/cms\/wp-content\/uploads\/2018\/03\/Grace1-Okt.19-768x1024.jpg\" alt=\"\" width=\"640\" height=\"853\" \/><\/a><\/strong><\/p>\n","protected":false},"excerpt":{"rendered":"<p>Neuigkeiten von Grace im Februar 2023 \ud83d\ude42 Ihr Frauchen schreibt: Grace hat sich gut entwickelt, ist super kinderlieb, gut gelaunt, der totale Familienliebling! Sie kann ziemlich stur sein aber sie fordert unheimlich viel Liebe ein.. liebt es auch mal den &hellip; <a href=\"https:\/\/collies-vom-floersbachtal.de\/?page_id=21731\">Weiterlesen <span class=\"meta-nav\">&rarr;<\/span><\/a><\/p>\n","protected":false},"author":1,"featured_media":0,"parent":0,"menu_order":0,"comment_status":"open","ping_status":"open","template":"","meta":{"footnotes":""},"class_list":["post-21731","page","type-page","status-publish","hentry"],"_links":{"self":[{"href":"https:\/\/collies-vom-floersbachtal.de\/index.php?rest_route=\/wp\/v2\/pages\/21731","targetHints":{"allow":["GET"]}}],"collection":[{"href":"https:\/\/collies-vom-floersbachtal.de\/index.php?rest_route=\/wp\/v2\/pages"}],"about":[{"href":"https:\/\/collies-vom-floersbachtal.de\/index.php?rest_route=\/wp\/v2\/types\/page"}],"author":[{"embeddable":true,"href":"https:\/\/collies-vom-floersbachtal.de\/index.php?rest_route=\/wp\/v2\/users\/1"}],"replies":[{"embeddable":true,"href":"https:\/\/collies-vom-floersbachtal.de\/index.php?rest_route=%2Fwp%2Fv2%2Fcomments&post=21731"}],"version-history":[{"count":25,"href":"https:\/\/collies-vom-floersbachtal.de\/index.php?rest_route=\/wp\/v2\/pages\/21731\/revisions"}],"predecessor-version":[{"id":38964,"href":"https:\/\/collies-vom-floersbachtal.de\/index.php?rest_route=\/wp\/v2\/pages\/21731\/revisions\/38964"}],"wp:attachment":[{"href":"https:\/\/collies-vom-floersbachtal.de\/index.php?rest_route=%2Fwp%2Fv2%2Fmedia&parent=21731"}],"curies":[{"name":"wp","href":"https:\/\/api.w.org\/{rel}","templated":true}]}}