{"id":20058,"date":"2017-11-24T13:59:33","date_gmt":"2017-11-24T13:59:33","guid":{"rendered":"http:\/\/collies-vom-floersbachtal.de\/?page_id=20058"},"modified":"2019-12-22T13:18:48","modified_gmt":"2019-12-22T13:18:48","slug":"welpen-f-wurf","status":"publish","type":"page","link":"https:\/\/collies-vom-floersbachtal.de\/?page_id=20058","title":{"rendered":"Welpen F &#8211; Wurf"},"content":{"rendered":"<p><a href=\"http:\/\/collies-vom-floersbachtal.de\/cms\/wp-content\/uploads\/2017\/11\/baby_collie.gif\"><img loading=\"lazy\" decoding=\"async\" class=\"aligncenter size-full wp-image-20514\" title=\"baby_collie\" src=\"http:\/\/collies-vom-floersbachtal.de\/cms\/wp-content\/uploads\/2017\/11\/baby_collie.gif\" alt=\"\" width=\"57\" height=\"44\" \/><\/a><strong>Na endlich, wir sind \u00fcbergl\u00fccklich euch unsere F-chens vorstellen zu k\u00f6nnen. \ud83d\ude00<\/strong><\/p>\n<p><strong>Gelandet am 11.01.2018 <\/strong><\/p>\n<p><span style=\"color: #ff0000;\">21. Dezember bis 19. Januar<\/span><br \/>\n<span style=\"color: #ff0000;\">Steinbock, ein heimlicher Chef\u00a0<\/span><\/p>\n<p><strong>Wenn ein Steinbock-Hund eines im Leben ha\u00dft, dann ist es Unterordnung. Von Ha\u00df kann man eigentlich nicht sprechen, denn ein Steinbock zeigt seine Gef\u00fchle nicht, er wirkt eher emotional unterk\u00fchlt. Sprechen wir also mehr davon, was ihn \u00e4rgert. Dazu z\u00e4hlen eine untergeordnete Position, beim Wettkampf der Zweite zu sein, Zwang und zu wenig Respekt ihm gegen\u00fcber. Was ihn freut, sind Menschen, die Wissen, was sie wollen, die zielstrebig und ehrgeizig sind \u2013 wie er! Der Steinbock-Hund h\u00e4ngt an alten Traditionen. Diese geben ihn Sicherheit und \u00dcberlegenheit. Er ist sehr standesbewu\u00dft und vermeidet Situationen, bei denen er sich mit einem \u201eDahergelaufenen\u201c auf eine Stufe stellen mu\u00df. Auf einer Hundeaustellung oder bei einem sportlichen Wettbewerb darf ein Steinbock-Hund nicht fehlen, vorausgesetzt, er steht anschlie\u00dfend auf dem Siegerpodest. Wenn Sie sich nicht sicher sind, dass Ihr Hund den ersten Preis gewinnen wird, vermeiden Sie den Wettbewerb. Er k\u00f6nnte schwerm\u00fctig werden und in Depressionen versinken. Seine Art, die Welt zu betrachten, verschafft ihn bei seinen Artgenossen nicht gerade Freunde. Das hindert ihn aber nicht, sich weiterhin als der \u00dcberlegene aufzuspielen. Zu Hause sollten Sie ihm nie die M\u00f6glichkeit der F\u00fchrungsposition bieten; er wird sie nie wieder abgeben. Und eines Tages bemerken Sie dann, dass sich der Hund nicht mit Ihnen das Leben teilt, sondern Ihr Leben bestimmt. Geben Sie Ihrem Hund aber die Chance, sein K\u00f6nnen unter Beweis zu stellen und Sie werden erstaunt sein \u00fcber seine F\u00e4higkeiten.<\/strong><\/p>\n<div><strong><br \/>\n<\/strong><\/div>\n<p><strong>: \ud83d\ude00\u00a0\u00a0 0\/2 tricolor, 0\/3 dark \u2013 sable,\u00a0 1\/1 sable -merle\u2013 white mit Wf . Leider ist der R\u00fcde<\/strong> <strong>tot zur Welt gekommen, wir h\u00e4tten uns so gefreut, wenn wir ihnen h\u00e4tten retten k\u00f6nnen.<span style=\"color: #ff0000;\"> Alle Welpen sind vergeben !!!<\/span><\/strong><\/p>\n<p><strong>Die MDR1 Ergebnisse sind eingetroffen, freu und super ausgefallen \ud83d\ude00<\/strong><br \/>\n<strong>Der Vaterschaftstest und das DNA Profil sind nun auch eingetroffen.<\/strong><\/p>\n<p><strong><span style=\"color: #ff0000;\">Die ersten Besuchstage finden am 10.\/11.02.18 statt.<\/span><\/strong><\/p>\n<p><strong>Die stolzen Eltern sind:<a href=\"http:\/\/collies-vom-floersbachtal.de\/cms\/wp-content\/uploads\/2017\/11\/Jeanny4-59.Tag-tragend181.jpg\"><img loading=\"lazy\" decoding=\"async\" class=\"aligncenter size-full wp-image-20518\" title=\"Jeanny4 59.Tag tragend18\" src=\"http:\/\/collies-vom-floersbachtal.de\/cms\/wp-content\/uploads\/2017\/11\/Jeanny4-59.Tag-tragend181.jpg\" alt=\"\" width=\"1000\" height=\"677\" srcset=\"https:\/\/collies-vom-floersbachtal.de\/cms\/wp-content\/uploads\/2017\/11\/Jeanny4-59.Tag-tragend181.jpg 1000w, https:\/\/collies-vom-floersbachtal.de\/cms\/wp-content\/uploads\/2017\/11\/Jeanny4-59.Tag-tragend181-300x203.jpg 300w\" sizes=\"auto, (max-width: 1000px) 100vw, 1000px\" \/><\/a> Blue Jean vom Fl\u00f6rsbachtal, genannt Jeanny, geboren am 12.07.2012,<br \/>\nblue-merle, zur Zucht zugelassen, 59,2 cm und 26 Kg<\/strong><\/p>\n<p><strong>MDR1\u00a0\u00a0\u00a0\u00a0\u00a0 +\/-\u00a0 carrier,\u00a0\u00a0\u00a0\u00a0\u00a0\u00a0\u00a0\u00a0\u00a0\u00a0\u00a0\u00a0\u00a0\u00a0\u00a0\u00a0\u00a0\u00a0\u00a0\u00a0\u00a0\u00a0\u00a0\u00a0\u00a0\u00a0\u00a0\u00a0\u00a0\u00a0\u00a0\u00a0\u00a0 (TransMit)<\/strong><br \/>\n<strong> CEA\/CH\u00a0 +\/+ non carrier,\u00a0\u00a0\u00a0\u00a0\u00a0\u00a0\u00a0\u00a0\u00a0\u00a0\u00a0\u00a0\u00a0\u00a0\u00a0\u00a0\u00a0\u00a0\u00a0\u00a0\u00a0\u00a0\u00a0 (Optigen NY),<\/strong><br \/>\n<strong> DM\u00a0\u00a0\u00a0\u00a0\u00a0\u00a0\u00a0\u00a0\u00a0\u00a0 +\/+ non carrier,\u00a0\u00a0\u00a0\u00a0\u00a0\u00a0\u00a0\u00a0\u00a0\u00a0\u00a0\u00a0\u00a0\u00a0\u00a0\u00a0\u00a0\u00a0\u00a0\u00a0\u00a0\u00a0\u00a0\u00a0 (Laboklin),<\/strong><br \/>\n<strong> GCS\u00a0\u00a0\u00a0\u00a0\u00a0\u00a0\u00a0\u00a0\u00a0 +\/+ non carrier,\u00a0\u00a0\u00a0\u00a0\u00a0\u00a0\u00a0\u00a0\u00a0\u00a0\u00a0\u00a0\u00a0\u00a0\u00a0\u00a0\u00a0\u00a0\u00a0\u00a0\u00a0\u00a0\u00a0\u00a0 (Laboklin),<\/strong><br \/>\n<strong> CEA, rcd2, KATH frei, mit 6 Wochen, (DOK),<\/strong><br \/>\n<strong>PRA \u00a0 \u00a0<\/strong> <strong>\u00a0 \u00a0\u00a0 +\/+ non carrier,\u00a0\u00a0\u00a0\u00a0\u00a0\u00a0\u00a0\u00a0\u00a0\u00a0\u00a0\u00a0\u00a0\u00a0\u00a0\u00a0\u00a0\u00a0\u00a0\u00a0\u00a0\u00a0\u00a0\u00a0 (Optigen NY)<\/strong><br \/>\n<strong> HD A \/ED O, Patella frei<\/strong><br \/>\n<strong>DNA Profil vorhanden<\/strong><br \/>\n<strong><\/strong><br \/>\n<strong>DMS: aabb \u00a0\u00a0\u00a0\u00a0\u00a0\u00a0\u00a0\u00a0\u00a0\u00a0\u00a0\u00a0\u00a0\u00a0\u00a0\u00a0\u00a0\u00a0\u00a0\u00a0\u00a0\u00a0\u00a0\u00a0\u00a0\u00a0\u00a0\u00a0\u00a0\u00a0\u00a0\u00a0\u00a0\u00a0\u00a0\u00a0\u00a0\u00a0\u00a0\u00a0\u00a0\u00a0\u00a0\u00a0\u00a0\u00a0\u00a0\u00a0\u00a0\u00a0 (Clemson University, USA)<\/strong> <strong><\/strong><\/p>\n<p><strong>AVK : 0,87\u00a0\u00a0\u00a0\u00a0\u00a0 American Lines\u00a0 30,5 % <\/strong><\/p>\n<p><a href=\"http:\/\/collies-vom-floersbachtal.de\/cms\/wp-content\/uploads\/2017\/11\/stammbaum_Jeanny.jpg\"><img loading=\"lazy\" decoding=\"async\" class=\"aligncenter size-full wp-image-20519\" title=\"stammbaum_Jeanny\" src=\"http:\/\/collies-vom-floersbachtal.de\/cms\/wp-content\/uploads\/2017\/11\/stammbaum_Jeanny.jpg\" alt=\"\" width=\"875\" height=\"667\" srcset=\"https:\/\/collies-vom-floersbachtal.de\/cms\/wp-content\/uploads\/2017\/11\/stammbaum_Jeanny.jpg 875w, https:\/\/collies-vom-floersbachtal.de\/cms\/wp-content\/uploads\/2017\/11\/stammbaum_Jeanny-300x228.jpg 300w\" sizes=\"auto, (max-width: 875px) 100vw, 875px\" \/><\/a><img loading=\"lazy\" decoding=\"async\" title=\"Balu1 mit 4 Jahren\" src=\"http:\/\/collies-vom-floersbachtal.de\/cms\/wp-content\/uploads\/2012\/10\/Balu1-mit-4-Jahren.jpg\" alt=\"\" width=\"1000\" height=\"818\" \/><\/p>\n<p><strong>&amp; <strong><strong>Akil \u2013 Balu vom Fl\u00f6rsbachtal genannt BALU, am 23.11.2011<\/strong><strong> geboren, dark-sable, wei\u00dffaktoriert,\u00a0 z.Z. 63 cm, 32 Kg.<\/strong><\/strong><br \/>\n<\/strong><\/p>\n<p><strong>MDR1\u00a0\u00a0\u00a0\u00a0\u00a0\u00a0\u00a0\u00a0\u00a0\u00a0\u00a0 +\/+\u00a0\u00a0\u00a0\u00a0 non carrier,\u00a0\u00a0 (Eltern)<br \/>\nCEA\/CH\u00a0\u00a0\u00a0\u00a0\u00a0\u00a0\u00a0 +\/- \u00a0 \u00a0\u00a0 carrier,\u00a0\u00a0\u00a0\u00a0\u00a0\u00a0\u00a0\u00a0\u00a0\u00a0 (Eltern)<br \/>\nDM\u00a0\u00a0\u00a0\u00a0\u00a0\u00a0\u00a0\u00a0\u00a0\u00a0\u00a0\u00a0\u00a0\u00a0\u00a0\u00a0 +\/+\u00a0\u00a0\u00a0\u00a0 non carrier,\u00a0 (Eltern)<br \/>\nGCS\u00a0\u00a0\u00a0\u00a0\u00a0\u00a0\u00a0\u00a0\u00a0\u00a0\u00a0\u00a0\u00a0\u00a0\u00a0 +\/+\u00a0\u00a0\u00a0\u00a0 non carrier,\u00a0 (Laboklin)<br \/>\nPRA\u00a0\u00a0\u00a0\u00a0\u00a0\u00a0\u00a0\u00a0\u00a0\u00a0\u00a0\u00a0\u00a0\u00a0 +\/+\u00a0\u00a0\u00a0 \u00a0 non carrier,\u00a0 (Optigen NY)<br \/>\nKATH frei,\u00a0\u00a0\u00a0\u00a0\u00a0\u00a0\u00a0\u00a0\u00a0\u00a0\u00a0\u00a0\u00a0\u00a0\u00a0\u00a0\u00a0\u00a0\u00a0\u00a0\u00a0\u00a0\u00a0\u00a0\u00a0\u00a0\u00a0 \u00a0 \u00a0 \u00a0 \u00a0 \u00a0 \u00a0 \u00a0 (10 Monate DOK)<br \/>\nHD A \/ ED O frei<br \/>\nPatella frei<br \/>\nDNA Profil vorhanden<\/strong><br \/>\n<strong>DMS: AAbb \u00a0\u00a0\u00a0\u00a0\u00a0\u00a0\u00a0\u00a0\u00a0\u00a0\u00a0\u00a0\u00a0\u00a0\u00a0\u00a0\u00a0\u00a0\u00a0\u00a0\u00a0\u00a0\u00a0\u00a0\u00a0\u00a0\u00a0\u00a0\u00a0\u00a0\u00a0\u00a0\u00a0\u00a0\u00a0\u00a0\u00a0 (Clemson University, USA)<\/strong> <strong><\/strong><\/p>\n<p><strong>AVK : 0,87,\u00a0 American Lines:\u00a0 83 %<\/strong><\/p>\n<p><strong>vollzahniges Scherengebiss, Naturkippohren<br \/>\nAm 08.04.2013 zur Zucht zugelassen<br \/>\n<\/strong><\/p>\n<p><strong>Balu entstammt der finnisch\/amerikanischen Linie und ist frei von allen Gendefekten<\/strong><br \/>\nIn Balu\u00b4s Ahnen finden sich Namen wie: Van-M, Valiant, Tartanside, &amp; Shine of Gold, ect.<br \/>\n<a href=\"http:\/\/collies-vom-floersbachtal.de\/cms\/wp-content\/uploads\/2013\/07\/Stammbaum_Balu.jpg\"><img loading=\"lazy\" decoding=\"async\" title=\"Stammbaum_Balu\" src=\"http:\/\/collies-vom-floersbachtal.de\/cms\/wp-content\/uploads\/2013\/07\/Stammbaum_Balu.jpg\" alt=\"\" width=\"875\" height=\"683\" \/><\/a><strong><\/strong><\/p>\n<p><strong>Einzelvorstellung: <\/strong><\/p>\n<p><strong><span style=\"color: #ff0000;\">Nr. 1\u00a0 \u00a0Frisky Fiby\u00a0 (ab jetzt Luna)<\/span><\/strong><span style=\"color: #ff0000;\">\u00a0 <\/span><span style=\"color: #ff0000;\"><span style=\"color: #000000;\">(Kam als 1. Welpe in unserem Schlafzimmer zur Welt)\u00a0<\/span><\/span><strong><span style=\"color: #ff0000;\">Vergeben<\/span>\u00a0<span style=\"color: #ff0000;\">und ausgezogen<\/span><\/strong><span style=\"color: #000000;\"> Hat ihre Familie gefunden und zieht nach St.Peter Ording \ud83d\ude00<\/span><\/p>\n<p><strong>1. Welpe 10:30 Uhr, H\u00fcndin dark-sable, Blesse, keinen durchgehenden Kragen, <\/strong><\/p>\n<p><strong>MDR1 +\/-<\/strong><strong>,\u00a0 \u00a0 \u00a0 CEA +\/+, oder +\/-,\u00a0 \u00a0 \u00a0 \u00a0 DM\u00a0 N\/N,\u00a0 \u00a0 \u00a0 \u00a0GCS\u00a0 N\/N,\u00a0 \u00a0 \u00a0PRA\u00a0 N\/N,\u00a0 \u00a0 DMS Aa bb.<\/strong><\/p>\n<p><strong>1.Woche\u00a0 380g<\/strong><\/p>\n<p><a href=\"http:\/\/collies-vom-floersbachtal.de\/cms\/wp-content\/uploads\/2017\/11\/F-chens-Erstgeborene-dark-sable2.jpg\"><br \/>\n<img loading=\"lazy\" decoding=\"async\" class=\"aligncenter size-medium wp-image-20541\" title=\"F-chens Erstgeborene dark-sable2\" src=\"http:\/\/collies-vom-floersbachtal.de\/cms\/wp-content\/uploads\/2017\/11\/F-chens-Erstgeborene-dark-sable2-300x200.jpg\" alt=\"\" width=\"300\" height=\"200\" srcset=\"https:\/\/collies-vom-floersbachtal.de\/cms\/wp-content\/uploads\/2017\/11\/F-chens-Erstgeborene-dark-sable2-300x200.jpg 300w, https:\/\/collies-vom-floersbachtal.de\/cms\/wp-content\/uploads\/2017\/11\/F-chens-Erstgeborene-dark-sable2.jpg 1000w\" sizes=\"auto, (max-width: 300px) 100vw, 300px\" \/><\/a>\u00a0\u00a0\u00a0\u00a0 Gleichen Kragen wie ihr Papa \ud83d\ude00<\/p>\n<p><strong>2.Woche 690 g<\/strong><a href=\"http:\/\/collies-vom-floersbachtal.de\/cms\/wp-content\/uploads\/2017\/11\/Fiby2-2.Woche_.jpg\"><img loading=\"lazy\" decoding=\"async\" class=\"aligncenter size-medium wp-image-20654\" title=\"Fiby2  2.Woche\" src=\"http:\/\/collies-vom-floersbachtal.de\/cms\/wp-content\/uploads\/2017\/11\/Fiby2-2.Woche_-300x200.jpg\" alt=\"\" width=\"300\" height=\"200\" srcset=\"https:\/\/collies-vom-floersbachtal.de\/cms\/wp-content\/uploads\/2017\/11\/Fiby2-2.Woche_-300x200.jpg 300w, https:\/\/collies-vom-floersbachtal.de\/cms\/wp-content\/uploads\/2017\/11\/Fiby2-2.Woche_.jpg 1000w\" sizes=\"auto, (max-width: 300px) 100vw, 300px\" \/><\/a><\/p>\n<p><strong>3. Woche 1010 g\u00a0\u00a0<a href=\"http:\/\/collies-vom-floersbachtal.de\/cms\/wp-content\/uploads\/2017\/11\/Fiby2-14-Tage-alt.jpg\"><img loading=\"lazy\" decoding=\"async\" class=\"aligncenter size-medium wp-image-20779\" title=\"Fiby2 14 Tage alt\" src=\"http:\/\/collies-vom-floersbachtal.de\/cms\/wp-content\/uploads\/2017\/11\/Fiby2-14-Tage-alt-300x210.jpg\" alt=\"\" width=\"300\" height=\"210\" srcset=\"https:\/\/collies-vom-floersbachtal.de\/cms\/wp-content\/uploads\/2017\/11\/Fiby2-14-Tage-alt-300x210.jpg 300w, https:\/\/collies-vom-floersbachtal.de\/cms\/wp-content\/uploads\/2017\/11\/Fiby2-14-Tage-alt.jpg 1000w\" sizes=\"auto, (max-width: 300px) 100vw, 300px\" \/><\/a><\/strong><\/p>\n<p><strong>4. Woche\u00a0 1560 g\u00a0<a href=\"http:\/\/collies-vom-floersbachtal.de\/cms\/wp-content\/uploads\/2017\/11\/Fiby2-21-Tage.jpg\"><img loading=\"lazy\" decoding=\"async\" class=\"aligncenter size-medium wp-image-20930\" title=\"Fiby2 21 Tage\" src=\"http:\/\/collies-vom-floersbachtal.de\/cms\/wp-content\/uploads\/2017\/11\/Fiby2-21-Tage-300x222.jpg\" alt=\"\" width=\"300\" height=\"222\" srcset=\"https:\/\/collies-vom-floersbachtal.de\/cms\/wp-content\/uploads\/2017\/11\/Fiby2-21-Tage-300x222.jpg 300w, https:\/\/collies-vom-floersbachtal.de\/cms\/wp-content\/uploads\/2017\/11\/Fiby2-21-Tage.jpg 1000w\" sizes=\"auto, (max-width: 300px) 100vw, 300px\" \/><\/a><a href=\"http:\/\/collies-vom-floersbachtal.de\/cms\/wp-content\/uploads\/2017\/11\/Leandra1-21-Tage.jpg\">5<\/a>.Woche 2400 g\u00a0<a href=\"http:\/\/collies-vom-floersbachtal.de\/cms\/wp-content\/uploads\/2017\/11\/Fiby1-27-Tage-alt.jpg\"><img loading=\"lazy\" decoding=\"async\" class=\"aligncenter size-medium wp-image-21089\" title=\"Fiby1 27 Tage alt\" src=\"http:\/\/collies-vom-floersbachtal.de\/cms\/wp-content\/uploads\/2017\/11\/Fiby1-27-Tage-alt-300x165.jpg\" alt=\"\" width=\"300\" height=\"165\" srcset=\"https:\/\/collies-vom-floersbachtal.de\/cms\/wp-content\/uploads\/2017\/11\/Fiby1-27-Tage-alt-300x165.jpg 300w, https:\/\/collies-vom-floersbachtal.de\/cms\/wp-content\/uploads\/2017\/11\/Fiby1-27-Tage-alt.jpg 1000w\" sizes=\"auto, (max-width: 300px) 100vw, 300px\" \/><\/a><\/strong><\/p>\n<p><strong>6. Woche<\/strong>\u00a0 \u00a0<strong>3130 g\u00a0<\/strong> \u00a0 \u00a0 \u00a0 \u00a0 \u00a0 \u00a0 \u00a0 \u00a0<a href=\"http:\/\/collies-vom-floersbachtal.de\/cms\/wp-content\/uploads\/2017\/11\/Fiby1-32-tage-5.Woche_.jpg\"><img loading=\"lazy\" decoding=\"async\" class=\"aligncenter size-medium wp-image-21225\" title=\"Fiby1 32 tage 5.Woche\" src=\"http:\/\/collies-vom-floersbachtal.de\/cms\/wp-content\/uploads\/2017\/11\/Fiby1-32-tage-5.Woche_-243x300.jpg\" alt=\"\" width=\"243\" height=\"300\" srcset=\"https:\/\/collies-vom-floersbachtal.de\/cms\/wp-content\/uploads\/2017\/11\/Fiby1-32-tage-5.Woche_-243x300.jpg 243w, https:\/\/collies-vom-floersbachtal.de\/cms\/wp-content\/uploads\/2017\/11\/Fiby1-32-tage-5.Woche_-831x1024.jpg 831w, https:\/\/collies-vom-floersbachtal.de\/cms\/wp-content\/uploads\/2017\/11\/Fiby1-32-tage-5.Woche_.jpg 1000w\" sizes=\"auto, (max-width: 243px) 100vw, 243px\" \/><\/a><\/p>\n<p><strong>\u00a07. Woche\u00a0 3690 g\u00a0 \u00a0 \u00a0 \u00a0 \u00a0<a href=\"http:\/\/collies-vom-floersbachtal.de\/cms\/wp-content\/uploads\/2017\/11\/Fiby2-42-Tage-7.Woche_.jpg\"><img loading=\"lazy\" decoding=\"async\" class=\"aligncenter size-medium wp-image-21351\" title=\"Fiby2  42 Tage 7.Woche\" src=\"http:\/\/collies-vom-floersbachtal.de\/cms\/wp-content\/uploads\/2017\/11\/Fiby2-42-Tage-7.Woche_-192x300.jpg\" alt=\"\" width=\"192\" height=\"300\" srcset=\"https:\/\/collies-vom-floersbachtal.de\/cms\/wp-content\/uploads\/2017\/11\/Fiby2-42-Tage-7.Woche_-192x300.jpg 192w, https:\/\/collies-vom-floersbachtal.de\/cms\/wp-content\/uploads\/2017\/11\/Fiby2-42-Tage-7.Woche_-658x1024.jpg 658w, https:\/\/collies-vom-floersbachtal.de\/cms\/wp-content\/uploads\/2017\/11\/Fiby2-42-Tage-7.Woche_.jpg 1000w\" sizes=\"auto, (max-width: 192px) 100vw, 192px\" \/><\/a>\u00a08. Woche 4640 g\u00a0 \u00a0\u00a0<a href=\"http:\/\/collies-vom-floersbachtal.de\/cms\/wp-content\/uploads\/2017\/11\/Fiby2-49-Tage-8.Woche_.jpg\"><img loading=\"lazy\" decoding=\"async\" class=\"aligncenter size-medium wp-image-21448\" title=\"Fiby2 49 Tage 8.Woche\" src=\"http:\/\/collies-vom-floersbachtal.de\/cms\/wp-content\/uploads\/2017\/11\/Fiby2-49-Tage-8.Woche_-300x212.jpg\" alt=\"\" width=\"300\" height=\"212\" srcset=\"https:\/\/collies-vom-floersbachtal.de\/cms\/wp-content\/uploads\/2017\/11\/Fiby2-49-Tage-8.Woche_-300x212.jpg 300w, https:\/\/collies-vom-floersbachtal.de\/cms\/wp-content\/uploads\/2017\/11\/Fiby2-49-Tage-8.Woche_.jpg 1000w\" sizes=\"auto, (max-width: 300px) 100vw, 300px\" \/><\/a><\/strong><\/p>\n<p>&nbsp;<\/p>\n<p><strong>9. Woche\u00a0 \u00a0 5750 g\u00a0\u00a0<a href=\"http:\/\/collies-vom-floersbachtal.de\/cms\/wp-content\/uploads\/2017\/11\/Fiby1-57-Tage-9.Woche_.jpg\"><img loading=\"lazy\" decoding=\"async\" class=\"aligncenter size-medium wp-image-21615\" title=\"Fiby1 57 Tage 9.Woche\" src=\"http:\/\/collies-vom-floersbachtal.de\/cms\/wp-content\/uploads\/2017\/11\/Fiby1-57-Tage-9.Woche_-298x300.jpg\" alt=\"\" width=\"298\" height=\"300\" srcset=\"https:\/\/collies-vom-floersbachtal.de\/cms\/wp-content\/uploads\/2017\/11\/Fiby1-57-Tage-9.Woche_-298x300.jpg 298w, https:\/\/collies-vom-floersbachtal.de\/cms\/wp-content\/uploads\/2017\/11\/Fiby1-57-Tage-9.Woche_-150x150.jpg 150w, https:\/\/collies-vom-floersbachtal.de\/cms\/wp-content\/uploads\/2017\/11\/Fiby1-57-Tage-9.Woche_.jpg 1000w\" sizes=\"auto, (max-width: 298px) 100vw, 298px\" \/><\/a><\/strong><\/p>\n<p><strong>10. Woche\u00a0 6040g\u00a0\u00a0<\/strong><\/p>\n<p><strong><span style=\"color: #ff0000;\">Nr. 2\u00a0 \u00a0 Fine Finou\u00a0 \u00a0(ab jetzt Lona)\u00a0<\/span><\/strong><span style=\"color: #ff0000;\"><span style=\"color: #000000;\"> (Kam tats\u00e4chlich in der Wurfkiste zur Welt ) <strong><span style=\"color: #ff0000;\">Vergeben<\/span>\u00a0<span style=\"color: #ff0000;\">und ausgezogen.<\/span><\/strong> Hat ihre Familie gefunden und zieht nach T\u00fcbingen\/Ammerbuch \ud83d\ude00<\/span><\/span><\/p>\n<p><strong>2. Welpe 11:10 Uhr, H\u00fcndin dark-sable, Blesse, durchgehenden gro\u00dfen Kragen,\u00a0 <\/strong><\/p>\n<p><strong>MDR1\u00a0 +\/-,\u00a0 \u00a0 \u00a0 \u00a0 CEA +\/+, oder +\/- ,\u00a0<strong>\u00a0 \u00a0 \u00a0 DM\u00a0 N\/N,\u00a0 \u00a0 \u00a0GCS\u00a0 N\/N,\u00a0 \u00a0 \u00a0 PRA\u00a0 N\/N, DMS\u00a0 \u00a0Aa bb.<\/strong><\/strong><\/p>\n<p><strong>1.Woche\u00a0 370g<\/strong><\/p>\n<p><strong><\/strong><strong><a href=\"http:\/\/collies-vom-floersbachtal.de\/cms\/wp-content\/uploads\/2017\/11\/F-chens-Zweitgeborene-dark-sable2.jpg\"><img loading=\"lazy\" decoding=\"async\" class=\"aligncenter size-full wp-image-20543\" title=\"F-chens Zweitgeborene dark-sable2\" src=\"http:\/\/collies-vom-floersbachtal.de\/cms\/wp-content\/uploads\/2017\/11\/F-chens-Zweitgeborene-dark-sable2.jpg\" alt=\"\" width=\"173\" height=\"162\" \/><\/a><\/strong><\/p>\n<p><strong>2.Woche\u00a0 630g<\/strong><a href=\"http:\/\/collies-vom-floersbachtal.de\/cms\/wp-content\/uploads\/2017\/11\/Finou1-2.Woche_.jpg\"><img loading=\"lazy\" decoding=\"async\" class=\"aligncenter size-medium wp-image-20655\" title=\"Finou1  2.Woche\" src=\"http:\/\/collies-vom-floersbachtal.de\/cms\/wp-content\/uploads\/2017\/11\/Finou1-2.Woche_-274x300.jpg\" alt=\"\" width=\"274\" height=\"300\" srcset=\"https:\/\/collies-vom-floersbachtal.de\/cms\/wp-content\/uploads\/2017\/11\/Finou1-2.Woche_-274x300.jpg 274w, https:\/\/collies-vom-floersbachtal.de\/cms\/wp-content\/uploads\/2017\/11\/Finou1-2.Woche_-936x1024.jpg 936w, https:\/\/collies-vom-floersbachtal.de\/cms\/wp-content\/uploads\/2017\/11\/Finou1-2.Woche_.jpg 1000w\" sizes=\"auto, (max-width: 274px) 100vw, 274px\" \/><\/a><\/p>\n<p><strong>3. Woche\u00a0 930 g\u00a0<a href=\"http:\/\/collies-vom-floersbachtal.de\/cms\/wp-content\/uploads\/2017\/11\/Finou1-14-Tage-alt.jpg\"><img loading=\"lazy\" decoding=\"async\" class=\"aligncenter size-medium wp-image-20780\" title=\"Finou1 14 Tage alt\" src=\"http:\/\/collies-vom-floersbachtal.de\/cms\/wp-content\/uploads\/2017\/11\/Finou1-14-Tage-alt-300x204.jpg\" alt=\"\" width=\"300\" height=\"204\" srcset=\"https:\/\/collies-vom-floersbachtal.de\/cms\/wp-content\/uploads\/2017\/11\/Finou1-14-Tage-alt-300x204.jpg 300w, https:\/\/collies-vom-floersbachtal.de\/cms\/wp-content\/uploads\/2017\/11\/Finou1-14-Tage-alt.jpg 1000w\" sizes=\"auto, (max-width: 300px) 100vw, 300px\" \/><\/a><\/strong><\/p>\n<p><strong>4. Woche 1540 g\u00a0 \u00a0<\/strong><\/p>\n<p><strong><a href=\"http:\/\/collies-vom-floersbachtal.de\/cms\/wp-content\/uploads\/2017\/11\/Finou1-21-Tage1.jpg\"><img loading=\"lazy\" decoding=\"async\" class=\"aligncenter size-medium wp-image-20928\" title=\"Finou1 21 Tage\" src=\"http:\/\/collies-vom-floersbachtal.de\/cms\/wp-content\/uploads\/2017\/11\/Finou1-21-Tage1-300x211.jpg\" alt=\"\" width=\"300\" height=\"211\" srcset=\"https:\/\/collies-vom-floersbachtal.de\/cms\/wp-content\/uploads\/2017\/11\/Finou1-21-Tage1-300x211.jpg 300w, https:\/\/collies-vom-floersbachtal.de\/cms\/wp-content\/uploads\/2017\/11\/Finou1-21-Tage1.jpg 1000w\" sizes=\"auto, (max-width: 300px) 100vw, 300px\" \/><\/a><a href=\"http:\/\/collies-vom-floersbachtal.de\/cms\/wp-content\/uploads\/2017\/11\/Finou1-21-Tage.jpg\">5<\/a>.Woche 2400 g\u00a0\u00a0<a href=\"http:\/\/collies-vom-floersbachtal.de\/cms\/wp-content\/uploads\/2017\/11\/Finou1-27-Tage-alt.jpg\"><img loading=\"lazy\" decoding=\"async\" class=\"aligncenter size-medium wp-image-21090\" title=\"Finou1 27 Tage alt\" src=\"http:\/\/collies-vom-floersbachtal.de\/cms\/wp-content\/uploads\/2017\/11\/Finou1-27-Tage-alt-300x230.jpg\" alt=\"\" width=\"300\" height=\"230\" srcset=\"https:\/\/collies-vom-floersbachtal.de\/cms\/wp-content\/uploads\/2017\/11\/Finou1-27-Tage-alt-300x230.jpg 300w, https:\/\/collies-vom-floersbachtal.de\/cms\/wp-content\/uploads\/2017\/11\/Finou1-27-Tage-alt.jpg 1000w\" sizes=\"auto, (max-width: 300px) 100vw, 300px\" \/><\/a><\/strong><\/p>\n<p><strong>\u00a06. Woche\u00a0 \u00a0 3220 g\u00a0 \u00a0 \u00a0 \u00a0 \u00a0 \u00a0 \u00a0 \u00a0<a href=\"http:\/\/collies-vom-floersbachtal.de\/cms\/wp-content\/uploads\/2017\/11\/Finou1-34-Tage.jpg\"><img loading=\"lazy\" decoding=\"async\" class=\"aligncenter size-medium wp-image-21226\" title=\"Finou1 34 Tage\" src=\"http:\/\/collies-vom-floersbachtal.de\/cms\/wp-content\/uploads\/2017\/11\/Finou1-34-Tage-240x300.jpg\" alt=\"\" width=\"240\" height=\"300\" srcset=\"https:\/\/collies-vom-floersbachtal.de\/cms\/wp-content\/uploads\/2017\/11\/Finou1-34-Tage-240x300.jpg 240w, https:\/\/collies-vom-floersbachtal.de\/cms\/wp-content\/uploads\/2017\/11\/Finou1-34-Tage.jpg 612w\" sizes=\"auto, (max-width: 240px) 100vw, 240px\" \/><\/a>\u00a07. Woche\u00a0 3900 g\u00a0 \u00a0<a href=\"http:\/\/collies-vom-floersbachtal.de\/cms\/wp-content\/uploads\/2017\/11\/Finou2-42-Tage-7.Woche_.jpg\"><img loading=\"lazy\" decoding=\"async\" class=\"aligncenter size-medium wp-image-21352\" title=\"Finou2  42 Tage 7.Woche\" src=\"http:\/\/collies-vom-floersbachtal.de\/cms\/wp-content\/uploads\/2017\/11\/Finou2-42-Tage-7.Woche_-186x300.jpg\" alt=\"\" width=\"186\" height=\"300\" srcset=\"https:\/\/collies-vom-floersbachtal.de\/cms\/wp-content\/uploads\/2017\/11\/Finou2-42-Tage-7.Woche_-186x300.jpg 186w, https:\/\/collies-vom-floersbachtal.de\/cms\/wp-content\/uploads\/2017\/11\/Finou2-42-Tage-7.Woche_-636x1024.jpg 636w, https:\/\/collies-vom-floersbachtal.de\/cms\/wp-content\/uploads\/2017\/11\/Finou2-42-Tage-7.Woche_.jpg 1000w\" sizes=\"auto, (max-width: 186px) 100vw, 186px\" \/><\/a><\/strong><\/p>\n<p><strong>8. Woche 4700 g\u00a0 \u00a0 \u00a0 \u00a0 \u00a0 \u00a0 \u00a0 \u00a0 \u00a0\u00a0<a href=\"http:\/\/collies-vom-floersbachtal.de\/cms\/wp-content\/uploads\/2017\/11\/Finou2-49-Tage-8.Woche_.jpg\"><img loading=\"lazy\" decoding=\"async\" class=\"aligncenter size-medium wp-image-21449\" title=\"Finou2 49 Tage 8.Woche\" src=\"http:\/\/collies-vom-floersbachtal.de\/cms\/wp-content\/uploads\/2017\/11\/Finou2-49-Tage-8.Woche_-300x245.jpg\" alt=\"\" width=\"300\" height=\"245\" srcset=\"https:\/\/collies-vom-floersbachtal.de\/cms\/wp-content\/uploads\/2017\/11\/Finou2-49-Tage-8.Woche_-300x245.jpg 300w, https:\/\/collies-vom-floersbachtal.de\/cms\/wp-content\/uploads\/2017\/11\/Finou2-49-Tage-8.Woche_.jpg 1000w\" sizes=\"auto, (max-width: 300px) 100vw, 300px\" \/><\/a><\/strong><\/p>\n<p>&nbsp;<\/p>\n<p><strong>9. Woche\u00a0 5700 g<a href=\"http:\/\/collies-vom-floersbachtal.de\/cms\/wp-content\/uploads\/2017\/11\/Finou-Lona2-52-Tage-8.Woche_.jpg\"><img loading=\"lazy\" decoding=\"async\" class=\"aligncenter size-medium wp-image-21606\" title=\"Finou-Lona2 52 Tage 8.Woche\" src=\"http:\/\/collies-vom-floersbachtal.de\/cms\/wp-content\/uploads\/2017\/11\/Finou-Lona2-52-Tage-8.Woche_-300x287.jpg\" alt=\"\" width=\"300\" height=\"287\" srcset=\"https:\/\/collies-vom-floersbachtal.de\/cms\/wp-content\/uploads\/2017\/11\/Finou-Lona2-52-Tage-8.Woche_-300x287.jpg 300w, https:\/\/collies-vom-floersbachtal.de\/cms\/wp-content\/uploads\/2017\/11\/Finou-Lona2-52-Tage-8.Woche_.jpg 1000w\" sizes=\"auto, (max-width: 300px) 100vw, 300px\" \/><\/a><\/strong><\/p>\n<p><strong>10.Woche 5810 g\u00a0\u00a0<\/strong><a href=\"http:\/\/collies-vom-floersbachtal.de\/cms\/wp-content\/uploads\/2017\/11\/Finou-Lona4-64-Tage.jpg\"><img loading=\"lazy\" decoding=\"async\" class=\"aligncenter size-medium wp-image-21849\" title=\"Finou-Lona4 64 Tage\" src=\"http:\/\/collies-vom-floersbachtal.de\/cms\/wp-content\/uploads\/2017\/11\/Finou-Lona4-64-Tage-236x300.jpg\" alt=\"\" width=\"236\" height=\"300\" srcset=\"https:\/\/collies-vom-floersbachtal.de\/cms\/wp-content\/uploads\/2017\/11\/Finou-Lona4-64-Tage-236x300.jpg 236w, https:\/\/collies-vom-floersbachtal.de\/cms\/wp-content\/uploads\/2017\/11\/Finou-Lona4-64-Tage-806x1024.jpg 806w, https:\/\/collies-vom-floersbachtal.de\/cms\/wp-content\/uploads\/2017\/11\/Finou-Lona4-64-Tage.jpg 1000w\" sizes=\"auto, (max-width: 236px) 100vw, 236px\" \/><\/a><\/p>\n<p><strong><span style=\"color: #ff0000;\">Nr. 3\u00a0 \u00a0 Forever Leandra\u00a0 \u00a0 vergeben und ausgezogen\u00a0\u00a0<strong>Hat ihre Familie im Spreewald mit vielen Hundekumpels gefunden.<\/strong><\/span><\/strong><\/p>\n<p><strong><strong>3. Welpe 11:55\u00a0 Uhr, H\u00fcndin tricolor, ganz feinen Strich, keinen durchgehenden Kragen,\u00a0<\/strong><\/strong><\/p>\n<p><strong><strong>MDR1 +\/+,\u00a0 \u00a0 \u00a0 \u00a0 CEA +\/+, oder +\/-,\u00a0<strong>\u00a0 \u00a0 \u00a0 \u00a0DM\u00a0 N\/N,\u00a0 \u00a0 \u00a0 GCS\u00a0 N\/N,\u00a0 \u00a0 \u00a0 \u00a0PRA\u00a0 N\/N, DMS\u00a0 Aa bb.<\/strong><\/strong><\/strong><\/p>\n<p><strong>1.Woche\u00a0 \u00a0<strong>360 g<\/strong><\/strong><\/p>\n<p><strong><strong><a href=\"http:\/\/collies-vom-floersbachtal.de\/cms\/wp-content\/uploads\/2017\/11\/F-chens-Drittgeborene-trico2.jpg\"><br \/>\n<img loading=\"lazy\" decoding=\"async\" class=\"aligncenter size-medium wp-image-20545\" title=\"F-chens Drittgeborene trico2\" src=\"http:\/\/collies-vom-floersbachtal.de\/cms\/wp-content\/uploads\/2017\/11\/F-chens-Drittgeborene-trico2-300x225.jpg\" alt=\"\" width=\"300\" height=\"225\" srcset=\"https:\/\/collies-vom-floersbachtal.de\/cms\/wp-content\/uploads\/2017\/11\/F-chens-Drittgeborene-trico2-300x225.jpg 300w, https:\/\/collies-vom-floersbachtal.de\/cms\/wp-content\/uploads\/2017\/11\/F-chens-Drittgeborene-trico2.jpg 1000w\" sizes=\"auto, (max-width: 300px) 100vw, 300px\" \/><\/a><\/strong><strong><\/strong><\/strong><\/p>\n<p><strong>2.Woche<\/strong>\u00a0 \u00a0<strong>630g<\/strong><\/p>\n<p><a href=\"http:\/\/collies-vom-floersbachtal.de\/cms\/wp-content\/uploads\/2017\/11\/Leandra1-2.Woche_.jpg\"><img loading=\"lazy\" decoding=\"async\" class=\"aligncenter size-medium wp-image-20656\" title=\"Leandra1  2.Woche\" src=\"http:\/\/collies-vom-floersbachtal.de\/cms\/wp-content\/uploads\/2017\/11\/Leandra1-2.Woche_-300x162.jpg\" alt=\"\" width=\"300\" height=\"162\" srcset=\"https:\/\/collies-vom-floersbachtal.de\/cms\/wp-content\/uploads\/2017\/11\/Leandra1-2.Woche_-300x162.jpg 300w, https:\/\/collies-vom-floersbachtal.de\/cms\/wp-content\/uploads\/2017\/11\/Leandra1-2.Woche_.jpg 1000w\" sizes=\"auto, (max-width: 300px) 100vw, 300px\" \/><\/a><\/p>\n<p><strong>\u00a03. Woche 940 g\u00a0<a href=\"http:\/\/collies-vom-floersbachtal.de\/cms\/wp-content\/uploads\/2017\/11\/Leandra1-14-Tage-alt.jpg\"><img loading=\"lazy\" decoding=\"async\" class=\"aligncenter size-medium wp-image-20781\" title=\"Leandra1 14 Tage alt\" src=\"http:\/\/collies-vom-floersbachtal.de\/cms\/wp-content\/uploads\/2017\/11\/Leandra1-14-Tage-alt-300x185.jpg\" alt=\"\" width=\"300\" height=\"185\" srcset=\"https:\/\/collies-vom-floersbachtal.de\/cms\/wp-content\/uploads\/2017\/11\/Leandra1-14-Tage-alt-300x185.jpg 300w, https:\/\/collies-vom-floersbachtal.de\/cms\/wp-content\/uploads\/2017\/11\/Leandra1-14-Tage-alt.jpg 1000w\" sizes=\"auto, (max-width: 300px) 100vw, 300px\" \/><\/a><\/strong><\/p>\n<p><strong>\u00a04. Woche 1490 g<\/strong>\u00a0\u00a0<a href=\"http:\/\/collies-vom-floersbachtal.de\/cms\/wp-content\/uploads\/2017\/11\/Leandra1-21-Tage1.jpg\"><img loading=\"lazy\" decoding=\"async\" class=\"aligncenter size-medium wp-image-20931\" title=\"Leandra1 21 Tage\" src=\"http:\/\/collies-vom-floersbachtal.de\/cms\/wp-content\/uploads\/2017\/11\/Leandra1-21-Tage1-300x235.jpg\" alt=\"\" width=\"300\" height=\"235\" srcset=\"https:\/\/collies-vom-floersbachtal.de\/cms\/wp-content\/uploads\/2017\/11\/Leandra1-21-Tage1-300x235.jpg 300w, https:\/\/collies-vom-floersbachtal.de\/cms\/wp-content\/uploads\/2017\/11\/Leandra1-21-Tage1.jpg 1000w\" sizes=\"auto, (max-width: 300px) 100vw, 300px\" \/><\/a><\/p>\n<p>&nbsp;<\/p>\n<p><strong>5. Woche 2340 g\u00a0<a href=\"http:\/\/collies-vom-floersbachtal.de\/cms\/wp-content\/uploads\/2017\/11\/Leandra1-25-Tage-alt.jpg\"><img loading=\"lazy\" decoding=\"async\" class=\"aligncenter size-medium wp-image-21091\" title=\"Leandra1 25 Tage alt\" src=\"http:\/\/collies-vom-floersbachtal.de\/cms\/wp-content\/uploads\/2017\/11\/Leandra1-25-Tage-alt-300x273.jpg\" alt=\"\" width=\"300\" height=\"273\" srcset=\"https:\/\/collies-vom-floersbachtal.de\/cms\/wp-content\/uploads\/2017\/11\/Leandra1-25-Tage-alt-300x273.jpg 300w, https:\/\/collies-vom-floersbachtal.de\/cms\/wp-content\/uploads\/2017\/11\/Leandra1-25-Tage-alt.jpg 1000w\" sizes=\"auto, (max-width: 300px) 100vw, 300px\" \/><\/a><\/strong><\/p>\n<p><strong>\u00a06. Woche<\/strong>\u00a0 \u00a0 \u00a0<strong>2990 g\u00a0<\/strong> \u00a0 \u00a0 \u00a0 \u00a0 \u00a0 \u00a0 \u00a0\u00a0<a href=\"http:\/\/collies-vom-floersbachtal.de\/cms\/wp-content\/uploads\/2017\/11\/Leandra3-35-Tage-6.Woche_.jpg\"><img loading=\"lazy\" decoding=\"async\" class=\"aligncenter size-medium wp-image-21227\" title=\"Leandra3 35 Tage 6.Woche\" src=\"http:\/\/collies-vom-floersbachtal.de\/cms\/wp-content\/uploads\/2017\/11\/Leandra3-35-Tage-6.Woche_-232x300.jpg\" alt=\"\" width=\"232\" height=\"300\" srcset=\"https:\/\/collies-vom-floersbachtal.de\/cms\/wp-content\/uploads\/2017\/11\/Leandra3-35-Tage-6.Woche_-232x300.jpg 232w, https:\/\/collies-vom-floersbachtal.de\/cms\/wp-content\/uploads\/2017\/11\/Leandra3-35-Tage-6.Woche_.jpg 571w\" sizes=\"auto, (max-width: 232px) 100vw, 232px\" \/><\/a><\/p>\n<p><strong>7. Woche\u00a0 3620 g\u00a0 \u00a0 \u00a0\u00a0<\/strong><\/p>\n<p><strong><a href=\"http:\/\/collies-vom-floersbachtal.de\/cms\/wp-content\/uploads\/2017\/11\/Leandra1-42-Tage-7.Woche_.jpg\"><img loading=\"lazy\" decoding=\"async\" class=\"aligncenter size-medium wp-image-21353\" title=\"Leandra1 42 Tage 7.Woche\" src=\"http:\/\/collies-vom-floersbachtal.de\/cms\/wp-content\/uploads\/2017\/11\/Leandra1-42-Tage-7.Woche_-189x300.jpg\" alt=\"\" width=\"189\" height=\"300\" srcset=\"https:\/\/collies-vom-floersbachtal.de\/cms\/wp-content\/uploads\/2017\/11\/Leandra1-42-Tage-7.Woche_-189x300.jpg 189w, https:\/\/collies-vom-floersbachtal.de\/cms\/wp-content\/uploads\/2017\/11\/Leandra1-42-Tage-7.Woche_-647x1024.jpg 647w, https:\/\/collies-vom-floersbachtal.de\/cms\/wp-content\/uploads\/2017\/11\/Leandra1-42-Tage-7.Woche_.jpg 1000w\" sizes=\"auto, (max-width: 189px) 100vw, 189px\" \/><\/a><\/strong><\/p>\n<p><strong>8. Woche 4450 g\u00a0 \u00a0 \u00a0 \u00a0 \u00a0 \u00a0 \u00a0 \u00a0 \u00a0<a href=\"http:\/\/collies-vom-floersbachtal.de\/cms\/wp-content\/uploads\/2017\/11\/Leandra2-49-Tage-8.Woche_.jpg\"><img loading=\"lazy\" decoding=\"async\" class=\"aligncenter size-medium wp-image-21450\" title=\"Leandra2 49 Tage 8.Woche\" src=\"http:\/\/collies-vom-floersbachtal.de\/cms\/wp-content\/uploads\/2017\/11\/Leandra2-49-Tage-8.Woche_-300x196.jpg\" alt=\"\" width=\"300\" height=\"196\" srcset=\"https:\/\/collies-vom-floersbachtal.de\/cms\/wp-content\/uploads\/2017\/11\/Leandra2-49-Tage-8.Woche_-300x196.jpg 300w, https:\/\/collies-vom-floersbachtal.de\/cms\/wp-content\/uploads\/2017\/11\/Leandra2-49-Tage-8.Woche_.jpg 1000w\" sizes=\"auto, (max-width: 300px) 100vw, 300px\" \/><\/a><\/strong><\/p>\n<p>&nbsp;<\/p>\n<p><strong>9. Woche\u00a0 5390 g\u00a0<a href=\"http:\/\/collies-vom-floersbachtal.de\/cms\/wp-content\/uploads\/2017\/11\/Leandra1-57-Tage-9.Woche_.jpg\"><img loading=\"lazy\" decoding=\"async\" class=\"aligncenter size-medium wp-image-21616\" title=\"Leandra1  57 Tage 9.Woche\" src=\"http:\/\/collies-vom-floersbachtal.de\/cms\/wp-content\/uploads\/2017\/11\/Leandra1-57-Tage-9.Woche_-300x248.jpg\" alt=\"\" width=\"300\" height=\"248\" srcset=\"https:\/\/collies-vom-floersbachtal.de\/cms\/wp-content\/uploads\/2017\/11\/Leandra1-57-Tage-9.Woche_-300x248.jpg 300w, https:\/\/collies-vom-floersbachtal.de\/cms\/wp-content\/uploads\/2017\/11\/Leandra1-57-Tage-9.Woche_.jpg 1000w\" sizes=\"auto, (max-width: 300px) 100vw, 300px\" \/><\/a><\/strong><\/p>\n<p><strong>10.Woche 5770 g\u00a0\u00a0<\/strong><\/p>\n<p><strong><a href=\"http:\/\/collies-vom-floersbachtal.de\/cms\/wp-content\/uploads\/2017\/11\/Leandra1-60-Tage-alt.jpg\"><img loading=\"lazy\" decoding=\"async\" class=\"aligncenter size-medium wp-image-21851\" title=\"Leandra1 60 Tage alt\" src=\"http:\/\/collies-vom-floersbachtal.de\/cms\/wp-content\/uploads\/2017\/11\/Leandra1-60-Tage-alt-281x300.jpg\" alt=\"\" width=\"281\" height=\"300\" srcset=\"https:\/\/collies-vom-floersbachtal.de\/cms\/wp-content\/uploads\/2017\/11\/Leandra1-60-Tage-alt-281x300.jpg 281w, https:\/\/collies-vom-floersbachtal.de\/cms\/wp-content\/uploads\/2017\/11\/Leandra1-60-Tage-alt-962x1024.jpg 962w, https:\/\/collies-vom-floersbachtal.de\/cms\/wp-content\/uploads\/2017\/11\/Leandra1-60-Tage-alt.jpg 1000w\" sizes=\"auto, (max-width: 281px) 100vw, 281px\" \/><\/a><br \/>\n<strong><span style=\"color: #ff0000;\">Nr. 4\u00a0 \u00a0 \u00a0Fluffy Caramel \u00a0 \u00a0<\/span><\/strong><span style=\"color: #ff0000;\"><span style=\"color: #000000;\"> ( Wurde in der Klinik im Warteraum geboren) <\/span><\/span><\/strong><\/p>\n<p><span style=\"color: #ff0000;\"><span style=\"color: #000000;\"><strong><span style=\"color: #ff0000;\">Vergeben<\/span>\u00a0<span style=\"color: #ff0000;\">und bereits ausgezogen<\/span><\/strong> Hat ihre Familie gefunden und zieht in die Schweiz \ud83d\ude00<\/span><\/span><\/p>\n<p><strong><strong>4. Welpe 16:35 Uhr, H\u00fcndin sable-merle,\u00a0 Blesse, keinen aber gro\u00dfen wei\u00dfen Kragen, wf, <\/strong><\/strong><\/p>\n<p><strong><strong><\/strong><strong><strong><strong>MDR1 +\/+,\u00a0 \u00a0 \u00a0 \u00a0 CEA +\/+, oder +\/-,\u00a0 \u00a0 \u00a0 \u00a0<strong>\u00a0DM\u00a0 N\/N,\u00a0 \u00a0 \u00a0 \u00a0GCS\u00a0 N\/N,\u00a0 \u00a0 \u00a0 PRA\u00a0 N\/N, DMS\u00a0 Aa bb.<\/strong><\/strong><\/strong>\u00a0<\/strong><\/strong><\/p>\n<p><strong>1.Woche\u00a0<strong>360 g<\/strong><\/strong><strong><strong><a href=\"http:\/\/collies-vom-floersbachtal.de\/cms\/wp-content\/uploads\/2017\/11\/F-chens-viertgeborene-sable-merle1.jpg\"><img loading=\"lazy\" decoding=\"async\" class=\"aligncenter size-medium wp-image-20546\" title=\"F-chens viertgeborene sable-merle1\" src=\"http:\/\/collies-vom-floersbachtal.de\/cms\/wp-content\/uploads\/2017\/11\/F-chens-viertgeborene-sable-merle1-300x200.jpg\" alt=\"\" width=\"300\" height=\"200\" srcset=\"https:\/\/collies-vom-floersbachtal.de\/cms\/wp-content\/uploads\/2017\/11\/F-chens-viertgeborene-sable-merle1-300x200.jpg 300w, https:\/\/collies-vom-floersbachtal.de\/cms\/wp-content\/uploads\/2017\/11\/F-chens-viertgeborene-sable-merle1.jpg 1000w\" sizes=\"auto, (max-width: 300px) 100vw, 300px\" \/><\/a><\/strong><strong><\/strong><\/strong><\/p>\n<p><strong>2.Woche\u00a0 660g<\/strong><\/p>\n<p><strong><a href=\"http:\/\/collies-vom-floersbachtal.de\/cms\/wp-content\/uploads\/2017\/11\/Caramelchen1-2.Woche_.jpg\"><img loading=\"lazy\" decoding=\"async\" class=\"aligncenter size-medium wp-image-20658\" title=\"Caramelchen1  2.Woche\" src=\"http:\/\/collies-vom-floersbachtal.de\/cms\/wp-content\/uploads\/2017\/11\/Caramelchen1-2.Woche_-300x176.jpg\" alt=\"\" width=\"300\" height=\"176\" srcset=\"https:\/\/collies-vom-floersbachtal.de\/cms\/wp-content\/uploads\/2017\/11\/Caramelchen1-2.Woche_-300x176.jpg 300w, https:\/\/collies-vom-floersbachtal.de\/cms\/wp-content\/uploads\/2017\/11\/Caramelchen1-2.Woche_.jpg 1000w\" sizes=\"auto, (max-width: 300px) 100vw, 300px\" \/><\/a><a href=\"http:\/\/collies-vom-floersbachtal.de\/cms\/wp-content\/uploads\/2017\/11\/Imana1-2.Woche_.jpg\">3<\/a>. Woche\u00a0 940 g\u00a0\u00a0<a href=\"http:\/\/collies-vom-floersbachtal.de\/cms\/wp-content\/uploads\/2017\/11\/Caramelchen2-14-Tage-alt.jpg\"><img loading=\"lazy\" decoding=\"async\" class=\"aligncenter size-medium wp-image-20782\" title=\"Caramelchen2 14 Tage alt\" src=\"http:\/\/collies-vom-floersbachtal.de\/cms\/wp-content\/uploads\/2017\/11\/Caramelchen2-14-Tage-alt-300x192.jpg\" alt=\"\" width=\"300\" height=\"192\" srcset=\"https:\/\/collies-vom-floersbachtal.de\/cms\/wp-content\/uploads\/2017\/11\/Caramelchen2-14-Tage-alt-300x192.jpg 300w, https:\/\/collies-vom-floersbachtal.de\/cms\/wp-content\/uploads\/2017\/11\/Caramelchen2-14-Tage-alt.jpg 1000w\" sizes=\"auto, (max-width: 300px) 100vw, 300px\" \/><\/a><\/strong><\/p>\n<p><strong>\u00a04. Woche 1530 g<\/strong>\u00a0\u00a0<a href=\"http:\/\/collies-vom-floersbachtal.de\/cms\/wp-content\/uploads\/2017\/11\/Caramelchen2-21-Tage.jpg\"><img loading=\"lazy\" decoding=\"async\" class=\"aligncenter size-medium wp-image-20932\" title=\"Caramelchen2 21 Tage\" src=\"http:\/\/collies-vom-floersbachtal.de\/cms\/wp-content\/uploads\/2017\/11\/Caramelchen2-21-Tage-300x262.jpg\" alt=\"\" width=\"300\" height=\"262\" srcset=\"https:\/\/collies-vom-floersbachtal.de\/cms\/wp-content\/uploads\/2017\/11\/Caramelchen2-21-Tage-300x262.jpg 300w, https:\/\/collies-vom-floersbachtal.de\/cms\/wp-content\/uploads\/2017\/11\/Caramelchen2-21-Tage.jpg 1000w\" sizes=\"auto, (max-width: 300px) 100vw, 300px\" \/><\/a><\/p>\n<p><strong>\u00a05. Woche 2330 g\u00a0<a href=\"http:\/\/collies-vom-floersbachtal.de\/cms\/wp-content\/uploads\/2017\/11\/Caramelchen5-23-Tage-Innenspielplatz-bearbeitet.jpg\"><img loading=\"lazy\" decoding=\"async\" class=\"aligncenter size-medium wp-image-21092\" title=\"Caramelchen5 23 Tage Innenspielplatz bearbeitet\" src=\"http:\/\/collies-vom-floersbachtal.de\/cms\/wp-content\/uploads\/2017\/11\/Caramelchen5-23-Tage-Innenspielplatz-bearbeitet-300x210.jpg\" alt=\"\" width=\"300\" height=\"210\" srcset=\"https:\/\/collies-vom-floersbachtal.de\/cms\/wp-content\/uploads\/2017\/11\/Caramelchen5-23-Tage-Innenspielplatz-bearbeitet-300x210.jpg 300w, https:\/\/collies-vom-floersbachtal.de\/cms\/wp-content\/uploads\/2017\/11\/Caramelchen5-23-Tage-Innenspielplatz-bearbeitet.jpg 656w\" sizes=\"auto, (max-width: 300px) 100vw, 300px\" \/><\/a><\/strong><\/p>\n<p><strong>6. Woche\u00a0 \u00a0 2890 g\u00a0 \u00a0 \u00a0 \u00a0 \u00a0 \u00a0 \u00a0 \u00a0<\/strong><\/p>\n<p><strong><a href=\"http:\/\/collies-vom-floersbachtal.de\/cms\/wp-content\/uploads\/2017\/11\/Caramelchen1-35-Tage-6.Woche_.jpg\"><img loading=\"lazy\" decoding=\"async\" class=\"aligncenter size-medium wp-image-21228\" title=\"Caramelchen1 35 Tage 6.Woche\" src=\"http:\/\/collies-vom-floersbachtal.de\/cms\/wp-content\/uploads\/2017\/11\/Caramelchen1-35-Tage-6.Woche_-300x249.jpg\" alt=\"\" width=\"300\" height=\"249\" srcset=\"https:\/\/collies-vom-floersbachtal.de\/cms\/wp-content\/uploads\/2017\/11\/Caramelchen1-35-Tage-6.Woche_-300x249.jpg 300w, https:\/\/collies-vom-floersbachtal.de\/cms\/wp-content\/uploads\/2017\/11\/Caramelchen1-35-Tage-6.Woche_.jpg 350w\" sizes=\"auto, (max-width: 300px) 100vw, 300px\" \/><\/a><\/strong><\/p>\n<p><span style=\"color: #000000;\"><strong>\u00a07. Woche 3560 g\u00a0 \u00a0\u00a0<a href=\"http:\/\/collies-vom-floersbachtal.de\/cms\/wp-content\/uploads\/2017\/11\/Caramelchen2-42-Tage-7.Woche_1.jpg\"><img loading=\"lazy\" decoding=\"async\" class=\"aligncenter size-medium wp-image-21354\" title=\"Caramelchen2 42 Tage 7.Woche\" src=\"http:\/\/collies-vom-floersbachtal.de\/cms\/wp-content\/uploads\/2017\/11\/Caramelchen2-42-Tage-7.Woche_1-240x300.jpg\" alt=\"\" width=\"240\" height=\"300\" srcset=\"https:\/\/collies-vom-floersbachtal.de\/cms\/wp-content\/uploads\/2017\/11\/Caramelchen2-42-Tage-7.Woche_1-240x300.jpg 240w, https:\/\/collies-vom-floersbachtal.de\/cms\/wp-content\/uploads\/2017\/11\/Caramelchen2-42-Tage-7.Woche_1-819x1024.jpg 819w, https:\/\/collies-vom-floersbachtal.de\/cms\/wp-content\/uploads\/2017\/11\/Caramelchen2-42-Tage-7.Woche_1.jpg 1000w\" sizes=\"auto, (max-width: 240px) 100vw, 240px\" \/><\/a><\/strong><\/span><\/p>\n<p><strong>8. Woche 4550 g\u00a0 \u00a0<a href=\"http:\/\/collies-vom-floersbachtal.de\/cms\/wp-content\/uploads\/2017\/11\/Caramelchen3-49-Tage-8.Woche_.jpg\"><img loading=\"lazy\" decoding=\"async\" class=\"aligncenter size-medium wp-image-21451\" title=\"Caramelchen3 49 Tage 8.Woche\" src=\"http:\/\/collies-vom-floersbachtal.de\/cms\/wp-content\/uploads\/2017\/11\/Caramelchen3-49-Tage-8.Woche_-300x195.jpg\" alt=\"\" width=\"300\" height=\"195\" srcset=\"https:\/\/collies-vom-floersbachtal.de\/cms\/wp-content\/uploads\/2017\/11\/Caramelchen3-49-Tage-8.Woche_-300x195.jpg 300w, https:\/\/collies-vom-floersbachtal.de\/cms\/wp-content\/uploads\/2017\/11\/Caramelchen3-49-Tage-8.Woche_.jpg 1000w\" sizes=\"auto, (max-width: 300px) 100vw, 300px\" \/><\/a><\/strong><\/p>\n<p><strong>9. Woche\u00a0 5970 g\u00a0<a href=\"http:\/\/collies-vom-floersbachtal.de\/cms\/wp-content\/uploads\/2017\/11\/Caramelchen2-57-Tage-9.Woche_.jpg\"><img loading=\"lazy\" decoding=\"async\" class=\"aligncenter size-medium wp-image-21617\" title=\"Caramelchen2  57 Tage 9.Woche\" src=\"http:\/\/collies-vom-floersbachtal.de\/cms\/wp-content\/uploads\/2017\/11\/Caramelchen2-57-Tage-9.Woche_-300x300.jpg\" alt=\"\" width=\"300\" height=\"300\" srcset=\"https:\/\/collies-vom-floersbachtal.de\/cms\/wp-content\/uploads\/2017\/11\/Caramelchen2-57-Tage-9.Woche_-300x300.jpg 300w, https:\/\/collies-vom-floersbachtal.de\/cms\/wp-content\/uploads\/2017\/11\/Caramelchen2-57-Tage-9.Woche_-150x150.jpg 150w, https:\/\/collies-vom-floersbachtal.de\/cms\/wp-content\/uploads\/2017\/11\/Caramelchen2-57-Tage-9.Woche_.jpg 1000w\" sizes=\"auto, (max-width: 300px) 100vw, 300px\" \/><\/a><\/strong><\/p>\n<p><strong>10.Woche 5950 g\u00a0<\/strong> <a href=\"http:\/\/collies-vom-floersbachtal.de\/cms\/wp-content\/uploads\/2017\/11\/Caramelchen2-60-Tage.jpg\"><img loading=\"lazy\" decoding=\"async\" class=\"aligncenter size-medium wp-image-21848\" title=\"Caramelchen2 60 Tage\" src=\"http:\/\/collies-vom-floersbachtal.de\/cms\/wp-content\/uploads\/2017\/11\/Caramelchen2-60-Tage-300x222.jpg\" alt=\"\" width=\"300\" height=\"222\" srcset=\"https:\/\/collies-vom-floersbachtal.de\/cms\/wp-content\/uploads\/2017\/11\/Caramelchen2-60-Tage-300x222.jpg 300w, https:\/\/collies-vom-floersbachtal.de\/cms\/wp-content\/uploads\/2017\/11\/Caramelchen2-60-Tage.jpg 1000w\" sizes=\"auto, (max-width: 300px) 100vw, 300px\" \/><\/a><\/p>\n<p><strong><span style=\"color: #ff0000;\">Nr. 5\u00a0 \u00a0Fantastic Imana \u00a0<\/span><\/strong><span style=\"color: #ff0000;\"><span style=\"color: #000000;\"> (Wurde im Auto geboren) <\/span><\/span><\/p>\n<p><span style=\"color: #ff0000;\"><span style=\"color: #000000;\"><strong><span style=\"color: #ff0000;\">Vergeben<\/span><\/strong>\u00a0 \u00a0Hat ihre Familie gefunden und zieht nach Unterfranken\/Oberschwappach \ud83d\ude00<\/span><\/span><\/p>\n<p><strong><strong>5. Welpe 17:05 Uhr, H\u00fcndin tricolor, 2 kleine Striche auf dem Gesicht und ein Stern im Nacken, durchgehenden Kragen,<\/strong><strong>\u00a0<\/strong><\/strong><\/p>\n<p><strong><strong><strong><strong>MDR1 +\/+,\u00a0 \u00a0 \u00a0 \u00a0 \u00a0CEA +\/+, oder +\/-,\u00a0<strong>\u00a0 \u00a0 \u00a0 \u00a0 DM\u00a0 N\/N,\u00a0 \u00a0 \u00a0 GCS\u00a0 N\/N,\u00a0 \u00a0 \u00a0 \u00a0 PRA\u00a0 N\/N, DMS\u00a0 Aa bb.<\/strong><\/strong><\/strong><\/strong><\/strong><\/p>\n<p><strong><strong>\u00a0<strong>1.Woche\u00a0\u00a0<strong>350 g<\/strong><\/strong><\/strong><\/strong><\/p>\n<p><strong><strong><a href=\"http:\/\/collies-vom-floersbachtal.de\/cms\/wp-content\/uploads\/2017\/11\/F-chens-f\u00fcnftgeborene-im-Auto-trico-1.jpg\"><br \/>\n<img loading=\"lazy\" decoding=\"async\" class=\"aligncenter size-medium wp-image-20547\" title=\"F-chens f\u00fcnftgeborene (im Auto) trico 1\" src=\"http:\/\/collies-vom-floersbachtal.de\/cms\/wp-content\/uploads\/2017\/11\/F-chens-f\u00fcnftgeborene-im-Auto-trico-1-243x300.jpg\" alt=\"\" width=\"243\" height=\"300\" srcset=\"https:\/\/collies-vom-floersbachtal.de\/cms\/wp-content\/uploads\/2017\/11\/F-chens-f\u00fcnftgeborene-im-Auto-trico-1-243x300.jpg 243w, https:\/\/collies-vom-floersbachtal.de\/cms\/wp-content\/uploads\/2017\/11\/F-chens-f\u00fcnftgeborene-im-Auto-trico-1-830x1024.jpg 830w, https:\/\/collies-vom-floersbachtal.de\/cms\/wp-content\/uploads\/2017\/11\/F-chens-f\u00fcnftgeborene-im-Auto-trico-1.jpg 1000w\" sizes=\"auto, (max-width: 243px) 100vw, 243px\" \/><\/a><\/strong><\/strong><\/p>\n<p><strong>2.Woche\u00a0 \u00a0650g<\/strong><\/p>\n<p><strong><a href=\"http:\/\/collies-vom-floersbachtal.de\/cms\/wp-content\/uploads\/2017\/11\/Imana1-2.Woche_1.jpg\"><img loading=\"lazy\" decoding=\"async\" class=\"aligncenter size-medium wp-image-20659\" title=\"Imana1  2.Woche\" src=\"http:\/\/collies-vom-floersbachtal.de\/cms\/wp-content\/uploads\/2017\/11\/Imana1-2.Woche_1-300x217.jpg\" alt=\"\" width=\"300\" height=\"217\" srcset=\"https:\/\/collies-vom-floersbachtal.de\/cms\/wp-content\/uploads\/2017\/11\/Imana1-2.Woche_1-300x217.jpg 300w, https:\/\/collies-vom-floersbachtal.de\/cms\/wp-content\/uploads\/2017\/11\/Imana1-2.Woche_1.jpg 1000w\" sizes=\"auto, (max-width: 300px) 100vw, 300px\" \/><\/a><\/strong><\/p>\n<p><strong>\u00a03.Woche\u00a0 910 g\u00a0<a href=\"http:\/\/collies-vom-floersbachtal.de\/cms\/wp-content\/uploads\/2017\/11\/Imana2-14-Tage-alt.jpg\"><img loading=\"lazy\" decoding=\"async\" class=\"aligncenter size-medium wp-image-20778\" title=\"Imana2 14 Tage alt\" src=\"http:\/\/collies-vom-floersbachtal.de\/cms\/wp-content\/uploads\/2017\/11\/Imana2-14-Tage-alt-300x171.jpg\" alt=\"\" width=\"300\" height=\"171\" srcset=\"https:\/\/collies-vom-floersbachtal.de\/cms\/wp-content\/uploads\/2017\/11\/Imana2-14-Tage-alt-300x171.jpg 300w, https:\/\/collies-vom-floersbachtal.de\/cms\/wp-content\/uploads\/2017\/11\/Imana2-14-Tage-alt.jpg 1000w\" sizes=\"auto, (max-width: 300px) 100vw, 300px\" \/><\/a><\/strong><\/p>\n<p><strong>\u00a04. Woche 1530 g\u00a0<a href=\"http:\/\/collies-vom-floersbachtal.de\/cms\/wp-content\/uploads\/2017\/11\/Imana1-21-Tage.jpg\"><img loading=\"lazy\" decoding=\"async\" class=\"aligncenter size-medium wp-image-20933\" title=\"Imana1 21 Tage\" src=\"http:\/\/collies-vom-floersbachtal.de\/cms\/wp-content\/uploads\/2017\/11\/Imana1-21-Tage-300x256.jpg\" alt=\"\" width=\"300\" height=\"256\" srcset=\"https:\/\/collies-vom-floersbachtal.de\/cms\/wp-content\/uploads\/2017\/11\/Imana1-21-Tage-300x256.jpg 300w, https:\/\/collies-vom-floersbachtal.de\/cms\/wp-content\/uploads\/2017\/11\/Imana1-21-Tage.jpg 1000w\" sizes=\"auto, (max-width: 300px) 100vw, 300px\" \/><\/a><\/strong><\/p>\n<p><strong>5. Woche 2220 g\u00a0<\/strong><\/p>\n<p><strong><a href=\"http:\/\/collies-vom-floersbachtal.de\/cms\/wp-content\/uploads\/2017\/11\/Imana3-27-Tage-alt.jpg\"><img loading=\"lazy\" decoding=\"async\" class=\"aligncenter size-medium wp-image-21093\" title=\"Imana3 27 Tage alt\" src=\"http:\/\/collies-vom-floersbachtal.de\/cms\/wp-content\/uploads\/2017\/11\/Imana3-27-Tage-alt-213x300.jpg\" alt=\"\" width=\"213\" height=\"300\" srcset=\"https:\/\/collies-vom-floersbachtal.de\/cms\/wp-content\/uploads\/2017\/11\/Imana3-27-Tage-alt-213x300.jpg 213w, https:\/\/collies-vom-floersbachtal.de\/cms\/wp-content\/uploads\/2017\/11\/Imana3-27-Tage-alt-730x1024.jpg 730w, https:\/\/collies-vom-floersbachtal.de\/cms\/wp-content\/uploads\/2017\/11\/Imana3-27-Tage-alt.jpg 1000w\" sizes=\"auto, (max-width: 213px) 100vw, 213px\" \/><\/a><\/strong><\/p>\n<p><strong>6. Woche\u00a0 \u00a0 \u00a02830 g\u00a0 \u00a0 \u00a0 \u00a0 \u00a0 \u00a0 \u00a0 \u00a0 \u00a0 \u00a0 \u00a0 \u00a0 \u00a0\u00a0<\/strong><\/p>\n<p><strong><a href=\"http:\/\/collies-vom-floersbachtal.de\/cms\/wp-content\/uploads\/2017\/11\/Imana3-35-Tage-6.Woche_.jpg\"><img loading=\"lazy\" decoding=\"async\" class=\"aligncenter size-medium wp-image-21229\" title=\"Imana3 35 Tage 6.Woche\" src=\"http:\/\/collies-vom-floersbachtal.de\/cms\/wp-content\/uploads\/2017\/11\/Imana3-35-Tage-6.Woche_-300x258.jpg\" alt=\"\" width=\"300\" height=\"258\" srcset=\"https:\/\/collies-vom-floersbachtal.de\/cms\/wp-content\/uploads\/2017\/11\/Imana3-35-Tage-6.Woche_-300x258.jpg 300w, https:\/\/collies-vom-floersbachtal.de\/cms\/wp-content\/uploads\/2017\/11\/Imana3-35-Tage-6.Woche_.jpg 1000w\" sizes=\"auto, (max-width: 300px) 100vw, 300px\" \/><\/a><\/strong><\/p>\n<p><strong>\u00a07. Woche\u00a0 3520 g\u00a0\u00a0<a href=\"http:\/\/collies-vom-floersbachtal.de\/cms\/wp-content\/uploads\/2017\/11\/Imana1-42-Tage-alt-7.Woche_.jpg\"><img loading=\"lazy\" decoding=\"async\" class=\"aligncenter size-medium wp-image-21355\" title=\"Imana1  42 Tage alt 7.Woche\" src=\"http:\/\/collies-vom-floersbachtal.de\/cms\/wp-content\/uploads\/2017\/11\/Imana1-42-Tage-alt-7.Woche_-200x300.jpg\" alt=\"\" width=\"200\" height=\"300\" srcset=\"https:\/\/collies-vom-floersbachtal.de\/cms\/wp-content\/uploads\/2017\/11\/Imana1-42-Tage-alt-7.Woche_-200x300.jpg 200w, https:\/\/collies-vom-floersbachtal.de\/cms\/wp-content\/uploads\/2017\/11\/Imana1-42-Tage-alt-7.Woche_-682x1024.jpg 682w, https:\/\/collies-vom-floersbachtal.de\/cms\/wp-content\/uploads\/2017\/11\/Imana1-42-Tage-alt-7.Woche_.jpg 1000w\" sizes=\"auto, (max-width: 200px) 100vw, 200px\" \/><\/a><\/strong><\/p>\n<p><strong>8. Woche 4450 g\u00a0 \u00a0 \u00a0<a href=\"http:\/\/collies-vom-floersbachtal.de\/cms\/wp-content\/uploads\/2017\/11\/Imana1-49-Tage-8.Woche_.jpg\"><img loading=\"lazy\" decoding=\"async\" class=\"aligncenter size-medium wp-image-21452\" title=\"Imana1 49 Tage 8.Woche\" src=\"http:\/\/collies-vom-floersbachtal.de\/cms\/wp-content\/uploads\/2017\/11\/Imana1-49-Tage-8.Woche_-300x283.jpg\" alt=\"\" width=\"300\" height=\"283\" srcset=\"https:\/\/collies-vom-floersbachtal.de\/cms\/wp-content\/uploads\/2017\/11\/Imana1-49-Tage-8.Woche_-300x283.jpg 300w, https:\/\/collies-vom-floersbachtal.de\/cms\/wp-content\/uploads\/2017\/11\/Imana1-49-Tage-8.Woche_.jpg 1000w\" sizes=\"auto, (max-width: 300px) 100vw, 300px\" \/><\/a><\/strong><\/p>\n<p><strong>9. Woche\u00a0 5200 g\u00a0<\/strong><\/p>\n<p><strong><a href=\"http:\/\/collies-vom-floersbachtal.de\/cms\/wp-content\/uploads\/2017\/11\/Imana1-57-Tage-9.Woche_.jpg\"><img loading=\"lazy\" decoding=\"async\" class=\"aligncenter size-medium wp-image-21618\" title=\"Imana1 57 Tage 9.Woche\" src=\"http:\/\/collies-vom-floersbachtal.de\/cms\/wp-content\/uploads\/2017\/11\/Imana1-57-Tage-9.Woche_-300x255.jpg\" alt=\"\" width=\"300\" height=\"255\" srcset=\"https:\/\/collies-vom-floersbachtal.de\/cms\/wp-content\/uploads\/2017\/11\/Imana1-57-Tage-9.Woche_-300x255.jpg 300w, https:\/\/collies-vom-floersbachtal.de\/cms\/wp-content\/uploads\/2017\/11\/Imana1-57-Tage-9.Woche_.jpg 1000w\" sizes=\"auto, (max-width: 300px) 100vw, 300px\" \/><\/a><\/strong><\/p>\n<p><strong>10.Woche 5700 g\u00a0 \u00a0<\/strong><\/p>\n<p><strong><a href=\"http:\/\/collies-vom-floersbachtal.de\/cms\/wp-content\/uploads\/2017\/11\/Imana1-9-Wochen.jpg\"><img loading=\"lazy\" decoding=\"async\" class=\"aligncenter size-medium wp-image-21708\" title=\"Imana1 9 Wochen\" src=\"http:\/\/collies-vom-floersbachtal.de\/cms\/wp-content\/uploads\/2017\/11\/Imana1-9-Wochen-300x229.jpg\" alt=\"\" width=\"300\" height=\"229\" srcset=\"https:\/\/collies-vom-floersbachtal.de\/cms\/wp-content\/uploads\/2017\/11\/Imana1-9-Wochen-300x229.jpg 300w, https:\/\/collies-vom-floersbachtal.de\/cms\/wp-content\/uploads\/2017\/11\/Imana1-9-Wochen.jpg 1000w\" sizes=\"auto, (max-width: 300px) 100vw, 300px\" \/><\/a><\/strong><\/p>\n<p><strong><span style=\"color: #ff0000;\">Nr. 6\u00a0 \u00a0 Flying Chenoa\u00a0\u00a0<\/span><\/strong><span style=\"color: #ff0000;\"><span style=\"color: #000000;\"> (Kam uns im Garten geflogen) <\/span><\/span><\/p>\n<p><span style=\"color: #ff0000;\"><span style=\"color: #000000;\"><strong><span style=\"color: #ff0000;\">Vergeben\u00a0 und ausgezogen.\u00a0 \u00a0<\/span><\/strong>Sie zieht nach Belgien und bekommt eine trico Hundefreundin<\/span><\/span><\/p>\n<p><strong>6. Welpe 18:35 Uhr, H\u00fcndin dark-sable, Blesse, durchgehenden Kragen,\u00a0<\/strong><\/p>\n<p><strong><\/strong><strong><strong><strong>MDR1 +\/+,\u00a0 \u00a0 \u00a0 \u00a0 \u00a0 CEA +\/+, oder +\/-,\u00a0<strong>\u00a0 \u00a0 \u00a0 \u00a0DM\u00a0 N\/N,\u00a0 \u00a0 \u00a0 \u00a0GCS\u00a0 N\/N,\u00a0 \u00a0 \u00a0 \u00a0 PRA\u00a0 N\/N, DMS Aa bb.<\/strong><\/strong><\/strong>\u00a0<\/strong><\/p>\n<p><strong>1.Woche\u00a0\u00a0<strong>310 g<\/strong><\/strong><\/p>\n<p><strong><a href=\"http:\/\/collies-vom-floersbachtal.de\/cms\/wp-content\/uploads\/2017\/11\/F-chens-Sechstgeborene-dark-sable1.jpg\"> <img loading=\"lazy\" decoding=\"async\" class=\"aligncenter size-medium wp-image-20548\" title=\"F-chens Sechstgeborene dark-sable1\" src=\"http:\/\/collies-vom-floersbachtal.de\/cms\/wp-content\/uploads\/2017\/11\/F-chens-Sechstgeborene-dark-sable1-300x156.jpg\" alt=\"\" width=\"300\" height=\"156\" srcset=\"https:\/\/collies-vom-floersbachtal.de\/cms\/wp-content\/uploads\/2017\/11\/F-chens-Sechstgeborene-dark-sable1-300x156.jpg 300w, https:\/\/collies-vom-floersbachtal.de\/cms\/wp-content\/uploads\/2017\/11\/F-chens-Sechstgeborene-dark-sable1.jpg 1000w\" sizes=\"auto, (max-width: 300px) 100vw, 300px\" \/><\/a><\/strong><\/p>\n<p><strong>2.Woche\u00a0 550g<a href=\"http:\/\/collies-vom-floersbachtal.de\/cms\/wp-content\/uploads\/2017\/11\/Chenoa1-2.-Woche.jpg\"><img loading=\"lazy\" decoding=\"async\" class=\"aligncenter size-medium wp-image-20660\" title=\"Chenoa1  2. Woche\" src=\"http:\/\/collies-vom-floersbachtal.de\/cms\/wp-content\/uploads\/2017\/11\/Chenoa1-2.-Woche-300x228.jpg\" alt=\"\" width=\"300\" height=\"228\" srcset=\"https:\/\/collies-vom-floersbachtal.de\/cms\/wp-content\/uploads\/2017\/11\/Chenoa1-2.-Woche-300x228.jpg 300w, https:\/\/collies-vom-floersbachtal.de\/cms\/wp-content\/uploads\/2017\/11\/Chenoa1-2.-Woche.jpg 1000w\" sizes=\"auto, (max-width: 300px) 100vw, 300px\" \/><\/a><\/strong><\/p>\n<p><strong>3. Woche 800 g\u00a0<a href=\"http:\/\/collies-vom-floersbachtal.de\/cms\/wp-content\/uploads\/2017\/11\/Chenoa3-14-Tage-alt.jpg\"><img loading=\"lazy\" decoding=\"async\" class=\"aligncenter size-medium wp-image-20783\" title=\"Chenoa3 14 Tage alt\" src=\"http:\/\/collies-vom-floersbachtal.de\/cms\/wp-content\/uploads\/2017\/11\/Chenoa3-14-Tage-alt-300x194.jpg\" alt=\"\" width=\"300\" height=\"194\" srcset=\"https:\/\/collies-vom-floersbachtal.de\/cms\/wp-content\/uploads\/2017\/11\/Chenoa3-14-Tage-alt-300x194.jpg 300w, https:\/\/collies-vom-floersbachtal.de\/cms\/wp-content\/uploads\/2017\/11\/Chenoa3-14-Tage-alt.jpg 1000w\" sizes=\"auto, (max-width: 300px) 100vw, 300px\" \/><\/a><\/strong><\/p>\n<p><strong>4. Woche 1340 g\u00a0\u00a0<a href=\"http:\/\/collies-vom-floersbachtal.de\/cms\/wp-content\/uploads\/2017\/11\/Chenoa1-21-Tage.jpg\"><img loading=\"lazy\" decoding=\"async\" class=\"aligncenter size-medium wp-image-20934\" title=\"Chenoa1 21 Tage\" src=\"http:\/\/collies-vom-floersbachtal.de\/cms\/wp-content\/uploads\/2017\/11\/Chenoa1-21-Tage-300x229.jpg\" alt=\"\" width=\"300\" height=\"229\" srcset=\"https:\/\/collies-vom-floersbachtal.de\/cms\/wp-content\/uploads\/2017\/11\/Chenoa1-21-Tage-300x229.jpg 300w, https:\/\/collies-vom-floersbachtal.de\/cms\/wp-content\/uploads\/2017\/11\/Chenoa1-21-Tage.jpg 1000w\" sizes=\"auto, (max-width: 300px) 100vw, 300px\" \/><\/a><\/strong><\/p>\n<p><strong>5. Woche 2130 g\u00a0<a href=\"http:\/\/collies-vom-floersbachtal.de\/cms\/wp-content\/uploads\/2017\/11\/Chenoa-mit-Silke2-24-Tage-alt.jpg\"><img loading=\"lazy\" decoding=\"async\" class=\"aligncenter size-medium wp-image-21094\" title=\"Chenoa mit Silke2 24 Tage alt\" src=\"http:\/\/collies-vom-floersbachtal.de\/cms\/wp-content\/uploads\/2017\/11\/Chenoa-mit-Silke2-24-Tage-alt-300x275.jpg\" alt=\"\" width=\"300\" height=\"275\" srcset=\"https:\/\/collies-vom-floersbachtal.de\/cms\/wp-content\/uploads\/2017\/11\/Chenoa-mit-Silke2-24-Tage-alt-300x275.jpg 300w, https:\/\/collies-vom-floersbachtal.de\/cms\/wp-content\/uploads\/2017\/11\/Chenoa-mit-Silke2-24-Tage-alt.jpg 1000w\" sizes=\"auto, (max-width: 300px) 100vw, 300px\" \/><\/a><\/strong><\/p>\n<p><strong>6. Woche\u00a0 \u00a0 \u00a02650 g\u00a0 \u00a0 \u00a0 \u00a0 \u00a0 \u00a0 \u00a0\u00a0<a href=\"http:\/\/collies-vom-floersbachtal.de\/cms\/wp-content\/uploads\/2017\/11\/Chenoa1-32-Tage-alt-5.Woche_.jpg\"><img loading=\"lazy\" decoding=\"async\" class=\"aligncenter size-medium wp-image-21230\" title=\"Chenoa1 32 Tage alt 5.Woche\" src=\"http:\/\/collies-vom-floersbachtal.de\/cms\/wp-content\/uploads\/2017\/11\/Chenoa1-32-Tage-alt-5.Woche_-300x278.jpg\" alt=\"\" width=\"300\" height=\"278\" srcset=\"https:\/\/collies-vom-floersbachtal.de\/cms\/wp-content\/uploads\/2017\/11\/Chenoa1-32-Tage-alt-5.Woche_-300x278.jpg 300w, https:\/\/collies-vom-floersbachtal.de\/cms\/wp-content\/uploads\/2017\/11\/Chenoa1-32-Tage-alt-5.Woche_.jpg 1000w\" sizes=\"auto, (max-width: 300px) 100vw, 300px\" \/><\/a><\/strong><\/p>\n<p><strong>\u00a07. Woche\u00a0 3280 g\u00a0 \u00a0<a href=\"http:\/\/collies-vom-floersbachtal.de\/cms\/wp-content\/uploads\/2017\/11\/Chenoa1-42-Tage-7.Woche_.jpg\"><img loading=\"lazy\" decoding=\"async\" class=\"aligncenter size-medium wp-image-21356\" title=\"Chenoa1 42 Tage 7.Woche\" src=\"http:\/\/collies-vom-floersbachtal.de\/cms\/wp-content\/uploads\/2017\/11\/Chenoa1-42-Tage-7.Woche_-210x300.jpg\" alt=\"\" width=\"210\" height=\"300\" srcset=\"https:\/\/collies-vom-floersbachtal.de\/cms\/wp-content\/uploads\/2017\/11\/Chenoa1-42-Tage-7.Woche_-210x300.jpg 210w, https:\/\/collies-vom-floersbachtal.de\/cms\/wp-content\/uploads\/2017\/11\/Chenoa1-42-Tage-7.Woche_-720x1024.jpg 720w, https:\/\/collies-vom-floersbachtal.de\/cms\/wp-content\/uploads\/2017\/11\/Chenoa1-42-Tage-7.Woche_.jpg 1000w\" sizes=\"auto, (max-width: 210px) 100vw, 210px\" \/><\/a><\/strong><\/p>\n<p><strong>8. Woche 4110 g\u00a0 \u00a0<a href=\"http:\/\/collies-vom-floersbachtal.de\/cms\/wp-content\/uploads\/2017\/11\/Chenoa1.jpg\"><img loading=\"lazy\" decoding=\"async\" class=\"aligncenter size-medium wp-image-21715\" title=\"Chenoa1\" src=\"http:\/\/collies-vom-floersbachtal.de\/cms\/wp-content\/uploads\/2017\/11\/Chenoa1-300x181.jpg\" alt=\"\" width=\"300\" height=\"181\" srcset=\"https:\/\/collies-vom-floersbachtal.de\/cms\/wp-content\/uploads\/2017\/11\/Chenoa1-300x181.jpg 300w, https:\/\/collies-vom-floersbachtal.de\/cms\/wp-content\/uploads\/2017\/11\/Chenoa1.jpg 569w\" sizes=\"auto, (max-width: 300px) 100vw, 300px\" \/><\/a><br \/>\n<strong>\u00a09. Woche\u00a05080 g\u00a0<a href=\"http:\/\/collies-vom-floersbachtal.de\/cms\/wp-content\/uploads\/2017\/11\/Chenoa1-57-Tage-9.Woche_.jpg\"><img loading=\"lazy\" decoding=\"async\" class=\"aligncenter size-medium wp-image-21619\" title=\"Chenoa1 57 Tage 9.Woche\" src=\"http:\/\/collies-vom-floersbachtal.de\/cms\/wp-content\/uploads\/2017\/11\/Chenoa1-57-Tage-9.Woche_-277x300.jpg\" alt=\"\" width=\"277\" height=\"300\" srcset=\"https:\/\/collies-vom-floersbachtal.de\/cms\/wp-content\/uploads\/2017\/11\/Chenoa1-57-Tage-9.Woche_-277x300.jpg 277w, https:\/\/collies-vom-floersbachtal.de\/cms\/wp-content\/uploads\/2017\/11\/Chenoa1-57-Tage-9.Woche_-945x1024.jpg 945w, https:\/\/collies-vom-floersbachtal.de\/cms\/wp-content\/uploads\/2017\/11\/Chenoa1-57-Tage-9.Woche_.jpg 1000w\" sizes=\"auto, (max-width: 277px) 100vw, 277px\" \/><\/a>10.Woche 5720\u00a0\u00a0<a href=\"http:\/\/collies-vom-floersbachtal.de\/cms\/wp-content\/uploads\/2017\/11\/Chenoa2-57-Tage-9.Woche_.jpg\"><img loading=\"lazy\" decoding=\"async\" class=\"aligncenter size-medium wp-image-21709\" title=\"Chenoa2 57 Tage 9.Woche\" src=\"http:\/\/collies-vom-floersbachtal.de\/cms\/wp-content\/uploads\/2017\/11\/Chenoa2-57-Tage-9.Woche_-278x300.jpg\" alt=\"\" width=\"278\" height=\"300\" srcset=\"https:\/\/collies-vom-floersbachtal.de\/cms\/wp-content\/uploads\/2017\/11\/Chenoa2-57-Tage-9.Woche_-278x300.jpg 278w, https:\/\/collies-vom-floersbachtal.de\/cms\/wp-content\/uploads\/2017\/11\/Chenoa2-57-Tage-9.Woche_-949x1024.jpg 949w, https:\/\/collies-vom-floersbachtal.de\/cms\/wp-content\/uploads\/2017\/11\/Chenoa2-57-Tage-9.Woche_.jpg 1000w\" sizes=\"auto, (max-width: 278px) 100vw, 278px\" \/><\/a><\/strong><\/strong><\/p>\n<p><strong>Alle zusammen m\u00fcde und satt nach ihrer 1. Welpenmilch mit Tatar.:-D<a href=\"http:\/\/collies-vom-floersbachtal.de\/cms\/wp-content\/uploads\/2017\/11\/Alle-m\u00fcde-und-satt1-21-Tage.jpg\"><img loading=\"lazy\" decoding=\"async\" class=\"aligncenter size-full wp-image-20935\" title=\"Alle m\u00fcde und satt1 21 Tage\" src=\"http:\/\/collies-vom-floersbachtal.de\/cms\/wp-content\/uploads\/2017\/11\/Alle-m\u00fcde-und-satt1-21-Tage.jpg\" alt=\"\" width=\"1000\" height=\"606\" srcset=\"https:\/\/collies-vom-floersbachtal.de\/cms\/wp-content\/uploads\/2017\/11\/Alle-m\u00fcde-und-satt1-21-Tage.jpg 1000w, https:\/\/collies-vom-floersbachtal.de\/cms\/wp-content\/uploads\/2017\/11\/Alle-m\u00fcde-und-satt1-21-Tage-300x181.jpg 300w\" sizes=\"auto, (max-width: 1000px) 100vw, 1000px\" \/> 1 Woche <\/a><a href=\"http:\/\/collies-vom-floersbachtal.de\/cms\/wp-content\/uploads\/2017\/11\/Alle6-nach-den-Gentests1-am-22.01.18.jpg\"><img loading=\"lazy\" decoding=\"async\" class=\"aligncenter size-full wp-image-21164\" title=\"Alle6 nach den Gentests1 am 22.01.18\" src=\"http:\/\/collies-vom-floersbachtal.de\/cms\/wp-content\/uploads\/2017\/11\/Alle6-nach-den-Gentests1-am-22.01.18.jpg\" alt=\"\" width=\"1000\" height=\"537\" srcset=\"https:\/\/collies-vom-floersbachtal.de\/cms\/wp-content\/uploads\/2017\/11\/Alle6-nach-den-Gentests1-am-22.01.18.jpg 1000w, https:\/\/collies-vom-floersbachtal.de\/cms\/wp-content\/uploads\/2017\/11\/Alle6-nach-den-Gentests1-am-22.01.18-300x161.jpg 300w\" sizes=\"auto, (max-width: 1000px) 100vw, 1000px\" \/><\/a> 2. Woche<\/strong><\/p>\n<p><a href=\"http:\/\/collies-vom-floersbachtal.de\/cms\/wp-content\/uploads\/2017\/11\/Alle1-Brei-20-Tage-alt.jpg\"><img loading=\"lazy\" decoding=\"async\" class=\"aligncenter size-full wp-image-21163\" title=\"Alle1 Brei 20 Tage alt\" src=\"http:\/\/collies-vom-floersbachtal.de\/cms\/wp-content\/uploads\/2017\/11\/Alle1-Brei-20-Tage-alt.jpg\" alt=\"\" width=\"1000\" height=\"1130\" srcset=\"https:\/\/collies-vom-floersbachtal.de\/cms\/wp-content\/uploads\/2017\/11\/Alle1-Brei-20-Tage-alt.jpg 1000w, https:\/\/collies-vom-floersbachtal.de\/cms\/wp-content\/uploads\/2017\/11\/Alle1-Brei-20-Tage-alt-265x300.jpg 265w, https:\/\/collies-vom-floersbachtal.de\/cms\/wp-content\/uploads\/2017\/11\/Alle1-Brei-20-Tage-alt-906x1024.jpg 906w\" sizes=\"auto, (max-width: 1000px) 100vw, 1000px\" \/><\/a> 3. Woche<\/p>\n<p><a href=\"http:\/\/collies-vom-floersbachtal.de\/cms\/wp-content\/uploads\/2017\/11\/Alle1-mit-23-Tagen-4.Woche_.jpg\"><img loading=\"lazy\" decoding=\"async\" class=\"aligncenter size-full wp-image-21165\" title=\"Alle1 mit 23 Tagen 4.Woche\" src=\"http:\/\/collies-vom-floersbachtal.de\/cms\/wp-content\/uploads\/2017\/11\/Alle1-mit-23-Tagen-4.Woche_.jpg\" alt=\"\" width=\"3401\" height=\"1391\" srcset=\"https:\/\/collies-vom-floersbachtal.de\/cms\/wp-content\/uploads\/2017\/11\/Alle1-mit-23-Tagen-4.Woche_.jpg 3401w, https:\/\/collies-vom-floersbachtal.de\/cms\/wp-content\/uploads\/2017\/11\/Alle1-mit-23-Tagen-4.Woche_-300x122.jpg 300w, https:\/\/collies-vom-floersbachtal.de\/cms\/wp-content\/uploads\/2017\/11\/Alle1-mit-23-Tagen-4.Woche_-1024x418.jpg 1024w\" sizes=\"auto, (max-width: 3401px) 100vw, 3401px\" \/><\/a>4.Woche<\/p>\n<p><a href=\"http:\/\/collies-vom-floersbachtal.de\/cms\/wp-content\/uploads\/2017\/11\/ImanaFibyLeandra-Chenoa1-5.-Woche.jpg\"><img loading=\"lazy\" decoding=\"async\" class=\"aligncenter size-full wp-image-21166\" title=\"Imana,Fiby,Leandra &amp; Chenoa1 5. Woche\" src=\"http:\/\/collies-vom-floersbachtal.de\/cms\/wp-content\/uploads\/2017\/11\/ImanaFibyLeandra-Chenoa1-5.-Woche.jpg\" alt=\"\" width=\"1000\" height=\"447\" srcset=\"https:\/\/collies-vom-floersbachtal.de\/cms\/wp-content\/uploads\/2017\/11\/ImanaFibyLeandra-Chenoa1-5.-Woche.jpg 1000w, https:\/\/collies-vom-floersbachtal.de\/cms\/wp-content\/uploads\/2017\/11\/ImanaFibyLeandra-Chenoa1-5.-Woche-300x134.jpg 300w\" sizes=\"auto, (max-width: 1000px) 100vw, 1000px\" \/><\/a>5.Woche<\/p>\n<p><a href=\"http:\/\/collies-vom-floersbachtal.de\/cms\/wp-content\/uploads\/2017\/11\/F-chens2-35-Tage-6.Woche_.jpg\"><img loading=\"lazy\" decoding=\"async\" class=\"aligncenter size-full wp-image-21231\" title=\"F-chens2 35 Tage 6.Woche\" src=\"http:\/\/collies-vom-floersbachtal.de\/cms\/wp-content\/uploads\/2017\/11\/F-chens2-35-Tage-6.Woche_.jpg\" alt=\"\" width=\"1000\" height=\"606\" srcset=\"https:\/\/collies-vom-floersbachtal.de\/cms\/wp-content\/uploads\/2017\/11\/F-chens2-35-Tage-6.Woche_.jpg 1000w, https:\/\/collies-vom-floersbachtal.de\/cms\/wp-content\/uploads\/2017\/11\/F-chens2-35-Tage-6.Woche_-300x181.jpg 300w\" sizes=\"auto, (max-width: 1000px) 100vw, 1000px\" \/><\/a>6.Woche<\/p>\n<p><a href=\"http:\/\/collies-vom-floersbachtal.de\/cms\/wp-content\/uploads\/2017\/11\/4-F-chen-2-40-tage-6.Woche_.jpg\"><img loading=\"lazy\" decoding=\"async\" class=\"aligncenter size-full wp-image-21357\" title=\"4 F-chen 2 40 tage 6.Woche\" src=\"http:\/\/collies-vom-floersbachtal.de\/cms\/wp-content\/uploads\/2017\/11\/4-F-chen-2-40-tage-6.Woche_.jpg\" alt=\"\" width=\"1000\" height=\"586\" srcset=\"https:\/\/collies-vom-floersbachtal.de\/cms\/wp-content\/uploads\/2017\/11\/4-F-chen-2-40-tage-6.Woche_.jpg 1000w, https:\/\/collies-vom-floersbachtal.de\/cms\/wp-content\/uploads\/2017\/11\/4-F-chen-2-40-tage-6.Woche_-300x175.jpg 300w\" sizes=\"auto, (max-width: 1000px) 100vw, 1000px\" \/><\/a>7. Woche<\/p>\n<p><a href=\"http:\/\/collies-vom-floersbachtal.de\/cms\/wp-content\/uploads\/2017\/11\/H\u00e4hnchenh\u00e4lse3.jpg\"><img loading=\"lazy\" decoding=\"async\" class=\"aligncenter size-full wp-image-21454\" title=\"H\u00e4hnchenh\u00e4lse3\" src=\"http:\/\/collies-vom-floersbachtal.de\/cms\/wp-content\/uploads\/2017\/11\/H\u00e4hnchenh\u00e4lse3.jpg\" alt=\"\" width=\"1000\" height=\"1500\" srcset=\"https:\/\/collies-vom-floersbachtal.de\/cms\/wp-content\/uploads\/2017\/11\/H\u00e4hnchenh\u00e4lse3.jpg 1000w, https:\/\/collies-vom-floersbachtal.de\/cms\/wp-content\/uploads\/2017\/11\/H\u00e4hnchenh\u00e4lse3-200x300.jpg 200w, https:\/\/collies-vom-floersbachtal.de\/cms\/wp-content\/uploads\/2017\/11\/H\u00e4hnchenh\u00e4lse3-682x1024.jpg 682w\" sizes=\"auto, (max-width: 1000px) 100vw, 1000px\" \/><\/a>8.Woche<\/p>\n<p><a href=\"http:\/\/collies-vom-floersbachtal.de\/cms\/wp-content\/uploads\/2017\/11\/Alle3-Wurfkiste-52-Tage-8.Woche_2.jpg\"><img loading=\"lazy\" decoding=\"async\" class=\"aligncenter size-full wp-image-21612\" title=\"Alle3 Wurfkiste 52 Tage 8.Woche\" src=\"http:\/\/collies-vom-floersbachtal.de\/cms\/wp-content\/uploads\/2017\/11\/Alle3-Wurfkiste-52-Tage-8.Woche_2.jpg\" alt=\"\" width=\"1000\" height=\"315\" srcset=\"https:\/\/collies-vom-floersbachtal.de\/cms\/wp-content\/uploads\/2017\/11\/Alle3-Wurfkiste-52-Tage-8.Woche_2.jpg 1000w, https:\/\/collies-vom-floersbachtal.de\/cms\/wp-content\/uploads\/2017\/11\/Alle3-Wurfkiste-52-Tage-8.Woche_2-300x94.jpg 300w\" sizes=\"auto, (max-width: 1000px) 100vw, 1000px\" \/><\/a>9. Woche<\/p>\n<p>10.Woche\u00a0<a href=\"http:\/\/collies-vom-floersbachtal.de\/cms\/wp-content\/uploads\/2017\/11\/Terrasse-alle-au\u00dfer-Caramelchen1.jpg\"><img loading=\"lazy\" decoding=\"async\" class=\"aligncenter size-full wp-image-21710\" title=\"Terrasse alle au\u00dfer Caramelchen1\" src=\"http:\/\/collies-vom-floersbachtal.de\/cms\/wp-content\/uploads\/2017\/11\/Terrasse-alle-au\u00dfer-Caramelchen1.jpg\" alt=\"\" width=\"1000\" height=\"541\" srcset=\"https:\/\/collies-vom-floersbachtal.de\/cms\/wp-content\/uploads\/2017\/11\/Terrasse-alle-au\u00dfer-Caramelchen1.jpg 1000w, https:\/\/collies-vom-floersbachtal.de\/cms\/wp-content\/uploads\/2017\/11\/Terrasse-alle-au\u00dfer-Caramelchen1-300x162.jpg 300w\" sizes=\"auto, (max-width: 1000px) 100vw, 1000px\" \/><\/a><\/p>\n","protected":false},"excerpt":{"rendered":"<p>Na endlich, wir sind \u00fcbergl\u00fccklich euch unsere F-chens vorstellen zu k\u00f6nnen. \ud83d\ude00 Gelandet am 11.01.2018 21. Dezember bis 19. Januar Steinbock, ein heimlicher Chef\u00a0 Wenn ein Steinbock-Hund eines im Leben ha\u00dft, dann ist es Unterordnung. Von Ha\u00df kann man eigentlich &hellip; <a href=\"https:\/\/collies-vom-floersbachtal.de\/?page_id=20058\">Weiterlesen <span class=\"meta-nav\">&rarr;<\/span><\/a><\/p>\n","protected":false},"author":1,"featured_media":0,"parent":0,"menu_order":0,"comment_status":"open","ping_status":"open","template":"","meta":{"footnotes":""},"class_list":["post-20058","page","type-page","status-publish","hentry"],"_links":{"self":[{"href":"https:\/\/collies-vom-floersbachtal.de\/index.php?rest_route=\/wp\/v2\/pages\/20058","targetHints":{"allow":["GET"]}}],"collection":[{"href":"https:\/\/collies-vom-floersbachtal.de\/index.php?rest_route=\/wp\/v2\/pages"}],"about":[{"href":"https:\/\/collies-vom-floersbachtal.de\/index.php?rest_route=\/wp\/v2\/types\/page"}],"author":[{"embeddable":true,"href":"https:\/\/collies-vom-floersbachtal.de\/index.php?rest_route=\/wp\/v2\/users\/1"}],"replies":[{"embeddable":true,"href":"https:\/\/collies-vom-floersbachtal.de\/index.php?rest_route=%2Fwp%2Fv2%2Fcomments&post=20058"}],"version-history":[{"count":60,"href":"https:\/\/collies-vom-floersbachtal.de\/index.php?rest_route=\/wp\/v2\/pages\/20058\/revisions"}],"predecessor-version":[{"id":27985,"href":"https:\/\/collies-vom-floersbachtal.de\/index.php?rest_route=\/wp\/v2\/pages\/20058\/revisions\/27985"}],"wp:attachment":[{"href":"https:\/\/collies-vom-floersbachtal.de\/index.php?rest_route=%2Fwp%2Fv2%2Fmedia&parent=20058"}],"curies":[{"name":"wp","href":"https:\/\/api.w.org\/{rel}","templated":true}]}}