{"id":16705,"date":"2016-03-23T16:35:53","date_gmt":"2016-03-23T16:35:53","guid":{"rendered":"http:\/\/collies-vom-floersbachtal.de\/?page_id=16705"},"modified":"2026-04-17T12:49:42","modified_gmt":"2026-04-17T12:49:42","slug":"nachzucht-e-wurf-elly-elegance","status":"publish","type":"page","link":"https:\/\/collies-vom-floersbachtal.de\/?page_id=16705","title":{"rendered":"Nachzucht E &#8211; Wurf Elly Elegance"},"content":{"rendered":"\n<h1 class=\"wp-block-heading\"><strong>April News von Elly \ud83d\ude42 <\/strong><\/h1>\n\n\n\n<figure class=\"wp-block-image size-large is-style-rounded\"><a href=\"https:\/\/collies-vom-floersbachtal.de\/cms\/wp-content\/uploads\/2026\/04\/Elly1.jpg\"><img loading=\"lazy\" decoding=\"async\" width=\"1024\" height=\"750\" src=\"https:\/\/collies-vom-floersbachtal.de\/cms\/wp-content\/uploads\/2026\/04\/Elly1-1024x750.jpg\" alt=\"\" class=\"wp-image-55006\" srcset=\"https:\/\/collies-vom-floersbachtal.de\/cms\/wp-content\/uploads\/2026\/04\/Elly1-1024x750.jpg 1024w, https:\/\/collies-vom-floersbachtal.de\/cms\/wp-content\/uploads\/2026\/04\/Elly1-300x220.jpg 300w, https:\/\/collies-vom-floersbachtal.de\/cms\/wp-content\/uploads\/2026\/04\/Elly1-768x562.jpg 768w, https:\/\/collies-vom-floersbachtal.de\/cms\/wp-content\/uploads\/2026\/04\/Elly1.jpg 1071w\" sizes=\"auto, (max-width: 1024px) 100vw, 1024px\" \/><\/a><\/figure>\n\n\n\n<h1 class=\"wp-block-heading\"><strong>M\u00e4rz News von Elly und ihren Freundinnen \ud83d\ude42<\/strong><\/h1>\n\n\n\n<figure class=\"wp-block-gallery has-nested-images columns-default is-cropped wp-block-gallery-1 is-layout-flex wp-block-gallery-is-layout-flex\">\n<figure class=\"wp-block-image size-large\"><a href=\"https:\/\/collies-vom-floersbachtal.de\/cms\/wp-content\/uploads\/2026\/03\/Elly-Dina4.jpg\"><img loading=\"lazy\" decoding=\"async\" width=\"578\" height=\"738\" data-id=\"54801\" src=\"https:\/\/collies-vom-floersbachtal.de\/cms\/wp-content\/uploads\/2026\/03\/Elly-Dina4.jpg\" alt=\"\" class=\"wp-image-54801\" srcset=\"https:\/\/collies-vom-floersbachtal.de\/cms\/wp-content\/uploads\/2026\/03\/Elly-Dina4.jpg 578w, https:\/\/collies-vom-floersbachtal.de\/cms\/wp-content\/uploads\/2026\/03\/Elly-Dina4-235x300.jpg 235w\" sizes=\"auto, (max-width: 578px) 100vw, 578px\" \/><\/a><\/figure>\n\n\n\n<figure class=\"wp-block-image size-large\"><a href=\"https:\/\/collies-vom-floersbachtal.de\/cms\/wp-content\/uploads\/2026\/03\/Elly-Dina6.jpg\"><img loading=\"lazy\" decoding=\"async\" width=\"1024\" height=\"697\" data-id=\"54803\" src=\"https:\/\/collies-vom-floersbachtal.de\/cms\/wp-content\/uploads\/2026\/03\/Elly-Dina6-1024x697.jpg\" alt=\"\" class=\"wp-image-54803\" srcset=\"https:\/\/collies-vom-floersbachtal.de\/cms\/wp-content\/uploads\/2026\/03\/Elly-Dina6-1024x697.jpg 1024w, https:\/\/collies-vom-floersbachtal.de\/cms\/wp-content\/uploads\/2026\/03\/Elly-Dina6-300x204.jpg 300w, https:\/\/collies-vom-floersbachtal.de\/cms\/wp-content\/uploads\/2026\/03\/Elly-Dina6-768x523.jpg 768w, https:\/\/collies-vom-floersbachtal.de\/cms\/wp-content\/uploads\/2026\/03\/Elly-Dina6.jpg 1034w\" sizes=\"auto, (max-width: 1024px) 100vw, 1024px\" \/><\/a><\/figure>\n\n\n\n<figure class=\"wp-block-image size-large\"><a href=\"https:\/\/collies-vom-floersbachtal.de\/cms\/wp-content\/uploads\/2026\/03\/elly1.jpg\"><img loading=\"lazy\" decoding=\"async\" width=\"714\" height=\"760\" data-id=\"54802\" src=\"https:\/\/collies-vom-floersbachtal.de\/cms\/wp-content\/uploads\/2026\/03\/elly1.jpg\" alt=\"\" class=\"wp-image-54802\" srcset=\"https:\/\/collies-vom-floersbachtal.de\/cms\/wp-content\/uploads\/2026\/03\/elly1.jpg 714w, https:\/\/collies-vom-floersbachtal.de\/cms\/wp-content\/uploads\/2026\/03\/elly1-282x300.jpg 282w\" sizes=\"auto, (max-width: 714px) 100vw, 714px\" \/><\/a><\/figure>\n\n\n\n<figure class=\"wp-block-image size-large\"><a href=\"https:\/\/collies-vom-floersbachtal.de\/cms\/wp-content\/uploads\/2026\/03\/elly2.jpg\"><img loading=\"lazy\" decoding=\"async\" width=\"645\" height=\"595\" data-id=\"54800\" src=\"https:\/\/collies-vom-floersbachtal.de\/cms\/wp-content\/uploads\/2026\/03\/elly2.jpg\" alt=\"\" class=\"wp-image-54800\" srcset=\"https:\/\/collies-vom-floersbachtal.de\/cms\/wp-content\/uploads\/2026\/03\/elly2.jpg 645w, https:\/\/collies-vom-floersbachtal.de\/cms\/wp-content\/uploads\/2026\/03\/elly2-300x277.jpg 300w\" sizes=\"auto, (max-width: 645px) 100vw, 645px\" \/><\/a><\/figure>\n\n\n\n<figure class=\"wp-block-image size-large\"><a href=\"https:\/\/collies-vom-floersbachtal.de\/cms\/wp-content\/uploads\/2026\/03\/elly3.jpg\"><img loading=\"lazy\" decoding=\"async\" width=\"543\" height=\"728\" data-id=\"54799\" src=\"https:\/\/collies-vom-floersbachtal.de\/cms\/wp-content\/uploads\/2026\/03\/elly3.jpg\" alt=\"\" class=\"wp-image-54799\" srcset=\"https:\/\/collies-vom-floersbachtal.de\/cms\/wp-content\/uploads\/2026\/03\/elly3.jpg 543w, https:\/\/collies-vom-floersbachtal.de\/cms\/wp-content\/uploads\/2026\/03\/elly3-224x300.jpg 224w\" sizes=\"auto, (max-width: 543px) 100vw, 543px\" \/><\/a><\/figure>\n<\/figure>\n\n\n\n<figure class=\"wp-block-gallery has-nested-images columns-default is-cropped wp-block-gallery-2 is-layout-flex wp-block-gallery-is-layout-flex\">\n<figure class=\"wp-block-image size-large\"><a href=\"https:\/\/collies-vom-floersbachtal.de\/cms\/wp-content\/uploads\/2026\/03\/Elly-Dina2-Kopie.jpg\"><img loading=\"lazy\" decoding=\"async\" width=\"707\" height=\"625\" data-id=\"54797\" src=\"https:\/\/collies-vom-floersbachtal.de\/cms\/wp-content\/uploads\/2026\/03\/Elly-Dina2-Kopie.jpg\" alt=\"\" class=\"wp-image-54797\" srcset=\"https:\/\/collies-vom-floersbachtal.de\/cms\/wp-content\/uploads\/2026\/03\/Elly-Dina2-Kopie.jpg 707w, https:\/\/collies-vom-floersbachtal.de\/cms\/wp-content\/uploads\/2026\/03\/Elly-Dina2-Kopie-300x265.jpg 300w\" sizes=\"auto, (max-width: 707px) 100vw, 707px\" \/><\/a><\/figure>\n\n\n\n<figure class=\"wp-block-image size-large\"><a href=\"https:\/\/collies-vom-floersbachtal.de\/cms\/wp-content\/uploads\/2026\/03\/Elly-Dina3-Kopie.jpg\"><img loading=\"lazy\" decoding=\"async\" width=\"1024\" height=\"634\" data-id=\"54796\" src=\"https:\/\/collies-vom-floersbachtal.de\/cms\/wp-content\/uploads\/2026\/03\/Elly-Dina3-Kopie-1024x634.jpg\" alt=\"\" class=\"wp-image-54796\" srcset=\"https:\/\/collies-vom-floersbachtal.de\/cms\/wp-content\/uploads\/2026\/03\/Elly-Dina3-Kopie-1024x634.jpg 1024w, https:\/\/collies-vom-floersbachtal.de\/cms\/wp-content\/uploads\/2026\/03\/Elly-Dina3-Kopie-300x186.jpg 300w, https:\/\/collies-vom-floersbachtal.de\/cms\/wp-content\/uploads\/2026\/03\/Elly-Dina3-Kopie-768x476.jpg 768w, https:\/\/collies-vom-floersbachtal.de\/cms\/wp-content\/uploads\/2026\/03\/Elly-Dina3-Kopie.jpg 1080w\" sizes=\"auto, (max-width: 1024px) 100vw, 1024px\" \/><\/a><\/figure>\n\n\n\n<figure class=\"wp-block-image size-large\"><a href=\"https:\/\/collies-vom-floersbachtal.de\/cms\/wp-content\/uploads\/2026\/03\/Elly-Dina4-Kopie.jpg\"><img loading=\"lazy\" decoding=\"async\" width=\"578\" height=\"738\" data-id=\"54795\" src=\"https:\/\/collies-vom-floersbachtal.de\/cms\/wp-content\/uploads\/2026\/03\/Elly-Dina4-Kopie.jpg\" alt=\"\" class=\"wp-image-54795\" srcset=\"https:\/\/collies-vom-floersbachtal.de\/cms\/wp-content\/uploads\/2026\/03\/Elly-Dina4-Kopie.jpg 578w, https:\/\/collies-vom-floersbachtal.de\/cms\/wp-content\/uploads\/2026\/03\/Elly-Dina4-Kopie-235x300.jpg 235w\" sizes=\"auto, (max-width: 578px) 100vw, 578px\" \/><\/a><\/figure>\n\n\n\n<figure class=\"wp-block-image size-large\"><a href=\"https:\/\/collies-vom-floersbachtal.de\/cms\/wp-content\/uploads\/2026\/03\/Elly-Dina1-Kopie.jpg\"><img loading=\"lazy\" decoding=\"async\" width=\"740\" height=\"627\" data-id=\"54798\" src=\"https:\/\/collies-vom-floersbachtal.de\/cms\/wp-content\/uploads\/2026\/03\/Elly-Dina1-Kopie.jpg\" alt=\"\" class=\"wp-image-54798\" srcset=\"https:\/\/collies-vom-floersbachtal.de\/cms\/wp-content\/uploads\/2026\/03\/Elly-Dina1-Kopie.jpg 740w, https:\/\/collies-vom-floersbachtal.de\/cms\/wp-content\/uploads\/2026\/03\/Elly-Dina1-Kopie-300x254.jpg 300w\" sizes=\"auto, (max-width: 740px) 100vw, 740px\" \/><\/a><\/figure>\n<\/figure>\n\n\n\n<h1 class=\"wp-block-heading\"><strong>Februar News von Elly \ud83d\ude42<\/strong><\/h1>\n\n\n\n<figure class=\"wp-block-image size-full is-style-rounded\"><a href=\"https:\/\/collies-vom-floersbachtal.de\/cms\/wp-content\/uploads\/2026\/02\/Elly1-1.jpg\"><img loading=\"lazy\" decoding=\"async\" width=\"445\" height=\"642\" src=\"https:\/\/collies-vom-floersbachtal.de\/cms\/wp-content\/uploads\/2026\/02\/Elly1-1.jpg\" alt=\"\" class=\"wp-image-54440\" srcset=\"https:\/\/collies-vom-floersbachtal.de\/cms\/wp-content\/uploads\/2026\/02\/Elly1-1.jpg 445w, https:\/\/collies-vom-floersbachtal.de\/cms\/wp-content\/uploads\/2026\/02\/Elly1-1-208x300.jpg 208w\" sizes=\"auto, (max-width: 445px) 100vw, 445px\" \/><\/a><\/figure>\n\n\n\n<h1 class=\"wp-block-heading\"><strong>Januar 2026 News von Elly \ud83d\ude42<\/strong><\/h1>\n\n\n\n<figure class=\"wp-block-gallery has-nested-images columns-default is-cropped wp-block-gallery-3 is-layout-flex wp-block-gallery-is-layout-flex\">\n<figure class=\"wp-block-image size-large\"><a href=\"https:\/\/collies-vom-floersbachtal.de\/cms\/wp-content\/uploads\/2026\/02\/Elly2.jpg\"><img loading=\"lazy\" decoding=\"async\" width=\"580\" height=\"541\" data-id=\"54302\" src=\"https:\/\/collies-vom-floersbachtal.de\/cms\/wp-content\/uploads\/2026\/02\/Elly2.jpg\" alt=\"\" class=\"wp-image-54302\" srcset=\"https:\/\/collies-vom-floersbachtal.de\/cms\/wp-content\/uploads\/2026\/02\/Elly2.jpg 580w, https:\/\/collies-vom-floersbachtal.de\/cms\/wp-content\/uploads\/2026\/02\/Elly2-300x280.jpg 300w\" sizes=\"auto, (max-width: 580px) 100vw, 580px\" \/><\/a><\/figure>\n\n\n\n<figure class=\"wp-block-image size-large\"><a href=\"https:\/\/collies-vom-floersbachtal.de\/cms\/wp-content\/uploads\/2026\/02\/Elly-und-co.1.jpg\"><img loading=\"lazy\" decoding=\"async\" width=\"1002\" height=\"601\" data-id=\"54304\" src=\"https:\/\/collies-vom-floersbachtal.de\/cms\/wp-content\/uploads\/2026\/02\/Elly-und-co.1.jpg\" alt=\"\" class=\"wp-image-54304\" srcset=\"https:\/\/collies-vom-floersbachtal.de\/cms\/wp-content\/uploads\/2026\/02\/Elly-und-co.1.jpg 1002w, https:\/\/collies-vom-floersbachtal.de\/cms\/wp-content\/uploads\/2026\/02\/Elly-und-co.1-300x180.jpg 300w, https:\/\/collies-vom-floersbachtal.de\/cms\/wp-content\/uploads\/2026\/02\/Elly-und-co.1-768x461.jpg 768w\" sizes=\"auto, (max-width: 1002px) 100vw, 1002px\" \/><\/a><\/figure>\n\n\n\n<figure class=\"wp-block-image size-large\"><a href=\"https:\/\/collies-vom-floersbachtal.de\/cms\/wp-content\/uploads\/2026\/02\/Elly-und-co.2.jpg\"><img loading=\"lazy\" decoding=\"async\" width=\"769\" height=\"1024\" data-id=\"54305\" src=\"https:\/\/collies-vom-floersbachtal.de\/cms\/wp-content\/uploads\/2026\/02\/Elly-und-co.2-769x1024.jpg\" alt=\"\" class=\"wp-image-54305\" srcset=\"https:\/\/collies-vom-floersbachtal.de\/cms\/wp-content\/uploads\/2026\/02\/Elly-und-co.2-769x1024.jpg 769w, https:\/\/collies-vom-floersbachtal.de\/cms\/wp-content\/uploads\/2026\/02\/Elly-und-co.2-225x300.jpg 225w, https:\/\/collies-vom-floersbachtal.de\/cms\/wp-content\/uploads\/2026\/02\/Elly-und-co.2-768x1023.jpg 768w, https:\/\/collies-vom-floersbachtal.de\/cms\/wp-content\/uploads\/2026\/02\/Elly-und-co.2.jpg 1080w\" sizes=\"auto, (max-width: 769px) 100vw, 769px\" \/><\/a><\/figure>\n\n\n\n<figure class=\"wp-block-image size-large is-style-rounded\"><a href=\"https:\/\/collies-vom-floersbachtal.de\/cms\/wp-content\/uploads\/2026\/02\/Elly1.jpg\"><img loading=\"lazy\" decoding=\"async\" width=\"508\" height=\"646\" data-id=\"54303\" src=\"https:\/\/collies-vom-floersbachtal.de\/cms\/wp-content\/uploads\/2026\/02\/Elly1.jpg\" alt=\"\" class=\"wp-image-54303\" srcset=\"https:\/\/collies-vom-floersbachtal.de\/cms\/wp-content\/uploads\/2026\/02\/Elly1.jpg 508w, https:\/\/collies-vom-floersbachtal.de\/cms\/wp-content\/uploads\/2026\/02\/Elly1-236x300.jpg 236w\" sizes=\"auto, (max-width: 508px) 100vw, 508px\" \/><\/a><\/figure>\n<\/figure>\n\n\n\n<figure class=\"wp-block-gallery has-nested-images columns-default is-cropped wp-block-gallery-4 is-layout-flex wp-block-gallery-is-layout-flex\">\n<figure class=\"wp-block-image size-large is-style-rounded\"><a href=\"https:\/\/collies-vom-floersbachtal.de\/cms\/wp-content\/uploads\/2026\/01\/Elly-und-Chuci2.jpg\"><img loading=\"lazy\" decoding=\"async\" width=\"287\" height=\"287\" data-id=\"54229\" src=\"https:\/\/collies-vom-floersbachtal.de\/cms\/wp-content\/uploads\/2026\/01\/Elly-und-Chuci2.jpg\" alt=\"\" class=\"wp-image-54229\" srcset=\"https:\/\/collies-vom-floersbachtal.de\/cms\/wp-content\/uploads\/2026\/01\/Elly-und-Chuci2.jpg 287w, https:\/\/collies-vom-floersbachtal.de\/cms\/wp-content\/uploads\/2026\/01\/Elly-und-Chuci2-150x150.jpg 150w\" sizes=\"auto, (max-width: 287px) 100vw, 287px\" \/><\/a><\/figure>\n\n\n\n<figure class=\"wp-block-image size-large is-style-rounded\"><a href=\"https:\/\/collies-vom-floersbachtal.de\/cms\/wp-content\/uploads\/2026\/01\/Elly-und-Chuci1.jpg\"><img loading=\"lazy\" decoding=\"async\" width=\"615\" height=\"582\" data-id=\"54230\" src=\"https:\/\/collies-vom-floersbachtal.de\/cms\/wp-content\/uploads\/2026\/01\/Elly-und-Chuci1.jpg\" alt=\"\" class=\"wp-image-54230\" srcset=\"https:\/\/collies-vom-floersbachtal.de\/cms\/wp-content\/uploads\/2026\/01\/Elly-und-Chuci1.jpg 615w, https:\/\/collies-vom-floersbachtal.de\/cms\/wp-content\/uploads\/2026\/01\/Elly-und-Chuci1-300x284.jpg 300w\" sizes=\"auto, (max-width: 615px) 100vw, 615px\" \/><\/a><\/figure>\n<\/figure>\n\n\n\n<h1 class=\"wp-block-heading\"><strong>Novembernews von Elly und Dina \ud83d\ude42<\/strong><\/h1>\n\n\n\n<figure class=\"wp-block-image size-full is-style-rounded\"><a href=\"https:\/\/collies-vom-floersbachtal.de\/cms\/wp-content\/uploads\/2025\/11\/Elly-und-Dina1-Nov.25.jpg\"><img loading=\"lazy\" decoding=\"async\" width=\"778\" height=\"599\" src=\"https:\/\/collies-vom-floersbachtal.de\/cms\/wp-content\/uploads\/2025\/11\/Elly-und-Dina1-Nov.25.jpg\" alt=\"\" class=\"wp-image-53542\" srcset=\"https:\/\/collies-vom-floersbachtal.de\/cms\/wp-content\/uploads\/2025\/11\/Elly-und-Dina1-Nov.25.jpg 778w, https:\/\/collies-vom-floersbachtal.de\/cms\/wp-content\/uploads\/2025\/11\/Elly-und-Dina1-Nov.25-300x231.jpg 300w, https:\/\/collies-vom-floersbachtal.de\/cms\/wp-content\/uploads\/2025\/11\/Elly-und-Dina1-Nov.25-768x591.jpg 768w\" sizes=\"auto, (max-width: 778px) 100vw, 778px\" \/><\/a><\/figure>\n\n\n\n<h1 class=\"wp-block-heading\"><strong>Oktober News von Elly und ihren Freunden <\/strong><\/h1>\n\n\n\n<p><strong>\ud83d\ude42<\/strong><\/p>\n\n\n\n<figure class=\"wp-block-image size-full is-style-rounded\"><a href=\"https:\/\/collies-vom-floersbachtal.de\/cms\/wp-content\/uploads\/2025\/11\/Elly5-Okt.25.jpg\"><img loading=\"lazy\" decoding=\"async\" width=\"990\" height=\"778\" src=\"https:\/\/collies-vom-floersbachtal.de\/cms\/wp-content\/uploads\/2025\/11\/Elly5-Okt.25.jpg\" alt=\"\" class=\"wp-image-53257\" srcset=\"https:\/\/collies-vom-floersbachtal.de\/cms\/wp-content\/uploads\/2025\/11\/Elly5-Okt.25.jpg 990w, https:\/\/collies-vom-floersbachtal.de\/cms\/wp-content\/uploads\/2025\/11\/Elly5-Okt.25-300x236.jpg 300w, https:\/\/collies-vom-floersbachtal.de\/cms\/wp-content\/uploads\/2025\/11\/Elly5-Okt.25-768x604.jpg 768w\" sizes=\"auto, (max-width: 990px) 100vw, 990px\" \/><\/a><\/figure>\n\n\n\n<figure class=\"wp-block-gallery has-nested-images columns-default is-cropped wp-block-gallery-5 is-layout-flex wp-block-gallery-is-layout-flex\">\n<figure class=\"wp-block-image size-large\"><a href=\"https:\/\/collies-vom-floersbachtal.de\/cms\/wp-content\/uploads\/2025\/11\/Elly1-Okt.25.jpg\"><img loading=\"lazy\" decoding=\"async\" width=\"714\" height=\"769\" data-id=\"53253\" src=\"https:\/\/collies-vom-floersbachtal.de\/cms\/wp-content\/uploads\/2025\/11\/Elly1-Okt.25.jpg\" alt=\"\" class=\"wp-image-53253\" srcset=\"https:\/\/collies-vom-floersbachtal.de\/cms\/wp-content\/uploads\/2025\/11\/Elly1-Okt.25.jpg 714w, https:\/\/collies-vom-floersbachtal.de\/cms\/wp-content\/uploads\/2025\/11\/Elly1-Okt.25-279x300.jpg 279w\" sizes=\"auto, (max-width: 714px) 100vw, 714px\" \/><\/a><\/figure>\n\n\n\n<figure class=\"wp-block-image size-large\"><a href=\"https:\/\/collies-vom-floersbachtal.de\/cms\/wp-content\/uploads\/2025\/11\/Elly2-Okt.25.jpg\"><img loading=\"lazy\" decoding=\"async\" width=\"348\" height=\"433\" data-id=\"53252\" src=\"https:\/\/collies-vom-floersbachtal.de\/cms\/wp-content\/uploads\/2025\/11\/Elly2-Okt.25.jpg\" alt=\"\" class=\"wp-image-53252\" srcset=\"https:\/\/collies-vom-floersbachtal.de\/cms\/wp-content\/uploads\/2025\/11\/Elly2-Okt.25.jpg 348w, https:\/\/collies-vom-floersbachtal.de\/cms\/wp-content\/uploads\/2025\/11\/Elly2-Okt.25-241x300.jpg 241w\" sizes=\"auto, (max-width: 348px) 100vw, 348px\" \/><\/a><\/figure>\n\n\n\n<figure class=\"wp-block-image size-large\"><a href=\"https:\/\/collies-vom-floersbachtal.de\/cms\/wp-content\/uploads\/2025\/11\/Elly3-Okt.25.jpg\"><img loading=\"lazy\" decoding=\"async\" width=\"590\" height=\"684\" data-id=\"53254\" src=\"https:\/\/collies-vom-floersbachtal.de\/cms\/wp-content\/uploads\/2025\/11\/Elly3-Okt.25.jpg\" alt=\"\" class=\"wp-image-53254\" srcset=\"https:\/\/collies-vom-floersbachtal.de\/cms\/wp-content\/uploads\/2025\/11\/Elly3-Okt.25.jpg 590w, https:\/\/collies-vom-floersbachtal.de\/cms\/wp-content\/uploads\/2025\/11\/Elly3-Okt.25-259x300.jpg 259w\" sizes=\"auto, (max-width: 590px) 100vw, 590px\" \/><\/a><\/figure>\n\n\n\n<figure class=\"wp-block-image size-large is-style-rounded\"><a href=\"https:\/\/collies-vom-floersbachtal.de\/cms\/wp-content\/uploads\/2025\/11\/Elly4-Okt.25.jpg\"><img loading=\"lazy\" decoding=\"async\" width=\"766\" height=\"712\" data-id=\"53255\" src=\"https:\/\/collies-vom-floersbachtal.de\/cms\/wp-content\/uploads\/2025\/11\/Elly4-Okt.25.jpg\" alt=\"\" class=\"wp-image-53255\" srcset=\"https:\/\/collies-vom-floersbachtal.de\/cms\/wp-content\/uploads\/2025\/11\/Elly4-Okt.25.jpg 766w, https:\/\/collies-vom-floersbachtal.de\/cms\/wp-content\/uploads\/2025\/11\/Elly4-Okt.25-300x279.jpg 300w\" sizes=\"auto, (max-width: 766px) 100vw, 766px\" \/><\/a><\/figure>\n<\/figure>\n\n\n\n<figure class=\"wp-block-image size-full is-style-rounded\"><a href=\"https:\/\/collies-vom-floersbachtal.de\/cms\/wp-content\/uploads\/2025\/11\/Elly-und-Dina2-Okt.25.jpg\"><img loading=\"lazy\" decoding=\"async\" width=\"765\" height=\"647\" src=\"https:\/\/collies-vom-floersbachtal.de\/cms\/wp-content\/uploads\/2025\/11\/Elly-und-Dina2-Okt.25.jpg\" alt=\"\" class=\"wp-image-53258\" srcset=\"https:\/\/collies-vom-floersbachtal.de\/cms\/wp-content\/uploads\/2025\/11\/Elly-und-Dina2-Okt.25.jpg 765w, https:\/\/collies-vom-floersbachtal.de\/cms\/wp-content\/uploads\/2025\/11\/Elly-und-Dina2-Okt.25-300x254.jpg 300w\" sizes=\"auto, (max-width: 765px) 100vw, 765px\" \/><\/a><\/figure>\n\n\n\n<figure class=\"wp-block-gallery has-nested-images columns-default is-cropped wp-block-gallery-6 is-layout-flex wp-block-gallery-is-layout-flex\">\n<figure class=\"wp-block-image size-large\"><a href=\"https:\/\/collies-vom-floersbachtal.de\/cms\/wp-content\/uploads\/2025\/10\/Elly-Chuci-und-Dina3jpg.jpg\"><img loading=\"lazy\" decoding=\"async\" width=\"558\" height=\"556\" data-id=\"53006\" src=\"https:\/\/collies-vom-floersbachtal.de\/cms\/wp-content\/uploads\/2025\/10\/Elly-Chuci-und-Dina3jpg.jpg\" alt=\"\" class=\"wp-image-53006\" srcset=\"https:\/\/collies-vom-floersbachtal.de\/cms\/wp-content\/uploads\/2025\/10\/Elly-Chuci-und-Dina3jpg.jpg 558w, https:\/\/collies-vom-floersbachtal.de\/cms\/wp-content\/uploads\/2025\/10\/Elly-Chuci-und-Dina3jpg-300x300.jpg 300w, https:\/\/collies-vom-floersbachtal.de\/cms\/wp-content\/uploads\/2025\/10\/Elly-Chuci-und-Dina3jpg-150x150.jpg 150w\" sizes=\"auto, (max-width: 558px) 100vw, 558px\" \/><\/a><\/figure>\n\n\n\n<figure class=\"wp-block-image size-large\"><a href=\"https:\/\/collies-vom-floersbachtal.de\/cms\/wp-content\/uploads\/2025\/10\/Elly-Chuci-und-Dina2jpg.jpg\"><img loading=\"lazy\" decoding=\"async\" width=\"571\" height=\"754\" data-id=\"53007\" src=\"https:\/\/collies-vom-floersbachtal.de\/cms\/wp-content\/uploads\/2025\/10\/Elly-Chuci-und-Dina2jpg.jpg\" alt=\"\" class=\"wp-image-53007\" srcset=\"https:\/\/collies-vom-floersbachtal.de\/cms\/wp-content\/uploads\/2025\/10\/Elly-Chuci-und-Dina2jpg.jpg 571w, https:\/\/collies-vom-floersbachtal.de\/cms\/wp-content\/uploads\/2025\/10\/Elly-Chuci-und-Dina2jpg-227x300.jpg 227w\" sizes=\"auto, (max-width: 571px) 100vw, 571px\" \/><\/a><\/figure>\n<\/figure>\n\n\n\n<h1 class=\"wp-block-heading\"><strong>Januar 2025 heute feiert Elly ihren 9. Geburtstag \ud83d\ude42<\/strong><\/h1>\n\n\n\n<figure class=\"wp-block-image size-large is-style-rounded\"><a href=\"https:\/\/collies-vom-floersbachtal.de\/cms\/wp-content\/uploads\/2025\/01\/Elly6-9.-Geb.jpg\"><img loading=\"lazy\" decoding=\"async\" width=\"879\" height=\"1024\" src=\"https:\/\/collies-vom-floersbachtal.de\/cms\/wp-content\/uploads\/2025\/01\/Elly6-9.-Geb-879x1024.jpg\" alt=\"\" class=\"wp-image-48723\" srcset=\"https:\/\/collies-vom-floersbachtal.de\/cms\/wp-content\/uploads\/2025\/01\/Elly6-9.-Geb-879x1024.jpg 879w, https:\/\/collies-vom-floersbachtal.de\/cms\/wp-content\/uploads\/2025\/01\/Elly6-9.-Geb-258x300.jpg 258w, https:\/\/collies-vom-floersbachtal.de\/cms\/wp-content\/uploads\/2025\/01\/Elly6-9.-Geb-768x895.jpg 768w, https:\/\/collies-vom-floersbachtal.de\/cms\/wp-content\/uploads\/2025\/01\/Elly6-9.-Geb.jpg 1080w\" sizes=\"auto, (max-width: 879px) 100vw, 879px\" \/><\/a><\/figure>\n\n\n\n<figure class=\"wp-block-image size-full is-style-rounded\"><a href=\"https:\/\/collies-vom-floersbachtal.de\/cms\/wp-content\/uploads\/2025\/01\/Elly1.jpg\"><img loading=\"lazy\" decoding=\"async\" width=\"826\" height=\"734\" src=\"https:\/\/collies-vom-floersbachtal.de\/cms\/wp-content\/uploads\/2025\/01\/Elly1.jpg\" alt=\"\" class=\"wp-image-49044\" srcset=\"https:\/\/collies-vom-floersbachtal.de\/cms\/wp-content\/uploads\/2025\/01\/Elly1.jpg 826w, https:\/\/collies-vom-floersbachtal.de\/cms\/wp-content\/uploads\/2025\/01\/Elly1-300x267.jpg 300w, https:\/\/collies-vom-floersbachtal.de\/cms\/wp-content\/uploads\/2025\/01\/Elly1-768x682.jpg 768w\" sizes=\"auto, (max-width: 826px) 100vw, 826px\" \/><\/a><\/figure>\n\n\n\n<figure class=\"wp-block-gallery has-nested-images columns-default is-cropped wp-block-gallery-7 is-layout-flex wp-block-gallery-is-layout-flex\">\n<figure class=\"wp-block-image size-large\"><a href=\"https:\/\/collies-vom-floersbachtal.de\/cms\/wp-content\/uploads\/2025\/01\/Elly5-9.-Geb.jpg\"><img loading=\"lazy\" decoding=\"async\" width=\"1024\" height=\"768\" data-id=\"48722\" src=\"https:\/\/collies-vom-floersbachtal.de\/cms\/wp-content\/uploads\/2025\/01\/Elly5-9.-Geb-1024x768.jpg\" alt=\"\" class=\"wp-image-48722\" srcset=\"https:\/\/collies-vom-floersbachtal.de\/cms\/wp-content\/uploads\/2025\/01\/Elly5-9.-Geb-1024x768.jpg 1024w, https:\/\/collies-vom-floersbachtal.de\/cms\/wp-content\/uploads\/2025\/01\/Elly5-9.-Geb-300x225.jpg 300w, https:\/\/collies-vom-floersbachtal.de\/cms\/wp-content\/uploads\/2025\/01\/Elly5-9.-Geb-768x576.jpg 768w, https:\/\/collies-vom-floersbachtal.de\/cms\/wp-content\/uploads\/2025\/01\/Elly5-9.-Geb.jpg 1080w\" sizes=\"auto, (max-width: 1024px) 100vw, 1024px\" \/><\/a><\/figure>\n\n\n\n<figure class=\"wp-block-image size-large\"><a href=\"https:\/\/collies-vom-floersbachtal.de\/cms\/wp-content\/uploads\/2025\/01\/Elly1-9.-Geb.jpg\"><img loading=\"lazy\" decoding=\"async\" width=\"908\" height=\"1024\" data-id=\"48720\" src=\"https:\/\/collies-vom-floersbachtal.de\/cms\/wp-content\/uploads\/2025\/01\/Elly1-9.-Geb-908x1024.jpg\" alt=\"\" class=\"wp-image-48720\" srcset=\"https:\/\/collies-vom-floersbachtal.de\/cms\/wp-content\/uploads\/2025\/01\/Elly1-9.-Geb-908x1024.jpg 908w, https:\/\/collies-vom-floersbachtal.de\/cms\/wp-content\/uploads\/2025\/01\/Elly1-9.-Geb-266x300.jpg 266w, https:\/\/collies-vom-floersbachtal.de\/cms\/wp-content\/uploads\/2025\/01\/Elly1-9.-Geb-768x866.jpg 768w, https:\/\/collies-vom-floersbachtal.de\/cms\/wp-content\/uploads\/2025\/01\/Elly1-9.-Geb.jpg 1080w\" sizes=\"auto, (max-width: 908px) 100vw, 908px\" \/><\/a><\/figure>\n\n\n\n<figure class=\"wp-block-image size-large\"><a href=\"https:\/\/collies-vom-floersbachtal.de\/cms\/wp-content\/uploads\/2025\/01\/Elly2-9.-Geb.jpg\"><img loading=\"lazy\" decoding=\"async\" width=\"845\" height=\"662\" data-id=\"48718\" src=\"https:\/\/collies-vom-floersbachtal.de\/cms\/wp-content\/uploads\/2025\/01\/Elly2-9.-Geb.jpg\" alt=\"\" class=\"wp-image-48718\" srcset=\"https:\/\/collies-vom-floersbachtal.de\/cms\/wp-content\/uploads\/2025\/01\/Elly2-9.-Geb.jpg 845w, https:\/\/collies-vom-floersbachtal.de\/cms\/wp-content\/uploads\/2025\/01\/Elly2-9.-Geb-300x235.jpg 300w, https:\/\/collies-vom-floersbachtal.de\/cms\/wp-content\/uploads\/2025\/01\/Elly2-9.-Geb-768x602.jpg 768w\" sizes=\"auto, (max-width: 845px) 100vw, 845px\" \/><\/a><\/figure>\n\n\n\n<figure class=\"wp-block-image size-large\"><a href=\"https:\/\/collies-vom-floersbachtal.de\/cms\/wp-content\/uploads\/2025\/01\/Elly3-9.-Geb.jpg\"><img loading=\"lazy\" decoding=\"async\" width=\"920\" height=\"721\" data-id=\"48719\" src=\"https:\/\/collies-vom-floersbachtal.de\/cms\/wp-content\/uploads\/2025\/01\/Elly3-9.-Geb.jpg\" alt=\"\" class=\"wp-image-48719\" srcset=\"https:\/\/collies-vom-floersbachtal.de\/cms\/wp-content\/uploads\/2025\/01\/Elly3-9.-Geb.jpg 920w, https:\/\/collies-vom-floersbachtal.de\/cms\/wp-content\/uploads\/2025\/01\/Elly3-9.-Geb-300x235.jpg 300w, https:\/\/collies-vom-floersbachtal.de\/cms\/wp-content\/uploads\/2025\/01\/Elly3-9.-Geb-768x602.jpg 768w\" sizes=\"auto, (max-width: 920px) 100vw, 920px\" \/><\/a><\/figure>\n\n\n\n<figure class=\"wp-block-image size-large\"><a href=\"https:\/\/collies-vom-floersbachtal.de\/cms\/wp-content\/uploads\/2025\/01\/Elly4-9.-Geb.jpg\"><img loading=\"lazy\" decoding=\"async\" width=\"904\" height=\"793\" data-id=\"48721\" src=\"https:\/\/collies-vom-floersbachtal.de\/cms\/wp-content\/uploads\/2025\/01\/Elly4-9.-Geb.jpg\" alt=\"\" class=\"wp-image-48721\" srcset=\"https:\/\/collies-vom-floersbachtal.de\/cms\/wp-content\/uploads\/2025\/01\/Elly4-9.-Geb.jpg 904w, https:\/\/collies-vom-floersbachtal.de\/cms\/wp-content\/uploads\/2025\/01\/Elly4-9.-Geb-300x263.jpg 300w, https:\/\/collies-vom-floersbachtal.de\/cms\/wp-content\/uploads\/2025\/01\/Elly4-9.-Geb-768x674.jpg 768w\" sizes=\"auto, (max-width: 904px) 100vw, 904px\" \/><\/a><\/figure>\n<\/figure>\n\n\n\n<h1 class=\"wp-block-heading\"><strong>Dezembernews von Elly \ud83d\ude42<\/strong><\/h1>\n\n\n\n<figure class=\"wp-block-gallery has-nested-images columns-default is-cropped wp-block-gallery-8 is-layout-flex wp-block-gallery-is-layout-flex\">\n<figure class=\"wp-block-image size-large\"><a href=\"https:\/\/collies-vom-floersbachtal.de\/cms\/wp-content\/uploads\/2024\/12\/Elly.-Dina-und-Chuci1-Dez.24.jpg\"><img loading=\"lazy\" decoding=\"async\" width=\"866\" height=\"593\" data-id=\"48666\" src=\"https:\/\/collies-vom-floersbachtal.de\/cms\/wp-content\/uploads\/2024\/12\/Elly.-Dina-und-Chuci1-Dez.24.jpg\" alt=\"\" class=\"wp-image-48666\" srcset=\"https:\/\/collies-vom-floersbachtal.de\/cms\/wp-content\/uploads\/2024\/12\/Elly.-Dina-und-Chuci1-Dez.24.jpg 866w, https:\/\/collies-vom-floersbachtal.de\/cms\/wp-content\/uploads\/2024\/12\/Elly.-Dina-und-Chuci1-Dez.24-300x205.jpg 300w, https:\/\/collies-vom-floersbachtal.de\/cms\/wp-content\/uploads\/2024\/12\/Elly.-Dina-und-Chuci1-Dez.24-768x526.jpg 768w\" sizes=\"auto, (max-width: 866px) 100vw, 866px\" \/><\/a><\/figure>\n\n\n\n<figure class=\"wp-block-image size-large\"><a href=\"https:\/\/collies-vom-floersbachtal.de\/cms\/wp-content\/uploads\/2024\/12\/Elly-Dina-und-Chuci1-Dez.24.jpg\"><img loading=\"lazy\" decoding=\"async\" width=\"1024\" height=\"722\" data-id=\"48667\" src=\"https:\/\/collies-vom-floersbachtal.de\/cms\/wp-content\/uploads\/2024\/12\/Elly-Dina-und-Chuci1-Dez.24-1024x722.jpg\" alt=\"\" class=\"wp-image-48667\" srcset=\"https:\/\/collies-vom-floersbachtal.de\/cms\/wp-content\/uploads\/2024\/12\/Elly-Dina-und-Chuci1-Dez.24-1024x722.jpg 1024w, https:\/\/collies-vom-floersbachtal.de\/cms\/wp-content\/uploads\/2024\/12\/Elly-Dina-und-Chuci1-Dez.24-300x212.jpg 300w, https:\/\/collies-vom-floersbachtal.de\/cms\/wp-content\/uploads\/2024\/12\/Elly-Dina-und-Chuci1-Dez.24-768x542.jpg 768w, https:\/\/collies-vom-floersbachtal.de\/cms\/wp-content\/uploads\/2024\/12\/Elly-Dina-und-Chuci1-Dez.24.jpg 1046w\" sizes=\"auto, (max-width: 1024px) 100vw, 1024px\" \/><\/a><\/figure>\n<\/figure>\n\n\n\n<h1 class=\"wp-block-heading\"><strong>Oktober News  von Elly, Dina und Chuci \ud83d\ude42<\/strong><\/h1>\n\n\n\n<figure class=\"wp-block-image size-full is-style-rounded\"><a href=\"https:\/\/collies-vom-floersbachtal.de\/cms\/wp-content\/uploads\/2024\/11\/Elly1.jpg\"><img loading=\"lazy\" decoding=\"async\" width=\"921\" height=\"718\" src=\"https:\/\/collies-vom-floersbachtal.de\/cms\/wp-content\/uploads\/2024\/11\/Elly1.jpg\" alt=\"\" class=\"wp-image-48190\" srcset=\"https:\/\/collies-vom-floersbachtal.de\/cms\/wp-content\/uploads\/2024\/11\/Elly1.jpg 921w, https:\/\/collies-vom-floersbachtal.de\/cms\/wp-content\/uploads\/2024\/11\/Elly1-300x234.jpg 300w, https:\/\/collies-vom-floersbachtal.de\/cms\/wp-content\/uploads\/2024\/11\/Elly1-768x599.jpg 768w\" sizes=\"auto, (max-width: 921px) 100vw, 921px\" \/><\/a><\/figure>\n\n\n\n<figure class=\"wp-block-image size-full is-style-rounded\"><a href=\"https:\/\/collies-vom-floersbachtal.de\/cms\/wp-content\/uploads\/2024\/11\/Elly-und-Dina1-Nov.24.jpg\"><img loading=\"lazy\" decoding=\"async\" width=\"667\" height=\"687\" src=\"https:\/\/collies-vom-floersbachtal.de\/cms\/wp-content\/uploads\/2024\/11\/Elly-und-Dina1-Nov.24.jpg\" alt=\"\" class=\"wp-image-48188\" srcset=\"https:\/\/collies-vom-floersbachtal.de\/cms\/wp-content\/uploads\/2024\/11\/Elly-und-Dina1-Nov.24.jpg 667w, https:\/\/collies-vom-floersbachtal.de\/cms\/wp-content\/uploads\/2024\/11\/Elly-und-Dina1-Nov.24-291x300.jpg 291w\" sizes=\"auto, (max-width: 667px) 100vw, 667px\" \/><\/a><\/figure>\n\n\n\n<figure class=\"wp-block-gallery has-nested-images columns-default is-cropped wp-block-gallery-9 is-layout-flex wp-block-gallery-is-layout-flex\">\n<figure class=\"wp-block-image size-large\"><a href=\"https:\/\/collies-vom-floersbachtal.de\/cms\/wp-content\/uploads\/2024\/10\/Elly-Dina-und-Chuci1-Okt.24.jpg\"><img loading=\"lazy\" decoding=\"async\" width=\"810\" height=\"779\" data-id=\"48065\" src=\"https:\/\/collies-vom-floersbachtal.de\/cms\/wp-content\/uploads\/2024\/10\/Elly-Dina-und-Chuci1-Okt.24.jpg\" alt=\"\" class=\"wp-image-48065\" srcset=\"https:\/\/collies-vom-floersbachtal.de\/cms\/wp-content\/uploads\/2024\/10\/Elly-Dina-und-Chuci1-Okt.24.jpg 810w, https:\/\/collies-vom-floersbachtal.de\/cms\/wp-content\/uploads\/2024\/10\/Elly-Dina-und-Chuci1-Okt.24-300x289.jpg 300w, https:\/\/collies-vom-floersbachtal.de\/cms\/wp-content\/uploads\/2024\/10\/Elly-Dina-und-Chuci1-Okt.24-768x739.jpg 768w\" sizes=\"auto, (max-width: 810px) 100vw, 810px\" \/><\/a><\/figure>\n\n\n\n<figure class=\"wp-block-image size-large\"><a href=\"https:\/\/collies-vom-floersbachtal.de\/cms\/wp-content\/uploads\/2024\/10\/Elly-Dina-und-Chuci2-Okt.24.jpg\"><img loading=\"lazy\" decoding=\"async\" width=\"666\" height=\"766\" data-id=\"48064\" src=\"https:\/\/collies-vom-floersbachtal.de\/cms\/wp-content\/uploads\/2024\/10\/Elly-Dina-und-Chuci2-Okt.24.jpg\" alt=\"\" class=\"wp-image-48064\" srcset=\"https:\/\/collies-vom-floersbachtal.de\/cms\/wp-content\/uploads\/2024\/10\/Elly-Dina-und-Chuci2-Okt.24.jpg 666w, https:\/\/collies-vom-floersbachtal.de\/cms\/wp-content\/uploads\/2024\/10\/Elly-Dina-und-Chuci2-Okt.24-261x300.jpg 261w\" sizes=\"auto, (max-width: 666px) 100vw, 666px\" \/><\/a><\/figure>\n\n\n\n<figure class=\"wp-block-image size-large\"><a href=\"https:\/\/collies-vom-floersbachtal.de\/cms\/wp-content\/uploads\/2024\/10\/Elly-Dina-und-Chuci3-Okt.24.jpg\"><img loading=\"lazy\" decoding=\"async\" width=\"877\" height=\"717\" data-id=\"48066\" src=\"https:\/\/collies-vom-floersbachtal.de\/cms\/wp-content\/uploads\/2024\/10\/Elly-Dina-und-Chuci3-Okt.24.jpg\" alt=\"\" class=\"wp-image-48066\" srcset=\"https:\/\/collies-vom-floersbachtal.de\/cms\/wp-content\/uploads\/2024\/10\/Elly-Dina-und-Chuci3-Okt.24.jpg 877w, https:\/\/collies-vom-floersbachtal.de\/cms\/wp-content\/uploads\/2024\/10\/Elly-Dina-und-Chuci3-Okt.24-300x245.jpg 300w, https:\/\/collies-vom-floersbachtal.de\/cms\/wp-content\/uploads\/2024\/10\/Elly-Dina-und-Chuci3-Okt.24-768x628.jpg 768w\" sizes=\"auto, (max-width: 877px) 100vw, 877px\" \/><\/a><\/figure>\n\n\n\n<figure class=\"wp-block-image size-large\"><a href=\"https:\/\/collies-vom-floersbachtal.de\/cms\/wp-content\/uploads\/2024\/10\/Elly-Dina-und-Chuci4-Okt.24.jpg\"><img loading=\"lazy\" decoding=\"async\" width=\"639\" height=\"401\" data-id=\"48063\" src=\"https:\/\/collies-vom-floersbachtal.de\/cms\/wp-content\/uploads\/2024\/10\/Elly-Dina-und-Chuci4-Okt.24.jpg\" alt=\"\" class=\"wp-image-48063\" srcset=\"https:\/\/collies-vom-floersbachtal.de\/cms\/wp-content\/uploads\/2024\/10\/Elly-Dina-und-Chuci4-Okt.24.jpg 639w, https:\/\/collies-vom-floersbachtal.de\/cms\/wp-content\/uploads\/2024\/10\/Elly-Dina-und-Chuci4-Okt.24-300x188.jpg 300w\" sizes=\"auto, (max-width: 639px) 100vw, 639px\" \/><\/a><\/figure>\n<\/figure>\n\n\n\n<h1 class=\"wp-block-heading\"><strong>Mai News von Elly \ud83d\ude42<\/strong><\/h1>\n\n\n\n<figure class=\"wp-block-image size-large is-style-rounded\"><a href=\"https:\/\/collies-vom-floersbachtal.de\/cms\/wp-content\/uploads\/2024\/05\/Elly1-Mai24.jpg\"><img loading=\"lazy\" decoding=\"async\" width=\"1024\" height=\"796\" src=\"https:\/\/collies-vom-floersbachtal.de\/cms\/wp-content\/uploads\/2024\/05\/Elly1-Mai24-1024x796.jpg\" alt=\"\" class=\"wp-image-46728\" srcset=\"https:\/\/collies-vom-floersbachtal.de\/cms\/wp-content\/uploads\/2024\/05\/Elly1-Mai24-1024x796.jpg 1024w, https:\/\/collies-vom-floersbachtal.de\/cms\/wp-content\/uploads\/2024\/05\/Elly1-Mai24-300x233.jpg 300w, https:\/\/collies-vom-floersbachtal.de\/cms\/wp-content\/uploads\/2024\/05\/Elly1-Mai24-768x597.jpg 768w, https:\/\/collies-vom-floersbachtal.de\/cms\/wp-content\/uploads\/2024\/05\/Elly1-Mai24.jpg 1058w\" sizes=\"auto, (max-width: 1024px) 100vw, 1024px\" \/><\/a><\/figure>\n\n\n\n<figure class=\"wp-block-image size-full\"><a href=\"https:\/\/collies-vom-floersbachtal.de\/cms\/wp-content\/uploads\/2024\/06\/Dina-elly-und-Chuci1-Juni24.jpg\"><img loading=\"lazy\" decoding=\"async\" width=\"351\" height=\"308\" src=\"https:\/\/collies-vom-floersbachtal.de\/cms\/wp-content\/uploads\/2024\/06\/Dina-elly-und-Chuci1-Juni24.jpg\" alt=\"\" class=\"wp-image-46951\" srcset=\"https:\/\/collies-vom-floersbachtal.de\/cms\/wp-content\/uploads\/2024\/06\/Dina-elly-und-Chuci1-Juni24.jpg 351w, https:\/\/collies-vom-floersbachtal.de\/cms\/wp-content\/uploads\/2024\/06\/Dina-elly-und-Chuci1-Juni24-300x263.jpg 300w\" sizes=\"auto, (max-width: 351px) 100vw, 351px\" \/><\/a><\/figure>\n\n\n\n<h1 class=\"wp-block-heading\"><strong>News im M\u00e4rz 2024 von Elly, Dina und  Chuci \ud83d\ude09<\/strong><\/h1>\n\n\n\n<figure class=\"wp-block-image size-large is-style-rounded\"><a href=\"https:\/\/collies-vom-floersbachtal.de\/cms\/wp-content\/uploads\/2024\/03\/Elly-Dina-und-Chuci1-Maerz24.jpg\"><img loading=\"lazy\" decoding=\"async\" width=\"1024\" height=\"782\" src=\"https:\/\/collies-vom-floersbachtal.de\/cms\/wp-content\/uploads\/2024\/03\/Elly-Dina-und-Chuci1-Maerz24-1024x782.jpg\" alt=\"\" class=\"wp-image-45502\" srcset=\"https:\/\/collies-vom-floersbachtal.de\/cms\/wp-content\/uploads\/2024\/03\/Elly-Dina-und-Chuci1-Maerz24-1024x782.jpg 1024w, https:\/\/collies-vom-floersbachtal.de\/cms\/wp-content\/uploads\/2024\/03\/Elly-Dina-und-Chuci1-Maerz24-300x229.jpg 300w, https:\/\/collies-vom-floersbachtal.de\/cms\/wp-content\/uploads\/2024\/03\/Elly-Dina-und-Chuci1-Maerz24-768x586.jpg 768w, https:\/\/collies-vom-floersbachtal.de\/cms\/wp-content\/uploads\/2024\/03\/Elly-Dina-und-Chuci1-Maerz24.jpg 1062w\" sizes=\"auto, (max-width: 1024px) 100vw, 1024px\" \/><\/a><\/figure>\n\n\n\n<h1 class=\"wp-block-heading\"><strong>News von Elly und Dina im  Februar 2024 \ud83d\ude42<\/strong><\/h1>\n\n\n\n<figure class=\"wp-block-image size-full\"><a href=\"https:\/\/collies-vom-floersbachtal.de\/cms\/wp-content\/uploads\/2024\/02\/Elly-und-Dina1-Feb.24.jpg\"><img loading=\"lazy\" decoding=\"async\" width=\"1000\" height=\"705\" src=\"https:\/\/collies-vom-floersbachtal.de\/cms\/wp-content\/uploads\/2024\/02\/Elly-und-Dina1-Feb.24.jpg\" alt=\"\" class=\"wp-image-45147\" srcset=\"https:\/\/collies-vom-floersbachtal.de\/cms\/wp-content\/uploads\/2024\/02\/Elly-und-Dina1-Feb.24.jpg 1000w, https:\/\/collies-vom-floersbachtal.de\/cms\/wp-content\/uploads\/2024\/02\/Elly-und-Dina1-Feb.24-300x212.jpg 300w, https:\/\/collies-vom-floersbachtal.de\/cms\/wp-content\/uploads\/2024\/02\/Elly-und-Dina1-Feb.24-768x541.jpg 768w\" sizes=\"auto, (max-width: 1000px) 100vw, 1000px\" \/><\/a><\/figure>\n\n\n\n<figure class=\"wp-block-gallery has-nested-images columns-default is-cropped wp-block-gallery-10 is-layout-flex wp-block-gallery-is-layout-flex\">\n<figure class=\"wp-block-image size-large\"><a href=\"https:\/\/collies-vom-floersbachtal.de\/cms\/wp-content\/uploads\/2024\/02\/Elly-Chuci-und-Dina1-Feb.24.jpg\"><img loading=\"lazy\" decoding=\"async\" width=\"1001\" height=\"773\" data-id=\"44906\" src=\"https:\/\/collies-vom-floersbachtal.de\/cms\/wp-content\/uploads\/2024\/02\/Elly-Chuci-und-Dina1-Feb.24.jpg\" alt=\"\" class=\"wp-image-44906\" srcset=\"https:\/\/collies-vom-floersbachtal.de\/cms\/wp-content\/uploads\/2024\/02\/Elly-Chuci-und-Dina1-Feb.24.jpg 1001w, https:\/\/collies-vom-floersbachtal.de\/cms\/wp-content\/uploads\/2024\/02\/Elly-Chuci-und-Dina1-Feb.24-300x232.jpg 300w, https:\/\/collies-vom-floersbachtal.de\/cms\/wp-content\/uploads\/2024\/02\/Elly-Chuci-und-Dina1-Feb.24-768x593.jpg 768w\" sizes=\"auto, (max-width: 1001px) 100vw, 1001px\" \/><\/a><\/figure>\n<\/figure>\n\n\n\n<h1 class=\"wp-block-heading\"><strong>Januar 2024 \ud83d\ude42<\/strong><\/h1>\n\n\n\n<figure class=\"wp-block-gallery has-nested-images columns-default is-cropped wp-block-gallery-11 is-layout-flex wp-block-gallery-is-layout-flex\">\n<figure class=\"wp-block-image size-large\"><a href=\"https:\/\/collies-vom-floersbachtal.de\/cms\/wp-content\/uploads\/2024\/01\/Elly2-Januar24.jpg\"><img loading=\"lazy\" decoding=\"async\" width=\"811\" height=\"1024\" data-id=\"44470\" src=\"https:\/\/collies-vom-floersbachtal.de\/cms\/wp-content\/uploads\/2024\/01\/Elly2-Januar24-811x1024.jpg\" alt=\"\" class=\"wp-image-44470\" srcset=\"https:\/\/collies-vom-floersbachtal.de\/cms\/wp-content\/uploads\/2024\/01\/Elly2-Januar24-811x1024.jpg 811w, https:\/\/collies-vom-floersbachtal.de\/cms\/wp-content\/uploads\/2024\/01\/Elly2-Januar24-238x300.jpg 238w, https:\/\/collies-vom-floersbachtal.de\/cms\/wp-content\/uploads\/2024\/01\/Elly2-Januar24-768x970.jpg 768w, https:\/\/collies-vom-floersbachtal.de\/cms\/wp-content\/uploads\/2024\/01\/Elly2-Januar24.jpg 1057w\" sizes=\"auto, (max-width: 811px) 100vw, 811px\" \/><\/a><\/figure>\n\n\n\n<figure class=\"wp-block-image size-large\"><a href=\"https:\/\/collies-vom-floersbachtal.de\/cms\/wp-content\/uploads\/2024\/01\/Elly1-Januar24.jpg\"><img loading=\"lazy\" decoding=\"async\" width=\"780\" height=\"1024\" data-id=\"44471\" src=\"https:\/\/collies-vom-floersbachtal.de\/cms\/wp-content\/uploads\/2024\/01\/Elly1-Januar24-780x1024.jpg\" alt=\"\" class=\"wp-image-44471\" srcset=\"https:\/\/collies-vom-floersbachtal.de\/cms\/wp-content\/uploads\/2024\/01\/Elly1-Januar24-780x1024.jpg 780w, https:\/\/collies-vom-floersbachtal.de\/cms\/wp-content\/uploads\/2024\/01\/Elly1-Januar24-229x300.jpg 229w, https:\/\/collies-vom-floersbachtal.de\/cms\/wp-content\/uploads\/2024\/01\/Elly1-Januar24-768x1008.jpg 768w, https:\/\/collies-vom-floersbachtal.de\/cms\/wp-content\/uploads\/2024\/01\/Elly1-Januar24.jpg 1035w\" sizes=\"auto, (max-width: 780px) 100vw, 780px\" \/><\/a><\/figure>\n<\/figure>\n\n\n\n<figure class=\"wp-block-gallery has-nested-images columns-default is-cropped wp-block-gallery-12 is-layout-flex wp-block-gallery-is-layout-flex\">\n<figure class=\"wp-block-image size-large\"><a href=\"https:\/\/collies-vom-floersbachtal.de\/cms\/wp-content\/uploads\/2024\/01\/Elly-Dina-und-Chuci2-Dez.23.jpg\"><img loading=\"lazy\" decoding=\"async\" width=\"1024\" height=\"766\" data-id=\"44161\" src=\"https:\/\/collies-vom-floersbachtal.de\/cms\/wp-content\/uploads\/2024\/01\/Elly-Dina-und-Chuci2-Dez.23-1024x766.jpg\" alt=\"\" class=\"wp-image-44161\" srcset=\"https:\/\/collies-vom-floersbachtal.de\/cms\/wp-content\/uploads\/2024\/01\/Elly-Dina-und-Chuci2-Dez.23-1024x766.jpg 1024w, https:\/\/collies-vom-floersbachtal.de\/cms\/wp-content\/uploads\/2024\/01\/Elly-Dina-und-Chuci2-Dez.23-300x224.jpg 300w, https:\/\/collies-vom-floersbachtal.de\/cms\/wp-content\/uploads\/2024\/01\/Elly-Dina-und-Chuci2-Dez.23-768x575.jpg 768w, https:\/\/collies-vom-floersbachtal.de\/cms\/wp-content\/uploads\/2024\/01\/Elly-Dina-und-Chuci2-Dez.23.jpg 1080w\" sizes=\"auto, (max-width: 1024px) 100vw, 1024px\" \/><\/a><\/figure>\n\n\n\n<figure class=\"wp-block-image size-large\"><a href=\"https:\/\/collies-vom-floersbachtal.de\/cms\/wp-content\/uploads\/2024\/01\/Elly-und-Dina1-Dez.23.jpg\"><img loading=\"lazy\" decoding=\"async\" width=\"1024\" height=\"765\" data-id=\"44162\" src=\"https:\/\/collies-vom-floersbachtal.de\/cms\/wp-content\/uploads\/2024\/01\/Elly-und-Dina1-Dez.23-1024x765.jpg\" alt=\"\" class=\"wp-image-44162\" srcset=\"https:\/\/collies-vom-floersbachtal.de\/cms\/wp-content\/uploads\/2024\/01\/Elly-und-Dina1-Dez.23-1024x765.jpg 1024w, https:\/\/collies-vom-floersbachtal.de\/cms\/wp-content\/uploads\/2024\/01\/Elly-und-Dina1-Dez.23-300x224.jpg 300w, https:\/\/collies-vom-floersbachtal.de\/cms\/wp-content\/uploads\/2024\/01\/Elly-und-Dina1-Dez.23-768x574.jpg 768w, https:\/\/collies-vom-floersbachtal.de\/cms\/wp-content\/uploads\/2024\/01\/Elly-und-Dina1-Dez.23.jpg 1080w\" sizes=\"auto, (max-width: 1024px) 100vw, 1024px\" \/><\/a><\/figure>\n<\/figure>\n\n\n\n<p>Elly hatte Besuch von ihrer Nichte aus \u00d6sterreich (eine Tochter von Eloy)<\/p>\n\n\n\n<h1 class=\"wp-block-heading\"><strong>Oktobernews von den 3 Damen aus Frankreich \ud83d\ude42<\/strong><\/h1>\n\n\n\n<figure class=\"wp-block-gallery has-nested-images columns-default is-cropped wp-block-gallery-13 is-layout-flex wp-block-gallery-is-layout-flex\">\n<figure class=\"wp-block-image size-large\"><a href=\"https:\/\/collies-vom-floersbachtal.de\/cms\/wp-content\/uploads\/2023\/10\/Dina-und-elly3-Okt.23.jpg\"><img loading=\"lazy\" decoding=\"async\" width=\"1024\" height=\"791\" data-id=\"42732\" src=\"https:\/\/collies-vom-floersbachtal.de\/cms\/wp-content\/uploads\/2023\/10\/Dina-und-elly3-Okt.23-1024x791.jpg\" alt=\"\" class=\"wp-image-42732\" srcset=\"https:\/\/collies-vom-floersbachtal.de\/cms\/wp-content\/uploads\/2023\/10\/Dina-und-elly3-Okt.23-1024x791.jpg 1024w, https:\/\/collies-vom-floersbachtal.de\/cms\/wp-content\/uploads\/2023\/10\/Dina-und-elly3-Okt.23-300x232.jpg 300w, https:\/\/collies-vom-floersbachtal.de\/cms\/wp-content\/uploads\/2023\/10\/Dina-und-elly3-Okt.23-768x594.jpg 768w, https:\/\/collies-vom-floersbachtal.de\/cms\/wp-content\/uploads\/2023\/10\/Dina-und-elly3-Okt.23.jpg 1030w\" sizes=\"auto, (max-width: 1024px) 100vw, 1024px\" \/><\/a><\/figure>\n\n\n\n<figure class=\"wp-block-image size-large\"><a href=\"https:\/\/collies-vom-floersbachtal.de\/cms\/wp-content\/uploads\/2023\/10\/Elly1-Okt.23.jpg\"><img loading=\"lazy\" decoding=\"async\" width=\"1000\" height=\"750\" data-id=\"42731\" src=\"https:\/\/collies-vom-floersbachtal.de\/cms\/wp-content\/uploads\/2023\/10\/Elly1-Okt.23.jpg\" alt=\"\" class=\"wp-image-42731\" srcset=\"https:\/\/collies-vom-floersbachtal.de\/cms\/wp-content\/uploads\/2023\/10\/Elly1-Okt.23.jpg 1000w, https:\/\/collies-vom-floersbachtal.de\/cms\/wp-content\/uploads\/2023\/10\/Elly1-Okt.23-300x225.jpg 300w, https:\/\/collies-vom-floersbachtal.de\/cms\/wp-content\/uploads\/2023\/10\/Elly1-Okt.23-768x576.jpg 768w\" sizes=\"auto, (max-width: 1000px) 100vw, 1000px\" \/><\/a><\/figure>\n<\/figure>\n\n\n\n<figure class=\"wp-block-gallery has-nested-images columns-default is-cropped wp-block-gallery-14 is-layout-flex wp-block-gallery-is-layout-flex\">\n<figure class=\"wp-block-image size-large\"><a href=\"https:\/\/collies-vom-floersbachtal.de\/cms\/wp-content\/uploads\/2023\/10\/Elly-und-Chuci1-Okt.23.jpg\"><img loading=\"lazy\" decoding=\"async\" width=\"1024\" height=\"743\" data-id=\"42466\" src=\"https:\/\/collies-vom-floersbachtal.de\/cms\/wp-content\/uploads\/2023\/10\/Elly-und-Chuci1-Okt.23-1024x743.jpg\" alt=\"\" class=\"wp-image-42466\" srcset=\"https:\/\/collies-vom-floersbachtal.de\/cms\/wp-content\/uploads\/2023\/10\/Elly-und-Chuci1-Okt.23-1024x743.jpg 1024w, https:\/\/collies-vom-floersbachtal.de\/cms\/wp-content\/uploads\/2023\/10\/Elly-und-Chuci1-Okt.23-300x218.jpg 300w, https:\/\/collies-vom-floersbachtal.de\/cms\/wp-content\/uploads\/2023\/10\/Elly-und-Chuci1-Okt.23-768x557.jpg 768w, https:\/\/collies-vom-floersbachtal.de\/cms\/wp-content\/uploads\/2023\/10\/Elly-und-Chuci1-Okt.23.jpg 1027w\" sizes=\"auto, (max-width: 1024px) 100vw, 1024px\" \/><\/a><\/figure>\n\n\n\n<figure class=\"wp-block-image size-large\"><a href=\"https:\/\/collies-vom-floersbachtal.de\/cms\/wp-content\/uploads\/2023\/10\/Dina-Elly-und-Chuci1-Okt.23.jpg\"><img loading=\"lazy\" decoding=\"async\" width=\"1004\" height=\"812\" data-id=\"42467\" src=\"https:\/\/collies-vom-floersbachtal.de\/cms\/wp-content\/uploads\/2023\/10\/Dina-Elly-und-Chuci1-Okt.23.jpg\" alt=\"\" class=\"wp-image-42467\" srcset=\"https:\/\/collies-vom-floersbachtal.de\/cms\/wp-content\/uploads\/2023\/10\/Dina-Elly-und-Chuci1-Okt.23.jpg 1004w, https:\/\/collies-vom-floersbachtal.de\/cms\/wp-content\/uploads\/2023\/10\/Dina-Elly-und-Chuci1-Okt.23-300x243.jpg 300w, https:\/\/collies-vom-floersbachtal.de\/cms\/wp-content\/uploads\/2023\/10\/Dina-Elly-und-Chuci1-Okt.23-768x621.jpg 768w\" sizes=\"auto, (max-width: 1004px) 100vw, 1004px\" \/><\/a><\/figure>\n<\/figure>\n\n\n\n<h1 class=\"wp-block-heading\"><strong>News im September 2023 von den weltreisenden Colliedamen Elly, Dina und Chuci \ud83d\ude42<\/strong><\/h1>\n\n\n\n<figure class=\"wp-block-gallery has-nested-images columns-default is-cropped wp-block-gallery-15 is-layout-flex wp-block-gallery-is-layout-flex\">\n<figure class=\"wp-block-image size-large\"><a href=\"https:\/\/collies-vom-floersbachtal.de\/cms\/wp-content\/uploads\/2023\/10\/Dina-und-Elly1-Okt.23.jpg\"><img loading=\"lazy\" decoding=\"async\" width=\"1024\" height=\"756\" data-id=\"42338\" src=\"https:\/\/collies-vom-floersbachtal.de\/cms\/wp-content\/uploads\/2023\/10\/Dina-und-Elly1-Okt.23-1024x756.jpg\" alt=\"\" class=\"wp-image-42338\" srcset=\"https:\/\/collies-vom-floersbachtal.de\/cms\/wp-content\/uploads\/2023\/10\/Dina-und-Elly1-Okt.23-1024x756.jpg 1024w, https:\/\/collies-vom-floersbachtal.de\/cms\/wp-content\/uploads\/2023\/10\/Dina-und-Elly1-Okt.23-300x221.jpg 300w, https:\/\/collies-vom-floersbachtal.de\/cms\/wp-content\/uploads\/2023\/10\/Dina-und-Elly1-Okt.23-768x567.jpg 768w, https:\/\/collies-vom-floersbachtal.de\/cms\/wp-content\/uploads\/2023\/10\/Dina-und-Elly1-Okt.23.jpg 1073w\" sizes=\"auto, (max-width: 1024px) 100vw, 1024px\" \/><\/a><\/figure>\n<\/figure>\n\n\n\n<h1 class=\"wp-block-heading\"><strong>News von den 3 Damen im Juni 2023 \ud83d\ude42<\/strong><\/h1>\n\n\n\n<h1 class=\"wp-block-heading\"><strong>Mai 2023 <\/strong><\/h1>\n\n\n\n<figure class=\"wp-block-image size-full\"><a href=\"https:\/\/collies-vom-floersbachtal.de\/cms\/wp-content\/uploads\/2023\/05\/Elly-dina-und-Chuci1-Mai23.jpg\"><img loading=\"lazy\" decoding=\"async\" width=\"1000\" height=\"750\" src=\"https:\/\/collies-vom-floersbachtal.de\/cms\/wp-content\/uploads\/2023\/05\/Elly-dina-und-Chuci1-Mai23.jpg\" alt=\"\" class=\"wp-image-39690\" srcset=\"https:\/\/collies-vom-floersbachtal.de\/cms\/wp-content\/uploads\/2023\/05\/Elly-dina-und-Chuci1-Mai23.jpg 1000w, https:\/\/collies-vom-floersbachtal.de\/cms\/wp-content\/uploads\/2023\/05\/Elly-dina-und-Chuci1-Mai23-300x225.jpg 300w, https:\/\/collies-vom-floersbachtal.de\/cms\/wp-content\/uploads\/2023\/05\/Elly-dina-und-Chuci1-Mai23-768x576.jpg 768w\" sizes=\"auto, (max-width: 1000px) 100vw, 1000px\" \/><\/a><\/figure>\n\n\n\n<h1 class=\"wp-block-heading\"><strong>News von Elly und ihren Freundinnen von ihrer Weltreise im Wohnmobil im M\u00e4rz 2023 \ud83d\ude42<\/strong><\/h1>\n\n\n\n<figure class=\"wp-block-gallery has-nested-images columns-default is-cropped wp-block-gallery-16 is-layout-flex wp-block-gallery-is-layout-flex\">\n<figure class=\"wp-block-image size-large\"><a href=\"https:\/\/collies-vom-floersbachtal.de\/cms\/wp-content\/uploads\/2023\/03\/Elly2-Maerz23.jpg\"><img loading=\"lazy\" decoding=\"async\" width=\"1000\" height=\"1015\" data-id=\"39190\" src=\"https:\/\/collies-vom-floersbachtal.de\/cms\/wp-content\/uploads\/2023\/03\/Elly2-Maerz23.jpg\" alt=\"\" class=\"wp-image-39190\" srcset=\"https:\/\/collies-vom-floersbachtal.de\/cms\/wp-content\/uploads\/2023\/03\/Elly2-Maerz23.jpg 1000w, https:\/\/collies-vom-floersbachtal.de\/cms\/wp-content\/uploads\/2023\/03\/Elly2-Maerz23-296x300.jpg 296w, https:\/\/collies-vom-floersbachtal.de\/cms\/wp-content\/uploads\/2023\/03\/Elly2-Maerz23-768x780.jpg 768w\" sizes=\"auto, (max-width: 1000px) 100vw, 1000px\" \/><\/a><\/figure>\n<\/figure>\n\n\n\n<h1 class=\"wp-block-heading\"><strong>Neujahrsgr\u00fc\u00dfe von Elly und ihren Freundinnen Dina &amp; Chuci \ud83d\ude42<\/strong><\/h1>\n\n\n\n<figure class=\"wp-block-gallery has-nested-images columns-default is-cropped wp-block-gallery-17 is-layout-flex wp-block-gallery-is-layout-flex\">\n<figure class=\"wp-block-image size-large\"><a href=\"https:\/\/collies-vom-floersbachtal.de\/cms\/wp-content\/uploads\/2023\/01\/Dina-Ellyund-Chuci2-Jan.23.jpg\"><img loading=\"lazy\" decoding=\"async\" width=\"576\" height=\"1024\" data-id=\"38666\" src=\"https:\/\/collies-vom-floersbachtal.de\/cms\/wp-content\/uploads\/2023\/01\/Dina-Ellyund-Chuci2-Jan.23-576x1024.jpg\" alt=\"\" class=\"wp-image-38666\" srcset=\"https:\/\/collies-vom-floersbachtal.de\/cms\/wp-content\/uploads\/2023\/01\/Dina-Ellyund-Chuci2-Jan.23-576x1024.jpg 576w, https:\/\/collies-vom-floersbachtal.de\/cms\/wp-content\/uploads\/2023\/01\/Dina-Ellyund-Chuci2-Jan.23-169x300.jpg 169w, https:\/\/collies-vom-floersbachtal.de\/cms\/wp-content\/uploads\/2023\/01\/Dina-Ellyund-Chuci2-Jan.23-768x1365.jpg 768w, https:\/\/collies-vom-floersbachtal.de\/cms\/wp-content\/uploads\/2023\/01\/Dina-Ellyund-Chuci2-Jan.23-864x1536.jpg 864w, https:\/\/collies-vom-floersbachtal.de\/cms\/wp-content\/uploads\/2023\/01\/Dina-Ellyund-Chuci2-Jan.23.jpg 1080w\" sizes=\"auto, (max-width: 576px) 100vw, 576px\" \/><\/a><figcaption class=\"wp-element-caption\">Zur Zeit in Spanien <\/figcaption><\/figure>\n\n\n\n<figure class=\"wp-block-image size-large\"><a href=\"https:\/\/collies-vom-floersbachtal.de\/cms\/wp-content\/uploads\/2023\/01\/Dina-Ellyund-Chuci1-Jan.23.jpg\"><img loading=\"lazy\" decoding=\"async\" width=\"768\" height=\"1024\" data-id=\"38667\" src=\"https:\/\/collies-vom-floersbachtal.de\/cms\/wp-content\/uploads\/2023\/01\/Dina-Ellyund-Chuci1-Jan.23-768x1024.jpg\" alt=\"\" class=\"wp-image-38667\" srcset=\"https:\/\/collies-vom-floersbachtal.de\/cms\/wp-content\/uploads\/2023\/01\/Dina-Ellyund-Chuci1-Jan.23-768x1024.jpg 768w, https:\/\/collies-vom-floersbachtal.de\/cms\/wp-content\/uploads\/2023\/01\/Dina-Ellyund-Chuci1-Jan.23-225x300.jpg 225w, https:\/\/collies-vom-floersbachtal.de\/cms\/wp-content\/uploads\/2023\/01\/Dina-Ellyund-Chuci1-Jan.23-1152x1536.jpg 1152w, https:\/\/collies-vom-floersbachtal.de\/cms\/wp-content\/uploads\/2023\/01\/Dina-Ellyund-Chuci1-Jan.23.jpg 1200w\" sizes=\"auto, (max-width: 768px) 100vw, 768px\" \/><\/a><figcaption class=\"wp-element-caption\">unterwegs<\/figcaption><\/figure>\n<\/figure>\n\n\n\n<h1 class=\"wp-block-heading\"><strong>News von Elly und ihren Freundinnen im November 2022<\/strong><\/h1>\n\n\n\n<figure class=\"wp-block-gallery has-nested-images columns-default is-cropped wp-block-gallery-18 is-layout-flex wp-block-gallery-is-layout-flex\">\n<figure class=\"wp-block-image size-large\"><a href=\"https:\/\/collies-vom-floersbachtal.de\/cms\/wp-content\/uploads\/2022\/11\/Dina-und-Elly1-Nov.22.jpg\"><img loading=\"lazy\" decoding=\"async\" width=\"768\" height=\"1024\" data-id=\"37691\" src=\"https:\/\/collies-vom-floersbachtal.de\/cms\/wp-content\/uploads\/2022\/11\/Dina-und-Elly1-Nov.22-768x1024.jpg\" alt=\"\" class=\"wp-image-37691\" srcset=\"https:\/\/collies-vom-floersbachtal.de\/cms\/wp-content\/uploads\/2022\/11\/Dina-und-Elly1-Nov.22-768x1024.jpg 768w, https:\/\/collies-vom-floersbachtal.de\/cms\/wp-content\/uploads\/2022\/11\/Dina-und-Elly1-Nov.22-225x300.jpg 225w, https:\/\/collies-vom-floersbachtal.de\/cms\/wp-content\/uploads\/2022\/11\/Dina-und-Elly1-Nov.22-1152x1536.jpg 1152w, https:\/\/collies-vom-floersbachtal.de\/cms\/wp-content\/uploads\/2022\/11\/Dina-und-Elly1-Nov.22.jpg 1536w\" sizes=\"auto, (max-width: 768px) 100vw, 768px\" \/><\/a><\/figure>\n<\/figure>\n\n\n\n<figure class=\"wp-block-gallery has-nested-images columns-default is-cropped wp-block-gallery-19 is-layout-flex wp-block-gallery-is-layout-flex\">\n<figure class=\"wp-block-image size-large\"><a href=\"https:\/\/collies-vom-floersbachtal.de\/cms\/wp-content\/uploads\/2022\/11\/Elly1-Okt22.jpg\"><img loading=\"lazy\" decoding=\"async\" width=\"1000\" height=\"750\" data-id=\"37692\" src=\"https:\/\/collies-vom-floersbachtal.de\/cms\/wp-content\/uploads\/2022\/11\/Elly1-Okt22.jpg\" alt=\"\" class=\"wp-image-37692\" srcset=\"https:\/\/collies-vom-floersbachtal.de\/cms\/wp-content\/uploads\/2022\/11\/Elly1-Okt22.jpg 1000w, https:\/\/collies-vom-floersbachtal.de\/cms\/wp-content\/uploads\/2022\/11\/Elly1-Okt22-300x225.jpg 300w, https:\/\/collies-vom-floersbachtal.de\/cms\/wp-content\/uploads\/2022\/11\/Elly1-Okt22-768x576.jpg 768w\" sizes=\"auto, (max-width: 1000px) 100vw, 1000px\" \/><\/a><\/figure>\n<\/figure>\n\n\n\n<h1 class=\"wp-block-heading\"><strong>Neue Aufnahmen von Elly und ihren Freundinnen im Mai 2022 \ud83d\ude42<\/strong><\/h1>\n\n\n\n<figure class=\"wp-block-gallery has-nested-images columns-default is-cropped wp-block-gallery-20 is-layout-flex wp-block-gallery-is-layout-flex\">\n<figure class=\"wp-block-image size-large\"><a href=\"https:\/\/collies-vom-floersbachtal.de\/cms\/wp-content\/uploads\/2022\/05\/Dina-Elly-und-Chuci2-Mai22.jpg\"><img loading=\"lazy\" decoding=\"async\" width=\"717\" height=\"755\" data-id=\"35236\" src=\"https:\/\/collies-vom-floersbachtal.de\/cms\/wp-content\/uploads\/2022\/05\/Dina-Elly-und-Chuci2-Mai22.jpg\" alt=\"\" class=\"wp-image-35236\" srcset=\"https:\/\/collies-vom-floersbachtal.de\/cms\/wp-content\/uploads\/2022\/05\/Dina-Elly-und-Chuci2-Mai22.jpg 717w, https:\/\/collies-vom-floersbachtal.de\/cms\/wp-content\/uploads\/2022\/05\/Dina-Elly-und-Chuci2-Mai22-285x300.jpg 285w\" sizes=\"auto, (max-width: 717px) 100vw, 717px\" \/><\/a><\/figure>\n<figcaption class=\"blocks-gallery-caption wp-element-caption\"><strong>Toll mit dem Aufkleber auf dem Wohni \ud83d\ude42<\/strong><\/figcaption><\/figure>\n\n\n\n<h1 class=\"wp-block-heading\"><strong>Neues Bild vom Jahr 2021 von Elly, Dina und Chuki<\/strong> <strong>\ud83d\ude42<\/strong><\/h1>\n\n\n\n<figure class=\"wp-block-gallery has-nested-images columns-default is-cropped wp-block-gallery-21 is-layout-flex wp-block-gallery-is-layout-flex\">\n<figure class=\"wp-block-image size-large\"><a href=\"https:\/\/collies-vom-floersbachtal.de\/cms\/wp-content\/uploads\/2021\/07\/Dina-Elly-und-Chuki3.jpg\"><img loading=\"lazy\" decoding=\"async\" width=\"1024\" height=\"768\" data-id=\"32810\" src=\"http:\/\/collies-vom-floersbachtal.de\/cms\/wp-content\/uploads\/2021\/07\/Dina-Elly-und-Chuki3-1024x768.jpg\" alt=\"\" class=\"wp-image-32810\" srcset=\"https:\/\/collies-vom-floersbachtal.de\/cms\/wp-content\/uploads\/2021\/07\/Dina-Elly-und-Chuki3-1024x768.jpg 1024w, https:\/\/collies-vom-floersbachtal.de\/cms\/wp-content\/uploads\/2021\/07\/Dina-Elly-und-Chuki3-300x225.jpg 300w, https:\/\/collies-vom-floersbachtal.de\/cms\/wp-content\/uploads\/2021\/07\/Dina-Elly-und-Chuki3-768x576.jpg 768w, https:\/\/collies-vom-floersbachtal.de\/cms\/wp-content\/uploads\/2021\/07\/Dina-Elly-und-Chuki3-1536x1152.jpg 1536w, https:\/\/collies-vom-floersbachtal.de\/cms\/wp-content\/uploads\/2021\/07\/Dina-Elly-und-Chuki3.jpg 2048w\" sizes=\"auto, (max-width: 1024px) 100vw, 1024px\" \/><\/a><\/figure>\n\n\n\n<figure class=\"wp-block-image size-large\"><a href=\"https:\/\/collies-vom-floersbachtal.de\/cms\/wp-content\/uploads\/2021\/07\/Dina-Elly-und-Chuki1.jpg\"><img loading=\"lazy\" decoding=\"async\" width=\"1024\" height=\"768\" data-id=\"32811\" src=\"http:\/\/collies-vom-floersbachtal.de\/cms\/wp-content\/uploads\/2021\/07\/Dina-Elly-und-Chuki1-1024x768.jpg\" alt=\"\" class=\"wp-image-32811\" srcset=\"https:\/\/collies-vom-floersbachtal.de\/cms\/wp-content\/uploads\/2021\/07\/Dina-Elly-und-Chuki1-1024x768.jpg 1024w, https:\/\/collies-vom-floersbachtal.de\/cms\/wp-content\/uploads\/2021\/07\/Dina-Elly-und-Chuki1-300x225.jpg 300w, https:\/\/collies-vom-floersbachtal.de\/cms\/wp-content\/uploads\/2021\/07\/Dina-Elly-und-Chuki1-768x576.jpg 768w, https:\/\/collies-vom-floersbachtal.de\/cms\/wp-content\/uploads\/2021\/07\/Dina-Elly-und-Chuki1-1536x1152.jpg 1536w, https:\/\/collies-vom-floersbachtal.de\/cms\/wp-content\/uploads\/2021\/07\/Dina-Elly-und-Chuki1.jpg 2048w\" sizes=\"auto, (max-width: 1024px) 100vw, 1024px\" \/><\/a><\/figure>\n<\/figure>\n\n\n\n<figure class=\"wp-block-gallery has-nested-images columns-default is-cropped wp-block-gallery-22 is-layout-flex wp-block-gallery-is-layout-flex\">\n<figure class=\"wp-block-image size-large\"><a href=\"https:\/\/collies-vom-floersbachtal.de\/cms\/wp-content\/uploads\/2021\/04\/Elly-Dina-und-Chuki1.jpg\"><img loading=\"lazy\" decoding=\"async\" width=\"843\" height=\"837\" data-id=\"31327\" src=\"http:\/\/collies-vom-floersbachtal.de\/cms\/wp-content\/uploads\/2021\/04\/Elly-Dina-und-Chuki1.jpg\" alt=\"\" class=\"wp-image-31327\" srcset=\"https:\/\/collies-vom-floersbachtal.de\/cms\/wp-content\/uploads\/2021\/04\/Elly-Dina-und-Chuki1.jpg 843w, https:\/\/collies-vom-floersbachtal.de\/cms\/wp-content\/uploads\/2021\/04\/Elly-Dina-und-Chuki1-300x298.jpg 300w, https:\/\/collies-vom-floersbachtal.de\/cms\/wp-content\/uploads\/2021\/04\/Elly-Dina-und-Chuki1-150x150.jpg 150w, https:\/\/collies-vom-floersbachtal.de\/cms\/wp-content\/uploads\/2021\/04\/Elly-Dina-und-Chuki1-768x763.jpg 768w\" sizes=\"auto, (max-width: 843px) 100vw, 843px\" \/><\/a><\/figure>\n<\/figure>\n\n\n<h1><strong>Neue Fotos von der s\u00fc\u00dfen Elly und ihren Freundinnen Dina &amp; Chuki im Januar 2020 \ud83d\ude00<\/strong><\/h1>\n<h2><a href=\"http:\/\/collies-vom-floersbachtal.de\/cms\/wp-content\/uploads\/2016\/03\/Elli-Dina-und-Chuki3-Jan.20.jpg\"><img loading=\"lazy\" decoding=\"async\" class=\"aligncenter size-large wp-image-28190\" title=\"Elli, Dina und Chuki3 Jan.20\" src=\"http:\/\/collies-vom-floersbachtal.de\/cms\/wp-content\/uploads\/2016\/03\/Elli-Dina-und-Chuki3-Jan.20-1024x682.jpg\" alt=\"\" width=\"640\" height=\"426\" srcset=\"https:\/\/collies-vom-floersbachtal.de\/cms\/wp-content\/uploads\/2016\/03\/Elli-Dina-und-Chuki3-Jan.20-1024x682.jpg 1024w, https:\/\/collies-vom-floersbachtal.de\/cms\/wp-content\/uploads\/2016\/03\/Elli-Dina-und-Chuki3-Jan.20-300x200.jpg 300w, https:\/\/collies-vom-floersbachtal.de\/cms\/wp-content\/uploads\/2016\/03\/Elli-Dina-und-Chuki3-Jan.20.jpg 1728w\" sizes=\"auto, (max-width: 640px) 100vw, 640px\" \/><\/a><\/h2>\n<h2><strong>Neue Fotos von Elly und Dina im M\u00e4rz 2019<\/strong><\/h2>\n<p><a href=\"http:\/\/collies-vom-floersbachtal.de\/cms\/wp-content\/uploads\/2016\/03\/Elly-Dina-und-Chuki1-M\u00e4rz19.jpg\"><img loading=\"lazy\" decoding=\"async\" class=\"aligncenter size-full wp-image-26590\" title=\"Elly, Dina und Chuki1 M\u00e4rz19\" src=\"http:\/\/collies-vom-floersbachtal.de\/cms\/wp-content\/uploads\/2016\/03\/Elly-Dina-und-Chuki1-M\u00e4rz19.jpg\" alt=\"\" width=\"640\" height=\"960\" srcset=\"https:\/\/collies-vom-floersbachtal.de\/cms\/wp-content\/uploads\/2016\/03\/Elly-Dina-und-Chuki1-M\u00e4rz19.jpg 640w, https:\/\/collies-vom-floersbachtal.de\/cms\/wp-content\/uploads\/2016\/03\/Elly-Dina-und-Chuki1-M\u00e4rz19-200x300.jpg 200w\" sizes=\"auto, (max-width: 640px) 100vw, 640px\" \/><\/a><br \/><a href=\"http:\/\/collies-vom-floersbachtal.de\/cms\/wp-content\/uploads\/2016\/03\/EllyChuki-und-Dina1-Dez.18.jpg\"><img loading=\"lazy\" decoding=\"async\" class=\"aligncenter size-full wp-image-26591\" title=\"Elly,Chuki und Dina1 Dez.18\" src=\"http:\/\/collies-vom-floersbachtal.de\/cms\/wp-content\/uploads\/2016\/03\/EllyChuki-und-Dina1-Dez.18.jpg\" alt=\"\" width=\"931\" height=\"960\" srcset=\"https:\/\/collies-vom-floersbachtal.de\/cms\/wp-content\/uploads\/2016\/03\/EllyChuki-und-Dina1-Dez.18.jpg 931w, https:\/\/collies-vom-floersbachtal.de\/cms\/wp-content\/uploads\/2016\/03\/EllyChuki-und-Dina1-Dez.18-290x300.jpg 290w\" sizes=\"auto, (max-width: 931px) 100vw, 931px\" \/><\/a><br \/><a href=\"http:\/\/collies-vom-floersbachtal.de\/cms\/wp-content\/uploads\/2016\/03\/Elly1-M\u00e4rz19.jpg\"><img loading=\"lazy\" decoding=\"async\" class=\"aligncenter size-large wp-image-26592\" title=\"Elly1 M\u00e4rz19\" src=\"http:\/\/collies-vom-floersbachtal.de\/cms\/wp-content\/uploads\/2016\/03\/Elly1-M\u00e4rz19-1024x682.jpg\" alt=\"\" width=\"640\" height=\"426\" srcset=\"https:\/\/collies-vom-floersbachtal.de\/cms\/wp-content\/uploads\/2016\/03\/Elly1-M\u00e4rz19-1024x682.jpg 1024w, https:\/\/collies-vom-floersbachtal.de\/cms\/wp-content\/uploads\/2016\/03\/Elly1-M\u00e4rz19-300x200.jpg 300w, https:\/\/collies-vom-floersbachtal.de\/cms\/wp-content\/uploads\/2016\/03\/Elly1-M\u00e4rz19.jpg 1728w\" sizes=\"auto, (max-width: 640px) 100vw, 640px\" \/><\/a><\/p>\n<h2><strong>News bei Elly und ihren Freundinnen im November 2018<\/strong><\/h2>\n<h2><a href=\"http:\/\/collies-vom-floersbachtal.de\/cms\/wp-content\/uploads\/2016\/03\/Elly-und-Chuki2-Nov.18.jpg\"><img loading=\"lazy\" decoding=\"async\" class=\"aligncenter size-large wp-image-24476\" title=\"Elly und Chuki2 Nov.18\" src=\"http:\/\/collies-vom-floersbachtal.de\/cms\/wp-content\/uploads\/2016\/03\/Elly-und-Chuki2-Nov.18-1024x682.jpg\" alt=\"\" width=\"640\" height=\"426\" srcset=\"https:\/\/collies-vom-floersbachtal.de\/cms\/wp-content\/uploads\/2016\/03\/Elly-und-Chuki2-Nov.18-1024x682.jpg 1024w, https:\/\/collies-vom-floersbachtal.de\/cms\/wp-content\/uploads\/2016\/03\/Elly-und-Chuki2-Nov.18-300x200.jpg 300w, https:\/\/collies-vom-floersbachtal.de\/cms\/wp-content\/uploads\/2016\/03\/Elly-und-Chuki2-Nov.18.jpg 1728w\" sizes=\"auto, (max-width: 640px) 100vw, 640px\" \/><\/a><a href=\"http:\/\/collies-vom-floersbachtal.de\/cms\/wp-content\/uploads\/2016\/03\/Elly-Dina-und-Chuki2-Nov.18.jpg\"><img loading=\"lazy\" decoding=\"async\" class=\"aligncenter size-large wp-image-24478\" title=\"Elly, Dina und Chuki2 Nov.18\" src=\"http:\/\/collies-vom-floersbachtal.de\/cms\/wp-content\/uploads\/2016\/03\/Elly-Dina-und-Chuki2-Nov.18-1024x682.jpg\" alt=\"\" width=\"640\" height=\"426\" srcset=\"https:\/\/collies-vom-floersbachtal.de\/cms\/wp-content\/uploads\/2016\/03\/Elly-Dina-und-Chuki2-Nov.18-1024x682.jpg 1024w, https:\/\/collies-vom-floersbachtal.de\/cms\/wp-content\/uploads\/2016\/03\/Elly-Dina-und-Chuki2-Nov.18-300x200.jpg 300w, https:\/\/collies-vom-floersbachtal.de\/cms\/wp-content\/uploads\/2016\/03\/Elly-Dina-und-Chuki2-Nov.18.jpg 1728w\" sizes=\"auto, (max-width: 640px) 100vw, 640px\" \/><\/a><\/h2>\n<h2><strong>Elly und ihre Freundinnen Herbst 2018<a href=\"http:\/\/collies-vom-floersbachtal.de\/cms\/wp-content\/uploads\/2016\/03\/Elly-und-Dina1-Okt.18.jpg\"><img loading=\"lazy\" decoding=\"async\" class=\"aligncenter size-large wp-image-24231\" title=\"Elly und Dina1 Okt.18\" src=\"http:\/\/collies-vom-floersbachtal.de\/cms\/wp-content\/uploads\/2016\/03\/Elly-und-Dina1-Okt.18-1024x682.jpg\" alt=\"\" width=\"640\" height=\"426\" srcset=\"https:\/\/collies-vom-floersbachtal.de\/cms\/wp-content\/uploads\/2016\/03\/Elly-und-Dina1-Okt.18-1024x682.jpg 1024w, https:\/\/collies-vom-floersbachtal.de\/cms\/wp-content\/uploads\/2016\/03\/Elly-und-Dina1-Okt.18-300x200.jpg 300w, https:\/\/collies-vom-floersbachtal.de\/cms\/wp-content\/uploads\/2016\/03\/Elly-und-Dina1-Okt.18.jpg 1728w\" sizes=\"auto, (max-width: 640px) 100vw, 640px\" \/><\/a><\/strong><\/h2>\n<h2><a href=\"http:\/\/collies-vom-floersbachtal.de\/cms\/wp-content\/uploads\/2016\/03\/Elly-Dina-und-Chuki1-Oktober-18.jpg\"><img loading=\"lazy\" decoding=\"async\" class=\"aligncenter size-full wp-image-24232\" title=\"Elly, Dina und Chuki1 Oktober 18\" src=\"http:\/\/collies-vom-floersbachtal.de\/cms\/wp-content\/uploads\/2016\/03\/Elly-Dina-und-Chuki1-Oktober-18.jpg\" alt=\"\" width=\"640\" height=\"480\" srcset=\"https:\/\/collies-vom-floersbachtal.de\/cms\/wp-content\/uploads\/2016\/03\/Elly-Dina-und-Chuki1-Oktober-18.jpg 640w, https:\/\/collies-vom-floersbachtal.de\/cms\/wp-content\/uploads\/2016\/03\/Elly-Dina-und-Chuki1-Oktober-18-300x225.jpg 300w\" sizes=\"auto, (max-width: 640px) 100vw, 640px\" \/><\/a><a href=\"http:\/\/collies-vom-floersbachtal.de\/cms\/wp-content\/uploads\/2016\/03\/Dina-Chuki-und-Elly1-Oktober18.jpg\"><img loading=\"lazy\" decoding=\"async\" class=\"aligncenter size-large wp-image-24233\" title=\"Dina, Chuki und Elly1 Oktober18\" src=\"http:\/\/collies-vom-floersbachtal.de\/cms\/wp-content\/uploads\/2016\/03\/Dina-Chuki-und-Elly1-Oktober18-1024x768.jpg\" alt=\"\" width=\"640\" height=\"480\" srcset=\"https:\/\/collies-vom-floersbachtal.de\/cms\/wp-content\/uploads\/2016\/03\/Dina-Chuki-und-Elly1-Oktober18-1024x768.jpg 1024w, https:\/\/collies-vom-floersbachtal.de\/cms\/wp-content\/uploads\/2016\/03\/Dina-Chuki-und-Elly1-Oktober18-300x225.jpg 300w, https:\/\/collies-vom-floersbachtal.de\/cms\/wp-content\/uploads\/2016\/03\/Dina-Chuki-und-Elly1-Oktober18.jpg 1984w\" sizes=\"auto, (max-width: 640px) 100vw, 640px\" \/><\/a><\/h2>\n<h2><strong>Neuigkeiten von Elly Elegance mit 1,5 Jahren \ud83d\ude00<\/strong><\/h2>\n<p><strong>Sch\u00f6ne Fotos in ihrem geliebten Donuts\u00a0 von Elly &amp; Dina vom Fl\u00f6rsbachtal \ud83d\ude1b<\/strong>&#8220;\u00a0<img loading=\"lazy\" decoding=\"async\" title=\"Elly &amp; Dina1 Feb.18\" src=\"http:\/\/collies-vom-floersbachtal.de\/cms\/wp-content\/uploads\/2016\/03\/Elly-Dina1-Feb.18-1024x682.jpg\" alt=\"\" width=\"640\" height=\"426\" \/><img loading=\"lazy\" decoding=\"async\" title=\"Elly &amp; Dina2 Feb.18\" src=\"http:\/\/collies-vom-floersbachtal.de\/cms\/wp-content\/uploads\/2016\/03\/Elly-Dina2-Feb.18-1024x682.jpg\" alt=\"\" width=\"640\" height=\"426\" \/><\/p>\n<h3>Wer gerne so einen Donuts h\u00e4tte, einfach eine kleine Email an mich. \ud83d\ude00\u00a0 Es gibt sie auch in anderen Gr\u00f6\u00dfen.<\/h3>\n<p><strong>NEWS von Elly Sommer 2018<\/strong><\/p>\n<p>Liebe Susanne lieber Gernot,<br \/>hier kommt noch Neues von unserer Maus Elly. Sie hat sich wie Ihr sehen k\u00f6nnt, zu einer h\u00fcbschen Dame entwickelt. Elly ist ein Schmuser vor dem Herrn, sie f\u00e4llt fast ins Coma, wenn man mit ihr kuschelt und hat das gro\u00dfe Talent, immer jemanden zu finden, der sie krault wenn sie es m\u00f6chte. Auch von Dina l\u00e4sst sie sich \u00f6fter z\u00e4rtlich beknabbern, dabei liegt sie regungungslos auf dem R\u00fccken. Sie kann aber auch mit einem schiefen Blick R\u00fcden in die Flucht schlagen. Da l\u00e4sst sie sich nichts gefallen. Ob es Autofahren, fremde Gegenden, oder sonst etwas Unvorhergesehenes passiert, sie l\u00e4sst sich von nichts beeindrucken. Genauso wie ihre Freundin Dina. Das ist auch mit Euer Verdienst Danach liegt es nat\u00fcrlich dann weiter an den neuen Besitzern, die Welpen zu f\u00f6rdern.<br \/>Daf\u00fcr Danken wir Euch Beiden, Susanne und Gernot.<a href=\"http:\/\/collies-vom-floersbachtal.de\/cms\/wp-content\/uploads\/2016\/03\/Elly1-Juli18.jpg\"><img loading=\"lazy\" decoding=\"async\" class=\"aligncenter size-large wp-image-23311\" title=\"Elly1 Juli18\" src=\"http:\/\/collies-vom-floersbachtal.de\/cms\/wp-content\/uploads\/2016\/03\/Elly1-Juli18-831x1024.jpg\" alt=\"\" width=\"640\" height=\"788\" srcset=\"https:\/\/collies-vom-floersbachtal.de\/cms\/wp-content\/uploads\/2016\/03\/Elly1-Juli18-831x1024.jpg 831w, https:\/\/collies-vom-floersbachtal.de\/cms\/wp-content\/uploads\/2016\/03\/Elly1-Juli18-243x300.jpg 243w, https:\/\/collies-vom-floersbachtal.de\/cms\/wp-content\/uploads\/2016\/03\/Elly1-Juli18.jpg 1663w\" sizes=\"auto, (max-width: 640px) 100vw, 640px\" \/><\/a><a href=\"http:\/\/collies-vom-floersbachtal.de\/cms\/wp-content\/uploads\/2016\/03\/Elly3-Juli18.jpg\"><img loading=\"lazy\" decoding=\"async\" class=\"aligncenter size-large wp-image-23313\" title=\"Elly3 Juli18\" src=\"http:\/\/collies-vom-floersbachtal.de\/cms\/wp-content\/uploads\/2016\/03\/Elly3-Juli18-1024x826.jpg\" alt=\"\" width=\"640\" height=\"516\" srcset=\"https:\/\/collies-vom-floersbachtal.de\/cms\/wp-content\/uploads\/2016\/03\/Elly3-Juli18-1024x826.jpg 1024w, https:\/\/collies-vom-floersbachtal.de\/cms\/wp-content\/uploads\/2016\/03\/Elly3-Juli18-300x242.jpg 300w, https:\/\/collies-vom-floersbachtal.de\/cms\/wp-content\/uploads\/2016\/03\/Elly3-Juli18.jpg 2048w\" sizes=\"auto, (max-width: 640px) 100vw, 640px\" \/><\/a><a href=\"http:\/\/collies-vom-floersbachtal.de\/cms\/wp-content\/uploads\/2016\/03\/Elly4-Juli18.jpg\"><img loading=\"lazy\" decoding=\"async\" class=\"aligncenter size-large wp-image-23314\" title=\"Elly4 Juli18\" src=\"http:\/\/collies-vom-floersbachtal.de\/cms\/wp-content\/uploads\/2016\/03\/Elly4-Juli18-1024x562.jpg\" alt=\"\" width=\"640\" height=\"351\" srcset=\"https:\/\/collies-vom-floersbachtal.de\/cms\/wp-content\/uploads\/2016\/03\/Elly4-Juli18-1024x562.jpg 1024w, https:\/\/collies-vom-floersbachtal.de\/cms\/wp-content\/uploads\/2016\/03\/Elly4-Juli18-300x164.jpg 300w, https:\/\/collies-vom-floersbachtal.de\/cms\/wp-content\/uploads\/2016\/03\/Elly4-Juli18.jpg 2048w\" sizes=\"auto, (max-width: 640px) 100vw, 640px\" \/><\/a><\/p>\n<p><a href=\"http:\/\/collies-vom-floersbachtal.de\/cms\/wp-content\/uploads\/2016\/03\/Elly7-Juli18.jpg\"><img loading=\"lazy\" decoding=\"async\" class=\"aligncenter size-large wp-image-23317\" title=\"Elly7 Juli18\" src=\"http:\/\/collies-vom-floersbachtal.de\/cms\/wp-content\/uploads\/2016\/03\/Elly7-Juli18-1024x704.jpg\" alt=\"\" width=\"640\" height=\"440\" srcset=\"https:\/\/collies-vom-floersbachtal.de\/cms\/wp-content\/uploads\/2016\/03\/Elly7-Juli18-1024x704.jpg 1024w, https:\/\/collies-vom-floersbachtal.de\/cms\/wp-content\/uploads\/2016\/03\/Elly7-Juli18-300x206.jpg 300w, https:\/\/collies-vom-floersbachtal.de\/cms\/wp-content\/uploads\/2016\/03\/Elly7-Juli18.jpg 2048w\" sizes=\"auto, (max-width: 640px) 100vw, 640px\" \/><\/a><\/p>\n<p><a href=\"http:\/\/collies-vom-floersbachtal.de\/cms\/wp-content\/uploads\/2016\/03\/Elly1-Sommer.jpg\"><img loading=\"lazy\" decoding=\"async\" class=\"aligncenter size-full wp-image-23161\" title=\"Elly1 Sommer\" src=\"http:\/\/collies-vom-floersbachtal.de\/cms\/wp-content\/uploads\/2016\/03\/Elly1-Sommer.jpg\" alt=\"\" width=\"986\" height=\"512\" srcset=\"https:\/\/collies-vom-floersbachtal.de\/cms\/wp-content\/uploads\/2016\/03\/Elly1-Sommer.jpg 986w, https:\/\/collies-vom-floersbachtal.de\/cms\/wp-content\/uploads\/2016\/03\/Elly1-Sommer-300x155.jpg 300w\" sizes=\"auto, (max-width: 986px) 100vw, 986px\" \/><\/a><strong><a href=\"http:\/\/collies-vom-floersbachtal.de\/cms\/wp-content\/uploads\/2016\/03\/Elly1-Juni18.jpg\"><img loading=\"lazy\" decoding=\"async\" class=\"aligncenter size-large wp-image-23160\" title=\"Elly1 Juni18\" src=\"http:\/\/collies-vom-floersbachtal.de\/cms\/wp-content\/uploads\/2016\/03\/Elly1-Juni18-1024x682.jpg\" alt=\"\" width=\"640\" height=\"426\" srcset=\"https:\/\/collies-vom-floersbachtal.de\/cms\/wp-content\/uploads\/2016\/03\/Elly1-Juni18-1024x682.jpg 1024w, https:\/\/collies-vom-floersbachtal.de\/cms\/wp-content\/uploads\/2016\/03\/Elly1-Juni18-300x199.jpg 300w, https:\/\/collies-vom-floersbachtal.de\/cms\/wp-content\/uploads\/2016\/03\/Elly1-Juni18.jpg 2048w\" sizes=\"auto, (max-width: 640px) 100vw, 640px\" \/><\/a><\/strong><\/p>\n<p><a href=\"http:\/\/collies-vom-floersbachtal.de\/cms\/wp-content\/uploads\/2016\/03\/Elly1-Jan17.jpg\"><img loading=\"lazy\" decoding=\"async\" class=\"aligncenter size-large wp-image-23159\" title=\"Elly1 Jan17\" src=\"http:\/\/collies-vom-floersbachtal.de\/cms\/wp-content\/uploads\/2016\/03\/Elly1-Jan17-1024x682.jpg\" alt=\"\" width=\"640\" height=\"426\" srcset=\"https:\/\/collies-vom-floersbachtal.de\/cms\/wp-content\/uploads\/2016\/03\/Elly1-Jan17-1024x682.jpg 1024w, https:\/\/collies-vom-floersbachtal.de\/cms\/wp-content\/uploads\/2016\/03\/Elly1-Jan17-300x200.jpg 300w, https:\/\/collies-vom-floersbachtal.de\/cms\/wp-content\/uploads\/2016\/03\/Elly1-Jan17.jpg 1296w\" sizes=\"auto, (max-width: 640px) 100vw, 640px\" \/><\/a><\/p>\n<p><strong>News im Mai 2018 von Elly &amp; Dina<\/strong>\u00a0<a href=\"http:\/\/collies-vom-floersbachtal.de\/cms\/wp-content\/uploads\/2016\/03\/Elly1-M\u00e4rz18.jpg\"><img loading=\"lazy\" decoding=\"async\" class=\"aligncenter size-large wp-image-22716\" title=\"Elly1 M\u00e4rz18\" src=\"http:\/\/collies-vom-floersbachtal.de\/cms\/wp-content\/uploads\/2016\/03\/Elly1-M\u00e4rz18-1024x682.jpg\" alt=\"\" width=\"640\" height=\"426\" srcset=\"https:\/\/collies-vom-floersbachtal.de\/cms\/wp-content\/uploads\/2016\/03\/Elly1-M\u00e4rz18-1024x682.jpg 1024w, https:\/\/collies-vom-floersbachtal.de\/cms\/wp-content\/uploads\/2016\/03\/Elly1-M\u00e4rz18-300x200.jpg 300w, https:\/\/collies-vom-floersbachtal.de\/cms\/wp-content\/uploads\/2016\/03\/Elly1-M\u00e4rz18.jpg 1728w\" sizes=\"auto, (max-width: 640px) 100vw, 640px\" \/><\/a><br \/><a href=\"http:\/\/collies-vom-floersbachtal.de\/cms\/wp-content\/uploads\/2016\/03\/Elly-Dina6-M\u00e4rz18.jpg\"><img loading=\"lazy\" decoding=\"async\" class=\"aligncenter size-large wp-image-22713\" title=\"Elly &amp; Dina6 M\u00e4rz18\" src=\"http:\/\/collies-vom-floersbachtal.de\/cms\/wp-content\/uploads\/2016\/03\/Elly-Dina6-M\u00e4rz18-1024x682.jpg\" alt=\"\" width=\"640\" height=\"426\" srcset=\"https:\/\/collies-vom-floersbachtal.de\/cms\/wp-content\/uploads\/2016\/03\/Elly-Dina6-M\u00e4rz18-1024x682.jpg 1024w, https:\/\/collies-vom-floersbachtal.de\/cms\/wp-content\/uploads\/2016\/03\/Elly-Dina6-M\u00e4rz18-300x200.jpg 300w, https:\/\/collies-vom-floersbachtal.de\/cms\/wp-content\/uploads\/2016\/03\/Elly-Dina6-M\u00e4rz18.jpg 1728w\" sizes=\"auto, (max-width: 640px) 100vw, 640px\" \/><\/a><a href=\"http:\/\/collies-vom-floersbachtal.de\/cms\/wp-content\/uploads\/2016\/03\/Elly-Dina2-M\u00e4rz18.jpg\"><img loading=\"lazy\" decoding=\"async\" class=\"aligncenter size-large wp-image-22709\" title=\"Elly &amp; Dina2 M\u00e4rz18\" src=\"http:\/\/collies-vom-floersbachtal.de\/cms\/wp-content\/uploads\/2016\/03\/Elly-Dina2-M\u00e4rz18-1024x682.jpg\" alt=\"\" width=\"640\" height=\"426\" srcset=\"https:\/\/collies-vom-floersbachtal.de\/cms\/wp-content\/uploads\/2016\/03\/Elly-Dina2-M\u00e4rz18-1024x682.jpg 1024w, https:\/\/collies-vom-floersbachtal.de\/cms\/wp-content\/uploads\/2016\/03\/Elly-Dina2-M\u00e4rz18-300x200.jpg 300w, https:\/\/collies-vom-floersbachtal.de\/cms\/wp-content\/uploads\/2016\/03\/Elly-Dina2-M\u00e4rz18.jpg 1728w\" sizes=\"auto, (max-width: 640px) 100vw, 640px\" \/><\/a><br \/><strong>Feb. 2018 <\/strong><a href=\"http:\/\/collies-vom-floersbachtal.de\/cms\/wp-content\/uploads\/2016\/03\/Elly-Dina1-Feb.18.jpg\"><img loading=\"lazy\" decoding=\"async\" class=\"aligncenter size-large wp-image-22714\" title=\"Elly &amp; Dina1 Feb.18\" src=\"http:\/\/collies-vom-floersbachtal.de\/cms\/wp-content\/uploads\/2016\/03\/Elly-Dina1-Feb.18-1024x682.jpg\" alt=\"\" width=\"640\" height=\"426\" srcset=\"https:\/\/collies-vom-floersbachtal.de\/cms\/wp-content\/uploads\/2016\/03\/Elly-Dina1-Feb.18-1024x682.jpg 1024w, https:\/\/collies-vom-floersbachtal.de\/cms\/wp-content\/uploads\/2016\/03\/Elly-Dina1-Feb.18-300x200.jpg 300w, https:\/\/collies-vom-floersbachtal.de\/cms\/wp-content\/uploads\/2016\/03\/Elly-Dina1-Feb.18.jpg 1728w\" sizes=\"auto, (max-width: 640px) 100vw, 640px\" \/><\/a><br \/><a href=\"http:\/\/collies-vom-floersbachtal.de\/cms\/wp-content\/uploads\/2016\/03\/Elly-Dina2-Feb.18.jpg\"><img loading=\"lazy\" decoding=\"async\" class=\"aligncenter size-large wp-image-22715\" title=\"Elly &amp; Dina2 Feb.18\" src=\"http:\/\/collies-vom-floersbachtal.de\/cms\/wp-content\/uploads\/2016\/03\/Elly-Dina2-Feb.18-1024x682.jpg\" alt=\"\" width=\"640\" height=\"426\" srcset=\"https:\/\/collies-vom-floersbachtal.de\/cms\/wp-content\/uploads\/2016\/03\/Elly-Dina2-Feb.18-1024x682.jpg 1024w, https:\/\/collies-vom-floersbachtal.de\/cms\/wp-content\/uploads\/2016\/03\/Elly-Dina2-Feb.18-300x200.jpg 300w, https:\/\/collies-vom-floersbachtal.de\/cms\/wp-content\/uploads\/2016\/03\/Elly-Dina2-Feb.18.jpg 1728w\" sizes=\"auto, (max-width: 640px) 100vw, 640px\" \/><\/a><\/p>\n<p>Elly &amp; ihre Freundin Dina aus unserem D-Wurf \ud83d\ude00<\/p>\n<h3><a href=\"http:\/\/collies-vom-floersbachtal.de\/cms\/wp-content\/uploads\/2016\/03\/Elly1-Mai17.jpg\"><img loading=\"lazy\" decoding=\"async\" class=\"aligncenter size-large wp-image-19312\" title=\"Elly1 Mai17\" src=\"http:\/\/collies-vom-floersbachtal.de\/cms\/wp-content\/uploads\/2016\/03\/Elly1-Mai17-1024x682.jpg\" alt=\"\" width=\"640\" height=\"426\" srcset=\"https:\/\/collies-vom-floersbachtal.de\/cms\/wp-content\/uploads\/2016\/03\/Elly1-Mai17-1024x682.jpg 1024w, https:\/\/collies-vom-floersbachtal.de\/cms\/wp-content\/uploads\/2016\/03\/Elly1-Mai17-300x199.jpg 300w, https:\/\/collies-vom-floersbachtal.de\/cms\/wp-content\/uploads\/2016\/03\/Elly1-Mai17.jpg 2048w\" sizes=\"auto, (max-width: 640px) 100vw, 640px\" \/><\/a><a href=\"http:\/\/collies-vom-floersbachtal.de\/cms\/wp-content\/uploads\/2016\/03\/Elly4-Mai17.jpg\"><img loading=\"lazy\" decoding=\"async\" class=\"aligncenter size-large wp-image-19315\" title=\"Elly4 Mai17\" src=\"http:\/\/collies-vom-floersbachtal.de\/cms\/wp-content\/uploads\/2016\/03\/Elly4-Mai17-1024x682.jpg\" alt=\"\" width=\"640\" height=\"426\" srcset=\"https:\/\/collies-vom-floersbachtal.de\/cms\/wp-content\/uploads\/2016\/03\/Elly4-Mai17-1024x682.jpg 1024w, https:\/\/collies-vom-floersbachtal.de\/cms\/wp-content\/uploads\/2016\/03\/Elly4-Mai17-300x199.jpg 300w, https:\/\/collies-vom-floersbachtal.de\/cms\/wp-content\/uploads\/2016\/03\/Elly4-Mai17.jpg 2048w\" sizes=\"auto, (max-width: 640px) 100vw, 640px\" \/><\/a>Wow, was eine h\u00fcbsche Maus aus ihr geworden ist. \ud83d\ude00<\/h3>\n<p><strong>News von Elly im Dezember 2016<a href=\"http:\/\/collies-vom-floersbachtal.de\/cms\/wp-content\/uploads\/2016\/03\/Elly2-Dez.16.jpg\"><img loading=\"lazy\" decoding=\"async\" class=\"aligncenter size-full wp-image-18586\" title=\"Elly2 Dez.16\" src=\"http:\/\/collies-vom-floersbachtal.de\/cms\/wp-content\/uploads\/2016\/03\/Elly2-Dez.16.jpg\" alt=\"\" width=\"640\" height=\"960\" srcset=\"https:\/\/collies-vom-floersbachtal.de\/cms\/wp-content\/uploads\/2016\/03\/Elly2-Dez.16.jpg 640w, https:\/\/collies-vom-floersbachtal.de\/cms\/wp-content\/uploads\/2016\/03\/Elly2-Dez.16-200x300.jpg 200w\" sizes=\"auto, (max-width: 640px) 100vw, 640px\" \/><\/a><\/strong><\/p>\n<p><a href=\"http:\/\/collies-vom-floersbachtal.de\/cms\/wp-content\/uploads\/2016\/03\/Elly1-Dez.16.jpg\"><img loading=\"lazy\" decoding=\"async\" class=\"aligncenter size-large wp-image-18584\" title=\"Elly1 Dez.16\" src=\"http:\/\/collies-vom-floersbachtal.de\/cms\/wp-content\/uploads\/2016\/03\/Elly1-Dez.16-1024x682.jpg\" alt=\"\" width=\"640\" height=\"426\" srcset=\"https:\/\/collies-vom-floersbachtal.de\/cms\/wp-content\/uploads\/2016\/03\/Elly1-Dez.16-1024x682.jpg 1024w, https:\/\/collies-vom-floersbachtal.de\/cms\/wp-content\/uploads\/2016\/03\/Elly1-Dez.16-300x200.jpg 300w, https:\/\/collies-vom-floersbachtal.de\/cms\/wp-content\/uploads\/2016\/03\/Elly1-Dez.16.jpg 1296w\" sizes=\"auto, (max-width: 640px) 100vw, 640px\" \/><\/a><\/p>\n<p><a href=\"http:\/\/collies-vom-floersbachtal.de\/cms\/wp-content\/uploads\/2016\/03\/Elly-Dina-Dez.16.jpg\"><img loading=\"lazy\" decoding=\"async\" class=\"aligncenter size-full wp-image-18582\" title=\"Elly &amp; Dina Dez.16\" src=\"http:\/\/collies-vom-floersbachtal.de\/cms\/wp-content\/uploads\/2016\/03\/Elly-Dina-Dez.16.jpg\" alt=\"\" width=\"960\" height=\"960\" srcset=\"https:\/\/collies-vom-floersbachtal.de\/cms\/wp-content\/uploads\/2016\/03\/Elly-Dina-Dez.16.jpg 960w, https:\/\/collies-vom-floersbachtal.de\/cms\/wp-content\/uploads\/2016\/03\/Elly-Dina-Dez.16-150x150.jpg 150w, https:\/\/collies-vom-floersbachtal.de\/cms\/wp-content\/uploads\/2016\/03\/Elly-Dina-Dez.16-300x300.jpg 300w\" sizes=\"auto, (max-width: 960px) 100vw, 960px\" \/><\/a>Elly (E-Wurf) &amp; Dina (D-Wurf) sind so tolle Freundinnen geworden und haben sich zu wahren Sch\u00f6nheiten entwickelt.<\/p>\n<p><strong>News im April 2016 von Elly &amp; ihrer Freundin Dina \ud83d\ude00<\/strong><\/p>\n<p>Auf dem Sofa toben, macht Laune \ud83d\ude09<a href=\"http:\/\/collies-vom-floersbachtal.de\/cms\/wp-content\/uploads\/2016\/03\/Elly-Dina2-April16.jpg\"><img loading=\"lazy\" decoding=\"async\" class=\"aligncenter size-medium wp-image-16900\" title=\"Elly &amp; Dina2 April16\" src=\"http:\/\/collies-vom-floersbachtal.de\/cms\/wp-content\/uploads\/2016\/03\/Elly-Dina2-April16-300x200.jpg\" alt=\"\" width=\"300\" height=\"200\" srcset=\"https:\/\/collies-vom-floersbachtal.de\/cms\/wp-content\/uploads\/2016\/03\/Elly-Dina2-April16-300x200.jpg 300w, https:\/\/collies-vom-floersbachtal.de\/cms\/wp-content\/uploads\/2016\/03\/Elly-Dina2-April16.jpg 1000w\" sizes=\"auto, (max-width: 300px) 100vw, 300px\" \/><\/a><a href=\"http:\/\/collies-vom-floersbachtal.de\/cms\/wp-content\/uploads\/2016\/03\/Elly-Dina3-April16.jpg\"><img loading=\"lazy\" decoding=\"async\" class=\"aligncenter size-full wp-image-16901\" title=\"Elly &amp; Dina3 April16\" src=\"http:\/\/collies-vom-floersbachtal.de\/cms\/wp-content\/uploads\/2016\/03\/Elly-Dina3-April16.jpg\" alt=\"\" width=\"2048\" height=\"1152\" srcset=\"https:\/\/collies-vom-floersbachtal.de\/cms\/wp-content\/uploads\/2016\/03\/Elly-Dina3-April16.jpg 2048w, https:\/\/collies-vom-floersbachtal.de\/cms\/wp-content\/uploads\/2016\/03\/Elly-Dina3-April16-300x168.jpg 300w, https:\/\/collies-vom-floersbachtal.de\/cms\/wp-content\/uploads\/2016\/03\/Elly-Dina3-April16-1024x576.jpg 1024w\" sizes=\"auto, (max-width: 2048px) 100vw, 2048px\" \/><\/a>Zu s\u00fc\u00df die Zwei \ud83d\ude1b<a href=\"http:\/\/collies-vom-floersbachtal.de\/cms\/wp-content\/uploads\/2016\/03\/Elly2-im-neuen-Zuhause-M\u00e4rz161.jpg\"><img loading=\"lazy\" decoding=\"async\" class=\"aligncenter size-medium wp-image-16902\" title=\"Elly2 im neuen Zuhause M\u00e4rz16\" src=\"http:\/\/collies-vom-floersbachtal.de\/cms\/wp-content\/uploads\/2016\/03\/Elly2-im-neuen-Zuhause-M\u00e4rz161-300x199.jpg\" alt=\"\" width=\"300\" height=\"199\" srcset=\"https:\/\/collies-vom-floersbachtal.de\/cms\/wp-content\/uploads\/2016\/03\/Elly2-im-neuen-Zuhause-M\u00e4rz161-300x199.jpg 300w, https:\/\/collies-vom-floersbachtal.de\/cms\/wp-content\/uploads\/2016\/03\/Elly2-im-neuen-Zuhause-M\u00e4rz161-1024x682.jpg 1024w, https:\/\/collies-vom-floersbachtal.de\/cms\/wp-content\/uploads\/2016\/03\/Elly2-im-neuen-Zuhause-M\u00e4rz161.jpg 2048w\" sizes=\"auto, (max-width: 300px) 100vw, 300px\" \/><\/a><a href=\"http:\/\/collies-vom-floersbachtal.de\/cms\/wp-content\/uploads\/2016\/03\/Elly3-im-neuen-Zuhause-M\u00e4rz16.jpg\"><img loading=\"lazy\" decoding=\"async\" class=\"aligncenter size-medium wp-image-16903\" title=\"Elly3 im neuen Zuhause M\u00e4rz16\" src=\"http:\/\/collies-vom-floersbachtal.de\/cms\/wp-content\/uploads\/2016\/03\/Elly3-im-neuen-Zuhause-M\u00e4rz16-300x212.jpg\" alt=\"\" width=\"300\" height=\"212\" srcset=\"https:\/\/collies-vom-floersbachtal.de\/cms\/wp-content\/uploads\/2016\/03\/Elly3-im-neuen-Zuhause-M\u00e4rz16-300x212.jpg 300w, https:\/\/collies-vom-floersbachtal.de\/cms\/wp-content\/uploads\/2016\/03\/Elly3-im-neuen-Zuhause-M\u00e4rz16-1024x726.jpg 1024w, https:\/\/collies-vom-floersbachtal.de\/cms\/wp-content\/uploads\/2016\/03\/Elly3-im-neuen-Zuhause-M\u00e4rz16.jpg 1500w\" sizes=\"auto, (max-width: 300px) 100vw, 300px\" \/><\/a>nun sind es schon 2 die die Schaukel lieben. \ud83d\ude09<\/p>\n<p>Hallo liebe Susanne und Gernot,<br \/>wir m\u00f6chten uns ganz herzlich daf\u00fcr bedanken, da\u00df wir die Superelly bekommen haben. Wir waren auf dem Nachhauseweg so begeistert von Elly, wie sie auf meinem Scho\u00df sa\u00df und neugierig aus dem Fenster schaute, da\u00df wir falsch abgebogen waren. Nach einer halben Stunde waren wir fast wieder zur\u00fcck, da wurde Elly unruhig. Wir hielten an und siehe da, sie erledigte ihr Gesch\u00e4ft und wir konnten wieder weiterfahren. Auf der Autobahn in den Kassler Bergen ging diese Unruhe wieder los. Wir also den n\u00e4chstbesten Rastplatz angefahren und mit Elly auf eine Wiese. Nach Ihrem gro\u00dfen Gesch\u00e4ft gings dann mit Dina im K\u00f6rbchen weiter. Dort ist sie dann auch bald eingeschlafen.<br \/>Erst als wir vor dem Haus standen, nach fast 2 Stunden ist sie aufgewacht und hat gleich neugierig alles ohne die geringste Scheu inspiziert.<br \/>Da habt Ihr ganz tolle Vorarbeit geleistet, wir haben einen fast schon fertigen Welpen bekommen. Ein klasse M\u00e4del.<br \/>Danke daf\u00fcr.<br \/>Lg Sonja und Andreas<a href=\"http:\/\/collies-vom-floersbachtal.de\/cms\/wp-content\/uploads\/2016\/03\/Elly1-f\u00e4hrt-nach-Hause-M\u00e4rz16.jpg\"><img loading=\"lazy\" decoding=\"async\" class=\"aligncenter size-medium wp-image-16737\" title=\"Elly1 f\u00e4hrt nach Hause M\u00e4rz16\" src=\"http:\/\/collies-vom-floersbachtal.de\/cms\/wp-content\/uploads\/2016\/03\/Elly1-f\u00e4hrt-nach-Hause-M\u00e4rz16-300x273.jpg\" alt=\"\" width=\"300\" height=\"273\" srcset=\"https:\/\/collies-vom-floersbachtal.de\/cms\/wp-content\/uploads\/2016\/03\/Elly1-f\u00e4hrt-nach-Hause-M\u00e4rz16-300x273.jpg 300w, https:\/\/collies-vom-floersbachtal.de\/cms\/wp-content\/uploads\/2016\/03\/Elly1-f\u00e4hrt-nach-Hause-M\u00e4rz16.jpg 1000w\" sizes=\"auto, (max-width: 300px) 100vw, 300px\" \/><\/a> Hier fahre ich mit meiner neuen Freundin Dina in mein neues Zuhause :-PBin mal kurz eingepennt \ud83d\ude09<a href=\"http:\/\/collies-vom-floersbachtal.de\/cms\/wp-content\/uploads\/2016\/03\/Elly1-im-neuen-Zuhause-M\u00e4rz16.jpg\"><img loading=\"lazy\" decoding=\"async\" class=\"aligncenter size-medium wp-image-16739\" title=\"Elly1 im neuen Zuhause M\u00e4rz16\" src=\"http:\/\/collies-vom-floersbachtal.de\/cms\/wp-content\/uploads\/2016\/03\/Elly1-im-neuen-Zuhause-M\u00e4rz16-300x300.jpg\" alt=\"\" width=\"300\" height=\"300\" srcset=\"https:\/\/collies-vom-floersbachtal.de\/cms\/wp-content\/uploads\/2016\/03\/Elly1-im-neuen-Zuhause-M\u00e4rz16-300x300.jpg 300w, https:\/\/collies-vom-floersbachtal.de\/cms\/wp-content\/uploads\/2016\/03\/Elly1-im-neuen-Zuhause-M\u00e4rz16-150x150.jpg 150w, https:\/\/collies-vom-floersbachtal.de\/cms\/wp-content\/uploads\/2016\/03\/Elly1-im-neuen-Zuhause-M\u00e4rz16.jpg 542w\" sizes=\"auto, (max-width: 300px) 100vw, 300px\" \/><\/a> Wir passen doch gut zusammen, gell?<a href=\"http:\/\/collies-vom-floersbachtal.de\/cms\/wp-content\/uploads\/2016\/03\/Elly2-im-neuen-Zuhause-M\u00e4rz16.jpg\"><img loading=\"lazy\" decoding=\"async\" class=\"aligncenter size-medium wp-image-16740\" title=\"Elly2 im neuen Zuhause M\u00e4rz16\" src=\"http:\/\/collies-vom-floersbachtal.de\/cms\/wp-content\/uploads\/2016\/03\/Elly2-im-neuen-Zuhause-M\u00e4rz16-300x194.jpg\" alt=\"\" width=\"300\" height=\"194\" srcset=\"https:\/\/collies-vom-floersbachtal.de\/cms\/wp-content\/uploads\/2016\/03\/Elly2-im-neuen-Zuhause-M\u00e4rz16-300x194.jpg 300w, https:\/\/collies-vom-floersbachtal.de\/cms\/wp-content\/uploads\/2016\/03\/Elly2-im-neuen-Zuhause-M\u00e4rz16.jpg 1000w\" sizes=\"auto, (max-width: 300px) 100vw, 300px\" \/><\/a> MEIN neues Bettchen \ud83d\ude00<\/p>","protected":false},"excerpt":{"rendered":"<p>April News von Elly \ud83d\ude42 M\u00e4rz News von Elly und ihren Freundinnen \ud83d\ude42 Februar News von Elly \ud83d\ude42 Januar 2026 News von Elly \ud83d\ude42 Novembernews von Elly und Dina \ud83d\ude42 Oktober News von Elly und ihren Freunden \ud83d\ude42 Januar 2025 &hellip; <a href=\"https:\/\/collies-vom-floersbachtal.de\/?page_id=16705\">Weiterlesen <span class=\"meta-nav\">&rarr;<\/span><\/a><\/p>\n","protected":false},"author":1,"featured_media":0,"parent":0,"menu_order":0,"comment_status":"open","ping_status":"open","template":"","meta":{"footnotes":""},"class_list":["post-16705","page","type-page","status-publish","hentry"],"_links":{"self":[{"href":"https:\/\/collies-vom-floersbachtal.de\/index.php?rest_route=\/wp\/v2\/pages\/16705","targetHints":{"allow":["GET"]}}],"collection":[{"href":"https:\/\/collies-vom-floersbachtal.de\/index.php?rest_route=\/wp\/v2\/pages"}],"about":[{"href":"https:\/\/collies-vom-floersbachtal.de\/index.php?rest_route=\/wp\/v2\/types\/page"}],"author":[{"embeddable":true,"href":"https:\/\/collies-vom-floersbachtal.de\/index.php?rest_route=\/wp\/v2\/users\/1"}],"replies":[{"embeddable":true,"href":"https:\/\/collies-vom-floersbachtal.de\/index.php?rest_route=%2Fwp%2Fv2%2Fcomments&post=16705"}],"version-history":[{"count":59,"href":"https:\/\/collies-vom-floersbachtal.de\/index.php?rest_route=\/wp\/v2\/pages\/16705\/revisions"}],"predecessor-version":[{"id":55007,"href":"https:\/\/collies-vom-floersbachtal.de\/index.php?rest_route=\/wp\/v2\/pages\/16705\/revisions\/55007"}],"wp:attachment":[{"href":"https:\/\/collies-vom-floersbachtal.de\/index.php?rest_route=%2Fwp%2Fv2%2Fmedia&parent=16705"}],"curies":[{"name":"wp","href":"https:\/\/api.w.org\/{rel}","templated":true}]}}