{"id":16697,"date":"2016-03-23T16:33:51","date_gmt":"2016-03-23T16:33:51","guid":{"rendered":"http:\/\/collies-vom-floersbachtal.de\/?page_id=16697"},"modified":"2026-03-08T14:35:48","modified_gmt":"2026-03-08T14:35:48","slug":"nachzucht-e-wurf-emma-peel-sally","status":"publish","type":"page","link":"https:\/\/collies-vom-floersbachtal.de\/?page_id=16697","title":{"rendered":"Nachzucht E &#8211; Wurf Emma Peel ( Sally )"},"content":{"rendered":"\n<h1 class=\"wp-block-heading\"><strong>M\u00e4rz 2026 News von Sally \ud83d\ude42<\/strong><\/h1>\n\n\n\n<figure class=\"wp-block-gallery has-nested-images columns-default is-cropped wp-block-gallery-1 is-layout-flex wp-block-gallery-is-layout-flex\">\n<figure class=\"wp-block-image size-large\"><a href=\"https:\/\/collies-vom-floersbachtal.de\/cms\/wp-content\/uploads\/2026\/03\/Sally1.jpg\"><img loading=\"lazy\" decoding=\"async\" width=\"901\" height=\"1024\" data-id=\"54645\" src=\"https:\/\/collies-vom-floersbachtal.de\/cms\/wp-content\/uploads\/2026\/03\/Sally1-901x1024.jpg\" alt=\"\" class=\"wp-image-54645\" srcset=\"https:\/\/collies-vom-floersbachtal.de\/cms\/wp-content\/uploads\/2026\/03\/Sally1-901x1024.jpg 901w, https:\/\/collies-vom-floersbachtal.de\/cms\/wp-content\/uploads\/2026\/03\/Sally1-264x300.jpg 264w, https:\/\/collies-vom-floersbachtal.de\/cms\/wp-content\/uploads\/2026\/03\/Sally1-768x873.jpg 768w, https:\/\/collies-vom-floersbachtal.de\/cms\/wp-content\/uploads\/2026\/03\/Sally1.jpg 1080w\" sizes=\"auto, (max-width: 901px) 100vw, 901px\" \/><\/a><\/figure>\n\n\n\n<figure class=\"wp-block-image size-large\"><a href=\"https:\/\/collies-vom-floersbachtal.de\/cms\/wp-content\/uploads\/2026\/03\/Sally2.jpg\"><img loading=\"lazy\" decoding=\"async\" width=\"723\" height=\"1024\" data-id=\"54646\" src=\"https:\/\/collies-vom-floersbachtal.de\/cms\/wp-content\/uploads\/2026\/03\/Sally2-723x1024.jpg\" alt=\"\" class=\"wp-image-54646\" srcset=\"https:\/\/collies-vom-floersbachtal.de\/cms\/wp-content\/uploads\/2026\/03\/Sally2-723x1024.jpg 723w, https:\/\/collies-vom-floersbachtal.de\/cms\/wp-content\/uploads\/2026\/03\/Sally2-212x300.jpg 212w, https:\/\/collies-vom-floersbachtal.de\/cms\/wp-content\/uploads\/2026\/03\/Sally2-768x1088.jpg 768w, https:\/\/collies-vom-floersbachtal.de\/cms\/wp-content\/uploads\/2026\/03\/Sally2.jpg 1078w\" sizes=\"auto, (max-width: 723px) 100vw, 723px\" \/><\/a><\/figure>\n<\/figure>\n\n\n\n<h1 class=\"wp-block-heading\"><strong>Dezember News von Sally \ud83d\ude42<\/strong><\/h1>\n\n\n\n<figure class=\"wp-block-image size-large is-style-rounded\"><a href=\"https:\/\/collies-vom-floersbachtal.de\/cms\/wp-content\/uploads\/2026\/01\/Sally1.jpg\"><img loading=\"lazy\" decoding=\"async\" width=\"721\" height=\"1024\" src=\"https:\/\/collies-vom-floersbachtal.de\/cms\/wp-content\/uploads\/2026\/01\/Sally1-721x1024.jpg\" alt=\"\" class=\"wp-image-53996\" srcset=\"https:\/\/collies-vom-floersbachtal.de\/cms\/wp-content\/uploads\/2026\/01\/Sally1-721x1024.jpg 721w, https:\/\/collies-vom-floersbachtal.de\/cms\/wp-content\/uploads\/2026\/01\/Sally1-211x300.jpg 211w, https:\/\/collies-vom-floersbachtal.de\/cms\/wp-content\/uploads\/2026\/01\/Sally1-768x1091.jpg 768w, https:\/\/collies-vom-floersbachtal.de\/cms\/wp-content\/uploads\/2026\/01\/Sally1.jpg 1080w\" sizes=\"auto, (max-width: 721px) 100vw, 721px\" \/><\/a><\/figure>\n\n\n\n<figure class=\"wp-block-gallery has-nested-images columns-default is-cropped wp-block-gallery-2 is-layout-flex wp-block-gallery-is-layout-flex\">\n<figure class=\"wp-block-image size-large is-style-rounded\"><a href=\"https:\/\/collies-vom-floersbachtal.de\/cms\/wp-content\/uploads\/2025\/12\/Sally.jpg\"><img loading=\"lazy\" decoding=\"async\" width=\"838\" height=\"1024\" data-id=\"53671\" src=\"https:\/\/collies-vom-floersbachtal.de\/cms\/wp-content\/uploads\/2025\/12\/Sally-838x1024.jpg\" alt=\"\" class=\"wp-image-53671\" srcset=\"https:\/\/collies-vom-floersbachtal.de\/cms\/wp-content\/uploads\/2025\/12\/Sally-838x1024.jpg 838w, https:\/\/collies-vom-floersbachtal.de\/cms\/wp-content\/uploads\/2025\/12\/Sally-246x300.jpg 246w, https:\/\/collies-vom-floersbachtal.de\/cms\/wp-content\/uploads\/2025\/12\/Sally-768x938.jpg 768w, https:\/\/collies-vom-floersbachtal.de\/cms\/wp-content\/uploads\/2025\/12\/Sally.jpg 1080w\" sizes=\"auto, (max-width: 838px) 100vw, 838px\" \/><\/a><\/figure>\n<\/figure>\n\n\n\n<h1 class=\"wp-block-heading\"><strong>Urlaubsgr\u00fc\u00dfe im August 2025 aus K\u00e4rnten von Sally und ihrer etwas geschrumpften Familie \ud83d\ude00<\/strong><\/h1>\n\n\n\n<figure class=\"wp-block-gallery has-nested-images columns-default is-cropped wp-block-gallery-3 is-layout-flex wp-block-gallery-is-layout-flex\">\n<figure class=\"wp-block-image size-large\"><a href=\"https:\/\/collies-vom-floersbachtal.de\/cms\/wp-content\/uploads\/2025\/08\/Sally4-Urlaub-in-Kaernten-August25.jpg\"><img loading=\"lazy\" decoding=\"async\" width=\"768\" height=\"1024\" data-id=\"51719\" src=\"https:\/\/collies-vom-floersbachtal.de\/cms\/wp-content\/uploads\/2025\/08\/Sally4-Urlaub-in-Kaernten-August25-768x1024.jpg\" alt=\"\" class=\"wp-image-51719\" srcset=\"https:\/\/collies-vom-floersbachtal.de\/cms\/wp-content\/uploads\/2025\/08\/Sally4-Urlaub-in-Kaernten-August25-768x1024.jpg 768w, https:\/\/collies-vom-floersbachtal.de\/cms\/wp-content\/uploads\/2025\/08\/Sally4-Urlaub-in-Kaernten-August25-225x300.jpg 225w, https:\/\/collies-vom-floersbachtal.de\/cms\/wp-content\/uploads\/2025\/08\/Sally4-Urlaub-in-Kaernten-August25.jpg 1000w\" sizes=\"auto, (max-width: 768px) 100vw, 768px\" \/><\/a><\/figure>\n\n\n\n<figure class=\"wp-block-image size-large\"><a href=\"https:\/\/collies-vom-floersbachtal.de\/cms\/wp-content\/uploads\/2025\/08\/Sally1-Urlaub-in-Kaernten-August25.jpg\"><img loading=\"lazy\" decoding=\"async\" width=\"1000\" height=\"750\" data-id=\"51720\" src=\"https:\/\/collies-vom-floersbachtal.de\/cms\/wp-content\/uploads\/2025\/08\/Sally1-Urlaub-in-Kaernten-August25.jpg\" alt=\"\" class=\"wp-image-51720\" srcset=\"https:\/\/collies-vom-floersbachtal.de\/cms\/wp-content\/uploads\/2025\/08\/Sally1-Urlaub-in-Kaernten-August25.jpg 1000w, https:\/\/collies-vom-floersbachtal.de\/cms\/wp-content\/uploads\/2025\/08\/Sally1-Urlaub-in-Kaernten-August25-300x225.jpg 300w, https:\/\/collies-vom-floersbachtal.de\/cms\/wp-content\/uploads\/2025\/08\/Sally1-Urlaub-in-Kaernten-August25-768x576.jpg 768w\" sizes=\"auto, (max-width: 1000px) 100vw, 1000px\" \/><\/a><\/figure>\n\n\n\n<figure class=\"wp-block-image size-large\"><a href=\"https:\/\/collies-vom-floersbachtal.de\/cms\/wp-content\/uploads\/2025\/08\/Sally2-Urlaub-in-Kaernten-August25.jpg\"><img loading=\"lazy\" decoding=\"async\" width=\"576\" height=\"1024\" data-id=\"51722\" src=\"https:\/\/collies-vom-floersbachtal.de\/cms\/wp-content\/uploads\/2025\/08\/Sally2-Urlaub-in-Kaernten-August25-576x1024.jpg\" alt=\"\" class=\"wp-image-51722\" srcset=\"https:\/\/collies-vom-floersbachtal.de\/cms\/wp-content\/uploads\/2025\/08\/Sally2-Urlaub-in-Kaernten-August25-576x1024.jpg 576w, https:\/\/collies-vom-floersbachtal.de\/cms\/wp-content\/uploads\/2025\/08\/Sally2-Urlaub-in-Kaernten-August25-169x300.jpg 169w, https:\/\/collies-vom-floersbachtal.de\/cms\/wp-content\/uploads\/2025\/08\/Sally2-Urlaub-in-Kaernten-August25-768x1366.jpg 768w, https:\/\/collies-vom-floersbachtal.de\/cms\/wp-content\/uploads\/2025\/08\/Sally2-Urlaub-in-Kaernten-August25-864x1536.jpg 864w, https:\/\/collies-vom-floersbachtal.de\/cms\/wp-content\/uploads\/2025\/08\/Sally2-Urlaub-in-Kaernten-August25.jpg 1000w\" sizes=\"auto, (max-width: 576px) 100vw, 576px\" \/><\/a><\/figure>\n\n\n\n<figure class=\"wp-block-image size-large is-style-rounded\"><a href=\"https:\/\/collies-vom-floersbachtal.de\/cms\/wp-content\/uploads\/2025\/08\/Sally3-Urlaub-in-Kaernten-August25.jpg\"><img loading=\"lazy\" decoding=\"async\" width=\"1000\" height=\"750\" data-id=\"51721\" src=\"https:\/\/collies-vom-floersbachtal.de\/cms\/wp-content\/uploads\/2025\/08\/Sally3-Urlaub-in-Kaernten-August25.jpg\" alt=\"\" class=\"wp-image-51721\" srcset=\"https:\/\/collies-vom-floersbachtal.de\/cms\/wp-content\/uploads\/2025\/08\/Sally3-Urlaub-in-Kaernten-August25.jpg 1000w, https:\/\/collies-vom-floersbachtal.de\/cms\/wp-content\/uploads\/2025\/08\/Sally3-Urlaub-in-Kaernten-August25-300x225.jpg 300w, https:\/\/collies-vom-floersbachtal.de\/cms\/wp-content\/uploads\/2025\/08\/Sally3-Urlaub-in-Kaernten-August25-768x576.jpg 768w\" sizes=\"auto, (max-width: 1000px) 100vw, 1000px\" \/><\/a><\/figure>\n<\/figure>\n\n\n\n<h1 class=\"wp-block-heading\"><strong>September 2024 .Urlaubsgr\u00fc\u00dfe von Sally und ihrer Familie \ud83d\ude42 <\/strong><\/h1>\n\n\n\n<figure class=\"wp-block-image size-large is-style-rounded\"><a href=\"https:\/\/collies-vom-floersbachtal.de\/cms\/wp-content\/uploads\/2024\/09\/Sally6-sep.24.jpg\"><img loading=\"lazy\" decoding=\"async\" width=\"1024\" height=\"786\" src=\"https:\/\/collies-vom-floersbachtal.de\/cms\/wp-content\/uploads\/2024\/09\/Sally6-sep.24-1024x786.jpg\" alt=\"\" class=\"wp-image-47882\" srcset=\"https:\/\/collies-vom-floersbachtal.de\/cms\/wp-content\/uploads\/2024\/09\/Sally6-sep.24-1024x786.jpg 1024w, https:\/\/collies-vom-floersbachtal.de\/cms\/wp-content\/uploads\/2024\/09\/Sally6-sep.24-300x230.jpg 300w, https:\/\/collies-vom-floersbachtal.de\/cms\/wp-content\/uploads\/2024\/09\/Sally6-sep.24-768x589.jpg 768w, https:\/\/collies-vom-floersbachtal.de\/cms\/wp-content\/uploads\/2024\/09\/Sally6-sep.24-1536x1179.jpg 1536w, https:\/\/collies-vom-floersbachtal.de\/cms\/wp-content\/uploads\/2024\/09\/Sally6-sep.24.jpg 1600w\" sizes=\"auto, (max-width: 1024px) 100vw, 1024px\" \/><\/a><\/figure>\n\n\n\n<figure class=\"wp-block-gallery has-nested-images columns-default is-cropped wp-block-gallery-4 is-layout-flex wp-block-gallery-is-layout-flex\">\n<figure class=\"wp-block-image size-large\"><a href=\"https:\/\/collies-vom-floersbachtal.de\/cms\/wp-content\/uploads\/2024\/09\/Sally2-sep.24.jpg\"><img loading=\"lazy\" decoding=\"async\" width=\"768\" height=\"1024\" data-id=\"47885\" src=\"https:\/\/collies-vom-floersbachtal.de\/cms\/wp-content\/uploads\/2024\/09\/Sally2-sep.24-768x1024.jpg\" alt=\"\" class=\"wp-image-47885\" srcset=\"https:\/\/collies-vom-floersbachtal.de\/cms\/wp-content\/uploads\/2024\/09\/Sally2-sep.24-768x1024.jpg 768w, https:\/\/collies-vom-floersbachtal.de\/cms\/wp-content\/uploads\/2024\/09\/Sally2-sep.24-225x300.jpg 225w, https:\/\/collies-vom-floersbachtal.de\/cms\/wp-content\/uploads\/2024\/09\/Sally2-sep.24-1152x1536.jpg 1152w, https:\/\/collies-vom-floersbachtal.de\/cms\/wp-content\/uploads\/2024\/09\/Sally2-sep.24.jpg 1536w\" sizes=\"auto, (max-width: 768px) 100vw, 768px\" \/><\/a><\/figure>\n\n\n\n<figure class=\"wp-block-image size-large\"><a href=\"https:\/\/collies-vom-floersbachtal.de\/cms\/wp-content\/uploads\/2024\/09\/Sally3-sep.24.jpg\"><img loading=\"lazy\" decoding=\"async\" width=\"768\" height=\"1024\" data-id=\"47886\" src=\"https:\/\/collies-vom-floersbachtal.de\/cms\/wp-content\/uploads\/2024\/09\/Sally3-sep.24-768x1024.jpg\" alt=\"\" class=\"wp-image-47886\" srcset=\"https:\/\/collies-vom-floersbachtal.de\/cms\/wp-content\/uploads\/2024\/09\/Sally3-sep.24-768x1024.jpg 768w, https:\/\/collies-vom-floersbachtal.de\/cms\/wp-content\/uploads\/2024\/09\/Sally3-sep.24-225x300.jpg 225w, https:\/\/collies-vom-floersbachtal.de\/cms\/wp-content\/uploads\/2024\/09\/Sally3-sep.24-1152x1536.jpg 1152w, https:\/\/collies-vom-floersbachtal.de\/cms\/wp-content\/uploads\/2024\/09\/Sally3-sep.24.jpg 1536w\" sizes=\"auto, (max-width: 768px) 100vw, 768px\" \/><\/a><\/figure>\n\n\n\n<figure class=\"wp-block-image size-large\"><a href=\"https:\/\/collies-vom-floersbachtal.de\/cms\/wp-content\/uploads\/2024\/09\/Sally4-sep.24.jpg\"><img loading=\"lazy\" decoding=\"async\" width=\"768\" height=\"1024\" data-id=\"47887\" src=\"https:\/\/collies-vom-floersbachtal.de\/cms\/wp-content\/uploads\/2024\/09\/Sally4-sep.24-768x1024.jpg\" alt=\"\" class=\"wp-image-47887\" srcset=\"https:\/\/collies-vom-floersbachtal.de\/cms\/wp-content\/uploads\/2024\/09\/Sally4-sep.24-768x1024.jpg 768w, https:\/\/collies-vom-floersbachtal.de\/cms\/wp-content\/uploads\/2024\/09\/Sally4-sep.24-225x300.jpg 225w, https:\/\/collies-vom-floersbachtal.de\/cms\/wp-content\/uploads\/2024\/09\/Sally4-sep.24-1152x1536.jpg 1152w, https:\/\/collies-vom-floersbachtal.de\/cms\/wp-content\/uploads\/2024\/09\/Sally4-sep.24.jpg 1536w\" sizes=\"auto, (max-width: 768px) 100vw, 768px\" \/><\/a><\/figure>\n\n\n\n<figure class=\"wp-block-image size-large\"><a href=\"https:\/\/collies-vom-floersbachtal.de\/cms\/wp-content\/uploads\/2024\/09\/Sally5-sep.24.jpg\"><img loading=\"lazy\" decoding=\"async\" width=\"1024\" height=\"768\" data-id=\"47888\" src=\"https:\/\/collies-vom-floersbachtal.de\/cms\/wp-content\/uploads\/2024\/09\/Sally5-sep.24-1024x768.jpg\" alt=\"\" class=\"wp-image-47888\" srcset=\"https:\/\/collies-vom-floersbachtal.de\/cms\/wp-content\/uploads\/2024\/09\/Sally5-sep.24-1024x768.jpg 1024w, https:\/\/collies-vom-floersbachtal.de\/cms\/wp-content\/uploads\/2024\/09\/Sally5-sep.24-300x225.jpg 300w, https:\/\/collies-vom-floersbachtal.de\/cms\/wp-content\/uploads\/2024\/09\/Sally5-sep.24-768x576.jpg 768w, https:\/\/collies-vom-floersbachtal.de\/cms\/wp-content\/uploads\/2024\/09\/Sally5-sep.24-1536x1152.jpg 1536w, https:\/\/collies-vom-floersbachtal.de\/cms\/wp-content\/uploads\/2024\/09\/Sally5-sep.24.jpg 2048w\" sizes=\"auto, (max-width: 1024px) 100vw, 1024px\" \/><\/a><\/figure>\n\n\n\n<figure class=\"wp-block-image size-large\"><a href=\"https:\/\/collies-vom-floersbachtal.de\/cms\/wp-content\/uploads\/2024\/09\/Sally7-sep.24.jpg\"><img loading=\"lazy\" decoding=\"async\" width=\"684\" height=\"1024\" data-id=\"47883\" src=\"https:\/\/collies-vom-floersbachtal.de\/cms\/wp-content\/uploads\/2024\/09\/Sally7-sep.24-684x1024.jpg\" alt=\"\" class=\"wp-image-47883\" srcset=\"https:\/\/collies-vom-floersbachtal.de\/cms\/wp-content\/uploads\/2024\/09\/Sally7-sep.24-684x1024.jpg 684w, https:\/\/collies-vom-floersbachtal.de\/cms\/wp-content\/uploads\/2024\/09\/Sally7-sep.24-200x300.jpg 200w, https:\/\/collies-vom-floersbachtal.de\/cms\/wp-content\/uploads\/2024\/09\/Sally7-sep.24-768x1149.jpg 768w, https:\/\/collies-vom-floersbachtal.de\/cms\/wp-content\/uploads\/2024\/09\/Sally7-sep.24-1027x1536.jpg 1027w, https:\/\/collies-vom-floersbachtal.de\/cms\/wp-content\/uploads\/2024\/09\/Sally7-sep.24.jpg 1080w\" sizes=\"auto, (max-width: 684px) 100vw, 684px\" \/><\/a><\/figure>\n\n\n\n<figure class=\"wp-block-image size-large\"><a href=\"https:\/\/collies-vom-floersbachtal.de\/cms\/wp-content\/uploads\/2024\/09\/Sally8-sep.24.jpg\"><img loading=\"lazy\" decoding=\"async\" width=\"1024\" height=\"768\" data-id=\"47884\" src=\"https:\/\/collies-vom-floersbachtal.de\/cms\/wp-content\/uploads\/2024\/09\/Sally8-sep.24-1024x768.jpg\" alt=\"\" class=\"wp-image-47884\" srcset=\"https:\/\/collies-vom-floersbachtal.de\/cms\/wp-content\/uploads\/2024\/09\/Sally8-sep.24-1024x768.jpg 1024w, https:\/\/collies-vom-floersbachtal.de\/cms\/wp-content\/uploads\/2024\/09\/Sally8-sep.24-300x225.jpg 300w, https:\/\/collies-vom-floersbachtal.de\/cms\/wp-content\/uploads\/2024\/09\/Sally8-sep.24-768x576.jpg 768w, https:\/\/collies-vom-floersbachtal.de\/cms\/wp-content\/uploads\/2024\/09\/Sally8-sep.24-1536x1152.jpg 1536w, https:\/\/collies-vom-floersbachtal.de\/cms\/wp-content\/uploads\/2024\/09\/Sally8-sep.24.jpg 1600w\" sizes=\"auto, (max-width: 1024px) 100vw, 1024px\" \/><\/a><\/figure>\n\n\n\n<figure class=\"wp-block-image size-large is-style-rounded\"><a href=\"https:\/\/collies-vom-floersbachtal.de\/cms\/wp-content\/uploads\/2024\/09\/Sally1-sep.24.jpg\"><img loading=\"lazy\" decoding=\"async\" width=\"768\" height=\"1024\" data-id=\"47889\" src=\"https:\/\/collies-vom-floersbachtal.de\/cms\/wp-content\/uploads\/2024\/09\/Sally1-sep.24-768x1024.jpg\" alt=\"\" class=\"wp-image-47889\" srcset=\"https:\/\/collies-vom-floersbachtal.de\/cms\/wp-content\/uploads\/2024\/09\/Sally1-sep.24-768x1024.jpg 768w, https:\/\/collies-vom-floersbachtal.de\/cms\/wp-content\/uploads\/2024\/09\/Sally1-sep.24-225x300.jpg 225w, https:\/\/collies-vom-floersbachtal.de\/cms\/wp-content\/uploads\/2024\/09\/Sally1-sep.24-1152x1536.jpg 1152w, https:\/\/collies-vom-floersbachtal.de\/cms\/wp-content\/uploads\/2024\/09\/Sally1-sep.24.jpg 1536w\" sizes=\"auto, (max-width: 768px) 100vw, 768px\" \/><\/a><\/figure>\n<\/figure>\n\n\n\n<h1 class=\"wp-block-heading\"><strong>News von Sally im  April 2024 \ud83d\ude42<\/strong><\/h1>\n\n\n\n<figure class=\"wp-block-image size-large is-style-rounded\"><a href=\"https:\/\/collies-vom-floersbachtal.de\/cms\/wp-content\/uploads\/2024\/04\/Sally1-April24.jpg\"><img loading=\"lazy\" decoding=\"async\" width=\"768\" height=\"1024\" src=\"https:\/\/collies-vom-floersbachtal.de\/cms\/wp-content\/uploads\/2024\/04\/Sally1-April24-768x1024.jpg\" alt=\"\" class=\"wp-image-45980\" srcset=\"https:\/\/collies-vom-floersbachtal.de\/cms\/wp-content\/uploads\/2024\/04\/Sally1-April24-768x1024.jpg 768w, https:\/\/collies-vom-floersbachtal.de\/cms\/wp-content\/uploads\/2024\/04\/Sally1-April24-225x300.jpg 225w, https:\/\/collies-vom-floersbachtal.de\/cms\/wp-content\/uploads\/2024\/04\/Sally1-April24.jpg 1000w\" sizes=\"auto, (max-width: 768px) 100vw, 768px\" \/><\/a><\/figure>\n\n\n\n<h1 class=\"wp-block-heading\"><strong>Nachtr\u00e4glich noch ein sehr sch\u00f6nes Weihnachtsfoto von Sally \ud83d\ude42<\/strong><\/h1>\n\n\n\n<figure class=\"wp-block-image size-large\"><a href=\"https:\/\/collies-vom-floersbachtal.de\/cms\/wp-content\/uploads\/2024\/01\/Sally1-Weihnachten-24.jpg\"><img loading=\"lazy\" decoding=\"async\" width=\"576\" height=\"1024\" src=\"https:\/\/collies-vom-floersbachtal.de\/cms\/wp-content\/uploads\/2024\/01\/Sally1-Weihnachten-24-576x1024.jpg\" alt=\"\" class=\"wp-image-44429\" srcset=\"https:\/\/collies-vom-floersbachtal.de\/cms\/wp-content\/uploads\/2024\/01\/Sally1-Weihnachten-24-576x1024.jpg 576w, https:\/\/collies-vom-floersbachtal.de\/cms\/wp-content\/uploads\/2024\/01\/Sally1-Weihnachten-24-169x300.jpg 169w, https:\/\/collies-vom-floersbachtal.de\/cms\/wp-content\/uploads\/2024\/01\/Sally1-Weihnachten-24-768x1366.jpg 768w, https:\/\/collies-vom-floersbachtal.de\/cms\/wp-content\/uploads\/2024\/01\/Sally1-Weihnachten-24-864x1536.jpg 864w, https:\/\/collies-vom-floersbachtal.de\/cms\/wp-content\/uploads\/2024\/01\/Sally1-Weihnachten-24.jpg 1000w\" sizes=\"auto, (max-width: 576px) 100vw, 576px\" \/><\/a><\/figure>\n\n\n\n<h1 class=\"wp-block-heading\"><strong>Sch\u00f6nes Foto von Sally im Juni 2023 \ud83d\ude42<\/strong><\/h1>\n\n\n\n<figure class=\"wp-block-image size-full\"><a href=\"https:\/\/collies-vom-floersbachtal.de\/cms\/wp-content\/uploads\/2023\/06\/Sally.jpg\"><img loading=\"lazy\" decoding=\"async\" width=\"1000\" height=\"750\" src=\"https:\/\/collies-vom-floersbachtal.de\/cms\/wp-content\/uploads\/2023\/06\/Sally.jpg\" alt=\"\" class=\"wp-image-40295\" srcset=\"https:\/\/collies-vom-floersbachtal.de\/cms\/wp-content\/uploads\/2023\/06\/Sally.jpg 1000w, https:\/\/collies-vom-floersbachtal.de\/cms\/wp-content\/uploads\/2023\/06\/Sally-300x225.jpg 300w, https:\/\/collies-vom-floersbachtal.de\/cms\/wp-content\/uploads\/2023\/06\/Sally-768x576.jpg 768w\" sizes=\"auto, (max-width: 1000px) 100vw, 1000px\" \/><\/a><figcaption class=\"wp-element-caption\"><strong>Sally und  Miley \ud83d\ude42<\/strong><\/figcaption><\/figure>\n\n\n\n<figure class=\"wp-block-image size-large is-style-rounded\"><a href=\"https:\/\/collies-vom-floersbachtal.de\/cms\/wp-content\/uploads\/2023\/06\/Sally1-Juni23.jpg\"><img loading=\"lazy\" decoding=\"async\" width=\"768\" height=\"1024\" src=\"https:\/\/collies-vom-floersbachtal.de\/cms\/wp-content\/uploads\/2023\/06\/Sally1-Juni23-768x1024.jpg\" alt=\"\" class=\"wp-image-40270\" srcset=\"https:\/\/collies-vom-floersbachtal.de\/cms\/wp-content\/uploads\/2023\/06\/Sally1-Juni23-768x1024.jpg 768w, https:\/\/collies-vom-floersbachtal.de\/cms\/wp-content\/uploads\/2023\/06\/Sally1-Juni23-225x300.jpg 225w, https:\/\/collies-vom-floersbachtal.de\/cms\/wp-content\/uploads\/2023\/06\/Sally1-Juni23.jpg 1000w\" sizes=\"auto, (max-width: 768px) 100vw, 768px\" \/><\/a><\/figure>\n\n\n\n<h1 class=\"wp-block-heading\"><strong>Sch\u00f6ne Urlaubsgr\u00fc\u00dfe von Sally und ihrer Familie im August 2022 \ud83d\ude42<\/strong><\/h1>\n\n\n\n<figure class=\"wp-block-gallery has-nested-images columns-default is-cropped wp-block-gallery-5 is-layout-flex wp-block-gallery-is-layout-flex\">\n<figure class=\"wp-block-image size-large\"><a href=\"https:\/\/collies-vom-floersbachtal.de\/cms\/wp-content\/uploads\/2022\/09\/Sally4-im-Urlaub-August22.jpg\"><img loading=\"lazy\" decoding=\"async\" width=\"1024\" height=\"768\" data-id=\"36924\" src=\"https:\/\/collies-vom-floersbachtal.de\/cms\/wp-content\/uploads\/2022\/09\/Sally4-im-Urlaub-August22.jpg\" alt=\"\" class=\"wp-image-36924\" srcset=\"https:\/\/collies-vom-floersbachtal.de\/cms\/wp-content\/uploads\/2022\/09\/Sally4-im-Urlaub-August22.jpg 1024w, https:\/\/collies-vom-floersbachtal.de\/cms\/wp-content\/uploads\/2022\/09\/Sally4-im-Urlaub-August22-300x225.jpg 300w, https:\/\/collies-vom-floersbachtal.de\/cms\/wp-content\/uploads\/2022\/09\/Sally4-im-Urlaub-August22-768x576.jpg 768w\" sizes=\"auto, (max-width: 1024px) 100vw, 1024px\" \/><\/a><\/figure>\n\n\n\n<figure class=\"wp-block-image size-large\"><a href=\"https:\/\/collies-vom-floersbachtal.de\/cms\/wp-content\/uploads\/2022\/09\/Sally1-im-Urlaub-August22.jpg\"><img loading=\"lazy\" decoding=\"async\" width=\"768\" height=\"1024\" data-id=\"36923\" src=\"https:\/\/collies-vom-floersbachtal.de\/cms\/wp-content\/uploads\/2022\/09\/Sally1-im-Urlaub-August22.jpg\" alt=\"\" class=\"wp-image-36923\" srcset=\"https:\/\/collies-vom-floersbachtal.de\/cms\/wp-content\/uploads\/2022\/09\/Sally1-im-Urlaub-August22.jpg 768w, https:\/\/collies-vom-floersbachtal.de\/cms\/wp-content\/uploads\/2022\/09\/Sally1-im-Urlaub-August22-225x300.jpg 225w\" sizes=\"auto, (max-width: 768px) 100vw, 768px\" \/><\/a><\/figure>\n\n\n\n<figure class=\"wp-block-image size-large\"><a href=\"https:\/\/collies-vom-floersbachtal.de\/cms\/wp-content\/uploads\/2022\/09\/Sally2-im-Urlaub-August22.jpg\"><img loading=\"lazy\" decoding=\"async\" width=\"1024\" height=\"768\" data-id=\"36925\" src=\"https:\/\/collies-vom-floersbachtal.de\/cms\/wp-content\/uploads\/2022\/09\/Sally2-im-Urlaub-August22-1024x768.jpg\" alt=\"\" class=\"wp-image-36925\" srcset=\"https:\/\/collies-vom-floersbachtal.de\/cms\/wp-content\/uploads\/2022\/09\/Sally2-im-Urlaub-August22-1024x768.jpg 1024w, https:\/\/collies-vom-floersbachtal.de\/cms\/wp-content\/uploads\/2022\/09\/Sally2-im-Urlaub-August22-300x225.jpg 300w, https:\/\/collies-vom-floersbachtal.de\/cms\/wp-content\/uploads\/2022\/09\/Sally2-im-Urlaub-August22-768x576.jpg 768w, https:\/\/collies-vom-floersbachtal.de\/cms\/wp-content\/uploads\/2022\/09\/Sally2-im-Urlaub-August22-1536x1152.jpg 1536w, https:\/\/collies-vom-floersbachtal.de\/cms\/wp-content\/uploads\/2022\/09\/Sally2-im-Urlaub-August22.jpg 2048w\" sizes=\"auto, (max-width: 1024px) 100vw, 1024px\" \/><\/a><\/figure>\n\n\n\n<figure class=\"wp-block-image size-large\"><a href=\"https:\/\/collies-vom-floersbachtal.de\/cms\/wp-content\/uploads\/2022\/09\/Sally3-im-Urlaub-August22.jpg\"><img loading=\"lazy\" decoding=\"async\" width=\"768\" height=\"1024\" data-id=\"36926\" src=\"https:\/\/collies-vom-floersbachtal.de\/cms\/wp-content\/uploads\/2022\/09\/Sally3-im-Urlaub-August22-768x1024.jpg\" alt=\"\" class=\"wp-image-36926\" srcset=\"https:\/\/collies-vom-floersbachtal.de\/cms\/wp-content\/uploads\/2022\/09\/Sally3-im-Urlaub-August22-768x1024.jpg 768w, https:\/\/collies-vom-floersbachtal.de\/cms\/wp-content\/uploads\/2022\/09\/Sally3-im-Urlaub-August22-225x300.jpg 225w, https:\/\/collies-vom-floersbachtal.de\/cms\/wp-content\/uploads\/2022\/09\/Sally3-im-Urlaub-August22-1152x1536.jpg 1152w, https:\/\/collies-vom-floersbachtal.de\/cms\/wp-content\/uploads\/2022\/09\/Sally3-im-Urlaub-August22.jpg 1536w\" sizes=\"auto, (max-width: 768px) 100vw, 768px\" \/><\/a><\/figure>\n<\/figure>\n\n\n\n<h1 class=\"wp-block-heading\"><strong>News im Sommer 2021 von Sally \ud83d\ude42<\/strong><\/h1>\n\n\n\n<p>Guten Morgen zusammen!<br>Wir denken weiterhin an euch und dr\u00fccken die Daumen \ud83d\ude42 \ud83d\ude09 :-D!<br>Gerade kommen wir vom Morgenspaziergang zur\u00fcck, jetzt wird es schon wieder richtig warm :-D.<br>Liebe Gr\u00fc\u00dfe Andrea<br>( Die n\u00e4chsten Bilder kommen per Mail\u2026:-D)<\/p>\n\n\n\n<figure class=\"wp-block-gallery has-nested-images columns-default is-cropped wp-block-gallery-6 is-layout-flex wp-block-gallery-is-layout-flex\"><\/figure>\n\n\n\n<figure class=\"wp-block-gallery has-nested-images columns-default is-cropped wp-block-gallery-7 is-layout-flex wp-block-gallery-is-layout-flex\">\n<figure class=\"wp-block-image size-large\"><a href=\"https:\/\/collies-vom-floersbachtal.de\/cms\/wp-content\/uploads\/2021\/08\/Sally1-August21.jpg\"><img loading=\"lazy\" decoding=\"async\" width=\"1024\" height=\"768\" data-id=\"32914\" src=\"http:\/\/collies-vom-floersbachtal.de\/cms\/wp-content\/uploads\/2021\/08\/Sally1-August21-1024x768.jpg\" alt=\"\" class=\"wp-image-32914\" srcset=\"https:\/\/collies-vom-floersbachtal.de\/cms\/wp-content\/uploads\/2021\/08\/Sally1-August21-1024x768.jpg 1024w, https:\/\/collies-vom-floersbachtal.de\/cms\/wp-content\/uploads\/2021\/08\/Sally1-August21-300x225.jpg 300w, https:\/\/collies-vom-floersbachtal.de\/cms\/wp-content\/uploads\/2021\/08\/Sally1-August21-768x576.jpg 768w, https:\/\/collies-vom-floersbachtal.de\/cms\/wp-content\/uploads\/2021\/08\/Sally1-August21-1536x1152.jpg 1536w, https:\/\/collies-vom-floersbachtal.de\/cms\/wp-content\/uploads\/2021\/08\/Sally1-August21.jpg 1600w\" sizes=\"auto, (max-width: 1024px) 100vw, 1024px\" \/><\/a><\/figure>\n\n\n\n<figure class=\"wp-block-image size-large\"><a href=\"https:\/\/collies-vom-floersbachtal.de\/cms\/wp-content\/uploads\/2021\/08\/Sally2-August21.jpg\"><img loading=\"lazy\" decoding=\"async\" width=\"1024\" height=\"768\" data-id=\"32915\" src=\"http:\/\/collies-vom-floersbachtal.de\/cms\/wp-content\/uploads\/2021\/08\/Sally2-August21-1024x768.jpg\" alt=\"\" class=\"wp-image-32915\" srcset=\"https:\/\/collies-vom-floersbachtal.de\/cms\/wp-content\/uploads\/2021\/08\/Sally2-August21-1024x768.jpg 1024w, https:\/\/collies-vom-floersbachtal.de\/cms\/wp-content\/uploads\/2021\/08\/Sally2-August21-300x225.jpg 300w, https:\/\/collies-vom-floersbachtal.de\/cms\/wp-content\/uploads\/2021\/08\/Sally2-August21-768x576.jpg 768w, https:\/\/collies-vom-floersbachtal.de\/cms\/wp-content\/uploads\/2021\/08\/Sally2-August21-1536x1152.jpg 1536w, https:\/\/collies-vom-floersbachtal.de\/cms\/wp-content\/uploads\/2021\/08\/Sally2-August21.jpg 1600w\" sizes=\"auto, (max-width: 1024px) 100vw, 1024px\" \/><\/a><\/figure>\n\n\n\n<figure class=\"wp-block-image size-large\"><a href=\"https:\/\/collies-vom-floersbachtal.de\/cms\/wp-content\/uploads\/2021\/08\/Sally4-August21.jpg\"><img loading=\"lazy\" decoding=\"async\" width=\"768\" height=\"1024\" data-id=\"32917\" src=\"http:\/\/collies-vom-floersbachtal.de\/cms\/wp-content\/uploads\/2021\/08\/Sally4-August21-768x1024.jpg\" alt=\"\" class=\"wp-image-32917\" srcset=\"https:\/\/collies-vom-floersbachtal.de\/cms\/wp-content\/uploads\/2021\/08\/Sally4-August21-768x1024.jpg 768w, https:\/\/collies-vom-floersbachtal.de\/cms\/wp-content\/uploads\/2021\/08\/Sally4-August21-225x300.jpg 225w, https:\/\/collies-vom-floersbachtal.de\/cms\/wp-content\/uploads\/2021\/08\/Sally4-August21-1152x1536.jpg 1152w, https:\/\/collies-vom-floersbachtal.de\/cms\/wp-content\/uploads\/2021\/08\/Sally4-August21.jpg 1200w\" sizes=\"auto, (max-width: 768px) 100vw, 768px\" \/><\/a><\/figure>\n\n\n\n<figure class=\"wp-block-image size-large\"><a href=\"https:\/\/collies-vom-floersbachtal.de\/cms\/wp-content\/uploads\/2021\/08\/Sally5-August21.jpg\"><img loading=\"lazy\" decoding=\"async\" width=\"1024\" height=\"768\" data-id=\"32918\" src=\"http:\/\/collies-vom-floersbachtal.de\/cms\/wp-content\/uploads\/2021\/08\/Sally5-August21-1024x768.jpg\" alt=\"\" class=\"wp-image-32918\" srcset=\"https:\/\/collies-vom-floersbachtal.de\/cms\/wp-content\/uploads\/2021\/08\/Sally5-August21-1024x768.jpg 1024w, https:\/\/collies-vom-floersbachtal.de\/cms\/wp-content\/uploads\/2021\/08\/Sally5-August21-300x225.jpg 300w, https:\/\/collies-vom-floersbachtal.de\/cms\/wp-content\/uploads\/2021\/08\/Sally5-August21-768x576.jpg 768w, https:\/\/collies-vom-floersbachtal.de\/cms\/wp-content\/uploads\/2021\/08\/Sally5-August21-1536x1152.jpg 1536w, https:\/\/collies-vom-floersbachtal.de\/cms\/wp-content\/uploads\/2021\/08\/Sally5-August21.jpg 1600w\" sizes=\"auto, (max-width: 1024px) 100vw, 1024px\" \/><\/a><\/figure>\n<\/figure>\n\n\n\n<figure class=\"wp-block-gallery has-nested-images columns-default is-cropped wp-block-gallery-8 is-layout-flex wp-block-gallery-is-layout-flex\">\n<figure class=\"wp-block-image size-large\"><a href=\"https:\/\/collies-vom-floersbachtal.de\/cms\/wp-content\/uploads\/2021\/06\/Sally-und-Freundin1-Juni21.jpg\"><img loading=\"lazy\" decoding=\"async\" width=\"1000\" height=\"750\" data-id=\"31927\" src=\"http:\/\/collies-vom-floersbachtal.de\/cms\/wp-content\/uploads\/2021\/06\/Sally-und-Freundin1-Juni21.jpg\" alt=\"\" class=\"wp-image-31927\" srcset=\"https:\/\/collies-vom-floersbachtal.de\/cms\/wp-content\/uploads\/2021\/06\/Sally-und-Freundin1-Juni21.jpg 1000w, https:\/\/collies-vom-floersbachtal.de\/cms\/wp-content\/uploads\/2021\/06\/Sally-und-Freundin1-Juni21-300x225.jpg 300w, https:\/\/collies-vom-floersbachtal.de\/cms\/wp-content\/uploads\/2021\/06\/Sally-und-Freundin1-Juni21-768x576.jpg 768w\" sizes=\"auto, (max-width: 1000px) 100vw, 1000px\" \/><\/a><\/figure>\n\n\n\n<figure class=\"wp-block-image size-large\"><a href=\"https:\/\/collies-vom-floersbachtal.de\/cms\/wp-content\/uploads\/2021\/06\/Sally-und-Freundin2-Juni21.jpg\"><img loading=\"lazy\" decoding=\"async\" width=\"1024\" height=\"768\" data-id=\"31928\" src=\"http:\/\/collies-vom-floersbachtal.de\/cms\/wp-content\/uploads\/2021\/06\/Sally-und-Freundin2-Juni21-1024x768.jpg\" alt=\"\" class=\"wp-image-31928\" srcset=\"https:\/\/collies-vom-floersbachtal.de\/cms\/wp-content\/uploads\/2021\/06\/Sally-und-Freundin2-Juni21-1024x768.jpg 1024w, https:\/\/collies-vom-floersbachtal.de\/cms\/wp-content\/uploads\/2021\/06\/Sally-und-Freundin2-Juni21-300x225.jpg 300w, https:\/\/collies-vom-floersbachtal.de\/cms\/wp-content\/uploads\/2021\/06\/Sally-und-Freundin2-Juni21-768x576.jpg 768w, https:\/\/collies-vom-floersbachtal.de\/cms\/wp-content\/uploads\/2021\/06\/Sally-und-Freundin2-Juni21-1536x1152.jpg 1536w, https:\/\/collies-vom-floersbachtal.de\/cms\/wp-content\/uploads\/2021\/06\/Sally-und-Freundin2-Juni21.jpg 1600w\" sizes=\"auto, (max-width: 1024px) 100vw, 1024px\" \/><\/a><\/figure>\n<figcaption class=\"blocks-gallery-caption wp-element-caption\"><strong>Sally schau mal daaaaaaa krabbelt was und gleich ist es an deiner Pfote  :-O<\/strong><\/figcaption><\/figure>\n\n\n\n<p><\/p>\n\n\n\n<p><strong>Hier hat Sally ihre neue Freundin eine wei\u00dfe Sch\u00e4ferh\u00fcndin vorgestellt und ihre Nichte \/Halbschwester Manou (Fantastic Imana-Malou war die beiden besuchen. \ud83d\ude42<\/strong><\/p>\n\n\n\n<h1 class=\"wp-block-heading\"><strong>Neuigkeiten im Januar 2021<\/strong><\/h1>\n\n\n\n<figure class=\"wp-block-gallery has-nested-images columns-default is-cropped wp-block-gallery-9 is-layout-flex wp-block-gallery-is-layout-flex\">\n<figure class=\"wp-block-image size-large\"><a href=\"https:\/\/collies-vom-floersbachtal.de\/cms\/wp-content\/uploads\/2021\/02\/Sally1-Jan.21.jpg\"><img loading=\"lazy\" decoding=\"async\" width=\"768\" height=\"1024\" data-id=\"30959\" src=\"http:\/\/collies-vom-floersbachtal.de\/cms\/wp-content\/uploads\/2021\/02\/Sally1-Jan.21-768x1024.jpg\" alt=\"\" class=\"wp-image-30959\" srcset=\"https:\/\/collies-vom-floersbachtal.de\/cms\/wp-content\/uploads\/2021\/02\/Sally1-Jan.21-768x1024.jpg 768w, https:\/\/collies-vom-floersbachtal.de\/cms\/wp-content\/uploads\/2021\/02\/Sally1-Jan.21-225x300.jpg 225w, https:\/\/collies-vom-floersbachtal.de\/cms\/wp-content\/uploads\/2021\/02\/Sally1-Jan.21-1152x1536.jpg 1152w, https:\/\/collies-vom-floersbachtal.de\/cms\/wp-content\/uploads\/2021\/02\/Sally1-Jan.21.jpg 1200w\" sizes=\"auto, (max-width: 768px) 100vw, 768px\" \/><\/a><\/figure>\n\n\n\n<figure class=\"wp-block-image size-large\"><a href=\"https:\/\/collies-vom-floersbachtal.de\/cms\/wp-content\/uploads\/2021\/02\/Sally3-Jan.21.jpg\"><img loading=\"lazy\" decoding=\"async\" width=\"1024\" height=\"678\" data-id=\"30960\" src=\"http:\/\/collies-vom-floersbachtal.de\/cms\/wp-content\/uploads\/2021\/02\/Sally3-Jan.21-1024x678.jpg\" alt=\"\" class=\"wp-image-30960\" srcset=\"https:\/\/collies-vom-floersbachtal.de\/cms\/wp-content\/uploads\/2021\/02\/Sally3-Jan.21-1024x678.jpg 1024w, https:\/\/collies-vom-floersbachtal.de\/cms\/wp-content\/uploads\/2021\/02\/Sally3-Jan.21-300x199.jpg 300w, https:\/\/collies-vom-floersbachtal.de\/cms\/wp-content\/uploads\/2021\/02\/Sally3-Jan.21-768x508.jpg 768w, https:\/\/collies-vom-floersbachtal.de\/cms\/wp-content\/uploads\/2021\/02\/Sally3-Jan.21-1536x1017.jpg 1536w, https:\/\/collies-vom-floersbachtal.de\/cms\/wp-content\/uploads\/2021\/02\/Sally3-Jan.21.jpg 1600w\" sizes=\"auto, (max-width: 1024px) 100vw, 1024px\" \/><\/a><\/figure>\n\n\n\n<figure class=\"wp-block-image size-large\"><a href=\"https:\/\/collies-vom-floersbachtal.de\/cms\/wp-content\/uploads\/2021\/02\/Sally4-Jan.21.jpg\"><img loading=\"lazy\" decoding=\"async\" width=\"678\" height=\"1024\" data-id=\"30961\" src=\"http:\/\/collies-vom-floersbachtal.de\/cms\/wp-content\/uploads\/2021\/02\/Sally4-Jan.21-678x1024.jpg\" alt=\"\" class=\"wp-image-30961\" srcset=\"https:\/\/collies-vom-floersbachtal.de\/cms\/wp-content\/uploads\/2021\/02\/Sally4-Jan.21-678x1024.jpg 678w, https:\/\/collies-vom-floersbachtal.de\/cms\/wp-content\/uploads\/2021\/02\/Sally4-Jan.21-199x300.jpg 199w, https:\/\/collies-vom-floersbachtal.de\/cms\/wp-content\/uploads\/2021\/02\/Sally4-Jan.21-768x1160.jpg 768w, https:\/\/collies-vom-floersbachtal.de\/cms\/wp-content\/uploads\/2021\/02\/Sally4-Jan.21-1017x1536.jpg 1017w, https:\/\/collies-vom-floersbachtal.de\/cms\/wp-content\/uploads\/2021\/02\/Sally4-Jan.21.jpg 1059w\" sizes=\"auto, (max-width: 678px) 100vw, 678px\" \/><\/a><\/figure>\n<\/figure>\n\n\n<h2>\u00a0<\/h2>\n<h2><strong><a href=\"http:\/\/collies-vom-floersbachtal.de\/?attachment_id=30587\" rel=\"attachment wp-att-30587\"><img loading=\"lazy\" decoding=\"async\" class=\"aligncenter size-full wp-image-30587\" src=\"http:\/\/collies-vom-floersbachtal.de\/cms\/wp-content\/uploads\/2021\/01\/Sally3-Jan.21.jpg\" alt=\"\" width=\"1600\" height=\"1200\" srcset=\"https:\/\/collies-vom-floersbachtal.de\/cms\/wp-content\/uploads\/2021\/01\/Sally3-Jan.21.jpg 1600w, https:\/\/collies-vom-floersbachtal.de\/cms\/wp-content\/uploads\/2021\/01\/Sally3-Jan.21-300x225.jpg 300w, https:\/\/collies-vom-floersbachtal.de\/cms\/wp-content\/uploads\/2021\/01\/Sally3-Jan.21-1024x768.jpg 1024w, https:\/\/collies-vom-floersbachtal.de\/cms\/wp-content\/uploads\/2021\/01\/Sally3-Jan.21-768x576.jpg 768w, https:\/\/collies-vom-floersbachtal.de\/cms\/wp-content\/uploads\/2021\/01\/Sally3-Jan.21-1536x1152.jpg 1536w\" sizes=\"auto, (max-width: 1600px) 100vw, 1600px\" \/><\/a><a href=\"http:\/\/collies-vom-floersbachtal.de\/?attachment_id=30585\" rel=\"attachment wp-att-30585\"><img loading=\"lazy\" decoding=\"async\" class=\"aligncenter size-full wp-image-30585\" src=\"http:\/\/collies-vom-floersbachtal.de\/cms\/wp-content\/uploads\/2021\/01\/Sally1-Jan.21.jpg\" alt=\"\" width=\"1200\" height=\"1600\" srcset=\"https:\/\/collies-vom-floersbachtal.de\/cms\/wp-content\/uploads\/2021\/01\/Sally1-Jan.21.jpg 1200w, https:\/\/collies-vom-floersbachtal.de\/cms\/wp-content\/uploads\/2021\/01\/Sally1-Jan.21-225x300.jpg 225w, https:\/\/collies-vom-floersbachtal.de\/cms\/wp-content\/uploads\/2021\/01\/Sally1-Jan.21-768x1024.jpg 768w, https:\/\/collies-vom-floersbachtal.de\/cms\/wp-content\/uploads\/2021\/01\/Sally1-Jan.21-1152x1536.jpg 1152w\" sizes=\"auto, (max-width: 1200px) 100vw, 1200px\" \/><\/a><\/strong><\/h2>\n<\/p>\n<h2><strong>Neuigkeiten von unserer h\u00fcbschen Prinzessin Sally und ihrer Familie aus dem Urlaub im August 2019 \ud83d\ude00<\/strong><\/h2>\n<p><a href=\"http:\/\/collies-vom-floersbachtal.de\/cms\/wp-content\/uploads\/2016\/03\/Sally2-Sep19.jpg\"><img loading=\"lazy\" decoding=\"async\" class=\"aligncenter size-large wp-image-27460\" title=\"Sally2 Sep19\" src=\"http:\/\/collies-vom-floersbachtal.de\/cms\/wp-content\/uploads\/2016\/03\/Sally2-Sep19-e1569533158545-677x1024.jpg\" alt=\"\" width=\"640\" height=\"968\" srcset=\"https:\/\/collies-vom-floersbachtal.de\/cms\/wp-content\/uploads\/2016\/03\/Sally2-Sep19-e1569533158545-677x1024.jpg 677w, https:\/\/collies-vom-floersbachtal.de\/cms\/wp-content\/uploads\/2016\/03\/Sally2-Sep19-e1569533158545-198x300.jpg 198w, https:\/\/collies-vom-floersbachtal.de\/cms\/wp-content\/uploads\/2016\/03\/Sally2-Sep19-e1569533158545.jpg 794w\" sizes=\"auto, (max-width: 640px) 100vw, 640px\" \/><\/a><br \/><a href=\"http:\/\/collies-vom-floersbachtal.de\/cms\/wp-content\/uploads\/2016\/03\/Sally3-Sep19.jpg\"><img loading=\"lazy\" decoding=\"async\" class=\"aligncenter size-large wp-image-27461\" title=\"Sally3 Sep19\" src=\"http:\/\/collies-vom-floersbachtal.de\/cms\/wp-content\/uploads\/2016\/03\/Sally3-Sep19-e1569533184806-677x1024.jpg\" alt=\"\" width=\"640\" height=\"968\" srcset=\"https:\/\/collies-vom-floersbachtal.de\/cms\/wp-content\/uploads\/2016\/03\/Sally3-Sep19-e1569533184806-677x1024.jpg 677w, https:\/\/collies-vom-floersbachtal.de\/cms\/wp-content\/uploads\/2016\/03\/Sally3-Sep19-e1569533184806-198x300.jpg 198w, https:\/\/collies-vom-floersbachtal.de\/cms\/wp-content\/uploads\/2016\/03\/Sally3-Sep19-e1569533184806.jpg 794w\" sizes=\"auto, (max-width: 640px) 100vw, 640px\" \/><\/a><br \/><a href=\"http:\/\/collies-vom-floersbachtal.de\/cms\/wp-content\/uploads\/2016\/03\/Sally4-Sep19.jpg\"><img loading=\"lazy\" decoding=\"async\" class=\"aligncenter size-large wp-image-27462\" title=\"Sally4 Sep19\" src=\"http:\/\/collies-vom-floersbachtal.de\/cms\/wp-content\/uploads\/2016\/03\/Sally4-Sep19-e1569533209488-677x1024.jpg\" alt=\"\" width=\"640\" height=\"968\" srcset=\"https:\/\/collies-vom-floersbachtal.de\/cms\/wp-content\/uploads\/2016\/03\/Sally4-Sep19-e1569533209488-677x1024.jpg 677w, https:\/\/collies-vom-floersbachtal.de\/cms\/wp-content\/uploads\/2016\/03\/Sally4-Sep19-e1569533209488-198x300.jpg 198w, https:\/\/collies-vom-floersbachtal.de\/cms\/wp-content\/uploads\/2016\/03\/Sally4-Sep19-e1569533209488.jpg 794w\" sizes=\"auto, (max-width: 640px) 100vw, 640px\" \/><\/a><br \/><a href=\"http:\/\/collies-vom-floersbachtal.de\/cms\/wp-content\/uploads\/2016\/03\/Sally5-Sep19.jpg\"><img loading=\"lazy\" decoding=\"async\" class=\"aligncenter size-large wp-image-27463\" title=\"Sally5 Sep19\" src=\"http:\/\/collies-vom-floersbachtal.de\/cms\/wp-content\/uploads\/2016\/03\/Sally5-Sep19-e1569533232847-677x1024.jpg\" alt=\"\" width=\"640\" height=\"968\" srcset=\"https:\/\/collies-vom-floersbachtal.de\/cms\/wp-content\/uploads\/2016\/03\/Sally5-Sep19-e1569533232847-677x1024.jpg 677w, https:\/\/collies-vom-floersbachtal.de\/cms\/wp-content\/uploads\/2016\/03\/Sally5-Sep19-e1569533232847-198x300.jpg 198w, https:\/\/collies-vom-floersbachtal.de\/cms\/wp-content\/uploads\/2016\/03\/Sally5-Sep19-e1569533232847.jpg 794w\" sizes=\"auto, (max-width: 640px) 100vw, 640px\" \/><\/a><br \/>Was eine h\u00fcbsche junge Dame Sally ist. Lassie lebt.<\/p>\n<h2><strong>Neuigkeiten von Sally auf unserem Welpentreffen im Juni 2018<a href=\"http:\/\/collies-vom-floersbachtal.de\/cms\/wp-content\/uploads\/2016\/03\/Sally1-Emma-Juni18-Welpentreffen.jpeg\"><img loading=\"lazy\" decoding=\"async\" class=\"aligncenter size-large wp-image-24348\" title=\"Sally1 (Emma) Juni18  Welpentreffen\" src=\"http:\/\/collies-vom-floersbachtal.de\/cms\/wp-content\/uploads\/2016\/03\/Sally1-Emma-Juni18-Welpentreffen-1024x678.jpg\" alt=\"\" width=\"640\" height=\"423\" srcset=\"https:\/\/collies-vom-floersbachtal.de\/cms\/wp-content\/uploads\/2016\/03\/Sally1-Emma-Juni18-Welpentreffen-1024x678.jpg 1024w, https:\/\/collies-vom-floersbachtal.de\/cms\/wp-content\/uploads\/2016\/03\/Sally1-Emma-Juni18-Welpentreffen-300x198.jpg 300w, https:\/\/collies-vom-floersbachtal.de\/cms\/wp-content\/uploads\/2016\/03\/Sally1-Emma-Juni18-Welpentreffen.jpeg 1280w\" sizes=\"auto, (max-width: 640px) 100vw, 640px\" \/><\/a><\/strong><\/h2>\n<h2>\u00a0<\/h2>\n<h2><strong>News von Sally aus dem Urlaub 2017<\/strong><\/h2>\n<p><a href=\"http:\/\/collies-vom-floersbachtal.de\/cms\/wp-content\/uploads\/2016\/03\/Sally-Emma-2-Sommer-2017.jpg\"><img loading=\"lazy\" decoding=\"async\" class=\"aligncenter size-large wp-image-22380\" title=\"Sally  (Emma) 2 Sommer 2017\" src=\"http:\/\/collies-vom-floersbachtal.de\/cms\/wp-content\/uploads\/2016\/03\/Sally-Emma-2-Sommer-2017-1024x678.jpg\" alt=\"\" width=\"640\" height=\"423\" srcset=\"https:\/\/collies-vom-floersbachtal.de\/cms\/wp-content\/uploads\/2016\/03\/Sally-Emma-2-Sommer-2017-1024x678.jpg 1024w, https:\/\/collies-vom-floersbachtal.de\/cms\/wp-content\/uploads\/2016\/03\/Sally-Emma-2-Sommer-2017-300x198.jpg 300w\" sizes=\"auto, (max-width: 640px) 100vw, 640px\" \/><\/a><a href=\"http:\/\/collies-vom-floersbachtal.de\/cms\/wp-content\/uploads\/2016\/03\/Sally-Emma-3-Sommer-2017.jpg\"><img loading=\"lazy\" decoding=\"async\" class=\"aligncenter size-medium wp-image-22382\" title=\"Sally  (Emma) 3 Sommer 2017\" src=\"http:\/\/collies-vom-floersbachtal.de\/cms\/wp-content\/uploads\/2016\/03\/Sally-Emma-3-Sommer-2017-300x198.jpg\" alt=\"\" width=\"300\" height=\"198\" srcset=\"https:\/\/collies-vom-floersbachtal.de\/cms\/wp-content\/uploads\/2016\/03\/Sally-Emma-3-Sommer-2017-300x198.jpg 300w, https:\/\/collies-vom-floersbachtal.de\/cms\/wp-content\/uploads\/2016\/03\/Sally-Emma-3-Sommer-2017-1024x677.jpg 1024w, https:\/\/collies-vom-floersbachtal.de\/cms\/wp-content\/uploads\/2016\/03\/Sally-Emma-3-Sommer-2017.jpg 1200w\" sizes=\"auto, (max-width: 300px) 100vw, 300px\" \/><\/a><a href=\"http:\/\/collies-vom-floersbachtal.de\/cms\/wp-content\/uploads\/2016\/03\/Sally5-Emma-Peel.jpeg\"><img loading=\"lazy\" decoding=\"async\" class=\"aligncenter size-large wp-image-22384\" title=\"Sally5  Emma Peel\" src=\"http:\/\/collies-vom-floersbachtal.de\/cms\/wp-content\/uploads\/2016\/03\/Sally5-Emma-Peel-768x1024.jpg\" alt=\"\" width=\"640\" height=\"853\" srcset=\"https:\/\/collies-vom-floersbachtal.de\/cms\/wp-content\/uploads\/2016\/03\/Sally5-Emma-Peel-768x1024.jpg 768w, https:\/\/collies-vom-floersbachtal.de\/cms\/wp-content\/uploads\/2016\/03\/Sally5-Emma-Peel-225x300.jpg 225w, https:\/\/collies-vom-floersbachtal.de\/cms\/wp-content\/uploads\/2016\/03\/Sally5-Emma-Peel.jpeg 960w\" sizes=\"auto, (max-width: 640px) 100vw, 640px\" \/><\/a><\/p>\n<h2><strong>Die Maus hat die tollen gro\u00dfen Augen von der Mama geerbt. \ud83d\ude00<\/strong><\/h2>\n<h2><strong>NEWS von Sally im Dezember 2016<a href=\"http:\/\/collies-vom-floersbachtal.de\/cms\/wp-content\/uploads\/2016\/03\/Sally-Emma2-Dez.16.jpg\"><img loading=\"lazy\" decoding=\"async\" class=\"aligncenter size-large wp-image-18590\" title=\"Sally (Emma2) Dez.16\" src=\"http:\/\/collies-vom-floersbachtal.de\/cms\/wp-content\/uploads\/2016\/03\/Sally-Emma2-Dez.16-e1481723270187-768x1024.jpg\" alt=\"\" width=\"640\" height=\"853\" srcset=\"https:\/\/collies-vom-floersbachtal.de\/cms\/wp-content\/uploads\/2016\/03\/Sally-Emma2-Dez.16-e1481723270187-768x1024.jpg 768w, https:\/\/collies-vom-floersbachtal.de\/cms\/wp-content\/uploads\/2016\/03\/Sally-Emma2-Dez.16-e1481723270187-225x300.jpg 225w\" sizes=\"auto, (max-width: 640px) 100vw, 640px\" \/><\/a><\/strong><a href=\"http:\/\/collies-vom-floersbachtal.de\/cms\/wp-content\/uploads\/2016\/03\/Sally-Emma1-Dez.16.jpg\"><img loading=\"lazy\" decoding=\"async\" class=\"aligncenter size-large wp-image-18591\" title=\"Sally (Emma1) Dez.16\" src=\"http:\/\/collies-vom-floersbachtal.de\/cms\/wp-content\/uploads\/2016\/03\/Sally-Emma1-Dez.16-685x1024.jpg\" alt=\"\" width=\"640\" height=\"956\" srcset=\"https:\/\/collies-vom-floersbachtal.de\/cms\/wp-content\/uploads\/2016\/03\/Sally-Emma1-Dez.16-685x1024.jpg 685w, https:\/\/collies-vom-floersbachtal.de\/cms\/wp-content\/uploads\/2016\/03\/Sally-Emma1-Dez.16-200x300.jpg 200w\" sizes=\"auto, (max-width: 640px) 100vw, 640px\" \/><\/a>Sally &amp; Freundin Honey mit Mini-Frauli \ud83d\ude09<a href=\"http:\/\/collies-vom-floersbachtal.de\/cms\/wp-content\/uploads\/2016\/03\/Sally-Emma4-Dez.16.jpg\"><img loading=\"lazy\" decoding=\"async\" class=\"aligncenter size-large wp-image-18593\" title=\"Sally (Emma4) Dez.16\" src=\"http:\/\/collies-vom-floersbachtal.de\/cms\/wp-content\/uploads\/2016\/03\/Sally-Emma4-Dez.16-e1481723393474-768x1024.jpg\" alt=\"\" width=\"640\" height=\"853\" srcset=\"https:\/\/collies-vom-floersbachtal.de\/cms\/wp-content\/uploads\/2016\/03\/Sally-Emma4-Dez.16-e1481723393474-768x1024.jpg 768w, https:\/\/collies-vom-floersbachtal.de\/cms\/wp-content\/uploads\/2016\/03\/Sally-Emma4-Dez.16-e1481723393474-225x300.jpg 225w\" sizes=\"auto, (max-width: 640px) 100vw, 640px\" \/><\/a>Sally ist eine ganz h\u00fcbsche Maus geworden. Wir sind sehr stolz auf unsere Nachzucht. Wenn man dann noch h\u00f6rt, wie lieb sie zu allen anderen Hunden, oder Menschen ist. Dann wei\u00df man man hat wohl alles richtig gemacht und es wird sehr gut von den Besitzern weitergef\u00fchrt. Darauf sind wir dann besonders stolz, denn es n\u00fctzt die beste Pr\u00e4gung und Vorbereitung nichts, wenn es von den Welpenk\u00e4ufern nicht genauso weitergef\u00fchrt wird. Ihr macht es echt super, bitte weiter so \ud83d\ude00<\/h2>\n<h2><strong>NEWS von Sally (Emma) im August<a href=\"http:\/\/collies-vom-floersbachtal.de\/cms\/wp-content\/uploads\/2013\/11\/Sally2-Emma-Juli-16-zu-Besuch.jpg\"><img loading=\"lazy\" decoding=\"async\" class=\"aligncenter size-full wp-image-17462\" title=\"Sally2 (Emma) Juli 16 zu Besuch\" src=\"http:\/\/collies-vom-floersbachtal.de\/cms\/wp-content\/uploads\/2013\/11\/Sally2-Emma-Juli-16-zu-Besuch.jpg\" alt=\"\" width=\"1000\" height=\"853\" srcset=\"https:\/\/collies-vom-floersbachtal.de\/cms\/wp-content\/uploads\/2013\/11\/Sally2-Emma-Juli-16-zu-Besuch.jpg 1000w, https:\/\/collies-vom-floersbachtal.de\/cms\/wp-content\/uploads\/2013\/11\/Sally2-Emma-Juli-16-zu-Besuch-300x255.jpg 300w\" sizes=\"auto, (max-width: 1000px) 100vw, 1000px\" \/><\/a> <\/strong>Sally hat ihre Familie im Schlepptau \ud83d\ude09<a href=\"http:\/\/collies-vom-floersbachtal.de\/cms\/wp-content\/uploads\/2013\/11\/Sally4-Emma-Juli-16-zu-Besuch.jpg\"><img loading=\"lazy\" decoding=\"async\" class=\"aligncenter size-full wp-image-17464\" title=\"Sally4 (Emma) Juli 16 zu Besuch\" src=\"http:\/\/collies-vom-floersbachtal.de\/cms\/wp-content\/uploads\/2013\/11\/Sally4-Emma-Juli-16-zu-Besuch.jpg\" alt=\"\" width=\"1000\" height=\"667\" srcset=\"https:\/\/collies-vom-floersbachtal.de\/cms\/wp-content\/uploads\/2013\/11\/Sally4-Emma-Juli-16-zu-Besuch.jpg 1000w, https:\/\/collies-vom-floersbachtal.de\/cms\/wp-content\/uploads\/2013\/11\/Sally4-Emma-Juli-16-zu-Besuch-300x200.jpg 300w\" sizes=\"auto, (max-width: 1000px) 100vw, 1000px\" \/><br \/><\/a><a href=\"http:\/\/collies-vom-floersbachtal.de\/cms\/wp-content\/uploads\/2016\/03\/Sally1-Emma-Juli-16-zu-Besuch.jpg\"><img loading=\"lazy\" decoding=\"async\" class=\"aligncenter size-full wp-image-18070\" title=\"Sally1 (Emma) Juli 16 zu Besuch\" src=\"http:\/\/collies-vom-floersbachtal.de\/cms\/wp-content\/uploads\/2016\/03\/Sally1-Emma-Juli-16-zu-Besuch.jpg\" alt=\"\" width=\"1000\" height=\"1084\" srcset=\"https:\/\/collies-vom-floersbachtal.de\/cms\/wp-content\/uploads\/2016\/03\/Sally1-Emma-Juli-16-zu-Besuch.jpg 1000w, https:\/\/collies-vom-floersbachtal.de\/cms\/wp-content\/uploads\/2016\/03\/Sally1-Emma-Juli-16-zu-Besuch-276x300.jpg 276w, https:\/\/collies-vom-floersbachtal.de\/cms\/wp-content\/uploads\/2016\/03\/Sally1-Emma-Juli-16-zu-Besuch-944x1024.jpg 944w\" sizes=\"auto, (max-width: 1000px) 100vw, 1000px\" \/><\/a><a href=\"http:\/\/collies-vom-floersbachtal.de\/cms\/wp-content\/uploads\/2016\/03\/Sally5-Emma-Juli-16-zu-Besuch.jpg\"><img loading=\"lazy\" decoding=\"async\" class=\"aligncenter size-full wp-image-18071\" title=\"Sally5 (Emma) Juli 16 zu Besuch\" src=\"http:\/\/collies-vom-floersbachtal.de\/cms\/wp-content\/uploads\/2016\/03\/Sally5-Emma-Juli-16-zu-Besuch.jpg\" alt=\"\" width=\"1000\" height=\"620\" srcset=\"https:\/\/collies-vom-floersbachtal.de\/cms\/wp-content\/uploads\/2016\/03\/Sally5-Emma-Juli-16-zu-Besuch.jpg 1000w, https:\/\/collies-vom-floersbachtal.de\/cms\/wp-content\/uploads\/2016\/03\/Sally5-Emma-Juli-16-zu-Besuch-300x186.jpg 300w\" sizes=\"auto, (max-width: 1000px) 100vw, 1000px\" \/><\/a><a href=\"http:\/\/collies-vom-floersbachtal.de\/cms\/wp-content\/uploads\/2016\/03\/Michl-Sally5-Juli-zu-Besuch.jpg\"><img loading=\"lazy\" decoding=\"async\" class=\"aligncenter size-full wp-image-18073\" title=\"Michl &amp; Sally5 Juli zu Besuch\" src=\"http:\/\/collies-vom-floersbachtal.de\/cms\/wp-content\/uploads\/2016\/03\/Michl-Sally5-Juli-zu-Besuch.jpg\" alt=\"\" width=\"1000\" height=\"655\" srcset=\"https:\/\/collies-vom-floersbachtal.de\/cms\/wp-content\/uploads\/2016\/03\/Michl-Sally5-Juli-zu-Besuch.jpg 1000w, https:\/\/collies-vom-floersbachtal.de\/cms\/wp-content\/uploads\/2016\/03\/Michl-Sally5-Juli-zu-Besuch-300x196.jpg 300w\" sizes=\"auto, (max-width: 1000px) 100vw, 1000px\" \/><\/a><a href=\"http:\/\/collies-vom-floersbachtal.de\/cms\/wp-content\/uploads\/2013\/11\/Sally4-Emma-Juli-16-zu-Besuch.jpg\">Sally hatte uns mit ihrer gesammten Familie besucht, als wir mal ganz spontan ein kleines Welpentreffen organisiert hatten. \ud83d\ude42<\/a><\/h2>\n<div><strong>NEWS im Mai 2016<a href=\"http:\/\/collies-vom-floersbachtal.de\/cms\/wp-content\/uploads\/2016\/03\/Emma1-Mai16.jpeg\"><img loading=\"lazy\" decoding=\"async\" class=\"aligncenter size-large wp-image-17213\" title=\"Emma1 Mai16\" src=\"http:\/\/collies-vom-floersbachtal.de\/cms\/wp-content\/uploads\/2016\/03\/Emma1-Mai16-685x1024.jpg\" alt=\"\" width=\"640\" height=\"956\" srcset=\"https:\/\/collies-vom-floersbachtal.de\/cms\/wp-content\/uploads\/2016\/03\/Emma1-Mai16-685x1024.jpg 685w, https:\/\/collies-vom-floersbachtal.de\/cms\/wp-content\/uploads\/2016\/03\/Emma1-Mai16-200x300.jpg 200w, https:\/\/collies-vom-floersbachtal.de\/cms\/wp-content\/uploads\/2016\/03\/Emma1-Mai16.jpeg 1536w\" sizes=\"auto, (max-width: 640px) 100vw, 640px\" \/><\/a>Diese Augen, denen kann man doch nix abschlagen \ud83d\ude09 Vorsichthalber wird mal die Pfote ganz dezent aufs Geweih gelegt. \ud83d\ude09<\/strong><a href=\"http:\/\/collies-vom-floersbachtal.de\/cms\/wp-content\/uploads\/2016\/03\/Emma4-Mai16.jpeg\"><img loading=\"lazy\" decoding=\"async\" class=\"aligncenter size-large wp-image-17216\" title=\"Emma4 Mai16\" src=\"http:\/\/collies-vom-floersbachtal.de\/cms\/wp-content\/uploads\/2016\/03\/Emma4-Mai16-685x1024.jpg\" alt=\"\" width=\"640\" height=\"956\" srcset=\"https:\/\/collies-vom-floersbachtal.de\/cms\/wp-content\/uploads\/2016\/03\/Emma4-Mai16-685x1024.jpg 685w, https:\/\/collies-vom-floersbachtal.de\/cms\/wp-content\/uploads\/2016\/03\/Emma4-Mai16-200x300.jpg 200w, https:\/\/collies-vom-floersbachtal.de\/cms\/wp-content\/uploads\/2016\/03\/Emma4-Mai16.jpeg 1536w\" sizes=\"auto, (max-width: 640px) 100vw, 640px\" \/><\/a><strong>Zum Knutschen \ud83d\ude1b<a href=\"http:\/\/collies-vom-floersbachtal.de\/cms\/wp-content\/uploads\/2016\/03\/Emma5-Mai16.jpeg\"><img loading=\"lazy\" decoding=\"async\" class=\"aligncenter size-large wp-image-17217\" title=\"Emma5 Mai16\" src=\"http:\/\/collies-vom-floersbachtal.de\/cms\/wp-content\/uploads\/2016\/03\/Emma5-Mai16-1024x685.jpg\" alt=\"\" width=\"640\" height=\"428\" srcset=\"https:\/\/collies-vom-floersbachtal.de\/cms\/wp-content\/uploads\/2016\/03\/Emma5-Mai16-1024x685.jpg 1024w, https:\/\/collies-vom-floersbachtal.de\/cms\/wp-content\/uploads\/2016\/03\/Emma5-Mai16-300x200.jpg 300w\" sizes=\"auto, (max-width: 640px) 100vw, 640px\" \/><\/a><\/strong><a href=\"http:\/\/collies-vom-floersbachtal.de\/cms\/wp-content\/uploads\/2016\/03\/Emma6-Mai16.jpeg\"><img loading=\"lazy\" decoding=\"async\" class=\"aligncenter size-large wp-image-17218\" title=\"Emma6 Mai16\" src=\"http:\/\/collies-vom-floersbachtal.de\/cms\/wp-content\/uploads\/2016\/03\/Emma6-Mai16-685x1024.jpg\" alt=\"\" width=\"640\" height=\"956\" srcset=\"https:\/\/collies-vom-floersbachtal.de\/cms\/wp-content\/uploads\/2016\/03\/Emma6-Mai16-685x1024.jpg 685w, https:\/\/collies-vom-floersbachtal.de\/cms\/wp-content\/uploads\/2016\/03\/Emma6-Mai16-200x300.jpg 200w, https:\/\/collies-vom-floersbachtal.de\/cms\/wp-content\/uploads\/2016\/03\/Emma6-Mai16.jpeg 1536w\" sizes=\"auto, (max-width: 640px) 100vw, 640px\" \/><\/a><strong>komische Collies &#8230;<\/strong><\/div>\n<div><strong>News im M\u00e4rz 2016<\/strong><\/div>\n<div>\n<div>Hallo liebe Mama Ginger, liebe Susanne und Gernot,<\/div>\n<div>Stellt Euch mal vor, was ich heute alles erlebt habe. Ich war in der gro\u00dfen Stadt W\u00fcrzburg &#8211;<\/div>\n<div>die Residenz kenne ich jetzt schon, die Stra\u00dfenbahnen in allen Farben und vor allem den<\/div>\n<div>Marktplatz. Dort haben Frauchen Benni und Amelie frische H\u00fchnerh\u00e4lse, -herzen und -karkassen<\/div>\n<div>f\u00fcr uns Hunde gekauft, echt lecker!<\/div>\n<div>Auf dem Marienplatz habe ich den Verkehr und viele Menschen beobachtet und war ganz cool und brav.<\/div>\n<div>Beim Spaziergang am Nachmittag habe ich Freundschaft mit drei Hunden aus unserer Strasse geschlossen<\/div>\n<div>und am Abend sogar noch einem Mops Pf\u00f6tchen gegeben. Ihr w\u00e4rt echt stolz auf mich gewesen.<\/div>\n<div>(Ist Frauchen aber auch\u2026) Andere Hundebesitzer hier haben sogar bemerkt, dass ich ganz toll<\/div>\n<div>sozialisiert bin! Hoffentlich geht es Euch auch gut und Ihr k\u00f6nnt die Ruhe jetzt langsam genie\u00dfen!<\/div>\n<div>Ganz liebe Gr\u00fc\u00dfe und viele Bussis von Eurer Sally!<\/div>\n<div>P.S. Mein Frauchen m\u00f6chte auch noch etwas schreiben!<\/div>\n<div>Hallo Ihr lieben Fl\u00f6rsbachtaler (Menschen + Hunde)<\/div>\n<div>Es ist schon verr\u00fcckt, wie schnell man sich an so eine tolle H\u00fcndin wie Sally gew\u00f6hnen kann.<\/div>\n<div>Wir sind alle in sie verliebt und k\u00f6nnten sie uns nicht mehr wegdenken.<\/div>\n<div>Sie ist viel ruhiger in der Wohnung geworden. Heute hat sie sich in der Welpengruppenstunde<\/div>\n<div>voll ausgepowert. Es waren nur vier Welpen in etwa gleicher Gr\u00f6\u00dfe und Alter da, sie war die J\u00fcngste.<\/div>\n<div>Wir haben schon Sitz, Platz, Pfote bei Fu\u00df laufen mit und ohne Leine ge\u00fcbt, haben mit Bleib angefangen<\/div>\n<div>und alle hatten ganz viel Spa\u00df beim Toben. Die Trainerin Bianca Richter aus Lindelbach hat schon nach<\/div>\n<div>Bildern von Sallys Mutter \u00a0gefragt.<\/div>\n<div>Sie erwartet selbst am Wochenende einen Wurf Golden Retriever.<\/div>\n<p>Ich bin total erstaunt wie schnell Sally lernt. Bis jetzt gab es auch nur drei Pf\u00fctzen in der Wohnung.<\/p>\n<div>Echt gut, oder?<\/div>\n<div>\n<p>Nun w\u00fcnschen wir Euch sch\u00f6ne Osterfeiertage und eine gute Zeit mit allen Hunden.<a href=\"http:\/\/collies-vom-floersbachtal.de\/cms\/wp-content\/uploads\/2016\/03\/Emma1-M\u00e4rz16.jpeg\"><img loading=\"lazy\" decoding=\"async\" class=\"aligncenter size-medium wp-image-16870\" title=\"Emma1 M\u00e4rz16\" src=\"http:\/\/collies-vom-floersbachtal.de\/cms\/wp-content\/uploads\/2016\/03\/Emma1-M\u00e4rz16-300x225.jpg\" alt=\"\" width=\"300\" height=\"225\" srcset=\"https:\/\/collies-vom-floersbachtal.de\/cms\/wp-content\/uploads\/2016\/03\/Emma1-M\u00e4rz16-300x225.jpg 300w, https:\/\/collies-vom-floersbachtal.de\/cms\/wp-content\/uploads\/2016\/03\/Emma1-M\u00e4rz16.jpeg 1024w\" sizes=\"auto, (max-width: 300px) 100vw, 300px\" \/><\/a><\/p>\n<div>Ganz liebe Gr\u00fc\u00dfe<\/div>\n<div>Andrea + Corni<\/div>\n<\/div>\n<\/div>\n<div>Hallo Susanne,<\/div>\n<div>\u00fcber Nacht hat sich unser wundersch\u00f6ner Collie in einem Hasen verwandelt<\/div>\n<div>Ob das mit den getrockneten Hasenohren was zu tun hat? \u00a0\ud83d\ude42<\/div>\n<div>Viele Gr\u00fc\u00dfe<\/div>\n<div>\n<p>Andrea &amp; Corni<a href=\"http:\/\/collies-vom-floersbachtal.de\/cms\/wp-content\/uploads\/2016\/03\/Emma1-Sally-Zuhause.jpeg\"><img loading=\"lazy\" decoding=\"async\" class=\"aligncenter size-medium wp-image-16761\" title=\"Emma1 Sally  Zuhause\" src=\"http:\/\/collies-vom-floersbachtal.de\/cms\/wp-content\/uploads\/2016\/03\/Emma1-Sally-Zuhause-300x234.jpg\" alt=\"\" width=\"300\" height=\"234\" srcset=\"https:\/\/collies-vom-floersbachtal.de\/cms\/wp-content\/uploads\/2016\/03\/Emma1-Sally-Zuhause-300x234.jpg 300w, https:\/\/collies-vom-floersbachtal.de\/cms\/wp-content\/uploads\/2016\/03\/Emma1-Sally-Zuhause-1024x800.jpg 1024w, https:\/\/collies-vom-floersbachtal.de\/cms\/wp-content\/uploads\/2016\/03\/Emma1-Sally-Zuhause.jpeg 1228w\" sizes=\"auto, (max-width: 300px) 100vw, 300px\" \/><\/a><\/p>\n<pre>Hallo Susanne, hallo Gernot,\n\nDank Eurer Klebepads sieht unser Hund wieder wie ein Collie aus - der Osterhase kommt ja erst am Sonntag..\nDie Pads halten allerdings nur an der Ohrenspitze - unten an der Ohrmuschel kratzt Sally den Kleber\nwieder ab. Aber das Gewicht h\u00e4lt die Ohren sch\u00f6n nach unten.\nGestern waren wir in Volkach - kleines St\u00e4dtchen und haben einen kurzen Einkaufsbummel auch an einer Baustelle\n(mit Bagger) vorbei gemacht.\nSie war sehr gelassen - echt gut.\n\nEin gro\u00dfes Lob hat sie heute von der Trainerin der Hundeschule bekommen. Sie arbeitet gut mit, liebt Leckerli und ist\nsehr aufmerksam und interessiert. Zwei ihrer Retriever hat sie kenngelernt und hat sich vorbildlich benommen.\nFr. Richter, die Trainerin, hat uns ja dazu geraten einen Collie zu kaufen - ihre Gro\u00dfeltern haben fr\u00fcher selber\nCollies gez\u00fcchtet. Sie hat gesagt, dass sie schon viele Collies kennengelernt hat, dass unsere Sally aber ein\nbesonders sch\u00f6nes Exemplar sei - ein gro\u00dfes Lob an die tollen Z\u00fcchter, dieses Lob muss ich doch weitergeben!\nAm Donnerstag d\u00fcrfen wir auch gleich an der Welpengruppe teilnehmen.\nEs sind insgesamt nur drei oder vier Welpen in etwa der gleichen Gruppe - erst wird gearbeitet, am Schluss\nd\u00fcrfen alle zusammen spielen.\nMorgen m\u00f6chte ich mit Sally und Benni nach W\u00fcrzburg in die Innenstadt - Stadt kennenlernen und frische\nH\u00fchnerh\u00e4lse auf dem Markt holen.\n\nWir w\u00fcnschen Euch eine gute Osterwoche und sch\u00f6ne Feiertage\nLiebe Gr\u00fc\u00dfe\nAndrea + Corni\nP.s. Gewicht von Sally am Sonntag 13.3.16  6,4 kg\n                                          Sonntag 20.3.16  7,0 kg Ist das ok?<\/pre>\n<\/div>","protected":false},"excerpt":{"rendered":"<p>M\u00e4rz 2026 News von Sally \ud83d\ude42 Dezember News von Sally \ud83d\ude42 Urlaubsgr\u00fc\u00dfe im August 2025 aus K\u00e4rnten von Sally und ihrer etwas geschrumpften Familie \ud83d\ude00 September 2024 .Urlaubsgr\u00fc\u00dfe von Sally und ihrer Familie \ud83d\ude42 News von Sally im April 2024 &hellip; <a href=\"https:\/\/collies-vom-floersbachtal.de\/?page_id=16697\">Weiterlesen <span class=\"meta-nav\">&rarr;<\/span><\/a><\/p>\n","protected":false},"author":1,"featured_media":0,"parent":0,"menu_order":0,"comment_status":"open","ping_status":"open","template":"","meta":{"footnotes":""},"class_list":["post-16697","page","type-page","status-publish","hentry"],"_links":{"self":[{"href":"https:\/\/collies-vom-floersbachtal.de\/index.php?rest_route=\/wp\/v2\/pages\/16697","targetHints":{"allow":["GET"]}}],"collection":[{"href":"https:\/\/collies-vom-floersbachtal.de\/index.php?rest_route=\/wp\/v2\/pages"}],"about":[{"href":"https:\/\/collies-vom-floersbachtal.de\/index.php?rest_route=\/wp\/v2\/types\/page"}],"author":[{"embeddable":true,"href":"https:\/\/collies-vom-floersbachtal.de\/index.php?rest_route=\/wp\/v2\/users\/1"}],"replies":[{"embeddable":true,"href":"https:\/\/collies-vom-floersbachtal.de\/index.php?rest_route=%2Fwp%2Fv2%2Fcomments&post=16697"}],"version-history":[{"count":39,"href":"https:\/\/collies-vom-floersbachtal.de\/index.php?rest_route=\/wp\/v2\/pages\/16697\/revisions"}],"predecessor-version":[{"id":54647,"href":"https:\/\/collies-vom-floersbachtal.de\/index.php?rest_route=\/wp\/v2\/pages\/16697\/revisions\/54647"}],"wp:attachment":[{"href":"https:\/\/collies-vom-floersbachtal.de\/index.php?rest_route=%2Fwp%2Fv2%2Fmedia&parent=16697"}],"curies":[{"name":"wp","href":"https:\/\/api.w.org\/{rel}","templated":true}]}}