{"id":12109,"date":"2015-01-26T17:09:18","date_gmt":"2015-01-26T17:09:18","guid":{"rendered":"http:\/\/collies-vom-floersbachtal.de\/?page_id=12109"},"modified":"2024-08-01T12:32:11","modified_gmt":"2024-08-01T12:32:11","slug":"nachzucht-d-wurf-dreamboy-dreamer","status":"publish","type":"page","link":"https:\/\/collies-vom-floersbachtal.de\/?page_id=12109","title":{"rendered":"Nachzucht D &#8211; Wurf Dreamboy (Fietje) Verstorben"},"content":{"rendered":"<p><a href=\"http:\/\/collies-vom-floersbachtal.de\/cms\/wp-content\/uploads\/2015\/01\/Trauer.jpg\"><img loading=\"lazy\" decoding=\"async\" class=\"aligncenter size-full wp-image-27680\" title=\"Trauer\" src=\"http:\/\/collies-vom-floersbachtal.de\/cms\/wp-content\/uploads\/2015\/01\/Trauer.jpg\" alt=\"\" width=\"500\" height=\"571\" srcset=\"https:\/\/collies-vom-floersbachtal.de\/cms\/wp-content\/uploads\/2015\/01\/Trauer.jpg 500w, https:\/\/collies-vom-floersbachtal.de\/cms\/wp-content\/uploads\/2015\/01\/Trauer-262x300.jpg 262w\" sizes=\"auto, (max-width: 500px) 100vw, 500px\" \/><\/a><strong>19.11.2019<\/strong> Furchtbare Neuigkeiten von unserem s\u00fc\u00dfen Fietje \ud83d\ude41<\/p>\n<p>Am Samstag wurde bei ihm eine Notoperation durchgef\u00fchrt. Verdacht auf eine Tumor im Magen\/Darmtrakt, man versuchte alles aber es sah schlecht aus. Danach Intensivstation, um dann am Montag erneut operiert zu werden. Leider hat er es nicht geschafft, man mu\u00dfte ihn gehen lassen. Ich bin sehr traurig und kann es noch gar nicht begreifen. Mein aufrichtiges Beileid gilt nat\u00fcrlich Imke und Udo und den 3 weiteren Hunden, die alle wie vor den Kopf gesto\u00dfen sind. Denn Fietje war NIE krank. Leider sind die Blutergebnisse nicht vor Freitag oder Montag zu erwarten, wo man vielleicht neue Erkenntnisse bekommt. ABER n\u00fctzen werden sie nicht mehr. \ud83d\ude41<\/p>\n<p>Lebe wohl mein kleiner Schatz, jetzt kannst du mit Gernot zusammen sein.<\/p>\n<h1><a href=\"http:\/\/collies-vom-floersbachtal.de\/cms\/wp-content\/uploads\/2015\/01\/Fietje-19.11.19.jpg\"><img loading=\"lazy\" decoding=\"async\" class=\"aligncenter size-full wp-image-27681\" title=\"Fietje 19.11.19\" src=\"http:\/\/collies-vom-floersbachtal.de\/cms\/wp-content\/uploads\/2015\/01\/Fietje-19.11.19.jpg\" alt=\"\" width=\"500\" height=\"500\" srcset=\"https:\/\/collies-vom-floersbachtal.de\/cms\/wp-content\/uploads\/2015\/01\/Fietje-19.11.19.jpg 500w, https:\/\/collies-vom-floersbachtal.de\/cms\/wp-content\/uploads\/2015\/01\/Fietje-19.11.19-150x150.jpg 150w, https:\/\/collies-vom-floersbachtal.de\/cms\/wp-content\/uploads\/2015\/01\/Fietje-19.11.19-300x300.jpg 300w\" sizes=\"auto, (max-width: 500px) 100vw, 500px\" \/><\/a><strong>R.I.P.\u00a0 Fietje &#8211; Dreamboy vom Fl\u00f6rsbachtal\u00a0 \u00a0 \u00a0 \u00a0 \u00a0 \u00a0 \u00a0 \u00a0 \u00a0 \u00a0 \u00a0 \u00a0 \u00a0 \u00a0 \u00a0 \u00a0 \u00a0 \u00a026.11.2014 &#8211; 18.11.19<\/strong><\/h1>\n<p>SEELENHUNDE<br \/>\nSie wohnen unter Deiner Haut, mitten in Dir drin und einen Zentimeter links vom Herzen. Es ist die Stelle, an der die Seele ihrem Mittelpunkt hat und wo alle unsere Tr\u00e4nen und Lachfalten ihr Zuhause haben. Sie sind immer bei Dir, begleiten Dich durch Euer gemeinsames Leben und bleiben auch da, wenn sie schon lange gegangen sind. Sie fangen Dich auf, wenn Du f\u00e4llst, und sie st\u00fctzen Dich, wenn Du keine Kraft hast. Da, wo sie sind, ist der Ort, an dem Du Zuhause bist.<br \/>\nSeelenhunde sind der Anker, an dem Dein Leben h\u00e4ngt. Euch verbindet ein unsichtbares Band wie aus Gummi und je weiter Ihr auseinander seid, desto mehr zieht es Euch zur\u00fcck.<br \/>\nEure bittersten Tr\u00e4nen verschwinden, wenn sie sich auf Eurem Scho\u00df zu einem einen Kringel zusammenrollen. Ihre gro\u00dfen Erlebnisse und kleinen Erfolge lassen Euch jedes Mal lachen und die gemeinsame Freude l\u00e4sst Euch alle Sorgen vergessen. Wenn andere Dinge Stress und Anspannung in Euer Leben gebracht haben, sind sie da und zeigen Euch den Weg nach Hause. Gemeinsame Spazierg\u00e4nge und Abenteuerreisen sind wie eine frische Brise in der Seele, die Euch alles Vorausgegangene vergessen lassen.<br \/>\nSeelenhunde reparieren Deine Seele und auch Dein Herz, jeden Tag mehrmals und immer wieder. Sie machen es einfach so und ohne jede M\u00fche.<br \/>\nSie sind immer da, wenn Du sie brauchst, und sie sind immer dort, wo Du bist. Manchmal sind sie der Grund, warum Du \u00fcberhaupt noch aus dem Bett aufstehst und oft sind sie der letzte Anla\u00df, doch noch einmal das Haus zu verlassen und vor die T\u00fcr zu gehen. Wie viele Leben sie wohl schon auf diese Art und Weise gerettet haben? Sie halten Dich auf Trab und in Bewegung \u2013 und sie bringen immer wieder neue Dinge in Dein Leben. Sie sind Deine Tankstelle und die Salbe auf den Narben des Lebens.<br \/>\nSeelenhunde sind ein untrennbarer Teil von Dir und kein Skalpell der Welt kann diese Verbindung trennen.<br \/>\nSie sind die Pfadfinder, wenn Ihr Euch verlaufen habt, und sie sind die Lotsen, wenn Ihr nicht mehr weiter wisst. Sie nehmen Euch jeden Tag mit in ihre Welt. Sie holen Euch ab und sie bringen Euch jedes Mal heile und unversehrt zur\u00fcck. Manche sagen, sie k\u00f6nnten zaubern und W\u00fcnsche erf\u00fcllen, die Worte nicht aussprechen k\u00f6nnen. Andere wissen, dass sie Eure Sehns\u00fcchte und Tr\u00e4ume erkennen, bevor ihr es selber k\u00f6nnt.<br \/>\nSeelenhunde sind die Liebe und die W\u00e4rme in Eurem Herzen. Sie sind die letzte Zuverl\u00e4ssigkeit in der Welt, wenn alles andere euch verlassen hat.<br \/>\nSie lieben Euch ohne Ansehen Eurer Person. Ohne Blick auf Eure Herkunft, Euer Aussehen oder Eure Kontoausz\u00fcge. Ihnen ist es egal, ob Ihr in einer kleinen Villa mit gro\u00dfem Garten oder in einem Hochhaus im achten Stock wohnt. Ihr braucht einfach nur da sein und ihr braucht nichts weiter zu machen, als ihre Liebe in Euren Herzen zuzulassen. Sie \u00f6ffnen die T\u00fcr zur Seele und Ihr braucht nichts weiter zu tun, als sie rein zu lassen.<br \/>\nSeelenhunde sind der Grund, warum Du bist. Und sie sind der Grund, warum Du jeden Tag erneut die Kraft hast, einen Tag mehr zu leben!<\/p>\n<div>\n<p>(Severine Martens)<\/p>\n<\/div>\n<p>Sein Herrchen schrieb diesen wundersch\u00f6nen Text:<\/p>\n<p>Die alte Seele<br \/>\nEs war einmal eine sehr, sehr alte Seele, die sehr, sehr viele Hundeleben auf der Erde gelebt hatte und deren Dasein als Seele jetzt ebenfalls fast zu Ende war, ja, bald w\u00fcrde sie mit der Ewigkeit verschmelzen und ein Teil davon werden.<br \/>\nIm Augenblick sa\u00df die alte Seele in der Leere zwischen ihrem letzten Hundeleben und ihrer k\u00fcnftigen Verschmelzung und f\u00fchlte sich ein wenig einsam. Ihre besten Freunde waren auf und davon, die alte Seele konnte sie unten auf der Erde sehen, wie jede von ihnen einen Menschen mit Eifer, Neugier und Staunen und den verschiedensten Gedanken erf\u00fcllte.<br \/>\nIch will dorthin, sagte die alte Seele. Ich habe immer noch eine ordentliche Portion Freude \u00fcbrig. Ich will dorthin und sie ihnen schenken.<br \/>\nAber die Zeit, die dir vor der Verschmelzung bleibt, ist so kurz, warnte der W\u00e4chter. Nat\u00fcrlich kannst du ihnen Freude schenken, aber wenn du nur so kurze Zeit bei ihnen bleibst, schenkst du ihnen zugleich eine gro\u00dfe Trauer, wenn du sie verl\u00e4sst.<br \/>\nIch wei\u00df, sagte die alte Seele. Aber ich will es trotzdem. Ich will ihnen so viel Freude schenken, dass sie ihnen danach \u00fcber die Trauer hinweghilft.<br \/>\nDann soll es so sein, wie du es willst, sagte der W\u00e4chter und schickte die sehr, sehr alte Seele los.<br \/>\nDaraufhin bekam eine Frau auf der Erde einen Hund,den sie sich schon lange gew\u00fcnscht hatten. Es war ein Seelenhund,der ihnen vom Tag seiner Ankunft an Freude bereitete, jene ungetr\u00fcbte Freude, die die Menschen und Hunde empfinden, wenn ihre Seelen einander begegnen und sich voller Entz\u00fccken aus der Ewigkeit wiedererkennen.<br \/>\nAber bleibt dir nicht nur sehr wenig Zeit? Fl\u00fcsterte die Seele des Frauchens der alten Seele in dem kleinen Hund zu.<br \/>\nDie Zeit ist kurz, aber die Freude ist gro\u00df, antwortete die sehr alte Seele.<br \/>\nUnd obwohl das Frauchen dieses Gespr\u00e4ch nicht h\u00f6rte, weckte das Gefl\u00fcster eine ahnungsvolle Unruhe in ihr, einen Hauch des Wissens, dass wir nichts auf Erden besitzen, einer den anderen nicht und nicht einmal uns selbst. Alles wird uns schlie\u00dflich genommen werden, alles, was wir mit uns tragen, alle Lieben um uns herum, schlie\u00dflich auch unser Leben und unser K\u00f6rper.<br \/>\nAber der Hund wuchs heran, und die Freude, die er verbreitete, war so gro\u00df, dass das Frauchen diese Gedanken verga\u00df.Ja, die sehr alte Seele durfte ihre letzte Zeit genau so verbringen, wie sie es sich gew\u00fcnscht hatte.<br \/>\nAber die Zeit war kurz, auch nach menschlichem Ma\u00df war sie kurz, und der Augenblick kam, da die Verschmelzung stattfinden w\u00fcrde. Die sehr, sehr alte Seele erhielt den Ruf, dass sie sich unverz\u00fcglich zur Zeremonie einfinden solle, und musste gehorchen.<br \/>\nF\u00fcr die Menschen sah es so aus, als h\u00e4tte ein pl\u00f6tzlicher Tod den Hund ereilt. Ihre Trauer war ma\u00dflos, genau wie der W\u00e4chter es vorhergesagt hatte. Aber da alle Erinnerungen an ihren Hund nur Freude und nichts als Freude waren, konnte sie ihre Trauer ertragen, genau wie die sehr alte Seele es vorhergesagt hatte.<br \/>\nUnd wo man fr\u00fcher die sehr, sehr alten Seelen ihr letztes H\u00e4ppchen Zeit einfach in der Leere hatte absitzen lassen, b\u00fcrgerte sich von nun an in der Ewigkeit die Sitte ein, dass die alten Hundeseelen zu Menschen, die sie brauchten, geschickt wurden, um ihnen Ihre letzte gro\u00dfe Freude zu schenken. Die Freude gibt den Menschen die Kraft, die anschlie\u00dfende Trauer, die unausweichliche Trauer zu ertragen und allm\u00e4hlich&#8230;<br \/>\nin etwas Gutes zu verwandeln&#8230;.<\/p>\n<div>\n<p>R.I.P Engel in Hundegestalt<\/p>\n<\/div>\n<p>Mai 2018 News von Fietje<br \/>\n<a href=\"http:\/\/collies-vom-floersbachtal.de\/cms\/wp-content\/uploads\/2015\/01\/Fietje2-Dez.17.jpg\"><img loading=\"lazy\" decoding=\"async\" class=\"aligncenter size-full wp-image-22704\" title=\"Fietje2 Dez.17\" src=\"http:\/\/collies-vom-floersbachtal.de\/cms\/wp-content\/uploads\/2015\/01\/Fietje2-Dez.17.jpg\" alt=\"\" width=\"960\" height=\"540\" srcset=\"https:\/\/collies-vom-floersbachtal.de\/cms\/wp-content\/uploads\/2015\/01\/Fietje2-Dez.17.jpg 960w, https:\/\/collies-vom-floersbachtal.de\/cms\/wp-content\/uploads\/2015\/01\/Fietje2-Dez.17-300x168.jpg 300w\" sizes=\"auto, (max-width: 960px) 100vw, 960px\" \/><\/a><br \/>\n<a href=\"http:\/\/collies-vom-floersbachtal.de\/cms\/wp-content\/uploads\/2015\/01\/Fietje3-Dez.17.jpg\"><img loading=\"lazy\" decoding=\"async\" class=\"aligncenter size-medium wp-image-22705\" title=\"Fietje3 Dez.17\" src=\"http:\/\/collies-vom-floersbachtal.de\/cms\/wp-content\/uploads\/2015\/01\/Fietje3-Dez.17-300x225.jpg\" alt=\"\" width=\"300\" height=\"225\" srcset=\"https:\/\/collies-vom-floersbachtal.de\/cms\/wp-content\/uploads\/2015\/01\/Fietje3-Dez.17-300x225.jpg 300w, https:\/\/collies-vom-floersbachtal.de\/cms\/wp-content\/uploads\/2015\/01\/Fietje3-Dez.17.jpg 960w\" sizes=\"auto, (max-width: 300px) 100vw, 300px\" \/><\/a><\/p>\n<p><a href=\"http:\/\/collies-vom-floersbachtal.de\/cms\/wp-content\/uploads\/2015\/01\/Fietje-mit-fast-2-Jahren.jpg\"><img loading=\"lazy\" decoding=\"async\" class=\"aligncenter size-full wp-image-18208\" title=\"Fietje mit fast 2 Jahren\" src=\"http:\/\/collies-vom-floersbachtal.de\/cms\/wp-content\/uploads\/2015\/01\/Fietje-mit-fast-2-Jahren.jpg\" alt=\"\" width=\"960\" height=\"720\" srcset=\"https:\/\/collies-vom-floersbachtal.de\/cms\/wp-content\/uploads\/2015\/01\/Fietje-mit-fast-2-Jahren.jpg 960w, https:\/\/collies-vom-floersbachtal.de\/cms\/wp-content\/uploads\/2015\/01\/Fietje-mit-fast-2-Jahren-300x225.jpg 300w\" sizes=\"auto, (max-width: 960px) 100vw, 960px\" \/><\/a><strong>Fietje mit fast 2 Jahren \ud83d\ude00<\/strong><\/p>\n<p><strong>Und hier ein Foto von seinen ganzen Kumpels und ihm \ud83d\ude1b<a href=\"http:\/\/collies-vom-floersbachtal.de\/cms\/wp-content\/uploads\/2015\/01\/Fietje-und-Freunde-Mai16.jpg\"><img loading=\"lazy\" decoding=\"async\" class=\"aligncenter size-full wp-image-18017\" title=\"Fietje und Freunde Mai16\" src=\"http:\/\/collies-vom-floersbachtal.de\/cms\/wp-content\/uploads\/2015\/01\/Fietje-und-Freunde-Mai16.jpg\" alt=\"\" width=\"2048\" height=\"1399\" srcset=\"https:\/\/collies-vom-floersbachtal.de\/cms\/wp-content\/uploads\/2015\/01\/Fietje-und-Freunde-Mai16.jpg 2048w, https:\/\/collies-vom-floersbachtal.de\/cms\/wp-content\/uploads\/2015\/01\/Fietje-und-Freunde-Mai16-300x204.jpg 300w, https:\/\/collies-vom-floersbachtal.de\/cms\/wp-content\/uploads\/2015\/01\/Fietje-und-Freunde-Mai16-1024x699.jpg 1024w\" sizes=\"auto, (max-width: 2048px) 100vw, 2048px\" \/><\/a><\/strong><\/p>\n<p><strong>Osterfotos vom lieben L\u00fcmmel Fietje mit seiner blauen Freundin Wolke \ud83d\ude00<a href=\"http:\/\/collies-vom-floersbachtal.de\/cms\/wp-content\/uploads\/2015\/01\/Fietje1-April162.jpg\"><img loading=\"lazy\" decoding=\"async\" class=\"aligncenter size-large wp-image-17119\" title=\"Fietje1 April16\" src=\"http:\/\/collies-vom-floersbachtal.de\/cms\/wp-content\/uploads\/2015\/01\/Fietje1-April162-1024x680.jpg\" alt=\"\" width=\"640\" height=\"425\" srcset=\"https:\/\/collies-vom-floersbachtal.de\/cms\/wp-content\/uploads\/2015\/01\/Fietje1-April162-1024x680.jpg 1024w, https:\/\/collies-vom-floersbachtal.de\/cms\/wp-content\/uploads\/2015\/01\/Fietje1-April162-300x199.jpg 300w, https:\/\/collies-vom-floersbachtal.de\/cms\/wp-content\/uploads\/2015\/01\/Fietje1-April162.jpg 2048w\" sizes=\"auto, (max-width: 640px) 100vw, 640px\" \/><\/a><\/strong><\/p>\n<p><a href=\"http:\/\/collies-vom-floersbachtal.de\/cms\/wp-content\/uploads\/2015\/01\/Fietje2-April161.jpg\"><img loading=\"lazy\" decoding=\"async\" class=\"aligncenter size-large wp-image-17120\" title=\"Fietje2 April16\" src=\"http:\/\/collies-vom-floersbachtal.de\/cms\/wp-content\/uploads\/2015\/01\/Fietje2-April161-1024x680.jpg\" alt=\"\" width=\"640\" height=\"425\" srcset=\"https:\/\/collies-vom-floersbachtal.de\/cms\/wp-content\/uploads\/2015\/01\/Fietje2-April161-1024x680.jpg 1024w, https:\/\/collies-vom-floersbachtal.de\/cms\/wp-content\/uploads\/2015\/01\/Fietje2-April161-300x199.jpg 300w, https:\/\/collies-vom-floersbachtal.de\/cms\/wp-content\/uploads\/2015\/01\/Fietje2-April161.jpg 2048w\" sizes=\"auto, (max-width: 640px) 100vw, 640px\" \/><\/a><a href=\"http:\/\/collies-vom-floersbachtal.de\/cms\/wp-content\/uploads\/2015\/01\/Fietje3-April161.jpg\"><img loading=\"lazy\" decoding=\"async\" class=\"aligncenter size-large wp-image-17121\" title=\"Fietje3 April16\" src=\"http:\/\/collies-vom-floersbachtal.de\/cms\/wp-content\/uploads\/2015\/01\/Fietje3-April161-1024x680.jpg\" alt=\"\" width=\"640\" height=\"425\" srcset=\"https:\/\/collies-vom-floersbachtal.de\/cms\/wp-content\/uploads\/2015\/01\/Fietje3-April161-1024x680.jpg 1024w, https:\/\/collies-vom-floersbachtal.de\/cms\/wp-content\/uploads\/2015\/01\/Fietje3-April161-300x199.jpg 300w, https:\/\/collies-vom-floersbachtal.de\/cms\/wp-content\/uploads\/2015\/01\/Fietje3-April161.jpg 2048w\" sizes=\"auto, (max-width: 640px) 100vw, 640px\" \/><\/a>Ein traumhaft sch\u00f6ner Kerl \ud83d\ude1b<\/p>\n<p><a href=\"http:\/\/collies-vom-floersbachtal.de\/cms\/wp-content\/uploads\/2015\/01\/Fietje2-April16.jpg\"><img loading=\"lazy\" decoding=\"async\" class=\"aligncenter size-medium wp-image-17074\" title=\"Fietje2 April16\" src=\"http:\/\/collies-vom-floersbachtal.de\/cms\/wp-content\/uploads\/2015\/01\/Fietje2-April16-300x199.jpg\" alt=\"\" width=\"300\" height=\"199\" srcset=\"https:\/\/collies-vom-floersbachtal.de\/cms\/wp-content\/uploads\/2015\/01\/Fietje2-April16-300x199.jpg 300w, https:\/\/collies-vom-floersbachtal.de\/cms\/wp-content\/uploads\/2015\/01\/Fietje2-April16-1024x680.jpg 1024w, https:\/\/collies-vom-floersbachtal.de\/cms\/wp-content\/uploads\/2015\/01\/Fietje2-April16.jpg 1280w\" sizes=\"auto, (max-width: 300px) 100vw, 300px\" \/><\/a><a href=\"http:\/\/collies-vom-floersbachtal.de\/cms\/wp-content\/uploads\/2015\/01\/Fietje3-April16.jpg\"><img loading=\"lazy\" decoding=\"async\" class=\"aligncenter size-medium wp-image-17075\" title=\"Fietje3 April16\" src=\"http:\/\/collies-vom-floersbachtal.de\/cms\/wp-content\/uploads\/2015\/01\/Fietje3-April16-300x199.jpg\" alt=\"\" width=\"300\" height=\"199\" srcset=\"https:\/\/collies-vom-floersbachtal.de\/cms\/wp-content\/uploads\/2015\/01\/Fietje3-April16-300x199.jpg 300w, https:\/\/collies-vom-floersbachtal.de\/cms\/wp-content\/uploads\/2015\/01\/Fietje3-April16-1024x680.jpg 1024w, https:\/\/collies-vom-floersbachtal.de\/cms\/wp-content\/uploads\/2015\/01\/Fietje3-April16.jpg 1280w\" sizes=\"auto, (max-width: 300px) 100vw, 300px\" \/><\/a><\/p>\n<p><strong>Winterfotos von der wilden Bande aus Ostfriesland \ud83d\ude09<\/strong><strong>News im April 2016 von Fietje \ud83d\ude42<\/strong><br \/>\n<a href=\"http:\/\/collies-vom-floersbachtal.de\/cms\/wp-content\/uploads\/2015\/01\/Fietje1-April16.jpg\"><img loading=\"lazy\" decoding=\"async\" class=\"aligncenter size-medium wp-image-16939\" title=\"Fietje1 April16\" src=\"http:\/\/collies-vom-floersbachtal.de\/cms\/wp-content\/uploads\/2015\/01\/Fietje1-April16-300x168.jpg\" alt=\"\" width=\"300\" height=\"168\" srcset=\"https:\/\/collies-vom-floersbachtal.de\/cms\/wp-content\/uploads\/2015\/01\/Fietje1-April16-300x168.jpg 300w, https:\/\/collies-vom-floersbachtal.de\/cms\/wp-content\/uploads\/2015\/01\/Fietje1-April16-1024x576.jpg 1024w, https:\/\/collies-vom-floersbachtal.de\/cms\/wp-content\/uploads\/2015\/01\/Fietje1-April16.jpg 2048w\" sizes=\"auto, (max-width: 300px) 100vw, 300px\" \/><\/a>Text von seinem Herrchen: <strong>Wir geben Fietje wieder ab&#8230;..der hat uns alles vollgeblutet&#8230;.Quatsch. War nur Spass. Er leidet, weil er heute nicht drau\u00dfen toben darf. Gestern ist er in eine Scherbe getreten. Hat zwar doller geblutet, ist aber schon fast wieder o.k.<\/strong> Armer Schatz, dann hol ich dich eben wieder \ud83d\ude09<\/p>\n<p><strong>Newa im M\u00e4rz 2016<\/strong><br \/>\n<a href=\"http:\/\/collies-vom-floersbachtal.de\/cms\/wp-content\/uploads\/2015\/01\/Fietje1-2016.jpg\"><img loading=\"lazy\" decoding=\"async\" class=\"aligncenter size-medium wp-image-16789\" title=\"Fietje1 2016\" src=\"http:\/\/collies-vom-floersbachtal.de\/cms\/wp-content\/uploads\/2015\/01\/Fietje1-2016-300x199.jpg\" alt=\"\" width=\"300\" height=\"199\" srcset=\"https:\/\/collies-vom-floersbachtal.de\/cms\/wp-content\/uploads\/2015\/01\/Fietje1-2016-300x199.jpg 300w, https:\/\/collies-vom-floersbachtal.de\/cms\/wp-content\/uploads\/2015\/01\/Fietje1-2016-1024x680.jpg 1024w, https:\/\/collies-vom-floersbachtal.de\/cms\/wp-content\/uploads\/2015\/01\/Fietje1-2016.jpg 1280w\" sizes=\"auto, (max-width: 300px) 100vw, 300px\" \/><\/a> Fietje, auch genannt Locke \ud83d\ude09<\/p>\n<p><strong>News im August 2015 <\/strong><br \/>\n<strong>Toll wir machen Urlaub Zuhause<\/strong><a href=\"http:\/\/collies-vom-floersbachtal.de\/cms\/wp-content\/uploads\/2015\/01\/Fietje-schwimmen-13.08-24.jpg\"><img loading=\"lazy\" decoding=\"async\" class=\"aligncenter size-medium wp-image-14333\" title=\"Fietje schwimmen 13.08 (24)\" src=\"http:\/\/collies-vom-floersbachtal.de\/cms\/wp-content\/uploads\/2015\/01\/Fietje-schwimmen-13.08-24-300x199.jpg\" alt=\"\" width=\"300\" height=\"199\" srcset=\"https:\/\/collies-vom-floersbachtal.de\/cms\/wp-content\/uploads\/2015\/01\/Fietje-schwimmen-13.08-24-300x199.jpg 300w, https:\/\/collies-vom-floersbachtal.de\/cms\/wp-content\/uploads\/2015\/01\/Fietje-schwimmen-13.08-24.jpg 1024w\" sizes=\"auto, (max-width: 300px) 100vw, 300px\" \/><\/a> Also, ich kanns jetzt auch, klar&#8230;? <a href=\"http:\/\/collies-vom-floersbachtal.de\/cms\/wp-content\/uploads\/2015\/01\/Fietje-schwimmen-13.08-7.jpg\"><img loading=\"lazy\" decoding=\"async\" class=\"aligncenter size-medium wp-image-14337\" title=\"Fietje schwimmen 13.08 (7)\" src=\"http:\/\/collies-vom-floersbachtal.de\/cms\/wp-content\/uploads\/2015\/01\/Fietje-schwimmen-13.08-7-300x199.jpg\" alt=\"\" width=\"300\" height=\"199\" srcset=\"https:\/\/collies-vom-floersbachtal.de\/cms\/wp-content\/uploads\/2015\/01\/Fietje-schwimmen-13.08-7-300x199.jpg 300w, https:\/\/collies-vom-floersbachtal.de\/cms\/wp-content\/uploads\/2015\/01\/Fietje-schwimmen-13.08-7.jpg 1024w\" sizes=\"auto, (max-width: 300px) 100vw, 300px\" \/><\/a> mal gucken was passiertJuhu ich komme \ud83d\ude00<a href=\"http:\/\/collies-vom-floersbachtal.de\/cms\/wp-content\/uploads\/2015\/01\/Fietje-schwimmen-13.08-51.jpg\"><img loading=\"lazy\" decoding=\"async\" class=\"aligncenter size-full wp-image-14335\" title=\"Fietje schwimmen 13.08 (51)\" src=\"http:\/\/collies-vom-floersbachtal.de\/cms\/wp-content\/uploads\/2015\/01\/Fietje-schwimmen-13.08-51.jpg\" alt=\"\" width=\"1024\" height=\"680\" srcset=\"https:\/\/collies-vom-floersbachtal.de\/cms\/wp-content\/uploads\/2015\/01\/Fietje-schwimmen-13.08-51.jpg 1024w, https:\/\/collies-vom-floersbachtal.de\/cms\/wp-content\/uploads\/2015\/01\/Fietje-schwimmen-13.08-51-300x199.jpg 300w\" sizes=\"auto, (max-width: 1024px) 100vw, 1024px\" \/><\/a> so sch\u00f6n erfrischendFreude pur \ud83d\ude1b<a href=\"http:\/\/collies-vom-floersbachtal.de\/cms\/wp-content\/uploads\/2015\/01\/Fietje-schwimmen-13.08-9.jpg\"><img loading=\"lazy\" decoding=\"async\" class=\"aligncenter size-full wp-image-14339\" title=\"Fietje schwimmen 13.08 (9)\" src=\"http:\/\/collies-vom-floersbachtal.de\/cms\/wp-content\/uploads\/2015\/01\/Fietje-schwimmen-13.08-9.jpg\" alt=\"\" width=\"1024\" height=\"680\" srcset=\"https:\/\/collies-vom-floersbachtal.de\/cms\/wp-content\/uploads\/2015\/01\/Fietje-schwimmen-13.08-9.jpg 1024w, https:\/\/collies-vom-floersbachtal.de\/cms\/wp-content\/uploads\/2015\/01\/Fietje-schwimmen-13.08-9-300x199.jpg 300w\" sizes=\"auto, (max-width: 1024px) 100vw, 1024px\" \/><\/a> morgen gehen wir wieder hier hin, freu \ud83d\ude00<\/p>\n<p><a href=\"http:\/\/collies-vom-floersbachtal.de\/cms\/wp-content\/uploads\/2015\/01\/Fietje-mit-8-Monaten3.jpg\"><img loading=\"lazy\" decoding=\"async\" class=\"aligncenter size-medium wp-image-14226\" title=\"Fietje mit 8 Monaten3\" src=\"http:\/\/collies-vom-floersbachtal.de\/cms\/wp-content\/uploads\/2015\/01\/Fietje-mit-8-Monaten3-300x225.jpg\" alt=\"\" width=\"300\" height=\"225\" srcset=\"https:\/\/collies-vom-floersbachtal.de\/cms\/wp-content\/uploads\/2015\/01\/Fietje-mit-8-Monaten3-300x225.jpg 300w, https:\/\/collies-vom-floersbachtal.de\/cms\/wp-content\/uploads\/2015\/01\/Fietje-mit-8-Monaten3-1024x768.jpg 1024w, https:\/\/collies-vom-floersbachtal.de\/cms\/wp-content\/uploads\/2015\/01\/Fietje-mit-8-Monaten3.jpg 1280w\" sizes=\"auto, (max-width: 300px) 100vw, 300px\" \/><\/a><\/p>\n<p>Fietje mit 8 Monaten<a href=\"http:\/\/collies-vom-floersbachtal.de\/cms\/wp-content\/uploads\/2015\/01\/Fietje-mit-8-Monaten2.jpg\"><img loading=\"lazy\" decoding=\"async\" class=\"aligncenter size-medium wp-image-14225\" title=\"Fietje mit 8 Monaten2\" src=\"http:\/\/collies-vom-floersbachtal.de\/cms\/wp-content\/uploads\/2015\/01\/Fietje-mit-8-Monaten2-300x225.jpg\" alt=\"\" width=\"300\" height=\"225\" srcset=\"https:\/\/collies-vom-floersbachtal.de\/cms\/wp-content\/uploads\/2015\/01\/Fietje-mit-8-Monaten2-300x225.jpg 300w, https:\/\/collies-vom-floersbachtal.de\/cms\/wp-content\/uploads\/2015\/01\/Fietje-mit-8-Monaten2-1024x768.jpg 1024w, https:\/\/collies-vom-floersbachtal.de\/cms\/wp-content\/uploads\/2015\/01\/Fietje-mit-8-Monaten2.jpg 1280w\" sizes=\"auto, (max-width: 300px) 100vw, 300px\" \/><\/a><\/p>\n<p><strong>News im Juli 2015<\/strong><\/p>\n<p>Unser Schlingel Fietje beim Wasserspielen mit seinen Kumpels \ud83d\ude00<a href=\"http:\/\/collies-vom-floersbachtal.de\/cms\/wp-content\/uploads\/2015\/01\/Fietje-04.07.15-Wasserblume-.jpg\"><img loading=\"lazy\" decoding=\"async\" class=\"aligncenter size-medium wp-image-14069\" title=\"Fietje 04.07.15 Wasserblume\" src=\"http:\/\/collies-vom-floersbachtal.de\/cms\/wp-content\/uploads\/2015\/01\/Fietje-04.07.15-Wasserblume--300x199.jpg\" alt=\"\" width=\"300\" height=\"199\" srcset=\"https:\/\/collies-vom-floersbachtal.de\/cms\/wp-content\/uploads\/2015\/01\/Fietje-04.07.15-Wasserblume--300x199.jpg 300w, https:\/\/collies-vom-floersbachtal.de\/cms\/wp-content\/uploads\/2015\/01\/Fietje-04.07.15-Wasserblume--1024x680.jpg 1024w, https:\/\/collies-vom-floersbachtal.de\/cms\/wp-content\/uploads\/2015\/01\/Fietje-04.07.15-Wasserblume-.jpg 1280w\" sizes=\"auto, (max-width: 300px) 100vw, 300px\" \/><\/a><a href=\"http:\/\/collies-vom-floersbachtal.de\/cms\/wp-content\/uploads\/2015\/01\/Fietje-04.07.15-Wasserblume-3.jpg\"><img loading=\"lazy\" decoding=\"async\" class=\"aligncenter size-medium wp-image-14072\" title=\"Fietje 04.07.15 Wasserblume 3\" src=\"http:\/\/collies-vom-floersbachtal.de\/cms\/wp-content\/uploads\/2015\/01\/Fietje-04.07.15-Wasserblume-3-300x199.jpg\" alt=\"\" width=\"300\" height=\"199\" srcset=\"https:\/\/collies-vom-floersbachtal.de\/cms\/wp-content\/uploads\/2015\/01\/Fietje-04.07.15-Wasserblume-3-300x199.jpg 300w, https:\/\/collies-vom-floersbachtal.de\/cms\/wp-content\/uploads\/2015\/01\/Fietje-04.07.15-Wasserblume-3-1024x680.jpg 1024w, https:\/\/collies-vom-floersbachtal.de\/cms\/wp-content\/uploads\/2015\/01\/Fietje-04.07.15-Wasserblume-3.jpg 1280w\" sizes=\"auto, (max-width: 300px) 100vw, 300px\" \/><\/a><a href=\"http:\/\/collies-vom-floersbachtal.de\/cms\/wp-content\/uploads\/2015\/01\/Fietje-04.07.15-Wasserblume-5.jpg\"><img loading=\"lazy\" decoding=\"async\" class=\"aligncenter size-medium wp-image-14074\" title=\"Fietje 04.07.15 Wasserblume 5\" src=\"http:\/\/collies-vom-floersbachtal.de\/cms\/wp-content\/uploads\/2015\/01\/Fietje-04.07.15-Wasserblume-5-300x199.jpg\" alt=\"\" width=\"300\" height=\"199\" srcset=\"https:\/\/collies-vom-floersbachtal.de\/cms\/wp-content\/uploads\/2015\/01\/Fietje-04.07.15-Wasserblume-5-300x199.jpg 300w, https:\/\/collies-vom-floersbachtal.de\/cms\/wp-content\/uploads\/2015\/01\/Fietje-04.07.15-Wasserblume-5-1024x680.jpg 1024w, https:\/\/collies-vom-floersbachtal.de\/cms\/wp-content\/uploads\/2015\/01\/Fietje-04.07.15-Wasserblume-5.jpg 1280w\" sizes=\"auto, (max-width: 300px) 100vw, 300px\" \/><\/a><a href=\"http:\/\/collies-vom-floersbachtal.de\/cms\/wp-content\/uploads\/2015\/01\/Fietje-04.07.15-Wasserblume-7.jpg\"><img loading=\"lazy\" decoding=\"async\" class=\"aligncenter size-full wp-image-14076\" title=\"Fietje 04.07.15 Wasserblume 7\" src=\"http:\/\/collies-vom-floersbachtal.de\/cms\/wp-content\/uploads\/2015\/01\/Fietje-04.07.15-Wasserblume-7.jpg\" alt=\"\" width=\"1280\" height=\"850\" srcset=\"https:\/\/collies-vom-floersbachtal.de\/cms\/wp-content\/uploads\/2015\/01\/Fietje-04.07.15-Wasserblume-7.jpg 1280w, https:\/\/collies-vom-floersbachtal.de\/cms\/wp-content\/uploads\/2015\/01\/Fietje-04.07.15-Wasserblume-7-300x199.jpg 300w, https:\/\/collies-vom-floersbachtal.de\/cms\/wp-content\/uploads\/2015\/01\/Fietje-04.07.15-Wasserblume-7-1024x680.jpg 1024w\" sizes=\"auto, (max-width: 1280px) 100vw, 1280px\" \/><\/a> Ich geh&#8230;Jetzt reichts aber&#8230;<a href=\"http:\/\/collies-vom-floersbachtal.de\/cms\/wp-content\/uploads\/2015\/01\/Fietje-04.07.15-Wasserblume-10.jpg\"><img loading=\"lazy\" decoding=\"async\" class=\"aligncenter size-medium wp-image-14079\" title=\"Fietje 04.07.15 Wasserblume 10\" src=\"http:\/\/collies-vom-floersbachtal.de\/cms\/wp-content\/uploads\/2015\/01\/Fietje-04.07.15-Wasserblume-10-300x199.jpg\" alt=\"\" width=\"300\" height=\"199\" srcset=\"https:\/\/collies-vom-floersbachtal.de\/cms\/wp-content\/uploads\/2015\/01\/Fietje-04.07.15-Wasserblume-10-300x199.jpg 300w, https:\/\/collies-vom-floersbachtal.de\/cms\/wp-content\/uploads\/2015\/01\/Fietje-04.07.15-Wasserblume-10-1024x680.jpg 1024w, https:\/\/collies-vom-floersbachtal.de\/cms\/wp-content\/uploads\/2015\/01\/Fietje-04.07.15-Wasserblume-10.jpg 1280w\" sizes=\"auto, (max-width: 300px) 100vw, 300px\" \/><\/a> ausruhen<a href=\"http:\/\/collies-vom-floersbachtal.de\/cms\/wp-content\/uploads\/2015\/01\/Fietje-04.07.15-Wasserblume-11.jpg\"><img loading=\"lazy\" decoding=\"async\" class=\"aligncenter size-full wp-image-14080\" title=\"Fietje 04.07.15 Wasserblume 11\" src=\"http:\/\/collies-vom-floersbachtal.de\/cms\/wp-content\/uploads\/2015\/01\/Fietje-04.07.15-Wasserblume-11.jpg\" alt=\"\" width=\"1280\" height=\"850\" srcset=\"https:\/\/collies-vom-floersbachtal.de\/cms\/wp-content\/uploads\/2015\/01\/Fietje-04.07.15-Wasserblume-11.jpg 1280w, https:\/\/collies-vom-floersbachtal.de\/cms\/wp-content\/uploads\/2015\/01\/Fietje-04.07.15-Wasserblume-11-300x199.jpg 300w, https:\/\/collies-vom-floersbachtal.de\/cms\/wp-content\/uploads\/2015\/01\/Fietje-04.07.15-Wasserblume-11-1024x680.jpg 1024w\" sizes=\"auto, (max-width: 1280px) 100vw, 1280px\" \/><\/a> Erfrischt aber geschafft vom Toben, sowas macht m\u00fcde. \ud83d\ude00<br \/>\nAuch wenn Fietje die Blume nicht geheuer war, weil sie immer in verschiedenen Richtungen spritzt, hat er sch\u00f6n mitgemacht, s\u00fc\u00dfer Schatz \ud83d\ude1b<\/p>\n<p><strong>News im Mai 2015<\/strong><\/p>\n<p>Neue Fotos von unserem Fietje, dem lieben Schei\u00dfer \ud83d\ude1b<a href=\"http:\/\/collies-vom-floersbachtal.de\/cms\/wp-content\/uploads\/2015\/01\/Fietje2-Mai15.jpg\"><img loading=\"lazy\" decoding=\"async\" class=\"aligncenter size-full wp-image-13847\" title=\"Fietje2 Mai15\" src=\"http:\/\/collies-vom-floersbachtal.de\/cms\/wp-content\/uploads\/2015\/01\/Fietje2-Mai15.jpg\" alt=\"\" width=\"1280\" height=\"850\" srcset=\"https:\/\/collies-vom-floersbachtal.de\/cms\/wp-content\/uploads\/2015\/01\/Fietje2-Mai15.jpg 1280w, https:\/\/collies-vom-floersbachtal.de\/cms\/wp-content\/uploads\/2015\/01\/Fietje2-Mai15-300x199.jpg 300w, https:\/\/collies-vom-floersbachtal.de\/cms\/wp-content\/uploads\/2015\/01\/Fietje2-Mai15-1024x680.jpg 1024w\" sizes=\"auto, (max-width: 1280px) 100vw, 1280px\" \/><\/a><a href=\"http:\/\/collies-vom-floersbachtal.de\/cms\/wp-content\/uploads\/2015\/01\/Fietje5-Mai15.jpg\"><img loading=\"lazy\" decoding=\"async\" class=\"aligncenter size-full wp-image-13850\" title=\"Fietje5 Mai15\" src=\"http:\/\/collies-vom-floersbachtal.de\/cms\/wp-content\/uploads\/2015\/01\/Fietje5-Mai15.jpg\" alt=\"\" width=\"1280\" height=\"850\" srcset=\"https:\/\/collies-vom-floersbachtal.de\/cms\/wp-content\/uploads\/2015\/01\/Fietje5-Mai15.jpg 1280w, https:\/\/collies-vom-floersbachtal.de\/cms\/wp-content\/uploads\/2015\/01\/Fietje5-Mai15-300x199.jpg 300w, https:\/\/collies-vom-floersbachtal.de\/cms\/wp-content\/uploads\/2015\/01\/Fietje5-Mai15-1024x680.jpg 1024w\" sizes=\"auto, (max-width: 1280px) 100vw, 1280px\" \/><\/a><\/p>\n<p>Sein Herrchen schrieb mir: &#8222;Fietjes letztes Foto&#8220;, was auch immer er mir damit sagen wollte \ud83d\ude09<a href=\"http:\/\/collies-vom-floersbachtal.de\/cms\/wp-content\/uploads\/2015\/01\/Fietje1-Mai-15.jpg\"><img loading=\"lazy\" decoding=\"async\" class=\"aligncenter size-large wp-image-13652\" title=\"Fietje1 Mai 15\" src=\"http:\/\/collies-vom-floersbachtal.de\/cms\/wp-content\/uploads\/2015\/01\/Fietje1-Mai-15-1024x680.jpg\" alt=\"\" width=\"640\" height=\"425\" srcset=\"https:\/\/collies-vom-floersbachtal.de\/cms\/wp-content\/uploads\/2015\/01\/Fietje1-Mai-15-1024x680.jpg 1024w, https:\/\/collies-vom-floersbachtal.de\/cms\/wp-content\/uploads\/2015\/01\/Fietje1-Mai-15-300x199.jpg 300w\" sizes=\"auto, (max-width: 640px) 100vw, 640px\" \/><\/a> Dabei hat er nur Jannes was aus dem Hals geholt und ihn gerettet!!! \ud83d\ude1b<\/p>\n<p><strong>News im April 2015<\/strong><br \/>\nHallo Susanne, hallo Gernot,<br \/>\nhier ein paar Fr\u00fchlingsfotos von Fietje.<br \/>\nDer Kleine macht sich. Er ist allerdings rotzfrech.<br \/>\nLiebe Gr\u00fc\u00dfe<br \/>\nUdo, Imke &amp; Fellnasen<a href=\"http:\/\/collies-vom-floersbachtal.de\/cms\/wp-content\/uploads\/2015\/01\/Fietje1-April15.jpg\"><img loading=\"lazy\" decoding=\"async\" class=\"aligncenter size-medium wp-image-13527\" title=\"Fietje1 April15\" src=\"http:\/\/collies-vom-floersbachtal.de\/cms\/wp-content\/uploads\/2015\/01\/Fietje1-April15-300x199.jpg\" alt=\"\" width=\"300\" height=\"199\" srcset=\"https:\/\/collies-vom-floersbachtal.de\/cms\/wp-content\/uploads\/2015\/01\/Fietje1-April15-300x199.jpg 300w, https:\/\/collies-vom-floersbachtal.de\/cms\/wp-content\/uploads\/2015\/01\/Fietje1-April15.jpg 1024w\" sizes=\"auto, (max-width: 300px) 100vw, 300px\" \/><\/a><a href=\"http:\/\/collies-vom-floersbachtal.de\/cms\/wp-content\/uploads\/2015\/01\/Fietje7-April15.jpg\"><img loading=\"lazy\" decoding=\"async\" class=\"aligncenter size-full wp-image-13532\" title=\"Fietje7 April15\" src=\"http:\/\/collies-vom-floersbachtal.de\/cms\/wp-content\/uploads\/2015\/01\/Fietje7-April15.jpg\" alt=\"\" width=\"1024\" height=\"680\" srcset=\"https:\/\/collies-vom-floersbachtal.de\/cms\/wp-content\/uploads\/2015\/01\/Fietje7-April15.jpg 1024w, https:\/\/collies-vom-floersbachtal.de\/cms\/wp-content\/uploads\/2015\/01\/Fietje7-April15-300x199.jpg 300w\" sizes=\"auto, (max-width: 1024px) 100vw, 1024px\" \/><\/a><a href=\"http:\/\/collies-vom-floersbachtal.de\/cms\/wp-content\/uploads\/2015\/01\/Fietje9-April15.jpg\"><img loading=\"lazy\" decoding=\"async\" class=\"aligncenter size-full wp-image-13534\" title=\"Fietje9 April15\" src=\"http:\/\/collies-vom-floersbachtal.de\/cms\/wp-content\/uploads\/2015\/01\/Fietje9-April15.jpg\" alt=\"\" width=\"1024\" height=\"680\" srcset=\"https:\/\/collies-vom-floersbachtal.de\/cms\/wp-content\/uploads\/2015\/01\/Fietje9-April15.jpg 1024w, https:\/\/collies-vom-floersbachtal.de\/cms\/wp-content\/uploads\/2015\/01\/Fietje9-April15-300x199.jpg 300w\" sizes=\"auto, (max-width: 1024px) 100vw, 1024px\" \/><\/a> GEWONNEN \ud83d\ude09<\/p>\n<p><strong>Fietje is das Wetter satt, er schl\u00e4ft jetzt bis die Sonne wieder scheint. \ud83d\ude42<\/strong><a href=\"http:\/\/collies-vom-floersbachtal.de\/cms\/wp-content\/uploads\/2015\/01\/Fietje2-bearbeitet-M\u00e4rz15.jpg\"><img loading=\"lazy\" decoding=\"async\" class=\"aligncenter size-full wp-image-13424\" title=\"Fietje2 bearbeitet M\u00e4rz15\" src=\"http:\/\/collies-vom-floersbachtal.de\/cms\/wp-content\/uploads\/2015\/01\/Fietje2-bearbeitet-M\u00e4rz15.jpg\" alt=\"\" width=\"1000\" height=\"563\" srcset=\"https:\/\/collies-vom-floersbachtal.de\/cms\/wp-content\/uploads\/2015\/01\/Fietje2-bearbeitet-M\u00e4rz15.jpg 1000w, https:\/\/collies-vom-floersbachtal.de\/cms\/wp-content\/uploads\/2015\/01\/Fietje2-bearbeitet-M\u00e4rz15-300x168.jpg 300w\" sizes=\"auto, (max-width: 1000px) 100vw, 1000px\" \/><\/a> <strong>Achja, apropos satt&#8230;<\/strong><a href=\"http:\/\/collies-vom-floersbachtal.de\/cms\/wp-content\/uploads\/2015\/01\/Fietje-April-2015.jpg\"><img loading=\"lazy\" decoding=\"async\" class=\"aligncenter size-full wp-image-13450\" title=\"Fietje April 2015\" src=\"http:\/\/collies-vom-floersbachtal.de\/cms\/wp-content\/uploads\/2015\/01\/Fietje-April-2015.jpg\" alt=\"\" width=\"1000\" height=\"750\" srcset=\"https:\/\/collies-vom-floersbachtal.de\/cms\/wp-content\/uploads\/2015\/01\/Fietje-April-2015.jpg 1000w, https:\/\/collies-vom-floersbachtal.de\/cms\/wp-content\/uploads\/2015\/01\/Fietje-April-2015-300x225.jpg 300w\" sizes=\"auto, (max-width: 1000px) 100vw, 1000px\" \/><\/a> <strong>bin ich NIE und stehe deshalb auch immer an der 1. Stelle bei der Futterverteilung, \ud83d\ude09 aber Frauli l\u00e4\u00dft mich immer warten, bis die anderen schon fast fertig sind \ud83d\ude41<\/strong><\/p>\n<p><strong>Neues im M\u00e4rz 2015<\/strong><br \/>\nSo sieht man aus,&#8230;wenn man aus lauter \u00dcbermuth in einen Graben f\u00e4llt .wollt ich doch nicht \ud83d\ude41<a href=\"http:\/\/collies-vom-floersbachtal.de\/cms\/wp-content\/uploads\/2015\/01\/Fietje-schmutzig1-M\u00e4rz15.jpg\"><img loading=\"lazy\" decoding=\"async\" class=\"aligncenter size-medium wp-image-13335\" title=\"Fietje schmutzig1 M\u00e4rz15\" src=\"http:\/\/collies-vom-floersbachtal.de\/cms\/wp-content\/uploads\/2015\/01\/Fietje-schmutzig1-M\u00e4rz15-300x168.jpg\" alt=\"\" width=\"300\" height=\"168\" srcset=\"https:\/\/collies-vom-floersbachtal.de\/cms\/wp-content\/uploads\/2015\/01\/Fietje-schmutzig1-M\u00e4rz15-300x168.jpg 300w, https:\/\/collies-vom-floersbachtal.de\/cms\/wp-content\/uploads\/2015\/01\/Fietje-schmutzig1-M\u00e4rz15-1024x576.jpg 1024w\" sizes=\"auto, (max-width: 300px) 100vw, 300px\" \/><\/a> Ich versuchs mal mit aussch\u00fctteln.<br \/>\nHallo Susanne,<br \/>\nWas f\u00fcr ein sch\u00f6ner Hund. Gerade wenn er nach einem Grabensturz geduscht<br \/>\nwerden musste&#8230;<br \/>\nLiebe Gr\u00fc\u00dfe<br \/>\nUdo &amp; Imke<a href=\"http:\/\/collies-vom-floersbachtal.de\/cms\/wp-content\/uploads\/2015\/01\/Fietje-Geduscht-12.jpg\"><img loading=\"lazy\" decoding=\"async\" class=\"aligncenter size-full wp-image-13336\" title=\"Fietje Geduscht (12)\" src=\"http:\/\/collies-vom-floersbachtal.de\/cms\/wp-content\/uploads\/2015\/01\/Fietje-Geduscht-12.jpg\" alt=\"\" width=\"1280\" height=\"850\" srcset=\"https:\/\/collies-vom-floersbachtal.de\/cms\/wp-content\/uploads\/2015\/01\/Fietje-Geduscht-12.jpg 1280w, https:\/\/collies-vom-floersbachtal.de\/cms\/wp-content\/uploads\/2015\/01\/Fietje-Geduscht-12-300x199.jpg 300w, https:\/\/collies-vom-floersbachtal.de\/cms\/wp-content\/uploads\/2015\/01\/Fietje-Geduscht-12-1024x680.jpg 1024w\" sizes=\"auto, (max-width: 1280px) 100vw, 1280px\" \/><\/a> Das passiert mir NIE wieder&#8230;<a href=\"http:\/\/collies-vom-floersbachtal.de\/cms\/wp-content\/uploads\/2015\/01\/Fietje-Geduscht-14.jpg\"><img loading=\"lazy\" decoding=\"async\" class=\"aligncenter size-medium wp-image-13337\" title=\"Fietje Geduscht (14)\" src=\"http:\/\/collies-vom-floersbachtal.de\/cms\/wp-content\/uploads\/2015\/01\/Fietje-Geduscht-14-300x199.jpg\" alt=\"\" width=\"300\" height=\"199\" srcset=\"https:\/\/collies-vom-floersbachtal.de\/cms\/wp-content\/uploads\/2015\/01\/Fietje-Geduscht-14-300x199.jpg 300w, https:\/\/collies-vom-floersbachtal.de\/cms\/wp-content\/uploads\/2015\/01\/Fietje-Geduscht-14-1024x680.jpg 1024w, https:\/\/collies-vom-floersbachtal.de\/cms\/wp-content\/uploads\/2015\/01\/Fietje-Geduscht-14.jpg 1280w\" sizes=\"auto, (max-width: 300px) 100vw, 300px\" \/><\/a> und dann auch noch Beweisfotos :-\/ <a href=\"http:\/\/collies-vom-floersbachtal.de\/cms\/wp-content\/uploads\/2015\/01\/Fietje1-im-Kennel-M\u00e4rz15.jpg\"><img loading=\"lazy\" decoding=\"async\" class=\"aligncenter size-large wp-image-13341\" title=\"Fietje1 im Kennel M\u00e4rz15\" src=\"http:\/\/collies-vom-floersbachtal.de\/cms\/wp-content\/uploads\/2015\/01\/Fietje1-im-Kennel-M\u00e4rz15-e1427303406484-1024x576.jpg\" alt=\"\" width=\"640\" height=\"360\" srcset=\"https:\/\/collies-vom-floersbachtal.de\/cms\/wp-content\/uploads\/2015\/01\/Fietje1-im-Kennel-M\u00e4rz15-e1427303406484-1024x576.jpg 1024w, https:\/\/collies-vom-floersbachtal.de\/cms\/wp-content\/uploads\/2015\/01\/Fietje1-im-Kennel-M\u00e4rz15-e1427303406484-300x168.jpg 300w\" sizes=\"auto, (max-width: 640px) 100vw, 640px\" \/><\/a> und dann kippt auch noch dieser bl\u00f6de Kennel um&#8230; \ud83d\ude41<\/p>\n<p>Hallo Ihr beiden,<br \/>\nheute war ich mal f\u00fcr einige Minuten mit Fietje in der Fu\u00dfg\u00e4ngerzone. Wie<br \/>\nman sieht sind Gitter f\u00fcr ihn kein Problem.<br \/>\nF\u00fcr Menschenmengen ist es noch ein wenig fr\u00fch. Da ist er nach kurzer Zeit<br \/>\nvon Eindr\u00fccken \u00fcberflutet.<br \/>\nGestern hat er \u00fcbrigens 9,7 Kg (Stand von Anfang M\u00e4rz) auf die Wage gebracht&#8230;<br \/>\nLiebe Gr\u00fc\u00dfe<br \/>\nImke, Udo und die 4beiner<a href=\"http:\/\/collies-vom-floersbachtal.de\/cms\/wp-content\/uploads\/2015\/01\/Fietje-FUZO-14.02-3.jpg\"><img loading=\"lazy\" decoding=\"async\" class=\"aligncenter size-medium wp-image-13200\" title=\"Fietje FUZO 14.02 (3)\" src=\"http:\/\/collies-vom-floersbachtal.de\/cms\/wp-content\/uploads\/2015\/01\/Fietje-FUZO-14.02-3-300x199.jpg\" alt=\"\" width=\"300\" height=\"199\" srcset=\"https:\/\/collies-vom-floersbachtal.de\/cms\/wp-content\/uploads\/2015\/01\/Fietje-FUZO-14.02-3-300x199.jpg 300w, https:\/\/collies-vom-floersbachtal.de\/cms\/wp-content\/uploads\/2015\/01\/Fietje-FUZO-14.02-3-1024x680.jpg 1024w, https:\/\/collies-vom-floersbachtal.de\/cms\/wp-content\/uploads\/2015\/01\/Fietje-FUZO-14.02-3.jpg 1280w\" sizes=\"auto, (max-width: 300px) 100vw, 300px\" \/><\/a><a href=\"http:\/\/collies-vom-floersbachtal.de\/cms\/wp-content\/uploads\/2015\/01\/Fietje-FUZO-14.02-4.jpg\"><img loading=\"lazy\" decoding=\"async\" class=\"aligncenter size-full wp-image-13201\" title=\"Fietje FUZO 14.02 (4)\" src=\"http:\/\/collies-vom-floersbachtal.de\/cms\/wp-content\/uploads\/2015\/01\/Fietje-FUZO-14.02-4.jpg\" alt=\"\" width=\"1280\" height=\"850\" srcset=\"https:\/\/collies-vom-floersbachtal.de\/cms\/wp-content\/uploads\/2015\/01\/Fietje-FUZO-14.02-4.jpg 1280w, https:\/\/collies-vom-floersbachtal.de\/cms\/wp-content\/uploads\/2015\/01\/Fietje-FUZO-14.02-4-300x199.jpg 300w, https:\/\/collies-vom-floersbachtal.de\/cms\/wp-content\/uploads\/2015\/01\/Fietje-FUZO-14.02-4-1024x680.jpg 1024w\" sizes=\"auto, (max-width: 1280px) 100vw, 1280px\" \/><\/a><a href=\"http:\/\/collies-vom-floersbachtal.de\/cms\/wp-content\/uploads\/2015\/01\/Fietje-FUZO-14.02-9.jpg\"><img loading=\"lazy\" decoding=\"async\" class=\"aligncenter size-full wp-image-13204\" title=\"Fietje FUZO 14.02 (9)\" src=\"http:\/\/collies-vom-floersbachtal.de\/cms\/wp-content\/uploads\/2015\/01\/Fietje-FUZO-14.02-9.jpg\" alt=\"\" width=\"1280\" height=\"850\" srcset=\"https:\/\/collies-vom-floersbachtal.de\/cms\/wp-content\/uploads\/2015\/01\/Fietje-FUZO-14.02-9.jpg 1280w, https:\/\/collies-vom-floersbachtal.de\/cms\/wp-content\/uploads\/2015\/01\/Fietje-FUZO-14.02-9-300x199.jpg 300w, https:\/\/collies-vom-floersbachtal.de\/cms\/wp-content\/uploads\/2015\/01\/Fietje-FUZO-14.02-9-1024x680.jpg 1024w\" sizes=\"auto, (max-width: 1280px) 100vw, 1280px\" \/><\/a><\/p>\n<p>Hallo Susanne, Hallo Gernot,<br \/>\nDa es ausnahmsweise mal nicht regnet, konnten wir von den kleinen,<br \/>\nverfressenen Schreddermonster ;-)) mal wieder einige Bilder machen.<br \/>\nLiebe Gr\u00fc\u00dfe<br \/>\nImke &amp; Udo und alle 4beinerIch komme&#8230;Moment mal&#8230;<a href=\"http:\/\/collies-vom-floersbachtal.de\/cms\/wp-content\/uploads\/2015\/01\/Fietje3-M\u00e4rz15.jpg\"><img loading=\"lazy\" decoding=\"async\" class=\"aligncenter size-full wp-image-13121\" title=\"Fietje3 M\u00e4rz15\" src=\"http:\/\/collies-vom-floersbachtal.de\/cms\/wp-content\/uploads\/2015\/01\/Fietje3-M\u00e4rz15.jpg\" alt=\"\" width=\"1280\" height=\"850\" srcset=\"https:\/\/collies-vom-floersbachtal.de\/cms\/wp-content\/uploads\/2015\/01\/Fietje3-M\u00e4rz15.jpg 1280w, https:\/\/collies-vom-floersbachtal.de\/cms\/wp-content\/uploads\/2015\/01\/Fietje3-M\u00e4rz15-300x199.jpg 300w, https:\/\/collies-vom-floersbachtal.de\/cms\/wp-content\/uploads\/2015\/01\/Fietje3-M\u00e4rz15-1024x680.jpg 1024w\" sizes=\"auto, (max-width: 1280px) 100vw, 1280px\" \/><\/a> strulli, komme gleichjetzt aber&#8230;<a href=\"http:\/\/collies-vom-floersbachtal.de\/cms\/wp-content\/uploads\/2015\/01\/Fietje5-M\u00e4rz15.jpg\"><img loading=\"lazy\" decoding=\"async\" class=\"aligncenter size-medium wp-image-13123\" title=\"Fietje5 M\u00e4rz15\" src=\"http:\/\/collies-vom-floersbachtal.de\/cms\/wp-content\/uploads\/2015\/01\/Fietje5-M\u00e4rz15-300x199.jpg\" alt=\"\" width=\"300\" height=\"199\" srcset=\"https:\/\/collies-vom-floersbachtal.de\/cms\/wp-content\/uploads\/2015\/01\/Fietje5-M\u00e4rz15-300x199.jpg 300w, https:\/\/collies-vom-floersbachtal.de\/cms\/wp-content\/uploads\/2015\/01\/Fietje5-M\u00e4rz15-1024x680.jpg 1024w, https:\/\/collies-vom-floersbachtal.de\/cms\/wp-content\/uploads\/2015\/01\/Fietje5-M\u00e4rz15.jpg 1280w\" sizes=\"auto, (max-width: 300px) 100vw, 300px\" \/><\/a>s\u00fc\u00dfer Schatz und sooooo brav ;-)\u00e4h, wartet doch mallos Jannes, jetzt bin ich dran&#8230;Leute ihr m\u00fc\u00dft mal kommen, hier gibt es watt ganz Leckeres \ud83d\ude1b<a href=\"http:\/\/collies-vom-floersbachtal.de\/cms\/wp-content\/uploads\/2015\/01\/Fietje12-M\u00e4rz15.jpg\"><img loading=\"lazy\" decoding=\"async\" class=\"aligncenter size-full wp-image-13129\" title=\"Fietje12 M\u00e4rz15\" src=\"http:\/\/collies-vom-floersbachtal.de\/cms\/wp-content\/uploads\/2015\/01\/Fietje12-M\u00e4rz15.jpg\" alt=\"\" width=\"1280\" height=\"850\" srcset=\"https:\/\/collies-vom-floersbachtal.de\/cms\/wp-content\/uploads\/2015\/01\/Fietje12-M\u00e4rz15.jpg 1280w, https:\/\/collies-vom-floersbachtal.de\/cms\/wp-content\/uploads\/2015\/01\/Fietje12-M\u00e4rz15-300x199.jpg 300w, https:\/\/collies-vom-floersbachtal.de\/cms\/wp-content\/uploads\/2015\/01\/Fietje12-M\u00e4rz15-1024x680.jpg 1024w\" sizes=\"auto, (max-width: 1280px) 100vw, 1280px\" \/><\/a> ich seh meiner Mama wieder sehr \u00e4hnlich \ud83d\ude09<a href=\"http:\/\/collies-vom-floersbachtal.de\/cms\/wp-content\/uploads\/2015\/01\/Fietje13-M\u00e4rz15.jpg\"><img loading=\"lazy\" decoding=\"async\" class=\"aligncenter size-medium wp-image-13130\" title=\"Fietje13 M\u00e4rz15\" src=\"http:\/\/collies-vom-floersbachtal.de\/cms\/wp-content\/uploads\/2015\/01\/Fietje13-M\u00e4rz15-300x199.jpg\" alt=\"\" width=\"300\" height=\"199\" srcset=\"https:\/\/collies-vom-floersbachtal.de\/cms\/wp-content\/uploads\/2015\/01\/Fietje13-M\u00e4rz15-300x199.jpg 300w, https:\/\/collies-vom-floersbachtal.de\/cms\/wp-content\/uploads\/2015\/01\/Fietje13-M\u00e4rz15-1024x680.jpg 1024w, https:\/\/collies-vom-floersbachtal.de\/cms\/wp-content\/uploads\/2015\/01\/Fietje13-M\u00e4rz15.jpg 1280w\" sizes=\"auto, (max-width: 300px) 100vw, 300px\" \/><\/a>wir M\u00e4nner m\u00fcssen zusammen halten&#8230;auf sie mit Gebr\u00fcll \ud83d\ude1b<a href=\"http:\/\/collies-vom-floersbachtal.de\/cms\/wp-content\/uploads\/2015\/01\/Fietje10-M\u00e4rz151.jpg\"><img loading=\"lazy\" decoding=\"async\" class=\"aligncenter size-full wp-image-13134\" title=\"Fietje10 M\u00e4rz15\" src=\"http:\/\/collies-vom-floersbachtal.de\/cms\/wp-content\/uploads\/2015\/01\/Fietje10-M\u00e4rz151.jpg\" alt=\"\" width=\"1280\" height=\"850\" srcset=\"https:\/\/collies-vom-floersbachtal.de\/cms\/wp-content\/uploads\/2015\/01\/Fietje10-M\u00e4rz151.jpg 1280w, https:\/\/collies-vom-floersbachtal.de\/cms\/wp-content\/uploads\/2015\/01\/Fietje10-M\u00e4rz151-300x199.jpg 300w, https:\/\/collies-vom-floersbachtal.de\/cms\/wp-content\/uploads\/2015\/01\/Fietje10-M\u00e4rz151-1024x680.jpg 1024w\" sizes=\"auto, (max-width: 1280px) 100vw, 1280px\" \/><\/a> Ich sach dann mal Tsch\u00fc\u00df bis denne eurer Fietje \ud83d\ude00<\/p>\n<p><strong>News im Februar 2015<\/strong><br \/>\nHallo Susanne, Hallo Gernot,<br \/>\nHeute war ich mal wieder mit Fietje in der weltbesten Hundeschule&#8230;;-))<br \/>\nHier einige Bilder.<br \/>\nLiebe Gr\u00fc\u00dfe<br \/>\nUdo &amp; Imke<br \/>\nJuhu, Hundekumpels in meiner Altersklasse \ud83d\ude1b<br \/>\n<a href=\"http:\/\/collies-vom-floersbachtal.de\/cms\/wp-content\/uploads\/2015\/01\/Fietje-Hundeschule-01.03-38.jpg\"><img loading=\"lazy\" decoding=\"async\" class=\"aligncenter size-medium wp-image-13002\" title=\"Fietje Hundeschule 01.03 (38)\" src=\"http:\/\/collies-vom-floersbachtal.de\/cms\/wp-content\/uploads\/2015\/01\/Fietje-Hundeschule-01.03-38-300x199.jpg\" alt=\"\" width=\"300\" height=\"199\" srcset=\"https:\/\/collies-vom-floersbachtal.de\/cms\/wp-content\/uploads\/2015\/01\/Fietje-Hundeschule-01.03-38-300x199.jpg 300w, https:\/\/collies-vom-floersbachtal.de\/cms\/wp-content\/uploads\/2015\/01\/Fietje-Hundeschule-01.03-38-1024x680.jpg 1024w, https:\/\/collies-vom-floersbachtal.de\/cms\/wp-content\/uploads\/2015\/01\/Fietje-Hundeschule-01.03-38.jpg 1280w\" sizes=\"auto, (max-width: 300px) 100vw, 300px\" \/><\/a> Frauli sortiert aus ;-)komm doch&#8230;&#8230;eh, aber nicht kaputt machen&#8230;&#8230;will ja auch noch was davon haben, hihiwieder gut?wasn???<a href=\"http:\/\/collies-vom-floersbachtal.de\/cms\/wp-content\/uploads\/2015\/01\/Fietje-Hundeschule-01.03-84.jpg\"><img loading=\"lazy\" decoding=\"async\" class=\"aligncenter size-full wp-image-13010\" title=\"Fietje Hundeschule 01.03 (84)\" src=\"http:\/\/collies-vom-floersbachtal.de\/cms\/wp-content\/uploads\/2015\/01\/Fietje-Hundeschule-01.03-84.jpg\" alt=\"\" width=\"1280\" height=\"850\" srcset=\"https:\/\/collies-vom-floersbachtal.de\/cms\/wp-content\/uploads\/2015\/01\/Fietje-Hundeschule-01.03-84.jpg 1280w, https:\/\/collies-vom-floersbachtal.de\/cms\/wp-content\/uploads\/2015\/01\/Fietje-Hundeschule-01.03-84-300x199.jpg 300w, https:\/\/collies-vom-floersbachtal.de\/cms\/wp-content\/uploads\/2015\/01\/Fietje-Hundeschule-01.03-84-1024x680.jpg 1024w\" sizes=\"auto, (max-width: 1280px) 100vw, 1280px\" \/><\/a> jetzt richtig? So ein s\u00fc\u00dfer Schatz :-PFeierabend \ud83d\ude42<\/p>\n<p><strong>Und Aktion<\/strong><br \/>\n<a href=\"http:\/\/collies-vom-floersbachtal.de\/cms\/wp-content\/uploads\/2015\/01\/Fietje-Flur-17.02-1.jpg\"><img loading=\"lazy\" decoding=\"async\" class=\"aligncenter size-full wp-image-12794\" title=\"Fietje Flur 17.02 (1)\" src=\"http:\/\/collies-vom-floersbachtal.de\/cms\/wp-content\/uploads\/2015\/01\/Fietje-Flur-17.02-1.jpg\" alt=\"\" width=\"1280\" height=\"850\" srcset=\"https:\/\/collies-vom-floersbachtal.de\/cms\/wp-content\/uploads\/2015\/01\/Fietje-Flur-17.02-1.jpg 1280w, https:\/\/collies-vom-floersbachtal.de\/cms\/wp-content\/uploads\/2015\/01\/Fietje-Flur-17.02-1-300x199.jpg 300w, https:\/\/collies-vom-floersbachtal.de\/cms\/wp-content\/uploads\/2015\/01\/Fietje-Flur-17.02-1-1024x680.jpg 1024w\" sizes=\"auto, (max-width: 1280px) 100vw, 1280px\" \/><\/a> Wir sind soooooo brav \ud83d\ude00<br \/>\n<a href=\"http:\/\/collies-vom-floersbachtal.de\/cms\/wp-content\/uploads\/2015\/01\/Fietje-Flur-17.02-11.jpg\"><img loading=\"lazy\" decoding=\"async\" class=\"aligncenter size-medium wp-image-12795\" title=\"Fietje Flur 17.02 (11)\" src=\"http:\/\/collies-vom-floersbachtal.de\/cms\/wp-content\/uploads\/2015\/01\/Fietje-Flur-17.02-11-300x199.jpg\" alt=\"\" width=\"300\" height=\"199\" srcset=\"https:\/\/collies-vom-floersbachtal.de\/cms\/wp-content\/uploads\/2015\/01\/Fietje-Flur-17.02-11-300x199.jpg 300w, https:\/\/collies-vom-floersbachtal.de\/cms\/wp-content\/uploads\/2015\/01\/Fietje-Flur-17.02-11-1024x680.jpg 1024w, https:\/\/collies-vom-floersbachtal.de\/cms\/wp-content\/uploads\/2015\/01\/Fietje-Flur-17.02-11.jpg 1280w\" sizes=\"auto, (max-width: 300px) 100vw, 300px\" \/><\/a> Watt denn?<br \/>\nMachste jetzt doch mit Jannes?<br \/>\n<a href=\"http:\/\/collies-vom-floersbachtal.de\/cms\/wp-content\/uploads\/2015\/01\/Fietje-Flur-17.02-6.jpg\"><img loading=\"lazy\" decoding=\"async\" class=\"aligncenter size-medium wp-image-12797\" title=\"Fietje Flur 17.02 (6)\" src=\"http:\/\/collies-vom-floersbachtal.de\/cms\/wp-content\/uploads\/2015\/01\/Fietje-Flur-17.02-6-300x199.jpg\" alt=\"\" width=\"300\" height=\"199\" srcset=\"https:\/\/collies-vom-floersbachtal.de\/cms\/wp-content\/uploads\/2015\/01\/Fietje-Flur-17.02-6-300x199.jpg 300w, https:\/\/collies-vom-floersbachtal.de\/cms\/wp-content\/uploads\/2015\/01\/Fietje-Flur-17.02-6-1024x680.jpg 1024w, https:\/\/collies-vom-floersbachtal.de\/cms\/wp-content\/uploads\/2015\/01\/Fietje-Flur-17.02-6.jpg 1280w\" sizes=\"auto, (max-width: 300px) 100vw, 300px\" \/><\/a> Frauli, ich pa\u00df nur auf das alles seine Ordnung hat \ud83d\ude09<br \/>\nSoll ich dich mal zwicken?<\/p>\n<p>Hallo Susanne, Hallo Gernot,<br \/>\nEigentlich soll Fietje ja noch nicht aufs Sofa&#8230;aber wenn gerade mit Wolke<br \/>\ngek\u00e4mpft wird&#8230;<br \/>\nIch hoffe bei euch ist alles gut.<br \/>\nBis bald<br \/>\nUdo<br \/>\n<strong>Toben auf dem Sofa macht soooooo viel Spa\u00df \ud83d\ude09<\/strong><\/p>\n<p>jetzt mach ich dich fertisch \ud83d\ude09<\/p>\n<p>Frauli ich mach gar nix, nur Wolke will nicht still liegen \ud83d\ude1b<a href=\"http:\/\/collies-vom-floersbachtal.de\/cms\/wp-content\/uploads\/2015\/01\/Fietje-im-neuen-Zuhause7.jpg\"><img loading=\"lazy\" decoding=\"async\" class=\"aligncenter size-medium wp-image-12686\" title=\"Fietje im neuen Zuhause7\" src=\"http:\/\/collies-vom-floersbachtal.de\/cms\/wp-content\/uploads\/2015\/01\/Fietje-im-neuen-Zuhause7-300x199.jpg\" alt=\"\" width=\"300\" height=\"199\" srcset=\"https:\/\/collies-vom-floersbachtal.de\/cms\/wp-content\/uploads\/2015\/01\/Fietje-im-neuen-Zuhause7-300x199.jpg 300w, https:\/\/collies-vom-floersbachtal.de\/cms\/wp-content\/uploads\/2015\/01\/Fietje-im-neuen-Zuhause7-1024x680.jpg 1024w, https:\/\/collies-vom-floersbachtal.de\/cms\/wp-content\/uploads\/2015\/01\/Fietje-im-neuen-Zuhause7.jpg 1280w\" sizes=\"auto, (max-width: 300px) 100vw, 300px\" \/><\/a> Jetzt kommt auch noch Jannes die Spa\u00dfbremse \ud83d\ude41<br \/>\nkomm Jannes mach mit \ud83d\ude42<br \/>\nWeiber!!!<br \/>\nHallo Ihr lieben,<br \/>\nHeute hat Fietje Besuch bekommen. Ein s\u00fc\u00dfes M\u00e4dchen in gleichem alter.<br \/>\nJetzt ist er gerade sehr m\u00fcde.<br \/>\nEr ist wirklich ein mutiger Junge. Bei Spazierg\u00e4ngen ist er sehr<br \/>\ninteressiert und l\u00e4\u00dft sich nicht aus der Ruhe bringen.<br \/>\nWir sind sehr froh, das er in unserer Familie angekommen ist.<br \/>\nLiebe Gr\u00fc\u00dfe<br \/>\nImke, Undo und alle 4beiner<a href=\"http:\/\/collies-vom-floersbachtal.de\/cms\/wp-content\/uploads\/2015\/01\/Fietje-im-neuen-Zuhause2.jpg\"><img loading=\"lazy\" decoding=\"async\" class=\"aligncenter size-medium wp-image-12605\" title=\"Fietje im neuen Zuhause2\" src=\"http:\/\/collies-vom-floersbachtal.de\/cms\/wp-content\/uploads\/2015\/01\/Fietje-im-neuen-Zuhause2-300x199.jpg\" alt=\"\" width=\"300\" height=\"199\" srcset=\"https:\/\/collies-vom-floersbachtal.de\/cms\/wp-content\/uploads\/2015\/01\/Fietje-im-neuen-Zuhause2-300x199.jpg 300w, https:\/\/collies-vom-floersbachtal.de\/cms\/wp-content\/uploads\/2015\/01\/Fietje-im-neuen-Zuhause2-1024x680.jpg 1024w, https:\/\/collies-vom-floersbachtal.de\/cms\/wp-content\/uploads\/2015\/01\/Fietje-im-neuen-Zuhause2.jpg 1280w\" sizes=\"auto, (max-width: 300px) 100vw, 300px\" \/><\/a>Na wer kommt denn da?<br \/>\nKomm ich zeig dir den Garten<\/p>\n<p><a href=\"http:\/\/collies-vom-floersbachtal.de\/cms\/wp-content\/uploads\/2015\/01\/Fietje-im-neuen-Zuhause4.jpg\"><img loading=\"lazy\" decoding=\"async\" class=\"aligncenter size-medium wp-image-12608\" title=\"Fietje im neuen Zuhause4\" src=\"http:\/\/collies-vom-floersbachtal.de\/cms\/wp-content\/uploads\/2015\/01\/Fietje-im-neuen-Zuhause4-300x199.jpg\" alt=\"\" width=\"300\" height=\"199\" srcset=\"https:\/\/collies-vom-floersbachtal.de\/cms\/wp-content\/uploads\/2015\/01\/Fietje-im-neuen-Zuhause4-300x199.jpg 300w, https:\/\/collies-vom-floersbachtal.de\/cms\/wp-content\/uploads\/2015\/01\/Fietje-im-neuen-Zuhause4-1024x680.jpg 1024w, https:\/\/collies-vom-floersbachtal.de\/cms\/wp-content\/uploads\/2015\/01\/Fietje-im-neuen-Zuhause4.jpg 1280w\" sizes=\"auto, (max-width: 300px) 100vw, 300px\" \/><\/a>Jannes du kannst ruhig mitmachen<br \/>\n<a href=\"http:\/\/collies-vom-floersbachtal.de\/cms\/wp-content\/uploads\/2015\/01\/Fietje-im-neuen-Zuhause5.jpg\"><img loading=\"lazy\" decoding=\"async\" title=\"Fietje im neuen Zuhause5\" src=\"http:\/\/collies-vom-floersbachtal.de\/cms\/wp-content\/uploads\/2015\/01\/Fietje-im-neuen-Zuhause5-300x199.jpg\" alt=\"\" width=\"300\" height=\"199\" \/><\/a> Puppe ich bin aber gr\u00f6\u00dfer<br \/>\n<a href=\"http:\/\/collies-vom-floersbachtal.de\/cms\/wp-content\/uploads\/2015\/01\/Fietje-im-neuen-Zuhause6.jpg\"><img loading=\"lazy\" decoding=\"async\" title=\"Fietje im neuen Zuhause6\" src=\"http:\/\/collies-vom-floersbachtal.de\/cms\/wp-content\/uploads\/2015\/01\/Fietje-im-neuen-Zuhause6-300x199.jpg\" alt=\"\" width=\"300\" height=\"199\" \/><\/a>Kleine Pause f\u00fcr gro\u00dfe Jungs \ud83d\ude09<br \/>\n<a href=\"http:\/\/collies-vom-floersbachtal.de\/cms\/wp-content\/uploads\/2015\/01\/Fietje-im-neuen-Zuhause8.jpg\"><img loading=\"lazy\" decoding=\"async\" title=\"Fietje im neuen Zuhause8\" src=\"http:\/\/collies-vom-floersbachtal.de\/cms\/wp-content\/uploads\/2015\/01\/Fietje-im-neuen-Zuhause8.jpg\" alt=\"\" width=\"1280\" height=\"850\" \/><\/a> S\u00fc\u00df die 2 \ud83d\ude1b<br \/>\nErst mal gucken, ob sich der Aufwand lohnt \ud83d\ude09<\/p>\n<p>Hallo Susanne, Hallo Gernot<br \/>\nFietje ist angekommen.<br \/>\nEr ist total &#8222;dicke&#8220; mit Wolke. Heute waren wir alle bei der Ferienwohnung<br \/>\nund haben noch einige Sachen zusammengebaut und montiert.<br \/>\nFietje hat sich toll benommen und auch ein wenig geholfen (Pappe zerkleinert<br \/>\n;-)).<br \/>\nEssen geht auch wieder. Er wiegt jetzt 8,5 Kg.<br \/>\nBis bald<br \/>\nImke &amp; Udo mit Jette, Jannes, Wolke und Fietje<a href=\"http:\/\/collies-vom-floersbachtal.de\/cms\/wp-content\/uploads\/2015\/01\/Dreamer-Fietje1-im-neuen-Zuhause1.jpg\"><img loading=\"lazy\" decoding=\"async\" class=\"aligncenter size-full wp-image-12591\" title=\"Dreamer Fietje1 im neuen Zuhause\" src=\"http:\/\/collies-vom-floersbachtal.de\/cms\/wp-content\/uploads\/2015\/01\/Dreamer-Fietje1-im-neuen-Zuhause1.jpg\" alt=\"\" width=\"1280\" height=\"850\" srcset=\"https:\/\/collies-vom-floersbachtal.de\/cms\/wp-content\/uploads\/2015\/01\/Dreamer-Fietje1-im-neuen-Zuhause1.jpg 1280w, https:\/\/collies-vom-floersbachtal.de\/cms\/wp-content\/uploads\/2015\/01\/Dreamer-Fietje1-im-neuen-Zuhause1-300x199.jpg 300w, https:\/\/collies-vom-floersbachtal.de\/cms\/wp-content\/uploads\/2015\/01\/Dreamer-Fietje1-im-neuen-Zuhause1-1024x680.jpg 1024w\" sizes=\"auto, (max-width: 1280px) 100vw, 1280px\" \/><\/a><\/p>\n<p><strong>Unser kleiner Ostfriese ist im neuen Zuhause angekommen, guckst du&#8230;<a href=\"http:\/\/collies-vom-floersbachtal.de\/cms\/wp-content\/uploads\/2015\/01\/Dreamer-Kuddel1-im-neuen-Zuhause.jpg\"><img loading=\"lazy\" decoding=\"async\" class=\"aligncenter size-full wp-image-12509\" title=\"Dreamer Kuddel1 im neuen Zuhause\" src=\"http:\/\/collies-vom-floersbachtal.de\/cms\/wp-content\/uploads\/2015\/01\/Dreamer-Kuddel1-im-neuen-Zuhause.jpg\" alt=\"\" width=\"1280\" height=\"850\" srcset=\"https:\/\/collies-vom-floersbachtal.de\/cms\/wp-content\/uploads\/2015\/01\/Dreamer-Kuddel1-im-neuen-Zuhause.jpg 1280w, https:\/\/collies-vom-floersbachtal.de\/cms\/wp-content\/uploads\/2015\/01\/Dreamer-Kuddel1-im-neuen-Zuhause-300x199.jpg 300w, https:\/\/collies-vom-floersbachtal.de\/cms\/wp-content\/uploads\/2015\/01\/Dreamer-Kuddel1-im-neuen-Zuhause-1024x680.jpg 1024w\" sizes=\"auto, (max-width: 1280px) 100vw, 1280px\" \/><\/a>Mein Gott, wo haben die \u00fcber Nacht den ganzen Schnee hingeschafft???<a href=\"http:\/\/collies-vom-floersbachtal.de\/cms\/wp-content\/uploads\/2015\/01\/Dreamer-Kuddel3-im-neuen-Zuhause.jpg\"><img loading=\"lazy\" decoding=\"async\" class=\"aligncenter size-medium wp-image-12511\" title=\"Dreamer Kuddel3 im neuen Zuhause\" src=\"http:\/\/collies-vom-floersbachtal.de\/cms\/wp-content\/uploads\/2015\/01\/Dreamer-Kuddel3-im-neuen-Zuhause-300x199.jpg\" alt=\"\" width=\"300\" height=\"199\" srcset=\"https:\/\/collies-vom-floersbachtal.de\/cms\/wp-content\/uploads\/2015\/01\/Dreamer-Kuddel3-im-neuen-Zuhause-300x199.jpg 300w, https:\/\/collies-vom-floersbachtal.de\/cms\/wp-content\/uploads\/2015\/01\/Dreamer-Kuddel3-im-neuen-Zuhause-1024x680.jpg 1024w, https:\/\/collies-vom-floersbachtal.de\/cms\/wp-content\/uploads\/2015\/01\/Dreamer-Kuddel3-im-neuen-Zuhause.jpg 1280w\" sizes=\"auto, (max-width: 300px) 100vw, 300px\" \/><\/a> ich kann suchen wo ich will nirgens zu finden :-\/na dann tobe ich mit meinen neuen Freunden<a href=\"http:\/\/collies-vom-floersbachtal.de\/cms\/wp-content\/uploads\/2015\/01\/Dreamer-Kuddel5-im-neuen-Zuhause.jpg\"><img loading=\"lazy\" decoding=\"async\" class=\"aligncenter size-medium wp-image-12513\" title=\"Dreamer Kuddel5 im neuen Zuhause\" src=\"http:\/\/collies-vom-floersbachtal.de\/cms\/wp-content\/uploads\/2015\/01\/Dreamer-Kuddel5-im-neuen-Zuhause-300x199.jpg\" alt=\"\" width=\"300\" height=\"199\" srcset=\"https:\/\/collies-vom-floersbachtal.de\/cms\/wp-content\/uploads\/2015\/01\/Dreamer-Kuddel5-im-neuen-Zuhause-300x199.jpg 300w, https:\/\/collies-vom-floersbachtal.de\/cms\/wp-content\/uploads\/2015\/01\/Dreamer-Kuddel5-im-neuen-Zuhause-1024x680.jpg 1024w, https:\/\/collies-vom-floersbachtal.de\/cms\/wp-content\/uploads\/2015\/01\/Dreamer-Kuddel5-im-neuen-Zuhause.jpg 1280w\" sizes=\"auto, (max-width: 300px) 100vw, 300px\" \/><\/a>mitten im Get\u00fcmmel \ud83d\ude42 Die erste Nacht verlief wie bei allen anderen auch problemlos und er hat durchgeschlafen \ud83d\ude1b<br \/>\n<\/strong><a href=\"http:\/\/collies-vom-floersbachtal.de\/cms\/wp-content\/uploads\/2015\/01\/Dreamer-jetzt-Kuddel1-05.02-105.jpg\"><img loading=\"lazy\" decoding=\"async\" class=\"aligncenter size-full wp-image-12508\" title=\"Dreamer jetzt Kuddel1 05.02 (105)\" src=\"http:\/\/collies-vom-floersbachtal.de\/cms\/wp-content\/uploads\/2015\/01\/Dreamer-jetzt-Kuddel1-05.02-105.jpg\" alt=\"\" width=\"1280\" height=\"850\" srcset=\"https:\/\/collies-vom-floersbachtal.de\/cms\/wp-content\/uploads\/2015\/01\/Dreamer-jetzt-Kuddel1-05.02-105.jpg 1280w, https:\/\/collies-vom-floersbachtal.de\/cms\/wp-content\/uploads\/2015\/01\/Dreamer-jetzt-Kuddel1-05.02-105-300x199.jpg 300w, https:\/\/collies-vom-floersbachtal.de\/cms\/wp-content\/uploads\/2015\/01\/Dreamer-jetzt-Kuddel1-05.02-105-1024x680.jpg 1024w\" sizes=\"auto, (max-width: 1280px) 100vw, 1280px\" \/><\/a> Tsch\u00fc\u00fc\u00fcsi euer Kuddel<\/p>\n","protected":false},"excerpt":{"rendered":"<p>19.11.2019 Furchtbare Neuigkeiten von unserem s\u00fc\u00dfen Fietje \ud83d\ude41 Am Samstag wurde bei ihm eine Notoperation durchgef\u00fchrt. Verdacht auf eine Tumor im Magen\/Darmtrakt, man versuchte alles aber es sah schlecht aus. Danach Intensivstation, um dann am Montag erneut operiert zu werden. &hellip; <a href=\"https:\/\/collies-vom-floersbachtal.de\/?page_id=12109\">Weiterlesen <span class=\"meta-nav\">&rarr;<\/span><\/a><\/p>\n","protected":false},"author":1,"featured_media":0,"parent":0,"menu_order":0,"comment_status":"open","ping_status":"open","template":"","meta":{"footnotes":""},"class_list":["post-12109","page","type-page","status-publish","hentry"],"_links":{"self":[{"href":"https:\/\/collies-vom-floersbachtal.de\/index.php?rest_route=\/wp\/v2\/pages\/12109","targetHints":{"allow":["GET"]}}],"collection":[{"href":"https:\/\/collies-vom-floersbachtal.de\/index.php?rest_route=\/wp\/v2\/pages"}],"about":[{"href":"https:\/\/collies-vom-floersbachtal.de\/index.php?rest_route=\/wp\/v2\/types\/page"}],"author":[{"embeddable":true,"href":"https:\/\/collies-vom-floersbachtal.de\/index.php?rest_route=\/wp\/v2\/users\/1"}],"replies":[{"embeddable":true,"href":"https:\/\/collies-vom-floersbachtal.de\/index.php?rest_route=%2Fwp%2Fv2%2Fcomments&post=12109"}],"version-history":[{"count":58,"href":"https:\/\/collies-vom-floersbachtal.de\/index.php?rest_route=\/wp\/v2\/pages\/12109\/revisions"}],"predecessor-version":[{"id":47403,"href":"https:\/\/collies-vom-floersbachtal.de\/index.php?rest_route=\/wp\/v2\/pages\/12109\/revisions\/47403"}],"wp:attachment":[{"href":"https:\/\/collies-vom-floersbachtal.de\/index.php?rest_route=%2Fwp%2Fv2%2Fmedia&parent=12109"}],"curies":[{"name":"wp","href":"https:\/\/api.w.org\/{rel}","templated":true}]}}