{"id":10910,"date":"2014-11-27T15:27:06","date_gmt":"2014-11-27T15:27:06","guid":{"rendered":"http:\/\/collies-vom-floersbachtal.de\/?page_id=10910"},"modified":"2020-11-24T10:59:06","modified_gmt":"2020-11-24T10:59:06","slug":"welpen-d-wurf","status":"publish","type":"page","link":"https:\/\/collies-vom-floersbachtal.de\/?page_id=10910","title":{"rendered":"Welpen D &#8211; Wurf"},"content":{"rendered":"<p><a href=\"http:\/\/collies-vom-floersbachtal.de\/cms\/wp-content\/uploads\/2011\/11\/baby_collie.gif\"><img loading=\"lazy\" decoding=\"async\" title=\"Welpe\" src=\"http:\/\/collies-vom-floersbachtal.de\/cms\/wp-content\/uploads\/2011\/11\/baby_collie.gif\" alt=\"\" width=\"57\" height=\"44\" \/><\/a><\/p>\n<p><strong>Alle Welpen haben ein sch\u00f6nes neues Zuhause gefunden!<\/strong><\/p>\n<p>Wir bedanken uns als Z\u00fcchter nochmals bei allen Welpenk\u00e4ufer f\u00fcr das uns entgegen-gebrachte Vertrauen. Und w\u00fcnschen viel Spa\u00df und Freunde, sowie Gesundheit und ein langes Leben mit den kleinen Langnasen.<\/p>\n<p><strong>Yuipi , geschafft!<\/strong> <strong>Unser D &#8211; Wurf ist am 26.11.2014<br \/>\n<\/strong><span style=\"color: #ff0000;\">23. November bis 20. Dezember<\/span><br \/>\n<span style=\"color: #ff0000;\"> Sch\u00fctze, ein unbek\u00fcmmerter Kumpel<\/span><\/p>\n<p>I<strong>st Ihr Leben eint\u00f6nig und verl\u00e4uft nach dem Prinzip &#8222;und immer wieder gr\u00fc\u00dft das Murmeltier?\u201c Dann schaffen Sie sich einen Sch\u00fctze-Hund an. Sie selbst sollten jedoch kein Langeweiler sein, denn dieser Hund kann langweilige Menschen nicht ausstehen. Er wird Sie auf diese Schw\u00e4che unmissverst\u00e4ndlich aufmerksam machen, indem er Sie verl\u00e4sst. Sein unersch\u00fctterlicher Optimismus sagt ihm, dass er schon irgendwo auf der Welt eine T\u00fcr findet, die sich ihm \u00f6ffnet und wo er mit allem, was er braucht, versorgt wird. Was braucht der Sch\u00fctze-Hund? Zuerst einmal einen aktiven, naturverbundenen Menschen, der f\u00fcr die Ideen seines Hundes empf\u00e4nglich ist und sie tr\u00e4gt. Er braucht einen immer gef\u00fcllten Futternapf und ein Auto f\u00fcr die Reisen in unbekannte Gebiete. Kein anderer Hund liebt die Natur so wie er. Mit ausgedehnten Wanderungen, vorbei an Seen, die zum Baden einladen machen Sie ihm die gr\u00f6\u00dfte Freude. Leben Sie in der Stadt, wird er keine Laterne auslassen, um sich mit den neuesten Nachrichten einzudecken. Der Sch\u00fctze-Hund ist \u2013 oft zum Schrecken seines Besitzers &#8211; voller \u00fcberraschender und lustiger Einf\u00e4lle. Am Ende kann ihm aber niemand b\u00f6se sein. M\u00f6chten Sie einen Hund, der vertrauensvoll mit Ihnen durch dick und d\u00fcnn geht, einen fr\u00f6hlichen Kameraden an Ihrer Seite? Und, wenn Sie mit gen\u00fcgend Nervenst\u00e4rke seinen kleinen, schelmischen Streichen mit Humor zu begegnen, dann sollten Sie sich einen Sch\u00fctze-Hund zulegen.<\/strong><\/p>\n<p><strong>Es sind:<br \/>\n5\/3 Aufteilung wie folgt:<br \/>\n4\/0 sable-merle, 1\/1 blue-merle, 0\/1 dark-sable, 0\/1 tricolor. Wie bestellt \ud83d\ude09<\/strong><\/p>\n<p><strong>Zwischen Blue Jean vom Fl\u00f6rsbachtal, genannt Jeanny, geboren am 12.07.2012,<br \/>\nblue-merle, zur Zucht zugelassen, 59,2 cm und 25,1 Kg<\/strong><\/p>\n<p><strong>MDR1\u00a0\u00a0\u00a0\u00a0\u00a0 +\/-\u00a0 carrier,\u00a0\u00a0\u00a0\u00a0\u00a0\u00a0\u00a0\u00a0\u00a0\u00a0\u00a0\u00a0\u00a0\u00a0\u00a0\u00a0\u00a0\u00a0\u00a0\u00a0\u00a0\u00a0\u00a0\u00a0\u00a0\u00a0\u00a0\u00a0\u00a0\u00a0\u00a0\u00a0\u00a0 (TransMit)<\/strong><br \/>\n<strong> CEA\/CH\u00a0 +\/+ non carrier,\u00a0\u00a0\u00a0\u00a0\u00a0\u00a0\u00a0\u00a0\u00a0\u00a0\u00a0\u00a0\u00a0\u00a0\u00a0\u00a0\u00a0\u00a0\u00a0\u00a0\u00a0\u00a0\u00a0 (Optigen NY),<\/strong><br \/>\n<strong> DM\u00a0\u00a0\u00a0\u00a0\u00a0\u00a0\u00a0\u00a0\u00a0\u00a0 +\/+ non carrier,\u00a0\u00a0\u00a0\u00a0\u00a0\u00a0\u00a0\u00a0\u00a0\u00a0\u00a0\u00a0\u00a0\u00a0\u00a0\u00a0\u00a0\u00a0\u00a0\u00a0\u00a0\u00a0\u00a0\u00a0 (Laboklin),<\/strong><br \/>\n<strong> GCS\u00a0\u00a0\u00a0\u00a0\u00a0\u00a0\u00a0\u00a0\u00a0 +\/+ non carrier,\u00a0\u00a0\u00a0\u00a0\u00a0\u00a0\u00a0\u00a0\u00a0\u00a0\u00a0\u00a0\u00a0\u00a0\u00a0\u00a0\u00a0\u00a0\u00a0\u00a0\u00a0\u00a0\u00a0\u00a0 (Laboklin),<\/strong><br \/>\n<strong> CEA, rcd2, KATH frei, mit 6 Wochen, (DOK),<\/strong><br \/>\n<strong>PRA \u00a0 \u00a0<\/strong> <strong>\u00a0 \u00a0\u00a0 +\/+ non carrier,\u00a0\u00a0\u00a0\u00a0\u00a0\u00a0\u00a0\u00a0\u00a0\u00a0\u00a0\u00a0\u00a0\u00a0\u00a0\u00a0\u00a0\u00a0\u00a0\u00a0\u00a0\u00a0\u00a0\u00a0 (Optigen NY)<\/strong><br \/>\n<strong> HD\/ED frei, Patella frei<\/strong><br \/>\n<strong>DNA Profil vorhanden<\/strong><\/p>\n<p><strong><span style=\"color: #ff0000;\">DMS: aabb \u00a0\u00a0\u00a0\u00a0\u00a0\u00a0\u00a0\u00a0\u00a0\u00a0\u00a0\u00a0\u00a0\u00a0\u00a0\u00a0\u00a0\u00a0\u00a0\u00a0\u00a0\u00a0\u00a0\u00a0\u00a0\u00a0\u00a0\u00a0\u00a0\u00a0\u00a0\u00a0\u00a0\u00a0\u00a0\u00a0\u00a0\u00a0\u00a0\u00a0\u00a0\u00a0\u00a0\u00a0\u00a0\u00a0\u00a0\u00a0\u00a0\u00a0 (Clemson University, USA)<\/span><\/strong><\/p>\n<p><strong><span style=\"color: #ff0000;\">AVK : 0,87 American Lines\u00a0 30,5 %<\/span><\/strong><\/p>\n<p><strong>vollzahniges Scherengebiss<\/strong><\/p>\n<p><a href=\"http:\/\/collies-vom-floersbachtal.de\/cms\/wp-content\/uploads\/2014\/11\/Hochzeitsfoto-Wurfank\u00fcndigung-Jeanny-Spirit1.jpg\"><img loading=\"lazy\" decoding=\"async\" class=\"aligncenter size-full wp-image-11022\" title=\"Hochzeitsfoto Wurfank\u00fcndigung Jeanny Spirit1\" src=\"http:\/\/collies-vom-floersbachtal.de\/cms\/wp-content\/uploads\/2014\/11\/Hochzeitsfoto-Wurfank\u00fcndigung-Jeanny-Spirit1.jpg\" alt=\"\" width=\"433\" height=\"271\" srcset=\"https:\/\/collies-vom-floersbachtal.de\/cms\/wp-content\/uploads\/2014\/11\/Hochzeitsfoto-Wurfank\u00fcndigung-Jeanny-Spirit1.jpg 433w, https:\/\/collies-vom-floersbachtal.de\/cms\/wp-content\/uploads\/2014\/11\/Hochzeitsfoto-Wurfank\u00fcndigung-Jeanny-Spirit1-300x187.jpg 300w\" sizes=\"auto, (max-width: 433px) 100vw, 433px\" \/><\/a><\/p>\n<p><strong>Und Daylight Spirit of Murphy\u00b4s Ranch genannt Spirit geboren am 23.05.2010<br \/>\ndark-sable, wei\u00dffaktoriert und zur Zucht zugelassen K\u00f6rklasse 1A, z.Z. 61,5 cm und 29 Kg.<\/strong><\/p>\n<p><strong>&gt;HD A\/ED A, Partella frei<\/strong><\/p>\n<p><strong>vollzahniges Scherengebiss<\/strong><\/p>\n<p><strong>Spirit entstammt der amerikanischen Linie und ist frei von allen Gendefekten<\/strong><br \/>\n<strong> Alle Gentests wurden ausschlie\u00dflich per Blut gemacht.<\/strong><\/p>\n<p><strong> MDR1 +\/+\u00a0 non carrier, OCD frei;<\/strong><br \/>\n<strong> CEA\/CH\u00a0\u00a0\u00a0\u00a0 non carrier, HD A<\/strong><br \/>\n<strong> MH N\/N\u00a0\u00a0\u00a0\u00a0 non carrier, ED 0<\/strong><br \/>\n<strong> DM N\/N\u00a0\u00a0\u00a0\u00a0 non carrier, Patella frei<\/strong><br \/>\n<strong> GCS N\/N\u00a0\u00a0\u00a0 non carrier, KATH RD frei<\/strong><br \/>\n<strong> PRA N\/N\u00a0\u00a0\u00a0 non carrier, Laboklin<\/strong><\/p>\n<p><strong>PHTVL\/PHPV frei<\/strong><br \/>\n<strong> Vollz\u00e4hliges Scherengebiss<\/strong><\/p>\n<p><strong>Alle Gentests wurden ausschlie\u00dflich per Blut gemacht<br \/>\n<\/strong><\/p>\n<p><a href=\"http:\/\/collies-vom-floersbachtal.de\/cms\/wp-content\/uploads\/2014\/11\/D-Wurf-5.Woche-Ausbruch2.jpg\"><img loading=\"lazy\" decoding=\"async\" class=\"aligncenter size-full wp-image-11514\" title=\"D-Wurf 5.Woche Ausbruch2\" src=\"http:\/\/collies-vom-floersbachtal.de\/cms\/wp-content\/uploads\/2014\/11\/D-Wurf-5.Woche-Ausbruch2.jpg\" alt=\"\" width=\"1000\" height=\"617\" srcset=\"https:\/\/collies-vom-floersbachtal.de\/cms\/wp-content\/uploads\/2014\/11\/D-Wurf-5.Woche-Ausbruch2.jpg 1000w, https:\/\/collies-vom-floersbachtal.de\/cms\/wp-content\/uploads\/2014\/11\/D-Wurf-5.Woche-Ausbruch2-300x185.jpg 300w\" sizes=\"auto, (max-width: 1000px) 100vw, 1000px\" \/><\/a><strong>Also die T\u00fcr h\u00e4tte ich schon mal auf, einer mu\u00df jetzt Schmiere stehen, ob die Alten um die Ecke kommen!!!<\/strong><\/p>\n<p><a href=\"http:\/\/collies-vom-floersbachtal.de\/cms\/wp-content\/uploads\/2014\/11\/D-Wurf-8.Woche-Knochen2.jpg\"><img loading=\"lazy\" decoding=\"async\" class=\"aligncenter size-full wp-image-11904\" title=\"D-Wurf 8.Woche Knochen2\" src=\"http:\/\/collies-vom-floersbachtal.de\/cms\/wp-content\/uploads\/2014\/11\/D-Wurf-8.Woche-Knochen2.jpg\" alt=\"\" width=\"1000\" height=\"507\" srcset=\"https:\/\/collies-vom-floersbachtal.de\/cms\/wp-content\/uploads\/2014\/11\/D-Wurf-8.Woche-Knochen2.jpg 1000w, https:\/\/collies-vom-floersbachtal.de\/cms\/wp-content\/uploads\/2014\/11\/D-Wurf-8.Woche-Knochen2-300x152.jpg 300w\" sizes=\"auto, (max-width: 1000px) 100vw, 1000px\" \/><\/a><strong>Alle haben Knochen erhalten \ud83d\ude42<\/strong><br \/>\n<a href=\"http:\/\/collies-vom-floersbachtal.de\/cms\/wp-content\/uploads\/2014\/11\/d-Wurf-8.Woche-Dreamer-3.jpg\"><img loading=\"lazy\" decoding=\"async\" class=\"aligncenter size-full wp-image-11905\" title=\"d-Wurf 8.Woche Dreamer 3\" src=\"http:\/\/collies-vom-floersbachtal.de\/cms\/wp-content\/uploads\/2014\/11\/d-Wurf-8.Woche-Dreamer-3.jpg\" alt=\"\" width=\"960\" height=\"635\" srcset=\"https:\/\/collies-vom-floersbachtal.de\/cms\/wp-content\/uploads\/2014\/11\/d-Wurf-8.Woche-Dreamer-3.jpg 960w, https:\/\/collies-vom-floersbachtal.de\/cms\/wp-content\/uploads\/2014\/11\/d-Wurf-8.Woche-Dreamer-3-300x198.jpg 300w\" sizes=\"auto, (max-width: 960px) 100vw, 960px\" \/><\/a>Outdoorspielplatz, Dreamer testet \ud83d\ude42<\/p>\n<p><a href=\"http:\/\/collies-vom-floersbachtal.de\/cms\/wp-content\/uploads\/2014\/11\/D-Wurf-8.Woche-Dusty-bei-den-Ponys1.jpg\"><img loading=\"lazy\" decoding=\"async\" class=\"aligncenter size-full wp-image-11906\" title=\"D-Wurf 8.Woche Dusty bei den Ponys1\" src=\"http:\/\/collies-vom-floersbachtal.de\/cms\/wp-content\/uploads\/2014\/11\/D-Wurf-8.Woche-Dusty-bei-den-Ponys1.jpg\" alt=\"\" width=\"1000\" height=\"667\" srcset=\"https:\/\/collies-vom-floersbachtal.de\/cms\/wp-content\/uploads\/2014\/11\/D-Wurf-8.Woche-Dusty-bei-den-Ponys1.jpg 1000w, https:\/\/collies-vom-floersbachtal.de\/cms\/wp-content\/uploads\/2014\/11\/D-Wurf-8.Woche-Dusty-bei-den-Ponys1-300x200.jpg 300w\" sizes=\"auto, (max-width: 1000px) 100vw, 1000px\" \/><\/a>Dusty beim Besuch der Ponys \ud83d\ude00<\/p>\n<p><a href=\"http:\/\/collies-vom-floersbachtal.de\/cms\/wp-content\/uploads\/2014\/11\/D-Wurf-8.Woche-Destiny-Ocean-Dreamer-im-K\u00f6rbchen2.jpg\"><img loading=\"lazy\" decoding=\"async\" class=\"aligncenter size-full wp-image-11907\" title=\"D-Wurf 8.Woche Destiny , Ocean &amp; Dreamer im K\u00f6rbchen2\" src=\"http:\/\/collies-vom-floersbachtal.de\/cms\/wp-content\/uploads\/2014\/11\/D-Wurf-8.Woche-Destiny-Ocean-Dreamer-im-K\u00f6rbchen2.jpg\" alt=\"\" width=\"960\" height=\"635\" srcset=\"https:\/\/collies-vom-floersbachtal.de\/cms\/wp-content\/uploads\/2014\/11\/D-Wurf-8.Woche-Destiny-Ocean-Dreamer-im-K\u00f6rbchen2.jpg 960w, https:\/\/collies-vom-floersbachtal.de\/cms\/wp-content\/uploads\/2014\/11\/D-Wurf-8.Woche-Destiny-Ocean-Dreamer-im-K\u00f6rbchen2-300x198.jpg 300w\" sizes=\"auto, (max-width: 960px) 100vw, 960px\" \/><\/a><strong>Frischluft macht m\u00fcde \ud83d\ude09<\/strong><br \/>\n<a href=\"http:\/\/collies-vom-floersbachtal.de\/cms\/wp-content\/uploads\/2014\/11\/D-Wurf-8.Woche-Dakota-Capper-Sally2.jpg\"><img loading=\"lazy\" decoding=\"async\" class=\"aligncenter size-full wp-image-11908\" title=\"D-Wurf 8.Woche Dakota, Capper &amp; Sally2\" src=\"http:\/\/collies-vom-floersbachtal.de\/cms\/wp-content\/uploads\/2014\/11\/D-Wurf-8.Woche-Dakota-Capper-Sally2.jpg\" alt=\"\" width=\"636\" height=\"960\" srcset=\"https:\/\/collies-vom-floersbachtal.de\/cms\/wp-content\/uploads\/2014\/11\/D-Wurf-8.Woche-Dakota-Capper-Sally2.jpg 636w, https:\/\/collies-vom-floersbachtal.de\/cms\/wp-content\/uploads\/2014\/11\/D-Wurf-8.Woche-Dakota-Capper-Sally2-198x300.jpg 198w\" sizes=\"auto, (max-width: 636px) 100vw, 636px\" \/><\/a> <strong>Sally beim Beaufsichtigen der L\u00fctten \ud83d\ude42<\/strong><br \/>\n<a href=\"http:\/\/collies-vom-floersbachtal.de\/cms\/wp-content\/uploads\/2014\/11\/D-Wurf-9.Woche-2-Nasen1.jpg\"><img loading=\"lazy\" decoding=\"async\" class=\"aligncenter size-full wp-image-12153\" title=\"D-Wurf 9.Woche 2 Nasen1\" src=\"http:\/\/collies-vom-floersbachtal.de\/cms\/wp-content\/uploads\/2014\/11\/D-Wurf-9.Woche-2-Nasen1.jpg\" alt=\"\" width=\"1000\" height=\"602\" srcset=\"https:\/\/collies-vom-floersbachtal.de\/cms\/wp-content\/uploads\/2014\/11\/D-Wurf-9.Woche-2-Nasen1.jpg 1000w, https:\/\/collies-vom-floersbachtal.de\/cms\/wp-content\/uploads\/2014\/11\/D-Wurf-9.Woche-2-Nasen1-300x180.jpg 300w\" sizes=\"auto, (max-width: 1000px) 100vw, 1000px\" \/><\/a> Dragon &amp; Destiny<br \/>\n<a href=\"http:\/\/collies-vom-floersbachtal.de\/cms\/wp-content\/uploads\/2014\/11\/D-Wurf-9.Woche-alle-auf-Herrchen1.jpg\"><img loading=\"lazy\" decoding=\"async\" class=\"aligncenter size-full wp-image-12154\" title=\"D-Wurf 9.Woche alle auf Herrchen1\" src=\"http:\/\/collies-vom-floersbachtal.de\/cms\/wp-content\/uploads\/2014\/11\/D-Wurf-9.Woche-alle-auf-Herrchen1.jpg\" alt=\"\" width=\"1000\" height=\"667\" srcset=\"https:\/\/collies-vom-floersbachtal.de\/cms\/wp-content\/uploads\/2014\/11\/D-Wurf-9.Woche-alle-auf-Herrchen1.jpg 1000w, https:\/\/collies-vom-floersbachtal.de\/cms\/wp-content\/uploads\/2014\/11\/D-Wurf-9.Woche-alle-auf-Herrchen1-300x200.jpg 300w\" sizes=\"auto, (max-width: 1000px) 100vw, 1000px\" \/><\/a> Auf ihn mit Gebr\u00fcll \ud83d\ude42<br \/>\n<a href=\"http:\/\/collies-vom-floersbachtal.de\/cms\/wp-content\/uploads\/2014\/11\/D-Wurf-9.Woche-der-letzte-Rest-3.jpg\"><img loading=\"lazy\" decoding=\"async\" class=\"aligncenter size-full wp-image-12155\" title=\"D-Wurf 9.Woche der letzte Rest 3\" src=\"http:\/\/collies-vom-floersbachtal.de\/cms\/wp-content\/uploads\/2014\/11\/D-Wurf-9.Woche-der-letzte-Rest-3.jpg\" alt=\"\" width=\"1000\" height=\"829\" srcset=\"https:\/\/collies-vom-floersbachtal.de\/cms\/wp-content\/uploads\/2014\/11\/D-Wurf-9.Woche-der-letzte-Rest-3.jpg 1000w, https:\/\/collies-vom-floersbachtal.de\/cms\/wp-content\/uploads\/2014\/11\/D-Wurf-9.Woche-der-letzte-Rest-3-300x248.jpg 300w\" sizes=\"auto, (max-width: 1000px) 100vw, 1000px\" \/><\/a> Kampf der Titanen \ud83d\ude1b<\/p>\n<p><strong>Einzelvorstellung:<\/strong><\/p>\n<p><strong>Alle Babys haben am Abend des 09.12.14 die \u00c4uglein ge\u00f6ffnet<\/strong><\/p>\n<p><strong>Am 15.12.14 haben wir die Laborergebnisse des Merlefaktors erhalten. <\/strong><br \/>\n<strong>Am 17.12.14 haben wir nun auch die MDR1 Ergebnisse erhalten<\/strong><\/p>\n<p><strong><span style=\"color: #ff0000;\">1. Welpe<\/span> 17:10 Uhr, R\u00fcde sable-merle, wf, Blesse, 310 g<\/strong>,<strong> MDR1 +\/-<\/strong><strong>, Gentest Merle-Faktor, Fellscheckung &#8211; PCR<\/strong> <strong>Merle-Faktor: Ergebnis: Genotyp: N\/M<\/strong><\/p>\n<p><strong><span style=\"color: #ff0000;\">vergeben und ausgezogen<br \/>\n<\/span><\/strong><\/p>\n<p><a href=\"http:\/\/collies-vom-floersbachtal.de\/cms\/wp-content\/uploads\/2014\/11\/D-Wurf-R\u00fcde-Nr.1-sable-merle-Blesse2.jpg\"><img loading=\"lazy\" decoding=\"async\" class=\"aligncenter size-medium wp-image-10915\" title=\"D-Wurf R\u00fcde Nr.1 sable-merle Blesse2\" src=\"http:\/\/collies-vom-floersbachtal.de\/cms\/wp-content\/uploads\/2014\/11\/D-Wurf-R\u00fcde-Nr.1-sable-merle-Blesse2-300x200.jpg\" alt=\"\" width=\"300\" height=\"200\" srcset=\"https:\/\/collies-vom-floersbachtal.de\/cms\/wp-content\/uploads\/2014\/11\/D-Wurf-R\u00fcde-Nr.1-sable-merle-Blesse2-300x200.jpg 300w, https:\/\/collies-vom-floersbachtal.de\/cms\/wp-content\/uploads\/2014\/11\/D-Wurf-R\u00fcde-Nr.1-sable-merle-Blesse2.jpg 1000w\" sizes=\"auto, (max-width: 300px) 100vw, 300px\" \/><\/a><strong><span style=\"color: #ff0000;\">Desert Sun<\/span>, Rufname: Sunny<\/strong>\u00a0\u00a0<strong> am<\/strong> \u00a0<strong>02.12.14\u00a0<\/strong> <strong>490 g<\/strong>\u00a0\u00a0<strong> 1 Woche alt<\/strong><br \/>\n<a href=\"http:\/\/collies-vom-floersbachtal.de\/cms\/wp-content\/uploads\/2014\/11\/D-Wurf-R\u00fcde-2.Woche-Nr.1-sable-merle-Blesse1.jpg\"><img loading=\"lazy\" decoding=\"async\" class=\"aligncenter size-medium wp-image-10998\" title=\"D-Wurf R\u00fcde 2.Woche Nr.1 sable-merle Blesse1\" src=\"http:\/\/collies-vom-floersbachtal.de\/cms\/wp-content\/uploads\/2014\/11\/D-Wurf-R\u00fcde-2.Woche-Nr.1-sable-merle-Blesse1-215x300.jpg\" alt=\"\" width=\"215\" height=\"300\" srcset=\"https:\/\/collies-vom-floersbachtal.de\/cms\/wp-content\/uploads\/2014\/11\/D-Wurf-R\u00fcde-2.Woche-Nr.1-sable-merle-Blesse1-215x300.jpg 215w, https:\/\/collies-vom-floersbachtal.de\/cms\/wp-content\/uploads\/2014\/11\/D-Wurf-R\u00fcde-2.Woche-Nr.1-sable-merle-Blesse1-735x1024.jpg 735w, https:\/\/collies-vom-floersbachtal.de\/cms\/wp-content\/uploads\/2014\/11\/D-Wurf-R\u00fcde-2.Woche-Nr.1-sable-merle-Blesse1.jpg 1000w\" sizes=\"auto, (max-width: 215px) 100vw, 215px\" \/><\/a> <strong><span style=\"color: #ff0000;\">Sunny<\/span> am 09.12.14\u00a0\u00a0 840 g schwer\u00a0\u00a0 2 Wochen alt<\/strong><a href=\"http:\/\/collies-vom-floersbachtal.de\/cms\/wp-content\/uploads\/2014\/11\/D-Wurf-3.Woche-Sunny1.jpg\"><img loading=\"lazy\" decoding=\"async\" class=\"aligncenter size-medium wp-image-11134\" title=\"D-Wurf 3.Woche Sunny1\" src=\"http:\/\/collies-vom-floersbachtal.de\/cms\/wp-content\/uploads\/2014\/11\/D-Wurf-3.Woche-Sunny1-300x146.jpg\" alt=\"\" width=\"300\" height=\"146\" srcset=\"https:\/\/collies-vom-floersbachtal.de\/cms\/wp-content\/uploads\/2014\/11\/D-Wurf-3.Woche-Sunny1-300x146.jpg 300w, https:\/\/collies-vom-floersbachtal.de\/cms\/wp-content\/uploads\/2014\/11\/D-Wurf-3.Woche-Sunny1.jpg 1000w\" sizes=\"auto, (max-width: 300px) 100vw, 300px\" \/><\/a><br \/>\n<span style=\"color: #ff0000;\">Sunny <strong><span style=\"color: #000000;\">am 16.12.14 1350 g\u00a0 3 Wochen alt<\/span><br \/>\n<\/strong><\/span><br \/>\n<a href=\"http:\/\/collies-vom-floersbachtal.de\/cms\/wp-content\/uploads\/2014\/11\/D-Wurf-4.Woche-Sunny2.jpg\"><img loading=\"lazy\" decoding=\"async\" class=\"aligncenter size-medium wp-image-11268\" title=\"D-Wurf 4.Woche Sunny2\" src=\"http:\/\/collies-vom-floersbachtal.de\/cms\/wp-content\/uploads\/2014\/11\/D-Wurf-4.Woche-Sunny2-300x218.jpg\" alt=\"\" width=\"300\" height=\"218\" srcset=\"https:\/\/collies-vom-floersbachtal.de\/cms\/wp-content\/uploads\/2014\/11\/D-Wurf-4.Woche-Sunny2-300x218.jpg 300w, https:\/\/collies-vom-floersbachtal.de\/cms\/wp-content\/uploads\/2014\/11\/D-Wurf-4.Woche-Sunny2.jpg 1000w\" sizes=\"auto, (max-width: 300px) 100vw, 300px\" \/><\/a><strong><span style=\"color: #ff0000;\">Sunny<\/span> am 23.12.14\u00a0\u00a0 1940 g\u00a0\u00a0 4 Wochen alt<\/strong><a href=\"http:\/\/collies-vom-floersbachtal.de\/cms\/wp-content\/uploads\/2014\/11\/D-Wurf-5.Woche-Sunny2.jpg\"><img loading=\"lazy\" decoding=\"async\" class=\"aligncenter size-medium wp-image-11381\" title=\"D-Wurf 5.Woche Sunny2\" src=\"http:\/\/collies-vom-floersbachtal.de\/cms\/wp-content\/uploads\/2014\/11\/D-Wurf-5.Woche-Sunny2-300x291.jpg\" alt=\"\" width=\"300\" height=\"291\" srcset=\"https:\/\/collies-vom-floersbachtal.de\/cms\/wp-content\/uploads\/2014\/11\/D-Wurf-5.Woche-Sunny2-300x291.jpg 300w, https:\/\/collies-vom-floersbachtal.de\/cms\/wp-content\/uploads\/2014\/11\/D-Wurf-5.Woche-Sunny2.jpg 1000w\" sizes=\"auto, (max-width: 300px) 100vw, 300px\" \/><\/a><strong><span style=\"color: #ff0000;\">Sunny<\/span> am 31.12.14 3170 g\u00a0 5 Wochen alt<\/strong><a href=\"http:\/\/collies-vom-floersbachtal.de\/cms\/wp-content\/uploads\/2014\/11\/D-Wurf-6.Wurf-Sunny1.jpg\"><img loading=\"lazy\" decoding=\"async\" class=\"aligncenter size-medium wp-image-11517\" title=\"D-Wurf 6.Wurf Sunny1\" src=\"http:\/\/collies-vom-floersbachtal.de\/cms\/wp-content\/uploads\/2014\/11\/D-Wurf-6.Wurf-Sunny1-252x300.jpg\" alt=\"\" width=\"252\" height=\"300\" srcset=\"https:\/\/collies-vom-floersbachtal.de\/cms\/wp-content\/uploads\/2014\/11\/D-Wurf-6.Wurf-Sunny1-252x300.jpg 252w, https:\/\/collies-vom-floersbachtal.de\/cms\/wp-content\/uploads\/2014\/11\/D-Wurf-6.Wurf-Sunny1-861x1024.jpg 861w, https:\/\/collies-vom-floersbachtal.de\/cms\/wp-content\/uploads\/2014\/11\/D-Wurf-6.Wurf-Sunny1.jpg 1000w\" sizes=\"auto, (max-width: 252px) 100vw, 252px\" \/><\/a><strong><span style=\"color: #ff0000;\">Sunny<\/span> am 07.01.15\u00a0 4000 g\u00a0\u00a0 6 Wochen alt<\/strong><a href=\"http:\/\/collies-vom-floersbachtal.de\/cms\/wp-content\/uploads\/2014\/11\/D-Wurf-7.Woche-Sunny1.jpg\"><img loading=\"lazy\" decoding=\"async\" class=\"aligncenter size-medium wp-image-11623\" title=\"D-Wurf 7.Woche Sunny1\" src=\"http:\/\/collies-vom-floersbachtal.de\/cms\/wp-content\/uploads\/2014\/11\/D-Wurf-7.Woche-Sunny1-246x300.jpg\" alt=\"\" width=\"246\" height=\"300\" srcset=\"https:\/\/collies-vom-floersbachtal.de\/cms\/wp-content\/uploads\/2014\/11\/D-Wurf-7.Woche-Sunny1-246x300.jpg 246w, https:\/\/collies-vom-floersbachtal.de\/cms\/wp-content\/uploads\/2014\/11\/D-Wurf-7.Woche-Sunny1-842x1024.jpg 842w, https:\/\/collies-vom-floersbachtal.de\/cms\/wp-content\/uploads\/2014\/11\/D-Wurf-7.Woche-Sunny1.jpg 1000w\" sizes=\"auto, (max-width: 246px) 100vw, 246px\" \/><\/a><strong><span style=\"color: #ff0000;\">Sunny<\/span>\u00a0 am 13.01.15\u00a0 5080 g\u00a0 7 Wochen alt<\/strong><a href=\"http:\/\/collies-vom-floersbachtal.de\/cms\/wp-content\/uploads\/2014\/11\/D-Wurf-8.Woche-Sunny1.jpg\"><img loading=\"lazy\" decoding=\"async\" class=\"aligncenter size-medium wp-image-11769\" title=\"D-Wurf 8.Woche Sunny1\" src=\"http:\/\/collies-vom-floersbachtal.de\/cms\/wp-content\/uploads\/2014\/11\/D-Wurf-8.Woche-Sunny1-236x300.jpg\" alt=\"\" width=\"236\" height=\"300\" srcset=\"https:\/\/collies-vom-floersbachtal.de\/cms\/wp-content\/uploads\/2014\/11\/D-Wurf-8.Woche-Sunny1-236x300.jpg 236w, https:\/\/collies-vom-floersbachtal.de\/cms\/wp-content\/uploads\/2014\/11\/D-Wurf-8.Woche-Sunny1-806x1024.jpg 806w, https:\/\/collies-vom-floersbachtal.de\/cms\/wp-content\/uploads\/2014\/11\/D-Wurf-8.Woche-Sunny1.jpg 1000w\" sizes=\"auto, (max-width: 236px) 100vw, 236px\" \/><\/a><strong><span style=\"color: #ff0000;\">Sunny<\/span> am 20.01.15\u00a0 6230 g 8 Wochen alt<\/strong><a href=\"http:\/\/collies-vom-floersbachtal.de\/cms\/wp-content\/uploads\/2014\/11\/D-Wurf-8.Woche-lecker-hartes-Brot2.jpg\"><img loading=\"lazy\" decoding=\"async\" class=\"aligncenter size-medium wp-image-11910\" title=\"D-Wurf 8.Woche lecker hartes Brot2\" src=\"http:\/\/collies-vom-floersbachtal.de\/cms\/wp-content\/uploads\/2014\/11\/D-Wurf-8.Woche-lecker-hartes-Brot2-300x235.jpg\" alt=\"\" width=\"300\" height=\"235\" srcset=\"https:\/\/collies-vom-floersbachtal.de\/cms\/wp-content\/uploads\/2014\/11\/D-Wurf-8.Woche-lecker-hartes-Brot2-300x235.jpg 300w, https:\/\/collies-vom-floersbachtal.de\/cms\/wp-content\/uploads\/2014\/11\/D-Wurf-8.Woche-lecker-hartes-Brot2.jpg 1000w\" sizes=\"auto, (max-width: 300px) 100vw, 300px\" \/><\/a><\/p>\n<p><strong><span style=\"color: #ff0000;\">2. Welpe<\/span> 17:20 Uhr, R\u00fcde sable-merle,\u00a0 260 g,\u00a0 MDR1 +\/-, <\/strong><strong>Gentest Merle-Faktor, Fellscheckung &#8211; PCR<\/strong> <strong>\u00a0Merle-Faktor: Ergebnis: Genotyp: N\/M<\/strong><\/p>\n<p><strong><span style=\"color: #ff0000;\">vergeben und ausgezogen<br \/>\n<\/span><\/strong><\/p>\n<p><a href=\"http:\/\/collies-vom-floersbachtal.de\/cms\/wp-content\/uploads\/2014\/11\/D-Wurf-R\u00fcde-Nr.2-sable-merle-d\u00fcnner-Blesse2.jpg\"><img loading=\"lazy\" decoding=\"async\" class=\"aligncenter size-medium wp-image-10919\" title=\"D-Wurf R\u00fcde Nr.2 sable-merle  d\u00fcnner Blesse2\" src=\"http:\/\/collies-vom-floersbachtal.de\/cms\/wp-content\/uploads\/2014\/11\/D-Wurf-R\u00fcde-Nr.2-sable-merle-d\u00fcnner-Blesse2-300x169.jpg\" alt=\"\" width=\"300\" height=\"169\" srcset=\"https:\/\/collies-vom-floersbachtal.de\/cms\/wp-content\/uploads\/2014\/11\/D-Wurf-R\u00fcde-Nr.2-sable-merle-d\u00fcnner-Blesse2-300x169.jpg 300w, https:\/\/collies-vom-floersbachtal.de\/cms\/wp-content\/uploads\/2014\/11\/D-Wurf-R\u00fcde-Nr.2-sable-merle-d\u00fcnner-Blesse2.jpg 1000w\" sizes=\"auto, (max-width: 300px) 100vw, 300px\" \/><\/a><strong><span style=\"color: #ff0000;\">Dreamboy<\/span>, Rufname: Dreamer am 02.12.14\u00a0 450 g<\/strong>\u00a0\u00a0<strong> 1 Woche alt<\/strong><br \/>\n<a href=\"http:\/\/collies-vom-floersbachtal.de\/cms\/wp-content\/uploads\/2014\/11\/D-Wurf-R\u00fcde-2.Woche-Nr.2-sable-merle-d\u00fcnner-Blesse1.jpg\"><img loading=\"lazy\" decoding=\"async\" class=\"aligncenter size-medium wp-image-10999\" title=\"D-Wurf R\u00fcde 2.Woche Nr.2 sable-merle  d\u00fcnner Blesse1\" src=\"http:\/\/collies-vom-floersbachtal.de\/cms\/wp-content\/uploads\/2014\/11\/D-Wurf-R\u00fcde-2.Woche-Nr.2-sable-merle-d\u00fcnner-Blesse1-207x300.jpg\" alt=\"\" width=\"207\" height=\"300\" srcset=\"https:\/\/collies-vom-floersbachtal.de\/cms\/wp-content\/uploads\/2014\/11\/D-Wurf-R\u00fcde-2.Woche-Nr.2-sable-merle-d\u00fcnner-Blesse1-207x300.jpg 207w, https:\/\/collies-vom-floersbachtal.de\/cms\/wp-content\/uploads\/2014\/11\/D-Wurf-R\u00fcde-2.Woche-Nr.2-sable-merle-d\u00fcnner-Blesse1-706x1024.jpg 706w, https:\/\/collies-vom-floersbachtal.de\/cms\/wp-content\/uploads\/2014\/11\/D-Wurf-R\u00fcde-2.Woche-Nr.2-sable-merle-d\u00fcnner-Blesse1.jpg 1000w\" sizes=\"auto, (max-width: 207px) 100vw, 207px\" \/><\/a><br \/>\n<strong><span style=\"color: #ff0000;\">Dreamer<\/span> am 09.12.14\u00a0\u00a0 750 g schwer\u00a0 2 Wochen alt<\/strong><a href=\"http:\/\/collies-vom-floersbachtal.de\/cms\/wp-content\/uploads\/2014\/11\/D-Wurf-3.Woche-Dreamer1.jpg\"><img loading=\"lazy\" decoding=\"async\" class=\"aligncenter size-medium wp-image-11135\" title=\"D-Wurf 3.Woche Dreamer1\" src=\"http:\/\/collies-vom-floersbachtal.de\/cms\/wp-content\/uploads\/2014\/11\/D-Wurf-3.Woche-Dreamer1-300x214.jpg\" alt=\"\" width=\"300\" height=\"214\" srcset=\"https:\/\/collies-vom-floersbachtal.de\/cms\/wp-content\/uploads\/2014\/11\/D-Wurf-3.Woche-Dreamer1-300x214.jpg 300w, https:\/\/collies-vom-floersbachtal.de\/cms\/wp-content\/uploads\/2014\/11\/D-Wurf-3.Woche-Dreamer1.jpg 1000w\" sizes=\"auto, (max-width: 300px) 100vw, 300px\" \/><\/a><strong><span style=\"color: #ff0000;\">Dreamer<\/span><\/strong> <strong>am 16.12.14 1220 g<\/strong>\u00a0\u00a0\u00a0 <strong>3 Wochen alt<\/strong><br \/>\n<a href=\"http:\/\/collies-vom-floersbachtal.de\/cms\/wp-content\/uploads\/2014\/11\/D-Wurf-4.Woche-Dreamer11.jpg\"><img loading=\"lazy\" decoding=\"async\" class=\"aligncenter size-medium wp-image-11285\" title=\"D-Wurf 4.Woche Dreamer1\" src=\"http:\/\/collies-vom-floersbachtal.de\/cms\/wp-content\/uploads\/2014\/11\/D-Wurf-4.Woche-Dreamer11-300x213.jpg\" alt=\"\" width=\"300\" height=\"213\" srcset=\"https:\/\/collies-vom-floersbachtal.de\/cms\/wp-content\/uploads\/2014\/11\/D-Wurf-4.Woche-Dreamer11-300x213.jpg 300w, https:\/\/collies-vom-floersbachtal.de\/cms\/wp-content\/uploads\/2014\/11\/D-Wurf-4.Woche-Dreamer11.jpg 1000w\" sizes=\"auto, (max-width: 300px) 100vw, 300px\" \/><\/a><strong><span style=\"color: #ff0000;\">Dreamer<\/span> am 23.12.14\u00a0 1870 g\u00a0\u00a0 4 Wochen alt<\/strong><a href=\"http:\/\/collies-vom-floersbachtal.de\/cms\/wp-content\/uploads\/2014\/11\/D-Wurf-5.Woche-Dreamer1.jpg\"><img loading=\"lazy\" decoding=\"async\" class=\"aligncenter size-medium wp-image-11382\" title=\"D-Wurf 5.Woche Dreamer1\" src=\"http:\/\/collies-vom-floersbachtal.de\/cms\/wp-content\/uploads\/2014\/11\/D-Wurf-5.Woche-Dreamer1-300x261.jpg\" alt=\"\" width=\"300\" height=\"261\" srcset=\"https:\/\/collies-vom-floersbachtal.de\/cms\/wp-content\/uploads\/2014\/11\/D-Wurf-5.Woche-Dreamer1-300x261.jpg 300w, https:\/\/collies-vom-floersbachtal.de\/cms\/wp-content\/uploads\/2014\/11\/D-Wurf-5.Woche-Dreamer1.jpg 1000w\" sizes=\"auto, (max-width: 300px) 100vw, 300px\" \/><\/a><strong><span style=\"color: #ff0000;\">Dreamer<\/span> am 31.12.14\u00a0 2830 g\u00a0 5 Wochen alt<\/strong> <a href=\"http:\/\/collies-vom-floersbachtal.de\/cms\/wp-content\/uploads\/2014\/11\/D-Wurf-6.Woche-Dreamer1.jpg\"><img loading=\"lazy\" decoding=\"async\" class=\"aligncenter size-medium wp-image-11518\" title=\"D-Wurf 6.Woche Dreamer1\" src=\"http:\/\/collies-vom-floersbachtal.de\/cms\/wp-content\/uploads\/2014\/11\/D-Wurf-6.Woche-Dreamer1-300x245.jpg\" alt=\"\" width=\"300\" height=\"245\" srcset=\"https:\/\/collies-vom-floersbachtal.de\/cms\/wp-content\/uploads\/2014\/11\/D-Wurf-6.Woche-Dreamer1-300x245.jpg 300w, https:\/\/collies-vom-floersbachtal.de\/cms\/wp-content\/uploads\/2014\/11\/D-Wurf-6.Woche-Dreamer1.jpg 1000w\" sizes=\"auto, (max-width: 300px) 100vw, 300px\" \/><\/a><strong><span style=\"color: #ff0000;\">Dreamer<\/span> am 07.01.15\u00a0 3750 g\u00a0 6 Wochen alt<\/strong><a href=\"http:\/\/collies-vom-floersbachtal.de\/cms\/wp-content\/uploads\/2014\/11\/D-Wurf-7.Woche-Dreamer1.jpg\"><img loading=\"lazy\" decoding=\"async\" class=\"aligncenter size-medium wp-image-11624\" title=\"D-Wurf 7.Woche Dreamer1\" src=\"http:\/\/collies-vom-floersbachtal.de\/cms\/wp-content\/uploads\/2014\/11\/D-Wurf-7.Woche-Dreamer1-238x300.jpg\" alt=\"\" width=\"238\" height=\"300\" srcset=\"https:\/\/collies-vom-floersbachtal.de\/cms\/wp-content\/uploads\/2014\/11\/D-Wurf-7.Woche-Dreamer1-238x300.jpg 238w, https:\/\/collies-vom-floersbachtal.de\/cms\/wp-content\/uploads\/2014\/11\/D-Wurf-7.Woche-Dreamer1-813x1024.jpg 813w, https:\/\/collies-vom-floersbachtal.de\/cms\/wp-content\/uploads\/2014\/11\/D-Wurf-7.Woche-Dreamer1.jpg 1000w\" sizes=\"auto, (max-width: 238px) 100vw, 238px\" \/><\/a><strong><span style=\"color: #ff0000;\">Dreamer<\/span> am 13.01.15\u00a0 4790 g 7 Wochen alt<\/strong> <a href=\"http:\/\/collies-vom-floersbachtal.de\/cms\/wp-content\/uploads\/2014\/11\/D-Wurf-8.Woche-Dreamer-im-Garten1.jpg\"><img loading=\"lazy\" decoding=\"async\" class=\"aligncenter size-medium wp-image-11771\" title=\"D-Wurf 8.Woche Dreamer im Garten1\" src=\"http:\/\/collies-vom-floersbachtal.de\/cms\/wp-content\/uploads\/2014\/11\/D-Wurf-8.Woche-Dreamer-im-Garten1-300x207.jpg\" alt=\"\" width=\"300\" height=\"207\" srcset=\"https:\/\/collies-vom-floersbachtal.de\/cms\/wp-content\/uploads\/2014\/11\/D-Wurf-8.Woche-Dreamer-im-Garten1-300x207.jpg 300w, https:\/\/collies-vom-floersbachtal.de\/cms\/wp-content\/uploads\/2014\/11\/D-Wurf-8.Woche-Dreamer-im-Garten1.jpg 1000w\" sizes=\"auto, (max-width: 300px) 100vw, 300px\" \/><\/a><strong><span style=\"color: #ff0000;\">Dreamer<\/span> am 20.01.15\u00a0 5840 g 8 Wochen alt<\/strong><a href=\"http:\/\/collies-vom-floersbachtal.de\/cms\/wp-content\/uploads\/2014\/11\/D-Wurf-8.Woche-Dreamer-auf-der-Schaukel1.jpg\"><img loading=\"lazy\" decoding=\"async\" class=\"aligncenter size-medium wp-image-11911\" title=\"D-Wurf 8.Woche Dreamer auf der Schaukel1\" src=\"http:\/\/collies-vom-floersbachtal.de\/cms\/wp-content\/uploads\/2014\/11\/D-Wurf-8.Woche-Dreamer-auf-der-Schaukel1-300x198.jpg\" alt=\"\" width=\"300\" height=\"198\" srcset=\"https:\/\/collies-vom-floersbachtal.de\/cms\/wp-content\/uploads\/2014\/11\/D-Wurf-8.Woche-Dreamer-auf-der-Schaukel1-300x198.jpg 300w, https:\/\/collies-vom-floersbachtal.de\/cms\/wp-content\/uploads\/2014\/11\/D-Wurf-8.Woche-Dreamer-auf-der-Schaukel1.jpg 960w\" sizes=\"auto, (max-width: 300px) 100vw, 300px\" \/><\/a><strong><span style=\"color: #ff0000;\">Dreamer<\/span> am 27.01.15\u00a0\u00a0 7130 g 9 Wochen alt<\/strong> <a href=\"http:\/\/collies-vom-floersbachtal.de\/cms\/wp-content\/uploads\/2014\/11\/D-Wurf-9.Woche-Dreamer5.jpg\"><img loading=\"lazy\" decoding=\"async\" class=\"aligncenter size-medium wp-image-12146\" title=\"D-Wurf 9.Woche Dreamer5\" src=\"http:\/\/collies-vom-floersbachtal.de\/cms\/wp-content\/uploads\/2014\/11\/D-Wurf-9.Woche-Dreamer5-300x196.jpg\" alt=\"\" width=\"300\" height=\"196\" srcset=\"https:\/\/collies-vom-floersbachtal.de\/cms\/wp-content\/uploads\/2014\/11\/D-Wurf-9.Woche-Dreamer5-300x196.jpg 300w, https:\/\/collies-vom-floersbachtal.de\/cms\/wp-content\/uploads\/2014\/11\/D-Wurf-9.Woche-Dreamer5.jpg 1000w\" sizes=\"auto, (max-width: 300px) 100vw, 300px\" \/><\/a><strong><span style=\"color: #ff0000;\">Dreamer<\/span> am 04.02.15\u00a0 8390 g\u00a0 10 Wochen<\/strong><a href=\"http:\/\/collies-vom-floersbachtal.de\/cms\/wp-content\/uploads\/2014\/11\/D-Wurf-11.Woche-Dreamer2.jpg\"><img loading=\"lazy\" decoding=\"async\" class=\"aligncenter size-medium wp-image-12469\" title=\"D-Wurf 11.Woche Dreamer2\" src=\"http:\/\/collies-vom-floersbachtal.de\/cms\/wp-content\/uploads\/2014\/11\/D-Wurf-11.Woche-Dreamer2-300x253.jpg\" alt=\"\" width=\"300\" height=\"253\" srcset=\"https:\/\/collies-vom-floersbachtal.de\/cms\/wp-content\/uploads\/2014\/11\/D-Wurf-11.Woche-Dreamer2-300x253.jpg 300w, https:\/\/collies-vom-floersbachtal.de\/cms\/wp-content\/uploads\/2014\/11\/D-Wurf-11.Woche-Dreamer2.jpg 1000w\" sizes=\"auto, (max-width: 300px) 100vw, 300px\" \/><\/a><\/p>\n<p><strong><span style=\"color: #ff0000;\">3. Welpe<\/span> 17:45 Uhr, R\u00fcde sable-merle wf, Blesse, 210 g, MDR1 +\/+<\/strong><br \/>\n<strong>Gentest Merle-Faktor, Fellscheckung &#8211; PCR<\/strong><br \/>\n<strong> Merle-Faktor: Ergebnis: Genotyp: N\/M\u00a0 <span style=\"color: #ff0000;\">vergeben und ausgezogen<\/span><br \/>\n<\/strong><\/p>\n<p><a href=\"http:\/\/collies-vom-floersbachtal.de\/cms\/wp-content\/uploads\/2014\/11\/D-Wurf-R\u00fcde-Nr.3-sable-m.-gr.-Kragen1.jpg\"><img loading=\"lazy\" decoding=\"async\" class=\"aligncenter size-medium wp-image-10920\" title=\"D-Wurf R\u00fcde Nr.3 sable-m. gr. Kragen1\" src=\"http:\/\/collies-vom-floersbachtal.de\/cms\/wp-content\/uploads\/2014\/11\/D-Wurf-R\u00fcde-Nr.3-sable-m.-gr.-Kragen1-300x289.jpg\" alt=\"\" width=\"300\" height=\"289\" srcset=\"https:\/\/collies-vom-floersbachtal.de\/cms\/wp-content\/uploads\/2014\/11\/D-Wurf-R\u00fcde-Nr.3-sable-m.-gr.-Kragen1-300x289.jpg 300w, https:\/\/collies-vom-floersbachtal.de\/cms\/wp-content\/uploads\/2014\/11\/D-Wurf-R\u00fcde-Nr.3-sable-m.-gr.-Kragen1.jpg 1000w\" sizes=\"auto, (max-width: 300px) 100vw, 300px\" \/><\/a><strong><span style=\"color: #ff0000;\">Dancing Dust<\/span>, Rufname: Dusty am 02.12.14\u00a0 430 g<\/strong>\u00a0\u00a0 <strong>1 Wochen alt<\/strong><br \/>\n<a href=\"http:\/\/collies-vom-floersbachtal.de\/cms\/wp-content\/uploads\/2014\/11\/D-Wurf-R\u00fcde-2.Woche-Nr.3-sable-m.-gr.-Kragen3.jpg\"><img loading=\"lazy\" decoding=\"async\" class=\"aligncenter size-medium wp-image-11000\" title=\"D-Wurf R\u00fcde 2.Woche Nr.3 sable-m. gr. Kragen3\" src=\"http:\/\/collies-vom-floersbachtal.de\/cms\/wp-content\/uploads\/2014\/11\/D-Wurf-R\u00fcde-2.Woche-Nr.3-sable-m.-gr.-Kragen3-250x300.jpg\" alt=\"\" width=\"250\" height=\"300\" srcset=\"https:\/\/collies-vom-floersbachtal.de\/cms\/wp-content\/uploads\/2014\/11\/D-Wurf-R\u00fcde-2.Woche-Nr.3-sable-m.-gr.-Kragen3-250x300.jpg 250w, https:\/\/collies-vom-floersbachtal.de\/cms\/wp-content\/uploads\/2014\/11\/D-Wurf-R\u00fcde-2.Woche-Nr.3-sable-m.-gr.-Kragen3-854x1024.jpg 854w, https:\/\/collies-vom-floersbachtal.de\/cms\/wp-content\/uploads\/2014\/11\/D-Wurf-R\u00fcde-2.Woche-Nr.3-sable-m.-gr.-Kragen3.jpg 1000w\" sizes=\"auto, (max-width: 250px) 100vw, 250px\" \/><\/a><br \/>\n<strong><span style=\"color: #ff0000;\">Dusty<\/span> am 09.12.14\u00a0 720 g schwer\u00a0\u00a0 2 Wochen alt<\/strong><a href=\"http:\/\/collies-vom-floersbachtal.de\/cms\/wp-content\/uploads\/2014\/11\/D-Wurf-3.Woche-Dusty1.jpg\"><img loading=\"lazy\" decoding=\"async\" class=\"aligncenter size-medium wp-image-11136\" title=\"D-Wurf 3.Woche Dusty1\" src=\"http:\/\/collies-vom-floersbachtal.de\/cms\/wp-content\/uploads\/2014\/11\/D-Wurf-3.Woche-Dusty1-300x165.jpg\" alt=\"\" width=\"300\" height=\"165\" srcset=\"https:\/\/collies-vom-floersbachtal.de\/cms\/wp-content\/uploads\/2014\/11\/D-Wurf-3.Woche-Dusty1-300x165.jpg 300w, https:\/\/collies-vom-floersbachtal.de\/cms\/wp-content\/uploads\/2014\/11\/D-Wurf-3.Woche-Dusty1.jpg 1000w\" sizes=\"auto, (max-width: 300px) 100vw, 300px\" \/><\/a><span style=\"color: #ff0000;\">Dusty<\/span> <strong>am 16.12.14 1220 g<\/strong>\u00a0 <strong>3 Wochen alt<\/strong><br \/>\n<a href=\"http:\/\/collies-vom-floersbachtal.de\/cms\/wp-content\/uploads\/2014\/11\/D-wurf-4.Woche-Dusty2.jpg\"><img loading=\"lazy\" decoding=\"async\" class=\"aligncenter size-medium wp-image-11271\" title=\"D-wurf 4.Woche Dusty2\" src=\"http:\/\/collies-vom-floersbachtal.de\/cms\/wp-content\/uploads\/2014\/11\/D-wurf-4.Woche-Dusty2-291x300.jpg\" alt=\"\" width=\"291\" height=\"300\" srcset=\"https:\/\/collies-vom-floersbachtal.de\/cms\/wp-content\/uploads\/2014\/11\/D-wurf-4.Woche-Dusty2-291x300.jpg 291w, https:\/\/collies-vom-floersbachtal.de\/cms\/wp-content\/uploads\/2014\/11\/D-wurf-4.Woche-Dusty2-996x1024.jpg 996w, https:\/\/collies-vom-floersbachtal.de\/cms\/wp-content\/uploads\/2014\/11\/D-wurf-4.Woche-Dusty2.jpg 1000w\" sizes=\"auto, (max-width: 291px) 100vw, 291px\" \/><\/a><strong><span style=\"color: #ff0000;\">Dusty<\/span> am 23.12.14\u00a0 1780 g\u00a0 4 Wochen alt<\/strong><a href=\"http:\/\/collies-vom-floersbachtal.de\/cms\/wp-content\/uploads\/2014\/11\/D-Wurf-5.Woche-Dusty2.jpg\"><img loading=\"lazy\" decoding=\"async\" class=\"aligncenter size-medium wp-image-11383\" title=\"D-Wurf 5.Woche Dusty2\" src=\"http:\/\/collies-vom-floersbachtal.de\/cms\/wp-content\/uploads\/2014\/11\/D-Wurf-5.Woche-Dusty2-300x171.jpg\" alt=\"\" width=\"300\" height=\"171\" srcset=\"https:\/\/collies-vom-floersbachtal.de\/cms\/wp-content\/uploads\/2014\/11\/D-Wurf-5.Woche-Dusty2-300x171.jpg 300w, https:\/\/collies-vom-floersbachtal.de\/cms\/wp-content\/uploads\/2014\/11\/D-Wurf-5.Woche-Dusty2.jpg 1000w\" sizes=\"auto, (max-width: 300px) 100vw, 300px\" \/><\/a><strong><span style=\"color: #ff0000;\">Dusty<\/span> am 31.12.14\u00a0 2760 g\u00a0 5 Wochen alt<\/strong> <a href=\"http:\/\/collies-vom-floersbachtal.de\/cms\/wp-content\/uploads\/2014\/11\/D-Wurf-6.Woche-Dusty2.jpg\"><img loading=\"lazy\" decoding=\"async\" class=\"aligncenter size-medium wp-image-11519\" title=\"D-Wurf 6.Woche Dusty2\" src=\"http:\/\/collies-vom-floersbachtal.de\/cms\/wp-content\/uploads\/2014\/11\/D-Wurf-6.Woche-Dusty2-269x300.jpg\" alt=\"\" width=\"269\" height=\"300\" srcset=\"https:\/\/collies-vom-floersbachtal.de\/cms\/wp-content\/uploads\/2014\/11\/D-Wurf-6.Woche-Dusty2-269x300.jpg 269w, https:\/\/collies-vom-floersbachtal.de\/cms\/wp-content\/uploads\/2014\/11\/D-Wurf-6.Woche-Dusty2-920x1024.jpg 920w, https:\/\/collies-vom-floersbachtal.de\/cms\/wp-content\/uploads\/2014\/11\/D-Wurf-6.Woche-Dusty2.jpg 1000w\" sizes=\"auto, (max-width: 269px) 100vw, 269px\" \/><\/a><strong><span style=\"color: #ff0000;\">Dusty<\/span> am 07.01.15\u00a0 3580 g\u00a0 6 Wochen alt<\/strong><a href=\"http:\/\/collies-vom-floersbachtal.de\/cms\/wp-content\/uploads\/2014\/11\/D-Wurf-7.Woche-Dusty1.jpg\"><img loading=\"lazy\" decoding=\"async\" class=\"aligncenter size-medium wp-image-11625\" title=\"D-Wurf 7.Woche Dusty1\" src=\"http:\/\/collies-vom-floersbachtal.de\/cms\/wp-content\/uploads\/2014\/11\/D-Wurf-7.Woche-Dusty1-270x300.jpg\" alt=\"\" width=\"270\" height=\"300\" srcset=\"https:\/\/collies-vom-floersbachtal.de\/cms\/wp-content\/uploads\/2014\/11\/D-Wurf-7.Woche-Dusty1-270x300.jpg 270w, https:\/\/collies-vom-floersbachtal.de\/cms\/wp-content\/uploads\/2014\/11\/D-Wurf-7.Woche-Dusty1-921x1024.jpg 921w, https:\/\/collies-vom-floersbachtal.de\/cms\/wp-content\/uploads\/2014\/11\/D-Wurf-7.Woche-Dusty1.jpg 1000w\" sizes=\"auto, (max-width: 270px) 100vw, 270px\" \/><\/a><strong><span style=\"color: #ff0000;\">Dusty<\/span> am 13.01.15\u00a0 4540 g 7 Wochen alt<\/strong> <a href=\"http:\/\/collies-vom-floersbachtal.de\/cms\/wp-content\/uploads\/2014\/11\/D-Wurf-8.Woche-Dusty1.jpg\"><img loading=\"lazy\" decoding=\"async\" class=\"aligncenter size-medium wp-image-11772\" title=\"D-Wurf 8.Woche Dusty1\" src=\"http:\/\/collies-vom-floersbachtal.de\/cms\/wp-content\/uploads\/2014\/11\/D-Wurf-8.Woche-Dusty1-282x300.jpg\" alt=\"\" width=\"282\" height=\"300\" srcset=\"https:\/\/collies-vom-floersbachtal.de\/cms\/wp-content\/uploads\/2014\/11\/D-Wurf-8.Woche-Dusty1-282x300.jpg 282w, https:\/\/collies-vom-floersbachtal.de\/cms\/wp-content\/uploads\/2014\/11\/D-Wurf-8.Woche-Dusty1-963x1024.jpg 963w, https:\/\/collies-vom-floersbachtal.de\/cms\/wp-content\/uploads\/2014\/11\/D-Wurf-8.Woche-Dusty1.jpg 1000w\" sizes=\"auto, (max-width: 282px) 100vw, 282px\" \/><\/a><strong><span style=\"color: #ff0000;\">Dusty<\/span> am 20.01.15\u00a0 5520 g 8 Wochen alt<\/strong><a href=\"http:\/\/collies-vom-floersbachtal.de\/cms\/wp-content\/uploads\/2014\/11\/D-Wurf-8.Woche-Dusty2.jpg\"><img loading=\"lazy\" decoding=\"async\" class=\"aligncenter size-medium wp-image-11912\" title=\"D-Wurf 8.Woche Dusty2\" src=\"http:\/\/collies-vom-floersbachtal.de\/cms\/wp-content\/uploads\/2014\/11\/D-Wurf-8.Woche-Dusty2-300x279.jpg\" alt=\"\" width=\"300\" height=\"279\" srcset=\"https:\/\/collies-vom-floersbachtal.de\/cms\/wp-content\/uploads\/2014\/11\/D-Wurf-8.Woche-Dusty2-300x279.jpg 300w, https:\/\/collies-vom-floersbachtal.de\/cms\/wp-content\/uploads\/2014\/11\/D-Wurf-8.Woche-Dusty2.jpg 1000w\" sizes=\"auto, (max-width: 300px) 100vw, 300px\" \/><\/a><strong><span style=\"color: #ff0000;\">Dusty<\/span>\u00a0 am 27.01.15\u00a0 6900 g 9 Wochen alt<\/strong> <a href=\"http:\/\/collies-vom-floersbachtal.de\/cms\/wp-content\/uploads\/2014\/11\/D-Wurf-9.Woche-Dusty5.jpg\"><img loading=\"lazy\" decoding=\"async\" class=\"aligncenter size-medium wp-image-12147\" title=\"D-Wurf 9.Woche Dusty5\" src=\"http:\/\/collies-vom-floersbachtal.de\/cms\/wp-content\/uploads\/2014\/11\/D-Wurf-9.Woche-Dusty5-300x168.jpg\" alt=\"\" width=\"300\" height=\"168\" srcset=\"https:\/\/collies-vom-floersbachtal.de\/cms\/wp-content\/uploads\/2014\/11\/D-Wurf-9.Woche-Dusty5-300x168.jpg 300w, https:\/\/collies-vom-floersbachtal.de\/cms\/wp-content\/uploads\/2014\/11\/D-Wurf-9.Woche-Dusty5.jpg 1000w\" sizes=\"auto, (max-width: 300px) 100vw, 300px\" \/><\/a><\/p>\n<p><strong><span style=\"color: #ff0000;\">4. Welpe<\/span> 18:12 Uhr, R\u00fcde sable-merle,\u00a0 260 g<\/strong>, <strong>MDR1 +\/-<\/strong><br \/>\n<strong>Gentest Merle-Faktor, Fellscheckung &#8211; PCR Merle-Faktor: Ergebnis: Genotyp: N\/M, <span style=\"color: #ff0000;\">vergeben Auszug am 07.02.15<\/span><\/strong> <a href=\"http:\/\/collies-vom-floersbachtal.de\/cms\/wp-content\/uploads\/2014\/11\/D-Wurf-R\u00fcde-Nr.4-sable-m.-Strich-auf-Stirn1.jpg\"><img loading=\"lazy\" decoding=\"async\" class=\"aligncenter size-medium wp-image-10922\" title=\"D-Wurf R\u00fcde Nr.4 sable-m. Strich auf Stirn1\" src=\"http:\/\/collies-vom-floersbachtal.de\/cms\/wp-content\/uploads\/2014\/11\/D-Wurf-R\u00fcde-Nr.4-sable-m.-Strich-auf-Stirn1-300x241.jpg\" alt=\"\" width=\"300\" height=\"241\" srcset=\"https:\/\/collies-vom-floersbachtal.de\/cms\/wp-content\/uploads\/2014\/11\/D-Wurf-R\u00fcde-Nr.4-sable-m.-Strich-auf-Stirn1-300x241.jpg 300w, https:\/\/collies-vom-floersbachtal.de\/cms\/wp-content\/uploads\/2014\/11\/D-Wurf-R\u00fcde-Nr.4-sable-m.-Strich-auf-Stirn1.jpg 1000w\" sizes=\"auto, (max-width: 300px) 100vw, 300px\" \/><\/a><strong><span style=\"color: #ff0000;\">Dragonheart<\/span>, Rufname: Dragon am 02.12.14\u00a0 460 g<\/strong>\u00a0<strong> 1 Woche alt<\/strong><br \/>\n<a href=\"http:\/\/collies-vom-floersbachtal.de\/cms\/wp-content\/uploads\/2014\/11\/D-Wurf-R\u00fcde-2.Woche-Nr.4-sable-m.-Strich-auf-Stirn1.jpg\"><img loading=\"lazy\" decoding=\"async\" class=\"aligncenter size-medium wp-image-11001\" title=\"D-Wurf R\u00fcde 2.Woche Nr.4 sable-m. Strich auf Stirn1\" src=\"http:\/\/collies-vom-floersbachtal.de\/cms\/wp-content\/uploads\/2014\/11\/D-Wurf-R\u00fcde-2.Woche-Nr.4-sable-m.-Strich-auf-Stirn1-201x300.jpg\" alt=\"\" width=\"201\" height=\"300\" srcset=\"https:\/\/collies-vom-floersbachtal.de\/cms\/wp-content\/uploads\/2014\/11\/D-Wurf-R\u00fcde-2.Woche-Nr.4-sable-m.-Strich-auf-Stirn1-201x300.jpg 201w, https:\/\/collies-vom-floersbachtal.de\/cms\/wp-content\/uploads\/2014\/11\/D-Wurf-R\u00fcde-2.Woche-Nr.4-sable-m.-Strich-auf-Stirn1-687x1024.jpg 687w, https:\/\/collies-vom-floersbachtal.de\/cms\/wp-content\/uploads\/2014\/11\/D-Wurf-R\u00fcde-2.Woche-Nr.4-sable-m.-Strich-auf-Stirn1.jpg 1000w\" sizes=\"auto, (max-width: 201px) 100vw, 201px\" \/><\/a><br \/>\n<strong><span style=\"color: #ff0000;\">Dragon<\/span> am 09.12.14\u00a0 730 g schwer\u00a0 2 Wochen alt<\/strong> <a href=\"http:\/\/collies-vom-floersbachtal.de\/cms\/wp-content\/uploads\/2014\/11\/D-Wurf-3.Woche-Dragon1.jpg\"><img loading=\"lazy\" decoding=\"async\" class=\"aligncenter size-medium wp-image-11137\" title=\"D-Wurf 3.Woche Dragon1\" src=\"http:\/\/collies-vom-floersbachtal.de\/cms\/wp-content\/uploads\/2014\/11\/D-Wurf-3.Woche-Dragon1-300x176.jpg\" alt=\"\" width=\"300\" height=\"176\" srcset=\"https:\/\/collies-vom-floersbachtal.de\/cms\/wp-content\/uploads\/2014\/11\/D-Wurf-3.Woche-Dragon1-300x176.jpg 300w, https:\/\/collies-vom-floersbachtal.de\/cms\/wp-content\/uploads\/2014\/11\/D-Wurf-3.Woche-Dragon1.jpg 1000w\" sizes=\"auto, (max-width: 300px) 100vw, 300px\" \/><\/a><span style=\"color: #ff0000;\">Dragon<\/span> <strong>am 16.12.14 1170 g<\/strong>\u00a0\u00a0<strong> 3 Wochen alt<\/strong><br \/>\n<a href=\"http:\/\/collies-vom-floersbachtal.de\/cms\/wp-content\/uploads\/2014\/11\/D-Wurf-4.Woche-Dragon1.jpg\"><img loading=\"lazy\" decoding=\"async\" class=\"aligncenter size-medium wp-image-11272\" title=\"D-Wurf 4.Woche Dragon1\" src=\"http:\/\/collies-vom-floersbachtal.de\/cms\/wp-content\/uploads\/2014\/11\/D-Wurf-4.Woche-Dragon1-300x225.jpg\" alt=\"\" width=\"300\" height=\"225\" srcset=\"https:\/\/collies-vom-floersbachtal.de\/cms\/wp-content\/uploads\/2014\/11\/D-Wurf-4.Woche-Dragon1-300x225.jpg 300w, https:\/\/collies-vom-floersbachtal.de\/cms\/wp-content\/uploads\/2014\/11\/D-Wurf-4.Woche-Dragon1.jpg 1000w\" sizes=\"auto, (max-width: 300px) 100vw, 300px\" \/><\/a><strong><span style=\"color: #ff0000;\">Dragon<\/span> am 23.12.14\u00a0 1690 g\u00a0 4 Wochen alt<\/strong> <a href=\"http:\/\/collies-vom-floersbachtal.de\/cms\/wp-content\/uploads\/2014\/11\/D-wurf-5.Woche-Dragon3.jpg\"><img loading=\"lazy\" decoding=\"async\" class=\"aligncenter size-medium wp-image-11384\" title=\"D-wurf 5.Woche Dragon3\" src=\"http:\/\/collies-vom-floersbachtal.de\/cms\/wp-content\/uploads\/2014\/11\/D-wurf-5.Woche-Dragon3-300x277.jpg\" alt=\"\" width=\"300\" height=\"277\" srcset=\"https:\/\/collies-vom-floersbachtal.de\/cms\/wp-content\/uploads\/2014\/11\/D-wurf-5.Woche-Dragon3-300x277.jpg 300w, https:\/\/collies-vom-floersbachtal.de\/cms\/wp-content\/uploads\/2014\/11\/D-wurf-5.Woche-Dragon3.jpg 1000w\" sizes=\"auto, (max-width: 300px) 100vw, 300px\" \/><\/a><strong><span style=\"color: #ff0000;\">Dragon<\/span> am 31.12.14\u00a0\u00a0 2450 g\u00a0\u00a0 5 Wochen alt<\/strong><a href=\"http:\/\/collies-vom-floersbachtal.de\/cms\/wp-content\/uploads\/2014\/11\/D-Wurf-6.Woche-Dragon1.jpg\"><img loading=\"lazy\" decoding=\"async\" class=\"aligncenter size-medium wp-image-11520\" title=\"D-Wurf 6.Woche Dragon1\" src=\"http:\/\/collies-vom-floersbachtal.de\/cms\/wp-content\/uploads\/2014\/11\/D-Wurf-6.Woche-Dragon1-190x300.jpg\" alt=\"\" width=\"190\" height=\"300\" srcset=\"https:\/\/collies-vom-floersbachtal.de\/cms\/wp-content\/uploads\/2014\/11\/D-Wurf-6.Woche-Dragon1-190x300.jpg 190w, https:\/\/collies-vom-floersbachtal.de\/cms\/wp-content\/uploads\/2014\/11\/D-Wurf-6.Woche-Dragon1-650x1024.jpg 650w, https:\/\/collies-vom-floersbachtal.de\/cms\/wp-content\/uploads\/2014\/11\/D-Wurf-6.Woche-Dragon1.jpg 1000w\" sizes=\"auto, (max-width: 190px) 100vw, 190px\" \/><\/a><strong><span style=\"color: #ff0000;\">Dragon<\/span> am 07.01.15\u00a0 3360 g\u00a0\u00a0 6 Wochen alt<\/strong><a href=\"http:\/\/collies-vom-floersbachtal.de\/cms\/wp-content\/uploads\/2014\/11\/D-Wurf-7.Woche-Dragon1.jpg\"><img loading=\"lazy\" decoding=\"async\" class=\"aligncenter size-medium wp-image-11626\" title=\"D-Wurf 7.Woche Dragon1\" src=\"http:\/\/collies-vom-floersbachtal.de\/cms\/wp-content\/uploads\/2014\/11\/D-Wurf-7.Woche-Dragon1-279x300.jpg\" alt=\"\" width=\"279\" height=\"300\" srcset=\"https:\/\/collies-vom-floersbachtal.de\/cms\/wp-content\/uploads\/2014\/11\/D-Wurf-7.Woche-Dragon1-279x300.jpg 279w, https:\/\/collies-vom-floersbachtal.de\/cms\/wp-content\/uploads\/2014\/11\/D-Wurf-7.Woche-Dragon1-952x1024.jpg 952w, https:\/\/collies-vom-floersbachtal.de\/cms\/wp-content\/uploads\/2014\/11\/D-Wurf-7.Woche-Dragon1.jpg 1000w\" sizes=\"auto, (max-width: 279px) 100vw, 279px\" \/><\/a><strong><span style=\"color: #ff0000;\">Dragon<\/span> am 13.01.15\u00a0 4220 g 7 Wochen alt<\/strong> <a href=\"http:\/\/collies-vom-floersbachtal.de\/cms\/wp-content\/uploads\/2014\/11\/D-Wurf-8.Woche-Dragon-im-Garten1.jpg\"><img loading=\"lazy\" decoding=\"async\" class=\"aligncenter size-medium wp-image-11773\" title=\"D-Wurf 8.Woche Dragon im Garten1\" src=\"http:\/\/collies-vom-floersbachtal.de\/cms\/wp-content\/uploads\/2014\/11\/D-Wurf-8.Woche-Dragon-im-Garten1-244x300.jpg\" alt=\"\" width=\"244\" height=\"300\" srcset=\"https:\/\/collies-vom-floersbachtal.de\/cms\/wp-content\/uploads\/2014\/11\/D-Wurf-8.Woche-Dragon-im-Garten1-244x300.jpg 244w, https:\/\/collies-vom-floersbachtal.de\/cms\/wp-content\/uploads\/2014\/11\/D-Wurf-8.Woche-Dragon-im-Garten1-835x1024.jpg 835w, https:\/\/collies-vom-floersbachtal.de\/cms\/wp-content\/uploads\/2014\/11\/D-Wurf-8.Woche-Dragon-im-Garten1.jpg 1000w\" sizes=\"auto, (max-width: 244px) 100vw, 244px\" \/><\/a><strong><span style=\"color: #ff0000;\">Dragon<\/span> am 20.01.15\u00a0 5210 g 8 Wochen alt<\/strong><a href=\"http:\/\/collies-vom-floersbachtal.de\/cms\/wp-content\/uploads\/2014\/11\/D-Wurf-8.Woche-Dragon1.jpg\"><img loading=\"lazy\" decoding=\"async\" class=\"aligncenter size-medium wp-image-11913\" title=\"D-Wurf 8.Woche  Dragon1\" src=\"http:\/\/collies-vom-floersbachtal.de\/cms\/wp-content\/uploads\/2014\/11\/D-Wurf-8.Woche-Dragon1-300x276.jpg\" alt=\"\" width=\"300\" height=\"276\" srcset=\"https:\/\/collies-vom-floersbachtal.de\/cms\/wp-content\/uploads\/2014\/11\/D-Wurf-8.Woche-Dragon1-300x276.jpg 300w, https:\/\/collies-vom-floersbachtal.de\/cms\/wp-content\/uploads\/2014\/11\/D-Wurf-8.Woche-Dragon1.jpg 576w\" sizes=\"auto, (max-width: 300px) 100vw, 300px\" \/><\/a><strong><span style=\"color: #ff0000;\">Dragon<\/span>\u00a0 am 27.01.15\u00a0 6400 g 9 Wochen alt<\/strong> <a href=\"http:\/\/collies-vom-floersbachtal.de\/cms\/wp-content\/uploads\/2014\/11\/D-Wurf-9.Woche-Dragon4.jpg\"><img loading=\"lazy\" decoding=\"async\" class=\"aligncenter size-medium wp-image-12148\" title=\"D-Wurf 9.Woche Dragon4\" src=\"http:\/\/collies-vom-floersbachtal.de\/cms\/wp-content\/uploads\/2014\/11\/D-Wurf-9.Woche-Dragon4-300x200.jpg\" alt=\"\" width=\"300\" height=\"200\" srcset=\"https:\/\/collies-vom-floersbachtal.de\/cms\/wp-content\/uploads\/2014\/11\/D-Wurf-9.Woche-Dragon4-300x200.jpg 300w, https:\/\/collies-vom-floersbachtal.de\/cms\/wp-content\/uploads\/2014\/11\/D-Wurf-9.Woche-Dragon4.jpg 1000w\" sizes=\"auto, (max-width: 300px) 100vw, 300px\" \/><\/a><strong><span style=\"color: #ff0000;\">Dragon<\/span> am 04.02.15\u00a0 7500 g\u00a0 10 Wochen alt<\/strong><a href=\"http:\/\/collies-vom-floersbachtal.de\/cms\/wp-content\/uploads\/2014\/11\/D-Wurf-10.Woche-nachts-Gassi21.jpg\"><img loading=\"lazy\" decoding=\"async\" class=\"aligncenter size-medium wp-image-12456\" title=\"D-Wurf 10.Woche nachts Gassi2\" src=\"http:\/\/collies-vom-floersbachtal.de\/cms\/wp-content\/uploads\/2014\/11\/D-Wurf-10.Woche-nachts-Gassi21-264x300.jpg\" alt=\"\" width=\"264\" height=\"300\" srcset=\"https:\/\/collies-vom-floersbachtal.de\/cms\/wp-content\/uploads\/2014\/11\/D-Wurf-10.Woche-nachts-Gassi21-264x300.jpg 264w, https:\/\/collies-vom-floersbachtal.de\/cms\/wp-content\/uploads\/2014\/11\/D-Wurf-10.Woche-nachts-Gassi21-903x1024.jpg 903w, https:\/\/collies-vom-floersbachtal.de\/cms\/wp-content\/uploads\/2014\/11\/D-Wurf-10.Woche-nachts-Gassi21.jpg 1000w\" sizes=\"auto, (max-width: 264px) 100vw, 264px\" \/><\/a>Der rechts hinter mir ist Dragon, sieht man doch \ud83d\ude09<\/p>\n<p><strong><span style=\"color: #ff0000;\">5. Welpe<\/span> 18:39 Uhr, H\u00fcndin dark-sable, wf,\u00a0 250 g<\/strong>,<strong> MDR1 +\/-,<\/strong> <strong>kein Merle Faktor <strong><strong>Gentest Merle-Faktor, Fellscheckung &#8211; PCR Merle-Faktor: Ergebnis: Genotyp: N\/N , <span style=\"color: #ff0000;\">vergeben<\/span><br \/>\n<\/strong><\/strong><\/strong><\/p>\n<p><a href=\"http:\/\/collies-vom-floersbachtal.de\/cms\/wp-content\/uploads\/2014\/11\/D-Wurf-H\u00fcndin-Nr.5-dark-sable2.jpg\"><img loading=\"lazy\" decoding=\"async\" class=\"aligncenter size-medium wp-image-10925\" title=\"D-Wurf H\u00fcndin Nr.5 dark-sable2\" src=\"http:\/\/collies-vom-floersbachtal.de\/cms\/wp-content\/uploads\/2014\/11\/D-Wurf-H\u00fcndin-Nr.5-dark-sable2-300x285.jpg\" alt=\"\" width=\"300\" height=\"285\" srcset=\"https:\/\/collies-vom-floersbachtal.de\/cms\/wp-content\/uploads\/2014\/11\/D-Wurf-H\u00fcndin-Nr.5-dark-sable2-300x285.jpg 300w, https:\/\/collies-vom-floersbachtal.de\/cms\/wp-content\/uploads\/2014\/11\/D-Wurf-H\u00fcndin-Nr.5-dark-sable2.jpg 1000w\" sizes=\"auto, (max-width: 300px) 100vw, 300px\" \/><\/a><strong><span style=\"color: #ff0000;\">Destiny\u00b4s Child<\/span>, Rufname: Destiny am 02.12.14 460 g<\/strong>\u00a0<strong> 1 Woche alt<\/strong><br \/>\n<a href=\"http:\/\/collies-vom-floersbachtal.de\/cms\/wp-content\/uploads\/2014\/11\/D-Wurf-H\u00fcndin2.-Woche-Nr.5-dark-sable2.jpg\"><img loading=\"lazy\" decoding=\"async\" class=\"aligncenter size-medium wp-image-11002\" title=\"D-Wurf H\u00fcndin2. Woche Nr.5 dark-sable2\" src=\"http:\/\/collies-vom-floersbachtal.de\/cms\/wp-content\/uploads\/2014\/11\/D-Wurf-H\u00fcndin2.-Woche-Nr.5-dark-sable2-227x300.jpg\" alt=\"\" width=\"227\" height=\"300\" srcset=\"https:\/\/collies-vom-floersbachtal.de\/cms\/wp-content\/uploads\/2014\/11\/D-Wurf-H\u00fcndin2.-Woche-Nr.5-dark-sable2-227x300.jpg 227w, https:\/\/collies-vom-floersbachtal.de\/cms\/wp-content\/uploads\/2014\/11\/D-Wurf-H\u00fcndin2.-Woche-Nr.5-dark-sable2-776x1024.jpg 776w, https:\/\/collies-vom-floersbachtal.de\/cms\/wp-content\/uploads\/2014\/11\/D-Wurf-H\u00fcndin2.-Woche-Nr.5-dark-sable2.jpg 1000w\" sizes=\"auto, (max-width: 227px) 100vw, 227px\" \/><\/a><br \/>\n<span style=\"color: #ff0000;\">Destiny<\/span> <strong>am 09.12.14\u00a0 830 g schwer\u00a0 2 Wochen alt<\/strong><a href=\"http:\/\/collies-vom-floersbachtal.de\/cms\/wp-content\/uploads\/2014\/11\/D-Wurf-3.Woche-Destiny1.jpg\"><img loading=\"lazy\" decoding=\"async\" class=\"aligncenter size-medium wp-image-11138\" title=\"D-Wurf 3.Woche Destiny1\" src=\"http:\/\/collies-vom-floersbachtal.de\/cms\/wp-content\/uploads\/2014\/11\/D-Wurf-3.Woche-Destiny1-300x260.jpg\" alt=\"\" width=\"300\" height=\"260\" srcset=\"https:\/\/collies-vom-floersbachtal.de\/cms\/wp-content\/uploads\/2014\/11\/D-Wurf-3.Woche-Destiny1-300x260.jpg 300w, https:\/\/collies-vom-floersbachtal.de\/cms\/wp-content\/uploads\/2014\/11\/D-Wurf-3.Woche-Destiny1.jpg 1000w\" sizes=\"auto, (max-width: 300px) 100vw, 300px\" \/><\/a><span style=\"color: #ff0000;\">Destiny<\/span> <strong>am 16.12.14 1260 g<\/strong>\u00a0<strong> 3 Wochen alt<\/strong><br \/>\n<a href=\"http:\/\/collies-vom-floersbachtal.de\/cms\/wp-content\/uploads\/2014\/11\/D-Wurf-4.Woche-Destiny1.jpg\"><img loading=\"lazy\" decoding=\"async\" class=\"aligncenter size-medium wp-image-11273\" title=\"D-Wurf 4.Woche Destiny1\" src=\"http:\/\/collies-vom-floersbachtal.de\/cms\/wp-content\/uploads\/2014\/11\/D-Wurf-4.Woche-Destiny1-300x219.jpg\" alt=\"\" width=\"300\" height=\"219\" srcset=\"https:\/\/collies-vom-floersbachtal.de\/cms\/wp-content\/uploads\/2014\/11\/D-Wurf-4.Woche-Destiny1-300x219.jpg 300w, https:\/\/collies-vom-floersbachtal.de\/cms\/wp-content\/uploads\/2014\/11\/D-Wurf-4.Woche-Destiny1.jpg 1000w\" sizes=\"auto, (max-width: 300px) 100vw, 300px\" \/><\/a><strong><span style=\"color: #ff0000;\"> Destiny <\/span>am 23.12.14\u00a0 1820 g\u00a0 4 Wochen alt<\/strong><a href=\"http:\/\/collies-vom-floersbachtal.de\/cms\/wp-content\/uploads\/2014\/11\/D-Wurf-5.Woche-Destiny1.jpg\"><img loading=\"lazy\" decoding=\"async\" class=\"aligncenter size-medium wp-image-11385\" title=\"D-Wurf 5.Woche Destiny1\" src=\"http:\/\/collies-vom-floersbachtal.de\/cms\/wp-content\/uploads\/2014\/11\/D-Wurf-5.Woche-Destiny1-251x300.jpg\" alt=\"\" width=\"251\" height=\"300\" srcset=\"https:\/\/collies-vom-floersbachtal.de\/cms\/wp-content\/uploads\/2014\/11\/D-Wurf-5.Woche-Destiny1-251x300.jpg 251w, https:\/\/collies-vom-floersbachtal.de\/cms\/wp-content\/uploads\/2014\/11\/D-Wurf-5.Woche-Destiny1-858x1024.jpg 858w, https:\/\/collies-vom-floersbachtal.de\/cms\/wp-content\/uploads\/2014\/11\/D-Wurf-5.Woche-Destiny1.jpg 1000w\" sizes=\"auto, (max-width: 251px) 100vw, 251px\" \/><\/a><strong><span style=\"color: #ff0000;\">Destiny<\/span> am 31.12.14\u00a0\u00a0 2500 g\u00a0 5 Wochen alt<\/strong> <a href=\"http:\/\/collies-vom-floersbachtal.de\/cms\/wp-content\/uploads\/2014\/11\/D-Wurf-6.Woche-Destiny2.jpg\"><img loading=\"lazy\" decoding=\"async\" class=\"aligncenter size-medium wp-image-11521\" title=\"D-Wurf 6.Woche Destiny2\" src=\"http:\/\/collies-vom-floersbachtal.de\/cms\/wp-content\/uploads\/2014\/11\/D-Wurf-6.Woche-Destiny2-237x300.jpg\" alt=\"\" width=\"237\" height=\"300\" srcset=\"https:\/\/collies-vom-floersbachtal.de\/cms\/wp-content\/uploads\/2014\/11\/D-Wurf-6.Woche-Destiny2-237x300.jpg 237w, https:\/\/collies-vom-floersbachtal.de\/cms\/wp-content\/uploads\/2014\/11\/D-Wurf-6.Woche-Destiny2-809x1024.jpg 809w, https:\/\/collies-vom-floersbachtal.de\/cms\/wp-content\/uploads\/2014\/11\/D-Wurf-6.Woche-Destiny2.jpg 1000w\" sizes=\"auto, (max-width: 237px) 100vw, 237px\" \/><\/a><strong><span style=\"color: #ff0000;\">Destiny<\/span>\u00a0 am 07.01.15\u00a0 3650 g 6 Wochen alt<\/strong><a href=\"http:\/\/collies-vom-floersbachtal.de\/cms\/wp-content\/uploads\/2014\/11\/D-Wurf-7.Woche-Destiny1.jpg\"><img loading=\"lazy\" decoding=\"async\" class=\"aligncenter size-medium wp-image-11627\" title=\"D-Wurf 7.Woche Destiny1\" src=\"http:\/\/collies-vom-floersbachtal.de\/cms\/wp-content\/uploads\/2014\/11\/D-Wurf-7.Woche-Destiny1-300x279.jpg\" alt=\"\" width=\"300\" height=\"279\" srcset=\"https:\/\/collies-vom-floersbachtal.de\/cms\/wp-content\/uploads\/2014\/11\/D-Wurf-7.Woche-Destiny1-300x279.jpg 300w, https:\/\/collies-vom-floersbachtal.de\/cms\/wp-content\/uploads\/2014\/11\/D-Wurf-7.Woche-Destiny1.jpg 1000w\" sizes=\"auto, (max-width: 300px) 100vw, 300px\" \/><\/a><strong><span style=\"color: #ff0000;\">Destiny<\/span> am 13.01.15\u00a0 4530 g 7 Wochen alt<\/strong> <a href=\"http:\/\/collies-vom-floersbachtal.de\/cms\/wp-content\/uploads\/2014\/11\/D-Wurf-8.Woche-Destiny1.jpg\"><img loading=\"lazy\" decoding=\"async\" class=\"aligncenter size-medium wp-image-11774\" title=\"D-Wurf 8.Woche Destiny1\" src=\"http:\/\/collies-vom-floersbachtal.de\/cms\/wp-content\/uploads\/2014\/11\/D-Wurf-8.Woche-Destiny1-259x300.jpg\" alt=\"\" width=\"259\" height=\"300\" srcset=\"https:\/\/collies-vom-floersbachtal.de\/cms\/wp-content\/uploads\/2014\/11\/D-Wurf-8.Woche-Destiny1-259x300.jpg 259w, https:\/\/collies-vom-floersbachtal.de\/cms\/wp-content\/uploads\/2014\/11\/D-Wurf-8.Woche-Destiny1-885x1024.jpg 885w, https:\/\/collies-vom-floersbachtal.de\/cms\/wp-content\/uploads\/2014\/11\/D-Wurf-8.Woche-Destiny1.jpg 1000w\" sizes=\"auto, (max-width: 259px) 100vw, 259px\" \/><\/a><strong><span style=\"color: #ff0000;\">Destiny<\/span> am 20.01.15\u00a0 5410 g\u00a0 8 Wochen alt<\/strong><a href=\"http:\/\/collies-vom-floersbachtal.de\/cms\/wp-content\/uploads\/2014\/11\/D-Wurf-8.Woche-Destiny3.jpg\"><img loading=\"lazy\" decoding=\"async\" class=\"aligncenter size-medium wp-image-11917\" title=\"D-Wurf 8.Woche Destiny3\" src=\"http:\/\/collies-vom-floersbachtal.de\/cms\/wp-content\/uploads\/2014\/11\/D-Wurf-8.Woche-Destiny3-300x279.jpg\" alt=\"\" width=\"300\" height=\"279\" srcset=\"https:\/\/collies-vom-floersbachtal.de\/cms\/wp-content\/uploads\/2014\/11\/D-Wurf-8.Woche-Destiny3-300x279.jpg 300w, https:\/\/collies-vom-floersbachtal.de\/cms\/wp-content\/uploads\/2014\/11\/D-Wurf-8.Woche-Destiny3.jpg 467w\" sizes=\"auto, (max-width: 300px) 100vw, 300px\" \/><\/a><strong><span style=\"color: #ff0000;\">Destiny<\/span> am 27.01.15\u00a0 6500 g 9 Wochen alt<\/strong> <a href=\"http:\/\/collies-vom-floersbachtal.de\/cms\/wp-content\/uploads\/2014\/11\/D-Wurf-9.Woche-Destiny11.jpg\"><img loading=\"lazy\" decoding=\"async\" class=\"aligncenter size-medium wp-image-12149\" title=\"D-Wurf 9.Woche Destiny1\" src=\"http:\/\/collies-vom-floersbachtal.de\/cms\/wp-content\/uploads\/2014\/11\/D-Wurf-9.Woche-Destiny11-300x192.jpg\" alt=\"\" width=\"300\" height=\"192\" srcset=\"https:\/\/collies-vom-floersbachtal.de\/cms\/wp-content\/uploads\/2014\/11\/D-Wurf-9.Woche-Destiny11-300x192.jpg 300w, https:\/\/collies-vom-floersbachtal.de\/cms\/wp-content\/uploads\/2014\/11\/D-Wurf-9.Woche-Destiny11.jpg 1000w\" sizes=\"auto, (max-width: 300px) 100vw, 300px\" \/><\/a><\/p>\n<p><strong><span style=\"color: #ff0000;\">6. Welpe<\/span> 18:56 Uhr, H\u00fcndin blue-merle, wf, Blesse, 310 g<\/strong>, <strong>MDR1 +\/+<\/strong><\/p>\n<p><strong><span style=\"color: #ff0000;\">vergeben und ausgezogen<\/span><\/strong><a href=\"http:\/\/collies-vom-floersbachtal.de\/cms\/wp-content\/uploads\/2014\/11\/D-Wurf-H\u00fcndin-Nr.6-blue-merle-Blesse2.jpg\"><img loading=\"lazy\" decoding=\"async\" class=\"aligncenter size-medium wp-image-10927\" title=\"D-Wurf H\u00fcndin Nr.6 blue-merle Blesse2\" src=\"http:\/\/collies-vom-floersbachtal.de\/cms\/wp-content\/uploads\/2014\/11\/D-Wurf-H\u00fcndin-Nr.6-blue-merle-Blesse2-256x300.jpg\" alt=\"\" width=\"256\" height=\"300\" srcset=\"https:\/\/collies-vom-floersbachtal.de\/cms\/wp-content\/uploads\/2014\/11\/D-Wurf-H\u00fcndin-Nr.6-blue-merle-Blesse2-256x300.jpg 256w, https:\/\/collies-vom-floersbachtal.de\/cms\/wp-content\/uploads\/2014\/11\/D-Wurf-H\u00fcndin-Nr.6-blue-merle-Blesse2-875x1024.jpg 875w, https:\/\/collies-vom-floersbachtal.de\/cms\/wp-content\/uploads\/2014\/11\/D-Wurf-H\u00fcndin-Nr.6-blue-merle-Blesse2.jpg 1000w\" sizes=\"auto, (max-width: 256px) 100vw, 256px\" \/><\/a><strong><span style=\"color: #ff0000;\">Dirty Dina<\/span>, Rufname: Dina am 02.12.14\u00a0 490 g<\/strong>\u00a0<strong> 1 Woche alt<\/strong><br \/>\n<a href=\"http:\/\/collies-vom-floersbachtal.de\/cms\/wp-content\/uploads\/2014\/11\/D-Wurf-H\u00fcndin-2.-Woche-Nr.6-blue-merle-Blesse1.jpg\"><img loading=\"lazy\" decoding=\"async\" class=\"aligncenter size-medium wp-image-11003\" title=\"D-Wurf H\u00fcndin 2. Woche Nr.6 blue-merle Blesse1\" src=\"http:\/\/collies-vom-floersbachtal.de\/cms\/wp-content\/uploads\/2014\/11\/D-Wurf-H\u00fcndin-2.-Woche-Nr.6-blue-merle-Blesse1-262x300.jpg\" alt=\"\" width=\"262\" height=\"300\" srcset=\"https:\/\/collies-vom-floersbachtal.de\/cms\/wp-content\/uploads\/2014\/11\/D-Wurf-H\u00fcndin-2.-Woche-Nr.6-blue-merle-Blesse1-262x300.jpg 262w, https:\/\/collies-vom-floersbachtal.de\/cms\/wp-content\/uploads\/2014\/11\/D-Wurf-H\u00fcndin-2.-Woche-Nr.6-blue-merle-Blesse1-895x1024.jpg 895w, https:\/\/collies-vom-floersbachtal.de\/cms\/wp-content\/uploads\/2014\/11\/D-Wurf-H\u00fcndin-2.-Woche-Nr.6-blue-merle-Blesse1.jpg 1000w\" sizes=\"auto, (max-width: 262px) 100vw, 262px\" \/><\/a><br \/>\n<span style=\"color: #ff0000;\">Dina<\/span>\u00a0 <strong>am 09.12.14\u00a0 780 g schwer\u00a0 2 Wochen alt<\/strong><a href=\"http:\/\/collies-vom-floersbachtal.de\/cms\/wp-content\/uploads\/2014\/11\/D-Wurf-3.Woche-Dina1.jpg\"><img loading=\"lazy\" decoding=\"async\" class=\"aligncenter size-medium wp-image-11139\" title=\"D-Wurf 3.Woche Dina1\" src=\"http:\/\/collies-vom-floersbachtal.de\/cms\/wp-content\/uploads\/2014\/11\/D-Wurf-3.Woche-Dina1-300x194.jpg\" alt=\"\" width=\"300\" height=\"194\" srcset=\"https:\/\/collies-vom-floersbachtal.de\/cms\/wp-content\/uploads\/2014\/11\/D-Wurf-3.Woche-Dina1-300x194.jpg 300w, https:\/\/collies-vom-floersbachtal.de\/cms\/wp-content\/uploads\/2014\/11\/D-Wurf-3.Woche-Dina1.jpg 1000w\" sizes=\"auto, (max-width: 300px) 100vw, 300px\" \/><\/a><span style=\"color: #ff0000;\">Dina<\/span> <strong>am 16.12.14 1210 g<\/strong>\u00a0\u00a0<strong> 3 Wochen alt<\/strong><br \/>\n<a href=\"http:\/\/collies-vom-floersbachtal.de\/cms\/wp-content\/uploads\/2014\/11\/D-Wurf-4.Woche-Dina1.jpg\"><img loading=\"lazy\" decoding=\"async\" class=\"aligncenter size-medium wp-image-11274\" title=\"D-Wurf 4.Woche Dina1\" src=\"http:\/\/collies-vom-floersbachtal.de\/cms\/wp-content\/uploads\/2014\/11\/D-Wurf-4.Woche-Dina1-300x167.jpg\" alt=\"\" width=\"300\" height=\"167\" srcset=\"https:\/\/collies-vom-floersbachtal.de\/cms\/wp-content\/uploads\/2014\/11\/D-Wurf-4.Woche-Dina1-300x167.jpg 300w, https:\/\/collies-vom-floersbachtal.de\/cms\/wp-content\/uploads\/2014\/11\/D-Wurf-4.Woche-Dina1.jpg 1000w\" sizes=\"auto, (max-width: 300px) 100vw, 300px\" \/><\/a><br \/>\n<strong><span style=\"color: #ff0000;\">Dina<\/span> am 23.12.14 1890 g\u00a0\u00a0 4 Wochen alt<\/strong><a href=\"http:\/\/collies-vom-floersbachtal.de\/cms\/wp-content\/uploads\/2014\/11\/D-Wurf-5.Woche-Dina1.jpg\"><img loading=\"lazy\" decoding=\"async\" class=\"aligncenter size-medium wp-image-11386\" title=\"D-Wurf 5.Woche Dina1\" src=\"http:\/\/collies-vom-floersbachtal.de\/cms\/wp-content\/uploads\/2014\/11\/D-Wurf-5.Woche-Dina1-300x292.jpg\" alt=\"\" width=\"300\" height=\"292\" srcset=\"https:\/\/collies-vom-floersbachtal.de\/cms\/wp-content\/uploads\/2014\/11\/D-Wurf-5.Woche-Dina1-300x292.jpg 300w, https:\/\/collies-vom-floersbachtal.de\/cms\/wp-content\/uploads\/2014\/11\/D-Wurf-5.Woche-Dina1.jpg 1000w\" sizes=\"auto, (max-width: 300px) 100vw, 300px\" \/><\/a><strong><span style=\"color: #ff0000;\">Dina<\/span> am 31.12.14\u00a0\u00a0 2700 g \u00a0 5 Wochen alt<\/strong> <a href=\"http:\/\/collies-vom-floersbachtal.de\/cms\/wp-content\/uploads\/2014\/11\/D-Wurf-6.Woche-Dina1.jpg\"><img loading=\"lazy\" decoding=\"async\" class=\"aligncenter size-medium wp-image-11522\" title=\"D-Wurf 6.Woche Dina1\" src=\"http:\/\/collies-vom-floersbachtal.de\/cms\/wp-content\/uploads\/2014\/11\/D-Wurf-6.Woche-Dina1-255x300.jpg\" alt=\"\" width=\"255\" height=\"300\" srcset=\"https:\/\/collies-vom-floersbachtal.de\/cms\/wp-content\/uploads\/2014\/11\/D-Wurf-6.Woche-Dina1-255x300.jpg 255w, https:\/\/collies-vom-floersbachtal.de\/cms\/wp-content\/uploads\/2014\/11\/D-Wurf-6.Woche-Dina1-870x1024.jpg 870w, https:\/\/collies-vom-floersbachtal.de\/cms\/wp-content\/uploads\/2014\/11\/D-Wurf-6.Woche-Dina1.jpg 1000w\" sizes=\"auto, (max-width: 255px) 100vw, 255px\" \/> <\/a><strong><span style=\"color: #ff0000;\">Dina<\/span> am 07.01.15\u00a0 3600 g 6 Wochen alt<\/strong><a href=\"http:\/\/collies-vom-floersbachtal.de\/cms\/wp-content\/uploads\/2014\/11\/D-Wurf-7.Woche-Dina4.jpg\"><img loading=\"lazy\" decoding=\"async\" class=\"aligncenter size-medium wp-image-11628\" title=\"D-Wurf 7.Woche Dina4\" src=\"http:\/\/collies-vom-floersbachtal.de\/cms\/wp-content\/uploads\/2014\/11\/D-Wurf-7.Woche-Dina4-293x300.jpg\" alt=\"\" width=\"293\" height=\"300\" srcset=\"https:\/\/collies-vom-floersbachtal.de\/cms\/wp-content\/uploads\/2014\/11\/D-Wurf-7.Woche-Dina4-293x300.jpg 293w, https:\/\/collies-vom-floersbachtal.de\/cms\/wp-content\/uploads\/2014\/11\/D-Wurf-7.Woche-Dina4.jpg 1000w\" sizes=\"auto, (max-width: 293px) 100vw, 293px\" \/><\/a><strong><span style=\"color: #ff0000;\">Dina<\/span> am 13.01.15\u00a0 4660 g\u00a0 7 Wochen alt<\/strong> <a href=\"http:\/\/collies-vom-floersbachtal.de\/cms\/wp-content\/uploads\/2014\/11\/D-Wurf-8.Woche-Dina1.jpg\"><img loading=\"lazy\" decoding=\"async\" class=\"aligncenter size-medium wp-image-11775\" title=\"D-Wurf 8.Woche Dina1\" src=\"http:\/\/collies-vom-floersbachtal.de\/cms\/wp-content\/uploads\/2014\/11\/D-Wurf-8.Woche-Dina1-300x261.jpg\" alt=\"\" width=\"300\" height=\"261\" srcset=\"https:\/\/collies-vom-floersbachtal.de\/cms\/wp-content\/uploads\/2014\/11\/D-Wurf-8.Woche-Dina1-300x261.jpg 300w, https:\/\/collies-vom-floersbachtal.de\/cms\/wp-content\/uploads\/2014\/11\/D-Wurf-8.Woche-Dina1.jpg 1000w\" sizes=\"auto, (max-width: 300px) 100vw, 300px\" \/><\/a><strong><span style=\"color: #ff0000;\">Dina<\/span> am 20.01.15\u00a0 5460 g 8 Wochen alt<\/strong><a href=\"http:\/\/collies-vom-floersbachtal.de\/cms\/wp-content\/uploads\/2014\/11\/D-Wurf-8.Woche-Dina21.jpg\"><img loading=\"lazy\" decoding=\"async\" class=\"aligncenter size-medium wp-image-11916\" title=\"D-Wurf 8.Woche Dina2\" src=\"http:\/\/collies-vom-floersbachtal.de\/cms\/wp-content\/uploads\/2014\/11\/D-Wurf-8.Woche-Dina21-300x285.jpg\" alt=\"\" width=\"300\" height=\"285\" srcset=\"https:\/\/collies-vom-floersbachtal.de\/cms\/wp-content\/uploads\/2014\/11\/D-Wurf-8.Woche-Dina21-300x285.jpg 300w, https:\/\/collies-vom-floersbachtal.de\/cms\/wp-content\/uploads\/2014\/11\/D-Wurf-8.Woche-Dina21.jpg 1000w\" sizes=\"auto, (max-width: 300px) 100vw, 300px\" \/><\/a><\/p>\n<p><strong><span style=\"color: #ff0000;\">7. Welpe<\/span> 20:50 Uhr, H\u00fcndin tricolor,\u00a0 260 g<\/strong>,<strong> MDR1 +\/+<\/strong>,\u00a0 <strong><span style=\"color: #ff0000;\">vergeben<\/span> <span style=\"color: #ff0000;\">und ausgezogen<\/span><\/strong><br \/>\n<a href=\"http:\/\/collies-vom-floersbachtal.de\/cms\/wp-content\/uploads\/2014\/11\/D-Wurf-R\u00fcde-Nr.7-trico1.jpg\"><img loading=\"lazy\" decoding=\"async\" class=\"aligncenter size-medium wp-image-10928\" title=\"D-Wurf R\u00fcde Nr.7  trico1\" src=\"http:\/\/collies-vom-floersbachtal.de\/cms\/wp-content\/uploads\/2014\/11\/D-Wurf-R\u00fcde-Nr.7-trico1-300x215.jpg\" alt=\"\" width=\"300\" height=\"215\" srcset=\"https:\/\/collies-vom-floersbachtal.de\/cms\/wp-content\/uploads\/2014\/11\/D-Wurf-R\u00fcde-Nr.7-trico1-300x215.jpg 300w, https:\/\/collies-vom-floersbachtal.de\/cms\/wp-content\/uploads\/2014\/11\/D-Wurf-R\u00fcde-Nr.7-trico1.jpg 1000w\" sizes=\"auto, (max-width: 300px) 100vw, 300px\" \/><\/a><strong><span style=\"color: #ff0000;\">Dark Dakota<\/span>, Rufname: Dakota am 02.12.14\u00a0 450 g<\/strong>\u00a0 <strong>1 Woche alt<\/strong><br \/>\n<a href=\"http:\/\/collies-vom-floersbachtal.de\/cms\/wp-content\/uploads\/2014\/11\/D-Wurf-R\u00fcde-2.Woche-Nr.7-trico2.jpg\"><img loading=\"lazy\" decoding=\"async\" class=\"aligncenter size-medium wp-image-11004\" title=\"D-Wurf R\u00fcde 2.Woche Nr.7  trico2\" src=\"http:\/\/collies-vom-floersbachtal.de\/cms\/wp-content\/uploads\/2014\/11\/D-Wurf-R\u00fcde-2.Woche-Nr.7-trico2-201x300.jpg\" alt=\"\" width=\"201\" height=\"300\" srcset=\"https:\/\/collies-vom-floersbachtal.de\/cms\/wp-content\/uploads\/2014\/11\/D-Wurf-R\u00fcde-2.Woche-Nr.7-trico2-201x300.jpg 201w, https:\/\/collies-vom-floersbachtal.de\/cms\/wp-content\/uploads\/2014\/11\/D-Wurf-R\u00fcde-2.Woche-Nr.7-trico2-686x1024.jpg 686w, https:\/\/collies-vom-floersbachtal.de\/cms\/wp-content\/uploads\/2014\/11\/D-Wurf-R\u00fcde-2.Woche-Nr.7-trico2.jpg 1000w\" sizes=\"auto, (max-width: 201px) 100vw, 201px\" \/><\/a><br \/>\n<strong><span style=\"color: #ff0000;\">Dakota<\/span> am 09.12.14 780 g schwer\u00a0 2 Wochen alt<\/strong><a href=\"http:\/\/collies-vom-floersbachtal.de\/cms\/wp-content\/uploads\/2014\/11\/D-Wurf-3.Woche-Dakotah1.jpg\"><img loading=\"lazy\" decoding=\"async\" class=\"aligncenter size-medium wp-image-11140\" title=\"D-Wurf 3.Woche Dakotah1\" src=\"http:\/\/collies-vom-floersbachtal.de\/cms\/wp-content\/uploads\/2014\/11\/D-Wurf-3.Woche-Dakotah1-300x127.jpg\" alt=\"\" width=\"300\" height=\"127\" srcset=\"https:\/\/collies-vom-floersbachtal.de\/cms\/wp-content\/uploads\/2014\/11\/D-Wurf-3.Woche-Dakotah1-300x127.jpg 300w, https:\/\/collies-vom-floersbachtal.de\/cms\/wp-content\/uploads\/2014\/11\/D-Wurf-3.Woche-Dakotah1.jpg 1000w\" sizes=\"auto, (max-width: 300px) 100vw, 300px\" \/><\/a><strong><span style=\"color: #ff0000;\">Dakota<\/span> am 16.12.14 1200 g<\/strong>\u00a0<strong> 3 Wochen alt<\/strong><br \/>\n<a href=\"http:\/\/collies-vom-floersbachtal.de\/cms\/wp-content\/uploads\/2014\/11\/D-Wurf-4.Woche-Dakotah1.jpg\"><img loading=\"lazy\" decoding=\"async\" class=\"aligncenter size-medium wp-image-11275\" title=\"D-Wurf 4.Woche Dakotah1\" src=\"http:\/\/collies-vom-floersbachtal.de\/cms\/wp-content\/uploads\/2014\/11\/D-Wurf-4.Woche-Dakotah1-300x288.jpg\" alt=\"\" width=\"300\" height=\"288\" srcset=\"https:\/\/collies-vom-floersbachtal.de\/cms\/wp-content\/uploads\/2014\/11\/D-Wurf-4.Woche-Dakotah1-300x288.jpg 300w, https:\/\/collies-vom-floersbachtal.de\/cms\/wp-content\/uploads\/2014\/11\/D-Wurf-4.Woche-Dakotah1.jpg 1000w\" sizes=\"auto, (max-width: 300px) 100vw, 300px\" \/><\/a><strong><span style=\"color: #ff0000;\">Dakota<\/span> am 23.12.14\u00a0 1760 g\u00a0 4 Wochen alt<\/strong><a href=\"http:\/\/collies-vom-floersbachtal.de\/cms\/wp-content\/uploads\/2014\/11\/D-Wurf-5.Woche-Dakotah1.jpg\"><img loading=\"lazy\" decoding=\"async\" class=\"aligncenter size-medium wp-image-11387\" title=\"D-Wurf 5.Woche Dakotah1\" src=\"http:\/\/collies-vom-floersbachtal.de\/cms\/wp-content\/uploads\/2014\/11\/D-Wurf-5.Woche-Dakotah1-300x255.jpg\" alt=\"\" width=\"300\" height=\"255\" srcset=\"https:\/\/collies-vom-floersbachtal.de\/cms\/wp-content\/uploads\/2014\/11\/D-Wurf-5.Woche-Dakotah1-300x255.jpg 300w, https:\/\/collies-vom-floersbachtal.de\/cms\/wp-content\/uploads\/2014\/11\/D-Wurf-5.Woche-Dakotah1.jpg 1000w\" sizes=\"auto, (max-width: 300px) 100vw, 300px\" \/><\/a><strong><span style=\"color: #ff0000;\">Dakota<\/span> am 31.12.14\u00a0 2790 g\u00a0\u00a0 5 Wochen alt<\/strong><a href=\"http:\/\/collies-vom-floersbachtal.de\/cms\/wp-content\/uploads\/2014\/11\/D-Wurf-6.Woche-Dakotah1.jpg\"><img loading=\"lazy\" decoding=\"async\" class=\"aligncenter size-medium wp-image-11523\" title=\"D-Wurf 6.Woche Dakotah1\" src=\"http:\/\/collies-vom-floersbachtal.de\/cms\/wp-content\/uploads\/2014\/11\/D-Wurf-6.Woche-Dakotah1-227x300.jpg\" alt=\"\" width=\"227\" height=\"300\" srcset=\"https:\/\/collies-vom-floersbachtal.de\/cms\/wp-content\/uploads\/2014\/11\/D-Wurf-6.Woche-Dakotah1-227x300.jpg 227w, https:\/\/collies-vom-floersbachtal.de\/cms\/wp-content\/uploads\/2014\/11\/D-Wurf-6.Woche-Dakotah1-778x1024.jpg 778w, https:\/\/collies-vom-floersbachtal.de\/cms\/wp-content\/uploads\/2014\/11\/D-Wurf-6.Woche-Dakotah1.jpg 1000w\" sizes=\"auto, (max-width: 227px) 100vw, 227px\" \/><\/a><strong><span style=\"color: #ff0000;\">Dakota<\/span> am 07.01.15\u00a0 3570 g 6 Wochen alt<\/strong><a href=\"http:\/\/collies-vom-floersbachtal.de\/cms\/wp-content\/uploads\/2014\/11\/D-Wurf-7.Woche-Dakotah1.jpg\"><img loading=\"lazy\" decoding=\"async\" class=\"aligncenter size-medium wp-image-11629\" title=\"D-Wurf 7.Woche Dakotah1\" src=\"http:\/\/collies-vom-floersbachtal.de\/cms\/wp-content\/uploads\/2014\/11\/D-Wurf-7.Woche-Dakotah1-275x300.jpg\" alt=\"\" width=\"275\" height=\"300\" srcset=\"https:\/\/collies-vom-floersbachtal.de\/cms\/wp-content\/uploads\/2014\/11\/D-Wurf-7.Woche-Dakotah1-275x300.jpg 275w, https:\/\/collies-vom-floersbachtal.de\/cms\/wp-content\/uploads\/2014\/11\/D-Wurf-7.Woche-Dakotah1-942x1024.jpg 942w, https:\/\/collies-vom-floersbachtal.de\/cms\/wp-content\/uploads\/2014\/11\/D-Wurf-7.Woche-Dakotah1.jpg 1000w\" sizes=\"auto, (max-width: 275px) 100vw, 275px\" \/><\/a><strong><span style=\"color: #ff0000;\">Dakota<\/span> am 13.01.15\u00a0 4650 g 7 Wochen alt<\/strong> <a href=\"http:\/\/collies-vom-floersbachtal.de\/cms\/wp-content\/uploads\/2014\/11\/D-Wurf-8.Woche-Dakota1.jpg\"><img loading=\"lazy\" decoding=\"async\" class=\"aligncenter size-medium wp-image-11776\" title=\"D-Wurf 8.Woche Dakota1\" src=\"http:\/\/collies-vom-floersbachtal.de\/cms\/wp-content\/uploads\/2014\/11\/D-Wurf-8.Woche-Dakota1-300x262.jpg\" alt=\"\" width=\"300\" height=\"262\" srcset=\"https:\/\/collies-vom-floersbachtal.de\/cms\/wp-content\/uploads\/2014\/11\/D-Wurf-8.Woche-Dakota1-300x262.jpg 300w, https:\/\/collies-vom-floersbachtal.de\/cms\/wp-content\/uploads\/2014\/11\/D-Wurf-8.Woche-Dakota1.jpg 1000w\" sizes=\"auto, (max-width: 300px) 100vw, 300px\" \/><\/a><strong><span style=\"color: #ff0000;\">Dakota\u00a0 <\/span>am 20.01.15 5640 g 8 Wochen alt<\/strong><a href=\"http:\/\/collies-vom-floersbachtal.de\/cms\/wp-content\/uploads\/2014\/11\/D-Wurf-8.Woche-Dakota2.jpg\"><img loading=\"lazy\" decoding=\"async\" class=\"aligncenter size-medium wp-image-11918\" title=\"D-Wurf 8.Woche Dakota2\" src=\"http:\/\/collies-vom-floersbachtal.de\/cms\/wp-content\/uploads\/2014\/11\/D-Wurf-8.Woche-Dakota2-300x264.jpg\" alt=\"\" width=\"300\" height=\"264\" srcset=\"https:\/\/collies-vom-floersbachtal.de\/cms\/wp-content\/uploads\/2014\/11\/D-Wurf-8.Woche-Dakota2-300x264.jpg 300w, https:\/\/collies-vom-floersbachtal.de\/cms\/wp-content\/uploads\/2014\/11\/D-Wurf-8.Woche-Dakota2.jpg 512w\" sizes=\"auto, (max-width: 300px) 100vw, 300px\" \/><\/a><\/p>\n<p><strong><span style=\"color: #ff0000;\">8. Welpe<\/span> 21:25 Uhr, R\u00fcde blue-merle, wf,\u00a0 250 g<\/strong>, <strong>MDR1 +\/-<\/strong><br \/>\n<strong><span style=\"color: #ff0000;\">vergeben und ausgezogen<\/span><\/strong><a href=\"http:\/\/collies-vom-floersbachtal.de\/cms\/wp-content\/uploads\/2014\/11\/D-Wurf-R\u00fcde-Nr.8-blue-merle2.jpg\"><img loading=\"lazy\" decoding=\"async\" class=\"aligncenter size-medium wp-image-10931\" title=\"D-Wurf R\u00fcde Nr.8 blue-merle2\" src=\"http:\/\/collies-vom-floersbachtal.de\/cms\/wp-content\/uploads\/2014\/11\/D-Wurf-R\u00fcde-Nr.8-blue-merle2-300x227.jpg\" alt=\"\" width=\"300\" height=\"227\" srcset=\"https:\/\/collies-vom-floersbachtal.de\/cms\/wp-content\/uploads\/2014\/11\/D-Wurf-R\u00fcde-Nr.8-blue-merle2-300x227.jpg 300w, https:\/\/collies-vom-floersbachtal.de\/cms\/wp-content\/uploads\/2014\/11\/D-Wurf-R\u00fcde-Nr.8-blue-merle2.jpg 1000w\" sizes=\"auto, (max-width: 300px) 100vw, 300px\" \/><\/a><strong><span style=\"color: #ff0000;\">Deep Ocean<\/span>, Rufname Ocean am 02.12.14\u00a0 430 g<\/strong>\u00a0<strong>\u00a0 1Woche alt<\/strong><br \/>\n<a href=\"http:\/\/collies-vom-floersbachtal.de\/cms\/wp-content\/uploads\/2014\/11\/D-Wurf-R\u00fcde-2.Woche-Nr.8-blue-merle2.jpg\"><img loading=\"lazy\" decoding=\"async\" class=\"aligncenter size-medium wp-image-11005\" title=\"D-Wurf R\u00fcde 2.Woche Nr.8 blue-merle2\" src=\"http:\/\/collies-vom-floersbachtal.de\/cms\/wp-content\/uploads\/2014\/11\/D-Wurf-R\u00fcde-2.Woche-Nr.8-blue-merle2-230x300.jpg\" alt=\"\" width=\"230\" height=\"300\" srcset=\"https:\/\/collies-vom-floersbachtal.de\/cms\/wp-content\/uploads\/2014\/11\/D-Wurf-R\u00fcde-2.Woche-Nr.8-blue-merle2-230x300.jpg 230w, https:\/\/collies-vom-floersbachtal.de\/cms\/wp-content\/uploads\/2014\/11\/D-Wurf-R\u00fcde-2.Woche-Nr.8-blue-merle2-787x1024.jpg 787w, https:\/\/collies-vom-floersbachtal.de\/cms\/wp-content\/uploads\/2014\/11\/D-Wurf-R\u00fcde-2.Woche-Nr.8-blue-merle2.jpg 1000w\" sizes=\"auto, (max-width: 230px) 100vw, 230px\" \/><\/a><br \/>\n<strong><span style=\"color: #ff0000;\">Ocean<\/span> am 09.12.14\u00a0 770 g schwer\u00a0 2 Wochen alt<\/strong><a href=\"http:\/\/collies-vom-floersbachtal.de\/cms\/wp-content\/uploads\/2014\/11\/D-Wurf-3.Woche-Ocean2.jpg\"><img loading=\"lazy\" decoding=\"async\" class=\"aligncenter size-medium wp-image-11141\" title=\"D-Wurf 3.Woche Ocean2\" src=\"http:\/\/collies-vom-floersbachtal.de\/cms\/wp-content\/uploads\/2014\/11\/D-Wurf-3.Woche-Ocean2-300x163.jpg\" alt=\"\" width=\"300\" height=\"163\" srcset=\"https:\/\/collies-vom-floersbachtal.de\/cms\/wp-content\/uploads\/2014\/11\/D-Wurf-3.Woche-Ocean2-300x163.jpg 300w, https:\/\/collies-vom-floersbachtal.de\/cms\/wp-content\/uploads\/2014\/11\/D-Wurf-3.Woche-Ocean2.jpg 1000w\" sizes=\"auto, (max-width: 300px) 100vw, 300px\" \/><\/a><span style=\"color: #ff0000;\">Ocean<\/span> <strong>am 16.12.14 1220 g<\/strong>\u00a0\u00a0 <strong>3 Wochen alt<\/strong><br \/>\n<a href=\"http:\/\/collies-vom-floersbachtal.de\/cms\/wp-content\/uploads\/2014\/11\/D-Wurf-4.Woche-Ocean2.jpg\"><img loading=\"lazy\" decoding=\"async\" class=\"aligncenter size-medium wp-image-11276\" title=\"D-Wurf 4.Woche Ocean2\" src=\"http:\/\/collies-vom-floersbachtal.de\/cms\/wp-content\/uploads\/2014\/11\/D-Wurf-4.Woche-Ocean2-300x209.jpg\" alt=\"\" width=\"300\" height=\"209\" srcset=\"https:\/\/collies-vom-floersbachtal.de\/cms\/wp-content\/uploads\/2014\/11\/D-Wurf-4.Woche-Ocean2-300x209.jpg 300w, https:\/\/collies-vom-floersbachtal.de\/cms\/wp-content\/uploads\/2014\/11\/D-Wurf-4.Woche-Ocean2.jpg 1000w\" sizes=\"auto, (max-width: 300px) 100vw, 300px\" \/><\/a><strong><span style=\"color: #ff0000;\">Ocean<\/span> am 23.12.14 1810 g\u00a0\u00a0 4 Wochen alt<\/strong><a href=\"http:\/\/collies-vom-floersbachtal.de\/cms\/wp-content\/uploads\/2014\/11\/D-Wurf-5.Woche-Ocean1.jpg\"><img loading=\"lazy\" decoding=\"async\" class=\"aligncenter size-medium wp-image-11388\" title=\"D-Wurf 5.Woche Ocean1\" src=\"http:\/\/collies-vom-floersbachtal.de\/cms\/wp-content\/uploads\/2014\/11\/D-Wurf-5.Woche-Ocean1-300x300.jpg\" alt=\"\" width=\"300\" height=\"300\" srcset=\"https:\/\/collies-vom-floersbachtal.de\/cms\/wp-content\/uploads\/2014\/11\/D-Wurf-5.Woche-Ocean1-300x300.jpg 300w, https:\/\/collies-vom-floersbachtal.de\/cms\/wp-content\/uploads\/2014\/11\/D-Wurf-5.Woche-Ocean1-150x150.jpg 150w, https:\/\/collies-vom-floersbachtal.de\/cms\/wp-content\/uploads\/2014\/11\/D-Wurf-5.Woche-Ocean1.jpg 1000w\" sizes=\"auto, (max-width: 300px) 100vw, 300px\" \/><\/a><strong><span style=\"color: #ff0000;\">Ocean<\/span> am 31.12.14\u00a0 2660 g \u00a0 5 wochen alt<\/strong> <a href=\"http:\/\/collies-vom-floersbachtal.de\/cms\/wp-content\/uploads\/2014\/11\/D-Wurf-6.Woche-Ocean1.jpg\"><img loading=\"lazy\" decoding=\"async\" class=\"aligncenter size-medium wp-image-11524\" title=\"D-Wurf 6.Woche Ocean1\" src=\"http:\/\/collies-vom-floersbachtal.de\/cms\/wp-content\/uploads\/2014\/11\/D-Wurf-6.Woche-Ocean1-246x300.jpg\" alt=\"\" width=\"246\" height=\"300\" srcset=\"https:\/\/collies-vom-floersbachtal.de\/cms\/wp-content\/uploads\/2014\/11\/D-Wurf-6.Woche-Ocean1-246x300.jpg 246w, https:\/\/collies-vom-floersbachtal.de\/cms\/wp-content\/uploads\/2014\/11\/D-Wurf-6.Woche-Ocean1-842x1024.jpg 842w, https:\/\/collies-vom-floersbachtal.de\/cms\/wp-content\/uploads\/2014\/11\/D-Wurf-6.Woche-Ocean1.jpg 1000w\" sizes=\"auto, (max-width: 246px) 100vw, 246px\" \/><\/a><strong><span style=\"color: #ff0000;\">Ocean<\/span> am 07.01.15\u00a0 3600 g 6 Wochen alt<\/strong><a href=\"http:\/\/collies-vom-floersbachtal.de\/cms\/wp-content\/uploads\/2014\/11\/D-Wurf-7.Woche-Ocean1.jpg\"><img loading=\"lazy\" decoding=\"async\" class=\"aligncenter size-medium wp-image-11630\" title=\"D-Wurf 7.Woche Ocean1\" src=\"http:\/\/collies-vom-floersbachtal.de\/cms\/wp-content\/uploads\/2014\/11\/D-Wurf-7.Woche-Ocean1-300x281.jpg\" alt=\"\" width=\"300\" height=\"281\" srcset=\"https:\/\/collies-vom-floersbachtal.de\/cms\/wp-content\/uploads\/2014\/11\/D-Wurf-7.Woche-Ocean1-300x281.jpg 300w, https:\/\/collies-vom-floersbachtal.de\/cms\/wp-content\/uploads\/2014\/11\/D-Wurf-7.Woche-Ocean1.jpg 1000w\" sizes=\"auto, (max-width: 300px) 100vw, 300px\" \/><\/a><strong><span style=\"color: #ff0000;\">Ocean<\/span> am 13.01.15\u00a0 4610 g\u00a0 7 Wochen alt<\/strong> <a href=\"http:\/\/collies-vom-floersbachtal.de\/cms\/wp-content\/uploads\/2014\/11\/D-Wurf-8.Woche-Ocean-im-Garten2.jpg\"><img loading=\"lazy\" decoding=\"async\" class=\"aligncenter size-medium wp-image-11777\" title=\"D-Wurf 8.Woche Ocean im Garten2\" src=\"http:\/\/collies-vom-floersbachtal.de\/cms\/wp-content\/uploads\/2014\/11\/D-Wurf-8.Woche-Ocean-im-Garten2-300x295.jpg\" alt=\"\" width=\"300\" height=\"295\" srcset=\"https:\/\/collies-vom-floersbachtal.de\/cms\/wp-content\/uploads\/2014\/11\/D-Wurf-8.Woche-Ocean-im-Garten2-300x295.jpg 300w, https:\/\/collies-vom-floersbachtal.de\/cms\/wp-content\/uploads\/2014\/11\/D-Wurf-8.Woche-Ocean-im-Garten2.jpg 1000w\" sizes=\"auto, (max-width: 300px) 100vw, 300px\" \/><\/a><strong><span style=\"color: #ff0000;\">Ocean<\/span>\u00a0 am 19.01.15\u00a0 5210 g 8 Wochen alt<\/strong><a href=\"http:\/\/collies-vom-floersbachtal.de\/cms\/wp-content\/uploads\/2014\/11\/D-wurf-8.Woche-Ocean21.jpg\"><img loading=\"lazy\" decoding=\"async\" class=\"aligncenter size-medium wp-image-11920\" title=\"D-wurf 8.Woche Ocean2\" src=\"http:\/\/collies-vom-floersbachtal.de\/cms\/wp-content\/uploads\/2014\/11\/D-wurf-8.Woche-Ocean21-300x273.jpg\" alt=\"\" width=\"300\" height=\"273\" srcset=\"https:\/\/collies-vom-floersbachtal.de\/cms\/wp-content\/uploads\/2014\/11\/D-wurf-8.Woche-Ocean21-300x273.jpg 300w, https:\/\/collies-vom-floersbachtal.de\/cms\/wp-content\/uploads\/2014\/11\/D-wurf-8.Woche-Ocean21.jpg 1000w\" sizes=\"auto, (max-width: 300px) 100vw, 300px\" \/><\/a><\/p>\n<p><a href=\"http:\/\/collies-vom-floersbachtal.de\/cms\/wp-content\/uploads\/2014\/11\/D-Wurf-sable-merle-1.jpg\"><img loading=\"lazy\" decoding=\"async\" class=\"aligncenter size-medium wp-image-10932\" title=\"D-Wurf sable-merle 1\" src=\"http:\/\/collies-vom-floersbachtal.de\/cms\/wp-content\/uploads\/2014\/11\/D-Wurf-sable-merle-1-185x300.jpg\" alt=\"\" width=\"185\" height=\"300\" srcset=\"https:\/\/collies-vom-floersbachtal.de\/cms\/wp-content\/uploads\/2014\/11\/D-Wurf-sable-merle-1-185x300.jpg 185w, https:\/\/collies-vom-floersbachtal.de\/cms\/wp-content\/uploads\/2014\/11\/D-Wurf-sable-merle-1-634x1024.jpg 634w\" sizes=\"auto, (max-width: 185px) 100vw, 185px\" \/><\/a><\/p>\n<p><a href=\"http:\/\/collies-vom-floersbachtal.de\/cms\/wp-content\/uploads\/2014\/11\/D-wurf-6-noch-ganz-na\u00df2.jpg\"><img loading=\"lazy\" decoding=\"async\" class=\"aligncenter size-medium wp-image-10934\" title=\"D-wurf  6 noch ganz na\u00df2\" src=\"http:\/\/collies-vom-floersbachtal.de\/cms\/wp-content\/uploads\/2014\/11\/D-wurf-6-noch-ganz-na\u00df2-300x191.jpg\" alt=\"\" width=\"300\" height=\"191\" srcset=\"https:\/\/collies-vom-floersbachtal.de\/cms\/wp-content\/uploads\/2014\/11\/D-wurf-6-noch-ganz-na\u00df2-300x191.jpg 300w, https:\/\/collies-vom-floersbachtal.de\/cms\/wp-content\/uploads\/2014\/11\/D-wurf-6-noch-ganz-na\u00df2.jpg 1000w\" sizes=\"auto, (max-width: 300px) 100vw, 300px\" \/><\/a> noch ganz na\u00df<\/p>\n<p><a href=\"http:\/\/collies-vom-floersbachtal.de\/cms\/wp-content\/uploads\/2014\/11\/D-Wurf-Welpe-Nr.7-trico1.jpg\"><img loading=\"lazy\" decoding=\"async\" class=\"aligncenter size-medium wp-image-10939\" title=\"D-Wurf Welpe Nr.7 trico1\" src=\"http:\/\/collies-vom-floersbachtal.de\/cms\/wp-content\/uploads\/2014\/11\/D-Wurf-Welpe-Nr.7-trico1-300x189.jpg\" alt=\"\" width=\"300\" height=\"189\" srcset=\"https:\/\/collies-vom-floersbachtal.de\/cms\/wp-content\/uploads\/2014\/11\/D-Wurf-Welpe-Nr.7-trico1-300x189.jpg 300w, https:\/\/collies-vom-floersbachtal.de\/cms\/wp-content\/uploads\/2014\/11\/D-Wurf-Welpe-Nr.7-trico1.jpg 1000w\" sizes=\"auto, (max-width: 300px) 100vw, 300px\" \/><\/a> sehns\u00fcchtig erwartet, trico hatte noch gefehlt \ud83d\ude09<br \/>\n<a href=\"http:\/\/collies-vom-floersbachtal.de\/cms\/wp-content\/uploads\/2014\/11\/D-Wurf-der-Letzte-R\u00fcde1.jpg\"><img loading=\"lazy\" decoding=\"async\" class=\"aligncenter size-medium wp-image-10938\" title=\"D-Wurf der Letzte R\u00fcde1\" src=\"http:\/\/collies-vom-floersbachtal.de\/cms\/wp-content\/uploads\/2014\/11\/D-Wurf-der-Letzte-R\u00fcde1-253x300.jpg\" alt=\"\" width=\"253\" height=\"300\" srcset=\"https:\/\/collies-vom-floersbachtal.de\/cms\/wp-content\/uploads\/2014\/11\/D-Wurf-der-Letzte-R\u00fcde1-253x300.jpg 253w, https:\/\/collies-vom-floersbachtal.de\/cms\/wp-content\/uploads\/2014\/11\/D-Wurf-der-Letzte-R\u00fcde1-866x1024.jpg 866w, https:\/\/collies-vom-floersbachtal.de\/cms\/wp-content\/uploads\/2014\/11\/D-Wurf-der-Letzte-R\u00fcde1.jpg 1000w\" sizes=\"auto, (max-width: 253px) 100vw, 253px\" \/><\/a> Der letzte Herr an diesem Abend \ud83d\ude09<\/p>\n","protected":false},"excerpt":{"rendered":"<p>Alle Welpen haben ein sch\u00f6nes neues Zuhause gefunden! Wir bedanken uns als Z\u00fcchter nochmals bei allen Welpenk\u00e4ufer f\u00fcr das uns entgegen-gebrachte Vertrauen. Und w\u00fcnschen viel Spa\u00df und Freunde, sowie Gesundheit und ein langes Leben mit den kleinen Langnasen. Yuipi , &hellip; <a href=\"https:\/\/collies-vom-floersbachtal.de\/?page_id=10910\">Weiterlesen <span class=\"meta-nav\">&rarr;<\/span><\/a><\/p>\n","protected":false},"author":1,"featured_media":0,"parent":0,"menu_order":0,"comment_status":"open","ping_status":"open","template":"","meta":{"footnotes":""},"class_list":["post-10910","page","type-page","status-publish","hentry"],"_links":{"self":[{"href":"https:\/\/collies-vom-floersbachtal.de\/index.php?rest_route=\/wp\/v2\/pages\/10910","targetHints":{"allow":["GET"]}}],"collection":[{"href":"https:\/\/collies-vom-floersbachtal.de\/index.php?rest_route=\/wp\/v2\/pages"}],"about":[{"href":"https:\/\/collies-vom-floersbachtal.de\/index.php?rest_route=\/wp\/v2\/types\/page"}],"author":[{"embeddable":true,"href":"https:\/\/collies-vom-floersbachtal.de\/index.php?rest_route=\/wp\/v2\/users\/1"}],"replies":[{"embeddable":true,"href":"https:\/\/collies-vom-floersbachtal.de\/index.php?rest_route=%2Fwp%2Fv2%2Fcomments&post=10910"}],"version-history":[{"count":89,"href":"https:\/\/collies-vom-floersbachtal.de\/index.php?rest_route=\/wp\/v2\/pages\/10910\/revisions"}],"predecessor-version":[{"id":30228,"href":"https:\/\/collies-vom-floersbachtal.de\/index.php?rest_route=\/wp\/v2\/pages\/10910\/revisions\/30228"}],"wp:attachment":[{"href":"https:\/\/collies-vom-floersbachtal.de\/index.php?rest_route=%2Fwp%2Fv2%2Fmedia&parent=10910"}],"curies":[{"name":"wp","href":"https:\/\/api.w.org\/{rel}","templated":true}]}}